{"id":10655,"date":"2013-10-04T21:58:53","date_gmt":"2013-10-04T19:58:53","guid":{"rendered":"https:\/\/opistobranquis.info\/?page_id=10655"},"modified":"2020-12-12T10:33:31","modified_gmt":"2020-12-12T09:33:31","slug":"calma-gobioophaga","status":"publish","type":"page","link":"https:\/\/opistobranquis.info\/ca\/guia\/nudibranchia\/cladobranchia\/fionoidea\/calma-gobioophaga\/","title":{"rendered":"Calma gobioophaga"},"content":{"rendered":"<p><\/p>\n<h3><em>Calma gobioophaga<\/em> Calado &amp; Urgorri, 2002<\/h3>\n<p><span style=\"font-size:10pt;\" class=\"aligncenter\"><div id=\"featured-img-id\"><img data-recalc-dims=\"1\" decoding=\"async\" src=\"https:\/\/i0.wp.com\/opistobranquis.info\/wp-content\/uploads\/2013\/10\/Calma-gobioophaga-03.jpg?w=900&#038;ssl=1\" alt=\"Calma gobioophaga by Enric madrenas\" \/><\/div><center><em>Calma gobioophaga<\/em> per Enric Madrenas<\/center><\/span><p><\/p><div class=\"opk-worms\"><h3>Informaci\u00f3 taxon\u00f2mica WoRMS<\/h3><div class=\"opk-success\">Nom acceptat actual: <strong><em>Calma gobioophaga<\/em> Calado &amp; Urgorri, 2002<\/strong><\/div><h4>Classificaci\u00f3 actual<\/h4><table class=\"widefat striped\"><tr><th>Superdomain<\/th><td><a target=\"_blank\" href=\"https:\/\/www.marinespecies.org\/aphia.php?p=taxdetails&id=1\">Biota<\/a><\/td><\/tr><tr><th>Kingdom<\/th><td><a target=\"_blank\" href=\"https:\/\/www.marinespecies.org\/aphia.php?p=taxdetails&id=2\">Animalia<\/a><\/td><\/tr><tr><th>Phylum<\/th><td><a target=\"_blank\" href=\"https:\/\/www.marinespecies.org\/aphia.php?p=taxdetails&id=51\">Mollusca<\/a><\/td><\/tr><tr><th>Class<\/th><td><a target=\"_blank\" href=\"https:\/\/www.marinespecies.org\/aphia.php?p=taxdetails&id=101\">Gastropoda<\/a><\/td><\/tr><tr><th>Subclass<\/th><td><a target=\"_blank\" href=\"https:\/\/www.marinespecies.org\/aphia.php?p=taxdetails&id=14712\">Heterobranchia<\/a><\/td><\/tr><tr><th>Infraclass<\/th><td><a target=\"_blank\" href=\"https:\/\/www.marinespecies.org\/aphia.php?p=taxdetails&id=1057247\">Euthyneura<\/a><\/td><\/tr><tr><th>Subterclass<\/th><td><a target=\"_blank\" href=\"https:\/\/www.marinespecies.org\/aphia.php?p=taxdetails&id=1057249\">Ringipleura<\/a><\/td><\/tr><tr><th>Superorder<\/th><td><a target=\"_blank\" href=\"https:\/\/www.marinespecies.org\/aphia.php?p=taxdetails&id=411966\">Nudipleura<\/a><\/td><\/tr><tr><th>Order<\/th><td><a target=\"_blank\" href=\"https:\/\/www.marinespecies.org\/aphia.php?p=taxdetails&id=1762\">Nudibranchia<\/a><\/td><\/tr><tr><th>Suborder<\/th><td><a target=\"_blank\" href=\"https:\/\/www.marinespecies.org\/aphia.php?p=taxdetails&id=827889\">Cladobranchia<\/a><\/td><\/tr><tr><th>Superfamily<\/th><td><a target=\"_blank\" href=\"https:\/\/www.marinespecies.org\/aphia.php?p=taxdetails&id=412646\">Fionoidea<\/a><\/td><\/tr><tr><th>Family<\/th><td><a target=\"_blank\" href=\"https:\/\/www.marinespecies.org\/aphia.php?p=taxdetails&id=22996\">Calmidae<\/a><\/td><\/tr><tr><th>Genus<\/th><td><a target=\"_blank\" href=\"https:\/\/www.marinespecies.org\/aphia.php?p=taxdetails&id=137720\"><em>Calma<\/em><\/a><\/td><\/tr><tr><th>Species<\/th><td><a target=\"_blank\" href=\"https:\/\/www.marinespecies.org\/aphia.php?p=taxdetails&id=181241\"><em>Calma gobioophaga<\/em> Calado &amp; Urgorri, 2002<\/a><\/td><\/tr><\/table><p class=\"footer\">Classificaci\u00f3 proporcionada pel World Register of Marine Species (WoRMS). [<a target=\"_blank\" href=\"https:\/\/www.marinespecies.org\/aphia.php?p=taxdetails&id=181241\">181241<\/a>]<\/p><\/div><p><strong>Nota taxon\u00f2mica<\/strong>: Les an\u00e0lisis filogen\u00e8tiques realitzades per Cella et al. (2016) van revelar que la fam\u00edlia Tergipedidae tradicional \u00e9s polifil\u00e9tica i pertany a un clade monofil\u00e8tic m\u00e9s gran que inclou membres de les fam\u00edlies tradicionals Eubranchidae, Fionidae i Calmidae; aquest va ser un resultat inesperat, ja que la validesa d\u00b4aquests taxons i la seva distinci\u00f3 dels Tergipedidae mai havia estat q\u00fcestionada abans. Es proposa unir les fam\u00edlies Tergipedidae, Eubranchidae, Calmidae i Fionidae sota el nom de Fionidae. Aquesta decisi\u00f3 ha estat reinterpretada i completada en el treball de Korshunova et al. (2017) perqu\u00e8 obviava aspectes morfol\u00f2gics i moleculars evidents.<\/p><em>Calma gobioophaga<\/em> ha estat recentment descrita, basant-se en exemplars capturats a les costes de Portugal (Calado &amp; Urgorri, 2002). Fins al moment de la seva descripci\u00f3 l&#8217;\u00fanica altra esp\u00e8cie del g\u00e8nere <em>Calma <\/em>coneguda a nivell mundial era <em>C. glaucoides<\/em> una esp\u00e8cie estrictament europea coneguda des de 1854 i descrita per Alder &amp; Hancock com <em>Eolis glaucoides<\/em>, que havia estat citada tant a les costes atl\u00e0ntiques com mediterr\u00e0nies. L&#8217;estudi dels exemplars de les costes portugueses ha perm\u00e8s diferenciar en el g\u00e8nere <em>Calma<\/em> dues esp\u00e8cies <em>simp\u00e0triques<\/em> que coexisteixen en la mateixa \u00e0rea de distribuci\u00f3 i viuen al mateix h\u00e0bitat: <em>C. glaucoides <\/em>i <em>C. gobioophaga<\/em>. Calado &amp; Urgorri (2002) indiquen les principals difer\u00e8ncies entre les dues esp\u00e8cies, entre les quals destaquen els tentacles propodials m\u00e9s llargs en <em>gobioophaga<\/em>, els ulls, m\u00e9s grans i situats immediatament darrere de la base dels rin\u00f2fors en <em>gobioophaga<\/em> (m\u00e9s petits i situats m\u00e9s enrere de la base dels rin\u00f2fors en <em>glaucoides<\/em>), rony\u00f3 situat entre el segon i l&#8217;\u00faltim grup de cerates a <em>gobioophaga<\/em> (entre el segon i cinqu\u00e8 o sis\u00e8 grup de cerates en <em>glaucoides<\/em>), mida una mica m\u00e9s petita dels ous en <em>gobioophaga<\/em>, alimentaci\u00f3 d&#8217;ous de <em>Gobius niger<\/em> en <em>gobioophaga<\/em> (ous de <em>Lepadogaster lepadogaster<\/em>, <em>L. purpurea<\/em>, <em>L. candollei<\/em>, <em>Parablennius gattorugine<\/em> o <em>P. pilicornis <\/em>en <em>glaucoides<\/em>). Molt recentment Prkic et al.(2014) han localitzat nombrosos exemplars de <em>C. gobioophaga<\/em> a les costes de Cro\u00e0cia que resulten ser la primera cita segura de l&#8217;esp\u00e8cie en el Mar Mediterrani; aquests autors realitzen a m\u00e9s un estudi molecular (gens COI i 16S) d&#8217;exemplars de diferents localitats de <em>C. glaucoides<\/em> i de <em>C. gobioophaga<\/em> que confirmen la separaci\u00f3 de les dues esp\u00e8cies.<\/p>\n<p><strong>Descripci\u00f3<br \/>\n<\/strong>Els exemplars d&#8217;aquesta esp\u00e8cie poden aconseguir els 20 mm de longitud encara que el m\u00e9s freq\u00fcent \u00e9s que mesurin al voltant de 10 mm. El cos \u00e9s bastant aplanat, semitransparent i de color lleugerament groguenc o marr\u00f3, encara que pot variar segons l&#8217;estat alimentari de l&#8217;animal i dels ous de peix que hagi ingerit. Els tentacles orals i els rin\u00f2fors s\u00f3n curts i llisos i del mateix color que el cos encara que s&#8217;observa una banda de pigment blanc opac en el seu extrem. Els ulls s\u00f3n grans i estan situats a la zona posterior de la base dels rin\u00f2fors. Els cerates estan reunits en 7-10 grups a banda i banda del dors i amb 3-4 cerates per grup, estant els dos grups m\u00e9s anteriors situats per davant de la zona card\u00edaca. Els cerates s\u00f3n curts i del mateix color que el cos, estan un xic inflats a la seva zona central i el seu \u00e0pex sol ser blanquin\u00f3s; dins dels cerates, la gl\u00e0ndula digestiva pot ser de color crema o marr\u00f3 m\u00e9s o menys fosc. Per transpar\u00e8ncia es pot veure el rony\u00f3 de l&#8217;animal com un cord\u00f3 for\u00e7a gruixut que recorre el cos des del segon parell de cerates fins a l&#8217;\u00faltim. El peu \u00e9s ample i forma a la seva zona anterior un parell de tentacles propodials digitiformes, fins i llargs. La cua \u00e9s curta i sol estar coberta pels cerates de l&#8217;\u00faltim grup.<\/p>\n<p><strong>Biologia<br \/>\n<\/strong>Aquesta esp\u00e8cie de recent descripci\u00f3 viu generalment a escassa profunditat, en la cara inferior de pedres. Freq\u00fcentment apareix amb un alt gregarisme de fins a 70 exemplars situats sota la mateixa pedra. S&#8217;alimenta d&#8217;ous de diverses esp\u00e8cies de peixos la fam\u00edlia Gobiidae com <em>Gobius niger<\/em> i <em>G. cobitis<\/em> (Calado &amp; Urgorri, 2002; Prkic et al. 2014). La posta \u00e9s dipositada tamb\u00e9 en la cara inferior de pedres i t\u00e9 forma d&#8217;un cord\u00f3 fi, fistonejat i enrotllat en una espiral irregular, amb ous blancs que mesuren unes 127 micres.<\/p>\n<p><strong>Etimologia<\/strong><\/p>\n<ul>\n<li><em>gobioophaga<\/em> = significa que s&#8217;alimenta d&#8217;ous de peixos del g\u00e8nere <em>Gobius<\/em><\/li>\n<\/ul>\n<p><strong>Distribuci\u00f3<br \/>\n<\/strong>A causa de la seva recent descripci\u00f3 encara hi ha escasses cites de la pres\u00e8ncia de l&#8217;esp\u00e8cie. Despr\u00e9s de la seva descripci\u00f3 a partir d&#8217;exemplars de les costes portugueses ha estat citada a Gal\u00edcia i molt recentment en la costa de Cro\u00e0cia (Prkic et al. 2014). Cites m\u00e9s antigues de l&#8217;altra esp\u00e8cie de <em>Calma<\/em>, <em>C. glaucoides<\/em> d&#8217;Irlanda, les costes brit\u00e0niques i de Roscoff, a Fran\u00e7a, s&#8217;ha vist que podrien representar m\u00e9s aviat a <em>Calma gobioophaga<\/em>. A Catalunya s&#8217;ha trobat a L&#8217;Escala i a Begur. <div id=\"flxmap-6a99c7318d763\" class='flxmap-container' data-flxmap='flxmap_6a99c7318d763' style=\"width:100%;height:400px;\"><\/div>\n<script data-noptimize=\"1\">\n\/* <![CDATA[ *\/\n(function(w, fn) {\n if (w.addEventListener) w.addEventListener(\"DOMContentLoaded\", fn, false);\n else if (w.attachEvent) w.attachEvent(\"onload\", fn);\n})(window, function() {\n var f = new FlexibleMap();\n f.panControl = true;\n f.mapTypeId = \"satellite\";\n f.setlocale(\"ca-ES\");\n f.kmlcache = \"5 minutes\";\n f.showKML(\"flxmap-6a99c7318d763\", \"https:\/\/opistobranquis.info\/wp-content\/uploads\/kms\/10655.kmz\");\n window.flxmap_6a99c7318d763 = f;\n});\n\/* ]]> *\/\n<\/script>\n<div style=\"width:100%;text-align:center;margin:12px 0 4px 0;\">\n  <div style=\"font-size:8pt;margin-bottom:6px;\">Cites georeferenciades conegudes de l'esp\u00e8cie: <em>Calma gobioophaga<\/em><\/div>\n  <table style=\"margin:0 auto;border-collapse:collapse;font-size:8pt;\">\n    <tr><td colspan=\"2\" style=\"text-align:left;padding-bottom:4px;\"><strong>Fonts:<\/strong><\/td><\/tr>\n    <tr>\n      <td style=\"vertical-align:top;padding-right:40px;\">\n        <table style=\"border-collapse:collapse;\">\n<tr><td style='padding:1px 6px 1px 0;vertical-align:middle'><img data-recalc-dims=\"1\" src=\"https:\/\/i0.wp.com\/opistobranquis.info\/wp-content\/uploads\/kms\/wht-circle-lv.png?w=900&#038;ssl=1\" style='display:block'><\/td><td style='padding:1px 0;vertical-align:middle;white-space:nowrap'>OBIS<\/td><\/tr><tr><td style='padding:1px 6px 1px 0;vertical-align:middle'><img data-recalc-dims=\"1\" src=\"https:\/\/i0.wp.com\/opistobranquis.info\/wp-content\/uploads\/kms\/ylw-circle-lv.png?w=900&#038;ssl=1\" style='display:block'><\/td><td style='padding:1px 0;vertical-align:middle;white-space:nowrap'>GROC 2010-2011<\/td><\/tr><tr><td style='padding:1px 6px 1px 0;vertical-align:middle'><img data-recalc-dims=\"1\" src=\"https:\/\/i0.wp.com\/opistobranquis.info\/wp-content\/uploads\/kms\/grn-circle-lv.png?w=900&#038;ssl=1\" style='display:block'><\/td><td style='padding:1px 0;vertical-align:middle;white-space:nowrap'>Enric Madrenas<\/td><\/tr><tr><td style='padding:1px 6px 1px 0;vertical-align:middle'><img data-recalc-dims=\"1\" src=\"https:\/\/i0.wp.com\/opistobranquis.info\/wp-content\/uploads\/kms\/orange-circle-lv.png?w=900&#038;ssl=1\" style='display:block'><\/td><td style='padding:1px 0;vertical-align:middle;white-space:nowrap'>Jo\u00e3o Pedro Silva<\/td><\/tr><tr><td style='padding:1px 6px 1px 0;vertical-align:middle'><img data-recalc-dims=\"1\" src=\"https:\/\/i0.wp.com\/opistobranquis.info\/wp-content\/uploads\/kms\/pink-circle-lv.png?w=900&#038;ssl=1\" style='display:block'><\/td><td style='padding:1px 0;vertical-align:middle;white-space:nowrap'>Bernard Picton<\/td><\/tr><tr><td style='padding:1px 6px 1px 0;vertical-align:middle'><img data-recalc-dims=\"1\" src=\"https:\/\/i0.wp.com\/opistobranquis.info\/wp-content\/uploads\/kms\/blk-circle-lv.png?w=900&#038;ssl=1\" style='display:block'><\/td><td style='padding:1px 0;vertical-align:middle;white-space:nowrap'>GBIF<\/td><\/tr>        <\/table>\n      <\/td>\n      <td style=\"vertical-align:top;\">\n        <table style=\"border-collapse:collapse;\">\n<tr><td style='padding:1px 6px 1px 0;vertical-align:middle'><img data-recalc-dims=\"1\" src=\"https:\/\/i0.wp.com\/opistobranquis.info\/wp-content\/uploads\/kms\/purple-circle-lv.png?w=900&#038;ssl=1\" style='display:block'><\/td><td style='padding:1px 0;vertical-align:middle;white-space:nowrap'>OPK<\/td><\/tr><tr><td style='padding:1px 6px 1px 0;vertical-align:middle'><img data-recalc-dims=\"1\" src=\"https:\/\/i0.wp.com\/opistobranquis.info\/wp-content\/uploads\/kms\/red-circle-lv.png?w=900&#038;ssl=1\" style='display:block'><\/td><td style='padding:1px 0;vertical-align:middle;white-space:nowrap'>VIMAR<\/td><\/tr><tr><td style='padding:1px 6px 1px 0;vertical-align:middle'><img data-recalc-dims=\"1\" src=\"https:\/\/i0.wp.com\/opistobranquis.info\/wp-content\/uploads\/kms\/blu-circle-lv.png?w=900&#038;ssl=1\" style='display:block'><\/td><td style='padding:1px 0;vertical-align:middle;white-space:nowrap'>Manuel Ballesteros<\/td><\/tr><tr><td style='padding:1px 6px 1px 0;vertical-align:middle'><img data-recalc-dims=\"1\" src=\"https:\/\/i0.wp.com\/opistobranquis.info\/wp-content\/uploads\/kms\/cyan-circle-lv.png?w=900&#038;ssl=1\" style='display:block'><\/td><td style='padding:1px 0;vertical-align:middle;white-space:nowrap'>M@re Nostrum<\/td><\/tr><tr><td style='padding:1px 6px 1px 0;vertical-align:middle'><img data-recalc-dims=\"1\" src=\"https:\/\/i0.wp.com\/opistobranquis.info\/wp-content\/uploads\/kms\/grey-circle-lv.png?w=900&#038;ssl=1\" style='display:block'><\/td><td style='padding:1px 0;vertical-align:middle;white-space:nowrap'>Altres fonts<\/td><\/tr><tr><td style='padding:1px 6px 1px 0;vertical-align:middle'><img data-recalc-dims=\"1\" src=\"https:\/\/i0.wp.com\/opistobranquis.info\/wp-content\/uploads\/kms\/marreg.png?w=900&#038;ssl=1\" style='display:block'><\/td><td style='padding:1px 0;vertical-align:middle;white-space:nowrap'>Marine Regions<\/td><\/tr>        <\/table>\n      <\/td>\n    <\/tr>\n  <\/table>\n<\/div>\n<\/p>\n<p><strong>Esp\u00e8cies semblants<br \/>\n<\/strong><a href=\"https:\/\/opistobranquis.info\/guia\/nudibranchia\/cladobranchia\/fionoidea\/calma-glaucoides\/\"><em>Calma glaucoides<\/em><\/a>, amb tentacles propodials m\u00e9s curts, ulls m\u00e9s petits i m\u00e9s separats darrere dels rin\u00f2fors, gl\u00e0ndula digestiva m\u00e9s curta, ous m\u00e9s grans i s\u2019alimenta d\u2019ous de <em>Lepadogaster<\/em> i<em> Parablennius<\/em>.<\/p>\n<p><strong>Error:<\/strong> Chart.js no est\u00e1 disponible.<\/p>\n<p><strong>Altres fotos<br \/>\n<\/strong><div class=\"tiled-gallery type-rectangular tiled-gallery-unresized\" data-original-width=\"900\" data-carousel-extra='{&quot;blog_id&quot;:1,&quot;permalink&quot;:&quot;https:\\\/\\\/opistobranquis.info\\\/ca\\\/guia\\\/nudibranchia\\\/cladobranchia\\\/fionoidea\\\/calma-gobioophaga\\\/&quot;,&quot;likes_blog_id&quot;:44192421}' itemscope itemtype=\"http:\/\/schema.org\/ImageGallery\" > <div class=\"gallery-row\" style=\"width: 900px; height: 415px;\" data-original-width=\"900\" data-original-height=\"415\" > <div class=\"gallery-group images-1\" style=\"width: 620px; height: 415px;\" data-original-width=\"620\" data-original-height=\"415\" > <div class=\"tiled-gallery-item tiled-gallery-item-large\" itemprop=\"associatedMedia\" itemscope itemtype=\"http:\/\/schema.org\/ImageObject\"> <a href=\"https:\/\/opistobranquis.info\/ca\/guia\/nudibranchia\/cladobranchia\/fionoidea\/calma-gobioophaga\/calma_gobioophaga\/\" border=\"0\" itemprop=\"url\"> <meta itemprop=\"width\" content=\"616\"> <meta itemprop=\"height\" content=\"411\"> <img decoding=\"async\" class=\"\" data-attachment-id=\"10659\" data-orig-file=\"https:\/\/opistobranquis.info\/wp-content\/uploads\/2013\/10\/Calma_gobioophaga.jpg\" data-orig-size=\"800,533\" data-comments-opened=\"\" data-image-title=\"Calma gobioophaga (Portugal) by Joao Pedro Silva\" data-image-description=\"&lt;p&gt;Calma gobioophaga (Portugal) by Joao Pedro Silva&lt;\/p&gt; \" data-medium-file=\"https:\/\/i0.wp.com\/opistobranquis.info\/wp-content\/uploads\/2013\/10\/Calma_gobioophaga.jpg?fit=300%2C199&#038;ssl=1\" data-large-file=\"https:\/\/i0.wp.com\/opistobranquis.info\/wp-content\/uploads\/2013\/10\/Calma_gobioophaga.jpg?fit=800%2C533&#038;ssl=1\" src=\"https:\/\/i0.wp.com\/opistobranquis.info\/wp-content\/uploads\/2013\/10\/Calma_gobioophaga.jpg?w=616&#038;h=411&#038;ssl=1\" srcset=\"https:\/\/i0.wp.com\/opistobranquis.info\/wp-content\/uploads\/2013\/10\/Calma_gobioophaga.jpg?w=800&amp;ssl=1 800w, https:\/\/i0.wp.com\/opistobranquis.info\/wp-content\/uploads\/2013\/10\/Calma_gobioophaga.jpg?resize=150%2C99&amp;ssl=1 150w, https:\/\/i0.wp.com\/opistobranquis.info\/wp-content\/uploads\/2013\/10\/Calma_gobioophaga.jpg?resize=300%2C199&amp;ssl=1 300w\" width=\"616\" height=\"411\" loading=\"lazy\" data-original-width=\"616\" data-original-height=\"411\" itemprop=\"http:\/\/schema.org\/image\" title=\"Calma gobioophaga (Portugal) by Joao Pedro Silva\" alt=\"Calma gobioophaga (Portugal) by Joao Pedro Silva\" style=\"width: 616px; height: 411px;\" \/> <\/a> <div class=\"tiled-gallery-caption\" itemprop=\"caption description\"> Calma gobioophaga (Portugal) by Joao Pedro Silva <\/div> <\/div> <\/div> <!-- close group --> <div class=\"gallery-group images-1\" style=\"width: 280px; height: 415px;\" data-original-width=\"280\" data-original-height=\"415\" > <div class=\"tiled-gallery-item tiled-gallery-item-large\" itemprop=\"associatedMedia\" itemscope itemtype=\"http:\/\/schema.org\/ImageObject\"> <a href=\"https:\/\/opistobranquis.info\/ca\/guia\/nudibranchia\/cladobranchia\/fionoidea\/calma-gobioophaga\/calma-gobioophaga-00\/\" border=\"0\" itemprop=\"url\"> <meta itemprop=\"width\" content=\"276\"> <meta itemprop=\"height\" content=\"411\"> <img decoding=\"async\" class=\"\" data-attachment-id=\"11993\" data-orig-file=\"https:\/\/opistobranquis.info\/wp-content\/uploads\/2013\/10\/Calma-gobioophaga-00.jpg\" data-orig-size=\"408,608\" data-comments-opened=\"\" data-image-title=\"Calma gobioophaga by Enric Madrenas\" data-image-description=\"&lt;p&gt;Calma gobioophaga by Enric Madrenas&lt;\/p&gt; \" data-medium-file=\"https:\/\/i0.wp.com\/opistobranquis.info\/wp-content\/uploads\/2013\/10\/Calma-gobioophaga-00.jpg?fit=201%2C300&#038;ssl=1\" data-large-file=\"https:\/\/i0.wp.com\/opistobranquis.info\/wp-content\/uploads\/2013\/10\/Calma-gobioophaga-00.jpg?fit=408%2C608&#038;ssl=1\" src=\"https:\/\/i0.wp.com\/opistobranquis.info\/wp-content\/uploads\/2013\/10\/Calma-gobioophaga-00.jpg?w=276&#038;h=411&#038;ssl=1\" srcset=\"https:\/\/i0.wp.com\/opistobranquis.info\/wp-content\/uploads\/2013\/10\/Calma-gobioophaga-00.jpg?w=408&amp;ssl=1 408w, https:\/\/i0.wp.com\/opistobranquis.info\/wp-content\/uploads\/2013\/10\/Calma-gobioophaga-00.jpg?resize=100%2C150&amp;ssl=1 100w, https:\/\/i0.wp.com\/opistobranquis.info\/wp-content\/uploads\/2013\/10\/Calma-gobioophaga-00.jpg?resize=201%2C300&amp;ssl=1 201w\" width=\"276\" height=\"411\" loading=\"lazy\" data-original-width=\"276\" data-original-height=\"411\" itemprop=\"http:\/\/schema.org\/image\" title=\"Calma gobioophaga by Enric Madrenas\" alt=\"Calma gobioophaga by Enric Madrenas\" style=\"width: 276px; height: 411px;\" \/> <\/a> <div class=\"tiled-gallery-caption\" itemprop=\"caption description\"> Calma gobioophaga by Enric Madrenas <\/div> <\/div> <\/div> <!-- close group --> <\/div> <!-- close row --> <div class=\"gallery-row\" style=\"width: 900px; height: 795px;\" data-original-width=\"900\" data-original-height=\"795\" > <div class=\"gallery-group images-1\" style=\"width: 535px; height: 795px;\" data-original-width=\"535\" data-original-height=\"795\" > <div class=\"tiled-gallery-item tiled-gallery-item-large\" itemprop=\"associatedMedia\" itemscope itemtype=\"http:\/\/schema.org\/ImageObject\"> <a href=\"https:\/\/opistobranquis.info\/ca\/guia\/nudibranchia\/cladobranchia\/fionoidea\/calma-gobioophaga\/calma-gobioophaga-01\/\" border=\"0\" itemprop=\"url\"> <meta itemprop=\"width\" content=\"531\"> <meta itemprop=\"height\" content=\"791\"> <img decoding=\"async\" class=\"\" data-attachment-id=\"11994\" data-orig-file=\"https:\/\/opistobranquis.info\/wp-content\/uploads\/2013\/10\/Calma-gobioophaga-01.jpg\" data-orig-size=\"408,608\" data-comments-opened=\"\" data-image-title=\"Calma gobioophaga by Enric Madrenas\" data-image-description=\"&lt;p&gt;Calma gobioophaga by Enric Madrenas&lt;\/p&gt; \" data-medium-file=\"https:\/\/i0.wp.com\/opistobranquis.info\/wp-content\/uploads\/2013\/10\/Calma-gobioophaga-01.jpg?fit=201%2C300&#038;ssl=1\" data-large-file=\"https:\/\/i0.wp.com\/opistobranquis.info\/wp-content\/uploads\/2013\/10\/Calma-gobioophaga-01.jpg?fit=408%2C608&#038;ssl=1\" src=\"https:\/\/i0.wp.com\/opistobranquis.info\/wp-content\/uploads\/2013\/10\/Calma-gobioophaga-01.jpg?w=531&#038;h=791&#038;ssl=1\" srcset=\"https:\/\/i0.wp.com\/opistobranquis.info\/wp-content\/uploads\/2013\/10\/Calma-gobioophaga-01.jpg?w=408&amp;ssl=1 408w, https:\/\/i0.wp.com\/opistobranquis.info\/wp-content\/uploads\/2013\/10\/Calma-gobioophaga-01.jpg?resize=100%2C150&amp;ssl=1 100w, https:\/\/i0.wp.com\/opistobranquis.info\/wp-content\/uploads\/2013\/10\/Calma-gobioophaga-01.jpg?resize=201%2C300&amp;ssl=1 201w\" width=\"531\" height=\"791\" loading=\"lazy\" data-original-width=\"531\" data-original-height=\"791\" itemprop=\"http:\/\/schema.org\/image\" title=\"Calma gobioophaga by Enric Madrenas\" alt=\"Calma gobioophaga by Enric Madrenas\" style=\"width: 531px; height: 791px;\" \/> <\/a> <div class=\"tiled-gallery-caption\" itemprop=\"caption description\"> Calma gobioophaga by Enric Madrenas <\/div> <\/div> <\/div> <!-- close group --> <div class=\"gallery-group images-3\" style=\"width: 365px; height: 795px;\" data-original-width=\"365\" data-original-height=\"795\" > <div class=\"tiled-gallery-item tiled-gallery-item-large\" itemprop=\"associatedMedia\" itemscope itemtype=\"http:\/\/schema.org\/ImageObject\"> <a href=\"https:\/\/opistobranquis.info\/ca\/guia\/nudibranchia\/cladobranchia\/fionoidea\/calma-gobioophaga\/calma-gobioophaga-02\/\" border=\"0\" itemprop=\"url\"> <meta itemprop=\"width\" content=\"361\"> <meta itemprop=\"height\" content=\"241\"> <img decoding=\"async\" class=\"\" data-attachment-id=\"11995\" data-orig-file=\"https:\/\/opistobranquis.info\/wp-content\/uploads\/2013\/10\/Calma-gobioophaga-02.jpg\" data-orig-size=\"808,541\" data-comments-opened=\"\" data-image-title=\"Calma gobioophaga by Enric Madrenas\" data-image-description=\"&lt;p&gt;Calma gobioophaga by Enric Madrenas&lt;\/p&gt; \" data-medium-file=\"https:\/\/i0.wp.com\/opistobranquis.info\/wp-content\/uploads\/2013\/10\/Calma-gobioophaga-02.jpg?fit=300%2C200&#038;ssl=1\" data-large-file=\"https:\/\/i0.wp.com\/opistobranquis.info\/wp-content\/uploads\/2013\/10\/Calma-gobioophaga-02.jpg?fit=808%2C541&#038;ssl=1\" src=\"https:\/\/i0.wp.com\/opistobranquis.info\/wp-content\/uploads\/2013\/10\/Calma-gobioophaga-02.jpg?w=361&#038;h=241&#038;ssl=1\" srcset=\"https:\/\/i0.wp.com\/opistobranquis.info\/wp-content\/uploads\/2013\/10\/Calma-gobioophaga-02.jpg?w=808&amp;ssl=1 808w, https:\/\/i0.wp.com\/opistobranquis.info\/wp-content\/uploads\/2013\/10\/Calma-gobioophaga-02.jpg?resize=150%2C100&amp;ssl=1 150w, https:\/\/i0.wp.com\/opistobranquis.info\/wp-content\/uploads\/2013\/10\/Calma-gobioophaga-02.jpg?resize=300%2C200&amp;ssl=1 300w\" width=\"361\" height=\"241\" loading=\"lazy\" data-original-width=\"361\" data-original-height=\"241\" itemprop=\"http:\/\/schema.org\/image\" title=\"Calma gobioophaga by Enric Madrenas\" alt=\"Calma gobioophaga by Enric Madrenas\" style=\"width: 361px; height: 241px;\" \/> <\/a> <div class=\"tiled-gallery-caption\" itemprop=\"caption description\"> Calma gobioophaga by Enric Madrenas <\/div> <\/div> <div class=\"tiled-gallery-item tiled-gallery-item-large\" itemprop=\"associatedMedia\" itemscope itemtype=\"http:\/\/schema.org\/ImageObject\"> <a href=\"https:\/\/opistobranquis.info\/ca\/guia\/nudibranchia\/cladobranchia\/fionoidea\/calma-gobioophaga\/calma-gobioophaga-tarifa-17-04-2017-by-manuel-martinez-chacon-2\/\" border=\"0\" itemprop=\"url\"> <meta itemprop=\"width\" content=\"361\"> <meta itemprop=\"height\" content=\"271\"> <img decoding=\"async\" class=\"\" data-attachment-id=\"23580\" data-orig-file=\"https:\/\/opistobranquis.info\/wp-content\/uploads\/2013\/10\/Calma-gobioophaga-@-Tarifa-17-04-2017-by-Manuel-Mart\u00ednez-Chac\u00f3n-2.jpg\" data-orig-size=\"800,600\" data-comments-opened=\"\" data-image-title=\"Calma gobioophaga @ Tarifa 17-04-2017 by Manuel Mart\u00ednez Chac\u00f3n\" data-image-description=\"&lt;p&gt;Calma gobioophaga @ Tarifa 17-04-2017 by Manuel Mart\u00ednez Chac\u00f3n&lt;\/p&gt; \" data-medium-file=\"https:\/\/i0.wp.com\/opistobranquis.info\/wp-content\/uploads\/2013\/10\/Calma-gobioophaga-%40-Tarifa-17-04-2017-by-Manuel-Mart%C3%ADnez-Chac%C3%B3n-2.jpg?fit=300%2C225&#038;ssl=1\" data-large-file=\"https:\/\/i0.wp.com\/opistobranquis.info\/wp-content\/uploads\/2013\/10\/Calma-gobioophaga-%40-Tarifa-17-04-2017-by-Manuel-Mart%C3%ADnez-Chac%C3%B3n-2.jpg?fit=800%2C600&#038;ssl=1\" src=\"https:\/\/i0.wp.com\/opistobranquis.info\/wp-content\/uploads\/2013\/10\/Calma-gobioophaga-%40-Tarifa-17-04-2017-by-Manuel-Mart%C3%ADnez-Chac%C3%B3n-2.jpg?w=361&#038;h=271&#038;ssl=1\" width=\"361\" height=\"271\" loading=\"lazy\" data-original-width=\"361\" data-original-height=\"271\" itemprop=\"http:\/\/schema.org\/image\" title=\"Calma gobioophaga @ Tarifa 17-04-2017 by Manuel Mart\u00ednez Chac\u00f3n\" alt=\"Calma gobioophaga @ Tarifa 17-04-2017 by Manuel Mart\u00ednez Chac\u00f3n\" style=\"width: 361px; height: 271px;\" \/> <\/a> <div class=\"tiled-gallery-caption\" itemprop=\"caption description\"> Calma gobioophaga @ Tarifa 17-04-2017 by Manuel Mart\u00ednez Chac\u00f3n <\/div> <\/div> <div class=\"tiled-gallery-item tiled-gallery-item-large\" itemprop=\"associatedMedia\" itemscope itemtype=\"http:\/\/schema.org\/ImageObject\"> <a href=\"https:\/\/opistobranquis.info\/ca\/guia\/nudibranchia\/cladobranchia\/fionoidea\/calma-gobioophaga\/calma-gobioophaga-tarifa-17-04-2017-by-manuel-martinez-chacon-3\/\" border=\"0\" itemprop=\"url\"> <meta itemprop=\"width\" content=\"361\"> <meta itemprop=\"height\" content=\"271\"> <img decoding=\"async\" class=\"\" data-attachment-id=\"23581\" data-orig-file=\"https:\/\/opistobranquis.info\/wp-content\/uploads\/2013\/10\/Calma-gobioophaga-@-Tarifa-17-04-2017-by-Manuel-Mart\u00ednez-Chac\u00f3n-3.jpg\" data-orig-size=\"800,600\" data-comments-opened=\"\" data-image-title=\"Calma gobioophaga @ Tarifa 17-04-2017 by Manuel Mart\u00ednez Chac\u00f3n\" data-image-description=\"&lt;p&gt;Calma gobioophaga @ Tarifa 17-04-2017 by Manuel Mart\u00ednez Chac\u00f3n&lt;\/p&gt; \" data-medium-file=\"https:\/\/i0.wp.com\/opistobranquis.info\/wp-content\/uploads\/2013\/10\/Calma-gobioophaga-%40-Tarifa-17-04-2017-by-Manuel-Mart%C3%ADnez-Chac%C3%B3n-3.jpg?fit=300%2C225&#038;ssl=1\" data-large-file=\"https:\/\/i0.wp.com\/opistobranquis.info\/wp-content\/uploads\/2013\/10\/Calma-gobioophaga-%40-Tarifa-17-04-2017-by-Manuel-Mart%C3%ADnez-Chac%C3%B3n-3.jpg?fit=800%2C600&#038;ssl=1\" src=\"https:\/\/i0.wp.com\/opistobranquis.info\/wp-content\/uploads\/2013\/10\/Calma-gobioophaga-%40-Tarifa-17-04-2017-by-Manuel-Mart%C3%ADnez-Chac%C3%B3n-3.jpg?w=361&#038;h=271&#038;ssl=1\" width=\"361\" height=\"271\" loading=\"lazy\" data-original-width=\"361\" data-original-height=\"271\" itemprop=\"http:\/\/schema.org\/image\" title=\"Calma gobioophaga @ Tarifa 17-04-2017 by Manuel Mart\u00ednez Chac\u00f3n\" alt=\"Calma gobioophaga @ Tarifa 17-04-2017 by Manuel Mart\u00ednez Chac\u00f3n\" style=\"width: 361px; height: 271px;\" \/> <\/a> <div class=\"tiled-gallery-caption\" itemprop=\"caption description\"> Calma gobioophaga @ Tarifa 17-04-2017 by Manuel Mart\u00ednez Chac\u00f3n <\/div> <\/div> <\/div> <!-- close group --> <\/div> <!-- close row --> <div class=\"gallery-row\" style=\"width: 900px; height: 447px;\" data-original-width=\"900\" data-original-height=\"447\" > <div class=\"gallery-group images-1\" style=\"width: 595px; height: 447px;\" data-original-width=\"595\" data-original-height=\"447\" > <div class=\"tiled-gallery-item tiled-gallery-item-large\" itemprop=\"associatedMedia\" itemscope itemtype=\"http:\/\/schema.org\/ImageObject\"> <a href=\"https:\/\/opistobranquis.info\/ca\/guia\/nudibranchia\/cladobranchia\/fionoidea\/calma-gobioophaga\/calma-gobioophaga-tarifa-17-04-2017-by-manuel-martinez-chacon\/\" border=\"0\" itemprop=\"url\"> <meta itemprop=\"width\" content=\"591\"> <meta itemprop=\"height\" content=\"443\"> <img decoding=\"async\" class=\"\" data-attachment-id=\"23582\" data-orig-file=\"https:\/\/opistobranquis.info\/wp-content\/uploads\/2013\/10\/Calma-gobioophaga-@-Tarifa-17-04-2017-by-Manuel-Mart\u00ednez-Chac\u00f3n.jpg\" data-orig-size=\"800,600\" data-comments-opened=\"\" data-image-title=\"Calma gobioophaga @ Tarifa 17-04-2017 by Manuel Mart\u00ednez Chac\u00f3n\" data-image-description=\"&lt;p&gt;Calma gobioophaga @ Tarifa 17-04-2017 by Manuel Mart\u00ednez Chac\u00f3n&lt;\/p&gt; \" data-medium-file=\"https:\/\/i0.wp.com\/opistobranquis.info\/wp-content\/uploads\/2013\/10\/Calma-gobioophaga-%40-Tarifa-17-04-2017-by-Manuel-Mart%C3%ADnez-Chac%C3%B3n.jpg?fit=300%2C225&#038;ssl=1\" data-large-file=\"https:\/\/i0.wp.com\/opistobranquis.info\/wp-content\/uploads\/2013\/10\/Calma-gobioophaga-%40-Tarifa-17-04-2017-by-Manuel-Mart%C3%ADnez-Chac%C3%B3n.jpg?fit=800%2C600&#038;ssl=1\" src=\"https:\/\/i0.wp.com\/opistobranquis.info\/wp-content\/uploads\/2013\/10\/Calma-gobioophaga-%40-Tarifa-17-04-2017-by-Manuel-Mart%C3%ADnez-Chac%C3%B3n.jpg?w=591&#038;h=443&#038;ssl=1\" width=\"591\" height=\"443\" loading=\"lazy\" data-original-width=\"591\" data-original-height=\"443\" itemprop=\"http:\/\/schema.org\/image\" title=\"Calma gobioophaga @ Tarifa 17-04-2017 by Manuel Mart\u00ednez Chac\u00f3n\" alt=\"Calma gobioophaga @ Tarifa 17-04-2017 by Manuel Mart\u00ednez Chac\u00f3n\" style=\"width: 591px; height: 443px;\" \/> <\/a> <div class=\"tiled-gallery-caption\" itemprop=\"caption description\"> Calma gobioophaga @ Tarifa 17-04-2017 by Manuel Mart\u00ednez Chac\u00f3n <\/div> <\/div> <\/div> <!-- close group --> <div class=\"gallery-group images-2\" style=\"width: 305px; height: 447px;\" data-original-width=\"305\" data-original-height=\"447\" > <div class=\"tiled-gallery-item tiled-gallery-item-large\" itemprop=\"associatedMedia\" itemscope itemtype=\"http:\/\/schema.org\/ImageObject\"> <a href=\"https:\/\/opistobranquis.info\/ca\/guia\/nudibranchia\/cladobranchia\/fionoidea\/calma-gobioophaga\/calma-gobioophaga-by-manuel-ballesteros-img403\/\" border=\"0\" itemprop=\"url\"> <meta itemprop=\"width\" content=\"301\"> <meta itemprop=\"height\" content=\"219\"> <img decoding=\"async\" class=\"\" data-attachment-id=\"31108\" data-orig-file=\"https:\/\/opistobranquis.info\/wp-content\/uploads\/2020\/12\/Calma-gobioophaga-by-Manuel-Ballesteros-img403.jpg\" data-orig-size=\"1280,933\" data-comments-opened=\"\" data-image-title=\"Calma gobioophaga by Manuel Ballesteros\" data-image-description=\"&lt;p&gt;Calma gobioophaga by Manuel Ballesteros&lt;\/p&gt; \" data-medium-file=\"https:\/\/i0.wp.com\/opistobranquis.info\/wp-content\/uploads\/2020\/12\/Calma-gobioophaga-by-Manuel-Ballesteros-img403.jpg?fit=300%2C219&#038;ssl=1\" data-large-file=\"https:\/\/i0.wp.com\/opistobranquis.info\/wp-content\/uploads\/2020\/12\/Calma-gobioophaga-by-Manuel-Ballesteros-img403.jpg?fit=900%2C656&#038;ssl=1\" src=\"https:\/\/i0.wp.com\/opistobranquis.info\/wp-content\/uploads\/2020\/12\/Calma-gobioophaga-by-Manuel-Ballesteros-img403.jpg?w=301&#038;h=219&#038;ssl=1\" srcset=\"https:\/\/i0.wp.com\/opistobranquis.info\/wp-content\/uploads\/2020\/12\/Calma-gobioophaga-by-Manuel-Ballesteros-img403.jpg?w=1280&amp;ssl=1 1280w, https:\/\/i0.wp.com\/opistobranquis.info\/wp-content\/uploads\/2020\/12\/Calma-gobioophaga-by-Manuel-Ballesteros-img403.jpg?resize=300%2C219&amp;ssl=1 300w, https:\/\/i0.wp.com\/opistobranquis.info\/wp-content\/uploads\/2020\/12\/Calma-gobioophaga-by-Manuel-Ballesteros-img403.jpg?resize=1024%2C746&amp;ssl=1 1024w, https:\/\/i0.wp.com\/opistobranquis.info\/wp-content\/uploads\/2020\/12\/Calma-gobioophaga-by-Manuel-Ballesteros-img403.jpg?resize=150%2C109&amp;ssl=1 150w\" width=\"301\" height=\"219\" loading=\"lazy\" data-original-width=\"301\" data-original-height=\"219\" itemprop=\"http:\/\/schema.org\/image\" title=\"Calma gobioophaga by Manuel Ballesteros\" alt=\"Calma gobioophaga by Manuel Ballesteros\" style=\"width: 301px; height: 219px;\" \/> <\/a> <div class=\"tiled-gallery-caption\" itemprop=\"caption description\"> Calma gobioophaga by Manuel Ballesteros <\/div> <\/div> <div class=\"tiled-gallery-item tiled-gallery-item-large\" itemprop=\"associatedMedia\" itemscope itemtype=\"http:\/\/schema.org\/ImageObject\"> <a href=\"https:\/\/opistobranquis.info\/ca\/guia\/nudibranchia\/cladobranchia\/fionoidea\/calma-gobioophaga\/calma-gobioophaga-by-manuel-ballesteros-img403-2\/\" border=\"0\" itemprop=\"url\"> <meta itemprop=\"width\" content=\"301\"> <meta itemprop=\"height\" content=\"220\"> <img decoding=\"async\" class=\"\" data-attachment-id=\"36436\" data-orig-file=\"https:\/\/opistobranquis.info\/wp-content\/uploads\/2023\/01\/Calma-gobioophaga-by-Manuel-Ballesteros-img403.jpg\" data-orig-size=\"1200,875\" data-comments-opened=\"\" data-image-title=\"Calma gobioophaga @ Costa Brava (Spain) by Manuel Ballesteros\" data-image-description=\"&lt;p&gt;Calma gobioophaga @ Costa Brava (Spain) by Manuel Ballesteros&lt;\/p&gt; \" data-medium-file=\"https:\/\/i0.wp.com\/opistobranquis.info\/wp-content\/uploads\/2023\/01\/Calma-gobioophaga-by-Manuel-Ballesteros-img403.jpg?fit=300%2C219&#038;ssl=1\" data-large-file=\"https:\/\/i0.wp.com\/opistobranquis.info\/wp-content\/uploads\/2023\/01\/Calma-gobioophaga-by-Manuel-Ballesteros-img403.jpg?fit=900%2C657&#038;ssl=1\" src=\"https:\/\/i0.wp.com\/opistobranquis.info\/wp-content\/uploads\/2023\/01\/Calma-gobioophaga-by-Manuel-Ballesteros-img403.jpg?w=301&#038;h=220&#038;ssl=1\" srcset=\"https:\/\/i0.wp.com\/opistobranquis.info\/wp-content\/uploads\/2023\/01\/Calma-gobioophaga-by-Manuel-Ballesteros-img403.jpg?w=1200&amp;ssl=1 1200w, https:\/\/i0.wp.com\/opistobranquis.info\/wp-content\/uploads\/2023\/01\/Calma-gobioophaga-by-Manuel-Ballesteros-img403.jpg?resize=300%2C219&amp;ssl=1 300w, https:\/\/i0.wp.com\/opistobranquis.info\/wp-content\/uploads\/2023\/01\/Calma-gobioophaga-by-Manuel-Ballesteros-img403.jpg?resize=1024%2C747&amp;ssl=1 1024w, https:\/\/i0.wp.com\/opistobranquis.info\/wp-content\/uploads\/2023\/01\/Calma-gobioophaga-by-Manuel-Ballesteros-img403.jpg?resize=150%2C109&amp;ssl=1 150w\" width=\"301\" height=\"220\" loading=\"lazy\" data-original-width=\"301\" data-original-height=\"220\" itemprop=\"http:\/\/schema.org\/image\" title=\"Calma gobioophaga @ Costa Brava (Spain) by Manuel Ballesteros\" alt=\"Calma gobioophaga @ Costa Brava (Spain) by Manuel Ballesteros\" style=\"width: 301px; height: 220px;\" \/> <\/a> <div class=\"tiled-gallery-caption\" itemprop=\"caption description\"> Calma gobioophaga @ Costa Brava (Spain) by Manuel Ballesteros <\/div> <\/div> <\/div> <!-- close group --> <\/div> <!-- close row --> <\/div><\/p>\n<p><p><strong>Bibliografia<\/strong><\/p><ul><div id=\"zotpress-bb3d0165e020cf7b56c6a55055c8bcbc\" class=\"zp-Zotpress zp-Zotpress-Bib wp-block-group\">\n\n\t\t<span class=\"ZP_API_USER_ID ZP_ATTR\">1246567<\/span>\n\t\t<span class=\"ZP_ITEM_KEY ZP_ATTR\"><\/span>\n\t\t<span class=\"ZP_COLLECTION_ID ZP_ATTR\"><\/span>\n\t\t<span class=\"ZP_TAG_ID ZP_ATTR\">Calma gobioophaga<\/span>\n\t\t<span class=\"ZP_AUTHOR ZP_ATTR\"><\/span>\n\t\t<span class=\"ZP_YEAR ZP_ATTR\"><\/span>\n        <span class=\"ZP_ITEMTYPE ZP_ATTR\"><\/span>\n\t\t<span class=\"ZP_INCLUSIVE ZP_ATTR\">1<\/span>\n\t\t<span class=\"ZP_STYLE ZP_ATTR\">eunomia-revista-en-cultura-de-la-legalidad<\/span>\n\t\t<span class=\"ZP_LIMIT ZP_ATTR\">50<\/span>\n\t\t<span class=\"ZP_SORTBY ZP_ATTR\">creator<\/span>\n\t\t<span class=\"ZP_ORDER ZP_ATTR\">asc<\/span>\n\t\t<span class=\"ZP_TITLE ZP_ATTR\"><\/span>\n\t\t<span class=\"ZP_SHOWIMAGE ZP_ATTR\"><\/span>\n\t\t<span class=\"ZP_SHOWTAGS ZP_ATTR\"><\/span>\n\t\t<span class=\"ZP_DOWNLOADABLE ZP_ATTR\"><\/span>\n\t\t<span class=\"ZP_NOTES ZP_ATTR\"><\/span>\n\t\t<span class=\"ZP_ABSTRACT ZP_ATTR\"><\/span>\n\t\t<span class=\"ZP_CITEABLE ZP_ATTR\"><\/span>\n\t\t<span class=\"ZP_TARGET ZP_ATTR\">1<\/span>\n\t\t<span class=\"ZP_URLWRAP ZP_ATTR\"><\/span>\n\t\t<span class=\"ZP_FORCENUM ZP_ATTR\"><\/span>\n        <span class=\"ZP_HIGHLIGHT ZP_ATTR\"><\/span>\n        <span class=\"ZP_POSTID ZP_ATTR\">10655<\/span>\n\t\t<span class=\"ZOTPRESS_PLUGIN_URL ZP_ATTR\">https:\/\/opistobranquis.info\/wp-content\/plugins\/zotpress\/<\/span>\n\n\t\t<div class=\"zp-List loading\">\n\t\t\t<div class=\"zp-SEO-Content\">\n\n\t\t\t<\/div><!-- .zp-zp-SEO-Content -->\n\t\t<\/div><!-- .zp-List -->\n\t<\/div><!--.zp-Zotpress-->\n\n<p><\/p>Bibliografia basada en els treballs de <b>Steve Long, 2006<\/b>. <a target=_blank href=https:\/\/opistobranquis.info\/wp-content\/uploads\/2016\/06\/Long-S.-2006-Bibliography-of-Opisthobranchia-1554-2000.pdf>Bibliography of Opisthobranchia 1554-2000<\/a> i <b>Gary McDonald, 2009<\/b>. <a href=http:\/\/escholarship.org\/uc\/item\/8115h0wz>Bibliographia Nudibranchia<\/a>, amb actualitzacions posteriors procedents d\u00b4altres fonts.<p><\/p><\/ul><p><\/p><p><strong>M\u00e9s informaci\u00f3<\/strong><\/p><span style=\"font-size:10pt\"><ul><ul class=\"blogroll-links\"><li><a href=\"http:\/\/www.biodiversitylibrary.org\/name\/Calma%20gobioophaga\">Biodiversity Heritage Library<\/a><\/li><li><a href=\"http:\/\/nature22.com\/estran22\/mollusques\/gasteropodesbis\/gasteropodes5.html\">Estran 22 - Faune et flore de la zone de balancement des mar\u00e9es en C\u00f4tes d&#039;Armor<\/a><\/li><li><a href=\"https:\/\/www.flickr.com\/search\/?text=Calma%20gobioophaga\">Flickr pictures<\/a><\/li><li><a href=\"http:\/\/www.irmng.org\/aphia.php?p=taxlist&#038;tName=Calma%20gobioophaga\">Interim Register of Marine and Nonmarine Genera<\/a><\/li><li><a href=\"https:\/\/web.archive.org\/web\/20250116074557\/http:\/\/medslugs.de\/E\/Atl-E\/Calma_gobioophaga\/Selection.htm\">Medslugs (Atl.E)<\/a><\/li><li><a href=\"http:\/\/www.ncbi.nlm.nih.gov\/Taxonomy\/Browser\/wwwtax.cgi?mode=Undef&#038;name=Calma%20gobioophaga&#038;lvl=0&#038;srchmode=1\">NCBI GenBank<\/a><\/li><li><a href=\"http:\/\/iobis.org\/mapper\/?taxon=Calma%20gobioophaga\">OBIS - Search by Taxon<\/a><\/li><li><a href=\"http:\/\/www.seaslugforum.net\/showall\/calmgobi\">Sea Slug Forum<\/a><\/li><li><a href=\"http:\/\/www.marinespecies.org\/aphia.php?p=taxdetails&#038;id=181241\">World Register of Marine Species<\/a><\/li><\/ul><\/ul><\/span><p><strong>Citeu aquest article com: <\/strong><\/p><div style=\"display: block; background: #444444; padding: 10px 30px 10px 10px; border-radius: 5px; line-height: 18px;\"><p class=\"citacio\"><b>Ballesteros, M., Madrenas, E. &#38; Pontes, M.<\/b> (2025) <em>\"Calma gobioophaga\"<\/em> a <em>OPK-Opistobranquis<\/em>. Publicat: 04\/10\/2013. Accedit: 03\/09\/2026. Disponible a (<a href=https:\/\/opistobranquis.info\/ca\/?p=10655>https:\/\/opistobranquis.info\/ca\/?p=10655<\/a>)<\/p><p><\/p><\/div><p><\/p><\/p>","protected":false},"excerpt":{"rendered":"<p>Calma gobioophaga Calado &amp; Urgorri, 2002 Calma gobioophaga ha estat recentment descrita, basant-se en exemplars capturats a les costes de Portugal (Calado &amp; Urgorri, 2002). Fins al moment de la seva descripci\u00f3 l&#8217;\u00fanica altra esp\u00e8cie del g\u00e8nere Calma coneguda a nivell mundial era C. glaucoides una esp\u00e8cie estrictament europea coneguda des de 1854 i descrita per Alder &amp; Hancock com Eolis glaucoides, que havia estat citada tant a les costes\u2026<\/p>\n<p class=\"continue-reading-button\"> <a class=\"continue-reading-link\" href=\"https:\/\/opistobranquis.info\/ca\/guia\/nudibranchia\/cladobranchia\/fionoidea\/calma-gobioophaga\/\">Continua llegint<i class=\"crycon-right-dir\"><\/i><\/a><\/p>\n","protected":false},"author":291,"featured_media":11996,"parent":25630,"menu_order":8202,"comment_status":"closed","ping_status":"closed","template":"","meta":{"footnotes":""},"class_list":["post-10655","page","type-page","status-publish","has-post-thumbnail","hentry"],"jetpack_sharing_enabled":true,"_links":{"self":[{"href":"https:\/\/opistobranquis.info\/ca\/wp-json\/wp\/v2\/pages\/10655","targetHints":{"allow":["GET"]}}],"collection":[{"href":"https:\/\/opistobranquis.info\/ca\/wp-json\/wp\/v2\/pages"}],"about":[{"href":"https:\/\/opistobranquis.info\/ca\/wp-json\/wp\/v2\/types\/page"}],"author":[{"embeddable":true,"href":"https:\/\/opistobranquis.info\/ca\/wp-json\/wp\/v2\/users\/291"}],"replies":[{"embeddable":true,"href":"https:\/\/opistobranquis.info\/ca\/wp-json\/wp\/v2\/comments?post=10655"}],"version-history":[{"count":6,"href":"https:\/\/opistobranquis.info\/ca\/wp-json\/wp\/v2\/pages\/10655\/revisions"}],"predecessor-version":[{"id":31109,"href":"https:\/\/opistobranquis.info\/ca\/wp-json\/wp\/v2\/pages\/10655\/revisions\/31109"}],"up":[{"embeddable":true,"href":"https:\/\/opistobranquis.info\/ca\/wp-json\/wp\/v2\/pages\/25630"}],"wp:featuredmedia":[{"embeddable":true,"href":"https:\/\/opistobranquis.info\/ca\/wp-json\/wp\/v2\/media\/11996"}],"wp:attachment":[{"href":"https:\/\/opistobranquis.info\/ca\/wp-json\/wp\/v2\/media?parent=10655"}],"curies":[{"name":"wp","href":"https:\/\/api.w.org\/{rel}","templated":true}]}}