{"id":10686,"date":"2013-10-05T05:38:08","date_gmt":"2013-10-05T03:38:08","guid":{"rendered":"https:\/\/opistobranquis.info\/?page_id=10686"},"modified":"2022-10-18T09:37:50","modified_gmt":"2022-10-18T07:37:50","slug":"eubranchus-doriae","status":"publish","type":"page","link":"https:\/\/opistobranquis.info\/ca\/guia\/nudibranchia\/cladobranchia\/fionoidea\/eubranchus-doriae\/","title":{"rendered":"Eubranchus doriae"},"content":{"rendered":"<p><\/p>\n<h3><em>Eubranchus doriae<\/em> (Trinchese, 1874)<\/h3>\n<p><span style=\"font-size:10pt;\" class=\"aligncenter\"><div id=\"featured-img-id\"><img data-recalc-dims=\"1\" decoding=\"async\" src=\"https:\/\/i0.wp.com\/opistobranquis.info\/wp-content\/uploads\/2013\/10\/Eubranchus-doriae-Photograph-%C2%A9Bernard-Picton.jpg?w=900&#038;ssl=1\" alt=\"Eubranchus doriae\" \/><\/div><center><em>Eubranchus doriae<\/em> per Bernard Picton<\/center><\/span><p><\/p><div class=\"opk-worms\"><h3>Informaci\u00f3 taxon\u00f2mica WoRMS<\/h3><div class=\"opk-alert\">El nom consultat Eubranchus doriae no est\u00e0 actualment acceptat (unaccepted).<br>Nom acceptat actual: <strong><em>Capellinia doriae<\/em> (Trinchese, 1874)<\/strong><\/div><h4>Classificaci\u00f3 actual<\/h4><table class=\"widefat striped\"><tr><th>Superdomain<\/th><td><a target=\"_blank\" href=\"https:\/\/www.marinespecies.org\/aphia.php?p=taxdetails&id=1\">Biota<\/a><\/td><\/tr><tr><th>Kingdom<\/th><td><a target=\"_blank\" href=\"https:\/\/www.marinespecies.org\/aphia.php?p=taxdetails&id=2\">Animalia<\/a><\/td><\/tr><tr><th>Phylum<\/th><td><a target=\"_blank\" href=\"https:\/\/www.marinespecies.org\/aphia.php?p=taxdetails&id=51\">Mollusca<\/a><\/td><\/tr><tr><th>Class<\/th><td><a target=\"_blank\" href=\"https:\/\/www.marinespecies.org\/aphia.php?p=taxdetails&id=101\">Gastropoda<\/a><\/td><\/tr><tr><th>Subclass<\/th><td><a target=\"_blank\" href=\"https:\/\/www.marinespecies.org\/aphia.php?p=taxdetails&id=14712\">Heterobranchia<\/a><\/td><\/tr><tr><th>Infraclass<\/th><td><a target=\"_blank\" href=\"https:\/\/www.marinespecies.org\/aphia.php?p=taxdetails&id=1057247\">Euthyneura<\/a><\/td><\/tr><tr><th>Subterclass<\/th><td><a target=\"_blank\" href=\"https:\/\/www.marinespecies.org\/aphia.php?p=taxdetails&id=1057249\">Ringipleura<\/a><\/td><\/tr><tr><th>Superorder<\/th><td><a target=\"_blank\" href=\"https:\/\/www.marinespecies.org\/aphia.php?p=taxdetails&id=411966\">Nudipleura<\/a><\/td><\/tr><tr><th>Order<\/th><td><a target=\"_blank\" href=\"https:\/\/www.marinespecies.org\/aphia.php?p=taxdetails&id=1762\">Nudibranchia<\/a><\/td><\/tr><tr><th>Suborder<\/th><td><a target=\"_blank\" href=\"https:\/\/www.marinespecies.org\/aphia.php?p=taxdetails&id=827889\">Cladobranchia<\/a><\/td><\/tr><tr><th>Superfamily<\/th><td><a target=\"_blank\" href=\"https:\/\/www.marinespecies.org\/aphia.php?p=taxdetails&id=412646\">Fionoidea<\/a><\/td><\/tr><tr><th>Family<\/th><td><a target=\"_blank\" href=\"https:\/\/www.marinespecies.org\/aphia.php?p=taxdetails&id=193\">Eubranchidae<\/a><\/td><\/tr><tr><th>Genus<\/th><td><a target=\"_blank\" href=\"https:\/\/www.marinespecies.org\/aphia.php?p=taxdetails&id=153366\"><em>Capellinia<\/em><\/a><\/td><\/tr><tr><th>Species<\/th><td><a target=\"_blank\" href=\"https:\/\/www.marinespecies.org\/aphia.php?p=taxdetails&id=729926\"><em>Capellinia doriae<\/em> (Trinchese, 1874)<\/a><\/td><\/tr><\/table><p class=\"footer\">Classificaci\u00f3 proporcionada pel World Register of Marine Species (WoRMS). [<a target=\"_blank\" href=\"https:\/\/www.marinespecies.org\/aphia.php?p=taxdetails&id=729926\">729926<\/a>]<\/p><\/div><p><strong>Nota taxon\u00f2mica<\/strong>: Les an\u00e0lisis filogen\u00e8tiques realitzades per Cella et al. (2016) van revelar que la fam\u00edlia Tergipedidae tradicional \u00e9s polifil\u00e9tica i pertany a un clade monofil\u00e8tic m\u00e9s gran que inclou membres de les fam\u00edlies tradicionals Eubranchidae, Fionidae i Calmidae; aquest va ser un resultat inesperat, ja que la validesa d\u00b4aquests taxons i la seva distinci\u00f3 dels Tergipedidae mai havia estat q\u00fcestionada abans. Es proposa unir les fam\u00edlies Tergipedidae, Eubranchidae, Calmidae i Fionidae sota el nom de Fionidae. Aquesta decisi\u00f3 ha estat reinterpretada i completada en el treball de Korshunova et al. (2017) perqu\u00e8 obviava aspectes morfol\u00f2gics i moleculars evidents.<\/p>Des de mitjans del s. XX, <em>Capellinia doriae<\/em> (nom original d&#8217; <em>Eubranchus doriae<\/em>) ha estat considerada una esp\u00e8cie sin\u00f2nima d\u2019 <em>E. capellinii<\/em> (Edmunds &amp; Kress, 1969; Thompson &amp; Brown, 1984; Thompson, 1988; Picton &amp; Morrow, 1994; Caballer, 2002) o fins i tot confosa amb altres esp\u00e8cies com <em>E. cingulatus<\/em> (Edmunds &amp; Kress, 1969; Ortea, 1978; Schmekel &amp; Portmann, 1982). No obstant, la descripci\u00f3 original d\u2019 <em>Eubranchus capellinii<\/em> (com a <em>Tergipes capellinii<\/em>) i la l\u00e0mina en color que l\u2019acompanya (Trinchese, 1879), s\u00f3n prou clares per diferenciar-la de la resta de les esp\u00e8cies atl\u00e0ntiques del g\u00e8nere. Per aquest motiu Caballer, Ortea &amp; Canteras (2010) usant exemplars capturats a Cant\u00e0bria, la costa de l&#8217;Algarve (Portugal) i la costa murciana (Mediterrani espanyol) proposen reinstaurar l\u2019esp\u00e8cie <em>E. capellinii<\/em> com a v\u00e0lida i diferent de <em>Capellinia doriae<\/em> (Caballer, Ortea &amp; Canteras, 2010), opini\u00f3 a la que ens adherim.<\/p>\n<p><strong>Sin\u00f2nims<\/strong><\/p>\n<ul>\n<li><span id=\"aphia_ct_tu_729926\"><strong><i>Capellinia doriae<\/i> Trinchese, 1874 (original)<\/strong><\/span><\/li>\n<li><span id=\"aphia_ct_tu_729927\"><i>Tergipes doriae<\/i> (Trinchese, 1874)<\/span><\/li>\n<\/ul>\n<p><strong>Descripci\u00f3<br \/>\n<\/strong>En la descripci\u00f3 original de l&#8217;esp\u00e8cie es cita una mida de 15 mm. El cos \u00e9s estilitzat, semitransparent amb taques marrons o verdoses al dors i cerates. Tamb\u00e9 s&#8217;indica l&#8217;exist\u00e8ncia de puntuacions groguenques o ataronjades que poden acumular-se entre els dos primers grups de cerates formant una taca una mica m\u00e9s fosca. Palps orals i rin\u00f2fors llargs i estrets, d&#8217;aproximadament la mateixa longitud, que solen estar tacats de marr\u00f3 en el seu ter\u00e7 mig, amb l&#8217;extrem blanquin\u00f3s. Hi ha 6-8 grups de cerata a banda i banda del dors, cadascun d&#8217;ells amb 1-3 cerata. A partir del segon grup de cerata, els grups d&#8217;un costat i altre solen estar alternats, no sim\u00e8trics. Els cerata s\u00f3n allargats i tenen de 2 a 3 anells de tubercles poc sortints. El tubercle apical \u00e9s semitransparent i sol estar vorejat en la seva base per un anell de color marr\u00f3. Els cerata s\u00f3n transparents hialins i al seu interior s&#8217;aprecia la gl\u00e0ndula digestiva de color marr\u00f3 verd\u00f3s, que arriba fins a la base del tubercle apical. El peu est\u00e0 eixamplat anteriorment i la cua \u00e9s llarga i afilada.<\/p>\n<p><strong>Biologia<br \/>\n<\/strong>Es coneix molt poc d&#8217;aquesta esp\u00e8cie, que pot ser confosa f\u00e0cilment amb altres esp\u00e8cies similars del mateix g\u00e8nere com ara <em>E. vittatus<\/em> i <em>E. capellinii<\/em>, amb qu\u00e8 s&#8217;ha sinonimitzat freq\u00fcentment en la bibliografia. S&#8217;ha citat que en les costes brit\u00e0niques s&#8217;alimenta de l&#8217;hidrozou <em>Kinchenpaueria similis<\/em> (Picton &amp; Morrow, 2016).<\/p>\n<p><strong>Etimologia<\/strong><\/p>\n<ul>\n<li><em>Eubranchus<\/em>, del grec, significa \u201cbranquias de veritat\u201d.<\/li>\n<li><em>Doriae<\/em>. Dedicat al Marqu\u00e8s Giacomo Doria (1840-1913), naturalista, herpet\u00f2leg i politic Itali\u00e0. Fundador i director del Museo Civico di Storia Naturale a G\u00e8nova el 1867, museu que ara s&#8217;anomena Museo di Storia Naturale Giacomo Doria en la seva mem\u00f2ria. El 1891 va ser elegit President de la Reial Societat Geogr\u00e0fica d&#8217;It\u00e0lia.<\/li>\n<\/ul>\n<p><strong>Distribuci\u00f3<br \/>\n<\/strong>Origin\u00e0riament descrita per aig\u00fces del Golf de G\u00e8nova (It\u00e0lia), ha estat citada tamb\u00e9 a la Mediterr\u00e0nia en aig\u00fces croates, a la llacuna de Thau (Fran\u00e7a) i a la costa catalana. A l&#8217;Atl\u00e0ntic hi ha cites de l&#8217;esp\u00e8cie a diferents localitzacions de les Illes Brit\u00e0niques (Picton &amp; Morrow, 2016). No obstant aix\u00f2, tant les localitzacions mediterr\u00e0nies com les atl\u00e0ntiques haurien de confirmar-se mitjan\u00e7ant estudis morfol\u00f2gics detallats, donada la similitud amb altres esp\u00e8cies el mateix g\u00e8nere.<br \/>\n<div id=\"flxmap-6a99a331c5056\" class='flxmap-container' data-flxmap='flxmap_6a99a331c5056' style=\"width:100%;height:400px;\"><\/div>\n<script data-noptimize=\"1\">\n\/* <![CDATA[ *\/\n(function(w, fn) {\n if (w.addEventListener) w.addEventListener(\"DOMContentLoaded\", fn, false);\n else if (w.attachEvent) w.attachEvent(\"onload\", fn);\n})(window, function() {\n var f = new FlexibleMap();\n f.panControl = true;\n f.mapTypeId = \"satellite\";\n f.setlocale(\"ca-ES\");\n f.kmlcache = \"5 minutes\";\n f.showKML(\"flxmap-6a99a331c5056\", \"https:\/\/opistobranquis.info\/wp-content\/uploads\/kms\/10686.kmz\");\n window.flxmap_6a99a331c5056 = f;\n});\n\/* ]]> *\/\n<\/script>\n<div style=\"width:100%;text-align:center;margin:12px 0 4px 0;\">\n  <div style=\"font-size:8pt;margin-bottom:6px;\">Cites georeferenciades conegudes de l'esp\u00e8cie: <em>Eubranchus doriae<\/em><\/div>\n  <table style=\"margin:0 auto;border-collapse:collapse;font-size:8pt;\">\n    <tr><td colspan=\"2\" style=\"text-align:left;padding-bottom:4px;\"><strong>Fonts:<\/strong><\/td><\/tr>\n    <tr>\n      <td style=\"vertical-align:top;padding-right:40px;\">\n        <table style=\"border-collapse:collapse;\">\n<tr><td style='padding:1px 6px 1px 0;vertical-align:middle'><img data-recalc-dims=\"1\" src=\"https:\/\/i0.wp.com\/opistobranquis.info\/wp-content\/uploads\/kms\/wht-circle-lv.png?w=900&#038;ssl=1\" style='display:block'><\/td><td style='padding:1px 0;vertical-align:middle;white-space:nowrap'>OBIS<\/td><\/tr><tr><td style='padding:1px 6px 1px 0;vertical-align:middle'><img data-recalc-dims=\"1\" src=\"https:\/\/i0.wp.com\/opistobranquis.info\/wp-content\/uploads\/kms\/ylw-circle-lv.png?w=900&#038;ssl=1\" style='display:block'><\/td><td style='padding:1px 0;vertical-align:middle;white-space:nowrap'>GROC 2010-2011<\/td><\/tr><tr><td style='padding:1px 6px 1px 0;vertical-align:middle'><img data-recalc-dims=\"1\" src=\"https:\/\/i0.wp.com\/opistobranquis.info\/wp-content\/uploads\/kms\/grn-circle-lv.png?w=900&#038;ssl=1\" style='display:block'><\/td><td style='padding:1px 0;vertical-align:middle;white-space:nowrap'>Enric Madrenas<\/td><\/tr><tr><td style='padding:1px 6px 1px 0;vertical-align:middle'><img data-recalc-dims=\"1\" src=\"https:\/\/i0.wp.com\/opistobranquis.info\/wp-content\/uploads\/kms\/orange-circle-lv.png?w=900&#038;ssl=1\" style='display:block'><\/td><td style='padding:1px 0;vertical-align:middle;white-space:nowrap'>Jo\u00e3o Pedro Silva<\/td><\/tr><tr><td style='padding:1px 6px 1px 0;vertical-align:middle'><img data-recalc-dims=\"1\" src=\"https:\/\/i0.wp.com\/opistobranquis.info\/wp-content\/uploads\/kms\/pink-circle-lv.png?w=900&#038;ssl=1\" style='display:block'><\/td><td style='padding:1px 0;vertical-align:middle;white-space:nowrap'>Bernard Picton<\/td><\/tr><tr><td style='padding:1px 6px 1px 0;vertical-align:middle'><img data-recalc-dims=\"1\" src=\"https:\/\/i0.wp.com\/opistobranquis.info\/wp-content\/uploads\/kms\/blk-circle-lv.png?w=900&#038;ssl=1\" style='display:block'><\/td><td style='padding:1px 0;vertical-align:middle;white-space:nowrap'>GBIF<\/td><\/tr>        <\/table>\n      <\/td>\n      <td style=\"vertical-align:top;\">\n        <table style=\"border-collapse:collapse;\">\n<tr><td style='padding:1px 6px 1px 0;vertical-align:middle'><img data-recalc-dims=\"1\" src=\"https:\/\/i0.wp.com\/opistobranquis.info\/wp-content\/uploads\/kms\/purple-circle-lv.png?w=900&#038;ssl=1\" style='display:block'><\/td><td style='padding:1px 0;vertical-align:middle;white-space:nowrap'>OPK<\/td><\/tr><tr><td style='padding:1px 6px 1px 0;vertical-align:middle'><img data-recalc-dims=\"1\" src=\"https:\/\/i0.wp.com\/opistobranquis.info\/wp-content\/uploads\/kms\/red-circle-lv.png?w=900&#038;ssl=1\" style='display:block'><\/td><td style='padding:1px 0;vertical-align:middle;white-space:nowrap'>VIMAR<\/td><\/tr><tr><td style='padding:1px 6px 1px 0;vertical-align:middle'><img data-recalc-dims=\"1\" src=\"https:\/\/i0.wp.com\/opistobranquis.info\/wp-content\/uploads\/kms\/blu-circle-lv.png?w=900&#038;ssl=1\" style='display:block'><\/td><td style='padding:1px 0;vertical-align:middle;white-space:nowrap'>Manuel Ballesteros<\/td><\/tr><tr><td style='padding:1px 6px 1px 0;vertical-align:middle'><img data-recalc-dims=\"1\" src=\"https:\/\/i0.wp.com\/opistobranquis.info\/wp-content\/uploads\/kms\/cyan-circle-lv.png?w=900&#038;ssl=1\" style='display:block'><\/td><td style='padding:1px 0;vertical-align:middle;white-space:nowrap'>M@re Nostrum<\/td><\/tr><tr><td style='padding:1px 6px 1px 0;vertical-align:middle'><img data-recalc-dims=\"1\" src=\"https:\/\/i0.wp.com\/opistobranquis.info\/wp-content\/uploads\/kms\/grey-circle-lv.png?w=900&#038;ssl=1\" style='display:block'><\/td><td style='padding:1px 0;vertical-align:middle;white-space:nowrap'>Altres fonts<\/td><\/tr><tr><td style='padding:1px 6px 1px 0;vertical-align:middle'><img data-recalc-dims=\"1\" src=\"https:\/\/i0.wp.com\/opistobranquis.info\/wp-content\/uploads\/kms\/marreg.png?w=900&#038;ssl=1\" style='display:block'><\/td><td style='padding:1px 0;vertical-align:middle;white-space:nowrap'>Marine Regions<\/td><\/tr>        <\/table>\n      <\/td>\n    <\/tr>\n  <\/table>\n<\/div>\n<\/p>\n<p><strong>Error:<\/strong> Chart.js no est\u00e1 disponible.<\/p>\n<p><strong>Altres fotos<\/strong><br \/>\n<div class=\"tiled-gallery type-rectangular tiled-gallery-unresized\" data-original-width=\"900\" data-carousel-extra='{&quot;blog_id&quot;:1,&quot;permalink&quot;:&quot;https:\\\/\\\/opistobranquis.info\\\/ca\\\/guia\\\/nudibranchia\\\/cladobranchia\\\/fionoidea\\\/eubranchus-doriae\\\/&quot;,&quot;likes_blog_id&quot;:44192421}' itemscope itemtype=\"http:\/\/schema.org\/ImageGallery\" > <div class=\"gallery-row\" style=\"width: 900px; height: 601px;\" data-original-width=\"900\" data-original-height=\"601\" > <div class=\"gallery-group images-1\" style=\"width: 900px; height: 601px;\" data-original-width=\"900\" data-original-height=\"601\" > <div class=\"tiled-gallery-item tiled-gallery-item-large\" itemprop=\"associatedMedia\" itemscope itemtype=\"http:\/\/schema.org\/ImageObject\"> <a href=\"https:\/\/opistobranquis.info\/ca\/guia\/nudibranchia\/cladobranchia\/fionoidea\/eubranchus-doriae\/eubranchus_doriae\/\" border=\"0\" itemprop=\"url\"> <meta itemprop=\"width\" content=\"896\"> <meta itemprop=\"height\" content=\"597\"> <img decoding=\"async\" class=\"\" data-attachment-id=\"10687\" data-orig-file=\"https:\/\/opistobranquis.info\/wp-content\/uploads\/2013\/10\/Eubranchus_doriae.jpg\" data-orig-size=\"800,533\" data-comments-opened=\"\" data-image-title=\"Eubranchus doriae by Joao Pedro Silva\" data-image-description=\"&lt;p&gt;Eubranchus doriae by Joao Pedro Silva&lt;\/p&gt; \" data-medium-file=\"https:\/\/i0.wp.com\/opistobranquis.info\/wp-content\/uploads\/2013\/10\/Eubranchus_doriae.jpg?fit=300%2C199&#038;ssl=1\" data-large-file=\"https:\/\/i0.wp.com\/opistobranquis.info\/wp-content\/uploads\/2013\/10\/Eubranchus_doriae.jpg?fit=800%2C533&#038;ssl=1\" src=\"https:\/\/i0.wp.com\/opistobranquis.info\/wp-content\/uploads\/2013\/10\/Eubranchus_doriae.jpg?w=896&#038;h=597&#038;ssl=1\" srcset=\"https:\/\/i0.wp.com\/opistobranquis.info\/wp-content\/uploads\/2013\/10\/Eubranchus_doriae.jpg?w=800&amp;ssl=1 800w, https:\/\/i0.wp.com\/opistobranquis.info\/wp-content\/uploads\/2013\/10\/Eubranchus_doriae.jpg?resize=150%2C99&amp;ssl=1 150w, https:\/\/i0.wp.com\/opistobranquis.info\/wp-content\/uploads\/2013\/10\/Eubranchus_doriae.jpg?resize=300%2C199&amp;ssl=1 300w\" width=\"896\" height=\"597\" loading=\"lazy\" data-original-width=\"896\" data-original-height=\"597\" itemprop=\"http:\/\/schema.org\/image\" title=\"Eubranchus doriae by Joao Pedro Silva\" alt=\"Eubranchus doriae by Joao Pedro Silva\" style=\"width: 896px; height: 597px;\" \/> <\/a> <div class=\"tiled-gallery-caption\" itemprop=\"caption description\"> Eubranchus doriae by Joao Pedro Silva <\/div> <\/div> <\/div> <!-- close group --> <\/div> <!-- close row --> <\/div><\/p>\n<p><p><strong>Bibliografia<\/strong><\/p><ul><div id=\"zotpress-e6f300e15c22dee0ff22a373b06b1f36\" class=\"zp-Zotpress zp-Zotpress-Bib wp-block-group\">\n\n\t\t<span class=\"ZP_API_USER_ID ZP_ATTR\">1246567<\/span>\n\t\t<span class=\"ZP_ITEM_KEY ZP_ATTR\"><\/span>\n\t\t<span class=\"ZP_COLLECTION_ID ZP_ATTR\"><\/span>\n\t\t<span class=\"ZP_TAG_ID ZP_ATTR\">Eubranchus doriae<\/span>\n\t\t<span class=\"ZP_AUTHOR ZP_ATTR\"><\/span>\n\t\t<span class=\"ZP_YEAR ZP_ATTR\"><\/span>\n        <span class=\"ZP_ITEMTYPE ZP_ATTR\"><\/span>\n\t\t<span class=\"ZP_INCLUSIVE ZP_ATTR\">1<\/span>\n\t\t<span class=\"ZP_STYLE ZP_ATTR\">eunomia-revista-en-cultura-de-la-legalidad<\/span>\n\t\t<span class=\"ZP_LIMIT ZP_ATTR\">50<\/span>\n\t\t<span class=\"ZP_SORTBY ZP_ATTR\">creator<\/span>\n\t\t<span class=\"ZP_ORDER ZP_ATTR\">asc<\/span>\n\t\t<span class=\"ZP_TITLE ZP_ATTR\"><\/span>\n\t\t<span class=\"ZP_SHOWIMAGE ZP_ATTR\"><\/span>\n\t\t<span class=\"ZP_SHOWTAGS ZP_ATTR\"><\/span>\n\t\t<span class=\"ZP_DOWNLOADABLE ZP_ATTR\"><\/span>\n\t\t<span class=\"ZP_NOTES ZP_ATTR\"><\/span>\n\t\t<span class=\"ZP_ABSTRACT ZP_ATTR\"><\/span>\n\t\t<span class=\"ZP_CITEABLE ZP_ATTR\"><\/span>\n\t\t<span class=\"ZP_TARGET ZP_ATTR\">1<\/span>\n\t\t<span class=\"ZP_URLWRAP ZP_ATTR\"><\/span>\n\t\t<span class=\"ZP_FORCENUM ZP_ATTR\"><\/span>\n        <span class=\"ZP_HIGHLIGHT ZP_ATTR\"><\/span>\n        <span class=\"ZP_POSTID ZP_ATTR\">10686<\/span>\n\t\t<span class=\"ZOTPRESS_PLUGIN_URL ZP_ATTR\">https:\/\/opistobranquis.info\/wp-content\/plugins\/zotpress\/<\/span>\n\n\t\t<div class=\"zp-List loading\">\n\t\t\t<div class=\"zp-SEO-Content\">\n\n\t\t\t<\/div><!-- .zp-zp-SEO-Content -->\n\t\t<\/div><!-- .zp-List -->\n\t<\/div><!--.zp-Zotpress-->\n\n<p><\/p>Bibliografia basada en els treballs de <b>Steve Long, 2006<\/b>. <a target=_blank href=https:\/\/opistobranquis.info\/wp-content\/uploads\/2016\/06\/Long-S.-2006-Bibliography-of-Opisthobranchia-1554-2000.pdf>Bibliography of Opisthobranchia 1554-2000<\/a> i <b>Gary McDonald, 2009<\/b>. <a href=http:\/\/escholarship.org\/uc\/item\/8115h0wz>Bibliographia Nudibranchia<\/a>, amb actualitzacions posteriors procedents d\u00b4altres fonts.<p><\/p><\/ul><p><\/p><p><strong>M\u00e9s informaci\u00f3<\/strong><\/p><span style=\"font-size:10pt\"><ul><ul class=\"blogroll-links\"><li><a href=\"http:\/\/www.biodiversitylibrary.org\/name\/Eubranchus%20doriae\">Biodiversity Heritage Library<\/a><\/li><li><a href=\"http:\/\/www.habitas.org.uk\/marinelife\/species.asp?item=W15110#\">Encyclopedia of Marine Life of Britain and Ireland<\/a><\/li><li><a href=\"http:\/\/nature22.com\/estran22\/mollusques\/gasteropodesbis\/gasteropodes5.html\">Estran 22 - Faune et flore de la zone de balancement des mar\u00e9es en C\u00f4tes d&#039;Armor<\/a><\/li><li><a href=\"https:\/\/www.flickr.com\/search\/?text=Eubranchus%20doriae\">Flickr pictures<\/a><\/li><li><a href=\"http:\/\/www.opistobranquis.org\/ca\/guia\/37\">GROC<\/a><\/li><li><a href=\"http:\/\/www.irmng.org\/aphia.php?p=taxlist&#038;tName=Eubranchus%20doriae\">Interim Register of Marine and Nonmarine Genera<\/a><\/li><li><a href=\"http:\/\/www.ncbi.nlm.nih.gov\/Taxonomy\/Browser\/wwwtax.cgi?mode=Undef&#038;name=Eubranchus%20doriae&#038;lvl=0&#038;srchmode=1\">NCBI GenBank<\/a><\/li><li><a href=\"http:\/\/iobis.org\/mapper\/?taxon=Eubranchus%20doriae\">OBIS - Search by Taxon<\/a><\/li><li><a href=\"http:\/\/www.seaslugforum.net\/showall\/eubrdori\">Sea Slug Forum<\/a><\/li><li><a href=\"http:\/\/www.marinespecies.org\/aphia.php?p=taxdetails&#038;id=139764\">World Register of Marine Species<\/a><\/li><\/ul><\/ul><\/span><p><strong>Citeu aquest article com: <\/strong><\/p><div style=\"display: block; background: #444444; padding: 10px 30px 10px 10px; border-radius: 5px; line-height: 18px;\"><p class=\"citacio\"><b>Ballesteros, M., Madrenas, E. &#38; Pontes, M.<\/b> (2025) <em>\"Eubranchus doriae\"<\/em> a <em>OPK-Opistobranquis<\/em>. Publicat: 05\/10\/2013. Accedit: 03\/09\/2026. Disponible a (<a href=https:\/\/opistobranquis.info\/ca\/?p=10686>https:\/\/opistobranquis.info\/ca\/?p=10686<\/a>)<\/p><p><\/p><\/div><p><\/p><\/p>","protected":false},"excerpt":{"rendered":"<p>Eubranchus doriae (Trinchese, 1874) Des de mitjans del s. XX, Capellinia doriae (nom original d&#8217; Eubranchus doriae) ha estat considerada una esp\u00e8cie sin\u00f2nima d\u2019 E. capellinii (Edmunds &amp; Kress, 1969; Thompson &amp; Brown, 1984; Thompson, 1988; Picton &amp; Morrow, 1994; Caballer, 2002) o fins i tot confosa amb altres esp\u00e8cies com E. cingulatus (Edmunds &amp; Kress, 1969; Ortea, 1978; Schmekel &amp; Portmann, 1982). No obstant, la descripci\u00f3 original d\u2019 Eubranchus\u2026<\/p>\n<p class=\"continue-reading-button\"> <a class=\"continue-reading-link\" href=\"https:\/\/opistobranquis.info\/ca\/guia\/nudibranchia\/cladobranchia\/fionoidea\/eubranchus-doriae\/\">Continua llegint<i class=\"crycon-right-dir\"><\/i><\/a><\/p>\n","protected":false},"author":291,"featured_media":16208,"parent":25630,"menu_order":8367,"comment_status":"closed","ping_status":"closed","template":"","meta":{"footnotes":""},"class_list":["post-10686","page","type-page","status-publish","has-post-thumbnail","hentry"],"jetpack_sharing_enabled":true,"_links":{"self":[{"href":"https:\/\/opistobranquis.info\/ca\/wp-json\/wp\/v2\/pages\/10686","targetHints":{"allow":["GET"]}}],"collection":[{"href":"https:\/\/opistobranquis.info\/ca\/wp-json\/wp\/v2\/pages"}],"about":[{"href":"https:\/\/opistobranquis.info\/ca\/wp-json\/wp\/v2\/types\/page"}],"author":[{"embeddable":true,"href":"https:\/\/opistobranquis.info\/ca\/wp-json\/wp\/v2\/users\/291"}],"replies":[{"embeddable":true,"href":"https:\/\/opistobranquis.info\/ca\/wp-json\/wp\/v2\/comments?post=10686"}],"version-history":[{"count":6,"href":"https:\/\/opistobranquis.info\/ca\/wp-json\/wp\/v2\/pages\/10686\/revisions"}],"predecessor-version":[{"id":35150,"href":"https:\/\/opistobranquis.info\/ca\/wp-json\/wp\/v2\/pages\/10686\/revisions\/35150"}],"up":[{"embeddable":true,"href":"https:\/\/opistobranquis.info\/ca\/wp-json\/wp\/v2\/pages\/25630"}],"wp:featuredmedia":[{"embeddable":true,"href":"https:\/\/opistobranquis.info\/ca\/wp-json\/wp\/v2\/media\/16208"}],"wp:attachment":[{"href":"https:\/\/opistobranquis.info\/ca\/wp-json\/wp\/v2\/media?parent=10686"}],"curies":[{"name":"wp","href":"https:\/\/api.w.org\/{rel}","templated":true}]}}