{"id":11388,"date":"2013-10-15T23:41:13","date_gmt":"2013-10-15T21:41:13","guid":{"rendered":"https:\/\/opistobranquis.info\/?page_id=11388"},"modified":"2024-07-16T19:09:38","modified_gmt":"2024-07-16T17:09:38","slug":"godiva-quadricolor","status":"publish","type":"page","link":"https:\/\/opistobranquis.info\/ca\/guia\/nudibranchia\/cladobranchia\/aeolidioidea\/godiva-quadricolor\/","title":{"rendered":"Godiva quadricolor"},"content":{"rendered":"<p><\/p>\n<h3><em>Godiva quadricolor<\/em> (Barnard, 1927)<\/h3>\n<p><span style=\"font-size:10pt;\" class=\"aligncenter\"><div id=\"featured-img-id\"><img data-recalc-dims=\"1\" decoding=\"async\" src=\"https:\/\/i0.wp.com\/opistobranquis.info\/wp-content\/uploads\/2023\/11\/Godiva-quadricolor-%40-Cala-Egos-Mallorca-by-Tia-Pons_2.jpg?w=900&#038;ssl=1\" alt=\"Godiva quadricolor @ Cala Egos, Mallorca by Ti\u00e0 Pons\" \/><\/div><center><em>Godiva quadricolor @ Cala Egos, Mallorca<\/em> per Ti\u00e0 Pons<\/center><\/span><p><\/p><div class=\"opk-worms\"><h3>Informaci\u00f3 taxon\u00f2mica WoRMS<\/h3><div class=\"opk-success\">Nom acceptat actual: <strong><em>Godiva quadricolor<\/em> (Barnard, 1927)<\/strong><\/div><h4>Classificaci\u00f3 actual<\/h4><table class=\"widefat striped\"><tr><th>Superdomain<\/th><td><a target=\"_blank\" href=\"https:\/\/www.marinespecies.org\/aphia.php?p=taxdetails&id=1\">Biota<\/a><\/td><\/tr><tr><th>Kingdom<\/th><td><a target=\"_blank\" href=\"https:\/\/www.marinespecies.org\/aphia.php?p=taxdetails&id=2\">Animalia<\/a><\/td><\/tr><tr><th>Phylum<\/th><td><a target=\"_blank\" href=\"https:\/\/www.marinespecies.org\/aphia.php?p=taxdetails&id=51\">Mollusca<\/a><\/td><\/tr><tr><th>Class<\/th><td><a target=\"_blank\" href=\"https:\/\/www.marinespecies.org\/aphia.php?p=taxdetails&id=101\">Gastropoda<\/a><\/td><\/tr><tr><th>Subclass<\/th><td><a target=\"_blank\" href=\"https:\/\/www.marinespecies.org\/aphia.php?p=taxdetails&id=14712\">Heterobranchia<\/a><\/td><\/tr><tr><th>Infraclass<\/th><td><a target=\"_blank\" href=\"https:\/\/www.marinespecies.org\/aphia.php?p=taxdetails&id=1057247\">Euthyneura<\/a><\/td><\/tr><tr><th>Subterclass<\/th><td><a target=\"_blank\" href=\"https:\/\/www.marinespecies.org\/aphia.php?p=taxdetails&id=1057249\">Ringipleura<\/a><\/td><\/tr><tr><th>Superorder<\/th><td><a target=\"_blank\" href=\"https:\/\/www.marinespecies.org\/aphia.php?p=taxdetails&id=411966\">Nudipleura<\/a><\/td><\/tr><tr><th>Order<\/th><td><a target=\"_blank\" href=\"https:\/\/www.marinespecies.org\/aphia.php?p=taxdetails&id=1762\">Nudibranchia<\/a><\/td><\/tr><tr><th>Suborder<\/th><td><a target=\"_blank\" href=\"https:\/\/www.marinespecies.org\/aphia.php?p=taxdetails&id=827889\">Cladobranchia<\/a><\/td><\/tr><tr><th>Superfamily<\/th><td><a target=\"_blank\" href=\"https:\/\/www.marinespecies.org\/aphia.php?p=taxdetails&id=189\">Aeolidioidea<\/a><\/td><\/tr><tr><th>Family<\/th><td><a target=\"_blank\" href=\"https:\/\/www.marinespecies.org\/aphia.php?p=taxdetails&id=570862\">Myrrhinidae<\/a><\/td><\/tr><tr><th>Genus<\/th><td><a target=\"_blank\" href=\"https:\/\/www.marinespecies.org\/aphia.php?p=taxdetails&id=225512\"><em>Godiva<\/em><\/a><\/td><\/tr><tr><th>Species<\/th><td><a target=\"_blank\" href=\"https:\/\/www.marinespecies.org\/aphia.php?p=taxdetails&id=225518\"><em>Godiva quadricolor<\/em> (Barnard, 1927)<\/a><\/td><\/tr><\/table><p class=\"footer\">Classificaci\u00f3 proporcionada pel World Register of Marine Species (WoRMS). [<a target=\"_blank\" href=\"https:\/\/www.marinespecies.org\/aphia.php?p=taxdetails&id=225518\">225518<\/a>]<\/p><\/div><strong>Sin\u00f2nims<\/strong><\/p>\n<ul>\n<li><i>Hervia quadricolor<\/i> Barnard, 1927<\/li>\n<\/ul>\n<p><strong>Descripci\u00f3<br \/>\n<\/strong>Aquest animal no \u00e9s molt gran, ja que mesura entre 3,5 i 5 cm. T\u00e9 un cos esvelt, amb una llarga cua c\u00f2nica i carenada dorsalment que pot arribar a un ter\u00e7 de la longitud total del cos. Els tentacles orals s\u00f3n llargs i prims. Els rin\u00f2fors tamb\u00e9 s\u00f3n prims, lleugerament arrugats en rep\u00f2s, per\u00f2 anul\u00b7lats quan estan contrets. El dors de l&#8217;animal est\u00e0 cobert per moltes cerata fusiformes distribu\u00efdes en 5 grups: 30-40 en el primer grup, 30 en el segon, 25 al tercer, 20 al quart, i 12-15 en l&#8217;\u00faltim, on les exteriors s\u00f3n m\u00e9s curtes que les interiors. L&#8217;orifici genital es troba immediatament per sota del primer grup de cerata, mentre que la papil\u00b7la anal es troba sota el centre del segon grup, tots dos orificis al costat dret de l&#8217;animal. A la part frontal del peu hi ha dos tentacles propodials curts. El cap \u00e9s de color ataronjat p\u00e0l\u00b7lid, amb 2 l\u00ednies blanques que recorren els tentacles orals i arriben fins a la base dels rin\u00f2fors; els tentacles i els rin\u00f2fors tenen el mateix color que el cap, per\u00f2 amb els extrems de color groc brillant. La resta del cos \u00e9s de color blanc transl\u00facid. Una ratlla estreta de color taronja vorejada de blanc blav\u00f3s recorre el dors de la cua al llarg. Els \u00f2rgans interns de color blau apagat s\u00f3n visibles a trav\u00e9s de la pell per transpar\u00e8ncia. El color base de les cerata \u00e9s marr\u00f3 fosc lleugerament violaci esquitxat per petits punts grocs, amb una banda de color taronja brillant cap al final, seguit de banda estreta de color marr\u00f3, una banda de color blau brillant, una altra banda estreta de color marr\u00f3 i despr\u00e9s la punta de color groc brillant.<\/p>\n<p><strong>Biologia<\/strong><br \/>\nCom en la majoria facelinids, quan l&#8217;animal \u00e9s\u00a0molestat contreu\u00a0els tentacles i rin\u00f2fors\u00a0i, al mateix temps, les cerata\u00a0s&#8217;estenen apuntant en totes direccions com un porc esp\u00ed amb les punxes eri\u00e7ades. Ha estat observat depredant poliquets i altres opistobranquis.<\/p>\n<p><strong>Etimologia<\/strong><\/p>\n<ul>\n<li><span class=\"term\"><em>Godiva<\/em>. Presumiblement dedicat a la llegenda anglesa (circa 1040-1080) de Lady Godiva que va cavalcar nua per <\/span><span class=\"exp\">Coventry per evitar que el seu marit carregu\u00e9s als ciutadans amb m\u00e9s impostos; l&#8217;\u00fanica persona que la va veure cavalcar va ser un home anomenat\u00a0Tom de forma que &#8220;Peeping Tom&#8221; s&#8217;ha convertit en sin\u00f2nim de\u00a0&#8220;voyeur&#8221; a la cultura anglesa. El punt d&#8217;uni\u00f3 pot ser la paraula &#8220;nudibranqui&#8221; = &#8220;br\u00e0nquies&#8221; + &#8220;nues&#8221;.<\/span><\/li>\n<li><em>Quadricolor<\/em>. Del\u00a0Llat\u00ed &#8220;quattor&#8221;, quatre + &#8220;color&#8221;, color.<\/li>\n<\/ul>\n<p><strong>Distribuci\u00f3<\/strong><br \/>\n<em>Godiva quadricolor<\/em> s&#8217;ha trobat tant en aig\u00fces tropicals com temperades, principalment a la zona intermareal o en llacunes salobres, sobre i sota pedres o en praderies de <em>Zostera<\/em>. Es troba generalment en \u00e0rees subjectes a important tr\u00e0fic mar\u00edtim i amb alta antropitzaci\u00f3, el que suggereix que l&#8217;esp\u00e8cie, end\u00e8mica de Sud\u00e0frica, ha estat molt probablement introdu\u00efda en altres regions a trav\u00e9s de l&#8217;aigua de llast dels vaixells de c\u00e0rrega. Recol\u00b7lectada per primera vegada el 1912 a False Bay, Sud\u00e0frica, \u00e9s considerada comuna en aig\u00fces poc profundes al llarg de tota la costa est de Sud\u00e0frica. Ha estat citada a Mo\u00e7ambic, Tanz\u00e0nia i Ghana. El 1987 es va registrar a Fremantle i al Cockburn Sound, a Austr\u00e0lia occidental aix\u00ed com al sud de Queensland. A la Mediterr\u00e0nia es va observar una poblaci\u00f3 estable i molt abundant al llac Fusaro (It\u00e0lia) i a la Pialassa della Baiona (It\u00e0lia) al 1985, tamb\u00e9 s&#8217;ha trobat una poblaci\u00f3 estable a l&#8217;Etang de Thau (Fran\u00e7a), llocs aquests que son llacunes salobres connectades amb el mar. El 2010, l&#8217;esp\u00e8cie va ser trobada a la costa atl\u00e0ntica del Marroc, a l&#8217;Estret de Gibraltar (Badia d&#8217;Algesires), i a una piscifactoria a Salobre\u00f1a (Granada). La primera cita a Catalunya es va fer el 2017 a Sant Feliu de Gu\u00edxols. Tamb\u00e9 tenim una primera cita a Can\u00e0ries, a la Laja, Gran Canaria. <div id=\"flxmap-6a99c6efd3cd8\" class='flxmap-container' data-flxmap='flxmap_6a99c6efd3cd8' style=\"width:100%;height:400px;\"><\/div>\n<script data-noptimize=\"1\">\n\/* <![CDATA[ *\/\n(function(w, fn) {\n if (w.addEventListener) w.addEventListener(\"DOMContentLoaded\", fn, false);\n else if (w.attachEvent) w.attachEvent(\"onload\", fn);\n})(window, function() {\n var f = new FlexibleMap();\n f.panControl = true;\n f.mapTypeId = \"satellite\";\n f.setlocale(\"ca-ES\");\n f.kmlcache = \"5 minutes\";\n f.showKML(\"flxmap-6a99c6efd3cd8\", \"https:\/\/opistobranquis.info\/wp-content\/uploads\/kms\/11388.kmz\");\n window.flxmap_6a99c6efd3cd8 = f;\n});\n\/* ]]> *\/\n<\/script>\n<div style=\"width:100%;text-align:center;margin:12px 0 4px 0;\">\n  <div style=\"font-size:8pt;margin-bottom:6px;\">Cites georeferenciades conegudes de l'esp\u00e8cie: <em>Godiva quadricolor<\/em><\/div>\n  <table style=\"margin:0 auto;border-collapse:collapse;font-size:8pt;\">\n    <tr><td colspan=\"2\" style=\"text-align:left;padding-bottom:4px;\"><strong>Fonts:<\/strong><\/td><\/tr>\n    <tr>\n      <td style=\"vertical-align:top;padding-right:40px;\">\n        <table style=\"border-collapse:collapse;\">\n<tr><td style='padding:1px 6px 1px 0;vertical-align:middle'><img data-recalc-dims=\"1\" src=\"https:\/\/i0.wp.com\/opistobranquis.info\/wp-content\/uploads\/kms\/wht-circle-lv.png?w=900&#038;ssl=1\" style='display:block'><\/td><td style='padding:1px 0;vertical-align:middle;white-space:nowrap'>OBIS<\/td><\/tr><tr><td style='padding:1px 6px 1px 0;vertical-align:middle'><img data-recalc-dims=\"1\" src=\"https:\/\/i0.wp.com\/opistobranquis.info\/wp-content\/uploads\/kms\/ylw-circle-lv.png?w=900&#038;ssl=1\" style='display:block'><\/td><td style='padding:1px 0;vertical-align:middle;white-space:nowrap'>GROC 2010-2011<\/td><\/tr><tr><td style='padding:1px 6px 1px 0;vertical-align:middle'><img data-recalc-dims=\"1\" src=\"https:\/\/i0.wp.com\/opistobranquis.info\/wp-content\/uploads\/kms\/grn-circle-lv.png?w=900&#038;ssl=1\" style='display:block'><\/td><td style='padding:1px 0;vertical-align:middle;white-space:nowrap'>Enric Madrenas<\/td><\/tr><tr><td style='padding:1px 6px 1px 0;vertical-align:middle'><img data-recalc-dims=\"1\" src=\"https:\/\/i0.wp.com\/opistobranquis.info\/wp-content\/uploads\/kms\/orange-circle-lv.png?w=900&#038;ssl=1\" style='display:block'><\/td><td style='padding:1px 0;vertical-align:middle;white-space:nowrap'>Jo\u00e3o Pedro Silva<\/td><\/tr><tr><td style='padding:1px 6px 1px 0;vertical-align:middle'><img data-recalc-dims=\"1\" src=\"https:\/\/i0.wp.com\/opistobranquis.info\/wp-content\/uploads\/kms\/pink-circle-lv.png?w=900&#038;ssl=1\" style='display:block'><\/td><td style='padding:1px 0;vertical-align:middle;white-space:nowrap'>Bernard Picton<\/td><\/tr><tr><td style='padding:1px 6px 1px 0;vertical-align:middle'><img data-recalc-dims=\"1\" src=\"https:\/\/i0.wp.com\/opistobranquis.info\/wp-content\/uploads\/kms\/blk-circle-lv.png?w=900&#038;ssl=1\" style='display:block'><\/td><td style='padding:1px 0;vertical-align:middle;white-space:nowrap'>GBIF<\/td><\/tr>        <\/table>\n      <\/td>\n      <td style=\"vertical-align:top;\">\n        <table style=\"border-collapse:collapse;\">\n<tr><td style='padding:1px 6px 1px 0;vertical-align:middle'><img data-recalc-dims=\"1\" src=\"https:\/\/i0.wp.com\/opistobranquis.info\/wp-content\/uploads\/kms\/purple-circle-lv.png?w=900&#038;ssl=1\" style='display:block'><\/td><td style='padding:1px 0;vertical-align:middle;white-space:nowrap'>OPK<\/td><\/tr><tr><td style='padding:1px 6px 1px 0;vertical-align:middle'><img data-recalc-dims=\"1\" src=\"https:\/\/i0.wp.com\/opistobranquis.info\/wp-content\/uploads\/kms\/red-circle-lv.png?w=900&#038;ssl=1\" style='display:block'><\/td><td style='padding:1px 0;vertical-align:middle;white-space:nowrap'>VIMAR<\/td><\/tr><tr><td style='padding:1px 6px 1px 0;vertical-align:middle'><img data-recalc-dims=\"1\" src=\"https:\/\/i0.wp.com\/opistobranquis.info\/wp-content\/uploads\/kms\/blu-circle-lv.png?w=900&#038;ssl=1\" style='display:block'><\/td><td style='padding:1px 0;vertical-align:middle;white-space:nowrap'>Manuel Ballesteros<\/td><\/tr><tr><td style='padding:1px 6px 1px 0;vertical-align:middle'><img data-recalc-dims=\"1\" src=\"https:\/\/i0.wp.com\/opistobranquis.info\/wp-content\/uploads\/kms\/cyan-circle-lv.png?w=900&#038;ssl=1\" style='display:block'><\/td><td style='padding:1px 0;vertical-align:middle;white-space:nowrap'>M@re Nostrum<\/td><\/tr><tr><td style='padding:1px 6px 1px 0;vertical-align:middle'><img data-recalc-dims=\"1\" src=\"https:\/\/i0.wp.com\/opistobranquis.info\/wp-content\/uploads\/kms\/grey-circle-lv.png?w=900&#038;ssl=1\" style='display:block'><\/td><td style='padding:1px 0;vertical-align:middle;white-space:nowrap'>Altres fonts<\/td><\/tr><tr><td style='padding:1px 6px 1px 0;vertical-align:middle'><img data-recalc-dims=\"1\" src=\"https:\/\/i0.wp.com\/opistobranquis.info\/wp-content\/uploads\/kms\/marreg.png?w=900&#038;ssl=1\" style='display:block'><\/td><td style='padding:1px 0;vertical-align:middle;white-space:nowrap'>Marine Regions<\/td><\/tr>        <\/table>\n      <\/td>\n    <\/tr>\n  <\/table>\n<\/div>\n<\/p>\n<p><strong>Esp\u00e8cies semblants<br \/>\n<\/strong><em><a href=\"https:\/\/opistobranquis.info\/guia\/nudibranchia\/cladobranchia\/aeolidioidea\/dondice-banyulensis\/\">Dondice banyulensis<\/a>, <\/em>de cos m\u00e9s gran i cerata de color taronja, sense les bandes de color blau ni groc.<\/p>\n<p><strong>Error:<\/strong> Chart.js no est\u00e1 disponible.<\/p>\n<p><strong>Videos<\/strong><\/p>\n<p><iframe loading=\"lazy\" src=\"https:\/\/player.vimeo.com\/video\/784333582?dnt=1&amp;app_id=122963\" width=\"900\" height=\"506\" frameborder=\"0\" allow=\"autoplay; fullscreen; picture-in-picture; clipboard-write\"><\/iframe><\/p>\n<p><iframe loading=\"lazy\" title=\"Godiva quadricolore - Godiva quadricolor - Etang de Thau - www.theeyeofthediver.com\" width=\"900\" height=\"506\" src=\"https:\/\/www.youtube.com\/embed\/OHecnFDGZ4s?feature=oembed\" frameborder=\"0\" allow=\"accelerometer; autoplay; clipboard-write; encrypted-media; gyroscope; picture-in-picture; web-share\" referrerpolicy=\"strict-origin-when-cross-origin\" allowfullscreen><\/iframe><\/p>\n<p>&nbsp;<\/p>\n<p><strong>Altres fotos<\/strong><br \/>\n<div class=\"tiled-gallery type-rectangular tiled-gallery-unresized\" data-original-width=\"900\" data-carousel-extra='{&quot;blog_id&quot;:1,&quot;permalink&quot;:&quot;https:\\\/\\\/opistobranquis.info\\\/ca\\\/guia\\\/nudibranchia\\\/cladobranchia\\\/aeolidioidea\\\/godiva-quadricolor\\\/&quot;,&quot;likes_blog_id&quot;:44192421}' itemscope itemtype=\"http:\/\/schema.org\/ImageGallery\" > <div class=\"gallery-row\" style=\"width: 900px; height: 624px;\" data-original-width=\"900\" data-original-height=\"624\" > <div class=\"gallery-group images-2\" style=\"width: 483px; height: 624px;\" data-original-width=\"483\" data-original-height=\"624\" > <div class=\"tiled-gallery-item tiled-gallery-item-large\" itemprop=\"associatedMedia\" itemscope itemtype=\"http:\/\/schema.org\/ImageObject\"> <a href=\"https:\/\/opistobranquis.info\/ca\/guia\/nudibranchia\/cladobranchia\/aeolidioidea\/godiva-quadricolor\/th_dsc_0141-godiva-quadricolor\/\" border=\"0\" itemprop=\"url\"> <meta itemprop=\"width\" content=\"479\"> <meta itemprop=\"height\" content=\"298\"> <img decoding=\"async\" class=\"\" data-attachment-id=\"11390\" data-orig-file=\"https:\/\/opistobranquis.info\/wp-content\/uploads\/2013\/10\/th_DSC_0141-Godiva-quadricolor.jpg\" data-orig-size=\"800,497\" data-comments-opened=\"\" data-image-title=\"Godiva quadricolor\" data-image-description=\"&lt;p&gt;Godiva quadricolor&lt;\/p&gt; \" data-medium-file=\"https:\/\/i0.wp.com\/opistobranquis.info\/wp-content\/uploads\/2013\/10\/th_DSC_0141-Godiva-quadricolor.jpg?fit=300%2C186&#038;ssl=1\" data-large-file=\"https:\/\/i0.wp.com\/opistobranquis.info\/wp-content\/uploads\/2013\/10\/th_DSC_0141-Godiva-quadricolor.jpg?fit=800%2C497&#038;ssl=1\" src=\"https:\/\/i0.wp.com\/opistobranquis.info\/wp-content\/uploads\/2013\/10\/th_DSC_0141-Godiva-quadricolor.jpg?w=479&#038;h=298&#038;ssl=1\" srcset=\"https:\/\/i0.wp.com\/opistobranquis.info\/wp-content\/uploads\/2013\/10\/th_DSC_0141-Godiva-quadricolor.jpg?w=800&amp;ssl=1 800w, https:\/\/i0.wp.com\/opistobranquis.info\/wp-content\/uploads\/2013\/10\/th_DSC_0141-Godiva-quadricolor.jpg?resize=150%2C93&amp;ssl=1 150w, https:\/\/i0.wp.com\/opistobranquis.info\/wp-content\/uploads\/2013\/10\/th_DSC_0141-Godiva-quadricolor.jpg?resize=300%2C186&amp;ssl=1 300w\" width=\"479\" height=\"298\" loading=\"lazy\" data-original-width=\"479\" data-original-height=\"298\" itemprop=\"http:\/\/schema.org\/image\" title=\"Godiva quadricolor\" alt=\"Godiva quadricolor\" style=\"width: 479px; height: 298px;\" \/> <\/a> <div class=\"tiled-gallery-caption\" itemprop=\"caption description\"> Godiva quadricolor <\/div> <\/div> <div class=\"tiled-gallery-item tiled-gallery-item-large\" itemprop=\"associatedMedia\" itemscope itemtype=\"http:\/\/schema.org\/ImageObject\"> <a href=\"https:\/\/opistobranquis.info\/ca\/guia\/nudibranchia\/cladobranchia\/aeolidioidea\/godiva-quadricolor\/godiva-quadricolor-lago-di-sabaudia-liguria-2013-by-lorenzo-terraneo\/\" border=\"0\" itemprop=\"url\"> <meta itemprop=\"width\" content=\"479\"> <meta itemprop=\"height\" content=\"318\"> <img decoding=\"async\" class=\"\" data-attachment-id=\"18841\" data-orig-file=\"https:\/\/opistobranquis.info\/wp-content\/uploads\/2013\/10\/Godiva-quadricolor-@-Lago-di-Sabaudia-Liguria-2013-by-Lorenzo-Terraneo.jpg\" data-orig-size=\"800,531\" data-comments-opened=\"\" data-image-title=\"Godiva quadricolor @ Lago di Sabaudia (Liguria) 2013 by Lorenzo Terraneo\" data-image-description=\"&lt;p&gt;Godiva quadricolor @ Lago di Sabaudia (Liguria) 2013 by Lorenzo Terraneo&lt;\/p&gt; \" data-medium-file=\"https:\/\/i0.wp.com\/opistobranquis.info\/wp-content\/uploads\/2013\/10\/Godiva-quadricolor-%40-Lago-di-Sabaudia-Liguria-2013-by-Lorenzo-Terraneo.jpg?fit=300%2C199&#038;ssl=1\" data-large-file=\"https:\/\/i0.wp.com\/opistobranquis.info\/wp-content\/uploads\/2013\/10\/Godiva-quadricolor-%40-Lago-di-Sabaudia-Liguria-2013-by-Lorenzo-Terraneo.jpg?fit=800%2C531&#038;ssl=1\" src=\"https:\/\/i0.wp.com\/opistobranquis.info\/wp-content\/uploads\/2013\/10\/Godiva-quadricolor-%40-Lago-di-Sabaudia-Liguria-2013-by-Lorenzo-Terraneo.jpg?w=479&#038;h=318&#038;ssl=1\" width=\"479\" height=\"318\" loading=\"lazy\" data-original-width=\"479\" data-original-height=\"318\" itemprop=\"http:\/\/schema.org\/image\" title=\"Godiva quadricolor @ Lago di Sabaudia (Liguria) 2013 by Lorenzo Terraneo\" alt=\"Godiva quadricolor @ Lago di Sabaudia (Liguria) 2013 by Lorenzo Terraneo\" style=\"width: 479px; height: 318px;\" \/> <\/a> <div class=\"tiled-gallery-caption\" itemprop=\"caption description\"> Godiva quadricolor @ Lago di Sabaudia (Liguria) 2013 by Lorenzo Terraneo <\/div> <\/div> <\/div> <!-- close group --> <div class=\"gallery-group images-1\" style=\"width: 417px; height: 624px;\" data-original-width=\"417\" data-original-height=\"624\" > <div class=\"tiled-gallery-item tiled-gallery-item-large\" itemprop=\"associatedMedia\" itemscope itemtype=\"http:\/\/schema.org\/ImageObject\"> <a href=\"https:\/\/opistobranquis.info\/ca\/guia\/nudibranchia\/cladobranchia\/aeolidioidea\/godiva-quadricolor\/godiva-quadricolor-laguna-fusaro-bacoli-napoli-march-2015-by-guido-villani-dsc_0056-web\/\" border=\"0\" itemprop=\"url\"> <meta itemprop=\"width\" content=\"413\"> <meta itemprop=\"height\" content=\"620\"> <img decoding=\"async\" class=\"\" data-attachment-id=\"19615\" data-orig-file=\"https:\/\/opistobranquis.info\/wp-content\/uploads\/2013\/10\/Godiva-quadricolor-@-Laguna-Fusaro-Bacoli-Napoli-March-2015-by-Guido-Villani-DSC_0056.-\u00aeweb.jpg\" data-orig-size=\"420,630\" data-comments-opened=\"\" data-image-title=\"Godiva quadricolor @ Laguna Fusaro, Bacoli, Napoli (March 2015) by Guido Villani\" data-image-description=\"&lt;p&gt;Godiva quadricolor @ Laguna Fusaro, Bacoli, Napoli (March 2015) by Guido Villani&lt;\/p&gt; \" data-medium-file=\"https:\/\/i0.wp.com\/opistobranquis.info\/wp-content\/uploads\/2013\/10\/Godiva-quadricolor-%40-Laguna-Fusaro-Bacoli-Napoli-March-2015-by-Guido-Villani-DSC_0056.-%C2%AEweb.jpg?fit=200%2C300&#038;ssl=1\" data-large-file=\"https:\/\/i0.wp.com\/opistobranquis.info\/wp-content\/uploads\/2013\/10\/Godiva-quadricolor-%40-Laguna-Fusaro-Bacoli-Napoli-March-2015-by-Guido-Villani-DSC_0056.-%C2%AEweb.jpg?fit=420%2C630&#038;ssl=1\" src=\"https:\/\/i0.wp.com\/opistobranquis.info\/wp-content\/uploads\/2013\/10\/Godiva-quadricolor-%40-Laguna-Fusaro-Bacoli-Napoli-March-2015-by-Guido-Villani-DSC_0056.-%C2%AEweb.jpg?w=413&#038;h=620&#038;ssl=1\" width=\"413\" height=\"620\" loading=\"lazy\" data-original-width=\"413\" data-original-height=\"620\" itemprop=\"http:\/\/schema.org\/image\" title=\"Godiva quadricolor @ Laguna Fusaro, Bacoli, Napoli (March 2015) by Guido Villani\" alt=\"Godiva quadricolor @ Laguna Fusaro, Bacoli, Napoli (March 2015) by Guido Villani\" style=\"width: 413px; height: 620px;\" \/> <\/a> <div class=\"tiled-gallery-caption\" itemprop=\"caption description\"> Godiva quadricolor @ Laguna Fusaro, Bacoli, Napoli (March 2015) by Guido Villani <\/div> <\/div> <\/div> <!-- close group --> <\/div> <!-- close row --> <div class=\"gallery-row\" style=\"width: 900px; height: 416px;\" data-original-width=\"900\" data-original-height=\"416\" > <div class=\"gallery-group images-1\" style=\"width: 621px; height: 416px;\" data-original-width=\"621\" data-original-height=\"416\" > <div class=\"tiled-gallery-item tiled-gallery-item-large\" itemprop=\"associatedMedia\" itemscope itemtype=\"http:\/\/schema.org\/ImageObject\"> <a href=\"https:\/\/opistobranquis.info\/ca\/guia\/nudibranchia\/cladobranchia\/aeolidioidea\/godiva-quadricolor\/godiva-quadricolor-laguna-fusaro-bacoli-napoli-march-2015-by-guido-villani-lem_5493-web\/\" border=\"0\" itemprop=\"url\"> <meta itemprop=\"width\" content=\"617\"> <meta itemprop=\"height\" content=\"412\"> <img decoding=\"async\" class=\"\" data-attachment-id=\"19616\" data-orig-file=\"https:\/\/opistobranquis.info\/wp-content\/uploads\/2013\/10\/Godiva-quadricolor-@-Laguna-Fusaro-Bacoli-Napoli-March-2015-by-Guido-Villani-LEM_5493.-\u00aeweb.jpg\" data-orig-size=\"630,420\" data-comments-opened=\"\" data-image-title=\"Godiva quadricolor @ Laguna Fusaro, Bacoli, Napoli (March 2015) by Guido Villani\" data-image-description=\"&lt;p&gt;Godiva quadricolor @ Laguna Fusaro, Bacoli, Napoli (March 2015) by Guido Villani&lt;\/p&gt; \" data-medium-file=\"https:\/\/i0.wp.com\/opistobranquis.info\/wp-content\/uploads\/2013\/10\/Godiva-quadricolor-%40-Laguna-Fusaro-Bacoli-Napoli-March-2015-by-Guido-Villani-LEM_5493.-%C2%AEweb.jpg?fit=300%2C200&#038;ssl=1\" data-large-file=\"https:\/\/i0.wp.com\/opistobranquis.info\/wp-content\/uploads\/2013\/10\/Godiva-quadricolor-%40-Laguna-Fusaro-Bacoli-Napoli-March-2015-by-Guido-Villani-LEM_5493.-%C2%AEweb.jpg?fit=630%2C420&#038;ssl=1\" src=\"https:\/\/i0.wp.com\/opistobranquis.info\/wp-content\/uploads\/2013\/10\/Godiva-quadricolor-%40-Laguna-Fusaro-Bacoli-Napoli-March-2015-by-Guido-Villani-LEM_5493.-%C2%AEweb.jpg?w=617&#038;h=412&#038;ssl=1\" width=\"617\" height=\"412\" loading=\"lazy\" data-original-width=\"617\" data-original-height=\"412\" itemprop=\"http:\/\/schema.org\/image\" title=\"Godiva quadricolor @ Laguna Fusaro, Bacoli, Napoli (March 2015) by Guido Villani\" alt=\"Godiva quadricolor @ Laguna Fusaro, Bacoli, Napoli (March 2015) by Guido Villani\" style=\"width: 617px; height: 412px;\" \/> <\/a> <div class=\"tiled-gallery-caption\" itemprop=\"caption description\"> Godiva quadricolor @ Laguna Fusaro, Bacoli, Napoli (March 2015) by Guido Villani <\/div> <\/div> <\/div> <!-- close group --> <div class=\"gallery-group images-1\" style=\"width: 279px; height: 416px;\" data-original-width=\"279\" data-original-height=\"416\" > <div class=\"tiled-gallery-item tiled-gallery-item-large\" itemprop=\"associatedMedia\" itemscope itemtype=\"http:\/\/schema.org\/ImageObject\"> <a href=\"https:\/\/opistobranquis.info\/ca\/guia\/nudibranchia\/cladobranchia\/aeolidioidea\/godiva-quadricolor\/godiva-quadricolor-laguna-fusaro-bacoli-napoli-march-2015-by-guido-villani-med_5661-web\/\" border=\"0\" itemprop=\"url\"> <meta itemprop=\"width\" content=\"275\"> <meta itemprop=\"height\" content=\"412\"> <img decoding=\"async\" class=\"\" data-attachment-id=\"19617\" data-orig-file=\"https:\/\/opistobranquis.info\/wp-content\/uploads\/2013\/10\/Godiva-quadricolor-@-Laguna-Fusaro-Bacoli-Napoli-March-2015-by-Guido-Villani-MED_5661.-\u00aeweb.jpg\" data-orig-size=\"525,787\" data-comments-opened=\"\" data-image-title=\"Godiva quadricolor @ Laguna Fusaro, Bacoli, Napoli (March 2015) by Guido Villani\" data-image-description=\"&lt;p&gt;Godiva quadricolor @ Laguna Fusaro, Bacoli, Napoli (March 2015) by Guido Villani&lt;\/p&gt; \" data-medium-file=\"https:\/\/i0.wp.com\/opistobranquis.info\/wp-content\/uploads\/2013\/10\/Godiva-quadricolor-%40-Laguna-Fusaro-Bacoli-Napoli-March-2015-by-Guido-Villani-MED_5661.-%C2%AEweb.jpg?fit=200%2C300&#038;ssl=1\" data-large-file=\"https:\/\/i0.wp.com\/opistobranquis.info\/wp-content\/uploads\/2013\/10\/Godiva-quadricolor-%40-Laguna-Fusaro-Bacoli-Napoli-March-2015-by-Guido-Villani-MED_5661.-%C2%AEweb.jpg?fit=525%2C787&#038;ssl=1\" src=\"https:\/\/i0.wp.com\/opistobranquis.info\/wp-content\/uploads\/2013\/10\/Godiva-quadricolor-%40-Laguna-Fusaro-Bacoli-Napoli-March-2015-by-Guido-Villani-MED_5661.-%C2%AEweb.jpg?w=275&#038;h=412&#038;ssl=1\" width=\"275\" height=\"412\" loading=\"lazy\" data-original-width=\"275\" data-original-height=\"412\" itemprop=\"http:\/\/schema.org\/image\" title=\"Godiva quadricolor @ Laguna Fusaro, Bacoli, Napoli (March 2015) by Guido Villani\" alt=\"Godiva quadricolor @ Laguna Fusaro, Bacoli, Napoli (March 2015) by Guido Villani\" style=\"width: 275px; height: 412px;\" \/> <\/a> <div class=\"tiled-gallery-caption\" itemprop=\"caption description\"> Godiva quadricolor @ Laguna Fusaro, Bacoli, Napoli (March 2015) by Guido Villani <\/div> <\/div> <\/div> <!-- close group --> <\/div> <!-- close row --> <div class=\"gallery-row\" style=\"width: 900px; height: 426px;\" data-original-width=\"900\" data-original-height=\"426\" > <div class=\"gallery-group images-1\" style=\"width: 615px; height: 426px;\" data-original-width=\"615\" data-original-height=\"426\" > <div class=\"tiled-gallery-item tiled-gallery-item-large\" itemprop=\"associatedMedia\" itemscope itemtype=\"http:\/\/schema.org\/ImageObject\"> <a href=\"https:\/\/opistobranquis.info\/ca\/guia\/nudibranchia\/cladobranchia\/aeolidioidea\/godiva-quadricolor\/godiva-quadricolor-laguna-maremorto-bacoli-napoli-april-2000-by-guido-villani-12-%c2%ad%e2%80%90ea-%c2%ad%e2%80%90web\/\" border=\"0\" itemprop=\"url\"> <meta itemprop=\"width\" content=\"611\"> <meta itemprop=\"height\" content=\"422\"> <img decoding=\"async\" class=\"\" data-attachment-id=\"19618\" data-orig-file=\"https:\/\/opistobranquis.info\/wp-content\/uploads\/2013\/10\/Godiva-quadricolor-@-Laguna-Maremorto-Bacoli-Napoli-April-2000-by-Guido-Villani-12-\u00ad\u2010ea\u00a9-\u00ad\u2010web.jpg\" data-orig-size=\"1123,775\" data-comments-opened=\"\" data-image-title=\"Godiva quadricolor @ Laguna Maremorto, Bacoli, Napoli (July 2013) by Guido Villani\" data-image-description=\"&lt;p&gt;Godiva quadricolor @ Laguna Maremorto, Bacoli, Napoli (July 2013) by Guido Villani&lt;\/p&gt; \" data-medium-file=\"https:\/\/i0.wp.com\/opistobranquis.info\/wp-content\/uploads\/2013\/10\/Godiva-quadricolor-%40-Laguna-Maremorto-Bacoli-Napoli-April-2000-by-Guido-Villani-12-%C2%AD%E2%80%90ea%C2%A9-%C2%AD%E2%80%90web.jpg?fit=300%2C207&#038;ssl=1\" data-large-file=\"https:\/\/i0.wp.com\/opistobranquis.info\/wp-content\/uploads\/2013\/10\/Godiva-quadricolor-%40-Laguna-Maremorto-Bacoli-Napoli-April-2000-by-Guido-Villani-12-%C2%AD%E2%80%90ea%C2%A9-%C2%AD%E2%80%90web.jpg?fit=900%2C621&#038;ssl=1\" src=\"https:\/\/i0.wp.com\/opistobranquis.info\/wp-content\/uploads\/2013\/10\/Godiva-quadricolor-%40-Laguna-Maremorto-Bacoli-Napoli-April-2000-by-Guido-Villani-12-%C2%AD%E2%80%90ea%C2%A9-%C2%AD%E2%80%90web.jpg?w=611&#038;h=422&#038;ssl=1\" width=\"611\" height=\"422\" loading=\"lazy\" data-original-width=\"611\" data-original-height=\"422\" itemprop=\"http:\/\/schema.org\/image\" title=\"Godiva quadricolor @ Laguna Maremorto, Bacoli, Napoli (July 2013) by Guido Villani\" alt=\"Godiva quadricolor @ Laguna Maremorto, Bacoli, Napoli (July 2013) by Guido Villani\" style=\"width: 611px; height: 422px;\" \/> <\/a> <div class=\"tiled-gallery-caption\" itemprop=\"caption description\"> Godiva quadricolor @ Laguna Maremorto, Bacoli, Napoli (July 2013) by Guido Villani <\/div> <\/div> <\/div> <!-- close group --> <div class=\"gallery-group images-1\" style=\"width: 285px; height: 426px;\" data-original-width=\"285\" data-original-height=\"426\" > <div class=\"tiled-gallery-item tiled-gallery-item-large\" itemprop=\"associatedMedia\" itemscope itemtype=\"http:\/\/schema.org\/ImageObject\"> <a href=\"https:\/\/opistobranquis.info\/ca\/guia\/nudibranchia\/cladobranchia\/aeolidioidea\/godiva-quadricolor\/godiva-quadricolor-laguna-maremorto-bacoli-napoli-july-2013-by-guido-villani-dsc_2701-web\/\" border=\"0\" itemprop=\"url\"> <meta itemprop=\"width\" content=\"281\"> <meta itemprop=\"height\" content=\"422\"> <img decoding=\"async\" class=\"\" data-attachment-id=\"19619\" data-orig-file=\"https:\/\/opistobranquis.info\/wp-content\/uploads\/2013\/10\/Godiva-quadricolor-@-Laguna-Maremorto-Bacoli-Napoli-July-2013-by-Guido-Villani-DSC_2701.-\u00aeweb.jpg\" data-orig-size=\"734,1101\" data-comments-opened=\"\" data-image-title=\"Godiva quadricolor @ Laguna Maremorto, Bacoli, Napoli (July 2013) by Guido Villani\" data-image-description=\"&lt;p&gt;Godiva quadricolor @ Laguna Maremorto, Bacoli, Napoli (July 2013) by Guido Villani&lt;\/p&gt; \" data-medium-file=\"https:\/\/i0.wp.com\/opistobranquis.info\/wp-content\/uploads\/2013\/10\/Godiva-quadricolor-%40-Laguna-Maremorto-Bacoli-Napoli-July-2013-by-Guido-Villani-DSC_2701.-%C2%AEweb.jpg?fit=200%2C300&#038;ssl=1\" data-large-file=\"https:\/\/i0.wp.com\/opistobranquis.info\/wp-content\/uploads\/2013\/10\/Godiva-quadricolor-%40-Laguna-Maremorto-Bacoli-Napoli-July-2013-by-Guido-Villani-DSC_2701.-%C2%AEweb.jpg?fit=683%2C1024&#038;ssl=1\" src=\"https:\/\/i0.wp.com\/opistobranquis.info\/wp-content\/uploads\/2013\/10\/Godiva-quadricolor-%40-Laguna-Maremorto-Bacoli-Napoli-July-2013-by-Guido-Villani-DSC_2701.-%C2%AEweb.jpg?w=281&#038;h=422&#038;ssl=1\" width=\"281\" height=\"422\" loading=\"lazy\" data-original-width=\"281\" data-original-height=\"422\" itemprop=\"http:\/\/schema.org\/image\" title=\"Godiva quadricolor @ Laguna Maremorto, Bacoli, Napoli (July 2013) by Guido Villani\" alt=\"Godiva quadricolor @ Laguna Maremorto, Bacoli, Napoli (July 2013) by Guido Villani\" style=\"width: 281px; height: 422px;\" \/> <\/a> <div class=\"tiled-gallery-caption\" itemprop=\"caption description\"> Godiva quadricolor @ Laguna Maremorto, Bacoli, Napoli (July 2013) by Guido Villani <\/div> <\/div> <\/div> <!-- close group --> <\/div> <!-- close row --> <div class=\"gallery-row\" style=\"width: 900px; height: 409px;\" data-original-width=\"900\" data-original-height=\"409\" > <div class=\"gallery-group images-1\" style=\"width: 613px; height: 409px;\" data-original-width=\"613\" data-original-height=\"409\" > <div class=\"tiled-gallery-item tiled-gallery-item-large\" itemprop=\"associatedMedia\" itemscope itemtype=\"http:\/\/schema.org\/ImageObject\"> <a href=\"https:\/\/opistobranquis.info\/ca\/guia\/nudibranchia\/cladobranchia\/aeolidioidea\/godiva-quadricolor\/godiva-quadricolor-laguna-maremorto-bacoli-napoli-july-2013-by-guido-villani-dsc_7261_2000-web\/\" border=\"0\" itemprop=\"url\"> <meta itemprop=\"width\" content=\"609\"> <meta itemprop=\"height\" content=\"405\"> <img decoding=\"async\" class=\"\" data-attachment-id=\"19621\" data-orig-file=\"https:\/\/opistobranquis.info\/wp-content\/uploads\/2013\/10\/Godiva-quadricolor-@-Laguna-Maremorto-Bacoli-Napoli-July-2013-by-Guido-Villani-DSC_7261_2000.-\u00aeweb.jpg\" data-orig-size=\"630,419\" data-comments-opened=\"\" data-image-title=\"Godiva quadricolor @ Laguna Maremorto, Bacoli, Napoli (July 2013) by Guido Villani\" data-image-description=\"&lt;p&gt;Godiva quadricolor @ Laguna Maremorto, Bacoli, Napoli (July 2013) by Guido Villani&lt;\/p&gt; \" data-medium-file=\"https:\/\/i0.wp.com\/opistobranquis.info\/wp-content\/uploads\/2013\/10\/Godiva-quadricolor-%40-Laguna-Maremorto-Bacoli-Napoli-July-2013-by-Guido-Villani-DSC_7261_2000.-%C2%AEweb.jpg?fit=300%2C200&#038;ssl=1\" data-large-file=\"https:\/\/i0.wp.com\/opistobranquis.info\/wp-content\/uploads\/2013\/10\/Godiva-quadricolor-%40-Laguna-Maremorto-Bacoli-Napoli-July-2013-by-Guido-Villani-DSC_7261_2000.-%C2%AEweb.jpg?fit=630%2C419&#038;ssl=1\" src=\"https:\/\/i0.wp.com\/opistobranquis.info\/wp-content\/uploads\/2013\/10\/Godiva-quadricolor-%40-Laguna-Maremorto-Bacoli-Napoli-July-2013-by-Guido-Villani-DSC_7261_2000.-%C2%AEweb.jpg?w=609&#038;h=405&#038;ssl=1\" width=\"609\" height=\"405\" loading=\"lazy\" data-original-width=\"609\" data-original-height=\"405\" itemprop=\"http:\/\/schema.org\/image\" title=\"Godiva quadricolor @ Laguna Maremorto, Bacoli, Napoli (July 2013) by Guido Villani\" alt=\"Godiva quadricolor @ Laguna Maremorto, Bacoli, Napoli (July 2013) by Guido Villani\" style=\"width: 609px; height: 405px;\" \/> <\/a> <div class=\"tiled-gallery-caption\" itemprop=\"caption description\"> Godiva quadricolor @ Laguna Maremorto, Bacoli, Napoli (July 2013) by Guido Villani <\/div> <\/div> <\/div> <!-- close group --> <div class=\"gallery-group images-2\" style=\"width: 287px; height: 409px;\" data-original-width=\"287\" data-original-height=\"409\" > <div class=\"tiled-gallery-item tiled-gallery-item-large\" itemprop=\"associatedMedia\" itemscope itemtype=\"http:\/\/schema.org\/ImageObject\"> <a href=\"https:\/\/opistobranquis.info\/ca\/guia\/nudibranchia\/cladobranchia\/aeolidioidea\/godiva-quadricolor\/godiva-quadricolor-santagnello-naples-italy-in-2m-on-21-07-2015-by-fabio-russo\/\" border=\"0\" itemprop=\"url\"> <meta itemprop=\"width\" content=\"283\"> <meta itemprop=\"height\" content=\"188\"> <img decoding=\"async\" class=\"\" data-attachment-id=\"19858\" data-orig-file=\"https:\/\/opistobranquis.info\/wp-content\/uploads\/2013\/10\/Godiva-quadricolor-@-SantAgnello-Naples-Italy-in-2m-on-21-07-2015-by-Fabio-Russo.jpg\" data-orig-size=\"720,479\" data-comments-opened=\"\" data-image-title=\"Godiva quadricolor @ Sant&amp;#8217;Agnello, Naples, Italy in 2m on 21-07-2015 by Fabio Russo\" data-image-description=\"&lt;p&gt;Godiva quadricolor @ Sant&amp;#8217;Agnello, Naples, Italy in 2m on 21-07-2015 by Fabio Russo&lt;\/p&gt; \" data-medium-file=\"https:\/\/i0.wp.com\/opistobranquis.info\/wp-content\/uploads\/2013\/10\/Godiva-quadricolor-%40-SantAgnello-Naples-Italy-in-2m-on-21-07-2015-by-Fabio-Russo.jpg?fit=300%2C200&#038;ssl=1\" data-large-file=\"https:\/\/i0.wp.com\/opistobranquis.info\/wp-content\/uploads\/2013\/10\/Godiva-quadricolor-%40-SantAgnello-Naples-Italy-in-2m-on-21-07-2015-by-Fabio-Russo.jpg?fit=720%2C479&#038;ssl=1\" src=\"https:\/\/i0.wp.com\/opistobranquis.info\/wp-content\/uploads\/2013\/10\/Godiva-quadricolor-%40-SantAgnello-Naples-Italy-in-2m-on-21-07-2015-by-Fabio-Russo.jpg?w=283&#038;h=188&#038;ssl=1\" width=\"283\" height=\"188\" loading=\"lazy\" data-original-width=\"283\" data-original-height=\"188\" itemprop=\"http:\/\/schema.org\/image\" title=\"Godiva quadricolor @ Sant&#039;Agnello, Naples, Italy in 2m on 21-07-2015 by Fabio Russo\" alt=\"Godiva quadricolor @ Sant&#039;Agnello, Naples, Italy in 2m on 21-07-2015 by Fabio Russo\" style=\"width: 283px; height: 188px;\" \/> <\/a> <div class=\"tiled-gallery-caption\" itemprop=\"caption description\"> Godiva quadricolor @ Sant&#8217;Agnello, Naples, Italy in 2m on 21-07-2015 by Fabio Russo <\/div> <\/div> <div class=\"tiled-gallery-item tiled-gallery-item-large\" itemprop=\"associatedMedia\" itemscope itemtype=\"http:\/\/schema.org\/ImageObject\"> <a href=\"https:\/\/opistobranquis.info\/ca\/guia\/nudibranchia\/cladobranchia\/aeolidioidea\/godiva-quadricolor\/godiva-quadricolor-50mm-thau-france-2-11-2016-by-patrice-petit-de-voize\/\" border=\"0\" itemprop=\"url\"> <meta itemprop=\"width\" content=\"283\"> <meta itemprop=\"height\" content=\"213\"> <img decoding=\"async\" class=\"\" data-attachment-id=\"22785\" data-orig-file=\"https:\/\/opistobranquis.info\/wp-content\/uploads\/2013\/10\/Godiva-quadricolor-50mm-@-Thau-France-2-11-2016-by-Patrice-Petit-de-Voize.jpg\" data-orig-size=\"960,721\" data-comments-opened=\"\" data-image-title=\"Godiva quadricolor 50mm @ Thau, France 2-11-2016 by Patrice Petit de Voize\" data-image-description=\"&lt;p&gt;Godiva quadricolor 50mm @ Thau, France 2-11-2016 by Patrice Petit de Voize&lt;\/p&gt; \" data-medium-file=\"https:\/\/i0.wp.com\/opistobranquis.info\/wp-content\/uploads\/2013\/10\/Godiva-quadricolor-50mm-%40-Thau-France-2-11-2016-by-Patrice-Petit-de-Voize.jpg?fit=300%2C225&#038;ssl=1\" data-large-file=\"https:\/\/i0.wp.com\/opistobranquis.info\/wp-content\/uploads\/2013\/10\/Godiva-quadricolor-50mm-%40-Thau-France-2-11-2016-by-Patrice-Petit-de-Voize.jpg?fit=900%2C676&#038;ssl=1\" src=\"https:\/\/i0.wp.com\/opistobranquis.info\/wp-content\/uploads\/2013\/10\/Godiva-quadricolor-50mm-%40-Thau-France-2-11-2016-by-Patrice-Petit-de-Voize.jpg?w=283&#038;h=213&#038;ssl=1\" width=\"283\" height=\"213\" loading=\"lazy\" data-original-width=\"283\" data-original-height=\"213\" itemprop=\"http:\/\/schema.org\/image\" title=\"Godiva quadricolor 50mm @ Thau, France 2-11-2016 by Patrice Petit de Voize\" alt=\"Godiva quadricolor 50mm @ Thau, France 2-11-2016 by Patrice Petit de Voize\" style=\"width: 283px; height: 213px;\" \/> <\/a> <div class=\"tiled-gallery-caption\" itemprop=\"caption description\"> Godiva quadricolor 50mm @ Thau, France 2-11-2016 by Patrice Petit de Voize <\/div> <\/div> <\/div> <!-- close group --> <\/div> <!-- close row --> <div class=\"gallery-row\" style=\"width: 900px; height: 410px;\" data-original-width=\"900\" data-original-height=\"410\" > <div class=\"gallery-group images-2\" style=\"width: 287px; height: 410px;\" data-original-width=\"287\" data-original-height=\"410\" > <div class=\"tiled-gallery-item tiled-gallery-item-large\" itemprop=\"associatedMedia\" itemscope itemtype=\"http:\/\/schema.org\/ImageObject\"> <a href=\"https:\/\/opistobranquis.info\/ca\/guia\/nudibranchia\/cladobranchia\/aeolidioidea\/godiva-quadricolor\/godiva-quadricolor-spawn-etang-de-thau-france-2-11-2016-by-patrice-petit-de-voize\/\" border=\"0\" itemprop=\"url\"> <meta itemprop=\"width\" content=\"283\"> <meta itemprop=\"height\" content=\"213\"> <img decoding=\"async\" class=\"\" data-attachment-id=\"22788\" data-orig-file=\"https:\/\/opistobranquis.info\/wp-content\/uploads\/2013\/10\/Godiva-quadricolor-spawn-@-Etang-de-Thau-France-2-11-2016-by-Patrice-Petit-de-Voize.jpg\" data-orig-size=\"960,720\" data-comments-opened=\"\" data-image-title=\"Godiva quadricolor spawn @ Etang de Thau, France 2-11-2016 by Patrice Petit de Voize\" data-image-description=\"&lt;p&gt;Godiva quadricolor spawn @ Etang de Thau, France 2-11-2016 by Patrice Petit de Voize&lt;\/p&gt; \" data-medium-file=\"https:\/\/i0.wp.com\/opistobranquis.info\/wp-content\/uploads\/2013\/10\/Godiva-quadricolor-spawn-%40-Etang-de-Thau-France-2-11-2016-by-Patrice-Petit-de-Voize.jpg?fit=300%2C225&#038;ssl=1\" data-large-file=\"https:\/\/i0.wp.com\/opistobranquis.info\/wp-content\/uploads\/2013\/10\/Godiva-quadricolor-spawn-%40-Etang-de-Thau-France-2-11-2016-by-Patrice-Petit-de-Voize.jpg?fit=900%2C675&#038;ssl=1\" src=\"https:\/\/i0.wp.com\/opistobranquis.info\/wp-content\/uploads\/2013\/10\/Godiva-quadricolor-spawn-%40-Etang-de-Thau-France-2-11-2016-by-Patrice-Petit-de-Voize.jpg?w=283&#038;h=213&#038;ssl=1\" width=\"283\" height=\"213\" loading=\"lazy\" data-original-width=\"283\" data-original-height=\"213\" itemprop=\"http:\/\/schema.org\/image\" title=\"Godiva quadricolor spawn @ Etang de Thau, France 2-11-2016 by Patrice Petit de Voize\" alt=\"Godiva quadricolor spawn @ Etang de Thau, France 2-11-2016 by Patrice Petit de Voize\" style=\"width: 283px; height: 213px;\" \/> <\/a> <div class=\"tiled-gallery-caption\" itemprop=\"caption description\"> Godiva quadricolor spawn @ Etang de Thau, France 2-11-2016 by Patrice Petit de Voize <\/div> <\/div> <div class=\"tiled-gallery-item tiled-gallery-item-large\" itemprop=\"associatedMedia\" itemscope itemtype=\"http:\/\/schema.org\/ImageObject\"> <a href=\"https:\/\/opistobranquis.info\/ca\/guia\/nudibranchia\/cladobranchia\/aeolidioidea\/godiva-quadricolor\/godiva-quadricolor-by-guido-villani-dsc_0101\/\" border=\"0\" itemprop=\"url\"> <meta itemprop=\"width\" content=\"283\"> <meta itemprop=\"height\" content=\"189\"> <img decoding=\"async\" class=\"\" data-attachment-id=\"31097\" data-orig-file=\"https:\/\/opistobranquis.info\/wp-content\/uploads\/2020\/12\/Godiva-quadricolor-by-Guido-Villani-DSC_0101.jpg\" data-orig-size=\"1280,853\" data-comments-opened=\"\" data-image-title=\"Godiva quadricolor by Guido Villani\" data-image-description=\"&lt;p&gt;Godiva quadricolor by Guido Villani&lt;\/p&gt; \" data-medium-file=\"https:\/\/i0.wp.com\/opistobranquis.info\/wp-content\/uploads\/2020\/12\/Godiva-quadricolor-by-Guido-Villani-DSC_0101.jpg?fit=300%2C200&#038;ssl=1\" data-large-file=\"https:\/\/i0.wp.com\/opistobranquis.info\/wp-content\/uploads\/2020\/12\/Godiva-quadricolor-by-Guido-Villani-DSC_0101.jpg?fit=900%2C599&#038;ssl=1\" src=\"https:\/\/i0.wp.com\/opistobranquis.info\/wp-content\/uploads\/2020\/12\/Godiva-quadricolor-by-Guido-Villani-DSC_0101.jpg?w=283&#038;h=189&#038;ssl=1\" srcset=\"https:\/\/i0.wp.com\/opistobranquis.info\/wp-content\/uploads\/2020\/12\/Godiva-quadricolor-by-Guido-Villani-DSC_0101.jpg?w=1280&amp;ssl=1 1280w, https:\/\/i0.wp.com\/opistobranquis.info\/wp-content\/uploads\/2020\/12\/Godiva-quadricolor-by-Guido-Villani-DSC_0101.jpg?resize=300%2C200&amp;ssl=1 300w, https:\/\/i0.wp.com\/opistobranquis.info\/wp-content\/uploads\/2020\/12\/Godiva-quadricolor-by-Guido-Villani-DSC_0101.jpg?resize=1024%2C682&amp;ssl=1 1024w, https:\/\/i0.wp.com\/opistobranquis.info\/wp-content\/uploads\/2020\/12\/Godiva-quadricolor-by-Guido-Villani-DSC_0101.jpg?resize=150%2C100&amp;ssl=1 150w\" width=\"283\" height=\"189\" loading=\"lazy\" data-original-width=\"283\" data-original-height=\"189\" itemprop=\"http:\/\/schema.org\/image\" title=\"Godiva quadricolor by Guido Villani\" alt=\"Godiva quadricolor by Guido Villani\" style=\"width: 283px; height: 189px;\" \/> <\/a> <div class=\"tiled-gallery-caption\" itemprop=\"caption description\"> Godiva quadricolor by Guido Villani <\/div> <\/div> <\/div> <!-- close group --> <div class=\"gallery-group images-1\" style=\"width: 613px; height: 410px;\" data-original-width=\"613\" data-original-height=\"410\" > <div class=\"tiled-gallery-item tiled-gallery-item-large\" itemprop=\"associatedMedia\" itemscope itemtype=\"http:\/\/schema.org\/ImageObject\"> <a href=\"https:\/\/opistobranquis.info\/ca\/guia\/nudibranchia\/cladobranchia\/aeolidioidea\/godiva-quadricolor\/godiva-quadricolor-by-guido-villani-dsc_2828\/\" border=\"0\" itemprop=\"url\"> <meta itemprop=\"width\" content=\"609\"> <meta itemprop=\"height\" content=\"406\"> <img decoding=\"async\" class=\"\" data-attachment-id=\"31098\" data-orig-file=\"https:\/\/opistobranquis.info\/wp-content\/uploads\/2020\/12\/Godiva-quadricolor-by-Guido-Villani-DSC_2828.jpg\" data-orig-size=\"1280,853\" data-comments-opened=\"\" data-image-title=\"Godiva quadricolor by Guido Villani\" data-image-description=\"&lt;p&gt;Godiva quadricolor by Guido Villani&lt;\/p&gt; \" data-medium-file=\"https:\/\/i0.wp.com\/opistobranquis.info\/wp-content\/uploads\/2020\/12\/Godiva-quadricolor-by-Guido-Villani-DSC_2828.jpg?fit=300%2C200&#038;ssl=1\" data-large-file=\"https:\/\/i0.wp.com\/opistobranquis.info\/wp-content\/uploads\/2020\/12\/Godiva-quadricolor-by-Guido-Villani-DSC_2828.jpg?fit=900%2C599&#038;ssl=1\" src=\"https:\/\/i0.wp.com\/opistobranquis.info\/wp-content\/uploads\/2020\/12\/Godiva-quadricolor-by-Guido-Villani-DSC_2828.jpg?w=609&#038;h=406&#038;ssl=1\" srcset=\"https:\/\/i0.wp.com\/opistobranquis.info\/wp-content\/uploads\/2020\/12\/Godiva-quadricolor-by-Guido-Villani-DSC_2828.jpg?w=1280&amp;ssl=1 1280w, https:\/\/i0.wp.com\/opistobranquis.info\/wp-content\/uploads\/2020\/12\/Godiva-quadricolor-by-Guido-Villani-DSC_2828.jpg?resize=300%2C200&amp;ssl=1 300w, https:\/\/i0.wp.com\/opistobranquis.info\/wp-content\/uploads\/2020\/12\/Godiva-quadricolor-by-Guido-Villani-DSC_2828.jpg?resize=1024%2C682&amp;ssl=1 1024w, https:\/\/i0.wp.com\/opistobranquis.info\/wp-content\/uploads\/2020\/12\/Godiva-quadricolor-by-Guido-Villani-DSC_2828.jpg?resize=150%2C100&amp;ssl=1 150w\" width=\"609\" height=\"406\" loading=\"lazy\" data-original-width=\"609\" data-original-height=\"406\" itemprop=\"http:\/\/schema.org\/image\" title=\"Godiva quadricolor by Guido Villani\" alt=\"Godiva quadricolor by Guido Villani\" style=\"width: 609px; height: 406px;\" \/> <\/a> <div class=\"tiled-gallery-caption\" itemprop=\"caption description\"> Godiva quadricolor @ Laguna Maremorto, Bacoli, Napoli (July 2013) <\/div> <\/div> <\/div> <!-- close group --> <\/div> <!-- close row --> <div class=\"gallery-row\" style=\"width: 900px; height: 299px;\" data-original-width=\"900\" data-original-height=\"299\" > <div class=\"gallery-group images-1\" style=\"width: 527px; height: 299px;\" data-original-width=\"527\" data-original-height=\"299\" > <div class=\"tiled-gallery-item tiled-gallery-item-large\" itemprop=\"associatedMedia\" itemscope itemtype=\"http:\/\/schema.org\/ImageObject\"> <a href=\"https:\/\/opistobranquis.info\/ca\/guia\/nudibranchia\/cladobranchia\/aeolidioidea\/godiva-quadricolor\/godiva-quadricolor-head-detail-france-by-pascal-girard\/\" border=\"0\" itemprop=\"url\"> <meta itemprop=\"width\" content=\"523\"> <meta itemprop=\"height\" content=\"295\"> <img decoding=\"async\" class=\"\" data-attachment-id=\"36144\" data-orig-file=\"https:\/\/opistobranquis.info\/wp-content\/uploads\/2022\/12\/Godiva-quadricolor-head-detail-@-France-by-Pascal-Girard.jpg\" data-orig-size=\"1280,721\" data-comments-opened=\"\" data-image-title=\"Godiva quadricolor head detail @ France by Pascal Girard\" data-image-description=\"&lt;p&gt;Godiva quadricolor head detail @ France by Pascal Girard&lt;\/p&gt; \" data-medium-file=\"https:\/\/i0.wp.com\/opistobranquis.info\/wp-content\/uploads\/2022\/12\/Godiva-quadricolor-head-detail-%40-France-by-Pascal-Girard.jpg?fit=300%2C169&#038;ssl=1\" data-large-file=\"https:\/\/i0.wp.com\/opistobranquis.info\/wp-content\/uploads\/2022\/12\/Godiva-quadricolor-head-detail-%40-France-by-Pascal-Girard.jpg?fit=900%2C507&#038;ssl=1\" src=\"https:\/\/i0.wp.com\/opistobranquis.info\/wp-content\/uploads\/2022\/12\/Godiva-quadricolor-head-detail-%40-France-by-Pascal-Girard.jpg?w=523&#038;h=295&#038;ssl=1\" width=\"523\" height=\"295\" loading=\"lazy\" data-original-width=\"523\" data-original-height=\"295\" itemprop=\"http:\/\/schema.org\/image\" title=\"Godiva quadricolor head detail @ France by Pascal Girard\" alt=\"Godiva quadricolor head detail @ France by Pascal Girard\" style=\"width: 523px; height: 295px;\" \/> <\/a> <div class=\"tiled-gallery-caption\" itemprop=\"caption description\"> Godiva quadricolor head detail @ France by Pascal Girard <\/div> <\/div> <\/div> <!-- close group --> <div class=\"gallery-group images-1\" style=\"width: 373px; height: 299px;\" data-original-width=\"373\" data-original-height=\"299\" > <div class=\"tiled-gallery-item tiled-gallery-item-large\" itemprop=\"associatedMedia\" itemscope itemtype=\"http:\/\/schema.org\/ImageObject\"> <a href=\"https:\/\/opistobranquis.info\/ca\/guia\/nudibranchia\/cladobranchia\/aeolidioidea\/godiva-quadricolor\/olympus-digital-camera-318\/\" border=\"0\" itemprop=\"url\"> <meta itemprop=\"width\" content=\"369\"> <meta itemprop=\"height\" content=\"295\"> <img decoding=\"async\" class=\"\" data-attachment-id=\"42547\" data-orig-file=\"https:\/\/opistobranquis.info\/wp-content\/uploads\/2023\/11\/Godiva-quadricolor-@-Cala-Egos-Mallorca-by-Tia-Pons-scaled.jpg\" data-orig-size=\"2560,2048\" data-comments-opened=\"\" data-image-title=\"Godiva quadricolor @ Cala Egos, Mallorca by Ti\u00e0 Pons\" data-image-description=\"&lt;p&gt;Godiva quadricolor @ Cala Egos, Mallorca by Ti\u00e0 Pons&lt;\/p&gt; \" data-medium-file=\"https:\/\/i0.wp.com\/opistobranquis.info\/wp-content\/uploads\/2023\/11\/Godiva-quadricolor-%40-Cala-Egos-Mallorca-by-Tia-Pons-scaled.jpg?fit=300%2C240&#038;ssl=1\" data-large-file=\"https:\/\/i0.wp.com\/opistobranquis.info\/wp-content\/uploads\/2023\/11\/Godiva-quadricolor-%40-Cala-Egos-Mallorca-by-Tia-Pons-scaled.jpg?fit=900%2C720&#038;ssl=1\" src=\"https:\/\/i0.wp.com\/opistobranquis.info\/wp-content\/uploads\/2023\/11\/Godiva-quadricolor-%40-Cala-Egos-Mallorca-by-Tia-Pons-scaled.jpg?w=369&#038;h=295&#038;ssl=1\" width=\"369\" height=\"295\" loading=\"lazy\" data-original-width=\"369\" data-original-height=\"295\" itemprop=\"http:\/\/schema.org\/image\" title=\"Godiva quadricolor @ Cala Egos, Mallorca by Ti\u00e0 Pons\" alt=\"Godiva quadricolor @ Cala Egos, Mallorca by Ti\u00e0 Pons\" style=\"width: 369px; height: 295px;\" \/> <\/a> <div class=\"tiled-gallery-caption\" itemprop=\"caption description\"> Godiva quadricolor @ Cala Egos, Mallorca by Ti\u00e0 Pons <\/div> <\/div> <\/div> <!-- close group --> <\/div> <!-- close row --> <div class=\"gallery-row\" style=\"width: 900px; height: 450px;\" data-original-width=\"900\" data-original-height=\"450\" > <div class=\"gallery-group images-1\" style=\"width: 450px; height: 450px;\" data-original-width=\"450\" data-original-height=\"450\" > <div class=\"tiled-gallery-item tiled-gallery-item-large\" itemprop=\"associatedMedia\" itemscope itemtype=\"http:\/\/schema.org\/ImageObject\"> <a href=\"https:\/\/opistobranquis.info\/ca\/guia\/nudibranchia\/cladobranchia\/aeolidioidea\/godiva-quadricolor\/godiva-quadricolor-almunecar-granada-by-luis-sanchez-tocino-2\/\" border=\"0\" itemprop=\"url\"> <meta itemprop=\"width\" content=\"446\"> <meta itemprop=\"height\" content=\"446\"> <img decoding=\"async\" class=\"\" data-attachment-id=\"42828\" data-orig-file=\"https:\/\/opistobranquis.info\/wp-content\/uploads\/2024\/01\/Godiva-quadricolor-@-Almunecar-Granada-by-Luis-Sanchez-Tocino-2.jpg\" data-orig-size=\"1000,1000\" data-comments-opened=\"\" data-image-title=\"Godiva quadricolor @ Almu\u00f1ecar (Granada) by Luis S\u00e1nchez Tocino\" data-image-description=\"&lt;p&gt;Godiva quadricolor @ Almu\u00f1ecar (Granada) by Luis S\u00e1nchez Tocino&lt;\/p&gt; \" data-medium-file=\"https:\/\/i0.wp.com\/opistobranquis.info\/wp-content\/uploads\/2024\/01\/Godiva-quadricolor-%40-Almunecar-Granada-by-Luis-Sanchez-Tocino-2.jpg?fit=300%2C300&#038;ssl=1\" data-large-file=\"https:\/\/i0.wp.com\/opistobranquis.info\/wp-content\/uploads\/2024\/01\/Godiva-quadricolor-%40-Almunecar-Granada-by-Luis-Sanchez-Tocino-2.jpg?fit=900%2C900&#038;ssl=1\" src=\"https:\/\/i0.wp.com\/opistobranquis.info\/wp-content\/uploads\/2024\/01\/Godiva-quadricolor-%40-Almunecar-Granada-by-Luis-Sanchez-Tocino-2.jpg?w=446&#038;h=446&#038;crop=1&#038;ssl=1\" width=\"446\" height=\"446\" loading=\"lazy\" data-original-width=\"446\" data-original-height=\"446\" itemprop=\"http:\/\/schema.org\/image\" title=\"Godiva quadricolor @ Almu\u00f1ecar (Granada) by Luis S\u00e1nchez Tocino\" alt=\"Godiva quadricolor @ Almu\u00f1ecar (Granada) by Luis S\u00e1nchez Tocino\" style=\"width: 446px; height: 446px;\" \/> <\/a> <div class=\"tiled-gallery-caption\" itemprop=\"caption description\"> Godiva quadricolor @ Almu\u00f1ecar (Granada) by Luis S\u00e1nchez Tocino <\/div> <\/div> <\/div> <!-- close group --> <div class=\"gallery-group images-1\" style=\"width: 450px; height: 450px;\" data-original-width=\"450\" data-original-height=\"450\" > <div class=\"tiled-gallery-item tiled-gallery-item-large\" itemprop=\"associatedMedia\" itemscope itemtype=\"http:\/\/schema.org\/ImageObject\"> <a href=\"https:\/\/opistobranquis.info\/ca\/guia\/nudibranchia\/cladobranchia\/aeolidioidea\/godiva-quadricolor\/godiva-quadricolor-almunecar-granada-by-luis-sanchez-tocino\/\" border=\"0\" itemprop=\"url\"> <meta itemprop=\"width\" content=\"446\"> <meta itemprop=\"height\" content=\"446\"> <img decoding=\"async\" class=\"\" data-attachment-id=\"42829\" data-orig-file=\"https:\/\/opistobranquis.info\/wp-content\/uploads\/2024\/01\/Godiva-quadricolor-@-Almunecar-Granada-by-Luis-Sanchez-Tocino.jpg\" data-orig-size=\"1000,1000\" data-comments-opened=\"\" data-image-title=\"Godiva quadricolor @ Almu\u00f1ecar (Granada) by Luis S\u00e1nchez Tocino\" data-image-description=\"&lt;p&gt;Godiva quadricolor @ Almu\u00f1ecar (Granada) by Luis S\u00e1nchez Tocino&lt;\/p&gt; \" data-medium-file=\"https:\/\/i0.wp.com\/opistobranquis.info\/wp-content\/uploads\/2024\/01\/Godiva-quadricolor-%40-Almunecar-Granada-by-Luis-Sanchez-Tocino.jpg?fit=300%2C300&#038;ssl=1\" data-large-file=\"https:\/\/i0.wp.com\/opistobranquis.info\/wp-content\/uploads\/2024\/01\/Godiva-quadricolor-%40-Almunecar-Granada-by-Luis-Sanchez-Tocino.jpg?fit=900%2C900&#038;ssl=1\" src=\"https:\/\/i0.wp.com\/opistobranquis.info\/wp-content\/uploads\/2024\/01\/Godiva-quadricolor-%40-Almunecar-Granada-by-Luis-Sanchez-Tocino.jpg?w=446&#038;h=446&#038;crop=1&#038;ssl=1\" width=\"446\" height=\"446\" loading=\"lazy\" data-original-width=\"446\" data-original-height=\"446\" itemprop=\"http:\/\/schema.org\/image\" title=\"Godiva quadricolor @ Almu\u00f1ecar (Granada) by Luis S\u00e1nchez Tocino\" alt=\"Godiva quadricolor @ Almu\u00f1ecar (Granada) by Luis S\u00e1nchez Tocino\" style=\"width: 446px; height: 446px;\" \/> <\/a> <div class=\"tiled-gallery-caption\" itemprop=\"caption description\"> Godiva quadricolor @ Almu\u00f1ecar (Granada) by Luis S\u00e1nchez Tocino <\/div> <\/div> <\/div> <!-- close group --> <\/div> <!-- close row --> <div class=\"gallery-row\" style=\"width: 900px; height: 451px;\" data-original-width=\"900\" data-original-height=\"451\" > <div class=\"gallery-group images-1\" style=\"width: 674px; height: 451px;\" data-original-width=\"674\" data-original-height=\"451\" > <div class=\"tiled-gallery-item tiled-gallery-item-large\" itemprop=\"associatedMedia\" itemscope itemtype=\"http:\/\/schema.org\/ImageObject\"> <a href=\"https:\/\/opistobranquis.info\/ca\/guia\/nudibranchia\/cladobranchia\/aeolidioidea\/godiva-quadricolor\/attachment\/1000008756\/\" border=\"0\" itemprop=\"url\"> <meta itemprop=\"width\" content=\"670\"> <meta itemprop=\"height\" content=\"447\"> <img decoding=\"async\" class=\"\" data-attachment-id=\"44410\" data-orig-file=\"https:\/\/opistobranquis.info\/wp-content\/uploads\/2024\/06\/1000008756-scaled.jpg\" data-orig-size=\"2560,1707\" data-comments-opened=\"\" data-image-title=\"Godiva quadricolor @ La Laja, Gran Canaria by Mario Matute\" data-image-description=\"&lt;p&gt;Godiva quadricolor @ La Laja, Gran Canaria by Mario Matute&lt;\/p&gt; \" data-medium-file=\"https:\/\/i0.wp.com\/opistobranquis.info\/wp-content\/uploads\/2024\/06\/1000008756-scaled.jpg?fit=300%2C200&#038;ssl=1\" data-large-file=\"https:\/\/i0.wp.com\/opistobranquis.info\/wp-content\/uploads\/2024\/06\/1000008756-scaled.jpg?fit=900%2C600&#038;ssl=1\" src=\"https:\/\/i0.wp.com\/opistobranquis.info\/wp-content\/uploads\/2024\/06\/1000008756-scaled.jpg?w=670&#038;h=447&#038;ssl=1\" srcset=\"https:\/\/i0.wp.com\/opistobranquis.info\/wp-content\/uploads\/2024\/06\/1000008756-scaled.jpg?w=2560&amp;ssl=1 2560w, https:\/\/i0.wp.com\/opistobranquis.info\/wp-content\/uploads\/2024\/06\/1000008756-scaled.jpg?resize=300%2C200&amp;ssl=1 300w, https:\/\/i0.wp.com\/opistobranquis.info\/wp-content\/uploads\/2024\/06\/1000008756-scaled.jpg?resize=1024%2C683&amp;ssl=1 1024w, https:\/\/i0.wp.com\/opistobranquis.info\/wp-content\/uploads\/2024\/06\/1000008756-scaled.jpg?resize=150%2C100&amp;ssl=1 150w, https:\/\/i0.wp.com\/opistobranquis.info\/wp-content\/uploads\/2024\/06\/1000008756-scaled.jpg?resize=1536%2C1024&amp;ssl=1 1536w, https:\/\/i0.wp.com\/opistobranquis.info\/wp-content\/uploads\/2024\/06\/1000008756-scaled.jpg?resize=2048%2C1365&amp;ssl=1 2048w, https:\/\/i0.wp.com\/opistobranquis.info\/wp-content\/uploads\/2024\/06\/1000008756-scaled.jpg?w=1800&amp;ssl=1 1800w\" width=\"670\" height=\"447\" loading=\"lazy\" data-original-width=\"670\" data-original-height=\"447\" itemprop=\"http:\/\/schema.org\/image\" title=\"Godiva quadricolor @ La Laja, Gran Canaria by Mario Matute\" alt=\"Godiva quadricolor @ La Laja, Gran Canaria by Mario Matute\" style=\"width: 670px; height: 447px;\" \/> <\/a> <div class=\"tiled-gallery-caption\" itemprop=\"caption description\"> Godiva quadricolor @ La Laja, Gran Canaria by Mario Matute <\/div> <\/div> <\/div> <!-- close group --> <div class=\"gallery-group images-2\" style=\"width: 226px; height: 451px;\" data-original-width=\"226\" data-original-height=\"451\" > <div class=\"tiled-gallery-item tiled-gallery-item-small\" itemprop=\"associatedMedia\" itemscope itemtype=\"http:\/\/schema.org\/ImageObject\"> <a href=\"https:\/\/opistobranquis.info\/ca\/guia\/nudibranchia\/cladobranchia\/aeolidioidea\/godiva-quadricolor\/godiva-quadricolor-granada-by-luis-sanchez-tocino-2\/\" border=\"0\" itemprop=\"url\"> <meta itemprop=\"width\" content=\"222\"> <meta itemprop=\"height\" content=\"222\"> <img decoding=\"async\" class=\"\" data-attachment-id=\"47733\" data-orig-file=\"https:\/\/opistobranquis.info\/wp-content\/uploads\/2025\/10\/Godiva-quadricolor-@-Granada-by-Luis-Sanchez-Tocino-2.jpg\" data-orig-size=\"1440,1436\" data-comments-opened=\"\" data-image-title=\"Godiva quadricolor @ Granada by Luis S\u00e1nchez Tocino\" data-image-description=\"&lt;p&gt;Godiva quadricolor @ Granada by Luis S\u00e1nchez Tocino&lt;\/p&gt; \" data-medium-file=\"https:\/\/i0.wp.com\/opistobranquis.info\/wp-content\/uploads\/2025\/10\/Godiva-quadricolor-%40-Granada-by-Luis-Sanchez-Tocino-2.jpg?fit=300%2C300&#038;ssl=1\" data-large-file=\"https:\/\/i0.wp.com\/opistobranquis.info\/wp-content\/uploads\/2025\/10\/Godiva-quadricolor-%40-Granada-by-Luis-Sanchez-Tocino-2.jpg?fit=900%2C897&#038;ssl=1\" src=\"https:\/\/i0.wp.com\/opistobranquis.info\/wp-content\/uploads\/2025\/10\/Godiva-quadricolor-%40-Granada-by-Luis-Sanchez-Tocino-2.jpg?w=222&#038;h=222&#038;crop=1&#038;ssl=1\" width=\"222\" height=\"222\" loading=\"lazy\" data-original-width=\"222\" data-original-height=\"222\" itemprop=\"http:\/\/schema.org\/image\" title=\"Godiva quadricolor @ Granada by Luis S\u00e1nchez Tocino\" alt=\"Godiva quadricolor @ Granada by Luis S\u00e1nchez Tocino\" style=\"width: 222px; height: 222px;\" \/> <\/a> <div class=\"tiled-gallery-caption\" itemprop=\"caption description\"> Godiva quadricolor @ Granada by Luis S\u00e1nchez Tocino <\/div> <\/div> <div class=\"tiled-gallery-item tiled-gallery-item-small\" itemprop=\"associatedMedia\" itemscope itemtype=\"http:\/\/schema.org\/ImageObject\"> <a href=\"https:\/\/opistobranquis.info\/ca\/guia\/nudibranchia\/cladobranchia\/aeolidioidea\/godiva-quadricolor\/godiva-quadricolor-granada-by-luis-sanchez-tocino-3\/\" border=\"0\" itemprop=\"url\"> <meta itemprop=\"width\" content=\"222\"> <meta itemprop=\"height\" content=\"221\"> <img decoding=\"async\" class=\"\" data-attachment-id=\"47734\" data-orig-file=\"https:\/\/opistobranquis.info\/wp-content\/uploads\/2025\/10\/Godiva-quadricolor-@-Granada-by-Luis-Sanchez-Tocino-3.jpg\" data-orig-size=\"1080,1076\" data-comments-opened=\"\" data-image-title=\"Godiva quadricolor @ Granada by Luis S\u00e1nchez Tocino\" data-image-description=\"&lt;p&gt;Godiva quadricolor @ Granada by Luis S\u00e1nchez Tocino&lt;\/p&gt; \" data-medium-file=\"https:\/\/i0.wp.com\/opistobranquis.info\/wp-content\/uploads\/2025\/10\/Godiva-quadricolor-%40-Granada-by-Luis-Sanchez-Tocino-3.jpg?fit=300%2C300&#038;ssl=1\" data-large-file=\"https:\/\/i0.wp.com\/opistobranquis.info\/wp-content\/uploads\/2025\/10\/Godiva-quadricolor-%40-Granada-by-Luis-Sanchez-Tocino-3.jpg?fit=900%2C896&#038;ssl=1\" src=\"https:\/\/i0.wp.com\/opistobranquis.info\/wp-content\/uploads\/2025\/10\/Godiva-quadricolor-%40-Granada-by-Luis-Sanchez-Tocino-3.jpg?w=222&#038;h=221&#038;ssl=1\" width=\"222\" height=\"221\" loading=\"lazy\" data-original-width=\"222\" data-original-height=\"221\" itemprop=\"http:\/\/schema.org\/image\" title=\"Godiva quadricolor @ Granada by Luis S\u00e1nchez Tocino\" alt=\"Godiva quadricolor @ Granada by Luis S\u00e1nchez Tocino\" style=\"width: 222px; height: 221px;\" \/> <\/a> <div class=\"tiled-gallery-caption\" itemprop=\"caption description\"> Godiva quadricolor @ Granada by Luis S\u00e1nchez Tocino <\/div> <\/div> <\/div> <!-- close group --> <\/div> <!-- close row --> <div class=\"gallery-row\" style=\"width: 900px; height: 449px;\" data-original-width=\"900\" data-original-height=\"449\" > <div class=\"gallery-group images-1\" style=\"width: 450px; height: 449px;\" data-original-width=\"450\" data-original-height=\"449\" > <div class=\"tiled-gallery-item tiled-gallery-item-large\" itemprop=\"associatedMedia\" itemscope itemtype=\"http:\/\/schema.org\/ImageObject\"> <a href=\"https:\/\/opistobranquis.info\/ca\/guia\/nudibranchia\/cladobranchia\/aeolidioidea\/godiva-quadricolor\/egg-spawn-of-godiva-quadricolor-granada-by-luis-sanchez-tocino\/\" border=\"0\" itemprop=\"url\"> <meta itemprop=\"width\" content=\"446\"> <meta itemprop=\"height\" content=\"445\"> <img decoding=\"async\" class=\"\" data-attachment-id=\"47735\" data-orig-file=\"https:\/\/opistobranquis.info\/wp-content\/uploads\/2025\/10\/Egg-spawn-of-Godiva-quadricolor-@-Granada-by-Luis-Sanchez-Tocino.jpg\" data-orig-size=\"1080,1077\" data-comments-opened=\"\" data-image-title=\"Egg-spawn of Godiva quadricolor @ Granada by Luis S\u00e1nchez Tocino\" data-image-description=\"&lt;p&gt;Egg-spawn of Godiva quadricolor @ Granada by Luis S\u00e1nchez Tocino&lt;\/p&gt; \" data-medium-file=\"https:\/\/i0.wp.com\/opistobranquis.info\/wp-content\/uploads\/2025\/10\/Egg-spawn-of-Godiva-quadricolor-%40-Granada-by-Luis-Sanchez-Tocino.jpg?fit=300%2C300&#038;ssl=1\" data-large-file=\"https:\/\/i0.wp.com\/opistobranquis.info\/wp-content\/uploads\/2025\/10\/Egg-spawn-of-Godiva-quadricolor-%40-Granada-by-Luis-Sanchez-Tocino.jpg?fit=900%2C897&#038;ssl=1\" src=\"https:\/\/i0.wp.com\/opistobranquis.info\/wp-content\/uploads\/2025\/10\/Egg-spawn-of-Godiva-quadricolor-%40-Granada-by-Luis-Sanchez-Tocino.jpg?w=446&#038;h=445&#038;ssl=1\" width=\"446\" height=\"445\" loading=\"lazy\" data-original-width=\"446\" data-original-height=\"445\" itemprop=\"http:\/\/schema.org\/image\" title=\"Egg-spawn of Godiva quadricolor @ Granada by Luis S\u00e1nchez Tocino\" alt=\"Egg-spawn of Godiva quadricolor @ Granada by Luis S\u00e1nchez Tocino\" style=\"width: 446px; height: 445px;\" \/> <\/a> <div class=\"tiled-gallery-caption\" itemprop=\"caption description\"> Egg-spawn of Godiva quadricolor @ Granada by Luis S\u00e1nchez Tocino <\/div> <\/div> <\/div> <!-- close group --> <div class=\"gallery-group images-1\" style=\"width: 450px; height: 449px;\" data-original-width=\"450\" data-original-height=\"449\" > <div class=\"tiled-gallery-item tiled-gallery-item-large\" itemprop=\"associatedMedia\" itemscope itemtype=\"http:\/\/schema.org\/ImageObject\"> <a href=\"https:\/\/opistobranquis.info\/ca\/guia\/nudibranchia\/cladobranchia\/aeolidioidea\/godiva-quadricolor\/godiva-quadricolor-granada-by-luis-sanchez-tocino\/\" border=\"0\" itemprop=\"url\"> <meta itemprop=\"width\" content=\"446\"> <meta itemprop=\"height\" content=\"445\"> <img decoding=\"async\" class=\"\" data-attachment-id=\"47736\" data-orig-file=\"https:\/\/opistobranquis.info\/wp-content\/uploads\/2025\/10\/Godiva-quadricolor-@-Granada-by-Luis-Sanchez-Tocino.jpg\" data-orig-size=\"1080,1076\" data-comments-opened=\"\" data-image-title=\"Godiva quadricolor @ Granada by Luis S\u00e1nchez Tocino\" data-image-description=\"&lt;p&gt;Godiva quadricolor @ Granada by Luis S\u00e1nchez Tocino&lt;\/p&gt; \" data-medium-file=\"https:\/\/i0.wp.com\/opistobranquis.info\/wp-content\/uploads\/2025\/10\/Godiva-quadricolor-%40-Granada-by-Luis-Sanchez-Tocino.jpg?fit=300%2C300&#038;ssl=1\" data-large-file=\"https:\/\/i0.wp.com\/opistobranquis.info\/wp-content\/uploads\/2025\/10\/Godiva-quadricolor-%40-Granada-by-Luis-Sanchez-Tocino.jpg?fit=900%2C896&#038;ssl=1\" src=\"https:\/\/i0.wp.com\/opistobranquis.info\/wp-content\/uploads\/2025\/10\/Godiva-quadricolor-%40-Granada-by-Luis-Sanchez-Tocino.jpg?w=446&#038;h=445&#038;ssl=1\" width=\"446\" height=\"445\" loading=\"lazy\" data-original-width=\"446\" data-original-height=\"445\" itemprop=\"http:\/\/schema.org\/image\" title=\"Godiva quadricolor @ Granada by Luis S\u00e1nchez Tocino\" alt=\"Godiva quadricolor @ Granada by Luis S\u00e1nchez Tocino\" style=\"width: 446px; height: 445px;\" \/> <\/a> <div class=\"tiled-gallery-caption\" itemprop=\"caption description\"> Godiva quadricolor @ Granada by Luis S\u00e1nchez Tocino <\/div> <\/div> <\/div> <!-- close group --> <\/div> <!-- close row --> <\/div><\/p>\n<p><p><strong>Bibliografia<\/strong><\/p><ul><div id=\"zotpress-2afffcc8ba15d1965a9dc35c3cb23865\" class=\"zp-Zotpress zp-Zotpress-Bib wp-block-group\">\n\n\t\t<span class=\"ZP_API_USER_ID ZP_ATTR\">1246567<\/span>\n\t\t<span class=\"ZP_ITEM_KEY ZP_ATTR\"><\/span>\n\t\t<span class=\"ZP_COLLECTION_ID ZP_ATTR\"><\/span>\n\t\t<span class=\"ZP_TAG_ID ZP_ATTR\">Godiva quadricolor<\/span>\n\t\t<span class=\"ZP_AUTHOR ZP_ATTR\"><\/span>\n\t\t<span class=\"ZP_YEAR ZP_ATTR\"><\/span>\n        <span class=\"ZP_ITEMTYPE ZP_ATTR\"><\/span>\n\t\t<span class=\"ZP_INCLUSIVE ZP_ATTR\">1<\/span>\n\t\t<span class=\"ZP_STYLE ZP_ATTR\">eunomia-revista-en-cultura-de-la-legalidad<\/span>\n\t\t<span class=\"ZP_LIMIT ZP_ATTR\">50<\/span>\n\t\t<span class=\"ZP_SORTBY ZP_ATTR\">creator<\/span>\n\t\t<span class=\"ZP_ORDER ZP_ATTR\">asc<\/span>\n\t\t<span class=\"ZP_TITLE ZP_ATTR\"><\/span>\n\t\t<span class=\"ZP_SHOWIMAGE ZP_ATTR\"><\/span>\n\t\t<span class=\"ZP_SHOWTAGS ZP_ATTR\"><\/span>\n\t\t<span class=\"ZP_DOWNLOADABLE ZP_ATTR\"><\/span>\n\t\t<span class=\"ZP_NOTES ZP_ATTR\"><\/span>\n\t\t<span class=\"ZP_ABSTRACT ZP_ATTR\"><\/span>\n\t\t<span class=\"ZP_CITEABLE ZP_ATTR\"><\/span>\n\t\t<span class=\"ZP_TARGET ZP_ATTR\">1<\/span>\n\t\t<span class=\"ZP_URLWRAP ZP_ATTR\"><\/span>\n\t\t<span class=\"ZP_FORCENUM ZP_ATTR\"><\/span>\n        <span class=\"ZP_HIGHLIGHT ZP_ATTR\"><\/span>\n        <span class=\"ZP_POSTID ZP_ATTR\">11388<\/span>\n\t\t<span class=\"ZOTPRESS_PLUGIN_URL ZP_ATTR\">https:\/\/opistobranquis.info\/wp-content\/plugins\/zotpress\/<\/span>\n\n\t\t<div class=\"zp-List loading\">\n\t\t\t<div class=\"zp-SEO-Content\">\n\n\t\t\t<\/div><!-- .zp-zp-SEO-Content -->\n\t\t<\/div><!-- .zp-List -->\n\t<\/div><!--.zp-Zotpress-->\n\n<p><\/p>Bibliografia basada en els treballs de <b>Steve Long, 2006<\/b>. <a target=_blank href=https:\/\/opistobranquis.info\/wp-content\/uploads\/2016\/06\/Long-S.-2006-Bibliography-of-Opisthobranchia-1554-2000.pdf>Bibliography of Opisthobranchia 1554-2000<\/a> i <b>Gary McDonald, 2009<\/b>. <a href=http:\/\/escholarship.org\/uc\/item\/8115h0wz>Bibliographia Nudibranchia<\/a>, amb actualitzacions posteriors procedents d\u00b4altres fonts.<p><\/p><\/ul><p><\/p><p><strong>M\u00e9s informaci\u00f3<\/strong><\/p><span style=\"font-size:10pt\"><ul><ul class=\"blogroll-links\"><li><a href=\"http:\/\/www.biodiversitylibrary.org\/name\/Godiva%20quadricolor\">Biodiversity Heritage Library<\/a><\/li><li><a href=\"http:\/\/www.biologiamarina.org\/nudibranco-godiva\/\">BiologiaMarina.org<\/a><\/li><li><a href=\"https:\/\/litoraldegranada.ugr.es\/el-litoral\/el-litoral-sumergido\/fauna\/moluscos\/gasteropodos\/opistobranquios\/orden-nudibranchia\/aeolidioideos\/godiva-quadricolor\/\">El Litoral de Granada<\/a><\/li><li><a href=\"https:\/\/www.flickr.com\/search\/?text=Godiva%20quadricolor\">Flickr pictures<\/a><\/li><li><a href=\"http:\/\/www.irmng.org\/aphia.php?p=taxlist&#038;tName=Godiva%20quadricolor\">Interim Register of Marine and Nonmarine Genera<\/a><\/li><li><a href=\"http:\/\/www.ncbi.nlm.nih.gov\/Taxonomy\/Browser\/wwwtax.cgi?mode=Undef&#038;name=Godiva%20quadricolor&#038;lvl=0&#038;srchmode=1\">NCBI GenBank<\/a><\/li><li><a href=\"http:\/\/www.nudibranch.com.au\/pages\/5790b.htm\">Nudibranchs of the Sunshine Coast<\/a><\/li><li><a href=\"http:\/\/iobis.org\/mapper\/?taxon=Godiva%20quadricolor\">OBIS - Search by Taxon<\/a><\/li><li><a href=\"http:\/\/www.seaslugforum.net\/showall\/godiquad\">Sea Slug Forum<\/a><\/li><li><a href=\"http:\/\/www.marinespecies.org\/aphia.php?p=taxdetails&#038;id=225518\">World Register of Marine Species<\/a><\/li><\/ul><\/ul><\/span><p><strong>Citeu aquest article com: <\/strong><\/p><div style=\"display: block; background: #444444; padding: 10px 30px 10px 10px; border-radius: 5px; line-height: 18px;\"><p class=\"citacio\"><b>Ballesteros, M., Madrenas, E. &#38; Pontes, M.<\/b> (2025) <em>\"Godiva quadricolor\"<\/em> a <em>OPK-Opistobranquis<\/em>. Publicat: 15\/10\/2013. Accedit: 03\/09\/2026. Disponible a (<a href=https:\/\/opistobranquis.info\/ca\/?p=11388>https:\/\/opistobranquis.info\/ca\/?p=11388<\/a>)<\/p><p><\/p><\/div><p><\/p><\/p>","protected":false},"excerpt":{"rendered":"<p>Godiva quadricolor (Barnard, 1927) Sin\u00f2nims Hervia quadricolor Barnard, 1927 Descripci\u00f3 Aquest animal no \u00e9s molt gran, ja que mesura entre 3,5 i 5 cm. T\u00e9 un cos esvelt, amb una llarga cua c\u00f2nica i carenada dorsalment que pot arribar a un ter\u00e7 de la longitud total del cos. Els tentacles orals s\u00f3n llargs i prims. Els rin\u00f2fors tamb\u00e9 s\u00f3n prims, lleugerament arrugats en rep\u00f2s, per\u00f2 anul\u00b7lats quan estan contrets. El\u2026<\/p>\n<p class=\"continue-reading-button\"> <a class=\"continue-reading-link\" href=\"https:\/\/opistobranquis.info\/ca\/guia\/nudibranchia\/cladobranchia\/aeolidioidea\/godiva-quadricolor\/\">Continua llegint<i class=\"crycon-right-dir\"><\/i><\/a><\/p>\n","protected":false},"author":291,"featured_media":42548,"parent":456,"menu_order":8618,"comment_status":"closed","ping_status":"closed","template":"","meta":{"footnotes":""},"class_list":["post-11388","page","type-page","status-publish","has-post-thumbnail","hentry"],"jetpack_sharing_enabled":true,"_links":{"self":[{"href":"https:\/\/opistobranquis.info\/ca\/wp-json\/wp\/v2\/pages\/11388","targetHints":{"allow":["GET"]}}],"collection":[{"href":"https:\/\/opistobranquis.info\/ca\/wp-json\/wp\/v2\/pages"}],"about":[{"href":"https:\/\/opistobranquis.info\/ca\/wp-json\/wp\/v2\/types\/page"}],"author":[{"embeddable":true,"href":"https:\/\/opistobranquis.info\/ca\/wp-json\/wp\/v2\/users\/291"}],"replies":[{"embeddable":true,"href":"https:\/\/opistobranquis.info\/ca\/wp-json\/wp\/v2\/comments?post=11388"}],"version-history":[{"count":9,"href":"https:\/\/opistobranquis.info\/ca\/wp-json\/wp\/v2\/pages\/11388\/revisions"}],"predecessor-version":[{"id":44411,"href":"https:\/\/opistobranquis.info\/ca\/wp-json\/wp\/v2\/pages\/11388\/revisions\/44411"}],"up":[{"embeddable":true,"href":"https:\/\/opistobranquis.info\/ca\/wp-json\/wp\/v2\/pages\/456"}],"wp:featuredmedia":[{"embeddable":true,"href":"https:\/\/opistobranquis.info\/ca\/wp-json\/wp\/v2\/media\/42548"}],"wp:attachment":[{"href":"https:\/\/opistobranquis.info\/ca\/wp-json\/wp\/v2\/media?parent=11388"}],"curies":[{"name":"wp","href":"https:\/\/api.w.org\/{rel}","templated":true}]}}