{"id":14177,"date":"2014-09-11T11:16:28","date_gmt":"2014-09-11T09:16:28","guid":{"rendered":"https:\/\/opistobranquis.info\/?page_id=14177"},"modified":"2018-02-22T16:20:05","modified_gmt":"2018-02-22T15:20:05","slug":"biuve-fulvipunctata","status":"publish","type":"page","link":"https:\/\/opistobranquis.info\/ca\/guia\/cephalaspidea\/philinoidea\/biuve-fulvipunctata\/","title":{"rendered":"Biuve fulvipunctata"},"content":{"rendered":"<p><\/p>\n<h3><em>Biuve fulvipunctata\u00a0 <\/em>(Baba, 1938)<\/h3>\n<p><span style=\"font-size:10pt;\" class=\"aligncenter\"><div id=\"featured-img-id\"><img data-recalc-dims=\"1\" decoding=\"async\" src=\"https:\/\/i0.wp.com\/opistobranquis.info\/wp-content\/uploads\/2014\/09\/Chelidonura-fulvipunctata-%40-Menorca-07-2015-by-Enric-Madrenas-01.jpg?w=900&#038;ssl=1\" alt=\"Biuve fulvipunctata 1cm @ S&#039;Algar, Menorca 5 m. 21-08-2015 by Enric Madrenas\" \/><\/div><center><em>Biuve fulvipunctata  1cm @ S'Algar, Menorca (5 m.) 21-08-2015<\/em> per Enric Madrenas<\/center><\/span><p><\/p><div class=\"opk-worms\"><h3>Informaci\u00f3 taxon\u00f2mica WoRMS<\/h3><div class=\"opk-success\">Nom acceptat actual: <strong><em>Biuve fulvipunctata<\/em> (Baba, 1938)<\/strong><\/div><h4>Classificaci\u00f3 actual<\/h4><table class=\"widefat striped\"><tr><th>Superdomain<\/th><td><a target=\"_blank\" href=\"https:\/\/www.marinespecies.org\/aphia.php?p=taxdetails&id=1\">Biota<\/a><\/td><\/tr><tr><th>Kingdom<\/th><td><a target=\"_blank\" href=\"https:\/\/www.marinespecies.org\/aphia.php?p=taxdetails&id=2\">Animalia<\/a><\/td><\/tr><tr><th>Phylum<\/th><td><a target=\"_blank\" href=\"https:\/\/www.marinespecies.org\/aphia.php?p=taxdetails&id=51\">Mollusca<\/a><\/td><\/tr><tr><th>Class<\/th><td><a target=\"_blank\" href=\"https:\/\/www.marinespecies.org\/aphia.php?p=taxdetails&id=101\">Gastropoda<\/a><\/td><\/tr><tr><th>Subclass<\/th><td><a target=\"_blank\" href=\"https:\/\/www.marinespecies.org\/aphia.php?p=taxdetails&id=14712\">Heterobranchia<\/a><\/td><\/tr><tr><th>Infraclass<\/th><td><a target=\"_blank\" href=\"https:\/\/www.marinespecies.org\/aphia.php?p=taxdetails&id=1057247\">Euthyneura<\/a><\/td><\/tr><tr><th>Subterclass<\/th><td><a target=\"_blank\" href=\"https:\/\/www.marinespecies.org\/aphia.php?p=taxdetails&id=1057250\">Tectipleura<\/a><\/td><\/tr><tr><th>Order<\/th><td><a target=\"_blank\" href=\"https:\/\/www.marinespecies.org\/aphia.php?p=taxdetails&id=154\">Cephalaspidea<\/a><\/td><\/tr><tr><th>Superfamily<\/th><td><a target=\"_blank\" href=\"https:\/\/www.marinespecies.org\/aphia.php?p=taxdetails&id=196322\">Philinoidea<\/a><\/td><\/tr><tr><th>Family<\/th><td><a target=\"_blank\" href=\"https:\/\/www.marinespecies.org\/aphia.php?p=taxdetails&id=22981\">Aglajidae<\/a><\/td><\/tr><tr><th>Genus<\/th><td><a target=\"_blank\" href=\"https:\/\/www.marinespecies.org\/aphia.php?p=taxdetails&id=1055124\"><em>Biuve<\/em><\/a><\/td><\/tr><tr><th>Species<\/th><td><a target=\"_blank\" href=\"https:\/\/www.marinespecies.org\/aphia.php?p=taxdetails&id=1055233\"><em>Biuve fulvipunctata<\/em> (Baba, 1938)<\/a><\/td><\/tr><\/table><p class=\"footer\">Classificaci\u00f3 proporcionada pel World Register of Marine Species (WoRMS). [<a target=\"_blank\" href=\"https:\/\/www.marinespecies.org\/aphia.php?p=taxdetails&id=1055233\">1055233<\/a>]<\/p><\/div><strong>Sin\u00f2nims<\/strong><\/p>\n<ul>\n<li><span id=\"aphia_ct_tu_550458\"><i>Chelidonura conformata<\/i> Burn, 1966<\/span><\/li>\n<li><span id=\"aphia_ct_tu_550457\"><i>Chelidonura mediterranea<\/i> Swennen, 1961<\/span><\/li>\n<li><em>Chelidonura fulvipunctata<\/em>\u00a0Baba, 1938<\/li>\n<\/ul>\n<p><strong>Descripci\u00f3<br \/>\n<\/strong>Cos una mica\u00a0cil\u00edndric i allargat, amb una conquilla interna i membranosa, dividit en un escut cef\u00e0lic anterior i un gep visceral posterior, parcialment coberta pel mantell. L&#8217;escut cef\u00e0lic t\u00e9 la vora anterior m\u00e9s \u00e0mplia i m\u00e9s o menys bilobul\u00b7lada, i ocupa els dos primers ter\u00e7os de la longitud total del cos. Pot arribar a assolir una longitud\u00a0m\u00e0xima de 33 mm (Sammut &amp; Perrone, 1998) per\u00f2 la mida habitual est\u00e0 entre 10 i 20mm. El patr\u00f3 de coloraci\u00f3 pot ser molt variable: alguns exemplars s\u00f3n de color negre vellutat o marr\u00f3 fosc amb reflexos blavosos, esquitxat de punts de color blanc daurat o ataronjat, mentre que altres exemplars s\u00f3n de color marr\u00f3 \u00f2xid amb punts grocs molt fins. En qualsevol cas, tots tenen una marca en forma de &#8220;W&#8221; en la vora anterior del cap, aix\u00ed com una taca de color blanc o crema a l&#8217;extrem posterior de l&#8217;escut cef\u00e0lic, i\u00a0tamb\u00e9 tenen cinc punts de color taronja a la part anterior del cap. Una s\u00e8rie de p\u00e8ls sensorials situats a la part anterior del cap, m\u00e9s densos en dues promin\u00e8ncies situades als costats de la boca, li permeten detectar les seves preses. Dos ulls rodons i negres poden ser clarament visibles, o no, en la vora anterior del cap, entre els dos l\u00f2buls cef\u00e0lics. El peu s&#8217;expandeix lateralment en dos parapodis llargs i sim\u00e8trics, de forma arquejada i amb una coloraci\u00f3 similar a la del cos, sense pigmentaci\u00f3 blanca, i que es pleguen cobrint parcialment el dors de l&#8217;animal. La part inferior del peu tamb\u00e9 t\u00e9 un color similar. El mantell t\u00e9 una fina l\u00ednia blanca al marge posterior, amb un flagel llarg a la banda esquerra i un flagell curt en el costat dret.<\/p>\n<p><strong>Biologia<br \/>\n<\/strong>Segons Marshall &amp; Willan (1999) prefereix zones arenoses amb acumulacions de restes d&#8217;algues, des del l\u00edmit de la marea baixa fins a profunditats de 20 m. De costums nocturns, es troba tant en zones protegides com a zones exposades. A la Mediterr\u00e0nia s&#8217;ha trobat molt rarament, generalment en h\u00e0bitats rocosos amb poblacions d&#8217;algues fins a 12 m de profunditat. Probablement s&#8217;alimenta de poliquets o petites plan\u00e0ries acel\u00b7lomades que se suposa que absorbeix molt r\u00e0pidament. La posta \u00e9s un cord\u00f3 que forma agrupacions irregulars de mida petita. La coberta enganxosa dels ous pot captar detritus de l&#8217;entorn per al seu refor\u00e7 i camuflatge. L&#8217;eclosi\u00f3 t\u00e9 lloc al cap de quatre dies (en condicions de laboratori).<\/p>\n<p><strong>Etimologia<\/strong><\/p>\n<ul>\n<li><em>Biuve<\/em>, per la pres\u00e8ncia d&#8217;una marca amb forma de &#8220;W&#8221; a la regi\u00f3 cef\u00e0lica. Del Llat\u00ed &#8220;bi&#8221;, dos i &#8220;uve&#8221; per la denominaci\u00f3 castellana de la lletra &#8220;v&#8221;.<\/li>\n<li><em>Fulvipunctata<\/em>. Del Llat\u00ed &#8220;Fulvi&#8221;, ros, amb cabell groc + &#8220;Punctata&#8221;, del Franc\u00e8s \u201cponctu\u00e9e\u201d, del Llat\u00ed \u201cpunctatus\u201d, motejat, amb punts. Amb punts grocs.<\/li>\n<\/ul>\n<p><strong>Distribuci\u00f3<br \/>\n<\/strong>\u00c0mpliament distribu\u00efda pel Indo-Pac\u00edfic ja que est\u00e0 present al Jap\u00f3, Hawaii, Filipines, Indon\u00e8sia, Papua Nova Guinea, Austr\u00e0lia, Nova Zelanda, Polin\u00e8sia Francesa, Illes Marshall, Reuni\u00f3, Vanuatu, M\u00e8xic, Sud-\u00e0frica i Mo\u00e7ambic. Tamb\u00e9 est\u00e0 present a la Mediterr\u00e0nia, on hi ha molt poques cites confirmades: port de Selimiye, Antalaya, Turquia com a <em>Chelidonura mediterranea<\/em> (Swennen, 1961), Israel (Mienis and Gat, 1987), Malta (Perrone and Sammut, 1997), Xipre ( Tsiakkiros and Zenetos, 2011), It\u00e0lia (2015), Fran\u00e7a (Horst, 2015) i Menorca, Illes Balears, Espanya (Karachle et al., 2016). Totes com a <em>Chelidonura fulvipunctata<\/em>.\u00a0Aquesta gran dispersi\u00f3 geogr\u00e0fica, juntament amb la gran diversitat de patrons crom\u00e0tics, suggereix que estem davant de diverses esp\u00e8cies dins del mateix g\u00e8nere, tot i que calen estudis moleculars per poder certificar aquesta hip\u00f2tesi.<br \/>\n<div id=\"flxmap-6a9cfb9f18ab7\" class='flxmap-container' data-flxmap='flxmap_6a9cfb9f18ab7' style=\"width:100%;height:400px;\"><\/div>\n<script data-noptimize=\"1\">\n\/* <![CDATA[ *\/\n(function(w, fn) {\n if (w.addEventListener) w.addEventListener(\"DOMContentLoaded\", fn, false);\n else if (w.attachEvent) w.attachEvent(\"onload\", fn);\n})(window, function() {\n var f = new FlexibleMap();\n f.panControl = true;\n f.mapTypeId = \"satellite\";\n f.setlocale(\"ca-ES\");\n f.kmlcache = \"5 minutes\";\n f.showKML(\"flxmap-6a9cfb9f18ab7\", \"https:\/\/opistobranquis.info\/wp-content\/uploads\/kms\/14177.kmz\");\n window.flxmap_6a9cfb9f18ab7 = f;\n});\n\/* ]]> *\/\n<\/script>\n<div style=\"width:100%;text-align:center;margin:12px 0 4px 0;\">\n  <div style=\"font-size:8pt;margin-bottom:6px;\">Cites georeferenciades conegudes de l'esp\u00e8cie: <em>Biuve fulvipunctata<\/em><\/div>\n  <table style=\"margin:0 auto;border-collapse:collapse;font-size:8pt;\">\n    <tr><td colspan=\"2\" style=\"text-align:left;padding-bottom:4px;\"><strong>Fonts:<\/strong><\/td><\/tr>\n    <tr>\n      <td style=\"vertical-align:top;padding-right:40px;\">\n        <table style=\"border-collapse:collapse;\">\n<tr><td style='padding:1px 6px 1px 0;vertical-align:middle'><img data-recalc-dims=\"1\" src=\"https:\/\/i0.wp.com\/opistobranquis.info\/wp-content\/uploads\/kms\/wht-circle-lv.png?w=900&#038;ssl=1\" style='display:block'><\/td><td style='padding:1px 0;vertical-align:middle;white-space:nowrap'>OBIS<\/td><\/tr><tr><td style='padding:1px 6px 1px 0;vertical-align:middle'><img data-recalc-dims=\"1\" src=\"https:\/\/i0.wp.com\/opistobranquis.info\/wp-content\/uploads\/kms\/ylw-circle-lv.png?w=900&#038;ssl=1\" style='display:block'><\/td><td style='padding:1px 0;vertical-align:middle;white-space:nowrap'>GROC 2010-2011<\/td><\/tr><tr><td style='padding:1px 6px 1px 0;vertical-align:middle'><img data-recalc-dims=\"1\" src=\"https:\/\/i0.wp.com\/opistobranquis.info\/wp-content\/uploads\/kms\/grn-circle-lv.png?w=900&#038;ssl=1\" style='display:block'><\/td><td style='padding:1px 0;vertical-align:middle;white-space:nowrap'>Enric Madrenas<\/td><\/tr><tr><td style='padding:1px 6px 1px 0;vertical-align:middle'><img data-recalc-dims=\"1\" src=\"https:\/\/i0.wp.com\/opistobranquis.info\/wp-content\/uploads\/kms\/orange-circle-lv.png?w=900&#038;ssl=1\" style='display:block'><\/td><td style='padding:1px 0;vertical-align:middle;white-space:nowrap'>Jo\u00e3o Pedro Silva<\/td><\/tr><tr><td style='padding:1px 6px 1px 0;vertical-align:middle'><img data-recalc-dims=\"1\" src=\"https:\/\/i0.wp.com\/opistobranquis.info\/wp-content\/uploads\/kms\/pink-circle-lv.png?w=900&#038;ssl=1\" style='display:block'><\/td><td style='padding:1px 0;vertical-align:middle;white-space:nowrap'>Bernard Picton<\/td><\/tr><tr><td style='padding:1px 6px 1px 0;vertical-align:middle'><img data-recalc-dims=\"1\" src=\"https:\/\/i0.wp.com\/opistobranquis.info\/wp-content\/uploads\/kms\/blk-circle-lv.png?w=900&#038;ssl=1\" style='display:block'><\/td><td style='padding:1px 0;vertical-align:middle;white-space:nowrap'>GBIF<\/td><\/tr>        <\/table>\n      <\/td>\n      <td style=\"vertical-align:top;\">\n        <table style=\"border-collapse:collapse;\">\n<tr><td style='padding:1px 6px 1px 0;vertical-align:middle'><img data-recalc-dims=\"1\" src=\"https:\/\/i0.wp.com\/opistobranquis.info\/wp-content\/uploads\/kms\/purple-circle-lv.png?w=900&#038;ssl=1\" style='display:block'><\/td><td style='padding:1px 0;vertical-align:middle;white-space:nowrap'>OPK<\/td><\/tr><tr><td style='padding:1px 6px 1px 0;vertical-align:middle'><img data-recalc-dims=\"1\" src=\"https:\/\/i0.wp.com\/opistobranquis.info\/wp-content\/uploads\/kms\/red-circle-lv.png?w=900&#038;ssl=1\" style='display:block'><\/td><td style='padding:1px 0;vertical-align:middle;white-space:nowrap'>VIMAR<\/td><\/tr><tr><td style='padding:1px 6px 1px 0;vertical-align:middle'><img data-recalc-dims=\"1\" src=\"https:\/\/i0.wp.com\/opistobranquis.info\/wp-content\/uploads\/kms\/blu-circle-lv.png?w=900&#038;ssl=1\" style='display:block'><\/td><td style='padding:1px 0;vertical-align:middle;white-space:nowrap'>Manuel Ballesteros<\/td><\/tr><tr><td style='padding:1px 6px 1px 0;vertical-align:middle'><img data-recalc-dims=\"1\" src=\"https:\/\/i0.wp.com\/opistobranquis.info\/wp-content\/uploads\/kms\/cyan-circle-lv.png?w=900&#038;ssl=1\" style='display:block'><\/td><td style='padding:1px 0;vertical-align:middle;white-space:nowrap'>M@re Nostrum<\/td><\/tr><tr><td style='padding:1px 6px 1px 0;vertical-align:middle'><img data-recalc-dims=\"1\" src=\"https:\/\/i0.wp.com\/opistobranquis.info\/wp-content\/uploads\/kms\/grey-circle-lv.png?w=900&#038;ssl=1\" style='display:block'><\/td><td style='padding:1px 0;vertical-align:middle;white-space:nowrap'>Altres fonts<\/td><\/tr><tr><td style='padding:1px 6px 1px 0;vertical-align:middle'><img data-recalc-dims=\"1\" src=\"https:\/\/i0.wp.com\/opistobranquis.info\/wp-content\/uploads\/kms\/marreg.png?w=900&#038;ssl=1\" style='display:block'><\/td><td style='padding:1px 0;vertical-align:middle;white-space:nowrap'>Marine Regions<\/td><\/tr>        <\/table>\n      <\/td>\n    <\/tr>\n  <\/table>\n<\/div>\n<\/p>\n<p><strong>Error:<\/strong> Chart.js no est\u00e1 disponible.<\/p>\n<p><strong>Altres fotos<\/strong><br \/>\n<div class=\"tiled-gallery type-rectangular tiled-gallery-unresized\" data-original-width=\"900\" data-carousel-extra='{&quot;blog_id&quot;:1,&quot;permalink&quot;:&quot;https:\\\/\\\/opistobranquis.info\\\/ca\\\/guia\\\/cephalaspidea\\\/philinoidea\\\/biuve-fulvipunctata\\\/&quot;,&quot;likes_blog_id&quot;:44192421}' itemscope itemtype=\"http:\/\/schema.org\/ImageGallery\" > <div class=\"gallery-row\" style=\"width: 900px; height: 385px;\" data-original-width=\"900\" data-original-height=\"385\" > <div class=\"gallery-group images-2\" style=\"width: 300px; height: 385px;\" data-original-width=\"300\" data-original-height=\"385\" > <div class=\"tiled-gallery-item tiled-gallery-item-large\" itemprop=\"associatedMedia\" itemscope itemtype=\"http:\/\/schema.org\/ImageObject\"> <a href=\"https:\/\/opistobranquis.info\/ca\/guia\/cephalaspidea\/philinoidea\/biuve-fulvipunctata\/th_chelidonura-fulvipunctata-25mm-cirkewwa-5-6m-depth-17-09-1997-by-carmel-sammut\/\" border=\"0\" itemprop=\"url\"> <meta itemprop=\"width\" content=\"296\"> <meta itemprop=\"height\" content=\"156\"> <img decoding=\"async\" class=\"\" data-attachment-id=\"14248\" data-orig-file=\"https:\/\/opistobranquis.info\/wp-content\/uploads\/2014\/09\/th_Chelidonura-fulvipunctata-25mm-@-Cirkewwa-5-6m-depth-17-09-1997-by-Carmel-Sammut.jpg\" data-orig-size=\"580,305\" data-comments-opened=\"\" data-image-title=\"Biuve fulvipunctata 25mm @ Cirkewwa, Malta 5-6m depth 17-09-1997 by Carmel Sammut\" data-image-description=\"&lt;p&gt;Biuve fulvipunctata 25mm @ Cirkewwa, Malta 5-6m depth 17-09-1997 by Carmel Sammut&lt;\/p&gt; \" data-medium-file=\"https:\/\/i0.wp.com\/opistobranquis.info\/wp-content\/uploads\/2014\/09\/th_Chelidonura-fulvipunctata-25mm-%40-Cirkewwa-5-6m-depth-17-09-1997-by-Carmel-Sammut.jpg?fit=300%2C157&#038;ssl=1\" data-large-file=\"https:\/\/i0.wp.com\/opistobranquis.info\/wp-content\/uploads\/2014\/09\/th_Chelidonura-fulvipunctata-25mm-%40-Cirkewwa-5-6m-depth-17-09-1997-by-Carmel-Sammut.jpg?fit=580%2C305&#038;ssl=1\" src=\"https:\/\/i0.wp.com\/opistobranquis.info\/wp-content\/uploads\/2014\/09\/th_Chelidonura-fulvipunctata-25mm-%40-Cirkewwa-5-6m-depth-17-09-1997-by-Carmel-Sammut.jpg?w=296&#038;h=156&#038;ssl=1\" width=\"296\" height=\"156\" loading=\"lazy\" data-original-width=\"296\" data-original-height=\"156\" itemprop=\"http:\/\/schema.org\/image\" title=\"Biuve fulvipunctata 25mm @ Cirkewwa, Malta 5-6m depth 17-09-1997 by Carmel Sammut\" alt=\"Biuve fulvipunctata 25mm @ Cirkewwa, Malta 5-6m depth 17-09-1997 by Carmel Sammut\" style=\"width: 296px; height: 156px;\" \/> <\/a> <div class=\"tiled-gallery-caption\" itemprop=\"caption description\"> Biuve fulvipunctata 25mm @ Cirkewwa, Malta 5-6m depth 17-09-1997 by Carmel Sammut <\/div> <\/div> <div class=\"tiled-gallery-item tiled-gallery-item-large\" itemprop=\"associatedMedia\" itemscope itemtype=\"http:\/\/schema.org\/ImageObject\"> <a href=\"https:\/\/opistobranquis.info\/ca\/guia\/cephalaspidea\/philinoidea\/biuve-fulvipunctata\/th_chelidonura-fulvipunctata-33mm-ghar-lapsi-2-3m-depth-19-08-1993-by-carmel-sammut\/\" border=\"0\" itemprop=\"url\"> <meta itemprop=\"width\" content=\"296\"> <meta itemprop=\"height\" content=\"221\"> <img decoding=\"async\" class=\"\" data-attachment-id=\"14249\" data-orig-file=\"https:\/\/opistobranquis.info\/wp-content\/uploads\/2014\/09\/th_Chelidonura-fulvipunctata-33mm-@-Ghar-Lapsi-2-3m-depth-19-08-1993-by-Carmel-Sammut.jpg\" data-orig-size=\"580,433\" data-comments-opened=\"\" data-image-title=\"Biuve fulvipunctata 33mm @ Ghar Lapsi, Malta 2-3m depth 19-08-1993 by Carmel Sammut\" data-image-description=\"&lt;p&gt;Biuve fulvipunctata 33mm @ Ghar Lapsi, Malta 2-3m depth 19-08-1993 by Carmel Sammut&lt;\/p&gt; \" data-medium-file=\"https:\/\/i0.wp.com\/opistobranquis.info\/wp-content\/uploads\/2014\/09\/th_Chelidonura-fulvipunctata-33mm-%40-Ghar-Lapsi-2-3m-depth-19-08-1993-by-Carmel-Sammut.jpg?fit=300%2C223&#038;ssl=1\" data-large-file=\"https:\/\/i0.wp.com\/opistobranquis.info\/wp-content\/uploads\/2014\/09\/th_Chelidonura-fulvipunctata-33mm-%40-Ghar-Lapsi-2-3m-depth-19-08-1993-by-Carmel-Sammut.jpg?fit=580%2C433&#038;ssl=1\" src=\"https:\/\/i0.wp.com\/opistobranquis.info\/wp-content\/uploads\/2014\/09\/th_Chelidonura-fulvipunctata-33mm-%40-Ghar-Lapsi-2-3m-depth-19-08-1993-by-Carmel-Sammut.jpg?w=296&#038;h=221&#038;ssl=1\" width=\"296\" height=\"221\" loading=\"lazy\" data-original-width=\"296\" data-original-height=\"221\" itemprop=\"http:\/\/schema.org\/image\" title=\"Biuve fulvipunctata 33mm @ Ghar Lapsi, Malta 2-3m depth 19-08-1993 by Carmel Sammut\" alt=\"Biuve fulvipunctata 33mm @ Ghar Lapsi, Malta 2-3m depth 19-08-1993 by Carmel Sammut\" style=\"width: 296px; height: 221px;\" \/> <\/a> <div class=\"tiled-gallery-caption\" itemprop=\"caption description\"> Biuve fulvipunctata 33mm @ Ghar Lapsi, Malta 2-3m depth 19-08-1993 by Carmel Sammut <\/div> <\/div> <\/div> <!-- close group --> <div class=\"gallery-group images-1\" style=\"width: 600px; height: 385px;\" data-original-width=\"600\" data-original-height=\"385\" > <div class=\"tiled-gallery-item tiled-gallery-item-large\" itemprop=\"associatedMedia\" itemscope itemtype=\"http:\/\/schema.org\/ImageObject\"> <a href=\"https:\/\/opistobranquis.info\/ca\/guia\/cephalaspidea\/philinoidea\/biuve-fulvipunctata\/th_chelidonura-fulvipunctata-head-detail-25mm-cirkewwa-5-6m-depth-17-09-1997-by-carmel-sammut\/\" border=\"0\" itemprop=\"url\"> <meta itemprop=\"width\" content=\"596\"> <meta itemprop=\"height\" content=\"381\"> <img decoding=\"async\" class=\"\" data-attachment-id=\"14250\" data-orig-file=\"https:\/\/opistobranquis.info\/wp-content\/uploads\/2014\/09\/th_Chelidonura-fulvipunctata-head-detail-25mm-@-Cirkewwa-5-6m-depth-17-09-1997-by-Carmel-Sammut.jpg\" data-orig-size=\"580,371\" data-comments-opened=\"\" data-image-title=\"Biuve fulvipunctata head detail 25mm @ Cirkewwa, Malta 5-6m depth 17-09-1997 by Carmel Sammut\" data-image-description=\"&lt;p&gt;Biuve fulvipunctata head detail 25mm @ Cirkewwa, Malta 5-6m depth 17-09-1997 by Carmel Sammut&lt;\/p&gt; \" data-medium-file=\"https:\/\/i0.wp.com\/opistobranquis.info\/wp-content\/uploads\/2014\/09\/th_Chelidonura-fulvipunctata-head-detail-25mm-%40-Cirkewwa-5-6m-depth-17-09-1997-by-Carmel-Sammut.jpg?fit=300%2C191&#038;ssl=1\" data-large-file=\"https:\/\/i0.wp.com\/opistobranquis.info\/wp-content\/uploads\/2014\/09\/th_Chelidonura-fulvipunctata-head-detail-25mm-%40-Cirkewwa-5-6m-depth-17-09-1997-by-Carmel-Sammut.jpg?fit=580%2C371&#038;ssl=1\" src=\"https:\/\/i0.wp.com\/opistobranquis.info\/wp-content\/uploads\/2014\/09\/th_Chelidonura-fulvipunctata-head-detail-25mm-%40-Cirkewwa-5-6m-depth-17-09-1997-by-Carmel-Sammut.jpg?w=596&#038;h=381&#038;ssl=1\" width=\"596\" height=\"381\" loading=\"lazy\" data-original-width=\"596\" data-original-height=\"381\" itemprop=\"http:\/\/schema.org\/image\" title=\"Biuve fulvipunctata head detail 25mm @ Cirkewwa, Malta 5-6m depth 17-09-1997 by Carmel Sammut\" alt=\"Biuve fulvipunctata head detail 25mm @ Cirkewwa, Malta 5-6m depth 17-09-1997 by Carmel Sammut\" style=\"width: 596px; height: 381px;\" \/> <\/a> <div class=\"tiled-gallery-caption\" itemprop=\"caption description\"> Biuve fulvipunctata head detail 25mm @ Cirkewwa, Malta 5-6m depth 17-09-1997 by Carmel Sammut <\/div> <\/div> <\/div> <!-- close group --> <\/div> <!-- close row --> <div class=\"gallery-row\" style=\"width: 900px; height: 403px;\" data-original-width=\"900\" data-original-height=\"403\" > <div class=\"gallery-group images-1\" style=\"width: 601px; height: 403px;\" data-original-width=\"601\" data-original-height=\"403\" > <div class=\"tiled-gallery-item tiled-gallery-item-large\" itemprop=\"associatedMedia\" itemscope itemtype=\"http:\/\/schema.org\/ImageObject\"> <a href=\"https:\/\/opistobranquis.info\/ca\/guia\/cephalaspidea\/philinoidea\/biuve-fulvipunctata\/chelidonura-fulvipunctata-menorca-07-2015-by-enric-madrenas-02\/\" border=\"0\" itemprop=\"url\"> <meta itemprop=\"width\" content=\"597\"> <meta itemprop=\"height\" content=\"399\"> <img decoding=\"async\" class=\"\" data-attachment-id=\"19957\" data-orig-file=\"https:\/\/opistobranquis.info\/wp-content\/uploads\/2014\/09\/Chelidonura-fulvipunctata-@-Menorca-07-2015-by-Enric-Madrenas-02.jpg\" data-orig-size=\"808,541\" data-comments-opened=\"\" data-image-title=\"Biuve fulvipunctata 1cm @ S&amp;#8217;Algar, Menorca 5 m. 21-08-2015 by Enric Madrenas\" data-image-description=\"&lt;p&gt;Biuve fulvipunctata 1cm @ S&amp;#8217;Algar, Menorca 5 m. 21-08-2015 by Enric Madrenas&lt;\/p&gt; \" data-medium-file=\"https:\/\/i0.wp.com\/opistobranquis.info\/wp-content\/uploads\/2014\/09\/Chelidonura-fulvipunctata-%40-Menorca-07-2015-by-Enric-Madrenas-02.jpg?fit=300%2C201&#038;ssl=1\" data-large-file=\"https:\/\/i0.wp.com\/opistobranquis.info\/wp-content\/uploads\/2014\/09\/Chelidonura-fulvipunctata-%40-Menorca-07-2015-by-Enric-Madrenas-02.jpg?fit=808%2C541&#038;ssl=1\" src=\"https:\/\/i0.wp.com\/opistobranquis.info\/wp-content\/uploads\/2014\/09\/Chelidonura-fulvipunctata-%40-Menorca-07-2015-by-Enric-Madrenas-02.jpg?w=597&#038;h=399&#038;ssl=1\" width=\"597\" height=\"399\" loading=\"lazy\" data-original-width=\"597\" data-original-height=\"399\" itemprop=\"http:\/\/schema.org\/image\" title=\"Biuve fulvipunctata 1cm @ S&#039;Algar, Menorca 5 m. 21-08-2015 by Enric Madrenas\" alt=\"Biuve fulvipunctata 1cm @ S&#039;Algar, Menorca 5 m. 21-08-2015 by Enric Madrenas\" style=\"width: 597px; height: 399px;\" \/> <\/a> <div class=\"tiled-gallery-caption\" itemprop=\"caption description\"> Biuve fulvipunctata 1cm @ S&#8217;Algar, Menorca 5 m. 21-08-2015 by Enric Madrenas <\/div> <\/div> <\/div> <!-- close group --> <div class=\"gallery-group images-2\" style=\"width: 299px; height: 403px;\" data-original-width=\"299\" data-original-height=\"403\" > <div class=\"tiled-gallery-item tiled-gallery-item-large\" itemprop=\"associatedMedia\" itemscope itemtype=\"http:\/\/schema.org\/ImageObject\"> <a href=\"https:\/\/opistobranquis.info\/ca\/guia\/cephalaspidea\/philinoidea\/biuve-fulvipunctata\/chelidonura-fulvipunctata-menorca-07-2015-by-enric-madrenas-04\/\" border=\"0\" itemprop=\"url\"> <meta itemprop=\"width\" content=\"295\"> <meta itemprop=\"height\" content=\"198\"> <img decoding=\"async\" class=\"\" data-attachment-id=\"19958\" data-orig-file=\"https:\/\/opistobranquis.info\/wp-content\/uploads\/2014\/09\/Chelidonura-fulvipunctata-@-Menorca-07-2015-by-Enric-Madrenas-04.jpg\" data-orig-size=\"808,541\" data-comments-opened=\"\" data-image-title=\"Biuve fulvipunctata 1cm @ S&amp;#8217;Algar, Menorca 5 m. 21-08-2015 by Enric Madrenas\" data-image-description=\"&lt;p&gt;Biuve fulvipunctata 1cm @ S&amp;#8217;Algar, Menorca 5 m. 21-08-2015 by Enric Madrenas&lt;\/p&gt; \" data-medium-file=\"https:\/\/i0.wp.com\/opistobranquis.info\/wp-content\/uploads\/2014\/09\/Chelidonura-fulvipunctata-%40-Menorca-07-2015-by-Enric-Madrenas-04.jpg?fit=300%2C201&#038;ssl=1\" data-large-file=\"https:\/\/i0.wp.com\/opistobranquis.info\/wp-content\/uploads\/2014\/09\/Chelidonura-fulvipunctata-%40-Menorca-07-2015-by-Enric-Madrenas-04.jpg?fit=808%2C541&#038;ssl=1\" src=\"https:\/\/i0.wp.com\/opistobranquis.info\/wp-content\/uploads\/2014\/09\/Chelidonura-fulvipunctata-%40-Menorca-07-2015-by-Enric-Madrenas-04.jpg?w=295&#038;h=198&#038;ssl=1\" width=\"295\" height=\"198\" loading=\"lazy\" data-original-width=\"295\" data-original-height=\"198\" itemprop=\"http:\/\/schema.org\/image\" title=\"Biuve fulvipunctata 1cm @ S&#039;Algar, Menorca 5 m. 21-08-2015 by Enric Madrenas\" alt=\"Biuve fulvipunctata 1cm @ S&#039;Algar, Menorca 5 m. 21-08-2015 by Enric Madrenas\" style=\"width: 295px; height: 198px;\" \/> <\/a> <div class=\"tiled-gallery-caption\" itemprop=\"caption description\"> Biuve fulvipunctata 1cm @ S&#8217;Algar, Menorca 5 m. 21-08-2015 by Enric Madrenas <\/div> <\/div> <div class=\"tiled-gallery-item tiled-gallery-item-large\" itemprop=\"associatedMedia\" itemscope itemtype=\"http:\/\/schema.org\/ImageObject\"> <a href=\"https:\/\/opistobranquis.info\/ca\/guia\/cephalaspidea\/philinoidea\/biuve-fulvipunctata\/chelidonura-fulvipunctata-menorca-07-2015-by-enric-madrenas-05\/\" border=\"0\" itemprop=\"url\"> <meta itemprop=\"width\" content=\"295\"> <meta itemprop=\"height\" content=\"197\"> <img decoding=\"async\" class=\"\" data-attachment-id=\"19959\" data-orig-file=\"https:\/\/opistobranquis.info\/wp-content\/uploads\/2014\/09\/Chelidonura-fulvipunctata-@-Menorca-07-2015-by-Enric-Madrenas-05.jpg\" data-orig-size=\"808,541\" data-comments-opened=\"\" data-image-title=\"Biuve fulvipunctata 1cm @ S&amp;#8217;Algar, Menorca 5 m. 21-08-2015 by Enric Madrenas\" data-image-description=\"&lt;p&gt;Biuve fulvipunctata 1cm @ S&amp;#8217;Algar, Menorca 5 m. 21-08-2015 by Enric Madrenas&lt;\/p&gt; \" data-medium-file=\"https:\/\/i0.wp.com\/opistobranquis.info\/wp-content\/uploads\/2014\/09\/Chelidonura-fulvipunctata-%40-Menorca-07-2015-by-Enric-Madrenas-05.jpg?fit=300%2C201&#038;ssl=1\" data-large-file=\"https:\/\/i0.wp.com\/opistobranquis.info\/wp-content\/uploads\/2014\/09\/Chelidonura-fulvipunctata-%40-Menorca-07-2015-by-Enric-Madrenas-05.jpg?fit=808%2C541&#038;ssl=1\" src=\"https:\/\/i0.wp.com\/opistobranquis.info\/wp-content\/uploads\/2014\/09\/Chelidonura-fulvipunctata-%40-Menorca-07-2015-by-Enric-Madrenas-05.jpg?w=295&#038;h=197&#038;ssl=1\" width=\"295\" height=\"197\" loading=\"lazy\" data-original-width=\"295\" data-original-height=\"197\" itemprop=\"http:\/\/schema.org\/image\" title=\"Biuve fulvipunctata 1cm @ S&#039;Algar, Menorca 5 m. 21-08-2015 by Enric Madrenas\" alt=\"Biuve fulvipunctata 1cm @ S&#039;Algar, Menorca 5 m. 21-08-2015 by Enric Madrenas\" style=\"width: 295px; height: 197px;\" \/> <\/a> <div class=\"tiled-gallery-caption\" itemprop=\"caption description\"> Biuve fulvipunctata 1cm @ S&#8217;Algar, Menorca 5 m. 21-08-2015 by Enric Madrenas <\/div> <\/div> <\/div> <!-- close group --> <\/div> <!-- close row --> <div class=\"gallery-row\" style=\"width: 900px; height: 416px;\" data-original-width=\"900\" data-original-height=\"416\" > <div class=\"gallery-group images-1\" style=\"width: 619px; height: 416px;\" data-original-width=\"619\" data-original-height=\"416\" > <div class=\"tiled-gallery-item tiled-gallery-item-large\" itemprop=\"associatedMedia\" itemscope itemtype=\"http:\/\/schema.org\/ImageObject\"> <a href=\"https:\/\/opistobranquis.info\/ca\/guia\/cephalaspidea\/philinoidea\/biuve-fulvipunctata\/chelidonura-fulvipunctata-menorca-07-2015-by-enric-madrenas-00\/\" border=\"0\" itemprop=\"url\"> <meta itemprop=\"width\" content=\"615\"> <meta itemprop=\"height\" content=\"412\"> <img decoding=\"async\" class=\"\" data-attachment-id=\"19961\" data-orig-file=\"https:\/\/opistobranquis.info\/wp-content\/uploads\/2014\/09\/Chelidonura-fulvipunctata-@-Menorca-07-2015-by-Enric-Madrenas-00.jpg\" data-orig-size=\"808,541\" data-comments-opened=\"\" data-image-title=\"Biuve fulvipunctata 1cm @ S&amp;#8217;Algar, Menorca 5 m. 21-08-2015 by Enric Madrenas\" data-image-description=\"&lt;p&gt;Biuve fulvipunctata 1cm @ S&amp;#8217;Algar, Menorca 5 m. 21-08-2015 by Enric Madrenas&lt;\/p&gt; \" data-medium-file=\"https:\/\/i0.wp.com\/opistobranquis.info\/wp-content\/uploads\/2014\/09\/Chelidonura-fulvipunctata-%40-Menorca-07-2015-by-Enric-Madrenas-00.jpg?fit=300%2C201&#038;ssl=1\" data-large-file=\"https:\/\/i0.wp.com\/opistobranquis.info\/wp-content\/uploads\/2014\/09\/Chelidonura-fulvipunctata-%40-Menorca-07-2015-by-Enric-Madrenas-00.jpg?fit=808%2C541&#038;ssl=1\" src=\"https:\/\/i0.wp.com\/opistobranquis.info\/wp-content\/uploads\/2014\/09\/Chelidonura-fulvipunctata-%40-Menorca-07-2015-by-Enric-Madrenas-00.jpg?w=615&#038;h=412&#038;ssl=1\" width=\"615\" height=\"412\" loading=\"lazy\" data-original-width=\"615\" data-original-height=\"412\" itemprop=\"http:\/\/schema.org\/image\" title=\"Biuve fulvipunctata 1cm @ S&#039;Algar, Menorca 5 m. 21-08-2015 by Enric Madrenas\" alt=\"Biuve fulvipunctata 1cm @ S&#039;Algar, Menorca 5 m. 21-08-2015 by Enric Madrenas\" style=\"width: 615px; height: 412px;\" \/> <\/a> <div class=\"tiled-gallery-caption\" itemprop=\"caption description\"> Biuve fulvipunctata 1cm @ S&#8217;Algar, Menorca 5 m. 21-08-2015 by Enric Madrenas <\/div> <\/div> <\/div> <!-- close group --> <div class=\"gallery-group images-1\" style=\"width: 281px; height: 416px;\" data-original-width=\"281\" data-original-height=\"416\" > <div class=\"tiled-gallery-item tiled-gallery-item-large\" itemprop=\"associatedMedia\" itemscope itemtype=\"http:\/\/schema.org\/ImageObject\"> <a href=\"https:\/\/opistobranquis.info\/ca\/guia\/cephalaspidea\/philinoidea\/biuve-fulvipunctata\/chelidonura-fulvipunctata-menorca-07-2015-by-enric-madrenas-08\/\" border=\"0\" itemprop=\"url\"> <meta itemprop=\"width\" content=\"277\"> <meta itemprop=\"height\" content=\"412\"> <img decoding=\"async\" class=\"\" data-attachment-id=\"19962\" data-orig-file=\"https:\/\/opistobranquis.info\/wp-content\/uploads\/2014\/09\/Chelidonura-fulvipunctata-@-Menorca-07-2015-by-Enric-Madrenas-08.jpg\" data-orig-size=\"408,608\" data-comments-opened=\"\" data-image-title=\"Biuve fulvipunctata 1cm @ S&amp;#8217;Algar, Menorca 5 m. 21-08-2015 by Enric Madrenas\" data-image-description=\"&lt;p&gt;Biuve fulvipunctata 1cm @ S&amp;#8217;Algar, Menorca 5 m. 21-08-2015 by Enric Madrenas&lt;\/p&gt; \" data-medium-file=\"https:\/\/i0.wp.com\/opistobranquis.info\/wp-content\/uploads\/2014\/09\/Chelidonura-fulvipunctata-%40-Menorca-07-2015-by-Enric-Madrenas-08.jpg?fit=201%2C300&#038;ssl=1\" data-large-file=\"https:\/\/i0.wp.com\/opistobranquis.info\/wp-content\/uploads\/2014\/09\/Chelidonura-fulvipunctata-%40-Menorca-07-2015-by-Enric-Madrenas-08.jpg?fit=408%2C608&#038;ssl=1\" src=\"https:\/\/i0.wp.com\/opistobranquis.info\/wp-content\/uploads\/2014\/09\/Chelidonura-fulvipunctata-%40-Menorca-07-2015-by-Enric-Madrenas-08.jpg?w=277&#038;h=412&#038;ssl=1\" width=\"277\" height=\"412\" loading=\"lazy\" data-original-width=\"277\" data-original-height=\"412\" itemprop=\"http:\/\/schema.org\/image\" title=\"Biuve fulvipunctata 1cm @ S&#039;Algar, Menorca 5 m. 21-08-2015 by Enric Madrenas\" alt=\"Biuve fulvipunctata 1cm @ S&#039;Algar, Menorca 5 m. 21-08-2015 by Enric Madrenas\" style=\"width: 277px; height: 412px;\" \/> <\/a> <div class=\"tiled-gallery-caption\" itemprop=\"caption description\"> Biuve fulvipunctata 1cm @ S&#8217;Algar, Menorca 5 m. 21-08-2015 by Enric Madrenas <\/div> <\/div> <\/div> <!-- close group --> <\/div> <!-- close row --> <div class=\"gallery-row\" style=\"width: 900px; height: 296px;\" data-original-width=\"900\" data-original-height=\"296\" > <div class=\"gallery-group images-1\" style=\"width: 402px; height: 296px;\" data-original-width=\"402\" data-original-height=\"296\" > <div class=\"tiled-gallery-item tiled-gallery-item-large\" itemprop=\"associatedMedia\" itemscope itemtype=\"http:\/\/schema.org\/ImageObject\"> <a href=\"https:\/\/opistobranquis.info\/ca\/guia\/cephalaspidea\/philinoidea\/biuve-fulvipunctata\/chelidonura-fulvipunctata-20mm-rockpools-yamba-nsw-australia-13-04-2016-by-kerry-paff-cranney\/\" border=\"0\" itemprop=\"url\"> <meta itemprop=\"width\" content=\"398\"> <meta itemprop=\"height\" content=\"292\"> <img decoding=\"async\" class=\"\" data-attachment-id=\"21590\" data-orig-file=\"https:\/\/opistobranquis.info\/wp-content\/uploads\/2014\/09\/Chelidonura-fulvipunctata-20mm-@-rockpools-Yamba-NSW-Australia-13-04-2016-by-Kerry-Paff-Cranney.jpg\" data-orig-size=\"2048,1502\" data-comments-opened=\"\" data-image-title=\"Biuve fulvipunctata 20mm @ rockpools, Yamba, NSW, Australia 13-04-2016 by Kerry Paff Cranney\" data-image-description=\"&lt;p&gt;Biuve fulvipunctata 20mm @ rockpools, Yamba, NSW, Australia 13-04-2016 by Kerry Paff Cranney&lt;\/p&gt; \" data-medium-file=\"https:\/\/i0.wp.com\/opistobranquis.info\/wp-content\/uploads\/2014\/09\/Chelidonura-fulvipunctata-20mm-%40-rockpools-Yamba-NSW-Australia-13-04-2016-by-Kerry-Paff-Cranney.jpg?fit=300%2C220&#038;ssl=1\" data-large-file=\"https:\/\/i0.wp.com\/opistobranquis.info\/wp-content\/uploads\/2014\/09\/Chelidonura-fulvipunctata-20mm-%40-rockpools-Yamba-NSW-Australia-13-04-2016-by-Kerry-Paff-Cranney.jpg?fit=900%2C660&#038;ssl=1\" src=\"https:\/\/i0.wp.com\/opistobranquis.info\/wp-content\/uploads\/2014\/09\/Chelidonura-fulvipunctata-20mm-%40-rockpools-Yamba-NSW-Australia-13-04-2016-by-Kerry-Paff-Cranney.jpg?w=398&#038;h=292&#038;ssl=1\" width=\"398\" height=\"292\" loading=\"lazy\" data-original-width=\"398\" data-original-height=\"292\" itemprop=\"http:\/\/schema.org\/image\" title=\"Biuve fulvipunctata 20mm @ rockpools, Yamba, NSW, Australia 13-04-2016 by Kerry Paff Cranney\" alt=\"Biuve fulvipunctata 20mm @ rockpools, Yamba, NSW, Australia 13-04-2016 by Kerry Paff Cranney\" style=\"width: 398px; height: 292px;\" \/> <\/a> <div class=\"tiled-gallery-caption\" itemprop=\"caption description\"> Biuve fulvipunctata 20mm @ rockpools, Yamba, NSW, Australia 13-04-2016 by Kerry Paff Cranney <\/div> <\/div> <\/div> <!-- close group --> <div class=\"gallery-group images-1\" style=\"width: 498px; height: 296px;\" data-original-width=\"498\" data-original-height=\"296\" > <div class=\"tiled-gallery-item tiled-gallery-item-large\" itemprop=\"associatedMedia\" itemscope itemtype=\"http:\/\/schema.org\/ImageObject\"> <a href=\"https:\/\/opistobranquis.info\/ca\/guia\/cephalaspidea\/philinoidea\/biuve-fulvipunctata\/chelidonura-fulvipunctata-taliarte-gran-canaria-in-4m-6-09-2016-by-jose-juan-calderin-penate-2\/\" border=\"0\" itemprop=\"url\"> <meta itemprop=\"width\" content=\"494\"> <meta itemprop=\"height\" content=\"292\"> <img decoding=\"async\" class=\"\" data-attachment-id=\"22365\" data-orig-file=\"https:\/\/opistobranquis.info\/wp-content\/uploads\/2014\/09\/Chelidonura-fulvipunctata-@-Taliarte-Gran-Canaria-in-4m-6-09-2016-by-Jose-Juan-Calder\u00edn-Pe\u00f1ate-2.jpg\" data-orig-size=\"1280,757\" data-comments-opened=\"\" data-image-title=\"Biuve fulvipunctata @ Taliarte, Gran Canaria in 4m 6-09-2016 by Jose Juan Calder\u00edn Pe\u00f1ate\" data-image-description=\"&lt;p&gt;Biuve fulvipunctata @ Taliarte, Gran Canaria in 4m 6-09-2016 by Jose Juan Calder\u00edn Pe\u00f1ate&lt;\/p&gt; \" data-medium-file=\"https:\/\/i0.wp.com\/opistobranquis.info\/wp-content\/uploads\/2014\/09\/Chelidonura-fulvipunctata-%40-Taliarte-Gran-Canaria-in-4m-6-09-2016-by-Jose-Juan-Calder%C3%ADn-Pe%C3%B1ate-2.jpg?fit=300%2C177&#038;ssl=1\" data-large-file=\"https:\/\/i0.wp.com\/opistobranquis.info\/wp-content\/uploads\/2014\/09\/Chelidonura-fulvipunctata-%40-Taliarte-Gran-Canaria-in-4m-6-09-2016-by-Jose-Juan-Calder%C3%ADn-Pe%C3%B1ate-2.jpg?fit=900%2C533&#038;ssl=1\" src=\"https:\/\/i0.wp.com\/opistobranquis.info\/wp-content\/uploads\/2014\/09\/Chelidonura-fulvipunctata-%40-Taliarte-Gran-Canaria-in-4m-6-09-2016-by-Jose-Juan-Calder%C3%ADn-Pe%C3%B1ate-2.jpg?w=494&#038;h=292&#038;ssl=1\" width=\"494\" height=\"292\" loading=\"lazy\" data-original-width=\"494\" data-original-height=\"292\" itemprop=\"http:\/\/schema.org\/image\" title=\"Biuve fulvipunctata @ Taliarte, Gran Canaria in 4m 6-09-2016 by Jose Juan Calder\u00edn Pe\u00f1ate\" alt=\"Biuve fulvipunctata @ Taliarte, Gran Canaria in 4m 6-09-2016 by Jose Juan Calder\u00edn Pe\u00f1ate\" style=\"width: 494px; height: 292px;\" \/> <\/a> <div class=\"tiled-gallery-caption\" itemprop=\"caption description\"> Biuve fulvipunctata @ Taliarte, Gran Canaria in 4m 6-09-2016 by Jose Juan Calder\u00edn Pe\u00f1ate <\/div> <\/div> <\/div> <!-- close group --> <\/div> <!-- close row --> <div class=\"gallery-row\" style=\"width: 900px; height: 612px;\" data-original-width=\"900\" data-original-height=\"612\" > <div class=\"gallery-group images-2\" style=\"width: 374px; height: 612px;\" data-original-width=\"374\" data-original-height=\"612\" > <div class=\"tiled-gallery-item tiled-gallery-item-large\" itemprop=\"associatedMedia\" itemscope itemtype=\"http:\/\/schema.org\/ImageObject\"> <a href=\"https:\/\/opistobranquis.info\/ca\/guia\/cephalaspidea\/philinoidea\/biuve-fulvipunctata\/chelidonura-fulvipunctata-taliarte-gran-canaria-in-4m-6-09-2016-by-jose-juan-calderin-penate-3\/\" border=\"0\" itemprop=\"url\"> <meta itemprop=\"width\" content=\"370\"> <meta itemprop=\"height\" content=\"271\"> <img decoding=\"async\" class=\"\" data-attachment-id=\"22366\" data-orig-file=\"https:\/\/opistobranquis.info\/wp-content\/uploads\/2014\/09\/Chelidonura-fulvipunctata-@-Taliarte-Gran-Canaria-in-4m-6-09-2016-by-Jose-Juan-Calder\u00edn-Pe\u00f1ate-3.jpg\" data-orig-size=\"960,705\" data-comments-opened=\"\" data-image-title=\"Biuve fulvipunctata @ Taliarte, Gran Canaria in 4m 6-09-2016 by Jose Juan Calder\u00edn Pe\u00f1ate\" data-image-description=\"&lt;p&gt;Biuve fulvipunctata @ Taliarte, Gran Canaria in 4m 6-09-2016 by Jose Juan Calder\u00edn Pe\u00f1ate&lt;\/p&gt; \" data-medium-file=\"https:\/\/i0.wp.com\/opistobranquis.info\/wp-content\/uploads\/2014\/09\/Chelidonura-fulvipunctata-%40-Taliarte-Gran-Canaria-in-4m-6-09-2016-by-Jose-Juan-Calder%C3%ADn-Pe%C3%B1ate-3.jpg?fit=300%2C220&#038;ssl=1\" data-large-file=\"https:\/\/i0.wp.com\/opistobranquis.info\/wp-content\/uploads\/2014\/09\/Chelidonura-fulvipunctata-%40-Taliarte-Gran-Canaria-in-4m-6-09-2016-by-Jose-Juan-Calder%C3%ADn-Pe%C3%B1ate-3.jpg?fit=900%2C661&#038;ssl=1\" src=\"https:\/\/i0.wp.com\/opistobranquis.info\/wp-content\/uploads\/2014\/09\/Chelidonura-fulvipunctata-%40-Taliarte-Gran-Canaria-in-4m-6-09-2016-by-Jose-Juan-Calder%C3%ADn-Pe%C3%B1ate-3.jpg?w=370&#038;h=271&#038;ssl=1\" width=\"370\" height=\"271\" loading=\"lazy\" data-original-width=\"370\" data-original-height=\"271\" itemprop=\"http:\/\/schema.org\/image\" title=\"Biuve fulvipunctata @ Taliarte, Gran Canaria in 4m 6-09-2016 by Jose Juan Calder\u00edn Pe\u00f1ate\" alt=\"Biuve fulvipunctata @ Taliarte, Gran Canaria in 4m 6-09-2016 by Jose Juan Calder\u00edn Pe\u00f1ate\" style=\"width: 370px; height: 271px;\" \/> <\/a> <div class=\"tiled-gallery-caption\" itemprop=\"caption description\"> Biuve fulvipunctata @ Taliarte, Gran Canaria in 4m 6-09-2016 by Jose Juan Calder\u00edn Pe\u00f1ate <\/div> <\/div> <div class=\"tiled-gallery-item tiled-gallery-item-large\" itemprop=\"associatedMedia\" itemscope itemtype=\"http:\/\/schema.org\/ImageObject\"> <a href=\"https:\/\/opistobranquis.info\/ca\/guia\/cephalaspidea\/philinoidea\/biuve-fulvipunctata\/chelidonura-fulvipunctata-taliarte-gran-canaria-in-4m-6-09-2016-by-jose-juan-calderin-penate-4\/\" border=\"0\" itemprop=\"url\"> <meta itemprop=\"width\" content=\"370\"> <meta itemprop=\"height\" content=\"333\"> <img decoding=\"async\" class=\"\" data-attachment-id=\"22367\" data-orig-file=\"https:\/\/opistobranquis.info\/wp-content\/uploads\/2014\/09\/Chelidonura-fulvipunctata-@-Taliarte-Gran-Canaria-in-4m-6-09-2016-by-Jose-Juan-Calder\u00edn-Pe\u00f1ate-4.jpg\" data-orig-size=\"960,864\" data-comments-opened=\"\" data-image-title=\"Biuve fulvipunctata @ Taliarte, Gran Canaria in 4m 6-09-2016 by Jose Juan Calder\u00edn Pe\u00f1ate\" data-image-description=\"&lt;p&gt;Biuve fulvipunctata @ Taliarte, Gran Canaria in 4m 6-09-2016 by Jose Juan Calder\u00edn Pe\u00f1ate&lt;\/p&gt; \" data-medium-file=\"https:\/\/i0.wp.com\/opistobranquis.info\/wp-content\/uploads\/2014\/09\/Chelidonura-fulvipunctata-%40-Taliarte-Gran-Canaria-in-4m-6-09-2016-by-Jose-Juan-Calder%C3%ADn-Pe%C3%B1ate-4.jpg?fit=300%2C270&#038;ssl=1\" data-large-file=\"https:\/\/i0.wp.com\/opistobranquis.info\/wp-content\/uploads\/2014\/09\/Chelidonura-fulvipunctata-%40-Taliarte-Gran-Canaria-in-4m-6-09-2016-by-Jose-Juan-Calder%C3%ADn-Pe%C3%B1ate-4.jpg?fit=900%2C810&#038;ssl=1\" src=\"https:\/\/i0.wp.com\/opistobranquis.info\/wp-content\/uploads\/2014\/09\/Chelidonura-fulvipunctata-%40-Taliarte-Gran-Canaria-in-4m-6-09-2016-by-Jose-Juan-Calder%C3%ADn-Pe%C3%B1ate-4.jpg?w=370&#038;h=333&#038;ssl=1\" width=\"370\" height=\"333\" loading=\"lazy\" data-original-width=\"370\" data-original-height=\"333\" itemprop=\"http:\/\/schema.org\/image\" title=\"Biuve fulvipunctata @ Taliarte, Gran Canaria in 4m 6-09-2016 by Jose Juan Calder\u00edn Pe\u00f1ate\" alt=\"Biuve fulvipunctata @ Taliarte, Gran Canaria in 4m 6-09-2016 by Jose Juan Calder\u00edn Pe\u00f1ate\" style=\"width: 370px; height: 333px;\" \/> <\/a> <div class=\"tiled-gallery-caption\" itemprop=\"caption description\"> Biuve fulvipunctata @ Taliarte, Gran Canaria in 4m 6-09-2016 by Jose Juan Calder\u00edn Pe\u00f1ate <\/div> <\/div> <\/div> <!-- close group --> <div class=\"gallery-group images-1\" style=\"width: 526px; height: 612px;\" data-original-width=\"526\" data-original-height=\"612\" > <div class=\"tiled-gallery-item tiled-gallery-item-large\" itemprop=\"associatedMedia\" itemscope itemtype=\"http:\/\/schema.org\/ImageObject\"> <a href=\"https:\/\/opistobranquis.info\/ca\/guia\/cephalaspidea\/philinoidea\/biuve-fulvipunctata\/chelidonura-fulvipunctata-taliarte-gran-canaria-in-4m-6-09-2016-by-jose-juan-calderin-penate-5\/\" border=\"0\" itemprop=\"url\"> <meta itemprop=\"width\" content=\"522\"> <meta itemprop=\"height\" content=\"608\"> <img decoding=\"async\" class=\"\" data-attachment-id=\"22368\" data-orig-file=\"https:\/\/opistobranquis.info\/wp-content\/uploads\/2014\/09\/Chelidonura-fulvipunctata-@-Taliarte-Gran-Canaria-in-4m-6-09-2016-by-Jose-Juan-Calder\u00edn-Pe\u00f1ate-5.jpg\" data-orig-size=\"825,960\" data-comments-opened=\"\" data-image-title=\"Biuve fulvipunctata @ Taliarte, Gran Canaria in 4m 6-09-2016 by Jose Juan Calder\u00edn Pe\u00f1ate\" data-image-description=\"&lt;p&gt;Biuve fulvipunctata @ Taliarte, Gran Canaria in 4m 6-09-2016 by Jose Juan Calder\u00edn Pe\u00f1ate&lt;\/p&gt; \" data-medium-file=\"https:\/\/i0.wp.com\/opistobranquis.info\/wp-content\/uploads\/2014\/09\/Chelidonura-fulvipunctata-%40-Taliarte-Gran-Canaria-in-4m-6-09-2016-by-Jose-Juan-Calder%C3%ADn-Pe%C3%B1ate-5.jpg?fit=258%2C300&#038;ssl=1\" data-large-file=\"https:\/\/i0.wp.com\/opistobranquis.info\/wp-content\/uploads\/2014\/09\/Chelidonura-fulvipunctata-%40-Taliarte-Gran-Canaria-in-4m-6-09-2016-by-Jose-Juan-Calder%C3%ADn-Pe%C3%B1ate-5.jpg?fit=825%2C960&#038;ssl=1\" src=\"https:\/\/i0.wp.com\/opistobranquis.info\/wp-content\/uploads\/2014\/09\/Chelidonura-fulvipunctata-%40-Taliarte-Gran-Canaria-in-4m-6-09-2016-by-Jose-Juan-Calder%C3%ADn-Pe%C3%B1ate-5.jpg?w=522&#038;h=608&#038;ssl=1\" width=\"522\" height=\"608\" loading=\"lazy\" data-original-width=\"522\" data-original-height=\"608\" itemprop=\"http:\/\/schema.org\/image\" title=\"Biuve fulvipunctata @ Taliarte, Gran Canaria in 4m 6-09-2016 by Jose Juan Calder\u00edn Pe\u00f1ate\" alt=\"Biuve fulvipunctata @ Taliarte, Gran Canaria in 4m 6-09-2016 by Jose Juan Calder\u00edn Pe\u00f1ate\" style=\"width: 522px; height: 608px;\" \/> <\/a> <div class=\"tiled-gallery-caption\" itemprop=\"caption description\"> Biuve fulvipunctata @ Taliarte, Gran Canaria in 4m 6-09-2016 by Jose Juan Calder\u00edn Pe\u00f1ate <\/div> <\/div> <\/div> <!-- close group --> <\/div> <!-- close row --> <div class=\"gallery-row\" style=\"width: 900px; height: 609px;\" data-original-width=\"900\" data-original-height=\"609\" > <div class=\"gallery-group images-1\" style=\"width: 545px; height: 609px;\" data-original-width=\"545\" data-original-height=\"609\" > <div class=\"tiled-gallery-item tiled-gallery-item-large\" itemprop=\"associatedMedia\" itemscope itemtype=\"http:\/\/schema.org\/ImageObject\"> <a href=\"https:\/\/opistobranquis.info\/ca\/guia\/cephalaspidea\/philinoidea\/biuve-fulvipunctata\/chelidonura-fulvipunctata-taliarte-gran-canaria-in-4m-6-09-2016-by-jose-juan-calderin-penate-7\/\" border=\"0\" itemprop=\"url\"> <meta itemprop=\"width\" content=\"541\"> <meta itemprop=\"height\" content=\"605\"> <img decoding=\"async\" class=\"\" data-attachment-id=\"22369\" data-orig-file=\"https:\/\/opistobranquis.info\/wp-content\/uploads\/2014\/09\/Chelidonura-fulvipunctata-@-Taliarte-Gran-Canaria-in-4m-6-09-2016-by-Jose-Juan-Calder\u00edn-Pe\u00f1ate-7.jpg\" data-orig-size=\"858,960\" data-comments-opened=\"\" data-image-title=\"Biuve fulvipunctata @ Taliarte, Gran Canaria in 4m 6-09-2016 by Jose Juan Calder\u00edn Pe\u00f1ate\" data-image-description=\"&lt;p&gt;Biuve fulvipunctata @ Taliarte, Gran Canaria in 4m 6-09-2016 by Jose Juan Calder\u00edn Pe\u00f1ate&lt;\/p&gt; \" data-medium-file=\"https:\/\/i0.wp.com\/opistobranquis.info\/wp-content\/uploads\/2014\/09\/Chelidonura-fulvipunctata-%40-Taliarte-Gran-Canaria-in-4m-6-09-2016-by-Jose-Juan-Calder%C3%ADn-Pe%C3%B1ate-7.jpg?fit=268%2C300&#038;ssl=1\" data-large-file=\"https:\/\/i0.wp.com\/opistobranquis.info\/wp-content\/uploads\/2014\/09\/Chelidonura-fulvipunctata-%40-Taliarte-Gran-Canaria-in-4m-6-09-2016-by-Jose-Juan-Calder%C3%ADn-Pe%C3%B1ate-7.jpg?fit=858%2C960&#038;ssl=1\" src=\"https:\/\/i0.wp.com\/opistobranquis.info\/wp-content\/uploads\/2014\/09\/Chelidonura-fulvipunctata-%40-Taliarte-Gran-Canaria-in-4m-6-09-2016-by-Jose-Juan-Calder%C3%ADn-Pe%C3%B1ate-7.jpg?w=541&#038;h=605&#038;ssl=1\" width=\"541\" height=\"605\" loading=\"lazy\" data-original-width=\"541\" data-original-height=\"605\" itemprop=\"http:\/\/schema.org\/image\" title=\"Biuve fulvipunctata @ Taliarte, Gran Canaria in 4m 6-09-2016 by Jose Juan Calder\u00edn Pe\u00f1ate\" alt=\"Biuve fulvipunctata @ Taliarte, Gran Canaria in 4m 6-09-2016 by Jose Juan Calder\u00edn Pe\u00f1ate\" style=\"width: 541px; height: 605px;\" \/> <\/a> <div class=\"tiled-gallery-caption\" itemprop=\"caption description\"> Biuve fulvipunctata @ Taliarte, Gran Canaria in 4m 6-09-2016 by Jose Juan Calder\u00edn Pe\u00f1ate <\/div> <\/div> <\/div> <!-- close group --> <div class=\"gallery-group images-3\" style=\"width: 355px; height: 609px;\" data-original-width=\"355\" data-original-height=\"609\" > <div class=\"tiled-gallery-item tiled-gallery-item-large\" itemprop=\"associatedMedia\" itemscope itemtype=\"http:\/\/schema.org\/ImageObject\"> <a href=\"https:\/\/opistobranquis.info\/ca\/guia\/cephalaspidea\/philinoidea\/biuve-fulvipunctata\/chelidonura-fulvipunctata-taliarte-gran-canaria-in-4m-6-09-2016-by-jose-juan-calderin-penate\/\" border=\"0\" itemprop=\"url\"> <meta itemprop=\"width\" content=\"351\"> <meta itemprop=\"height\" content=\"216\"> <img decoding=\"async\" class=\"\" data-attachment-id=\"22370\" data-orig-file=\"https:\/\/opistobranquis.info\/wp-content\/uploads\/2014\/09\/Chelidonura-fulvipunctata-@-Taliarte-Gran-Canaria-in-4m-6-09-2016-by-Jose-Juan-Calder\u00edn-Pe\u00f1ate.jpg\" data-orig-size=\"1280,790\" data-comments-opened=\"\" data-image-title=\"Biuve fulvipunctata @ Taliarte, Gran Canaria in 4m 6-09-2016 by Jose Juan Calder\u00edn Pe\u00f1ate\" data-image-description=\"&lt;p&gt;Biuve fulvipunctata @ Taliarte, Gran Canaria in 4m 6-09-2016 by Jose Juan Calder\u00edn Pe\u00f1ate&lt;\/p&gt; \" data-medium-file=\"https:\/\/i0.wp.com\/opistobranquis.info\/wp-content\/uploads\/2014\/09\/Chelidonura-fulvipunctata-%40-Taliarte-Gran-Canaria-in-4m-6-09-2016-by-Jose-Juan-Calder%C3%ADn-Pe%C3%B1ate.jpg?fit=300%2C185&#038;ssl=1\" data-large-file=\"https:\/\/i0.wp.com\/opistobranquis.info\/wp-content\/uploads\/2014\/09\/Chelidonura-fulvipunctata-%40-Taliarte-Gran-Canaria-in-4m-6-09-2016-by-Jose-Juan-Calder%C3%ADn-Pe%C3%B1ate.jpg?fit=900%2C555&#038;ssl=1\" src=\"https:\/\/i0.wp.com\/opistobranquis.info\/wp-content\/uploads\/2014\/09\/Chelidonura-fulvipunctata-%40-Taliarte-Gran-Canaria-in-4m-6-09-2016-by-Jose-Juan-Calder%C3%ADn-Pe%C3%B1ate.jpg?w=351&#038;h=216&#038;ssl=1\" width=\"351\" height=\"216\" loading=\"lazy\" data-original-width=\"351\" data-original-height=\"216\" itemprop=\"http:\/\/schema.org\/image\" title=\"Biuve fulvipunctata @ Taliarte, Gran Canaria in 4m 6-09-2016 by Jose Juan Calder\u00edn Pe\u00f1ate\" alt=\"Biuve fulvipunctata @ Taliarte, Gran Canaria in 4m 6-09-2016 by Jose Juan Calder\u00edn Pe\u00f1ate\" style=\"width: 351px; height: 216px;\" \/> <\/a> <div class=\"tiled-gallery-caption\" itemprop=\"caption description\"> Biuve fulvipunctata @ Taliarte, Gran Canaria in 4m 6-09-2016 by Jose Juan Calder\u00edn Pe\u00f1ate <\/div> <\/div> <div class=\"tiled-gallery-item tiled-gallery-item-large\" itemprop=\"associatedMedia\" itemscope itemtype=\"http:\/\/schema.org\/ImageObject\"> <a href=\"https:\/\/opistobranquis.info\/ca\/guia\/cephalaspidea\/philinoidea\/biuve-fulvipunctata\/chelidonura-fulvipunctata-gran-canaria-by-aketza-herrero-1\/\" border=\"0\" itemprop=\"url\"> <meta itemprop=\"width\" content=\"351\"> <meta itemprop=\"height\" content=\"184\"> <img decoding=\"async\" class=\"\" data-attachment-id=\"22375\" data-orig-file=\"https:\/\/opistobranquis.info\/wp-content\/uploads\/2014\/09\/Chelidonura-fulvipunctata-@-Gran-Canaria-by-Aketza-Herrero-1.jpg\" data-orig-size=\"1504,788\" data-comments-opened=\"\" data-image-title=\"Biuve fulvipunctata @ Gran Canaria by Aketza Herrero\" data-image-description=\"&lt;p&gt;Biuve fulvipunctata @ Gran Canaria by Aketza Herrero&lt;\/p&gt; \" data-medium-file=\"https:\/\/i0.wp.com\/opistobranquis.info\/wp-content\/uploads\/2014\/09\/Chelidonura-fulvipunctata-%40-Gran-Canaria-by-Aketza-Herrero-1.jpg?fit=300%2C157&#038;ssl=1\" data-large-file=\"https:\/\/i0.wp.com\/opistobranquis.info\/wp-content\/uploads\/2014\/09\/Chelidonura-fulvipunctata-%40-Gran-Canaria-by-Aketza-Herrero-1.jpg?fit=900%2C472&#038;ssl=1\" src=\"https:\/\/i0.wp.com\/opistobranquis.info\/wp-content\/uploads\/2014\/09\/Chelidonura-fulvipunctata-%40-Gran-Canaria-by-Aketza-Herrero-1.jpg?w=351&#038;h=184&#038;ssl=1\" width=\"351\" height=\"184\" loading=\"lazy\" data-original-width=\"351\" data-original-height=\"184\" itemprop=\"http:\/\/schema.org\/image\" title=\"Biuve fulvipunctata @ Gran Canaria by Aketza Herrero\" alt=\"Biuve fulvipunctata @ Gran Canaria by Aketza Herrero\" style=\"width: 351px; height: 184px;\" \/> <\/a> <div class=\"tiled-gallery-caption\" itemprop=\"caption description\"> Biuve fulvipunctata @ Gran Canaria by Aketza Herrero <\/div> <\/div> <div class=\"tiled-gallery-item tiled-gallery-item-large\" itemprop=\"associatedMedia\" itemscope itemtype=\"http:\/\/schema.org\/ImageObject\"> <a href=\"https:\/\/opistobranquis.info\/ca\/guia\/cephalaspidea\/philinoidea\/biuve-fulvipunctata\/chelidonura-fulvipunctata-gran-canaria-by-aketza-herrero-2\/\" border=\"0\" itemprop=\"url\"> <meta itemprop=\"width\" content=\"351\"> <meta itemprop=\"height\" content=\"197\"> <img decoding=\"async\" class=\"\" data-attachment-id=\"22376\" data-orig-file=\"https:\/\/opistobranquis.info\/wp-content\/uploads\/2014\/09\/Chelidonura-fulvipunctata-@-Gran-Canaria-by-Aketza-Herrero-2.jpg\" data-orig-size=\"1600,898\" data-comments-opened=\"\" data-image-title=\"Biuve fulvipunctata @ Gran Canaria by Aketza Herrero\" data-image-description=\"&lt;p&gt;Biuve fulvipunctata @ Gran Canaria by Aketza Herrero&lt;\/p&gt; \" data-medium-file=\"https:\/\/i0.wp.com\/opistobranquis.info\/wp-content\/uploads\/2014\/09\/Chelidonura-fulvipunctata-%40-Gran-Canaria-by-Aketza-Herrero-2.jpg?fit=300%2C168&#038;ssl=1\" data-large-file=\"https:\/\/i0.wp.com\/opistobranquis.info\/wp-content\/uploads\/2014\/09\/Chelidonura-fulvipunctata-%40-Gran-Canaria-by-Aketza-Herrero-2.jpg?fit=900%2C505&#038;ssl=1\" src=\"https:\/\/i0.wp.com\/opistobranquis.info\/wp-content\/uploads\/2014\/09\/Chelidonura-fulvipunctata-%40-Gran-Canaria-by-Aketza-Herrero-2.jpg?w=351&#038;h=197&#038;ssl=1\" width=\"351\" height=\"197\" loading=\"lazy\" data-original-width=\"351\" data-original-height=\"197\" itemprop=\"http:\/\/schema.org\/image\" title=\"Biuve fulvipunctata @ Gran Canaria by Aketza Herrero\" alt=\"Biuve fulvipunctata @ Gran Canaria by Aketza Herrero\" style=\"width: 351px; height: 197px;\" \/> <\/a> <div class=\"tiled-gallery-caption\" itemprop=\"caption description\"> Biuve fulvipunctata @ Gran Canaria by Aketza Herrero <\/div> <\/div> <\/div> <!-- close group --> <\/div> <!-- close row --> <div class=\"gallery-row\" style=\"width: 900px; height: 300px;\" data-original-width=\"900\" data-original-height=\"300\" > <div class=\"gallery-group images-1\" style=\"width: 450px; height: 300px;\" data-original-width=\"450\" data-original-height=\"300\" > <div class=\"tiled-gallery-item tiled-gallery-item-large\" itemprop=\"associatedMedia\" itemscope itemtype=\"http:\/\/schema.org\/ImageObject\"> <a href=\"https:\/\/opistobranquis.info\/ca\/guia\/cephalaspidea\/philinoidea\/biuve-fulvipunctata\/chelidonura-fulvipunctata-gran-canaria-by-aketza-herrero-3\/\" border=\"0\" itemprop=\"url\"> <meta itemprop=\"width\" content=\"446\"> <meta itemprop=\"height\" content=\"296\"> <img decoding=\"async\" class=\"\" data-attachment-id=\"22377\" data-orig-file=\"https:\/\/opistobranquis.info\/wp-content\/uploads\/2014\/09\/Chelidonura-fulvipunctata-@-Gran-Canaria-by-Aketza-Herrero-3.jpg\" data-orig-size=\"4288,2848\" data-comments-opened=\"\" data-image-title=\"Biuve fulvipunctata @ Gran Canaria 9-06-2016 by Aketza Herrero\" data-image-description=\"&lt;p&gt;Biuve fulvipunctata @ Gran Canaria 9-06-2016 by Aketza Herrero&lt;\/p&gt; \" data-medium-file=\"https:\/\/i0.wp.com\/opistobranquis.info\/wp-content\/uploads\/2014\/09\/Chelidonura-fulvipunctata-%40-Gran-Canaria-by-Aketza-Herrero-3.jpg?fit=300%2C199&#038;ssl=1\" data-large-file=\"https:\/\/i0.wp.com\/opistobranquis.info\/wp-content\/uploads\/2014\/09\/Chelidonura-fulvipunctata-%40-Gran-Canaria-by-Aketza-Herrero-3.jpg?fit=900%2C598&#038;ssl=1\" src=\"https:\/\/i0.wp.com\/opistobranquis.info\/wp-content\/uploads\/2014\/09\/Chelidonura-fulvipunctata-%40-Gran-Canaria-by-Aketza-Herrero-3.jpg?w=446&#038;h=296&#038;ssl=1\" width=\"446\" height=\"296\" loading=\"lazy\" data-original-width=\"446\" data-original-height=\"296\" itemprop=\"http:\/\/schema.org\/image\" title=\"Biuve fulvipunctata @ Gran Canaria 9-06-2016 by Aketza Herrero\" alt=\"Biuve fulvipunctata @ Gran Canaria 9-06-2016 by Aketza Herrero\" style=\"width: 446px; height: 296px;\" \/> <\/a> <div class=\"tiled-gallery-caption\" itemprop=\"caption description\"> Biuve fulvipunctata @ Gran Canaria 9-06-2016 by Aketza Herrero <\/div> <\/div> <\/div> <!-- close group --> <div class=\"gallery-group images-1\" style=\"width: 450px; height: 300px;\" data-original-width=\"450\" data-original-height=\"300\" > <div class=\"tiled-gallery-item tiled-gallery-item-large\" itemprop=\"associatedMedia\" itemscope itemtype=\"http:\/\/schema.org\/ImageObject\"> <a href=\"https:\/\/opistobranquis.info\/ca\/guia\/cephalaspidea\/philinoidea\/biuve-fulvipunctata\/chelidonura-fulvipunctata-gran-canaria-by-aketza-herrero-4\/\" border=\"0\" itemprop=\"url\"> <meta itemprop=\"width\" content=\"446\"> <meta itemprop=\"height\" content=\"296\"> <img decoding=\"async\" class=\"\" data-attachment-id=\"22378\" data-orig-file=\"https:\/\/opistobranquis.info\/wp-content\/uploads\/2014\/09\/Chelidonura-fulvipunctata-@-Gran-Canaria-by-Aketza-Herrero-4.jpg\" data-orig-size=\"4288,2848\" data-comments-opened=\"\" data-image-title=\"Biuve fulvipunctata @ Gran Canaria 19-06-2016 by Aketza Herrero\" data-image-description=\"&lt;p&gt;Biuve fulvipunctata @ Gran Canaria 19-06-2016 by Aketza Herrero&lt;\/p&gt; \" data-medium-file=\"https:\/\/i0.wp.com\/opistobranquis.info\/wp-content\/uploads\/2014\/09\/Chelidonura-fulvipunctata-%40-Gran-Canaria-by-Aketza-Herrero-4.jpg?fit=300%2C199&#038;ssl=1\" data-large-file=\"https:\/\/i0.wp.com\/opistobranquis.info\/wp-content\/uploads\/2014\/09\/Chelidonura-fulvipunctata-%40-Gran-Canaria-by-Aketza-Herrero-4.jpg?fit=900%2C598&#038;ssl=1\" src=\"https:\/\/i0.wp.com\/opistobranquis.info\/wp-content\/uploads\/2014\/09\/Chelidonura-fulvipunctata-%40-Gran-Canaria-by-Aketza-Herrero-4.jpg?w=446&#038;h=296&#038;ssl=1\" width=\"446\" height=\"296\" loading=\"lazy\" data-original-width=\"446\" data-original-height=\"296\" itemprop=\"http:\/\/schema.org\/image\" title=\"Biuve fulvipunctata @ Gran Canaria 19-06-2016 by Aketza Herrero\" alt=\"Biuve fulvipunctata @ Gran Canaria 19-06-2016 by Aketza Herrero\" style=\"width: 446px; height: 296px;\" \/> <\/a> <div class=\"tiled-gallery-caption\" itemprop=\"caption description\"> Biuve fulvipunctata @ Gran Canaria 19-06-2016 by Aketza Herrero <\/div> <\/div> <\/div> <!-- close group --> <\/div> <!-- close row --> <\/div><\/p>\n<p><p><strong>Bibliografia<\/strong><\/p><ul><div id=\"zotpress-39c418c03822aed0fc9525607f741221\" class=\"zp-Zotpress zp-Zotpress-Bib wp-block-group\">\n\n\t\t<span class=\"ZP_API_USER_ID ZP_ATTR\">1246567<\/span>\n\t\t<span class=\"ZP_ITEM_KEY ZP_ATTR\"><\/span>\n\t\t<span class=\"ZP_COLLECTION_ID ZP_ATTR\"><\/span>\n\t\t<span class=\"ZP_TAG_ID ZP_ATTR\">Biuve fulvipunctata<\/span>\n\t\t<span class=\"ZP_AUTHOR ZP_ATTR\"><\/span>\n\t\t<span class=\"ZP_YEAR ZP_ATTR\"><\/span>\n        <span class=\"ZP_ITEMTYPE ZP_ATTR\"><\/span>\n\t\t<span class=\"ZP_INCLUSIVE ZP_ATTR\">1<\/span>\n\t\t<span class=\"ZP_STYLE ZP_ATTR\">eunomia-revista-en-cultura-de-la-legalidad<\/span>\n\t\t<span class=\"ZP_LIMIT ZP_ATTR\">50<\/span>\n\t\t<span class=\"ZP_SORTBY ZP_ATTR\">creator<\/span>\n\t\t<span class=\"ZP_ORDER ZP_ATTR\">asc<\/span>\n\t\t<span class=\"ZP_TITLE ZP_ATTR\"><\/span>\n\t\t<span class=\"ZP_SHOWIMAGE ZP_ATTR\"><\/span>\n\t\t<span class=\"ZP_SHOWTAGS ZP_ATTR\"><\/span>\n\t\t<span class=\"ZP_DOWNLOADABLE ZP_ATTR\"><\/span>\n\t\t<span class=\"ZP_NOTES ZP_ATTR\"><\/span>\n\t\t<span class=\"ZP_ABSTRACT ZP_ATTR\"><\/span>\n\t\t<span class=\"ZP_CITEABLE ZP_ATTR\"><\/span>\n\t\t<span class=\"ZP_TARGET ZP_ATTR\">1<\/span>\n\t\t<span class=\"ZP_URLWRAP ZP_ATTR\"><\/span>\n\t\t<span class=\"ZP_FORCENUM ZP_ATTR\"><\/span>\n        <span class=\"ZP_HIGHLIGHT ZP_ATTR\"><\/span>\n        <span class=\"ZP_POSTID ZP_ATTR\">14177<\/span>\n\t\t<span class=\"ZOTPRESS_PLUGIN_URL ZP_ATTR\">https:\/\/opistobranquis.info\/wp-content\/plugins\/zotpress\/<\/span>\n\n\t\t<div class=\"zp-List loading\">\n\t\t\t<div class=\"zp-SEO-Content\">\n\n\t\t\t<\/div><!-- .zp-zp-SEO-Content -->\n\t\t<\/div><!-- .zp-List -->\n\t<\/div><!--.zp-Zotpress-->\n\n<p><\/p>Bibliografia basada en els treballs de <b>Steve Long, 2006<\/b>. <a target=_blank href=https:\/\/opistobranquis.info\/wp-content\/uploads\/2016\/06\/Long-S.-2006-Bibliography-of-Opisthobranchia-1554-2000.pdf>Bibliography of Opisthobranchia 1554-2000<\/a> i <b>Gary McDonald, 2009<\/b>. <a href=http:\/\/escholarship.org\/uc\/item\/8115h0wz>Bibliographia Nudibranchia<\/a>, amb actualitzacions posteriors procedents d\u00b4altres fonts.<p><\/p><\/ul><p><\/p><p><strong>M\u00e9s informaci\u00f3<\/strong><\/p><span style=\"font-size:10pt\"><ul><ul class=\"blogroll-links\"><li><a href=\"http:\/\/www.biodiversitylibrary.org\/name\/Chelidonura%20fulvipunctata\">Biodiversity Heritage Library<\/a><\/li><li><a href=\"http:\/\/www.ciesm.org\/atlas\/Chelidonurafulvipunctata.html\">CIESM Atlas of Exotic Species in the Mediterranean<\/a><\/li><li><a href=\"http:\/\/doris.ffessm.fr\/Especes\/Chelidonura-fulvipunctata-Chelidonure-doubleve-3849\">DORIS<\/a><\/li><li><a href=\"https:\/\/www.flickr.com\/search\/?text=Biuve%20fulvipunctata\">Flickr pictures<\/a><\/li><li><a href=\"http:\/\/www.irmng.org\/aphia.php?p=taxlist&#038;tName=Biuve%20fulvipunctata\">Interim Register of Marine and Nonmarine Genera<\/a><\/li><li><a href=\"http:\/\/www.ncbi.nlm.nih.gov\/Taxonomy\/Browser\/wwwtax.cgi?mode=Undef&#038;name=Chelidonura%20fulvipunctata&#038;lvl=0&#038;srchmode=1\">NCBI GenBank<\/a><\/li><li><a href=\"http:\/\/www.nudibranch.com.au\/pages\/7211c.htm\">Nudibranchs of the Sunshine Coast<\/a><\/li><li><a href=\"http:\/\/iobis.org\/mapper\/?taxon=Chelidonura%20fulvipunctata\">OBIS - Search by Taxon<\/a><\/li><li><a href=\"http:\/\/www.seaslugforum.net\/showall\/chelfulv\">SeaSlug Forum<\/a><\/li><li><a href=\"http:\/\/www.marinespecies.org\/aphia.php?p=taxdetails&#038;id=138729\">World Register of Marine Species<\/a><\/li><\/ul><\/ul><\/span><p><strong>Citeu aquest article com: <\/strong><\/p><div style=\"display: block; background: #444444; padding: 10px 30px 10px 10px; border-radius: 5px; line-height: 18px;\"><p class=\"citacio\"><b>Pontes, Miquel, Manuel Ballesteros, Enric Madrenas<\/b> (2025) <em>\"Biuve fulvipunctata\"<\/em> a <em>OPK-Opistobranquis<\/em>. Publicat: 11\/09\/2014. Accedit: 06\/09\/2026. Disponible a (<a href=https:\/\/opistobranquis.info\/ca\/?p=14177>https:\/\/opistobranquis.info\/ca\/?p=14177<\/a>)<\/p><p><\/p><\/div><p><\/p><\/p>","protected":false},"excerpt":{"rendered":"<p>Biuve fulvipunctata\u00a0 (Baba, 1938) Sin\u00f2nims Chelidonura conformata Burn, 1966 Chelidonura mediterranea Swennen, 1961 Chelidonura fulvipunctata\u00a0Baba, 1938 Descripci\u00f3 Cos una mica\u00a0cil\u00edndric i allargat, amb una conquilla interna i membranosa, dividit en un escut cef\u00e0lic anterior i un gep visceral posterior, parcialment coberta pel mantell. L&#8217;escut cef\u00e0lic t\u00e9 la vora anterior m\u00e9s \u00e0mplia i m\u00e9s o menys bilobul\u00b7lada, i ocupa els dos primers ter\u00e7os de la longitud total del cos. Pot arribar\u2026<\/p>\n<p class=\"continue-reading-button\"> <a class=\"continue-reading-link\" href=\"https:\/\/opistobranquis.info\/ca\/guia\/cephalaspidea\/philinoidea\/biuve-fulvipunctata\/\">Continua llegint<i class=\"crycon-right-dir\"><\/i><\/a><\/p>\n","protected":false},"author":423,"featured_media":19960,"parent":26138,"menu_order":2073,"comment_status":"closed","ping_status":"closed","template":"","meta":{"footnotes":""},"class_list":["post-14177","page","type-page","status-publish","has-post-thumbnail","hentry"],"jetpack_sharing_enabled":true,"_links":{"self":[{"href":"https:\/\/opistobranquis.info\/ca\/wp-json\/wp\/v2\/pages\/14177","targetHints":{"allow":["GET"]}}],"collection":[{"href":"https:\/\/opistobranquis.info\/ca\/wp-json\/wp\/v2\/pages"}],"about":[{"href":"https:\/\/opistobranquis.info\/ca\/wp-json\/wp\/v2\/types\/page"}],"author":[{"embeddable":true,"href":"https:\/\/opistobranquis.info\/ca\/wp-json\/wp\/v2\/users\/423"}],"replies":[{"embeddable":true,"href":"https:\/\/opistobranquis.info\/ca\/wp-json\/wp\/v2\/comments?post=14177"}],"version-history":[{"count":3,"href":"https:\/\/opistobranquis.info\/ca\/wp-json\/wp\/v2\/pages\/14177\/revisions"}],"predecessor-version":[{"id":25167,"href":"https:\/\/opistobranquis.info\/ca\/wp-json\/wp\/v2\/pages\/14177\/revisions\/25167"}],"up":[{"embeddable":true,"href":"https:\/\/opistobranquis.info\/ca\/wp-json\/wp\/v2\/pages\/26138"}],"wp:featuredmedia":[{"embeddable":true,"href":"https:\/\/opistobranquis.info\/ca\/wp-json\/wp\/v2\/media\/19960"}],"wp:attachment":[{"href":"https:\/\/opistobranquis.info\/ca\/wp-json\/wp\/v2\/media?parent=14177"}],"curies":[{"name":"wp","href":"https:\/\/api.w.org\/{rel}","templated":true}]}}