{"id":14193,"date":"2014-09-11T12:11:23","date_gmt":"2014-09-11T10:11:23","guid":{"rendered":"https:\/\/opistobranquis.info\/?page_id=14193"},"modified":"2023-10-03T17:56:37","modified_gmt":"2023-10-03T15:56:37","slug":"mourgona-borgninii","status":"publish","type":"page","link":"https:\/\/opistobranquis.info\/ca\/guia\/sacoglossa\/plakobranchoidea\/mourgona-borgninii\/","title":{"rendered":"Mourgona borgninii"},"content":{"rendered":"<p><\/p>\n<h3><em>Mourgona borgninii<\/em> (Trinchese, 1896)<\/h3>\n<p><span style=\"font-size:10pt;\" class=\"aligncenter\"><div id=\"featured-img-id\"><img data-recalc-dims=\"1\" decoding=\"async\" src=\"https:\/\/i0.wp.com\/opistobranquis.info\/wp-content\/uploads\/2018\/10\/Mourgona-borgninii-4mm-%40-Playa-de-la-Laja-Gran-Canaria-Spain-1m-6.05.2018-by-Alberto-Navarro-Molina.jpg?w=900&#038;ssl=1\" alt=\"Mourgona borgninii 4mm @ Playa de la Laja, Gran Canaria, Spain 1m 6.05.2018 by Alberto Navarro Molina\" \/><\/div><center><em>Mourgona borgninii 4mm @ Playa de la Laja, Gran Canaria, Spain 1m 6.05.2018<\/em> per Alberto Navarro<\/center><\/span><p><\/p><div class=\"opk-worms\"><h3>Informaci\u00f3 taxon\u00f2mica WoRMS<\/h3><div class=\"opk-success\">Nom acceptat actual: <strong><em>Mourgona borgninii<\/em> (Trinchese, 1896)<\/strong><\/div><h4>Classificaci\u00f3 actual<\/h4><table class=\"widefat striped\"><tr><th>Superdomain<\/th><td><a target=\"_blank\" href=\"https:\/\/www.marinespecies.org\/aphia.php?p=taxdetails&id=1\">Biota<\/a><\/td><\/tr><tr><th>Kingdom<\/th><td><a target=\"_blank\" href=\"https:\/\/www.marinespecies.org\/aphia.php?p=taxdetails&id=2\">Animalia<\/a><\/td><\/tr><tr><th>Phylum<\/th><td><a target=\"_blank\" href=\"https:\/\/www.marinespecies.org\/aphia.php?p=taxdetails&id=51\">Mollusca<\/a><\/td><\/tr><tr><th>Class<\/th><td><a target=\"_blank\" href=\"https:\/\/www.marinespecies.org\/aphia.php?p=taxdetails&id=101\">Gastropoda<\/a><\/td><\/tr><tr><th>Subclass<\/th><td><a target=\"_blank\" href=\"https:\/\/www.marinespecies.org\/aphia.php?p=taxdetails&id=14712\">Heterobranchia<\/a><\/td><\/tr><tr><th>Infraclass<\/th><td><a target=\"_blank\" href=\"https:\/\/www.marinespecies.org\/aphia.php?p=taxdetails&id=1057247\">Euthyneura<\/a><\/td><\/tr><tr><th>Subterclass<\/th><td><a target=\"_blank\" href=\"https:\/\/www.marinespecies.org\/aphia.php?p=taxdetails&id=1057250\">Tectipleura<\/a><\/td><\/tr><tr><th>Superorder<\/th><td><a target=\"_blank\" href=\"https:\/\/www.marinespecies.org\/aphia.php?p=taxdetails&id=167\">Sacoglossa<\/a><\/td><\/tr><tr><th>Superfamily<\/th><td><a target=\"_blank\" href=\"https:\/\/www.marinespecies.org\/aphia.php?p=taxdetails&id=411959\">Plakobranchoidea<\/a><\/td><\/tr><tr><th>Family<\/th><td><a target=\"_blank\" href=\"https:\/\/www.marinespecies.org\/aphia.php?p=taxdetails&id=196329\">Caliphyllidae<\/a><\/td><\/tr><tr><th>Genus<\/th><td><a target=\"_blank\" href=\"https:\/\/www.marinespecies.org\/aphia.php?p=taxdetails&id=415656\"><em>Mourgona<\/em><\/a><\/td><\/tr><tr><th>Species<\/th><td><a target=\"_blank\" href=\"https:\/\/www.marinespecies.org\/aphia.php?p=taxdetails&id=1263843\"><em>Mourgona borgninii<\/em> (Trinchese, 1896)<\/a><\/td><\/tr><\/table><p class=\"footer\">Classificaci\u00f3 proporcionada pel World Register of Marine Species (WoRMS). [<a target=\"_blank\" href=\"https:\/\/www.marinespecies.org\/aphia.php?p=taxdetails&id=1263843\">1263843<\/a>]<\/p><\/div><strong>Sin\u00f2nims<\/strong><\/p>\n<ul>\n<li><em>Phyllobranchus borgninii <\/em>Trinchese, 1896<\/li>\n<li><i>Polybranchia borgninii<\/i> (Trinchese, 1896)<\/li>\n<li><em>Jenseneria borgninii (Trinchese, 1896)<\/em><\/li>\n<\/ul>\n<p><strong>Descripci\u00f3<\/strong><\/p>\n<p><strong>Biologia<\/strong><\/p>\n<p><strong>Etimologia<\/strong><\/p>\n<ul>\n<li><em>Mourgona<\/em>. G\u00e8nere proposat per Marcus &amp; Marcus (1970) d&#8217;etimologia incerta.<\/li>\n<li><em>Borgninii<\/em>. Probablement dedicat a Giuseppe Borgnini (1824\u20131911) un pol\u00edtic Itali\u00e0, senador del Regne d&#8217;It\u00e0lia en la XVI legislatura.<\/li>\n<\/ul>\n<p><strong>Distribuci\u00f3<\/strong><br \/>\n<div id=\"flxmap-6a9dd2b94f35b\" class='flxmap-container' data-flxmap='flxmap_6a9dd2b94f35b' style=\"width:100%;height:400px;\"><\/div>\n<script data-noptimize=\"1\">\n\/* <![CDATA[ *\/\n(function(w, fn) {\n if (w.addEventListener) w.addEventListener(\"DOMContentLoaded\", fn, false);\n else if (w.attachEvent) w.attachEvent(\"onload\", fn);\n})(window, function() {\n var f = new FlexibleMap();\n f.panControl = true;\n f.mapTypeId = \"satellite\";\n f.setlocale(\"ca-ES\");\n f.kmlcache = \"5 minutes\";\n f.showKML(\"flxmap-6a9dd2b94f35b\", \"https:\/\/opistobranquis.info\/wp-content\/uploads\/kms\/14193.kmz\");\n window.flxmap_6a9dd2b94f35b = f;\n});\n\/* ]]> *\/\n<\/script>\n<div style=\"width:100%;text-align:center;margin:12px 0 4px 0;\">\n  <div style=\"font-size:8pt;margin-bottom:6px;\">Cites georeferenciades conegudes de l'esp\u00e8cie: <em>Mourgona borgninii<\/em><\/div>\n  <table style=\"margin:0 auto;border-collapse:collapse;font-size:8pt;\">\n    <tr><td colspan=\"2\" style=\"text-align:left;padding-bottom:4px;\"><strong>Fonts:<\/strong><\/td><\/tr>\n    <tr>\n      <td style=\"vertical-align:top;padding-right:40px;\">\n        <table style=\"border-collapse:collapse;\">\n<tr><td style='padding:1px 6px 1px 0;vertical-align:middle'><img data-recalc-dims=\"1\" src=\"https:\/\/i0.wp.com\/opistobranquis.info\/wp-content\/uploads\/kms\/wht-circle-lv.png?w=900&#038;ssl=1\" style='display:block'><\/td><td style='padding:1px 0;vertical-align:middle;white-space:nowrap'>OBIS<\/td><\/tr><tr><td style='padding:1px 6px 1px 0;vertical-align:middle'><img data-recalc-dims=\"1\" src=\"https:\/\/i0.wp.com\/opistobranquis.info\/wp-content\/uploads\/kms\/ylw-circle-lv.png?w=900&#038;ssl=1\" style='display:block'><\/td><td style='padding:1px 0;vertical-align:middle;white-space:nowrap'>GROC 2010-2011<\/td><\/tr><tr><td style='padding:1px 6px 1px 0;vertical-align:middle'><img data-recalc-dims=\"1\" src=\"https:\/\/i0.wp.com\/opistobranquis.info\/wp-content\/uploads\/kms\/grn-circle-lv.png?w=900&#038;ssl=1\" style='display:block'><\/td><td style='padding:1px 0;vertical-align:middle;white-space:nowrap'>Enric Madrenas<\/td><\/tr><tr><td style='padding:1px 6px 1px 0;vertical-align:middle'><img data-recalc-dims=\"1\" src=\"https:\/\/i0.wp.com\/opistobranquis.info\/wp-content\/uploads\/kms\/orange-circle-lv.png?w=900&#038;ssl=1\" style='display:block'><\/td><td style='padding:1px 0;vertical-align:middle;white-space:nowrap'>Jo\u00e3o Pedro Silva<\/td><\/tr><tr><td style='padding:1px 6px 1px 0;vertical-align:middle'><img data-recalc-dims=\"1\" src=\"https:\/\/i0.wp.com\/opistobranquis.info\/wp-content\/uploads\/kms\/pink-circle-lv.png?w=900&#038;ssl=1\" style='display:block'><\/td><td style='padding:1px 0;vertical-align:middle;white-space:nowrap'>Bernard Picton<\/td><\/tr><tr><td style='padding:1px 6px 1px 0;vertical-align:middle'><img data-recalc-dims=\"1\" src=\"https:\/\/i0.wp.com\/opistobranquis.info\/wp-content\/uploads\/kms\/blk-circle-lv.png?w=900&#038;ssl=1\" style='display:block'><\/td><td style='padding:1px 0;vertical-align:middle;white-space:nowrap'>GBIF<\/td><\/tr>        <\/table>\n      <\/td>\n      <td style=\"vertical-align:top;\">\n        <table style=\"border-collapse:collapse;\">\n<tr><td style='padding:1px 6px 1px 0;vertical-align:middle'><img data-recalc-dims=\"1\" src=\"https:\/\/i0.wp.com\/opistobranquis.info\/wp-content\/uploads\/kms\/purple-circle-lv.png?w=900&#038;ssl=1\" style='display:block'><\/td><td style='padding:1px 0;vertical-align:middle;white-space:nowrap'>OPK<\/td><\/tr><tr><td style='padding:1px 6px 1px 0;vertical-align:middle'><img data-recalc-dims=\"1\" src=\"https:\/\/i0.wp.com\/opistobranquis.info\/wp-content\/uploads\/kms\/red-circle-lv.png?w=900&#038;ssl=1\" style='display:block'><\/td><td style='padding:1px 0;vertical-align:middle;white-space:nowrap'>VIMAR<\/td><\/tr><tr><td style='padding:1px 6px 1px 0;vertical-align:middle'><img data-recalc-dims=\"1\" src=\"https:\/\/i0.wp.com\/opistobranquis.info\/wp-content\/uploads\/kms\/blu-circle-lv.png?w=900&#038;ssl=1\" style='display:block'><\/td><td style='padding:1px 0;vertical-align:middle;white-space:nowrap'>Manuel Ballesteros<\/td><\/tr><tr><td style='padding:1px 6px 1px 0;vertical-align:middle'><img data-recalc-dims=\"1\" src=\"https:\/\/i0.wp.com\/opistobranquis.info\/wp-content\/uploads\/kms\/cyan-circle-lv.png?w=900&#038;ssl=1\" style='display:block'><\/td><td style='padding:1px 0;vertical-align:middle;white-space:nowrap'>M@re Nostrum<\/td><\/tr><tr><td style='padding:1px 6px 1px 0;vertical-align:middle'><img data-recalc-dims=\"1\" src=\"https:\/\/i0.wp.com\/opistobranquis.info\/wp-content\/uploads\/kms\/grey-circle-lv.png?w=900&#038;ssl=1\" style='display:block'><\/td><td style='padding:1px 0;vertical-align:middle;white-space:nowrap'>Altres fonts<\/td><\/tr><tr><td style='padding:1px 6px 1px 0;vertical-align:middle'><img data-recalc-dims=\"1\" src=\"https:\/\/i0.wp.com\/opistobranquis.info\/wp-content\/uploads\/kms\/marreg.png?w=900&#038;ssl=1\" style='display:block'><\/td><td style='padding:1px 0;vertical-align:middle;white-space:nowrap'>Marine Regions<\/td><\/tr>        <\/table>\n      <\/td>\n    <\/tr>\n  <\/table>\n<\/div>\n<\/p>\n<p><strong>Error:<\/strong> Chart.js no est\u00e1 disponible.<\/p>\n<p><strong>Altres fotos<\/strong><br \/>\n<div class=\"tiled-gallery type-rectangular tiled-gallery-unresized\" data-original-width=\"900\" data-carousel-extra='{&quot;blog_id&quot;:1,&quot;permalink&quot;:&quot;https:\\\/\\\/opistobranquis.info\\\/ca\\\/guia\\\/sacoglossa\\\/plakobranchoidea\\\/mourgona-borgninii\\\/&quot;,&quot;likes_blog_id&quot;:44192421}' itemscope itemtype=\"http:\/\/schema.org\/ImageGallery\" > <div class=\"gallery-row\" style=\"width: 900px; height: 397px;\" data-original-width=\"900\" data-original-height=\"397\" > <div class=\"gallery-group images-1\" style=\"width: 591px; height: 397px;\" data-original-width=\"591\" data-original-height=\"397\" > <div class=\"tiled-gallery-item tiled-gallery-item-large\" itemprop=\"associatedMedia\" itemscope itemtype=\"http:\/\/schema.org\/ImageObject\"> <a href=\"https:\/\/opistobranquis.info\/ca\/guia\/sacoglossa\/plakobranchoidea\/mourgona-borgninii\/th_polybranchia-borgninii-12mm-qalet-marku-1m-depth-31-03-1994-by-carmel-sammut\/\" border=\"0\" itemprop=\"url\"> <meta itemprop=\"width\" content=\"587\"> <meta itemprop=\"height\" content=\"393\"> <img decoding=\"async\" class=\"\" data-attachment-id=\"14226\" data-orig-file=\"https:\/\/opistobranquis.info\/wp-content\/uploads\/2014\/09\/th_Polybranchia-borgninii-12mm-@-Qalet-Marku-1m-depth-31-03-1994-by-Carmel-Sammut.jpg\" data-orig-size=\"580,389\" data-comments-opened=\"\" data-image-title=\"Mourgona borgninii 12mm @ Qalet Marku, Malta 1m depth 31-03-1994 by Carmel Sammut\" data-image-description=\"&lt;p&gt;Mourgona borgninii 12mm @ Qalet Marku, Malta 1m depth 31-03-1994 by Carmel Sammut&lt;\/p&gt; \" data-medium-file=\"https:\/\/i0.wp.com\/opistobranquis.info\/wp-content\/uploads\/2014\/09\/th_Polybranchia-borgninii-12mm-%40-Qalet-Marku-1m-depth-31-03-1994-by-Carmel-Sammut.jpg?fit=300%2C201&#038;ssl=1\" data-large-file=\"https:\/\/i0.wp.com\/opistobranquis.info\/wp-content\/uploads\/2014\/09\/th_Polybranchia-borgninii-12mm-%40-Qalet-Marku-1m-depth-31-03-1994-by-Carmel-Sammut.jpg?fit=580%2C389&#038;ssl=1\" src=\"https:\/\/i0.wp.com\/opistobranquis.info\/wp-content\/uploads\/2014\/09\/th_Polybranchia-borgninii-12mm-%40-Qalet-Marku-1m-depth-31-03-1994-by-Carmel-Sammut.jpg?w=587&#038;h=393&#038;ssl=1\" width=\"587\" height=\"393\" loading=\"lazy\" data-original-width=\"587\" data-original-height=\"393\" itemprop=\"http:\/\/schema.org\/image\" title=\"Mourgona borgninii 12mm @ Qalet Marku, Malta 1m depth 31-03-1994 by Carmel Sammut\" alt=\"Mourgona borgninii 12mm @ Qalet Marku, Malta 1m depth 31-03-1994 by Carmel Sammut\" style=\"width: 587px; height: 393px;\" \/> <\/a> <div class=\"tiled-gallery-caption\" itemprop=\"caption description\"> Mourgona borgninii 12mm @ Qalet Marku, Malta 1m depth 31-03-1994 by Carmel Sammut <\/div> <\/div> <\/div> <!-- close group --> <div class=\"gallery-group images-2\" style=\"width: 309px; height: 397px;\" data-original-width=\"309\" data-original-height=\"397\" > <div class=\"tiled-gallery-item tiled-gallery-item-large\" itemprop=\"associatedMedia\" itemscope itemtype=\"http:\/\/schema.org\/ImageObject\"> <a href=\"https:\/\/opistobranquis.info\/ca\/guia\/sacoglossa\/plakobranchoidea\/mourgona-borgninii\/th_polybranchia-borgninii-12mm-foot-detail-qalet-marku-1m-depth-31-03-1994-by-carmel-sammut\/\" border=\"0\" itemprop=\"url\"> <meta itemprop=\"width\" content=\"305\"> <meta itemprop=\"height\" content=\"186\"> <img decoding=\"async\" class=\"\" data-attachment-id=\"14227\" data-orig-file=\"https:\/\/opistobranquis.info\/wp-content\/uploads\/2014\/09\/th_Polybranchia-borgninii-12mm-foot-detail-@-Qalet-Marku-1m-depth-31-03-1994-by-Carmel-Sammut.jpg\" data-orig-size=\"580,353\" data-comments-opened=\"\" data-image-title=\"Mourgona borgninii 12mm @ Qalet Marku, Malta 1m depth 31-03-1994 by Carmel Sammut\" data-image-description=\"&lt;p&gt;Mourgona borgninii 12mm @ Qalet Marku, Malta 1m depth 31-03-1994 by Carmel Sammut&lt;\/p&gt; \" data-medium-file=\"https:\/\/i0.wp.com\/opistobranquis.info\/wp-content\/uploads\/2014\/09\/th_Polybranchia-borgninii-12mm-foot-detail-%40-Qalet-Marku-1m-depth-31-03-1994-by-Carmel-Sammut.jpg?fit=300%2C182&#038;ssl=1\" data-large-file=\"https:\/\/i0.wp.com\/opistobranquis.info\/wp-content\/uploads\/2014\/09\/th_Polybranchia-borgninii-12mm-foot-detail-%40-Qalet-Marku-1m-depth-31-03-1994-by-Carmel-Sammut.jpg?fit=580%2C353&#038;ssl=1\" src=\"https:\/\/i0.wp.com\/opistobranquis.info\/wp-content\/uploads\/2014\/09\/th_Polybranchia-borgninii-12mm-foot-detail-%40-Qalet-Marku-1m-depth-31-03-1994-by-Carmel-Sammut.jpg?w=305&#038;h=186&#038;ssl=1\" width=\"305\" height=\"186\" loading=\"lazy\" data-original-width=\"305\" data-original-height=\"186\" itemprop=\"http:\/\/schema.org\/image\" title=\"Mourgona borgninii 12mm @ Qalet Marku, Malta 1m depth 31-03-1994 by Carmel Sammut\" alt=\"Mourgona borgninii 12mm @ Qalet Marku, Malta 1m depth 31-03-1994 by Carmel Sammut\" style=\"width: 305px; height: 186px;\" \/> <\/a> <div class=\"tiled-gallery-caption\" itemprop=\"caption description\"> Mourgona borgninii 12mm @ Qalet Marku, Malta 1m depth 31-03-1994 by Carmel Sammut <\/div> <\/div> <div class=\"tiled-gallery-item tiled-gallery-item-large\" itemprop=\"associatedMedia\" itemscope itemtype=\"http:\/\/schema.org\/ImageObject\"> <a href=\"https:\/\/opistobranquis.info\/ca\/guia\/sacoglossa\/plakobranchoidea\/mourgona-borgninii\/mourgona-borgninii-2\/\" border=\"0\" itemprop=\"url\"> <meta itemprop=\"width\" content=\"305\"> <meta itemprop=\"height\" content=\"203\"> <img decoding=\"async\" class=\"\" data-attachment-id=\"35539\" data-orig-file=\"https:\/\/opistobranquis.info\/wp-content\/uploads\/2022\/12\/Mourgona-borgninii.png\" data-orig-size=\"1074,716\" data-comments-opened=\"\" data-image-title=\"Mourgona borgninii @ Gran Canaria by Mario Matute\" data-image-description=\"&lt;p&gt;Mourgona borgninii @ Gran Canaria by Mario Matute&lt;\/p&gt; \" data-medium-file=\"https:\/\/i0.wp.com\/opistobranquis.info\/wp-content\/uploads\/2022\/12\/Mourgona-borgninii.png?fit=300%2C200&#038;ssl=1\" data-large-file=\"https:\/\/i0.wp.com\/opistobranquis.info\/wp-content\/uploads\/2022\/12\/Mourgona-borgninii.png?fit=900%2C600&#038;ssl=1\" src=\"https:\/\/i0.wp.com\/opistobranquis.info\/wp-content\/uploads\/2022\/12\/Mourgona-borgninii.png?w=305&#038;h=203&#038;ssl=1\" srcset=\"https:\/\/i0.wp.com\/opistobranquis.info\/wp-content\/uploads\/2022\/12\/Mourgona-borgninii.png?w=1074&amp;ssl=1 1074w, https:\/\/i0.wp.com\/opistobranquis.info\/wp-content\/uploads\/2022\/12\/Mourgona-borgninii.png?resize=300%2C200&amp;ssl=1 300w, https:\/\/i0.wp.com\/opistobranquis.info\/wp-content\/uploads\/2022\/12\/Mourgona-borgninii.png?resize=1024%2C683&amp;ssl=1 1024w, https:\/\/i0.wp.com\/opistobranquis.info\/wp-content\/uploads\/2022\/12\/Mourgona-borgninii.png?resize=150%2C100&amp;ssl=1 150w\" width=\"305\" height=\"203\" loading=\"lazy\" data-original-width=\"305\" data-original-height=\"203\" itemprop=\"http:\/\/schema.org\/image\" title=\"Mourgona borgninii @ Gran Canaria by Mario Matute\" alt=\"Mourgona borgninii @ Gran Canaria by Mario Matute\" style=\"width: 305px; height: 203px;\" \/> <\/a> <div class=\"tiled-gallery-caption\" itemprop=\"caption description\"> Mourgona borgninii @ Gran Canaria by Mario Matute <\/div> <\/div> <\/div> <!-- close group --> <\/div> <!-- close row --> <div class=\"gallery-row\" style=\"width: 900px; height: 601px;\" data-original-width=\"900\" data-original-height=\"601\" > <div class=\"gallery-group images-2\" style=\"width: 427px; height: 601px;\" data-original-width=\"427\" data-original-height=\"601\" > <div class=\"tiled-gallery-item tiled-gallery-item-large\" itemprop=\"associatedMedia\" itemscope itemtype=\"http:\/\/schema.org\/ImageObject\"> <a href=\"https:\/\/opistobranquis.info\/ca\/guia\/sacoglossa\/plakobranchoidea\/mourgona-borgninii\/mourgona-bethencourti-la-laja-gran-canaria-by-mario-matute-00\/\" border=\"0\" itemprop=\"url\"> <meta itemprop=\"width\" content=\"423\"> <meta itemprop=\"height\" content=\"283\"> <img decoding=\"async\" class=\"\" data-attachment-id=\"42009\" data-orig-file=\"https:\/\/opistobranquis.info\/wp-content\/uploads\/2023\/10\/Mourgona-bethencourti-@-La-Laja-Gran-Canaria-by-Mario-Matute-00.jpg\" data-orig-size=\"1508,1006\" data-comments-opened=\"\" data-image-title=\"Mourgona bethencourti @ La Laja, Gran Canaria by Mario Matute 00\" data-image-description=\"\" data-medium-file=\"https:\/\/i0.wp.com\/opistobranquis.info\/wp-content\/uploads\/2023\/10\/Mourgona-bethencourti-%40-La-Laja-Gran-Canaria-by-Mario-Matute-00.jpg?fit=300%2C200&#038;ssl=1\" data-large-file=\"https:\/\/i0.wp.com\/opistobranquis.info\/wp-content\/uploads\/2023\/10\/Mourgona-bethencourti-%40-La-Laja-Gran-Canaria-by-Mario-Matute-00.jpg?fit=900%2C600&#038;ssl=1\" src=\"https:\/\/i0.wp.com\/opistobranquis.info\/wp-content\/uploads\/2023\/10\/Mourgona-bethencourti-%40-La-Laja-Gran-Canaria-by-Mario-Matute-00.jpg?w=423&#038;h=283&#038;ssl=1\" width=\"423\" height=\"283\" loading=\"lazy\" data-original-width=\"423\" data-original-height=\"283\" itemprop=\"http:\/\/schema.org\/image\" title=\"Mourgona bethencourti @ La Laja, Gran Canaria by Mario Matute 00\" alt=\"Mourgona bethencourti @ La Laja, Gran Canaria by Mario Matute 00\" style=\"width: 423px; height: 283px;\" \/> <\/a> <\/div> <div class=\"tiled-gallery-item tiled-gallery-item-large\" itemprop=\"associatedMedia\" itemscope itemtype=\"http:\/\/schema.org\/ImageObject\"> <a href=\"https:\/\/opistobranquis.info\/ca\/guia\/sacoglossa\/plakobranchoidea\/mourgona-borgninii\/mourgona-bethencourti-la-laja-gran-canaria-by-mario-matute-01\/\" border=\"0\" itemprop=\"url\"> <meta itemprop=\"width\" content=\"423\"> <meta itemprop=\"height\" content=\"310\"> <img decoding=\"async\" class=\"\" data-attachment-id=\"42010\" data-orig-file=\"https:\/\/opistobranquis.info\/wp-content\/uploads\/2023\/10\/Mourgona-bethencourti-@-La-Laja-Gran-Canaria-by-Mario-Matute-01.jpg\" data-orig-size=\"1108,812\" data-comments-opened=\"\" data-image-title=\"Mourgona borgninii @ La Laja, Gran Canaria by Mario Matute\" data-image-description=\"&lt;p&gt;Mourgona borgninii @ La Laja, Gran Canaria by Mario Matute&lt;\/p&gt; \" data-medium-file=\"https:\/\/i0.wp.com\/opistobranquis.info\/wp-content\/uploads\/2023\/10\/Mourgona-bethencourti-%40-La-Laja-Gran-Canaria-by-Mario-Matute-01.jpg?fit=300%2C220&#038;ssl=1\" data-large-file=\"https:\/\/i0.wp.com\/opistobranquis.info\/wp-content\/uploads\/2023\/10\/Mourgona-bethencourti-%40-La-Laja-Gran-Canaria-by-Mario-Matute-01.jpg?fit=900%2C659&#038;ssl=1\" src=\"https:\/\/i0.wp.com\/opistobranquis.info\/wp-content\/uploads\/2023\/10\/Mourgona-bethencourti-%40-La-Laja-Gran-Canaria-by-Mario-Matute-01.jpg?w=423&#038;h=310&#038;ssl=1\" width=\"423\" height=\"310\" loading=\"lazy\" data-original-width=\"423\" data-original-height=\"310\" itemprop=\"http:\/\/schema.org\/image\" title=\"Mourgona borgninii @ La Laja, Gran Canaria by Mario Matute\" alt=\"Mourgona borgninii @ La Laja, Gran Canaria by Mario Matute\" style=\"width: 423px; height: 310px;\" \/> <\/a> <div class=\"tiled-gallery-caption\" itemprop=\"caption description\"> Mourgona borgninii @ La Laja, Gran Canaria by Mario Matute <\/div> <\/div> <\/div> <!-- close group --> <div class=\"gallery-group images-1\" style=\"width: 473px; height: 601px;\" data-original-width=\"473\" data-original-height=\"601\" > <div class=\"tiled-gallery-item tiled-gallery-item-large\" itemprop=\"associatedMedia\" itemscope itemtype=\"http:\/\/schema.org\/ImageObject\"> <a href=\"https:\/\/opistobranquis.info\/ca\/guia\/sacoglossa\/plakobranchoidea\/mourgona-borgninii\/mourgona-bethencourti-la-laja-gran-canaria-by-mario-matute-02\/\" border=\"0\" itemprop=\"url\"> <meta itemprop=\"width\" content=\"469\"> <meta itemprop=\"height\" content=\"597\"> <img decoding=\"async\" class=\"\" data-attachment-id=\"42011\" data-orig-file=\"https:\/\/opistobranquis.info\/wp-content\/uploads\/2023\/10\/Mourgona-bethencourti-@-La-Laja-Gran-Canaria-by-Mario-Matute-02.jpg\" data-orig-size=\"1080,1375\" data-comments-opened=\"\" data-image-title=\"Mourgona borgninii @ La Laja, Gran Canaria by Mario Matute\" data-image-description=\"&lt;p&gt;Mourgona borgninii @ La Laja, Gran Canaria by Mario Matute&lt;\/p&gt; \" data-medium-file=\"https:\/\/i0.wp.com\/opistobranquis.info\/wp-content\/uploads\/2023\/10\/Mourgona-bethencourti-%40-La-Laja-Gran-Canaria-by-Mario-Matute-02.jpg?fit=236%2C300&#038;ssl=1\" data-large-file=\"https:\/\/i0.wp.com\/opistobranquis.info\/wp-content\/uploads\/2023\/10\/Mourgona-bethencourti-%40-La-Laja-Gran-Canaria-by-Mario-Matute-02.jpg?fit=804%2C1024&#038;ssl=1\" src=\"https:\/\/i0.wp.com\/opistobranquis.info\/wp-content\/uploads\/2023\/10\/Mourgona-bethencourti-%40-La-Laja-Gran-Canaria-by-Mario-Matute-02.jpg?w=469&#038;h=597&#038;ssl=1\" width=\"469\" height=\"597\" loading=\"lazy\" data-original-width=\"469\" data-original-height=\"597\" itemprop=\"http:\/\/schema.org\/image\" title=\"Mourgona borgninii @ La Laja, Gran Canaria by Mario Matute\" alt=\"Mourgona borgninii @ La Laja, Gran Canaria by Mario Matute\" style=\"width: 469px; height: 597px;\" \/> <\/a> <div class=\"tiled-gallery-caption\" itemprop=\"caption description\"> Mourgona borgninii @ La Laja, Gran Canaria by Mario Matute <\/div> <\/div> <\/div> <!-- close group --> <\/div> <!-- close row --> <div class=\"gallery-row\" style=\"width: 900px; height: 339px;\" data-original-width=\"900\" data-original-height=\"339\" > <div class=\"gallery-group images-1\" style=\"width: 450px; height: 339px;\" data-original-width=\"450\" data-original-height=\"339\" > <div class=\"tiled-gallery-item tiled-gallery-item-large\" itemprop=\"associatedMedia\" itemscope itemtype=\"http:\/\/schema.org\/ImageObject\"> <a href=\"https:\/\/opistobranquis.info\/ca\/guia\/sacoglossa\/plakobranchoidea\/mourgona-borgninii\/mourgona-bethencourti-la-laja-gran-canaria-by-mario-matute-03\/\" border=\"0\" itemprop=\"url\"> <meta itemprop=\"width\" content=\"446\"> <meta itemprop=\"height\" content=\"335\"> <img decoding=\"async\" class=\"\" data-attachment-id=\"42012\" data-orig-file=\"https:\/\/opistobranquis.info\/wp-content\/uploads\/2023\/10\/Mourgona-bethencourti-@-La-Laja-Gran-Canaria-by-Mario-Matute-03.jpg\" data-orig-size=\"2048,1536\" data-comments-opened=\"\" data-image-title=\"Mourgona borgninii @ La Laja, Gran Canaria by Mario Matute\" data-image-description=\"&lt;p&gt;Mourgona borgninii @ La Laja, Gran Canaria by Mario Matute&lt;\/p&gt; \" data-medium-file=\"https:\/\/i0.wp.com\/opistobranquis.info\/wp-content\/uploads\/2023\/10\/Mourgona-bethencourti-%40-La-Laja-Gran-Canaria-by-Mario-Matute-03.jpg?fit=300%2C225&#038;ssl=1\" data-large-file=\"https:\/\/i0.wp.com\/opistobranquis.info\/wp-content\/uploads\/2023\/10\/Mourgona-bethencourti-%40-La-Laja-Gran-Canaria-by-Mario-Matute-03.jpg?fit=900%2C675&#038;ssl=1\" src=\"https:\/\/i0.wp.com\/opistobranquis.info\/wp-content\/uploads\/2023\/10\/Mourgona-bethencourti-%40-La-Laja-Gran-Canaria-by-Mario-Matute-03.jpg?w=446&#038;h=335&#038;ssl=1\" width=\"446\" height=\"335\" loading=\"lazy\" data-original-width=\"446\" data-original-height=\"335\" itemprop=\"http:\/\/schema.org\/image\" title=\"Mourgona borgninii @ La Laja, Gran Canaria by Mario Matute\" alt=\"Mourgona borgninii @ La Laja, Gran Canaria by Mario Matute\" style=\"width: 446px; height: 335px;\" \/> <\/a> <div class=\"tiled-gallery-caption\" itemprop=\"caption description\"> Mourgona borgninii @ La Laja, Gran Canaria by Mario Matute <\/div> <\/div> <\/div> <!-- close group --> <div class=\"gallery-group images-1\" style=\"width: 450px; height: 339px;\" data-original-width=\"450\" data-original-height=\"339\" > <div class=\"tiled-gallery-item tiled-gallery-item-large\" itemprop=\"associatedMedia\" itemscope itemtype=\"http:\/\/schema.org\/ImageObject\"> <a href=\"https:\/\/opistobranquis.info\/ca\/guia\/sacoglossa\/plakobranchoidea\/mourgona-borgninii\/mourgona-bethencourti-la-laja-gran-canaria-by-mario-matute-04\/\" border=\"0\" itemprop=\"url\"> <meta itemprop=\"width\" content=\"446\"> <meta itemprop=\"height\" content=\"335\"> <img decoding=\"async\" class=\"\" data-attachment-id=\"42013\" data-orig-file=\"https:\/\/opistobranquis.info\/wp-content\/uploads\/2023\/10\/Mourgona-bethencourti-@-La-Laja-Gran-Canaria-by-Mario-Matute-04.jpg\" data-orig-size=\"2048,1536\" data-comments-opened=\"\" data-image-title=\"Mourgona borgninii @ La Laja, Gran Canaria by Mario Matute\" data-image-description=\"&lt;p&gt;Mourgona borgninii @ La Laja, Gran Canaria by Mario Matute&lt;\/p&gt; \" data-medium-file=\"https:\/\/i0.wp.com\/opistobranquis.info\/wp-content\/uploads\/2023\/10\/Mourgona-bethencourti-%40-La-Laja-Gran-Canaria-by-Mario-Matute-04.jpg?fit=300%2C225&#038;ssl=1\" data-large-file=\"https:\/\/i0.wp.com\/opistobranquis.info\/wp-content\/uploads\/2023\/10\/Mourgona-bethencourti-%40-La-Laja-Gran-Canaria-by-Mario-Matute-04.jpg?fit=900%2C675&#038;ssl=1\" src=\"https:\/\/i0.wp.com\/opistobranquis.info\/wp-content\/uploads\/2023\/10\/Mourgona-bethencourti-%40-La-Laja-Gran-Canaria-by-Mario-Matute-04.jpg?w=446&#038;h=335&#038;ssl=1\" width=\"446\" height=\"335\" loading=\"lazy\" data-original-width=\"446\" data-original-height=\"335\" itemprop=\"http:\/\/schema.org\/image\" title=\"Mourgona borgninii @ La Laja, Gran Canaria by Mario Matute\" alt=\"Mourgona borgninii @ La Laja, Gran Canaria by Mario Matute\" style=\"width: 446px; height: 335px;\" \/> <\/a> <div class=\"tiled-gallery-caption\" itemprop=\"caption description\"> Mourgona borgninii @ La Laja, Gran Canaria by Mario Matute <\/div> <\/div> <\/div> <!-- close group --> <\/div> <!-- close row --> <div class=\"gallery-row\" style=\"width: 900px; height: 624px;\" data-original-width=\"900\" data-original-height=\"624\" > <div class=\"gallery-group images-1\" style=\"width: 900px; height: 624px;\" data-original-width=\"900\" data-original-height=\"624\" > <div class=\"tiled-gallery-item tiled-gallery-item-large\" itemprop=\"associatedMedia\" itemscope itemtype=\"http:\/\/schema.org\/ImageObject\"> <a href=\"https:\/\/opistobranquis.info\/ca\/guia\/sacoglossa\/plakobranchoidea\/mourgona-borgninii\/mourgona-bethencourti-la-laja-gran-canaria-by-mario-matute-05\/\" border=\"0\" itemprop=\"url\"> <meta itemprop=\"width\" content=\"896\"> <meta itemprop=\"height\" content=\"620\"> <img decoding=\"async\" class=\"\" data-attachment-id=\"42014\" data-orig-file=\"https:\/\/opistobranquis.info\/wp-content\/uploads\/2023\/10\/Mourgona-bethencourti-@-La-Laja-Gran-Canaria-by-Mario-Matute-05.jpg\" data-orig-size=\"1533,1060\" data-comments-opened=\"\" data-image-title=\"Mourgona borgninii @ La Laja, Gran Canaria by Mario Matute\" data-image-description=\"&lt;p&gt;Mourgona borgninii @ La Laja, Gran Canaria by Mario Matute&lt;\/p&gt; \" data-medium-file=\"https:\/\/i0.wp.com\/opistobranquis.info\/wp-content\/uploads\/2023\/10\/Mourgona-bethencourti-%40-La-Laja-Gran-Canaria-by-Mario-Matute-05.jpg?fit=300%2C207&#038;ssl=1\" data-large-file=\"https:\/\/i0.wp.com\/opistobranquis.info\/wp-content\/uploads\/2023\/10\/Mourgona-bethencourti-%40-La-Laja-Gran-Canaria-by-Mario-Matute-05.jpg?fit=900%2C622&#038;ssl=1\" src=\"https:\/\/i0.wp.com\/opistobranquis.info\/wp-content\/uploads\/2023\/10\/Mourgona-bethencourti-%40-La-Laja-Gran-Canaria-by-Mario-Matute-05.jpg?w=896&#038;h=620&#038;ssl=1\" width=\"896\" height=\"620\" loading=\"lazy\" data-original-width=\"896\" data-original-height=\"620\" itemprop=\"http:\/\/schema.org\/image\" title=\"Mourgona borgninii @ La Laja, Gran Canaria by Mario Matute\" alt=\"Mourgona borgninii @ La Laja, Gran Canaria by Mario Matute\" style=\"width: 896px; height: 620px;\" \/> <\/a> <div class=\"tiled-gallery-caption\" itemprop=\"caption description\"> Mourgona borgninii @ La Laja, Gran Canaria by Mario Matute <\/div> <\/div> <\/div> <!-- close group --> <\/div> <!-- close row --> <\/div><\/p>\n<p><p><strong>Bibliografia<\/strong><\/p><ul><div id=\"zotpress-79827f97590594a7779bf2e4a887f10e\" class=\"zp-Zotpress zp-Zotpress-Bib wp-block-group\">\n\n\t\t<span class=\"ZP_API_USER_ID ZP_ATTR\">1246567<\/span>\n\t\t<span class=\"ZP_ITEM_KEY ZP_ATTR\"><\/span>\n\t\t<span class=\"ZP_COLLECTION_ID ZP_ATTR\"><\/span>\n\t\t<span class=\"ZP_TAG_ID ZP_ATTR\">Mourgona borgninii<\/span>\n\t\t<span class=\"ZP_AUTHOR ZP_ATTR\"><\/span>\n\t\t<span class=\"ZP_YEAR ZP_ATTR\"><\/span>\n        <span class=\"ZP_ITEMTYPE ZP_ATTR\"><\/span>\n\t\t<span class=\"ZP_INCLUSIVE ZP_ATTR\">1<\/span>\n\t\t<span class=\"ZP_STYLE ZP_ATTR\">eunomia-revista-en-cultura-de-la-legalidad<\/span>\n\t\t<span class=\"ZP_LIMIT ZP_ATTR\">50<\/span>\n\t\t<span class=\"ZP_SORTBY ZP_ATTR\">creator<\/span>\n\t\t<span class=\"ZP_ORDER ZP_ATTR\">asc<\/span>\n\t\t<span class=\"ZP_TITLE ZP_ATTR\"><\/span>\n\t\t<span class=\"ZP_SHOWIMAGE ZP_ATTR\"><\/span>\n\t\t<span class=\"ZP_SHOWTAGS ZP_ATTR\"><\/span>\n\t\t<span class=\"ZP_DOWNLOADABLE ZP_ATTR\"><\/span>\n\t\t<span class=\"ZP_NOTES ZP_ATTR\"><\/span>\n\t\t<span class=\"ZP_ABSTRACT ZP_ATTR\"><\/span>\n\t\t<span class=\"ZP_CITEABLE ZP_ATTR\"><\/span>\n\t\t<span class=\"ZP_TARGET ZP_ATTR\">1<\/span>\n\t\t<span class=\"ZP_URLWRAP ZP_ATTR\"><\/span>\n\t\t<span class=\"ZP_FORCENUM ZP_ATTR\"><\/span>\n        <span class=\"ZP_HIGHLIGHT ZP_ATTR\"><\/span>\n        <span class=\"ZP_POSTID ZP_ATTR\">14193<\/span>\n\t\t<span class=\"ZOTPRESS_PLUGIN_URL ZP_ATTR\">https:\/\/opistobranquis.info\/wp-content\/plugins\/zotpress\/<\/span>\n\n\t\t<div class=\"zp-List loading\">\n\t\t\t<div class=\"zp-SEO-Content\">\n\n\t\t\t<\/div><!-- .zp-zp-SEO-Content -->\n\t\t<\/div><!-- .zp-List -->\n\t<\/div><!--.zp-Zotpress-->\n\n<p><\/p>Bibliografia basada en els treballs de <b>Steve Long, 2006<\/b>. <a target=_blank href=https:\/\/opistobranquis.info\/wp-content\/uploads\/2016\/06\/Long-S.-2006-Bibliography-of-Opisthobranchia-1554-2000.pdf>Bibliography of Opisthobranchia 1554-2000<\/a> i <b>Gary McDonald, 2009<\/b>. <a href=http:\/\/escholarship.org\/uc\/item\/8115h0wz>Bibliographia Nudibranchia<\/a>, amb actualitzacions posteriors procedents d\u00b4altres fonts.<p><\/p><\/ul><p><\/p><p><strong>M\u00e9s informaci\u00f3<\/strong><\/p><span style=\"font-size:10pt\"><ul><ul class=\"blogroll-links\"><li><a href=\"http:\/\/www.biodiversitylibrary.org\/name\/Mourgona%20borgninii\">Biodiversity Heritage Library<\/a><\/li><li><a href=\"https:\/\/www.flickr.com\/search\/?text=Mourgona%20borgninii\">Flickr pictures<\/a><\/li><li><a href=\"http:\/\/www.irmng.org\/aphia.php?p=taxlist&#038;tName=Mourgona%20borgninii\">Interim Register of Marine and Nonmarine Genera<\/a><\/li><li><a href=\"http:\/\/www.ncbi.nlm.nih.gov\/Taxonomy\/Browser\/wwwtax.cgi?mode=Undef&#038;name=Mourgona%20borgninii&#038;lvl=0&#038;srchmode=1\">NCBI GenBank<\/a><\/li><li><a href=\"http:\/\/iobis.org\/mapper\/?taxon=Mourgona%20borgninii\">OBIS - Search by Taxon<\/a><\/li><li><a href=\"http:\/\/www.marinespecies.org\/aphia.php?p=taxdetails&#038;id=1263843\">World Register of Marine Species<\/a><\/li><\/ul><\/ul><\/span><p><strong>Citeu aquest article com: <\/strong><\/p><div style=\"display: block; background: #444444; padding: 10px 30px 10px 10px; border-radius: 5px; line-height: 18px;\"><p class=\"citacio\"><b>Ballesteros, M., Madrenas, E. &#38; Pontes, M.<\/b> (2025) <em>\"Mourgona borgninii\"<\/em> a <em>OPK-Opistobranquis<\/em>. Publicat: 11\/09\/2014. Accedit: 06\/09\/2026. Disponible a (<a href=https:\/\/opistobranquis.info\/ca\/?p=14193>https:\/\/opistobranquis.info\/ca\/?p=14193<\/a>)<\/p><p><\/p><\/div><p><\/p><\/p>","protected":false},"excerpt":{"rendered":"<p>Mourgona borgninii (Trinchese, 1896) Sin\u00f2nims Phyllobranchus borgninii Trinchese, 1896 Polybranchia borgninii (Trinchese, 1896) Jenseneria borgninii (Trinchese, 1896) Descripci\u00f3 Biologia Etimologia Mourgona. G\u00e8nere proposat per Marcus &amp; Marcus (1970) d&#8217;etimologia incerta. Borgninii. Probablement dedicat a Giuseppe Borgnini (1824\u20131911) un pol\u00edtic Itali\u00e0, senador del Regne d&#8217;It\u00e0lia en la XVI legislatura. Distribuci\u00f3 Altres fotos<\/p>\n<p class=\"continue-reading-button\"> <a class=\"continue-reading-link\" href=\"https:\/\/opistobranquis.info\/ca\/guia\/sacoglossa\/plakobranchoidea\/mourgona-borgninii\/\">Continua llegint<i class=\"crycon-right-dir\"><\/i><\/a><\/p>\n","protected":false},"author":291,"featured_media":27392,"parent":26133,"menu_order":3192,"comment_status":"closed","ping_status":"closed","template":"","meta":{"footnotes":""},"class_list":["post-14193","page","type-page","status-publish","has-post-thumbnail","hentry"],"jetpack_sharing_enabled":true,"_links":{"self":[{"href":"https:\/\/opistobranquis.info\/ca\/wp-json\/wp\/v2\/pages\/14193","targetHints":{"allow":["GET"]}}],"collection":[{"href":"https:\/\/opistobranquis.info\/ca\/wp-json\/wp\/v2\/pages"}],"about":[{"href":"https:\/\/opistobranquis.info\/ca\/wp-json\/wp\/v2\/types\/page"}],"author":[{"embeddable":true,"href":"https:\/\/opistobranquis.info\/ca\/wp-json\/wp\/v2\/users\/291"}],"replies":[{"embeddable":true,"href":"https:\/\/opistobranquis.info\/ca\/wp-json\/wp\/v2\/comments?post=14193"}],"version-history":[{"count":3,"href":"https:\/\/opistobranquis.info\/ca\/wp-json\/wp\/v2\/pages\/14193\/revisions"}],"predecessor-version":[{"id":35540,"href":"https:\/\/opistobranquis.info\/ca\/wp-json\/wp\/v2\/pages\/14193\/revisions\/35540"}],"up":[{"embeddable":true,"href":"https:\/\/opistobranquis.info\/ca\/wp-json\/wp\/v2\/pages\/26133"}],"wp:featuredmedia":[{"embeddable":true,"href":"https:\/\/opistobranquis.info\/ca\/wp-json\/wp\/v2\/media\/27392"}],"wp:attachment":[{"href":"https:\/\/opistobranquis.info\/ca\/wp-json\/wp\/v2\/media?parent=14193"}],"curies":[{"name":"wp","href":"https:\/\/api.w.org\/{rel}","templated":true}]}}