{"id":14576,"date":"2014-09-18T22:35:53","date_gmt":"2014-09-18T20:35:53","guid":{"rendered":"https:\/\/opistobranquis.info\/?page_id=14576"},"modified":"2025-06-19T12:06:43","modified_gmt":"2025-06-19T10:06:43","slug":"oxynoe-viridis","status":"publish","type":"page","link":"https:\/\/opistobranquis.info\/ca\/guia\/sacoglossa\/oxynooidea\/oxynoe-viridis\/","title":{"rendered":"Oxynoe viridis"},"content":{"rendered":"<p><\/p>\n<h3><em>Oxynoe viridis<\/em> (Pease, 1861)<\/h3>\n<h6 style=\"text-align: center;\"><div id=\"featured-img-id\"><img data-recalc-dims=\"1\" decoding=\"async\" src=\"https:\/\/i0.wp.com\/opistobranquis.info\/wp-content\/uploads\/2014\/09\/Oxynoe-viridis-by-Murat-Draman-www.thedivingguidekas.com-%40-20090900-Kas-Antalya-Turquia-25m-on-Caulerpa-racemosa-var.-lamourouxii-2.jpg?w=900&#038;ssl=1\" alt=\"Oxynoe viridis by Murat Draman - www.thedivingguidekas.com @ 20090900 Kas, Antalya, Turquia, 25m on Caulerpa racemosa var. lamourouxii\" \/><\/div><em>Oxynoe viridis<\/em>\u00a0per Murat Draman &#8211;\u00a0<a href=\"http:\/\/www.thedivingguidekas.com\">www.thedivingguidekas.com<\/a><br \/>\nFotografiada al setembre 2009 a Ka\u015f, Antalya (Turquia), a 25m sobre <em>Caulerpa racemosa var. lamourouxii<\/em><\/h6>\n<p><div class=\"opk-worms\"><h3>Informaci\u00f3 taxon\u00f2mica WoRMS<\/h3><div class=\"opk-success\">Nom acceptat actual: <strong><em>Oxynoe viridis<\/em> (Pease, 1861)<\/strong><\/div><h4>Classificaci\u00f3 actual<\/h4><table class=\"widefat striped\"><tr><th>Superdomain<\/th><td><a target=\"_blank\" href=\"https:\/\/www.marinespecies.org\/aphia.php?p=taxdetails&id=1\">Biota<\/a><\/td><\/tr><tr><th>Kingdom<\/th><td><a target=\"_blank\" href=\"https:\/\/www.marinespecies.org\/aphia.php?p=taxdetails&id=2\">Animalia<\/a><\/td><\/tr><tr><th>Phylum<\/th><td><a target=\"_blank\" href=\"https:\/\/www.marinespecies.org\/aphia.php?p=taxdetails&id=51\">Mollusca<\/a><\/td><\/tr><tr><th>Class<\/th><td><a target=\"_blank\" href=\"https:\/\/www.marinespecies.org\/aphia.php?p=taxdetails&id=101\">Gastropoda<\/a><\/td><\/tr><tr><th>Subclass<\/th><td><a target=\"_blank\" href=\"https:\/\/www.marinespecies.org\/aphia.php?p=taxdetails&id=14712\">Heterobranchia<\/a><\/td><\/tr><tr><th>Infraclass<\/th><td><a target=\"_blank\" href=\"https:\/\/www.marinespecies.org\/aphia.php?p=taxdetails&id=1057247\">Euthyneura<\/a><\/td><\/tr><tr><th>Subterclass<\/th><td><a target=\"_blank\" href=\"https:\/\/www.marinespecies.org\/aphia.php?p=taxdetails&id=1057250\">Tectipleura<\/a><\/td><\/tr><tr><th>Superorder<\/th><td><a target=\"_blank\" href=\"https:\/\/www.marinespecies.org\/aphia.php?p=taxdetails&id=167\">Sacoglossa<\/a><\/td><\/tr><tr><th>Superfamily<\/th><td><a target=\"_blank\" href=\"https:\/\/www.marinespecies.org\/aphia.php?p=taxdetails&id=411955\">Oxynooidea<\/a><\/td><\/tr><tr><th>Family<\/th><td><a target=\"_blank\" href=\"https:\/\/www.marinespecies.org\/aphia.php?p=taxdetails&id=153471\">Oxynoidae<\/a><\/td><\/tr><tr><th>Genus<\/th><td><a target=\"_blank\" href=\"https:\/\/www.marinespecies.org\/aphia.php?p=taxdetails&id=138309\"><em>Oxynoe<\/em><\/a><\/td><\/tr><tr><th>Species<\/th><td><a target=\"_blank\" href=\"https:\/\/www.marinespecies.org\/aphia.php?p=taxdetails&id=397164\"><em>Oxynoe viridis<\/em> (Pease, 1861)<\/a><\/td><\/tr><\/table><p class=\"footer\">Classificaci\u00f3 proporcionada pel World Register of Marine Species (WoRMS). [<a target=\"_blank\" href=\"https:\/\/www.marinespecies.org\/aphia.php?p=taxdetails&id=397164\">397164<\/a>]<\/p><\/div><strong>Sin\u00f2nims<\/strong><\/p>\n<ul>\n<li><em>Lophocercus viridis<\/em> Pease, 1861<\/li>\n<li><em>Oxynoe delicatula<\/em> G. Nevill &amp; H. Nevill, 1869<\/li>\n<\/ul>\n<p><strong>Nota taxon\u00f2mica<br \/>\n<\/strong>Aquesta esp\u00e8cie va ser descrita originalment per Pease l\u2019any 1861 amb el nom de <em data-start=\"575\" data-end=\"596\">Lophocercus viridis<\/em>, a partir d\u2019exemplars vius recollits en aig\u00fces somes entre algues a Huaheine, una de les illes de l\u2019arxip\u00e8lag de Tahit\u00ed, a la Polin\u00e8sia Francesa. Posteriorment, l\u2019esp\u00e8cie va ser traslladada al g\u00e8nere <em data-start=\"797\" data-end=\"805\">Oxynoe<\/em>, i un segon nom, <em data-start=\"823\" data-end=\"842\">Oxynoe delicatula<\/em> (Nevill &amp; Nevill, 1869), es va sinonimitzar amb aquest.<\/p>\n<p><strong>Descripci\u00f3<br \/>\n<\/strong>Cos de forma ovalada i allargada, amb una regi\u00f3 dorsal elevada i l\u00f2buls parapodials que romanen separats al llarg de la l\u00ednia mitjana. El cos \u00e9s habitualment de color verd, amb tonalitats que van del groguenc al verd oliva, i mostra una considerable variaci\u00f3 intraespec\u00edfica. Els exemplars poden presentar diferents patrons de pigmentaci\u00f3, incloent grans ocels blaus dispersos envoltats de groc o negre, petites taques marrons o verdes, o bonys blancs a la superf\u00edcie. En alguns individus, els marges dels parapodis mostren bandes gruixudes de color blanc o groc, sovint interrompudes, que poden estar cobertes per una reticulaci\u00f3 blava o porpra. Una l\u00ednia reticulada groga tamb\u00e9 pot estendre\u2019s des dels rin\u00f2fors fins al marge anterior de la conquilla o acabar a la base dels rin\u00f2fors.\u00a0Aquests s\u00f3n llisos, del mateix color que el cap o amb taques o estries de color blau a porpra. El cap \u00e9s llis i presenta rin\u00f2fors truncats i solcats. En algunes formes, els l\u00f2buls orals poden estar marcats amb taques blaves o porpres. Els parapodis s\u00f3n molt variables: en alguns individus s\u00f3n llisos, mentre que en d\u2019altres presenten bonys baixos dispersos o nombroses papil\u00b7les allargades, especialment al llarg dels marges parapodials, donant-los un aspecte pelut. Les papil\u00b7les solen ser de color groc p\u00e0l\u00b7lid o blanc. La cua \u00e9s estreta, amb una longitud m\u00e9s del doble de la conquilla, i s\u2019estreny gradualment fins a una punta arrodonida. Mant\u00e9 el color i el patr\u00f3 dels parapodis i pot presentar una franja dorsal mitjana i bandes laterals formades per l\u00ednies grogues puntejades amb punts blaus.\u00a0Com en altres Oxynoidae, <em data-start=\"4044\" data-end=\"4060\">Oxynoe viridis<\/em> t\u00e9 una conquilla fr\u00e0gil i transl\u00facida, en gran part oculta sota els parapodis excepte al marge anterior. La conquilla \u00e9s prima, blanca, finament estriada en diagonal, lleugerament convoluta i amb el costat esquerre inflat. El teixit del mantell intern, visible a trav\u00e9s de la conquilla, \u00e9s de color marr\u00f3 daurat i sovint presenta grans taques blanques i ocels ocasionals envoltats de groc o blau. L\u2019obertura \u00e9s \u00e0mplia i oberta, amb el llavi exterior posterior truncat i el llavi interior lleugerament call\u00f3s.<\/p>\n<p><strong>Biologia<br \/>\n<\/strong>Es troba t\u00edpicament en ambients marins somers (0\u201310\u202fm de profunditat), vivint entre praderies denses d\u2019algues del g\u00e8nere <em data-start=\"2194\" data-end=\"2204\">Caulerpa<\/em>, on s\u2019alimenta i la seva coloraci\u00f3 li proporciona un excel\u00b7lent camuflatge. Observacions de camp i de laboratori confirmen que s\u2019alimenta de diverses esp\u00e8cies, incloent <em data-start=\"2374\" data-end=\"2387\">C. racemosa<\/em>, <em data-start=\"2389\" data-end=\"2409\">C. scalpelliformis<\/em>, <em data-start=\"2411\" data-end=\"2425\">C. serrulata<\/em>, <em data-start=\"2427\" data-end=\"2444\">C. cupressoides<\/em> i altres t\u00e0xons relacionats. El comportament alimentari implica l\u2019\u00fas coordinat de dos ap\u00e8ndixs orals en forma de l\u00f2bul per subjectar els filaments algals, que despr\u00e9s s\u00f3n perforats per la r\u00e0dula per extreure\u2019n el contingut citoplasm\u00e0tic, sense regurgitaci\u00f3. Un cop buit, el filament \u00e9s alliberat.\u00a0El comportament reproductor inclou c\u00f2pula rec\u00edproca, tal com va descriure Jensen (1999). L\u2019esp\u00e8cie diposita cintes d\u2019ous aplanades i en espiral de color groc, formades per 2\u20133 voltes, que es col\u00b7loquen sobre la superf\u00edcie de l\u2019alga hoste. El desenvolupament larvari \u00e9s planctotr\u00f2fic, amb un embri\u00f3 per c\u00e0psula i sense vitel extracapsular. En condicions de laboratori, les larves van eclosionar entre els 4 i 7 dies a 22\u202f\u00b0C, amb una longitud de conquilla d\u2019entre aproximadament 112\u2013119\u202f\u00b5m. Aquestes caracter\u00edstiques de desenvolupament suggereixen una alta capacitat de dispersi\u00f3, que es correlaciona amb l\u2019\u00e0mplia distribuci\u00f3 biogeogr\u00e0fica de l\u2019esp\u00e8cie, afavorida tamb\u00e9 per la seva toler\u00e0ncia ecol\u00f2gica a un ampli rang de temperatures, aproximadament entre 12,8\u202f\u00b0C i 29,2\u202f\u00b0C. Aquesta esp\u00e8cie presenta diverses adaptacions antipredadores efectives. Quan se sent amena\u00e7ada, segrega un mucus blanc, opac i enganx\u00f3s, probablement amb funci\u00f3 dissuasiva de naturalesa qu\u00edmica. A m\u00e9s, en situacions extremes, alguns individus poden autotomitzar la seva cua muscular, que continua movent-se despr\u00e9s de desprendre\u2019s. Aquest mecanisme actua com a distracci\u00f3 per als depredadors, i posteriorment la cua \u00e9s regenerada.<\/p>\n<p><strong>Etimologia<\/strong><\/p>\n<ul>\n<li><em>Viridis<\/em>. Del Llat\u00ed &#8220;viridis&#8221;, verd.<\/li>\n<\/ul>\n<p><strong>Distribuci\u00f3<br \/>\n<\/strong><span style=\"font-family: Ubuntu;\">La seva zona de distribuci\u00f3 nativa compr\u00e8n regions tropicals i subtropicals de l\u2019Indo-Pac\u00edfic occidental. Les localitats confirmades inclouen Sud-\u00e0frica, Sri Lanka, la Polin\u00e8sia Francesa (incloent-hi Mo&#8217;orea i la localitat tipus de Huaheine), el Jap\u00f3 (Okinawa), Guam, les Filipines, l\u2019est d\u2019Austr\u00e0lia (Nova Gal\u00b7les del Sud i Queensland) i Nova Zelanda. M\u00e9s recentment s\u2019ha citat tamb\u00e9 al mar Roig i al Mediterrani oriental, especialment a la costa de Turquia (zona de Ka\u015f), per\u00f2 tamb\u00e9 a l\u2019illa de Dugi Otok (Bo\u017eava, Cro\u00e0cia). Aquestes darreres aparicions al Mediterrani es consideren introduccions no aut\u00f2ctones, molt probablement a trav\u00e9s de la migraci\u00f3 lessepsiana pel canal de Suez. <\/span><span style=\"font-family: Ubuntu;\"><div id=\"flxmap-6a9dc5d6dd987\" class='flxmap-container' data-flxmap='flxmap_6a9dc5d6dd987' style=\"width:100%;height:400px;\"><\/div>\n<script data-noptimize=\"1\">\n\/* <![CDATA[ *\/\n(function(w, fn) {\n if (w.addEventListener) w.addEventListener(\"DOMContentLoaded\", fn, false);\n else if (w.attachEvent) w.attachEvent(\"onload\", fn);\n})(window, function() {\n var f = new FlexibleMap();\n f.panControl = true;\n f.mapTypeId = \"satellite\";\n f.setlocale(\"ca-ES\");\n f.kmlcache = \"5 minutes\";\n f.showKML(\"flxmap-6a9dc5d6dd987\", \"https:\/\/opistobranquis.info\/wp-content\/uploads\/kms\/14576.kmz\");\n window.flxmap_6a9dc5d6dd987 = f;\n});\n\/* ]]> *\/\n<\/script>\n<div style=\"width:100%;text-align:center;margin:12px 0 4px 0;\">\n  <div style=\"font-size:8pt;margin-bottom:6px;\">Cites georeferenciades conegudes de l'esp\u00e8cie: <em>Oxynoe viridis<\/em><\/div>\n  <table style=\"margin:0 auto;border-collapse:collapse;font-size:8pt;\">\n    <tr><td colspan=\"2\" style=\"text-align:left;padding-bottom:4px;\"><strong>Fonts:<\/strong><\/td><\/tr>\n    <tr>\n      <td style=\"vertical-align:top;padding-right:40px;\">\n        <table style=\"border-collapse:collapse;\">\n<tr><td style='padding:1px 6px 1px 0;vertical-align:middle'><img data-recalc-dims=\"1\" src=\"https:\/\/i0.wp.com\/opistobranquis.info\/wp-content\/uploads\/kms\/wht-circle-lv.png?w=900&#038;ssl=1\" style='display:block'><\/td><td style='padding:1px 0;vertical-align:middle;white-space:nowrap'>OBIS<\/td><\/tr><tr><td style='padding:1px 6px 1px 0;vertical-align:middle'><img data-recalc-dims=\"1\" src=\"https:\/\/i0.wp.com\/opistobranquis.info\/wp-content\/uploads\/kms\/ylw-circle-lv.png?w=900&#038;ssl=1\" style='display:block'><\/td><td style='padding:1px 0;vertical-align:middle;white-space:nowrap'>GROC 2010-2011<\/td><\/tr><tr><td style='padding:1px 6px 1px 0;vertical-align:middle'><img data-recalc-dims=\"1\" src=\"https:\/\/i0.wp.com\/opistobranquis.info\/wp-content\/uploads\/kms\/grn-circle-lv.png?w=900&#038;ssl=1\" style='display:block'><\/td><td style='padding:1px 0;vertical-align:middle;white-space:nowrap'>Enric Madrenas<\/td><\/tr><tr><td style='padding:1px 6px 1px 0;vertical-align:middle'><img data-recalc-dims=\"1\" src=\"https:\/\/i0.wp.com\/opistobranquis.info\/wp-content\/uploads\/kms\/orange-circle-lv.png?w=900&#038;ssl=1\" style='display:block'><\/td><td style='padding:1px 0;vertical-align:middle;white-space:nowrap'>Jo\u00e3o Pedro Silva<\/td><\/tr><tr><td style='padding:1px 6px 1px 0;vertical-align:middle'><img data-recalc-dims=\"1\" src=\"https:\/\/i0.wp.com\/opistobranquis.info\/wp-content\/uploads\/kms\/pink-circle-lv.png?w=900&#038;ssl=1\" style='display:block'><\/td><td style='padding:1px 0;vertical-align:middle;white-space:nowrap'>Bernard Picton<\/td><\/tr><tr><td style='padding:1px 6px 1px 0;vertical-align:middle'><img data-recalc-dims=\"1\" src=\"https:\/\/i0.wp.com\/opistobranquis.info\/wp-content\/uploads\/kms\/blk-circle-lv.png?w=900&#038;ssl=1\" style='display:block'><\/td><td style='padding:1px 0;vertical-align:middle;white-space:nowrap'>GBIF<\/td><\/tr>        <\/table>\n      <\/td>\n      <td style=\"vertical-align:top;\">\n        <table style=\"border-collapse:collapse;\">\n<tr><td style='padding:1px 6px 1px 0;vertical-align:middle'><img data-recalc-dims=\"1\" src=\"https:\/\/i0.wp.com\/opistobranquis.info\/wp-content\/uploads\/kms\/purple-circle-lv.png?w=900&#038;ssl=1\" style='display:block'><\/td><td style='padding:1px 0;vertical-align:middle;white-space:nowrap'>OPK<\/td><\/tr><tr><td style='padding:1px 6px 1px 0;vertical-align:middle'><img data-recalc-dims=\"1\" src=\"https:\/\/i0.wp.com\/opistobranquis.info\/wp-content\/uploads\/kms\/red-circle-lv.png?w=900&#038;ssl=1\" style='display:block'><\/td><td style='padding:1px 0;vertical-align:middle;white-space:nowrap'>VIMAR<\/td><\/tr><tr><td style='padding:1px 6px 1px 0;vertical-align:middle'><img data-recalc-dims=\"1\" src=\"https:\/\/i0.wp.com\/opistobranquis.info\/wp-content\/uploads\/kms\/blu-circle-lv.png?w=900&#038;ssl=1\" style='display:block'><\/td><td style='padding:1px 0;vertical-align:middle;white-space:nowrap'>Manuel Ballesteros<\/td><\/tr><tr><td style='padding:1px 6px 1px 0;vertical-align:middle'><img data-recalc-dims=\"1\" src=\"https:\/\/i0.wp.com\/opistobranquis.info\/wp-content\/uploads\/kms\/cyan-circle-lv.png?w=900&#038;ssl=1\" style='display:block'><\/td><td style='padding:1px 0;vertical-align:middle;white-space:nowrap'>M@re Nostrum<\/td><\/tr><tr><td style='padding:1px 6px 1px 0;vertical-align:middle'><img data-recalc-dims=\"1\" src=\"https:\/\/i0.wp.com\/opistobranquis.info\/wp-content\/uploads\/kms\/grey-circle-lv.png?w=900&#038;ssl=1\" style='display:block'><\/td><td style='padding:1px 0;vertical-align:middle;white-space:nowrap'>Altres fonts<\/td><\/tr><tr><td style='padding:1px 6px 1px 0;vertical-align:middle'><img data-recalc-dims=\"1\" src=\"https:\/\/i0.wp.com\/opistobranquis.info\/wp-content\/uploads\/kms\/marreg.png?w=900&#038;ssl=1\" style='display:block'><\/td><td style='padding:1px 0;vertical-align:middle;white-space:nowrap'>Marine Regions<\/td><\/tr>        <\/table>\n      <\/td>\n    <\/tr>\n  <\/table>\n<\/div>\n<\/span><\/p>\n<p><strong>Error:<\/strong> Chart.js no est\u00e1 disponible.<\/p>\n<p><strong>Altres fotos<\/strong><br \/>\n<div class=\"tiled-gallery type-rectangular tiled-gallery-unresized\" data-original-width=\"900\" data-carousel-extra='{&quot;blog_id&quot;:1,&quot;permalink&quot;:&quot;https:\\\/\\\/opistobranquis.info\\\/ca\\\/guia\\\/sacoglossa\\\/oxynooidea\\\/oxynoe-viridis\\\/&quot;,&quot;likes_blog_id&quot;:44192421}' itemscope itemtype=\"http:\/\/schema.org\/ImageGallery\" > <div class=\"gallery-row\" style=\"width: 900px; height: 408px;\" data-original-width=\"900\" data-original-height=\"408\" > <div class=\"gallery-group images-1\" style=\"width: 613px; height: 408px;\" data-original-width=\"613\" data-original-height=\"408\" > <div class=\"tiled-gallery-item tiled-gallery-item-large\" itemprop=\"associatedMedia\" itemscope itemtype=\"http:\/\/schema.org\/ImageObject\"> <a href=\"https:\/\/opistobranquis.info\/ca\/guia\/sacoglossa\/oxynooidea\/oxynoe-viridis\/oxynoe-viridis-by-murat-draman-www-thedivingguidekas-com-20090900-kas-antalya-turquia-25m-on-caulerpa-racemosa-var-lamourouxii\/\" border=\"0\" itemprop=\"url\"> <meta itemprop=\"width\" content=\"609\"> <meta itemprop=\"height\" content=\"404\"> <img decoding=\"async\" class=\"\" data-attachment-id=\"14692\" data-orig-file=\"https:\/\/opistobranquis.info\/wp-content\/uploads\/2014\/09\/Oxynoe-viridis-by-Murat-Draman-www.thedivingguidekas.com-@-20090900-Kas-Antalya-Turquia-25m-on-Caulerpa-racemosa-var.-lamourouxii.jpg\" data-orig-size=\"800,531\" data-comments-opened=\"\" data-image-title=\"Oxynoe viridis by Murat Draman &amp;#8211; www.thedivingguidekas.com @ 20090900 Kas, Antalya, Turquia, 25m on Caulerpa racemosa var. lamourouxii\" data-image-description=\"&lt;p&gt;Oxynoe viridis by Murat Draman &amp;#8211; www.thedivingguidekas.com @ 20090900 Kas, Antalya, Turquia, 25m on Caulerpa racemosa var. lamourouxii&lt;\/p&gt; \" data-medium-file=\"https:\/\/i0.wp.com\/opistobranquis.info\/wp-content\/uploads\/2014\/09\/Oxynoe-viridis-by-Murat-Draman-www.thedivingguidekas.com-%40-20090900-Kas-Antalya-Turquia-25m-on-Caulerpa-racemosa-var.-lamourouxii.jpg?fit=300%2C199&#038;ssl=1\" data-large-file=\"https:\/\/i0.wp.com\/opistobranquis.info\/wp-content\/uploads\/2014\/09\/Oxynoe-viridis-by-Murat-Draman-www.thedivingguidekas.com-%40-20090900-Kas-Antalya-Turquia-25m-on-Caulerpa-racemosa-var.-lamourouxii.jpg?fit=800%2C531&#038;ssl=1\" src=\"https:\/\/i0.wp.com\/opistobranquis.info\/wp-content\/uploads\/2014\/09\/Oxynoe-viridis-by-Murat-Draman-www.thedivingguidekas.com-%40-20090900-Kas-Antalya-Turquia-25m-on-Caulerpa-racemosa-var.-lamourouxii.jpg?w=609&#038;h=404&#038;ssl=1\" width=\"609\" height=\"404\" loading=\"lazy\" data-original-width=\"609\" data-original-height=\"404\" itemprop=\"http:\/\/schema.org\/image\" title=\"Oxynoe viridis by Murat Draman - www.thedivingguidekas.com @ 20090900 Kas, Antalya, Turquia, 25m on Caulerpa racemosa var. lamourouxii\" alt=\"Oxynoe viridis by Murat Draman - www.thedivingguidekas.com @ 20090900 Kas, Antalya, Turquia, 25m on Caulerpa racemosa var. lamourouxii\" style=\"width: 609px; height: 404px;\" \/> <\/a> <div class=\"tiled-gallery-caption\" itemprop=\"caption description\"> Oxynoe viridis by Murat Draman &#8211; www.thedivingguidekas.com @ 20090900 Kas, Antalya, Turquia, 25m on Caulerpa racemosa var. lamourouxii <\/div> <\/div> <\/div> <!-- close group --> <div class=\"gallery-group images-2\" style=\"width: 287px; height: 408px;\" data-original-width=\"287\" data-original-height=\"408\" > <div class=\"tiled-gallery-item tiled-gallery-item-large\" itemprop=\"associatedMedia\" itemscope itemtype=\"http:\/\/schema.org\/ImageObject\"> <a href=\"https:\/\/opistobranquis.info\/ca\/guia\/sacoglossa\/oxynooidea\/oxynoe-viridis\/oxynoe-viridis-by-murat-draman-www-thedivingguidekas-com-20090900-kas-antalya-turquia-25m-on-caulerpa-racemosa-var-lamourouxii-3\/\" border=\"0\" itemprop=\"url\"> <meta itemprop=\"width\" content=\"283\"> <meta itemprop=\"height\" content=\"188\"> <img decoding=\"async\" class=\"\" data-attachment-id=\"14710\" data-orig-file=\"https:\/\/opistobranquis.info\/wp-content\/uploads\/2014\/09\/Oxynoe-viridis-by-Murat-Draman-www.thedivingguidekas.com-@-20090900-Kas-Antalya-Turquia-25m-on-Caulerpa-racemosa-var.-lamourouxii-3.jpg\" data-orig-size=\"800,533\" data-comments-opened=\"\" data-image-title=\"Oxynoe viridis by Murat Draman &amp;#8211; www.thedivingguidekas.com @ 20090900 Kas, Antalya, Turquia, 25m on Caulerpa racemosa var. lamourouxii \" data-image-description=\"&lt;p&gt;Oxynoe viridis by Murat Draman &amp;#8211; www.thedivingguidekas.com @ 20090900 Kas, Antalya, Turquia, 25m on Caulerpa racemosa var. lamourouxii &lt;\/p&gt; \" data-medium-file=\"https:\/\/i0.wp.com\/opistobranquis.info\/wp-content\/uploads\/2014\/09\/Oxynoe-viridis-by-Murat-Draman-www.thedivingguidekas.com-%40-20090900-Kas-Antalya-Turquia-25m-on-Caulerpa-racemosa-var.-lamourouxii-3.jpg?fit=300%2C199&#038;ssl=1\" data-large-file=\"https:\/\/i0.wp.com\/opistobranquis.info\/wp-content\/uploads\/2014\/09\/Oxynoe-viridis-by-Murat-Draman-www.thedivingguidekas.com-%40-20090900-Kas-Antalya-Turquia-25m-on-Caulerpa-racemosa-var.-lamourouxii-3.jpg?fit=800%2C533&#038;ssl=1\" src=\"https:\/\/i0.wp.com\/opistobranquis.info\/wp-content\/uploads\/2014\/09\/Oxynoe-viridis-by-Murat-Draman-www.thedivingguidekas.com-%40-20090900-Kas-Antalya-Turquia-25m-on-Caulerpa-racemosa-var.-lamourouxii-3.jpg?w=283&#038;h=188&#038;ssl=1\" width=\"283\" height=\"188\" loading=\"lazy\" data-original-width=\"283\" data-original-height=\"188\" itemprop=\"http:\/\/schema.org\/image\" title=\"Oxynoe viridis by Murat Draman - www.thedivingguidekas.com @ 20090900 Kas, Antalya, Turquia, 25m on Caulerpa racemosa var. lamourouxii \" alt=\"Oxynoe viridis by Murat Draman - www.thedivingguidekas.com @ 20090900 Kas, Antalya, Turquia, 25m on Caulerpa racemosa var. lamourouxii\" style=\"width: 283px; height: 188px;\" \/> <\/a> <div class=\"tiled-gallery-caption\" itemprop=\"caption description\"> Oxynoe viridis by Murat Draman &#8211; www.thedivingguidekas.com @ 20090900 Kas, Antalya, Turquia, 25m on Caulerpa racemosa var. lamourouxii <\/div> <\/div> <div class=\"tiled-gallery-item tiled-gallery-item-large\" itemprop=\"associatedMedia\" itemscope itemtype=\"http:\/\/schema.org\/ImageObject\"> <a href=\"https:\/\/opistobranquis.info\/ca\/guia\/sacoglossa\/oxynooidea\/oxynoe-viridis\/oxynoe-viridis-by-sonja-ooms\/\" border=\"0\" itemprop=\"url\"> <meta itemprop=\"width\" content=\"283\"> <meta itemprop=\"height\" content=\"212\"> <img decoding=\"async\" class=\"\" data-attachment-id=\"17217\" data-orig-file=\"https:\/\/opistobranquis.info\/wp-content\/uploads\/2014\/12\/Oxynoe-viridis-by-Sonja-Ooms.jpg\" data-orig-size=\"1024,769\" data-comments-opened=\"\" data-image-title=\"Oxynoe viridis by Sonja Ooms\" data-image-description=\"&lt;p&gt;Oxynoe viridis by Sonja Ooms&lt;\/p&gt; \" data-medium-file=\"https:\/\/i0.wp.com\/opistobranquis.info\/wp-content\/uploads\/2014\/12\/Oxynoe-viridis-by-Sonja-Ooms.jpg?fit=300%2C225&#038;ssl=1\" data-large-file=\"https:\/\/i0.wp.com\/opistobranquis.info\/wp-content\/uploads\/2014\/12\/Oxynoe-viridis-by-Sonja-Ooms.jpg?fit=900%2C676&#038;ssl=1\" src=\"https:\/\/i0.wp.com\/opistobranquis.info\/wp-content\/uploads\/2014\/12\/Oxynoe-viridis-by-Sonja-Ooms.jpg?w=283&#038;h=212&#038;ssl=1\" srcset=\"https:\/\/i0.wp.com\/opistobranquis.info\/wp-content\/uploads\/2014\/12\/Oxynoe-viridis-by-Sonja-Ooms.jpg?w=1024&amp;ssl=1 1024w, https:\/\/i0.wp.com\/opistobranquis.info\/wp-content\/uploads\/2014\/12\/Oxynoe-viridis-by-Sonja-Ooms.jpg?resize=150%2C113&amp;ssl=1 150w, https:\/\/i0.wp.com\/opistobranquis.info\/wp-content\/uploads\/2014\/12\/Oxynoe-viridis-by-Sonja-Ooms.jpg?resize=300%2C225&amp;ssl=1 300w\" width=\"283\" height=\"212\" loading=\"lazy\" data-original-width=\"283\" data-original-height=\"212\" itemprop=\"http:\/\/schema.org\/image\" title=\"Oxynoe viridis by Sonja Ooms\" alt=\"Oxynoe viridis by Sonja Ooms\" style=\"width: 283px; height: 212px;\" \/> <\/a> <div class=\"tiled-gallery-caption\" itemprop=\"caption description\"> Oxynoe viridis by Sonja Ooms <\/div> <\/div> <\/div> <!-- close group --> <\/div> <!-- close row --> <div class=\"gallery-row\" style=\"width: 900px; height: 339px;\" data-original-width=\"900\" data-original-height=\"339\" > <div class=\"gallery-group images-1\" style=\"width: 450px; height: 339px;\" data-original-width=\"450\" data-original-height=\"339\" > <div class=\"tiled-gallery-item tiled-gallery-item-large\" itemprop=\"associatedMedia\" itemscope itemtype=\"http:\/\/schema.org\/ImageObject\"> <a href=\"https:\/\/opistobranquis.info\/ca\/guia\/sacoglossa\/oxynooidea\/oxynoe-viridis\/oxynoe-viridis-bali-by-arya-widhi\/\" border=\"0\" itemprop=\"url\"> <meta itemprop=\"width\" content=\"446\"> <meta itemprop=\"height\" content=\"335\"> <img decoding=\"async\" class=\"\" data-attachment-id=\"21399\" data-orig-file=\"https:\/\/opistobranquis.info\/wp-content\/uploads\/2014\/09\/Oxynoe-viridis-@-Bali-by-Arya-Widhi.jpg\" data-orig-size=\"1280,960\" data-comments-opened=\"\" data-image-title=\"Oxynoe viridis @ Bali by Arya Widhi\" data-image-description=\"&lt;p&gt;Oxynoe viridis @ Bali by Arya Widhi&lt;\/p&gt; \" data-medium-file=\"https:\/\/i0.wp.com\/opistobranquis.info\/wp-content\/uploads\/2014\/09\/Oxynoe-viridis-%40-Bali-by-Arya-Widhi.jpg?fit=300%2C225&#038;ssl=1\" data-large-file=\"https:\/\/i0.wp.com\/opistobranquis.info\/wp-content\/uploads\/2014\/09\/Oxynoe-viridis-%40-Bali-by-Arya-Widhi.jpg?fit=900%2C675&#038;ssl=1\" src=\"https:\/\/i0.wp.com\/opistobranquis.info\/wp-content\/uploads\/2014\/09\/Oxynoe-viridis-%40-Bali-by-Arya-Widhi.jpg?w=446&#038;h=335&#038;ssl=1\" width=\"446\" height=\"335\" loading=\"lazy\" data-original-width=\"446\" data-original-height=\"335\" itemprop=\"http:\/\/schema.org\/image\" title=\"Oxynoe viridis @ Bali by Arya Widhi\" alt=\"Oxynoe viridis @ Bali by Arya Widhi\" style=\"width: 446px; height: 335px;\" \/> <\/a> <div class=\"tiled-gallery-caption\" itemprop=\"caption description\"> Oxynoe viridis @ Bali by Arya Widhi <\/div> <\/div> <\/div> <!-- close group --> <div class=\"gallery-group images-1\" style=\"width: 450px; height: 339px;\" data-original-width=\"450\" data-original-height=\"339\" > <div class=\"tiled-gallery-item tiled-gallery-item-large\" itemprop=\"associatedMedia\" itemscope itemtype=\"http:\/\/schema.org\/ImageObject\"> <a href=\"https:\/\/opistobranquis.info\/ca\/guia\/sacoglossa\/oxynooidea\/oxynoe-viridis\/oxynoe-viridis-bali-by-arya-widhi-2\/\" border=\"0\" itemprop=\"url\"> <meta itemprop=\"width\" content=\"446\"> <meta itemprop=\"height\" content=\"335\"> <img decoding=\"async\" class=\"\" data-attachment-id=\"21400\" data-orig-file=\"https:\/\/opistobranquis.info\/wp-content\/uploads\/2014\/09\/Oxynoe-viridis-@-Bali-by-Arya-Widhi-2.jpg\" data-orig-size=\"1280,960\" data-comments-opened=\"\" data-image-title=\"Oxynoe viridis @ Bali by Arya Widhi\" data-image-description=\"&lt;p&gt;Oxynoe viridis @ Bali by Arya Widhi&lt;\/p&gt; \" data-medium-file=\"https:\/\/i0.wp.com\/opistobranquis.info\/wp-content\/uploads\/2014\/09\/Oxynoe-viridis-%40-Bali-by-Arya-Widhi-2.jpg?fit=300%2C225&#038;ssl=1\" data-large-file=\"https:\/\/i0.wp.com\/opistobranquis.info\/wp-content\/uploads\/2014\/09\/Oxynoe-viridis-%40-Bali-by-Arya-Widhi-2.jpg?fit=900%2C675&#038;ssl=1\" src=\"https:\/\/i0.wp.com\/opistobranquis.info\/wp-content\/uploads\/2014\/09\/Oxynoe-viridis-%40-Bali-by-Arya-Widhi-2.jpg?w=446&#038;h=335&#038;ssl=1\" width=\"446\" height=\"335\" loading=\"lazy\" data-original-width=\"446\" data-original-height=\"335\" itemprop=\"http:\/\/schema.org\/image\" title=\"Oxynoe viridis @ Bali by Arya Widhi\" alt=\"Oxynoe viridis @ Bali by Arya Widhi\" style=\"width: 446px; height: 335px;\" \/> <\/a> <div class=\"tiled-gallery-caption\" itemprop=\"caption description\"> Oxynoe viridis @ Bali by Arya Widhi <\/div> <\/div> <\/div> <!-- close group --> <\/div> <!-- close row --> <\/div><\/p>\n<p><p><strong>Bibliografia<\/strong><\/p><ul><div id=\"zotpress-486c30c41884f1b151ab841cff0afe9a\" class=\"zp-Zotpress zp-Zotpress-Bib wp-block-group\">\n\n\t\t<span class=\"ZP_API_USER_ID ZP_ATTR\">1246567<\/span>\n\t\t<span class=\"ZP_ITEM_KEY ZP_ATTR\"><\/span>\n\t\t<span class=\"ZP_COLLECTION_ID ZP_ATTR\"><\/span>\n\t\t<span class=\"ZP_TAG_ID ZP_ATTR\">Oxynoe viridis<\/span>\n\t\t<span class=\"ZP_AUTHOR ZP_ATTR\"><\/span>\n\t\t<span class=\"ZP_YEAR ZP_ATTR\"><\/span>\n        <span class=\"ZP_ITEMTYPE ZP_ATTR\"><\/span>\n\t\t<span class=\"ZP_INCLUSIVE ZP_ATTR\">1<\/span>\n\t\t<span class=\"ZP_STYLE ZP_ATTR\">eunomia-revista-en-cultura-de-la-legalidad<\/span>\n\t\t<span class=\"ZP_LIMIT ZP_ATTR\">50<\/span>\n\t\t<span class=\"ZP_SORTBY ZP_ATTR\">creator<\/span>\n\t\t<span class=\"ZP_ORDER ZP_ATTR\">asc<\/span>\n\t\t<span class=\"ZP_TITLE ZP_ATTR\"><\/span>\n\t\t<span class=\"ZP_SHOWIMAGE ZP_ATTR\"><\/span>\n\t\t<span class=\"ZP_SHOWTAGS ZP_ATTR\"><\/span>\n\t\t<span class=\"ZP_DOWNLOADABLE ZP_ATTR\"><\/span>\n\t\t<span class=\"ZP_NOTES ZP_ATTR\"><\/span>\n\t\t<span class=\"ZP_ABSTRACT ZP_ATTR\"><\/span>\n\t\t<span class=\"ZP_CITEABLE ZP_ATTR\"><\/span>\n\t\t<span class=\"ZP_TARGET ZP_ATTR\">1<\/span>\n\t\t<span class=\"ZP_URLWRAP ZP_ATTR\"><\/span>\n\t\t<span class=\"ZP_FORCENUM ZP_ATTR\"><\/span>\n        <span class=\"ZP_HIGHLIGHT ZP_ATTR\"><\/span>\n        <span class=\"ZP_POSTID ZP_ATTR\">14576<\/span>\n\t\t<span class=\"ZOTPRESS_PLUGIN_URL ZP_ATTR\">https:\/\/opistobranquis.info\/wp-content\/plugins\/zotpress\/<\/span>\n\n\t\t<div class=\"zp-List loading\">\n\t\t\t<div class=\"zp-SEO-Content\">\n\n\t\t\t<\/div><!-- .zp-zp-SEO-Content -->\n\t\t<\/div><!-- .zp-List -->\n\t<\/div><!--.zp-Zotpress-->\n\n<p><\/p>Bibliografia basada en els treballs de <b>Steve Long, 2006<\/b>. <a target=_blank href=https:\/\/opistobranquis.info\/wp-content\/uploads\/2016\/06\/Long-S.-2006-Bibliography-of-Opisthobranchia-1554-2000.pdf>Bibliography of Opisthobranchia 1554-2000<\/a> i <b>Gary McDonald, 2009<\/b>. <a href=http:\/\/escholarship.org\/uc\/item\/8115h0wz>Bibliographia Nudibranchia<\/a>, amb actualitzacions posteriors procedents d\u00b4altres fonts.<p><\/p><\/ul><p><\/p><p><strong>M\u00e9s informaci\u00f3<\/strong><\/p><span style=\"font-size:10pt\"><ul><ul class=\"blogroll-links\"><li><a href=\"http:\/\/www.biodiversitylibrary.org\/name\/Oxynoe%20viridis\">Biodiversity Heritage Library<\/a><\/li><li><a href=\"https:\/\/www.flickr.com\/search\/?text=Oxynoe%20viridis\">Flickr pictures<\/a><\/li><li><a href=\"http:\/\/www.irmng.org\/aphia.php?p=taxlist&#038;tName=Oxynoe%20viridis\">Interim Register of Marine and Nonmarine Genera<\/a><\/li><li><a href=\"http:\/\/www.ncbi.nlm.nih.gov\/Taxonomy\/Browser\/wwwtax.cgi?mode=Undef&#038;name=Oxynoe%20viridis&#038;lvl=0&#038;srchmode=1\">NCBI GenBank<\/a><\/li><li><a href=\"http:\/\/www.nudibranch.com.au\/pages\/2138e.htm\">Nudibranchs of the Sunshine Coast<\/a><\/li><li><a href=\"http:\/\/iobis.org\/mapper\/?taxon=Oxynoe%20viridis\">OBIS - Search by Taxon<\/a><\/li><li><a href=\"http:\/\/www.seaslugforum.net\/showall\/oxynviri\">SeaSlug Forum<\/a><\/li><li><a href=\"http:\/\/www.marinespecies.org\/aphia.php?p=taxdetails&#038;id=397164\">World Register of Marine Species<\/a><\/li><\/ul><\/ul><\/span><p><strong>Citeu aquest article com: <\/strong><\/p><div style=\"display: block; background: #444444; padding: 10px 30px 10px 10px; border-radius: 5px; line-height: 18px;\"><p class=\"citacio\"><b>Pontes, Miquel<\/b> (2025) <em>\"Oxynoe viridis\"<\/em> a <em>OPK-Opistobranquis<\/em>. Publicat: 18\/09\/2014. Accedit: 06\/09\/2026. Disponible a (<a href=https:\/\/opistobranquis.info\/ca\/?p=14576>https:\/\/opistobranquis.info\/ca\/?p=14576<\/a>)<\/p><p><\/p><\/div><p><\/p><\/p>","protected":false},"excerpt":{"rendered":"<p>Oxynoe viridis (Pease, 1861) Oxynoe viridis\u00a0per Murat Draman &#8211;\u00a0www.thedivingguidekas.com Fotografiada al setembre 2009 a Ka\u015f, Antalya (Turquia), a 25m sobre Caulerpa racemosa var. lamourouxii Sin\u00f2nims Lophocercus viridis Pease, 1861 Oxynoe delicatula G. Nevill &amp; H. Nevill, 1869 Nota taxon\u00f2mica Aquesta esp\u00e8cie va ser descrita originalment per Pease l\u2019any 1861 amb el nom de Lophocercus viridis, a partir d\u2019exemplars vius recollits en aig\u00fces somes entre algues a Huaheine, una de les\u2026<\/p>\n<p class=\"continue-reading-button\"> <a class=\"continue-reading-link\" href=\"https:\/\/opistobranquis.info\/ca\/guia\/sacoglossa\/oxynooidea\/oxynoe-viridis\/\">Continua llegint<i class=\"crycon-right-dir\"><\/i><\/a><\/p>\n","protected":false},"author":5,"featured_media":14711,"parent":26132,"menu_order":3196,"comment_status":"closed","ping_status":"closed","template":"","meta":{"footnotes":""},"class_list":["post-14576","page","type-page","status-publish","has-post-thumbnail","hentry"],"jetpack_sharing_enabled":true,"_links":{"self":[{"href":"https:\/\/opistobranquis.info\/ca\/wp-json\/wp\/v2\/pages\/14576","targetHints":{"allow":["GET"]}}],"collection":[{"href":"https:\/\/opistobranquis.info\/ca\/wp-json\/wp\/v2\/pages"}],"about":[{"href":"https:\/\/opistobranquis.info\/ca\/wp-json\/wp\/v2\/types\/page"}],"author":[{"embeddable":true,"href":"https:\/\/opistobranquis.info\/ca\/wp-json\/wp\/v2\/users\/5"}],"replies":[{"embeddable":true,"href":"https:\/\/opistobranquis.info\/ca\/wp-json\/wp\/v2\/comments?post=14576"}],"version-history":[{"count":6,"href":"https:\/\/opistobranquis.info\/ca\/wp-json\/wp\/v2\/pages\/14576\/revisions"}],"predecessor-version":[{"id":46983,"href":"https:\/\/opistobranquis.info\/ca\/wp-json\/wp\/v2\/pages\/14576\/revisions\/46983"}],"up":[{"embeddable":true,"href":"https:\/\/opistobranquis.info\/ca\/wp-json\/wp\/v2\/pages\/26132"}],"wp:featuredmedia":[{"embeddable":true,"href":"https:\/\/opistobranquis.info\/ca\/wp-json\/wp\/v2\/media\/14711"}],"wp:attachment":[{"href":"https:\/\/opistobranquis.info\/ca\/wp-json\/wp\/v2\/media?parent=14576"}],"curies":[{"name":"wp","href":"https:\/\/api.w.org\/{rel}","templated":true}]}}