{"id":15036,"date":"2014-10-02T21:49:01","date_gmt":"2014-10-02T19:49:01","guid":{"rendered":"https:\/\/opistobranquis.info\/?page_id=15036"},"modified":"2022-12-27T22:57:29","modified_gmt":"2022-12-27T21:57:29","slug":"piseinotecus-soussi","status":"publish","type":"page","link":"https:\/\/opistobranquis.info\/ca\/guia\/nudibranchia\/cladobranchia\/aeolidioidea\/piseinotecus-soussi\/","title":{"rendered":"Piseinotecus soussi"},"content":{"rendered":"<p><\/p>\n<h3><em>Piseinotecus soussi<\/em>\u00a0Tamsouri, Carmona, Moukrim &amp; Cervera, 2014<\/h3>\n<p><span style=\"font-size:10pt;\" class=\"aligncenter\"><div id=\"featured-img-id\"><img data-recalc-dims=\"1\" decoding=\"async\" src=\"https:\/\/i0.wp.com\/opistobranquis.info\/wp-content\/uploads\/2019\/04\/Piseinotecus-soussi-20.jpg?w=900&#038;ssl=1\" alt=\"Piseinotecus soussi by Enric Madrenas\" \/><\/div><center><em>Piseinotecus soussi<\/em> per Enric Madrenas<\/center><\/span><p><\/p><div class=\"opk-worms\"><h3>Informaci\u00f3 taxon\u00f2mica WoRMS<\/h3><div class=\"opk-success\">Nom acceptat actual: <strong><em>Piseinotecus soussi<\/em> Tamsouri, Carmona, Moukrim &amp; Cervera, 2014<\/strong><\/div><h4>Classificaci\u00f3 actual<\/h4><table class=\"widefat striped\"><tr><th>Superdomain<\/th><td><a target=\"_blank\" href=\"https:\/\/www.marinespecies.org\/aphia.php?p=taxdetails&id=1\">Biota<\/a><\/td><\/tr><tr><th>Kingdom<\/th><td><a target=\"_blank\" href=\"https:\/\/www.marinespecies.org\/aphia.php?p=taxdetails&id=2\">Animalia<\/a><\/td><\/tr><tr><th>Phylum<\/th><td><a target=\"_blank\" href=\"https:\/\/www.marinespecies.org\/aphia.php?p=taxdetails&id=51\">Mollusca<\/a><\/td><\/tr><tr><th>Class<\/th><td><a target=\"_blank\" href=\"https:\/\/www.marinespecies.org\/aphia.php?p=taxdetails&id=101\">Gastropoda<\/a><\/td><\/tr><tr><th>Subclass<\/th><td><a target=\"_blank\" href=\"https:\/\/www.marinespecies.org\/aphia.php?p=taxdetails&id=14712\">Heterobranchia<\/a><\/td><\/tr><tr><th>Infraclass<\/th><td><a target=\"_blank\" href=\"https:\/\/www.marinespecies.org\/aphia.php?p=taxdetails&id=1057247\">Euthyneura<\/a><\/td><\/tr><tr><th>Subterclass<\/th><td><a target=\"_blank\" href=\"https:\/\/www.marinespecies.org\/aphia.php?p=taxdetails&id=1057249\">Ringipleura<\/a><\/td><\/tr><tr><th>Superorder<\/th><td><a target=\"_blank\" href=\"https:\/\/www.marinespecies.org\/aphia.php?p=taxdetails&id=411966\">Nudipleura<\/a><\/td><\/tr><tr><th>Order<\/th><td><a target=\"_blank\" href=\"https:\/\/www.marinespecies.org\/aphia.php?p=taxdetails&id=1762\">Nudibranchia<\/a><\/td><\/tr><tr><th>Suborder<\/th><td><a target=\"_blank\" href=\"https:\/\/www.marinespecies.org\/aphia.php?p=taxdetails&id=827889\">Cladobranchia<\/a><\/td><\/tr><tr><th>Superfamily<\/th><td><a target=\"_blank\" href=\"https:\/\/www.marinespecies.org\/aphia.php?p=taxdetails&id=412646\">Fionoidea<\/a><\/td><\/tr><tr><th>Family<\/th><td><a target=\"_blank\" href=\"https:\/\/www.marinespecies.org\/aphia.php?p=taxdetails&id=23096\">Piseinotecidae<\/a><\/td><\/tr><tr><th>Genus<\/th><td><a target=\"_blank\" href=\"https:\/\/www.marinespecies.org\/aphia.php?p=taxdetails&id=138354\"><em>Piseinotecus<\/em><\/a><\/td><\/tr><tr><th>Species<\/th><td><a target=\"_blank\" href=\"https:\/\/www.marinespecies.org\/aphia.php?p=taxdetails&id=818876\"><em>Piseinotecus soussi<\/em> Tamsouri, Carmona, Moukrim &amp; Cervera, 2014<\/a><\/td><\/tr><\/table><p class=\"footer\">Classificaci\u00f3 proporcionada pel World Register of Marine Species (WoRMS). [<a target=\"_blank\" href=\"https:\/\/www.marinespecies.org\/aphia.php?p=taxdetails&id=818876\">818876<\/a>]<\/p><\/div><strong>Descripci\u00f3<br \/>\n<\/strong>Els animals adults d&#8217;aquesta esp\u00e8cie recentment descrita mesuren entre 8 i 13 mm de longitud. El seu cos \u00e9s estret i destaca per una cua llarga i afilada quan l&#8217;animal est\u00e0 en moviment. La coloraci\u00f3 general del cos \u00e9s rosada o rosa-blavosa. Els tentacles orals i els rin\u00f2fors s\u00f3n aproximadament de la mateixa llargada\u00a0i tenen el mateix color que el cos, per\u00f2 amb els extrems blanquinosos a causa de les granulacions blanques. Els rin\u00f2fors s\u00f3n llisos. Els ulls s\u00f3n poc visibles a la base posterior dels rin\u00f2fors. Segons la mida dels exemplars hi ha de 7-9 grups de cerata on pot haver des de 13 cerata en el primer grup fins a nom\u00e9s 1 en el m\u00e9s posterior. Els cerata de cada grup surten d&#8217;una base comuna, com en algunes esp\u00e8cies del g\u00e8nere <em>Flabellina<\/em>. Els cerata s\u00f3n cil\u00edndrics, relativament llargs i amb l&#8217;extrem punxegut; s\u00f3n semitransparents i la seva coloraci\u00f3 \u00e9s com la general del cos per\u00f2 dins es pot observar la gl\u00e0ndula digestiva d&#8217;un color marr\u00f3 m\u00e9s o menys fosc que omple gran part del cerata. La zona subapical de les cerata sol tenir petites taques o puntuacions blanques i l&#8217;extrem \u00e9s blanquin\u00f3s, podent-se observar el cnidosac. El peu \u00e9s estret i a la seva zona anterior t\u00e9 dos tentacles propodials curts i triangulars. El gonoporus est\u00e0 situat sota el primer grup dret de cerata mentre que l&#8217;anus \u00e9s dorsal (posici\u00f3 acleioprocta).<\/p>\n<p><strong>Biologia<br \/>\n<\/strong>Fins al moment aquesta esp\u00e8cie s&#8217;ha vist que pot viure sota pedres en basses intermareals o b\u00e9 en l&#8217;estrat infralitoral, en parets rocoses amb abund\u00e0ncia d&#8217;algues i hidrozous; d&#8217;aquests \u00faltims \u00e9s possible que s&#8217;alimenti. No es coneix res de les seves postes ni d&#8217;altres detalls de la seva biologia.<\/p>\n<p><strong>Etimologia<\/strong><\/p>\n<ul>\n<li><em>Piseinotecus<\/em> significa &#8220;Vaig trepitjar Teco&#8221;. Teco era el gos de l&#8217;Ernst i l&#8217;Eveline Marcus. Pel que sembla, la professora Diva Diniz Corr\u00eaa, amiga de la fam\u00edlia, va trepitjar inadvertidament el gos i, mentre els\u00a0Marcus buscaven un nom per a un nou g\u00e8nere, va dir en portugu\u00e8s: &#8220;Pisei&#8221; = I stteped, &#8220;no&#8221; = a &#8220;Tecus&#8221; = el nom del gos. M\u00e9s tard, aquest nom es va convertir tamb\u00e9 un nom de fam\u00edlia: Piseinotecidae\u00a0(ref:<a class=\"external external_icon\" href=\"http:\/\/www.curioustaxonomy.net\/etym\/transl.html\" target=\"_blank\" rel=\"noopener noreferrer\">Curious Taxonomy<\/a>\u00a0i\u00a0<a href=\"http:\/\/www.biodiversitylibrary.org\/page\/45940347\">Marcus, Ev. 1987<\/a>).<\/li>\n<li><em>Soussi<\/em>. Es refereix a\u00a0Souss Massa Dr\u00e2a (prov\u00edncia d&#8217;Agadir), on han estat recolectats la majoria de espec\u00edmens d&#8217;aquesta nova esp\u00e8cie.<\/li>\n<\/ul>\n<p><strong>Distribuci\u00f3<br \/>\n<\/strong>Aquesta esp\u00e8cie es coneix de la costa atl\u00e0ntica del Marroc (localitat tipus de l&#8217;esp\u00e8cie Cap Ghir, a uns 25 km d&#8217;Agadir), la costa de Cadis, el sud d&#8217;It\u00e0lia, Banyuls-sur-Mer\u00a0(Fran\u00e7a) i les costes de Catalunya, on s&#8217;ha observat a Es Caials (Cadaqu\u00e9s), Cala J\u00f3ncols (Roses), les illes Medes i Tossa de Mar. Possiblement tingui una distribuci\u00f3 m\u00e9s \u00e0mplia a causa d&#8217;haver estat conf\u00f3s amb esp\u00e8cies del g\u00e8nere <em>Flabellina<\/em> (<em>F. pedata<\/em>, <em>F. affinis<\/em>, <em>F. ischitana<\/em>) per la seva similar morfologia i coloraci\u00f3. <div id=\"flxmap-6a99a33fce5ec\" class='flxmap-container' data-flxmap='flxmap_6a99a33fce5ec' style=\"width:100%;height:400px;\"><\/div>\n<script data-noptimize=\"1\">\n\/* <![CDATA[ *\/\n(function(w, fn) {\n if (w.addEventListener) w.addEventListener(\"DOMContentLoaded\", fn, false);\n else if (w.attachEvent) w.attachEvent(\"onload\", fn);\n})(window, function() {\n var f = new FlexibleMap();\n f.panControl = true;\n f.mapTypeId = \"satellite\";\n f.setlocale(\"ca-ES\");\n f.kmlcache = \"5 minutes\";\n f.showKML(\"flxmap-6a99a33fce5ec\", \"https:\/\/opistobranquis.info\/wp-content\/uploads\/kms\/15036.kmz\");\n window.flxmap_6a99a33fce5ec = f;\n});\n\/* ]]> *\/\n<\/script>\n<div style=\"width:100%;text-align:center;margin:12px 0 4px 0;\">\n  <div style=\"font-size:8pt;margin-bottom:6px;\">Cites georeferenciades conegudes de l'esp\u00e8cie: <em>Piseinotecus soussi<\/em><\/div>\n  <table style=\"margin:0 auto;border-collapse:collapse;font-size:8pt;\">\n    <tr><td colspan=\"2\" style=\"text-align:left;padding-bottom:4px;\"><strong>Fonts:<\/strong><\/td><\/tr>\n    <tr>\n      <td style=\"vertical-align:top;padding-right:40px;\">\n        <table style=\"border-collapse:collapse;\">\n<tr><td style='padding:1px 6px 1px 0;vertical-align:middle'><img data-recalc-dims=\"1\" src=\"https:\/\/i0.wp.com\/opistobranquis.info\/wp-content\/uploads\/kms\/wht-circle-lv.png?w=900&#038;ssl=1\" style='display:block'><\/td><td style='padding:1px 0;vertical-align:middle;white-space:nowrap'>OBIS<\/td><\/tr><tr><td style='padding:1px 6px 1px 0;vertical-align:middle'><img data-recalc-dims=\"1\" src=\"https:\/\/i0.wp.com\/opistobranquis.info\/wp-content\/uploads\/kms\/ylw-circle-lv.png?w=900&#038;ssl=1\" style='display:block'><\/td><td style='padding:1px 0;vertical-align:middle;white-space:nowrap'>GROC 2010-2011<\/td><\/tr><tr><td style='padding:1px 6px 1px 0;vertical-align:middle'><img data-recalc-dims=\"1\" src=\"https:\/\/i0.wp.com\/opistobranquis.info\/wp-content\/uploads\/kms\/grn-circle-lv.png?w=900&#038;ssl=1\" style='display:block'><\/td><td style='padding:1px 0;vertical-align:middle;white-space:nowrap'>Enric Madrenas<\/td><\/tr><tr><td style='padding:1px 6px 1px 0;vertical-align:middle'><img data-recalc-dims=\"1\" src=\"https:\/\/i0.wp.com\/opistobranquis.info\/wp-content\/uploads\/kms\/orange-circle-lv.png?w=900&#038;ssl=1\" style='display:block'><\/td><td style='padding:1px 0;vertical-align:middle;white-space:nowrap'>Jo\u00e3o Pedro Silva<\/td><\/tr><tr><td style='padding:1px 6px 1px 0;vertical-align:middle'><img data-recalc-dims=\"1\" src=\"https:\/\/i0.wp.com\/opistobranquis.info\/wp-content\/uploads\/kms\/pink-circle-lv.png?w=900&#038;ssl=1\" style='display:block'><\/td><td style='padding:1px 0;vertical-align:middle;white-space:nowrap'>Bernard Picton<\/td><\/tr><tr><td style='padding:1px 6px 1px 0;vertical-align:middle'><img data-recalc-dims=\"1\" src=\"https:\/\/i0.wp.com\/opistobranquis.info\/wp-content\/uploads\/kms\/blk-circle-lv.png?w=900&#038;ssl=1\" style='display:block'><\/td><td style='padding:1px 0;vertical-align:middle;white-space:nowrap'>GBIF<\/td><\/tr>        <\/table>\n      <\/td>\n      <td style=\"vertical-align:top;\">\n        <table style=\"border-collapse:collapse;\">\n<tr><td style='padding:1px 6px 1px 0;vertical-align:middle'><img data-recalc-dims=\"1\" src=\"https:\/\/i0.wp.com\/opistobranquis.info\/wp-content\/uploads\/kms\/purple-circle-lv.png?w=900&#038;ssl=1\" style='display:block'><\/td><td style='padding:1px 0;vertical-align:middle;white-space:nowrap'>OPK<\/td><\/tr><tr><td style='padding:1px 6px 1px 0;vertical-align:middle'><img data-recalc-dims=\"1\" src=\"https:\/\/i0.wp.com\/opistobranquis.info\/wp-content\/uploads\/kms\/red-circle-lv.png?w=900&#038;ssl=1\" style='display:block'><\/td><td style='padding:1px 0;vertical-align:middle;white-space:nowrap'>VIMAR<\/td><\/tr><tr><td style='padding:1px 6px 1px 0;vertical-align:middle'><img data-recalc-dims=\"1\" src=\"https:\/\/i0.wp.com\/opistobranquis.info\/wp-content\/uploads\/kms\/blu-circle-lv.png?w=900&#038;ssl=1\" style='display:block'><\/td><td style='padding:1px 0;vertical-align:middle;white-space:nowrap'>Manuel Ballesteros<\/td><\/tr><tr><td style='padding:1px 6px 1px 0;vertical-align:middle'><img data-recalc-dims=\"1\" src=\"https:\/\/i0.wp.com\/opistobranquis.info\/wp-content\/uploads\/kms\/cyan-circle-lv.png?w=900&#038;ssl=1\" style='display:block'><\/td><td style='padding:1px 0;vertical-align:middle;white-space:nowrap'>M@re Nostrum<\/td><\/tr><tr><td style='padding:1px 6px 1px 0;vertical-align:middle'><img data-recalc-dims=\"1\" src=\"https:\/\/i0.wp.com\/opistobranquis.info\/wp-content\/uploads\/kms\/grey-circle-lv.png?w=900&#038;ssl=1\" style='display:block'><\/td><td style='padding:1px 0;vertical-align:middle;white-space:nowrap'>Altres fonts<\/td><\/tr><tr><td style='padding:1px 6px 1px 0;vertical-align:middle'><img data-recalc-dims=\"1\" src=\"https:\/\/i0.wp.com\/opistobranquis.info\/wp-content\/uploads\/kms\/marreg.png?w=900&#038;ssl=1\" style='display:block'><\/td><td style='padding:1px 0;vertical-align:middle;white-space:nowrap'>Marine Regions<\/td><\/tr>        <\/table>\n      <\/td>\n    <\/tr>\n  <\/table>\n<\/div>\n<\/p>\n<p><strong>Esp\u00e8cies semblants<br \/>\n<\/strong><a href=\"https:\/\/opistobranquis.info\/guia\/nudibranchia\/cladobranchia\/fionoidea\/edmundsella-pedata\/\"><em>Edmundsella pedata<\/em><\/a> \u00e9s gaireb\u00e9 id\u00e8ntica per\u00f2 sense puntets blancs als cerata.<\/p>\n<p><strong>Error:<\/strong> Chart.js no est\u00e1 disponible.<\/p>\n<p><strong>Videos<\/strong><\/p>\n<p><iframe loading=\"lazy\" src=\"https:\/\/player.vimeo.com\/video\/784334070?h=c91c53e6a3&amp;dnt=1&amp;app_id=122963\" width=\"900\" height=\"506\" frameborder=\"0\" allow=\"autoplay; fullscreen; picture-in-picture\" allowfullscreen><\/iframe><\/p>\n<p>&nbsp;<\/p>\n<p><strong>Altres fotos<\/strong><br \/>\n<div class=\"tiled-gallery type-rectangular tiled-gallery-unresized\" data-original-width=\"900\" data-carousel-extra='{&quot;blog_id&quot;:1,&quot;permalink&quot;:&quot;https:\\\/\\\/opistobranquis.info\\\/ca\\\/guia\\\/nudibranchia\\\/cladobranchia\\\/aeolidioidea\\\/piseinotecus-soussi\\\/&quot;,&quot;likes_blog_id&quot;:44192421}' itemscope itemtype=\"http:\/\/schema.org\/ImageGallery\" > <div class=\"gallery-row\" style=\"width: 900px; height: 451px;\" data-original-width=\"900\" data-original-height=\"451\" > <div class=\"gallery-group images-1\" style=\"width: 600px; height: 451px;\" data-original-width=\"600\" data-original-height=\"451\" > <div class=\"tiled-gallery-item tiled-gallery-item-large\" itemprop=\"associatedMedia\" itemscope itemtype=\"http:\/\/schema.org\/ImageObject\"> <a href=\"https:\/\/opistobranquis.info\/ca\/guia\/nudibranchia\/cladobranchia\/aeolidioidea\/piseinotecus-soussi\/dsc07420-piseinotecus-soussi-by-naoufal-tamsouri-20100513\/\" border=\"0\" itemprop=\"url\"> <meta itemprop=\"width\" content=\"596\"> <meta itemprop=\"height\" content=\"447\"> <img decoding=\"async\" class=\"\" data-attachment-id=\"15055\" data-orig-file=\"https:\/\/opistobranquis.info\/wp-content\/uploads\/2014\/10\/DSC07420-Piseinotecus-soussi-by-Naoufal-Tamsouri-20100513.jpg\" data-orig-size=\"922,691\" data-comments-opened=\"\" data-image-title=\"Piseinotecus soussi by Naoufal Tamsouri\" data-image-description=\"&lt;p&gt;Piseinotecus soussi by Naoufal Tamsouri&lt;\/p&gt; \" data-medium-file=\"https:\/\/i0.wp.com\/opistobranquis.info\/wp-content\/uploads\/2014\/10\/DSC07420-Piseinotecus-soussi-by-Naoufal-Tamsouri-20100513.jpg?fit=300%2C224&#038;ssl=1\" data-large-file=\"https:\/\/i0.wp.com\/opistobranquis.info\/wp-content\/uploads\/2014\/10\/DSC07420-Piseinotecus-soussi-by-Naoufal-Tamsouri-20100513.jpg?fit=900%2C675&#038;ssl=1\" src=\"https:\/\/i0.wp.com\/opistobranquis.info\/wp-content\/uploads\/2014\/10\/DSC07420-Piseinotecus-soussi-by-Naoufal-Tamsouri-20100513.jpg?w=596&#038;h=447&#038;ssl=1\" srcset=\"https:\/\/i0.wp.com\/opistobranquis.info\/wp-content\/uploads\/2014\/10\/DSC07420-Piseinotecus-soussi-by-Naoufal-Tamsouri-20100513.jpg?w=922&amp;ssl=1 922w, https:\/\/i0.wp.com\/opistobranquis.info\/wp-content\/uploads\/2014\/10\/DSC07420-Piseinotecus-soussi-by-Naoufal-Tamsouri-20100513.jpg?resize=150%2C112&amp;ssl=1 150w, https:\/\/i0.wp.com\/opistobranquis.info\/wp-content\/uploads\/2014\/10\/DSC07420-Piseinotecus-soussi-by-Naoufal-Tamsouri-20100513.jpg?resize=300%2C224&amp;ssl=1 300w\" width=\"596\" height=\"447\" loading=\"lazy\" data-original-width=\"596\" data-original-height=\"447\" itemprop=\"http:\/\/schema.org\/image\" title=\"Piseinotecus soussi by Naoufal Tamsouri\" alt=\"Piseinotecus soussi by Naoufal Tamsouri\" style=\"width: 596px; height: 447px;\" \/> <\/a> <div class=\"tiled-gallery-caption\" itemprop=\"caption description\"> Piseinotecus soussi by Naoufal Tamsouri <\/div> <\/div> <\/div> <!-- close group --> <div class=\"gallery-group images-2\" style=\"width: 300px; height: 451px;\" data-original-width=\"300\" data-original-height=\"451\" > <div class=\"tiled-gallery-item tiled-gallery-item-large\" itemprop=\"associatedMedia\" itemscope itemtype=\"http:\/\/schema.org\/ImageObject\"> <a href=\"https:\/\/opistobranquis.info\/ca\/guia\/nudibranchia\/cladobranchia\/aeolidioidea\/piseinotecus-soussi\/dsc07421-piseinotecus-soussi-by-naoufal-tamsouri-20100513\/\" border=\"0\" itemprop=\"url\"> <meta itemprop=\"width\" content=\"296\"> <meta itemprop=\"height\" content=\"222\"> <img decoding=\"async\" class=\"\" data-attachment-id=\"15056\" data-orig-file=\"https:\/\/opistobranquis.info\/wp-content\/uploads\/2014\/10\/DSC07421-Piseinotecus-soussi-by-Naoufal-Tamsouri-20100513.jpg\" data-orig-size=\"922,691\" data-comments-opened=\"\" data-image-title=\"Piseinotecus soussi by Naoufal Tamsouri\" data-image-description=\"&lt;p&gt;Piseinotecus soussi by Naoufal Tamsouri&lt;\/p&gt; \" data-medium-file=\"https:\/\/i0.wp.com\/opistobranquis.info\/wp-content\/uploads\/2014\/10\/DSC07421-Piseinotecus-soussi-by-Naoufal-Tamsouri-20100513.jpg?fit=300%2C224&#038;ssl=1\" data-large-file=\"https:\/\/i0.wp.com\/opistobranquis.info\/wp-content\/uploads\/2014\/10\/DSC07421-Piseinotecus-soussi-by-Naoufal-Tamsouri-20100513.jpg?fit=900%2C675&#038;ssl=1\" src=\"https:\/\/i0.wp.com\/opistobranquis.info\/wp-content\/uploads\/2014\/10\/DSC07421-Piseinotecus-soussi-by-Naoufal-Tamsouri-20100513.jpg?w=296&#038;h=222&#038;ssl=1\" srcset=\"https:\/\/i0.wp.com\/opistobranquis.info\/wp-content\/uploads\/2014\/10\/DSC07421-Piseinotecus-soussi-by-Naoufal-Tamsouri-20100513.jpg?w=922&amp;ssl=1 922w, https:\/\/i0.wp.com\/opistobranquis.info\/wp-content\/uploads\/2014\/10\/DSC07421-Piseinotecus-soussi-by-Naoufal-Tamsouri-20100513.jpg?resize=150%2C112&amp;ssl=1 150w, https:\/\/i0.wp.com\/opistobranquis.info\/wp-content\/uploads\/2014\/10\/DSC07421-Piseinotecus-soussi-by-Naoufal-Tamsouri-20100513.jpg?resize=300%2C224&amp;ssl=1 300w\" width=\"296\" height=\"222\" loading=\"lazy\" data-original-width=\"296\" data-original-height=\"222\" itemprop=\"http:\/\/schema.org\/image\" title=\"Piseinotecus soussi by Naoufal Tamsouri\" alt=\"Piseinotecus soussi by Naoufal Tamsouri\" style=\"width: 296px; height: 222px;\" \/> <\/a> <div class=\"tiled-gallery-caption\" itemprop=\"caption description\"> Piseinotecus soussi by Naoufal Tamsouri <\/div> <\/div> <div class=\"tiled-gallery-item tiled-gallery-item-large\" itemprop=\"associatedMedia\" itemscope itemtype=\"http:\/\/schema.org\/ImageObject\"> <a href=\"https:\/\/opistobranquis.info\/ca\/guia\/nudibranchia\/cladobranchia\/aeolidioidea\/piseinotecus-soussi\/dsc07422-piseinotecus-soussi-by-naoufal-tamsouri-20100513\/\" border=\"0\" itemprop=\"url\"> <meta itemprop=\"width\" content=\"296\"> <meta itemprop=\"height\" content=\"221\"> <img decoding=\"async\" class=\"\" data-attachment-id=\"15057\" data-orig-file=\"https:\/\/opistobranquis.info\/wp-content\/uploads\/2014\/10\/DSC07422-Piseinotecus-soussi-by-Naoufal-Tamsouri-20100513.jpg\" data-orig-size=\"922,691\" data-comments-opened=\"\" data-image-title=\"Piseinotecus soussi by Naoufal Tamsouri\" data-image-description=\"&lt;p&gt;Piseinotecus soussi by Naoufal Tamsouri&lt;\/p&gt; \" data-medium-file=\"https:\/\/i0.wp.com\/opistobranquis.info\/wp-content\/uploads\/2014\/10\/DSC07422-Piseinotecus-soussi-by-Naoufal-Tamsouri-20100513.jpg?fit=300%2C224&#038;ssl=1\" data-large-file=\"https:\/\/i0.wp.com\/opistobranquis.info\/wp-content\/uploads\/2014\/10\/DSC07422-Piseinotecus-soussi-by-Naoufal-Tamsouri-20100513.jpg?fit=900%2C675&#038;ssl=1\" src=\"https:\/\/i0.wp.com\/opistobranquis.info\/wp-content\/uploads\/2014\/10\/DSC07422-Piseinotecus-soussi-by-Naoufal-Tamsouri-20100513.jpg?w=296&#038;h=221&#038;ssl=1\" srcset=\"https:\/\/i0.wp.com\/opistobranquis.info\/wp-content\/uploads\/2014\/10\/DSC07422-Piseinotecus-soussi-by-Naoufal-Tamsouri-20100513.jpg?w=922&amp;ssl=1 922w, https:\/\/i0.wp.com\/opistobranquis.info\/wp-content\/uploads\/2014\/10\/DSC07422-Piseinotecus-soussi-by-Naoufal-Tamsouri-20100513.jpg?resize=150%2C112&amp;ssl=1 150w, https:\/\/i0.wp.com\/opistobranquis.info\/wp-content\/uploads\/2014\/10\/DSC07422-Piseinotecus-soussi-by-Naoufal-Tamsouri-20100513.jpg?resize=300%2C224&amp;ssl=1 300w\" width=\"296\" height=\"221\" loading=\"lazy\" data-original-width=\"296\" data-original-height=\"221\" itemprop=\"http:\/\/schema.org\/image\" title=\"Piseinotecus soussi by Naoufal Tamsouri\" alt=\"Piseinotecus soussi by Naoufal Tamsouri\" style=\"width: 296px; height: 221px;\" \/> <\/a> <div class=\"tiled-gallery-caption\" itemprop=\"caption description\"> Piseinotecus soussi by Naoufal Tamsouri <\/div> <\/div> <\/div> <!-- close group --> <\/div> <!-- close row --> <div class=\"gallery-row\" style=\"width: 900px; height: 441px;\" data-original-width=\"900\" data-original-height=\"441\" > <div class=\"gallery-group images-2\" style=\"width: 239px; height: 441px;\" data-original-width=\"239\" data-original-height=\"441\" > <div class=\"tiled-gallery-item tiled-gallery-item-small\" itemprop=\"associatedMedia\" itemscope itemtype=\"http:\/\/schema.org\/ImageObject\"> <a href=\"https:\/\/opistobranquis.info\/ca\/guia\/nudibranchia\/cladobranchia\/aeolidioidea\/piseinotecus-soussi\/piseinotecus-soussi-by-fabio-vitale\/\" border=\"0\" itemprop=\"url\"> <meta itemprop=\"width\" content=\"235\"> <meta itemprop=\"height\" content=\"193\"> <img decoding=\"async\" class=\"\" data-attachment-id=\"15068\" data-orig-file=\"https:\/\/opistobranquis.info\/wp-content\/uploads\/2014\/10\/Piseinotecus-soussi-by-Fabio-Vitale.jpg\" data-orig-size=\"800,655\" data-comments-opened=\"\" data-image-title=\"Piseinotecus soussi by Fabio Vitale\" data-image-description=\"&lt;p&gt;Piseinotecus soussi by Fabio Vitale&lt;\/p&gt; \" data-medium-file=\"https:\/\/i0.wp.com\/opistobranquis.info\/wp-content\/uploads\/2014\/10\/Piseinotecus-soussi-by-Fabio-Vitale.jpg?fit=300%2C245&#038;ssl=1\" data-large-file=\"https:\/\/i0.wp.com\/opistobranquis.info\/wp-content\/uploads\/2014\/10\/Piseinotecus-soussi-by-Fabio-Vitale.jpg?fit=800%2C655&#038;ssl=1\" src=\"https:\/\/i0.wp.com\/opistobranquis.info\/wp-content\/uploads\/2014\/10\/Piseinotecus-soussi-by-Fabio-Vitale.jpg?w=235&#038;h=193&#038;ssl=1\" srcset=\"https:\/\/i0.wp.com\/opistobranquis.info\/wp-content\/uploads\/2014\/10\/Piseinotecus-soussi-by-Fabio-Vitale.jpg?w=800&amp;ssl=1 800w, https:\/\/i0.wp.com\/opistobranquis.info\/wp-content\/uploads\/2014\/10\/Piseinotecus-soussi-by-Fabio-Vitale.jpg?resize=150%2C122&amp;ssl=1 150w, https:\/\/i0.wp.com\/opistobranquis.info\/wp-content\/uploads\/2014\/10\/Piseinotecus-soussi-by-Fabio-Vitale.jpg?resize=300%2C245&amp;ssl=1 300w\" width=\"235\" height=\"193\" loading=\"lazy\" data-original-width=\"235\" data-original-height=\"193\" itemprop=\"http:\/\/schema.org\/image\" title=\"Piseinotecus soussi by Fabio Vitale\" alt=\"Piseinotecus soussi by Fabio Vitale\" style=\"width: 235px; height: 193px;\" \/> <\/a> <div class=\"tiled-gallery-caption\" itemprop=\"caption description\"> Piseinotecus soussi by Fabio Vitale <\/div> <\/div> <div class=\"tiled-gallery-item tiled-gallery-item-small\" itemprop=\"associatedMedia\" itemscope itemtype=\"http:\/\/schema.org\/ImageObject\"> <a href=\"https:\/\/opistobranquis.info\/ca\/guia\/nudibranchia\/cladobranchia\/aeolidioidea\/piseinotecus-soussi\/piseinotecus-soussi-2-by-fabio-vitale\/\" border=\"0\" itemprop=\"url\"> <meta itemprop=\"width\" content=\"235\"> <meta itemprop=\"height\" content=\"240\"> <img decoding=\"async\" class=\"\" data-attachment-id=\"15070\" data-orig-file=\"https:\/\/opistobranquis.info\/wp-content\/uploads\/2014\/10\/Piseinotecus-soussi-2-by-Fabio-Vitale.jpg\" data-orig-size=\"693,708\" data-comments-opened=\"\" data-image-title=\"Piseinotecus soussi by Fabio Vitale\" data-image-description=\"&lt;p&gt;Piseinotecus soussi by Fabio Vitale&lt;\/p&gt; \" data-medium-file=\"https:\/\/i0.wp.com\/opistobranquis.info\/wp-content\/uploads\/2014\/10\/Piseinotecus-soussi-2-by-Fabio-Vitale.jpg?fit=293%2C300&#038;ssl=1\" data-large-file=\"https:\/\/i0.wp.com\/opistobranquis.info\/wp-content\/uploads\/2014\/10\/Piseinotecus-soussi-2-by-Fabio-Vitale.jpg?fit=693%2C708&#038;ssl=1\" src=\"https:\/\/i0.wp.com\/opistobranquis.info\/wp-content\/uploads\/2014\/10\/Piseinotecus-soussi-2-by-Fabio-Vitale.jpg?w=235&#038;h=240&#038;ssl=1\" srcset=\"https:\/\/i0.wp.com\/opistobranquis.info\/wp-content\/uploads\/2014\/10\/Piseinotecus-soussi-2-by-Fabio-Vitale.jpg?w=693&amp;ssl=1 693w, https:\/\/i0.wp.com\/opistobranquis.info\/wp-content\/uploads\/2014\/10\/Piseinotecus-soussi-2-by-Fabio-Vitale.jpg?resize=146%2C150&amp;ssl=1 146w, https:\/\/i0.wp.com\/opistobranquis.info\/wp-content\/uploads\/2014\/10\/Piseinotecus-soussi-2-by-Fabio-Vitale.jpg?resize=293%2C300&amp;ssl=1 293w\" width=\"235\" height=\"240\" loading=\"lazy\" data-original-width=\"235\" data-original-height=\"240\" itemprop=\"http:\/\/schema.org\/image\" title=\"Piseinotecus soussi by Fabio Vitale\" alt=\"Piseinotecus soussi by Fabio Vitale\" style=\"width: 235px; height: 240px;\" \/> <\/a> <div class=\"tiled-gallery-caption\" itemprop=\"caption description\"> Piseinotecus soussi by Fabio Vitale <\/div> <\/div> <\/div> <!-- close group --> <div class=\"gallery-group images-1\" style=\"width: 661px; height: 441px;\" data-original-width=\"661\" data-original-height=\"441\" > <div class=\"tiled-gallery-item tiled-gallery-item-large\" itemprop=\"associatedMedia\" itemscope itemtype=\"http:\/\/schema.org\/ImageObject\"> <a href=\"https:\/\/opistobranquis.info\/ca\/guia\/nudibranchia\/cladobranchia\/aeolidioidea\/piseinotecus-soussi\/943531_05_2014_gin_piseinotecus-soussi-by-cataldo-licchelli\/\" border=\"0\" itemprop=\"url\"> <meta itemprop=\"width\" content=\"657\"> <meta itemprop=\"height\" content=\"437\"> <img decoding=\"async\" class=\"\" data-attachment-id=\"15518\" data-orig-file=\"https:\/\/opistobranquis.info\/wp-content\/uploads\/2014\/10\/943531_05_2014_Gin_Piseinotecus-soussi-by-Cataldo-Licchelli.jpg\" data-orig-size=\"800,533\" data-comments-opened=\"\" data-image-title=\"Piseinotecus soussi by Cataldo Licchelli\" data-image-description=\"&lt;p&gt;Piseinotecus soussi by Cataldo Licchelli&lt;\/p&gt; \" data-medium-file=\"https:\/\/i0.wp.com\/opistobranquis.info\/wp-content\/uploads\/2014\/10\/943531_05_2014_Gin_Piseinotecus-soussi-by-Cataldo-Licchelli.jpg?fit=300%2C199&#038;ssl=1\" data-large-file=\"https:\/\/i0.wp.com\/opistobranquis.info\/wp-content\/uploads\/2014\/10\/943531_05_2014_Gin_Piseinotecus-soussi-by-Cataldo-Licchelli.jpg?fit=800%2C533&#038;ssl=1\" src=\"https:\/\/i0.wp.com\/opistobranquis.info\/wp-content\/uploads\/2014\/10\/943531_05_2014_Gin_Piseinotecus-soussi-by-Cataldo-Licchelli.jpg?w=657&#038;h=437&#038;ssl=1\" srcset=\"https:\/\/i0.wp.com\/opistobranquis.info\/wp-content\/uploads\/2014\/10\/943531_05_2014_Gin_Piseinotecus-soussi-by-Cataldo-Licchelli.jpg?w=800&amp;ssl=1 800w, https:\/\/i0.wp.com\/opistobranquis.info\/wp-content\/uploads\/2014\/10\/943531_05_2014_Gin_Piseinotecus-soussi-by-Cataldo-Licchelli.jpg?resize=150%2C99&amp;ssl=1 150w, https:\/\/i0.wp.com\/opistobranquis.info\/wp-content\/uploads\/2014\/10\/943531_05_2014_Gin_Piseinotecus-soussi-by-Cataldo-Licchelli.jpg?resize=300%2C199&amp;ssl=1 300w\" width=\"657\" height=\"437\" loading=\"lazy\" data-original-width=\"657\" data-original-height=\"437\" itemprop=\"http:\/\/schema.org\/image\" title=\"Piseinotecus soussi by Cataldo Licchelli\" alt=\"Piseinotecus soussi by Cataldo Licchelli\" style=\"width: 657px; height: 437px;\" \/> <\/a> <div class=\"tiled-gallery-caption\" itemprop=\"caption description\"> Piseinotecus soussi by Cataldo Licchelli <\/div> <\/div> <\/div> <!-- close group --> <\/div> <!-- close row --> <div class=\"gallery-row\" style=\"width: 900px; height: 175px;\" data-original-width=\"900\" data-original-height=\"175\" > <div class=\"gallery-group images-1\" style=\"width: 261px; height: 175px;\" data-original-width=\"261\" data-original-height=\"175\" > <div class=\"tiled-gallery-item tiled-gallery-item-large\" itemprop=\"associatedMedia\" itemscope itemtype=\"http:\/\/schema.org\/ImageObject\"> <a href=\"https:\/\/opistobranquis.info\/ca\/guia\/nudibranchia\/cladobranchia\/aeolidioidea\/piseinotecus-soussi\/943231_05_2014_gin_piseinotecus-soussi-by-cataldo-licchelli\/\" border=\"0\" itemprop=\"url\"> <meta itemprop=\"width\" content=\"257\"> <meta itemprop=\"height\" content=\"171\"> <img decoding=\"async\" class=\"\" data-attachment-id=\"15519\" data-orig-file=\"https:\/\/opistobranquis.info\/wp-content\/uploads\/2014\/10\/943231_05_2014_Gin_Piseinotecus-soussi-by-Cataldo-Licchelli.jpg\" data-orig-size=\"800,533\" data-comments-opened=\"\" data-image-title=\"Piseinotecus soussi by Cataldo Licchelli\" data-image-description=\"&lt;p&gt;Piseinotecus soussi by Cataldo Licchelli&lt;\/p&gt; \" data-medium-file=\"https:\/\/i0.wp.com\/opistobranquis.info\/wp-content\/uploads\/2014\/10\/943231_05_2014_Gin_Piseinotecus-soussi-by-Cataldo-Licchelli.jpg?fit=300%2C199&#038;ssl=1\" data-large-file=\"https:\/\/i0.wp.com\/opistobranquis.info\/wp-content\/uploads\/2014\/10\/943231_05_2014_Gin_Piseinotecus-soussi-by-Cataldo-Licchelli.jpg?fit=800%2C533&#038;ssl=1\" src=\"https:\/\/i0.wp.com\/opistobranquis.info\/wp-content\/uploads\/2014\/10\/943231_05_2014_Gin_Piseinotecus-soussi-by-Cataldo-Licchelli.jpg?w=257&#038;h=171&#038;ssl=1\" srcset=\"https:\/\/i0.wp.com\/opistobranquis.info\/wp-content\/uploads\/2014\/10\/943231_05_2014_Gin_Piseinotecus-soussi-by-Cataldo-Licchelli.jpg?w=800&amp;ssl=1 800w, https:\/\/i0.wp.com\/opistobranquis.info\/wp-content\/uploads\/2014\/10\/943231_05_2014_Gin_Piseinotecus-soussi-by-Cataldo-Licchelli.jpg?resize=150%2C99&amp;ssl=1 150w, https:\/\/i0.wp.com\/opistobranquis.info\/wp-content\/uploads\/2014\/10\/943231_05_2014_Gin_Piseinotecus-soussi-by-Cataldo-Licchelli.jpg?resize=300%2C199&amp;ssl=1 300w\" width=\"257\" height=\"171\" loading=\"lazy\" data-original-width=\"257\" data-original-height=\"171\" itemprop=\"http:\/\/schema.org\/image\" title=\"Piseinotecus soussi by Cataldo Licchelli\" alt=\"Piseinotecus soussi by Cataldo Licchelli\" style=\"width: 257px; height: 171px;\" \/> <\/a> <div class=\"tiled-gallery-caption\" itemprop=\"caption description\"> Piseinotecus soussi by Cataldo Licchelli <\/div> <\/div> <\/div> <!-- close group --> <div class=\"gallery-group images-1\" style=\"width: 119px; height: 175px;\" data-original-width=\"119\" data-original-height=\"175\" > <div class=\"tiled-gallery-item tiled-gallery-item-small\" itemprop=\"associatedMedia\" itemscope itemtype=\"http:\/\/schema.org\/ImageObject\"> <a href=\"https:\/\/opistobranquis.info\/ca\/guia\/nudibranchia\/cladobranchia\/aeolidioidea\/piseinotecus-soussi\/piseinotecus-soussi-by-enric-madrenas-21-04-2012\/\" border=\"0\" itemprop=\"url\"> <meta itemprop=\"width\" content=\"115\"> <meta itemprop=\"height\" content=\"171\"> <img decoding=\"async\" class=\"\" data-attachment-id=\"17055\" data-orig-file=\"https:\/\/opistobranquis.info\/wp-content\/uploads\/2014\/10\/Piseinotecus-soussi-by-Enric-Madrenas-21-04-2012.jpg\" data-orig-size=\"402,600\" data-comments-opened=\"\" data-image-title=\"Piseinotecus soussi by Enric Madrenas (21-04-2012)\" data-image-description=\"&lt;p&gt;Piseinotecus soussi by Enric Madrenas (21-04-2012)&lt;\/p&gt; \" data-medium-file=\"https:\/\/i0.wp.com\/opistobranquis.info\/wp-content\/uploads\/2014\/10\/Piseinotecus-soussi-by-Enric-Madrenas-21-04-2012.jpg?fit=201%2C300&#038;ssl=1\" data-large-file=\"https:\/\/i0.wp.com\/opistobranquis.info\/wp-content\/uploads\/2014\/10\/Piseinotecus-soussi-by-Enric-Madrenas-21-04-2012.jpg?fit=402%2C600&#038;ssl=1\" src=\"https:\/\/i0.wp.com\/opistobranquis.info\/wp-content\/uploads\/2014\/10\/Piseinotecus-soussi-by-Enric-Madrenas-21-04-2012.jpg?w=115&#038;h=171&#038;ssl=1\" srcset=\"https:\/\/i0.wp.com\/opistobranquis.info\/wp-content\/uploads\/2014\/10\/Piseinotecus-soussi-by-Enric-Madrenas-21-04-2012.jpg?w=402&amp;ssl=1 402w, https:\/\/i0.wp.com\/opistobranquis.info\/wp-content\/uploads\/2014\/10\/Piseinotecus-soussi-by-Enric-Madrenas-21-04-2012.jpg?resize=100%2C150&amp;ssl=1 100w, https:\/\/i0.wp.com\/opistobranquis.info\/wp-content\/uploads\/2014\/10\/Piseinotecus-soussi-by-Enric-Madrenas-21-04-2012.jpg?resize=201%2C300&amp;ssl=1 201w\" width=\"115\" height=\"171\" loading=\"lazy\" data-original-width=\"115\" data-original-height=\"171\" itemprop=\"http:\/\/schema.org\/image\" title=\"Piseinotecus soussi by Enric Madrenas (21-04-2012)\" alt=\"Piseinotecus soussi by Enric Madrenas (21-04-2012)\" style=\"width: 115px; height: 171px;\" \/> <\/a> <div class=\"tiled-gallery-caption\" itemprop=\"caption description\"> Piseinotecus soussi by Enric Madrenas (21-04-2012) <\/div> <\/div> <\/div> <!-- close group --> <div class=\"gallery-group images-1\" style=\"width: 261px; height: 175px;\" data-original-width=\"261\" data-original-height=\"175\" > <div class=\"tiled-gallery-item tiled-gallery-item-large\" itemprop=\"associatedMedia\" itemscope itemtype=\"http:\/\/schema.org\/ImageObject\"> <a href=\"https:\/\/opistobranquis.info\/ca\/guia\/nudibranchia\/cladobranchia\/aeolidioidea\/piseinotecus-soussi\/piseinotecus-soussi-by-jordi-regas\/\" border=\"0\" itemprop=\"url\"> <meta itemprop=\"width\" content=\"257\"> <meta itemprop=\"height\" content=\"171\"> <img decoding=\"async\" class=\"\" data-attachment-id=\"17061\" data-orig-file=\"https:\/\/opistobranquis.info\/wp-content\/uploads\/2014\/10\/Piseinotecus-soussi-by-Jordi-Reg\u00e0s.jpg\" data-orig-size=\"3008,1998\" data-comments-opened=\"\" data-image-title=\"Piseinotecus soussi by Jordi Reg\u00e0s\" data-image-description=\"&lt;p&gt;Piseinotecus soussi by Jordi Reg\u00e0s&lt;\/p&gt; \" data-medium-file=\"https:\/\/i0.wp.com\/opistobranquis.info\/wp-content\/uploads\/2014\/10\/Piseinotecus-soussi-by-Jordi-Reg%C3%A0s.jpg?fit=300%2C199&#038;ssl=1\" data-large-file=\"https:\/\/i0.wp.com\/opistobranquis.info\/wp-content\/uploads\/2014\/10\/Piseinotecus-soussi-by-Jordi-Reg%C3%A0s.jpg?fit=900%2C598&#038;ssl=1\" src=\"https:\/\/i0.wp.com\/opistobranquis.info\/wp-content\/uploads\/2014\/10\/Piseinotecus-soussi-by-Jordi-Reg%C3%A0s.jpg?w=257&#038;h=171&#038;ssl=1\" width=\"257\" height=\"171\" loading=\"lazy\" data-original-width=\"257\" data-original-height=\"171\" itemprop=\"http:\/\/schema.org\/image\" title=\"Piseinotecus soussi by Jordi Reg\u00e0s\" alt=\"Piseinotecus soussi by Jordi Reg\u00e0s\" style=\"width: 257px; height: 171px;\" \/> <\/a> <div class=\"tiled-gallery-caption\" itemprop=\"caption description\"> Piseinotecus soussi <\/div> <\/div> <\/div> <!-- close group --> <div class=\"gallery-group images-1\" style=\"width: 259px; height: 175px;\" data-original-width=\"259\" data-original-height=\"175\" > <div class=\"tiled-gallery-item tiled-gallery-item-large\" itemprop=\"associatedMedia\" itemscope itemtype=\"http:\/\/schema.org\/ImageObject\"> <a href=\"https:\/\/opistobranquis.info\/ca\/guia\/nudibranchia\/cladobranchia\/aeolidioidea\/piseinotecus-soussi\/piseinotecus-soussi-cala-margarida-palamos-20151122-by-enric-madrenas\/\" border=\"0\" itemprop=\"url\"> <meta itemprop=\"width\" content=\"255\"> <meta itemprop=\"height\" content=\"171\"> <img decoding=\"async\" class=\"\" data-attachment-id=\"20902\" data-orig-file=\"https:\/\/opistobranquis.info\/wp-content\/uploads\/2014\/10\/Piseinotecus-soussi-@-Cala-Margarida-Palam\u00f3s-20151122-by-Enric-Madrenas.jpg\" data-orig-size=\"810,543\" data-comments-opened=\"\" data-image-title=\"Piseinotecus soussi @ Cala Margarida (Palam\u00f3s) 20151122 by Enric Madrenas\" data-image-description=\"&lt;p&gt;Piseinotecus soussi @ Cala Margarida (Palam\u00f3s) 20151122 by Enric Madrenas&lt;\/p&gt; \" data-medium-file=\"https:\/\/i0.wp.com\/opistobranquis.info\/wp-content\/uploads\/2014\/10\/Piseinotecus-soussi-%40-Cala-Margarida-Palam%C3%B3s-20151122-by-Enric-Madrenas.jpg?fit=300%2C201&#038;ssl=1\" data-large-file=\"https:\/\/i0.wp.com\/opistobranquis.info\/wp-content\/uploads\/2014\/10\/Piseinotecus-soussi-%40-Cala-Margarida-Palam%C3%B3s-20151122-by-Enric-Madrenas.jpg?fit=810%2C543&#038;ssl=1\" src=\"https:\/\/i0.wp.com\/opistobranquis.info\/wp-content\/uploads\/2014\/10\/Piseinotecus-soussi-%40-Cala-Margarida-Palam%C3%B3s-20151122-by-Enric-Madrenas.jpg?w=255&#038;h=171&#038;ssl=1\" width=\"255\" height=\"171\" loading=\"lazy\" data-original-width=\"255\" data-original-height=\"171\" itemprop=\"http:\/\/schema.org\/image\" title=\"Piseinotecus soussi @ Cala Margarida (Palam\u00f3s) 20151122 by Enric Madrenas\" alt=\"Piseinotecus soussi @ Cala Margarida (Palam\u00f3s) 20151122 by Enric Madrenas\" style=\"width: 255px; height: 171px;\" \/> <\/a> <div class=\"tiled-gallery-caption\" itemprop=\"caption description\"> Piseinotecus soussi @ Cala Margarida (Palam\u00f3s) 20151122 by Enric Madrenas <\/div> <\/div> <\/div> <!-- close group --> <\/div> <!-- close row --> <\/div><\/p>\n<p><p><strong>Bibliografia<\/strong><\/p><ul><div id=\"zotpress-eb9169b60a3dbc37ec21a9dc9f300711\" class=\"zp-Zotpress zp-Zotpress-Bib wp-block-group\">\n\n\t\t<span class=\"ZP_API_USER_ID ZP_ATTR\">1246567<\/span>\n\t\t<span class=\"ZP_ITEM_KEY ZP_ATTR\"><\/span>\n\t\t<span class=\"ZP_COLLECTION_ID ZP_ATTR\"><\/span>\n\t\t<span class=\"ZP_TAG_ID ZP_ATTR\">Piseinotecus soussi<\/span>\n\t\t<span class=\"ZP_AUTHOR ZP_ATTR\"><\/span>\n\t\t<span class=\"ZP_YEAR ZP_ATTR\"><\/span>\n        <span class=\"ZP_ITEMTYPE ZP_ATTR\"><\/span>\n\t\t<span class=\"ZP_INCLUSIVE ZP_ATTR\">1<\/span>\n\t\t<span class=\"ZP_STYLE ZP_ATTR\">eunomia-revista-en-cultura-de-la-legalidad<\/span>\n\t\t<span class=\"ZP_LIMIT ZP_ATTR\">50<\/span>\n\t\t<span class=\"ZP_SORTBY ZP_ATTR\">creator<\/span>\n\t\t<span class=\"ZP_ORDER ZP_ATTR\">asc<\/span>\n\t\t<span class=\"ZP_TITLE ZP_ATTR\"><\/span>\n\t\t<span class=\"ZP_SHOWIMAGE ZP_ATTR\"><\/span>\n\t\t<span class=\"ZP_SHOWTAGS ZP_ATTR\"><\/span>\n\t\t<span class=\"ZP_DOWNLOADABLE ZP_ATTR\"><\/span>\n\t\t<span class=\"ZP_NOTES ZP_ATTR\"><\/span>\n\t\t<span class=\"ZP_ABSTRACT ZP_ATTR\"><\/span>\n\t\t<span class=\"ZP_CITEABLE ZP_ATTR\"><\/span>\n\t\t<span class=\"ZP_TARGET ZP_ATTR\">1<\/span>\n\t\t<span class=\"ZP_URLWRAP ZP_ATTR\"><\/span>\n\t\t<span class=\"ZP_FORCENUM ZP_ATTR\"><\/span>\n        <span class=\"ZP_HIGHLIGHT ZP_ATTR\"><\/span>\n        <span class=\"ZP_POSTID ZP_ATTR\">15036<\/span>\n\t\t<span class=\"ZOTPRESS_PLUGIN_URL ZP_ATTR\">https:\/\/opistobranquis.info\/wp-content\/plugins\/zotpress\/<\/span>\n\n\t\t<div class=\"zp-List loading\">\n\t\t\t<div class=\"zp-SEO-Content\">\n\n\t\t\t<\/div><!-- .zp-zp-SEO-Content -->\n\t\t<\/div><!-- .zp-List -->\n\t<\/div><!--.zp-Zotpress-->\n\n<p><\/p>Bibliografia basada en els treballs de <b>Steve Long, 2006<\/b>. <a target=_blank href=https:\/\/opistobranquis.info\/wp-content\/uploads\/2016\/06\/Long-S.-2006-Bibliography-of-Opisthobranchia-1554-2000.pdf>Bibliography of Opisthobranchia 1554-2000<\/a> i <b>Gary McDonald, 2009<\/b>. <a href=http:\/\/escholarship.org\/uc\/item\/8115h0wz>Bibliographia Nudibranchia<\/a>, amb actualitzacions posteriors procedents d\u00b4altres fonts.<p><\/p><\/ul><p><\/p><p><strong>M\u00e9s informaci\u00f3<\/strong><\/p><span style=\"font-size:10pt\"><ul><ul class=\"blogroll-links\"><li><a href=\"http:\/\/www.biodiversitylibrary.org\/name\/Piseinotecus%20soussi\">Biodiversity Heritage Library<\/a><\/li><li><a href=\"https:\/\/www.flickr.com\/photos\/alopezarenas\/\">Bitxos del Mediterrani<\/a><\/li><li><a href=\"http:\/\/www.ingentaconnect.com\/contentone\/umrsmas\/bullmar\/2014\/00000090\/00000004\/art00009\">Bulletin of Marine Science<\/a><\/li><li><a href=\"https:\/\/www.flickr.com\/search\/?text=Piseinotecus%20soussi\">Flickr pictures<\/a><\/li><li><a href=\"http:\/\/www.opistobranquis.org\/ca\/guia\/177\">GROC<\/a><\/li><li><a href=\"http:\/\/www.irmng.org\/aphia.php?p=taxlist&#038;tName=Piseinotecus%20soussi\">Interim Register of Marine and Nonmarine Genera<\/a><\/li><li><a href=\"http:\/\/www.ncbi.nlm.nih.gov\/Taxonomy\/Browser\/wwwtax.cgi?mode=Undef&#038;name=Piseinotecus%20soussi&#038;lvl=0&#038;srchmode=1\">NCBI GenBank<\/a><\/li><li><a href=\"http:\/\/iobis.org\/mapper\/?taxon=Piseinotecus%20soussi\">OBIS - Search by Taxon<\/a><\/li><\/ul><\/ul><\/span><p><strong>Citeu aquest article com: <\/strong><\/p><div style=\"display: block; background: #444444; padding: 10px 30px 10px 10px; border-radius: 5px; line-height: 18px;\"><p class=\"citacio\"><b>Cervera, Lucas, Manuel Ballesteros, Enric Madrenas, Miquel Pontes<\/b> (2025) <em>\"Piseinotecus soussi\"<\/em> a <em>OPK-Opistobranquis<\/em>. Publicat: 02\/10\/2014. Accedit: 03\/09\/2026. Disponible a (<a href=https:\/\/opistobranquis.info\/ca\/?p=15036>https:\/\/opistobranquis.info\/ca\/?p=15036<\/a>)<\/p><p><\/p><\/div><p><\/p><\/p>","protected":false},"excerpt":{"rendered":"<p>Piseinotecus soussi\u00a0Tamsouri, Carmona, Moukrim &amp; Cervera, 2014 Descripci\u00f3 Els animals adults d&#8217;aquesta esp\u00e8cie recentment descrita mesuren entre 8 i 13 mm de longitud. El seu cos \u00e9s estret i destaca per una cua llarga i afilada quan l&#8217;animal est\u00e0 en moviment. La coloraci\u00f3 general del cos \u00e9s rosada o rosa-blavosa. Els tentacles orals i els rin\u00f2fors s\u00f3n aproximadament de la mateixa llargada\u00a0i tenen el mateix color que el cos, per\u00f2\u2026<\/p>\n<p class=\"continue-reading-button\"> <a class=\"continue-reading-link\" href=\"https:\/\/opistobranquis.info\/ca\/guia\/nudibranchia\/cladobranchia\/aeolidioidea\/piseinotecus-soussi\/\">Continua llegint<i class=\"crycon-right-dir\"><\/i><\/a><\/p>\n","protected":false},"author":319,"featured_media":28315,"parent":456,"menu_order":8671,"comment_status":"closed","ping_status":"closed","template":"","meta":{"footnotes":""},"class_list":["post-15036","page","type-page","status-publish","has-post-thumbnail","hentry"],"jetpack_sharing_enabled":true,"_links":{"self":[{"href":"https:\/\/opistobranquis.info\/ca\/wp-json\/wp\/v2\/pages\/15036","targetHints":{"allow":["GET"]}}],"collection":[{"href":"https:\/\/opistobranquis.info\/ca\/wp-json\/wp\/v2\/pages"}],"about":[{"href":"https:\/\/opistobranquis.info\/ca\/wp-json\/wp\/v2\/types\/page"}],"author":[{"embeddable":true,"href":"https:\/\/opistobranquis.info\/ca\/wp-json\/wp\/v2\/users\/319"}],"replies":[{"embeddable":true,"href":"https:\/\/opistobranquis.info\/ca\/wp-json\/wp\/v2\/comments?post=15036"}],"version-history":[{"count":5,"href":"https:\/\/opistobranquis.info\/ca\/wp-json\/wp\/v2\/pages\/15036\/revisions"}],"predecessor-version":[{"id":35983,"href":"https:\/\/opistobranquis.info\/ca\/wp-json\/wp\/v2\/pages\/15036\/revisions\/35983"}],"up":[{"embeddable":true,"href":"https:\/\/opistobranquis.info\/ca\/wp-json\/wp\/v2\/pages\/456"}],"wp:featuredmedia":[{"embeddable":true,"href":"https:\/\/opistobranquis.info\/ca\/wp-json\/wp\/v2\/media\/28315"}],"wp:attachment":[{"href":"https:\/\/opistobranquis.info\/ca\/wp-json\/wp\/v2\/media?parent=15036"}],"curies":[{"name":"wp","href":"https:\/\/api.w.org\/{rel}","templated":true}]}}