{"id":15776,"date":"2014-10-13T03:37:22","date_gmt":"2014-10-13T01:37:22","guid":{"rendered":"https:\/\/opistobranquis.info\/?page_id=15776"},"modified":"2026-09-04T00:24:13","modified_gmt":"2026-09-03T22:24:13","slug":"aldisa-zetlandica","status":"publish","type":"page","link":"https:\/\/opistobranquis.info\/ca\/guia\/nudibranchia\/doridina\/doridoidei\/chromodoridoidea\/aldisa-zetlandica\/","title":{"rendered":"Aldisa zetlandica"},"content":{"rendered":"<p><\/p>\n<h3><em>Aldisa zetlandica<\/em>\u00a0(Alder &amp; Hancock, 1854)<\/h3>\n<p><span style=\"font-size:10pt;\" class=\"aligncenter\"><div id=\"featured-img-id\"><img data-recalc-dims=\"1\" decoding=\"async\" src=\"https:\/\/i0.wp.com\/opistobranquis.info\/wp-content\/uploads\/2014\/10\/th_Aldisa-zetlandica-Sweden.jpg?w=900&#038;ssl=1\" alt=\"Aldisa zetlandica by Klas Malmberg (Sweden)\" \/><\/div><center><em>Aldisa zetlandica<\/em> per Klas Malmberg<\/center><\/span><p><\/p><div class=\"opk-worms\"><h3>Informaci\u00f3 taxon\u00f2mica WoRMS<\/h3><div class=\"opk-success\">Nom acceptat actual: <strong><em>Aldisa zetlandica<\/em> (Alder &amp; Hancock, 1854)<\/strong><\/div><h4>Classificaci\u00f3 actual<\/h4><table class=\"widefat striped\"><tr><th>Superdomain<\/th><td><a target=\"_blank\" href=\"https:\/\/www.marinespecies.org\/aphia.php?p=taxdetails&id=1\">Biota<\/a><\/td><\/tr><tr><th>Kingdom<\/th><td><a target=\"_blank\" href=\"https:\/\/www.marinespecies.org\/aphia.php?p=taxdetails&id=2\">Animalia<\/a><\/td><\/tr><tr><th>Phylum<\/th><td><a target=\"_blank\" href=\"https:\/\/www.marinespecies.org\/aphia.php?p=taxdetails&id=51\">Mollusca<\/a><\/td><\/tr><tr><th>Class<\/th><td><a target=\"_blank\" href=\"https:\/\/www.marinespecies.org\/aphia.php?p=taxdetails&id=101\">Gastropoda<\/a><\/td><\/tr><tr><th>Subclass<\/th><td><a target=\"_blank\" href=\"https:\/\/www.marinespecies.org\/aphia.php?p=taxdetails&id=14712\">Heterobranchia<\/a><\/td><\/tr><tr><th>Infraclass<\/th><td><a target=\"_blank\" href=\"https:\/\/www.marinespecies.org\/aphia.php?p=taxdetails&id=1057247\">Euthyneura<\/a><\/td><\/tr><tr><th>Subterclass<\/th><td><a target=\"_blank\" href=\"https:\/\/www.marinespecies.org\/aphia.php?p=taxdetails&id=1057249\">Ringipleura<\/a><\/td><\/tr><tr><th>Superorder<\/th><td><a target=\"_blank\" href=\"https:\/\/www.marinespecies.org\/aphia.php?p=taxdetails&id=411966\">Nudipleura<\/a><\/td><\/tr><tr><th>Order<\/th><td><a target=\"_blank\" href=\"https:\/\/www.marinespecies.org\/aphia.php?p=taxdetails&id=1762\">Nudibranchia<\/a><\/td><\/tr><tr><th>Suborder<\/th><td><a target=\"_blank\" href=\"https:\/\/www.marinespecies.org\/aphia.php?p=taxdetails&id=1829294\">Doridida<\/a><\/td><\/tr><tr><th>Infraorder<\/th><td><a target=\"_blank\" href=\"https:\/\/www.marinespecies.org\/aphia.php?p=taxdetails&id=246038\">Doridoidei<\/a><\/td><\/tr><tr><th>Superfamily<\/th><td><a target=\"_blank\" href=\"https:\/\/www.marinespecies.org\/aphia.php?p=taxdetails&id=1370609\">Chromodoridoidea<\/a><\/td><\/tr><tr><th>Family<\/th><td><a target=\"_blank\" href=\"https:\/\/www.marinespecies.org\/aphia.php?p=taxdetails&id=151277\">Cadlinidae<\/a><\/td><\/tr><tr><th>Genus<\/th><td><a target=\"_blank\" href=\"https:\/\/www.marinespecies.org\/aphia.php?p=taxdetails&id=137642\"><em>Aldisa<\/em><\/a><\/td><\/tr><tr><th>Species<\/th><td><a target=\"_blank\" href=\"https:\/\/www.marinespecies.org\/aphia.php?p=taxdetails&id=138739\"><em>Aldisa zetlandica<\/em> (Alder &amp; Hancock, 1854)<\/a><\/td><\/tr><\/table><p class=\"footer\">Classificaci\u00f3 proporcionada pel World Register of Marine Species (WoRMS). [<a target=\"_blank\" href=\"https:\/\/www.marinespecies.org\/aphia.php?p=taxdetails&id=138739\">138739<\/a>]<\/p><\/div><strong data-start=\"92\" data-end=\"111\">Nota Taxon\u00f2mica:\u00a0<\/strong>Descrita per primera vegada per Alder &amp; Hancock (1854) com <em data-start=\"173\" data-end=\"191\">Doris zetlandica<\/em>. Millen &amp; Gosliner (1985) la van redescobrir despr\u00e9s d&#8217;un estudi detallat de la seva morfologia. Una an\u00e0lisi gen\u00e8tica recent (Vald\u00e9s et al., 2017) confirma la seva ubicaci\u00f3 dins el g\u00e8nere <em data-start=\"380\" data-end=\"388\">Aldisa<\/em>, diferenciant-la de l&#8217;esp\u00e8cie estretament relacionada <em data-start=\"443\" data-end=\"459\">A. albatrossae<\/em>.<\/p>\n<p><strong>Sin\u00f2nims<\/strong><\/p>\n<ul>\n<li><i>Doris zetlandica<\/i> Alder &amp; Hancock, 1854 (original)<\/li>\n<\/ul>\n<p><strong>Descripci\u00f3<br \/>\n<\/strong>T\u00e9 el cos de forma ovalada allargada, amb els flancs alts i una longitud m\u00e0xima de fins a 35 mm. El mantell \u00e9s t\u00edpicament blanc o blanc transl\u00facid amb taques blanques disperses, encara que alguns exemplars presenten una tonalitat gris-verdosa (Picton &amp; Morrow, 1994). A trav\u00e9s del dors es poden observar les v\u00edsceres, de color crema p\u00e0l\u00b7lid a marr\u00f3 vermell\u00f3s. El dors est\u00e0 recobert per nombrosos tubercles c\u00f2nics grans, de mida variable, normalment m\u00e9s prominents al centre del dors i m\u00e9s petits cap al marge del mantell. La br\u00e0nquia est\u00e0 composta per 7 fulles branquials bipinnades de color blanc, disposades en cercle al voltant de l\u2019anus i completament retr\u00e0ctils dins d\u2019una cavitat dorsal. Els rin\u00f2fors tenen entre 11 i 12 laminetes. El marge anterior del peu \u00e9s solcat per\u00f2 no fes, i la zona bucal t\u00e9 dues expansions laterals romes sense tentacles orals.<\/p>\n<p><strong>Biologia<br \/>\n<\/strong>\u00c9s una esp\u00e8cie sublitoral descoberta originalment a les Illes Shetland mitjan\u00e7ant dragatge en aig\u00fces profundes (Alder &amp; Hancock, 1854). Habita a profunditats d&#8217;entre 25 i 1.900 metres, tot i que a la bibliografia s\u2019ha registrat entre 70 i 320 metres (Millen &amp; Gosliner, 1985), 845 metres (Malaquias, 2001) i entre 138 i 529 metres (Vald\u00e9s et al., 2017), amb temperatures d&#8217;entre 2,5 i 4 \u00baC. Observacions recents l\u2019associen a h\u00e0bitats rics en esponges de la fam\u00edlia Axinellidae, on s&#8217;alimenta d&#8217;esponges com <em data-start=\"1952\" data-end=\"1974\">Hymedesmia paupertas<\/em> i <em data-start=\"1977\" data-end=\"2000\">Hymedesmia jecusculum<\/em>.<\/p>\n<p><strong>Esp\u00e8cies semblants<\/strong><\/p>\n<ul>\n<li><em>Cadlina laevis<\/em>: perfil molt m\u00e9s aplanat i tubercles dorsals molt curts. Presenta gl\u00e0ndules blanques o groc llimona situades cap al marge del mantell i, ocasionalment, una vora groga al marge del mantell. S\u2019alimenta d\u2019esponges com <em data-start=\"2268\" data-end=\"2289\">Halisarca dujardini<\/em> i possiblement <em data-start=\"2305\" data-end=\"2323\">Dysidea fragilis<\/em>.<\/li>\n<li><em>Adalaria proxima<\/em>: amb rin\u00f2fors m\u00e9s roms i tubercles dorsals punxeguts. S\u2019alimenta del briozou <em data-start=\"2425\" data-end=\"2441\">Electra pilosa<\/em>.<\/li>\n<li><em>Adalaria loveni<\/em>: amb tubercles dorsals m\u00e9s plans. S\u2019alimenta del briozou <em data-start=\"2522\" data-end=\"2548\">Membranipora membranacea<\/em>.<\/li>\n<li><em>Onchidoris muricata<\/em>: no t\u00e9 una cavitat branquial veritable i les seves br\u00e0nquies s\u00f3n contr\u00e0ctils per separat, per\u00f2 no retr\u00e0ctils. S\u2019alimenta de <em data-start=\"2700\" data-end=\"2726\">Membranipora membranacea<\/em> a la zona intermareal baixa o de <em data-start=\"2760\" data-end=\"2787\">Securiflustra securifrons<\/em> a la zona sublitoral.<\/li>\n<\/ul>\n<p><strong>Etimologia<\/strong><\/p>\n<ul>\n<li><em>Aldisa<\/em>. Relacionat amb una saga vikinga islandesa del mateix\u00a0nom.<\/li>\n<li><em>Zetlandica<\/em>. Originari de les Shetlands, Regne Unit, on va ser descrita aquesta esp\u00e8cie.<\/li>\n<\/ul>\n<p><strong>Distribuci\u00f3<\/strong><br \/>\nAquesta esp\u00e8cie s\u2019ha registrat des de les Illes Shetland (Alder &amp; Hancock, 1854) fins a les A\u00e7ores (Malaquias, 2001), amb registres a l\u2019oest d\u2019Esc\u00f2cia, l\u2019oest d\u2019Irlanda, el sud de Noruega (Picton &amp; Morrow, 1994), Finl\u00e0ndia i Isl\u00e0ndia (Millen &amp; Gosliner, 1985; Schi\u00f8tte, 2005). No obstant aix\u00f2, sembla evitar les aig\u00fces \u00e0rtiques, cosa que genera dubtes sobre un registre reportat al nord de Groenl\u00e0ndia per Koltun (1964). A l\u2019Atl\u00e0ntic nord-occidental, ha estat registrada al Flemish Cap i el Gran Bank, a Terranova, Canad\u00e0 (Vald\u00e9s et al., 2017).<div id=\"flxmap-6a9a9f887aa6c\" class='flxmap-container' data-flxmap='flxmap_6a9a9f887aa6c' style=\"width:100%;height:400px;\"><\/div>\n<script data-noptimize=\"1\">\n\/* <![CDATA[ *\/\n(function(w, fn) {\n if (w.addEventListener) w.addEventListener(\"DOMContentLoaded\", fn, false);\n else if (w.attachEvent) w.attachEvent(\"onload\", fn);\n})(window, function() {\n var f = new FlexibleMap();\n f.panControl = true;\n f.mapTypeId = \"satellite\";\n f.setlocale(\"ca-ES\");\n f.kmlcache = \"5 minutes\";\n f.showKML(\"flxmap-6a9a9f887aa6c\", \"https:\/\/opistobranquis.info\/wp-content\/uploads\/kms\/15776.kmz\");\n window.flxmap_6a9a9f887aa6c = f;\n});\n\/* ]]> *\/\n<\/script>\n<div style=\"width:100%;text-align:center;margin:12px 0 4px 0;\">\n  <div style=\"font-size:8pt;margin-bottom:6px;\">Cites georeferenciades conegudes de l'esp\u00e8cie: <em>Aldisa zetlandica<\/em><\/div>\n  <table style=\"margin:0 auto;border-collapse:collapse;font-size:8pt;\">\n    <tr><td colspan=\"2\" style=\"text-align:left;padding-bottom:4px;\"><strong>Fonts:<\/strong><\/td><\/tr>\n    <tr>\n      <td style=\"vertical-align:top;padding-right:40px;\">\n        <table style=\"border-collapse:collapse;\">\n<tr><td style='padding:1px 6px 1px 0;vertical-align:middle'><img data-recalc-dims=\"1\" src=\"https:\/\/i0.wp.com\/opistobranquis.info\/wp-content\/uploads\/kms\/wht-circle-lv.png?w=900&#038;ssl=1\" style='display:block'><\/td><td style='padding:1px 0;vertical-align:middle;white-space:nowrap'>OBIS<\/td><\/tr><tr><td style='padding:1px 6px 1px 0;vertical-align:middle'><img data-recalc-dims=\"1\" src=\"https:\/\/i0.wp.com\/opistobranquis.info\/wp-content\/uploads\/kms\/ylw-circle-lv.png?w=900&#038;ssl=1\" style='display:block'><\/td><td style='padding:1px 0;vertical-align:middle;white-space:nowrap'>GROC 2010-2011<\/td><\/tr><tr><td style='padding:1px 6px 1px 0;vertical-align:middle'><img data-recalc-dims=\"1\" src=\"https:\/\/i0.wp.com\/opistobranquis.info\/wp-content\/uploads\/kms\/grn-circle-lv.png?w=900&#038;ssl=1\" style='display:block'><\/td><td style='padding:1px 0;vertical-align:middle;white-space:nowrap'>Enric Madrenas<\/td><\/tr><tr><td style='padding:1px 6px 1px 0;vertical-align:middle'><img data-recalc-dims=\"1\" src=\"https:\/\/i0.wp.com\/opistobranquis.info\/wp-content\/uploads\/kms\/orange-circle-lv.png?w=900&#038;ssl=1\" style='display:block'><\/td><td style='padding:1px 0;vertical-align:middle;white-space:nowrap'>Jo\u00e3o Pedro Silva<\/td><\/tr><tr><td style='padding:1px 6px 1px 0;vertical-align:middle'><img data-recalc-dims=\"1\" src=\"https:\/\/i0.wp.com\/opistobranquis.info\/wp-content\/uploads\/kms\/pink-circle-lv.png?w=900&#038;ssl=1\" style='display:block'><\/td><td style='padding:1px 0;vertical-align:middle;white-space:nowrap'>Bernard Picton<\/td><\/tr><tr><td style='padding:1px 6px 1px 0;vertical-align:middle'><img data-recalc-dims=\"1\" src=\"https:\/\/i0.wp.com\/opistobranquis.info\/wp-content\/uploads\/kms\/blk-circle-lv.png?w=900&#038;ssl=1\" style='display:block'><\/td><td style='padding:1px 0;vertical-align:middle;white-space:nowrap'>GBIF<\/td><\/tr>        <\/table>\n      <\/td>\n      <td style=\"vertical-align:top;\">\n        <table style=\"border-collapse:collapse;\">\n<tr><td style='padding:1px 6px 1px 0;vertical-align:middle'><img data-recalc-dims=\"1\" src=\"https:\/\/i0.wp.com\/opistobranquis.info\/wp-content\/uploads\/kms\/purple-circle-lv.png?w=900&#038;ssl=1\" style='display:block'><\/td><td style='padding:1px 0;vertical-align:middle;white-space:nowrap'>OPK<\/td><\/tr><tr><td style='padding:1px 6px 1px 0;vertical-align:middle'><img data-recalc-dims=\"1\" src=\"https:\/\/i0.wp.com\/opistobranquis.info\/wp-content\/uploads\/kms\/red-circle-lv.png?w=900&#038;ssl=1\" style='display:block'><\/td><td style='padding:1px 0;vertical-align:middle;white-space:nowrap'>VIMAR<\/td><\/tr><tr><td style='padding:1px 6px 1px 0;vertical-align:middle'><img data-recalc-dims=\"1\" src=\"https:\/\/i0.wp.com\/opistobranquis.info\/wp-content\/uploads\/kms\/blu-circle-lv.png?w=900&#038;ssl=1\" style='display:block'><\/td><td style='padding:1px 0;vertical-align:middle;white-space:nowrap'>Manuel Ballesteros<\/td><\/tr><tr><td style='padding:1px 6px 1px 0;vertical-align:middle'><img data-recalc-dims=\"1\" src=\"https:\/\/i0.wp.com\/opistobranquis.info\/wp-content\/uploads\/kms\/cyan-circle-lv.png?w=900&#038;ssl=1\" style='display:block'><\/td><td style='padding:1px 0;vertical-align:middle;white-space:nowrap'>M@re Nostrum<\/td><\/tr><tr><td style='padding:1px 6px 1px 0;vertical-align:middle'><img data-recalc-dims=\"1\" src=\"https:\/\/i0.wp.com\/opistobranquis.info\/wp-content\/uploads\/kms\/grey-circle-lv.png?w=900&#038;ssl=1\" style='display:block'><\/td><td style='padding:1px 0;vertical-align:middle;white-space:nowrap'>Altres fonts<\/td><\/tr><tr><td style='padding:1px 6px 1px 0;vertical-align:middle'><img data-recalc-dims=\"1\" src=\"https:\/\/i0.wp.com\/opistobranquis.info\/wp-content\/uploads\/kms\/marreg.png?w=900&#038;ssl=1\" style='display:block'><\/td><td style='padding:1px 0;vertical-align:middle;white-space:nowrap'>Marine Regions<\/td><\/tr>        <\/table>\n      <\/td>\n    <\/tr>\n  <\/table>\n<\/div>\n<\/p>\n<p><strong>Error:<\/strong> Chart.js no est\u00e1 disponible.<\/p>\n<p><strong>Altres fotos<\/strong><br \/>\n<div class=\"tiled-gallery type-rectangular tiled-gallery-unresized\" data-original-width=\"900\" data-carousel-extra='{&quot;blog_id&quot;:1,&quot;permalink&quot;:&quot;https:\\\/\\\/opistobranquis.info\\\/ca\\\/guia\\\/nudibranchia\\\/doridina\\\/doridoidei\\\/chromodoridoidea\\\/aldisa-zetlandica\\\/&quot;,&quot;likes_blog_id&quot;:44192421}' itemscope itemtype=\"http:\/\/schema.org\/ImageGallery\" > <div class=\"gallery-row\" style=\"width: 900px; height: 339px;\" data-original-width=\"900\" data-original-height=\"339\" > <div class=\"gallery-group images-1\" style=\"width: 450px; height: 339px;\" data-original-width=\"450\" data-original-height=\"339\" > <div class=\"tiled-gallery-item tiled-gallery-item-large\" itemprop=\"associatedMedia\" itemscope itemtype=\"http:\/\/schema.org\/ImageObject\"> <a href=\"https:\/\/opistobranquis.info\/ca\/guia\/nudibranchia\/doridina\/doridoidei\/chromodoridoidea\/aldisa-zetlandica\/aldisa-zetlandica-skird-rocks-galway-ireland-by-bernard-picton\/\" border=\"0\" itemprop=\"url\"> <meta itemprop=\"width\" content=\"446\"> <meta itemprop=\"height\" content=\"335\"> <img decoding=\"async\" class=\"\" data-attachment-id=\"46382\" data-orig-file=\"https:\/\/opistobranquis.info\/wp-content\/uploads\/2025\/04\/Aldisa-zetlandica-@-Skird-Rocks-Galway-Ireland-by-Bernard-Picton.jpg\" data-orig-size=\"800,600\" data-comments-opened=\"\" data-image-title=\"Aldisa zetlandica @ Skird Rocks, Galway, Ireland by Bernard Picton\" data-image-description=\"&lt;p&gt;Aldisa zetlandica @ Skird Rocks, Galway, Ireland by Bernard Picton&lt;\/p&gt; \" data-medium-file=\"https:\/\/i0.wp.com\/opistobranquis.info\/wp-content\/uploads\/2025\/04\/Aldisa-zetlandica-%40-Skird-Rocks-Galway-Ireland-by-Bernard-Picton.jpg?fit=300%2C225&#038;ssl=1\" data-large-file=\"https:\/\/i0.wp.com\/opistobranquis.info\/wp-content\/uploads\/2025\/04\/Aldisa-zetlandica-%40-Skird-Rocks-Galway-Ireland-by-Bernard-Picton.jpg?fit=800%2C600&#038;ssl=1\" src=\"https:\/\/i0.wp.com\/opistobranquis.info\/wp-content\/uploads\/2025\/04\/Aldisa-zetlandica-%40-Skird-Rocks-Galway-Ireland-by-Bernard-Picton.jpg?w=446&#038;h=335&#038;ssl=1\" width=\"446\" height=\"335\" loading=\"lazy\" data-original-width=\"446\" data-original-height=\"335\" itemprop=\"http:\/\/schema.org\/image\" title=\"Aldisa zetlandica @ Skird Rocks, Galway, Ireland by Bernard Picton\" alt=\"Aldisa zetlandica @ Skird Rocks, Galway, Ireland by Bernard Picton\" style=\"width: 446px; height: 335px;\" \/> <\/a> <div class=\"tiled-gallery-caption\" itemprop=\"caption description\"> Aldisa zetlandica @ Skird Rocks, Galway, Ireland by Bernard Picton <\/div> <\/div> <\/div> <!-- close group --> <div class=\"gallery-group images-1\" style=\"width: 450px; height: 339px;\" data-original-width=\"450\" data-original-height=\"339\" > <div class=\"tiled-gallery-item tiled-gallery-item-large\" itemprop=\"associatedMedia\" itemscope itemtype=\"http:\/\/schema.org\/ImageObject\"> <a href=\"https:\/\/opistobranquis.info\/ca\/guia\/nudibranchia\/doridina\/doridoidei\/chromodoridoidea\/aldisa-zetlandica\/aldisa-zetlandica-gulen-dive-resort-nyborg-norway-18-03-2014-by-bernard-picton\/\" border=\"0\" itemprop=\"url\"> <meta itemprop=\"width\" content=\"446\"> <meta itemprop=\"height\" content=\"335\"> <img decoding=\"async\" class=\"\" data-attachment-id=\"46383\" data-orig-file=\"https:\/\/opistobranquis.info\/wp-content\/uploads\/2025\/04\/Aldisa-zetlandica-@-Gulen-Dive-Resort-Nyborg-Norway-18.03.2014-by-Bernard-Picton.jpg\" data-orig-size=\"1024,768\" data-comments-opened=\"\" data-image-title=\"Aldisa zetlandica @ Gulen Dive Resort, Nyborg, Norway 18.03.2014 by Bernard Picton\" data-image-description=\"&lt;p&gt;Aldisa zetlandica @ Gulen Dive Resort, Nyborg, Norway 18.03.2014 by Bernard Picton&lt;\/p&gt; \" data-medium-file=\"https:\/\/i0.wp.com\/opistobranquis.info\/wp-content\/uploads\/2025\/04\/Aldisa-zetlandica-%40-Gulen-Dive-Resort-Nyborg-Norway-18.03.2014-by-Bernard-Picton.jpg?fit=300%2C225&#038;ssl=1\" data-large-file=\"https:\/\/i0.wp.com\/opistobranquis.info\/wp-content\/uploads\/2025\/04\/Aldisa-zetlandica-%40-Gulen-Dive-Resort-Nyborg-Norway-18.03.2014-by-Bernard-Picton.jpg?fit=900%2C675&#038;ssl=1\" src=\"https:\/\/i0.wp.com\/opistobranquis.info\/wp-content\/uploads\/2025\/04\/Aldisa-zetlandica-%40-Gulen-Dive-Resort-Nyborg-Norway-18.03.2014-by-Bernard-Picton.jpg?w=446&#038;h=335&#038;ssl=1\" width=\"446\" height=\"335\" loading=\"lazy\" data-original-width=\"446\" data-original-height=\"335\" itemprop=\"http:\/\/schema.org\/image\" title=\"Aldisa zetlandica @ Gulen Dive Resort, Nyborg, Norway 18.03.2014 by Bernard Picton\" alt=\"Aldisa zetlandica @ Gulen Dive Resort, Nyborg, Norway 18.03.2014 by Bernard Picton\" style=\"width: 446px; height: 335px;\" \/> <\/a> <div class=\"tiled-gallery-caption\" itemprop=\"caption description\"> Aldisa zetlandica @ Gulen Dive Resort, Nyborg, Norway 18.03.2014 by Bernard Picton <\/div> <\/div> <\/div> <!-- close group --> <\/div> <!-- close row --> <\/div><\/p>\n<p><p><strong>Bibliografia<\/strong><\/p><ul><div id=\"zotpress-4824b1b7b1335b5b363f942ad8ecf600\" class=\"zp-Zotpress zp-Zotpress-Bib wp-block-group\">\n\n\t\t<span class=\"ZP_API_USER_ID ZP_ATTR\">1246567<\/span>\n\t\t<span class=\"ZP_ITEM_KEY ZP_ATTR\"><\/span>\n\t\t<span class=\"ZP_COLLECTION_ID ZP_ATTR\"><\/span>\n\t\t<span class=\"ZP_TAG_ID ZP_ATTR\">Aldisa zetlandica<\/span>\n\t\t<span class=\"ZP_AUTHOR ZP_ATTR\"><\/span>\n\t\t<span class=\"ZP_YEAR ZP_ATTR\"><\/span>\n        <span class=\"ZP_ITEMTYPE ZP_ATTR\"><\/span>\n\t\t<span class=\"ZP_INCLUSIVE ZP_ATTR\">1<\/span>\n\t\t<span class=\"ZP_STYLE ZP_ATTR\">eunomia-revista-en-cultura-de-la-legalidad<\/span>\n\t\t<span class=\"ZP_LIMIT ZP_ATTR\">50<\/span>\n\t\t<span class=\"ZP_SORTBY ZP_ATTR\">creator<\/span>\n\t\t<span class=\"ZP_ORDER ZP_ATTR\">asc<\/span>\n\t\t<span class=\"ZP_TITLE ZP_ATTR\"><\/span>\n\t\t<span class=\"ZP_SHOWIMAGE ZP_ATTR\"><\/span>\n\t\t<span class=\"ZP_SHOWTAGS ZP_ATTR\"><\/span>\n\t\t<span class=\"ZP_DOWNLOADABLE ZP_ATTR\"><\/span>\n\t\t<span class=\"ZP_NOTES ZP_ATTR\"><\/span>\n\t\t<span class=\"ZP_ABSTRACT ZP_ATTR\"><\/span>\n\t\t<span class=\"ZP_CITEABLE ZP_ATTR\"><\/span>\n\t\t<span class=\"ZP_TARGET ZP_ATTR\">1<\/span>\n\t\t<span class=\"ZP_URLWRAP ZP_ATTR\"><\/span>\n\t\t<span class=\"ZP_FORCENUM ZP_ATTR\"><\/span>\n        <span class=\"ZP_HIGHLIGHT ZP_ATTR\"><\/span>\n        <span class=\"ZP_POSTID ZP_ATTR\">15776<\/span>\n\t\t<span class=\"ZOTPRESS_PLUGIN_URL ZP_ATTR\">https:\/\/opistobranquis.info\/wp-content\/plugins\/zotpress\/<\/span>\n\n\t\t<div class=\"zp-List loading\">\n\t\t\t<div class=\"zp-SEO-Content\">\n\n\t\t\t<\/div><!-- .zp-zp-SEO-Content -->\n\t\t<\/div><!-- .zp-List -->\n\t<\/div><!--.zp-Zotpress-->\n\n<p><\/p>Bibliografia basada en els treballs de <b>Steve Long, 2006<\/b>. <a target=_blank href=https:\/\/opistobranquis.info\/wp-content\/uploads\/2016\/06\/Long-S.-2006-Bibliography-of-Opisthobranchia-1554-2000.pdf>Bibliography of Opisthobranchia 1554-2000<\/a> i <b>Gary McDonald, 2009<\/b>. <a href=http:\/\/escholarship.org\/uc\/item\/8115h0wz>Bibliographia Nudibranchia<\/a>, amb actualitzacions posteriors procedents d\u00b4altres fonts.<p><\/p><\/ul><p><\/p><p><strong>M\u00e9s informaci\u00f3<\/strong><\/p><span style=\"font-size:10pt\"><ul><ul class=\"blogroll-links\"><li><a href=\"http:\/\/www.biodiversitylibrary.org\/name\/Aldisa%20zetlandica\">Biodiversity Heritage Library<\/a><\/li><li><a href=\"http:\/\/www.habitas.org.uk\/marinelife\/species.asp?item=W13870#\">Encyclopedia of Marine Life of Britain and Ireland<\/a><\/li><li><a href=\"https:\/\/www.flickr.com\/search\/?text=Aldisa%20zetlandica\">Flickr pictures<\/a><\/li><li><a href=\"http:\/\/www.irmng.org\/aphia.php?p=taxlist&#038;tName=Aldisa%20zetlandica\">Interim Register of Marine and Nonmarine Genera<\/a><\/li><li><a href=\"http:\/\/www.ncbi.nlm.nih.gov\/Taxonomy\/Browser\/wwwtax.cgi?mode=Undef&#038;name=Aldisa%20zetlandica&#038;lvl=0&#038;srchmode=1\">NCBI GenBank<\/a><\/li><li><a href=\"http:\/\/iobis.org\/mapper\/?taxon=Aldisa%20zetlandica\">OBIS - Search by Taxon<\/a><\/li><li><a href=\"http:\/\/www.marinespecies.org\/aphia.php?p=taxdetails&#038;id=138739\">World Register of Marine Species<\/a><\/li><\/ul><\/ul><\/span><p><strong>Citeu aquest article com: <\/strong><\/p><div style=\"display: block; background: #444444; padding: 10px 30px 10px 10px; border-radius: 5px; line-height: 18px;\"><p class=\"citacio\"><b>Pontes, Miquel<\/b> (2025) <em>\"Aldisa zetlandica\"<\/em> a <em>OPK-Opistobranquis<\/em>. Publicat: 13\/10\/2014. Accedit: 04\/09\/2026. Disponible a (<a href=https:\/\/opistobranquis.info\/ca\/?p=15776>https:\/\/opistobranquis.info\/ca\/?p=15776<\/a>)<\/p><p><\/p><\/div><p><\/p><\/p>","protected":false},"excerpt":{"rendered":"<p>Aldisa zetlandica\u00a0(Alder &amp; Hancock, 1854) Nota Taxon\u00f2mica:\u00a0Descrita per primera vegada per Alder &amp; Hancock (1854) com Doris zetlandica. Millen &amp; Gosliner (1985) la van redescobrir despr\u00e9s d&#8217;un estudi detallat de la seva morfologia. Una an\u00e0lisi gen\u00e8tica recent (Vald\u00e9s et al., 2017) confirma la seva ubicaci\u00f3 dins el g\u00e8nere Aldisa, diferenciant-la de l&#8217;esp\u00e8cie estretament relacionada A. albatrossae. Sin\u00f2nims Doris zetlandica Alder &amp; Hancock, 1854 (original) Descripci\u00f3 T\u00e9 el cos de forma\u2026<\/p>\n<p class=\"continue-reading-button\"> <a class=\"continue-reading-link\" href=\"https:\/\/opistobranquis.info\/ca\/guia\/nudibranchia\/doridina\/doridoidei\/chromodoridoidea\/aldisa-zetlandica\/\">Continua llegint<i class=\"crycon-right-dir\"><\/i><\/a><\/p>\n","protected":false},"author":5,"featured_media":15616,"parent":48630,"menu_order":2,"comment_status":"closed","ping_status":"closed","template":"","meta":{"footnotes":""},"class_list":["post-15776","page","type-page","status-publish","has-post-thumbnail","hentry"],"jetpack_sharing_enabled":true,"_links":{"self":[{"href":"https:\/\/opistobranquis.info\/ca\/wp-json\/wp\/v2\/pages\/15776","targetHints":{"allow":["GET"]}}],"collection":[{"href":"https:\/\/opistobranquis.info\/ca\/wp-json\/wp\/v2\/pages"}],"about":[{"href":"https:\/\/opistobranquis.info\/ca\/wp-json\/wp\/v2\/types\/page"}],"author":[{"embeddable":true,"href":"https:\/\/opistobranquis.info\/ca\/wp-json\/wp\/v2\/users\/5"}],"replies":[{"embeddable":true,"href":"https:\/\/opistobranquis.info\/ca\/wp-json\/wp\/v2\/comments?post=15776"}],"version-history":[{"count":5,"href":"https:\/\/opistobranquis.info\/ca\/wp-json\/wp\/v2\/pages\/15776\/revisions"}],"predecessor-version":[{"id":46387,"href":"https:\/\/opistobranquis.info\/ca\/wp-json\/wp\/v2\/pages\/15776\/revisions\/46387"}],"up":[{"embeddable":true,"href":"https:\/\/opistobranquis.info\/ca\/wp-json\/wp\/v2\/pages\/48630"}],"wp:featuredmedia":[{"embeddable":true,"href":"https:\/\/opistobranquis.info\/ca\/wp-json\/wp\/v2\/media\/15616"}],"wp:attachment":[{"href":"https:\/\/opistobranquis.info\/ca\/wp-json\/wp\/v2\/media?parent=15776"}],"curies":[{"name":"wp","href":"https:\/\/api.w.org\/{rel}","templated":true}]}}