{"id":16026,"date":"2014-10-15T06:47:18","date_gmt":"2014-10-15T04:47:18","guid":{"rendered":"https:\/\/opistobranquis.info\/?page_id=16026"},"modified":"2025-02-26T16:29:45","modified_gmt":"2025-02-26T15:29:45","slug":"onchidoris-bilamellata","status":"publish","type":"page","link":"https:\/\/opistobranquis.info\/ca\/guia\/nudibranchia\/doridina\/doridoidei\/onchidoridoidea\/onchidoris-bilamellata\/","title":{"rendered":"Onchidoris bilamellata"},"content":{"rendered":"<p><\/p>\n<h3><em>Onchidoris bilamellata<\/em>\u00a0(Linnaeus, 1767)<\/h3>\n<p><span style=\"font-size:10pt;\" class=\"aligncenter\"><div id=\"featured-img-id\"><img data-recalc-dims=\"1\" decoding=\"async\" src=\"https:\/\/i0.wp.com\/opistobranquis.info\/wp-content\/uploads\/2014\/10\/th_Onchidoris-bilamellata-Sweden.jpg?w=900&#038;ssl=1\" alt=\"Onchidoris bilamellata by Klas Malmberg (Sweden)\" \/><\/div><center><em>Onchidoris bilamellata<\/em> per Klas Malmberg<\/center><\/span><p><\/p><div class=\"opk-worms\"><h3>Informaci\u00f3 taxon\u00f2mica WoRMS<\/h3><div class=\"opk-success\">Nom acceptat actual: <strong><em>Onchidoris bilamellata<\/em> (Linnaeus, 1767)<\/strong><\/div><h4>Classificaci\u00f3 actual<\/h4><table class=\"widefat striped\"><tr><th>Superdomain<\/th><td><a target=\"_blank\" href=\"https:\/\/www.marinespecies.org\/aphia.php?p=taxdetails&id=1\">Biota<\/a><\/td><\/tr><tr><th>Kingdom<\/th><td><a target=\"_blank\" href=\"https:\/\/www.marinespecies.org\/aphia.php?p=taxdetails&id=2\">Animalia<\/a><\/td><\/tr><tr><th>Phylum<\/th><td><a target=\"_blank\" href=\"https:\/\/www.marinespecies.org\/aphia.php?p=taxdetails&id=51\">Mollusca<\/a><\/td><\/tr><tr><th>Class<\/th><td><a target=\"_blank\" href=\"https:\/\/www.marinespecies.org\/aphia.php?p=taxdetails&id=101\">Gastropoda<\/a><\/td><\/tr><tr><th>Subclass<\/th><td><a target=\"_blank\" href=\"https:\/\/www.marinespecies.org\/aphia.php?p=taxdetails&id=14712\">Heterobranchia<\/a><\/td><\/tr><tr><th>Infraclass<\/th><td><a target=\"_blank\" href=\"https:\/\/www.marinespecies.org\/aphia.php?p=taxdetails&id=1057247\">Euthyneura<\/a><\/td><\/tr><tr><th>Subterclass<\/th><td><a target=\"_blank\" href=\"https:\/\/www.marinespecies.org\/aphia.php?p=taxdetails&id=1057249\">Ringipleura<\/a><\/td><\/tr><tr><th>Superorder<\/th><td><a target=\"_blank\" href=\"https:\/\/www.marinespecies.org\/aphia.php?p=taxdetails&id=411966\">Nudipleura<\/a><\/td><\/tr><tr><th>Order<\/th><td><a target=\"_blank\" href=\"https:\/\/www.marinespecies.org\/aphia.php?p=taxdetails&id=1762\">Nudibranchia<\/a><\/td><\/tr><tr><th>Suborder<\/th><td><a target=\"_blank\" href=\"https:\/\/www.marinespecies.org\/aphia.php?p=taxdetails&id=1829294\">Doridida<\/a><\/td><\/tr><tr><th>Infraorder<\/th><td><a target=\"_blank\" href=\"https:\/\/www.marinespecies.org\/aphia.php?p=taxdetails&id=246038\">Doridoidei<\/a><\/td><\/tr><tr><th>Superfamily<\/th><td><a target=\"_blank\" href=\"https:\/\/www.marinespecies.org\/aphia.php?p=taxdetails&id=246152\">Onchidoridoidea<\/a><\/td><\/tr><tr><th>Family<\/th><td><a target=\"_blank\" href=\"https:\/\/www.marinespecies.org\/aphia.php?p=taxdetails&id=175\">Onchidorididae<\/a><\/td><\/tr><tr><th>Genus<\/th><td><a target=\"_blank\" href=\"https:\/\/www.marinespecies.org\/aphia.php?p=taxdetails&id=138288\"><em>Onchidoris<\/em><\/a><\/td><\/tr><tr><th>Species<\/th><td><a target=\"_blank\" href=\"https:\/\/www.marinespecies.org\/aphia.php?p=taxdetails&id=150457\"><em>Onchidoris bilamellata<\/em> (Linnaeus, 1767)<\/a><\/td><\/tr><\/table><p class=\"footer\">Classificaci\u00f3 proporcionada pel World Register of Marine Species (WoRMS). [<a target=\"_blank\" href=\"https:\/\/www.marinespecies.org\/aphia.php?p=taxdetails&id=150457\">150457<\/a>]<\/p><\/div><strong>Sin\u00f2nims<\/strong><\/p>\n<ul>\n<li><span id=\"aphia_ct_tu_597126\"><strong><i>Doris bilamellata<\/i> Linnaeus, 1767 (original)<\/strong><\/span><\/li>\n<li><em>Ancylodoris baicalensis<\/em> W. Dybowski, 1900<\/li>\n<li><span id=\"aphia_ct_tu_597124\"><i>Doris fusca<\/i> O. F. M\u00fcller, 1776<\/span><\/li>\n<li><span id=\"aphia_ct_tu_153308\"><i>Lamellidoris bilamellata<\/i> (Linnaeus, 1767)<\/span><\/li>\n<li><span id=\"aphia_ct_tu_156720\"><i>Lamellidoris fusca<\/i> (Muller, 1776)<\/span><\/li>\n<li><span id=\"aphia_ct_tu_140638\"><i>Onchidoris fusca<\/i> (M\u00fcller O. F., 1776)<\/span><\/li>\n<li><span id=\"aphia_ct_tu_597125\"><i>Onchidoris leachii<\/i> Blainville, 1816<\/span><\/li>\n<\/ul>\n<p><strong>Descripci\u00f3<br \/>\n<\/strong>Aquest nudibranqui pot assolir una longitud de 40 mm a l&#8217;Atl\u00e0ntic, 25 mm al nord-oest del Pac\u00edfic. Sol ser de color blanc grisenc amb un dibuix marr\u00f3 o taronja p\u00e0l\u00b7lid al mantell, per\u00f2 els exemplars immadurs i els adults ocasionalment poden ser totalment blancs. El mantell t\u00e9 moltes papil\u00b7les en forma de ma\u00e7a amb esp\u00edcules sortints. Els rin\u00f2fors s\u00f3n perfoliats, almenys 4 vegades m\u00e9s llargs que la seva amplada, i es van afilant gradualment cap a la punta. Hi ha nombroses br\u00e0nquies retr\u00e0ctils (fins a 32 fulles branquials), que sorgeixen de fosses separades, disposades com un &#8220;8&#8221; horitzontal per davant i al voltant de l&#8217;anus, que acostuma a tenir un tubercle gran i blanc, just al davant. El cap s&#8217;est\u00e9n per formar un vel oral que no t\u00e9 cap tentacle. La cua no t\u00e9 cresta dorsal mitjana.<\/p>\n<p><strong>Biologia<br \/>\n<\/strong><em>Onchidoris bilamellata<\/em> es pot trobar a l&#8217;intermareal i al sublitoral poc profund, fins a una profunditat de 30 m. on poden ser abundants. Aquesta esp\u00e8cie \u00e9s gregaria, i sovint es troben un gran nombre d&#8217;individus alimentant-se de percebes (<em>Balanus glandula, Balanus crenatus, Semibalanus cariosus<\/em> o <em>Semibalanus balanoides<\/em>) mentre que els joves s&#8217;alimenten de briozous. La posta \u00e9s una cinta plana curta disposada en forma de corba o concertina, unida al substrat per una vora i que cont\u00e9 milers d&#8217;ous.<\/p>\n<p><strong>Etimologia<\/strong><\/p>\n<ul>\n<li><em>Onchidoris<\/em>, Doris amb\u00a0tubercles.<\/li>\n<li><em>Doris<\/em>, una nimfa marina en la mitologia Grega.<\/li>\n<li><em>Bilamellata<\/em>. Del prefix llat\u00ed &#8220;bi-&#8220;, dos + &#8220;lamella&#8221;, disc petit\u00a0(moneda, etc.). Dues capes.<\/li>\n<\/ul>\n<p><strong>Distribuci\u00f3<\/strong><br \/>\nEs distribueix a les conques atl\u00e0ntiques oriental i occidental. Es distribueix per totes les illes brit\u00e0niques i per les costes atl\u00e0ntiques europees (Fran\u00e7a, B\u00e8lgica, Pa\u00efsos Baixos, Alemanya, Dinamarca, Su\u00e8cia) i cap al nord fins al cercle polar \u00e0rtic i Am\u00e8rica (al voltant de Groenl\u00e0ndia, Canad\u00e0, tamb\u00e9 als EE. UU.: Maine, Massachussets, Nova Jersey, oest de Florida). A l&#8217;Atl\u00e0ntic oriental, aparentment t\u00e9 el l\u00edmit sud de distribuci\u00f3 a la costa atl\u00e0ntica francesa de Bretanya. Tamb\u00e9 es distribueix aparentment al Pac\u00edfic oriental, des d&#8217;Alaska fins a Baixa Calif\u00f2rnia (M\u00e8xic). <div id=\"flxmap-6a99a6e55bc3c\" class='flxmap-container' data-flxmap='flxmap_6a99a6e55bc3c' style=\"width:100%;height:400px;\"><\/div>\n<script data-noptimize=\"1\">\n\/* <![CDATA[ *\/\n(function(w, fn) {\n if (w.addEventListener) w.addEventListener(\"DOMContentLoaded\", fn, false);\n else if (w.attachEvent) w.attachEvent(\"onload\", fn);\n})(window, function() {\n var f = new FlexibleMap();\n f.panControl = true;\n f.mapTypeId = \"satellite\";\n f.setlocale(\"ca-ES\");\n f.kmlcache = \"5 minutes\";\n f.showKML(\"flxmap-6a99a6e55bc3c\", \"https:\/\/opistobranquis.info\/wp-content\/uploads\/kms\/16026.kmz\");\n window.flxmap_6a99a6e55bc3c = f;\n});\n\/* ]]> *\/\n<\/script>\n<div style=\"width:100%;text-align:center;margin:12px 0 4px 0;\">\n  <div style=\"font-size:8pt;margin-bottom:6px;\">Cites georeferenciades conegudes de l'esp\u00e8cie: <em>Onchidoris bilamellata<\/em><\/div>\n  <table style=\"margin:0 auto;border-collapse:collapse;font-size:8pt;\">\n    <tr><td colspan=\"2\" style=\"text-align:left;padding-bottom:4px;\"><strong>Fonts:<\/strong><\/td><\/tr>\n    <tr>\n      <td style=\"vertical-align:top;padding-right:40px;\">\n        <table style=\"border-collapse:collapse;\">\n<tr><td style='padding:1px 6px 1px 0;vertical-align:middle'><img data-recalc-dims=\"1\" src=\"https:\/\/i0.wp.com\/opistobranquis.info\/wp-content\/uploads\/kms\/wht-circle-lv.png?w=900&#038;ssl=1\" style='display:block'><\/td><td style='padding:1px 0;vertical-align:middle;white-space:nowrap'>OBIS<\/td><\/tr><tr><td style='padding:1px 6px 1px 0;vertical-align:middle'><img data-recalc-dims=\"1\" src=\"https:\/\/i0.wp.com\/opistobranquis.info\/wp-content\/uploads\/kms\/ylw-circle-lv.png?w=900&#038;ssl=1\" style='display:block'><\/td><td style='padding:1px 0;vertical-align:middle;white-space:nowrap'>GROC 2010-2011<\/td><\/tr><tr><td style='padding:1px 6px 1px 0;vertical-align:middle'><img data-recalc-dims=\"1\" src=\"https:\/\/i0.wp.com\/opistobranquis.info\/wp-content\/uploads\/kms\/grn-circle-lv.png?w=900&#038;ssl=1\" style='display:block'><\/td><td style='padding:1px 0;vertical-align:middle;white-space:nowrap'>Enric Madrenas<\/td><\/tr><tr><td style='padding:1px 6px 1px 0;vertical-align:middle'><img data-recalc-dims=\"1\" src=\"https:\/\/i0.wp.com\/opistobranquis.info\/wp-content\/uploads\/kms\/orange-circle-lv.png?w=900&#038;ssl=1\" style='display:block'><\/td><td style='padding:1px 0;vertical-align:middle;white-space:nowrap'>Jo\u00e3o Pedro Silva<\/td><\/tr><tr><td style='padding:1px 6px 1px 0;vertical-align:middle'><img data-recalc-dims=\"1\" src=\"https:\/\/i0.wp.com\/opistobranquis.info\/wp-content\/uploads\/kms\/pink-circle-lv.png?w=900&#038;ssl=1\" style='display:block'><\/td><td style='padding:1px 0;vertical-align:middle;white-space:nowrap'>Bernard Picton<\/td><\/tr><tr><td style='padding:1px 6px 1px 0;vertical-align:middle'><img data-recalc-dims=\"1\" src=\"https:\/\/i0.wp.com\/opistobranquis.info\/wp-content\/uploads\/kms\/blk-circle-lv.png?w=900&#038;ssl=1\" style='display:block'><\/td><td style='padding:1px 0;vertical-align:middle;white-space:nowrap'>GBIF<\/td><\/tr>        <\/table>\n      <\/td>\n      <td style=\"vertical-align:top;\">\n        <table style=\"border-collapse:collapse;\">\n<tr><td style='padding:1px 6px 1px 0;vertical-align:middle'><img data-recalc-dims=\"1\" src=\"https:\/\/i0.wp.com\/opistobranquis.info\/wp-content\/uploads\/kms\/purple-circle-lv.png?w=900&#038;ssl=1\" style='display:block'><\/td><td style='padding:1px 0;vertical-align:middle;white-space:nowrap'>OPK<\/td><\/tr><tr><td style='padding:1px 6px 1px 0;vertical-align:middle'><img data-recalc-dims=\"1\" src=\"https:\/\/i0.wp.com\/opistobranquis.info\/wp-content\/uploads\/kms\/red-circle-lv.png?w=900&#038;ssl=1\" style='display:block'><\/td><td style='padding:1px 0;vertical-align:middle;white-space:nowrap'>VIMAR<\/td><\/tr><tr><td style='padding:1px 6px 1px 0;vertical-align:middle'><img data-recalc-dims=\"1\" src=\"https:\/\/i0.wp.com\/opistobranquis.info\/wp-content\/uploads\/kms\/blu-circle-lv.png?w=900&#038;ssl=1\" style='display:block'><\/td><td style='padding:1px 0;vertical-align:middle;white-space:nowrap'>Manuel Ballesteros<\/td><\/tr><tr><td style='padding:1px 6px 1px 0;vertical-align:middle'><img data-recalc-dims=\"1\" src=\"https:\/\/i0.wp.com\/opistobranquis.info\/wp-content\/uploads\/kms\/cyan-circle-lv.png?w=900&#038;ssl=1\" style='display:block'><\/td><td style='padding:1px 0;vertical-align:middle;white-space:nowrap'>M@re Nostrum<\/td><\/tr><tr><td style='padding:1px 6px 1px 0;vertical-align:middle'><img data-recalc-dims=\"1\" src=\"https:\/\/i0.wp.com\/opistobranquis.info\/wp-content\/uploads\/kms\/grey-circle-lv.png?w=900&#038;ssl=1\" style='display:block'><\/td><td style='padding:1px 0;vertical-align:middle;white-space:nowrap'>Altres fonts<\/td><\/tr><tr><td style='padding:1px 6px 1px 0;vertical-align:middle'><img data-recalc-dims=\"1\" src=\"https:\/\/i0.wp.com\/opistobranquis.info\/wp-content\/uploads\/kms\/marreg.png?w=900&#038;ssl=1\" style='display:block'><\/td><td style='padding:1px 0;vertical-align:middle;white-space:nowrap'>Marine Regions<\/td><\/tr>        <\/table>\n      <\/td>\n    <\/tr>\n  <\/table>\n<\/div>\n<\/p>\n<p><strong>Error:<\/strong> Chart.js no est\u00e1 disponible.<\/p>\n<p><strong>Altres fotos<\/strong><br \/>\n<div class=\"tiled-gallery type-rectangular tiled-gallery-unresized\" data-original-width=\"900\" data-carousel-extra='{&quot;blog_id&quot;:1,&quot;permalink&quot;:&quot;https:\\\/\\\/opistobranquis.info\\\/ca\\\/guia\\\/nudibranchia\\\/doridina\\\/doridoidei\\\/onchidoridoidea\\\/onchidoris-bilamellata\\\/&quot;,&quot;likes_blog_id&quot;:44192421}' itemscope itemtype=\"http:\/\/schema.org\/ImageGallery\" > <div class=\"gallery-row\" style=\"width: 900px; height: 402px;\" data-original-width=\"900\" data-original-height=\"402\" > <div class=\"gallery-group images-1\" style=\"width: 601px; height: 402px;\" data-original-width=\"601\" data-original-height=\"402\" > <div class=\"tiled-gallery-item tiled-gallery-item-large\" itemprop=\"associatedMedia\" itemscope itemtype=\"http:\/\/schema.org\/ImageObject\"> <a href=\"https:\/\/opistobranquis.info\/ca\/guia\/nudibranchia\/doridina\/doridoidei\/onchidoridoidea\/onchidoris-bilamellata\/onchidoris-bilamellata-2-by-alexander-semenov\/\" border=\"0\" itemprop=\"url\"> <meta itemprop=\"width\" content=\"597\"> <meta itemprop=\"height\" content=\"398\"> <img decoding=\"async\" class=\"\" data-attachment-id=\"17108\" data-orig-file=\"https:\/\/opistobranquis.info\/wp-content\/uploads\/2014\/12\/Onchidoris-bilamellata-2-by-Alexander-Semenov.jpg\" data-orig-size=\"1024,683\" data-comments-opened=\"\" data-image-title=\"Onchidoris bilamellata by Alexander Semenov\" data-image-description=\"&lt;p&gt;Onchidoris bilamellata by Alexander Semenov&lt;\/p&gt; \" data-medium-file=\"https:\/\/i0.wp.com\/opistobranquis.info\/wp-content\/uploads\/2014\/12\/Onchidoris-bilamellata-2-by-Alexander-Semenov.jpg?fit=300%2C200&#038;ssl=1\" data-large-file=\"https:\/\/i0.wp.com\/opistobranquis.info\/wp-content\/uploads\/2014\/12\/Onchidoris-bilamellata-2-by-Alexander-Semenov.jpg?fit=900%2C600&#038;ssl=1\" src=\"https:\/\/i0.wp.com\/opistobranquis.info\/wp-content\/uploads\/2014\/12\/Onchidoris-bilamellata-2-by-Alexander-Semenov.jpg?w=597&#038;h=398&#038;ssl=1\" srcset=\"https:\/\/i0.wp.com\/opistobranquis.info\/wp-content\/uploads\/2014\/12\/Onchidoris-bilamellata-2-by-Alexander-Semenov.jpg?w=1024&amp;ssl=1 1024w, https:\/\/i0.wp.com\/opistobranquis.info\/wp-content\/uploads\/2014\/12\/Onchidoris-bilamellata-2-by-Alexander-Semenov.jpg?resize=150%2C100&amp;ssl=1 150w, https:\/\/i0.wp.com\/opistobranquis.info\/wp-content\/uploads\/2014\/12\/Onchidoris-bilamellata-2-by-Alexander-Semenov.jpg?resize=300%2C200&amp;ssl=1 300w\" width=\"597\" height=\"398\" loading=\"lazy\" data-original-width=\"597\" data-original-height=\"398\" itemprop=\"http:\/\/schema.org\/image\" title=\"Onchidoris bilamellata by Alexander Semenov\" alt=\"Onchidoris bilamellata by Alexander Semenov\" style=\"width: 597px; height: 398px;\" \/> <\/a> <div class=\"tiled-gallery-caption\" itemprop=\"caption description\"> Onchidoris bilamellata by Alexander Semenov <\/div> <\/div> <\/div> <!-- close group --> <div class=\"gallery-group images-2\" style=\"width: 299px; height: 402px;\" data-original-width=\"299\" data-original-height=\"402\" > <div class=\"tiled-gallery-item tiled-gallery-item-large\" itemprop=\"associatedMedia\" itemscope itemtype=\"http:\/\/schema.org\/ImageObject\"> <a href=\"https:\/\/opistobranquis.info\/ca\/guia\/nudibranchia\/doridina\/doridoidei\/onchidoridoidea\/onchidoris-bilamellata\/onchidoris-bilamellata-3-by-alexander-semenov\/\" border=\"0\" itemprop=\"url\"> <meta itemprop=\"width\" content=\"295\"> <meta itemprop=\"height\" content=\"197\"> <img decoding=\"async\" class=\"\" data-attachment-id=\"17109\" data-orig-file=\"https:\/\/opistobranquis.info\/wp-content\/uploads\/2014\/12\/Onchidoris-bilamellata-3-by-Alexander-Semenov.jpg\" data-orig-size=\"880,587\" data-comments-opened=\"\" data-image-title=\"Onchidoris bilamellata by Alexander Semenov\" data-image-description=\"&lt;p&gt;Onchidoris bilamellata by Alexander Semenov&lt;\/p&gt; \" data-medium-file=\"https:\/\/i0.wp.com\/opistobranquis.info\/wp-content\/uploads\/2014\/12\/Onchidoris-bilamellata-3-by-Alexander-Semenov.jpg?fit=300%2C200&#038;ssl=1\" data-large-file=\"https:\/\/i0.wp.com\/opistobranquis.info\/wp-content\/uploads\/2014\/12\/Onchidoris-bilamellata-3-by-Alexander-Semenov.jpg?fit=880%2C587&#038;ssl=1\" src=\"https:\/\/i0.wp.com\/opistobranquis.info\/wp-content\/uploads\/2014\/12\/Onchidoris-bilamellata-3-by-Alexander-Semenov.jpg?w=295&#038;h=197&#038;ssl=1\" srcset=\"https:\/\/i0.wp.com\/opistobranquis.info\/wp-content\/uploads\/2014\/12\/Onchidoris-bilamellata-3-by-Alexander-Semenov.jpg?w=880&amp;ssl=1 880w, https:\/\/i0.wp.com\/opistobranquis.info\/wp-content\/uploads\/2014\/12\/Onchidoris-bilamellata-3-by-Alexander-Semenov.jpg?resize=150%2C100&amp;ssl=1 150w, https:\/\/i0.wp.com\/opistobranquis.info\/wp-content\/uploads\/2014\/12\/Onchidoris-bilamellata-3-by-Alexander-Semenov.jpg?resize=300%2C200&amp;ssl=1 300w\" width=\"295\" height=\"197\" loading=\"lazy\" data-original-width=\"295\" data-original-height=\"197\" itemprop=\"http:\/\/schema.org\/image\" title=\"Onchidoris bilamellata by Alexander Semenov\" alt=\"Onchidoris bilamellata by Alexander Semenov\" style=\"width: 295px; height: 197px;\" \/> <\/a> <div class=\"tiled-gallery-caption\" itemprop=\"caption description\"> Onchidoris bilamellata by Alexander Semenov <\/div> <\/div> <div class=\"tiled-gallery-item tiled-gallery-item-large\" itemprop=\"associatedMedia\" itemscope itemtype=\"http:\/\/schema.org\/ImageObject\"> <a href=\"https:\/\/opistobranquis.info\/ca\/guia\/nudibranchia\/doridina\/doridoidei\/onchidoridoidea\/onchidoris-bilamellata\/onchidoris-bilamellata-by-alexander-semenov\/\" border=\"0\" itemprop=\"url\"> <meta itemprop=\"width\" content=\"295\"> <meta itemprop=\"height\" content=\"197\"> <img decoding=\"async\" class=\"\" data-attachment-id=\"17110\" data-orig-file=\"https:\/\/opistobranquis.info\/wp-content\/uploads\/2014\/12\/Onchidoris-bilamellata-by-Alexander-Semenov.jpg\" data-orig-size=\"1024,683\" data-comments-opened=\"\" data-image-title=\"Onchidoris bilamellata by Alexander Semenov\" data-image-description=\"&lt;p&gt;Onchidoris bilamellata by Alexander Semenov&lt;\/p&gt; \" data-medium-file=\"https:\/\/i0.wp.com\/opistobranquis.info\/wp-content\/uploads\/2014\/12\/Onchidoris-bilamellata-by-Alexander-Semenov.jpg?fit=300%2C200&#038;ssl=1\" data-large-file=\"https:\/\/i0.wp.com\/opistobranquis.info\/wp-content\/uploads\/2014\/12\/Onchidoris-bilamellata-by-Alexander-Semenov.jpg?fit=900%2C600&#038;ssl=1\" src=\"https:\/\/i0.wp.com\/opistobranquis.info\/wp-content\/uploads\/2014\/12\/Onchidoris-bilamellata-by-Alexander-Semenov.jpg?w=295&#038;h=197&#038;ssl=1\" srcset=\"https:\/\/i0.wp.com\/opistobranquis.info\/wp-content\/uploads\/2014\/12\/Onchidoris-bilamellata-by-Alexander-Semenov.jpg?w=1024&amp;ssl=1 1024w, https:\/\/i0.wp.com\/opistobranquis.info\/wp-content\/uploads\/2014\/12\/Onchidoris-bilamellata-by-Alexander-Semenov.jpg?resize=150%2C100&amp;ssl=1 150w, https:\/\/i0.wp.com\/opistobranquis.info\/wp-content\/uploads\/2014\/12\/Onchidoris-bilamellata-by-Alexander-Semenov.jpg?resize=300%2C200&amp;ssl=1 300w\" width=\"295\" height=\"197\" loading=\"lazy\" data-original-width=\"295\" data-original-height=\"197\" itemprop=\"http:\/\/schema.org\/image\" title=\"Onchidoris bilamellata by Alexander Semenov\" alt=\"Onchidoris bilamellata by Alexander Semenov\" style=\"width: 295px; height: 197px;\" \/> <\/a> <div class=\"tiled-gallery-caption\" itemprop=\"caption description\"> Onchidoris bilamellata by Alexander Semenov <\/div> <\/div> <\/div> <!-- close group --> <\/div> <!-- close row --> <div class=\"gallery-row\" style=\"width: 900px; height: 226px;\" data-original-width=\"900\" data-original-height=\"226\" > <div class=\"gallery-group images-1\" style=\"width: 300px; height: 226px;\" data-original-width=\"300\" data-original-height=\"226\" > <div class=\"tiled-gallery-item tiled-gallery-item-large\" itemprop=\"associatedMedia\" itemscope itemtype=\"http:\/\/schema.org\/ImageObject\"> <a href=\"https:\/\/opistobranquis.info\/ca\/guia\/nudibranchia\/doridina\/doridoidei\/onchidoridoidea\/onchidoris-bilamellata\/olympus-digital-camera-109\/\" border=\"0\" itemprop=\"url\"> <meta itemprop=\"width\" content=\"296\"> <meta itemprop=\"height\" content=\"222\"> <img decoding=\"async\" class=\"\" data-attachment-id=\"23435\" data-orig-file=\"https:\/\/opistobranquis.info\/wp-content\/uploads\/2017\/03\/Onchidoris-bilamellata-@-Zierikzee-Netherlands-10-01-17-by-Stefan-Verhayen-e1488778641207.jpg\" data-orig-size=\"1024,768\" data-comments-opened=\"\" data-image-title=\"Onchidoris bilamellata @ Zierikzee, Netherlands 10-01-17 by Stefan Verheyen\" data-image-description=\"&lt;p&gt;Onchidoris bilamellata @ Zierikzee, Netherlands 10-01-17 by Stefan Verheyen&lt;\/p&gt; \" data-medium-file=\"https:\/\/i0.wp.com\/opistobranquis.info\/wp-content\/uploads\/2017\/03\/Onchidoris-bilamellata-%40-Zierikzee-Netherlands-10-01-17-by-Stefan-Verhayen-e1488778641207.jpg?fit=300%2C225&#038;ssl=1\" data-large-file=\"https:\/\/i0.wp.com\/opistobranquis.info\/wp-content\/uploads\/2017\/03\/Onchidoris-bilamellata-%40-Zierikzee-Netherlands-10-01-17-by-Stefan-Verhayen-e1488778641207.jpg?fit=900%2C675&#038;ssl=1\" src=\"https:\/\/i0.wp.com\/opistobranquis.info\/wp-content\/uploads\/2017\/03\/Onchidoris-bilamellata-%40-Zierikzee-Netherlands-10-01-17-by-Stefan-Verhayen-e1488778641207.jpg?w=296&#038;h=222&#038;ssl=1\" width=\"296\" height=\"222\" loading=\"lazy\" data-original-width=\"296\" data-original-height=\"222\" itemprop=\"http:\/\/schema.org\/image\" title=\"Onchidoris bilamellata @ Zierikzee, Netherlands 10-01-17 by Stefan Verheyen\" alt=\"Onchidoris bilamellata @ Zierikzee, Netherlands 10-01-17 by Stefan Verhayen\" style=\"width: 296px; height: 222px;\" \/> <\/a> <div class=\"tiled-gallery-caption\" itemprop=\"caption description\"> Onchidoris bilamellata @ Zierikzee, Netherlands 10-01-17 by Stefan Verheyen <\/div> <\/div> <\/div> <!-- close group --> <div class=\"gallery-group images-1\" style=\"width: 300px; height: 226px;\" data-original-width=\"300\" data-original-height=\"226\" > <div class=\"tiled-gallery-item tiled-gallery-item-large\" itemprop=\"associatedMedia\" itemscope itemtype=\"http:\/\/schema.org\/ImageObject\"> <a href=\"https:\/\/opistobranquis.info\/ca\/guia\/nudibranchia\/doridina\/doridoidei\/onchidoridoidea\/onchidoris-bilamellata\/olympus-digital-camera-110\/\" border=\"0\" itemprop=\"url\"> <meta itemprop=\"width\" content=\"296\"> <meta itemprop=\"height\" content=\"222\"> <img decoding=\"async\" class=\"\" data-attachment-id=\"23436\" data-orig-file=\"https:\/\/opistobranquis.info\/wp-content\/uploads\/2017\/03\/Onchidoris-bilamellata-@-Netherlands-3-01-17-by-Stefan-Verhayen-e1488778675730.jpg\" data-orig-size=\"1024,769\" data-comments-opened=\"\" data-image-title=\"Onchidoris bilamellata @ Netherlands 3-01-17 by Stefan Verheyen\" data-image-description=\"&lt;p&gt;Onchidoris bilamellata @ Netherlands 3-01-17 by Stefan Verheyen&lt;\/p&gt; \" data-medium-file=\"https:\/\/i0.wp.com\/opistobranquis.info\/wp-content\/uploads\/2017\/03\/Onchidoris-bilamellata-%40-Netherlands-3-01-17-by-Stefan-Verhayen-e1488778675730.jpg?fit=300%2C225&#038;ssl=1\" data-large-file=\"https:\/\/i0.wp.com\/opistobranquis.info\/wp-content\/uploads\/2017\/03\/Onchidoris-bilamellata-%40-Netherlands-3-01-17-by-Stefan-Verhayen-e1488778675730.jpg?fit=900%2C676&#038;ssl=1\" src=\"https:\/\/i0.wp.com\/opistobranquis.info\/wp-content\/uploads\/2017\/03\/Onchidoris-bilamellata-%40-Netherlands-3-01-17-by-Stefan-Verhayen-e1488778675730.jpg?w=296&#038;h=222&#038;ssl=1\" width=\"296\" height=\"222\" loading=\"lazy\" data-original-width=\"296\" data-original-height=\"222\" itemprop=\"http:\/\/schema.org\/image\" title=\"Onchidoris bilamellata @ Netherlands 3-01-17 by Stefan Verheyen\" alt=\"Onchidoris bilamellata @ Netherlands 3-01-17 by Stefan Verhayen\" style=\"width: 296px; height: 222px;\" \/> <\/a> <div class=\"tiled-gallery-caption\" itemprop=\"caption description\"> Onchidoris bilamellata @ Netherlands 3-01-17 by Stefan Verheyen <\/div> <\/div> <\/div> <!-- close group --> <div class=\"gallery-group images-1\" style=\"width: 300px; height: 226px;\" data-original-width=\"300\" data-original-height=\"226\" > <div class=\"tiled-gallery-item tiled-gallery-item-large\" itemprop=\"associatedMedia\" itemscope itemtype=\"http:\/\/schema.org\/ImageObject\"> <a href=\"https:\/\/opistobranquis.info\/ca\/guia\/nudibranchia\/doridina\/doridoidei\/onchidoridoidea\/onchidoris-bilamellata\/olympus-digital-camera-191\/\" border=\"0\" itemprop=\"url\"> <meta itemprop=\"width\" content=\"296\"> <meta itemprop=\"height\" content=\"222\"> <img decoding=\"async\" class=\"\" data-attachment-id=\"24299\" data-orig-file=\"https:\/\/opistobranquis.info\/wp-content\/uploads\/2017\/12\/Onchidoris-bilamellata-with-spawn-@-Netherlands-6-03-2017-by-Stefan-Verheyen-2.jpg\" data-orig-size=\"1024,768\" data-comments-opened=\"\" data-image-title=\"Onchidoris bilamellata with spawn @ Netherlands 6-03-2017 by Stefan Verheyen\" data-image-description=\"&lt;p&gt;Onchidoris bilamellata with spawn @ Netherlands 6-03-2017 by Stefan Verheyen&lt;\/p&gt; \" data-medium-file=\"https:\/\/i0.wp.com\/opistobranquis.info\/wp-content\/uploads\/2017\/12\/Onchidoris-bilamellata-with-spawn-%40-Netherlands-6-03-2017-by-Stefan-Verheyen-2.jpg?fit=300%2C225&#038;ssl=1\" data-large-file=\"https:\/\/i0.wp.com\/opistobranquis.info\/wp-content\/uploads\/2017\/12\/Onchidoris-bilamellata-with-spawn-%40-Netherlands-6-03-2017-by-Stefan-Verheyen-2.jpg?fit=900%2C675&#038;ssl=1\" src=\"https:\/\/i0.wp.com\/opistobranquis.info\/wp-content\/uploads\/2017\/12\/Onchidoris-bilamellata-with-spawn-%40-Netherlands-6-03-2017-by-Stefan-Verheyen-2.jpg?w=296&#038;h=222&#038;ssl=1\" width=\"296\" height=\"222\" loading=\"lazy\" data-original-width=\"296\" data-original-height=\"222\" itemprop=\"http:\/\/schema.org\/image\" title=\"Onchidoris bilamellata with spawn @ Netherlands 6-03-2017 by Stefan Verheyen\" alt=\"Onchidoris bilamellata with spawn @ Netherlands 6-03-2017 by Stefan Verheyen\" style=\"width: 296px; height: 222px;\" \/> <\/a> <div class=\"tiled-gallery-caption\" itemprop=\"caption description\"> Onchidoris bilamellata with spawn @ Netherlands 6-03-2017 by Stefan Verheyen <\/div> <\/div> <\/div> <!-- close group --> <\/div> <!-- close row --> <div class=\"gallery-row\" style=\"width: 900px; height: 170px;\" data-original-width=\"900\" data-original-height=\"170\" > <div class=\"gallery-group images-1\" style=\"width: 225px; height: 170px;\" data-original-width=\"225\" data-original-height=\"170\" > <div class=\"tiled-gallery-item tiled-gallery-item-small\" itemprop=\"associatedMedia\" itemscope itemtype=\"http:\/\/schema.org\/ImageObject\"> <a href=\"https:\/\/opistobranquis.info\/ca\/guia\/nudibranchia\/doridina\/doridoidei\/onchidoridoidea\/onchidoris-bilamellata\/olympus-digital-camera-192\/\" border=\"0\" itemprop=\"url\"> <meta itemprop=\"width\" content=\"221\"> <meta itemprop=\"height\" content=\"166\"> <img decoding=\"async\" class=\"\" data-attachment-id=\"24300\" data-orig-file=\"https:\/\/opistobranquis.info\/wp-content\/uploads\/2017\/12\/Onchidoris-bilamellata-with-spawn-@-Netherlands-6-03-2017-by-Stefan-Verheyen.jpg\" data-orig-size=\"1024,768\" data-comments-opened=\"\" data-image-title=\"Onchidoris bilamellata with spawn @ Netherlands 6-03-2017 by Stefan Verheyen\" data-image-description=\"&lt;p&gt;Onchidoris bilamellata with spawn @ Netherlands 6-03-2017 by Stefan Verheyen&lt;\/p&gt; \" data-medium-file=\"https:\/\/i0.wp.com\/opistobranquis.info\/wp-content\/uploads\/2017\/12\/Onchidoris-bilamellata-with-spawn-%40-Netherlands-6-03-2017-by-Stefan-Verheyen.jpg?fit=300%2C225&#038;ssl=1\" data-large-file=\"https:\/\/i0.wp.com\/opistobranquis.info\/wp-content\/uploads\/2017\/12\/Onchidoris-bilamellata-with-spawn-%40-Netherlands-6-03-2017-by-Stefan-Verheyen.jpg?fit=900%2C675&#038;ssl=1\" src=\"https:\/\/i0.wp.com\/opistobranquis.info\/wp-content\/uploads\/2017\/12\/Onchidoris-bilamellata-with-spawn-%40-Netherlands-6-03-2017-by-Stefan-Verheyen.jpg?w=221&#038;h=166&#038;ssl=1\" width=\"221\" height=\"166\" loading=\"lazy\" data-original-width=\"221\" data-original-height=\"166\" itemprop=\"http:\/\/schema.org\/image\" title=\"Onchidoris bilamellata with spawn @ Netherlands 6-03-2017 by Stefan Verheyen\" alt=\"Onchidoris bilamellata with spawn @ Netherlands 6-03-2017 by Stefan Verheyen\" style=\"width: 221px; height: 166px;\" \/> <\/a> <div class=\"tiled-gallery-caption\" itemprop=\"caption description\"> Onchidoris bilamellata with spawn @ Netherlands 6-03-2017 by Stefan Verheyen <\/div> <\/div> <\/div> <!-- close group --> <div class=\"gallery-group images-1\" style=\"width: 225px; height: 170px;\" data-original-width=\"225\" data-original-height=\"170\" > <div class=\"tiled-gallery-item tiled-gallery-item-small\" itemprop=\"associatedMedia\" itemscope itemtype=\"http:\/\/schema.org\/ImageObject\"> <a href=\"https:\/\/opistobranquis.info\/ca\/guia\/nudibranchia\/doridina\/doridoidei\/onchidoridoidea\/onchidoris-bilamellata\/olympus-digital-camera-193\/\" border=\"0\" itemprop=\"url\"> <meta itemprop=\"width\" content=\"221\"> <meta itemprop=\"height\" content=\"166\"> <img decoding=\"async\" class=\"\" data-attachment-id=\"24301\" data-orig-file=\"https:\/\/opistobranquis.info\/wp-content\/uploads\/2017\/12\/Onchidoris-bilamellata-with-spawn-@-Netherlands-21-04-2017-by-Stefan-Verheyen.jpg\" data-orig-size=\"1024,768\" data-comments-opened=\"\" data-image-title=\"Onchidoris bilamellata with spawn @ Netherlands 21-04-2017 by Stefan Verheyen\" data-image-description=\"&lt;p&gt;Onchidoris bilamellata with spawn @ Netherlands 21-04-2017 by Stefan Verheyen&lt;\/p&gt; \" data-medium-file=\"https:\/\/i0.wp.com\/opistobranquis.info\/wp-content\/uploads\/2017\/12\/Onchidoris-bilamellata-with-spawn-%40-Netherlands-21-04-2017-by-Stefan-Verheyen.jpg?fit=300%2C225&#038;ssl=1\" data-large-file=\"https:\/\/i0.wp.com\/opistobranquis.info\/wp-content\/uploads\/2017\/12\/Onchidoris-bilamellata-with-spawn-%40-Netherlands-21-04-2017-by-Stefan-Verheyen.jpg?fit=900%2C675&#038;ssl=1\" src=\"https:\/\/i0.wp.com\/opistobranquis.info\/wp-content\/uploads\/2017\/12\/Onchidoris-bilamellata-with-spawn-%40-Netherlands-21-04-2017-by-Stefan-Verheyen.jpg?w=221&#038;h=166&#038;ssl=1\" width=\"221\" height=\"166\" loading=\"lazy\" data-original-width=\"221\" data-original-height=\"166\" itemprop=\"http:\/\/schema.org\/image\" title=\"Onchidoris bilamellata with spawn @ Netherlands 21-04-2017 by Stefan Verheyen\" alt=\"Onchidoris bilamellata with spawn @ Netherlands 21-04-2017 by Stefan Verheyen\" style=\"width: 221px; height: 166px;\" \/> <\/a> <div class=\"tiled-gallery-caption\" itemprop=\"caption description\"> Onchidoris bilamellata with spawn @ Netherlands 21-04-2017 by Stefan Verheyen <\/div> <\/div> <\/div> <!-- close group --> <div class=\"gallery-group images-1\" style=\"width: 225px; height: 170px;\" data-original-width=\"225\" data-original-height=\"170\" > <div class=\"tiled-gallery-item tiled-gallery-item-small\" itemprop=\"associatedMedia\" itemscope itemtype=\"http:\/\/schema.org\/ImageObject\"> <a href=\"https:\/\/opistobranquis.info\/ca\/guia\/nudibranchia\/doridina\/doridoidei\/onchidoridoidea\/onchidoris-bilamellata\/olympus-digital-camera-194\/\" border=\"0\" itemprop=\"url\"> <meta itemprop=\"width\" content=\"221\"> <meta itemprop=\"height\" content=\"166\"> <img decoding=\"async\" class=\"\" data-attachment-id=\"24302\" data-orig-file=\"https:\/\/opistobranquis.info\/wp-content\/uploads\/2017\/12\/Onchidoris-bilamellata-with-spawn-@-Netherlands-24-03-2017-by-Stefan-Verheyen.jpg\" data-orig-size=\"1024,768\" data-comments-opened=\"\" data-image-title=\"Onchidoris bilamellata with spawn @ Netherlands 24-03-2017 by Stefan Verheyen\" data-image-description=\"&lt;p&gt;Onchidoris bilamellata with spawn @ Netherlands 24-03-2017 by Stefan Verheyen&lt;\/p&gt; \" data-medium-file=\"https:\/\/i0.wp.com\/opistobranquis.info\/wp-content\/uploads\/2017\/12\/Onchidoris-bilamellata-with-spawn-%40-Netherlands-24-03-2017-by-Stefan-Verheyen.jpg?fit=300%2C225&#038;ssl=1\" data-large-file=\"https:\/\/i0.wp.com\/opistobranquis.info\/wp-content\/uploads\/2017\/12\/Onchidoris-bilamellata-with-spawn-%40-Netherlands-24-03-2017-by-Stefan-Verheyen.jpg?fit=900%2C675&#038;ssl=1\" src=\"https:\/\/i0.wp.com\/opistobranquis.info\/wp-content\/uploads\/2017\/12\/Onchidoris-bilamellata-with-spawn-%40-Netherlands-24-03-2017-by-Stefan-Verheyen.jpg?w=221&#038;h=166&#038;ssl=1\" width=\"221\" height=\"166\" loading=\"lazy\" data-original-width=\"221\" data-original-height=\"166\" itemprop=\"http:\/\/schema.org\/image\" title=\"Onchidoris bilamellata with spawn @ Netherlands 24-03-2017 by Stefan Verheyen\" alt=\"Onchidoris bilamellata with spawn @ Netherlands 24-03-2017 by Stefan Verheyen\" style=\"width: 221px; height: 166px;\" \/> <\/a> <div class=\"tiled-gallery-caption\" itemprop=\"caption description\"> Onchidoris bilamellata with spawn @ Netherlands 24-03-2017 by Stefan Verheyen <\/div> <\/div> <\/div> <!-- close group --> <div class=\"gallery-group images-1\" style=\"width: 225px; height: 170px;\" data-original-width=\"225\" data-original-height=\"170\" > <div class=\"tiled-gallery-item tiled-gallery-item-small\" itemprop=\"associatedMedia\" itemscope itemtype=\"http:\/\/schema.org\/ImageObject\"> <a href=\"https:\/\/opistobranquis.info\/ca\/guia\/nudibranchia\/doridina\/doridoidei\/onchidoridoidea\/onchidoris-bilamellata\/olympus-digital-camera-214\/\" border=\"0\" itemprop=\"url\"> <meta itemprop=\"width\" content=\"221\"> <meta itemprop=\"height\" content=\"166\"> <img decoding=\"async\" class=\"\" data-attachment-id=\"26098\" data-orig-file=\"https:\/\/opistobranquis.info\/wp-content\/uploads\/2018\/02\/Onchidoris-bilamellata-@-Netherlands-by-Stefan-Verheyen.jpg\" data-orig-size=\"1024,768\" data-comments-opened=\"\" data-image-title=\"Onchidoris bilamellata @ Netherlands by Stefan Verheyen\" data-image-description=\"&lt;p&gt;Onchidoris bilamellata @ Netherlands by Stefan Verheyen&lt;\/p&gt; \" data-medium-file=\"https:\/\/i0.wp.com\/opistobranquis.info\/wp-content\/uploads\/2018\/02\/Onchidoris-bilamellata-%40-Netherlands-by-Stefan-Verheyen.jpg?fit=300%2C225&#038;ssl=1\" data-large-file=\"https:\/\/i0.wp.com\/opistobranquis.info\/wp-content\/uploads\/2018\/02\/Onchidoris-bilamellata-%40-Netherlands-by-Stefan-Verheyen.jpg?fit=900%2C675&#038;ssl=1\" src=\"https:\/\/i0.wp.com\/opistobranquis.info\/wp-content\/uploads\/2018\/02\/Onchidoris-bilamellata-%40-Netherlands-by-Stefan-Verheyen.jpg?w=221&#038;h=166&#038;ssl=1\" width=\"221\" height=\"166\" loading=\"lazy\" data-original-width=\"221\" data-original-height=\"166\" itemprop=\"http:\/\/schema.org\/image\" title=\"Onchidoris bilamellata @ Netherlands by Stefan Verheyen\" alt=\"Onchidoris bilamellata @ Netherlands by Stefan Verheyen\" style=\"width: 221px; height: 166px;\" \/> <\/a> <div class=\"tiled-gallery-caption\" itemprop=\"caption description\"> Onchidoris bilamellata @ Netherlands by Stefan Verheyen <\/div> <\/div> <\/div> <!-- close group --> <\/div> <!-- close row --> <\/div><\/p>\n<p><p><strong>Bibliografia<\/strong><\/p><ul><div id=\"zotpress-88b6f0e5131752fcd3366db291af0c87\" class=\"zp-Zotpress zp-Zotpress-Bib wp-block-group\">\n\n\t\t<span class=\"ZP_API_USER_ID ZP_ATTR\">1246567<\/span>\n\t\t<span class=\"ZP_ITEM_KEY ZP_ATTR\"><\/span>\n\t\t<span class=\"ZP_COLLECTION_ID ZP_ATTR\"><\/span>\n\t\t<span class=\"ZP_TAG_ID ZP_ATTR\">Onchidoris bilamellata<\/span>\n\t\t<span class=\"ZP_AUTHOR ZP_ATTR\"><\/span>\n\t\t<span class=\"ZP_YEAR ZP_ATTR\"><\/span>\n        <span class=\"ZP_ITEMTYPE ZP_ATTR\"><\/span>\n\t\t<span class=\"ZP_INCLUSIVE ZP_ATTR\">1<\/span>\n\t\t<span class=\"ZP_STYLE ZP_ATTR\">eunomia-revista-en-cultura-de-la-legalidad<\/span>\n\t\t<span class=\"ZP_LIMIT ZP_ATTR\">50<\/span>\n\t\t<span class=\"ZP_SORTBY ZP_ATTR\">creator<\/span>\n\t\t<span class=\"ZP_ORDER ZP_ATTR\">asc<\/span>\n\t\t<span class=\"ZP_TITLE ZP_ATTR\"><\/span>\n\t\t<span class=\"ZP_SHOWIMAGE ZP_ATTR\"><\/span>\n\t\t<span class=\"ZP_SHOWTAGS ZP_ATTR\"><\/span>\n\t\t<span class=\"ZP_DOWNLOADABLE ZP_ATTR\"><\/span>\n\t\t<span class=\"ZP_NOTES ZP_ATTR\"><\/span>\n\t\t<span class=\"ZP_ABSTRACT ZP_ATTR\"><\/span>\n\t\t<span class=\"ZP_CITEABLE ZP_ATTR\"><\/span>\n\t\t<span class=\"ZP_TARGET ZP_ATTR\">1<\/span>\n\t\t<span class=\"ZP_URLWRAP ZP_ATTR\"><\/span>\n\t\t<span class=\"ZP_FORCENUM ZP_ATTR\"><\/span>\n        <span class=\"ZP_HIGHLIGHT ZP_ATTR\"><\/span>\n        <span class=\"ZP_POSTID ZP_ATTR\">16026<\/span>\n\t\t<span class=\"ZOTPRESS_PLUGIN_URL ZP_ATTR\">https:\/\/opistobranquis.info\/wp-content\/plugins\/zotpress\/<\/span>\n\n\t\t<div class=\"zp-List loading\">\n\t\t\t<div class=\"zp-SEO-Content\">\n\n\t\t\t<\/div><!-- .zp-zp-SEO-Content -->\n\t\t<\/div><!-- .zp-List -->\n\t<\/div><!--.zp-Zotpress-->\n\n<p><\/p>Bibliografia basada en els treballs de <b>Steve Long, 2006<\/b>. <a target=_blank href=https:\/\/opistobranquis.info\/wp-content\/uploads\/2016\/06\/Long-S.-2006-Bibliography-of-Opisthobranchia-1554-2000.pdf>Bibliography of Opisthobranchia 1554-2000<\/a> i <b>Gary McDonald, 2009<\/b>. <a href=http:\/\/escholarship.org\/uc\/item\/8115h0wz>Bibliographia Nudibranchia<\/a>, amb actualitzacions posteriors procedents d\u00b4altres fonts.<p><\/p><\/ul><p><\/p><p><strong>M\u00e9s informaci\u00f3<\/strong><\/p><span style=\"font-size:10pt\"><ul><ul class=\"blogroll-links\"><li><a href=\"http:\/\/www.biodiversitylibrary.org\/name\/Onchidoris%20bilamellata\">Biodiversity Heritage Library<\/a><\/li><li><a href=\"http:\/\/doris.ffessm.fr\/fiche2.asp?fiche_numero=570\">DORIS<\/a><\/li><li><a href=\"http:\/\/www.habitas.org.uk\/marinelife\/species.asp?item=W13320#\">Encyclopedia of Marine Life of Britain and Ireland<\/a><\/li><li><a href=\"http:\/\/nature22.com\/estran22\/mollusques\/gasteropodesbis\/gasteropodes5.html\">Estran 22 - Faune et flore de la zone de balancement des mar\u00e9es en C\u00f4tes d&#039;Armor<\/a><\/li><li><a href=\"https:\/\/www.flickr.com\/photos\/56388191@N08\/sets\/72177720296968307\/\">European Sea Slugs by Morddyn<\/a><\/li><li><a href=\"https:\/\/www.flickr.com\/search\/?text=Onchidoris%20bilamellata\">Flickr pictures<\/a><\/li><li><a href=\"https:\/\/www.inaturalist.org\/taxa\/47480-Onchidoris-bilamellata\">iNaturalist<\/a><\/li><li><a href=\"http:\/\/www.irmng.org\/aphia.php?p=taxlist&#038;tName=Onchidoris%20bilamellata\">Interim Register of Marine and Nonmarine Genera<\/a><\/li><li><a href=\"http:\/\/www.ncbi.nlm.nih.gov\/Taxonomy\/Browser\/wwwtax.cgi?mode=Undef&#038;name=Onchidoris%20bilamellata&#038;lvl=0&#038;srchmode=1\">NCBI GenBank<\/a><\/li><li><a href=\"http:\/\/iobis.org\/mapper\/?taxon=Onchidoris%20bilamellata\">OBIS - Search by Taxon<\/a><\/li><li><a href=\"https:\/\/inverts.wallawalla.edu\/Mollusca\/Gastropoda\/Opisthobranchia\/Nudibranchia\/Doridacea\/Onchidoris_bilamellata.html\">Salish Sea Invertebrates<\/a><\/li><li><a href=\"http:\/\/www.nudibranch.org\/Scottish%20Nudibranchs\/onchidoris-bilamellata.html\">Scottish Nudibranchs<\/a><\/li><li><a href=\"http:\/\/www.conchsoc.net\/spaccount\/Onchidoris-bilamellata\">The Conchological Society of Great Britain and Ireland<\/a><\/li><li><a href=\"https:\/\/www.marlin.ac.uk\/species\/detail\/1974\">The Marine Life Information Network<\/a><\/li><li><a href=\"http:\/\/slugsite.us\/bow\/nudiwkps\/nudiwk34.html\">The Slug Site<\/a><\/li><li><a href=\"http:\/\/www.marinespecies.org\/aphia.php?p=taxdetails&#038;id=150457\">World Register of Marine Species<\/a><\/li><\/ul><\/ul><\/span><p><strong>Citeu aquest article com: <\/strong><\/p><div style=\"display: block; background: #444444; padding: 10px 30px 10px 10px; border-radius: 5px; line-height: 18px;\"><p class=\"citacio\"><b>Ballesteros, M., Madrenas, E. &#38; Pontes, M.<\/b> (2025) <em>\"Onchidoris bilamellata\"<\/em> a <em>OPK-Opistobranquis<\/em>. Publicat: 15\/10\/2014. Accedit: 03\/09\/2026. Disponible a (<a href=https:\/\/opistobranquis.info\/ca\/?p=16026>https:\/\/opistobranquis.info\/ca\/?p=16026<\/a>)<\/p><p><\/p><\/div><p><\/p><\/p>","protected":false},"excerpt":{"rendered":"<p>Onchidoris bilamellata\u00a0(Linnaeus, 1767) Sin\u00f2nims Doris bilamellata Linnaeus, 1767 (original) Ancylodoris baicalensis W. Dybowski, 1900 Doris fusca O. F. M\u00fcller, 1776 Lamellidoris bilamellata (Linnaeus, 1767) Lamellidoris fusca (Muller, 1776) Onchidoris fusca (M\u00fcller O. F., 1776) Onchidoris leachii Blainville, 1816 Descripci\u00f3 Aquest nudibranqui pot assolir una longitud de 40 mm a l&#8217;Atl\u00e0ntic, 25 mm al nord-oest del Pac\u00edfic. Sol ser de color blanc grisenc amb un dibuix marr\u00f3 o taronja p\u00e0l\u00b7lid al\u2026<\/p>\n<p class=\"continue-reading-button\"> <a class=\"continue-reading-link\" href=\"https:\/\/opistobranquis.info\/ca\/guia\/nudibranchia\/doridina\/doridoidei\/onchidoridoidea\/onchidoris-bilamellata\/\">Continua llegint<i class=\"crycon-right-dir\"><\/i><\/a><\/p>\n","protected":false},"author":291,"featured_media":15612,"parent":26111,"menu_order":6683,"comment_status":"closed","ping_status":"closed","template":"","meta":{"footnotes":""},"class_list":["post-16026","page","type-page","status-publish","has-post-thumbnail","hentry"],"jetpack_sharing_enabled":true,"_links":{"self":[{"href":"https:\/\/opistobranquis.info\/ca\/wp-json\/wp\/v2\/pages\/16026","targetHints":{"allow":["GET"]}}],"collection":[{"href":"https:\/\/opistobranquis.info\/ca\/wp-json\/wp\/v2\/pages"}],"about":[{"href":"https:\/\/opistobranquis.info\/ca\/wp-json\/wp\/v2\/types\/page"}],"author":[{"embeddable":true,"href":"https:\/\/opistobranquis.info\/ca\/wp-json\/wp\/v2\/users\/291"}],"replies":[{"embeddable":true,"href":"https:\/\/opistobranquis.info\/ca\/wp-json\/wp\/v2\/comments?post=16026"}],"version-history":[{"count":3,"href":"https:\/\/opistobranquis.info\/ca\/wp-json\/wp\/v2\/pages\/16026\/revisions"}],"predecessor-version":[{"id":45999,"href":"https:\/\/opistobranquis.info\/ca\/wp-json\/wp\/v2\/pages\/16026\/revisions\/45999"}],"up":[{"embeddable":true,"href":"https:\/\/opistobranquis.info\/ca\/wp-json\/wp\/v2\/pages\/26111"}],"wp:featuredmedia":[{"embeddable":true,"href":"https:\/\/opistobranquis.info\/ca\/wp-json\/wp\/v2\/media\/15612"}],"wp:attachment":[{"href":"https:\/\/opistobranquis.info\/ca\/wp-json\/wp\/v2\/media?parent=16026"}],"curies":[{"name":"wp","href":"https:\/\/api.w.org\/{rel}","templated":true}]}}