{"id":16319,"date":"2014-10-20T05:45:00","date_gmt":"2014-10-20T03:45:00","guid":{"rendered":"https:\/\/opistobranquis.info\/?page_id=16319"},"modified":"2019-07-31T12:12:09","modified_gmt":"2019-07-31T10:12:09","slug":"palio-nothus","status":"publish","type":"page","link":"https:\/\/opistobranquis.info\/ca\/guia\/nudibranchia\/doridina\/doridoidei\/polyceroidea\/palio-nothus\/","title":{"rendered":"Palio nothus"},"content":{"rendered":"<p><\/p>\n<h3><em>Palio nothus<\/em>\u00a0(Johnston, 1838)<\/h3>\n<p><span style=\"font-size:10pt;\" class=\"aligncenter\"><div id=\"featured-img-id\"><img data-recalc-dims=\"1\" decoding=\"async\" src=\"https:\/\/i0.wp.com\/opistobranquis.info\/wp-content\/uploads\/2014\/10\/Palio-nothus-%40-Loch-Sween-Scotland-20160206-by-Matt-Barnes-NE-Atlantic-Nudibranchs-.jpg?w=900&#038;ssl=1\" alt=\"Palio nothus @ Loch Sween, Scotland 20160206 by Matt Barnes (NE Atlantic Nudibranchs )\" \/><\/div><center><em>Palio nothus @ Loch Sween, Scotland 20160206 <\/em> per Matt Barnes<\/center><\/span><p><\/p><div class=\"opk-worms\"><h3>Informaci\u00f3 taxon\u00f2mica WoRMS<\/h3><div class=\"opk-success\">Nom acceptat actual: <strong><em>Palio nothus<\/em> (G. Johnston, 1838)<\/strong><\/div><h4>Classificaci\u00f3 actual<\/h4><table class=\"widefat striped\"><tr><th>Superdomain<\/th><td><a target=\"_blank\" href=\"https:\/\/www.marinespecies.org\/aphia.php?p=taxdetails&id=1\">Biota<\/a><\/td><\/tr><tr><th>Kingdom<\/th><td><a target=\"_blank\" href=\"https:\/\/www.marinespecies.org\/aphia.php?p=taxdetails&id=2\">Animalia<\/a><\/td><\/tr><tr><th>Phylum<\/th><td><a target=\"_blank\" href=\"https:\/\/www.marinespecies.org\/aphia.php?p=taxdetails&id=51\">Mollusca<\/a><\/td><\/tr><tr><th>Class<\/th><td><a target=\"_blank\" href=\"https:\/\/www.marinespecies.org\/aphia.php?p=taxdetails&id=101\">Gastropoda<\/a><\/td><\/tr><tr><th>Subclass<\/th><td><a target=\"_blank\" href=\"https:\/\/www.marinespecies.org\/aphia.php?p=taxdetails&id=14712\">Heterobranchia<\/a><\/td><\/tr><tr><th>Infraclass<\/th><td><a target=\"_blank\" href=\"https:\/\/www.marinespecies.org\/aphia.php?p=taxdetails&id=1057247\">Euthyneura<\/a><\/td><\/tr><tr><th>Subterclass<\/th><td><a target=\"_blank\" href=\"https:\/\/www.marinespecies.org\/aphia.php?p=taxdetails&id=1057249\">Ringipleura<\/a><\/td><\/tr><tr><th>Superorder<\/th><td><a target=\"_blank\" href=\"https:\/\/www.marinespecies.org\/aphia.php?p=taxdetails&id=411966\">Nudipleura<\/a><\/td><\/tr><tr><th>Order<\/th><td><a target=\"_blank\" href=\"https:\/\/www.marinespecies.org\/aphia.php?p=taxdetails&id=1762\">Nudibranchia<\/a><\/td><\/tr><tr><th>Suborder<\/th><td><a target=\"_blank\" href=\"https:\/\/www.marinespecies.org\/aphia.php?p=taxdetails&id=1829294\">Doridida<\/a><\/td><\/tr><tr><th>Infraorder<\/th><td><a target=\"_blank\" href=\"https:\/\/www.marinespecies.org\/aphia.php?p=taxdetails&id=246038\">Doridoidei<\/a><\/td><\/tr><tr><th>Superfamily<\/th><td><a target=\"_blank\" href=\"https:\/\/www.marinespecies.org\/aphia.php?p=taxdetails&id=412569\">Polyceroidea<\/a><\/td><\/tr><tr><th>Family<\/th><td><a target=\"_blank\" href=\"https:\/\/www.marinespecies.org\/aphia.php?p=taxdetails&id=177\">Polyceridae<\/a><\/td><\/tr><tr><th>Subfamily<\/th><td><a target=\"_blank\" href=\"https:\/\/www.marinespecies.org\/aphia.php?p=taxdetails&id=412574\">Polycerinae<\/a><\/td><\/tr><tr><th>Genus<\/th><td><a target=\"_blank\" href=\"https:\/\/www.marinespecies.org\/aphia.php?p=taxdetails&id=182805\"><em>Palio<\/em><\/a><\/td><\/tr><tr><th>Species<\/th><td><a target=\"_blank\" href=\"https:\/\/www.marinespecies.org\/aphia.php?p=taxdetails&id=182808\"><em>Palio nothus<\/em> (G. Johnston, 1838)<\/a><\/td><\/tr><\/table><p class=\"footer\">Classificaci\u00f3 proporcionada pel World Register of Marine Species (WoRMS). [<a target=\"_blank\" href=\"https:\/\/www.marinespecies.org\/aphia.php?p=taxdetails&id=182808\">182808<\/a>]<\/p><\/div><strong>Sin\u00f2nims<\/strong><\/p>\n<ul>\n<li><span id=\"aphia_ct_tu_140837\"><i>Polycera nothus<\/i> (Johnston, 1838)<\/span><\/li>\n<li><span id=\"aphia_ct_tu_750016\"><i>Polycera ocellata<\/i> Alder &amp; Hancock, 1842\u00a0<\/span><\/li>\n<li><strong><span id=\"aphia_ct_tu_750613\"><i>Triopa nothus<\/i> Johnston, 1838\u00a0(original)<\/span><\/strong><\/li>\n<\/ul>\n<p><strong>Descripci\u00f3<br \/>\n<\/strong>Mida fins a 28 mm. El cos \u00e9s alt i amb l&#8217;animal en extensi\u00f3, \u00e9s una mica m\u00e9s estret a la zona mitjana entre els rin\u00f2fors i la br\u00e0nquia. Cos de color marr\u00f3 molt fosc, de vegades de tons\u00a0 olivacis, excepte taques blanquinoses en tot el cos que es corresponen amb tubercles c\u00f2nics de diferents mides. Els marges del dors estan molt ben marcats al voltant de tot l&#8217;animal i s\u00f3n tamb\u00e9 blanquinosos i tuberculats. Els rin\u00f2fors i les br\u00e0nquies s\u00f3n tamb\u00e9 marrons. A banda i banda de la br\u00e0nquia hi ha papil\u00b7les arrodonides de color blanc. Rin\u00f2fors amb l\u00e0mines m\u00e9s clares. El peu \u00e9s blanquin\u00f3s.<\/p>\n<p><strong>Biologia<br \/>\n<\/strong>Viu des del intermareal fins 20-30 m en zones rocoses amb briozous dels que s&#8217;alimenta. La posta \u00e9s una cinta enrrollada en espiral d&#8217;una volta i mitja amb ous blancs.<\/p>\n<p><strong>Etimologia<\/strong><\/p>\n<ul>\n<li><em>Nothus<\/em>. Del Llat\u00ed &#8220;nothus&#8221;, mest\u00eds, mesclat, fals, il\u00b7leg\u00edtim (pare conegut).<\/li>\n<\/ul>\n<p><strong>Distribuci\u00f3<br \/>\n<\/strong>B\u00e0sicament una esp\u00e8cie atl\u00e0ntica, <em>Palio nothus<\/em> t\u00e9 molt poques cites a la Mediterr\u00e0nia. La primera cita per a la Mediterr\u00e0nia correspon a (<a class=\"external external_icon\" href=\"http:\/\/www.conchsoc.net\/node\/5680\" target=\"_blank\" rel=\"noopener noreferrer\">Alen Petani, 2011<\/a>) a l&#8217;illa de Vir, Cro\u00e0cia. La troballa d&#8217;Enric Madrenas al Cap de Creus el 2015 creiem que \u00e9s la primera cita per a la Mediterr\u00e0nia Occidental.<br \/>\n<div id=\"flxmap-6a999aa358824\" class='flxmap-container' data-flxmap='flxmap_6a999aa358824' style=\"width:100%;height:400px;\"><\/div>\n<script data-noptimize=\"1\">\n\/* <![CDATA[ *\/\n(function(w, fn) {\n if (w.addEventListener) w.addEventListener(\"DOMContentLoaded\", fn, false);\n else if (w.attachEvent) w.attachEvent(\"onload\", fn);\n})(window, function() {\n var f = new FlexibleMap();\n f.panControl = true;\n f.mapTypeId = \"satellite\";\n f.setlocale(\"ca-ES\");\n f.kmlcache = \"5 minutes\";\n f.showKML(\"flxmap-6a999aa358824\", \"https:\/\/opistobranquis.info\/wp-content\/uploads\/kms\/16319.kmz\");\n window.flxmap_6a999aa358824 = f;\n});\n\/* ]]> *\/\n<\/script>\n<div style=\"width:100%;text-align:center;margin:12px 0 4px 0;\">\n  <div style=\"font-size:8pt;margin-bottom:6px;\">Cites georeferenciades conegudes de l'esp\u00e8cie: <em>Palio nothus<\/em><\/div>\n  <table style=\"margin:0 auto;border-collapse:collapse;font-size:8pt;\">\n    <tr><td colspan=\"2\" style=\"text-align:left;padding-bottom:4px;\"><strong>Fonts:<\/strong><\/td><\/tr>\n    <tr>\n      <td style=\"vertical-align:top;padding-right:40px;\">\n        <table style=\"border-collapse:collapse;\">\n<tr><td style='padding:1px 6px 1px 0;vertical-align:middle'><img data-recalc-dims=\"1\" src=\"https:\/\/i0.wp.com\/opistobranquis.info\/wp-content\/uploads\/kms\/wht-circle-lv.png?w=900&#038;ssl=1\" style='display:block'><\/td><td style='padding:1px 0;vertical-align:middle;white-space:nowrap'>OBIS<\/td><\/tr><tr><td style='padding:1px 6px 1px 0;vertical-align:middle'><img data-recalc-dims=\"1\" src=\"https:\/\/i0.wp.com\/opistobranquis.info\/wp-content\/uploads\/kms\/ylw-circle-lv.png?w=900&#038;ssl=1\" style='display:block'><\/td><td style='padding:1px 0;vertical-align:middle;white-space:nowrap'>GROC 2010-2011<\/td><\/tr><tr><td style='padding:1px 6px 1px 0;vertical-align:middle'><img data-recalc-dims=\"1\" src=\"https:\/\/i0.wp.com\/opistobranquis.info\/wp-content\/uploads\/kms\/grn-circle-lv.png?w=900&#038;ssl=1\" style='display:block'><\/td><td style='padding:1px 0;vertical-align:middle;white-space:nowrap'>Enric Madrenas<\/td><\/tr><tr><td style='padding:1px 6px 1px 0;vertical-align:middle'><img data-recalc-dims=\"1\" src=\"https:\/\/i0.wp.com\/opistobranquis.info\/wp-content\/uploads\/kms\/orange-circle-lv.png?w=900&#038;ssl=1\" style='display:block'><\/td><td style='padding:1px 0;vertical-align:middle;white-space:nowrap'>Jo\u00e3o Pedro Silva<\/td><\/tr><tr><td style='padding:1px 6px 1px 0;vertical-align:middle'><img data-recalc-dims=\"1\" src=\"https:\/\/i0.wp.com\/opistobranquis.info\/wp-content\/uploads\/kms\/pink-circle-lv.png?w=900&#038;ssl=1\" style='display:block'><\/td><td style='padding:1px 0;vertical-align:middle;white-space:nowrap'>Bernard Picton<\/td><\/tr><tr><td style='padding:1px 6px 1px 0;vertical-align:middle'><img data-recalc-dims=\"1\" src=\"https:\/\/i0.wp.com\/opistobranquis.info\/wp-content\/uploads\/kms\/blk-circle-lv.png?w=900&#038;ssl=1\" style='display:block'><\/td><td style='padding:1px 0;vertical-align:middle;white-space:nowrap'>GBIF<\/td><\/tr>        <\/table>\n      <\/td>\n      <td style=\"vertical-align:top;\">\n        <table style=\"border-collapse:collapse;\">\n<tr><td style='padding:1px 6px 1px 0;vertical-align:middle'><img data-recalc-dims=\"1\" src=\"https:\/\/i0.wp.com\/opistobranquis.info\/wp-content\/uploads\/kms\/purple-circle-lv.png?w=900&#038;ssl=1\" style='display:block'><\/td><td style='padding:1px 0;vertical-align:middle;white-space:nowrap'>OPK<\/td><\/tr><tr><td style='padding:1px 6px 1px 0;vertical-align:middle'><img data-recalc-dims=\"1\" src=\"https:\/\/i0.wp.com\/opistobranquis.info\/wp-content\/uploads\/kms\/red-circle-lv.png?w=900&#038;ssl=1\" style='display:block'><\/td><td style='padding:1px 0;vertical-align:middle;white-space:nowrap'>VIMAR<\/td><\/tr><tr><td style='padding:1px 6px 1px 0;vertical-align:middle'><img data-recalc-dims=\"1\" src=\"https:\/\/i0.wp.com\/opistobranquis.info\/wp-content\/uploads\/kms\/blu-circle-lv.png?w=900&#038;ssl=1\" style='display:block'><\/td><td style='padding:1px 0;vertical-align:middle;white-space:nowrap'>Manuel Ballesteros<\/td><\/tr><tr><td style='padding:1px 6px 1px 0;vertical-align:middle'><img data-recalc-dims=\"1\" src=\"https:\/\/i0.wp.com\/opistobranquis.info\/wp-content\/uploads\/kms\/cyan-circle-lv.png?w=900&#038;ssl=1\" style='display:block'><\/td><td style='padding:1px 0;vertical-align:middle;white-space:nowrap'>M@re Nostrum<\/td><\/tr><tr><td style='padding:1px 6px 1px 0;vertical-align:middle'><img data-recalc-dims=\"1\" src=\"https:\/\/i0.wp.com\/opistobranquis.info\/wp-content\/uploads\/kms\/grey-circle-lv.png?w=900&#038;ssl=1\" style='display:block'><\/td><td style='padding:1px 0;vertical-align:middle;white-space:nowrap'>Altres fonts<\/td><\/tr><tr><td style='padding:1px 6px 1px 0;vertical-align:middle'><img data-recalc-dims=\"1\" src=\"https:\/\/i0.wp.com\/opistobranquis.info\/wp-content\/uploads\/kms\/marreg.png?w=900&#038;ssl=1\" style='display:block'><\/td><td style='padding:1px 0;vertical-align:middle;white-space:nowrap'>Marine Regions<\/td><\/tr>        <\/table>\n      <\/td>\n    <\/tr>\n  <\/table>\n<\/div>\n<\/p>\n<p><strong>Error:<\/strong> Chart.js no est\u00e1 disponible.<\/p>\n<p><strong>Altres fotos<\/strong><br \/>\n<div class=\"tiled-gallery type-rectangular tiled-gallery-unresized\" data-original-width=\"900\" data-carousel-extra='{&quot;blog_id&quot;:1,&quot;permalink&quot;:&quot;https:\\\/\\\/opistobranquis.info\\\/ca\\\/guia\\\/nudibranchia\\\/doridina\\\/doridoidei\\\/polyceroidea\\\/palio-nothus\\\/&quot;,&quot;likes_blog_id&quot;:44192421}' itemscope itemtype=\"http:\/\/schema.org\/ImageGallery\" > <div class=\"gallery-row\" style=\"width: 900px; height: 426px;\" data-original-width=\"900\" data-original-height=\"426\" > <div class=\"gallery-group images-1\" style=\"width: 601px; height: 426px;\" data-original-width=\"601\" data-original-height=\"426\" > <div class=\"tiled-gallery-item tiled-gallery-item-large\" itemprop=\"associatedMedia\" itemscope itemtype=\"http:\/\/schema.org\/ImageObject\"> <a href=\"https:\/\/opistobranquis.info\/ca\/guia\/nudibranchia\/doridina\/doridoidei\/polyceroidea\/palio-nothus\/polycera-dubia002\/\" border=\"0\" itemprop=\"url\"> <meta itemprop=\"width\" content=\"597\"> <meta itemprop=\"height\" content=\"422\"> <img decoding=\"async\" class=\"\" data-attachment-id=\"4815\" data-orig-file=\"https:\/\/opistobranquis.info\/wp-content\/uploads\/2012\/12\/polycera-dubia002-e1381677228692.jpg\" data-orig-size=\"733,519\" data-comments-opened=\"\" data-image-title=\"Palio nothus @ Galicia, Spain by Manuel Ballesteros\" data-image-description=\"&lt;p&gt;Palio nothus @ Galicia, Spain by Manuel Ballesteros&lt;\/p&gt; \" data-medium-file=\"https:\/\/i0.wp.com\/opistobranquis.info\/wp-content\/uploads\/2012\/12\/polycera-dubia002-e1381677228692.jpg?fit=300%2C212&#038;ssl=1\" data-large-file=\"https:\/\/i0.wp.com\/opistobranquis.info\/wp-content\/uploads\/2012\/12\/polycera-dubia002-e1381677228692.jpg?fit=733%2C519&#038;ssl=1\" src=\"https:\/\/i0.wp.com\/opistobranquis.info\/wp-content\/uploads\/2012\/12\/polycera-dubia002-e1381677228692.jpg?w=597&#038;h=422&#038;ssl=1\" srcset=\"https:\/\/i0.wp.com\/opistobranquis.info\/wp-content\/uploads\/2012\/12\/polycera-dubia002-e1381677228692.jpg?w=733&amp;ssl=1 733w, https:\/\/i0.wp.com\/opistobranquis.info\/wp-content\/uploads\/2012\/12\/polycera-dubia002-e1381677228692.jpg?resize=150%2C106&amp;ssl=1 150w, https:\/\/i0.wp.com\/opistobranquis.info\/wp-content\/uploads\/2012\/12\/polycera-dubia002-e1381677228692.jpg?resize=300%2C212&amp;ssl=1 300w\" width=\"597\" height=\"422\" loading=\"lazy\" data-original-width=\"597\" data-original-height=\"422\" itemprop=\"http:\/\/schema.org\/image\" title=\"Palio nothus @ Galicia, Spain by Manuel Ballesteros\" alt=\"Palio nothus @ Galicia, Spain by Manuel Ballesteros\" style=\"width: 597px; height: 422px;\" \/> <\/a> <div class=\"tiled-gallery-caption\" itemprop=\"caption description\"> Palio nothus @ Galicia <\/div> <\/div> <\/div> <!-- close group --> <div class=\"gallery-group images-2\" style=\"width: 299px; height: 426px;\" data-original-width=\"299\" data-original-height=\"426\" > <div class=\"tiled-gallery-item tiled-gallery-item-large\" itemprop=\"associatedMedia\" itemscope itemtype=\"http:\/\/schema.org\/ImageObject\"> <a href=\"https:\/\/opistobranquis.info\/ca\/guia\/nudibranchia\/doridina\/doridoidei\/polyceroidea\/palio-nothus\/palio-nothus-photograph-bernard-picton\/\" border=\"0\" itemprop=\"url\"> <meta itemprop=\"width\" content=\"295\"> <meta itemprop=\"height\" content=\"221\"> <img decoding=\"async\" class=\"\" data-attachment-id=\"16320\" data-orig-file=\"https:\/\/opistobranquis.info\/wp-content\/uploads\/2014\/10\/Palio-nothus-Photograph-\u00a9Bernard-Picton.jpg\" data-orig-size=\"800,600\" data-comments-opened=\"\" data-image-title=\"Palio nothus &amp;#8211; Photograph \u00a9Bernard Picton\" data-image-description=\"&lt;p&gt;Palio nothus &amp;#8211; Photograph \u00a9Bernard Picton&lt;\/p&gt; \" data-medium-file=\"https:\/\/i0.wp.com\/opistobranquis.info\/wp-content\/uploads\/2014\/10\/Palio-nothus-Photograph-%C2%A9Bernard-Picton.jpg?fit=300%2C225&#038;ssl=1\" data-large-file=\"https:\/\/i0.wp.com\/opistobranquis.info\/wp-content\/uploads\/2014\/10\/Palio-nothus-Photograph-%C2%A9Bernard-Picton.jpg?fit=800%2C600&#038;ssl=1\" src=\"https:\/\/i0.wp.com\/opistobranquis.info\/wp-content\/uploads\/2014\/10\/Palio-nothus-Photograph-%C2%A9Bernard-Picton.jpg?w=295&#038;h=221&#038;ssl=1\" width=\"295\" height=\"221\" loading=\"lazy\" data-original-width=\"295\" data-original-height=\"221\" itemprop=\"http:\/\/schema.org\/image\" title=\"Palio nothus - Photograph \u00a9Bernard Picton\" alt=\"Palio nothus - Photograph \u00a9Bernard Picton\" style=\"width: 295px; height: 221px;\" \/> <\/a> <div class=\"tiled-gallery-caption\" itemprop=\"caption description\"> Palio nothus &#8211; Photograph \u00a9Bernard Picton <\/div> <\/div> <div class=\"tiled-gallery-item tiled-gallery-item-large\" itemprop=\"associatedMedia\" itemscope itemtype=\"http:\/\/schema.org\/ImageObject\"> <a href=\"https:\/\/opistobranquis.info\/ca\/guia\/nudibranchia\/doridina\/doridoidei\/polyceroidea\/palio-nothus\/palio-nothus-platja-del-pas-el-port-de-la-selva-in-10m-2-05-2015-by-enric-madrenas\/\" border=\"0\" itemprop=\"url\"> <meta itemprop=\"width\" content=\"295\"> <meta itemprop=\"height\" content=\"197\"> <img decoding=\"async\" class=\"\" data-attachment-id=\"19438\" data-orig-file=\"https:\/\/opistobranquis.info\/wp-content\/uploads\/2014\/10\/Palio-nothus-@-Platja-del-Pas-El-Port-de-la-Selva-in-10m-2-05-2015-by-Enric-Madrenas.jpg\" data-orig-size=\"806,537\" data-comments-opened=\"\" data-image-title=\"Palio nothus @ Costa Brava, Spain in 10m 2-05-2015 by Enric Madrenas\" data-image-description=\"&lt;p&gt;Palio nothus @ Costa Brava, Spain in 10m 2-05-2015 by Enric Madrenas&lt;\/p&gt; \" data-medium-file=\"https:\/\/i0.wp.com\/opistobranquis.info\/wp-content\/uploads\/2014\/10\/Palio-nothus-%40-Platja-del-Pas-El-Port-de-la-Selva-in-10m-2-05-2015-by-Enric-Madrenas.jpg?fit=300%2C200&#038;ssl=1\" data-large-file=\"https:\/\/i0.wp.com\/opistobranquis.info\/wp-content\/uploads\/2014\/10\/Palio-nothus-%40-Platja-del-Pas-El-Port-de-la-Selva-in-10m-2-05-2015-by-Enric-Madrenas.jpg?fit=806%2C537&#038;ssl=1\" src=\"https:\/\/i0.wp.com\/opistobranquis.info\/wp-content\/uploads\/2014\/10\/Palio-nothus-%40-Platja-del-Pas-El-Port-de-la-Selva-in-10m-2-05-2015-by-Enric-Madrenas.jpg?w=295&#038;h=197&#038;ssl=1\" width=\"295\" height=\"197\" loading=\"lazy\" data-original-width=\"295\" data-original-height=\"197\" itemprop=\"http:\/\/schema.org\/image\" title=\"Palio nothus @ Costa Brava, Spain in 10m 2-05-2015 by Enric Madrenas\" alt=\"Palio nothus @ Costa Brava, Spain in 10m 2-05-2015 by Enric Madrenas\" style=\"width: 295px; height: 197px;\" \/> <\/a> <div class=\"tiled-gallery-caption\" itemprop=\"caption description\"> Palio nothus @ Costa Brava, Spain in 10m 2-05-2015 <\/div> <\/div> <\/div> <!-- close group --> <\/div> <!-- close row --> <div class=\"gallery-row\" style=\"width: 900px; height: 197px;\" data-original-width=\"900\" data-original-height=\"197\" > <div class=\"gallery-group images-1\" style=\"width: 261px; height: 197px;\" data-original-width=\"261\" data-original-height=\"197\" > <div class=\"tiled-gallery-item tiled-gallery-item-large\" itemprop=\"associatedMedia\" itemscope itemtype=\"http:\/\/schema.org\/ImageObject\"> <a href=\"https:\/\/opistobranquis.info\/ca\/guia\/nudibranchia\/doridina\/doridoidei\/polyceroidea\/palio-nothus\/olympus-digital-camera-228\/\" border=\"0\" itemprop=\"url\"> <meta itemprop=\"width\" content=\"257\"> <meta itemprop=\"height\" content=\"193\"> <img decoding=\"async\" class=\"\" data-attachment-id=\"27966\" data-orig-file=\"https:\/\/opistobranquis.info\/wp-content\/uploads\/2019\/01\/Palio-nothus-@-Netherlands-25-04-2018-by-Stefan-Verheyen.jpg\" data-orig-size=\"3289,2467\" data-comments-opened=\"\" data-image-title=\"Palio nothus @ Netherlands 25-04-2018 by Stefan Verheyen\" data-image-description=\"&lt;p&gt;Palio nothus @ Netherlands 25-04-2018 by Stefan Verheyen&lt;\/p&gt; \" data-medium-file=\"https:\/\/i0.wp.com\/opistobranquis.info\/wp-content\/uploads\/2019\/01\/Palio-nothus-%40-Netherlands-25-04-2018-by-Stefan-Verheyen.jpg?fit=300%2C225&#038;ssl=1\" data-large-file=\"https:\/\/i0.wp.com\/opistobranquis.info\/wp-content\/uploads\/2019\/01\/Palio-nothus-%40-Netherlands-25-04-2018-by-Stefan-Verheyen.jpg?fit=900%2C675&#038;ssl=1\" src=\"https:\/\/i0.wp.com\/opistobranquis.info\/wp-content\/uploads\/2019\/01\/Palio-nothus-%40-Netherlands-25-04-2018-by-Stefan-Verheyen.jpg?w=257&#038;h=193&#038;ssl=1\" width=\"257\" height=\"193\" loading=\"lazy\" data-original-width=\"257\" data-original-height=\"193\" itemprop=\"http:\/\/schema.org\/image\" title=\"Palio nothus @ Netherlands 25-04-2018 by Stefan Verheyen\" alt=\"Palio nothus @ Netherlands 25-04-2018 by Stefan Verheyen\" style=\"width: 257px; height: 193px;\" \/> <\/a> <div class=\"tiled-gallery-caption\" itemprop=\"caption description\"> Palio nothus @ Netherlands 25-04-2018 by Stefan Verheyen <\/div> <\/div> <\/div> <!-- close group --> <div class=\"gallery-group images-1\" style=\"width: 261px; height: 197px;\" data-original-width=\"261\" data-original-height=\"197\" > <div class=\"tiled-gallery-item tiled-gallery-item-large\" itemprop=\"associatedMedia\" itemscope itemtype=\"http:\/\/schema.org\/ImageObject\"> <a href=\"https:\/\/opistobranquis.info\/ca\/guia\/nudibranchia\/doridina\/doridoidei\/polyceroidea\/palio-nothus\/olympus-digital-camera-229\/\" border=\"0\" itemprop=\"url\"> <meta itemprop=\"width\" content=\"257\"> <meta itemprop=\"height\" content=\"193\"> <img decoding=\"async\" class=\"\" data-attachment-id=\"27967\" data-orig-file=\"https:\/\/opistobranquis.info\/wp-content\/uploads\/2019\/01\/Palio-nothus-@-Netherlands-25-04-2018-by-Stefan-Verheyen-2.jpg\" data-orig-size=\"3612,2709\" data-comments-opened=\"\" data-image-title=\"Palio nothus @ Netherlands 25-04-2018 by Stefan Verheyen\" data-image-description=\"&lt;p&gt;Palio nothus @ Netherlands 25-04-2018 by Stefan Verheyen&lt;\/p&gt; \" data-medium-file=\"https:\/\/i0.wp.com\/opistobranquis.info\/wp-content\/uploads\/2019\/01\/Palio-nothus-%40-Netherlands-25-04-2018-by-Stefan-Verheyen-2.jpg?fit=300%2C225&#038;ssl=1\" data-large-file=\"https:\/\/i0.wp.com\/opistobranquis.info\/wp-content\/uploads\/2019\/01\/Palio-nothus-%40-Netherlands-25-04-2018-by-Stefan-Verheyen-2.jpg?fit=900%2C675&#038;ssl=1\" src=\"https:\/\/i0.wp.com\/opistobranquis.info\/wp-content\/uploads\/2019\/01\/Palio-nothus-%40-Netherlands-25-04-2018-by-Stefan-Verheyen-2.jpg?w=257&#038;h=193&#038;ssl=1\" width=\"257\" height=\"193\" loading=\"lazy\" data-original-width=\"257\" data-original-height=\"193\" itemprop=\"http:\/\/schema.org\/image\" title=\"Palio nothus @ Netherlands 25-04-2018 by Stefan Verheyen\" alt=\"Palio nothus @ Netherlands 25-04-2018 by Stefan Verheyen\" style=\"width: 257px; height: 193px;\" \/> <\/a> <div class=\"tiled-gallery-caption\" itemprop=\"caption description\"> Palio nothus @ Netherlands 25-04-2018 by Stefan Verheyen <\/div> <\/div> <\/div> <!-- close group --> <div class=\"gallery-group images-1\" style=\"width: 148px; height: 197px;\" data-original-width=\"148\" data-original-height=\"197\" > <div class=\"tiled-gallery-item tiled-gallery-item-small\" itemprop=\"associatedMedia\" itemscope itemtype=\"http:\/\/schema.org\/ImageObject\"> <a href=\"https:\/\/opistobranquis.info\/ca\/guia\/nudibranchia\/doridina\/doridoidei\/polyceroidea\/palio-nothus\/olympus-digital-camera-236\/\" border=\"0\" itemprop=\"url\"> <meta itemprop=\"width\" content=\"144\"> <meta itemprop=\"height\" content=\"193\"> <img decoding=\"async\" class=\"\" data-attachment-id=\"27974\" data-orig-file=\"https:\/\/opistobranquis.info\/wp-content\/uploads\/2019\/01\/Palio-nothus-@-Netherlands-24-04-2018-by-Stefan-Verheyen.jpg\" data-orig-size=\"3079,4106\" data-comments-opened=\"\" data-image-title=\"Palio nothus @ Netherlands 24-04-2018 by Stefan Verheyen\" data-image-description=\"&lt;p&gt;Palio nothus @ Netherlands 24-04-2018 by Stefan Verheyen&lt;\/p&gt; \" data-medium-file=\"https:\/\/i0.wp.com\/opistobranquis.info\/wp-content\/uploads\/2019\/01\/Palio-nothus-%40-Netherlands-24-04-2018-by-Stefan-Verheyen.jpg?fit=225%2C300&#038;ssl=1\" data-large-file=\"https:\/\/i0.wp.com\/opistobranquis.info\/wp-content\/uploads\/2019\/01\/Palio-nothus-%40-Netherlands-24-04-2018-by-Stefan-Verheyen.jpg?fit=768%2C1024&#038;ssl=1\" src=\"https:\/\/i0.wp.com\/opistobranquis.info\/wp-content\/uploads\/2019\/01\/Palio-nothus-%40-Netherlands-24-04-2018-by-Stefan-Verheyen.jpg?w=144&#038;h=193&#038;ssl=1\" width=\"144\" height=\"193\" loading=\"lazy\" data-original-width=\"144\" data-original-height=\"193\" itemprop=\"http:\/\/schema.org\/image\" title=\"Palio nothus @ Netherlands 24-04-2018 by Stefan Verheyen\" alt=\"Palio nothus @ Netherlands 24-04-2018 by Stefan Verheyen\" style=\"width: 144px; height: 193px;\" \/> <\/a> <div class=\"tiled-gallery-caption\" itemprop=\"caption description\"> Palio nothus @ Netherlands 24-04-2018 by Stefan Verheyen <\/div> <\/div> <\/div> <!-- close group --> <div class=\"gallery-group images-1\" style=\"width: 230px; height: 197px;\" data-original-width=\"230\" data-original-height=\"197\" > <div class=\"tiled-gallery-item tiled-gallery-item-small\" itemprop=\"associatedMedia\" itemscope itemtype=\"http:\/\/schema.org\/ImageObject\"> <a href=\"https:\/\/opistobranquis.info\/ca\/guia\/nudibranchia\/doridina\/doridoidei\/polyceroidea\/palio-nothus\/palio-nothus-by-nani-diez-img_20210212_171411_947\/\" border=\"0\" itemprop=\"url\"> <meta itemprop=\"width\" content=\"226\"> <meta itemprop=\"height\" content=\"193\"> <img decoding=\"async\" class=\"\" data-attachment-id=\"31961\" data-orig-file=\"https:\/\/opistobranquis.info\/wp-content\/uploads\/2021\/03\/Palio-nothus-by-Nani-Diez-IMG_20210212_171411_947.jpg\" data-orig-size=\"1080,919\" data-comments-opened=\"\" data-image-title=\"Palio nothus by Nani D\u00edez\" data-image-description=\"&lt;p&gt;Palio nothus by Nani D\u00edez&lt;\/p&gt; \" data-medium-file=\"https:\/\/i0.wp.com\/opistobranquis.info\/wp-content\/uploads\/2021\/03\/Palio-nothus-by-Nani-Diez-IMG_20210212_171411_947.jpg?fit=300%2C255&#038;ssl=1\" data-large-file=\"https:\/\/i0.wp.com\/opistobranquis.info\/wp-content\/uploads\/2021\/03\/Palio-nothus-by-Nani-Diez-IMG_20210212_171411_947.jpg?fit=900%2C766&#038;ssl=1\" src=\"https:\/\/i0.wp.com\/opistobranquis.info\/wp-content\/uploads\/2021\/03\/Palio-nothus-by-Nani-Diez-IMG_20210212_171411_947.jpg?w=226&#038;h=193&#038;ssl=1\" srcset=\"https:\/\/i0.wp.com\/opistobranquis.info\/wp-content\/uploads\/2021\/03\/Palio-nothus-by-Nani-Diez-IMG_20210212_171411_947.jpg?w=1080&amp;ssl=1 1080w, https:\/\/i0.wp.com\/opistobranquis.info\/wp-content\/uploads\/2021\/03\/Palio-nothus-by-Nani-Diez-IMG_20210212_171411_947.jpg?resize=300%2C255&amp;ssl=1 300w, https:\/\/i0.wp.com\/opistobranquis.info\/wp-content\/uploads\/2021\/03\/Palio-nothus-by-Nani-Diez-IMG_20210212_171411_947.jpg?resize=1024%2C871&amp;ssl=1 1024w, https:\/\/i0.wp.com\/opistobranquis.info\/wp-content\/uploads\/2021\/03\/Palio-nothus-by-Nani-Diez-IMG_20210212_171411_947.jpg?resize=150%2C128&amp;ssl=1 150w\" width=\"226\" height=\"193\" loading=\"lazy\" data-original-width=\"226\" data-original-height=\"193\" itemprop=\"http:\/\/schema.org\/image\" title=\"Palio nothus by Nani D\u00edez\" alt=\"Palio nothus by Nani D\u00edez\" style=\"width: 226px; height: 193px;\" \/> <\/a> <div class=\"tiled-gallery-caption\" itemprop=\"caption description\"> Palio nothus by Nani D\u00edez <\/div> <\/div> <\/div> <!-- close group --> <\/div> <!-- close row --> <\/div><\/p>\n<p><p><strong>Bibliografia<\/strong><\/p><ul><div id=\"zotpress-86032116b18505909cfcc7e090abfe74\" class=\"zp-Zotpress zp-Zotpress-Bib wp-block-group\">\n\n\t\t<span class=\"ZP_API_USER_ID ZP_ATTR\">1246567<\/span>\n\t\t<span class=\"ZP_ITEM_KEY ZP_ATTR\"><\/span>\n\t\t<span class=\"ZP_COLLECTION_ID ZP_ATTR\"><\/span>\n\t\t<span class=\"ZP_TAG_ID ZP_ATTR\">Palio nothus<\/span>\n\t\t<span class=\"ZP_AUTHOR ZP_ATTR\"><\/span>\n\t\t<span class=\"ZP_YEAR ZP_ATTR\"><\/span>\n        <span class=\"ZP_ITEMTYPE ZP_ATTR\"><\/span>\n\t\t<span class=\"ZP_INCLUSIVE ZP_ATTR\">1<\/span>\n\t\t<span class=\"ZP_STYLE ZP_ATTR\">eunomia-revista-en-cultura-de-la-legalidad<\/span>\n\t\t<span class=\"ZP_LIMIT ZP_ATTR\">50<\/span>\n\t\t<span class=\"ZP_SORTBY ZP_ATTR\">creator<\/span>\n\t\t<span class=\"ZP_ORDER ZP_ATTR\">asc<\/span>\n\t\t<span class=\"ZP_TITLE ZP_ATTR\"><\/span>\n\t\t<span class=\"ZP_SHOWIMAGE ZP_ATTR\"><\/span>\n\t\t<span class=\"ZP_SHOWTAGS ZP_ATTR\"><\/span>\n\t\t<span class=\"ZP_DOWNLOADABLE ZP_ATTR\"><\/span>\n\t\t<span class=\"ZP_NOTES ZP_ATTR\"><\/span>\n\t\t<span class=\"ZP_ABSTRACT ZP_ATTR\"><\/span>\n\t\t<span class=\"ZP_CITEABLE ZP_ATTR\"><\/span>\n\t\t<span class=\"ZP_TARGET ZP_ATTR\">1<\/span>\n\t\t<span class=\"ZP_URLWRAP ZP_ATTR\"><\/span>\n\t\t<span class=\"ZP_FORCENUM ZP_ATTR\"><\/span>\n        <span class=\"ZP_HIGHLIGHT ZP_ATTR\"><\/span>\n        <span class=\"ZP_POSTID ZP_ATTR\">16319<\/span>\n\t\t<span class=\"ZOTPRESS_PLUGIN_URL ZP_ATTR\">https:\/\/opistobranquis.info\/wp-content\/plugins\/zotpress\/<\/span>\n\n\t\t<div class=\"zp-List loading\">\n\t\t\t<div class=\"zp-SEO-Content\">\n\n\t\t\t<\/div><!-- .zp-zp-SEO-Content -->\n\t\t<\/div><!-- .zp-List -->\n\t<\/div><!--.zp-Zotpress-->\n\n<p><\/p>Bibliografia basada en els treballs de <b>Steve Long, 2006<\/b>. <a target=_blank href=https:\/\/opistobranquis.info\/wp-content\/uploads\/2016\/06\/Long-S.-2006-Bibliography-of-Opisthobranchia-1554-2000.pdf>Bibliography of Opisthobranchia 1554-2000<\/a> i <b>Gary McDonald, 2009<\/b>. <a href=http:\/\/escholarship.org\/uc\/item\/8115h0wz>Bibliographia Nudibranchia<\/a>, amb actualitzacions posteriors procedents d\u00b4altres fonts.<p><\/p><\/ul><p><\/p><p><strong>M\u00e9s informaci\u00f3<\/strong><\/p><span style=\"font-size:10pt\"><ul><ul class=\"blogroll-links\"><li><a href=\"http:\/\/www.asturnatura.com\/especie\/palio-nothus.html\">AsturNatura<\/a><\/li><li><a href=\"http:\/\/www.biodiversitylibrary.org\/name\/Palio%20nothus\">Biodiversity Heritage Library<\/a><\/li><li><a href=\"http:\/\/www.habitas.org.uk\/marinelife\/species.asp?item=W13720#\">Encyclopedia of Marine Life of Britain and Ireland<\/a><\/li><li><a href=\"http:\/\/nature22.com\/estran22\/mollusques\/gasteropodesbis\/gasteropodes5.html\">Estran 22 - Faune et flore de la zone de balancement des mar\u00e9es en C\u00f4tes d&#039;Armor<\/a><\/li><li><a href=\"https:\/\/www.flickr.com\/photos\/56388191@N08\/sets\/72177720297777596\/\">European Sea Slugs by Morddyn<\/a><\/li><li><a href=\"https:\/\/www.flickr.com\/search\/?text=Palio%20nothus\">Flickr pictures<\/a><\/li><li><a href=\"http:\/\/www.irmng.org\/aphia.php?p=taxlist&#038;tName=Palio%20nothus\">Interim Register of Marine and Nonmarine Genera<\/a><\/li><li><a href=\"http:\/\/www.ncbi.nlm.nih.gov\/Taxonomy\/Browser\/wwwtax.cgi?mode=Undef&#038;name=Palio%20nothus&#038;lvl=0&#038;srchmode=1\">NCBI GenBank<\/a><\/li><li><a href=\"http:\/\/iobis.org\/mapper\/?taxon=Palio%20nothus\">OBIS - Search by Taxon<\/a><\/li><li><a href=\"http:\/\/www.conchsoc.net\/node\/5680\">The Conchological Society of Great Britain and Ireland<\/a><\/li><li><a href=\"http:\/\/www.conchsoc.net\/spaccount\/Palio-nothus\">The Conchological Society of Great Britain and Ireland<\/a><\/li><li><a href=\"http:\/\/slugsite.us\/bow\/nudwk507.htm\">The Slug Site<\/a><\/li><li><a href=\"http:\/\/www.marinespecies.org\/aphia.php?p=taxdetails&#038;id=182808\">World Register of Marine Species<\/a><\/li><\/ul><\/ul><\/span><p><strong>Citeu aquest article com: <\/strong><\/p><div style=\"display: block; background: #444444; padding: 10px 30px 10px 10px; border-radius: 5px; line-height: 18px;\"><p class=\"citacio\"><b>Ballesteros, M., Madrenas, E. &#38; Pontes, M.<\/b> (2025) <em>\"Palio nothus\"<\/em> a <em>OPK-Opistobranquis<\/em>. Publicat: 20\/10\/2014. Accedit: 03\/09\/2026. Disponible a (<a href=https:\/\/opistobranquis.info\/ca\/?p=16319>https:\/\/opistobranquis.info\/ca\/?p=16319<\/a>)<\/p><p><\/p><\/div><p><\/p><\/p>","protected":false},"excerpt":{"rendered":"<p>Palio nothus\u00a0(Johnston, 1838) Sin\u00f2nims Polycera nothus (Johnston, 1838) Polycera ocellata Alder &amp; Hancock, 1842\u00a0 Triopa nothus Johnston, 1838\u00a0(original) Descripci\u00f3 Mida fins a 28 mm. El cos \u00e9s alt i amb l&#8217;animal en extensi\u00f3, \u00e9s una mica m\u00e9s estret a la zona mitjana entre els rin\u00f2fors i la br\u00e0nquia. Cos de color marr\u00f3 molt fosc, de vegades de tons\u00a0 olivacis, excepte taques blanquinoses en tot el cos que es corresponen amb\u2026<\/p>\n<p class=\"continue-reading-button\"> <a class=\"continue-reading-link\" href=\"https:\/\/opistobranquis.info\/ca\/guia\/nudibranchia\/doridina\/doridoidei\/polyceroidea\/palio-nothus\/\">Continua llegint<i class=\"crycon-right-dir\"><\/i><\/a><\/p>\n","protected":false},"author":291,"featured_media":21573,"parent":26113,"menu_order":6695,"comment_status":"closed","ping_status":"closed","template":"","meta":{"footnotes":""},"class_list":["post-16319","page","type-page","status-publish","has-post-thumbnail","hentry"],"jetpack_sharing_enabled":true,"_links":{"self":[{"href":"https:\/\/opistobranquis.info\/ca\/wp-json\/wp\/v2\/pages\/16319","targetHints":{"allow":["GET"]}}],"collection":[{"href":"https:\/\/opistobranquis.info\/ca\/wp-json\/wp\/v2\/pages"}],"about":[{"href":"https:\/\/opistobranquis.info\/ca\/wp-json\/wp\/v2\/types\/page"}],"author":[{"embeddable":true,"href":"https:\/\/opistobranquis.info\/ca\/wp-json\/wp\/v2\/users\/291"}],"replies":[{"embeddable":true,"href":"https:\/\/opistobranquis.info\/ca\/wp-json\/wp\/v2\/comments?post=16319"}],"version-history":[{"count":4,"href":"https:\/\/opistobranquis.info\/ca\/wp-json\/wp\/v2\/pages\/16319\/revisions"}],"predecessor-version":[{"id":28850,"href":"https:\/\/opistobranquis.info\/ca\/wp-json\/wp\/v2\/pages\/16319\/revisions\/28850"}],"up":[{"embeddable":true,"href":"https:\/\/opistobranquis.info\/ca\/wp-json\/wp\/v2\/pages\/26113"}],"wp:featuredmedia":[{"embeddable":true,"href":"https:\/\/opistobranquis.info\/ca\/wp-json\/wp\/v2\/media\/21573"}],"wp:attachment":[{"href":"https:\/\/opistobranquis.info\/ca\/wp-json\/wp\/v2\/media?parent=16319"}],"curies":[{"name":"wp","href":"https:\/\/api.w.org\/{rel}","templated":true}]}}