{"id":16992,"date":"2014-12-06T22:39:28","date_gmt":"2014-12-06T21:39:28","guid":{"rendered":"https:\/\/opistobranquis.info\/?page_id=16992"},"modified":"2024-03-17T08:26:35","modified_gmt":"2024-03-17T07:26:35","slug":"plocamopherus-maderae","status":"publish","type":"page","link":"https:\/\/opistobranquis.info\/ca\/guia\/nudibranchia\/doridina\/doridoidei\/polyceroidea\/plocamopherus-maderae\/","title":{"rendered":"Plocamopherus maderae"},"content":{"rendered":"<p><\/p>\n<h3><em>Plocamopherus maderae<\/em>\u00a0(Lowe, 1842)<\/h3>\n<p><span style=\"font-size:10pt;\" class=\"aligncenter\"><div id=\"featured-img-id\"><img data-recalc-dims=\"1\" decoding=\"async\" src=\"https:\/\/i0.wp.com\/opistobranquis.info\/wp-content\/uploads\/2023\/02\/Plocamopherus-maderae-00.jpg?w=900&#038;ssl=1\" alt=\"Plocamopherus maderae @ La Laja, Gran Canaria by Mario Matute\" \/><\/div><center><em>Plocamopherus maderae @ La Laja, Gran Canaria<\/em> per Mario Matute<\/center><\/span><p><\/p><div class=\"opk-worms\"><h3>Informaci\u00f3 taxon\u00f2mica WoRMS<\/h3><div class=\"opk-success\">Nom acceptat actual: <strong><em>Plocamopherus maderae<\/em> (R. T. Lowe, 1842)<\/strong><\/div><h4>Classificaci\u00f3 actual<\/h4><table class=\"widefat striped\"><tr><th>Superdomain<\/th><td><a target=\"_blank\" href=\"https:\/\/www.marinespecies.org\/aphia.php?p=taxdetails&id=1\">Biota<\/a><\/td><\/tr><tr><th>Kingdom<\/th><td><a target=\"_blank\" href=\"https:\/\/www.marinespecies.org\/aphia.php?p=taxdetails&id=2\">Animalia<\/a><\/td><\/tr><tr><th>Phylum<\/th><td><a target=\"_blank\" href=\"https:\/\/www.marinespecies.org\/aphia.php?p=taxdetails&id=51\">Mollusca<\/a><\/td><\/tr><tr><th>Class<\/th><td><a target=\"_blank\" href=\"https:\/\/www.marinespecies.org\/aphia.php?p=taxdetails&id=101\">Gastropoda<\/a><\/td><\/tr><tr><th>Subclass<\/th><td><a target=\"_blank\" href=\"https:\/\/www.marinespecies.org\/aphia.php?p=taxdetails&id=14712\">Heterobranchia<\/a><\/td><\/tr><tr><th>Infraclass<\/th><td><a target=\"_blank\" href=\"https:\/\/www.marinespecies.org\/aphia.php?p=taxdetails&id=1057247\">Euthyneura<\/a><\/td><\/tr><tr><th>Subterclass<\/th><td><a target=\"_blank\" href=\"https:\/\/www.marinespecies.org\/aphia.php?p=taxdetails&id=1057249\">Ringipleura<\/a><\/td><\/tr><tr><th>Superorder<\/th><td><a target=\"_blank\" href=\"https:\/\/www.marinespecies.org\/aphia.php?p=taxdetails&id=411966\">Nudipleura<\/a><\/td><\/tr><tr><th>Order<\/th><td><a target=\"_blank\" href=\"https:\/\/www.marinespecies.org\/aphia.php?p=taxdetails&id=1762\">Nudibranchia<\/a><\/td><\/tr><tr><th>Suborder<\/th><td><a target=\"_blank\" href=\"https:\/\/www.marinespecies.org\/aphia.php?p=taxdetails&id=1052385\">Doridina<\/a><\/td><\/tr><tr><th>Infraorder<\/th><td><a target=\"_blank\" href=\"https:\/\/www.marinespecies.org\/aphia.php?p=taxdetails&id=246038\">Doridoidei<\/a><\/td><\/tr><tr><th>Superfamily<\/th><td><a target=\"_blank\" href=\"https:\/\/www.marinespecies.org\/aphia.php?p=taxdetails&id=412569\">Polyceroidea<\/a><\/td><\/tr><tr><th>Family<\/th><td><a target=\"_blank\" href=\"https:\/\/www.marinespecies.org\/aphia.php?p=taxdetails&id=177\">Polyceridae<\/a><\/td><\/tr><tr><th>Subfamily<\/th><td><a target=\"_blank\" href=\"https:\/\/www.marinespecies.org\/aphia.php?p=taxdetails&id=412577\">Triophinae<\/a><\/td><\/tr><tr><th>Genus<\/th><td><a target=\"_blank\" href=\"https:\/\/www.marinespecies.org\/aphia.php?p=taxdetails&id=138568\"><em>Plocamopherus<\/em><\/a><\/td><\/tr><tr><th>Species<\/th><td><a target=\"_blank\" href=\"https:\/\/www.marinespecies.org\/aphia.php?p=taxdetails&id=141711\"><em>Plocamopherus maderae<\/em> (R. T. Lowe, 1842)<\/a><\/td><\/tr><\/table><p class=\"footer\">Classificaci\u00f3 proporcionada pel World Register of Marine Species (WoRMS). [<a target=\"_blank\" href=\"https:\/\/www.marinespecies.org\/aphia.php?p=taxdetails&id=141711\">141711<\/a>]<\/p><\/div><strong>Sin\u00f2nims<\/strong><\/p>\n<ul>\n<li><i>Peplidia maderae<\/i> Lowe, 1842<\/li>\n<\/ul>\n<p><strong>Descripci\u00f3<br \/>\n<\/strong>Es tracta d&#8217;un espectacular nudibranqui que pot assolir una mida de m\u00e9s de 50 mm de longitud. La descripci\u00f3 morfol\u00f2gica inicial de l&#8217;esp\u00e8cie indica que \u00e9s un nudibranqui de color taronja o groc-ataronjat, amb nombroses petites taques de color marr\u00f3 fosc a tot el llarg del cos i, de manera menys definida, taques de color taronja. En individus joves, la coloraci\u00f3 \u00e9s groga transl\u00facida amb taques de color marr\u00f3 vermell\u00f3s, similar al patr\u00f3 crom\u00e0tic de <em>Thecacera pennigera<\/em> (Ortea et al., 1996). El vel cef\u00e0lic disposa de 6-8 digitacions curtes ramificades. Els rin\u00f2fors s\u00f3n similars en color al cos, tenen laminetes en la meitat superior i una tija basal c\u00f2nica. La vora del mantell t\u00e9 tres parells de papil\u00b7les ramificades, els dos primers\u00a0situats davant de la br\u00e0nquia i el tercer just darrere d&#8217;ella; aquestes papil\u00b7les tenen un pigment blanc o lleugerament rosat que tamb\u00e9 pot apar\u00e8ixer en els flancs del cos i a la cua. La cua \u00e9s robusta, llarga i aplanada, i t\u00e9 una quilla dorsal a manera d&#8217;aleta que l&#8217;animal utilitza per a la nataci\u00f3. Les br\u00e0nquies s\u00f3n grans, del mateix color que el cos, poc ramificades i es mantenen dretes.<\/p>\n<p><strong>Biologia<br \/>\n<\/strong>Aquesta esp\u00e8cie t\u00e9 capacitat de nataci\u00f3, utilitzant per a aquest fi\u00a0la cua, i flexionant tamb\u00e9 lateralment el cos (Newcomb et al, 2012). Aquest nudibranqui normalment \u00e9s nocturn, amagant-se sota de roques, en aig\u00fces poc profundes, durant el dia (Lowe, 1842; Eliot, 1906; Ortea et al ,, 1992; Palomar et al., 2014). La caracter\u00edstica m\u00e9s rellevant d&#8217;aquesta esp\u00e8cie \u00e9s la seva bioluminesc\u00e8ncia. Al llarg de la l\u00ednia mitjana posterior, des del l\u00edmit posterior de la vora del mantell fins a la punta de la cua, posseeix una l\u00ednia fosforescent que emet flaixos de llum quan l&#8217;individu \u00e9s pertorbat o s&#8217;allunya nedant. Les vores de les br\u00e0nquies posseeixen el mateix efecte, igual que les papil\u00b7les laterals, que emeten una potent luminesc\u00e8ncia intermitent quan l&#8217;individu \u00e9s molestat. Aquesta bioluminesc\u00e8ncia \u00e9s intr\u00ednseca, el que significa que la producci\u00f3 de llum dep\u00e8n dels propis processos bioqu\u00edmics de l&#8217;animal, sense associaci\u00f3 simbi\u00f2tica amb bacteris. Una altra esp\u00e8cie bioluminiscent \u00e9s <em>Kaloplocamus ramosus<\/em>, en el qual la reacci\u00f3 qu\u00edmica de bioluminesc\u00e8ncia t\u00e9 lloc dins\u00a0de les c\u00e8l\u00b7lules luminiscents o fot\u00f3fors (luminesc\u00e8ncia intracel\u00b7lular), mentre que en l&#8217;esp\u00e8cie <em>Plocamopherus maderae<\/em>, la reacci\u00f3 qu\u00edmica de productes qu\u00edmics luminiscents es produeix fora de les c\u00e8l\u00b7lules (luminesc\u00e8ncia extracel\u00b7lular) (Vall\u00e8s et al., 2006). L&#8217;explicaci\u00f3 m\u00e9s coherent per a aquest proc\u00e9s de bioluminesc\u00e8ncia que t\u00e9 lloc\u00a0nom\u00e9s quan s\u00f3n molestats, \u00e9s segons Wilbur i Yonge (1966), per distreure temporalment l&#8217;atenci\u00f3 dels depredadors potencials. No obstant aix\u00f2, en observacions personals, la bioluminesc\u00e8ncia s&#8217;observa sovint en immersions nocturnes en individus que a priori no estan sent pertorbats, de manera que pot ser que sigui un mecanisme de comunicaci\u00f3 entre individus de la mateixa esp\u00e8cie amb fins reproductors. La posta \u00e9s una cinta enrotllada en una espiral de fins a 5 voltes amb ous de color taronja (<a href=\"http:\/\/www.medslugs.de\/E\/Atl-E\/Plocamopherus_maderae\/Plocamopherus_maderae_02.htm\">Medslugs<\/a>).<\/p>\n<p><strong>Etimologia<\/strong><\/p>\n<ul>\n<li><em>Plocamopherus<\/em>. Del Grec &#8220;plokamos&#8221;, trena de cabell + &#8220;-pherus&#8221;, del Llat\u00ed &#8220;fero&#8221;, sufix que significa &#8220;que t\u00e9&#8221;, &#8220;que produeix&#8221;, &#8220;que rendeix&#8221;, &#8220;que cont\u00e9&#8221;, &#8220;que porta&#8221;.<\/li>\n<li><em>Maderae<\/em>, de Madeira.<\/li>\n<\/ul>\n<p><strong>Distribuci\u00f3<br \/>\n<\/strong>Aquesta esp\u00e8cie fou descrita por primera vegada a Madeira, i \u00fanicament s&#8217;havia registrat a les Illes Can\u00e0ries (Cervera et al, 2004) i a Cabo Verde (Eliot, 1906), pel que es pensava que la seva distribuci\u00f3 es circunscrivia a l&#8217;unitat biogeogr\u00e0fica coneguda com a <a href=\"https:\/\/ca.wikipedia.org\/wiki\/Macaron%C3%A8sia\">Regi\u00f3 Macaron\u00e8sica<\/a>, per\u00f2 registres recents a Eivissa, Granada i a C\u00f2rsega indiquen que l&#8217;esp\u00e8cie podria estar-se introduint a la Mediterr\u00e0nia. <div id=\"flxmap-6a9b609f9a1e3\" class='flxmap-container' data-flxmap='flxmap_6a9b609f9a1e3' style=\"width:100%;height:400px;\"><\/div>\n<script data-noptimize=\"1\">\n\/* <![CDATA[ *\/\n(function(w, fn) {\n if (w.addEventListener) w.addEventListener(\"DOMContentLoaded\", fn, false);\n else if (w.attachEvent) w.attachEvent(\"onload\", fn);\n})(window, function() {\n var f = new FlexibleMap();\n f.panControl = true;\n f.mapTypeId = \"satellite\";\n f.setlocale(\"ca-ES\");\n f.kmlcache = \"5 minutes\";\n f.showKML(\"flxmap-6a9b609f9a1e3\", \"https:\/\/opistobranquis.info\/wp-content\/uploads\/kms\/16992.kmz\");\n window.flxmap_6a9b609f9a1e3 = f;\n});\n\/* ]]> *\/\n<\/script>\n<div style=\"width:100%;text-align:center;margin:12px 0 4px 0;\">\n  <div style=\"font-size:8pt;margin-bottom:6px;\">Cites georeferenciades conegudes de l'esp\u00e8cie: <em>Plocamopherus maderae<\/em><\/div>\n  <table style=\"margin:0 auto;border-collapse:collapse;font-size:8pt;\">\n    <tr><td colspan=\"2\" style=\"text-align:left;padding-bottom:4px;\"><strong>Fonts:<\/strong><\/td><\/tr>\n    <tr>\n      <td style=\"vertical-align:top;padding-right:40px;\">\n        <table style=\"border-collapse:collapse;\">\n<tr><td style='padding:1px 6px 1px 0;vertical-align:middle'><img data-recalc-dims=\"1\" src=\"https:\/\/i0.wp.com\/opistobranquis.info\/wp-content\/uploads\/kms\/wht-circle-lv.png?w=900&#038;ssl=1\" style='display:block'><\/td><td style='padding:1px 0;vertical-align:middle;white-space:nowrap'>OBIS<\/td><\/tr><tr><td style='padding:1px 6px 1px 0;vertical-align:middle'><img data-recalc-dims=\"1\" src=\"https:\/\/i0.wp.com\/opistobranquis.info\/wp-content\/uploads\/kms\/ylw-circle-lv.png?w=900&#038;ssl=1\" style='display:block'><\/td><td style='padding:1px 0;vertical-align:middle;white-space:nowrap'>GROC 2010-2011<\/td><\/tr><tr><td style='padding:1px 6px 1px 0;vertical-align:middle'><img data-recalc-dims=\"1\" src=\"https:\/\/i0.wp.com\/opistobranquis.info\/wp-content\/uploads\/kms\/grn-circle-lv.png?w=900&#038;ssl=1\" style='display:block'><\/td><td style='padding:1px 0;vertical-align:middle;white-space:nowrap'>Enric Madrenas<\/td><\/tr><tr><td style='padding:1px 6px 1px 0;vertical-align:middle'><img data-recalc-dims=\"1\" src=\"https:\/\/i0.wp.com\/opistobranquis.info\/wp-content\/uploads\/kms\/orange-circle-lv.png?w=900&#038;ssl=1\" style='display:block'><\/td><td style='padding:1px 0;vertical-align:middle;white-space:nowrap'>Jo\u00e3o Pedro Silva<\/td><\/tr><tr><td style='padding:1px 6px 1px 0;vertical-align:middle'><img data-recalc-dims=\"1\" src=\"https:\/\/i0.wp.com\/opistobranquis.info\/wp-content\/uploads\/kms\/pink-circle-lv.png?w=900&#038;ssl=1\" style='display:block'><\/td><td style='padding:1px 0;vertical-align:middle;white-space:nowrap'>Bernard Picton<\/td><\/tr><tr><td style='padding:1px 6px 1px 0;vertical-align:middle'><img data-recalc-dims=\"1\" src=\"https:\/\/i0.wp.com\/opistobranquis.info\/wp-content\/uploads\/kms\/blk-circle-lv.png?w=900&#038;ssl=1\" style='display:block'><\/td><td style='padding:1px 0;vertical-align:middle;white-space:nowrap'>GBIF<\/td><\/tr>        <\/table>\n      <\/td>\n      <td style=\"vertical-align:top;\">\n        <table style=\"border-collapse:collapse;\">\n<tr><td style='padding:1px 6px 1px 0;vertical-align:middle'><img data-recalc-dims=\"1\" src=\"https:\/\/i0.wp.com\/opistobranquis.info\/wp-content\/uploads\/kms\/purple-circle-lv.png?w=900&#038;ssl=1\" style='display:block'><\/td><td style='padding:1px 0;vertical-align:middle;white-space:nowrap'>OPK<\/td><\/tr><tr><td style='padding:1px 6px 1px 0;vertical-align:middle'><img data-recalc-dims=\"1\" src=\"https:\/\/i0.wp.com\/opistobranquis.info\/wp-content\/uploads\/kms\/red-circle-lv.png?w=900&#038;ssl=1\" style='display:block'><\/td><td style='padding:1px 0;vertical-align:middle;white-space:nowrap'>VIMAR<\/td><\/tr><tr><td style='padding:1px 6px 1px 0;vertical-align:middle'><img data-recalc-dims=\"1\" src=\"https:\/\/i0.wp.com\/opistobranquis.info\/wp-content\/uploads\/kms\/blu-circle-lv.png?w=900&#038;ssl=1\" style='display:block'><\/td><td style='padding:1px 0;vertical-align:middle;white-space:nowrap'>Manuel Ballesteros<\/td><\/tr><tr><td style='padding:1px 6px 1px 0;vertical-align:middle'><img data-recalc-dims=\"1\" src=\"https:\/\/i0.wp.com\/opistobranquis.info\/wp-content\/uploads\/kms\/cyan-circle-lv.png?w=900&#038;ssl=1\" style='display:block'><\/td><td style='padding:1px 0;vertical-align:middle;white-space:nowrap'>M@re Nostrum<\/td><\/tr><tr><td style='padding:1px 6px 1px 0;vertical-align:middle'><img data-recalc-dims=\"1\" src=\"https:\/\/i0.wp.com\/opistobranquis.info\/wp-content\/uploads\/kms\/grey-circle-lv.png?w=900&#038;ssl=1\" style='display:block'><\/td><td style='padding:1px 0;vertical-align:middle;white-space:nowrap'>Altres fonts<\/td><\/tr><tr><td style='padding:1px 6px 1px 0;vertical-align:middle'><img data-recalc-dims=\"1\" src=\"https:\/\/i0.wp.com\/opistobranquis.info\/wp-content\/uploads\/kms\/marreg.png?w=900&#038;ssl=1\" style='display:block'><\/td><td style='padding:1px 0;vertical-align:middle;white-space:nowrap'>Marine Regions<\/td><\/tr>        <\/table>\n      <\/td>\n    <\/tr>\n  <\/table>\n<\/div>\n<\/p>\n<p><strong>Error:<\/strong> Chart.js no est\u00e1 disponible.<\/p>\n<p><strong>Videos<\/strong><\/p>\n<p><iframe loading=\"lazy\" src=\"https:\/\/player.vimeo.com\/video\/924288305?dnt=1&amp;app_id=122963\" width=\"900\" height=\"506\" frameborder=\"0\" allow=\"autoplay; fullscreen; picture-in-picture; clipboard-write\"><\/iframe><\/p>\n<p><iframe loading=\"lazy\" src=\"https:\/\/player.vimeo.com\/video\/911674204?dnt=1&amp;app_id=122963\" width=\"900\" height=\"506\" frameborder=\"0\" allow=\"autoplay; fullscreen; picture-in-picture; clipboard-write\"><\/iframe><\/p>\n<p><iframe loading=\"lazy\" src=\"https:\/\/player.vimeo.com\/video\/911674252?dnt=1&amp;app_id=122963\" width=\"900\" height=\"506\" frameborder=\"0\" allow=\"autoplay; fullscreen; picture-in-picture; clipboard-write\"><\/iframe><\/p>\n<p>&nbsp;<\/p>\n<p><strong>Altres fotos<\/strong><br \/>\n<div class=\"tiled-gallery type-rectangular tiled-gallery-unresized\" data-original-width=\"900\" data-carousel-extra='{&quot;blog_id&quot;:1,&quot;permalink&quot;:&quot;https:\\\/\\\/opistobranquis.info\\\/ca\\\/guia\\\/nudibranchia\\\/doridina\\\/doridoidei\\\/polyceroidea\\\/plocamopherus-maderae\\\/&quot;,&quot;likes_blog_id&quot;:44192421}' itemscope itemtype=\"http:\/\/schema.org\/ImageGallery\" > <div class=\"gallery-row\" style=\"width: 900px; height: 425px;\" data-original-width=\"900\" data-original-height=\"425\" > <div class=\"gallery-group images-2\" style=\"width: 317px; height: 425px;\" data-original-width=\"317\" data-original-height=\"425\" > <div class=\"tiled-gallery-item tiled-gallery-item-large\" itemprop=\"associatedMedia\" itemscope itemtype=\"http:\/\/schema.org\/ImageObject\"> <a href=\"https:\/\/opistobranquis.info\/ca\/guia\/nudibranchia\/doridina\/doridoidei\/polyceroidea\/plocamopherus-maderae\/plocamopherus_maderae-by-bernard-picton-wikipedia\/\" border=\"0\" itemprop=\"url\"> <meta itemprop=\"width\" content=\"313\"> <meta itemprop=\"height\" content=\"209\"> <img decoding=\"async\" class=\"\" data-attachment-id=\"16993\" data-orig-file=\"https:\/\/opistobranquis.info\/wp-content\/uploads\/2014\/12\/Plocamopherus_maderae-by-Bernard-Picton-@-Wikipedia.jpg\" data-orig-size=\"2048,1367\" data-comments-opened=\"\" data-image-title=\"Plocamopherus maderae by Bernard Picton\" data-image-description=\"&lt;p&gt;Plocamopherus maderae by Bernard Picton&lt;\/p&gt; \" data-medium-file=\"https:\/\/i0.wp.com\/opistobranquis.info\/wp-content\/uploads\/2014\/12\/Plocamopherus_maderae-by-Bernard-Picton-%40-Wikipedia.jpg?fit=300%2C200&#038;ssl=1\" data-large-file=\"https:\/\/i0.wp.com\/opistobranquis.info\/wp-content\/uploads\/2014\/12\/Plocamopherus_maderae-by-Bernard-Picton-%40-Wikipedia.jpg?fit=900%2C600&#038;ssl=1\" src=\"https:\/\/i0.wp.com\/opistobranquis.info\/wp-content\/uploads\/2014\/12\/Plocamopherus_maderae-by-Bernard-Picton-%40-Wikipedia.jpg?w=313&#038;h=209&#038;ssl=1\" width=\"313\" height=\"209\" loading=\"lazy\" data-original-width=\"313\" data-original-height=\"209\" itemprop=\"http:\/\/schema.org\/image\" title=\"Plocamopherus maderae by Bernard Picton\" alt=\"Plocamopherus maderae by Bernard Picton\" style=\"width: 313px; height: 209px;\" \/> <\/a> <div class=\"tiled-gallery-caption\" itemprop=\"caption description\"> Plocamopherus maderae by Bernard Picton <\/div> <\/div> <div class=\"tiled-gallery-item tiled-gallery-item-large\" itemprop=\"associatedMedia\" itemscope itemtype=\"http:\/\/schema.org\/ImageObject\"> <a href=\"https:\/\/opistobranquis.info\/ca\/guia\/nudibranchia\/doridina\/doridoidei\/polyceroidea\/plocamopherus-maderae\/plocamopherus-maderae-gran-canaria-by-aketza-herrero-dsc_1393\/\" border=\"0\" itemprop=\"url\"> <meta itemprop=\"width\" content=\"313\"> <meta itemprop=\"height\" content=\"208\"> <img decoding=\"async\" class=\"\" data-attachment-id=\"18208\" data-orig-file=\"https:\/\/opistobranquis.info\/wp-content\/uploads\/2015\/02\/Plocamopherus-maderae-@-Gran-Canaria-by-Aketza-Herrero-DSC_1393-e1424426590199.jpg\" data-orig-size=\"800,531\" data-comments-opened=\"\" data-image-title=\"Plocamopherus maderae @ Gran Canaria by Aketza Herrero\" data-image-description=\"&lt;p&gt;Plocamopherus maderae @ Gran Canaria by Aketza Herrero&lt;\/p&gt; \" data-medium-file=\"https:\/\/i0.wp.com\/opistobranquis.info\/wp-content\/uploads\/2015\/02\/Plocamopherus-maderae-%40-Gran-Canaria-by-Aketza-Herrero-DSC_1393-e1424426590199.jpg?fit=300%2C199&#038;ssl=1\" data-large-file=\"https:\/\/i0.wp.com\/opistobranquis.info\/wp-content\/uploads\/2015\/02\/Plocamopherus-maderae-%40-Gran-Canaria-by-Aketza-Herrero-DSC_1393-e1424426590199.jpg?fit=900%2C598&#038;ssl=1\" src=\"https:\/\/i0.wp.com\/opistobranquis.info\/wp-content\/uploads\/2015\/02\/Plocamopherus-maderae-%40-Gran-Canaria-by-Aketza-Herrero-DSC_1393-e1424426590199.jpg?w=313&#038;h=208&#038;ssl=1\" width=\"313\" height=\"208\" loading=\"lazy\" data-original-width=\"313\" data-original-height=\"208\" itemprop=\"http:\/\/schema.org\/image\" title=\"Plocamopherus maderae @ Gran Canaria by Aketza Herrero\" alt=\"Plocamopherus maderae @ Gran Canaria by Aketza Herrero\" style=\"width: 313px; height: 208px;\" \/> <\/a> <div class=\"tiled-gallery-caption\" itemprop=\"caption description\"> Plocamopherus maderae @ Gran Canaria by Aketza Herrero <\/div> <\/div> <\/div> <!-- close group --> <div class=\"gallery-group images-1\" style=\"width: 284px; height: 425px;\" data-original-width=\"284\" data-original-height=\"425\" > <div class=\"tiled-gallery-item tiled-gallery-item-large\" itemprop=\"associatedMedia\" itemscope itemtype=\"http:\/\/schema.org\/ImageObject\"> <a href=\"https:\/\/opistobranquis.info\/ca\/guia\/nudibranchia\/doridina\/doridoidei\/polyceroidea\/plocamopherus-maderae\/plocamopherus-maderae-gran-canaria-by-aketza-herrero-dsc_1622\/\" border=\"0\" itemprop=\"url\"> <meta itemprop=\"width\" content=\"280\"> <meta itemprop=\"height\" content=\"421\"> <img decoding=\"async\" class=\"\" data-attachment-id=\"18209\" data-orig-file=\"https:\/\/opistobranquis.info\/wp-content\/uploads\/2015\/02\/Plocamopherus-maderae-@-Gran-Canaria-by-Aketza-Herrero-DSC_1622-e1424426564200.jpg\" data-orig-size=\"533,800\" data-comments-opened=\"\" data-image-title=\"Plocamopherus maderae @ Gran Canaria by Aketza Herrero\" data-image-description=\"&lt;p&gt;Plocamopherus maderae @ Gran Canaria by Aketza Herrero&lt;\/p&gt; \" data-medium-file=\"https:\/\/i0.wp.com\/opistobranquis.info\/wp-content\/uploads\/2015\/02\/Plocamopherus-maderae-%40-Gran-Canaria-by-Aketza-Herrero-DSC_1622-e1424426564200.jpg?fit=200%2C300&#038;ssl=1\" data-large-file=\"https:\/\/i0.wp.com\/opistobranquis.info\/wp-content\/uploads\/2015\/02\/Plocamopherus-maderae-%40-Gran-Canaria-by-Aketza-Herrero-DSC_1622-e1424426564200.jpg?fit=682%2C1024&#038;ssl=1\" src=\"https:\/\/i0.wp.com\/opistobranquis.info\/wp-content\/uploads\/2015\/02\/Plocamopherus-maderae-%40-Gran-Canaria-by-Aketza-Herrero-DSC_1622-e1424426564200.jpg?w=280&#038;h=421&#038;ssl=1\" width=\"280\" height=\"421\" loading=\"lazy\" data-original-width=\"280\" data-original-height=\"421\" itemprop=\"http:\/\/schema.org\/image\" title=\"Plocamopherus maderae @ Gran Canaria by Aketza Herrero\" alt=\"Plocamopherus maderae @ Gran Canaria by Aketza Herrero\" style=\"width: 280px; height: 421px;\" \/> <\/a> <div class=\"tiled-gallery-caption\" itemprop=\"caption description\"> Plocamopherus maderae @ Gran Canaria by Aketza Herrero <\/div> <\/div> <\/div> <!-- close group --> <div class=\"gallery-group images-2\" style=\"width: 299px; height: 425px;\" data-original-width=\"299\" data-original-height=\"425\" > <div class=\"tiled-gallery-item tiled-gallery-item-large\" itemprop=\"associatedMedia\" itemscope itemtype=\"http:\/\/schema.org\/ImageObject\"> <a href=\"https:\/\/opistobranquis.info\/ca\/guia\/nudibranchia\/doridina\/doridoidei\/polyceroidea\/plocamopherus-maderae\/plocamopherus-maderae-gran-canaria-by-aketza-herrero-dsc_0002\/\" border=\"0\" itemprop=\"url\"> <meta itemprop=\"width\" content=\"295\"> <meta itemprop=\"height\" content=\"196\"> <img decoding=\"async\" class=\"\" data-attachment-id=\"18210\" data-orig-file=\"https:\/\/opistobranquis.info\/wp-content\/uploads\/2015\/02\/Plocamopherus-maderae-@-Gran-Canaria-by-Aketza-Herrero-DSC_0002-e1424426539170.jpg\" data-orig-size=\"800,531\" data-comments-opened=\"\" data-image-title=\"Plocamopherus maderae @ Gran Canaria by Aketza Herrero\" data-image-description=\"&lt;p&gt;Plocamopherus maderae @ Gran Canaria by Aketza Herrero&lt;\/p&gt; \" data-medium-file=\"https:\/\/i0.wp.com\/opistobranquis.info\/wp-content\/uploads\/2015\/02\/Plocamopherus-maderae-%40-Gran-Canaria-by-Aketza-Herrero-DSC_0002-e1424426539170.jpg?fit=300%2C199&#038;ssl=1\" data-large-file=\"https:\/\/i0.wp.com\/opistobranquis.info\/wp-content\/uploads\/2015\/02\/Plocamopherus-maderae-%40-Gran-Canaria-by-Aketza-Herrero-DSC_0002-e1424426539170.jpg?fit=900%2C598&#038;ssl=1\" src=\"https:\/\/i0.wp.com\/opistobranquis.info\/wp-content\/uploads\/2015\/02\/Plocamopherus-maderae-%40-Gran-Canaria-by-Aketza-Herrero-DSC_0002-e1424426539170.jpg?w=295&#038;h=196&#038;ssl=1\" width=\"295\" height=\"196\" loading=\"lazy\" data-original-width=\"295\" data-original-height=\"196\" itemprop=\"http:\/\/schema.org\/image\" title=\"Plocamopherus maderae @ Gran Canaria by Aketza Herrero\" alt=\"Plocamopherus maderae @ Gran Canaria by Aketza Herrero\" style=\"width: 295px; height: 196px;\" \/> <\/a> <div class=\"tiled-gallery-caption\" itemprop=\"caption description\"> Plocamopherus maderae @ Gran Canaria by Aketza Herrero <\/div> <\/div> <div class=\"tiled-gallery-item tiled-gallery-item-large\" itemprop=\"associatedMedia\" itemscope itemtype=\"http:\/\/schema.org\/ImageObject\"> <a href=\"https:\/\/opistobranquis.info\/ca\/guia\/nudibranchia\/doridina\/doridoidei\/polyceroidea\/plocamopherus-maderae\/plocamopherus-maderae-lanzarote-24-04-2015-by-sue-chamberlain\/\" border=\"0\" itemprop=\"url\"> <meta itemprop=\"width\" content=\"295\"> <meta itemprop=\"height\" content=\"221\"> <img decoding=\"async\" class=\"\" data-attachment-id=\"19157\" data-orig-file=\"https:\/\/opistobranquis.info\/wp-content\/uploads\/2014\/12\/Plocamopherus-maderae-@-Lanzarote-24-04-2015-by-Sue-Chamberlain.jpg\" data-orig-size=\"2048,1536\" data-comments-opened=\"\" data-image-title=\"Plocamopherus maderae @ Lanzarote 24-04-2015 by Sue Chamberlain\" data-image-description=\"&lt;p&gt;Plocamopherus maderae @ Lanzarote 24-04-2015 by Sue Chamberlain&lt;\/p&gt; \" data-medium-file=\"https:\/\/i0.wp.com\/opistobranquis.info\/wp-content\/uploads\/2014\/12\/Plocamopherus-maderae-%40-Lanzarote-24-04-2015-by-Sue-Chamberlain.jpg?fit=300%2C225&#038;ssl=1\" data-large-file=\"https:\/\/i0.wp.com\/opistobranquis.info\/wp-content\/uploads\/2014\/12\/Plocamopherus-maderae-%40-Lanzarote-24-04-2015-by-Sue-Chamberlain.jpg?fit=900%2C675&#038;ssl=1\" src=\"https:\/\/i0.wp.com\/opistobranquis.info\/wp-content\/uploads\/2014\/12\/Plocamopherus-maderae-%40-Lanzarote-24-04-2015-by-Sue-Chamberlain.jpg?w=295&#038;h=221&#038;ssl=1\" width=\"295\" height=\"221\" loading=\"lazy\" data-original-width=\"295\" data-original-height=\"221\" itemprop=\"http:\/\/schema.org\/image\" title=\"Plocamopherus maderae @ Lanzarote 24-04-2015 by Sue Chamberlain\" alt=\"Plocamopherus maderae @ Lanzarote 24-04-2015 by Sue Chamberlain\" style=\"width: 295px; height: 221px;\" \/> <\/a> <div class=\"tiled-gallery-caption\" itemprop=\"caption description\"> Plocamopherus maderae @ Lanzarote 24-04-2015 by Sue Chamberlain <\/div> <\/div> <\/div> <!-- close group --> <\/div> <!-- close row --> <div class=\"gallery-row\" style=\"width: 900px; height: 611px;\" data-original-width=\"900\" data-original-height=\"611\" > <div class=\"gallery-group images-2\" style=\"width: 406px; height: 611px;\" data-original-width=\"406\" data-original-height=\"611\" > <div class=\"tiled-gallery-item tiled-gallery-item-large\" itemprop=\"associatedMedia\" itemscope itemtype=\"http:\/\/schema.org\/ImageObject\"> <a href=\"https:\/\/opistobranquis.info\/ca\/guia\/nudibranchia\/doridina\/doridoidei\/polyceroidea\/plocamopherus-maderae\/plocamopherus-maderae-lanzarote-24-04-2015-by-sue-chamberlain-2\/\" border=\"0\" itemprop=\"url\"> <meta itemprop=\"width\" content=\"402\"> <meta itemprop=\"height\" content=\"302\"> <img decoding=\"async\" class=\"\" data-attachment-id=\"19158\" data-orig-file=\"https:\/\/opistobranquis.info\/wp-content\/uploads\/2014\/12\/Plocamopherus-maderae-@-Lanzarote-24-04-2015-by-Sue-Chamberlain-2.jpg\" data-orig-size=\"2048,1536\" data-comments-opened=\"\" data-image-title=\"Plocamopherus maderae @ Lanzarote 24-04-2015 by Sue Chamberlain\" data-image-description=\"&lt;p&gt;Plocamopherus maderae @ Lanzarote 24-04-2015 by Sue Chamberlain&lt;\/p&gt; \" data-medium-file=\"https:\/\/i0.wp.com\/opistobranquis.info\/wp-content\/uploads\/2014\/12\/Plocamopherus-maderae-%40-Lanzarote-24-04-2015-by-Sue-Chamberlain-2.jpg?fit=300%2C225&#038;ssl=1\" data-large-file=\"https:\/\/i0.wp.com\/opistobranquis.info\/wp-content\/uploads\/2014\/12\/Plocamopherus-maderae-%40-Lanzarote-24-04-2015-by-Sue-Chamberlain-2.jpg?fit=900%2C675&#038;ssl=1\" src=\"https:\/\/i0.wp.com\/opistobranquis.info\/wp-content\/uploads\/2014\/12\/Plocamopherus-maderae-%40-Lanzarote-24-04-2015-by-Sue-Chamberlain-2.jpg?w=402&#038;h=302&#038;ssl=1\" width=\"402\" height=\"302\" loading=\"lazy\" data-original-width=\"402\" data-original-height=\"302\" itemprop=\"http:\/\/schema.org\/image\" title=\"Plocamopherus maderae @ Lanzarote 24-04-2015 by Sue Chamberlain\" alt=\"Plocamopherus maderae @ Lanzarote 24-04-2015 by Sue Chamberlain\" style=\"width: 402px; height: 302px;\" \/> <\/a> <div class=\"tiled-gallery-caption\" itemprop=\"caption description\"> Plocamopherus maderae @ Lanzarote 24-04-2015 by Sue Chamberlain <\/div> <\/div> <div class=\"tiled-gallery-item tiled-gallery-item-large\" itemprop=\"associatedMedia\" itemscope itemtype=\"http:\/\/schema.org\/ImageObject\"> <a href=\"https:\/\/opistobranquis.info\/ca\/guia\/nudibranchia\/doridina\/doridoidei\/polyceroidea\/plocamopherus-maderae\/plocamopherus-maderae-gran-canaria-by-pablo-samper-2\/\" border=\"0\" itemprop=\"url\"> <meta itemprop=\"width\" content=\"402\"> <meta itemprop=\"height\" content=\"301\"> <img decoding=\"async\" class=\"\" data-attachment-id=\"22543\" data-orig-file=\"https:\/\/opistobranquis.info\/wp-content\/uploads\/2014\/12\/Plocamopherus-maderae-@-Gran-Canaria-by-Pablo-Samper-2.jpg\" data-orig-size=\"960,720\" data-comments-opened=\"\" data-image-title=\"Plocamopherus maderae @ Gran Canaria by Pablo Samper\" data-image-description=\"&lt;p&gt;Plocamopherus maderae @ Gran Canaria by Pablo Samper&lt;\/p&gt; \" data-medium-file=\"https:\/\/i0.wp.com\/opistobranquis.info\/wp-content\/uploads\/2014\/12\/Plocamopherus-maderae-%40-Gran-Canaria-by-Pablo-Samper-2.jpg?fit=300%2C225&#038;ssl=1\" data-large-file=\"https:\/\/i0.wp.com\/opistobranquis.info\/wp-content\/uploads\/2014\/12\/Plocamopherus-maderae-%40-Gran-Canaria-by-Pablo-Samper-2.jpg?fit=900%2C675&#038;ssl=1\" src=\"https:\/\/i0.wp.com\/opistobranquis.info\/wp-content\/uploads\/2014\/12\/Plocamopherus-maderae-%40-Gran-Canaria-by-Pablo-Samper-2.jpg?w=402&#038;h=301&#038;ssl=1\" width=\"402\" height=\"301\" loading=\"lazy\" data-original-width=\"402\" data-original-height=\"301\" itemprop=\"http:\/\/schema.org\/image\" title=\"Plocamopherus maderae @ Gran Canaria by Pablo Samper\" alt=\"Plocamopherus maderae @ Gran Canaria by Pablo Samper\" style=\"width: 402px; height: 301px;\" \/> <\/a> <div class=\"tiled-gallery-caption\" itemprop=\"caption description\"> Plocamopherus maderae @ Gran Canaria by Pablo Samper <\/div> <\/div> <\/div> <!-- close group --> <div class=\"gallery-group images-1\" style=\"width: 494px; height: 611px;\" data-original-width=\"494\" data-original-height=\"611\" > <div class=\"tiled-gallery-item tiled-gallery-item-large\" itemprop=\"associatedMedia\" itemscope itemtype=\"http:\/\/schema.org\/ImageObject\"> <a href=\"https:\/\/opistobranquis.info\/ca\/guia\/nudibranchia\/doridina\/doridoidei\/polyceroidea\/plocamopherus-maderae\/plocamopherus-maderae-gran-canaria-by-pablo-samper\/\" border=\"0\" itemprop=\"url\"> <meta itemprop=\"width\" content=\"490\"> <meta itemprop=\"height\" content=\"607\"> <img decoding=\"async\" class=\"\" data-attachment-id=\"22544\" data-orig-file=\"https:\/\/opistobranquis.info\/wp-content\/uploads\/2014\/12\/Plocamopherus-maderae-@-Gran-Canaria-by-Pablo-Samper.jpg\" data-orig-size=\"774,960\" data-comments-opened=\"\" data-image-title=\"Plocamopherus maderae @ Gran Canaria by Pablo Samper\" data-image-description=\"&lt;p&gt;Plocamopherus maderae @ Gran Canaria by Pablo Samper&lt;\/p&gt; \" data-medium-file=\"https:\/\/i0.wp.com\/opistobranquis.info\/wp-content\/uploads\/2014\/12\/Plocamopherus-maderae-%40-Gran-Canaria-by-Pablo-Samper.jpg?fit=242%2C300&#038;ssl=1\" data-large-file=\"https:\/\/i0.wp.com\/opistobranquis.info\/wp-content\/uploads\/2014\/12\/Plocamopherus-maderae-%40-Gran-Canaria-by-Pablo-Samper.jpg?fit=774%2C960&#038;ssl=1\" src=\"https:\/\/i0.wp.com\/opistobranquis.info\/wp-content\/uploads\/2014\/12\/Plocamopherus-maderae-%40-Gran-Canaria-by-Pablo-Samper.jpg?w=490&#038;h=607&#038;ssl=1\" width=\"490\" height=\"607\" loading=\"lazy\" data-original-width=\"490\" data-original-height=\"607\" itemprop=\"http:\/\/schema.org\/image\" title=\"Plocamopherus maderae @ Gran Canaria by Pablo Samper\" alt=\"Plocamopherus maderae @ Gran Canaria by Pablo Samper\" style=\"width: 490px; height: 607px;\" \/> <\/a> <div class=\"tiled-gallery-caption\" itemprop=\"caption description\"> Plocamopherus maderae @ Gran Canaria by Pablo Samper <\/div> <\/div> <\/div> <!-- close group --> <\/div> <!-- close row --> <div class=\"gallery-row\" style=\"width: 900px; height: 339px;\" data-original-width=\"900\" data-original-height=\"339\" > <div class=\"gallery-group images-1\" style=\"width: 332px; height: 339px;\" data-original-width=\"332\" data-original-height=\"339\" > <div class=\"tiled-gallery-item tiled-gallery-item-large\" itemprop=\"associatedMedia\" itemscope itemtype=\"http:\/\/schema.org\/ImageObject\"> <a href=\"https:\/\/opistobranquis.info\/ca\/guia\/nudibranchia\/doridina\/doridoidei\/polyceroidea\/plocamopherus-maderae\/plocamopherus-maderae-tufia-gran-canaria-by-pablo-samper-6\/\" border=\"0\" itemprop=\"url\"> <meta itemprop=\"width\" content=\"328\"> <meta itemprop=\"height\" content=\"335\"> <img decoding=\"async\" class=\"\" data-attachment-id=\"22545\" data-orig-file=\"https:\/\/opistobranquis.info\/wp-content\/uploads\/2014\/12\/Plocamopherus-maderae-@-Tufia-Gran-Canaria-by-Pablo-Samper-6.jpg\" data-orig-size=\"939,960\" data-comments-opened=\"\" data-image-title=\"Plocamopherus maderae @ Tufia, Gran Canaria by Pablo Samper\" data-image-description=\"&lt;p&gt;Plocamopherus maderae @ Tufia, Gran Canaria by Pablo Samper&lt;\/p&gt; \" data-medium-file=\"https:\/\/i0.wp.com\/opistobranquis.info\/wp-content\/uploads\/2014\/12\/Plocamopherus-maderae-%40-Tufia-Gran-Canaria-by-Pablo-Samper-6.jpg?fit=293%2C300&#038;ssl=1\" data-large-file=\"https:\/\/i0.wp.com\/opistobranquis.info\/wp-content\/uploads\/2014\/12\/Plocamopherus-maderae-%40-Tufia-Gran-Canaria-by-Pablo-Samper-6.jpg?fit=900%2C920&#038;ssl=1\" src=\"https:\/\/i0.wp.com\/opistobranquis.info\/wp-content\/uploads\/2014\/12\/Plocamopherus-maderae-%40-Tufia-Gran-Canaria-by-Pablo-Samper-6.jpg?w=328&#038;h=335&#038;ssl=1\" width=\"328\" height=\"335\" loading=\"lazy\" data-original-width=\"328\" data-original-height=\"335\" itemprop=\"http:\/\/schema.org\/image\" title=\"Plocamopherus maderae @ Tufia, Gran Canaria by Pablo Samper\" alt=\"Plocamopherus maderae @ Tufia, Gran Canaria by Pablo Samper\" style=\"width: 328px; height: 335px;\" \/> <\/a> <div class=\"tiled-gallery-caption\" itemprop=\"caption description\"> Plocamopherus maderae @ Tufia, Gran Canaria by Pablo Samper <\/div> <\/div> <\/div> <!-- close group --> <div class=\"gallery-group images-2\" style=\"width: 252px; height: 339px;\" data-original-width=\"252\" data-original-height=\"339\" > <div class=\"tiled-gallery-item tiled-gallery-item-small\" itemprop=\"associatedMedia\" itemscope itemtype=\"http:\/\/schema.org\/ImageObject\"> <a href=\"https:\/\/opistobranquis.info\/ca\/guia\/nudibranchia\/doridina\/doridoidei\/polyceroidea\/plocamopherus-maderae\/plocamopherus-maderae-gran-canaria-by-jose-juan-calderin-penate\/\" border=\"0\" itemprop=\"url\"> <meta itemprop=\"width\" content=\"248\"> <meta itemprop=\"height\" content=\"166\"> <img decoding=\"async\" class=\"\" data-attachment-id=\"31859\" data-orig-file=\"https:\/\/opistobranquis.info\/wp-content\/uploads\/2021\/03\/Plocamopherus-maderae-@-Gran-Canaria-by-Jose-Juan-Calderin-Penate.jpg\" data-orig-size=\"1024,683\" data-comments-opened=\"\" data-image-title=\"Plocamopherus maderae @ Gran Canaria by Jose Juan Calder\u00edn Pe\u00f1ate\" data-image-description=\"&lt;p&gt;Plocamopherus maderae @ Gran Canaria by Jose Juan Calder\u00edn Pe\u00f1ate&lt;\/p&gt; \" data-medium-file=\"https:\/\/i0.wp.com\/opistobranquis.info\/wp-content\/uploads\/2021\/03\/Plocamopherus-maderae-%40-Gran-Canaria-by-Jose-Juan-Calderin-Penate.jpg?fit=300%2C200&#038;ssl=1\" data-large-file=\"https:\/\/i0.wp.com\/opistobranquis.info\/wp-content\/uploads\/2021\/03\/Plocamopherus-maderae-%40-Gran-Canaria-by-Jose-Juan-Calderin-Penate.jpg?fit=900%2C600&#038;ssl=1\" src=\"https:\/\/i0.wp.com\/opistobranquis.info\/wp-content\/uploads\/2021\/03\/Plocamopherus-maderae-%40-Gran-Canaria-by-Jose-Juan-Calderin-Penate.jpg?w=248&#038;h=166&#038;ssl=1\" width=\"248\" height=\"166\" loading=\"lazy\" data-original-width=\"248\" data-original-height=\"166\" itemprop=\"http:\/\/schema.org\/image\" title=\"Plocamopherus maderae @ Gran Canaria by Jose Juan Calder\u00edn Pe\u00f1ate\" alt=\"Plocamopherus maderae @ Gran Canaria by Jose Juan Calder\u00edn Pe\u00f1ate\" style=\"width: 248px; height: 166px;\" \/> <\/a> <div class=\"tiled-gallery-caption\" itemprop=\"caption description\"> Plocamopherus maderae @ Gran Canaria by Jose Juan Calder\u00edn Pe\u00f1ate <\/div> <\/div> <div class=\"tiled-gallery-item tiled-gallery-item-small\" itemprop=\"associatedMedia\" itemscope itemtype=\"http:\/\/schema.org\/ImageObject\"> <a href=\"https:\/\/opistobranquis.info\/ca\/guia\/nudibranchia\/doridina\/doridoidei\/polyceroidea\/plocamopherus-maderae\/plocamopherus-maderae-01\/\" border=\"0\" itemprop=\"url\"> <meta itemprop=\"width\" content=\"248\"> <meta itemprop=\"height\" content=\"165\"> <img decoding=\"async\" class=\"\" data-attachment-id=\"37916\" data-orig-file=\"https:\/\/opistobranquis.info\/wp-content\/uploads\/2023\/02\/Plocamopherus-maderae-01.jpg\" data-orig-size=\"1422,946\" data-comments-opened=\"\" data-image-title=\"Plocamopherus maderae @ La Laja, Gran Canaria by Mario Matute\" data-image-description=\"&lt;p&gt;Plocamopherus maderae @ La Laja, Gran Canaria by Mario Matute&lt;\/p&gt; \" data-medium-file=\"https:\/\/i0.wp.com\/opistobranquis.info\/wp-content\/uploads\/2023\/02\/Plocamopherus-maderae-01.jpg?fit=300%2C200&#038;ssl=1\" data-large-file=\"https:\/\/i0.wp.com\/opistobranquis.info\/wp-content\/uploads\/2023\/02\/Plocamopherus-maderae-01.jpg?fit=900%2C599&#038;ssl=1\" src=\"https:\/\/i0.wp.com\/opistobranquis.info\/wp-content\/uploads\/2023\/02\/Plocamopherus-maderae-01.jpg?w=248&#038;h=165&#038;ssl=1\" srcset=\"https:\/\/i0.wp.com\/opistobranquis.info\/wp-content\/uploads\/2023\/02\/Plocamopherus-maderae-01.jpg?w=1422&amp;ssl=1 1422w, https:\/\/i0.wp.com\/opistobranquis.info\/wp-content\/uploads\/2023\/02\/Plocamopherus-maderae-01.jpg?resize=300%2C200&amp;ssl=1 300w, https:\/\/i0.wp.com\/opistobranquis.info\/wp-content\/uploads\/2023\/02\/Plocamopherus-maderae-01.jpg?resize=1024%2C681&amp;ssl=1 1024w, https:\/\/i0.wp.com\/opistobranquis.info\/wp-content\/uploads\/2023\/02\/Plocamopherus-maderae-01.jpg?resize=150%2C100&amp;ssl=1 150w\" width=\"248\" height=\"165\" loading=\"lazy\" data-original-width=\"248\" data-original-height=\"165\" itemprop=\"http:\/\/schema.org\/image\" title=\"Plocamopherus maderae @ La Laja, Gran Canaria by Mario Matute\" alt=\"Plocamopherus maderae @ La Laja, Gran Canaria by Mario Matute\" style=\"width: 248px; height: 165px;\" \/> <\/a> <div class=\"tiled-gallery-caption\" itemprop=\"caption description\"> Plocamopherus maderae @ La Laja, Gran Canaria by Mario Matute <\/div> <\/div> <\/div> <!-- close group --> <div class=\"gallery-group images-1\" style=\"width: 316px; height: 339px;\" data-original-width=\"316\" data-original-height=\"339\" > <div class=\"tiled-gallery-item tiled-gallery-item-large\" itemprop=\"associatedMedia\" itemscope itemtype=\"http:\/\/schema.org\/ImageObject\"> <a href=\"https:\/\/opistobranquis.info\/ca\/guia\/nudibranchia\/doridina\/doridoidei\/polyceroidea\/plocamopherus-maderae\/plocamopherus-maderae-02\/\" border=\"0\" itemprop=\"url\"> <meta itemprop=\"width\" content=\"312\"> <meta itemprop=\"height\" content=\"335\"> <img decoding=\"async\" class=\"\" data-attachment-id=\"37917\" data-orig-file=\"https:\/\/opistobranquis.info\/wp-content\/uploads\/2023\/02\/Plocamopherus-maderae-02.jpg\" data-orig-size=\"1080,1158\" data-comments-opened=\"\" data-image-title=\"Plocamopherus maderae @ La Laja, Gran Canaria by Mario Matute\" data-image-description=\"&lt;p&gt;Plocamopherus maderae @ La Laja, Gran Canaria by Mario Matute&lt;\/p&gt; \" data-medium-file=\"https:\/\/i0.wp.com\/opistobranquis.info\/wp-content\/uploads\/2023\/02\/Plocamopherus-maderae-02.jpg?fit=280%2C300&#038;ssl=1\" data-large-file=\"https:\/\/i0.wp.com\/opistobranquis.info\/wp-content\/uploads\/2023\/02\/Plocamopherus-maderae-02.jpg?fit=900%2C965&#038;ssl=1\" src=\"https:\/\/i0.wp.com\/opistobranquis.info\/wp-content\/uploads\/2023\/02\/Plocamopherus-maderae-02.jpg?w=312&#038;h=335&#038;ssl=1\" srcset=\"https:\/\/i0.wp.com\/opistobranquis.info\/wp-content\/uploads\/2023\/02\/Plocamopherus-maderae-02.jpg?w=1080&amp;ssl=1 1080w, https:\/\/i0.wp.com\/opistobranquis.info\/wp-content\/uploads\/2023\/02\/Plocamopherus-maderae-02.jpg?resize=280%2C300&amp;ssl=1 280w, https:\/\/i0.wp.com\/opistobranquis.info\/wp-content\/uploads\/2023\/02\/Plocamopherus-maderae-02.jpg?resize=955%2C1024&amp;ssl=1 955w, https:\/\/i0.wp.com\/opistobranquis.info\/wp-content\/uploads\/2023\/02\/Plocamopherus-maderae-02.jpg?resize=140%2C150&amp;ssl=1 140w\" width=\"312\" height=\"335\" loading=\"lazy\" data-original-width=\"312\" data-original-height=\"335\" itemprop=\"http:\/\/schema.org\/image\" title=\"Plocamopherus maderae @ La Laja, Gran Canaria by Mario Matute\" alt=\"Plocamopherus maderae @ La Laja, Gran Canaria by Mario Matute\" style=\"width: 312px; height: 335px;\" \/> <\/a> <div class=\"tiled-gallery-caption\" itemprop=\"caption description\"> Plocamopherus maderae @ La Laja, Gran Canaria by Mario Matute <\/div> <\/div> <\/div> <!-- close group --> <\/div> <!-- close row --> <div class=\"gallery-row\" style=\"width: 900px; height: 263px;\" data-original-width=\"900\" data-original-height=\"263\" > <div class=\"gallery-group images-1\" style=\"width: 267px; height: 263px;\" data-original-width=\"267\" data-original-height=\"263\" > <div class=\"tiled-gallery-item tiled-gallery-item-large\" itemprop=\"associatedMedia\" itemscope itemtype=\"http:\/\/schema.org\/ImageObject\"> <a href=\"https:\/\/opistobranquis.info\/ca\/guia\/nudibranchia\/doridina\/doridoidei\/polyceroidea\/plocamopherus-maderae\/plocamopherus-maderae-cala-olivera-eivissa-spain-by-joan-pereyra\/\" border=\"0\" itemprop=\"url\"> <meta itemprop=\"width\" content=\"263\"> <meta itemprop=\"height\" content=\"259\"> <img decoding=\"async\" class=\"\" data-attachment-id=\"42980\" data-orig-file=\"https:\/\/opistobranquis.info\/wp-content\/uploads\/2024\/02\/Plocamopherus-maderae-@-Cala-Olivera-Eivissa-Spain-by-Joan-Pereyra.jpg\" data-orig-size=\"1080,1065\" data-comments-opened=\"\" data-image-title=\"Plocamopherus maderae @ Cala Olivera, Eivissa, Spain by Joan Pereyra\" data-image-description=\"&lt;p&gt;Plocamopherus maderae @ Cala Olivera, Eivissa, Spain by Joan Pereyra&lt;\/p&gt; \" data-medium-file=\"https:\/\/i0.wp.com\/opistobranquis.info\/wp-content\/uploads\/2024\/02\/Plocamopherus-maderae-%40-Cala-Olivera-Eivissa-Spain-by-Joan-Pereyra.jpg?fit=300%2C296&#038;ssl=1\" data-large-file=\"https:\/\/i0.wp.com\/opistobranquis.info\/wp-content\/uploads\/2024\/02\/Plocamopherus-maderae-%40-Cala-Olivera-Eivissa-Spain-by-Joan-Pereyra.jpg?fit=900%2C888&#038;ssl=1\" src=\"https:\/\/i0.wp.com\/opistobranquis.info\/wp-content\/uploads\/2024\/02\/Plocamopherus-maderae-%40-Cala-Olivera-Eivissa-Spain-by-Joan-Pereyra.jpg?w=263&#038;h=259&#038;ssl=1\" width=\"263\" height=\"259\" loading=\"lazy\" data-original-width=\"263\" data-original-height=\"259\" itemprop=\"http:\/\/schema.org\/image\" title=\"Plocamopherus maderae @ Cala Olivera, Eivissa, Spain by Joan Pereyra\" alt=\"Plocamopherus maderae @ Cala Olivera, Eivissa, Spain by Joan Pereyra\" style=\"width: 263px; height: 259px;\" \/> <\/a> <div class=\"tiled-gallery-caption\" itemprop=\"caption description\"> Plocamopherus maderae @ Cala Olivera, Eivissa, Spain by Joan Pereyra <\/div> <\/div> <\/div> <!-- close group --> <div class=\"gallery-group images-1\" style=\"width: 211px; height: 263px;\" data-original-width=\"211\" data-original-height=\"263\" > <div class=\"tiled-gallery-item tiled-gallery-item-small\" itemprop=\"associatedMedia\" itemscope itemtype=\"http:\/\/schema.org\/ImageObject\"> <a href=\"https:\/\/opistobranquis.info\/ca\/guia\/nudibranchia\/doridina\/doridoidei\/polyceroidea\/plocamopherus-maderae\/plocamopherus-maderae-granada-by-luis-sanchez-tocino\/\" border=\"0\" itemprop=\"url\"> <meta itemprop=\"width\" content=\"207\"> <meta itemprop=\"height\" content=\"259\"> <img decoding=\"async\" class=\"\" data-attachment-id=\"43027\" data-orig-file=\"https:\/\/opistobranquis.info\/wp-content\/uploads\/2024\/02\/Plocamopherus-maderae-@-Granada-by-Luis-Sanchez-Tocino.jpg\" data-orig-size=\"1000,1250\" data-comments-opened=\"\" data-image-title=\"Plocamopherus maderae @ Granada by Luis S\u00e1nchez Tocino\" data-image-description=\"&lt;p&gt;Plocamopherus maderae @ Granada by Luis S\u00e1nchez Tocino&lt;\/p&gt; \" data-medium-file=\"https:\/\/i0.wp.com\/opistobranquis.info\/wp-content\/uploads\/2024\/02\/Plocamopherus-maderae-%40-Granada-by-Luis-Sanchez-Tocino.jpg?fit=240%2C300&#038;ssl=1\" data-large-file=\"https:\/\/i0.wp.com\/opistobranquis.info\/wp-content\/uploads\/2024\/02\/Plocamopherus-maderae-%40-Granada-by-Luis-Sanchez-Tocino.jpg?fit=819%2C1024&#038;ssl=1\" src=\"https:\/\/i0.wp.com\/opistobranquis.info\/wp-content\/uploads\/2024\/02\/Plocamopherus-maderae-%40-Granada-by-Luis-Sanchez-Tocino.jpg?w=207&#038;h=259&#038;ssl=1\" width=\"207\" height=\"259\" loading=\"lazy\" data-original-width=\"207\" data-original-height=\"259\" itemprop=\"http:\/\/schema.org\/image\" title=\"Plocamopherus maderae @ Granada by Luis S\u00e1nchez Tocino\" alt=\"Plocamopherus maderae @ Granada by Luis S\u00e1nchez Tocino\" style=\"width: 207px; height: 259px;\" \/> <\/a> <div class=\"tiled-gallery-caption\" itemprop=\"caption description\"> Plocamopherus maderae @ Granada by Luis S\u00e1nchez Tocino <\/div> <\/div> <\/div> <!-- close group --> <div class=\"gallery-group images-1\" style=\"width: 211px; height: 263px;\" data-original-width=\"211\" data-original-height=\"263\" > <div class=\"tiled-gallery-item tiled-gallery-item-small\" itemprop=\"associatedMedia\" itemscope itemtype=\"http:\/\/schema.org\/ImageObject\"> <a href=\"https:\/\/opistobranquis.info\/ca\/guia\/nudibranchia\/doridina\/doridoidei\/polyceroidea\/plocamopherus-maderae\/plocamopherus-maderae-granada-by-luis-sanchez-tocino-2\/\" border=\"0\" itemprop=\"url\"> <meta itemprop=\"width\" content=\"207\"> <meta itemprop=\"height\" content=\"259\"> <img decoding=\"async\" class=\"\" data-attachment-id=\"43028\" data-orig-file=\"https:\/\/opistobranquis.info\/wp-content\/uploads\/2024\/02\/Plocamopherus-maderae-@-Granada-by-Luis-Sanchez-Tocino-2.jpg\" data-orig-size=\"1002,1250\" data-comments-opened=\"\" data-image-title=\"Plocamopherus maderae @ Granada by Luis S\u00e1nchez Tocino\" data-image-description=\"&lt;p&gt;Plocamopherus maderae @ Granada by Luis S\u00e1nchez Tocino&lt;\/p&gt; \" data-medium-file=\"https:\/\/i0.wp.com\/opistobranquis.info\/wp-content\/uploads\/2024\/02\/Plocamopherus-maderae-%40-Granada-by-Luis-Sanchez-Tocino-2.jpg?fit=240%2C300&#038;ssl=1\" data-large-file=\"https:\/\/i0.wp.com\/opistobranquis.info\/wp-content\/uploads\/2024\/02\/Plocamopherus-maderae-%40-Granada-by-Luis-Sanchez-Tocino-2.jpg?fit=821%2C1024&#038;ssl=1\" src=\"https:\/\/i0.wp.com\/opistobranquis.info\/wp-content\/uploads\/2024\/02\/Plocamopherus-maderae-%40-Granada-by-Luis-Sanchez-Tocino-2.jpg?w=207&#038;h=259&#038;ssl=1\" width=\"207\" height=\"259\" loading=\"lazy\" data-original-width=\"207\" data-original-height=\"259\" itemprop=\"http:\/\/schema.org\/image\" title=\"Plocamopherus maderae @ Granada by Luis S\u00e1nchez Tocino\" alt=\"Plocamopherus maderae @ Granada by Luis S\u00e1nchez Tocino\" style=\"width: 207px; height: 259px;\" \/> <\/a> <div class=\"tiled-gallery-caption\" itemprop=\"caption description\"> Plocamopherus maderae @ Granada by Luis S\u00e1nchez Tocino <\/div> <\/div> <\/div> <!-- close group --> <div class=\"gallery-group images-1\" style=\"width: 211px; height: 263px;\" data-original-width=\"211\" data-original-height=\"263\" > <div class=\"tiled-gallery-item tiled-gallery-item-small\" itemprop=\"associatedMedia\" itemscope itemtype=\"http:\/\/schema.org\/ImageObject\"> <a href=\"https:\/\/opistobranquis.info\/ca\/guia\/nudibranchia\/doridina\/doridoidei\/polyceroidea\/plocamopherus-maderae\/plocamopherus-maderae-granada-by-luis-sanchez-tocino2\/\" border=\"0\" itemprop=\"url\"> <meta itemprop=\"width\" content=\"207\"> <meta itemprop=\"height\" content=\"259\"> <img decoding=\"async\" class=\"\" data-attachment-id=\"43306\" data-orig-file=\"https:\/\/opistobranquis.info\/wp-content\/uploads\/2024\/03\/Plocamopherus-maderae-@-Granada-by-Luis-Sanchez-Tocino2.jpg\" data-orig-size=\"1000,1251\" data-comments-opened=\"\" data-image-title=\"Plocamopherus maderae @ Granada by Luis S\u00e1nchez Tocino\" data-image-description=\"&lt;p&gt;Plocamopherus maderae @ Granada by Luis S\u00e1nchez Tocino&lt;\/p&gt; \" data-medium-file=\"https:\/\/i0.wp.com\/opistobranquis.info\/wp-content\/uploads\/2024\/03\/Plocamopherus-maderae-%40-Granada-by-Luis-Sanchez-Tocino2.jpg?fit=240%2C300&#038;ssl=1\" data-large-file=\"https:\/\/i0.wp.com\/opistobranquis.info\/wp-content\/uploads\/2024\/03\/Plocamopherus-maderae-%40-Granada-by-Luis-Sanchez-Tocino2.jpg?fit=819%2C1024&#038;ssl=1\" src=\"https:\/\/i0.wp.com\/opistobranquis.info\/wp-content\/uploads\/2024\/03\/Plocamopherus-maderae-%40-Granada-by-Luis-Sanchez-Tocino2.jpg?w=207&#038;h=259&#038;ssl=1\" width=\"207\" height=\"259\" loading=\"lazy\" data-original-width=\"207\" data-original-height=\"259\" itemprop=\"http:\/\/schema.org\/image\" title=\"Plocamopherus maderae @ Granada by Luis S\u00e1nchez Tocino\" alt=\"Plocamopherus maderae @ Granada by Luis S\u00e1nchez Tocino\" style=\"width: 207px; height: 259px;\" \/> <\/a> <div class=\"tiled-gallery-caption\" itemprop=\"caption description\"> Plocamopherus maderae @ Granada by Luis S\u00e1nchez Tocino <\/div> <\/div> <\/div> <!-- close group --> <\/div> <!-- close row --> <div class=\"gallery-row\" style=\"width: 900px; height: 374px;\" data-original-width=\"900\" data-original-height=\"374\" > <div class=\"gallery-group images-1\" style=\"width: 300px; height: 374px;\" data-original-width=\"300\" data-original-height=\"374\" > <div class=\"tiled-gallery-item tiled-gallery-item-large\" itemprop=\"associatedMedia\" itemscope itemtype=\"http:\/\/schema.org\/ImageObject\"> <a href=\"https:\/\/opistobranquis.info\/ca\/guia\/nudibranchia\/doridina\/doridoidei\/polyceroidea\/plocamopherus-maderae\/plocamopherus-maderae-granada-by-luis-sanchez-tocino4\/\" border=\"0\" itemprop=\"url\"> <meta itemprop=\"width\" content=\"296\"> <meta itemprop=\"height\" content=\"370\"> <img decoding=\"async\" class=\"\" data-attachment-id=\"43307\" data-orig-file=\"https:\/\/opistobranquis.info\/wp-content\/uploads\/2024\/03\/Plocamopherus-maderae-@-Granada-by-Luis-Sanchez-Tocino4.jpg\" data-orig-size=\"1000,1250\" data-comments-opened=\"\" data-image-title=\"Plocamopherus maderae @ Granada by Luis S\u00e1nchez Tocino\" data-image-description=\"&lt;p&gt;Plocamopherus maderae @ Granada by Luis S\u00e1nchez Tocino&lt;\/p&gt; \" data-medium-file=\"https:\/\/i0.wp.com\/opistobranquis.info\/wp-content\/uploads\/2024\/03\/Plocamopherus-maderae-%40-Granada-by-Luis-Sanchez-Tocino4.jpg?fit=240%2C300&#038;ssl=1\" data-large-file=\"https:\/\/i0.wp.com\/opistobranquis.info\/wp-content\/uploads\/2024\/03\/Plocamopherus-maderae-%40-Granada-by-Luis-Sanchez-Tocino4.jpg?fit=819%2C1024&#038;ssl=1\" src=\"https:\/\/i0.wp.com\/opistobranquis.info\/wp-content\/uploads\/2024\/03\/Plocamopherus-maderae-%40-Granada-by-Luis-Sanchez-Tocino4.jpg?w=296&#038;h=370&#038;ssl=1\" width=\"296\" height=\"370\" loading=\"lazy\" data-original-width=\"296\" data-original-height=\"370\" itemprop=\"http:\/\/schema.org\/image\" title=\"Plocamopherus maderae @ Granada by Luis S\u00e1nchez Tocino\" alt=\"Plocamopherus maderae @ Granada by Luis S\u00e1nchez Tocino\" style=\"width: 296px; height: 370px;\" \/> <\/a> <div class=\"tiled-gallery-caption\" itemprop=\"caption description\"> Plocamopherus maderae @ Granada by Luis S\u00e1nchez Tocino <\/div> <\/div> <\/div> <!-- close group --> <div class=\"gallery-group images-1\" style=\"width: 301px; height: 374px;\" data-original-width=\"301\" data-original-height=\"374\" > <div class=\"tiled-gallery-item tiled-gallery-item-large\" itemprop=\"associatedMedia\" itemscope itemtype=\"http:\/\/schema.org\/ImageObject\"> <a href=\"https:\/\/opistobranquis.info\/ca\/guia\/nudibranchia\/doridina\/doridoidei\/polyceroidea\/plocamopherus-maderae\/plocamopherus-maderae-granada-by-luis-sanchez-tocino8\/\" border=\"0\" itemprop=\"url\"> <meta itemprop=\"width\" content=\"297\"> <meta itemprop=\"height\" content=\"370\"> <img decoding=\"async\" class=\"\" data-attachment-id=\"43308\" data-orig-file=\"https:\/\/opistobranquis.info\/wp-content\/uploads\/2024\/03\/Plocamopherus-maderae-@-Granada-by-Luis-Sanchez-Tocino8.jpg\" data-orig-size=\"1000,1247\" data-comments-opened=\"\" data-image-title=\"Plocamopherus maderae @ Granada by Luis S\u00e1nchez Tocino\" data-image-description=\"&lt;p&gt;Plocamopherus maderae @ Granada by Luis S\u00e1nchez Tocino&lt;\/p&gt; \" data-medium-file=\"https:\/\/i0.wp.com\/opistobranquis.info\/wp-content\/uploads\/2024\/03\/Plocamopherus-maderae-%40-Granada-by-Luis-Sanchez-Tocino8.jpg?fit=241%2C300&#038;ssl=1\" data-large-file=\"https:\/\/i0.wp.com\/opistobranquis.info\/wp-content\/uploads\/2024\/03\/Plocamopherus-maderae-%40-Granada-by-Luis-Sanchez-Tocino8.jpg?fit=821%2C1024&#038;ssl=1\" src=\"https:\/\/i0.wp.com\/opistobranquis.info\/wp-content\/uploads\/2024\/03\/Plocamopherus-maderae-%40-Granada-by-Luis-Sanchez-Tocino8.jpg?w=297&#038;h=370&#038;ssl=1\" width=\"297\" height=\"370\" loading=\"lazy\" data-original-width=\"297\" data-original-height=\"370\" itemprop=\"http:\/\/schema.org\/image\" title=\"Plocamopherus maderae @ Granada by Luis S\u00e1nchez Tocino\" alt=\"Plocamopherus maderae @ Granada by Luis S\u00e1nchez Tocino\" style=\"width: 297px; height: 370px;\" \/> <\/a> <div class=\"tiled-gallery-caption\" itemprop=\"caption description\"> Plocamopherus maderae @ Granada by Luis S\u00e1nchez Tocino <\/div> <\/div> <\/div> <!-- close group --> <div class=\"gallery-group images-1\" style=\"width: 299px; height: 374px;\" data-original-width=\"299\" data-original-height=\"374\" > <div class=\"tiled-gallery-item tiled-gallery-item-large\" itemprop=\"associatedMedia\" itemscope itemtype=\"http:\/\/schema.org\/ImageObject\"> <a href=\"https:\/\/opistobranquis.info\/ca\/guia\/nudibranchia\/doridina\/doridoidei\/polyceroidea\/plocamopherus-maderae\/plocamopherus-maderae-granada-by-luis-sanchez-tocino-3\/\" border=\"0\" itemprop=\"url\"> <meta itemprop=\"width\" content=\"295\"> <meta itemprop=\"height\" content=\"370\"> <img decoding=\"async\" class=\"\" data-attachment-id=\"43309\" data-orig-file=\"https:\/\/opistobranquis.info\/wp-content\/uploads\/2024\/03\/Plocamopherus-maderae-@-Granada-by-Luis-Sanchez-Tocino.jpg\" data-orig-size=\"1000,1254\" data-comments-opened=\"\" data-image-title=\"Plocamopherus maderae @ Granada by Luis S\u00e1nchez Tocino\" data-image-description=\"&lt;p&gt;Plocamopherus maderae @ Granada by Luis S\u00e1nchez Tocino&lt;\/p&gt; \" data-medium-file=\"https:\/\/i0.wp.com\/opistobranquis.info\/wp-content\/uploads\/2024\/03\/Plocamopherus-maderae-%40-Granada-by-Luis-Sanchez-Tocino.jpg?fit=239%2C300&#038;ssl=1\" data-large-file=\"https:\/\/i0.wp.com\/opistobranquis.info\/wp-content\/uploads\/2024\/03\/Plocamopherus-maderae-%40-Granada-by-Luis-Sanchez-Tocino.jpg?fit=817%2C1024&#038;ssl=1\" src=\"https:\/\/i0.wp.com\/opistobranquis.info\/wp-content\/uploads\/2024\/03\/Plocamopherus-maderae-%40-Granada-by-Luis-Sanchez-Tocino.jpg?w=295&#038;h=370&#038;ssl=1\" width=\"295\" height=\"370\" loading=\"lazy\" data-original-width=\"295\" data-original-height=\"370\" itemprop=\"http:\/\/schema.org\/image\" title=\"Plocamopherus maderae @ Granada by Luis S\u00e1nchez Tocino\" alt=\"Plocamopherus maderae @ Granada by Luis S\u00e1nchez Tocino\" style=\"width: 295px; height: 370px;\" \/> <\/a> <div class=\"tiled-gallery-caption\" itemprop=\"caption description\"> Plocamopherus maderae @ Granada by Luis S\u00e1nchez Tocino <\/div> <\/div> <\/div> <!-- close group --> <\/div> <!-- close row --> <\/div><\/p>\n<p><p><strong>Bibliografia<\/strong><\/p><ul><div id=\"zotpress-90eebcacc94a65d9f6173333a2551ec6\" class=\"zp-Zotpress zp-Zotpress-Bib wp-block-group\">\n\n\t\t<span class=\"ZP_API_USER_ID ZP_ATTR\">1246567<\/span>\n\t\t<span class=\"ZP_ITEM_KEY ZP_ATTR\"><\/span>\n\t\t<span class=\"ZP_COLLECTION_ID ZP_ATTR\"><\/span>\n\t\t<span class=\"ZP_TAG_ID ZP_ATTR\">Plocamopherus maderae<\/span>\n\t\t<span class=\"ZP_AUTHOR ZP_ATTR\"><\/span>\n\t\t<span class=\"ZP_YEAR ZP_ATTR\"><\/span>\n        <span class=\"ZP_ITEMTYPE ZP_ATTR\"><\/span>\n\t\t<span class=\"ZP_INCLUSIVE ZP_ATTR\">1<\/span>\n\t\t<span class=\"ZP_STYLE ZP_ATTR\">eunomia-revista-en-cultura-de-la-legalidad<\/span>\n\t\t<span class=\"ZP_LIMIT ZP_ATTR\">50<\/span>\n\t\t<span class=\"ZP_SORTBY ZP_ATTR\">creator<\/span>\n\t\t<span class=\"ZP_ORDER ZP_ATTR\">asc<\/span>\n\t\t<span class=\"ZP_TITLE ZP_ATTR\"><\/span>\n\t\t<span class=\"ZP_SHOWIMAGE ZP_ATTR\"><\/span>\n\t\t<span class=\"ZP_SHOWTAGS ZP_ATTR\"><\/span>\n\t\t<span class=\"ZP_DOWNLOADABLE ZP_ATTR\"><\/span>\n\t\t<span class=\"ZP_NOTES ZP_ATTR\"><\/span>\n\t\t<span class=\"ZP_ABSTRACT ZP_ATTR\"><\/span>\n\t\t<span class=\"ZP_CITEABLE ZP_ATTR\"><\/span>\n\t\t<span class=\"ZP_TARGET ZP_ATTR\">1<\/span>\n\t\t<span class=\"ZP_URLWRAP ZP_ATTR\"><\/span>\n\t\t<span class=\"ZP_FORCENUM ZP_ATTR\"><\/span>\n        <span class=\"ZP_HIGHLIGHT ZP_ATTR\"><\/span>\n        <span class=\"ZP_POSTID ZP_ATTR\">16992<\/span>\n\t\t<span class=\"ZOTPRESS_PLUGIN_URL ZP_ATTR\">https:\/\/opistobranquis.info\/wp-content\/plugins\/zotpress\/<\/span>\n\n\t\t<div class=\"zp-List loading\">\n\t\t\t<div class=\"zp-SEO-Content\">\n\t\t\t\t<span class=\"ZP_CACHETIMER ZP_ATTR\"><\/span><span class=\"ZP_JSON ZP_ATTR\">%7B%22status%22%3A%22success%22%2C%22updateneeded%22%3Afalse%2C%22instance%22%3Afalse%2C%22meta%22%3A%7B%22request_last%22%3A0%2C%22request_next%22%3A0%2C%22used_cache%22%3Atrue%7D%2C%22data%22%3A%5B%7B%22key%22%3A%224IQSJQCQ%22%2C%22library%22%3A%7B%22id%22%3A1246567%7D%2C%22meta%22%3A%7B%22creatorSummary%22%3A%22Abraham%22%2C%22parsedDate%22%3A%221876%22%2C%22numChildren%22%3A0%7D%2C%22bib%22%3A%22%26lt%3Bdiv%20class%3D%26quot%3Bcsl-bib-body%26quot%3B%20style%3D%26quot%3Bline-height%3A%201.35%3B%20padding-left%3A%201em%3B%20text-indent%3A-1em%3B%26quot%3B%26gt%3B%5Cn%20%20%26lt%3Bdiv%20class%3D%26quot%3Bcsl-entry%26quot%3B%26gt%3BAbraham%2C%20P.%20S.%20%281876%29.%20Note%20sur%20un%20nouveau%20mollusque%20nudibranche%20du%20genre%20Plocamopherus.%20Bulletin%20de%20la%20Societe%20Zoologique%20de%20France%201%3A287-290.%26lt%3B%5C%2Fdiv%26gt%3B%5Cn%26lt%3B%5C%2Fdiv%26gt%3B%22%2C%22data%22%3A%7B%22itemType%22%3A%22journalArticle%22%2C%22title%22%3A%22Note%20sur%20un%20nouveau%20mollusque%20nudibranche%20du%20genre%20Plocamopherus.%20Bulletin%20de%20la%20Societe%20Zoologique%20de%20France%201%3A287-290.%22%2C%22creators%22%3A%5B%7B%22creatorType%22%3A%22author%22%2C%22firstName%22%3A%22P.S.%22%2C%22lastName%22%3A%22Abraham%22%7D%5D%2C%22abstractNote%22%3A%22%22%2C%22date%22%3A%221876%22%2C%22section%22%3A%22%22%2C%22partNumber%22%3A%22%22%2C%22partTitle%22%3A%22%22%2C%22DOI%22%3A%22%22%2C%22citationKey%22%3A%22%22%2C%22url%22%3A%22%22%2C%22PMID%22%3A%22%22%2C%22PMCID%22%3A%22%22%2C%22ISSN%22%3A%22%22%2C%22language%22%3A%22%22%2C%22collections%22%3A%5B%2282T5E3QX%22%5D%2C%22dateModified%22%3A%222016-04-29T13%3A07%3A24Z%22%7D%7D%2C%7B%22key%22%3A%22FFMY4MWD%22%2C%22library%22%3A%7B%22id%22%3A1246567%7D%2C%22meta%22%3A%7B%22creatorSummary%22%3A%22Bacallado%20et%20al.%22%2C%22parsedDate%22%3A%222008%22%2C%22numChildren%22%3A0%7D%2C%22bib%22%3A%22%26lt%3Bdiv%20class%3D%26quot%3Bcsl-bib-body%26quot%3B%20style%3D%26quot%3Bline-height%3A%201.35%3B%20padding-left%3A%201em%3B%20text-indent%3A-1em%3B%26quot%3B%26gt%3B%5Cn%20%20%26lt%3Bdiv%20class%3D%26quot%3Bcsl-entry%26quot%3B%26gt%3BBacallado%2C%20J.%20J.%2C%20Ortea%2C%20J.%2C%20Moro%2C%20L.%2C%20Mart%26%23xED%3Bn%20Barrios%2C%20F.%20J.%2C%20Cruz%20Sim%26%23xF3%3B%2C%20T.%2C%20Mesa%20Hern%26%23xE1%3Bndez%2C%20R.%20%282008%29.%20Inventario%20de%20los%20moluscos%20de%20la%20marina%20de%20Arrecife%2C%20Lanzarote.%20%26lt%3Bi%26gt%3BCanarias%20Conservaci%26%23xF3%3Bn%26lt%3B%5C%2Fi%26gt%3B%2C%201-32.%26lt%3B%5C%2Fdiv%26gt%3B%5Cn%26lt%3B%5C%2Fdiv%26gt%3B%22%2C%22data%22%3A%7B%22itemType%22%3A%22journalArticle%22%2C%22title%22%3A%22Inventario%20de%20los%20moluscos%20de%20la%20marina%20de%20Arrecife%2C%20Lanzarote%22%2C%22creators%22%3A%5B%7B%22creatorType%22%3A%22author%22%2C%22firstName%22%3A%22J.J.%22%2C%22lastName%22%3A%22Bacallado%22%7D%2C%7B%22creatorType%22%3A%22author%22%2C%22firstName%22%3A%22J.%22%2C%22lastName%22%3A%22Ortea%22%7D%2C%7B%22creatorType%22%3A%22author%22%2C%22firstName%22%3A%22L.%22%2C%22lastName%22%3A%22Moro%22%7D%2C%7B%22creatorType%22%3A%22author%22%2C%22firstName%22%3A%22F.J.%22%2C%22lastName%22%3A%22Mart%5Cu00edn%20Barrios%22%7D%2C%7B%22creatorType%22%3A%22author%22%2C%22firstName%22%3A%22T.%22%2C%22lastName%22%3A%22Cruz%20Sim%5Cu00f3%22%7D%2C%7B%22creatorType%22%3A%22author%22%2C%22firstName%22%3A%22R.%22%2C%22lastName%22%3A%22Mesa%20Hern%5Cu00e1ndez%22%7D%5D%2C%22abstractNote%22%3A%22%22%2C%22date%22%3A%222008%22%2C%22section%22%3A%22%22%2C%22partNumber%22%3A%22%22%2C%22partTitle%22%3A%22%22%2C%22DOI%22%3A%22%22%2C%22citationKey%22%3A%22%22%2C%22url%22%3A%22https%3A%5C%2F%5C%2Fwww.canariasconservacion.org%5C%2FLA%2520MARINA%5C%2FDOC-16-Inventario%2520de%2520los%2520moluscos%2520de%2520la%2520marina%2520de%2520arrecife%25202008.pdf%22%2C%22PMID%22%3A%22%22%2C%22PMCID%22%3A%22%22%2C%22ISSN%22%3A%22%22%2C%22language%22%3A%22%22%2C%22collections%22%3A%5B%2282T5E3QX%22%5D%2C%22dateModified%22%3A%222025-12-15T21%3A59%3A02Z%22%7D%7D%2C%7B%22key%22%3A%22US4WQRA3%22%2C%22library%22%3A%7B%22id%22%3A1246567%7D%2C%22meta%22%3A%7B%22creatorSummary%22%3A%22Ballesteros%20et%20al.%22%2C%22parsedDate%22%3A%222026%22%2C%22numChildren%22%3A0%7D%2C%22bib%22%3A%22%26lt%3Bdiv%20class%3D%26quot%3Bcsl-bib-body%26quot%3B%20style%3D%26quot%3Bline-height%3A%201.35%3B%20padding-left%3A%201em%3B%20text-indent%3A-1em%3B%26quot%3B%26gt%3B%5Cn%20%20%26lt%3Bdiv%20class%3D%26quot%3Bcsl-entry%26quot%3B%26gt%3BBallesteros%2C%20M.%2C%20Madrenas%2C%20E.%2C%20Pontes%2C%20M.%20%282026%29.%20OPK%20-%20Opistobranquis.%20Disponible%20en%3A%20%26lt%3Ba%20class%3D%26%23039%3Bzp-ItemURL%26%23039%3B%20target%3D%26%23039%3B_blank%26%23039%3B%20href%3D%26%23039%3Bhttps%3A%5C%2F%5C%2Fopistobranquis.info%5C%2F%26%23039%3B%26gt%3Bhttps%3A%5C%2F%5C%2Fopistobranquis.info%5C%2F%26lt%3B%5C%2Fa%26gt%3B%20%5BAccedido%206%20de%20marzo%20de%202026%5D%26lt%3B%5C%2Fdiv%26gt%3B%5Cn%26lt%3B%5C%2Fdiv%26gt%3B%22%2C%22data%22%3A%7B%22itemType%22%3A%22webpage%22%2C%22title%22%3A%22OPK%20-%20Opistobranquis%22%2C%22creators%22%3A%5B%7B%22creatorType%22%3A%22author%22%2C%22firstName%22%3A%22M.%22%2C%22lastName%22%3A%22Ballesteros%22%7D%2C%7B%22creatorType%22%3A%22author%22%2C%22firstName%22%3A%22E.%22%2C%22lastName%22%3A%22Madrenas%22%7D%2C%7B%22creatorType%22%3A%22author%22%2C%22firstName%22%3A%22M.%22%2C%22lastName%22%3A%22Pontes%22%7D%5D%2C%22abstractNote%22%3A%22A%20website%20about%20the%20Mediterranean%20and%20Iberian%20opisthobranch%20species%2C%20including%20those%20from%20Eastern%20Atlantic%20shores%20and%20archipielagos.%20With%20detailed%20descriptions%2C%20pictures%2C%20videos%2C%20bibliography%20and%20links%20to%20other%20relevant%20websites.%22%2C%22date%22%3A%222026%22%2C%22DOI%22%3A%22%22%2C%22citationKey%22%3A%22%22%2C%22url%22%3A%22https%3A%5C%2F%5C%2Fopistobranquis.info%5C%2F%22%2C%22language%22%3A%22%22%2C%22collections%22%3A%5B%2222WZ5MYR%22%2C%2282T5E3QX%22%5D%2C%22dateModified%22%3A%222026-03-08T18%3A41%3A07Z%22%7D%7D%2C%7B%22key%22%3A%22KVW3GKNQ%22%2C%22library%22%3A%7B%22id%22%3A1246567%7D%2C%22meta%22%3A%7B%22creatorSummary%22%3A%22Bergh%22%2C%22parsedDate%22%3A%221879%22%2C%22numChildren%22%3A0%7D%2C%22bib%22%3A%22%26lt%3Bdiv%20class%3D%26quot%3Bcsl-bib-body%26quot%3B%20style%3D%26quot%3Bline-height%3A%201.35%3B%20padding-left%3A%201em%3B%20text-indent%3A-1em%3B%26quot%3B%26gt%3B%5Cn%20%20%26lt%3Bdiv%20class%3D%26quot%3Bcsl-entry%26quot%3B%26gt%3BBergh%2C%20L.%20S.%20R.%20%281879%29.%20Beitrage%20zu%20einer%20Monographie%20der%20Polyceraden%2C%20I.%20Verhandlungen%20der%20koniglich-kaiserlich%20Zoologisch-botanischen%20Gesellschaft%20in%20Wien%20%28Abhandlungen%29%2029%3A599-%20652%2C%20pls.%209-14.%26lt%3B%5C%2Fdiv%26gt%3B%5Cn%26lt%3B%5C%2Fdiv%26gt%3B%22%2C%22data%22%3A%7B%22itemType%22%3A%22journalArticle%22%2C%22title%22%3A%22Beitrage%20zu%20einer%20Monographie%20der%20Polyceraden%2C%20I.%20Verhandlungen%20der%20koniglich-kaiserlich%20Zoologisch-botanischen%20Gesellschaft%20in%20Wien%20%28Abhandlungen%29%2029%3A599-%20652%2C%20pls.%209-14.%22%2C%22creators%22%3A%5B%7B%22creatorType%22%3A%22author%22%2C%22firstName%22%3A%22L.S.R.%22%2C%22lastName%22%3A%22Bergh%22%7D%5D%2C%22abstractNote%22%3A%22%22%2C%22date%22%3A%221879%22%2C%22section%22%3A%22%22%2C%22partNumber%22%3A%22%22%2C%22partTitle%22%3A%22%22%2C%22DOI%22%3A%22%22%2C%22citationKey%22%3A%22%22%2C%22url%22%3A%22%22%2C%22PMID%22%3A%22%22%2C%22PMCID%22%3A%22%22%2C%22ISSN%22%3A%22%22%2C%22language%22%3A%22%22%2C%22collections%22%3A%5B%2282T5E3QX%22%5D%2C%22dateModified%22%3A%222016-04-29T13%3A03%3A11Z%22%7D%7D%2C%7B%22key%22%3A%22U9WJ9DNR%22%2C%22library%22%3A%7B%22id%22%3A1246567%7D%2C%22meta%22%3A%7B%22creatorSummary%22%3A%22Bergh%22%2C%22parsedDate%22%3A%221877%22%2C%22numChildren%22%3A0%7D%2C%22bib%22%3A%22%26lt%3Bdiv%20class%3D%26quot%3Bcsl-bib-body%26quot%3B%20style%3D%26quot%3Bline-height%3A%201.35%3B%20padding-left%3A%201em%3B%20text-indent%3A-1em%3B%26quot%3B%26gt%3B%5Cn%20%20%26lt%3Bdiv%20class%3D%26quot%3Bcsl-entry%26quot%3B%26gt%3BBergh%2C%20L.%20S.%20R.%20%281877%29.%20%26lt%3Bi%26gt%3BMalacologische%20Untersuchungen%2C%20In%3A%20Reisen%20im%20Archipel%20der%20Philippinen%20von%20Dr%20Carl%20Gottfried%20Semper.%26lt%3B%5C%2Fi%26gt%3B%20Wissenschaftliche%20Resultate.%20Band%202%2C%20Theil%202%2C%20Heft%2011%3B%20pp%20429-494%2C%20pls.%2054-57.%26lt%3B%5C%2Fdiv%26gt%3B%5Cn%26lt%3B%5C%2Fdiv%26gt%3B%22%2C%22data%22%3A%7B%22itemType%22%3A%22book%22%2C%22title%22%3A%22Malacologische%20Untersuchungen%2C%20In%3A%20Reisen%20im%20Archipel%20der%20Philippinen%20von%20Dr%20Carl%20Gottfried%20Semper.%22%2C%22creators%22%3A%5B%7B%22creatorType%22%3A%22author%22%2C%22firstName%22%3A%22L.S.R.%22%2C%22lastName%22%3A%22Bergh%22%7D%5D%2C%22abstractNote%22%3A%22%22%2C%22date%22%3A%221877%22%2C%22originalDate%22%3A%22%22%2C%22originalPublisher%22%3A%22%22%2C%22originalPlace%22%3A%22%22%2C%22format%22%3A%22%22%2C%22ISBN%22%3A%22%22%2C%22DOI%22%3A%22%22%2C%22citationKey%22%3A%22%22%2C%22url%22%3A%22%22%2C%22ISSN%22%3A%22%22%2C%22language%22%3A%22%22%2C%22collections%22%3A%5B%2282T5E3QX%22%5D%2C%22dateModified%22%3A%222016-04-29T13%3A08%3A11Z%22%7D%7D%2C%7B%22key%22%3A%22AZN7TQ7R%22%2C%22library%22%3A%7B%22id%22%3A1246567%7D%2C%22meta%22%3A%7B%22creatorSummary%22%3A%22Bergh%22%2C%22parsedDate%22%3A%221883%22%2C%22numChildren%22%3A0%7D%2C%22bib%22%3A%22%26lt%3Bdiv%20class%3D%26quot%3Bcsl-bib-body%26quot%3B%20style%3D%26quot%3Bline-height%3A%201.35%3B%20padding-left%3A%201em%3B%20text-indent%3A-1em%3B%26quot%3B%26gt%3B%5Cn%20%20%26lt%3Bdiv%20class%3D%26quot%3Bcsl-entry%26quot%3B%26gt%3BBergh%2C%20L.%20S.%20R.%20%281883%29.%20Beitrage%20zu%20einer%20Monographie%20der%20Polyceraden.%20III.%20Verhandlungen%20der%20koniglich-kaiserlich%20Zoologisch-botanischen%20Gesellschaft%20in%20Wien%20%28Abhandlungen%29%2033%3A135-%20180%2C%20pls.%206-10.%26lt%3B%5C%2Fdiv%26gt%3B%5Cn%26lt%3B%5C%2Fdiv%26gt%3B%22%2C%22data%22%3A%7B%22itemType%22%3A%22journalArticle%22%2C%22title%22%3A%22Beitrage%20zu%20einer%20Monographie%20der%20Polyceraden.%20III.%20Verhandlungen%20der%20koniglich-kaiserlich%20Zoologisch-botanischen%20Gesellschaft%20in%20Wien%20%28Abhandlungen%29%2033%3A135-%20180%2C%20pls.%206-10.%22%2C%22creators%22%3A%5B%7B%22creatorType%22%3A%22author%22%2C%22firstName%22%3A%22L.S.R.%22%2C%22lastName%22%3A%22Bergh%22%7D%5D%2C%22abstractNote%22%3A%22%22%2C%22date%22%3A%221883%22%2C%22section%22%3A%22%22%2C%22partNumber%22%3A%22%22%2C%22partTitle%22%3A%22%22%2C%22DOI%22%3A%22%22%2C%22citationKey%22%3A%22%22%2C%22url%22%3A%22%22%2C%22PMID%22%3A%22%22%2C%22PMCID%22%3A%22%22%2C%22ISSN%22%3A%22%22%2C%22language%22%3A%22%22%2C%22collections%22%3A%5B%2282T5E3QX%22%5D%2C%22dateModified%22%3A%222025-03-02T09%3A09%3A29Z%22%7D%7D%2C%7B%22key%22%3A%22TRAHJMFI%22%2C%22library%22%3A%7B%22id%22%3A1246567%7D%2C%22meta%22%3A%7B%22creatorSummary%22%3A%22Bergh%22%2C%22parsedDate%22%3A%221890%22%2C%22numChildren%22%3A0%7D%2C%22bib%22%3A%22%26lt%3Bdiv%20class%3D%26quot%3Bcsl-bib-body%26quot%3B%20style%3D%26quot%3Bline-height%3A%201.35%3B%20padding-left%3A%201em%3B%20text-indent%3A-1em%3B%26quot%3B%26gt%3B%5Cn%20%20%26lt%3Bdiv%20class%3D%26quot%3Bcsl-entry%26quot%3B%26gt%3BBergh%2C%20L.%20S.%20R.%20%281890%29.%20%26lt%3Bi%26gt%3BDie%20Nudibranchien%20des%20%26%23x201C%3BSunda-Meeres%26%23x201D%3B.%20Malacologische%20Untersuchungen.%20In%3A%26%23xA0%3B%20Reisen%20im%20Archipel%20der%20Philippinen%20von%20Dr.%20Carl%20Gottfried%20Semper.%20Zweiter%20Theil.%26lt%3B%5C%2Fi%26gt%3B%26lt%3B%5C%2Fdiv%26gt%3B%5Cn%26lt%3B%5C%2Fdiv%26gt%3B%22%2C%22data%22%3A%7B%22itemType%22%3A%22book%22%2C%22title%22%3A%22Die%20Nudibranchien%20des%20%5Cu201cSunda-Meeres%5Cu201d.%20Malacologische%20Untersuchungen.%20In%3A%20%20Reisen%20im%20Archipel%20der%20Philippinen%20von%20Dr.%20Carl%20Gottfried%20Semper.%20Zweiter%20Theil.%22%2C%22creators%22%3A%5B%7B%22creatorType%22%3A%22author%22%2C%22firstName%22%3A%22L.S.R.%22%2C%22lastName%22%3A%22Bergh%22%7D%5D%2C%22abstractNote%22%3A%22%22%2C%22date%22%3A%221890%22%2C%22originalDate%22%3A%22%22%2C%22originalPublisher%22%3A%22%22%2C%22originalPlace%22%3A%22%22%2C%22format%22%3A%22%22%2C%22ISBN%22%3A%22%22%2C%22DOI%22%3A%22%22%2C%22citationKey%22%3A%22%22%2C%22url%22%3A%22%22%2C%22ISSN%22%3A%22%22%2C%22language%22%3A%22%22%2C%22collections%22%3A%5B%2282T5E3QX%22%5D%2C%22dateModified%22%3A%222025-03-02T09%3A09%3A29Z%22%7D%7D%2C%7B%22key%22%3A%22GA35RD4B%22%2C%22library%22%3A%7B%22id%22%3A1246567%7D%2C%22meta%22%3A%7B%22creatorSummary%22%3A%22Bergh%22%2C%22parsedDate%22%3A%221892%22%2C%22numChildren%22%3A0%7D%2C%22bib%22%3A%22%26lt%3Bdiv%20class%3D%26quot%3Bcsl-bib-body%26quot%3B%20style%3D%26quot%3Bline-height%3A%201.35%3B%20padding-left%3A%201em%3B%20text-indent%3A-1em%3B%26quot%3B%26gt%3B%5Cn%20%20%26lt%3Bdiv%20class%3D%26quot%3Bcsl-entry%26quot%3B%26gt%3BBergh%2C%20R.%20%281892%29.%20%26lt%3Bi%26gt%3BSystem%20der%20Nudibranchiaten%20Gasteropoden%26lt%3B%5C%2Fi%26gt%3B.%20Malacologische%20Untersuchungen.%20In%3A%20Reisen%20im%20Archipel%20der%20Philippinen%20von%20Dr.%20Carl%20Gottfried%20Semper.%20Zweiter%20Theil%23Wissenschaftliche%20Resultate.%20Band%207%2C%20Theil%205.%20%5Bpp.%201%26%23x2013%3B51%2C%20pls%201%26%23x2013%3B4%2C%20Mar.%201897%3B%20pp.%2053%26%23x2013%3B115%2C%20pls%205%26%23x2013%3B8%2C%20Dec.%201897%3B%20pp.%20117%26%23x2013%3B158%2C%20pls%209%26%23x2013%3B12%2C%20Nov.%201898%3B%20pp.%20159%26%23x2013%3B208%2C%20pls%2013%26%23x2013%3B16%2C%2027%20Mar.%201900%3B%20pp.%20209%26%23x2013%3B256%2C%20pls%2017%26%23x2013%3B20%2C%2029%20Jan.%201901%3B%20pp.%20257%26%23x2013%3B312%2C%20pls.%2021%26%23x2013%3B24%2C%2015%20Oct.%201901%3B%20pp.%20313%26%23x2013%3B382%2C%20pls%2025%26%23x2013%3B29%2C%207%20Oct.%201902%5D.%26lt%3B%5C%2Fdiv%26gt%3B%5Cn%26lt%3B%5C%2Fdiv%26gt%3B%22%2C%22data%22%3A%7B%22itemType%22%3A%22book%22%2C%22title%22%3A%22System%20der%20Nudibranchiaten%20Gasteropoden%22%2C%22creators%22%3A%5B%7B%22creatorType%22%3A%22author%22%2C%22firstName%22%3A%22Rudolph%22%2C%22lastName%22%3A%22Bergh%22%7D%5D%2C%22abstractNote%22%3A%22%22%2C%22date%22%3A%221892%22%2C%22originalDate%22%3A%22%22%2C%22originalPublisher%22%3A%22%22%2C%22originalPlace%22%3A%22%22%2C%22format%22%3A%22%22%2C%22ISBN%22%3A%22%22%2C%22DOI%22%3A%22%22%2C%22citationKey%22%3A%22%22%2C%22url%22%3A%22%22%2C%22ISSN%22%3A%22%22%2C%22language%22%3A%22%22%2C%22collections%22%3A%5B%2282T5E3QX%22%5D%2C%22dateModified%22%3A%222025-12-15T21%3A59%3A42Z%22%7D%7D%2C%7B%22key%22%3A%22ET2HBM6T%22%2C%22library%22%3A%7B%22id%22%3A1246567%7D%2C%22meta%22%3A%7B%22creatorSummary%22%3A%22Cervera%20et%20al.%22%2C%22parsedDate%22%3A%221988%22%2C%22numChildren%22%3A0%7D%2C%22bib%22%3A%22%26lt%3Bdiv%20class%3D%26quot%3Bcsl-bib-body%26quot%3B%20style%3D%26quot%3Bline-height%3A%201.35%3B%20padding-left%3A%201em%3B%20text-indent%3A-1em%3B%26quot%3B%26gt%3B%5Cn%20%20%26lt%3Bdiv%20class%3D%26quot%3Bcsl-entry%26quot%3B%26gt%3BCervera%2C%20J.%20L.%2C%20Templado%2C%20J.%2C%20Garc%26%23xED%3Ba-G%26%23xF3%3Bmez%2C%20J.%20C.%2C%20Ballesteros%2C%20M.%2C%20Ortea%2C%20J.%2C%20Garc%26%23xED%3Ba%2C%20F.%20J.%2C%20Ros%2C%20J.%2C%20Luque%2C%20A.%20A.%20%281988%29.%20Cat%26%23xE1%3Blogo%20actualizado%20y%20comentado%20de%20los%20Opistobranquios%20%28Mollusca%2C%20Gastropoda%29%20de%20la%20Pen%26%23xED%3Bnsula%20Ib%26%23xE9%3Brica%2C%20Baleares%20y%20Canarias%2C%20con%20algunas%20referencias%20a%20Ceuta%20y%20la%20isla%20de%20Albor%26%23xE1%3Bn.%20%26lt%3Bi%26gt%3BIberus%26lt%3B%5C%2Fi%26gt%3B%2C%20%26lt%3Bi%26gt%3BSupl.%201%26lt%3B%5C%2Fi%26gt%3B%2C%201-84.%26lt%3B%5C%2Fdiv%26gt%3B%5Cn%26lt%3B%5C%2Fdiv%26gt%3B%22%2C%22data%22%3A%7B%22itemType%22%3A%22journalArticle%22%2C%22title%22%3A%22Cat%5Cu00e1logo%20actualizado%20y%20comentado%20de%20los%20Opistobranquios%20%28Mollusca%2C%20Gastropoda%29%20de%20la%20Pen%5Cu00ednsula%20Ib%5Cu00e9rica%2C%20Baleares%20y%20Canarias%2C%20con%20algunas%20referencias%20a%20Ceuta%20y%20la%20isla%20de%20Albor%5Cu00e1n.%22%2C%22creators%22%3A%5B%7B%22creatorType%22%3A%22author%22%2C%22firstName%22%3A%22J.L.%22%2C%22lastName%22%3A%22Cervera%22%7D%2C%7B%22creatorType%22%3A%22author%22%2C%22firstName%22%3A%22J.%22%2C%22lastName%22%3A%22Templado%22%7D%2C%7B%22creatorType%22%3A%22author%22%2C%22firstName%22%3A%22J.C.%22%2C%22lastName%22%3A%22Garc%5Cu00eda-G%5Cu00f3mez%22%7D%2C%7B%22creatorType%22%3A%22author%22%2C%22firstName%22%3A%22M.%22%2C%22lastName%22%3A%22Ballesteros%22%7D%2C%7B%22creatorType%22%3A%22author%22%2C%22firstName%22%3A%22J.%22%2C%22lastName%22%3A%22Ortea%22%7D%2C%7B%22creatorType%22%3A%22author%22%2C%22firstName%22%3A%22F.J.%22%2C%22lastName%22%3A%22Garc%5Cu00eda%22%7D%2C%7B%22creatorType%22%3A%22author%22%2C%22firstName%22%3A%22J.%22%2C%22lastName%22%3A%22Ros%22%7D%2C%7B%22creatorType%22%3A%22author%22%2C%22firstName%22%3A%22A.A.%22%2C%22lastName%22%3A%22Luque%22%7D%5D%2C%22abstractNote%22%3A%22%22%2C%22date%22%3A%221988%22%2C%22section%22%3A%22%22%2C%22partNumber%22%3A%22%22%2C%22partTitle%22%3A%22%22%2C%22DOI%22%3A%22%22%2C%22citationKey%22%3A%22%22%2C%22url%22%3A%22%22%2C%22PMID%22%3A%22%22%2C%22PMCID%22%3A%22%22%2C%22ISSN%22%3A%22%22%2C%22language%22%3A%22%22%2C%22collections%22%3A%5B%2282T5E3QX%22%5D%2C%22dateModified%22%3A%222026-03-07T16%3A00%3A29Z%22%7D%7D%2C%7B%22key%22%3A%22HM8AG4CQ%22%2C%22library%22%3A%7B%22id%22%3A1246567%7D%2C%22meta%22%3A%7B%22creatorSummary%22%3A%22Cervera%20et%20al.%22%2C%22parsedDate%22%3A%222004%22%2C%22numChildren%22%3A0%7D%2C%22bib%22%3A%22%26lt%3Bdiv%20class%3D%26quot%3Bcsl-bib-body%26quot%3B%20style%3D%26quot%3Bline-height%3A%201.35%3B%20padding-left%3A%201em%3B%20text-indent%3A-1em%3B%26quot%3B%26gt%3B%5Cn%20%20%26lt%3Bdiv%20class%3D%26quot%3Bcsl-entry%26quot%3B%26gt%3BCervera%2C%20J.%20L.%2C%20Calado%2C%20G.%2C%20Gavaia%2C%20C.%2C%20Malaqu%26%23xED%3Bas%2C%20M.%20A.%20E.%2C%20Templado%2C%20J.%2C%20Ballesteros%2C%20M.%2C%20Garc%26%23xED%3Ba-G%26%23xF3%3Bmez%2C%20J.%20C.%2C%20Megina%2C%20C.%20%282004%29.%20An%20annotated%20and%20updated%20checklist%20of%20the%20opisthobranchs%20%28Mollusca%3A%20Gastropoda%29%20from%20Spain%20and%20Portugal%20%28including%20islands%20and%20archipelagos%29.%20%26lt%3Bi%26gt%3BBolet%26%23xED%3Bn%20Instituto%20Espa%26%23xF1%3Bol%20de%20Oceanograf%26%23xED%3Ba%26lt%3B%5C%2Fi%26gt%3B%2C%20%26lt%3Bi%26gt%3B20%26lt%3B%5C%2Fi%26gt%3B%281-4%29%2C%201-111.%26lt%3B%5C%2Fdiv%26gt%3B%5Cn%26lt%3B%5C%2Fdiv%26gt%3B%22%2C%22data%22%3A%7B%22itemType%22%3A%22journalArticle%22%2C%22title%22%3A%22An%20annotated%20and%20updated%20checklist%20of%20the%20opisthobranchs%20%28Mollusca%3A%20Gastropoda%29%20from%20Spain%20and%20Portugal%20%28including%20islands%20and%20archipelagos%29.%22%2C%22creators%22%3A%5B%7B%22creatorType%22%3A%22author%22%2C%22firstName%22%3A%22J.L.%22%2C%22lastName%22%3A%22Cervera%22%7D%2C%7B%22creatorType%22%3A%22author%22%2C%22firstName%22%3A%22G.%22%2C%22lastName%22%3A%22Calado%22%7D%2C%7B%22creatorType%22%3A%22author%22%2C%22firstName%22%3A%22C.%22%2C%22lastName%22%3A%22Gavaia%22%7D%2C%7B%22creatorType%22%3A%22author%22%2C%22firstName%22%3A%22M.A.E.%22%2C%22lastName%22%3A%22Malaqu%5Cu00edas%22%7D%2C%7B%22creatorType%22%3A%22author%22%2C%22firstName%22%3A%22J.%22%2C%22lastName%22%3A%22Templado%22%7D%2C%7B%22creatorType%22%3A%22author%22%2C%22firstName%22%3A%22M.%22%2C%22lastName%22%3A%22Ballesteros%22%7D%2C%7B%22creatorType%22%3A%22author%22%2C%22firstName%22%3A%22J.C.%22%2C%22lastName%22%3A%22Garc%5Cu00eda-G%5Cu00f3mez%22%7D%2C%7B%22creatorType%22%3A%22author%22%2C%22firstName%22%3A%22C.%22%2C%22lastName%22%3A%22Megina%22%7D%5D%2C%22abstractNote%22%3A%22The%20present%20publication%20is%20a%20new%20annotated%20and%20updated%20checklist%20of%20the%20opisthobranchs%20%28Mollusca%2C%20Gastropoda%29%20from%20the%20Spanish%20and%20Portuguese%20coasts%2C%20including%20their%20Atlantic%20archipelagos%20%28Azores%2C%20Madeira%2C%20Selvagens%20and%20Canary%20Islands%29.%20The%20bathyal%20species%20recorded%20from%20the%20continental%20shelf%20of%20all%20these%20areas%20are%20also%20included.%20Incorporating%20a%20review%20of%20the%20literature%2C%20523%20species%20are%20included%20on%20the%20present%20checklist%2C%2023%20belonging%20to%20Architectibranchia%2C%20111%20to%20Cephalaspidea%20s.%20s.%2C%2014%20to%20Anaspidea%2C%204%20to%20Acochlidiomorpha%2C%2037%20to%20Thecosomata%2C%207%20to%20Gymnosomata%2C%2043%20to%20Sacoglossa%2C%203%20to%20Umbraculoidea%2C%2016%20to%20Pleurobranchoidea%20and%20265%20to%20Nudibranchia%3A%20127%20Doridoidea%2C%2042%20Dendronotoidea%2C%209%20Arminoidea%2C%20and%2087%20Aeolidoidea.%20The%20records%20these%20species%20have%20been%20divided%20into%2012%20geographic%20sectors%3A%201%29%20Spanish%20coast%20on%20the%20Bay%20of%20Biscay%3B%202%29%20Galicia%3B%203%29%20mainland%20coast%20of%20Portugal%3B%204%29%20Andalusian%20Atlantic%20coast%3B%205%29%20Straits%20of%20Gibraltar%2C%20including%20Ceuta%20%28northern%20Africa%29%3B%206%29%20Andalusian%20Mediterranean%20coast%2C%20including%20Albor%5Cu00e1n%20Island%3B%207%29%20Spanish%20Levant%2C%20from%20Cape%20Gata%20to%20Catalonia%3B%208%29%20Catalonia%2C%20including%20the%20Columbretes%20Islands%3B%209%29%20Balearic%20Islands%3B%2010%29%20Canary%20and%20Selvagens%20Islands%3B%2011%29%20Madeira%3B%20and%2012%29%20the%20Azores.%20The%20biogeographical%20relationships%20among%20these%20selected%20areas%20are%20discussed%20in%20the%20present%20paper%5Cu2019s%20Conclusions.%20Taxonomic%20comments%20about%20many%20of%20the%20taxa%20cited%20are%20also%20included.%20It%20is%20noteworthy%20that%20since%201975%2C%20a%20total%20of%20117%20specific%20taxa%20have%20been%20described%20as%20new%20to%20science%20in%20the%20studied%20area.%20Some%20of%20them%20are%20currently%20considered%20synonyms%2C%20and%20others%20are%20pending%20an%20adequate%20revision.%22%2C%22date%22%3A%222004%22%2C%22section%22%3A%22%22%2C%22partNumber%22%3A%22%22%2C%22partTitle%22%3A%22%22%2C%22DOI%22%3A%22%22%2C%22citationKey%22%3A%22%22%2C%22url%22%3A%22%22%2C%22PMID%22%3A%22%22%2C%22PMCID%22%3A%22%22%2C%22ISSN%22%3A%22%22%2C%22language%22%3A%22%22%2C%22collections%22%3A%5B%2282T5E3QX%22%5D%2C%22dateModified%22%3A%222026-07-11T14%3A14%3A59Z%22%7D%7D%2C%7B%22key%22%3A%22K4I6DMIF%22%2C%22library%22%3A%7B%22id%22%3A1246567%7D%2C%22meta%22%3A%7B%22creatorSummary%22%3A%22Debelius%20and%20Kuiter%22%2C%22parsedDate%22%3A%222007%22%2C%22numChildren%22%3A0%7D%2C%22bib%22%3A%22%26lt%3Bdiv%20class%3D%26quot%3Bcsl-bib-body%26quot%3B%20style%3D%26quot%3Bline-height%3A%201.35%3B%20padding-left%3A%201em%3B%20text-indent%3A-1em%3B%26quot%3B%26gt%3B%5Cn%20%20%26lt%3Bdiv%20class%3D%26quot%3Bcsl-entry%26quot%3B%26gt%3BDebelius%2C%20H.%2C%20Kuiter%2C%20R.%20H.%20%282007%29.%20%26lt%3Bi%26gt%3BNudibranchs%20of%20the%20world%26lt%3B%5C%2Fi%26gt%3B.%20IKAN-%20Unterwasserarchiv.%26lt%3B%5C%2Fdiv%26gt%3B%5Cn%26lt%3B%5C%2Fdiv%26gt%3B%22%2C%22data%22%3A%7B%22itemType%22%3A%22book%22%2C%22title%22%3A%22Nudibranchs%20of%20the%20world%22%2C%22creators%22%3A%5B%7B%22creatorType%22%3A%22author%22%2C%22firstName%22%3A%22H.%22%2C%22lastName%22%3A%22Debelius%22%7D%2C%7B%22creatorType%22%3A%22author%22%2C%22firstName%22%3A%22R.%20H.%22%2C%22lastName%22%3A%22Kuiter%22%7D%5D%2C%22abstractNote%22%3A%221200%20nudibranchs%20from%20around%20the%20world%20with%20more%20than%202500%20photographs%22%2C%22date%22%3A%222007%22%2C%22originalDate%22%3A%22%22%2C%22originalPublisher%22%3A%22%22%2C%22originalPlace%22%3A%22%22%2C%22format%22%3A%22%22%2C%22ISBN%22%3A%22978-3-939767-06-0%22%2C%22DOI%22%3A%22%22%2C%22citationKey%22%3A%22%22%2C%22url%22%3A%22%22%2C%22ISSN%22%3A%22%22%2C%22language%22%3A%22%22%2C%22collections%22%3A%5B%2282T5E3QX%22%5D%2C%22dateModified%22%3A%222025-12-15T21%3A59%3A42Z%22%7D%7D%2C%7B%22key%22%3A%222TFNE6FC%22%2C%22library%22%3A%7B%22id%22%3A1246567%7D%2C%22meta%22%3A%7B%22creatorSummary%22%3A%22Eliot%22%2C%22parsedDate%22%3A%221906%22%2C%22numChildren%22%3A0%7D%2C%22bib%22%3A%22%26lt%3Bdiv%20class%3D%26quot%3Bcsl-bib-body%26quot%3B%20style%3D%26quot%3Bline-height%3A%201.35%3B%20padding-left%3A%201em%3B%20text-indent%3A-1em%3B%26quot%3B%26gt%3B%5Cn%20%20%26lt%3Bdiv%20class%3D%26quot%3Bcsl-entry%26quot%3B%26gt%3BEliot%2C%20C.%20N.%20E.%20%281906%29.%20Report%20upon%20a%20collection%20of%20Nudibranchiata%20from%20the%20Cape%20Verde%20islands%2C%20with%20notes%20by%20C.%20Crossland.%20%26lt%3Bi%26gt%3BProceedings%20of%20the%20Malacological%20Society%20of%20London%20l7%283%29%3A%20131-159.%26lt%3B%5C%2Fi%26gt%3B%26lt%3B%5C%2Fdiv%26gt%3B%5Cn%26lt%3B%5C%2Fdiv%26gt%3B%22%2C%22data%22%3A%7B%22itemType%22%3A%22journalArticle%22%2C%22title%22%3A%22Report%20upon%20a%20collection%20of%20Nudibranchiata%20from%20the%20Cape%20Verde%20islands%2C%20with%20notes%20by%20C.%20Crossland%22%2C%22creators%22%3A%5B%7B%22creatorType%22%3A%22author%22%2C%22firstName%22%3A%22C.%20N.%20E.%22%2C%22lastName%22%3A%22Eliot%22%7D%5D%2C%22abstractNote%22%3A%22%22%2C%22date%22%3A%221906%22%2C%22section%22%3A%22%22%2C%22partNumber%22%3A%22%22%2C%22partTitle%22%3A%22%22%2C%22DOI%22%3A%22%22%2C%22citationKey%22%3A%22%22%2C%22url%22%3A%22%22%2C%22PMID%22%3A%22%22%2C%22PMCID%22%3A%22%22%2C%22ISSN%22%3A%22%22%2C%22language%22%3A%22%22%2C%22collections%22%3A%5B%2282T5E3QX%22%5D%2C%22dateModified%22%3A%222021-01-05T11%3A45%3A45Z%22%7D%7D%2C%7B%22key%22%3A%22CCCN9Z5J%22%2C%22library%22%3A%7B%22id%22%3A1246567%7D%2C%22meta%22%3A%7B%22creatorSummary%22%3A%22Eliot%22%2C%22parsedDate%22%3A%221910%22%2C%22numChildren%22%3A0%7D%2C%22bib%22%3A%22%26lt%3Bdiv%20class%3D%26quot%3Bcsl-bib-body%26quot%3B%20style%3D%26quot%3Bline-height%3A%201.35%3B%20padding-left%3A%201em%3B%20text-indent%3A-1em%3B%26quot%3B%26gt%3B%5Cn%20%20%26lt%3Bdiv%20class%3D%26quot%3Bcsl-entry%26quot%3B%26gt%3BEliot%2C%20C.%20N.%20E.%20%281910%29.%20%26lt%3Bi%26gt%3BA%20monograph%20of%20the%20British%20nudibranchiate%20Mollusca%3A%20with%20figures%20of%20the%20species%3B%20Figures%20by%20the%20late%20Joshua%20Alder%20and%20the%20late%20Albany%20Hancock%2C%20and%20others.%26lt%3B%5C%2Fi%26gt%3B%20Ray%20Society%2C%20London.%26lt%3B%5C%2Fdiv%26gt%3B%5Cn%26lt%3B%5C%2Fdiv%26gt%3B%22%2C%22data%22%3A%7B%22itemType%22%3A%22book%22%2C%22title%22%3A%22A%20monograph%20of%20the%20British%20nudibranchiate%20Mollusca%3A%20with%20figures%20of%20the%20species%3B%20Figures%20by%20the%20late%20Joshua%20Alder%20and%20the%20late%20Albany%20Hancock%2C%20and%20others.%22%2C%22creators%22%3A%5B%7B%22creatorType%22%3A%22author%22%2C%22firstName%22%3A%22C.N.E.%22%2C%22lastName%22%3A%22Eliot%22%7D%5D%2C%22abstractNote%22%3A%22%22%2C%22date%22%3A%221910%22%2C%22originalDate%22%3A%22%22%2C%22originalPublisher%22%3A%22%22%2C%22originalPlace%22%3A%22%22%2C%22format%22%3A%22%22%2C%22ISBN%22%3A%22%22%2C%22DOI%22%3A%22%22%2C%22citationKey%22%3A%22%22%2C%22url%22%3A%22%22%2C%22ISSN%22%3A%22%22%2C%22language%22%3A%22%22%2C%22collections%22%3A%5B%2282T5E3QX%22%5D%2C%22dateModified%22%3A%222025-03-02T09%3A09%3A29Z%22%7D%7D%2C%7B%22key%22%3A%22ZH723MR3%22%2C%22library%22%3A%7B%22id%22%3A1246567%7D%2C%22meta%22%3A%7B%22creatorSummary%22%3A%22Garcia%20and%20Bertsch%22%2C%22parsedDate%22%3A%222009%22%2C%22numChildren%22%3A0%7D%2C%22bib%22%3A%22%26lt%3Bdiv%20class%3D%26quot%3Bcsl-bib-body%26quot%3B%20style%3D%26quot%3Bline-height%3A%201.35%3B%20padding-left%3A%201em%3B%20text-indent%3A-1em%3B%26quot%3B%26gt%3B%5Cn%20%20%26lt%3Bdiv%20class%3D%26quot%3Bcsl-entry%26quot%3B%26gt%3BGarcia%2C%20F.%20J.%2C%20Bertsch%2C%20H.%20%282009%29.%20Diversity%20and%20distribution%20of%20the%20Gastropoda%20Opisthobranchia%20from%20the%20Atlantic%20Ocean%3A%20A%20global%20biogeographic%20approach.%20%26lt%3Bi%26gt%3BScientia%20Marina%26lt%3B%5C%2Fi%26gt%3B%2C%20%26lt%3Bi%26gt%3B73%26lt%3B%5C%2Fi%26gt%3B%281%29%2C%20153-160.%20%26lt%3Ba%20class%3D%26%23039%3Bzp-DOIURL%26%23039%3B%20target%3D%26%23039%3B_blank%26%23039%3B%20href%3D%26%23039%3Bhttps%3A%5C%2F%5C%2Fdoi.org%5C%2F10.3989%5C%2Fscimar.2009.73n1153%26%23039%3B%26gt%3Bhttps%3A%5C%2F%5C%2Fdoi.org%5C%2F10.3989%5C%2Fscimar.2009.73n1153%26lt%3B%5C%2Fa%26gt%3B%26lt%3B%5C%2Fdiv%26gt%3B%5Cn%26lt%3B%5C%2Fdiv%26gt%3B%22%2C%22data%22%3A%7B%22itemType%22%3A%22journalArticle%22%2C%22title%22%3A%22Diversity%20and%20distribution%20of%20the%20Gastropoda%20Opisthobranchia%20from%20the%20Atlantic%20Ocean%3A%20A%20global%20biogeographic%20approach%22%2C%22creators%22%3A%5B%7B%22creatorType%22%3A%22author%22%2C%22firstName%22%3A%22Francisco%20J.%22%2C%22lastName%22%3A%22Garcia%22%7D%2C%7B%22creatorType%22%3A%22author%22%2C%22firstName%22%3A%22Hans%22%2C%22lastName%22%3A%22Bertsch%22%7D%5D%2C%22abstractNote%22%3A%22A%20zoogeographic%20Study%20of%20the%20Opisthobranchia%20%28Mollusca%2C%20Gastropoda%29%20from%20the%20Atlantic%20Ocean%20was%20carried%20Out.%20Data%20on%20Opisthobranch%20Occurrence%20were%20collated%20from%20literature%20records%20and%20databases.%20An%20estimated%201066%20species%20were%20considered%20for%20this%20Study%2C%20which%20belonged%20to%20the%20orders%20Cephalaspidea%2C%20Anaspidea%2C%20Sacoglossa%2C%20Notaspidea%20and%20Nudi-branchia.%20Biogeographical%20patterns%20were%20analysed%20using%20Cluster%20analysis%20%28TWINSPAN%29%20and%20ordination%20MDS%20%28non-metric%20multidimensional%20scaling%20program%29.%20The%20richness%20of%20opisthobranchs%20increases%20from%20polar%20to%20tropical%20regions%20along%20Atlantic%20shores.%20The%20cluster%20analysis%20showed%20that%20there%20is%20a%20latitudinal%20and%20longitudinal%20separation%20of%20the%20biogeographical%20areas.%20The%20amphiatlantic%20species%20can%20be%20separated%20into%20four%20groups%20according%20to%20their%20distribution%3A%20G1.1.-%20the%20geographic%20range%20of%20species%20is%20limited%20to%20cold%20water%20on%20both%20sides%20of%20the%20Atlantic%3B%20G1.2.-%20species%20with%20geographic%20ranges%20limited%20to%20the%20western%20Arctic%20and%20Boreal%20regions%20with%20a%20wide%20distribution%20in%20the%20eastern%20Atlantic%2C%20front%20the%20eastern%20Arctic%20or%20the%20eastern%20Boreal%20region%20to%20the%20Lusitanian%20and%20Mediterranean%20provinces%3B%20G2.1.-%20species%20with%20geographic%20ranges%2C%20limited%20to%20the%20Caribbean%20and%20Mauritanian-Senegalese%20areas%3B%20G2.2.-%20species%20with%20a%20wide%20geographical%20distribution%20along%20both%20Atlantic%20shores.%22%2C%22date%22%3A%222009%22%2C%22section%22%3A%22%22%2C%22partNumber%22%3A%22%22%2C%22partTitle%22%3A%22%22%2C%22DOI%22%3A%2210.3989%5C%2Fscimar.2009.73n1153%22%2C%22citationKey%22%3A%22%22%2C%22url%22%3A%22%3CGo%20to%20ISI%3E%3A%5C%2F%5C%2FWOS%3A000264276900013%22%2C%22PMID%22%3A%22%22%2C%22PMCID%22%3A%22%22%2C%22ISSN%22%3A%220214-8358%22%2C%22language%22%3A%22%22%2C%22collections%22%3A%5B%2282T5E3QX%22%5D%2C%22dateModified%22%3A%222026-05-14T13%3A00%3A19Z%22%7D%7D%2C%7B%22key%22%3A%223VWGKIQP%22%2C%22library%22%3A%7B%22id%22%3A1246567%7D%2C%22meta%22%3A%7B%22creatorSummary%22%3A%22Long%22%2C%22parsedDate%22%3A%222006%22%2C%22numChildren%22%3A0%7D%2C%22bib%22%3A%22%26lt%3Bdiv%20class%3D%26quot%3Bcsl-bib-body%26quot%3B%20style%3D%26quot%3Bline-height%3A%201.35%3B%20padding-left%3A%201em%3B%20text-indent%3A-1em%3B%26quot%3B%26gt%3B%5Cn%20%20%26lt%3Bdiv%20class%3D%26quot%3Bcsl-entry%26quot%3B%26gt%3BLong%2C%20S.%20J.%20%282006%29.%20%26lt%3Bi%26gt%3BBibliography%20of%20Opisthobranchia%201554-2000.%20Bayside%20Books%20%26amp%3B%20Press%2C%20Tustin%2C%20CA%2C%20U.S.A.%20672p.%26lt%3B%5C%2Fi%26gt%3B%26lt%3B%5C%2Fdiv%26gt%3B%5Cn%26lt%3B%5C%2Fdiv%26gt%3B%22%2C%22data%22%3A%7B%22itemType%22%3A%22book%22%2C%22title%22%3A%22Bibliography%20of%20Opisthobranchia%201554-2000.%20Bayside%20Books%20%26%20Press%2C%20Tustin%2C%20CA%2C%20U.S.A.%20672p.%22%2C%22creators%22%3A%5B%7B%22creatorType%22%3A%22author%22%2C%22firstName%22%3A%22S.J.%22%2C%22lastName%22%3A%22Long%22%7D%5D%2C%22abstractNote%22%3A%22%22%2C%22date%22%3A%222006%22%2C%22originalDate%22%3A%22%22%2C%22originalPublisher%22%3A%22%22%2C%22originalPlace%22%3A%22%22%2C%22format%22%3A%22%22%2C%22ISBN%22%3A%22%22%2C%22DOI%22%3A%22%22%2C%22citationKey%22%3A%22%22%2C%22url%22%3A%22%22%2C%22ISSN%22%3A%22%22%2C%22language%22%3A%22%22%2C%22collections%22%3A%5B%2282T5E3QX%22%5D%2C%22dateModified%22%3A%222026-07-11T14%3A15%3A07Z%22%7D%7D%2C%7B%22key%22%3A%228F5KQEQA%22%2C%22library%22%3A%7B%22id%22%3A1246567%7D%2C%22meta%22%3A%7B%22creatorSummary%22%3A%22Lowe%22%2C%22parsedDate%22%3A%221842%22%2C%22numChildren%22%3A0%7D%2C%22bib%22%3A%22%26lt%3Bdiv%20class%3D%26quot%3Bcsl-bib-body%26quot%3B%20style%3D%26quot%3Bline-height%3A%201.35%3B%20padding-left%3A%201em%3B%20text-indent%3A-1em%3B%26quot%3B%26gt%3B%5Cn%20%20%26lt%3Bdiv%20class%3D%26quot%3Bcsl-entry%26quot%3B%26gt%3BLowe%2C%20R.%20T.%20%281842%29.%20Description%20of%20a%20new%20dorsibranchiate%20gasteropod%20discovered%20at%20Madeira.%20%26lt%3Bi%26gt%3BProc.%20Zool.%20Soc.%20London%2C%20pt.%2010%3B%20pp%2051-53.%26lt%3B%5C%2Fi%26gt%3B%26lt%3B%5C%2Fdiv%26gt%3B%5Cn%26lt%3B%5C%2Fdiv%26gt%3B%22%2C%22data%22%3A%7B%22itemType%22%3A%22journalArticle%22%2C%22title%22%3A%22Description%20of%20a%20new%20dorsibranchiate%20gasteropod%20discovered%20at%20Madeira.%22%2C%22creators%22%3A%5B%7B%22creatorType%22%3A%22author%22%2C%22firstName%22%3A%22R.T.%22%2C%22lastName%22%3A%22Lowe%22%7D%5D%2C%22abstractNote%22%3A%22%22%2C%22date%22%3A%221842%22%2C%22section%22%3A%22%22%2C%22partNumber%22%3A%22%22%2C%22partTitle%22%3A%22%22%2C%22DOI%22%3A%22%22%2C%22citationKey%22%3A%22%22%2C%22url%22%3A%22%22%2C%22PMID%22%3A%22%22%2C%22PMCID%22%3A%22%22%2C%22ISSN%22%3A%22%22%2C%22language%22%3A%22%22%2C%22collections%22%3A%5B%2282T5E3QX%22%5D%2C%22dateModified%22%3A%222016-04-29T13%3A01%3A36Z%22%7D%7D%2C%7B%22key%22%3A%22CJRBAXNA%22%2C%22library%22%3A%7B%22id%22%3A1246567%7D%2C%22meta%22%3A%7B%22creatorSummary%22%3A%22Malaqu%5Cu00edas%22%2C%22parsedDate%22%3A%222000%22%2C%22numChildren%22%3A0%7D%2C%22bib%22%3A%22%26lt%3Bdiv%20class%3D%26quot%3Bcsl-bib-body%26quot%3B%20style%3D%26quot%3Bline-height%3A%201.35%3B%20padding-left%3A%201em%3B%20text-indent%3A-1em%3B%26quot%3B%26gt%3B%5Cn%20%20%26lt%3Bdiv%20class%3D%26quot%3Bcsl-entry%26quot%3B%26gt%3BMalaqu%26%23xED%3Bas%2C%20M.%20A.%20E.%20%282000%29.%20Additions%20to%20the%20knowledge%20of%20the%20opisthobranch%20molluscs%20of%20Selvagens%20Islands%2C%20SE%20Atlantic%2C%20Portugal.%20%26lt%3Bi%26gt%3BArquip%26%23xE9%3Blago%26lt%3B%5C%2Fi%26gt%3B%2C%20%26lt%3Bi%26gt%3Bsupplement%202%26lt%3B%5C%2Fi%26gt%3B%2C%2089-97.%26lt%3B%5C%2Fdiv%26gt%3B%5Cn%26lt%3B%5C%2Fdiv%26gt%3B%22%2C%22data%22%3A%7B%22itemType%22%3A%22journalArticle%22%2C%22title%22%3A%22Additions%20to%20the%20knowledge%20of%20the%20opisthobranch%20molluscs%20of%20Selvagens%20Islands%2C%20SE%20Atlantic%2C%20Portugal.%22%2C%22creators%22%3A%5B%7B%22creatorType%22%3A%22author%22%2C%22firstName%22%3A%22M.A.E.%22%2C%22lastName%22%3A%22Malaqu%5Cu00edas%22%7D%5D%2C%22abstractNote%22%3A%22%22%2C%22date%22%3A%222000%22%2C%22section%22%3A%22%22%2C%22partNumber%22%3A%22%22%2C%22partTitle%22%3A%22%22%2C%22DOI%22%3A%22%22%2C%22citationKey%22%3A%22%22%2C%22url%22%3A%22%22%2C%22PMID%22%3A%22%22%2C%22PMCID%22%3A%22%22%2C%22ISSN%22%3A%22%22%2C%22language%22%3A%22%22%2C%22collections%22%3A%5B%2282T5E3QX%22%5D%2C%22dateModified%22%3A%222025-12-15T21%3A59%3A02Z%22%7D%7D%2C%7B%22key%22%3A%224ZKMTR6A%22%2C%22library%22%3A%7B%22id%22%3A1246567%7D%2C%22meta%22%3A%7B%22creatorSummary%22%3A%22Malaquias%20and%20Calado%22%2C%22parsedDate%22%3A%221997%22%2C%22numChildren%22%3A0%7D%2C%22bib%22%3A%22%26lt%3Bdiv%20class%3D%26quot%3Bcsl-bib-body%26quot%3B%20style%3D%26quot%3Bline-height%3A%201.35%3B%20padding-left%3A%201em%3B%20text-indent%3A-1em%3B%26quot%3B%26gt%3B%5Cn%20%20%26lt%3Bdiv%20class%3D%26quot%3Bcsl-entry%26quot%3B%26gt%3BMalaquias%2C%20M.%20A.%2C%20Calado%2C%20G.%20J.%20P.%20%281997%29.%20The%20malacological%20fauna%20of%20Salvage%20Islands%20-%201.%20Opisthobranch%20Molluscs.%20%26lt%3Bi%26gt%3BBol.%20Mus.%20Mun.%20Funchal%2C%2049%28281%29%3A%20149-170%26lt%3B%5C%2Fi%26gt%3B.%26lt%3B%5C%2Fdiv%26gt%3B%5Cn%26lt%3B%5C%2Fdiv%26gt%3B%22%2C%22data%22%3A%7B%22itemType%22%3A%22journalArticle%22%2C%22title%22%3A%22The%20malacological%20fauna%20of%20Salvage%20Islands%20-%201.%20Opisthobranch%20Molluscs%22%2C%22creators%22%3A%5B%7B%22creatorType%22%3A%22author%22%2C%22firstName%22%3A%22M.%20A.%22%2C%22lastName%22%3A%22Malaquias%22%7D%2C%7B%22creatorType%22%3A%22author%22%2C%22firstName%22%3A%22G.J.P.%22%2C%22lastName%22%3A%22Calado%22%7D%5D%2C%22abstractNote%22%3A%22%22%2C%22date%22%3A%221997%22%2C%22section%22%3A%22%22%2C%22partNumber%22%3A%22%22%2C%22partTitle%22%3A%22%22%2C%22DOI%22%3A%22%22%2C%22citationKey%22%3A%22%22%2C%22url%22%3A%22%22%2C%22PMID%22%3A%22%22%2C%22PMCID%22%3A%22%22%2C%22ISSN%22%3A%22%22%2C%22language%22%3A%22%22%2C%22collections%22%3A%5B%2282T5E3QX%22%5D%2C%22dateModified%22%3A%222025-03-11T23%3A05%3A00Z%22%7D%7D%2C%7B%22key%22%3A%228IWKZZPQ%22%2C%22library%22%3A%7B%22id%22%3A1246567%7D%2C%22meta%22%3A%7B%22creatorSummary%22%3A%22Malaquias%20et%20al.%22%2C%22parsedDate%22%3A%222001%22%2C%22numChildren%22%3A0%7D%2C%22bib%22%3A%22%26lt%3Bdiv%20class%3D%26quot%3Bcsl-bib-body%26quot%3B%20style%3D%26quot%3Bline-height%3A%201.35%3B%20padding-left%3A%201em%3B%20text-indent%3A-1em%3B%26quot%3B%26gt%3B%5Cn%20%20%26lt%3Bdiv%20class%3D%26quot%3Bcsl-entry%26quot%3B%26gt%3BMalaquias%2C%20M.%20A.%20E.%2C%20Cervera%2C%20J.%20L.%2C%20L%26%23xF3%3Bpez-Gonz%26%23xE1%3Blez%2C%20P.%20J.%20%282001%29.%20The%20Opisthobranch%20Molluscs%20from%20Porto%20Santo%20Island%20%28Madeira%20Archipelago%2C%20Northeastern%20Atlantic%20Ocean%29.%20%26lt%3Bi%26gt%3BIberus%2019%20%281%29%3A%2075-82.%26lt%3B%5C%2Fi%26gt%3B%26lt%3B%5C%2Fdiv%26gt%3B%5Cn%26lt%3B%5C%2Fdiv%26gt%3B%22%2C%22data%22%3A%7B%22itemType%22%3A%22journalArticle%22%2C%22title%22%3A%22The%20Opisthobranch%20Molluscs%20from%20Porto%20Santo%20Island%20%28Madeira%20Archipelago%2C%20Northeastern%20Atlantic%20Ocean%29.%22%2C%22creators%22%3A%5B%7B%22creatorType%22%3A%22author%22%2C%22firstName%22%3A%22M.%20A.%20E.%22%2C%22lastName%22%3A%22Malaquias%22%7D%2C%7B%22creatorType%22%3A%22author%22%2C%22firstName%22%3A%22J.L.%22%2C%22lastName%22%3A%22Cervera%22%7D%2C%7B%22creatorType%22%3A%22author%22%2C%22firstName%22%3A%22P.%20J.%22%2C%22lastName%22%3A%22L%5Cu00f3pez-Gonz%5Cu00e1lez%22%7D%5D%2C%22abstractNote%22%3A%22%22%2C%22date%22%3A%222001%22%2C%22section%22%3A%22%22%2C%22partNumber%22%3A%22%22%2C%22partTitle%22%3A%22%22%2C%22DOI%22%3A%22%22%2C%22citationKey%22%3A%22%22%2C%22url%22%3A%22%22%2C%22PMID%22%3A%22%22%2C%22PMCID%22%3A%22%22%2C%22ISSN%22%3A%22%22%2C%22language%22%3A%22%22%2C%22collections%22%3A%5B%2282T5E3QX%22%5D%2C%22dateModified%22%3A%222017-10-28T17%3A21%3A07Z%22%7D%7D%2C%7B%22key%22%3A%22AWXGGZXE%22%2C%22library%22%3A%7B%22id%22%3A1246567%7D%2C%22meta%22%3A%7B%22creatorSummary%22%3A%22Marcus%22%2C%22parsedDate%22%3A%221979%22%2C%22numChildren%22%3A0%7D%2C%22bib%22%3A%22%26lt%3Bdiv%20class%3D%26quot%3Bcsl-bib-body%26quot%3B%20style%3D%26quot%3Bline-height%3A%201.35%3B%20padding-left%3A%201em%3B%20text-indent%3A-1em%3B%26quot%3B%26gt%3B%5Cn%20%20%26lt%3Bdiv%20class%3D%26quot%3Bcsl-entry%26quot%3B%26gt%3BMarcus%2C%20E.%20d.%20B.%20R.%20%281979%29.%20Campagne%20de%20la%20Calypso%20au%20large%20de%20cotes%20Atlantiques%20de%20l%26%23x2019%3BAmerique%20du%20sud%20%281961-1962%29.%20I.%2031.%20Mollusca%20Opisthobranchia.%20%26lt%3Bi%26gt%3BAnnales%20de%20l%26%23x2019%3BInstitut%20Oceanographique%2C%20Monaco%2055%28suppl%29%3A131-137.%26lt%3B%5C%2Fi%26gt%3B%26lt%3B%5C%2Fdiv%26gt%3B%5Cn%26lt%3B%5C%2Fdiv%26gt%3B%22%2C%22data%22%3A%7B%22itemType%22%3A%22journalArticle%22%2C%22title%22%3A%22Campagne%20de%20la%20Calypso%20au%20large%20de%20cotes%20Atlantiques%20de%20l%27Amerique%20du%20sud%20%281961-1962%29.%20I.%2031.%20Mollusca%20Opisthobranchia.%22%2C%22creators%22%3A%5B%7B%22creatorType%22%3A%22author%22%2C%22firstName%22%3A%22E.d.B.R.%22%2C%22lastName%22%3A%22Marcus%22%7D%5D%2C%22abstractNote%22%3A%22%22%2C%22date%22%3A%221979%22%2C%22section%22%3A%22%22%2C%22partNumber%22%3A%22%22%2C%22partTitle%22%3A%22%22%2C%22DOI%22%3A%22%22%2C%22citationKey%22%3A%22%22%2C%22url%22%3A%22%22%2C%22PMID%22%3A%22%22%2C%22PMCID%22%3A%22%22%2C%22ISSN%22%3A%22%22%2C%22language%22%3A%22%22%2C%22collections%22%3A%5B%2282T5E3QX%22%5D%2C%22dateModified%22%3A%222016-04-29T13%3A02%3A42Z%22%7D%7D%2C%7B%22key%22%3A%225MFDPG8V%22%2C%22library%22%3A%7B%22id%22%3A1246567%7D%2C%22meta%22%3A%7B%22creatorSummary%22%3A%22McDonald%22%2C%22parsedDate%22%3A%222009%22%2C%22numChildren%22%3A0%7D%2C%22bib%22%3A%22%26lt%3Bdiv%20class%3D%26quot%3Bcsl-bib-body%26quot%3B%20style%3D%26quot%3Bline-height%3A%201.35%3B%20padding-left%3A%201em%3B%20text-indent%3A-1em%3B%26quot%3B%26gt%3B%5Cn%20%20%26lt%3Bdiv%20class%3D%26quot%3Bcsl-entry%26quot%3B%26gt%3BMcDonald%2C%20G.%20%282009%29.%20Bibliographia%20Nudibranchia.%202nd%20Online%20Edition%2C%20Annotated.%201072%20pp%26%23xA0%3B%20Institute%20of%20Marine%20Sciences%2C%20University%20of%20California%2C%20Santa%20Cruz.%20Disponible%20en%3A%20%26lt%3Ba%20class%3D%26%23039%3Bzp-ItemURL%26%23039%3B%20target%3D%26%23039%3B_blank%26%23039%3B%20href%3D%26%23039%3Bhttp%3A%5C%2F%5C%2Fescholarship.org%5C%2Fuc%5C%2Fitem%5C%2F8115h0wz%26%23039%3B%26gt%3Bhttp%3A%5C%2F%5C%2Fescholarship.org%5C%2Fuc%5C%2Fitem%5C%2F8115h0wz%26lt%3B%5C%2Fa%26gt%3B%26lt%3B%5C%2Fdiv%26gt%3B%5Cn%26lt%3B%5C%2Fdiv%26gt%3B%22%2C%22data%22%3A%7B%22itemType%22%3A%22webpage%22%2C%22title%22%3A%22Bibliographia%20Nudibranchia.%202nd%20Online%20Edition%2C%20Annotated.%201072%20pp%20%20Institute%20of%20Marine%20Sciences%2C%20University%20of%20California%2C%20Santa%20Cruz%22%2C%22creators%22%3A%5B%7B%22creatorType%22%3A%22author%22%2C%22firstName%22%3A%22G.%22%2C%22lastName%22%3A%22McDonald%22%7D%5D%2C%22abstractNote%22%3A%22%22%2C%22date%22%3A%222009%22%2C%22DOI%22%3A%22%22%2C%22citationKey%22%3A%22%22%2C%22url%22%3A%22http%3A%5C%2F%5C%2Fescholarship.org%5C%2Fuc%5C%2Fitem%5C%2F8115h0wz%22%2C%22language%22%3A%22%22%2C%22collections%22%3A%5B%2282T5E3QX%22%5D%2C%22dateModified%22%3A%222026-07-11T14%3A15%3A07Z%22%7D%7D%2C%7B%22key%22%3A%22DJ3USB54%22%2C%22library%22%3A%7B%22id%22%3A1246567%7D%2C%22meta%22%3A%7B%22creatorSummary%22%3A%22Moro%20et%20al.%22%2C%22parsedDate%22%3A%222003%22%2C%22numChildren%22%3A0%7D%2C%22bib%22%3A%22%26lt%3Bdiv%20class%3D%26quot%3Bcsl-bib-body%26quot%3B%20style%3D%26quot%3Bline-height%3A%201.35%3B%20padding-left%3A%201em%3B%20text-indent%3A-1em%3B%26quot%3B%26gt%3B%5Cn%20%20%26lt%3Bdiv%20class%3D%26quot%3Bcsl-entry%26quot%3B%26gt%3BMoro%2C%20L.%2C%20Mart%26%23xED%3Bn%20Esquivel%2C%20J.%20L.%2C%20Garrido%20Sanahuja%2C%20M.%20J.%2C%20Izquierdo%20Zamora%2C%20I.%20%282003%29.%20%26lt%3Bi%26gt%3BLista%20de%20especies%20marinas%20de%20Canarias%20%28algas%2C%20hongos%2C%20plantas%20y%20animales%29%26lt%3B%5C%2Fi%26gt%3B.%20Consejer%26%23xED%3Ba%20de%20Pol%26%23xED%3Btica%20Territorial%20y%20Medio%20Ambiente%20del%20Gobierno%20de%20Canarias.%26lt%3B%5C%2Fdiv%26gt%3B%5Cn%26lt%3B%5C%2Fdiv%26gt%3B%22%2C%22data%22%3A%7B%22itemType%22%3A%22book%22%2C%22title%22%3A%22Lista%20de%20especies%20marinas%20de%20Canarias%20%28algas%2C%20hongos%2C%20plantas%20y%20animales%29%22%2C%22creators%22%3A%5B%7B%22creatorType%22%3A%22author%22%2C%22firstName%22%3A%22L.%22%2C%22lastName%22%3A%22Moro%22%7D%2C%7B%22creatorType%22%3A%22author%22%2C%22firstName%22%3A%22J.%20L.%22%2C%22lastName%22%3A%22Mart%5Cu00edn%20Esquivel%22%7D%2C%7B%22creatorType%22%3A%22author%22%2C%22firstName%22%3A%22M.J.%22%2C%22lastName%22%3A%22Garrido%20Sanahuja%22%7D%2C%7B%22creatorType%22%3A%22author%22%2C%22firstName%22%3A%22I.%22%2C%22lastName%22%3A%22Izquierdo%20Zamora%22%7D%5D%2C%22abstractNote%22%3A%22%22%2C%22date%22%3A%222003%22%2C%22originalDate%22%3A%22%22%2C%22originalPublisher%22%3A%22%22%2C%22originalPlace%22%3A%22%22%2C%22format%22%3A%22%22%2C%22ISBN%22%3A%22%22%2C%22DOI%22%3A%22%22%2C%22citationKey%22%3A%22%22%2C%22url%22%3A%22%22%2C%22ISSN%22%3A%22%22%2C%22language%22%3A%22%22%2C%22collections%22%3A%5B%2282T5E3QX%22%5D%2C%22dateModified%22%3A%222025-12-15T21%3A59%3A02Z%22%7D%7D%2C%7B%22key%22%3A%22TS9AKKBV%22%2C%22library%22%3A%7B%22id%22%3A1246567%7D%2C%22meta%22%3A%7B%22creatorSummary%22%3A%22Newcomb%20et%20al.%22%2C%22parsedDate%22%3A%222012%22%2C%22numChildren%22%3A0%7D%2C%22bib%22%3A%22%26lt%3Bdiv%20class%3D%26quot%3Bcsl-bib-body%26quot%3B%20style%3D%26quot%3Bline-height%3A%201.35%3B%20padding-left%3A%201em%3B%20text-indent%3A-1em%3B%26quot%3B%26gt%3B%5Cn%20%20%26lt%3Bdiv%20class%3D%26quot%3Bcsl-entry%26quot%3B%26gt%3BNewcomb%2C%20J.%20M.%2C%20Sakurai%2C%20A.%2C%20Lillvis%2C%20J.%20L.%2C%20Gunaratne%2C%20C.%20A.%2C%20Katz%2C%20P.%20S.%20%282012%29.%20Homology%20and%20homoplasy%20of%20swimming%20behaviors%20and%20neural%20circuits%20in%20the%20Nudipleura%20%28Mollusca%2C%20Gastropoda%2C%20Opisthobranchia%29.%20%26lt%3Bi%26gt%3BProceedings%20of%20the%20National%20Academy%20of%20Sciences%20of%20the%20United%20States%20of%20America%26lt%3B%5C%2Fi%26gt%3B%2C%20%26lt%3Bi%26gt%3B109%26lt%3B%5C%2Fi%26gt%3B%2C%2010669-10676.%20%26lt%3Ba%20class%3D%26%23039%3Bzp-DOIURL%26%23039%3B%20target%3D%26%23039%3B_blank%26%23039%3B%20href%3D%26%23039%3Bhttps%3A%5C%2F%5C%2Fdoi.org%5C%2F10.1073%5C%2Fpnas.1201877109%26%23039%3B%26gt%3Bhttps%3A%5C%2F%5C%2Fdoi.org%5C%2F10.1073%5C%2Fpnas.1201877109%26lt%3B%5C%2Fa%26gt%3B%26lt%3B%5C%2Fdiv%26gt%3B%5Cn%26lt%3B%5C%2Fdiv%26gt%3B%22%2C%22data%22%3A%7B%22itemType%22%3A%22journalArticle%22%2C%22title%22%3A%22Homology%20and%20homoplasy%20of%20swimming%20behaviors%20and%20neural%20circuits%20in%20the%20Nudipleura%20%28Mollusca%2C%20Gastropoda%2C%20Opisthobranchia%29%22%2C%22creators%22%3A%5B%7B%22creatorType%22%3A%22author%22%2C%22firstName%22%3A%22James%20M.%22%2C%22lastName%22%3A%22Newcomb%22%7D%2C%7B%22creatorType%22%3A%22author%22%2C%22firstName%22%3A%22Akira%22%2C%22lastName%22%3A%22Sakurai%22%7D%2C%7B%22creatorType%22%3A%22author%22%2C%22firstName%22%3A%22Joshua%20L.%22%2C%22lastName%22%3A%22Lillvis%22%7D%2C%7B%22creatorType%22%3A%22author%22%2C%22firstName%22%3A%22Charuni%20A.%22%2C%22lastName%22%3A%22Gunaratne%22%7D%2C%7B%22creatorType%22%3A%22author%22%2C%22firstName%22%3A%22Paul%20S.%22%2C%22lastName%22%3A%22Katz%22%7D%5D%2C%22abstractNote%22%3A%22How%20neural%20circuit%20evolution%20relates%20to%20behavioral%20evolution%20is%20not%20well%20understood.%20Here%20the%20relationship%20between%20neural%20circuits%20and%20behavior%20is%20explored%20with%20respect%20to%20the%20swimming%20behaviors%20of%20the%20Nudipleura%20%28Mollusca%2C%20Gastropoda%2C%20Opithobranchia%29.%20Nudipleura%20is%20a%20diverse%20monophyletic%20clade%20of%20sea%20slugs%20among%20which%20only%20a%20small%20percentage%20of%20species%20can%20swim.%20Swimming%20falls%20into%20a%20limited%20number%20of%20categories%2C%20the%20most%20prevalent%20of%20which%20are%20rhythmic%20left-right%20body%20flexions%20%28LR%29%20and%20rhythmic%20dorsal-ventral%20body%20flexions%20%28DV%29.%20The%20phylogenetic%20distribution%20of%20these%20behaviors%20suggests%20a%20high%20degree%20of%20homoplasy.%20The%20central%20pattern%20generator%20%28CPG%29%20underlying%20DV%20swimming%20has%20been%20well%20characterized%20in%20Tritonia%20diomedea%20and%20in%20Pleurobranchaea%20californica.%20The%20CPG%20for%20LR%20swimming%20has%20been%20elucidated%20in%20Melibe%20leonina%20and%20Dendronotus%20iris%2C%20which%20are%20more%20closely%20related.%20The%20CPGs%20for%20the%20categorically%20distinct%20DV%20and%20LR%20swimming%20behaviors%20consist%20of%20nonoverlapping%20sets%20of%20homologous%20identified%20neurons%2C%20whereas%20the%20categorically%20similar%20behaviors%20share%20some%20homologous%20identified%20neurons%2C%20although%20the%20exact%20composition%20of%20neurons%20and%20synapses%20in%20the%20neural%20circuits%20differ.%20The%20roles%20played%20by%20homologous%20identified%20neurons%20in%20categorically%20distinct%20behaviors%20differ.%20However%2C%20homologous%20identified%20neurons%20also%20play%20different%20roles%20even%20in%20the%20swim%20CPGs%20of%20the%20two%20LR%20swimming%20species.%20Individual%20neurons%20can%20be%20multifunctional%20within%20a%20species.%20Some%20of%20those%20functions%20are%20shared%20across%20species%2C%20whereas%20others%20are%20not.%20The%20pattern%20of%20use%20and%20reuse%20of%20homologous%20neurons%20in%20various%20forms%20of%20swimming%20and%20other%20behaviors%20further%20demonstrates%20that%20the%20composition%20of%20neural%20circuits%20influences%20the%20evolution%20of%20behaviors.%22%2C%22date%22%3A%222012%22%2C%22section%22%3A%22%22%2C%22partNumber%22%3A%22%22%2C%22partTitle%22%3A%22%22%2C%22DOI%22%3A%2210.1073%5C%2Fpnas.1201877109%22%2C%22citationKey%22%3A%22%22%2C%22url%22%3A%22%3CGo%20to%20ISI%3E%3A%5C%2F%5C%2FWOS%3A000306287300010%20http%3A%5C%2F%5C%2Fwww.ncbi.nlm.nih.gov%5C%2Fpmc%5C%2Farticles%5C%2FPMC3386871%5C%2Fpdf%5C%2Fpnas.201201877.pdf%22%2C%22PMID%22%3A%22%22%2C%22PMCID%22%3A%22%22%2C%22ISSN%22%3A%220027-8424%22%2C%22language%22%3A%22%22%2C%22collections%22%3A%5B%2282T5E3QX%22%5D%2C%22dateModified%22%3A%222016-04-29T13%3A16%3A20Z%22%7D%7D%2C%7B%22key%22%3A%22QV43VCGT%22%2C%22library%22%3A%7B%22id%22%3A1246567%7D%2C%22meta%22%3A%7B%22creatorSummary%22%3A%22Nobre%22%2C%22parsedDate%22%3A%221937%22%2C%22numChildren%22%3A0%7D%2C%22bib%22%3A%22%26lt%3Bdiv%20class%3D%26quot%3Bcsl-bib-body%26quot%3B%20style%3D%26quot%3Bline-height%3A%201.35%3B%20padding-left%3A%201em%3B%20text-indent%3A-1em%3B%26quot%3B%26gt%3B%5Cn%20%20%26lt%3Bdiv%20class%3D%26quot%3Bcsl-entry%26quot%3B%26gt%3BNobre%2C%20A.%20%281937%29.%20Fauna%20marinha%20de%20Portugal.%20%26lt%3Bi%26gt%3B1%26%23xB0%3B%20Aditamento.%20Mem%20Mus.%20zool.%20Univ.%20Coimbra%2C%20%281%2999%3A%201-30.%26lt%3B%5C%2Fi%26gt%3B%26lt%3B%5C%2Fdiv%26gt%3B%5Cn%26lt%3B%5C%2Fdiv%26gt%3B%22%2C%22data%22%3A%7B%22itemType%22%3A%22journalArticle%22%2C%22title%22%3A%22Fauna%20marinha%20de%20Portugal.%22%2C%22creators%22%3A%5B%7B%22creatorType%22%3A%22author%22%2C%22firstName%22%3A%22A.%22%2C%22lastName%22%3A%22Nobre%22%7D%5D%2C%22abstractNote%22%3A%22%22%2C%22date%22%3A%221937%22%2C%22section%22%3A%22%22%2C%22partNumber%22%3A%22%22%2C%22partTitle%22%3A%22%22%2C%22DOI%22%3A%22%22%2C%22citationKey%22%3A%22%22%2C%22url%22%3A%22%22%2C%22PMID%22%3A%22%22%2C%22PMCID%22%3A%22%22%2C%22ISSN%22%3A%22%22%2C%22language%22%3A%22%22%2C%22collections%22%3A%5B%2282T5E3QX%22%5D%2C%22dateModified%22%3A%222016-04-29T13%3A18%3A20Z%22%7D%7D%2C%7B%22key%22%3A%22MVG5NQKU%22%2C%22library%22%3A%7B%22id%22%3A1246567%7D%2C%22meta%22%3A%7B%22creatorSummary%22%3A%22Nordsieck%22%2C%22parsedDate%22%3A%221972%22%2C%22numChildren%22%3A0%7D%2C%22bib%22%3A%22%26lt%3Bdiv%20class%3D%26quot%3Bcsl-bib-body%26quot%3B%20style%3D%26quot%3Bline-height%3A%201.35%3B%20padding-left%3A%201em%3B%20text-indent%3A-1em%3B%26quot%3B%26gt%3B%5Cn%20%20%26lt%3Bdiv%20class%3D%26quot%3Bcsl-entry%26quot%3B%26gt%3BNordsieck%2C%20F.%20%281972%29.%20%26lt%3Bi%26gt%3BDie%20mioz%26%23xE4%3Bne%20Molluskenfauna%20von%20MisteWinterswijk%20NL%20%28Hemmoor%29.%26lt%3B%5C%2Fi%26gt%3B%20Stuttgart%20%28Fischer%29%3A%20187%20pp%2C%209%20tabs%2C%203%20figs%2C%2033%20pls.%26lt%3B%5C%2Fdiv%26gt%3B%5Cn%26lt%3B%5C%2Fdiv%26gt%3B%22%2C%22data%22%3A%7B%22itemType%22%3A%22book%22%2C%22title%22%3A%22Die%20mioz%5Cu00e4ne%20Molluskenfauna%20von%20MisteWinterswijk%20NL%20%28Hemmoor%29.%22%2C%22creators%22%3A%5B%7B%22creatorType%22%3A%22author%22%2C%22firstName%22%3A%22F.%22%2C%22lastName%22%3A%22Nordsieck%22%7D%5D%2C%22abstractNote%22%3A%22%22%2C%22date%22%3A%221972%22%2C%22originalDate%22%3A%22%22%2C%22originalPublisher%22%3A%22%22%2C%22originalPlace%22%3A%22%22%2C%22format%22%3A%22%22%2C%22ISBN%22%3A%22%22%2C%22DOI%22%3A%22%22%2C%22citationKey%22%3A%22%22%2C%22url%22%3A%22%22%2C%22ISSN%22%3A%22%22%2C%22language%22%3A%22%22%2C%22collections%22%3A%5B%2282T5E3QX%22%5D%2C%22dateModified%22%3A%222016-04-29T13%3A13%3A27Z%22%7D%7D%2C%7B%22key%22%3A%22MJ49F4MH%22%2C%22library%22%3A%7B%22id%22%3A1246567%7D%2C%22meta%22%3A%7B%22creatorSummary%22%3A%22Nordsieck%22%2C%22parsedDate%22%3A%221972%22%2C%22numChildren%22%3A0%7D%2C%22bib%22%3A%22%26lt%3Bdiv%20class%3D%26quot%3Bcsl-bib-body%26quot%3B%20style%3D%26quot%3Bline-height%3A%201.35%3B%20padding-left%3A%201em%3B%20text-indent%3A-1em%3B%26quot%3B%26gt%3B%5Cn%20%20%26lt%3Bdiv%20class%3D%26quot%3Bcsl-entry%26quot%3B%26gt%3BNordsieck%2C%20F.%20%281972%29.%20%26lt%3Bi%26gt%3BDie%20europ%26%23xE4%3Bischen%20Meeresschnecken%26%23x202F%3B%3A%20%28Opisthobranchia%20mit%20Pyramidellidae%2C%20Rissoacea%29%26%23x202F%3B%3A%20vom%20Eismeer%20bis%20Kapverdem%2C%20Mittelmeer%20und%20Schawarzes%20Meer%26lt%3B%5C%2Fi%26gt%3B.%20Gustav%20Fischer.%26lt%3B%5C%2Fdiv%26gt%3B%5Cn%26lt%3B%5C%2Fdiv%26gt%3B%22%2C%22data%22%3A%7B%22itemType%22%3A%22book%22%2C%22title%22%3A%22Die%20europ%5Cu00e4ischen%20Meeresschnecken%20%3A%20%28Opisthobranchia%20mit%20Pyramidellidae%2C%20Rissoacea%29%20%3A%20vom%20Eismeer%20bis%20Kapverdem%2C%20Mittelmeer%20und%20Schawarzes%20Meer%22%2C%22creators%22%3A%5B%7B%22creatorType%22%3A%22author%22%2C%22firstName%22%3A%22Fritz%22%2C%22lastName%22%3A%22Nordsieck%22%7D%5D%2C%22abstractNote%22%3A%22%22%2C%22date%22%3A%221972%22%2C%22originalDate%22%3A%22%22%2C%22originalPublisher%22%3A%22%22%2C%22originalPlace%22%3A%22%22%2C%22format%22%3A%22%22%2C%22ISBN%22%3A%223-437-20098-4%22%2C%22DOI%22%3A%22%22%2C%22citationKey%22%3A%22%22%2C%22url%22%3A%22%22%2C%22ISSN%22%3A%22%22%2C%22language%22%3A%22%22%2C%22collections%22%3A%5B%2282T5E3QX%22%5D%2C%22dateModified%22%3A%222025-12-15T21%3A59%3A15Z%22%7D%7D%2C%7B%22key%22%3A%22P8T7R3A7%22%2C%22library%22%3A%7B%22id%22%3A1246567%7D%2C%22meta%22%3A%7B%22creatorSummary%22%3A%22Ortea%20and%20Moro%22%2C%22parsedDate%22%3A%222019%22%2C%22numChildren%22%3A0%7D%2C%22bib%22%3A%22%26lt%3Bdiv%20class%3D%26quot%3Bcsl-bib-body%26quot%3B%20style%3D%26quot%3Bline-height%3A%201.35%3B%20padding-left%3A%201em%3B%20text-indent%3A-1em%3B%26quot%3B%26gt%3B%5Cn%20%20%26lt%3Bdiv%20class%3D%26quot%3Bcsl-entry%26quot%3B%26gt%3BOrtea%2C%20J.%2C%20Moro%2C%20L.%20%282019%29.%20Las%20babosas%20marinas%20de%20las%20islas%20de%20Cabo%20Verde%20en%20el%20tiempo%3A%20Cronolog%26%23xED%3Ba%20de%20su%20descubrimiento.%20%26lt%3Bi%26gt%3BAvicennia%26lt%3B%5C%2Fi%26gt%3B%2C%20%26lt%3Bi%26gt%3B25%26lt%3B%5C%2Fi%26gt%3B%2C%201-36.%26lt%3B%5C%2Fdiv%26gt%3B%5Cn%26lt%3B%5C%2Fdiv%26gt%3B%22%2C%22data%22%3A%7B%22itemType%22%3A%22journalArticle%22%2C%22title%22%3A%22Las%20babosas%20marinas%20de%20las%20islas%20de%20Cabo%20Verde%20en%20el%20tiempo%3A%20Cronolog%5Cu00eda%20de%20su%20descubrimiento%22%2C%22creators%22%3A%5B%7B%22creatorType%22%3A%22author%22%2C%22firstName%22%3A%22J.%22%2C%22lastName%22%3A%22Ortea%22%7D%2C%7B%22creatorType%22%3A%22author%22%2C%22firstName%22%3A%22L.%22%2C%22lastName%22%3A%22Moro%22%7D%5D%2C%22abstractNote%22%3A%22%22%2C%22date%22%3A%222019%22%2C%22section%22%3A%22%22%2C%22partNumber%22%3A%22%22%2C%22partTitle%22%3A%22%22%2C%22DOI%22%3A%22%22%2C%22citationKey%22%3A%22%22%2C%22url%22%3A%22%22%2C%22PMID%22%3A%22%22%2C%22PMCID%22%3A%22%22%2C%22ISSN%22%3A%22%22%2C%22language%22%3A%22%22%2C%22collections%22%3A%5B%2282T5E3QX%22%5D%2C%22dateModified%22%3A%222026-07-11T13%3A55%3A37Z%22%7D%7D%2C%7B%22key%22%3A%22WXGRB68X%22%2C%22library%22%3A%7B%22id%22%3A1246567%7D%2C%22meta%22%3A%7B%22creatorSummary%22%3A%22Ortea%20and%20P%5Cu00e9rez-S%5Cu00e1nchez%22%2C%22parsedDate%22%3A%221992%22%2C%22numChildren%22%3A0%7D%2C%22bib%22%3A%22%26lt%3Bdiv%20class%3D%26quot%3Bcsl-bib-body%26quot%3B%20style%3D%26quot%3Bline-height%3A%201.35%3B%20padding-left%3A%201em%3B%20text-indent%3A-1em%3B%26quot%3B%26gt%3B%5Cn%20%20%26lt%3Bdiv%20class%3D%26quot%3Bcsl-entry%26quot%3B%26gt%3BOrtea%2C%20J.%2C%20P%26%23xE9%3Brez-S%26%23xE1%3Bnchez%2C%20J.%20M.%20P.%20%281992%29.%20Captura%20de%20Plocamopherus%20maderae%20%28Lowe%2C%201842%29%20%28Mollusca%3A%20Nudibranchiata%29%20en%20los%20Archipi%26%23xE9%3Blagos%20de%20Canarias%20y%20Cabo%20Verde.%20%26lt%3Bi%26gt%3BActas%20del%20V%20Simposio%20Ib%26%23xE9%3Brico%20de%20Estudios%20del%20Bentos%20Marino%202%3A%20229-235.%26lt%3B%5C%2Fi%26gt%3B%26lt%3B%5C%2Fdiv%26gt%3B%5Cn%26lt%3B%5C%2Fdiv%26gt%3B%22%2C%22data%22%3A%7B%22itemType%22%3A%22journalArticle%22%2C%22title%22%3A%22Captura%20de%20Plocamopherus%20maderae%20%28Lowe%2C%201842%29%20%28Mollusca%3A%20Nudibranchiata%29%20en%20los%20Archipi%5Cu00e9lagos%20de%20Canarias%20y%20Cabo%20Verde.%22%2C%22creators%22%3A%5B%7B%22creatorType%22%3A%22author%22%2C%22firstName%22%3A%22J.%22%2C%22lastName%22%3A%22Ortea%22%7D%2C%7B%22creatorType%22%3A%22author%22%2C%22firstName%22%3A%22J.%20M.%20P%5Cu00e9rez%22%2C%22lastName%22%3A%22P%5Cu00e9rez-S%5Cu00e1nchez%22%7D%5D%2C%22abstractNote%22%3A%22%22%2C%22date%22%3A%221992%22%2C%22section%22%3A%22%22%2C%22partNumber%22%3A%22%22%2C%22partTitle%22%3A%22%22%2C%22DOI%22%3A%22%22%2C%22citationKey%22%3A%22%22%2C%22url%22%3A%22%22%2C%22PMID%22%3A%22%22%2C%22PMCID%22%3A%22%22%2C%22ISSN%22%3A%22%22%2C%22language%22%3A%22%22%2C%22collections%22%3A%5B%2282T5E3QX%22%5D%2C%22dateModified%22%3A%222016-04-29T12%3A56%3A54Z%22%7D%7D%2C%7B%22key%22%3A%22WUWFHIMW%22%2C%22library%22%3A%7B%22id%22%3A1246567%7D%2C%22meta%22%3A%7B%22creatorSummary%22%3A%22Ortea%20and%20Rol%5Cu00e1n%22%2C%22parsedDate%22%3A%221989%22%2C%22numChildren%22%3A0%7D%2C%22bib%22%3A%22%26lt%3Bdiv%20class%3D%26quot%3Bcsl-bib-body%26quot%3B%20style%3D%26quot%3Bline-height%3A%201.35%3B%20padding-left%3A%201em%3B%20text-indent%3A-1em%3B%26quot%3B%26gt%3B%5Cn%20%20%26lt%3Bdiv%20class%3D%26quot%3Bcsl-entry%26quot%3B%26gt%3BOrtea%2C%20J.%2C%20Rol%26%23xE1%3Bn%2C%20E.%20%281989%29.%20Descripcion%20de%20una%20nueva%20especie%20del%20genero%20Polycera%20Cuvier%2C%201816%26%23xA0%3B%20%28Mollusca%3A%20Nudibranchia%29%20del%20archipielago%20de%20Cabo%20Verde.%20%26lt%3Bi%26gt%3BPublica%26%23xE7%3B%26%23xF5%3Bes%20Ocasionais%20da%20Sociedade%26%23xA0%3B%20Portuguesa%20de%20Malacologia%20%2814%29%3A23-28%2C%201%20pl.%26lt%3B%5C%2Fi%26gt%3B%26lt%3B%5C%2Fdiv%26gt%3B%5Cn%26lt%3B%5C%2Fdiv%26gt%3B%22%2C%22data%22%3A%7B%22itemType%22%3A%22journalArticle%22%2C%22title%22%3A%22Descripcion%20de%20una%20nueva%20especie%20del%20genero%20Polycera%20Cuvier%2C%201816%20%20%28Mollusca%3A%20Nudibranchia%29%20del%20archipielago%20de%20Cabo%20Verde%22%2C%22creators%22%3A%5B%7B%22creatorType%22%3A%22author%22%2C%22firstName%22%3A%22J.%22%2C%22lastName%22%3A%22Ortea%22%7D%2C%7B%22creatorType%22%3A%22author%22%2C%22firstName%22%3A%22E.%22%2C%22lastName%22%3A%22Rol%5Cu00e1n%22%7D%5D%2C%22abstractNote%22%3A%22%22%2C%22date%22%3A%221989%22%2C%22section%22%3A%22%22%2C%22partNumber%22%3A%22%22%2C%22partTitle%22%3A%22%22%2C%22DOI%22%3A%22%22%2C%22citationKey%22%3A%22%22%2C%22url%22%3A%22%22%2C%22PMID%22%3A%22%22%2C%22PMCID%22%3A%22%22%2C%22ISSN%22%3A%22%22%2C%22language%22%3A%22%22%2C%22collections%22%3A%5B%2282T5E3QX%22%5D%2C%22dateModified%22%3A%222016-04-29T13%3A27%3A05Z%22%7D%7D%2C%7B%22key%22%3A%22WPSJMI9T%22%2C%22library%22%3A%7B%22id%22%3A1246567%7D%2C%22meta%22%3A%7B%22creatorSummary%22%3A%22Ortea%20et%20al.%22%2C%22parsedDate%22%3A%222013%22%2C%22numChildren%22%3A0%7D%2C%22bib%22%3A%22%26lt%3Bdiv%20class%3D%26quot%3Bcsl-bib-body%26quot%3B%20style%3D%26quot%3Bline-height%3A%201.35%3B%20padding-left%3A%201em%3B%20text-indent%3A-1em%3B%26quot%3B%26gt%3B%5Cn%20%20%26lt%3Bdiv%20class%3D%26quot%3Bcsl-entry%26quot%3B%26gt%3BOrtea%2C%20J.%2C%20Moro%2C%20L.%2C%20Bacallado%2C%20J.%20J.%2C%20Caballer%2C%20M.%20%282013%29.%20Sucinto%20an%26%23xE1%3Blisis%20hist%26%23xF3%3Brico%20sobre%20el%20estudio%20e%20investigaci%26%23xF3%3Bn%20de%20las%20babosas%20marinas%20%28moluscos%20opistobranquios%20y%20sacoglossos%29%20de%20Canarias%20y%20su%20entorno.%20%26lt%3Bi%26gt%3BRevista%20de%20la%20Academia%20Canaria%20de%20las%20Ciencias%26lt%3B%5C%2Fi%26gt%3B%2C%20%26lt%3Bi%26gt%3B25%26lt%3B%5C%2Fi%26gt%3B%2C%20221-235.%26lt%3B%5C%2Fdiv%26gt%3B%5Cn%26lt%3B%5C%2Fdiv%26gt%3B%22%2C%22data%22%3A%7B%22itemType%22%3A%22journalArticle%22%2C%22title%22%3A%22Sucinto%20an%5Cu00e1lisis%20hist%5Cu00f3rico%20sobre%20el%20estudio%20e%20investigaci%5Cu00f3n%20de%20las%20babosas%20marinas%20%28moluscos%20opistobranquios%20y%20sacoglossos%29%20de%20Canarias%20y%20su%20entorno%22%2C%22creators%22%3A%5B%7B%22creatorType%22%3A%22author%22%2C%22firstName%22%3A%22J.%22%2C%22lastName%22%3A%22Ortea%22%7D%2C%7B%22creatorType%22%3A%22author%22%2C%22firstName%22%3A%22L.%22%2C%22lastName%22%3A%22Moro%22%7D%2C%7B%22creatorType%22%3A%22author%22%2C%22firstName%22%3A%22J.J.%22%2C%22lastName%22%3A%22Bacallado%22%7D%2C%7B%22creatorType%22%3A%22author%22%2C%22firstName%22%3A%22M.%22%2C%22lastName%22%3A%22Caballer%22%7D%5D%2C%22abstractNote%22%3A%22%22%2C%22date%22%3A%222013%22%2C%22section%22%3A%22%22%2C%22partNumber%22%3A%22%22%2C%22partTitle%22%3A%22%22%2C%22DOI%22%3A%22%22%2C%22citationKey%22%3A%22%22%2C%22url%22%3A%22%22%2C%22PMID%22%3A%22%22%2C%22PMCID%22%3A%22%22%2C%22ISSN%22%3A%22%22%2C%22language%22%3A%22%22%2C%22collections%22%3A%5B%2282T5E3QX%22%5D%2C%22dateModified%22%3A%222025-02-23T08%3A21%3A31Z%22%7D%7D%2C%7B%22key%22%3A%22TBDRAE8B%22%2C%22library%22%3A%7B%22id%22%3A1246567%7D%2C%22meta%22%3A%7B%22creatorSummary%22%3A%22Ortea%20et%20al.%22%2C%22parsedDate%22%3A%221996%22%2C%22numChildren%22%3A0%7D%2C%22bib%22%3A%22%26lt%3Bdiv%20class%3D%26quot%3Bcsl-bib-body%26quot%3B%20style%3D%26quot%3Bline-height%3A%201.35%3B%20padding-left%3A%201em%3B%20text-indent%3A-1em%3B%26quot%3B%26gt%3B%5Cn%20%20%26lt%3Bdiv%20class%3D%26quot%3Bcsl-entry%26quot%3B%26gt%3BOrtea%2C%20J.%20A.%2C%20Moro%2C%20L.%2C%20Bacallado%2C%20J.%20J.%2C%20P%26%23xE9%3Brez%20S%26%23xE1%3Bnchez%2C%20J.%20M.%2C%20Valles%2C%20Y.%20%281996%29.%20Nuevos%20datos%20sobre%20la%20fauna%20de%20doridos%20farenobranquios%20%28Gastropoda%2C%20Nudibranchia%29%20de%20las%20Islas%20Canarias.%20%26lt%3Bi%26gt%3BRevista%20de%20la%20Academia%20Canaria%20de%20Ciencias%208%20%282%2C%203%20and%204%29%3A%20125-138.%26lt%3B%5C%2Fi%26gt%3B%26lt%3B%5C%2Fdiv%26gt%3B%5Cn%26lt%3B%5C%2Fdiv%26gt%3B%22%2C%22data%22%3A%7B%22itemType%22%3A%22journalArticle%22%2C%22title%22%3A%22Nuevos%20datos%20sobre%20la%20fauna%20de%20doridos%20farenobranquios%20%28Gastropoda%2C%20Nudibranchia%29%20de%20las%20Islas%20Canarias.%22%2C%22creators%22%3A%5B%7B%22creatorType%22%3A%22author%22%2C%22firstName%22%3A%22J.A.%22%2C%22lastName%22%3A%22Ortea%22%7D%2C%7B%22creatorType%22%3A%22author%22%2C%22firstName%22%3A%22L.%22%2C%22lastName%22%3A%22Moro%22%7D%2C%7B%22creatorType%22%3A%22author%22%2C%22firstName%22%3A%22J.J.%22%2C%22lastName%22%3A%22Bacallado%22%7D%2C%7B%22creatorType%22%3A%22author%22%2C%22firstName%22%3A%22J.M.%22%2C%22lastName%22%3A%22P%5Cu00e9rez%20S%5Cu00e1nchez%22%7D%2C%7B%22creatorType%22%3A%22author%22%2C%22firstName%22%3A%22Y.%22%2C%22lastName%22%3A%22Valles%22%7D%5D%2C%22abstractNote%22%3A%22%22%2C%22date%22%3A%221996%22%2C%22section%22%3A%22%22%2C%22partNumber%22%3A%22%22%2C%22partTitle%22%3A%22%22%2C%22DOI%22%3A%22%22%2C%22citationKey%22%3A%22%22%2C%22url%22%3A%22%22%2C%22PMID%22%3A%22%22%2C%22PMCID%22%3A%22%22%2C%22ISSN%22%3A%22%22%2C%22language%22%3A%22%22%2C%22collections%22%3A%5B%2282T5E3QX%22%5D%2C%22dateModified%22%3A%222025-03-06T21%3A23%3A52Z%22%7D%7D%2C%7B%22key%22%3A%22SHKJX7F4%22%2C%22library%22%3A%7B%22id%22%3A1246567%7D%2C%22meta%22%3A%7B%22creatorSummary%22%3A%22Ortea%20et%20al.%22%2C%22parsedDate%22%3A%222003%22%2C%22numChildren%22%3A0%7D%2C%22bib%22%3A%22%26lt%3Bdiv%20class%3D%26quot%3Bcsl-bib-body%26quot%3B%20style%3D%26quot%3Bline-height%3A%201.35%3B%20padding-left%3A%201em%3B%20text-indent%3A-1em%3B%26quot%3B%26gt%3B%5Cn%20%20%26lt%3Bdiv%20class%3D%26quot%3Bcsl-entry%26quot%3B%26gt%3BOrtea%2C%20J.%2C%20L.%20Moro%2C%20M.%20C.%2C%20Bacallado%2C%20J.%20J.%20%282003%29.%20Resultados%20Cient%26%23xED%3Bficos%20del%20proyecto%20%26%23x201C%3BMacaronesia%202000%26%23x201D%3B%20Chinijo-2002%3A%20Moluscos%20Opistobranquios.%20%26lt%3Bi%26gt%3BRevista%20de%20la%20Academia%20Canaria%20de%20Ciencias%2014%20%283-4%29%3A%20165-180.%26lt%3B%5C%2Fi%26gt%3B%26lt%3B%5C%2Fdiv%26gt%3B%5Cn%26lt%3B%5C%2Fdiv%26gt%3B%22%2C%22data%22%3A%7B%22itemType%22%3A%22journalArticle%22%2C%22title%22%3A%22Resultados%20Cient%5Cu00edficos%20del%20proyecto%20%5Cu201cMacaronesia%202000%5Cu201d%20Chinijo-2002%3A%20Moluscos%20Opistobranquios.%22%2C%22creators%22%3A%5B%7B%22creatorType%22%3A%22author%22%2C%22firstName%22%3A%22J.%22%2C%22lastName%22%3A%22Ortea%22%7D%2C%7B%22creatorType%22%3A%22author%22%2C%22firstName%22%3A%22M.%20Caballer%22%2C%22lastName%22%3A%22L.%20Moro%22%7D%2C%7B%22creatorType%22%3A%22author%22%2C%22firstName%22%3A%22J.%20J.%22%2C%22lastName%22%3A%22Bacallado%22%7D%5D%2C%22abstractNote%22%3A%22%22%2C%22date%22%3A%222003%22%2C%22section%22%3A%22%22%2C%22partNumber%22%3A%22%22%2C%22partTitle%22%3A%22%22%2C%22DOI%22%3A%22%22%2C%22citationKey%22%3A%22%22%2C%22url%22%3A%22%22%2C%22PMID%22%3A%22%22%2C%22PMCID%22%3A%22%22%2C%22ISSN%22%3A%22%22%2C%22language%22%3A%22%22%2C%22collections%22%3A%5B%2282T5E3QX%22%5D%2C%22dateModified%22%3A%222025-12-15T21%3A59%3A02Z%22%7D%7D%2C%7B%22key%22%3A%22G527G9GK%22%2C%22library%22%3A%7B%22id%22%3A1246567%7D%2C%22meta%22%3A%7B%22creatorSummary%22%3A%22Ortea%20et%20al.%22%2C%22parsedDate%22%3A%222001%22%2C%22numChildren%22%3A0%7D%2C%22bib%22%3A%22%26lt%3Bdiv%20class%3D%26quot%3Bcsl-bib-body%26quot%3B%20style%3D%26quot%3Bline-height%3A%201.35%3B%20padding-left%3A%201em%3B%20text-indent%3A-1em%3B%26quot%3B%26gt%3B%5Cn%20%20%26lt%3Bdiv%20class%3D%26quot%3Bcsl-entry%26quot%3B%26gt%3BOrtea%2C%20J.%20A.%2C%20Moro%2C%20L.%2C%20Bacallado%2C%20J.%20J.%2C%20Herrera%2C%20R.%20%282001%29.%20Cat%26%23xE1%3Blogo%20actualizado%20de%20los%20Moluscos%20Opistobranquios%20de%20las%20Islas%20Canarias.%20%26lt%3Bi%26gt%3BRevista%20de%20la%20Academia%20Canaria%20de%20Ciencias%26lt%3B%5C%2Fi%26gt%3B%2C%20%26lt%3Bi%26gt%3B12%26lt%3B%5C%2Fi%26gt%3B%283-4%29%2C%20105-136.%26lt%3B%5C%2Fdiv%26gt%3B%5Cn%26lt%3B%5C%2Fdiv%26gt%3B%22%2C%22data%22%3A%7B%22itemType%22%3A%22journalArticle%22%2C%22title%22%3A%22Cat%5Cu00e1logo%20actualizado%20de%20los%20Moluscos%20Opistobranquios%20de%20las%20Islas%20Canarias.%22%2C%22creators%22%3A%5B%7B%22creatorType%22%3A%22author%22%2C%22firstName%22%3A%22J.A.%22%2C%22lastName%22%3A%22Ortea%22%7D%2C%7B%22creatorType%22%3A%22author%22%2C%22firstName%22%3A%22L.%22%2C%22lastName%22%3A%22Moro%22%7D%2C%7B%22creatorType%22%3A%22author%22%2C%22firstName%22%3A%22J.J.%22%2C%22lastName%22%3A%22Bacallado%22%7D%2C%7B%22creatorType%22%3A%22author%22%2C%22firstName%22%3A%22R.%22%2C%22lastName%22%3A%22Herrera%22%7D%5D%2C%22abstractNote%22%3A%22%22%2C%22date%22%3A%222001%22%2C%22section%22%3A%22%22%2C%22partNumber%22%3A%22%22%2C%22partTitle%22%3A%22%22%2C%22DOI%22%3A%22%22%2C%22citationKey%22%3A%22%22%2C%22url%22%3A%22%22%2C%22PMID%22%3A%22%22%2C%22PMCID%22%3A%22%22%2C%22ISSN%22%3A%22%22%2C%22language%22%3A%22%22%2C%22collections%22%3A%5B%2222WZ5MYR%22%2C%2282T5E3QX%22%5D%2C%22dateModified%22%3A%222025-12-15T21%3A59%3A02Z%22%7D%7D%2C%7B%22key%22%3A%227DFUQGCN%22%2C%22library%22%3A%7B%22id%22%3A1246567%7D%2C%22meta%22%3A%7B%22creatorSummary%22%3A%22Ortea%20et%20al.%22%2C%22parsedDate%22%3A%222019%22%2C%22numChildren%22%3A0%7D%2C%22bib%22%3A%22%26lt%3Bdiv%20class%3D%26quot%3Bcsl-bib-body%26quot%3B%20style%3D%26quot%3Bline-height%3A%201.35%3B%20padding-left%3A%201em%3B%20text-indent%3A-1em%3B%26quot%3B%26gt%3B%5Cn%20%20%26lt%3Bdiv%20class%3D%26quot%3Bcsl-entry%26quot%3B%26gt%3BOrtea%2C%20J.%2C%20Moro%2C%20L.%2C%20Espinosa%2C%20J.%20%282019%29.%20Babosas%20Marinas%20de%20Cabo%20Verde.%20Esencia%20de%20su%20Biodiversidad.%20%26lt%3Bi%26gt%3BAvicennia%26lt%3B%5C%2Fi%26gt%3B%2C%20%26lt%3Bi%26gt%3B25%26lt%3B%5C%2Fi%26gt%3B%2C%201-36.%26lt%3B%5C%2Fdiv%26gt%3B%5Cn%26lt%3B%5C%2Fdiv%26gt%3B%22%2C%22data%22%3A%7B%22itemType%22%3A%22journalArticle%22%2C%22title%22%3A%22Babosas%20Marinas%20de%20Cabo%20Verde.%20Esencia%20de%20su%20Biodiversidad%22%2C%22creators%22%3A%5B%7B%22creatorType%22%3A%22author%22%2C%22firstName%22%3A%22J.%22%2C%22lastName%22%3A%22Ortea%22%7D%2C%7B%22creatorType%22%3A%22author%22%2C%22firstName%22%3A%22L.%22%2C%22lastName%22%3A%22Moro%22%7D%2C%7B%22creatorType%22%3A%22author%22%2C%22firstName%22%3A%22J.%22%2C%22lastName%22%3A%22Espinosa%22%7D%5D%2C%22abstractNote%22%3A%22In%20this%20work%20we%20reproduce%2C%20in%20enlarged%20form%2C%20the%20catalog%20prepared%20for%20the%20presentation%20of%20a%20photographic%20exhibition%20about%20the%20sea%20slugs%20of%20Cabo%20Verde%20Archipelago%2C%20at%20Sal%20island%2C%20sponsored%20by%20the%20Mirpuri%20Foundation.%20In%20the%20original%20document%20that%20was%20used%20as%20a%20catalog%20was%20illustrated%2044%20species%20originally%20described%20in%20this%20islands.%22%2C%22date%22%3A%222019%22%2C%22section%22%3A%22%22%2C%22partNumber%22%3A%22%22%2C%22partTitle%22%3A%22%22%2C%22DOI%22%3A%22%22%2C%22citationKey%22%3A%22%22%2C%22url%22%3A%22https%3A%5C%2F%5C%2Fwww.researchgate.net%5C%2Fpublication%5C%2F383915322_Babosas_Marinas_de_Cabo_Verde_Esencia_de_su_Biodiversidad%22%2C%22PMID%22%3A%22%22%2C%22PMCID%22%3A%22%22%2C%22ISSN%22%3A%221134%20-%201785%22%2C%22language%22%3A%22%22%2C%22collections%22%3A%5B%2282T5E3QX%22%5D%2C%22dateModified%22%3A%222026-07-11T13%3A55%3A25Z%22%7D%7D%2C%7B%22key%22%3A%22F6ZGRPWK%22%2C%22library%22%3A%7B%22id%22%3A1246567%7D%2C%22meta%22%3A%7B%22creatorSummary%22%3A%22Palomar%20et%20al.%22%2C%22parsedDate%22%3A%222014%22%2C%22numChildren%22%3A0%7D%2C%22bib%22%3A%22%26lt%3Bdiv%20class%3D%26quot%3Bcsl-bib-body%26quot%3B%20style%3D%26quot%3Bline-height%3A%201.35%3B%20padding-left%3A%201em%3B%20text-indent%3A-1em%3B%26quot%3B%26gt%3B%5Cn%20%20%26lt%3Bdiv%20class%3D%26quot%3Bcsl-entry%26quot%3B%26gt%3BPalomar%2C%20G.%2C%20Pola%2C%20M.%2C%20Garc%26%23xED%3Ba-V%26%23xE1%3Bzquez%2C%20E.%20%282014%29.%20First%20molecular%20phylogeny%20of%20the%20subfamily%20Polycerinae%20%28Mollusca%2C%20Nudibranchia%2C%20Polyceridae%29.%20%26lt%3Bi%26gt%3BHelgol.%20Mar.%20Res.%2C%2068%3A143-153%26lt%3B%5C%2Fi%26gt%3B.%26lt%3B%5C%2Fdiv%26gt%3B%5Cn%26lt%3B%5C%2Fdiv%26gt%3B%22%2C%22data%22%3A%7B%22itemType%22%3A%22journalArticle%22%2C%22title%22%3A%22First%20molecular%20phylogeny%20of%20the%20subfamily%20Polycerinae%20%28Mollusca%2C%20Nudibranchia%2C%20Polyceridae%29%22%2C%22creators%22%3A%5B%7B%22creatorType%22%3A%22author%22%2C%22firstName%22%3A%22G.%22%2C%22lastName%22%3A%22Palomar%22%7D%2C%7B%22creatorType%22%3A%22author%22%2C%22firstName%22%3A%22M.%22%2C%22lastName%22%3A%22Pola%22%7D%2C%7B%22creatorType%22%3A%22author%22%2C%22firstName%22%3A%22E.%22%2C%22lastName%22%3A%22Garc%5Cu00eda-V%5Cu00e1zquez%22%7D%5D%2C%22abstractNote%22%3A%22%22%2C%22date%22%3A%222014%22%2C%22section%22%3A%22%22%2C%22partNumber%22%3A%22%22%2C%22partTitle%22%3A%22%22%2C%22DOI%22%3A%22%22%2C%22citationKey%22%3A%22%22%2C%22url%22%3A%22%22%2C%22PMID%22%3A%22%22%2C%22PMCID%22%3A%22%22%2C%22ISSN%22%3A%22%22%2C%22language%22%3A%22%22%2C%22collections%22%3A%5B%2282T5E3QX%22%5D%2C%22dateModified%22%3A%222016-04-29T13%3A23%3A06Z%22%7D%7D%2C%7B%22key%22%3A%22KSBZG4M7%22%2C%22library%22%3A%7B%22id%22%3A1246567%7D%2C%22meta%22%3A%7B%22creatorSummary%22%3A%22Pola%20et%20al.%22%2C%22parsedDate%22%3A%222007%22%2C%22numChildren%22%3A0%7D%2C%22bib%22%3A%22%26lt%3Bdiv%20class%3D%26quot%3Bcsl-bib-body%26quot%3B%20style%3D%26quot%3Bline-height%3A%201.35%3B%20padding-left%3A%201em%3B%20text-indent%3A-1em%3B%26quot%3B%26gt%3B%5Cn%20%20%26lt%3Bdiv%20class%3D%26quot%3Bcsl-entry%26quot%3B%26gt%3BPola%2C%20M.%2C%20Cervera%2C%20J.%20L.%2C%20Gosliner%2C%20J.%20L.%20%282007%29.%20Phylogenetic%20relationships%20of%20Nembrothinae%26%23xA0%3B%20%28Mollusca%3A%20Doridacea%3A%20Polyceridae%29%20inferred%20from%20morphology%20and%20mitochondrial%20DNA.%20%26lt%3Bi%26gt%3BMolecular%26%23xA0%3B%20Phylogenetics%20%26amp%3B%20Evolution%2043%283%29%3A726-742.%26lt%3B%5C%2Fi%26gt%3B%26lt%3B%5C%2Fdiv%26gt%3B%5Cn%26lt%3B%5C%2Fdiv%26gt%3B%22%2C%22data%22%3A%7B%22itemType%22%3A%22journalArticle%22%2C%22title%22%3A%22Phylogenetic%20relationships%20of%20Nembrothinae%20%20%28Mollusca%3A%20Doridacea%3A%20Polyceridae%29%20inferred%20from%20morphology%20and%20mitochondrial%20DNA%22%2C%22creators%22%3A%5B%7B%22creatorType%22%3A%22author%22%2C%22firstName%22%3A%22M.%22%2C%22lastName%22%3A%22Pola%22%7D%2C%7B%22creatorType%22%3A%22author%22%2C%22firstName%22%3A%22J.L.%22%2C%22lastName%22%3A%22Cervera%22%7D%2C%7B%22creatorType%22%3A%22author%22%2C%22firstName%22%3A%22J.L.%22%2C%22lastName%22%3A%22Gosliner%22%7D%5D%2C%22abstractNote%22%3A%22%22%2C%22date%22%3A%222007%22%2C%22section%22%3A%22%22%2C%22partNumber%22%3A%22%22%2C%22partTitle%22%3A%22%22%2C%22DOI%22%3A%22%22%2C%22citationKey%22%3A%22%22%2C%22url%22%3A%22%22%2C%22PMID%22%3A%22%22%2C%22PMCID%22%3A%22%22%2C%22ISSN%22%3A%22%22%2C%22language%22%3A%22%22%2C%22collections%22%3A%5B%2282T5E3QX%22%5D%2C%22dateModified%22%3A%222017-10-15T11%3A36%3A24Z%22%7D%7D%2C%7B%22key%22%3A%22QTXVRMC3%22%2C%22library%22%3A%7B%22id%22%3A1246567%7D%2C%22meta%22%3A%7B%22creatorSummary%22%3A%22Pola%20et%20al.%22%2C%22parsedDate%22%3A%222008%22%2C%22numChildren%22%3A0%7D%2C%22bib%22%3A%22%26lt%3Bdiv%20class%3D%26quot%3Bcsl-bib-body%26quot%3B%20style%3D%26quot%3Bline-height%3A%201.35%3B%20padding-left%3A%201em%3B%20text-indent%3A-1em%3B%26quot%3B%26gt%3B%5Cn%20%20%26lt%3Bdiv%20class%3D%26quot%3Bcsl-entry%26quot%3B%26gt%3BPola%2C%20M.%2C%20Cervera%2C%20L.%20J.%2C%20Gosliner%2C%20T.%20M.%20%282008%29.%20Description%20of%20the%20first%20Roboastra%20species%20%28Nudibranchia%2C%20Polyceridae%2C%20Nembrothinae%29%20from%20the%20Western%20Atlantic.%20%26lt%3Bi%26gt%3BBulletin%20of%20Marine%20Science%2C%2083%282%29%2C%20391-399.%26lt%3B%5C%2Fi%26gt%3B%26lt%3B%5C%2Fdiv%26gt%3B%5Cn%26lt%3B%5C%2Fdiv%26gt%3B%22%2C%22data%22%3A%7B%22itemType%22%3A%22journalArticle%22%2C%22title%22%3A%22Description%20of%20the%20first%20Roboastra%20species%20%28Nudibranchia%2C%20Polyceridae%2C%20Nembrothinae%29%20from%20the%20Western%20Atlantic%22%2C%22creators%22%3A%5B%7B%22creatorType%22%3A%22author%22%2C%22firstName%22%3A%22M.%22%2C%22lastName%22%3A%22Pola%22%7D%2C%7B%22creatorType%22%3A%22author%22%2C%22firstName%22%3A%22L.%20J.%22%2C%22lastName%22%3A%22Cervera%22%7D%2C%7B%22creatorType%22%3A%22author%22%2C%22firstName%22%3A%22T.%20M.%22%2C%22lastName%22%3A%22Gosliner%22%7D%5D%2C%22abstractNote%22%3A%22%22%2C%22date%22%3A%222008%22%2C%22section%22%3A%22%22%2C%22partNumber%22%3A%22%22%2C%22partTitle%22%3A%22%22%2C%22DOI%22%3A%22%22%2C%22citationKey%22%3A%22%22%2C%22url%22%3A%22%22%2C%22PMID%22%3A%22%22%2C%22PMCID%22%3A%22%22%2C%22ISSN%22%3A%22%22%2C%22language%22%3A%22%22%2C%22collections%22%3A%5B%2282T5E3QX%22%5D%2C%22dateModified%22%3A%222017-10-15T11%3A36%3A24Z%22%7D%7D%2C%7B%22key%22%3A%2272MQNBDJ%22%2C%22library%22%3A%7B%22id%22%3A1246567%7D%2C%22meta%22%3A%7B%22creatorSummary%22%3A%22Pruvot-Fol%22%2C%22parsedDate%22%3A%221954%22%2C%22numChildren%22%3A0%7D%2C%22bib%22%3A%22%26lt%3Bdiv%20class%3D%26quot%3Bcsl-bib-body%26quot%3B%20style%3D%26quot%3Bline-height%3A%201.35%3B%20padding-left%3A%201em%3B%20text-indent%3A-1em%3B%26quot%3B%26gt%3B%5Cn%20%20%26lt%3Bdiv%20class%3D%26quot%3Bcsl-entry%26quot%3B%26gt%3BPruvot-Fol%2C%20A.%20%281954%29.%20%26lt%3Bi%26gt%3BMollusques%20opisthobranches%26lt%3B%5C%2Fi%26gt%3B.%20Paul%20Lechevalier.%26lt%3B%5C%2Fdiv%26gt%3B%5Cn%26lt%3B%5C%2Fdiv%26gt%3B%22%2C%22data%22%3A%7B%22itemType%22%3A%22book%22%2C%22title%22%3A%22Mollusques%20opisthobranches%22%2C%22creators%22%3A%5B%7B%22creatorType%22%3A%22author%22%2C%22firstName%22%3A%22A.%22%2C%22lastName%22%3A%22Pruvot-Fol%22%7D%5D%2C%22abstractNote%22%3A%22%22%2C%22date%22%3A%221954%22%2C%22originalDate%22%3A%22%22%2C%22originalPublisher%22%3A%22%22%2C%22originalPlace%22%3A%22%22%2C%22format%22%3A%22%22%2C%22ISBN%22%3A%22%22%2C%22DOI%22%3A%22%22%2C%22citationKey%22%3A%22%22%2C%22url%22%3A%22%22%2C%22ISSN%22%3A%22%22%2C%22language%22%3A%22%22%2C%22collections%22%3A%5B%2222WZ5MYR%22%2C%2282T5E3QX%22%5D%2C%22dateModified%22%3A%222025-12-15T21%3A59%3A15Z%22%7D%7D%2C%7B%22key%22%3A%22QMICPTMI%22%2C%22library%22%3A%7B%22id%22%3A1246567%7D%2C%22meta%22%3A%7B%22creatorSummary%22%3A%22Rol%5Cu00e1n%22%2C%22parsedDate%22%3A%222005%22%2C%22numChildren%22%3A0%7D%2C%22bib%22%3A%22%26lt%3Bdiv%20class%3D%26quot%3Bcsl-bib-body%26quot%3B%20style%3D%26quot%3Bline-height%3A%201.35%3B%20padding-left%3A%201em%3B%20text-indent%3A-1em%3B%26quot%3B%26gt%3B%5Cn%20%20%26lt%3Bdiv%20class%3D%26quot%3Bcsl-entry%26quot%3B%26gt%3BRol%26%23xE1%3Bn%2C%20E.%20%282005%29.%20%26lt%3Bi%26gt%3BMalacological%20Fauna%20From%20The%20Cape%20Verde%20Archipelago.%20Part%201%2C%20Polyplacophora%20and%20Gastropoda%26lt%3B%5C%2Fi%26gt%3B.%20ConchBooks%2C%20Frankfurt%2C%20Germany.%26lt%3B%5C%2Fdiv%26gt%3B%5Cn%26lt%3B%5C%2Fdiv%26gt%3B%22%2C%22data%22%3A%7B%22itemType%22%3A%22book%22%2C%22title%22%3A%22Malacological%20Fauna%20From%20The%20Cape%20Verde%20Archipelago.%20Part%201%2C%20Polyplacophora%20and%20Gastropoda%22%2C%22creators%22%3A%5B%7B%22creatorType%22%3A%22author%22%2C%22firstName%22%3A%22E.%22%2C%22lastName%22%3A%22Rol%5Cu00e1n%22%7D%5D%2C%22abstractNote%22%3A%22%22%2C%22date%22%3A%222005%22%2C%22originalDate%22%3A%22%22%2C%22originalPublisher%22%3A%22%22%2C%22originalPlace%22%3A%22%22%2C%22format%22%3A%22%22%2C%22ISBN%22%3A%22%22%2C%22DOI%22%3A%22%22%2C%22citationKey%22%3A%22%22%2C%22url%22%3A%22%22%2C%22ISSN%22%3A%22%22%2C%22language%22%3A%22%22%2C%22collections%22%3A%5B%2282T5E3QX%22%5D%2C%22dateModified%22%3A%222025-12-15T21%3A59%3A42Z%22%7D%7D%2C%7B%22key%22%3A%22ZP5C26XE%22%2C%22library%22%3A%7B%22id%22%3A1246567%7D%2C%22meta%22%3A%7B%22creatorSummary%22%3A%22Rudman%20W.B.%20et%20al.%22%2C%22parsedDate%22%3A%221998%22%2C%22numChildren%22%3A0%7D%2C%22bib%22%3A%22%26lt%3Bdiv%20class%3D%26quot%3Bcsl-bib-body%26quot%3B%20style%3D%26quot%3Bline-height%3A%201.35%3B%20padding-left%3A%201em%3B%20text-indent%3A-1em%3B%26quot%3B%26gt%3B%5Cn%20%20%26lt%3Bdiv%20class%3D%26quot%3Bcsl-entry%26quot%3B%26gt%3BRudman%20W.B.%20et%20al.%20%281998%29.%20Plocamopherus%20maderae%20accessed%20through%3A%20Sea%20Slug%20Forum%20on%202014-12-14.%20Disponible%20en%3A%20%26lt%3Ba%20class%3D%26%23039%3Bzp-ItemURL%26%23039%3B%20target%3D%26%23039%3B_blank%26%23039%3B%20href%3D%26%23039%3Bhttp%3A%5C%2F%5C%2Fseaslugforum.net%5C%2Fshowall%5C%2Fplocmade%26%23039%3B%26gt%3Bhttp%3A%5C%2F%5C%2Fseaslugforum.net%5C%2Fshowall%5C%2Fplocmade%26lt%3B%5C%2Fa%26gt%3B%26lt%3B%5C%2Fdiv%26gt%3B%5Cn%26lt%3B%5C%2Fdiv%26gt%3B%22%2C%22data%22%3A%7B%22itemType%22%3A%22webpage%22%2C%22title%22%3A%22Plocamopherus%20maderae%20accessed%20through%3A%20Sea%20Slug%20Forum%20on%202014-12-14%22%2C%22creators%22%3A%5B%7B%22creatorType%22%3A%22author%22%2C%22name%22%3A%22Rudman%20W.B.%20et%20al.%22%7D%5D%2C%22abstractNote%22%3A%22%22%2C%22date%22%3A%221998-2010%22%2C%22DOI%22%3A%22%22%2C%22citationKey%22%3A%22%22%2C%22url%22%3A%22http%3A%5C%2F%5C%2Fseaslugforum.net%5C%2Fshowall%5C%2Fplocmade%22%2C%22language%22%3A%22%22%2C%22collections%22%3A%5B%2282T5E3QX%22%5D%2C%22dateModified%22%3A%222016-04-29T13%3A12%3A03Z%22%7D%7D%2C%7B%22key%22%3A%22PPCVN9FG%22%2C%22library%22%3A%7B%22id%22%3A1246567%7D%2C%22meta%22%3A%7B%22creatorSummary%22%3A%22Silva%22%2C%22parsedDate%22%3A%222008%22%2C%22numChildren%22%3A0%7D%2C%22bib%22%3A%22%26lt%3Bdiv%20class%3D%26quot%3Bcsl-bib-body%26quot%3B%20style%3D%26quot%3Bline-height%3A%201.35%3B%20padding-left%3A%201em%3B%20text-indent%3A-1em%3B%26quot%3B%26gt%3B%5Cn%20%20%26lt%3Bdiv%20class%3D%26quot%3Bcsl-entry%26quot%3B%26gt%3BSilva%2C%20J.%20P.%20%282008%29.%20Plocamopherus%20maderae%20accessed%20through%3A%20Hypselodoris%2C%20Lesmas%20do%20Mar%20on%202014-12-21.%20Disponible%20en%3A%20%26lt%3Ba%20class%3D%26%23039%3Bzp-ItemURL%26%23039%3B%20target%3D%26%23039%3B_blank%26%23039%3B%20href%3D%26%23039%3Bhttp%3A%5C%2F%5C%2Fhypselodoris.blogspot.pt%5C%2F2010%5C%2F07%5C%2Fplocamopherus-maderae-lowe-1842.html%26%23039%3B%26gt%3Bhttp%3A%5C%2F%5C%2Fhypselodoris.blogspot.pt%5C%2F2010%5C%2F07%5C%2Fplocamopherus-maderae-lowe-1842.html%26lt%3B%5C%2Fa%26gt%3B%26lt%3B%5C%2Fdiv%26gt%3B%5Cn%26lt%3B%5C%2Fdiv%26gt%3B%22%2C%22data%22%3A%7B%22itemType%22%3A%22webpage%22%2C%22title%22%3A%22Plocamopherus%20maderae%20accessed%20through%3A%20Hypselodoris%2C%20Lesmas%20do%20Mar%20on%202014-12-21%22%2C%22creators%22%3A%5B%7B%22creatorType%22%3A%22author%22%2C%22firstName%22%3A%22Jo%5Cu00e3o%20Pedro%22%2C%22lastName%22%3A%22Silva%22%7D%5D%2C%22abstractNote%22%3A%22%22%2C%22date%22%3A%222008-2014%22%2C%22DOI%22%3A%22%22%2C%22citationKey%22%3A%22%22%2C%22url%22%3A%22http%3A%5C%2F%5C%2Fhypselodoris.blogspot.pt%5C%2F2010%5C%2F07%5C%2Fplocamopherus-maderae-lowe-1842.html%22%2C%22language%22%3A%22%22%2C%22collections%22%3A%5B%2282T5E3QX%22%5D%2C%22dateModified%22%3A%222016-04-29T13%3A20%3A17Z%22%7D%7D%2C%7B%22key%22%3A%22ZC6JUJIJ%22%2C%22library%22%3A%7B%22id%22%3A1246567%7D%2C%22meta%22%3A%7B%22creatorSummary%22%3A%22Valles%22%2C%22parsedDate%22%3A%222002%22%2C%22numChildren%22%3A0%7D%2C%22bib%22%3A%22%26lt%3Bdiv%20class%3D%26quot%3Bcsl-bib-body%26quot%3B%20style%3D%26quot%3Bline-height%3A%201.35%3B%20padding-left%3A%201em%3B%20text-indent%3A-1em%3B%26quot%3B%26gt%3B%5Cn%20%20%26lt%3Bdiv%20class%3D%26quot%3Bcsl-entry%26quot%3B%26gt%3BValles%2C%20Y.%20%282002%29.%20%26lt%3Bi%26gt%3BTaxonomy%20and%20phylogeny%20of%20Kaloplocamus%20and%20Plocamopherus%20and%20their%20relationships%20with%20other%20phanerobranchs.%26lt%3B%5C%2Fi%26gt%3B%20Master%20Thesis.%20San%20Francisco%20State%20University.%20San%20Francisco%2C%20EE%20UU%3A%20266%20pp.%20%28Unpublished.%29.%26lt%3B%5C%2Fdiv%26gt%3B%5Cn%26lt%3B%5C%2Fdiv%26gt%3B%22%2C%22data%22%3A%7B%22itemType%22%3A%22book%22%2C%22title%22%3A%22Taxonomy%20and%20phylogeny%20of%20Kaloplocamus%20and%20Plocamopherus%20and%20their%20relationships%20with%20other%20phanerobranchs.%22%2C%22creators%22%3A%5B%7B%22creatorType%22%3A%22author%22%2C%22firstName%22%3A%22Y.%22%2C%22lastName%22%3A%22Valles%22%7D%5D%2C%22abstractNote%22%3A%22%22%2C%22date%22%3A%222002%22%2C%22originalDate%22%3A%22%22%2C%22originalPublisher%22%3A%22%22%2C%22originalPlace%22%3A%22%22%2C%22format%22%3A%22%22%2C%22ISBN%22%3A%22%22%2C%22DOI%22%3A%22%22%2C%22citationKey%22%3A%22%22%2C%22url%22%3A%22%22%2C%22ISSN%22%3A%22%22%2C%22language%22%3A%22%22%2C%22collections%22%3A%5B%2282T5E3QX%22%5D%2C%22dateModified%22%3A%222016-04-29T13%3A22%3A54Z%22%7D%7D%2C%7B%22key%22%3A%22T4PPZKUV%22%2C%22library%22%3A%7B%22id%22%3A1246567%7D%2C%22meta%22%3A%7B%22creatorSummary%22%3A%22Valles%20and%20Gosliner%22%2C%22parsedDate%22%3A%222006%22%2C%22numChildren%22%3A0%7D%2C%22bib%22%3A%22%26lt%3Bdiv%20class%3D%26quot%3Bcsl-bib-body%26quot%3B%20style%3D%26quot%3Bline-height%3A%201.35%3B%20padding-left%3A%201em%3B%20text-indent%3A-1em%3B%26quot%3B%26gt%3B%5Cn%20%20%26lt%3Bdiv%20class%3D%26quot%3Bcsl-entry%26quot%3B%26gt%3BValles%2C%20Y.%2C%20Gosliner%2C%20T.%20M.%20%282006%29.%20Shedding%20light%20onto%20the%20genera%20%28Mollusca%3A%20Nudibranchia%29%20Kaloplocamus%20and%20Plocamopherus%20with%20description%20of%20new%20species%20belonging%20to%20these%20unique%20bioluminescent%20dorids.%20%26lt%3Bi%26gt%3BThe%20Veliger%2048%283%29%3A%20178-205%26lt%3B%5C%2Fi%26gt%3B.%26lt%3B%5C%2Fdiv%26gt%3B%5Cn%26lt%3B%5C%2Fdiv%26gt%3B%22%2C%22data%22%3A%7B%22itemType%22%3A%22journalArticle%22%2C%22title%22%3A%22Shedding%20light%20onto%20the%20genera%20%28Mollusca%3A%20Nudibranchia%29%20Kaloplocamus%20and%20Plocamopherus%20with%20description%20of%20new%20species%20belonging%20to%20these%20unique%20bioluminescent%20dorids%22%2C%22creators%22%3A%5B%7B%22creatorType%22%3A%22author%22%2C%22firstName%22%3A%22Y.%22%2C%22lastName%22%3A%22Valles%22%7D%2C%7B%22creatorType%22%3A%22author%22%2C%22firstName%22%3A%22T.%20M.%22%2C%22lastName%22%3A%22Gosliner%22%7D%5D%2C%22abstractNote%22%3A%22%22%2C%22date%22%3A%222006%22%2C%22section%22%3A%22%22%2C%22partNumber%22%3A%22%22%2C%22partTitle%22%3A%22%22%2C%22DOI%22%3A%22%22%2C%22citationKey%22%3A%22%22%2C%22url%22%3A%22%22%2C%22PMID%22%3A%22%22%2C%22PMCID%22%3A%22%22%2C%22ISSN%22%3A%22%22%2C%22language%22%3A%22%22%2C%22collections%22%3A%5B%2282T5E3QX%22%5D%2C%22dateModified%22%3A%222016-04-29T13%3A15%3A51Z%22%7D%7D%2C%7B%22key%22%3A%22RI65PF37%22%2C%22library%22%3A%7B%22id%22%3A1246567%7D%2C%22meta%22%3A%7B%22creatorSummary%22%3A%22Watson%22%2C%22parsedDate%22%3A%221897%22%2C%22numChildren%22%3A0%7D%2C%22bib%22%3A%22%26lt%3Bdiv%20class%3D%26quot%3Bcsl-bib-body%26quot%3B%20style%3D%26quot%3Bline-height%3A%201.35%3B%20padding-left%3A%201em%3B%20text-indent%3A-1em%3B%26quot%3B%26gt%3B%5Cn%20%20%26lt%3Bdiv%20class%3D%26quot%3Bcsl-entry%26quot%3B%26gt%3BWatson%2C%20R.%20B.%20%281897%29.%20On%20the%20marine%20Mollusca%20of%20Madeira%3B%20with%20descriptions%20of%20thirty-five%20new%20species%2C%20and%20an%20index-list%20of%20all%20the%20known%20sea-dwelling%20species%20of%20that%20island.%20%26lt%3Bi%26gt%3BJournal%20of%20the%20Linnean%20Society%20of%20London%2C%20Zoology%2026%3A%20233-329%2C%20pl.%2019%2C%2020%26lt%3B%5C%2Fi%26gt%3B.%26lt%3B%5C%2Fdiv%26gt%3B%5Cn%26lt%3B%5C%2Fdiv%26gt%3B%22%2C%22data%22%3A%7B%22itemType%22%3A%22journalArticle%22%2C%22title%22%3A%22On%20the%20marine%20Mollusca%20of%20Madeira%3B%20with%20descriptions%20of%20thirty-five%20new%20species%2C%20and%20an%20index-list%20of%20all%20the%20known%20sea-dwelling%20species%20of%20that%20island%22%2C%22creators%22%3A%5B%7B%22creatorType%22%3A%22author%22%2C%22firstName%22%3A%22R.%20B.%22%2C%22lastName%22%3A%22Watson%22%7D%5D%2C%22abstractNote%22%3A%22%22%2C%22date%22%3A%221897%22%2C%22section%22%3A%22%22%2C%22partNumber%22%3A%22%22%2C%22partTitle%22%3A%22%22%2C%22DOI%22%3A%22%22%2C%22citationKey%22%3A%22%22%2C%22url%22%3A%22%22%2C%22PMID%22%3A%22%22%2C%22PMCID%22%3A%22%22%2C%22ISSN%22%3A%22%22%2C%22language%22%3A%22%22%2C%22collections%22%3A%5B%2282T5E3QX%22%5D%2C%22dateModified%22%3A%222020-12-19T17%3A59%3A06Z%22%7D%7D%2C%7B%22key%22%3A%22M4Q3X9WN%22%2C%22library%22%3A%7B%22id%22%3A1246567%7D%2C%22meta%22%3A%7B%22creatorSummary%22%3A%22Wirtz%22%2C%22parsedDate%22%3A%221995%22%2C%22numChildren%22%3A0%7D%2C%22bib%22%3A%22%26lt%3Bdiv%20class%3D%26quot%3Bcsl-bib-body%26quot%3B%20style%3D%26quot%3Bline-height%3A%201.35%3B%20padding-left%3A%201em%3B%20text-indent%3A-1em%3B%26quot%3B%26gt%3B%5Cn%20%20%26lt%3Bdiv%20class%3D%26quot%3Bcsl-entry%26quot%3B%26gt%3BWirtz%2C%20P.%20%281995%29.%20%26lt%3Bi%26gt%3BUnterwasserf%26%23xFC%3Bhrer%20Madeira%2C%20Kanarean%2C%20Azoren.%26lt%3B%5C%2Fi%26gt%3B%20Delius%20Klasing%2C%20Edition%20Naglschmid.%26lt%3B%5C%2Fdiv%26gt%3B%5Cn%26lt%3B%5C%2Fdiv%26gt%3B%22%2C%22data%22%3A%7B%22itemType%22%3A%22book%22%2C%22title%22%3A%22Unterwasserf%5Cu00fchrer%20Madeira%2C%20Kanarean%2C%20Azoren.%22%2C%22creators%22%3A%5B%7B%22creatorType%22%3A%22author%22%2C%22firstName%22%3A%22P.%22%2C%22lastName%22%3A%22Wirtz%22%7D%5D%2C%22abstractNote%22%3A%22%22%2C%22date%22%3A%221995%22%2C%22originalDate%22%3A%22%22%2C%22originalPublisher%22%3A%22%22%2C%22originalPlace%22%3A%22%22%2C%22format%22%3A%22%22%2C%22ISBN%22%3A%22978-3-89594-014-9%22%2C%22DOI%22%3A%22%22%2C%22citationKey%22%3A%22%22%2C%22url%22%3A%22%22%2C%22ISSN%22%3A%22%22%2C%22language%22%3A%22%22%2C%22collections%22%3A%5B%2282T5E3QX%22%5D%2C%22dateModified%22%3A%222025-12-15T21%3A59%3A02Z%22%7D%7D%2C%7B%22key%22%3A%226VQBVE7A%22%2C%22library%22%3A%7B%22id%22%3A1246567%7D%2C%22meta%22%3A%7B%22creatorSummary%22%3A%22Wirtz%22%2C%22parsedDate%22%3A%221999%22%2C%22numChildren%22%3A0%7D%2C%22bib%22%3A%22%26lt%3Bdiv%20class%3D%26quot%3Bcsl-bib-body%26quot%3B%20style%3D%26quot%3Bline-height%3A%201.35%3B%20padding-left%3A%201em%3B%20text-indent%3A-1em%3B%26quot%3B%26gt%3B%5Cn%20%20%26lt%3Bdiv%20class%3D%26quot%3Bcsl-entry%26quot%3B%26gt%3BWirtz%2C%20P.%20%281999%29.%20Opisthobranch%20Molluscs%20from%20the%20archipelago%20of%20Madeira.%20%26lt%3Bi%26gt%3BVita%20Marina%26lt%3B%5C%2Fi%26gt%3B%2C%20%26lt%3Bi%26gt%3B46%26lt%3B%5C%2Fi%26gt%3B%281-2%29%2C%201-18.%26lt%3B%5C%2Fdiv%26gt%3B%5Cn%26lt%3B%5C%2Fdiv%26gt%3B%22%2C%22data%22%3A%7B%22itemType%22%3A%22journalArticle%22%2C%22title%22%3A%22Opisthobranch%20Molluscs%20from%20the%20archipelago%20of%20Madeira%22%2C%22creators%22%3A%5B%7B%22creatorType%22%3A%22author%22%2C%22firstName%22%3A%22P.%22%2C%22lastName%22%3A%22Wirtz%22%7D%5D%2C%22abstractNote%22%3A%22%22%2C%22date%22%3A%221999%22%2C%22section%22%3A%22%22%2C%22partNumber%22%3A%22%22%2C%22partTitle%22%3A%22%22%2C%22DOI%22%3A%22%22%2C%22citationKey%22%3A%22%22%2C%22url%22%3A%22%22%2C%22PMID%22%3A%22%22%2C%22PMCID%22%3A%22%22%2C%22ISSN%22%3A%22%22%2C%22language%22%3A%22%22%2C%22collections%22%3A%5B%2222WZ5MYR%22%2C%2282T5E3QX%22%5D%2C%22dateModified%22%3A%222025-12-15T21%3A59%3A42Z%22%7D%7D%2C%7B%22key%22%3A%22F6NUH8JA%22%2C%22library%22%3A%7B%22id%22%3A1246567%7D%2C%22meta%22%3A%7B%22creatorSummary%22%3A%22Wirtz%20and%20Debelius%22%2C%22parsedDate%22%3A%222003%22%2C%22numChildren%22%3A0%7D%2C%22bib%22%3A%22%26lt%3Bdiv%20class%3D%26quot%3Bcsl-bib-body%26quot%3B%20style%3D%26quot%3Bline-height%3A%201.35%3B%20padding-left%3A%201em%3B%20text-indent%3A-1em%3B%26quot%3B%26gt%3B%5Cn%20%20%26lt%3Bdiv%20class%3D%26quot%3Bcsl-entry%26quot%3B%26gt%3BWirtz%2C%20P.%2C%20Debelius%2C%20H.%20%282003%29.%20%26lt%3Bi%26gt%3BMediterranean%20and%20Atlantic%20invertebrate%20guide%26lt%3B%5C%2Fi%26gt%3B.%20ConchBooks.%26lt%3B%5C%2Fdiv%26gt%3B%5Cn%26lt%3B%5C%2Fdiv%26gt%3B%22%2C%22data%22%3A%7B%22itemType%22%3A%22book%22%2C%22title%22%3A%22Mediterranean%20and%20Atlantic%20invertebrate%20guide%22%2C%22creators%22%3A%5B%7B%22creatorType%22%3A%22author%22%2C%22firstName%22%3A%22Peter%22%2C%22lastName%22%3A%22Wirtz%22%7D%2C%7B%22creatorType%22%3A%22author%22%2C%22firstName%22%3A%22Helmut%22%2C%22lastName%22%3A%22Debelius%22%7D%5D%2C%22abstractNote%22%3A%22%22%2C%22date%22%3A%222003%22%2C%22originalDate%22%3A%22%22%2C%22originalPublisher%22%3A%22%22%2C%22originalPlace%22%3A%22%22%2C%22format%22%3A%22%22%2C%22ISBN%22%3A%223-925919-62-7%20978-3-925919-62-6%22%2C%22DOI%22%3A%22%22%2C%22citationKey%22%3A%22%22%2C%22url%22%3A%22%22%2C%22ISSN%22%3A%22%22%2C%22language%22%3A%22%22%2C%22collections%22%3A%5B%2282T5E3QX%22%5D%2C%22dateModified%22%3A%222025-12-15T21%3A59%3A42Z%22%7D%7D%2C%7B%22key%22%3A%227EGYZ8LE%22%2C%22library%22%3A%7B%22id%22%3A1246567%7D%2C%22meta%22%3A%7B%22creatorSummary%22%3A%22WoRMS%20Editorial%20Board%22%2C%22parsedDate%22%3A%222026%22%2C%22numChildren%22%3A0%7D%2C%22bib%22%3A%22%26lt%3Bdiv%20class%3D%26quot%3Bcsl-bib-body%26quot%3B%20style%3D%26quot%3Bline-height%3A%201.35%3B%20padding-left%3A%201em%3B%20text-indent%3A-1em%3B%26quot%3B%26gt%3B%5Cn%20%20%26lt%3Bdiv%20class%3D%26quot%3Bcsl-entry%26quot%3B%26gt%3BWoRMS%20Editorial%20Board.%20%282026%29.%20World%20Register%20of%20Marine%20Species.%20%26lt%3Bi%26gt%3BWoRMS%26lt%3B%5C%2Fi%26gt%3B.%20Disponible%20en%3A%20%26lt%3Ba%20class%3D%26%23039%3Bzp-ItemURL%26%23039%3B%20target%3D%26%23039%3B_blank%26%23039%3B%20href%3D%26%23039%3Bhttp%3A%5C%2F%5C%2Fwww.marinespecies.org%26%23039%3B%26gt%3Bhttp%3A%5C%2F%5C%2Fwww.marinespecies.org%26lt%3B%5C%2Fa%26gt%3B%26lt%3B%5C%2Fdiv%26gt%3B%5Cn%26lt%3B%5C%2Fdiv%26gt%3B%22%2C%22data%22%3A%7B%22itemType%22%3A%22webpage%22%2C%22title%22%3A%22World%20Register%20of%20Marine%20Species%22%2C%22creators%22%3A%5B%7B%22creatorType%22%3A%22author%22%2C%22name%22%3A%22WoRMS%20Editorial%20Board%22%7D%5D%2C%22abstractNote%22%3A%22%22%2C%22date%22%3A%222026%22%2C%22DOI%22%3A%2210.14284%5C%2F170%22%2C%22citationKey%22%3A%22%22%2C%22url%22%3A%22http%3A%5C%2F%5C%2Fwww.marinespecies.org%22%2C%22language%22%3A%22%22%2C%22collections%22%3A%5B%2222WZ5MYR%22%2C%2282T5E3QX%22%5D%2C%22dateModified%22%3A%222026-07-11T14%3A21%3A50Z%22%7D%7D%5D%7D<\/span>\n\n\t\t\t\t<div id=\"zp-ID-16992-1246567-4IQSJQCQ\" data-zp-author-date='Abraham-1876' data-zp-date-author='1876-Abraham' data-zp-date='1876' data-zp-year='1876' data-zp-itemtype='journalArticle' class=\"zp-Entry zpSearchResultsItem\">\n<div class=\"csl-bib-body\" style=\"line-height: 1.35; padding-left: 1em; text-indent:-1em;\">\n  <div class=\"csl-entry\">Abraham, P. S. (1876). Note sur un nouveau mollusque nudibranche du genre Plocamopherus. Bulletin de la Societe Zoologique de France 1:287-290.<\/div>\n<\/div>\n\t\t\t\t<\/div><!-- .zp-Entry .zpSearchResultsItem -->\t\t\t\t<div id=\"zp-ID-16992-1246567-FFMY4MWD\" data-zp-author-date='Bacallado-et-al.-2008' data-zp-date-author='2008-Bacallado-et-al.' data-zp-date='2008' data-zp-year='2008' data-zp-itemtype='journalArticle' class=\"zp-Entry zpSearchResultsItem\">\n<div class=\"csl-bib-body\" style=\"line-height: 1.35; padding-left: 1em; text-indent:-1em;\">\n  <div class=\"csl-entry\">Bacallado, J. J., Ortea, J., Moro, L., Mart\u00edn Barrios, F. J., Cruz Sim\u00f3, T., Mesa Hern\u00e1ndez, R. (2008). Inventario de los moluscos de la marina de Arrecife, Lanzarote. <i>Canarias Conservaci\u00f3n<\/i>, 1-32.<\/div>\n<\/div>\n\t\t\t\t<\/div><!-- .zp-Entry .zpSearchResultsItem -->\t\t\t\t<div id=\"zp-ID-16992-1246567-US4WQRA3\" data-zp-author-date='Ballesteros-et-al.-2026' data-zp-date-author='2026-Ballesteros-et-al.' data-zp-date='2026' data-zp-year='2026' data-zp-itemtype='webpage' class=\"zp-Entry zpSearchResultsItem\">\n<div class=\"csl-bib-body\" style=\"line-height: 1.35; padding-left: 1em; text-indent:-1em;\">\n  <div class=\"csl-entry\">Ballesteros, M., Madrenas, E., Pontes, M. (2026). OPK - Opistobranquis. Disponible en: <a class=&#039;zp-ItemURL&#039; target=&#039;_blank&#039; href=&#039;https:\/\/opistobranquis.info\/&#039;>https:\/\/opistobranquis.info\/<\/a> [Accedido 6 de marzo de 2026]<\/div>\n<\/div>\n\t\t\t\t<\/div><!-- .zp-Entry .zpSearchResultsItem -->\t\t\t\t<div id=\"zp-ID-16992-1246567-KVW3GKNQ\" data-zp-author-date='Bergh-1879' data-zp-date-author='1879-Bergh' data-zp-date='1879' data-zp-year='1879' data-zp-itemtype='journalArticle' class=\"zp-Entry zpSearchResultsItem\">\n<div class=\"csl-bib-body\" style=\"line-height: 1.35; padding-left: 1em; text-indent:-1em;\">\n  <div class=\"csl-entry\">Bergh, L. S. R. (1879). Beitrage zu einer Monographie der Polyceraden, I. Verhandlungen der koniglich-kaiserlich Zoologisch-botanischen Gesellschaft in Wien (Abhandlungen) 29:599- 652, pls. 9-14.<\/div>\n<\/div>\n\t\t\t\t<\/div><!-- .zp-Entry .zpSearchResultsItem -->\t\t\t\t<div id=\"zp-ID-16992-1246567-U9WJ9DNR\" data-zp-author-date='Bergh-1877' data-zp-date-author='1877-Bergh' data-zp-date='1877' data-zp-year='1877' data-zp-itemtype='book' class=\"zp-Entry zpSearchResultsItem\">\n<div class=\"csl-bib-body\" style=\"line-height: 1.35; padding-left: 1em; text-indent:-1em;\">\n  <div class=\"csl-entry\">Bergh, L. S. R. (1877). <i>Malacologische Untersuchungen, In: Reisen im Archipel der Philippinen von Dr Carl Gottfried Semper.<\/i> Wissenschaftliche Resultate. Band 2, Theil 2, Heft 11; pp 429-494, pls. 54-57.<\/div>\n<\/div>\n\t\t\t\t<\/div><!-- .zp-Entry .zpSearchResultsItem -->\t\t\t\t<div id=\"zp-ID-16992-1246567-AZN7TQ7R\" data-zp-author-date='Bergh-1883' data-zp-date-author='1883-Bergh' data-zp-date='1883' data-zp-year='1883' data-zp-itemtype='journalArticle' class=\"zp-Entry zpSearchResultsItem\">\n<div class=\"csl-bib-body\" style=\"line-height: 1.35; padding-left: 1em; text-indent:-1em;\">\n  <div class=\"csl-entry\">Bergh, L. S. R. (1883). Beitrage zu einer Monographie der Polyceraden. III. Verhandlungen der koniglich-kaiserlich Zoologisch-botanischen Gesellschaft in Wien (Abhandlungen) 33:135- 180, pls. 6-10.<\/div>\n<\/div>\n\t\t\t\t<\/div><!-- .zp-Entry .zpSearchResultsItem -->\t\t\t\t<div id=\"zp-ID-16992-1246567-TRAHJMFI\" data-zp-author-date='Bergh-1890' data-zp-date-author='1890-Bergh' data-zp-date='1890' data-zp-year='1890' data-zp-itemtype='book' class=\"zp-Entry zpSearchResultsItem\">\n<div class=\"csl-bib-body\" style=\"line-height: 1.35; padding-left: 1em; text-indent:-1em;\">\n  <div class=\"csl-entry\">Bergh, L. S. R. (1890). <i>Die Nudibranchien des \u201cSunda-Meeres\u201d. Malacologische Untersuchungen. In:\u00a0 Reisen im Archipel der Philippinen von Dr. Carl Gottfried Semper. Zweiter Theil.<\/i><\/div>\n<\/div>\n\t\t\t\t<\/div><!-- .zp-Entry .zpSearchResultsItem -->\t\t\t\t<div id=\"zp-ID-16992-1246567-GA35RD4B\" data-zp-author-date='Bergh-1892' data-zp-date-author='1892-Bergh' data-zp-date='1892' data-zp-year='1892' data-zp-itemtype='book' class=\"zp-Entry zpSearchResultsItem\">\n<div class=\"csl-bib-body\" style=\"line-height: 1.35; padding-left: 1em; text-indent:-1em;\">\n  <div class=\"csl-entry\">Bergh, R. (1892). <i>System der Nudibranchiaten Gasteropoden<\/i>. Malacologische Untersuchungen. In: Reisen im Archipel der Philippinen von Dr. Carl Gottfried Semper. Zweiter Theil#Wissenschaftliche Resultate. Band 7, Theil 5. [pp. 1\u201351, pls 1\u20134, Mar. 1897; pp. 53\u2013115, pls 5\u20138, Dec. 1897; pp. 117\u2013158, pls 9\u201312, Nov. 1898; pp. 159\u2013208, pls 13\u201316, 27 Mar. 1900; pp. 209\u2013256, pls 17\u201320, 29 Jan. 1901; pp. 257\u2013312, pls. 21\u201324, 15 Oct. 1901; pp. 313\u2013382, pls 25\u201329, 7 Oct. 1902].<\/div>\n<\/div>\n\t\t\t\t<\/div><!-- .zp-Entry .zpSearchResultsItem -->\t\t\t\t<div id=\"zp-ID-16992-1246567-ET2HBM6T\" data-zp-author-date='Cervera-et-al.-1988' data-zp-date-author='1988-Cervera-et-al.' data-zp-date='1988' data-zp-year='1988' data-zp-itemtype='journalArticle' class=\"zp-Entry zpSearchResultsItem\">\n<div class=\"csl-bib-body\" style=\"line-height: 1.35; padding-left: 1em; text-indent:-1em;\">\n  <div class=\"csl-entry\">Cervera, J. L., Templado, J., Garc\u00eda-G\u00f3mez, J. C., Ballesteros, M., Ortea, J., Garc\u00eda, F. J., Ros, J., Luque, A. A. (1988). Cat\u00e1logo actualizado y comentado de los Opistobranquios (Mollusca, Gastropoda) de la Pen\u00ednsula Ib\u00e9rica, Baleares y Canarias, con algunas referencias a Ceuta y la isla de Albor\u00e1n. <i>Iberus<\/i>, <i>Supl. 1<\/i>, 1-84.<\/div>\n<\/div>\n\t\t\t\t<\/div><!-- .zp-Entry .zpSearchResultsItem -->\t\t\t\t<div id=\"zp-ID-16992-1246567-HM8AG4CQ\" data-zp-author-date='Cervera-et-al.-2004' data-zp-date-author='2004-Cervera-et-al.' data-zp-date='2004' data-zp-year='2004' data-zp-itemtype='journalArticle' class=\"zp-Entry zpSearchResultsItem\">\n<div class=\"csl-bib-body\" style=\"line-height: 1.35; padding-left: 1em; text-indent:-1em;\">\n  <div class=\"csl-entry\">Cervera, J. L., Calado, G., Gavaia, C., Malaqu\u00edas, M. A. E., Templado, J., Ballesteros, M., Garc\u00eda-G\u00f3mez, J. C., Megina, C. (2004). An annotated and updated checklist of the opisthobranchs (Mollusca: Gastropoda) from Spain and Portugal (including islands and archipelagos). <i>Bolet\u00edn Instituto Espa\u00f1ol de Oceanograf\u00eda<\/i>, <i>20<\/i>(1-4), 1-111.<\/div>\n<\/div>\n\t\t\t\t<\/div><!-- .zp-Entry .zpSearchResultsItem -->\t\t\t\t<div id=\"zp-ID-16992-1246567-K4I6DMIF\" data-zp-author-date='Debelius-and-Kuiter-2007' data-zp-date-author='2007-Debelius-and-Kuiter' data-zp-date='2007' data-zp-year='2007' data-zp-itemtype='book' class=\"zp-Entry zpSearchResultsItem\">\n<div class=\"csl-bib-body\" style=\"line-height: 1.35; padding-left: 1em; text-indent:-1em;\">\n  <div class=\"csl-entry\">Debelius, H., Kuiter, R. H. (2007). <i>Nudibranchs of the world<\/i>. IKAN- Unterwasserarchiv.<\/div>\n<\/div>\n\t\t\t\t<\/div><!-- .zp-Entry .zpSearchResultsItem -->\t\t\t\t<div id=\"zp-ID-16992-1246567-2TFNE6FC\" data-zp-author-date='Eliot-1906' data-zp-date-author='1906-Eliot' data-zp-date='1906' data-zp-year='1906' data-zp-itemtype='journalArticle' class=\"zp-Entry zpSearchResultsItem\">\n<div class=\"csl-bib-body\" style=\"line-height: 1.35; padding-left: 1em; text-indent:-1em;\">\n  <div class=\"csl-entry\">Eliot, C. N. E. (1906). Report upon a collection of Nudibranchiata from the Cape Verde islands, with notes by C. Crossland. <i>Proceedings of the Malacological Society of London l7(3): 131-159.<\/i><\/div>\n<\/div>\n\t\t\t\t<\/div><!-- .zp-Entry .zpSearchResultsItem -->\t\t\t\t<div id=\"zp-ID-16992-1246567-CCCN9Z5J\" data-zp-author-date='Eliot-1910' data-zp-date-author='1910-Eliot' data-zp-date='1910' data-zp-year='1910' data-zp-itemtype='book' class=\"zp-Entry zpSearchResultsItem\">\n<div class=\"csl-bib-body\" style=\"line-height: 1.35; padding-left: 1em; text-indent:-1em;\">\n  <div class=\"csl-entry\">Eliot, C. N. E. (1910). <i>A monograph of the British nudibranchiate Mollusca: with figures of the species; Figures by the late Joshua Alder and the late Albany Hancock, and others.<\/i> Ray Society, London.<\/div>\n<\/div>\n\t\t\t\t<\/div><!-- .zp-Entry .zpSearchResultsItem -->\t\t\t\t<div id=\"zp-ID-16992-1246567-ZH723MR3\" data-zp-author-date='Garcia-and-Bertsch-2009' data-zp-date-author='2009-Garcia-and-Bertsch' data-zp-date='2009' data-zp-year='2009' data-zp-itemtype='journalArticle' class=\"zp-Entry zpSearchResultsItem\">\n<div class=\"csl-bib-body\" style=\"line-height: 1.35; padding-left: 1em; text-indent:-1em;\">\n  <div class=\"csl-entry\">Garcia, F. J., Bertsch, H. (2009). Diversity and distribution of the Gastropoda Opisthobranchia from the Atlantic Ocean: A global biogeographic approach. <i>Scientia Marina<\/i>, <i>73<\/i>(1), 153-160. <a class=&#039;zp-DOIURL&#039; target=&#039;_blank&#039; href=&#039;https:\/\/doi.org\/10.3989\/scimar.2009.73n1153&#039;>https:\/\/doi.org\/10.3989\/scimar.2009.73n1153<\/a><\/div>\n<\/div>\n\t\t\t\t<\/div><!-- .zp-Entry .zpSearchResultsItem -->\t\t\t\t<div id=\"zp-ID-16992-1246567-3VWGKIQP\" data-zp-author-date='Long-2006' data-zp-date-author='2006-Long' data-zp-date='2006' data-zp-year='2006' data-zp-itemtype='book' class=\"zp-Entry zpSearchResultsItem\">\n<div class=\"csl-bib-body\" style=\"line-height: 1.35; padding-left: 1em; text-indent:-1em;\">\n  <div class=\"csl-entry\">Long, S. J. (2006). <i>Bibliography of Opisthobranchia 1554-2000. Bayside Books & Press, Tustin, CA, U.S.A. 672p.<\/i><\/div>\n<\/div>\n\t\t\t\t<\/div><!-- .zp-Entry .zpSearchResultsItem -->\t\t\t\t<div id=\"zp-ID-16992-1246567-8F5KQEQA\" data-zp-author-date='Lowe-1842' data-zp-date-author='1842-Lowe' data-zp-date='1842' data-zp-year='1842' data-zp-itemtype='journalArticle' class=\"zp-Entry zpSearchResultsItem\">\n<div class=\"csl-bib-body\" style=\"line-height: 1.35; padding-left: 1em; text-indent:-1em;\">\n  <div class=\"csl-entry\">Lowe, R. T. (1842). Description of a new dorsibranchiate gasteropod discovered at Madeira. <i>Proc. Zool. Soc. London, pt. 10; pp 51-53.<\/i><\/div>\n<\/div>\n\t\t\t\t<\/div><!-- .zp-Entry .zpSearchResultsItem -->\t\t\t\t<div id=\"zp-ID-16992-1246567-CJRBAXNA\" data-zp-author-date='Malaqu\u00edas-2000' data-zp-date-author='2000-Malaqu\u00edas' data-zp-date='2000' data-zp-year='2000' data-zp-itemtype='journalArticle' class=\"zp-Entry zpSearchResultsItem\">\n<div class=\"csl-bib-body\" style=\"line-height: 1.35; padding-left: 1em; text-indent:-1em;\">\n  <div class=\"csl-entry\">Malaqu\u00edas, M. A. E. (2000). Additions to the knowledge of the opisthobranch molluscs of Selvagens Islands, SE Atlantic, Portugal. <i>Arquip\u00e9lago<\/i>, <i>supplement 2<\/i>, 89-97.<\/div>\n<\/div>\n\t\t\t\t<\/div><!-- .zp-Entry .zpSearchResultsItem -->\t\t\t\t<div id=\"zp-ID-16992-1246567-4ZKMTR6A\" data-zp-author-date='Malaquias-and-Calado-1997' data-zp-date-author='1997-Malaquias-and-Calado' data-zp-date='1997' data-zp-year='1997' data-zp-itemtype='journalArticle' class=\"zp-Entry zpSearchResultsItem\">\n<div class=\"csl-bib-body\" style=\"line-height: 1.35; padding-left: 1em; text-indent:-1em;\">\n  <div class=\"csl-entry\">Malaquias, M. A., Calado, G. J. P. (1997). The malacological fauna of Salvage Islands - 1. Opisthobranch Molluscs. <i>Bol. Mus. Mun. Funchal, 49(281): 149-170<\/i>.<\/div>\n<\/div>\n\t\t\t\t<\/div><!-- .zp-Entry .zpSearchResultsItem -->\t\t\t\t<div id=\"zp-ID-16992-1246567-8IWKZZPQ\" data-zp-author-date='Malaquias-et-al.-2001' data-zp-date-author='2001-Malaquias-et-al.' data-zp-date='2001' data-zp-year='2001' data-zp-itemtype='journalArticle' class=\"zp-Entry zpSearchResultsItem\">\n<div class=\"csl-bib-body\" style=\"line-height: 1.35; padding-left: 1em; text-indent:-1em;\">\n  <div class=\"csl-entry\">Malaquias, M. A. E., Cervera, J. L., L\u00f3pez-Gonz\u00e1lez, P. J. (2001). The Opisthobranch Molluscs from Porto Santo Island (Madeira Archipelago, Northeastern Atlantic Ocean). <i>Iberus 19 (1): 75-82.<\/i><\/div>\n<\/div>\n\t\t\t\t<\/div><!-- .zp-Entry .zpSearchResultsItem -->\t\t\t\t<div id=\"zp-ID-16992-1246567-AWXGGZXE\" data-zp-author-date='Marcus-1979' data-zp-date-author='1979-Marcus' data-zp-date='1979' data-zp-year='1979' data-zp-itemtype='journalArticle' class=\"zp-Entry zpSearchResultsItem\">\n<div class=\"csl-bib-body\" style=\"line-height: 1.35; padding-left: 1em; text-indent:-1em;\">\n  <div class=\"csl-entry\">Marcus, E. d. B. R. (1979). Campagne de la Calypso au large de cotes Atlantiques de l\u2019Amerique du sud (1961-1962). I. 31. Mollusca Opisthobranchia. <i>Annales de l\u2019Institut Oceanographique, Monaco 55(suppl):131-137.<\/i><\/div>\n<\/div>\n\t\t\t\t<\/div><!-- .zp-Entry .zpSearchResultsItem -->\t\t\t\t<div id=\"zp-ID-16992-1246567-5MFDPG8V\" data-zp-author-date='McDonald-2009' data-zp-date-author='2009-McDonald' data-zp-date='2009' data-zp-year='2009' data-zp-itemtype='webpage' class=\"zp-Entry zpSearchResultsItem\">\n<div class=\"csl-bib-body\" style=\"line-height: 1.35; padding-left: 1em; text-indent:-1em;\">\n  <div class=\"csl-entry\">McDonald, G. (2009). Bibliographia Nudibranchia. 2nd Online Edition, Annotated. 1072 pp\u00a0 Institute of Marine Sciences, University of California, Santa Cruz. Disponible en: <a class=&#039;zp-ItemURL&#039; target=&#039;_blank&#039; href=&#039;http:\/\/escholarship.org\/uc\/item\/8115h0wz&#039;>http:\/\/escholarship.org\/uc\/item\/8115h0wz<\/a><\/div>\n<\/div>\n\t\t\t\t<\/div><!-- .zp-Entry .zpSearchResultsItem -->\t\t\t\t<div id=\"zp-ID-16992-1246567-DJ3USB54\" data-zp-author-date='Moro-et-al.-2003' data-zp-date-author='2003-Moro-et-al.' data-zp-date='2003' data-zp-year='2003' data-zp-itemtype='book' class=\"zp-Entry zpSearchResultsItem\">\n<div class=\"csl-bib-body\" style=\"line-height: 1.35; padding-left: 1em; text-indent:-1em;\">\n  <div class=\"csl-entry\">Moro, L., Mart\u00edn Esquivel, J. L., Garrido Sanahuja, M. J., Izquierdo Zamora, I. (2003). <i>Lista de especies marinas de Canarias (algas, hongos, plantas y animales)<\/i>. Consejer\u00eda de Pol\u00edtica Territorial y Medio Ambiente del Gobierno de Canarias.<\/div>\n<\/div>\n\t\t\t\t<\/div><!-- .zp-Entry .zpSearchResultsItem -->\t\t\t\t<div id=\"zp-ID-16992-1246567-TS9AKKBV\" data-zp-author-date='Newcomb-et-al.-2012' data-zp-date-author='2012-Newcomb-et-al.' data-zp-date='2012' data-zp-year='2012' data-zp-itemtype='journalArticle' class=\"zp-Entry zpSearchResultsItem\">\n<div class=\"csl-bib-body\" style=\"line-height: 1.35; padding-left: 1em; text-indent:-1em;\">\n  <div class=\"csl-entry\">Newcomb, J. M., Sakurai, A., Lillvis, J. L., Gunaratne, C. A., Katz, P. S. (2012). Homology and homoplasy of swimming behaviors and neural circuits in the Nudipleura (Mollusca, Gastropoda, Opisthobranchia). <i>Proceedings of the National Academy of Sciences of the United States of America<\/i>, <i>109<\/i>, 10669-10676. <a class=&#039;zp-DOIURL&#039; target=&#039;_blank&#039; href=&#039;https:\/\/doi.org\/10.1073\/pnas.1201877109&#039;>https:\/\/doi.org\/10.1073\/pnas.1201877109<\/a><\/div>\n<\/div>\n\t\t\t\t<\/div><!-- .zp-Entry .zpSearchResultsItem -->\t\t\t\t<div id=\"zp-ID-16992-1246567-QV43VCGT\" data-zp-author-date='Nobre-1937' data-zp-date-author='1937-Nobre' data-zp-date='1937' data-zp-year='1937' data-zp-itemtype='journalArticle' class=\"zp-Entry zpSearchResultsItem\">\n<div class=\"csl-bib-body\" style=\"line-height: 1.35; padding-left: 1em; text-indent:-1em;\">\n  <div class=\"csl-entry\">Nobre, A. (1937). Fauna marinha de Portugal. <i>1\u00b0 Aditamento. Mem Mus. zool. Univ. Coimbra, (1)99: 1-30.<\/i><\/div>\n<\/div>\n\t\t\t\t<\/div><!-- .zp-Entry .zpSearchResultsItem -->\t\t\t\t<div id=\"zp-ID-16992-1246567-MVG5NQKU\" data-zp-author-date='Nordsieck-1972' data-zp-date-author='1972-Nordsieck' data-zp-date='1972' data-zp-year='1972' data-zp-itemtype='book' class=\"zp-Entry zpSearchResultsItem\">\n<div class=\"csl-bib-body\" style=\"line-height: 1.35; padding-left: 1em; text-indent:-1em;\">\n  <div class=\"csl-entry\">Nordsieck, F. (1972). <i>Die mioz\u00e4ne Molluskenfauna von MisteWinterswijk NL (Hemmoor).<\/i> Stuttgart (Fischer): 187 pp, 9 tabs, 3 figs, 33 pls.<\/div>\n<\/div>\n\t\t\t\t<\/div><!-- .zp-Entry .zpSearchResultsItem -->\t\t\t\t<div id=\"zp-ID-16992-1246567-MJ49F4MH\" data-zp-author-date='Nordsieck-1972' data-zp-date-author='1972-Nordsieck' data-zp-date='1972' data-zp-year='1972' data-zp-itemtype='book' class=\"zp-Entry zpSearchResultsItem\">\n<div class=\"csl-bib-body\" style=\"line-height: 1.35; padding-left: 1em; text-indent:-1em;\">\n  <div class=\"csl-entry\">Nordsieck, F. (1972). <i>Die europ\u00e4ischen Meeresschnecken\u202f: (Opisthobranchia mit Pyramidellidae, Rissoacea)\u202f: vom Eismeer bis Kapverdem, Mittelmeer und Schawarzes Meer<\/i>. Gustav Fischer.<\/div>\n<\/div>\n\t\t\t\t<\/div><!-- .zp-Entry .zpSearchResultsItem -->\t\t\t\t<div id=\"zp-ID-16992-1246567-P8T7R3A7\" data-zp-author-date='Ortea-and-Moro-2019' data-zp-date-author='2019-Ortea-and-Moro' data-zp-date='2019' data-zp-year='2019' data-zp-itemtype='journalArticle' class=\"zp-Entry zpSearchResultsItem\">\n<div class=\"csl-bib-body\" style=\"line-height: 1.35; padding-left: 1em; text-indent:-1em;\">\n  <div class=\"csl-entry\">Ortea, J., Moro, L. (2019). Las babosas marinas de las islas de Cabo Verde en el tiempo: Cronolog\u00eda de su descubrimiento. <i>Avicennia<\/i>, <i>25<\/i>, 1-36.<\/div>\n<\/div>\n\t\t\t\t<\/div><!-- .zp-Entry .zpSearchResultsItem -->\t\t\t\t<div id=\"zp-ID-16992-1246567-WXGRB68X\" data-zp-author-date='Ortea-and-P\u00e9rez-S\u00e1nchez-1992' data-zp-date-author='1992-Ortea-and-P\u00e9rez-S\u00e1nchez' data-zp-date='1992' data-zp-year='1992' data-zp-itemtype='journalArticle' class=\"zp-Entry zpSearchResultsItem\">\n<div class=\"csl-bib-body\" style=\"line-height: 1.35; padding-left: 1em; text-indent:-1em;\">\n  <div class=\"csl-entry\">Ortea, J., P\u00e9rez-S\u00e1nchez, J. M. P. (1992). Captura de Plocamopherus maderae (Lowe, 1842) (Mollusca: Nudibranchiata) en los Archipi\u00e9lagos de Canarias y Cabo Verde. <i>Actas del V Simposio Ib\u00e9rico de Estudios del Bentos Marino 2: 229-235.<\/i><\/div>\n<\/div>\n\t\t\t\t<\/div><!-- .zp-Entry .zpSearchResultsItem -->\t\t\t\t<div id=\"zp-ID-16992-1246567-WUWFHIMW\" data-zp-author-date='Ortea-and-Rol\u00e1n-1989' data-zp-date-author='1989-Ortea-and-Rol\u00e1n' data-zp-date='1989' data-zp-year='1989' data-zp-itemtype='journalArticle' class=\"zp-Entry zpSearchResultsItem\">\n<div class=\"csl-bib-body\" style=\"line-height: 1.35; padding-left: 1em; text-indent:-1em;\">\n  <div class=\"csl-entry\">Ortea, J., Rol\u00e1n, E. (1989). Descripcion de una nueva especie del genero Polycera Cuvier, 1816\u00a0 (Mollusca: Nudibranchia) del archipielago de Cabo Verde. <i>Publica\u00e7\u00f5es Ocasionais da Sociedade\u00a0 Portuguesa de Malacologia (14):23-28, 1 pl.<\/i><\/div>\n<\/div>\n\t\t\t\t<\/div><!-- .zp-Entry .zpSearchResultsItem -->\t\t\t\t<div id=\"zp-ID-16992-1246567-WPSJMI9T\" data-zp-author-date='Ortea-et-al.-2013' data-zp-date-author='2013-Ortea-et-al.' data-zp-date='2013' data-zp-year='2013' data-zp-itemtype='journalArticle' class=\"zp-Entry zpSearchResultsItem\">\n<div class=\"csl-bib-body\" style=\"line-height: 1.35; padding-left: 1em; text-indent:-1em;\">\n  <div class=\"csl-entry\">Ortea, J., Moro, L., Bacallado, J. J., Caballer, M. (2013). Sucinto an\u00e1lisis hist\u00f3rico sobre el estudio e investigaci\u00f3n de las babosas marinas (moluscos opistobranquios y sacoglossos) de Canarias y su entorno. <i>Revista de la Academia Canaria de las Ciencias<\/i>, <i>25<\/i>, 221-235.<\/div>\n<\/div>\n\t\t\t\t<\/div><!-- .zp-Entry .zpSearchResultsItem -->\t\t\t\t<div id=\"zp-ID-16992-1246567-TBDRAE8B\" data-zp-author-date='Ortea-et-al.-1996' data-zp-date-author='1996-Ortea-et-al.' data-zp-date='1996' data-zp-year='1996' data-zp-itemtype='journalArticle' class=\"zp-Entry zpSearchResultsItem\">\n<div class=\"csl-bib-body\" style=\"line-height: 1.35; padding-left: 1em; text-indent:-1em;\">\n  <div class=\"csl-entry\">Ortea, J. A., Moro, L., Bacallado, J. J., P\u00e9rez S\u00e1nchez, J. M., Valles, Y. (1996). Nuevos datos sobre la fauna de doridos farenobranquios (Gastropoda, Nudibranchia) de las Islas Canarias. <i>Revista de la Academia Canaria de Ciencias 8 (2, 3 and 4): 125-138.<\/i><\/div>\n<\/div>\n\t\t\t\t<\/div><!-- .zp-Entry .zpSearchResultsItem -->\t\t\t\t<div id=\"zp-ID-16992-1246567-SHKJX7F4\" data-zp-author-date='Ortea-et-al.-2003' data-zp-date-author='2003-Ortea-et-al.' data-zp-date='2003' data-zp-year='2003' data-zp-itemtype='journalArticle' class=\"zp-Entry zpSearchResultsItem\">\n<div class=\"csl-bib-body\" style=\"line-height: 1.35; padding-left: 1em; text-indent:-1em;\">\n  <div class=\"csl-entry\">Ortea, J., L. Moro, M. C., Bacallado, J. J. (2003). Resultados Cient\u00edficos del proyecto \u201cMacaronesia 2000\u201d Chinijo-2002: Moluscos Opistobranquios. <i>Revista de la Academia Canaria de Ciencias 14 (3-4): 165-180.<\/i><\/div>\n<\/div>\n\t\t\t\t<\/div><!-- .zp-Entry .zpSearchResultsItem -->\t\t\t\t<div id=\"zp-ID-16992-1246567-G527G9GK\" data-zp-author-date='Ortea-et-al.-2001' data-zp-date-author='2001-Ortea-et-al.' data-zp-date='2001' data-zp-year='2001' data-zp-itemtype='journalArticle' class=\"zp-Entry zpSearchResultsItem\">\n<div class=\"csl-bib-body\" style=\"line-height: 1.35; padding-left: 1em; text-indent:-1em;\">\n  <div class=\"csl-entry\">Ortea, J. A., Moro, L., Bacallado, J. J., Herrera, R. (2001). Cat\u00e1logo actualizado de los Moluscos Opistobranquios de las Islas Canarias. <i>Revista de la Academia Canaria de Ciencias<\/i>, <i>12<\/i>(3-4), 105-136.<\/div>\n<\/div>\n\t\t\t\t<\/div><!-- .zp-Entry .zpSearchResultsItem -->\t\t\t\t<div id=\"zp-ID-16992-1246567-7DFUQGCN\" data-zp-author-date='Ortea-et-al.-2019' data-zp-date-author='2019-Ortea-et-al.' data-zp-date='2019' data-zp-year='2019' data-zp-itemtype='journalArticle' class=\"zp-Entry zpSearchResultsItem\">\n<div class=\"csl-bib-body\" style=\"line-height: 1.35; padding-left: 1em; text-indent:-1em;\">\n  <div class=\"csl-entry\">Ortea, J., Moro, L., Espinosa, J. (2019). Babosas Marinas de Cabo Verde. Esencia de su Biodiversidad. <i>Avicennia<\/i>, <i>25<\/i>, 1-36.<\/div>\n<\/div>\n\t\t\t\t<\/div><!-- .zp-Entry .zpSearchResultsItem -->\t\t\t\t<div id=\"zp-ID-16992-1246567-F6ZGRPWK\" data-zp-author-date='Palomar-et-al.-2014' data-zp-date-author='2014-Palomar-et-al.' data-zp-date='2014' data-zp-year='2014' data-zp-itemtype='journalArticle' class=\"zp-Entry zpSearchResultsItem\">\n<div class=\"csl-bib-body\" style=\"line-height: 1.35; padding-left: 1em; text-indent:-1em;\">\n  <div class=\"csl-entry\">Palomar, G., Pola, M., Garc\u00eda-V\u00e1zquez, E. (2014). First molecular phylogeny of the subfamily Polycerinae (Mollusca, Nudibranchia, Polyceridae). <i>Helgol. Mar. Res., 68:143-153<\/i>.<\/div>\n<\/div>\n\t\t\t\t<\/div><!-- .zp-Entry .zpSearchResultsItem -->\t\t\t\t<div id=\"zp-ID-16992-1246567-KSBZG4M7\" data-zp-author-date='Pola-et-al.-2007' data-zp-date-author='2007-Pola-et-al.' data-zp-date='2007' data-zp-year='2007' data-zp-itemtype='journalArticle' class=\"zp-Entry zpSearchResultsItem\">\n<div class=\"csl-bib-body\" style=\"line-height: 1.35; padding-left: 1em; text-indent:-1em;\">\n  <div class=\"csl-entry\">Pola, M., Cervera, J. L., Gosliner, J. L. (2007). Phylogenetic relationships of Nembrothinae\u00a0 (Mollusca: Doridacea: Polyceridae) inferred from morphology and mitochondrial DNA. <i>Molecular\u00a0 Phylogenetics & Evolution 43(3):726-742.<\/i><\/div>\n<\/div>\n\t\t\t\t<\/div><!-- .zp-Entry .zpSearchResultsItem -->\t\t\t\t<div id=\"zp-ID-16992-1246567-QTXVRMC3\" data-zp-author-date='Pola-et-al.-2008' data-zp-date-author='2008-Pola-et-al.' data-zp-date='2008' data-zp-year='2008' data-zp-itemtype='journalArticle' class=\"zp-Entry zpSearchResultsItem\">\n<div class=\"csl-bib-body\" style=\"line-height: 1.35; padding-left: 1em; text-indent:-1em;\">\n  <div class=\"csl-entry\">Pola, M., Cervera, L. J., Gosliner, T. M. (2008). Description of the first Roboastra species (Nudibranchia, Polyceridae, Nembrothinae) from the Western Atlantic. <i>Bulletin of Marine Science, 83(2), 391-399.<\/i><\/div>\n<\/div>\n\t\t\t\t<\/div><!-- .zp-Entry .zpSearchResultsItem -->\t\t\t\t<div id=\"zp-ID-16992-1246567-72MQNBDJ\" data-zp-author-date='Pruvot-Fol-1954' data-zp-date-author='1954-Pruvot-Fol' data-zp-date='1954' data-zp-year='1954' data-zp-itemtype='book' class=\"zp-Entry zpSearchResultsItem\">\n<div class=\"csl-bib-body\" style=\"line-height: 1.35; padding-left: 1em; text-indent:-1em;\">\n  <div class=\"csl-entry\">Pruvot-Fol, A. (1954). <i>Mollusques opisthobranches<\/i>. Paul Lechevalier.<\/div>\n<\/div>\n\t\t\t\t<\/div><!-- .zp-Entry .zpSearchResultsItem -->\t\t\t\t<div id=\"zp-ID-16992-1246567-QMICPTMI\" data-zp-author-date='Rol\u00e1n-2005' data-zp-date-author='2005-Rol\u00e1n' data-zp-date='2005' data-zp-year='2005' data-zp-itemtype='book' class=\"zp-Entry zpSearchResultsItem\">\n<div class=\"csl-bib-body\" style=\"line-height: 1.35; padding-left: 1em; text-indent:-1em;\">\n  <div class=\"csl-entry\">Rol\u00e1n, E. (2005). <i>Malacological Fauna From The Cape Verde Archipelago. Part 1, Polyplacophora and Gastropoda<\/i>. ConchBooks, Frankfurt, Germany.<\/div>\n<\/div>\n\t\t\t\t<\/div><!-- .zp-Entry .zpSearchResultsItem -->\t\t\t\t<div id=\"zp-ID-16992-1246567-ZP5C26XE\" data-zp-author-date='Rudman-W.B.-et-al.-1998' data-zp-date-author='1998-Rudman-W.B.-et-al.' data-zp-date='1998' data-zp-year='1998' data-zp-itemtype='webpage' class=\"zp-Entry zpSearchResultsItem\">\n<div class=\"csl-bib-body\" style=\"line-height: 1.35; padding-left: 1em; text-indent:-1em;\">\n  <div class=\"csl-entry\">Rudman W.B. et al. (1998). Plocamopherus maderae accessed through: Sea Slug Forum on 2014-12-14. Disponible en: <a class=&#039;zp-ItemURL&#039; target=&#039;_blank&#039; href=&#039;http:\/\/seaslugforum.net\/showall\/plocmade&#039;>http:\/\/seaslugforum.net\/showall\/plocmade<\/a><\/div>\n<\/div>\n\t\t\t\t<\/div><!-- .zp-Entry .zpSearchResultsItem -->\t\t\t\t<div id=\"zp-ID-16992-1246567-PPCVN9FG\" data-zp-author-date='Silva-2008' data-zp-date-author='2008-Silva' data-zp-date='2008' data-zp-year='2008' data-zp-itemtype='webpage' class=\"zp-Entry zpSearchResultsItem\">\n<div class=\"csl-bib-body\" style=\"line-height: 1.35; padding-left: 1em; text-indent:-1em;\">\n  <div class=\"csl-entry\">Silva, J. P. (2008). Plocamopherus maderae accessed through: Hypselodoris, Lesmas do Mar on 2014-12-21. Disponible en: <a class=&#039;zp-ItemURL&#039; target=&#039;_blank&#039; href=&#039;http:\/\/hypselodoris.blogspot.pt\/2010\/07\/plocamopherus-maderae-lowe-1842.html&#039;>http:\/\/hypselodoris.blogspot.pt\/2010\/07\/plocamopherus-maderae-lowe-1842.html<\/a><\/div>\n<\/div>\n\t\t\t\t<\/div><!-- .zp-Entry .zpSearchResultsItem -->\t\t\t\t<div id=\"zp-ID-16992-1246567-ZC6JUJIJ\" data-zp-author-date='Valles-2002' data-zp-date-author='2002-Valles' data-zp-date='2002' data-zp-year='2002' data-zp-itemtype='book' class=\"zp-Entry zpSearchResultsItem\">\n<div class=\"csl-bib-body\" style=\"line-height: 1.35; padding-left: 1em; text-indent:-1em;\">\n  <div class=\"csl-entry\">Valles, Y. (2002). <i>Taxonomy and phylogeny of Kaloplocamus and Plocamopherus and their relationships with other phanerobranchs.<\/i> Master Thesis. San Francisco State University. San Francisco, EE UU: 266 pp. (Unpublished.).<\/div>\n<\/div>\n\t\t\t\t<\/div><!-- .zp-Entry .zpSearchResultsItem -->\t\t\t\t<div id=\"zp-ID-16992-1246567-T4PPZKUV\" data-zp-author-date='Valles-and-Gosliner-2006' data-zp-date-author='2006-Valles-and-Gosliner' data-zp-date='2006' data-zp-year='2006' data-zp-itemtype='journalArticle' class=\"zp-Entry zpSearchResultsItem\">\n<div class=\"csl-bib-body\" style=\"line-height: 1.35; padding-left: 1em; text-indent:-1em;\">\n  <div class=\"csl-entry\">Valles, Y., Gosliner, T. M. (2006). Shedding light onto the genera (Mollusca: Nudibranchia) Kaloplocamus and Plocamopherus with description of new species belonging to these unique bioluminescent dorids. <i>The Veliger 48(3): 178-205<\/i>.<\/div>\n<\/div>\n\t\t\t\t<\/div><!-- .zp-Entry .zpSearchResultsItem -->\t\t\t\t<div id=\"zp-ID-16992-1246567-RI65PF37\" data-zp-author-date='Watson-1897' data-zp-date-author='1897-Watson' data-zp-date='1897' data-zp-year='1897' data-zp-itemtype='journalArticle' class=\"zp-Entry zpSearchResultsItem\">\n<div class=\"csl-bib-body\" style=\"line-height: 1.35; padding-left: 1em; text-indent:-1em;\">\n  <div class=\"csl-entry\">Watson, R. B. (1897). On the marine Mollusca of Madeira; with descriptions of thirty-five new species, and an index-list of all the known sea-dwelling species of that island. <i>Journal of the Linnean Society of London, Zoology 26: 233-329, pl. 19, 20<\/i>.<\/div>\n<\/div>\n\t\t\t\t<\/div><!-- .zp-Entry .zpSearchResultsItem -->\t\t\t\t<div id=\"zp-ID-16992-1246567-M4Q3X9WN\" data-zp-author-date='Wirtz-1995' data-zp-date-author='1995-Wirtz' data-zp-date='1995' data-zp-year='1995' data-zp-itemtype='book' class=\"zp-Entry zpSearchResultsItem\">\n<div class=\"csl-bib-body\" style=\"line-height: 1.35; padding-left: 1em; text-indent:-1em;\">\n  <div class=\"csl-entry\">Wirtz, P. (1995). <i>Unterwasserf\u00fchrer Madeira, Kanarean, Azoren.<\/i> Delius Klasing, Edition Naglschmid.<\/div>\n<\/div>\n\t\t\t\t<\/div><!-- .zp-Entry .zpSearchResultsItem -->\t\t\t\t<div id=\"zp-ID-16992-1246567-6VQBVE7A\" data-zp-author-date='Wirtz-1999' data-zp-date-author='1999-Wirtz' data-zp-date='1999' data-zp-year='1999' data-zp-itemtype='journalArticle' class=\"zp-Entry zpSearchResultsItem\">\n<div class=\"csl-bib-body\" style=\"line-height: 1.35; padding-left: 1em; text-indent:-1em;\">\n  <div class=\"csl-entry\">Wirtz, P. (1999). Opisthobranch Molluscs from the archipelago of Madeira. <i>Vita Marina<\/i>, <i>46<\/i>(1-2), 1-18.<\/div>\n<\/div>\n\t\t\t\t<\/div><!-- .zp-Entry .zpSearchResultsItem -->\t\t\t\t<div id=\"zp-ID-16992-1246567-F6NUH8JA\" data-zp-author-date='Wirtz-and-Debelius-2003' data-zp-date-author='2003-Wirtz-and-Debelius' data-zp-date='2003' data-zp-year='2003' data-zp-itemtype='book' class=\"zp-Entry zpSearchResultsItem\">\n<div class=\"csl-bib-body\" style=\"line-height: 1.35; padding-left: 1em; text-indent:-1em;\">\n  <div class=\"csl-entry\">Wirtz, P., Debelius, H. (2003). <i>Mediterranean and Atlantic invertebrate guide<\/i>. ConchBooks.<\/div>\n<\/div>\n\t\t\t\t<\/div><!-- .zp-Entry .zpSearchResultsItem -->\t\t\t\t<div id=\"zp-ID-16992-1246567-7EGYZ8LE\" data-zp-author-date='WoRMS-Editorial-Board-2026' data-zp-date-author='2026-WoRMS-Editorial-Board' data-zp-date='2026' data-zp-year='2026' data-zp-itemtype='webpage' class=\"zp-Entry zpSearchResultsItem\">\n<div class=\"csl-bib-body\" style=\"line-height: 1.35; padding-left: 1em; text-indent:-1em;\">\n  <div class=\"csl-entry\">WoRMS Editorial Board. (2026). World Register of Marine Species. <i>WoRMS<\/i>. Disponible en: <a class=&#039;zp-ItemURL&#039; target=&#039;_blank&#039; href=&#039;http:\/\/www.marinespecies.org&#039;>http:\/\/www.marinespecies.org<\/a><\/div>\n<\/div>\n\t\t\t\t<\/div><!-- .zp-Entry .zpSearchResultsItem -->\n\t\t\t<\/div><!-- .zp-zp-SEO-Content -->\n\t\t<\/div><!-- .zp-List -->\n\t<\/div><!--.zp-Zotpress-->\n\n<p><\/p>Bibliografia basada en els treballs de <b>Steve Long, 2006<\/b>. <a target=_blank href=https:\/\/opistobranquis.info\/wp-content\/uploads\/2016\/06\/Long-S.-2006-Bibliography-of-Opisthobranchia-1554-2000.pdf>Bibliography of Opisthobranchia 1554-2000<\/a> i <b>Gary McDonald, 2009<\/b>. <a href=http:\/\/escholarship.org\/uc\/item\/8115h0wz>Bibliographia Nudibranchia<\/a>, amb actualitzacions posteriors procedents d\u00b4altres fonts.<p><\/p><\/ul><p><\/p><p><strong>M\u00e9s informaci\u00f3<\/strong><\/p><span style=\"font-size:10pt\"><ul><ul class=\"blogroll-links\"><li><a href=\"http:\/\/www.biodiversitylibrary.org\/name\/Plocamopherus%20maderae\">Biodiversity Heritage Library<\/a><\/li><li><a href=\"https:\/\/www.flickr.com\/search\/?text=Plocamopherus%20maderae\">Flickr pictures<\/a><\/li><li><a href=\"http:\/\/www.irmng.org\/aphia.php?p=taxlist&#038;tName=Plocamopherus%20maderae\">Interim Register of Marine and Nonmarine Genera<\/a><\/li><li><a href=\"https:\/\/litoraldegranada.ugr.es\/el-litoral\/el-litoral-sumergido\/fauna\/moluscos\/gasteropodos\/opistobranquios\/orden-nudibranchia\/doridaceos\/polyceroidea\/plocamopherus-maderae\/\">Litoral de Granada<\/a><\/li><li><a href=\"http:\/\/www.ncbi.nlm.nih.gov\/Taxonomy\/Browser\/wwwtax.cgi?mode=Undef&#038;name=Plocamopherus%20maderae&#038;lvl=0&#038;srchmode=1\">NCBI GenBank<\/a><\/li><li><a href=\"http:\/\/iobis.org\/mapper\/?taxon=Plocamopherus%20maderae\">OBIS - Search by Taxon<\/a><\/li><li><a href=\"http:\/\/www.seaslugforum.net\/showall\/plocmade\">SeaSlug Forum<\/a><\/li><li><a href=\"http:\/\/www.marinespecies.org\/aphia.php?p=taxdetails&#038;id=141711\">World Register of Marine Species<\/a><\/li><\/ul><\/ul><\/span><p><strong>Citeu aquest article com: <\/strong><\/p><div style=\"display: block; background: #444444; padding: 10px 30px 10px 10px; border-radius: 5px; line-height: 18px;\"><p class=\"citacio\"><b>Herrero, A., Ballesteros, M., Madrenas, E. &#38; Pontes, M.<\/b> (2025) <em>\"Plocamopherus maderae\"<\/em> a <em>OPK-Opistobranquis<\/em>. Publicat: 06\/12\/2014. Accedit: 05\/09\/2026. Disponible a (<a href=https:\/\/opistobranquis.info\/ca\/?p=16992>https:\/\/opistobranquis.info\/ca\/?p=16992<\/a>)<\/p><p><\/p><\/div><p><\/p><\/p>","protected":false},"excerpt":{"rendered":"<p>Plocamopherus maderae\u00a0(Lowe, 1842) Sin\u00f2nims Peplidia maderae Lowe, 1842 Descripci\u00f3 Es tracta d&#8217;un espectacular nudibranqui que pot assolir una mida de m\u00e9s de 50 mm de longitud. La descripci\u00f3 morfol\u00f2gica inicial de l&#8217;esp\u00e8cie indica que \u00e9s un nudibranqui de color taronja o groc-ataronjat, amb nombroses petites taques de color marr\u00f3 fosc a tot el llarg del cos i, de manera menys definida, taques de color taronja. En individus joves, la coloraci\u00f3\u2026<\/p>\n<p class=\"continue-reading-button\"> <a class=\"continue-reading-link\" href=\"https:\/\/opistobranquis.info\/ca\/guia\/nudibranchia\/doridina\/doridoidei\/polyceroidea\/plocamopherus-maderae\/\">Continua llegint<i class=\"crycon-right-dir\"><\/i><\/a><\/p>\n","protected":false},"author":399,"featured_media":37915,"parent":26113,"menu_order":6736,"comment_status":"closed","ping_status":"closed","template":"","meta":{"footnotes":""},"class_list":["post-16992","page","type-page","status-publish","has-post-thumbnail","hentry"],"jetpack_sharing_enabled":true,"_links":{"self":[{"href":"https:\/\/opistobranquis.info\/ca\/wp-json\/wp\/v2\/pages\/16992","targetHints":{"allow":["GET"]}}],"collection":[{"href":"https:\/\/opistobranquis.info\/ca\/wp-json\/wp\/v2\/pages"}],"about":[{"href":"https:\/\/opistobranquis.info\/ca\/wp-json\/wp\/v2\/types\/page"}],"author":[{"embeddable":true,"href":"https:\/\/opistobranquis.info\/ca\/wp-json\/wp\/v2\/users\/399"}],"replies":[{"embeddable":true,"href":"https:\/\/opistobranquis.info\/ca\/wp-json\/wp\/v2\/comments?post=16992"}],"version-history":[{"count":6,"href":"https:\/\/opistobranquis.info\/ca\/wp-json\/wp\/v2\/pages\/16992\/revisions"}],"predecessor-version":[{"id":43305,"href":"https:\/\/opistobranquis.info\/ca\/wp-json\/wp\/v2\/pages\/16992\/revisions\/43305"}],"up":[{"embeddable":true,"href":"https:\/\/opistobranquis.info\/ca\/wp-json\/wp\/v2\/pages\/26113"}],"wp:featuredmedia":[{"embeddable":true,"href":"https:\/\/opistobranquis.info\/ca\/wp-json\/wp\/v2\/media\/37915"}],"wp:attachment":[{"href":"https:\/\/opistobranquis.info\/ca\/wp-json\/wp\/v2\/media?parent=16992"}],"curies":[{"name":"wp","href":"https:\/\/api.w.org\/{rel}","templated":true}]}}