{"id":19655,"date":"2015-05-13T07:43:54","date_gmt":"2015-05-13T05:43:54","guid":{"rendered":"https:\/\/opistobranquis.info\/?page_id=19655"},"modified":"2019-01-14T15:07:06","modified_gmt":"2019-01-14T14:07:06","slug":"philine-punctata","status":"publish","type":"page","link":"https:\/\/opistobranquis.info\/ca\/guia\/cephalaspidea\/philinoidea\/philine-punctata\/","title":{"rendered":"Philine punctata"},"content":{"rendered":"<p><\/p>\n<h3><em>Philine punctata<\/em> (J. Adams, 1800)<\/h3>\n<p><span style=\"font-size:10pt;\" class=\"aligncenter\"><div id=\"featured-img-id\"><img data-recalc-dims=\"1\" decoding=\"async\" src=\"https:\/\/i0.wp.com\/opistobranquis.info\/wp-content\/uploads\/2017\/11\/Philine-punctata-4mm-%40-Menai-Strait-Wales.-April-2011-by-Ian-Smith.jpg?w=900&#038;ssl=1\" alt=\"Philine punctata 4mm @ Menai Strait, Wales. April 2011 by Ian Smith\" \/><\/div><center><em>Philine punctata 4mm @ Menai Strait, Wales. April 2011<\/em> per Ian Smith<\/center><\/span><p><\/p><div class=\"opk-worms\"><h3>Informaci\u00f3 taxon\u00f2mica WoRMS<\/h3><div class=\"opk-success\">Nom acceptat actual: <strong><em>Philine punctata<\/em> (J. Adams, 1800)<\/strong><\/div><h4>Classificaci\u00f3 actual<\/h4><table class=\"widefat striped\"><tr><th>Superdomain<\/th><td><a target=\"_blank\" href=\"https:\/\/www.marinespecies.org\/aphia.php?p=taxdetails&id=1\">Biota<\/a><\/td><\/tr><tr><th>Kingdom<\/th><td><a target=\"_blank\" href=\"https:\/\/www.marinespecies.org\/aphia.php?p=taxdetails&id=2\">Animalia<\/a><\/td><\/tr><tr><th>Phylum<\/th><td><a target=\"_blank\" href=\"https:\/\/www.marinespecies.org\/aphia.php?p=taxdetails&id=51\">Mollusca<\/a><\/td><\/tr><tr><th>Class<\/th><td><a target=\"_blank\" href=\"https:\/\/www.marinespecies.org\/aphia.php?p=taxdetails&id=101\">Gastropoda<\/a><\/td><\/tr><tr><th>Subclass<\/th><td><a target=\"_blank\" href=\"https:\/\/www.marinespecies.org\/aphia.php?p=taxdetails&id=14712\">Heterobranchia<\/a><\/td><\/tr><tr><th>Infraclass<\/th><td><a target=\"_blank\" href=\"https:\/\/www.marinespecies.org\/aphia.php?p=taxdetails&id=1057247\">Euthyneura<\/a><\/td><\/tr><tr><th>Subterclass<\/th><td><a target=\"_blank\" href=\"https:\/\/www.marinespecies.org\/aphia.php?p=taxdetails&id=1057250\">Tectipleura<\/a><\/td><\/tr><tr><th>Order<\/th><td><a target=\"_blank\" href=\"https:\/\/www.marinespecies.org\/aphia.php?p=taxdetails&id=154\">Cephalaspidea<\/a><\/td><\/tr><tr><th>Superfamily<\/th><td><a target=\"_blank\" href=\"https:\/\/www.marinespecies.org\/aphia.php?p=taxdetails&id=196322\">Philinoidea<\/a><\/td><\/tr><tr><th>Family<\/th><td><a target=\"_blank\" href=\"https:\/\/www.marinespecies.org\/aphia.php?p=taxdetails&id=161\">Philinidae<\/a><\/td><\/tr><tr><th>Subfamily<\/th><td><a target=\"_blank\" href=\"https:\/\/www.marinespecies.org\/aphia.php?p=taxdetails&id=1380004\">Philininae<\/a><\/td><\/tr><tr><th>Genus<\/th><td><a target=\"_blank\" href=\"https:\/\/www.marinespecies.org\/aphia.php?p=taxdetails&id=138339\"><em>Philine<\/em><\/a><\/td><\/tr><tr><th>Species<\/th><td><a target=\"_blank\" href=\"https:\/\/www.marinespecies.org\/aphia.php?p=taxdetails&id=140758\"><em>Philine punctata<\/em> (J. Adams, 1800)<\/a><\/td><\/tr><\/table><p class=\"footer\">Classificaci\u00f3 proporcionada pel World Register of Marine Species (WoRMS). [<a target=\"_blank\" href=\"https:\/\/www.marinespecies.org\/aphia.php?p=taxdetails&id=140758\">140758<\/a>]<\/p><\/div><strong>Sin\u00f2nims<\/strong><\/p>\n<ul>\n<li><span id=\"aphia_ct_tu_153457\"><i>Bulla punctata<\/i> Adams J., 1800<\/span><\/li>\n<li><span id=\"aphia_ct_tu_153301\"><i>Bullaea alata<\/i> Forbes, 1844<\/span><\/li>\n<li><span id=\"aphia_ct_tu_754121\"><i>Colpodaspis punctata<\/i> (J. Adams, 1800)<\/span><\/li>\n<li><span id=\"aphia_ct_tu_720737\"><i>Philine pusilla<\/i> M. Sars, 1859<\/span><\/li>\n<\/ul>\n<p><strong>Descripci\u00f3<br \/>\n<\/strong>El cos \u00e9s llis, sense tentacles, i pot mesurar fins a 5 mm de llarg. El color base del cos \u00e9s transl\u00facid amb un tint groguenc i est\u00e0 gaireb\u00e9 completament cobert de punts marrons, excepte una \u00e0rea blanquinosa a la part frontal i una banda transversal p\u00e0l\u00b7lida a la part posterior, a trav\u00e9s de la qual es pot veure l&#8217;ornament de la conquilla, que fins i tot pot arribar a quedar exposat si l&#8217;epiteli s&#8217;erosiona. La meitat anterior del dors est\u00e0 protegida per l&#8217;escut cef\u00e0lic mentre que la part posterior del dors consisteix en un mantell transl\u00facid que cobreix per complet la conquilla que protegeix els \u00f2rgans interns. La part posterior del mantell s&#8217;assembla a un cilindre obert que forma la cavitat paleal, on es pot veure la br\u00e0nquia i s&#8217;observa tamb\u00e9 la conquilla interna darrere d&#8217;una fina membrana. El peu t\u00e9 l\u00f2buls laterals (parapodia) que generalment protegeixen els costats del cos. La boca i una petita part del cap s\u00f3n visibles des de la part inferior del cos. La conquilla interna \u00e9s fr\u00e0gil, mesura fins a 2 mm de llarg i \u00e9s de color blanc, amb un disseny de ratlles en espiral formades per punts separats.<\/p>\n<p><strong>Biologia<br \/>\n<\/strong>Viu al sublitoral, a la sorra fina i sobre petxines i pedres cobertes de briozous del g\u00e8nere <em>Bugula<\/em>. Pot apar\u00e8ixer a la riba durant les marees baixes, entre els organismes que incrusten les roques i altres sediments. Es desconeix la seva dieta. La posta consisteix en un cord\u00f3 d&#8217;uns 200 ous embolicats formant una bola, tancada dins d&#8217;una c\u00e0psula esf\u00e8rica gelatinosa i transparent de 1,5 mm de di\u00e0metre, unida al substrat per una tija gelatinosa. Els ous s\u00f3n transparents amb un embri\u00f3 blanquin\u00f3s que gira lentament a l&#8217;interior.<strong><br \/>\n<\/strong><\/p>\n<p><strong>Etimologia<\/strong><\/p>\n<ul>\n<li><em>Philine<\/em>. Derivat de la paraula grega &#8220;philainoi&#8221;, nom de dos germans cartaginesos que van lluitar per la seva p\u00e0tria i van rebre honors de D\u00e9us.<\/li>\n<li><em>Punctata<\/em>. Del Llat\u00ed &#8220;punctus&#8221;, de &#8220;pungo, pungere&#8221;, picar, taladrar.<\/li>\n<\/ul>\n<p><strong>Distribuci\u00f3<br \/>\n<\/strong>Es troba des del sud de Noruega fins al mar Mediterrani, on es cita a la majoria de les costes ib\u00e8riques (excepte en les costes atl\u00e0ntiques andaluses i a Llevant), tamb\u00e9 a It\u00e0lia (Sic\u00edlia) i a Cro\u00e0cia. No \u00e9s rar, per\u00f2 l&#8217;animal viu passa f\u00e0cilment desapercebut. Hi ha molts registres de conquilles mortes trobades a la sorra. A Catalunya s&#8217;ha citat a Cadaqu\u00e9s i l&#8217;Escala (Girona) i a Cambrils (Tarragona).<br \/>\n<div id=\"flxmap-6a9d4a701d35a\" class='flxmap-container' data-flxmap='flxmap_6a9d4a701d35a' style=\"width:100%;height:400px;\"><\/div>\n<script data-noptimize=\"1\">\n\/* <![CDATA[ *\/\n(function(w, fn) {\n if (w.addEventListener) w.addEventListener(\"DOMContentLoaded\", fn, false);\n else if (w.attachEvent) w.attachEvent(\"onload\", fn);\n})(window, function() {\n var f = new FlexibleMap();\n f.panControl = true;\n f.mapTypeId = \"satellite\";\n f.setlocale(\"ca-ES\");\n f.kmlcache = \"5 minutes\";\n f.showKML(\"flxmap-6a9d4a701d35a\", \"https:\/\/opistobranquis.info\/wp-content\/uploads\/kms\/19655.kmz\");\n window.flxmap_6a9d4a701d35a = f;\n});\n\/* ]]> *\/\n<\/script>\n<div style=\"width:100%;text-align:center;margin:12px 0 4px 0;\">\n  <div style=\"font-size:8pt;margin-bottom:6px;\">Cites georeferenciades conegudes de l'esp\u00e8cie: <em>Philine punctata<\/em><\/div>\n  <table style=\"margin:0 auto;border-collapse:collapse;font-size:8pt;\">\n    <tr><td colspan=\"2\" style=\"text-align:left;padding-bottom:4px;\"><strong>Fonts:<\/strong><\/td><\/tr>\n    <tr>\n      <td style=\"vertical-align:top;padding-right:40px;\">\n        <table style=\"border-collapse:collapse;\">\n<tr><td style='padding:1px 6px 1px 0;vertical-align:middle'><img data-recalc-dims=\"1\" src=\"https:\/\/i0.wp.com\/opistobranquis.info\/wp-content\/uploads\/kms\/wht-circle-lv.png?w=900&#038;ssl=1\" style='display:block'><\/td><td style='padding:1px 0;vertical-align:middle;white-space:nowrap'>OBIS<\/td><\/tr><tr><td style='padding:1px 6px 1px 0;vertical-align:middle'><img data-recalc-dims=\"1\" src=\"https:\/\/i0.wp.com\/opistobranquis.info\/wp-content\/uploads\/kms\/ylw-circle-lv.png?w=900&#038;ssl=1\" style='display:block'><\/td><td style='padding:1px 0;vertical-align:middle;white-space:nowrap'>GROC 2010-2011<\/td><\/tr><tr><td style='padding:1px 6px 1px 0;vertical-align:middle'><img data-recalc-dims=\"1\" src=\"https:\/\/i0.wp.com\/opistobranquis.info\/wp-content\/uploads\/kms\/grn-circle-lv.png?w=900&#038;ssl=1\" style='display:block'><\/td><td style='padding:1px 0;vertical-align:middle;white-space:nowrap'>Enric Madrenas<\/td><\/tr><tr><td style='padding:1px 6px 1px 0;vertical-align:middle'><img data-recalc-dims=\"1\" src=\"https:\/\/i0.wp.com\/opistobranquis.info\/wp-content\/uploads\/kms\/orange-circle-lv.png?w=900&#038;ssl=1\" style='display:block'><\/td><td style='padding:1px 0;vertical-align:middle;white-space:nowrap'>Jo\u00e3o Pedro Silva<\/td><\/tr><tr><td style='padding:1px 6px 1px 0;vertical-align:middle'><img data-recalc-dims=\"1\" src=\"https:\/\/i0.wp.com\/opistobranquis.info\/wp-content\/uploads\/kms\/pink-circle-lv.png?w=900&#038;ssl=1\" style='display:block'><\/td><td style='padding:1px 0;vertical-align:middle;white-space:nowrap'>Bernard Picton<\/td><\/tr><tr><td style='padding:1px 6px 1px 0;vertical-align:middle'><img data-recalc-dims=\"1\" src=\"https:\/\/i0.wp.com\/opistobranquis.info\/wp-content\/uploads\/kms\/blk-circle-lv.png?w=900&#038;ssl=1\" style='display:block'><\/td><td style='padding:1px 0;vertical-align:middle;white-space:nowrap'>GBIF<\/td><\/tr>        <\/table>\n      <\/td>\n      <td style=\"vertical-align:top;\">\n        <table style=\"border-collapse:collapse;\">\n<tr><td style='padding:1px 6px 1px 0;vertical-align:middle'><img data-recalc-dims=\"1\" src=\"https:\/\/i0.wp.com\/opistobranquis.info\/wp-content\/uploads\/kms\/purple-circle-lv.png?w=900&#038;ssl=1\" style='display:block'><\/td><td style='padding:1px 0;vertical-align:middle;white-space:nowrap'>OPK<\/td><\/tr><tr><td style='padding:1px 6px 1px 0;vertical-align:middle'><img data-recalc-dims=\"1\" src=\"https:\/\/i0.wp.com\/opistobranquis.info\/wp-content\/uploads\/kms\/red-circle-lv.png?w=900&#038;ssl=1\" style='display:block'><\/td><td style='padding:1px 0;vertical-align:middle;white-space:nowrap'>VIMAR<\/td><\/tr><tr><td style='padding:1px 6px 1px 0;vertical-align:middle'><img data-recalc-dims=\"1\" src=\"https:\/\/i0.wp.com\/opistobranquis.info\/wp-content\/uploads\/kms\/blu-circle-lv.png?w=900&#038;ssl=1\" style='display:block'><\/td><td style='padding:1px 0;vertical-align:middle;white-space:nowrap'>Manuel Ballesteros<\/td><\/tr><tr><td style='padding:1px 6px 1px 0;vertical-align:middle'><img data-recalc-dims=\"1\" src=\"https:\/\/i0.wp.com\/opistobranquis.info\/wp-content\/uploads\/kms\/cyan-circle-lv.png?w=900&#038;ssl=1\" style='display:block'><\/td><td style='padding:1px 0;vertical-align:middle;white-space:nowrap'>M@re Nostrum<\/td><\/tr><tr><td style='padding:1px 6px 1px 0;vertical-align:middle'><img data-recalc-dims=\"1\" src=\"https:\/\/i0.wp.com\/opistobranquis.info\/wp-content\/uploads\/kms\/grey-circle-lv.png?w=900&#038;ssl=1\" style='display:block'><\/td><td style='padding:1px 0;vertical-align:middle;white-space:nowrap'>Altres fonts<\/td><\/tr><tr><td style='padding:1px 6px 1px 0;vertical-align:middle'><img data-recalc-dims=\"1\" src=\"https:\/\/i0.wp.com\/opistobranquis.info\/wp-content\/uploads\/kms\/marreg.png?w=900&#038;ssl=1\" style='display:block'><\/td><td style='padding:1px 0;vertical-align:middle;white-space:nowrap'>Marine Regions<\/td><\/tr>        <\/table>\n      <\/td>\n    <\/tr>\n  <\/table>\n<\/div>\n<\/p>\n<p><strong>Error:<\/strong> Chart.js no est\u00e1 disponible.<\/p>\n<p><strong>Altres fotos<br \/>\n<\/strong><div class=\"tiled-gallery type-rectangular tiled-gallery-unresized\" data-original-width=\"900\" data-carousel-extra='{&quot;blog_id&quot;:1,&quot;permalink&quot;:&quot;https:\\\/\\\/opistobranquis.info\\\/ca\\\/guia\\\/cephalaspidea\\\/philinoidea\\\/philine-punctata\\\/&quot;,&quot;likes_blog_id&quot;:44192421}' itemscope itemtype=\"http:\/\/schema.org\/ImageGallery\" > <div class=\"gallery-row\" style=\"width: 900px; height: 404px;\" data-original-width=\"900\" data-original-height=\"404\" > <div class=\"gallery-group images-1\" style=\"width: 586px; height: 404px;\" data-original-width=\"586\" data-original-height=\"404\" > <div class=\"tiled-gallery-item tiled-gallery-item-large\" itemprop=\"associatedMedia\" itemscope itemtype=\"http:\/\/schema.org\/ImageObject\"> <a href=\"https:\/\/opistobranquis.info\/ca\/guia\/cephalaspidea\/philinoidea\/philine-punctata\/philine-punctata-1-5mm-split-croatia-1m-by-jakov-prkic\/\" border=\"0\" itemprop=\"url\"> <meta itemprop=\"width\" content=\"582\"> <meta itemprop=\"height\" content=\"400\"> <img decoding=\"async\" class=\"\" data-attachment-id=\"19657\" data-orig-file=\"https:\/\/opistobranquis.info\/wp-content\/uploads\/2015\/05\/Philine-punctata-1.5mm-@-Split-Croatia-1m-by-Jakov-Prkic.jpg\" data-orig-size=\"1250,859\" data-comments-opened=\"\" data-image-title=\"Philine punctata 1.5mm @ Split, Croatia 1m by Jakov Prkic\" data-image-description=\"&lt;p&gt;Philine punctata 1.5mm @ Split, Croatia 1m by Jakov Prkic&lt;\/p&gt; \" data-medium-file=\"https:\/\/i0.wp.com\/opistobranquis.info\/wp-content\/uploads\/2015\/05\/Philine-punctata-1.5mm-%40-Split-Croatia-1m-by-Jakov-Prkic.jpg?fit=300%2C206&#038;ssl=1\" data-large-file=\"https:\/\/i0.wp.com\/opistobranquis.info\/wp-content\/uploads\/2015\/05\/Philine-punctata-1.5mm-%40-Split-Croatia-1m-by-Jakov-Prkic.jpg?fit=900%2C619&#038;ssl=1\" src=\"https:\/\/i0.wp.com\/opistobranquis.info\/wp-content\/uploads\/2015\/05\/Philine-punctata-1.5mm-%40-Split-Croatia-1m-by-Jakov-Prkic.jpg?w=582&#038;h=400&#038;ssl=1\" width=\"582\" height=\"400\" loading=\"lazy\" data-original-width=\"582\" data-original-height=\"400\" itemprop=\"http:\/\/schema.org\/image\" title=\"Philine punctata 1.5mm @ Split, Croatia 1m by Jakov Prkic\" alt=\"Philine punctata 1.5mm @ Split, Croatia 1m by Jakov Prkic\" style=\"width: 582px; height: 400px;\" \/> <\/a> <div class=\"tiled-gallery-caption\" itemprop=\"caption description\"> Philine punctata 1.5mm @ Split, Croatia 1m <\/div> <\/div> <\/div> <!-- close group --> <div class=\"gallery-group images-2\" style=\"width: 314px; height: 404px;\" data-original-width=\"314\" data-original-height=\"404\" > <div class=\"tiled-gallery-item tiled-gallery-item-large\" itemprop=\"associatedMedia\" itemscope itemtype=\"http:\/\/schema.org\/ImageObject\"> <a href=\"https:\/\/opistobranquis.info\/ca\/guia\/cephalaspidea\/philinoidea\/philine-punctata\/th_philine-punctata-artsdatabanken-cephalaspids-of-norway-by-lena-tina-ohnheiser\/\" border=\"0\" itemprop=\"url\"> <meta itemprop=\"width\" content=\"310\"> <meta itemprop=\"height\" content=\"198\"> <img decoding=\"async\" class=\"\" data-attachment-id=\"19817\" data-orig-file=\"https:\/\/opistobranquis.info\/wp-content\/uploads\/2015\/05\/th_Philine-punctata-@-Artsdatabanken-Cephalaspids-of-Norway-by-Lena-Tina-Ohnheiser.jpg\" data-orig-size=\"1024,653\" data-comments-opened=\"\" data-image-title=\"Philine Punctata @ Artsdatabanken &amp;#8211; Cephalaspids of Norway &amp;#8211; by Lena Tina Ohnheiser\" data-image-description=\"&lt;p&gt;Philine Punctata @ Artsdatabanken &amp;#8211; Cephalaspids of Norway &amp;#8211; by Lena Tina Ohnheiser&lt;\/p&gt; \" data-medium-file=\"https:\/\/i0.wp.com\/opistobranquis.info\/wp-content\/uploads\/2015\/05\/th_Philine-punctata-%40-Artsdatabanken-Cephalaspids-of-Norway-by-Lena-Tina-Ohnheiser.jpg?fit=300%2C191&#038;ssl=1\" data-large-file=\"https:\/\/i0.wp.com\/opistobranquis.info\/wp-content\/uploads\/2015\/05\/th_Philine-punctata-%40-Artsdatabanken-Cephalaspids-of-Norway-by-Lena-Tina-Ohnheiser.jpg?fit=900%2C574&#038;ssl=1\" src=\"https:\/\/i0.wp.com\/opistobranquis.info\/wp-content\/uploads\/2015\/05\/th_Philine-punctata-%40-Artsdatabanken-Cephalaspids-of-Norway-by-Lena-Tina-Ohnheiser.jpg?w=310&#038;h=198&#038;ssl=1\" width=\"310\" height=\"198\" loading=\"lazy\" data-original-width=\"310\" data-original-height=\"198\" itemprop=\"http:\/\/schema.org\/image\" title=\"Philine Punctata @ Artsdatabanken - Cephalaspids of Norway - by Lena Tina Ohnheiser\" alt=\"Philine Punctata @ Artsdatabanken - Cephalaspids of Norway - by Lena Tina Ohnheiser\" style=\"width: 310px; height: 198px;\" \/> <\/a> <div class=\"tiled-gallery-caption\" itemprop=\"caption description\"> Philine Punctata @ Artsdatabanken &#8211; Cephalaspids of Norway &#8211; by Lena Tina Ohnheiser <\/div> <\/div> <div class=\"tiled-gallery-item tiled-gallery-item-large\" itemprop=\"associatedMedia\" itemscope itemtype=\"http:\/\/schema.org\/ImageObject\"> <a href=\"https:\/\/opistobranquis.info\/ca\/guia\/cephalaspidea\/philinoidea\/philine-punctata\/th_philine-punctata-artsdatabanken-cephalaspids-of-norway-by-lena-tina-ohnheiser-2\/\" border=\"0\" itemprop=\"url\"> <meta itemprop=\"width\" content=\"310\"> <meta itemprop=\"height\" content=\"198\"> <img decoding=\"async\" class=\"\" data-attachment-id=\"19818\" data-orig-file=\"https:\/\/opistobranquis.info\/wp-content\/uploads\/2015\/05\/th_Philine-Punctata-@-Artsdatabanken-Cephalaspids-of-Norway-by-Lena-Tina-Ohnheiser-2.jpg\" data-orig-size=\"1024,655\" data-comments-opened=\"\" data-image-title=\"Philine Punctata @ Artsdatabanken &amp;#8211; Cephalaspids of Norway &amp;#8211; by Lena Tina Ohnheiser\" data-image-description=\"&lt;p&gt;Philine Punctata @ Artsdatabanken &amp;#8211; Cephalaspids of Norway &amp;#8211; by Lena Tina Ohnheiser&lt;\/p&gt; \" data-medium-file=\"https:\/\/i0.wp.com\/opistobranquis.info\/wp-content\/uploads\/2015\/05\/th_Philine-Punctata-%40-Artsdatabanken-Cephalaspids-of-Norway-by-Lena-Tina-Ohnheiser-2.jpg?fit=300%2C192&#038;ssl=1\" data-large-file=\"https:\/\/i0.wp.com\/opistobranquis.info\/wp-content\/uploads\/2015\/05\/th_Philine-Punctata-%40-Artsdatabanken-Cephalaspids-of-Norway-by-Lena-Tina-Ohnheiser-2.jpg?fit=900%2C576&#038;ssl=1\" src=\"https:\/\/i0.wp.com\/opistobranquis.info\/wp-content\/uploads\/2015\/05\/th_Philine-Punctata-%40-Artsdatabanken-Cephalaspids-of-Norway-by-Lena-Tina-Ohnheiser-2.jpg?w=310&#038;h=198&#038;ssl=1\" width=\"310\" height=\"198\" loading=\"lazy\" data-original-width=\"310\" data-original-height=\"198\" itemprop=\"http:\/\/schema.org\/image\" title=\"Philine Punctata @ Artsdatabanken - Cephalaspids of Norway - by Lena Tina Ohnheiser\" alt=\"Philine Punctata @ Artsdatabanken - Cephalaspids of Norway - by Lena Tina Ohnheiser\" style=\"width: 310px; height: 198px;\" \/> <\/a> <div class=\"tiled-gallery-caption\" itemprop=\"caption description\"> Philine Punctata @ Artsdatabanken &#8211; Cephalaspids of Norway &#8211; by Lena Tina Ohnheiser <\/div> <\/div> <\/div> <!-- close group --> <\/div> <!-- close row --> <div class=\"gallery-row\" style=\"width: 900px; height: 491px;\" data-original-width=\"900\" data-original-height=\"491\" > <div class=\"gallery-group images-1\" style=\"width: 900px; height: 491px;\" data-original-width=\"900\" data-original-height=\"491\" > <div class=\"tiled-gallery-item tiled-gallery-item-large\" itemprop=\"associatedMedia\" itemscope itemtype=\"http:\/\/schema.org\/ImageObject\"> <a href=\"https:\/\/opistobranquis.info\/ca\/guia\/cephalaspidea\/philinoidea\/philine-punctata\/philine-punctata-laredo-cantabria-spain-by-joop-trausel-and-frans-slieker\/\" border=\"0\" itemprop=\"url\"> <meta itemprop=\"width\" content=\"896\"> <meta itemprop=\"height\" content=\"487\"> <img decoding=\"async\" class=\"\" data-attachment-id=\"19841\" data-orig-file=\"https:\/\/opistobranquis.info\/wp-content\/uploads\/2015\/05\/Philine-punctata-@-Laredo-Cantabria-Spain-by-\u00a9-Joop-Trausel-and-Frans-Slieker.jpg\" data-orig-size=\"782,425\" data-comments-opened=\"\" data-image-title=\"Philine punctata @ Laredo, Cantabria, Spain by \u00a9 Joop Trausel and Frans Slieker\" data-image-description=\"&lt;p&gt;Philine punctata @ Laredo, Cantabria, Spain by \u00a9 Joop Trausel and Frans Slieker&lt;\/p&gt; \" data-medium-file=\"https:\/\/i0.wp.com\/opistobranquis.info\/wp-content\/uploads\/2015\/05\/Philine-punctata-%40-Laredo-Cantabria-Spain-by-%C2%A9-Joop-Trausel-and-Frans-Slieker.jpg?fit=300%2C163&#038;ssl=1\" data-large-file=\"https:\/\/i0.wp.com\/opistobranquis.info\/wp-content\/uploads\/2015\/05\/Philine-punctata-%40-Laredo-Cantabria-Spain-by-%C2%A9-Joop-Trausel-and-Frans-Slieker.jpg?fit=782%2C425&#038;ssl=1\" src=\"https:\/\/i0.wp.com\/opistobranquis.info\/wp-content\/uploads\/2015\/05\/Philine-punctata-%40-Laredo-Cantabria-Spain-by-%C2%A9-Joop-Trausel-and-Frans-Slieker.jpg?w=896&#038;h=487&#038;ssl=1\" width=\"896\" height=\"487\" loading=\"lazy\" data-original-width=\"896\" data-original-height=\"487\" itemprop=\"http:\/\/schema.org\/image\" title=\"Philine punctata @ Laredo, Cantabria, Spain by \u00a9 Joop Trausel and Frans Slieker\" alt=\"Philine punctata @ Laredo, Cantabria, Spain by \u00a9 Joop Trausel and Frans Slieker\" style=\"width: 896px; height: 487px;\" \/> <\/a> <div class=\"tiled-gallery-caption\" itemprop=\"caption description\"> Philine punctata @ Laredo, Cantabria, Spain by \u00a9 Joop Trausel and Frans Slieker <\/div> <\/div> <\/div> <!-- close group --> <\/div> <!-- close row --> <\/div><\/p>\n<p><p><strong>Bibliografia<\/strong><\/p><ul><div id=\"zotpress-762a8dfcb5b767de75b8f5ff1b480735\" class=\"zp-Zotpress zp-Zotpress-Bib wp-block-group\">\n\n\t\t<span class=\"ZP_API_USER_ID ZP_ATTR\">1246567<\/span>\n\t\t<span class=\"ZP_ITEM_KEY ZP_ATTR\"><\/span>\n\t\t<span class=\"ZP_COLLECTION_ID ZP_ATTR\"><\/span>\n\t\t<span class=\"ZP_TAG_ID ZP_ATTR\">Philine punctata<\/span>\n\t\t<span class=\"ZP_AUTHOR ZP_ATTR\"><\/span>\n\t\t<span class=\"ZP_YEAR ZP_ATTR\"><\/span>\n        <span class=\"ZP_ITEMTYPE ZP_ATTR\"><\/span>\n\t\t<span class=\"ZP_INCLUSIVE ZP_ATTR\">1<\/span>\n\t\t<span class=\"ZP_STYLE ZP_ATTR\">eunomia-revista-en-cultura-de-la-legalidad<\/span>\n\t\t<span class=\"ZP_LIMIT ZP_ATTR\">50<\/span>\n\t\t<span class=\"ZP_SORTBY ZP_ATTR\">creator<\/span>\n\t\t<span class=\"ZP_ORDER ZP_ATTR\">asc<\/span>\n\t\t<span class=\"ZP_TITLE ZP_ATTR\"><\/span>\n\t\t<span class=\"ZP_SHOWIMAGE ZP_ATTR\"><\/span>\n\t\t<span class=\"ZP_SHOWTAGS ZP_ATTR\"><\/span>\n\t\t<span class=\"ZP_DOWNLOADABLE ZP_ATTR\"><\/span>\n\t\t<span class=\"ZP_NOTES ZP_ATTR\"><\/span>\n\t\t<span class=\"ZP_ABSTRACT ZP_ATTR\"><\/span>\n\t\t<span class=\"ZP_CITEABLE ZP_ATTR\"><\/span>\n\t\t<span class=\"ZP_TARGET ZP_ATTR\">1<\/span>\n\t\t<span class=\"ZP_URLWRAP ZP_ATTR\"><\/span>\n\t\t<span class=\"ZP_FORCENUM ZP_ATTR\"><\/span>\n        <span class=\"ZP_HIGHLIGHT ZP_ATTR\"><\/span>\n        <span class=\"ZP_POSTID ZP_ATTR\">19655<\/span>\n\t\t<span class=\"ZOTPRESS_PLUGIN_URL ZP_ATTR\">https:\/\/opistobranquis.info\/wp-content\/plugins\/zotpress\/<\/span>\n\n\t\t<div class=\"zp-List loading\">\n\t\t\t<div class=\"zp-SEO-Content\">\n\n\t\t\t<\/div><!-- .zp-zp-SEO-Content -->\n\t\t<\/div><!-- .zp-List -->\n\t<\/div><!--.zp-Zotpress-->\n\n<p><\/p>Bibliografia basada en els treballs de <b>Steve Long, 2006<\/b>. <a target=_blank href=https:\/\/opistobranquis.info\/wp-content\/uploads\/2016\/06\/Long-S.-2006-Bibliography-of-Opisthobranchia-1554-2000.pdf>Bibliography of Opisthobranchia 1554-2000<\/a> i <b>Gary McDonald, 2009<\/b>. <a href=http:\/\/escholarship.org\/uc\/item\/8115h0wz>Bibliographia Nudibranchia<\/a>, amb actualitzacions posteriors procedents d\u00b4altres fonts.<p><\/p><\/ul><p><\/p><p><strong>M\u00e9s informaci\u00f3<\/strong><\/p><span style=\"font-size:10pt\"><ul><ul class=\"blogroll-links\"><li><a href=\"https:\/\/artsdatabanken.no\/Pages\/149389#\">ArtsDataBanken - Universitetsmuseet i Bergen, Universitetet i Bergen<\/a><\/li><li><a href=\"http:\/\/www.biodiversitylibrary.org\/name\/Philine%20punctata\">Biodiversity Heritage Library<\/a><\/li><li><a href=\"https:\/\/www.flickr.com\/photos\/56388191@N08\/sets\/72157719005222234\/\">European Sea Slugs by Morddyn<\/a><\/li><li><a href=\"https:\/\/www.flickr.com\/search\/?text=Philine%20punctata\">Flickr pictures<\/a><\/li><li><a href=\"http:\/\/www.irmng.org\/aphia.php?p=taxlist&#038;tName=Philine%20punctata\">Interim Register of Marine and Nonmarine Genera<\/a><\/li><li><a href=\"http:\/\/www.ncbi.nlm.nih.gov\/Taxonomy\/Browser\/wwwtax.cgi?mode=Undef&#038;name=Philine%20punctata&#038;lvl=0&#038;srchmode=1\">NCBI GenBank<\/a><\/li><li><a href=\"http:\/\/iobis.org\/mapper\/?taxon=Philine%20punctata\">OBIS - Search by Taxon<\/a><\/li><li><a href=\"http:\/\/www.conchsoc.net\/spaccount\/Philine-punctata\">The Conchological Society of Great Britain and Ireland<\/a><\/li><li><a href=\"http:\/\/www.marinespecies.org\/aphia.php?p=taxdetails&#038;id=140758\">World Register of Marine Species<\/a><\/li><\/ul><\/ul><\/span><p><strong>Citeu aquest article com: <\/strong><\/p><div style=\"display: block; background: #444444; padding: 10px 30px 10px 10px; border-radius: 5px; line-height: 18px;\"><p class=\"citacio\"><b>Pontes, Miquel, Manuel Ballesteros, Enric Madrenas<\/b> (2025) <em>\"Philine punctata\"<\/em> a <em>OPK-Opistobranquis<\/em>. Publicat: 13\/05\/2015. Accedit: 06\/09\/2026. Disponible a (<a href=https:\/\/opistobranquis.info\/ca\/?p=19655>https:\/\/opistobranquis.info\/ca\/?p=19655<\/a>)<\/p><p><\/p><\/div><p><\/p><\/p>","protected":false},"excerpt":{"rendered":"<p>Philine punctata (J. Adams, 1800) Sin\u00f2nims Bulla punctata Adams J., 1800 Bullaea alata Forbes, 1844 Colpodaspis punctata (J. Adams, 1800) Philine pusilla M. Sars, 1859 Descripci\u00f3 El cos \u00e9s llis, sense tentacles, i pot mesurar fins a 5 mm de llarg. El color base del cos \u00e9s transl\u00facid amb un tint groguenc i est\u00e0 gaireb\u00e9 completament cobert de punts marrons, excepte una \u00e0rea blanquinosa a la part frontal i una\u2026<\/p>\n<p class=\"continue-reading-button\"> <a class=\"continue-reading-link\" href=\"https:\/\/opistobranquis.info\/ca\/guia\/cephalaspidea\/philinoidea\/philine-punctata\/\">Continua llegint<i class=\"crycon-right-dir\"><\/i><\/a><\/p>\n","protected":false},"author":423,"featured_media":24071,"parent":26138,"menu_order":2132,"comment_status":"closed","ping_status":"closed","template":"","meta":{"footnotes":""},"class_list":["post-19655","page","type-page","status-publish","has-post-thumbnail","hentry"],"jetpack_sharing_enabled":true,"_links":{"self":[{"href":"https:\/\/opistobranquis.info\/ca\/wp-json\/wp\/v2\/pages\/19655","targetHints":{"allow":["GET"]}}],"collection":[{"href":"https:\/\/opistobranquis.info\/ca\/wp-json\/wp\/v2\/pages"}],"about":[{"href":"https:\/\/opistobranquis.info\/ca\/wp-json\/wp\/v2\/types\/page"}],"author":[{"embeddable":true,"href":"https:\/\/opistobranquis.info\/ca\/wp-json\/wp\/v2\/users\/423"}],"replies":[{"embeddable":true,"href":"https:\/\/opistobranquis.info\/ca\/wp-json\/wp\/v2\/comments?post=19655"}],"version-history":[{"count":4,"href":"https:\/\/opistobranquis.info\/ca\/wp-json\/wp\/v2\/pages\/19655\/revisions"}],"predecessor-version":[{"id":28017,"href":"https:\/\/opistobranquis.info\/ca\/wp-json\/wp\/v2\/pages\/19655\/revisions\/28017"}],"up":[{"embeddable":true,"href":"https:\/\/opistobranquis.info\/ca\/wp-json\/wp\/v2\/pages\/26138"}],"wp:featuredmedia":[{"embeddable":true,"href":"https:\/\/opistobranquis.info\/ca\/wp-json\/wp\/v2\/media\/24071"}],"wp:attachment":[{"href":"https:\/\/opistobranquis.info\/ca\/wp-json\/wp\/v2\/media?parent=19655"}],"curies":[{"name":"wp","href":"https:\/\/api.w.org\/{rel}","templated":true}]}}