{"id":19946,"date":"2015-09-16T19:31:26","date_gmt":"2015-09-16T17:31:26","guid":{"rendered":"https:\/\/opistobranquis.info\/?page_id=19946"},"modified":"2022-12-27T14:13:57","modified_gmt":"2022-12-27T13:13:57","slug":"doto-cervicenigra","status":"publish","type":"page","link":"https:\/\/opistobranquis.info\/ca\/guia\/nudibranchia\/cladobranchia\/dendronotoidea\/doto-cervicenigra\/","title":{"rendered":"Doto cervicenigra"},"content":{"rendered":"<p><\/p>\n<h3><em>Doto cervicenigra<\/em> Ortea &amp; Bouchet, 1989<\/h3>\n<p><span style=\"font-size:10pt;\" class=\"aligncenter\"><div id=\"featured-img-id\"><img data-recalc-dims=\"1\" decoding=\"async\" src=\"https:\/\/i0.wp.com\/opistobranquis.info\/wp-content\/uploads\/2015\/09\/2016_IV_06_Doto-cervicenigra_Cataldo-Licchelli_Santa-Maria-al-Bagno_Puglia_Italy.jpg?w=900&#038;ssl=1\" alt=\"Doto cervicenigra @ Sta. Maria al Bagno, Lecce, Italy by Cataldo Licchelli\" \/><\/div><center><em>Doto cervicenigra @ Sta. Maria al Bagno, Lecce, Italy 6\/04\/2016<\/em> per Cataldo Licchelli<\/center><\/span><p><\/p><div class=\"opk-worms\"><h3>Informaci\u00f3 taxon\u00f2mica WoRMS<\/h3><div class=\"opk-success\">Nom acceptat actual: <strong><em>Doto cervicenigra<\/em> Ortea &amp; Bouchet, 1989<\/strong><\/div><h4>Classificaci\u00f3 actual<\/h4><table class=\"widefat striped\"><tr><th>Superdomain<\/th><td><a target=\"_blank\" href=\"https:\/\/www.marinespecies.org\/aphia.php?p=taxdetails&id=1\">Biota<\/a><\/td><\/tr><tr><th>Kingdom<\/th><td><a target=\"_blank\" href=\"https:\/\/www.marinespecies.org\/aphia.php?p=taxdetails&id=2\">Animalia<\/a><\/td><\/tr><tr><th>Phylum<\/th><td><a target=\"_blank\" href=\"https:\/\/www.marinespecies.org\/aphia.php?p=taxdetails&id=51\">Mollusca<\/a><\/td><\/tr><tr><th>Class<\/th><td><a target=\"_blank\" href=\"https:\/\/www.marinespecies.org\/aphia.php?p=taxdetails&id=101\">Gastropoda<\/a><\/td><\/tr><tr><th>Subclass<\/th><td><a target=\"_blank\" href=\"https:\/\/www.marinespecies.org\/aphia.php?p=taxdetails&id=14712\">Heterobranchia<\/a><\/td><\/tr><tr><th>Infraclass<\/th><td><a target=\"_blank\" href=\"https:\/\/www.marinespecies.org\/aphia.php?p=taxdetails&id=1057247\">Euthyneura<\/a><\/td><\/tr><tr><th>Subterclass<\/th><td><a target=\"_blank\" href=\"https:\/\/www.marinespecies.org\/aphia.php?p=taxdetails&id=1057249\">Ringipleura<\/a><\/td><\/tr><tr><th>Superorder<\/th><td><a target=\"_blank\" href=\"https:\/\/www.marinespecies.org\/aphia.php?p=taxdetails&id=411966\">Nudipleura<\/a><\/td><\/tr><tr><th>Order<\/th><td><a target=\"_blank\" href=\"https:\/\/www.marinespecies.org\/aphia.php?p=taxdetails&id=1762\">Nudibranchia<\/a><\/td><\/tr><tr><th>Suborder<\/th><td><a target=\"_blank\" href=\"https:\/\/www.marinespecies.org\/aphia.php?p=taxdetails&id=827889\">Cladobranchia<\/a><\/td><\/tr><tr><th>Superfamily<\/th><td><a target=\"_blank\" href=\"https:\/\/www.marinespecies.org\/aphia.php?p=taxdetails&id=182\">Dendronotoidea<\/a><\/td><\/tr><tr><th>Family<\/th><td><a target=\"_blank\" href=\"https:\/\/www.marinespecies.org\/aphia.php?p=taxdetails&id=187\">Dotidae<\/a><\/td><\/tr><tr><th>Genus<\/th><td><a target=\"_blank\" href=\"https:\/\/www.marinespecies.org\/aphia.php?p=taxdetails&id=137916\"><em>Doto<\/em><\/a><\/td><\/tr><tr><th>Species<\/th><td><a target=\"_blank\" href=\"https:\/\/www.marinespecies.org\/aphia.php?p=taxdetails&id=139628\"><em>Doto cervicenigra<\/em> Ortea &amp; Bouchet, 1989<\/a><\/td><\/tr><\/table><p class=\"footer\">Classificaci\u00f3 proporcionada pel World Register of Marine Species (WoRMS). [<a target=\"_blank\" href=\"https:\/\/www.marinespecies.org\/aphia.php?p=taxdetails&id=139628\">139628<\/a>]<\/p><\/div><strong>Descripci\u00f3<br \/>\n<\/strong>Animal de mida petita ja que mesura uns 5 mm. Cos semitransparent, de color blanquin\u00f3s, amb una notable taca negra a la part dorsal del cap que continua cap enrere entre els rin\u00f2fors, i algunes taques del mateix color a la part posterior i als costats del cos. Els rin\u00f2fors tenen m\u00e9s de dues vegades l&#8217;altura de la beina, amb taques de color negre violaci en la meitat inferior i amb una gran taca blanca a l&#8217;extrem. La vora de la beina rinof\u00f3rica est\u00e0 esquitxada de punts blancs opacs. T\u00e9 6 parells de cerata, on la m\u00e9s gran cont\u00e9 dos grups de tubercles globulosos, gaireb\u00e9 esf\u00e8rics, especialment el tubercle apical, i tenen un punt subcutani de color negre violaci, envoltat d&#8217;un pigment blanc opac que pot arribar a emmascarar el punt negre. Amb l&#8217;excepci\u00f3 del grup de subapical, no hi ha tubercles desenvolupats a la cara interior de les cerata ni s&#8217;observen pseudobr\u00e0nquies. La gl\u00e0ndula digestiva, de color avellana, \u00e9s visible per transpar\u00e8ncia en les cerata. La g\u00f2nada \u00e9s visible per transpar\u00e8ncia entre el 2n i 3r grup de papil\u00b7les, mentre que la papil\u00b7la anal est\u00e0 entre el 1r i 2n grup, al costat dret del cos.<\/p>\n<p><strong>Biologia<br \/>\n<\/strong>Es coneix molt poc de la biologia d&#8217;aquesta esp\u00e8cie que, com altres del mateix g\u00e8nere, est\u00e0 estretament associada a hidrozous pennats del g\u00e8nere <em>Aglaophenia<\/em> (<em>A. kirkenpaueri<\/em>, <em>A. pluma<\/em>, <em>A. tubiformis<\/em>) o <em>Lytocarpia<\/em> (<em>L. myriophyllum<\/em>). Sobre aquests hidrozous els animals guarden un perfecte mimetisme de forma que son\u00a0molt dif\u00edcils d&#8217;observar a simple vista. L&#8217;exist\u00e8ncia d&#8217;exemplars a les col\u00f2nies es pot endevinar quan s&#8217;observen postes sobre elles. L&#8217;exemplar sobre el qual es va descriure l&#8217;esp\u00e8cie es va recol\u00b7lectar mitjan\u00e7ant un raspat d&#8217;algues a uns 5 metres de profunditat a Calvi (C\u00f2rsega, Fran\u00e7a).<\/p>\n<p><strong>Etimologia<\/strong><\/p>\n<ul>\n<li><em>Doto<\/em>, del\u00a0Llat\u00ed\u00a0<em>Doto<\/em>, una nimfa marina, del grec\u00a0<em>D\u014dt\u014d<\/em><\/li>\n<li><i>Cervicenigra,\u00a0<\/i>del\u00a0Llat\u00ed &#8220;<em>Cervix<\/em>&#8220;, coll\/cap i &#8220;nigra&#8221;, del Llat\u00ed &#8220;niger&#8221;, negre, fosc, en refer\u00e8ncia a la taca negra de la regi\u00f3 cef\u00e0lica.<\/li>\n<\/ul>\n<p><strong>Distribuci\u00f3<br \/>\n<\/strong>Se sap que \u00e9s present a la Mediterr\u00e0nia occidental. A banda de la descripci\u00f3 original a Calvi (C\u00f2rsega, Fran\u00e7a) tamb\u00e9 ha estat trobat al golf de Cagliari (Sardenya, It\u00e0lia), a Porto Cesareo (Lecce, It\u00e0lia) i a l&#8217;Illa del Toret\u00f3 (Mallorca). A Catalunya s&#8217;ha trobat des de Blanes a L\u2019Escala. <div id=\"flxmap-6a9a9c5f91b50\" class='flxmap-container' data-flxmap='flxmap_6a9a9c5f91b50' style=\"width:100%;height:400px;\"><\/div>\n<script data-noptimize=\"1\">\n\/* <![CDATA[ *\/\n(function(w, fn) {\n if (w.addEventListener) w.addEventListener(\"DOMContentLoaded\", fn, false);\n else if (w.attachEvent) w.attachEvent(\"onload\", fn);\n})(window, function() {\n var f = new FlexibleMap();\n f.panControl = true;\n f.mapTypeId = \"satellite\";\n f.setlocale(\"ca-ES\");\n f.kmlcache = \"5 minutes\";\n f.showKML(\"flxmap-6a9a9c5f91b50\", \"https:\/\/opistobranquis.info\/wp-content\/uploads\/kms\/19946.kmz\");\n window.flxmap_6a9a9c5f91b50 = f;\n});\n\/* ]]> *\/\n<\/script>\n<div style=\"width:100%;text-align:center;margin:12px 0 4px 0;\">\n  <div style=\"font-size:8pt;margin-bottom:6px;\">Cites georeferenciades conegudes de l'esp\u00e8cie: <em>Doto cervicenigra<\/em><\/div>\n  <table style=\"margin:0 auto;border-collapse:collapse;font-size:8pt;\">\n    <tr><td colspan=\"2\" style=\"text-align:left;padding-bottom:4px;\"><strong>Fonts:<\/strong><\/td><\/tr>\n    <tr>\n      <td style=\"vertical-align:top;padding-right:40px;\">\n        <table style=\"border-collapse:collapse;\">\n<tr><td style='padding:1px 6px 1px 0;vertical-align:middle'><img data-recalc-dims=\"1\" src=\"https:\/\/i0.wp.com\/opistobranquis.info\/wp-content\/uploads\/kms\/wht-circle-lv.png?w=900&#038;ssl=1\" style='display:block'><\/td><td style='padding:1px 0;vertical-align:middle;white-space:nowrap'>OBIS<\/td><\/tr><tr><td style='padding:1px 6px 1px 0;vertical-align:middle'><img data-recalc-dims=\"1\" src=\"https:\/\/i0.wp.com\/opistobranquis.info\/wp-content\/uploads\/kms\/ylw-circle-lv.png?w=900&#038;ssl=1\" style='display:block'><\/td><td style='padding:1px 0;vertical-align:middle;white-space:nowrap'>GROC 2010-2011<\/td><\/tr><tr><td style='padding:1px 6px 1px 0;vertical-align:middle'><img data-recalc-dims=\"1\" src=\"https:\/\/i0.wp.com\/opistobranquis.info\/wp-content\/uploads\/kms\/grn-circle-lv.png?w=900&#038;ssl=1\" style='display:block'><\/td><td style='padding:1px 0;vertical-align:middle;white-space:nowrap'>Enric Madrenas<\/td><\/tr><tr><td style='padding:1px 6px 1px 0;vertical-align:middle'><img data-recalc-dims=\"1\" src=\"https:\/\/i0.wp.com\/opistobranquis.info\/wp-content\/uploads\/kms\/orange-circle-lv.png?w=900&#038;ssl=1\" style='display:block'><\/td><td style='padding:1px 0;vertical-align:middle;white-space:nowrap'>Jo\u00e3o Pedro Silva<\/td><\/tr><tr><td style='padding:1px 6px 1px 0;vertical-align:middle'><img data-recalc-dims=\"1\" src=\"https:\/\/i0.wp.com\/opistobranquis.info\/wp-content\/uploads\/kms\/pink-circle-lv.png?w=900&#038;ssl=1\" style='display:block'><\/td><td style='padding:1px 0;vertical-align:middle;white-space:nowrap'>Bernard Picton<\/td><\/tr><tr><td style='padding:1px 6px 1px 0;vertical-align:middle'><img data-recalc-dims=\"1\" src=\"https:\/\/i0.wp.com\/opistobranquis.info\/wp-content\/uploads\/kms\/blk-circle-lv.png?w=900&#038;ssl=1\" style='display:block'><\/td><td style='padding:1px 0;vertical-align:middle;white-space:nowrap'>GBIF<\/td><\/tr>        <\/table>\n      <\/td>\n      <td style=\"vertical-align:top;\">\n        <table style=\"border-collapse:collapse;\">\n<tr><td style='padding:1px 6px 1px 0;vertical-align:middle'><img data-recalc-dims=\"1\" src=\"https:\/\/i0.wp.com\/opistobranquis.info\/wp-content\/uploads\/kms\/purple-circle-lv.png?w=900&#038;ssl=1\" style='display:block'><\/td><td style='padding:1px 0;vertical-align:middle;white-space:nowrap'>OPK<\/td><\/tr><tr><td style='padding:1px 6px 1px 0;vertical-align:middle'><img data-recalc-dims=\"1\" src=\"https:\/\/i0.wp.com\/opistobranquis.info\/wp-content\/uploads\/kms\/red-circle-lv.png?w=900&#038;ssl=1\" style='display:block'><\/td><td style='padding:1px 0;vertical-align:middle;white-space:nowrap'>VIMAR<\/td><\/tr><tr><td style='padding:1px 6px 1px 0;vertical-align:middle'><img data-recalc-dims=\"1\" src=\"https:\/\/i0.wp.com\/opistobranquis.info\/wp-content\/uploads\/kms\/blu-circle-lv.png?w=900&#038;ssl=1\" style='display:block'><\/td><td style='padding:1px 0;vertical-align:middle;white-space:nowrap'>Manuel Ballesteros<\/td><\/tr><tr><td style='padding:1px 6px 1px 0;vertical-align:middle'><img data-recalc-dims=\"1\" src=\"https:\/\/i0.wp.com\/opistobranquis.info\/wp-content\/uploads\/kms\/cyan-circle-lv.png?w=900&#038;ssl=1\" style='display:block'><\/td><td style='padding:1px 0;vertical-align:middle;white-space:nowrap'>M@re Nostrum<\/td><\/tr><tr><td style='padding:1px 6px 1px 0;vertical-align:middle'><img data-recalc-dims=\"1\" src=\"https:\/\/i0.wp.com\/opistobranquis.info\/wp-content\/uploads\/kms\/grey-circle-lv.png?w=900&#038;ssl=1\" style='display:block'><\/td><td style='padding:1px 0;vertical-align:middle;white-space:nowrap'>Altres fonts<\/td><\/tr><tr><td style='padding:1px 6px 1px 0;vertical-align:middle'><img data-recalc-dims=\"1\" src=\"https:\/\/i0.wp.com\/opistobranquis.info\/wp-content\/uploads\/kms\/marreg.png?w=900&#038;ssl=1\" style='display:block'><\/td><td style='padding:1px 0;vertical-align:middle;white-space:nowrap'>Marine Regions<\/td><\/tr>        <\/table>\n      <\/td>\n    <\/tr>\n  <\/table>\n<\/div>\n<\/p>\n<p><strong>Esp\u00e8cies semblants<br \/>\n<\/strong><a href=\"https:\/\/opistobranquis.info\/guia\/nudibranchia\/cladobranchia\/dendronotoidea\/doto-rosea\/\"><em>Doto rosea<\/em><\/a> t\u00e9 els tubercles ceratals sense punts apicals i el cos sense taques negres.<\/p>\n<p><strong>Error:<\/strong> Chart.js no est\u00e1 disponible.<\/p>\n<p><strong>Videos<\/strong><\/p>\n<p><iframe loading=\"lazy\" title=\"Doto cervicenigra - Doto \u00e0 t\u00eate sombre - Etang de Thau\" width=\"900\" height=\"506\" src=\"https:\/\/www.youtube.com\/embed\/MVwztZsCl6o?feature=oembed\" frameborder=\"0\" allow=\"accelerometer; autoplay; clipboard-write; encrypted-media; gyroscope; picture-in-picture\" allowfullscreen><\/iframe><\/p>\n<p>&nbsp;<\/p>\n<p><strong>Altres fotos<\/strong><br \/>\n<div class=\"tiled-gallery type-rectangular tiled-gallery-unresized\" data-original-width=\"900\" data-carousel-extra='{&quot;blog_id&quot;:1,&quot;permalink&quot;:&quot;https:\\\/\\\/opistobranquis.info\\\/ca\\\/guia\\\/nudibranchia\\\/cladobranchia\\\/dendronotoidea\\\/doto-cervicenigra\\\/&quot;,&quot;likes_blog_id&quot;:44192421}' itemscope itemtype=\"http:\/\/schema.org\/ImageGallery\" > <div class=\"gallery-row\" style=\"width: 900px; height: 863px;\" data-original-width=\"900\" data-original-height=\"863\" > <div class=\"gallery-group images-3\" style=\"width: 466px; height: 863px;\" data-original-width=\"466\" data-original-height=\"863\" > <div class=\"tiled-gallery-item tiled-gallery-item-large\" itemprop=\"associatedMedia\" itemscope itemtype=\"http:\/\/schema.org\/ImageObject\"> <a href=\"https:\/\/opistobranquis.info\/ca\/guia\/nudibranchia\/cladobranchia\/dendronotoidea\/doto-cervicenigra\/doto-cervicenigra-poetto-golfo-di-cagliari-sardinia-italy-20071030-by-alberto-piras-malachia-it\/\" border=\"0\" itemprop=\"url\"> <meta itemprop=\"width\" content=\"462\"> <meta itemprop=\"height\" content=\"242\"> <img decoding=\"async\" class=\"\" data-attachment-id=\"19948\" data-orig-file=\"https:\/\/opistobranquis.info\/wp-content\/uploads\/2015\/09\/Doto-cervicenigra-@-Poetto-Golfo-di-Cagliari-Sardinia-Italy-20071030-by-Alberto-Piras-malachia.it_.jpg\" data-orig-size=\"800,419\" data-comments-opened=\"\" data-image-title=\"Doto cervicenigra @ Poetto, Golfo di Cagliari, Sardinia, Italy 20071030 by Alberto Piras (malachia.it)\" data-image-description=\"&lt;p&gt;Doto cervicenigra @ Poetto, Golfo di Cagliari, Sardinia, Italy 20071030 by Alberto Piras (malachia.it) &lt;\/p&gt; \" data-medium-file=\"https:\/\/i0.wp.com\/opistobranquis.info\/wp-content\/uploads\/2015\/09\/Doto-cervicenigra-%40-Poetto-Golfo-di-Cagliari-Sardinia-Italy-20071030-by-Alberto-Piras-malachia.it_.jpg?fit=300%2C157&#038;ssl=1\" data-large-file=\"https:\/\/i0.wp.com\/opistobranquis.info\/wp-content\/uploads\/2015\/09\/Doto-cervicenigra-%40-Poetto-Golfo-di-Cagliari-Sardinia-Italy-20071030-by-Alberto-Piras-malachia.it_.jpg?fit=800%2C419&#038;ssl=1\" src=\"https:\/\/i0.wp.com\/opistobranquis.info\/wp-content\/uploads\/2015\/09\/Doto-cervicenigra-%40-Poetto-Golfo-di-Cagliari-Sardinia-Italy-20071030-by-Alberto-Piras-malachia.it_.jpg?w=462&#038;h=242&#038;ssl=1\" width=\"462\" height=\"242\" loading=\"lazy\" data-original-width=\"462\" data-original-height=\"242\" itemprop=\"http:\/\/schema.org\/image\" title=\"Doto cervicenigra @ Poetto, Golfo di Cagliari, Sardinia, Italy 20071030 by Alberto Piras (malachia.it)\" alt=\"Doto cervicenigra @ Poetto, Golfo di Cagliari, Sardinia, Italy 20071030 by Alberto Piras (malachia.it)\" style=\"width: 462px; height: 242px;\" \/> <\/a> <div class=\"tiled-gallery-caption\" itemprop=\"caption description\"> Doto cervicenigra @ Poetto, Golfo di Cagliari, Sardinia, Italy 20071030 <\/div> <\/div> <div class=\"tiled-gallery-item tiled-gallery-item-large\" itemprop=\"associatedMedia\" itemscope itemtype=\"http:\/\/schema.org\/ImageObject\"> <a href=\"https:\/\/opistobranquis.info\/ca\/guia\/nudibranchia\/cladobranchia\/dendronotoidea\/doto-cervicenigra\/doto-cervicenigra-poetto-golfo-di-cagliari-sardinia-italy-20071030-by-alberto-pirasmalachia-it-2\/\" border=\"0\" itemprop=\"url\"> <meta itemprop=\"width\" content=\"462\"> <meta itemprop=\"height\" content=\"269\"> <img decoding=\"async\" class=\"\" data-attachment-id=\"19949\" data-orig-file=\"https:\/\/opistobranquis.info\/wp-content\/uploads\/2015\/09\/Doto-cervicenigra-@-Poetto-Golfo-di-Cagliari-Sardinia-Italy-20071030-by-Alberto-Pirasmalachia.it-2.jpg\" data-orig-size=\"956,556\" data-comments-opened=\"\" data-image-title=\"Doto cervicenigra @ Poetto, Golfo di Cagliari, Sardinia, Italy 20071030 by Alberto Piras (malachia.it)\" data-image-description=\"&lt;p&gt;Doto cervicenigra @ Poetto, Golfo di Cagliari, Sardinia, Italy 20071030 by Alberto Piras (malachia.it) &lt;\/p&gt; \" data-medium-file=\"https:\/\/i0.wp.com\/opistobranquis.info\/wp-content\/uploads\/2015\/09\/Doto-cervicenigra-%40-Poetto-Golfo-di-Cagliari-Sardinia-Italy-20071030-by-Alberto-Pirasmalachia.it-2.jpg?fit=300%2C174&#038;ssl=1\" data-large-file=\"https:\/\/i0.wp.com\/opistobranquis.info\/wp-content\/uploads\/2015\/09\/Doto-cervicenigra-%40-Poetto-Golfo-di-Cagliari-Sardinia-Italy-20071030-by-Alberto-Pirasmalachia.it-2.jpg?fit=900%2C523&#038;ssl=1\" src=\"https:\/\/i0.wp.com\/opistobranquis.info\/wp-content\/uploads\/2015\/09\/Doto-cervicenigra-%40-Poetto-Golfo-di-Cagliari-Sardinia-Italy-20071030-by-Alberto-Pirasmalachia.it-2.jpg?w=462&#038;h=269&#038;ssl=1\" width=\"462\" height=\"269\" loading=\"lazy\" data-original-width=\"462\" data-original-height=\"269\" itemprop=\"http:\/\/schema.org\/image\" title=\"Doto cervicenigra @ Poetto, Golfo di Cagliari, Sardinia, Italy 20071030 by Alberto Piras (malachia.it)\" alt=\"Doto cervicenigra @ Poetto, Golfo di Cagliari, Sardinia, Italy 20071030 by Alberto Piras (malachia.it)\" style=\"width: 462px; height: 269px;\" \/> <\/a> <div class=\"tiled-gallery-caption\" itemprop=\"caption description\"> Doto cervicenigra @ Poetto, Golfo di Cagliari, Sardinia, Italy 20071030 by Alberto Piras (malachia.it) <\/div> <\/div> <div class=\"tiled-gallery-item tiled-gallery-item-large\" itemprop=\"associatedMedia\" itemscope itemtype=\"http:\/\/schema.org\/ImageObject\"> <a href=\"https:\/\/opistobranquis.info\/ca\/guia\/nudibranchia\/cladobranchia\/dendronotoidea\/doto-cervicenigra\/doto-cervicenigra-poetto-golfo-di-cagliari-sardinia-italy-20071030-by-alberto-piras-malachia-it-head-detail\/\" border=\"0\" itemprop=\"url\"> <meta itemprop=\"width\" content=\"462\"> <meta itemprop=\"height\" content=\"340\"> <img decoding=\"async\" class=\"\" data-attachment-id=\"19950\" data-orig-file=\"https:\/\/opistobranquis.info\/wp-content\/uploads\/2015\/09\/Doto-cervicenigra-@-Poetto-Golfo-di-Cagliari-Sardinia-Italy-20071030-by-Alberto-Piras-malachia.it-head-detail.jpg\" data-orig-size=\"856,629\" data-comments-opened=\"\" data-image-title=\"Doto cervicenigra @ Poetto, Golfo di Cagliari, Sardinia, Italy 20071030 (head detail) by Alberto Piras (malachia.it)\" data-image-description=\"&lt;p&gt;Doto cervicenigra @ Poetto, Golfo di Cagliari, Sardinia, Italy 20071030 (head detail) by Alberto Piras (malachia.it) &lt;\/p&gt; \" data-medium-file=\"https:\/\/i0.wp.com\/opistobranquis.info\/wp-content\/uploads\/2015\/09\/Doto-cervicenigra-%40-Poetto-Golfo-di-Cagliari-Sardinia-Italy-20071030-by-Alberto-Piras-malachia.it-head-detail.jpg?fit=300%2C220&#038;ssl=1\" data-large-file=\"https:\/\/i0.wp.com\/opistobranquis.info\/wp-content\/uploads\/2015\/09\/Doto-cervicenigra-%40-Poetto-Golfo-di-Cagliari-Sardinia-Italy-20071030-by-Alberto-Piras-malachia.it-head-detail.jpg?fit=856%2C629&#038;ssl=1\" src=\"https:\/\/i0.wp.com\/opistobranquis.info\/wp-content\/uploads\/2015\/09\/Doto-cervicenigra-%40-Poetto-Golfo-di-Cagliari-Sardinia-Italy-20071030-by-Alberto-Piras-malachia.it-head-detail.jpg?w=462&#038;h=340&#038;ssl=1\" width=\"462\" height=\"340\" loading=\"lazy\" data-original-width=\"462\" data-original-height=\"340\" itemprop=\"http:\/\/schema.org\/image\" title=\"Doto cervicenigra @ Poetto, Golfo di Cagliari, Sardinia, Italy 20071030 (head detail) by Alberto Piras (malachia.it)\" alt=\"Doto cervicenigra @ Poetto, Golfo di Cagliari, Sardinia, Italy 20071030 (head detail) by Alberto Piras (malachia.it)\" style=\"width: 462px; height: 340px;\" \/> <\/a> <div class=\"tiled-gallery-caption\" itemprop=\"caption description\"> Doto cervicenigra @ Poetto, Golfo di Cagliari, Sardinia, Italy 20071030 (head detail) by Alberto Piras (malachia.it) <\/div> <\/div> <\/div> <!-- close group --> <div class=\"gallery-group images-1\" style=\"width: 434px; height: 863px;\" data-original-width=\"434\" data-original-height=\"863\" > <div class=\"tiled-gallery-item tiled-gallery-item-large\" itemprop=\"associatedMedia\" itemscope itemtype=\"http:\/\/schema.org\/ImageObject\"> <a href=\"https:\/\/opistobranquis.info\/ca\/guia\/nudibranchia\/cladobranchia\/dendronotoidea\/doto-cervicenigra\/doto-cervicenigra-porto-cesareo-lecce-jonian-sea-italy-1m-on-aglaophenia-sp-2014-by-fabio-vitale\/\" border=\"0\" itemprop=\"url\"> <meta itemprop=\"width\" content=\"430\"> <meta itemprop=\"height\" content=\"859\"> <img decoding=\"async\" class=\"\" data-attachment-id=\"20049\" data-orig-file=\"https:\/\/opistobranquis.info\/wp-content\/uploads\/2015\/09\/Doto-cervicenigra-@-Porto-Cesareo-Lecce-Jonian-Sea-Italy-1m-on-Aglaophenia-sp-2014-by-Fabio-Vitale.jpg\" data-orig-size=\"400,800\" data-comments-opened=\"\" data-image-title=\"Doto cervicenigra @ Porto Cesareo (Lecce), Jonian Sea, Italy 1m on Aglaophenia sp 2014 by Fabio Vitale\" data-image-description=\"&lt;p&gt;Doto cervicenigra @ Porto Cesareo (Lecce), Jonian Sea, Italy 1m on Aglaophenia sp 2014 by Fabio Vitale&lt;\/p&gt; \" data-medium-file=\"https:\/\/i0.wp.com\/opistobranquis.info\/wp-content\/uploads\/2015\/09\/Doto-cervicenigra-%40-Porto-Cesareo-Lecce-Jonian-Sea-Italy-1m-on-Aglaophenia-sp-2014-by-Fabio-Vitale.jpg?fit=150%2C300&#038;ssl=1\" data-large-file=\"https:\/\/i0.wp.com\/opistobranquis.info\/wp-content\/uploads\/2015\/09\/Doto-cervicenigra-%40-Porto-Cesareo-Lecce-Jonian-Sea-Italy-1m-on-Aglaophenia-sp-2014-by-Fabio-Vitale.jpg?fit=400%2C800&#038;ssl=1\" src=\"https:\/\/i0.wp.com\/opistobranquis.info\/wp-content\/uploads\/2015\/09\/Doto-cervicenigra-%40-Porto-Cesareo-Lecce-Jonian-Sea-Italy-1m-on-Aglaophenia-sp-2014-by-Fabio-Vitale.jpg?w=430&#038;h=859&#038;ssl=1\" width=\"430\" height=\"859\" loading=\"lazy\" data-original-width=\"430\" data-original-height=\"859\" itemprop=\"http:\/\/schema.org\/image\" title=\"Doto cervicenigra @ Porto Cesareo (Lecce), Jonian Sea, Italy 1m on Aglaophenia sp 2014 by Fabio Vitale\" alt=\"Doto cervicenigra @ Porto Cesareo (Lecce), Jonian Sea, Italy 1m on Aglaophenia sp 2014 by Fabio Vitale\" style=\"width: 430px; height: 859px;\" \/> <\/a> <div class=\"tiled-gallery-caption\" itemprop=\"caption description\"> Doto cervicenigra @ Porto Cesareo (Lecce), Jonian Sea, Italy 1m on Aglaophenia sp 2014 by Fabio Vitale <\/div> <\/div> <\/div> <!-- close group --> <\/div> <!-- close row --> <div class=\"gallery-row\" style=\"width: 900px; height: 515px;\" data-original-width=\"900\" data-original-height=\"515\" > <div class=\"gallery-group images-1\" style=\"width: 515px; height: 515px;\" data-original-width=\"515\" data-original-height=\"515\" > <div class=\"tiled-gallery-item tiled-gallery-item-large\" itemprop=\"associatedMedia\" itemscope itemtype=\"http:\/\/schema.org\/ImageObject\"> <a href=\"https:\/\/opistobranquis.info\/ca\/guia\/nudibranchia\/cladobranchia\/dendronotoidea\/doto-cervicenigra\/doto-cervicenigra-porto-cesareo-lecce-jonian-sea-italy-1m-on-aglaophenia-sp-2014-by-fabio-vitale-2\/\" border=\"0\" itemprop=\"url\"> <meta itemprop=\"width\" content=\"511\"> <meta itemprop=\"height\" content=\"511\"> <img decoding=\"async\" class=\"\" data-attachment-id=\"20050\" data-orig-file=\"https:\/\/opistobranquis.info\/wp-content\/uploads\/2015\/09\/Doto-cervicenigra-@-Porto-Cesareo-Lecce-Jonian-Sea-Italy-1m-on-Aglaophenia-sp-2014-by-Fabio-Vitale-2.jpg\" data-orig-size=\"494,494\" data-comments-opened=\"\" data-image-title=\"Doto cervicenigra @ Porto Cesareo (Lecce), Jonian Sea, Italy 1m on Aglaophenia sp 2014 by Fabio Vitale\" data-image-description=\"&lt;p&gt;Doto cervicenigra @ Porto Cesareo (Lecce), Jonian Sea, Italy 1m on Aglaophenia sp 2014 by Fabio Vitale&lt;\/p&gt; \" data-medium-file=\"https:\/\/i0.wp.com\/opistobranquis.info\/wp-content\/uploads\/2015\/09\/Doto-cervicenigra-%40-Porto-Cesareo-Lecce-Jonian-Sea-Italy-1m-on-Aglaophenia-sp-2014-by-Fabio-Vitale-2.jpg?fit=300%2C300&#038;ssl=1\" data-large-file=\"https:\/\/i0.wp.com\/opistobranquis.info\/wp-content\/uploads\/2015\/09\/Doto-cervicenigra-%40-Porto-Cesareo-Lecce-Jonian-Sea-Italy-1m-on-Aglaophenia-sp-2014-by-Fabio-Vitale-2.jpg?fit=494%2C494&#038;ssl=1\" src=\"https:\/\/i0.wp.com\/opistobranquis.info\/wp-content\/uploads\/2015\/09\/Doto-cervicenigra-%40-Porto-Cesareo-Lecce-Jonian-Sea-Italy-1m-on-Aglaophenia-sp-2014-by-Fabio-Vitale-2.jpg?w=511&#038;h=511&#038;crop=1&#038;ssl=1\" width=\"511\" height=\"511\" loading=\"lazy\" data-original-width=\"511\" data-original-height=\"511\" itemprop=\"http:\/\/schema.org\/image\" title=\"Doto cervicenigra @ Porto Cesareo (Lecce), Jonian Sea, Italy 1m on Aglaophenia sp 2014 by Fabio Vitale\" alt=\"Doto cervicenigra @ Porto Cesareo (Lecce), Jonian Sea, Italy 1m on Aglaophenia sp 2014 by Fabio Vitale\" style=\"width: 511px; height: 511px;\" \/> <\/a> <div class=\"tiled-gallery-caption\" itemprop=\"caption description\"> Doto cervicenigra @ Porto Cesareo (Lecce), Jonian Sea, Italy 1m on Aglaophenia sp 2014 by Fabio Vitale <\/div> <\/div> <\/div> <!-- close group --> <div class=\"gallery-group images-2\" style=\"width: 385px; height: 515px;\" data-original-width=\"385\" data-original-height=\"515\" > <div class=\"tiled-gallery-item tiled-gallery-item-large\" itemprop=\"associatedMedia\" itemscope itemtype=\"http:\/\/schema.org\/ImageObject\"> <a href=\"https:\/\/opistobranquis.info\/ca\/guia\/nudibranchia\/cladobranchia\/dendronotoidea\/doto-cervicenigra\/doto-cervicenigra-sta-maria-al-bagno-lecce-italy-by-cataldo-licchelli-3\/\" border=\"0\" itemprop=\"url\"> <meta itemprop=\"width\" content=\"381\"> <meta itemprop=\"height\" content=\"254\"> <img decoding=\"async\" class=\"\" data-attachment-id=\"21803\" data-orig-file=\"https:\/\/opistobranquis.info\/wp-content\/uploads\/2015\/09\/Doto-cervicenigra-@-Sta.-Maria-al-Bagno-Lecce-Italy-by-Cataldo-Licchelli-3.jpg\" data-orig-size=\"1200,800\" data-comments-opened=\"\" data-image-title=\"Doto cervicenigra @ Sta. Maria al Bagno, Lecce, Italy by Cataldo Licchelli\" data-image-description=\"&lt;p&gt;Doto cervicenigra @ Sta. Maria al Bagno, Lecce, Italy by Cataldo Licchelli&lt;\/p&gt; \" data-medium-file=\"https:\/\/i0.wp.com\/opistobranquis.info\/wp-content\/uploads\/2015\/09\/Doto-cervicenigra-%40-Sta.-Maria-al-Bagno-Lecce-Italy-by-Cataldo-Licchelli-3.jpg?fit=300%2C200&#038;ssl=1\" data-large-file=\"https:\/\/i0.wp.com\/opistobranquis.info\/wp-content\/uploads\/2015\/09\/Doto-cervicenigra-%40-Sta.-Maria-al-Bagno-Lecce-Italy-by-Cataldo-Licchelli-3.jpg?fit=900%2C600&#038;ssl=1\" src=\"https:\/\/i0.wp.com\/opistobranquis.info\/wp-content\/uploads\/2015\/09\/Doto-cervicenigra-%40-Sta.-Maria-al-Bagno-Lecce-Italy-by-Cataldo-Licchelli-3.jpg?w=381&#038;h=254&#038;ssl=1\" width=\"381\" height=\"254\" loading=\"lazy\" data-original-width=\"381\" data-original-height=\"254\" itemprop=\"http:\/\/schema.org\/image\" title=\"Doto cervicenigra @ Sta. Maria al Bagno, Lecce, Italy by Cataldo Licchelli\" alt=\"Doto cervicenigra @ Sta. Maria al Bagno, Lecce, Italy by Cataldo Licchelli\" style=\"width: 381px; height: 254px;\" \/> <\/a> <div class=\"tiled-gallery-caption\" itemprop=\"caption description\"> Doto cervicenigra @ Sta. Maria al Bagno, Lecce, Italy by Cataldo Licchelli <\/div> <\/div> <div class=\"tiled-gallery-item tiled-gallery-item-large\" itemprop=\"associatedMedia\" itemscope itemtype=\"http:\/\/schema.org\/ImageObject\"> <a href=\"https:\/\/opistobranquis.info\/ca\/guia\/nudibranchia\/cladobranchia\/dendronotoidea\/doto-cervicenigra\/doto-cervicenigra-sta-maria-al-bagno-lecce-italy-by-cataldo-licchelli-2\/\" border=\"0\" itemprop=\"url\"> <meta itemprop=\"width\" content=\"381\"> <meta itemprop=\"height\" content=\"253\"> <img decoding=\"async\" class=\"\" data-attachment-id=\"21804\" data-orig-file=\"https:\/\/opistobranquis.info\/wp-content\/uploads\/2015\/09\/Doto-cervicenigra-@-Sta.-Maria-al-Bagno-Lecce-Italy-by-Cataldo-Licchelli-2.jpg\" data-orig-size=\"1200,800\" data-comments-opened=\"\" data-image-title=\"Doto cervicenigra @ Sta. Maria al Bagno, Lecce, Italy by Cataldo Licchelli\" data-image-description=\"&lt;p&gt;Doto cervicenigra @ Sta. Maria al Bagno, Lecce, Italy by Cataldo Licchelli&lt;\/p&gt; \" data-medium-file=\"https:\/\/i0.wp.com\/opistobranquis.info\/wp-content\/uploads\/2015\/09\/Doto-cervicenigra-%40-Sta.-Maria-al-Bagno-Lecce-Italy-by-Cataldo-Licchelli-2.jpg?fit=300%2C200&#038;ssl=1\" data-large-file=\"https:\/\/i0.wp.com\/opistobranquis.info\/wp-content\/uploads\/2015\/09\/Doto-cervicenigra-%40-Sta.-Maria-al-Bagno-Lecce-Italy-by-Cataldo-Licchelli-2.jpg?fit=900%2C600&#038;ssl=1\" src=\"https:\/\/i0.wp.com\/opistobranquis.info\/wp-content\/uploads\/2015\/09\/Doto-cervicenigra-%40-Sta.-Maria-al-Bagno-Lecce-Italy-by-Cataldo-Licchelli-2.jpg?w=381&#038;h=253&#038;ssl=1\" width=\"381\" height=\"253\" loading=\"lazy\" data-original-width=\"381\" data-original-height=\"253\" itemprop=\"http:\/\/schema.org\/image\" title=\"Doto cervicenigra @ Sta. Maria al Bagno, Lecce, Italy by Cataldo Licchelli\" alt=\"Doto cervicenigra @ Sta. Maria al Bagno, Lecce, Italy by Cataldo Licchelli\" style=\"width: 381px; height: 253px;\" \/> <\/a> <div class=\"tiled-gallery-caption\" itemprop=\"caption description\"> Doto cervicenigra @ Sta. Maria al Bagno, Lecce, Italy by Cataldo Licchelli <\/div> <\/div> <\/div> <!-- close group --> <\/div> <!-- close row --> <div class=\"gallery-row\" style=\"width: 900px; height: 151px;\" data-original-width=\"900\" data-original-height=\"151\" > <div class=\"gallery-group images-1\" style=\"width: 225px; height: 151px;\" data-original-width=\"225\" data-original-height=\"151\" > <div class=\"tiled-gallery-item tiled-gallery-item-small\" itemprop=\"associatedMedia\" itemscope itemtype=\"http:\/\/schema.org\/ImageObject\"> <a href=\"https:\/\/opistobranquis.info\/ca\/guia\/nudibranchia\/cladobranchia\/dendronotoidea\/doto-cervicenigra\/doto-cervicenigra-sta-maria-al-bagno-lecce-italy-by-cataldo-licchelli\/\" border=\"0\" itemprop=\"url\"> <meta itemprop=\"width\" content=\"221\"> <meta itemprop=\"height\" content=\"147\"> <img decoding=\"async\" class=\"\" data-attachment-id=\"21805\" data-orig-file=\"https:\/\/opistobranquis.info\/wp-content\/uploads\/2015\/09\/Doto-cervicenigra-@-Sta.-Maria-al-Bagno-Lecce-Italy-by-Cataldo-Licchelli.jpg\" data-orig-size=\"1200,800\" data-comments-opened=\"\" data-image-title=\"Doto cervicenigra @ Sta. Maria al Bagno, Lecce, Italy by Cataldo Licchelli\" data-image-description=\"&lt;p&gt;Doto cervicenigra @ Sta. Maria al Bagno, Lecce, Italy by Cataldo Licchelli&lt;\/p&gt; \" data-medium-file=\"https:\/\/i0.wp.com\/opistobranquis.info\/wp-content\/uploads\/2015\/09\/Doto-cervicenigra-%40-Sta.-Maria-al-Bagno-Lecce-Italy-by-Cataldo-Licchelli.jpg?fit=300%2C200&#038;ssl=1\" data-large-file=\"https:\/\/i0.wp.com\/opistobranquis.info\/wp-content\/uploads\/2015\/09\/Doto-cervicenigra-%40-Sta.-Maria-al-Bagno-Lecce-Italy-by-Cataldo-Licchelli.jpg?fit=900%2C600&#038;ssl=1\" src=\"https:\/\/i0.wp.com\/opistobranquis.info\/wp-content\/uploads\/2015\/09\/Doto-cervicenigra-%40-Sta.-Maria-al-Bagno-Lecce-Italy-by-Cataldo-Licchelli.jpg?w=221&#038;h=147&#038;ssl=1\" width=\"221\" height=\"147\" loading=\"lazy\" data-original-width=\"221\" data-original-height=\"147\" itemprop=\"http:\/\/schema.org\/image\" title=\"Doto cervicenigra @ Sta. Maria al Bagno, Lecce, Italy by Cataldo Licchelli\" alt=\"Doto cervicenigra @ Sta. Maria al Bagno, Lecce, Italy by Cataldo Licchelli\" style=\"width: 221px; height: 147px;\" \/> <\/a> <div class=\"tiled-gallery-caption\" itemprop=\"caption description\"> Doto cervicenigra @ Sta. Maria al Bagno, Lecce, Italy by Cataldo Licchelli <\/div> <\/div> <\/div> <!-- close group --> <div class=\"gallery-group images-1\" style=\"width: 225px; height: 151px;\" data-original-width=\"225\" data-original-height=\"151\" > <div class=\"tiled-gallery-item tiled-gallery-item-small\" itemprop=\"associatedMedia\" itemscope itemtype=\"http:\/\/schema.org\/ImageObject\"> <a href=\"https:\/\/opistobranquis.info\/ca\/guia\/nudibranchia\/cladobranchia\/dendronotoidea\/doto-cervicenigra\/doto-cervicenigra-00\/\" border=\"0\" itemprop=\"url\"> <meta itemprop=\"width\" content=\"221\"> <meta itemprop=\"height\" content=\"147\"> <img decoding=\"async\" class=\"\" data-attachment-id=\"35821\" data-orig-file=\"https:\/\/opistobranquis.info\/wp-content\/uploads\/2022\/12\/Doto-cervicenigra-00.jpg\" data-orig-size=\"1034,692\" data-comments-opened=\"\" data-image-title=\"Doto cervicenigra @ L&amp;#8217;Escala by Enric Madrenas\" data-image-description=\"&lt;p&gt;Doto cervicenigra @ L&amp;#8217;Escala by Enric Madrenas&lt;\/p&gt; \" data-medium-file=\"https:\/\/i0.wp.com\/opistobranquis.info\/wp-content\/uploads\/2022\/12\/Doto-cervicenigra-00.jpg?fit=300%2C201&#038;ssl=1\" data-large-file=\"https:\/\/i0.wp.com\/opistobranquis.info\/wp-content\/uploads\/2022\/12\/Doto-cervicenigra-00.jpg?fit=900%2C602&#038;ssl=1\" src=\"https:\/\/i0.wp.com\/opistobranquis.info\/wp-content\/uploads\/2022\/12\/Doto-cervicenigra-00.jpg?w=221&#038;h=147&#038;ssl=1\" srcset=\"https:\/\/i0.wp.com\/opistobranquis.info\/wp-content\/uploads\/2022\/12\/Doto-cervicenigra-00.jpg?w=1034&amp;ssl=1 1034w, https:\/\/i0.wp.com\/opistobranquis.info\/wp-content\/uploads\/2022\/12\/Doto-cervicenigra-00.jpg?resize=300%2C201&amp;ssl=1 300w, https:\/\/i0.wp.com\/opistobranquis.info\/wp-content\/uploads\/2022\/12\/Doto-cervicenigra-00.jpg?resize=1024%2C685&amp;ssl=1 1024w, https:\/\/i0.wp.com\/opistobranquis.info\/wp-content\/uploads\/2022\/12\/Doto-cervicenigra-00.jpg?resize=150%2C100&amp;ssl=1 150w\" width=\"221\" height=\"147\" loading=\"lazy\" data-original-width=\"221\" data-original-height=\"147\" itemprop=\"http:\/\/schema.org\/image\" title=\"Doto cervicenigra @ L&#039;Escala by Enric Madrenas\" alt=\"Doto cervicenigra @ L&#039;Escala by Enric Madrenas\" style=\"width: 221px; height: 147px;\" \/> <\/a> <div class=\"tiled-gallery-caption\" itemprop=\"caption description\"> Doto cervicenigra @ L&#8217;Escala by Enric Madrenas <\/div> <\/div> <\/div> <!-- close group --> <div class=\"gallery-group images-1\" style=\"width: 225px; height: 151px;\" data-original-width=\"225\" data-original-height=\"151\" > <div class=\"tiled-gallery-item tiled-gallery-item-small\" itemprop=\"associatedMedia\" itemscope itemtype=\"http:\/\/schema.org\/ImageObject\"> <a href=\"https:\/\/opistobranquis.info\/ca\/guia\/nudibranchia\/cladobranchia\/dendronotoidea\/doto-cervicenigra\/doto-cervicenigra-by-cataldo-licchelli\/\" border=\"0\" itemprop=\"url\"> <meta itemprop=\"width\" content=\"221\"> <meta itemprop=\"height\" content=\"147\"> <img decoding=\"async\" class=\"\" data-attachment-id=\"36585\" data-orig-file=\"https:\/\/opistobranquis.info\/wp-content\/uploads\/2023\/01\/Doto-cervicenigra-by-Cataldo-Licchelli.jpg\" data-orig-size=\"1200,800\" data-comments-opened=\"\" data-image-title=\"Doto cervicenigra by Cataldo Licchelli\" data-image-description=\"&lt;p&gt;Doto cervicenigra by Cataldo Licchelli&lt;\/p&gt; \" data-medium-file=\"https:\/\/i0.wp.com\/opistobranquis.info\/wp-content\/uploads\/2023\/01\/Doto-cervicenigra-by-Cataldo-Licchelli.jpg?fit=300%2C200&#038;ssl=1\" data-large-file=\"https:\/\/i0.wp.com\/opistobranquis.info\/wp-content\/uploads\/2023\/01\/Doto-cervicenigra-by-Cataldo-Licchelli.jpg?fit=900%2C600&#038;ssl=1\" src=\"https:\/\/i0.wp.com\/opistobranquis.info\/wp-content\/uploads\/2023\/01\/Doto-cervicenigra-by-Cataldo-Licchelli.jpg?w=221&#038;h=147&#038;ssl=1\" srcset=\"https:\/\/i0.wp.com\/opistobranquis.info\/wp-content\/uploads\/2023\/01\/Doto-cervicenigra-by-Cataldo-Licchelli.jpg?w=1200&amp;ssl=1 1200w, https:\/\/i0.wp.com\/opistobranquis.info\/wp-content\/uploads\/2023\/01\/Doto-cervicenigra-by-Cataldo-Licchelli.jpg?resize=300%2C200&amp;ssl=1 300w, https:\/\/i0.wp.com\/opistobranquis.info\/wp-content\/uploads\/2023\/01\/Doto-cervicenigra-by-Cataldo-Licchelli.jpg?resize=1024%2C683&amp;ssl=1 1024w, https:\/\/i0.wp.com\/opistobranquis.info\/wp-content\/uploads\/2023\/01\/Doto-cervicenigra-by-Cataldo-Licchelli.jpg?resize=150%2C100&amp;ssl=1 150w\" width=\"221\" height=\"147\" loading=\"lazy\" data-original-width=\"221\" data-original-height=\"147\" itemprop=\"http:\/\/schema.org\/image\" title=\"Doto cervicenigra by Cataldo Licchelli\" alt=\"Doto cervicenigra by Cataldo Licchelli\" style=\"width: 221px; height: 147px;\" \/> <\/a> <div class=\"tiled-gallery-caption\" itemprop=\"caption description\"> Doto cervicenigra by Cataldo Licchelli <\/div> <\/div> <\/div> <!-- close group --> <div class=\"gallery-group images-1\" style=\"width: 225px; height: 151px;\" data-original-width=\"225\" data-original-height=\"151\" > <div class=\"tiled-gallery-item tiled-gallery-item-small\" itemprop=\"associatedMedia\" itemscope itemtype=\"http:\/\/schema.org\/ImageObject\"> <a href=\"https:\/\/opistobranquis.info\/ca\/guia\/nudibranchia\/cladobranchia\/dendronotoidea\/doto-cervicenigra\/doto-cervicenigra-by-cataldo-licchelli-b\/\" border=\"0\" itemprop=\"url\"> <meta itemprop=\"width\" content=\"221\"> <meta itemprop=\"height\" content=\"147\"> <img decoding=\"async\" class=\"\" data-attachment-id=\"36586\" data-orig-file=\"https:\/\/opistobranquis.info\/wp-content\/uploads\/2023\/01\/Doto-cervicenigra-by-Cataldo-Licchelli-b.jpg\" data-orig-size=\"1200,800\" data-comments-opened=\"\" data-image-title=\"Doto cervicenigra by Cataldo Licchelli\" data-image-description=\"&lt;p&gt;Doto cervicenigra by Cataldo Licchelli&lt;\/p&gt; \" data-medium-file=\"https:\/\/i0.wp.com\/opistobranquis.info\/wp-content\/uploads\/2023\/01\/Doto-cervicenigra-by-Cataldo-Licchelli-b.jpg?fit=300%2C200&#038;ssl=1\" data-large-file=\"https:\/\/i0.wp.com\/opistobranquis.info\/wp-content\/uploads\/2023\/01\/Doto-cervicenigra-by-Cataldo-Licchelli-b.jpg?fit=900%2C600&#038;ssl=1\" src=\"https:\/\/i0.wp.com\/opistobranquis.info\/wp-content\/uploads\/2023\/01\/Doto-cervicenigra-by-Cataldo-Licchelli-b.jpg?w=221&#038;h=147&#038;ssl=1\" srcset=\"https:\/\/i0.wp.com\/opistobranquis.info\/wp-content\/uploads\/2023\/01\/Doto-cervicenigra-by-Cataldo-Licchelli-b.jpg?w=1200&amp;ssl=1 1200w, https:\/\/i0.wp.com\/opistobranquis.info\/wp-content\/uploads\/2023\/01\/Doto-cervicenigra-by-Cataldo-Licchelli-b.jpg?resize=300%2C200&amp;ssl=1 300w, https:\/\/i0.wp.com\/opistobranquis.info\/wp-content\/uploads\/2023\/01\/Doto-cervicenigra-by-Cataldo-Licchelli-b.jpg?resize=1024%2C683&amp;ssl=1 1024w, https:\/\/i0.wp.com\/opistobranquis.info\/wp-content\/uploads\/2023\/01\/Doto-cervicenigra-by-Cataldo-Licchelli-b.jpg?resize=150%2C100&amp;ssl=1 150w\" width=\"221\" height=\"147\" loading=\"lazy\" data-original-width=\"221\" data-original-height=\"147\" itemprop=\"http:\/\/schema.org\/image\" title=\"Doto cervicenigra by Cataldo Licchelli\" alt=\"Doto cervicenigra by Cataldo Licchelli\" style=\"width: 221px; height: 147px;\" \/> <\/a> <div class=\"tiled-gallery-caption\" itemprop=\"caption description\"> Doto cervicenigra by Cataldo Licchelli <\/div> <\/div> <\/div> <!-- close group --> <\/div> <!-- close row --> <\/div><\/p>\n<p><p><strong>Bibliografia<\/strong><\/p><ul><div id=\"zotpress-adf0842d5a8433dce1a74f0d0c2669b6\" class=\"zp-Zotpress zp-Zotpress-Bib wp-block-group\">\n\n\t\t<span class=\"ZP_API_USER_ID ZP_ATTR\">1246567<\/span>\n\t\t<span class=\"ZP_ITEM_KEY ZP_ATTR\"><\/span>\n\t\t<span class=\"ZP_COLLECTION_ID ZP_ATTR\"><\/span>\n\t\t<span class=\"ZP_TAG_ID ZP_ATTR\">Doto cervicenigra<\/span>\n\t\t<span class=\"ZP_AUTHOR ZP_ATTR\"><\/span>\n\t\t<span class=\"ZP_YEAR ZP_ATTR\"><\/span>\n        <span class=\"ZP_ITEMTYPE ZP_ATTR\"><\/span>\n\t\t<span class=\"ZP_INCLUSIVE ZP_ATTR\">1<\/span>\n\t\t<span class=\"ZP_STYLE ZP_ATTR\">eunomia-revista-en-cultura-de-la-legalidad<\/span>\n\t\t<span class=\"ZP_LIMIT ZP_ATTR\">50<\/span>\n\t\t<span class=\"ZP_SORTBY ZP_ATTR\">creator<\/span>\n\t\t<span class=\"ZP_ORDER ZP_ATTR\">asc<\/span>\n\t\t<span class=\"ZP_TITLE ZP_ATTR\"><\/span>\n\t\t<span class=\"ZP_SHOWIMAGE ZP_ATTR\"><\/span>\n\t\t<span class=\"ZP_SHOWTAGS ZP_ATTR\"><\/span>\n\t\t<span class=\"ZP_DOWNLOADABLE ZP_ATTR\"><\/span>\n\t\t<span class=\"ZP_NOTES ZP_ATTR\"><\/span>\n\t\t<span class=\"ZP_ABSTRACT ZP_ATTR\"><\/span>\n\t\t<span class=\"ZP_CITEABLE ZP_ATTR\"><\/span>\n\t\t<span class=\"ZP_TARGET ZP_ATTR\">1<\/span>\n\t\t<span class=\"ZP_URLWRAP ZP_ATTR\"><\/span>\n\t\t<span class=\"ZP_FORCENUM ZP_ATTR\"><\/span>\n        <span class=\"ZP_HIGHLIGHT ZP_ATTR\"><\/span>\n        <span class=\"ZP_POSTID ZP_ATTR\">19946<\/span>\n\t\t<span class=\"ZOTPRESS_PLUGIN_URL ZP_ATTR\">https:\/\/opistobranquis.info\/wp-content\/plugins\/zotpress\/<\/span>\n\n\t\t<div class=\"zp-List loading\">\n\t\t\t<div class=\"zp-SEO-Content\">\n\n\t\t\t<\/div><!-- .zp-zp-SEO-Content -->\n\t\t<\/div><!-- .zp-List -->\n\t<\/div><!--.zp-Zotpress-->\n\n<p><\/p>Bibliografia basada en els treballs de <b>Steve Long, 2006<\/b>. <a target=_blank href=https:\/\/opistobranquis.info\/wp-content\/uploads\/2016\/06\/Long-S.-2006-Bibliography-of-Opisthobranchia-1554-2000.pdf>Bibliography of Opisthobranchia 1554-2000<\/a> i <b>Gary McDonald, 2009<\/b>. <a href=http:\/\/escholarship.org\/uc\/item\/8115h0wz>Bibliographia Nudibranchia<\/a>, amb actualitzacions posteriors procedents d\u00b4altres fonts.<p><\/p><\/ul><p><\/p><p><strong>M\u00e9s informaci\u00f3<\/strong><\/p><span style=\"font-size:10pt\"><ul><ul class=\"blogroll-links\"><li><a href=\"http:\/\/www.biodiversitylibrary.org\/name\/Doto%20cervicenigra\">Biodiversity Heritage Library<\/a><\/li><li><a href=\"http:\/\/www.biologiamarina.org\/doto-testanera\/\">BiologiaMarina.org<\/a><\/li><li><a href=\"https:\/\/www.flickr.com\/search\/?text=Doto%20cervicenigra\">Flickr pictures<\/a><\/li><li><a href=\"http:\/\/www.opistobranquis.org\/ca\/guia\/128\">GROC<\/a><\/li><li><a href=\"http:\/\/www.irmng.org\/aphia.php?p=taxlist&#038;tName=Doto%20cervicenigra\">Interim Register of Marine and Nonmarine Genera<\/a><\/li><li><a href=\"http:\/\/www.malachia.it\/forum\/topic.asp?TOPIC_ID=1167\">Malachia - WWMCat<\/a><\/li><li><a href=\"http:\/\/www.ncbi.nlm.nih.gov\/Taxonomy\/Browser\/wwwtax.cgi?mode=Undef&#038;name=Doto%20cervicenigra&#038;lvl=0&#038;srchmode=1\">NCBI GenBank<\/a><\/li><li><a href=\"http:\/\/iobis.org\/mapper\/?taxon=Doto%20cervicenigra\">OBIS - Search by Taxon<\/a><\/li><li><a href=\"http:\/\/www.salentosommerso.it\/pp_nudibranchia\/Doto%20cf%20cervicenigra\/pp_Doto%20cervicenigra.php\">Salento Sommerso<\/a><\/li><li><a href=\"http:\/\/www.marinespecies.org\/aphia.php?p=taxdetails&#038;id=139628\">World Register of Marine Species<\/a><\/li><\/ul><\/ul><\/span><p><strong>Citeu aquest article com: <\/strong><\/p><div style=\"display: block; background: #444444; padding: 10px 30px 10px 10px; border-radius: 5px; line-height: 18px;\"><p class=\"citacio\"><b>Ballesteros, M., Madrenas, E. &#38; Pontes, M.<\/b> (2025) <em>\"Doto cervicenigra\"<\/em> a <em>OPK-Opistobranquis<\/em>. Publicat: 16\/09\/2015. Accedit: 04\/09\/2026. Disponible a (<a href=https:\/\/opistobranquis.info\/ca\/?p=19946>https:\/\/opistobranquis.info\/ca\/?p=19946<\/a>)<\/p><p><\/p><\/div><p><\/p><\/p>","protected":false},"excerpt":{"rendered":"<p>Doto cervicenigra Ortea &amp; Bouchet, 1989 Descripci\u00f3 Animal de mida petita ja que mesura uns 5 mm. Cos semitransparent, de color blanquin\u00f3s, amb una notable taca negra a la part dorsal del cap que continua cap enrere entre els rin\u00f2fors, i algunes taques del mateix color a la part posterior i als costats del cos. Els rin\u00f2fors tenen m\u00e9s de dues vegades l&#8217;altura de la beina, amb taques de color\u2026<\/p>\n<p class=\"continue-reading-button\"> <a class=\"continue-reading-link\" href=\"https:\/\/opistobranquis.info\/ca\/guia\/nudibranchia\/cladobranchia\/dendronotoidea\/doto-cervicenigra\/\">Continua llegint<i class=\"crycon-right-dir\"><\/i><\/a><\/p>\n","protected":false},"author":291,"featured_media":21806,"parent":452,"menu_order":6896,"comment_status":"closed","ping_status":"closed","template":"","meta":{"footnotes":""},"class_list":["post-19946","page","type-page","status-publish","has-post-thumbnail","hentry"],"jetpack_sharing_enabled":true,"_links":{"self":[{"href":"https:\/\/opistobranquis.info\/ca\/wp-json\/wp\/v2\/pages\/19946","targetHints":{"allow":["GET"]}}],"collection":[{"href":"https:\/\/opistobranquis.info\/ca\/wp-json\/wp\/v2\/pages"}],"about":[{"href":"https:\/\/opistobranquis.info\/ca\/wp-json\/wp\/v2\/types\/page"}],"author":[{"embeddable":true,"href":"https:\/\/opistobranquis.info\/ca\/wp-json\/wp\/v2\/users\/291"}],"replies":[{"embeddable":true,"href":"https:\/\/opistobranquis.info\/ca\/wp-json\/wp\/v2\/comments?post=19946"}],"version-history":[{"count":5,"href":"https:\/\/opistobranquis.info\/ca\/wp-json\/wp\/v2\/pages\/19946\/revisions"}],"predecessor-version":[{"id":35906,"href":"https:\/\/opistobranquis.info\/ca\/wp-json\/wp\/v2\/pages\/19946\/revisions\/35906"}],"up":[{"embeddable":true,"href":"https:\/\/opistobranquis.info\/ca\/wp-json\/wp\/v2\/pages\/452"}],"wp:featuredmedia":[{"embeddable":true,"href":"https:\/\/opistobranquis.info\/ca\/wp-json\/wp\/v2\/media\/21806"}],"wp:attachment":[{"href":"https:\/\/opistobranquis.info\/ca\/wp-json\/wp\/v2\/media?parent=19946"}],"curies":[{"name":"wp","href":"https:\/\/api.w.org\/{rel}","templated":true}]}}