{"id":20958,"date":"2015-12-23T19:51:44","date_gmt":"2015-12-23T18:51:44","guid":{"rendered":"https:\/\/opistobranquis.info\/?page_id=20958"},"modified":"2020-05-10T16:39:25","modified_gmt":"2020-05-10T14:39:25","slug":"hermaea-cantabra","status":"publish","type":"page","link":"https:\/\/opistobranquis.info\/ca\/guia\/sacoglossa\/plakobranchoidea\/hermaea-cantabra\/","title":{"rendered":"Hermaea cantabra"},"content":{"rendered":"<p><\/p>\n<h3><em>Hermaea cantabra<\/em>\u00a0\u00a0Caballer &amp; Ortea, 2015<\/h3>\n<p><span style=\"font-size:10pt;\" class=\"aligncenter\"><div id=\"featured-img-id\"><img data-recalc-dims=\"1\" decoding=\"async\" src=\"https:\/\/i0.wp.com\/opistobranquis.info\/wp-content\/uploads\/2015\/12\/Hermaea-cantabra-22-01-2004-by-Manuel-Caballer.jpg?w=900&#038;ssl=1\" alt=\"Hermaea cantabra @ Isla de la Torre, Santander, Cantabria, Spain 22-01-2004 by Manuel Caballer\" \/><\/div><center><em>Hermaea cantabra @ Isla de la Torre, Santander, Cantabria, Spain 22-01-2004<\/em> per Manuel Caballer<\/center><\/span><p><\/p><div class=\"opk-worms\"><h3>Informaci\u00f3 taxon\u00f2mica WoRMS<\/h3><div class=\"opk-success\">Nom acceptat actual: <strong><em>Hermaea cantabra<\/em> Caballer &amp; Ortea, 2015<\/strong><\/div><h4>Classificaci\u00f3 actual<\/h4><table class=\"widefat striped\"><tr><th>Superdomain<\/th><td><a target=\"_blank\" href=\"https:\/\/www.marinespecies.org\/aphia.php?p=taxdetails&id=1\">Biota<\/a><\/td><\/tr><tr><th>Kingdom<\/th><td><a target=\"_blank\" href=\"https:\/\/www.marinespecies.org\/aphia.php?p=taxdetails&id=2\">Animalia<\/a><\/td><\/tr><tr><th>Phylum<\/th><td><a target=\"_blank\" href=\"https:\/\/www.marinespecies.org\/aphia.php?p=taxdetails&id=51\">Mollusca<\/a><\/td><\/tr><tr><th>Class<\/th><td><a target=\"_blank\" href=\"https:\/\/www.marinespecies.org\/aphia.php?p=taxdetails&id=101\">Gastropoda<\/a><\/td><\/tr><tr><th>Subclass<\/th><td><a target=\"_blank\" href=\"https:\/\/www.marinespecies.org\/aphia.php?p=taxdetails&id=14712\">Heterobranchia<\/a><\/td><\/tr><tr><th>Infraclass<\/th><td><a target=\"_blank\" href=\"https:\/\/www.marinespecies.org\/aphia.php?p=taxdetails&id=1057247\">Euthyneura<\/a><\/td><\/tr><tr><th>Subterclass<\/th><td><a target=\"_blank\" href=\"https:\/\/www.marinespecies.org\/aphia.php?p=taxdetails&id=1057250\">Tectipleura<\/a><\/td><\/tr><tr><th>Superorder<\/th><td><a target=\"_blank\" href=\"https:\/\/www.marinespecies.org\/aphia.php?p=taxdetails&id=167\">Sacoglossa<\/a><\/td><\/tr><tr><th>Superfamily<\/th><td><a target=\"_blank\" href=\"https:\/\/www.marinespecies.org\/aphia.php?p=taxdetails&id=411959\">Plakobranchoidea<\/a><\/td><\/tr><tr><th>Family<\/th><td><a target=\"_blank\" href=\"https:\/\/www.marinespecies.org\/aphia.php?p=taxdetails&id=23055\">Hermaeidae<\/a><\/td><\/tr><tr><th>Genus<\/th><td><a target=\"_blank\" href=\"https:\/\/www.marinespecies.org\/aphia.php?p=taxdetails&id=138063\"><em>Hermaea<\/em><\/a><\/td><\/tr><tr><th>Species<\/th><td><a target=\"_blank\" href=\"https:\/\/www.marinespecies.org\/aphia.php?p=taxdetails&id=865550\"><em>Hermaea cantabra<\/em> Caballer &amp; Ortea, 2015<\/a><\/td><\/tr><\/table><p class=\"footer\">Classificaci\u00f3 proporcionada pel World Register of Marine Species (WoRMS). [<a target=\"_blank\" href=\"https:\/\/www.marinespecies.org\/aphia.php?p=taxdetails&id=865550\">865550<\/a>]<\/p><\/div><strong>Nota taxon\u00f2mica:<\/strong> Abans de la descripci\u00f3 d&#8217;<em>H. cantabra<\/em>, qualsevol Hermaeidae transparent amb pigmentaci\u00f3 rogenca a l&#8217;aparell digestiu i rin\u00f2fors auricul\u00b7lats, capturat en aig\u00fces europees, era autom\u00e0ticament determinat com <em>Hermaea bifida<\/em> (Montagu, 1815). Tot i aix\u00f2, un estudi m\u00e9s detallat sobre exemplars capturats al nord d&#8217;Espanya (Caballer, 2007) va demostrar que aquests animals tenien car\u00e0cters que de cap manera podien ser atribu\u00efts a <em>H. bifida<\/em>, com ara presentar un patr\u00f3 t\u00edpic i complex de bandes vermelles a l&#8217;epidermis, ramificacions digestives als cerates no bifurcades en el seu extrem distal i dents radulars en forma d&#8217;estilet, sense expansions laterals.<\/p>\n<p><strong>Descripci\u00f3<br \/>\n<\/strong>Els diferents exemplars trobats mesuren entre 4 i 5 mm de longitud i la mida m\u00e0xima coneguda fins al moment \u00e9s de 9 mm. El cos \u00e9s estret i allargat. El cos \u00e9s de color blanc hial\u00ed, transl\u00facid, destacant a trav\u00e9s del tegument la gl\u00e0ndula digestiva de color marr\u00f3-vermell\u00f3s o marr\u00f3-clar. Els rin\u00f2fors, que s\u00f3n auricul\u00b7lats, tenen l&#8217;extrem del l\u00f2bul superior m\u00e9s o menys arrodonit i m\u00e9s gran que l&#8217;inferior, s\u00f3n del mateix color que el cos i tenen gr\u00e0nuls blanquinosos a la zona distal i a la base. Hi ha una fina l\u00ednia de color marr\u00f3 vermell\u00f3s\u00a0a la zona posterior dels rin\u00f2fors que comen\u00e7a en el seu ter\u00e7 distal, recorre la seva base i es dirigeix \u200b\u200bcap a enrere, passant entre els ulls, on despr\u00e9s desapareix. Els ulls es troben una mica darrere de la base dels rin\u00f2fors. Al dors, l&#8217;\u00e0rea card\u00edaca t\u00e9 una zona triangular blanca formada per l&#8217;acumulaci\u00f3 de gr\u00e0nuls del mateix color i les vores del tenen taques superficials de color marr\u00f3 vermell\u00f3s que tamb\u00e9 existeixen en tot el dors, de manera dispersa, fins a la cua. Lateralment s&#8217;observa una banda prima de color marr\u00f3 vermell\u00f3s\u00a0que va des del morro fins a la meitat del cos, amb una branca que recorre el rin\u00f2for; aquesta banda de vegades s&#8217;uneix a la zona del cap amb una fina l\u00ednia del mateix color que recorre tota la vora del peu. Tot el dors i els laterals del cos, a m\u00e9s de la cua, estan coberts de taques vermelles o marrons de diferents formes i mides. La gl\u00e0ndula digestiva al dors forma dos cordons longitudinals paral\u00b7lels de color marr\u00f3 vermell\u00f3s i de recorregut irregular, que excepcionalment s&#8217;uneixen a la cua per\u00f2 mai en l&#8217;extrem anterior. D&#8217;aquests cordons longitudinals surten les ramificacions que entren en cadascun dels cerata; dins d&#8217;aquests, la branca digestiva t\u00e9 un eix central del qual surten prolongacions simples en angle recte o oblic. Hi ha 8-9 cerata a cada costat del cos, transl\u00facids i de mides molt desiguals, solen tenir gr\u00e0nuls blanquinosos dispersos. Els cerata m\u00e9s desenvolupats s\u00f3n m\u00e9s amples en el seu ter\u00e7 distal i estrets a la base, tamb\u00e9 n&#8217;hi ha de forma ovoide; existeixen tubercles poc definits en la superf\u00edcie dels cerata. L&#8217;anus est\u00e0 en posici\u00f3 dorsal i situat just davant l&#8217;\u00e0rea card\u00edaca. L&#8217;orifici genital \u00e9s lateral i es troba entre la base del rin\u00f2for i el primer cerata dret. El peu est\u00e0 lleugerament bilobul\u00b7lat.<\/p>\n<p><strong>Biologia<br \/>\n<\/strong>Fins al moment, aquesta esp\u00e8cie ha estat nom\u00e9s capturada des de l&#8217;intermareal fins els 15 m de profunditat, vivint sobre algues vermelles filamentoses epibionts de l&#8217;alga <em>Codium tomentosum<\/em> o sobre algues del g\u00e8nere <em>Ceramium<\/em> (Caballer &amp; Ortea, 2015). Aquesta esp\u00e8cie \u00e9s generalment capturada juntament amb el seu cong\u00e8nere <em>Hermaea paucicirra<\/em>. La posta d&#8217;aquesta esp\u00e8cie ha estat descrita i figurada per Ortea (1977a, com <em>H. bifida<\/em>) com una espiral blanca de 2,5 mm de di\u00e0metre i d&#8217;una volta i mitja, contenint uns 500 ous.\u00a0Es pot confondre f\u00e0cilment amb <em>Hermaea bifida<\/em>, per\u00f2 es distingeixen per les ratlles longitudinals al cap i al llarg dels rin\u00f2fors, presents a <em>Hermaea cantabra<\/em> i absents a <em>Hermaea bifida<\/em>.<\/p>\n<p><strong>Etimologia<\/strong><\/p>\n<ul>\n<li><em>Hermaea. <\/em>Derivat d&#8217;Hermes, personatge de la mitologia grega.<\/li>\n<li><em>Cantabra.<\/em>\u00a0En honor de Cantabria, la regi\u00f3 on s&#8217;ubica la localitat tipus d&#8217;aquesta esp\u00e8cie, i els seus habitants.<\/li>\n<\/ul>\n<p><strong>Distribuci\u00f3<br \/>\n<\/strong>De moment, la distribuci\u00f3 d&#8217;aquesta esp\u00e8cie abasta des de les costes d&#8217;Ast\u00faries i Cant\u00e0bria (Ortea, 1977 a &amp; b; Caballer, 2007; Caballer &amp; Ortea, 2015), fins a la badia d&#8217;Arcachon, al sud de Fran\u00e7a (Salvat, 1968; Ortea, 1977 a &amp; b; Caballer, 2007; Caballer &amp; Ortea, 2015). \u00c9s possible que els exemplars citats per Salvat (1968) com <em>H. bifida<\/em> vivint sobre <em>Codium fragile<\/em> es tractin en realitat d&#8217;individus d&#8217;<em>H. cantabra<\/em>. Els informes d&#8217;<em>Hermaea bifida<\/em> existents haurien de ser revisats per veure si s&#8217;ajusten a una esp\u00e8cie o l&#8217;altra. Alguns casos que acompanyen aquest text referits a la Costa Brava havien estat identificats inicialment com a <em>H.bifida<\/em>.<br \/>\n<div id=\"flxmap-6a9c7aa35da6d\" class='flxmap-container' data-flxmap='flxmap_6a9c7aa35da6d' style=\"width:100%;height:400px;\"><\/div>\n<script data-noptimize=\"1\">\n\/* <![CDATA[ *\/\n(function(w, fn) {\n if (w.addEventListener) w.addEventListener(\"DOMContentLoaded\", fn, false);\n else if (w.attachEvent) w.attachEvent(\"onload\", fn);\n})(window, function() {\n var f = new FlexibleMap();\n f.panControl = true;\n f.mapTypeId = \"satellite\";\n f.setlocale(\"ca-ES\");\n f.kmlcache = \"5 minutes\";\n f.showKML(\"flxmap-6a9c7aa35da6d\", \"https:\/\/opistobranquis.info\/wp-content\/uploads\/kms\/20958.kmz\");\n window.flxmap_6a9c7aa35da6d = f;\n});\n\/* ]]> *\/\n<\/script>\n<div style=\"width:100%;text-align:center;margin:12px 0 4px 0;\">\n  <div style=\"font-size:8pt;margin-bottom:6px;\">Cites georeferenciades conegudes de l'esp\u00e8cie: <em>Hermaea cantabra<\/em><\/div>\n  <table style=\"margin:0 auto;border-collapse:collapse;font-size:8pt;\">\n    <tr><td colspan=\"2\" style=\"text-align:left;padding-bottom:4px;\"><strong>Fonts:<\/strong><\/td><\/tr>\n    <tr>\n      <td style=\"vertical-align:top;padding-right:40px;\">\n        <table style=\"border-collapse:collapse;\">\n<tr><td style='padding:1px 6px 1px 0;vertical-align:middle'><img data-recalc-dims=\"1\" src=\"https:\/\/i0.wp.com\/opistobranquis.info\/wp-content\/uploads\/kms\/wht-circle-lv.png?w=900&#038;ssl=1\" style='display:block'><\/td><td style='padding:1px 0;vertical-align:middle;white-space:nowrap'>OBIS<\/td><\/tr><tr><td style='padding:1px 6px 1px 0;vertical-align:middle'><img data-recalc-dims=\"1\" src=\"https:\/\/i0.wp.com\/opistobranquis.info\/wp-content\/uploads\/kms\/ylw-circle-lv.png?w=900&#038;ssl=1\" style='display:block'><\/td><td style='padding:1px 0;vertical-align:middle;white-space:nowrap'>GROC 2010-2011<\/td><\/tr><tr><td style='padding:1px 6px 1px 0;vertical-align:middle'><img data-recalc-dims=\"1\" src=\"https:\/\/i0.wp.com\/opistobranquis.info\/wp-content\/uploads\/kms\/grn-circle-lv.png?w=900&#038;ssl=1\" style='display:block'><\/td><td style='padding:1px 0;vertical-align:middle;white-space:nowrap'>Enric Madrenas<\/td><\/tr><tr><td style='padding:1px 6px 1px 0;vertical-align:middle'><img data-recalc-dims=\"1\" src=\"https:\/\/i0.wp.com\/opistobranquis.info\/wp-content\/uploads\/kms\/orange-circle-lv.png?w=900&#038;ssl=1\" style='display:block'><\/td><td style='padding:1px 0;vertical-align:middle;white-space:nowrap'>Jo\u00e3o Pedro Silva<\/td><\/tr><tr><td style='padding:1px 6px 1px 0;vertical-align:middle'><img data-recalc-dims=\"1\" src=\"https:\/\/i0.wp.com\/opistobranquis.info\/wp-content\/uploads\/kms\/pink-circle-lv.png?w=900&#038;ssl=1\" style='display:block'><\/td><td style='padding:1px 0;vertical-align:middle;white-space:nowrap'>Bernard Picton<\/td><\/tr><tr><td style='padding:1px 6px 1px 0;vertical-align:middle'><img data-recalc-dims=\"1\" src=\"https:\/\/i0.wp.com\/opistobranquis.info\/wp-content\/uploads\/kms\/blk-circle-lv.png?w=900&#038;ssl=1\" style='display:block'><\/td><td style='padding:1px 0;vertical-align:middle;white-space:nowrap'>GBIF<\/td><\/tr>        <\/table>\n      <\/td>\n      <td style=\"vertical-align:top;\">\n        <table style=\"border-collapse:collapse;\">\n<tr><td style='padding:1px 6px 1px 0;vertical-align:middle'><img data-recalc-dims=\"1\" src=\"https:\/\/i0.wp.com\/opistobranquis.info\/wp-content\/uploads\/kms\/purple-circle-lv.png?w=900&#038;ssl=1\" style='display:block'><\/td><td style='padding:1px 0;vertical-align:middle;white-space:nowrap'>OPK<\/td><\/tr><tr><td style='padding:1px 6px 1px 0;vertical-align:middle'><img data-recalc-dims=\"1\" src=\"https:\/\/i0.wp.com\/opistobranquis.info\/wp-content\/uploads\/kms\/red-circle-lv.png?w=900&#038;ssl=1\" style='display:block'><\/td><td style='padding:1px 0;vertical-align:middle;white-space:nowrap'>VIMAR<\/td><\/tr><tr><td style='padding:1px 6px 1px 0;vertical-align:middle'><img data-recalc-dims=\"1\" src=\"https:\/\/i0.wp.com\/opistobranquis.info\/wp-content\/uploads\/kms\/blu-circle-lv.png?w=900&#038;ssl=1\" style='display:block'><\/td><td style='padding:1px 0;vertical-align:middle;white-space:nowrap'>Manuel Ballesteros<\/td><\/tr><tr><td style='padding:1px 6px 1px 0;vertical-align:middle'><img data-recalc-dims=\"1\" src=\"https:\/\/i0.wp.com\/opistobranquis.info\/wp-content\/uploads\/kms\/cyan-circle-lv.png?w=900&#038;ssl=1\" style='display:block'><\/td><td style='padding:1px 0;vertical-align:middle;white-space:nowrap'>M@re Nostrum<\/td><\/tr><tr><td style='padding:1px 6px 1px 0;vertical-align:middle'><img data-recalc-dims=\"1\" src=\"https:\/\/i0.wp.com\/opistobranquis.info\/wp-content\/uploads\/kms\/grey-circle-lv.png?w=900&#038;ssl=1\" style='display:block'><\/td><td style='padding:1px 0;vertical-align:middle;white-space:nowrap'>Altres fonts<\/td><\/tr><tr><td style='padding:1px 6px 1px 0;vertical-align:middle'><img data-recalc-dims=\"1\" src=\"https:\/\/i0.wp.com\/opistobranquis.info\/wp-content\/uploads\/kms\/marreg.png?w=900&#038;ssl=1\" style='display:block'><\/td><td style='padding:1px 0;vertical-align:middle;white-space:nowrap'>Marine Regions<\/td><\/tr>        <\/table>\n      <\/td>\n    <\/tr>\n  <\/table>\n<\/div>\n<\/p>\n<p><strong>Error:<\/strong> Chart.js no est\u00e1 disponible.<\/p>\n<p><strong>Altres fotos<\/strong><br \/>\n<div class=\"tiled-gallery type-rectangular tiled-gallery-unresized\" data-original-width=\"900\" data-carousel-extra='{&quot;blog_id&quot;:1,&quot;permalink&quot;:&quot;https:\\\/\\\/opistobranquis.info\\\/ca\\\/guia\\\/sacoglossa\\\/plakobranchoidea\\\/hermaea-cantabra\\\/&quot;,&quot;likes_blog_id&quot;:44192421}' itemscope itemtype=\"http:\/\/schema.org\/ImageGallery\" > <div class=\"gallery-row\" style=\"width: 900px; height: 415px;\" data-original-width=\"900\" data-original-height=\"415\" > <div class=\"gallery-group images-1\" style=\"width: 608px; height: 415px;\" data-original-width=\"608\" data-original-height=\"415\" > <div class=\"tiled-gallery-item tiled-gallery-item-large\" itemprop=\"associatedMedia\" itemscope itemtype=\"http:\/\/schema.org\/ImageObject\"> <a href=\"https:\/\/opistobranquis.info\/ca\/guia\/sacoglossa\/plakobranchoidea\/hermaea-cantabra\/hermaea-bifida-00\/\" border=\"0\" itemprop=\"url\"> <meta itemprop=\"width\" content=\"604\"> <meta itemprop=\"height\" content=\"411\"> <img decoding=\"async\" class=\"\" data-attachment-id=\"4595\" data-orig-file=\"https:\/\/opistobranquis.info\/wp-content\/uploads\/2012\/12\/hermaea-bifida-00.jpg\" data-orig-size=\"650,442\" data-comments-opened=\"\" data-image-title=\"Hermaea cantabra @ Costa Brava by Enric Madrenas\" data-image-description=\"&lt;p&gt;Hermaea cantabra @ Costa Brava by Enric Madrenas&lt;\/p&gt; \" data-medium-file=\"https:\/\/i0.wp.com\/opistobranquis.info\/wp-content\/uploads\/2012\/12\/hermaea-bifida-00.jpg?fit=300%2C204&#038;ssl=1\" data-large-file=\"https:\/\/i0.wp.com\/opistobranquis.info\/wp-content\/uploads\/2012\/12\/hermaea-bifida-00.jpg?fit=650%2C442&#038;ssl=1\" src=\"https:\/\/i0.wp.com\/opistobranquis.info\/wp-content\/uploads\/2012\/12\/hermaea-bifida-00.jpg?w=604&#038;h=411&#038;ssl=1\" srcset=\"https:\/\/i0.wp.com\/opistobranquis.info\/wp-content\/uploads\/2012\/12\/hermaea-bifida-00.jpg?w=650&amp;ssl=1 650w, https:\/\/i0.wp.com\/opistobranquis.info\/wp-content\/uploads\/2012\/12\/hermaea-bifida-00.jpg?resize=300%2C204&amp;ssl=1 300w\" width=\"604\" height=\"411\" loading=\"lazy\" data-original-width=\"604\" data-original-height=\"411\" itemprop=\"http:\/\/schema.org\/image\" title=\"Hermaea cantabra @ Costa Brava by Enric Madrenas\" alt=\"Hermaea cantabra @ Costa Brava by Enric Madrenas\" style=\"width: 604px; height: 411px;\" \/> <\/a> <div class=\"tiled-gallery-caption\" itemprop=\"caption description\"> Hermaea cantabra @ Costa Brava by Enric Madrenas <\/div> <\/div> <\/div> <!-- close group --> <div class=\"gallery-group images-2\" style=\"width: 292px; height: 415px;\" data-original-width=\"292\" data-original-height=\"415\" > <div class=\"tiled-gallery-item tiled-gallery-item-large\" itemprop=\"associatedMedia\" itemscope itemtype=\"http:\/\/schema.org\/ImageObject\"> <a href=\"https:\/\/opistobranquis.info\/ca\/guia\/sacoglossa\/plakobranchoidea\/hermaea-cantabra\/mpg_5372-hermaea-bifida-es-caials-20100220-by-miquel-pontes\/\" border=\"0\" itemprop=\"url\"> <meta itemprop=\"width\" content=\"288\"> <meta itemprop=\"height\" content=\"192\"> <img decoding=\"async\" class=\"\" data-attachment-id=\"20914\" data-orig-file=\"https:\/\/opistobranquis.info\/wp-content\/uploads\/2012\/05\/MPG_5372-Hermaea-bifida-@-Es-Caials-20100220-by-Miquel-Pontes.jpg\" data-orig-size=\"1024,683\" data-comments-opened=\"\" data-image-title=\"Hermaea cantabra @ Es Caials, Cadaqu\u00e9s 20\/02\/2010 by Miquel Pontes\" data-image-description=\"&lt;p&gt;Hermaea cantabra @ Es Caials, Cadaqu\u00e9s 20\/02\/2010 by Miquel Pontes&lt;\/p&gt; \" data-medium-file=\"https:\/\/i0.wp.com\/opistobranquis.info\/wp-content\/uploads\/2012\/05\/MPG_5372-Hermaea-bifida-%40-Es-Caials-20100220-by-Miquel-Pontes.jpg?fit=300%2C200&#038;ssl=1\" data-large-file=\"https:\/\/i0.wp.com\/opistobranquis.info\/wp-content\/uploads\/2012\/05\/MPG_5372-Hermaea-bifida-%40-Es-Caials-20100220-by-Miquel-Pontes.jpg?fit=900%2C600&#038;ssl=1\" src=\"https:\/\/i0.wp.com\/opistobranquis.info\/wp-content\/uploads\/2012\/05\/MPG_5372-Hermaea-bifida-%40-Es-Caials-20100220-by-Miquel-Pontes.jpg?w=288&#038;h=192&#038;ssl=1\" width=\"288\" height=\"192\" loading=\"lazy\" data-original-width=\"288\" data-original-height=\"192\" itemprop=\"http:\/\/schema.org\/image\" title=\"Hermaea cantabra @ Es Caials, Cadaqu\u00e9s 20\/02\/2010 by Miquel Pontes\" alt=\"Hermaea cantabra @ Es Caials, Cadaqu\u00e9s 20\/02\/2010 by Miquel Pontes\" style=\"width: 288px; height: 192px;\" \/> <\/a> <div class=\"tiled-gallery-caption\" itemprop=\"caption description\"> Hermaea cantabra @ Es Caials, Cadaqu\u00e9s 20\/02\/2010 <\/div> <\/div> <div class=\"tiled-gallery-item tiled-gallery-item-large\" itemprop=\"associatedMedia\" itemscope itemtype=\"http:\/\/schema.org\/ImageObject\"> <a href=\"https:\/\/opistobranquis.info\/ca\/guia\/sacoglossa\/plakobranchoidea\/hermaea-cantabra\/hermaea-cantabra-by-caballer-and-ortea-2015\/\" border=\"0\" itemprop=\"url\"> <meta itemprop=\"width\" content=\"288\"> <meta itemprop=\"height\" content=\"215\"> <img decoding=\"async\" class=\"\" data-attachment-id=\"23299\" data-orig-file=\"https:\/\/opistobranquis.info\/wp-content\/uploads\/2015\/12\/Hermaea-cantabra-by-Caballer-and-Ortea-2015.jpg\" data-orig-size=\"1914,1433\" data-comments-opened=\"\" data-image-title=\"Hermaea cantabra by Caballer and Ortea, 2015\" data-image-description=\"&lt;p&gt;Hermaea cantabra by Caballer and Ortea, 2015&lt;\/p&gt; \" data-medium-file=\"https:\/\/i0.wp.com\/opistobranquis.info\/wp-content\/uploads\/2015\/12\/Hermaea-cantabra-by-Caballer-and-Ortea-2015.jpg?fit=300%2C225&#038;ssl=1\" data-large-file=\"https:\/\/i0.wp.com\/opistobranquis.info\/wp-content\/uploads\/2015\/12\/Hermaea-cantabra-by-Caballer-and-Ortea-2015.jpg?fit=900%2C674&#038;ssl=1\" src=\"https:\/\/i0.wp.com\/opistobranquis.info\/wp-content\/uploads\/2015\/12\/Hermaea-cantabra-by-Caballer-and-Ortea-2015.jpg?w=288&#038;h=215&#038;ssl=1\" srcset=\"https:\/\/i0.wp.com\/opistobranquis.info\/wp-content\/uploads\/2015\/12\/Hermaea-cantabra-by-Caballer-and-Ortea-2015.jpg?w=1914&amp;ssl=1 1914w, https:\/\/i0.wp.com\/opistobranquis.info\/wp-content\/uploads\/2015\/12\/Hermaea-cantabra-by-Caballer-and-Ortea-2015.jpg?resize=150%2C112&amp;ssl=1 150w, https:\/\/i0.wp.com\/opistobranquis.info\/wp-content\/uploads\/2015\/12\/Hermaea-cantabra-by-Caballer-and-Ortea-2015.jpg?resize=300%2C225&amp;ssl=1 300w, https:\/\/i0.wp.com\/opistobranquis.info\/wp-content\/uploads\/2015\/12\/Hermaea-cantabra-by-Caballer-and-Ortea-2015.jpg?resize=1024%2C767&amp;ssl=1 1024w, https:\/\/i0.wp.com\/opistobranquis.info\/wp-content\/uploads\/2015\/12\/Hermaea-cantabra-by-Caballer-and-Ortea-2015.jpg?w=1800&amp;ssl=1 1800w\" width=\"288\" height=\"215\" loading=\"lazy\" data-original-width=\"288\" data-original-height=\"215\" itemprop=\"http:\/\/schema.org\/image\" title=\"Hermaea cantabra by Caballer and Ortea, 2015\" alt=\"Hermaea cantabra by Caballer and Ortea, 2015\" style=\"width: 288px; height: 215px;\" \/> <\/a> <div class=\"tiled-gallery-caption\" itemprop=\"caption description\"> Hermaea cantabra by Caballer and Ortea, 2015 <\/div> <\/div> <\/div> <!-- close group --> <\/div> <!-- close row --> <div class=\"gallery-row\" style=\"width: 900px; height: 397px;\" data-original-width=\"900\" data-original-height=\"397\" > <div class=\"gallery-group images-2\" style=\"width: 345px; height: 397px;\" data-original-width=\"345\" data-original-height=\"397\" > <div class=\"tiled-gallery-item tiled-gallery-item-large\" itemprop=\"associatedMedia\" itemscope itemtype=\"http:\/\/schema.org\/ImageObject\"> <a href=\"https:\/\/opistobranquis.info\/ca\/guia\/sacoglossa\/plakobranchoidea\/hermaea-cantabra\/hermaea-cantabra-4-04-2004-by-manuel-caballer\/\" border=\"0\" itemprop=\"url\"> <meta itemprop=\"width\" content=\"341\"> <meta itemprop=\"height\" content=\"184\"> <img decoding=\"async\" class=\"\" data-attachment-id=\"23300\" data-orig-file=\"https:\/\/opistobranquis.info\/wp-content\/uploads\/2015\/12\/Hermaea-cantabra-4-04-2004-by-Manuel-Caballer.jpg\" data-orig-size=\"1230,663\" data-comments-opened=\"\" data-image-title=\"Hermaea cantabra 4-04-2004 by Manuel Caballer\" data-image-description=\"&lt;p&gt;Hermaea cantabra 4-04-2004 by Manuel Caballer&lt;\/p&gt; \" data-medium-file=\"https:\/\/i0.wp.com\/opistobranquis.info\/wp-content\/uploads\/2015\/12\/Hermaea-cantabra-4-04-2004-by-Manuel-Caballer.jpg?fit=300%2C162&#038;ssl=1\" data-large-file=\"https:\/\/i0.wp.com\/opistobranquis.info\/wp-content\/uploads\/2015\/12\/Hermaea-cantabra-4-04-2004-by-Manuel-Caballer.jpg?fit=900%2C485&#038;ssl=1\" src=\"https:\/\/i0.wp.com\/opistobranquis.info\/wp-content\/uploads\/2015\/12\/Hermaea-cantabra-4-04-2004-by-Manuel-Caballer.jpg?w=341&#038;h=184&#038;ssl=1\" srcset=\"https:\/\/i0.wp.com\/opistobranquis.info\/wp-content\/uploads\/2015\/12\/Hermaea-cantabra-4-04-2004-by-Manuel-Caballer.jpg?w=1230&amp;ssl=1 1230w, https:\/\/i0.wp.com\/opistobranquis.info\/wp-content\/uploads\/2015\/12\/Hermaea-cantabra-4-04-2004-by-Manuel-Caballer.jpg?resize=150%2C81&amp;ssl=1 150w, https:\/\/i0.wp.com\/opistobranquis.info\/wp-content\/uploads\/2015\/12\/Hermaea-cantabra-4-04-2004-by-Manuel-Caballer.jpg?resize=300%2C162&amp;ssl=1 300w, https:\/\/i0.wp.com\/opistobranquis.info\/wp-content\/uploads\/2015\/12\/Hermaea-cantabra-4-04-2004-by-Manuel-Caballer.jpg?resize=1024%2C552&amp;ssl=1 1024w\" width=\"341\" height=\"184\" loading=\"lazy\" data-original-width=\"341\" data-original-height=\"184\" itemprop=\"http:\/\/schema.org\/image\" title=\"Hermaea cantabra 4-04-2004 by Manuel Caballer\" alt=\"Hermaea cantabra 4-04-2004 by Manuel Caballer\" style=\"width: 341px; height: 184px;\" \/> <\/a> <div class=\"tiled-gallery-caption\" itemprop=\"caption description\"> Hermaea cantabra 4-04-2004 by Manuel Caballer <\/div> <\/div> <div class=\"tiled-gallery-item tiled-gallery-item-large\" itemprop=\"associatedMedia\" itemscope itemtype=\"http:\/\/schema.org\/ImageObject\"> <a href=\"https:\/\/opistobranquis.info\/ca\/guia\/sacoglossa\/plakobranchoidea\/hermaea-cantabra\/hermaea-cantabra-verdicio-by-manuel-caballer\/\" border=\"0\" itemprop=\"url\"> <meta itemprop=\"width\" content=\"341\"> <meta itemprop=\"height\" content=\"205\"> <img decoding=\"async\" class=\"\" data-attachment-id=\"23301\" data-orig-file=\"https:\/\/opistobranquis.info\/wp-content\/uploads\/2015\/12\/Hermaea-cantabra-@-Verdicio-by-Manuel-Caballer.jpg\" data-orig-size=\"1575,944\" data-comments-opened=\"\" data-image-title=\"Hermaea cantabra @ Verdicio by Jes\u00fas Ortea\" data-image-description=\"&lt;p&gt;Hermaea cantabra @ Verdicio by Jes\u00fas Ortea&lt;\/p&gt; \" data-medium-file=\"https:\/\/i0.wp.com\/opistobranquis.info\/wp-content\/uploads\/2015\/12\/Hermaea-cantabra-%40-Verdicio-by-Manuel-Caballer.jpg?fit=300%2C180&#038;ssl=1\" data-large-file=\"https:\/\/i0.wp.com\/opistobranquis.info\/wp-content\/uploads\/2015\/12\/Hermaea-cantabra-%40-Verdicio-by-Manuel-Caballer.jpg?fit=900%2C540&#038;ssl=1\" src=\"https:\/\/i0.wp.com\/opistobranquis.info\/wp-content\/uploads\/2015\/12\/Hermaea-cantabra-%40-Verdicio-by-Manuel-Caballer.jpg?w=341&#038;h=205&#038;ssl=1\" width=\"341\" height=\"205\" loading=\"lazy\" data-original-width=\"341\" data-original-height=\"205\" itemprop=\"http:\/\/schema.org\/image\" title=\"Hermaea cantabra @ Verdicio by Jes\u00fas Ortea\" alt=\"Hermaea cantabra @ Verdicio by Jes\u00fas Ortea\" style=\"width: 341px; height: 205px;\" \/> <\/a> <div class=\"tiled-gallery-caption\" itemprop=\"caption description\"> Hermaea cantabra @ Verdicio by Jes\u00fas Ortea <\/div> <\/div> <\/div> <!-- close group --> <div class=\"gallery-group images-1\" style=\"width: 555px; height: 397px;\" data-original-width=\"555\" data-original-height=\"397\" > <div class=\"tiled-gallery-item tiled-gallery-item-large\" itemprop=\"associatedMedia\" itemscope itemtype=\"http:\/\/schema.org\/ImageObject\"> <a href=\"https:\/\/opistobranquis.info\/ca\/guia\/sacoglossa\/plakobranchoidea\/hermaea-cantabra\/hermaea-cantabra-4-04-2004-dientes-radulares-ultimo-ascendente-y-primero-descendente-y-dientes-en-asca-8-mm\/\" border=\"0\" itemprop=\"url\"> <meta itemprop=\"width\" content=\"551\"> <meta itemprop=\"height\" content=\"393\"> <img decoding=\"async\" class=\"\" data-attachment-id=\"23302\" data-orig-file=\"https:\/\/opistobranquis.info\/wp-content\/uploads\/2015\/12\/Hermaea-cantabra-4-04-2004-dientes-radulares-\u00faltimo-ascendente-y-primero-descendente-y-dientes-en-asca-8-mm.jpg\" data-orig-size=\"1654,1180\" data-comments-opened=\"\" data-image-title=\"Hermaea cantabra 4-04-2004 dientes radulares (\u00faltimo ascendente y primero descendente), y dientes en asca (8 mm) by Caballer &amp;#038; Ortea, 2015\" data-image-description=\"&lt;p&gt;Hermaea cantabra 4-04-2004 dientes radulares (\u00faltimo ascendente y primero descendente), y dientes en asca (8 mm) by Caballer &amp;#038; Ortea, 2015&lt;\/p&gt; \" data-medium-file=\"https:\/\/i0.wp.com\/opistobranquis.info\/wp-content\/uploads\/2015\/12\/Hermaea-cantabra-4-04-2004-dientes-radulares-%C3%BAltimo-ascendente-y-primero-descendente-y-dientes-en-asca-8-mm.jpg?fit=300%2C214&#038;ssl=1\" data-large-file=\"https:\/\/i0.wp.com\/opistobranquis.info\/wp-content\/uploads\/2015\/12\/Hermaea-cantabra-4-04-2004-dientes-radulares-%C3%BAltimo-ascendente-y-primero-descendente-y-dientes-en-asca-8-mm.jpg?fit=900%2C642&#038;ssl=1\" src=\"https:\/\/i0.wp.com\/opistobranquis.info\/wp-content\/uploads\/2015\/12\/Hermaea-cantabra-4-04-2004-dientes-radulares-%C3%BAltimo-ascendente-y-primero-descendente-y-dientes-en-asca-8-mm.jpg?w=551&#038;h=393&#038;ssl=1\" width=\"551\" height=\"393\" loading=\"lazy\" data-original-width=\"551\" data-original-height=\"393\" itemprop=\"http:\/\/schema.org\/image\" title=\"Hermaea cantabra 4-04-2004 dientes radulares (\u00faltimo ascendente y primero descendente), y dientes en asca (8 mm) by Caballer &amp; Ortea, 2015\" alt=\"Hermaea cantabra 4-04-2004 dientes radulares (\u00faltimo ascendente y primero descendente), y dientes en asca (8 mm) by Caballer &amp; Ortea, 2015\" style=\"width: 551px; height: 393px;\" \/> <\/a> <div class=\"tiled-gallery-caption\" itemprop=\"caption description\"> Hermaea cantabra 4-04-2004 dientes radulares (\u00faltimo ascendente y primero descendente), y dientes en asca (8 mm) by Caballer &#038; Ortea, 2015 <\/div> <\/div> <\/div> <!-- close group --> <\/div> <!-- close row --> <div class=\"gallery-row\" style=\"width: 900px; height: 678px;\" data-original-width=\"900\" data-original-height=\"678\" > <div class=\"gallery-group images-3\" style=\"width: 289px; height: 678px;\" data-original-width=\"289\" data-original-height=\"678\" > <div class=\"tiled-gallery-item tiled-gallery-item-large\" itemprop=\"associatedMedia\" itemscope itemtype=\"http:\/\/schema.org\/ImageObject\"> <a href=\"https:\/\/opistobranquis.info\/ca\/guia\/sacoglossa\/plakobranchoidea\/hermaea-cantabra\/hermaea-cantabra-4-04-2004-by-manuel-caballer-2\/\" border=\"0\" itemprop=\"url\"> <meta itemprop=\"width\" content=\"285\"> <meta itemprop=\"height\" content=\"194\"> <img decoding=\"async\" class=\"\" data-attachment-id=\"23303\" data-orig-file=\"https:\/\/opistobranquis.info\/wp-content\/uploads\/2015\/12\/Hermaea-cantabra-4-04-2004-by-Manuel-Caballer-2.jpg\" data-orig-size=\"1575,1072\" data-comments-opened=\"\" data-image-title=\"Hermaea cantabra 4-04-2004 by Manuel Caballer\" data-image-description=\"&lt;p&gt;Hermaea cantabra 4-04-2004 by Manuel Caballer&lt;\/p&gt; \" data-medium-file=\"https:\/\/i0.wp.com\/opistobranquis.info\/wp-content\/uploads\/2015\/12\/Hermaea-cantabra-4-04-2004-by-Manuel-Caballer-2.jpg?fit=300%2C204&#038;ssl=1\" data-large-file=\"https:\/\/i0.wp.com\/opistobranquis.info\/wp-content\/uploads\/2015\/12\/Hermaea-cantabra-4-04-2004-by-Manuel-Caballer-2.jpg?fit=900%2C613&#038;ssl=1\" src=\"https:\/\/i0.wp.com\/opistobranquis.info\/wp-content\/uploads\/2015\/12\/Hermaea-cantabra-4-04-2004-by-Manuel-Caballer-2.jpg?w=285&#038;h=194&#038;ssl=1\" srcset=\"https:\/\/i0.wp.com\/opistobranquis.info\/wp-content\/uploads\/2015\/12\/Hermaea-cantabra-4-04-2004-by-Manuel-Caballer-2.jpg?w=1575&amp;ssl=1 1575w, https:\/\/i0.wp.com\/opistobranquis.info\/wp-content\/uploads\/2015\/12\/Hermaea-cantabra-4-04-2004-by-Manuel-Caballer-2.jpg?resize=150%2C102&amp;ssl=1 150w, https:\/\/i0.wp.com\/opistobranquis.info\/wp-content\/uploads\/2015\/12\/Hermaea-cantabra-4-04-2004-by-Manuel-Caballer-2.jpg?resize=300%2C204&amp;ssl=1 300w, https:\/\/i0.wp.com\/opistobranquis.info\/wp-content\/uploads\/2015\/12\/Hermaea-cantabra-4-04-2004-by-Manuel-Caballer-2.jpg?resize=1024%2C697&amp;ssl=1 1024w\" width=\"285\" height=\"194\" loading=\"lazy\" data-original-width=\"285\" data-original-height=\"194\" itemprop=\"http:\/\/schema.org\/image\" title=\"Hermaea cantabra 4-04-2004 by Manuel Caballer\" alt=\"Hermaea cantabra 4-04-2004 by Manuel Caballer\" style=\"width: 285px; height: 194px;\" \/> <\/a> <div class=\"tiled-gallery-caption\" itemprop=\"caption description\"> Hermaea cantabra 4-04-2004 by Manuel Caballer <\/div> <\/div> <div class=\"tiled-gallery-item tiled-gallery-item-large\" itemprop=\"associatedMedia\" itemscope itemtype=\"http:\/\/schema.org\/ImageObject\"> <a href=\"https:\/\/opistobranquis.info\/ca\/guia\/sacoglossa\/plakobranchoidea\/hermaea-cantabra\/hermaea-cantabra-16-05-2003-by-manuel-caballer\/\" border=\"0\" itemprop=\"url\"> <meta itemprop=\"width\" content=\"285\"> <meta itemprop=\"height\" content=\"218\"> <img decoding=\"async\" class=\"\" data-attachment-id=\"23304\" data-orig-file=\"https:\/\/opistobranquis.info\/wp-content\/uploads\/2015\/12\/Hermaea-cantabra-16-05-2003-by-Manuel-Caballer.jpg\" data-orig-size=\"1575,1202\" data-comments-opened=\"\" data-image-title=\"Hermaea cantabra 16-05-2003 by Manuel Caballer\" data-image-description=\"&lt;p&gt;Hermaea cantabra 16-05-2003 by Manuel Caballer&lt;\/p&gt; \" data-medium-file=\"https:\/\/i0.wp.com\/opistobranquis.info\/wp-content\/uploads\/2015\/12\/Hermaea-cantabra-16-05-2003-by-Manuel-Caballer.jpg?fit=300%2C229&#038;ssl=1\" data-large-file=\"https:\/\/i0.wp.com\/opistobranquis.info\/wp-content\/uploads\/2015\/12\/Hermaea-cantabra-16-05-2003-by-Manuel-Caballer.jpg?fit=900%2C686&#038;ssl=1\" src=\"https:\/\/i0.wp.com\/opistobranquis.info\/wp-content\/uploads\/2015\/12\/Hermaea-cantabra-16-05-2003-by-Manuel-Caballer.jpg?w=285&#038;h=218&#038;ssl=1\" srcset=\"https:\/\/i0.wp.com\/opistobranquis.info\/wp-content\/uploads\/2015\/12\/Hermaea-cantabra-16-05-2003-by-Manuel-Caballer.jpg?w=1575&amp;ssl=1 1575w, https:\/\/i0.wp.com\/opistobranquis.info\/wp-content\/uploads\/2015\/12\/Hermaea-cantabra-16-05-2003-by-Manuel-Caballer.jpg?resize=150%2C114&amp;ssl=1 150w, https:\/\/i0.wp.com\/opistobranquis.info\/wp-content\/uploads\/2015\/12\/Hermaea-cantabra-16-05-2003-by-Manuel-Caballer.jpg?resize=300%2C229&amp;ssl=1 300w, https:\/\/i0.wp.com\/opistobranquis.info\/wp-content\/uploads\/2015\/12\/Hermaea-cantabra-16-05-2003-by-Manuel-Caballer.jpg?resize=1024%2C781&amp;ssl=1 1024w\" width=\"285\" height=\"218\" loading=\"lazy\" data-original-width=\"285\" data-original-height=\"218\" itemprop=\"http:\/\/schema.org\/image\" title=\"Hermaea cantabra 16-05-2003 by Manuel Caballer\" alt=\"Hermaea cantabra 16-05-2003 by Manuel Caballer\" style=\"width: 285px; height: 218px;\" \/> <\/a> <div class=\"tiled-gallery-caption\" itemprop=\"caption description\"> Hermaea cantabra 16-05-2003 by Manuel Caballer <\/div> <\/div> <div class=\"tiled-gallery-item tiled-gallery-item-large\" itemprop=\"associatedMedia\" itemscope itemtype=\"http:\/\/schema.org\/ImageObject\"> <a href=\"https:\/\/opistobranquis.info\/ca\/guia\/sacoglossa\/plakobranchoidea\/hermaea-cantabra\/hermaea-cantabra-penzance-uk-by-david-fenwick\/\" border=\"0\" itemprop=\"url\"> <meta itemprop=\"width\" content=\"285\"> <meta itemprop=\"height\" content=\"254\"> <img decoding=\"async\" class=\"\" data-attachment-id=\"30197\" data-orig-file=\"https:\/\/opistobranquis.info\/wp-content\/uploads\/2020\/05\/Hermaea-cantabra-@-Penzance-UK-by-David-Fenwick.jpg\" data-orig-size=\"1080,963\" data-comments-opened=\"\" data-image-title=\"Hermaea cantabra @ Penzance, UK by David Fenwick\" data-image-description=\"&lt;p&gt;Hermaea cantabra @ Penzance, UK by David Fenwick&lt;\/p&gt; \" data-medium-file=\"https:\/\/i0.wp.com\/opistobranquis.info\/wp-content\/uploads\/2020\/05\/Hermaea-cantabra-%40-Penzance-UK-by-David-Fenwick.jpg?fit=300%2C268&#038;ssl=1\" data-large-file=\"https:\/\/i0.wp.com\/opistobranquis.info\/wp-content\/uploads\/2020\/05\/Hermaea-cantabra-%40-Penzance-UK-by-David-Fenwick.jpg?fit=900%2C802&#038;ssl=1\" src=\"https:\/\/i0.wp.com\/opistobranquis.info\/wp-content\/uploads\/2020\/05\/Hermaea-cantabra-%40-Penzance-UK-by-David-Fenwick.jpg?w=285&#038;h=254&#038;ssl=1\" width=\"285\" height=\"254\" loading=\"lazy\" data-original-width=\"285\" data-original-height=\"254\" itemprop=\"http:\/\/schema.org\/image\" title=\"Hermaea cantabra @ Penzance, UK by David Fenwick\" alt=\"Hermaea cantabra @ Penzance, UK by David Fenwick\" style=\"width: 285px; height: 254px;\" \/> <\/a> <div class=\"tiled-gallery-caption\" itemprop=\"caption description\"> Hermaea cantabra @ Penzance, UK by David Fenwick <\/div> <\/div> <\/div> <!-- close group --> <div class=\"gallery-group images-1\" style=\"width: 611px; height: 678px;\" data-original-width=\"611\" data-original-height=\"678\" > <div class=\"tiled-gallery-item tiled-gallery-item-large\" itemprop=\"associatedMedia\" itemscope itemtype=\"http:\/\/schema.org\/ImageObject\"> <a href=\"https:\/\/opistobranquis.info\/ca\/guia\/sacoglossa\/plakobranchoidea\/hermaea-cantabra\/hermaea-cantabra-granada-por-luis-sanchez-tocino\/\" border=\"0\" itemprop=\"url\"> <meta itemprop=\"width\" content=\"607\"> <meta itemprop=\"height\" content=\"674\"> <img decoding=\"async\" class=\"\" data-attachment-id=\"36869\" data-orig-file=\"https:\/\/opistobranquis.info\/wp-content\/uploads\/2023\/01\/Hermaea-cantabra-@-Granada-por-Luis-Sanchez-Tocino.jpg\" data-orig-size=\"865,960\" data-comments-opened=\"\" data-image-title=\"Hermaea cantabra @ Granada por Luis S\u00e1nchez Tocino\" data-image-description=\"&lt;p&gt;Hermaea cantabra @ Granada por Luis S\u00e1nchez Tocino&lt;\/p&gt; \" data-medium-file=\"https:\/\/i0.wp.com\/opistobranquis.info\/wp-content\/uploads\/2023\/01\/Hermaea-cantabra-%40-Granada-por-Luis-Sanchez-Tocino.jpg?fit=270%2C300&#038;ssl=1\" data-large-file=\"https:\/\/i0.wp.com\/opistobranquis.info\/wp-content\/uploads\/2023\/01\/Hermaea-cantabra-%40-Granada-por-Luis-Sanchez-Tocino.jpg?fit=865%2C960&#038;ssl=1\" src=\"https:\/\/i0.wp.com\/opistobranquis.info\/wp-content\/uploads\/2023\/01\/Hermaea-cantabra-%40-Granada-por-Luis-Sanchez-Tocino.jpg?w=607&#038;h=674&#038;ssl=1\" width=\"607\" height=\"674\" loading=\"lazy\" data-original-width=\"607\" data-original-height=\"674\" itemprop=\"http:\/\/schema.org\/image\" title=\"Hermaea cantabra @ Granada por Luis S\u00e1nchez Tocino\" alt=\"Hermaea cantabra @ Granada por Luis S\u00e1nchez Tocino\" style=\"width: 607px; height: 674px;\" \/> <\/a> <div class=\"tiled-gallery-caption\" itemprop=\"caption description\"> Hermaea cantabra @ Granada por Luis S\u00e1nchez Tocino <\/div> <\/div> <\/div> <!-- close group --> <\/div> <!-- close row --> <\/div><\/p>\n<p><p><strong>Bibliografia<\/strong><\/p><ul><div id=\"zotpress-52e26d857ee1967d749326f793ca8505\" class=\"zp-Zotpress zp-Zotpress-Bib wp-block-group\">\n\n\t\t<span class=\"ZP_API_USER_ID ZP_ATTR\">1246567<\/span>\n\t\t<span class=\"ZP_ITEM_KEY ZP_ATTR\"><\/span>\n\t\t<span class=\"ZP_COLLECTION_ID ZP_ATTR\"><\/span>\n\t\t<span class=\"ZP_TAG_ID ZP_ATTR\">Hermaea cantabra<\/span>\n\t\t<span class=\"ZP_AUTHOR ZP_ATTR\"><\/span>\n\t\t<span class=\"ZP_YEAR ZP_ATTR\"><\/span>\n        <span class=\"ZP_ITEMTYPE ZP_ATTR\"><\/span>\n\t\t<span class=\"ZP_INCLUSIVE ZP_ATTR\">1<\/span>\n\t\t<span class=\"ZP_STYLE ZP_ATTR\">eunomia-revista-en-cultura-de-la-legalidad<\/span>\n\t\t<span class=\"ZP_LIMIT ZP_ATTR\">50<\/span>\n\t\t<span class=\"ZP_SORTBY ZP_ATTR\">creator<\/span>\n\t\t<span class=\"ZP_ORDER ZP_ATTR\">asc<\/span>\n\t\t<span class=\"ZP_TITLE ZP_ATTR\"><\/span>\n\t\t<span class=\"ZP_SHOWIMAGE ZP_ATTR\"><\/span>\n\t\t<span class=\"ZP_SHOWTAGS ZP_ATTR\"><\/span>\n\t\t<span class=\"ZP_DOWNLOADABLE ZP_ATTR\"><\/span>\n\t\t<span class=\"ZP_NOTES ZP_ATTR\"><\/span>\n\t\t<span class=\"ZP_ABSTRACT ZP_ATTR\"><\/span>\n\t\t<span class=\"ZP_CITEABLE ZP_ATTR\"><\/span>\n\t\t<span class=\"ZP_TARGET ZP_ATTR\">1<\/span>\n\t\t<span class=\"ZP_URLWRAP ZP_ATTR\"><\/span>\n\t\t<span class=\"ZP_FORCENUM ZP_ATTR\"><\/span>\n        <span class=\"ZP_HIGHLIGHT ZP_ATTR\"><\/span>\n        <span class=\"ZP_POSTID ZP_ATTR\">20958<\/span>\n\t\t<span class=\"ZOTPRESS_PLUGIN_URL ZP_ATTR\">https:\/\/opistobranquis.info\/wp-content\/plugins\/zotpress\/<\/span>\n\n\t\t<div class=\"zp-List loading\">\n\t\t\t<div class=\"zp-SEO-Content\">\n\n\t\t\t<\/div><!-- .zp-zp-SEO-Content -->\n\t\t<\/div><!-- .zp-List -->\n\t<\/div><!--.zp-Zotpress-->\n\n<p><\/p>Bibliografia basada en els treballs de <b>Steve Long, 2006<\/b>. <a target=_blank href=https:\/\/opistobranquis.info\/wp-content\/uploads\/2016\/06\/Long-S.-2006-Bibliography-of-Opisthobranchia-1554-2000.pdf>Bibliography of Opisthobranchia 1554-2000<\/a> i <b>Gary McDonald, 2009<\/b>. <a href=http:\/\/escholarship.org\/uc\/item\/8115h0wz>Bibliographia Nudibranchia<\/a>, amb actualitzacions posteriors procedents d\u00b4altres fonts.<p><\/p><\/ul><p><\/p><p><strong>M\u00e9s informaci\u00f3<\/strong><\/p><span style=\"font-size:10pt\"><ul><ul class=\"blogroll-links\"><li><a href=\"http:\/\/www.aphotomarine.com\/sea_slug_hermaea_cantabra.html\">Aphotomarine<\/a><\/li><li><a href=\"https:\/\/www.flickr.com\/search\/?text=Hermaea%20cantabra\">Flickr pictures<\/a><\/li><li><a href=\"http:\/\/www.irmng.org\/aphia.php?p=taxlist&#038;tName=Hermaea%20cantabra\">Interim Register of Marine and Nonmarine Genera<\/a><\/li><li><a href=\"http:\/\/www.ncbi.nlm.nih.gov\/Taxonomy\/Browser\/wwwtax.cgi?mode=Undef&#038;name=Hermaea%20cantabra&#038;lvl=0&#038;srchmode=1\">NCBI GenBank<\/a><\/li><li><a href=\"http:\/\/www.marinespecies.org\/aphia.php?p=taxdetails&#038;id=865550\">WoRMS<\/a><\/li><\/ul><\/ul><\/span><p><strong>Citeu aquest article com: <\/strong><\/p><div style=\"display: block; background: #444444; padding: 10px 30px 10px 10px; border-radius: 5px; line-height: 18px;\"><p class=\"citacio\"><b>Caballer, M., Ballesteros, M., Madrenas, E. &#38; Pontes, M.<\/b> (2025) <em>\"Hermaea cantabra\"<\/em> a <em>OPK-Opistobranquis<\/em>. Publicat: 23\/12\/2015. Accedit: 05\/09\/2026. Disponible a (<a href=https:\/\/opistobranquis.info\/ca\/?p=20958>https:\/\/opistobranquis.info\/ca\/?p=20958<\/a>)<\/p><p><\/p><\/div><p><\/p><\/p>","protected":false},"excerpt":{"rendered":"<p>Hermaea cantabra\u00a0\u00a0Caballer &amp; Ortea, 2015 Nota taxon\u00f2mica: Abans de la descripci\u00f3 d&#8217;H. cantabra, qualsevol Hermaeidae transparent amb pigmentaci\u00f3 rogenca a l&#8217;aparell digestiu i rin\u00f2fors auricul\u00b7lats, capturat en aig\u00fces europees, era autom\u00e0ticament determinat com Hermaea bifida (Montagu, 1815). Tot i aix\u00f2, un estudi m\u00e9s detallat sobre exemplars capturats al nord d&#8217;Espanya (Caballer, 2007) va demostrar que aquests animals tenien car\u00e0cters que de cap manera podien ser atribu\u00efts a H. bifida, com\u2026<\/p>\n<p class=\"continue-reading-button\"> <a class=\"continue-reading-link\" href=\"https:\/\/opistobranquis.info\/ca\/guia\/sacoglossa\/plakobranchoidea\/hermaea-cantabra\/\">Continua llegint<i class=\"crycon-right-dir\"><\/i><\/a><\/p>\n","protected":false},"author":471,"featured_media":23305,"parent":26133,"menu_order":3166,"comment_status":"closed","ping_status":"closed","template":"","meta":{"footnotes":""},"class_list":["post-20958","page","type-page","status-publish","has-post-thumbnail","hentry"],"jetpack_sharing_enabled":true,"_links":{"self":[{"href":"https:\/\/opistobranquis.info\/ca\/wp-json\/wp\/v2\/pages\/20958","targetHints":{"allow":["GET"]}}],"collection":[{"href":"https:\/\/opistobranquis.info\/ca\/wp-json\/wp\/v2\/pages"}],"about":[{"href":"https:\/\/opistobranquis.info\/ca\/wp-json\/wp\/v2\/types\/page"}],"author":[{"embeddable":true,"href":"https:\/\/opistobranquis.info\/ca\/wp-json\/wp\/v2\/users\/471"}],"replies":[{"embeddable":true,"href":"https:\/\/opistobranquis.info\/ca\/wp-json\/wp\/v2\/comments?post=20958"}],"version-history":[{"count":3,"href":"https:\/\/opistobranquis.info\/ca\/wp-json\/wp\/v2\/pages\/20958\/revisions"}],"predecessor-version":[{"id":27946,"href":"https:\/\/opistobranquis.info\/ca\/wp-json\/wp\/v2\/pages\/20958\/revisions\/27946"}],"up":[{"embeddable":true,"href":"https:\/\/opistobranquis.info\/ca\/wp-json\/wp\/v2\/pages\/26133"}],"wp:featuredmedia":[{"embeddable":true,"href":"https:\/\/opistobranquis.info\/ca\/wp-json\/wp\/v2\/media\/23305"}],"wp:attachment":[{"href":"https:\/\/opistobranquis.info\/ca\/wp-json\/wp\/v2\/media?parent=20958"}],"curies":[{"name":"wp","href":"https:\/\/api.w.org\/{rel}","templated":true}]}}