{"id":2104,"date":"2012-08-27T21:06:56","date_gmt":"2012-08-27T19:06:56","guid":{"rendered":"https:\/\/opistobranquis.info\/carminodoris-boucheticarminodoris-boucheticarminodoris-boucheti"},"modified":"2025-03-09T10:01:52","modified_gmt":"2025-03-09T09:01:52","slug":"gargamella-boucheti","status":"publish","type":"page","link":"https:\/\/opistobranquis.info\/ca\/guia\/nudibranchia\/doridina\/doridoidei\/doridoidea\/gargamella-boucheti\/","title":{"rendered":"Gargamella boucheti"},"content":{"rendered":"<p><\/p>\n<h3><em>Gargamella boucheti<\/em> (Ortea, 1979)<\/h3>\n<p><span style=\"font-size:10pt;\" class=\"aligncenter\"><div id=\"featured-img-id\"><img data-recalc-dims=\"1\" decoding=\"async\" src=\"https:\/\/i0.wp.com\/opistobranquis.info\/wp-content\/uploads\/2018\/09\/Carminodoris-bouchetti-006.jpg?w=900&#038;ssl=1\" alt=\"Gargamella boucheti @ Costa Brava, by Enric Madrenas\" \/><\/div><center><em>Gargamella boucheti @ Costa Brava<\/em> per Enric Madrenas<\/center><\/span><p><\/p><div class=\"opk-worms\"><h3>Informaci\u00f3 taxon\u00f2mica WoRMS<\/h3><div class=\"opk-success\">Nom acceptat actual: <strong><em>Gargamella boucheti<\/em> (Ortea, 1979)<\/strong><\/div><h4>Classificaci\u00f3 actual<\/h4><table class=\"widefat striped\"><tr><th>Superdomain<\/th><td><a target=\"_blank\" href=\"https:\/\/www.marinespecies.org\/aphia.php?p=taxdetails&id=1\">Biota<\/a><\/td><\/tr><tr><th>Kingdom<\/th><td><a target=\"_blank\" href=\"https:\/\/www.marinespecies.org\/aphia.php?p=taxdetails&id=2\">Animalia<\/a><\/td><\/tr><tr><th>Phylum<\/th><td><a target=\"_blank\" href=\"https:\/\/www.marinespecies.org\/aphia.php?p=taxdetails&id=51\">Mollusca<\/a><\/td><\/tr><tr><th>Class<\/th><td><a target=\"_blank\" href=\"https:\/\/www.marinespecies.org\/aphia.php?p=taxdetails&id=101\">Gastropoda<\/a><\/td><\/tr><tr><th>Subclass<\/th><td><a target=\"_blank\" href=\"https:\/\/www.marinespecies.org\/aphia.php?p=taxdetails&id=14712\">Heterobranchia<\/a><\/td><\/tr><tr><th>Infraclass<\/th><td><a target=\"_blank\" href=\"https:\/\/www.marinespecies.org\/aphia.php?p=taxdetails&id=1057247\">Euthyneura<\/a><\/td><\/tr><tr><th>Subterclass<\/th><td><a target=\"_blank\" href=\"https:\/\/www.marinespecies.org\/aphia.php?p=taxdetails&id=1057249\">Ringipleura<\/a><\/td><\/tr><tr><th>Superorder<\/th><td><a target=\"_blank\" href=\"https:\/\/www.marinespecies.org\/aphia.php?p=taxdetails&id=411966\">Nudipleura<\/a><\/td><\/tr><tr><th>Order<\/th><td><a target=\"_blank\" href=\"https:\/\/www.marinespecies.org\/aphia.php?p=taxdetails&id=1762\">Nudibranchia<\/a><\/td><\/tr><tr><th>Suborder<\/th><td><a target=\"_blank\" href=\"https:\/\/www.marinespecies.org\/aphia.php?p=taxdetails&id=1829294\">Doridida<\/a><\/td><\/tr><tr><th>Infraorder<\/th><td><a target=\"_blank\" href=\"https:\/\/www.marinespecies.org\/aphia.php?p=taxdetails&id=246038\">Doridoidei<\/a><\/td><\/tr><tr><th>Superfamily<\/th><td><a target=\"_blank\" href=\"https:\/\/www.marinespecies.org\/aphia.php?p=taxdetails&id=173\">Doridoidea<\/a><\/td><\/tr><tr><th>Family<\/th><td><a target=\"_blank\" href=\"https:\/\/www.marinespecies.org\/aphia.php?p=taxdetails&id=1761\">Discodorididae<\/a><\/td><\/tr><tr><th>Genus<\/th><td><a target=\"_blank\" href=\"https:\/\/www.marinespecies.org\/aphia.php?p=taxdetails&id=456331\"><em>Gargamella<\/em><\/a><\/td><\/tr><tr><th>Species<\/th><td><a target=\"_blank\" href=\"https:\/\/www.marinespecies.org\/aphia.php?p=taxdetails&id=1791540\"><em>Gargamella boucheti<\/em> (Ortea, 1979)<\/a><\/td><\/tr><\/table><p class=\"footer\">Classificaci\u00f3 proporcionada pel World Register of Marine Species (WoRMS). [<a target=\"_blank\" href=\"https:\/\/www.marinespecies.org\/aphia.php?p=taxdetails&id=1791540\">1791540<\/a>]<\/p><\/div><strong data-start=\"0\" data-end=\"20\" data-is-only-node=\"\">Nota taxon\u00f2mica:<\/strong> Fern\u00e1ndez-Vilert et al. (2024) van dur a terme una s\u00e8rie d&#8217;an\u00e0lisis gen\u00e8tics sobre una \u00e0mplia mostra de llimacs de mar de la fam\u00edlia <em data-start=\"145\" data-end=\"161\">Discodorididae<\/em> i, entre molts altres resultats novedosos i interessants, van onservar que <em data-start=\"238\" data-end=\"255\">Discodoris rosi<\/em> Ortea, 1979, del nord-oest i nord-est d\u2019Espanya, s\u2019agrupava amb <em data-start=\"318\" data-end=\"341\">Carminodoris boucheti<\/em> Ortea, 1979, del nord-est d\u2019Espanya. Estudis morfol\u00f2gics previs ja havien proposat la inclusi\u00f3 de <em data-start=\"440\" data-end=\"457\">Discodoris rosi<\/em> en el g\u00e8nere <em data-start=\"471\" data-end=\"481\">Rostanga<\/em>, a causa de la pres\u00e8ncia de dents radulars laterals allargades i estilitzades, un car\u00e0cter tradicionalment utilitzat per recon\u00e8ixer esp\u00e8cies de <em data-start=\"626\" data-end=\"636\">Rostanga<\/em> (Rudman &amp; Avern 1989, Dayrat &amp; Gosliner 2005, Dayrat 2011). A m\u00e9s, com altres esp\u00e8cies del g\u00e8nere <em data-start=\"735\" data-end=\"745\">Rostanga<\/em>, <em data-start=\"747\" data-end=\"764\">Discodoris rosi<\/em> i <em data-start=\"767\" data-end=\"790\">Carminodoris boucheti<\/em> presenten tubercles cariofilideus, una estructura absent en el g\u00e8nere <em data-start=\"852\" data-end=\"864\">Discodoris<\/em> (Ortea et al. 2014). No obstant aix\u00f2, la cut\u00edcula labial \u00e9s llisa en <em data-start=\"934\" data-end=\"951\">Discodoris rosi<\/em>, mentre que en els g\u00e8neres <em data-start=\"977\" data-end=\"987\">Rostanga<\/em> i <em data-start=\"993\" data-end=\"1005\">Discodoris<\/em> est\u00e0 armada amb elements mandibulars (Ortea et al. 2014), excepte en <em data-start=\"1075\" data-end=\"1094\">Rostanga elandsia<\/em>, que t\u00e9 una mand\u00edbula llisa i sense aquests elements (Garovoy et al. 2001). Per aquest motiu, alguns autors van mantenir <em data-start=\"1216\" data-end=\"1233\">Discodoris rosi<\/em> en el g\u00e8nere <em data-start=\"1237\" data-end=\"1249\">Discodoris<\/em>, a l\u2019espera d\u2019una major clarificaci\u00f3 (S\u00e1nchez-Tocino 2003, Cervera et al. 2004). At\u00e8s que tant <em data-start=\"1345\" data-end=\"1362\">Discodoris rosi<\/em> com <em data-start=\"1367\" data-end=\"1390\">Carminodoris boucheti<\/em> tamb\u00e9 s\u2019agrupen amb l\u2019esp\u00e8cie tipus <em data-start=\"1427\" data-end=\"1450\">Gargamella immaculata<\/em>, i considerant que <em data-start=\"1470\" data-end=\"1493\">Carminodoris boucheti<\/em> i <em data-start=\"1496\" data-end=\"1508\">Gargamella<\/em> presenten una cut\u00edcula labial llisa (Perrone &amp; Doneddu 1996, Ortea et al. 2006), com s\u2019ha esmentat anteriorment per a <em data-start=\"1627\" data-end=\"1644\">Discodoris rosi<\/em> i <em data-start=\"1647\" data-end=\"1666\">Rostanga elandsia<\/em>, Fern\u00e1ndez-Vilert et al. (2024) han transferit aquestes esp\u00e8cies al g\u00e8nere <em data-start=\"1742\" data-end=\"1754\">Gargamella<\/em>, establint les noves combinacions <em data-start=\"1789\" data-end=\"1810\">Gargamella boucheti<\/em>, <em data-start=\"1812\" data-end=\"1833\">Gargamella elandsia<\/em> i <em data-start=\"1836\" data-end=\"1853\">Gargamella rosi<\/em>.<\/p>\n<p><strong>Sin\u00f2nims<\/strong><\/p>\n<ul>\n<li><em>Carminodoris boucheti<\/em> Ortea, 1979<\/li>\n<\/ul>\n<p><strong>Descripci\u00f3<br \/>\n<\/strong>La coloraci\u00f3 de l\u2019animal pot ser groguenca o ataronjada per\u00f2 sempre hi destaca una franja de color marr\u00f3 al mig del dors que va des de la zona branquial fins l\u2019\u00e0rea interrinof\u00f2rica i sobre ella es troba una fina l\u00ednea blanquinosa que envolta pel darrera a la beina de les br\u00e0nquies. El dors sol estar esquitxat per petites puntuacions blanquinoses que es corresponen amb petits tubercles c\u00f2nics prove\u00efts de diminutes esp\u00edcules en el seu interior. El mantell tamb\u00e9 \u00e9s molt espicul\u00f3s. Els rin\u00f2fors son semitransparents en la seva base mentre que la zona laminar \u00e9s de color marr\u00f3 clar; l\u2019orifici rinof\u00f2ric esta rodejat de 15 a 17 petites papil\u00b7les c\u00f2niques i blanquinoses. La br\u00e0nquia esta formada per 6-8 fulles branquials tripinnades de color groguenc i quan estan esteses es mantenen en posici\u00f3 vertical, molt apretades entre si. La beina que envolta a les fulles branquials \u00e9s poc elevada i el seu extrem disposa tamb\u00e9 de petits tubercles pigmentats de blanc, detall que crea el t\u00edpic collaret blanc al voltant de les br\u00e0nquies. El peu \u00e9s de color ataronjat i la boca presenta un parell de palps digitiformes semitransparents.<\/p>\n<p><strong>Biologia<\/strong><br \/>\nEs tracta d\u2019una esp\u00e8cie de doridaci de petita mida (fins a 22 mm de longitud) que pot trobar-se en la Costa Brava en la cara inferior de les pedres, freq\u00fcentment ben camuflat sobre esponges incrustants com <em>Hymeniacidon perlevis<\/em> (esponja coneguda fins fa poc com <em>H. sanguinea<\/em>) de la que sembla podria alimentar-se. La posta esta formada per una cinta de color taronja d\u2019uns 3 mm d\u2019al\u00e7ada enrotllada en 3-5 voltes molt apretades i d\u2019uns 10 mm de di\u00e0metre. Els ous mesuren al voltant de 100 \u03bc i n\u2019hi ha de 8-9 a lo ample de la cinta.<\/p>\n<p><strong>Etimologia<\/strong><\/p>\n<ul>\n<li><span style=\"color: #252525;\"><em>Gargamella<\/em>. El nom assignat per Bergh probablement es refereix a la geganta Gargamelle, mare de Gargant\u00faa a la hist\u00f2ria de F. Rabelais del segle XVI &#8220;La vida de Gargant\u00faa i de Pantagruel&#8221;.<\/span><\/li>\n<li><span style=\"color: #000000;\"><em>Boucheti<\/em>. Dedicada a Philippe\u00a0<\/span><b>Bouchet<\/b><span style=\"color: #000000;\">\u00a0(1953-), malac\u00f2leg franc\u00e8s en el Museu d&#8217;Hist\u00f2ria Natural\u00a0de\u00a0Paris.<\/span><\/li>\n<\/ul>\n<p><strong>Distribuci\u00f3<\/strong><br \/>\nAquesta esp\u00e8cie de recent descripci\u00f3 es circumscriu fins el moment a aig\u00fces asturianes (d\u2019on foren recol\u00b7lectats els primers exemplars), l\u2019\u00e0rea de l\u2019Estret de Gibraltar i algunes localitats de les costes italianes i espanyoles. En aig\u00fces catalanes s\u2019ha trobat en la cala de Sant Francesc (Blanes) i a diversos llocs del cap de Creus, com Portlligat. Es tracta per tant d\u2019una esp\u00e8cie molt poc comuna. <div id=\"flxmap-6a99be8a63736\" class='flxmap-container' data-flxmap='flxmap_6a99be8a63736' style=\"width:100%;height:400px;\"><\/div>\n<script data-noptimize=\"1\">\n\/* <![CDATA[ *\/\n(function(w, fn) {\n if (w.addEventListener) w.addEventListener(\"DOMContentLoaded\", fn, false);\n else if (w.attachEvent) w.attachEvent(\"onload\", fn);\n})(window, function() {\n var f = new FlexibleMap();\n f.panControl = true;\n f.mapTypeId = \"satellite\";\n f.setlocale(\"ca-ES\");\n f.kmlcache = \"5 minutes\";\n f.showKML(\"flxmap-6a99be8a63736\", \"https:\/\/opistobranquis.info\/wp-content\/uploads\/kms\/2104.kmz\");\n window.flxmap_6a99be8a63736 = f;\n});\n\/* ]]> *\/\n<\/script>\n<div style=\"width:100%;text-align:center;margin:12px 0 4px 0;\">\n  <div style=\"font-size:8pt;margin-bottom:6px;\">Cites georeferenciades conegudes de l'esp\u00e8cie: <em>Gargamella boucheti<\/em><\/div>\n  <table style=\"margin:0 auto;border-collapse:collapse;font-size:8pt;\">\n    <tr><td colspan=\"2\" style=\"text-align:left;padding-bottom:4px;\"><strong>Fonts:<\/strong><\/td><\/tr>\n    <tr>\n      <td style=\"vertical-align:top;padding-right:40px;\">\n        <table style=\"border-collapse:collapse;\">\n<tr><td style='padding:1px 6px 1px 0;vertical-align:middle'><img data-recalc-dims=\"1\" src=\"https:\/\/i0.wp.com\/opistobranquis.info\/wp-content\/uploads\/kms\/wht-circle-lv.png?w=900&#038;ssl=1\" style='display:block'><\/td><td style='padding:1px 0;vertical-align:middle;white-space:nowrap'>OBIS<\/td><\/tr><tr><td style='padding:1px 6px 1px 0;vertical-align:middle'><img data-recalc-dims=\"1\" src=\"https:\/\/i0.wp.com\/opistobranquis.info\/wp-content\/uploads\/kms\/ylw-circle-lv.png?w=900&#038;ssl=1\" style='display:block'><\/td><td style='padding:1px 0;vertical-align:middle;white-space:nowrap'>GROC 2010-2011<\/td><\/tr><tr><td style='padding:1px 6px 1px 0;vertical-align:middle'><img data-recalc-dims=\"1\" src=\"https:\/\/i0.wp.com\/opistobranquis.info\/wp-content\/uploads\/kms\/grn-circle-lv.png?w=900&#038;ssl=1\" style='display:block'><\/td><td style='padding:1px 0;vertical-align:middle;white-space:nowrap'>Enric Madrenas<\/td><\/tr><tr><td style='padding:1px 6px 1px 0;vertical-align:middle'><img data-recalc-dims=\"1\" src=\"https:\/\/i0.wp.com\/opistobranquis.info\/wp-content\/uploads\/kms\/orange-circle-lv.png?w=900&#038;ssl=1\" style='display:block'><\/td><td style='padding:1px 0;vertical-align:middle;white-space:nowrap'>Jo\u00e3o Pedro Silva<\/td><\/tr><tr><td style='padding:1px 6px 1px 0;vertical-align:middle'><img data-recalc-dims=\"1\" src=\"https:\/\/i0.wp.com\/opistobranquis.info\/wp-content\/uploads\/kms\/pink-circle-lv.png?w=900&#038;ssl=1\" style='display:block'><\/td><td style='padding:1px 0;vertical-align:middle;white-space:nowrap'>Bernard Picton<\/td><\/tr><tr><td style='padding:1px 6px 1px 0;vertical-align:middle'><img data-recalc-dims=\"1\" src=\"https:\/\/i0.wp.com\/opistobranquis.info\/wp-content\/uploads\/kms\/blk-circle-lv.png?w=900&#038;ssl=1\" style='display:block'><\/td><td style='padding:1px 0;vertical-align:middle;white-space:nowrap'>GBIF<\/td><\/tr>        <\/table>\n      <\/td>\n      <td style=\"vertical-align:top;\">\n        <table style=\"border-collapse:collapse;\">\n<tr><td style='padding:1px 6px 1px 0;vertical-align:middle'><img data-recalc-dims=\"1\" src=\"https:\/\/i0.wp.com\/opistobranquis.info\/wp-content\/uploads\/kms\/purple-circle-lv.png?w=900&#038;ssl=1\" style='display:block'><\/td><td style='padding:1px 0;vertical-align:middle;white-space:nowrap'>OPK<\/td><\/tr><tr><td style='padding:1px 6px 1px 0;vertical-align:middle'><img data-recalc-dims=\"1\" src=\"https:\/\/i0.wp.com\/opistobranquis.info\/wp-content\/uploads\/kms\/red-circle-lv.png?w=900&#038;ssl=1\" style='display:block'><\/td><td style='padding:1px 0;vertical-align:middle;white-space:nowrap'>VIMAR<\/td><\/tr><tr><td style='padding:1px 6px 1px 0;vertical-align:middle'><img data-recalc-dims=\"1\" src=\"https:\/\/i0.wp.com\/opistobranquis.info\/wp-content\/uploads\/kms\/blu-circle-lv.png?w=900&#038;ssl=1\" style='display:block'><\/td><td style='padding:1px 0;vertical-align:middle;white-space:nowrap'>Manuel Ballesteros<\/td><\/tr><tr><td style='padding:1px 6px 1px 0;vertical-align:middle'><img data-recalc-dims=\"1\" src=\"https:\/\/i0.wp.com\/opistobranquis.info\/wp-content\/uploads\/kms\/cyan-circle-lv.png?w=900&#038;ssl=1\" style='display:block'><\/td><td style='padding:1px 0;vertical-align:middle;white-space:nowrap'>M@re Nostrum<\/td><\/tr><tr><td style='padding:1px 6px 1px 0;vertical-align:middle'><img data-recalc-dims=\"1\" src=\"https:\/\/i0.wp.com\/opistobranquis.info\/wp-content\/uploads\/kms\/grey-circle-lv.png?w=900&#038;ssl=1\" style='display:block'><\/td><td style='padding:1px 0;vertical-align:middle;white-space:nowrap'>Altres fonts<\/td><\/tr><tr><td style='padding:1px 6px 1px 0;vertical-align:middle'><img data-recalc-dims=\"1\" src=\"https:\/\/i0.wp.com\/opistobranquis.info\/wp-content\/uploads\/kms\/marreg.png?w=900&#038;ssl=1\" style='display:block'><\/td><td style='padding:1px 0;vertical-align:middle;white-space:nowrap'>Marine Regions<\/td><\/tr>        <\/table>\n      <\/td>\n    <\/tr>\n  <\/table>\n<\/div>\n<\/p>\n<p><strong>Error:<\/strong> Chart.js no est\u00e1 disponible.<\/p>\n<p><strong>Videos<\/strong><\/p>\n<p><iframe loading=\"lazy\" src=\"https:\/\/player.vimeo.com\/video\/784332130?dnt=1&amp;app_id=122963\" width=\"900\" height=\"506\" frameborder=\"0\" allow=\"autoplay; fullscreen; picture-in-picture; clipboard-write; encrypted-media\"><\/iframe><\/p>\n<p><iframe loading=\"lazy\" src=\"https:\/\/player.vimeo.com\/video\/784332117?dnt=1&amp;app_id=122963\" width=\"900\" height=\"506\" frameborder=\"0\" allow=\"autoplay; fullscreen; picture-in-picture; clipboard-write; encrypted-media\"><\/iframe><\/p>\n<p>&nbsp;<\/p>\n<p><strong>Altres fotos<\/strong><br \/>\n<div class=\"tiled-gallery type-rectangular tiled-gallery-unresized\" data-original-width=\"900\" data-carousel-extra='{&quot;blog_id&quot;:1,&quot;permalink&quot;:&quot;https:\\\/\\\/opistobranquis.info\\\/ca\\\/guia\\\/nudibranchia\\\/doridina\\\/doridoidei\\\/doridoidea\\\/gargamella-boucheti\\\/&quot;,&quot;likes_blog_id&quot;:44192421}' itemscope itemtype=\"http:\/\/schema.org\/ImageGallery\" > <div class=\"gallery-row\" style=\"width: 900px; height: 413px;\" data-original-width=\"900\" data-original-height=\"413\" > <div class=\"gallery-group images-1\" style=\"width: 602px; height: 413px;\" data-original-width=\"602\" data-original-height=\"413\" > <div class=\"tiled-gallery-item tiled-gallery-item-large\" itemprop=\"associatedMedia\" itemscope itemtype=\"http:\/\/schema.org\/ImageObject\"> <a href=\"https:\/\/opistobranquis.info\/ca\/guia\/nudibranchia\/doridina\/doridoidei\/doridoidea\/gargamella-boucheti\/carminodoris-boucheti-foto-001\/\" border=\"0\" itemprop=\"url\"> <meta itemprop=\"width\" content=\"598\"> <meta itemprop=\"height\" content=\"409\"> <img decoding=\"async\" class=\"\" data-attachment-id=\"4214\" data-orig-file=\"https:\/\/opistobranquis.info\/wp-content\/uploads\/2012\/12\/carminodoris-boucheti-foto-001.jpg\" data-orig-size=\"808,553\" data-comments-opened=\"\" data-image-title=\"Gargamella boucheti by Manuel Ballesteros\" data-image-description=\"&lt;p&gt;Gargamella boucheti by Manuel Ballesteros&lt;\/p&gt; \" data-medium-file=\"https:\/\/i0.wp.com\/opistobranquis.info\/wp-content\/uploads\/2012\/12\/carminodoris-boucheti-foto-001.jpg?fit=300%2C205&#038;ssl=1\" data-large-file=\"https:\/\/i0.wp.com\/opistobranquis.info\/wp-content\/uploads\/2012\/12\/carminodoris-boucheti-foto-001.jpg?fit=808%2C553&#038;ssl=1\" src=\"https:\/\/i0.wp.com\/opistobranquis.info\/wp-content\/uploads\/2012\/12\/carminodoris-boucheti-foto-001.jpg?w=598&#038;h=409&#038;ssl=1\" srcset=\"https:\/\/i0.wp.com\/opistobranquis.info\/wp-content\/uploads\/2012\/12\/carminodoris-boucheti-foto-001.jpg?w=808&amp;ssl=1 808w, https:\/\/i0.wp.com\/opistobranquis.info\/wp-content\/uploads\/2012\/12\/carminodoris-boucheti-foto-001.jpg?resize=300%2C205&amp;ssl=1 300w\" width=\"598\" height=\"409\" loading=\"lazy\" data-original-width=\"598\" data-original-height=\"409\" itemprop=\"http:\/\/schema.org\/image\" title=\"Gargamella boucheti by Manuel Ballesteros\" alt=\"Gargamella boucheti by Manuel Ballesteros\" style=\"width: 598px; height: 409px;\" \/> <\/a> <div class=\"tiled-gallery-caption\" itemprop=\"caption description\"> Gargamella boucheti <\/div> <\/div> <\/div> <!-- close group --> <div class=\"gallery-group images-2\" style=\"width: 298px; height: 413px;\" data-original-width=\"298\" data-original-height=\"413\" > <div class=\"tiled-gallery-item tiled-gallery-item-large\" itemprop=\"associatedMedia\" itemscope itemtype=\"http:\/\/schema.org\/ImageObject\"> <a href=\"https:\/\/opistobranquis.info\/ca\/guia\/nudibranchia\/doridina\/doridoidei\/doridoidea\/gargamella-boucheti\/carminodoris-boucheti002\/\" border=\"0\" itemprop=\"url\"> <meta itemprop=\"width\" content=\"294\"> <meta itemprop=\"height\" content=\"207\"> <img decoding=\"async\" class=\"\" data-attachment-id=\"6177\" data-orig-file=\"https:\/\/opistobranquis.info\/wp-content\/uploads\/2012\/08\/Carminodoris-boucheti002.jpg\" data-orig-size=\"808,570\" data-comments-opened=\"\" data-image-title=\"Gargamella boucheti by Manuel Ballesteros\" data-image-description=\"&lt;p&gt;Gargamella boucheti by Manuel Ballesteros&lt;\/p&gt; \" data-medium-file=\"https:\/\/i0.wp.com\/opistobranquis.info\/wp-content\/uploads\/2012\/08\/Carminodoris-boucheti002.jpg?fit=300%2C211&#038;ssl=1\" data-large-file=\"https:\/\/i0.wp.com\/opistobranquis.info\/wp-content\/uploads\/2012\/08\/Carminodoris-boucheti002.jpg?fit=808%2C570&#038;ssl=1\" src=\"https:\/\/i0.wp.com\/opistobranquis.info\/wp-content\/uploads\/2012\/08\/Carminodoris-boucheti002.jpg?w=294&#038;h=207&#038;ssl=1\" srcset=\"https:\/\/i0.wp.com\/opistobranquis.info\/wp-content\/uploads\/2012\/08\/Carminodoris-boucheti002.jpg?w=808&amp;ssl=1 808w, https:\/\/i0.wp.com\/opistobranquis.info\/wp-content\/uploads\/2012\/08\/Carminodoris-boucheti002.jpg?resize=300%2C211&amp;ssl=1 300w\" width=\"294\" height=\"207\" loading=\"lazy\" data-original-width=\"294\" data-original-height=\"207\" itemprop=\"http:\/\/schema.org\/image\" title=\"Gargamella boucheti by Manuel Ballesteros\" alt=\"Gargamella boucheti by Manuel Ballesteros\" style=\"width: 294px; height: 207px;\" \/> <\/a> <div class=\"tiled-gallery-caption\" itemprop=\"caption description\"> Gargamella boucheti by Manuel Ballesteros <\/div> <\/div> <div class=\"tiled-gallery-item tiled-gallery-item-large\" itemprop=\"associatedMedia\" itemscope itemtype=\"http:\/\/schema.org\/ImageObject\"> <a href=\"https:\/\/opistobranquis.info\/ca\/guia\/nudibranchia\/doridina\/doridoidei\/doridoidea\/gargamella-boucheti\/carminodoris-boucheti003\/\" border=\"0\" itemprop=\"url\"> <meta itemprop=\"width\" content=\"294\"> <meta itemprop=\"height\" content=\"198\"> <img decoding=\"async\" class=\"\" data-attachment-id=\"6178\" data-orig-file=\"https:\/\/opistobranquis.info\/wp-content\/uploads\/2012\/08\/Carminodoris-boucheti003.jpg\" data-orig-size=\"808,545\" data-comments-opened=\"\" data-image-title=\"Gargamella boucheti by Manuel Ballesteros\" data-image-description=\"&lt;p&gt;Gargamella boucheti by Manuel Ballesteros&lt;\/p&gt; \" data-medium-file=\"https:\/\/i0.wp.com\/opistobranquis.info\/wp-content\/uploads\/2012\/08\/Carminodoris-boucheti003.jpg?fit=300%2C202&#038;ssl=1\" data-large-file=\"https:\/\/i0.wp.com\/opistobranquis.info\/wp-content\/uploads\/2012\/08\/Carminodoris-boucheti003.jpg?fit=808%2C545&#038;ssl=1\" src=\"https:\/\/i0.wp.com\/opistobranquis.info\/wp-content\/uploads\/2012\/08\/Carminodoris-boucheti003.jpg?w=294&#038;h=198&#038;ssl=1\" srcset=\"https:\/\/i0.wp.com\/opistobranquis.info\/wp-content\/uploads\/2012\/08\/Carminodoris-boucheti003.jpg?w=808&amp;ssl=1 808w, https:\/\/i0.wp.com\/opistobranquis.info\/wp-content\/uploads\/2012\/08\/Carminodoris-boucheti003.jpg?resize=300%2C202&amp;ssl=1 300w\" width=\"294\" height=\"198\" loading=\"lazy\" data-original-width=\"294\" data-original-height=\"198\" itemprop=\"http:\/\/schema.org\/image\" title=\"Gargamella boucheti by Manuel Ballesteros\" alt=\"Gargamella boucheti by Manuel Ballesteros\" style=\"width: 294px; height: 198px;\" \/> <\/a> <div class=\"tiled-gallery-caption\" itemprop=\"caption description\"> Gargamella boucheti by Manuel Ballesteros <\/div> <\/div> <\/div> <!-- close group --> <\/div> <!-- close row --> <div class=\"gallery-row\" style=\"width: 900px; height: 404px;\" data-original-width=\"900\" data-original-height=\"404\" > <div class=\"gallery-group images-2\" style=\"width: 300px; height: 404px;\" data-original-width=\"300\" data-original-height=\"404\" > <div class=\"tiled-gallery-item tiled-gallery-item-large\" itemprop=\"associatedMedia\" itemscope itemtype=\"http:\/\/schema.org\/ImageObject\"> <a href=\"https:\/\/opistobranquis.info\/ca\/guia\/nudibranchia\/doridina\/doridoidei\/doridoidea\/gargamella-boucheti\/carminodoris-boucheti-by-enric-madrenas-005\/\" border=\"0\" itemprop=\"url\"> <meta itemprop=\"width\" content=\"296\"> <meta itemprop=\"height\" content=\"198\"> <img decoding=\"async\" class=\"\" data-attachment-id=\"20963\" data-orig-file=\"https:\/\/opistobranquis.info\/wp-content\/uploads\/2012\/08\/Carminodoris-boucheti-by-Enric-Madrenas-005.jpg\" data-orig-size=\"810,543\" data-comments-opened=\"\" data-image-title=\"Gargamella boucheti by Enric Madrenas\" data-image-description=\"&lt;p&gt;Gargamella boucheti by Enric Madrenas&lt;\/p&gt; \" data-medium-file=\"https:\/\/i0.wp.com\/opistobranquis.info\/wp-content\/uploads\/2012\/08\/Carminodoris-boucheti-by-Enric-Madrenas-005.jpg?fit=300%2C201&#038;ssl=1\" data-large-file=\"https:\/\/i0.wp.com\/opistobranquis.info\/wp-content\/uploads\/2012\/08\/Carminodoris-boucheti-by-Enric-Madrenas-005.jpg?fit=810%2C543&#038;ssl=1\" src=\"https:\/\/i0.wp.com\/opistobranquis.info\/wp-content\/uploads\/2012\/08\/Carminodoris-boucheti-by-Enric-Madrenas-005.jpg?w=296&#038;h=198&#038;ssl=1\" srcset=\"https:\/\/i0.wp.com\/opistobranquis.info\/wp-content\/uploads\/2012\/08\/Carminodoris-boucheti-by-Enric-Madrenas-005.jpg?w=810&amp;ssl=1 810w, https:\/\/i0.wp.com\/opistobranquis.info\/wp-content\/uploads\/2012\/08\/Carminodoris-boucheti-by-Enric-Madrenas-005.jpg?resize=150%2C101&amp;ssl=1 150w, https:\/\/i0.wp.com\/opistobranquis.info\/wp-content\/uploads\/2012\/08\/Carminodoris-boucheti-by-Enric-Madrenas-005.jpg?resize=300%2C201&amp;ssl=1 300w, https:\/\/i0.wp.com\/opistobranquis.info\/wp-content\/uploads\/2012\/08\/Carminodoris-boucheti-by-Enric-Madrenas-005.jpg?resize=768%2C515&amp;ssl=1 768w\" width=\"296\" height=\"198\" loading=\"lazy\" data-original-width=\"296\" data-original-height=\"198\" itemprop=\"http:\/\/schema.org\/image\" title=\"Gargamella boucheti by Enric Madrenas\" alt=\"Gargamella boucheti by Enric Madrenas\" style=\"width: 296px; height: 198px;\" \/> <\/a> <div class=\"tiled-gallery-caption\" itemprop=\"caption description\"> Gargamella boucheti by Enric Madrenas <\/div> <\/div> <div class=\"tiled-gallery-item tiled-gallery-item-large\" itemprop=\"associatedMedia\" itemscope itemtype=\"http:\/\/schema.org\/ImageObject\"> <a href=\"https:\/\/opistobranquis.info\/ca\/guia\/nudibranchia\/doridina\/doridoidei\/doridoidea\/gargamella-boucheti\/carminodoris-boucheti-by-enric-madrenas-003\/\" border=\"0\" itemprop=\"url\"> <meta itemprop=\"width\" content=\"296\"> <meta itemprop=\"height\" content=\"198\"> <img decoding=\"async\" class=\"\" data-attachment-id=\"20964\" data-orig-file=\"https:\/\/opistobranquis.info\/wp-content\/uploads\/2012\/08\/Carminodoris-boucheti-by-Enric-Madrenas-003.jpg\" data-orig-size=\"810,543\" data-comments-opened=\"\" data-image-title=\"Gargamella boucheti by Enric Madrenas\" data-image-description=\"&lt;p&gt;Gargamella boucheti by Enric Madrenas&lt;\/p&gt; \" data-medium-file=\"https:\/\/i0.wp.com\/opistobranquis.info\/wp-content\/uploads\/2012\/08\/Carminodoris-boucheti-by-Enric-Madrenas-003.jpg?fit=300%2C201&#038;ssl=1\" data-large-file=\"https:\/\/i0.wp.com\/opistobranquis.info\/wp-content\/uploads\/2012\/08\/Carminodoris-boucheti-by-Enric-Madrenas-003.jpg?fit=810%2C543&#038;ssl=1\" src=\"https:\/\/i0.wp.com\/opistobranquis.info\/wp-content\/uploads\/2012\/08\/Carminodoris-boucheti-by-Enric-Madrenas-003.jpg?w=296&#038;h=198&#038;ssl=1\" srcset=\"https:\/\/i0.wp.com\/opistobranquis.info\/wp-content\/uploads\/2012\/08\/Carminodoris-boucheti-by-Enric-Madrenas-003.jpg?w=810&amp;ssl=1 810w, https:\/\/i0.wp.com\/opistobranquis.info\/wp-content\/uploads\/2012\/08\/Carminodoris-boucheti-by-Enric-Madrenas-003.jpg?resize=150%2C101&amp;ssl=1 150w, https:\/\/i0.wp.com\/opistobranquis.info\/wp-content\/uploads\/2012\/08\/Carminodoris-boucheti-by-Enric-Madrenas-003.jpg?resize=300%2C201&amp;ssl=1 300w, https:\/\/i0.wp.com\/opistobranquis.info\/wp-content\/uploads\/2012\/08\/Carminodoris-boucheti-by-Enric-Madrenas-003.jpg?resize=768%2C515&amp;ssl=1 768w\" width=\"296\" height=\"198\" loading=\"lazy\" data-original-width=\"296\" data-original-height=\"198\" itemprop=\"http:\/\/schema.org\/image\" title=\"Gargamella boucheti by Enric Madrenas\" alt=\"Gargamella boucheti by Enric Madrenas\" style=\"width: 296px; height: 198px;\" \/> <\/a> <div class=\"tiled-gallery-caption\" itemprop=\"caption description\"> Gargamella boucheti by Enric Madrenas <\/div> <\/div> <\/div> <!-- close group --> <div class=\"gallery-group images-1\" style=\"width: 600px; height: 404px;\" data-original-width=\"600\" data-original-height=\"404\" > <div class=\"tiled-gallery-item tiled-gallery-item-large\" itemprop=\"associatedMedia\" itemscope itemtype=\"http:\/\/schema.org\/ImageObject\"> <a href=\"https:\/\/opistobranquis.info\/ca\/guia\/nudibranchia\/doridina\/doridoidei\/doridoidea\/gargamella-boucheti\/carminodoris-bouchetti-007\/\" border=\"0\" itemprop=\"url\"> <meta itemprop=\"width\" content=\"596\"> <meta itemprop=\"height\" content=\"400\"> <img decoding=\"async\" class=\"\" data-attachment-id=\"21413\" data-orig-file=\"https:\/\/opistobranquis.info\/wp-content\/uploads\/2012\/08\/Carminodoris-bouchetti-007.jpg\" data-orig-size=\"812,545\" data-comments-opened=\"\" data-image-title=\"Gargamella bouchetti @ Cap de Creus 31\/01\/2016 by Enric Madrenas\" data-image-description=\"&lt;p&gt;Gargamella bouchetti @ Cap de Creus 31\/01\/2016 by Enric Madrenas&lt;\/p&gt; \" data-medium-file=\"https:\/\/i0.wp.com\/opistobranquis.info\/wp-content\/uploads\/2012\/08\/Carminodoris-bouchetti-007.jpg?fit=300%2C201&#038;ssl=1\" data-large-file=\"https:\/\/i0.wp.com\/opistobranquis.info\/wp-content\/uploads\/2012\/08\/Carminodoris-bouchetti-007.jpg?fit=812%2C545&#038;ssl=1\" src=\"https:\/\/i0.wp.com\/opistobranquis.info\/wp-content\/uploads\/2012\/08\/Carminodoris-bouchetti-007.jpg?w=596&#038;h=400&#038;ssl=1\" srcset=\"https:\/\/i0.wp.com\/opistobranquis.info\/wp-content\/uploads\/2012\/08\/Carminodoris-bouchetti-007.jpg?w=812&amp;ssl=1 812w, https:\/\/i0.wp.com\/opistobranquis.info\/wp-content\/uploads\/2012\/08\/Carminodoris-bouchetti-007.jpg?resize=150%2C101&amp;ssl=1 150w, https:\/\/i0.wp.com\/opistobranquis.info\/wp-content\/uploads\/2012\/08\/Carminodoris-bouchetti-007.jpg?resize=300%2C201&amp;ssl=1 300w, https:\/\/i0.wp.com\/opistobranquis.info\/wp-content\/uploads\/2012\/08\/Carminodoris-bouchetti-007.jpg?resize=768%2C515&amp;ssl=1 768w\" width=\"596\" height=\"400\" loading=\"lazy\" data-original-width=\"596\" data-original-height=\"400\" itemprop=\"http:\/\/schema.org\/image\" title=\"Gargamella bouchetti @ Cap de Creus 31\/01\/2016 by Enric Madrenas\" alt=\"Gargamella bouchetti @ Cap de Creus 31\/01\/2016 by Enric Madrenas\" style=\"width: 596px; height: 400px;\" \/> <\/a> <div class=\"tiled-gallery-caption\" itemprop=\"caption description\"> Gargamella bouchetti @ Cap de Creus 31\/01\/2016 by Enric Madrenas <\/div> <\/div> <\/div> <!-- close group --> <\/div> <!-- close row --> <div class=\"gallery-row\" style=\"width: 900px; height: 163px;\" data-original-width=\"900\" data-original-height=\"163\" > <div class=\"gallery-group images-1\" style=\"width: 241px; height: 163px;\" data-original-width=\"241\" data-original-height=\"163\" > <div class=\"tiled-gallery-item tiled-gallery-item-small\" itemprop=\"associatedMedia\" itemscope itemtype=\"http:\/\/schema.org\/ImageObject\"> <a href=\"https:\/\/opistobranquis.info\/ca\/guia\/nudibranchia\/doridina\/doridoidei\/doridoidea\/gargamella-boucheti\/carminodoris-bouchetti-008\/\" border=\"0\" itemprop=\"url\"> <meta itemprop=\"width\" content=\"237\"> <meta itemprop=\"height\" content=\"159\"> <img decoding=\"async\" class=\"\" data-attachment-id=\"21414\" data-orig-file=\"https:\/\/opistobranquis.info\/wp-content\/uploads\/2012\/08\/Carminodoris-bouchetti-008.jpg\" data-orig-size=\"812,545\" data-comments-opened=\"\" data-image-title=\"Gargamella bouchetti @ Cap de Creus 31\/01\/2016 by Enric Madrenas\" data-image-description=\"&lt;p&gt;Gargamella bouchetti @ Cap de Creus 31\/01\/2016 by Enric Madrenas&lt;\/p&gt; \" data-medium-file=\"https:\/\/i0.wp.com\/opistobranquis.info\/wp-content\/uploads\/2012\/08\/Carminodoris-bouchetti-008.jpg?fit=300%2C201&#038;ssl=1\" data-large-file=\"https:\/\/i0.wp.com\/opistobranquis.info\/wp-content\/uploads\/2012\/08\/Carminodoris-bouchetti-008.jpg?fit=812%2C545&#038;ssl=1\" src=\"https:\/\/i0.wp.com\/opistobranquis.info\/wp-content\/uploads\/2012\/08\/Carminodoris-bouchetti-008.jpg?w=237&#038;h=159&#038;ssl=1\" srcset=\"https:\/\/i0.wp.com\/opistobranquis.info\/wp-content\/uploads\/2012\/08\/Carminodoris-bouchetti-008.jpg?w=812&amp;ssl=1 812w, https:\/\/i0.wp.com\/opistobranquis.info\/wp-content\/uploads\/2012\/08\/Carminodoris-bouchetti-008.jpg?resize=150%2C101&amp;ssl=1 150w, https:\/\/i0.wp.com\/opistobranquis.info\/wp-content\/uploads\/2012\/08\/Carminodoris-bouchetti-008.jpg?resize=300%2C201&amp;ssl=1 300w, https:\/\/i0.wp.com\/opistobranquis.info\/wp-content\/uploads\/2012\/08\/Carminodoris-bouchetti-008.jpg?resize=768%2C515&amp;ssl=1 768w\" width=\"237\" height=\"159\" loading=\"lazy\" data-original-width=\"237\" data-original-height=\"159\" itemprop=\"http:\/\/schema.org\/image\" title=\"Gargamella bouchetti @ Cap de Creus 31\/01\/2016 by Enric Madrenas\" alt=\"Gargamella bouchetti @ Cap de Creus 31\/01\/2016 by Enric Madrenas\" style=\"width: 237px; height: 159px;\" \/> <\/a> <div class=\"tiled-gallery-caption\" itemprop=\"caption description\"> Gargamella bouchetti @ Cap de Creus 31\/01\/2016 by Enric Madrenas <\/div> <\/div> <\/div> <!-- close group --> <div class=\"gallery-group images-1\" style=\"width: 256px; height: 163px;\" data-original-width=\"256\" data-original-height=\"163\" > <div class=\"tiled-gallery-item tiled-gallery-item-large\" itemprop=\"associatedMedia\" itemscope itemtype=\"http:\/\/schema.org\/ImageObject\"> <a href=\"https:\/\/opistobranquis.info\/ca\/guia\/nudibranchia\/doridina\/doridoidei\/doridoidea\/gargamella-boucheti\/olympus-digital-camera-277\/\" border=\"0\" itemprop=\"url\"> <meta itemprop=\"width\" content=\"252\"> <meta itemprop=\"height\" content=\"159\"> <img decoding=\"async\" class=\"\" data-attachment-id=\"36438\" data-orig-file=\"https:\/\/opistobranquis.info\/wp-content\/uploads\/2023\/01\/Carminodoris-boucheti-by-Manuel-Ballesteros-P5250027.jpg\" data-orig-size=\"1200,758\" data-comments-opened=\"\" data-image-title=\"Gargamella boucheti @ Costa Brava (Spain) by Manuel Ballesteros\" data-image-description=\"&lt;p&gt;Gargamella boucheti @ Costa Brava (Spain) by Manuel Ballesteros&lt;\/p&gt; \" data-medium-file=\"https:\/\/i0.wp.com\/opistobranquis.info\/wp-content\/uploads\/2023\/01\/Carminodoris-boucheti-by-Manuel-Ballesteros-P5250027.jpg?fit=300%2C190&#038;ssl=1\" data-large-file=\"https:\/\/i0.wp.com\/opistobranquis.info\/wp-content\/uploads\/2023\/01\/Carminodoris-boucheti-by-Manuel-Ballesteros-P5250027.jpg?fit=900%2C569&#038;ssl=1\" src=\"https:\/\/i0.wp.com\/opistobranquis.info\/wp-content\/uploads\/2023\/01\/Carminodoris-boucheti-by-Manuel-Ballesteros-P5250027.jpg?w=252&#038;h=159&#038;ssl=1\" srcset=\"https:\/\/i0.wp.com\/opistobranquis.info\/wp-content\/uploads\/2023\/01\/Carminodoris-boucheti-by-Manuel-Ballesteros-P5250027.jpg?w=1200&amp;ssl=1 1200w, https:\/\/i0.wp.com\/opistobranquis.info\/wp-content\/uploads\/2023\/01\/Carminodoris-boucheti-by-Manuel-Ballesteros-P5250027.jpg?resize=300%2C190&amp;ssl=1 300w, https:\/\/i0.wp.com\/opistobranquis.info\/wp-content\/uploads\/2023\/01\/Carminodoris-boucheti-by-Manuel-Ballesteros-P5250027.jpg?resize=1024%2C647&amp;ssl=1 1024w, https:\/\/i0.wp.com\/opistobranquis.info\/wp-content\/uploads\/2023\/01\/Carminodoris-boucheti-by-Manuel-Ballesteros-P5250027.jpg?resize=150%2C95&amp;ssl=1 150w\" width=\"252\" height=\"159\" loading=\"lazy\" data-original-width=\"252\" data-original-height=\"159\" itemprop=\"http:\/\/schema.org\/image\" title=\"Gargamella boucheti @ Costa Brava (Spain) by Manuel Ballesteros\" alt=\"Gargamella boucheti @ Costa Brava (Spain) by Manuel Ballesteros\" style=\"width: 252px; height: 159px;\" \/> <\/a> <div class=\"tiled-gallery-caption\" itemprop=\"caption description\"> Gargamella boucheti @ Costa Brava (Spain) by Manuel Ballesteros <\/div> <\/div> <\/div> <!-- close group --> <div class=\"gallery-group images-1\" style=\"width: 236px; height: 163px;\" data-original-width=\"236\" data-original-height=\"163\" > <div class=\"tiled-gallery-item tiled-gallery-item-small\" itemprop=\"associatedMedia\" itemscope itemtype=\"http:\/\/schema.org\/ImageObject\"> <a href=\"https:\/\/opistobranquis.info\/ca\/guia\/nudibranchia\/doridina\/doridoidei\/doridoidea\/gargamella-boucheti\/olympus-digital-camera-278\/\" border=\"0\" itemprop=\"url\"> <meta itemprop=\"width\" content=\"232\"> <meta itemprop=\"height\" content=\"159\"> <img decoding=\"async\" class=\"\" data-attachment-id=\"36439\" data-orig-file=\"https:\/\/opistobranquis.info\/wp-content\/uploads\/2023\/01\/Carminodoris-boucheti-by-Manuel-Ballesteros-P5220067-bis.jpg\" data-orig-size=\"1200,826\" data-comments-opened=\"\" data-image-title=\"Gargamella boucheti @ Costa Brava (Spain) by Manuel Ballesteros\" data-image-description=\"&lt;p&gt;Gargamella boucheti @ Costa Brava (Spain) by Manuel Ballesteros&lt;\/p&gt; \" data-medium-file=\"https:\/\/i0.wp.com\/opistobranquis.info\/wp-content\/uploads\/2023\/01\/Carminodoris-boucheti-by-Manuel-Ballesteros-P5220067-bis.jpg?fit=300%2C207&#038;ssl=1\" data-large-file=\"https:\/\/i0.wp.com\/opistobranquis.info\/wp-content\/uploads\/2023\/01\/Carminodoris-boucheti-by-Manuel-Ballesteros-P5220067-bis.jpg?fit=900%2C620&#038;ssl=1\" src=\"https:\/\/i0.wp.com\/opistobranquis.info\/wp-content\/uploads\/2023\/01\/Carminodoris-boucheti-by-Manuel-Ballesteros-P5220067-bis.jpg?w=232&#038;h=159&#038;ssl=1\" srcset=\"https:\/\/i0.wp.com\/opistobranquis.info\/wp-content\/uploads\/2023\/01\/Carminodoris-boucheti-by-Manuel-Ballesteros-P5220067-bis.jpg?w=1200&amp;ssl=1 1200w, https:\/\/i0.wp.com\/opistobranquis.info\/wp-content\/uploads\/2023\/01\/Carminodoris-boucheti-by-Manuel-Ballesteros-P5220067-bis.jpg?resize=300%2C207&amp;ssl=1 300w, https:\/\/i0.wp.com\/opistobranquis.info\/wp-content\/uploads\/2023\/01\/Carminodoris-boucheti-by-Manuel-Ballesteros-P5220067-bis.jpg?resize=1024%2C705&amp;ssl=1 1024w, https:\/\/i0.wp.com\/opistobranquis.info\/wp-content\/uploads\/2023\/01\/Carminodoris-boucheti-by-Manuel-Ballesteros-P5220067-bis.jpg?resize=150%2C103&amp;ssl=1 150w\" width=\"232\" height=\"159\" loading=\"lazy\" data-original-width=\"232\" data-original-height=\"159\" itemprop=\"http:\/\/schema.org\/image\" title=\"Gargamella boucheti @ Costa Brava (Spain) by Manuel Ballesteros\" alt=\"Gargamella boucheti @ Costa Brava (Spain) by Manuel Ballesteros\" style=\"width: 232px; height: 159px;\" \/> <\/a> <div class=\"tiled-gallery-caption\" itemprop=\"caption description\"> Gargamella boucheti @ Costa Brava (Spain) by Manuel Ballesteros <\/div> <\/div> <\/div> <!-- close group --> <div class=\"gallery-group images-1\" style=\"width: 167px; height: 163px;\" data-original-width=\"167\" data-original-height=\"163\" > <div class=\"tiled-gallery-item tiled-gallery-item-small\" itemprop=\"associatedMedia\" itemscope itemtype=\"http:\/\/schema.org\/ImageObject\"> <a href=\"https:\/\/opistobranquis.info\/ca\/guia\/nudibranchia\/doridina\/doridoidei\/doridoidea\/gargamella-boucheti\/gargamella-boucheti-by-j-ortea\/\" border=\"0\" itemprop=\"url\"> <meta itemprop=\"width\" content=\"163\"> <meta itemprop=\"height\" content=\"159\"> <img decoding=\"async\" class=\"\" data-attachment-id=\"46195\" data-orig-file=\"https:\/\/opistobranquis.info\/wp-content\/uploads\/2025\/03\/Gargamella-boucheti-by-J.-Ortea.jpg\" data-orig-size=\"1122,1096\" data-comments-opened=\"\" data-image-title=\"Gargamella boucheti by J. Ortea\" data-image-description=\"&lt;p&gt;Gargamella boucheti by J. Ortea&lt;\/p&gt; \" data-medium-file=\"https:\/\/i0.wp.com\/opistobranquis.info\/wp-content\/uploads\/2025\/03\/Gargamella-boucheti-by-J.-Ortea.jpg?fit=300%2C293&#038;ssl=1\" data-large-file=\"https:\/\/i0.wp.com\/opistobranquis.info\/wp-content\/uploads\/2025\/03\/Gargamella-boucheti-by-J.-Ortea.jpg?fit=900%2C879&#038;ssl=1\" src=\"https:\/\/i0.wp.com\/opistobranquis.info\/wp-content\/uploads\/2025\/03\/Gargamella-boucheti-by-J.-Ortea.jpg?w=163&#038;h=159&#038;ssl=1\" srcset=\"https:\/\/i0.wp.com\/opistobranquis.info\/wp-content\/uploads\/2025\/03\/Gargamella-boucheti-by-J.-Ortea.jpg?w=1122&amp;ssl=1 1122w, https:\/\/i0.wp.com\/opistobranquis.info\/wp-content\/uploads\/2025\/03\/Gargamella-boucheti-by-J.-Ortea.jpg?resize=300%2C293&amp;ssl=1 300w, https:\/\/i0.wp.com\/opistobranquis.info\/wp-content\/uploads\/2025\/03\/Gargamella-boucheti-by-J.-Ortea.jpg?resize=1024%2C1000&amp;ssl=1 1024w, https:\/\/i0.wp.com\/opistobranquis.info\/wp-content\/uploads\/2025\/03\/Gargamella-boucheti-by-J.-Ortea.jpg?resize=150%2C147&amp;ssl=1 150w\" width=\"163\" height=\"159\" loading=\"lazy\" data-original-width=\"163\" data-original-height=\"159\" itemprop=\"http:\/\/schema.org\/image\" title=\"Gargamella boucheti by J. Ortea\" alt=\"Gargamella boucheti by J. Ortea\" style=\"width: 163px; height: 159px;\" \/> <\/a> <div class=\"tiled-gallery-caption\" itemprop=\"caption description\"> Gargamella boucheti by J. Ortea <\/div> <\/div> <\/div> <!-- close group --> <\/div> <!-- close row --> <\/div><\/p>\n<p><p><strong>Bibliografia<\/strong><\/p><ul><div id=\"zotpress-77a46ad2ad90f80940e2ca95d75ee82d\" class=\"zp-Zotpress zp-Zotpress-Bib wp-block-group\">\n\n\t\t<span class=\"ZP_API_USER_ID ZP_ATTR\">1246567<\/span>\n\t\t<span class=\"ZP_ITEM_KEY ZP_ATTR\"><\/span>\n\t\t<span class=\"ZP_COLLECTION_ID ZP_ATTR\"><\/span>\n\t\t<span class=\"ZP_TAG_ID ZP_ATTR\">Gargamella boucheti<\/span>\n\t\t<span class=\"ZP_AUTHOR ZP_ATTR\"><\/span>\n\t\t<span class=\"ZP_YEAR ZP_ATTR\"><\/span>\n        <span class=\"ZP_ITEMTYPE ZP_ATTR\"><\/span>\n\t\t<span class=\"ZP_INCLUSIVE ZP_ATTR\">1<\/span>\n\t\t<span class=\"ZP_STYLE ZP_ATTR\">eunomia-revista-en-cultura-de-la-legalidad<\/span>\n\t\t<span class=\"ZP_LIMIT ZP_ATTR\">50<\/span>\n\t\t<span class=\"ZP_SORTBY ZP_ATTR\">creator<\/span>\n\t\t<span class=\"ZP_ORDER ZP_ATTR\">asc<\/span>\n\t\t<span class=\"ZP_TITLE ZP_ATTR\"><\/span>\n\t\t<span class=\"ZP_SHOWIMAGE ZP_ATTR\"><\/span>\n\t\t<span class=\"ZP_SHOWTAGS ZP_ATTR\"><\/span>\n\t\t<span class=\"ZP_DOWNLOADABLE ZP_ATTR\"><\/span>\n\t\t<span class=\"ZP_NOTES ZP_ATTR\"><\/span>\n\t\t<span class=\"ZP_ABSTRACT ZP_ATTR\"><\/span>\n\t\t<span class=\"ZP_CITEABLE ZP_ATTR\"><\/span>\n\t\t<span class=\"ZP_TARGET ZP_ATTR\">1<\/span>\n\t\t<span class=\"ZP_URLWRAP ZP_ATTR\"><\/span>\n\t\t<span class=\"ZP_FORCENUM ZP_ATTR\"><\/span>\n        <span class=\"ZP_HIGHLIGHT ZP_ATTR\"><\/span>\n        <span class=\"ZP_POSTID ZP_ATTR\">2104<\/span>\n\t\t<span class=\"ZOTPRESS_PLUGIN_URL ZP_ATTR\">https:\/\/opistobranquis.info\/wp-content\/plugins\/zotpress\/<\/span>\n\n\t\t<div class=\"zp-List loading\">\n\t\t\t<div class=\"zp-SEO-Content\">\n\n\t\t\t<\/div><!-- .zp-zp-SEO-Content -->\n\t\t<\/div><!-- .zp-List -->\n\t<\/div><!--.zp-Zotpress-->\n\n<p><\/p>Bibliografia basada en els treballs de <b>Steve Long, 2006<\/b>. <a target=_blank href=https:\/\/opistobranquis.info\/wp-content\/uploads\/2016\/06\/Long-S.-2006-Bibliography-of-Opisthobranchia-1554-2000.pdf>Bibliography of Opisthobranchia 1554-2000<\/a> i <b>Gary McDonald, 2009<\/b>. <a href=http:\/\/escholarship.org\/uc\/item\/8115h0wz>Bibliographia Nudibranchia<\/a>, amb actualitzacions posteriors procedents d\u00b4altres fonts.<p><\/p><\/ul><p><\/p><p><strong>M\u00e9s informaci\u00f3<\/strong><\/p><span style=\"font-size:10pt\"><ul><ul class=\"blogroll-links\"><li><a href=\"http:\/\/www.biodiversitylibrary.org\/name\/Carminodoris%20boucheti\">Biodiversity Heritage Library<\/a><\/li><li><a href=\"https:\/\/litoraldegranada.ugr.es\/el-litoral\/el-litoral-sumergido\/fauna\/moluscos\/gasteropodos\/opistobranquios\/orden-nudibranchia\/doridaceos\/doridoideos\/gargamella-boucheti\/\">El Litoral de Granada<\/a><\/li><li><a href=\"https:\/\/www.flickr.com\/search\/?text=Carminodoris%20boucheti\">Flickr pictures<\/a><\/li><li><a href=\"http:\/\/www.opistobranquis.org\/ca\/guia\/168\">GROC<\/a><\/li><li><a href=\"http:\/\/www.irmng.org\/aphia.php?p=taxlist&#038;tName=Carminodoris%20boucheti\">Interim Register of Marine and Nonmarine Genera<\/a><\/li><li><a href=\"http:\/\/www.ncbi.nlm.nih.gov\/Taxonomy\/Browser\/wwwtax.cgi?mode=Undef&#038;name=Carminodoris%20boucheti&#038;lvl=0&#038;srchmode=1\">NCBI GenBank<\/a><\/li><li><a href=\"http:\/\/iobis.org\/mapper\/?taxon=Carminodoris%20boucheti\">OBIS - Search by Taxon<\/a><\/li><li><a href=\"http:\/\/www.seaslugforum.net\/showall\/carmbouc\">Sea Slug Forum<\/a><\/li><li><a href=\"https:\/\/marinespecies.org\/aphia.php?p=taxdetails&#038;id=1791540\">World Register of Marine Species<\/a><\/li><\/ul><\/ul><\/span><p><strong>Citeu aquest article com: <\/strong><\/p><div style=\"display: block; background: #444444; padding: 10px 30px 10px 10px; border-radius: 5px; line-height: 18px;\"><p class=\"citacio\"><b>Pontes, Miquel<\/b> (2025) <em>\"Gargamella boucheti\"<\/em> a <em>OPK-Opistobranquis<\/em>. Publicat: 27\/08\/2012. Accedit: 03\/09\/2026. Disponible a (<a href=https:\/\/opistobranquis.info\/ca\/?p=2104>https:\/\/opistobranquis.info\/ca\/?p=2104<\/a>)<\/p><p><\/p><\/div><p><\/p><\/p>","protected":false},"excerpt":{"rendered":"<p>Gargamella boucheti (Ortea, 1979) Nota taxon\u00f2mica: Fern\u00e1ndez-Vilert et al. (2024) van dur a terme una s\u00e8rie d&#8217;an\u00e0lisis gen\u00e8tics sobre una \u00e0mplia mostra de llimacs de mar de la fam\u00edlia Discodorididae i, entre molts altres resultats novedosos i interessants, van onservar que Discodoris rosi Ortea, 1979, del nord-oest i nord-est d\u2019Espanya, s\u2019agrupava amb Carminodoris boucheti Ortea, 1979, del nord-est d\u2019Espanya. Estudis morfol\u00f2gics previs ja havien proposat la inclusi\u00f3 de Discodoris rosi\u2026<\/p>\n<p class=\"continue-reading-button\"> <a class=\"continue-reading-link\" href=\"https:\/\/opistobranquis.info\/ca\/guia\/nudibranchia\/doridina\/doridoidei\/doridoidea\/gargamella-boucheti\/\">Continua llegint<i class=\"crycon-right-dir\"><\/i><\/a><\/p>\n","protected":false},"author":5,"featured_media":27380,"parent":26109,"menu_order":6494,"comment_status":"closed","ping_status":"closed","template":"","meta":{"footnotes":""},"class_list":["post-2104","page","type-page","status-publish","has-post-thumbnail","hentry"],"jetpack_sharing_enabled":true,"_links":{"self":[{"href":"https:\/\/opistobranquis.info\/ca\/wp-json\/wp\/v2\/pages\/2104","targetHints":{"allow":["GET"]}}],"collection":[{"href":"https:\/\/opistobranquis.info\/ca\/wp-json\/wp\/v2\/pages"}],"about":[{"href":"https:\/\/opistobranquis.info\/ca\/wp-json\/wp\/v2\/types\/page"}],"author":[{"embeddable":true,"href":"https:\/\/opistobranquis.info\/ca\/wp-json\/wp\/v2\/users\/5"}],"replies":[{"embeddable":true,"href":"https:\/\/opistobranquis.info\/ca\/wp-json\/wp\/v2\/comments?post=2104"}],"version-history":[{"count":5,"href":"https:\/\/opistobranquis.info\/ca\/wp-json\/wp\/v2\/pages\/2104\/revisions"}],"predecessor-version":[{"id":46187,"href":"https:\/\/opistobranquis.info\/ca\/wp-json\/wp\/v2\/pages\/2104\/revisions\/46187"}],"up":[{"embeddable":true,"href":"https:\/\/opistobranquis.info\/ca\/wp-json\/wp\/v2\/pages\/26109"}],"wp:featuredmedia":[{"embeddable":true,"href":"https:\/\/opistobranquis.info\/ca\/wp-json\/wp\/v2\/media\/27380"}],"wp:attachment":[{"href":"https:\/\/opistobranquis.info\/ca\/wp-json\/wp\/v2\/media?parent=2104"}],"curies":[{"name":"wp","href":"https:\/\/api.w.org\/{rel}","templated":true}]}}