{"id":21629,"date":"2016-04-24T08:53:59","date_gmt":"2016-04-24T06:53:59","guid":{"rendered":"https:\/\/opistobranquis.info\/?page_id=21629"},"modified":"2019-01-04T21:37:29","modified_gmt":"2019-01-04T20:37:29","slug":"doto-verdicioi","status":"publish","type":"page","link":"https:\/\/opistobranquis.info\/ca\/guia\/nudibranchia\/cladobranchia\/dendronotoidea\/doto-verdicioi\/","title":{"rendered":"Doto verdicioi"},"content":{"rendered":"<p><\/p>\n<h3><em>Doto verdicioi<\/em>\u00a0 Ortea &amp; Urgorri, 1978<\/h3>\n<p><span style=\"font-size:10pt;\" class=\"aligncenter\"><div id=\"featured-img-id\"><img data-recalc-dims=\"1\" decoding=\"async\" src=\"https:\/\/i0.wp.com\/opistobranquis.info\/wp-content\/uploads\/2016\/04\/Doto-verdicioi-Lapam%C3%A1n-R%C3%ADa-de-Pontevedra-28.03.79-V.-Urgorri.jpg?w=900&#038;ssl=1\" alt=\"Doto verdicioi @ Lapam\u00e1n (R\u00eda de Pontevedra, Spain) 28.03.1979 by Victoriano Urgorri\" \/><\/div><center><em>Doto verdicioi @ Lapam\u00e1n (R\u00eda de Pontevedra, Spain) 28.03.1979<\/em> per Victoriano Urgorri<\/center><\/span><p><\/p><div class=\"opk-worms\"><h3>Informaci\u00f3 taxon\u00f2mica WoRMS<\/h3><div class=\"opk-success\">Nom acceptat actual: <strong><em>Doto verdicioi<\/em> Ortea &amp; Urgorri, 1978<\/strong><\/div><h4>Classificaci\u00f3 actual<\/h4><table class=\"widefat striped\"><tr><th>Superdomain<\/th><td><a target=\"_blank\" href=\"https:\/\/www.marinespecies.org\/aphia.php?p=taxdetails&id=1\">Biota<\/a><\/td><\/tr><tr><th>Kingdom<\/th><td><a target=\"_blank\" href=\"https:\/\/www.marinespecies.org\/aphia.php?p=taxdetails&id=2\">Animalia<\/a><\/td><\/tr><tr><th>Phylum<\/th><td><a target=\"_blank\" href=\"https:\/\/www.marinespecies.org\/aphia.php?p=taxdetails&id=51\">Mollusca<\/a><\/td><\/tr><tr><th>Class<\/th><td><a target=\"_blank\" href=\"https:\/\/www.marinespecies.org\/aphia.php?p=taxdetails&id=101\">Gastropoda<\/a><\/td><\/tr><tr><th>Subclass<\/th><td><a target=\"_blank\" href=\"https:\/\/www.marinespecies.org\/aphia.php?p=taxdetails&id=14712\">Heterobranchia<\/a><\/td><\/tr><tr><th>Infraclass<\/th><td><a target=\"_blank\" href=\"https:\/\/www.marinespecies.org\/aphia.php?p=taxdetails&id=1057247\">Euthyneura<\/a><\/td><\/tr><tr><th>Subterclass<\/th><td><a target=\"_blank\" href=\"https:\/\/www.marinespecies.org\/aphia.php?p=taxdetails&id=1057249\">Ringipleura<\/a><\/td><\/tr><tr><th>Superorder<\/th><td><a target=\"_blank\" href=\"https:\/\/www.marinespecies.org\/aphia.php?p=taxdetails&id=411966\">Nudipleura<\/a><\/td><\/tr><tr><th>Order<\/th><td><a target=\"_blank\" href=\"https:\/\/www.marinespecies.org\/aphia.php?p=taxdetails&id=1762\">Nudibranchia<\/a><\/td><\/tr><tr><th>Suborder<\/th><td><a target=\"_blank\" href=\"https:\/\/www.marinespecies.org\/aphia.php?p=taxdetails&id=827889\">Cladobranchia<\/a><\/td><\/tr><tr><th>Superfamily<\/th><td><a target=\"_blank\" href=\"https:\/\/www.marinespecies.org\/aphia.php?p=taxdetails&id=182\">Dendronotoidea<\/a><\/td><\/tr><tr><th>Family<\/th><td><a target=\"_blank\" href=\"https:\/\/www.marinespecies.org\/aphia.php?p=taxdetails&id=187\">Dotidae<\/a><\/td><\/tr><tr><th>Genus<\/th><td><a target=\"_blank\" href=\"https:\/\/www.marinespecies.org\/aphia.php?p=taxdetails&id=137916\"><em>Doto<\/em><\/a><\/td><\/tr><tr><th>Species<\/th><td><a target=\"_blank\" href=\"https:\/\/www.marinespecies.org\/aphia.php?p=taxdetails&id=139657\"><em>Doto verdicioi<\/em> Ortea &amp; Urgorri, 1978<\/a><\/td><\/tr><\/table><p class=\"footer\">Classificaci\u00f3 proporcionada pel World Register of Marine Species (WoRMS). [<a target=\"_blank\" href=\"https:\/\/www.marinespecies.org\/aphia.php?p=taxdetails&id=139657\">139657<\/a>]<\/p><\/div><strong>Descripci\u00f3<br \/>\n<\/strong>Color del cos generalment blanc semitransparent, pigmentat amb taques de color vermell intens o carm\u00ed fosc al dors i els flancs, deixant les \u00e0rees entre les cerata despigmentades. La pigmentaci\u00f3 rogenca forma una banda molt densa\u00a0que recorre el dors des del cap fins a l&#8217;\u00faltima cerata, disgregant-se a la cua. El puntejat dels costats \u00e9s molt fi i dispers. La g\u00f2nada es veu per transpar\u00e8ncia de color crema rosat i es situa entre el primer i cinqu\u00e8 cera. Els rin\u00f2fors mesuren aproximadament 0,9mm i estan pigmentats amb grans taques vermelloses, amb l&#8217;\u00e0pex de color\u00a0blanc. La beina rinof\u00f2rica mesura 0,5 mm i t\u00e9 alguna puntuaci\u00f3 blanca a l&#8217;exterior, de vegades amb una o dues taques vermelloses, per\u00f2 interiorment presenta grans taques d&#8217;aquest color. Els l\u00f2buls cef\u00e0lics s\u00f3n poc aparents i nom\u00e9s de vegades tenen alguna taca vermellosa. La base de les cerata i les \u00e0rees entre elles estan despigmentades. El dors t\u00e9 cinc o sis cerata a cada costat, cadascuna d&#8217;elles amb dues fileres de quatre tubercles roms i poc prominents. Aquests tubercles s\u00f3n blancs interiorment, amb l&#8217;\u00e0pex blanc i sense taques fosques, per\u00f2 presenten nombroses taques vermelloses que envolten l&#8217;\u00e0pex i es distribueixen de manera irregular per la resta del cera. El tubercle apical \u00e9s molt m\u00e9s gran que els altres, de forma rabassuda, amb l&#8217;\u00e0pex semiesf\u00e8ric amb punts blancs interns; subterminalment presenta un anell m\u00e9s o menys definit format per punts vermellosos independents que, en els exemplars m\u00e9s grans, arriba a ser gaireb\u00e9 continu. L&#8217;interior dels cerata \u00e9s rosat, amb petites &#8220;ferradures&#8221; blanques. La pseudobr\u00e0nquia \u00e9s molt caracter\u00edstica quan est\u00e0 ben desenvolupada, est\u00e0 formada per cinc processos, un apical i dos als costats, els laterals molt grans i aixafats de forma que sobresurten pels costats del cera. La papil\u00b7la anal \u00e9s prominent, puntejada de blanc i se situa entre els dos primers cerata del costat dret. L&#8217;orifici genital est\u00e0 situat una mica per davant del primer cera del costat dret, en una zona generalment molt pigmentada de vermell.<\/p>\n<p><strong>Biologia<br \/>\n<\/strong>Els exemplars trobats ho han estat sobre hidraris del g\u00e8nere <em>Aglaophenia<\/em>, en parets amb un hidrodinamisme relativament alt. La posta t\u00e9 forma de cinta amb dos o tres ondulacions, encara que les postes en forma de ferradura simple tamb\u00e9 s\u00f3n freq\u00fcents.<\/p>\n<p><strong>Etimologia<\/strong><\/p>\n<ul>\n<li><em>Doto, <\/em>del Llat\u00ed &#8220;Doto&#8221;, una nimfa marina, del Grec &#8220;D\u014dt\u014d&#8221;<\/li>\n<li><em>Verdicioi<\/em>,\u00a0dedicada a la localitat on aquesta esp\u00e8cie va ser recol\u00b7lectada, Verdicio (Cap de Pe\u00f1as, Asturias, Espanya).<\/li>\n<\/ul>\n<p><strong>Distribuci\u00f3<br \/>\n<\/strong>Esp\u00e8cie b\u00e0sicament citada a la costa atl\u00e0ntica de la Pen\u00ednsula Ib\u00e8rica, a Ast\u00faries, Gal\u00edcia i Portugal.<br \/>\n<div id=\"flxmap-6a99d4086c9e4\" class='flxmap-container' data-flxmap='flxmap_6a99d4086c9e4' style=\"width:100%;height:400px;\"><\/div>\n<script data-noptimize=\"1\">\n\/* <![CDATA[ *\/\n(function(w, fn) {\n if (w.addEventListener) w.addEventListener(\"DOMContentLoaded\", fn, false);\n else if (w.attachEvent) w.attachEvent(\"onload\", fn);\n})(window, function() {\n var f = new FlexibleMap();\n f.panControl = true;\n f.mapTypeId = \"satellite\";\n f.setlocale(\"ca-ES\");\n f.kmlcache = \"5 minutes\";\n f.showKML(\"flxmap-6a99d4086c9e4\", \"https:\/\/opistobranquis.info\/wp-content\/uploads\/kms\/21629.kmz\");\n window.flxmap_6a99d4086c9e4 = f;\n});\n\/* ]]> *\/\n<\/script>\n<div style=\"width:100%;text-align:center;margin:12px 0 4px 0;\">\n  <div style=\"font-size:8pt;margin-bottom:6px;\">Cites georeferenciades conegudes de l'esp\u00e8cie: <em>Doto verdicioi<\/em><\/div>\n  <table style=\"margin:0 auto;border-collapse:collapse;font-size:8pt;\">\n    <tr><td colspan=\"2\" style=\"text-align:left;padding-bottom:4px;\"><strong>Fonts:<\/strong><\/td><\/tr>\n    <tr>\n      <td style=\"vertical-align:top;padding-right:40px;\">\n        <table style=\"border-collapse:collapse;\">\n<tr><td style='padding:1px 6px 1px 0;vertical-align:middle'><img data-recalc-dims=\"1\" src=\"https:\/\/i0.wp.com\/opistobranquis.info\/wp-content\/uploads\/kms\/wht-circle-lv.png?w=900&#038;ssl=1\" style='display:block'><\/td><td style='padding:1px 0;vertical-align:middle;white-space:nowrap'>OBIS<\/td><\/tr><tr><td style='padding:1px 6px 1px 0;vertical-align:middle'><img data-recalc-dims=\"1\" src=\"https:\/\/i0.wp.com\/opistobranquis.info\/wp-content\/uploads\/kms\/ylw-circle-lv.png?w=900&#038;ssl=1\" style='display:block'><\/td><td style='padding:1px 0;vertical-align:middle;white-space:nowrap'>GROC 2010-2011<\/td><\/tr><tr><td style='padding:1px 6px 1px 0;vertical-align:middle'><img data-recalc-dims=\"1\" src=\"https:\/\/i0.wp.com\/opistobranquis.info\/wp-content\/uploads\/kms\/grn-circle-lv.png?w=900&#038;ssl=1\" style='display:block'><\/td><td style='padding:1px 0;vertical-align:middle;white-space:nowrap'>Enric Madrenas<\/td><\/tr><tr><td style='padding:1px 6px 1px 0;vertical-align:middle'><img data-recalc-dims=\"1\" src=\"https:\/\/i0.wp.com\/opistobranquis.info\/wp-content\/uploads\/kms\/orange-circle-lv.png?w=900&#038;ssl=1\" style='display:block'><\/td><td style='padding:1px 0;vertical-align:middle;white-space:nowrap'>Jo\u00e3o Pedro Silva<\/td><\/tr><tr><td style='padding:1px 6px 1px 0;vertical-align:middle'><img data-recalc-dims=\"1\" src=\"https:\/\/i0.wp.com\/opistobranquis.info\/wp-content\/uploads\/kms\/pink-circle-lv.png?w=900&#038;ssl=1\" style='display:block'><\/td><td style='padding:1px 0;vertical-align:middle;white-space:nowrap'>Bernard Picton<\/td><\/tr><tr><td style='padding:1px 6px 1px 0;vertical-align:middle'><img data-recalc-dims=\"1\" src=\"https:\/\/i0.wp.com\/opistobranquis.info\/wp-content\/uploads\/kms\/blk-circle-lv.png?w=900&#038;ssl=1\" style='display:block'><\/td><td style='padding:1px 0;vertical-align:middle;white-space:nowrap'>GBIF<\/td><\/tr>        <\/table>\n      <\/td>\n      <td style=\"vertical-align:top;\">\n        <table style=\"border-collapse:collapse;\">\n<tr><td style='padding:1px 6px 1px 0;vertical-align:middle'><img data-recalc-dims=\"1\" src=\"https:\/\/i0.wp.com\/opistobranquis.info\/wp-content\/uploads\/kms\/purple-circle-lv.png?w=900&#038;ssl=1\" style='display:block'><\/td><td style='padding:1px 0;vertical-align:middle;white-space:nowrap'>OPK<\/td><\/tr><tr><td style='padding:1px 6px 1px 0;vertical-align:middle'><img data-recalc-dims=\"1\" src=\"https:\/\/i0.wp.com\/opistobranquis.info\/wp-content\/uploads\/kms\/red-circle-lv.png?w=900&#038;ssl=1\" style='display:block'><\/td><td style='padding:1px 0;vertical-align:middle;white-space:nowrap'>VIMAR<\/td><\/tr><tr><td style='padding:1px 6px 1px 0;vertical-align:middle'><img data-recalc-dims=\"1\" src=\"https:\/\/i0.wp.com\/opistobranquis.info\/wp-content\/uploads\/kms\/blu-circle-lv.png?w=900&#038;ssl=1\" style='display:block'><\/td><td style='padding:1px 0;vertical-align:middle;white-space:nowrap'>Manuel Ballesteros<\/td><\/tr><tr><td style='padding:1px 6px 1px 0;vertical-align:middle'><img data-recalc-dims=\"1\" src=\"https:\/\/i0.wp.com\/opistobranquis.info\/wp-content\/uploads\/kms\/cyan-circle-lv.png?w=900&#038;ssl=1\" style='display:block'><\/td><td style='padding:1px 0;vertical-align:middle;white-space:nowrap'>M@re Nostrum<\/td><\/tr><tr><td style='padding:1px 6px 1px 0;vertical-align:middle'><img data-recalc-dims=\"1\" src=\"https:\/\/i0.wp.com\/opistobranquis.info\/wp-content\/uploads\/kms\/grey-circle-lv.png?w=900&#038;ssl=1\" style='display:block'><\/td><td style='padding:1px 0;vertical-align:middle;white-space:nowrap'>Altres fonts<\/td><\/tr><tr><td style='padding:1px 6px 1px 0;vertical-align:middle'><img data-recalc-dims=\"1\" src=\"https:\/\/i0.wp.com\/opistobranquis.info\/wp-content\/uploads\/kms\/marreg.png?w=900&#038;ssl=1\" style='display:block'><\/td><td style='padding:1px 0;vertical-align:middle;white-space:nowrap'>Marine Regions<\/td><\/tr>        <\/table>\n      <\/td>\n    <\/tr>\n  <\/table>\n<\/div>\n<\/p>\n<p><strong>Error:<\/strong> Chart.js no est\u00e1 disponible.<\/p>\n<p><strong>Altres fotos<\/strong><br \/>\n<div class=\"tiled-gallery type-rectangular tiled-gallery-unresized\" data-original-width=\"900\" data-carousel-extra='{&quot;blog_id&quot;:1,&quot;permalink&quot;:&quot;https:\\\/\\\/opistobranquis.info\\\/ca\\\/guia\\\/nudibranchia\\\/cladobranchia\\\/dendronotoidea\\\/doto-verdicioi\\\/&quot;,&quot;likes_blog_id&quot;:44192421}' itemscope itemtype=\"http:\/\/schema.org\/ImageGallery\" > <div class=\"gallery-row\" style=\"width: 900px; height: 560px;\" data-original-width=\"900\" data-original-height=\"560\" > <div class=\"gallery-group images-1\" style=\"width: 900px; height: 560px;\" data-original-width=\"900\" data-original-height=\"560\" > <div class=\"tiled-gallery-item tiled-gallery-item-large\" itemprop=\"associatedMedia\" itemscope itemtype=\"http:\/\/schema.org\/ImageObject\"> <a href=\"https:\/\/opistobranquis.info\/ca\/guia\/nudibranchia\/cladobranchia\/dendronotoidea\/doto-verdicioi\/doto-verdicioi-portinho-da-arrabida-setubal-portugal-12-09-95-v-urgorri\/\" border=\"0\" itemprop=\"url\"> <meta itemprop=\"width\" content=\"896\"> <meta itemprop=\"height\" content=\"556\"> <img decoding=\"async\" class=\"\" data-attachment-id=\"21635\" data-orig-file=\"https:\/\/opistobranquis.info\/wp-content\/uploads\/2016\/04\/Doto-verdicioi-Portinho-da-Arr\u00e1bida-Set\u00fabal-Portugal-12.09.95-V.-Urgorri.jpg\" data-orig-size=\"787,488\" data-comments-opened=\"\" data-image-title=\"Doto verdicioi @ Portinho da Arr\u00e1bida, Set\u00fabal (Portugal) 12.09.95 by Victoriano Urgorri\" data-image-description=\"&lt;p&gt;Doto verdicioi @ Portinho da Arr\u00e1bida, Set\u00fabal (Portugal) 12.09.95 by Victoriano Urgorri&lt;\/p&gt; \" data-medium-file=\"https:\/\/i0.wp.com\/opistobranquis.info\/wp-content\/uploads\/2016\/04\/Doto-verdicioi-Portinho-da-Arr%C3%A1bida-Set%C3%BAbal-Portugal-12.09.95-V.-Urgorri.jpg?fit=300%2C186&#038;ssl=1\" data-large-file=\"https:\/\/i0.wp.com\/opistobranquis.info\/wp-content\/uploads\/2016\/04\/Doto-verdicioi-Portinho-da-Arr%C3%A1bida-Set%C3%BAbal-Portugal-12.09.95-V.-Urgorri.jpg?fit=787%2C488&#038;ssl=1\" src=\"https:\/\/i0.wp.com\/opistobranquis.info\/wp-content\/uploads\/2016\/04\/Doto-verdicioi-Portinho-da-Arr%C3%A1bida-Set%C3%BAbal-Portugal-12.09.95-V.-Urgorri.jpg?w=896&#038;h=556&#038;ssl=1\" width=\"896\" height=\"556\" loading=\"lazy\" data-original-width=\"896\" data-original-height=\"556\" itemprop=\"http:\/\/schema.org\/image\" title=\"Doto verdicioi @ Portinho da Arr\u00e1bida, Set\u00fabal (Portugal) 12.09.95 by Victoriano Urgorri\" alt=\"Doto verdicioi @ Portinho da Arr\u00e1bida, Set\u00fabal (Portugal) 12.09.95 by Victoriano Urgorri\" style=\"width: 896px; height: 556px;\" \/> <\/a> <div class=\"tiled-gallery-caption\" itemprop=\"caption description\"> Doto verdicioi @ Portinho da Arr\u00e1bida, Set\u00fabal (Portugal) 12.09.95 by Victoriano Urgorri <\/div> <\/div> <\/div> <!-- close group --> <\/div> <!-- close row --> <\/div><\/p>\n<p><p><strong>Bibliografia<\/strong><\/p><ul><div id=\"zotpress-99b4cb21ae4add2e882cf7c3adcddc60\" class=\"zp-Zotpress zp-Zotpress-Bib wp-block-group\">\n\n\t\t<span class=\"ZP_API_USER_ID ZP_ATTR\">1246567<\/span>\n\t\t<span class=\"ZP_ITEM_KEY ZP_ATTR\"><\/span>\n\t\t<span class=\"ZP_COLLECTION_ID ZP_ATTR\"><\/span>\n\t\t<span class=\"ZP_TAG_ID ZP_ATTR\">Doto verdicioi<\/span>\n\t\t<span class=\"ZP_AUTHOR ZP_ATTR\"><\/span>\n\t\t<span class=\"ZP_YEAR ZP_ATTR\"><\/span>\n        <span class=\"ZP_ITEMTYPE ZP_ATTR\"><\/span>\n\t\t<span class=\"ZP_INCLUSIVE ZP_ATTR\">1<\/span>\n\t\t<span class=\"ZP_STYLE ZP_ATTR\">eunomia-revista-en-cultura-de-la-legalidad<\/span>\n\t\t<span class=\"ZP_LIMIT ZP_ATTR\">50<\/span>\n\t\t<span class=\"ZP_SORTBY ZP_ATTR\">creator<\/span>\n\t\t<span class=\"ZP_ORDER ZP_ATTR\">asc<\/span>\n\t\t<span class=\"ZP_TITLE ZP_ATTR\"><\/span>\n\t\t<span class=\"ZP_SHOWIMAGE ZP_ATTR\"><\/span>\n\t\t<span class=\"ZP_SHOWTAGS ZP_ATTR\"><\/span>\n\t\t<span class=\"ZP_DOWNLOADABLE ZP_ATTR\"><\/span>\n\t\t<span class=\"ZP_NOTES ZP_ATTR\"><\/span>\n\t\t<span class=\"ZP_ABSTRACT ZP_ATTR\"><\/span>\n\t\t<span class=\"ZP_CITEABLE ZP_ATTR\"><\/span>\n\t\t<span class=\"ZP_TARGET ZP_ATTR\">1<\/span>\n\t\t<span class=\"ZP_URLWRAP ZP_ATTR\"><\/span>\n\t\t<span class=\"ZP_FORCENUM ZP_ATTR\"><\/span>\n        <span class=\"ZP_HIGHLIGHT ZP_ATTR\"><\/span>\n        <span class=\"ZP_POSTID ZP_ATTR\">21629<\/span>\n\t\t<span class=\"ZOTPRESS_PLUGIN_URL ZP_ATTR\">https:\/\/opistobranquis.info\/wp-content\/plugins\/zotpress\/<\/span>\n\n\t\t<div class=\"zp-List loading\">\n\t\t\t<div class=\"zp-SEO-Content\">\n\n\t\t\t<\/div><!-- .zp-zp-SEO-Content -->\n\t\t<\/div><!-- .zp-List -->\n\t<\/div><!--.zp-Zotpress-->\n\n<p><\/p>Bibliografia basada en els treballs de <b>Steve Long, 2006<\/b>. <a target=_blank href=https:\/\/opistobranquis.info\/wp-content\/uploads\/2016\/06\/Long-S.-2006-Bibliography-of-Opisthobranchia-1554-2000.pdf>Bibliography of Opisthobranchia 1554-2000<\/a> i <b>Gary McDonald, 2009<\/b>. <a href=http:\/\/escholarship.org\/uc\/item\/8115h0wz>Bibliographia Nudibranchia<\/a>, amb actualitzacions posteriors procedents d\u00b4altres fonts.<p><\/p><\/ul><p><\/p><p><strong>M\u00e9s informaci\u00f3<\/strong><\/p><span style=\"font-size:10pt\"><ul><ul class=\"blogroll-links\"><li><a href=\"http:\/\/www.biodiversitylibrary.org\/name\/Doto%20verdicioi\">Biodiversity Heritage Library<\/a><\/li><li><a href=\"https:\/\/www.flickr.com\/search\/?text=Doto%20verdicioi\">Flickr pictures<\/a><\/li><li><a href=\"http:\/\/www.irmng.org\/aphia.php?p=taxlist&#038;tName=Doto%20verdicioi\">Interim Register of Marine and Nonmarine Genera<\/a><\/li><li><a href=\"http:\/\/www.ncbi.nlm.nih.gov\/Taxonomy\/Browser\/wwwtax.cgi?mode=Undef&#038;name=Doto%20verdicioi&#038;lvl=0&#038;srchmode=1\">NCBI GenBank<\/a><\/li><li><a href=\"http:\/\/iobis.org\/mapper\/?taxon=Doto%20verdicioi\">OBIS - Search by Taxon<\/a><\/li><li><a href=\"http:\/\/www.marinespecies.org\/aphia.php?p=taxdetails&#038;id=139657\">World Register of Marine Species<\/a><\/li><\/ul><\/ul><\/span><p><strong>Citeu aquest article com: <\/strong><\/p><div style=\"display: block; background: #444444; padding: 10px 30px 10px 10px; border-radius: 5px; line-height: 18px;\"><p class=\"citacio\"><b>Ballesteros, M., Madrenas, E. &#38; Pontes, M.<\/b> (2025) <em>\"Doto verdicioi\"<\/em> a <em>OPK-Opistobranquis<\/em>. Publicat: 24\/04\/2016. Accedit: 03\/09\/2026. Disponible a (<a href=https:\/\/opistobranquis.info\/ca\/?p=21629>https:\/\/opistobranquis.info\/ca\/?p=21629<\/a>)<\/p><p><\/p><\/div><p><\/p><\/p>","protected":false},"excerpt":{"rendered":"<p>Doto verdicioi\u00a0 Ortea &amp; Urgorri, 1978 Descripci\u00f3 Color del cos generalment blanc semitransparent, pigmentat amb taques de color vermell intens o carm\u00ed fosc al dors i els flancs, deixant les \u00e0rees entre les cerata despigmentades. La pigmentaci\u00f3 rogenca forma una banda molt densa\u00a0que recorre el dors des del cap fins a l&#8217;\u00faltima cerata, disgregant-se a la cua. El puntejat dels costats \u00e9s molt fi i dispers. La g\u00f2nada es veu\u2026<\/p>\n<p class=\"continue-reading-button\"> <a class=\"continue-reading-link\" href=\"https:\/\/opistobranquis.info\/ca\/guia\/nudibranchia\/cladobranchia\/dendronotoidea\/doto-verdicioi\/\">Continua llegint<i class=\"crycon-right-dir\"><\/i><\/a><\/p>\n","protected":false},"author":291,"featured_media":21636,"parent":452,"menu_order":6952,"comment_status":"closed","ping_status":"closed","template":"","meta":{"footnotes":""},"class_list":["post-21629","page","type-page","status-publish","has-post-thumbnail","hentry"],"jetpack_sharing_enabled":true,"_links":{"self":[{"href":"https:\/\/opistobranquis.info\/ca\/wp-json\/wp\/v2\/pages\/21629","targetHints":{"allow":["GET"]}}],"collection":[{"href":"https:\/\/opistobranquis.info\/ca\/wp-json\/wp\/v2\/pages"}],"about":[{"href":"https:\/\/opistobranquis.info\/ca\/wp-json\/wp\/v2\/types\/page"}],"author":[{"embeddable":true,"href":"https:\/\/opistobranquis.info\/ca\/wp-json\/wp\/v2\/users\/291"}],"replies":[{"embeddable":true,"href":"https:\/\/opistobranquis.info\/ca\/wp-json\/wp\/v2\/comments?post=21629"}],"version-history":[{"count":2,"href":"https:\/\/opistobranquis.info\/ca\/wp-json\/wp\/v2\/pages\/21629\/revisions"}],"predecessor-version":[{"id":27895,"href":"https:\/\/opistobranquis.info\/ca\/wp-json\/wp\/v2\/pages\/21629\/revisions\/27895"}],"up":[{"embeddable":true,"href":"https:\/\/opistobranquis.info\/ca\/wp-json\/wp\/v2\/pages\/452"}],"wp:featuredmedia":[{"embeddable":true,"href":"https:\/\/opistobranquis.info\/ca\/wp-json\/wp\/v2\/media\/21636"}],"wp:attachment":[{"href":"https:\/\/opistobranquis.info\/ca\/wp-json\/wp\/v2\/media?parent=21629"}],"curies":[{"name":"wp","href":"https:\/\/api.w.org\/{rel}","templated":true}]}}