{"id":2203,"date":"2012-08-28T20:29:22","date_gmt":"2012-08-28T18:29:22","guid":{"rendered":"https:\/\/opistobranquis.info\/doriopsilla-pelseneeridoriopsilla-pelseneeridoriopsilla-pelseneeri"},"modified":"2018-02-22T08:23:21","modified_gmt":"2018-02-22T07:23:21","slug":"doriopsilla-pelseneeri","status":"publish","type":"page","link":"https:\/\/opistobranquis.info\/ca\/guia\/nudibranchia\/doridina\/doridoidei\/phyllidioidea\/doriopsilla-pelseneeri\/","title":{"rendered":"Doriopsilla pelseneeri"},"content":{"rendered":"<p><\/p>\n<h3><em>Doriopsilla pelseneeri<\/em> (d&#8217;Oliveira, 1895)<\/h3>\n<p><span style=\"font-size:10pt;\" class=\"aligncenter\"><div id=\"featured-img-id\"><img data-recalc-dims=\"1\" decoding=\"async\" src=\"https:\/\/i0.wp.com\/opistobranquis.info\/wp-content\/uploads\/2013\/09\/Doriopsilla-pelseneeri1OPK.jpg?w=900&#038;ssl=1\" alt=\"Doriopsilla pelseneeri (Atlantic)\" \/><\/div><center><em>Doriopsilla pelseneeri (Atlantic)<\/em> per Carlos Fern\u00e1ndez-Cid<\/center><\/span><p><\/p><div class=\"opk-worms\"><h3>Informaci\u00f3 taxon\u00f2mica WoRMS<\/h3><div class=\"opk-success\">Nom acceptat actual: <strong><em>Doriopsilla pelseneeri<\/em> d&#039;Oliveira, 1895<\/strong><\/div><h4>Classificaci\u00f3 actual<\/h4><table class=\"widefat striped\"><tr><th>Superdomain<\/th><td><a target=\"_blank\" href=\"https:\/\/www.marinespecies.org\/aphia.php?p=taxdetails&id=1\">Biota<\/a><\/td><\/tr><tr><th>Kingdom<\/th><td><a target=\"_blank\" href=\"https:\/\/www.marinespecies.org\/aphia.php?p=taxdetails&id=2\">Animalia<\/a><\/td><\/tr><tr><th>Phylum<\/th><td><a target=\"_blank\" href=\"https:\/\/www.marinespecies.org\/aphia.php?p=taxdetails&id=51\">Mollusca<\/a><\/td><\/tr><tr><th>Class<\/th><td><a target=\"_blank\" href=\"https:\/\/www.marinespecies.org\/aphia.php?p=taxdetails&id=101\">Gastropoda<\/a><\/td><\/tr><tr><th>Subclass<\/th><td><a target=\"_blank\" href=\"https:\/\/www.marinespecies.org\/aphia.php?p=taxdetails&id=14712\">Heterobranchia<\/a><\/td><\/tr><tr><th>Infraclass<\/th><td><a target=\"_blank\" href=\"https:\/\/www.marinespecies.org\/aphia.php?p=taxdetails&id=1057247\">Euthyneura<\/a><\/td><\/tr><tr><th>Subterclass<\/th><td><a target=\"_blank\" href=\"https:\/\/www.marinespecies.org\/aphia.php?p=taxdetails&id=1057249\">Ringipleura<\/a><\/td><\/tr><tr><th>Superorder<\/th><td><a target=\"_blank\" href=\"https:\/\/www.marinespecies.org\/aphia.php?p=taxdetails&id=411966\">Nudipleura<\/a><\/td><\/tr><tr><th>Order<\/th><td><a target=\"_blank\" href=\"https:\/\/www.marinespecies.org\/aphia.php?p=taxdetails&id=1762\">Nudibranchia<\/a><\/td><\/tr><tr><th>Suborder<\/th><td><a target=\"_blank\" href=\"https:\/\/www.marinespecies.org\/aphia.php?p=taxdetails&id=1829294\">Doridida<\/a><\/td><\/tr><tr><th>Infraorder<\/th><td><a target=\"_blank\" href=\"https:\/\/www.marinespecies.org\/aphia.php?p=taxdetails&id=246038\">Doridoidei<\/a><\/td><\/tr><tr><th>Superfamily<\/th><td><a target=\"_blank\" href=\"https:\/\/www.marinespecies.org\/aphia.php?p=taxdetails&id=412563\">Phyllidioidea<\/a><\/td><\/tr><tr><th>Family<\/th><td><a target=\"_blank\" href=\"https:\/\/www.marinespecies.org\/aphia.php?p=taxdetails&id=23026\">Dendrodorididae<\/a><\/td><\/tr><tr><th>Genus<\/th><td><a target=\"_blank\" href=\"https:\/\/www.marinespecies.org\/aphia.php?p=taxdetails&id=137884\"><em>Doriopsilla<\/em><\/a><\/td><\/tr><tr><th>Species<\/th><td><a target=\"_blank\" href=\"https:\/\/www.marinespecies.org\/aphia.php?p=taxdetails&id=139521\"><em>Doriopsilla pelseneeri<\/em> d&#039;Oliveira, 1895<\/a><\/td><\/tr><\/table><p class=\"footer\">Classificaci\u00f3 proporcionada pel World Register of Marine Species (WoRMS). [<a target=\"_blank\" href=\"https:\/\/www.marinespecies.org\/aphia.php?p=taxdetails&id=139521\">139521<\/a>]<\/p><\/div><strong>Sin\u00f2nims<\/strong><\/p>\n<ul>\n<li><span id=\"aphia_ct_tu_748379\"><i>Dendrodoris minima<\/i> Pruvot-Fol, 1951\u00a0<\/span><\/li>\n<li><span id=\"aphia_ct_tu_748381\"><i>Dendrodoris racemosa<\/i> Pruvot-Fol, 1951<\/span><\/li>\n<\/ul>\n<p><strong>Descripci\u00f3<\/strong><br \/>\nAquesta esp\u00e8cie pot aconseguir els 50 mm de longitud. El m\u00e9s caracter\u00edstic de la seva morfologia s\u00f3n els tubercles que cobreixen tot el dors, ben espaiats, de forma semiesf\u00e8rica o lleugerament punxeguts, sent els del centre quelcom majors que els situats en el marge. La coloraci\u00f3 dels exemplars \u00e9s molt variable i pot ser que canvi\u00efn de color amb l&#8217;edat de l&#8217;animal, aix\u00ed hi ha animals de color gaireb\u00e9 blanc, uns altres s\u00f3n groguencs, rosats o fins i tot vermell ataronjats intens, que s\u00f3n els de major grand\u00e0ria. Els exemplars clars solen deixar veure per transpar\u00e8ncia les v\u00edsceres internes, de color crem\u00f3s. Els rin\u00f2fors s\u00f3n petits i de color com la resta del cos, quelcom transl\u00facids en la base sense laminetes. La br\u00e0nquia est\u00e0 formada per 5 fulles branquials tripinnades tamb\u00e9 del mateix color que el cos; la beina branquial est\u00e0 lleugerament elevada i en tots els exemplars, fins i tot els blanquinosos, s&#8217;aprecia en la seva vora superior una fina banda circular blanca opaca. El peu \u00e9s del mateix color que el del cos i en la cara inferior del mantell poden apreciar-se esp\u00edcules fines que es disposen formant grans cel\u00b7les.<\/p>\n<p><strong>Biologia<\/strong><br \/>\nMolt poca cosa es coneix de la biologia d&#8217;aquesta esp\u00e8cie. En les costes atl\u00e0ntiques se l\u2019ha \u00a0trobat associada a l&#8217;esponja vermella <em>Phorbas fictitius<\/em> amb la qual guarden homocromia els exemplars vermellosos, per\u00f2 no s&#8217;ha comprovat que s&#8217;alimenti d&#8217;ella; si fos aix\u00ed el nudibranqui podria extreure de l&#8217;esponja el pigment del cos. Com tots els Dendrodor\u00eddids, manca la \u00a0r\u00e0dula en la seva cavitat bucal, de manera que per alimentar-se ha d&#8217;efectuar una succi\u00f3 del substrat aliment\u00f3s per mitj\u00e0 del bulb bucal. Pels tubercles del dors podria confondre&#8217;s a \u201cgrosso modo\u201d amb <em>Doris verrucosa<\/em>, per\u00f2 en aquesta esp\u00e8cie, de color marr\u00f3 grisenc, els tubercles s\u00f3n m\u00e9s alts i a m\u00e9s la beina rinof\u00f2rica i branquial disposen de gruixuts tubercles.<\/p>\n<p><strong>Etimologia<\/strong><\/p>\n<ul>\n<li><em>Doriopsilla<\/em>, g\u00e8nere descrit per Rudolf Bergh el 1880 en el seu treball \u201cDie Doriopsen des Mittelmeeres\u201d. <em>Doriopsilla<\/em> deriva de Doris, una nimfa marina a la mitologia grega + \u201c-opsis\u201d, \u201csimilar a\u201d o \u201camb forma de\u201d + \u201c-illa\u201d, un diminutiu. El significat ser\u00eda, doncs, \u201camb aspecte d\u2019un petit Doris\u201d.<\/li>\n<li><em>Pelseneeri<\/em>. En honor del Dr. Jean Paul Louis Pelseneer, (1863-1945), professor de qu\u00edmica i malac\u00f2leg aficionat de Brusel\u00b7les, B\u00e8lgica. T\u00e9 varies esp\u00e8cies animals dedicades.<\/li>\n<\/ul>\n<p><strong>Distribuci\u00f3<\/strong><br \/>\nAquesta esp\u00e8cie nom\u00e9s es coneix en la Pen\u00ednsula Ib\u00e8rica, principalment en el litoral atl\u00e0ntic. Tamb\u00e9 ha estat citada en les costes andaluses i al pa\u00eds basc franc\u00e8s. A Catalunya nom\u00e9s s&#8217;ha citat en caladors d&#8217;arrossegament comercial enfront de Blanes.<br \/>\n<div id=\"flxmap-6a999c18d4066\" class='flxmap-container' data-flxmap='flxmap_6a999c18d4066' style=\"width:100%;height:400px;\"><\/div>\n<script data-noptimize=\"1\">\n\/* <![CDATA[ *\/\n(function(w, fn) {\n if (w.addEventListener) w.addEventListener(\"DOMContentLoaded\", fn, false);\n else if (w.attachEvent) w.attachEvent(\"onload\", fn);\n})(window, function() {\n var f = new FlexibleMap();\n f.panControl = true;\n f.mapTypeId = \"satellite\";\n f.setlocale(\"ca-ES\");\n f.kmlcache = \"5 minutes\";\n f.showKML(\"flxmap-6a999c18d4066\", \"https:\/\/opistobranquis.info\/wp-content\/uploads\/kms\/2203.kmz\");\n window.flxmap_6a999c18d4066 = f;\n});\n\/* ]]> *\/\n<\/script>\n<div style=\"width:100%;text-align:center;margin:12px 0 4px 0;\">\n  <div style=\"font-size:8pt;margin-bottom:6px;\">Cites georeferenciades conegudes de l'esp\u00e8cie: <em>Doriopsilla pelseneeri<\/em><\/div>\n  <table style=\"margin:0 auto;border-collapse:collapse;font-size:8pt;\">\n    <tr><td colspan=\"2\" style=\"text-align:left;padding-bottom:4px;\"><strong>Fonts:<\/strong><\/td><\/tr>\n    <tr>\n      <td style=\"vertical-align:top;padding-right:40px;\">\n        <table style=\"border-collapse:collapse;\">\n<tr><td style='padding:1px 6px 1px 0;vertical-align:middle'><img data-recalc-dims=\"1\" src=\"https:\/\/i0.wp.com\/opistobranquis.info\/wp-content\/uploads\/kms\/wht-circle-lv.png?w=900&#038;ssl=1\" style='display:block'><\/td><td style='padding:1px 0;vertical-align:middle;white-space:nowrap'>OBIS<\/td><\/tr><tr><td style='padding:1px 6px 1px 0;vertical-align:middle'><img data-recalc-dims=\"1\" src=\"https:\/\/i0.wp.com\/opistobranquis.info\/wp-content\/uploads\/kms\/ylw-circle-lv.png?w=900&#038;ssl=1\" style='display:block'><\/td><td style='padding:1px 0;vertical-align:middle;white-space:nowrap'>GROC 2010-2011<\/td><\/tr><tr><td style='padding:1px 6px 1px 0;vertical-align:middle'><img data-recalc-dims=\"1\" src=\"https:\/\/i0.wp.com\/opistobranquis.info\/wp-content\/uploads\/kms\/grn-circle-lv.png?w=900&#038;ssl=1\" style='display:block'><\/td><td style='padding:1px 0;vertical-align:middle;white-space:nowrap'>Enric Madrenas<\/td><\/tr><tr><td style='padding:1px 6px 1px 0;vertical-align:middle'><img data-recalc-dims=\"1\" src=\"https:\/\/i0.wp.com\/opistobranquis.info\/wp-content\/uploads\/kms\/orange-circle-lv.png?w=900&#038;ssl=1\" style='display:block'><\/td><td style='padding:1px 0;vertical-align:middle;white-space:nowrap'>Jo\u00e3o Pedro Silva<\/td><\/tr><tr><td style='padding:1px 6px 1px 0;vertical-align:middle'><img data-recalc-dims=\"1\" src=\"https:\/\/i0.wp.com\/opistobranquis.info\/wp-content\/uploads\/kms\/pink-circle-lv.png?w=900&#038;ssl=1\" style='display:block'><\/td><td style='padding:1px 0;vertical-align:middle;white-space:nowrap'>Bernard Picton<\/td><\/tr><tr><td style='padding:1px 6px 1px 0;vertical-align:middle'><img data-recalc-dims=\"1\" src=\"https:\/\/i0.wp.com\/opistobranquis.info\/wp-content\/uploads\/kms\/blk-circle-lv.png?w=900&#038;ssl=1\" style='display:block'><\/td><td style='padding:1px 0;vertical-align:middle;white-space:nowrap'>GBIF<\/td><\/tr>        <\/table>\n      <\/td>\n      <td style=\"vertical-align:top;\">\n        <table style=\"border-collapse:collapse;\">\n<tr><td style='padding:1px 6px 1px 0;vertical-align:middle'><img data-recalc-dims=\"1\" src=\"https:\/\/i0.wp.com\/opistobranquis.info\/wp-content\/uploads\/kms\/purple-circle-lv.png?w=900&#038;ssl=1\" style='display:block'><\/td><td style='padding:1px 0;vertical-align:middle;white-space:nowrap'>OPK<\/td><\/tr><tr><td style='padding:1px 6px 1px 0;vertical-align:middle'><img data-recalc-dims=\"1\" src=\"https:\/\/i0.wp.com\/opistobranquis.info\/wp-content\/uploads\/kms\/red-circle-lv.png?w=900&#038;ssl=1\" style='display:block'><\/td><td style='padding:1px 0;vertical-align:middle;white-space:nowrap'>VIMAR<\/td><\/tr><tr><td style='padding:1px 6px 1px 0;vertical-align:middle'><img data-recalc-dims=\"1\" src=\"https:\/\/i0.wp.com\/opistobranquis.info\/wp-content\/uploads\/kms\/blu-circle-lv.png?w=900&#038;ssl=1\" style='display:block'><\/td><td style='padding:1px 0;vertical-align:middle;white-space:nowrap'>Manuel Ballesteros<\/td><\/tr><tr><td style='padding:1px 6px 1px 0;vertical-align:middle'><img data-recalc-dims=\"1\" src=\"https:\/\/i0.wp.com\/opistobranquis.info\/wp-content\/uploads\/kms\/cyan-circle-lv.png?w=900&#038;ssl=1\" style='display:block'><\/td><td style='padding:1px 0;vertical-align:middle;white-space:nowrap'>M@re Nostrum<\/td><\/tr><tr><td style='padding:1px 6px 1px 0;vertical-align:middle'><img data-recalc-dims=\"1\" src=\"https:\/\/i0.wp.com\/opistobranquis.info\/wp-content\/uploads\/kms\/grey-circle-lv.png?w=900&#038;ssl=1\" style='display:block'><\/td><td style='padding:1px 0;vertical-align:middle;white-space:nowrap'>Altres fonts<\/td><\/tr><tr><td style='padding:1px 6px 1px 0;vertical-align:middle'><img data-recalc-dims=\"1\" src=\"https:\/\/i0.wp.com\/opistobranquis.info\/wp-content\/uploads\/kms\/marreg.png?w=900&#038;ssl=1\" style='display:block'><\/td><td style='padding:1px 0;vertical-align:middle;white-space:nowrap'>Marine Regions<\/td><\/tr>        <\/table>\n      <\/td>\n    <\/tr>\n  <\/table>\n<\/div>\n<\/p>\n<p><strong>Error:<\/strong> Chart.js no est\u00e1 disponible.<\/p>\n<p><strong>Altres fotos<\/strong><br \/>\n<div class=\"tiled-gallery type-rectangular tiled-gallery-unresized\" data-original-width=\"900\" data-carousel-extra='{&quot;blog_id&quot;:1,&quot;permalink&quot;:&quot;https:\\\/\\\/opistobranquis.info\\\/ca\\\/guia\\\/nudibranchia\\\/doridina\\\/doridoidei\\\/phyllidioidea\\\/doriopsilla-pelseneeri\\\/&quot;,&quot;likes_blog_id&quot;:44192421}' itemscope itemtype=\"http:\/\/schema.org\/ImageGallery\" > <div class=\"gallery-row\" style=\"width: 900px; height: 410px;\" data-original-width=\"900\" data-original-height=\"410\" > <div class=\"gallery-group images-1\" style=\"width: 613px; height: 410px;\" data-original-width=\"613\" data-original-height=\"410\" > <div class=\"tiled-gallery-item tiled-gallery-item-large\" itemprop=\"associatedMedia\" itemscope itemtype=\"http:\/\/schema.org\/ImageObject\"> <a href=\"https:\/\/opistobranquis.info\/ca\/guia\/nudibranchia\/doridina\/doridoidei\/phyllidioidea\/doriopsilla-pelseneeri\/doriopsilla-pelseneeri-2\/\" border=\"0\" itemprop=\"url\"> <meta itemprop=\"width\" content=\"609\"> <meta itemprop=\"height\" content=\"406\"> <img decoding=\"async\" class=\"\" data-attachment-id=\"4377\" data-orig-file=\"https:\/\/opistobranquis.info\/wp-content\/uploads\/2012\/12\/doriopsilla-pelseneeri.jpg\" data-orig-size=\"800,533\" data-comments-opened=\"\" data-image-title=\"Doriopsilla pelseneeri\" data-image-description=\"&lt;p&gt;Doriopsilla pelseneeri&lt;\/p&gt; \" data-medium-file=\"https:\/\/i0.wp.com\/opistobranquis.info\/wp-content\/uploads\/2012\/12\/doriopsilla-pelseneeri.jpg?fit=300%2C199&#038;ssl=1\" data-large-file=\"https:\/\/i0.wp.com\/opistobranquis.info\/wp-content\/uploads\/2012\/12\/doriopsilla-pelseneeri.jpg?fit=800%2C533&#038;ssl=1\" src=\"https:\/\/i0.wp.com\/opistobranquis.info\/wp-content\/uploads\/2012\/12\/doriopsilla-pelseneeri.jpg?w=609&#038;h=406&#038;ssl=1\" srcset=\"https:\/\/i0.wp.com\/opistobranquis.info\/wp-content\/uploads\/2012\/12\/doriopsilla-pelseneeri.jpg?w=800&amp;ssl=1 800w, https:\/\/i0.wp.com\/opistobranquis.info\/wp-content\/uploads\/2012\/12\/doriopsilla-pelseneeri.jpg?resize=300%2C199&amp;ssl=1 300w\" width=\"609\" height=\"406\" loading=\"lazy\" data-original-width=\"609\" data-original-height=\"406\" itemprop=\"http:\/\/schema.org\/image\" title=\"Doriopsilla pelseneeri\" alt=\"Doriopsilla pelseneeri\" style=\"width: 609px; height: 406px;\" \/> <\/a> <div class=\"tiled-gallery-caption\" itemprop=\"caption description\"> Doriopsilla pelseneeri <\/div> <\/div> <\/div> <!-- close group --> <div class=\"gallery-group images-2\" style=\"width: 287px; height: 410px;\" data-original-width=\"287\" data-original-height=\"410\" > <div class=\"tiled-gallery-item tiled-gallery-item-large\" itemprop=\"associatedMedia\" itemscope itemtype=\"http:\/\/schema.org\/ImageObject\"> <a href=\"https:\/\/opistobranquis.info\/ca\/guia\/nudibranchia\/doridina\/doridoidei\/phyllidioidea\/doriopsilla-pelseneeri\/olympus-digital-camera-5\/\" border=\"0\" itemprop=\"url\"> <meta itemprop=\"width\" content=\"283\"> <meta itemprop=\"height\" content=\"213\"> <img decoding=\"async\" class=\"\" data-attachment-id=\"4378\" data-orig-file=\"https:\/\/opistobranquis.info\/wp-content\/uploads\/2012\/12\/doriopsilla-pelseneeri-p7070014.jpg\" data-orig-size=\"808,608\" data-comments-opened=\"\" data-image-title=\"Doriopsilla pelseneeri\" data-image-description=\"&lt;p&gt;Doriopsilla pelseneeri&lt;\/p&gt; \" data-medium-file=\"https:\/\/i0.wp.com\/opistobranquis.info\/wp-content\/uploads\/2012\/12\/doriopsilla-pelseneeri-p7070014.jpg?fit=300%2C225&#038;ssl=1\" data-large-file=\"https:\/\/i0.wp.com\/opistobranquis.info\/wp-content\/uploads\/2012\/12\/doriopsilla-pelseneeri-p7070014.jpg?fit=808%2C608&#038;ssl=1\" src=\"https:\/\/i0.wp.com\/opistobranquis.info\/wp-content\/uploads\/2012\/12\/doriopsilla-pelseneeri-p7070014.jpg?w=283&#038;h=213&#038;ssl=1\" srcset=\"https:\/\/i0.wp.com\/opistobranquis.info\/wp-content\/uploads\/2012\/12\/doriopsilla-pelseneeri-p7070014.jpg?w=808&amp;ssl=1 808w, https:\/\/i0.wp.com\/opistobranquis.info\/wp-content\/uploads\/2012\/12\/doriopsilla-pelseneeri-p7070014.jpg?resize=300%2C225&amp;ssl=1 300w\" width=\"283\" height=\"213\" loading=\"lazy\" data-original-width=\"283\" data-original-height=\"213\" itemprop=\"http:\/\/schema.org\/image\" title=\"Doriopsilla pelseneeri\" alt=\"Doriopsilla pelseneeri\" style=\"width: 283px; height: 213px;\" \/> <\/a> <div class=\"tiled-gallery-caption\" itemprop=\"caption description\"> Doriopsilla pelseneeri <\/div> <\/div> <div class=\"tiled-gallery-item tiled-gallery-item-large\" itemprop=\"associatedMedia\" itemscope itemtype=\"http:\/\/schema.org\/ImageObject\"> <a href=\"https:\/\/opistobranquis.info\/ca\/guia\/nudibranchia\/doridina\/doridoidei\/phyllidioidea\/doriopsilla-pelseneeri\/d-pelseneeriblancaopk\/\" border=\"0\" itemprop=\"url\"> <meta itemprop=\"width\" content=\"283\"> <meta itemprop=\"height\" content=\"189\"> <img decoding=\"async\" class=\"\" data-attachment-id=\"8294\" data-orig-file=\"https:\/\/opistobranquis.info\/wp-content\/uploads\/2013\/09\/D.pelseneeriblancaOPK.jpg\" data-orig-size=\"800,533\" data-comments-opened=\"\" data-image-title=\"Doriopsilla pelseneeri (Atlantic)\" data-image-description=\"&lt;p&gt;Doriopsilla pelseneeri (Atlantic)&lt;\/p&gt; \" data-medium-file=\"https:\/\/i0.wp.com\/opistobranquis.info\/wp-content\/uploads\/2013\/09\/D.pelseneeriblancaOPK.jpg?fit=300%2C199&#038;ssl=1\" data-large-file=\"https:\/\/i0.wp.com\/opistobranquis.info\/wp-content\/uploads\/2013\/09\/D.pelseneeriblancaOPK.jpg?fit=800%2C533&#038;ssl=1\" src=\"https:\/\/i0.wp.com\/opistobranquis.info\/wp-content\/uploads\/2013\/09\/D.pelseneeriblancaOPK.jpg?w=283&#038;h=189&#038;ssl=1\" srcset=\"https:\/\/i0.wp.com\/opistobranquis.info\/wp-content\/uploads\/2013\/09\/D.pelseneeriblancaOPK.jpg?w=800&amp;ssl=1 800w, https:\/\/i0.wp.com\/opistobranquis.info\/wp-content\/uploads\/2013\/09\/D.pelseneeriblancaOPK.jpg?resize=150%2C99&amp;ssl=1 150w, https:\/\/i0.wp.com\/opistobranquis.info\/wp-content\/uploads\/2013\/09\/D.pelseneeriblancaOPK.jpg?resize=300%2C199&amp;ssl=1 300w\" width=\"283\" height=\"189\" loading=\"lazy\" data-original-width=\"283\" data-original-height=\"189\" itemprop=\"http:\/\/schema.org\/image\" title=\"Doriopsilla pelseneeri (Atlantic)\" alt=\"Doriopsilla pelseneeri (Atlantic)\" style=\"width: 283px; height: 189px;\" \/> <\/a> <div class=\"tiled-gallery-caption\" itemprop=\"caption description\"> Doriopsilla pelseneeri (Atlantic) <\/div> <\/div> <\/div> <!-- close group --> <\/div> <!-- close row --> <div class=\"gallery-row\" style=\"width: 900px; height: 772px;\" data-original-width=\"900\" data-original-height=\"772\" > <div class=\"gallery-group images-3\" style=\"width: 384px; height: 772px;\" data-original-width=\"384\" data-original-height=\"772\" > <div class=\"tiled-gallery-item tiled-gallery-item-large\" itemprop=\"associatedMedia\" itemscope itemtype=\"http:\/\/schema.org\/ImageObject\"> <a href=\"https:\/\/opistobranquis.info\/ca\/guia\/nudibranchia\/doridina\/doridoidei\/phyllidioidea\/doriopsilla-pelseneeri\/d-pelseneeri-naranja\/\" border=\"0\" itemprop=\"url\"> <meta itemprop=\"width\" content=\"380\"> <meta itemprop=\"height\" content=\"254\"> <img decoding=\"async\" class=\"\" data-attachment-id=\"8295\" data-orig-file=\"https:\/\/opistobranquis.info\/wp-content\/uploads\/2013\/09\/D.pelseneeri-naranja.jpg\" data-orig-size=\"800,533\" data-comments-opened=\"\" data-image-title=\"Doriopsilla pelseneeri (Atlantic)\" data-image-description=\"&lt;p&gt;Doriopsilla pelseneeri (Atlantic)&lt;\/p&gt; \" data-medium-file=\"https:\/\/i0.wp.com\/opistobranquis.info\/wp-content\/uploads\/2013\/09\/D.pelseneeri-naranja.jpg?fit=300%2C199&#038;ssl=1\" data-large-file=\"https:\/\/i0.wp.com\/opistobranquis.info\/wp-content\/uploads\/2013\/09\/D.pelseneeri-naranja.jpg?fit=800%2C533&#038;ssl=1\" src=\"https:\/\/i0.wp.com\/opistobranquis.info\/wp-content\/uploads\/2013\/09\/D.pelseneeri-naranja.jpg?w=380&#038;h=254&#038;ssl=1\" srcset=\"https:\/\/i0.wp.com\/opistobranquis.info\/wp-content\/uploads\/2013\/09\/D.pelseneeri-naranja.jpg?w=800&amp;ssl=1 800w, https:\/\/i0.wp.com\/opistobranquis.info\/wp-content\/uploads\/2013\/09\/D.pelseneeri-naranja.jpg?resize=150%2C99&amp;ssl=1 150w\" width=\"380\" height=\"254\" loading=\"lazy\" data-original-width=\"380\" data-original-height=\"254\" itemprop=\"http:\/\/schema.org\/image\" title=\"Doriopsilla pelseneeri (Atlantic)\" alt=\"Doriopsilla pelseneeri (Atlantic)\" style=\"width: 380px; height: 254px;\" \/> <\/a> <div class=\"tiled-gallery-caption\" itemprop=\"caption description\"> Doriopsilla pelseneeri (Atlantic) <\/div> <\/div> <div class=\"tiled-gallery-item tiled-gallery-item-large\" itemprop=\"associatedMedia\" itemscope itemtype=\"http:\/\/schema.org\/ImageObject\"> <a href=\"https:\/\/opistobranquis.info\/ca\/guia\/nudibranchia\/doridina\/doridoidei\/phyllidioidea\/doriopsilla-pelseneeri\/dpelseneeri2opk\/\" border=\"0\" itemprop=\"url\"> <meta itemprop=\"width\" content=\"380\"> <meta itemprop=\"height\" content=\"253\"> <img decoding=\"async\" class=\"\" data-attachment-id=\"8297\" data-orig-file=\"https:\/\/opistobranquis.info\/wp-content\/uploads\/2013\/09\/DPelseneeri2OPK.jpg\" data-orig-size=\"800,533\" data-comments-opened=\"\" data-image-title=\"Doriopsilla pelseneeri (Atlantic)\" data-image-description=\"&lt;p&gt;Doriopsilla pelseneeri (Atlantic)&lt;\/p&gt; \" data-medium-file=\"https:\/\/i0.wp.com\/opistobranquis.info\/wp-content\/uploads\/2013\/09\/DPelseneeri2OPK.jpg?fit=300%2C199&#038;ssl=1\" data-large-file=\"https:\/\/i0.wp.com\/opistobranquis.info\/wp-content\/uploads\/2013\/09\/DPelseneeri2OPK.jpg?fit=800%2C533&#038;ssl=1\" src=\"https:\/\/i0.wp.com\/opistobranquis.info\/wp-content\/uploads\/2013\/09\/DPelseneeri2OPK.jpg?w=380&#038;h=253&#038;ssl=1\" srcset=\"https:\/\/i0.wp.com\/opistobranquis.info\/wp-content\/uploads\/2013\/09\/DPelseneeri2OPK.jpg?w=800&amp;ssl=1 800w, https:\/\/i0.wp.com\/opistobranquis.info\/wp-content\/uploads\/2013\/09\/DPelseneeri2OPK.jpg?resize=150%2C99&amp;ssl=1 150w, https:\/\/i0.wp.com\/opistobranquis.info\/wp-content\/uploads\/2013\/09\/DPelseneeri2OPK.jpg?resize=300%2C199&amp;ssl=1 300w\" width=\"380\" height=\"253\" loading=\"lazy\" data-original-width=\"380\" data-original-height=\"253\" itemprop=\"http:\/\/schema.org\/image\" title=\"Doriopsilla pelseneeri (Atlantic)\" alt=\"Doriopsilla pelseneeri (Atlantic)\" style=\"width: 380px; height: 253px;\" \/> <\/a> <div class=\"tiled-gallery-caption\" itemprop=\"caption description\"> Doriopsilla pelseneeri (Atlantic) <\/div> <\/div> <div class=\"tiled-gallery-item tiled-gallery-item-large\" itemprop=\"associatedMedia\" itemscope itemtype=\"http:\/\/schema.org\/ImageObject\"> <a href=\"https:\/\/opistobranquis.info\/ca\/guia\/nudibranchia\/doridina\/doridoidei\/phyllidioidea\/doriopsilla-pelseneeri\/doriopsilla-pelseneeri-2-portugal-by-joao-pedro-silva\/\" border=\"0\" itemprop=\"url\"> <meta itemprop=\"width\" content=\"380\"> <meta itemprop=\"height\" content=\"253\"> <img decoding=\"async\" class=\"\" data-attachment-id=\"15928\" data-orig-file=\"https:\/\/opistobranquis.info\/wp-content\/uploads\/2014\/10\/Doriopsilla-pelseneeri-2-Portugal-by-Joao-Pedro-Silva.jpg\" data-orig-size=\"800,533\" data-comments-opened=\"\" data-image-title=\"Doriopsilla pelseneeri (Portugal) by Joao Pedro Silva\" data-image-description=\"&lt;p&gt;Doriopsilla pelseneeri (Portugal) by Joao Pedro Silva&lt;\/p&gt; \" data-medium-file=\"https:\/\/i0.wp.com\/opistobranquis.info\/wp-content\/uploads\/2014\/10\/Doriopsilla-pelseneeri-2-Portugal-by-Joao-Pedro-Silva.jpg?fit=300%2C199&#038;ssl=1\" data-large-file=\"https:\/\/i0.wp.com\/opistobranquis.info\/wp-content\/uploads\/2014\/10\/Doriopsilla-pelseneeri-2-Portugal-by-Joao-Pedro-Silva.jpg?fit=800%2C533&#038;ssl=1\" src=\"https:\/\/i0.wp.com\/opistobranquis.info\/wp-content\/uploads\/2014\/10\/Doriopsilla-pelseneeri-2-Portugal-by-Joao-Pedro-Silva.jpg?w=380&#038;h=253&#038;ssl=1\" srcset=\"https:\/\/i0.wp.com\/opistobranquis.info\/wp-content\/uploads\/2014\/10\/Doriopsilla-pelseneeri-2-Portugal-by-Joao-Pedro-Silva.jpg?w=800&amp;ssl=1 800w, https:\/\/i0.wp.com\/opistobranquis.info\/wp-content\/uploads\/2014\/10\/Doriopsilla-pelseneeri-2-Portugal-by-Joao-Pedro-Silva.jpg?resize=150%2C99&amp;ssl=1 150w, https:\/\/i0.wp.com\/opistobranquis.info\/wp-content\/uploads\/2014\/10\/Doriopsilla-pelseneeri-2-Portugal-by-Joao-Pedro-Silva.jpg?resize=300%2C199&amp;ssl=1 300w\" width=\"380\" height=\"253\" loading=\"lazy\" data-original-width=\"380\" data-original-height=\"253\" itemprop=\"http:\/\/schema.org\/image\" title=\"Doriopsilla pelseneeri (Portugal) by Joao Pedro Silva\" alt=\"Doriopsilla pelseneeri (Portugal) by Joao Pedro Silva\" style=\"width: 380px; height: 253px;\" \/> <\/a> <div class=\"tiled-gallery-caption\" itemprop=\"caption description\"> Doriopsilla pelseneeri (Portugal) by Joao Pedro Silva <\/div> <\/div> <\/div> <!-- close group --> <div class=\"gallery-group images-1\" style=\"width: 516px; height: 772px;\" data-original-width=\"516\" data-original-height=\"772\" > <div class=\"tiled-gallery-item tiled-gallery-item-large\" itemprop=\"associatedMedia\" itemscope itemtype=\"http:\/\/schema.org\/ImageObject\"> <a href=\"https:\/\/opistobranquis.info\/ca\/guia\/nudibranchia\/doridina\/doridoidei\/phyllidioidea\/doriopsilla-pelseneeri\/doriopsilla-pelseneeri-3-portugal-by-joao-pedro-silva\/\" border=\"0\" itemprop=\"url\"> <meta itemprop=\"width\" content=\"512\"> <meta itemprop=\"height\" content=\"768\"> <img decoding=\"async\" class=\"\" data-attachment-id=\"15929\" data-orig-file=\"https:\/\/opistobranquis.info\/wp-content\/uploads\/2014\/10\/Doriopsilla-pelseneeri-3-Portugal-by-Joao-Pedro-Silva.jpg\" data-orig-size=\"533,800\" data-comments-opened=\"\" data-image-title=\"Doriopsilla pelseneeri (Portugal) by Joao Pedro Silva\" data-image-description=\"&lt;p&gt;Doriopsilla pelseneeri (Portugal) by Joao Pedro Silva&lt;\/p&gt; \" data-medium-file=\"https:\/\/i0.wp.com\/opistobranquis.info\/wp-content\/uploads\/2014\/10\/Doriopsilla-pelseneeri-3-Portugal-by-Joao-Pedro-Silva.jpg?fit=199%2C300&#038;ssl=1\" data-large-file=\"https:\/\/i0.wp.com\/opistobranquis.info\/wp-content\/uploads\/2014\/10\/Doriopsilla-pelseneeri-3-Portugal-by-Joao-Pedro-Silva.jpg?fit=533%2C800&#038;ssl=1\" src=\"https:\/\/i0.wp.com\/opistobranquis.info\/wp-content\/uploads\/2014\/10\/Doriopsilla-pelseneeri-3-Portugal-by-Joao-Pedro-Silva.jpg?w=512&#038;h=768&#038;ssl=1\" srcset=\"https:\/\/i0.wp.com\/opistobranquis.info\/wp-content\/uploads\/2014\/10\/Doriopsilla-pelseneeri-3-Portugal-by-Joao-Pedro-Silva.jpg?w=533&amp;ssl=1 533w, https:\/\/i0.wp.com\/opistobranquis.info\/wp-content\/uploads\/2014\/10\/Doriopsilla-pelseneeri-3-Portugal-by-Joao-Pedro-Silva.jpg?resize=99%2C150&amp;ssl=1 99w, https:\/\/i0.wp.com\/opistobranquis.info\/wp-content\/uploads\/2014\/10\/Doriopsilla-pelseneeri-3-Portugal-by-Joao-Pedro-Silva.jpg?resize=199%2C300&amp;ssl=1 199w\" width=\"512\" height=\"768\" loading=\"lazy\" data-original-width=\"512\" data-original-height=\"768\" itemprop=\"http:\/\/schema.org\/image\" title=\"Doriopsilla pelseneeri (Portugal) by Joao Pedro Silva\" alt=\"Doriopsilla pelseneeri (Portugal) by Joao Pedro Silva\" style=\"width: 512px; height: 768px;\" \/> <\/a> <div class=\"tiled-gallery-caption\" itemprop=\"caption description\"> Doriopsilla pelseneeri (Portugal) by Joao Pedro Silva <\/div> <\/div> <\/div> <!-- close group --> <\/div> <!-- close row --> <div class=\"gallery-row\" style=\"width: 900px; height: 404px;\" data-original-width=\"900\" data-original-height=\"404\" > <div class=\"gallery-group images-2\" style=\"width: 305px; height: 404px;\" data-original-width=\"305\" data-original-height=\"404\" > <div class=\"tiled-gallery-item tiled-gallery-item-large\" itemprop=\"associatedMedia\" itemscope itemtype=\"http:\/\/schema.org\/ImageObject\"> <a href=\"https:\/\/opistobranquis.info\/ca\/guia\/nudibranchia\/doridina\/doridoidei\/phyllidioidea\/doriopsilla-pelseneeri\/doriopsilla-pelseneeri-portugal-by-joao-pedro-silva\/\" border=\"0\" itemprop=\"url\"> <meta itemprop=\"width\" content=\"301\"> <meta itemprop=\"height\" content=\"200\"> <img decoding=\"async\" class=\"\" data-attachment-id=\"15930\" data-orig-file=\"https:\/\/opistobranquis.info\/wp-content\/uploads\/2014\/10\/Doriopsilla-pelseneeri-Portugal-by-Joao-Pedro-Silva.jpg\" data-orig-size=\"800,533\" data-comments-opened=\"\" data-image-title=\"Doriopsilla pelseneeri (Portugal) by Joao Pedro Silva\" data-image-description=\"&lt;p&gt;Doriopsilla pelseneeri (Portugal) by Joao Pedro Silva&lt;\/p&gt; \" data-medium-file=\"https:\/\/i0.wp.com\/opistobranquis.info\/wp-content\/uploads\/2014\/10\/Doriopsilla-pelseneeri-Portugal-by-Joao-Pedro-Silva.jpg?fit=300%2C199&#038;ssl=1\" data-large-file=\"https:\/\/i0.wp.com\/opistobranquis.info\/wp-content\/uploads\/2014\/10\/Doriopsilla-pelseneeri-Portugal-by-Joao-Pedro-Silva.jpg?fit=800%2C533&#038;ssl=1\" src=\"https:\/\/i0.wp.com\/opistobranquis.info\/wp-content\/uploads\/2014\/10\/Doriopsilla-pelseneeri-Portugal-by-Joao-Pedro-Silva.jpg?w=301&#038;h=200&#038;ssl=1\" srcset=\"https:\/\/i0.wp.com\/opistobranquis.info\/wp-content\/uploads\/2014\/10\/Doriopsilla-pelseneeri-Portugal-by-Joao-Pedro-Silva.jpg?w=800&amp;ssl=1 800w, https:\/\/i0.wp.com\/opistobranquis.info\/wp-content\/uploads\/2014\/10\/Doriopsilla-pelseneeri-Portugal-by-Joao-Pedro-Silva.jpg?resize=150%2C99&amp;ssl=1 150w, https:\/\/i0.wp.com\/opistobranquis.info\/wp-content\/uploads\/2014\/10\/Doriopsilla-pelseneeri-Portugal-by-Joao-Pedro-Silva.jpg?resize=300%2C199&amp;ssl=1 300w\" width=\"301\" height=\"200\" loading=\"lazy\" data-original-width=\"301\" data-original-height=\"200\" itemprop=\"http:\/\/schema.org\/image\" title=\"Doriopsilla pelseneeri (Portugal) by Joao Pedro Silva\" alt=\"Doriopsilla pelseneeri (Portugal) by Joao Pedro Silva\" style=\"width: 301px; height: 200px;\" \/> <\/a> <div class=\"tiled-gallery-caption\" itemprop=\"caption description\"> Doriopsilla pelseneeri (Portugal) by Joao Pedro Silva <\/div> <\/div> <div class=\"tiled-gallery-item tiled-gallery-item-large\" itemprop=\"associatedMedia\" itemscope itemtype=\"http:\/\/schema.org\/ImageObject\"> <a href=\"https:\/\/opistobranquis.info\/ca\/guia\/nudibranchia\/doridina\/doridoidei\/phyllidioidea\/doriopsilla-pelseneeri\/doriopsilla-pelseneeri-3\/\" border=\"0\" itemprop=\"url\"> <meta itemprop=\"width\" content=\"301\"> <meta itemprop=\"height\" content=\"196\"> <img decoding=\"async\" class=\"\" data-attachment-id=\"20989\" data-orig-file=\"https:\/\/opistobranquis.info\/wp-content\/uploads\/2012\/08\/Doriopsilla-pelseneeri.jpg\" data-orig-size=\"808,527\" data-comments-opened=\"\" data-image-title=\"Doriopsilla pelseneeri by Jos\u00e9 Carlos Garc\u00eda G\u00f3mez\" data-image-description=\"&lt;p&gt;Doriopsilla pelseneeri by Jos\u00e9 Carlos Garc\u00eda G\u00f3mez&lt;\/p&gt; \" data-medium-file=\"https:\/\/i0.wp.com\/opistobranquis.info\/wp-content\/uploads\/2012\/08\/Doriopsilla-pelseneeri.jpg?fit=300%2C196&#038;ssl=1\" data-large-file=\"https:\/\/i0.wp.com\/opistobranquis.info\/wp-content\/uploads\/2012\/08\/Doriopsilla-pelseneeri.jpg?fit=808%2C527&#038;ssl=1\" src=\"https:\/\/i0.wp.com\/opistobranquis.info\/wp-content\/uploads\/2012\/08\/Doriopsilla-pelseneeri.jpg?w=301&#038;h=196&#038;ssl=1\" srcset=\"https:\/\/i0.wp.com\/opistobranquis.info\/wp-content\/uploads\/2012\/08\/Doriopsilla-pelseneeri.jpg?w=808&amp;ssl=1 808w, https:\/\/i0.wp.com\/opistobranquis.info\/wp-content\/uploads\/2012\/08\/Doriopsilla-pelseneeri.jpg?resize=150%2C98&amp;ssl=1 150w, https:\/\/i0.wp.com\/opistobranquis.info\/wp-content\/uploads\/2012\/08\/Doriopsilla-pelseneeri.jpg?resize=300%2C196&amp;ssl=1 300w, https:\/\/i0.wp.com\/opistobranquis.info\/wp-content\/uploads\/2012\/08\/Doriopsilla-pelseneeri.jpg?resize=768%2C501&amp;ssl=1 768w\" width=\"301\" height=\"196\" loading=\"lazy\" data-original-width=\"301\" data-original-height=\"196\" itemprop=\"http:\/\/schema.org\/image\" title=\"Doriopsilla pelseneeri by Jos\u00e9 Carlos Garc\u00eda G\u00f3mez\" alt=\"Doriopsilla pelseneeri by Jos\u00e9 Carlos Garc\u00eda G\u00f3mez\" style=\"width: 301px; height: 196px;\" \/> <\/a> <div class=\"tiled-gallery-caption\" itemprop=\"caption description\"> Doriopsilla pelseneeri by Jos\u00e9 Carlos Garc\u00eda G\u00f3mez <\/div> <\/div> <\/div> <!-- close group --> <div class=\"gallery-group images-1\" style=\"width: 595px; height: 404px;\" data-original-width=\"595\" data-original-height=\"404\" > <div class=\"tiled-gallery-item tiled-gallery-item-large\" itemprop=\"associatedMedia\" itemscope itemtype=\"http:\/\/schema.org\/ImageObject\"> <a href=\"https:\/\/opistobranquis.info\/ca\/guia\/nudibranchia\/doridina\/doridoidei\/phyllidioidea\/doriopsilla-pelseneeri\/olympus-digital-camera-281\/\" border=\"0\" itemprop=\"url\"> <meta itemprop=\"width\" content=\"591\"> <meta itemprop=\"height\" content=\"400\"> <img decoding=\"async\" class=\"\" data-attachment-id=\"36571\" data-orig-file=\"https:\/\/opistobranquis.info\/wp-content\/uploads\/2023\/01\/Doriopsilla-pelseneeri-MB-P7070002.jpg\" data-orig-size=\"1200,812\" data-comments-opened=\"\" data-image-title=\"Doriopsilla pelseneeri by Manuel Ballesteros\" data-image-description=\"&lt;p&gt;Doriopsilla pelseneeri by Manuel Ballesteros&lt;\/p&gt; \" data-medium-file=\"https:\/\/i0.wp.com\/opistobranquis.info\/wp-content\/uploads\/2023\/01\/Doriopsilla-pelseneeri-MB-P7070002.jpg?fit=300%2C203&#038;ssl=1\" data-large-file=\"https:\/\/i0.wp.com\/opistobranquis.info\/wp-content\/uploads\/2023\/01\/Doriopsilla-pelseneeri-MB-P7070002.jpg?fit=900%2C609&#038;ssl=1\" src=\"https:\/\/i0.wp.com\/opistobranquis.info\/wp-content\/uploads\/2023\/01\/Doriopsilla-pelseneeri-MB-P7070002.jpg?w=591&#038;h=400&#038;ssl=1\" srcset=\"https:\/\/i0.wp.com\/opistobranquis.info\/wp-content\/uploads\/2023\/01\/Doriopsilla-pelseneeri-MB-P7070002.jpg?w=1200&amp;ssl=1 1200w, https:\/\/i0.wp.com\/opistobranquis.info\/wp-content\/uploads\/2023\/01\/Doriopsilla-pelseneeri-MB-P7070002.jpg?resize=300%2C203&amp;ssl=1 300w, https:\/\/i0.wp.com\/opistobranquis.info\/wp-content\/uploads\/2023\/01\/Doriopsilla-pelseneeri-MB-P7070002.jpg?resize=1024%2C693&amp;ssl=1 1024w, https:\/\/i0.wp.com\/opistobranquis.info\/wp-content\/uploads\/2023\/01\/Doriopsilla-pelseneeri-MB-P7070002.jpg?resize=150%2C102&amp;ssl=1 150w\" width=\"591\" height=\"400\" loading=\"lazy\" data-original-width=\"591\" data-original-height=\"400\" itemprop=\"http:\/\/schema.org\/image\" title=\"Doriopsilla pelseneeri by Manuel Ballesteros\" alt=\"Doriopsilla pelseneeri by Manuel Ballesteros\" style=\"width: 591px; height: 400px;\" \/> <\/a> <div class=\"tiled-gallery-caption\" itemprop=\"caption description\"> Doriopsilla pelseneeri by Manuel Ballesteros <\/div> <\/div> <\/div> <!-- close group --> <\/div> <!-- close row --> <\/div><br \/>\n<p><strong>Bibliografia<\/strong><\/p><ul><div id=\"zotpress-54cf350c6cfc631e16fdfd09bee40789\" class=\"zp-Zotpress zp-Zotpress-Bib wp-block-group\">\n\n\t\t<span class=\"ZP_API_USER_ID ZP_ATTR\">1246567<\/span>\n\t\t<span class=\"ZP_ITEM_KEY ZP_ATTR\"><\/span>\n\t\t<span class=\"ZP_COLLECTION_ID ZP_ATTR\"><\/span>\n\t\t<span class=\"ZP_TAG_ID ZP_ATTR\">Doriopsilla pelseneeri<\/span>\n\t\t<span class=\"ZP_AUTHOR ZP_ATTR\"><\/span>\n\t\t<span class=\"ZP_YEAR ZP_ATTR\"><\/span>\n        <span class=\"ZP_ITEMTYPE ZP_ATTR\"><\/span>\n\t\t<span class=\"ZP_INCLUSIVE ZP_ATTR\">1<\/span>\n\t\t<span class=\"ZP_STYLE ZP_ATTR\">eunomia-revista-en-cultura-de-la-legalidad<\/span>\n\t\t<span class=\"ZP_LIMIT ZP_ATTR\">50<\/span>\n\t\t<span class=\"ZP_SORTBY ZP_ATTR\">creator<\/span>\n\t\t<span class=\"ZP_ORDER ZP_ATTR\">asc<\/span>\n\t\t<span class=\"ZP_TITLE ZP_ATTR\"><\/span>\n\t\t<span class=\"ZP_SHOWIMAGE ZP_ATTR\"><\/span>\n\t\t<span class=\"ZP_SHOWTAGS ZP_ATTR\"><\/span>\n\t\t<span class=\"ZP_DOWNLOADABLE ZP_ATTR\"><\/span>\n\t\t<span class=\"ZP_NOTES ZP_ATTR\"><\/span>\n\t\t<span class=\"ZP_ABSTRACT ZP_ATTR\"><\/span>\n\t\t<span class=\"ZP_CITEABLE ZP_ATTR\"><\/span>\n\t\t<span class=\"ZP_TARGET ZP_ATTR\">1<\/span>\n\t\t<span class=\"ZP_URLWRAP ZP_ATTR\"><\/span>\n\t\t<span class=\"ZP_FORCENUM ZP_ATTR\"><\/span>\n        <span class=\"ZP_HIGHLIGHT ZP_ATTR\"><\/span>\n        <span class=\"ZP_POSTID ZP_ATTR\">2203<\/span>\n\t\t<span class=\"ZOTPRESS_PLUGIN_URL ZP_ATTR\">https:\/\/opistobranquis.info\/wp-content\/plugins\/zotpress\/<\/span>\n\n\t\t<div class=\"zp-List loading\">\n\t\t\t<div class=\"zp-SEO-Content\">\n\n\t\t\t<\/div><!-- .zp-zp-SEO-Content -->\n\t\t<\/div><!-- .zp-List -->\n\t<\/div><!--.zp-Zotpress-->\n\n<p><\/p>Bibliografia basada en els treballs de <b>Steve Long, 2006<\/b>. <a target=_blank href=https:\/\/opistobranquis.info\/wp-content\/uploads\/2016\/06\/Long-S.-2006-Bibliography-of-Opisthobranchia-1554-2000.pdf>Bibliography of Opisthobranchia 1554-2000<\/a> i <b>Gary McDonald, 2009<\/b>. <a href=http:\/\/escholarship.org\/uc\/item\/8115h0wz>Bibliographia Nudibranchia<\/a>, amb actualitzacions posteriors procedents d\u00b4altres fonts.<p><\/p><\/ul><p><\/p><p><strong>M\u00e9s informaci\u00f3<\/strong><\/p><span style=\"font-size:10pt\"><ul><ul class=\"blogroll-links\"><li><a href=\"http:\/\/www.asturnatura.com\/especie\/doriopsilla-pelseneeri.html\">AsturNatura<\/a><\/li><li><a href=\"http:\/\/www.biodiversitylibrary.org\/name\/Doriopsilla%20pelseneeri\">Biodiversity Heritage Library<\/a><\/li><li><a href=\"https:\/\/www.flickr.com\/search\/?text=Doriopsilla%20pelseneeri\">Flickr pictures<\/a><\/li><li><a href=\"http:\/\/www.irmng.org\/aphia.php?p=taxlist&#038;tName=Doriopsilla%20pelseneeri\">Interim Register of Marine and Nonmarine Genera<\/a><\/li><li><a href=\"https:\/\/web.archive.org\/web\/20250116074557\/http:\/\/medslugs.de\/E\/Med\/Doriopsilla_pelseneeri\/Selection.htm\">MedSlugs (Med)<\/a><\/li><li><a href=\"http:\/\/www.ncbi.nlm.nih.gov\/Taxonomy\/Browser\/wwwtax.cgi?mode=Undef&#038;name=Doriopsilla%20pelseneeri&#038;lvl=0&#038;srchmode=1\">NCBI GenBank<\/a><\/li><li><a href=\"http:\/\/iobis.org\/mapper\/?taxon=Doriopsilla%20pelseneeri\">OBIS - Search by Taxon<\/a><\/li><li><a href=\"http:\/\/www.seaslugforum.net\/showall\/doripels\">Sea Slug Forum<\/a><\/li><li><a href=\"http:\/\/www.marinespecies.org\/aphia.php?p=taxdetails&#038;id=139521\">World Register of Marine Species<\/a><\/li><\/ul><\/ul><\/span><p><strong>Citeu aquest article com: <\/strong><\/p><div style=\"display: block; background: #444444; padding: 10px 30px 10px 10px; border-radius: 5px; line-height: 18px;\"><p class=\"citacio\"><b>Ballesteros, M., Madrenas, E. &#38; Pontes, M.<\/b> (2025) <em>\"Doriopsilla pelseneeri\"<\/em> a <em>OPK-Opistobranquis<\/em>. Publicat: 28\/08\/2012. Accedit: 03\/09\/2026. Disponible a (<a href=https:\/\/opistobranquis.info\/ca\/?p=2203>https:\/\/opistobranquis.info\/ca\/?p=2203<\/a>)<\/p><p><\/p><\/div><p><\/p><\/p>","protected":false},"excerpt":{"rendered":"<p>Doriopsilla pelseneeri (d&#8217;Oliveira, 1895) Sin\u00f2nims Dendrodoris minima Pruvot-Fol, 1951\u00a0 Dendrodoris racemosa Pruvot-Fol, 1951 Descripci\u00f3 Aquesta esp\u00e8cie pot aconseguir els 50 mm de longitud. El m\u00e9s caracter\u00edstic de la seva morfologia s\u00f3n els tubercles que cobreixen tot el dors, ben espaiats, de forma semiesf\u00e8rica o lleugerament punxeguts, sent els del centre quelcom majors que els situats en el marge. La coloraci\u00f3 dels exemplars \u00e9s molt variable i pot ser que canvi\u00efn\u2026<\/p>\n<p class=\"continue-reading-button\"> <a class=\"continue-reading-link\" href=\"https:\/\/opistobranquis.info\/ca\/guia\/nudibranchia\/doridina\/doridoidei\/phyllidioidea\/doriopsilla-pelseneeri\/\">Continua llegint<i class=\"crycon-right-dir\"><\/i><\/a><\/p>\n","protected":false},"author":291,"featured_media":8296,"parent":26112,"menu_order":6420,"comment_status":"closed","ping_status":"closed","template":"","meta":{"footnotes":""},"class_list":["post-2203","page","type-page","status-publish","has-post-thumbnail","hentry"],"jetpack_sharing_enabled":true,"_links":{"self":[{"href":"https:\/\/opistobranquis.info\/ca\/wp-json\/wp\/v2\/pages\/2203","targetHints":{"allow":["GET"]}}],"collection":[{"href":"https:\/\/opistobranquis.info\/ca\/wp-json\/wp\/v2\/pages"}],"about":[{"href":"https:\/\/opistobranquis.info\/ca\/wp-json\/wp\/v2\/types\/page"}],"author":[{"embeddable":true,"href":"https:\/\/opistobranquis.info\/ca\/wp-json\/wp\/v2\/users\/291"}],"replies":[{"embeddable":true,"href":"https:\/\/opistobranquis.info\/ca\/wp-json\/wp\/v2\/comments?post=2203"}],"version-history":[{"count":1,"href":"https:\/\/opistobranquis.info\/ca\/wp-json\/wp\/v2\/pages\/2203\/revisions"}],"predecessor-version":[{"id":25384,"href":"https:\/\/opistobranquis.info\/ca\/wp-json\/wp\/v2\/pages\/2203\/revisions\/25384"}],"up":[{"embeddable":true,"href":"https:\/\/opistobranquis.info\/ca\/wp-json\/wp\/v2\/pages\/26112"}],"wp:featuredmedia":[{"embeddable":true,"href":"https:\/\/opistobranquis.info\/ca\/wp-json\/wp\/v2\/media\/8296"}],"wp:attachment":[{"href":"https:\/\/opistobranquis.info\/ca\/wp-json\/wp\/v2\/media?parent=2203"}],"curies":[{"name":"wp","href":"https:\/\/api.w.org\/{rel}","templated":true}]}}