{"id":2229,"date":"2012-08-29T17:17:04","date_gmt":"2012-08-29T15:17:04","guid":{"rendered":"https:\/\/opistobranquis.info\/taringa-fabataringa-fabataringa-faba"},"modified":"2019-07-16T12:40:44","modified_gmt":"2019-07-16T10:40:44","slug":"taringa-faba","status":"publish","type":"page","link":"https:\/\/opistobranquis.info\/ca\/guia\/nudibranchia\/doridina\/doridoidei\/doridoidea\/taringa-faba\/","title":{"rendered":"Taringa faba"},"content":{"rendered":"<p><\/p>\n<h3><em>Taringa faba<\/em>\u00a0Ballesteros, Llera &amp; Ortea, 1985<\/h3>\n<p><span style=\"font-size:10pt;\" class=\"aligncenter\"><div id=\"featured-img-id\"><img data-recalc-dims=\"1\" decoding=\"async\" src=\"https:\/\/i0.wp.com\/opistobranquis.info\/wp-content\/uploads\/2012\/12\/taringa-faba-img014.jpg?w=900&#038;ssl=1\" alt=\"Taringa faba by Manuel Ballesteros\" \/><\/div><center><em>Taringa faba<\/em> per Manuel Ballesteros<\/center><\/span><p><\/p><div class=\"opk-worms\"><h3>Informaci\u00f3 taxon\u00f2mica WoRMS<\/h3><div class=\"opk-success\">Nom acceptat actual: <strong><em>Taringa faba<\/em> Ballesteros, Llera &amp; Ortea, 1985<\/strong><\/div><h4>Classificaci\u00f3 actual<\/h4><table class=\"widefat striped\"><tr><th>Superdomain<\/th><td><a target=\"_blank\" href=\"https:\/\/www.marinespecies.org\/aphia.php?p=taxdetails&id=1\">Biota<\/a><\/td><\/tr><tr><th>Kingdom<\/th><td><a target=\"_blank\" href=\"https:\/\/www.marinespecies.org\/aphia.php?p=taxdetails&id=2\">Animalia<\/a><\/td><\/tr><tr><th>Phylum<\/th><td><a target=\"_blank\" href=\"https:\/\/www.marinespecies.org\/aphia.php?p=taxdetails&id=51\">Mollusca<\/a><\/td><\/tr><tr><th>Class<\/th><td><a target=\"_blank\" href=\"https:\/\/www.marinespecies.org\/aphia.php?p=taxdetails&id=101\">Gastropoda<\/a><\/td><\/tr><tr><th>Subclass<\/th><td><a target=\"_blank\" href=\"https:\/\/www.marinespecies.org\/aphia.php?p=taxdetails&id=14712\">Heterobranchia<\/a><\/td><\/tr><tr><th>Infraclass<\/th><td><a target=\"_blank\" href=\"https:\/\/www.marinespecies.org\/aphia.php?p=taxdetails&id=1057247\">Euthyneura<\/a><\/td><\/tr><tr><th>Subterclass<\/th><td><a target=\"_blank\" href=\"https:\/\/www.marinespecies.org\/aphia.php?p=taxdetails&id=1057249\">Ringipleura<\/a><\/td><\/tr><tr><th>Superorder<\/th><td><a target=\"_blank\" href=\"https:\/\/www.marinespecies.org\/aphia.php?p=taxdetails&id=411966\">Nudipleura<\/a><\/td><\/tr><tr><th>Order<\/th><td><a target=\"_blank\" href=\"https:\/\/www.marinespecies.org\/aphia.php?p=taxdetails&id=1762\">Nudibranchia<\/a><\/td><\/tr><tr><th>Suborder<\/th><td><a target=\"_blank\" href=\"https:\/\/www.marinespecies.org\/aphia.php?p=taxdetails&id=1829294\">Doridida<\/a><\/td><\/tr><tr><th>Infraorder<\/th><td><a target=\"_blank\" href=\"https:\/\/www.marinespecies.org\/aphia.php?p=taxdetails&id=246038\">Doridoidei<\/a><\/td><\/tr><tr><th>Superfamily<\/th><td><a target=\"_blank\" href=\"https:\/\/www.marinespecies.org\/aphia.php?p=taxdetails&id=173\">Doridoidea<\/a><\/td><\/tr><tr><th>Family<\/th><td><a target=\"_blank\" href=\"https:\/\/www.marinespecies.org\/aphia.php?p=taxdetails&id=1761\">Discodorididae<\/a><\/td><\/tr><tr><th>Genus<\/th><td><a target=\"_blank\" href=\"https:\/\/www.marinespecies.org\/aphia.php?p=taxdetails&id=138359\"><em>Taringa<\/em><\/a><\/td><\/tr><tr><th>Species<\/th><td><a target=\"_blank\" href=\"https:\/\/www.marinespecies.org\/aphia.php?p=taxdetails&id=140800\"><em>Taringa faba<\/em> Ballesteros, Llera &amp; Ortea, 1985<\/a><\/td><\/tr><\/table><p class=\"footer\">Classificaci\u00f3 proporcionada pel World Register of Marine Species (WoRMS). [<a target=\"_blank\" href=\"https:\/\/www.marinespecies.org\/aphia.php?p=taxdetails&id=140800\">140800<\/a>]<\/p><\/div><strong>Descripci\u00f3<br \/>\n<\/strong>Els exemplars d&#8217;aquesta esp\u00e8cie poden arribar als 37 mm de longitud. El cos \u00e9s bastant aplanat, de color marr\u00f3 amb diferents tonalitats segons els exemplars i amb taques fosques de disposici\u00f3 irregular, tamb\u00e9 amb algunes taques blanques disperses. Les diferents tonalitats dels exemplars es deuen a la diferent densitat de les puntuacions marrons que proporcionen el color del cos. El mantell \u00e9s molt ampli i tota la seva superf\u00edcie est\u00e0 cobert de tubercles cariofilideus disposats molt atape\u00efdament; aquests s\u00f3n m\u00e9s petits a les vores del mantell i de forma cil\u00edndrica, alguns amb l&#8217;extrem en punta. Els tubercles cariofilideus grans es troben el centre del mantell i s\u00f3n una mica pedunculats a la base. Tots ells tenen una corona de nombroses esp\u00edcules que sobresurten lleugerament del seu extrem superior. Els rin\u00f2fors s\u00f3n groguencs i tenen una fina pigmentaci\u00f3 bruna tant a les laminetes com a la base sense l\u00e0mines. L&#8217;\u00e0pex dels rin\u00f2fors t\u00e9 forma de ma\u00e7a. La beina rinof\u00f2rica \u00e9s una mica elevada i la seva vora superior t\u00e9 de 8 a 10 lobulacions que tamb\u00e9 presenten tubercles cariofilideus. La br\u00e0nquia est\u00e0 formada per 6 fulles tripinnades de color groguenc per\u00f2 amb fines puntuacions marrons i el raquis blanquin\u00f3s. Les fulles branquials, quan estan esteses, es mantenen verticals i una mica estretes entre si; s\u00f3n completament retr\u00e0ctils. La papil\u00b7la anal, ubicada al centre de les fulles branquials, \u00e9s del mateix color que aquestes, t\u00e9 forma cil\u00edndrica i la seva vora superior \u00e9s lobulada (amb 9-10 l\u00f2buls arrodonits). La beina branquial t\u00e9 la seva vora superior amb 18-20 l\u00f2buls prove\u00efts tamb\u00e9 de tubercles carofilideus. El peu \u00e9s relativament estret en comparaci\u00f3 amb el mantell, \u00e9s de color groguenc amb petites taques marrons i la seva vora anterior est\u00e0 solcat i enfonsat. La cara inferior del mantell (hiponotus) i els flancs del peu presenten taques marrons de major grand\u00e0ria i en l&#8217;hiponotus tamb\u00e9 s&#8217;observen nombroses esp\u00edcules per transpar\u00e8ncia. La boca t\u00e9 un parell de palps curts de color groc i amb algunes taquetes marrons, que tamb\u00e9 es poden presentar al voltant de l&#8217;orifici bucal. Quan l&#8217;animal es despla\u00e7a, la part posterior del peu sobresurt lleugerament per darrere del mantell.<\/p>\n<p><strong>Nota anat\u00f2mica:\u00a0<\/strong>Les esp\u00e8cies del g\u00e8nere\u00a0<strong>Taringa<\/strong> d&#8217;aig\u00fces europees (<em>T. armata, T. faba, T. millegrana, T. pinoi<\/em>\u00a0i<em>\u00a0T. oleica<\/em>) son molt semblants morfol\u00f2gicament i nom\u00e9s l&#8217;estudi de la seva anatomia interna, inclosa la r\u00e0dula, permet diferenciar-les.<\/p>\n<p><strong>Biologia<br \/>\n<\/strong>Es coneixen molt poques dades de la biologia d&#8217;aquesta esp\u00e8cie a causa de l&#8217;escassetat de dades de la seva pres\u00e8ncia. No es coneixen els seus h\u00e0bits alimentaris. S&#8217;ha localitzat vivint sota pedres amb esponges des de molt poca profunditat (Ballesteros et al. 1984). Els animals s\u00f3n de moviments molt lents i adquireixen una forma gaireb\u00e9 circular quan estan en rep\u00f2s. S&#8217;han observat postes al mes de juny, en forma d&#8217;una cinta blanca enrotllada en espiral i una mica ondulosa, de dues voltes i mitja, uns 20 mm de di\u00e0metre i de 4 mm d&#8217;amplada de la cinta. Els ous s\u00f3n blancs, estan col\u00b7locats molt atape\u00efdament en diverses capes i tenen un di\u00e0metre d&#8217;unes 100 micres.<\/p>\n<p><strong>Etimologia<\/strong><\/p>\n<ul>\n<li><em>faba<\/em> = fa\u00a0referencia a la forma de faba\u00a0(del Llat\u00ed <em>faba-ae<\/em>= faba) de la bossa copuladora de l&#8217;aparell\u00a0genital.<\/li>\n<\/ul>\n<p><strong>Distribuci\u00f3<br \/>\n<\/strong>Aquesta esp\u00e8cie es coneix nom\u00e9s a\u00a0les costes catalanes, on ha estat citada a Sant Feliu de Gu\u00edxols, Llafranc, Cala Sant Francesc (Blanes), Sitges i Cubelles (localitat tipus de l&#8217;esp\u00e8cie).<br \/>\n<div id=\"flxmap-6a99c6e585666\" class='flxmap-container' data-flxmap='flxmap_6a99c6e585666' style=\"width:100%;height:400px;\"><\/div>\n<script data-noptimize=\"1\">\n\/* <![CDATA[ *\/\n(function(w, fn) {\n if (w.addEventListener) w.addEventListener(\"DOMContentLoaded\", fn, false);\n else if (w.attachEvent) w.attachEvent(\"onload\", fn);\n})(window, function() {\n var f = new FlexibleMap();\n f.panControl = true;\n f.mapTypeId = \"satellite\";\n f.setlocale(\"ca-ES\");\n f.kmlcache = \"5 minutes\";\n f.showKML(\"flxmap-6a99c6e585666\", \"https:\/\/opistobranquis.info\/wp-content\/uploads\/kms\/2229.kmz\");\n window.flxmap_6a99c6e585666 = f;\n});\n\/* ]]> *\/\n<\/script>\n<div style=\"width:100%;text-align:center;margin:12px 0 4px 0;\">\n  <div style=\"font-size:8pt;margin-bottom:6px;\">Cites georeferenciades conegudes de l'esp\u00e8cie: <em>Taringa faba<\/em><\/div>\n  <table style=\"margin:0 auto;border-collapse:collapse;font-size:8pt;\">\n    <tr><td colspan=\"2\" style=\"text-align:left;padding-bottom:4px;\"><strong>Fonts:<\/strong><\/td><\/tr>\n    <tr>\n      <td style=\"vertical-align:top;padding-right:40px;\">\n        <table style=\"border-collapse:collapse;\">\n<tr><td style='padding:1px 6px 1px 0;vertical-align:middle'><img data-recalc-dims=\"1\" src=\"https:\/\/i0.wp.com\/opistobranquis.info\/wp-content\/uploads\/kms\/wht-circle-lv.png?w=900&#038;ssl=1\" style='display:block'><\/td><td style='padding:1px 0;vertical-align:middle;white-space:nowrap'>OBIS<\/td><\/tr><tr><td style='padding:1px 6px 1px 0;vertical-align:middle'><img data-recalc-dims=\"1\" src=\"https:\/\/i0.wp.com\/opistobranquis.info\/wp-content\/uploads\/kms\/ylw-circle-lv.png?w=900&#038;ssl=1\" style='display:block'><\/td><td style='padding:1px 0;vertical-align:middle;white-space:nowrap'>GROC 2010-2011<\/td><\/tr><tr><td style='padding:1px 6px 1px 0;vertical-align:middle'><img data-recalc-dims=\"1\" src=\"https:\/\/i0.wp.com\/opistobranquis.info\/wp-content\/uploads\/kms\/grn-circle-lv.png?w=900&#038;ssl=1\" style='display:block'><\/td><td style='padding:1px 0;vertical-align:middle;white-space:nowrap'>Enric Madrenas<\/td><\/tr><tr><td style='padding:1px 6px 1px 0;vertical-align:middle'><img data-recalc-dims=\"1\" src=\"https:\/\/i0.wp.com\/opistobranquis.info\/wp-content\/uploads\/kms\/orange-circle-lv.png?w=900&#038;ssl=1\" style='display:block'><\/td><td style='padding:1px 0;vertical-align:middle;white-space:nowrap'>Jo\u00e3o Pedro Silva<\/td><\/tr><tr><td style='padding:1px 6px 1px 0;vertical-align:middle'><img data-recalc-dims=\"1\" src=\"https:\/\/i0.wp.com\/opistobranquis.info\/wp-content\/uploads\/kms\/pink-circle-lv.png?w=900&#038;ssl=1\" style='display:block'><\/td><td style='padding:1px 0;vertical-align:middle;white-space:nowrap'>Bernard Picton<\/td><\/tr><tr><td style='padding:1px 6px 1px 0;vertical-align:middle'><img data-recalc-dims=\"1\" src=\"https:\/\/i0.wp.com\/opistobranquis.info\/wp-content\/uploads\/kms\/blk-circle-lv.png?w=900&#038;ssl=1\" style='display:block'><\/td><td style='padding:1px 0;vertical-align:middle;white-space:nowrap'>GBIF<\/td><\/tr>        <\/table>\n      <\/td>\n      <td style=\"vertical-align:top;\">\n        <table style=\"border-collapse:collapse;\">\n<tr><td style='padding:1px 6px 1px 0;vertical-align:middle'><img data-recalc-dims=\"1\" src=\"https:\/\/i0.wp.com\/opistobranquis.info\/wp-content\/uploads\/kms\/purple-circle-lv.png?w=900&#038;ssl=1\" style='display:block'><\/td><td style='padding:1px 0;vertical-align:middle;white-space:nowrap'>OPK<\/td><\/tr><tr><td style='padding:1px 6px 1px 0;vertical-align:middle'><img data-recalc-dims=\"1\" src=\"https:\/\/i0.wp.com\/opistobranquis.info\/wp-content\/uploads\/kms\/red-circle-lv.png?w=900&#038;ssl=1\" style='display:block'><\/td><td style='padding:1px 0;vertical-align:middle;white-space:nowrap'>VIMAR<\/td><\/tr><tr><td style='padding:1px 6px 1px 0;vertical-align:middle'><img data-recalc-dims=\"1\" src=\"https:\/\/i0.wp.com\/opistobranquis.info\/wp-content\/uploads\/kms\/blu-circle-lv.png?w=900&#038;ssl=1\" style='display:block'><\/td><td style='padding:1px 0;vertical-align:middle;white-space:nowrap'>Manuel Ballesteros<\/td><\/tr><tr><td style='padding:1px 6px 1px 0;vertical-align:middle'><img data-recalc-dims=\"1\" src=\"https:\/\/i0.wp.com\/opistobranquis.info\/wp-content\/uploads\/kms\/cyan-circle-lv.png?w=900&#038;ssl=1\" style='display:block'><\/td><td style='padding:1px 0;vertical-align:middle;white-space:nowrap'>M@re Nostrum<\/td><\/tr><tr><td style='padding:1px 6px 1px 0;vertical-align:middle'><img data-recalc-dims=\"1\" src=\"https:\/\/i0.wp.com\/opistobranquis.info\/wp-content\/uploads\/kms\/grey-circle-lv.png?w=900&#038;ssl=1\" style='display:block'><\/td><td style='padding:1px 0;vertical-align:middle;white-space:nowrap'>Altres fonts<\/td><\/tr><tr><td style='padding:1px 6px 1px 0;vertical-align:middle'><img data-recalc-dims=\"1\" src=\"https:\/\/i0.wp.com\/opistobranquis.info\/wp-content\/uploads\/kms\/marreg.png?w=900&#038;ssl=1\" style='display:block'><\/td><td style='padding:1px 0;vertical-align:middle;white-space:nowrap'>Marine Regions<\/td><\/tr>        <\/table>\n      <\/td>\n    <\/tr>\n  <\/table>\n<\/div>\n<\/p>\n<p><strong>Error:<\/strong> Chart.js no est\u00e1 disponible.<\/p>\n<p><strong>Altres fotos<\/strong><br \/>\n<div class=\"tiled-gallery type-rectangular tiled-gallery-unresized\" data-original-width=\"900\" data-carousel-extra='{&quot;blog_id&quot;:1,&quot;permalink&quot;:&quot;https:\\\/\\\/opistobranquis.info\\\/ca\\\/guia\\\/nudibranchia\\\/doridina\\\/doridoidei\\\/doridoidea\\\/taringa-faba\\\/&quot;,&quot;likes_blog_id&quot;:44192421}' itemscope itemtype=\"http:\/\/schema.org\/ImageGallery\" > <div class=\"gallery-row\" style=\"width: 900px; height: 389px;\" data-original-width=\"900\" data-original-height=\"389\" > <div class=\"gallery-group images-1\" style=\"width: 605px; height: 389px;\" data-original-width=\"605\" data-original-height=\"389\" > <div class=\"tiled-gallery-item tiled-gallery-item-large\" itemprop=\"associatedMedia\" itemscope itemtype=\"http:\/\/schema.org\/ImageObject\"> <a href=\"https:\/\/opistobranquis.info\/ca\/guia\/nudibranchia\/doridina\/doridoidei\/doridoidea\/taringa-faba\/taringa-faba006\/\" border=\"0\" itemprop=\"url\"> <meta itemprop=\"width\" content=\"601\"> <meta itemprop=\"height\" content=\"385\"> <img decoding=\"async\" class=\"\" data-attachment-id=\"16954\" data-orig-file=\"https:\/\/opistobranquis.info\/wp-content\/uploads\/2012\/08\/Taringa-faba006.jpg\" data-orig-size=\"1149,735\" data-comments-opened=\"\" data-image-title=\"Taringa faba by Manuel Ballesteros\" data-image-description=\"&lt;p&gt;Taringa faba by Manuel Ballesteros&lt;\/p&gt; \" data-medium-file=\"https:\/\/i0.wp.com\/opistobranquis.info\/wp-content\/uploads\/2012\/08\/Taringa-faba006.jpg?fit=300%2C191&#038;ssl=1\" data-large-file=\"https:\/\/i0.wp.com\/opistobranquis.info\/wp-content\/uploads\/2012\/08\/Taringa-faba006.jpg?fit=900%2C576&#038;ssl=1\" src=\"https:\/\/i0.wp.com\/opistobranquis.info\/wp-content\/uploads\/2012\/08\/Taringa-faba006.jpg?w=601&#038;h=385&#038;ssl=1\" srcset=\"https:\/\/i0.wp.com\/opistobranquis.info\/wp-content\/uploads\/2012\/08\/Taringa-faba006.jpg?w=1149&amp;ssl=1 1149w, https:\/\/i0.wp.com\/opistobranquis.info\/wp-content\/uploads\/2012\/08\/Taringa-faba006.jpg?resize=150%2C95&amp;ssl=1 150w, https:\/\/i0.wp.com\/opistobranquis.info\/wp-content\/uploads\/2012\/08\/Taringa-faba006.jpg?resize=300%2C191&amp;ssl=1 300w, https:\/\/i0.wp.com\/opistobranquis.info\/wp-content\/uploads\/2012\/08\/Taringa-faba006.jpg?resize=1024%2C655&amp;ssl=1 1024w\" width=\"601\" height=\"385\" loading=\"lazy\" data-original-width=\"601\" data-original-height=\"385\" itemprop=\"http:\/\/schema.org\/image\" title=\"Taringa faba by Manuel Ballesteros\" alt=\"Taringa faba by Manuel Ballesteros\" style=\"width: 601px; height: 385px;\" \/> <\/a> <div class=\"tiled-gallery-caption\" itemprop=\"caption description\"> Taringa faba by Manuel Ballesteros <\/div> <\/div> <\/div> <!-- close group --> <div class=\"gallery-group images-2\" style=\"width: 295px; height: 389px;\" data-original-width=\"295\" data-original-height=\"389\" > <div class=\"tiled-gallery-item tiled-gallery-item-large\" itemprop=\"associatedMedia\" itemscope itemtype=\"http:\/\/schema.org\/ImageObject\"> <a href=\"https:\/\/opistobranquis.info\/ca\/guia\/nudibranchia\/doridina\/doridoidei\/doridoidea\/taringa-faba\/taringa-faba005cr\/\" border=\"0\" itemprop=\"url\"> <meta itemprop=\"width\" content=\"291\"> <meta itemprop=\"height\" content=\"186\"> <img decoding=\"async\" class=\"\" data-attachment-id=\"16955\" data-orig-file=\"https:\/\/opistobranquis.info\/wp-content\/uploads\/2012\/08\/Taringa-faba005cr.jpg\" data-orig-size=\"1149,735\" data-comments-opened=\"\" data-image-title=\"Taringa faba by Manuel Ballesteros\" data-image-description=\"&lt;p&gt;Taringa faba by Manuel Ballesteros&lt;\/p&gt; \" data-medium-file=\"https:\/\/i0.wp.com\/opistobranquis.info\/wp-content\/uploads\/2012\/08\/Taringa-faba005cr.jpg?fit=300%2C191&#038;ssl=1\" data-large-file=\"https:\/\/i0.wp.com\/opistobranquis.info\/wp-content\/uploads\/2012\/08\/Taringa-faba005cr.jpg?fit=900%2C576&#038;ssl=1\" src=\"https:\/\/i0.wp.com\/opistobranquis.info\/wp-content\/uploads\/2012\/08\/Taringa-faba005cr.jpg?w=291&#038;h=186&#038;ssl=1\" srcset=\"https:\/\/i0.wp.com\/opistobranquis.info\/wp-content\/uploads\/2012\/08\/Taringa-faba005cr.jpg?w=1149&amp;ssl=1 1149w, https:\/\/i0.wp.com\/opistobranquis.info\/wp-content\/uploads\/2012\/08\/Taringa-faba005cr.jpg?resize=150%2C95&amp;ssl=1 150w, https:\/\/i0.wp.com\/opistobranquis.info\/wp-content\/uploads\/2012\/08\/Taringa-faba005cr.jpg?resize=300%2C191&amp;ssl=1 300w, https:\/\/i0.wp.com\/opistobranquis.info\/wp-content\/uploads\/2012\/08\/Taringa-faba005cr.jpg?resize=1024%2C655&amp;ssl=1 1024w\" width=\"291\" height=\"186\" loading=\"lazy\" data-original-width=\"291\" data-original-height=\"186\" itemprop=\"http:\/\/schema.org\/image\" title=\"Taringa faba by Manuel Ballesteros\" alt=\"Taringa faba by Manuel Ballesteros\" style=\"width: 291px; height: 186px;\" \/> <\/a> <div class=\"tiled-gallery-caption\" itemprop=\"caption description\"> Taringa faba by Manuel Ballesteros <\/div> <\/div> <div class=\"tiled-gallery-item tiled-gallery-item-large\" itemprop=\"associatedMedia\" itemscope itemtype=\"http:\/\/schema.org\/ImageObject\"> <a href=\"https:\/\/opistobranquis.info\/ca\/guia\/nudibranchia\/doridina\/doridoidei\/doridoidea\/taringa-faba\/taringa-faba-mb-img013\/\" border=\"0\" itemprop=\"url\"> <meta itemprop=\"width\" content=\"291\"> <meta itemprop=\"height\" content=\"195\"> <img decoding=\"async\" class=\"\" data-attachment-id=\"36704\" data-orig-file=\"https:\/\/opistobranquis.info\/wp-content\/uploads\/2023\/01\/Taringa-faba-MB-img013.jpg\" data-orig-size=\"1200,802\" data-comments-opened=\"\" data-image-title=\"Taringa faba by Manuel Ballesteros\" data-image-description=\"&lt;p&gt;Taringa faba by Manuel Ballesteros&lt;\/p&gt; \" data-medium-file=\"https:\/\/i0.wp.com\/opistobranquis.info\/wp-content\/uploads\/2023\/01\/Taringa-faba-MB-img013.jpg?fit=300%2C201&#038;ssl=1\" data-large-file=\"https:\/\/i0.wp.com\/opistobranquis.info\/wp-content\/uploads\/2023\/01\/Taringa-faba-MB-img013.jpg?fit=900%2C601&#038;ssl=1\" src=\"https:\/\/i0.wp.com\/opistobranquis.info\/wp-content\/uploads\/2023\/01\/Taringa-faba-MB-img013.jpg?w=291&#038;h=195&#038;ssl=1\" srcset=\"https:\/\/i0.wp.com\/opistobranquis.info\/wp-content\/uploads\/2023\/01\/Taringa-faba-MB-img013.jpg?w=1200&amp;ssl=1 1200w, https:\/\/i0.wp.com\/opistobranquis.info\/wp-content\/uploads\/2023\/01\/Taringa-faba-MB-img013.jpg?resize=300%2C201&amp;ssl=1 300w, https:\/\/i0.wp.com\/opistobranquis.info\/wp-content\/uploads\/2023\/01\/Taringa-faba-MB-img013.jpg?resize=1024%2C684&amp;ssl=1 1024w, https:\/\/i0.wp.com\/opistobranquis.info\/wp-content\/uploads\/2023\/01\/Taringa-faba-MB-img013.jpg?resize=150%2C100&amp;ssl=1 150w\" width=\"291\" height=\"195\" loading=\"lazy\" data-original-width=\"291\" data-original-height=\"195\" itemprop=\"http:\/\/schema.org\/image\" title=\"Taringa faba by Manuel Ballesteros\" alt=\"Taringa faba by Manuel Ballesteros\" style=\"width: 291px; height: 195px;\" \/> <\/a> <div class=\"tiled-gallery-caption\" itemprop=\"caption description\"> Taringa faba by Manuel Ballesteros <\/div> <\/div> <\/div> <!-- close group --> <\/div> <!-- close row --> <div class=\"gallery-row\" style=\"width: 900px; height: 327px;\" data-original-width=\"900\" data-original-height=\"327\" > <div class=\"gallery-group images-1\" style=\"width: 448px; height: 327px;\" data-original-width=\"448\" data-original-height=\"327\" > <div class=\"tiled-gallery-item tiled-gallery-item-large\" itemprop=\"associatedMedia\" itemscope itemtype=\"http:\/\/schema.org\/ImageObject\"> <a href=\"https:\/\/opistobranquis.info\/ca\/guia\/nudibranchia\/doridina\/doridoidei\/doridoidea\/taringa-faba\/taringa-faba-mb-img345\/\" border=\"0\" itemprop=\"url\"> <meta itemprop=\"width\" content=\"444\"> <meta itemprop=\"height\" content=\"323\"> <img decoding=\"async\" class=\"\" data-attachment-id=\"36705\" data-orig-file=\"https:\/\/opistobranquis.info\/wp-content\/uploads\/2023\/01\/Taringa-faba-MB-img345.jpg\" data-orig-size=\"1200,874\" data-comments-opened=\"\" data-image-title=\"Taringa faba by Manuel Ballesteros\" data-image-description=\"&lt;p&gt;Taringa faba by Manuel Ballesteros&lt;\/p&gt; \" data-medium-file=\"https:\/\/i0.wp.com\/opistobranquis.info\/wp-content\/uploads\/2023\/01\/Taringa-faba-MB-img345.jpg?fit=300%2C219&#038;ssl=1\" data-large-file=\"https:\/\/i0.wp.com\/opistobranquis.info\/wp-content\/uploads\/2023\/01\/Taringa-faba-MB-img345.jpg?fit=900%2C656&#038;ssl=1\" src=\"https:\/\/i0.wp.com\/opistobranquis.info\/wp-content\/uploads\/2023\/01\/Taringa-faba-MB-img345.jpg?w=444&#038;h=323&#038;ssl=1\" srcset=\"https:\/\/i0.wp.com\/opistobranquis.info\/wp-content\/uploads\/2023\/01\/Taringa-faba-MB-img345.jpg?w=1200&amp;ssl=1 1200w, https:\/\/i0.wp.com\/opistobranquis.info\/wp-content\/uploads\/2023\/01\/Taringa-faba-MB-img345.jpg?resize=300%2C219&amp;ssl=1 300w, https:\/\/i0.wp.com\/opistobranquis.info\/wp-content\/uploads\/2023\/01\/Taringa-faba-MB-img345.jpg?resize=1024%2C746&amp;ssl=1 1024w, https:\/\/i0.wp.com\/opistobranquis.info\/wp-content\/uploads\/2023\/01\/Taringa-faba-MB-img345.jpg?resize=150%2C109&amp;ssl=1 150w\" width=\"444\" height=\"323\" loading=\"lazy\" data-original-width=\"444\" data-original-height=\"323\" itemprop=\"http:\/\/schema.org\/image\" title=\"Taringa faba by Manuel Ballesteros\" alt=\"Taringa faba by Manuel Ballesteros\" style=\"width: 444px; height: 323px;\" \/> <\/a> <div class=\"tiled-gallery-caption\" itemprop=\"caption description\"> Taringa faba by Manuel Ballesteros <\/div> <\/div> <\/div> <!-- close group --> <div class=\"gallery-group images-1\" style=\"width: 452px; height: 327px;\" data-original-width=\"452\" data-original-height=\"327\" > <div class=\"tiled-gallery-item tiled-gallery-item-large\" itemprop=\"associatedMedia\" itemscope itemtype=\"http:\/\/schema.org\/ImageObject\"> <a href=\"https:\/\/opistobranquis.info\/ca\/guia\/nudibranchia\/doridina\/doridoidei\/doridoidea\/taringa-faba\/taringa-faba-mb-img348\/\" border=\"0\" itemprop=\"url\"> <meta itemprop=\"width\" content=\"448\"> <meta itemprop=\"height\" content=\"323\"> <img decoding=\"async\" class=\"\" data-attachment-id=\"36706\" data-orig-file=\"https:\/\/opistobranquis.info\/wp-content\/uploads\/2023\/01\/Taringa-faba-MB-img348.jpg\" data-orig-size=\"1200,865\" data-comments-opened=\"\" data-image-title=\"Taringa faba by Manuel Ballesteros\" data-image-description=\"&lt;p&gt;Taringa faba by Manuel Ballesteros&lt;\/p&gt; \" data-medium-file=\"https:\/\/i0.wp.com\/opistobranquis.info\/wp-content\/uploads\/2023\/01\/Taringa-faba-MB-img348.jpg?fit=300%2C216&#038;ssl=1\" data-large-file=\"https:\/\/i0.wp.com\/opistobranquis.info\/wp-content\/uploads\/2023\/01\/Taringa-faba-MB-img348.jpg?fit=900%2C649&#038;ssl=1\" src=\"https:\/\/i0.wp.com\/opistobranquis.info\/wp-content\/uploads\/2023\/01\/Taringa-faba-MB-img348.jpg?w=448&#038;h=323&#038;ssl=1\" srcset=\"https:\/\/i0.wp.com\/opistobranquis.info\/wp-content\/uploads\/2023\/01\/Taringa-faba-MB-img348.jpg?w=1200&amp;ssl=1 1200w, https:\/\/i0.wp.com\/opistobranquis.info\/wp-content\/uploads\/2023\/01\/Taringa-faba-MB-img348.jpg?resize=300%2C216&amp;ssl=1 300w, https:\/\/i0.wp.com\/opistobranquis.info\/wp-content\/uploads\/2023\/01\/Taringa-faba-MB-img348.jpg?resize=1024%2C738&amp;ssl=1 1024w, https:\/\/i0.wp.com\/opistobranquis.info\/wp-content\/uploads\/2023\/01\/Taringa-faba-MB-img348.jpg?resize=150%2C108&amp;ssl=1 150w\" width=\"448\" height=\"323\" loading=\"lazy\" data-original-width=\"448\" data-original-height=\"323\" itemprop=\"http:\/\/schema.org\/image\" title=\"Taringa faba by Manuel Ballesteros\" alt=\"Taringa faba by Manuel Ballesteros\" style=\"width: 448px; height: 323px;\" \/> <\/a> <div class=\"tiled-gallery-caption\" itemprop=\"caption description\"> Taringa faba by Manuel Ballesteros <\/div> <\/div> <\/div> <!-- close group --> <\/div> <!-- close row --> <\/div><\/p>\n<p><p><strong>Bibliografia<\/strong><\/p><ul><div id=\"zotpress-7fb2b3512e46d4a0899f4d93cfe3886b\" class=\"zp-Zotpress zp-Zotpress-Bib wp-block-group\">\n\n\t\t<span class=\"ZP_API_USER_ID ZP_ATTR\">1246567<\/span>\n\t\t<span class=\"ZP_ITEM_KEY ZP_ATTR\"><\/span>\n\t\t<span class=\"ZP_COLLECTION_ID ZP_ATTR\"><\/span>\n\t\t<span class=\"ZP_TAG_ID ZP_ATTR\">Taringa faba<\/span>\n\t\t<span class=\"ZP_AUTHOR ZP_ATTR\"><\/span>\n\t\t<span class=\"ZP_YEAR ZP_ATTR\"><\/span>\n        <span class=\"ZP_ITEMTYPE ZP_ATTR\"><\/span>\n\t\t<span class=\"ZP_INCLUSIVE ZP_ATTR\">1<\/span>\n\t\t<span class=\"ZP_STYLE ZP_ATTR\">eunomia-revista-en-cultura-de-la-legalidad<\/span>\n\t\t<span class=\"ZP_LIMIT ZP_ATTR\">50<\/span>\n\t\t<span class=\"ZP_SORTBY ZP_ATTR\">creator<\/span>\n\t\t<span class=\"ZP_ORDER ZP_ATTR\">asc<\/span>\n\t\t<span class=\"ZP_TITLE ZP_ATTR\"><\/span>\n\t\t<span class=\"ZP_SHOWIMAGE ZP_ATTR\"><\/span>\n\t\t<span class=\"ZP_SHOWTAGS ZP_ATTR\"><\/span>\n\t\t<span class=\"ZP_DOWNLOADABLE ZP_ATTR\"><\/span>\n\t\t<span class=\"ZP_NOTES ZP_ATTR\"><\/span>\n\t\t<span class=\"ZP_ABSTRACT ZP_ATTR\"><\/span>\n\t\t<span class=\"ZP_CITEABLE ZP_ATTR\"><\/span>\n\t\t<span class=\"ZP_TARGET ZP_ATTR\">1<\/span>\n\t\t<span class=\"ZP_URLWRAP ZP_ATTR\"><\/span>\n\t\t<span class=\"ZP_FORCENUM ZP_ATTR\"><\/span>\n        <span class=\"ZP_HIGHLIGHT ZP_ATTR\"><\/span>\n        <span class=\"ZP_POSTID ZP_ATTR\">2229<\/span>\n\t\t<span class=\"ZOTPRESS_PLUGIN_URL ZP_ATTR\">https:\/\/opistobranquis.info\/wp-content\/plugins\/zotpress\/<\/span>\n\n\t\t<div class=\"zp-List loading\">\n\t\t\t<div class=\"zp-SEO-Content\">\n\n\t\t\t<\/div><!-- .zp-zp-SEO-Content -->\n\t\t<\/div><!-- .zp-List -->\n\t<\/div><!--.zp-Zotpress-->\n\n<p><\/p>Bibliografia basada en els treballs de <b>Steve Long, 2006<\/b>. <a target=_blank href=https:\/\/opistobranquis.info\/wp-content\/uploads\/2016\/06\/Long-S.-2006-Bibliography-of-Opisthobranchia-1554-2000.pdf>Bibliography of Opisthobranchia 1554-2000<\/a> i <b>Gary McDonald, 2009<\/b>. <a href=http:\/\/escholarship.org\/uc\/item\/8115h0wz>Bibliographia Nudibranchia<\/a>, amb actualitzacions posteriors procedents d\u00b4altres fonts.<p><\/p><\/ul><p><\/p><p><strong>M\u00e9s informaci\u00f3<\/strong><\/p><span style=\"font-size:10pt\"><ul><ul class=\"blogroll-links\"><li><a href=\"http:\/\/www.biodiversitylibrary.org\/name\/Taringa%20faba\">Biodiversity Heritage Library<\/a><\/li><li><a href=\"https:\/\/www.flickr.com\/search\/?text=Taringa%20faba\">Flickr pictures<\/a><\/li><li><a href=\"http:\/\/www.irmng.org\/aphia.php?p=taxlist&#038;tName=Taringa%20faba\">Interim Register of Marine and Nonmarine Genera<\/a><\/li><li><a href=\"http:\/\/www.ncbi.nlm.nih.gov\/Taxonomy\/Browser\/wwwtax.cgi?mode=Undef&#038;name=Taringa%20faba&#038;lvl=0&#038;srchmode=1\">NCBI GenBank<\/a><\/li><li><a href=\"http:\/\/iobis.org\/mapper\/?taxon=Taringa%20faba\">OBIS - Search by Taxon<\/a><\/li><li><a href=\"http:\/\/www.marinespecies.org\/aphia.php?p=taxdetails&#038;id=140800\">World Register of Marine Species<\/a><\/li><\/ul><\/ul><\/span><p><strong>Citeu aquest article com: <\/strong><\/p><div style=\"display: block; background: #444444; padding: 10px 30px 10px 10px; border-radius: 5px; line-height: 18px;\"><p class=\"citacio\"><b>Ballesteros, M., Madrenas, E. &#38; Pontes, M.<\/b> (2025) <em>\"Taringa faba\"<\/em> a <em>OPK-Opistobranquis<\/em>. Publicat: 29\/08\/2012. Accedit: 03\/09\/2026. Disponible a (<a href=https:\/\/opistobranquis.info\/ca\/?p=2229>https:\/\/opistobranquis.info\/ca\/?p=2229<\/a>)<\/p><p><\/p><\/div><p><\/p><\/p>","protected":false},"excerpt":{"rendered":"<p>Taringa faba\u00a0Ballesteros, Llera &amp; Ortea, 1985 Descripci\u00f3 Els exemplars d&#8217;aquesta esp\u00e8cie poden arribar als 37 mm de longitud. El cos \u00e9s bastant aplanat, de color marr\u00f3 amb diferents tonalitats segons els exemplars i amb taques fosques de disposici\u00f3 irregular, tamb\u00e9 amb algunes taques blanques disperses. Les diferents tonalitats dels exemplars es deuen a la diferent densitat de les puntuacions marrons que proporcionen el color del cos. El mantell \u00e9s molt\u2026<\/p>\n<p class=\"continue-reading-button\"> <a class=\"continue-reading-link\" href=\"https:\/\/opistobranquis.info\/ca\/guia\/nudibranchia\/doridina\/doridoidei\/doridoidea\/taringa-faba\/\">Continua llegint<i class=\"crycon-right-dir\"><\/i><\/a><\/p>\n","protected":false},"author":291,"featured_media":4858,"parent":26109,"menu_order":6883,"comment_status":"closed","ping_status":"closed","template":"","meta":{"footnotes":""},"class_list":["post-2229","page","type-page","status-publish","has-post-thumbnail","hentry"],"jetpack_sharing_enabled":true,"_links":{"self":[{"href":"https:\/\/opistobranquis.info\/ca\/wp-json\/wp\/v2\/pages\/2229","targetHints":{"allow":["GET"]}}],"collection":[{"href":"https:\/\/opistobranquis.info\/ca\/wp-json\/wp\/v2\/pages"}],"about":[{"href":"https:\/\/opistobranquis.info\/ca\/wp-json\/wp\/v2\/types\/page"}],"author":[{"embeddable":true,"href":"https:\/\/opistobranquis.info\/ca\/wp-json\/wp\/v2\/users\/291"}],"replies":[{"embeddable":true,"href":"https:\/\/opistobranquis.info\/ca\/wp-json\/wp\/v2\/comments?post=2229"}],"version-history":[{"count":2,"href":"https:\/\/opistobranquis.info\/ca\/wp-json\/wp\/v2\/pages\/2229\/revisions"}],"predecessor-version":[{"id":28777,"href":"https:\/\/opistobranquis.info\/ca\/wp-json\/wp\/v2\/pages\/2229\/revisions\/28777"}],"up":[{"embeddable":true,"href":"https:\/\/opistobranquis.info\/ca\/wp-json\/wp\/v2\/pages\/26109"}],"wp:featuredmedia":[{"embeddable":true,"href":"https:\/\/opistobranquis.info\/ca\/wp-json\/wp\/v2\/media\/4858"}],"wp:attachment":[{"href":"https:\/\/opistobranquis.info\/ca\/wp-json\/wp\/v2\/media?parent=2229"}],"curies":[{"name":"wp","href":"https:\/\/api.w.org\/{rel}","templated":true}]}}