{"id":2431,"date":"2012-10-24T20:16:32","date_gmt":"2012-10-24T18:16:32","guid":{"rendered":"https:\/\/opistobranquis.info\/polycera-faeroensispolycera-faeroensispolycera-faeroensis"},"modified":"2023-02-06T00:18:04","modified_gmt":"2023-02-05T23:18:04","slug":"polycera-faeroensis","status":"publish","type":"page","link":"https:\/\/opistobranquis.info\/ca\/guia\/nudibranchia\/doridina\/doridoidei\/polyceroidea\/polycera-faeroensis\/","title":{"rendered":"Polycera faeroensis"},"content":{"rendered":"<p><\/p>\n<h3><em>Polycera faeroensis<\/em>\u00a0 Lemche, 1929<\/h3>\n<p><span style=\"font-size:10pt;\" class=\"aligncenter\"><div id=\"featured-img-id\"><img data-recalc-dims=\"1\" decoding=\"async\" src=\"https:\/\/i0.wp.com\/opistobranquis.info\/wp-content\/uploads\/2023\/02\/Polycera-faeroensis-%40-Granada-by-Luis-Sanchez-Tocino-DSC_0011.jpg?w=900&#038;ssl=1\" alt=\"Polycera faeroensis @ Granada by Luis S\u00e1nchez Tocino\" \/><\/div><center><em>Polycera faeroensis @ Granada<\/em> per Luis S\u00e1nchez-Tocino<\/center><\/span><p><\/p><div class=\"opk-worms\"><h3>Informaci\u00f3 taxon\u00f2mica WoRMS<\/h3><div class=\"opk-success\">Nom acceptat actual: <strong><em>Polycera faeroensis<\/em> Lemche, 1929<\/strong><\/div><h4>Classificaci\u00f3 actual<\/h4><table class=\"widefat striped\"><tr><th>Superdomain<\/th><td><a target=\"_blank\" href=\"https:\/\/www.marinespecies.org\/aphia.php?p=taxdetails&id=1\">Biota<\/a><\/td><\/tr><tr><th>Kingdom<\/th><td><a target=\"_blank\" href=\"https:\/\/www.marinespecies.org\/aphia.php?p=taxdetails&id=2\">Animalia<\/a><\/td><\/tr><tr><th>Phylum<\/th><td><a target=\"_blank\" href=\"https:\/\/www.marinespecies.org\/aphia.php?p=taxdetails&id=51\">Mollusca<\/a><\/td><\/tr><tr><th>Class<\/th><td><a target=\"_blank\" href=\"https:\/\/www.marinespecies.org\/aphia.php?p=taxdetails&id=101\">Gastropoda<\/a><\/td><\/tr><tr><th>Subclass<\/th><td><a target=\"_blank\" href=\"https:\/\/www.marinespecies.org\/aphia.php?p=taxdetails&id=14712\">Heterobranchia<\/a><\/td><\/tr><tr><th>Infraclass<\/th><td><a target=\"_blank\" href=\"https:\/\/www.marinespecies.org\/aphia.php?p=taxdetails&id=1057247\">Euthyneura<\/a><\/td><\/tr><tr><th>Subterclass<\/th><td><a target=\"_blank\" href=\"https:\/\/www.marinespecies.org\/aphia.php?p=taxdetails&id=1057249\">Ringipleura<\/a><\/td><\/tr><tr><th>Superorder<\/th><td><a target=\"_blank\" href=\"https:\/\/www.marinespecies.org\/aphia.php?p=taxdetails&id=411966\">Nudipleura<\/a><\/td><\/tr><tr><th>Order<\/th><td><a target=\"_blank\" href=\"https:\/\/www.marinespecies.org\/aphia.php?p=taxdetails&id=1762\">Nudibranchia<\/a><\/td><\/tr><tr><th>Suborder<\/th><td><a target=\"_blank\" href=\"https:\/\/www.marinespecies.org\/aphia.php?p=taxdetails&id=1829294\">Doridida<\/a><\/td><\/tr><tr><th>Infraorder<\/th><td><a target=\"_blank\" href=\"https:\/\/www.marinespecies.org\/aphia.php?p=taxdetails&id=246038\">Doridoidei<\/a><\/td><\/tr><tr><th>Superfamily<\/th><td><a target=\"_blank\" href=\"https:\/\/www.marinespecies.org\/aphia.php?p=taxdetails&id=412569\">Polyceroidea<\/a><\/td><\/tr><tr><th>Family<\/th><td><a target=\"_blank\" href=\"https:\/\/www.marinespecies.org\/aphia.php?p=taxdetails&id=177\">Polyceridae<\/a><\/td><\/tr><tr><th>Subfamily<\/th><td><a target=\"_blank\" href=\"https:\/\/www.marinespecies.org\/aphia.php?p=taxdetails&id=412574\">Polycerinae<\/a><\/td><\/tr><tr><th>Genus<\/th><td><a target=\"_blank\" href=\"https:\/\/www.marinespecies.org\/aphia.php?p=taxdetails&id=138369\"><em>Polycera<\/em><\/a><\/td><\/tr><tr><th>Species<\/th><td><a target=\"_blank\" href=\"https:\/\/www.marinespecies.org\/aphia.php?p=taxdetails&id=140834\"><em>Polycera faeroensis<\/em> Lemche, 1929<\/a><\/td><\/tr><\/table><p class=\"footer\">Classificaci\u00f3 proporcionada pel World Register of Marine Species (WoRMS). [<a target=\"_blank\" href=\"https:\/\/www.marinespecies.org\/aphia.php?p=taxdetails&id=140834\">140834<\/a>]<\/p><\/div><strong>Nota taxon\u00f2mica<\/strong>: Korshunova et al (2021) van publicar el seu treball sobre el complex <em>Polycera quadrilineata<\/em> on es van recon\u00e8ixer quatre esp\u00e8cies de les costes atl\u00e0ntiques europees basant-se en un enfocament multidisciplinari (molecular, morfol\u00f2gic, filogen\u00e8tic, filogeogr\u00e0fic i ecol\u00f2gic) per a la determinaci\u00f3 d&#8217;esp\u00e8cies. En aquest treball, els autors van determinar que les cites de <em>Polycera faeroensis<\/em> inclo\u00efen una altra esp\u00e8cie cr\u00edptica (nova per a la ci\u00e8ncia) que van anomenar <em>Polycera kernowensis<\/em>, que es pot diferenciar f\u00e0cilment per la forma de l&#8217;estructura que protegeix les br\u00e0nquies, un parell de processos laterals \u00fanics a <em>P. kernowensis<\/em> i un parell de l\u00f2buls laterals en forma d&#8217;ales amb m\u00faltiples tubercles petits o projeccions a <em>P. faeroensis<\/em>, entre altres difer\u00e8ncies anat\u00f2miques.<\/p>\n<p><strong>Descripci\u00f3<\/strong><br \/>\nCos de fins a 45 mm de llarg, llis, de color blanc transl\u00facid amb ap\u00e8ndixs acabats en puntes de color groc\/taronja i amb la vora de la cua i del peu tamb\u00e9 de color groc. Generalment no tenen taques grogues al dors ni als costats del cos, per\u00f2 poden ser-hi. Vel frontal amb entre 6 i 8 tentacles orals grocs, amb un m\u00e0xim de 14. Ventralment, el cap s&#8217;est\u00e9n en \u00e0mplies crestes orals amb algunes petites marques grogues irregulars. Els rin\u00f2fors poden ser de color marr\u00f3 i a la part distal tenen entre 18 i 19 laminetes, amb un m\u00e0xim de 25. Les br\u00e0nquies estan situades darrere del pericardi i estan compostes per 6 o 7 fulles branquials, amb un m\u00e0xim d&#8217;11. Protegint les br\u00e0nquies hi ha un parell de l\u00f2buls laterals caracter\u00edstics en forma d&#8217;ales amb m\u00faltiples tubercles petits de color groc, m\u00e9s o menys desenvolupats.<\/p>\n<div id=\"attachment_37577\" style=\"width: 1034px\" class=\"wp-caption aligncenter\"><img data-recalc-dims=\"1\" loading=\"lazy\" decoding=\"async\" aria-describedby=\"caption-attachment-37577\" data-attachment-id=\"37577\" data-permalink=\"https:\/\/opistobranquis.info\/ca\/guia\/nudibranchia\/doridina\/doridoidei\/polyceroidea\/polycera-faeroensis\/polycera-faeroensis-pl-25-by-just-edmunds-1985\/\" data-orig-file=\"https:\/\/i0.wp.com\/opistobranquis.info\/wp-content\/uploads\/2023\/02\/Polycera-faeroensis-Pl.25-by-Just-Edmunds-1985-scaled.jpg?fit=2560%2C1971&amp;ssl=1\" data-orig-size=\"2560,1971\" data-comments-opened=\"0\" data-image-title=\"Polycera faeroensis (Pl.25) by Just &amp;#038; Edmunds (1985)\" data-image-description=\"&lt;p&gt;Polycera faeroensis (Pl.25) by Just &amp;#038; Edmunds (1985)&lt;\/p&gt;\n\" data-image-caption=\"&lt;p&gt;Polycera faeroensis (Pl.25) by Just &amp;#038; Edmunds (1985)&lt;\/p&gt;\n\" data-large-file=\"https:\/\/i0.wp.com\/opistobranquis.info\/wp-content\/uploads\/2023\/02\/Polycera-faeroensis-Pl.25-by-Just-Edmunds-1985-scaled.jpg?fit=900%2C693&amp;ssl=1\" class=\"wp-image-37577 size-large\" src=\"https:\/\/i0.wp.com\/opistobranquis.info\/wp-content\/uploads\/2023\/02\/Polycera-faeroensis-Pl.25-by-Just-Edmunds-1985.jpg?resize=900%2C693&#038;ssl=1\" alt=\"Polycera faeroensis (Pl.25) by Just &amp; Edmunds (1985)\" width=\"900\" height=\"693\" srcset=\"https:\/\/i0.wp.com\/opistobranquis.info\/wp-content\/uploads\/2023\/02\/Polycera-faeroensis-Pl.25-by-Just-Edmunds-1985-scaled.jpg?resize=1024%2C788&amp;ssl=1 1024w, https:\/\/i0.wp.com\/opistobranquis.info\/wp-content\/uploads\/2023\/02\/Polycera-faeroensis-Pl.25-by-Just-Edmunds-1985-scaled.jpg?resize=300%2C231&amp;ssl=1 300w, https:\/\/i0.wp.com\/opistobranquis.info\/wp-content\/uploads\/2023\/02\/Polycera-faeroensis-Pl.25-by-Just-Edmunds-1985-scaled.jpg?resize=150%2C115&amp;ssl=1 150w, https:\/\/i0.wp.com\/opistobranquis.info\/wp-content\/uploads\/2023\/02\/Polycera-faeroensis-Pl.25-by-Just-Edmunds-1985-scaled.jpg?resize=1536%2C1183&amp;ssl=1 1536w, https:\/\/i0.wp.com\/opistobranquis.info\/wp-content\/uploads\/2023\/02\/Polycera-faeroensis-Pl.25-by-Just-Edmunds-1985-scaled.jpg?resize=2048%2C1577&amp;ssl=1 2048w, https:\/\/i0.wp.com\/opistobranquis.info\/wp-content\/uploads\/2023\/02\/Polycera-faeroensis-Pl.25-by-Just-Edmunds-1985-scaled.jpg?w=1800&amp;ssl=1 1800w\" sizes=\"auto, (max-width: 900px) 100vw, 900px\" \/><p id=\"caption-attachment-37577\" class=\"wp-caption-text\"><em>Polycera faeroensis<\/em> (Pl.25) por Just &amp; Edmunds (1985)<\/p><\/div>\n<p><strong>Biologia<br \/>\n<\/strong>Viu en fons rocallosos de fins a 35 m, encara que a les Feroe s&#8217;ha citat a fond\u00e0ries de 120 m. S&#8217;alimenta de briozous <em>Membranipora membranacea, Crisia denticulata<\/em>, altres esp\u00e8cies de <em>Crisia<\/em> i l&#8217;hidrozou <em>Hydrallmania falcata<\/em> (Thompson &amp; Brown, 1976). Aquesta esp\u00e8cie es reprodueix al juliol a l&#8217;Atl\u00e0ntic. La posta est\u00e0 formada per una cinta en forma d&#8217;espiral, unida al substrat per un dels costats, que est\u00e0 lleugerament eixamplat.<\/p>\n<p><strong>Etimologia<\/strong><\/p>\n<ul>\n<li style=\"list-style-type: none;\">\n<ul>\n<li><em>Polycera<\/em>. Del\u00a0Grec \u201cpolys\u201d, molts\u00a0+ \u201ckeras\u201d, banyes.<\/li>\n<li><em>Faeroensis<\/em>. Originari de les illes F\u00e8roe (Dinamarca).<\/li>\n<\/ul>\n<\/li>\n<\/ul>\n<p><strong>Distribuci\u00f3<\/strong><br \/>\nExemplar tipus recol\u00b7lectat a les Illes F\u00e8roe el 1899, tamb\u00e9 s&#8217;ha trobat a la costa de Su\u00e8cia i a les Illes Brit\u00e0niques. Probablement tamb\u00e9 \u00e9s present a les costes de Dinamarca i Holanda. Ha aparegut a les costes atl\u00e0ntiques d&#8217;Espanya i Portugal, a la costa nord del Mar d&#8217;Alboran i un parell de registres a Mallorca i Cadaqu\u00e9s. <div id=\"flxmap-6a99d4047bf52\" class='flxmap-container' data-flxmap='flxmap_6a99d4047bf52' style=\"width:100%;height:400px;\"><\/div>\n<script data-noptimize=\"1\">\n\/* <![CDATA[ *\/\n(function(w, fn) {\n if (w.addEventListener) w.addEventListener(\"DOMContentLoaded\", fn, false);\n else if (w.attachEvent) w.attachEvent(\"onload\", fn);\n})(window, function() {\n var f = new FlexibleMap();\n f.panControl = true;\n f.mapTypeId = \"satellite\";\n f.setlocale(\"ca-ES\");\n f.kmlcache = \"5 minutes\";\n f.showKML(\"flxmap-6a99d4047bf52\", \"https:\/\/opistobranquis.info\/wp-content\/uploads\/kms\/2431.kmz\");\n window.flxmap_6a99d4047bf52 = f;\n});\n\/* ]]> *\/\n<\/script>\n<div style=\"width:100%;text-align:center;margin:12px 0 4px 0;\">\n  <div style=\"font-size:8pt;margin-bottom:6px;\">Cites georeferenciades conegudes de l'esp\u00e8cie: <em>Polycera faeroensis<\/em><\/div>\n  <table style=\"margin:0 auto;border-collapse:collapse;font-size:8pt;\">\n    <tr><td colspan=\"2\" style=\"text-align:left;padding-bottom:4px;\"><strong>Fonts:<\/strong><\/td><\/tr>\n    <tr>\n      <td style=\"vertical-align:top;padding-right:40px;\">\n        <table style=\"border-collapse:collapse;\">\n<tr><td style='padding:1px 6px 1px 0;vertical-align:middle'><img data-recalc-dims=\"1\" src=\"https:\/\/i0.wp.com\/opistobranquis.info\/wp-content\/uploads\/kms\/wht-circle-lv.png?w=900&#038;ssl=1\" style='display:block'><\/td><td style='padding:1px 0;vertical-align:middle;white-space:nowrap'>OBIS<\/td><\/tr><tr><td style='padding:1px 6px 1px 0;vertical-align:middle'><img data-recalc-dims=\"1\" src=\"https:\/\/i0.wp.com\/opistobranquis.info\/wp-content\/uploads\/kms\/ylw-circle-lv.png?w=900&#038;ssl=1\" style='display:block'><\/td><td style='padding:1px 0;vertical-align:middle;white-space:nowrap'>GROC 2010-2011<\/td><\/tr><tr><td style='padding:1px 6px 1px 0;vertical-align:middle'><img data-recalc-dims=\"1\" src=\"https:\/\/i0.wp.com\/opistobranquis.info\/wp-content\/uploads\/kms\/grn-circle-lv.png?w=900&#038;ssl=1\" style='display:block'><\/td><td style='padding:1px 0;vertical-align:middle;white-space:nowrap'>Enric Madrenas<\/td><\/tr><tr><td style='padding:1px 6px 1px 0;vertical-align:middle'><img data-recalc-dims=\"1\" src=\"https:\/\/i0.wp.com\/opistobranquis.info\/wp-content\/uploads\/kms\/orange-circle-lv.png?w=900&#038;ssl=1\" style='display:block'><\/td><td style='padding:1px 0;vertical-align:middle;white-space:nowrap'>Jo\u00e3o Pedro Silva<\/td><\/tr><tr><td style='padding:1px 6px 1px 0;vertical-align:middle'><img data-recalc-dims=\"1\" src=\"https:\/\/i0.wp.com\/opistobranquis.info\/wp-content\/uploads\/kms\/pink-circle-lv.png?w=900&#038;ssl=1\" style='display:block'><\/td><td style='padding:1px 0;vertical-align:middle;white-space:nowrap'>Bernard Picton<\/td><\/tr><tr><td style='padding:1px 6px 1px 0;vertical-align:middle'><img data-recalc-dims=\"1\" src=\"https:\/\/i0.wp.com\/opistobranquis.info\/wp-content\/uploads\/kms\/blk-circle-lv.png?w=900&#038;ssl=1\" style='display:block'><\/td><td style='padding:1px 0;vertical-align:middle;white-space:nowrap'>GBIF<\/td><\/tr>        <\/table>\n      <\/td>\n      <td style=\"vertical-align:top;\">\n        <table style=\"border-collapse:collapse;\">\n<tr><td style='padding:1px 6px 1px 0;vertical-align:middle'><img data-recalc-dims=\"1\" src=\"https:\/\/i0.wp.com\/opistobranquis.info\/wp-content\/uploads\/kms\/purple-circle-lv.png?w=900&#038;ssl=1\" style='display:block'><\/td><td style='padding:1px 0;vertical-align:middle;white-space:nowrap'>OPK<\/td><\/tr><tr><td style='padding:1px 6px 1px 0;vertical-align:middle'><img data-recalc-dims=\"1\" src=\"https:\/\/i0.wp.com\/opistobranquis.info\/wp-content\/uploads\/kms\/red-circle-lv.png?w=900&#038;ssl=1\" style='display:block'><\/td><td style='padding:1px 0;vertical-align:middle;white-space:nowrap'>VIMAR<\/td><\/tr><tr><td style='padding:1px 6px 1px 0;vertical-align:middle'><img data-recalc-dims=\"1\" src=\"https:\/\/i0.wp.com\/opistobranquis.info\/wp-content\/uploads\/kms\/blu-circle-lv.png?w=900&#038;ssl=1\" style='display:block'><\/td><td style='padding:1px 0;vertical-align:middle;white-space:nowrap'>Manuel Ballesteros<\/td><\/tr><tr><td style='padding:1px 6px 1px 0;vertical-align:middle'><img data-recalc-dims=\"1\" src=\"https:\/\/i0.wp.com\/opistobranquis.info\/wp-content\/uploads\/kms\/cyan-circle-lv.png?w=900&#038;ssl=1\" style='display:block'><\/td><td style='padding:1px 0;vertical-align:middle;white-space:nowrap'>M@re Nostrum<\/td><\/tr><tr><td style='padding:1px 6px 1px 0;vertical-align:middle'><img data-recalc-dims=\"1\" src=\"https:\/\/i0.wp.com\/opistobranquis.info\/wp-content\/uploads\/kms\/grey-circle-lv.png?w=900&#038;ssl=1\" style='display:block'><\/td><td style='padding:1px 0;vertical-align:middle;white-space:nowrap'>Altres fonts<\/td><\/tr><tr><td style='padding:1px 6px 1px 0;vertical-align:middle'><img data-recalc-dims=\"1\" src=\"https:\/\/i0.wp.com\/opistobranquis.info\/wp-content\/uploads\/kms\/marreg.png?w=900&#038;ssl=1\" style='display:block'><\/td><td style='padding:1px 0;vertical-align:middle;white-space:nowrap'>Marine Regions<\/td><\/tr>        <\/table>\n      <\/td>\n    <\/tr>\n  <\/table>\n<\/div>\n<\/p>\n<p><strong>Error:<\/strong> Chart.js no est\u00e1 disponible.<\/p>\n<p><strong>Altres fotos<\/strong><br \/>\n<div class=\"tiled-gallery type-rectangular tiled-gallery-unresized\" data-original-width=\"900\" data-carousel-extra='{&quot;blog_id&quot;:1,&quot;permalink&quot;:&quot;https:\\\/\\\/opistobranquis.info\\\/ca\\\/guia\\\/nudibranchia\\\/doridina\\\/doridoidei\\\/polyceroidea\\\/polycera-faeroensis\\\/&quot;,&quot;likes_blog_id&quot;:44192421}' itemscope itemtype=\"http:\/\/schema.org\/ImageGallery\" > <div class=\"gallery-row\" style=\"width: 900px; height: 402px;\" data-original-width=\"900\" data-original-height=\"402\" > <div class=\"gallery-group images-1\" style=\"width: 601px; height: 402px;\" data-original-width=\"601\" data-original-height=\"402\" > <div class=\"tiled-gallery-item tiled-gallery-item-large\" itemprop=\"associatedMedia\" itemscope itemtype=\"http:\/\/schema.org\/ImageObject\"> <a href=\"https:\/\/opistobranquis.info\/ca\/guia\/nudibranchia\/doridina\/doridoidei\/polyceroidea\/polycera-faeroensis\/polycera-faeroensis-2-portugal-by-joao-pedro-silva\/\" border=\"0\" itemprop=\"url\"> <meta itemprop=\"width\" content=\"597\"> <meta itemprop=\"height\" content=\"398\"> <img decoding=\"async\" class=\"\" data-attachment-id=\"15896\" data-orig-file=\"https:\/\/opistobranquis.info\/wp-content\/uploads\/2014\/10\/Polycera-faeroensis-2-Portugal-by-Joao-Pedro-Silva.jpg\" data-orig-size=\"800,533\" data-comments-opened=\"\" data-image-title=\"Polycera faeroensis @ Portugal by Joao Pedro Silva\" data-image-description=\"&lt;p&gt;Polycera faeroensis @ Portugal by Joao Pedro Silva&lt;\/p&gt; \" data-medium-file=\"https:\/\/i0.wp.com\/opistobranquis.info\/wp-content\/uploads\/2014\/10\/Polycera-faeroensis-2-Portugal-by-Joao-Pedro-Silva.jpg?fit=300%2C199&#038;ssl=1\" data-large-file=\"https:\/\/i0.wp.com\/opistobranquis.info\/wp-content\/uploads\/2014\/10\/Polycera-faeroensis-2-Portugal-by-Joao-Pedro-Silva.jpg?fit=800%2C533&#038;ssl=1\" src=\"https:\/\/i0.wp.com\/opistobranquis.info\/wp-content\/uploads\/2014\/10\/Polycera-faeroensis-2-Portugal-by-Joao-Pedro-Silva.jpg?w=597&#038;h=398&#038;ssl=1\" srcset=\"https:\/\/i0.wp.com\/opistobranquis.info\/wp-content\/uploads\/2014\/10\/Polycera-faeroensis-2-Portugal-by-Joao-Pedro-Silva.jpg?w=800&amp;ssl=1 800w, https:\/\/i0.wp.com\/opistobranquis.info\/wp-content\/uploads\/2014\/10\/Polycera-faeroensis-2-Portugal-by-Joao-Pedro-Silva.jpg?resize=150%2C99&amp;ssl=1 150w, https:\/\/i0.wp.com\/opistobranquis.info\/wp-content\/uploads\/2014\/10\/Polycera-faeroensis-2-Portugal-by-Joao-Pedro-Silva.jpg?resize=300%2C199&amp;ssl=1 300w\" width=\"597\" height=\"398\" loading=\"lazy\" data-original-width=\"597\" data-original-height=\"398\" itemprop=\"http:\/\/schema.org\/image\" title=\"Polycera faeroensis @ Portugal by Joao Pedro Silva\" alt=\"Polycera faeroensis @ Portugal by Joao Pedro Silva\" style=\"width: 597px; height: 398px;\" \/> <\/a> <div class=\"tiled-gallery-caption\" itemprop=\"caption description\"> Polycera faeroensis @ Portugal by Joao Pedro Silva <\/div> <\/div> <\/div> <!-- close group --> <div class=\"gallery-group images-2\" style=\"width: 299px; height: 402px;\" data-original-width=\"299\" data-original-height=\"402\" > <div class=\"tiled-gallery-item tiled-gallery-item-large\" itemprop=\"associatedMedia\" itemscope itemtype=\"http:\/\/schema.org\/ImageObject\"> <a href=\"https:\/\/opistobranquis.info\/ca\/guia\/nudibranchia\/doridina\/doridoidei\/polyceroidea\/polycera-faeroensis\/polycera-faeroensis-3-portugal-by-joao-pedro-silva\/\" border=\"0\" itemprop=\"url\"> <meta itemprop=\"width\" content=\"295\"> <meta itemprop=\"height\" content=\"197\"> <img decoding=\"async\" class=\"\" data-attachment-id=\"15897\" data-orig-file=\"https:\/\/opistobranquis.info\/wp-content\/uploads\/2014\/10\/Polycera-faeroensis-3-Portugal-by-Joao-Pedro-Silva.jpg\" data-orig-size=\"800,533\" data-comments-opened=\"\" data-image-title=\"Polycera faeroensis @ Portugal by Joao Pedro Silva\" data-image-description=\"&lt;p&gt;Polycera faeroensis @ Portugal by Joao Pedro Silva&lt;\/p&gt; \" data-medium-file=\"https:\/\/i0.wp.com\/opistobranquis.info\/wp-content\/uploads\/2014\/10\/Polycera-faeroensis-3-Portugal-by-Joao-Pedro-Silva.jpg?fit=300%2C199&#038;ssl=1\" data-large-file=\"https:\/\/i0.wp.com\/opistobranquis.info\/wp-content\/uploads\/2014\/10\/Polycera-faeroensis-3-Portugal-by-Joao-Pedro-Silva.jpg?fit=800%2C533&#038;ssl=1\" src=\"https:\/\/i0.wp.com\/opistobranquis.info\/wp-content\/uploads\/2014\/10\/Polycera-faeroensis-3-Portugal-by-Joao-Pedro-Silva.jpg?w=295&#038;h=197&#038;ssl=1\" srcset=\"https:\/\/i0.wp.com\/opistobranquis.info\/wp-content\/uploads\/2014\/10\/Polycera-faeroensis-3-Portugal-by-Joao-Pedro-Silva.jpg?w=800&amp;ssl=1 800w, https:\/\/i0.wp.com\/opistobranquis.info\/wp-content\/uploads\/2014\/10\/Polycera-faeroensis-3-Portugal-by-Joao-Pedro-Silva.jpg?resize=150%2C99&amp;ssl=1 150w, https:\/\/i0.wp.com\/opistobranquis.info\/wp-content\/uploads\/2014\/10\/Polycera-faeroensis-3-Portugal-by-Joao-Pedro-Silva.jpg?resize=300%2C199&amp;ssl=1 300w\" width=\"295\" height=\"197\" loading=\"lazy\" data-original-width=\"295\" data-original-height=\"197\" itemprop=\"http:\/\/schema.org\/image\" title=\"Polycera faeroensis @ Portugal by Joao Pedro Silva\" alt=\"Polycera faeroensis @ Portugal by Joao Pedro Silva\" style=\"width: 295px; height: 197px;\" \/> <\/a> <div class=\"tiled-gallery-caption\" itemprop=\"caption description\"> Polycera faeroensis @ Portugal by Joao Pedro Silva <\/div> <\/div> <div class=\"tiled-gallery-item tiled-gallery-item-large\" itemprop=\"associatedMedia\" itemscope itemtype=\"http:\/\/schema.org\/ImageObject\"> <a href=\"https:\/\/opistobranquis.info\/ca\/guia\/nudibranchia\/doridina\/doridoidei\/polyceroidea\/polycera-faeroensis\/polycera-faeroensis-4-portugal-by-joao-pedro-silva\/\" border=\"0\" itemprop=\"url\"> <meta itemprop=\"width\" content=\"295\"> <meta itemprop=\"height\" content=\"197\"> <img decoding=\"async\" class=\"\" data-attachment-id=\"15898\" data-orig-file=\"https:\/\/opistobranquis.info\/wp-content\/uploads\/2014\/10\/Polycera-faeroensis-4-Portugal-by-Joao-Pedro-Silva.jpg\" data-orig-size=\"800,533\" data-comments-opened=\"\" data-image-title=\"Polycera faeroensis @ Portugal by Joao Pedro Silva\" data-image-description=\"&lt;p&gt;Polycera faeroensis @ Portugal by Joao Pedro Silva&lt;\/p&gt; \" data-medium-file=\"https:\/\/i0.wp.com\/opistobranquis.info\/wp-content\/uploads\/2014\/10\/Polycera-faeroensis-4-Portugal-by-Joao-Pedro-Silva.jpg?fit=300%2C199&#038;ssl=1\" data-large-file=\"https:\/\/i0.wp.com\/opistobranquis.info\/wp-content\/uploads\/2014\/10\/Polycera-faeroensis-4-Portugal-by-Joao-Pedro-Silva.jpg?fit=800%2C533&#038;ssl=1\" src=\"https:\/\/i0.wp.com\/opistobranquis.info\/wp-content\/uploads\/2014\/10\/Polycera-faeroensis-4-Portugal-by-Joao-Pedro-Silva.jpg?w=295&#038;h=197&#038;ssl=1\" srcset=\"https:\/\/i0.wp.com\/opistobranquis.info\/wp-content\/uploads\/2014\/10\/Polycera-faeroensis-4-Portugal-by-Joao-Pedro-Silva.jpg?w=800&amp;ssl=1 800w, https:\/\/i0.wp.com\/opistobranquis.info\/wp-content\/uploads\/2014\/10\/Polycera-faeroensis-4-Portugal-by-Joao-Pedro-Silva.jpg?resize=150%2C99&amp;ssl=1 150w, https:\/\/i0.wp.com\/opistobranquis.info\/wp-content\/uploads\/2014\/10\/Polycera-faeroensis-4-Portugal-by-Joao-Pedro-Silva.jpg?resize=300%2C199&amp;ssl=1 300w\" width=\"295\" height=\"197\" loading=\"lazy\" data-original-width=\"295\" data-original-height=\"197\" itemprop=\"http:\/\/schema.org\/image\" title=\"Polycera faeroensis @ Portugal by Joao Pedro Silva\" alt=\"Polycera faeroensis @ Portugal by Joao Pedro Silva\" style=\"width: 295px; height: 197px;\" \/> <\/a> <div class=\"tiled-gallery-caption\" itemprop=\"caption description\"> Polycera faeroensis @ Portugal by Joao Pedro Silva <\/div> <\/div> <\/div> <!-- close group --> <\/div> <!-- close row --> <div class=\"gallery-row\" style=\"width: 900px; height: 408px;\" data-original-width=\"900\" data-original-height=\"408\" > <div class=\"gallery-group images-1\" style=\"width: 610px; height: 408px;\" data-original-width=\"610\" data-original-height=\"408\" > <div class=\"tiled-gallery-item tiled-gallery-item-large\" itemprop=\"associatedMedia\" itemscope itemtype=\"http:\/\/schema.org\/ImageObject\"> <a href=\"https:\/\/opistobranquis.info\/ca\/guia\/nudibranchia\/doridina\/doridoidei\/polyceroidea\/polycera-faeroensis\/polycera-faeroensis-portugal-by-joao-pedro-silva\/\" border=\"0\" itemprop=\"url\"> <meta itemprop=\"width\" content=\"606\"> <meta itemprop=\"height\" content=\"404\"> <img decoding=\"async\" class=\"\" data-attachment-id=\"15899\" data-orig-file=\"https:\/\/opistobranquis.info\/wp-content\/uploads\/2014\/10\/Polycera-faeroensis-Portugal-by-Joao-Pedro-Silva.jpg\" data-orig-size=\"800,533\" data-comments-opened=\"\" data-image-title=\"Polycera faeroensis mating @ Portugal by Joao Pedro Silva\" data-image-description=\"&lt;p&gt;Polycera faeroensis mating @ Portugal by Joao Pedro Silva&lt;\/p&gt; \" data-medium-file=\"https:\/\/i0.wp.com\/opistobranquis.info\/wp-content\/uploads\/2014\/10\/Polycera-faeroensis-Portugal-by-Joao-Pedro-Silva.jpg?fit=300%2C199&#038;ssl=1\" data-large-file=\"https:\/\/i0.wp.com\/opistobranquis.info\/wp-content\/uploads\/2014\/10\/Polycera-faeroensis-Portugal-by-Joao-Pedro-Silva.jpg?fit=800%2C533&#038;ssl=1\" src=\"https:\/\/i0.wp.com\/opistobranquis.info\/wp-content\/uploads\/2014\/10\/Polycera-faeroensis-Portugal-by-Joao-Pedro-Silva.jpg?w=606&#038;h=404&#038;ssl=1\" srcset=\"https:\/\/i0.wp.com\/opistobranquis.info\/wp-content\/uploads\/2014\/10\/Polycera-faeroensis-Portugal-by-Joao-Pedro-Silva.jpg?w=800&amp;ssl=1 800w, https:\/\/i0.wp.com\/opistobranquis.info\/wp-content\/uploads\/2014\/10\/Polycera-faeroensis-Portugal-by-Joao-Pedro-Silva.jpg?resize=150%2C99&amp;ssl=1 150w, https:\/\/i0.wp.com\/opistobranquis.info\/wp-content\/uploads\/2014\/10\/Polycera-faeroensis-Portugal-by-Joao-Pedro-Silva.jpg?resize=300%2C199&amp;ssl=1 300w\" width=\"606\" height=\"404\" loading=\"lazy\" data-original-width=\"606\" data-original-height=\"404\" itemprop=\"http:\/\/schema.org\/image\" title=\"Polycera faeroensis mating @ Portugal by Joao Pedro Silva\" alt=\"Polycera faeroensis mating @ Portugal by Joao Pedro Silva\" style=\"width: 606px; height: 404px;\" \/> <\/a> <div class=\"tiled-gallery-caption\" itemprop=\"caption description\"> Polycera faeroensis mating @ Portugal by Joao Pedro Silva <\/div> <\/div> <\/div> <!-- close group --> <div class=\"gallery-group images-1\" style=\"width: 290px; height: 408px;\" data-original-width=\"290\" data-original-height=\"408\" > <div class=\"tiled-gallery-item tiled-gallery-item-large\" itemprop=\"associatedMedia\" itemscope itemtype=\"http:\/\/schema.org\/ImageObject\"> <a href=\"https:\/\/opistobranquis.info\/ca\/guia\/nudibranchia\/doridina\/doridoidei\/polyceroidea\/polycera-faeroensis\/radula-de-polycera-faeroensis-by-luis-sanchez-tocino\/\" border=\"0\" itemprop=\"url\"> <meta itemprop=\"width\" content=\"286\"> <meta itemprop=\"height\" content=\"404\"> <img decoding=\"async\" class=\"\" data-attachment-id=\"17034\" data-orig-file=\"https:\/\/opistobranquis.info\/wp-content\/uploads\/2014\/12\/Radula-de-Polycera-faeroensis-by-Luis-S\u00e1nchez-Tocino.png\" data-orig-size=\"575,811\" data-comments-opened=\"\" data-image-title=\"Radula of Polycera faeroensis by Luis S\u00e1nchez-Tocino\" data-image-description=\"&lt;p&gt;Radula of Polycera faeroensis by Luis S\u00e1nchez-Tocino&lt;\/p&gt; \" data-medium-file=\"https:\/\/i0.wp.com\/opistobranquis.info\/wp-content\/uploads\/2014\/12\/Radula-de-Polycera-faeroensis-by-Luis-S%C3%A1nchez-Tocino.png?fit=212%2C300&#038;ssl=1\" data-large-file=\"https:\/\/i0.wp.com\/opistobranquis.info\/wp-content\/uploads\/2014\/12\/Radula-de-Polycera-faeroensis-by-Luis-S%C3%A1nchez-Tocino.png?fit=575%2C811&#038;ssl=1\" src=\"https:\/\/i0.wp.com\/opistobranquis.info\/wp-content\/uploads\/2014\/12\/Radula-de-Polycera-faeroensis-by-Luis-S%C3%A1nchez-Tocino.png?w=286&#038;h=404&#038;ssl=1\" width=\"286\" height=\"404\" loading=\"lazy\" data-original-width=\"286\" data-original-height=\"404\" itemprop=\"http:\/\/schema.org\/image\" title=\"Radula of Polycera faeroensis by Luis S\u00e1nchez-Tocino\" alt=\"Radula of Polycera faeroensis by Luis S\u00e1nchez-Tocino\" style=\"width: 286px; height: 404px;\" \/> <\/a> <div class=\"tiled-gallery-caption\" itemprop=\"caption description\"> Radula of Polycera faeroensis by Luis S\u00e1nchez-Tocino <\/div> <\/div> <\/div> <!-- close group --> <\/div> <!-- close row --> <div class=\"gallery-row\" style=\"width: 900px; height: 812px;\" data-original-width=\"900\" data-original-height=\"812\" > <div class=\"gallery-group images-1\" style=\"width: 530px; height: 812px;\" data-original-width=\"530\" data-original-height=\"812\" > <div class=\"tiled-gallery-item tiled-gallery-item-large\" itemprop=\"associatedMedia\" itemscope itemtype=\"http:\/\/schema.org\/ImageObject\"> <a href=\"https:\/\/opistobranquis.info\/ca\/guia\/nudibranchia\/doridina\/doridoidei\/polyceroidea\/polycera-faeroensis\/polycera-faeroensis-0\/\" border=\"0\" itemprop=\"url\"> <meta itemprop=\"width\" content=\"526\"> <meta itemprop=\"height\" content=\"808\"> <img decoding=\"async\" class=\"\" data-attachment-id=\"21170\" data-orig-file=\"https:\/\/opistobranquis.info\/wp-content\/uploads\/2012\/10\/Polycera-faeroensis-0.jpg\" data-orig-size=\"396,608\" data-comments-opened=\"\" data-image-title=\"Polycera faeroensis @ Gibraltar Strait (Spain) by Jos\u00e9 Carlos Garc\u00eda\" data-image-description=\"&lt;p&gt;Polycera faeroensis @ Gibraltar Strait (Spain) by Jos\u00e9 Carlos Garc\u00eda &lt;\/p&gt; \" data-medium-file=\"https:\/\/i0.wp.com\/opistobranquis.info\/wp-content\/uploads\/2012\/10\/Polycera-faeroensis-0.jpg?fit=195%2C300&#038;ssl=1\" data-large-file=\"https:\/\/i0.wp.com\/opistobranquis.info\/wp-content\/uploads\/2012\/10\/Polycera-faeroensis-0.jpg?fit=396%2C608&#038;ssl=1\" src=\"https:\/\/i0.wp.com\/opistobranquis.info\/wp-content\/uploads\/2012\/10\/Polycera-faeroensis-0.jpg?w=526&#038;h=808&#038;ssl=1\" srcset=\"https:\/\/i0.wp.com\/opistobranquis.info\/wp-content\/uploads\/2012\/10\/Polycera-faeroensis-0.jpg?w=396&amp;ssl=1 396w, https:\/\/i0.wp.com\/opistobranquis.info\/wp-content\/uploads\/2012\/10\/Polycera-faeroensis-0.jpg?resize=98%2C150&amp;ssl=1 98w, https:\/\/i0.wp.com\/opistobranquis.info\/wp-content\/uploads\/2012\/10\/Polycera-faeroensis-0.jpg?resize=195%2C300&amp;ssl=1 195w\" width=\"526\" height=\"808\" loading=\"lazy\" data-original-width=\"526\" data-original-height=\"808\" itemprop=\"http:\/\/schema.org\/image\" title=\"Polycera faeroensis @ Gibraltar Strait (Spain) by Jos\u00e9 Carlos Garc\u00eda\" alt=\"Polycera faeroensis @ Gibraltar Strait (Spain) by Jos\u00e9 Carlos Garc\u00eda\" style=\"width: 526px; height: 808px;\" \/> <\/a> <div class=\"tiled-gallery-caption\" itemprop=\"caption description\"> Polycera faeroensis @ Gibraltar Strait (Spain) by Jos\u00e9 Carlos Garc\u00eda <\/div> <\/div> <\/div> <!-- close group --> <div class=\"gallery-group images-3\" style=\"width: 370px; height: 812px;\" data-original-width=\"370\" data-original-height=\"812\" > <div class=\"tiled-gallery-item tiled-gallery-item-large\" itemprop=\"associatedMedia\" itemscope itemtype=\"http:\/\/schema.org\/ImageObject\"> <a href=\"https:\/\/opistobranquis.info\/ca\/guia\/nudibranchia\/doridina\/doridoidei\/polyceroidea\/polycera-faeroensis\/olympus-digital-camera-101\/\" border=\"0\" itemprop=\"url\"> <meta itemprop=\"width\" content=\"366\"> <meta itemprop=\"height\" content=\"274\"> <img decoding=\"async\" class=\"\" data-attachment-id=\"23414\" data-orig-file=\"https:\/\/opistobranquis.info\/wp-content\/uploads\/2012\/05\/Polycera-quadrilineata-@-Netherlands-7-02-2017-by-Stefan-Verheyen.jpg\" data-orig-size=\"1918,1439\" data-comments-opened=\"\" data-image-title=\"Polycera faeroensis @ Netherlands 7-02-2017 by Stefan Verheyen\" data-image-description=\"&lt;p&gt;Polycera faeroensis @ Netherlands 7-02-2017 by Stefan Verheyen&lt;\/p&gt; \" data-medium-file=\"https:\/\/i0.wp.com\/opistobranquis.info\/wp-content\/uploads\/2012\/05\/Polycera-quadrilineata-%40-Netherlands-7-02-2017-by-Stefan-Verheyen.jpg?fit=300%2C225&#038;ssl=1\" data-large-file=\"https:\/\/i0.wp.com\/opistobranquis.info\/wp-content\/uploads\/2012\/05\/Polycera-quadrilineata-%40-Netherlands-7-02-2017-by-Stefan-Verheyen.jpg?fit=900%2C675&#038;ssl=1\" src=\"https:\/\/i0.wp.com\/opistobranquis.info\/wp-content\/uploads\/2012\/05\/Polycera-quadrilineata-%40-Netherlands-7-02-2017-by-Stefan-Verheyen.jpg?w=366&#038;h=274&#038;ssl=1\" width=\"366\" height=\"274\" loading=\"lazy\" data-original-width=\"366\" data-original-height=\"274\" itemprop=\"http:\/\/schema.org\/image\" title=\"Polycera faeroensis @ Netherlands 7-02-2017 by Stefan Verheyen\" alt=\"Polycera faeroensis @ Netherlands 7-02-2017 by Stefan Verheyen\" style=\"width: 366px; height: 274px;\" \/> <\/a> <div class=\"tiled-gallery-caption\" itemprop=\"caption description\"> Polycera faeroensis @ Netherlands 7-02-2017 by Stefan Verheyen <\/div> <\/div> <div class=\"tiled-gallery-item tiled-gallery-item-large\" itemprop=\"associatedMedia\" itemscope itemtype=\"http:\/\/schema.org\/ImageObject\"> <a href=\"https:\/\/opistobranquis.info\/ca\/guia\/nudibranchia\/doridina\/doridoidei\/polyceroidea\/polycera-faeroensis\/polycera-faeroensis-pl-25-by-just-edmunds-1985\/\" border=\"0\" itemprop=\"url\"> <meta itemprop=\"width\" content=\"366\"> <meta itemprop=\"height\" content=\"281\"> <img decoding=\"async\" class=\"\" data-attachment-id=\"37577\" data-orig-file=\"https:\/\/opistobranquis.info\/wp-content\/uploads\/2023\/02\/Polycera-faeroensis-Pl.25-by-Just-Edmunds-1985-scaled.jpg\" data-orig-size=\"2560,1971\" data-comments-opened=\"\" data-image-title=\"Polycera faeroensis (Pl.25) by Just &amp;#038; Edmunds (1985)\" data-image-description=\"&lt;p&gt;Polycera faeroensis (Pl.25) by Just &amp;#038; Edmunds (1985)&lt;\/p&gt; \" data-medium-file=\"https:\/\/i0.wp.com\/opistobranquis.info\/wp-content\/uploads\/2023\/02\/Polycera-faeroensis-Pl.25-by-Just-Edmunds-1985-scaled.jpg?fit=300%2C231&#038;ssl=1\" data-large-file=\"https:\/\/i0.wp.com\/opistobranquis.info\/wp-content\/uploads\/2023\/02\/Polycera-faeroensis-Pl.25-by-Just-Edmunds-1985-scaled.jpg?fit=900%2C693&#038;ssl=1\" src=\"https:\/\/i0.wp.com\/opistobranquis.info\/wp-content\/uploads\/2023\/02\/Polycera-faeroensis-Pl.25-by-Just-Edmunds-1985-scaled.jpg?w=366&#038;h=281&#038;ssl=1\" srcset=\"https:\/\/i0.wp.com\/opistobranquis.info\/wp-content\/uploads\/2023\/02\/Polycera-faeroensis-Pl.25-by-Just-Edmunds-1985-scaled.jpg?w=2560&amp;ssl=1 2560w, https:\/\/i0.wp.com\/opistobranquis.info\/wp-content\/uploads\/2023\/02\/Polycera-faeroensis-Pl.25-by-Just-Edmunds-1985-scaled.jpg?resize=300%2C231&amp;ssl=1 300w, https:\/\/i0.wp.com\/opistobranquis.info\/wp-content\/uploads\/2023\/02\/Polycera-faeroensis-Pl.25-by-Just-Edmunds-1985-scaled.jpg?resize=1024%2C788&amp;ssl=1 1024w, https:\/\/i0.wp.com\/opistobranquis.info\/wp-content\/uploads\/2023\/02\/Polycera-faeroensis-Pl.25-by-Just-Edmunds-1985-scaled.jpg?resize=150%2C115&amp;ssl=1 150w, https:\/\/i0.wp.com\/opistobranquis.info\/wp-content\/uploads\/2023\/02\/Polycera-faeroensis-Pl.25-by-Just-Edmunds-1985-scaled.jpg?resize=1536%2C1183&amp;ssl=1 1536w, https:\/\/i0.wp.com\/opistobranquis.info\/wp-content\/uploads\/2023\/02\/Polycera-faeroensis-Pl.25-by-Just-Edmunds-1985-scaled.jpg?resize=2048%2C1577&amp;ssl=1 2048w, https:\/\/i0.wp.com\/opistobranquis.info\/wp-content\/uploads\/2023\/02\/Polycera-faeroensis-Pl.25-by-Just-Edmunds-1985-scaled.jpg?w=1800&amp;ssl=1 1800w\" width=\"366\" height=\"281\" loading=\"lazy\" data-original-width=\"366\" data-original-height=\"281\" itemprop=\"http:\/\/schema.org\/image\" title=\"Polycera faeroensis (Pl.25) by Just &amp; Edmunds (1985)\" alt=\"Polycera faeroensis (Pl.25) by Just &amp; Edmunds (1985)\" style=\"width: 366px; height: 281px;\" \/> <\/a> <div class=\"tiled-gallery-caption\" itemprop=\"caption description\"> Polycera faeroensis (Pl.25) by Just &#038; Edmunds (1985) <\/div> <\/div> <div class=\"tiled-gallery-item tiled-gallery-item-large\" itemprop=\"associatedMedia\" itemscope itemtype=\"http:\/\/schema.org\/ImageObject\"> <a href=\"https:\/\/opistobranquis.info\/ca\/guia\/nudibranchia\/doridina\/doridoidei\/polyceroidea\/polycera-faeroensis\/polycera-faeroensis-the-maidens-northern-ireland-uk-by-bernard-picton\/\" border=\"0\" itemprop=\"url\"> <meta itemprop=\"width\" content=\"366\"> <meta itemprop=\"height\" content=\"245\"> <img decoding=\"async\" class=\"\" data-attachment-id=\"37582\" data-orig-file=\"https:\/\/opistobranquis.info\/wp-content\/uploads\/2023\/02\/Polycera-faeroensis-@-The-Maidens-Northern-Ireland-UK-by-Bernard-Picton.jpg\" data-orig-size=\"2000,1339\" data-comments-opened=\"\" data-image-title=\"Polycera faeroensis @ The Maidens, Northern Ireland, UK by Bernard Picton\" data-image-description=\"&lt;p&gt;Polycera faeroensis @ The Maidens, Northern Ireland, UK by Bernard Picton&lt;\/p&gt; \" data-medium-file=\"https:\/\/i0.wp.com\/opistobranquis.info\/wp-content\/uploads\/2023\/02\/Polycera-faeroensis-%40-The-Maidens-Northern-Ireland-UK-by-Bernard-Picton.jpg?fit=300%2C201&#038;ssl=1\" data-large-file=\"https:\/\/i0.wp.com\/opistobranquis.info\/wp-content\/uploads\/2023\/02\/Polycera-faeroensis-%40-The-Maidens-Northern-Ireland-UK-by-Bernard-Picton.jpg?fit=900%2C603&#038;ssl=1\" src=\"https:\/\/i0.wp.com\/opistobranquis.info\/wp-content\/uploads\/2023\/02\/Polycera-faeroensis-%40-The-Maidens-Northern-Ireland-UK-by-Bernard-Picton.jpg?w=366&#038;h=245&#038;ssl=1\" width=\"366\" height=\"245\" loading=\"lazy\" data-original-width=\"366\" data-original-height=\"245\" itemprop=\"http:\/\/schema.org\/image\" title=\"Polycera faeroensis @ The Maidens, Northern Ireland, UK by Bernard Picton\" alt=\"Polycera faeroensis @ The Maidens, Northern Ireland, UK by Bernard Picton\" style=\"width: 366px; height: 245px;\" \/> <\/a> <div class=\"tiled-gallery-caption\" itemprop=\"caption description\"> Polycera faeroensis @ The Maidens, Northern Ireland, UK by Bernard Picton <\/div> <\/div> <\/div> <!-- close group --> <\/div> <!-- close row --> <div class=\"gallery-row\" style=\"width: 900px; height: 409px;\" data-original-width=\"900\" data-original-height=\"409\" > <div class=\"gallery-group images-2\" style=\"width: 287px; height: 409px;\" data-original-width=\"287\" data-original-height=\"409\" > <div class=\"tiled-gallery-item tiled-gallery-item-large\" itemprop=\"associatedMedia\" itemscope itemtype=\"http:\/\/schema.org\/ImageObject\"> <a href=\"https:\/\/opistobranquis.info\/ca\/guia\/nudibranchia\/doridina\/doridoidei\/polyceroidea\/polycera-faeroensis\/polycera-faeroensis-mating-ards-northern-ireland-uk-by-bernard-picton\/\" border=\"0\" itemprop=\"url\"> <meta itemprop=\"width\" content=\"283\"> <meta itemprop=\"height\" content=\"189\"> <img decoding=\"async\" class=\"\" data-attachment-id=\"37583\" data-orig-file=\"https:\/\/opistobranquis.info\/wp-content\/uploads\/2023\/02\/Polycera-faeroensis-mating-@-Ards-Northern-Ireland-UK-by-Bernard-Picton.jpg\" data-orig-size=\"2000,1335\" data-comments-opened=\"\" data-image-title=\"Polycera faeroensis mating @ Ards, Northern Ireland, UK by Bernard Picton\" data-image-description=\"&lt;p&gt;Polycera faeroensis mating @ Ards, Northern Ireland, UK by Bernard Picton&lt;\/p&gt; \" data-medium-file=\"https:\/\/i0.wp.com\/opistobranquis.info\/wp-content\/uploads\/2023\/02\/Polycera-faeroensis-mating-%40-Ards-Northern-Ireland-UK-by-Bernard-Picton.jpg?fit=300%2C200&#038;ssl=1\" data-large-file=\"https:\/\/i0.wp.com\/opistobranquis.info\/wp-content\/uploads\/2023\/02\/Polycera-faeroensis-mating-%40-Ards-Northern-Ireland-UK-by-Bernard-Picton.jpg?fit=900%2C601&#038;ssl=1\" src=\"https:\/\/i0.wp.com\/opistobranquis.info\/wp-content\/uploads\/2023\/02\/Polycera-faeroensis-mating-%40-Ards-Northern-Ireland-UK-by-Bernard-Picton.jpg?w=283&#038;h=189&#038;ssl=1\" width=\"283\" height=\"189\" loading=\"lazy\" data-original-width=\"283\" data-original-height=\"189\" itemprop=\"http:\/\/schema.org\/image\" title=\"Polycera faeroensis mating @ Ards, Northern Ireland, UK by Bernard Picton\" alt=\"Polycera faeroensis mating @ Ards, Northern Ireland, UK by Bernard Picton\" style=\"width: 283px; height: 189px;\" \/> <\/a> <div class=\"tiled-gallery-caption\" itemprop=\"caption description\"> Polycera faeroensis mating @ Ards, Northern Ireland, UK by Bernard Picton <\/div> <\/div> <div class=\"tiled-gallery-item tiled-gallery-item-large\" itemprop=\"associatedMedia\" itemscope itemtype=\"http:\/\/schema.org\/ImageObject\"> <a href=\"https:\/\/opistobranquis.info\/ca\/guia\/nudibranchia\/doridina\/doridoidei\/polyceroidea\/polycera-faeroensis\/polycera-faeroensis-mating-with-spawn-coleraine-northern-ireland-uk-by-bernard-picton\/\" border=\"0\" itemprop=\"url\"> <meta itemprop=\"width\" content=\"283\"> <meta itemprop=\"height\" content=\"212\"> <img decoding=\"async\" class=\"\" data-attachment-id=\"37585\" data-orig-file=\"https:\/\/opistobranquis.info\/wp-content\/uploads\/2023\/02\/Polycera-faeroensis-mating-with-spawn-@-Coleraine-Northern-Ireland-UK-by-Bernard-Picton.jpg\" data-orig-size=\"2048,1536\" data-comments-opened=\"\" data-image-title=\"Polycera faeroensis mating with spawn @ Coleraine, Northern Ireland, UK by Bernard Picton\" data-image-description=\"&lt;p&gt;Polycera faeroensis mating with spawn @ Coleraine, Northern Ireland, UK by Bernard Picton&lt;\/p&gt; \" data-medium-file=\"https:\/\/i0.wp.com\/opistobranquis.info\/wp-content\/uploads\/2023\/02\/Polycera-faeroensis-mating-with-spawn-%40-Coleraine-Northern-Ireland-UK-by-Bernard-Picton.jpg?fit=300%2C225&#038;ssl=1\" data-large-file=\"https:\/\/i0.wp.com\/opistobranquis.info\/wp-content\/uploads\/2023\/02\/Polycera-faeroensis-mating-with-spawn-%40-Coleraine-Northern-Ireland-UK-by-Bernard-Picton.jpg?fit=900%2C675&#038;ssl=1\" src=\"https:\/\/i0.wp.com\/opistobranquis.info\/wp-content\/uploads\/2023\/02\/Polycera-faeroensis-mating-with-spawn-%40-Coleraine-Northern-Ireland-UK-by-Bernard-Picton.jpg?w=283&#038;h=212&#038;ssl=1\" width=\"283\" height=\"212\" loading=\"lazy\" data-original-width=\"283\" data-original-height=\"212\" itemprop=\"http:\/\/schema.org\/image\" title=\"Polycera faeroensis mating with spawn @ Coleraine, Northern Ireland, UK by Bernard Picton\" alt=\"Polycera faeroensis mating with spawn @ Coleraine, Northern Ireland, UK by Bernard Picton\" style=\"width: 283px; height: 212px;\" \/> <\/a> <div class=\"tiled-gallery-caption\" itemprop=\"caption description\"> Polycera faeroensis mating with spawn @ Coleraine, Northern Ireland, UK by Bernard Picton <\/div> <\/div> <\/div> <!-- close group --> <div class=\"gallery-group images-1\" style=\"width: 613px; height: 409px;\" data-original-width=\"613\" data-original-height=\"409\" > <div class=\"tiled-gallery-item tiled-gallery-item-large\" itemprop=\"associatedMedia\" itemscope itemtype=\"http:\/\/schema.org\/ImageObject\"> <a href=\"https:\/\/opistobranquis.info\/ca\/guia\/nudibranchia\/doridina\/doridoidei\/polyceroidea\/polycera-faeroensis\/polycera-faeroensis-granada-by-luis-sanchez-tocino-pq22211\/\" border=\"0\" itemprop=\"url\"> <meta itemprop=\"width\" content=\"609\"> <meta itemprop=\"height\" content=\"405\"> <img decoding=\"async\" class=\"\" data-attachment-id=\"37595\" data-orig-file=\"https:\/\/opistobranquis.info\/wp-content\/uploads\/2023\/02\/Polycera-faeroensis-@-Granada-by-Luis-Sanchez-Tocino-pq22211.jpg\" data-orig-size=\"960,639\" data-comments-opened=\"\" data-image-title=\"Polycera faeroensis @ Granada by Luis S\u00e1nchez Tocino\" data-image-description=\"&lt;p&gt;Polycera faeroensis @ Granada by Luis S\u00e1nchez Tocino&lt;\/p&gt; \" data-medium-file=\"https:\/\/i0.wp.com\/opistobranquis.info\/wp-content\/uploads\/2023\/02\/Polycera-faeroensis-%40-Granada-by-Luis-Sanchez-Tocino-pq22211.jpg?fit=300%2C200&#038;ssl=1\" data-large-file=\"https:\/\/i0.wp.com\/opistobranquis.info\/wp-content\/uploads\/2023\/02\/Polycera-faeroensis-%40-Granada-by-Luis-Sanchez-Tocino-pq22211.jpg?fit=900%2C599&#038;ssl=1\" src=\"https:\/\/i0.wp.com\/opistobranquis.info\/wp-content\/uploads\/2023\/02\/Polycera-faeroensis-%40-Granada-by-Luis-Sanchez-Tocino-pq22211.jpg?w=609&#038;h=405&#038;ssl=1\" width=\"609\" height=\"405\" loading=\"lazy\" data-original-width=\"609\" data-original-height=\"405\" itemprop=\"http:\/\/schema.org\/image\" title=\"Polycera faeroensis @ Granada by Luis S\u00e1nchez Tocino\" alt=\"Polycera faeroensis @ Granada by Luis S\u00e1nchez Tocino\" style=\"width: 609px; height: 405px;\" \/> <\/a> <div class=\"tiled-gallery-caption\" itemprop=\"caption description\"> Polycera faeroensis @ Granada by Luis S\u00e1nchez Tocino <\/div> <\/div> <\/div> <!-- close group --> <\/div> <!-- close row --> <div class=\"gallery-row\" style=\"width: 900px; height: 401px;\" data-original-width=\"900\" data-original-height=\"401\" > <div class=\"gallery-group images-1\" style=\"width: 601px; height: 401px;\" data-original-width=\"601\" data-original-height=\"401\" > <div class=\"tiled-gallery-item tiled-gallery-item-large\" itemprop=\"associatedMedia\" itemscope itemtype=\"http:\/\/schema.org\/ImageObject\"> <a href=\"https:\/\/opistobranquis.info\/ca\/guia\/nudibranchia\/doridina\/doridoidei\/polyceroidea\/polycera-faeroensis\/polycera-faeroensis-granada-by-luis-sanchez-tocino-dsc_0009\/\" border=\"0\" itemprop=\"url\"> <meta itemprop=\"width\" content=\"597\"> <meta itemprop=\"height\" content=\"397\"> <img decoding=\"async\" class=\"\" data-attachment-id=\"37596\" data-orig-file=\"https:\/\/opistobranquis.info\/wp-content\/uploads\/2023\/02\/Polycera-faeroensis-@-Granada-by-Luis-Sanchez-Tocino-DSC_0009.jpg\" data-orig-size=\"960,638\" data-comments-opened=\"\" data-image-title=\"Polycera faeroensis @ Granada by Luis S\u00e1nchez Tocino\" data-image-description=\"&lt;p&gt;Polycera faeroensis @ Granada by Luis S\u00e1nchez Tocino&lt;\/p&gt; \" data-medium-file=\"https:\/\/i0.wp.com\/opistobranquis.info\/wp-content\/uploads\/2023\/02\/Polycera-faeroensis-%40-Granada-by-Luis-Sanchez-Tocino-DSC_0009.jpg?fit=300%2C199&#038;ssl=1\" data-large-file=\"https:\/\/i0.wp.com\/opistobranquis.info\/wp-content\/uploads\/2023\/02\/Polycera-faeroensis-%40-Granada-by-Luis-Sanchez-Tocino-DSC_0009.jpg?fit=900%2C598&#038;ssl=1\" src=\"https:\/\/i0.wp.com\/opistobranquis.info\/wp-content\/uploads\/2023\/02\/Polycera-faeroensis-%40-Granada-by-Luis-Sanchez-Tocino-DSC_0009.jpg?w=597&#038;h=397&#038;ssl=1\" width=\"597\" height=\"397\" loading=\"lazy\" data-original-width=\"597\" data-original-height=\"397\" itemprop=\"http:\/\/schema.org\/image\" title=\"Polycera faeroensis @ Granada by Luis S\u00e1nchez Tocino\" alt=\"Polycera faeroensis @ Granada by Luis S\u00e1nchez Tocino\" style=\"width: 597px; height: 397px;\" \/> <\/a> <div class=\"tiled-gallery-caption\" itemprop=\"caption description\"> Polycera faeroensis @ Granada by Luis S\u00e1nchez Tocino <\/div> <\/div> <\/div> <!-- close group --> <div class=\"gallery-group images-2\" style=\"width: 299px; height: 401px;\" data-original-width=\"299\" data-original-height=\"401\" > <div class=\"tiled-gallery-item tiled-gallery-item-large\" itemprop=\"associatedMedia\" itemscope itemtype=\"http:\/\/schema.org\/ImageObject\"> <a href=\"https:\/\/opistobranquis.info\/ca\/guia\/nudibranchia\/doridina\/doridoidei\/polyceroidea\/polycera-faeroensis\/polycera-faeroensis-4-caials-cadaques-by-miquel-pontes\/\" border=\"0\" itemprop=\"url\"> <meta itemprop=\"width\" content=\"295\"> <meta itemprop=\"height\" content=\"197\"> <img decoding=\"async\" class=\"\" data-attachment-id=\"37607\" data-orig-file=\"https:\/\/opistobranquis.info\/wp-content\/uploads\/2023\/02\/Polycera-faeroensis-4-@-Caials-Cadaques-by-Miquel-Pontes.jpg\" data-orig-size=\"800,533\" data-comments-opened=\"\" data-image-title=\"Polycera faeroensis (head detail) @ Caials, Cadaqu\u00e9s by Miquel Pontes\" data-image-description=\"&lt;p&gt;Polycera faeroensis (head detail) @ Caials, Cadaqu\u00e9s by Miquel Pontes&lt;\/p&gt; \" data-medium-file=\"https:\/\/i0.wp.com\/opistobranquis.info\/wp-content\/uploads\/2023\/02\/Polycera-faeroensis-4-%40-Caials-Cadaques-by-Miquel-Pontes.jpg?fit=300%2C200&#038;ssl=1\" data-large-file=\"https:\/\/i0.wp.com\/opistobranquis.info\/wp-content\/uploads\/2023\/02\/Polycera-faeroensis-4-%40-Caials-Cadaques-by-Miquel-Pontes.jpg?fit=800%2C533&#038;ssl=1\" src=\"https:\/\/i0.wp.com\/opistobranquis.info\/wp-content\/uploads\/2023\/02\/Polycera-faeroensis-4-%40-Caials-Cadaques-by-Miquel-Pontes.jpg?w=295&#038;h=197&#038;ssl=1\" width=\"295\" height=\"197\" loading=\"lazy\" data-original-width=\"295\" data-original-height=\"197\" itemprop=\"http:\/\/schema.org\/image\" title=\"Polycera faeroensis (head detail) @ Caials, Cadaqu\u00e9s by Miquel Pontes\" alt=\"Polycera faeroensis (head detail) @ Caials, Cadaqu\u00e9s by Miquel Pontes\" style=\"width: 295px; height: 197px;\" \/> <\/a> <div class=\"tiled-gallery-caption\" itemprop=\"caption description\"> Polycera faeroensis (head detail) @ Caials, Cadaqu\u00e9s by Miquel Pontes <\/div> <\/div> <div class=\"tiled-gallery-item tiled-gallery-item-large\" itemprop=\"associatedMedia\" itemscope itemtype=\"http:\/\/schema.org\/ImageObject\"> <a href=\"https:\/\/opistobranquis.info\/ca\/guia\/nudibranchia\/doridina\/doridoidei\/polyceroidea\/polycera-faeroensis\/polycera-faeroensis-2-caials-cadaques-by-miquel-pontes\/\" border=\"0\" itemprop=\"url\"> <meta itemprop=\"width\" content=\"295\"> <meta itemprop=\"height\" content=\"196\"> <img decoding=\"async\" class=\"\" data-attachment-id=\"37608\" data-orig-file=\"https:\/\/opistobranquis.info\/wp-content\/uploads\/2023\/02\/Polycera-faeroensis-2-@-Caials-Cadaques-by-Miquel-Pontes.jpg\" data-orig-size=\"800,533\" data-comments-opened=\"\" data-image-title=\"Polycera faeroensis @ Caials, Cadaqu\u00e9s by Miquel Pontes\" data-image-description=\"&lt;p&gt;Polycera faeroensis @ Caials, Cadaqu\u00e9s by Miquel Pontes&lt;\/p&gt; \" data-medium-file=\"https:\/\/i0.wp.com\/opistobranquis.info\/wp-content\/uploads\/2023\/02\/Polycera-faeroensis-2-%40-Caials-Cadaques-by-Miquel-Pontes.jpg?fit=300%2C200&#038;ssl=1\" data-large-file=\"https:\/\/i0.wp.com\/opistobranquis.info\/wp-content\/uploads\/2023\/02\/Polycera-faeroensis-2-%40-Caials-Cadaques-by-Miquel-Pontes.jpg?fit=800%2C533&#038;ssl=1\" src=\"https:\/\/i0.wp.com\/opistobranquis.info\/wp-content\/uploads\/2023\/02\/Polycera-faeroensis-2-%40-Caials-Cadaques-by-Miquel-Pontes.jpg?w=295&#038;h=196&#038;ssl=1\" width=\"295\" height=\"196\" loading=\"lazy\" data-original-width=\"295\" data-original-height=\"196\" itemprop=\"http:\/\/schema.org\/image\" title=\"Polycera faeroensis @ Caials, Cadaqu\u00e9s by Miquel Pontes\" alt=\"Polycera faeroensis @ Caials, Cadaqu\u00e9s by Miquel Pontes\" style=\"width: 295px; height: 196px;\" \/> <\/a> <div class=\"tiled-gallery-caption\" itemprop=\"caption description\"> Polycera faeroensis @ Caials, Cadaqu\u00e9s by Miquel Pontes <\/div> <\/div> <\/div> <!-- close group --> <\/div> <!-- close row --> <div class=\"gallery-row\" style=\"width: 900px; height: 301px;\" data-original-width=\"900\" data-original-height=\"301\" > <div class=\"gallery-group images-1\" style=\"width: 450px; height: 301px;\" data-original-width=\"450\" data-original-height=\"301\" > <div class=\"tiled-gallery-item tiled-gallery-item-large\" itemprop=\"associatedMedia\" itemscope itemtype=\"http:\/\/schema.org\/ImageObject\"> <a href=\"https:\/\/opistobranquis.info\/ca\/guia\/nudibranchia\/doridina\/doridoidei\/polyceroidea\/polycera-faeroensis\/polycera-faeroensis-9-caials-cadaques-by-miquel-pontes\/\" border=\"0\" itemprop=\"url\"> <meta itemprop=\"width\" content=\"446\"> <meta itemprop=\"height\" content=\"297\"> <img decoding=\"async\" class=\"\" data-attachment-id=\"37609\" data-orig-file=\"https:\/\/opistobranquis.info\/wp-content\/uploads\/2023\/02\/Polycera-faeroensis-9-@-Caials-Cadaques-by-Miquel-Pontes.jpg\" data-orig-size=\"800,534\" data-comments-opened=\"\" data-image-title=\"Polycera faeroensis (head detail) @ Caials, Cadaqu\u00e9s by Miquel Pontes\" data-image-description=\"&lt;p&gt;Polycera faeroensis (head detail) @ Caials, Cadaqu\u00e9s by Miquel Pontes&lt;\/p&gt; \" data-medium-file=\"https:\/\/i0.wp.com\/opistobranquis.info\/wp-content\/uploads\/2023\/02\/Polycera-faeroensis-9-%40-Caials-Cadaques-by-Miquel-Pontes.jpg?fit=300%2C200&#038;ssl=1\" data-large-file=\"https:\/\/i0.wp.com\/opistobranquis.info\/wp-content\/uploads\/2023\/02\/Polycera-faeroensis-9-%40-Caials-Cadaques-by-Miquel-Pontes.jpg?fit=800%2C534&#038;ssl=1\" src=\"https:\/\/i0.wp.com\/opistobranquis.info\/wp-content\/uploads\/2023\/02\/Polycera-faeroensis-9-%40-Caials-Cadaques-by-Miquel-Pontes.jpg?w=446&#038;h=297&#038;ssl=1\" width=\"446\" height=\"297\" loading=\"lazy\" data-original-width=\"446\" data-original-height=\"297\" itemprop=\"http:\/\/schema.org\/image\" title=\"Polycera faeroensis (head detail) @ Caials, Cadaqu\u00e9s by Miquel Pontes\" alt=\"Polycera faeroensis (head detail) @ Caials, Cadaqu\u00e9s by Miquel Pontes\" style=\"width: 446px; height: 297px;\" \/> <\/a> <div class=\"tiled-gallery-caption\" itemprop=\"caption description\"> Polycera faeroensis (head detail) @ Caials, Cadaqu\u00e9s by Miquel Pontes <\/div> <\/div> <\/div> <!-- close group --> <div class=\"gallery-group images-1\" style=\"width: 450px; height: 301px;\" data-original-width=\"450\" data-original-height=\"301\" > <div class=\"tiled-gallery-item tiled-gallery-item-large\" itemprop=\"associatedMedia\" itemscope itemtype=\"http:\/\/schema.org\/ImageObject\"> <a href=\"https:\/\/opistobranquis.info\/ca\/guia\/nudibranchia\/doridina\/doridoidei\/polyceroidea\/polycera-faeroensis\/polycera-faeroensis-8-caials-cadaques-by-miquel-pontes\/\" border=\"0\" itemprop=\"url\"> <meta itemprop=\"width\" content=\"446\"> <meta itemprop=\"height\" content=\"297\"> <img decoding=\"async\" class=\"\" data-attachment-id=\"37610\" data-orig-file=\"https:\/\/opistobranquis.info\/wp-content\/uploads\/2023\/02\/Polycera-faeroensis-8-@-Caials-Cadaques-by-Miquel-Pontes.jpg\" data-orig-size=\"800,533\" data-comments-opened=\"\" data-image-title=\"Polycera faeroensis (gill detail) @ Caials, Cadaqu\u00e9s by Miquel Pontes\" data-image-description=\"&lt;p&gt;Polycera faeroensis (gill detail) @ Caials, Cadaqu\u00e9s by Miquel Pontes&lt;\/p&gt; \" data-medium-file=\"https:\/\/i0.wp.com\/opistobranquis.info\/wp-content\/uploads\/2023\/02\/Polycera-faeroensis-8-%40-Caials-Cadaques-by-Miquel-Pontes.jpg?fit=300%2C200&#038;ssl=1\" data-large-file=\"https:\/\/i0.wp.com\/opistobranquis.info\/wp-content\/uploads\/2023\/02\/Polycera-faeroensis-8-%40-Caials-Cadaques-by-Miquel-Pontes.jpg?fit=800%2C533&#038;ssl=1\" src=\"https:\/\/i0.wp.com\/opistobranquis.info\/wp-content\/uploads\/2023\/02\/Polycera-faeroensis-8-%40-Caials-Cadaques-by-Miquel-Pontes.jpg?w=446&#038;h=297&#038;ssl=1\" width=\"446\" height=\"297\" loading=\"lazy\" data-original-width=\"446\" data-original-height=\"297\" itemprop=\"http:\/\/schema.org\/image\" title=\"Polycera faeroensis (gill detail) @ Caials, Cadaqu\u00e9s by Miquel Pontes\" alt=\"Polycera faeroensis (gill detail) @ Caials, Cadaqu\u00e9s by Miquel Pontes\" style=\"width: 446px; height: 297px;\" \/> <\/a> <div class=\"tiled-gallery-caption\" itemprop=\"caption description\"> Polycera faeroensis (gill detail) @ Caials, Cadaqu\u00e9s by Miquel Pontes <\/div> <\/div> <\/div> <!-- close group --> <\/div> <!-- close row --> <div class=\"gallery-row\" style=\"width: 900px; height: 601px;\" data-original-width=\"900\" data-original-height=\"601\" > <div class=\"gallery-group images-1\" style=\"width: 900px; height: 601px;\" data-original-width=\"900\" data-original-height=\"601\" > <div class=\"tiled-gallery-item tiled-gallery-item-large\" itemprop=\"associatedMedia\" itemscope itemtype=\"http:\/\/schema.org\/ImageObject\"> <a href=\"https:\/\/opistobranquis.info\/ca\/guia\/nudibranchia\/doridina\/doridoidei\/polyceroidea\/polycera-faeroensis\/polycera-faeroensis-6-caials-cadaques-by-miquel-pontes\/\" border=\"0\" itemprop=\"url\"> <meta itemprop=\"width\" content=\"896\"> <meta itemprop=\"height\" content=\"597\"> <img decoding=\"async\" class=\"\" data-attachment-id=\"37611\" data-orig-file=\"https:\/\/opistobranquis.info\/wp-content\/uploads\/2023\/02\/Polycera-faeroensis-6-@-Caials-Cadaques-by-Miquel-Pontes.jpg\" data-orig-size=\"800,533\" data-comments-opened=\"\" data-image-title=\"Polycera faeroensis @ Caials, Cadaqu\u00e9s by Miquel Pontes\" data-image-description=\"&lt;p&gt;Polycera faeroensis @ Caials, Cadaqu\u00e9s by Miquel Pontes&lt;\/p&gt; \" data-medium-file=\"https:\/\/i0.wp.com\/opistobranquis.info\/wp-content\/uploads\/2023\/02\/Polycera-faeroensis-6-%40-Caials-Cadaques-by-Miquel-Pontes.jpg?fit=300%2C200&#038;ssl=1\" data-large-file=\"https:\/\/i0.wp.com\/opistobranquis.info\/wp-content\/uploads\/2023\/02\/Polycera-faeroensis-6-%40-Caials-Cadaques-by-Miquel-Pontes.jpg?fit=800%2C533&#038;ssl=1\" src=\"https:\/\/i0.wp.com\/opistobranquis.info\/wp-content\/uploads\/2023\/02\/Polycera-faeroensis-6-%40-Caials-Cadaques-by-Miquel-Pontes.jpg?w=896&#038;h=597&#038;ssl=1\" width=\"896\" height=\"597\" loading=\"lazy\" data-original-width=\"896\" data-original-height=\"597\" itemprop=\"http:\/\/schema.org\/image\" title=\"Polycera faeroensis @ Caials, Cadaqu\u00e9s by Miquel Pontes\" alt=\"Polycera faeroensis @ Caials, Cadaqu\u00e9s by Miquel Pontes\" style=\"width: 896px; height: 597px;\" \/> <\/a> <div class=\"tiled-gallery-caption\" itemprop=\"caption description\"> Polycera faeroensis @ Caials, Cadaqu\u00e9s by Miquel Pontes <\/div> <\/div> <\/div> <!-- close group --> <\/div> <!-- close row --> <\/div><\/p>\n<p><p><strong>Bibliografia<\/strong><\/p><ul><div id=\"zotpress-e6ffe32d6ed7988b700348cfc4986ae7\" class=\"zp-Zotpress zp-Zotpress-Bib wp-block-group\">\n\n\t\t<span class=\"ZP_API_USER_ID ZP_ATTR\">1246567<\/span>\n\t\t<span class=\"ZP_ITEM_KEY ZP_ATTR\"><\/span>\n\t\t<span class=\"ZP_COLLECTION_ID ZP_ATTR\"><\/span>\n\t\t<span class=\"ZP_TAG_ID ZP_ATTR\">Polycera faeroensis<\/span>\n\t\t<span class=\"ZP_AUTHOR ZP_ATTR\"><\/span>\n\t\t<span class=\"ZP_YEAR ZP_ATTR\"><\/span>\n        <span class=\"ZP_ITEMTYPE ZP_ATTR\"><\/span>\n\t\t<span class=\"ZP_INCLUSIVE ZP_ATTR\">1<\/span>\n\t\t<span class=\"ZP_STYLE ZP_ATTR\">eunomia-revista-en-cultura-de-la-legalidad<\/span>\n\t\t<span class=\"ZP_LIMIT ZP_ATTR\">50<\/span>\n\t\t<span class=\"ZP_SORTBY ZP_ATTR\">creator<\/span>\n\t\t<span class=\"ZP_ORDER ZP_ATTR\">asc<\/span>\n\t\t<span class=\"ZP_TITLE ZP_ATTR\"><\/span>\n\t\t<span class=\"ZP_SHOWIMAGE ZP_ATTR\"><\/span>\n\t\t<span class=\"ZP_SHOWTAGS ZP_ATTR\"><\/span>\n\t\t<span class=\"ZP_DOWNLOADABLE ZP_ATTR\"><\/span>\n\t\t<span class=\"ZP_NOTES ZP_ATTR\"><\/span>\n\t\t<span class=\"ZP_ABSTRACT ZP_ATTR\"><\/span>\n\t\t<span class=\"ZP_CITEABLE ZP_ATTR\"><\/span>\n\t\t<span class=\"ZP_TARGET ZP_ATTR\">1<\/span>\n\t\t<span class=\"ZP_URLWRAP ZP_ATTR\"><\/span>\n\t\t<span class=\"ZP_FORCENUM ZP_ATTR\"><\/span>\n        <span class=\"ZP_HIGHLIGHT ZP_ATTR\"><\/span>\n        <span class=\"ZP_POSTID ZP_ATTR\">2431<\/span>\n\t\t<span class=\"ZOTPRESS_PLUGIN_URL ZP_ATTR\">https:\/\/opistobranquis.info\/wp-content\/plugins\/zotpress\/<\/span>\n\n\t\t<div class=\"zp-List loading\">\n\t\t\t<div class=\"zp-SEO-Content\">\n\n\t\t\t<\/div><!-- .zp-zp-SEO-Content -->\n\t\t<\/div><!-- .zp-List -->\n\t<\/div><!--.zp-Zotpress-->\n\n<p><\/p>Bibliografia basada en els treballs de <b>Steve Long, 2006<\/b>. <a target=_blank href=https:\/\/opistobranquis.info\/wp-content\/uploads\/2016\/06\/Long-S.-2006-Bibliography-of-Opisthobranchia-1554-2000.pdf>Bibliography of Opisthobranchia 1554-2000<\/a> i <b>Gary McDonald, 2009<\/b>. <a href=http:\/\/escholarship.org\/uc\/item\/8115h0wz>Bibliographia Nudibranchia<\/a>, amb actualitzacions posteriors procedents d\u00b4altres fonts.<p><\/p><\/ul><p><\/p><p><strong>M\u00e9s informaci\u00f3<\/strong><\/p><span style=\"font-size:10pt\"><ul><ul class=\"blogroll-links\"><li><a href=\"http:\/\/www.asturnatura.com\/especie\/polycera-faeroensis.html\">AsturNatura<\/a><\/li><li><a href=\"http:\/\/www.biodiversitylibrary.org\/name\/Polycera%20faeroensis\">Biodiversity Heritage Library<\/a><\/li><li><a href=\"http:\/\/doris.ffessm.fr\/fiche2.asp?fiche_numero=296\">DORIS<\/a><\/li><li><a href=\"https:\/\/litoraldegranada.ugr.es\/el-litoral\/el-litoral-sumergido\/fauna\/moluscos\/gasteropodos\/opistobranquios\/orden-nudibranchia\/doridaceos\/polyceroidea\/polycera-faeroensis\/\">El Litoral de Granada<\/a><\/li><li><a href=\"http:\/\/www.habitas.org.uk\/marinelife\/species.asp?item=W13620#\">Encyclopedia of Marine Life of Britain and Ireland<\/a><\/li><li><a href=\"https:\/\/www.flickr.com\/search\/?text=Polycera%20faeroensis\">Flickr pictures<\/a><\/li><li><a href=\"http:\/\/www.opistobranquis.org\/ca\/guia\/145\">GROC<\/a><\/li><li><a href=\"http:\/\/www.irmng.org\/aphia.php?p=taxlist&#038;tName=Polycera%20faeroensis\">Interim Register of Marine and Nonmarine Genera<\/a><\/li><li><a href=\"http:\/\/www.ncbi.nlm.nih.gov\/Taxonomy\/Browser\/wwwtax.cgi?mode=Undef&#038;name=Polycera%20faeroensis&#038;lvl=0&#038;srchmode=1\">NCBI GenBank<\/a><\/li><li><a href=\"http:\/\/iobis.org\/mapper\/?taxon=Polycera%20faeroensis\">OBIS - Search by Taxon<\/a><\/li><li><a href=\"http:\/\/www.nudibranch.org\/Scottish%20Nudibranchs\/polycera-faeroensis.html\">Scottish Nudibranchs<\/a><\/li><li><a href=\"http:\/\/www.seaslugforum.net\/showall\/polyfaer\">Sea Slug Forum<\/a><\/li><li><a href=\"http:\/\/www.marinespecies.org\/aphia.php?p=taxdetails&#038;id=140834\">World Register of Marine Species<\/a><\/li><\/ul><\/ul><\/span><p><strong>Citeu aquest article com: <\/strong><\/p><div style=\"display: block; background: #444444; padding: 10px 30px 10px 10px; border-radius: 5px; line-height: 18px;\"><p class=\"citacio\"><b>Pontes, Miquel<\/b> (2025) <em>\"Polycera faeroensis\"<\/em> a <em>OPK-Opistobranquis<\/em>. Publicat: 24\/10\/2012. Accedit: 03\/09\/2026. Disponible a (<a href=https:\/\/opistobranquis.info\/ca\/?p=2431>https:\/\/opistobranquis.info\/ca\/?p=2431<\/a>)<\/p><p><\/p><\/div><p><\/p><\/p>","protected":false},"excerpt":{"rendered":"<p>Polycera faeroensis\u00a0 Lemche, 1929 Nota taxon\u00f2mica: Korshunova et al (2021) van publicar el seu treball sobre el complex Polycera quadrilineata on es van recon\u00e8ixer quatre esp\u00e8cies de les costes atl\u00e0ntiques europees basant-se en un enfocament multidisciplinari (molecular, morfol\u00f2gic, filogen\u00e8tic, filogeogr\u00e0fic i ecol\u00f2gic) per a la determinaci\u00f3 d&#8217;esp\u00e8cies. En aquest treball, els autors van determinar que les cites de Polycera faeroensis inclo\u00efen una altra esp\u00e8cie cr\u00edptica (nova per a la ci\u00e8ncia)\u2026<\/p>\n<p class=\"continue-reading-button\"> <a class=\"continue-reading-link\" href=\"https:\/\/opistobranquis.info\/ca\/guia\/nudibranchia\/doridina\/doridoidei\/polyceroidea\/polycera-faeroensis\/\">Continua llegint<i class=\"crycon-right-dir\"><\/i><\/a><\/p>\n","protected":false},"author":5,"featured_media":37597,"parent":26113,"menu_order":6770,"comment_status":"closed","ping_status":"closed","template":"","meta":{"footnotes":""},"class_list":["post-2431","page","type-page","status-publish","has-post-thumbnail","hentry"],"jetpack_sharing_enabled":true,"_links":{"self":[{"href":"https:\/\/opistobranquis.info\/ca\/wp-json\/wp\/v2\/pages\/2431","targetHints":{"allow":["GET"]}}],"collection":[{"href":"https:\/\/opistobranquis.info\/ca\/wp-json\/wp\/v2\/pages"}],"about":[{"href":"https:\/\/opistobranquis.info\/ca\/wp-json\/wp\/v2\/types\/page"}],"author":[{"embeddable":true,"href":"https:\/\/opistobranquis.info\/ca\/wp-json\/wp\/v2\/users\/5"}],"replies":[{"embeddable":true,"href":"https:\/\/opistobranquis.info\/ca\/wp-json\/wp\/v2\/comments?post=2431"}],"version-history":[{"count":16,"href":"https:\/\/opistobranquis.info\/ca\/wp-json\/wp\/v2\/pages\/2431\/revisions"}],"predecessor-version":[{"id":37614,"href":"https:\/\/opistobranquis.info\/ca\/wp-json\/wp\/v2\/pages\/2431\/revisions\/37614"}],"up":[{"embeddable":true,"href":"https:\/\/opistobranquis.info\/ca\/wp-json\/wp\/v2\/pages\/26113"}],"wp:featuredmedia":[{"embeddable":true,"href":"https:\/\/opistobranquis.info\/ca\/wp-json\/wp\/v2\/media\/37597"}],"wp:attachment":[{"href":"https:\/\/opistobranquis.info\/ca\/wp-json\/wp\/v2\/media?parent=2431"}],"curies":[{"name":"wp","href":"https:\/\/api.w.org\/{rel}","templated":true}]}}