{"id":245,"date":"2012-05-14T21:18:57","date_gmt":"2012-05-14T19:18:57","guid":{"rendered":"https:\/\/opistobranquis.info\/philinopsis-depictaphilinopsis-depictaphilinopsis-depicta"},"modified":"2022-12-27T22:56:03","modified_gmt":"2022-12-27T21:56:03","slug":"philinopsis-depicta","status":"publish","type":"page","link":"https:\/\/opistobranquis.info\/ca\/guia\/cephalaspidea\/philinoidea\/philinopsis-depicta\/","title":{"rendered":"Philinopsis depicta"},"content":{"rendered":"<p><\/p>\n<h3><em>Philinopsis depicta<\/em> (Renier, 1807)<\/h3>\n<p><span style=\"font-size:10pt;\" class=\"aligncenter\"><div id=\"featured-img-id\"><img data-recalc-dims=\"1\" decoding=\"async\" src=\"https:\/\/i0.wp.com\/opistobranquis.info\/wp-content\/uploads\/2018\/09\/Philinopsis-depicta-04.jpg?w=900&#038;ssl=1\" alt=\"Philinopsis depicta@Costa Brava, by Enric Madrenas\" \/><\/div><center><em>Philinopsis depicta<\/em> per Enric Madrenas<\/center><\/span><p><\/p><div class=\"opk-worms\"><h3>Informaci\u00f3 taxon\u00f2mica WoRMS<\/h3><div class=\"opk-success\">Nom acceptat actual: <strong><em>Philinopsis depicta<\/em> (Renier, 1807)<\/strong><\/div><h4>Classificaci\u00f3 actual<\/h4><table class=\"widefat striped\"><tr><th>Superdomain<\/th><td><a target=\"_blank\" href=\"https:\/\/www.marinespecies.org\/aphia.php?p=taxdetails&id=1\">Biota<\/a><\/td><\/tr><tr><th>Kingdom<\/th><td><a target=\"_blank\" href=\"https:\/\/www.marinespecies.org\/aphia.php?p=taxdetails&id=2\">Animalia<\/a><\/td><\/tr><tr><th>Phylum<\/th><td><a target=\"_blank\" href=\"https:\/\/www.marinespecies.org\/aphia.php?p=taxdetails&id=51\">Mollusca<\/a><\/td><\/tr><tr><th>Class<\/th><td><a target=\"_blank\" href=\"https:\/\/www.marinespecies.org\/aphia.php?p=taxdetails&id=101\">Gastropoda<\/a><\/td><\/tr><tr><th>Subclass<\/th><td><a target=\"_blank\" href=\"https:\/\/www.marinespecies.org\/aphia.php?p=taxdetails&id=14712\">Heterobranchia<\/a><\/td><\/tr><tr><th>Infraclass<\/th><td><a target=\"_blank\" href=\"https:\/\/www.marinespecies.org\/aphia.php?p=taxdetails&id=1057247\">Euthyneura<\/a><\/td><\/tr><tr><th>Subterclass<\/th><td><a target=\"_blank\" href=\"https:\/\/www.marinespecies.org\/aphia.php?p=taxdetails&id=1057250\">Tectipleura<\/a><\/td><\/tr><tr><th>Order<\/th><td><a target=\"_blank\" href=\"https:\/\/www.marinespecies.org\/aphia.php?p=taxdetails&id=154\">Cephalaspidea<\/a><\/td><\/tr><tr><th>Superfamily<\/th><td><a target=\"_blank\" href=\"https:\/\/www.marinespecies.org\/aphia.php?p=taxdetails&id=196322\">Philinoidea<\/a><\/td><\/tr><tr><th>Family<\/th><td><a target=\"_blank\" href=\"https:\/\/www.marinespecies.org\/aphia.php?p=taxdetails&id=22981\">Aglajidae<\/a><\/td><\/tr><tr><th>Genus<\/th><td><a target=\"_blank\" href=\"https:\/\/www.marinespecies.org\/aphia.php?p=taxdetails&id=137640\"><em>Philinopsis<\/em><\/a><\/td><\/tr><tr><th>Species<\/th><td><a target=\"_blank\" href=\"https:\/\/www.marinespecies.org\/aphia.php?p=taxdetails&id=138733\"><em>Philinopsis depicta<\/em> (Renier, 1807)<\/a><\/td><\/tr><\/table><p class=\"footer\">Classificaci\u00f3 proporcionada pel World Register of Marine Species (WoRMS). [<a target=\"_blank\" href=\"https:\/\/www.marinespecies.org\/aphia.php?p=taxdetails&id=138733\">138733<\/a>]<\/p><\/div><strong>Sin\u00f2nims<\/strong><\/p>\n<ul>\n<li><span id=\"aphia_ct_tu_747548\"><strong><i>Aglaja depicta<\/i> Renier, 1807\u00a0(original)<\/strong><\/span><\/li>\n<li><span id=\"aphia_ct_tu_605849\"><i>Aglaja pelsunca<\/i> Ev. Marcus &amp; Er. Marcus, 1966<\/span><\/li>\n<li><span id=\"aphia_ct_tu_747885\"><i>Bulla carnosa<\/i> Cuvier, 1810 (synonym)<\/span><\/li>\n<li><span id=\"aphia_ct_tu_723545\"><i>Doridium aplysiaeforme<\/i> Delle Chiaje, 1825<\/span><\/li>\n<li><span id=\"aphia_ct_tu_605855\"><i>Doridium aplysiforme<\/i> Delle Chiaje, 1825<\/span><\/li>\n<li><span id=\"aphia_ct_tu_605854\"><i>Doridium carnosum<\/i> (Cuvier, 1810)<\/span><\/li>\n<li><span id=\"aphia_ct_tu_605853\"><i>Doridium coriaceum<\/i> Meckel, 1809<\/span><\/li>\n<li><span id=\"aphia_ct_tu_605857\"><i>Eidothea marmorata<\/i> Risso, 1826<\/span><\/li>\n<li><span id=\"aphia_ct_tu_224597\"><i>Melanochlamys depicta<\/i> (Renier, 1807)<\/span><\/li>\n<\/ul>\n<p><b>Descripci\u00f3<\/b><br \/>\nAquesta esp\u00e8cie pot aconseguir una mida m\u00e0xima de 60 mm de longitud. Encara que \u00e9s variable en coloraci\u00f3, els exemplars m\u00e9s abundants tenen una coloraci\u00f3 marr\u00f3 fosca de fons amb nombroses taquetes blanques arrodonides o m\u00e9s grans i irregulars la densitat de les quals pot ser variable d&#8217;uns exemplars a uns altres. En alguns animals, malgrat tot el color \u00e9s gaireb\u00e9 negre o marr\u00f3 vermell\u00f3s i amb escasses puntuacions blanques. L&#8217;escut cef\u00e0lic est\u00e0 ben desenvolupat i ocupa la meitat del cos; est\u00e0 vorejat anteriorment per una banda de color taronja i en el dors tamb\u00e9 poden apar\u00e8ixer 2 franges longitudinals del mateix color que poden ser discont\u00ednues. El mantell diferencia dos l\u00f2buls posteriors arrodonits que estan mancats de flagel\u00b7lo. Els parapodis s\u00f3n relativament curts i deixen sense cobrir gran part de l&#8217;escut cef\u00e0lic i del mantell. Les taques blanques tamb\u00e9 estan presents en la cara externa dels parapodis. La vora posterior de l&#8217;escut cef\u00e0lic, els parapodis i els l\u00f2buls posteriors del mantell estan orlats amb una fina l\u00ednia de pigment blav\u00f3s i una banda m\u00e9s ampla de color taronja. El peu \u00e9s marr\u00f3 fosc, gaireb\u00e9 negre i posseeix una t\u00e8nue irisaci\u00f3 blavosa que d\u00f3na un aspecte\u00a0 vellutat; a la seva zona anterior s&#8217;eixampla una mica formant dos l\u00f2buls arrodonits.<\/p>\n<p><b>Biologia<\/b><br \/>\n<i>P. depicta<\/i> viu en fons tous de sorra o sorra i fang en els quals pot enterrar-se per buscar aliment. Quan els animals estan passejant pel substrat solen tenir aixecada la part posterior de l&#8217;escut cef\u00e0lic. Aquesta esp\u00e8cie \u00e9s un depredador vora\u00e7 d&#8217;invertebrats i fins i tot d&#8217;altres esp\u00e8cies de opistobranquis, als quals captura projectant cap a fora el seu bulb bucal engolint sencera a la presa. S&#8217;ha citat que s&#8217;alimenta entre d\u2019altres esp\u00e8cies dels tamb\u00e9 cefalaspideus <i>Bulla striata<\/i> i <i>Haminoea sp<\/i>. i d&#8217;alguna altra esp\u00e8cie de <i>Aglaja<\/i> de menor grand\u00e0ria<\/p>\n<p><strong>Etimologia<\/strong><\/p>\n<ul>\n<li><em>Philinopsis<\/em>. Del\u00a0Llat\u00ed, significa\u00a0&#8220;similar a\u00a0<em>Philine<\/em>&#8220;, on\u00a0<em>Philine<\/em>\u00a0\u00e9s un altre g\u00e8nere de Cefalaspidis.<\/li>\n<li><em>Philine<\/em>. Derivat de la paraula grega &#8220;philainoi&#8221;, nom de dos germans cartaginesos que van lluitar per la seva p\u00e0tria i van rebre honors de D\u00e9us.<\/li>\n<li><em>Depicta<\/em>, derivat de la paraula &#8220;picta&#8221; que en Llat\u00ed significa &#8220;pintat&#8221;.<\/li>\n<\/ul>\n<p><strong>Distribuci\u00f3<\/strong><br \/>\nEs tracta d&#8217;una esp\u00e8cie eminentment d&#8217;\u00e0mbit mediterrani, havent-se citat tant en la conca oriental com a occidental. Fora del Mediterrani s&#8217;ha observat a Bahames i a les illes Can\u00e0ries. En la Pen\u00ednsula Ib\u00e8rica est\u00e0 citada de Portugal, costes andaluses atl\u00e0ntiques i mediterr\u00e0nies, zona llevantina . A Catalunya s&#8217;ha trobat en fons sorrencs del Delta de l&#8217;Ebre i en caladors d&#8217;arrossegament enfront de Blanes. <div id=\"flxmap-6a9c6523cf929\" class='flxmap-container' data-flxmap='flxmap_6a9c6523cf929' style=\"width:100%;height:400px;\"><\/div>\n<script data-noptimize=\"1\">\n\/* <![CDATA[ *\/\n(function(w, fn) {\n if (w.addEventListener) w.addEventListener(\"DOMContentLoaded\", fn, false);\n else if (w.attachEvent) w.attachEvent(\"onload\", fn);\n})(window, function() {\n var f = new FlexibleMap();\n f.panControl = true;\n f.mapTypeId = \"satellite\";\n f.setlocale(\"ca-ES\");\n f.kmlcache = \"5 minutes\";\n f.showKML(\"flxmap-6a9c6523cf929\", \"https:\/\/opistobranquis.info\/wp-content\/uploads\/kms\/245.kmz\");\n window.flxmap_6a9c6523cf929 = f;\n});\n\/* ]]> *\/\n<\/script>\n<div style=\"width:100%;text-align:center;margin:12px 0 4px 0;\">\n  <div style=\"font-size:8pt;margin-bottom:6px;\">Cites georeferenciades conegudes de l'esp\u00e8cie: <em>Philinopsis depicta<\/em><\/div>\n  <table style=\"margin:0 auto;border-collapse:collapse;font-size:8pt;\">\n    <tr><td colspan=\"2\" style=\"text-align:left;padding-bottom:4px;\"><strong>Fonts:<\/strong><\/td><\/tr>\n    <tr>\n      <td style=\"vertical-align:top;padding-right:40px;\">\n        <table style=\"border-collapse:collapse;\">\n<tr><td style='padding:1px 6px 1px 0;vertical-align:middle'><img data-recalc-dims=\"1\" src=\"https:\/\/i0.wp.com\/opistobranquis.info\/wp-content\/uploads\/kms\/wht-circle-lv.png?w=900&#038;ssl=1\" style='display:block'><\/td><td style='padding:1px 0;vertical-align:middle;white-space:nowrap'>OBIS<\/td><\/tr><tr><td style='padding:1px 6px 1px 0;vertical-align:middle'><img data-recalc-dims=\"1\" src=\"https:\/\/i0.wp.com\/opistobranquis.info\/wp-content\/uploads\/kms\/ylw-circle-lv.png?w=900&#038;ssl=1\" style='display:block'><\/td><td style='padding:1px 0;vertical-align:middle;white-space:nowrap'>GROC 2010-2011<\/td><\/tr><tr><td style='padding:1px 6px 1px 0;vertical-align:middle'><img data-recalc-dims=\"1\" src=\"https:\/\/i0.wp.com\/opistobranquis.info\/wp-content\/uploads\/kms\/grn-circle-lv.png?w=900&#038;ssl=1\" style='display:block'><\/td><td style='padding:1px 0;vertical-align:middle;white-space:nowrap'>Enric Madrenas<\/td><\/tr><tr><td style='padding:1px 6px 1px 0;vertical-align:middle'><img data-recalc-dims=\"1\" src=\"https:\/\/i0.wp.com\/opistobranquis.info\/wp-content\/uploads\/kms\/orange-circle-lv.png?w=900&#038;ssl=1\" style='display:block'><\/td><td style='padding:1px 0;vertical-align:middle;white-space:nowrap'>Jo\u00e3o Pedro Silva<\/td><\/tr><tr><td style='padding:1px 6px 1px 0;vertical-align:middle'><img data-recalc-dims=\"1\" src=\"https:\/\/i0.wp.com\/opistobranquis.info\/wp-content\/uploads\/kms\/pink-circle-lv.png?w=900&#038;ssl=1\" style='display:block'><\/td><td style='padding:1px 0;vertical-align:middle;white-space:nowrap'>Bernard Picton<\/td><\/tr><tr><td style='padding:1px 6px 1px 0;vertical-align:middle'><img data-recalc-dims=\"1\" src=\"https:\/\/i0.wp.com\/opistobranquis.info\/wp-content\/uploads\/kms\/blk-circle-lv.png?w=900&#038;ssl=1\" style='display:block'><\/td><td style='padding:1px 0;vertical-align:middle;white-space:nowrap'>GBIF<\/td><\/tr>        <\/table>\n      <\/td>\n      <td style=\"vertical-align:top;\">\n        <table style=\"border-collapse:collapse;\">\n<tr><td style='padding:1px 6px 1px 0;vertical-align:middle'><img data-recalc-dims=\"1\" src=\"https:\/\/i0.wp.com\/opistobranquis.info\/wp-content\/uploads\/kms\/purple-circle-lv.png?w=900&#038;ssl=1\" style='display:block'><\/td><td style='padding:1px 0;vertical-align:middle;white-space:nowrap'>OPK<\/td><\/tr><tr><td style='padding:1px 6px 1px 0;vertical-align:middle'><img data-recalc-dims=\"1\" src=\"https:\/\/i0.wp.com\/opistobranquis.info\/wp-content\/uploads\/kms\/red-circle-lv.png?w=900&#038;ssl=1\" style='display:block'><\/td><td style='padding:1px 0;vertical-align:middle;white-space:nowrap'>VIMAR<\/td><\/tr><tr><td style='padding:1px 6px 1px 0;vertical-align:middle'><img data-recalc-dims=\"1\" src=\"https:\/\/i0.wp.com\/opistobranquis.info\/wp-content\/uploads\/kms\/blu-circle-lv.png?w=900&#038;ssl=1\" style='display:block'><\/td><td style='padding:1px 0;vertical-align:middle;white-space:nowrap'>Manuel Ballesteros<\/td><\/tr><tr><td style='padding:1px 6px 1px 0;vertical-align:middle'><img data-recalc-dims=\"1\" src=\"https:\/\/i0.wp.com\/opistobranquis.info\/wp-content\/uploads\/kms\/cyan-circle-lv.png?w=900&#038;ssl=1\" style='display:block'><\/td><td style='padding:1px 0;vertical-align:middle;white-space:nowrap'>M@re Nostrum<\/td><\/tr><tr><td style='padding:1px 6px 1px 0;vertical-align:middle'><img data-recalc-dims=\"1\" src=\"https:\/\/i0.wp.com\/opistobranquis.info\/wp-content\/uploads\/kms\/grey-circle-lv.png?w=900&#038;ssl=1\" style='display:block'><\/td><td style='padding:1px 0;vertical-align:middle;white-space:nowrap'>Altres fonts<\/td><\/tr><tr><td style='padding:1px 6px 1px 0;vertical-align:middle'><img data-recalc-dims=\"1\" src=\"https:\/\/i0.wp.com\/opistobranquis.info\/wp-content\/uploads\/kms\/marreg.png?w=900&#038;ssl=1\" style='display:block'><\/td><td style='padding:1px 0;vertical-align:middle;white-space:nowrap'>Marine Regions<\/td><\/tr>        <\/table>\n      <\/td>\n    <\/tr>\n  <\/table>\n<\/div>\n<\/p>\n<p><strong>Error:<\/strong> Chart.js no est\u00e1 disponible.<\/p>\n<p><strong>Videos<\/strong><\/p>\n<p><iframe loading=\"lazy\" title=\"Aglaja charnue - Philinopsis depicta\" width=\"900\" height=\"506\" src=\"https:\/\/www.youtube.com\/embed\/jg0WsK5mvOY?feature=oembed\" frameborder=\"0\" allow=\"accelerometer; autoplay; clipboard-write; encrypted-media; gyroscope; picture-in-picture\" allowfullscreen><\/iframe><\/p>\n<p><iframe loading=\"lazy\" title=\"Philinopsis depicta - Aglaja charnue\" width=\"900\" height=\"506\" src=\"https:\/\/www.youtube.com\/embed\/mi2vwPFpinM?feature=oembed\" frameborder=\"0\" allow=\"accelerometer; autoplay; clipboard-write; encrypted-media; gyroscope; picture-in-picture\" allowfullscreen><\/iframe><\/p>\n<p><iframe loading=\"lazy\" src=\"https:\/\/player.vimeo.com\/video\/784334044?h=7ff6e4c476&amp;dnt=1&amp;app_id=122963\" width=\"900\" height=\"506\" frameborder=\"0\" allow=\"autoplay; fullscreen; picture-in-picture\" allowfullscreen><\/iframe><\/p>\n<p><iframe loading=\"lazy\" src=\"https:\/\/player.vimeo.com\/video\/406786327?h=fa6d7a278b&amp;dnt=1&amp;app_id=122963\" width=\"900\" height=\"506\" frameborder=\"0\" allow=\"autoplay; fullscreen; picture-in-picture\" allowfullscreen><\/iframe><\/p>\n<p><iframe loading=\"lazy\" src=\"https:\/\/player.vimeo.com\/video\/406908038?h=24d02d691f&amp;dnt=1&amp;app_id=122963\" width=\"900\" height=\"506\" frameborder=\"0\" allow=\"autoplay; fullscreen; picture-in-picture\" allowfullscreen><\/iframe><\/p>\n<p>&nbsp;<\/p>\n<p><strong>Altres fotos<\/strong><br \/>\n<div class=\"tiled-gallery type-rectangular tiled-gallery-unresized\" data-original-width=\"900\" data-carousel-extra='{&quot;blog_id&quot;:1,&quot;permalink&quot;:&quot;https:\\\/\\\/opistobranquis.info\\\/ca\\\/guia\\\/cephalaspidea\\\/philinoidea\\\/philinopsis-depicta\\\/&quot;,&quot;likes_blog_id&quot;:44192421}' itemscope itemtype=\"http:\/\/schema.org\/ImageGallery\" > <div class=\"gallery-row\" style=\"width: 900px; height: 419px;\" data-original-width=\"900\" data-original-height=\"419\" > <div class=\"gallery-group images-1\" style=\"width: 603px; height: 419px;\" data-original-width=\"603\" data-original-height=\"419\" > <div class=\"tiled-gallery-item tiled-gallery-item-large\" itemprop=\"associatedMedia\" itemscope itemtype=\"http:\/\/schema.org\/ImageObject\"> <a href=\"https:\/\/opistobranquis.info\/ca\/guia\/cephalaspidea\/philinoidea\/philinopsis-depicta\/philinopss-depicta-img110\/\" border=\"0\" itemprop=\"url\"> <meta itemprop=\"width\" content=\"599\"> <meta itemprop=\"height\" content=\"415\"> <img decoding=\"async\" class=\"\" data-attachment-id=\"4773\" data-orig-file=\"https:\/\/opistobranquis.info\/wp-content\/uploads\/2012\/12\/philinopss-depicta-img110-e1379943250736.jpg\" data-orig-size=\"600,415\" data-comments-opened=\"\" data-image-title=\"Philinopsis depicta\" data-image-description=\"&lt;p&gt;Philinopsis depicta&lt;\/p&gt; \" data-medium-file=\"https:\/\/i0.wp.com\/opistobranquis.info\/wp-content\/uploads\/2012\/12\/philinopss-depicta-img110-e1379943250736.jpg?fit=300%2C207&#038;ssl=1\" data-large-file=\"https:\/\/i0.wp.com\/opistobranquis.info\/wp-content\/uploads\/2012\/12\/philinopss-depicta-img110-e1379943250736.jpg?fit=600%2C415&#038;ssl=1\" src=\"https:\/\/i0.wp.com\/opistobranquis.info\/wp-content\/uploads\/2012\/12\/philinopss-depicta-img110-e1379943250736.jpg?w=599&#038;h=415&#038;ssl=1\" width=\"599\" height=\"415\" loading=\"lazy\" data-original-width=\"599\" data-original-height=\"415\" itemprop=\"http:\/\/schema.org\/image\" title=\"Philinopsis depicta\" alt=\"Philinopsis depicta\" style=\"width: 599px; height: 415px;\" \/> <\/a> <div class=\"tiled-gallery-caption\" itemprop=\"caption description\"> Philinopsis depicta <\/div> <\/div> <\/div> <!-- close group --> <div class=\"gallery-group images-2\" style=\"width: 297px; height: 419px;\" data-original-width=\"297\" data-original-height=\"419\" > <div class=\"tiled-gallery-item tiled-gallery-item-large\" itemprop=\"associatedMedia\" itemscope itemtype=\"http:\/\/schema.org\/ImageObject\"> <a href=\"https:\/\/opistobranquis.info\/ca\/guia\/cephalaspidea\/philinoidea\/philinopsis-depicta\/olympus-digital-camera-20\/\" border=\"0\" itemprop=\"url\"> <meta itemprop=\"width\" content=\"293\"> <meta itemprop=\"height\" content=\"220\"> <img decoding=\"async\" class=\"\" data-attachment-id=\"8590\" data-orig-file=\"https:\/\/opistobranquis.info\/wp-content\/uploads\/2013\/09\/P9160034-Phillinopsis-depicta.jpg\" data-orig-size=\"800,600\" data-comments-opened=\"\" data-image-title=\"Philinopsis depicta\" data-image-description=\"&lt;p&gt;Philinopsis depicta&lt;\/p&gt; \" data-medium-file=\"https:\/\/i0.wp.com\/opistobranquis.info\/wp-content\/uploads\/2013\/09\/P9160034-Phillinopsis-depicta.jpg?fit=300%2C225&#038;ssl=1\" data-large-file=\"https:\/\/i0.wp.com\/opistobranquis.info\/wp-content\/uploads\/2013\/09\/P9160034-Phillinopsis-depicta.jpg?fit=800%2C600&#038;ssl=1\" src=\"https:\/\/i0.wp.com\/opistobranquis.info\/wp-content\/uploads\/2013\/09\/P9160034-Phillinopsis-depicta.jpg?w=293&#038;h=220&#038;ssl=1\" srcset=\"https:\/\/i0.wp.com\/opistobranquis.info\/wp-content\/uploads\/2013\/09\/P9160034-Phillinopsis-depicta.jpg?w=800&amp;ssl=1 800w, https:\/\/i0.wp.com\/opistobranquis.info\/wp-content\/uploads\/2013\/09\/P9160034-Phillinopsis-depicta.jpg?resize=150%2C112&amp;ssl=1 150w, https:\/\/i0.wp.com\/opistobranquis.info\/wp-content\/uploads\/2013\/09\/P9160034-Phillinopsis-depicta.jpg?resize=300%2C225&amp;ssl=1 300w\" width=\"293\" height=\"220\" loading=\"lazy\" data-original-width=\"293\" data-original-height=\"220\" itemprop=\"http:\/\/schema.org\/image\" title=\"Philinopsis depicta\" alt=\"Philinopsis depicta\" style=\"width: 293px; height: 220px;\" \/> <\/a> <div class=\"tiled-gallery-caption\" itemprop=\"caption description\"> Philinopsis depicta <\/div> <\/div> <div class=\"tiled-gallery-item tiled-gallery-item-large\" itemprop=\"associatedMedia\" itemscope itemtype=\"http:\/\/schema.org\/ImageObject\"> <a href=\"https:\/\/opistobranquis.info\/ca\/guia\/cephalaspidea\/philinoidea\/philinopsis-depicta\/philinopsis_depicta_02\/\" border=\"0\" itemprop=\"url\"> <meta itemprop=\"width\" content=\"293\"> <meta itemprop=\"height\" content=\"191\"> <img decoding=\"async\" class=\"\" data-attachment-id=\"11369\" data-orig-file=\"https:\/\/opistobranquis.info\/wp-content\/uploads\/2013\/10\/Philinopsis_depicta_02-e1381865781317.jpg\" data-orig-size=\"609,398\" data-comments-opened=\"\" data-image-title=\"Philinopsis depicta by Luis S\u00e1nchez Tocino\" data-image-description=\"&lt;p&gt;Philinopsis depicta by Luis S\u00e1nchez Tocino&lt;\/p&gt; \" data-medium-file=\"https:\/\/i0.wp.com\/opistobranquis.info\/wp-content\/uploads\/2013\/10\/Philinopsis_depicta_02-e1381865781317.jpg?fit=300%2C196&#038;ssl=1\" data-large-file=\"https:\/\/i0.wp.com\/opistobranquis.info\/wp-content\/uploads\/2013\/10\/Philinopsis_depicta_02-e1381865781317.jpg?fit=609%2C398&#038;ssl=1\" src=\"https:\/\/i0.wp.com\/opistobranquis.info\/wp-content\/uploads\/2013\/10\/Philinopsis_depicta_02-e1381865781317.jpg?w=293&#038;h=191&#038;ssl=1\" srcset=\"https:\/\/i0.wp.com\/opistobranquis.info\/wp-content\/uploads\/2013\/10\/Philinopsis_depicta_02-e1381865781317.jpg?w=609&amp;ssl=1 609w, https:\/\/i0.wp.com\/opistobranquis.info\/wp-content\/uploads\/2013\/10\/Philinopsis_depicta_02-e1381865781317.jpg?resize=150%2C98&amp;ssl=1 150w, https:\/\/i0.wp.com\/opistobranquis.info\/wp-content\/uploads\/2013\/10\/Philinopsis_depicta_02-e1381865781317.jpg?resize=300%2C196&amp;ssl=1 300w\" width=\"293\" height=\"191\" loading=\"lazy\" data-original-width=\"293\" data-original-height=\"191\" itemprop=\"http:\/\/schema.org\/image\" title=\"Philinopsis depicta by Luis S\u00e1nchez Tocino\" alt=\"Philinopsis depicta by Luis S\u00e1nchez Tocino\" style=\"width: 293px; height: 191px;\" \/> <\/a> <div class=\"tiled-gallery-caption\" itemprop=\"caption description\"> Philinopsis depicta <\/div> <\/div> <\/div> <!-- close group --> <\/div> <!-- close row --> <div class=\"gallery-row\" style=\"width: 900px; height: 438px;\" data-original-width=\"900\" data-original-height=\"438\" > <div class=\"gallery-group images-2\" style=\"width: 317px; height: 438px;\" data-original-width=\"317\" data-original-height=\"438\" > <div class=\"tiled-gallery-item tiled-gallery-item-large\" itemprop=\"associatedMedia\" itemscope itemtype=\"http:\/\/schema.org\/ImageObject\"> <a href=\"https:\/\/opistobranquis.info\/ca\/guia\/cephalaspidea\/philinoidea\/philinopsis-depicta\/exposition\/\" border=\"0\" itemprop=\"url\"> <meta itemprop=\"width\" content=\"313\"> <meta itemprop=\"height\" content=\"210\"> <img decoding=\"async\" class=\"\" data-attachment-id=\"14373\" data-orig-file=\"https:\/\/opistobranquis.info\/wp-content\/uploads\/2012\/05\/th_Philinopsis-depicta-by-Gilles-Cavignaux.jpg\" data-orig-size=\"800,536\" data-comments-opened=\"\" data-image-title=\"Philinopsis depicta by Gilles Cavignaux\" data-image-description=\"&lt;p&gt;Philinopsis depicta by Gilles Cavignaux&lt;\/p&gt; \" data-medium-file=\"https:\/\/i0.wp.com\/opistobranquis.info\/wp-content\/uploads\/2012\/05\/th_Philinopsis-depicta-by-Gilles-Cavignaux.jpg?fit=300%2C201&#038;ssl=1\" data-large-file=\"https:\/\/i0.wp.com\/opistobranquis.info\/wp-content\/uploads\/2012\/05\/th_Philinopsis-depicta-by-Gilles-Cavignaux.jpg?fit=800%2C536&#038;ssl=1\" src=\"https:\/\/i0.wp.com\/opistobranquis.info\/wp-content\/uploads\/2012\/05\/th_Philinopsis-depicta-by-Gilles-Cavignaux.jpg?w=313&#038;h=210&#038;ssl=1\" srcset=\"https:\/\/i0.wp.com\/opistobranquis.info\/wp-content\/uploads\/2012\/05\/th_Philinopsis-depicta-by-Gilles-Cavignaux.jpg?w=800&amp;ssl=1 800w, https:\/\/i0.wp.com\/opistobranquis.info\/wp-content\/uploads\/2012\/05\/th_Philinopsis-depicta-by-Gilles-Cavignaux.jpg?resize=150%2C100&amp;ssl=1 150w, https:\/\/i0.wp.com\/opistobranquis.info\/wp-content\/uploads\/2012\/05\/th_Philinopsis-depicta-by-Gilles-Cavignaux.jpg?resize=300%2C201&amp;ssl=1 300w\" width=\"313\" height=\"210\" loading=\"lazy\" data-original-width=\"313\" data-original-height=\"210\" itemprop=\"http:\/\/schema.org\/image\" title=\"Philinopsis depicta by Gilles Cavignaux\" alt=\"Philinopsis depicta by Gilles Cavignaux\" style=\"width: 313px; height: 210px;\" \/> <\/a> <div class=\"tiled-gallery-caption\" itemprop=\"caption description\"> Philinopsis depicta by Gilles Cavignaux <\/div> <\/div> <div class=\"tiled-gallery-item tiled-gallery-item-large\" itemprop=\"associatedMedia\" itemscope itemtype=\"http:\/\/schema.org\/ImageObject\"> <a href=\"https:\/\/opistobranquis.info\/ca\/guia\/cephalaspidea\/philinoidea\/philinopsis-depicta\/philinopsis-depicta-delta-de-lebre-by-neus-sanmarti-albert-pessarrodona-dscn6868\/\" border=\"0\" itemprop=\"url\"> <meta itemprop=\"width\" content=\"313\"> <meta itemprop=\"height\" content=\"220\"> <img decoding=\"async\" class=\"\" data-attachment-id=\"19444\" data-orig-file=\"https:\/\/opistobranquis.info\/wp-content\/uploads\/2012\/05\/Philinopsis-depicta-@-Delta-de-lEbre-by-Neus-Sanmart\u00ed-Albert-Pessarrodona-DSCN6868.jpg\" data-orig-size=\"800,561\" data-comments-opened=\"\" data-image-title=\"Philinopsis depicta @ Delta de l&amp;#8217;Ebre by Neus Sanmart\u00ed &amp;#038; Albert Pessarrodona\" data-image-description=\"&lt;p&gt;Philinopsis depicta @ Delta de l&amp;#8217;Ebre by Neus Sanmart\u00ed &amp;#038; Albert Pessarrodona&lt;\/p&gt; \" data-medium-file=\"https:\/\/i0.wp.com\/opistobranquis.info\/wp-content\/uploads\/2012\/05\/Philinopsis-depicta-%40-Delta-de-lEbre-by-Neus-Sanmart%C3%AD-Albert-Pessarrodona-DSCN6868.jpg?fit=300%2C210&#038;ssl=1\" data-large-file=\"https:\/\/i0.wp.com\/opistobranquis.info\/wp-content\/uploads\/2012\/05\/Philinopsis-depicta-%40-Delta-de-lEbre-by-Neus-Sanmart%C3%AD-Albert-Pessarrodona-DSCN6868.jpg?fit=800%2C561&#038;ssl=1\" src=\"https:\/\/i0.wp.com\/opistobranquis.info\/wp-content\/uploads\/2012\/05\/Philinopsis-depicta-%40-Delta-de-lEbre-by-Neus-Sanmart%C3%AD-Albert-Pessarrodona-DSCN6868.jpg?w=313&#038;h=220&#038;ssl=1\" width=\"313\" height=\"220\" loading=\"lazy\" data-original-width=\"313\" data-original-height=\"220\" itemprop=\"http:\/\/schema.org\/image\" title=\"Philinopsis depicta @ Delta de l&#039;Ebre by Neus Sanmart\u00ed &amp; Albert Pessarrodona\" alt=\"Philinopsis depicta @ Delta de l&#039;Ebre by Neus Sanmart\u00ed &amp; Albert Pessarrodona\" style=\"width: 313px; height: 220px;\" \/> <\/a> <div class=\"tiled-gallery-caption\" itemprop=\"caption description\"> Philinopsis depicta @ Delta de l&#8217;Ebre by Neus Sanmart\u00ed &#038; Albert Pessarrodona <\/div> <\/div> <\/div> <!-- close group --> <div class=\"gallery-group images-1\" style=\"width: 583px; height: 438px;\" data-original-width=\"583\" data-original-height=\"438\" > <div class=\"tiled-gallery-item tiled-gallery-item-large\" itemprop=\"associatedMedia\" itemscope itemtype=\"http:\/\/schema.org\/ImageObject\"> <a href=\"https:\/\/opistobranquis.info\/ca\/guia\/cephalaspidea\/philinoidea\/philinopsis-depicta\/philinopsis-depicta-delta-de-lebre-by-neus-sanmarti-albert-pessarrodona-dscn6866\/\" border=\"0\" itemprop=\"url\"> <meta itemprop=\"width\" content=\"579\"> <meta itemprop=\"height\" content=\"434\"> <img decoding=\"async\" class=\"\" data-attachment-id=\"19445\" data-orig-file=\"https:\/\/opistobranquis.info\/wp-content\/uploads\/2012\/05\/Philinopsis-depicta-@-Delta-de-lEbre-by-Neus-Sanmart\u00ed-Albert-Pessarrodona-DSCN6866.jpg\" data-orig-size=\"800,600\" data-comments-opened=\"\" data-image-title=\"Philinopsis depicta @ Delta de l&amp;#8217;Ebre by Neus Sanmart\u00ed &amp;#038; Albert Pessarrodona\" data-image-description=\"&lt;p&gt;Philinopsis depicta @ Delta de l&amp;#8217;Ebre by Neus Sanmart\u00ed &amp;#038; Albert Pessarrodona&lt;\/p&gt; \" data-medium-file=\"https:\/\/i0.wp.com\/opistobranquis.info\/wp-content\/uploads\/2012\/05\/Philinopsis-depicta-%40-Delta-de-lEbre-by-Neus-Sanmart%C3%AD-Albert-Pessarrodona-DSCN6866.jpg?fit=300%2C225&#038;ssl=1\" data-large-file=\"https:\/\/i0.wp.com\/opistobranquis.info\/wp-content\/uploads\/2012\/05\/Philinopsis-depicta-%40-Delta-de-lEbre-by-Neus-Sanmart%C3%AD-Albert-Pessarrodona-DSCN6866.jpg?fit=800%2C600&#038;ssl=1\" src=\"https:\/\/i0.wp.com\/opistobranquis.info\/wp-content\/uploads\/2012\/05\/Philinopsis-depicta-%40-Delta-de-lEbre-by-Neus-Sanmart%C3%AD-Albert-Pessarrodona-DSCN6866.jpg?w=579&#038;h=434&#038;ssl=1\" width=\"579\" height=\"434\" loading=\"lazy\" data-original-width=\"579\" data-original-height=\"434\" itemprop=\"http:\/\/schema.org\/image\" title=\"Philinopsis depicta @ Delta de l&#039;Ebre by Neus Sanmart\u00ed &amp; Albert Pessarrodona\" alt=\"Philinopsis depicta @ Delta de l&#039;Ebre by Neus Sanmart\u00ed &amp; Albert Pessarrodona\" style=\"width: 579px; height: 434px;\" \/> <\/a> <div class=\"tiled-gallery-caption\" itemprop=\"caption description\"> Philinopsis depicta @ Delta de l&#8217;Ebre by Neus Sanmart\u00ed &#038; Albert Pessarrodona <\/div> <\/div> <\/div> <!-- close group --> <\/div> <!-- close row --> <div class=\"gallery-row\" style=\"width: 900px; height: 152px;\" data-original-width=\"900\" data-original-height=\"152\" > <div class=\"gallery-group images-1\" style=\"width: 225px; height: 152px;\" data-original-width=\"225\" data-original-height=\"152\" > <div class=\"tiled-gallery-item tiled-gallery-item-small\" itemprop=\"associatedMedia\" itemscope itemtype=\"http:\/\/schema.org\/ImageObject\"> <a href=\"https:\/\/opistobranquis.info\/ca\/guia\/cephalaspidea\/philinoidea\/philinopsis-depicta\/philinopsis-depicta-sa-tuna-20151219-by-enric-madrenas-03\/\" border=\"0\" itemprop=\"url\"> <meta itemprop=\"width\" content=\"221\"> <meta itemprop=\"height\" content=\"148\"> <img decoding=\"async\" class=\"\" data-attachment-id=\"20937\" data-orig-file=\"https:\/\/opistobranquis.info\/wp-content\/uploads\/2012\/05\/Philinopsis-depicta-@-Sa-Tuna-20151219-by-Enric-Madrenas-03.jpg\" data-orig-size=\"810,543\" data-comments-opened=\"\" data-image-title=\"Philinopsis depicta @ Sa Tuna 19\/12\/2015 by Enric Madrenas\" data-image-description=\"&lt;p&gt;Philinopsis depicta @ Sa Tuna 19\/12\/2015 by Enric Madrenas&lt;\/p&gt; \" data-medium-file=\"https:\/\/i0.wp.com\/opistobranquis.info\/wp-content\/uploads\/2012\/05\/Philinopsis-depicta-%40-Sa-Tuna-20151219-by-Enric-Madrenas-03.jpg?fit=300%2C201&#038;ssl=1\" data-large-file=\"https:\/\/i0.wp.com\/opistobranquis.info\/wp-content\/uploads\/2012\/05\/Philinopsis-depicta-%40-Sa-Tuna-20151219-by-Enric-Madrenas-03.jpg?fit=810%2C543&#038;ssl=1\" src=\"https:\/\/i0.wp.com\/opistobranquis.info\/wp-content\/uploads\/2012\/05\/Philinopsis-depicta-%40-Sa-Tuna-20151219-by-Enric-Madrenas-03.jpg?w=221&#038;h=148&#038;ssl=1\" width=\"221\" height=\"148\" loading=\"lazy\" data-original-width=\"221\" data-original-height=\"148\" itemprop=\"http:\/\/schema.org\/image\" title=\"Philinopsis depicta @ Sa Tuna 19\/12\/2015 by Enric Madrenas\" alt=\"Philinopsis depicta @ Sa Tuna 19\/12\/2015 by Enric Madrenas\" style=\"width: 221px; height: 148px;\" \/> <\/a> <div class=\"tiled-gallery-caption\" itemprop=\"caption description\"> Philinopsis depicta @ Sa Tuna 19\/12\/2015 by Enric Madrenas <\/div> <\/div> <\/div> <!-- close group --> <div class=\"gallery-group images-1\" style=\"width: 224px; height: 152px;\" data-original-width=\"224\" data-original-height=\"152\" > <div class=\"tiled-gallery-item tiled-gallery-item-small\" itemprop=\"associatedMedia\" itemscope itemtype=\"http:\/\/schema.org\/ImageObject\"> <a href=\"https:\/\/opistobranquis.info\/ca\/guia\/cephalaspidea\/philinoidea\/philinopsis-depicta\/philinopsis-depicta-sa-tuna-20151219-by-enric-madrenas-02\/\" border=\"0\" itemprop=\"url\"> <meta itemprop=\"width\" content=\"220\"> <meta itemprop=\"height\" content=\"148\"> <img decoding=\"async\" class=\"\" data-attachment-id=\"20938\" data-orig-file=\"https:\/\/opistobranquis.info\/wp-content\/uploads\/2012\/05\/Philinopsis-depicta-@-Sa-Tuna-20151219-by-Enric-Madrenas-02.jpg\" data-orig-size=\"810,543\" data-comments-opened=\"\" data-image-title=\"Philinopsis depicta @ Sa Tuna 19\/12\/2015 by Enric Madrenas\" data-image-description=\"&lt;p&gt;Philinopsis depicta @ Sa Tuna 19\/12\/2015 by Enric Madrenas&lt;\/p&gt; \" data-medium-file=\"https:\/\/i0.wp.com\/opistobranquis.info\/wp-content\/uploads\/2012\/05\/Philinopsis-depicta-%40-Sa-Tuna-20151219-by-Enric-Madrenas-02.jpg?fit=300%2C201&#038;ssl=1\" data-large-file=\"https:\/\/i0.wp.com\/opistobranquis.info\/wp-content\/uploads\/2012\/05\/Philinopsis-depicta-%40-Sa-Tuna-20151219-by-Enric-Madrenas-02.jpg?fit=810%2C543&#038;ssl=1\" src=\"https:\/\/i0.wp.com\/opistobranquis.info\/wp-content\/uploads\/2012\/05\/Philinopsis-depicta-%40-Sa-Tuna-20151219-by-Enric-Madrenas-02.jpg?w=220&#038;h=148&#038;ssl=1\" width=\"220\" height=\"148\" loading=\"lazy\" data-original-width=\"220\" data-original-height=\"148\" itemprop=\"http:\/\/schema.org\/image\" title=\"Philinopsis depicta @ Sa Tuna 19\/12\/2015 by Enric Madrenas\" alt=\"Philinopsis depicta @ Sa Tuna 19\/12\/2015 by Enric Madrenas\" style=\"width: 220px; height: 148px;\" \/> <\/a> <div class=\"tiled-gallery-caption\" itemprop=\"caption description\"> Philinopsis depicta @ Sa Tuna 19\/12\/2015 by Enric Madrenas <\/div> <\/div> <\/div> <!-- close group --> <div class=\"gallery-group images-1\" style=\"width: 225px; height: 152px;\" data-original-width=\"225\" data-original-height=\"152\" > <div class=\"tiled-gallery-item tiled-gallery-item-small\" itemprop=\"associatedMedia\" itemscope itemtype=\"http:\/\/schema.org\/ImageObject\"> <a href=\"https:\/\/opistobranquis.info\/ca\/guia\/cephalaspidea\/philinoidea\/philinopsis-depicta\/philinopsis-depicta-france-by-pascal-girard\/\" border=\"0\" itemprop=\"url\"> <meta itemprop=\"width\" content=\"221\"> <meta itemprop=\"height\" content=\"148\"> <img decoding=\"async\" class=\"\" data-attachment-id=\"32701\" data-orig-file=\"https:\/\/opistobranquis.info\/wp-content\/uploads\/2021\/08\/Philinopsis-depicta-@-France-by-Pascal-Girard.jpg\" data-orig-size=\"1080,721\" data-comments-opened=\"\" data-image-title=\"Philinopsis depicta @ France by Pascal Girard\" data-image-description=\"&lt;p&gt;Philinopsis depicta @ France by Pascal Girard&lt;\/p&gt; \" data-medium-file=\"https:\/\/i0.wp.com\/opistobranquis.info\/wp-content\/uploads\/2021\/08\/Philinopsis-depicta-%40-France-by-Pascal-Girard.jpg?fit=300%2C200&#038;ssl=1\" data-large-file=\"https:\/\/i0.wp.com\/opistobranquis.info\/wp-content\/uploads\/2021\/08\/Philinopsis-depicta-%40-France-by-Pascal-Girard.jpg?fit=900%2C601&#038;ssl=1\" src=\"https:\/\/i0.wp.com\/opistobranquis.info\/wp-content\/uploads\/2021\/08\/Philinopsis-depicta-%40-France-by-Pascal-Girard.jpg?w=221&#038;h=148&#038;ssl=1\" width=\"221\" height=\"148\" loading=\"lazy\" data-original-width=\"221\" data-original-height=\"148\" itemprop=\"http:\/\/schema.org\/image\" title=\"Philinopsis depicta @ France by Pascal Girard\" alt=\"Philinopsis depicta @ France by Pascal Girard\" style=\"width: 221px; height: 148px;\" \/> <\/a> <div class=\"tiled-gallery-caption\" itemprop=\"caption description\"> Philinopsis depicta @ France by Pascal Girard <\/div> <\/div> <\/div> <!-- close group --> <div class=\"gallery-group images-1\" style=\"width: 226px; height: 152px;\" data-original-width=\"226\" data-original-height=\"152\" > <div class=\"tiled-gallery-item tiled-gallery-item-small\" itemprop=\"associatedMedia\" itemscope itemtype=\"http:\/\/schema.org\/ImageObject\"> <a href=\"https:\/\/opistobranquis.info\/ca\/guia\/cephalaspidea\/philinoidea\/philinopsis-depicta\/philinopsis-depicta-france-by-pascal-girard-2\/\" border=\"0\" itemprop=\"url\"> <meta itemprop=\"width\" content=\"222\"> <meta itemprop=\"height\" content=\"148\"> <img decoding=\"async\" class=\"\" data-attachment-id=\"36182\" data-orig-file=\"https:\/\/opistobranquis.info\/wp-content\/uploads\/2022\/12\/Philinopsis-depicta-@-France-by-Pascal-Girard.jpg\" data-orig-size=\"1280,853\" data-comments-opened=\"\" data-image-title=\"Philinopsis depicta @ France by Pascal Girard\" data-image-description=\"&lt;p&gt;Philinopsis depicta @ France by Pascal Girard&lt;\/p&gt; \" data-medium-file=\"https:\/\/i0.wp.com\/opistobranquis.info\/wp-content\/uploads\/2022\/12\/Philinopsis-depicta-%40-France-by-Pascal-Girard.jpg?fit=300%2C200&#038;ssl=1\" data-large-file=\"https:\/\/i0.wp.com\/opistobranquis.info\/wp-content\/uploads\/2022\/12\/Philinopsis-depicta-%40-France-by-Pascal-Girard.jpg?fit=900%2C599&#038;ssl=1\" src=\"https:\/\/i0.wp.com\/opistobranquis.info\/wp-content\/uploads\/2022\/12\/Philinopsis-depicta-%40-France-by-Pascal-Girard.jpg?w=222&#038;h=148&#038;ssl=1\" width=\"222\" height=\"148\" loading=\"lazy\" data-original-width=\"222\" data-original-height=\"148\" itemprop=\"http:\/\/schema.org\/image\" title=\"Philinopsis depicta @ France by Pascal Girard\" alt=\"Philinopsis depicta @ France by Pascal Girard\" style=\"width: 222px; height: 148px;\" \/> <\/a> <div class=\"tiled-gallery-caption\" itemprop=\"caption description\"> Philinopsis depicta @ France by Pascal Girard <\/div> <\/div> <\/div> <!-- close group --> <\/div> <!-- close row --> <\/div><\/p>\n<p><p><strong>Bibliografia<\/strong><\/p><ul><div id=\"zotpress-eee3d0030142c4269594df2ba51e0658\" class=\"zp-Zotpress zp-Zotpress-Bib wp-block-group\">\n\n\t\t<span class=\"ZP_API_USER_ID ZP_ATTR\">1246567<\/span>\n\t\t<span class=\"ZP_ITEM_KEY ZP_ATTR\"><\/span>\n\t\t<span class=\"ZP_COLLECTION_ID ZP_ATTR\"><\/span>\n\t\t<span class=\"ZP_TAG_ID ZP_ATTR\">Philinopsis depicta<\/span>\n\t\t<span class=\"ZP_AUTHOR ZP_ATTR\"><\/span>\n\t\t<span class=\"ZP_YEAR ZP_ATTR\"><\/span>\n        <span class=\"ZP_ITEMTYPE ZP_ATTR\"><\/span>\n\t\t<span class=\"ZP_INCLUSIVE ZP_ATTR\">1<\/span>\n\t\t<span class=\"ZP_STYLE ZP_ATTR\">eunomia-revista-en-cultura-de-la-legalidad<\/span>\n\t\t<span class=\"ZP_LIMIT ZP_ATTR\">50<\/span>\n\t\t<span class=\"ZP_SORTBY ZP_ATTR\">creator<\/span>\n\t\t<span class=\"ZP_ORDER ZP_ATTR\">asc<\/span>\n\t\t<span class=\"ZP_TITLE ZP_ATTR\"><\/span>\n\t\t<span class=\"ZP_SHOWIMAGE ZP_ATTR\"><\/span>\n\t\t<span class=\"ZP_SHOWTAGS ZP_ATTR\"><\/span>\n\t\t<span class=\"ZP_DOWNLOADABLE ZP_ATTR\"><\/span>\n\t\t<span class=\"ZP_NOTES ZP_ATTR\"><\/span>\n\t\t<span class=\"ZP_ABSTRACT ZP_ATTR\"><\/span>\n\t\t<span class=\"ZP_CITEABLE ZP_ATTR\"><\/span>\n\t\t<span class=\"ZP_TARGET ZP_ATTR\">1<\/span>\n\t\t<span class=\"ZP_URLWRAP ZP_ATTR\"><\/span>\n\t\t<span class=\"ZP_FORCENUM ZP_ATTR\"><\/span>\n        <span class=\"ZP_HIGHLIGHT ZP_ATTR\"><\/span>\n        <span class=\"ZP_POSTID ZP_ATTR\">245<\/span>\n\t\t<span class=\"ZOTPRESS_PLUGIN_URL ZP_ATTR\">https:\/\/opistobranquis.info\/wp-content\/plugins\/zotpress\/<\/span>\n\n\t\t<div class=\"zp-List loading\">\n\t\t\t<div class=\"zp-SEO-Content\">\n\n\t\t\t<\/div><!-- .zp-zp-SEO-Content -->\n\t\t<\/div><!-- .zp-List -->\n\t<\/div><!--.zp-Zotpress-->\n\n<p><\/p>Bibliografia basada en els treballs de <b>Steve Long, 2006<\/b>. <a target=_blank href=https:\/\/opistobranquis.info\/wp-content\/uploads\/2016\/06\/Long-S.-2006-Bibliography-of-Opisthobranchia-1554-2000.pdf>Bibliography of Opisthobranchia 1554-2000<\/a> i <b>Gary McDonald, 2009<\/b>. <a href=http:\/\/escholarship.org\/uc\/item\/8115h0wz>Bibliographia Nudibranchia<\/a>, amb actualitzacions posteriors procedents d\u00b4altres fonts.<p><\/p><\/ul><p><\/p><p><strong>M\u00e9s informaci\u00f3<\/strong><\/p><span style=\"font-size:10pt\"><ul><ul class=\"blogroll-links\"><li><a href=\"http:\/\/www.biodiversitylibrary.org\/name\/Philinopsis%20depicta\">Biodiversity Heritage Library<\/a><\/li><li><a href=\"http:\/\/www.biologiamarina.org\/wp\/aglaia\/\">BiologiaMarina.org<\/a><\/li><li><a href=\"http:\/\/doris.ffessm.fr\/fiche2.asp?fiche_numero=1117\">DORIS<\/a><\/li><li><a href=\"https:\/\/litoraldegranada.ugr.es\/el-litoral\/el-litoral-sumergido\/fauna\/moluscos\/gasteropodos\/opistobranquios\/orden-cephalaspidea\/philinopsis-depicta\/\">El Litoral de Granada<\/a><\/li><li><a href=\"https:\/\/www.flickr.com\/search\/?text=Philinopsis%20depicta\">Flickr pictures<\/a><\/li><li><a href=\"http:\/\/www.opistobranquis.org\/ca\/guia\/13\">GROC<\/a><\/li><li><a href=\"http:\/\/www.irmng.org\/aphia.php?p=taxlist&#038;tName=Philinopsis%20depicta\">Interim Register of Marine and Nonmarine Genera<\/a><\/li><li><a href=\"http:\/\/www.ncbi.nlm.nih.gov\/Taxonomy\/Browser\/wwwtax.cgi?mode=Undef&#038;name=Philinopsis%20depicta&#038;lvl=0&#038;srchmode=1\">NCBI GenBank<\/a><\/li><li><a href=\"http:\/\/iobis.org\/mapper\/?taxon=Philinopsis%20depicta\">OBIS - Search by Taxon<\/a><\/li><li><a href=\"http:\/\/www.seaslugforum.net\/showall\/agladepi\">Sea Slug Forum<\/a><\/li><li><a href=\"http:\/\/www.marinespecies.org\/aphia.php?p=taxdetails&#038;id=138733\">World Register of Marine Species<\/a><\/li><\/ul><\/ul><\/span><p><strong>Citeu aquest article com: <\/strong><\/p><div style=\"display: block; background: #444444; padding: 10px 30px 10px 10px; border-radius: 5px; line-height: 18px;\"><p class=\"citacio\"><b>Ballesteros, M., Madrenas, E. &#38; Pontes, M.<\/b> (2025) <em>\"Philinopsis depicta\"<\/em> a <em>OPK-Opistobranquis<\/em>. Publicat: 14\/05\/2012. Accedit: 05\/09\/2026. Disponible a (<a href=https:\/\/opistobranquis.info\/ca\/?p=245>https:\/\/opistobranquis.info\/ca\/?p=245<\/a>)<\/p><p><\/p><\/div><p><\/p><\/p>","protected":false},"excerpt":{"rendered":"<p>Philinopsis depicta (Renier, 1807) Sin\u00f2nims Aglaja depicta Renier, 1807\u00a0(original) Aglaja pelsunca Ev. Marcus &amp; Er. Marcus, 1966 Bulla carnosa Cuvier, 1810 (synonym) Doridium aplysiaeforme Delle Chiaje, 1825 Doridium aplysiforme Delle Chiaje, 1825 Doridium carnosum (Cuvier, 1810) Doridium coriaceum Meckel, 1809 Eidothea marmorata Risso, 1826 Melanochlamys depicta (Renier, 1807) Descripci\u00f3 Aquesta esp\u00e8cie pot aconseguir una mida m\u00e0xima de 60 mm de longitud. Encara que \u00e9s variable en coloraci\u00f3, els exemplars m\u00e9s\u2026<\/p>\n<p class=\"continue-reading-button\"> <a class=\"continue-reading-link\" href=\"https:\/\/opistobranquis.info\/ca\/guia\/cephalaspidea\/philinoidea\/philinopsis-depicta\/\">Continua llegint<i class=\"crycon-right-dir\"><\/i><\/a><\/p>\n","protected":false},"author":291,"featured_media":27376,"parent":26138,"menu_order":2157,"comment_status":"closed","ping_status":"closed","template":"","meta":{"footnotes":""},"class_list":["post-245","page","type-page","status-publish","has-post-thumbnail","hentry"],"jetpack_sharing_enabled":true,"_links":{"self":[{"href":"https:\/\/opistobranquis.info\/ca\/wp-json\/wp\/v2\/pages\/245","targetHints":{"allow":["GET"]}}],"collection":[{"href":"https:\/\/opistobranquis.info\/ca\/wp-json\/wp\/v2\/pages"}],"about":[{"href":"https:\/\/opistobranquis.info\/ca\/wp-json\/wp\/v2\/types\/page"}],"author":[{"embeddable":true,"href":"https:\/\/opistobranquis.info\/ca\/wp-json\/wp\/v2\/users\/291"}],"replies":[{"embeddable":true,"href":"https:\/\/opistobranquis.info\/ca\/wp-json\/wp\/v2\/comments?post=245"}],"version-history":[{"count":11,"href":"https:\/\/opistobranquis.info\/ca\/wp-json\/wp\/v2\/pages\/245\/revisions"}],"predecessor-version":[{"id":35982,"href":"https:\/\/opistobranquis.info\/ca\/wp-json\/wp\/v2\/pages\/245\/revisions\/35982"}],"up":[{"embeddable":true,"href":"https:\/\/opistobranquis.info\/ca\/wp-json\/wp\/v2\/pages\/26138"}],"wp:featuredmedia":[{"embeddable":true,"href":"https:\/\/opistobranquis.info\/ca\/wp-json\/wp\/v2\/media\/27376"}],"wp:attachment":[{"href":"https:\/\/opistobranquis.info\/ca\/wp-json\/wp\/v2\/media?parent=245"}],"curies":[{"name":"wp","href":"https:\/\/api.w.org\/{rel}","templated":true}]}}