{"id":24885,"date":"2018-02-04T09:59:12","date_gmt":"2018-02-04T08:59:12","guid":{"rendered":"https:\/\/opistobranquis.info\/?page_id=24885"},"modified":"2025-03-02T12:39:47","modified_gmt":"2025-03-02T11:39:47","slug":"thordisa-azmanii","status":"publish","type":"page","link":"https:\/\/opistobranquis.info\/ca\/guia\/nudibranchia\/doridina\/doridoidei\/doridoidea\/thordisa-azmanii\/","title":{"rendered":"Thordisa azmanii"},"content":{"rendered":"<p><\/p>\n<h3><em>Thordisa azmanii<\/em> Cervera &amp; Garc\u00eda-G\u00f3mez, 1989<\/h3>\n<p><span style=\"font-size:10pt;\" class=\"aligncenter\"><div id=\"featured-img-id\"><img data-recalc-dims=\"1\" decoding=\"async\" src=\"https:\/\/i0.wp.com\/opistobranquis.info\/wp-content\/uploads\/2025\/03\/Thordisa-azmanii-16.jpg?w=900&#038;ssl=1\" alt=\"Thordisa azmanii @ L&#039;Escala by Enric Madrenas\" \/><\/div><center><em>Thordisa azmanii @ L'Escala<\/em> per Enric Madrenas<\/center><\/span><p><\/p><div class=\"opk-worms\"><h3>Informaci\u00f3 taxon\u00f2mica WoRMS<\/h3><div class=\"opk-success\">Nom acceptat actual: <strong><em>Thordisa azmanii<\/em> Cervera &amp; Garc\u00eda-G\u00f3mez, 1989<\/strong><\/div><h4>Classificaci\u00f3 actual<\/h4><table class=\"widefat striped\"><tr><th>Superdomain<\/th><td><a target=\"_blank\" href=\"https:\/\/www.marinespecies.org\/aphia.php?p=taxdetails&id=1\">Biota<\/a><\/td><\/tr><tr><th>Kingdom<\/th><td><a target=\"_blank\" href=\"https:\/\/www.marinespecies.org\/aphia.php?p=taxdetails&id=2\">Animalia<\/a><\/td><\/tr><tr><th>Phylum<\/th><td><a target=\"_blank\" href=\"https:\/\/www.marinespecies.org\/aphia.php?p=taxdetails&id=51\">Mollusca<\/a><\/td><\/tr><tr><th>Class<\/th><td><a target=\"_blank\" href=\"https:\/\/www.marinespecies.org\/aphia.php?p=taxdetails&id=101\">Gastropoda<\/a><\/td><\/tr><tr><th>Subclass<\/th><td><a target=\"_blank\" href=\"https:\/\/www.marinespecies.org\/aphia.php?p=taxdetails&id=14712\">Heterobranchia<\/a><\/td><\/tr><tr><th>Infraclass<\/th><td><a target=\"_blank\" href=\"https:\/\/www.marinespecies.org\/aphia.php?p=taxdetails&id=1057247\">Euthyneura<\/a><\/td><\/tr><tr><th>Subterclass<\/th><td><a target=\"_blank\" href=\"https:\/\/www.marinespecies.org\/aphia.php?p=taxdetails&id=1057249\">Ringipleura<\/a><\/td><\/tr><tr><th>Superorder<\/th><td><a target=\"_blank\" href=\"https:\/\/www.marinespecies.org\/aphia.php?p=taxdetails&id=411966\">Nudipleura<\/a><\/td><\/tr><tr><th>Order<\/th><td><a target=\"_blank\" href=\"https:\/\/www.marinespecies.org\/aphia.php?p=taxdetails&id=1762\">Nudibranchia<\/a><\/td><\/tr><tr><th>Suborder<\/th><td><a target=\"_blank\" href=\"https:\/\/www.marinespecies.org\/aphia.php?p=taxdetails&id=1052385\">Doridina<\/a><\/td><\/tr><tr><th>Infraorder<\/th><td><a target=\"_blank\" href=\"https:\/\/www.marinespecies.org\/aphia.php?p=taxdetails&id=246038\">Doridoidei<\/a><\/td><\/tr><tr><th>Superfamily<\/th><td><a target=\"_blank\" href=\"https:\/\/www.marinespecies.org\/aphia.php?p=taxdetails&id=173\">Doridoidea<\/a><\/td><\/tr><tr><th>Family<\/th><td><a target=\"_blank\" href=\"https:\/\/www.marinespecies.org\/aphia.php?p=taxdetails&id=1761\">Discodorididae<\/a><\/td><\/tr><tr><th>Genus<\/th><td><a target=\"_blank\" href=\"https:\/\/www.marinespecies.org\/aphia.php?p=taxdetails&id=137900\"><em>Thordisa<\/em><\/a><\/td><\/tr><tr><th>Species<\/th><td><a target=\"_blank\" href=\"https:\/\/www.marinespecies.org\/aphia.php?p=taxdetails&id=139590\"><em>Thordisa azmanii<\/em> Cervera &amp; Garc\u00eda-G\u00f3mez, 1989<\/a><\/td><\/tr><\/table><p class=\"footer\">Classificaci\u00f3 proporcionada pel World Register of Marine Species (WoRMS). [<a target=\"_blank\" href=\"https:\/\/www.marinespecies.org\/aphia.php?p=taxdetails&id=139590\">139590<\/a>]<\/p><\/div><strong>Nota taxon\u00f2mica:\u00a0<\/strong>Ortea &amp; Mart\u00ednez (1991) consideren que aquesta esp\u00e8cie \u00e9s la mateixa que <em>Thordisa diuda<\/em> Marcus, 1955 per\u00f2 aquesta proposta ha estat contradita per Cervera et al (2004) i per Alvim &amp; Diaz Pimenta (2013).<\/p>\n<p><strong>Descripci\u00f3<br \/>\n<\/strong>El cos t\u00e9 forma ovalada i pot arribar a una longitud m\u00e0xima de 15mm. \u00c9s de color taronja a marr\u00f3 fosc, amb el dors convex i de textura espiculosa. El mantell, les vores del qual tenen petits punts blancs, est\u00e0 cobert de tubercles espiculats de forma c\u00f2nica de diferents mides, els majors estan tacats de color blanc a l&#8217;extrem, i els de menor grand\u00e0ria apareixen alineats en les vores del mantell i de les beines rinof\u00f2riques i branquials, el que els d\u00f3na una aparen\u00e7a irregular. La part inferior del mantell permet observar la disposici\u00f3 radial de les esp\u00edcules en el teixit, aix\u00ed com agrupacions ramificades. El peu, de color groc clar, \u00e9s bilabiat i espicul\u00f3s, i ocasionalment s&#8217;est\u00e9n per darrere del mantell quan l&#8217;animal est\u00e0 en moviment. La vora posterior del peu t\u00e9 min\u00fascules taques blanques. Els tentacles orals s\u00f3n curts i tenen forma cil\u00edndrica. Els rin\u00f2fors, de color marr\u00f3 fosc, tenen entre 9 i 11 l\u00e0mines, les puntes de les 3 o 4 m\u00e9s distals estan tacades de blanc. La ploma branquial t\u00e9 de 5 a 7 fulles bipinnades, de color marr\u00f3 fosc en la seva part basal i color blanc a la part distal, tot envoltant la papil\u00b7la anal.<\/p>\n<p><strong>Biologia<br \/>\n<\/strong>Els exemplars trobats a Gal\u00edcia (Almon et al. 2011) vivien sobre esponges del g\u00e8nere <em>Raspailia<\/em>: en concret <em>Raspailia hispida<\/em> (Montagu, 1818), <em>Raspailia (Raspailia) ramosa<\/em> (Montagu, 1818) i <em>Raspailia (Raspailia) cf. viminalis<\/em> (Schmidt, 1862) i se suposa que s&#8217;alimenten d&#8217;elles, per\u00f2 aquest fet no s&#8217;ha pogut comprovar. La posta consisteix en una cinta de color groc clar, fixada per un dels seus costats al substrat -generalment a l&#8217;esmentada esponja-, enrotllada en una espiral d&#8217;entre una i dues voltes, amb ous d&#8217;unes 100 micres de di\u00e0metre, disposats transversalment en files d&#8217;uns 25 en dues capes superposades (Ortea et Mart\u00ednez, 1990). Observada a una certa dist\u00e0ncia l&#8217;aspecte general d&#8217;aquest nudibranqui \u00e9s similar a la de l&#8217;briozou <em>Cellepora pumicosa<\/em>, el que podria entendre com una forma de camuflatge en qu\u00e8 l&#8217;animal adopta l&#8217;aspecte d&#8217;una esp\u00e8cie poc atractiva per als depredadors.\u00a0 El notus espicul\u00f3s facilita la retenci\u00f3 de part\u00edcules de detritus en la mateixa forma que les esponges <em>Raspailia<\/em>, de forma que poden passar inadvertits als predadors.<\/p>\n<p><strong>Etimologia<\/strong><\/p>\n<ul>\n<li><em>Thordisa<\/em>. Nom femen\u00ed d\u2019origen n\u00f2rdic, citat a les Sagues. Una dona agradable a la vista, altiva i m\u00e9s aviat dura de cor.<\/li>\n<li><em>Azmanii<\/em>, en honor del Dr. J. Azmani (M.D.), per &#8220;eliminar una malaltia cr\u00f2nica d&#8217;un de nosaltres&#8221; (Cervera et Garc\u00eda-G\u00f3mez, 1989).<\/li>\n<\/ul>\n<p><strong>Distribuci\u00f3<br \/>\n<\/strong>Aquesta esp\u00e8cie ha estat citada a les costes atl\u00e0ntiques de la pen\u00ednsula Ib\u00e8rica: a Cadis (Cervera &amp; Garc\u00eda G\u00f3mez, 1989), a Portugal (Garc\u00eda G\u00f3mez, 1991), a la ria d&#8217;Arousa, Gal\u00edcia (Almon <em>et al<\/em>., 2011) i a Cudillero, Ast\u00faries (Ortea &amp; Mart\u00ednez, 1990 com a <em>T.diuda<\/em>). Els exemplars d&#8217;Ast\u00faries i Cadis es van recollir en l&#8217;intermareal, mentre que els de Gal\u00edcia es van trobar en immersi\u00f3 a 20 metres, de manera que la seva distribuci\u00f3 batim\u00e8trica no est\u00e0 clara. Tamb\u00e9 ha estat trobada a les costes de St.Agnes, Cornwall, Gran Bretanya (Picton, 1978 [in] Medslugs) i a Ouessant, a la Bretanya francesa (Roche, F. [in] NE Atlantic Nudibranchs, 2018), tamb\u00e9 a les A\u00e7ores (Chan &amp; Gosliner, 2007). Hi ha una cita de Cap Verd (Ortea &amp; Cabrera, 1999) com a <em>T.diuda<\/em> que probablement correspon a <em>T.azmanii<\/em>, ja que els autors la assimilen a les troballes del Nord d&#8217;Espanya, encara que (Alvim &amp; Pimenta, 2013) nom\u00e9s indiquen que NO \u00e9s <em>T.diuda<\/em>. Hi ha molt poques cites d&#8217;aquesta esp\u00e8cie a la Mediterr\u00e0nia: fins el moment nom\u00e9s s&#8217;ha trobat a Granada (S\u00e1nchez Tocino <em>et al<\/em>., 2000) i a L&#8217;Escala, Girona (Madrenas, E. com. pers.). La troballa de Federico Betti a Numana, It\u00e0lia el 2010, s&#8217;ha verificat que no pertany al g\u00e8nere <em>Thordisa<\/em>, sin\u00f3 al g\u00e8nere <em>Doris<\/em>. <div id=\"flxmap-6a9bf5967a5cf\" class='flxmap-container' data-flxmap='flxmap_6a9bf5967a5cf' style=\"width:100%;height:400px;\"><\/div>\n<script data-noptimize=\"1\">\n\/* <![CDATA[ *\/\n(function(w, fn) {\n if (w.addEventListener) w.addEventListener(\"DOMContentLoaded\", fn, false);\n else if (w.attachEvent) w.attachEvent(\"onload\", fn);\n})(window, function() {\n var f = new FlexibleMap();\n f.panControl = true;\n f.mapTypeId = \"satellite\";\n f.setlocale(\"ca-ES\");\n f.kmlcache = \"5 minutes\";\n f.showKML(\"flxmap-6a9bf5967a5cf\", \"https:\/\/opistobranquis.info\/wp-content\/uploads\/kms\/24885.kmz\");\n window.flxmap_6a9bf5967a5cf = f;\n});\n\/* ]]> *\/\n<\/script>\n<div style=\"width:100%;text-align:center;margin:12px 0 4px 0;\">\n  <div style=\"font-size:8pt;margin-bottom:6px;\">Cites georeferenciades conegudes de l'esp\u00e8cie: <em>Thordisa azmanii<\/em><\/div>\n  <table style=\"margin:0 auto;border-collapse:collapse;font-size:8pt;\">\n    <tr><td colspan=\"2\" style=\"text-align:left;padding-bottom:4px;\"><strong>Fonts:<\/strong><\/td><\/tr>\n    <tr>\n      <td style=\"vertical-align:top;padding-right:40px;\">\n        <table style=\"border-collapse:collapse;\">\n<tr><td style='padding:1px 6px 1px 0;vertical-align:middle'><img data-recalc-dims=\"1\" src=\"https:\/\/i0.wp.com\/opistobranquis.info\/wp-content\/uploads\/kms\/wht-circle-lv.png?w=900&#038;ssl=1\" style='display:block'><\/td><td style='padding:1px 0;vertical-align:middle;white-space:nowrap'>OBIS<\/td><\/tr><tr><td style='padding:1px 6px 1px 0;vertical-align:middle'><img data-recalc-dims=\"1\" src=\"https:\/\/i0.wp.com\/opistobranquis.info\/wp-content\/uploads\/kms\/ylw-circle-lv.png?w=900&#038;ssl=1\" style='display:block'><\/td><td style='padding:1px 0;vertical-align:middle;white-space:nowrap'>GROC 2010-2011<\/td><\/tr><tr><td style='padding:1px 6px 1px 0;vertical-align:middle'><img data-recalc-dims=\"1\" src=\"https:\/\/i0.wp.com\/opistobranquis.info\/wp-content\/uploads\/kms\/grn-circle-lv.png?w=900&#038;ssl=1\" style='display:block'><\/td><td style='padding:1px 0;vertical-align:middle;white-space:nowrap'>Enric Madrenas<\/td><\/tr><tr><td style='padding:1px 6px 1px 0;vertical-align:middle'><img data-recalc-dims=\"1\" src=\"https:\/\/i0.wp.com\/opistobranquis.info\/wp-content\/uploads\/kms\/orange-circle-lv.png?w=900&#038;ssl=1\" style='display:block'><\/td><td style='padding:1px 0;vertical-align:middle;white-space:nowrap'>Jo\u00e3o Pedro Silva<\/td><\/tr><tr><td style='padding:1px 6px 1px 0;vertical-align:middle'><img data-recalc-dims=\"1\" src=\"https:\/\/i0.wp.com\/opistobranquis.info\/wp-content\/uploads\/kms\/pink-circle-lv.png?w=900&#038;ssl=1\" style='display:block'><\/td><td style='padding:1px 0;vertical-align:middle;white-space:nowrap'>Bernard Picton<\/td><\/tr><tr><td style='padding:1px 6px 1px 0;vertical-align:middle'><img data-recalc-dims=\"1\" src=\"https:\/\/i0.wp.com\/opistobranquis.info\/wp-content\/uploads\/kms\/blk-circle-lv.png?w=900&#038;ssl=1\" style='display:block'><\/td><td style='padding:1px 0;vertical-align:middle;white-space:nowrap'>GBIF<\/td><\/tr>        <\/table>\n      <\/td>\n      <td style=\"vertical-align:top;\">\n        <table style=\"border-collapse:collapse;\">\n<tr><td style='padding:1px 6px 1px 0;vertical-align:middle'><img data-recalc-dims=\"1\" src=\"https:\/\/i0.wp.com\/opistobranquis.info\/wp-content\/uploads\/kms\/purple-circle-lv.png?w=900&#038;ssl=1\" style='display:block'><\/td><td style='padding:1px 0;vertical-align:middle;white-space:nowrap'>OPK<\/td><\/tr><tr><td style='padding:1px 6px 1px 0;vertical-align:middle'><img data-recalc-dims=\"1\" src=\"https:\/\/i0.wp.com\/opistobranquis.info\/wp-content\/uploads\/kms\/red-circle-lv.png?w=900&#038;ssl=1\" style='display:block'><\/td><td style='padding:1px 0;vertical-align:middle;white-space:nowrap'>VIMAR<\/td><\/tr><tr><td style='padding:1px 6px 1px 0;vertical-align:middle'><img data-recalc-dims=\"1\" src=\"https:\/\/i0.wp.com\/opistobranquis.info\/wp-content\/uploads\/kms\/blu-circle-lv.png?w=900&#038;ssl=1\" style='display:block'><\/td><td style='padding:1px 0;vertical-align:middle;white-space:nowrap'>Manuel Ballesteros<\/td><\/tr><tr><td style='padding:1px 6px 1px 0;vertical-align:middle'><img data-recalc-dims=\"1\" src=\"https:\/\/i0.wp.com\/opistobranquis.info\/wp-content\/uploads\/kms\/cyan-circle-lv.png?w=900&#038;ssl=1\" style='display:block'><\/td><td style='padding:1px 0;vertical-align:middle;white-space:nowrap'>M@re Nostrum<\/td><\/tr><tr><td style='padding:1px 6px 1px 0;vertical-align:middle'><img data-recalc-dims=\"1\" src=\"https:\/\/i0.wp.com\/opistobranquis.info\/wp-content\/uploads\/kms\/grey-circle-lv.png?w=900&#038;ssl=1\" style='display:block'><\/td><td style='padding:1px 0;vertical-align:middle;white-space:nowrap'>Altres fonts<\/td><\/tr><tr><td style='padding:1px 6px 1px 0;vertical-align:middle'><img data-recalc-dims=\"1\" src=\"https:\/\/i0.wp.com\/opistobranquis.info\/wp-content\/uploads\/kms\/marreg.png?w=900&#038;ssl=1\" style='display:block'><\/td><td style='padding:1px 0;vertical-align:middle;white-space:nowrap'>Marine Regions<\/td><\/tr>        <\/table>\n      <\/td>\n    <\/tr>\n  <\/table>\n<\/div>\n<\/p>\n<p><strong>Error:<\/strong> Chart.js no est\u00e1 disponible.<\/p>\n<p><strong>Altres fotos<\/strong><br \/>\n<div class=\"tiled-gallery type-rectangular tiled-gallery-unresized\" data-original-width=\"900\" data-carousel-extra='{&quot;blog_id&quot;:1,&quot;permalink&quot;:&quot;https:\\\/\\\/opistobranquis.info\\\/ca\\\/guia\\\/nudibranchia\\\/doridina\\\/doridoidei\\\/doridoidea\\\/thordisa-azmanii\\\/&quot;,&quot;likes_blog_id&quot;:44192421}' itemscope itemtype=\"http:\/\/schema.org\/ImageGallery\" > <div class=\"gallery-row\" style=\"width: 900px; height: 451px;\" data-original-width=\"900\" data-original-height=\"451\" > <div class=\"gallery-group images-1\" style=\"width: 600px; height: 451px;\" data-original-width=\"600\" data-original-height=\"451\" > <div class=\"tiled-gallery-item tiled-gallery-item-large\" itemprop=\"associatedMedia\" itemscope itemtype=\"http:\/\/schema.org\/ImageObject\"> <a href=\"https:\/\/opistobranquis.info\/ca\/guia\/nudibranchia\/doridina\/doridoidei\/doridoidea\/thordisa-azmanii\/tazmanii-4\/\" border=\"0\" itemprop=\"url\"> <meta itemprop=\"width\" content=\"596\"> <meta itemprop=\"height\" content=\"447\"> <img decoding=\"async\" class=\"\" data-attachment-id=\"24889\" data-orig-file=\"https:\/\/opistobranquis.info\/wp-content\/uploads\/2018\/02\/Tazmanii-4.jpg\" data-orig-size=\"720,540\" data-comments-opened=\"\" data-image-title=\"Thordisa azmanii @ Granada by Luis S\u00e1nchez Tocino\" data-image-description=\"&lt;p&gt;Thordisa azmanii @ Granada by Luis S\u00e1nchez Tocino&lt;\/p&gt; \" data-medium-file=\"https:\/\/i0.wp.com\/opistobranquis.info\/wp-content\/uploads\/2018\/02\/Tazmanii-4.jpg?fit=300%2C225&#038;ssl=1\" data-large-file=\"https:\/\/i0.wp.com\/opistobranquis.info\/wp-content\/uploads\/2018\/02\/Tazmanii-4.jpg?fit=720%2C540&#038;ssl=1\" src=\"https:\/\/i0.wp.com\/opistobranquis.info\/wp-content\/uploads\/2018\/02\/Tazmanii-4.jpg?w=596&#038;h=447&#038;ssl=1\" srcset=\"https:\/\/i0.wp.com\/opistobranquis.info\/wp-content\/uploads\/2018\/02\/Tazmanii-4.jpg?w=720&amp;ssl=1 720w, https:\/\/i0.wp.com\/opistobranquis.info\/wp-content\/uploads\/2018\/02\/Tazmanii-4.jpg?resize=150%2C113&amp;ssl=1 150w, https:\/\/i0.wp.com\/opistobranquis.info\/wp-content\/uploads\/2018\/02\/Tazmanii-4.jpg?resize=300%2C225&amp;ssl=1 300w\" width=\"596\" height=\"447\" loading=\"lazy\" data-original-width=\"596\" data-original-height=\"447\" itemprop=\"http:\/\/schema.org\/image\" title=\"Thordisa azmanii @ Granada by Luis S\u00e1nchez Tocino\" alt=\"Thordisa azmanii @ Granada by Luis S\u00e1nchez Tocino\" style=\"width: 596px; height: 447px;\" \/> <\/a> <div class=\"tiled-gallery-caption\" itemprop=\"caption description\"> Thordisa azmanii @ Granada by Luis S\u00e1nchez Tocino <\/div> <\/div> <\/div> <!-- close group --> <div class=\"gallery-group images-2\" style=\"width: 300px; height: 451px;\" data-original-width=\"300\" data-original-height=\"451\" > <div class=\"tiled-gallery-item tiled-gallery-item-large\" itemprop=\"associatedMedia\" itemscope itemtype=\"http:\/\/schema.org\/ImageObject\"> <a href=\"https:\/\/opistobranquis.info\/ca\/guia\/nudibranchia\/doridina\/doridoidei\/doridoidea\/thordisa-azmanii\/tazmanii\/\" border=\"0\" itemprop=\"url\"> <meta itemprop=\"width\" content=\"296\"> <meta itemprop=\"height\" content=\"222\"> <img decoding=\"async\" class=\"\" data-attachment-id=\"24890\" data-orig-file=\"https:\/\/opistobranquis.info\/wp-content\/uploads\/2018\/02\/Tazmanii.jpg\" data-orig-size=\"768,576\" data-comments-opened=\"\" data-image-title=\"Thordisa azmanii @ Granada by Luis S\u00e1nchez Tocino\" data-image-description=\"&lt;p&gt;Thordisa azmanii @ Granada by Luis S\u00e1nchez Tocino&lt;\/p&gt; \" data-medium-file=\"https:\/\/i0.wp.com\/opistobranquis.info\/wp-content\/uploads\/2018\/02\/Tazmanii.jpg?fit=300%2C225&#038;ssl=1\" data-large-file=\"https:\/\/i0.wp.com\/opistobranquis.info\/wp-content\/uploads\/2018\/02\/Tazmanii.jpg?fit=768%2C576&#038;ssl=1\" src=\"https:\/\/i0.wp.com\/opistobranquis.info\/wp-content\/uploads\/2018\/02\/Tazmanii.jpg?w=296&#038;h=222&#038;ssl=1\" srcset=\"https:\/\/i0.wp.com\/opistobranquis.info\/wp-content\/uploads\/2018\/02\/Tazmanii.jpg?w=768&amp;ssl=1 768w, https:\/\/i0.wp.com\/opistobranquis.info\/wp-content\/uploads\/2018\/02\/Tazmanii.jpg?resize=150%2C113&amp;ssl=1 150w, https:\/\/i0.wp.com\/opistobranquis.info\/wp-content\/uploads\/2018\/02\/Tazmanii.jpg?resize=300%2C225&amp;ssl=1 300w\" width=\"296\" height=\"222\" loading=\"lazy\" data-original-width=\"296\" data-original-height=\"222\" itemprop=\"http:\/\/schema.org\/image\" title=\"Thordisa azmanii @ Granada by Luis S\u00e1nchez Tocino\" alt=\"Thordisa azmanii @ Granada by Luis S\u00e1nchez Tocino\" style=\"width: 296px; height: 222px;\" \/> <\/a> <div class=\"tiled-gallery-caption\" itemprop=\"caption description\"> Thordisa azmanii @ Granada by Luis S\u00e1nchez Tocino <\/div> <\/div> <div class=\"tiled-gallery-item tiled-gallery-item-large\" itemprop=\"associatedMedia\" itemscope itemtype=\"http:\/\/schema.org\/ImageObject\"> <a href=\"https:\/\/opistobranquis.info\/ca\/guia\/nudibranchia\/doridina\/doridoidei\/doridoidea\/thordisa-azmanii\/tazmanii-2\/\" border=\"0\" itemprop=\"url\"> <meta itemprop=\"width\" content=\"296\"> <meta itemprop=\"height\" content=\"221\"> <img decoding=\"async\" class=\"\" data-attachment-id=\"24891\" data-orig-file=\"https:\/\/opistobranquis.info\/wp-content\/uploads\/2018\/02\/Tazmanii-2.jpg\" data-orig-size=\"768,576\" data-comments-opened=\"\" data-image-title=\"Thordisa azmanii @ Granada by Luis S\u00e1nchez Tocino\" data-image-description=\"&lt;p&gt;Thordisa azmanii @ Granada by Luis S\u00e1nchez Tocino&lt;\/p&gt; \" data-medium-file=\"https:\/\/i0.wp.com\/opistobranquis.info\/wp-content\/uploads\/2018\/02\/Tazmanii-2.jpg?fit=300%2C225&#038;ssl=1\" data-large-file=\"https:\/\/i0.wp.com\/opistobranquis.info\/wp-content\/uploads\/2018\/02\/Tazmanii-2.jpg?fit=768%2C576&#038;ssl=1\" src=\"https:\/\/i0.wp.com\/opistobranquis.info\/wp-content\/uploads\/2018\/02\/Tazmanii-2.jpg?w=296&#038;h=221&#038;ssl=1\" srcset=\"https:\/\/i0.wp.com\/opistobranquis.info\/wp-content\/uploads\/2018\/02\/Tazmanii-2.jpg?w=768&amp;ssl=1 768w, https:\/\/i0.wp.com\/opistobranquis.info\/wp-content\/uploads\/2018\/02\/Tazmanii-2.jpg?resize=150%2C113&amp;ssl=1 150w, https:\/\/i0.wp.com\/opistobranquis.info\/wp-content\/uploads\/2018\/02\/Tazmanii-2.jpg?resize=300%2C225&amp;ssl=1 300w\" width=\"296\" height=\"221\" loading=\"lazy\" data-original-width=\"296\" data-original-height=\"221\" itemprop=\"http:\/\/schema.org\/image\" title=\"Thordisa azmanii @ Granada by Luis S\u00e1nchez Tocino\" alt=\"Thordisa azmanii @ Granada by Luis S\u00e1nchez Tocino\" style=\"width: 296px; height: 221px;\" \/> <\/a> <div class=\"tiled-gallery-caption\" itemprop=\"caption description\"> Thordisa azmanii @ Granada by Luis S\u00e1nchez Tocino <\/div> <\/div> <\/div> <!-- close group --> <\/div> <!-- close row --> <div class=\"gallery-row\" style=\"width: 900px; height: 339px;\" data-original-width=\"900\" data-original-height=\"339\" > <div class=\"gallery-group images-1\" style=\"width: 450px; height: 339px;\" data-original-width=\"450\" data-original-height=\"339\" > <div class=\"tiled-gallery-item tiled-gallery-item-large\" itemprop=\"associatedMedia\" itemscope itemtype=\"http:\/\/schema.org\/ImageObject\"> <a href=\"https:\/\/opistobranquis.info\/ca\/guia\/nudibranchia\/doridina\/doridoidei\/doridoidea\/thordisa-azmanii\/tazmanii-3\/\" border=\"0\" itemprop=\"url\"> <meta itemprop=\"width\" content=\"446\"> <meta itemprop=\"height\" content=\"335\"> <img decoding=\"async\" class=\"\" data-attachment-id=\"24892\" data-orig-file=\"https:\/\/opistobranquis.info\/wp-content\/uploads\/2018\/02\/Tazmanii-3.jpg\" data-orig-size=\"768,576\" data-comments-opened=\"\" data-image-title=\"Thordisa azmanii @ Granada by Luis S\u00e1nchez Tocino\" data-image-description=\"&lt;p&gt;Thordisa azmanii @ Granada by Luis S\u00e1nchez Tocino&lt;\/p&gt; \" data-medium-file=\"https:\/\/i0.wp.com\/opistobranquis.info\/wp-content\/uploads\/2018\/02\/Tazmanii-3.jpg?fit=300%2C225&#038;ssl=1\" data-large-file=\"https:\/\/i0.wp.com\/opistobranquis.info\/wp-content\/uploads\/2018\/02\/Tazmanii-3.jpg?fit=768%2C576&#038;ssl=1\" src=\"https:\/\/i0.wp.com\/opistobranquis.info\/wp-content\/uploads\/2018\/02\/Tazmanii-3.jpg?w=446&#038;h=335&#038;ssl=1\" srcset=\"https:\/\/i0.wp.com\/opistobranquis.info\/wp-content\/uploads\/2018\/02\/Tazmanii-3.jpg?w=768&amp;ssl=1 768w, https:\/\/i0.wp.com\/opistobranquis.info\/wp-content\/uploads\/2018\/02\/Tazmanii-3.jpg?resize=150%2C113&amp;ssl=1 150w, https:\/\/i0.wp.com\/opistobranquis.info\/wp-content\/uploads\/2018\/02\/Tazmanii-3.jpg?resize=300%2C225&amp;ssl=1 300w\" width=\"446\" height=\"335\" loading=\"lazy\" data-original-width=\"446\" data-original-height=\"335\" itemprop=\"http:\/\/schema.org\/image\" title=\"Thordisa azmanii @ Granada by Luis S\u00e1nchez Tocino\" alt=\"Thordisa azmanii @ Granada by Luis S\u00e1nchez Tocino\" style=\"width: 446px; height: 335px;\" \/> <\/a> <div class=\"tiled-gallery-caption\" itemprop=\"caption description\"> Thordisa azmanii @ Granada by Luis S\u00e1nchez Tocino <\/div> <\/div> <\/div> <!-- close group --> <div class=\"gallery-group images-1\" style=\"width: 450px; height: 339px;\" data-original-width=\"450\" data-original-height=\"339\" > <div class=\"tiled-gallery-item tiled-gallery-item-large\" itemprop=\"associatedMedia\" itemscope itemtype=\"http:\/\/schema.org\/ImageObject\"> <a href=\"https:\/\/opistobranquis.info\/ca\/guia\/nudibranchia\/doridina\/doridoidei\/doridoidea\/thordisa-azmanii\/thordisa-azmanii-cornwall-uk-25-03-1978-cc-by-sa-by-bernard-picton\/\" border=\"0\" itemprop=\"url\"> <meta itemprop=\"width\" content=\"446\"> <meta itemprop=\"height\" content=\"335\"> <img decoding=\"async\" class=\"\" data-attachment-id=\"24895\" data-orig-file=\"https:\/\/opistobranquis.info\/wp-content\/uploads\/2018\/02\/Thordisa-azmanii-@-Cornwall-UK-25-03-1978-CC-BY-SA-by-Bernard-Picton.jpg\" data-orig-size=\"888,666\" data-comments-opened=\"\" data-image-title=\"Thordisa azmanii @ St.Agnes, Cornwall, United Kingdom 25-03-1978 CC-BY-SA by Bernard Picton\" data-image-description=\"&lt;p&gt;Thordisa azmanii @ St.Agnes, Cornwall, United Kingdom 25-03-1978 CC-BY-SA by Bernard Picton&lt;\/p&gt; \" data-medium-file=\"https:\/\/i0.wp.com\/opistobranquis.info\/wp-content\/uploads\/2018\/02\/Thordisa-azmanii-%40-Cornwall-UK-25-03-1978-CC-BY-SA-by-Bernard-Picton.jpg?fit=300%2C225&#038;ssl=1\" data-large-file=\"https:\/\/i0.wp.com\/opistobranquis.info\/wp-content\/uploads\/2018\/02\/Thordisa-azmanii-%40-Cornwall-UK-25-03-1978-CC-BY-SA-by-Bernard-Picton.jpg?fit=888%2C666&#038;ssl=1\" src=\"https:\/\/i0.wp.com\/opistobranquis.info\/wp-content\/uploads\/2018\/02\/Thordisa-azmanii-%40-Cornwall-UK-25-03-1978-CC-BY-SA-by-Bernard-Picton.jpg?w=446&#038;h=335&#038;ssl=1\" width=\"446\" height=\"335\" loading=\"lazy\" data-original-width=\"446\" data-original-height=\"335\" itemprop=\"http:\/\/schema.org\/image\" title=\"Thordisa azmanii @ St.Agnes, Cornwall, United Kingdom 25-03-1978 CC-BY-SA by Bernard Picton\" alt=\"Thordisa azmanii @ St.Agnes, Cornwall, United Kingdom 25-03-1978 CC-BY-SA by Bernard Picton\" style=\"width: 446px; height: 335px;\" \/> <\/a> <div class=\"tiled-gallery-caption\" itemprop=\"caption description\"> Thordisa azmanii @ St.Agnes, Cornwall, United Kingdom 25-03-1978 CC-BY-SA by Bernard Picton <\/div> <\/div> <\/div> <!-- close group --> <\/div> <!-- close row --> <div class=\"gallery-row\" style=\"width: 900px; height: 541px;\" data-original-width=\"900\" data-original-height=\"541\" > <div class=\"gallery-group images-1\" style=\"width: 900px; height: 541px;\" data-original-width=\"900\" data-original-height=\"541\" > <div class=\"tiled-gallery-item tiled-gallery-item-large\" itemprop=\"associatedMedia\" itemscope itemtype=\"http:\/\/schema.org\/ImageObject\"> <a href=\"https:\/\/opistobranquis.info\/ca\/guia\/nudibranchia\/doridina\/doridoidei\/doridoidea\/thordisa-azmanii\/thordisa-azmanii-bajo-o-champinon-ria-de-arousa-galicia-spain-10-06-2011-in-22m-by-jacinto-perez-dieste\/\" border=\"0\" itemprop=\"url\"> <meta itemprop=\"width\" content=\"896\"> <meta itemprop=\"height\" content=\"537\"> <img decoding=\"async\" class=\"\" data-attachment-id=\"24919\" data-orig-file=\"https:\/\/opistobranquis.info\/wp-content\/uploads\/2018\/02\/Thordisa-azmanii-@-Bajo-O-Champi\u00f1on-Ria-de-Arousa-Galicia-Spain-10-06-2011-in-22m-by-Jacinto-P\u00e9rez-Dieste.jpg\" data-orig-size=\"1024,614\" data-comments-opened=\"\" data-image-title=\"Thordisa azmanii @ Bajo O Champi\u00f1on, Ria de Arousa, Galicia, Spain 10-06-2011 in 22m by Jacinto P\u00e9rez Dieste\" data-image-description=\"&lt;p&gt;Thordisa azmanii @ Bajo O Champi\u00f1on, Ria de Arousa, Galicia, Spain 10-06-2011 in 22m by Jacinto P\u00e9rez Dieste&lt;\/p&gt; \" data-medium-file=\"https:\/\/i0.wp.com\/opistobranquis.info\/wp-content\/uploads\/2018\/02\/Thordisa-azmanii-%40-Bajo-O-Champi%C3%B1on-Ria-de-Arousa-Galicia-Spain-10-06-2011-in-22m-by-Jacinto-P%C3%A9rez-Dieste.jpg?fit=300%2C180&#038;ssl=1\" data-large-file=\"https:\/\/i0.wp.com\/opistobranquis.info\/wp-content\/uploads\/2018\/02\/Thordisa-azmanii-%40-Bajo-O-Champi%C3%B1on-Ria-de-Arousa-Galicia-Spain-10-06-2011-in-22m-by-Jacinto-P%C3%A9rez-Dieste.jpg?fit=900%2C540&#038;ssl=1\" src=\"https:\/\/i0.wp.com\/opistobranquis.info\/wp-content\/uploads\/2018\/02\/Thordisa-azmanii-%40-Bajo-O-Champi%C3%B1on-Ria-de-Arousa-Galicia-Spain-10-06-2011-in-22m-by-Jacinto-P%C3%A9rez-Dieste.jpg?w=896&#038;h=537&#038;ssl=1\" width=\"896\" height=\"537\" loading=\"lazy\" data-original-width=\"896\" data-original-height=\"537\" itemprop=\"http:\/\/schema.org\/image\" title=\"Thordisa azmanii @ Bajo O Champi\u00f1on, Ria de Arousa, Galicia, Spain 10-06-2011 in 22m by Jacinto P\u00e9rez Dieste\" alt=\"Thordisa azmanii @ Bajo O Champi\u00f1on, Ria de Arousa, Galicia, Spain 10-06-2011 in 22m by Jacinto P\u00e9rez Dieste\" style=\"width: 896px; height: 537px;\" \/> <\/a> <div class=\"tiled-gallery-caption\" itemprop=\"caption description\"> Thordisa azmanii @ Bajo O Champi\u00f1on, Ria de Arousa, Galicia, Spain 10-06-2011 in 22m <\/div> <\/div> <\/div> <!-- close group --> <\/div> <!-- close row --> <\/div><\/p>\n<p><p><strong>Bibliografia<\/strong><\/p><ul><div id=\"zotpress-a9a0766e1e5722f73d21c5b9b71b5ab1\" class=\"zp-Zotpress zp-Zotpress-Bib wp-block-group\">\n\n\t\t<span class=\"ZP_API_USER_ID ZP_ATTR\">1246567<\/span>\n\t\t<span class=\"ZP_ITEM_KEY ZP_ATTR\"><\/span>\n\t\t<span class=\"ZP_COLLECTION_ID ZP_ATTR\"><\/span>\n\t\t<span class=\"ZP_TAG_ID ZP_ATTR\">Thordisa azmanii<\/span>\n\t\t<span class=\"ZP_AUTHOR ZP_ATTR\"><\/span>\n\t\t<span class=\"ZP_YEAR ZP_ATTR\"><\/span>\n        <span class=\"ZP_ITEMTYPE ZP_ATTR\"><\/span>\n\t\t<span class=\"ZP_INCLUSIVE ZP_ATTR\">1<\/span>\n\t\t<span class=\"ZP_STYLE ZP_ATTR\">eunomia-revista-en-cultura-de-la-legalidad<\/span>\n\t\t<span class=\"ZP_LIMIT ZP_ATTR\">50<\/span>\n\t\t<span class=\"ZP_SORTBY ZP_ATTR\">creator<\/span>\n\t\t<span class=\"ZP_ORDER ZP_ATTR\">asc<\/span>\n\t\t<span class=\"ZP_TITLE ZP_ATTR\"><\/span>\n\t\t<span class=\"ZP_SHOWIMAGE ZP_ATTR\"><\/span>\n\t\t<span class=\"ZP_SHOWTAGS ZP_ATTR\"><\/span>\n\t\t<span class=\"ZP_DOWNLOADABLE ZP_ATTR\"><\/span>\n\t\t<span class=\"ZP_NOTES ZP_ATTR\"><\/span>\n\t\t<span class=\"ZP_ABSTRACT ZP_ATTR\"><\/span>\n\t\t<span class=\"ZP_CITEABLE ZP_ATTR\"><\/span>\n\t\t<span class=\"ZP_TARGET ZP_ATTR\">1<\/span>\n\t\t<span class=\"ZP_URLWRAP ZP_ATTR\"><\/span>\n\t\t<span class=\"ZP_FORCENUM ZP_ATTR\"><\/span>\n        <span class=\"ZP_HIGHLIGHT ZP_ATTR\"><\/span>\n        <span class=\"ZP_POSTID ZP_ATTR\">24885<\/span>\n\t\t<span class=\"ZOTPRESS_PLUGIN_URL ZP_ATTR\">https:\/\/opistobranquis.info\/wp-content\/plugins\/zotpress\/<\/span>\n\n\t\t<div class=\"zp-List loading\">\n\t\t\t<div class=\"zp-SEO-Content\">\n\n\t\t\t<\/div><!-- .zp-zp-SEO-Content -->\n\t\t<\/div><!-- .zp-List -->\n\t<\/div><!--.zp-Zotpress-->\n\n<p><\/p>Bibliografia basada en els treballs de <b>Steve Long, 2006<\/b>. <a target=_blank href=https:\/\/opistobranquis.info\/wp-content\/uploads\/2016\/06\/Long-S.-2006-Bibliography-of-Opisthobranchia-1554-2000.pdf>Bibliography of Opisthobranchia 1554-2000<\/a> i <b>Gary McDonald, 2009<\/b>. <a href=http:\/\/escholarship.org\/uc\/item\/8115h0wz>Bibliographia Nudibranchia<\/a>, amb actualitzacions posteriors procedents d\u00b4altres fonts.<p><\/p><\/ul><p><\/p><p><strong>M\u00e9s informaci\u00f3<\/strong><\/p><span style=\"font-size:10pt\"><ul><ul class=\"blogroll-links\"><li><a href=\"http:\/\/www.asturnatura.com\/especie\/thordisa-azmanii.html\">AsturNatura<\/a><\/li><li><a href=\"http:\/\/www.biodiversitylibrary.org\/name\/Thordisa%20azmanii\">Biodiversity Heritage Library<\/a><\/li><li><a href=\"https:\/\/litoraldegranada.ugr.es\/el-litoral\/el-litoral-sumergido\/fauna\/moluscos\/gasteropodos\/opistobranquios\/orden-nudibranchia\/doridaceos\/doridoideos\/thordisa-azmanii\/\">El Litoral de Granada<\/a><\/li><li><a href=\"https:\/\/www.flickr.com\/search\/?text=Thordisa%20azmanii\">Flickr pictures<\/a><\/li><li><a href=\"https:\/\/www.naturamediterraneo.com\/forum\/topic.asp?TOPIC_ID=130750\">Forum Natura Mediterraneo<\/a><\/li><li><a href=\"https:\/\/www.inaturalist.org\/taxa\/567255-Thordisa-azmanii\">iNaturalist<\/a><\/li><li><a href=\"http:\/\/www.irmng.org\/aphia.php?p=taxlist&#038;tName=Thordisa%20azmanii\">Interim Register of Marine and Nonmarine Genera<\/a><\/li><li><a href=\"http:\/\/www.ncbi.nlm.nih.gov\/Taxonomy\/Browser\/wwwtax.cgi?mode=Undef&#038;name=Thordisa%20azmanii&#038;lvl=0&#038;srchmode=1\">NCBI GenBank<\/a><\/li><li><a href=\"http:\/\/iobis.org\/mapper\/?taxon=Thordisa%20azmanii\">OBIS - Search by Taxon<\/a><\/li><li><a href=\"http:\/\/www.seaslugforum.net\/showall\/thorazma\">Sea Slug Forum<\/a><\/li><li><a href=\"http:\/\/www.marinespecies.org\/aphia.php?p=taxdetails&#038;id=139590\">World Register of Marine Species<\/a><\/li><\/ul><\/ul><\/span><p><strong>Citeu aquest article com: <\/strong><\/p><div style=\"display: block; background: #444444; padding: 10px 30px 10px 10px; border-radius: 5px; line-height: 18px;\"><p class=\"citacio\"><b>Ballesteros, M., Madrenas, E. &#38; Pontes, M.<\/b> (2025) <em>\"Thordisa azmanii\"<\/em> a <em>OPK-Opistobranquis<\/em>. Publicat: 04\/02\/2018. Accedit: 05\/09\/2026. Disponible a (<a href=https:\/\/opistobranquis.info\/ca\/?p=24885>https:\/\/opistobranquis.info\/ca\/?p=24885<\/a>)<\/p><p><\/p><\/div><p><\/p><\/p>","protected":false},"excerpt":{"rendered":"<p>Thordisa azmanii Cervera &amp; Garc\u00eda-G\u00f3mez, 1989 Nota taxon\u00f2mica:\u00a0Ortea &amp; Mart\u00ednez (1991) consideren que aquesta esp\u00e8cie \u00e9s la mateixa que Thordisa diuda Marcus, 1955 per\u00f2 aquesta proposta ha estat contradita per Cervera et al (2004) i per Alvim &amp; Diaz Pimenta (2013). Descripci\u00f3 El cos t\u00e9 forma ovalada i pot arribar a una longitud m\u00e0xima de 15mm. \u00c9s de color taronja a marr\u00f3 fosc, amb el dors convex i de textura\u2026<\/p>\n<p class=\"continue-reading-button\"> <a class=\"continue-reading-link\" href=\"https:\/\/opistobranquis.info\/ca\/guia\/nudibranchia\/doridina\/doridoidei\/doridoidea\/thordisa-azmanii\/\">Continua llegint<i class=\"crycon-right-dir\"><\/i><\/a><\/p>\n","protected":false},"author":291,"featured_media":46086,"parent":26109,"menu_order":43,"comment_status":"closed","ping_status":"closed","template":"","meta":{"footnotes":""},"class_list":["post-24885","page","type-page","status-publish","has-post-thumbnail","hentry"],"jetpack_sharing_enabled":true,"_links":{"self":[{"href":"https:\/\/opistobranquis.info\/ca\/wp-json\/wp\/v2\/pages\/24885","targetHints":{"allow":["GET"]}}],"collection":[{"href":"https:\/\/opistobranquis.info\/ca\/wp-json\/wp\/v2\/pages"}],"about":[{"href":"https:\/\/opistobranquis.info\/ca\/wp-json\/wp\/v2\/types\/page"}],"author":[{"embeddable":true,"href":"https:\/\/opistobranquis.info\/ca\/wp-json\/wp\/v2\/users\/291"}],"replies":[{"embeddable":true,"href":"https:\/\/opistobranquis.info\/ca\/wp-json\/wp\/v2\/comments?post=24885"}],"version-history":[{"count":12,"href":"https:\/\/opistobranquis.info\/ca\/wp-json\/wp\/v2\/pages\/24885\/revisions"}],"predecessor-version":[{"id":46087,"href":"https:\/\/opistobranquis.info\/ca\/wp-json\/wp\/v2\/pages\/24885\/revisions\/46087"}],"up":[{"embeddable":true,"href":"https:\/\/opistobranquis.info\/ca\/wp-json\/wp\/v2\/pages\/26109"}],"wp:featuredmedia":[{"embeddable":true,"href":"https:\/\/opistobranquis.info\/ca\/wp-json\/wp\/v2\/media\/46086"}],"wp:attachment":[{"href":"https:\/\/opistobranquis.info\/ca\/wp-json\/wp\/v2\/media?parent=24885"}],"curies":[{"name":"wp","href":"https:\/\/api.w.org\/{rel}","templated":true}]}}