{"id":25767,"date":"2018-02-17T05:32:55","date_gmt":"2018-02-17T04:32:55","guid":{"rendered":"https:\/\/opistobranquis.info\/?page_id=25767"},"modified":"2026-09-03T14:15:33","modified_gmt":"2026-09-03T12:15:33","slug":"tritonioidea","status":"publish","type":"page","link":"https:\/\/opistobranquis.info\/ca\/guia\/nudibranchia\/cladobranchia\/tritonioidea\/","title":{"rendered":"Tritonioidea"},"content":{"rendered":"<p>Tritonioidea \u00e9s una superfam\u00edlia de nudibranquis aeolidacis.<\/p>\n<span style=\"font-size:10pt;\" class=\"aligncenter\"><div id=\"featured-img-id\"><img data-recalc-dims=\"1\" decoding=\"async\" src=\"https:\/\/i0.wp.com\/opistobranquis.info\/wp-content\/uploads\/2013\/10\/Tritonia-striata-DSC_5413-by-Miquel-Pontes.jpg?w=900&#038;ssl=1\" alt=\"Candiella striata\" \/><\/div><center><em>Candiella striata<\/em> per Pontes, Miquel<\/center><\/span><p><\/p>\n<p>La classificaci\u00f3 actual dels Tritonioidea proposada per Bouchet et al.(2017) i acceptada per WoRMS \u00e9s:<\/p>\n<p><strong>Tritonioidea Lamarck, 1809<\/strong><\/p>\n<ul>\n<li>Tritoniidae Lamarck, 1809\n<ul>\n<li>Marioniinae F. V. Silva, Pola &amp; Cervera, 2023\n<ul>\n<li><em>Marionia<\/em>\u00a0Vayssi\u00e8re, 1877<\/li>\n<li><em>Marioniopsis<\/em>\u00a0Odhner, 1934<\/li>\n<li><em>Paratritonia<\/em>\u00a0Baba, 1949<\/li>\n<\/ul>\n<\/li>\n<li>Tritoniinae Lamarck, 1809\n<ul>\n<li><em>Candiella<\/em>\u00a0J. E. Gray, 1850<\/li>\n<li><em>Marianina<\/em>\u00a0Pruvot-Fol, 1931<\/li>\n<li><em>Myrella<\/em>\u00a0Odhner, 1963<\/li>\n<li><em>Tochuina<\/em>\u00a0Odhner, 1963<\/li>\n<li><em>Tritonia<\/em>\u00a0Cuvier, 1797<\/li>\n<li><em>Tritonicula<\/em>\u00a0Korshunova &amp; Martynov, 2020<\/li>\n<li><em>Tritonidoxa<\/em>\u00a0Bergh, 1907<\/li>\n<li><em>Tritoniella<\/em>\u00a0Eliot, 1907<\/li>\n<li><em>Tritoniopsis<\/em>\u00a0Eliot, 1905<\/li>\n<\/ul>\n<\/li>\n<\/ul>\n<\/li>\n<\/ul>\n<p><span style=\"font-family: Ubuntu;\">Els Tritonioidea de la Mediterr\u00e0nia i al voltant de la Pen\u00ednsula Ib\u00e8rica son:<\/span><\/p>\n\r\n    <div\r\n        class=\"autonav-grid autonav-columns-3\"\r\n    >\r\n\r\n        \r\n            \r\n            <article class=\"autonav-card\">\r\n\r\n                <a href=\"https:\/\/opistobranquis.info\/ca\/guia\/nudibranchia\/cladobranchia\/tritonioidea\/candiella-cincta\/\">\r\n\r\n                    \r\n                        <div class=\"autonav-image\">\r\n\r\n                            <img decoding=\"async\" width=\"810\" height=\"543\" src=\"https:\/\/i0.wp.com\/opistobranquis.info\/wp-content\/uploads\/2023\/07\/Tritoniopsis-cincta-14.jpg?fit=810%2C543&amp;ssl=1\" class=\"autonav-thumb\" alt=\"Candiella cincta @ L&#039;Escala by Enric Madrenas\" loading=\"lazy\" srcset=\"https:\/\/i0.wp.com\/opistobranquis.info\/wp-content\/uploads\/2023\/07\/Tritoniopsis-cincta-14.jpg?w=810&amp;ssl=1 810w, https:\/\/i0.wp.com\/opistobranquis.info\/wp-content\/uploads\/2023\/07\/Tritoniopsis-cincta-14.jpg?resize=300%2C201&amp;ssl=1 300w, https:\/\/i0.wp.com\/opistobranquis.info\/wp-content\/uploads\/2023\/07\/Tritoniopsis-cincta-14.jpg?resize=150%2C101&amp;ssl=1 150w\" sizes=\"auto, (max-width: 810px) 100vw, 810px\" data-attachment-id=\"41137\" data-permalink=\"https:\/\/opistobranquis.info\/ca\/guia\/nudibranchia\/cladobranchia\/tritonioidea\/candiella-cincta\/tritoniopsis-cincta-14\/\" data-orig-file=\"https:\/\/i0.wp.com\/opistobranquis.info\/wp-content\/uploads\/2023\/07\/Tritoniopsis-cincta-14.jpg?fit=810%2C543&amp;ssl=1\" data-orig-size=\"810,543\" data-comments-opened=\"0\" data-image-title=\"Candiella cincta @ L&amp;#8217;Escala by Enric Madrenas\" data-image-description=\"&lt;p&gt;Candiella cincta @ L&amp;#8217;Escala by Enric Madrenas&lt;\/p&gt;\n\" data-image-caption=\"&lt;p&gt;Candiella cincta @ L&amp;#8217;Escala&lt;\/p&gt;\n\" data-large-file=\"https:\/\/i0.wp.com\/opistobranquis.info\/wp-content\/uploads\/2023\/07\/Tritoniopsis-cincta-14.jpg?fit=810%2C543&amp;ssl=1\" \/>\r\n                        <\/div>\r\n\r\n                    \r\n                    <div class=\"autonav-content\">\r\n\r\n                        <h3>\r\n                            Candiella cincta                        <\/h3>\r\n\r\n                    <\/div>\r\n\r\n                <\/a>\r\n\r\n            <\/article>\r\n\r\n        \r\n            \r\n            <article class=\"autonav-card\">\r\n\r\n                <a href=\"https:\/\/opistobranquis.info\/ca\/guia\/nudibranchia\/cladobranchia\/tritonioidea\/candiella-coralliumrubri\/\">\r\n\r\n                    \r\n                        <div class=\"autonav-image\">\r\n\r\n                            <img decoding=\"async\" width=\"800\" height=\"533\" src=\"https:\/\/i0.wp.com\/opistobranquis.info\/wp-content\/uploads\/2015\/04\/Tritonia_coralliumrubri_3.jpg?fit=800%2C533&amp;ssl=1\" class=\"autonav-thumb\" alt=\"Candiella coralliumrubri by Egidio Trainito\" loading=\"lazy\" srcset=\"https:\/\/i0.wp.com\/opistobranquis.info\/wp-content\/uploads\/2015\/04\/Tritonia_coralliumrubri_3.jpg?w=800&amp;ssl=1 800w, https:\/\/i0.wp.com\/opistobranquis.info\/wp-content\/uploads\/2015\/04\/Tritonia_coralliumrubri_3.jpg?resize=150%2C100&amp;ssl=1 150w, https:\/\/i0.wp.com\/opistobranquis.info\/wp-content\/uploads\/2015\/04\/Tritonia_coralliumrubri_3.jpg?resize=300%2C200&amp;ssl=1 300w\" sizes=\"auto, (max-width: 800px) 100vw, 800px\" data-attachment-id=\"19061\" data-permalink=\"https:\/\/opistobranquis.info\/ca\/guia\/nudibranchia\/cladobranchia\/tritonioidea\/candiella-coralliumrubri\/tritonia_coralliumrubri_3\/\" data-orig-file=\"https:\/\/i0.wp.com\/opistobranquis.info\/wp-content\/uploads\/2015\/04\/Tritonia_coralliumrubri_3.jpg?fit=800%2C533&amp;ssl=1\" data-orig-size=\"800,533\" data-comments-opened=\"0\" data-image-title=\"Candiella coralliumrubri by Egidio Trainito\" data-image-description=\"&lt;p&gt;Candiella coralliumrubri by Egidio Trainito&lt;\/p&gt;\n\" data-image-caption=\"&lt;p&gt;Candiella coralliumrubri &lt;\/p&gt;\n\" data-large-file=\"https:\/\/i0.wp.com\/opistobranquis.info\/wp-content\/uploads\/2015\/04\/Tritonia_coralliumrubri_3.jpg?fit=800%2C533&amp;ssl=1\" \/>\r\n                        <\/div>\r\n\r\n                    \r\n                    <div class=\"autonav-content\">\r\n\r\n                        <h3>\r\n                            Candiella coralliumrubri                        <\/h3>\r\n\r\n                    <\/div>\r\n\r\n                <\/a>\r\n\r\n            <\/article>\r\n\r\n        \r\n            \r\n            <article class=\"autonav-card\">\r\n\r\n                <a href=\"https:\/\/opistobranquis.info\/ca\/guia\/nudibranchia\/cladobranchia\/tritonioidea\/candiella-lineata\/\">\r\n\r\n                    \r\n                        <div class=\"autonav-image\">\r\n\r\n                            <img decoding=\"async\" width=\"890\" height=\"668\" src=\"https:\/\/i0.wp.com\/opistobranquis.info\/wp-content\/uploads\/2021\/01\/Duvaucelia-lineata-14-%40-Eagle-Rock-Garvellachs-Scotland-by-Jim-Anderson.jpg?fit=890%2C668&amp;ssl=1\" class=\"autonav-thumb\" alt=\"Candiella lineata @ Eagle Rock, Garvellachs, Scotland by Jim Anderson\" loading=\"lazy\" data-attachment-id=\"31295\" data-permalink=\"https:\/\/opistobranquis.info\/ca\/guia\/nudibranchia\/cladobranchia\/tritonioidea\/candiella-lineata\/sony-dsc-4\/\" data-orig-file=\"https:\/\/i0.wp.com\/opistobranquis.info\/wp-content\/uploads\/2021\/01\/Duvaucelia-lineata-14-%40-Eagle-Rock-Garvellachs-Scotland-by-Jim-Anderson.jpg?fit=890%2C668&amp;ssl=1\" data-orig-size=\"890,668\" data-comments-opened=\"0\" data-image-title=\"Candiella lineata @ Eagle Rock, Garvellachs, Scotland by Jim Anderson\" data-image-description=\"&lt;p&gt;Candiella lineata @ Eagle Rock, Garvellachs, Scotland by Jim Anderson&lt;\/p&gt;\n\" data-image-caption=\"&lt;p&gt;Candiella lineata @ Eagle Rock, Garvellachs, Scotland&lt;\/p&gt;\n\" data-large-file=\"https:\/\/i0.wp.com\/opistobranquis.info\/wp-content\/uploads\/2021\/01\/Duvaucelia-lineata-14-%40-Eagle-Rock-Garvellachs-Scotland-by-Jim-Anderson.jpg?fit=890%2C668&amp;ssl=1\" \/>\r\n                        <\/div>\r\n\r\n                    \r\n                    <div class=\"autonav-content\">\r\n\r\n                        <h3>\r\n                            Candiella lineata                        <\/h3>\r\n\r\n                    <\/div>\r\n\r\n                <\/a>\r\n\r\n            <\/article>\r\n\r\n        \r\n            \r\n            <article class=\"autonav-card\">\r\n\r\n                <a href=\"https:\/\/opistobranquis.info\/ca\/guia\/nudibranchia\/cladobranchia\/tritonioidea\/candiella-manicata\/\">\r\n\r\n                    \r\n                        <div class=\"autonav-image\">\r\n\r\n                            <img decoding=\"async\" width=\"900\" height=\"602\" src=\"https:\/\/i0.wp.com\/opistobranquis.info\/wp-content\/uploads\/2024\/08\/Candiella-manicata-242.jpg?fit=900%2C602&amp;ssl=1\" class=\"autonav-thumb\" alt=\"Candiella manicata @ L&#039;Escala by Enric Madrenas\" loading=\"lazy\" srcset=\"https:\/\/i0.wp.com\/opistobranquis.info\/wp-content\/uploads\/2024\/08\/Candiella-manicata-242.jpg?w=1290&amp;ssl=1 1290w, https:\/\/i0.wp.com\/opistobranquis.info\/wp-content\/uploads\/2024\/08\/Candiella-manicata-242.jpg?resize=300%2C201&amp;ssl=1 300w, https:\/\/i0.wp.com\/opistobranquis.info\/wp-content\/uploads\/2024\/08\/Candiella-manicata-242.jpg?resize=1024%2C685&amp;ssl=1 1024w, https:\/\/i0.wp.com\/opistobranquis.info\/wp-content\/uploads\/2024\/08\/Candiella-manicata-242.jpg?resize=150%2C100&amp;ssl=1 150w\" sizes=\"auto, (max-width: 900px) 100vw, 900px\" data-attachment-id=\"44811\" data-permalink=\"https:\/\/opistobranquis.info\/ca\/guia\/nudibranchia\/cladobranchia\/tritonioidea\/candiella-manicata\/candiella-manicata-242\/\" data-orig-file=\"https:\/\/i0.wp.com\/opistobranquis.info\/wp-content\/uploads\/2024\/08\/Candiella-manicata-242.jpg?fit=1290%2C863&amp;ssl=1\" data-orig-size=\"1290,863\" data-comments-opened=\"0\" data-image-title=\"Candiella manicata @ L&amp;#8217;Escala by Enric Madrenas\" data-image-description=\"&lt;p&gt;Candiella manicata @ L&amp;#8217;Escala by Enric Madrenas&lt;\/p&gt;\n\" data-image-caption=\"\" data-large-file=\"https:\/\/i0.wp.com\/opistobranquis.info\/wp-content\/uploads\/2024\/08\/Candiella-manicata-242.jpg?fit=900%2C602&amp;ssl=1\" \/>\r\n                        <\/div>\r\n\r\n                    \r\n                    <div class=\"autonav-content\">\r\n\r\n                        <h3>\r\n                            Candiella manicata                        <\/h3>\r\n\r\n                    <\/div>\r\n\r\n                <\/a>\r\n\r\n            <\/article>\r\n\r\n        \r\n            \r\n            <article class=\"autonav-card\">\r\n\r\n                <a href=\"https:\/\/opistobranquis.info\/ca\/guia\/nudibranchia\/cladobranchia\/tritonioidea\/candiella-odhneri\/\">\r\n\r\n                    \r\n                        <div class=\"autonav-image\">\r\n\r\n                            <img decoding=\"async\" width=\"900\" height=\"602\" src=\"https:\/\/i0.wp.com\/opistobranquis.info\/wp-content\/uploads\/2020\/09\/Tritonia-nilsodhneri-61.jpg?fit=900%2C602&amp;ssl=1\" class=\"autonav-thumb\" alt=\"Candiella odhneri by Enric Madrenas\" loading=\"lazy\" srcset=\"https:\/\/i0.wp.com\/opistobranquis.info\/wp-content\/uploads\/2020\/09\/Tritonia-nilsodhneri-61.jpg?w=1034&amp;ssl=1 1034w, https:\/\/i0.wp.com\/opistobranquis.info\/wp-content\/uploads\/2020\/09\/Tritonia-nilsodhneri-61.jpg?resize=300%2C201&amp;ssl=1 300w, https:\/\/i0.wp.com\/opistobranquis.info\/wp-content\/uploads\/2020\/09\/Tritonia-nilsodhneri-61.jpg?resize=1024%2C685&amp;ssl=1 1024w, https:\/\/i0.wp.com\/opistobranquis.info\/wp-content\/uploads\/2020\/09\/Tritonia-nilsodhneri-61.jpg?resize=150%2C100&amp;ssl=1 150w\" sizes=\"auto, (max-width: 900px) 100vw, 900px\" data-attachment-id=\"30609\" data-permalink=\"https:\/\/opistobranquis.info\/ca\/guia\/nudibranchia\/cladobranchia\/tritonioidea\/candiella-odhneri\/tritonia-nilsodhneri-61\/\" data-orig-file=\"https:\/\/i0.wp.com\/opistobranquis.info\/wp-content\/uploads\/2020\/09\/Tritonia-nilsodhneri-61.jpg?fit=1034%2C692&amp;ssl=1\" data-orig-size=\"1034,692\" data-comments-opened=\"0\" data-image-title=\"Candiella odhneri by Enric Madrenas\" data-image-description=\"&lt;p&gt;Candiella odhneri by Enric Madrenas&lt;\/p&gt;\n\" data-image-caption=\"&lt;p&gt;Candiella odhneri&lt;\/p&gt;\n\" data-large-file=\"https:\/\/i0.wp.com\/opistobranquis.info\/wp-content\/uploads\/2020\/09\/Tritonia-nilsodhneri-61.jpg?fit=900%2C602&amp;ssl=1\" \/>\r\n                        <\/div>\r\n\r\n                    \r\n                    <div class=\"autonav-content\">\r\n\r\n                        <h3>\r\n                            Candiella odhneri                        <\/h3>\r\n\r\n                    <\/div>\r\n\r\n                <\/a>\r\n\r\n            <\/article>\r\n\r\n        \r\n            \r\n            <article class=\"autonav-card\">\r\n\r\n                <a href=\"https:\/\/opistobranquis.info\/ca\/guia\/nudibranchia\/cladobranchia\/tritonioidea\/candiella-plebeia\/\">\r\n\r\n                    \r\n                        <div class=\"autonav-image\">\r\n\r\n                            <img decoding=\"async\" width=\"800\" height=\"600\" src=\"https:\/\/i0.wp.com\/opistobranquis.info\/wp-content\/uploads\/2013\/10\/Tritonia-plebeia-Photograph-%C2%A9Bernard-Picton.jpg?fit=800%2C600&amp;ssl=1\" class=\"autonav-thumb\" alt=\"Candiella plebeia by Bernard Picton\" loading=\"lazy\" data-attachment-id=\"16355\" data-permalink=\"https:\/\/opistobranquis.info\/ca\/guia\/nudibranchia\/cladobranchia\/tritonioidea\/candiella-plebeia\/tritonia-plebeia-photograph-bernard-picton\/\" data-orig-file=\"https:\/\/i0.wp.com\/opistobranquis.info\/wp-content\/uploads\/2013\/10\/Tritonia-plebeia-Photograph-%C2%A9Bernard-Picton.jpg?fit=800%2C600&amp;ssl=1\" data-orig-size=\"800,600\" data-comments-opened=\"0\" data-image-title=\"Candiella plebeia by Bernard Picton\" data-image-description=\"&lt;p&gt;Candiella plebeia by Bernard Picton&lt;\/p&gt;\n\" data-image-caption=\"&lt;p&gt;Candiella plebeia&lt;\/p&gt;\n\" data-large-file=\"https:\/\/i0.wp.com\/opistobranquis.info\/wp-content\/uploads\/2013\/10\/Tritonia-plebeia-Photograph-%C2%A9Bernard-Picton.jpg?fit=800%2C600&amp;ssl=1\" \/>\r\n                        <\/div>\r\n\r\n                    \r\n                    <div class=\"autonav-content\">\r\n\r\n                        <h3>\r\n                            Candiella plebeia                        <\/h3>\r\n\r\n                    <\/div>\r\n\r\n                <\/a>\r\n\r\n            <\/article>\r\n\r\n        \r\n            \r\n            <article class=\"autonav-card\">\r\n\r\n                <a href=\"https:\/\/opistobranquis.info\/ca\/guia\/nudibranchia\/cladobranchia\/tritonioidea\/candiella-striata\/\">\r\n\r\n                    \r\n                        <div class=\"autonav-image\">\r\n\r\n                            <img decoding=\"async\" width=\"650\" height=\"438\" src=\"https:\/\/i0.wp.com\/opistobranquis.info\/wp-content\/uploads\/2012\/12\/tritonia-striata-21.jpg?fit=650%2C438&amp;ssl=1\" class=\"autonav-thumb\" alt=\"Candiella striata by Enric Madrenas\" loading=\"lazy\" srcset=\"https:\/\/i0.wp.com\/opistobranquis.info\/wp-content\/uploads\/2012\/12\/tritonia-striata-21.jpg?w=650&amp;ssl=1 650w, https:\/\/i0.wp.com\/opistobranquis.info\/wp-content\/uploads\/2012\/12\/tritonia-striata-21.jpg?resize=300%2C202&amp;ssl=1 300w\" sizes=\"auto, (max-width: 650px) 100vw, 650px\" data-attachment-id=\"4924\" data-permalink=\"https:\/\/opistobranquis.info\/ca\/guia\/nudibranchia\/cladobranchia\/tritonioidea\/candiella-striata\/tritonia-striata-21\/\" data-orig-file=\"https:\/\/i0.wp.com\/opistobranquis.info\/wp-content\/uploads\/2012\/12\/tritonia-striata-21.jpg?fit=650%2C438&amp;ssl=1\" data-orig-size=\"650,438\" data-comments-opened=\"0\" data-image-title=\"Candiella striata by Enric Madrenas\" data-image-description=\"&lt;p&gt;Candiella striata by Enric Madrenas&lt;\/p&gt;\n\" data-image-caption=\"&lt;p&gt;Candiella striata&lt;\/p&gt;\n\" data-large-file=\"https:\/\/i0.wp.com\/opistobranquis.info\/wp-content\/uploads\/2012\/12\/tritonia-striata-21.jpg?fit=650%2C438&amp;ssl=1\" \/>\r\n                        <\/div>\r\n\r\n                    \r\n                    <div class=\"autonav-content\">\r\n\r\n                        <h3>\r\n                            Candiella striata                        <\/h3>\r\n\r\n                    <\/div>\r\n\r\n                <\/a>\r\n\r\n            <\/article>\r\n\r\n        \r\n            \r\n            <article class=\"autonav-card\">\r\n\r\n                <a href=\"https:\/\/opistobranquis.info\/ca\/guia\/nudibranchia\/cladobranchia\/tritonioidea\/candiella-taliartensis\/\">\r\n\r\n                    \r\n                        <div class=\"autonav-image\">\r\n\r\n                            <img decoding=\"async\" width=\"900\" height=\"599\" src=\"https:\/\/i0.wp.com\/opistobranquis.info\/wp-content\/uploads\/2021\/01\/Tritonia-taliartensis-by-Ortea-et-al-2009.jpg?fit=900%2C599&amp;ssl=1\" class=\"autonav-thumb\" alt=\"Candiella taliartensis by Ortea et al (2009)\" loading=\"lazy\" srcset=\"https:\/\/i0.wp.com\/opistobranquis.info\/wp-content\/uploads\/2021\/01\/Tritonia-taliartensis-by-Ortea-et-al-2009.jpg?w=949&amp;ssl=1 949w, https:\/\/i0.wp.com\/opistobranquis.info\/wp-content\/uploads\/2021\/01\/Tritonia-taliartensis-by-Ortea-et-al-2009.jpg?resize=300%2C200&amp;ssl=1 300w, https:\/\/i0.wp.com\/opistobranquis.info\/wp-content\/uploads\/2021\/01\/Tritonia-taliartensis-by-Ortea-et-al-2009.jpg?resize=150%2C100&amp;ssl=1 150w\" sizes=\"auto, (max-width: 900px) 100vw, 900px\" data-attachment-id=\"31289\" data-permalink=\"https:\/\/opistobranquis.info\/ca\/guia\/nudibranchia\/cladobranchia\/tritonioidea\/candiella-taliartensis\/tritonia-taliartensis-by-ortea-et-al-2009\/\" data-orig-file=\"https:\/\/i0.wp.com\/opistobranquis.info\/wp-content\/uploads\/2021\/01\/Tritonia-taliartensis-by-Ortea-et-al-2009.jpg?fit=949%2C632&amp;ssl=1\" data-orig-size=\"949,632\" data-comments-opened=\"0\" data-image-title=\"Candiella taliartensis by Ortea et al (2009)\" data-image-description=\"&lt;p&gt;Candiella taliartensis by Ortea et al (2009)&lt;\/p&gt;\n\" data-image-caption=\"&lt;p&gt;Candiella taliartensis&lt;\/p&gt;\n\" data-large-file=\"https:\/\/i0.wp.com\/opistobranquis.info\/wp-content\/uploads\/2021\/01\/Tritonia-taliartensis-by-Ortea-et-al-2009.jpg?fit=900%2C599&amp;ssl=1\" \/>\r\n                        <\/div>\r\n\r\n                    \r\n                    <div class=\"autonav-content\">\r\n\r\n                        <h3>\r\n                            Candiella taliartensis                        <\/h3>\r\n\r\n                    <\/div>\r\n\r\n                <\/a>\r\n\r\n            <\/article>\r\n\r\n        \r\n            \r\n            <article class=\"autonav-card\">\r\n\r\n                <a href=\"https:\/\/opistobranquis.info\/ca\/guia\/nudibranchia\/cladobranchia\/tritonioidea\/marionia-blainvillea\/\">\r\n\r\n                    \r\n                        <div class=\"autonav-image\">\r\n\r\n                            <img decoding=\"async\" width=\"900\" height=\"600\" src=\"https:\/\/i0.wp.com\/opistobranquis.info\/wp-content\/uploads\/2012\/05\/th_MPG_7092.jpg?fit=900%2C600&amp;ssl=1\" class=\"autonav-thumb\" alt=\"Marionia blainvillea @ Port de la Selva 26\/10\/2013 by Miquel Pontes\" loading=\"lazy\" srcset=\"https:\/\/i0.wp.com\/opistobranquis.info\/wp-content\/uploads\/2012\/05\/th_MPG_7092.jpg?w=1024&amp;ssl=1 1024w, https:\/\/i0.wp.com\/opistobranquis.info\/wp-content\/uploads\/2012\/05\/th_MPG_7092.jpg?resize=150%2C100&amp;ssl=1 150w, https:\/\/i0.wp.com\/opistobranquis.info\/wp-content\/uploads\/2012\/05\/th_MPG_7092.jpg?resize=300%2C200&amp;ssl=1 300w\" sizes=\"auto, (max-width: 900px) 100vw, 900px\" data-attachment-id=\"18133\" data-permalink=\"https:\/\/opistobranquis.info\/ca\/guia\/nudibranchia\/cladobranchia\/tritonioidea\/marionia-blainvillea\/th_mpg_7092\/\" data-orig-file=\"https:\/\/i0.wp.com\/opistobranquis.info\/wp-content\/uploads\/2012\/05\/th_MPG_7092.jpg?fit=1024%2C683&amp;ssl=1\" data-orig-size=\"1024,683\" data-comments-opened=\"0\" data-image-title=\"Marionia blainvillea @ Port de la Selva 26\/10\/2013 by Miquel Pontes\" data-image-description=\"&lt;p&gt;Marionia blainvillea @ Port de la Selva 26\/10\/2013 by Miquel Pontes&lt;\/p&gt;\n\" data-image-caption=\"&lt;p&gt;Marionia blainvillea @ Port de la Selva 26\/10\/2013&lt;\/p&gt;\n\" data-large-file=\"https:\/\/i0.wp.com\/opistobranquis.info\/wp-content\/uploads\/2012\/05\/th_MPG_7092.jpg?fit=900%2C600&amp;ssl=1\" \/>\r\n                        <\/div>\r\n\r\n                    \r\n                    <div class=\"autonav-content\">\r\n\r\n                        <h3>\r\n                            Marionia blainvillea                        <\/h3>\r\n\r\n                    <\/div>\r\n\r\n                <\/a>\r\n\r\n            <\/article>\r\n\r\n        \r\n            \r\n            <article class=\"autonav-card\">\r\n\r\n                <a href=\"https:\/\/opistobranquis.info\/ca\/guia\/nudibranchia\/cladobranchia\/tritonioidea\/marionia-gemmii\/\">\r\n\r\n                    \r\n                        <div class=\"autonav-image\">\r\n\r\n                            <img decoding=\"async\" width=\"900\" height=\"599\" src=\"https:\/\/i0.wp.com\/opistobranquis.info\/wp-content\/uploads\/2019\/01\/M_gemmii-1.jpg?fit=900%2C599&amp;ssl=1\" class=\"autonav-thumb\" alt=\"Marionia gemmii @ Ria de Arousa, Galicia, Spain by Jacinto P\u00e9rez Dieste (GEMM)\" loading=\"lazy\" srcset=\"https:\/\/i0.wp.com\/opistobranquis.info\/wp-content\/uploads\/2019\/01\/M_gemmii-1.jpg?w=1280&amp;ssl=1 1280w, https:\/\/i0.wp.com\/opistobranquis.info\/wp-content\/uploads\/2019\/01\/M_gemmii-1.jpg?resize=150%2C100&amp;ssl=1 150w, https:\/\/i0.wp.com\/opistobranquis.info\/wp-content\/uploads\/2019\/01\/M_gemmii-1.jpg?resize=300%2C200&amp;ssl=1 300w, https:\/\/i0.wp.com\/opistobranquis.info\/wp-content\/uploads\/2019\/01\/M_gemmii-1.jpg?resize=1024%2C682&amp;ssl=1 1024w\" sizes=\"auto, (max-width: 900px) 100vw, 900px\" data-attachment-id=\"27943\" data-permalink=\"https:\/\/opistobranquis.info\/ca\/guia\/nudibranchia\/cladobranchia\/tritonioidea\/marionia-gemmii\/m_gemmii-1\/\" data-orig-file=\"https:\/\/i0.wp.com\/opistobranquis.info\/wp-content\/uploads\/2019\/01\/M_gemmii-1.jpg?fit=1280%2C853&amp;ssl=1\" data-orig-size=\"1280,853\" data-comments-opened=\"0\" data-image-title=\"Marionia gemmii @ Ria de Arousa, Galicia, Spain by Jacinto P\u00e9rez Dieste (GEMM)\" data-image-description=\"&lt;p&gt;Marionia gemmii @ Ria de Arousa, Galicia, Spain by Jacinto P\u00e9rez Dieste (GEMM)&lt;\/p&gt;\n\" data-image-caption=\"&lt;p&gt;Marionia gemmii @ Ria de Arousa, Galicia, Spain&lt;\/p&gt;\n\" data-large-file=\"https:\/\/i0.wp.com\/opistobranquis.info\/wp-content\/uploads\/2019\/01\/M_gemmii-1.jpg?fit=900%2C599&amp;ssl=1\" \/>\r\n                        <\/div>\r\n\r\n                    \r\n                    <div class=\"autonav-content\">\r\n\r\n                        <h3>\r\n                            Marionia gemmii                        <\/h3>\r\n\r\n                    <\/div>\r\n\r\n                <\/a>\r\n\r\n            <\/article>\r\n\r\n        \r\n            \r\n            <article class=\"autonav-card\">\r\n\r\n                <a href=\"https:\/\/opistobranquis.info\/ca\/guia\/nudibranchia\/cladobranchia\/tritonioidea\/tritonia-callogorgiae\/\">\r\n\r\n                    \r\n                        <div class=\"autonav-image\">\r\n\r\n                            <img decoding=\"async\" width=\"900\" height=\"600\" src=\"https:\/\/i0.wp.com\/opistobranquis.info\/wp-content\/uploads\/2020\/11\/Tritonia-callogorgiae-by-Flavio-Oliva.jpg?fit=900%2C600&amp;ssl=1\" class=\"autonav-thumb\" alt=\"Tritonia callogorgiae by Flavio Oliva\" loading=\"lazy\" srcset=\"https:\/\/i0.wp.com\/opistobranquis.info\/wp-content\/uploads\/2020\/11\/Tritonia-callogorgiae-by-Flavio-Oliva.jpg?w=1308&amp;ssl=1 1308w, https:\/\/i0.wp.com\/opistobranquis.info\/wp-content\/uploads\/2020\/11\/Tritonia-callogorgiae-by-Flavio-Oliva.jpg?resize=300%2C200&amp;ssl=1 300w, https:\/\/i0.wp.com\/opistobranquis.info\/wp-content\/uploads\/2020\/11\/Tritonia-callogorgiae-by-Flavio-Oliva.jpg?resize=1024%2C683&amp;ssl=1 1024w, https:\/\/i0.wp.com\/opistobranquis.info\/wp-content\/uploads\/2020\/11\/Tritonia-callogorgiae-by-Flavio-Oliva.jpg?resize=150%2C100&amp;ssl=1 150w\" sizes=\"auto, (max-width: 900px) 100vw, 900px\" data-attachment-id=\"30765\" data-permalink=\"https:\/\/opistobranquis.info\/ca\/guia\/nudibranchia\/cladobranchia\/tritonioidea\/tritonia-callogorgiae\/tritonia-callogorgiae-by-flavio-oliva\/\" data-orig-file=\"https:\/\/i0.wp.com\/opistobranquis.info\/wp-content\/uploads\/2020\/11\/Tritonia-callogorgiae-by-Flavio-Oliva.jpg?fit=1308%2C872&amp;ssl=1\" data-orig-size=\"1308,872\" data-comments-opened=\"0\" data-image-title=\"Tritonia callogorgiae by Flavio Oliva\" data-image-description=\"&lt;p&gt;Tritonia callogorgiae by Flavio Oliva&lt;\/p&gt;\n\" data-image-caption=\"&lt;p&gt;Tritonia callogorgiae&lt;\/p&gt;\n\" data-large-file=\"https:\/\/i0.wp.com\/opistobranquis.info\/wp-content\/uploads\/2020\/11\/Tritonia-callogorgiae-by-Flavio-Oliva.jpg?fit=900%2C600&amp;ssl=1\" \/>\r\n                        <\/div>\r\n\r\n                    \r\n                    <div class=\"autonav-content\">\r\n\r\n                        <h3>\r\n                            Tritonia callogorgiae                        <\/h3>\r\n\r\n                    <\/div>\r\n\r\n                <\/a>\r\n\r\n            <\/article>\r\n\r\n        \r\n            \r\n            <article class=\"autonav-card\">\r\n\r\n                <a href=\"https:\/\/opistobranquis.info\/ca\/guia\/nudibranchia\/cladobranchia\/tritonioidea\/tritonia-hombergii\/\">\r\n\r\n                    \r\n                        <div class=\"autonav-image\">\r\n\r\n                            <img decoding=\"async\" width=\"890\" height=\"668\" src=\"https:\/\/i0.wp.com\/opistobranquis.info\/wp-content\/uploads\/2013\/10\/Tritonia-hombergii-85mm-%40-West-Hurker-St.-Abbs-Head-Scotland-4-08-2007-13m-by-Jim-Anderson.jpg?fit=890%2C668&amp;ssl=1\" class=\"autonav-thumb\" alt=\"Tritonia hombergii 85mm @ West Hurker, St. Abbs Head, Scotland, 4-08-2007 13m by Jim Anderson\" loading=\"lazy\" data-attachment-id=\"21083\" data-permalink=\"https:\/\/opistobranquis.info\/ca\/guia\/nudibranchia\/cladobranchia\/tritonioidea\/tritonia-hombergii\/tritonia-hombergii-85mm-west-hurker-st-abbs-head-scotland-4-08-2007-13m-by-jim-anderson\/\" data-orig-file=\"https:\/\/i0.wp.com\/opistobranquis.info\/wp-content\/uploads\/2013\/10\/Tritonia-hombergii-85mm-%40-West-Hurker-St.-Abbs-Head-Scotland-4-08-2007-13m-by-Jim-Anderson.jpg?fit=890%2C668&amp;ssl=1\" data-orig-size=\"890,668\" data-comments-opened=\"0\" data-image-title=\"Tritonia hombergii 85mm @ West Hurker, St. Abbs Head, Scotland, 4-08-2007 13m by Jim Anderson\" data-image-description=\"&lt;p&gt;Tritonia hombergii 85mm @ West Hurker, St. Abbs Head, Scotland, 4-08-2007 13m by Jim Anderson&lt;\/p&gt;\n\" data-image-caption=\"&lt;p&gt;Tritonia hombergii 85mm @ West Hurker, St. Abbs Head, Scotland&lt;br \/&gt;on 4-08-2007 in 13 metres&lt;\/p&gt;\n\" data-large-file=\"https:\/\/i0.wp.com\/opistobranquis.info\/wp-content\/uploads\/2013\/10\/Tritonia-hombergii-85mm-%40-West-Hurker-St.-Abbs-Head-Scotland-4-08-2007-13m-by-Jim-Anderson.jpg?fit=890%2C668&amp;ssl=1\" \/>\r\n                        <\/div>\r\n\r\n                    \r\n                    <div class=\"autonav-content\">\r\n\r\n                        <h3>\r\n                            Tritonia hombergii                        <\/h3>\r\n\r\n                    <\/div>\r\n\r\n                <\/a>\r\n\r\n            <\/article>\r\n\r\n        \r\n    <\/div>\r\n\r\n    \n<p><p><strong>Bibliografia<\/strong><\/p><ul><div id=\"zotpress-a974c74732b5a26538dce3dafe95c036\" class=\"zp-Zotpress zp-Zotpress-Bib wp-block-group\">\n\n\t\t<span class=\"ZP_API_USER_ID ZP_ATTR\">1246567<\/span>\n\t\t<span class=\"ZP_ITEM_KEY ZP_ATTR\"><\/span>\n\t\t<span class=\"ZP_COLLECTION_ID ZP_ATTR\"><\/span>\n\t\t<span class=\"ZP_TAG_ID ZP_ATTR\">Tritonioidea<\/span>\n\t\t<span class=\"ZP_AUTHOR ZP_ATTR\"><\/span>\n\t\t<span class=\"ZP_YEAR ZP_ATTR\"><\/span>\n        <span class=\"ZP_ITEMTYPE ZP_ATTR\"><\/span>\n\t\t<span class=\"ZP_INCLUSIVE ZP_ATTR\">1<\/span>\n\t\t<span class=\"ZP_STYLE ZP_ATTR\">eunomia-revista-en-cultura-de-la-legalidad<\/span>\n\t\t<span class=\"ZP_LIMIT ZP_ATTR\">50<\/span>\n\t\t<span class=\"ZP_SORTBY ZP_ATTR\">creator<\/span>\n\t\t<span class=\"ZP_ORDER ZP_ATTR\">asc<\/span>\n\t\t<span class=\"ZP_TITLE ZP_ATTR\"><\/span>\n\t\t<span class=\"ZP_SHOWIMAGE ZP_ATTR\"><\/span>\n\t\t<span class=\"ZP_SHOWTAGS ZP_ATTR\"><\/span>\n\t\t<span class=\"ZP_DOWNLOADABLE ZP_ATTR\"><\/span>\n\t\t<span class=\"ZP_NOTES ZP_ATTR\"><\/span>\n\t\t<span class=\"ZP_ABSTRACT ZP_ATTR\"><\/span>\n\t\t<span class=\"ZP_CITEABLE ZP_ATTR\"><\/span>\n\t\t<span class=\"ZP_TARGET ZP_ATTR\">1<\/span>\n\t\t<span class=\"ZP_URLWRAP ZP_ATTR\"><\/span>\n\t\t<span class=\"ZP_FORCENUM ZP_ATTR\"><\/span>\n        <span class=\"ZP_HIGHLIGHT ZP_ATTR\"><\/span>\n        <span class=\"ZP_POSTID ZP_ATTR\">25767<\/span>\n\t\t<span class=\"ZOTPRESS_PLUGIN_URL ZP_ATTR\">https:\/\/opistobranquis.info\/wp-content\/plugins\/zotpress\/<\/span>\n\n\t\t<div class=\"zp-List loading\">\n\t\t\t<div class=\"zp-SEO-Content\">\n\n\t\t\t<\/div><!-- .zp-zp-SEO-Content -->\n\t\t<\/div><!-- .zp-List -->\n\t<\/div><!--.zp-Zotpress-->\n\n<p><\/p>Bibliografia basada en els treballs de <b>Steve Long, 2006<\/b>. <a target=_blank href=https:\/\/opistobranquis.info\/wp-content\/uploads\/2016\/06\/Long-S.-2006-Bibliography-of-Opisthobranchia-1554-2000.pdf>Bibliography of Opisthobranchia 1554-2000<\/a> i <b>Gary McDonald, 2009<\/b>. <a href=http:\/\/escholarship.org\/uc\/item\/8115h0wz>Bibliographia Nudibranchia<\/a>, amb actualitzacions posteriors procedents d\u00b4altres fonts.<p><\/p><\/ul><p><\/p><\/p>","protected":false},"excerpt":{"rendered":"<p>Tritonioidea \u00e9s una superfam\u00edlia de nudibranquis aeolidacis. La classificaci\u00f3 actual dels Tritonioidea proposada per Bouchet et al.(2017) i acceptada per WoRMS \u00e9s: Tritonioidea Lamarck, 1809 Tritoniidae Lamarck, 1809 Marioniinae F. V. Silva, Pola &amp; Cervera, 2023 Marionia\u00a0Vayssi\u00e8re, 1877 Marioniopsis\u00a0Odhner, 1934 Paratritonia\u00a0Baba, 1949 Tritoniinae Lamarck, 1809 Candiella\u00a0J. E. Gray, 1850 Marianina\u00a0Pruvot-Fol, 1931 Myrella\u00a0Odhner, 1963 Tochuina\u00a0Odhner, 1963 Tritonia\u00a0Cuvier, 1797 Tritonicula\u00a0Korshunova &amp; Martynov, 2020 Tritonidoxa\u00a0Bergh, 1907 Tritoniella\u00a0Eliot, 1907 Tritoniopsis\u00a0Eliot, 1905 Els Tritonioidea de\u2026<\/p>\n<p class=\"continue-reading-button\"> <a class=\"continue-reading-link\" href=\"https:\/\/opistobranquis.info\/ca\/guia\/nudibranchia\/cladobranchia\/tritonioidea\/\">Continua llegint<i class=\"crycon-right-dir\"><\/i><\/a><\/p>\n","protected":false},"author":5,"featured_media":11018,"parent":48603,"menu_order":6,"comment_status":"closed","ping_status":"closed","template":"","meta":{"footnotes":""},"class_list":["post-25767","page","type-page","status-publish","has-post-thumbnail","hentry"],"jetpack_sharing_enabled":true,"_links":{"self":[{"href":"https:\/\/opistobranquis.info\/ca\/wp-json\/wp\/v2\/pages\/25767","targetHints":{"allow":["GET"]}}],"collection":[{"href":"https:\/\/opistobranquis.info\/ca\/wp-json\/wp\/v2\/pages"}],"about":[{"href":"https:\/\/opistobranquis.info\/ca\/wp-json\/wp\/v2\/types\/page"}],"author":[{"embeddable":true,"href":"https:\/\/opistobranquis.info\/ca\/wp-json\/wp\/v2\/users\/5"}],"replies":[{"embeddable":true,"href":"https:\/\/opistobranquis.info\/ca\/wp-json\/wp\/v2\/comments?post=25767"}],"version-history":[{"count":6,"href":"https:\/\/opistobranquis.info\/ca\/wp-json\/wp\/v2\/pages\/25767\/revisions"}],"predecessor-version":[{"id":47769,"href":"https:\/\/opistobranquis.info\/ca\/wp-json\/wp\/v2\/pages\/25767\/revisions\/47769"}],"up":[{"embeddable":true,"href":"https:\/\/opistobranquis.info\/ca\/wp-json\/wp\/v2\/pages\/48603"}],"wp:featuredmedia":[{"embeddable":true,"href":"https:\/\/opistobranquis.info\/ca\/wp-json\/wp\/v2\/media\/11018"}],"wp:attachment":[{"href":"https:\/\/opistobranquis.info\/ca\/wp-json\/wp\/v2\/media?parent=25767"}],"curies":[{"name":"wp","href":"https:\/\/api.w.org\/{rel}","templated":true}]}}