{"id":25917,"date":"2018-02-21T07:46:07","date_gmt":"2018-02-21T06:46:07","guid":{"rendered":"https:\/\/opistobranquis.info\/?page_id=25917"},"modified":"2025-10-29T16:30:57","modified_gmt":"2025-10-29T15:30:57","slug":"ringiculimorpha","status":"publish","type":"page","link":"https:\/\/opistobranquis.info\/ca\/guia\/ringiculimorpha\/","title":{"rendered":"Ringiculimorpha"},"content":{"rendered":"<p>Antic llinatge de gaster\u00f2podes, els ringic\u00falids es consideraven fins fa poc com a cefalaspidis, per\u00f2 els darrers treballs filogen\u00e8tics d&#8217;en Kano et al. (2016) ens expliquen una altra hist\u00f2ria. Sorprenentment, les caracter\u00edstiques morfol\u00f2giques i moleculars d&#8217;aquest grup evidencien de forma convincent l&#8217;ascend\u00e8ncia comuna dels ringicul\u00edds amb els molt diferents Nudipleura, el grup m\u00e9s ric en esp\u00e8cies (i m\u00e9s conegut) de les baboses marines (nudibranquis i pleurobrancacis), formant un grup com\u00fa anomenat Ringipleura amb categoria de Subterclasse.<\/p>\n<span style=\"font-size:10pt;\" class=\"aligncenter\"><div id=\"featured-img-id\"><img data-recalc-dims=\"1\" decoding=\"async\" src=\"https:\/\/i0.wp.com\/opistobranquis.info\/wp-content\/uploads\/2018\/02\/Ringicula-doliaris-CC-BY-Kano-et-al-2016.jpg?w=900&#038;ssl=1\" alt=\"Ringicula doliaris CC-BY Kano et al (2016)\" \/><\/div><center><em>Ringicula doliaris CC-BY-4.0<\/em> per Kano et al (2016)<\/center><\/span><p><\/p>\n<p>S\u00f3n cargols de mida petita per\u00f2 tenen una conquilla forta i amb una caracter\u00edstica forma de &#8220;bombolla&#8221;, un peu hipertrofiat i un escut protector del cap com s&#8217;exemplifica en molts subgrups existents que tenen una manera de vida infaunal.<\/p>\n<p>La taxonomia actual de Ringiculimorpha \u00e9s:<\/p>\n<p><strong>Ringiculimorpha<\/strong><\/p>\n<ul>\n<li>Ringiculoidea R. A. Philippi, 1853\n<ul>\n<li>Ringiculidae R. A. Philippi, 1853\n<ul>\n<li><em>Microglyphis<\/em>\u00a0Dall, 1902<\/li>\n<li><em>Pseudoringicula<\/em>\u00a0G.-Y. Lin, 1980<\/li>\n<li><em>Ringicula<\/em>\u00a0Deshayes, 1838<\/li>\n<li><em>Ringiculoides<\/em>\u00a0Minichev, 1966<\/li>\n<li><em>Ringiculopsis<\/em>\u00a0Chavan, 1947<\/li>\n<\/ul>\n<\/li>\n<\/ul>\n<\/li>\n<\/ul>\n<p><span style=\"font-family: Ubuntu;\">Les esp\u00e8cies de Ringiculimorpha citades en el Mediterrani o a la Pen\u00ednsula Ib\u00e8rica s\u00f3n:<\/span><\/p>\n\r\n    <div\r\n        class=\"autonav-grid autonav-columns-3\"\r\n    >\r\n\r\n        \r\n            \r\n            <article class=\"autonav-card\">\r\n\r\n                <a href=\"https:\/\/opistobranquis.info\/ca\/guia\/ringiculimorpha\/ringicula-auriculata\/\">\r\n\r\n                    \r\n                        <div class=\"autonav-image\">\r\n\r\n                            <img decoding=\"async\" width=\"700\" height=\"497\" src=\"https:\/\/i0.wp.com\/opistobranquis.info\/wp-content\/uploads\/2015\/11\/Ringicula-auriculata-M%C3%A9nard-de-la-Groye-1811-Specimen-from-La-Goulette-Tunisia-soft-bottoms-10-15-m-19.01.2010-actual-size-3.4-mm.jpg?fit=700%2C497&amp;ssl=1\" class=\"autonav-thumb\" alt=\"Ringicula auriculata (M\u00e9nard de la Groye, 1811) Specimen from La Goulette, Tunisia (soft bottoms 10-15 m, 19.01.2010), actual size 3.4 mm\" loading=\"lazy\" data-attachment-id=\"20776\" data-permalink=\"https:\/\/opistobranquis.info\/ca\/guia\/ringiculimorpha\/ringicula-auriculata\/ringicula-auriculata-menard-de-la-groye-1811-specimen-from-la-goulette-tunisia-soft-bottoms-10-15-m-19-01-2010-actual-size-3-4-mm\/\" data-orig-file=\"https:\/\/i0.wp.com\/opistobranquis.info\/wp-content\/uploads\/2015\/11\/Ringicula-auriculata-M%C3%A9nard-de-la-Groye-1811-Specimen-from-La-Goulette-Tunisia-soft-bottoms-10-15-m-19.01.2010-actual-size-3.4-mm.jpg?fit=700%2C497&amp;ssl=1\" data-orig-size=\"700,497\" data-comments-opened=\"0\" data-image-title=\"Ringicula auriculata (M\u00e9nard de la Groye, 1811) Specimen from La Goulette, Tunisia (soft bottoms 10-15 m, 19.01.2010), actual size 3.4 mm\" data-image-description=\"&lt;p&gt;Ringicula auriculata (M\u00e9nard de la Groye, 1811) Specimen from La Goulette, Tunisia (soft bottoms 10-15 m, 19.01.2010), actual size 3.4 mm&lt;\/p&gt;\n\" data-image-caption=\"&lt;p&gt;&lt;em&gt;Ringicula auriculata&lt;\/em&gt; (M\u00e9nard de la Groye, 1811) Specimen from La Goulette, Tunisia (soft bottoms 10-15 m, 19.01.2010), actual size 3.4 mm&lt;br \/&gt;&lt;a target=blank href=http:\/\/www.marinespecies.org\/aphia.php?p=image&amp;#038;pic=69982&gt;World Register of Marine Species&lt;\/a&gt;&lt;\/p&gt;\n\" data-large-file=\"https:\/\/i0.wp.com\/opistobranquis.info\/wp-content\/uploads\/2015\/11\/Ringicula-auriculata-M%C3%A9nard-de-la-Groye-1811-Specimen-from-La-Goulette-Tunisia-soft-bottoms-10-15-m-19.01.2010-actual-size-3.4-mm.jpg?fit=700%2C497&amp;ssl=1\" \/>\r\n                        <\/div>\r\n\r\n                    \r\n                    <div class=\"autonav-content\">\r\n\r\n                        <h3>\r\n                            Ringicula auriculata                        <\/h3>\r\n\r\n                    <\/div>\r\n\r\n                <\/a>\r\n\r\n            <\/article>\r\n\r\n        \r\n            \r\n            <article class=\"autonav-card\">\r\n\r\n                <a href=\"https:\/\/opistobranquis.info\/ca\/guia\/ringiculimorpha\/ringicula-buccinea\/\">\r\n\r\n                    \r\n                        <div class=\"autonav-image\">\r\n\r\n                            <img decoding=\"async\" width=\"580\" height=\"351\" src=\"https:\/\/i0.wp.com\/opistobranquis.info\/wp-content\/uploads\/2015\/11\/MIOCENE-Ringicula-buccinea.jpg?fit=580%2C351&amp;ssl=1\" class=\"autonav-thumb\" alt=\"Ringicula buccinea (Brocchi,1814) [MIOCENE]\" loading=\"lazy\" srcset=\"https:\/\/i0.wp.com\/opistobranquis.info\/wp-content\/uploads\/2015\/11\/MIOCENE-Ringicula-buccinea.jpg?w=580&amp;ssl=1 580w, https:\/\/i0.wp.com\/opistobranquis.info\/wp-content\/uploads\/2015\/11\/MIOCENE-Ringicula-buccinea.jpg?resize=150%2C91&amp;ssl=1 150w, https:\/\/i0.wp.com\/opistobranquis.info\/wp-content\/uploads\/2015\/11\/MIOCENE-Ringicula-buccinea.jpg?resize=300%2C182&amp;ssl=1 300w\" sizes=\"auto, (max-width: 580px) 100vw, 580px\" data-attachment-id=\"20797\" data-permalink=\"https:\/\/opistobranquis.info\/ca\/guia\/ringiculimorpha\/ringicula-buccinea\/mioceneringicula-buccineabrocchi1814\/\" data-orig-file=\"https:\/\/i0.wp.com\/opistobranquis.info\/wp-content\/uploads\/2015\/11\/MIOCENE-Ringicula-buccinea.jpg?fit=580%2C351&amp;ssl=1\" data-orig-size=\"580,351\" data-comments-opened=\"0\" data-image-title=\"Ringicula buccinea (Brocchi,1814) [MIOCENE]\" data-image-description=\"&lt;p&gt;Ringicula buccinea (Brocchi,1814) [MIOCENE]&lt;\/p&gt;\n\" data-image-caption=\"&lt;p&gt;&lt;em&gt;Ringicula buccinea&lt;\/em&gt; (Brocchi, 1814)  [MIOCENE]&lt;br \/&gt;Winterswijk, Gelderland, Netherlands&lt;\/p&gt;\n\" data-large-file=\"https:\/\/i0.wp.com\/opistobranquis.info\/wp-content\/uploads\/2015\/11\/MIOCENE-Ringicula-buccinea.jpg?fit=580%2C351&amp;ssl=1\" \/>\r\n                        <\/div>\r\n\r\n                    \r\n                    <div class=\"autonav-content\">\r\n\r\n                        <h3>\r\n                            Ringicula buccinea                        <\/h3>\r\n\r\n                    <\/div>\r\n\r\n                <\/a>\r\n\r\n            <\/article>\r\n\r\n        \r\n            \r\n            <article class=\"autonav-card\">\r\n\r\n                <a href=\"https:\/\/opistobranquis.info\/ca\/guia\/ringiculimorpha\/ringicula-conformis\/\">\r\n\r\n                    \r\n                        <div class=\"autonav-image\">\r\n\r\n                            <img decoding=\"async\" width=\"900\" height=\"599\" src=\"https:\/\/i0.wp.com\/opistobranquis.info\/wp-content\/uploads\/2021\/04\/Ringicula-conformis-by-Pero-Ugarkovic.jpg?fit=900%2C599&amp;ssl=1\" class=\"autonav-thumb\" alt=\"Ringicula conformis @ Croatia by Pero Ugarkovi\u0107\" loading=\"lazy\" srcset=\"https:\/\/i0.wp.com\/opistobranquis.info\/wp-content\/uploads\/2021\/04\/Ringicula-conformis-by-Pero-Ugarkovic.jpg?w=1024&amp;ssl=1 1024w, https:\/\/i0.wp.com\/opistobranquis.info\/wp-content\/uploads\/2021\/04\/Ringicula-conformis-by-Pero-Ugarkovic.jpg?resize=300%2C200&amp;ssl=1 300w, https:\/\/i0.wp.com\/opistobranquis.info\/wp-content\/uploads\/2021\/04\/Ringicula-conformis-by-Pero-Ugarkovic.jpg?resize=150%2C100&amp;ssl=1 150w\" sizes=\"auto, (max-width: 900px) 100vw, 900px\" data-attachment-id=\"32089\" data-permalink=\"https:\/\/opistobranquis.info\/ca\/guia\/ringiculimorpha\/ringicula-conformis\/ringicula-conformis-by-pero-ugarkovic\/\" data-orig-file=\"https:\/\/i0.wp.com\/opistobranquis.info\/wp-content\/uploads\/2021\/04\/Ringicula-conformis-by-Pero-Ugarkovic.jpg?fit=1024%2C681&amp;ssl=1\" data-orig-size=\"1024,681\" data-comments-opened=\"0\" data-image-title=\"Ringicula conformis @ Croatia by Pero Ugarkovi\u0107\" data-image-description=\"&lt;p&gt;Ringicula conformis @ Croatia by Pero Ugarkovi\u0107&lt;\/p&gt;\n\" data-image-caption=\"&lt;p&gt;Ringicula conformis @ Croatia&lt;\/p&gt;\n\" data-large-file=\"https:\/\/i0.wp.com\/opistobranquis.info\/wp-content\/uploads\/2021\/04\/Ringicula-conformis-by-Pero-Ugarkovic.jpg?fit=900%2C599&amp;ssl=1\" \/>\r\n                        <\/div>\r\n\r\n                    \r\n                    <div class=\"autonav-content\">\r\n\r\n                        <h3>\r\n                            Ringicula conformis                        <\/h3>\r\n\r\n                    <\/div>\r\n\r\n                <\/a>\r\n\r\n            <\/article>\r\n\r\n        \r\n            \r\n            <article class=\"autonav-card\">\r\n\r\n                <a href=\"https:\/\/opistobranquis.info\/ca\/guia\/ringiculimorpha\/ringicula-minutula\/\">\r\n\r\n                    \r\n                        <div class=\"autonav-image\">\r\n\r\n                            <img decoding=\"async\" width=\"580\" height=\"342\" src=\"https:\/\/i0.wp.com\/opistobranquis.info\/wp-content\/uploads\/2013\/09\/nudiblank.jpg?fit=580%2C342&amp;ssl=1\" class=\"autonav-thumb\" alt=\"\" loading=\"lazy\" srcset=\"https:\/\/i0.wp.com\/opistobranquis.info\/wp-content\/uploads\/2013\/09\/nudiblank.jpg?w=580&amp;ssl=1 580w, https:\/\/i0.wp.com\/opistobranquis.info\/wp-content\/uploads\/2013\/09\/nudiblank.jpg?resize=150%2C88&amp;ssl=1 150w, https:\/\/i0.wp.com\/opistobranquis.info\/wp-content\/uploads\/2013\/09\/nudiblank.jpg?resize=300%2C176&amp;ssl=1 300w\" sizes=\"auto, (max-width: 580px) 100vw, 580px\" data-attachment-id=\"10376\" data-permalink=\"https:\/\/opistobranquis.info\/ca\/nudiblank\/\" data-orig-file=\"https:\/\/i0.wp.com\/opistobranquis.info\/wp-content\/uploads\/2013\/09\/nudiblank.jpg?fit=580%2C342&amp;ssl=1\" data-orig-size=\"580,342\" data-comments-opened=\"0\" data-image-title=\"nudiblank\" data-image-description=\"\" data-image-caption=\"\" data-large-file=\"https:\/\/i0.wp.com\/opistobranquis.info\/wp-content\/uploads\/2013\/09\/nudiblank.jpg?fit=580%2C342&amp;ssl=1\" \/>\r\n                        <\/div>\r\n\r\n                    \r\n                    <div class=\"autonav-content\">\r\n\r\n                        <h3>\r\n                            Ringicula minutula                        <\/h3>\r\n\r\n                    <\/div>\r\n\r\n                <\/a>\r\n\r\n            <\/article>\r\n\r\n        \r\n    <\/div>\r\n\r\n    \n<p><p><strong>Bibliografia<\/strong><\/p><ul><div id=\"zotpress-5f2f35e1e96cce1b82b48641f8f0d05b\" class=\"zp-Zotpress zp-Zotpress-Bib wp-block-group\">\n\n\t\t<span class=\"ZP_API_USER_ID ZP_ATTR\">1246567<\/span>\n\t\t<span class=\"ZP_ITEM_KEY ZP_ATTR\"><\/span>\n\t\t<span class=\"ZP_COLLECTION_ID ZP_ATTR\"><\/span>\n\t\t<span class=\"ZP_TAG_ID ZP_ATTR\">Ringiculimorpha<\/span>\n\t\t<span class=\"ZP_AUTHOR ZP_ATTR\"><\/span>\n\t\t<span class=\"ZP_YEAR ZP_ATTR\"><\/span>\n        <span class=\"ZP_ITEMTYPE ZP_ATTR\"><\/span>\n\t\t<span class=\"ZP_INCLUSIVE ZP_ATTR\">1<\/span>\n\t\t<span class=\"ZP_STYLE ZP_ATTR\">eunomia-revista-en-cultura-de-la-legalidad<\/span>\n\t\t<span class=\"ZP_LIMIT ZP_ATTR\">50<\/span>\n\t\t<span class=\"ZP_SORTBY ZP_ATTR\">creator<\/span>\n\t\t<span class=\"ZP_ORDER ZP_ATTR\">asc<\/span>\n\t\t<span class=\"ZP_TITLE ZP_ATTR\"><\/span>\n\t\t<span class=\"ZP_SHOWIMAGE ZP_ATTR\"><\/span>\n\t\t<span class=\"ZP_SHOWTAGS ZP_ATTR\"><\/span>\n\t\t<span class=\"ZP_DOWNLOADABLE ZP_ATTR\"><\/span>\n\t\t<span class=\"ZP_NOTES ZP_ATTR\"><\/span>\n\t\t<span class=\"ZP_ABSTRACT ZP_ATTR\"><\/span>\n\t\t<span class=\"ZP_CITEABLE ZP_ATTR\"><\/span>\n\t\t<span class=\"ZP_TARGET ZP_ATTR\">1<\/span>\n\t\t<span class=\"ZP_URLWRAP ZP_ATTR\"><\/span>\n\t\t<span class=\"ZP_FORCENUM ZP_ATTR\"><\/span>\n        <span class=\"ZP_HIGHLIGHT ZP_ATTR\"><\/span>\n        <span class=\"ZP_POSTID ZP_ATTR\">25917<\/span>\n\t\t<span class=\"ZOTPRESS_PLUGIN_URL ZP_ATTR\">https:\/\/opistobranquis.info\/wp-content\/plugins\/zotpress\/<\/span>\n\n\t\t<div class=\"zp-List loading\">\n\t\t\t<div class=\"zp-SEO-Content\">\n\n\t\t\t<\/div><!-- .zp-zp-SEO-Content -->\n\t\t<\/div><!-- .zp-List -->\n\t<\/div><!--.zp-Zotpress-->\n\n<p><\/p>Bibliografia basada en els treballs de <b>Steve Long, 2006<\/b>. <a target=_blank href=https:\/\/opistobranquis.info\/wp-content\/uploads\/2016\/06\/Long-S.-2006-Bibliography-of-Opisthobranchia-1554-2000.pdf>Bibliography of Opisthobranchia 1554-2000<\/a> i <b>Gary McDonald, 2009<\/b>. <a href=http:\/\/escholarship.org\/uc\/item\/8115h0wz>Bibliographia Nudibranchia<\/a>, amb actualitzacions posteriors procedents d\u00b4altres fonts.<p><\/p><\/ul><p><\/p><\/p>","protected":false},"excerpt":{"rendered":"<p>Antic llinatge de gaster\u00f2podes, els ringic\u00falids es consideraven fins fa poc com a cefalaspidis, per\u00f2 els darrers treballs filogen\u00e8tics d&#8217;en Kano et al. (2016) ens expliquen una altra hist\u00f2ria. Sorprenentment, les caracter\u00edstiques morfol\u00f2giques i moleculars d&#8217;aquest grup evidencien de forma convincent l&#8217;ascend\u00e8ncia comuna dels ringicul\u00edds amb els molt diferents Nudipleura, el grup m\u00e9s ric en esp\u00e8cies (i m\u00e9s conegut) de les baboses marines (nudibranquis i pleurobrancacis), formant un grup com\u00fa\u2026<\/p>\n<p class=\"continue-reading-button\"> <a class=\"continue-reading-link\" href=\"https:\/\/opistobranquis.info\/ca\/guia\/ringiculimorpha\/\">Continua llegint<i class=\"crycon-right-dir\"><\/i><\/a><\/p>\n","protected":false},"author":291,"featured_media":25930,"parent":185,"menu_order":2046,"comment_status":"closed","ping_status":"closed","template":"","meta":{"footnotes":""},"class_list":["post-25917","page","type-page","status-publish","has-post-thumbnail","hentry"],"jetpack_sharing_enabled":true,"_links":{"self":[{"href":"https:\/\/opistobranquis.info\/ca\/wp-json\/wp\/v2\/pages\/25917","targetHints":{"allow":["GET"]}}],"collection":[{"href":"https:\/\/opistobranquis.info\/ca\/wp-json\/wp\/v2\/pages"}],"about":[{"href":"https:\/\/opistobranquis.info\/ca\/wp-json\/wp\/v2\/types\/page"}],"author":[{"embeddable":true,"href":"https:\/\/opistobranquis.info\/ca\/wp-json\/wp\/v2\/users\/291"}],"replies":[{"embeddable":true,"href":"https:\/\/opistobranquis.info\/ca\/wp-json\/wp\/v2\/comments?post=25917"}],"version-history":[{"count":9,"href":"https:\/\/opistobranquis.info\/ca\/wp-json\/wp\/v2\/pages\/25917\/revisions"}],"predecessor-version":[{"id":47778,"href":"https:\/\/opistobranquis.info\/ca\/wp-json\/wp\/v2\/pages\/25917\/revisions\/47778"}],"up":[{"embeddable":true,"href":"https:\/\/opistobranquis.info\/ca\/wp-json\/wp\/v2\/pages\/185"}],"wp:featuredmedia":[{"embeddable":true,"href":"https:\/\/opistobranquis.info\/ca\/wp-json\/wp\/v2\/media\/25930"}],"wp:attachment":[{"href":"https:\/\/opistobranquis.info\/ca\/wp-json\/wp\/v2\/media?parent=25917"}],"curies":[{"name":"wp","href":"https:\/\/api.w.org\/{rel}","templated":true}]}}