{"id":26109,"date":"2018-02-22T06:57:47","date_gmt":"2018-02-22T05:57:47","guid":{"rendered":"https:\/\/opistobranquis.info\/?page_id=26109"},"modified":"2026-09-04T00:47:04","modified_gmt":"2026-09-03T22:47:04","slug":"doridoidea","status":"publish","type":"page","link":"https:\/\/opistobranquis.info\/ca\/guia\/nudibranchia\/doridina\/doridoidei\/doridoidea\/","title":{"rendered":"Doridoidea"},"content":{"rendered":"<p>Els Doridoidea formen una superfam\u00edlia de llimacs de mar de mida petita i mitjana dins els Doridida.<\/p>\n<p>La taxonomia actual segons Bouchet et al. (2017) i acceptada per WoRMS \u00e9s:<\/p>\n  <style>\r\n    .bar-loader {\r\n      display: flex;\r\n      gap: 4px;\r\n      align-items: center;\r\n      justify-content: center;\r\n      height: 24px;\r\n      margin-bottom: 1em;\r\n    }\r\n    .bar-loader span {\r\n      display: block;\r\n      width: 4px;\r\n      height: 16px;\r\n      background: black;\r\n      animation: barPulse 1.2s infinite ease-in-out;\r\n    }\r\n    .bar-loader span:nth-child(1) { animation-delay: 0s; }\r\n    .bar-loader span:nth-child(2) { animation-delay: 0.2s; }\r\n    .bar-loader span:nth-child(3) { animation-delay: 0.4s; }\r\n\r\n    @keyframes barPulse {\r\n      0%, 100% { transform: scaleY(0.5); opacity: 0.5; }\r\n      50% { transform: scaleY(1); opacity: 1; }\r\n    }\r\n  <\/style>\r\n  <div id=\"lazy-taxonomy-tree\">\r\n    <div class=\"bar-loader\" aria-label=\"Loading...\">\r\n      <span><\/span><span><\/span><span><\/span>\r\n    <\/div>\r\n  <\/div>\r\n  <script>\r\n    document.addEventListener('DOMContentLoaded', function () {\r\n      fetch('https:\/\/opistobranquis.info\/wp-admin\/admin-ajax.php?action=load_taxonomy_tree&slug=doridoidea')\r\n        .then(res => res.text())\r\n        .then(html => document.getElementById('lazy-taxonomy-tree').innerHTML = html)\r\n        .catch(err => document.getElementById('lazy-taxonomy-tree').innerHTML = '\u26a0\ufe0f');\r\n    });\r\n  <\/script>\r\n  \n<p><span style=\"font-family: Ubuntu;\">Esp\u00e8cies de Doridoidea citades a la Mediterr\u00e0nia o a la Pen\u00ednsula Ib\u00e8rica:<\/span><\/p>\n\r\n    <div\r\n        class=\"autonav-grid autonav-columns-3\"\r\n    >\r\n\r\n        \r\n            \r\n            <article class=\"autonav-card\">\r\n\r\n                <a href=\"https:\/\/opistobranquis.info\/ca\/guia\/nudibranchia\/doridina\/doridoidei\/doridoidea\/aporodoris-millegrana\/\">\r\n\r\n                    \r\n                        <div class=\"autonav-image\">\r\n\r\n                            <img decoding=\"async\" width=\"800\" height=\"533\" src=\"https:\/\/i0.wp.com\/opistobranquis.info\/wp-content\/uploads\/2013\/10\/Aporodoris_millegrana.jpg?fit=800%2C533&amp;ssl=1\" class=\"autonav-thumb\" alt=\"Aporodoris millegrana @ Portugal by Jo\u00e3o Pedro Silva\" loading=\"lazy\" srcset=\"https:\/\/i0.wp.com\/opistobranquis.info\/wp-content\/uploads\/2013\/10\/Aporodoris_millegrana.jpg?w=800&amp;ssl=1 800w, https:\/\/i0.wp.com\/opistobranquis.info\/wp-content\/uploads\/2013\/10\/Aporodoris_millegrana.jpg?resize=150%2C99&amp;ssl=1 150w, https:\/\/i0.wp.com\/opistobranquis.info\/wp-content\/uploads\/2013\/10\/Aporodoris_millegrana.jpg?resize=300%2C199&amp;ssl=1 300w\" sizes=\"auto, (max-width: 800px) 100vw, 800px\" data-attachment-id=\"10632\" data-permalink=\"https:\/\/opistobranquis.info\/ca\/guia\/nudibranchia\/doridina\/doridoidei\/doridoidea\/aporodoris-millegrana\/aporodoris_millegrana\/\" data-orig-file=\"https:\/\/i0.wp.com\/opistobranquis.info\/wp-content\/uploads\/2013\/10\/Aporodoris_millegrana.jpg?fit=800%2C533&amp;ssl=1\" data-orig-size=\"800,533\" data-comments-opened=\"0\" data-image-title=\"Aporodoris millegrana @ Portugal by Jo\u00e3o Pedro Silva\" data-image-description=\"&lt;p&gt;Aporodoris millegrana @ Portugal by Jo\u00e3o Pedro Silva&lt;\/p&gt;\n\" data-image-caption=\"&lt;p&gt;Aporodoris millegrana @ Portugal&lt;\/p&gt;\n\" data-large-file=\"https:\/\/i0.wp.com\/opistobranquis.info\/wp-content\/uploads\/2013\/10\/Aporodoris_millegrana.jpg?fit=800%2C533&amp;ssl=1\" \/>\r\n                        <\/div>\r\n\r\n                    \r\n                    <div class=\"autonav-content\">\r\n\r\n                        <h3>\r\n                            Aporodoris millegrana                        <\/h3>\r\n\r\n                    <\/div>\r\n\r\n                <\/a>\r\n\r\n            <\/article>\r\n\r\n        \r\n            \r\n            <article class=\"autonav-card\">\r\n\r\n                <a href=\"https:\/\/opistobranquis.info\/ca\/guia\/nudibranchia\/doridina\/doridoidei\/doridoidea\/archidoris-pseudoargus\/\">\r\n\r\n                    \r\n                        <div class=\"autonav-image\">\r\n\r\n                            <img decoding=\"async\" width=\"800\" height=\"600\" src=\"https:\/\/i0.wp.com\/opistobranquis.info\/wp-content\/uploads\/2012\/05\/Archidoris-pseudoargus-Eating-the-sponge-Amphilectus-fucorum-The-Burroo-Calf-of-Man-Isle-of-Man.-Photograph-%C2%A9Bernard-Picton.jpg?fit=800%2C600&amp;ssl=1\" class=\"autonav-thumb\" alt=\"Archidoris pseudoargus feeding on Amphilectus fucorum @ Isle of Man by Bernard Picton\" loading=\"lazy\" data-attachment-id=\"16140\" data-permalink=\"https:\/\/opistobranquis.info\/ca\/guia\/nudibranchia\/doridina\/doridoidei\/doridoidea\/archidoris-pseudoargus\/archidoris-pseudoargus-eating-the-sponge-amphilectus-fucorum-the-burroo-calf-of-man-isle-of-man-photograph-bernard-picton\/\" data-orig-file=\"https:\/\/i0.wp.com\/opistobranquis.info\/wp-content\/uploads\/2012\/05\/Archidoris-pseudoargus-Eating-the-sponge-Amphilectus-fucorum-The-Burroo-Calf-of-Man-Isle-of-Man.-Photograph-%C2%A9Bernard-Picton.jpg?fit=800%2C600&amp;ssl=1\" data-orig-size=\"800,600\" data-comments-opened=\"0\" data-image-title=\"Archidoris  pseudoargus feeding on Amphilectus fucorum @ Isle of Man by Bernard Picton\" data-image-description=\"&lt;p&gt;Archidoris pseudoargus feeding on Amphilectus fucorum @ Isle of Man by Bernard Picton&lt;\/p&gt;\n\" data-image-caption=\"&lt;p&gt;Archidoris pseudoargus feeding on Amphilectus fucorum @ Isle of Man&lt;\/p&gt;\n\" data-large-file=\"https:\/\/i0.wp.com\/opistobranquis.info\/wp-content\/uploads\/2012\/05\/Archidoris-pseudoargus-Eating-the-sponge-Amphilectus-fucorum-The-Burroo-Calf-of-Man-Isle-of-Man.-Photograph-%C2%A9Bernard-Picton.jpg?fit=800%2C600&amp;ssl=1\" \/>\r\n                        <\/div>\r\n\r\n                    \r\n                    <div class=\"autonav-content\">\r\n\r\n                        <h3>\r\n                            Archidoris pseudoargus                        <\/h3>\r\n\r\n                    <\/div>\r\n\r\n                <\/a>\r\n\r\n            <\/article>\r\n\r\n        \r\n            \r\n            <article class=\"autonav-card\">\r\n\r\n                <a href=\"https:\/\/opistobranquis.info\/ca\/guia\/nudibranchia\/doridina\/doridoidei\/doridoidea\/atagema-gibba\/\">\r\n\r\n                    \r\n                        <div class=\"autonav-image\">\r\n\r\n                            <img decoding=\"async\" width=\"800\" height=\"600\" src=\"https:\/\/i0.wp.com\/opistobranquis.info\/wp-content\/uploads\/2014\/09\/Atagema-gibba-First-British-record-Porthkerris-Cornwall.-24.11.1973.-Photograph-%C2%A9Bernard-Picton.jpg?fit=800%2C600&amp;ssl=1\" class=\"autonav-thumb\" alt=\"Atagema gibba (first British record) @ Porthkerris, Cornwall. 24.11.1973 by Bernard Picton\" loading=\"lazy\" data-attachment-id=\"16145\" data-permalink=\"https:\/\/opistobranquis.info\/ca\/guia\/nudibranchia\/doridina\/doridoidei\/doridoidea\/atagema-gibba\/atagema-gibba-first-british-record-porthkerris-cornwall-24-11-1973-photograph-bernard-picton\/\" data-orig-file=\"https:\/\/i0.wp.com\/opistobranquis.info\/wp-content\/uploads\/2014\/09\/Atagema-gibba-First-British-record-Porthkerris-Cornwall.-24.11.1973.-Photograph-%C2%A9Bernard-Picton.jpg?fit=800%2C600&amp;ssl=1\" data-orig-size=\"800,600\" data-comments-opened=\"0\" data-image-title=\"Atagema gibba (first British record) @ Porthkerris, Cornwall. 24.11.1973 by Bernard Picton\" data-image-description=\"&lt;p&gt;Atagema gibba (first British record) @ Porthkerris, Cornwall. 24.11.1973 by Bernard Picton&lt;\/p&gt;\n\" data-image-caption=\"&lt;p&gt;Atagema gibba (first British record) @ Porthkerris, Cornwall. 24.11.1973&lt;\/p&gt;\n\" data-large-file=\"https:\/\/i0.wp.com\/opistobranquis.info\/wp-content\/uploads\/2014\/09\/Atagema-gibba-First-British-record-Porthkerris-Cornwall.-24.11.1973.-Photograph-%C2%A9Bernard-Picton.jpg?fit=800%2C600&amp;ssl=1\" \/>\r\n                        <\/div>\r\n\r\n                    \r\n                    <div class=\"autonav-content\">\r\n\r\n                        <h3>\r\n                            Atagema gibba                        <\/h3>\r\n\r\n                    <\/div>\r\n\r\n                <\/a>\r\n\r\n            <\/article>\r\n\r\n        \r\n            \r\n            <article class=\"autonav-card\">\r\n\r\n                <a href=\"https:\/\/opistobranquis.info\/ca\/guia\/nudibranchia\/doridina\/doridoidei\/doridoidea\/atagema-rugosa\/\">\r\n\r\n                    \r\n                        <div class=\"autonav-image\">\r\n\r\n                            <img decoding=\"async\" width=\"640\" height=\"479\" src=\"https:\/\/i0.wp.com\/opistobranquis.info\/wp-content\/uploads\/2016\/02\/Atagema-rugosa-%40-Coral-Gardens-Cape-Peninsula-South-Africa-16-04.2006-by-Andrew-Taylor-Lic.-CC-BY-SA.jpg?fit=640%2C479&amp;ssl=1\" class=\"autonav-thumb\" alt=\"Atagema rugosa @ Coral Gardens, Cape Peninsula, South Africa 16-04.2006 by Andrew Taylor (Lic. CC BY-SA)\" loading=\"lazy\" data-attachment-id=\"21449\" data-permalink=\"https:\/\/opistobranquis.info\/ca\/guia\/nudibranchia\/doridina\/doridoidei\/doridoidea\/atagema-rugosa\/atagema-rugosa-coral-gardens-cape-peninsula-south-africa-16-04-2006-by-andrew-taylor-lic-cc-by-sa\/\" data-orig-file=\"https:\/\/i0.wp.com\/opistobranquis.info\/wp-content\/uploads\/2016\/02\/Atagema-rugosa-%40-Coral-Gardens-Cape-Peninsula-South-Africa-16-04.2006-by-Andrew-Taylor-Lic.-CC-BY-SA.jpg?fit=640%2C479&amp;ssl=1\" data-orig-size=\"640,479\" data-comments-opened=\"0\" data-image-title=\"Atagema rugosa @ Coral Gardens, Cape Peninsula, South Africa 16-04.2006 by Andrew Taylor (Lic. CC BY-SA)\" data-image-description=\"&lt;p&gt;Atagema rugosa @ Coral Gardens, Cape Peninsula, South Africa 16-04.2006 by Andrew Taylor (Lic. CC BY-SA)&lt;\/p&gt;\n\" data-image-caption=\"&lt;p&gt;Atagema rugosa @ Coral Gardens, Cape Peninsula, South Africa 16-04.2006 (Lic. CC BY-SA)&lt;\/p&gt;\n\" data-large-file=\"https:\/\/i0.wp.com\/opistobranquis.info\/wp-content\/uploads\/2016\/02\/Atagema-rugosa-%40-Coral-Gardens-Cape-Peninsula-South-Africa-16-04.2006-by-Andrew-Taylor-Lic.-CC-BY-SA.jpg?fit=640%2C479&amp;ssl=1\" \/>\r\n                        <\/div>\r\n\r\n                    \r\n                    <div class=\"autonav-content\">\r\n\r\n                        <h3>\r\n                            Atagema rugosa                        <\/h3>\r\n\r\n                    <\/div>\r\n\r\n                <\/a>\r\n\r\n            <\/article>\r\n\r\n        \r\n            \r\n            <article class=\"autonav-card\">\r\n\r\n                <a href=\"https:\/\/opistobranquis.info\/ca\/guia\/nudibranchia\/doridina\/doridoidei\/doridoidea\/atagema-spongiosa\/\">\r\n\r\n                    \r\n                        <div class=\"autonav-image\">\r\n\r\n                            <img decoding=\"async\" width=\"629\" height=\"404\" src=\"https:\/\/i0.wp.com\/opistobranquis.info\/wp-content\/uploads\/2018\/07\/Atagema-spongiosa-%40-Haifa-Israel-24.07.2018-by-Jonathan-Levanoni-2.jpg?fit=629%2C404&amp;ssl=1\" class=\"autonav-thumb\" alt=\"Atagema spongiosa @ Haifa, Israel 24.07.2018 by Jonathan Levanoni\" loading=\"lazy\" data-attachment-id=\"27034\" data-permalink=\"https:\/\/opistobranquis.info\/ca\/guia\/nudibranchia\/doridina\/doridoidei\/doridoidea\/atagema-spongiosa\/atagema-spongiosa-haifa-israel-24-07-2018-by-jonathan-levanoni-2\/\" data-orig-file=\"https:\/\/i0.wp.com\/opistobranquis.info\/wp-content\/uploads\/2018\/07\/Atagema-spongiosa-%40-Haifa-Israel-24.07.2018-by-Jonathan-Levanoni-2.jpg?fit=629%2C404&amp;ssl=1\" data-orig-size=\"629,404\" data-comments-opened=\"0\" data-image-title=\"Atagema spongiosa @ Haifa, Israel 24.07.2018 by Jonathan Levanoni\" data-image-description=\"&lt;p&gt;Atagema spongiosa @ Haifa, Israel 24.07.2018 by Jonathan Levanoni&lt;\/p&gt;\n\" data-image-caption=\"&lt;p&gt;Atagema spongiosa @ Haifa, Israel 24.07.2018&lt;\/p&gt;\n\" data-large-file=\"https:\/\/i0.wp.com\/opistobranquis.info\/wp-content\/uploads\/2018\/07\/Atagema-spongiosa-%40-Haifa-Israel-24.07.2018-by-Jonathan-Levanoni-2.jpg?fit=629%2C404&amp;ssl=1\" \/>\r\n                        <\/div>\r\n\r\n                    \r\n                    <div class=\"autonav-content\">\r\n\r\n                        <h3>\r\n                            Atagema spongiosa                        <\/h3>\r\n\r\n                    <\/div>\r\n\r\n                <\/a>\r\n\r\n            <\/article>\r\n\r\n        \r\n            \r\n            <article class=\"autonav-card\">\r\n\r\n                <a href=\"https:\/\/opistobranquis.info\/ca\/guia\/nudibranchia\/doridina\/doridoidei\/doridoidea\/baptodoris-cinnabarina\/\">\r\n\r\n                    \r\n                        <div class=\"autonav-image\">\r\n\r\n                            <img decoding=\"async\" width=\"900\" height=\"592\" src=\"https:\/\/i0.wp.com\/opistobranquis.info\/wp-content\/uploads\/2021\/02\/Baptodoris-cinnabarina-%40-Split-Croatia-by-Pero-Ugarkovic.jpg?fit=900%2C592&amp;ssl=1\" class=\"autonav-thumb\" alt=\"Baptodoris cinnabarina @ Split, Croatia by Pero Ugarkovi\u0107\" loading=\"lazy\" data-attachment-id=\"31530\" data-permalink=\"https:\/\/opistobranquis.info\/ca\/guia\/nudibranchia\/doridina\/doridoidei\/doridoidea\/baptodoris-cinnabarina\/baptodoris-cinnabarina-split-croatia-by-pero-ugarkovic\/\" data-orig-file=\"https:\/\/i0.wp.com\/opistobranquis.info\/wp-content\/uploads\/2021\/02\/Baptodoris-cinnabarina-%40-Split-Croatia-by-Pero-Ugarkovic.jpg?fit=1777%2C1170&amp;ssl=1\" data-orig-size=\"1777,1170\" data-comments-opened=\"0\" data-image-title=\"Baptodoris cinnabarina @ Split, Croatia by Pero Ugarkovi\u0107\" data-image-description=\"&lt;p&gt;Baptodoris cinnabarina @ Split, Croatia by Pero Ugarkovi\u0107&lt;\/p&gt;\n\" data-image-caption=\"&lt;p&gt;Baptodoris cinnabarina @ Split, Croatia&lt;\/p&gt;\n\" data-large-file=\"https:\/\/i0.wp.com\/opistobranquis.info\/wp-content\/uploads\/2021\/02\/Baptodoris-cinnabarina-%40-Split-Croatia-by-Pero-Ugarkovic.jpg?fit=900%2C592&amp;ssl=1\" \/>\r\n                        <\/div>\r\n\r\n                    \r\n                    <div class=\"autonav-content\">\r\n\r\n                        <h3>\r\n                            Baptodoris cinnabarina                        <\/h3>\r\n\r\n                    <\/div>\r\n\r\n                <\/a>\r\n\r\n            <\/article>\r\n\r\n        \r\n            \r\n            <article class=\"autonav-card\">\r\n\r\n                <a href=\"https:\/\/opistobranquis.info\/ca\/guia\/nudibranchia\/doridina\/doridoidei\/doridoidea\/discodoris-stellifera\/\">\r\n\r\n                    \r\n                        <div class=\"autonav-image\">\r\n\r\n                            <img decoding=\"async\" width=\"649\" height=\"490\" src=\"https:\/\/i0.wp.com\/opistobranquis.info\/wp-content\/uploads\/2012\/12\/discodoris-stellifera-06.jpg?fit=649%2C490&amp;ssl=1\" class=\"autonav-thumb\" alt=\"Discodoris stellifera by Enric Madrenas\" loading=\"lazy\" srcset=\"https:\/\/i0.wp.com\/opistobranquis.info\/wp-content\/uploads\/2012\/12\/discodoris-stellifera-06.jpg?w=649&amp;ssl=1 649w, https:\/\/i0.wp.com\/opistobranquis.info\/wp-content\/uploads\/2012\/12\/discodoris-stellifera-06.jpg?resize=300%2C226&amp;ssl=1 300w\" sizes=\"auto, (max-width: 649px) 100vw, 649px\" data-attachment-id=\"4355\" data-permalink=\"https:\/\/opistobranquis.info\/ca\/guia\/nudibranchia\/doridina\/doridoidei\/doridoidea\/discodoris-stellifera\/discodoris-stellifera-06\/\" data-orig-file=\"https:\/\/i0.wp.com\/opistobranquis.info\/wp-content\/uploads\/2012\/12\/discodoris-stellifera-06.jpg?fit=649%2C490&amp;ssl=1\" data-orig-size=\"649,490\" data-comments-opened=\"0\" data-image-title=\"Discodoris stellifera by Enric Madrenas\" data-image-description=\"&lt;p&gt;Discodoris stellifera by Enric Madrenas&lt;\/p&gt;\n\" data-image-caption=\"&lt;p&gt;Discodoris stellifera&lt;\/p&gt;\n\" data-large-file=\"https:\/\/i0.wp.com\/opistobranquis.info\/wp-content\/uploads\/2012\/12\/discodoris-stellifera-06.jpg?fit=649%2C490&amp;ssl=1\" \/>\r\n                        <\/div>\r\n\r\n                    \r\n                    <div class=\"autonav-content\">\r\n\r\n                        <h3>\r\n                            Discodoris stellifera                        <\/h3>\r\n\r\n                    <\/div>\r\n\r\n                <\/a>\r\n\r\n            <\/article>\r\n\r\n        \r\n            \r\n            <article class=\"autonav-card\">\r\n\r\n                <a href=\"https:\/\/opistobranquis.info\/ca\/guia\/nudibranchia\/doridina\/doridoidei\/doridoidea\/doris-adrianae\/\">\r\n\r\n                    \r\n                        <div class=\"autonav-image\">\r\n\r\n                            <img decoding=\"async\" width=\"900\" height=\"676\" src=\"https:\/\/i0.wp.com\/opistobranquis.info\/wp-content\/uploads\/2021\/04\/Doris-adrianae-by-V.-Urgorri.jpg?fit=900%2C676&amp;ssl=1\" class=\"autonav-thumb\" alt=\"Doris adrianae by V. Urgorri\" loading=\"lazy\" srcset=\"https:\/\/i0.wp.com\/opistobranquis.info\/wp-content\/uploads\/2021\/04\/Doris-adrianae-by-V.-Urgorri.jpg?w=1280&amp;ssl=1 1280w, https:\/\/i0.wp.com\/opistobranquis.info\/wp-content\/uploads\/2021\/04\/Doris-adrianae-by-V.-Urgorri.jpg?resize=300%2C225&amp;ssl=1 300w, https:\/\/i0.wp.com\/opistobranquis.info\/wp-content\/uploads\/2021\/04\/Doris-adrianae-by-V.-Urgorri.jpg?resize=1024%2C769&amp;ssl=1 1024w, https:\/\/i0.wp.com\/opistobranquis.info\/wp-content\/uploads\/2021\/04\/Doris-adrianae-by-V.-Urgorri.jpg?resize=150%2C113&amp;ssl=1 150w\" sizes=\"auto, (max-width: 900px) 100vw, 900px\" data-attachment-id=\"32129\" data-permalink=\"https:\/\/opistobranquis.info\/ca\/guia\/nudibranchia\/doridina\/doridoidei\/doridoidea\/doris-adrianae\/doris-adrianae-by-v-urgorri\/\" data-orig-file=\"https:\/\/i0.wp.com\/opistobranquis.info\/wp-content\/uploads\/2021\/04\/Doris-adrianae-by-V.-Urgorri.jpg?fit=1280%2C961&amp;ssl=1\" data-orig-size=\"1280,961\" data-comments-opened=\"0\" data-image-title=\"Doris adrianae by V. Urgorri\" data-image-description=\"&lt;p&gt;Doris adrianae by V. Urgorri&lt;\/p&gt;\n\" data-image-caption=\"&lt;p&gt;Doris adrianae&lt;\/p&gt;\n\" data-large-file=\"https:\/\/i0.wp.com\/opistobranquis.info\/wp-content\/uploads\/2021\/04\/Doris-adrianae-by-V.-Urgorri.jpg?fit=900%2C676&amp;ssl=1\" \/>\r\n                        <\/div>\r\n\r\n                    \r\n                    <div class=\"autonav-content\">\r\n\r\n                        <h3>\r\n                            Doris adrianae                        <\/h3>\r\n\r\n                    <\/div>\r\n\r\n                <\/a>\r\n\r\n            <\/article>\r\n\r\n        \r\n            \r\n            <article class=\"autonav-card\">\r\n\r\n                <a href=\"https:\/\/opistobranquis.info\/ca\/guia\/nudibranchia\/doridina\/doridoidei\/doridoidea\/doris-berghi\/\">\r\n\r\n                    \r\n                        <div class=\"autonav-image\">\r\n\r\n                            <img decoding=\"async\" width=\"900\" height=\"580\" src=\"https:\/\/i0.wp.com\/opistobranquis.info\/wp-content\/uploads\/2026\/05\/Doris-berghi-%40-Sant-Feliu-de-Guixols-Spain-22.02.2019-by-Xavier-Salvador.jpg?fit=900%2C580&amp;ssl=1\" class=\"autonav-thumb\" alt=\"Doris berghi @ Sant Feliu de Gu\u00edxols, Spain 22.02.2019 by Xavier Salvador\" loading=\"lazy\" data-attachment-id=\"48365\" data-permalink=\"https:\/\/opistobranquis.info\/ca\/guia\/nudibranchia\/doridina\/doridoidei\/doridoidea\/doris-berghi\/doris-berghi-sant-feliu-de-guixols-spain-22-02-2019-by-xavier-salvador\/\" data-orig-file=\"https:\/\/i0.wp.com\/opistobranquis.info\/wp-content\/uploads\/2026\/05\/Doris-berghi-%40-Sant-Feliu-de-Guixols-Spain-22.02.2019-by-Xavier-Salvador.jpg?fit=990%2C638&amp;ssl=1\" data-orig-size=\"990,638\" data-comments-opened=\"0\" data-image-title=\"Doris berghi @ Sant Feliu de Gu\u00edxols, Spain 22.02.2019 by Xavier Salvador\" data-image-description=\"&lt;p&gt;Doris berghi @ Sant Feliu de Gu\u00edxols, Spain 22.02.2019 by Xavier Salvador&lt;\/p&gt;\n\" data-image-caption=\"&lt;p&gt;Doris berghi @ Sant Feliu de Gu\u00edxols, Spain 22.02.2019&lt;\/p&gt;\n\" data-large-file=\"https:\/\/i0.wp.com\/opistobranquis.info\/wp-content\/uploads\/2026\/05\/Doris-berghi-%40-Sant-Feliu-de-Guixols-Spain-22.02.2019-by-Xavier-Salvador.jpg?fit=900%2C580&amp;ssl=1\" \/>\r\n                        <\/div>\r\n\r\n                    \r\n                    <div class=\"autonav-content\">\r\n\r\n                        <h3>\r\n                            Doris berghi                        <\/h3>\r\n\r\n                    <\/div>\r\n\r\n                <\/a>\r\n\r\n            <\/article>\r\n\r\n        \r\n            \r\n            <article class=\"autonav-card\">\r\n\r\n                <a href=\"https:\/\/opistobranquis.info\/ca\/guia\/nudibranchia\/doridina\/doridoidei\/doridoidea\/doris-bertheloti\/\">\r\n\r\n                    \r\n                        <div class=\"autonav-image\">\r\n\r\n                            <img decoding=\"async\" width=\"900\" height=\"603\" src=\"https:\/\/i0.wp.com\/opistobranquis.info\/wp-content\/uploads\/2022\/09\/Doris-bertheloti-75.jpg?fit=900%2C603&amp;ssl=1\" class=\"autonav-thumb\" alt=\"Doris bertheloti by Enric Madrenas\" loading=\"lazy\" srcset=\"https:\/\/i0.wp.com\/opistobranquis.info\/wp-content\/uploads\/2022\/09\/Doris-bertheloti-75.jpg?w=1034&amp;ssl=1 1034w, https:\/\/i0.wp.com\/opistobranquis.info\/wp-content\/uploads\/2022\/09\/Doris-bertheloti-75.jpg?resize=300%2C201&amp;ssl=1 300w, https:\/\/i0.wp.com\/opistobranquis.info\/wp-content\/uploads\/2022\/09\/Doris-bertheloti-75.jpg?resize=1024%2C686&amp;ssl=1 1024w, https:\/\/i0.wp.com\/opistobranquis.info\/wp-content\/uploads\/2022\/09\/Doris-bertheloti-75.jpg?resize=150%2C101&amp;ssl=1 150w\" sizes=\"auto, (max-width: 900px) 100vw, 900px\" data-attachment-id=\"34896\" data-permalink=\"https:\/\/opistobranquis.info\/ca\/guia\/nudibranchia\/doridina\/doridoidei\/doridoidea\/doris-bertheloti\/doris-bertheloti-75\/\" data-orig-file=\"https:\/\/i0.wp.com\/opistobranquis.info\/wp-content\/uploads\/2022\/09\/Doris-bertheloti-75.jpg?fit=1034%2C693&amp;ssl=1\" data-orig-size=\"1034,693\" data-comments-opened=\"0\" data-image-title=\"Doris bertheloti by Enric Madrenas\" data-image-description=\"&lt;p&gt;Doris bertheloti by Enric Madrenas&lt;\/p&gt;\n\" data-image-caption=\"&lt;p&gt;Doris bertheloti &lt;\/p&gt;\n\" data-large-file=\"https:\/\/i0.wp.com\/opistobranquis.info\/wp-content\/uploads\/2022\/09\/Doris-bertheloti-75.jpg?fit=900%2C603&amp;ssl=1\" \/>\r\n                        <\/div>\r\n\r\n                    \r\n                    <div class=\"autonav-content\">\r\n\r\n                        <h3>\r\n                            Doris bertheloti                        <\/h3>\r\n\r\n                    <\/div>\r\n\r\n                <\/a>\r\n\r\n            <\/article>\r\n\r\n        \r\n            \r\n            <article class=\"autonav-card\">\r\n\r\n                <a href=\"https:\/\/opistobranquis.info\/ca\/guia\/nudibranchia\/doridina\/doridoidei\/doridoidea\/doris-marmorata\/\">\r\n\r\n                    \r\n                        <div class=\"autonav-image\">\r\n\r\n                            <img decoding=\"async\" width=\"810\" height=\"543\" src=\"https:\/\/i0.wp.com\/opistobranquis.info\/wp-content\/uploads\/2024\/02\/Doris-marmorata-16.jpg?fit=810%2C543&amp;ssl=1\" class=\"autonav-thumb\" alt=\"Doris marmorata @ L&#039;Escala, Spain by Enric Madrenas\" loading=\"lazy\" srcset=\"https:\/\/i0.wp.com\/opistobranquis.info\/wp-content\/uploads\/2024\/02\/Doris-marmorata-16.jpg?w=810&amp;ssl=1 810w, https:\/\/i0.wp.com\/opistobranquis.info\/wp-content\/uploads\/2024\/02\/Doris-marmorata-16.jpg?resize=300%2C201&amp;ssl=1 300w, https:\/\/i0.wp.com\/opistobranquis.info\/wp-content\/uploads\/2024\/02\/Doris-marmorata-16.jpg?resize=150%2C101&amp;ssl=1 150w\" sizes=\"auto, (max-width: 810px) 100vw, 810px\" data-attachment-id=\"43168\" data-permalink=\"https:\/\/opistobranquis.info\/ca\/guia\/nudibranchia\/doridina\/doridoidei\/doridoidea\/doris-marmorata\/doris-marmorata-16\/\" data-orig-file=\"https:\/\/i0.wp.com\/opistobranquis.info\/wp-content\/uploads\/2024\/02\/Doris-marmorata-16.jpg?fit=810%2C543&amp;ssl=1\" data-orig-size=\"810,543\" data-comments-opened=\"0\" data-image-title=\"Doris marmorata @ L&amp;#8217;Escala, Spain by Enric Madrenas\" data-image-description=\"&lt;p&gt;Doris marmorata @ L&amp;#8217;Escala, Spain by Enric Madrenas&lt;\/p&gt;\n\" data-image-caption=\"&lt;p&gt;Doris marmorata @ L&amp;#8217;Escala, Spain&lt;\/p&gt;\n\" data-large-file=\"https:\/\/i0.wp.com\/opistobranquis.info\/wp-content\/uploads\/2024\/02\/Doris-marmorata-16.jpg?fit=810%2C543&amp;ssl=1\" \/>\r\n                        <\/div>\r\n\r\n                    \r\n                    <div class=\"autonav-content\">\r\n\r\n                        <h3>\r\n                            Doris marmorata                        <\/h3>\r\n\r\n                    <\/div>\r\n\r\n                <\/a>\r\n\r\n            <\/article>\r\n\r\n        \r\n            \r\n            <article class=\"autonav-card\">\r\n\r\n                <a href=\"https:\/\/opistobranquis.info\/ca\/guia\/nudibranchia\/doridina\/doridoidei\/doridoidea\/doris-ocelligera\/\">\r\n\r\n                    \r\n                        <div class=\"autonav-image\">\r\n\r\n                            <img decoding=\"async\" width=\"810\" height=\"543\" src=\"https:\/\/i0.wp.com\/opistobranquis.info\/wp-content\/uploads\/2024\/07\/Doris-ocelligera-69.jpg?fit=810%2C543&amp;ssl=1\" class=\"autonav-thumb\" alt=\"Doris ocelligera @ Costa Brava by Enric Madrenas\" loading=\"lazy\" srcset=\"https:\/\/i0.wp.com\/opistobranquis.info\/wp-content\/uploads\/2024\/07\/Doris-ocelligera-69.jpg?w=810&amp;ssl=1 810w, https:\/\/i0.wp.com\/opistobranquis.info\/wp-content\/uploads\/2024\/07\/Doris-ocelligera-69.jpg?resize=300%2C201&amp;ssl=1 300w, https:\/\/i0.wp.com\/opistobranquis.info\/wp-content\/uploads\/2024\/07\/Doris-ocelligera-69.jpg?resize=150%2C101&amp;ssl=1 150w\" sizes=\"auto, (max-width: 810px) 100vw, 810px\" data-attachment-id=\"44613\" data-permalink=\"https:\/\/opistobranquis.info\/ca\/guia\/nudibranchia\/doridina\/doridoidei\/doridoidea\/doris-ocelligera\/doris-ocelligera-69\/\" data-orig-file=\"https:\/\/i0.wp.com\/opistobranquis.info\/wp-content\/uploads\/2024\/07\/Doris-ocelligera-69.jpg?fit=810%2C543&amp;ssl=1\" data-orig-size=\"810,543\" data-comments-opened=\"0\" data-image-title=\"Doris ocelligera @ Costa Brava by Enric Madrenas\" data-image-description=\"&lt;p&gt;Doris ocelligera @ Costa Brava by Enric Madrenas&lt;\/p&gt;\n\" data-image-caption=\"&lt;p&gt;Doris ocelligera @ Costa Brava&lt;\/p&gt;\n\" data-large-file=\"https:\/\/i0.wp.com\/opistobranquis.info\/wp-content\/uploads\/2024\/07\/Doris-ocelligera-69.jpg?fit=810%2C543&amp;ssl=1\" \/>\r\n                        <\/div>\r\n\r\n                    \r\n                    <div class=\"autonav-content\">\r\n\r\n                        <h3>\r\n                            Doris ocelligera                        <\/h3>\r\n\r\n                    <\/div>\r\n\r\n                <\/a>\r\n\r\n            <\/article>\r\n\r\n        \r\n            \r\n            <article class=\"autonav-card\">\r\n\r\n                <a href=\"https:\/\/opistobranquis.info\/ca\/guia\/nudibranchia\/doridina\/doridoidei\/doridoidea\/doris-sticta\/\">\r\n\r\n                    \r\n                        <div class=\"autonav-image\">\r\n\r\n                            <img decoding=\"async\" width=\"800\" height=\"600\" src=\"https:\/\/i0.wp.com\/opistobranquis.info\/wp-content\/uploads\/2014\/08\/Doris-sticta-Skomer-Island-Pembrokeshire-Wales.-22-June-1975.-Photograph-%C2%A9Bernard-Picton.jpg?fit=800%2C600&amp;ssl=1\" class=\"autonav-thumb\" alt=\"Doris sticta Skomer Island, Pembrokeshire, Wales. 22 June 1975. - Photograph \u00a9Bernard Picton\" loading=\"lazy\" data-attachment-id=\"16167\" data-permalink=\"https:\/\/opistobranquis.info\/ca\/guia\/nudibranchia\/doridina\/doridoidei\/doridoidea\/doris-sticta\/doris-sticta-skomer-island-pembrokeshire-wales-22-june-1975-photograph-bernard-picton\/\" data-orig-file=\"https:\/\/i0.wp.com\/opistobranquis.info\/wp-content\/uploads\/2014\/08\/Doris-sticta-Skomer-Island-Pembrokeshire-Wales.-22-June-1975.-Photograph-%C2%A9Bernard-Picton.jpg?fit=800%2C600&amp;ssl=1\" data-orig-size=\"800,600\" data-comments-opened=\"0\" data-image-title=\"Doris sticta Skomer Island, Pembrokeshire, Wales. 22 June 1975. &amp;#8211; Photograph \u00a9Bernard Picton\" data-image-description=\"&lt;p&gt;Doris sticta Skomer Island, Pembrokeshire, Wales. 22 June 1975. &amp;#8211; Photograph \u00a9Bernard Picton&lt;\/p&gt;\n\" data-image-caption=\"&lt;p&gt;Doris sticta, Skomer Island, Pembrokeshire, Wales. 22 June 1975&lt;\/p&gt;\n\" data-large-file=\"https:\/\/i0.wp.com\/opistobranquis.info\/wp-content\/uploads\/2014\/08\/Doris-sticta-Skomer-Island-Pembrokeshire-Wales.-22-June-1975.-Photograph-%C2%A9Bernard-Picton.jpg?fit=800%2C600&amp;ssl=1\" \/>\r\n                        <\/div>\r\n\r\n                    \r\n                    <div class=\"autonav-content\">\r\n\r\n                        <h3>\r\n                            Doris sticta                        <\/h3>\r\n\r\n                    <\/div>\r\n\r\n                <\/a>\r\n\r\n            <\/article>\r\n\r\n        \r\n            \r\n            <article class=\"autonav-card\">\r\n\r\n                <a href=\"https:\/\/opistobranquis.info\/ca\/guia\/nudibranchia\/doridina\/doridoidei\/doridoidea\/doris-verrucosa\/\">\r\n\r\n                    \r\n                        <div class=\"autonav-image\">\r\n\r\n                            <img decoding=\"async\" width=\"900\" height=\"675\" src=\"https:\/\/i0.wp.com\/opistobranquis.info\/wp-content\/uploads\/2020\/05\/Doris-verrucosa-%40-Basin-de-Thau-France-30.05.2020-by-Pascal-Girard.jpg?fit=900%2C675&amp;ssl=1\" class=\"autonav-thumb\" alt=\"Doris verrucosa @ Basin de Thau, France 30.05.2020 by Pascal Girard\" loading=\"lazy\" data-attachment-id=\"30241\" data-permalink=\"https:\/\/opistobranquis.info\/ca\/guia\/nudibranchia\/doridina\/doridoidei\/doridoidea\/doris-verrucosa\/doris-verrucosa-basin-de-thau-france-30-05-2020-by-pascal-girard\/\" data-orig-file=\"https:\/\/i0.wp.com\/opistobranquis.info\/wp-content\/uploads\/2020\/05\/Doris-verrucosa-%40-Basin-de-Thau-France-30.05.2020-by-Pascal-Girard.jpg?fit=902%2C676&amp;ssl=1\" data-orig-size=\"902,676\" data-comments-opened=\"0\" data-image-title=\"Doris verrucosa @ Basin de Thau, France 30.05.2020 by Pascal Girard\" data-image-description=\"&lt;p&gt;Doris verrucosa @ Basin de Thau, France 30.05.2020 by Pascal Girard&lt;\/p&gt;\n\" data-image-caption=\"&lt;p&gt;Doris verrucosa @ Basin de Thau, France 30.05.2020&lt;\/p&gt;\n\" data-large-file=\"https:\/\/i0.wp.com\/opistobranquis.info\/wp-content\/uploads\/2020\/05\/Doris-verrucosa-%40-Basin-de-Thau-France-30.05.2020-by-Pascal-Girard.jpg?fit=900%2C675&amp;ssl=1\" \/>\r\n                        <\/div>\r\n\r\n                    \r\n                    <div class=\"autonav-content\">\r\n\r\n                        <h3>\r\n                            Doris verrucosa                        <\/h3>\r\n\r\n                    <\/div>\r\n\r\n                <\/a>\r\n\r\n            <\/article>\r\n\r\n        \r\n            \r\n            <article class=\"autonav-card\">\r\n\r\n                <a href=\"https:\/\/opistobranquis.info\/ca\/guia\/nudibranchia\/doridina\/doridoidei\/doridoidea\/gargamella-boucheti\/\">\r\n\r\n                    \r\n                        <div class=\"autonav-image\">\r\n\r\n                            <img decoding=\"async\" width=\"812\" height=\"545\" src=\"https:\/\/i0.wp.com\/opistobranquis.info\/wp-content\/uploads\/2018\/09\/Carminodoris-bouchetti-006.jpg?fit=812%2C545&amp;ssl=1\" class=\"autonav-thumb\" alt=\"Gargamella boucheti @ Costa Brava, by Enric Madrenas\" loading=\"lazy\" srcset=\"https:\/\/i0.wp.com\/opistobranquis.info\/wp-content\/uploads\/2018\/09\/Carminodoris-bouchetti-006.jpg?w=812&amp;ssl=1 812w, https:\/\/i0.wp.com\/opistobranquis.info\/wp-content\/uploads\/2018\/09\/Carminodoris-bouchetti-006.jpg?resize=150%2C101&amp;ssl=1 150w, https:\/\/i0.wp.com\/opistobranquis.info\/wp-content\/uploads\/2018\/09\/Carminodoris-bouchetti-006.jpg?resize=300%2C201&amp;ssl=1 300w\" sizes=\"auto, (max-width: 812px) 100vw, 812px\" data-attachment-id=\"27380\" data-permalink=\"https:\/\/opistobranquis.info\/ca\/guia\/nudibranchia\/doridina\/doridoidei\/doridoidea\/gargamella-boucheti\/carminodoris-bouchetti-006\/\" data-orig-file=\"https:\/\/i0.wp.com\/opistobranquis.info\/wp-content\/uploads\/2018\/09\/Carminodoris-bouchetti-006.jpg?fit=812%2C545&amp;ssl=1\" data-orig-size=\"812,545\" data-comments-opened=\"0\" data-image-title=\"Gargamella boucheti @ Costa Brava, by Enric Madrenas\" data-image-description=\"&lt;p&gt;Gargamella boucheti @ Costa Brava, by Enric Madrenas&lt;\/p&gt;\n\" data-image-caption=\"&lt;p&gt;Gargamella boucheti @ Costa Brava&lt;\/p&gt;\n\" data-large-file=\"https:\/\/i0.wp.com\/opistobranquis.info\/wp-content\/uploads\/2018\/09\/Carminodoris-bouchetti-006.jpg?fit=812%2C545&amp;ssl=1\" \/>\r\n                        <\/div>\r\n\r\n                    \r\n                    <div class=\"autonav-content\">\r\n\r\n                        <h3>\r\n                            Gargamella boucheti                        <\/h3>\r\n\r\n                    <\/div>\r\n\r\n                <\/a>\r\n\r\n            <\/article>\r\n\r\n        \r\n            \r\n            <article class=\"autonav-card\">\r\n\r\n                <a href=\"https:\/\/opistobranquis.info\/ca\/guia\/nudibranchia\/doridina\/doridoidei\/doridoidea\/gargamella-perezi\/\">\r\n\r\n                    \r\n                        <div class=\"autonav-image\">\r\n\r\n                            <img decoding=\"async\" width=\"800\" height=\"536\" src=\"https:\/\/i0.wp.com\/opistobranquis.info\/wp-content\/uploads\/2015\/02\/Gargamella-perezi-%40-Portlligat-Cadaqu%C3%A9s-7-12-2015-by-Enric-Madrenas.jpg?fit=800%2C536&amp;ssl=1\" class=\"autonav-thumb\" alt=\"Gargamella perezi @ Portlligat (Cadaqu\u00e9s) 7-12-2015 by Enric Madrenas\" loading=\"lazy\" data-attachment-id=\"21483\" data-permalink=\"https:\/\/opistobranquis.info\/ca\/guia\/nudibranchia\/doridina\/doridoidei\/doridoidea\/gargamella-perezi\/gargamella-perezi-portlligat-cadaques-7-12-2015-by-enric-madrenas\/\" data-orig-file=\"https:\/\/i0.wp.com\/opistobranquis.info\/wp-content\/uploads\/2015\/02\/Gargamella-perezi-%40-Portlligat-Cadaqu%C3%A9s-7-12-2015-by-Enric-Madrenas.jpg?fit=800%2C536&amp;ssl=1\" data-orig-size=\"800,536\" data-comments-opened=\"0\" data-image-title=\"Gargamella perezi @ Portlligat (Cadaqu\u00e9s) 7-12-2015 by Enric Madrenas\" data-image-description=\"&lt;p&gt;Gargamella perezi @ Portlligat (Cadaqu\u00e9s) 7-12-2015 by Enric Madrenas&lt;\/p&gt;\n\" data-image-caption=\"&lt;p&gt;Gargamella perezi @ Portlligat (Cadaqu\u00e9s) 7-12-2015&lt;\/p&gt;\n\" data-large-file=\"https:\/\/i0.wp.com\/opistobranquis.info\/wp-content\/uploads\/2015\/02\/Gargamella-perezi-%40-Portlligat-Cadaqu%C3%A9s-7-12-2015-by-Enric-Madrenas.jpg?fit=800%2C536&amp;ssl=1\" \/>\r\n                        <\/div>\r\n\r\n                    \r\n                    <div class=\"autonav-content\">\r\n\r\n                        <h3>\r\n                            Gargamella perezi                        <\/h3>\r\n\r\n                    <\/div>\r\n\r\n                <\/a>\r\n\r\n            <\/article>\r\n\r\n        \r\n            \r\n            <article class=\"autonav-card\">\r\n\r\n                <a href=\"https:\/\/opistobranquis.info\/ca\/guia\/nudibranchia\/doridina\/doridoidei\/doridoidea\/gargamella-rosi\/\">\r\n\r\n                    \r\n                        <div class=\"autonav-image\">\r\n\r\n                            <img decoding=\"async\" width=\"806\" height=\"539\" src=\"https:\/\/i0.wp.com\/opistobranquis.info\/wp-content\/uploads\/2012\/05\/Rostanga-rosi-%40-Costa-Brava-by-Enric-Madrenas-05.jpg?fit=806%2C539&amp;ssl=1\" class=\"autonav-thumb\" alt=\"Discodoris rosi @ Costa Brava 2-05-2015 by Enric Madrenas\" loading=\"lazy\" data-attachment-id=\"19457\" data-permalink=\"https:\/\/opistobranquis.info\/ca\/guia\/nudibranchia\/doridina\/doridoidei\/doridoidea\/gargamella-rosi\/rostanga-rosi-costa-brava-by-enric-madrenas-05\/\" data-orig-file=\"https:\/\/i0.wp.com\/opistobranquis.info\/wp-content\/uploads\/2012\/05\/Rostanga-rosi-%40-Costa-Brava-by-Enric-Madrenas-05.jpg?fit=806%2C539&amp;ssl=1\" data-orig-size=\"806,539\" data-comments-opened=\"0\" data-image-title=\"Discodoris rosi @ Costa Brava 2-05-2015 by Enric Madrenas\" data-image-description=\"&lt;p&gt;Discodoris rosi @ Costa Brava 2-05-2015 by Enric Madrenas&lt;\/p&gt;\n\" data-image-caption=\"&lt;p&gt;Discodoris rosi @ Costa Brava 2-05-2015&lt;\/p&gt;\n\" data-large-file=\"https:\/\/i0.wp.com\/opistobranquis.info\/wp-content\/uploads\/2012\/05\/Rostanga-rosi-%40-Costa-Brava-by-Enric-Madrenas-05.jpg?fit=806%2C539&amp;ssl=1\" \/>\r\n                        <\/div>\r\n\r\n                    \r\n                    <div class=\"autonav-content\">\r\n\r\n                        <h3>\r\n                            Gargamella rosi                        <\/h3>\r\n\r\n                    <\/div>\r\n\r\n                <\/a>\r\n\r\n            <\/article>\r\n\r\n        \r\n            \r\n            <article class=\"autonav-card\">\r\n\r\n                <a href=\"https:\/\/opistobranquis.info\/ca\/guia\/nudibranchia\/doridina\/doridoidei\/doridoidea\/geitodoris-bacalladoi\/\">\r\n\r\n                    \r\n                        <div class=\"autonav-image\">\r\n\r\n                            <img decoding=\"async\" width=\"800\" height=\"533\" src=\"https:\/\/i0.wp.com\/opistobranquis.info\/wp-content\/uploads\/2018\/02\/Geitodoris-bacalladoi-by-Luis-Sanchez-Tocino-2.jpg?fit=800%2C533&amp;ssl=1\" class=\"autonav-thumb\" alt=\"Geitodoris bacalladoi @ Granada by Luis Sanchez Tocino\" loading=\"lazy\" srcset=\"https:\/\/i0.wp.com\/opistobranquis.info\/wp-content\/uploads\/2018\/02\/Geitodoris-bacalladoi-by-Luis-Sanchez-Tocino-2.jpg?w=800&amp;ssl=1 800w, https:\/\/i0.wp.com\/opistobranquis.info\/wp-content\/uploads\/2018\/02\/Geitodoris-bacalladoi-by-Luis-Sanchez-Tocino-2.jpg?resize=150%2C100&amp;ssl=1 150w, https:\/\/i0.wp.com\/opistobranquis.info\/wp-content\/uploads\/2018\/02\/Geitodoris-bacalladoi-by-Luis-Sanchez-Tocino-2.jpg?resize=300%2C200&amp;ssl=1 300w\" sizes=\"auto, (max-width: 800px) 100vw, 800px\" data-attachment-id=\"25011\" data-permalink=\"https:\/\/opistobranquis.info\/ca\/guia\/nudibranchia\/doridina\/doridoidei\/doridoidea\/geitodoris-bacalladoi\/geitodoris-bacalladoi-by-luis-sanchez-tocino-2\/\" data-orig-file=\"https:\/\/i0.wp.com\/opistobranquis.info\/wp-content\/uploads\/2018\/02\/Geitodoris-bacalladoi-by-Luis-Sanchez-Tocino-2.jpg?fit=800%2C533&amp;ssl=1\" data-orig-size=\"800,533\" data-comments-opened=\"0\" data-image-title=\"Geitodoris bacalladoi @ Granada by Luis Sanchez Tocino\" data-image-description=\"&lt;p&gt;Geitodoris bacalladoi @ Granada by Luis Sanchez Tocino&lt;\/p&gt;\n\" data-image-caption=\"&lt;p&gt;Geitodoris bacalladoi @ Granada&lt;\/p&gt;\n\" data-large-file=\"https:\/\/i0.wp.com\/opistobranquis.info\/wp-content\/uploads\/2018\/02\/Geitodoris-bacalladoi-by-Luis-Sanchez-Tocino-2.jpg?fit=800%2C533&amp;ssl=1\" \/>\r\n                        <\/div>\r\n\r\n                    \r\n                    <div class=\"autonav-content\">\r\n\r\n                        <h3>\r\n                            Geitodoris bacalladoi                        <\/h3>\r\n\r\n                    <\/div>\r\n\r\n                <\/a>\r\n\r\n            <\/article>\r\n\r\n        \r\n            \r\n            <article class=\"autonav-card\">\r\n\r\n                <a href=\"https:\/\/opistobranquis.info\/ca\/guia\/nudibranchia\/doridina\/doridoidei\/doridoidea\/geitodoris-bonosi\/\">\r\n\r\n                    \r\n                        <div class=\"autonav-image\">\r\n\r\n                            <img decoding=\"async\" width=\"775\" height=\"510\" src=\"https:\/\/i0.wp.com\/opistobranquis.info\/wp-content\/uploads\/2015\/02\/Geitodoris-bonosi-by-Manuel-Ballesteros.jpg?fit=775%2C510&amp;ssl=1\" class=\"autonav-thumb\" alt=\"Geitodoris bonosi by Manuel Ballesteros\" loading=\"lazy\" srcset=\"https:\/\/i0.wp.com\/opistobranquis.info\/wp-content\/uploads\/2015\/02\/Geitodoris-bonosi-by-Manuel-Ballesteros.jpg?w=775&amp;ssl=1 775w, https:\/\/i0.wp.com\/opistobranquis.info\/wp-content\/uploads\/2015\/02\/Geitodoris-bonosi-by-Manuel-Ballesteros.jpg?resize=150%2C99&amp;ssl=1 150w, https:\/\/i0.wp.com\/opistobranquis.info\/wp-content\/uploads\/2015\/02\/Geitodoris-bonosi-by-Manuel-Ballesteros.jpg?resize=300%2C197&amp;ssl=1 300w\" sizes=\"auto, (max-width: 775px) 100vw, 775px\" data-attachment-id=\"18512\" data-permalink=\"https:\/\/opistobranquis.info\/ca\/guia\/nudibranchia\/doridina\/doridoidei\/doridoidea\/geitodoris-bonosi\/geitodoris-bonosi-by-manuel-ballesteros\/\" data-orig-file=\"https:\/\/i0.wp.com\/opistobranquis.info\/wp-content\/uploads\/2015\/02\/Geitodoris-bonosi-by-Manuel-Ballesteros.jpg?fit=775%2C510&amp;ssl=1\" data-orig-size=\"775,510\" data-comments-opened=\"0\" data-image-title=\"Geitodoris bonosi by Manuel Ballesteros\" data-image-description=\"&lt;p&gt;Geitodoris bonosi by Manuel Ballesteros&lt;\/p&gt;\n\" data-image-caption=\"&lt;p&gt;Geitodoris bonosi&lt;\/p&gt;\n\" data-large-file=\"https:\/\/i0.wp.com\/opistobranquis.info\/wp-content\/uploads\/2015\/02\/Geitodoris-bonosi-by-Manuel-Ballesteros.jpg?fit=775%2C510&amp;ssl=1\" \/>\r\n                        <\/div>\r\n\r\n                    \r\n                    <div class=\"autonav-content\">\r\n\r\n                        <h3>\r\n                            Geitodoris bonosi                        <\/h3>\r\n\r\n                    <\/div>\r\n\r\n                <\/a>\r\n\r\n            <\/article>\r\n\r\n        \r\n            \r\n            <article class=\"autonav-card\">\r\n\r\n                <a href=\"https:\/\/opistobranquis.info\/ca\/guia\/nudibranchia\/doridina\/doridoidei\/doridoidea\/geitodoris-perfossa\/\">\r\n\r\n                    \r\n                        <div class=\"autonav-image\">\r\n\r\n                            <img decoding=\"async\" width=\"600\" height=\"400\" src=\"https:\/\/i0.wp.com\/opistobranquis.info\/wp-content\/uploads\/2015\/02\/Geitodoris-perfossa-%40-Madeira-by-Peter-Wirtz.jpg?fit=600%2C400&amp;ssl=1\" class=\"autonav-thumb\" alt=\"Geitodoris perfossa @ Madeira by Peter Wirtz\" loading=\"lazy\" data-attachment-id=\"18513\" data-permalink=\"https:\/\/opistobranquis.info\/ca\/guia\/nudibranchia\/doridina\/doridoidei\/doridoidea\/geitodoris-perfossa\/geitodoris-perfossa-madeira-by-peter-wirtz\/\" data-orig-file=\"https:\/\/i0.wp.com\/opistobranquis.info\/wp-content\/uploads\/2015\/02\/Geitodoris-perfossa-%40-Madeira-by-Peter-Wirtz.jpg?fit=600%2C400&amp;ssl=1\" data-orig-size=\"600,400\" data-comments-opened=\"0\" data-image-title=\"Geitodoris perfossa @ Madeira by Peter Wirtz\" data-image-description=\"&lt;p&gt;Geitodoris perfossa @ Madeira by Peter Wirtz&lt;\/p&gt;\n\" data-image-caption=\"&lt;p&gt;Geitodoris perfossa @ Madeira&lt;\/p&gt;\n\" data-large-file=\"https:\/\/i0.wp.com\/opistobranquis.info\/wp-content\/uploads\/2015\/02\/Geitodoris-perfossa-%40-Madeira-by-Peter-Wirtz.jpg?fit=600%2C400&amp;ssl=1\" \/>\r\n                        <\/div>\r\n\r\n                    \r\n                    <div class=\"autonav-content\">\r\n\r\n                        <h3>\r\n                            Geitodoris perfossa                        <\/h3>\r\n\r\n                    <\/div>\r\n\r\n                <\/a>\r\n\r\n            <\/article>\r\n\r\n        \r\n            \r\n            <article class=\"autonav-card\">\r\n\r\n                <a href=\"https:\/\/opistobranquis.info\/ca\/guia\/nudibranchia\/doridina\/doridoidei\/doridoidea\/geitodoris-planata\/\">\r\n\r\n                    \r\n                        <div class=\"autonav-image\">\r\n\r\n                            <img decoding=\"async\" width=\"806\" height=\"539\" src=\"https:\/\/i0.wp.com\/opistobranquis.info\/wp-content\/uploads\/2012\/05\/Geitodoris-planata-by-Enric-Madrenas.jpg?fit=806%2C539&amp;ssl=1\" class=\"autonav-thumb\" alt=\"Geitodoris planata by Enric Madrenas\" loading=\"lazy\" srcset=\"https:\/\/i0.wp.com\/opistobranquis.info\/wp-content\/uploads\/2012\/05\/Geitodoris-planata-by-Enric-Madrenas.jpg?w=806&amp;ssl=1 806w, https:\/\/i0.wp.com\/opistobranquis.info\/wp-content\/uploads\/2012\/05\/Geitodoris-planata-by-Enric-Madrenas.jpg?resize=150%2C100&amp;ssl=1 150w, https:\/\/i0.wp.com\/opistobranquis.info\/wp-content\/uploads\/2012\/05\/Geitodoris-planata-by-Enric-Madrenas.jpg?resize=300%2C201&amp;ssl=1 300w\" sizes=\"auto, (max-width: 806px) 100vw, 806px\" data-attachment-id=\"19976\" data-permalink=\"https:\/\/opistobranquis.info\/ca\/guia\/nudibranchia\/doridina\/doridoidei\/doridoidea\/geitodoris-planata\/geitodoris-planata-by-enric-madrenas\/\" data-orig-file=\"https:\/\/i0.wp.com\/opistobranquis.info\/wp-content\/uploads\/2012\/05\/Geitodoris-planata-by-Enric-Madrenas.jpg?fit=806%2C539&amp;ssl=1\" data-orig-size=\"806,539\" data-comments-opened=\"0\" data-image-title=\"Geitodoris planata by Enric Madrenas\" data-image-description=\"&lt;p&gt;Geitodoris planata by Enric Madrenas&lt;\/p&gt;\n\" data-image-caption=\"&lt;p&gt;Geitodoris planata&lt;\/p&gt;\n\" data-large-file=\"https:\/\/i0.wp.com\/opistobranquis.info\/wp-content\/uploads\/2012\/05\/Geitodoris-planata-by-Enric-Madrenas.jpg?fit=806%2C539&amp;ssl=1\" \/>\r\n                        <\/div>\r\n\r\n                    \r\n                    <div class=\"autonav-content\">\r\n\r\n                        <h3>\r\n                            Geitodoris planata                        <\/h3>\r\n\r\n                    <\/div>\r\n\r\n                <\/a>\r\n\r\n            <\/article>\r\n\r\n        \r\n            \r\n            <article class=\"autonav-card\">\r\n\r\n                <a href=\"https:\/\/opistobranquis.info\/ca\/guia\/nudibranchia\/doridina\/doridoidei\/doridoidea\/geitodoris-portmanni\/\">\r\n\r\n                    \r\n                        <div class=\"autonav-image\">\r\n\r\n                            <img decoding=\"async\" width=\"808\" height=\"541\" src=\"https:\/\/i0.wp.com\/opistobranquis.info\/wp-content\/uploads\/2018\/09\/Geitodoris-portmanni-80.jpg?fit=808%2C541&amp;ssl=1\" class=\"autonav-thumb\" alt=\"Geitodoris portmanni @ Costa Brava by Enric Madrenas\" loading=\"lazy\" srcset=\"https:\/\/i0.wp.com\/opistobranquis.info\/wp-content\/uploads\/2018\/09\/Geitodoris-portmanni-80.jpg?w=808&amp;ssl=1 808w, https:\/\/i0.wp.com\/opistobranquis.info\/wp-content\/uploads\/2018\/09\/Geitodoris-portmanni-80.jpg?resize=150%2C100&amp;ssl=1 150w, https:\/\/i0.wp.com\/opistobranquis.info\/wp-content\/uploads\/2018\/09\/Geitodoris-portmanni-80.jpg?resize=300%2C201&amp;ssl=1 300w\" sizes=\"auto, (max-width: 808px) 100vw, 808px\" data-attachment-id=\"27381\" data-permalink=\"https:\/\/opistobranquis.info\/ca\/guia\/nudibranchia\/doridina\/doridoidei\/doridoidea\/geitodoris-portmanni\/geitodoris-portmanni-80\/\" data-orig-file=\"https:\/\/i0.wp.com\/opistobranquis.info\/wp-content\/uploads\/2018\/09\/Geitodoris-portmanni-80.jpg?fit=808%2C541&amp;ssl=1\" data-orig-size=\"808,541\" data-comments-opened=\"0\" data-image-title=\"Geitodoris portmanni @ Costa Brava by Enric Madrenas\" data-image-description=\"&lt;p&gt;Geitodoris portmanni @ Costa Brava by Enric Madrenas&lt;\/p&gt;\n\" data-image-caption=\"&lt;p&gt;Geitodoris portmanni @ Costa Brava&lt;\/p&gt;\n\" data-large-file=\"https:\/\/i0.wp.com\/opistobranquis.info\/wp-content\/uploads\/2018\/09\/Geitodoris-portmanni-80.jpg?fit=808%2C541&amp;ssl=1\" \/>\r\n                        <\/div>\r\n\r\n                    \r\n                    <div class=\"autonav-content\">\r\n\r\n                        <h3>\r\n                            Geitodoris portmanni                        <\/h3>\r\n\r\n                    <\/div>\r\n\r\n                <\/a>\r\n\r\n            <\/article>\r\n\r\n        \r\n            \r\n            <article class=\"autonav-card\">\r\n\r\n                <a href=\"https:\/\/opistobranquis.info\/ca\/guia\/nudibranchia\/doridina\/doridoidei\/doridoidea\/geitodoris-pusae\/\">\r\n\r\n                    \r\n                        <div class=\"autonav-image\">\r\n\r\n                            <img decoding=\"async\" width=\"595\" height=\"458\" src=\"https:\/\/i0.wp.com\/opistobranquis.info\/wp-content\/uploads\/2015\/02\/Geitodoris-pusae-%40-Lake-Worth-lagoon-West-Palm-Beach-Florida-USA-24-09-2009-by-Anne-DuPont.jpg?fit=595%2C458&amp;ssl=1\" class=\"autonav-thumb\" alt=\"Geitodoris pusae @ Lake Worth lagoon, West Palm Beach, Florida, USA 24-09-2009 by Anne DuPont\" loading=\"lazy\" data-attachment-id=\"18521\" data-permalink=\"https:\/\/opistobranquis.info\/ca\/guia\/nudibranchia\/doridina\/doridoidei\/doridoidea\/geitodoris-pusae\/geitodoris-pusae-lake-worth-lagoon-west-palm-beach-florida-usa-24-09-2009-by-anne-dupont\/\" data-orig-file=\"https:\/\/i0.wp.com\/opistobranquis.info\/wp-content\/uploads\/2015\/02\/Geitodoris-pusae-%40-Lake-Worth-lagoon-West-Palm-Beach-Florida-USA-24-09-2009-by-Anne-DuPont.jpg?fit=595%2C458&amp;ssl=1\" data-orig-size=\"595,458\" data-comments-opened=\"0\" data-image-title=\"Geitodoris pusae @ Lake Worth lagoon, West Palm Beach, Florida, USA 24-09-2009 by Anne DuPont\" data-image-description=\"&lt;p&gt;Geitodoris pusae @ Lake Worth lagoon, West Palm Beach, Florida, USA 24-09-2009 by Anne DuPont&lt;\/p&gt;\n\" data-image-caption=\"&lt;p&gt;Geitodoris pusae @ Lake Worth lagoon, West Palm Beach, Florida, USA 24-09-2009&lt;\/p&gt;\n\" data-large-file=\"https:\/\/i0.wp.com\/opistobranquis.info\/wp-content\/uploads\/2015\/02\/Geitodoris-pusae-%40-Lake-Worth-lagoon-West-Palm-Beach-Florida-USA-24-09-2009-by-Anne-DuPont.jpg?fit=595%2C458&amp;ssl=1\" \/>\r\n                        <\/div>\r\n\r\n                    \r\n                    <div class=\"autonav-content\">\r\n\r\n                        <h3>\r\n                            Geitodoris pusae                        <\/h3>\r\n\r\n                    <\/div>\r\n\r\n                <\/a>\r\n\r\n            <\/article>\r\n\r\n        \r\n            \r\n            <article class=\"autonav-card\">\r\n\r\n                <a href=\"https:\/\/opistobranquis.info\/ca\/guia\/nudibranchia\/doridina\/doridoidei\/doridoidea\/geitodoris-rubens\/\">\r\n\r\n                    \r\n                        <div class=\"autonav-image\">\r\n\r\n                            <img decoding=\"async\" width=\"580\" height=\"342\" src=\"https:\/\/i0.wp.com\/opistobranquis.info\/wp-content\/uploads\/2013\/09\/nudiblank.jpg?fit=580%2C342&amp;ssl=1\" class=\"autonav-thumb\" alt=\"\" loading=\"lazy\" srcset=\"https:\/\/i0.wp.com\/opistobranquis.info\/wp-content\/uploads\/2013\/09\/nudiblank.jpg?w=580&amp;ssl=1 580w, https:\/\/i0.wp.com\/opistobranquis.info\/wp-content\/uploads\/2013\/09\/nudiblank.jpg?resize=150%2C88&amp;ssl=1 150w, https:\/\/i0.wp.com\/opistobranquis.info\/wp-content\/uploads\/2013\/09\/nudiblank.jpg?resize=300%2C176&amp;ssl=1 300w\" sizes=\"auto, (max-width: 580px) 100vw, 580px\" data-attachment-id=\"10376\" data-permalink=\"https:\/\/opistobranquis.info\/ca\/nudiblank\/\" data-orig-file=\"https:\/\/i0.wp.com\/opistobranquis.info\/wp-content\/uploads\/2013\/09\/nudiblank.jpg?fit=580%2C342&amp;ssl=1\" data-orig-size=\"580,342\" data-comments-opened=\"0\" data-image-title=\"nudiblank\" data-image-description=\"\" data-image-caption=\"\" data-large-file=\"https:\/\/i0.wp.com\/opistobranquis.info\/wp-content\/uploads\/2013\/09\/nudiblank.jpg?fit=580%2C342&amp;ssl=1\" \/>\r\n                        <\/div>\r\n\r\n                    \r\n                    <div class=\"autonav-content\">\r\n\r\n                        <h3>\r\n                            Geitodoris rubens                        <\/h3>\r\n\r\n                    <\/div>\r\n\r\n                <\/a>\r\n\r\n            <\/article>\r\n\r\n        \r\n            \r\n            <article class=\"autonav-card\">\r\n\r\n                <a href=\"https:\/\/opistobranquis.info\/ca\/guia\/nudibranchia\/doridina\/doridoidei\/doridoidea\/halgerda-willeyi\/\">\r\n\r\n                    \r\n                        <div class=\"autonav-image\">\r\n\r\n                            <img decoding=\"async\" width=\"750\" height=\"500\" src=\"https:\/\/i0.wp.com\/opistobranquis.info\/wp-content\/uploads\/2015\/05\/Halgerda_willeyi-%40-Malapascua-Philippines-12m-5-03-2005-by-Erwin-K%C3%B6hler.jpg?fit=750%2C500&amp;ssl=1\" class=\"autonav-thumb\" alt=\"Halgerda_willeyi @ Malapascua, Philippines 12m 5-03-2005 by Erwin K\u00f6hler\" loading=\"lazy\" data-attachment-id=\"19412\" data-permalink=\"https:\/\/opistobranquis.info\/ca\/guia\/nudibranchia\/doridina\/doridoidei\/doridoidea\/halgerda-willeyi\/halgerda_willeyi-malapascua-philippines-12m-5-03-2005-by-erwin-kohler\/\" data-orig-file=\"https:\/\/i0.wp.com\/opistobranquis.info\/wp-content\/uploads\/2015\/05\/Halgerda_willeyi-%40-Malapascua-Philippines-12m-5-03-2005-by-Erwin-K%C3%B6hler.jpg?fit=750%2C500&amp;ssl=1\" data-orig-size=\"750,500\" data-comments-opened=\"0\" data-image-title=\"Halgerda_willeyi @ Malapascua, Philippines 12m 5-03-2005 by Erwin K\u00f6hler\" data-image-description=\"&lt;p&gt;Halgerda_willeyi @ Malapascua, Philippines 12m 5-03-2005 by Erwin K\u00f6hler&lt;\/p&gt;\n\" data-image-caption=\"&lt;p&gt;Halgerda_willeyi @ Malapascua, Philippines 12m 5-03-2005&lt;\/p&gt;\n\" data-large-file=\"https:\/\/i0.wp.com\/opistobranquis.info\/wp-content\/uploads\/2015\/05\/Halgerda_willeyi-%40-Malapascua-Philippines-12m-5-03-2005-by-Erwin-K%C3%B6hler.jpg?fit=750%2C500&amp;ssl=1\" \/>\r\n                        <\/div>\r\n\r\n                    \r\n                    <div class=\"autonav-content\">\r\n\r\n                        <h3>\r\n                            Halgerda willeyi                        <\/h3>\r\n\r\n                    <\/div>\r\n\r\n                <\/a>\r\n\r\n            <\/article>\r\n\r\n        \r\n            \r\n            <article class=\"autonav-card\">\r\n\r\n                <a href=\"https:\/\/opistobranquis.info\/ca\/guia\/nudibranchia\/doridina\/doridoidei\/doridoidea\/jorunna-efe\/\">\r\n\r\n                    \r\n                        <div class=\"autonav-image\">\r\n\r\n                            <img decoding=\"async\" width=\"900\" height=\"675\" src=\"https:\/\/i0.wp.com\/opistobranquis.info\/wp-content\/uploads\/2025\/07\/Jorunna-efe-%40-Gran-Canaria-by-Mario-Matute-00-scaled.jpg?fit=900%2C675&amp;ssl=1\" class=\"autonav-thumb\" alt=\"Jorunna efe @ Gran Canaria by Mario Matute\" loading=\"lazy\" data-attachment-id=\"47267\" data-permalink=\"https:\/\/opistobranquis.info\/ca\/guia\/nudibranchia\/doridina\/doridoidei\/doridoidea\/jorunna-efe\/jorunna-efe-gran-canaria-by-mario-matute-00\/\" data-orig-file=\"https:\/\/i0.wp.com\/opistobranquis.info\/wp-content\/uploads\/2025\/07\/Jorunna-efe-%40-Gran-Canaria-by-Mario-Matute-00-scaled.jpg?fit=2560%2C1921&amp;ssl=1\" data-orig-size=\"2560,1921\" data-comments-opened=\"0\" data-image-title=\"Jorunna efe @ Gran Canaria by Mario Matute\" data-image-description=\"&lt;p&gt;Jorunna efe @ Gran Canaria by Mario Matute&lt;\/p&gt;\n\" data-image-caption=\"&lt;p&gt;Jorunna efe @ Gran Canaria&lt;\/p&gt;\n\" data-large-file=\"https:\/\/i0.wp.com\/opistobranquis.info\/wp-content\/uploads\/2025\/07\/Jorunna-efe-%40-Gran-Canaria-by-Mario-Matute-00-scaled.jpg?fit=900%2C675&amp;ssl=1\" \/>\r\n                        <\/div>\r\n\r\n                    \r\n                    <div class=\"autonav-content\">\r\n\r\n                        <h3>\r\n                            Jorunna efe                        <\/h3>\r\n\r\n                    <\/div>\r\n\r\n                <\/a>\r\n\r\n            <\/article>\r\n\r\n        \r\n            \r\n            <article class=\"autonav-card\">\r\n\r\n                <a href=\"https:\/\/opistobranquis.info\/ca\/guia\/nudibranchia\/doridina\/doridoidei\/doridoidea\/jorunna-evansi\/\">\r\n\r\n                    \r\n                        <div class=\"autonav-image\">\r\n\r\n                            <img decoding=\"async\" width=\"808\" height=\"520\" src=\"https:\/\/i0.wp.com\/opistobranquis.info\/wp-content\/uploads\/2012\/12\/jorunna-luisiae002.jpg?fit=808%2C520&amp;ssl=1\" class=\"autonav-thumb\" alt=\"Jorunna evansi\" loading=\"lazy\" srcset=\"https:\/\/i0.wp.com\/opistobranquis.info\/wp-content\/uploads\/2012\/12\/jorunna-luisiae002.jpg?w=808&amp;ssl=1 808w, https:\/\/i0.wp.com\/opistobranquis.info\/wp-content\/uploads\/2012\/12\/jorunna-luisiae002.jpg?resize=300%2C193&amp;ssl=1 300w\" sizes=\"auto, (max-width: 808px) 100vw, 808px\" data-attachment-id=\"4654\" data-permalink=\"https:\/\/opistobranquis.info\/ca\/guia\/nudibranchia\/doridina\/doridoidei\/doridoidea\/jorunna-evansi\/jorunna-luisiae002\/\" data-orig-file=\"https:\/\/i0.wp.com\/opistobranquis.info\/wp-content\/uploads\/2012\/12\/jorunna-luisiae002.jpg?fit=808%2C520&amp;ssl=1\" data-orig-size=\"808,520\" data-comments-opened=\"0\" data-image-title=\"Jorunna evansi\" data-image-description=\"&lt;p&gt;Jorunna evansi&lt;\/p&gt;\n\" data-image-caption=\"&lt;p&gt;Jorunna evansi&lt;\/p&gt;\n\" data-large-file=\"https:\/\/i0.wp.com\/opistobranquis.info\/wp-content\/uploads\/2012\/12\/jorunna-luisiae002.jpg?fit=808%2C520&amp;ssl=1\" \/>\r\n                        <\/div>\r\n\r\n                    \r\n                    <div class=\"autonav-content\">\r\n\r\n                        <h3>\r\n                            Jorunna evansi                        <\/h3>\r\n\r\n                    <\/div>\r\n\r\n                <\/a>\r\n\r\n            <\/article>\r\n\r\n        \r\n            \r\n            <article class=\"autonav-card\">\r\n\r\n                <a href=\"https:\/\/opistobranquis.info\/ca\/guia\/nudibranchia\/doridina\/doridoidei\/doridoidea\/jorunna-onubensis\/\">\r\n\r\n                    \r\n                        <div class=\"autonav-image\">\r\n\r\n                            <img decoding=\"async\" width=\"808\" height=\"524\" src=\"https:\/\/i0.wp.com\/opistobranquis.info\/wp-content\/uploads\/2013\/10\/Jorunna-onubensis.jpg?fit=808%2C524&amp;ssl=1\" class=\"autonav-thumb\" alt=\"Jorunna onubensis by Jos\u00e9 Carlos Garc\u00eda G\u00f3mez\" loading=\"lazy\" srcset=\"https:\/\/i0.wp.com\/opistobranquis.info\/wp-content\/uploads\/2013\/10\/Jorunna-onubensis.jpg?w=808&amp;ssl=1 808w, https:\/\/i0.wp.com\/opistobranquis.info\/wp-content\/uploads\/2013\/10\/Jorunna-onubensis.jpg?resize=150%2C97&amp;ssl=1 150w, https:\/\/i0.wp.com\/opistobranquis.info\/wp-content\/uploads\/2013\/10\/Jorunna-onubensis.jpg?resize=300%2C195&amp;ssl=1 300w, https:\/\/i0.wp.com\/opistobranquis.info\/wp-content\/uploads\/2013\/10\/Jorunna-onubensis.jpg?resize=768%2C498&amp;ssl=1 768w\" sizes=\"auto, (max-width: 808px) 100vw, 808px\" data-attachment-id=\"21132\" data-permalink=\"https:\/\/opistobranquis.info\/ca\/guia\/nudibranchia\/doridina\/doridoidei\/doridoidea\/jorunna-onubensis\/jorunna-onubensis-2\/\" data-orig-file=\"https:\/\/i0.wp.com\/opistobranquis.info\/wp-content\/uploads\/2013\/10\/Jorunna-onubensis.jpg?fit=808%2C524&amp;ssl=1\" data-orig-size=\"808,524\" data-comments-opened=\"0\" data-image-title=\"Jorunna onubensis by Jos\u00e9 Carlos Garc\u00eda G\u00f3mez\" data-image-description=\"&lt;p&gt;Jorunna onubensis by Jos\u00e9 Carlos Garc\u00eda G\u00f3mez&lt;\/p&gt;\n\" data-image-caption=\"&lt;p&gt;Jorunna onubensis&lt;\/p&gt;\n\" data-large-file=\"https:\/\/i0.wp.com\/opistobranquis.info\/wp-content\/uploads\/2013\/10\/Jorunna-onubensis.jpg?fit=808%2C524&amp;ssl=1\" \/>\r\n                        <\/div>\r\n\r\n                    \r\n                    <div class=\"autonav-content\">\r\n\r\n                        <h3>\r\n                            Jorunna onubensis                        <\/h3>\r\n\r\n                    <\/div>\r\n\r\n                <\/a>\r\n\r\n            <\/article>\r\n\r\n        \r\n            \r\n            <article class=\"autonav-card\">\r\n\r\n                <a href=\"https:\/\/opistobranquis.info\/ca\/guia\/nudibranchia\/doridina\/doridoidei\/doridoidea\/jorunna-spazzola\/\">\r\n\r\n                    \r\n                        <div class=\"autonav-image\">\r\n\r\n                            <img decoding=\"async\" width=\"900\" height=\"675\" src=\"https:\/\/i0.wp.com\/opistobranquis.info\/wp-content\/uploads\/2019\/01\/Jorunna-spazzola-%40-Roatan-Honduras-Caribbean-30-03-2017-by-Mickey-Charteris.jpg?fit=900%2C675&amp;ssl=1\" class=\"autonav-thumb\" alt=\"Jorunna spazzola @ Roatan, Honduras, Caribbean 30-03-2017 by Mickey Charteris\" loading=\"lazy\" data-attachment-id=\"27987\" data-permalink=\"https:\/\/opistobranquis.info\/ca\/guia\/nudibranchia\/doridina\/doridoidei\/doridoidea\/jorunna-spazzola\/jorunna-spazzola-roatan-honduras-caribbean-30-03-2017-by-mickey-charteris-2\/\" data-orig-file=\"https:\/\/i0.wp.com\/opistobranquis.info\/wp-content\/uploads\/2019\/01\/Jorunna-spazzola-%40-Roatan-Honduras-Caribbean-30-03-2017-by-Mickey-Charteris.jpg?fit=1024%2C768&amp;ssl=1\" data-orig-size=\"1024,768\" data-comments-opened=\"0\" data-image-title=\"Jorunna spazzola @ Roatan, Honduras, Caribbean 30-03-2017 by Mickey Charteris\" data-image-description=\"&lt;p&gt;Jorunna spazzola @ Roatan, Honduras, Caribbean 30-03-2017 by Mickey Charteris&lt;\/p&gt;\n\" data-image-caption=\"&lt;p&gt;Jorunna spazzola @ Roatan, Honduras, Caribbean 30-03-2017&lt;\/p&gt;\n\" data-large-file=\"https:\/\/i0.wp.com\/opistobranquis.info\/wp-content\/uploads\/2019\/01\/Jorunna-spazzola-%40-Roatan-Honduras-Caribbean-30-03-2017-by-Mickey-Charteris.jpg?fit=900%2C675&amp;ssl=1\" \/>\r\n                        <\/div>\r\n\r\n                    \r\n                    <div class=\"autonav-content\">\r\n\r\n                        <h3>\r\n                            Jorunna spazzola                        <\/h3>\r\n\r\n                    <\/div>\r\n\r\n                <\/a>\r\n\r\n            <\/article>\r\n\r\n        \r\n            \r\n            <article class=\"autonav-card\">\r\n\r\n                <a href=\"https:\/\/opistobranquis.info\/ca\/guia\/nudibranchia\/doridina\/doridoidei\/doridoidea\/jorunna-tomentosa\/\">\r\n\r\n                    \r\n                        <div class=\"autonav-image\">\r\n\r\n                            <img decoding=\"async\" width=\"900\" height=\"599\" src=\"https:\/\/i0.wp.com\/opistobranquis.info\/wp-content\/uploads\/2021\/03\/Jorunna-tomentosa-%40-Etang-de-Thau-France-8.03.2021-by-Pascal-Girard.jpg?fit=900%2C599&amp;ssl=1\" class=\"autonav-thumb\" alt=\"Jorunna tomentosa @ Etang de Thau, France 8.03.2021 by Pascal Girard\" loading=\"lazy\" data-attachment-id=\"31895\" data-permalink=\"https:\/\/opistobranquis.info\/ca\/guia\/nudibranchia\/doridina\/doridoidei\/doridoidea\/jorunna-tomentosa\/jorunna-tomentosa-etang-de-thau-france-8-03-2021-by-pascal-girard\/\" data-orig-file=\"https:\/\/i0.wp.com\/opistobranquis.info\/wp-content\/uploads\/2021\/03\/Jorunna-tomentosa-%40-Etang-de-Thau-France-8.03.2021-by-Pascal-Girard.jpg?fit=1280%2C853&amp;ssl=1\" data-orig-size=\"1280,853\" data-comments-opened=\"0\" data-image-title=\"Jorunna tomentosa @ Etang de Thau, France 8.03.2021 by Pascal Girard\" data-image-description=\"&lt;p&gt;Jorunna tomentosa @ Etang de Thau, France 8.03.2021 by Pascal Girard&lt;\/p&gt;\n\" data-image-caption=\"&lt;p&gt;Jorunna tomentosa @ Etang de Thau, France 8.03.2021&lt;\/p&gt;\n\" data-large-file=\"https:\/\/i0.wp.com\/opistobranquis.info\/wp-content\/uploads\/2021\/03\/Jorunna-tomentosa-%40-Etang-de-Thau-France-8.03.2021-by-Pascal-Girard.jpg?fit=900%2C599&amp;ssl=1\" \/>\r\n                        <\/div>\r\n\r\n                    \r\n                    <div class=\"autonav-content\">\r\n\r\n                        <h3>\r\n                            Jorunna tomentosa                        <\/h3>\r\n\r\n                    <\/div>\r\n\r\n                <\/a>\r\n\r\n            <\/article>\r\n\r\n        \r\n            \r\n            <article class=\"autonav-card\">\r\n\r\n                <a href=\"https:\/\/opistobranquis.info\/ca\/guia\/nudibranchia\/doridina\/doridoidei\/doridoidea\/paradoris-indecora\/\">\r\n\r\n                    \r\n                        <div class=\"autonav-image\">\r\n\r\n                            <img decoding=\"async\" width=\"650\" height=\"438\" src=\"https:\/\/i0.wp.com\/opistobranquis.info\/wp-content\/uploads\/2012\/12\/paradoris-indecora-28.jpg?fit=650%2C438&amp;ssl=1\" class=\"autonav-thumb\" alt=\"Paradoris indecora by Enric Madrenas\" loading=\"lazy\" srcset=\"https:\/\/i0.wp.com\/opistobranquis.info\/wp-content\/uploads\/2012\/12\/paradoris-indecora-28.jpg?w=650&amp;ssl=1 650w, https:\/\/i0.wp.com\/opistobranquis.info\/wp-content\/uploads\/2012\/12\/paradoris-indecora-28.jpg?resize=300%2C202&amp;ssl=1 300w\" sizes=\"auto, (max-width: 650px) 100vw, 650px\" data-attachment-id=\"4739\" data-permalink=\"https:\/\/opistobranquis.info\/ca\/guia\/nudibranchia\/doridina\/doridoidei\/doridoidea\/paradoris-indecora\/paradoris-indecora-28\/\" data-orig-file=\"https:\/\/i0.wp.com\/opistobranquis.info\/wp-content\/uploads\/2012\/12\/paradoris-indecora-28.jpg?fit=650%2C438&amp;ssl=1\" data-orig-size=\"650,438\" data-comments-opened=\"0\" data-image-title=\"Paradoris indecora by Enric Madrenas\" data-image-description=\"&lt;p&gt;Paradoris indecora by Enric Madrenas&lt;\/p&gt;\n\" data-image-caption=\"&lt;p&gt;Paradoris indecora&lt;\/p&gt;\n\" data-large-file=\"https:\/\/i0.wp.com\/opistobranquis.info\/wp-content\/uploads\/2012\/12\/paradoris-indecora-28.jpg?fit=650%2C438&amp;ssl=1\" \/>\r\n                        <\/div>\r\n\r\n                    \r\n                    <div class=\"autonav-content\">\r\n\r\n                        <h3>\r\n                            Paradoris indecora                        <\/h3>\r\n\r\n                    <\/div>\r\n\r\n                <\/a>\r\n\r\n            <\/article>\r\n\r\n        \r\n            \r\n            <article class=\"autonav-card\">\r\n\r\n                <a href=\"https:\/\/opistobranquis.info\/ca\/guia\/nudibranchia\/doridina\/doridoidei\/doridoidea\/peltodoris-atromaculata\/\">\r\n\r\n                    \r\n                        <div class=\"autonav-image\">\r\n\r\n                            <img decoding=\"async\" width=\"650\" height=\"407\" src=\"https:\/\/i0.wp.com\/opistobranquis.info\/wp-content\/uploads\/2012\/12\/peltodoris-atromaculata-34.jpg?fit=650%2C407&amp;ssl=1\" class=\"autonav-thumb\" alt=\"Peltodoris atromaculata @ Costa Brava, Spain by Enric Madrenas\" loading=\"lazy\" srcset=\"https:\/\/i0.wp.com\/opistobranquis.info\/wp-content\/uploads\/2012\/12\/peltodoris-atromaculata-34.jpg?w=650&amp;ssl=1 650w, https:\/\/i0.wp.com\/opistobranquis.info\/wp-content\/uploads\/2012\/12\/peltodoris-atromaculata-34.jpg?resize=300%2C187&amp;ssl=1 300w\" sizes=\"auto, (max-width: 650px) 100vw, 650px\" data-attachment-id=\"4752\" data-permalink=\"https:\/\/opistobranquis.info\/ca\/guia\/nudibranchia\/doridina\/doridoidei\/doridoidea\/peltodoris-atromaculata\/peltodoris-atromaculata-34\/\" data-orig-file=\"https:\/\/i0.wp.com\/opistobranquis.info\/wp-content\/uploads\/2012\/12\/peltodoris-atromaculata-34.jpg?fit=650%2C407&amp;ssl=1\" data-orig-size=\"650,407\" data-comments-opened=\"0\" data-image-title=\"Peltodoris atromaculata @ Costa Brava, Spain by Enric Madrenas\" data-image-description=\"&lt;p&gt;Peltodoris atromaculata @ Costa Brava, Spain by Enric Madrenas&lt;\/p&gt;\n\" data-image-caption=\"&lt;p&gt;Peltodoris atromaculata @ Costa Brava, Spain&lt;\/p&gt;\n\" data-large-file=\"https:\/\/i0.wp.com\/opistobranquis.info\/wp-content\/uploads\/2012\/12\/peltodoris-atromaculata-34.jpg?fit=650%2C407&amp;ssl=1\" \/>\r\n                        <\/div>\r\n\r\n                    \r\n                    <div class=\"autonav-content\">\r\n\r\n                        <h3>\r\n                            Peltodoris atromaculata                        <\/h3>\r\n\r\n                    <\/div>\r\n\r\n                <\/a>\r\n\r\n            <\/article>\r\n\r\n        \r\n            \r\n            <article class=\"autonav-card\">\r\n\r\n                <a href=\"https:\/\/opistobranquis.info\/ca\/guia\/nudibranchia\/doridina\/doridoidei\/doridoidea\/peltodoris-punctifera\/\">\r\n\r\n                    \r\n                        <div class=\"autonav-image\">\r\n\r\n                            <img decoding=\"async\" width=\"900\" height=\"600\" src=\"https:\/\/i0.wp.com\/opistobranquis.info\/wp-content\/uploads\/2022\/12\/Peltodoris-punctifera.png?fit=900%2C600&amp;ssl=1\" class=\"autonav-thumb\" alt=\"Peltodoris punctifera @ Gran Canaria by Mario Matute\" loading=\"lazy\" srcset=\"https:\/\/i0.wp.com\/opistobranquis.info\/wp-content\/uploads\/2022\/12\/Peltodoris-punctifera.png?w=1410&amp;ssl=1 1410w, https:\/\/i0.wp.com\/opistobranquis.info\/wp-content\/uploads\/2022\/12\/Peltodoris-punctifera.png?resize=300%2C200&amp;ssl=1 300w, https:\/\/i0.wp.com\/opistobranquis.info\/wp-content\/uploads\/2022\/12\/Peltodoris-punctifera.png?resize=1024%2C683&amp;ssl=1 1024w, https:\/\/i0.wp.com\/opistobranquis.info\/wp-content\/uploads\/2022\/12\/Peltodoris-punctifera.png?resize=150%2C100&amp;ssl=1 150w\" sizes=\"auto, (max-width: 900px) 100vw, 900px\" data-attachment-id=\"35666\" data-permalink=\"https:\/\/opistobranquis.info\/ca\/guia\/nudibranchia\/doridina\/doridoidei\/doridoidea\/peltodoris-punctifera\/peltodoris-punctifera-2\/\" data-orig-file=\"https:\/\/i0.wp.com\/opistobranquis.info\/wp-content\/uploads\/2022\/12\/Peltodoris-punctifera.png?fit=1410%2C940&amp;ssl=1\" data-orig-size=\"1410,940\" data-comments-opened=\"0\" data-image-title=\"Peltodoris punctifera @ Gran Canaria by Mario Matute\" data-image-description=\"&lt;p&gt;Peltodoris punctifera @ Gran Canaria by Mario Matute&lt;\/p&gt;\n\" data-image-caption=\"&lt;p&gt;Peltodoris punctifera @ Gran Canaria&lt;\/p&gt;\n\" data-large-file=\"https:\/\/i0.wp.com\/opistobranquis.info\/wp-content\/uploads\/2022\/12\/Peltodoris-punctifera.png?fit=900%2C600&amp;ssl=1\" \/>\r\n                        <\/div>\r\n\r\n                    \r\n                    <div class=\"autonav-content\">\r\n\r\n                        <h3>\r\n                            Peltodoris punctifera                        <\/h3>\r\n\r\n                    <\/div>\r\n\r\n                <\/a>\r\n\r\n            <\/article>\r\n\r\n        \r\n            \r\n            <article class=\"autonav-card\">\r\n\r\n                <a href=\"https:\/\/opistobranquis.info\/ca\/guia\/nudibranchia\/doridina\/doridoidei\/doridoidea\/platydoris-argo\/\">\r\n\r\n                    \r\n                        <div class=\"autonav-image\">\r\n\r\n                            <img decoding=\"async\" width=\"646\" height=\"435\" src=\"https:\/\/i0.wp.com\/opistobranquis.info\/wp-content\/uploads\/2012\/12\/platydoris-argo-02.jpg?fit=646%2C435&amp;ssl=1\" class=\"autonav-thumb\" alt=\"Platydoris argo @ Costa Brava, Spain by Enric Madrenas\" loading=\"lazy\" srcset=\"https:\/\/i0.wp.com\/opistobranquis.info\/wp-content\/uploads\/2012\/12\/platydoris-argo-02.jpg?w=646&amp;ssl=1 646w, https:\/\/i0.wp.com\/opistobranquis.info\/wp-content\/uploads\/2012\/12\/platydoris-argo-02.jpg?resize=300%2C202&amp;ssl=1 300w\" sizes=\"auto, (max-width: 646px) 100vw, 646px\" data-attachment-id=\"4803\" data-permalink=\"https:\/\/opistobranquis.info\/ca\/guia\/nudibranchia\/doridina\/doridoidei\/doridoidea\/platydoris-argo\/platydoris-argo-02\/\" data-orig-file=\"https:\/\/i0.wp.com\/opistobranquis.info\/wp-content\/uploads\/2012\/12\/platydoris-argo-02.jpg?fit=646%2C435&amp;ssl=1\" data-orig-size=\"646,435\" data-comments-opened=\"0\" data-image-title=\"Platydoris argo @ Costa Brava, Spain by Enric Madrenas\" data-image-description=\"&lt;p&gt;Platydoris argo @ Costa Brava, Spain by Enric Madrenas&lt;\/p&gt;\n\" data-image-caption=\"&lt;p&gt;Platydoris argo @ Costa Brava, Spain&lt;\/p&gt;\n\" data-large-file=\"https:\/\/i0.wp.com\/opistobranquis.info\/wp-content\/uploads\/2012\/12\/platydoris-argo-02.jpg?fit=646%2C435&amp;ssl=1\" \/>\r\n                        <\/div>\r\n\r\n                    \r\n                    <div class=\"autonav-content\">\r\n\r\n                        <h3>\r\n                            Platydoris argo                        <\/h3>\r\n\r\n                    <\/div>\r\n\r\n                <\/a>\r\n\r\n            <\/article>\r\n\r\n        \r\n            \r\n            <article class=\"autonav-card\">\r\n\r\n                <a href=\"https:\/\/opistobranquis.info\/ca\/guia\/nudibranchia\/doridina\/doridoidei\/doridoidea\/rostanga-anthelia\/\">\r\n\r\n                    \r\n                        <div class=\"autonav-image\">\r\n\r\n                            <img decoding=\"async\" width=\"580\" height=\"342\" src=\"https:\/\/i0.wp.com\/opistobranquis.info\/wp-content\/uploads\/2013\/09\/nudiblank.jpg?fit=580%2C342&amp;ssl=1\" class=\"autonav-thumb\" alt=\"\" loading=\"lazy\" srcset=\"https:\/\/i0.wp.com\/opistobranquis.info\/wp-content\/uploads\/2013\/09\/nudiblank.jpg?w=580&amp;ssl=1 580w, https:\/\/i0.wp.com\/opistobranquis.info\/wp-content\/uploads\/2013\/09\/nudiblank.jpg?resize=150%2C88&amp;ssl=1 150w, https:\/\/i0.wp.com\/opistobranquis.info\/wp-content\/uploads\/2013\/09\/nudiblank.jpg?resize=300%2C176&amp;ssl=1 300w\" sizes=\"auto, (max-width: 580px) 100vw, 580px\" data-attachment-id=\"10376\" data-permalink=\"https:\/\/opistobranquis.info\/ca\/nudiblank\/\" data-orig-file=\"https:\/\/i0.wp.com\/opistobranquis.info\/wp-content\/uploads\/2013\/09\/nudiblank.jpg?fit=580%2C342&amp;ssl=1\" data-orig-size=\"580,342\" data-comments-opened=\"0\" data-image-title=\"nudiblank\" data-image-description=\"\" data-image-caption=\"\" data-large-file=\"https:\/\/i0.wp.com\/opistobranquis.info\/wp-content\/uploads\/2013\/09\/nudiblank.jpg?fit=580%2C342&amp;ssl=1\" \/>\r\n                        <\/div>\r\n\r\n                    \r\n                    <div class=\"autonav-content\">\r\n\r\n                        <h3>\r\n                            Rostanga anthelia                        <\/h3>\r\n\r\n                    <\/div>\r\n\r\n                <\/a>\r\n\r\n            <\/article>\r\n\r\n        \r\n            \r\n            <article class=\"autonav-card\">\r\n\r\n                <a href=\"https:\/\/opistobranquis.info\/ca\/guia\/nudibranchia\/doridina\/doridoidei\/doridoidea\/rostanga-rubra\/\">\r\n\r\n                    \r\n                        <div class=\"autonav-image\">\r\n\r\n                            <img decoding=\"async\" width=\"900\" height=\"600\" src=\"https:\/\/i0.wp.com\/opistobranquis.info\/wp-content\/uploads\/2012\/05\/MPG_2440-rostanga-rubra.jpg?fit=900%2C600&amp;ssl=1\" class=\"autonav-thumb\" alt=\"Rostanga rubra @ Costa Brava, Spain by Miquel Pontes\" loading=\"lazy\" srcset=\"https:\/\/i0.wp.com\/opistobranquis.info\/wp-content\/uploads\/2012\/05\/MPG_2440-rostanga-rubra.jpg?w=1024&amp;ssl=1 1024w, https:\/\/i0.wp.com\/opistobranquis.info\/wp-content\/uploads\/2012\/05\/MPG_2440-rostanga-rubra.jpg?resize=150%2C100&amp;ssl=1 150w, https:\/\/i0.wp.com\/opistobranquis.info\/wp-content\/uploads\/2012\/05\/MPG_2440-rostanga-rubra.jpg?resize=300%2C200&amp;ssl=1 300w\" sizes=\"auto, (max-width: 900px) 100vw, 900px\" data-attachment-id=\"11670\" data-permalink=\"https:\/\/opistobranquis.info\/ca\/guia\/nudibranchia\/doridina\/doridoidei\/doridoidea\/rostanga-rubra\/mpg_2440-rostanga-rubra\/\" data-orig-file=\"https:\/\/i0.wp.com\/opistobranquis.info\/wp-content\/uploads\/2012\/05\/MPG_2440-rostanga-rubra.jpg?fit=1024%2C683&amp;ssl=1\" data-orig-size=\"1024,683\" data-comments-opened=\"0\" data-image-title=\"Rostanga rubra @ Costa Brava, Spain by Miquel Pontes\" data-image-description=\"&lt;p&gt;Rostanga rubra @ Costa Brava, Spain by Miquel Pontes&lt;\/p&gt;\n\" data-image-caption=\"&lt;p&gt;Rostanga rubra @ Costa Brava, Spain&lt;\/p&gt;\n\" data-large-file=\"https:\/\/i0.wp.com\/opistobranquis.info\/wp-content\/uploads\/2012\/05\/MPG_2440-rostanga-rubra.jpg?fit=900%2C600&amp;ssl=1\" \/>\r\n                        <\/div>\r\n\r\n                    \r\n                    <div class=\"autonav-content\">\r\n\r\n                        <h3>\r\n                            Rostanga rubra                        <\/h3>\r\n\r\n                    <\/div>\r\n\r\n                <\/a>\r\n\r\n            <\/article>\r\n\r\n        \r\n            \r\n            <article class=\"autonav-card\">\r\n\r\n                <a href=\"https:\/\/opistobranquis.info\/ca\/guia\/nudibranchia\/doridina\/doridoidei\/doridoidea\/taringa-armata\/\">\r\n\r\n                    \r\n                        <div class=\"autonav-image\">\r\n\r\n                            <img decoding=\"async\" width=\"810\" height=\"543\" src=\"https:\/\/i0.wp.com\/opistobranquis.info\/wp-content\/uploads\/2018\/10\/Taringa-sp-12.jpg?fit=810%2C543&amp;ssl=1\" class=\"autonav-thumb\" alt=\"Taringa armata by Enric Madrenas\" loading=\"lazy\" srcset=\"https:\/\/i0.wp.com\/opistobranquis.info\/wp-content\/uploads\/2018\/10\/Taringa-sp-12.jpg?w=810&amp;ssl=1 810w, https:\/\/i0.wp.com\/opistobranquis.info\/wp-content\/uploads\/2018\/10\/Taringa-sp-12.jpg?resize=150%2C101&amp;ssl=1 150w, https:\/\/i0.wp.com\/opistobranquis.info\/wp-content\/uploads\/2018\/10\/Taringa-sp-12.jpg?resize=300%2C201&amp;ssl=1 300w\" sizes=\"auto, (max-width: 810px) 100vw, 810px\" data-attachment-id=\"27481\" data-permalink=\"https:\/\/opistobranquis.info\/ca\/guia\/nudibranchia\/doridina\/doridoidei\/doridoidea\/taringa-armata\/taringa-sp-12\/\" data-orig-file=\"https:\/\/i0.wp.com\/opistobranquis.info\/wp-content\/uploads\/2018\/10\/Taringa-sp-12.jpg?fit=810%2C543&amp;ssl=1\" data-orig-size=\"810,543\" data-comments-opened=\"0\" data-image-title=\"Taringa armata by Enric Madrenas\" data-image-description=\"&lt;p&gt;Taringa armata by Enric Madrenas&lt;\/p&gt;\n\" data-image-caption=\"&lt;p&gt;Taringa armata &lt;\/p&gt;\n\" data-large-file=\"https:\/\/i0.wp.com\/opistobranquis.info\/wp-content\/uploads\/2018\/10\/Taringa-sp-12.jpg?fit=810%2C543&amp;ssl=1\" \/>\r\n                        <\/div>\r\n\r\n                    \r\n                    <div class=\"autonav-content\">\r\n\r\n                        <h3>\r\n                            Taringa armata                        <\/h3>\r\n\r\n                    <\/div>\r\n\r\n                <\/a>\r\n\r\n            <\/article>\r\n\r\n        \r\n            \r\n            <article class=\"autonav-card\">\r\n\r\n                <a href=\"https:\/\/opistobranquis.info\/ca\/guia\/nudibranchia\/doridina\/doridoidei\/doridoidea\/taringa-faba\/\">\r\n\r\n                    \r\n                        <div class=\"autonav-image\">\r\n\r\n                            <img decoding=\"async\" width=\"808\" height=\"566\" src=\"https:\/\/i0.wp.com\/opistobranquis.info\/wp-content\/uploads\/2012\/12\/taringa-faba-img014.jpg?fit=808%2C566&amp;ssl=1\" class=\"autonav-thumb\" alt=\"Taringa faba by Manuel Ballesteros\" loading=\"lazy\" srcset=\"https:\/\/i0.wp.com\/opistobranquis.info\/wp-content\/uploads\/2012\/12\/taringa-faba-img014.jpg?w=808&amp;ssl=1 808w, https:\/\/i0.wp.com\/opistobranquis.info\/wp-content\/uploads\/2012\/12\/taringa-faba-img014.jpg?resize=300%2C210&amp;ssl=1 300w\" sizes=\"auto, (max-width: 808px) 100vw, 808px\" data-attachment-id=\"4858\" data-permalink=\"https:\/\/opistobranquis.info\/ca\/guia\/nudibranchia\/doridina\/doridoidei\/doridoidea\/taringa-faba\/taringa-faba-img014\/\" data-orig-file=\"https:\/\/i0.wp.com\/opistobranquis.info\/wp-content\/uploads\/2012\/12\/taringa-faba-img014.jpg?fit=808%2C566&amp;ssl=1\" data-orig-size=\"808,566\" data-comments-opened=\"0\" data-image-title=\"Taringa faba by Manuel Ballesteros\" data-image-description=\"&lt;p&gt;Taringa faba by Manuel Ballesteros&lt;\/p&gt;\n\" data-image-caption=\"&lt;p&gt;Taringa faba&lt;\/p&gt;\n\" data-large-file=\"https:\/\/i0.wp.com\/opistobranquis.info\/wp-content\/uploads\/2012\/12\/taringa-faba-img014.jpg?fit=808%2C566&amp;ssl=1\" \/>\r\n                        <\/div>\r\n\r\n                    \r\n                    <div class=\"autonav-content\">\r\n\r\n                        <h3>\r\n                            Taringa faba                        <\/h3>\r\n\r\n                    <\/div>\r\n\r\n                <\/a>\r\n\r\n            <\/article>\r\n\r\n        \r\n            \r\n            <article class=\"autonav-card\">\r\n\r\n                <a href=\"https:\/\/opistobranquis.info\/ca\/guia\/nudibranchia\/doridina\/doridoidei\/doridoidea\/taringa-pinoi\/\">\r\n\r\n                    \r\n                        <div class=\"autonav-image\">\r\n\r\n                            <img decoding=\"async\" width=\"580\" height=\"342\" src=\"https:\/\/i0.wp.com\/opistobranquis.info\/wp-content\/uploads\/2013\/09\/nudiblank.jpg?fit=580%2C342&amp;ssl=1\" class=\"autonav-thumb\" alt=\"\" loading=\"lazy\" srcset=\"https:\/\/i0.wp.com\/opistobranquis.info\/wp-content\/uploads\/2013\/09\/nudiblank.jpg?w=580&amp;ssl=1 580w, https:\/\/i0.wp.com\/opistobranquis.info\/wp-content\/uploads\/2013\/09\/nudiblank.jpg?resize=150%2C88&amp;ssl=1 150w, https:\/\/i0.wp.com\/opistobranquis.info\/wp-content\/uploads\/2013\/09\/nudiblank.jpg?resize=300%2C176&amp;ssl=1 300w\" sizes=\"auto, (max-width: 580px) 100vw, 580px\" data-attachment-id=\"10376\" data-permalink=\"https:\/\/opistobranquis.info\/ca\/nudiblank\/\" data-orig-file=\"https:\/\/i0.wp.com\/opistobranquis.info\/wp-content\/uploads\/2013\/09\/nudiblank.jpg?fit=580%2C342&amp;ssl=1\" data-orig-size=\"580,342\" data-comments-opened=\"0\" data-image-title=\"nudiblank\" data-image-description=\"\" data-image-caption=\"\" data-large-file=\"https:\/\/i0.wp.com\/opistobranquis.info\/wp-content\/uploads\/2013\/09\/nudiblank.jpg?fit=580%2C342&amp;ssl=1\" \/>\r\n                        <\/div>\r\n\r\n                    \r\n                    <div class=\"autonav-content\">\r\n\r\n                        <h3>\r\n                            Taringa pinoi                        <\/h3>\r\n\r\n                    <\/div>\r\n\r\n                <\/a>\r\n\r\n            <\/article>\r\n\r\n        \r\n            \r\n            <article class=\"autonav-card\">\r\n\r\n                <a href=\"https:\/\/opistobranquis.info\/ca\/guia\/nudibranchia\/doridina\/doridoidei\/doridoidea\/tayuva-confusa\/\">\r\n\r\n                    \r\n                        <div class=\"autonav-image\">\r\n\r\n                            <img decoding=\"async\" width=\"900\" height=\"599\" src=\"https:\/\/i0.wp.com\/opistobranquis.info\/wp-content\/uploads\/2025\/03\/Tayuva-confusa-3-%40-Gran-Canaria-by-Mario-Matute.jpg?fit=900%2C599&amp;ssl=1\" class=\"autonav-thumb\" alt=\"Tayuva confusa @ Gran Canaria by Mario Matute\" loading=\"lazy\" data-attachment-id=\"46104\" data-permalink=\"https:\/\/opistobranquis.info\/ca\/guia\/nudibranchia\/doridina\/doridoidei\/doridoidea\/tayuva-confusa\/tayuva-confusa-3-gran-canaria-by-mario-matute\/\" data-orig-file=\"https:\/\/i0.wp.com\/opistobranquis.info\/wp-content\/uploads\/2025\/03\/Tayuva-confusa-3-%40-Gran-Canaria-by-Mario-Matute.jpg?fit=1600%2C1066&amp;ssl=1\" data-orig-size=\"1600,1066\" data-comments-opened=\"0\" data-image-title=\"Tayuva confusa @ Gran Canaria by Mario Matute\" data-image-description=\"&lt;p&gt;Tayuva confusa @ Gran Canaria by Mario Matute&lt;\/p&gt;\n\" data-image-caption=\"&lt;p&gt;Tayuva confusa @ Gran Canaria&lt;\/p&gt;\n\" data-large-file=\"https:\/\/i0.wp.com\/opistobranquis.info\/wp-content\/uploads\/2025\/03\/Tayuva-confusa-3-%40-Gran-Canaria-by-Mario-Matute.jpg?fit=900%2C599&amp;ssl=1\" \/>\r\n                        <\/div>\r\n\r\n                    \r\n                    <div class=\"autonav-content\">\r\n\r\n                        <h3>\r\n                            Tayuva confusa                        <\/h3>\r\n\r\n                    <\/div>\r\n\r\n                <\/a>\r\n\r\n            <\/article>\r\n\r\n        \r\n            \r\n            <article class=\"autonav-card\">\r\n\r\n                <a href=\"https:\/\/opistobranquis.info\/ca\/guia\/nudibranchia\/doridina\/doridoidei\/doridoidea\/tayuva-maculosa\/\">\r\n\r\n                    \r\n                        <div class=\"autonav-image\">\r\n\r\n                            <img decoding=\"async\" width=\"900\" height=\"603\" src=\"https:\/\/i0.wp.com\/opistobranquis.info\/wp-content\/uploads\/2022\/10\/Tayuva-lilacina-163.jpg?fit=900%2C603&amp;ssl=1\" class=\"autonav-thumb\" alt=\"Tayuva maculosa @ Costa Brava by Enric Madrenas\" loading=\"lazy\" srcset=\"https:\/\/i0.wp.com\/opistobranquis.info\/wp-content\/uploads\/2022\/10\/Tayuva-lilacina-163.jpg?w=1034&amp;ssl=1 1034w, https:\/\/i0.wp.com\/opistobranquis.info\/wp-content\/uploads\/2022\/10\/Tayuva-lilacina-163.jpg?resize=300%2C201&amp;ssl=1 300w, https:\/\/i0.wp.com\/opistobranquis.info\/wp-content\/uploads\/2022\/10\/Tayuva-lilacina-163.jpg?resize=1024%2C686&amp;ssl=1 1024w, https:\/\/i0.wp.com\/opistobranquis.info\/wp-content\/uploads\/2022\/10\/Tayuva-lilacina-163.jpg?resize=150%2C101&amp;ssl=1 150w\" sizes=\"auto, (max-width: 900px) 100vw, 900px\" data-attachment-id=\"35092\" data-permalink=\"https:\/\/opistobranquis.info\/ca\/guia\/nudibranchia\/doridina\/doridoidei\/doridoidea\/tayuva-maculosa\/tayuva-lilacina-163\/\" data-orig-file=\"https:\/\/i0.wp.com\/opistobranquis.info\/wp-content\/uploads\/2022\/10\/Tayuva-lilacina-163.jpg?fit=1034%2C693&amp;ssl=1\" data-orig-size=\"1034,693\" data-comments-opened=\"0\" data-image-title=\"Tayuva maculosa @ Costa Brava by Enric Madrenas\" data-image-description=\"&lt;p&gt;Tayuva maculosa @ Costa Brava by Enric Madrenas&lt;\/p&gt;\n\" data-image-caption=\"&lt;p&gt;Tayuva maculosa @ Costa Brava&lt;\/p&gt;\n\" data-large-file=\"https:\/\/i0.wp.com\/opistobranquis.info\/wp-content\/uploads\/2022\/10\/Tayuva-lilacina-163.jpg?fit=900%2C603&amp;ssl=1\" \/>\r\n                        <\/div>\r\n\r\n                    \r\n                    <div class=\"autonav-content\">\r\n\r\n                        <h3>\r\n                            Tayuva maculosa                        <\/h3>\r\n\r\n                    <\/div>\r\n\r\n                <\/a>\r\n\r\n            <\/article>\r\n\r\n        \r\n            \r\n            <article class=\"autonav-card\">\r\n\r\n                <a href=\"https:\/\/opistobranquis.info\/ca\/guia\/nudibranchia\/doridina\/doridoidei\/doridoidea\/thordisa-azmanii\/\">\r\n\r\n                    \r\n                        <div class=\"autonav-image\">\r\n\r\n                            <img decoding=\"async\" width=\"900\" height=\"603\" src=\"https:\/\/i0.wp.com\/opistobranquis.info\/wp-content\/uploads\/2025\/03\/Thordisa-azmanii-16.jpg?fit=900%2C603&amp;ssl=1\" class=\"autonav-thumb\" alt=\"Thordisa azmanii @ L&#039;Escala by Enric Madrenas\" loading=\"lazy\" srcset=\"https:\/\/i0.wp.com\/opistobranquis.info\/wp-content\/uploads\/2025\/03\/Thordisa-azmanii-16.jpg?w=1034&amp;ssl=1 1034w, https:\/\/i0.wp.com\/opistobranquis.info\/wp-content\/uploads\/2025\/03\/Thordisa-azmanii-16.jpg?resize=300%2C201&amp;ssl=1 300w, https:\/\/i0.wp.com\/opistobranquis.info\/wp-content\/uploads\/2025\/03\/Thordisa-azmanii-16.jpg?resize=1024%2C686&amp;ssl=1 1024w, https:\/\/i0.wp.com\/opistobranquis.info\/wp-content\/uploads\/2025\/03\/Thordisa-azmanii-16.jpg?resize=150%2C101&amp;ssl=1 150w\" sizes=\"auto, (max-width: 900px) 100vw, 900px\" data-attachment-id=\"46086\" data-permalink=\"https:\/\/opistobranquis.info\/ca\/guia\/nudibranchia\/doridina\/doridoidei\/doridoidea\/thordisa-azmanii\/thordisa-azmanii-16\/\" data-orig-file=\"https:\/\/i0.wp.com\/opistobranquis.info\/wp-content\/uploads\/2025\/03\/Thordisa-azmanii-16.jpg?fit=1034%2C693&amp;ssl=1\" data-orig-size=\"1034,693\" data-comments-opened=\"0\" data-image-title=\"Thordisa azmanii @ L&amp;#8217;Escala by Enric Madrenas\" data-image-description=\"&lt;p&gt;Thordisa azmanii @ L&amp;#8217;Escala by Enric Madrenas&lt;\/p&gt;\n\" data-image-caption=\"&lt;p&gt;Thordisa azmanii @ L&amp;#8217;Escala&lt;\/p&gt;\n\" data-large-file=\"https:\/\/i0.wp.com\/opistobranquis.info\/wp-content\/uploads\/2025\/03\/Thordisa-azmanii-16.jpg?fit=900%2C603&amp;ssl=1\" \/>\r\n                        <\/div>\r\n\r\n                    \r\n                    <div class=\"autonav-content\">\r\n\r\n                        <h3>\r\n                            Thordisa azmanii                        <\/h3>\r\n\r\n                    <\/div>\r\n\r\n                <\/a>\r\n\r\n            <\/article>\r\n\r\n        \r\n            \r\n            <article class=\"autonav-card\">\r\n\r\n                <a href=\"https:\/\/opistobranquis.info\/ca\/guia\/nudibranchia\/doridina\/doridoidei\/doridoidea\/thordisa-filix\/\">\r\n\r\n                    \r\n                        <div class=\"autonav-image\">\r\n\r\n                            <img decoding=\"async\" width=\"808\" height=\"596\" src=\"https:\/\/i0.wp.com\/opistobranquis.info\/wp-content\/uploads\/2012\/12\/thordisa-filix-1img003.jpg?fit=808%2C596&amp;ssl=1\" class=\"autonav-thumb\" alt=\"Thordisa filix by Manuel Ballesteros\" loading=\"lazy\" srcset=\"https:\/\/i0.wp.com\/opistobranquis.info\/wp-content\/uploads\/2012\/12\/thordisa-filix-1img003.jpg?w=808&amp;ssl=1 808w, https:\/\/i0.wp.com\/opistobranquis.info\/wp-content\/uploads\/2012\/12\/thordisa-filix-1img003.jpg?resize=300%2C221&amp;ssl=1 300w\" sizes=\"auto, (max-width: 808px) 100vw, 808px\" data-attachment-id=\"4863\" data-permalink=\"https:\/\/opistobranquis.info\/ca\/guia\/nudibranchia\/doridina\/doridoidei\/doridoidea\/thordisa-filix\/thordisa-filix-1img003\/\" data-orig-file=\"https:\/\/i0.wp.com\/opistobranquis.info\/wp-content\/uploads\/2012\/12\/thordisa-filix-1img003.jpg?fit=808%2C596&amp;ssl=1\" data-orig-size=\"808,596\" data-comments-opened=\"0\" data-image-title=\"Thordisa filix by Manuel Ballesteros\" data-image-description=\"&lt;p&gt;Thordisa filix by Manuel Ballesteros&lt;\/p&gt;\n\" data-image-caption=\"&lt;p&gt;Thordisa filix&lt;\/p&gt;\n\" data-large-file=\"https:\/\/i0.wp.com\/opistobranquis.info\/wp-content\/uploads\/2012\/12\/thordisa-filix-1img003.jpg?fit=808%2C596&amp;ssl=1\" \/>\r\n                        <\/div>\r\n\r\n                    \r\n                    <div class=\"autonav-content\">\r\n\r\n                        <h3>\r\n                            Thordisa filix                        <\/h3>\r\n\r\n                    <\/div>\r\n\r\n                <\/a>\r\n\r\n            <\/article>\r\n\r\n        \r\n    <\/div>\r\n\r\n    \n<p><p><strong>Bibliografia<\/strong><\/p><ul><div id=\"zotpress-82263e5b5a598bddfdfff53feed74be0\" class=\"zp-Zotpress zp-Zotpress-Bib wp-block-group\">\n\n\t\t<span class=\"ZP_API_USER_ID ZP_ATTR\">1246567<\/span>\n\t\t<span class=\"ZP_ITEM_KEY ZP_ATTR\"><\/span>\n\t\t<span class=\"ZP_COLLECTION_ID ZP_ATTR\"><\/span>\n\t\t<span class=\"ZP_TAG_ID ZP_ATTR\">Doridoidea<\/span>\n\t\t<span class=\"ZP_AUTHOR ZP_ATTR\"><\/span>\n\t\t<span class=\"ZP_YEAR ZP_ATTR\"><\/span>\n        <span class=\"ZP_ITEMTYPE ZP_ATTR\"><\/span>\n\t\t<span class=\"ZP_INCLUSIVE ZP_ATTR\">1<\/span>\n\t\t<span class=\"ZP_STYLE ZP_ATTR\">eunomia-revista-en-cultura-de-la-legalidad<\/span>\n\t\t<span class=\"ZP_LIMIT ZP_ATTR\">50<\/span>\n\t\t<span class=\"ZP_SORTBY ZP_ATTR\">creator<\/span>\n\t\t<span class=\"ZP_ORDER ZP_ATTR\">asc<\/span>\n\t\t<span class=\"ZP_TITLE ZP_ATTR\"><\/span>\n\t\t<span class=\"ZP_SHOWIMAGE ZP_ATTR\"><\/span>\n\t\t<span class=\"ZP_SHOWTAGS ZP_ATTR\"><\/span>\n\t\t<span class=\"ZP_DOWNLOADABLE ZP_ATTR\"><\/span>\n\t\t<span class=\"ZP_NOTES ZP_ATTR\"><\/span>\n\t\t<span class=\"ZP_ABSTRACT ZP_ATTR\"><\/span>\n\t\t<span class=\"ZP_CITEABLE ZP_ATTR\"><\/span>\n\t\t<span class=\"ZP_TARGET ZP_ATTR\">1<\/span>\n\t\t<span class=\"ZP_URLWRAP ZP_ATTR\"><\/span>\n\t\t<span class=\"ZP_FORCENUM ZP_ATTR\"><\/span>\n        <span class=\"ZP_HIGHLIGHT ZP_ATTR\"><\/span>\n        <span class=\"ZP_POSTID ZP_ATTR\">26109<\/span>\n\t\t<span class=\"ZOTPRESS_PLUGIN_URL ZP_ATTR\">https:\/\/opistobranquis.info\/wp-content\/plugins\/zotpress\/<\/span>\n\n\t\t<div class=\"zp-List loading\">\n\t\t\t<div class=\"zp-SEO-Content\">\n\n\t\t\t<\/div><!-- .zp-zp-SEO-Content -->\n\t\t<\/div><!-- .zp-List -->\n\t<\/div><!--.zp-Zotpress-->\n\n<p><\/p>Bibliografia basada en els treballs de <b>Steve Long, 2006<\/b>. <a target=_blank href=https:\/\/opistobranquis.info\/wp-content\/uploads\/2016\/06\/Long-S.-2006-Bibliography-of-Opisthobranchia-1554-2000.pdf>Bibliography of Opisthobranchia 1554-2000<\/a> i <b>Gary McDonald, 2009<\/b>. <a href=http:\/\/escholarship.org\/uc\/item\/8115h0wz>Bibliographia Nudibranchia<\/a>, amb actualitzacions posteriors procedents d\u00b4altres fonts.<p><\/p><\/ul><p><\/p><\/p>","protected":false},"excerpt":{"rendered":"<p>Els Doridoidea formen una superfam\u00edlia de llimacs de mar de mida petita i mitjana dins els Doridida. La taxonomia actual segons Bouchet et al. (2017) i acceptada per WoRMS \u00e9s: Esp\u00e8cies de Doridoidea citades a la Mediterr\u00e0nia o a la Pen\u00ednsula Ib\u00e8rica:<\/p>\n<p class=\"continue-reading-button\"> <a class=\"continue-reading-link\" href=\"https:\/\/opistobranquis.info\/ca\/guia\/nudibranchia\/doridina\/doridoidei\/doridoidea\/\">Continua llegint<i class=\"crycon-right-dir\"><\/i><\/a><\/p>\n","protected":false},"author":291,"featured_media":11670,"parent":450,"menu_order":2,"comment_status":"closed","ping_status":"closed","template":"","meta":{"footnotes":""},"class_list":["post-26109","page","type-page","status-publish","has-post-thumbnail","hentry"],"jetpack_sharing_enabled":true,"_links":{"self":[{"href":"https:\/\/opistobranquis.info\/ca\/wp-json\/wp\/v2\/pages\/26109","targetHints":{"allow":["GET"]}}],"collection":[{"href":"https:\/\/opistobranquis.info\/ca\/wp-json\/wp\/v2\/pages"}],"about":[{"href":"https:\/\/opistobranquis.info\/ca\/wp-json\/wp\/v2\/types\/page"}],"author":[{"embeddable":true,"href":"https:\/\/opistobranquis.info\/ca\/wp-json\/wp\/v2\/users\/291"}],"replies":[{"embeddable":true,"href":"https:\/\/opistobranquis.info\/ca\/wp-json\/wp\/v2\/comments?post=26109"}],"version-history":[{"count":6,"href":"https:\/\/opistobranquis.info\/ca\/wp-json\/wp\/v2\/pages\/26109\/revisions"}],"predecessor-version":[{"id":48683,"href":"https:\/\/opistobranquis.info\/ca\/wp-json\/wp\/v2\/pages\/26109\/revisions\/48683"}],"up":[{"embeddable":true,"href":"https:\/\/opistobranquis.info\/ca\/wp-json\/wp\/v2\/pages\/450"}],"wp:featuredmedia":[{"embeddable":true,"href":"https:\/\/opistobranquis.info\/ca\/wp-json\/wp\/v2\/media\/11670"}],"wp:attachment":[{"href":"https:\/\/opistobranquis.info\/ca\/wp-json\/wp\/v2\/media?parent=26109"}],"curies":[{"name":"wp","href":"https:\/\/api.w.org\/{rel}","templated":true}]}}