{"id":29600,"date":"2020-02-15T21:00:24","date_gmt":"2020-02-15T20:00:24","guid":{"rendered":"https:\/\/opistobranquis.info\/?page_id=29600"},"modified":"2020-03-18T08:22:20","modified_gmt":"2020-03-18T07:22:20","slug":"trapania-sanctipetrensis","status":"publish","type":"page","link":"https:\/\/opistobranquis.info\/ca\/guia\/nudibranchia\/doridina\/doridoidei\/onchidoridoidea\/trapania-sanctipetrensis\/","title":{"rendered":"Trapania sanctipetrensis"},"content":{"rendered":"<p><\/p>\n<h3><em>Trapania sanctipetrensis<\/em> Cervera, Garc\u00eda-G\u00f3mez &amp; Megina, 2000<\/h3>\n<p><span style=\"font-size:10pt;\" class=\"aligncenter\"><div id=\"featured-img-id\"><img data-recalc-dims=\"1\" decoding=\"async\" src=\"https:\/\/i0.wp.com\/opistobranquis.info\/wp-content\/uploads\/2020\/02\/Trapania-sanctipetrensis-by-Cesar-Megina-1.jpg?w=900&#038;ssl=1\" alt=\"Trapania sanctipetrensis by C\u00e9sar Megina\" \/><\/div><center><em>Trapania sanctipetrensis<\/em> per C\u00e9sar Megina<\/center><\/span><p><\/p><div class=\"opk-worms\"><h3>Informaci\u00f3 taxon\u00f2mica WoRMS<\/h3><div class=\"opk-success\">Nom acceptat actual: <strong><em>Trapania sanctipetrensis<\/em> Cervera, Garc\u00eda-G\u00f3mez &amp; Megina, 2000<\/strong><\/div><h4>Classificaci\u00f3 actual<\/h4><table class=\"widefat striped\"><tr><th>Superdomain<\/th><td><a target=\"_blank\" href=\"https:\/\/www.marinespecies.org\/aphia.php?p=taxdetails&id=1\">Biota<\/a><\/td><\/tr><tr><th>Kingdom<\/th><td><a target=\"_blank\" href=\"https:\/\/www.marinespecies.org\/aphia.php?p=taxdetails&id=2\">Animalia<\/a><\/td><\/tr><tr><th>Phylum<\/th><td><a target=\"_blank\" href=\"https:\/\/www.marinespecies.org\/aphia.php?p=taxdetails&id=51\">Mollusca<\/a><\/td><\/tr><tr><th>Class<\/th><td><a target=\"_blank\" href=\"https:\/\/www.marinespecies.org\/aphia.php?p=taxdetails&id=101\">Gastropoda<\/a><\/td><\/tr><tr><th>Subclass<\/th><td><a target=\"_blank\" href=\"https:\/\/www.marinespecies.org\/aphia.php?p=taxdetails&id=14712\">Heterobranchia<\/a><\/td><\/tr><tr><th>Infraclass<\/th><td><a target=\"_blank\" href=\"https:\/\/www.marinespecies.org\/aphia.php?p=taxdetails&id=1057247\">Euthyneura<\/a><\/td><\/tr><tr><th>Subterclass<\/th><td><a target=\"_blank\" href=\"https:\/\/www.marinespecies.org\/aphia.php?p=taxdetails&id=1057249\">Ringipleura<\/a><\/td><\/tr><tr><th>Superorder<\/th><td><a target=\"_blank\" href=\"https:\/\/www.marinespecies.org\/aphia.php?p=taxdetails&id=411966\">Nudipleura<\/a><\/td><\/tr><tr><th>Order<\/th><td><a target=\"_blank\" href=\"https:\/\/www.marinespecies.org\/aphia.php?p=taxdetails&id=1762\">Nudibranchia<\/a><\/td><\/tr><tr><th>Suborder<\/th><td><a target=\"_blank\" href=\"https:\/\/www.marinespecies.org\/aphia.php?p=taxdetails&id=1829294\">Doridida<\/a><\/td><\/tr><tr><th>Infraorder<\/th><td><a target=\"_blank\" href=\"https:\/\/www.marinespecies.org\/aphia.php?p=taxdetails&id=246038\">Doridoidei<\/a><\/td><\/tr><tr><th>Superfamily<\/th><td><a target=\"_blank\" href=\"https:\/\/www.marinespecies.org\/aphia.php?p=taxdetails&id=246152\">Onchidoridoidea<\/a><\/td><\/tr><tr><th>Family<\/th><td><a target=\"_blank\" href=\"https:\/\/www.marinespecies.org\/aphia.php?p=taxdetails&id=174\">Goniodorididae<\/a><\/td><\/tr><tr><th>Subfamily<\/th><td><a target=\"_blank\" href=\"https:\/\/www.marinespecies.org\/aphia.php?p=taxdetails&id=570867\">Anculinae<\/a><\/td><\/tr><tr><th>Genus<\/th><td><a target=\"_blank\" href=\"https:\/\/www.marinespecies.org\/aphia.php?p=taxdetails&id=138043\"><em>Trapania<\/em><\/a><\/td><\/tr><tr><th>Species<\/th><td><a target=\"_blank\" href=\"https:\/\/www.marinespecies.org\/aphia.php?p=taxdetails&id=181225\"><em>Trapania sanctipetrensis<\/em> Cervera, Garc\u00eda-G\u00f3mez &amp; Megina, 2000<\/a><\/td><\/tr><\/table><p class=\"footer\">Classificaci\u00f3 proporcionada pel World Register of Marine Species (WoRMS). [<a target=\"_blank\" href=\"https:\/\/www.marinespecies.org\/aphia.php?p=taxdetails&id=181225\">181225<\/a>]<\/p><\/div><strong>Descripci\u00f3<br \/>\n<\/strong>Cos de color blanc transl\u00facid amb taques negres o marrons fosques disperses irregularment, que poden concentrar-se en diferents \u00e0rees formant taques fosques. Aquest esquema de color tamb\u00e9 \u00e9s present al cap, el dors, els flancs, la cua, la base dels tentacles orals, els tentacles propodials i en tots els processos corporals i \u00f2rgans externs. Els rin\u00f2fors tenen 6-9 l\u00e0mines. Br\u00e0nquia composta per tres fulles tripinnades, la m\u00e9s gran situada al mig. Tant els rin\u00f2fors com les br\u00e0nquies estan protegits per processos laterals amb una longitud semblant, t\u00edpics del g\u00e8nere <em>Trapania<\/em>. Els tentacles orals s\u00f3n relativament llargs. El marge anterior de el peu s&#8217;est\u00e9n lateralment formant uns tentacles propodials.<\/p>\n<p><strong>Biologia<br \/>\n<\/strong>Aquesta esp\u00e8cie \u00e9s molt rara (o molt cr\u00edptica) i nom\u00e9s s&#8217;ha trobat una vegada, sobre briozous <em>Bugula neritina<\/em>, tot i que probablement no formen part de la seva dieta. El g\u00e8nere <em>Trapania<\/em> \u00e9s conegut per alimentar-se d\u2019entoproctes, unes petites criatures que viuen sobre les esponges.<\/p>\n<p><strong>Etimologia<\/strong><\/p>\n<ul>\n<li><em>Sanctipetrensis<\/em>, referit a Sancti-Petri, la localitat tipus de l&#8217;esp\u00e8cie.<\/li>\n<\/ul>\n<p><strong>Distribuci\u00f3<br \/>\n<\/strong><span title=\"\">Fins<\/span> <span title=\"\">ara<\/span><span class=\"\" title=\"\">, aquesta esp\u00e8cie<\/span> <span title=\"\">nom\u00e9s<\/span> <span title=\"\">s&#8217;ha<\/span> <span title=\"\">trobat<\/span> <span title=\"\">al sud-oest<\/span> <span title=\"\">d&#8217;Espanya<\/span> <span title=\"\">(<\/span><span title=\"\">Atl\u00e0ntic<\/span> <span title=\"\">nord-oriental<\/span><span class=\"\" title=\"\">)<\/span> <span class=\"\" title=\"\">a la costa de<\/span> <span title=\"\">Chiclana,<\/span> <span title=\"\">Cadis.<\/span> <span title=\"\">El seu<\/span> <span title=\"\">esquema de<\/span> <span title=\"\">color el<\/span> <span class=\"\" title=\"\">fa<\/span> <span title=\"\">extremadament<\/span> <span title=\"\">cr\u00edptic<\/span> sobre<span title=\"\">\u00a0el substrat,<\/span> <span title=\"\">pel que la seva<\/span> <span title=\"\">escassetat<\/span> <span class=\"\" title=\"\">probablement<\/span> <span title=\"\">sigui<\/span> nom\u00e9s <span title=\"\">una mesura<\/span> <span title=\"\">de la seva capacitat<\/span> <span title=\"\">per passar<\/span> <span class=\"\" title=\"\">desapercebut.<\/span> <span title=\"\">[m<\/span><span title=\"\">apa<\/span><span title=\"\">]<\/span><\/p>\n<p><strong>Error:<\/strong> Chart.js no est\u00e1 disponible.<\/p>\n<p><strong>Altres fotos<\/strong><br \/>\n<div class=\"tiled-gallery type-rectangular tiled-gallery-unresized\" data-original-width=\"900\" data-carousel-extra='{&quot;blog_id&quot;:1,&quot;permalink&quot;:&quot;https:\\\/\\\/opistobranquis.info\\\/ca\\\/guia\\\/nudibranchia\\\/doridina\\\/doridoidei\\\/onchidoridoidea\\\/trapania-sanctipetrensis\\\/&quot;,&quot;likes_blog_id&quot;:44192421}' itemscope itemtype=\"http:\/\/schema.org\/ImageGallery\" > <div class=\"gallery-row\" style=\"width: 900px; height: 600px;\" data-original-width=\"900\" data-original-height=\"600\" > <div class=\"gallery-group images-1\" style=\"width: 600px; height: 600px;\" data-original-width=\"600\" data-original-height=\"600\" > <div class=\"tiled-gallery-item tiled-gallery-item-large\" itemprop=\"associatedMedia\" itemscope itemtype=\"http:\/\/schema.org\/ImageObject\"> <a href=\"https:\/\/opistobranquis.info\/ca\/guia\/nudibranchia\/doridina\/doridoidei\/onchidoridoidea\/trapania-sanctipetrensis\/trapania-sanctipetrensis-eivissa-by-joan-pereyra-1\/\" border=\"0\" itemprop=\"url\"> <meta itemprop=\"width\" content=\"596\"> <meta itemprop=\"height\" content=\"596\"> <img decoding=\"async\" class=\"\" data-attachment-id=\"38141\" data-orig-file=\"https:\/\/opistobranquis.info\/wp-content\/uploads\/2023\/03\/Trapania-sanctipetrensis-@-Eivissa-by-Joan-Pereyra-1.jpg\" data-orig-size=\"1536,1536\" data-comments-opened=\"\" data-image-title=\"Trapania sanctipetrensis @ Eivissa by Joan Pereyra\" data-image-description=\"&lt;p&gt;Trapania sanctipetrensis @ Eivissa by Joan Pereyra&lt;\/p&gt; \" data-medium-file=\"https:\/\/i0.wp.com\/opistobranquis.info\/wp-content\/uploads\/2023\/03\/Trapania-sanctipetrensis-%40-Eivissa-by-Joan-Pereyra-1.jpg?fit=300%2C300&#038;ssl=1\" data-large-file=\"https:\/\/i0.wp.com\/opistobranquis.info\/wp-content\/uploads\/2023\/03\/Trapania-sanctipetrensis-%40-Eivissa-by-Joan-Pereyra-1.jpg?fit=900%2C900&#038;ssl=1\" src=\"https:\/\/i0.wp.com\/opistobranquis.info\/wp-content\/uploads\/2023\/03\/Trapania-sanctipetrensis-%40-Eivissa-by-Joan-Pereyra-1.jpg?w=596&#038;h=596&#038;crop=1&#038;ssl=1\" width=\"596\" height=\"596\" loading=\"lazy\" data-original-width=\"596\" data-original-height=\"596\" itemprop=\"http:\/\/schema.org\/image\" title=\"Trapania sanctipetrensis @ Eivissa by Joan Pereyra\" alt=\"Trapania sanctipetrensis @ Eivissa by Joan Pereyra\" style=\"width: 596px; height: 596px;\" \/> <\/a> <div class=\"tiled-gallery-caption\" itemprop=\"caption description\"> Trapania sanctipetrensis @ Eivissa by Joan Pereyra <\/div> <\/div> <\/div> <!-- close group --> <div class=\"gallery-group images-2\" style=\"width: 300px; height: 600px;\" data-original-width=\"300\" data-original-height=\"600\" > <div class=\"tiled-gallery-item tiled-gallery-item-large\" itemprop=\"associatedMedia\" itemscope itemtype=\"http:\/\/schema.org\/ImageObject\"> <a href=\"https:\/\/opistobranquis.info\/ca\/guia\/nudibranchia\/doridina\/doridoidei\/onchidoridoidea\/trapania-sanctipetrensis\/trapania-sanctipetrensis-eivissa-by-joan-pereyra-2\/\" border=\"0\" itemprop=\"url\"> <meta itemprop=\"width\" content=\"296\"> <meta itemprop=\"height\" content=\"296\"> <img decoding=\"async\" class=\"\" data-attachment-id=\"38142\" data-orig-file=\"https:\/\/opistobranquis.info\/wp-content\/uploads\/2023\/03\/Trapania-sanctipetrensis-@-Eivissa-by-Joan-Pereyra-2.jpg\" data-orig-size=\"1536,1536\" data-comments-opened=\"\" data-image-title=\"Trapania sanctipetrensis @ Eivissa by Joan Pereyra\" data-image-description=\"&lt;p&gt;Trapania sanctipetrensis @ Eivissa by Joan Pereyra&lt;\/p&gt; \" data-medium-file=\"https:\/\/i0.wp.com\/opistobranquis.info\/wp-content\/uploads\/2023\/03\/Trapania-sanctipetrensis-%40-Eivissa-by-Joan-Pereyra-2.jpg?fit=300%2C300&#038;ssl=1\" data-large-file=\"https:\/\/i0.wp.com\/opistobranquis.info\/wp-content\/uploads\/2023\/03\/Trapania-sanctipetrensis-%40-Eivissa-by-Joan-Pereyra-2.jpg?fit=900%2C900&#038;ssl=1\" src=\"https:\/\/i0.wp.com\/opistobranquis.info\/wp-content\/uploads\/2023\/03\/Trapania-sanctipetrensis-%40-Eivissa-by-Joan-Pereyra-2.jpg?w=296&#038;h=296&#038;crop=1&#038;ssl=1\" width=\"296\" height=\"296\" loading=\"lazy\" data-original-width=\"296\" data-original-height=\"296\" itemprop=\"http:\/\/schema.org\/image\" title=\"Trapania sanctipetrensis @ Eivissa by Joan Pereyra\" alt=\"Trapania sanctipetrensis @ Eivissa by Joan Pereyra\" style=\"width: 296px; height: 296px;\" \/> <\/a> <div class=\"tiled-gallery-caption\" itemprop=\"caption description\"> Trapania sanctipetrensis @ Eivissa by Joan Pereyra <\/div> <\/div> <div class=\"tiled-gallery-item tiled-gallery-item-large\" itemprop=\"associatedMedia\" itemscope itemtype=\"http:\/\/schema.org\/ImageObject\"> <a href=\"https:\/\/opistobranquis.info\/ca\/guia\/nudibranchia\/doridina\/doridoidei\/onchidoridoidea\/trapania-sanctipetrensis\/trapania-sanctipetrensis-eivissa-by-joan-pereyra-3\/\" border=\"0\" itemprop=\"url\"> <meta itemprop=\"width\" content=\"296\"> <meta itemprop=\"height\" content=\"296\"> <img decoding=\"async\" class=\"\" data-attachment-id=\"38143\" data-orig-file=\"https:\/\/opistobranquis.info\/wp-content\/uploads\/2023\/03\/Trapania-sanctipetrensis-@-Eivissa-by-Joan-Pereyra-3.jpg\" data-orig-size=\"1536,1536\" data-comments-opened=\"\" data-image-title=\"Trapania sanctipetrensis @ Eivissa by Joan Pereyra\" data-image-description=\"&lt;p&gt;Trapania sanctipetrensis @ Eivissa by Joan Pereyra&lt;\/p&gt; \" data-medium-file=\"https:\/\/i0.wp.com\/opistobranquis.info\/wp-content\/uploads\/2023\/03\/Trapania-sanctipetrensis-%40-Eivissa-by-Joan-Pereyra-3.jpg?fit=300%2C300&#038;ssl=1\" data-large-file=\"https:\/\/i0.wp.com\/opistobranquis.info\/wp-content\/uploads\/2023\/03\/Trapania-sanctipetrensis-%40-Eivissa-by-Joan-Pereyra-3.jpg?fit=900%2C900&#038;ssl=1\" src=\"https:\/\/i0.wp.com\/opistobranquis.info\/wp-content\/uploads\/2023\/03\/Trapania-sanctipetrensis-%40-Eivissa-by-Joan-Pereyra-3.jpg?w=296&#038;h=296&#038;crop=1&#038;ssl=1\" width=\"296\" height=\"296\" loading=\"lazy\" data-original-width=\"296\" data-original-height=\"296\" itemprop=\"http:\/\/schema.org\/image\" title=\"Trapania sanctipetrensis @ Eivissa by Joan Pereyra\" alt=\"Trapania sanctipetrensis @ Eivissa by Joan Pereyra\" style=\"width: 296px; height: 296px;\" \/> <\/a> <div class=\"tiled-gallery-caption\" itemprop=\"caption description\"> Trapania sanctipetrensis @ Eivissa by Joan Pereyra <\/div> <\/div> <\/div> <!-- close group --> <\/div> <!-- close row --> <div class=\"gallery-row\" style=\"width: 900px; height: 900px;\" data-original-width=\"900\" data-original-height=\"900\" > <div class=\"gallery-group images-1\" style=\"width: 900px; height: 900px;\" data-original-width=\"900\" data-original-height=\"900\" > <div class=\"tiled-gallery-item tiled-gallery-item-large\" itemprop=\"associatedMedia\" itemscope itemtype=\"http:\/\/schema.org\/ImageObject\"> <a href=\"https:\/\/opistobranquis.info\/ca\/guia\/nudibranchia\/doridina\/doridoidei\/onchidoridoidea\/trapania-sanctipetrensis\/trapania-sanctipetrensis-eivissa-by-joan-pereyra-4\/\" border=\"0\" itemprop=\"url\"> <meta itemprop=\"width\" content=\"896\"> <meta itemprop=\"height\" content=\"896\"> <img decoding=\"async\" class=\"\" data-attachment-id=\"38144\" data-orig-file=\"https:\/\/opistobranquis.info\/wp-content\/uploads\/2023\/03\/Trapania-sanctipetrensis-@-Eivissa-by-Joan-Pereyra-4.jpg\" data-orig-size=\"1536,1536\" data-comments-opened=\"\" data-image-title=\"Trapania sanctipetrensis @ Eivissa by Joan Pereyra\" data-image-description=\"&lt;p&gt;Trapania sanctipetrensis @ Eivissa by Joan Pereyra&lt;\/p&gt; \" data-medium-file=\"https:\/\/i0.wp.com\/opistobranquis.info\/wp-content\/uploads\/2023\/03\/Trapania-sanctipetrensis-%40-Eivissa-by-Joan-Pereyra-4.jpg?fit=300%2C300&#038;ssl=1\" data-large-file=\"https:\/\/i0.wp.com\/opistobranquis.info\/wp-content\/uploads\/2023\/03\/Trapania-sanctipetrensis-%40-Eivissa-by-Joan-Pereyra-4.jpg?fit=900%2C900&#038;ssl=1\" src=\"https:\/\/i0.wp.com\/opistobranquis.info\/wp-content\/uploads\/2023\/03\/Trapania-sanctipetrensis-%40-Eivissa-by-Joan-Pereyra-4.jpg?w=896&#038;h=896&#038;crop=1&#038;ssl=1\" width=\"896\" height=\"896\" loading=\"lazy\" data-original-width=\"896\" data-original-height=\"896\" itemprop=\"http:\/\/schema.org\/image\" title=\"Trapania sanctipetrensis @ Eivissa by Joan Pereyra\" alt=\"Trapania sanctipetrensis @ Eivissa by Joan Pereyra\" style=\"width: 896px; height: 896px;\" \/> <\/a> <div class=\"tiled-gallery-caption\" itemprop=\"caption description\"> Trapania sanctipetrensis @ Eivissa by Joan Pereyra <\/div> <\/div> <\/div> <!-- close group --> <\/div> <!-- close row --> <\/div><\/p>\n<p><p><strong>Bibliografia<\/strong><\/p><ul><div id=\"zotpress-dbda5a3e51ea690079456f10504f52d2\" class=\"zp-Zotpress zp-Zotpress-Bib wp-block-group\">\n\n\t\t<span class=\"ZP_API_USER_ID ZP_ATTR\">1246567<\/span>\n\t\t<span class=\"ZP_ITEM_KEY ZP_ATTR\"><\/span>\n\t\t<span class=\"ZP_COLLECTION_ID ZP_ATTR\"><\/span>\n\t\t<span class=\"ZP_TAG_ID ZP_ATTR\">Trapania sanctipetrensis<\/span>\n\t\t<span class=\"ZP_AUTHOR ZP_ATTR\"><\/span>\n\t\t<span class=\"ZP_YEAR ZP_ATTR\"><\/span>\n        <span class=\"ZP_ITEMTYPE ZP_ATTR\"><\/span>\n\t\t<span class=\"ZP_INCLUSIVE ZP_ATTR\">1<\/span>\n\t\t<span class=\"ZP_STYLE ZP_ATTR\">eunomia-revista-en-cultura-de-la-legalidad<\/span>\n\t\t<span class=\"ZP_LIMIT ZP_ATTR\">50<\/span>\n\t\t<span class=\"ZP_SORTBY ZP_ATTR\">creator<\/span>\n\t\t<span class=\"ZP_ORDER ZP_ATTR\">asc<\/span>\n\t\t<span class=\"ZP_TITLE ZP_ATTR\"><\/span>\n\t\t<span class=\"ZP_SHOWIMAGE ZP_ATTR\"><\/span>\n\t\t<span class=\"ZP_SHOWTAGS ZP_ATTR\"><\/span>\n\t\t<span class=\"ZP_DOWNLOADABLE ZP_ATTR\"><\/span>\n\t\t<span class=\"ZP_NOTES ZP_ATTR\"><\/span>\n\t\t<span class=\"ZP_ABSTRACT ZP_ATTR\"><\/span>\n\t\t<span class=\"ZP_CITEABLE ZP_ATTR\"><\/span>\n\t\t<span class=\"ZP_TARGET ZP_ATTR\">1<\/span>\n\t\t<span class=\"ZP_URLWRAP ZP_ATTR\"><\/span>\n\t\t<span class=\"ZP_FORCENUM ZP_ATTR\"><\/span>\n        <span class=\"ZP_HIGHLIGHT ZP_ATTR\"><\/span>\n        <span class=\"ZP_POSTID ZP_ATTR\">29600<\/span>\n\t\t<span class=\"ZOTPRESS_PLUGIN_URL ZP_ATTR\">https:\/\/opistobranquis.info\/wp-content\/plugins\/zotpress\/<\/span>\n\n\t\t<div class=\"zp-List loading\">\n\t\t\t<div class=\"zp-SEO-Content\">\n\n\t\t\t<\/div><!-- .zp-zp-SEO-Content -->\n\t\t<\/div><!-- .zp-List -->\n\t<\/div><!--.zp-Zotpress-->\n\n<p><\/p>Bibliografia basada en els treballs de <b>Steve Long, 2006<\/b>. <a target=_blank href=https:\/\/opistobranquis.info\/wp-content\/uploads\/2016\/06\/Long-S.-2006-Bibliography-of-Opisthobranchia-1554-2000.pdf>Bibliography of Opisthobranchia 1554-2000<\/a> i <b>Gary McDonald, 2009<\/b>. <a href=http:\/\/escholarship.org\/uc\/item\/8115h0wz>Bibliographia Nudibranchia<\/a>, amb actualitzacions posteriors procedents d\u00b4altres fonts.<p><\/p><\/ul><p><\/p><p><strong>M\u00e9s informaci\u00f3<\/strong><\/p><span style=\"font-size:10pt\"><ul><ul class=\"blogroll-links\"><li><a href=\"http:\/\/www.biodiversitylibrary.org\/name\/Trapania%20sanctipetrensis\">Biodiversity Heritage Library<\/a><\/li><li><a href=\"https:\/\/elpais.com\/diario\/2000\/05\/24\/andalucia\/959120546_850215.html\">El Pa\u00eds<\/a><\/li><li><a href=\"https:\/\/www.flickr.com\/search\/?text=Trapania%20sanctipetrensis\">Flickr pictures<\/a><\/li><li><a href=\"http:\/\/www.irmng.org\/aphia.php?p=taxlist&#038;tName=Trapania%20sanctipetrensis\">Interim Register of Marine and Nonmarine Genera<\/a><\/li><li><a href=\"http:\/\/www.ncbi.nlm.nih.gov\/Taxonomy\/Browser\/wwwtax.cgi?mode=Undef&#038;name=Trapania%20sanctipetrensis&#038;lvl=0&#038;srchmode=1\">NCBI GenBank<\/a><\/li><li><a href=\"http:\/\/iobis.org\/mapper\/?taxon=Trapania%20sanctipetrensis\">OBIS - Search by Taxon<\/a><\/li><li><a href=\"https:\/\/www.researchgate.net\/publication\/262314040_A_new_species_of_Trapania_Pruvot-Fol_1931_from_the_Bay_of_Cadiz_With_remarks_on_other_Trapania_species_Nudibranchia_Goniodorididae\">Researchgate<\/a><\/li><li><a href=\"http:\/\/www.seaslugforum.net\/showall\/trapsanc\">Sea Slug Forum<\/a><\/li><li><a href=\"http:\/\/www.marinespecies.org\/aphia.php?p=taxdetails&#038;id=181225\">World Register of Marine Species<\/a><\/li><\/ul><\/ul><\/span><p><strong>Citeu aquest article com: <\/strong><\/p><div style=\"display: block; background: #444444; padding: 10px 30px 10px 10px; border-radius: 5px; line-height: 18px;\"><p class=\"citacio\"><b>Pontes, Miquel<\/b> (2025) <em>\"Trapania sanctipetrensis\"<\/em> a <em>OPK-Opistobranquis<\/em>. Publicat: 15\/02\/2020. Accedit: 03\/09\/2026. Disponible a (<a href=https:\/\/opistobranquis.info\/ca\/?p=29600>https:\/\/opistobranquis.info\/ca\/?p=29600<\/a>)<\/p><p><\/p><\/div><p><\/p><\/p>","protected":false},"excerpt":{"rendered":"<p>Trapania sanctipetrensis Cervera, Garc\u00eda-G\u00f3mez &amp; Megina, 2000 Descripci\u00f3 Cos de color blanc transl\u00facid amb taques negres o marrons fosques disperses irregularment, que poden concentrar-se en diferents \u00e0rees formant taques fosques. Aquest esquema de color tamb\u00e9 \u00e9s present al cap, el dors, els flancs, la cua, la base dels tentacles orals, els tentacles propodials i en tots els processos corporals i \u00f2rgans externs. Els rin\u00f2fors tenen 6-9 l\u00e0mines. Br\u00e0nquia composta per\u2026<\/p>\n<p class=\"continue-reading-button\"> <a class=\"continue-reading-link\" href=\"https:\/\/opistobranquis.info\/ca\/guia\/nudibranchia\/doridina\/doridoidei\/onchidoridoidea\/trapania-sanctipetrensis\/\">Continua llegint<i class=\"crycon-right-dir\"><\/i><\/a><\/p>\n","protected":false},"author":5,"featured_media":29623,"parent":26111,"menu_order":6911,"comment_status":"closed","ping_status":"closed","template":"","meta":{"footnotes":""},"class_list":["post-29600","page","type-page","status-publish","has-post-thumbnail","hentry"],"jetpack_sharing_enabled":true,"_links":{"self":[{"href":"https:\/\/opistobranquis.info\/ca\/wp-json\/wp\/v2\/pages\/29600","targetHints":{"allow":["GET"]}}],"collection":[{"href":"https:\/\/opistobranquis.info\/ca\/wp-json\/wp\/v2\/pages"}],"about":[{"href":"https:\/\/opistobranquis.info\/ca\/wp-json\/wp\/v2\/types\/page"}],"author":[{"embeddable":true,"href":"https:\/\/opistobranquis.info\/ca\/wp-json\/wp\/v2\/users\/5"}],"replies":[{"embeddable":true,"href":"https:\/\/opistobranquis.info\/ca\/wp-json\/wp\/v2\/comments?post=29600"}],"version-history":[{"count":5,"href":"https:\/\/opistobranquis.info\/ca\/wp-json\/wp\/v2\/pages\/29600\/revisions"}],"predecessor-version":[{"id":29619,"href":"https:\/\/opistobranquis.info\/ca\/wp-json\/wp\/v2\/pages\/29600\/revisions\/29619"}],"up":[{"embeddable":true,"href":"https:\/\/opistobranquis.info\/ca\/wp-json\/wp\/v2\/pages\/26111"}],"wp:featuredmedia":[{"embeddable":true,"href":"https:\/\/opistobranquis.info\/ca\/wp-json\/wp\/v2\/media\/29623"}],"wp:attachment":[{"href":"https:\/\/opistobranquis.info\/ca\/wp-json\/wp\/v2\/media?parent=29600"}],"curies":[{"name":"wp","href":"https:\/\/api.w.org\/{rel}","templated":true}]}}