{"id":30949,"date":"2020-12-06T12:00:03","date_gmt":"2020-12-06T11:00:03","guid":{"rendered":"https:\/\/opistobranquis.info\/?page_id=30949"},"modified":"2025-07-20T10:55:15","modified_gmt":"2025-07-20T08:55:15","slug":"berghia-marinae","status":"publish","type":"page","link":"https:\/\/opistobranquis.info\/ca\/guia\/nudibranchia\/cladobranchia\/aeolidioidea\/berghia-marinae\/","title":{"rendered":"Berghia marinae"},"content":{"rendered":"<p><\/p>\n<h3><em>Berghia marinae<\/em> Carmona, Pola, Gosliner &amp; Cervera, 2014<\/h3>\n<p><span style=\"font-size:10pt;\" class=\"aligncenter\"><div id=\"featured-img-id\"><img data-recalc-dims=\"1\" decoding=\"async\" src=\"https:\/\/i0.wp.com\/opistobranquis.info\/wp-content\/uploads\/2013\/10\/P4204254.jpg?w=900&#038;ssl=1\" alt=\"Berghia marinae @ Matar\u00f3 by Manuel Ballesteros\" \/><\/div><center><em>Berghia marinae @ Matar\u00f3 <\/em> per Manuel Ballesteros<\/center><\/span><p><\/p><div class=\"opk-worms\"><h3>Informaci\u00f3 taxon\u00f2mica WoRMS<\/h3><div class=\"opk-success\">Nom acceptat actual: <strong><em>Berghia marinae<\/em> Carmona, Pola, Gosliner &amp; Cervera, 2014<\/strong><\/div><h4>Classificaci\u00f3 actual<\/h4><table class=\"widefat striped\"><tr><th>Superdomain<\/th><td><a target=\"_blank\" href=\"https:\/\/www.marinespecies.org\/aphia.php?p=taxdetails&id=1\">Biota<\/a><\/td><\/tr><tr><th>Kingdom<\/th><td><a target=\"_blank\" href=\"https:\/\/www.marinespecies.org\/aphia.php?p=taxdetails&id=2\">Animalia<\/a><\/td><\/tr><tr><th>Phylum<\/th><td><a target=\"_blank\" href=\"https:\/\/www.marinespecies.org\/aphia.php?p=taxdetails&id=51\">Mollusca<\/a><\/td><\/tr><tr><th>Class<\/th><td><a target=\"_blank\" href=\"https:\/\/www.marinespecies.org\/aphia.php?p=taxdetails&id=101\">Gastropoda<\/a><\/td><\/tr><tr><th>Subclass<\/th><td><a target=\"_blank\" href=\"https:\/\/www.marinespecies.org\/aphia.php?p=taxdetails&id=14712\">Heterobranchia<\/a><\/td><\/tr><tr><th>Infraclass<\/th><td><a target=\"_blank\" href=\"https:\/\/www.marinespecies.org\/aphia.php?p=taxdetails&id=1057247\">Euthyneura<\/a><\/td><\/tr><tr><th>Subterclass<\/th><td><a target=\"_blank\" href=\"https:\/\/www.marinespecies.org\/aphia.php?p=taxdetails&id=1057249\">Ringipleura<\/a><\/td><\/tr><tr><th>Superorder<\/th><td><a target=\"_blank\" href=\"https:\/\/www.marinespecies.org\/aphia.php?p=taxdetails&id=411966\">Nudipleura<\/a><\/td><\/tr><tr><th>Order<\/th><td><a target=\"_blank\" href=\"https:\/\/www.marinespecies.org\/aphia.php?p=taxdetails&id=1762\">Nudibranchia<\/a><\/td><\/tr><tr><th>Suborder<\/th><td><a target=\"_blank\" href=\"https:\/\/www.marinespecies.org\/aphia.php?p=taxdetails&id=827889\">Cladobranchia<\/a><\/td><\/tr><tr><th>Superfamily<\/th><td><a target=\"_blank\" href=\"https:\/\/www.marinespecies.org\/aphia.php?p=taxdetails&id=189\">Aeolidioidea<\/a><\/td><\/tr><tr><th>Family<\/th><td><a target=\"_blank\" href=\"https:\/\/www.marinespecies.org\/aphia.php?p=taxdetails&id=192\">Aeolidiidae<\/a><\/td><\/tr><tr><th>Genus<\/th><td><a target=\"_blank\" href=\"https:\/\/www.marinespecies.org\/aphia.php?p=taxdetails&id=137633\"><em>Berghia<\/em><\/a><\/td><\/tr><tr><th>Species<\/th><td><a target=\"_blank\" href=\"https:\/\/www.marinespecies.org\/aphia.php?p=taxdetails&id=827719\"><em>Berghia marinae<\/em> Carmona, Pola, Gosliner &amp; Cervera, 2014<\/a><\/td><\/tr><\/table><p class=\"footer\">Classificaci\u00f3 proporcionada pel World Register of Marine Species (WoRMS). [<a target=\"_blank\" href=\"https:\/\/www.marinespecies.org\/aphia.php?p=taxdetails&id=827719\">827719<\/a>]<\/p><\/div><strong>Descripci\u00f3<br \/>\n<\/strong>El cos \u00e9s allargat i estilitzat, aprimant-se gradualment cap a l&#8217;extrem posterior de el peu. El color del cos \u00e9s blanc transl\u00facid amb taques blanques brillants opaques al notum que, d&#8217;altra banda, \u00e9s de color marr\u00f3 clar a causa de la gl\u00e0ndula digestiva de l&#8217;interior. El pericardi \u00e9s m\u00e9s o menys cobert per una marca taronja (pot ser gaireb\u00e9 invisible o b\u00e9 de colors brillants). Cada costat del cap t\u00e9 una taca de color taronja en forma de bumerang que s&#8217;estreny gradualment fins a la base dels tentacles orals. Els tentacles orals s\u00f3n de color marr\u00f3 amb granulacions de color blanc iridescent o groc p\u00e0l\u00b7lid acolorint els extrems. Els rin\u00f2fors s\u00f3n de color taronja a la part basal i es tornen groguencs cap a la punta, que \u00e9s blanca. Els rin\u00f2fors estan densament coberts de papil\u00b7les al costat posterior, on tenen les papil\u00b7les m\u00e9s o menys arrodonides, mentre que les situades en els costats s\u00f3n allargades i estan disposades perpendicularment a la seva base. Els ulls s\u00f3n visibles darrere de la base dels rin\u00f2fors. Els tentacles orals s\u00f3n allargats i m\u00e9s grans que els rin\u00f2fors. Els cerata, prims i de di\u00e0metre bastant uniforme en la major part de la seva longitud, s\u00f3n de color marr\u00f3 amb una pigmentaci\u00f3 blanca grisenca transl\u00facida a les puntes (puntes arrodonides en la descripci\u00f3 original de l&#8217;esp\u00e8cie del Senegal, puntes afilades en els exemplars mediterranis) . A l&#8217;interior, la gl\u00e0ndula digestiva \u00e9s de color marr\u00f3 clar i ocupa gaireb\u00e9 tot l&#8217;interior dels cerata, a l&#8217;extrem dels quals hi ha un anell subapical prim de color groguenc opac. Els cnidosacs s\u00f3n de color blanc. Els cerata s&#8217;insereixen en el cos formant fins a set arcs a cada costat de el cos, estenent-se des de la part posterior dels rin\u00f2fors gaireb\u00e9 fins a l&#8217;extrem posterior de el peu. Cada arc t\u00e9 entre 3 i 20 cerata, disminuint en longitud cap als costats i cap a la cua. Hi ha l\u00ednies ataronjades seguint les vores interns de les insercions ceratals. L&#8217;anus es troba al costat dret de el cos, sota el segon arc ceratal, mentre que la genitalia es troba una mica m\u00e9s endavant, entre els cerata del primer arc dret. El peu \u00e9s ample i gaireb\u00e9 transl\u00facid, i en la part anterior t\u00e9 palps propodials tentaculiformes, transl\u00facids i ben desenvolupats. La cua \u00e9s llarga i afilada.<\/p>\n<p><strong>Biologia<br \/>\n<\/strong>A causa de la seva recent descripci\u00f3 se sap poc sobre la seva alimentaci\u00f3, per\u00f2 a l&#8217;igual que altres esp\u00e8cies del g\u00e8nere, s&#8217;alimenta de cnidaris. La posta forma una espiral de 4 voltes, disposada en sentit antihorari, amb petits ous de color blanc.<\/p>\n<p><strong>Etimologia<\/strong><\/p>\n<ul>\n<li><em>Marinae<\/em>, dedicada a Marina Poddubestkaia, qui va subministrar als autors de mostres d&#8217;Aeolidiidae de Fran\u00e7a.<\/li>\n<\/ul>\n<p><strong>Distribuci\u00f3<br \/>\n<\/strong>Esp\u00e8cie coneguda \u00fanicament del Senegal (descripci\u00f3 original), de Matar\u00f3 (Barcelona, Espanya) on s&#8217;ha convertit en la primera cita per al Mar Mediterrani i de Granada, on va apar\u00e8ixer al juliol de 2025. <div id=\"flxmap-6a9bd8ff98884\" class='flxmap-container' data-flxmap='flxmap_6a9bd8ff98884' style=\"width:100%;height:400px;\"><\/div>\n<script data-noptimize=\"1\">\n\/* <![CDATA[ *\/\n(function(w, fn) {\n if (w.addEventListener) w.addEventListener(\"DOMContentLoaded\", fn, false);\n else if (w.attachEvent) w.attachEvent(\"onload\", fn);\n})(window, function() {\n var f = new FlexibleMap();\n f.panControl = true;\n f.mapTypeId = \"satellite\";\n f.setlocale(\"ca-ES\");\n f.kmlcache = \"5 minutes\";\n f.showKML(\"flxmap-6a9bd8ff98884\", \"https:\/\/opistobranquis.info\/wp-content\/uploads\/kms\/30949.kmz\");\n window.flxmap_6a9bd8ff98884 = f;\n});\n\/* ]]> *\/\n<\/script>\n<div style=\"width:100%;text-align:center;margin:12px 0 4px 0;\">\n  <div style=\"font-size:8pt;margin-bottom:6px;\">Cites georeferenciades conegudes de l'esp\u00e8cie: <em>Berghia marinae<\/em><\/div>\n  <table style=\"margin:0 auto;border-collapse:collapse;font-size:8pt;\">\n    <tr><td colspan=\"2\" style=\"text-align:left;padding-bottom:4px;\"><strong>Fonts:<\/strong><\/td><\/tr>\n    <tr>\n      <td style=\"vertical-align:top;padding-right:40px;\">\n        <table style=\"border-collapse:collapse;\">\n<tr><td style='padding:1px 6px 1px 0;vertical-align:middle'><img data-recalc-dims=\"1\" src=\"https:\/\/i0.wp.com\/opistobranquis.info\/wp-content\/uploads\/kms\/wht-circle-lv.png?w=900&#038;ssl=1\" style='display:block'><\/td><td style='padding:1px 0;vertical-align:middle;white-space:nowrap'>OBIS<\/td><\/tr><tr><td style='padding:1px 6px 1px 0;vertical-align:middle'><img data-recalc-dims=\"1\" src=\"https:\/\/i0.wp.com\/opistobranquis.info\/wp-content\/uploads\/kms\/ylw-circle-lv.png?w=900&#038;ssl=1\" style='display:block'><\/td><td style='padding:1px 0;vertical-align:middle;white-space:nowrap'>GROC 2010-2011<\/td><\/tr><tr><td style='padding:1px 6px 1px 0;vertical-align:middle'><img data-recalc-dims=\"1\" src=\"https:\/\/i0.wp.com\/opistobranquis.info\/wp-content\/uploads\/kms\/grn-circle-lv.png?w=900&#038;ssl=1\" style='display:block'><\/td><td style='padding:1px 0;vertical-align:middle;white-space:nowrap'>Enric Madrenas<\/td><\/tr><tr><td style='padding:1px 6px 1px 0;vertical-align:middle'><img data-recalc-dims=\"1\" src=\"https:\/\/i0.wp.com\/opistobranquis.info\/wp-content\/uploads\/kms\/orange-circle-lv.png?w=900&#038;ssl=1\" style='display:block'><\/td><td style='padding:1px 0;vertical-align:middle;white-space:nowrap'>Jo\u00e3o Pedro Silva<\/td><\/tr><tr><td style='padding:1px 6px 1px 0;vertical-align:middle'><img data-recalc-dims=\"1\" src=\"https:\/\/i0.wp.com\/opistobranquis.info\/wp-content\/uploads\/kms\/pink-circle-lv.png?w=900&#038;ssl=1\" style='display:block'><\/td><td style='padding:1px 0;vertical-align:middle;white-space:nowrap'>Bernard Picton<\/td><\/tr><tr><td style='padding:1px 6px 1px 0;vertical-align:middle'><img data-recalc-dims=\"1\" src=\"https:\/\/i0.wp.com\/opistobranquis.info\/wp-content\/uploads\/kms\/blk-circle-lv.png?w=900&#038;ssl=1\" style='display:block'><\/td><td style='padding:1px 0;vertical-align:middle;white-space:nowrap'>GBIF<\/td><\/tr>        <\/table>\n      <\/td>\n      <td style=\"vertical-align:top;\">\n        <table style=\"border-collapse:collapse;\">\n<tr><td style='padding:1px 6px 1px 0;vertical-align:middle'><img data-recalc-dims=\"1\" src=\"https:\/\/i0.wp.com\/opistobranquis.info\/wp-content\/uploads\/kms\/purple-circle-lv.png?w=900&#038;ssl=1\" style='display:block'><\/td><td style='padding:1px 0;vertical-align:middle;white-space:nowrap'>OPK<\/td><\/tr><tr><td style='padding:1px 6px 1px 0;vertical-align:middle'><img data-recalc-dims=\"1\" src=\"https:\/\/i0.wp.com\/opistobranquis.info\/wp-content\/uploads\/kms\/red-circle-lv.png?w=900&#038;ssl=1\" style='display:block'><\/td><td style='padding:1px 0;vertical-align:middle;white-space:nowrap'>VIMAR<\/td><\/tr><tr><td style='padding:1px 6px 1px 0;vertical-align:middle'><img data-recalc-dims=\"1\" src=\"https:\/\/i0.wp.com\/opistobranquis.info\/wp-content\/uploads\/kms\/blu-circle-lv.png?w=900&#038;ssl=1\" style='display:block'><\/td><td style='padding:1px 0;vertical-align:middle;white-space:nowrap'>Manuel Ballesteros<\/td><\/tr><tr><td style='padding:1px 6px 1px 0;vertical-align:middle'><img data-recalc-dims=\"1\" src=\"https:\/\/i0.wp.com\/opistobranquis.info\/wp-content\/uploads\/kms\/cyan-circle-lv.png?w=900&#038;ssl=1\" style='display:block'><\/td><td style='padding:1px 0;vertical-align:middle;white-space:nowrap'>M@re Nostrum<\/td><\/tr><tr><td style='padding:1px 6px 1px 0;vertical-align:middle'><img data-recalc-dims=\"1\" src=\"https:\/\/i0.wp.com\/opistobranquis.info\/wp-content\/uploads\/kms\/grey-circle-lv.png?w=900&#038;ssl=1\" style='display:block'><\/td><td style='padding:1px 0;vertical-align:middle;white-space:nowrap'>Altres fonts<\/td><\/tr><tr><td style='padding:1px 6px 1px 0;vertical-align:middle'><img data-recalc-dims=\"1\" src=\"https:\/\/i0.wp.com\/opistobranquis.info\/wp-content\/uploads\/kms\/marreg.png?w=900&#038;ssl=1\" style='display:block'><\/td><td style='padding:1px 0;vertical-align:middle;white-space:nowrap'>Marine Regions<\/td><\/tr>        <\/table>\n      <\/td>\n    <\/tr>\n  <\/table>\n<\/div>\n<\/p>\n<p><strong>Esp\u00e8cies semblants<\/strong><br \/>\n<em>Berghia marinae<\/em> es distingeix clarament d&#8217;altres membres del g\u00e8nere per la seva coloraci\u00f3. Nom\u00e9s <em>B. stephanieae<\/em> pot tenir una coloraci\u00f3 similar dels cerata, per\u00f2 no t\u00e9 les l\u00ednies taronges en les insercions ceratals que es troben en <em>B. marinae<\/em> i tamb\u00e9 t\u00e9 una disposici\u00f3 ceratal i una distribuci\u00f3 geogr\u00e0fica completament diferent. L&#8217;exemplar trobat a la costa de Matar\u00f3 mostra un patr\u00f3 de coloraci\u00f3 diferent a el de la descripci\u00f3 original de <em>B. marinae<\/em> del Senegal, exteriorment semblant a <em>B. columbina<\/em>, per\u00f2 l&#8217;estudi filogen\u00e8tic realitzat per Gali\u00e0-Camps et al. (2020) d\u00f3na suport a la validesa de <em>B. marinae<\/em>. Aix\u00f2 podria ser degut a un enfocament ecol\u00f2gic adaptatiu en qu\u00e8 l&#8217;estrat\u00e8gia utilitzada per la poblaci\u00f3 del Senegal \u00e9s passar desapercebuda, mentre que la poblaci\u00f3 mediterr\u00e0nia, amb els seus colors vius, adverteix als seus depredadors de la mateixa manera que ho fa <em>B. columbina<\/em> (veure Gali\u00e0-Camps et al., 2020, p\u00e0g. 196-197).<\/p>\n<p><strong>Error:<\/strong> Chart.js no est\u00e1 disponible.<\/p>\n<p><strong>V\u00eddeos<\/strong><\/p>\n<p><iframe loading=\"lazy\" title=\"GX011154\" width=\"900\" height=\"506\" src=\"https:\/\/www.youtube.com\/embed\/u0Lmf2jEnmg?feature=oembed\" frameborder=\"0\" allow=\"accelerometer; autoplay; clipboard-write; encrypted-media; gyroscope; picture-in-picture; web-share\" referrerpolicy=\"strict-origin-when-cross-origin\" allowfullscreen><\/iframe><\/p>\n<p><strong>Altres fotos<\/strong><br \/>\n<div class=\"tiled-gallery type-rectangular tiled-gallery-unresized\" data-original-width=\"900\" data-carousel-extra='{&quot;blog_id&quot;:1,&quot;permalink&quot;:&quot;https:\\\/\\\/opistobranquis.info\\\/ca\\\/guia\\\/nudibranchia\\\/cladobranchia\\\/aeolidioidea\\\/berghia-marinae\\\/&quot;,&quot;likes_blog_id&quot;:44192421}' itemscope itemtype=\"http:\/\/schema.org\/ImageGallery\" > <div class=\"gallery-row\" style=\"width: 900px; height: 438px;\" data-original-width=\"900\" data-original-height=\"438\" > <div class=\"gallery-group images-1\" style=\"width: 610px; height: 438px;\" data-original-width=\"610\" data-original-height=\"438\" > <div class=\"tiled-gallery-item tiled-gallery-item-large\" itemprop=\"associatedMedia\" itemscope itemtype=\"http:\/\/schema.org\/ImageObject\"> <a href=\"https:\/\/opistobranquis.info\/ca\/guia\/nudibranchia\/cladobranchia\/aeolidioidea\/berghia-marinae\/olympus-digital-camera-114\/\" border=\"0\" itemprop=\"url\"> <meta itemprop=\"width\" content=\"606\"> <meta itemprop=\"height\" content=\"434\"> <img decoding=\"async\" class=\"\" data-attachment-id=\"23504\" data-orig-file=\"https:\/\/opistobranquis.info\/wp-content\/uploads\/2013\/10\/P4204253.jpg\" data-orig-size=\"800,573\" data-comments-opened=\"\" data-image-title=\"Berghia marinae@ Matar\u00f3 by Manuel Ballesteros\" data-image-description=\"&lt;p&gt;Berghia marinae @ Matar\u00f3 by Manuel Ballesteros&lt;\/p&gt; \" data-medium-file=\"https:\/\/i0.wp.com\/opistobranquis.info\/wp-content\/uploads\/2013\/10\/P4204253.jpg?fit=300%2C215&#038;ssl=1\" data-large-file=\"https:\/\/i0.wp.com\/opistobranquis.info\/wp-content\/uploads\/2013\/10\/P4204253.jpg?fit=800%2C573&#038;ssl=1\" src=\"https:\/\/i0.wp.com\/opistobranquis.info\/wp-content\/uploads\/2013\/10\/P4204253.jpg?w=606&#038;h=434&#038;ssl=1\" srcset=\"https:\/\/i0.wp.com\/opistobranquis.info\/wp-content\/uploads\/2013\/10\/P4204253.jpg?w=800&amp;ssl=1 800w, https:\/\/i0.wp.com\/opistobranquis.info\/wp-content\/uploads\/2013\/10\/P4204253.jpg?resize=150%2C107&amp;ssl=1 150w, https:\/\/i0.wp.com\/opistobranquis.info\/wp-content\/uploads\/2013\/10\/P4204253.jpg?resize=300%2C215&amp;ssl=1 300w\" width=\"606\" height=\"434\" loading=\"lazy\" data-original-width=\"606\" data-original-height=\"434\" itemprop=\"http:\/\/schema.org\/image\" title=\"Berghia marinae@ Matar\u00f3 by Manuel Ballesteros\" alt=\"Berghia marinae @ Matar\u00f3 by Manuel Ballesteros\" style=\"width: 606px; height: 434px;\" \/> <\/a> <div class=\"tiled-gallery-caption\" itemprop=\"caption description\"> Berghia marinae @ Matar\u00f3 by Manuel Ballesteros <\/div> <\/div> <\/div> <!-- close group --> <div class=\"gallery-group images-2\" style=\"width: 290px; height: 438px;\" data-original-width=\"290\" data-original-height=\"438\" > <div class=\"tiled-gallery-item tiled-gallery-item-large\" itemprop=\"associatedMedia\" itemscope itemtype=\"http:\/\/schema.org\/ImageObject\"> <a href=\"https:\/\/opistobranquis.info\/ca\/guia\/nudibranchia\/cladobranchia\/aeolidioidea\/berghia-marinae\/olympus-digital-camera-116\/\" border=\"0\" itemprop=\"url\"> <meta itemprop=\"width\" content=\"286\"> <meta itemprop=\"height\" content=\"215\"> <img decoding=\"async\" class=\"\" data-attachment-id=\"23506\" data-orig-file=\"https:\/\/opistobranquis.info\/wp-content\/uploads\/2013\/10\/P4204259.jpg\" data-orig-size=\"800,600\" data-comments-opened=\"\" data-image-title=\"Berghia marinae @ Matar\u00f3 by Manuel Ballesteros\" data-image-description=\"&lt;p&gt;Berghia marinae @ Matar\u00f3 by Manuel Ballesteros&lt;\/p&gt; \" data-medium-file=\"https:\/\/i0.wp.com\/opistobranquis.info\/wp-content\/uploads\/2013\/10\/P4204259.jpg?fit=300%2C225&#038;ssl=1\" data-large-file=\"https:\/\/i0.wp.com\/opistobranquis.info\/wp-content\/uploads\/2013\/10\/P4204259.jpg?fit=800%2C600&#038;ssl=1\" src=\"https:\/\/i0.wp.com\/opistobranquis.info\/wp-content\/uploads\/2013\/10\/P4204259.jpg?w=286&#038;h=215&#038;ssl=1\" srcset=\"https:\/\/i0.wp.com\/opistobranquis.info\/wp-content\/uploads\/2013\/10\/P4204259.jpg?w=800&amp;ssl=1 800w, https:\/\/i0.wp.com\/opistobranquis.info\/wp-content\/uploads\/2013\/10\/P4204259.jpg?resize=150%2C113&amp;ssl=1 150w, https:\/\/i0.wp.com\/opistobranquis.info\/wp-content\/uploads\/2013\/10\/P4204259.jpg?resize=300%2C225&amp;ssl=1 300w\" width=\"286\" height=\"215\" loading=\"lazy\" data-original-width=\"286\" data-original-height=\"215\" itemprop=\"http:\/\/schema.org\/image\" title=\"Berghia marinae @ Matar\u00f3 by Manuel Ballesteros\" alt=\"Berghia marinae @ Matar\u00f3 by Manuel Ballesteros\" style=\"width: 286px; height: 215px;\" \/> <\/a> <div class=\"tiled-gallery-caption\" itemprop=\"caption description\"> Berghia marinae @ Matar\u00f3 by Manuel Ballesteros <\/div> <\/div> <div class=\"tiled-gallery-item tiled-gallery-item-large\" itemprop=\"associatedMedia\" itemscope itemtype=\"http:\/\/schema.org\/ImageObject\"> <a href=\"https:\/\/opistobranquis.info\/ca\/guia\/nudibranchia\/cladobranchia\/aeolidioidea\/berghia-marinae\/olympus-digital-camera-117\/\" border=\"0\" itemprop=\"url\"> <meta itemprop=\"width\" content=\"286\"> <meta itemprop=\"height\" content=\"215\"> <img decoding=\"async\" class=\"\" data-attachment-id=\"23507\" data-orig-file=\"https:\/\/opistobranquis.info\/wp-content\/uploads\/2013\/10\/P4204264.jpg\" data-orig-size=\"800,600\" data-comments-opened=\"\" data-image-title=\"Berghia marinae @ Matar\u00f3 by Manuel Ballesteros\" data-image-description=\"&lt;p&gt;Berghia marinae @ Matar\u00f3 by Manuel Ballesteros&lt;\/p&gt; \" data-medium-file=\"https:\/\/i0.wp.com\/opistobranquis.info\/wp-content\/uploads\/2013\/10\/P4204264.jpg?fit=300%2C225&#038;ssl=1\" data-large-file=\"https:\/\/i0.wp.com\/opistobranquis.info\/wp-content\/uploads\/2013\/10\/P4204264.jpg?fit=800%2C600&#038;ssl=1\" src=\"https:\/\/i0.wp.com\/opistobranquis.info\/wp-content\/uploads\/2013\/10\/P4204264.jpg?w=286&#038;h=215&#038;ssl=1\" srcset=\"https:\/\/i0.wp.com\/opistobranquis.info\/wp-content\/uploads\/2013\/10\/P4204264.jpg?w=800&amp;ssl=1 800w, https:\/\/i0.wp.com\/opistobranquis.info\/wp-content\/uploads\/2013\/10\/P4204264.jpg?resize=150%2C113&amp;ssl=1 150w, https:\/\/i0.wp.com\/opistobranquis.info\/wp-content\/uploads\/2013\/10\/P4204264.jpg?resize=300%2C225&amp;ssl=1 300w\" width=\"286\" height=\"215\" loading=\"lazy\" data-original-width=\"286\" data-original-height=\"215\" itemprop=\"http:\/\/schema.org\/image\" title=\"Berghia marinae @ Matar\u00f3 by Manuel Ballesteros\" alt=\"Berghia marinae @ Matar\u00f3 by Manuel Ballesteros\" style=\"width: 286px; height: 215px;\" \/> <\/a> <div class=\"tiled-gallery-caption\" itemprop=\"caption description\"> Berghia marinae @ Matar\u00f3 by Manuel Ballesteros <\/div> <\/div> <\/div> <!-- close group --> <\/div> <!-- close row --> <div class=\"gallery-row\" style=\"width: 900px; height: 396px;\" data-original-width=\"900\" data-original-height=\"396\" > <div class=\"gallery-group images-2\" style=\"width: 295px; height: 396px;\" data-original-width=\"295\" data-original-height=\"396\" > <div class=\"tiled-gallery-item tiled-gallery-item-large\" itemprop=\"associatedMedia\" itemscope itemtype=\"http:\/\/schema.org\/ImageObject\"> <a href=\"https:\/\/opistobranquis.info\/ca\/guia\/nudibranchia\/cladobranchia\/aeolidioidea\/berghia-marinae\/berghia-marinae-15mm-mataro-spain-16m-24-04-2017-by-carles-galia\/\" border=\"0\" itemprop=\"url\"> <meta itemprop=\"width\" content=\"291\"> <meta itemprop=\"height\" content=\"194\"> <img decoding=\"async\" class=\"\" data-attachment-id=\"30951\" data-orig-file=\"https:\/\/opistobranquis.info\/wp-content\/uploads\/2020\/12\/Berghia-marinae-15mm-@-Mataro-Spain-16m-24-04-2017-by-Carles-Galia.jpg\" data-orig-size=\"1280,854\" data-comments-opened=\"\" data-image-title=\"Berghia marinae 15mm @ Mataro, Spain 16m 24-04-2017 by Carles Gali\u00e0\" data-image-description=\"&lt;p&gt;Berghia marinae 15mm @ Mataro, Spain 16m 24-04-2017 by Carles Gali\u00e0&lt;\/p&gt; \" data-medium-file=\"https:\/\/i0.wp.com\/opistobranquis.info\/wp-content\/uploads\/2020\/12\/Berghia-marinae-15mm-%40-Mataro-Spain-16m-24-04-2017-by-Carles-Galia.jpg?fit=300%2C200&#038;ssl=1\" data-large-file=\"https:\/\/i0.wp.com\/opistobranquis.info\/wp-content\/uploads\/2020\/12\/Berghia-marinae-15mm-%40-Mataro-Spain-16m-24-04-2017-by-Carles-Galia.jpg?fit=900%2C600&#038;ssl=1\" src=\"https:\/\/i0.wp.com\/opistobranquis.info\/wp-content\/uploads\/2020\/12\/Berghia-marinae-15mm-%40-Mataro-Spain-16m-24-04-2017-by-Carles-Galia.jpg?w=291&#038;h=194&#038;ssl=1\" width=\"291\" height=\"194\" loading=\"lazy\" data-original-width=\"291\" data-original-height=\"194\" itemprop=\"http:\/\/schema.org\/image\" title=\"Berghia marinae 15mm @ Mataro, Spain 16m 24-04-2017 by Carles Gali\u00e0\" alt=\"Berghia marinae 15mm @ Mataro, Spain 16m 24-04-2017 by Carles Gali\u00e0\" style=\"width: 291px; height: 194px;\" \/> <\/a> <div class=\"tiled-gallery-caption\" itemprop=\"caption description\"> Berghia marinae 15mm @ Mataro, Spain 16m 24-04-2017 by Carles Gali\u00e0 <\/div> <\/div> <div class=\"tiled-gallery-item tiled-gallery-item-large\" itemprop=\"associatedMedia\" itemscope itemtype=\"http:\/\/schema.org\/ImageObject\"> <a href=\"https:\/\/opistobranquis.info\/ca\/guia\/nudibranchia\/cladobranchia\/aeolidioidea\/berghia-marinae\/berghia-marinae-by-leila-carmona-closeup\/\" border=\"0\" itemprop=\"url\"> <meta itemprop=\"width\" content=\"291\"> <meta itemprop=\"height\" content=\"194\"> <img decoding=\"async\" class=\"\" data-attachment-id=\"30952\" data-orig-file=\"https:\/\/opistobranquis.info\/wp-content\/uploads\/2020\/12\/Berghia-marinae-by-Leila-Carmona-closeup.jpg\" data-orig-size=\"1270,846\" data-comments-opened=\"\" data-image-title=\"Berghia marinae @ Gor\u00e9e, Dakar, Senegal by Leila Carmona\" data-image-description=\"&lt;p&gt;Berghia marinae @ Gor\u00e9e, Dakar, Senegal by Leila Carmona&lt;\/p&gt; \" data-medium-file=\"https:\/\/i0.wp.com\/opistobranquis.info\/wp-content\/uploads\/2020\/12\/Berghia-marinae-by-Leila-Carmona-closeup.jpg?fit=300%2C200&#038;ssl=1\" data-large-file=\"https:\/\/i0.wp.com\/opistobranquis.info\/wp-content\/uploads\/2020\/12\/Berghia-marinae-by-Leila-Carmona-closeup.jpg?fit=900%2C599&#038;ssl=1\" src=\"https:\/\/i0.wp.com\/opistobranquis.info\/wp-content\/uploads\/2020\/12\/Berghia-marinae-by-Leila-Carmona-closeup.jpg?w=291&#038;h=194&#038;ssl=1\" srcset=\"https:\/\/i0.wp.com\/opistobranquis.info\/wp-content\/uploads\/2020\/12\/Berghia-marinae-by-Leila-Carmona-closeup.jpg?w=1270&amp;ssl=1 1270w, https:\/\/i0.wp.com\/opistobranquis.info\/wp-content\/uploads\/2020\/12\/Berghia-marinae-by-Leila-Carmona-closeup.jpg?resize=300%2C200&amp;ssl=1 300w, https:\/\/i0.wp.com\/opistobranquis.info\/wp-content\/uploads\/2020\/12\/Berghia-marinae-by-Leila-Carmona-closeup.jpg?resize=1024%2C682&amp;ssl=1 1024w, https:\/\/i0.wp.com\/opistobranquis.info\/wp-content\/uploads\/2020\/12\/Berghia-marinae-by-Leila-Carmona-closeup.jpg?resize=150%2C100&amp;ssl=1 150w\" width=\"291\" height=\"194\" loading=\"lazy\" data-original-width=\"291\" data-original-height=\"194\" itemprop=\"http:\/\/schema.org\/image\" title=\"Berghia marinae @ Gor\u00e9e, Dakar, Senegal by Leila Carmona\" alt=\"Berghia marinae @ Gor\u00e9e, Dakar, Senegal by Leila Carmona\" style=\"width: 291px; height: 194px;\" \/> <\/a> <div class=\"tiled-gallery-caption\" itemprop=\"caption description\"> Berghia marinae @ Gor\u00e9e, Dakar, Senegal by Leila Carmona <\/div> <\/div> <\/div> <!-- close group --> <div class=\"gallery-group images-1\" style=\"width: 605px; height: 396px;\" data-original-width=\"605\" data-original-height=\"396\" > <div class=\"tiled-gallery-item tiled-gallery-item-large\" itemprop=\"associatedMedia\" itemscope itemtype=\"http:\/\/schema.org\/ImageObject\"> <a href=\"https:\/\/opistobranquis.info\/ca\/guia\/nudibranchia\/cladobranchia\/aeolidioidea\/berghia-marinae\/berghia-marinae-by-leila-carmona\/\" border=\"0\" itemprop=\"url\"> <meta itemprop=\"width\" content=\"601\"> <meta itemprop=\"height\" content=\"392\"> <img decoding=\"async\" class=\"\" data-attachment-id=\"30953\" data-orig-file=\"https:\/\/opistobranquis.info\/wp-content\/uploads\/2020\/12\/Berghia-marinae-by-Leila-Carmona.jpg\" data-orig-size=\"1103,720\" data-comments-opened=\"\" data-image-title=\"Berghia marinae with egg spawn @ Gor\u00e9e, Dakar, Senegal by Leila Carmona\" data-image-description=\"&lt;p&gt;Berghia marinae with egg spawn @ Gor\u00e9e, Dakar, Senegal by Leila Carmona&lt;\/p&gt; \" data-medium-file=\"https:\/\/i0.wp.com\/opistobranquis.info\/wp-content\/uploads\/2020\/12\/Berghia-marinae-by-Leila-Carmona.jpg?fit=300%2C196&#038;ssl=1\" data-large-file=\"https:\/\/i0.wp.com\/opistobranquis.info\/wp-content\/uploads\/2020\/12\/Berghia-marinae-by-Leila-Carmona.jpg?fit=900%2C587&#038;ssl=1\" src=\"https:\/\/i0.wp.com\/opistobranquis.info\/wp-content\/uploads\/2020\/12\/Berghia-marinae-by-Leila-Carmona.jpg?w=601&#038;h=392&#038;ssl=1\" srcset=\"https:\/\/i0.wp.com\/opistobranquis.info\/wp-content\/uploads\/2020\/12\/Berghia-marinae-by-Leila-Carmona.jpg?w=1103&amp;ssl=1 1103w, https:\/\/i0.wp.com\/opistobranquis.info\/wp-content\/uploads\/2020\/12\/Berghia-marinae-by-Leila-Carmona.jpg?resize=300%2C196&amp;ssl=1 300w, https:\/\/i0.wp.com\/opistobranquis.info\/wp-content\/uploads\/2020\/12\/Berghia-marinae-by-Leila-Carmona.jpg?resize=1024%2C668&amp;ssl=1 1024w, https:\/\/i0.wp.com\/opistobranquis.info\/wp-content\/uploads\/2020\/12\/Berghia-marinae-by-Leila-Carmona.jpg?resize=150%2C98&amp;ssl=1 150w\" width=\"601\" height=\"392\" loading=\"lazy\" data-original-width=\"601\" data-original-height=\"392\" itemprop=\"http:\/\/schema.org\/image\" title=\"Berghia marinae with egg spawn @ Gor\u00e9e, Dakar, Senegal by Leila Carmona\" alt=\"Berghia marinae with egg spawn @ Gor\u00e9e, Dakar, Senegal by Leila Carmona\" style=\"width: 601px; height: 392px;\" \/> <\/a> <div class=\"tiled-gallery-caption\" itemprop=\"caption description\"> Berghia marinae with egg spawn @ Gor\u00e9e, Dakar, Senegal by Leila Carmona <\/div> <\/div> <\/div> <!-- close group --> <\/div> <!-- close row --> <div class=\"gallery-row\" style=\"width: 900px; height: 299px;\" data-original-width=\"900\" data-original-height=\"299\" > <div class=\"gallery-group images-1\" style=\"width: 453px; height: 299px;\" data-original-width=\"453\" data-original-height=\"299\" > <div class=\"tiled-gallery-item tiled-gallery-item-large\" itemprop=\"associatedMedia\" itemscope itemtype=\"http:\/\/schema.org\/ImageObject\"> <a href=\"https:\/\/opistobranquis.info\/ca\/guia\/nudibranchia\/cladobranchia\/aeolidioidea\/berghia-marinae\/mediterranean-berghia-marinae-by-galia-camps-et-al-2020\/\" border=\"0\" itemprop=\"url\"> <meta itemprop=\"width\" content=\"449\"> <meta itemprop=\"height\" content=\"295\"> <img decoding=\"async\" class=\"\" data-attachment-id=\"30964\" data-orig-file=\"https:\/\/opistobranquis.info\/wp-content\/uploads\/2020\/12\/Mediterranean-Berghia-marinae-by-Galia-Camps-et-al.-2020.jpg\" data-orig-size=\"1270,835\" data-comments-opened=\"\" data-image-title=\"Berghia marinae (mediterranean) by Gali\u00e0-Camps et al. (2020)\" data-image-description=\"&lt;p&gt;Berghia marinae (mediterranean) by Gali\u00e0-Camps et al. (2020)&lt;\/p&gt; \" data-medium-file=\"https:\/\/i0.wp.com\/opistobranquis.info\/wp-content\/uploads\/2020\/12\/Mediterranean-Berghia-marinae-by-Galia-Camps-et-al.-2020.jpg?fit=300%2C197&#038;ssl=1\" data-large-file=\"https:\/\/i0.wp.com\/opistobranquis.info\/wp-content\/uploads\/2020\/12\/Mediterranean-Berghia-marinae-by-Galia-Camps-et-al.-2020.jpg?fit=900%2C592&#038;ssl=1\" src=\"https:\/\/i0.wp.com\/opistobranquis.info\/wp-content\/uploads\/2020\/12\/Mediterranean-Berghia-marinae-by-Galia-Camps-et-al.-2020.jpg?w=449&#038;h=295&#038;ssl=1\" srcset=\"https:\/\/i0.wp.com\/opistobranquis.info\/wp-content\/uploads\/2020\/12\/Mediterranean-Berghia-marinae-by-Galia-Camps-et-al.-2020.jpg?w=1270&amp;ssl=1 1270w, https:\/\/i0.wp.com\/opistobranquis.info\/wp-content\/uploads\/2020\/12\/Mediterranean-Berghia-marinae-by-Galia-Camps-et-al.-2020.jpg?resize=300%2C197&amp;ssl=1 300w, https:\/\/i0.wp.com\/opistobranquis.info\/wp-content\/uploads\/2020\/12\/Mediterranean-Berghia-marinae-by-Galia-Camps-et-al.-2020.jpg?resize=1024%2C673&amp;ssl=1 1024w, https:\/\/i0.wp.com\/opistobranquis.info\/wp-content\/uploads\/2020\/12\/Mediterranean-Berghia-marinae-by-Galia-Camps-et-al.-2020.jpg?resize=150%2C99&amp;ssl=1 150w\" width=\"449\" height=\"295\" loading=\"lazy\" data-original-width=\"449\" data-original-height=\"295\" itemprop=\"http:\/\/schema.org\/image\" title=\"Berghia marinae (mediterranean) by Gali\u00e0-Camps et al. (2020)\" alt=\"Berghia marinae (mediterranean) by Gali\u00e0-Camps et al. (2020)\" style=\"width: 449px; height: 295px;\" \/> <\/a> <div class=\"tiled-gallery-caption\" itemprop=\"caption description\"> Berghia marinae (mediterranean) by Gali\u00e0-Camps et al. (2020) <\/div> <\/div> <\/div> <!-- close group --> <div class=\"gallery-group images-1\" style=\"width: 447px; height: 299px;\" data-original-width=\"447\" data-original-height=\"299\" > <div class=\"tiled-gallery-item tiled-gallery-item-large\" itemprop=\"associatedMedia\" itemscope itemtype=\"http:\/\/schema.org\/ImageObject\"> <a href=\"https:\/\/opistobranquis.info\/ca\/guia\/nudibranchia\/cladobranchia\/aeolidioidea\/berghia-marinae\/dsc03214a\/\" border=\"0\" itemprop=\"url\"> <meta itemprop=\"width\" content=\"443\"> <meta itemprop=\"height\" content=\"295\"> <img decoding=\"async\" class=\"\" data-attachment-id=\"47233\" data-orig-file=\"https:\/\/opistobranquis.info\/wp-content\/uploads\/2025\/07\/DSC03214a.jpg\" data-orig-size=\"2048,1364\" data-comments-opened=\"\" data-image-title=\"Berghia marinae @ Velilla, Granada 18.07.2025 by Luis S\u00e1nchez Tocino\" data-image-description=\"&lt;p&gt;Berghia marinae @ Velilla, Granada 18.07.2025 by Luis S\u00e1nchez Tocino&lt;\/p&gt; \" data-medium-file=\"https:\/\/i0.wp.com\/opistobranquis.info\/wp-content\/uploads\/2025\/07\/DSC03214a.jpg?fit=300%2C200&#038;ssl=1\" data-large-file=\"https:\/\/i0.wp.com\/opistobranquis.info\/wp-content\/uploads\/2025\/07\/DSC03214a.jpg?fit=900%2C599&#038;ssl=1\" src=\"https:\/\/i0.wp.com\/opistobranquis.info\/wp-content\/uploads\/2025\/07\/DSC03214a.jpg?w=443&#038;h=295&#038;ssl=1\" srcset=\"https:\/\/i0.wp.com\/opistobranquis.info\/wp-content\/uploads\/2025\/07\/DSC03214a.jpg?w=2048&amp;ssl=1 2048w, https:\/\/i0.wp.com\/opistobranquis.info\/wp-content\/uploads\/2025\/07\/DSC03214a.jpg?resize=300%2C200&amp;ssl=1 300w, https:\/\/i0.wp.com\/opistobranquis.info\/wp-content\/uploads\/2025\/07\/DSC03214a.jpg?resize=1024%2C682&amp;ssl=1 1024w, https:\/\/i0.wp.com\/opistobranquis.info\/wp-content\/uploads\/2025\/07\/DSC03214a.jpg?resize=150%2C100&amp;ssl=1 150w, https:\/\/i0.wp.com\/opistobranquis.info\/wp-content\/uploads\/2025\/07\/DSC03214a.jpg?resize=1536%2C1023&amp;ssl=1 1536w, https:\/\/i0.wp.com\/opistobranquis.info\/wp-content\/uploads\/2025\/07\/DSC03214a.jpg?w=1800&amp;ssl=1 1800w\" width=\"443\" height=\"295\" loading=\"lazy\" data-original-width=\"443\" data-original-height=\"295\" itemprop=\"http:\/\/schema.org\/image\" title=\"Berghia marinae @ Velilla, Granada 18.07.2025 by Luis S\u00e1nchez Tocino\" alt=\"Berghia marinae @ Velilla, Granada 18.07.2025 by Luis S\u00e1nchez Tocino\" style=\"width: 443px; height: 295px;\" \/> <\/a> <div class=\"tiled-gallery-caption\" itemprop=\"caption description\"> Berghia marinae @ Velilla, Granada 18.07.2025 by Luis S\u00e1nchez Tocino <\/div> <\/div> <\/div> <!-- close group --> <\/div> <!-- close row --> <div class=\"gallery-row\" style=\"width: 900px; height: 201px;\" data-original-width=\"900\" data-original-height=\"201\" > <div class=\"gallery-group images-1\" style=\"width: 301px; height: 201px;\" data-original-width=\"301\" data-original-height=\"201\" > <div class=\"tiled-gallery-item tiled-gallery-item-large\" itemprop=\"associatedMedia\" itemscope itemtype=\"http:\/\/schema.org\/ImageObject\"> <a href=\"https:\/\/opistobranquis.info\/ca\/guia\/nudibranchia\/cladobranchia\/aeolidioidea\/berghia-marinae\/dsc03214b\/\" border=\"0\" itemprop=\"url\"> <meta itemprop=\"width\" content=\"297\"> <meta itemprop=\"height\" content=\"197\"> <img decoding=\"async\" class=\"\" data-attachment-id=\"47234\" data-orig-file=\"https:\/\/opistobranquis.info\/wp-content\/uploads\/2025\/07\/DSC03214b.jpg\" data-orig-size=\"2048,1364\" data-comments-opened=\"\" data-image-title=\"Berghia marinae @ Velilla, Granada 18.07.2025 by Luis S\u00e1nchez Tocino\" data-image-description=\"&lt;p&gt;Berghia marinae @ Velilla, Granada 18.07.2025 by Luis S\u00e1nchez Tocino&lt;\/p&gt; \" data-medium-file=\"https:\/\/i0.wp.com\/opistobranquis.info\/wp-content\/uploads\/2025\/07\/DSC03214b.jpg?fit=300%2C200&#038;ssl=1\" data-large-file=\"https:\/\/i0.wp.com\/opistobranquis.info\/wp-content\/uploads\/2025\/07\/DSC03214b.jpg?fit=900%2C599&#038;ssl=1\" src=\"https:\/\/i0.wp.com\/opistobranquis.info\/wp-content\/uploads\/2025\/07\/DSC03214b.jpg?w=297&#038;h=197&#038;ssl=1\" srcset=\"https:\/\/i0.wp.com\/opistobranquis.info\/wp-content\/uploads\/2025\/07\/DSC03214b.jpg?w=2048&amp;ssl=1 2048w, https:\/\/i0.wp.com\/opistobranquis.info\/wp-content\/uploads\/2025\/07\/DSC03214b.jpg?resize=300%2C200&amp;ssl=1 300w, https:\/\/i0.wp.com\/opistobranquis.info\/wp-content\/uploads\/2025\/07\/DSC03214b.jpg?resize=1024%2C682&amp;ssl=1 1024w, https:\/\/i0.wp.com\/opistobranquis.info\/wp-content\/uploads\/2025\/07\/DSC03214b.jpg?resize=150%2C100&amp;ssl=1 150w, https:\/\/i0.wp.com\/opistobranquis.info\/wp-content\/uploads\/2025\/07\/DSC03214b.jpg?resize=1536%2C1023&amp;ssl=1 1536w, https:\/\/i0.wp.com\/opistobranquis.info\/wp-content\/uploads\/2025\/07\/DSC03214b.jpg?w=1800&amp;ssl=1 1800w\" width=\"297\" height=\"197\" loading=\"lazy\" data-original-width=\"297\" data-original-height=\"197\" itemprop=\"http:\/\/schema.org\/image\" title=\"Berghia marinae @ Velilla, Granada 18.07.2025 by Luis S\u00e1nchez Tocino\" alt=\"Berghia marinae @ Velilla, Granada 18.07.2025 by Luis S\u00e1nchez Tocino\" style=\"width: 297px; height: 197px;\" \/> <\/a> <div class=\"tiled-gallery-caption\" itemprop=\"caption description\"> Berghia marinae @ Velilla, Granada 18.07.2025 by Luis S\u00e1nchez Tocino <\/div> <\/div> <\/div> <!-- close group --> <div class=\"gallery-group images-1\" style=\"width: 299px; height: 201px;\" data-original-width=\"299\" data-original-height=\"201\" > <div class=\"tiled-gallery-item tiled-gallery-item-large\" itemprop=\"associatedMedia\" itemscope itemtype=\"http:\/\/schema.org\/ImageObject\"> <a href=\"https:\/\/opistobranquis.info\/ca\/guia\/nudibranchia\/cladobranchia\/aeolidioidea\/berghia-marinae\/dsc03245f\/\" border=\"0\" itemprop=\"url\"> <meta itemprop=\"width\" content=\"295\"> <meta itemprop=\"height\" content=\"197\"> <img decoding=\"async\" class=\"\" data-attachment-id=\"47235\" data-orig-file=\"https:\/\/opistobranquis.info\/wp-content\/uploads\/2025\/07\/DSC03245f.jpg\" data-orig-size=\"1640,1098\" data-comments-opened=\"\" data-image-title=\"Berghia marinae @ Velilla, Granada 18.07.2025 by Luis S\u00e1nchez Tocino\" data-image-description=\"&lt;p&gt;Berghia marinae @ Velilla, Granada 18.07.2025 by Luis S\u00e1nchez Tocino&lt;\/p&gt; \" data-medium-file=\"https:\/\/i0.wp.com\/opistobranquis.info\/wp-content\/uploads\/2025\/07\/DSC03245f.jpg?fit=300%2C201&#038;ssl=1\" data-large-file=\"https:\/\/i0.wp.com\/opistobranquis.info\/wp-content\/uploads\/2025\/07\/DSC03245f.jpg?fit=900%2C603&#038;ssl=1\" src=\"https:\/\/i0.wp.com\/opistobranquis.info\/wp-content\/uploads\/2025\/07\/DSC03245f.jpg?w=295&#038;h=197&#038;ssl=1\" srcset=\"https:\/\/i0.wp.com\/opistobranquis.info\/wp-content\/uploads\/2025\/07\/DSC03245f.jpg?w=1640&amp;ssl=1 1640w, https:\/\/i0.wp.com\/opistobranquis.info\/wp-content\/uploads\/2025\/07\/DSC03245f.jpg?resize=300%2C201&amp;ssl=1 300w, https:\/\/i0.wp.com\/opistobranquis.info\/wp-content\/uploads\/2025\/07\/DSC03245f.jpg?resize=1024%2C686&amp;ssl=1 1024w, https:\/\/i0.wp.com\/opistobranquis.info\/wp-content\/uploads\/2025\/07\/DSC03245f.jpg?resize=150%2C100&amp;ssl=1 150w, https:\/\/i0.wp.com\/opistobranquis.info\/wp-content\/uploads\/2025\/07\/DSC03245f.jpg?resize=1536%2C1028&amp;ssl=1 1536w\" width=\"295\" height=\"197\" loading=\"lazy\" data-original-width=\"295\" data-original-height=\"197\" itemprop=\"http:\/\/schema.org\/image\" title=\"Berghia marinae @ Velilla, Granada 18.07.2025 by Luis S\u00e1nchez Tocino\" alt=\"Berghia marinae @ Velilla, Granada 18.07.2025 by Luis S\u00e1nchez Tocino\" style=\"width: 295px; height: 197px;\" \/> <\/a> <div class=\"tiled-gallery-caption\" itemprop=\"caption description\"> Berghia marinae @ Velilla, Granada 18.07.2025 by Luis S\u00e1nchez Tocino <\/div> <\/div> <\/div> <!-- close group --> <div class=\"gallery-group images-1\" style=\"width: 300px; height: 201px;\" data-original-width=\"300\" data-original-height=\"201\" > <div class=\"tiled-gallery-item tiled-gallery-item-large\" itemprop=\"associatedMedia\" itemscope itemtype=\"http:\/\/schema.org\/ImageObject\"> <a href=\"https:\/\/opistobranquis.info\/ca\/guia\/nudibranchia\/cladobranchia\/aeolidioidea\/berghia-marinae\/dsc03214\/\" border=\"0\" itemprop=\"url\"> <meta itemprop=\"width\" content=\"296\"> <meta itemprop=\"height\" content=\"197\"> <img decoding=\"async\" class=\"\" data-attachment-id=\"47236\" data-orig-file=\"https:\/\/opistobranquis.info\/wp-content\/uploads\/2025\/07\/DSC03214.jpg\" data-orig-size=\"2048,1364\" data-comments-opened=\"\" data-image-title=\"Berghia marinae @ Velilla, Granada 18.07.2025 by Luis S\u00e1nchez Tocino\" data-image-description=\"&lt;p&gt;Berghia marinae @ Velilla, Granada 18.07.2025 by Luis S\u00e1nchez Tocino&lt;\/p&gt; \" data-medium-file=\"https:\/\/i0.wp.com\/opistobranquis.info\/wp-content\/uploads\/2025\/07\/DSC03214.jpg?fit=300%2C200&#038;ssl=1\" data-large-file=\"https:\/\/i0.wp.com\/opistobranquis.info\/wp-content\/uploads\/2025\/07\/DSC03214.jpg?fit=900%2C599&#038;ssl=1\" src=\"https:\/\/i0.wp.com\/opistobranquis.info\/wp-content\/uploads\/2025\/07\/DSC03214.jpg?w=296&#038;h=197&#038;ssl=1\" srcset=\"https:\/\/i0.wp.com\/opistobranquis.info\/wp-content\/uploads\/2025\/07\/DSC03214.jpg?w=2048&amp;ssl=1 2048w, https:\/\/i0.wp.com\/opistobranquis.info\/wp-content\/uploads\/2025\/07\/DSC03214.jpg?resize=300%2C200&amp;ssl=1 300w, https:\/\/i0.wp.com\/opistobranquis.info\/wp-content\/uploads\/2025\/07\/DSC03214.jpg?resize=1024%2C682&amp;ssl=1 1024w, https:\/\/i0.wp.com\/opistobranquis.info\/wp-content\/uploads\/2025\/07\/DSC03214.jpg?resize=150%2C100&amp;ssl=1 150w, https:\/\/i0.wp.com\/opistobranquis.info\/wp-content\/uploads\/2025\/07\/DSC03214.jpg?resize=1536%2C1023&amp;ssl=1 1536w, https:\/\/i0.wp.com\/opistobranquis.info\/wp-content\/uploads\/2025\/07\/DSC03214.jpg?w=1800&amp;ssl=1 1800w\" width=\"296\" height=\"197\" loading=\"lazy\" data-original-width=\"296\" data-original-height=\"197\" itemprop=\"http:\/\/schema.org\/image\" title=\"Berghia marinae @ Velilla, Granada 18.07.2025 by Luis S\u00e1nchez Tocino\" alt=\"Berghia marinae @ Velilla, Granada 18.07.2025 by Luis S\u00e1nchez Tocino\" style=\"width: 296px; height: 197px;\" \/> <\/a> <div class=\"tiled-gallery-caption\" itemprop=\"caption description\"> Berghia marinae @ Velilla, Granada 18.07.2025 by Luis S\u00e1nchez Tocino <\/div> <\/div> <\/div> <!-- close group --> <\/div> <!-- close row --> <\/div><\/p>\n<p><p><strong>Bibliografia<\/strong><\/p><ul><div id=\"zotpress-bb9e0d7492224016f8c9f84368900c0b\" class=\"zp-Zotpress zp-Zotpress-Bib wp-block-group\">\n\n\t\t<span class=\"ZP_API_USER_ID ZP_ATTR\">1246567<\/span>\n\t\t<span class=\"ZP_ITEM_KEY ZP_ATTR\"><\/span>\n\t\t<span class=\"ZP_COLLECTION_ID ZP_ATTR\"><\/span>\n\t\t<span class=\"ZP_TAG_ID ZP_ATTR\">Berghia marinae<\/span>\n\t\t<span class=\"ZP_AUTHOR ZP_ATTR\"><\/span>\n\t\t<span class=\"ZP_YEAR ZP_ATTR\"><\/span>\n        <span class=\"ZP_ITEMTYPE ZP_ATTR\"><\/span>\n\t\t<span class=\"ZP_INCLUSIVE ZP_ATTR\">1<\/span>\n\t\t<span class=\"ZP_STYLE ZP_ATTR\">eunomia-revista-en-cultura-de-la-legalidad<\/span>\n\t\t<span class=\"ZP_LIMIT ZP_ATTR\">50<\/span>\n\t\t<span class=\"ZP_SORTBY ZP_ATTR\">creator<\/span>\n\t\t<span class=\"ZP_ORDER ZP_ATTR\">asc<\/span>\n\t\t<span class=\"ZP_TITLE ZP_ATTR\"><\/span>\n\t\t<span class=\"ZP_SHOWIMAGE ZP_ATTR\"><\/span>\n\t\t<span class=\"ZP_SHOWTAGS ZP_ATTR\"><\/span>\n\t\t<span class=\"ZP_DOWNLOADABLE ZP_ATTR\"><\/span>\n\t\t<span class=\"ZP_NOTES ZP_ATTR\"><\/span>\n\t\t<span class=\"ZP_ABSTRACT ZP_ATTR\"><\/span>\n\t\t<span class=\"ZP_CITEABLE ZP_ATTR\"><\/span>\n\t\t<span class=\"ZP_TARGET ZP_ATTR\">1<\/span>\n\t\t<span class=\"ZP_URLWRAP ZP_ATTR\"><\/span>\n\t\t<span class=\"ZP_FORCENUM ZP_ATTR\"><\/span>\n        <span class=\"ZP_HIGHLIGHT ZP_ATTR\"><\/span>\n        <span class=\"ZP_POSTID ZP_ATTR\">30949<\/span>\n\t\t<span class=\"ZOTPRESS_PLUGIN_URL ZP_ATTR\">https:\/\/opistobranquis.info\/wp-content\/plugins\/zotpress\/<\/span>\n\n\t\t<div class=\"zp-List loading\">\n\t\t\t<div class=\"zp-SEO-Content\">\n\t\t\t\t<span class=\"ZP_CACHETIMER ZP_ATTR\"><\/span><span class=\"ZP_JSON ZP_ATTR\">%7B%22status%22%3A%22success%22%2C%22updateneeded%22%3Afalse%2C%22instance%22%3Afalse%2C%22meta%22%3A%7B%22request_last%22%3A0%2C%22request_next%22%3A0%2C%22used_cache%22%3Atrue%7D%2C%22data%22%3A%5B%7B%22key%22%3A%22NTMAT2GD%22%2C%22library%22%3A%7B%22id%22%3A1246567%7D%2C%22meta%22%3A%7B%22creatorSummary%22%3A%22Ballesteros%20et%20al.%22%2C%22parsedDate%22%3A%222019%22%2C%22numChildren%22%3A0%7D%2C%22bib%22%3A%22%26lt%3Bdiv%20class%3D%26quot%3Bcsl-bib-body%26quot%3B%20style%3D%26quot%3Bline-height%3A%201.35%3B%20padding-left%3A%201em%3B%20text-indent%3A-1em%3B%26quot%3B%26gt%3B%5Cn%20%20%26lt%3Bdiv%20class%3D%26quot%3Bcsl-entry%26quot%3B%26gt%3BBallesteros%2C%20M.%2C%20Pontes%2C%20M.%2C%20Madrenas%2C%20E.%20%282019%29.%20%26lt%3Bi%26gt%3BEls%20nudibranquis%20del%20mar%20catal%26%23xE0%3B%26lt%3B%5C%2Fi%26gt%3B.%20Brau%20Edicions.%26lt%3B%5C%2Fdiv%26gt%3B%5Cn%26lt%3B%5C%2Fdiv%26gt%3B%22%2C%22data%22%3A%7B%22itemType%22%3A%22book%22%2C%22title%22%3A%22Els%20nudibranquis%20del%20mar%20catal%5Cu00e0%22%2C%22creators%22%3A%5B%7B%22creatorType%22%3A%22author%22%2C%22firstName%22%3A%22M.%22%2C%22lastName%22%3A%22Ballesteros%22%7D%2C%7B%22creatorType%22%3A%22author%22%2C%22firstName%22%3A%22M.%22%2C%22lastName%22%3A%22Pontes%22%7D%2C%7B%22creatorType%22%3A%22author%22%2C%22firstName%22%3A%22E.%22%2C%22lastName%22%3A%22Madrenas%22%7D%5D%2C%22abstractNote%22%3A%22Nova%20guia%20de%20camp%20de%20la%20col%5Cu00b7lecci%5Cu00f3%20de%20natura%20%5Cu201cMaluquer%5Cu201d%2C%20dedicada%20als%20nudibranquis%20%28bavoses%20o%20llimacs%20de%20mar%29%20del%20nostre%20pa%5Cu00eds%2C%20d%5Cu2019espectaculars%20formes%20i%20coloracions.%20%5Cu00c9s%20la%20primera%20dedicada%20a%20aquests%20mol%5Cu00b7lusc%20a%20l%5Cu2019%5Cu00e0mbit%20de%20les%20costes%20catalanes%20on%20s%5Cu2019expliquen%2C%20a%20m%5Cu00e9s%20dels%20detalls%20morfol%5Cu00f2gics%2C%20altres%20caracter%5Cu00edstiques%20%28h%5Cu00e0bitat%2C%20alimentaci%5Cu00f3%2C%20reproducci%5Cu00f3%2C%20distribuci%5Cu00f3%20al%20territori%2C%20etc%29.%20La%20guia%20recull%20al%20voltant%20de%20150%20esp%5Cu00e8cies%20organitzades%20en%20fitxes%20que%2C%20fins%20el%20moment%2C%20s%5Cu00f3n%20les%20que%20es%20coneixen%20a%20Catalunya%20i%20compta%20amb%20altres%20textos%20d%5Cu2019informaci%5Cu00f3%20general%2C%20un%20glossari%20de%20paraules%20t%5Cu00e8cniques%2C%20un%20%5Cu00edndex%20alfab%5Cu00e8tic%20d%5Cu2019esp%5Cu00e8cies%2C%20etc.%20Cada%20fitxa%20cont%5Cu00e9%20una%20impressionant%20fotografia%20que%20permetr%5Cu00e0%20l%5Cu2019observaci%5Cu00f3%20i%20la%20identificaci%5Cu00f3.%20El%20text%20divulgatiu%20i%20les%20imatges%20il%5Cu00b7lustratives%20permeten%20que%20la%20guia%20sigui%20utilitzada%20per%20a%20tots%20el%20p%5Cu00fablics%2C%20tan%20aficionats%20al%20busseig%20com%20professionals%20de%20la%20biologia%20submarina.%22%2C%22date%22%3A%222019%22%2C%22originalDate%22%3A%22%22%2C%22originalPublisher%22%3A%22%22%2C%22originalPlace%22%3A%22%22%2C%22format%22%3A%22%22%2C%22ISBN%22%3A%22978-84-15885-92-4%22%2C%22DOI%22%3A%22%22%2C%22citationKey%22%3A%22%22%2C%22url%22%3A%22%22%2C%22ISSN%22%3A%22%22%2C%22language%22%3A%22Catal%5Cu00e0%22%2C%22collections%22%3A%5B%2222WZ5MYR%22%2C%2282T5E3QX%22%5D%2C%22dateModified%22%3A%222025-12-15T21%3A59%3A02Z%22%7D%7D%2C%7B%22key%22%3A%22US4WQRA3%22%2C%22library%22%3A%7B%22id%22%3A1246567%7D%2C%22meta%22%3A%7B%22creatorSummary%22%3A%22Ballesteros%20et%20al.%22%2C%22parsedDate%22%3A%222026%22%2C%22numChildren%22%3A0%7D%2C%22bib%22%3A%22%26lt%3Bdiv%20class%3D%26quot%3Bcsl-bib-body%26quot%3B%20style%3D%26quot%3Bline-height%3A%201.35%3B%20padding-left%3A%201em%3B%20text-indent%3A-1em%3B%26quot%3B%26gt%3B%5Cn%20%20%26lt%3Bdiv%20class%3D%26quot%3Bcsl-entry%26quot%3B%26gt%3BBallesteros%2C%20M.%2C%20Madrenas%2C%20E.%2C%20Pontes%2C%20M.%20%282026%29.%20OPK%20-%20Opistobranquis.%20Disponible%20en%3A%20%26lt%3Ba%20class%3D%26%23039%3Bzp-ItemURL%26%23039%3B%20target%3D%26%23039%3B_blank%26%23039%3B%20href%3D%26%23039%3Bhttps%3A%5C%2F%5C%2Fopistobranquis.info%5C%2F%26%23039%3B%26gt%3Bhttps%3A%5C%2F%5C%2Fopistobranquis.info%5C%2F%26lt%3B%5C%2Fa%26gt%3B%20%5BAccedido%206%20de%20marzo%20de%202026%5D%26lt%3B%5C%2Fdiv%26gt%3B%5Cn%26lt%3B%5C%2Fdiv%26gt%3B%22%2C%22data%22%3A%7B%22itemType%22%3A%22webpage%22%2C%22title%22%3A%22OPK%20-%20Opistobranquis%22%2C%22creators%22%3A%5B%7B%22creatorType%22%3A%22author%22%2C%22firstName%22%3A%22M.%22%2C%22lastName%22%3A%22Ballesteros%22%7D%2C%7B%22creatorType%22%3A%22author%22%2C%22firstName%22%3A%22E.%22%2C%22lastName%22%3A%22Madrenas%22%7D%2C%7B%22creatorType%22%3A%22author%22%2C%22firstName%22%3A%22M.%22%2C%22lastName%22%3A%22Pontes%22%7D%5D%2C%22abstractNote%22%3A%22A%20website%20about%20the%20Mediterranean%20and%20Iberian%20opisthobranch%20species%2C%20including%20those%20from%20Eastern%20Atlantic%20shores%20and%20archipielagos.%20With%20detailed%20descriptions%2C%20pictures%2C%20videos%2C%20bibliography%20and%20links%20to%20other%20relevant%20websites.%22%2C%22date%22%3A%222026%22%2C%22DOI%22%3A%22%22%2C%22citationKey%22%3A%22%22%2C%22url%22%3A%22https%3A%5C%2F%5C%2Fopistobranquis.info%5C%2F%22%2C%22language%22%3A%22%22%2C%22collections%22%3A%5B%2222WZ5MYR%22%2C%2282T5E3QX%22%5D%2C%22dateModified%22%3A%222026-03-08T18%3A41%3A07Z%22%7D%7D%2C%7B%22key%22%3A%226TA26QCK%22%2C%22library%22%3A%7B%22id%22%3A1246567%7D%2C%22meta%22%3A%7B%22creatorSummary%22%3A%22Carmona%20et%20al.%22%2C%22parsedDate%22%3A%222014%22%2C%22numChildren%22%3A0%7D%2C%22bib%22%3A%22%26lt%3Bdiv%20class%3D%26quot%3Bcsl-bib-body%26quot%3B%20style%3D%26quot%3Bline-height%3A%201.35%3B%20padding-left%3A%201em%3B%20text-indent%3A-1em%3B%26quot%3B%26gt%3B%5Cn%20%20%26lt%3Bdiv%20class%3D%26quot%3Bcsl-entry%26quot%3B%26gt%3BCarmona%2C%20L.%2C%20Pola%2C%20M.%2C%20Gosliner%2C%20T.%20M.%2C%20Cervera%2C%20J.%20L.%20%282014%29.%20The%20atlantic-mediterranean%20genus%20Berghia%20Trinchese%2C%201877%20%28Nudibranchia%3A%20Aeolididiidae%29%3A%20taxonomic%20review%20and%20phylogenetic%20analysis.%20%26lt%3Bi%26gt%3BJournal%20of%20Molluscan%20Studies%2C%2080%3A%20482-498%26lt%3B%5C%2Fi%26gt%3B.%26lt%3B%5C%2Fdiv%26gt%3B%5Cn%26lt%3B%5C%2Fdiv%26gt%3B%22%2C%22data%22%3A%7B%22itemType%22%3A%22journalArticle%22%2C%22title%22%3A%22The%20atlantic-mediterranean%20genus%20Berghia%20Trinchese%2C%201877%20%28Nudibranchia%3A%20Aeolididiidae%29%3A%20taxonomic%20review%20and%20phylogenetic%20analysis.%22%2C%22creators%22%3A%5B%7B%22creatorType%22%3A%22author%22%2C%22firstName%22%3A%22L.%22%2C%22lastName%22%3A%22Carmona%22%7D%2C%7B%22creatorType%22%3A%22author%22%2C%22firstName%22%3A%22M.%22%2C%22lastName%22%3A%22Pola%22%7D%2C%7B%22creatorType%22%3A%22author%22%2C%22firstName%22%3A%22T.M.%22%2C%22lastName%22%3A%22Gosliner%22%7D%2C%7B%22creatorType%22%3A%22author%22%2C%22firstName%22%3A%22J.L.%22%2C%22lastName%22%3A%22Cervera%22%7D%5D%2C%22abstractNote%22%3A%22%22%2C%22date%22%3A%222014%22%2C%22section%22%3A%22%22%2C%22partNumber%22%3A%22%22%2C%22partTitle%22%3A%22%22%2C%22DOI%22%3A%22%22%2C%22citationKey%22%3A%22%22%2C%22url%22%3A%22%22%2C%22PMID%22%3A%22%22%2C%22PMCID%22%3A%22%22%2C%22ISSN%22%3A%22%22%2C%22language%22%3A%22%22%2C%22collections%22%3A%5B%2282T5E3QX%22%5D%2C%22dateModified%22%3A%222021-02-07T22%3A15%3A18Z%22%7D%7D%2C%7B%22key%22%3A%22FTVCKMS3%22%2C%22library%22%3A%7B%22id%22%3A1246567%7D%2C%22meta%22%3A%7B%22creatorSummary%22%3A%22Edmunds%22%2C%22parsedDate%22%3A%222015%22%2C%22numChildren%22%3A0%7D%2C%22bib%22%3A%22%26lt%3Bdiv%20class%3D%26quot%3Bcsl-bib-body%26quot%3B%20style%3D%26quot%3Bline-height%3A%201.35%3B%20padding-left%3A%201em%3B%20text-indent%3A-1em%3B%26quot%3B%26gt%3B%5Cn%20%20%26lt%3Bdiv%20class%3D%26quot%3Bcsl-entry%26quot%3B%26gt%3BEdmunds%2C%20M.%20%282015%29.%20Opisthobranchiate%20Mollusca%20from%20Ghana%2C%20Aeolidiidae%2C%20with%20consideration%20of%20several%20caribbean%20species.%20%26lt%3Bi%26gt%3BJournal%20of%20Conchology%20Vol.%2042%282%29%3A%20125-161%26lt%3B%5C%2Fi%26gt%3B.%26lt%3B%5C%2Fdiv%26gt%3B%5Cn%26lt%3B%5C%2Fdiv%26gt%3B%22%2C%22data%22%3A%7B%22itemType%22%3A%22journalArticle%22%2C%22title%22%3A%22Opisthobranchiate%20Mollusca%20from%20Ghana%2C%20Aeolidiidae%2C%20with%20consideration%20of%20several%20caribbean%20species%22%2C%22creators%22%3A%5B%7B%22creatorType%22%3A%22author%22%2C%22firstName%22%3A%22M.%22%2C%22lastName%22%3A%22Edmunds%22%7D%5D%2C%22abstractNote%22%3A%22Descriptions%20are%20given%20of%20twelve%20species%20of%20nudibranch%20aeolid%20from%20Ghana%20belonging%20to%20the%20family%20Facelinidae.%20Two%20of%20the%20species%20are%20new%3A%20Cratena%20tema%20n.%20sp.%2C%20and%20Godiva%20brunnea%20n.%20sp.%2C%20while%20three%20more%2C%20Facelinidae%20species%20A%2C%20B%20and%20C%2C%20appear%20to%20be%20currently%20undescribed%20species.%20Many%20of%20the%20twelve%20species%20are%20capable%20of%20living%20among%20the%20fouling%20community%20in%20harbours%20and%20on%20boat%20hulls%3B%20as%20a%20consequence%20several%20of%20these%20have%20an%20amphiatlantic%20geographical%20range%20while%20one%20species%2C%20Godiva%20quadricolor%2C%20also%20occurs%20widely%20in%20the%20Indian%20Ocean.%22%2C%22date%22%3A%222015%22%2C%22section%22%3A%22%22%2C%22partNumber%22%3A%22%22%2C%22partTitle%22%3A%22%22%2C%22DOI%22%3A%22%22%2C%22citationKey%22%3A%22%22%2C%22url%22%3A%22%22%2C%22PMID%22%3A%22%22%2C%22PMCID%22%3A%22%22%2C%22ISSN%22%3A%22%22%2C%22language%22%3A%22%22%2C%22collections%22%3A%5B%2282T5E3QX%22%5D%2C%22dateModified%22%3A%222016-10-26T20%3A55%3A08Z%22%7D%7D%2C%7B%22key%22%3A%22V8BKRI9Q%22%2C%22library%22%3A%7B%22id%22%3A1246567%7D%2C%22meta%22%3A%7B%22creatorSummary%22%3A%22Gali%5Cu00e0-Camps%20et%20al.%22%2C%22parsedDate%22%3A%222020%22%2C%22numChildren%22%3A0%7D%2C%22bib%22%3A%22%26lt%3Bdiv%20class%3D%26quot%3Bcsl-bib-body%26quot%3B%20style%3D%26quot%3Bline-height%3A%201.35%3B%20padding-left%3A%201em%3B%20text-indent%3A-1em%3B%26quot%3B%26gt%3B%5Cn%20%20%26lt%3Bdiv%20class%3D%26quot%3Bcsl-entry%26quot%3B%26gt%3BGali%26%23xE0%3B-Camps%2C%20C.%2C%20Carmona%2C%20L.%2C%20Cabrito%2C%20A.%2C%20Ballesteros%2C%20M.%20%282020%29.%20Double%20trouble.%20A%20cryptic%20first%20record%20of%20Berghia%20marinae%20Carmona%2C%20Pola%2C%20Gosliner%20%26amp%3B%20Cervera%202014%20in%20the%20Mediterranean%20Sea.%20%26lt%3Bi%26gt%3BMediterranean%20Marine%20Science%26lt%3B%5C%2Fi%26gt%3B%2C%20%26lt%3Bi%26gt%3B21%26lt%3B%5C%2Fi%26gt%3B%281%29%2C%20191-200.%20%26lt%3Ba%20class%3D%26%23039%3Bzp-DOIURL%26%23039%3B%20target%3D%26%23039%3B_blank%26%23039%3B%20href%3D%26%23039%3Bhttps%3A%5C%2F%5C%2Fdoi.org%5C%2F10.12681%5C%2Fmms.20026%26%23039%3B%26gt%3Bhttps%3A%5C%2F%5C%2Fdoi.org%5C%2F10.12681%5C%2Fmms.20026%26lt%3B%5C%2Fa%26gt%3B%26lt%3B%5C%2Fdiv%26gt%3B%5Cn%26lt%3B%5C%2Fdiv%26gt%3B%22%2C%22data%22%3A%7B%22itemType%22%3A%22journalArticle%22%2C%22title%22%3A%22Double%20trouble.%20A%20cryptic%20first%20record%20of%20Berghia%20marinae%20Carmona%2C%20Pola%2C%20Gosliner%20%26%20Cervera%202014%20in%20the%20Mediterranean%20Sea%22%2C%22creators%22%3A%5B%7B%22creatorType%22%3A%22author%22%2C%22firstName%22%3A%22C.%22%2C%22lastName%22%3A%22Gali%5Cu00e0-Camps%22%7D%2C%7B%22creatorType%22%3A%22author%22%2C%22firstName%22%3A%22L.%22%2C%22lastName%22%3A%22Carmona%22%7D%2C%7B%22creatorType%22%3A%22author%22%2C%22firstName%22%3A%22A.%22%2C%22lastName%22%3A%22Cabrito%22%7D%2C%7B%22creatorType%22%3A%22author%22%2C%22firstName%22%3A%22M.%22%2C%22lastName%22%3A%22Ballesteros%22%7D%5D%2C%22abstractNote%22%3A%22%22%2C%22date%22%3A%222020%22%2C%22section%22%3A%22%22%2C%22partNumber%22%3A%22%22%2C%22partTitle%22%3A%22%22%2C%22DOI%22%3A%2210.12681%5C%2Fmms.20026%22%2C%22citationKey%22%3A%22%22%2C%22url%22%3A%22%22%2C%22PMID%22%3A%22%22%2C%22PMCID%22%3A%22%22%2C%22ISSN%22%3A%22%22%2C%22language%22%3A%22%22%2C%22collections%22%3A%5B%2282T5E3QX%22%5D%2C%22dateModified%22%3A%222026-03-08T08%3A43%3A12Z%22%7D%7D%5D%7D<\/span>\n\n\t\t\t\t<div id=\"zp-ID-30949-1246567-NTMAT2GD\" data-zp-author-date='Ballesteros-et-al.-2019' data-zp-date-author='2019-Ballesteros-et-al.' data-zp-date='2019' data-zp-year='2019' data-zp-itemtype='book' class=\"zp-Entry zpSearchResultsItem\">\n<div class=\"csl-bib-body\" style=\"line-height: 1.35; padding-left: 1em; text-indent:-1em;\">\n  <div class=\"csl-entry\">Ballesteros, M., Pontes, M., Madrenas, E. (2019). <i>Els nudibranquis del mar catal\u00e0<\/i>. Brau Edicions.<\/div>\n<\/div>\n\t\t\t\t<\/div><!-- .zp-Entry .zpSearchResultsItem -->\t\t\t\t<div id=\"zp-ID-30949-1246567-US4WQRA3\" data-zp-author-date='Ballesteros-et-al.-2026' data-zp-date-author='2026-Ballesteros-et-al.' data-zp-date='2026' data-zp-year='2026' data-zp-itemtype='webpage' class=\"zp-Entry zpSearchResultsItem\">\n<div class=\"csl-bib-body\" style=\"line-height: 1.35; padding-left: 1em; text-indent:-1em;\">\n  <div class=\"csl-entry\">Ballesteros, M., Madrenas, E., Pontes, M. (2026). OPK - Opistobranquis. Disponible en: <a class=&#039;zp-ItemURL&#039; target=&#039;_blank&#039; href=&#039;https:\/\/opistobranquis.info\/&#039;>https:\/\/opistobranquis.info\/<\/a> [Accedido 6 de marzo de 2026]<\/div>\n<\/div>\n\t\t\t\t<\/div><!-- .zp-Entry .zpSearchResultsItem -->\t\t\t\t<div id=\"zp-ID-30949-1246567-6TA26QCK\" data-zp-author-date='Carmona-et-al.-2014' data-zp-date-author='2014-Carmona-et-al.' data-zp-date='2014' data-zp-year='2014' data-zp-itemtype='journalArticle' class=\"zp-Entry zpSearchResultsItem\">\n<div class=\"csl-bib-body\" style=\"line-height: 1.35; padding-left: 1em; text-indent:-1em;\">\n  <div class=\"csl-entry\">Carmona, L., Pola, M., Gosliner, T. M., Cervera, J. L. (2014). The atlantic-mediterranean genus Berghia Trinchese, 1877 (Nudibranchia: Aeolididiidae): taxonomic review and phylogenetic analysis. <i>Journal of Molluscan Studies, 80: 482-498<\/i>.<\/div>\n<\/div>\n\t\t\t\t<\/div><!-- .zp-Entry .zpSearchResultsItem -->\t\t\t\t<div id=\"zp-ID-30949-1246567-FTVCKMS3\" data-zp-author-date='Edmunds-2015' data-zp-date-author='2015-Edmunds' data-zp-date='2015' data-zp-year='2015' data-zp-itemtype='journalArticle' class=\"zp-Entry zpSearchResultsItem\">\n<div class=\"csl-bib-body\" style=\"line-height: 1.35; padding-left: 1em; text-indent:-1em;\">\n  <div class=\"csl-entry\">Edmunds, M. (2015). Opisthobranchiate Mollusca from Ghana, Aeolidiidae, with consideration of several caribbean species. <i>Journal of Conchology Vol. 42(2): 125-161<\/i>.<\/div>\n<\/div>\n\t\t\t\t<\/div><!-- .zp-Entry .zpSearchResultsItem -->\t\t\t\t<div id=\"zp-ID-30949-1246567-V8BKRI9Q\" data-zp-author-date='Gali\u00e0-Camps-et-al.-2020' data-zp-date-author='2020-Gali\u00e0-Camps-et-al.' data-zp-date='2020' data-zp-year='2020' data-zp-itemtype='journalArticle' class=\"zp-Entry zpSearchResultsItem\">\n<div class=\"csl-bib-body\" style=\"line-height: 1.35; padding-left: 1em; text-indent:-1em;\">\n  <div class=\"csl-entry\">Gali\u00e0-Camps, C., Carmona, L., Cabrito, A., Ballesteros, M. (2020). Double trouble. A cryptic first record of Berghia marinae Carmona, Pola, Gosliner & Cervera 2014 in the Mediterranean Sea. <i>Mediterranean Marine Science<\/i>, <i>21<\/i>(1), 191-200. <a class=&#039;zp-DOIURL&#039; target=&#039;_blank&#039; href=&#039;https:\/\/doi.org\/10.12681\/mms.20026&#039;>https:\/\/doi.org\/10.12681\/mms.20026<\/a><\/div>\n<\/div>\n\t\t\t\t<\/div><!-- .zp-Entry .zpSearchResultsItem -->\n\t\t\t<\/div><!-- .zp-zp-SEO-Content -->\n\t\t<\/div><!-- .zp-List -->\n\t<\/div><!--.zp-Zotpress-->\n\n<p><\/p>Bibliografia basada en els treballs de <b>Steve Long, 2006<\/b>. <a target=_blank href=https:\/\/opistobranquis.info\/wp-content\/uploads\/2016\/06\/Long-S.-2006-Bibliography-of-Opisthobranchia-1554-2000.pdf>Bibliography of Opisthobranchia 1554-2000<\/a> i <b>Gary McDonald, 2009<\/b>. <a href=http:\/\/escholarship.org\/uc\/item\/8115h0wz>Bibliographia Nudibranchia<\/a>, amb actualitzacions posteriors procedents d\u00b4altres fonts.<p><\/p><\/ul><p><\/p><p><strong>M\u00e9s informaci\u00f3<\/strong><\/p><span style=\"font-size:10pt\"><ul><ul class=\"blogroll-links\"><li><a href=\"https:\/\/litoraldegranada.ugr.es\/el-litoral\/el-litoral-sumergido\/fauna\/moluscos\/gasteropodos\/opistobranquios\/orden-nudibranchia\/aeolidioideos\/berghia-marinae\/\">Litoral de Granada<\/a><\/li><li><a href=\"http:\/\/www.marinespecies.org\/aphia.php?p=taxdetails&#038;id=827719\">World Register of Marine Species<\/a><\/li><\/ul><\/ul><\/span><p><strong>Citeu aquest article com: <\/strong><\/p><div style=\"display: block; background: #444444; padding: 10px 30px 10px 10px; border-radius: 5px; line-height: 18px;\"><p class=\"citacio\"><b>Pontes, Miquel, Manuel Ballesteros, Enric Madrenas<\/b> (2025) <em>\"Berghia marinae\"<\/em> a <em>OPK-Opistobranquis<\/em>. Publicat: 06\/12\/2020. Accedit: 05\/09\/2026. Disponible a (<a href=https:\/\/opistobranquis.info\/ca\/?p=30949>https:\/\/opistobranquis.info\/ca\/?p=30949<\/a>)<\/p><p><\/p><\/div><p><\/p><\/p>","protected":false},"excerpt":{"rendered":"<p>Berghia marinae Carmona, Pola, Gosliner &amp; Cervera, 2014 Descripci\u00f3 El cos \u00e9s allargat i estilitzat, aprimant-se gradualment cap a l&#8217;extrem posterior de el peu. El color del cos \u00e9s blanc transl\u00facid amb taques blanques brillants opaques al notum que, d&#8217;altra banda, \u00e9s de color marr\u00f3 clar a causa de la gl\u00e0ndula digestiva de l&#8217;interior. El pericardi \u00e9s m\u00e9s o menys cobert per una marca taronja (pot ser gaireb\u00e9 invisible o\u2026<\/p>\n<p class=\"continue-reading-button\"> <a class=\"continue-reading-link\" href=\"https:\/\/opistobranquis.info\/ca\/guia\/nudibranchia\/cladobranchia\/aeolidioidea\/berghia-marinae\/\">Continua llegint<i class=\"crycon-right-dir\"><\/i><\/a><\/p>\n","protected":false},"author":423,"featured_media":23505,"parent":456,"menu_order":8162,"comment_status":"closed","ping_status":"closed","template":"","meta":{"footnotes":""},"class_list":["post-30949","page","type-page","status-publish","has-post-thumbnail","hentry"],"jetpack_sharing_enabled":true,"_links":{"self":[{"href":"https:\/\/opistobranquis.info\/ca\/wp-json\/wp\/v2\/pages\/30949","targetHints":{"allow":["GET"]}}],"collection":[{"href":"https:\/\/opistobranquis.info\/ca\/wp-json\/wp\/v2\/pages"}],"about":[{"href":"https:\/\/opistobranquis.info\/ca\/wp-json\/wp\/v2\/types\/page"}],"author":[{"embeddable":true,"href":"https:\/\/opistobranquis.info\/ca\/wp-json\/wp\/v2\/users\/423"}],"replies":[{"embeddable":true,"href":"https:\/\/opistobranquis.info\/ca\/wp-json\/wp\/v2\/comments?post=30949"}],"version-history":[{"count":10,"href":"https:\/\/opistobranquis.info\/ca\/wp-json\/wp\/v2\/pages\/30949\/revisions"}],"predecessor-version":[{"id":47232,"href":"https:\/\/opistobranquis.info\/ca\/wp-json\/wp\/v2\/pages\/30949\/revisions\/47232"}],"up":[{"embeddable":true,"href":"https:\/\/opistobranquis.info\/ca\/wp-json\/wp\/v2\/pages\/456"}],"wp:featuredmedia":[{"embeddable":true,"href":"https:\/\/opistobranquis.info\/ca\/wp-json\/wp\/v2\/media\/23505"}],"wp:attachment":[{"href":"https:\/\/opistobranquis.info\/ca\/wp-json\/wp\/v2\/media?parent=30949"}],"curies":[{"name":"wp","href":"https:\/\/api.w.org\/{rel}","templated":true}]}}