{"id":32002,"date":"2021-03-27T00:28:02","date_gmt":"2021-03-26T23:28:02","guid":{"rendered":"https:\/\/opistobranquis.info\/?page_id=32002"},"modified":"2021-04-18T10:55:26","modified_gmt":"2021-04-18T08:55:26","slug":"doris-adrianae","status":"publish","type":"page","link":"https:\/\/opistobranquis.info\/ca\/guia\/nudibranchia\/doridina\/doridoidei\/doridoidea\/doris-adrianae\/","title":{"rendered":"Doris adrianae"},"content":{"rendered":"<p><\/p>\n<h3><em>Doris adrianae<\/em> Urgorri &amp; Se\u00f1ar\u00eds, 2021<\/h3>\n<p><span style=\"font-size:10pt;\" class=\"aligncenter\"><div id=\"featured-img-id\"><img data-recalc-dims=\"1\" decoding=\"async\" src=\"https:\/\/i0.wp.com\/opistobranquis.info\/wp-content\/uploads\/2021\/04\/Doris-adrianae-by-V.-Urgorri.jpg?w=900&#038;ssl=1\" alt=\"Doris adrianae by V. Urgorri\" \/><\/div><center><em>Doris adrianae<\/em> per Victoriano Urgorri<\/center><\/span><p><\/p><div class=\"opk-worms\"><h3>Informaci\u00f3 taxon\u00f2mica WoRMS<\/h3><div class=\"opk-success\">Nom acceptat actual: <strong><em>Doris adrianae<\/em> Urgorri &amp; Se\u00f1ar\u00eds, 2021<\/strong><\/div><h4>Classificaci\u00f3 actual<\/h4><table class=\"widefat striped\"><tr><th>Superdomain<\/th><td><a target=\"_blank\" href=\"https:\/\/www.marinespecies.org\/aphia.php?p=taxdetails&id=1\">Biota<\/a><\/td><\/tr><tr><th>Kingdom<\/th><td><a target=\"_blank\" href=\"https:\/\/www.marinespecies.org\/aphia.php?p=taxdetails&id=2\">Animalia<\/a><\/td><\/tr><tr><th>Phylum<\/th><td><a target=\"_blank\" href=\"https:\/\/www.marinespecies.org\/aphia.php?p=taxdetails&id=51\">Mollusca<\/a><\/td><\/tr><tr><th>Class<\/th><td><a target=\"_blank\" href=\"https:\/\/www.marinespecies.org\/aphia.php?p=taxdetails&id=101\">Gastropoda<\/a><\/td><\/tr><tr><th>Subclass<\/th><td><a target=\"_blank\" href=\"https:\/\/www.marinespecies.org\/aphia.php?p=taxdetails&id=14712\">Heterobranchia<\/a><\/td><\/tr><tr><th>Infraclass<\/th><td><a target=\"_blank\" href=\"https:\/\/www.marinespecies.org\/aphia.php?p=taxdetails&id=1057247\">Euthyneura<\/a><\/td><\/tr><tr><th>Subterclass<\/th><td><a target=\"_blank\" href=\"https:\/\/www.marinespecies.org\/aphia.php?p=taxdetails&id=1057249\">Ringipleura<\/a><\/td><\/tr><tr><th>Superorder<\/th><td><a target=\"_blank\" href=\"https:\/\/www.marinespecies.org\/aphia.php?p=taxdetails&id=411966\">Nudipleura<\/a><\/td><\/tr><tr><th>Order<\/th><td><a target=\"_blank\" href=\"https:\/\/www.marinespecies.org\/aphia.php?p=taxdetails&id=1762\">Nudibranchia<\/a><\/td><\/tr><tr><th>Suborder<\/th><td><a target=\"_blank\" href=\"https:\/\/www.marinespecies.org\/aphia.php?p=taxdetails&id=1829294\">Doridida<\/a><\/td><\/tr><tr><th>Infraorder<\/th><td><a target=\"_blank\" href=\"https:\/\/www.marinespecies.org\/aphia.php?p=taxdetails&id=246038\">Doridoidei<\/a><\/td><\/tr><tr><th>Superfamily<\/th><td><a target=\"_blank\" href=\"https:\/\/www.marinespecies.org\/aphia.php?p=taxdetails&id=173\">Doridoidea<\/a><\/td><\/tr><tr><th>Family<\/th><td><a target=\"_blank\" href=\"https:\/\/www.marinespecies.org\/aphia.php?p=taxdetails&id=9904\">Dorididae<\/a><\/td><\/tr><tr><th>Genus<\/th><td><a target=\"_blank\" href=\"https:\/\/www.marinespecies.org\/aphia.php?p=taxdetails&id=137914\"><em>Doris<\/em><\/a><\/td><\/tr><tr><th>Species<\/th><td><a target=\"_blank\" href=\"https:\/\/www.marinespecies.org\/aphia.php?p=taxdetails&id=1495386\"><em>Doris adrianae<\/em> Urgorri &amp; Se\u00f1ar\u00eds, 2021<\/a><\/td><\/tr><\/table><p class=\"footer\">Classificaci\u00f3 proporcionada pel World Register of Marine Species (WoRMS). [<a target=\"_blank\" href=\"https:\/\/www.marinespecies.org\/aphia.php?p=taxdetails&id=1495386\">1495386<\/a>]<\/p><\/div><strong>Descripci\u00f3<br \/>\n<\/strong>Cos groc, de vegades de color ataronjat, de forma ovalada, alt i de perfil clarament convex, amb una longitud m\u00e0xima citada de 76 mm (t\u00edpicament 40-55 mm) i una amplada m\u00e0xima citada de 55 mm (t\u00edpicament 30-40 mm) . Tota la superf\u00edcie dorsal est\u00e0 ruixada amb punts negres molt fins, \u00fanicament visibles al microscopi, m\u00e9s densos en les \u00e0rees mig-laterals del notum, formant dues bandes lleugerament m\u00e9s fosques que van des dels rin\u00f2fors fins les br\u00e0nquies. Tot el dors \u00e9s cobert de tubercles arrodonits, lleugerament punxeguts, de superf\u00edcie rugosa, del mateix color que el cos, amb una tija basal petita i ample. Hi ha una densa estructura espicular en els tubercles que es pot veure per transpar\u00e8ncia, on les puntes de les esp\u00edcules no travessen la pell. Els tubercles m\u00e9s grans s\u00f3n m\u00e9s abundants al mig del notum i disminueixen de mida cap als marges laterals. Hi ha tubercles petits dispersos per tot el notum, incloses les beines dels rin\u00f2fors i de les br\u00e0nquies. Els rin\u00f2fors estan lleugerament corbats cap a enrere. Allargats i estrets, tenen 29-34 laminetes grogues en els dos ter\u00e7os distals de la seva longitud. La tija \u00e9s de color blanc i lleugerament c\u00f2nica prop de la base, mentre que el seu extrem \u00e9s un petit cilindre truncat. Els rin\u00f2fors estan protegits per una beina alta (d&#8217;aproximadament 1\/3 de la longitud dels rin\u00f2fors) i coberta amb tubercles de mida petita a mitjana. Les br\u00e0nquies estan formades per 6-8 fulles tripinnades que semblen bipinnades, ja que la ramificaci\u00f3 terci\u00e0ria nom\u00e9s \u00e9s visible al microscopi. En alguns esp\u00e8cimens, les dues fulles branquials posteriors de cada costat creixen a partir d&#8217;una \u00fanica bifurcaci\u00f3 basal. El color de les br\u00e0nquies \u00e9s for\u00e7a variable, en la majoria d&#8217;exemplars t\u00e9 el mateix color que el cos, per\u00f2 en alguns \u00e9s de color blanquin\u00f3s. Tots els fulls branquials mostren diminuts punts negres com els del dors, menys densos en el raquis, per\u00f2 la resta del full t\u00e9 diferents densitats que li donen un color m\u00e9s o menys fosc, especialment visibles en exemplars amb fulles branquials blanquinoses. Les br\u00e0nquies estan protegides per una beina similar a les que protegeixen els rin\u00f2fors, per\u00f2 molt m\u00e9s ample. Quan els rin\u00f2fors i les br\u00e0nquies es retreuen, les seves beines es tanquen completament, com un esf\u00ednter. L&#8217;anus groguenc es troba a l&#8217;extrem de la papil\u00b7la anal, ubicada al centre de les br\u00e0nquies. Els ulls s\u00f3n petits, situats entre els dos l\u00f2buls de les gl\u00e0ndules sangu\u00ednies, i no s\u00f3n visibles externament. La vora anterior del peu \u00e9s bilaminada i no est\u00e0 dividida. Hi ha dos l\u00f2buls aplanats que flanquegen la boca en comptes de tentacles orals. La part posterior del peu no sobresurt de la vora del mantell, ni tan sols quan l&#8217;animal est\u00e0 en moviment. La part inferior del mantell \u00e9s m\u00e9s p\u00e0l\u00b7lida que el dors, amb una densa xarxa d&#8217;esp\u00edcules visibles per transpar\u00e8ncia. El peu, el cap i l&#8217;epipodi tenen un color m\u00e9s ataronjat que la resta de l&#8217;animal, amb molt pocs punts negres.<\/p>\n<p><strong>Biologia<br \/>\n<\/strong>Els exemplars trobats a la localitat tipus vivien en fons rocosos coberts de gorg\u00f2nies<em> Leptogorgia lusitanica<\/em>, amb poc creixement d&#8217;algues i amb una fauna bent\u00f2nica rica i diversa, entre 11 i 20 m de profunditat. Tot el cos (excepte la massa visceral) t\u00e9 una densa estructura esquel\u00e8tica cuirassada formada per nombroses esp\u00edcules calc\u00e0ries que li confereixen una consist\u00e8ncia molt dura al tacte que podria interpretar-se com un sistema defensiu primari per dissuadir potencials depredadors, per\u00f2 que, en aquesta esp\u00e8cie probablement tinguin tamb\u00e9 una funci\u00f3 estructural. La posta \u00e9s una cinta fistonejada de 15 mm d&#8217;alt, adherida al substrat per un dels seus costats formant una espiral de 2-2,5 voltes. El costat de la cinta adherit a el substrat \u00e9s de color blanc hial\u00ed, mentre que la resta de la cinta \u00e9s lleugerament grisa i la banda superior \u00e9s de color marron\u00f3s per la pres\u00e8ncia d&#8217;esp\u00edcules fusiformes. No hi ha cites pr\u00e8vies a la bibliografia sobre la pres\u00e8ncia d&#8217;esp\u00edcules en les postes dels nudibranquis, el que revela un car\u00e0cter molt peculiar de <em>Doris adrianae<\/em>. Les c\u00e0psules ov\u00edgeres generalment contenen 2 ous, per\u00f2 poden contenir entre 1 i 4. Aquesta esp\u00e8cie s&#8217;alimenta exclusivament de l&#8217;esponja marina <em>Polymastia boletiformis<\/em>, confirmada tant pels residus fecals com pel contingut estomacal, de manera que aquesta esp\u00e8cie \u00fanicament es troba en els indrets on pot viure aquesta esponja.<\/p>\n<p><strong>Etimologia<\/strong><\/p>\n<ul>\n<li><em>Doris<\/em>.\u00a0En la mitologia grega, dona de Nereo, nimfa de les a\u00efgues i mare de les Nereides.<\/li>\n<li><em>Adrianae<\/em>. L&#8217;esp\u00e8cie est\u00e0 dedicada a Adriana \u00c1lvarez Urgorri, neta del primer autor.<\/li>\n<\/ul>\n<p><strong>Distribuci\u00f3<br \/>\n<\/strong>A banda de la seva localitazi\u00f3 tipus a Galicia, actualment nom\u00e9s s&#8217;ha trobat a la Bretanya francesa (Fran\u00e7ois Roche, com.pers.) i a la costa de Portugal (Jo\u00e3o Pedro Silva, com.pers.). <div id=\"flxmap-6a9a9a484ada4\" class='flxmap-container' data-flxmap='flxmap_6a9a9a484ada4' style=\"width:100%;height:400px;\"><\/div>\n<script data-noptimize=\"1\">\n\/* <![CDATA[ *\/\n(function(w, fn) {\n if (w.addEventListener) w.addEventListener(\"DOMContentLoaded\", fn, false);\n else if (w.attachEvent) w.attachEvent(\"onload\", fn);\n})(window, function() {\n var f = new FlexibleMap();\n f.panControl = true;\n f.mapTypeId = \"satellite\";\n f.setlocale(\"ca-ES\");\n f.kmlcache = \"5 minutes\";\n f.showKML(\"flxmap-6a9a9a484ada4\", \"https:\/\/opistobranquis.info\/wp-content\/uploads\/kms\/32002.kmz\");\n window.flxmap_6a9a9a484ada4 = f;\n});\n\/* ]]> *\/\n<\/script>\n<div style=\"width:100%;text-align:center;margin:12px 0 4px 0;\">\n  <div style=\"font-size:8pt;margin-bottom:6px;\">Cites georeferenciades conegudes de l'esp\u00e8cie: <em>Doris adrianae<\/em><\/div>\n  <table style=\"margin:0 auto;border-collapse:collapse;font-size:8pt;\">\n    <tr><td colspan=\"2\" style=\"text-align:left;padding-bottom:4px;\"><strong>Fonts:<\/strong><\/td><\/tr>\n    <tr>\n      <td style=\"vertical-align:top;padding-right:40px;\">\n        <table style=\"border-collapse:collapse;\">\n<tr><td style='padding:1px 6px 1px 0;vertical-align:middle'><img data-recalc-dims=\"1\" src=\"https:\/\/i0.wp.com\/opistobranquis.info\/wp-content\/uploads\/kms\/wht-circle-lv.png?w=900&#038;ssl=1\" style='display:block'><\/td><td style='padding:1px 0;vertical-align:middle;white-space:nowrap'>OBIS<\/td><\/tr><tr><td style='padding:1px 6px 1px 0;vertical-align:middle'><img data-recalc-dims=\"1\" src=\"https:\/\/i0.wp.com\/opistobranquis.info\/wp-content\/uploads\/kms\/ylw-circle-lv.png?w=900&#038;ssl=1\" style='display:block'><\/td><td style='padding:1px 0;vertical-align:middle;white-space:nowrap'>GROC 2010-2011<\/td><\/tr><tr><td style='padding:1px 6px 1px 0;vertical-align:middle'><img data-recalc-dims=\"1\" src=\"https:\/\/i0.wp.com\/opistobranquis.info\/wp-content\/uploads\/kms\/grn-circle-lv.png?w=900&#038;ssl=1\" style='display:block'><\/td><td style='padding:1px 0;vertical-align:middle;white-space:nowrap'>Enric Madrenas<\/td><\/tr><tr><td style='padding:1px 6px 1px 0;vertical-align:middle'><img data-recalc-dims=\"1\" src=\"https:\/\/i0.wp.com\/opistobranquis.info\/wp-content\/uploads\/kms\/orange-circle-lv.png?w=900&#038;ssl=1\" style='display:block'><\/td><td style='padding:1px 0;vertical-align:middle;white-space:nowrap'>Jo\u00e3o Pedro Silva<\/td><\/tr><tr><td style='padding:1px 6px 1px 0;vertical-align:middle'><img data-recalc-dims=\"1\" src=\"https:\/\/i0.wp.com\/opistobranquis.info\/wp-content\/uploads\/kms\/pink-circle-lv.png?w=900&#038;ssl=1\" style='display:block'><\/td><td style='padding:1px 0;vertical-align:middle;white-space:nowrap'>Bernard Picton<\/td><\/tr><tr><td style='padding:1px 6px 1px 0;vertical-align:middle'><img data-recalc-dims=\"1\" src=\"https:\/\/i0.wp.com\/opistobranquis.info\/wp-content\/uploads\/kms\/blk-circle-lv.png?w=900&#038;ssl=1\" style='display:block'><\/td><td style='padding:1px 0;vertical-align:middle;white-space:nowrap'>GBIF<\/td><\/tr>        <\/table>\n      <\/td>\n      <td style=\"vertical-align:top;\">\n        <table style=\"border-collapse:collapse;\">\n<tr><td style='padding:1px 6px 1px 0;vertical-align:middle'><img data-recalc-dims=\"1\" src=\"https:\/\/i0.wp.com\/opistobranquis.info\/wp-content\/uploads\/kms\/purple-circle-lv.png?w=900&#038;ssl=1\" style='display:block'><\/td><td style='padding:1px 0;vertical-align:middle;white-space:nowrap'>OPK<\/td><\/tr><tr><td style='padding:1px 6px 1px 0;vertical-align:middle'><img data-recalc-dims=\"1\" src=\"https:\/\/i0.wp.com\/opistobranquis.info\/wp-content\/uploads\/kms\/red-circle-lv.png?w=900&#038;ssl=1\" style='display:block'><\/td><td style='padding:1px 0;vertical-align:middle;white-space:nowrap'>VIMAR<\/td><\/tr><tr><td style='padding:1px 6px 1px 0;vertical-align:middle'><img data-recalc-dims=\"1\" src=\"https:\/\/i0.wp.com\/opistobranquis.info\/wp-content\/uploads\/kms\/blu-circle-lv.png?w=900&#038;ssl=1\" style='display:block'><\/td><td style='padding:1px 0;vertical-align:middle;white-space:nowrap'>Manuel Ballesteros<\/td><\/tr><tr><td style='padding:1px 6px 1px 0;vertical-align:middle'><img data-recalc-dims=\"1\" src=\"https:\/\/i0.wp.com\/opistobranquis.info\/wp-content\/uploads\/kms\/cyan-circle-lv.png?w=900&#038;ssl=1\" style='display:block'><\/td><td style='padding:1px 0;vertical-align:middle;white-space:nowrap'>M@re Nostrum<\/td><\/tr><tr><td style='padding:1px 6px 1px 0;vertical-align:middle'><img data-recalc-dims=\"1\" src=\"https:\/\/i0.wp.com\/opistobranquis.info\/wp-content\/uploads\/kms\/grey-circle-lv.png?w=900&#038;ssl=1\" style='display:block'><\/td><td style='padding:1px 0;vertical-align:middle;white-space:nowrap'>Altres fonts<\/td><\/tr><tr><td style='padding:1px 6px 1px 0;vertical-align:middle'><img data-recalc-dims=\"1\" src=\"https:\/\/i0.wp.com\/opistobranquis.info\/wp-content\/uploads\/kms\/marreg.png?w=900&#038;ssl=1\" style='display:block'><\/td><td style='padding:1px 0;vertical-align:middle;white-space:nowrap'>Marine Regions<\/td><\/tr>        <\/table>\n      <\/td>\n    <\/tr>\n  <\/table>\n<\/div>\n<\/p>\n<p><strong>Esp\u00e8cies similars<\/strong><br \/>\nExternament <a href=\"https:\/\/opistobranquis.info\/guia\/nudibranchia\/doridina\/doridoidei\/doridoidea\/doris-ocelligera\/\"><em>Doris ocelligera<\/em><\/a> i <a href=\"https:\/\/opistobranquis.info\/guia\/nudibranchia\/doridina\/doridoidei\/doridoidea\/doris-verrucosa\/\"><em>Doris verrucosa<\/em><\/a> s\u00f3n similars, per\u00f2 tenen fulles branquials unipinnades, mentre que <em>D. adrianae<\/em> t\u00e9 br\u00e0nquies tripinnades. La mida m\u00e0xima citada de <em>Doris ocelligera<\/em> \u00e9s de 25 mm, mentre que <em>D. adrianae<\/em> \u00e9s molt m\u00e9s gran. <em>Doris verrucosa<\/em> s&#8217;alimenta d&#8217;esponges marines <em>Hymeniacidon perlevis<\/em> i <em>Halichondria panicea<\/em>, mentre que <em>D. adrianae<\/em> s&#8217;alimenta exclusivament de <em>Polymastia boletiformis<\/em>.<\/p>\n<p><strong>Error:<\/strong> Chart.js no est\u00e1 disponible.<\/p>\n<p><strong>V\u00eddeos<\/strong><\/p>\n<p><iframe loading=\"lazy\" src=\"https:\/\/player.vimeo.com\/video\/532165866?dnt=1&amp;app_id=122963\" width=\"900\" height=\"593\" frameborder=\"0\" allow=\"autoplay; fullscreen; picture-in-picture\" allowfullscreen><\/iframe><\/p>\n<p><iframe loading=\"lazy\" src=\"https:\/\/player.vimeo.com\/video\/538268816?dnt=1&amp;app_id=122963\" width=\"900\" height=\"593\" frameborder=\"0\" allow=\"autoplay; fullscreen; picture-in-picture\" allowfullscreen><\/iframe><\/p>\n<p><iframe loading=\"lazy\" src=\"https:\/\/player.vimeo.com\/video\/538268644?dnt=1&amp;app_id=122963\" width=\"900\" height=\"593\" frameborder=\"0\" allow=\"autoplay; fullscreen; picture-in-picture\" allowfullscreen><\/iframe><\/p>\n<p>&nbsp;<\/p>\n<p><strong>Altres fotos<\/strong><br \/>\n<div class=\"tiled-gallery type-rectangular tiled-gallery-unresized\" data-original-width=\"900\" data-carousel-extra='{&quot;blog_id&quot;:1,&quot;permalink&quot;:&quot;https:\\\/\\\/opistobranquis.info\\\/ca\\\/guia\\\/nudibranchia\\\/doridina\\\/doridoidei\\\/doridoidea\\\/doris-adrianae\\\/&quot;,&quot;likes_blog_id&quot;:44192421}' itemscope itemtype=\"http:\/\/schema.org\/ImageGallery\" > <div class=\"gallery-row\" style=\"width: 900px; height: 402px;\" data-original-width=\"900\" data-original-height=\"402\" > <div class=\"gallery-group images-1\" style=\"width: 601px; height: 402px;\" data-original-width=\"601\" data-original-height=\"402\" > <div class=\"tiled-gallery-item tiled-gallery-item-large\" itemprop=\"associatedMedia\" itemscope itemtype=\"http:\/\/schema.org\/ImageObject\"> <a href=\"https:\/\/opistobranquis.info\/ca\/guia\/nudibranchia\/doridina\/doridoidei\/doridoidea\/doris-adrianae\/doris-adrianae-40mm-berlengas-portugal-14-03-2010-by-joao-pedro-silva\/\" border=\"0\" itemprop=\"url\"> <meta itemprop=\"width\" content=\"597\"> <meta itemprop=\"height\" content=\"398\"> <img decoding=\"async\" class=\"\" data-attachment-id=\"32011\" data-orig-file=\"https:\/\/opistobranquis.info\/wp-content\/uploads\/2021\/03\/Doris-adrianae-40mm-@-Berlengas-Portugal-14-03-2010-by-Joao-Pedro-Silva.jpg\" data-orig-size=\"1280,853\" data-comments-opened=\"\" data-image-title=\"Doris adrianae 40mm 3 @ Berlengas, Portugal 14-03-2010 by Jo\u00e3o Pedro Silva\" data-image-description=\"&lt;p&gt;Doris adrianae 40mm 3 @ Berlengas, Portugal 14-03-2010 by Jo\u00e3o Pedro Silva&lt;\/p&gt; \" data-medium-file=\"https:\/\/i0.wp.com\/opistobranquis.info\/wp-content\/uploads\/2021\/03\/Doris-adrianae-40mm-%40-Berlengas-Portugal-14-03-2010-by-Joao-Pedro-Silva.jpg?fit=300%2C200&#038;ssl=1\" data-large-file=\"https:\/\/i0.wp.com\/opistobranquis.info\/wp-content\/uploads\/2021\/03\/Doris-adrianae-40mm-%40-Berlengas-Portugal-14-03-2010-by-Joao-Pedro-Silva.jpg?fit=900%2C599&#038;ssl=1\" src=\"https:\/\/i0.wp.com\/opistobranquis.info\/wp-content\/uploads\/2021\/03\/Doris-adrianae-40mm-%40-Berlengas-Portugal-14-03-2010-by-Joao-Pedro-Silva.jpg?w=597&#038;h=398&#038;ssl=1\" width=\"597\" height=\"398\" loading=\"lazy\" data-original-width=\"597\" data-original-height=\"398\" itemprop=\"http:\/\/schema.org\/image\" title=\"Doris adrianae 40mm 3 @ Berlengas, Portugal 14-03-2010 by Jo\u00e3o Pedro Silva\" alt=\"Doris adrianae 40mm 3 @ Berlengas, Portugal 14-03-2010 by Jo\u00e3o Pedro Silva\" style=\"width: 597px; height: 398px;\" \/> <\/a> <div class=\"tiled-gallery-caption\" itemprop=\"caption description\"> Doris adrianae 40mm 3 @ Berlengas, Portugal 14-03-2010 by Jo\u00e3o Pedro Silva <\/div> <\/div> <\/div> <!-- close group --> <div class=\"gallery-group images-2\" style=\"width: 299px; height: 402px;\" data-original-width=\"299\" data-original-height=\"402\" > <div class=\"tiled-gallery-item tiled-gallery-item-large\" itemprop=\"associatedMedia\" itemscope itemtype=\"http:\/\/schema.org\/ImageObject\"> <a href=\"https:\/\/opistobranquis.info\/ca\/guia\/nudibranchia\/doridina\/doridoidei\/doridoidea\/doris-adrianae\/doris-adrianae-40mm-2-berlengas-portugal-14-03-2010-by-joao-pedro-silva\/\" border=\"0\" itemprop=\"url\"> <meta itemprop=\"width\" content=\"295\"> <meta itemprop=\"height\" content=\"197\"> <img decoding=\"async\" class=\"\" data-attachment-id=\"32012\" data-orig-file=\"https:\/\/opistobranquis.info\/wp-content\/uploads\/2021\/03\/Doris-adrianae-40mm-2-@-Berlengas-Portugal-14-03-2010-by-Joao-Pedro-Silva.jpg\" data-orig-size=\"1279,853\" data-comments-opened=\"\" data-image-title=\"Doris adrianae 40mm 3 @ Berlengas, Portugal 14-03-2010 by Jo\u00e3o Pedro Silva\" data-image-description=\"&lt;p&gt;Doris adrianae 40mm 3 @ Berlengas, Portugal 14-03-2010 by Jo\u00e3o Pedro Silva&lt;\/p&gt; \" data-medium-file=\"https:\/\/i0.wp.com\/opistobranquis.info\/wp-content\/uploads\/2021\/03\/Doris-adrianae-40mm-2-%40-Berlengas-Portugal-14-03-2010-by-Joao-Pedro-Silva.jpg?fit=300%2C200&#038;ssl=1\" data-large-file=\"https:\/\/i0.wp.com\/opistobranquis.info\/wp-content\/uploads\/2021\/03\/Doris-adrianae-40mm-2-%40-Berlengas-Portugal-14-03-2010-by-Joao-Pedro-Silva.jpg?fit=900%2C600&#038;ssl=1\" src=\"https:\/\/i0.wp.com\/opistobranquis.info\/wp-content\/uploads\/2021\/03\/Doris-adrianae-40mm-2-%40-Berlengas-Portugal-14-03-2010-by-Joao-Pedro-Silva.jpg?w=295&#038;h=197&#038;ssl=1\" width=\"295\" height=\"197\" loading=\"lazy\" data-original-width=\"295\" data-original-height=\"197\" itemprop=\"http:\/\/schema.org\/image\" title=\"Doris adrianae 40mm 3 @ Berlengas, Portugal 14-03-2010 by Jo\u00e3o Pedro Silva\" alt=\"Doris adrianae 40mm 3 @ Berlengas, Portugal 14-03-2010 by Jo\u00e3o Pedro Silva\" style=\"width: 295px; height: 197px;\" \/> <\/a> <div class=\"tiled-gallery-caption\" itemprop=\"caption description\"> Doris adrianae 40mm 3 @ Berlengas, Portugal 14-03-2010 by Jo\u00e3o Pedro Silva <\/div> <\/div> <div class=\"tiled-gallery-item tiled-gallery-item-large\" itemprop=\"associatedMedia\" itemscope itemtype=\"http:\/\/schema.org\/ImageObject\"> <a href=\"https:\/\/opistobranquis.info\/ca\/guia\/nudibranchia\/doridina\/doridoidei\/doridoidea\/doris-adrianae\/doris-adrianae-40mm-3-berlengas-portugal-14-03-2010-by-joao-pedro-silva\/\" border=\"0\" itemprop=\"url\"> <meta itemprop=\"width\" content=\"295\"> <meta itemprop=\"height\" content=\"197\"> <img decoding=\"async\" class=\"\" data-attachment-id=\"32013\" data-orig-file=\"https:\/\/opistobranquis.info\/wp-content\/uploads\/2021\/03\/Doris-adrianae-40mm-3-@-Berlengas-Portugal-14-03-2010-by-Joao-Pedro-Silva.jpg\" data-orig-size=\"1280,853\" data-comments-opened=\"\" data-image-title=\"Doris adrianae 40mm 3 @ Berlengas, Portugal 14-03-2010 by Jo\u00e3o Pedro Silva\" data-image-description=\"&lt;p&gt;Doris adrianae 40mm 3 @ Berlengas, Portugal 14-03-2010 by Jo\u00e3o Pedro Silva&lt;\/p&gt; \" data-medium-file=\"https:\/\/i0.wp.com\/opistobranquis.info\/wp-content\/uploads\/2021\/03\/Doris-adrianae-40mm-3-%40-Berlengas-Portugal-14-03-2010-by-Joao-Pedro-Silva.jpg?fit=300%2C200&#038;ssl=1\" data-large-file=\"https:\/\/i0.wp.com\/opistobranquis.info\/wp-content\/uploads\/2021\/03\/Doris-adrianae-40mm-3-%40-Berlengas-Portugal-14-03-2010-by-Joao-Pedro-Silva.jpg?fit=900%2C599&#038;ssl=1\" src=\"https:\/\/i0.wp.com\/opistobranquis.info\/wp-content\/uploads\/2021\/03\/Doris-adrianae-40mm-3-%40-Berlengas-Portugal-14-03-2010-by-Joao-Pedro-Silva.jpg?w=295&#038;h=197&#038;ssl=1\" width=\"295\" height=\"197\" loading=\"lazy\" data-original-width=\"295\" data-original-height=\"197\" itemprop=\"http:\/\/schema.org\/image\" title=\"Doris adrianae 40mm 3 @ Berlengas, Portugal 14-03-2010 by Jo\u00e3o Pedro Silva\" alt=\"Doris adrianae 40mm 3 @ Berlengas, Portugal 14-03-2010 by Jo\u00e3o Pedro Silva\" style=\"width: 295px; height: 197px;\" \/> <\/a> <div class=\"tiled-gallery-caption\" itemprop=\"caption description\"> Doris adrianae 40mm 3 @ Berlengas, Portugal 14-03-2010 by Jo\u00e3o Pedro Silva <\/div> <\/div> <\/div> <!-- close group --> <\/div> <!-- close row --> <div class=\"gallery-row\" style=\"width: 900px; height: 684px;\" data-original-width=\"900\" data-original-height=\"684\" > <div class=\"gallery-group images-2\" style=\"width: 479px; height: 684px;\" data-original-width=\"479\" data-original-height=\"684\" > <div class=\"tiled-gallery-item tiled-gallery-item-large\" itemprop=\"associatedMedia\" itemscope itemtype=\"http:\/\/schema.org\/ImageObject\"> <a href=\"https:\/\/opistobranquis.info\/ca\/guia\/nudibranchia\/doridina\/doridoidei\/doridoidea\/doris-adrianae\/doris-adrianae-by-gonzalo-montoto\/\" border=\"0\" itemprop=\"url\"> <meta itemprop=\"width\" content=\"475\"> <meta itemprop=\"height\" content=\"356\"> <img decoding=\"async\" class=\"\" data-attachment-id=\"32128\" data-orig-file=\"https:\/\/opistobranquis.info\/wp-content\/uploads\/2021\/04\/Doris-adrianae-by-Gonzalo-Montoto.jpg\" data-orig-size=\"1280,960\" data-comments-opened=\"\" data-image-title=\"Doris adrianae orange by Gonzalo Montoto\" data-image-description=\"&lt;p&gt;Doris adrianae orange by Gonzalo Montoto&lt;\/p&gt; \" data-medium-file=\"https:\/\/i0.wp.com\/opistobranquis.info\/wp-content\/uploads\/2021\/04\/Doris-adrianae-by-Gonzalo-Montoto.jpg?fit=300%2C225&#038;ssl=1\" data-large-file=\"https:\/\/i0.wp.com\/opistobranquis.info\/wp-content\/uploads\/2021\/04\/Doris-adrianae-by-Gonzalo-Montoto.jpg?fit=900%2C675&#038;ssl=1\" src=\"https:\/\/i0.wp.com\/opistobranquis.info\/wp-content\/uploads\/2021\/04\/Doris-adrianae-by-Gonzalo-Montoto.jpg?w=475&#038;h=356&#038;ssl=1\" srcset=\"https:\/\/i0.wp.com\/opistobranquis.info\/wp-content\/uploads\/2021\/04\/Doris-adrianae-by-Gonzalo-Montoto.jpg?w=1280&amp;ssl=1 1280w, https:\/\/i0.wp.com\/opistobranquis.info\/wp-content\/uploads\/2021\/04\/Doris-adrianae-by-Gonzalo-Montoto.jpg?resize=300%2C225&amp;ssl=1 300w, https:\/\/i0.wp.com\/opistobranquis.info\/wp-content\/uploads\/2021\/04\/Doris-adrianae-by-Gonzalo-Montoto.jpg?resize=1024%2C768&amp;ssl=1 1024w, https:\/\/i0.wp.com\/opistobranquis.info\/wp-content\/uploads\/2021\/04\/Doris-adrianae-by-Gonzalo-Montoto.jpg?resize=150%2C113&amp;ssl=1 150w\" width=\"475\" height=\"356\" loading=\"lazy\" data-original-width=\"475\" data-original-height=\"356\" itemprop=\"http:\/\/schema.org\/image\" title=\"Doris adrianae orange by Gonzalo Montoto\" alt=\"Doris adrianae orange by Gonzalo Montoto\" style=\"width: 475px; height: 356px;\" \/> <\/a> <div class=\"tiled-gallery-caption\" itemprop=\"caption description\"> Doris adrianae orange by Gonzalo Montoto <\/div> <\/div> <div class=\"tiled-gallery-item tiled-gallery-item-large\" itemprop=\"associatedMedia\" itemscope itemtype=\"http:\/\/schema.org\/ImageObject\"> <a href=\"https:\/\/opistobranquis.info\/ca\/guia\/nudibranchia\/doridina\/doridoidei\/doridoidea\/doris-adrianae\/doris-adrianae-holotype-by-v-urgorri\/\" border=\"0\" itemprop=\"url\"> <meta itemprop=\"width\" content=\"475\"> <meta itemprop=\"height\" content=\"320\"> <img decoding=\"async\" class=\"\" data-attachment-id=\"32130\" data-orig-file=\"https:\/\/opistobranquis.info\/wp-content\/uploads\/2021\/04\/Doris-adrianae-Holotype-by-V.-Urgorri.jpg\" data-orig-size=\"1280,861\" data-comments-opened=\"\" data-image-title=\"Doris adrianae holotype by V. Urgorri\" data-image-description=\"&lt;p&gt;Doris adrianae holotype by V. Urgorri&lt;\/p&gt; \" data-medium-file=\"https:\/\/i0.wp.com\/opistobranquis.info\/wp-content\/uploads\/2021\/04\/Doris-adrianae-Holotype-by-V.-Urgorri.jpg?fit=300%2C202&#038;ssl=1\" data-large-file=\"https:\/\/i0.wp.com\/opistobranquis.info\/wp-content\/uploads\/2021\/04\/Doris-adrianae-Holotype-by-V.-Urgorri.jpg?fit=900%2C606&#038;ssl=1\" src=\"https:\/\/i0.wp.com\/opistobranquis.info\/wp-content\/uploads\/2021\/04\/Doris-adrianae-Holotype-by-V.-Urgorri.jpg?w=475&#038;h=320&#038;ssl=1\" srcset=\"https:\/\/i0.wp.com\/opistobranquis.info\/wp-content\/uploads\/2021\/04\/Doris-adrianae-Holotype-by-V.-Urgorri.jpg?w=1280&amp;ssl=1 1280w, https:\/\/i0.wp.com\/opistobranquis.info\/wp-content\/uploads\/2021\/04\/Doris-adrianae-Holotype-by-V.-Urgorri.jpg?resize=300%2C202&amp;ssl=1 300w, https:\/\/i0.wp.com\/opistobranquis.info\/wp-content\/uploads\/2021\/04\/Doris-adrianae-Holotype-by-V.-Urgorri.jpg?resize=1024%2C689&amp;ssl=1 1024w, https:\/\/i0.wp.com\/opistobranquis.info\/wp-content\/uploads\/2021\/04\/Doris-adrianae-Holotype-by-V.-Urgorri.jpg?resize=150%2C101&amp;ssl=1 150w\" width=\"475\" height=\"320\" loading=\"lazy\" data-original-width=\"475\" data-original-height=\"320\" itemprop=\"http:\/\/schema.org\/image\" title=\"Doris adrianae holotype by V. Urgorri\" alt=\"Doris adrianae holotype by V. Urgorri\" style=\"width: 475px; height: 320px;\" \/> <\/a> <div class=\"tiled-gallery-caption\" itemprop=\"caption description\"> Doris adrianae holotype by V. Urgorri <\/div> <\/div> <\/div> <!-- close group --> <div class=\"gallery-group images-1\" style=\"width: 421px; height: 684px;\" data-original-width=\"421\" data-original-height=\"684\" > <div class=\"tiled-gallery-item tiled-gallery-item-large\" itemprop=\"associatedMedia\" itemscope itemtype=\"http:\/\/schema.org\/ImageObject\"> <a href=\"https:\/\/opistobranquis.info\/ca\/guia\/nudibranchia\/doridina\/doridoidei\/doridoidea\/doris-adrianae\/doris-adrianae-skeletic-structure-by-m-candas-v-urgorri\/\" border=\"0\" itemprop=\"url\"> <meta itemprop=\"width\" content=\"417\"> <meta itemprop=\"height\" content=\"680\"> <img decoding=\"async\" class=\"\" data-attachment-id=\"32131\" data-orig-file=\"https:\/\/opistobranquis.info\/wp-content\/uploads\/2021\/04\/Doris-adrianae-skeletic-structure-by-M.Candas-V.Urgorri.jpg\" data-orig-size=\"784,1280\" data-comments-opened=\"\" data-image-title=\"Doris adrianae, skeletic structure by M.Cand\u00e1s &amp;#038; V.Urgorri\" data-image-description=\"&lt;p&gt;Doris adrianae, skeletic structure by M.Cand\u00e1s &amp;#038; V.Urgorri&lt;\/p&gt; \" data-medium-file=\"https:\/\/i0.wp.com\/opistobranquis.info\/wp-content\/uploads\/2021\/04\/Doris-adrianae-skeletic-structure-by-M.Candas-V.Urgorri.jpg?fit=184%2C300&#038;ssl=1\" data-large-file=\"https:\/\/i0.wp.com\/opistobranquis.info\/wp-content\/uploads\/2021\/04\/Doris-adrianae-skeletic-structure-by-M.Candas-V.Urgorri.jpg?fit=627%2C1024&#038;ssl=1\" src=\"https:\/\/i0.wp.com\/opistobranquis.info\/wp-content\/uploads\/2021\/04\/Doris-adrianae-skeletic-structure-by-M.Candas-V.Urgorri.jpg?w=417&#038;h=680&#038;ssl=1\" srcset=\"https:\/\/i0.wp.com\/opistobranquis.info\/wp-content\/uploads\/2021\/04\/Doris-adrianae-skeletic-structure-by-M.Candas-V.Urgorri.jpg?w=784&amp;ssl=1 784w, https:\/\/i0.wp.com\/opistobranquis.info\/wp-content\/uploads\/2021\/04\/Doris-adrianae-skeletic-structure-by-M.Candas-V.Urgorri.jpg?resize=184%2C300&amp;ssl=1 184w, https:\/\/i0.wp.com\/opistobranquis.info\/wp-content\/uploads\/2021\/04\/Doris-adrianae-skeletic-structure-by-M.Candas-V.Urgorri.jpg?resize=627%2C1024&amp;ssl=1 627w, https:\/\/i0.wp.com\/opistobranquis.info\/wp-content\/uploads\/2021\/04\/Doris-adrianae-skeletic-structure-by-M.Candas-V.Urgorri.jpg?resize=92%2C150&amp;ssl=1 92w\" width=\"417\" height=\"680\" loading=\"lazy\" data-original-width=\"417\" data-original-height=\"680\" itemprop=\"http:\/\/schema.org\/image\" title=\"Doris adrianae, skeletic structure by M.Cand\u00e1s &amp; V.Urgorri\" alt=\"Doris adrianae, skeletic structure by M.Cand\u00e1s &amp; V.Urgorri\" style=\"width: 417px; height: 680px;\" \/> <\/a> <div class=\"tiled-gallery-caption\" itemprop=\"caption description\"> Doris adrianae, skeletic structure by M.Cand\u00e1s &#038; V.Urgorri <\/div> <\/div> <\/div> <!-- close group --> <\/div> <!-- close row --> <\/div><\/p>\n<p><p><strong>Bibliografia<\/strong><\/p><ul><div id=\"zotpress-1b605e06378ef1446a17b6307656e669\" class=\"zp-Zotpress zp-Zotpress-Bib wp-block-group\">\n\n\t\t<span class=\"ZP_API_USER_ID ZP_ATTR\">1246567<\/span>\n\t\t<span class=\"ZP_ITEM_KEY ZP_ATTR\"><\/span>\n\t\t<span class=\"ZP_COLLECTION_ID ZP_ATTR\"><\/span>\n\t\t<span class=\"ZP_TAG_ID ZP_ATTR\">Doris adrianae<\/span>\n\t\t<span class=\"ZP_AUTHOR ZP_ATTR\"><\/span>\n\t\t<span class=\"ZP_YEAR ZP_ATTR\"><\/span>\n        <span class=\"ZP_ITEMTYPE ZP_ATTR\"><\/span>\n\t\t<span class=\"ZP_INCLUSIVE ZP_ATTR\">1<\/span>\n\t\t<span class=\"ZP_STYLE ZP_ATTR\">eunomia-revista-en-cultura-de-la-legalidad<\/span>\n\t\t<span class=\"ZP_LIMIT ZP_ATTR\">50<\/span>\n\t\t<span class=\"ZP_SORTBY ZP_ATTR\">creator<\/span>\n\t\t<span class=\"ZP_ORDER ZP_ATTR\">asc<\/span>\n\t\t<span class=\"ZP_TITLE ZP_ATTR\"><\/span>\n\t\t<span class=\"ZP_SHOWIMAGE ZP_ATTR\"><\/span>\n\t\t<span class=\"ZP_SHOWTAGS ZP_ATTR\"><\/span>\n\t\t<span class=\"ZP_DOWNLOADABLE ZP_ATTR\"><\/span>\n\t\t<span class=\"ZP_NOTES ZP_ATTR\"><\/span>\n\t\t<span class=\"ZP_ABSTRACT ZP_ATTR\"><\/span>\n\t\t<span class=\"ZP_CITEABLE ZP_ATTR\"><\/span>\n\t\t<span class=\"ZP_TARGET ZP_ATTR\">1<\/span>\n\t\t<span class=\"ZP_URLWRAP ZP_ATTR\"><\/span>\n\t\t<span class=\"ZP_FORCENUM ZP_ATTR\"><\/span>\n        <span class=\"ZP_HIGHLIGHT ZP_ATTR\"><\/span>\n        <span class=\"ZP_POSTID ZP_ATTR\">32002<\/span>\n\t\t<span class=\"ZOTPRESS_PLUGIN_URL ZP_ATTR\">https:\/\/opistobranquis.info\/wp-content\/plugins\/zotpress\/<\/span>\n\n\t\t<div class=\"zp-List loading\">\n\t\t\t<div class=\"zp-SEO-Content\">\n\t\t\t\t<span class=\"ZP_CACHETIMER ZP_ATTR\"><\/span><span class=\"ZP_JSON ZP_ATTR\">%7B%22status%22%3A%22success%22%2C%22updateneeded%22%3Afalse%2C%22instance%22%3Afalse%2C%22meta%22%3A%7B%22request_last%22%3A0%2C%22request_next%22%3A0%2C%22used_cache%22%3Atrue%7D%2C%22data%22%3A%5B%7B%22key%22%3A%22DV2XSUNQ%22%2C%22library%22%3A%7B%22id%22%3A1246567%7D%2C%22meta%22%3A%7B%22creatorSummary%22%3A%22Urgorri%20et%20al.%22%2C%22parsedDate%22%3A%222021%22%2C%22numChildren%22%3A0%7D%2C%22bib%22%3A%22%26lt%3Bdiv%20class%3D%26quot%3Bcsl-bib-body%26quot%3B%20style%3D%26quot%3Bline-height%3A%201.35%3B%20padding-left%3A%201em%3B%20text-indent%3A-1em%3B%26quot%3B%26gt%3B%5Cn%20%20%26lt%3Bdiv%20class%3D%26quot%3Bcsl-entry%26quot%3B%26gt%3BUrgorri%2C%20V.%2C%20Se%26%23xF1%3Bar%26%23xED%3Bs%2C%20M.%20P.%2C%20D%26%23xED%3Baz-Agras%2C%20G.%2C%20Cand%26%23xE1%3Bs%2C%20M.%2C%20G%26%23xF3%3Bmez-Rodr%26%23xED%3Bguez%2C%20C.%20%282021%29.%20Doris%20adrianae%20sp.%20nov.%20%28Heterobranchia%3B%20Nudibranchia%3B%20Doridina%29%20from%20the%20Galician%20coasts%20%28NW%20Iberian%20Peninsula%29.%20%26lt%3Bi%26gt%3BNova%20Acta%20Cient%26%23xED%3Bfica%20Compostelana%20%28Biolox%26%23xED%3Ba%29%26lt%3B%5C%2Fi%26gt%3B%2C%20%26lt%3Bi%26gt%3B28%26lt%3B%5C%2Fi%26gt%3B%2C%201-33.%26lt%3B%5C%2Fdiv%26gt%3B%5Cn%26lt%3B%5C%2Fdiv%26gt%3B%22%2C%22data%22%3A%7B%22itemType%22%3A%22journalArticle%22%2C%22title%22%3A%22Doris%20adrianae%20sp.%20nov.%20%28Heterobranchia%3B%20Nudibranchia%3B%20Doridina%29%20from%20the%20Galician%20coasts%20%28NW%20Iberian%20Peninsula%29%22%2C%22creators%22%3A%5B%7B%22creatorType%22%3A%22author%22%2C%22firstName%22%3A%22V.%22%2C%22lastName%22%3A%22Urgorri%22%7D%2C%7B%22creatorType%22%3A%22author%22%2C%22firstName%22%3A%22M.P.%22%2C%22lastName%22%3A%22Se%5Cu00f1ar%5Cu00eds%22%7D%2C%7B%22creatorType%22%3A%22author%22%2C%22firstName%22%3A%22G.%22%2C%22lastName%22%3A%22D%5Cu00edaz-Agras%22%7D%2C%7B%22creatorType%22%3A%22author%22%2C%22firstName%22%3A%22M.%22%2C%22lastName%22%3A%22Cand%5Cu00e1s%22%7D%2C%7B%22creatorType%22%3A%22author%22%2C%22firstName%22%3A%22C.%22%2C%22lastName%22%3A%22G%5Cu00f3mez-Rodr%5Cu00edguez%22%7D%5D%2C%22abstractNote%22%3A%22%22%2C%22date%22%3A%222021%22%2C%22section%22%3A%22%22%2C%22partNumber%22%3A%22%22%2C%22partTitle%22%3A%22%22%2C%22DOI%22%3A%22%22%2C%22citationKey%22%3A%22%22%2C%22url%22%3A%22%22%2C%22PMID%22%3A%22%22%2C%22PMCID%22%3A%22%22%2C%22ISSN%22%3A%222340-0021%22%2C%22language%22%3A%22%22%2C%22collections%22%3A%5B%2282T5E3QX%22%5D%2C%22dateModified%22%3A%222021-03-25T21%3A50%3A27Z%22%7D%7D%5D%7D<\/span>\n\n\t\t\t\t<div id=\"zp-ID-32002-1246567-DV2XSUNQ\" data-zp-author-date='Urgorri-et-al.-2021' data-zp-date-author='2021-Urgorri-et-al.' data-zp-date='2021' data-zp-year='2021' data-zp-itemtype='journalArticle' class=\"zp-Entry zpSearchResultsItem\">\n<div class=\"csl-bib-body\" style=\"line-height: 1.35; padding-left: 1em; text-indent:-1em;\">\n  <div class=\"csl-entry\">Urgorri, V., Se\u00f1ar\u00eds, M. P., D\u00edaz-Agras, G., Cand\u00e1s, M., G\u00f3mez-Rodr\u00edguez, C. (2021). Doris adrianae sp. nov. (Heterobranchia; Nudibranchia; Doridina) from the Galician coasts (NW Iberian Peninsula). <i>Nova Acta Cient\u00edfica Compostelana (Biolox\u00eda)<\/i>, <i>28<\/i>, 1-33.<\/div>\n<\/div>\n\t\t\t\t<\/div><!-- .zp-Entry .zpSearchResultsItem -->\n\t\t\t<\/div><!-- .zp-zp-SEO-Content -->\n\t\t<\/div><!-- .zp-List -->\n\t<\/div><!--.zp-Zotpress-->\n\n<p><\/p>Bibliografia basada en els treballs de <b>Steve Long, 2006<\/b>. <a target=_blank href=https:\/\/opistobranquis.info\/wp-content\/uploads\/2016\/06\/Long-S.-2006-Bibliography-of-Opisthobranchia-1554-2000.pdf>Bibliography of Opisthobranchia 1554-2000<\/a> i <b>Gary McDonald, 2009<\/b>. <a href=http:\/\/escholarship.org\/uc\/item\/8115h0wz>Bibliographia Nudibranchia<\/a>, amb actualitzacions posteriors procedents d\u00b4altres fonts.<p><\/p><\/ul><p><\/p><p><strong>M\u00e9s informaci\u00f3<\/strong><\/p><span style=\"font-size:10pt\"><ul><ul class=\"blogroll-links\"><li><a href=\"https:\/\/www.inaturalist.org\/taxa\/1227858-Doris-adrianae\">iNaturalist<\/a><\/li><li><a href=\"https:\/\/revistas.usc.gal\/index.php\/nacc\/article\/view\/7500\">Nova Acta Cientifica Compostelana<\/a><\/li><li><a href=\"http:\/\/www.marinespecies.org\/aphia.php?p=taxdetails&#038;id=1495386\">World Register of Marine Species<\/a><\/li><\/ul><\/ul><\/span><p><strong>Citeu aquest article com: <\/strong><\/p><div style=\"display: block; background: #444444; padding: 10px 30px 10px 10px; border-radius: 5px; line-height: 18px;\"><p class=\"citacio\"><b>Pontes, Miquel, Manuel Ballesteros, Enric Madrenas<\/b> (2025) <em>\"Doris adrianae\"<\/em> a <em>OPK-Opistobranquis<\/em>. Publicat: 27\/03\/2021. Accedit: 04\/09\/2026. Disponible a (<a href=https:\/\/opistobranquis.info\/ca\/?p=32002>https:\/\/opistobranquis.info\/ca\/?p=32002<\/a>)<\/p><p><\/p><\/div><p><\/p><\/p>","protected":false},"excerpt":{"rendered":"<p>Doris adrianae Urgorri &amp; Se\u00f1ar\u00eds, 2021 Descripci\u00f3 Cos groc, de vegades de color ataronjat, de forma ovalada, alt i de perfil clarament convex, amb una longitud m\u00e0xima citada de 76 mm (t\u00edpicament 40-55 mm) i una amplada m\u00e0xima citada de 55 mm (t\u00edpicament 30-40 mm) . Tota la superf\u00edcie dorsal est\u00e0 ruixada amb punts negres molt fins, \u00fanicament visibles al microscopi, m\u00e9s densos en les \u00e0rees mig-laterals del notum, formant\u2026<\/p>\n<p class=\"continue-reading-button\"> <a class=\"continue-reading-link\" href=\"https:\/\/opistobranquis.info\/ca\/guia\/nudibranchia\/doridina\/doridoidei\/doridoidea\/doris-adrianae\/\">Continua llegint<i class=\"crycon-right-dir\"><\/i><\/a><\/p>\n","protected":false},"author":423,"featured_media":32129,"parent":26109,"menu_order":7,"comment_status":"closed","ping_status":"closed","template":"","meta":{"footnotes":""},"class_list":["post-32002","page","type-page","status-publish","has-post-thumbnail","hentry"],"jetpack_sharing_enabled":true,"_links":{"self":[{"href":"https:\/\/opistobranquis.info\/ca\/wp-json\/wp\/v2\/pages\/32002","targetHints":{"allow":["GET"]}}],"collection":[{"href":"https:\/\/opistobranquis.info\/ca\/wp-json\/wp\/v2\/pages"}],"about":[{"href":"https:\/\/opistobranquis.info\/ca\/wp-json\/wp\/v2\/types\/page"}],"author":[{"embeddable":true,"href":"https:\/\/opistobranquis.info\/ca\/wp-json\/wp\/v2\/users\/423"}],"replies":[{"embeddable":true,"href":"https:\/\/opistobranquis.info\/ca\/wp-json\/wp\/v2\/comments?post=32002"}],"version-history":[{"count":19,"href":"https:\/\/opistobranquis.info\/ca\/wp-json\/wp\/v2\/pages\/32002\/revisions"}],"predecessor-version":[{"id":32132,"href":"https:\/\/opistobranquis.info\/ca\/wp-json\/wp\/v2\/pages\/32002\/revisions\/32132"}],"up":[{"embeddable":true,"href":"https:\/\/opistobranquis.info\/ca\/wp-json\/wp\/v2\/pages\/26109"}],"wp:featuredmedia":[{"embeddable":true,"href":"https:\/\/opistobranquis.info\/ca\/wp-json\/wp\/v2\/media\/32129"}],"wp:attachment":[{"href":"https:\/\/opistobranquis.info\/ca\/wp-json\/wp\/v2\/media?parent=32002"}],"curies":[{"name":"wp","href":"https:\/\/api.w.org\/{rel}","templated":true}]}}