{"id":35680,"date":"2022-12-13T21:03:23","date_gmt":"2022-12-13T20:03:23","guid":{"rendered":"https:\/\/opistobranquis.info\/?page_id=35680"},"modified":"2023-03-07T12:02:03","modified_gmt":"2023-03-07T11:02:03","slug":"stiliger-llerae","status":"publish","type":"page","link":"https:\/\/opistobranquis.info\/ca\/guia\/sacoglossa\/plakobranchoidea\/stiliger-llerae\/","title":{"rendered":"Stiliger llerae"},"content":{"rendered":"<p><\/p>\n<h3><em>Stiliger llerae<\/em> Ortea, 1982<\/h3>\n<p><span style=\"font-size:10pt;\" class=\"aligncenter\"><div id=\"featured-img-id\"><img data-recalc-dims=\"1\" decoding=\"async\" src=\"https:\/\/i0.wp.com\/opistobranquis.info\/wp-content\/uploads\/2022\/12\/Stiliger-llerae-01.png?w=900&#038;ssl=1\" alt=\"Stiliger llerae @ Gran Canaria by Mario Matute\" \/><\/div><center><em>Stiliger llerae @ Gran Canaria<\/em> per Mario Matute<\/center><\/span><p><\/p><div class=\"opk-worms\"><h3>Informaci\u00f3 taxon\u00f2mica WoRMS<\/h3><div class=\"opk-success\">Nom acceptat actual: <strong><em>Stiliger llerae<\/em> Ortea, 1982<\/strong><\/div><h4>Classificaci\u00f3 actual<\/h4><table class=\"widefat striped\"><tr><th>Superdomain<\/th><td><a target=\"_blank\" href=\"https:\/\/www.marinespecies.org\/aphia.php?p=taxdetails&id=1\">Biota<\/a><\/td><\/tr><tr><th>Kingdom<\/th><td><a target=\"_blank\" href=\"https:\/\/www.marinespecies.org\/aphia.php?p=taxdetails&id=2\">Animalia<\/a><\/td><\/tr><tr><th>Phylum<\/th><td><a target=\"_blank\" href=\"https:\/\/www.marinespecies.org\/aphia.php?p=taxdetails&id=51\">Mollusca<\/a><\/td><\/tr><tr><th>Class<\/th><td><a target=\"_blank\" href=\"https:\/\/www.marinespecies.org\/aphia.php?p=taxdetails&id=101\">Gastropoda<\/a><\/td><\/tr><tr><th>Subclass<\/th><td><a target=\"_blank\" href=\"https:\/\/www.marinespecies.org\/aphia.php?p=taxdetails&id=14712\">Heterobranchia<\/a><\/td><\/tr><tr><th>Infraclass<\/th><td><a target=\"_blank\" href=\"https:\/\/www.marinespecies.org\/aphia.php?p=taxdetails&id=1057247\">Euthyneura<\/a><\/td><\/tr><tr><th>Subterclass<\/th><td><a target=\"_blank\" href=\"https:\/\/www.marinespecies.org\/aphia.php?p=taxdetails&id=1057250\">Tectipleura<\/a><\/td><\/tr><tr><th>Superorder<\/th><td><a target=\"_blank\" href=\"https:\/\/www.marinespecies.org\/aphia.php?p=taxdetails&id=167\">Sacoglossa<\/a><\/td><\/tr><tr><th>Superfamily<\/th><td><a target=\"_blank\" href=\"https:\/\/www.marinespecies.org\/aphia.php?p=taxdetails&id=411959\">Plakobranchoidea<\/a><\/td><\/tr><tr><th>Family<\/th><td><a target=\"_blank\" href=\"https:\/\/www.marinespecies.org\/aphia.php?p=taxdetails&id=23063\">Limapontiidae<\/a><\/td><\/tr><tr><th>Genus<\/th><td><a target=\"_blank\" href=\"https:\/\/www.marinespecies.org\/aphia.php?p=taxdetails&id=138525\"><em>Stiliger<\/em><\/a><\/td><\/tr><tr><th>Species<\/th><td><a target=\"_blank\" href=\"https:\/\/www.marinespecies.org\/aphia.php?p=taxdetails&id=181216\"><em>Stiliger llerae<\/em> Ortea, 1982<\/a><\/td><\/tr><\/table><p class=\"footer\">Classificaci\u00f3 proporcionada pel World Register of Marine Species (WoRMS). [<a target=\"_blank\" href=\"https:\/\/www.marinespecies.org\/aphia.php?p=taxdetails&id=181216\">181216<\/a>]<\/p><\/div><strong>Sin\u00f2nims<\/strong><\/p>\n<ul>\n<li><strong><em>Stiliger llerai<\/em> Ortea, 1982<\/strong><\/li>\n<\/ul>\n<p><strong>Descripci\u00f3<br \/>\n<\/strong>Els exemplars de majors dimensions observats feien 5 mm, encara que la mida mitjana varia entre els 2,5 i els 4mm quan estan en extensi\u00f3. El color del cos varia del groc ataronjat al verd botella al llom i la part basal dels cerata. Els rin\u00f2fors s\u00f3n llargs, cadascun mesura m\u00e9s del doble de l&#8217;amplada del cap, s\u00f3n auriculats i amb l&#8217;\u00e0pex acabat en punta, el qual \u00e9s de color blau fosc, mentre que la base \u00e9s de color blanc. Els ulls s\u00f3n de color negre i es situen darrere dels rin\u00f2fors. El cap t\u00e9 una gran taca triangular de color negre, situada entre els ulls, amb la base del triangle dirigida endavant i el v\u00e8rtex tocant l&#8217;\u00e0rea card\u00edaca. Aquesta taca \u00e9s un tret caracter\u00edstic de l&#8217;esp\u00e8cie. El peu \u00e9s de color groc, t\u00e9 dos l\u00f2buls anteriors i \u00e9s molt ample, sobresortint \u00e0mpliament als costats del cap per\u00f2 tan sols sobresurt una mica a la part posterior del cos quan l&#8217;animal dirigeix els cerata cap amunt, i quedant totalment ocult quan l&#8217;animal dirigeix els cerata cap a la part posterior. L&#8217;\u00e0rea card\u00edaca \u00e9s gran i voluminosa. L&#8217;anus s&#8217;obre a l&#8217;extrem d&#8217;una llarga papil\u00b7la situada al final del recte, que arriba fins al centre de l&#8217;\u00e0rea card\u00edaca enganxat per la part anterior. El porus renal s&#8217;obre dorsalment a la base de la papil\u00b7la anal, just al punt en qu\u00e8 queda lliure de la superf\u00edcie de l&#8217;\u00e0rea card\u00edaca. Els cerata es caracteritzen per tenir forma globosa, m\u00e9s o menys allargada. Es distribueixen en un m\u00e0xim de deu s\u00e8ries transversals al llarg del cos i de la zona posterior de l&#8217;\u00e0rea card\u00edaca, i s\u00f3n m\u00e9s petits cap als laterals que al centre. Els cerata presenten sempre un punt apical de color fosc, situat al bell mig d&#8217;una zona subapical de color groc taronja, sota la qual hi ha un anell blau brillant. La resta del cera varia, com el color del cos, entre groc i verd segons la quantitat d&#8217;aliment ingerit per l&#8217;animal. Als cerata posteriors l&#8217;anell blau \u00e9s una mica m\u00e9s ample que en els anteriors. A l&#8217;interior dels cerata es pot observar la gl\u00e0ndula digestiva en forma d&#8217;un conducte central sense ramificar. L&#8217;orifici peneal se situa al costat dret del cos, entre l&#8217;ull i el rin\u00f2for d&#8217;aquest costat.<\/p>\n<p><strong>Biologia<br \/>\n<\/strong><em>Stiliger llerae<\/em> viu sobre l&#8217;alga <em>Codium adhaerens<\/em> de la qu\u00e8 s&#8217;alimenta i sobre la que es reprodueix, en zones de marea mesolitoral i infralitoral. Mai no s&#8217;ha trobat sobre <em>Codium tomentosum<\/em> ni sobre les restants esp\u00e8cies de <em>Codium<\/em> presents a la zona. La posta t\u00e9 lloc, almenys, als mesos de juliol i agost, i est\u00e0 formada per un cord\u00f3 gruixut de 3 mm de di\u00e0metre i de secci\u00f3 circular, enrotllat en una espiral de poc m\u00e9s d&#8217;una volta. Els ous, d&#8217;unes 122 micres de mida mitjana, s\u00f3n de color blanc i apareixen enrotllats en forma helico\u00efdal.<\/p>\n<p><strong>Etimologia<\/strong><\/p>\n<ul>\n<li><em>Stiliger<\/em>, del llat\u00ed <em>stylus<\/em>, punx\u00f3 i del verb llat\u00ed <em>gero<\/em>, <em>gerere<\/em>, portar.<\/li>\n<li><em>Llerae, <\/em>dedicat a l&#8217;esposa de l&#8217;autor, la tamb\u00e9 bi\u00f2loga <em>Eva Mar\u00eda Llera.<\/em><\/li>\n<\/ul>\n<p><strong>Distribuci\u00f3<br \/>\n<\/strong>Aquesta esp\u00e8cie nom\u00e9s es coneix a la Macaron\u00e8sia, havent-se citat a les Illes Can\u00e0ries (Espanya) i a les Salvages (Portugal).<div id=\"flxmap-6a9da18caad0a\" class='flxmap-container' data-flxmap='flxmap_6a9da18caad0a' style=\"width:100%;height:400px;\"><\/div>\n<script data-noptimize=\"1\">\n\/* <![CDATA[ *\/\n(function(w, fn) {\n if (w.addEventListener) w.addEventListener(\"DOMContentLoaded\", fn, false);\n else if (w.attachEvent) w.attachEvent(\"onload\", fn);\n})(window, function() {\n var f = new FlexibleMap();\n f.panControl = true;\n f.mapTypeId = \"satellite\";\n f.setlocale(\"ca-ES\");\n f.kmlcache = \"5 minutes\";\n f.showKML(\"flxmap-6a9da18caad0a\", \"https:\/\/opistobranquis.info\/wp-content\/uploads\/kms\/35680.kmz\");\n window.flxmap_6a9da18caad0a = f;\n});\n\/* ]]> *\/\n<\/script>\n<div style=\"width:100%;text-align:center;margin:12px 0 4px 0;\">\n  <div style=\"font-size:8pt;margin-bottom:6px;\">Cites georeferenciades conegudes de l'esp\u00e8cie: <em>Stiliger llerae<\/em><\/div>\n  <table style=\"margin:0 auto;border-collapse:collapse;font-size:8pt;\">\n    <tr><td colspan=\"2\" style=\"text-align:left;padding-bottom:4px;\"><strong>Fonts:<\/strong><\/td><\/tr>\n    <tr>\n      <td style=\"vertical-align:top;padding-right:40px;\">\n        <table style=\"border-collapse:collapse;\">\n<tr><td style='padding:1px 6px 1px 0;vertical-align:middle'><img data-recalc-dims=\"1\" src=\"https:\/\/i0.wp.com\/opistobranquis.info\/wp-content\/uploads\/kms\/wht-circle-lv.png?w=900&#038;ssl=1\" style='display:block'><\/td><td style='padding:1px 0;vertical-align:middle;white-space:nowrap'>OBIS<\/td><\/tr><tr><td style='padding:1px 6px 1px 0;vertical-align:middle'><img data-recalc-dims=\"1\" src=\"https:\/\/i0.wp.com\/opistobranquis.info\/wp-content\/uploads\/kms\/ylw-circle-lv.png?w=900&#038;ssl=1\" style='display:block'><\/td><td style='padding:1px 0;vertical-align:middle;white-space:nowrap'>GROC 2010-2011<\/td><\/tr><tr><td style='padding:1px 6px 1px 0;vertical-align:middle'><img data-recalc-dims=\"1\" src=\"https:\/\/i0.wp.com\/opistobranquis.info\/wp-content\/uploads\/kms\/grn-circle-lv.png?w=900&#038;ssl=1\" style='display:block'><\/td><td style='padding:1px 0;vertical-align:middle;white-space:nowrap'>Enric Madrenas<\/td><\/tr><tr><td style='padding:1px 6px 1px 0;vertical-align:middle'><img data-recalc-dims=\"1\" src=\"https:\/\/i0.wp.com\/opistobranquis.info\/wp-content\/uploads\/kms\/orange-circle-lv.png?w=900&#038;ssl=1\" style='display:block'><\/td><td style='padding:1px 0;vertical-align:middle;white-space:nowrap'>Jo\u00e3o Pedro Silva<\/td><\/tr><tr><td style='padding:1px 6px 1px 0;vertical-align:middle'><img data-recalc-dims=\"1\" src=\"https:\/\/i0.wp.com\/opistobranquis.info\/wp-content\/uploads\/kms\/pink-circle-lv.png?w=900&#038;ssl=1\" style='display:block'><\/td><td style='padding:1px 0;vertical-align:middle;white-space:nowrap'>Bernard Picton<\/td><\/tr><tr><td style='padding:1px 6px 1px 0;vertical-align:middle'><img data-recalc-dims=\"1\" src=\"https:\/\/i0.wp.com\/opistobranquis.info\/wp-content\/uploads\/kms\/blk-circle-lv.png?w=900&#038;ssl=1\" style='display:block'><\/td><td style='padding:1px 0;vertical-align:middle;white-space:nowrap'>GBIF<\/td><\/tr>        <\/table>\n      <\/td>\n      <td style=\"vertical-align:top;\">\n        <table style=\"border-collapse:collapse;\">\n<tr><td style='padding:1px 6px 1px 0;vertical-align:middle'><img data-recalc-dims=\"1\" src=\"https:\/\/i0.wp.com\/opistobranquis.info\/wp-content\/uploads\/kms\/purple-circle-lv.png?w=900&#038;ssl=1\" style='display:block'><\/td><td style='padding:1px 0;vertical-align:middle;white-space:nowrap'>OPK<\/td><\/tr><tr><td style='padding:1px 6px 1px 0;vertical-align:middle'><img data-recalc-dims=\"1\" src=\"https:\/\/i0.wp.com\/opistobranquis.info\/wp-content\/uploads\/kms\/red-circle-lv.png?w=900&#038;ssl=1\" style='display:block'><\/td><td style='padding:1px 0;vertical-align:middle;white-space:nowrap'>VIMAR<\/td><\/tr><tr><td style='padding:1px 6px 1px 0;vertical-align:middle'><img data-recalc-dims=\"1\" src=\"https:\/\/i0.wp.com\/opistobranquis.info\/wp-content\/uploads\/kms\/blu-circle-lv.png?w=900&#038;ssl=1\" style='display:block'><\/td><td style='padding:1px 0;vertical-align:middle;white-space:nowrap'>Manuel Ballesteros<\/td><\/tr><tr><td style='padding:1px 6px 1px 0;vertical-align:middle'><img data-recalc-dims=\"1\" src=\"https:\/\/i0.wp.com\/opistobranquis.info\/wp-content\/uploads\/kms\/cyan-circle-lv.png?w=900&#038;ssl=1\" style='display:block'><\/td><td style='padding:1px 0;vertical-align:middle;white-space:nowrap'>M@re Nostrum<\/td><\/tr><tr><td style='padding:1px 6px 1px 0;vertical-align:middle'><img data-recalc-dims=\"1\" src=\"https:\/\/i0.wp.com\/opistobranquis.info\/wp-content\/uploads\/kms\/grey-circle-lv.png?w=900&#038;ssl=1\" style='display:block'><\/td><td style='padding:1px 0;vertical-align:middle;white-space:nowrap'>Altres fonts<\/td><\/tr><tr><td style='padding:1px 6px 1px 0;vertical-align:middle'><img data-recalc-dims=\"1\" src=\"https:\/\/i0.wp.com\/opistobranquis.info\/wp-content\/uploads\/kms\/marreg.png?w=900&#038;ssl=1\" style='display:block'><\/td><td style='padding:1px 0;vertical-align:middle;white-space:nowrap'>Marine Regions<\/td><\/tr>        <\/table>\n      <\/td>\n    <\/tr>\n  <\/table>\n<\/div>\n<\/p>\n<p><strong>Error:<\/strong> Chart.js no est\u00e1 disponible.<\/p>\n<p><strong>Altres fotos<\/strong><br \/>\n<div class=\"tiled-gallery type-rectangular tiled-gallery-unresized\" data-original-width=\"900\" data-carousel-extra='{&quot;blog_id&quot;:1,&quot;permalink&quot;:&quot;https:\\\/\\\/opistobranquis.info\\\/ca\\\/guia\\\/sacoglossa\\\/plakobranchoidea\\\/stiliger-llerae\\\/&quot;,&quot;likes_blog_id&quot;:44192421}' itemscope itemtype=\"http:\/\/schema.org\/ImageGallery\" > <div class=\"gallery-row\" style=\"width: 900px; height: 462px;\" data-original-width=\"900\" data-original-height=\"462\" > <div class=\"gallery-group images-1\" style=\"width: 593px; height: 462px;\" data-original-width=\"593\" data-original-height=\"462\" > <div class=\"tiled-gallery-item tiled-gallery-item-large\" itemprop=\"associatedMedia\" itemscope itemtype=\"http:\/\/schema.org\/ImageObject\"> <a href=\"https:\/\/opistobranquis.info\/ca\/guia\/sacoglossa\/plakobranchoidea\/stiliger-llerae\/stiliger-llerae-gran-canaria-spain-by-sabina-lopez\/\" border=\"0\" itemprop=\"url\"> <meta itemprop=\"width\" content=\"589\"> <meta itemprop=\"height\" content=\"458\"> <img decoding=\"async\" class=\"\" data-attachment-id=\"35682\" data-orig-file=\"https:\/\/opistobranquis.info\/wp-content\/uploads\/2022\/12\/Stiliger-llerae-@-Gran-Canaria-Spain-by-Sabina-Lopez.jpg\" data-orig-size=\"1440,1119\" data-comments-opened=\"\" data-image-title=\"Stiliger llerae @ Gran Canaria, Spain by Sabina L\u00f3pez\" data-image-description=\"&lt;p&gt;Stiliger llerae @ Gran Canaria, Spain by Sabina L\u00f3pez&lt;\/p&gt; \" data-medium-file=\"https:\/\/i0.wp.com\/opistobranquis.info\/wp-content\/uploads\/2022\/12\/Stiliger-llerae-%40-Gran-Canaria-Spain-by-Sabina-Lopez.jpg?fit=300%2C233&#038;ssl=1\" data-large-file=\"https:\/\/i0.wp.com\/opistobranquis.info\/wp-content\/uploads\/2022\/12\/Stiliger-llerae-%40-Gran-Canaria-Spain-by-Sabina-Lopez.jpg?fit=900%2C700&#038;ssl=1\" src=\"https:\/\/i0.wp.com\/opistobranquis.info\/wp-content\/uploads\/2022\/12\/Stiliger-llerae-%40-Gran-Canaria-Spain-by-Sabina-Lopez.jpg?w=589&#038;h=458&#038;ssl=1\" width=\"589\" height=\"458\" loading=\"lazy\" data-original-width=\"589\" data-original-height=\"458\" itemprop=\"http:\/\/schema.org\/image\" title=\"Stiliger llerae @ Gran Canaria, Spain by Sabina L\u00f3pez\" alt=\"Stiliger llerae @ Gran Canaria, Spain by Sabina L\u00f3pez\" style=\"width: 589px; height: 458px;\" \/> <\/a> <div class=\"tiled-gallery-caption\" itemprop=\"caption description\"> Stiliger llerae @ Gran Canaria, Spain <\/div> <\/div> <\/div> <!-- close group --> <div class=\"gallery-group images-2\" style=\"width: 307px; height: 462px;\" data-original-width=\"307\" data-original-height=\"462\" > <div class=\"tiled-gallery-item tiled-gallery-item-large\" itemprop=\"associatedMedia\" itemscope itemtype=\"http:\/\/schema.org\/ImageObject\"> <a href=\"https:\/\/opistobranquis.info\/ca\/guia\/sacoglossa\/plakobranchoidea\/stiliger-llerae\/stiliger-llerae-lanzarote-by-dennis-rabeling-3\/\" border=\"0\" itemprop=\"url\"> <meta itemprop=\"width\" content=\"303\"> <meta itemprop=\"height\" content=\"227\"> <img decoding=\"async\" class=\"\" data-attachment-id=\"35684\" data-orig-file=\"https:\/\/opistobranquis.info\/wp-content\/uploads\/2022\/12\/Stiliger-llerae-@-Lanzarote-by-Dennis-Rabeling-3.jpg\" data-orig-size=\"1728,1296\" data-comments-opened=\"\" data-image-title=\"Stiliger llerae @ Lanzarote by Dennis Rabeling\" data-image-description=\"&lt;p&gt;Stiliger llerae @ Lanzarote by Dennis Rabeling&lt;\/p&gt; \" data-medium-file=\"https:\/\/i0.wp.com\/opistobranquis.info\/wp-content\/uploads\/2022\/12\/Stiliger-llerae-%40-Lanzarote-by-Dennis-Rabeling-3.jpg?fit=300%2C225&#038;ssl=1\" data-large-file=\"https:\/\/i0.wp.com\/opistobranquis.info\/wp-content\/uploads\/2022\/12\/Stiliger-llerae-%40-Lanzarote-by-Dennis-Rabeling-3.jpg?fit=900%2C675&#038;ssl=1\" src=\"https:\/\/i0.wp.com\/opistobranquis.info\/wp-content\/uploads\/2022\/12\/Stiliger-llerae-%40-Lanzarote-by-Dennis-Rabeling-3.jpg?w=303&#038;h=227&#038;ssl=1\" width=\"303\" height=\"227\" loading=\"lazy\" data-original-width=\"303\" data-original-height=\"227\" itemprop=\"http:\/\/schema.org\/image\" title=\"Stiliger llerae @ Lanzarote by Dennis Rabeling\" alt=\"Stiliger llerae @ Lanzarote by Dennis Rabeling\" style=\"width: 303px; height: 227px;\" \/> <\/a> <div class=\"tiled-gallery-caption\" itemprop=\"caption description\"> Stiliger llerae @ Lanzarote by Dennis Rabeling <\/div> <\/div> <div class=\"tiled-gallery-item tiled-gallery-item-large\" itemprop=\"associatedMedia\" itemscope itemtype=\"http:\/\/schema.org\/ImageObject\"> <a href=\"https:\/\/opistobranquis.info\/ca\/guia\/sacoglossa\/plakobranchoidea\/stiliger-llerae\/stiliger-llerae-lanzarote-by-dennis-rabeling-2\/\" border=\"0\" itemprop=\"url\"> <meta itemprop=\"width\" content=\"303\"> <meta itemprop=\"height\" content=\"227\"> <img decoding=\"async\" class=\"\" data-attachment-id=\"35685\" data-orig-file=\"https:\/\/opistobranquis.info\/wp-content\/uploads\/2022\/12\/Stiliger-llerae-@-Lanzarote-by-Dennis-Rabeling-2.jpg\" data-orig-size=\"1728,1296\" data-comments-opened=\"\" data-image-title=\"Stiliger llerae @ Lanzarote by Dennis Rabeling\" data-image-description=\"&lt;p&gt;Stiliger llerae @ Lanzarote by Dennis Rabeling&lt;\/p&gt; \" data-medium-file=\"https:\/\/i0.wp.com\/opistobranquis.info\/wp-content\/uploads\/2022\/12\/Stiliger-llerae-%40-Lanzarote-by-Dennis-Rabeling-2.jpg?fit=300%2C225&#038;ssl=1\" data-large-file=\"https:\/\/i0.wp.com\/opistobranquis.info\/wp-content\/uploads\/2022\/12\/Stiliger-llerae-%40-Lanzarote-by-Dennis-Rabeling-2.jpg?fit=900%2C675&#038;ssl=1\" src=\"https:\/\/i0.wp.com\/opistobranquis.info\/wp-content\/uploads\/2022\/12\/Stiliger-llerae-%40-Lanzarote-by-Dennis-Rabeling-2.jpg?w=303&#038;h=227&#038;ssl=1\" width=\"303\" height=\"227\" loading=\"lazy\" data-original-width=\"303\" data-original-height=\"227\" itemprop=\"http:\/\/schema.org\/image\" title=\"Stiliger llerae @ Lanzarote by Dennis Rabeling\" alt=\"Stiliger llerae @ Lanzarote by Dennis Rabeling\" style=\"width: 303px; height: 227px;\" \/> <\/a> <div class=\"tiled-gallery-caption\" itemprop=\"caption description\"> Stiliger llerae @ Lanzarote by Dennis Rabeling <\/div> <\/div> <\/div> <!-- close group --> <\/div> <!-- close row --> <div class=\"gallery-row\" style=\"width: 900px; height: 417px;\" data-original-width=\"900\" data-original-height=\"417\" > <div class=\"gallery-group images-2\" style=\"width: 277px; height: 417px;\" data-original-width=\"277\" data-original-height=\"417\" > <div class=\"tiled-gallery-item tiled-gallery-item-large\" itemprop=\"associatedMedia\" itemscope itemtype=\"http:\/\/schema.org\/ImageObject\"> <a href=\"https:\/\/opistobranquis.info\/ca\/guia\/sacoglossa\/plakobranchoidea\/stiliger-llerae\/stiliger-llerae-lanzarote-by-dennis-rabeling\/\" border=\"0\" itemprop=\"url\"> <meta itemprop=\"width\" content=\"273\"> <meta itemprop=\"height\" content=\"205\"> <img decoding=\"async\" class=\"\" data-attachment-id=\"35686\" data-orig-file=\"https:\/\/opistobranquis.info\/wp-content\/uploads\/2022\/12\/Stiliger-llerae-@-Lanzarote-by-Dennis-Rabeling.jpg\" data-orig-size=\"1728,1296\" data-comments-opened=\"\" data-image-title=\"Stiliger llerae @ Lanzarote by Dennis Rabeling\" data-image-description=\"&lt;p&gt;Stiliger llerae @ Lanzarote by Dennis Rabeling&lt;\/p&gt; \" data-medium-file=\"https:\/\/i0.wp.com\/opistobranquis.info\/wp-content\/uploads\/2022\/12\/Stiliger-llerae-%40-Lanzarote-by-Dennis-Rabeling.jpg?fit=300%2C225&#038;ssl=1\" data-large-file=\"https:\/\/i0.wp.com\/opistobranquis.info\/wp-content\/uploads\/2022\/12\/Stiliger-llerae-%40-Lanzarote-by-Dennis-Rabeling.jpg?fit=900%2C675&#038;ssl=1\" src=\"https:\/\/i0.wp.com\/opistobranquis.info\/wp-content\/uploads\/2022\/12\/Stiliger-llerae-%40-Lanzarote-by-Dennis-Rabeling.jpg?w=273&#038;h=205&#038;ssl=1\" width=\"273\" height=\"205\" loading=\"lazy\" data-original-width=\"273\" data-original-height=\"205\" itemprop=\"http:\/\/schema.org\/image\" title=\"Stiliger llerae @ Lanzarote by Dennis Rabeling\" alt=\"Stiliger llerae @ Lanzarote by Dennis Rabeling\" style=\"width: 273px; height: 205px;\" \/> <\/a> <div class=\"tiled-gallery-caption\" itemprop=\"caption description\"> Stiliger llerae @ Lanzarote <\/div> <\/div> <div class=\"tiled-gallery-item tiled-gallery-item-large\" itemprop=\"associatedMedia\" itemscope itemtype=\"http:\/\/schema.org\/ImageObject\"> <a href=\"https:\/\/opistobranquis.info\/ca\/guia\/sacoglossa\/plakobranchoidea\/stiliger-llerae\/stiliger-llerae-lanzarote-by-dennis-rabeling-4\/\" border=\"0\" itemprop=\"url\"> <meta itemprop=\"width\" content=\"273\"> <meta itemprop=\"height\" content=\"204\"> <img decoding=\"async\" class=\"\" data-attachment-id=\"35696\" data-orig-file=\"https:\/\/opistobranquis.info\/wp-content\/uploads\/2022\/12\/Stiliger-llerae-@-Lanzarote-by-Dennis-Rabeling-4.jpg\" data-orig-size=\"2048,1536\" data-comments-opened=\"\" data-image-title=\"Stiliger llerae @ Lanzarote by Dennis Rabeling\" data-image-description=\"&lt;p&gt;Stiliger llerae @ Lanzarote by Dennis Rabeling&lt;\/p&gt; \" data-medium-file=\"https:\/\/i0.wp.com\/opistobranquis.info\/wp-content\/uploads\/2022\/12\/Stiliger-llerae-%40-Lanzarote-by-Dennis-Rabeling-4.jpg?fit=300%2C225&#038;ssl=1\" data-large-file=\"https:\/\/i0.wp.com\/opistobranquis.info\/wp-content\/uploads\/2022\/12\/Stiliger-llerae-%40-Lanzarote-by-Dennis-Rabeling-4.jpg?fit=900%2C675&#038;ssl=1\" src=\"https:\/\/i0.wp.com\/opistobranquis.info\/wp-content\/uploads\/2022\/12\/Stiliger-llerae-%40-Lanzarote-by-Dennis-Rabeling-4.jpg?w=273&#038;h=204&#038;ssl=1\" width=\"273\" height=\"204\" loading=\"lazy\" data-original-width=\"273\" data-original-height=\"204\" itemprop=\"http:\/\/schema.org\/image\" title=\"Stiliger llerae @ Lanzarote by Dennis Rabeling\" alt=\"Stiliger llerae @ Lanzarote by Dennis Rabeling\" style=\"width: 273px; height: 204px;\" \/> <\/a> <div class=\"tiled-gallery-caption\" itemprop=\"caption description\"> Stiliger llerae @ Lanzarote by Dennis Rabeling <\/div> <\/div> <\/div> <!-- close group --> <div class=\"gallery-group images-1\" style=\"width: 623px; height: 417px;\" data-original-width=\"623\" data-original-height=\"417\" > <div class=\"tiled-gallery-item tiled-gallery-item-large\" itemprop=\"associatedMedia\" itemscope itemtype=\"http:\/\/schema.org\/ImageObject\"> <a href=\"https:\/\/opistobranquis.info\/ca\/guia\/sacoglossa\/plakobranchoidea\/stiliger-llerae\/stiliger-llerae-00\/\" border=\"0\" itemprop=\"url\"> <meta itemprop=\"width\" content=\"619\"> <meta itemprop=\"height\" content=\"413\"> <img decoding=\"async\" class=\"\" data-attachment-id=\"35707\" data-orig-file=\"https:\/\/opistobranquis.info\/wp-content\/uploads\/2022\/12\/Stiliger-llerae-00.jpg\" data-orig-size=\"1080,721\" data-comments-opened=\"\" data-image-title=\"Stiliger llerae @ Gran Canaria by Mario Matute\" data-image-description=\"&lt;p&gt;Stiliger llerae @ Gran Canaria by Mario Matute&lt;\/p&gt; \" data-medium-file=\"https:\/\/i0.wp.com\/opistobranquis.info\/wp-content\/uploads\/2022\/12\/Stiliger-llerae-00.jpg?fit=300%2C200&#038;ssl=1\" data-large-file=\"https:\/\/i0.wp.com\/opistobranquis.info\/wp-content\/uploads\/2022\/12\/Stiliger-llerae-00.jpg?fit=900%2C601&#038;ssl=1\" src=\"https:\/\/i0.wp.com\/opistobranquis.info\/wp-content\/uploads\/2022\/12\/Stiliger-llerae-00.jpg?w=619&#038;h=413&#038;ssl=1\" srcset=\"https:\/\/i0.wp.com\/opistobranquis.info\/wp-content\/uploads\/2022\/12\/Stiliger-llerae-00.jpg?w=1080&amp;ssl=1 1080w, https:\/\/i0.wp.com\/opistobranquis.info\/wp-content\/uploads\/2022\/12\/Stiliger-llerae-00.jpg?resize=300%2C200&amp;ssl=1 300w, https:\/\/i0.wp.com\/opistobranquis.info\/wp-content\/uploads\/2022\/12\/Stiliger-llerae-00.jpg?resize=1024%2C684&amp;ssl=1 1024w, https:\/\/i0.wp.com\/opistobranquis.info\/wp-content\/uploads\/2022\/12\/Stiliger-llerae-00.jpg?resize=150%2C100&amp;ssl=1 150w\" width=\"619\" height=\"413\" loading=\"lazy\" data-original-width=\"619\" data-original-height=\"413\" itemprop=\"http:\/\/schema.org\/image\" title=\"Stiliger llerae @ Gran Canaria by Mario Matute\" alt=\"Stiliger llerae @ Gran Canaria by Mario Matute\" style=\"width: 619px; height: 413px;\" \/> <\/a> <div class=\"tiled-gallery-caption\" itemprop=\"caption description\"> Stiliger llerae @ Gran Canaria by Mario Matute <\/div> <\/div> <\/div> <!-- close group --> <\/div> <!-- close row --> <div class=\"gallery-row\" style=\"width: 900px; height: 320px;\" data-original-width=\"900\" data-original-height=\"320\" > <div class=\"gallery-group images-1\" style=\"width: 422px; height: 320px;\" data-original-width=\"422\" data-original-height=\"320\" > <div class=\"tiled-gallery-item tiled-gallery-item-large\" itemprop=\"associatedMedia\" itemscope itemtype=\"http:\/\/schema.org\/ImageObject\"> <a href=\"https:\/\/opistobranquis.info\/ca\/guia\/sacoglossa\/plakobranchoidea\/stiliger-llerae\/polish_20230120_203853395\/\" border=\"0\" itemprop=\"url\"> <meta itemprop=\"width\" content=\"418\"> <meta itemprop=\"height\" content=\"316\"> <img decoding=\"async\" class=\"\" data-attachment-id=\"36906\" data-orig-file=\"https:\/\/opistobranquis.info\/wp-content\/uploads\/2023\/01\/Polish_20230120_203853395.jpg\" data-orig-size=\"974,736\" data-comments-opened=\"\" data-image-title=\"Stiliger llerae @ Gran Canaria by Mario Matute\" data-image-description=\"&lt;p&gt;Stiliger llerae @ Gran Canaria by Mario Matute&lt;\/p&gt; \" data-medium-file=\"https:\/\/i0.wp.com\/opistobranquis.info\/wp-content\/uploads\/2023\/01\/Polish_20230120_203853395.jpg?fit=300%2C227&#038;ssl=1\" data-large-file=\"https:\/\/i0.wp.com\/opistobranquis.info\/wp-content\/uploads\/2023\/01\/Polish_20230120_203853395.jpg?fit=900%2C680&#038;ssl=1\" src=\"https:\/\/i0.wp.com\/opistobranquis.info\/wp-content\/uploads\/2023\/01\/Polish_20230120_203853395.jpg?w=418&#038;h=316&#038;ssl=1\" srcset=\"https:\/\/i0.wp.com\/opistobranquis.info\/wp-content\/uploads\/2023\/01\/Polish_20230120_203853395.jpg?w=974&amp;ssl=1 974w, https:\/\/i0.wp.com\/opistobranquis.info\/wp-content\/uploads\/2023\/01\/Polish_20230120_203853395.jpg?resize=300%2C227&amp;ssl=1 300w, https:\/\/i0.wp.com\/opistobranquis.info\/wp-content\/uploads\/2023\/01\/Polish_20230120_203853395.jpg?resize=150%2C113&amp;ssl=1 150w\" width=\"418\" height=\"316\" loading=\"lazy\" data-original-width=\"418\" data-original-height=\"316\" itemprop=\"http:\/\/schema.org\/image\" title=\"Stiliger llerae @ Gran Canaria by Mario Matute\" alt=\"Stiliger llerae @ Gran Canaria by Mario Matute\" style=\"width: 418px; height: 316px;\" \/> <\/a> <div class=\"tiled-gallery-caption\" itemprop=\"caption description\"> Stiliger llerae @ Gran Canaria by Mario Matute <\/div> <\/div> <\/div> <!-- close group --> <div class=\"gallery-group images-1\" style=\"width: 478px; height: 320px;\" data-original-width=\"478\" data-original-height=\"320\" > <div class=\"tiled-gallery-item tiled-gallery-item-large\" itemprop=\"associatedMedia\" itemscope itemtype=\"http:\/\/schema.org\/ImageObject\"> <a href=\"https:\/\/opistobranquis.info\/ca\/guia\/sacoglossa\/plakobranchoidea\/stiliger-llerae\/stiliger-llerae-00-2\/\" border=\"0\" itemprop=\"url\"> <meta itemprop=\"width\" content=\"474\"> <meta itemprop=\"height\" content=\"316\"> <img decoding=\"async\" class=\"\" data-attachment-id=\"37919\" data-orig-file=\"https:\/\/opistobranquis.info\/wp-content\/uploads\/2023\/02\/Stiliger-llerae-00.jpg\" data-orig-size=\"1082,721\" data-comments-opened=\"\" data-image-title=\"Stiliger llerae @ La Laja, Gran Canaria by Mario Matute\" data-image-description=\"&lt;p&gt;Stiliger llerae @ La Laja, Gran Canaria by Mario Matute&lt;\/p&gt; \" data-medium-file=\"https:\/\/i0.wp.com\/opistobranquis.info\/wp-content\/uploads\/2023\/02\/Stiliger-llerae-00.jpg?fit=300%2C200&#038;ssl=1\" data-large-file=\"https:\/\/i0.wp.com\/opistobranquis.info\/wp-content\/uploads\/2023\/02\/Stiliger-llerae-00.jpg?fit=900%2C599&#038;ssl=1\" src=\"https:\/\/i0.wp.com\/opistobranquis.info\/wp-content\/uploads\/2023\/02\/Stiliger-llerae-00.jpg?w=474&#038;h=316&#038;ssl=1\" srcset=\"https:\/\/i0.wp.com\/opistobranquis.info\/wp-content\/uploads\/2023\/02\/Stiliger-llerae-00.jpg?w=1082&amp;ssl=1 1082w, https:\/\/i0.wp.com\/opistobranquis.info\/wp-content\/uploads\/2023\/02\/Stiliger-llerae-00.jpg?resize=300%2C200&amp;ssl=1 300w, https:\/\/i0.wp.com\/opistobranquis.info\/wp-content\/uploads\/2023\/02\/Stiliger-llerae-00.jpg?resize=1024%2C682&amp;ssl=1 1024w, https:\/\/i0.wp.com\/opistobranquis.info\/wp-content\/uploads\/2023\/02\/Stiliger-llerae-00.jpg?resize=150%2C100&amp;ssl=1 150w\" width=\"474\" height=\"316\" loading=\"lazy\" data-original-width=\"474\" data-original-height=\"316\" itemprop=\"http:\/\/schema.org\/image\" title=\"Stiliger llerae @ La Laja, Gran Canaria by Mario Matute\" alt=\"Stiliger llerae @ La Laja, Gran Canaria by Mario Matute\" style=\"width: 474px; height: 316px;\" \/> <\/a> <div class=\"tiled-gallery-caption\" itemprop=\"caption description\"> Stiliger llerae @ La Laja, Gran Canaria by Mario Matute <\/div> <\/div> <\/div> <!-- close group --> <\/div> <!-- close row --> <div class=\"gallery-row\" style=\"width: 900px; height: 151px;\" data-original-width=\"900\" data-original-height=\"151\" > <div class=\"gallery-group images-1\" style=\"width: 225px; height: 151px;\" data-original-width=\"225\" data-original-height=\"151\" > <div class=\"tiled-gallery-item tiled-gallery-item-small\" itemprop=\"associatedMedia\" itemscope itemtype=\"http:\/\/schema.org\/ImageObject\"> <a href=\"https:\/\/opistobranquis.info\/ca\/guia\/sacoglossa\/plakobranchoidea\/stiliger-llerae\/stiliger-llerae-01-2\/\" border=\"0\" itemprop=\"url\"> <meta itemprop=\"width\" content=\"221\"> <meta itemprop=\"height\" content=\"147\"> <img decoding=\"async\" class=\"\" data-attachment-id=\"37920\" data-orig-file=\"https:\/\/opistobranquis.info\/wp-content\/uploads\/2023\/02\/Stiliger-llerae-01.jpg\" data-orig-size=\"1158,772\" data-comments-opened=\"\" data-image-title=\"Stiliger llerae @ La Laja, Gran Canaria by Mario Matute\" data-image-description=\"&lt;p&gt;Stiliger llerae @ La Laja, Gran Canaria by Mario Matute&lt;\/p&gt; \" data-medium-file=\"https:\/\/i0.wp.com\/opistobranquis.info\/wp-content\/uploads\/2023\/02\/Stiliger-llerae-01.jpg?fit=300%2C200&#038;ssl=1\" data-large-file=\"https:\/\/i0.wp.com\/opistobranquis.info\/wp-content\/uploads\/2023\/02\/Stiliger-llerae-01.jpg?fit=900%2C600&#038;ssl=1\" src=\"https:\/\/i0.wp.com\/opistobranquis.info\/wp-content\/uploads\/2023\/02\/Stiliger-llerae-01.jpg?w=221&#038;h=147&#038;ssl=1\" srcset=\"https:\/\/i0.wp.com\/opistobranquis.info\/wp-content\/uploads\/2023\/02\/Stiliger-llerae-01.jpg?w=1158&amp;ssl=1 1158w, https:\/\/i0.wp.com\/opistobranquis.info\/wp-content\/uploads\/2023\/02\/Stiliger-llerae-01.jpg?resize=300%2C200&amp;ssl=1 300w, https:\/\/i0.wp.com\/opistobranquis.info\/wp-content\/uploads\/2023\/02\/Stiliger-llerae-01.jpg?resize=1024%2C683&amp;ssl=1 1024w, https:\/\/i0.wp.com\/opistobranquis.info\/wp-content\/uploads\/2023\/02\/Stiliger-llerae-01.jpg?resize=150%2C100&amp;ssl=1 150w\" width=\"221\" height=\"147\" loading=\"lazy\" data-original-width=\"221\" data-original-height=\"147\" itemprop=\"http:\/\/schema.org\/image\" title=\"Stiliger llerae @ La Laja, Gran Canaria by Mario Matute\" alt=\"Stiliger llerae @ La Laja, Gran Canaria by Mario Matute\" style=\"width: 221px; height: 147px;\" \/> <\/a> <div class=\"tiled-gallery-caption\" itemprop=\"caption description\"> Stiliger llerae @ La Laja, Gran Canaria by Mario Matute <\/div> <\/div> <\/div> <!-- close group --> <div class=\"gallery-group images-1\" style=\"width: 225px; height: 151px;\" data-original-width=\"225\" data-original-height=\"151\" > <div class=\"tiled-gallery-item tiled-gallery-item-small\" itemprop=\"associatedMedia\" itemscope itemtype=\"http:\/\/schema.org\/ImageObject\"> <a href=\"https:\/\/opistobranquis.info\/ca\/guia\/sacoglossa\/plakobranchoidea\/stiliger-llerae\/stiliger-llerae-02\/\" border=\"0\" itemprop=\"url\"> <meta itemprop=\"width\" content=\"221\"> <meta itemprop=\"height\" content=\"147\"> <img decoding=\"async\" class=\"\" data-attachment-id=\"37921\" data-orig-file=\"https:\/\/opistobranquis.info\/wp-content\/uploads\/2023\/02\/Stiliger-llerae-02.jpg\" data-orig-size=\"1338,892\" data-comments-opened=\"\" data-image-title=\"Stiliger llerae @ La Laja, Gran Canaria by Mario Matute\" data-image-description=\"&lt;p&gt;Stiliger llerae @ La Laja, Gran Canaria by Mario Matute&lt;\/p&gt; \" data-medium-file=\"https:\/\/i0.wp.com\/opistobranquis.info\/wp-content\/uploads\/2023\/02\/Stiliger-llerae-02.jpg?fit=300%2C200&#038;ssl=1\" data-large-file=\"https:\/\/i0.wp.com\/opistobranquis.info\/wp-content\/uploads\/2023\/02\/Stiliger-llerae-02.jpg?fit=900%2C600&#038;ssl=1\" src=\"https:\/\/i0.wp.com\/opistobranquis.info\/wp-content\/uploads\/2023\/02\/Stiliger-llerae-02.jpg?w=221&#038;h=147&#038;ssl=1\" srcset=\"https:\/\/i0.wp.com\/opistobranquis.info\/wp-content\/uploads\/2023\/02\/Stiliger-llerae-02.jpg?w=1338&amp;ssl=1 1338w, https:\/\/i0.wp.com\/opistobranquis.info\/wp-content\/uploads\/2023\/02\/Stiliger-llerae-02.jpg?resize=300%2C200&amp;ssl=1 300w, https:\/\/i0.wp.com\/opistobranquis.info\/wp-content\/uploads\/2023\/02\/Stiliger-llerae-02.jpg?resize=1024%2C683&amp;ssl=1 1024w, https:\/\/i0.wp.com\/opistobranquis.info\/wp-content\/uploads\/2023\/02\/Stiliger-llerae-02.jpg?resize=150%2C100&amp;ssl=1 150w\" width=\"221\" height=\"147\" loading=\"lazy\" data-original-width=\"221\" data-original-height=\"147\" itemprop=\"http:\/\/schema.org\/image\" title=\"Stiliger llerae @ La Laja, Gran Canaria by Mario Matute\" alt=\"Stiliger llerae @ La Laja, Gran Canaria by Mario Matute\" style=\"width: 221px; height: 147px;\" \/> <\/a> <div class=\"tiled-gallery-caption\" itemprop=\"caption description\"> Stiliger llerae @ La Laja, Gran Canaria by Mario Matute <\/div> <\/div> <\/div> <!-- close group --> <div class=\"gallery-group images-1\" style=\"width: 225px; height: 151px;\" data-original-width=\"225\" data-original-height=\"151\" > <div class=\"tiled-gallery-item tiled-gallery-item-small\" itemprop=\"associatedMedia\" itemscope itemtype=\"http:\/\/schema.org\/ImageObject\"> <a href=\"https:\/\/opistobranquis.info\/ca\/guia\/sacoglossa\/plakobranchoidea\/stiliger-llerae\/stiliger-llerae-04\/\" border=\"0\" itemprop=\"url\"> <meta itemprop=\"width\" content=\"221\"> <meta itemprop=\"height\" content=\"147\"> <img decoding=\"async\" class=\"\" data-attachment-id=\"37922\" data-orig-file=\"https:\/\/opistobranquis.info\/wp-content\/uploads\/2023\/02\/Stiliger-llerae-04.jpg\" data-orig-size=\"1185,790\" data-comments-opened=\"\" data-image-title=\"Stiliger llerae @ La Laja, Gran Canaria by Mario Matute\" data-image-description=\"&lt;p&gt;Stiliger llerae @ La Laja, Gran Canaria by Mario Matute&lt;\/p&gt; \" data-medium-file=\"https:\/\/i0.wp.com\/opistobranquis.info\/wp-content\/uploads\/2023\/02\/Stiliger-llerae-04.jpg?fit=300%2C200&#038;ssl=1\" data-large-file=\"https:\/\/i0.wp.com\/opistobranquis.info\/wp-content\/uploads\/2023\/02\/Stiliger-llerae-04.jpg?fit=900%2C600&#038;ssl=1\" src=\"https:\/\/i0.wp.com\/opistobranquis.info\/wp-content\/uploads\/2023\/02\/Stiliger-llerae-04.jpg?w=221&#038;h=147&#038;ssl=1\" srcset=\"https:\/\/i0.wp.com\/opistobranquis.info\/wp-content\/uploads\/2023\/02\/Stiliger-llerae-04.jpg?w=1185&amp;ssl=1 1185w, https:\/\/i0.wp.com\/opistobranquis.info\/wp-content\/uploads\/2023\/02\/Stiliger-llerae-04.jpg?resize=300%2C200&amp;ssl=1 300w, https:\/\/i0.wp.com\/opistobranquis.info\/wp-content\/uploads\/2023\/02\/Stiliger-llerae-04.jpg?resize=1024%2C683&amp;ssl=1 1024w, https:\/\/i0.wp.com\/opistobranquis.info\/wp-content\/uploads\/2023\/02\/Stiliger-llerae-04.jpg?resize=150%2C100&amp;ssl=1 150w\" width=\"221\" height=\"147\" loading=\"lazy\" data-original-width=\"221\" data-original-height=\"147\" itemprop=\"http:\/\/schema.org\/image\" title=\"Stiliger llerae @ La Laja, Gran Canaria by Mario Matute\" alt=\"Stiliger llerae @ La Laja, Gran Canaria by Mario Matute\" style=\"width: 221px; height: 147px;\" \/> <\/a> <div class=\"tiled-gallery-caption\" itemprop=\"caption description\"> Stiliger llerae @ La Laja, Gran Canaria by Mario Matute <\/div> <\/div> <\/div> <!-- close group --> <div class=\"gallery-group images-1\" style=\"width: 225px; height: 151px;\" data-original-width=\"225\" data-original-height=\"151\" > <div class=\"tiled-gallery-item tiled-gallery-item-small\" itemprop=\"associatedMedia\" itemscope itemtype=\"http:\/\/schema.org\/ImageObject\"> <a href=\"https:\/\/opistobranquis.info\/ca\/guia\/sacoglossa\/plakobranchoidea\/stiliger-llerae\/stilliger-llerae-la-laja-gran-canaria\/\" border=\"0\" itemprop=\"url\"> <meta itemprop=\"width\" content=\"221\"> <meta itemprop=\"height\" content=\"147\"> <img decoding=\"async\" class=\"\" data-attachment-id=\"37971\" data-orig-file=\"https:\/\/opistobranquis.info\/wp-content\/uploads\/2023\/03\/Stilliger-llerae-@-La-Laja-Gran-Canaria.jpg\" data-orig-size=\"1246,831\" data-comments-opened=\"\" data-image-title=\"Stiliger llerae @ La Laja, Gran Canaria by Mario Matute\" data-image-description=\"&lt;p&gt;Stiliger llerae @ La Laja, Gran Canaria by Mario Matute&lt;\/p&gt; \" data-medium-file=\"https:\/\/i0.wp.com\/opistobranquis.info\/wp-content\/uploads\/2023\/03\/Stilliger-llerae-%40-La-Laja-Gran-Canaria.jpg?fit=300%2C200&#038;ssl=1\" data-large-file=\"https:\/\/i0.wp.com\/opistobranquis.info\/wp-content\/uploads\/2023\/03\/Stilliger-llerae-%40-La-Laja-Gran-Canaria.jpg?fit=900%2C600&#038;ssl=1\" src=\"https:\/\/i0.wp.com\/opistobranquis.info\/wp-content\/uploads\/2023\/03\/Stilliger-llerae-%40-La-Laja-Gran-Canaria.jpg?w=221&#038;h=147&#038;ssl=1\" width=\"221\" height=\"147\" loading=\"lazy\" data-original-width=\"221\" data-original-height=\"147\" itemprop=\"http:\/\/schema.org\/image\" title=\"Stiliger llerae @ La Laja, Gran Canaria by Mario Matute\" alt=\"Stiliger llerae @ La Laja, Gran Canaria by Mario Matute\" style=\"width: 221px; height: 147px;\" \/> <\/a> <div class=\"tiled-gallery-caption\" itemprop=\"caption description\"> Stiliger llerae @ La Laja, Gran Canaria by Mario Matute <\/div> <\/div> <\/div> <!-- close group --> <\/div> <!-- close row --> <\/div><\/p>\n<p><p><strong>Bibliografia<\/strong><\/p><ul><div id=\"zotpress-48111c1296ba032eef33b5cc2bd2e94e\" class=\"zp-Zotpress zp-Zotpress-Bib wp-block-group\">\n\n\t\t<span class=\"ZP_API_USER_ID ZP_ATTR\">1246567<\/span>\n\t\t<span class=\"ZP_ITEM_KEY ZP_ATTR\"><\/span>\n\t\t<span class=\"ZP_COLLECTION_ID ZP_ATTR\"><\/span>\n\t\t<span class=\"ZP_TAG_ID ZP_ATTR\">Stiliger llerae<\/span>\n\t\t<span class=\"ZP_AUTHOR ZP_ATTR\"><\/span>\n\t\t<span class=\"ZP_YEAR ZP_ATTR\"><\/span>\n        <span class=\"ZP_ITEMTYPE ZP_ATTR\"><\/span>\n\t\t<span class=\"ZP_INCLUSIVE ZP_ATTR\">1<\/span>\n\t\t<span class=\"ZP_STYLE ZP_ATTR\">eunomia-revista-en-cultura-de-la-legalidad<\/span>\n\t\t<span class=\"ZP_LIMIT ZP_ATTR\">50<\/span>\n\t\t<span class=\"ZP_SORTBY ZP_ATTR\">creator<\/span>\n\t\t<span class=\"ZP_ORDER ZP_ATTR\">asc<\/span>\n\t\t<span class=\"ZP_TITLE ZP_ATTR\"><\/span>\n\t\t<span class=\"ZP_SHOWIMAGE ZP_ATTR\"><\/span>\n\t\t<span class=\"ZP_SHOWTAGS ZP_ATTR\"><\/span>\n\t\t<span class=\"ZP_DOWNLOADABLE ZP_ATTR\"><\/span>\n\t\t<span class=\"ZP_NOTES ZP_ATTR\"><\/span>\n\t\t<span class=\"ZP_ABSTRACT ZP_ATTR\"><\/span>\n\t\t<span class=\"ZP_CITEABLE ZP_ATTR\"><\/span>\n\t\t<span class=\"ZP_TARGET ZP_ATTR\">1<\/span>\n\t\t<span class=\"ZP_URLWRAP ZP_ATTR\"><\/span>\n\t\t<span class=\"ZP_FORCENUM ZP_ATTR\"><\/span>\n        <span class=\"ZP_HIGHLIGHT ZP_ATTR\"><\/span>\n        <span class=\"ZP_POSTID ZP_ATTR\">35680<\/span>\n\t\t<span class=\"ZOTPRESS_PLUGIN_URL ZP_ATTR\">https:\/\/opistobranquis.info\/wp-content\/plugins\/zotpress\/<\/span>\n\n\t\t<div class=\"zp-List loading\">\n\t\t\t<div class=\"zp-SEO-Content\">\n\n\t\t\t<\/div><!-- .zp-zp-SEO-Content -->\n\t\t<\/div><!-- .zp-List -->\n\t<\/div><!--.zp-Zotpress-->\n\n<p><\/p>Bibliografia basada en els treballs de <b>Steve Long, 2006<\/b>. <a target=_blank href=https:\/\/opistobranquis.info\/wp-content\/uploads\/2016\/06\/Long-S.-2006-Bibliography-of-Opisthobranchia-1554-2000.pdf>Bibliography of Opisthobranchia 1554-2000<\/a> i <b>Gary McDonald, 2009<\/b>. <a href=http:\/\/escholarship.org\/uc\/item\/8115h0wz>Bibliographia Nudibranchia<\/a>, amb actualitzacions posteriors procedents d\u00b4altres fonts.<p><\/p><\/ul><p><\/p><p><strong>M\u00e9s informaci\u00f3<\/strong><\/p><span style=\"font-size:10pt\"><ul><ul class=\"blogroll-links\"><li><a href=\"http:\/\/www.biodiversitylibrary.org\/name\/Stiliger%20llerae\">Biodiversity Heritage Library<\/a><\/li><li><a href=\"https:\/\/www.flickr.com\/search\/?text=Stiliger%20llerae\">Flickr pictures<\/a><\/li><li><a href=\"http:\/\/www.irmng.org\/aphia.php?p=taxlist&#038;tName=Stiliger%20llerae\">Interim Register of Marine and Nonmarine Genera<\/a><\/li><li><a href=\"http:\/\/www.ncbi.nlm.nih.gov\/Taxonomy\/Browser\/wwwtax.cgi?mode=Undef&#038;name=Stiliger%20llerae&#038;lvl=0&#038;srchmode=1\">NCBI GenBank<\/a><\/li><li><a href=\"http:\/\/iobis.org\/mapper\/?taxon=Stiliger%20llerae\">OBIS - Search by Taxon<\/a><\/li><li><a href=\"http:\/\/www.marinespecies.org\/aphia.php?p=taxdetails&#038;id=181216\">World Register of Marine Species<\/a><\/li><\/ul><\/ul><\/span><p><strong>Citeu aquest article com: <\/strong><\/p><div style=\"display: block; background: #444444; padding: 10px 30px 10px 10px; border-radius: 5px; line-height: 18px;\"><p class=\"citacio\"><b>Pontes, Miquel<\/b> (2025) <em>\"Stiliger llerae\"<\/em> a <em>OPK-Opistobranquis<\/em>. Publicat: 13\/12\/2022. Accedit: 06\/09\/2026. Disponible a (<a href=https:\/\/opistobranquis.info\/ca\/?p=35680>https:\/\/opistobranquis.info\/ca\/?p=35680<\/a>)<\/p><p><\/p><\/div><p><\/p><\/p>","protected":false},"excerpt":{"rendered":"<p>Stiliger llerae Ortea, 1982 Sin\u00f2nims Stiliger llerai Ortea, 1982 Descripci\u00f3 Els exemplars de majors dimensions observats feien 5 mm, encara que la mida mitjana varia entre els 2,5 i els 4mm quan estan en extensi\u00f3. El color del cos varia del groc ataronjat al verd botella al llom i la part basal dels cerata. Els rin\u00f2fors s\u00f3n llargs, cadascun mesura m\u00e9s del doble de l&#8217;amplada del cap, s\u00f3n auriculats i\u2026<\/p>\n<p class=\"continue-reading-button\"> <a class=\"continue-reading-link\" href=\"https:\/\/opistobranquis.info\/ca\/guia\/sacoglossa\/plakobranchoidea\/stiliger-llerae\/\">Continua llegint<i class=\"crycon-right-dir\"><\/i><\/a><\/p>\n","protected":false},"author":5,"featured_media":35708,"parent":26133,"menu_order":3240,"comment_status":"closed","ping_status":"closed","template":"","meta":{"footnotes":""},"class_list":["post-35680","page","type-page","status-publish","has-post-thumbnail","hentry"],"jetpack_sharing_enabled":true,"_links":{"self":[{"href":"https:\/\/opistobranquis.info\/ca\/wp-json\/wp\/v2\/pages\/35680","targetHints":{"allow":["GET"]}}],"collection":[{"href":"https:\/\/opistobranquis.info\/ca\/wp-json\/wp\/v2\/pages"}],"about":[{"href":"https:\/\/opistobranquis.info\/ca\/wp-json\/wp\/v2\/types\/page"}],"author":[{"embeddable":true,"href":"https:\/\/opistobranquis.info\/ca\/wp-json\/wp\/v2\/users\/5"}],"replies":[{"embeddable":true,"href":"https:\/\/opistobranquis.info\/ca\/wp-json\/wp\/v2\/comments?post=35680"}],"version-history":[{"count":7,"href":"https:\/\/opistobranquis.info\/ca\/wp-json\/wp\/v2\/pages\/35680\/revisions"}],"predecessor-version":[{"id":35709,"href":"https:\/\/opistobranquis.info\/ca\/wp-json\/wp\/v2\/pages\/35680\/revisions\/35709"}],"up":[{"embeddable":true,"href":"https:\/\/opistobranquis.info\/ca\/wp-json\/wp\/v2\/pages\/26133"}],"wp:featuredmedia":[{"embeddable":true,"href":"https:\/\/opistobranquis.info\/ca\/wp-json\/wp\/v2\/media\/35708"}],"wp:attachment":[{"href":"https:\/\/opistobranquis.info\/ca\/wp-json\/wp\/v2\/media?parent=35680"}],"curies":[{"name":"wp","href":"https:\/\/api.w.org\/{rel}","templated":true}]}}