{"id":37586,"date":"2023-02-05T20:27:15","date_gmt":"2023-02-05T19:27:15","guid":{"rendered":"https:\/\/opistobranquis.info\/?page_id=37586"},"modified":"2023-02-05T20:43:28","modified_gmt":"2023-02-05T19:43:28","slug":"polycera-kernowensis","status":"publish","type":"page","link":"https:\/\/opistobranquis.info\/ca\/guia\/nudibranchia\/doridina\/doridoidei\/polyceroidea\/polycera-kernowensis\/","title":{"rendered":"Polycera kernowensis"},"content":{"rendered":"<p><\/p>\n<h3><em>Polycera kernowensis\u00a0 <\/em>Korshunova, Driessen, Picton &amp; Martynov, 2021<\/h3>\n<p><span style=\"font-size:10pt;\" class=\"aligncenter\"><div id=\"featured-img-id\"><img data-recalc-dims=\"1\" decoding=\"async\" src=\"https:\/\/i0.wp.com\/opistobranquis.info\/wp-content\/uploads\/2012\/12\/polycera-faeroensis.jpg?w=900&#038;ssl=1\" alt=\"Polycera kernowensis @ Asturias, Spain by Luis \u00c1ngel D\u00edaz\" \/><\/div><center><em>Polycera kernowensis @ Asturias, Spain<\/em> per Luis \u00c1ngel D\u00edaz \u00c1lvarez<\/center><\/span><p><\/p><div class=\"opk-worms\"><h3>Informaci\u00f3 taxon\u00f2mica WoRMS<\/h3><div class=\"opk-success\">Nom acceptat actual: <strong><em>Polycera kernowensis<\/em> Korshunova, Driessen, Picton &amp; Martynov, 2021<\/strong><\/div><h4>Classificaci\u00f3 actual<\/h4><table class=\"widefat striped\"><tr><th>Superdomain<\/th><td><a target=\"_blank\" href=\"https:\/\/www.marinespecies.org\/aphia.php?p=taxdetails&id=1\">Biota<\/a><\/td><\/tr><tr><th>Kingdom<\/th><td><a target=\"_blank\" href=\"https:\/\/www.marinespecies.org\/aphia.php?p=taxdetails&id=2\">Animalia<\/a><\/td><\/tr><tr><th>Phylum<\/th><td><a target=\"_blank\" href=\"https:\/\/www.marinespecies.org\/aphia.php?p=taxdetails&id=51\">Mollusca<\/a><\/td><\/tr><tr><th>Class<\/th><td><a target=\"_blank\" href=\"https:\/\/www.marinespecies.org\/aphia.php?p=taxdetails&id=101\">Gastropoda<\/a><\/td><\/tr><tr><th>Subclass<\/th><td><a target=\"_blank\" href=\"https:\/\/www.marinespecies.org\/aphia.php?p=taxdetails&id=14712\">Heterobranchia<\/a><\/td><\/tr><tr><th>Infraclass<\/th><td><a target=\"_blank\" href=\"https:\/\/www.marinespecies.org\/aphia.php?p=taxdetails&id=1057247\">Euthyneura<\/a><\/td><\/tr><tr><th>Subterclass<\/th><td><a target=\"_blank\" href=\"https:\/\/www.marinespecies.org\/aphia.php?p=taxdetails&id=1057249\">Ringipleura<\/a><\/td><\/tr><tr><th>Superorder<\/th><td><a target=\"_blank\" href=\"https:\/\/www.marinespecies.org\/aphia.php?p=taxdetails&id=411966\">Nudipleura<\/a><\/td><\/tr><tr><th>Order<\/th><td><a target=\"_blank\" href=\"https:\/\/www.marinespecies.org\/aphia.php?p=taxdetails&id=1762\">Nudibranchia<\/a><\/td><\/tr><tr><th>Suborder<\/th><td><a target=\"_blank\" href=\"https:\/\/www.marinespecies.org\/aphia.php?p=taxdetails&id=1829294\">Doridida<\/a><\/td><\/tr><tr><th>Infraorder<\/th><td><a target=\"_blank\" href=\"https:\/\/www.marinespecies.org\/aphia.php?p=taxdetails&id=246038\">Doridoidei<\/a><\/td><\/tr><tr><th>Superfamily<\/th><td><a target=\"_blank\" href=\"https:\/\/www.marinespecies.org\/aphia.php?p=taxdetails&id=412569\">Polyceroidea<\/a><\/td><\/tr><tr><th>Family<\/th><td><a target=\"_blank\" href=\"https:\/\/www.marinespecies.org\/aphia.php?p=taxdetails&id=177\">Polyceridae<\/a><\/td><\/tr><tr><th>Subfamily<\/th><td><a target=\"_blank\" href=\"https:\/\/www.marinespecies.org\/aphia.php?p=taxdetails&id=412574\">Polycerinae<\/a><\/td><\/tr><tr><th>Genus<\/th><td><a target=\"_blank\" href=\"https:\/\/www.marinespecies.org\/aphia.php?p=taxdetails&id=138369\"><em>Polycera<\/em><\/a><\/td><\/tr><tr><th>Species<\/th><td><a target=\"_blank\" href=\"https:\/\/www.marinespecies.org\/aphia.php?p=taxdetails&id=1541498\"><em>Polycera kernowensis<\/em> Korshunova, Driessen, Picton &amp; Martynov, 2021<\/a><\/td><\/tr><\/table><p class=\"footer\">Classificaci\u00f3 proporcionada pel World Register of Marine Species (WoRMS). [<a target=\"_blank\" href=\"https:\/\/www.marinespecies.org\/aphia.php?p=taxdetails&id=1541498\">1541498<\/a>]<\/p><\/div><strong>Nota taxon\u00f2mica<\/strong>: Korshunova et al (2021) van publicar el seu treball sobre el complex\u00a0<em>Polycera quadrilineata<\/em>, on van identificar quatre esp\u00e8cies diferents a les costes atl\u00e0ntiques europees basant-se en un enfocament multidisciplinar (molecular, morfol\u00f2gic, filogen\u00e8tic, filogeogr\u00e0fic i ecol\u00f2gic) per a la determinaci\u00f3 d&#8217;esp\u00e8cies. En aquest treball, els autors van determinar que les cites de <em>Polycera faeroensis<\/em> inclo\u00efen una altra esp\u00e8cie cr\u00edptica (nova per a la ci\u00e8ncia) que han anomenat <em>Polycera kernowensis<\/em>, que es pot determinar f\u00e0cilment per la forma de l&#8217;estructura que protegeix les br\u00e0nquies, un parell de processos laterals \u00fanics sense tubercles a <em>P. kernowensis<\/em>, i un parell de l\u00f2buls laterals en forma d&#8217;ala amb m\u00faltiples tubercles petits o extensions a <em>P. faeroensis<\/em>. A m\u00e9s, <em>P. kernowensis<\/em> sol tenir menys de nou ap\u00e8ndixs del vel frontal, mentre que <em>P. faeroensis<\/em> t\u00e9 habitualment m\u00e9s de nou ap\u00e8ndixs frontals, entre altres difer\u00e8ncies anat\u00f2miques.<\/p>\n<p><strong>Descripci\u00f3<\/strong><br \/>\nCos amb una longitud m\u00e0xima de 20 mm, de color blanc transl\u00facid, on s&#8217;aprecia per transpar\u00e8ncia la massa visceral. T\u00e9 un vel frontal al cap amb fins a 9 processos cef\u00e0lics digitiformes de color groc. Els rin\u00f2fors tenen entre 14 i 15 laminetes amb un m\u00e0xim documentat de 22 (Korshunova et al. 2021) amb els extrems de color groc. Les br\u00e0nquies tenen entre 4 i 7 fulles blanques, unipinnades o parcialment multipinnades, amb els extrems tamb\u00e9 grocs. Les br\u00e0nquies estan flanquejades per un sol l\u00f2bul, sense tubercles ni cap mena, de color blanc amb l&#8217;extrem distal groc. El peu \u00e9s estret, de color blanc transl\u00facid, amb una vora groga al final de la cua que s&#8217;uneix amb una banda groga migdorsal del mateix color. A la part anterior, el peu t\u00e9 una lleugera divisi\u00f3 al mig i dos tentacles propodials grocs, lleugerament engrossits, que formen una doble vora. Les taques oculars es troben al notus, darrere dels rin\u00f2fors, en una \u00e0rea de color m\u00e9s clar.<\/p>\n<p><strong>Biologia<br \/>\n<\/strong><em>Polycera kernowensis<\/em>\u00a0\u00e9s freq\u00fcent en aig\u00fces poc profundes, ja que s&#8217;ha trobat de 8 a 30 m, en substrats pedregosos i fangosos. S&#8217;alimenta de briozous <em>Bicellariella ciliata<\/em> i <em>Scrupocellaria<\/em> spp.<\/p>\n<p><strong>Etimologia<\/strong><\/p>\n<ul>\n<li style=\"list-style-type: none;\">\n<ul>\n<li><em>Polycera<\/em>. Del\u00a0Grec \u201cpolys\u201d, molts\u00a0+ \u201ckeras\u201d, banyes.<\/li>\n<li><em>Kernowensis,<\/em> derivat de la antiga denominaci\u00f3 de Cornwall, Anglaterra, on aquesta esp\u00e8cie \u00e9s com\u00fa.<\/li>\n<\/ul>\n<\/li>\n<\/ul>\n<p><strong>Distribuci\u00f3<\/strong><br \/>\nAmb la localitat tipus al Regne Unit, tamb\u00e9 s&#8217;ha trobat als Pa\u00efsos Baixos, al nord d&#8217;Espanya, Portugal i a la costa sud de la pen\u00ednsula Ib\u00e8rica, tant a la riba atl\u00e0ntica com a la mediterr\u00e0nia. <div id=\"flxmap-6a9ad6ae9921b\" class='flxmap-container' data-flxmap='flxmap_6a9ad6ae9921b' style=\"width:100%;height:400px;\"><\/div>\n<script data-noptimize=\"1\">\n\/* <![CDATA[ *\/\n(function(w, fn) {\n if (w.addEventListener) w.addEventListener(\"DOMContentLoaded\", fn, false);\n else if (w.attachEvent) w.attachEvent(\"onload\", fn);\n})(window, function() {\n var f = new FlexibleMap();\n f.panControl = true;\n f.mapTypeId = \"satellite\";\n f.setlocale(\"ca-ES\");\n f.kmlcache = \"5 minutes\";\n f.showKML(\"flxmap-6a9ad6ae9921b\", \"https:\/\/opistobranquis.info\/wp-content\/uploads\/kms\/37586.kmz\");\n window.flxmap_6a9ad6ae9921b = f;\n});\n\/* ]]> *\/\n<\/script>\n<div style=\"width:100%;text-align:center;margin:12px 0 4px 0;\">\n  <div style=\"font-size:8pt;margin-bottom:6px;\">Cites georeferenciades conegudes de l'esp\u00e8cie: <em>Polycera kernowensis<\/em><\/div>\n  <table style=\"margin:0 auto;border-collapse:collapse;font-size:8pt;\">\n    <tr><td colspan=\"2\" style=\"text-align:left;padding-bottom:4px;\"><strong>Fonts:<\/strong><\/td><\/tr>\n    <tr>\n      <td style=\"vertical-align:top;padding-right:40px;\">\n        <table style=\"border-collapse:collapse;\">\n<tr><td style='padding:1px 6px 1px 0;vertical-align:middle'><img data-recalc-dims=\"1\" src=\"https:\/\/i0.wp.com\/opistobranquis.info\/wp-content\/uploads\/kms\/wht-circle-lv.png?w=900&#038;ssl=1\" style='display:block'><\/td><td style='padding:1px 0;vertical-align:middle;white-space:nowrap'>OBIS<\/td><\/tr><tr><td style='padding:1px 6px 1px 0;vertical-align:middle'><img data-recalc-dims=\"1\" src=\"https:\/\/i0.wp.com\/opistobranquis.info\/wp-content\/uploads\/kms\/ylw-circle-lv.png?w=900&#038;ssl=1\" style='display:block'><\/td><td style='padding:1px 0;vertical-align:middle;white-space:nowrap'>GROC 2010-2011<\/td><\/tr><tr><td style='padding:1px 6px 1px 0;vertical-align:middle'><img data-recalc-dims=\"1\" src=\"https:\/\/i0.wp.com\/opistobranquis.info\/wp-content\/uploads\/kms\/grn-circle-lv.png?w=900&#038;ssl=1\" style='display:block'><\/td><td style='padding:1px 0;vertical-align:middle;white-space:nowrap'>Enric Madrenas<\/td><\/tr><tr><td style='padding:1px 6px 1px 0;vertical-align:middle'><img data-recalc-dims=\"1\" src=\"https:\/\/i0.wp.com\/opistobranquis.info\/wp-content\/uploads\/kms\/orange-circle-lv.png?w=900&#038;ssl=1\" style='display:block'><\/td><td style='padding:1px 0;vertical-align:middle;white-space:nowrap'>Jo\u00e3o Pedro Silva<\/td><\/tr><tr><td style='padding:1px 6px 1px 0;vertical-align:middle'><img data-recalc-dims=\"1\" src=\"https:\/\/i0.wp.com\/opistobranquis.info\/wp-content\/uploads\/kms\/pink-circle-lv.png?w=900&#038;ssl=1\" style='display:block'><\/td><td style='padding:1px 0;vertical-align:middle;white-space:nowrap'>Bernard Picton<\/td><\/tr><tr><td style='padding:1px 6px 1px 0;vertical-align:middle'><img data-recalc-dims=\"1\" src=\"https:\/\/i0.wp.com\/opistobranquis.info\/wp-content\/uploads\/kms\/blk-circle-lv.png?w=900&#038;ssl=1\" style='display:block'><\/td><td style='padding:1px 0;vertical-align:middle;white-space:nowrap'>GBIF<\/td><\/tr>        <\/table>\n      <\/td>\n      <td style=\"vertical-align:top;\">\n        <table style=\"border-collapse:collapse;\">\n<tr><td style='padding:1px 6px 1px 0;vertical-align:middle'><img data-recalc-dims=\"1\" src=\"https:\/\/i0.wp.com\/opistobranquis.info\/wp-content\/uploads\/kms\/purple-circle-lv.png?w=900&#038;ssl=1\" style='display:block'><\/td><td style='padding:1px 0;vertical-align:middle;white-space:nowrap'>OPK<\/td><\/tr><tr><td style='padding:1px 6px 1px 0;vertical-align:middle'><img data-recalc-dims=\"1\" src=\"https:\/\/i0.wp.com\/opistobranquis.info\/wp-content\/uploads\/kms\/red-circle-lv.png?w=900&#038;ssl=1\" style='display:block'><\/td><td style='padding:1px 0;vertical-align:middle;white-space:nowrap'>VIMAR<\/td><\/tr><tr><td style='padding:1px 6px 1px 0;vertical-align:middle'><img data-recalc-dims=\"1\" src=\"https:\/\/i0.wp.com\/opistobranquis.info\/wp-content\/uploads\/kms\/blu-circle-lv.png?w=900&#038;ssl=1\" style='display:block'><\/td><td style='padding:1px 0;vertical-align:middle;white-space:nowrap'>Manuel Ballesteros<\/td><\/tr><tr><td style='padding:1px 6px 1px 0;vertical-align:middle'><img data-recalc-dims=\"1\" src=\"https:\/\/i0.wp.com\/opistobranquis.info\/wp-content\/uploads\/kms\/cyan-circle-lv.png?w=900&#038;ssl=1\" style='display:block'><\/td><td style='padding:1px 0;vertical-align:middle;white-space:nowrap'>M@re Nostrum<\/td><\/tr><tr><td style='padding:1px 6px 1px 0;vertical-align:middle'><img data-recalc-dims=\"1\" src=\"https:\/\/i0.wp.com\/opistobranquis.info\/wp-content\/uploads\/kms\/grey-circle-lv.png?w=900&#038;ssl=1\" style='display:block'><\/td><td style='padding:1px 0;vertical-align:middle;white-space:nowrap'>Altres fonts<\/td><\/tr><tr><td style='padding:1px 6px 1px 0;vertical-align:middle'><img data-recalc-dims=\"1\" src=\"https:\/\/i0.wp.com\/opistobranquis.info\/wp-content\/uploads\/kms\/marreg.png?w=900&#038;ssl=1\" style='display:block'><\/td><td style='padding:1px 0;vertical-align:middle;white-space:nowrap'>Marine Regions<\/td><\/tr>        <\/table>\n      <\/td>\n    <\/tr>\n  <\/table>\n<\/div>\n<\/p>\n<p><strong>Error:<\/strong> Chart.js no est\u00e1 disponible.<\/p>\n<p><strong>V\u00eddeos<\/strong><\/p>\n<p><iframe loading=\"lazy\" src=\"https:\/\/player.vimeo.com\/video\/784334158?h=e7098dc03c&amp;dnt=1&amp;app_id=122963\" width=\"900\" height=\"506\" frameborder=\"0\" allow=\"autoplay; fullscreen; picture-in-picture\" allowfullscreen><\/iframe><\/p>\n<p><strong>Altres fotos<\/strong><br \/>\n<div class=\"tiled-gallery type-rectangular tiled-gallery-unresized\" data-original-width=\"900\" data-carousel-extra='{&quot;blog_id&quot;:1,&quot;permalink&quot;:&quot;https:\\\/\\\/opistobranquis.info\\\/ca\\\/guia\\\/nudibranchia\\\/doridina\\\/doridoidei\\\/polyceroidea\\\/polycera-kernowensis\\\/&quot;,&quot;likes_blog_id&quot;:44192421}' itemscope itemtype=\"http:\/\/schema.org\/ImageGallery\" > <div class=\"gallery-row\" style=\"width: 900px; height: 434px;\" data-original-width=\"900\" data-original-height=\"434\" > <div class=\"gallery-group images-1\" style=\"width: 577px; height: 434px;\" data-original-width=\"577\" data-original-height=\"434\" > <div class=\"tiled-gallery-item tiled-gallery-item-large\" itemprop=\"associatedMedia\" itemscope itemtype=\"http:\/\/schema.org\/ImageObject\"> <a href=\"https:\/\/opistobranquis.info\/ca\/guia\/nudibranchia\/doridina\/doridoidei\/polyceroidea\/polycera-kernowensis\/polycera-feroensis\/\" border=\"0\" itemprop=\"url\"> <meta itemprop=\"width\" content=\"573\"> <meta itemprop=\"height\" content=\"430\"> <img decoding=\"async\" class=\"\" data-attachment-id=\"11146\" data-orig-file=\"https:\/\/opistobranquis.info\/wp-content\/uploads\/2013\/10\/Polycera-feroensis-.jpg\" data-orig-size=\"800,601\" data-comments-opened=\"\" data-image-title=\"Polycera kernowensis @ Galicia by Carlos Fern\u00e1ndez Cid\" data-image-description=\"&lt;p&gt;Polycera kernowensis @ Galicia by Carlos Fern\u00e1ndez Cid&lt;\/p&gt; \" data-medium-file=\"https:\/\/i0.wp.com\/opistobranquis.info\/wp-content\/uploads\/2013\/10\/Polycera-feroensis-.jpg?fit=300%2C225&#038;ssl=1\" data-large-file=\"https:\/\/i0.wp.com\/opistobranquis.info\/wp-content\/uploads\/2013\/10\/Polycera-feroensis-.jpg?fit=800%2C601&#038;ssl=1\" src=\"https:\/\/i0.wp.com\/opistobranquis.info\/wp-content\/uploads\/2013\/10\/Polycera-feroensis-.jpg?w=573&#038;h=430&#038;ssl=1\" srcset=\"https:\/\/i0.wp.com\/opistobranquis.info\/wp-content\/uploads\/2013\/10\/Polycera-feroensis-.jpg?w=800&amp;ssl=1 800w, https:\/\/i0.wp.com\/opistobranquis.info\/wp-content\/uploads\/2013\/10\/Polycera-feroensis-.jpg?resize=150%2C112&amp;ssl=1 150w, https:\/\/i0.wp.com\/opistobranquis.info\/wp-content\/uploads\/2013\/10\/Polycera-feroensis-.jpg?resize=300%2C225&amp;ssl=1 300w\" width=\"573\" height=\"430\" loading=\"lazy\" data-original-width=\"573\" data-original-height=\"430\" itemprop=\"http:\/\/schema.org\/image\" title=\"Polycera kernowensis @ Galicia by Carlos Fern\u00e1ndez Cid\" alt=\"Polycera kernowensis @ Galicia by Carlos Fern\u00e1ndez Cid\" style=\"width: 573px; height: 430px;\" \/> <\/a> <div class=\"tiled-gallery-caption\" itemprop=\"caption description\"> Polycera kernowensis @ Galicia by Carlos Fern\u00e1ndez Cid <\/div> <\/div> <\/div> <!-- close group --> <div class=\"gallery-group images-2\" style=\"width: 323px; height: 434px;\" data-original-width=\"323\" data-original-height=\"434\" > <div class=\"tiled-gallery-item tiled-gallery-item-large\" itemprop=\"associatedMedia\" itemscope itemtype=\"http:\/\/schema.org\/ImageObject\"> <a href=\"https:\/\/opistobranquis.info\/ca\/guia\/nudibranchia\/doridina\/doridoidei\/polyceroidea\/polycera-kernowensis\/polycera-feroensis-opk\/\" border=\"0\" itemprop=\"url\"> <meta itemprop=\"width\" content=\"319\"> <meta itemprop=\"height\" content=\"212\"> <img decoding=\"async\" class=\"\" data-attachment-id=\"11147\" data-orig-file=\"https:\/\/opistobranquis.info\/wp-content\/uploads\/2013\/10\/Polycera-feroensis-OPK.jpg\" data-orig-size=\"800,533\" data-comments-opened=\"\" data-image-title=\"Polycera kernowensis @ Galicia by Carlos Fern\u00e1ndez Cid\" data-image-description=\"&lt;p&gt;Polycera kernowensis @ Galicia by Carlos Fern\u00e1ndez Cid&lt;\/p&gt; \" data-medium-file=\"https:\/\/i0.wp.com\/opistobranquis.info\/wp-content\/uploads\/2013\/10\/Polycera-feroensis-OPK.jpg?fit=300%2C199&#038;ssl=1\" data-large-file=\"https:\/\/i0.wp.com\/opistobranquis.info\/wp-content\/uploads\/2013\/10\/Polycera-feroensis-OPK.jpg?fit=800%2C533&#038;ssl=1\" src=\"https:\/\/i0.wp.com\/opistobranquis.info\/wp-content\/uploads\/2013\/10\/Polycera-feroensis-OPK.jpg?w=319&#038;h=212&#038;ssl=1\" srcset=\"https:\/\/i0.wp.com\/opistobranquis.info\/wp-content\/uploads\/2013\/10\/Polycera-feroensis-OPK.jpg?w=800&amp;ssl=1 800w, https:\/\/i0.wp.com\/opistobranquis.info\/wp-content\/uploads\/2013\/10\/Polycera-feroensis-OPK.jpg?resize=150%2C99&amp;ssl=1 150w, https:\/\/i0.wp.com\/opistobranquis.info\/wp-content\/uploads\/2013\/10\/Polycera-feroensis-OPK.jpg?resize=300%2C199&amp;ssl=1 300w\" width=\"319\" height=\"212\" loading=\"lazy\" data-original-width=\"319\" data-original-height=\"212\" itemprop=\"http:\/\/schema.org\/image\" title=\"Polycera kernowensis @ Galicia by Carlos Fern\u00e1ndez Cid\" alt=\"Polycera kernowensis @ Galicia by Carlos Fern\u00e1ndez Cid\" style=\"width: 319px; height: 212px;\" \/> <\/a> <div class=\"tiled-gallery-caption\" itemprop=\"caption description\"> Polycera kernowensis @ Galicia by Carlos Fern\u00e1ndez Cid <\/div> <\/div> <div class=\"tiled-gallery-item tiled-gallery-item-large\" itemprop=\"associatedMedia\" itemscope itemtype=\"http:\/\/schema.org\/ImageObject\"> <a href=\"https:\/\/opistobranquis.info\/ca\/guia\/nudibranchia\/doridina\/doridoidei\/polyceroidea\/polycera-kernowensis\/polycera-faeroensis-2-2\/\" border=\"0\" itemprop=\"url\"> <meta itemprop=\"width\" content=\"319\"> <meta itemprop=\"height\" content=\"214\"> <img decoding=\"async\" class=\"\" data-attachment-id=\"21169\" data-orig-file=\"https:\/\/opistobranquis.info\/wp-content\/uploads\/2012\/10\/Polycera-faeroensis-2.jpg\" data-orig-size=\"808,541\" data-comments-opened=\"\" data-image-title=\"Polycera kernowensis @ Gibraltar Strait (Spain) by Jos\u00e9 Carlos Garc\u00eda\" data-image-description=\"&lt;p&gt;Polycera kernowensis @ Gibraltar Strait (Spain) by Jos\u00e9 Carlos Garc\u00eda&lt;\/p&gt; \" data-medium-file=\"https:\/\/i0.wp.com\/opistobranquis.info\/wp-content\/uploads\/2012\/10\/Polycera-faeroensis-2.jpg?fit=300%2C201&#038;ssl=1\" data-large-file=\"https:\/\/i0.wp.com\/opistobranquis.info\/wp-content\/uploads\/2012\/10\/Polycera-faeroensis-2.jpg?fit=808%2C541&#038;ssl=1\" src=\"https:\/\/i0.wp.com\/opistobranquis.info\/wp-content\/uploads\/2012\/10\/Polycera-faeroensis-2.jpg?w=319&#038;h=214&#038;ssl=1\" srcset=\"https:\/\/i0.wp.com\/opistobranquis.info\/wp-content\/uploads\/2012\/10\/Polycera-faeroensis-2.jpg?w=808&amp;ssl=1 808w, https:\/\/i0.wp.com\/opistobranquis.info\/wp-content\/uploads\/2012\/10\/Polycera-faeroensis-2.jpg?resize=150%2C100&amp;ssl=1 150w, https:\/\/i0.wp.com\/opistobranquis.info\/wp-content\/uploads\/2012\/10\/Polycera-faeroensis-2.jpg?resize=300%2C201&amp;ssl=1 300w, https:\/\/i0.wp.com\/opistobranquis.info\/wp-content\/uploads\/2012\/10\/Polycera-faeroensis-2.jpg?resize=768%2C514&amp;ssl=1 768w\" width=\"319\" height=\"214\" loading=\"lazy\" data-original-width=\"319\" data-original-height=\"214\" itemprop=\"http:\/\/schema.org\/image\" title=\"Polycera kernowensis @ Gibraltar Strait (Spain) by Jos\u00e9 Carlos Garc\u00eda\" alt=\"Polycera kernowensis @ Gibraltar Strait (Spain) by Jos\u00e9 Carlos Garc\u00eda\" style=\"width: 319px; height: 214px;\" \/> <\/a> <div class=\"tiled-gallery-caption\" itemprop=\"caption description\"> Polycera kernowensis @ Gibraltar Strait (Spain) by Jos\u00e9 Carlos Garc\u00eda <\/div> <\/div> <\/div> <!-- close group --> <\/div> <!-- close row --> <div class=\"gallery-row\" style=\"width: 900px; height: 416px;\" data-original-width=\"900\" data-original-height=\"416\" > <div class=\"gallery-group images-1\" style=\"width: 621px; height: 416px;\" data-original-width=\"621\" data-original-height=\"416\" > <div class=\"tiled-gallery-item tiled-gallery-item-large\" itemprop=\"associatedMedia\" itemscope itemtype=\"http:\/\/schema.org\/ImageObject\"> <a href=\"https:\/\/opistobranquis.info\/ca\/guia\/nudibranchia\/doridina\/doridoidei\/polyceroidea\/polycera-kernowensis\/polycera-kernowensis-portugal-by-joao-pedro-silva\/\" border=\"0\" itemprop=\"url\"> <meta itemprop=\"width\" content=\"617\"> <meta itemprop=\"height\" content=\"412\"> <img decoding=\"async\" class=\"\" data-attachment-id=\"37602\" data-orig-file=\"https:\/\/opistobranquis.info\/wp-content\/uploads\/2023\/02\/Polycera-kernowensis-@-Portugal-by-Joao-Pedro-Silva.jpg\" data-orig-size=\"1024,683\" data-comments-opened=\"\" data-image-title=\"Polycera kernowensis @ Portugal by Joao Pedro Silva\" data-image-description=\"&lt;p&gt;Polycera kernowensis @ Portugal by Joao Pedro Silva&lt;\/p&gt; \" data-medium-file=\"https:\/\/i0.wp.com\/opistobranquis.info\/wp-content\/uploads\/2023\/02\/Polycera-kernowensis-%40-Portugal-by-Joao-Pedro-Silva.jpg?fit=300%2C200&#038;ssl=1\" data-large-file=\"https:\/\/i0.wp.com\/opistobranquis.info\/wp-content\/uploads\/2023\/02\/Polycera-kernowensis-%40-Portugal-by-Joao-Pedro-Silva.jpg?fit=900%2C600&#038;ssl=1\" src=\"https:\/\/i0.wp.com\/opistobranquis.info\/wp-content\/uploads\/2023\/02\/Polycera-kernowensis-%40-Portugal-by-Joao-Pedro-Silva.jpg?w=617&#038;h=412&#038;ssl=1\" width=\"617\" height=\"412\" loading=\"lazy\" data-original-width=\"617\" data-original-height=\"412\" itemprop=\"http:\/\/schema.org\/image\" title=\"Polycera kernowensis @ Portugal by Joao Pedro Silva\" alt=\"Polycera kernowensis @ Portugal by Joao Pedro Silva\" style=\"width: 617px; height: 412px;\" \/> <\/a> <div class=\"tiled-gallery-caption\" itemprop=\"caption description\"> Polycera kernowensis @ Portugal by Joao Pedro Silva <\/div> <\/div> <\/div> <!-- close group --> <div class=\"gallery-group images-1\" style=\"width: 279px; height: 416px;\" data-original-width=\"279\" data-original-height=\"416\" > <div class=\"tiled-gallery-item tiled-gallery-item-large\" itemprop=\"associatedMedia\" itemscope itemtype=\"http:\/\/schema.org\/ImageObject\"> <a href=\"https:\/\/opistobranquis.info\/ca\/guia\/nudibranchia\/doridina\/doridoidei\/polyceroidea\/polycera-kernowensis\/polycera-kernowensis-parque-natural-da-arrabida-portugal-by-joao-pedro-silva\/\" border=\"0\" itemprop=\"url\"> <meta itemprop=\"width\" content=\"275\"> <meta itemprop=\"height\" content=\"412\"> <img decoding=\"async\" class=\"\" data-attachment-id=\"37603\" data-orig-file=\"https:\/\/opistobranquis.info\/wp-content\/uploads\/2023\/02\/Polycera-kernowensis-@-Parque-Natural-da-Arrabida-Portugal-by-Joao-Pedro-Silva.jpg\" data-orig-size=\"1272,1908\" data-comments-opened=\"\" data-image-title=\"Polycera kernowensis @ Parque Natural da Arr\u00e1bida, Portugal by Joao Pedro Silva\" data-image-description=\"&lt;p&gt;Polycera kernowensis @ Parque Natural da Arr\u00e1bida, Portugal by Joao Pedro Silva&lt;\/p&gt; \" data-medium-file=\"https:\/\/i0.wp.com\/opistobranquis.info\/wp-content\/uploads\/2023\/02\/Polycera-kernowensis-%40-Parque-Natural-da-Arrabida-Portugal-by-Joao-Pedro-Silva.jpg?fit=200%2C300&#038;ssl=1\" data-large-file=\"https:\/\/i0.wp.com\/opistobranquis.info\/wp-content\/uploads\/2023\/02\/Polycera-kernowensis-%40-Parque-Natural-da-Arrabida-Portugal-by-Joao-Pedro-Silva.jpg?fit=683%2C1024&#038;ssl=1\" src=\"https:\/\/i0.wp.com\/opistobranquis.info\/wp-content\/uploads\/2023\/02\/Polycera-kernowensis-%40-Parque-Natural-da-Arrabida-Portugal-by-Joao-Pedro-Silva.jpg?w=275&#038;h=412&#038;ssl=1\" width=\"275\" height=\"412\" loading=\"lazy\" data-original-width=\"275\" data-original-height=\"412\" itemprop=\"http:\/\/schema.org\/image\" title=\"Polycera kernowensis @ Parque Natural da Arr\u00e1bida, Portugal by Joao Pedro Silva\" alt=\"Polycera kernowensis @ Parque Natural da Arr\u00e1bida, Portugal by Joao Pedro Silva\" style=\"width: 275px; height: 412px;\" \/> <\/a> <div class=\"tiled-gallery-caption\" itemprop=\"caption description\"> Polycera kernowensis @ Parque Natural da Arr\u00e1bida, Portugal by Joao Pedro Silva <\/div> <\/div> <\/div> <!-- close group --> <\/div> <!-- close row --> <\/div><\/p>\n<p><p><strong>Bibliografia<\/strong><\/p><ul><div id=\"zotpress-8d2533cebf3a72c23d898399c3178466\" class=\"zp-Zotpress zp-Zotpress-Bib wp-block-group\">\n\n\t\t<span class=\"ZP_API_USER_ID ZP_ATTR\">1246567<\/span>\n\t\t<span class=\"ZP_ITEM_KEY ZP_ATTR\"><\/span>\n\t\t<span class=\"ZP_COLLECTION_ID ZP_ATTR\"><\/span>\n\t\t<span class=\"ZP_TAG_ID ZP_ATTR\">Polycera kernowensis<\/span>\n\t\t<span class=\"ZP_AUTHOR ZP_ATTR\"><\/span>\n\t\t<span class=\"ZP_YEAR ZP_ATTR\"><\/span>\n        <span class=\"ZP_ITEMTYPE ZP_ATTR\"><\/span>\n\t\t<span class=\"ZP_INCLUSIVE ZP_ATTR\">1<\/span>\n\t\t<span class=\"ZP_STYLE ZP_ATTR\">eunomia-revista-en-cultura-de-la-legalidad<\/span>\n\t\t<span class=\"ZP_LIMIT ZP_ATTR\">50<\/span>\n\t\t<span class=\"ZP_SORTBY ZP_ATTR\">creator<\/span>\n\t\t<span class=\"ZP_ORDER ZP_ATTR\">asc<\/span>\n\t\t<span class=\"ZP_TITLE ZP_ATTR\"><\/span>\n\t\t<span class=\"ZP_SHOWIMAGE ZP_ATTR\"><\/span>\n\t\t<span class=\"ZP_SHOWTAGS ZP_ATTR\"><\/span>\n\t\t<span class=\"ZP_DOWNLOADABLE ZP_ATTR\"><\/span>\n\t\t<span class=\"ZP_NOTES ZP_ATTR\"><\/span>\n\t\t<span class=\"ZP_ABSTRACT ZP_ATTR\"><\/span>\n\t\t<span class=\"ZP_CITEABLE ZP_ATTR\"><\/span>\n\t\t<span class=\"ZP_TARGET ZP_ATTR\">1<\/span>\n\t\t<span class=\"ZP_URLWRAP ZP_ATTR\"><\/span>\n\t\t<span class=\"ZP_FORCENUM ZP_ATTR\"><\/span>\n        <span class=\"ZP_HIGHLIGHT ZP_ATTR\"><\/span>\n        <span class=\"ZP_POSTID ZP_ATTR\">37586<\/span>\n\t\t<span class=\"ZOTPRESS_PLUGIN_URL ZP_ATTR\">https:\/\/opistobranquis.info\/wp-content\/plugins\/zotpress\/<\/span>\n\n\t\t<div class=\"zp-List loading\">\n\t\t\t<div class=\"zp-SEO-Content\">\n\n\t\t\t<\/div><!-- .zp-zp-SEO-Content -->\n\t\t<\/div><!-- .zp-List -->\n\t<\/div><!--.zp-Zotpress-->\n\n<p><\/p>Bibliografia basada en els treballs de <b>Steve Long, 2006<\/b>. <a target=_blank href=https:\/\/opistobranquis.info\/wp-content\/uploads\/2016\/06\/Long-S.-2006-Bibliography-of-Opisthobranchia-1554-2000.pdf>Bibliography of Opisthobranchia 1554-2000<\/a> i <b>Gary McDonald, 2009<\/b>. <a href=http:\/\/escholarship.org\/uc\/item\/8115h0wz>Bibliographia Nudibranchia<\/a>, amb actualitzacions posteriors procedents d\u00b4altres fonts.<p><\/p><\/ul><p><\/p><p><strong>M\u00e9s informaci\u00f3<\/strong><\/p><span style=\"font-size:10pt\"><ul><ul class=\"blogroll-links\"><li><a href=\"https:\/\/litoraldegranada.ugr.es\/el-litoral\/el-litoral-sumergido\/fauna\/moluscos\/gasteropodos\/opistobranquios\/orden-nudibranchia\/doridaceos\/polyceroidea\/polycera-kernowensis\/\">El Litoral de Granada<\/a><\/li><li><a href=\"https:\/\/opistobranquis.org\/es\/guia\/145\">GROC<\/a><\/li><li><a href=\"https:\/\/marinespecies.org\/aphia.php?p=taxdetails&#038;id=1541498\">World Register of Marine Species<\/a><\/li><\/ul><\/ul><\/span><p><strong>Citeu aquest article com: <\/strong><\/p><div style=\"display: block; background: #444444; padding: 10px 30px 10px 10px; border-radius: 5px; line-height: 18px;\"><p class=\"citacio\"><b>Pontes, Miquel<\/b> (2025) <em>\"Polycera kernowensis\"<\/em> a <em>OPK-Opistobranquis<\/em>. Publicat: 05\/02\/2023. Accedit: 04\/09\/2026. Disponible a (<a href=https:\/\/opistobranquis.info\/ca\/?p=37586>https:\/\/opistobranquis.info\/ca\/?p=37586<\/a>)<\/p><p><\/p><\/div><p><\/p><\/p>","protected":false},"excerpt":{"rendered":"<p>Polycera kernowensis\u00a0 Korshunova, Driessen, Picton &amp; Martynov, 2021 Nota taxon\u00f2mica: Korshunova et al (2021) van publicar el seu treball sobre el complex\u00a0Polycera quadrilineata, on van identificar quatre esp\u00e8cies diferents a les costes atl\u00e0ntiques europees basant-se en un enfocament multidisciplinar (molecular, morfol\u00f2gic, filogen\u00e8tic, filogeogr\u00e0fic i ecol\u00f2gic) per a la determinaci\u00f3 d&#8217;esp\u00e8cies. En aquest treball, els autors van determinar que les cites de Polycera faeroensis inclo\u00efen una altra esp\u00e8cie cr\u00edptica (nova per\u2026<\/p>\n<p class=\"continue-reading-button\"> <a class=\"continue-reading-link\" href=\"https:\/\/opistobranquis.info\/ca\/guia\/nudibranchia\/doridina\/doridoidei\/polyceroidea\/polycera-kernowensis\/\">Continua llegint<i class=\"crycon-right-dir\"><\/i><\/a><\/p>\n","protected":false},"author":5,"featured_media":4817,"parent":26113,"menu_order":6772,"comment_status":"closed","ping_status":"closed","template":"","meta":{"footnotes":""},"class_list":["post-37586","page","type-page","status-publish","has-post-thumbnail","hentry"],"jetpack_sharing_enabled":true,"_links":{"self":[{"href":"https:\/\/opistobranquis.info\/ca\/wp-json\/wp\/v2\/pages\/37586","targetHints":{"allow":["GET"]}}],"collection":[{"href":"https:\/\/opistobranquis.info\/ca\/wp-json\/wp\/v2\/pages"}],"about":[{"href":"https:\/\/opistobranquis.info\/ca\/wp-json\/wp\/v2\/types\/page"}],"author":[{"embeddable":true,"href":"https:\/\/opistobranquis.info\/ca\/wp-json\/wp\/v2\/users\/5"}],"replies":[{"embeddable":true,"href":"https:\/\/opistobranquis.info\/ca\/wp-json\/wp\/v2\/comments?post=37586"}],"version-history":[{"count":8,"href":"https:\/\/opistobranquis.info\/ca\/wp-json\/wp\/v2\/pages\/37586\/revisions"}],"predecessor-version":[{"id":37606,"href":"https:\/\/opistobranquis.info\/ca\/wp-json\/wp\/v2\/pages\/37586\/revisions\/37606"}],"up":[{"embeddable":true,"href":"https:\/\/opistobranquis.info\/ca\/wp-json\/wp\/v2\/pages\/26113"}],"wp:featuredmedia":[{"embeddable":true,"href":"https:\/\/opistobranquis.info\/ca\/wp-json\/wp\/v2\/media\/4817"}],"wp:attachment":[{"href":"https:\/\/opistobranquis.info\/ca\/wp-json\/wp\/v2\/media?parent=37586"}],"curies":[{"name":"wp","href":"https:\/\/api.w.org\/{rel}","templated":true}]}}