{"id":410,"date":"2012-05-15T21:10:10","date_gmt":"2012-05-15T19:10:10","guid":{"rendered":"https:\/\/opistobranquis.info\/okenia-mediterraneaokenia-mediterraneaokenia-mediterranea"},"modified":"2025-04-09T11:10:14","modified_gmt":"2025-04-09T09:10:14","slug":"okenia-mediterranea","status":"publish","type":"page","link":"https:\/\/opistobranquis.info\/ca\/guia\/nudibranchia\/doridina\/doridoidei\/onchidoridoidea\/okenia-mediterranea\/","title":{"rendered":"Okenia mediterranea"},"content":{"rendered":"<p><\/p>\n<h3><em>Okenia mediterranea <\/em>(von Ihering, 1886)<\/h3>\n<p><span style=\"font-size:10pt;\" class=\"aligncenter\"><div id=\"featured-img-id\"><img data-recalc-dims=\"1\" decoding=\"async\" src=\"https:\/\/i0.wp.com\/opistobranquis.info\/wp-content\/uploads\/2025\/04\/Okenia-mediterranea-63.jpg?w=900&#038;ssl=1\" alt=\"Okenia mediterranea @ L&#039;Escala, Spain by Enric Madrenas\" \/><\/div><center><em>Okenia mediterranea @ L'Escala, Spain<\/em> per Enric Madrenas<\/center><\/span><p><\/p><div class=\"opk-worms\"><h3>Informaci\u00f3 taxon\u00f2mica WoRMS<\/h3><div class=\"opk-success\">Nom acceptat actual: <strong><em>Okenia mediterranea<\/em> (Ihering, 1886)<\/strong><\/div><h4>Classificaci\u00f3 actual<\/h4><table class=\"widefat striped\"><tr><th>Superdomain<\/th><td><a target=\"_blank\" href=\"https:\/\/www.marinespecies.org\/aphia.php?p=taxdetails&id=1\">Biota<\/a><\/td><\/tr><tr><th>Kingdom<\/th><td><a target=\"_blank\" href=\"https:\/\/www.marinespecies.org\/aphia.php?p=taxdetails&id=2\">Animalia<\/a><\/td><\/tr><tr><th>Phylum<\/th><td><a target=\"_blank\" href=\"https:\/\/www.marinespecies.org\/aphia.php?p=taxdetails&id=51\">Mollusca<\/a><\/td><\/tr><tr><th>Class<\/th><td><a target=\"_blank\" href=\"https:\/\/www.marinespecies.org\/aphia.php?p=taxdetails&id=101\">Gastropoda<\/a><\/td><\/tr><tr><th>Subclass<\/th><td><a target=\"_blank\" href=\"https:\/\/www.marinespecies.org\/aphia.php?p=taxdetails&id=14712\">Heterobranchia<\/a><\/td><\/tr><tr><th>Infraclass<\/th><td><a target=\"_blank\" href=\"https:\/\/www.marinespecies.org\/aphia.php?p=taxdetails&id=1057247\">Euthyneura<\/a><\/td><\/tr><tr><th>Subterclass<\/th><td><a target=\"_blank\" href=\"https:\/\/www.marinespecies.org\/aphia.php?p=taxdetails&id=1057249\">Ringipleura<\/a><\/td><\/tr><tr><th>Superorder<\/th><td><a target=\"_blank\" href=\"https:\/\/www.marinespecies.org\/aphia.php?p=taxdetails&id=411966\">Nudipleura<\/a><\/td><\/tr><tr><th>Order<\/th><td><a target=\"_blank\" href=\"https:\/\/www.marinespecies.org\/aphia.php?p=taxdetails&id=1762\">Nudibranchia<\/a><\/td><\/tr><tr><th>Suborder<\/th><td><a target=\"_blank\" href=\"https:\/\/www.marinespecies.org\/aphia.php?p=taxdetails&id=1829294\">Doridida<\/a><\/td><\/tr><tr><th>Infraorder<\/th><td><a target=\"_blank\" href=\"https:\/\/www.marinespecies.org\/aphia.php?p=taxdetails&id=246038\">Doridoidei<\/a><\/td><\/tr><tr><th>Superfamily<\/th><td><a target=\"_blank\" href=\"https:\/\/www.marinespecies.org\/aphia.php?p=taxdetails&id=246152\">Onchidoridoidea<\/a><\/td><\/tr><tr><th>Family<\/th><td><a target=\"_blank\" href=\"https:\/\/www.marinespecies.org\/aphia.php?p=taxdetails&id=174\">Goniodorididae<\/a><\/td><\/tr><tr><th>Subfamily<\/th><td><a target=\"_blank\" href=\"https:\/\/www.marinespecies.org\/aphia.php?p=taxdetails&id=1723339\">Goniodoridinae<\/a><\/td><\/tr><tr><th>Genus<\/th><td><a target=\"_blank\" href=\"https:\/\/www.marinespecies.org\/aphia.php?p=taxdetails&id=138042\"><em>Okenia<\/em><\/a><\/td><\/tr><tr><th>Species<\/th><td><a target=\"_blank\" href=\"https:\/\/www.marinespecies.org\/aphia.php?p=taxdetails&id=140040\"><em>Okenia mediterranea<\/em> (Ihering, 1886)<\/a><\/td><\/tr><\/table><p class=\"footer\">Classificaci\u00f3 proporcionada pel World Register of Marine Species (WoRMS). [<a target=\"_blank\" href=\"https:\/\/www.marinespecies.org\/aphia.php?p=taxdetails&id=140040\">140040<\/a>]<\/p><\/div><strong>Sin\u00f2nims<\/strong><\/p>\n<ul>\n<li><i>Idalia mediterranea<\/i> Ihering, 1886<\/li>\n<\/ul>\n<p><strong>Descripci\u00f3<br \/>\n<\/strong>Aquesta esp\u00e8cie mesura fins a 15 mm i t\u00e9 un cos ovalat de color blanc transl\u00facid amb moltes superf\u00edcies cobertes de blanc opac, i amb moltes taques de color taronja vermell\u00f3s sobre groc al dors de la majoria dels esp\u00e8cimens. Hi ha 9-12 parells de papil\u00b7les laterals amb les puntes de color taronja sobre groc, el primer parell m\u00e9s llarg que la resta i les darreres dues papil\u00b7les unides per les seves bases a cada costat (Cervera et al., 1991). Hi ha una cresta amb 4-5 papil\u00b7les curtes, parcialment fusionades al llarg de la l\u00ednia mitjana del dors, que va des dels rin\u00f2fors fins a les br\u00e0nquies, tamb\u00e9 acolorides en taronja sobre groc, i una fila de 2-3 papil\u00b7les o tubercles curts de color similar (nom\u00e9s presents en els exemplars adults) a cada costat de la cresta central. Una forma menys com\u00fa d&#8217;aquesta esp\u00e8cie mostra \u00fanicament les marques grogues, sense marques taronges (Rudman, 2001). Les br\u00e0nquies i els rin\u00f2fors s\u00f3n relativament llargs i estan acolorits amb el mateix patr\u00f3 que els altres processos corporals. Els rin\u00f2fors tenen de 12-20 laminetes fines i estan acabats en punta. La br\u00e0nquia es compon de 5-9 fulles unipinnades de color blanc amb el raquis groc, amb 3-15 lamel\u00b7les cadascun (Cervera et al., 1991), envoltant una prominent papil\u00b7la anal situada a la part posterior del dors. El porus genital es troba en el flanc dret de l&#8217;animal, darrere dels rin\u00f2fors. El cap t\u00e9 un vel frontal bilobulat amb quatre digitacions. El peu t\u00e9 forma triangular a la cua, que \u00e9s blanca amb una l\u00ednia mitjana groga, esquitxada amb punts ataronjats en els exemplars m\u00e9s grans.<strong><br \/>\n<\/strong><\/p>\n<p><strong>Biologia<br \/>\n<\/strong>Aquesta esp\u00e8cie aparentment s&#8217;alimenta dels briozous incrustants ctenostomats <em>Alcyonidium mytili<\/em> Dalyell, 1.848 (veure Cervera et al., 1991), tot i que Cattaneo-Vietti et al (1990) reportaven que s&#8217;alimenta de la gorg\u00f2nia vermella <em>Paramuricea clavata<\/em> i aquesta informaci\u00f3 va ser utilitzada per altres autors posteriors. El rang batim\u00e8tric reportat \u00e9s el coral\u00b7ligen, per sota dels 30 metres de profunditat, per\u00f2 nosaltres hem trobat aquest animal en aigua molt m\u00e9s superficial (12-15 metres), de manera que aquest rang ha de ser revisat. La seva posta consisteix en una cinta de secci\u00f3 circular de 10-12 mm de llarg, disposada formant un cercle obert, habitualment sobre el briozou <em>Alcyonidium<\/em>. Les c\u00e0psules d&#8217;ous mesuren entre 71-97 micres i contenen un sol ou blanc esf\u00e8ric de 58-78 micres de di\u00e0metre. <em>Okenia mediterranea<\/em> podria ser conf\u00f3s amb altres esp\u00e8cies d&#8217;<em>Okenia<\/em>, per\u00f2 el patr\u00f3 de coloraci\u00f3 i la disposici\u00f3 de les papil\u00b7les difereixen. <em>Okenia sapelona<\/em> (Marcus i Marcus, 1967) \u00e9s una esp\u00e8cie molt semblant (nom\u00e9s difereix en un to blau de les superf\u00edcies blanques) que podria correspondre a una distribuci\u00f3 Atl\u00e0ntica occidental de <em>Okenia mediterr\u00e0nia<\/em> (vegeu Vald\u00e9s &amp; Ortea, 1995 i Rudman, 2001), si aquest fos el cas <em>O. mediterranea<\/em> es convertiria en una esp\u00e8cie anfiatl\u00e0ntica. La confusi\u00f3 sorgeix del fet que les caracter\u00edstiques externes d&#8217;aquesta esp\u00e8cie semblen canviar amb l&#8217;edat (Vald\u00e9s &amp; Ortea, 1995).<\/p>\n<p><strong>Etimologia<\/strong><\/p>\n<ul>\n<li><em>Okenia<\/em>. Dedicat al Prof. Dr. Ludwig Gilbert Lorenz Oken, (1779-1851), fil\u00f2sof natural alemany, editor de la revista \u201cIsis\u201d i publicador del llibre \u201cLehrbuch der Naturgeschichte\u201d.<\/li>\n<li><em>Mediterranea<\/em>. Del Llat\u00ed &#8220;m\u00e9dium&#8221;, mig, espai intermedi, centre + &#8220;terra&#8221;, terra. De la Mar Mediterr\u00e0nia.<\/li>\n<\/ul>\n<p><strong>Distribuci\u00f3<br \/>\n<\/strong>Aquesta esp\u00e8cie ha estat reportada a N\u00e0pols, It\u00e0lia (Ihering, 1886; Schmekel, 1979; Schmekel &amp; Portmann, 1982), a Numana, It\u00e0lia (Cristian Magnani en Rudman, 2001), a Sicilia, It\u00e0lia (Vald\u00e9s y Ortea, 1995), a Lecce, It\u00e0lia (Fabio Vitale i Cataldo Licchelli, 2016), a Antalya, Turqu\u00eda (Haluk Akbatur en Rudman, 2001), tamb\u00e9 a Granada, Espanya (S\u00e1nchez-Tocino, 2000), a Algeciras, Espanya (Alma S\u00e1nchez en Rudman, 2001), a\u00a0Almeria, Espanya (Moreno &amp; Templado, 1998), a Vigo, Espanya (Vald\u00e9s i Ortea, 1995; Carlos Fern\u00e1ndez-Cid, 2017), \u00a0a Palam\u00f3s, Espanya (Enric Madrenas, 2009), a L&#8217;Escala, Espanya (Enric Madrenas, 2017) i a les Illes Medes, Espanya (Guillem Mas, 2013). Tamb\u00e9 a Sines, Portugal (Calado et al. 2003) i a Madeira, Portugal (Vald\u00e9s i Ortea, 1995). Es considera molt rara.<br \/>\n<div id=\"flxmap-6a999da81a263\" class='flxmap-container' data-flxmap='flxmap_6a999da81a263' style=\"width:100%;height:400px;\"><\/div>\n<script data-noptimize=\"1\">\n\/* <![CDATA[ *\/\n(function(w, fn) {\n if (w.addEventListener) w.addEventListener(\"DOMContentLoaded\", fn, false);\n else if (w.attachEvent) w.attachEvent(\"onload\", fn);\n})(window, function() {\n var f = new FlexibleMap();\n f.panControl = true;\n f.mapTypeId = \"satellite\";\n f.setlocale(\"ca-ES\");\n f.kmlcache = \"5 minutes\";\n f.showKML(\"flxmap-6a999da81a263\", \"https:\/\/opistobranquis.info\/wp-content\/uploads\/kms\/410.kmz\");\n window.flxmap_6a999da81a263 = f;\n});\n\/* ]]> *\/\n<\/script>\n<div style=\"width:100%;text-align:center;margin:12px 0 4px 0;\">\n  <div style=\"font-size:8pt;margin-bottom:6px;\">Cites georeferenciades conegudes de l'esp\u00e8cie: <em>Okenia mediterranea<\/em><\/div>\n  <table style=\"margin:0 auto;border-collapse:collapse;font-size:8pt;\">\n    <tr><td colspan=\"2\" style=\"text-align:left;padding-bottom:4px;\"><strong>Fonts:<\/strong><\/td><\/tr>\n    <tr>\n      <td style=\"vertical-align:top;padding-right:40px;\">\n        <table style=\"border-collapse:collapse;\">\n<tr><td style='padding:1px 6px 1px 0;vertical-align:middle'><img data-recalc-dims=\"1\" src=\"https:\/\/i0.wp.com\/opistobranquis.info\/wp-content\/uploads\/kms\/wht-circle-lv.png?w=900&#038;ssl=1\" style='display:block'><\/td><td style='padding:1px 0;vertical-align:middle;white-space:nowrap'>OBIS<\/td><\/tr><tr><td style='padding:1px 6px 1px 0;vertical-align:middle'><img data-recalc-dims=\"1\" src=\"https:\/\/i0.wp.com\/opistobranquis.info\/wp-content\/uploads\/kms\/ylw-circle-lv.png?w=900&#038;ssl=1\" style='display:block'><\/td><td style='padding:1px 0;vertical-align:middle;white-space:nowrap'>GROC 2010-2011<\/td><\/tr><tr><td style='padding:1px 6px 1px 0;vertical-align:middle'><img data-recalc-dims=\"1\" src=\"https:\/\/i0.wp.com\/opistobranquis.info\/wp-content\/uploads\/kms\/grn-circle-lv.png?w=900&#038;ssl=1\" style='display:block'><\/td><td style='padding:1px 0;vertical-align:middle;white-space:nowrap'>Enric Madrenas<\/td><\/tr><tr><td style='padding:1px 6px 1px 0;vertical-align:middle'><img data-recalc-dims=\"1\" src=\"https:\/\/i0.wp.com\/opistobranquis.info\/wp-content\/uploads\/kms\/orange-circle-lv.png?w=900&#038;ssl=1\" style='display:block'><\/td><td style='padding:1px 0;vertical-align:middle;white-space:nowrap'>Jo\u00e3o Pedro Silva<\/td><\/tr><tr><td style='padding:1px 6px 1px 0;vertical-align:middle'><img data-recalc-dims=\"1\" src=\"https:\/\/i0.wp.com\/opistobranquis.info\/wp-content\/uploads\/kms\/pink-circle-lv.png?w=900&#038;ssl=1\" style='display:block'><\/td><td style='padding:1px 0;vertical-align:middle;white-space:nowrap'>Bernard Picton<\/td><\/tr><tr><td style='padding:1px 6px 1px 0;vertical-align:middle'><img data-recalc-dims=\"1\" src=\"https:\/\/i0.wp.com\/opistobranquis.info\/wp-content\/uploads\/kms\/blk-circle-lv.png?w=900&#038;ssl=1\" style='display:block'><\/td><td style='padding:1px 0;vertical-align:middle;white-space:nowrap'>GBIF<\/td><\/tr>        <\/table>\n      <\/td>\n      <td style=\"vertical-align:top;\">\n        <table style=\"border-collapse:collapse;\">\n<tr><td style='padding:1px 6px 1px 0;vertical-align:middle'><img data-recalc-dims=\"1\" src=\"https:\/\/i0.wp.com\/opistobranquis.info\/wp-content\/uploads\/kms\/purple-circle-lv.png?w=900&#038;ssl=1\" style='display:block'><\/td><td style='padding:1px 0;vertical-align:middle;white-space:nowrap'>OPK<\/td><\/tr><tr><td style='padding:1px 6px 1px 0;vertical-align:middle'><img data-recalc-dims=\"1\" src=\"https:\/\/i0.wp.com\/opistobranquis.info\/wp-content\/uploads\/kms\/red-circle-lv.png?w=900&#038;ssl=1\" style='display:block'><\/td><td style='padding:1px 0;vertical-align:middle;white-space:nowrap'>VIMAR<\/td><\/tr><tr><td style='padding:1px 6px 1px 0;vertical-align:middle'><img data-recalc-dims=\"1\" src=\"https:\/\/i0.wp.com\/opistobranquis.info\/wp-content\/uploads\/kms\/blu-circle-lv.png?w=900&#038;ssl=1\" style='display:block'><\/td><td style='padding:1px 0;vertical-align:middle;white-space:nowrap'>Manuel Ballesteros<\/td><\/tr><tr><td style='padding:1px 6px 1px 0;vertical-align:middle'><img data-recalc-dims=\"1\" src=\"https:\/\/i0.wp.com\/opistobranquis.info\/wp-content\/uploads\/kms\/cyan-circle-lv.png?w=900&#038;ssl=1\" style='display:block'><\/td><td style='padding:1px 0;vertical-align:middle;white-space:nowrap'>M@re Nostrum<\/td><\/tr><tr><td style='padding:1px 6px 1px 0;vertical-align:middle'><img data-recalc-dims=\"1\" src=\"https:\/\/i0.wp.com\/opistobranquis.info\/wp-content\/uploads\/kms\/grey-circle-lv.png?w=900&#038;ssl=1\" style='display:block'><\/td><td style='padding:1px 0;vertical-align:middle;white-space:nowrap'>Altres fonts<\/td><\/tr><tr><td style='padding:1px 6px 1px 0;vertical-align:middle'><img data-recalc-dims=\"1\" src=\"https:\/\/i0.wp.com\/opistobranquis.info\/wp-content\/uploads\/kms\/marreg.png?w=900&#038;ssl=1\" style='display:block'><\/td><td style='padding:1px 0;vertical-align:middle;white-space:nowrap'>Marine Regions<\/td><\/tr>        <\/table>\n      <\/td>\n    <\/tr>\n  <\/table>\n<\/div>\n<\/p>\n<p><strong>Error:<\/strong> Chart.js no est\u00e1 disponible.<\/p>\n<p><strong>Altres fotos<\/strong><br \/>\n<div class=\"tiled-gallery type-rectangular tiled-gallery-unresized\" data-original-width=\"900\" data-carousel-extra='{&quot;blog_id&quot;:1,&quot;permalink&quot;:&quot;https:\\\/\\\/opistobranquis.info\\\/ca\\\/guia\\\/nudibranchia\\\/doridina\\\/doridoidei\\\/onchidoridoidea\\\/okenia-mediterranea\\\/&quot;,&quot;likes_blog_id&quot;:44192421}' itemscope itemtype=\"http:\/\/schema.org\/ImageGallery\" > <div class=\"gallery-row\" style=\"width: 900px; height: 780px;\" data-original-width=\"900\" data-original-height=\"780\" > <div class=\"gallery-group images-1\" style=\"width: 528px; height: 780px;\" data-original-width=\"528\" data-original-height=\"780\" > <div class=\"tiled-gallery-item tiled-gallery-item-large\" itemprop=\"associatedMedia\" itemscope itemtype=\"http:\/\/schema.org\/ImageObject\"> <a href=\"https:\/\/opistobranquis.info\/ca\/guia\/nudibranchia\/doridina\/doridoidei\/onchidoridoidea\/okenia-mediterranea\/okenia-mediterranea-00\/\" border=\"0\" itemprop=\"url\"> <meta itemprop=\"width\" content=\"524\"> <meta itemprop=\"height\" content=\"776\"> <img decoding=\"async\" class=\"\" data-attachment-id=\"4708\" data-orig-file=\"https:\/\/opistobranquis.info\/wp-content\/uploads\/2012\/12\/okenia-mediterranea-00.jpg\" data-orig-size=\"412,610\" data-comments-opened=\"\" data-image-title=\"Okenia mediterranea @ Palam\u00f3s (2009) by Enric Madrenas\" data-image-description=\"&lt;p&gt;Okenia mediterranea @ Palam\u00f3s (2009) by Enric Madrenas&lt;\/p&gt; \" data-medium-file=\"https:\/\/i0.wp.com\/opistobranquis.info\/wp-content\/uploads\/2012\/12\/okenia-mediterranea-00.jpg?fit=202%2C300&#038;ssl=1\" data-large-file=\"https:\/\/i0.wp.com\/opistobranquis.info\/wp-content\/uploads\/2012\/12\/okenia-mediterranea-00.jpg?fit=412%2C610&#038;ssl=1\" src=\"https:\/\/i0.wp.com\/opistobranquis.info\/wp-content\/uploads\/2012\/12\/okenia-mediterranea-00.jpg?w=524&#038;h=776&#038;ssl=1\" srcset=\"https:\/\/i0.wp.com\/opistobranquis.info\/wp-content\/uploads\/2012\/12\/okenia-mediterranea-00.jpg?w=412&amp;ssl=1 412w, https:\/\/i0.wp.com\/opistobranquis.info\/wp-content\/uploads\/2012\/12\/okenia-mediterranea-00.jpg?resize=202%2C300&amp;ssl=1 202w\" width=\"524\" height=\"776\" loading=\"lazy\" data-original-width=\"524\" data-original-height=\"776\" itemprop=\"http:\/\/schema.org\/image\" title=\"Okenia mediterranea @ Palam\u00f3s (2009) by Enric Madrenas\" alt=\"Okenia mediterranea @ Palam\u00f3s (2009) by Enric Madrenas\" style=\"width: 524px; height: 776px;\" \/> <\/a> <div class=\"tiled-gallery-caption\" itemprop=\"caption description\"> Okenia mediterranea @ Palam\u00f3s (2009) by Enric Madrenas <\/div> <\/div> <\/div> <!-- close group --> <div class=\"gallery-group images-3\" style=\"width: 372px; height: 780px;\" data-original-width=\"372\" data-original-height=\"780\" > <div class=\"tiled-gallery-item tiled-gallery-item-large\" itemprop=\"associatedMedia\" itemscope itemtype=\"http:\/\/schema.org\/ImageObject\"> <a href=\"https:\/\/opistobranquis.info\/ca\/guia\/nudibranchia\/doridina\/doridoidei\/onchidoridoidea\/okenia-mediterranea\/okenia-mediterranea-01\/\" border=\"0\" itemprop=\"url\"> <meta itemprop=\"width\" content=\"368\"> <meta itemprop=\"height\" content=\"247\"> <img decoding=\"async\" class=\"\" data-attachment-id=\"4709\" data-orig-file=\"https:\/\/opistobranquis.info\/wp-content\/uploads\/2012\/12\/okenia-mediterranea-01.jpg\" data-orig-size=\"810,545\" data-comments-opened=\"\" data-image-title=\"Okenia mediterranea @ Palam\u00f3s (2009) by Enric Madrenas\" data-image-description=\"&lt;p&gt;Okenia mediterranea @ Palam\u00f3s (2009) by Enric Madrenas&lt;\/p&gt; \" data-medium-file=\"https:\/\/i0.wp.com\/opistobranquis.info\/wp-content\/uploads\/2012\/12\/okenia-mediterranea-01.jpg?fit=300%2C201&#038;ssl=1\" data-large-file=\"https:\/\/i0.wp.com\/opistobranquis.info\/wp-content\/uploads\/2012\/12\/okenia-mediterranea-01.jpg?fit=810%2C545&#038;ssl=1\" src=\"https:\/\/i0.wp.com\/opistobranquis.info\/wp-content\/uploads\/2012\/12\/okenia-mediterranea-01.jpg?w=368&#038;h=247&#038;ssl=1\" srcset=\"https:\/\/i0.wp.com\/opistobranquis.info\/wp-content\/uploads\/2012\/12\/okenia-mediterranea-01.jpg?w=810&amp;ssl=1 810w, https:\/\/i0.wp.com\/opistobranquis.info\/wp-content\/uploads\/2012\/12\/okenia-mediterranea-01.jpg?resize=300%2C201&amp;ssl=1 300w\" width=\"368\" height=\"247\" loading=\"lazy\" data-original-width=\"368\" data-original-height=\"247\" itemprop=\"http:\/\/schema.org\/image\" title=\"Okenia mediterranea @ Palam\u00f3s (2009) by Enric Madrenas\" alt=\"Okenia mediterranea @ Palam\u00f3s (2009) by Enric Madrenas\" style=\"width: 368px; height: 247px;\" \/> <\/a> <div class=\"tiled-gallery-caption\" itemprop=\"caption description\"> Okenia mediterranea @ Palam\u00f3s (2009) by Enric Madrenas <\/div> <\/div> <div class=\"tiled-gallery-item tiled-gallery-item-large\" itemprop=\"associatedMedia\" itemscope itemtype=\"http:\/\/schema.org\/ImageObject\"> <a href=\"https:\/\/opistobranquis.info\/ca\/guia\/nudibranchia\/doridina\/doridoidei\/onchidoridoidea\/okenia-mediterranea\/okenia-mediterraneaopk\/\" border=\"0\" itemprop=\"url\"> <meta itemprop=\"width\" content=\"368\"> <meta itemprop=\"height\" content=\"276\"> <img decoding=\"async\" class=\"\" data-attachment-id=\"11142\" data-orig-file=\"https:\/\/opistobranquis.info\/wp-content\/uploads\/2013\/10\/Okenia-mediterraneaOPK.jpg\" data-orig-size=\"800,600\" data-comments-opened=\"\" data-image-title=\"Okenia mediterranea @ Islas C\u00edes, Ria de Vigo (Spain) by Carlos Fern\u00e1ndez-Cid\" data-image-description=\"&lt;p&gt;Okenia mediterranea @ Islas C\u00edes, Ria de Vigo (Spain) by Carlos Fern\u00e1ndez-Cid&lt;\/p&gt; \" data-medium-file=\"https:\/\/i0.wp.com\/opistobranquis.info\/wp-content\/uploads\/2013\/10\/Okenia-mediterraneaOPK.jpg?fit=300%2C225&#038;ssl=1\" data-large-file=\"https:\/\/i0.wp.com\/opistobranquis.info\/wp-content\/uploads\/2013\/10\/Okenia-mediterraneaOPK.jpg?fit=800%2C600&#038;ssl=1\" src=\"https:\/\/i0.wp.com\/opistobranquis.info\/wp-content\/uploads\/2013\/10\/Okenia-mediterraneaOPK.jpg?w=368&#038;h=276&#038;ssl=1\" srcset=\"https:\/\/i0.wp.com\/opistobranquis.info\/wp-content\/uploads\/2013\/10\/Okenia-mediterraneaOPK.jpg?w=800&amp;ssl=1 800w, https:\/\/i0.wp.com\/opistobranquis.info\/wp-content\/uploads\/2013\/10\/Okenia-mediterraneaOPK.jpg?resize=150%2C112&amp;ssl=1 150w, https:\/\/i0.wp.com\/opistobranquis.info\/wp-content\/uploads\/2013\/10\/Okenia-mediterraneaOPK.jpg?resize=300%2C225&amp;ssl=1 300w\" width=\"368\" height=\"276\" loading=\"lazy\" data-original-width=\"368\" data-original-height=\"276\" itemprop=\"http:\/\/schema.org\/image\" title=\"Okenia mediterranea @ Islas C\u00edes, Ria de Vigo (Spain) by Carlos Fern\u00e1ndez-Cid\" alt=\"Okenia mediterranea @ Islas C\u00edes, Ria de Vigo (Spain) by Carlos Fern\u00e1ndez-Cid\" style=\"width: 368px; height: 276px;\" \/> <\/a> <div class=\"tiled-gallery-caption\" itemprop=\"caption description\"> Okenia mediterranea @ Islas C\u00edes, Ria de Vigo (Spain) by Carlos Fern\u00e1ndez-Cid <\/div> <\/div> <div class=\"tiled-gallery-item tiled-gallery-item-large\" itemprop=\"associatedMedia\" itemscope itemtype=\"http:\/\/schema.org\/ImageObject\"> <a href=\"https:\/\/opistobranquis.info\/ca\/guia\/nudibranchia\/doridina\/doridoidei\/onchidoridoidea\/okenia-mediterranea\/okenia-mediterranea-opk\/\" border=\"0\" itemprop=\"url\"> <meta itemprop=\"width\" content=\"368\"> <meta itemprop=\"height\" content=\"245\"> <img decoding=\"async\" class=\"\" data-attachment-id=\"11143\" data-orig-file=\"https:\/\/opistobranquis.info\/wp-content\/uploads\/2013\/10\/Okenia-Mediterranea-opk.jpg\" data-orig-size=\"800,533\" data-comments-opened=\"\" data-image-title=\"Okenia mediterranea @ Islas C\u00edes, Ria de Vigo (Spain) by Carlos Fern\u00e1ndez-Cid\" data-image-description=\"&lt;p&gt;Okenia mediterranea @ Islas C\u00edes, Ria de Vigo (Spain) by Carlos Fern\u00e1ndez-Cid&lt;\/p&gt; \" data-medium-file=\"https:\/\/i0.wp.com\/opistobranquis.info\/wp-content\/uploads\/2013\/10\/Okenia-Mediterranea-opk.jpg?fit=300%2C199&#038;ssl=1\" data-large-file=\"https:\/\/i0.wp.com\/opistobranquis.info\/wp-content\/uploads\/2013\/10\/Okenia-Mediterranea-opk.jpg?fit=800%2C533&#038;ssl=1\" src=\"https:\/\/i0.wp.com\/opistobranquis.info\/wp-content\/uploads\/2013\/10\/Okenia-Mediterranea-opk.jpg?w=368&#038;h=245&#038;ssl=1\" srcset=\"https:\/\/i0.wp.com\/opistobranquis.info\/wp-content\/uploads\/2013\/10\/Okenia-Mediterranea-opk.jpg?w=800&amp;ssl=1 800w, https:\/\/i0.wp.com\/opistobranquis.info\/wp-content\/uploads\/2013\/10\/Okenia-Mediterranea-opk.jpg?resize=150%2C99&amp;ssl=1 150w, https:\/\/i0.wp.com\/opistobranquis.info\/wp-content\/uploads\/2013\/10\/Okenia-Mediterranea-opk.jpg?resize=300%2C199&amp;ssl=1 300w\" width=\"368\" height=\"245\" loading=\"lazy\" data-original-width=\"368\" data-original-height=\"245\" itemprop=\"http:\/\/schema.org\/image\" title=\"Okenia mediterranea @ Islas C\u00edes, Ria de Vigo (Spain) by Carlos Fern\u00e1ndez-Cid\" alt=\"Okenia mediterranea @ Islas C\u00edes, Ria de Vigo (Spain) by Carlos Fern\u00e1ndez-Cid\" style=\"width: 368px; height: 245px;\" \/> <\/a> <div class=\"tiled-gallery-caption\" itemprop=\"caption description\"> Okenia mediterranea @ Islas C\u00edes, Ria de Vigo (Spain) by Carlos Fern\u00e1ndez-Cid <\/div> <\/div> <\/div> <!-- close group --> <\/div> <!-- close row --> <div class=\"gallery-row\" style=\"width: 900px; height: 403px;\" data-original-width=\"900\" data-original-height=\"403\" > <div class=\"gallery-group images-1\" style=\"width: 601px; height: 403px;\" data-original-width=\"601\" data-original-height=\"403\" > <div class=\"tiled-gallery-item tiled-gallery-item-large\" itemprop=\"associatedMedia\" itemscope itemtype=\"http:\/\/schema.org\/ImageObject\"> <a href=\"https:\/\/opistobranquis.info\/ca\/guia\/nudibranchia\/doridina\/doridoidei\/onchidoridoidea\/okenia-mediterranea\/okenia-mediterranea-opk3\/\" border=\"0\" itemprop=\"url\"> <meta itemprop=\"width\" content=\"597\"> <meta itemprop=\"height\" content=\"399\"> <img decoding=\"async\" class=\"\" data-attachment-id=\"11144\" data-orig-file=\"https:\/\/opistobranquis.info\/wp-content\/uploads\/2013\/10\/Okenia-Mediterranea-opk3.jpg\" data-orig-size=\"800,534\" data-comments-opened=\"\" data-image-title=\"Okenia mediterranea @ Islas C\u00edes, Ria de Vigo (Spain) by Carlos Fern\u00e1ndez-Cid\" data-image-description=\"&lt;p&gt;Okenia mediterranea @ Islas C\u00edes, Ria de Vigo (Spain) by Carlos Fern\u00e1ndez-Cid&lt;\/p&gt; \" data-medium-file=\"https:\/\/i0.wp.com\/opistobranquis.info\/wp-content\/uploads\/2013\/10\/Okenia-Mediterranea-opk3.jpg?fit=300%2C200&#038;ssl=1\" data-large-file=\"https:\/\/i0.wp.com\/opistobranquis.info\/wp-content\/uploads\/2013\/10\/Okenia-Mediterranea-opk3.jpg?fit=800%2C534&#038;ssl=1\" src=\"https:\/\/i0.wp.com\/opistobranquis.info\/wp-content\/uploads\/2013\/10\/Okenia-Mediterranea-opk3.jpg?w=597&#038;h=399&#038;ssl=1\" srcset=\"https:\/\/i0.wp.com\/opistobranquis.info\/wp-content\/uploads\/2013\/10\/Okenia-Mediterranea-opk3.jpg?w=800&amp;ssl=1 800w, https:\/\/i0.wp.com\/opistobranquis.info\/wp-content\/uploads\/2013\/10\/Okenia-Mediterranea-opk3.jpg?resize=150%2C100&amp;ssl=1 150w, https:\/\/i0.wp.com\/opistobranquis.info\/wp-content\/uploads\/2013\/10\/Okenia-Mediterranea-opk3.jpg?resize=300%2C200&amp;ssl=1 300w\" width=\"597\" height=\"399\" loading=\"lazy\" data-original-width=\"597\" data-original-height=\"399\" itemprop=\"http:\/\/schema.org\/image\" title=\"Okenia mediterranea @ Islas C\u00edes, Ria de Vigo (Spain) by Carlos Fern\u00e1ndez-Cid\" alt=\"Okenia mediterranea @ Islas C\u00edes, Ria de Vigo (Spain) by Carlos Fern\u00e1ndez-Cid\" style=\"width: 597px; height: 399px;\" \/> <\/a> <div class=\"tiled-gallery-caption\" itemprop=\"caption description\"> Okenia mediterranea @ Islas C\u00edes, Ria de Vigo (Spain) by Carlos Fern\u00e1ndez-Cid <\/div> <\/div> <\/div> <!-- close group --> <div class=\"gallery-group images-2\" style=\"width: 299px; height: 403px;\" data-original-width=\"299\" data-original-height=\"403\" > <div class=\"tiled-gallery-item tiled-gallery-item-large\" itemprop=\"associatedMedia\" itemscope itemtype=\"http:\/\/schema.org\/ImageObject\"> <a href=\"https:\/\/opistobranquis.info\/ca\/guia\/nudibranchia\/doridina\/doridoidei\/onchidoridoidea\/okenia-mediterranea\/okenia-mediterranea-1\/\" border=\"0\" itemprop=\"url\"> <meta itemprop=\"width\" content=\"295\"> <meta itemprop=\"height\" content=\"196\"> <img decoding=\"async\" class=\"\" data-attachment-id=\"21147\" data-orig-file=\"https:\/\/opistobranquis.info\/wp-content\/uploads\/2012\/05\/Okenia-mediterranea-1.jpg\" data-orig-size=\"808,537\" data-comments-opened=\"\" data-image-title=\"Okenia mediterranea by Jos\u00e9 Carlos Garc\u00eda G\u00f3mez\" data-image-description=\"&lt;p&gt;Okenia mediterranea by Jos\u00e9 Carlos Garc\u00eda G\u00f3mez&lt;\/p&gt; \" data-medium-file=\"https:\/\/i0.wp.com\/opistobranquis.info\/wp-content\/uploads\/2012\/05\/Okenia-mediterranea-1.jpg?fit=300%2C199&#038;ssl=1\" data-large-file=\"https:\/\/i0.wp.com\/opistobranquis.info\/wp-content\/uploads\/2012\/05\/Okenia-mediterranea-1.jpg?fit=808%2C537&#038;ssl=1\" src=\"https:\/\/i0.wp.com\/opistobranquis.info\/wp-content\/uploads\/2012\/05\/Okenia-mediterranea-1.jpg?w=295&#038;h=196&#038;ssl=1\" srcset=\"https:\/\/i0.wp.com\/opistobranquis.info\/wp-content\/uploads\/2012\/05\/Okenia-mediterranea-1.jpg?w=808&amp;ssl=1 808w, https:\/\/i0.wp.com\/opistobranquis.info\/wp-content\/uploads\/2012\/05\/Okenia-mediterranea-1.jpg?resize=150%2C100&amp;ssl=1 150w, https:\/\/i0.wp.com\/opistobranquis.info\/wp-content\/uploads\/2012\/05\/Okenia-mediterranea-1.jpg?resize=300%2C199&amp;ssl=1 300w, https:\/\/i0.wp.com\/opistobranquis.info\/wp-content\/uploads\/2012\/05\/Okenia-mediterranea-1.jpg?resize=768%2C510&amp;ssl=1 768w\" width=\"295\" height=\"196\" loading=\"lazy\" data-original-width=\"295\" data-original-height=\"196\" itemprop=\"http:\/\/schema.org\/image\" title=\"Okenia mediterranea by Jos\u00e9 Carlos Garc\u00eda G\u00f3mez\" alt=\"Okenia mediterranea by Jos\u00e9 Carlos Garc\u00eda G\u00f3mez\" style=\"width: 295px; height: 196px;\" \/> <\/a> <div class=\"tiled-gallery-caption\" itemprop=\"caption description\"> Okenia mediterranea by Jos\u00e9 Carlos Garc\u00eda G\u00f3mez <\/div> <\/div> <div class=\"tiled-gallery-item tiled-gallery-item-large\" itemprop=\"associatedMedia\" itemscope itemtype=\"http:\/\/schema.org\/ImageObject\"> <a href=\"https:\/\/opistobranquis.info\/ca\/guia\/nudibranchia\/doridina\/doridoidei\/onchidoridoidea\/okenia-mediterranea\/okenia-mediterranea-0\/\" border=\"0\" itemprop=\"url\"> <meta itemprop=\"width\" content=\"295\"> <meta itemprop=\"height\" content=\"199\"> <img decoding=\"async\" class=\"\" data-attachment-id=\"21148\" data-orig-file=\"https:\/\/opistobranquis.info\/wp-content\/uploads\/2012\/05\/Okenia-mediterranea-0.jpg\" data-orig-size=\"808,546\" data-comments-opened=\"\" data-image-title=\"Okenia mediterranea by Jos\u00e9 Carlos Garc\u00eda G\u00f3mez\" data-image-description=\"&lt;p&gt;Okenia mediterranea by Jos\u00e9 Carlos Garc\u00eda G\u00f3mez&lt;\/p&gt; \" data-medium-file=\"https:\/\/i0.wp.com\/opistobranquis.info\/wp-content\/uploads\/2012\/05\/Okenia-mediterranea-0.jpg?fit=300%2C203&#038;ssl=1\" data-large-file=\"https:\/\/i0.wp.com\/opistobranquis.info\/wp-content\/uploads\/2012\/05\/Okenia-mediterranea-0.jpg?fit=808%2C546&#038;ssl=1\" src=\"https:\/\/i0.wp.com\/opistobranquis.info\/wp-content\/uploads\/2012\/05\/Okenia-mediterranea-0.jpg?w=295&#038;h=199&#038;ssl=1\" srcset=\"https:\/\/i0.wp.com\/opistobranquis.info\/wp-content\/uploads\/2012\/05\/Okenia-mediterranea-0.jpg?w=808&amp;ssl=1 808w, https:\/\/i0.wp.com\/opistobranquis.info\/wp-content\/uploads\/2012\/05\/Okenia-mediterranea-0.jpg?resize=150%2C101&amp;ssl=1 150w, https:\/\/i0.wp.com\/opistobranquis.info\/wp-content\/uploads\/2012\/05\/Okenia-mediterranea-0.jpg?resize=300%2C203&amp;ssl=1 300w, https:\/\/i0.wp.com\/opistobranquis.info\/wp-content\/uploads\/2012\/05\/Okenia-mediterranea-0.jpg?resize=768%2C519&amp;ssl=1 768w\" width=\"295\" height=\"199\" loading=\"lazy\" data-original-width=\"295\" data-original-height=\"199\" itemprop=\"http:\/\/schema.org\/image\" title=\"Okenia mediterranea by Jos\u00e9 Carlos Garc\u00eda G\u00f3mez\" alt=\"Okenia mediterranea by Jos\u00e9 Carlos Garc\u00eda G\u00f3mez\" style=\"width: 295px; height: 199px;\" \/> <\/a> <div class=\"tiled-gallery-caption\" itemprop=\"caption description\"> Okenia mediterranea by Jos\u00e9 Carlos Garc\u00eda G\u00f3mez <\/div> <\/div> <\/div> <!-- close group --> <\/div> <!-- close row --> <div class=\"gallery-row\" style=\"width: 900px; height: 415px;\" data-original-width=\"900\" data-original-height=\"415\" > <div class=\"gallery-group images-1\" style=\"width: 622px; height: 415px;\" data-original-width=\"622\" data-original-height=\"415\" > <div class=\"tiled-gallery-item tiled-gallery-item-large\" itemprop=\"associatedMedia\" itemscope itemtype=\"http:\/\/schema.org\/ImageObject\"> <a href=\"https:\/\/opistobranquis.info\/ca\/guia\/nudibranchia\/doridina\/doridoidei\/onchidoridoidea\/okenia-mediterranea\/okenia-mediterranea-santa-maria-al-bagno-lecce-italy-28-05-2016-by-fabio-vitale\/\" border=\"0\" itemprop=\"url\"> <meta itemprop=\"width\" content=\"618\"> <meta itemprop=\"height\" content=\"411\"> <img decoding=\"async\" class=\"\" data-attachment-id=\"22177\" data-orig-file=\"https:\/\/opistobranquis.info\/wp-content\/uploads\/2012\/05\/Okenia-mediterranea-@-Santa-Maria-al-Bagno-Lecce-Italy-28-05-2016-by-Fabio-Vitale.jpg\" data-orig-size=\"707,471\" data-comments-opened=\"\" data-image-title=\"Okenia mediterranea @ Santa Maria al Bagno, Lecce, Italy 28-05-2016 by Fabio Vitale\" data-image-description=\"&lt;p&gt;Okenia mediterranea @ Santa Maria al Bagno, Lecce, Italy 28-05-2016 by Fabio Vitale&lt;\/p&gt; \" data-medium-file=\"https:\/\/i0.wp.com\/opistobranquis.info\/wp-content\/uploads\/2012\/05\/Okenia-mediterranea-%40-Santa-Maria-al-Bagno-Lecce-Italy-28-05-2016-by-Fabio-Vitale.jpg?fit=300%2C200&#038;ssl=1\" data-large-file=\"https:\/\/i0.wp.com\/opistobranquis.info\/wp-content\/uploads\/2012\/05\/Okenia-mediterranea-%40-Santa-Maria-al-Bagno-Lecce-Italy-28-05-2016-by-Fabio-Vitale.jpg?fit=707%2C471&#038;ssl=1\" src=\"https:\/\/i0.wp.com\/opistobranquis.info\/wp-content\/uploads\/2012\/05\/Okenia-mediterranea-%40-Santa-Maria-al-Bagno-Lecce-Italy-28-05-2016-by-Fabio-Vitale.jpg?w=618&#038;h=411&#038;ssl=1\" width=\"618\" height=\"411\" loading=\"lazy\" data-original-width=\"618\" data-original-height=\"411\" itemprop=\"http:\/\/schema.org\/image\" title=\"Okenia mediterranea @ Santa Maria al Bagno, Lecce, Italy 28-05-2016 by Fabio Vitale\" alt=\"Okenia mediterranea @ Santa Maria al Bagno, Lecce, Italy 28-05-2016 by Fabio Vitale\" style=\"width: 618px; height: 411px;\" \/> <\/a> <div class=\"tiled-gallery-caption\" itemprop=\"caption description\"> Okenia mediterranea @ Santa Maria al Bagno, Lecce, Italy 28-05-2016 by Fabio Vitale <\/div> <\/div> <\/div> <!-- close group --> <div class=\"gallery-group images-1\" style=\"width: 278px; height: 415px;\" data-original-width=\"278\" data-original-height=\"415\" > <div class=\"tiled-gallery-item tiled-gallery-item-large\" itemprop=\"associatedMedia\" itemscope itemtype=\"http:\/\/schema.org\/ImageObject\"> <a href=\"https:\/\/opistobranquis.info\/ca\/guia\/nudibranchia\/doridina\/doridoidei\/onchidoridoidea\/okenia-mediterranea\/okenia-mediterranea-front-santa-maria-al-bagno-lecce-italy-28-05-2016-by-cataldo-licchelli\/\" border=\"0\" itemprop=\"url\"> <meta itemprop=\"width\" content=\"274\"> <meta itemprop=\"height\" content=\"411\"> <img decoding=\"async\" class=\"\" data-attachment-id=\"22178\" data-orig-file=\"https:\/\/opistobranquis.info\/wp-content\/uploads\/2012\/05\/Okenia-mediterranea-front-@-Santa-Maria-al-Bagno-Lecce-Italy-28-05-2016-by-Cataldo-Licchelli.jpg\" data-orig-size=\"512,768\" data-comments-opened=\"\" data-image-title=\"Okenia mediterranea (front) @ Santa Maria al Bagno, Lecce, Italy 28-05-2016 by Cataldo Licchelli\" data-image-description=\"&lt;p&gt;Okenia mediterranea (front) @ Santa Maria al Bagno, Lecce, Italy 28-05-2016 by Cataldo Licchelli&lt;\/p&gt; \" data-medium-file=\"https:\/\/i0.wp.com\/opistobranquis.info\/wp-content\/uploads\/2012\/05\/Okenia-mediterranea-front-%40-Santa-Maria-al-Bagno-Lecce-Italy-28-05-2016-by-Cataldo-Licchelli.jpg?fit=200%2C300&#038;ssl=1\" data-large-file=\"https:\/\/i0.wp.com\/opistobranquis.info\/wp-content\/uploads\/2012\/05\/Okenia-mediterranea-front-%40-Santa-Maria-al-Bagno-Lecce-Italy-28-05-2016-by-Cataldo-Licchelli.jpg?fit=512%2C768&#038;ssl=1\" src=\"https:\/\/i0.wp.com\/opistobranquis.info\/wp-content\/uploads\/2012\/05\/Okenia-mediterranea-front-%40-Santa-Maria-al-Bagno-Lecce-Italy-28-05-2016-by-Cataldo-Licchelli.jpg?w=274&#038;h=411&#038;ssl=1\" width=\"274\" height=\"411\" loading=\"lazy\" data-original-width=\"274\" data-original-height=\"411\" itemprop=\"http:\/\/schema.org\/image\" title=\"Okenia mediterranea (front) @ Santa Maria al Bagno, Lecce, Italy 28-05-2016 by Cataldo Licchelli\" alt=\"Okenia mediterranea (front) @ Santa Maria al Bagno, Lecce, Italy 28-05-2016 by Cataldo Licchelli\" style=\"width: 274px; height: 411px;\" \/> <\/a> <div class=\"tiled-gallery-caption\" itemprop=\"caption description\"> Okenia mediterranea (front) @ Santa Maria al Bagno, Lecce, Italy 28-05-2016 by Cataldo Licchelli <\/div> <\/div> <\/div> <!-- close group --> <\/div> <!-- close row --> <div class=\"gallery-row\" style=\"width: 900px; height: 418px;\" data-original-width=\"900\" data-original-height=\"418\" > <div class=\"gallery-group images-1\" style=\"width: 280px; height: 418px;\" data-original-width=\"280\" data-original-height=\"418\" > <div class=\"tiled-gallery-item tiled-gallery-item-large\" itemprop=\"associatedMedia\" itemscope itemtype=\"http:\/\/schema.org\/ImageObject\"> <a href=\"https:\/\/opistobranquis.info\/ca\/guia\/nudibranchia\/doridina\/doridoidei\/onchidoridoidea\/okenia-mediterranea\/okenia-mediterranea-santa-maria-al-bagno-lecce-italy-28-05-2016-by-cataldo-licchelli\/\" border=\"0\" itemprop=\"url\"> <meta itemprop=\"width\" content=\"276\"> <meta itemprop=\"height\" content=\"414\"> <img decoding=\"async\" class=\"\" data-attachment-id=\"22179\" data-orig-file=\"https:\/\/opistobranquis.info\/wp-content\/uploads\/2012\/05\/Okenia-mediterranea-@-Santa-Maria-al-Bagno-Lecce-Italy-28-05-2016-by-Cataldo-Licchelli.jpg\" data-orig-size=\"512,768\" data-comments-opened=\"\" data-image-title=\"Okenia mediterranea @ Santa Maria al Bagno, Lecce, Italy 28-05-2016 by Cataldo Licchelli\" data-image-description=\"&lt;p&gt;Okenia mediterranea @ Santa Maria al Bagno, Lecce, Italy 28-05-2016 by Cataldo Licchelli&lt;\/p&gt; \" data-medium-file=\"https:\/\/i0.wp.com\/opistobranquis.info\/wp-content\/uploads\/2012\/05\/Okenia-mediterranea-%40-Santa-Maria-al-Bagno-Lecce-Italy-28-05-2016-by-Cataldo-Licchelli.jpg?fit=200%2C300&#038;ssl=1\" data-large-file=\"https:\/\/i0.wp.com\/opistobranquis.info\/wp-content\/uploads\/2012\/05\/Okenia-mediterranea-%40-Santa-Maria-al-Bagno-Lecce-Italy-28-05-2016-by-Cataldo-Licchelli.jpg?fit=512%2C768&#038;ssl=1\" src=\"https:\/\/i0.wp.com\/opistobranquis.info\/wp-content\/uploads\/2012\/05\/Okenia-mediterranea-%40-Santa-Maria-al-Bagno-Lecce-Italy-28-05-2016-by-Cataldo-Licchelli.jpg?w=276&#038;h=414&#038;ssl=1\" width=\"276\" height=\"414\" loading=\"lazy\" data-original-width=\"276\" data-original-height=\"414\" itemprop=\"http:\/\/schema.org\/image\" title=\"Okenia mediterranea @ Santa Maria al Bagno, Lecce, Italy 28-05-2016 by Cataldo Licchelli\" alt=\"Okenia mediterranea @ Santa Maria al Bagno, Lecce, Italy 28-05-2016 by Cataldo Licchelli\" style=\"width: 276px; height: 414px;\" \/> <\/a> <div class=\"tiled-gallery-caption\" itemprop=\"caption description\"> Okenia mediterranea @ Santa Maria al Bagno, Lecce, Italy 28-05-2016 by Cataldo Licchelli <\/div> <\/div> <\/div> <!-- close group --> <div class=\"gallery-group images-1\" style=\"width: 620px; height: 418px;\" data-original-width=\"620\" data-original-height=\"418\" > <div class=\"tiled-gallery-item tiled-gallery-item-large\" itemprop=\"associatedMedia\" itemscope itemtype=\"http:\/\/schema.org\/ImageObject\"> <a href=\"https:\/\/opistobranquis.info\/ca\/guia\/nudibranchia\/doridina\/doridoidei\/onchidoridoidea\/okenia-mediterranea\/okenia-mediterranea-by-enric-madrenas-02\/\" border=\"0\" itemprop=\"url\"> <meta itemprop=\"width\" content=\"616\"> <meta itemprop=\"height\" content=\"414\"> <img decoding=\"async\" class=\"\" data-attachment-id=\"23470\" data-orig-file=\"https:\/\/opistobranquis.info\/wp-content\/uploads\/2012\/05\/Okenia-mediterranea-by-Enric-Madrenas-02.jpg\" data-orig-size=\"1040,699\" data-comments-opened=\"\" data-image-title=\"Okenia mediterranea @ L&amp;#8217;Escala, Spain by Enric Madrenas\" data-image-description=\"&lt;p&gt;Okenia mediterranea @ L&amp;#8217;Escala, Spain by Enric Madrenas&lt;\/p&gt; \" data-medium-file=\"https:\/\/i0.wp.com\/opistobranquis.info\/wp-content\/uploads\/2012\/05\/Okenia-mediterranea-by-Enric-Madrenas-02.jpg?fit=300%2C202&#038;ssl=1\" data-large-file=\"https:\/\/i0.wp.com\/opistobranquis.info\/wp-content\/uploads\/2012\/05\/Okenia-mediterranea-by-Enric-Madrenas-02.jpg?fit=900%2C605&#038;ssl=1\" src=\"https:\/\/i0.wp.com\/opistobranquis.info\/wp-content\/uploads\/2012\/05\/Okenia-mediterranea-by-Enric-Madrenas-02.jpg?w=616&#038;h=414&#038;ssl=1\" srcset=\"https:\/\/i0.wp.com\/opistobranquis.info\/wp-content\/uploads\/2012\/05\/Okenia-mediterranea-by-Enric-Madrenas-02.jpg?w=1040&amp;ssl=1 1040w, https:\/\/i0.wp.com\/opistobranquis.info\/wp-content\/uploads\/2012\/05\/Okenia-mediterranea-by-Enric-Madrenas-02.jpg?resize=150%2C101&amp;ssl=1 150w, https:\/\/i0.wp.com\/opistobranquis.info\/wp-content\/uploads\/2012\/05\/Okenia-mediterranea-by-Enric-Madrenas-02.jpg?resize=300%2C202&amp;ssl=1 300w, https:\/\/i0.wp.com\/opistobranquis.info\/wp-content\/uploads\/2012\/05\/Okenia-mediterranea-by-Enric-Madrenas-02.jpg?resize=1024%2C688&amp;ssl=1 1024w\" width=\"616\" height=\"414\" loading=\"lazy\" data-original-width=\"616\" data-original-height=\"414\" itemprop=\"http:\/\/schema.org\/image\" title=\"Okenia mediterranea @ L&#039;Escala, Spain by Enric Madrenas\" alt=\"Okenia mediterranea @ L&#039;Escala, Spain by Enric Madrenas\" style=\"width: 616px; height: 414px;\" \/> <\/a> <div class=\"tiled-gallery-caption\" itemprop=\"caption description\"> Okenia mediterranea @ L&#8217;Escala, Spain by Enric Madrenas <\/div> <\/div> <\/div> <!-- close group --> <\/div> <!-- close row --> <div class=\"gallery-row\" style=\"width: 900px; height: 782px;\" data-original-width=\"900\" data-original-height=\"782\" > <div class=\"gallery-group images-1\" style=\"width: 528px; height: 782px;\" data-original-width=\"528\" data-original-height=\"782\" > <div class=\"tiled-gallery-item tiled-gallery-item-large\" itemprop=\"associatedMedia\" itemscope itemtype=\"http:\/\/schema.org\/ImageObject\"> <a href=\"https:\/\/opistobranquis.info\/ca\/guia\/nudibranchia\/doridina\/doridoidei\/onchidoridoidea\/okenia-mediterranea\/okenia-mediterranea-by-enric-madrenas-05\/\" border=\"0\" itemprop=\"url\"> <meta itemprop=\"width\" content=\"524\"> <meta itemprop=\"height\" content=\"778\"> <img decoding=\"async\" class=\"\" data-attachment-id=\"23471\" data-orig-file=\"https:\/\/opistobranquis.info\/wp-content\/uploads\/2012\/05\/Okenia-mediterranea-by-Enric-Madrenas-05.jpg\" data-orig-size=\"528,784\" data-comments-opened=\"\" data-image-title=\"Okenia mediterranea @ L&amp;#8217;Escala, Spain by Enric Madrenas\" data-image-description=\"&lt;p&gt;Okenia mediterranea @ L&amp;#8217;Escala, Spain by Enric Madrenas&lt;\/p&gt; \" data-medium-file=\"https:\/\/i0.wp.com\/opistobranquis.info\/wp-content\/uploads\/2012\/05\/Okenia-mediterranea-by-Enric-Madrenas-05.jpg?fit=202%2C300&#038;ssl=1\" data-large-file=\"https:\/\/i0.wp.com\/opistobranquis.info\/wp-content\/uploads\/2012\/05\/Okenia-mediterranea-by-Enric-Madrenas-05.jpg?fit=528%2C784&#038;ssl=1\" src=\"https:\/\/i0.wp.com\/opistobranquis.info\/wp-content\/uploads\/2012\/05\/Okenia-mediterranea-by-Enric-Madrenas-05.jpg?w=524&#038;h=778&#038;ssl=1\" srcset=\"https:\/\/i0.wp.com\/opistobranquis.info\/wp-content\/uploads\/2012\/05\/Okenia-mediterranea-by-Enric-Madrenas-05.jpg?w=528&amp;ssl=1 528w, https:\/\/i0.wp.com\/opistobranquis.info\/wp-content\/uploads\/2012\/05\/Okenia-mediterranea-by-Enric-Madrenas-05.jpg?resize=101%2C150&amp;ssl=1 101w, https:\/\/i0.wp.com\/opistobranquis.info\/wp-content\/uploads\/2012\/05\/Okenia-mediterranea-by-Enric-Madrenas-05.jpg?resize=202%2C300&amp;ssl=1 202w\" width=\"524\" height=\"778\" loading=\"lazy\" data-original-width=\"524\" data-original-height=\"778\" itemprop=\"http:\/\/schema.org\/image\" title=\"Okenia mediterranea @ L&#039;Escala, Spain by Enric Madrenas\" alt=\"Okenia mediterranea @ L&#039;Escala, Spain by Enric Madrenas\" style=\"width: 524px; height: 778px;\" \/> <\/a> <div class=\"tiled-gallery-caption\" itemprop=\"caption description\"> Okenia mediterranea @ L&#8217;Escala, Spain by Enric Madrenas <\/div> <\/div> <\/div> <!-- close group --> <div class=\"gallery-group images-3\" style=\"width: 372px; height: 782px;\" data-original-width=\"372\" data-original-height=\"782\" > <div class=\"tiled-gallery-item tiled-gallery-item-large\" itemprop=\"associatedMedia\" itemscope itemtype=\"http:\/\/schema.org\/ImageObject\"> <a href=\"https:\/\/opistobranquis.info\/ca\/guia\/nudibranchia\/doridina\/doridoidei\/onchidoridoidea\/okenia-mediterranea\/okenia-mediterranea-by-enric-madrenas-07\/\" border=\"0\" itemprop=\"url\"> <meta itemprop=\"width\" content=\"368\"> <meta itemprop=\"height\" content=\"247\"> <img decoding=\"async\" class=\"\" data-attachment-id=\"23472\" data-orig-file=\"https:\/\/opistobranquis.info\/wp-content\/uploads\/2012\/05\/Okenia-mediterranea-by-Enric-Madrenas-07.jpg\" data-orig-size=\"1040,699\" data-comments-opened=\"\" data-image-title=\"Okenia mediterranea @ L&amp;#8217;Escala, Spain by Enric Madrenas\" data-image-description=\"&lt;p&gt;Okenia mediterranea @ L&amp;#8217;Escala, Spain by Enric Madrenas&lt;\/p&gt; \" data-medium-file=\"https:\/\/i0.wp.com\/opistobranquis.info\/wp-content\/uploads\/2012\/05\/Okenia-mediterranea-by-Enric-Madrenas-07.jpg?fit=300%2C202&#038;ssl=1\" data-large-file=\"https:\/\/i0.wp.com\/opistobranquis.info\/wp-content\/uploads\/2012\/05\/Okenia-mediterranea-by-Enric-Madrenas-07.jpg?fit=900%2C605&#038;ssl=1\" src=\"https:\/\/i0.wp.com\/opistobranquis.info\/wp-content\/uploads\/2012\/05\/Okenia-mediterranea-by-Enric-Madrenas-07.jpg?w=368&#038;h=247&#038;ssl=1\" srcset=\"https:\/\/i0.wp.com\/opistobranquis.info\/wp-content\/uploads\/2012\/05\/Okenia-mediterranea-by-Enric-Madrenas-07.jpg?w=1040&amp;ssl=1 1040w, https:\/\/i0.wp.com\/opistobranquis.info\/wp-content\/uploads\/2012\/05\/Okenia-mediterranea-by-Enric-Madrenas-07.jpg?resize=150%2C101&amp;ssl=1 150w, https:\/\/i0.wp.com\/opistobranquis.info\/wp-content\/uploads\/2012\/05\/Okenia-mediterranea-by-Enric-Madrenas-07.jpg?resize=300%2C202&amp;ssl=1 300w, https:\/\/i0.wp.com\/opistobranquis.info\/wp-content\/uploads\/2012\/05\/Okenia-mediterranea-by-Enric-Madrenas-07.jpg?resize=1024%2C688&amp;ssl=1 1024w\" width=\"368\" height=\"247\" loading=\"lazy\" data-original-width=\"368\" data-original-height=\"247\" itemprop=\"http:\/\/schema.org\/image\" title=\"Okenia mediterranea @ L&#039;Escala, Spain by Enric Madrenas\" alt=\"Okenia mediterranea @ L&#039;Escala, Spain by Enric Madrenas\" style=\"width: 368px; height: 247px;\" \/> <\/a> <div class=\"tiled-gallery-caption\" itemprop=\"caption description\"> Okenia mediterranea @ L&#8217;Escala, Spain <\/div> <\/div> <div class=\"tiled-gallery-item tiled-gallery-item-large\" itemprop=\"associatedMedia\" itemscope itemtype=\"http:\/\/schema.org\/ImageObject\"> <a href=\"https:\/\/opistobranquis.info\/ca\/guia\/nudibranchia\/doridina\/doridoidei\/onchidoridoidea\/okenia-mediterranea\/okenia-mediterranea-18m-by-marta-carrasco\/\" border=\"0\" itemprop=\"url\"> <meta itemprop=\"width\" content=\"368\"> <meta itemprop=\"height\" content=\"276\"> <img decoding=\"async\" class=\"\" data-attachment-id=\"27909\" data-orig-file=\"https:\/\/opistobranquis.info\/wp-content\/uploads\/2019\/01\/Okenia-mediterranea-@-18m-by-Marta-Carrasco.jpg\" data-orig-size=\"1280,960\" data-comments-opened=\"\" data-image-title=\"Okenia mediterranea @ Tossa de Mar 18m by Marta Carrasco\" data-image-description=\"&lt;p&gt;Okenia mediterranea @ Tossa de Mar 18m by Marta Carrasco&lt;\/p&gt; \" data-medium-file=\"https:\/\/i0.wp.com\/opistobranquis.info\/wp-content\/uploads\/2019\/01\/Okenia-mediterranea-%40-18m-by-Marta-Carrasco.jpg?fit=300%2C225&#038;ssl=1\" data-large-file=\"https:\/\/i0.wp.com\/opistobranquis.info\/wp-content\/uploads\/2019\/01\/Okenia-mediterranea-%40-18m-by-Marta-Carrasco.jpg?fit=900%2C675&#038;ssl=1\" src=\"https:\/\/i0.wp.com\/opistobranquis.info\/wp-content\/uploads\/2019\/01\/Okenia-mediterranea-%40-18m-by-Marta-Carrasco.jpg?w=368&#038;h=276&#038;ssl=1\" width=\"368\" height=\"276\" loading=\"lazy\" data-original-width=\"368\" data-original-height=\"276\" itemprop=\"http:\/\/schema.org\/image\" title=\"Okenia mediterranea @ Tossa de Mar 18m by Marta Carrasco\" alt=\"Okenia mediterranea @ Tossa de Mar 18m by Marta Carrasco\" style=\"width: 368px; height: 276px;\" \/> <\/a> <div class=\"tiled-gallery-caption\" itemprop=\"caption description\"> Okenia mediterranea @ Tossa de Mar 18m by Marta Carrasco <\/div> <\/div> <div class=\"tiled-gallery-item tiled-gallery-item-large\" itemprop=\"associatedMedia\" itemscope itemtype=\"http:\/\/schema.org\/ImageObject\"> <a href=\"https:\/\/opistobranquis.info\/ca\/guia\/nudibranchia\/doridina\/doridoidei\/onchidoridoidea\/okenia-mediterranea\/okenia-mediterranea-55\/\" border=\"0\" itemprop=\"url\"> <meta itemprop=\"width\" content=\"368\"> <meta itemprop=\"height\" content=\"247\"> <img decoding=\"async\" class=\"\" data-attachment-id=\"44619\" data-orig-file=\"https:\/\/opistobranquis.info\/wp-content\/uploads\/2024\/07\/Okenia-mediterranea-55.jpg\" data-orig-size=\"810,543\" data-comments-opened=\"\" data-image-title=\"Okenia mediterranea @ L&amp;#8217;Escala, Spain by Enric Madrenas\" data-image-description=\"&lt;p&gt;Okenia mediterranea @ L&amp;#8217;Escala, Spain by Enric Madrenas&lt;\/p&gt; \" data-medium-file=\"https:\/\/i0.wp.com\/opistobranquis.info\/wp-content\/uploads\/2024\/07\/Okenia-mediterranea-55.jpg?fit=300%2C201&#038;ssl=1\" data-large-file=\"https:\/\/i0.wp.com\/opistobranquis.info\/wp-content\/uploads\/2024\/07\/Okenia-mediterranea-55.jpg?fit=810%2C543&#038;ssl=1\" src=\"https:\/\/i0.wp.com\/opistobranquis.info\/wp-content\/uploads\/2024\/07\/Okenia-mediterranea-55.jpg?w=368&#038;h=247&#038;ssl=1\" srcset=\"https:\/\/i0.wp.com\/opistobranquis.info\/wp-content\/uploads\/2024\/07\/Okenia-mediterranea-55.jpg?w=810&amp;ssl=1 810w, https:\/\/i0.wp.com\/opistobranquis.info\/wp-content\/uploads\/2024\/07\/Okenia-mediterranea-55.jpg?resize=300%2C201&amp;ssl=1 300w, https:\/\/i0.wp.com\/opistobranquis.info\/wp-content\/uploads\/2024\/07\/Okenia-mediterranea-55.jpg?resize=150%2C101&amp;ssl=1 150w\" width=\"368\" height=\"247\" loading=\"lazy\" data-original-width=\"368\" data-original-height=\"247\" itemprop=\"http:\/\/schema.org\/image\" title=\"Okenia mediterranea @ L&#039;Escala, Spain by Enric Madrenas\" alt=\"Okenia mediterranea @ L&#039;Escala, Spain by Enric Madrenas\" style=\"width: 368px; height: 247px;\" \/> <\/a> <div class=\"tiled-gallery-caption\" itemprop=\"caption description\"> Okenia mediterranea @ L&#8217;Escala, Spain by Enric Madrenas <\/div> <\/div> <\/div> <!-- close group --> <\/div> <!-- close row --> <div class=\"gallery-row\" style=\"width: 900px; height: 605px;\" data-original-width=\"900\" data-original-height=\"605\" > <div class=\"gallery-group images-1\" style=\"width: 900px; height: 605px;\" data-original-width=\"900\" data-original-height=\"605\" > <div class=\"tiled-gallery-item tiled-gallery-item-large\" itemprop=\"associatedMedia\" itemscope itemtype=\"http:\/\/schema.org\/ImageObject\"> <a href=\"https:\/\/opistobranquis.info\/ca\/guia\/nudibranchia\/doridina\/doridoidei\/onchidoridoidea\/okenia-mediterranea\/okenia-mediterranea-57\/\" border=\"0\" itemprop=\"url\"> <meta itemprop=\"width\" content=\"896\"> <meta itemprop=\"height\" content=\"601\"> <img decoding=\"async\" class=\"\" data-attachment-id=\"45711\" data-orig-file=\"https:\/\/opistobranquis.info\/wp-content\/uploads\/2025\/01\/Okenia-mediterranea-57.jpg\" data-orig-size=\"1034,693\" data-comments-opened=\"\" data-image-title=\"Okenia mediterranea @ L&amp;#8217;Escala, Spain by Enric Madrenas\" data-image-description=\"&lt;p&gt;Okenia mediterranea @ L&amp;#8217;Escala, Spain by Enric Madrenas&lt;\/p&gt; \" data-medium-file=\"https:\/\/i0.wp.com\/opistobranquis.info\/wp-content\/uploads\/2025\/01\/Okenia-mediterranea-57.jpg?fit=300%2C201&#038;ssl=1\" data-large-file=\"https:\/\/i0.wp.com\/opistobranquis.info\/wp-content\/uploads\/2025\/01\/Okenia-mediterranea-57.jpg?fit=900%2C603&#038;ssl=1\" src=\"https:\/\/i0.wp.com\/opistobranquis.info\/wp-content\/uploads\/2025\/01\/Okenia-mediterranea-57.jpg?w=896&#038;h=601&#038;ssl=1\" srcset=\"https:\/\/i0.wp.com\/opistobranquis.info\/wp-content\/uploads\/2025\/01\/Okenia-mediterranea-57.jpg?w=1034&amp;ssl=1 1034w, https:\/\/i0.wp.com\/opistobranquis.info\/wp-content\/uploads\/2025\/01\/Okenia-mediterranea-57.jpg?resize=300%2C201&amp;ssl=1 300w, https:\/\/i0.wp.com\/opistobranquis.info\/wp-content\/uploads\/2025\/01\/Okenia-mediterranea-57.jpg?resize=1024%2C686&amp;ssl=1 1024w, https:\/\/i0.wp.com\/opistobranquis.info\/wp-content\/uploads\/2025\/01\/Okenia-mediterranea-57.jpg?resize=150%2C101&amp;ssl=1 150w\" width=\"896\" height=\"601\" loading=\"lazy\" data-original-width=\"896\" data-original-height=\"601\" itemprop=\"http:\/\/schema.org\/image\" title=\"Okenia mediterranea @ L&#039;Escala, Spain by Enric Madrenas\" alt=\"Okenia mediterranea @ L&#039;Escala, Spain by Enric Madrenas\" style=\"width: 896px; height: 601px;\" \/> <\/a> <div class=\"tiled-gallery-caption\" itemprop=\"caption description\"> Okenia mediterranea @ L&#8217;Escala, Spain by Enric Madrenas <\/div> <\/div> <\/div> <!-- close group --> <\/div> <!-- close row --> <\/div><\/p>\n<p><p><strong>Bibliografia<\/strong><\/p><ul><div id=\"zotpress-57b66fd57f61cf75edfec566db54a8ee\" class=\"zp-Zotpress zp-Zotpress-Bib wp-block-group\">\n\n\t\t<span class=\"ZP_API_USER_ID ZP_ATTR\">1246567<\/span>\n\t\t<span class=\"ZP_ITEM_KEY ZP_ATTR\"><\/span>\n\t\t<span class=\"ZP_COLLECTION_ID ZP_ATTR\"><\/span>\n\t\t<span class=\"ZP_TAG_ID ZP_ATTR\">Okenia mediterranea<\/span>\n\t\t<span class=\"ZP_AUTHOR ZP_ATTR\"><\/span>\n\t\t<span class=\"ZP_YEAR ZP_ATTR\"><\/span>\n        <span class=\"ZP_ITEMTYPE ZP_ATTR\"><\/span>\n\t\t<span class=\"ZP_INCLUSIVE ZP_ATTR\">1<\/span>\n\t\t<span class=\"ZP_STYLE ZP_ATTR\">eunomia-revista-en-cultura-de-la-legalidad<\/span>\n\t\t<span class=\"ZP_LIMIT ZP_ATTR\">50<\/span>\n\t\t<span class=\"ZP_SORTBY ZP_ATTR\">creator<\/span>\n\t\t<span class=\"ZP_ORDER ZP_ATTR\">asc<\/span>\n\t\t<span class=\"ZP_TITLE ZP_ATTR\"><\/span>\n\t\t<span class=\"ZP_SHOWIMAGE ZP_ATTR\"><\/span>\n\t\t<span class=\"ZP_SHOWTAGS ZP_ATTR\"><\/span>\n\t\t<span class=\"ZP_DOWNLOADABLE ZP_ATTR\"><\/span>\n\t\t<span class=\"ZP_NOTES ZP_ATTR\"><\/span>\n\t\t<span class=\"ZP_ABSTRACT ZP_ATTR\"><\/span>\n\t\t<span class=\"ZP_CITEABLE ZP_ATTR\"><\/span>\n\t\t<span class=\"ZP_TARGET ZP_ATTR\">1<\/span>\n\t\t<span class=\"ZP_URLWRAP ZP_ATTR\"><\/span>\n\t\t<span class=\"ZP_FORCENUM ZP_ATTR\"><\/span>\n        <span class=\"ZP_HIGHLIGHT ZP_ATTR\"><\/span>\n        <span class=\"ZP_POSTID ZP_ATTR\">410<\/span>\n\t\t<span class=\"ZOTPRESS_PLUGIN_URL ZP_ATTR\">https:\/\/opistobranquis.info\/wp-content\/plugins\/zotpress\/<\/span>\n\n\t\t<div class=\"zp-List loading\">\n\t\t\t<div class=\"zp-SEO-Content\">\n\n\t\t\t<\/div><!-- .zp-zp-SEO-Content -->\n\t\t<\/div><!-- .zp-List -->\n\t<\/div><!--.zp-Zotpress-->\n\n<p><\/p>Bibliografia basada en els treballs de <b>Steve Long, 2006<\/b>. <a target=_blank href=https:\/\/opistobranquis.info\/wp-content\/uploads\/2016\/06\/Long-S.-2006-Bibliography-of-Opisthobranchia-1554-2000.pdf>Bibliography of Opisthobranchia 1554-2000<\/a> i <b>Gary McDonald, 2009<\/b>. <a href=http:\/\/escholarship.org\/uc\/item\/8115h0wz>Bibliographia Nudibranchia<\/a>, amb actualitzacions posteriors procedents d\u00b4altres fonts.<p><\/p><\/ul><p><\/p><p><strong>M\u00e9s informaci\u00f3<\/strong><\/p><span style=\"font-size:10pt\"><ul><ul class=\"blogroll-links\"><li><a href=\"http:\/\/www.biodiversitylibrary.org\/name\/Okenia%20mediterranea\">Biodiversity Heritage Library<\/a><\/li><li><a href=\"http:\/\/www.cibsub.com\/bioespecie_es-okenia_mediterranea-1624\">CIB - Club Immersio Biologia<\/a><\/li><li><a href=\"https:\/\/litoraldegranada.ugr.es\/el-litoral\/el-litoral-sumergido\/fauna\/moluscos\/gasteropodos\/opistobranquios\/orden-nudibranchia\/doridaceos\/onchidoridoidea\/okenia-mediterranea\/\">El Litoral de Granada<\/a><\/li><li><a href=\"https:\/\/www.flickr.com\/search\/?text=Okenia%20mediterranea\">Flickr pictures<\/a><\/li><li><a href=\"http:\/\/www.opistobranquis.org\/ca\/guia\/98\">GROC<\/a><\/li><li><a href=\"http:\/\/www.irmng.org\/aphia.php?p=taxlist&#038;tName=Okenia%20mediterranea\">Interim Register of Marine and Nonmarine Genera<\/a><\/li><li><a href=\"https:\/\/web.archive.org\/web\/20250116074557\/http:\/\/medslugs.de\/E\/Atl-E\/Okenia_mediterranea.htm\">MedSlugs (Atl.E)<\/a><\/li><li><a href=\"https:\/\/web.archive.org\/web\/20250116074557\/http:\/\/medslugs.de\/E\/Med\/Okenia_mediterranea.htm\">MedSlugs (Med)<\/a><\/li><li><a href=\"http:\/\/www.ncbi.nlm.nih.gov\/Taxonomy\/Browser\/wwwtax.cgi?mode=Undef&#038;name=Okenia%20mediterranea&#038;lvl=0&#038;srchmode=1\">NCBI GenBank<\/a><\/li><li><a href=\"http:\/\/iobis.org\/mapper\/?taxon=Okenia%20mediterranea\">OBIS - Search by Taxon<\/a><\/li><li><a href=\"http:\/\/www.seaslugforum.net\/showall\/okenmedi\">Sea Slug Forum<\/a><\/li><li><a href=\"http:\/\/www.marinespecies.org\/aphia.php?p=taxdetails&#038;id=140040\">World Register of Marine Species<\/a><\/li><\/ul><\/ul><\/span><p><strong>Citeu aquest article com: <\/strong><\/p><div style=\"display: block; background: #444444; padding: 10px 30px 10px 10px; border-radius: 5px; line-height: 18px;\"><p class=\"citacio\"><b>Ballesteros, M., Madrenas, E. &#38; Pontes, M.<\/b> (2025) <em>\"Okenia mediterranea\"<\/em> a <em>OPK-Opistobranquis<\/em>. Publicat: 15\/05\/2012. Accedit: 03\/09\/2026. Disponible a (<a href=https:\/\/opistobranquis.info\/ca\/?p=410>https:\/\/opistobranquis.info\/ca\/?p=410<\/a>)<\/p><p><\/p><\/div><p><\/p><\/p>","protected":false},"excerpt":{"rendered":"<p>Okenia mediterranea (von Ihering, 1886) Sin\u00f2nims Idalia mediterranea Ihering, 1886 Descripci\u00f3 Aquesta esp\u00e8cie mesura fins a 15 mm i t\u00e9 un cos ovalat de color blanc transl\u00facid amb moltes superf\u00edcies cobertes de blanc opac, i amb moltes taques de color taronja vermell\u00f3s sobre groc al dors de la majoria dels esp\u00e8cimens. Hi ha 9-12 parells de papil\u00b7les laterals amb les puntes de color taronja sobre groc, el primer parell m\u00e9s\u2026<\/p>\n<p class=\"continue-reading-button\"> <a class=\"continue-reading-link\" href=\"https:\/\/opistobranquis.info\/ca\/guia\/nudibranchia\/doridina\/doridoidei\/onchidoridoidea\/okenia-mediterranea\/\">Continua llegint<i class=\"crycon-right-dir\"><\/i><\/a><\/p>\n","protected":false},"author":291,"featured_media":46445,"parent":26111,"menu_order":6665,"comment_status":"closed","ping_status":"closed","template":"","meta":{"footnotes":""},"class_list":["post-410","page","type-page","status-publish","has-post-thumbnail","hentry"],"jetpack_sharing_enabled":true,"_links":{"self":[{"href":"https:\/\/opistobranquis.info\/ca\/wp-json\/wp\/v2\/pages\/410","targetHints":{"allow":["GET"]}}],"collection":[{"href":"https:\/\/opistobranquis.info\/ca\/wp-json\/wp\/v2\/pages"}],"about":[{"href":"https:\/\/opistobranquis.info\/ca\/wp-json\/wp\/v2\/types\/page"}],"author":[{"embeddable":true,"href":"https:\/\/opistobranquis.info\/ca\/wp-json\/wp\/v2\/users\/291"}],"replies":[{"embeddable":true,"href":"https:\/\/opistobranquis.info\/ca\/wp-json\/wp\/v2\/comments?post=410"}],"version-history":[{"count":6,"href":"https:\/\/opistobranquis.info\/ca\/wp-json\/wp\/v2\/pages\/410\/revisions"}],"predecessor-version":[{"id":44620,"href":"https:\/\/opistobranquis.info\/ca\/wp-json\/wp\/v2\/pages\/410\/revisions\/44620"}],"up":[{"embeddable":true,"href":"https:\/\/opistobranquis.info\/ca\/wp-json\/wp\/v2\/pages\/26111"}],"wp:featuredmedia":[{"embeddable":true,"href":"https:\/\/opistobranquis.info\/ca\/wp-json\/wp\/v2\/media\/46445"}],"wp:attachment":[{"href":"https:\/\/opistobranquis.info\/ca\/wp-json\/wp\/v2\/media?parent=410"}],"curies":[{"name":"wp","href":"https:\/\/api.w.org\/{rel}","templated":true}]}}