{"id":412,"date":"2012-05-15T21:10:58","date_gmt":"2012-05-15T19:10:58","guid":{"rendered":"https:\/\/opistobranquis.info\/trapania-lineatatrapania-lineatatrapania-lineata"},"modified":"2025-03-08T10:30:31","modified_gmt":"2025-03-08T09:30:31","slug":"trapania-lineata","status":"publish","type":"page","link":"https:\/\/opistobranquis.info\/ca\/guia\/nudibranchia\/doridina\/doridoidei\/onchidoridoidea\/trapania-lineata\/","title":{"rendered":"Trapania lineata"},"content":{"rendered":"<p><\/p>\n<h3><em>Trapania lineata<\/em> Haefelfinger, 1960<\/h3>\n<p><span style=\"font-size:10pt;\" class=\"aligncenter\"><div id=\"featured-img-id\"><img data-recalc-dims=\"1\" decoding=\"async\" src=\"https:\/\/i0.wp.com\/opistobranquis.info\/wp-content\/uploads\/2021\/01\/Trapania-lineata-159.jpg?w=900&#038;ssl=1\" alt=\"Trapania lineata by Enric Madrenas\" \/><\/div><center><em>Trapania lineata<\/em> per Enric Madrenas<\/center><\/span><p><\/p><div class=\"opk-worms\"><h3>Informaci\u00f3 taxon\u00f2mica WoRMS<\/h3><div class=\"opk-success\">Nom acceptat actual: <strong><em>Trapania lineata<\/em> Haefelfinger, 1960<\/strong><\/div><h4>Classificaci\u00f3 actual<\/h4><table class=\"widefat striped\"><tr><th>Superdomain<\/th><td><a target=\"_blank\" href=\"https:\/\/www.marinespecies.org\/aphia.php?p=taxdetails&id=1\">Biota<\/a><\/td><\/tr><tr><th>Kingdom<\/th><td><a target=\"_blank\" href=\"https:\/\/www.marinespecies.org\/aphia.php?p=taxdetails&id=2\">Animalia<\/a><\/td><\/tr><tr><th>Phylum<\/th><td><a target=\"_blank\" href=\"https:\/\/www.marinespecies.org\/aphia.php?p=taxdetails&id=51\">Mollusca<\/a><\/td><\/tr><tr><th>Class<\/th><td><a target=\"_blank\" href=\"https:\/\/www.marinespecies.org\/aphia.php?p=taxdetails&id=101\">Gastropoda<\/a><\/td><\/tr><tr><th>Subclass<\/th><td><a target=\"_blank\" href=\"https:\/\/www.marinespecies.org\/aphia.php?p=taxdetails&id=14712\">Heterobranchia<\/a><\/td><\/tr><tr><th>Infraclass<\/th><td><a target=\"_blank\" href=\"https:\/\/www.marinespecies.org\/aphia.php?p=taxdetails&id=1057247\">Euthyneura<\/a><\/td><\/tr><tr><th>Subterclass<\/th><td><a target=\"_blank\" href=\"https:\/\/www.marinespecies.org\/aphia.php?p=taxdetails&id=1057249\">Ringipleura<\/a><\/td><\/tr><tr><th>Superorder<\/th><td><a target=\"_blank\" href=\"https:\/\/www.marinespecies.org\/aphia.php?p=taxdetails&id=411966\">Nudipleura<\/a><\/td><\/tr><tr><th>Order<\/th><td><a target=\"_blank\" href=\"https:\/\/www.marinespecies.org\/aphia.php?p=taxdetails&id=1762\">Nudibranchia<\/a><\/td><\/tr><tr><th>Suborder<\/th><td><a target=\"_blank\" href=\"https:\/\/www.marinespecies.org\/aphia.php?p=taxdetails&id=1829294\">Doridida<\/a><\/td><\/tr><tr><th>Infraorder<\/th><td><a target=\"_blank\" href=\"https:\/\/www.marinespecies.org\/aphia.php?p=taxdetails&id=246038\">Doridoidei<\/a><\/td><\/tr><tr><th>Superfamily<\/th><td><a target=\"_blank\" href=\"https:\/\/www.marinespecies.org\/aphia.php?p=taxdetails&id=246152\">Onchidoridoidea<\/a><\/td><\/tr><tr><th>Family<\/th><td><a target=\"_blank\" href=\"https:\/\/www.marinespecies.org\/aphia.php?p=taxdetails&id=174\">Goniodorididae<\/a><\/td><\/tr><tr><th>Subfamily<\/th><td><a target=\"_blank\" href=\"https:\/\/www.marinespecies.org\/aphia.php?p=taxdetails&id=570867\">Anculinae<\/a><\/td><\/tr><tr><th>Genus<\/th><td><a target=\"_blank\" href=\"https:\/\/www.marinespecies.org\/aphia.php?p=taxdetails&id=138043\"><em>Trapania<\/em><\/a><\/td><\/tr><tr><th>Species<\/th><td><a target=\"_blank\" href=\"https:\/\/www.marinespecies.org\/aphia.php?p=taxdetails&id=140043\"><em>Trapania lineata<\/em> Haefelfinger, 1960<\/a><\/td><\/tr><\/table><p class=\"footer\">Classificaci\u00f3 proporcionada pel World Register of Marine Species (WoRMS). [<a target=\"_blank\" href=\"https:\/\/www.marinespecies.org\/aphia.php?p=taxdetails&id=140043\">140043<\/a>]<\/p><\/div><strong>Nota taxon\u00f2mica<\/strong>: L&#8217;estudi de Paz-Sedano et al. (2022) sobre el g\u00e8nere <em>Trapania<\/em> va dur a terme una an\u00e0lisi morfol\u00f2gica i molecular exhaustiva, concloent que <em>Trapania hispalensis<\/em> i <em>Trapania pallida<\/em> no representen esp\u00e8cies diferents, sin\u00f3 que formen part de la variabilitat intraespec\u00edfica de <em>Trapania lineata<\/em>. L&#8217;estudi va comparar detalladament les estructures anat\u00f2miques i la coloraci\u00f3 de les tres esp\u00e8cies en diferents localitzacions. Es va observar que les difer\u00e8ncies en la pigmentaci\u00f3, particularment en la distribuci\u00f3 de l\u00ednies blanques i la pres\u00e8ncia de taques blanques o grogues, es trobaven dins del rang de variabilitat natural per a una mateixa esp\u00e8cie. Aix\u00f2 va ser especialment evident en esp\u00e8cimens de diferents localitats que exhibien combinacions de trets atribu\u00efts tant a <em>T. hispalensis<\/em> com a <em>T. pallida<\/em>, sense patrons consistents de diferenciaci\u00f3. A m\u00e9s, les estructures externes com els rin\u00f2fors, les br\u00e0nquies i els ap\u00e8ndixs extrabranquials i extrarrinoforals van mostrar una morfologia id\u00e8ntica en les tres suposades esp\u00e8cies. Les difer\u00e8ncies en la mida i el nombre de lameles en els rin\u00f2fors es van atribuir a variaci\u00f3 intraespec\u00edfica i no a una distinci\u00f3 taxon\u00f2mica v\u00e0lida. L&#8217;an\u00e0lisi de la r\u00e0dula i el sistema reproductor va revelar que <em>T. hispalensis<\/em>, <em>T. pallida<\/em> i <em>T. lineata<\/em> comparteixen una estructura id\u00e8ntica en els denticles i la f\u00f3rmula radular, sense difer\u00e8ncies significatives, encara que a vegades es van observar variacions fins i tot entre les dents d&#8217;una mateixa r\u00e0dula. Les estructures del sistema reproductor, incloent-hi la forma del penis i la gl\u00e0ndula prost\u00e0tica, tamb\u00e9 van ser virtualment id\u00e8ntiques en els tres t\u00e0xons. L&#8217;an\u00e0lisi gen\u00e8tica basada en seq\u00fc\u00e8ncies d&#8217;ADN mitocondrial i nuclear tamb\u00e9 va confirmar que no hi havia difer\u00e8ncies gen\u00e8tiques significatives entre <em>T. hispalensis<\/em>, <em>T. pallida<\/em> i <em>T. lineata<\/em>. Els esp\u00e8cimens estudiats pertanyien al mateix clade monofil\u00e8tic amb nivells molt baixos de diverg\u00e8ncia gen\u00e8tica, indicant clarament que s\u00f3n part d&#8217;una mateixa esp\u00e8cie. L&#8217;antiga <em>T. pallida<\/em> apareix separada lleugerament de les altres dues esp\u00e8cies a nivell gen\u00e8tic, probablement a causa de l&#8217;a\u00efllament geogr\u00e0fic, per\u00f2 no prou com per ser considerada una esp\u00e8cie diferent. No obstant aix\u00f2, troballes recents d&#8217;aquesta esp\u00e8cie al Mediterrani prop de morfotips locals suggereixen que podria no acabar com una esp\u00e8cie diferent en el futur.<\/p>\n<p><strong>Sin\u00f2nims<\/strong><\/p>\n<ul>\n<li><em>Trapania hispalensis<\/em> Cervera &amp; Garc\u00eda-G\u00f3mez, 1989<\/li>\n<li><em>Trapania pallida<\/em> Kress, 1968<\/li>\n<\/ul>\n<p><strong>Descripci\u00f3<br \/>\n<\/strong>Aquest \u00e9s un petit nudibranqui doridaci amb un cos limaciforme, relativament gruixut, que pot assolir una longitud m\u00e0xima d&#8217;uns 20 mm, tot i que normalment fa entre 10 i 15 mm. El cos \u00e9s relativament gruixut a la seva \u00e0rea central, amb un color base blanc transl\u00facid que permet veure la massa visceral marr\u00f3 interna per transpar\u00e8ncia. El dors sovint est\u00e0 decorat amb fines l\u00ednies blanques iridescents que recorren l&#8217;esquena, els costats, el cap, els tentacles orals, els rin\u00f2fors, la cua i, en certs casos, tamb\u00e9 al llarg de l&#8217;eix de les fulles branquials. Una caracter\u00edstica distintiva d&#8217;aquesta esp\u00e8cie \u00e9s la pres\u00e8ncia d&#8217;ap\u00e8ndixs extrabranquials i extrarrinoforals cil\u00edndrics ubicats als costats externs dels rin\u00f2fors i les br\u00e0nquies. Aquests ap\u00e8ndixs estan dirigits cap enrere i lleugerament cap a dins, amb les seves puntes distals, juntament amb les dels rin\u00f2fors, br\u00e0nquies, palps propodials i cua, sovint acolorides de groc a groc-taronja, de vegades blanc (en l&#8217;antic morfotip <em>T. pallida<\/em>). Els rin\u00f2fors s\u00f3n relativament llargs i amples, amb unes 10-12 lameles no retr\u00e0ctils a la seva porci\u00f3 distal, amb la part basal coincidint amb el color del cos. La br\u00e0nquia consta de tres grans fulles branquials tripinnades, essent la central la m\u00e9s gran. Una petita papil\u00b7la anal de color beix es troba just darrere de les br\u00e0nquies. Els tentacles orals tenen forma de dit i sovint estan pigmentats de groc-taronja, de vegades blanc. El peu \u00e9s relativament estret, coincidint amb el color del cos. Els tentacles propodials s\u00f3n amples a la base, corbats cap enrere, i poden ser totalment o parcialment grocs, de vegades blancs. La cua \u00e9s punxeguda i pot tenir una punta taronja (de vegades blanca).<\/p>\n<p data-sourcepos=\"7:1-7:9\"><strong>Biologia<br \/>\n<\/strong>Es troba habitualment en substrats rocosos, sovint en ambients poc il\u00b7luminats com coves o sortints amb abund\u00e0ncia d&#8217;esponges. Generalment s&#8217;associa amb esponges del g\u00e8nere <em>Ircinia<\/em>, h\u00e0bitat dels entoproctes (Kamptozoa) del g\u00e8nere <em>Loxosomella<\/em> (Cattaneo-Vietti et al. 1990), petits invertebrats s\u00e8ssils que creixen sobre les esponges, que s\u00f3n la seva principal font d&#8217;aliment. La temporada reproductiva es dona entre mar\u00e7 i juny, i la posta consisteix en una estructura en forma de cinta d&#8217;uns 25 mm de llarg i 2 mm d&#8217;ample, que cont\u00e9 ous blancs d&#8217;aproximadament 80 micres de di\u00e0metre. Aquesta esp\u00e8cie \u00e9s sovint parasitada per cop\u00e8podes del g\u00e8nere <em>Splanchnotrophus<\/em>, que s&#8217;adhereixen a prop de les br\u00e0nquies i abracen la massa visceral.<\/p>\n<p><strong>Etimologia<\/strong><\/p>\n<ul>\n<li><em>Trapania<\/em>. El nom gen\u00e8ric original d&#8217;aquesta esp\u00e8cie era <em>Drepania<\/em>, proposat per Lafont el 1874. Pruvot-Fol el 1931 proposa canviar el nom gen\u00e8ric a <em>Trapania<\/em> per desambiguar-lo de Drepania H\u00fcbner, 1816 (un grup de lepid\u00f2pters). Madame Pruvot-Fol no indica la proced\u00e8ncia del nom, per\u00f2 hi ha dues teories: la primera seria dedicada a la ciutat de Trapani, capital de prov\u00edncia de la Sic\u00edlia occidental; la segona seria derivada del nom gen\u00e8ric original <em>Drepania<\/em>, derivat del grec &#8220;Drepane&#8221; que significa \u00abfal\u00e7\u00bb i presumiblement es refereix a la forma dels ap\u00e8ndixs situats als costats dels rin\u00f2fors i br\u00e0nquies en aquest g\u00e8nere. Pruvot Fol hauria triat el nou nom basant-se que t\u00e9 el mateix sentit, per\u00f2 no el mateix so i evitar aix\u00ed confusions.<\/li>\n<li><em>Lineata<\/em>. Del Llat\u00ed &#8220;lineatus&#8221;, amb l\u00ednies, ratllat.<\/li>\n<\/ul>\n<p><strong>Distribuci\u00f3<br \/>\n<\/strong>Aquesta esp\u00e8cie es distribueix per tot l&#8217;Atl\u00e0ntic nord-oriental i la mar Mediterr\u00e0nia. S&#8217;ha registrat des de les Illes Brit\u00e0niques, la badia d&#8217;Arcachon (Fran\u00e7a) fins a l&#8217;estret de Gibraltar a l&#8217;Atl\u00e0ntic, i a trav\u00e9s del Mediterrani, incloent-hi Fran\u00e7a, Sardenya, Turquia i la costa mediterr\u00e0nia ib\u00e8rica, incloent-hi les Illes Balears. Hi ha registres notables de localitats com Es Caials, Cadaqu\u00e9s, l&#8217;Escala, les Illes Medes, Palam\u00f3s, les Illes Formigues, Blanes, Matar\u00f3 i la Pineda (Salou). <div id=\"flxmap-6a99be7643051\" class='flxmap-container' data-flxmap='flxmap_6a99be7643051' style=\"width:100%;height:400px;\"><\/div>\n<script data-noptimize=\"1\">\n\/* <![CDATA[ *\/\n(function(w, fn) {\n if (w.addEventListener) w.addEventListener(\"DOMContentLoaded\", fn, false);\n else if (w.attachEvent) w.attachEvent(\"onload\", fn);\n})(window, function() {\n var f = new FlexibleMap();\n f.panControl = true;\n f.mapTypeId = \"satellite\";\n f.setlocale(\"ca-ES\");\n f.kmlcache = \"5 minutes\";\n f.showKML(\"flxmap-6a99be7643051\", \"https:\/\/opistobranquis.info\/wp-content\/uploads\/kms\/412.kmz\");\n window.flxmap_6a99be7643051 = f;\n});\n\/* ]]> *\/\n<\/script>\n<div style=\"width:100%;text-align:center;margin:12px 0 4px 0;\">\n  <div style=\"font-size:8pt;margin-bottom:6px;\">Cites georeferenciades conegudes de l'esp\u00e8cie: <em>Trapania lineata<\/em><\/div>\n  <table style=\"margin:0 auto;border-collapse:collapse;font-size:8pt;\">\n    <tr><td colspan=\"2\" style=\"text-align:left;padding-bottom:4px;\"><strong>Fonts:<\/strong><\/td><\/tr>\n    <tr>\n      <td style=\"vertical-align:top;padding-right:40px;\">\n        <table style=\"border-collapse:collapse;\">\n<tr><td style='padding:1px 6px 1px 0;vertical-align:middle'><img data-recalc-dims=\"1\" src=\"https:\/\/i0.wp.com\/opistobranquis.info\/wp-content\/uploads\/kms\/wht-circle-lv.png?w=900&#038;ssl=1\" style='display:block'><\/td><td style='padding:1px 0;vertical-align:middle;white-space:nowrap'>OBIS<\/td><\/tr><tr><td style='padding:1px 6px 1px 0;vertical-align:middle'><img data-recalc-dims=\"1\" src=\"https:\/\/i0.wp.com\/opistobranquis.info\/wp-content\/uploads\/kms\/ylw-circle-lv.png?w=900&#038;ssl=1\" style='display:block'><\/td><td style='padding:1px 0;vertical-align:middle;white-space:nowrap'>GROC 2010-2011<\/td><\/tr><tr><td style='padding:1px 6px 1px 0;vertical-align:middle'><img data-recalc-dims=\"1\" src=\"https:\/\/i0.wp.com\/opistobranquis.info\/wp-content\/uploads\/kms\/grn-circle-lv.png?w=900&#038;ssl=1\" style='display:block'><\/td><td style='padding:1px 0;vertical-align:middle;white-space:nowrap'>Enric Madrenas<\/td><\/tr><tr><td style='padding:1px 6px 1px 0;vertical-align:middle'><img data-recalc-dims=\"1\" src=\"https:\/\/i0.wp.com\/opistobranquis.info\/wp-content\/uploads\/kms\/orange-circle-lv.png?w=900&#038;ssl=1\" style='display:block'><\/td><td style='padding:1px 0;vertical-align:middle;white-space:nowrap'>Jo\u00e3o Pedro Silva<\/td><\/tr><tr><td style='padding:1px 6px 1px 0;vertical-align:middle'><img data-recalc-dims=\"1\" src=\"https:\/\/i0.wp.com\/opistobranquis.info\/wp-content\/uploads\/kms\/pink-circle-lv.png?w=900&#038;ssl=1\" style='display:block'><\/td><td style='padding:1px 0;vertical-align:middle;white-space:nowrap'>Bernard Picton<\/td><\/tr><tr><td style='padding:1px 6px 1px 0;vertical-align:middle'><img data-recalc-dims=\"1\" src=\"https:\/\/i0.wp.com\/opistobranquis.info\/wp-content\/uploads\/kms\/blk-circle-lv.png?w=900&#038;ssl=1\" style='display:block'><\/td><td style='padding:1px 0;vertical-align:middle;white-space:nowrap'>GBIF<\/td><\/tr>        <\/table>\n      <\/td>\n      <td style=\"vertical-align:top;\">\n        <table style=\"border-collapse:collapse;\">\n<tr><td style='padding:1px 6px 1px 0;vertical-align:middle'><img data-recalc-dims=\"1\" src=\"https:\/\/i0.wp.com\/opistobranquis.info\/wp-content\/uploads\/kms\/purple-circle-lv.png?w=900&#038;ssl=1\" style='display:block'><\/td><td style='padding:1px 0;vertical-align:middle;white-space:nowrap'>OPK<\/td><\/tr><tr><td style='padding:1px 6px 1px 0;vertical-align:middle'><img data-recalc-dims=\"1\" src=\"https:\/\/i0.wp.com\/opistobranquis.info\/wp-content\/uploads\/kms\/red-circle-lv.png?w=900&#038;ssl=1\" style='display:block'><\/td><td style='padding:1px 0;vertical-align:middle;white-space:nowrap'>VIMAR<\/td><\/tr><tr><td style='padding:1px 6px 1px 0;vertical-align:middle'><img data-recalc-dims=\"1\" src=\"https:\/\/i0.wp.com\/opistobranquis.info\/wp-content\/uploads\/kms\/blu-circle-lv.png?w=900&#038;ssl=1\" style='display:block'><\/td><td style='padding:1px 0;vertical-align:middle;white-space:nowrap'>Manuel Ballesteros<\/td><\/tr><tr><td style='padding:1px 6px 1px 0;vertical-align:middle'><img data-recalc-dims=\"1\" src=\"https:\/\/i0.wp.com\/opistobranquis.info\/wp-content\/uploads\/kms\/cyan-circle-lv.png?w=900&#038;ssl=1\" style='display:block'><\/td><td style='padding:1px 0;vertical-align:middle;white-space:nowrap'>M@re Nostrum<\/td><\/tr><tr><td style='padding:1px 6px 1px 0;vertical-align:middle'><img data-recalc-dims=\"1\" src=\"https:\/\/i0.wp.com\/opistobranquis.info\/wp-content\/uploads\/kms\/grey-circle-lv.png?w=900&#038;ssl=1\" style='display:block'><\/td><td style='padding:1px 0;vertical-align:middle;white-space:nowrap'>Altres fonts<\/td><\/tr><tr><td style='padding:1px 6px 1px 0;vertical-align:middle'><img data-recalc-dims=\"1\" src=\"https:\/\/i0.wp.com\/opistobranquis.info\/wp-content\/uploads\/kms\/marreg.png?w=900&#038;ssl=1\" style='display:block'><\/td><td style='padding:1px 0;vertical-align:middle;white-space:nowrap'>Marine Regions<\/td><\/tr>        <\/table>\n      <\/td>\n    <\/tr>\n  <\/table>\n<\/div>\n<\/p>\n<p><strong>Error:<\/strong> Chart.js no est\u00e1 disponible.<\/p>\n<p><strong>Videos<\/strong><\/p>\n<p><iframe loading=\"lazy\" title=\"Trapania lineata - Trapanie \u00e0 lignes blanches\" width=\"900\" height=\"506\" src=\"https:\/\/www.youtube.com\/embed\/prgiyRjfao4?feature=oembed\" frameborder=\"0\" allow=\"accelerometer; autoplay; clipboard-write; encrypted-media; gyroscope; picture-in-picture; web-share\" referrerpolicy=\"strict-origin-when-cross-origin\" allowfullscreen><\/iframe><\/p>\n<p><iframe loading=\"lazy\" src=\"https:\/\/player.vimeo.com\/video\/784329266?dnt=1&amp;app_id=122963\" width=\"900\" height=\"506\" frameborder=\"0\" allow=\"autoplay; fullscreen; picture-in-picture; clipboard-write; encrypted-media\"><\/iframe><\/p>\n<p><iframe loading=\"lazy\" src=\"https:\/\/player.vimeo.com\/video\/784329229?dnt=1&amp;app_id=122963\" width=\"900\" height=\"506\" frameborder=\"0\" allow=\"autoplay; fullscreen; picture-in-picture; clipboard-write; encrypted-media\"><\/iframe><\/p>\n<p><iframe loading=\"lazy\" src=\"https:\/\/player.vimeo.com\/video\/784329252?dnt=1&amp;app_id=122963\" width=\"900\" height=\"506\" frameborder=\"0\" allow=\"autoplay; fullscreen; picture-in-picture; clipboard-write; encrypted-media\"><\/iframe><\/p>\n<p>&nbsp;<\/p>\n<p><strong>Altres fotos<\/strong><br \/>\n<div class=\"tiled-gallery type-rectangular tiled-gallery-unresized\" data-original-width=\"900\" data-carousel-extra='{&quot;blog_id&quot;:1,&quot;permalink&quot;:&quot;https:\\\/\\\/opistobranquis.info\\\/ca\\\/guia\\\/nudibranchia\\\/doridina\\\/doridoidei\\\/onchidoridoidea\\\/trapania-lineata\\\/&quot;,&quot;likes_blog_id&quot;:44192421}' itemscope itemtype=\"http:\/\/schema.org\/ImageGallery\" > <div class=\"gallery-row\" style=\"width: 900px; height: 664px;\" data-original-width=\"900\" data-original-height=\"664\" > <div class=\"gallery-group images-1\" style=\"width: 450px; height: 664px;\" data-original-width=\"450\" data-original-height=\"664\" > <div class=\"tiled-gallery-item tiled-gallery-item-large\" itemprop=\"associatedMedia\" itemscope itemtype=\"http:\/\/schema.org\/ImageObject\"> <a href=\"https:\/\/opistobranquis.info\/ca\/guia\/nudibranchia\/doridina\/doridoidei\/onchidoridoidea\/trapania-lineata\/trapania-lineata-00\/\" border=\"0\" itemprop=\"url\"> <meta itemprop=\"width\" content=\"446\"> <meta itemprop=\"height\" content=\"660\"> <img decoding=\"async\" class=\"\" data-attachment-id=\"4875\" data-orig-file=\"https:\/\/opistobranquis.info\/wp-content\/uploads\/2012\/12\/trapania-lineata-00.jpg\" data-orig-size=\"412,610\" data-comments-opened=\"\" data-image-title=\"Trapania lineata by Enric Madrenas\" data-image-description=\"&lt;p&gt;Trapania lineata by Enric Madrenas&lt;\/p&gt; \" data-medium-file=\"https:\/\/i0.wp.com\/opistobranquis.info\/wp-content\/uploads\/2012\/12\/trapania-lineata-00.jpg?fit=202%2C300&#038;ssl=1\" data-large-file=\"https:\/\/i0.wp.com\/opistobranquis.info\/wp-content\/uploads\/2012\/12\/trapania-lineata-00.jpg?fit=412%2C610&#038;ssl=1\" src=\"https:\/\/i0.wp.com\/opistobranquis.info\/wp-content\/uploads\/2012\/12\/trapania-lineata-00.jpg?w=446&#038;h=660&#038;ssl=1\" srcset=\"https:\/\/i0.wp.com\/opistobranquis.info\/wp-content\/uploads\/2012\/12\/trapania-lineata-00.jpg?w=412&amp;ssl=1 412w, https:\/\/i0.wp.com\/opistobranquis.info\/wp-content\/uploads\/2012\/12\/trapania-lineata-00.jpg?resize=202%2C300&amp;ssl=1 202w\" width=\"446\" height=\"660\" loading=\"lazy\" data-original-width=\"446\" data-original-height=\"660\" itemprop=\"http:\/\/schema.org\/image\" title=\"Trapania lineata by Enric Madrenas\" alt=\"Trapania lineata by Enric Madrenas\" style=\"width: 446px; height: 660px;\" \/> <\/a> <div class=\"tiled-gallery-caption\" itemprop=\"caption description\"> Trapania lineata by Enric Madrenas <\/div> <\/div> <\/div> <!-- close group --> <div class=\"gallery-group images-1\" style=\"width: 450px; height: 664px;\" data-original-width=\"450\" data-original-height=\"664\" > <div class=\"tiled-gallery-item tiled-gallery-item-large\" itemprop=\"associatedMedia\" itemscope itemtype=\"http:\/\/schema.org\/ImageObject\"> <a href=\"https:\/\/opistobranquis.info\/ca\/guia\/nudibranchia\/doridina\/doridoidei\/onchidoridoidea\/trapania-lineata\/trapania-lineata-08\/\" border=\"0\" itemprop=\"url\"> <meta itemprop=\"width\" content=\"446\"> <meta itemprop=\"height\" content=\"660\"> <img decoding=\"async\" class=\"\" data-attachment-id=\"4876\" data-orig-file=\"https:\/\/opistobranquis.info\/wp-content\/uploads\/2012\/12\/trapania-lineata-08.jpg\" data-orig-size=\"412,610\" data-comments-opened=\"\" data-image-title=\"Trapania lineata by Enric Madrenas\" data-image-description=\"&lt;p&gt;Trapania lineata by Enric Madrenas&lt;\/p&gt; \" data-medium-file=\"https:\/\/i0.wp.com\/opistobranquis.info\/wp-content\/uploads\/2012\/12\/trapania-lineata-08.jpg?fit=202%2C300&#038;ssl=1\" data-large-file=\"https:\/\/i0.wp.com\/opistobranquis.info\/wp-content\/uploads\/2012\/12\/trapania-lineata-08.jpg?fit=412%2C610&#038;ssl=1\" src=\"https:\/\/i0.wp.com\/opistobranquis.info\/wp-content\/uploads\/2012\/12\/trapania-lineata-08.jpg?w=446&#038;h=660&#038;ssl=1\" srcset=\"https:\/\/i0.wp.com\/opistobranquis.info\/wp-content\/uploads\/2012\/12\/trapania-lineata-08.jpg?w=412&amp;ssl=1 412w, https:\/\/i0.wp.com\/opistobranquis.info\/wp-content\/uploads\/2012\/12\/trapania-lineata-08.jpg?resize=202%2C300&amp;ssl=1 202w\" width=\"446\" height=\"660\" loading=\"lazy\" data-original-width=\"446\" data-original-height=\"660\" itemprop=\"http:\/\/schema.org\/image\" title=\"Trapania lineata by Enric Madrenas\" alt=\"Trapania lineata by Enric Madrenas\" style=\"width: 446px; height: 660px;\" \/> <\/a> <div class=\"tiled-gallery-caption\" itemprop=\"caption description\"> Trapania lineata by Enric Madrenas <\/div> <\/div> <\/div> <!-- close group --> <\/div> <!-- close row --> <div class=\"gallery-row\" style=\"width: 900px; height: 770px;\" data-original-width=\"900\" data-original-height=\"770\" > <div class=\"gallery-group images-3\" style=\"width: 380px; height: 770px;\" data-original-width=\"380\" data-original-height=\"770\" > <div class=\"tiled-gallery-item tiled-gallery-item-large\" itemprop=\"associatedMedia\" itemscope itemtype=\"http:\/\/schema.org\/ImageObject\"> <a href=\"https:\/\/opistobranquis.info\/ca\/guia\/nudibranchia\/doridina\/doridoidei\/onchidoridoidea\/trapania-lineata\/trapania-lineata-11\/\" border=\"0\" itemprop=\"url\"> <meta itemprop=\"width\" content=\"376\"> <meta itemprop=\"height\" content=\"253\"> <img decoding=\"async\" class=\"\" data-attachment-id=\"4877\" data-orig-file=\"https:\/\/opistobranquis.info\/wp-content\/uploads\/2012\/12\/trapania-lineata-11.jpg\" data-orig-size=\"810,545\" data-comments-opened=\"\" data-image-title=\"Trapania lineata by Enric Madrenas\" data-image-description=\"&lt;p&gt;Trapania lineata by Enric Madrenas&lt;\/p&gt; \" data-medium-file=\"https:\/\/i0.wp.com\/opistobranquis.info\/wp-content\/uploads\/2012\/12\/trapania-lineata-11.jpg?fit=300%2C201&#038;ssl=1\" data-large-file=\"https:\/\/i0.wp.com\/opistobranquis.info\/wp-content\/uploads\/2012\/12\/trapania-lineata-11.jpg?fit=810%2C545&#038;ssl=1\" src=\"https:\/\/i0.wp.com\/opistobranquis.info\/wp-content\/uploads\/2012\/12\/trapania-lineata-11.jpg?w=376&#038;h=253&#038;ssl=1\" srcset=\"https:\/\/i0.wp.com\/opistobranquis.info\/wp-content\/uploads\/2012\/12\/trapania-lineata-11.jpg?w=810&amp;ssl=1 810w, https:\/\/i0.wp.com\/opistobranquis.info\/wp-content\/uploads\/2012\/12\/trapania-lineata-11.jpg?resize=300%2C201&amp;ssl=1 300w\" width=\"376\" height=\"253\" loading=\"lazy\" data-original-width=\"376\" data-original-height=\"253\" itemprop=\"http:\/\/schema.org\/image\" title=\"Trapania lineata by Enric Madrenas\" alt=\"Trapania lineata by Enric Madrenas\" style=\"width: 376px; height: 253px;\" \/> <\/a> <div class=\"tiled-gallery-caption\" itemprop=\"caption description\"> Trapania lineata by Enric Madrenas <\/div> <\/div> <div class=\"tiled-gallery-item tiled-gallery-item-large\" itemprop=\"associatedMedia\" itemscope itemtype=\"http:\/\/schema.org\/ImageObject\"> <a href=\"https:\/\/opistobranquis.info\/ca\/guia\/nudibranchia\/doridina\/doridoidei\/onchidoridoidea\/trapania-lineata\/trapania-lineata-15\/\" border=\"0\" itemprop=\"url\"> <meta itemprop=\"width\" content=\"376\"> <meta itemprop=\"height\" content=\"253\"> <img decoding=\"async\" class=\"\" data-attachment-id=\"4878\" data-orig-file=\"https:\/\/opistobranquis.info\/wp-content\/uploads\/2012\/12\/trapania-lineata-15.jpg\" data-orig-size=\"810,545\" data-comments-opened=\"\" data-image-title=\"Trapania lineata by Enric Madrenas\" data-image-description=\"&lt;p&gt;Trapania lineata by Enric Madrenas&lt;\/p&gt; \" data-medium-file=\"https:\/\/i0.wp.com\/opistobranquis.info\/wp-content\/uploads\/2012\/12\/trapania-lineata-15.jpg?fit=300%2C201&#038;ssl=1\" data-large-file=\"https:\/\/i0.wp.com\/opistobranquis.info\/wp-content\/uploads\/2012\/12\/trapania-lineata-15.jpg?fit=810%2C545&#038;ssl=1\" src=\"https:\/\/i0.wp.com\/opistobranquis.info\/wp-content\/uploads\/2012\/12\/trapania-lineata-15.jpg?w=376&#038;h=253&#038;ssl=1\" srcset=\"https:\/\/i0.wp.com\/opistobranquis.info\/wp-content\/uploads\/2012\/12\/trapania-lineata-15.jpg?w=810&amp;ssl=1 810w, https:\/\/i0.wp.com\/opistobranquis.info\/wp-content\/uploads\/2012\/12\/trapania-lineata-15.jpg?resize=300%2C201&amp;ssl=1 300w\" width=\"376\" height=\"253\" loading=\"lazy\" data-original-width=\"376\" data-original-height=\"253\" itemprop=\"http:\/\/schema.org\/image\" title=\"Trapania lineata by Enric Madrenas\" alt=\"Trapania lineata by Enric Madrenas\" style=\"width: 376px; height: 253px;\" \/> <\/a> <div class=\"tiled-gallery-caption\" itemprop=\"caption description\"> Trapania lineata by Enric Madrenas <\/div> <\/div> <div class=\"tiled-gallery-item tiled-gallery-item-large\" itemprop=\"associatedMedia\" itemscope itemtype=\"http:\/\/schema.org\/ImageObject\"> <a href=\"https:\/\/opistobranquis.info\/ca\/guia\/nudibranchia\/doridina\/doridoidei\/onchidoridoidea\/trapania-lineata\/trapania-lineata-18\/\" border=\"0\" itemprop=\"url\"> <meta itemprop=\"width\" content=\"376\"> <meta itemprop=\"height\" content=\"252\"> <img decoding=\"async\" class=\"\" data-attachment-id=\"4879\" data-orig-file=\"https:\/\/opistobranquis.info\/wp-content\/uploads\/2012\/12\/trapania-lineata-18.jpg\" data-orig-size=\"810,545\" data-comments-opened=\"\" data-image-title=\"Trapania lineata by Enric Madrenas\" data-image-description=\"&lt;p&gt;Trapania lineata by Enric Madrenas&lt;\/p&gt; \" data-medium-file=\"https:\/\/i0.wp.com\/opistobranquis.info\/wp-content\/uploads\/2012\/12\/trapania-lineata-18.jpg?fit=300%2C201&#038;ssl=1\" data-large-file=\"https:\/\/i0.wp.com\/opistobranquis.info\/wp-content\/uploads\/2012\/12\/trapania-lineata-18.jpg?fit=810%2C545&#038;ssl=1\" src=\"https:\/\/i0.wp.com\/opistobranquis.info\/wp-content\/uploads\/2012\/12\/trapania-lineata-18.jpg?w=376&#038;h=252&#038;ssl=1\" srcset=\"https:\/\/i0.wp.com\/opistobranquis.info\/wp-content\/uploads\/2012\/12\/trapania-lineata-18.jpg?w=810&amp;ssl=1 810w, https:\/\/i0.wp.com\/opistobranquis.info\/wp-content\/uploads\/2012\/12\/trapania-lineata-18.jpg?resize=300%2C201&amp;ssl=1 300w\" width=\"376\" height=\"252\" loading=\"lazy\" data-original-width=\"376\" data-original-height=\"252\" itemprop=\"http:\/\/schema.org\/image\" title=\"Trapania lineata by Enric Madrenas\" alt=\"Trapania lineata by Enric Madrenas\" style=\"width: 376px; height: 252px;\" \/> <\/a> <div class=\"tiled-gallery-caption\" itemprop=\"caption description\"> Trapania lineata by Enric Madrenas <\/div> <\/div> <\/div> <!-- close group --> <div class=\"gallery-group images-1\" style=\"width: 520px; height: 770px;\" data-original-width=\"520\" data-original-height=\"770\" > <div class=\"tiled-gallery-item tiled-gallery-item-large\" itemprop=\"associatedMedia\" itemscope itemtype=\"http:\/\/schema.org\/ImageObject\"> <a href=\"https:\/\/opistobranquis.info\/ca\/guia\/nudibranchia\/doridina\/doridoidei\/onchidoridoidea\/trapania-lineata\/trapania-lineata-22\/\" border=\"0\" itemprop=\"url\"> <meta itemprop=\"width\" content=\"516\"> <meta itemprop=\"height\" content=\"766\"> <img decoding=\"async\" class=\"\" data-attachment-id=\"4880\" data-orig-file=\"https:\/\/opistobranquis.info\/wp-content\/uploads\/2012\/12\/trapania-lineata-22.jpg\" data-orig-size=\"411,610\" data-comments-opened=\"\" data-image-title=\"Trapania lineata by Enric Madrenas\" data-image-description=\"&lt;p&gt;Trapania lineata by Enric Madrenas&lt;\/p&gt; \" data-medium-file=\"https:\/\/i0.wp.com\/opistobranquis.info\/wp-content\/uploads\/2012\/12\/trapania-lineata-22.jpg?fit=202%2C300&#038;ssl=1\" data-large-file=\"https:\/\/i0.wp.com\/opistobranquis.info\/wp-content\/uploads\/2012\/12\/trapania-lineata-22.jpg?fit=411%2C610&#038;ssl=1\" src=\"https:\/\/i0.wp.com\/opistobranquis.info\/wp-content\/uploads\/2012\/12\/trapania-lineata-22.jpg?w=516&#038;h=766&#038;ssl=1\" srcset=\"https:\/\/i0.wp.com\/opistobranquis.info\/wp-content\/uploads\/2012\/12\/trapania-lineata-22.jpg?w=411&amp;ssl=1 411w, https:\/\/i0.wp.com\/opistobranquis.info\/wp-content\/uploads\/2012\/12\/trapania-lineata-22.jpg?resize=202%2C300&amp;ssl=1 202w\" width=\"516\" height=\"766\" loading=\"lazy\" data-original-width=\"516\" data-original-height=\"766\" itemprop=\"http:\/\/schema.org\/image\" title=\"Trapania lineata by Enric Madrenas\" alt=\"Trapania lineata by Enric Madrenas\" style=\"width: 516px; height: 766px;\" \/> <\/a> <div class=\"tiled-gallery-caption\" itemprop=\"caption description\"> Trapania lineata by Enric Madrenas <\/div> <\/div> <\/div> <!-- close group --> <\/div> <!-- close row --> <div class=\"gallery-row\" style=\"width: 900px; height: 770px;\" data-original-width=\"900\" data-original-height=\"770\" > <div class=\"gallery-group images-1\" style=\"width: 520px; height: 770px;\" data-original-width=\"520\" data-original-height=\"770\" > <div class=\"tiled-gallery-item tiled-gallery-item-large\" itemprop=\"associatedMedia\" itemscope itemtype=\"http:\/\/schema.org\/ImageObject\"> <a href=\"https:\/\/opistobranquis.info\/ca\/guia\/nudibranchia\/doridina\/doridoidei\/onchidoridoidea\/trapania-lineata\/trapania-lineata-25\/\" border=\"0\" itemprop=\"url\"> <meta itemprop=\"width\" content=\"516\"> <meta itemprop=\"height\" content=\"766\"> <img decoding=\"async\" class=\"\" data-attachment-id=\"4881\" data-orig-file=\"https:\/\/opistobranquis.info\/wp-content\/uploads\/2012\/12\/trapania-lineata-25.jpg\" data-orig-size=\"411,610\" data-comments-opened=\"\" data-image-title=\"Trapania lineata by Enric Madrenas\" data-image-description=\"&lt;p&gt;Trapania lineata by Enric Madrenas&lt;\/p&gt; \" data-medium-file=\"https:\/\/i0.wp.com\/opistobranquis.info\/wp-content\/uploads\/2012\/12\/trapania-lineata-25.jpg?fit=202%2C300&#038;ssl=1\" data-large-file=\"https:\/\/i0.wp.com\/opistobranquis.info\/wp-content\/uploads\/2012\/12\/trapania-lineata-25.jpg?fit=411%2C610&#038;ssl=1\" src=\"https:\/\/i0.wp.com\/opistobranquis.info\/wp-content\/uploads\/2012\/12\/trapania-lineata-25.jpg?w=516&#038;h=766&#038;ssl=1\" srcset=\"https:\/\/i0.wp.com\/opistobranquis.info\/wp-content\/uploads\/2012\/12\/trapania-lineata-25.jpg?w=411&amp;ssl=1 411w, https:\/\/i0.wp.com\/opistobranquis.info\/wp-content\/uploads\/2012\/12\/trapania-lineata-25.jpg?resize=202%2C300&amp;ssl=1 202w\" width=\"516\" height=\"766\" loading=\"lazy\" data-original-width=\"516\" data-original-height=\"766\" itemprop=\"http:\/\/schema.org\/image\" title=\"Trapania lineata by Enric Madrenas\" alt=\"Trapania lineata by Enric Madrenas\" style=\"width: 516px; height: 766px;\" \/> <\/a> <div class=\"tiled-gallery-caption\" itemprop=\"caption description\"> Trapania lineata by Enric Madrenas <\/div> <\/div> <\/div> <!-- close group --> <div class=\"gallery-group images-3\" style=\"width: 380px; height: 770px;\" data-original-width=\"380\" data-original-height=\"770\" > <div class=\"tiled-gallery-item tiled-gallery-item-large\" itemprop=\"associatedMedia\" itemscope itemtype=\"http:\/\/schema.org\/ImageObject\"> <a href=\"https:\/\/opistobranquis.info\/ca\/guia\/nudibranchia\/doridina\/doridoidei\/onchidoridoidea\/trapania-lineata\/trapania-lineata-27\/\" border=\"0\" itemprop=\"url\"> <meta itemprop=\"width\" content=\"376\"> <meta itemprop=\"height\" content=\"252\"> <img decoding=\"async\" class=\"\" data-attachment-id=\"4882\" data-orig-file=\"https:\/\/opistobranquis.info\/wp-content\/uploads\/2012\/12\/trapania-lineata-27.jpg\" data-orig-size=\"810,544\" data-comments-opened=\"\" data-image-title=\"Trapania lineata by Enric Madrenas\" data-image-description=\"&lt;p&gt;Trapania lineata by Enric Madrenas&lt;\/p&gt; \" data-medium-file=\"https:\/\/i0.wp.com\/opistobranquis.info\/wp-content\/uploads\/2012\/12\/trapania-lineata-27.jpg?fit=300%2C201&#038;ssl=1\" data-large-file=\"https:\/\/i0.wp.com\/opistobranquis.info\/wp-content\/uploads\/2012\/12\/trapania-lineata-27.jpg?fit=810%2C544&#038;ssl=1\" src=\"https:\/\/i0.wp.com\/opistobranquis.info\/wp-content\/uploads\/2012\/12\/trapania-lineata-27.jpg?w=376&#038;h=252&#038;ssl=1\" srcset=\"https:\/\/i0.wp.com\/opistobranquis.info\/wp-content\/uploads\/2012\/12\/trapania-lineata-27.jpg?w=810&amp;ssl=1 810w, https:\/\/i0.wp.com\/opistobranquis.info\/wp-content\/uploads\/2012\/12\/trapania-lineata-27.jpg?resize=300%2C201&amp;ssl=1 300w\" width=\"376\" height=\"252\" loading=\"lazy\" data-original-width=\"376\" data-original-height=\"252\" itemprop=\"http:\/\/schema.org\/image\" title=\"Trapania lineata by Enric Madrenas\" alt=\"Trapania lineata by Enric Madrenas\" style=\"width: 376px; height: 252px;\" \/> <\/a> <div class=\"tiled-gallery-caption\" itemprop=\"caption description\"> Trapania lineata by Enric Madrenas <\/div> <\/div> <div class=\"tiled-gallery-item tiled-gallery-item-large\" itemprop=\"associatedMedia\" itemscope itemtype=\"http:\/\/schema.org\/ImageObject\"> <a href=\"https:\/\/opistobranquis.info\/ca\/guia\/nudibranchia\/doridina\/doridoidei\/onchidoridoidea\/trapania-lineata\/trapania-lineata-29\/\" border=\"0\" itemprop=\"url\"> <meta itemprop=\"width\" content=\"376\"> <meta itemprop=\"height\" content=\"253\"> <img decoding=\"async\" class=\"\" data-attachment-id=\"4883\" data-orig-file=\"https:\/\/opistobranquis.info\/wp-content\/uploads\/2012\/12\/trapania-lineata-29.jpg\" data-orig-size=\"810,545\" data-comments-opened=\"\" data-image-title=\"Trapania lineata by Enric Madrenas\" data-image-description=\"&lt;p&gt;Trapania lineata by Enric Madrenas&lt;\/p&gt; \" data-medium-file=\"https:\/\/i0.wp.com\/opistobranquis.info\/wp-content\/uploads\/2012\/12\/trapania-lineata-29.jpg?fit=300%2C201&#038;ssl=1\" data-large-file=\"https:\/\/i0.wp.com\/opistobranquis.info\/wp-content\/uploads\/2012\/12\/trapania-lineata-29.jpg?fit=810%2C545&#038;ssl=1\" src=\"https:\/\/i0.wp.com\/opistobranquis.info\/wp-content\/uploads\/2012\/12\/trapania-lineata-29.jpg?w=376&#038;h=253&#038;ssl=1\" srcset=\"https:\/\/i0.wp.com\/opistobranquis.info\/wp-content\/uploads\/2012\/12\/trapania-lineata-29.jpg?w=810&amp;ssl=1 810w, https:\/\/i0.wp.com\/opistobranquis.info\/wp-content\/uploads\/2012\/12\/trapania-lineata-29.jpg?resize=300%2C201&amp;ssl=1 300w\" width=\"376\" height=\"253\" loading=\"lazy\" data-original-width=\"376\" data-original-height=\"253\" itemprop=\"http:\/\/schema.org\/image\" title=\"Trapania lineata by Enric Madrenas\" alt=\"Trapania lineata by Enric Madrenas\" style=\"width: 376px; height: 253px;\" \/> <\/a> <div class=\"tiled-gallery-caption\" itemprop=\"caption description\"> Trapania lineata by Enric Madrenas <\/div> <\/div> <div class=\"tiled-gallery-item tiled-gallery-item-large\" itemprop=\"associatedMedia\" itemscope itemtype=\"http:\/\/schema.org\/ImageObject\"> <a href=\"https:\/\/opistobranquis.info\/ca\/guia\/nudibranchia\/doridina\/doridoidei\/onchidoridoidea\/trapania-lineata\/trapania-lineata-32\/\" border=\"0\" itemprop=\"url\"> <meta itemprop=\"width\" content=\"376\"> <meta itemprop=\"height\" content=\"253\"> <img decoding=\"async\" class=\"\" data-attachment-id=\"4884\" data-orig-file=\"https:\/\/opistobranquis.info\/wp-content\/uploads\/2012\/12\/trapania-lineata-32.jpg\" data-orig-size=\"810,545\" data-comments-opened=\"\" data-image-title=\"Trapania lineata by Enric Madrenas\" data-image-description=\"&lt;p&gt;Trapania lineata by Enric Madrenas&lt;\/p&gt; \" data-medium-file=\"https:\/\/i0.wp.com\/opistobranquis.info\/wp-content\/uploads\/2012\/12\/trapania-lineata-32.jpg?fit=300%2C201&#038;ssl=1\" data-large-file=\"https:\/\/i0.wp.com\/opistobranquis.info\/wp-content\/uploads\/2012\/12\/trapania-lineata-32.jpg?fit=810%2C545&#038;ssl=1\" src=\"https:\/\/i0.wp.com\/opistobranquis.info\/wp-content\/uploads\/2012\/12\/trapania-lineata-32.jpg?w=376&#038;h=253&#038;ssl=1\" srcset=\"https:\/\/i0.wp.com\/opistobranquis.info\/wp-content\/uploads\/2012\/12\/trapania-lineata-32.jpg?w=810&amp;ssl=1 810w, https:\/\/i0.wp.com\/opistobranquis.info\/wp-content\/uploads\/2012\/12\/trapania-lineata-32.jpg?resize=300%2C201&amp;ssl=1 300w\" width=\"376\" height=\"253\" loading=\"lazy\" data-original-width=\"376\" data-original-height=\"253\" itemprop=\"http:\/\/schema.org\/image\" title=\"Trapania lineata by Enric Madrenas\" alt=\"Trapania lineata by Enric Madrenas\" style=\"width: 376px; height: 253px;\" \/> <\/a> <div class=\"tiled-gallery-caption\" itemprop=\"caption description\"> Trapania lineata by Enric Madrenas <\/div> <\/div> <\/div> <!-- close group --> <\/div> <!-- close row --> <div class=\"gallery-row\" style=\"width: 900px; height: 434px;\" data-original-width=\"900\" data-original-height=\"434\" > <div class=\"gallery-group images-2\" style=\"width: 285px; height: 434px;\" data-original-width=\"285\" data-original-height=\"434\" > <div class=\"tiled-gallery-item tiled-gallery-item-large\" itemprop=\"associatedMedia\" itemscope itemtype=\"http:\/\/schema.org\/ImageObject\"> <a href=\"https:\/\/opistobranquis.info\/ca\/guia\/nudibranchia\/doridina\/doridoidei\/onchidoridoidea\/trapania-lineata\/trapania-pallida-2\/\" border=\"0\" itemprop=\"url\"> <meta itemprop=\"width\" content=\"281\"> <meta itemprop=\"height\" content=\"187\"> <img decoding=\"async\" class=\"\" data-attachment-id=\"4892\" data-orig-file=\"https:\/\/opistobranquis.info\/wp-content\/uploads\/2012\/12\/trapania-pallida.jpg\" data-orig-size=\"800,533\" data-comments-opened=\"\" data-image-title=\"Trapania lineata (ex T.pallida) @ Asturias by Luis \u00c1ngel D\u00edaz\" data-image-description=\"&lt;p&gt;Trapania lineata (ex T.pallida) @ Asturias by Luis \u00c1ngel D\u00edaz&lt;\/p&gt; \" data-medium-file=\"https:\/\/i0.wp.com\/opistobranquis.info\/wp-content\/uploads\/2012\/12\/trapania-pallida.jpg?fit=300%2C199&#038;ssl=1\" data-large-file=\"https:\/\/i0.wp.com\/opistobranquis.info\/wp-content\/uploads\/2012\/12\/trapania-pallida.jpg?fit=800%2C533&#038;ssl=1\" src=\"https:\/\/i0.wp.com\/opistobranquis.info\/wp-content\/uploads\/2012\/12\/trapania-pallida.jpg?w=281&#038;h=187&#038;ssl=1\" srcset=\"https:\/\/i0.wp.com\/opistobranquis.info\/wp-content\/uploads\/2012\/12\/trapania-pallida.jpg?w=800&amp;ssl=1 800w, https:\/\/i0.wp.com\/opistobranquis.info\/wp-content\/uploads\/2012\/12\/trapania-pallida.jpg?resize=300%2C199&amp;ssl=1 300w\" width=\"281\" height=\"187\" loading=\"lazy\" data-original-width=\"281\" data-original-height=\"187\" itemprop=\"http:\/\/schema.org\/image\" title=\"Trapania lineata (ex T.pallida) @ Asturias by Luis \u00c1ngel D\u00edaz\" alt=\"Trapania lineata (ex T.pallida) @ Asturias by Luis \u00c1ngel D\u00edaz\" style=\"width: 281px; height: 187px;\" \/> <\/a> <div class=\"tiled-gallery-caption\" itemprop=\"caption description\"> Trapania lineata (ex T.pallida) @ Asturias by Luis \u00c1ngel D\u00edaz <\/div> <\/div> <div class=\"tiled-gallery-item tiled-gallery-item-large\" itemprop=\"associatedMedia\" itemscope itemtype=\"http:\/\/schema.org\/ImageObject\"> <a href=\"https:\/\/opistobranquis.info\/ca\/guia\/nudibranchia\/doridina\/doridoidei\/onchidoridoidea\/trapania-lineata\/radula-de-trapania-lineata-by-luis-sanchez-tocino\/\" border=\"0\" itemprop=\"url\"> <meta itemprop=\"width\" content=\"281\"> <meta itemprop=\"height\" content=\"239\"> <img decoding=\"async\" class=\"\" data-attachment-id=\"17040\" data-orig-file=\"https:\/\/opistobranquis.info\/wp-content\/uploads\/2014\/12\/Radula-de-Trapania-lineata-by-Luis-S\u00e1nchez-Tocino.png\" data-orig-size=\"597,506\" data-comments-opened=\"\" data-image-title=\"Radula de Trapania lineata by Luis S\u00e1nchez-Tocino\" data-image-description=\"&lt;p&gt;Radula de Trapania lineata by Luis S\u00e1nchez-Tocino&lt;\/p&gt; \" data-medium-file=\"https:\/\/i0.wp.com\/opistobranquis.info\/wp-content\/uploads\/2014\/12\/Radula-de-Trapania-lineata-by-Luis-S%C3%A1nchez-Tocino.png?fit=300%2C254&#038;ssl=1\" data-large-file=\"https:\/\/i0.wp.com\/opistobranquis.info\/wp-content\/uploads\/2014\/12\/Radula-de-Trapania-lineata-by-Luis-S%C3%A1nchez-Tocino.png?fit=597%2C506&#038;ssl=1\" src=\"https:\/\/i0.wp.com\/opistobranquis.info\/wp-content\/uploads\/2014\/12\/Radula-de-Trapania-lineata-by-Luis-S%C3%A1nchez-Tocino.png?w=281&#038;h=239&#038;ssl=1\" width=\"281\" height=\"239\" loading=\"lazy\" data-original-width=\"281\" data-original-height=\"239\" itemprop=\"http:\/\/schema.org\/image\" title=\"Radula de Trapania lineata by Luis S\u00e1nchez-Tocino\" alt=\"Radula de Trapania lineata by Luis S\u00e1nchez-Tocino\" style=\"width: 281px; height: 239px;\" \/> <\/a> <div class=\"tiled-gallery-caption\" itemprop=\"caption description\"> Radula de Trapania lineata by Luis S\u00e1nchez-Tocino <\/div> <\/div> <\/div> <!-- close group --> <div class=\"gallery-group images-1\" style=\"width: 291px; height: 434px;\" data-original-width=\"291\" data-original-height=\"434\" > <div class=\"tiled-gallery-item tiled-gallery-item-large\" itemprop=\"associatedMedia\" itemscope itemtype=\"http:\/\/schema.org\/ImageObject\"> <a href=\"https:\/\/opistobranquis.info\/ca\/guia\/nudibranchia\/doridina\/doridoidei\/onchidoridoidea\/trapania-lineata\/trapania-pallida-portugal-by-joao-pedro-silva-2\/\" border=\"0\" itemprop=\"url\"> <meta itemprop=\"width\" content=\"287\"> <meta itemprop=\"height\" content=\"430\"> <img decoding=\"async\" class=\"\" data-attachment-id=\"17306\" data-orig-file=\"https:\/\/opistobranquis.info\/wp-content\/uploads\/2014\/12\/Trapania-pallida-Portugal-by-Jo\u00e3o-Pedro-Silva-2.jpg\" data-orig-size=\"533,800\" data-comments-opened=\"\" data-image-title=\"Trapania lineata (ex-T.pallida) (Portugal) by Jo\u00e3o Pedro Silva\" data-image-description=\"&lt;p&gt;Trapania lineata (ex-T.pallida) (Portugal) by Jo\u00e3o Pedro Silva&lt;\/p&gt; \" data-medium-file=\"https:\/\/i0.wp.com\/opistobranquis.info\/wp-content\/uploads\/2014\/12\/Trapania-pallida-Portugal-by-Jo%C3%A3o-Pedro-Silva-2.jpg?fit=200%2C300&#038;ssl=1\" data-large-file=\"https:\/\/i0.wp.com\/opistobranquis.info\/wp-content\/uploads\/2014\/12\/Trapania-pallida-Portugal-by-Jo%C3%A3o-Pedro-Silva-2.jpg?fit=533%2C800&#038;ssl=1\" src=\"https:\/\/i0.wp.com\/opistobranquis.info\/wp-content\/uploads\/2014\/12\/Trapania-pallida-Portugal-by-Jo%C3%A3o-Pedro-Silva-2.jpg?w=287&#038;h=430&#038;ssl=1\" width=\"287\" height=\"430\" loading=\"lazy\" data-original-width=\"287\" data-original-height=\"430\" itemprop=\"http:\/\/schema.org\/image\" title=\"Trapania lineata (ex-T.pallida) (Portugal) by Jo\u00e3o Pedro Silva\" alt=\"Trapania lineata (ex-T.pallida) (Portugal) by Jo\u00e3o Pedro Silva\" style=\"width: 287px; height: 430px;\" \/> <\/a> <div class=\"tiled-gallery-caption\" itemprop=\"caption description\"> Trapania lineata (ex-T.pallida) (Portugal) by Jo\u00e3o Pedro Silva <\/div> <\/div> <\/div> <!-- close group --> <div class=\"gallery-group images-2\" style=\"width: 324px; height: 434px;\" data-original-width=\"324\" data-original-height=\"434\" > <div class=\"tiled-gallery-item tiled-gallery-item-large\" itemprop=\"associatedMedia\" itemscope itemtype=\"http:\/\/schema.org\/ImageObject\"> <a href=\"https:\/\/opistobranquis.info\/ca\/guia\/nudibranchia\/doridina\/doridoidei\/onchidoridoidea\/trapania-lineata\/trapania-pallida-portugal-by-joao-pedro-silva-3\/\" border=\"0\" itemprop=\"url\"> <meta itemprop=\"width\" content=\"320\"> <meta itemprop=\"height\" content=\"213\"> <img decoding=\"async\" class=\"\" data-attachment-id=\"17307\" data-orig-file=\"https:\/\/opistobranquis.info\/wp-content\/uploads\/2014\/12\/Trapania-pallida-Portugal-by-Jo\u00e3o-Pedro-Silva-3.jpg\" data-orig-size=\"800,533\" data-comments-opened=\"\" data-image-title=\"Trapania lineata (ex-T.pallida) (Portugal) by Jo\u00e3o Pedro Silva\" data-image-description=\"&lt;p&gt;Trapania lineata (ex-T.pallida) (Portugal) by Jo\u00e3o Pedro Silva&lt;\/p&gt; \" data-medium-file=\"https:\/\/i0.wp.com\/opistobranquis.info\/wp-content\/uploads\/2014\/12\/Trapania-pallida-Portugal-by-Jo%C3%A3o-Pedro-Silva-3.jpg?fit=300%2C200&#038;ssl=1\" data-large-file=\"https:\/\/i0.wp.com\/opistobranquis.info\/wp-content\/uploads\/2014\/12\/Trapania-pallida-Portugal-by-Jo%C3%A3o-Pedro-Silva-3.jpg?fit=800%2C533&#038;ssl=1\" src=\"https:\/\/i0.wp.com\/opistobranquis.info\/wp-content\/uploads\/2014\/12\/Trapania-pallida-Portugal-by-Jo%C3%A3o-Pedro-Silva-3.jpg?w=320&#038;h=213&#038;ssl=1\" width=\"320\" height=\"213\" loading=\"lazy\" data-original-width=\"320\" data-original-height=\"213\" itemprop=\"http:\/\/schema.org\/image\" title=\"Trapania lineata (ex-T.pallida) (Portugal) by Jo\u00e3o Pedro Silva\" alt=\"Trapania lineata (ex-T.pallida) (Portugal) by Jo\u00e3o Pedro Silva\" style=\"width: 320px; height: 213px;\" \/> <\/a> <div class=\"tiled-gallery-caption\" itemprop=\"caption description\"> Trapania lineata (ex-T.pallida) (Portugal) by Jo\u00e3o Pedro Silva <\/div> <\/div> <div class=\"tiled-gallery-item tiled-gallery-item-large\" itemprop=\"associatedMedia\" itemscope itemtype=\"http:\/\/schema.org\/ImageObject\"> <a href=\"https:\/\/opistobranquis.info\/ca\/guia\/nudibranchia\/doridina\/doridoidei\/onchidoridoidea\/trapania-lineata\/trapania-pallida-portugal-by-joao-pedro-silva\/\" border=\"0\" itemprop=\"url\"> <meta itemprop=\"width\" content=\"320\"> <meta itemprop=\"height\" content=\"213\"> <img decoding=\"async\" class=\"\" data-attachment-id=\"17308\" data-orig-file=\"https:\/\/opistobranquis.info\/wp-content\/uploads\/2014\/12\/Trapania-pallida-Portugal-by-Jo\u00e3o-Pedro-Silva.jpg\" data-orig-size=\"800,533\" data-comments-opened=\"\" data-image-title=\"Trapania lineata (ex-T.pallida) (Portugal) by Jo\u00e3o Pedro Silva\" data-image-description=\"&lt;p&gt;Trapania lineata (ex-T.pallida) (Portugal) by Jo\u00e3o Pedro Silva&lt;\/p&gt; \" data-medium-file=\"https:\/\/i0.wp.com\/opistobranquis.info\/wp-content\/uploads\/2014\/12\/Trapania-pallida-Portugal-by-Jo%C3%A3o-Pedro-Silva.jpg?fit=300%2C200&#038;ssl=1\" data-large-file=\"https:\/\/i0.wp.com\/opistobranquis.info\/wp-content\/uploads\/2014\/12\/Trapania-pallida-Portugal-by-Jo%C3%A3o-Pedro-Silva.jpg?fit=800%2C533&#038;ssl=1\" src=\"https:\/\/i0.wp.com\/opistobranquis.info\/wp-content\/uploads\/2014\/12\/Trapania-pallida-Portugal-by-Jo%C3%A3o-Pedro-Silva.jpg?w=320&#038;h=213&#038;ssl=1\" width=\"320\" height=\"213\" loading=\"lazy\" data-original-width=\"320\" data-original-height=\"213\" itemprop=\"http:\/\/schema.org\/image\" title=\"Trapania lineata (ex-T.pallida) (Portugal) by Jo\u00e3o Pedro Silva\" alt=\"Trapania lineata (ex-T.pallida) (Portugal) by Jo\u00e3o Pedro Silva\" style=\"width: 320px; height: 213px;\" \/> <\/a> <div class=\"tiled-gallery-caption\" itemprop=\"caption description\"> Trapania lineata (ex-T.pallida) (Portugal) by Jo\u00e3o Pedro Silva <\/div> <\/div> <\/div> <!-- close group --> <\/div> <!-- close row --> <div class=\"gallery-row\" style=\"width: 900px; height: 599px;\" data-original-width=\"900\" data-original-height=\"599\" > <div class=\"gallery-group images-1\" style=\"width: 491px; height: 599px;\" data-original-width=\"491\" data-original-height=\"599\" > <div class=\"tiled-gallery-item tiled-gallery-item-large\" itemprop=\"associatedMedia\" itemscope itemtype=\"http:\/\/schema.org\/ImageObject\"> <a href=\"https:\/\/opistobranquis.info\/ca\/guia\/nudibranchia\/doridina\/doridoidei\/onchidoridoidea\/trapania-lineata\/olympus-digital-camera-49\/\" border=\"0\" itemprop=\"url\"> <meta itemprop=\"width\" content=\"487\"> <meta itemprop=\"height\" content=\"595\"> <img decoding=\"async\" class=\"\" data-attachment-id=\"17930\" data-orig-file=\"https:\/\/opistobranquis.info\/wp-content\/uploads\/2012\/10\/Trapania-pallida-@-Tarifa-by-Manuel-Mart\u00ednez-Chac\u00f3n.jpg\" data-orig-size=\"800,977\" data-comments-opened=\"\" data-image-title=\"Trapania lineata (ex-T.pallida) @ Tarifa by Manuel Mart\u00ednez Chac\u00f3n\" data-image-description=\"&lt;p&gt;Trapania lineata (ex-T.pallida) @ Tarifa by Manuel Mart\u00ednez Chac\u00f3n&lt;\/p&gt; \" data-medium-file=\"https:\/\/i0.wp.com\/opistobranquis.info\/wp-content\/uploads\/2012\/10\/Trapania-pallida-%40-Tarifa-by-Manuel-Mart%C3%ADnez-Chac%C3%B3n.jpg?fit=246%2C300&#038;ssl=1\" data-large-file=\"https:\/\/i0.wp.com\/opistobranquis.info\/wp-content\/uploads\/2012\/10\/Trapania-pallida-%40-Tarifa-by-Manuel-Mart%C3%ADnez-Chac%C3%B3n.jpg?fit=800%2C977&#038;ssl=1\" src=\"https:\/\/i0.wp.com\/opistobranquis.info\/wp-content\/uploads\/2012\/10\/Trapania-pallida-%40-Tarifa-by-Manuel-Mart%C3%ADnez-Chac%C3%B3n.jpg?w=487&#038;h=595&#038;ssl=1\" width=\"487\" height=\"595\" loading=\"lazy\" data-original-width=\"487\" data-original-height=\"595\" itemprop=\"http:\/\/schema.org\/image\" title=\"Trapania lineata (ex-T.pallida) @ Tarifa by Manuel Mart\u00ednez Chac\u00f3n\" alt=\"Trapania lineata (ex-T.pallida) @ Tarifa by Manuel Mart\u00ednez Chac\u00f3n\" style=\"width: 487px; height: 595px;\" \/> <\/a> <div class=\"tiled-gallery-caption\" itemprop=\"caption description\"> Trapania lineata (ex-T.pallida) @ Tarifa by Manuel Mart\u00ednez Chac\u00f3n <\/div> <\/div> <\/div> <!-- close group --> <div class=\"gallery-group images-2\" style=\"width: 409px; height: 599px;\" data-original-width=\"409\" data-original-height=\"599\" > <div class=\"tiled-gallery-item tiled-gallery-item-large\" itemprop=\"associatedMedia\" itemscope itemtype=\"http:\/\/schema.org\/ImageObject\"> <a href=\"https:\/\/opistobranquis.info\/ca\/guia\/nudibranchia\/doridina\/doridoidei\/onchidoridoidea\/trapania-lineata\/trapania-lineata-mallorca-19-11-2014-by-lenka-juskanicova-img_0025m\/\" border=\"0\" itemprop=\"url\"> <meta itemprop=\"width\" content=\"405\"> <meta itemprop=\"height\" content=\"320\"> <img decoding=\"async\" class=\"\" data-attachment-id=\"18888\" data-orig-file=\"https:\/\/opistobranquis.info\/wp-content\/uploads\/2012\/05\/Trapania-lineata-@-Mallorca-19-11-2014-by-Lenka-Juskani\u010dov\u00e1-IMG_0025m.jpg\" data-orig-size=\"1006,795\" data-comments-opened=\"\" data-image-title=\"Trapania lineata @ Mallorca 19-11-2014 by Lenka Juskani\u010dov\u00e1 (IMG_0025m)\" data-image-description=\"&lt;p&gt;Trapania lineata @ Mallorca 19-11-2014 by Lenka Juskani\u010dov\u00e1 (IMG_0025m)&lt;\/p&gt; \" data-medium-file=\"https:\/\/i0.wp.com\/opistobranquis.info\/wp-content\/uploads\/2012\/05\/Trapania-lineata-%40-Mallorca-19-11-2014-by-Lenka-Juskani%C4%8Dov%C3%A1-IMG_0025m.jpg?fit=300%2C237&#038;ssl=1\" data-large-file=\"https:\/\/i0.wp.com\/opistobranquis.info\/wp-content\/uploads\/2012\/05\/Trapania-lineata-%40-Mallorca-19-11-2014-by-Lenka-Juskani%C4%8Dov%C3%A1-IMG_0025m.jpg?fit=900%2C711&#038;ssl=1\" src=\"https:\/\/i0.wp.com\/opistobranquis.info\/wp-content\/uploads\/2012\/05\/Trapania-lineata-%40-Mallorca-19-11-2014-by-Lenka-Juskani%C4%8Dov%C3%A1-IMG_0025m.jpg?w=405&#038;h=320&#038;ssl=1\" width=\"405\" height=\"320\" loading=\"lazy\" data-original-width=\"405\" data-original-height=\"320\" itemprop=\"http:\/\/schema.org\/image\" title=\"Trapania lineata @ Mallorca 19-11-2014 by Lenka Juskani\u010dov\u00e1 (IMG_0025m)\" alt=\"Trapania lineata @ Mallorca 19-11-2014 by Lenka Juskani\u010dov\u00e1 (IMG_0025m)\" style=\"width: 405px; height: 320px;\" \/> <\/a> <div class=\"tiled-gallery-caption\" itemprop=\"caption description\"> Trapania lineata @ Mallorca 19-11-2014 by Lenka Juskani\u010dov\u00e1 (IMG_0025m) <\/div> <\/div> <div class=\"tiled-gallery-item tiled-gallery-item-large\" itemprop=\"associatedMedia\" itemscope itemtype=\"http:\/\/schema.org\/ImageObject\"> <a href=\"https:\/\/opistobranquis.info\/ca\/guia\/nudibranchia\/doridina\/doridoidei\/onchidoridoidea\/trapania-lineata\/trapania-lineata-157\/\" border=\"0\" itemprop=\"url\"> <meta itemprop=\"width\" content=\"405\"> <meta itemprop=\"height\" content=\"271\"> <img decoding=\"async\" class=\"\" data-attachment-id=\"31342\" data-orig-file=\"https:\/\/opistobranquis.info\/wp-content\/uploads\/2021\/01\/Trapania-lineata-157.jpg\" data-orig-size=\"1034,693\" data-comments-opened=\"\" data-image-title=\"Trapania lineata by Enric Madrenas\" data-image-description=\"&lt;p&gt;Trapania lineata by Enric Madrenas&lt;\/p&gt; \" data-medium-file=\"https:\/\/i0.wp.com\/opistobranquis.info\/wp-content\/uploads\/2021\/01\/Trapania-lineata-157.jpg?fit=300%2C201&#038;ssl=1\" data-large-file=\"https:\/\/i0.wp.com\/opistobranquis.info\/wp-content\/uploads\/2021\/01\/Trapania-lineata-157.jpg?fit=900%2C603&#038;ssl=1\" src=\"https:\/\/i0.wp.com\/opistobranquis.info\/wp-content\/uploads\/2021\/01\/Trapania-lineata-157.jpg?w=405&#038;h=271&#038;ssl=1\" srcset=\"https:\/\/i0.wp.com\/opistobranquis.info\/wp-content\/uploads\/2021\/01\/Trapania-lineata-157.jpg?w=1034&amp;ssl=1 1034w, https:\/\/i0.wp.com\/opistobranquis.info\/wp-content\/uploads\/2021\/01\/Trapania-lineata-157.jpg?resize=300%2C201&amp;ssl=1 300w, https:\/\/i0.wp.com\/opistobranquis.info\/wp-content\/uploads\/2021\/01\/Trapania-lineata-157.jpg?resize=1024%2C686&amp;ssl=1 1024w, https:\/\/i0.wp.com\/opistobranquis.info\/wp-content\/uploads\/2021\/01\/Trapania-lineata-157.jpg?resize=150%2C101&amp;ssl=1 150w\" width=\"405\" height=\"271\" loading=\"lazy\" data-original-width=\"405\" data-original-height=\"271\" itemprop=\"http:\/\/schema.org\/image\" title=\"Trapania lineata by Enric Madrenas\" alt=\"Trapania lineata by Enric Madrenas\" style=\"width: 405px; height: 271px;\" \/> <\/a> <div class=\"tiled-gallery-caption\" itemprop=\"caption description\"> Trapania lineata by Enric Madrenas <\/div> <\/div> <\/div> <!-- close group --> <\/div> <!-- close row --> <div class=\"gallery-row\" style=\"width: 900px; height: 402px;\" data-original-width=\"900\" data-original-height=\"402\" > <div class=\"gallery-group images-2\" style=\"width: 299px; height: 402px;\" data-original-width=\"299\" data-original-height=\"402\" > <div class=\"tiled-gallery-item tiled-gallery-item-large\" itemprop=\"associatedMedia\" itemscope itemtype=\"http:\/\/schema.org\/ImageObject\"> <a href=\"https:\/\/opistobranquis.info\/ca\/guia\/nudibranchia\/doridina\/doridoidei\/onchidoridoidea\/trapania-lineata\/trapania-lineata-158\/\" border=\"0\" itemprop=\"url\"> <meta itemprop=\"width\" content=\"295\"> <meta itemprop=\"height\" content=\"197\"> <img decoding=\"async\" class=\"\" data-attachment-id=\"31343\" data-orig-file=\"https:\/\/opistobranquis.info\/wp-content\/uploads\/2021\/01\/Trapania-lineata-158.jpg\" data-orig-size=\"1034,693\" data-comments-opened=\"\" data-image-title=\"Trapania lineata by Enric Madrenas\" data-image-description=\"&lt;p&gt;Trapania lineata by Enric Madrenas&lt;\/p&gt; \" data-medium-file=\"https:\/\/i0.wp.com\/opistobranquis.info\/wp-content\/uploads\/2021\/01\/Trapania-lineata-158.jpg?fit=300%2C201&#038;ssl=1\" data-large-file=\"https:\/\/i0.wp.com\/opistobranquis.info\/wp-content\/uploads\/2021\/01\/Trapania-lineata-158.jpg?fit=900%2C603&#038;ssl=1\" src=\"https:\/\/i0.wp.com\/opistobranquis.info\/wp-content\/uploads\/2021\/01\/Trapania-lineata-158.jpg?w=295&#038;h=197&#038;ssl=1\" srcset=\"https:\/\/i0.wp.com\/opistobranquis.info\/wp-content\/uploads\/2021\/01\/Trapania-lineata-158.jpg?w=1034&amp;ssl=1 1034w, https:\/\/i0.wp.com\/opistobranquis.info\/wp-content\/uploads\/2021\/01\/Trapania-lineata-158.jpg?resize=300%2C201&amp;ssl=1 300w, https:\/\/i0.wp.com\/opistobranquis.info\/wp-content\/uploads\/2021\/01\/Trapania-lineata-158.jpg?resize=1024%2C686&amp;ssl=1 1024w, https:\/\/i0.wp.com\/opistobranquis.info\/wp-content\/uploads\/2021\/01\/Trapania-lineata-158.jpg?resize=150%2C101&amp;ssl=1 150w\" width=\"295\" height=\"197\" loading=\"lazy\" data-original-width=\"295\" data-original-height=\"197\" itemprop=\"http:\/\/schema.org\/image\" title=\"Trapania lineata by Enric Madrenas\" alt=\"Trapania lineata by Enric Madrenas\" style=\"width: 295px; height: 197px;\" \/> <\/a> <div class=\"tiled-gallery-caption\" itemprop=\"caption description\"> Trapania lineata by Enric Madrenas <\/div> <\/div> <div class=\"tiled-gallery-item tiled-gallery-item-large\" itemprop=\"associatedMedia\" itemscope itemtype=\"http:\/\/schema.org\/ImageObject\"> <a href=\"https:\/\/opistobranquis.info\/ca\/guia\/nudibranchia\/doridina\/doridoidei\/onchidoridoidea\/trapania-lineata\/trapania-lineata-by-miquel-pontes-mpg_5831\/\" border=\"0\" itemprop=\"url\"> <meta itemprop=\"width\" content=\"295\"> <meta itemprop=\"height\" content=\"197\"> <img decoding=\"async\" class=\"\" data-attachment-id=\"31403\" data-orig-file=\"https:\/\/opistobranquis.info\/wp-content\/uploads\/2021\/01\/Trapania-lineata-by-Miquel-Pontes-MPG_5831.jpg\" data-orig-size=\"1280,854\" data-comments-opened=\"\" data-image-title=\"Trapania lineata by Miquel Pontes\" data-image-description=\"&lt;p&gt;Trapania lineata by Miquel Pontes&lt;\/p&gt; \" data-medium-file=\"https:\/\/i0.wp.com\/opistobranquis.info\/wp-content\/uploads\/2021\/01\/Trapania-lineata-by-Miquel-Pontes-MPG_5831.jpg?fit=300%2C200&#038;ssl=1\" data-large-file=\"https:\/\/i0.wp.com\/opistobranquis.info\/wp-content\/uploads\/2021\/01\/Trapania-lineata-by-Miquel-Pontes-MPG_5831.jpg?fit=900%2C600&#038;ssl=1\" src=\"https:\/\/i0.wp.com\/opistobranquis.info\/wp-content\/uploads\/2021\/01\/Trapania-lineata-by-Miquel-Pontes-MPG_5831.jpg?w=295&#038;h=197&#038;ssl=1\" srcset=\"https:\/\/i0.wp.com\/opistobranquis.info\/wp-content\/uploads\/2021\/01\/Trapania-lineata-by-Miquel-Pontes-MPG_5831.jpg?w=1280&amp;ssl=1 1280w, https:\/\/i0.wp.com\/opistobranquis.info\/wp-content\/uploads\/2021\/01\/Trapania-lineata-by-Miquel-Pontes-MPG_5831.jpg?resize=300%2C200&amp;ssl=1 300w, https:\/\/i0.wp.com\/opistobranquis.info\/wp-content\/uploads\/2021\/01\/Trapania-lineata-by-Miquel-Pontes-MPG_5831.jpg?resize=1024%2C683&amp;ssl=1 1024w, https:\/\/i0.wp.com\/opistobranquis.info\/wp-content\/uploads\/2021\/01\/Trapania-lineata-by-Miquel-Pontes-MPG_5831.jpg?resize=150%2C100&amp;ssl=1 150w\" width=\"295\" height=\"197\" loading=\"lazy\" data-original-width=\"295\" data-original-height=\"197\" itemprop=\"http:\/\/schema.org\/image\" title=\"Trapania lineata by Miquel Pontes\" alt=\"Trapania lineata by Miquel Pontes\" style=\"width: 295px; height: 197px;\" \/> <\/a> <div class=\"tiled-gallery-caption\" itemprop=\"caption description\"> Trapania lineata by Miquel Pontes <\/div> <\/div> <\/div> <!-- close group --> <div class=\"gallery-group images-1\" style=\"width: 601px; height: 402px;\" data-original-width=\"601\" data-original-height=\"402\" > <div class=\"tiled-gallery-item tiled-gallery-item-large\" itemprop=\"associatedMedia\" itemscope itemtype=\"http:\/\/schema.org\/ImageObject\"> <a href=\"https:\/\/opistobranquis.info\/ca\/guia\/nudibranchia\/doridina\/doridoidei\/onchidoridoidea\/trapania-lineata\/trapania-lineata-by-miquel-pontes-mpg_5833\/\" border=\"0\" itemprop=\"url\"> <meta itemprop=\"width\" content=\"597\"> <meta itemprop=\"height\" content=\"398\"> <img decoding=\"async\" class=\"\" data-attachment-id=\"31404\" data-orig-file=\"https:\/\/opistobranquis.info\/wp-content\/uploads\/2021\/01\/Trapania-lineata-by-Miquel-Pontes-MPG_5833.jpg\" data-orig-size=\"1280,854\" data-comments-opened=\"\" data-image-title=\"Trapania lineata by Miquel Pontes\" data-image-description=\"&lt;p&gt;Trapania lineata by Miquel Pontes&lt;\/p&gt; \" data-medium-file=\"https:\/\/i0.wp.com\/opistobranquis.info\/wp-content\/uploads\/2021\/01\/Trapania-lineata-by-Miquel-Pontes-MPG_5833.jpg?fit=300%2C200&#038;ssl=1\" data-large-file=\"https:\/\/i0.wp.com\/opistobranquis.info\/wp-content\/uploads\/2021\/01\/Trapania-lineata-by-Miquel-Pontes-MPG_5833.jpg?fit=900%2C600&#038;ssl=1\" src=\"https:\/\/i0.wp.com\/opistobranquis.info\/wp-content\/uploads\/2021\/01\/Trapania-lineata-by-Miquel-Pontes-MPG_5833.jpg?w=597&#038;h=398&#038;ssl=1\" srcset=\"https:\/\/i0.wp.com\/opistobranquis.info\/wp-content\/uploads\/2021\/01\/Trapania-lineata-by-Miquel-Pontes-MPG_5833.jpg?w=1280&amp;ssl=1 1280w, https:\/\/i0.wp.com\/opistobranquis.info\/wp-content\/uploads\/2021\/01\/Trapania-lineata-by-Miquel-Pontes-MPG_5833.jpg?resize=300%2C200&amp;ssl=1 300w, https:\/\/i0.wp.com\/opistobranquis.info\/wp-content\/uploads\/2021\/01\/Trapania-lineata-by-Miquel-Pontes-MPG_5833.jpg?resize=1024%2C683&amp;ssl=1 1024w, https:\/\/i0.wp.com\/opistobranquis.info\/wp-content\/uploads\/2021\/01\/Trapania-lineata-by-Miquel-Pontes-MPG_5833.jpg?resize=150%2C100&amp;ssl=1 150w\" width=\"597\" height=\"398\" loading=\"lazy\" data-original-width=\"597\" data-original-height=\"398\" itemprop=\"http:\/\/schema.org\/image\" title=\"Trapania lineata by Miquel Pontes\" alt=\"Trapania lineata by Miquel Pontes\" style=\"width: 597px; height: 398px;\" \/> <\/a> <div class=\"tiled-gallery-caption\" itemprop=\"caption description\"> Trapania lineata by Miquel Pontes <\/div> <\/div> <\/div> <!-- close group --> <\/div> <!-- close row --> <div class=\"gallery-row\" style=\"width: 900px; height: 301px;\" data-original-width=\"900\" data-original-height=\"301\" > <div class=\"gallery-group images-1\" style=\"width: 450px; height: 301px;\" data-original-width=\"450\" data-original-height=\"301\" > <div class=\"tiled-gallery-item tiled-gallery-item-large\" itemprop=\"associatedMedia\" itemscope itemtype=\"http:\/\/schema.org\/ImageObject\"> <a href=\"https:\/\/opistobranquis.info\/ca\/guia\/nudibranchia\/doridina\/doridoidei\/onchidoridoidea\/trapania-lineata\/trapania-lineata-by-miquel-pontes-mpg_5835\/\" border=\"0\" itemprop=\"url\"> <meta itemprop=\"width\" content=\"446\"> <meta itemprop=\"height\" content=\"297\"> <img decoding=\"async\" class=\"\" data-attachment-id=\"31405\" data-orig-file=\"https:\/\/opistobranquis.info\/wp-content\/uploads\/2021\/01\/Trapania-lineata-by-Miquel-Pontes-MPG_5835.jpg\" data-orig-size=\"1280,853\" data-comments-opened=\"\" data-image-title=\"Trapania lineata by Miquel Pontes\" data-image-description=\"&lt;p&gt;Trapania lineata by Miquel Pontes&lt;\/p&gt; \" data-medium-file=\"https:\/\/i0.wp.com\/opistobranquis.info\/wp-content\/uploads\/2021\/01\/Trapania-lineata-by-Miquel-Pontes-MPG_5835.jpg?fit=300%2C200&#038;ssl=1\" data-large-file=\"https:\/\/i0.wp.com\/opistobranquis.info\/wp-content\/uploads\/2021\/01\/Trapania-lineata-by-Miquel-Pontes-MPG_5835.jpg?fit=900%2C599&#038;ssl=1\" src=\"https:\/\/i0.wp.com\/opistobranquis.info\/wp-content\/uploads\/2021\/01\/Trapania-lineata-by-Miquel-Pontes-MPG_5835.jpg?w=446&#038;h=297&#038;ssl=1\" srcset=\"https:\/\/i0.wp.com\/opistobranquis.info\/wp-content\/uploads\/2021\/01\/Trapania-lineata-by-Miquel-Pontes-MPG_5835.jpg?w=1280&amp;ssl=1 1280w, https:\/\/i0.wp.com\/opistobranquis.info\/wp-content\/uploads\/2021\/01\/Trapania-lineata-by-Miquel-Pontes-MPG_5835.jpg?resize=300%2C200&amp;ssl=1 300w, https:\/\/i0.wp.com\/opistobranquis.info\/wp-content\/uploads\/2021\/01\/Trapania-lineata-by-Miquel-Pontes-MPG_5835.jpg?resize=1024%2C682&amp;ssl=1 1024w, https:\/\/i0.wp.com\/opistobranquis.info\/wp-content\/uploads\/2021\/01\/Trapania-lineata-by-Miquel-Pontes-MPG_5835.jpg?resize=150%2C100&amp;ssl=1 150w\" width=\"446\" height=\"297\" loading=\"lazy\" data-original-width=\"446\" data-original-height=\"297\" itemprop=\"http:\/\/schema.org\/image\" title=\"Trapania lineata by Miquel Pontes\" alt=\"Trapania lineata by Miquel Pontes\" style=\"width: 446px; height: 297px;\" \/> <\/a> <div class=\"tiled-gallery-caption\" itemprop=\"caption description\"> Trapania lineata by Miquel Pontes <\/div> <\/div> <\/div> <!-- close group --> <div class=\"gallery-group images-1\" style=\"width: 450px; height: 301px;\" data-original-width=\"450\" data-original-height=\"301\" > <div class=\"tiled-gallery-item tiled-gallery-item-large\" itemprop=\"associatedMedia\" itemscope itemtype=\"http:\/\/schema.org\/ImageObject\"> <a href=\"https:\/\/opistobranquis.info\/ca\/guia\/nudibranchia\/doridina\/doridoidei\/onchidoridoidea\/trapania-lineata\/trapania-lineata-by-miquel-pontes-mpg_6421\/\" border=\"0\" itemprop=\"url\"> <meta itemprop=\"width\" content=\"446\"> <meta itemprop=\"height\" content=\"297\"> <img decoding=\"async\" class=\"\" data-attachment-id=\"31406\" data-orig-file=\"https:\/\/opistobranquis.info\/wp-content\/uploads\/2021\/01\/Trapania-lineata-by-Miquel-Pontes-MPG_6421.jpg\" data-orig-size=\"1280,853\" data-comments-opened=\"\" data-image-title=\"Trapania lineata by Miquel Pontes\" data-image-description=\"&lt;p&gt;Trapania lineata by Miquel Pontes&lt;\/p&gt; \" data-medium-file=\"https:\/\/i0.wp.com\/opistobranquis.info\/wp-content\/uploads\/2021\/01\/Trapania-lineata-by-Miquel-Pontes-MPG_6421.jpg?fit=300%2C200&#038;ssl=1\" data-large-file=\"https:\/\/i0.wp.com\/opistobranquis.info\/wp-content\/uploads\/2021\/01\/Trapania-lineata-by-Miquel-Pontes-MPG_6421.jpg?fit=900%2C599&#038;ssl=1\" src=\"https:\/\/i0.wp.com\/opistobranquis.info\/wp-content\/uploads\/2021\/01\/Trapania-lineata-by-Miquel-Pontes-MPG_6421.jpg?w=446&#038;h=297&#038;ssl=1\" srcset=\"https:\/\/i0.wp.com\/opistobranquis.info\/wp-content\/uploads\/2021\/01\/Trapania-lineata-by-Miquel-Pontes-MPG_6421.jpg?w=1280&amp;ssl=1 1280w, https:\/\/i0.wp.com\/opistobranquis.info\/wp-content\/uploads\/2021\/01\/Trapania-lineata-by-Miquel-Pontes-MPG_6421.jpg?resize=300%2C200&amp;ssl=1 300w, https:\/\/i0.wp.com\/opistobranquis.info\/wp-content\/uploads\/2021\/01\/Trapania-lineata-by-Miquel-Pontes-MPG_6421.jpg?resize=1024%2C682&amp;ssl=1 1024w, https:\/\/i0.wp.com\/opistobranquis.info\/wp-content\/uploads\/2021\/01\/Trapania-lineata-by-Miquel-Pontes-MPG_6421.jpg?resize=150%2C100&amp;ssl=1 150w\" width=\"446\" height=\"297\" loading=\"lazy\" data-original-width=\"446\" data-original-height=\"297\" itemprop=\"http:\/\/schema.org\/image\" title=\"Trapania lineata by Miquel Pontes\" alt=\"Trapania lineata by Miquel Pontes\" style=\"width: 446px; height: 297px;\" \/> <\/a> <div class=\"tiled-gallery-caption\" itemprop=\"caption description\"> Trapania lineata by Miquel Pontes <\/div> <\/div> <\/div> <!-- close group --> <\/div> <!-- close row --> <div class=\"gallery-row\" style=\"width: 900px; height: 405px;\" data-original-width=\"900\" data-original-height=\"405\" > <div class=\"gallery-group images-1\" style=\"width: 407px; height: 405px;\" data-original-width=\"407\" data-original-height=\"405\" > <div class=\"tiled-gallery-item tiled-gallery-item-large\" itemprop=\"associatedMedia\" itemscope itemtype=\"http:\/\/schema.org\/ImageObject\"> <a href=\"https:\/\/opistobranquis.info\/ca\/guia\/nudibranchia\/doridina\/doridoidei\/onchidoridoidea\/trapania-lineata\/trapania-lineata-eivissa-spain-by-joan-pereyra\/\" border=\"0\" itemprop=\"url\"> <meta itemprop=\"width\" content=\"403\"> <meta itemprop=\"height\" content=\"401\"> <img decoding=\"async\" class=\"\" data-attachment-id=\"31605\" data-orig-file=\"https:\/\/opistobranquis.info\/wp-content\/uploads\/2021\/02\/Trapania-lineata-@-Eivissa-Spain-by-Joan-Pereyra.jpg\" data-orig-size=\"1080,1075\" data-comments-opened=\"\" data-image-title=\"Trapania lineata @ Eivissa, Spain by Joan Pereyra\" data-image-description=\"&lt;p&gt;Trapania lineata @ Eivissa, Spain by Joan Pereyra&lt;\/p&gt; \" data-medium-file=\"https:\/\/i0.wp.com\/opistobranquis.info\/wp-content\/uploads\/2021\/02\/Trapania-lineata-%40-Eivissa-Spain-by-Joan-Pereyra.jpg?fit=300%2C300&#038;ssl=1\" data-large-file=\"https:\/\/i0.wp.com\/opistobranquis.info\/wp-content\/uploads\/2021\/02\/Trapania-lineata-%40-Eivissa-Spain-by-Joan-Pereyra.jpg?fit=900%2C896&#038;ssl=1\" src=\"https:\/\/i0.wp.com\/opistobranquis.info\/wp-content\/uploads\/2021\/02\/Trapania-lineata-%40-Eivissa-Spain-by-Joan-Pereyra.jpg?w=403&#038;h=401&#038;ssl=1\" width=\"403\" height=\"401\" loading=\"lazy\" data-original-width=\"403\" data-original-height=\"401\" itemprop=\"http:\/\/schema.org\/image\" title=\"Trapania lineata @ Eivissa, Spain by Joan Pereyra\" alt=\"Trapania lineata @ Eivissa, Spain by Joan Pereyra\" style=\"width: 403px; height: 401px;\" \/> <\/a> <div class=\"tiled-gallery-caption\" itemprop=\"caption description\"> Trapania lineata @ Eivissa, Spain by Joan Pereyra <\/div> <\/div> <\/div> <!-- close group --> <div class=\"gallery-group images-1\" style=\"width: 493px; height: 405px;\" data-original-width=\"493\" data-original-height=\"405\" > <div class=\"tiled-gallery-item tiled-gallery-item-large\" itemprop=\"associatedMedia\" itemscope itemtype=\"http:\/\/schema.org\/ImageObject\"> <a href=\"https:\/\/opistobranquis.info\/ca\/guia\/nudibranchia\/doridina\/doridoidei\/onchidoridoidea\/trapania-lineata\/trapania-lineata-3-eivissa-spain-by-joan-pereyra\/\" border=\"0\" itemprop=\"url\"> <meta itemprop=\"width\" content=\"489\"> <meta itemprop=\"height\" content=\"401\"> <img decoding=\"async\" class=\"\" data-attachment-id=\"31606\" data-orig-file=\"https:\/\/opistobranquis.info\/wp-content\/uploads\/2021\/02\/Trapania-lineata-3-@-Eivissa-Spain-by-Joan-Pereyra.jpg\" data-orig-size=\"1080,885\" data-comments-opened=\"\" data-image-title=\"Trapania lineata @ Eivissa, Spain by Joan Pereyra\" data-image-description=\"&lt;p&gt;Trapania lineata @ Eivissa, Spain by Joan Pereyra&lt;\/p&gt; \" data-medium-file=\"https:\/\/i0.wp.com\/opistobranquis.info\/wp-content\/uploads\/2021\/02\/Trapania-lineata-3-%40-Eivissa-Spain-by-Joan-Pereyra.jpg?fit=300%2C246&#038;ssl=1\" data-large-file=\"https:\/\/i0.wp.com\/opistobranquis.info\/wp-content\/uploads\/2021\/02\/Trapania-lineata-3-%40-Eivissa-Spain-by-Joan-Pereyra.jpg?fit=900%2C737&#038;ssl=1\" src=\"https:\/\/i0.wp.com\/opistobranquis.info\/wp-content\/uploads\/2021\/02\/Trapania-lineata-3-%40-Eivissa-Spain-by-Joan-Pereyra.jpg?w=489&#038;h=401&#038;ssl=1\" width=\"489\" height=\"401\" loading=\"lazy\" data-original-width=\"489\" data-original-height=\"401\" itemprop=\"http:\/\/schema.org\/image\" title=\"Trapania lineata @ Eivissa, Spain by Joan Pereyra\" alt=\"Trapania lineata @ Eivissa, Spain by Joan Pereyra\" style=\"width: 489px; height: 401px;\" \/> <\/a> <div class=\"tiled-gallery-caption\" itemprop=\"caption description\"> Trapania lineata @ Eivissa, Spain by Joan Pereyra <\/div> <\/div> <\/div> <!-- close group --> <\/div> <!-- close row --> <div class=\"gallery-row\" style=\"width: 900px; height: 725px;\" data-original-width=\"900\" data-original-height=\"725\" > <div class=\"gallery-group images-1\" style=\"width: 581px; height: 725px;\" data-original-width=\"581\" data-original-height=\"725\" > <div class=\"tiled-gallery-item tiled-gallery-item-large\" itemprop=\"associatedMedia\" itemscope itemtype=\"http:\/\/schema.org\/ImageObject\"> <a href=\"https:\/\/opistobranquis.info\/ca\/guia\/nudibranchia\/doridina\/doridoidei\/onchidoridoidea\/trapania-lineata\/trapania-lineata-mating-eivissa-spain-by-joan-pereyra\/\" border=\"0\" itemprop=\"url\"> <meta itemprop=\"width\" content=\"577\"> <meta itemprop=\"height\" content=\"721\"> <img decoding=\"async\" class=\"\" data-attachment-id=\"31607\" data-orig-file=\"https:\/\/opistobranquis.info\/wp-content\/uploads\/2021\/02\/Trapania-lineata-mating-@-Eivissa-Spain-by-Joan-Pereyra.jpg\" data-orig-size=\"827,1033\" data-comments-opened=\"\" data-image-title=\"Trapania lineata mating @ Eivissa, Spain by Joan Pereyra\" data-image-description=\"&lt;p&gt;Trapania lineata mating @ Eivissa, Spain by Joan Pereyra&lt;\/p&gt; \" data-medium-file=\"https:\/\/i0.wp.com\/opistobranquis.info\/wp-content\/uploads\/2021\/02\/Trapania-lineata-mating-%40-Eivissa-Spain-by-Joan-Pereyra.jpg?fit=240%2C300&#038;ssl=1\" data-large-file=\"https:\/\/i0.wp.com\/opistobranquis.info\/wp-content\/uploads\/2021\/02\/Trapania-lineata-mating-%40-Eivissa-Spain-by-Joan-Pereyra.jpg?fit=820%2C1024&#038;ssl=1\" src=\"https:\/\/i0.wp.com\/opistobranquis.info\/wp-content\/uploads\/2021\/02\/Trapania-lineata-mating-%40-Eivissa-Spain-by-Joan-Pereyra.jpg?w=577&#038;h=721&#038;ssl=1\" width=\"577\" height=\"721\" loading=\"lazy\" data-original-width=\"577\" data-original-height=\"721\" itemprop=\"http:\/\/schema.org\/image\" title=\"Trapania lineata mating @ Eivissa, Spain by Joan Pereyra\" alt=\"Trapania lineata mating @ Eivissa, Spain by Joan Pereyra\" style=\"width: 577px; height: 721px;\" \/> <\/a> <div class=\"tiled-gallery-caption\" itemprop=\"caption description\"> Trapania lineata mating @ Eivissa, Spain by Joan Pereyra <\/div> <\/div> <\/div> <!-- close group --> <div class=\"gallery-group images-3\" style=\"width: 319px; height: 725px;\" data-original-width=\"319\" data-original-height=\"725\" > <div class=\"tiled-gallery-item tiled-gallery-item-large\" itemprop=\"associatedMedia\" itemscope itemtype=\"http:\/\/schema.org\/ImageObject\"> <a href=\"https:\/\/opistobranquis.info\/ca\/guia\/nudibranchia\/doridina\/doridoidei\/onchidoridoidea\/trapania-lineata\/trapania-lineata-parasited-by-copepoda-lescala-spain-by-eli-franco-valero\/\" border=\"0\" itemprop=\"url\"> <meta itemprop=\"width\" content=\"315\"> <meta itemprop=\"height\" content=\"314\"> <img decoding=\"async\" class=\"\" data-attachment-id=\"32484\" data-orig-file=\"https:\/\/opistobranquis.info\/wp-content\/uploads\/2021\/06\/Trapania-lineata-parasited-by-copepoda-@-LEscala-Spain-by-Eli-Franco-Valero.jpg\" data-orig-size=\"1080,1080\" data-comments-opened=\"\" data-image-title=\"Trapania lineata parasited by copepoda @ L&amp;#8217;Escala, Spain by Eli Franco Valero\" data-image-description=\"&lt;p&gt;Trapania lineata parasited by copepoda @ L&amp;#8217;Escala, Spain by Eli Franco Valero&lt;\/p&gt; \" data-medium-file=\"https:\/\/i0.wp.com\/opistobranquis.info\/wp-content\/uploads\/2021\/06\/Trapania-lineata-parasited-by-copepoda-%40-LEscala-Spain-by-Eli-Franco-Valero.jpg?fit=300%2C300&#038;ssl=1\" data-large-file=\"https:\/\/i0.wp.com\/opistobranquis.info\/wp-content\/uploads\/2021\/06\/Trapania-lineata-parasited-by-copepoda-%40-LEscala-Spain-by-Eli-Franco-Valero.jpg?fit=900%2C900&#038;ssl=1\" src=\"https:\/\/i0.wp.com\/opistobranquis.info\/wp-content\/uploads\/2021\/06\/Trapania-lineata-parasited-by-copepoda-%40-LEscala-Spain-by-Eli-Franco-Valero.jpg?w=315&#038;h=314&#038;ssl=1\" width=\"315\" height=\"314\" loading=\"lazy\" data-original-width=\"315\" data-original-height=\"314\" itemprop=\"http:\/\/schema.org\/image\" title=\"Trapania lineata parasited by copepoda @ L&#039;Escala, Spain by Eli Franco Valero\" alt=\"Trapania lineata parasited by copepoda @ L&#039;Escala, Spain by Eli Franco Valero\" style=\"width: 315px; height: 314px;\" \/> <\/a> <div class=\"tiled-gallery-caption\" itemprop=\"caption description\"> Trapania lineata parasited by copepoda @ L&#8217;Escala, Spain by Eli Franco Valero <\/div> <\/div> <div class=\"tiled-gallery-item tiled-gallery-item-large\" itemprop=\"associatedMedia\" itemscope itemtype=\"http:\/\/schema.org\/ImageObject\"> <a href=\"https:\/\/opistobranquis.info\/ca\/guia\/nudibranchia\/doridina\/doridoidei\/onchidoridoidea\/trapania-lineata\/trapania-lineata-france-by-pascal-girard\/\" border=\"0\" itemprop=\"url\"> <meta itemprop=\"width\" content=\"315\"> <meta itemprop=\"height\" content=\"210\"> <img decoding=\"async\" class=\"\" data-attachment-id=\"36020\" data-orig-file=\"https:\/\/opistobranquis.info\/wp-content\/uploads\/2022\/12\/Trapania-lineata-@-France-by-Pascal-Girard.jpg\" data-orig-size=\"1280,853\" data-comments-opened=\"\" data-image-title=\"Trapania lineata @ France by Pascal Girard\" data-image-description=\"&lt;p&gt;Trapania lineata @ France by Pascal Girard&lt;\/p&gt; \" data-medium-file=\"https:\/\/i0.wp.com\/opistobranquis.info\/wp-content\/uploads\/2022\/12\/Trapania-lineata-%40-France-by-Pascal-Girard.jpg?fit=300%2C200&#038;ssl=1\" data-large-file=\"https:\/\/i0.wp.com\/opistobranquis.info\/wp-content\/uploads\/2022\/12\/Trapania-lineata-%40-France-by-Pascal-Girard.jpg?fit=900%2C599&#038;ssl=1\" src=\"https:\/\/i0.wp.com\/opistobranquis.info\/wp-content\/uploads\/2022\/12\/Trapania-lineata-%40-France-by-Pascal-Girard.jpg?w=315&#038;h=210&#038;ssl=1\" width=\"315\" height=\"210\" loading=\"lazy\" data-original-width=\"315\" data-original-height=\"210\" itemprop=\"http:\/\/schema.org\/image\" title=\"Trapania lineata @ France by Pascal Girard\" alt=\"Trapania lineata @ France by Pascal Girard\" style=\"width: 315px; height: 210px;\" \/> <\/a> <div class=\"tiled-gallery-caption\" itemprop=\"caption description\"> Trapania lineata @ France by Pascal Girard <\/div> <\/div> <div class=\"tiled-gallery-item tiled-gallery-item-large\" itemprop=\"associatedMedia\" itemscope itemtype=\"http:\/\/schema.org\/ImageObject\"> <a href=\"https:\/\/opistobranquis.info\/ca\/guia\/nudibranchia\/doridina\/doridoidei\/onchidoridoidea\/trapania-lineata\/olympus-digital-camera-310\/\" border=\"0\" itemprop=\"url\"> <meta itemprop=\"width\" content=\"315\"> <meta itemprop=\"height\" content=\"189\"> <img decoding=\"async\" class=\"\" data-attachment-id=\"36717\" data-orig-file=\"https:\/\/opistobranquis.info\/wp-content\/uploads\/2023\/01\/Trapania-lineata-by-Manuel-Ballesteros-P5290108.jpg\" data-orig-size=\"1200,721\" data-comments-opened=\"\" data-image-title=\"Trapania lineata @ Costa Brava by Manuel Ballesteros\" data-image-description=\"&lt;p&gt;Trapania lineata @ Costa Brava by Manuel Ballesteros&lt;\/p&gt; \" data-medium-file=\"https:\/\/i0.wp.com\/opistobranquis.info\/wp-content\/uploads\/2023\/01\/Trapania-lineata-by-Manuel-Ballesteros-P5290108.jpg?fit=300%2C180&#038;ssl=1\" data-large-file=\"https:\/\/i0.wp.com\/opistobranquis.info\/wp-content\/uploads\/2023\/01\/Trapania-lineata-by-Manuel-Ballesteros-P5290108.jpg?fit=900%2C541&#038;ssl=1\" src=\"https:\/\/i0.wp.com\/opistobranquis.info\/wp-content\/uploads\/2023\/01\/Trapania-lineata-by-Manuel-Ballesteros-P5290108.jpg?w=315&#038;h=189&#038;ssl=1\" srcset=\"https:\/\/i0.wp.com\/opistobranquis.info\/wp-content\/uploads\/2023\/01\/Trapania-lineata-by-Manuel-Ballesteros-P5290108.jpg?w=1200&amp;ssl=1 1200w, https:\/\/i0.wp.com\/opistobranquis.info\/wp-content\/uploads\/2023\/01\/Trapania-lineata-by-Manuel-Ballesteros-P5290108.jpg?resize=300%2C180&amp;ssl=1 300w, https:\/\/i0.wp.com\/opistobranquis.info\/wp-content\/uploads\/2023\/01\/Trapania-lineata-by-Manuel-Ballesteros-P5290108.jpg?resize=1024%2C615&amp;ssl=1 1024w, https:\/\/i0.wp.com\/opistobranquis.info\/wp-content\/uploads\/2023\/01\/Trapania-lineata-by-Manuel-Ballesteros-P5290108.jpg?resize=150%2C90&amp;ssl=1 150w\" width=\"315\" height=\"189\" loading=\"lazy\" data-original-width=\"315\" data-original-height=\"189\" itemprop=\"http:\/\/schema.org\/image\" title=\"Trapania lineata @ Costa Brava by Manuel Ballesteros\" alt=\"Trapania lineata @ Costa Brava by Manuel Ballesteros\" style=\"width: 315px; height: 189px;\" \/> <\/a> <div class=\"tiled-gallery-caption\" itemprop=\"caption description\"> Trapania lineata @ Costa Brava by Manuel Ballesteros <\/div> <\/div> <\/div> <!-- close group --> <\/div> <!-- close row --> <div class=\"gallery-row\" style=\"width: 900px; height: 424px;\" data-original-width=\"900\" data-original-height=\"424\" > <div class=\"gallery-group images-2\" style=\"width: 270px; height: 424px;\" data-original-width=\"270\" data-original-height=\"424\" > <div class=\"tiled-gallery-item tiled-gallery-item-large\" itemprop=\"associatedMedia\" itemscope itemtype=\"http:\/\/schema.org\/ImageObject\"> <a href=\"https:\/\/opistobranquis.info\/ca\/guia\/nudibranchia\/doridina\/doridoidei\/onchidoridoidea\/trapania-lineata\/olympus-digital-camera-311\/\" border=\"0\" itemprop=\"url\"> <meta itemprop=\"width\" content=\"266\"> <meta itemprop=\"height\" content=\"150\"> <img decoding=\"async\" class=\"\" data-attachment-id=\"36718\" data-orig-file=\"https:\/\/opistobranquis.info\/wp-content\/uploads\/2023\/01\/Trapania-lineata-by-Manuel-Ballesteros-P5290106.jpg\" data-orig-size=\"1200,677\" data-comments-opened=\"\" data-image-title=\"Trapania lineata @ Costa Brava by Manuel Ballesteros\" data-image-description=\"&lt;p&gt;Trapania lineata @ Costa Brava by Manuel Ballesteros&lt;\/p&gt; \" data-medium-file=\"https:\/\/i0.wp.com\/opistobranquis.info\/wp-content\/uploads\/2023\/01\/Trapania-lineata-by-Manuel-Ballesteros-P5290106.jpg?fit=300%2C169&#038;ssl=1\" data-large-file=\"https:\/\/i0.wp.com\/opistobranquis.info\/wp-content\/uploads\/2023\/01\/Trapania-lineata-by-Manuel-Ballesteros-P5290106.jpg?fit=900%2C508&#038;ssl=1\" src=\"https:\/\/i0.wp.com\/opistobranquis.info\/wp-content\/uploads\/2023\/01\/Trapania-lineata-by-Manuel-Ballesteros-P5290106.jpg?w=266&#038;h=150&#038;ssl=1\" srcset=\"https:\/\/i0.wp.com\/opistobranquis.info\/wp-content\/uploads\/2023\/01\/Trapania-lineata-by-Manuel-Ballesteros-P5290106.jpg?w=1200&amp;ssl=1 1200w, https:\/\/i0.wp.com\/opistobranquis.info\/wp-content\/uploads\/2023\/01\/Trapania-lineata-by-Manuel-Ballesteros-P5290106.jpg?resize=300%2C169&amp;ssl=1 300w, https:\/\/i0.wp.com\/opistobranquis.info\/wp-content\/uploads\/2023\/01\/Trapania-lineata-by-Manuel-Ballesteros-P5290106.jpg?resize=1024%2C578&amp;ssl=1 1024w, https:\/\/i0.wp.com\/opistobranquis.info\/wp-content\/uploads\/2023\/01\/Trapania-lineata-by-Manuel-Ballesteros-P5290106.jpg?resize=150%2C85&amp;ssl=1 150w\" width=\"266\" height=\"150\" loading=\"lazy\" data-original-width=\"266\" data-original-height=\"150\" itemprop=\"http:\/\/schema.org\/image\" title=\"Trapania lineata @ Costa Brava by Manuel Ballesteros\" alt=\"Trapania lineata @ Costa Brava by Manuel Ballesteros\" style=\"width: 266px; height: 150px;\" \/> <\/a> <div class=\"tiled-gallery-caption\" itemprop=\"caption description\"> Trapania lineata @ Costa Brava by Manuel Ballesteros <\/div> <\/div> <div class=\"tiled-gallery-item tiled-gallery-item-large\" itemprop=\"associatedMedia\" itemscope itemtype=\"http:\/\/schema.org\/ImageObject\"> <a href=\"https:\/\/opistobranquis.info\/ca\/guia\/nudibranchia\/doridina\/doridoidei\/onchidoridoidea\/trapania-lineata\/trapania-lineata-granada-por-luis-sanchez-tocino\/\" border=\"0\" itemprop=\"url\"> <meta itemprop=\"width\" content=\"266\"> <meta itemprop=\"height\" content=\"266\"> <img decoding=\"async\" class=\"\" data-attachment-id=\"36836\" data-orig-file=\"https:\/\/opistobranquis.info\/wp-content\/uploads\/2023\/01\/Trapania-lineata-@-Granada-por-Luis-Sanchez-Tocino.jpg\" data-orig-size=\"999,999\" data-comments-opened=\"\" data-image-title=\"Trapania lineata @ Granada por Luis S\u00e1nchez Tocino\" data-image-description=\"&lt;p&gt;Trapania lineata @ Granada por Luis S\u00e1nchez Tocino&lt;\/p&gt; \" data-medium-file=\"https:\/\/i0.wp.com\/opistobranquis.info\/wp-content\/uploads\/2023\/01\/Trapania-lineata-%40-Granada-por-Luis-Sanchez-Tocino.jpg?fit=300%2C300&#038;ssl=1\" data-large-file=\"https:\/\/i0.wp.com\/opistobranquis.info\/wp-content\/uploads\/2023\/01\/Trapania-lineata-%40-Granada-por-Luis-Sanchez-Tocino.jpg?fit=900%2C900&#038;ssl=1\" src=\"https:\/\/i0.wp.com\/opistobranquis.info\/wp-content\/uploads\/2023\/01\/Trapania-lineata-%40-Granada-por-Luis-Sanchez-Tocino.jpg?w=266&#038;h=266&#038;crop=1&#038;ssl=1\" width=\"266\" height=\"266\" loading=\"lazy\" data-original-width=\"266\" data-original-height=\"266\" itemprop=\"http:\/\/schema.org\/image\" title=\"Trapania lineata @ Granada por Luis S\u00e1nchez Tocino\" alt=\"Trapania lineata @ Granada por Luis S\u00e1nchez Tocino\" style=\"width: 266px; height: 266px;\" \/> <\/a> <div class=\"tiled-gallery-caption\" itemprop=\"caption description\"> Trapania lineata @ Granada por Luis S\u00e1nchez Tocino <\/div> <\/div> <\/div> <!-- close group --> <div class=\"gallery-group images-1\" style=\"width: 630px; height: 424px;\" data-original-width=\"630\" data-original-height=\"424\" > <div class=\"tiled-gallery-item tiled-gallery-item-large\" itemprop=\"associatedMedia\" itemscope itemtype=\"http:\/\/schema.org\/ImageObject\"> <a href=\"https:\/\/opistobranquis.info\/ca\/guia\/nudibranchia\/doridina\/doridoidei\/onchidoridoidea\/trapania-lineata\/trapania-lineata-315-granada\/\" border=\"0\" itemprop=\"url\"> <meta itemprop=\"width\" content=\"626\"> <meta itemprop=\"height\" content=\"420\"> <img decoding=\"async\" class=\"\" data-attachment-id=\"44615\" data-orig-file=\"https:\/\/opistobranquis.info\/wp-content\/uploads\/2024\/07\/Trapania-lineata-315-Granada.jpg\" data-orig-size=\"810,543\" data-comments-opened=\"\" data-image-title=\"Trapania lineata @ Almu\u00f1\u00e9car by Enric Madrenas\" data-image-description=\"&lt;p&gt;Trapania lineata @ Almu\u00f1\u00e9car by Enric Madrenas&lt;\/p&gt; \" data-medium-file=\"https:\/\/i0.wp.com\/opistobranquis.info\/wp-content\/uploads\/2024\/07\/Trapania-lineata-315-Granada.jpg?fit=300%2C201&#038;ssl=1\" data-large-file=\"https:\/\/i0.wp.com\/opistobranquis.info\/wp-content\/uploads\/2024\/07\/Trapania-lineata-315-Granada.jpg?fit=810%2C543&#038;ssl=1\" src=\"https:\/\/i0.wp.com\/opistobranquis.info\/wp-content\/uploads\/2024\/07\/Trapania-lineata-315-Granada.jpg?w=626&#038;h=420&#038;ssl=1\" srcset=\"https:\/\/i0.wp.com\/opistobranquis.info\/wp-content\/uploads\/2024\/07\/Trapania-lineata-315-Granada.jpg?w=810&amp;ssl=1 810w, https:\/\/i0.wp.com\/opistobranquis.info\/wp-content\/uploads\/2024\/07\/Trapania-lineata-315-Granada.jpg?resize=300%2C201&amp;ssl=1 300w, https:\/\/i0.wp.com\/opistobranquis.info\/wp-content\/uploads\/2024\/07\/Trapania-lineata-315-Granada.jpg?resize=150%2C101&amp;ssl=1 150w\" width=\"626\" height=\"420\" loading=\"lazy\" data-original-width=\"626\" data-original-height=\"420\" itemprop=\"http:\/\/schema.org\/image\" title=\"Trapania lineata @ Almu\u00f1\u00e9car by Enric Madrenas\" alt=\"Trapania lineata @ Almu\u00f1\u00e9car by Enric Madrenas\" style=\"width: 626px; height: 420px;\" \/> <\/a> <div class=\"tiled-gallery-caption\" itemprop=\"caption description\"> Trapania lineata @ Almu\u00f1\u00e9car by Enric Madrenas <\/div> <\/div> <\/div> <!-- close group --> <\/div> <!-- close row --> <\/div><\/p>\n<p><p><strong>Bibliografia<\/strong><\/p><ul><div id=\"zotpress-1a7d89c53591733b56a6189acfbf3262\" class=\"zp-Zotpress zp-Zotpress-Bib wp-block-group\">\n\n\t\t<span class=\"ZP_API_USER_ID ZP_ATTR\">1246567<\/span>\n\t\t<span class=\"ZP_ITEM_KEY ZP_ATTR\"><\/span>\n\t\t<span class=\"ZP_COLLECTION_ID ZP_ATTR\"><\/span>\n\t\t<span class=\"ZP_TAG_ID ZP_ATTR\">Trapania lineata<\/span>\n\t\t<span class=\"ZP_AUTHOR ZP_ATTR\"><\/span>\n\t\t<span class=\"ZP_YEAR ZP_ATTR\"><\/span>\n        <span class=\"ZP_ITEMTYPE ZP_ATTR\"><\/span>\n\t\t<span class=\"ZP_INCLUSIVE ZP_ATTR\">1<\/span>\n\t\t<span class=\"ZP_STYLE ZP_ATTR\">eunomia-revista-en-cultura-de-la-legalidad<\/span>\n\t\t<span class=\"ZP_LIMIT ZP_ATTR\">50<\/span>\n\t\t<span class=\"ZP_SORTBY ZP_ATTR\">creator<\/span>\n\t\t<span class=\"ZP_ORDER ZP_ATTR\">asc<\/span>\n\t\t<span class=\"ZP_TITLE ZP_ATTR\"><\/span>\n\t\t<span class=\"ZP_SHOWIMAGE ZP_ATTR\"><\/span>\n\t\t<span class=\"ZP_SHOWTAGS ZP_ATTR\"><\/span>\n\t\t<span class=\"ZP_DOWNLOADABLE ZP_ATTR\"><\/span>\n\t\t<span class=\"ZP_NOTES ZP_ATTR\"><\/span>\n\t\t<span class=\"ZP_ABSTRACT ZP_ATTR\"><\/span>\n\t\t<span class=\"ZP_CITEABLE ZP_ATTR\"><\/span>\n\t\t<span class=\"ZP_TARGET ZP_ATTR\">1<\/span>\n\t\t<span class=\"ZP_URLWRAP ZP_ATTR\"><\/span>\n\t\t<span class=\"ZP_FORCENUM ZP_ATTR\"><\/span>\n        <span class=\"ZP_HIGHLIGHT ZP_ATTR\"><\/span>\n        <span class=\"ZP_POSTID ZP_ATTR\">412<\/span>\n\t\t<span class=\"ZOTPRESS_PLUGIN_URL ZP_ATTR\">https:\/\/opistobranquis.info\/wp-content\/plugins\/zotpress\/<\/span>\n\n\t\t<div class=\"zp-List loading\">\n\t\t\t<div class=\"zp-SEO-Content\">\n\n\t\t\t<\/div><!-- .zp-zp-SEO-Content -->\n\t\t<\/div><!-- .zp-List -->\n\t<\/div><!--.zp-Zotpress-->\n\n<p><\/p>Bibliografia basada en els treballs de <b>Steve Long, 2006<\/b>. <a target=_blank href=https:\/\/opistobranquis.info\/wp-content\/uploads\/2016\/06\/Long-S.-2006-Bibliography-of-Opisthobranchia-1554-2000.pdf>Bibliography of Opisthobranchia 1554-2000<\/a> i <b>Gary McDonald, 2009<\/b>. <a href=http:\/\/escholarship.org\/uc\/item\/8115h0wz>Bibliographia Nudibranchia<\/a>, amb actualitzacions posteriors procedents d\u00b4altres fonts.<p><\/p><\/ul><p><\/p><p><strong>M\u00e9s informaci\u00f3<\/strong><\/p><span style=\"font-size:10pt\"><ul><ul class=\"blogroll-links\"><li><a href=\"http:\/\/www.biodiversitylibrary.org\/name\/Trapania%20lineata\">Biodiversity Heritage Library<\/a><\/li><li><a href=\"http:\/\/www.biologiamarina.org\/wp\/trapania-lineata\/\">BiologiaMarina.org<\/a><\/li><li><a href=\"http:\/\/www.cibsub.com\/bioespecie_es-trapania_lineata-27911\">CIB - Club Immersio Biologia<\/a><\/li><li><a href=\"http:\/\/doris.ffessm.fr\/fiche2.asp?fiche_numero=736\">DORIS<\/a><\/li><li><a href=\"https:\/\/litoraldegranada.ugr.es\/el-litoral\/el-litoral-sumergido\/fauna\/moluscos\/gasteropodos\/opistobranquios\/orden-nudibranchia\/doridaceos\/onchidoridoidea\/trapania-lineata\/\">El Litoral de Granada<\/a><\/li><li><a href=\"https:\/\/www.flickr.com\/search\/?text=Trapania%20lineata\">Flickr pictures<\/a><\/li><li><a href=\"http:\/\/www.opistobranquis.org\/ca\/guia\/109\">GROC<\/a><\/li><li><a href=\"http:\/\/www.irmng.org\/aphia.php?p=taxlist&#038;tName=Trapania%20lineata\">Interim Register of Marine and Nonmarine Genera<\/a><\/li><li><a href=\"https:\/\/web.archive.org\/web\/20250116074557\/http:\/\/medslugs.de\/E\/Med\/Trapania_lineata.htm\">MedSlugs (Med)<\/a><\/li><li><a href=\"http:\/\/www.ncbi.nlm.nih.gov\/Taxonomy\/Browser\/wwwtax.cgi?mode=Undef&#038;name=Trapania%20lineata&#038;lvl=0&#038;srchmode=1\">NCBI GenBank<\/a><\/li><li><a href=\"http:\/\/iobis.org\/mapper\/?taxon=Trapania%20lineata\">OBIS - Search by Taxon<\/a><\/li><li><a href=\"http:\/\/www.seaslugforum.net\/showall\/trapline\">Sea Slug Forum<\/a><\/li><li><a href=\"http:\/\/www.marinespecies.org\/aphia.php?p=taxdetails&#038;id=140043\">World Register of Marine Species<\/a><\/li><\/ul><\/ul><\/span><p><strong>Citeu aquest article com: <\/strong><\/p><div style=\"display: block; background: #444444; padding: 10px 30px 10px 10px; border-radius: 5px; line-height: 18px;\"><p class=\"citacio\"><b>Pontes, Miquel<\/b> (2025) <em>\"Trapania lineata\"<\/em> a <em>OPK-Opistobranquis<\/em>. Publicat: 15\/05\/2012. Accedit: 03\/09\/2026. Disponible a (<a href=https:\/\/opistobranquis.info\/ca\/?p=412>https:\/\/opistobranquis.info\/ca\/?p=412<\/a>)<\/p><p><\/p><\/div><p><\/p><\/p>","protected":false},"excerpt":{"rendered":"<p>Trapania lineata Haefelfinger, 1960 Nota taxon\u00f2mica: L&#8217;estudi de Paz-Sedano et al. (2022) sobre el g\u00e8nere Trapania va dur a terme una an\u00e0lisi morfol\u00f2gica i molecular exhaustiva, concloent que Trapania hispalensis i Trapania pallida no representen esp\u00e8cies diferents, sin\u00f3 que formen part de la variabilitat intraespec\u00edfica de Trapania lineata. L&#8217;estudi va comparar detalladament les estructures anat\u00f2miques i la coloraci\u00f3 de les tres esp\u00e8cies en diferents localitzacions. Es va observar que les\u2026<\/p>\n<p class=\"continue-reading-button\"> <a class=\"continue-reading-link\" href=\"https:\/\/opistobranquis.info\/ca\/guia\/nudibranchia\/doridina\/doridoidei\/onchidoridoidea\/trapania-lineata\/\">Continua llegint<i class=\"crycon-right-dir\"><\/i><\/a><\/p>\n","protected":false},"author":5,"featured_media":31344,"parent":26111,"menu_order":6886,"comment_status":"closed","ping_status":"closed","template":"","meta":{"footnotes":""},"class_list":["post-412","page","type-page","status-publish","has-post-thumbnail","hentry"],"jetpack_sharing_enabled":true,"_links":{"self":[{"href":"https:\/\/opistobranquis.info\/ca\/wp-json\/wp\/v2\/pages\/412","targetHints":{"allow":["GET"]}}],"collection":[{"href":"https:\/\/opistobranquis.info\/ca\/wp-json\/wp\/v2\/pages"}],"about":[{"href":"https:\/\/opistobranquis.info\/ca\/wp-json\/wp\/v2\/types\/page"}],"author":[{"embeddable":true,"href":"https:\/\/opistobranquis.info\/ca\/wp-json\/wp\/v2\/users\/5"}],"replies":[{"embeddable":true,"href":"https:\/\/opistobranquis.info\/ca\/wp-json\/wp\/v2\/comments?post=412"}],"version-history":[{"count":11,"href":"https:\/\/opistobranquis.info\/ca\/wp-json\/wp\/v2\/pages\/412\/revisions"}],"predecessor-version":[{"id":46176,"href":"https:\/\/opistobranquis.info\/ca\/wp-json\/wp\/v2\/pages\/412\/revisions\/46176"}],"up":[{"embeddable":true,"href":"https:\/\/opistobranquis.info\/ca\/wp-json\/wp\/v2\/pages\/26111"}],"wp:featuredmedia":[{"embeddable":true,"href":"https:\/\/opistobranquis.info\/ca\/wp-json\/wp\/v2\/media\/31344"}],"wp:attachment":[{"href":"https:\/\/opistobranquis.info\/ca\/wp-json\/wp\/v2\/media?parent=412"}],"curies":[{"name":"wp","href":"https:\/\/api.w.org\/{rel}","templated":true}]}}