{"id":430,"date":"2012-05-15T21:16:13","date_gmt":"2012-05-15T19:16:13","guid":{"rendered":"https:\/\/opistobranquis.info\/felimida-purpureafelimida-purpureafelimida-purpurea"},"modified":"2025-12-15T23:35:21","modified_gmt":"2025-12-15T22:35:21","slug":"rudmania-purpurea","status":"publish","type":"page","link":"https:\/\/opistobranquis.info\/ca\/guia\/nudibranchia\/doridina\/doridoidei\/doridoidea\/rudmania-purpurea\/","title":{"rendered":"Rudmania purpurea"},"content":{"rendered":"<p><\/p>\n<h3><em>Rudmania purpurea<\/em> (Risso, 1831)<\/h3>\n<p><span style=\"font-size:10pt;\" class=\"aligncenter\"><div id=\"featured-img-id\"><img data-recalc-dims=\"1\" decoding=\"async\" src=\"https:\/\/i0.wp.com\/opistobranquis.info\/wp-content\/uploads\/2012\/05\/MPG_7365.jpg?w=900&#038;ssl=1\" alt=\"Rudmania purpurea @ Cala Montg\u00f3, L&#039;Escala, Spain 5-03-2016 by Miquel Pontes\" \/><\/div><center><em>Rudmania purpurea @ Cala Montg\u00f3, L'Escala, Spain 5-03-2016<\/em> per Pontes, Miquel<\/center><\/span><p><\/p><div class=\"opk-worms\"><h3>Informaci\u00f3 taxon\u00f2mica WoRMS<\/h3><div class=\"opk-success\">Nom acceptat actual: <strong><em>Rudmania purpurea<\/em> (Risso, 1831)<\/strong><\/div><h4>Classificaci\u00f3 actual<\/h4><table class=\"widefat striped\"><tr><th>Superdomain<\/th><td><a target=\"_blank\" href=\"https:\/\/www.marinespecies.org\/aphia.php?p=taxdetails&id=1\">Biota<\/a><\/td><\/tr><tr><th>Kingdom<\/th><td><a target=\"_blank\" href=\"https:\/\/www.marinespecies.org\/aphia.php?p=taxdetails&id=2\">Animalia<\/a><\/td><\/tr><tr><th>Phylum<\/th><td><a target=\"_blank\" href=\"https:\/\/www.marinespecies.org\/aphia.php?p=taxdetails&id=51\">Mollusca<\/a><\/td><\/tr><tr><th>Class<\/th><td><a target=\"_blank\" href=\"https:\/\/www.marinespecies.org\/aphia.php?p=taxdetails&id=101\">Gastropoda<\/a><\/td><\/tr><tr><th>Subclass<\/th><td><a target=\"_blank\" href=\"https:\/\/www.marinespecies.org\/aphia.php?p=taxdetails&id=14712\">Heterobranchia<\/a><\/td><\/tr><tr><th>Infraclass<\/th><td><a target=\"_blank\" href=\"https:\/\/www.marinespecies.org\/aphia.php?p=taxdetails&id=1057247\">Euthyneura<\/a><\/td><\/tr><tr><th>Subterclass<\/th><td><a target=\"_blank\" href=\"https:\/\/www.marinespecies.org\/aphia.php?p=taxdetails&id=1057249\">Ringipleura<\/a><\/td><\/tr><tr><th>Superorder<\/th><td><a target=\"_blank\" href=\"https:\/\/www.marinespecies.org\/aphia.php?p=taxdetails&id=411966\">Nudipleura<\/a><\/td><\/tr><tr><th>Order<\/th><td><a target=\"_blank\" href=\"https:\/\/www.marinespecies.org\/aphia.php?p=taxdetails&id=1762\">Nudibranchia<\/a><\/td><\/tr><tr><th>Suborder<\/th><td><a target=\"_blank\" href=\"https:\/\/www.marinespecies.org\/aphia.php?p=taxdetails&id=1829294\">Doridida<\/a><\/td><\/tr><tr><th>Infraorder<\/th><td><a target=\"_blank\" href=\"https:\/\/www.marinespecies.org\/aphia.php?p=taxdetails&id=246038\">Doridoidei<\/a><\/td><\/tr><tr><th>Superfamily<\/th><td><a target=\"_blank\" href=\"https:\/\/www.marinespecies.org\/aphia.php?p=taxdetails&id=1370609\">Chromodoridoidea<\/a><\/td><\/tr><tr><th>Family<\/th><td><a target=\"_blank\" href=\"https:\/\/www.marinespecies.org\/aphia.php?p=taxdetails&id=23003\">Chromodorididae<\/a><\/td><\/tr><tr><th>Subfamily<\/th><td><a target=\"_blank\" href=\"https:\/\/www.marinespecies.org\/aphia.php?p=taxdetails&id=1370610\">Chromodoridinae<\/a><\/td><\/tr><tr><th>Genus<\/th><td><a target=\"_blank\" href=\"https:\/\/www.marinespecies.org\/aphia.php?p=taxdetails&id=1860282\"><em>Rudmania<\/em><\/a><\/td><\/tr><tr><th>Species<\/th><td><a target=\"_blank\" href=\"https:\/\/www.marinespecies.org\/aphia.php?p=taxdetails&id=1860283\"><em>Rudmania purpurea<\/em> (Risso, 1831)<\/a><\/td><\/tr><\/table><p class=\"footer\">Classificaci\u00f3 proporcionada pel World Register of Marine Species (WoRMS). [<a target=\"_blank\" href=\"https:\/\/www.marinespecies.org\/aphia.php?p=taxdetails&id=1860283\">1860283<\/a>]<\/p><\/div><p><strong>Nota taxon\u00f2mica: <\/strong>Les esp\u00e8cies europees atl\u00e0ntiques i mediterr\u00e0nies dels g\u00e8neres <em>Hypselodoris<\/em> i <em>Chromodoris<\/em>, despr\u00e9s de l\u00b4an\u00e0lisi molecular dels Chromodorididae de Johnson &amp; Gosliner (2012, <a href=\"http:\/\/www.plosone.org\/article\/fetchObject.action?uri=info%3Adoi%2F10.1371%2Fjournal.pone.0033479&amp;representation=PDF\">Traditional Taxonomic groupings mask evolutionary history: A molecular Phylogeny and new classification of the chromodorid nudibranchs<\/a>. PLoS ONE 7 (4): 33479) s\u00b4han incl\u00f2s en els g\u00e8neres <em>Felimare<\/em> Ev. Marcus &amp; Er. Marcus, 1967 (les esp\u00e8cies d\u00b4<em>Hypselodoris<\/em>) i <em>Felimida<\/em> Ev. Marcus, 1971 (les esp\u00e8cies del g\u00e8nere <em>Chromodoris<\/em>).<\/p>Un treball publicat recentment (De Oliveira et al., 2025) assigna un nou g\u00e8nere a aquesta esp\u00e8cie bassant-se en difer\u00e8ncies morfol\u00f2giques (falta de dent raqu\u00eddia i per tenir una vagina llarga i prima) i moleculars que separen els membres del nou g\u00e8nere\u00a0<em>Rudmania<\/em>\u00a0dels altres\u00a0<em>Felimida<\/em>.<\/p>\n<p><strong>Sin\u00f2nims<\/strong><\/p>\n<ul>\n<li><span id=\"aphia_ct_tu_139142\"><i>Chromodoris purpurea<\/i> (Risso, 1831)<\/span><\/li>\n<li><span id=\"aphia_ct_tu_597411\"><i>Doris albescens<\/i> Schultz in Philippi, 1836<\/span><\/li>\n<li><span id=\"aphia_ct_tu_597412\"><i>Doris piraini<\/i> V\u00e9rany, 1846<\/span><\/li>\n<li><strong><span id=\"aphia_ct_tu_597410\"><i>Doris purpurea<\/i> Risso, 1831 (original)<\/span><\/strong><\/li>\n<li><em>Felimida purpurea<\/em> (Risso, 1831)<\/li>\n<\/ul>\n<p><strong>Descripci\u00f3<\/strong><br \/>\nEls exemplars\u00a0d&#8217;aquesta\u00a0esp\u00e8cie poden mesurar el 30-40 mm de longitud. Es tracta d\u2019una de les menys pigmentades especies de chromodor\u00eddids ja que el cos \u00e9s de color blanc amb el mantell flanquejat en tot el voltant per una l\u00ednea de color groc daurat. En tota la vora del mantell i per dins del marge groc es pot apreciar per transpar\u00e8ncia nombroses gl\u00e0ndules blanquinoses de forma irregular corresponent a les MDF\u2019s defensives. En el dors pot trobar-se tamb\u00e9 una s\u00e8rie de t\u00e8nues taques irregulars de color rosat. Els rin\u00f2fors son de color carm\u00ed o tamb\u00e9 violacis i presenten una vintena de laminetes apretades; l\u2019\u00e0pex del rin\u00f2for \u00e9s blanc, la beina del rin\u00f2for \u00e9s de poca al\u00e7ada, llisa en la seva vora superior i de color blanc. Els exemplars m\u00e9s grans poden tenir fins a 17 fulles branquials disposades molt tupidament al voltant de la papil\u00b7la anal. Les fulles branquials son de color violaci i estan composades\u00a0d&#8217;un\u00a0eix o raquis amb laminetes a ambd\u00f3s costats, alternades les grans amb les petites. El peu sobresurt for\u00e7a pel darrera del mantell i esta vorejat per una\u00a0l\u00ednia\u00a0groga des de la seva zona central fins la cua.<\/p>\n<p><strong>Biologia<\/strong><br \/>\nAquesta esp\u00e8cie viu en fons rocosos infralitorals, sota pedres, sobre esponges o en el coral\u00b7ligen. S\u2019alimenta de varies esp\u00e8cies d\u2019esponges com <em>Phorbas tenacior<\/em> o <em>Spongionella pulchella<\/em>. No \u00e9s una esp\u00e8cie massa comuna.<\/p>\n<p><strong>Etimologia<\/strong><\/p>\n<ul>\n<li><em data-start=\"287\" data-end=\"298\">Rudmania.<\/em>\u00a0En honor a William (Bill) Rudman per la seva extensa contribuci\u00f3 a la sistem\u00e0tica, la taxonomia i l\u2019ecologia dels nudibranquis. Rudman va dur a terme \u00e0mplies revisions dels grups d\u2019esp\u00e8cies de Chromodorididae i dels seus patrons de coloraci\u00f3.<\/li>\n<li><em>Purpurea<\/em>. Del Grec &#8220;porph\u00fdra&#8221; que va derivar en el Llat\u00ed &#8220;purpura&#8221;, de color porpra,\u00a0violeta, lila.<\/li>\n<\/ul>\n<p><strong>Distribuci\u00f3<\/strong><br \/>\n\u00c9s una esp\u00e8cie europea que habita en tot el Mar Mediterrani i l\u2019Atl\u00e0ntic \u00a0Est des del nord d\u2019Europa fins el Cap Verd, havent estat citada tamb\u00e9 a A\u00e7ores i Madeira. En les costes ib\u00e8riques ha estat citat en totes les zones, tamb\u00e9 a Can\u00e0ries i Balears. En les costes catalanes s\u2019ha localitzat en diferents localitats de la Costa Brava com a Illes Formigues, cala St. Francesc i Blanes, entre d&#8217;altres. <div id=\"flxmap-6a99a325d5bc6\" class='flxmap-container' data-flxmap='flxmap_6a99a325d5bc6' style=\"width:100%;height:400px;\"><\/div>\n<script data-noptimize=\"1\">\n\/* <![CDATA[ *\/\n(function(w, fn) {\n if (w.addEventListener) w.addEventListener(\"DOMContentLoaded\", fn, false);\n else if (w.attachEvent) w.attachEvent(\"onload\", fn);\n})(window, function() {\n var f = new FlexibleMap();\n f.panControl = true;\n f.mapTypeId = \"satellite\";\n f.setlocale(\"ca-ES\");\n f.kmlcache = \"5 minutes\";\n f.showKML(\"flxmap-6a99a325d5bc6\", \"https:\/\/opistobranquis.info\/wp-content\/uploads\/kms\/430.kmz\");\n window.flxmap_6a99a325d5bc6 = f;\n});\n\/* ]]> *\/\n<\/script>\n<div style=\"width:100%;text-align:center;margin:12px 0 4px 0;\">\n  <div style=\"font-size:8pt;margin-bottom:6px;\">Cites georeferenciades conegudes de l'esp\u00e8cie: <em>Rudmania purpurea<\/em><\/div>\n  <table style=\"margin:0 auto;border-collapse:collapse;font-size:8pt;\">\n    <tr><td colspan=\"2\" style=\"text-align:left;padding-bottom:4px;\"><strong>Fonts:<\/strong><\/td><\/tr>\n    <tr>\n      <td style=\"vertical-align:top;padding-right:40px;\">\n        <table style=\"border-collapse:collapse;\">\n<tr><td style='padding:1px 6px 1px 0;vertical-align:middle'><img data-recalc-dims=\"1\" src=\"https:\/\/i0.wp.com\/opistobranquis.info\/wp-content\/uploads\/kms\/wht-circle-lv.png?w=900&#038;ssl=1\" style='display:block'><\/td><td style='padding:1px 0;vertical-align:middle;white-space:nowrap'>OBIS<\/td><\/tr><tr><td style='padding:1px 6px 1px 0;vertical-align:middle'><img data-recalc-dims=\"1\" src=\"https:\/\/i0.wp.com\/opistobranquis.info\/wp-content\/uploads\/kms\/ylw-circle-lv.png?w=900&#038;ssl=1\" style='display:block'><\/td><td style='padding:1px 0;vertical-align:middle;white-space:nowrap'>GROC 2010-2011<\/td><\/tr><tr><td style='padding:1px 6px 1px 0;vertical-align:middle'><img data-recalc-dims=\"1\" src=\"https:\/\/i0.wp.com\/opistobranquis.info\/wp-content\/uploads\/kms\/grn-circle-lv.png?w=900&#038;ssl=1\" style='display:block'><\/td><td style='padding:1px 0;vertical-align:middle;white-space:nowrap'>Enric Madrenas<\/td><\/tr><tr><td style='padding:1px 6px 1px 0;vertical-align:middle'><img data-recalc-dims=\"1\" src=\"https:\/\/i0.wp.com\/opistobranquis.info\/wp-content\/uploads\/kms\/orange-circle-lv.png?w=900&#038;ssl=1\" style='display:block'><\/td><td style='padding:1px 0;vertical-align:middle;white-space:nowrap'>Jo\u00e3o Pedro Silva<\/td><\/tr><tr><td style='padding:1px 6px 1px 0;vertical-align:middle'><img data-recalc-dims=\"1\" src=\"https:\/\/i0.wp.com\/opistobranquis.info\/wp-content\/uploads\/kms\/pink-circle-lv.png?w=900&#038;ssl=1\" style='display:block'><\/td><td style='padding:1px 0;vertical-align:middle;white-space:nowrap'>Bernard Picton<\/td><\/tr><tr><td style='padding:1px 6px 1px 0;vertical-align:middle'><img data-recalc-dims=\"1\" src=\"https:\/\/i0.wp.com\/opistobranquis.info\/wp-content\/uploads\/kms\/blk-circle-lv.png?w=900&#038;ssl=1\" style='display:block'><\/td><td style='padding:1px 0;vertical-align:middle;white-space:nowrap'>GBIF<\/td><\/tr>        <\/table>\n      <\/td>\n      <td style=\"vertical-align:top;\">\n        <table style=\"border-collapse:collapse;\">\n<tr><td style='padding:1px 6px 1px 0;vertical-align:middle'><img data-recalc-dims=\"1\" src=\"https:\/\/i0.wp.com\/opistobranquis.info\/wp-content\/uploads\/kms\/purple-circle-lv.png?w=900&#038;ssl=1\" style='display:block'><\/td><td style='padding:1px 0;vertical-align:middle;white-space:nowrap'>OPK<\/td><\/tr><tr><td style='padding:1px 6px 1px 0;vertical-align:middle'><img data-recalc-dims=\"1\" src=\"https:\/\/i0.wp.com\/opistobranquis.info\/wp-content\/uploads\/kms\/red-circle-lv.png?w=900&#038;ssl=1\" style='display:block'><\/td><td style='padding:1px 0;vertical-align:middle;white-space:nowrap'>VIMAR<\/td><\/tr><tr><td style='padding:1px 6px 1px 0;vertical-align:middle'><img data-recalc-dims=\"1\" src=\"https:\/\/i0.wp.com\/opistobranquis.info\/wp-content\/uploads\/kms\/blu-circle-lv.png?w=900&#038;ssl=1\" style='display:block'><\/td><td style='padding:1px 0;vertical-align:middle;white-space:nowrap'>Manuel Ballesteros<\/td><\/tr><tr><td style='padding:1px 6px 1px 0;vertical-align:middle'><img data-recalc-dims=\"1\" src=\"https:\/\/i0.wp.com\/opistobranquis.info\/wp-content\/uploads\/kms\/cyan-circle-lv.png?w=900&#038;ssl=1\" style='display:block'><\/td><td style='padding:1px 0;vertical-align:middle;white-space:nowrap'>M@re Nostrum<\/td><\/tr><tr><td style='padding:1px 6px 1px 0;vertical-align:middle'><img data-recalc-dims=\"1\" src=\"https:\/\/i0.wp.com\/opistobranquis.info\/wp-content\/uploads\/kms\/grey-circle-lv.png?w=900&#038;ssl=1\" style='display:block'><\/td><td style='padding:1px 0;vertical-align:middle;white-space:nowrap'>Altres fonts<\/td><\/tr><tr><td style='padding:1px 6px 1px 0;vertical-align:middle'><img data-recalc-dims=\"1\" src=\"https:\/\/i0.wp.com\/opistobranquis.info\/wp-content\/uploads\/kms\/marreg.png?w=900&#038;ssl=1\" style='display:block'><\/td><td style='padding:1px 0;vertical-align:middle;white-space:nowrap'>Marine Regions<\/td><\/tr>        <\/table>\n      <\/td>\n    <\/tr>\n  <\/table>\n<\/div>\n<\/p>\n<p><strong>Error:<\/strong> Chart.js no est\u00e1 disponible.<\/p>\n<p><strong>Videos<\/strong><\/p>\n<p><iframe loading=\"lazy\" src=\"https:\/\/player.vimeo.com\/video\/406783803?dnt=1&amp;app_id=122963\" width=\"900\" height=\"506\" frameborder=\"0\" allow=\"autoplay; fullscreen; picture-in-picture; clipboard-write; encrypted-media; web-share\" referrerpolicy=\"strict-origin-when-cross-origin\"><\/iframe><\/p>\n<p><iframe loading=\"lazy\" src=\"https:\/\/player.vimeo.com\/video\/784334449?dnt=1&amp;app_id=122963\" width=\"900\" height=\"506\" frameborder=\"0\" allow=\"autoplay; fullscreen; picture-in-picture; clipboard-write; encrypted-media; web-share\" referrerpolicy=\"strict-origin-when-cross-origin\"><\/iframe><\/p>\n<p><iframe loading=\"lazy\" src=\"https:\/\/player.vimeo.com\/video\/784334438?dnt=1&amp;app_id=122963\" width=\"900\" height=\"506\" frameborder=\"0\" allow=\"autoplay; fullscreen; picture-in-picture; clipboard-write; encrypted-media; web-share\" referrerpolicy=\"strict-origin-when-cross-origin\"><\/iframe><\/p>\n<p><iframe loading=\"lazy\" title=\"Felimida purpurea - Doris rose 2 - Pink doris - Palavas (France)\" width=\"900\" height=\"506\" src=\"https:\/\/www.youtube.com\/embed\/uVKU8WKR6n8?feature=oembed\" frameborder=\"0\" allow=\"accelerometer; autoplay; clipboard-write; encrypted-media; gyroscope; picture-in-picture; web-share\" referrerpolicy=\"strict-origin-when-cross-origin\" allowfullscreen><\/iframe><\/p>\n<p><iframe loading=\"lazy\" title=\"Doris rose - Felimida purpurea - www.loeilduplongeur.com\" width=\"900\" height=\"506\" src=\"https:\/\/www.youtube.com\/embed\/0iTe--zmdmk?feature=oembed\" frameborder=\"0\" allow=\"accelerometer; autoplay; clipboard-write; encrypted-media; gyroscope; picture-in-picture; web-share\" referrerpolicy=\"strict-origin-when-cross-origin\" allowfullscreen><\/iframe><\/p>\n<p>&nbsp;<\/p>\n<p><strong>Altres fotos<\/strong><br \/>\n<div class=\"tiled-gallery type-rectangular tiled-gallery-unresized\" data-original-width=\"900\" data-carousel-extra='{&quot;blog_id&quot;:1,&quot;permalink&quot;:&quot;https:\\\/\\\/opistobranquis.info\\\/ca\\\/guia\\\/nudibranchia\\\/doridina\\\/doridoidei\\\/doridoidea\\\/rudmania-purpurea\\\/&quot;,&quot;likes_blog_id&quot;:44192421}' itemscope itemtype=\"http:\/\/schema.org\/ImageGallery\" > <div class=\"gallery-row\" style=\"width: 900px; height: 449px;\" data-original-width=\"900\" data-original-height=\"449\" > <div class=\"gallery-group images-1\" style=\"width: 587px; height: 449px;\" data-original-width=\"587\" data-original-height=\"449\" > <div class=\"tiled-gallery-item tiled-gallery-item-large\" itemprop=\"associatedMedia\" itemscope itemtype=\"http:\/\/schema.org\/ImageObject\"> <a href=\"https:\/\/opistobranquis.info\/ca\/guia\/nudibranchia\/doridina\/doridoidei\/doridoidea\/rudmania-purpurea\/chromodoris-purpurea-00\/\" border=\"0\" itemprop=\"url\"> <meta itemprop=\"width\" content=\"583\"> <meta itemprop=\"height\" content=\"445\"> <img decoding=\"async\" class=\"\" data-attachment-id=\"4234\" data-orig-file=\"https:\/\/opistobranquis.info\/wp-content\/uploads\/2012\/12\/chromodoris-purpurea-00.jpg\" data-orig-size=\"799,610\" data-comments-opened=\"\" data-image-title=\"Rudmania purpurea\" data-image-description=\"&lt;p&gt;Rudmania purpurea&lt;\/p&gt; \" data-medium-file=\"https:\/\/i0.wp.com\/opistobranquis.info\/wp-content\/uploads\/2012\/12\/chromodoris-purpurea-00.jpg?fit=300%2C229&#038;ssl=1\" data-large-file=\"https:\/\/i0.wp.com\/opistobranquis.info\/wp-content\/uploads\/2012\/12\/chromodoris-purpurea-00.jpg?fit=799%2C610&#038;ssl=1\" src=\"https:\/\/i0.wp.com\/opistobranquis.info\/wp-content\/uploads\/2012\/12\/chromodoris-purpurea-00.jpg?w=583&#038;h=445&#038;ssl=1\" srcset=\"https:\/\/i0.wp.com\/opistobranquis.info\/wp-content\/uploads\/2012\/12\/chromodoris-purpurea-00.jpg?w=799&amp;ssl=1 799w, https:\/\/i0.wp.com\/opistobranquis.info\/wp-content\/uploads\/2012\/12\/chromodoris-purpurea-00.jpg?resize=300%2C229&amp;ssl=1 300w\" width=\"583\" height=\"445\" loading=\"lazy\" data-original-width=\"583\" data-original-height=\"445\" itemprop=\"http:\/\/schema.org\/image\" title=\"Rudmania purpurea\" alt=\"Rudmania purpurea\" style=\"width: 583px; height: 445px;\" \/> <\/a> <div class=\"tiled-gallery-caption\" itemprop=\"caption description\"> Rudmania purpurea <\/div> <\/div> <\/div> <!-- close group --> <div class=\"gallery-group images-2\" style=\"width: 313px; height: 449px;\" data-original-width=\"313\" data-original-height=\"449\" > <div class=\"tiled-gallery-item tiled-gallery-item-large\" itemprop=\"associatedMedia\" itemscope itemtype=\"http:\/\/schema.org\/ImageObject\"> <a href=\"https:\/\/opistobranquis.info\/ca\/guia\/nudibranchia\/doridina\/doridoidei\/doridoidea\/rudmania-purpurea\/chromodoris-purpurea-01\/\" border=\"0\" itemprop=\"url\"> <meta itemprop=\"width\" content=\"309\"> <meta itemprop=\"height\" content=\"233\"> <img decoding=\"async\" class=\"\" data-attachment-id=\"4235\" data-orig-file=\"https:\/\/opistobranquis.info\/wp-content\/uploads\/2012\/12\/chromodoris-purpurea-01.jpg\" data-orig-size=\"809,610\" data-comments-opened=\"\" data-image-title=\"Rudmania purpurea\" data-image-description=\"&lt;p&gt;Rudmania purpurea&lt;\/p&gt; \" data-medium-file=\"https:\/\/i0.wp.com\/opistobranquis.info\/wp-content\/uploads\/2012\/12\/chromodoris-purpurea-01.jpg?fit=300%2C226&#038;ssl=1\" data-large-file=\"https:\/\/i0.wp.com\/opistobranquis.info\/wp-content\/uploads\/2012\/12\/chromodoris-purpurea-01.jpg?fit=809%2C610&#038;ssl=1\" src=\"https:\/\/i0.wp.com\/opistobranquis.info\/wp-content\/uploads\/2012\/12\/chromodoris-purpurea-01.jpg?w=309&#038;h=233&#038;ssl=1\" srcset=\"https:\/\/i0.wp.com\/opistobranquis.info\/wp-content\/uploads\/2012\/12\/chromodoris-purpurea-01.jpg?w=809&amp;ssl=1 809w, https:\/\/i0.wp.com\/opistobranquis.info\/wp-content\/uploads\/2012\/12\/chromodoris-purpurea-01.jpg?resize=300%2C226&amp;ssl=1 300w\" width=\"309\" height=\"233\" loading=\"lazy\" data-original-width=\"309\" data-original-height=\"233\" itemprop=\"http:\/\/schema.org\/image\" title=\"Rudmania purpurea\" alt=\"Rudmania purpurea\" style=\"width: 309px; height: 233px;\" \/> <\/a> <div class=\"tiled-gallery-caption\" itemprop=\"caption description\"> Rudmania purpurea <\/div> <\/div> <div class=\"tiled-gallery-item tiled-gallery-item-large\" itemprop=\"associatedMedia\" itemscope itemtype=\"http:\/\/schema.org\/ImageObject\"> <a href=\"https:\/\/opistobranquis.info\/ca\/guia\/nudibranchia\/doridina\/doridoidei\/doridoidea\/rudmania-purpurea\/chromodoris-purpurea-03\/\" border=\"0\" itemprop=\"url\"> <meta itemprop=\"width\" content=\"309\"> <meta itemprop=\"height\" content=\"208\"> <img decoding=\"async\" class=\"\" data-attachment-id=\"4236\" data-orig-file=\"https:\/\/opistobranquis.info\/wp-content\/uploads\/2012\/12\/chromodoris-purpurea-03.jpg\" data-orig-size=\"810,545\" data-comments-opened=\"\" data-image-title=\"Rudmania purpurea\" data-image-description=\"&lt;p&gt;Rudmania purpurea&lt;\/p&gt; \" data-medium-file=\"https:\/\/i0.wp.com\/opistobranquis.info\/wp-content\/uploads\/2012\/12\/chromodoris-purpurea-03.jpg?fit=300%2C201&#038;ssl=1\" data-large-file=\"https:\/\/i0.wp.com\/opistobranquis.info\/wp-content\/uploads\/2012\/12\/chromodoris-purpurea-03.jpg?fit=810%2C545&#038;ssl=1\" src=\"https:\/\/i0.wp.com\/opistobranquis.info\/wp-content\/uploads\/2012\/12\/chromodoris-purpurea-03.jpg?w=309&#038;h=208&#038;ssl=1\" srcset=\"https:\/\/i0.wp.com\/opistobranquis.info\/wp-content\/uploads\/2012\/12\/chromodoris-purpurea-03.jpg?w=810&amp;ssl=1 810w, https:\/\/i0.wp.com\/opistobranquis.info\/wp-content\/uploads\/2012\/12\/chromodoris-purpurea-03.jpg?resize=300%2C201&amp;ssl=1 300w\" width=\"309\" height=\"208\" loading=\"lazy\" data-original-width=\"309\" data-original-height=\"208\" itemprop=\"http:\/\/schema.org\/image\" title=\"Rudmania purpurea\" alt=\"Rudmania purpurea\" style=\"width: 309px; height: 208px;\" \/> <\/a> <div class=\"tiled-gallery-caption\" itemprop=\"caption description\"> Rudmania purpurea <\/div> <\/div> <\/div> <!-- close group --> <\/div> <!-- close row --> <div class=\"gallery-row\" style=\"width: 900px; height: 551px;\" data-original-width=\"900\" data-original-height=\"551\" > <div class=\"gallery-group images-3\" style=\"width: 279px; height: 551px;\" data-original-width=\"279\" data-original-height=\"551\" > <div class=\"tiled-gallery-item tiled-gallery-item-large\" itemprop=\"associatedMedia\" itemscope itemtype=\"http:\/\/schema.org\/ImageObject\"> <a href=\"https:\/\/opistobranquis.info\/ca\/guia\/nudibranchia\/doridina\/doridoidei\/doridoidea\/rudmania-purpurea\/chromodoris-purpurea-04\/\" border=\"0\" itemprop=\"url\"> <meta itemprop=\"width\" content=\"275\"> <meta itemprop=\"height\" content=\"185\"> <img decoding=\"async\" class=\"\" data-attachment-id=\"4237\" data-orig-file=\"https:\/\/opistobranquis.info\/wp-content\/uploads\/2012\/12\/chromodoris-purpurea-04.jpg\" data-orig-size=\"810,545\" data-comments-opened=\"\" data-image-title=\"Rudmania purpurea\" data-image-description=\"&lt;p&gt;Rudmania purpurea&lt;\/p&gt; \" data-medium-file=\"https:\/\/i0.wp.com\/opistobranquis.info\/wp-content\/uploads\/2012\/12\/chromodoris-purpurea-04.jpg?fit=300%2C201&#038;ssl=1\" data-large-file=\"https:\/\/i0.wp.com\/opistobranquis.info\/wp-content\/uploads\/2012\/12\/chromodoris-purpurea-04.jpg?fit=810%2C545&#038;ssl=1\" src=\"https:\/\/i0.wp.com\/opistobranquis.info\/wp-content\/uploads\/2012\/12\/chromodoris-purpurea-04.jpg?w=275&#038;h=185&#038;ssl=1\" srcset=\"https:\/\/i0.wp.com\/opistobranquis.info\/wp-content\/uploads\/2012\/12\/chromodoris-purpurea-04.jpg?w=810&amp;ssl=1 810w, https:\/\/i0.wp.com\/opistobranquis.info\/wp-content\/uploads\/2012\/12\/chromodoris-purpurea-04.jpg?resize=300%2C201&amp;ssl=1 300w\" width=\"275\" height=\"185\" loading=\"lazy\" data-original-width=\"275\" data-original-height=\"185\" itemprop=\"http:\/\/schema.org\/image\" title=\"Rudmania purpurea\" alt=\"Rudmania purpurea\" style=\"width: 275px; height: 185px;\" \/> <\/a> <div class=\"tiled-gallery-caption\" itemprop=\"caption description\"> Rudmania purpurea <\/div> <\/div> <div class=\"tiled-gallery-item tiled-gallery-item-large\" itemprop=\"associatedMedia\" itemscope itemtype=\"http:\/\/schema.org\/ImageObject\"> <a href=\"https:\/\/opistobranquis.info\/ca\/guia\/nudibranchia\/doridina\/doridoidei\/doridoidea\/rudmania-purpurea\/chromodoris-purpurea005\/\" border=\"0\" itemprop=\"url\"> <meta itemprop=\"width\" content=\"275\"> <meta itemprop=\"height\" content=\"170\"> <img decoding=\"async\" class=\"\" data-attachment-id=\"4238\" data-orig-file=\"https:\/\/opistobranquis.info\/wp-content\/uploads\/2012\/12\/chromodoris-purpurea005.jpg\" data-orig-size=\"808,497\" data-comments-opened=\"\" data-image-title=\"Rudmania purpurea\" data-image-description=\"&lt;p&gt;Rudmania purpurea&lt;\/p&gt; \" data-medium-file=\"https:\/\/i0.wp.com\/opistobranquis.info\/wp-content\/uploads\/2012\/12\/chromodoris-purpurea005.jpg?fit=300%2C184&#038;ssl=1\" data-large-file=\"https:\/\/i0.wp.com\/opistobranquis.info\/wp-content\/uploads\/2012\/12\/chromodoris-purpurea005.jpg?fit=808%2C497&#038;ssl=1\" src=\"https:\/\/i0.wp.com\/opistobranquis.info\/wp-content\/uploads\/2012\/12\/chromodoris-purpurea005.jpg?w=275&#038;h=170&#038;ssl=1\" srcset=\"https:\/\/i0.wp.com\/opistobranquis.info\/wp-content\/uploads\/2012\/12\/chromodoris-purpurea005.jpg?w=808&amp;ssl=1 808w, https:\/\/i0.wp.com\/opistobranquis.info\/wp-content\/uploads\/2012\/12\/chromodoris-purpurea005.jpg?resize=300%2C184&amp;ssl=1 300w\" width=\"275\" height=\"170\" loading=\"lazy\" data-original-width=\"275\" data-original-height=\"170\" itemprop=\"http:\/\/schema.org\/image\" title=\"Rudmania purpurea\" alt=\"Rudmania purpurea\" style=\"width: 275px; height: 170px;\" \/> <\/a> <div class=\"tiled-gallery-caption\" itemprop=\"caption description\"> Rudmania purpurea <\/div> <\/div> <div class=\"tiled-gallery-item tiled-gallery-item-large\" itemprop=\"associatedMedia\" itemscope itemtype=\"http:\/\/schema.org\/ImageObject\"> <a href=\"https:\/\/opistobranquis.info\/ca\/guia\/nudibranchia\/doridina\/doridoidei\/doridoidea\/rudmania-purpurea\/felimida-purpureacopulatrio-carlosfdezcid\/\" border=\"0\" itemprop=\"url\"> <meta itemprop=\"width\" content=\"275\"> <meta itemprop=\"height\" content=\"184\"> <img decoding=\"async\" class=\"\" data-attachment-id=\"13939\" data-orig-file=\"https:\/\/opistobranquis.info\/wp-content\/uploads\/2014\/09\/Felimida-purpureacopulatrio.CARLOSFDEZCID.jpg\" data-orig-size=\"850,568\" data-comments-opened=\"\" data-image-title=\"Rudmania purpurea (Atlantic) en c\u00f3pula, by Carlos Fern\u00e1ndez-Cid\" data-image-description=\"&lt;p&gt;Rudmania purpurea (Atlantic) en c\u00f3pula, by Carlos Fern\u00e1ndez-Cid&lt;\/p&gt; \" data-medium-file=\"https:\/\/i0.wp.com\/opistobranquis.info\/wp-content\/uploads\/2014\/09\/Felimida-purpureacopulatrio.CARLOSFDEZCID.jpg?fit=300%2C200&#038;ssl=1\" data-large-file=\"https:\/\/i0.wp.com\/opistobranquis.info\/wp-content\/uploads\/2014\/09\/Felimida-purpureacopulatrio.CARLOSFDEZCID.jpg?fit=850%2C568&#038;ssl=1\" src=\"https:\/\/i0.wp.com\/opistobranquis.info\/wp-content\/uploads\/2014\/09\/Felimida-purpureacopulatrio.CARLOSFDEZCID.jpg?w=275&#038;h=184&#038;ssl=1\" srcset=\"https:\/\/i0.wp.com\/opistobranquis.info\/wp-content\/uploads\/2014\/09\/Felimida-purpureacopulatrio.CARLOSFDEZCID.jpg?w=850&amp;ssl=1 850w, https:\/\/i0.wp.com\/opistobranquis.info\/wp-content\/uploads\/2014\/09\/Felimida-purpureacopulatrio.CARLOSFDEZCID.jpg?resize=150%2C100&amp;ssl=1 150w, https:\/\/i0.wp.com\/opistobranquis.info\/wp-content\/uploads\/2014\/09\/Felimida-purpureacopulatrio.CARLOSFDEZCID.jpg?resize=300%2C200&amp;ssl=1 300w\" width=\"275\" height=\"184\" loading=\"lazy\" data-original-width=\"275\" data-original-height=\"184\" itemprop=\"http:\/\/schema.org\/image\" title=\"Rudmania purpurea (Atlantic) en c\u00f3pula, by Carlos Fern\u00e1ndez-Cid\" alt=\"Rudmania purpurea (Atlantic) en c\u00f3pula, by Carlos Fern\u00e1ndez-Cid\" style=\"width: 275px; height: 184px;\" \/> <\/a> <div class=\"tiled-gallery-caption\" itemprop=\"caption description\"> Rudmania purpurea (Atlantic) en c\u00f3pula, by Carlos Fern\u00e1ndez-Cid <\/div> <\/div> <\/div> <!-- close group --> <div class=\"gallery-group images-1\" style=\"width: 368px; height: 551px;\" data-original-width=\"368\" data-original-height=\"551\" > <div class=\"tiled-gallery-item tiled-gallery-item-large\" itemprop=\"associatedMedia\" itemscope itemtype=\"http:\/\/schema.org\/ImageObject\"> <a href=\"https:\/\/opistobranquis.info\/ca\/guia\/nudibranchia\/doridina\/doridoidei\/doridoidea\/rudmania-purpurea\/felimida-purpurea-2-portugal-by-joao-pedro-silva\/\" border=\"0\" itemprop=\"url\"> <meta itemprop=\"width\" content=\"364\"> <meta itemprop=\"height\" content=\"547\"> <img decoding=\"async\" class=\"\" data-attachment-id=\"15885\" data-orig-file=\"https:\/\/opistobranquis.info\/wp-content\/uploads\/2014\/10\/Felimida-purpurea-2-Portugal-by-Joao-Pedro-Silva.jpg\" data-orig-size=\"533,800\" data-comments-opened=\"\" data-image-title=\"Rudmania purpurea (Portugal) by Joao Pedro Silva\" data-image-description=\"&lt;p&gt;Rudmania purpurea (Portugal) by Joao Pedro Silva&lt;\/p&gt; \" data-medium-file=\"https:\/\/i0.wp.com\/opistobranquis.info\/wp-content\/uploads\/2014\/10\/Felimida-purpurea-2-Portugal-by-Joao-Pedro-Silva.jpg?fit=199%2C300&#038;ssl=1\" data-large-file=\"https:\/\/i0.wp.com\/opistobranquis.info\/wp-content\/uploads\/2014\/10\/Felimida-purpurea-2-Portugal-by-Joao-Pedro-Silva.jpg?fit=533%2C800&#038;ssl=1\" src=\"https:\/\/i0.wp.com\/opistobranquis.info\/wp-content\/uploads\/2014\/10\/Felimida-purpurea-2-Portugal-by-Joao-Pedro-Silva.jpg?w=364&#038;h=547&#038;ssl=1\" srcset=\"https:\/\/i0.wp.com\/opistobranquis.info\/wp-content\/uploads\/2014\/10\/Felimida-purpurea-2-Portugal-by-Joao-Pedro-Silva.jpg?w=533&amp;ssl=1 533w, https:\/\/i0.wp.com\/opistobranquis.info\/wp-content\/uploads\/2014\/10\/Felimida-purpurea-2-Portugal-by-Joao-Pedro-Silva.jpg?resize=99%2C150&amp;ssl=1 99w, https:\/\/i0.wp.com\/opistobranquis.info\/wp-content\/uploads\/2014\/10\/Felimida-purpurea-2-Portugal-by-Joao-Pedro-Silva.jpg?resize=199%2C300&amp;ssl=1 199w\" width=\"364\" height=\"547\" loading=\"lazy\" data-original-width=\"364\" data-original-height=\"547\" itemprop=\"http:\/\/schema.org\/image\" title=\"Rudmania purpurea (Portugal) by Joao Pedro Silva\" alt=\"Rudmania purpurea (Portugal) by Joao Pedro Silva\" style=\"width: 364px; height: 547px;\" \/> <\/a> <div class=\"tiled-gallery-caption\" itemprop=\"caption description\"> Rudmania purpurea (Portugal) by Joao Pedro Silva <\/div> <\/div> <\/div> <!-- close group --> <div class=\"gallery-group images-3\" style=\"width: 253px; height: 551px;\" data-original-width=\"253\" data-original-height=\"551\" > <div class=\"tiled-gallery-item tiled-gallery-item-small\" itemprop=\"associatedMedia\" itemscope itemtype=\"http:\/\/schema.org\/ImageObject\"> <a href=\"https:\/\/opistobranquis.info\/ca\/guia\/nudibranchia\/doridina\/doridoidei\/doridoidea\/rudmania-purpurea\/felimida-purpurea-3-portugal-by-joao-pedro-silva\/\" border=\"0\" itemprop=\"url\"> <meta itemprop=\"width\" content=\"249\"> <meta itemprop=\"height\" content=\"166\"> <img decoding=\"async\" class=\"\" data-attachment-id=\"15886\" data-orig-file=\"https:\/\/opistobranquis.info\/wp-content\/uploads\/2014\/10\/Felimida-purpurea-3-Portugal-by-Joao-Pedro-Silva.jpg\" data-orig-size=\"800,533\" data-comments-opened=\"\" data-image-title=\"Rudmania purpurea (Portugal) by Joao Pedro Silva\" data-image-description=\"&lt;p&gt;Rudmania purpurea (Portugal) by Joao Pedro Silva&lt;\/p&gt; \" data-medium-file=\"https:\/\/i0.wp.com\/opistobranquis.info\/wp-content\/uploads\/2014\/10\/Felimida-purpurea-3-Portugal-by-Joao-Pedro-Silva.jpg?fit=300%2C199&#038;ssl=1\" data-large-file=\"https:\/\/i0.wp.com\/opistobranquis.info\/wp-content\/uploads\/2014\/10\/Felimida-purpurea-3-Portugal-by-Joao-Pedro-Silva.jpg?fit=800%2C533&#038;ssl=1\" src=\"https:\/\/i0.wp.com\/opistobranquis.info\/wp-content\/uploads\/2014\/10\/Felimida-purpurea-3-Portugal-by-Joao-Pedro-Silva.jpg?w=249&#038;h=166&#038;ssl=1\" srcset=\"https:\/\/i0.wp.com\/opistobranquis.info\/wp-content\/uploads\/2014\/10\/Felimida-purpurea-3-Portugal-by-Joao-Pedro-Silva.jpg?w=800&amp;ssl=1 800w, https:\/\/i0.wp.com\/opistobranquis.info\/wp-content\/uploads\/2014\/10\/Felimida-purpurea-3-Portugal-by-Joao-Pedro-Silva.jpg?resize=150%2C99&amp;ssl=1 150w, https:\/\/i0.wp.com\/opistobranquis.info\/wp-content\/uploads\/2014\/10\/Felimida-purpurea-3-Portugal-by-Joao-Pedro-Silva.jpg?resize=300%2C199&amp;ssl=1 300w\" width=\"249\" height=\"166\" loading=\"lazy\" data-original-width=\"249\" data-original-height=\"166\" itemprop=\"http:\/\/schema.org\/image\" title=\"Rudmania purpurea (Portugal) by Joao Pedro Silva\" alt=\"Rudmania purpurea (Portugal) by Joao Pedro Silva\" style=\"width: 249px; height: 166px;\" \/> <\/a> <div class=\"tiled-gallery-caption\" itemprop=\"caption description\"> Rudmania purpurea (Portugal) by Joao Pedro Silva <\/div> <\/div> <div class=\"tiled-gallery-item tiled-gallery-item-small\" itemprop=\"associatedMedia\" itemscope itemtype=\"http:\/\/schema.org\/ImageObject\"> <a href=\"https:\/\/opistobranquis.info\/ca\/guia\/nudibranchia\/doridina\/doridoidei\/doridoidea\/rudmania-purpurea\/felimida-purpurea-portugal-by-joao-pedro-silva\/\" border=\"0\" itemprop=\"url\"> <meta itemprop=\"width\" content=\"249\"> <meta itemprop=\"height\" content=\"166\"> <img decoding=\"async\" class=\"\" data-attachment-id=\"15887\" data-orig-file=\"https:\/\/opistobranquis.info\/wp-content\/uploads\/2014\/10\/Felimida-purpurea-Portugal-by-Joao-Pedro-Silva.jpg\" data-orig-size=\"800,533\" data-comments-opened=\"\" data-image-title=\"Rudmania purpurea (Portugal) by Joao Pedro Silva\" data-image-description=\"&lt;p&gt;Rudmania purpurea (Portugal) by Joao Pedro Silva&lt;\/p&gt; \" data-medium-file=\"https:\/\/i0.wp.com\/opistobranquis.info\/wp-content\/uploads\/2014\/10\/Felimida-purpurea-Portugal-by-Joao-Pedro-Silva.jpg?fit=300%2C199&#038;ssl=1\" data-large-file=\"https:\/\/i0.wp.com\/opistobranquis.info\/wp-content\/uploads\/2014\/10\/Felimida-purpurea-Portugal-by-Joao-Pedro-Silva.jpg?fit=800%2C533&#038;ssl=1\" src=\"https:\/\/i0.wp.com\/opistobranquis.info\/wp-content\/uploads\/2014\/10\/Felimida-purpurea-Portugal-by-Joao-Pedro-Silva.jpg?w=249&#038;h=166&#038;ssl=1\" srcset=\"https:\/\/i0.wp.com\/opistobranquis.info\/wp-content\/uploads\/2014\/10\/Felimida-purpurea-Portugal-by-Joao-Pedro-Silva.jpg?w=800&amp;ssl=1 800w, https:\/\/i0.wp.com\/opistobranquis.info\/wp-content\/uploads\/2014\/10\/Felimida-purpurea-Portugal-by-Joao-Pedro-Silva.jpg?resize=150%2C99&amp;ssl=1 150w, https:\/\/i0.wp.com\/opistobranquis.info\/wp-content\/uploads\/2014\/10\/Felimida-purpurea-Portugal-by-Joao-Pedro-Silva.jpg?resize=300%2C199&amp;ssl=1 300w\" width=\"249\" height=\"166\" loading=\"lazy\" data-original-width=\"249\" data-original-height=\"166\" itemprop=\"http:\/\/schema.org\/image\" title=\"Rudmania purpurea (Portugal) by Joao Pedro Silva\" alt=\"Rudmania purpurea (Portugal) by Joao Pedro Silva\" style=\"width: 249px; height: 166px;\" \/> <\/a> <div class=\"tiled-gallery-caption\" itemprop=\"caption description\"> Rudmania purpurea (Portugal) by Joao Pedro Silva <\/div> <\/div> <div class=\"tiled-gallery-item tiled-gallery-item-small\" itemprop=\"associatedMedia\" itemscope itemtype=\"http:\/\/schema.org\/ImageObject\"> <a href=\"https:\/\/opistobranquis.info\/ca\/guia\/nudibranchia\/doridina\/doridoidei\/doridoidea\/rudmania-purpurea\/img_0722-001\/\" border=\"0\" itemprop=\"url\"> <meta itemprop=\"width\" content=\"249\"> <meta itemprop=\"height\" content=\"207\"> <img decoding=\"async\" class=\"\" data-attachment-id=\"19555\" data-orig-file=\"https:\/\/opistobranquis.info\/wp-content\/uploads\/2015\/05\/IMG_0722-001.jpg\" data-orig-size=\"719,600\" data-comments-opened=\"\" data-image-title=\"Rudmania purpurea @ Mallorca by Lenka Juskani\u010dov\u00e1\" data-image-description=\"&lt;p&gt;Rudmania purpurea @ Mallorca by Lenka Juskani\u010dov\u00e1&lt;\/p&gt; \" data-medium-file=\"https:\/\/i0.wp.com\/opistobranquis.info\/wp-content\/uploads\/2015\/05\/IMG_0722-001.jpg?fit=300%2C250&#038;ssl=1\" data-large-file=\"https:\/\/i0.wp.com\/opistobranquis.info\/wp-content\/uploads\/2015\/05\/IMG_0722-001.jpg?fit=719%2C600&#038;ssl=1\" src=\"https:\/\/i0.wp.com\/opistobranquis.info\/wp-content\/uploads\/2015\/05\/IMG_0722-001.jpg?w=249&#038;h=207&#038;ssl=1\" srcset=\"https:\/\/i0.wp.com\/opistobranquis.info\/wp-content\/uploads\/2015\/05\/IMG_0722-001.jpg?w=719&amp;ssl=1 719w, https:\/\/i0.wp.com\/opistobranquis.info\/wp-content\/uploads\/2015\/05\/IMG_0722-001.jpg?resize=150%2C125&amp;ssl=1 150w, https:\/\/i0.wp.com\/opistobranquis.info\/wp-content\/uploads\/2015\/05\/IMG_0722-001.jpg?resize=300%2C250&amp;ssl=1 300w\" width=\"249\" height=\"207\" loading=\"lazy\" data-original-width=\"249\" data-original-height=\"207\" itemprop=\"http:\/\/schema.org\/image\" title=\"Rudmania purpurea @ Mallorca by Lenka Juskani\u010dov\u00e1\" alt=\"Rudmania purpurea @ Mallorca by Lenka Juskani\u010dov\u00e1\" style=\"width: 249px; height: 207px;\" \/> <\/a> <div class=\"tiled-gallery-caption\" itemprop=\"caption description\"> Rudmania purpurea @ Mallorca by Lenka Juskani\u010dov\u00e1 <\/div> <\/div> <\/div> <!-- close group --> <\/div> <!-- close row --> <div class=\"gallery-row\" style=\"width: 900px; height: 401px;\" data-original-width=\"900\" data-original-height=\"401\" > <div class=\"gallery-group images-2\" style=\"width: 299px; height: 401px;\" data-original-width=\"299\" data-original-height=\"401\" > <div class=\"tiled-gallery-item tiled-gallery-item-large\" itemprop=\"associatedMedia\" itemscope itemtype=\"http:\/\/schema.org\/ImageObject\"> <a href=\"https:\/\/opistobranquis.info\/ca\/guia\/nudibranchia\/doridina\/doridoidei\/doridoidea\/rudmania-purpurea\/felimida-purpurea-by-enric-madrenas\/\" border=\"0\" itemprop=\"url\"> <meta itemprop=\"width\" content=\"295\"> <meta itemprop=\"height\" content=\"197\"> <img decoding=\"async\" class=\"\" data-attachment-id=\"19985\" data-orig-file=\"https:\/\/opistobranquis.info\/wp-content\/uploads\/2012\/05\/Felimida-purpurea-by-Enric-Madrenas.jpg\" data-orig-size=\"800,536\" data-comments-opened=\"\" data-image-title=\"Rudmania purpurea by Enric Madrenas\" data-image-description=\"&lt;p&gt;Rudmania purpurea by Enric Madrenas&lt;\/p&gt; \" data-medium-file=\"https:\/\/i0.wp.com\/opistobranquis.info\/wp-content\/uploads\/2012\/05\/Felimida-purpurea-by-Enric-Madrenas.jpg?fit=300%2C201&#038;ssl=1\" data-large-file=\"https:\/\/i0.wp.com\/opistobranquis.info\/wp-content\/uploads\/2012\/05\/Felimida-purpurea-by-Enric-Madrenas.jpg?fit=800%2C536&#038;ssl=1\" src=\"https:\/\/i0.wp.com\/opistobranquis.info\/wp-content\/uploads\/2012\/05\/Felimida-purpurea-by-Enric-Madrenas.jpg?w=295&#038;h=197&#038;ssl=1\" srcset=\"https:\/\/i0.wp.com\/opistobranquis.info\/wp-content\/uploads\/2012\/05\/Felimida-purpurea-by-Enric-Madrenas.jpg?w=800&amp;ssl=1 800w, https:\/\/i0.wp.com\/opistobranquis.info\/wp-content\/uploads\/2012\/05\/Felimida-purpurea-by-Enric-Madrenas.jpg?resize=150%2C101&amp;ssl=1 150w, https:\/\/i0.wp.com\/opistobranquis.info\/wp-content\/uploads\/2012\/05\/Felimida-purpurea-by-Enric-Madrenas.jpg?resize=300%2C201&amp;ssl=1 300w\" width=\"295\" height=\"197\" loading=\"lazy\" data-original-width=\"295\" data-original-height=\"197\" itemprop=\"http:\/\/schema.org\/image\" title=\"Rudmania purpurea by Enric Madrenas\" alt=\"Rudmania purpurea by Enric Madrenas\" style=\"width: 295px; height: 197px;\" \/> <\/a> <div class=\"tiled-gallery-caption\" itemprop=\"caption description\"> Rudmania purpurea by Enric Madrenas <\/div> <\/div> <div class=\"tiled-gallery-item tiled-gallery-item-large\" itemprop=\"associatedMedia\" itemscope itemtype=\"http:\/\/schema.org\/ImageObject\"> <a href=\"https:\/\/opistobranquis.info\/ca\/guia\/nudibranchia\/doridina\/doridoidei\/doridoidea\/rudmania-purpurea\/felimida-purpurea-islas-canarias-by-aketza-herrero-2\/\" border=\"0\" itemprop=\"url\"> <meta itemprop=\"width\" content=\"295\"> <meta itemprop=\"height\" content=\"196\"> <img decoding=\"async\" class=\"\" data-attachment-id=\"21308\" data-orig-file=\"https:\/\/opistobranquis.info\/wp-content\/uploads\/2012\/05\/Felimida-purpurea-@-Islas-Canarias-by-Aketza-Herrero-2.jpg\" data-orig-size=\"600,399\" data-comments-opened=\"\" data-image-title=\"Rudmania purpurea @ Islas Canarias by Aketza Herrero\" data-image-description=\"&lt;p&gt;Rudmania purpurea @ Islas Canarias by Aketza Herrero&lt;\/p&gt; \" data-medium-file=\"https:\/\/i0.wp.com\/opistobranquis.info\/wp-content\/uploads\/2012\/05\/Felimida-purpurea-%40-Islas-Canarias-by-Aketza-Herrero-2.jpg?fit=300%2C200&#038;ssl=1\" data-large-file=\"https:\/\/i0.wp.com\/opistobranquis.info\/wp-content\/uploads\/2012\/05\/Felimida-purpurea-%40-Islas-Canarias-by-Aketza-Herrero-2.jpg?fit=600%2C399&#038;ssl=1\" src=\"https:\/\/i0.wp.com\/opistobranquis.info\/wp-content\/uploads\/2012\/05\/Felimida-purpurea-%40-Islas-Canarias-by-Aketza-Herrero-2.jpg?w=295&#038;h=196&#038;ssl=1\" width=\"295\" height=\"196\" loading=\"lazy\" data-original-width=\"295\" data-original-height=\"196\" itemprop=\"http:\/\/schema.org\/image\" title=\"Rudmania purpurea @ Islas Canarias by Aketza Herrero\" alt=\"Rudmania purpurea @ Islas Canarias by Aketza Herrero\" style=\"width: 295px; height: 196px;\" \/> <\/a> <div class=\"tiled-gallery-caption\" itemprop=\"caption description\"> Rudmania purpurea @ Islas Canarias by Aketza Herrero <\/div> <\/div> <\/div> <!-- close group --> <div class=\"gallery-group images-1\" style=\"width: 601px; height: 401px;\" data-original-width=\"601\" data-original-height=\"401\" > <div class=\"tiled-gallery-item tiled-gallery-item-large\" itemprop=\"associatedMedia\" itemscope itemtype=\"http:\/\/schema.org\/ImageObject\"> <a href=\"https:\/\/opistobranquis.info\/ca\/guia\/nudibranchia\/doridina\/doridoidei\/doridoidea\/rudmania-purpurea\/felimida-purpurea-islas-canarias-by-aketza-herrero-1\/\" border=\"0\" itemprop=\"url\"> <meta itemprop=\"width\" content=\"597\"> <meta itemprop=\"height\" content=\"397\"> <img decoding=\"async\" class=\"\" data-attachment-id=\"21309\" data-orig-file=\"https:\/\/opistobranquis.info\/wp-content\/uploads\/2012\/05\/Felimida-purpurea-@-Islas-Canarias-by-Aketza-Herrero-1.jpg\" data-orig-size=\"600,399\" data-comments-opened=\"\" data-image-title=\"Rudmania purpurea @ Islas Canarias by Aketza Herrero\" data-image-description=\"&lt;p&gt;Rudmania purpurea @ Islas Canarias by Aketza Herrero&lt;\/p&gt; \" data-medium-file=\"https:\/\/i0.wp.com\/opistobranquis.info\/wp-content\/uploads\/2012\/05\/Felimida-purpurea-%40-Islas-Canarias-by-Aketza-Herrero-1.jpg?fit=300%2C200&#038;ssl=1\" data-large-file=\"https:\/\/i0.wp.com\/opistobranquis.info\/wp-content\/uploads\/2012\/05\/Felimida-purpurea-%40-Islas-Canarias-by-Aketza-Herrero-1.jpg?fit=600%2C399&#038;ssl=1\" src=\"https:\/\/i0.wp.com\/opistobranquis.info\/wp-content\/uploads\/2012\/05\/Felimida-purpurea-%40-Islas-Canarias-by-Aketza-Herrero-1.jpg?w=597&#038;h=397&#038;ssl=1\" width=\"597\" height=\"397\" loading=\"lazy\" data-original-width=\"597\" data-original-height=\"397\" itemprop=\"http:\/\/schema.org\/image\" title=\"Rudmania purpurea @ Islas Canarias by Aketza Herrero\" alt=\"Rudmania purpurea @ Islas Canarias by Aketza Herrero\" style=\"width: 597px; height: 397px;\" \/> <\/a> <div class=\"tiled-gallery-caption\" itemprop=\"caption description\"> Rudmania purpurea @ Islas Canarias by Aketza Herrero <\/div> <\/div> <\/div> <!-- close group --> <\/div> <!-- close row --> <div class=\"gallery-row\" style=\"width: 900px; height: 226px;\" data-original-width=\"900\" data-original-height=\"226\" > <div class=\"gallery-group images-1\" style=\"width: 337px; height: 226px;\" data-original-width=\"337\" data-original-height=\"226\" > <div class=\"tiled-gallery-item tiled-gallery-item-large\" itemprop=\"associatedMedia\" itemscope itemtype=\"http:\/\/schema.org\/ImageObject\"> <a href=\"https:\/\/opistobranquis.info\/ca\/guia\/nudibranchia\/doridina\/doridoidei\/doridoidea\/rudmania-purpurea\/felimida-purpurea-sicily-italy-by-lara-orselli-1\/\" border=\"0\" itemprop=\"url\"> <meta itemprop=\"width\" content=\"333\"> <meta itemprop=\"height\" content=\"222\"> <img decoding=\"async\" class=\"\" data-attachment-id=\"30820\" data-orig-file=\"https:\/\/opistobranquis.info\/wp-content\/uploads\/2020\/11\/Felimida-purpurea-@-Sicily-Italy-by-Lara-Orselli-1.jpg\" data-orig-size=\"1056,704\" data-comments-opened=\"\" data-image-title=\"Rudmania purpurea @ Sicily, Italy by Lara Orselli\" data-image-description=\"&lt;p&gt;Rudmania purpurea @ Sicily, Italy by Lara Orselli&lt;\/p&gt; \" data-medium-file=\"https:\/\/i0.wp.com\/opistobranquis.info\/wp-content\/uploads\/2020\/11\/Felimida-purpurea-%40-Sicily-Italy-by-Lara-Orselli-1.jpg?fit=300%2C200&#038;ssl=1\" data-large-file=\"https:\/\/i0.wp.com\/opistobranquis.info\/wp-content\/uploads\/2020\/11\/Felimida-purpurea-%40-Sicily-Italy-by-Lara-Orselli-1.jpg?fit=900%2C600&#038;ssl=1\" src=\"https:\/\/i0.wp.com\/opistobranquis.info\/wp-content\/uploads\/2020\/11\/Felimida-purpurea-%40-Sicily-Italy-by-Lara-Orselli-1.jpg?w=333&#038;h=222&#038;ssl=1\" width=\"333\" height=\"222\" loading=\"lazy\" data-original-width=\"333\" data-original-height=\"222\" itemprop=\"http:\/\/schema.org\/image\" title=\"Rudmania purpurea @ Sicily, Italy by Lara Orselli\" alt=\"Rudmania purpurea @ Sicily, Italy by Lara Orselli\" style=\"width: 333px; height: 222px;\" \/> <\/a> <div class=\"tiled-gallery-caption\" itemprop=\"caption description\"> Rudmania purpurea @ Sicily, Italy by Lara Orselli <\/div> <\/div> <\/div> <!-- close group --> <div class=\"gallery-group images-1\" style=\"width: 226px; height: 226px;\" data-original-width=\"226\" data-original-height=\"226\" > <div class=\"tiled-gallery-item tiled-gallery-item-small\" itemprop=\"associatedMedia\" itemscope itemtype=\"http:\/\/schema.org\/ImageObject\"> <a href=\"https:\/\/opistobranquis.info\/ca\/guia\/nudibranchia\/doridina\/doridoidei\/doridoidea\/rudmania-purpurea\/felimida-purpurea-eivissa-spain-by-joan-pereyra\/\" border=\"0\" itemprop=\"url\"> <meta itemprop=\"width\" content=\"222\"> <meta itemprop=\"height\" content=\"222\"> <img decoding=\"async\" class=\"\" data-attachment-id=\"31600\" data-orig-file=\"https:\/\/opistobranquis.info\/wp-content\/uploads\/2021\/02\/Felimida-purpurea-@-Eivissa-Spain-by-Joan-Pereyra.jpg\" data-orig-size=\"1080,1080\" data-comments-opened=\"\" data-image-title=\"Rudmania purpurea @ Eivissa, Spain by Joan Pereyra\" data-image-description=\"&lt;p&gt;Rudmania purpurea @ Eivissa, Spain by Joan Pereyra&lt;\/p&gt; \" data-medium-file=\"https:\/\/i0.wp.com\/opistobranquis.info\/wp-content\/uploads\/2021\/02\/Felimida-purpurea-%40-Eivissa-Spain-by-Joan-Pereyra.jpg?fit=300%2C300&#038;ssl=1\" data-large-file=\"https:\/\/i0.wp.com\/opistobranquis.info\/wp-content\/uploads\/2021\/02\/Felimida-purpurea-%40-Eivissa-Spain-by-Joan-Pereyra.jpg?fit=900%2C900&#038;ssl=1\" src=\"https:\/\/i0.wp.com\/opistobranquis.info\/wp-content\/uploads\/2021\/02\/Felimida-purpurea-%40-Eivissa-Spain-by-Joan-Pereyra.jpg?w=222&#038;h=222&#038;crop=1&#038;ssl=1\" width=\"222\" height=\"222\" loading=\"lazy\" data-original-width=\"222\" data-original-height=\"222\" itemprop=\"http:\/\/schema.org\/image\" title=\"Rudmania purpurea @ Eivissa, Spain by Joan Pereyra\" alt=\"Rudmania purpurea @ Eivissa, Spain by Joan Pereyra\" style=\"width: 222px; height: 222px;\" \/> <\/a> <div class=\"tiled-gallery-caption\" itemprop=\"caption description\"> Rudmania purpurea @ Eivissa, Spain by Joan Pereyra <\/div> <\/div> <\/div> <!-- close group --> <div class=\"gallery-group images-1\" style=\"width: 337px; height: 226px;\" data-original-width=\"337\" data-original-height=\"226\" > <div class=\"tiled-gallery-item tiled-gallery-item-large\" itemprop=\"associatedMedia\" itemscope itemtype=\"http:\/\/schema.org\/ImageObject\"> <a href=\"https:\/\/opistobranquis.info\/ca\/guia\/nudibranchia\/doridina\/doridoidei\/doridoidea\/rudmania-purpurea\/felimida-purpurea-red-france-by-pascal-girard-png\/\" border=\"0\" itemprop=\"url\"> <meta itemprop=\"width\" content=\"333\"> <meta itemprop=\"height\" content=\"222\"> <img decoding=\"async\" class=\"\" data-attachment-id=\"36139\" data-orig-file=\"https:\/\/opistobranquis.info\/wp-content\/uploads\/2022\/12\/Felimida-purpurea-red-@-France-by-Pascal-Girard.png.jpg\" data-orig-size=\"1080,720\" data-comments-opened=\"\" data-image-title=\"Rudmania purpurea @ France by Pascal Girard\" data-image-description=\"&lt;p&gt;Rudmania purpurea @ France by Pascal Girard&lt;\/p&gt; \" data-medium-file=\"https:\/\/i0.wp.com\/opistobranquis.info\/wp-content\/uploads\/2022\/12\/Felimida-purpurea-red-%40-France-by-Pascal-Girard.png.jpg?fit=300%2C200&#038;ssl=1\" data-large-file=\"https:\/\/i0.wp.com\/opistobranquis.info\/wp-content\/uploads\/2022\/12\/Felimida-purpurea-red-%40-France-by-Pascal-Girard.png.jpg?fit=900%2C600&#038;ssl=1\" src=\"https:\/\/i0.wp.com\/opistobranquis.info\/wp-content\/uploads\/2022\/12\/Felimida-purpurea-red-%40-France-by-Pascal-Girard.png.jpg?w=333&#038;h=222&#038;ssl=1\" width=\"333\" height=\"222\" loading=\"lazy\" data-original-width=\"333\" data-original-height=\"222\" itemprop=\"http:\/\/schema.org\/image\" title=\"Rudmania purpurea @ France by Pascal Girard\" alt=\"Rudmania purpurea @ France by Pascal Girard\" style=\"width: 333px; height: 222px;\" \/> <\/a> <div class=\"tiled-gallery-caption\" itemprop=\"caption description\"> Rudmania purpurea @ France by Pascal Girard <\/div> <\/div> <\/div> <!-- close group --> <\/div> <!-- close row --> <div class=\"gallery-row\" style=\"width: 900px; height: 394px;\" data-original-width=\"900\" data-original-height=\"394\" > <div class=\"gallery-group images-1\" style=\"width: 590px; height: 394px;\" data-original-width=\"590\" data-original-height=\"394\" > <div class=\"tiled-gallery-item tiled-gallery-item-large\" itemprop=\"associatedMedia\" itemscope itemtype=\"http:\/\/schema.org\/ImageObject\"> <a href=\"https:\/\/opistobranquis.info\/ca\/guia\/nudibranchia\/doridina\/doridoidei\/doridoidea\/rudmania-purpurea\/felimida-purpurea-france-by-pascal-girard-png\/\" border=\"0\" itemprop=\"url\"> <meta itemprop=\"width\" content=\"586\"> <meta itemprop=\"height\" content=\"390\"> <img decoding=\"async\" class=\"\" data-attachment-id=\"36140\" data-orig-file=\"https:\/\/opistobranquis.info\/wp-content\/uploads\/2022\/12\/Felimida-purpurea-@-France-by-Pascal-Girard.png.jpg\" data-orig-size=\"1215,810\" data-comments-opened=\"\" data-image-title=\"Rudmania purpurea @ France by Pascal Girard\" data-image-description=\"&lt;p&gt;Rudmania purpurea @ France by Pascal Girard&lt;\/p&gt; \" data-medium-file=\"https:\/\/i0.wp.com\/opistobranquis.info\/wp-content\/uploads\/2022\/12\/Felimida-purpurea-%40-France-by-Pascal-Girard.png.jpg?fit=300%2C200&#038;ssl=1\" data-large-file=\"https:\/\/i0.wp.com\/opistobranquis.info\/wp-content\/uploads\/2022\/12\/Felimida-purpurea-%40-France-by-Pascal-Girard.png.jpg?fit=900%2C600&#038;ssl=1\" src=\"https:\/\/i0.wp.com\/opistobranquis.info\/wp-content\/uploads\/2022\/12\/Felimida-purpurea-%40-France-by-Pascal-Girard.png.jpg?w=586&#038;h=390&#038;ssl=1\" width=\"586\" height=\"390\" loading=\"lazy\" data-original-width=\"586\" data-original-height=\"390\" itemprop=\"http:\/\/schema.org\/image\" title=\"Rudmania purpurea @ France by Pascal Girard\" alt=\"Rudmania purpurea @ France by Pascal Girard\" style=\"width: 586px; height: 390px;\" \/> <\/a> <div class=\"tiled-gallery-caption\" itemprop=\"caption description\"> Rudmania purpurea @ France by Pascal Girard <\/div> <\/div> <\/div> <!-- close group --> <div class=\"gallery-group images-2\" style=\"width: 310px; height: 394px;\" data-original-width=\"310\" data-original-height=\"394\" > <div class=\"tiled-gallery-item tiled-gallery-item-large\" itemprop=\"associatedMedia\" itemscope itemtype=\"http:\/\/schema.org\/ImageObject\"> <a href=\"https:\/\/opistobranquis.info\/ca\/guia\/nudibranchia\/doridina\/doridoidei\/doridoidea\/rudmania-purpurea\/olympus-digital-camera-297\/\" border=\"0\" itemprop=\"url\"> <meta itemprop=\"width\" content=\"306\"> <meta itemprop=\"height\" content=\"204\"> <img decoding=\"async\" class=\"\" data-attachment-id=\"36649\" data-orig-file=\"https:\/\/opistobranquis.info\/wp-content\/uploads\/2023\/01\/Felimida-purpurea-by-Manuel-Ballesteros-P7060108.jpg\" data-orig-size=\"1200,801\" data-comments-opened=\"\" data-image-title=\"Rudmania purpurea @ Costa Brava, Spain by Manuel Ballesteros\" data-image-description=\"&lt;p&gt;Rudmania purpurea @ Costa Brava, Spain by Manuel Ballesteros&lt;\/p&gt; \" data-medium-file=\"https:\/\/i0.wp.com\/opistobranquis.info\/wp-content\/uploads\/2023\/01\/Felimida-purpurea-by-Manuel-Ballesteros-P7060108.jpg?fit=300%2C200&#038;ssl=1\" data-large-file=\"https:\/\/i0.wp.com\/opistobranquis.info\/wp-content\/uploads\/2023\/01\/Felimida-purpurea-by-Manuel-Ballesteros-P7060108.jpg?fit=900%2C601&#038;ssl=1\" src=\"https:\/\/i0.wp.com\/opistobranquis.info\/wp-content\/uploads\/2023\/01\/Felimida-purpurea-by-Manuel-Ballesteros-P7060108.jpg?w=306&#038;h=204&#038;ssl=1\" srcset=\"https:\/\/i0.wp.com\/opistobranquis.info\/wp-content\/uploads\/2023\/01\/Felimida-purpurea-by-Manuel-Ballesteros-P7060108.jpg?w=1200&amp;ssl=1 1200w, https:\/\/i0.wp.com\/opistobranquis.info\/wp-content\/uploads\/2023\/01\/Felimida-purpurea-by-Manuel-Ballesteros-P7060108.jpg?resize=300%2C200&amp;ssl=1 300w, https:\/\/i0.wp.com\/opistobranquis.info\/wp-content\/uploads\/2023\/01\/Felimida-purpurea-by-Manuel-Ballesteros-P7060108.jpg?resize=1024%2C684&amp;ssl=1 1024w, https:\/\/i0.wp.com\/opistobranquis.info\/wp-content\/uploads\/2023\/01\/Felimida-purpurea-by-Manuel-Ballesteros-P7060108.jpg?resize=150%2C100&amp;ssl=1 150w\" width=\"306\" height=\"204\" loading=\"lazy\" data-original-width=\"306\" data-original-height=\"204\" itemprop=\"http:\/\/schema.org\/image\" title=\"Rudmania purpurea @ Costa Brava, Spain by Manuel Ballesteros\" alt=\"Rudmania purpurea @ Costa Brava, Spain by Manuel Ballesteros\" style=\"width: 306px; height: 204px;\" \/> <\/a> <div class=\"tiled-gallery-caption\" itemprop=\"caption description\"> Rudmania purpurea @ Costa Brava, Spain by Manuel Ballesteros <\/div> <\/div> <div class=\"tiled-gallery-item tiled-gallery-item-large\" itemprop=\"associatedMedia\" itemscope itemtype=\"http:\/\/schema.org\/ImageObject\"> <a href=\"https:\/\/opistobranquis.info\/ca\/guia\/nudibranchia\/doridina\/doridoidei\/doridoidea\/rudmania-purpurea\/felimida-purpurea-by-manuel-ballesteros-img062\/\" border=\"0\" itemprop=\"url\"> <meta itemprop=\"width\" content=\"306\"> <meta itemprop=\"height\" content=\"182\"> <img decoding=\"async\" class=\"\" data-attachment-id=\"36650\" data-orig-file=\"https:\/\/opistobranquis.info\/wp-content\/uploads\/2023\/01\/Felimida-purpurea-by-Manuel-Ballesteros-img062.jpg\" data-orig-size=\"1200,713\" data-comments-opened=\"\" data-image-title=\"Rudmania purpurea @ Costa Brava, Spain by Manuel Ballesteros\" data-image-description=\"&lt;p&gt;Rudmania purpurea @ Costa Brava, Spain by Manuel Ballesteros&lt;\/p&gt; \" data-medium-file=\"https:\/\/i0.wp.com\/opistobranquis.info\/wp-content\/uploads\/2023\/01\/Felimida-purpurea-by-Manuel-Ballesteros-img062.jpg?fit=300%2C178&#038;ssl=1\" data-large-file=\"https:\/\/i0.wp.com\/opistobranquis.info\/wp-content\/uploads\/2023\/01\/Felimida-purpurea-by-Manuel-Ballesteros-img062.jpg?fit=900%2C534&#038;ssl=1\" src=\"https:\/\/i0.wp.com\/opistobranquis.info\/wp-content\/uploads\/2023\/01\/Felimida-purpurea-by-Manuel-Ballesteros-img062.jpg?w=306&#038;h=182&#038;ssl=1\" srcset=\"https:\/\/i0.wp.com\/opistobranquis.info\/wp-content\/uploads\/2023\/01\/Felimida-purpurea-by-Manuel-Ballesteros-img062.jpg?w=1200&amp;ssl=1 1200w, https:\/\/i0.wp.com\/opistobranquis.info\/wp-content\/uploads\/2023\/01\/Felimida-purpurea-by-Manuel-Ballesteros-img062.jpg?resize=300%2C178&amp;ssl=1 300w, https:\/\/i0.wp.com\/opistobranquis.info\/wp-content\/uploads\/2023\/01\/Felimida-purpurea-by-Manuel-Ballesteros-img062.jpg?resize=1024%2C608&amp;ssl=1 1024w, https:\/\/i0.wp.com\/opistobranquis.info\/wp-content\/uploads\/2023\/01\/Felimida-purpurea-by-Manuel-Ballesteros-img062.jpg?resize=150%2C89&amp;ssl=1 150w\" width=\"306\" height=\"182\" loading=\"lazy\" data-original-width=\"306\" data-original-height=\"182\" itemprop=\"http:\/\/schema.org\/image\" title=\"Rudmania purpurea @ Costa Brava, Spain by Manuel Ballesteros\" alt=\"Rudmania purpurea @ Costa Brava, Spain by Manuel Ballesteros\" style=\"width: 306px; height: 182px;\" \/> <\/a> <div class=\"tiled-gallery-caption\" itemprop=\"caption description\"> Rudmania purpurea @ Costa Brava, Spain by Manuel Ballesteros <\/div> <\/div> <\/div> <!-- close group --> <\/div> <!-- close row --> <div class=\"gallery-row\" style=\"width: 900px; height: 694px;\" data-original-width=\"900\" data-original-height=\"694\" > <div class=\"gallery-group images-1\" style=\"width: 900px; height: 694px;\" data-original-width=\"900\" data-original-height=\"694\" > <div class=\"tiled-gallery-item tiled-gallery-item-large\" itemprop=\"associatedMedia\" itemscope itemtype=\"http:\/\/schema.org\/ImageObject\"> <a href=\"https:\/\/opistobranquis.info\/ca\/guia\/nudibranchia\/doridina\/doridoidei\/doridoidea\/rudmania-purpurea\/img_3082-copia\/\" border=\"0\" itemprop=\"url\"> <meta itemprop=\"width\" content=\"896\"> <meta itemprop=\"height\" content=\"690\"> <img decoding=\"async\" class=\"\" data-attachment-id=\"39050\" data-orig-file=\"https:\/\/opistobranquis.info\/wp-content\/uploads\/2023\/05\/IMG_3082-copia.jpg\" data-orig-size=\"886,682\" data-comments-opened=\"\" data-image-title=\"Rudmania purpurea @ Ceuta by David Ballesteros\" data-image-description=\"&lt;p&gt;Rudmania purpurea @ Ceuta by David Ballesteros&lt;\/p&gt; \" data-medium-file=\"https:\/\/i0.wp.com\/opistobranquis.info\/wp-content\/uploads\/2023\/05\/IMG_3082-copia.jpg?fit=300%2C231&#038;ssl=1\" data-large-file=\"https:\/\/i0.wp.com\/opistobranquis.info\/wp-content\/uploads\/2023\/05\/IMG_3082-copia.jpg?fit=886%2C682&#038;ssl=1\" src=\"https:\/\/i0.wp.com\/opistobranquis.info\/wp-content\/uploads\/2023\/05\/IMG_3082-copia.jpg?w=896&#038;h=690&#038;ssl=1\" srcset=\"https:\/\/i0.wp.com\/opistobranquis.info\/wp-content\/uploads\/2023\/05\/IMG_3082-copia.jpg?w=886&amp;ssl=1 886w, https:\/\/i0.wp.com\/opistobranquis.info\/wp-content\/uploads\/2023\/05\/IMG_3082-copia.jpg?resize=300%2C231&amp;ssl=1 300w, https:\/\/i0.wp.com\/opistobranquis.info\/wp-content\/uploads\/2023\/05\/IMG_3082-copia.jpg?resize=150%2C115&amp;ssl=1 150w\" width=\"896\" height=\"690\" loading=\"lazy\" data-original-width=\"896\" data-original-height=\"690\" itemprop=\"http:\/\/schema.org\/image\" title=\"Rudmania purpurea @ Ceuta by David Ballesteros\" alt=\"Rudmania purpurea @ Ceuta by David Ballesteros\" style=\"width: 896px; height: 690px;\" \/> <\/a> <div class=\"tiled-gallery-caption\" itemprop=\"caption description\"> Rudmania purpurea @ Ceuta by David Ballesteros <\/div> <\/div> <\/div> <!-- close group --> <\/div> <!-- close row --> <\/div><\/p>\n<p><p><strong>Bibliografia<\/strong><\/p><ul><div id=\"zotpress-4cd13c9ed0c782ae2e30ab0c3abb69ff\" class=\"zp-Zotpress zp-Zotpress-Bib wp-block-group\">\n\n\t\t<span class=\"ZP_API_USER_ID ZP_ATTR\">1246567<\/span>\n\t\t<span class=\"ZP_ITEM_KEY ZP_ATTR\"><\/span>\n\t\t<span class=\"ZP_COLLECTION_ID ZP_ATTR\"><\/span>\n\t\t<span class=\"ZP_TAG_ID ZP_ATTR\">Rudmania purpurea<\/span>\n\t\t<span class=\"ZP_AUTHOR ZP_ATTR\"><\/span>\n\t\t<span class=\"ZP_YEAR ZP_ATTR\"><\/span>\n        <span class=\"ZP_ITEMTYPE ZP_ATTR\"><\/span>\n\t\t<span class=\"ZP_INCLUSIVE ZP_ATTR\">1<\/span>\n\t\t<span class=\"ZP_STYLE ZP_ATTR\">eunomia-revista-en-cultura-de-la-legalidad<\/span>\n\t\t<span class=\"ZP_LIMIT ZP_ATTR\">50<\/span>\n\t\t<span class=\"ZP_SORTBY ZP_ATTR\">creator<\/span>\n\t\t<span class=\"ZP_ORDER ZP_ATTR\">asc<\/span>\n\t\t<span class=\"ZP_TITLE ZP_ATTR\"><\/span>\n\t\t<span class=\"ZP_SHOWIMAGE ZP_ATTR\"><\/span>\n\t\t<span class=\"ZP_SHOWTAGS ZP_ATTR\"><\/span>\n\t\t<span class=\"ZP_DOWNLOADABLE ZP_ATTR\"><\/span>\n\t\t<span class=\"ZP_NOTES ZP_ATTR\"><\/span>\n\t\t<span class=\"ZP_ABSTRACT ZP_ATTR\"><\/span>\n\t\t<span class=\"ZP_CITEABLE ZP_ATTR\"><\/span>\n\t\t<span class=\"ZP_TARGET ZP_ATTR\">1<\/span>\n\t\t<span class=\"ZP_URLWRAP ZP_ATTR\"><\/span>\n\t\t<span class=\"ZP_FORCENUM ZP_ATTR\"><\/span>\n        <span class=\"ZP_HIGHLIGHT ZP_ATTR\"><\/span>\n        <span class=\"ZP_POSTID ZP_ATTR\">430<\/span>\n\t\t<span class=\"ZOTPRESS_PLUGIN_URL ZP_ATTR\">https:\/\/opistobranquis.info\/wp-content\/plugins\/zotpress\/<\/span>\n\n\t\t<div class=\"zp-List loading\">\n\t\t\t<div class=\"zp-SEO-Content\">\n\n\t\t\t<\/div><!-- .zp-zp-SEO-Content -->\n\t\t<\/div><!-- .zp-List -->\n\t<\/div><!--.zp-Zotpress-->\n\n<p><\/p>Bibliografia basada en els treballs de <b>Steve Long, 2006<\/b>. <a target=_blank href=https:\/\/opistobranquis.info\/wp-content\/uploads\/2016\/06\/Long-S.-2006-Bibliography-of-Opisthobranchia-1554-2000.pdf>Bibliography of Opisthobranchia 1554-2000<\/a> i <b>Gary McDonald, 2009<\/b>. <a href=http:\/\/escholarship.org\/uc\/item\/8115h0wz>Bibliographia Nudibranchia<\/a>, amb actualitzacions posteriors procedents d\u00b4altres fonts.<p><\/p><\/ul><p><\/p><p><strong>M\u00e9s informaci\u00f3<\/strong><\/p><span style=\"font-size:10pt\"><ul><ul class=\"blogroll-links\"><li><a href=\"http:\/\/www.asturnatura.com\/especie\/chromodoris-purpurea.html\">AsturNatura<\/a><\/li><li><a href=\"http:\/\/www.biodiversitylibrary.org\/name\/Chromodoris%20purpurea\">Biodiversity Heritage Library<\/a><\/li><li><a href=\"http:\/\/www.biologiamarina.org\/wp\/cromodoride-porpora\/\">BiologiaMarina.org<\/a><\/li><li><a href=\"http:\/\/www.cibsub.com\/bioespecie_es-chromodoris_purpurea-27803\">CIB - Club Immersio Biologia<\/a><\/li><li><a href=\"http:\/\/doris.ffessm.fr\/fiche2.asp?fiche_numero=119\">DORIS<\/a><\/li><li><a href=\"https:\/\/litoraldegranada.ugr.es\/el-litoral\/el-litoral-sumergido\/fauna\/moluscos\/gasteropodos\/heterobranquios\/ringipleura\/nudipleura\/doridida\/doridoidei\/chromodoridoidea\/rudmania-purpurea\/\">El Litoral de Granada<\/a><\/li><li><a href=\"https:\/\/www.flickr.com\/search\/?text=Felimida%20purpurea\">Flickr pictures<\/a><\/li><li><a href=\"http:\/\/www.opistobranquis.org\/ca\/guia\/76\">GROC<\/a><\/li><li><a href=\"http:\/\/www.irmng.org\/aphia.php?p=taxlist&#038;tName=Felimida%20purpurea\">Interim Register of Marine and Nonmarine Genera<\/a><\/li><li><a href=\"http:\/\/marenostrum.org\/vidamarina\/animalia\/invertebrados\/moluscos\/gasteropodos\/opistobranquios\/cpurpurea\/index.htm\">M@re Nostrum<\/a><\/li><li><a href=\"https:\/\/web.archive.org\/web\/20250116074557\/http:\/\/medslugs.de\/E\/Med\/Felimida_purpurea\/Selection.htm\">MedSlugs (Med)<\/a><\/li><li><a href=\"http:\/\/www.ncbi.nlm.nih.gov\/Taxonomy\/Browser\/wwwtax.cgi?mode=Undef&#038;name=Felimida%20purpurea&#038;lvl=0&#038;srchmode=1\">NCBI GenBank<\/a><\/li><li><a href=\"http:\/\/iobis.org\/mapper\/?taxon=Felimida%20purpurea\">OBIS - Search by Taxon<\/a><\/li><li><a href=\"http:\/\/www.seaslugforum.net\/showall\/chropurp\">Sea Slug Forum<\/a><\/li><li><a href=\"http:\/\/slugsite.us\/bow\/wirtz98\/p_3_2.htm\">The SlugSite<\/a><\/li><li><a href=\"http:\/\/www.marinespecies.org\/aphia.php?p=taxdetails&#038;id=597409\">World Register of Marine Species<\/a><\/li><\/ul><\/ul><\/span><p><strong>Citeu aquest article com: <\/strong><\/p><div style=\"display: block; background: #444444; padding: 10px 30px 10px 10px; border-radius: 5px; line-height: 18px;\"><p class=\"citacio\"><b>Ballesteros, M., Madrenas, E. &#38; Pontes, M.<\/b> (2025) <em>\"Rudmania purpurea\"<\/em> a <em>OPK-Opistobranquis<\/em>. Publicat: 15\/05\/2012. Accedit: 03\/09\/2026. Disponible a (<a href=https:\/\/opistobranquis.info\/ca\/?p=430>https:\/\/opistobranquis.info\/ca\/?p=430<\/a>)<\/p><p><\/p><\/div><p><\/p><\/p>","protected":false},"excerpt":{"rendered":"<p>Rudmania purpurea (Risso, 1831) Un treball publicat recentment (De Oliveira et al., 2025) assigna un nou g\u00e8nere a aquesta esp\u00e8cie bassant-se en difer\u00e8ncies morfol\u00f2giques (falta de dent raqu\u00eddia i per tenir una vagina llarga i prima) i moleculars que separen els membres del nou g\u00e8nere\u00a0Rudmania\u00a0dels altres\u00a0Felimida. Sin\u00f2nims Chromodoris purpurea (Risso, 1831) Doris albescens Schultz in Philippi, 1836 Doris piraini V\u00e9rany, 1846 Doris purpurea Risso, 1831 (original) Felimida purpurea (Risso, 1831)\u2026<\/p>\n<p class=\"continue-reading-button\"> <a class=\"continue-reading-link\" href=\"https:\/\/opistobranquis.info\/ca\/guia\/nudibranchia\/doridina\/doridoidei\/doridoidea\/rudmania-purpurea\/\">Continua llegint<i class=\"crycon-right-dir\"><\/i><\/a><\/p>\n","protected":false},"author":291,"featured_media":22985,"parent":26109,"menu_order":6853,"comment_status":"closed","ping_status":"closed","template":"","meta":{"footnotes":""},"class_list":["post-430","page","type-page","status-publish","has-post-thumbnail","hentry"],"jetpack_sharing_enabled":true,"_links":{"self":[{"href":"https:\/\/opistobranquis.info\/ca\/wp-json\/wp\/v2\/pages\/430","targetHints":{"allow":["GET"]}}],"collection":[{"href":"https:\/\/opistobranquis.info\/ca\/wp-json\/wp\/v2\/pages"}],"about":[{"href":"https:\/\/opistobranquis.info\/ca\/wp-json\/wp\/v2\/types\/page"}],"author":[{"embeddable":true,"href":"https:\/\/opistobranquis.info\/ca\/wp-json\/wp\/v2\/users\/291"}],"replies":[{"embeddable":true,"href":"https:\/\/opistobranquis.info\/ca\/wp-json\/wp\/v2\/comments?post=430"}],"version-history":[{"count":12,"href":"https:\/\/opistobranquis.info\/ca\/wp-json\/wp\/v2\/pages\/430\/revisions"}],"predecessor-version":[{"id":47966,"href":"https:\/\/opistobranquis.info\/ca\/wp-json\/wp\/v2\/pages\/430\/revisions\/47966"}],"up":[{"embeddable":true,"href":"https:\/\/opistobranquis.info\/ca\/wp-json\/wp\/v2\/pages\/26109"}],"wp:featuredmedia":[{"embeddable":true,"href":"https:\/\/opistobranquis.info\/ca\/wp-json\/wp\/v2\/media\/22985"}],"wp:attachment":[{"href":"https:\/\/opistobranquis.info\/ca\/wp-json\/wp\/v2\/media?parent=430"}],"curies":[{"name":"wp","href":"https:\/\/api.w.org\/{rel}","templated":true}]}}