{"id":45555,"date":"2024-12-10T12:47:36","date_gmt":"2024-12-10T11:47:36","guid":{"rendered":"https:\/\/opistobranquis.info\/?page_id=45555"},"modified":"2024-12-11T11:11:14","modified_gmt":"2024-12-11T10:11:14","slug":"trapania-bajamarensis","status":"publish","type":"page","link":"https:\/\/opistobranquis.info\/ca\/guia\/nudibranchia\/doridina\/doridoidei\/onchidoridoidea\/trapania-bajamarensis\/","title":{"rendered":"Trapania bajamarensis"},"content":{"rendered":"<p><\/p>\n<h3><em>Trapania bajamarensis<\/em> Moro &amp; Ortea, 2015<\/h3>\n<p><span style=\"font-size:10pt;\" class=\"aligncenter\"><div id=\"featured-img-id\"><img data-recalc-dims=\"1\" decoding=\"async\" src=\"https:\/\/i0.wp.com\/opistobranquis.info\/wp-content\/uploads\/2024\/12\/Trapania-bajamarensis-%40-Gran-Canaria-by-Mario-Matute-e1733833494512.jpg?w=900&#038;ssl=1\" alt=\"Trapania bajamarensis @ La Laja, Gran Canaria by Mario Matute\" \/><\/div><center><em>Trapania bajamarensis @ Gran Canaria<\/em> per Mario Matute<\/center><\/span><p><\/p><div class=\"opk-worms\"><h3>Informaci\u00f3 taxon\u00f2mica WoRMS<\/h3><div class=\"opk-success\">Nom acceptat actual: <strong><em>Trapania bajamarensis<\/em> Moro &amp; Ortea, 2015<\/strong><\/div><h4>Classificaci\u00f3 actual<\/h4><table class=\"widefat striped\"><tr><th>Superdomain<\/th><td><a target=\"_blank\" href=\"https:\/\/www.marinespecies.org\/aphia.php?p=taxdetails&id=1\">Biota<\/a><\/td><\/tr><tr><th>Kingdom<\/th><td><a target=\"_blank\" href=\"https:\/\/www.marinespecies.org\/aphia.php?p=taxdetails&id=2\">Animalia<\/a><\/td><\/tr><tr><th>Phylum<\/th><td><a target=\"_blank\" href=\"https:\/\/www.marinespecies.org\/aphia.php?p=taxdetails&id=51\">Mollusca<\/a><\/td><\/tr><tr><th>Class<\/th><td><a target=\"_blank\" href=\"https:\/\/www.marinespecies.org\/aphia.php?p=taxdetails&id=101\">Gastropoda<\/a><\/td><\/tr><tr><th>Subclass<\/th><td><a target=\"_blank\" href=\"https:\/\/www.marinespecies.org\/aphia.php?p=taxdetails&id=14712\">Heterobranchia<\/a><\/td><\/tr><tr><th>Infraclass<\/th><td><a target=\"_blank\" href=\"https:\/\/www.marinespecies.org\/aphia.php?p=taxdetails&id=1057247\">Euthyneura<\/a><\/td><\/tr><tr><th>Subterclass<\/th><td><a target=\"_blank\" href=\"https:\/\/www.marinespecies.org\/aphia.php?p=taxdetails&id=1057249\">Ringipleura<\/a><\/td><\/tr><tr><th>Superorder<\/th><td><a target=\"_blank\" href=\"https:\/\/www.marinespecies.org\/aphia.php?p=taxdetails&id=411966\">Nudipleura<\/a><\/td><\/tr><tr><th>Order<\/th><td><a target=\"_blank\" href=\"https:\/\/www.marinespecies.org\/aphia.php?p=taxdetails&id=1762\">Nudibranchia<\/a><\/td><\/tr><tr><th>Suborder<\/th><td><a target=\"_blank\" href=\"https:\/\/www.marinespecies.org\/aphia.php?p=taxdetails&id=1829294\">Doridida<\/a><\/td><\/tr><tr><th>Infraorder<\/th><td><a target=\"_blank\" href=\"https:\/\/www.marinespecies.org\/aphia.php?p=taxdetails&id=246038\">Doridoidei<\/a><\/td><\/tr><tr><th>Superfamily<\/th><td><a target=\"_blank\" href=\"https:\/\/www.marinespecies.org\/aphia.php?p=taxdetails&id=246152\">Onchidoridoidea<\/a><\/td><\/tr><tr><th>Family<\/th><td><a target=\"_blank\" href=\"https:\/\/www.marinespecies.org\/aphia.php?p=taxdetails&id=174\">Goniodorididae<\/a><\/td><\/tr><tr><th>Subfamily<\/th><td><a target=\"_blank\" href=\"https:\/\/www.marinespecies.org\/aphia.php?p=taxdetails&id=570867\">Anculinae<\/a><\/td><\/tr><tr><th>Genus<\/th><td><a target=\"_blank\" href=\"https:\/\/www.marinespecies.org\/aphia.php?p=taxdetails&id=138043\"><em>Trapania<\/em><\/a><\/td><\/tr><tr><th>Species<\/th><td><a target=\"_blank\" href=\"https:\/\/www.marinespecies.org\/aphia.php?p=taxdetails&id=866467\"><em>Trapania bajamarensis<\/em> Moro &amp; Ortea, 2015<\/a><\/td><\/tr><\/table><p class=\"footer\">Classificaci\u00f3 proporcionada pel World Register of Marine Species (WoRMS). [<a target=\"_blank\" href=\"https:\/\/www.marinespecies.org\/aphia.php?p=taxdetails&id=866467\">866467<\/a>]<\/p><\/div><strong>Descripci\u00f3<br \/>\n<\/strong>Amb una mida m\u00e0xima registrada d&#8217;uns 12mm, els exemplars adults tenen el cos de color marr\u00f3 o violaci, amb \u00e0rees blanques clapejades de groc i taques grogues disperses. Als laterals del cos les \u00e0rees blanques tendeixen a ser arrodonides, amb un punt de color daurat al centre. El cap t\u00e9 una taca blanca allargada a la part superior, que s&#8217;est\u00e9n entre els rin\u00f2fors, amb taques grogues a l&#8217;interior. Tamb\u00e9 hi pot haver una taca blanca similar, de forma irregular, a la part superior de l&#8217;extrem de la cua. Els animals juvenils (menors de 6 mm) no tenen la taca blanca del cap i de la cua, que tot just s&#8217;intueixen, i el seu cos \u00e9s de color marr\u00f3 violaci amb \u00e0rees blanquinoses i petites taques daurades disperses per tota la superf\u00edcie, incl\u00f3s el cap, la cua i els angles propodials. Els tentacles orals s\u00f3n blanquinosos, amb punts violacis i daurats a la base, de color violaci amb punts marr\u00f3 fosc. Els ap\u00e8ndixs del cos s\u00f3n de color violaci o marr\u00f3 fosc, amb punts marrons i grocs i amb la vora superior tacada de blanc i groc; els anteriors s\u00f3n m\u00e9s curts que la longitud dels rin\u00f2fors en els exemplars petits (5-6 mm), en qu\u00e8 semblen porres, i tan llargs com els rin\u00f2fors en els exemplars m\u00e9s grans, fins al punt que estesos arriben a superar en longitud als ap\u00e8ndixs posteriors que flanquegen les br\u00e0nquies, i s&#8217;arquegen sempre cap enrere per\u00f2 nom\u00e9s envolten els rin\u00f2fors en els exemplars grans. Rin\u00f2fors amb unes 8 laminetes amples, les 4-5 inferiors acolorides de marr\u00f3 i les superiors i immediates al mucr\u00f3, de color blanquin\u00f3s. Angles propodials de forma triangular, amples i llargs, de color violaci o marr\u00f3 violaci amb la punta blanca. Br\u00e0nquia formada per tres fulles bipinnades, amb el raquis violaci o marr\u00f3 i les pinnes blanques. Una taca blanca irregular recorre el dors de la cua.<\/p>\n<p><strong>Biologia<br \/>\n<\/strong>Exemplars trobats des de l&#8217;intermareal fins a 42 metres de profunditat. Localitzats de vegades sobre algues <em>Lobophora variegata<\/em> o a les parets de coves. Se suposa que s&#8217;alimenten d&#8217;entroproctes (organismes molt petits que creixen sobre les esponges marines) com els altres membres del g\u00e8nere.<\/p>\n<p><strong>Etimologia<\/strong><\/p>\n<ul>\n<li><em>Trapania<\/em>. El nom gen\u00e8ric original d&#8217;aquesta esp\u00e8cie era Drepania, proposat per Lafont el 1874. Pruvot-Fol el 1931 proposa canviar el nom gen\u00e8ric a Trapania per desambiguar-lo de Drepania H\u00fcbner, 1816 (un grup de lepid\u00f2pters). Madame Pruvot-Fol no indica la proced\u00e8ncia del nom, per\u00f2 hi ha dues teories: la primera seria dedicada a la ciutat de Trapani, capital de prov\u00edncia de la Sic\u00edlia occidental; la segona seria derivada del nom gen\u00e8ric original Drepania, derivat del grec &#8220;Drepane&#8221; que significa \u00abfal\u00e7\u00bb i presumiblement es refereix a la forma dels ap\u00e8ndixs situats als costats dels rin\u00f2fors i br\u00e0nquies en aquest g\u00e8nere. Pruvot Fol hauria triat el nou nom basant-se que t\u00e9 el mateix sentit, per\u00f2 no el mateix so i evitar aix\u00ed confusions.<\/li>\n<li><em>Bajamarensis<\/em>, per la localitat de Bajamar, La Laguna, Tenerife (Illes Can\u00e0ries) nom associat a l&#8217;h\u00e0bitat on va ser recol\u00b7lectada per primera vegada, a la zona de marees durant la baixamar.<\/li>\n<\/ul>\n<p><strong>Esp\u00e8cies semblants<br \/>\n<\/strong>Per la coloraci\u00f3 general del cos <em>T. bajamarensis<\/em> no pot confondre&#8217;s amb cap altra esp\u00e8cie coneguda fins el moment en la zona atl\u00e0ntic-mediterr\u00e0nia (inclosa Can\u00e0ries), tot i aix\u00ed diversos autors l&#8217;han citat com <em>Trapania luquei<\/em> (Moro, Ortea &amp; Bacallado, 1997:119-122 y Debelius &amp; Kuiper, 2007: p. 20.).<\/p>\n<p><strong>Distribuci\u00f3<\/strong><br \/>\nFins al dia d&#8217;avui tots els exemplars identificats s&#8217;han trobat en aig\u00fces de l&#8217;arxip\u00e8lag canari.<div id=\"flxmap-6a99a6e152944\" class='flxmap-container' data-flxmap='flxmap_6a99a6e152944' style=\"width:100%;height:400px;\"><\/div>\n<script data-noptimize=\"1\">\n\/* <![CDATA[ *\/\n(function(w, fn) {\n if (w.addEventListener) w.addEventListener(\"DOMContentLoaded\", fn, false);\n else if (w.attachEvent) w.attachEvent(\"onload\", fn);\n})(window, function() {\n var f = new FlexibleMap();\n f.panControl = true;\n f.mapTypeId = \"satellite\";\n f.setlocale(\"ca-ES\");\n f.kmlcache = \"5 minutes\";\n f.showKML(\"flxmap-6a99a6e152944\", \"https:\/\/opistobranquis.info\/wp-content\/uploads\/kms\/45555.kmz\");\n window.flxmap_6a99a6e152944 = f;\n});\n\/* ]]> *\/\n<\/script>\n<div style=\"width:100%;text-align:center;margin:12px 0 4px 0;\">\n  <div style=\"font-size:8pt;margin-bottom:6px;\">Cites georeferenciades conegudes de l'esp\u00e8cie: <em>Trapania bajamarensis<\/em><\/div>\n  <table style=\"margin:0 auto;border-collapse:collapse;font-size:8pt;\">\n    <tr><td colspan=\"2\" style=\"text-align:left;padding-bottom:4px;\"><strong>Fonts:<\/strong><\/td><\/tr>\n    <tr>\n      <td style=\"vertical-align:top;padding-right:40px;\">\n        <table style=\"border-collapse:collapse;\">\n<tr><td style='padding:1px 6px 1px 0;vertical-align:middle'><img data-recalc-dims=\"1\" src=\"https:\/\/i0.wp.com\/opistobranquis.info\/wp-content\/uploads\/kms\/wht-circle-lv.png?w=900&#038;ssl=1\" style='display:block'><\/td><td style='padding:1px 0;vertical-align:middle;white-space:nowrap'>OBIS<\/td><\/tr><tr><td style='padding:1px 6px 1px 0;vertical-align:middle'><img data-recalc-dims=\"1\" src=\"https:\/\/i0.wp.com\/opistobranquis.info\/wp-content\/uploads\/kms\/ylw-circle-lv.png?w=900&#038;ssl=1\" style='display:block'><\/td><td style='padding:1px 0;vertical-align:middle;white-space:nowrap'>GROC 2010-2011<\/td><\/tr><tr><td style='padding:1px 6px 1px 0;vertical-align:middle'><img data-recalc-dims=\"1\" src=\"https:\/\/i0.wp.com\/opistobranquis.info\/wp-content\/uploads\/kms\/grn-circle-lv.png?w=900&#038;ssl=1\" style='display:block'><\/td><td style='padding:1px 0;vertical-align:middle;white-space:nowrap'>Enric Madrenas<\/td><\/tr><tr><td style='padding:1px 6px 1px 0;vertical-align:middle'><img data-recalc-dims=\"1\" src=\"https:\/\/i0.wp.com\/opistobranquis.info\/wp-content\/uploads\/kms\/orange-circle-lv.png?w=900&#038;ssl=1\" style='display:block'><\/td><td style='padding:1px 0;vertical-align:middle;white-space:nowrap'>Jo\u00e3o Pedro Silva<\/td><\/tr><tr><td style='padding:1px 6px 1px 0;vertical-align:middle'><img data-recalc-dims=\"1\" src=\"https:\/\/i0.wp.com\/opistobranquis.info\/wp-content\/uploads\/kms\/pink-circle-lv.png?w=900&#038;ssl=1\" style='display:block'><\/td><td style='padding:1px 0;vertical-align:middle;white-space:nowrap'>Bernard Picton<\/td><\/tr><tr><td style='padding:1px 6px 1px 0;vertical-align:middle'><img data-recalc-dims=\"1\" src=\"https:\/\/i0.wp.com\/opistobranquis.info\/wp-content\/uploads\/kms\/blk-circle-lv.png?w=900&#038;ssl=1\" style='display:block'><\/td><td style='padding:1px 0;vertical-align:middle;white-space:nowrap'>GBIF<\/td><\/tr>        <\/table>\n      <\/td>\n      <td style=\"vertical-align:top;\">\n        <table style=\"border-collapse:collapse;\">\n<tr><td style='padding:1px 6px 1px 0;vertical-align:middle'><img data-recalc-dims=\"1\" src=\"https:\/\/i0.wp.com\/opistobranquis.info\/wp-content\/uploads\/kms\/purple-circle-lv.png?w=900&#038;ssl=1\" style='display:block'><\/td><td style='padding:1px 0;vertical-align:middle;white-space:nowrap'>OPK<\/td><\/tr><tr><td style='padding:1px 6px 1px 0;vertical-align:middle'><img data-recalc-dims=\"1\" src=\"https:\/\/i0.wp.com\/opistobranquis.info\/wp-content\/uploads\/kms\/red-circle-lv.png?w=900&#038;ssl=1\" style='display:block'><\/td><td style='padding:1px 0;vertical-align:middle;white-space:nowrap'>VIMAR<\/td><\/tr><tr><td style='padding:1px 6px 1px 0;vertical-align:middle'><img data-recalc-dims=\"1\" src=\"https:\/\/i0.wp.com\/opistobranquis.info\/wp-content\/uploads\/kms\/blu-circle-lv.png?w=900&#038;ssl=1\" style='display:block'><\/td><td style='padding:1px 0;vertical-align:middle;white-space:nowrap'>Manuel Ballesteros<\/td><\/tr><tr><td style='padding:1px 6px 1px 0;vertical-align:middle'><img data-recalc-dims=\"1\" src=\"https:\/\/i0.wp.com\/opistobranquis.info\/wp-content\/uploads\/kms\/cyan-circle-lv.png?w=900&#038;ssl=1\" style='display:block'><\/td><td style='padding:1px 0;vertical-align:middle;white-space:nowrap'>M@re Nostrum<\/td><\/tr><tr><td style='padding:1px 6px 1px 0;vertical-align:middle'><img data-recalc-dims=\"1\" src=\"https:\/\/i0.wp.com\/opistobranquis.info\/wp-content\/uploads\/kms\/grey-circle-lv.png?w=900&#038;ssl=1\" style='display:block'><\/td><td style='padding:1px 0;vertical-align:middle;white-space:nowrap'>Altres fonts<\/td><\/tr><tr><td style='padding:1px 6px 1px 0;vertical-align:middle'><img data-recalc-dims=\"1\" src=\"https:\/\/i0.wp.com\/opistobranquis.info\/wp-content\/uploads\/kms\/marreg.png?w=900&#038;ssl=1\" style='display:block'><\/td><td style='padding:1px 0;vertical-align:middle;white-space:nowrap'>Marine Regions<\/td><\/tr>        <\/table>\n      <\/td>\n    <\/tr>\n  <\/table>\n<\/div>\n<\/p>\n<p><strong>Error:<\/strong> Chart.js no est\u00e1 disponible.<\/p>\n<p><strong>Altres fotos<\/strong><br \/>\n<div class=\"tiled-gallery type-rectangular tiled-gallery-unresized\" data-original-width=\"900\" data-carousel-extra='{&quot;blog_id&quot;:1,&quot;permalink&quot;:&quot;https:\\\/\\\/opistobranquis.info\\\/ca\\\/guia\\\/nudibranchia\\\/doridina\\\/doridoidei\\\/onchidoridoidea\\\/trapania-bajamarensis\\\/&quot;,&quot;likes_blog_id&quot;:44192421}' itemscope itemtype=\"http:\/\/schema.org\/ImageGallery\" > <div class=\"gallery-row\" style=\"width: 900px; height: 424px;\" data-original-width=\"900\" data-original-height=\"424\" > <div class=\"gallery-group images-1\" style=\"width: 597px; height: 424px;\" data-original-width=\"597\" data-original-height=\"424\" > <div class=\"tiled-gallery-item tiled-gallery-item-large\" itemprop=\"associatedMedia\" itemscope itemtype=\"http:\/\/schema.org\/ImageObject\"> <a href=\"https:\/\/opistobranquis.info\/ca\/guia\/nudibranchia\/doridina\/doridoidei\/onchidoridoidea\/trapania-bajamarensis\/trapania-luquei-las-eras-tenerife-canary-islands-by-jonathan-gonzalez-rodriguez-2\/\" border=\"0\" itemprop=\"url\"> <meta itemprop=\"width\" content=\"593\"> <meta itemprop=\"height\" content=\"420\"> <img decoding=\"async\" class=\"\" data-attachment-id=\"19797\" data-orig-file=\"https:\/\/opistobranquis.info\/wp-content\/uploads\/2015\/06\/Trapania-luquei-@-Las-Eras-Tenerife-Canary-Islands-by-Jonathan-Gonz\u00e1lez-Rodr\u00edguez-2.jpg\" data-orig-size=\"1354,960\" data-comments-opened=\"\" data-image-title=\"Trapania bajamarensis @ Las Eras, Tenerife, Canary Islands by Jonathan Gonz\u00e1lez Rodr\u00edguez\" data-image-description=\"&lt;p&gt;Trapania bajamarensis @ Las Eras, Tenerife, Canary Islands by Jonathan Gonz\u00e1lez Rodr\u00edguez&lt;\/p&gt; \" data-medium-file=\"https:\/\/i0.wp.com\/opistobranquis.info\/wp-content\/uploads\/2015\/06\/Trapania-luquei-%40-Las-Eras-Tenerife-Canary-Islands-by-Jonathan-Gonz%C3%A1lez-Rodr%C3%ADguez-2.jpg?fit=300%2C213&#038;ssl=1\" data-large-file=\"https:\/\/i0.wp.com\/opistobranquis.info\/wp-content\/uploads\/2015\/06\/Trapania-luquei-%40-Las-Eras-Tenerife-Canary-Islands-by-Jonathan-Gonz%C3%A1lez-Rodr%C3%ADguez-2.jpg?fit=900%2C638&#038;ssl=1\" src=\"https:\/\/i0.wp.com\/opistobranquis.info\/wp-content\/uploads\/2015\/06\/Trapania-luquei-%40-Las-Eras-Tenerife-Canary-Islands-by-Jonathan-Gonz%C3%A1lez-Rodr%C3%ADguez-2.jpg?w=593&#038;h=420&#038;ssl=1\" width=\"593\" height=\"420\" loading=\"lazy\" data-original-width=\"593\" data-original-height=\"420\" itemprop=\"http:\/\/schema.org\/image\" title=\"Trapania bajamarensis @ Las Eras, Tenerife, Canary Islands by Jonathan Gonz\u00e1lez Rodr\u00edguez\" alt=\"Trapania bajamarensis @ Las Eras, Tenerife, Canary Islands by Jonathan Gonz\u00e1lez Rodr\u00edguez\" style=\"width: 593px; height: 420px;\" \/> <\/a> <div class=\"tiled-gallery-caption\" itemprop=\"caption description\"> Trapania bajamarensis @ Las Eras, Tenerife, Canary Islands by Jonathan Gonz\u00e1lez Rodr\u00edguez <\/div> <\/div> <\/div> <!-- close group --> <div class=\"gallery-group images-2\" style=\"width: 303px; height: 424px;\" data-original-width=\"303\" data-original-height=\"424\" > <div class=\"tiled-gallery-item tiled-gallery-item-large\" itemprop=\"associatedMedia\" itemscope itemtype=\"http:\/\/schema.org\/ImageObject\"> <a href=\"https:\/\/opistobranquis.info\/ca\/guia\/nudibranchia\/doridina\/doridoidei\/onchidoridoidea\/trapania-bajamarensis\/trapania-luquei-las-eras-tenerife-canary-islands-by-jonathan-gonzalez-rodriguez\/\" border=\"0\" itemprop=\"url\"> <meta itemprop=\"width\" content=\"299\"> <meta itemprop=\"height\" content=\"215\"> <img decoding=\"async\" class=\"\" data-attachment-id=\"19798\" data-orig-file=\"https:\/\/opistobranquis.info\/wp-content\/uploads\/2015\/06\/Trapania-luquei-@-Las-Eras-Tenerife-Canary-Islands-by-Jonathan-Gonz\u00e1lez-Rodr\u00edguez.jpg\" data-orig-size=\"1024,736\" data-comments-opened=\"\" data-image-title=\"Trapania bajamarensis @ Las Eras, Tenerife, Canary Islands by Jonathan Gonz\u00e1lez Rodr\u00edguez\" data-image-description=\"&lt;p&gt;Trapania bajamarensis @ Las Eras, Tenerife, Canary Islands by Jonathan Gonz\u00e1lez Rodr\u00edguez&lt;\/p&gt; \" data-medium-file=\"https:\/\/i0.wp.com\/opistobranquis.info\/wp-content\/uploads\/2015\/06\/Trapania-luquei-%40-Las-Eras-Tenerife-Canary-Islands-by-Jonathan-Gonz%C3%A1lez-Rodr%C3%ADguez.jpg?fit=300%2C216&#038;ssl=1\" data-large-file=\"https:\/\/i0.wp.com\/opistobranquis.info\/wp-content\/uploads\/2015\/06\/Trapania-luquei-%40-Las-Eras-Tenerife-Canary-Islands-by-Jonathan-Gonz%C3%A1lez-Rodr%C3%ADguez.jpg?fit=900%2C647&#038;ssl=1\" src=\"https:\/\/i0.wp.com\/opistobranquis.info\/wp-content\/uploads\/2015\/06\/Trapania-luquei-%40-Las-Eras-Tenerife-Canary-Islands-by-Jonathan-Gonz%C3%A1lez-Rodr%C3%ADguez.jpg?w=299&#038;h=215&#038;ssl=1\" width=\"299\" height=\"215\" loading=\"lazy\" data-original-width=\"299\" data-original-height=\"215\" itemprop=\"http:\/\/schema.org\/image\" title=\"Trapania bajamarensis @ Las Eras, Tenerife, Canary Islands by Jonathan Gonz\u00e1lez Rodr\u00edguez\" alt=\"Trapania bajamarensis @ Las Eras, Tenerife, Canary Islands by Jonathan Gonz\u00e1lez Rodr\u00edguez\" style=\"width: 299px; height: 215px;\" \/> <\/a> <div class=\"tiled-gallery-caption\" itemprop=\"caption description\"> Trapania bajamarensis @ Las Eras, Tenerife, Canary Islands by Jonathan Gonz\u00e1lez Rodr\u00edguez <\/div> <\/div> <div class=\"tiled-gallery-item tiled-gallery-item-large\" itemprop=\"associatedMedia\" itemscope itemtype=\"http:\/\/schema.org\/ImageObject\"> <a href=\"https:\/\/opistobranquis.info\/ca\/guia\/nudibranchia\/doridina\/doridoidei\/onchidoridoidea\/trapania-bajamarensis\/trapania-bajamarensis-gran-canaria-by-mario-matute2\/\" border=\"0\" itemprop=\"url\"> <meta itemprop=\"width\" content=\"299\"> <meta itemprop=\"height\" content=\"201\"> <img decoding=\"async\" class=\"\" data-attachment-id=\"45558\" data-orig-file=\"https:\/\/opistobranquis.info\/wp-content\/uploads\/2024\/12\/Trapania-bajamarensis-@-Gran-Canaria-by-Mario-Matute2.jpg\" data-orig-size=\"1496,1004\" data-comments-opened=\"\" data-image-title=\"Trapania bajamarensis @ Gran Canaria by Mario Matute\" data-image-description=\"&lt;p&gt;Trapania bajamarensis @ Gran Canaria by Mario Matute&lt;\/p&gt; \" data-medium-file=\"https:\/\/i0.wp.com\/opistobranquis.info\/wp-content\/uploads\/2024\/12\/Trapania-bajamarensis-%40-Gran-Canaria-by-Mario-Matute2.jpg?fit=300%2C201&#038;ssl=1\" data-large-file=\"https:\/\/i0.wp.com\/opistobranquis.info\/wp-content\/uploads\/2024\/12\/Trapania-bajamarensis-%40-Gran-Canaria-by-Mario-Matute2.jpg?fit=900%2C604&#038;ssl=1\" src=\"https:\/\/i0.wp.com\/opistobranquis.info\/wp-content\/uploads\/2024\/12\/Trapania-bajamarensis-%40-Gran-Canaria-by-Mario-Matute2.jpg?w=299&#038;h=201&#038;ssl=1\" width=\"299\" height=\"201\" loading=\"lazy\" data-original-width=\"299\" data-original-height=\"201\" itemprop=\"http:\/\/schema.org\/image\" title=\"Trapania bajamarensis @ Gran Canaria by Mario Matute\" alt=\"Trapania bajamarensis @ Gran Canaria by Mario Matute\" style=\"width: 299px; height: 201px;\" \/> <\/a> <div class=\"tiled-gallery-caption\" itemprop=\"caption description\"> Trapania bajamarensis @ Gran Canaria by Mario Matute <\/div> <\/div> <\/div> <!-- close group --> <\/div> <!-- close row --> <div class=\"gallery-row\" style=\"width: 900px; height: 522px;\" data-original-width=\"900\" data-original-height=\"522\" > <div class=\"gallery-group images-2\" style=\"width: 391px; height: 522px;\" data-original-width=\"391\" data-original-height=\"522\" > <div class=\"tiled-gallery-item tiled-gallery-item-large\" itemprop=\"associatedMedia\" itemscope itemtype=\"http:\/\/schema.org\/ImageObject\"> <a href=\"https:\/\/opistobranquis.info\/ca\/guia\/nudibranchia\/doridina\/doridoidei\/onchidoridoidea\/trapania-bajamarensis\/trapania-bajamarensis-la-laja-gran-canaria-by-mario-matute-01\/\" border=\"0\" itemprop=\"url\"> <meta itemprop=\"width\" content=\"387\"> <meta itemprop=\"height\" content=\"257\"> <img decoding=\"async\" class=\"\" data-attachment-id=\"45569\" data-orig-file=\"https:\/\/opistobranquis.info\/wp-content\/uploads\/2024\/12\/Trapania-bajamarensis-La-Laja-Gran-Canaria-by-Mario-Matute-01.jpg\" data-orig-size=\"1224,815\" data-comments-opened=\"\" data-image-title=\"Trapania bajamarensis @ La Laja, Gran Canaria by Mario Matute\" data-image-description=\"&lt;p&gt;Trapania bajamarensis @ La Laja, Gran Canaria by Mario Matute&lt;\/p&gt; \" data-medium-file=\"https:\/\/i0.wp.com\/opistobranquis.info\/wp-content\/uploads\/2024\/12\/Trapania-bajamarensis-La-Laja-Gran-Canaria-by-Mario-Matute-01.jpg?fit=300%2C200&#038;ssl=1\" data-large-file=\"https:\/\/i0.wp.com\/opistobranquis.info\/wp-content\/uploads\/2024\/12\/Trapania-bajamarensis-La-Laja-Gran-Canaria-by-Mario-Matute-01.jpg?fit=900%2C599&#038;ssl=1\" src=\"https:\/\/i0.wp.com\/opistobranquis.info\/wp-content\/uploads\/2024\/12\/Trapania-bajamarensis-La-Laja-Gran-Canaria-by-Mario-Matute-01.jpg?w=387&#038;h=257&#038;ssl=1\" srcset=\"https:\/\/i0.wp.com\/opistobranquis.info\/wp-content\/uploads\/2024\/12\/Trapania-bajamarensis-La-Laja-Gran-Canaria-by-Mario-Matute-01.jpg?w=1224&amp;ssl=1 1224w, https:\/\/i0.wp.com\/opistobranquis.info\/wp-content\/uploads\/2024\/12\/Trapania-bajamarensis-La-Laja-Gran-Canaria-by-Mario-Matute-01.jpg?resize=300%2C200&amp;ssl=1 300w, https:\/\/i0.wp.com\/opistobranquis.info\/wp-content\/uploads\/2024\/12\/Trapania-bajamarensis-La-Laja-Gran-Canaria-by-Mario-Matute-01.jpg?resize=1024%2C682&amp;ssl=1 1024w, https:\/\/i0.wp.com\/opistobranquis.info\/wp-content\/uploads\/2024\/12\/Trapania-bajamarensis-La-Laja-Gran-Canaria-by-Mario-Matute-01.jpg?resize=150%2C100&amp;ssl=1 150w\" width=\"387\" height=\"257\" loading=\"lazy\" data-original-width=\"387\" data-original-height=\"257\" itemprop=\"http:\/\/schema.org\/image\" title=\"Trapania bajamarensis @ La Laja, Gran Canaria by Mario Matute\" alt=\"Trapania bajamarensis @ La Laja, Gran Canaria by Mario Matute\" style=\"width: 387px; height: 257px;\" \/> <\/a> <div class=\"tiled-gallery-caption\" itemprop=\"caption description\"> Trapania bajamarensis @ La Laja, Gran Canaria by Mario Matute <\/div> <\/div> <div class=\"tiled-gallery-item tiled-gallery-item-large\" itemprop=\"associatedMedia\" itemscope itemtype=\"http:\/\/schema.org\/ImageObject\"> <a href=\"https:\/\/opistobranquis.info\/ca\/guia\/nudibranchia\/doridina\/doridoidei\/onchidoridoidea\/trapania-bajamarensis\/trapania-bajamarensis-la-laja-gran-canaria-by-mario-matute-02\/\" border=\"0\" itemprop=\"url\"> <meta itemprop=\"width\" content=\"387\"> <meta itemprop=\"height\" content=\"257\"> <img decoding=\"async\" class=\"\" data-attachment-id=\"45570\" data-orig-file=\"https:\/\/opistobranquis.info\/wp-content\/uploads\/2024\/12\/Trapania-bajamarensis-La-Laja-Gran-Canaria-by-Mario-Matute-02.jpg\" data-orig-size=\"1080,718\" data-comments-opened=\"\" data-image-title=\"Trapania bajamarensis @ La Laja, Gran Canaria by Mario Matute\" data-image-description=\"&lt;p&gt;Trapania bajamarensis @ La Laja, Gran Canaria by Mario Matute&lt;\/p&gt; \" data-medium-file=\"https:\/\/i0.wp.com\/opistobranquis.info\/wp-content\/uploads\/2024\/12\/Trapania-bajamarensis-La-Laja-Gran-Canaria-by-Mario-Matute-02.jpg?fit=300%2C199&#038;ssl=1\" data-large-file=\"https:\/\/i0.wp.com\/opistobranquis.info\/wp-content\/uploads\/2024\/12\/Trapania-bajamarensis-La-Laja-Gran-Canaria-by-Mario-Matute-02.jpg?fit=900%2C599&#038;ssl=1\" src=\"https:\/\/i0.wp.com\/opistobranquis.info\/wp-content\/uploads\/2024\/12\/Trapania-bajamarensis-La-Laja-Gran-Canaria-by-Mario-Matute-02.jpg?w=387&#038;h=257&#038;ssl=1\" srcset=\"https:\/\/i0.wp.com\/opistobranquis.info\/wp-content\/uploads\/2024\/12\/Trapania-bajamarensis-La-Laja-Gran-Canaria-by-Mario-Matute-02.jpg?w=1080&amp;ssl=1 1080w, https:\/\/i0.wp.com\/opistobranquis.info\/wp-content\/uploads\/2024\/12\/Trapania-bajamarensis-La-Laja-Gran-Canaria-by-Mario-Matute-02.jpg?resize=300%2C199&amp;ssl=1 300w, https:\/\/i0.wp.com\/opistobranquis.info\/wp-content\/uploads\/2024\/12\/Trapania-bajamarensis-La-Laja-Gran-Canaria-by-Mario-Matute-02.jpg?resize=1024%2C681&amp;ssl=1 1024w, https:\/\/i0.wp.com\/opistobranquis.info\/wp-content\/uploads\/2024\/12\/Trapania-bajamarensis-La-Laja-Gran-Canaria-by-Mario-Matute-02.jpg?resize=150%2C100&amp;ssl=1 150w\" width=\"387\" height=\"257\" loading=\"lazy\" data-original-width=\"387\" data-original-height=\"257\" itemprop=\"http:\/\/schema.org\/image\" title=\"Trapania bajamarensis @ La Laja, Gran Canaria by Mario Matute\" alt=\"Trapania bajamarensis @ La Laja, Gran Canaria by Mario Matute\" style=\"width: 387px; height: 257px;\" \/> <\/a> <div class=\"tiled-gallery-caption\" itemprop=\"caption description\"> Trapania bajamarensis @ La Laja, Gran Canaria by Mario Matute <\/div> <\/div> <\/div> <!-- close group --> <div class=\"gallery-group images-1\" style=\"width: 509px; height: 522px;\" data-original-width=\"509\" data-original-height=\"522\" > <div class=\"tiled-gallery-item tiled-gallery-item-large\" itemprop=\"associatedMedia\" itemscope itemtype=\"http:\/\/schema.org\/ImageObject\"> <a href=\"https:\/\/opistobranquis.info\/ca\/guia\/nudibranchia\/doridina\/doridoidei\/onchidoridoidea\/trapania-bajamarensis\/trapania-bajamarensis-la-laja-gran-canaria-by-mario-matute-03\/\" border=\"0\" itemprop=\"url\"> <meta itemprop=\"width\" content=\"505\"> <meta itemprop=\"height\" content=\"518\"> <img decoding=\"async\" class=\"\" data-attachment-id=\"45571\" data-orig-file=\"https:\/\/opistobranquis.info\/wp-content\/uploads\/2024\/12\/Trapania-bajamarensis-La-Laja-Gran-Canaria-by-Mario-Matute-03.jpg\" data-orig-size=\"1405,1441\" data-comments-opened=\"\" data-image-title=\"Trapania bajamarensis @ La Laja, Gran Canaria by Mario Matute\" data-image-description=\"&lt;p&gt;Trapania bajamarensis @ La Laja, Gran Canaria by Mario Matute&lt;\/p&gt; \" data-medium-file=\"https:\/\/i0.wp.com\/opistobranquis.info\/wp-content\/uploads\/2024\/12\/Trapania-bajamarensis-La-Laja-Gran-Canaria-by-Mario-Matute-03.jpg?fit=293%2C300&#038;ssl=1\" data-large-file=\"https:\/\/i0.wp.com\/opistobranquis.info\/wp-content\/uploads\/2024\/12\/Trapania-bajamarensis-La-Laja-Gran-Canaria-by-Mario-Matute-03.jpg?fit=900%2C923&#038;ssl=1\" src=\"https:\/\/i0.wp.com\/opistobranquis.info\/wp-content\/uploads\/2024\/12\/Trapania-bajamarensis-La-Laja-Gran-Canaria-by-Mario-Matute-03.jpg?w=505&#038;h=518&#038;ssl=1\" srcset=\"https:\/\/i0.wp.com\/opistobranquis.info\/wp-content\/uploads\/2024\/12\/Trapania-bajamarensis-La-Laja-Gran-Canaria-by-Mario-Matute-03.jpg?w=1405&amp;ssl=1 1405w, https:\/\/i0.wp.com\/opistobranquis.info\/wp-content\/uploads\/2024\/12\/Trapania-bajamarensis-La-Laja-Gran-Canaria-by-Mario-Matute-03.jpg?resize=293%2C300&amp;ssl=1 293w, https:\/\/i0.wp.com\/opistobranquis.info\/wp-content\/uploads\/2024\/12\/Trapania-bajamarensis-La-Laja-Gran-Canaria-by-Mario-Matute-03.jpg?resize=998%2C1024&amp;ssl=1 998w, https:\/\/i0.wp.com\/opistobranquis.info\/wp-content\/uploads\/2024\/12\/Trapania-bajamarensis-La-Laja-Gran-Canaria-by-Mario-Matute-03.jpg?resize=146%2C150&amp;ssl=1 146w\" width=\"505\" height=\"518\" loading=\"lazy\" data-original-width=\"505\" data-original-height=\"518\" itemprop=\"http:\/\/schema.org\/image\" title=\"Trapania bajamarensis @ La Laja, Gran Canaria by Mario Matute\" alt=\"Trapania bajamarensis @ La Laja, Gran Canaria by Mario Matute\" style=\"width: 505px; height: 518px;\" \/> <\/a> <div class=\"tiled-gallery-caption\" itemprop=\"caption description\"> Trapania bajamarensis @ La Laja, Gran Canaria by Mario Matute <\/div> <\/div> <\/div> <!-- close group --> <\/div> <!-- close row --> <\/div><\/p>\n<p><p><strong>Bibliografia<\/strong><\/p><ul><div id=\"zotpress-5922383b794d99dac690b578839314d9\" class=\"zp-Zotpress zp-Zotpress-Bib wp-block-group\">\n\n\t\t<span class=\"ZP_API_USER_ID ZP_ATTR\">1246567<\/span>\n\t\t<span class=\"ZP_ITEM_KEY ZP_ATTR\"><\/span>\n\t\t<span class=\"ZP_COLLECTION_ID ZP_ATTR\"><\/span>\n\t\t<span class=\"ZP_TAG_ID ZP_ATTR\">Trapania bajamarensis<\/span>\n\t\t<span class=\"ZP_AUTHOR ZP_ATTR\"><\/span>\n\t\t<span class=\"ZP_YEAR ZP_ATTR\"><\/span>\n        <span class=\"ZP_ITEMTYPE ZP_ATTR\"><\/span>\n\t\t<span class=\"ZP_INCLUSIVE ZP_ATTR\">1<\/span>\n\t\t<span class=\"ZP_STYLE ZP_ATTR\">eunomia-revista-en-cultura-de-la-legalidad<\/span>\n\t\t<span class=\"ZP_LIMIT ZP_ATTR\">50<\/span>\n\t\t<span class=\"ZP_SORTBY ZP_ATTR\">creator<\/span>\n\t\t<span class=\"ZP_ORDER ZP_ATTR\">asc<\/span>\n\t\t<span class=\"ZP_TITLE ZP_ATTR\"><\/span>\n\t\t<span class=\"ZP_SHOWIMAGE ZP_ATTR\"><\/span>\n\t\t<span class=\"ZP_SHOWTAGS ZP_ATTR\"><\/span>\n\t\t<span class=\"ZP_DOWNLOADABLE ZP_ATTR\"><\/span>\n\t\t<span class=\"ZP_NOTES ZP_ATTR\"><\/span>\n\t\t<span class=\"ZP_ABSTRACT ZP_ATTR\"><\/span>\n\t\t<span class=\"ZP_CITEABLE ZP_ATTR\"><\/span>\n\t\t<span class=\"ZP_TARGET ZP_ATTR\">1<\/span>\n\t\t<span class=\"ZP_URLWRAP ZP_ATTR\"><\/span>\n\t\t<span class=\"ZP_FORCENUM ZP_ATTR\"><\/span>\n        <span class=\"ZP_HIGHLIGHT ZP_ATTR\"><\/span>\n        <span class=\"ZP_POSTID ZP_ATTR\">45555<\/span>\n\t\t<span class=\"ZOTPRESS_PLUGIN_URL ZP_ATTR\">https:\/\/opistobranquis.info\/wp-content\/plugins\/zotpress\/<\/span>\n\n\t\t<div class=\"zp-List loading\">\n\t\t\t<div class=\"zp-SEO-Content\">\n\n\t\t\t<\/div><!-- .zp-zp-SEO-Content -->\n\t\t<\/div><!-- .zp-List -->\n\t<\/div><!--.zp-Zotpress-->\n\n<p><\/p>Bibliografia basada en els treballs de <b>Steve Long, 2006<\/b>. <a target=_blank href=https:\/\/opistobranquis.info\/wp-content\/uploads\/2016\/06\/Long-S.-2006-Bibliography-of-Opisthobranchia-1554-2000.pdf>Bibliography of Opisthobranchia 1554-2000<\/a> i <b>Gary McDonald, 2009<\/b>. <a href=http:\/\/escholarship.org\/uc\/item\/8115h0wz>Bibliographia Nudibranchia<\/a>, amb actualitzacions posteriors procedents d\u00b4altres fonts.<p><\/p><\/ul><p><\/p><p><strong>M\u00e9s informaci\u00f3<\/strong><\/p><span style=\"font-size:10pt\"><ul><ul class=\"blogroll-links\"><li><a href=\"https:\/\/redpromar.org\/species\/104070\">Red PROMAR<\/a><\/li><li><a href=\"https:\/\/www.researchgate.net\/publication\/287646800_Nuevos_taxones_de_babosas_marinas_de_las_islas_Canarias_y_de_Cabo_Verde_Mollusca_Heterobranchia\">Researchgate<\/a><\/li><li><a href=\"https:\/\/marinespecies.org\/aphia.php?p=taxdetails&#038;id=866467\">World Register of Marine Species (WoRMS)<\/a><\/li><\/ul><\/ul><\/span><p><strong>Citeu aquest article com: <\/strong><\/p><div style=\"display: block; background: #444444; padding: 10px 30px 10px 10px; border-radius: 5px; line-height: 18px;\"><p class=\"citacio\"><b>Pontes, Miquel<\/b> (2025) <em>\"Trapania bajamarensis\"<\/em> a <em>OPK-Opistobranquis<\/em>. Publicat: 10\/12\/2024. Accedit: 03\/09\/2026. Disponible a (<a href=https:\/\/opistobranquis.info\/ca\/?p=45555>https:\/\/opistobranquis.info\/ca\/?p=45555<\/a>)<\/p><p><\/p><\/div><p><\/p><\/p>","protected":false},"excerpt":{"rendered":"<p>Trapania bajamarensis Moro &amp; Ortea, 2015 Descripci\u00f3 Amb una mida m\u00e0xima registrada d&#8217;uns 12mm, els exemplars adults tenen el cos de color marr\u00f3 o violaci, amb \u00e0rees blanques clapejades de groc i taques grogues disperses. Als laterals del cos les \u00e0rees blanques tendeixen a ser arrodonides, amb un punt de color daurat al centre. El cap t\u00e9 una taca blanca allargada a la part superior, que s&#8217;est\u00e9n entre els rin\u00f2fors,\u2026<\/p>\n<p class=\"continue-reading-button\"> <a class=\"continue-reading-link\" href=\"https:\/\/opistobranquis.info\/ca\/guia\/nudibranchia\/doridina\/doridoidei\/onchidoridoidea\/trapania-bajamarensis\/\">Continua llegint<i class=\"crycon-right-dir\"><\/i><\/a><\/p>\n","protected":false},"author":5,"featured_media":45559,"parent":26111,"menu_order":6871,"comment_status":"closed","ping_status":"closed","template":"","meta":{"footnotes":""},"class_list":["post-45555","page","type-page","status-publish","has-post-thumbnail","hentry"],"jetpack_sharing_enabled":true,"_links":{"self":[{"href":"https:\/\/opistobranquis.info\/ca\/wp-json\/wp\/v2\/pages\/45555","targetHints":{"allow":["GET"]}}],"collection":[{"href":"https:\/\/opistobranquis.info\/ca\/wp-json\/wp\/v2\/pages"}],"about":[{"href":"https:\/\/opistobranquis.info\/ca\/wp-json\/wp\/v2\/types\/page"}],"author":[{"embeddable":true,"href":"https:\/\/opistobranquis.info\/ca\/wp-json\/wp\/v2\/users\/5"}],"replies":[{"embeddable":true,"href":"https:\/\/opistobranquis.info\/ca\/wp-json\/wp\/v2\/comments?post=45555"}],"version-history":[{"count":6,"href":"https:\/\/opistobranquis.info\/ca\/wp-json\/wp\/v2\/pages\/45555\/revisions"}],"predecessor-version":[{"id":45572,"href":"https:\/\/opistobranquis.info\/ca\/wp-json\/wp\/v2\/pages\/45555\/revisions\/45572"}],"up":[{"embeddable":true,"href":"https:\/\/opistobranquis.info\/ca\/wp-json\/wp\/v2\/pages\/26111"}],"wp:featuredmedia":[{"embeddable":true,"href":"https:\/\/opistobranquis.info\/ca\/wp-json\/wp\/v2\/media\/45559"}],"wp:attachment":[{"href":"https:\/\/opistobranquis.info\/ca\/wp-json\/wp\/v2\/media?parent=45555"}],"curies":[{"name":"wp","href":"https:\/\/api.w.org\/{rel}","templated":true}]}}