{"id":456,"date":"2012-05-16T18:49:40","date_gmt":"2012-05-16T16:49:40","guid":{"rendered":"https:\/\/opistobranquis.info\/eolidacis-aeolididaeolid%c3%a1ceos-aeolididaaeolidaceans-aeolidida"},"modified":"2026-09-03T14:16:00","modified_gmt":"2026-09-03T12:16:00","slug":"aeolidioidea","status":"publish","type":"page","link":"https:\/\/opistobranquis.info\/ca\/guia\/nudibranchia\/cladobranchia\/aeolidioidea\/","title":{"rendered":"Aeolidioidea"},"content":{"rendered":"<p>Els eolidacis es diferencien dels altres nudibranquis pel seu cos estilitzat i per la pres\u00e8ncia de grups de papil\u00b7les, denominades <strong>cerata<\/strong>, en el dors i als costats del cos. La coloraci\u00f3 dels eolidacis sol ser molt vistosa, principalment la de les papil\u00b7les dorsals. El cap t\u00e9, en la part frontal, uns<strong> tentacles orals<\/strong> llargs i fins, mentre que en el dors t\u00e9 els <strong>rin\u00f2fors<\/strong>, que poden ser llisos o disposar de laminetes o berrugues.<\/p>\n<h6 style=\"text-align: center;\"><span style=\"font-size:10pt;\" class=\"aligncenter\"><div id=\"featured-img-id\"><img data-recalc-dims=\"1\" decoding=\"async\" src=\"https:\/\/i0.wp.com\/opistobranquis.info\/wp-content\/uploads\/2012\/12\/dondice-banyulensis-23.jpg?w=900&#038;ssl=1\" alt=\"Nemesignis banyulensis by Enric Madrenas\" \/><\/div><center><em>Nemesignis banyulensis<\/em> per Enric Madrenas<\/center><\/span><p><\/p><\/h6>\n<p>La gl\u00e0ndula digestiva est\u00e0 molt ramificada i les seves ramificacions, en forma de conducte buit, penetren a l&#8217;interior de cada cerata. En moltes esp\u00e8cies l&#8217;extrem de la gl\u00e0ndula digestiva de cada cerata es dilata formant un petit sac esf\u00e8ric anomenat <strong><em>cnidosac<\/em> <\/strong>que comunica amb l&#8217;exterior a trav\u00e9s d&#8217;un porus, el <em><strong>cnidoporus<\/strong>,<\/em> situat a la punta del cerata. Tenen respiraci\u00f3 cut\u00e0nia ja que no tenen br\u00e0nquies definides i utilitzen tamb\u00e9 els cerata per a l&#8217;intercanvi de gasos. La r\u00e0dula \u00e9s estreta, i pot tenir nom\u00e9s una filera de dents (r\u00e0dula monoseriada) o tenir 3 dents en cada filera (r\u00e0dula triseriada); generalment hi ha un parell de mand\u00edbules c\u00f2rnies en la part anterior del bulb bucal. Els orificis anal i genital estan situats a la dreta del cos. El peu pot diferenciar, en la seva zona anterior, un parell de <strong>palps propodials<\/strong>, curts i de forma triangular. Les preses dels eolidacis s\u00f3n principalment cnidaris: p\u00f2lips de hidrozous, meduses i anemones. Aquesta especialitzaci\u00f3 aliment\u00e0ria proporciona a aquests nudibranquis un mecanisme de defensa de gran inter\u00e8s biol\u00f2gic, ja que s\u00f3n capa\u00e7os d&#8217;utilitzar per a la seva pr\u00f2pia defensa les c\u00e0psules urticants o <em>cnidocists<\/em> procedents de les seves preses. Per causes que es desconeixen encara, aquests cnidocists ni es descarreguen ni s\u00f3n digerits pels sucs digestius del nudibranqui i, a m\u00e9s, a trav\u00e9s de les ramificacions de la gl\u00e0ndula digestiva arriben als cnidosacs de la punta dels cerata, on es guarden. Aquests cnidocists poden ser expulsats a l&#8217;exterior en contacte amb el possible depredador, on es descarreguen i efectuen la seva acci\u00f3 defensiva. Algunes esp\u00e8cies s&#8217;han especialitzat a alimentar-se d&#8217;ous de peixos, de crustacis cirr\u00edpedes o fins i tot d&#8217;altres esp\u00e8cies de nudibranquis. Els eolidacis solen trobar-se sobre col\u00f2nies d&#8217;hidrozous, freq\u00fcentment la mateixa esp\u00e8cie que depreden, i on solen dipositar les seves postes que solen ser en forma de cord\u00f3 enrotllat de variades maneres. En altres ocasions se&#8217;ls pot localitzar en la cara inferior de les pedres, prop d&#8217;anemones, fins i tot a molt poca profunditat o ben passejant en parets rocoses amb abund\u00e0ncia d&#8217;algues i invertebrats.<\/p>\n<p><strong>Classificaci\u00f3<\/strong><\/p>\n<p>La taxonomia dels aeolidacis proposada per Bouchet et al. (2017) i acceptada per WoRMS \u00e9s:<\/p>\n<p><strong>Aeolidioidea J. E. Gray, 1827<\/strong><\/p>\n<ul>\n<li>Aeolidiidae J. E. Gray, 1827\n<ul>\n<li><em>Aeolidia<\/em>\u00a0Cuvier, 1798<\/li>\n<li><em>Aeolidiella<\/em>\u00a0Bergh, 1867<\/li>\n<li><em>Aeolidiopsis<\/em>\u00a0Pruvot-Fol, 1956<\/li>\n<li><em>Anteaeolidiella<\/em>\u00a0M. C. Miller, 2001<\/li>\n<li><em>Baeolidia<\/em>\u00a0Bergh, 1888<\/li>\n<li><em>Berghia<\/em>\u00a0Trinchese, 1877<\/li>\n<li><em>Bulbaeolidia<\/em>\u00a0Carmona, Pola, Gosliner &amp; Cervera, 2013<\/li>\n<li><em>Cerberilla<\/em>\u00a0Bergh, 1873<\/li>\n<li><em>Limenandra<\/em>\u00a0Haefelfinger &amp; Stamm, 1958<\/li>\n<li><em>Spurilla<\/em>\u00a0Bergh, 1864<\/li>\n<li><em>Zeusia<\/em>\u00a0Korshunova, Zimina &amp; Martynov, 2017<\/li>\n<\/ul>\n<\/li>\n<li>Babakinidae Roller, 1973\n<ul>\n<li><em>Babakina<\/em>\u00a0Roller, 1973<\/li>\n<\/ul>\n<\/li>\n<li>Facelinidae Bergh, 1889\n<ul>\n<li><em>Adfacelina<\/em>\u00a0Millen &amp; Hermosillo, 2012<\/li>\n<li><em>Algarvia<\/em>\u00a0Garc\u00eda-G\u00f3mez &amp; Cervera, 1990<\/li>\n<li><em>Amanda<\/em>\u00a0Macnae, 1954<\/li>\n<li><em>Anetarca<\/em>\u00a0Gosliner, 1991<\/li>\n<li><em>Antonietta<\/em>\u00a0Schmekel, 1966<\/li>\n<li><em>Austraeolis<\/em>\u00a0Burn, 1962<\/li>\n<li><em>Bajaeolis<\/em>\u00a0Gosliner &amp; Behrens, 1986<\/li>\n<li><em>Burnaia<\/em>\u00a0M. C. Miller, 2001<\/li>\n<li><em>Caloria<\/em>\u00a0Trinchese, 1888<\/li>\n<li><em>Cratena<\/em>\u00a0Bergh, 1864<\/li>\n<li>Crateninae Bergh, 1889<\/li>\n<li><em>Dicata<\/em>\u00a0Schmekel, 1967<\/li>\n<li><em>Echinopsole<\/em>\u00a0Macnae, 1954<\/li>\n<li><em>Emarcusia<\/em>\u00a0Roller, 1972<\/li>\n<li><em>Facelina<\/em>\u00a0Alder &amp; Hancock, 1855<\/li>\n<li>Facelininae Bergh, 1889<\/li>\n<li><em>Facelinopsis<\/em>\u00a0Pruvot-Fol, 1954<\/li>\n<li>Favorininae Bergh, 1889<\/li>\n<li><em>Favorinus<\/em>\u00a0J. E. Gray, 1850<\/li>\n<li><em>Hermosita<\/em>\u00a0Gosliner &amp; Behrens, 1986<\/li>\n<li><em>Herviella<\/em>\u00a0Baba, 1949<\/li>\n<li>Herviellinae Burn, 1967<\/li>\n<li><em>Janssonius<\/em>\u00a0Ortea &amp; Moro, 2022<\/li>\n<li><em>Jason<\/em>\u00a0M. C. Miller, 1974<\/li>\n<li><em>Learchis<\/em>\u00a0Bergh, 1896<\/li>\n<li><em>Moridilla<\/em>\u00a0Bergh, 1888<\/li>\n<li><em>Myja<\/em>\u00a0Bergh, 1896<\/li>\n<li><em>Noumeaella<\/em>\u00a0Risbec, 1937<\/li>\n<li><em>Palisa<\/em>\u00a0Edmunds, 1964<\/li>\n<li><em>Pauleo<\/em>\u00a0Millen &amp; Hamann, 1992<\/li>\n<li><em>Phidiana<\/em>\u00a0Gray, 1850<\/li>\n<li><em>Pruvotfolia<\/em>\u00a0J. Tardy, 1970<\/li>\n<li>Pteraeolidiinae Risbec, 1953\n<ul>\n<li><em>Pteraeolidia<\/em>\u00a0Bergh, 1875<\/li>\n<\/ul>\n<\/li>\n<li><em>Sakuraeolis<\/em>\u00a0Baba, 1965<\/li>\n<li><em>Setoeolis<\/em>\u00a0Baba, 1965<\/li>\n<\/ul>\n<\/li>\n<li>Flabellinidae Bergh, 1889\n<ul>\n<li><em>Calmella<\/em>\u00a0Eliot, 1906<\/li>\n<li><em>Carronella<\/em>\u00a0Korshunova, Martynov, Bakken, Evertsen, Fletcher, Mudianta, H. Saito, Lundin, Schr\u00f6dl &amp; Picton, 2017<\/li>\n<li><em>Coryphellina<\/em>\u00a0O&#8217;Donoghue, 1929<\/li>\n<li><em>Edmundsella<\/em>\u00a0Korshunova, Martynov, Bakken, Evertsen, Fletcher, Mudianta, H. Saito, Lundin, Schr\u00f6dl &amp; Picton, 2017<\/li>\n<li><em>Flabellina<\/em>\u00a0McMurtrie, 1831<\/li>\n<li><em>Paraflabellina<\/em>\u00a0Korshunova, Martynov, Bakken, Evertsen, Fletcher, Mudianta, H. Saito, Lundin, Schr\u00f6dl &amp; Picton, 2017<\/li>\n<\/ul>\n<\/li>\n<li>Flabellinopsidae Korshunova, Martynov, Bakken, Evertsen, Fletcher, Mudianta, H. Saito, Lundin, Schr\u00f6dl &amp; Picton, 2017\n<ul>\n<li><em>Baenopsis<\/em>\u00a0Korshunova, Martynov, Bakken, Evertsen, Fletcher, Mudianta, H. Saito, Lundin, Schr\u00f6dl &amp; Picton, 2017<\/li>\n<li><em>Flabellinopsis<\/em>\u00a0MacFarland, 1966<\/li>\n<\/ul>\n<\/li>\n<li>Glaucidae Gray, 1827\n<ul>\n<li><em>Glaucilla<\/em>\u00a0Bergh, 1861<\/li>\n<li><em>Glaucus<\/em>\u00a0Forster, 1777<\/li>\n<\/ul>\n<\/li>\n<li>Hantazuidae Korshunova, Fletcher &amp; Martynov, 2025\n<ul>\n<li><em>Hantazuia<\/em>\u00a0Korshunova, Fletcher &amp; Martynov, 2025<\/li>\n<\/ul>\n<\/li>\n<li>Myrrhinidae Bergh, 1905\n<ul>\n<li><em>Dondice<\/em>\u00a0Er. Marcus, 1958<\/li>\n<li><em>Godiva<\/em>\u00a0Macnae, 1954<\/li>\n<li><em>Hermissenda<\/em>\u00a0Bergh, 1879<\/li>\n<li><em>Nanuca<\/em>\u00a0Er. Marcus, 1957<\/li>\n<li><em>Nemesignis<\/em>\u00a0Furfaro &amp; Mariottini, 2021<\/li>\n<li><em>Phyllodesmium<\/em>\u00a0Ehrenberg, 1831<\/li>\n<\/ul>\n<\/li>\n<li>Piseinotecidae Edmunds, 1970\n<ul>\n<li><em>Piseinotecus<\/em>\u00a0Er. Marcus, 1955<\/li>\n<\/ul>\n<\/li>\n<li>Pleurolidiidae Burn, 1966\n<ul>\n<li><em>Pleurolidia<\/em>\u00a0Burn, 1966<\/li>\n<li><em>Protaeolidiella<\/em>\u00a0Baba, 1955<\/li>\n<\/ul>\n<\/li>\n<\/ul>\n<p><span style=\"font-family: Ubuntu;\">Esp\u00e8cies d&#8217;aeolidacis citades a la Mediterr\u00e0nia o al voltant de la Pen\u00ednsula Ib\u00e8rica:<\/span><\/p>\n\r\n    <div\r\n        class=\"autonav-grid autonav-columns-3\"\r\n    >\r\n\r\n        \r\n            \r\n            <article class=\"autonav-card\">\r\n\r\n                <a href=\"https:\/\/opistobranquis.info\/ca\/guia\/nudibranchia\/cladobranchia\/aeolidioidea\/aeolidia-papillosa\/\">\r\n\r\n                    \r\n                        <div class=\"autonav-image\">\r\n\r\n                            <img decoding=\"async\" width=\"810\" height=\"522\" src=\"https:\/\/i0.wp.com\/opistobranquis.info\/wp-content\/uploads\/2013\/09\/Aeolidia-papillosa003.jpg?fit=810%2C522&amp;ssl=1\" class=\"autonav-thumb\" alt=\"Aeolidia papillosa by Manuel Ballesteros\" loading=\"lazy\" srcset=\"https:\/\/i0.wp.com\/opistobranquis.info\/wp-content\/uploads\/2013\/09\/Aeolidia-papillosa003.jpg?w=810&amp;ssl=1 810w, https:\/\/i0.wp.com\/opistobranquis.info\/wp-content\/uploads\/2013\/09\/Aeolidia-papillosa003.jpg?resize=150%2C96&amp;ssl=1 150w, https:\/\/i0.wp.com\/opistobranquis.info\/wp-content\/uploads\/2013\/09\/Aeolidia-papillosa003.jpg?resize=300%2C193&amp;ssl=1 300w\" sizes=\"auto, (max-width: 810px) 100vw, 810px\" data-attachment-id=\"11237\" data-permalink=\"https:\/\/opistobranquis.info\/ca\/guia\/nudibranchia\/cladobranchia\/aeolidioidea\/aeolidia-papillosa\/aeolidia-papillosa003\/\" data-orig-file=\"https:\/\/i0.wp.com\/opistobranquis.info\/wp-content\/uploads\/2013\/09\/Aeolidia-papillosa003.jpg?fit=810%2C522&amp;ssl=1\" data-orig-size=\"810,522\" data-comments-opened=\"0\" data-image-title=\"Aeolidia papillosa by Manuel Ballesteros\" data-image-description=\"&lt;p&gt;Aeolidia papillosa by Manuel Ballesteros&lt;\/p&gt;\n\" data-image-caption=\"&lt;p&gt;Aeolidia papillosa&lt;\/p&gt;\n\" data-large-file=\"https:\/\/i0.wp.com\/opistobranquis.info\/wp-content\/uploads\/2013\/09\/Aeolidia-papillosa003.jpg?fit=810%2C522&amp;ssl=1\" \/>\r\n                        <\/div>\r\n\r\n                    \r\n                    <div class=\"autonav-content\">\r\n\r\n                        <h3>\r\n                            Aeolidia papillosa                        <\/h3>\r\n\r\n                    <\/div>\r\n\r\n                <\/a>\r\n\r\n            <\/article>\r\n\r\n        \r\n            \r\n            <article class=\"autonav-card\">\r\n\r\n                <a href=\"https:\/\/opistobranquis.info\/ca\/guia\/nudibranchia\/cladobranchia\/aeolidioidea\/aeolidia-filomenae\/\">\r\n\r\n                    \r\n                        <div class=\"autonav-image\">\r\n\r\n                            <img decoding=\"async\" width=\"900\" height=\"600\" src=\"https:\/\/i0.wp.com\/opistobranquis.info\/wp-content\/uploads\/2016\/06\/Aeolidia-filomenae-%40-Baleal-Portugal-15-08-2014-by-Jo%C3%A3o-Pedro-Silva.jpg?fit=900%2C600&amp;ssl=1\" class=\"autonav-thumb\" alt=\"Aeolidia filomenae @ Baleal, Portugal 15-08-2014 by Jo\u00e3o Pedro Silva\" loading=\"lazy\" data-attachment-id=\"22189\" data-permalink=\"https:\/\/opistobranquis.info\/ca\/guia\/nudibranchia\/cladobranchia\/aeolidioidea\/aeolidia-filomenae\/aeolidia-filomenae-baleal-portugal-15-08-2014-by-joao-pedro-silva\/\" data-orig-file=\"https:\/\/i0.wp.com\/opistobranquis.info\/wp-content\/uploads\/2016\/06\/Aeolidia-filomenae-%40-Baleal-Portugal-15-08-2014-by-Jo%C3%A3o-Pedro-Silva.jpg?fit=1022%2C681&amp;ssl=1\" data-orig-size=\"1022,681\" data-comments-opened=\"0\" data-image-title=\"Aeolidia filomenae @ Baleal, Portugal 15-08-2014 by Jo\u00e3o Pedro Silva\" data-image-description=\"&lt;p&gt;Aeolidia filomenae @ Baleal, Portugal 15-08-2014 by Jo\u00e3o Pedro Silva&lt;\/p&gt;\n\" data-image-caption=\"&lt;p&gt;Aeolidia filomenae @ Baleal, Portugal 15-08-2014&lt;\/p&gt;\n\" data-large-file=\"https:\/\/i0.wp.com\/opistobranquis.info\/wp-content\/uploads\/2016\/06\/Aeolidia-filomenae-%40-Baleal-Portugal-15-08-2014-by-Jo%C3%A3o-Pedro-Silva.jpg?fit=900%2C600&amp;ssl=1\" \/>\r\n                        <\/div>\r\n\r\n                    \r\n                    <div class=\"autonav-content\">\r\n\r\n                        <h3>\r\n                            Aeolidia filomenae                        <\/h3>\r\n\r\n                    <\/div>\r\n\r\n                <\/a>\r\n\r\n            <\/article>\r\n\r\n        \r\n            \r\n            <article class=\"autonav-card\">\r\n\r\n                <a href=\"https:\/\/opistobranquis.info\/ca\/guia\/nudibranchia\/cladobranchia\/aeolidioidea\/aeolidiella-alderi\/\">\r\n\r\n                    \r\n                        <div class=\"autonav-image\">\r\n\r\n                            <img decoding=\"async\" width=\"900\" height=\"599\" src=\"https:\/\/i0.wp.com\/opistobranquis.info\/wp-content\/uploads\/2020\/12\/Aeolidiella-alderi-by-Miquel-Pontes-DSC_7941.jpg?fit=900%2C599&amp;ssl=1\" class=\"autonav-thumb\" alt=\"Aeolidiella alderi by Miquel Pontes\" loading=\"lazy\" srcset=\"https:\/\/i0.wp.com\/opistobranquis.info\/wp-content\/uploads\/2020\/12\/Aeolidiella-alderi-by-Miquel-Pontes-DSC_7941.jpg?w=1280&amp;ssl=1 1280w, https:\/\/i0.wp.com\/opistobranquis.info\/wp-content\/uploads\/2020\/12\/Aeolidiella-alderi-by-Miquel-Pontes-DSC_7941.jpg?resize=300%2C200&amp;ssl=1 300w, https:\/\/i0.wp.com\/opistobranquis.info\/wp-content\/uploads\/2020\/12\/Aeolidiella-alderi-by-Miquel-Pontes-DSC_7941.jpg?resize=1024%2C682&amp;ssl=1 1024w, https:\/\/i0.wp.com\/opistobranquis.info\/wp-content\/uploads\/2020\/12\/Aeolidiella-alderi-by-Miquel-Pontes-DSC_7941.jpg?resize=150%2C100&amp;ssl=1 150w\" sizes=\"auto, (max-width: 900px) 100vw, 900px\" data-attachment-id=\"30936\" data-permalink=\"https:\/\/opistobranquis.info\/ca\/guia\/nudibranchia\/cladobranchia\/aeolidioidea\/aeolidiella-alderi\/aeolidiella-alderi-by-miquel-pontes-dsc_7941\/\" data-orig-file=\"https:\/\/i0.wp.com\/opistobranquis.info\/wp-content\/uploads\/2020\/12\/Aeolidiella-alderi-by-Miquel-Pontes-DSC_7941.jpg?fit=1280%2C853&amp;ssl=1\" data-orig-size=\"1280,853\" data-comments-opened=\"0\" data-image-title=\"Aeolidiella alderi by Miquel Pontes\" data-image-description=\"&lt;p&gt;Aeolidiella alderi by Miquel Pontes&lt;\/p&gt;\n\" data-image-caption=\"&lt;p&gt;Aeolidiella alderi&lt;\/p&gt;\n\" data-large-file=\"https:\/\/i0.wp.com\/opistobranquis.info\/wp-content\/uploads\/2020\/12\/Aeolidiella-alderi-by-Miquel-Pontes-DSC_7941.jpg?fit=900%2C599&amp;ssl=1\" \/>\r\n                        <\/div>\r\n\r\n                    \r\n                    <div class=\"autonav-content\">\r\n\r\n                        <h3>\r\n                            Aeolidiella alderi                        <\/h3>\r\n\r\n                    <\/div>\r\n\r\n                <\/a>\r\n\r\n            <\/article>\r\n\r\n        \r\n            \r\n            <article class=\"autonav-card\">\r\n\r\n                <a href=\"https:\/\/opistobranquis.info\/ca\/guia\/nudibranchia\/cladobranchia\/aeolidioidea\/aeolidiella-glauca\/\">\r\n\r\n                    \r\n                        <div class=\"autonav-image\">\r\n\r\n                            <img decoding=\"async\" width=\"800\" height=\"531\" src=\"https:\/\/i0.wp.com\/opistobranquis.info\/wp-content\/uploads\/2014\/10\/th_Aeolidiella-glauca-Sweden.jpg?fit=800%2C531&amp;ssl=1\" class=\"autonav-thumb\" alt=\"Aeolidiella glauca by Klas Malmberg (Sweden)\" loading=\"lazy\" srcset=\"https:\/\/i0.wp.com\/opistobranquis.info\/wp-content\/uploads\/2014\/10\/th_Aeolidiella-glauca-Sweden.jpg?w=800&amp;ssl=1 800w, https:\/\/i0.wp.com\/opistobranquis.info\/wp-content\/uploads\/2014\/10\/th_Aeolidiella-glauca-Sweden.jpg?resize=150%2C99&amp;ssl=1 150w, https:\/\/i0.wp.com\/opistobranquis.info\/wp-content\/uploads\/2014\/10\/th_Aeolidiella-glauca-Sweden.jpg?resize=300%2C199&amp;ssl=1 300w\" sizes=\"auto, (max-width: 800px) 100vw, 800px\" data-attachment-id=\"15615\" data-permalink=\"https:\/\/opistobranquis.info\/ca\/guia\/nudibranchia\/cladobranchia\/aeolidioidea\/aeolidiella-glauca\/th_aeolidiella-glauca-sweden\/\" data-orig-file=\"https:\/\/i0.wp.com\/opistobranquis.info\/wp-content\/uploads\/2014\/10\/th_Aeolidiella-glauca-Sweden.jpg?fit=800%2C531&amp;ssl=1\" data-orig-size=\"800,531\" data-comments-opened=\"0\" data-image-title=\"Aeolidiella glauca by Klas Malmberg (Sweden)\" data-image-description=\"&lt;p&gt;Aeolidiella glauca by Klas Malmberg (Sweden)&lt;\/p&gt;\n\" data-image-caption=\"&lt;p&gt;Aeolidiella glauca&lt;\/p&gt;\n\" data-large-file=\"https:\/\/i0.wp.com\/opistobranquis.info\/wp-content\/uploads\/2014\/10\/th_Aeolidiella-glauca-Sweden.jpg?fit=800%2C531&amp;ssl=1\" \/>\r\n                        <\/div>\r\n\r\n                    \r\n                    <div class=\"autonav-content\">\r\n\r\n                        <h3>\r\n                            Aeolidiella glauca                        <\/h3>\r\n\r\n                    <\/div>\r\n\r\n                <\/a>\r\n\r\n            <\/article>\r\n\r\n        \r\n            \r\n            <article class=\"autonav-card\">\r\n\r\n                <a href=\"https:\/\/opistobranquis.info\/ca\/guia\/nudibranchia\/cladobranchia\/aeolidioidea\/aeolidiella-sanguinea\/\">\r\n\r\n                    \r\n                        <div class=\"autonav-image\">\r\n\r\n                            <img decoding=\"async\" width=\"800\" height=\"533\" src=\"https:\/\/i0.wp.com\/opistobranquis.info\/wp-content\/uploads\/2013\/10\/Aeolidiella_sanguinea.jpg?fit=800%2C533&amp;ssl=1\" class=\"autonav-thumb\" alt=\"Aeolidiella sanguinea (Atl.E)\" loading=\"lazy\" srcset=\"https:\/\/i0.wp.com\/opistobranquis.info\/wp-content\/uploads\/2013\/10\/Aeolidiella_sanguinea.jpg?w=800&amp;ssl=1 800w, https:\/\/i0.wp.com\/opistobranquis.info\/wp-content\/uploads\/2013\/10\/Aeolidiella_sanguinea.jpg?resize=150%2C99&amp;ssl=1 150w, https:\/\/i0.wp.com\/opistobranquis.info\/wp-content\/uploads\/2013\/10\/Aeolidiella_sanguinea.jpg?resize=300%2C199&amp;ssl=1 300w\" sizes=\"auto, (max-width: 800px) 100vw, 800px\" data-attachment-id=\"10565\" data-permalink=\"https:\/\/opistobranquis.info\/ca\/guia\/nudibranchia\/cladobranchia\/aeolidioidea\/aeolidiella-sanguinea\/aeolidiella_sanguinea\/\" data-orig-file=\"https:\/\/i0.wp.com\/opistobranquis.info\/wp-content\/uploads\/2013\/10\/Aeolidiella_sanguinea.jpg?fit=800%2C533&amp;ssl=1\" data-orig-size=\"800,533\" data-comments-opened=\"0\" data-image-title=\"Aeolidiella sanguinea\" data-image-description=\"&lt;p&gt;Aeolidiella sanguinea (Atl.E)&lt;\/p&gt;\n\" data-image-caption=\"&lt;p&gt;Aeolidiella sanguinea (Atl.E)&lt;\/p&gt;\n\" data-large-file=\"https:\/\/i0.wp.com\/opistobranquis.info\/wp-content\/uploads\/2013\/10\/Aeolidiella_sanguinea.jpg?fit=800%2C533&amp;ssl=1\" \/>\r\n                        <\/div>\r\n\r\n                    \r\n                    <div class=\"autonav-content\">\r\n\r\n                        <h3>\r\n                            Aeolidiella sanguinea                        <\/h3>\r\n\r\n                    <\/div>\r\n\r\n                <\/a>\r\n\r\n            <\/article>\r\n\r\n        \r\n            \r\n            <article class=\"autonav-card\">\r\n\r\n                <a href=\"https:\/\/opistobranquis.info\/ca\/guia\/nudibranchia\/cladobranchia\/aeolidioidea\/anteaeolidiella-indica\/\">\r\n\r\n                    \r\n                        <div class=\"autonav-image\">\r\n\r\n                            <img decoding=\"async\" width=\"808\" height=\"541\" src=\"https:\/\/i0.wp.com\/opistobranquis.info\/wp-content\/uploads\/2014\/09\/Anteaeolidiella-indica-1.jpg?fit=808%2C541&amp;ssl=1\" class=\"autonav-thumb\" alt=\"Anteaeolidiella indica by Jos\u00e9 Carlos Garc\u00eda G\u00f3mez\" loading=\"lazy\" srcset=\"https:\/\/i0.wp.com\/opistobranquis.info\/wp-content\/uploads\/2014\/09\/Anteaeolidiella-indica-1.jpg?w=808&amp;ssl=1 808w, https:\/\/i0.wp.com\/opistobranquis.info\/wp-content\/uploads\/2014\/09\/Anteaeolidiella-indica-1.jpg?resize=150%2C100&amp;ssl=1 150w, https:\/\/i0.wp.com\/opistobranquis.info\/wp-content\/uploads\/2014\/09\/Anteaeolidiella-indica-1.jpg?resize=300%2C201&amp;ssl=1 300w, https:\/\/i0.wp.com\/opistobranquis.info\/wp-content\/uploads\/2014\/09\/Anteaeolidiella-indica-1.jpg?resize=768%2C514&amp;ssl=1 768w\" sizes=\"auto, (max-width: 808px) 100vw, 808px\" data-attachment-id=\"20980\" data-permalink=\"https:\/\/opistobranquis.info\/ca\/guia\/nudibranchia\/cladobranchia\/aeolidioidea\/anteaeolidiella-indica\/anteaeolidiella-indica-3\/\" data-orig-file=\"https:\/\/i0.wp.com\/opistobranquis.info\/wp-content\/uploads\/2014\/09\/Anteaeolidiella-indica-1.jpg?fit=808%2C541&amp;ssl=1\" data-orig-size=\"808,541\" data-comments-opened=\"0\" data-image-title=\"Anteaeolidiella indica by Jos\u00e9 Carlos Garc\u00eda G\u00f3mez\" data-image-description=\"&lt;p&gt;Anteaeolidiella indica by Jos\u00e9 Carlos Garc\u00eda G\u00f3mez&lt;\/p&gt;\n\" data-image-caption=\"&lt;p&gt;Anteaeolidiella indica&lt;\/p&gt;\n\" data-large-file=\"https:\/\/i0.wp.com\/opistobranquis.info\/wp-content\/uploads\/2014\/09\/Anteaeolidiella-indica-1.jpg?fit=808%2C541&amp;ssl=1\" \/>\r\n                        <\/div>\r\n\r\n                    \r\n                    <div class=\"autonav-content\">\r\n\r\n                        <h3>\r\n                            Anteaeolidiella indica                        <\/h3>\r\n\r\n                    <\/div>\r\n\r\n                <\/a>\r\n\r\n            <\/article>\r\n\r\n        \r\n            \r\n            <article class=\"autonav-card\">\r\n\r\n                <a href=\"https:\/\/opistobranquis.info\/ca\/guia\/nudibranchia\/cladobranchia\/aeolidioidea\/anteaeolidiella-lurana\/\">\r\n\r\n                    \r\n                        <div class=\"autonav-image\">\r\n\r\n                            <img decoding=\"async\" width=\"900\" height=\"599\" src=\"https:\/\/i0.wp.com\/opistobranquis.info\/wp-content\/uploads\/2020\/12\/Anteaeolidiella-lurana-by-Guido-Villani-DSC_3185.jpg?fit=900%2C599&amp;ssl=1\" class=\"autonav-thumb\" alt=\"Anteaeolidiella lurana by Guido Villani\" loading=\"lazy\" srcset=\"https:\/\/i0.wp.com\/opistobranquis.info\/wp-content\/uploads\/2020\/12\/Anteaeolidiella-lurana-by-Guido-Villani-DSC_3185.jpg?w=1280&amp;ssl=1 1280w, https:\/\/i0.wp.com\/opistobranquis.info\/wp-content\/uploads\/2020\/12\/Anteaeolidiella-lurana-by-Guido-Villani-DSC_3185.jpg?resize=300%2C200&amp;ssl=1 300w, https:\/\/i0.wp.com\/opistobranquis.info\/wp-content\/uploads\/2020\/12\/Anteaeolidiella-lurana-by-Guido-Villani-DSC_3185.jpg?resize=1024%2C682&amp;ssl=1 1024w, https:\/\/i0.wp.com\/opistobranquis.info\/wp-content\/uploads\/2020\/12\/Anteaeolidiella-lurana-by-Guido-Villani-DSC_3185.jpg?resize=150%2C100&amp;ssl=1 150w\" sizes=\"auto, (max-width: 900px) 100vw, 900px\" data-attachment-id=\"30939\" data-permalink=\"https:\/\/opistobranquis.info\/ca\/guia\/nudibranchia\/cladobranchia\/aeolidioidea\/anteaeolidiella-lurana\/anteaeolidiella-lurana-by-guido-villani-dsc_3185\/\" data-orig-file=\"https:\/\/i0.wp.com\/opistobranquis.info\/wp-content\/uploads\/2020\/12\/Anteaeolidiella-lurana-by-Guido-Villani-DSC_3185.jpg?fit=1280%2C853&amp;ssl=1\" data-orig-size=\"1280,853\" data-comments-opened=\"0\" data-image-title=\"Anteaeolidiella lurana by Guido Villani\" data-image-description=\"&lt;p&gt;Anteaeolidiella lurana by Guido Villani&lt;\/p&gt;\n\" data-image-caption=\"&lt;p&gt;Anteaeolidiella lurana&lt;\/p&gt;\n\" data-large-file=\"https:\/\/i0.wp.com\/opistobranquis.info\/wp-content\/uploads\/2020\/12\/Anteaeolidiella-lurana-by-Guido-Villani-DSC_3185.jpg?fit=900%2C599&amp;ssl=1\" \/>\r\n                        <\/div>\r\n\r\n                    \r\n                    <div class=\"autonav-content\">\r\n\r\n                        <h3>\r\n                            Anteaeolidiella lurana                        <\/h3>\r\n\r\n                    <\/div>\r\n\r\n                <\/a>\r\n\r\n            <\/article>\r\n\r\n        \r\n            \r\n            <article class=\"autonav-card\">\r\n\r\n                <a href=\"https:\/\/opistobranquis.info\/ca\/guia\/nudibranchia\/cladobranchia\/aeolidioidea\/babakina-anadoni\/\">\r\n\r\n                    \r\n                        <div class=\"autonav-image\">\r\n\r\n                            <img decoding=\"async\" width=\"900\" height=\"675\" src=\"https:\/\/i0.wp.com\/opistobranquis.info\/wp-content\/uploads\/2015\/07\/Babakina-anadoni-%40-Isla-de-Tarifa-Med-06-2015-by-Manuel-Mart%C3%ADnez-Chac%C3%B3n.jpg?fit=900%2C675&amp;ssl=1\" class=\"autonav-thumb\" alt=\"Babakina anadoni @ Isla de Tarifa (Med) 06-2015 by Manuel Mart\u00ednez Chac\u00f3n\" loading=\"lazy\" data-attachment-id=\"19853\" data-permalink=\"https:\/\/opistobranquis.info\/ca\/guia\/nudibranchia\/cladobranchia\/aeolidioidea\/babakina-anadoni\/olympus-digital-camera-62\/\" data-orig-file=\"https:\/\/i0.wp.com\/opistobranquis.info\/wp-content\/uploads\/2015\/07\/Babakina-anadoni-%40-Isla-de-Tarifa-Med-06-2015-by-Manuel-Mart%C3%ADnez-Chac%C3%B3n.jpg?fit=1024%2C768&amp;ssl=1\" data-orig-size=\"1024,768\" data-comments-opened=\"0\" data-image-title=\"Babakina anadoni @ Isla de Tarifa (Med) 06-2015 by Manuel Mart\u00ednez Chac\u00f3n\" data-image-description=\"&lt;p&gt;Babakina anadoni @ Isla de Tarifa (Med) 06-2015 by Manuel Mart\u00ednez Chac\u00f3n&lt;\/p&gt;\n\" data-image-caption=\"&lt;p&gt;Babakina anadoni @ Isla de Tarifa (Mediterr\u00e1neo) 06-2015&lt;\/p&gt;\n\" data-large-file=\"https:\/\/i0.wp.com\/opistobranquis.info\/wp-content\/uploads\/2015\/07\/Babakina-anadoni-%40-Isla-de-Tarifa-Med-06-2015-by-Manuel-Mart%C3%ADnez-Chac%C3%B3n.jpg?fit=900%2C675&amp;ssl=1\" \/>\r\n                        <\/div>\r\n\r\n                    \r\n                    <div class=\"autonav-content\">\r\n\r\n                        <h3>\r\n                            Babakina anadoni                        <\/h3>\r\n\r\n                    <\/div>\r\n\r\n                <\/a>\r\n\r\n            <\/article>\r\n\r\n        \r\n            \r\n            <article class=\"autonav-card\">\r\n\r\n                <a href=\"https:\/\/opistobranquis.info\/ca\/guia\/nudibranchia\/cladobranchia\/aeolidioidea\/baenopsis-baetica\/\">\r\n\r\n                    \r\n                        <div class=\"autonav-image\">\r\n\r\n                            <img decoding=\"async\" width=\"800\" height=\"600\" src=\"https:\/\/i0.wp.com\/opistobranquis.info\/wp-content\/uploads\/2015\/01\/Flabellina-baetica-%40-Tarifa-Spain-by-Manuel-Mart%C3%ADnez-Chac%C3%B3n.1.jpg?fit=800%2C600&amp;ssl=1\" class=\"autonav-thumb\" alt=\"Baenopsis baetica @ Tarifa (Spain) by Manuel Mart\u00ednez Chac\u00f3n\" loading=\"lazy\" data-attachment-id=\"17561\" data-permalink=\"https:\/\/opistobranquis.info\/ca\/guia\/nudibranchia\/cladobranchia\/aeolidioidea\/baenopsis-baetica\/olympus-digital-camera-33\/\" data-orig-file=\"https:\/\/i0.wp.com\/opistobranquis.info\/wp-content\/uploads\/2015\/01\/Flabellina-baetica-%40-Tarifa-Spain-by-Manuel-Mart%C3%ADnez-Chac%C3%B3n.1.jpg?fit=800%2C600&amp;ssl=1\" data-orig-size=\"800,600\" data-comments-opened=\"0\" data-image-title=\"Baenopsis baetica @ Tarifa (Spain) by Manuel Mart\u00ednez Chac\u00f3n\" data-image-description=\"&lt;p&gt;Baenopsis baetica @ Tarifa (Spain) by Manuel Mart\u00ednez Chac\u00f3n&lt;\/p&gt;\n\" data-image-caption=\"&lt;p&gt;Baenopsis baetica @ Tarifa (Spain)&lt;\/p&gt;\n\" data-large-file=\"https:\/\/i0.wp.com\/opistobranquis.info\/wp-content\/uploads\/2015\/01\/Flabellina-baetica-%40-Tarifa-Spain-by-Manuel-Mart%C3%ADnez-Chac%C3%B3n.1.jpg?fit=800%2C600&amp;ssl=1\" \/>\r\n                        <\/div>\r\n\r\n                    \r\n                    <div class=\"autonav-content\">\r\n\r\n                        <h3>\r\n                            Baenopsis baetica                        <\/h3>\r\n\r\n                    <\/div>\r\n\r\n                <\/a>\r\n\r\n            <\/article>\r\n\r\n        \r\n            \r\n            <article class=\"autonav-card\">\r\n\r\n                <a href=\"https:\/\/opistobranquis.info\/ca\/guia\/nudibranchia\/cladobranchia\/aeolidioidea\/baeolidia-moebii\/\">\r\n\r\n                    \r\n                        <div class=\"autonav-image\">\r\n\r\n                            <img decoding=\"async\" width=\"600\" height=\"400\" src=\"https:\/\/i0.wp.com\/opistobranquis.info\/wp-content\/uploads\/2014\/10\/Baeolidia-moebii-%40-Negros-Oriental-Philippines-26-10-2003-by-Erwin-K%C3%B6hler.jpg?fit=600%2C400&amp;ssl=1\" class=\"autonav-thumb\" alt=\"Baeolidia moebii @ Negros Oriental, Philippines 26-10-2003 by Erwin K\u00f6hler\" loading=\"lazy\" data-attachment-id=\"21485\" data-permalink=\"https:\/\/opistobranquis.info\/ca\/guia\/nudibranchia\/cladobranchia\/aeolidioidea\/baeolidia-moebii\/baeolidia-moebii-negros-oriental-philippines-26-10-2003-by-erwin-kohler\/\" data-orig-file=\"https:\/\/i0.wp.com\/opistobranquis.info\/wp-content\/uploads\/2014\/10\/Baeolidia-moebii-%40-Negros-Oriental-Philippines-26-10-2003-by-Erwin-K%C3%B6hler.jpg?fit=600%2C400&amp;ssl=1\" data-orig-size=\"600,400\" data-comments-opened=\"0\" data-image-title=\"Baeolidia moebii @ Negros Oriental, Philippines 26-10-2003 by Erwin K\u00f6hler\" data-image-description=\"&lt;p&gt;Baeolidia moebii @ Negros Oriental, Philippines 26-10-2003 by Erwin K\u00f6hler&lt;\/p&gt;\n\" data-image-caption=\"&lt;p&gt;Baeolidia moebii @ Negros Oriental, Philippines 26-10-2003&lt;\/p&gt;\n\" data-large-file=\"https:\/\/i0.wp.com\/opistobranquis.info\/wp-content\/uploads\/2014\/10\/Baeolidia-moebii-%40-Negros-Oriental-Philippines-26-10-2003-by-Erwin-K%C3%B6hler.jpg?fit=600%2C400&amp;ssl=1\" \/>\r\n                        <\/div>\r\n\r\n                    \r\n                    <div class=\"autonav-content\">\r\n\r\n                        <h3>\r\n                            Baeolidia moebii                        <\/h3>\r\n\r\n                    <\/div>\r\n\r\n                <\/a>\r\n\r\n            <\/article>\r\n\r\n        \r\n            \r\n            <article class=\"autonav-card\">\r\n\r\n                <a href=\"https:\/\/opistobranquis.info\/ca\/guia\/nudibranchia\/cladobranchia\/aeolidioidea\/berghia-coerulescens\/\">\r\n\r\n                    \r\n                        <div class=\"autonav-image\">\r\n\r\n                            <img decoding=\"async\" width=\"650\" height=\"439\" src=\"https:\/\/i0.wp.com\/opistobranquis.info\/wp-content\/uploads\/2012\/12\/berghia-coerulescens-21.jpg?fit=650%2C439&amp;ssl=1\" class=\"autonav-thumb\" alt=\"Berghia coerulescens by Enric Madrenas\" loading=\"lazy\" srcset=\"https:\/\/i0.wp.com\/opistobranquis.info\/wp-content\/uploads\/2012\/12\/berghia-coerulescens-21.jpg?w=650&amp;ssl=1 650w, https:\/\/i0.wp.com\/opistobranquis.info\/wp-content\/uploads\/2012\/12\/berghia-coerulescens-21.jpg?resize=300%2C202&amp;ssl=1 300w\" sizes=\"auto, (max-width: 650px) 100vw, 650px\" data-attachment-id=\"4137\" data-permalink=\"https:\/\/opistobranquis.info\/ca\/guia\/nudibranchia\/cladobranchia\/aeolidioidea\/berghia-coerulescens\/berghia-coerulescens-21\/\" data-orig-file=\"https:\/\/i0.wp.com\/opistobranquis.info\/wp-content\/uploads\/2012\/12\/berghia-coerulescens-21.jpg?fit=650%2C439&amp;ssl=1\" data-orig-size=\"650,439\" data-comments-opened=\"0\" data-image-title=\"Berghia coerulescens by Enric Madrenas\" data-image-description=\"&lt;p&gt;Berghia coerulescens by Enric Madrenas&lt;\/p&gt;\n\" data-image-caption=\"&lt;p&gt;Berghia coerulescens&lt;\/p&gt;\n\" data-large-file=\"https:\/\/i0.wp.com\/opistobranquis.info\/wp-content\/uploads\/2012\/12\/berghia-coerulescens-21.jpg?fit=650%2C439&amp;ssl=1\" \/>\r\n                        <\/div>\r\n\r\n                    \r\n                    <div class=\"autonav-content\">\r\n\r\n                        <h3>\r\n                            Berghia coerulescens                        <\/h3>\r\n\r\n                    <\/div>\r\n\r\n                <\/a>\r\n\r\n            <\/article>\r\n\r\n        \r\n            \r\n            <article class=\"autonav-card\">\r\n\r\n                <a href=\"https:\/\/opistobranquis.info\/ca\/guia\/nudibranchia\/cladobranchia\/aeolidioidea\/berghia-columbina\/\">\r\n\r\n                    \r\n                        <div class=\"autonav-image\">\r\n\r\n                            <img decoding=\"async\" width=\"800\" height=\"533\" src=\"https:\/\/i0.wp.com\/opistobranquis.info\/wp-content\/uploads\/2013\/10\/Berghia_columbina.jpg?fit=800%2C533&amp;ssl=1\" class=\"autonav-thumb\" alt=\"Berghia columbina @ Portugal by Jo\u00e3o Pedro Silva\" loading=\"lazy\" srcset=\"https:\/\/i0.wp.com\/opistobranquis.info\/wp-content\/uploads\/2013\/10\/Berghia_columbina.jpg?w=800&amp;ssl=1 800w, https:\/\/i0.wp.com\/opistobranquis.info\/wp-content\/uploads\/2013\/10\/Berghia_columbina.jpg?resize=150%2C99&amp;ssl=1 150w, https:\/\/i0.wp.com\/opistobranquis.info\/wp-content\/uploads\/2013\/10\/Berghia_columbina.jpg?resize=300%2C199&amp;ssl=1 300w\" sizes=\"auto, (max-width: 800px) 100vw, 800px\" data-attachment-id=\"10651\" data-permalink=\"https:\/\/opistobranquis.info\/ca\/guia\/nudibranchia\/cladobranchia\/aeolidioidea\/berghia-columbina\/berghia_columbina\/\" data-orig-file=\"https:\/\/i0.wp.com\/opistobranquis.info\/wp-content\/uploads\/2013\/10\/Berghia_columbina.jpg?fit=800%2C533&amp;ssl=1\" data-orig-size=\"800,533\" data-comments-opened=\"0\" data-image-title=\"Berghia columbina @ Portugal by Jo\u00e3o Pedro Silva\" data-image-description=\"&lt;p&gt;Berghia columbina @ Portugal by Jo\u00e3o Pedro Silva&lt;\/p&gt;\n\" data-image-caption=\"&lt;p&gt;Berghia columbina @ Portugal&lt;\/p&gt;\n\" data-large-file=\"https:\/\/i0.wp.com\/opistobranquis.info\/wp-content\/uploads\/2013\/10\/Berghia_columbina.jpg?fit=800%2C533&amp;ssl=1\" \/>\r\n                        <\/div>\r\n\r\n                    \r\n                    <div class=\"autonav-content\">\r\n\r\n                        <h3>\r\n                            Berghia columbina                        <\/h3>\r\n\r\n                    <\/div>\r\n\r\n                <\/a>\r\n\r\n            <\/article>\r\n\r\n        \r\n            \r\n            <article class=\"autonav-card\">\r\n\r\n                <a href=\"https:\/\/opistobranquis.info\/ca\/guia\/nudibranchia\/cladobranchia\/aeolidioidea\/berghia-creutzbergi\/\">\r\n\r\n                    \r\n                        <div class=\"autonav-image\">\r\n\r\n                            <img decoding=\"async\" width=\"900\" height=\"599\" src=\"https:\/\/i0.wp.com\/opistobranquis.info\/wp-content\/uploads\/2021\/02\/Berghia-creutzbergi-by-Linda-Ianniello-02222014_075-2.jpg?fit=900%2C599&amp;ssl=1\" class=\"autonav-thumb\" alt=\"Berghia creutzbergi by Linda Ianniello\" loading=\"lazy\" srcset=\"https:\/\/i0.wp.com\/opistobranquis.info\/wp-content\/uploads\/2021\/02\/Berghia-creutzbergi-by-Linda-Ianniello-02222014_075-2.jpg?w=1280&amp;ssl=1 1280w, https:\/\/i0.wp.com\/opistobranquis.info\/wp-content\/uploads\/2021\/02\/Berghia-creutzbergi-by-Linda-Ianniello-02222014_075-2.jpg?resize=300%2C200&amp;ssl=1 300w, https:\/\/i0.wp.com\/opistobranquis.info\/wp-content\/uploads\/2021\/02\/Berghia-creutzbergi-by-Linda-Ianniello-02222014_075-2.jpg?resize=1024%2C682&amp;ssl=1 1024w, https:\/\/i0.wp.com\/opistobranquis.info\/wp-content\/uploads\/2021\/02\/Berghia-creutzbergi-by-Linda-Ianniello-02222014_075-2.jpg?resize=150%2C100&amp;ssl=1 150w\" sizes=\"auto, (max-width: 900px) 100vw, 900px\" data-attachment-id=\"31558\" data-permalink=\"https:\/\/opistobranquis.info\/ca\/guia\/nudibranchia\/cladobranchia\/aeolidioidea\/berghia-creutzbergi\/berghia-creutzbergi-3\/\" data-orig-file=\"https:\/\/i0.wp.com\/opistobranquis.info\/wp-content\/uploads\/2021\/02\/Berghia-creutzbergi-by-Linda-Ianniello-02222014_075-2.jpg?fit=1280%2C853&amp;ssl=1\" data-orig-size=\"1280,853\" data-comments-opened=\"0\" data-image-title=\"Berghia creutzbergi by Linda Ianniello\" data-image-description=\"&lt;p&gt;Berghia creutzbergi by Linda Ianniello&lt;\/p&gt;\n\" data-image-caption=\"&lt;p&gt;Berghia creutzbergi&lt;\/p&gt;\n\" data-large-file=\"https:\/\/i0.wp.com\/opistobranquis.info\/wp-content\/uploads\/2021\/02\/Berghia-creutzbergi-by-Linda-Ianniello-02222014_075-2.jpg?fit=900%2C599&amp;ssl=1\" \/>\r\n                        <\/div>\r\n\r\n                    \r\n                    <div class=\"autonav-content\">\r\n\r\n                        <h3>\r\n                            Berghia creutzbergi                        <\/h3>\r\n\r\n                    <\/div>\r\n\r\n                <\/a>\r\n\r\n            <\/article>\r\n\r\n        \r\n            \r\n            <article class=\"autonav-card\">\r\n\r\n                <a href=\"https:\/\/opistobranquis.info\/ca\/guia\/nudibranchia\/cladobranchia\/aeolidioidea\/berghia-marinae\/\">\r\n\r\n                    \r\n                        <div class=\"autonav-image\">\r\n\r\n                            <img decoding=\"async\" width=\"800\" height=\"600\" src=\"https:\/\/i0.wp.com\/opistobranquis.info\/wp-content\/uploads\/2013\/10\/P4204254.jpg?fit=800%2C600&amp;ssl=1\" class=\"autonav-thumb\" alt=\"Berghia marinae @ Matar\u00f3 by Manuel Ballesteros\" loading=\"lazy\" srcset=\"https:\/\/i0.wp.com\/opistobranquis.info\/wp-content\/uploads\/2013\/10\/P4204254.jpg?w=800&amp;ssl=1 800w, https:\/\/i0.wp.com\/opistobranquis.info\/wp-content\/uploads\/2013\/10\/P4204254.jpg?resize=150%2C113&amp;ssl=1 150w, https:\/\/i0.wp.com\/opistobranquis.info\/wp-content\/uploads\/2013\/10\/P4204254.jpg?resize=300%2C225&amp;ssl=1 300w\" sizes=\"auto, (max-width: 800px) 100vw, 800px\" data-attachment-id=\"23505\" data-permalink=\"https:\/\/opistobranquis.info\/ca\/guia\/nudibranchia\/cladobranchia\/aeolidioidea\/berghia-marinae\/olympus-digital-camera-115\/\" data-orig-file=\"https:\/\/i0.wp.com\/opistobranquis.info\/wp-content\/uploads\/2013\/10\/P4204254.jpg?fit=800%2C600&amp;ssl=1\" data-orig-size=\"800,600\" data-comments-opened=\"0\" data-image-title=\"Berghia marinae @ Matar\u00f3 by Manuel Ballesteros\" data-image-description=\"&lt;p&gt;Berghia marinae @ Matar\u00f3 by Manuel Ballesteros&lt;\/p&gt;\n\" data-image-caption=\"&lt;p&gt;Berghia marinae @ Matar\u00f3 &lt;\/p&gt;\n\" data-large-file=\"https:\/\/i0.wp.com\/opistobranquis.info\/wp-content\/uploads\/2013\/10\/P4204254.jpg?fit=800%2C600&amp;ssl=1\" \/>\r\n                        <\/div>\r\n\r\n                    \r\n                    <div class=\"autonav-content\">\r\n\r\n                        <h3>\r\n                            Berghia marinae                        <\/h3>\r\n\r\n                    <\/div>\r\n\r\n                <\/a>\r\n\r\n            <\/article>\r\n\r\n        \r\n            \r\n            <article class=\"autonav-card\">\r\n\r\n                <a href=\"https:\/\/opistobranquis.info\/ca\/guia\/nudibranchia\/cladobranchia\/aeolidioidea\/berghia-verrucicornis\/\">\r\n\r\n                    \r\n                        <div class=\"autonav-image\">\r\n\r\n                            <img decoding=\"async\" width=\"810\" height=\"543\" src=\"https:\/\/i0.wp.com\/opistobranquis.info\/wp-content\/uploads\/2020\/08\/Berghia-verrucicornis-01.jpg?fit=810%2C543&amp;ssl=1\" class=\"autonav-thumb\" alt=\"Berghia verrucicornis @ Cap de Creus, juny del 2020, by Enric Madrenas\" loading=\"lazy\" srcset=\"https:\/\/i0.wp.com\/opistobranquis.info\/wp-content\/uploads\/2020\/08\/Berghia-verrucicornis-01.jpg?w=810&amp;ssl=1 810w, https:\/\/i0.wp.com\/opistobranquis.info\/wp-content\/uploads\/2020\/08\/Berghia-verrucicornis-01.jpg?resize=300%2C201&amp;ssl=1 300w, https:\/\/i0.wp.com\/opistobranquis.info\/wp-content\/uploads\/2020\/08\/Berghia-verrucicornis-01.jpg?resize=150%2C101&amp;ssl=1 150w\" sizes=\"auto, (max-width: 810px) 100vw, 810px\" data-attachment-id=\"30485\" data-permalink=\"https:\/\/opistobranquis.info\/ca\/guia\/nudibranchia\/cladobranchia\/aeolidioidea\/berghia-verrucicornis\/berghia-verrucicornis-01\/\" data-orig-file=\"https:\/\/i0.wp.com\/opistobranquis.info\/wp-content\/uploads\/2020\/08\/Berghia-verrucicornis-01.jpg?fit=810%2C543&amp;ssl=1\" data-orig-size=\"810,543\" data-comments-opened=\"0\" data-image-title=\"Berghia verrucicornis by Enric Madrenas\" data-image-description=\"&lt;p&gt;Berghia verrucicornis by Enric Madrenas&lt;\/p&gt;\n\" data-image-caption=\"&lt;p&gt;Berghia verrucicornis &lt;\/p&gt;\n\" data-large-file=\"https:\/\/i0.wp.com\/opistobranquis.info\/wp-content\/uploads\/2020\/08\/Berghia-verrucicornis-01.jpg?fit=810%2C543&amp;ssl=1\" \/>\r\n                        <\/div>\r\n\r\n                    \r\n                    <div class=\"autonav-content\">\r\n\r\n                        <h3>\r\n                            Berghia verrucicornis                        <\/h3>\r\n\r\n                    <\/div>\r\n\r\n                <\/a>\r\n\r\n            <\/article>\r\n\r\n        \r\n            \r\n            <article class=\"autonav-card\">\r\n\r\n                <a href=\"https:\/\/opistobranquis.info\/ca\/guia\/nudibranchia\/cladobranchia\/aeolidioidea\/cerberilla-bernadettae\/\">\r\n\r\n                    \r\n                        <div class=\"autonav-image\">\r\n\r\n                            <img decoding=\"async\" width=\"900\" height=\"600\" src=\"https:\/\/i0.wp.com\/opistobranquis.info\/wp-content\/uploads\/2014\/09\/Cerberilla-bernadettae-%40-Sepieres-LEscala-4-08-2016-by-Enric-Madrenas_DSC7848.jpg?fit=900%2C600&amp;ssl=1\" class=\"autonav-thumb\" alt=\"Cerberilla bernadettae @ Sepieres (L&#039;Escala) 4-08-2016 by Enric Madrenas\" loading=\"lazy\" data-attachment-id=\"22212\" data-permalink=\"https:\/\/opistobranquis.info\/ca\/guia\/nudibranchia\/cladobranchia\/aeolidioidea\/cerberilla-bernadettae\/cerberilla-bernadettae-sepieres-lescala-4-08-2016-by-enric-madrenas_dsc7848\/\" data-orig-file=\"https:\/\/i0.wp.com\/opistobranquis.info\/wp-content\/uploads\/2014\/09\/Cerberilla-bernadettae-%40-Sepieres-LEscala-4-08-2016-by-Enric-Madrenas_DSC7848.jpg?fit=1024%2C683&amp;ssl=1\" data-orig-size=\"1024,683\" data-comments-opened=\"0\" data-image-title=\"Cerberilla bernadettae @ Sepieres (L&amp;#8217;Escala) 4-08-2016 by Enric Madrenas\" data-image-description=\"&lt;p&gt;Cerberilla bernadettae @ Sepieres (L&amp;#8217;Escala) 4-08-2016 by Enric Madrenas&lt;\/p&gt;\n\" data-image-caption=\"&lt;p&gt;Cerberilla bernadettae 20mm @ Sepieres (L&amp;#8217;Escala)  in 8 m 4-08-2016&lt;\/p&gt;\n\" data-large-file=\"https:\/\/i0.wp.com\/opistobranquis.info\/wp-content\/uploads\/2014\/09\/Cerberilla-bernadettae-%40-Sepieres-LEscala-4-08-2016-by-Enric-Madrenas_DSC7848.jpg?fit=900%2C600&amp;ssl=1\" \/>\r\n                        <\/div>\r\n\r\n                    \r\n                    <div class=\"autonav-content\">\r\n\r\n                        <h3>\r\n                            Cerberilla bernadettae                        <\/h3>\r\n\r\n                    <\/div>\r\n\r\n                <\/a>\r\n\r\n            <\/article>\r\n\r\n        \r\n            \r\n            <article class=\"autonav-card\">\r\n\r\n                <a href=\"https:\/\/opistobranquis.info\/ca\/guia\/nudibranchia\/cladobranchia\/aeolidioidea\/dondice-occidentalis\/\">\r\n\r\n                    \r\n                        <div class=\"autonav-image\">\r\n\r\n                            <img decoding=\"async\" width=\"536\" height=\"376\" src=\"https:\/\/i0.wp.com\/opistobranquis.info\/wp-content\/uploads\/2015\/02\/Dondice-occidentalis-%40-Key-Largo-Florida-USA-by-Manuel-Malaqu%C3%ADas.jpg?fit=536%2C376&amp;ssl=1\" class=\"autonav-thumb\" alt=\"Dondice occidentalis @ Key Largo, Florida (USA) by Manuel Malaqu\u00edas\" loading=\"lazy\" data-attachment-id=\"21457\" data-permalink=\"https:\/\/opistobranquis.info\/ca\/guia\/nudibranchia\/cladobranchia\/aeolidioidea\/dondice-occidentalis\/dondice-occidentalis-key-largo-florida-usa-by-manuel-malaquias\/\" data-orig-file=\"https:\/\/i0.wp.com\/opistobranquis.info\/wp-content\/uploads\/2015\/02\/Dondice-occidentalis-%40-Key-Largo-Florida-USA-by-Manuel-Malaqu%C3%ADas.jpg?fit=536%2C376&amp;ssl=1\" data-orig-size=\"536,376\" data-comments-opened=\"0\" data-image-title=\"Dondice occidentalis @ Key Largo, Florida (USA) by Manuel Malaqu\u00edas\" data-image-description=\"&lt;p&gt;Dondice occidentalis @ Key Largo, Florida (USA) by Manuel Malaqu\u00edas&lt;\/p&gt;\n\" data-image-caption=\"&lt;p&gt;Dondice occidentalis @ Key Largo, Florida (USA)&lt;\/p&gt;\n\" data-large-file=\"https:\/\/i0.wp.com\/opistobranquis.info\/wp-content\/uploads\/2015\/02\/Dondice-occidentalis-%40-Key-Largo-Florida-USA-by-Manuel-Malaqu%C3%ADas.jpg?fit=536%2C376&amp;ssl=1\" \/>\r\n                        <\/div>\r\n\r\n                    \r\n                    <div class=\"autonav-content\">\r\n\r\n                        <h3>\r\n                            Dondice occidentalis                        <\/h3>\r\n\r\n                    <\/div>\r\n\r\n                <\/a>\r\n\r\n            <\/article>\r\n\r\n        \r\n            \r\n            <article class=\"autonav-card\">\r\n\r\n                <a href=\"https:\/\/opistobranquis.info\/ca\/guia\/nudibranchia\/cladobranchia\/aeolidioidea\/dondice-trainitoi\/\">\r\n\r\n                    \r\n                        <div class=\"autonav-image\">\r\n\r\n                            <img decoding=\"async\" width=\"900\" height=\"599\" src=\"https:\/\/i0.wp.com\/opistobranquis.info\/wp-content\/uploads\/2020\/02\/Dondice-trainitoi-%40-Kalami-Crete-Greece-14-02-2020-by-Emmanouil-Darakis-DSC04369.jpg?fit=900%2C599&amp;ssl=1\" class=\"autonav-thumb\" alt=\"Dondice trainitoi @ Kalami, Crete (Greece) 14-02-2020 by Emmanouil Darakis\" loading=\"lazy\" data-attachment-id=\"29610\" data-permalink=\"https:\/\/opistobranquis.info\/ca\/guia\/nudibranchia\/cladobranchia\/aeolidioidea\/dondice-trainitoi\/dondice-trainitoi-kalami-crete-greece-14-02-2020-by-emmanouil-darakis-dsc04369\/\" data-orig-file=\"https:\/\/i0.wp.com\/opistobranquis.info\/wp-content\/uploads\/2020\/02\/Dondice-trainitoi-%40-Kalami-Crete-Greece-14-02-2020-by-Emmanouil-Darakis-DSC04369.jpg?fit=1280%2C853&amp;ssl=1\" data-orig-size=\"1280,853\" data-comments-opened=\"0\" data-image-title=\"Dondice trainitoi @ Kalami, Crete (Greece) 14-02-2020 by Emmanouil Darakis\" data-image-description=\"&lt;p&gt;Dondice trainitoi @ Kalami, Crete (Greece) 14-02-2020 by Emmanouil Darakis&lt;\/p&gt;\n\" data-image-caption=\"&lt;p&gt;Dondice trainitoi @ Kalami, Crete (Greece) 14-02-2020&lt;\/p&gt;\n\" data-large-file=\"https:\/\/i0.wp.com\/opistobranquis.info\/wp-content\/uploads\/2020\/02\/Dondice-trainitoi-%40-Kalami-Crete-Greece-14-02-2020-by-Emmanouil-Darakis-DSC04369.jpg?fit=900%2C599&amp;ssl=1\" \/>\r\n                        <\/div>\r\n\r\n                    \r\n                    <div class=\"autonav-content\">\r\n\r\n                        <h3>\r\n                            Dondice trainitoi                        <\/h3>\r\n\r\n                    <\/div>\r\n\r\n                <\/a>\r\n\r\n            <\/article>\r\n\r\n        \r\n            \r\n            <article class=\"autonav-card\">\r\n\r\n                <a href=\"https:\/\/opistobranquis.info\/ca\/guia\/nudibranchia\/cladobranchia\/aeolidioidea\/facelinidae\/\">\r\n\r\n                    \r\n                        <div class=\"autonav-image\">\r\n\r\n                            <img decoding=\"async\" width=\"900\" height=\"600\" src=\"https:\/\/i0.wp.com\/opistobranquis.info\/wp-content\/uploads\/2020\/12\/Facelina-auriculata-by-Miquel-Pontes-MPG_5831.jpg?fit=900%2C600&amp;ssl=1\" class=\"autonav-thumb\" alt=\"Facelina auriculata @ Costa Brava, Spain by Miquel Pontes\" loading=\"lazy\" srcset=\"https:\/\/i0.wp.com\/opistobranquis.info\/wp-content\/uploads\/2020\/12\/Facelina-auriculata-by-Miquel-Pontes-MPG_5831.jpg?w=1280&amp;ssl=1 1280w, https:\/\/i0.wp.com\/opistobranquis.info\/wp-content\/uploads\/2020\/12\/Facelina-auriculata-by-Miquel-Pontes-MPG_5831.jpg?resize=300%2C200&amp;ssl=1 300w, https:\/\/i0.wp.com\/opistobranquis.info\/wp-content\/uploads\/2020\/12\/Facelina-auriculata-by-Miquel-Pontes-MPG_5831.jpg?resize=1024%2C683&amp;ssl=1 1024w, https:\/\/i0.wp.com\/opistobranquis.info\/wp-content\/uploads\/2020\/12\/Facelina-auriculata-by-Miquel-Pontes-MPG_5831.jpg?resize=150%2C100&amp;ssl=1 150w\" sizes=\"auto, (max-width: 900px) 100vw, 900px\" data-attachment-id=\"31056\" data-permalink=\"https:\/\/opistobranquis.info\/ca\/guia\/nudibranchia\/cladobranchia\/aeolidioidea\/facelinidae\/facelina-auriculata\/facelina-auriculata-by-miquel-pontes-mpg_5831\/\" data-orig-file=\"https:\/\/i0.wp.com\/opistobranquis.info\/wp-content\/uploads\/2020\/12\/Facelina-auriculata-by-Miquel-Pontes-MPG_5831.jpg?fit=1280%2C854&amp;ssl=1\" data-orig-size=\"1280,854\" data-comments-opened=\"0\" data-image-title=\"Facelina auriculata @ Costa Brava, Spain by Miquel Pontes\" data-image-description=\"&lt;p&gt;Facelina auriculata @ Costa Brava, Spain by Miquel Pontes&lt;\/p&gt;\n\" data-image-caption=\"&lt;p&gt;Facelina auriculata @ Costa Brava, Spain&lt;\/p&gt;\n\" data-large-file=\"https:\/\/i0.wp.com\/opistobranquis.info\/wp-content\/uploads\/2020\/12\/Facelina-auriculata-by-Miquel-Pontes-MPG_5831.jpg?fit=900%2C600&amp;ssl=1\" \/>\r\n                        <\/div>\r\n\r\n                    \r\n                    <div class=\"autonav-content\">\r\n\r\n                        <h3>\r\n                            Facelinidae                        <\/h3>\r\n\r\n                    <\/div>\r\n\r\n                <\/a>\r\n\r\n            <\/article>\r\n\r\n        \r\n            \r\n            <article class=\"autonav-card\">\r\n\r\n                <a href=\"https:\/\/opistobranquis.info\/ca\/guia\/nudibranchia\/cladobranchia\/aeolidioidea\/flabellinidae\/\">\r\n\r\n                    \r\n                        <div class=\"autonav-image\">\r\n\r\n                            <img decoding=\"async\" width=\"900\" height=\"600\" src=\"https:\/\/i0.wp.com\/opistobranquis.info\/wp-content\/uploads\/2021\/01\/Flabellina-affinis-by-Miquel-Pontes-MPG_1056.jpg?fit=900%2C600&amp;ssl=1\" class=\"autonav-thumb\" alt=\"Flabellina affinis by Miquel Pontes\" loading=\"lazy\" srcset=\"https:\/\/i0.wp.com\/opistobranquis.info\/wp-content\/uploads\/2021\/01\/Flabellina-affinis-by-Miquel-Pontes-MPG_1056.jpg?w=1280&amp;ssl=1 1280w, https:\/\/i0.wp.com\/opistobranquis.info\/wp-content\/uploads\/2021\/01\/Flabellina-affinis-by-Miquel-Pontes-MPG_1056.jpg?resize=300%2C200&amp;ssl=1 300w, https:\/\/i0.wp.com\/opistobranquis.info\/wp-content\/uploads\/2021\/01\/Flabellina-affinis-by-Miquel-Pontes-MPG_1056.jpg?resize=1024%2C683&amp;ssl=1 1024w, https:\/\/i0.wp.com\/opistobranquis.info\/wp-content\/uploads\/2021\/01\/Flabellina-affinis-by-Miquel-Pontes-MPG_1056.jpg?resize=150%2C100&amp;ssl=1 150w\" sizes=\"auto, (max-width: 900px) 100vw, 900px\" data-attachment-id=\"31195\" data-permalink=\"https:\/\/opistobranquis.info\/ca\/guia\/nudibranchia\/cladobranchia\/aeolidioidea\/flabellinidae\/flabellina-affinis\/flabellina-affinis-by-miquel-pontes-mpg_1056\/\" data-orig-file=\"https:\/\/i0.wp.com\/opistobranquis.info\/wp-content\/uploads\/2021\/01\/Flabellina-affinis-by-Miquel-Pontes-MPG_1056.jpg?fit=1280%2C854&amp;ssl=1\" data-orig-size=\"1280,854\" data-comments-opened=\"0\" data-image-title=\"Flabellina affinis by Miquel Pontes\" data-image-description=\"&lt;p&gt;Flabellina affinis by Miquel Pontes&lt;\/p&gt;\n\" data-image-caption=\"&lt;p&gt;Flabellina affinis by Miquel Pontes&lt;\/p&gt;\n\" data-large-file=\"https:\/\/i0.wp.com\/opistobranquis.info\/wp-content\/uploads\/2021\/01\/Flabellina-affinis-by-Miquel-Pontes-MPG_1056.jpg?fit=900%2C600&amp;ssl=1\" \/>\r\n                        <\/div>\r\n\r\n                    \r\n                    <div class=\"autonav-content\">\r\n\r\n                        <h3>\r\n                            Flabellinidae                        <\/h3>\r\n\r\n                    <\/div>\r\n\r\n                <\/a>\r\n\r\n            <\/article>\r\n\r\n        \r\n            \r\n            <article class=\"autonav-card\">\r\n\r\n                <a href=\"https:\/\/opistobranquis.info\/ca\/guia\/nudibranchia\/cladobranchia\/aeolidioidea\/glaucus-atlanticus\/\">\r\n\r\n                    \r\n                        <div class=\"autonav-image\">\r\n\r\n                            <img decoding=\"async\" width=\"900\" height=\"865\" src=\"https:\/\/i0.wp.com\/opistobranquis.info\/wp-content\/uploads\/2018\/01\/Glaucus-atlanticus-%40-Boynton-Beach-Florida-USA-28-01-2018-by-Ariane-Dimitris.jpg?fit=900%2C865&amp;ssl=1\" class=\"autonav-thumb\" alt=\"Glaucus atlanticus @ Boynton Beach, Florida, USA 28-01-2018 by Ariane Dimitris\" loading=\"lazy\" data-attachment-id=\"24754\" data-permalink=\"https:\/\/opistobranquis.info\/ca\/guia\/nudibranchia\/cladobranchia\/aeolidioidea\/glaucus-atlanticus\/glaucus-atlanticus-boynton-beach-florida-usa-28-01-2018-by-ariane-dimitris\/\" data-orig-file=\"https:\/\/i0.wp.com\/opistobranquis.info\/wp-content\/uploads\/2018\/01\/Glaucus-atlanticus-%40-Boynton-Beach-Florida-USA-28-01-2018-by-Ariane-Dimitris.jpg?fit=960%2C923&amp;ssl=1\" data-orig-size=\"960,923\" data-comments-opened=\"0\" data-image-title=\"Glaucus atlanticus @ Boynton Beach, Florida, USA 28-01-2018 by Ariane Dimitris\" data-image-description=\"&lt;p&gt;Glaucus atlanticus @ Boynton Beach, Florida, USA 28-01-2018 by Ariane Dimitris&lt;\/p&gt;\n\" data-image-caption=\"&lt;p&gt;Glaucus atlanticus @ Boynton Beach, Florida, USA 28-01-2018&lt;\/p&gt;\n\" data-large-file=\"https:\/\/i0.wp.com\/opistobranquis.info\/wp-content\/uploads\/2018\/01\/Glaucus-atlanticus-%40-Boynton-Beach-Florida-USA-28-01-2018-by-Ariane-Dimitris.jpg?fit=900%2C865&amp;ssl=1\" \/>\r\n                        <\/div>\r\n\r\n                    \r\n                    <div class=\"autonav-content\">\r\n\r\n                        <h3>\r\n                            Glaucus atlanticus                        <\/h3>\r\n\r\n                    <\/div>\r\n\r\n                <\/a>\r\n\r\n            <\/article>\r\n\r\n        \r\n            \r\n            <article class=\"autonav-card\">\r\n\r\n                <a href=\"https:\/\/opistobranquis.info\/ca\/guia\/nudibranchia\/cladobranchia\/aeolidioidea\/godiva-quadricolor\/\">\r\n\r\n                    \r\n                        <div class=\"autonav-image\">\r\n\r\n                            <img decoding=\"async\" width=\"900\" height=\"720\" src=\"https:\/\/i0.wp.com\/opistobranquis.info\/wp-content\/uploads\/2023\/11\/Godiva-quadricolor-%40-Cala-Egos-Mallorca-by-Tia-Pons_2.jpg?fit=900%2C720&amp;ssl=1\" class=\"autonav-thumb\" alt=\"Godiva quadricolor @ Cala Egos, Mallorca by Ti\u00e0 Pons\" loading=\"lazy\" data-attachment-id=\"42548\" data-permalink=\"https:\/\/opistobranquis.info\/ca\/guia\/nudibranchia\/cladobranchia\/aeolidioidea\/godiva-quadricolor\/olympus-digital-camera-319\/\" data-orig-file=\"https:\/\/i0.wp.com\/opistobranquis.info\/wp-content\/uploads\/2023\/11\/Godiva-quadricolor-%40-Cala-Egos-Mallorca-by-Tia-Pons_2.jpg?fit=2517%2C2014&amp;ssl=1\" data-orig-size=\"2517,2014\" data-comments-opened=\"0\" data-image-title=\"Godiva quadricolor @ Cala Egos, Mallorca by Ti\u00e0 Pons\" data-image-description=\"&lt;p&gt;Godiva quadricolor @ Cala Egos, Mallorca by Ti\u00e0 Pons&lt;\/p&gt;\n\" data-image-caption=\"&lt;p&gt;Godiva quadricolor @ Cala Egos, Mallorca&lt;\/p&gt;\n\" data-large-file=\"https:\/\/i0.wp.com\/opistobranquis.info\/wp-content\/uploads\/2023\/11\/Godiva-quadricolor-%40-Cala-Egos-Mallorca-by-Tia-Pons_2.jpg?fit=900%2C720&amp;ssl=1\" \/>\r\n                        <\/div>\r\n\r\n                    \r\n                    <div class=\"autonav-content\">\r\n\r\n                        <h3>\r\n                            Godiva quadricolor                        <\/h3>\r\n\r\n                    <\/div>\r\n\r\n                <\/a>\r\n\r\n            <\/article>\r\n\r\n        \r\n            \r\n            <article class=\"autonav-card\">\r\n\r\n                <a href=\"https:\/\/opistobranquis.info\/ca\/guia\/nudibranchia\/cladobranchia\/aeolidioidea\/limenandra-nodosa\/\">\r\n\r\n                    \r\n                        <div class=\"autonav-image\">\r\n\r\n                            <img decoding=\"async\" width=\"900\" height=\"603\" src=\"https:\/\/i0.wp.com\/opistobranquis.info\/wp-content\/uploads\/2021\/10\/Limenandra-nodosa-64.jpg?fit=900%2C603&amp;ssl=1\" class=\"autonav-thumb\" alt=\"Limenandra nodosa, L&#039;Escala, by Enric Madrenas\" loading=\"lazy\" srcset=\"https:\/\/i0.wp.com\/opistobranquis.info\/wp-content\/uploads\/2021\/10\/Limenandra-nodosa-64.jpg?w=1034&amp;ssl=1 1034w, https:\/\/i0.wp.com\/opistobranquis.info\/wp-content\/uploads\/2021\/10\/Limenandra-nodosa-64.jpg?resize=300%2C201&amp;ssl=1 300w, https:\/\/i0.wp.com\/opistobranquis.info\/wp-content\/uploads\/2021\/10\/Limenandra-nodosa-64.jpg?resize=1024%2C686&amp;ssl=1 1024w, https:\/\/i0.wp.com\/opistobranquis.info\/wp-content\/uploads\/2021\/10\/Limenandra-nodosa-64.jpg?resize=150%2C101&amp;ssl=1 150w\" sizes=\"auto, (max-width: 900px) 100vw, 900px\" data-attachment-id=\"32908\" data-permalink=\"https:\/\/opistobranquis.info\/ca\/guia\/nudibranchia\/cladobranchia\/aeolidioidea\/limenandra-nodosa\/limenandra-nodosa-64\/\" data-orig-file=\"https:\/\/i0.wp.com\/opistobranquis.info\/wp-content\/uploads\/2021\/10\/Limenandra-nodosa-64.jpg?fit=1034%2C693&amp;ssl=1\" data-orig-size=\"1034,693\" data-comments-opened=\"0\" data-image-title=\"Limenandra nodosa by Enric Madrenas\" data-image-description=\"&lt;p&gt;Limenandra nodosa by Enric Madrenas&lt;\/p&gt;\n\" data-image-caption=\"&lt;p&gt;Limenandra nodosa&lt;\/p&gt;\n\" data-large-file=\"https:\/\/i0.wp.com\/opistobranquis.info\/wp-content\/uploads\/2021\/10\/Limenandra-nodosa-64.jpg?fit=900%2C603&amp;ssl=1\" \/>\r\n                        <\/div>\r\n\r\n                    \r\n                    <div class=\"autonav-content\">\r\n\r\n                        <h3>\r\n                            Limenandra nodosa                        <\/h3>\r\n\r\n                    <\/div>\r\n\r\n                <\/a>\r\n\r\n            <\/article>\r\n\r\n        \r\n            \r\n            <article class=\"autonav-card\">\r\n\r\n                <a href=\"https:\/\/opistobranquis.info\/ca\/guia\/nudibranchia\/cladobranchia\/aeolidioidea\/nemesignis-banyulensis\/\">\r\n\r\n                    \r\n                        <div class=\"autonav-image\">\r\n\r\n                            <img decoding=\"async\" width=\"650\" height=\"439\" src=\"https:\/\/i0.wp.com\/opistobranquis.info\/wp-content\/uploads\/2012\/12\/dondice-banyulensis-06.jpg?fit=650%2C439&amp;ssl=1\" class=\"autonav-thumb\" alt=\"Nemesignis banyulensis by Enric Madrenas\" loading=\"lazy\" srcset=\"https:\/\/i0.wp.com\/opistobranquis.info\/wp-content\/uploads\/2012\/12\/dondice-banyulensis-06.jpg?w=650&amp;ssl=1 650w, https:\/\/i0.wp.com\/opistobranquis.info\/wp-content\/uploads\/2012\/12\/dondice-banyulensis-06.jpg?resize=300%2C202&amp;ssl=1 300w\" sizes=\"auto, (max-width: 650px) 100vw, 650px\" data-attachment-id=\"4362\" data-permalink=\"https:\/\/opistobranquis.info\/ca\/guia\/nudibranchia\/cladobranchia\/aeolidioidea\/nemesignis-banyulensis\/dondice-banyulensis-06\/\" data-orig-file=\"https:\/\/i0.wp.com\/opistobranquis.info\/wp-content\/uploads\/2012\/12\/dondice-banyulensis-06.jpg?fit=650%2C439&amp;ssl=1\" data-orig-size=\"650,439\" data-comments-opened=\"0\" data-image-title=\"Nemesignis banyulensis by Enric Madrenas\" data-image-description=\"&lt;p&gt;Nemesignis banyulensis by Enric Madrenas&lt;\/p&gt;\n\" data-image-caption=\"&lt;p&gt;Nemesignis banyulensis&lt;\/p&gt;\n\" data-large-file=\"https:\/\/i0.wp.com\/opistobranquis.info\/wp-content\/uploads\/2012\/12\/dondice-banyulensis-06.jpg?fit=650%2C439&amp;ssl=1\" \/>\r\n                        <\/div>\r\n\r\n                    \r\n                    <div class=\"autonav-content\">\r\n\r\n                        <h3>\r\n                            Nemesignis banyulensis                        <\/h3>\r\n\r\n                    <\/div>\r\n\r\n                <\/a>\r\n\r\n            <\/article>\r\n\r\n        \r\n            \r\n            <article class=\"autonav-card\">\r\n\r\n                <a href=\"https:\/\/opistobranquis.info\/ca\/guia\/nudibranchia\/cladobranchia\/aeolidioidea\/piseinotecus-soussi\/\">\r\n\r\n                    \r\n                        <div class=\"autonav-image\">\r\n\r\n                            <img decoding=\"async\" width=\"810\" height=\"543\" src=\"https:\/\/i0.wp.com\/opistobranquis.info\/wp-content\/uploads\/2019\/04\/Piseinotecus-soussi-20.jpg?fit=810%2C543&amp;ssl=1\" class=\"autonav-thumb\" alt=\"Piseinotecus soussi by Enric Madrenas\" loading=\"lazy\" srcset=\"https:\/\/i0.wp.com\/opistobranquis.info\/wp-content\/uploads\/2019\/04\/Piseinotecus-soussi-20.jpg?w=810&amp;ssl=1 810w, https:\/\/i0.wp.com\/opistobranquis.info\/wp-content\/uploads\/2019\/04\/Piseinotecus-soussi-20.jpg?resize=150%2C101&amp;ssl=1 150w, https:\/\/i0.wp.com\/opistobranquis.info\/wp-content\/uploads\/2019\/04\/Piseinotecus-soussi-20.jpg?resize=300%2C201&amp;ssl=1 300w\" sizes=\"auto, (max-width: 810px) 100vw, 810px\" data-attachment-id=\"28315\" data-permalink=\"https:\/\/opistobranquis.info\/ca\/guia\/nudibranchia\/cladobranchia\/aeolidioidea\/piseinotecus-soussi\/piseinotecus-soussi-20\/\" data-orig-file=\"https:\/\/i0.wp.com\/opistobranquis.info\/wp-content\/uploads\/2019\/04\/Piseinotecus-soussi-20.jpg?fit=810%2C543&amp;ssl=1\" data-orig-size=\"810,543\" data-comments-opened=\"0\" data-image-title=\"Piseinotecus soussi\" data-image-description=\"&lt;p&gt;Piseinotecus soussi by Enric Madrenas&lt;\/p&gt;\n\" data-image-caption=\"&lt;p&gt;Piseinotecus soussi&lt;\/p&gt;\n\" data-large-file=\"https:\/\/i0.wp.com\/opistobranquis.info\/wp-content\/uploads\/2019\/04\/Piseinotecus-soussi-20.jpg?fit=810%2C543&amp;ssl=1\" \/>\r\n                        <\/div>\r\n\r\n                    \r\n                    <div class=\"autonav-content\">\r\n\r\n                        <h3>\r\n                            Piseinotecus soussi                        <\/h3>\r\n\r\n                    <\/div>\r\n\r\n                <\/a>\r\n\r\n            <\/article>\r\n\r\n        \r\n            \r\n            <article class=\"autonav-card\">\r\n\r\n                <a href=\"https:\/\/opistobranquis.info\/ca\/guia\/nudibranchia\/cladobranchia\/aeolidioidea\/piseinotecus-sphaeriferus\/\">\r\n\r\n                    \r\n                        <div class=\"autonav-image\">\r\n\r\n                            <img decoding=\"async\" width=\"900\" height=\"603\" src=\"https:\/\/i0.wp.com\/opistobranquis.info\/wp-content\/uploads\/2026\/07\/Piseinotecus-sphaeriferus-%40-Granada-by-Luis-Sanchez-Tocino.jpg?fit=900%2C603&amp;ssl=1\" class=\"autonav-thumb\" alt=\"Piseinotecus sphaeriferus @ Granada July 2026 by Luis S\u00e1nchez Tocino\" loading=\"lazy\" data-attachment-id=\"48491\" data-permalink=\"https:\/\/opistobranquis.info\/ca\/guia\/nudibranchia\/cladobranchia\/aeolidioidea\/piseinotecus-sphaeriferus\/piseinotecus-sphaeriferus-granada-by-luis-sanchez-tocino\/\" data-orig-file=\"https:\/\/i0.wp.com\/opistobranquis.info\/wp-content\/uploads\/2026\/07\/Piseinotecus-sphaeriferus-%40-Granada-by-Luis-Sanchez-Tocino.jpg?fit=1532%2C1026&amp;ssl=1\" data-orig-size=\"1532,1026\" data-comments-opened=\"0\" data-image-title=\"Piseinotecus sphaeriferus @ Granada July 2026 by Luis S\u00e1nchez Tocino\" data-image-description=\"&lt;p&gt;Piseinotecus sphaeriferus @ Granada July 2026 by Luis S\u00e1nchez Tocino&lt;\/p&gt;\n\" data-image-caption=\"&lt;p&gt;Piseinotecus sphaeriferus @ Granada July 2026&lt;\/p&gt;\n\" data-large-file=\"https:\/\/i0.wp.com\/opistobranquis.info\/wp-content\/uploads\/2026\/07\/Piseinotecus-sphaeriferus-%40-Granada-by-Luis-Sanchez-Tocino.jpg?fit=900%2C603&amp;ssl=1\" \/>\r\n                        <\/div>\r\n\r\n                    \r\n                    <div class=\"autonav-content\">\r\n\r\n                        <h3>\r\n                            Piseinotecus sphaeriferus                        <\/h3>\r\n\r\n                    <\/div>\r\n\r\n                <\/a>\r\n\r\n            <\/article>\r\n\r\n        \r\n            \r\n            <article class=\"autonav-card\">\r\n\r\n                <a href=\"https:\/\/opistobranquis.info\/ca\/guia\/nudibranchia\/cladobranchia\/aeolidioidea\/spurilla-neapolitana\/\">\r\n\r\n                    \r\n                        <div class=\"autonav-image\">\r\n\r\n                            <img decoding=\"async\" width=\"655\" height=\"496\" src=\"https:\/\/i0.wp.com\/opistobranquis.info\/wp-content\/uploads\/2012\/12\/spurilla-neapolitana-22.jpg?fit=655%2C496&amp;ssl=1\" class=\"autonav-thumb\" alt=\"Spurilla neapolitana by Enric Madrenas\" loading=\"lazy\" srcset=\"https:\/\/i0.wp.com\/opistobranquis.info\/wp-content\/uploads\/2012\/12\/spurilla-neapolitana-22.jpg?w=655&amp;ssl=1 655w, https:\/\/i0.wp.com\/opistobranquis.info\/wp-content\/uploads\/2012\/12\/spurilla-neapolitana-22.jpg?resize=300%2C227&amp;ssl=1 300w\" sizes=\"auto, (max-width: 655px) 100vw, 655px\" data-attachment-id=\"4853\" data-permalink=\"https:\/\/opistobranquis.info\/ca\/guia\/nudibranchia\/cladobranchia\/aeolidioidea\/spurilla-neapolitana\/spurilla-neapolitana-22\/\" data-orig-file=\"https:\/\/i0.wp.com\/opistobranquis.info\/wp-content\/uploads\/2012\/12\/spurilla-neapolitana-22.jpg?fit=655%2C496&amp;ssl=1\" data-orig-size=\"655,496\" data-comments-opened=\"0\" data-image-title=\"Spurilla neapolitana by Enric Madrenas\" data-image-description=\"&lt;p&gt;Spurilla neapolitana by Enric Madrenas&lt;\/p&gt;\n\" data-image-caption=\"&lt;p&gt;Spurilla neapolitana&lt;\/p&gt;\n\" data-large-file=\"https:\/\/i0.wp.com\/opistobranquis.info\/wp-content\/uploads\/2012\/12\/spurilla-neapolitana-22.jpg?fit=655%2C496&amp;ssl=1\" \/>\r\n                        <\/div>\r\n\r\n                    \r\n                    <div class=\"autonav-content\">\r\n\r\n                        <h3>\r\n                            Spurilla neapolitana                        <\/h3>\r\n\r\n                    <\/div>\r\n\r\n                <\/a>\r\n\r\n            <\/article>\r\n\r\n        \r\n    <\/div>\r\n\r\n    \n<p><p><strong>Bibliografia<\/strong><\/p><ul><div id=\"zotpress-db455297639d057c3eaca89028fa16b5\" class=\"zp-Zotpress zp-Zotpress-Bib wp-block-group\">\n\n\t\t<span class=\"ZP_API_USER_ID ZP_ATTR\">1246567<\/span>\n\t\t<span class=\"ZP_ITEM_KEY ZP_ATTR\"><\/span>\n\t\t<span class=\"ZP_COLLECTION_ID ZP_ATTR\"><\/span>\n\t\t<span class=\"ZP_TAG_ID ZP_ATTR\">Aeolidioidea<\/span>\n\t\t<span class=\"ZP_AUTHOR ZP_ATTR\"><\/span>\n\t\t<span class=\"ZP_YEAR ZP_ATTR\"><\/span>\n        <span class=\"ZP_ITEMTYPE ZP_ATTR\"><\/span>\n\t\t<span class=\"ZP_INCLUSIVE ZP_ATTR\">1<\/span>\n\t\t<span class=\"ZP_STYLE ZP_ATTR\">eunomia-revista-en-cultura-de-la-legalidad<\/span>\n\t\t<span class=\"ZP_LIMIT ZP_ATTR\">50<\/span>\n\t\t<span class=\"ZP_SORTBY ZP_ATTR\">creator<\/span>\n\t\t<span class=\"ZP_ORDER ZP_ATTR\">asc<\/span>\n\t\t<span class=\"ZP_TITLE ZP_ATTR\"><\/span>\n\t\t<span class=\"ZP_SHOWIMAGE ZP_ATTR\"><\/span>\n\t\t<span class=\"ZP_SHOWTAGS ZP_ATTR\"><\/span>\n\t\t<span class=\"ZP_DOWNLOADABLE ZP_ATTR\"><\/span>\n\t\t<span class=\"ZP_NOTES ZP_ATTR\"><\/span>\n\t\t<span class=\"ZP_ABSTRACT ZP_ATTR\"><\/span>\n\t\t<span class=\"ZP_CITEABLE ZP_ATTR\"><\/span>\n\t\t<span class=\"ZP_TARGET ZP_ATTR\">1<\/span>\n\t\t<span class=\"ZP_URLWRAP ZP_ATTR\"><\/span>\n\t\t<span class=\"ZP_FORCENUM ZP_ATTR\"><\/span>\n        <span class=\"ZP_HIGHLIGHT ZP_ATTR\"><\/span>\n        <span class=\"ZP_POSTID ZP_ATTR\">456<\/span>\n\t\t<span class=\"ZOTPRESS_PLUGIN_URL ZP_ATTR\">https:\/\/opistobranquis.info\/wp-content\/plugins\/zotpress\/<\/span>\n\n\t\t<div class=\"zp-List loading\">\n\t\t\t<div class=\"zp-SEO-Content\">\n\n\t\t\t<\/div><!-- .zp-zp-SEO-Content -->\n\t\t<\/div><!-- .zp-List -->\n\t<\/div><!--.zp-Zotpress-->\n\n<p><\/p>Bibliografia basada en els treballs de <b>Steve Long, 2006<\/b>. <a target=_blank href=https:\/\/opistobranquis.info\/wp-content\/uploads\/2016\/06\/Long-S.-2006-Bibliography-of-Opisthobranchia-1554-2000.pdf>Bibliography of Opisthobranchia 1554-2000<\/a> i <b>Gary McDonald, 2009<\/b>. <a href=http:\/\/escholarship.org\/uc\/item\/8115h0wz>Bibliographia Nudibranchia<\/a>, amb actualitzacions posteriors procedents d\u00b4altres fonts.<p><\/p><\/ul><p><\/p><\/p>","protected":false},"excerpt":{"rendered":"<p>Els eolidacis es diferencien dels altres nudibranquis pel seu cos estilitzat i per la pres\u00e8ncia de grups de papil\u00b7les, denominades cerata, en el dors i als costats del cos. La coloraci\u00f3 dels eolidacis sol ser molt vistosa, principalment la de les papil\u00b7les dorsals. El cap t\u00e9, en la part frontal, uns tentacles orals llargs i fins, mentre que en el dors t\u00e9 els rin\u00f2fors, que poden ser llisos o disposar\u2026<\/p>\n<p class=\"continue-reading-button\"> <a class=\"continue-reading-link\" href=\"https:\/\/opistobranquis.info\/ca\/guia\/nudibranchia\/cladobranchia\/aeolidioidea\/\">Continua llegint<i class=\"crycon-right-dir\"><\/i><\/a><\/p>\n","protected":false},"author":291,"featured_media":4369,"parent":48603,"menu_order":0,"comment_status":"closed","ping_status":"closed","template":"","meta":{"footnotes":""},"class_list":["post-456","page","type-page","status-publish","has-post-thumbnail","hentry"],"jetpack_sharing_enabled":true,"_links":{"self":[{"href":"https:\/\/opistobranquis.info\/ca\/wp-json\/wp\/v2\/pages\/456","targetHints":{"allow":["GET"]}}],"collection":[{"href":"https:\/\/opistobranquis.info\/ca\/wp-json\/wp\/v2\/pages"}],"about":[{"href":"https:\/\/opistobranquis.info\/ca\/wp-json\/wp\/v2\/types\/page"}],"author":[{"embeddable":true,"href":"https:\/\/opistobranquis.info\/ca\/wp-json\/wp\/v2\/users\/291"}],"replies":[{"embeddable":true,"href":"https:\/\/opistobranquis.info\/ca\/wp-json\/wp\/v2\/comments?post=456"}],"version-history":[{"count":5,"href":"https:\/\/opistobranquis.info\/ca\/wp-json\/wp\/v2\/pages\/456\/revisions"}],"predecessor-version":[{"id":47764,"href":"https:\/\/opistobranquis.info\/ca\/wp-json\/wp\/v2\/pages\/456\/revisions\/47764"}],"up":[{"embeddable":true,"href":"https:\/\/opistobranquis.info\/ca\/wp-json\/wp\/v2\/pages\/48603"}],"wp:featuredmedia":[{"embeddable":true,"href":"https:\/\/opistobranquis.info\/ca\/wp-json\/wp\/v2\/media\/4369"}],"wp:attachment":[{"href":"https:\/\/opistobranquis.info\/ca\/wp-json\/wp\/v2\/media?parent=456"}],"curies":[{"name":"wp","href":"https:\/\/api.w.org\/{rel}","templated":true}]}}