{"id":46305,"date":"2025-03-21T12:53:30","date_gmt":"2025-03-21T11:53:30","guid":{"rendered":"https:\/\/opistobranquis.info\/?page_id=46305"},"modified":"2025-03-21T18:08:20","modified_gmt":"2025-03-21T17:08:20","slug":"elysia-azorica","status":"publish","type":"page","link":"https:\/\/opistobranquis.info\/ca\/guia\/sacoglossa\/plakobranchoidea\/elysia-azorica\/","title":{"rendered":"Elysia azorica"},"content":{"rendered":"<p><\/p>\n<h3><em>Elysia azorica<\/em> Mart\u00edn-Herv\u00e1s, Carmona, Jensen, Krug, Vitale &amp; Cervera, 2023<\/h3>\n<p><span style=\"font-size:10pt;\" class=\"aligncenter\"><div id=\"featured-img-id\"><img data-recalc-dims=\"1\" decoding=\"async\" src=\"https:\/\/i0.wp.com\/opistobranquis.info\/wp-content\/uploads\/2025\/03\/Elysia-azorica-%40-Faial-Azores-by-Manuel-Malaquias.jpg?w=900&#038;ssl=1\" alt=\"Elysia azorica @ Faial, Azores by Manuel Malaqu\u00edas\" \/><\/div><center><em>Elysia azorica @ Faial, Azores<\/em> per Manuel Malaquias<\/center><\/span><p><\/p><div class=\"opk-worms\"><h3>Informaci\u00f3 taxon\u00f2mica WoRMS<\/h3><div class=\"opk-success\">Nom acceptat actual: <strong><em>Elysia azorica<\/em> Mart\u00edn-Herv\u00e1s, Carmona, K. R. Jensen, Krug, Vitale &amp; Cervera, 2023<\/strong><\/div><h4>Classificaci\u00f3 actual<\/h4><table class=\"widefat striped\"><tr><th>Superdomain<\/th><td><a target=\"_blank\" href=\"https:\/\/www.marinespecies.org\/aphia.php?p=taxdetails&id=1\">Biota<\/a><\/td><\/tr><tr><th>Kingdom<\/th><td><a target=\"_blank\" href=\"https:\/\/www.marinespecies.org\/aphia.php?p=taxdetails&id=2\">Animalia<\/a><\/td><\/tr><tr><th>Phylum<\/th><td><a target=\"_blank\" href=\"https:\/\/www.marinespecies.org\/aphia.php?p=taxdetails&id=51\">Mollusca<\/a><\/td><\/tr><tr><th>Class<\/th><td><a target=\"_blank\" href=\"https:\/\/www.marinespecies.org\/aphia.php?p=taxdetails&id=101\">Gastropoda<\/a><\/td><\/tr><tr><th>Subclass<\/th><td><a target=\"_blank\" href=\"https:\/\/www.marinespecies.org\/aphia.php?p=taxdetails&id=14712\">Heterobranchia<\/a><\/td><\/tr><tr><th>Infraclass<\/th><td><a target=\"_blank\" href=\"https:\/\/www.marinespecies.org\/aphia.php?p=taxdetails&id=1057247\">Euthyneura<\/a><\/td><\/tr><tr><th>Subterclass<\/th><td><a target=\"_blank\" href=\"https:\/\/www.marinespecies.org\/aphia.php?p=taxdetails&id=1057250\">Tectipleura<\/a><\/td><\/tr><tr><th>Superorder<\/th><td><a target=\"_blank\" href=\"https:\/\/www.marinespecies.org\/aphia.php?p=taxdetails&id=167\">Sacoglossa<\/a><\/td><\/tr><tr><th>Superfamily<\/th><td><a target=\"_blank\" href=\"https:\/\/www.marinespecies.org\/aphia.php?p=taxdetails&id=411959\">Plakobranchoidea<\/a><\/td><\/tr><tr><th>Family<\/th><td><a target=\"_blank\" href=\"https:\/\/www.marinespecies.org\/aphia.php?p=taxdetails&id=411960\">Plakobranchidae<\/a><\/td><\/tr><tr><th>Genus<\/th><td><a target=\"_blank\" href=\"https:\/\/www.marinespecies.org\/aphia.php?p=taxdetails&id=137928\"><em>Elysia<\/em><\/a><\/td><\/tr><tr><th>Species<\/th><td><a target=\"_blank\" href=\"https:\/\/www.marinespecies.org\/aphia.php?p=taxdetails&id=1672917\"><em>Elysia azorica<\/em> Mart\u00edn-Herv\u00e1s, Carmona, K. R. Jensen, Krug, Vitale &amp; Cervera, 2023<\/a><\/td><\/tr><\/table><p class=\"footer\">Classificaci\u00f3 proporcionada pel World Register of Marine Species (WoRMS). [<a target=\"_blank\" href=\"https:\/\/www.marinespecies.org\/aphia.php?p=taxdetails&id=1672917\">1672917<\/a>]<\/p><\/div><strong>Descripci\u00f3<br \/>\n<\/strong>Cos relativament curt i ample. Adults amb una longitud total d&#8217;uns 6 mm (Mart\u00edn-Herv\u00e1s et al., 2024). La coloraci\u00f3 general del cos \u00e9s ataronjada, amb papil\u00b7les blanques opaques a les vores dels parapodis. Els parapodis s\u00f3n grans i s&#8217;estenen fins a l&#8217;extrem posterior del cos, amb vores ondulades. Tamb\u00e9 es presenten alguns punts blancs dispersos al cap i els costats dels parapodis. La gl\u00e0ndula digestiva \u00e9s visible a trav\u00e9s de la pell com un pigment verd fosc. Els ulls s\u00f3n petits i estan ubicats darrere dels rin\u00f2fors. Els rin\u00f2fors s\u00f3n relativament llargs, enrotllats i del mateix color que el cos. La zona peric\u00e0rdica \u00e9s petita amb petites taques blanques brillants. No s&#8217;observa ramificaci\u00f3 dels &#8220;vasos&#8221; dorsals. La sola del peu no est\u00e0 clarament delimitada i l&#8217;extrem posterior del cos \u00e9s rom, sense una cua aparent.<\/p>\n<p><strong>Biologia<br \/>\n<\/strong>Els exemplars utilitzats per descriure l&#8217;esp\u00e8cie es van trobar a la zona infralitoral a 6 m de profunditat. La seva coloraci\u00f3 ataronjada \u00e9s \u00fanica entre les esp\u00e8cies d&#8217;<em>Elysia<\/em> atl\u00e0ntiques, i pot tenir una funci\u00f3 cr\u00edptica al seu h\u00e0bitat. La visibilitat de la gl\u00e0ndula digestiva a trav\u00e9s del cos transl\u00facid suggereix una dieta rica en algues verdes. Els parapodis probablement tenen un paper en la respiraci\u00f3, facilitant l&#8217;intercanvi de gasos a trav\u00e9s de la seva fina capa epitelial.<\/p>\n<p><strong>Etimologia<\/strong><\/p>\n<ul>\n<li><em>Azorica<\/em>. Es refereix al lloc de recollida del qual es van trobar exemplars originals (Ihla do Faial, A\u00e7ores) i \u00e9s un adjectiu femen\u00ed llat\u00ed en concordan\u00e7a de g\u00e8nere amb el g\u00e8nere [sic].<\/li>\n<\/ul>\n<p><strong>Distribuci\u00f3<\/strong><br \/>\nFins ara aquesta esp\u00e8cie nom\u00e9s es coneix de les A\u00e7ores (Atl\u00e0ntic nord-oriental), Praia de Porto Pim, Ihla do Faial. Cal m\u00e9s treball de camp per determinar el seu rang de distribuci\u00f3 i les possibles interaccions amb esp\u00e8cies simp\u00e0triques. Els exemplars mediterranis actualment identificats com a <em>Elysia flava<\/em> (una esp\u00e8cie de l&#8217;Atl\u00e0ntic occidental) s&#8217;haurien de comparar gen\u00e8ticament amb aquesta nova esp\u00e8cie.<div id=\"flxmap-6a9c6f3d7965c\" class='flxmap-container' data-flxmap='flxmap_6a9c6f3d7965c' style=\"width:100%;height:400px;\"><\/div>\n<script data-noptimize=\"1\">\n\/* <![CDATA[ *\/\n(function(w, fn) {\n if (w.addEventListener) w.addEventListener(\"DOMContentLoaded\", fn, false);\n else if (w.attachEvent) w.attachEvent(\"onload\", fn);\n})(window, function() {\n var f = new FlexibleMap();\n f.panControl = true;\n f.mapTypeId = \"satellite\";\n f.setlocale(\"ca-ES\");\n f.kmlcache = \"5 minutes\";\n f.showKML(\"flxmap-6a9c6f3d7965c\", \"https:\/\/opistobranquis.info\/wp-content\/uploads\/kms\/46305.kmz\");\n window.flxmap_6a9c6f3d7965c = f;\n});\n\/* ]]> *\/\n<\/script>\n<div style=\"width:100%;text-align:center;margin:12px 0 4px 0;\">\n  <div style=\"font-size:8pt;margin-bottom:6px;\">Cites georeferenciades conegudes de l'esp\u00e8cie: <em>Elysia azorica<\/em><\/div>\n  <table style=\"margin:0 auto;border-collapse:collapse;font-size:8pt;\">\n    <tr><td colspan=\"2\" style=\"text-align:left;padding-bottom:4px;\"><strong>Fonts:<\/strong><\/td><\/tr>\n    <tr>\n      <td style=\"vertical-align:top;padding-right:40px;\">\n        <table style=\"border-collapse:collapse;\">\n<tr><td style='padding:1px 6px 1px 0;vertical-align:middle'><img data-recalc-dims=\"1\" src=\"https:\/\/i0.wp.com\/opistobranquis.info\/wp-content\/uploads\/kms\/wht-circle-lv.png?w=900&#038;ssl=1\" style='display:block'><\/td><td style='padding:1px 0;vertical-align:middle;white-space:nowrap'>OBIS<\/td><\/tr><tr><td style='padding:1px 6px 1px 0;vertical-align:middle'><img data-recalc-dims=\"1\" src=\"https:\/\/i0.wp.com\/opistobranquis.info\/wp-content\/uploads\/kms\/ylw-circle-lv.png?w=900&#038;ssl=1\" style='display:block'><\/td><td style='padding:1px 0;vertical-align:middle;white-space:nowrap'>GROC 2010-2011<\/td><\/tr><tr><td style='padding:1px 6px 1px 0;vertical-align:middle'><img data-recalc-dims=\"1\" src=\"https:\/\/i0.wp.com\/opistobranquis.info\/wp-content\/uploads\/kms\/grn-circle-lv.png?w=900&#038;ssl=1\" style='display:block'><\/td><td style='padding:1px 0;vertical-align:middle;white-space:nowrap'>Enric Madrenas<\/td><\/tr><tr><td style='padding:1px 6px 1px 0;vertical-align:middle'><img data-recalc-dims=\"1\" src=\"https:\/\/i0.wp.com\/opistobranquis.info\/wp-content\/uploads\/kms\/orange-circle-lv.png?w=900&#038;ssl=1\" style='display:block'><\/td><td style='padding:1px 0;vertical-align:middle;white-space:nowrap'>Jo\u00e3o Pedro Silva<\/td><\/tr><tr><td style='padding:1px 6px 1px 0;vertical-align:middle'><img data-recalc-dims=\"1\" src=\"https:\/\/i0.wp.com\/opistobranquis.info\/wp-content\/uploads\/kms\/pink-circle-lv.png?w=900&#038;ssl=1\" style='display:block'><\/td><td style='padding:1px 0;vertical-align:middle;white-space:nowrap'>Bernard Picton<\/td><\/tr><tr><td style='padding:1px 6px 1px 0;vertical-align:middle'><img data-recalc-dims=\"1\" src=\"https:\/\/i0.wp.com\/opistobranquis.info\/wp-content\/uploads\/kms\/blk-circle-lv.png?w=900&#038;ssl=1\" style='display:block'><\/td><td style='padding:1px 0;vertical-align:middle;white-space:nowrap'>GBIF<\/td><\/tr>        <\/table>\n      <\/td>\n      <td style=\"vertical-align:top;\">\n        <table style=\"border-collapse:collapse;\">\n<tr><td style='padding:1px 6px 1px 0;vertical-align:middle'><img data-recalc-dims=\"1\" src=\"https:\/\/i0.wp.com\/opistobranquis.info\/wp-content\/uploads\/kms\/purple-circle-lv.png?w=900&#038;ssl=1\" style='display:block'><\/td><td style='padding:1px 0;vertical-align:middle;white-space:nowrap'>OPK<\/td><\/tr><tr><td style='padding:1px 6px 1px 0;vertical-align:middle'><img data-recalc-dims=\"1\" src=\"https:\/\/i0.wp.com\/opistobranquis.info\/wp-content\/uploads\/kms\/red-circle-lv.png?w=900&#038;ssl=1\" style='display:block'><\/td><td style='padding:1px 0;vertical-align:middle;white-space:nowrap'>VIMAR<\/td><\/tr><tr><td style='padding:1px 6px 1px 0;vertical-align:middle'><img data-recalc-dims=\"1\" src=\"https:\/\/i0.wp.com\/opistobranquis.info\/wp-content\/uploads\/kms\/blu-circle-lv.png?w=900&#038;ssl=1\" style='display:block'><\/td><td style='padding:1px 0;vertical-align:middle;white-space:nowrap'>Manuel Ballesteros<\/td><\/tr><tr><td style='padding:1px 6px 1px 0;vertical-align:middle'><img data-recalc-dims=\"1\" src=\"https:\/\/i0.wp.com\/opistobranquis.info\/wp-content\/uploads\/kms\/cyan-circle-lv.png?w=900&#038;ssl=1\" style='display:block'><\/td><td style='padding:1px 0;vertical-align:middle;white-space:nowrap'>M@re Nostrum<\/td><\/tr><tr><td style='padding:1px 6px 1px 0;vertical-align:middle'><img data-recalc-dims=\"1\" src=\"https:\/\/i0.wp.com\/opistobranquis.info\/wp-content\/uploads\/kms\/grey-circle-lv.png?w=900&#038;ssl=1\" style='display:block'><\/td><td style='padding:1px 0;vertical-align:middle;white-space:nowrap'>Altres fonts<\/td><\/tr><tr><td style='padding:1px 6px 1px 0;vertical-align:middle'><img data-recalc-dims=\"1\" src=\"https:\/\/i0.wp.com\/opistobranquis.info\/wp-content\/uploads\/kms\/marreg.png?w=900&#038;ssl=1\" style='display:block'><\/td><td style='padding:1px 0;vertical-align:middle;white-space:nowrap'>Marine Regions<\/td><\/tr>        <\/table>\n      <\/td>\n    <\/tr>\n  <\/table>\n<\/div>\n<\/p>\n<p><strong>Error:<\/strong> Chart.js no est\u00e1 disponible.<\/p>\n<p><strong>Altres fotos<\/strong><br \/>\n<div class=\"tiled-gallery type-rectangular tiled-gallery-unresized\" data-original-width=\"900\" data-carousel-extra='{&quot;blog_id&quot;:1,&quot;permalink&quot;:&quot;https:\\\/\\\/opistobranquis.info\\\/ca\\\/guia\\\/sacoglossa\\\/plakobranchoidea\\\/elysia-azorica\\\/&quot;,&quot;likes_blog_id&quot;:44192421}' itemscope itemtype=\"http:\/\/schema.org\/ImageGallery\" > <div class=\"gallery-row\" style=\"width: 900px; height: 416px;\" data-original-width=\"900\" data-original-height=\"416\" > <div class=\"gallery-group images-1\" style=\"width: 900px; height: 416px;\" data-original-width=\"900\" data-original-height=\"416\" > <div class=\"tiled-gallery-item tiled-gallery-item-large\" itemprop=\"associatedMedia\" itemscope itemtype=\"http:\/\/schema.org\/ImageObject\"> <a href=\"https:\/\/opistobranquis.info\/ca\/guia\/sacoglossa\/plakobranchoidea\/elysia-azorica\/elysia-azorica-faial-azores-published-by-manuel-malaquias-2009-as-reddish-e-flava\/\" border=\"0\" itemprop=\"url\"> <meta itemprop=\"width\" content=\"896\"> <meta itemprop=\"height\" content=\"412\"> <img decoding=\"async\" class=\"\" data-attachment-id=\"46308\" data-orig-file=\"https:\/\/opistobranquis.info\/wp-content\/uploads\/2025\/03\/Elysia-azorica-@-Faial-Azores-published-by-Manuel-Malaquias-2009-as-reddish-E.flava_.png\" data-orig-size=\"489,225\" data-comments-opened=\"\" data-image-title=\"Elysia azorica @ Faial, Azores published by Manuel Malaquias (2009) as reddish E.flava\" data-image-description=\"&lt;p&gt;Elysia azorica @ Faial, Azores published by Manuel Malaquias (2009) as reddish E.flava&lt;\/p&gt; \" data-medium-file=\"https:\/\/i0.wp.com\/opistobranquis.info\/wp-content\/uploads\/2025\/03\/Elysia-azorica-%40-Faial-Azores-published-by-Manuel-Malaquias-2009-as-reddish-E.flava_.png?fit=300%2C138&#038;ssl=1\" data-large-file=\"https:\/\/i0.wp.com\/opistobranquis.info\/wp-content\/uploads\/2025\/03\/Elysia-azorica-%40-Faial-Azores-published-by-Manuel-Malaquias-2009-as-reddish-E.flava_.png?fit=489%2C225&#038;ssl=1\" src=\"https:\/\/i0.wp.com\/opistobranquis.info\/wp-content\/uploads\/2025\/03\/Elysia-azorica-%40-Faial-Azores-published-by-Manuel-Malaquias-2009-as-reddish-E.flava_.png?w=896&#038;h=412&#038;ssl=1\" width=\"896\" height=\"412\" loading=\"lazy\" data-original-width=\"896\" data-original-height=\"412\" itemprop=\"http:\/\/schema.org\/image\" title=\"Elysia azorica @ Faial, Azores published by Manuel Malaquias (2009) as reddish E.flava\" alt=\"Elysia azorica @ Faial, Azores published by Manuel Malaquias (2009) as reddish E.flava\" style=\"width: 896px; height: 412px;\" \/> <\/a> <div class=\"tiled-gallery-caption\" itemprop=\"caption description\"> Elysia azorica @ Faial, Azores published by Manuel Malaquias (2009) as reddish E.flava <\/div> <\/div> <\/div> <!-- close group --> <\/div> <!-- close row --> <\/div><\/p>\n<p><p><strong>Bibliografia<\/strong><\/p><ul><div id=\"zotpress-481c61dc0c0a220e84ca27aa2507ed22\" class=\"zp-Zotpress zp-Zotpress-Bib wp-block-group\">\n\n\t\t<span class=\"ZP_API_USER_ID ZP_ATTR\">1246567<\/span>\n\t\t<span class=\"ZP_ITEM_KEY ZP_ATTR\"><\/span>\n\t\t<span class=\"ZP_COLLECTION_ID ZP_ATTR\"><\/span>\n\t\t<span class=\"ZP_TAG_ID ZP_ATTR\">Elysia azorica<\/span>\n\t\t<span class=\"ZP_AUTHOR ZP_ATTR\"><\/span>\n\t\t<span class=\"ZP_YEAR ZP_ATTR\"><\/span>\n        <span class=\"ZP_ITEMTYPE ZP_ATTR\"><\/span>\n\t\t<span class=\"ZP_INCLUSIVE ZP_ATTR\">1<\/span>\n\t\t<span class=\"ZP_STYLE ZP_ATTR\">eunomia-revista-en-cultura-de-la-legalidad<\/span>\n\t\t<span class=\"ZP_LIMIT ZP_ATTR\">50<\/span>\n\t\t<span class=\"ZP_SORTBY ZP_ATTR\">creator<\/span>\n\t\t<span class=\"ZP_ORDER ZP_ATTR\">asc<\/span>\n\t\t<span class=\"ZP_TITLE ZP_ATTR\"><\/span>\n\t\t<span class=\"ZP_SHOWIMAGE ZP_ATTR\"><\/span>\n\t\t<span class=\"ZP_SHOWTAGS ZP_ATTR\"><\/span>\n\t\t<span class=\"ZP_DOWNLOADABLE ZP_ATTR\"><\/span>\n\t\t<span class=\"ZP_NOTES ZP_ATTR\"><\/span>\n\t\t<span class=\"ZP_ABSTRACT ZP_ATTR\"><\/span>\n\t\t<span class=\"ZP_CITEABLE ZP_ATTR\"><\/span>\n\t\t<span class=\"ZP_TARGET ZP_ATTR\">1<\/span>\n\t\t<span class=\"ZP_URLWRAP ZP_ATTR\"><\/span>\n\t\t<span class=\"ZP_FORCENUM ZP_ATTR\"><\/span>\n        <span class=\"ZP_HIGHLIGHT ZP_ATTR\"><\/span>\n        <span class=\"ZP_POSTID ZP_ATTR\">46305<\/span>\n\t\t<span class=\"ZOTPRESS_PLUGIN_URL ZP_ATTR\">https:\/\/opistobranquis.info\/wp-content\/plugins\/zotpress\/<\/span>\n\n\t\t<div class=\"zp-List loading\">\n\t\t\t<div class=\"zp-SEO-Content\">\n\n\t\t\t<\/div><!-- .zp-zp-SEO-Content -->\n\t\t<\/div><!-- .zp-List -->\n\t<\/div><!--.zp-Zotpress-->\n\n<p><\/p>Bibliografia basada en els treballs de <b>Steve Long, 2006<\/b>. <a target=_blank href=https:\/\/opistobranquis.info\/wp-content\/uploads\/2016\/06\/Long-S.-2006-Bibliography-of-Opisthobranchia-1554-2000.pdf>Bibliography of Opisthobranchia 1554-2000<\/a> i <b>Gary McDonald, 2009<\/b>. <a href=http:\/\/escholarship.org\/uc\/item\/8115h0wz>Bibliographia Nudibranchia<\/a>, amb actualitzacions posteriors procedents d\u00b4altres fonts.<p><\/p><\/ul><p><\/p><p><strong>M\u00e9s informaci\u00f3<\/strong><\/p><span style=\"font-size:10pt\"><ul><ul class=\"blogroll-links\"><li><a href=\"https:\/\/marinespecies.org\/aphia.php?p=taxdetails&#038;id=1672917\">World Register of Marine Species<\/a><\/li><\/ul><\/ul><\/span><p><strong>Citeu aquest article com: <\/strong><\/p><div style=\"display: block; background: #444444; padding: 10px 30px 10px 10px; border-radius: 5px; line-height: 18px;\"><p class=\"citacio\"><b>Pontes, Miquel<\/b> (2025) <em>\"Elysia azorica\"<\/em> a <em>OPK-Opistobranquis<\/em>. Publicat: 21\/03\/2025. Accedit: 05\/09\/2026. Disponible a (<a href=https:\/\/opistobranquis.info\/ca\/?p=46305>https:\/\/opistobranquis.info\/ca\/?p=46305<\/a>)<\/p><p><\/p><\/div><p><\/p><\/p>","protected":false},"excerpt":{"rendered":"<p>Elysia azorica Mart\u00edn-Herv\u00e1s, Carmona, Jensen, Krug, Vitale &amp; Cervera, 2023 Descripci\u00f3 Cos relativament curt i ample. Adults amb una longitud total d&#8217;uns 6 mm (Mart\u00edn-Herv\u00e1s et al., 2024). La coloraci\u00f3 general del cos \u00e9s ataronjada, amb papil\u00b7les blanques opaques a les vores dels parapodis. Els parapodis s\u00f3n grans i s&#8217;estenen fins a l&#8217;extrem posterior del cos, amb vores ondulades. Tamb\u00e9 es presenten alguns punts blancs dispersos al cap i els\u2026<\/p>\n<p class=\"continue-reading-button\"> <a class=\"continue-reading-link\" href=\"https:\/\/opistobranquis.info\/ca\/guia\/sacoglossa\/plakobranchoidea\/elysia-azorica\/\">Continua llegint<i class=\"crycon-right-dir\"><\/i><\/a><\/p>\n","protected":false},"author":5,"featured_media":46309,"parent":26133,"menu_order":3074,"comment_status":"closed","ping_status":"closed","template":"","meta":{"footnotes":""},"class_list":["post-46305","page","type-page","status-publish","has-post-thumbnail","hentry"],"jetpack_sharing_enabled":true,"_links":{"self":[{"href":"https:\/\/opistobranquis.info\/ca\/wp-json\/wp\/v2\/pages\/46305","targetHints":{"allow":["GET"]}}],"collection":[{"href":"https:\/\/opistobranquis.info\/ca\/wp-json\/wp\/v2\/pages"}],"about":[{"href":"https:\/\/opistobranquis.info\/ca\/wp-json\/wp\/v2\/types\/page"}],"author":[{"embeddable":true,"href":"https:\/\/opistobranquis.info\/ca\/wp-json\/wp\/v2\/users\/5"}],"replies":[{"embeddable":true,"href":"https:\/\/opistobranquis.info\/ca\/wp-json\/wp\/v2\/comments?post=46305"}],"version-history":[{"count":4,"href":"https:\/\/opistobranquis.info\/ca\/wp-json\/wp\/v2\/pages\/46305\/revisions"}],"predecessor-version":[{"id":46312,"href":"https:\/\/opistobranquis.info\/ca\/wp-json\/wp\/v2\/pages\/46305\/revisions\/46312"}],"up":[{"embeddable":true,"href":"https:\/\/opistobranquis.info\/ca\/wp-json\/wp\/v2\/pages\/26133"}],"wp:featuredmedia":[{"embeddable":true,"href":"https:\/\/opistobranquis.info\/ca\/wp-json\/wp\/v2\/media\/46309"}],"wp:attachment":[{"href":"https:\/\/opistobranquis.info\/ca\/wp-json\/wp\/v2\/media?parent=46305"}],"curies":[{"name":"wp","href":"https:\/\/api.w.org\/{rel}","templated":true}]}}