{"id":478,"date":"2012-05-16T19:07:07","date_gmt":"2012-05-16T17:07:07","guid":{"rendered":"https:\/\/opistobranquis.info\/aldisa-banyulensisaldisa-banyulensisaldisa-banyulensis"},"modified":"2022-12-27T10:15:09","modified_gmt":"2022-12-27T09:15:09","slug":"aldisa-banyulensis","status":"publish","type":"page","link":"https:\/\/opistobranquis.info\/ca\/guia\/nudibranchia\/doridina\/doridoidei\/doridoidea\/aldisa-banyulensis\/","title":{"rendered":"Aldisa banyulensis"},"content":{"rendered":"<p><\/p>\n<h3><em>Aldisa banyulensis<\/em> (Pruvot-Fol, 1951)<\/h3>\n<p><span style=\"font-size:10pt;\" class=\"aligncenter\"><div id=\"featured-img-id\"><img data-recalc-dims=\"1\" decoding=\"async\" src=\"https:\/\/i0.wp.com\/opistobranquis.info\/wp-content\/uploads\/2012\/12\/aldisa-banyulensis-03.jpg?w=900&#038;ssl=1\" alt=\"Aldisa banyulensis\" \/><\/div><center><em>Aldisa banyulensis<\/em> per Enric Madrenas<\/center><\/span><p><\/p><div class=\"opk-worms\"><h3>Informaci\u00f3 taxon\u00f2mica WoRMS<\/h3><div class=\"opk-success\">Nom acceptat actual: <strong><em>Aldisa banyulensis<\/em> Pruvot-Fol, 1951<\/strong><\/div><h4>Classificaci\u00f3 actual<\/h4><table class=\"widefat striped\"><tr><th>Superdomain<\/th><td><a target=\"_blank\" href=\"https:\/\/www.marinespecies.org\/aphia.php?p=taxdetails&id=1\">Biota<\/a><\/td><\/tr><tr><th>Kingdom<\/th><td><a target=\"_blank\" href=\"https:\/\/www.marinespecies.org\/aphia.php?p=taxdetails&id=2\">Animalia<\/a><\/td><\/tr><tr><th>Phylum<\/th><td><a target=\"_blank\" href=\"https:\/\/www.marinespecies.org\/aphia.php?p=taxdetails&id=51\">Mollusca<\/a><\/td><\/tr><tr><th>Class<\/th><td><a target=\"_blank\" href=\"https:\/\/www.marinespecies.org\/aphia.php?p=taxdetails&id=101\">Gastropoda<\/a><\/td><\/tr><tr><th>Subclass<\/th><td><a target=\"_blank\" href=\"https:\/\/www.marinespecies.org\/aphia.php?p=taxdetails&id=14712\">Heterobranchia<\/a><\/td><\/tr><tr><th>Infraclass<\/th><td><a target=\"_blank\" href=\"https:\/\/www.marinespecies.org\/aphia.php?p=taxdetails&id=1057247\">Euthyneura<\/a><\/td><\/tr><tr><th>Subterclass<\/th><td><a target=\"_blank\" href=\"https:\/\/www.marinespecies.org\/aphia.php?p=taxdetails&id=1057249\">Ringipleura<\/a><\/td><\/tr><tr><th>Superorder<\/th><td><a target=\"_blank\" href=\"https:\/\/www.marinespecies.org\/aphia.php?p=taxdetails&id=411966\">Nudipleura<\/a><\/td><\/tr><tr><th>Order<\/th><td><a target=\"_blank\" href=\"https:\/\/www.marinespecies.org\/aphia.php?p=taxdetails&id=1762\">Nudibranchia<\/a><\/td><\/tr><tr><th>Suborder<\/th><td><a target=\"_blank\" href=\"https:\/\/www.marinespecies.org\/aphia.php?p=taxdetails&id=1829294\">Doridida<\/a><\/td><\/tr><tr><th>Infraorder<\/th><td><a target=\"_blank\" href=\"https:\/\/www.marinespecies.org\/aphia.php?p=taxdetails&id=246038\">Doridoidei<\/a><\/td><\/tr><tr><th>Superfamily<\/th><td><a target=\"_blank\" href=\"https:\/\/www.marinespecies.org\/aphia.php?p=taxdetails&id=1370609\">Chromodoridoidea<\/a><\/td><\/tr><tr><th>Family<\/th><td><a target=\"_blank\" href=\"https:\/\/www.marinespecies.org\/aphia.php?p=taxdetails&id=151277\">Cadlinidae<\/a><\/td><\/tr><tr><th>Genus<\/th><td><a target=\"_blank\" href=\"https:\/\/www.marinespecies.org\/aphia.php?p=taxdetails&id=137642\"><em>Aldisa<\/em><\/a><\/td><\/tr><tr><th>Species<\/th><td><a target=\"_blank\" href=\"https:\/\/www.marinespecies.org\/aphia.php?p=taxdetails&id=138735\"><em>Aldisa banyulensis<\/em> Pruvot-Fol, 1951<\/a><\/td><\/tr><\/table><p class=\"footer\">Classificaci\u00f3 proporcionada pel World Register of Marine Species (WoRMS). [<a target=\"_blank\" href=\"https:\/\/www.marinespecies.org\/aphia.php?p=taxdetails&id=138735\">138735<\/a>]<\/p><\/div><b>Descripci\u00f3<\/b><br \/>\nEls exemplars d&#8217;aquesta esp\u00e8cie mesuren uns 15 mm de longitud i s\u00f3n de color vermell\u00f3s amb la regi\u00f3 central del dors una mica m\u00e9s fosca a causa dels \u00f2rgans interns. La majoria dels animals tenen a m\u00e9s dues franges alguna cosa obliq\u00fces i blanquinoses a cada costat del cos. En el dors tamb\u00e9 es poden apreciar dues petites \u00e0rees vermelloses una mica m\u00e9s fosques que la resta del cos, una ovalada situada entre els dos rin\u00f2fors i una altra de contorn pentagonal just davant de l&#8217;\u00e0rea branquial; en tots dos casos aquestes \u00e0rees es troben delineades per una prima l\u00ednia blanquinosa. El dors est\u00e0 cobert de protuber\u00e0ncies, unes m\u00e9s grans, cilindroc\u00f2niques i disposades m\u00e9s o menys en cercles, i altres protuber\u00e0ncies molt petites, no visibles a simple vista i situades ens les anteriors. Els rin\u00f2fors s\u00f3n petits i de color vermell\u00f3s. La br\u00e0nquia est\u00e0 formada per 8 fulles branquials unipinnades de tonalitat marr\u00f3-vermellosa, una mica m\u00e9s fosca que el dors. L&#8217;orifici de la beina branquial disposa d&#8217;uns 10 petits tubercles arrodonits. En vista ventral el mantell, de color vermell clar, envolta completament al peu i en ell es pot veure una reticulaci\u00f3 a causa de esp\u00edcules del mantell. El peu \u00e9s de color vermell intens per\u00f2 deixa veure alguns \u00f2rgans interns de color marr\u00f3 fosc o un color blanquin\u00f3s. La boca manca de palps orals digitiformes, en tot cas es poden distingir dues petites protuber\u00e0ncies globoses, una a cada costat de la boca.<\/p>\n<p><b>Biologia<\/b><br \/>\nAquesta esp\u00e8cie sol viure sota pedres on hi ha esponges incrustants des de molt poca profunditat. Alguns autors han citat a l&#8217;esponja sil\u00edcia <i>Hemimycale columella<\/i> com la seva esp\u00e8cie aliment. Aquesta esp\u00e8cie efectua una posta amb pocs ous grans (m\u00e9s de 200 micres) i de color vermell. Una altra esp\u00e8cie, <i>Aldisa smaragdina<\/i>, t\u00e9 una coloraci\u00f3 similar per\u00f2 posseeix nom\u00e9s 5 fulles branquials que tenen el raquis de color verd\u00f3s i la seva posta t\u00e9 m\u00e9s ous per\u00f2 m\u00e9s petits (130 micres), trobant-se associada amb l&#8217;esponja <i>Phorbas fictitius<\/i>.<\/p>\n<p><strong>Etimologia<\/strong><\/p>\n<ul>\n<li><em>Aldisa<\/em>. Probablement referit a una saga vikinga islandesa del mateix nom.<\/li>\n<li><em>Banyulensis<\/em>. Referit a la localitat de Banyuls sur Mer, en el Languedoc franc\u00e8s, Rosell\u00f3, on hi ha una important estaci\u00f3 oceanogr\u00e0fica.<\/li>\n<\/ul>\n<p><strong>Distribuci\u00f3<\/strong><br \/>\n<i>Aldisa banyulensis<\/i> \u00e9s una esp\u00e8cie de distribuci\u00f3 mediterr\u00e0nia. En la Pen\u00ednsula Ib\u00e8rica ha estat citada a la zona de l&#8217;estret de Gibraltar, les costes d&#8217;Andalusia oriental, la zona llevantina, a Catalunya i Balears. En alguna d&#8217;aquestes \u00e0rees coexisteix amb <i>A. smaragdina<\/i>, de distribuci\u00f3 atlanto-mediterr\u00e0nia. En les costes catalanes no \u00e9s rar trobar-la en diferents localitats de la Costa Brava com Llafranc i Es Caials.<br \/>\n<div id=\"flxmap-6a99a329cc408\" class='flxmap-container' data-flxmap='flxmap_6a99a329cc408' style=\"width:100%;height:400px;\"><\/div>\n<script data-noptimize=\"1\">\n\/* <![CDATA[ *\/\n(function(w, fn) {\n if (w.addEventListener) w.addEventListener(\"DOMContentLoaded\", fn, false);\n else if (w.attachEvent) w.attachEvent(\"onload\", fn);\n})(window, function() {\n var f = new FlexibleMap();\n f.panControl = true;\n f.mapTypeId = \"satellite\";\n f.setlocale(\"ca-ES\");\n f.kmlcache = \"5 minutes\";\n f.showKML(\"flxmap-6a99a329cc408\", \"https:\/\/opistobranquis.info\/wp-content\/uploads\/kms\/478.kmz\");\n window.flxmap_6a99a329cc408 = f;\n});\n\/* ]]> *\/\n<\/script>\n<div style=\"width:100%;text-align:center;margin:12px 0 4px 0;\">\n  <div style=\"font-size:8pt;margin-bottom:6px;\">Cites georeferenciades conegudes de l'esp\u00e8cie: <em>Aldisa banyulensis<\/em><\/div>\n  <table style=\"margin:0 auto;border-collapse:collapse;font-size:8pt;\">\n    <tr><td colspan=\"2\" style=\"text-align:left;padding-bottom:4px;\"><strong>Fonts:<\/strong><\/td><\/tr>\n    <tr>\n      <td style=\"vertical-align:top;padding-right:40px;\">\n        <table style=\"border-collapse:collapse;\">\n<tr><td style='padding:1px 6px 1px 0;vertical-align:middle'><img data-recalc-dims=\"1\" src=\"https:\/\/i0.wp.com\/opistobranquis.info\/wp-content\/uploads\/kms\/wht-circle-lv.png?w=900&#038;ssl=1\" style='display:block'><\/td><td style='padding:1px 0;vertical-align:middle;white-space:nowrap'>OBIS<\/td><\/tr><tr><td style='padding:1px 6px 1px 0;vertical-align:middle'><img data-recalc-dims=\"1\" src=\"https:\/\/i0.wp.com\/opistobranquis.info\/wp-content\/uploads\/kms\/ylw-circle-lv.png?w=900&#038;ssl=1\" style='display:block'><\/td><td style='padding:1px 0;vertical-align:middle;white-space:nowrap'>GROC 2010-2011<\/td><\/tr><tr><td style='padding:1px 6px 1px 0;vertical-align:middle'><img data-recalc-dims=\"1\" src=\"https:\/\/i0.wp.com\/opistobranquis.info\/wp-content\/uploads\/kms\/grn-circle-lv.png?w=900&#038;ssl=1\" style='display:block'><\/td><td style='padding:1px 0;vertical-align:middle;white-space:nowrap'>Enric Madrenas<\/td><\/tr><tr><td style='padding:1px 6px 1px 0;vertical-align:middle'><img data-recalc-dims=\"1\" src=\"https:\/\/i0.wp.com\/opistobranquis.info\/wp-content\/uploads\/kms\/orange-circle-lv.png?w=900&#038;ssl=1\" style='display:block'><\/td><td style='padding:1px 0;vertical-align:middle;white-space:nowrap'>Jo\u00e3o Pedro Silva<\/td><\/tr><tr><td style='padding:1px 6px 1px 0;vertical-align:middle'><img data-recalc-dims=\"1\" src=\"https:\/\/i0.wp.com\/opistobranquis.info\/wp-content\/uploads\/kms\/pink-circle-lv.png?w=900&#038;ssl=1\" style='display:block'><\/td><td style='padding:1px 0;vertical-align:middle;white-space:nowrap'>Bernard Picton<\/td><\/tr><tr><td style='padding:1px 6px 1px 0;vertical-align:middle'><img data-recalc-dims=\"1\" src=\"https:\/\/i0.wp.com\/opistobranquis.info\/wp-content\/uploads\/kms\/blk-circle-lv.png?w=900&#038;ssl=1\" style='display:block'><\/td><td style='padding:1px 0;vertical-align:middle;white-space:nowrap'>GBIF<\/td><\/tr>        <\/table>\n      <\/td>\n      <td style=\"vertical-align:top;\">\n        <table style=\"border-collapse:collapse;\">\n<tr><td style='padding:1px 6px 1px 0;vertical-align:middle'><img data-recalc-dims=\"1\" src=\"https:\/\/i0.wp.com\/opistobranquis.info\/wp-content\/uploads\/kms\/purple-circle-lv.png?w=900&#038;ssl=1\" style='display:block'><\/td><td style='padding:1px 0;vertical-align:middle;white-space:nowrap'>OPK<\/td><\/tr><tr><td style='padding:1px 6px 1px 0;vertical-align:middle'><img data-recalc-dims=\"1\" src=\"https:\/\/i0.wp.com\/opistobranquis.info\/wp-content\/uploads\/kms\/red-circle-lv.png?w=900&#038;ssl=1\" style='display:block'><\/td><td style='padding:1px 0;vertical-align:middle;white-space:nowrap'>VIMAR<\/td><\/tr><tr><td style='padding:1px 6px 1px 0;vertical-align:middle'><img data-recalc-dims=\"1\" src=\"https:\/\/i0.wp.com\/opistobranquis.info\/wp-content\/uploads\/kms\/blu-circle-lv.png?w=900&#038;ssl=1\" style='display:block'><\/td><td style='padding:1px 0;vertical-align:middle;white-space:nowrap'>Manuel Ballesteros<\/td><\/tr><tr><td style='padding:1px 6px 1px 0;vertical-align:middle'><img data-recalc-dims=\"1\" src=\"https:\/\/i0.wp.com\/opistobranquis.info\/wp-content\/uploads\/kms\/cyan-circle-lv.png?w=900&#038;ssl=1\" style='display:block'><\/td><td style='padding:1px 0;vertical-align:middle;white-space:nowrap'>M@re Nostrum<\/td><\/tr><tr><td style='padding:1px 6px 1px 0;vertical-align:middle'><img data-recalc-dims=\"1\" src=\"https:\/\/i0.wp.com\/opistobranquis.info\/wp-content\/uploads\/kms\/grey-circle-lv.png?w=900&#038;ssl=1\" style='display:block'><\/td><td style='padding:1px 0;vertical-align:middle;white-space:nowrap'>Altres fonts<\/td><\/tr><tr><td style='padding:1px 6px 1px 0;vertical-align:middle'><img data-recalc-dims=\"1\" src=\"https:\/\/i0.wp.com\/opistobranquis.info\/wp-content\/uploads\/kms\/marreg.png?w=900&#038;ssl=1\" style='display:block'><\/td><td style='padding:1px 0;vertical-align:middle;white-space:nowrap'>Marine Regions<\/td><\/tr>        <\/table>\n      <\/td>\n    <\/tr>\n  <\/table>\n<\/div>\n<\/p>\n<p><strong>Error:<\/strong> Chart.js no est\u00e1 disponible.<\/p>\n<p><strong>V\u00eddeos<\/strong><\/p>\n<p><iframe loading=\"lazy\" src=\"https:\/\/player.vimeo.com\/video\/784329727?h=31a6c0c3cf&amp;dnt=1&amp;app_id=122963\" width=\"900\" height=\"506\" frameborder=\"0\" allow=\"autoplay; fullscreen; picture-in-picture\" allowfullscreen><\/iframe><\/p>\n<p><iframe loading=\"lazy\" src=\"https:\/\/player.vimeo.com\/video\/784329713?h=2e9a22b1be&amp;dnt=1&amp;app_id=122963\" width=\"900\" height=\"506\" frameborder=\"0\" allow=\"autoplay; fullscreen; picture-in-picture\" allowfullscreen><\/iframe><\/p>\n<p>&nbsp;<\/p>\n<p><strong>Altres fotos<\/strong><br \/>\n<div class=\"tiled-gallery type-rectangular tiled-gallery-unresized\" data-original-width=\"900\" data-carousel-extra='{&quot;blog_id&quot;:1,&quot;permalink&quot;:&quot;https:\\\/\\\/opistobranquis.info\\\/ca\\\/guia\\\/nudibranchia\\\/doridina\\\/doridoidei\\\/doridoidea\\\/aldisa-banyulensis\\\/&quot;,&quot;likes_blog_id&quot;:44192421}' itemscope itemtype=\"http:\/\/schema.org\/ImageGallery\" > <div class=\"gallery-row\" style=\"width: 900px; height: 317px;\" data-original-width=\"900\" data-original-height=\"317\" > <div class=\"gallery-group images-1\" style=\"width: 216px; height: 317px;\" data-original-width=\"216\" data-original-height=\"317\" > <div class=\"tiled-gallery-item tiled-gallery-item-small\" itemprop=\"associatedMedia\" itemscope itemtype=\"http:\/\/schema.org\/ImageObject\"> <a href=\"https:\/\/opistobranquis.info\/ca\/guia\/nudibranchia\/doridina\/doridoidei\/doridoidea\/aldisa-banyulensis\/aldisa-banyulensis-07\/\" border=\"0\" itemprop=\"url\"> <meta itemprop=\"width\" content=\"212\"> <meta itemprop=\"height\" content=\"313\"> <img decoding=\"async\" class=\"\" data-attachment-id=\"4090\" data-orig-file=\"https:\/\/opistobranquis.info\/wp-content\/uploads\/2012\/12\/aldisa-banyulensis-07.jpg\" data-orig-size=\"331,490\" data-comments-opened=\"\" data-image-title=\"aldisa-banyulensis-07\" data-image-description=\"\" data-medium-file=\"https:\/\/i0.wp.com\/opistobranquis.info\/wp-content\/uploads\/2012\/12\/aldisa-banyulensis-07.jpg?fit=202%2C300&#038;ssl=1\" data-large-file=\"https:\/\/i0.wp.com\/opistobranquis.info\/wp-content\/uploads\/2012\/12\/aldisa-banyulensis-07.jpg?fit=331%2C490&#038;ssl=1\" src=\"https:\/\/i0.wp.com\/opistobranquis.info\/wp-content\/uploads\/2012\/12\/aldisa-banyulensis-07.jpg?w=212&#038;h=313&#038;ssl=1\" width=\"212\" height=\"313\" loading=\"lazy\" data-original-width=\"212\" data-original-height=\"313\" itemprop=\"http:\/\/schema.org\/image\" title=\"aldisa-banyulensis-07\" alt=\"aldisa-banyulensis-07\" style=\"width: 212px; height: 313px;\" \/> <\/a> <\/div> <\/div> <!-- close group --> <div class=\"gallery-group images-1\" style=\"width: 469px; height: 317px;\" data-original-width=\"469\" data-original-height=\"317\" > <div class=\"tiled-gallery-item tiled-gallery-item-large\" itemprop=\"associatedMedia\" itemscope itemtype=\"http:\/\/schema.org\/ImageObject\"> <a href=\"https:\/\/opistobranquis.info\/ca\/guia\/nudibranchia\/doridina\/doridoidei\/doridoidea\/aldisa-banyulensis\/aldisa-banyulensis-09\/\" border=\"0\" itemprop=\"url\"> <meta itemprop=\"width\" content=\"465\"> <meta itemprop=\"height\" content=\"313\"> <img decoding=\"async\" class=\"\" data-attachment-id=\"4091\" data-orig-file=\"https:\/\/opistobranquis.info\/wp-content\/uploads\/2012\/12\/aldisa-banyulensis-09.jpg\" data-orig-size=\"650,438\" data-comments-opened=\"\" data-image-title=\"aldisa-banyulensis-09\" data-image-description=\"\" data-medium-file=\"https:\/\/i0.wp.com\/opistobranquis.info\/wp-content\/uploads\/2012\/12\/aldisa-banyulensis-09.jpg?fit=300%2C202&#038;ssl=1\" data-large-file=\"https:\/\/i0.wp.com\/opistobranquis.info\/wp-content\/uploads\/2012\/12\/aldisa-banyulensis-09.jpg?fit=650%2C438&#038;ssl=1\" src=\"https:\/\/i0.wp.com\/opistobranquis.info\/wp-content\/uploads\/2012\/12\/aldisa-banyulensis-09.jpg?w=465&#038;h=313&#038;ssl=1\" srcset=\"https:\/\/i0.wp.com\/opistobranquis.info\/wp-content\/uploads\/2012\/12\/aldisa-banyulensis-09.jpg?w=650&amp;ssl=1 650w, https:\/\/i0.wp.com\/opistobranquis.info\/wp-content\/uploads\/2012\/12\/aldisa-banyulensis-09.jpg?resize=300%2C202&amp;ssl=1 300w\" width=\"465\" height=\"313\" loading=\"lazy\" data-original-width=\"465\" data-original-height=\"313\" itemprop=\"http:\/\/schema.org\/image\" title=\"aldisa-banyulensis-09\" alt=\"aldisa-banyulensis-09\" style=\"width: 465px; height: 313px;\" \/> <\/a> <\/div> <\/div> <!-- close group --> <div class=\"gallery-group images-1\" style=\"width: 215px; height: 317px;\" data-original-width=\"215\" data-original-height=\"317\" > <div class=\"tiled-gallery-item tiled-gallery-item-small\" itemprop=\"associatedMedia\" itemscope itemtype=\"http:\/\/schema.org\/ImageObject\"> <a href=\"https:\/\/opistobranquis.info\/ca\/guia\/nudibranchia\/doridina\/doridoidei\/doridoidea\/aldisa-banyulensis\/aldisa-banyulensis-10\/\" border=\"0\" itemprop=\"url\"> <meta itemprop=\"width\" content=\"211\"> <meta itemprop=\"height\" content=\"313\"> <img decoding=\"async\" class=\"\" data-attachment-id=\"4092\" data-orig-file=\"https:\/\/opistobranquis.info\/wp-content\/uploads\/2012\/12\/aldisa-banyulensis-10.jpg\" data-orig-size=\"331,490\" data-comments-opened=\"\" data-image-title=\"aldisa-banyulensis-10\" data-image-description=\"\" data-medium-file=\"https:\/\/i0.wp.com\/opistobranquis.info\/wp-content\/uploads\/2012\/12\/aldisa-banyulensis-10.jpg?fit=202%2C300&#038;ssl=1\" data-large-file=\"https:\/\/i0.wp.com\/opistobranquis.info\/wp-content\/uploads\/2012\/12\/aldisa-banyulensis-10.jpg?fit=331%2C490&#038;ssl=1\" src=\"https:\/\/i0.wp.com\/opistobranquis.info\/wp-content\/uploads\/2012\/12\/aldisa-banyulensis-10.jpg?w=211&#038;h=313&#038;ssl=1\" srcset=\"https:\/\/i0.wp.com\/opistobranquis.info\/wp-content\/uploads\/2012\/12\/aldisa-banyulensis-10.jpg?w=331&amp;ssl=1 331w, https:\/\/i0.wp.com\/opistobranquis.info\/wp-content\/uploads\/2012\/12\/aldisa-banyulensis-10.jpg?resize=202%2C300&amp;ssl=1 202w\" width=\"211\" height=\"313\" loading=\"lazy\" data-original-width=\"211\" data-original-height=\"313\" itemprop=\"http:\/\/schema.org\/image\" title=\"aldisa-banyulensis-10\" alt=\"aldisa-banyulensis-10\" style=\"width: 211px; height: 313px;\" \/> <\/a> <\/div> <\/div> <!-- close group --> <\/div> <!-- close row --> <div class=\"gallery-row\" style=\"width: 900px; height: 406px;\" data-original-width=\"900\" data-original-height=\"406\" > <div class=\"gallery-group images-1\" style=\"width: 601px; height: 406px;\" data-original-width=\"601\" data-original-height=\"406\" > <div class=\"tiled-gallery-item tiled-gallery-item-large\" itemprop=\"associatedMedia\" itemscope itemtype=\"http:\/\/schema.org\/ImageObject\"> <a href=\"https:\/\/opistobranquis.info\/ca\/guia\/nudibranchia\/doridina\/doridoidei\/doridoidea\/aldisa-banyulensis\/aldisa-banyulensis-11\/\" border=\"0\" itemprop=\"url\"> <meta itemprop=\"width\" content=\"597\"> <meta itemprop=\"height\" content=\"402\"> <img decoding=\"async\" class=\"\" data-attachment-id=\"4093\" data-orig-file=\"https:\/\/opistobranquis.info\/wp-content\/uploads\/2012\/12\/aldisa-banyulensis-11.jpg\" data-orig-size=\"650,438\" data-comments-opened=\"\" data-image-title=\"aldisa-banyulensis-11\" data-image-description=\"\" data-medium-file=\"https:\/\/i0.wp.com\/opistobranquis.info\/wp-content\/uploads\/2012\/12\/aldisa-banyulensis-11.jpg?fit=300%2C202&#038;ssl=1\" data-large-file=\"https:\/\/i0.wp.com\/opistobranquis.info\/wp-content\/uploads\/2012\/12\/aldisa-banyulensis-11.jpg?fit=650%2C438&#038;ssl=1\" src=\"https:\/\/i0.wp.com\/opistobranquis.info\/wp-content\/uploads\/2012\/12\/aldisa-banyulensis-11.jpg?w=597&#038;h=402&#038;ssl=1\" srcset=\"https:\/\/i0.wp.com\/opistobranquis.info\/wp-content\/uploads\/2012\/12\/aldisa-banyulensis-11.jpg?w=650&amp;ssl=1 650w, https:\/\/i0.wp.com\/opistobranquis.info\/wp-content\/uploads\/2012\/12\/aldisa-banyulensis-11.jpg?resize=300%2C202&amp;ssl=1 300w\" width=\"597\" height=\"402\" loading=\"lazy\" data-original-width=\"597\" data-original-height=\"402\" itemprop=\"http:\/\/schema.org\/image\" title=\"aldisa-banyulensis-11\" alt=\"aldisa-banyulensis-11\" style=\"width: 597px; height: 402px;\" \/> <\/a> <\/div> <\/div> <!-- close group --> <div class=\"gallery-group images-2\" style=\"width: 299px; height: 406px;\" data-original-width=\"299\" data-original-height=\"406\" > <div class=\"tiled-gallery-item tiled-gallery-item-large\" itemprop=\"associatedMedia\" itemscope itemtype=\"http:\/\/schema.org\/ImageObject\"> <a href=\"https:\/\/opistobranquis.info\/ca\/guia\/nudibranchia\/doridina\/doridoidei\/doridoidea\/aldisa-banyulensis\/aldisa-banyulensis-14\/\" border=\"0\" itemprop=\"url\"> <meta itemprop=\"width\" content=\"295\"> <meta itemprop=\"height\" content=\"199\"> <img decoding=\"async\" class=\"\" data-attachment-id=\"4094\" data-orig-file=\"https:\/\/opistobranquis.info\/wp-content\/uploads\/2012\/12\/aldisa-banyulensis-14.jpg\" data-orig-size=\"650,438\" data-comments-opened=\"\" data-image-title=\"aldisa-banyulensis-14\" data-image-description=\"\" data-medium-file=\"https:\/\/i0.wp.com\/opistobranquis.info\/wp-content\/uploads\/2012\/12\/aldisa-banyulensis-14.jpg?fit=300%2C202&#038;ssl=1\" data-large-file=\"https:\/\/i0.wp.com\/opistobranquis.info\/wp-content\/uploads\/2012\/12\/aldisa-banyulensis-14.jpg?fit=650%2C438&#038;ssl=1\" src=\"https:\/\/i0.wp.com\/opistobranquis.info\/wp-content\/uploads\/2012\/12\/aldisa-banyulensis-14.jpg?w=295&#038;h=199&#038;ssl=1\" srcset=\"https:\/\/i0.wp.com\/opistobranquis.info\/wp-content\/uploads\/2012\/12\/aldisa-banyulensis-14.jpg?w=650&amp;ssl=1 650w, https:\/\/i0.wp.com\/opistobranquis.info\/wp-content\/uploads\/2012\/12\/aldisa-banyulensis-14.jpg?resize=300%2C202&amp;ssl=1 300w\" width=\"295\" height=\"199\" loading=\"lazy\" data-original-width=\"295\" data-original-height=\"199\" itemprop=\"http:\/\/schema.org\/image\" title=\"aldisa-banyulensis-14\" alt=\"aldisa-banyulensis-14\" style=\"width: 295px; height: 199px;\" \/> <\/a> <\/div> <div class=\"tiled-gallery-item tiled-gallery-item-large\" itemprop=\"associatedMedia\" itemscope itemtype=\"http:\/\/schema.org\/ImageObject\"> <a href=\"https:\/\/opistobranquis.info\/ca\/guia\/nudibranchia\/doridina\/doridoidei\/doridoidea\/aldisa-banyulensis\/aldisa-banyulensis-15\/\" border=\"0\" itemprop=\"url\"> <meta itemprop=\"width\" content=\"295\"> <meta itemprop=\"height\" content=\"199\"> <img decoding=\"async\" class=\"\" data-attachment-id=\"4095\" data-orig-file=\"https:\/\/opistobranquis.info\/wp-content\/uploads\/2012\/12\/aldisa-banyulensis-15.jpg\" data-orig-size=\"650,438\" data-comments-opened=\"\" data-image-title=\"aldisa-banyulensis-15\" data-image-description=\"\" data-medium-file=\"https:\/\/i0.wp.com\/opistobranquis.info\/wp-content\/uploads\/2012\/12\/aldisa-banyulensis-15.jpg?fit=300%2C202&#038;ssl=1\" data-large-file=\"https:\/\/i0.wp.com\/opistobranquis.info\/wp-content\/uploads\/2012\/12\/aldisa-banyulensis-15.jpg?fit=650%2C438&#038;ssl=1\" src=\"https:\/\/i0.wp.com\/opistobranquis.info\/wp-content\/uploads\/2012\/12\/aldisa-banyulensis-15.jpg?w=295&#038;h=199&#038;ssl=1\" srcset=\"https:\/\/i0.wp.com\/opistobranquis.info\/wp-content\/uploads\/2012\/12\/aldisa-banyulensis-15.jpg?w=650&amp;ssl=1 650w, https:\/\/i0.wp.com\/opistobranquis.info\/wp-content\/uploads\/2012\/12\/aldisa-banyulensis-15.jpg?resize=300%2C202&amp;ssl=1 300w\" width=\"295\" height=\"199\" loading=\"lazy\" data-original-width=\"295\" data-original-height=\"199\" itemprop=\"http:\/\/schema.org\/image\" title=\"aldisa-banyulensis-15\" alt=\"aldisa-banyulensis-15\" style=\"width: 295px; height: 199px;\" \/> <\/a> <\/div> <\/div> <!-- close group --> <\/div> <!-- close row --> <div class=\"gallery-row\" style=\"width: 900px; height: 697px;\" data-original-width=\"900\" data-original-height=\"697\" > <div class=\"gallery-group images-2\" style=\"width: 449px; height: 697px;\" data-original-width=\"449\" data-original-height=\"697\" > <div class=\"tiled-gallery-item tiled-gallery-item-large\" itemprop=\"associatedMedia\" itemscope itemtype=\"http:\/\/schema.org\/ImageObject\"> <a href=\"https:\/\/opistobranquis.info\/ca\/guia\/nudibranchia\/doridina\/doridoidei\/doridoidea\/aldisa-banyulensis\/konica-minolta-digital-camera\/\" border=\"0\" itemprop=\"url\"> <meta itemprop=\"width\" content=\"445\"> <meta itemprop=\"height\" content=\"298\"> <img decoding=\"async\" class=\"\" data-attachment-id=\"4096\" data-orig-file=\"https:\/\/opistobranquis.info\/wp-content\/uploads\/2012\/12\/aldisa-banyulensis-pict0669.jpg\" data-orig-size=\"808,540\" data-comments-opened=\"\" data-image-title=\"Aldisa banyulensis\" data-image-description=\"&lt;p&gt;Aldisa banyulensis&lt;\/p&gt; \" data-medium-file=\"https:\/\/i0.wp.com\/opistobranquis.info\/wp-content\/uploads\/2012\/12\/aldisa-banyulensis-pict0669.jpg?fit=300%2C200&#038;ssl=1\" data-large-file=\"https:\/\/i0.wp.com\/opistobranquis.info\/wp-content\/uploads\/2012\/12\/aldisa-banyulensis-pict0669.jpg?fit=808%2C540&#038;ssl=1\" src=\"https:\/\/i0.wp.com\/opistobranquis.info\/wp-content\/uploads\/2012\/12\/aldisa-banyulensis-pict0669.jpg?w=445&#038;h=298&#038;ssl=1\" srcset=\"https:\/\/i0.wp.com\/opistobranquis.info\/wp-content\/uploads\/2012\/12\/aldisa-banyulensis-pict0669.jpg?w=808&amp;ssl=1 808w, https:\/\/i0.wp.com\/opistobranquis.info\/wp-content\/uploads\/2012\/12\/aldisa-banyulensis-pict0669.jpg?resize=300%2C200&amp;ssl=1 300w\" width=\"445\" height=\"298\" loading=\"lazy\" data-original-width=\"445\" data-original-height=\"298\" itemprop=\"http:\/\/schema.org\/image\" title=\"Aldisa banyulensis\" alt=\"Aldisa banyulensis\" style=\"width: 445px; height: 298px;\" \/> <\/a> <div class=\"tiled-gallery-caption\" itemprop=\"caption description\"> Aldisa banyulensis <\/div> <\/div> <div class=\"tiled-gallery-item tiled-gallery-item-large\" itemprop=\"associatedMedia\" itemscope itemtype=\"http:\/\/schema.org\/ImageObject\"> <a href=\"https:\/\/opistobranquis.info\/ca\/guia\/nudibranchia\/doridina\/doridoidei\/doridoidea\/aldisa-banyulensis\/aldisa-banyulensis-gill-detail-by-luis-sanchez-tocino\/\" border=\"0\" itemprop=\"url\"> <meta itemprop=\"width\" content=\"445\"> <meta itemprop=\"height\" content=\"391\"> <img decoding=\"async\" class=\"\" data-attachment-id=\"22317\" data-orig-file=\"https:\/\/opistobranquis.info\/wp-content\/uploads\/2016\/09\/Aldisa-banyulensis-gill-detail-by-Luis-S\u00e1nchez-Tocino.jpg\" data-orig-size=\"230,202\" data-comments-opened=\"\" data-image-title=\"Aldisa banyulensis gill detail by Luis S\u00e1nchez Tocino\" data-image-description=\"&lt;p&gt;Aldisa banyulensis gill detail by Luis S\u00e1nchez Tocino&lt;\/p&gt; \" data-medium-file=\"https:\/\/i0.wp.com\/opistobranquis.info\/wp-content\/uploads\/2016\/09\/Aldisa-banyulensis-gill-detail-by-Luis-S%C3%A1nchez-Tocino.jpg?fit=230%2C202&#038;ssl=1\" data-large-file=\"https:\/\/i0.wp.com\/opistobranquis.info\/wp-content\/uploads\/2016\/09\/Aldisa-banyulensis-gill-detail-by-Luis-S%C3%A1nchez-Tocino.jpg?fit=230%2C202&#038;ssl=1\" src=\"https:\/\/i0.wp.com\/opistobranquis.info\/wp-content\/uploads\/2016\/09\/Aldisa-banyulensis-gill-detail-by-Luis-S%C3%A1nchez-Tocino.jpg?w=445&#038;h=391&#038;ssl=1\" width=\"445\" height=\"391\" loading=\"lazy\" data-original-width=\"445\" data-original-height=\"391\" itemprop=\"http:\/\/schema.org\/image\" title=\"Aldisa banyulensis gill detail by Luis S\u00e1nchez Tocino\" alt=\"Aldisa banyulensis gill detail by Luis S\u00e1nchez Tocino\" style=\"width: 445px; height: 391px;\" \/> <\/a> <div class=\"tiled-gallery-caption\" itemprop=\"caption description\"> Aldisa banyulensis gill detail by Luis S\u00e1nchez Tocino <\/div> <\/div> <\/div> <!-- close group --> <div class=\"gallery-group images-1\" style=\"width: 451px; height: 697px;\" data-original-width=\"451\" data-original-height=\"697\" > <div class=\"tiled-gallery-item tiled-gallery-item-large\" itemprop=\"associatedMedia\" itemscope itemtype=\"http:\/\/schema.org\/ImageObject\"> <a href=\"https:\/\/opistobranquis.info\/ca\/guia\/nudibranchia\/doridina\/doridoidei\/doridoidea\/aldisa-banyulensis\/aldisa-banyulensis-rhinophore-detail-by-luis-sanchez-tocino\/\" border=\"0\" itemprop=\"url\"> <meta itemprop=\"width\" content=\"447\"> <meta itemprop=\"height\" content=\"693\"> <img decoding=\"async\" class=\"\" data-attachment-id=\"22318\" data-orig-file=\"https:\/\/opistobranquis.info\/wp-content\/uploads\/2016\/09\/Aldisa-banyulensis-rhinophore-detail-by-Luis-S\u00e1nchez-Tocino.jpg\" data-orig-size=\"120,186\" data-comments-opened=\"\" data-image-title=\"Aldisa banyulensis rhinophore detail by Luis S\u00e1nchez Tocino\" data-image-description=\"&lt;p&gt;Aldisa banyulensis rhinophore detail by Luis S\u00e1nchez Tocino&lt;\/p&gt; \" data-medium-file=\"https:\/\/i0.wp.com\/opistobranquis.info\/wp-content\/uploads\/2016\/09\/Aldisa-banyulensis-rhinophore-detail-by-Luis-S%C3%A1nchez-Tocino.jpg?fit=120%2C186&#038;ssl=1\" data-large-file=\"https:\/\/i0.wp.com\/opistobranquis.info\/wp-content\/uploads\/2016\/09\/Aldisa-banyulensis-rhinophore-detail-by-Luis-S%C3%A1nchez-Tocino.jpg?fit=120%2C186&#038;ssl=1\" src=\"https:\/\/i0.wp.com\/opistobranquis.info\/wp-content\/uploads\/2016\/09\/Aldisa-banyulensis-rhinophore-detail-by-Luis-S%C3%A1nchez-Tocino.jpg?w=447&#038;h=693&#038;ssl=1\" width=\"447\" height=\"693\" loading=\"lazy\" data-original-width=\"447\" data-original-height=\"693\" itemprop=\"http:\/\/schema.org\/image\" title=\"Aldisa banyulensis rhinophore detail by Luis S\u00e1nchez Tocino\" alt=\"Aldisa banyulensis rhinophore detail by Luis S\u00e1nchez Tocino\" style=\"width: 447px; height: 693px;\" \/> <\/a> <div class=\"tiled-gallery-caption\" itemprop=\"caption description\"> Aldisa banyulensis rhinophore detail by Luis S\u00e1nchez Tocino <\/div> <\/div> <\/div> <!-- close group --> <\/div> <!-- close row --> <div class=\"gallery-row\" style=\"width: 900px; height: 152px;\" data-original-width=\"900\" data-original-height=\"152\" > <div class=\"gallery-group images-1\" style=\"width: 219px; height: 152px;\" data-original-width=\"219\" data-original-height=\"152\" > <div class=\"tiled-gallery-item tiled-gallery-item-small\" itemprop=\"associatedMedia\" itemscope itemtype=\"http:\/\/schema.org\/ImageObject\"> <a href=\"https:\/\/opistobranquis.info\/ca\/guia\/nudibranchia\/doridina\/doridoidei\/doridoidea\/aldisa-banyulensis\/konica-minolta-digital-camera-12\/\" border=\"0\" itemprop=\"url\"> <meta itemprop=\"width\" content=\"215\"> <meta itemprop=\"height\" content=\"148\"> <img decoding=\"async\" class=\"\" data-attachment-id=\"36423\" data-orig-file=\"https:\/\/opistobranquis.info\/wp-content\/uploads\/2023\/01\/Aldisa-banyulensis-by-Manuel-Ballesteros-PICT0670-bis-e1673446232132.jpg\" data-orig-size=\"1200,827\" data-comments-opened=\"\" data-image-title=\"Aldisa banyulensis @ Costa Brava by Manuel Ballesteros\" data-image-description=\"&lt;p&gt;Aldisa banyulensis @ Costa Brava by Manuel Ballesteros&lt;\/p&gt; \" data-medium-file=\"https:\/\/i0.wp.com\/opistobranquis.info\/wp-content\/uploads\/2023\/01\/Aldisa-banyulensis-by-Manuel-Ballesteros-PICT0670-bis-e1673446232132.jpg?fit=300%2C207&#038;ssl=1\" data-large-file=\"https:\/\/i0.wp.com\/opistobranquis.info\/wp-content\/uploads\/2023\/01\/Aldisa-banyulensis-by-Manuel-Ballesteros-PICT0670-bis-e1673446232132.jpg?fit=900%2C621&#038;ssl=1\" src=\"https:\/\/i0.wp.com\/opistobranquis.info\/wp-content\/uploads\/2023\/01\/Aldisa-banyulensis-by-Manuel-Ballesteros-PICT0670-bis-e1673446232132.jpg?w=215&#038;h=148&#038;ssl=1\" srcset=\"https:\/\/i0.wp.com\/opistobranquis.info\/wp-content\/uploads\/2023\/01\/Aldisa-banyulensis-by-Manuel-Ballesteros-PICT0670-bis-e1673446232132.jpg?w=1200&amp;ssl=1 1200w, https:\/\/i0.wp.com\/opistobranquis.info\/wp-content\/uploads\/2023\/01\/Aldisa-banyulensis-by-Manuel-Ballesteros-PICT0670-bis-e1673446232132.jpg?resize=300%2C207&amp;ssl=1 300w, https:\/\/i0.wp.com\/opistobranquis.info\/wp-content\/uploads\/2023\/01\/Aldisa-banyulensis-by-Manuel-Ballesteros-PICT0670-bis-e1673446232132.jpg?resize=1024%2C706&amp;ssl=1 1024w, https:\/\/i0.wp.com\/opistobranquis.info\/wp-content\/uploads\/2023\/01\/Aldisa-banyulensis-by-Manuel-Ballesteros-PICT0670-bis-e1673446232132.jpg?resize=150%2C103&amp;ssl=1 150w\" width=\"215\" height=\"148\" loading=\"lazy\" data-original-width=\"215\" data-original-height=\"148\" itemprop=\"http:\/\/schema.org\/image\" title=\"Aldisa banyulensis @ Costa Brava by Manuel Ballesteros\" alt=\"Aldisa banyulensis @ Costa Brava by Manuel Ballesteros\" style=\"width: 215px; height: 148px;\" \/> <\/a> <div class=\"tiled-gallery-caption\" itemprop=\"caption description\"> Aldisa banyulensis @ Costa Brava by Manuel Ballesteros <\/div> <\/div> <\/div> <!-- close group --> <div class=\"gallery-group images-1\" style=\"width: 227px; height: 152px;\" data-original-width=\"227\" data-original-height=\"152\" > <div class=\"tiled-gallery-item tiled-gallery-item-small\" itemprop=\"associatedMedia\" itemscope itemtype=\"http:\/\/schema.org\/ImageObject\"> <a href=\"https:\/\/opistobranquis.info\/ca\/guia\/nudibranchia\/doridina\/doridoidei\/doridoidea\/aldisa-banyulensis\/aldisa-banyulensis-by-miquel-pontes-mpg_7591\/\" border=\"0\" itemprop=\"url\"> <meta itemprop=\"width\" content=\"223\"> <meta itemprop=\"height\" content=\"148\"> <img decoding=\"async\" class=\"\" data-attachment-id=\"36424\" data-orig-file=\"https:\/\/opistobranquis.info\/wp-content\/uploads\/2023\/01\/Aldisa-banyulensis-by-Miquel-Pontes-MPG_7591-e1673445865958.jpg\" data-orig-size=\"1200,800\" data-comments-opened=\"\" data-image-title=\"Aldisa banyulensis @ Costa Brava by Miquel Pontes\" data-image-description=\"&lt;p&gt;Aldisa banyulensis @ Costa Brava by Miquel Pontes&lt;\/p&gt; \" data-medium-file=\"https:\/\/i0.wp.com\/opistobranquis.info\/wp-content\/uploads\/2023\/01\/Aldisa-banyulensis-by-Miquel-Pontes-MPG_7591-e1673445865958.jpg?fit=300%2C200&#038;ssl=1\" data-large-file=\"https:\/\/i0.wp.com\/opistobranquis.info\/wp-content\/uploads\/2023\/01\/Aldisa-banyulensis-by-Miquel-Pontes-MPG_7591-e1673445865958.jpg?fit=900%2C600&#038;ssl=1\" src=\"https:\/\/i0.wp.com\/opistobranquis.info\/wp-content\/uploads\/2023\/01\/Aldisa-banyulensis-by-Miquel-Pontes-MPG_7591-e1673445865958.jpg?w=223&#038;h=148&#038;ssl=1\" srcset=\"https:\/\/i0.wp.com\/opistobranquis.info\/wp-content\/uploads\/2023\/01\/Aldisa-banyulensis-by-Miquel-Pontes-MPG_7591-e1673445865958.jpg?w=1200&amp;ssl=1 1200w, https:\/\/i0.wp.com\/opistobranquis.info\/wp-content\/uploads\/2023\/01\/Aldisa-banyulensis-by-Miquel-Pontes-MPG_7591-e1673445865958.jpg?resize=300%2C200&amp;ssl=1 300w, https:\/\/i0.wp.com\/opistobranquis.info\/wp-content\/uploads\/2023\/01\/Aldisa-banyulensis-by-Miquel-Pontes-MPG_7591-e1673445865958.jpg?resize=1024%2C683&amp;ssl=1 1024w, https:\/\/i0.wp.com\/opistobranquis.info\/wp-content\/uploads\/2023\/01\/Aldisa-banyulensis-by-Miquel-Pontes-MPG_7591-e1673445865958.jpg?resize=150%2C100&amp;ssl=1 150w\" width=\"223\" height=\"148\" loading=\"lazy\" data-original-width=\"223\" data-original-height=\"148\" itemprop=\"http:\/\/schema.org\/image\" title=\"Aldisa banyulensis @ Costa Brava by Miquel Pontes\" alt=\"Aldisa banyulensis @ Costa Brava by Miquel Pontes\" style=\"width: 223px; height: 148px;\" \/> <\/a> <div class=\"tiled-gallery-caption\" itemprop=\"caption description\"> Aldisa banyulensis @ Costa Brava by Miquel Pontes <\/div> <\/div> <\/div> <!-- close group --> <div class=\"gallery-group images-1\" style=\"width: 227px; height: 152px;\" data-original-width=\"227\" data-original-height=\"152\" > <div class=\"tiled-gallery-item tiled-gallery-item-small\" itemprop=\"associatedMedia\" itemscope itemtype=\"http:\/\/schema.org\/ImageObject\"> <a href=\"https:\/\/opistobranquis.info\/ca\/guia\/nudibranchia\/doridina\/doridoidei\/doridoidea\/aldisa-banyulensis\/aldisa-banyulensis-by-miquel-pontes-mpg_7595\/\" border=\"0\" itemprop=\"url\"> <meta itemprop=\"width\" content=\"223\"> <meta itemprop=\"height\" content=\"148\"> <img decoding=\"async\" class=\"\" data-attachment-id=\"36425\" data-orig-file=\"https:\/\/opistobranquis.info\/wp-content\/uploads\/2023\/01\/Aldisa-banyulensis-by-Miquel-Pontes-MPG_7595-e1673445617334.jpg\" data-orig-size=\"1200,800\" data-comments-opened=\"\" data-image-title=\"Aldisa banyulensis @ Costa Brava by Miquel Pontes\" data-image-description=\"&lt;p&gt;Aldisa banyulensis @ Costa Brava by Miquel Pontes&lt;\/p&gt; \" data-medium-file=\"https:\/\/i0.wp.com\/opistobranquis.info\/wp-content\/uploads\/2023\/01\/Aldisa-banyulensis-by-Miquel-Pontes-MPG_7595-e1673445617334.jpg?fit=300%2C200&#038;ssl=1\" data-large-file=\"https:\/\/i0.wp.com\/opistobranquis.info\/wp-content\/uploads\/2023\/01\/Aldisa-banyulensis-by-Miquel-Pontes-MPG_7595-e1673445617334.jpg?fit=900%2C600&#038;ssl=1\" src=\"https:\/\/i0.wp.com\/opistobranquis.info\/wp-content\/uploads\/2023\/01\/Aldisa-banyulensis-by-Miquel-Pontes-MPG_7595-e1673445617334.jpg?w=223&#038;h=148&#038;ssl=1\" srcset=\"https:\/\/i0.wp.com\/opistobranquis.info\/wp-content\/uploads\/2023\/01\/Aldisa-banyulensis-by-Miquel-Pontes-MPG_7595-e1673445617334.jpg?w=1200&amp;ssl=1 1200w, https:\/\/i0.wp.com\/opistobranquis.info\/wp-content\/uploads\/2023\/01\/Aldisa-banyulensis-by-Miquel-Pontes-MPG_7595-e1673445617334.jpg?resize=300%2C200&amp;ssl=1 300w, https:\/\/i0.wp.com\/opistobranquis.info\/wp-content\/uploads\/2023\/01\/Aldisa-banyulensis-by-Miquel-Pontes-MPG_7595-e1673445617334.jpg?resize=1024%2C683&amp;ssl=1 1024w, https:\/\/i0.wp.com\/opistobranquis.info\/wp-content\/uploads\/2023\/01\/Aldisa-banyulensis-by-Miquel-Pontes-MPG_7595-e1673445617334.jpg?resize=150%2C100&amp;ssl=1 150w\" width=\"223\" height=\"148\" loading=\"lazy\" data-original-width=\"223\" data-original-height=\"148\" itemprop=\"http:\/\/schema.org\/image\" title=\"Aldisa banyulensis @ Costa Brava by Miquel Pontes\" alt=\"Aldisa banyulensis @ Costa Brava by Miquel Pontes\" style=\"width: 223px; height: 148px;\" \/> <\/a> <div class=\"tiled-gallery-caption\" itemprop=\"caption description\"> Aldisa banyulensis @ Costa Brava by Miquel Pontes <\/div> <\/div> <\/div> <!-- close group --> <div class=\"gallery-group images-1\" style=\"width: 227px; height: 152px;\" data-original-width=\"227\" data-original-height=\"152\" > <div class=\"tiled-gallery-item tiled-gallery-item-small\" itemprop=\"associatedMedia\" itemscope itemtype=\"http:\/\/schema.org\/ImageObject\"> <a href=\"https:\/\/opistobranquis.info\/ca\/guia\/nudibranchia\/doridina\/doridoidei\/doridoidea\/aldisa-banyulensis\/konica-minolta-digital-camera-13\/\" border=\"0\" itemprop=\"url\"> <meta itemprop=\"width\" content=\"223\"> <meta itemprop=\"height\" content=\"148\"> <img decoding=\"async\" class=\"\" data-attachment-id=\"36426\" data-orig-file=\"https:\/\/opistobranquis.info\/wp-content\/uploads\/2023\/01\/Aldisa-banyulensis-by-Manuel-Ballesteros-PICT0668-e1673445548932.jpg\" data-orig-size=\"1200,798\" data-comments-opened=\"\" data-image-title=\"Aldisa banyulensis @ Costa Brava by Manuel Ballesteros\" data-image-description=\"&lt;p&gt;Aldisa banyulensis @ Costa Brava by Manuel Ballesteros&lt;\/p&gt; \" data-medium-file=\"https:\/\/i0.wp.com\/opistobranquis.info\/wp-content\/uploads\/2023\/01\/Aldisa-banyulensis-by-Manuel-Ballesteros-PICT0668-e1673445548932.jpg?fit=300%2C200&#038;ssl=1\" data-large-file=\"https:\/\/i0.wp.com\/opistobranquis.info\/wp-content\/uploads\/2023\/01\/Aldisa-banyulensis-by-Manuel-Ballesteros-PICT0668-e1673445548932.jpg?fit=900%2C599&#038;ssl=1\" src=\"https:\/\/i0.wp.com\/opistobranquis.info\/wp-content\/uploads\/2023\/01\/Aldisa-banyulensis-by-Manuel-Ballesteros-PICT0668-e1673445548932.jpg?w=223&#038;h=148&#038;ssl=1\" srcset=\"https:\/\/i0.wp.com\/opistobranquis.info\/wp-content\/uploads\/2023\/01\/Aldisa-banyulensis-by-Manuel-Ballesteros-PICT0668-e1673445548932.jpg?w=1200&amp;ssl=1 1200w, https:\/\/i0.wp.com\/opistobranquis.info\/wp-content\/uploads\/2023\/01\/Aldisa-banyulensis-by-Manuel-Ballesteros-PICT0668-e1673445548932.jpg?resize=300%2C200&amp;ssl=1 300w, https:\/\/i0.wp.com\/opistobranquis.info\/wp-content\/uploads\/2023\/01\/Aldisa-banyulensis-by-Manuel-Ballesteros-PICT0668-e1673445548932.jpg?resize=1024%2C681&amp;ssl=1 1024w, https:\/\/i0.wp.com\/opistobranquis.info\/wp-content\/uploads\/2023\/01\/Aldisa-banyulensis-by-Manuel-Ballesteros-PICT0668-e1673445548932.jpg?resize=150%2C100&amp;ssl=1 150w\" width=\"223\" height=\"148\" loading=\"lazy\" data-original-width=\"223\" data-original-height=\"148\" itemprop=\"http:\/\/schema.org\/image\" title=\"Aldisa banyulensis @ Costa Brava by Manuel Ballesteros\" alt=\"Aldisa banyulensis @ Costa Brava by Manuel Ballesteros\" style=\"width: 223px; height: 148px;\" \/> <\/a> <div class=\"tiled-gallery-caption\" itemprop=\"caption description\"> Aldisa banyulensis @ Costa Brava by Manuel Ballesteros <\/div> <\/div> <\/div> <!-- close group --> <\/div> <!-- close row --> <\/div><\/p>\n<p><p><strong>Bibliografia<\/strong><\/p><ul><div id=\"zotpress-17d127ca5360be0d7ac8d6b808137093\" class=\"zp-Zotpress zp-Zotpress-Bib wp-block-group\">\n\n\t\t<span class=\"ZP_API_USER_ID ZP_ATTR\">1246567<\/span>\n\t\t<span class=\"ZP_ITEM_KEY ZP_ATTR\"><\/span>\n\t\t<span class=\"ZP_COLLECTION_ID ZP_ATTR\"><\/span>\n\t\t<span class=\"ZP_TAG_ID ZP_ATTR\">Aldisa banyulensis<\/span>\n\t\t<span class=\"ZP_AUTHOR ZP_ATTR\"><\/span>\n\t\t<span class=\"ZP_YEAR ZP_ATTR\"><\/span>\n        <span class=\"ZP_ITEMTYPE ZP_ATTR\"><\/span>\n\t\t<span class=\"ZP_INCLUSIVE ZP_ATTR\">1<\/span>\n\t\t<span class=\"ZP_STYLE ZP_ATTR\">eunomia-revista-en-cultura-de-la-legalidad<\/span>\n\t\t<span class=\"ZP_LIMIT ZP_ATTR\">50<\/span>\n\t\t<span class=\"ZP_SORTBY ZP_ATTR\">creator<\/span>\n\t\t<span class=\"ZP_ORDER ZP_ATTR\">asc<\/span>\n\t\t<span class=\"ZP_TITLE ZP_ATTR\"><\/span>\n\t\t<span class=\"ZP_SHOWIMAGE ZP_ATTR\"><\/span>\n\t\t<span class=\"ZP_SHOWTAGS ZP_ATTR\"><\/span>\n\t\t<span class=\"ZP_DOWNLOADABLE ZP_ATTR\"><\/span>\n\t\t<span class=\"ZP_NOTES ZP_ATTR\"><\/span>\n\t\t<span class=\"ZP_ABSTRACT ZP_ATTR\"><\/span>\n\t\t<span class=\"ZP_CITEABLE ZP_ATTR\"><\/span>\n\t\t<span class=\"ZP_TARGET ZP_ATTR\">1<\/span>\n\t\t<span class=\"ZP_URLWRAP ZP_ATTR\"><\/span>\n\t\t<span class=\"ZP_FORCENUM ZP_ATTR\"><\/span>\n        <span class=\"ZP_HIGHLIGHT ZP_ATTR\"><\/span>\n        <span class=\"ZP_POSTID ZP_ATTR\">478<\/span>\n\t\t<span class=\"ZOTPRESS_PLUGIN_URL ZP_ATTR\">https:\/\/opistobranquis.info\/wp-content\/plugins\/zotpress\/<\/span>\n\n\t\t<div class=\"zp-List loading\">\n\t\t\t<div class=\"zp-SEO-Content\">\n\n\t\t\t<\/div><!-- .zp-zp-SEO-Content -->\n\t\t<\/div><!-- .zp-List -->\n\t<\/div><!--.zp-Zotpress-->\n\n<p><\/p>Bibliografia basada en els treballs de <b>Steve Long, 2006<\/b>. <a target=_blank href=https:\/\/opistobranquis.info\/wp-content\/uploads\/2016\/06\/Long-S.-2006-Bibliography-of-Opisthobranchia-1554-2000.pdf>Bibliography of Opisthobranchia 1554-2000<\/a> i <b>Gary McDonald, 2009<\/b>. <a href=http:\/\/escholarship.org\/uc\/item\/8115h0wz>Bibliographia Nudibranchia<\/a>, amb actualitzacions posteriors procedents d\u00b4altres fonts.<p><\/p><\/ul><p><\/p><p><strong>M\u00e9s informaci\u00f3<\/strong><\/p><span style=\"font-size:10pt\"><ul><ul class=\"blogroll-links\"><li><a href=\"http:\/\/www.biodiversitylibrary.org\/name\/Aldisa%20banyulensis\">Biodiversity Heritage Library<\/a><\/li><li><a href=\"http:\/\/www.cibsub.com\/bioespecie_es-aldisa_banyulensis-37172\">CIB - Club Immersio Biologia<\/a><\/li><li><a href=\"https:\/\/litoraldegranada.ugr.es\/el-litoral\/el-litoral-sumergido\/fauna\/moluscos\/gasteropodos\/opistobranquios\/orden-nudibranchia\/doridaceos\/doridoideos\/aldisa-banyulensis\/\">El Litoral de Granada<\/a><\/li><li><a href=\"https:\/\/www.flickr.com\/search\/?text=Aldisa%20banyulensis\">Flickr pictures<\/a><\/li><li><a href=\"http:\/\/www.opistobranquis.org\/ca\/guia\/68\">GROC<\/a><\/li><li><a href=\"http:\/\/www.irmng.org\/aphia.php?p=taxlist&#038;tName=Aldisa%20banyulensis\">Interim Register of Marine and Nonmarine Genera<\/a><\/li><li><a href=\"http:\/\/www.ncbi.nlm.nih.gov\/Taxonomy\/Browser\/wwwtax.cgi?mode=Undef&#038;name=Aldisa%20banyulensis&#038;lvl=0&#038;srchmode=1\">NCBI GenBank<\/a><\/li><li><a href=\"http:\/\/iobis.org\/mapper\/?taxon=Aldisa%20banyulensis\">OBIS - Search by Taxon<\/a><\/li><li><a href=\"http:\/\/www.seaslugforum.net\/showall\/aldibany\">Sea Slug Forum<\/a><\/li><li><a href=\"http:\/\/www.marinespecies.org\/aphia.php?p=taxdetails&#038;id=138735\">World Register of Marine Species<\/a><\/li><\/ul><\/ul><\/span><p><strong>Citeu aquest article com: <\/strong><\/p><div style=\"display: block; background: #444444; padding: 10px 30px 10px 10px; border-radius: 5px; line-height: 18px;\"><p class=\"citacio\"><b>Ballesteros, M., Madrenas, E. &#38; Pontes, M.<\/b> (2025) <em>\"Aldisa banyulensis\"<\/em> a <em>OPK-Opistobranquis<\/em>. Publicat: 16\/05\/2012. Accedit: 03\/09\/2026. Disponible a (<a href=https:\/\/opistobranquis.info\/ca\/?p=478>https:\/\/opistobranquis.info\/ca\/?p=478<\/a>)<\/p><p><\/p><\/div><p><\/p><\/p>","protected":false},"excerpt":{"rendered":"<p>Aldisa banyulensis (Pruvot-Fol, 1951) Descripci\u00f3 Els exemplars d&#8217;aquesta esp\u00e8cie mesuren uns 15 mm de longitud i s\u00f3n de color vermell\u00f3s amb la regi\u00f3 central del dors una mica m\u00e9s fosca a causa dels \u00f2rgans interns. La majoria dels animals tenen a m\u00e9s dues franges alguna cosa obliq\u00fces i blanquinoses a cada costat del cos. En el dors tamb\u00e9 es poden apreciar dues petites \u00e0rees vermelloses una mica m\u00e9s fosques que\u2026<\/p>\n<p class=\"continue-reading-button\"> <a class=\"continue-reading-link\" href=\"https:\/\/opistobranquis.info\/ca\/guia\/nudibranchia\/doridina\/doridoidei\/doridoidea\/aldisa-banyulensis\/\">Continua llegint<i class=\"crycon-right-dir\"><\/i><\/a><\/p>\n","protected":false},"author":291,"featured_media":4089,"parent":26109,"menu_order":6211,"comment_status":"closed","ping_status":"closed","template":"","meta":{"footnotes":""},"class_list":["post-478","page","type-page","status-publish","has-post-thumbnail","hentry"],"jetpack_sharing_enabled":true,"_links":{"self":[{"href":"https:\/\/opistobranquis.info\/ca\/wp-json\/wp\/v2\/pages\/478","targetHints":{"allow":["GET"]}}],"collection":[{"href":"https:\/\/opistobranquis.info\/ca\/wp-json\/wp\/v2\/pages"}],"about":[{"href":"https:\/\/opistobranquis.info\/ca\/wp-json\/wp\/v2\/types\/page"}],"author":[{"embeddable":true,"href":"https:\/\/opistobranquis.info\/ca\/wp-json\/wp\/v2\/users\/291"}],"replies":[{"embeddable":true,"href":"https:\/\/opistobranquis.info\/ca\/wp-json\/wp\/v2\/comments?post=478"}],"version-history":[{"count":2,"href":"https:\/\/opistobranquis.info\/ca\/wp-json\/wp\/v2\/pages\/478\/revisions"}],"predecessor-version":[{"id":35858,"href":"https:\/\/opistobranquis.info\/ca\/wp-json\/wp\/v2\/pages\/478\/revisions\/35858"}],"up":[{"embeddable":true,"href":"https:\/\/opistobranquis.info\/ca\/wp-json\/wp\/v2\/pages\/26109"}],"wp:featuredmedia":[{"embeddable":true,"href":"https:\/\/opistobranquis.info\/ca\/wp-json\/wp\/v2\/media\/4089"}],"wp:attachment":[{"href":"https:\/\/opistobranquis.info\/ca\/wp-json\/wp\/v2\/media?parent=478"}],"curies":[{"name":"wp","href":"https:\/\/api.w.org\/{rel}","templated":true}]}}