{"id":486,"date":"2012-05-16T19:10:34","date_gmt":"2012-05-16T17:10:34","guid":{"rendered":"https:\/\/opistobranquis.info\/peltodoris-atromaculatapeltodoris-atromaculatapeltodoris-atromaculata"},"modified":"2023-05-23T23:54:05","modified_gmt":"2023-05-23T21:54:05","slug":"peltodoris-atromaculata","status":"publish","type":"page","link":"https:\/\/opistobranquis.info\/ca\/guia\/nudibranchia\/doridina\/doridoidei\/doridoidea\/peltodoris-atromaculata\/","title":{"rendered":"Peltodoris atromaculata"},"content":{"rendered":"<p><\/p>\n<h3><em>Peltodoris atromaculata\u00a0<\/em>(Bergh, 1880)<\/h3>\n<p><span style=\"font-size:10pt;\" class=\"aligncenter\"><div id=\"featured-img-id\"><img data-recalc-dims=\"1\" decoding=\"async\" src=\"https:\/\/i0.wp.com\/opistobranquis.info\/wp-content\/uploads\/2012\/12\/peltodoris-atromaculata-34.jpg?w=900&#038;ssl=1\" alt=\"Peltodoris atromaculata @ Costa Brava, Spain by Enric Madrenas\" \/><\/div><center><em>Peltodoris atromaculata @ Costa Brava, Spain<\/em> per Enric Madrenas<\/center><\/span><p><\/p><div class=\"opk-worms\"><h3>Informaci\u00f3 taxon\u00f2mica WoRMS<\/h3><div class=\"opk-success\">Nom acceptat actual: <strong><em>Peltodoris atromaculata<\/em> Bergh, 1880<\/strong><\/div><h4>Classificaci\u00f3 actual<\/h4><table class=\"widefat striped\"><tr><th>Superdomain<\/th><td><a target=\"_blank\" href=\"https:\/\/www.marinespecies.org\/aphia.php?p=taxdetails&id=1\">Biota<\/a><\/td><\/tr><tr><th>Kingdom<\/th><td><a target=\"_blank\" href=\"https:\/\/www.marinespecies.org\/aphia.php?p=taxdetails&id=2\">Animalia<\/a><\/td><\/tr><tr><th>Phylum<\/th><td><a target=\"_blank\" href=\"https:\/\/www.marinespecies.org\/aphia.php?p=taxdetails&id=51\">Mollusca<\/a><\/td><\/tr><tr><th>Class<\/th><td><a target=\"_blank\" href=\"https:\/\/www.marinespecies.org\/aphia.php?p=taxdetails&id=101\">Gastropoda<\/a><\/td><\/tr><tr><th>Subclass<\/th><td><a target=\"_blank\" href=\"https:\/\/www.marinespecies.org\/aphia.php?p=taxdetails&id=14712\">Heterobranchia<\/a><\/td><\/tr><tr><th>Infraclass<\/th><td><a target=\"_blank\" href=\"https:\/\/www.marinespecies.org\/aphia.php?p=taxdetails&id=1057247\">Euthyneura<\/a><\/td><\/tr><tr><th>Subterclass<\/th><td><a target=\"_blank\" href=\"https:\/\/www.marinespecies.org\/aphia.php?p=taxdetails&id=1057249\">Ringipleura<\/a><\/td><\/tr><tr><th>Superorder<\/th><td><a target=\"_blank\" href=\"https:\/\/www.marinespecies.org\/aphia.php?p=taxdetails&id=411966\">Nudipleura<\/a><\/td><\/tr><tr><th>Order<\/th><td><a target=\"_blank\" href=\"https:\/\/www.marinespecies.org\/aphia.php?p=taxdetails&id=1762\">Nudibranchia<\/a><\/td><\/tr><tr><th>Suborder<\/th><td><a target=\"_blank\" href=\"https:\/\/www.marinespecies.org\/aphia.php?p=taxdetails&id=1829294\">Doridida<\/a><\/td><\/tr><tr><th>Infraorder<\/th><td><a target=\"_blank\" href=\"https:\/\/www.marinespecies.org\/aphia.php?p=taxdetails&id=246038\">Doridoidei<\/a><\/td><\/tr><tr><th>Superfamily<\/th><td><a target=\"_blank\" href=\"https:\/\/www.marinespecies.org\/aphia.php?p=taxdetails&id=173\">Doridoidea<\/a><\/td><\/tr><tr><th>Family<\/th><td><a target=\"_blank\" href=\"https:\/\/www.marinespecies.org\/aphia.php?p=taxdetails&id=1761\">Discodorididae<\/a><\/td><\/tr><tr><th>Genus<\/th><td><a target=\"_blank\" href=\"https:\/\/www.marinespecies.org\/aphia.php?p=taxdetails&id=225423\"><em>Peltodoris<\/em><\/a><\/td><\/tr><tr><th>Species<\/th><td><a target=\"_blank\" href=\"https:\/\/www.marinespecies.org\/aphia.php?p=taxdetails&id=509315\"><em>Peltodoris atromaculata<\/em> Bergh, 1880<\/a><\/td><\/tr><\/table><p class=\"footer\">Classificaci\u00f3 proporcionada pel World Register of Marine Species (WoRMS). [<a target=\"_blank\" href=\"https:\/\/www.marinespecies.org\/aphia.php?p=taxdetails&id=509315\">509315<\/a>]<\/p><\/div><strong>Sin\u00f2nims<\/strong><\/p>\n<ul>\n<li><i>Discodoris atromaculata<\/i> (Bergh, 1880)<\/li>\n<\/ul>\n<p><strong>Descripci\u00f3<\/strong><br \/>\nAquesta esp\u00e8cie \u00e9s de gran talla ja que pot mesurar fins a 12 cm de longitud. El cos \u00e9s molt aplanat i de contorn arrodonit o ovalat quan l&#8217;animal est\u00e0 en rep\u00f2s. \u00c9s inconfusible pel disseny crom\u00e0tic del cos: color de fons del dors blanc amb taques arrodonides de diverses mides de color marr\u00f3 fosc, quasi negre. Aquestes taques tendeixen a ser m\u00e9s grans en el centre que en els marges i la seva densitat pot variar molt segons els exemplars. Les taques del dors romanen en els animals conservats. El dors \u00e9s de consist\u00e8ncia cori\u00e0cia a causa de les esp\u00edcules presents en el mantell i t\u00e9 nombroses protuber\u00e0ncies c\u00f2niques de petita grand\u00e0ria. Els rin\u00f2fors s\u00f3n totalment blancs, tant la porci\u00f3 laminar (amb 20-25 lamel\u00b7les apretades) com la porci\u00f3 basal (sense lamel\u00b7les). La beina rinof\u00f2rica \u00e9s poc elevada i tamb\u00e9 t\u00e9 tubercles c\u00f2nics; la seva vora superior t\u00e9 tubercles irregulars, alguns de color marr\u00f3 fosc. La br\u00e0nquia est\u00e0 composada de fins a 8 fulles branquials de color blanc que tenen l&#8217;eix central de color marr\u00f3 clar. La beina branquial tamb\u00e9 \u00e9s tuberculada. Les fulles branquials s\u00f3n completament retr\u00e0ctils. El peu i la cara inferior del mantell s\u00f3n de color blanc. El peu \u00e9s ample i sobresurt lleugerament per sota del mantell a la zona posterior, formant una mena de cua arrodonida. Les v\u00edsceres internes poden tenyir de color rosat suau la porci\u00f3 central del peu. La boca est\u00e0 prove\u00efda d&#8217;un parell de palps orals fins.<\/p>\n<p><strong>Biologia<\/strong><br \/>\nAquesta esp\u00e8cie de nudibranqui \u00e9s com\u00fa en fons rocosos poc il\u00b7luminats, a l&#8217;entrada de coves i en fons coral\u00b7l\u00edgens, deambulant o sobre l&#8217;esponja <i>Petrosia ficiformis<\/i>, de la qual s&#8217;alimenta. Ocasionalment se la troba tamb\u00e9 sobre l&#8217;esponja <em>Haliclona fulva<\/em>, pero no es t\u00e9 la certesa de que s&#8217;alimenti d&#8217;ella. Tamb\u00e9 viu en fons d&#8217;arrossegament comercial, a uns 100 m de profunditat. Sobre l&#8217;esponja, el nudibranqui \u00e9s molt sedentari, podent romandre-hi diversos dies i llavors s&#8217;aprecien a la superf\u00edcie de l&#8217;esponja les zones raspades per la r\u00e0dula de l&#8217;animal. En ocasions poden observar-se sobre la mateixa esponja diversos individus de diferents mides, havent-se comptabilitzat fins a 27 exemplars sobre el cos d&#8217;una esponja de gran talla. El nudibranqui extreu aliment de l&#8217;esponja i acumula en la seva gl\u00e0ndula digestiva metab\u00f2lits secundaris anomenats &#8220;petroformines&#8221; (del grup dels acetil\u00b7lens) que s&#8217;han mostrat com a altament citot\u00f2xics en experiments de laboratori i que possiblement l&#8217;animal utilitzi com a mecanisme defensiu qu\u00edmic (\u00c0vila, 1995). \u00c9s freq\u00fcent que els animals mantinguts en aquari autotomitzin porcions marginals del mantell quan s\u00f3n molestats, presumiblement tamb\u00e9 com a mecanisme defensiu. La posta \u00e9s una cinta d&#8217;uns 15 mm d&#8217;al\u00e7ada, amb ous blancs i enrotllada en espiral de 3-4 voltes amb un di\u00e0metre d&#8217;uns 4 cm. Els ous mesuren unes 180 micres (Schmekel &amp; Portmann, 1982).<\/p>\n<p><strong>Etimologia<\/strong><\/p>\n<ul>\n<li><em>Doris<\/em>, \u00e9s una divinitat marina que d\u00f3na nom als nudibranquis doridacis. Era filla d&#8217;Oce\u00e0 i Tetis i es va casar amb el tamb\u00e9 d\u00e9u mar\u00ed Nereu. Aquest van ser els pares de les 50 nimfes marines o nereides.<\/li>\n<li><em>Atro- <\/em>\u00e9s la forma prefixada de la paraula llatina <em>ater<\/em>, que significa negre.<\/li>\n<li><em>Maculata<\/em>, del llat\u00ed <em>maculatus <\/em>= tacat<\/li>\n<li><em>Pelto-<\/em> del Llat\u00ed <em>pellis<\/em>= pell<\/li>\n<\/ul>\n<p><strong>Distribuci\u00f3<\/strong><br \/>\nEs tracta d&#8217;una esp\u00e8cie europea meridional i un dels nudibranquis m\u00e9s abundants en aig\u00fces del Mediterrani i que tamb\u00e9 viu a les costes atl\u00e0ntiques properes (Dayrat, 2010). Ha estat citada en nombroses zones costaneres de la Mediterr\u00e0nia, tant de la conca oriental com occidental. A l&#8217;Atl\u00e0ntic ha estat observada en les costes d&#8217;Ast\u00faries, a Portugal, a Can\u00e0ries, A\u00e7ores, Madeira i zona de l&#8217;Estret de Gibraltar. A part de les localitzacions anteriors, a la Pen\u00ednsula Ib\u00e8rica ha estat citada a totes les zones costaneres mediterr\u00e0nies i tamb\u00e9 a les Balears. A Catalunya apareix en pr\u00e0cticament totes les localitats de la Costa Brava. <div id=\"flxmap-6a999c14cf1d9\" class='flxmap-container' data-flxmap='flxmap_6a999c14cf1d9' style=\"width:100%;height:400px;\"><\/div>\n<script data-noptimize=\"1\">\n\/* <![CDATA[ *\/\n(function(w, fn) {\n if (w.addEventListener) w.addEventListener(\"DOMContentLoaded\", fn, false);\n else if (w.attachEvent) w.attachEvent(\"onload\", fn);\n})(window, function() {\n var f = new FlexibleMap();\n f.panControl = true;\n f.mapTypeId = \"satellite\";\n f.setlocale(\"ca-ES\");\n f.kmlcache = \"5 minutes\";\n f.showKML(\"flxmap-6a999c14cf1d9\", \"https:\/\/opistobranquis.info\/wp-content\/uploads\/kms\/486.kmz\");\n window.flxmap_6a999c14cf1d9 = f;\n});\n\/* ]]> *\/\n<\/script>\n<div style=\"width:100%;text-align:center;margin:12px 0 4px 0;\">\n  <div style=\"font-size:8pt;margin-bottom:6px;\">Cites georeferenciades conegudes de l'esp\u00e8cie: <em>Peltodoris atromaculata<\/em><\/div>\n  <table style=\"margin:0 auto;border-collapse:collapse;font-size:8pt;\">\n    <tr><td colspan=\"2\" style=\"text-align:left;padding-bottom:4px;\"><strong>Fonts:<\/strong><\/td><\/tr>\n    <tr>\n      <td style=\"vertical-align:top;padding-right:40px;\">\n        <table style=\"border-collapse:collapse;\">\n<tr><td style='padding:1px 6px 1px 0;vertical-align:middle'><img data-recalc-dims=\"1\" src=\"https:\/\/i0.wp.com\/opistobranquis.info\/wp-content\/uploads\/kms\/wht-circle-lv.png?w=900&#038;ssl=1\" style='display:block'><\/td><td style='padding:1px 0;vertical-align:middle;white-space:nowrap'>OBIS<\/td><\/tr><tr><td style='padding:1px 6px 1px 0;vertical-align:middle'><img data-recalc-dims=\"1\" src=\"https:\/\/i0.wp.com\/opistobranquis.info\/wp-content\/uploads\/kms\/ylw-circle-lv.png?w=900&#038;ssl=1\" style='display:block'><\/td><td style='padding:1px 0;vertical-align:middle;white-space:nowrap'>GROC 2010-2011<\/td><\/tr><tr><td style='padding:1px 6px 1px 0;vertical-align:middle'><img data-recalc-dims=\"1\" src=\"https:\/\/i0.wp.com\/opistobranquis.info\/wp-content\/uploads\/kms\/grn-circle-lv.png?w=900&#038;ssl=1\" style='display:block'><\/td><td style='padding:1px 0;vertical-align:middle;white-space:nowrap'>Enric Madrenas<\/td><\/tr><tr><td style='padding:1px 6px 1px 0;vertical-align:middle'><img data-recalc-dims=\"1\" src=\"https:\/\/i0.wp.com\/opistobranquis.info\/wp-content\/uploads\/kms\/orange-circle-lv.png?w=900&#038;ssl=1\" style='display:block'><\/td><td style='padding:1px 0;vertical-align:middle;white-space:nowrap'>Jo\u00e3o Pedro Silva<\/td><\/tr><tr><td style='padding:1px 6px 1px 0;vertical-align:middle'><img data-recalc-dims=\"1\" src=\"https:\/\/i0.wp.com\/opistobranquis.info\/wp-content\/uploads\/kms\/pink-circle-lv.png?w=900&#038;ssl=1\" style='display:block'><\/td><td style='padding:1px 0;vertical-align:middle;white-space:nowrap'>Bernard Picton<\/td><\/tr><tr><td style='padding:1px 6px 1px 0;vertical-align:middle'><img data-recalc-dims=\"1\" src=\"https:\/\/i0.wp.com\/opistobranquis.info\/wp-content\/uploads\/kms\/blk-circle-lv.png?w=900&#038;ssl=1\" style='display:block'><\/td><td style='padding:1px 0;vertical-align:middle;white-space:nowrap'>GBIF<\/td><\/tr>        <\/table>\n      <\/td>\n      <td style=\"vertical-align:top;\">\n        <table style=\"border-collapse:collapse;\">\n<tr><td style='padding:1px 6px 1px 0;vertical-align:middle'><img data-recalc-dims=\"1\" src=\"https:\/\/i0.wp.com\/opistobranquis.info\/wp-content\/uploads\/kms\/purple-circle-lv.png?w=900&#038;ssl=1\" style='display:block'><\/td><td style='padding:1px 0;vertical-align:middle;white-space:nowrap'>OPK<\/td><\/tr><tr><td style='padding:1px 6px 1px 0;vertical-align:middle'><img data-recalc-dims=\"1\" src=\"https:\/\/i0.wp.com\/opistobranquis.info\/wp-content\/uploads\/kms\/red-circle-lv.png?w=900&#038;ssl=1\" style='display:block'><\/td><td style='padding:1px 0;vertical-align:middle;white-space:nowrap'>VIMAR<\/td><\/tr><tr><td style='padding:1px 6px 1px 0;vertical-align:middle'><img data-recalc-dims=\"1\" src=\"https:\/\/i0.wp.com\/opistobranquis.info\/wp-content\/uploads\/kms\/blu-circle-lv.png?w=900&#038;ssl=1\" style='display:block'><\/td><td style='padding:1px 0;vertical-align:middle;white-space:nowrap'>Manuel Ballesteros<\/td><\/tr><tr><td style='padding:1px 6px 1px 0;vertical-align:middle'><img data-recalc-dims=\"1\" src=\"https:\/\/i0.wp.com\/opistobranquis.info\/wp-content\/uploads\/kms\/cyan-circle-lv.png?w=900&#038;ssl=1\" style='display:block'><\/td><td style='padding:1px 0;vertical-align:middle;white-space:nowrap'>M@re Nostrum<\/td><\/tr><tr><td style='padding:1px 6px 1px 0;vertical-align:middle'><img data-recalc-dims=\"1\" src=\"https:\/\/i0.wp.com\/opistobranquis.info\/wp-content\/uploads\/kms\/grey-circle-lv.png?w=900&#038;ssl=1\" style='display:block'><\/td><td style='padding:1px 0;vertical-align:middle;white-space:nowrap'>Altres fonts<\/td><\/tr><tr><td style='padding:1px 6px 1px 0;vertical-align:middle'><img data-recalc-dims=\"1\" src=\"https:\/\/i0.wp.com\/opistobranquis.info\/wp-content\/uploads\/kms\/marreg.png?w=900&#038;ssl=1\" style='display:block'><\/td><td style='padding:1px 0;vertical-align:middle;white-space:nowrap'>Marine Regions<\/td><\/tr>        <\/table>\n      <\/td>\n    <\/tr>\n  <\/table>\n<\/div>\n<\/p>\n<p><strong>Error:<\/strong> Chart.js no est\u00e1 disponible.<\/p>\n<p><strong>Videos<\/strong><\/p>\n<p><iframe loading=\"lazy\" src=\"https:\/\/player.vimeo.com\/video\/406786202?h=beee8fb64b&amp;dnt=1&amp;app_id=122963\" width=\"900\" height=\"506\" frameborder=\"0\" allow=\"autoplay; fullscreen; picture-in-picture\" allowfullscreen><\/iframe><\/p>\n<p><iframe loading=\"lazy\" title=\"Doris dalmatienne - Peltodoris atromaculata - Banyuls - L&#039;oeil du plongeur\" width=\"900\" height=\"506\" src=\"https:\/\/www.youtube.com\/embed\/MFrT427-tzE?feature=oembed\" frameborder=\"0\" allow=\"accelerometer; autoplay; clipboard-write; encrypted-media; gyroscope; picture-in-picture; web-share\" allowfullscreen><\/iframe><\/p>\n<p><iframe loading=\"lazy\" src=\"https:\/\/player.vimeo.com\/video\/784334007?h=9b2841fc30&amp;dnt=1&amp;app_id=122963\" width=\"900\" height=\"506\" frameborder=\"0\" allow=\"autoplay; fullscreen; picture-in-picture\" allowfullscreen><\/iframe><\/p>\n<p>&nbsp;<\/p>\n<p><strong>Altres fotos<\/strong><br \/>\n<div class=\"tiled-gallery type-rectangular tiled-gallery-unresized\" data-original-width=\"900\" data-carousel-extra='{&quot;blog_id&quot;:1,&quot;permalink&quot;:&quot;https:\\\/\\\/opistobranquis.info\\\/ca\\\/guia\\\/nudibranchia\\\/doridina\\\/doridoidei\\\/doridoidea\\\/peltodoris-atromaculata\\\/&quot;,&quot;likes_blog_id&quot;:44192421}' itemscope itemtype=\"http:\/\/schema.org\/ImageGallery\" > <div class=\"gallery-row\" style=\"width: 900px; height: 418px;\" data-original-width=\"900\" data-original-height=\"418\" > <div class=\"gallery-group images-1\" style=\"width: 617px; height: 418px;\" data-original-width=\"617\" data-original-height=\"418\" > <div class=\"tiled-gallery-item tiled-gallery-item-large\" itemprop=\"associatedMedia\" itemscope itemtype=\"http:\/\/schema.org\/ImageObject\"> <a href=\"https:\/\/opistobranquis.info\/ca\/guia\/nudibranchia\/doridina\/doridoidei\/doridoidea\/peltodoris-atromaculata\/peltodoris-atromaculata-00\/\" border=\"0\" itemprop=\"url\"> <meta itemprop=\"width\" content=\"613\"> <meta itemprop=\"height\" content=\"414\"> <img decoding=\"async\" class=\"\" data-attachment-id=\"4741\" data-orig-file=\"https:\/\/opistobranquis.info\/wp-content\/uploads\/2012\/12\/peltodoris-atromaculata-00.jpg\" data-orig-size=\"650,439\" data-comments-opened=\"\" data-image-title=\"Peltodoris atromaculata @ Costa Brava, Spain by Enric Madrenas\" data-image-description=\"&lt;p&gt;Peltodoris atromaculata @ Costa Brava, Spain by Enric Madrenas&lt;\/p&gt; \" data-medium-file=\"https:\/\/i0.wp.com\/opistobranquis.info\/wp-content\/uploads\/2012\/12\/peltodoris-atromaculata-00.jpg?fit=300%2C202&#038;ssl=1\" data-large-file=\"https:\/\/i0.wp.com\/opistobranquis.info\/wp-content\/uploads\/2012\/12\/peltodoris-atromaculata-00.jpg?fit=650%2C439&#038;ssl=1\" src=\"https:\/\/i0.wp.com\/opistobranquis.info\/wp-content\/uploads\/2012\/12\/peltodoris-atromaculata-00.jpg?w=613&#038;h=414&#038;ssl=1\" srcset=\"https:\/\/i0.wp.com\/opistobranquis.info\/wp-content\/uploads\/2012\/12\/peltodoris-atromaculata-00.jpg?w=650&amp;ssl=1 650w, https:\/\/i0.wp.com\/opistobranquis.info\/wp-content\/uploads\/2012\/12\/peltodoris-atromaculata-00.jpg?resize=300%2C202&amp;ssl=1 300w\" width=\"613\" height=\"414\" loading=\"lazy\" data-original-width=\"613\" data-original-height=\"414\" itemprop=\"http:\/\/schema.org\/image\" title=\"Peltodoris atromaculata @ Costa Brava, Spain by Enric Madrenas\" alt=\"Peltodoris atromaculata @ Costa Brava, Spain by Enric Madrenas\" style=\"width: 613px; height: 414px;\" \/> <\/a> <div class=\"tiled-gallery-caption\" itemprop=\"caption description\"> Peltodoris atromaculata @ Costa Brava, Spain by Enric Madrenas <\/div> <\/div> <\/div> <!-- close group --> <div class=\"gallery-group images-1\" style=\"width: 283px; height: 418px;\" data-original-width=\"283\" data-original-height=\"418\" > <div class=\"tiled-gallery-item tiled-gallery-item-large\" itemprop=\"associatedMedia\" itemscope itemtype=\"http:\/\/schema.org\/ImageObject\"> <a href=\"https:\/\/opistobranquis.info\/ca\/guia\/nudibranchia\/doridina\/doridoidei\/doridoidea\/peltodoris-atromaculata\/peltodoris-atromaculata-01\/\" border=\"0\" itemprop=\"url\"> <meta itemprop=\"width\" content=\"279\"> <meta itemprop=\"height\" content=\"414\"> <img decoding=\"async\" class=\"\" data-attachment-id=\"4742\" data-orig-file=\"https:\/\/opistobranquis.info\/wp-content\/uploads\/2012\/12\/peltodoris-atromaculata-01.jpg\" data-orig-size=\"331,490\" data-comments-opened=\"\" data-image-title=\"Peltodoris atromaculata @ Costa Brava, Spain by Enric Madrenas\" data-image-description=\"&lt;p&gt;Peltodoris atromaculata @ Costa Brava, Spain by Enric Madrenas&lt;\/p&gt; \" data-medium-file=\"https:\/\/i0.wp.com\/opistobranquis.info\/wp-content\/uploads\/2012\/12\/peltodoris-atromaculata-01.jpg?fit=202%2C300&#038;ssl=1\" data-large-file=\"https:\/\/i0.wp.com\/opistobranquis.info\/wp-content\/uploads\/2012\/12\/peltodoris-atromaculata-01.jpg?fit=331%2C490&#038;ssl=1\" src=\"https:\/\/i0.wp.com\/opistobranquis.info\/wp-content\/uploads\/2012\/12\/peltodoris-atromaculata-01.jpg?w=279&#038;h=414&#038;ssl=1\" srcset=\"https:\/\/i0.wp.com\/opistobranquis.info\/wp-content\/uploads\/2012\/12\/peltodoris-atromaculata-01.jpg?w=331&amp;ssl=1 331w, https:\/\/i0.wp.com\/opistobranquis.info\/wp-content\/uploads\/2012\/12\/peltodoris-atromaculata-01.jpg?resize=202%2C300&amp;ssl=1 202w\" width=\"279\" height=\"414\" loading=\"lazy\" data-original-width=\"279\" data-original-height=\"414\" itemprop=\"http:\/\/schema.org\/image\" title=\"Peltodoris atromaculata @ Costa Brava, Spain by Enric Madrenas\" alt=\"Peltodoris atromaculata @ Costa Brava, Spain by Enric Madrenas\" style=\"width: 279px; height: 414px;\" \/> <\/a> <div class=\"tiled-gallery-caption\" itemprop=\"caption description\"> Peltodoris atromaculata @ Costa Brava, Spain by Enric Madrenas <\/div> <\/div> <\/div> <!-- close group --> <\/div> <!-- close row --> <div class=\"gallery-row\" style=\"width: 900px; height: 756px;\" data-original-width=\"900\" data-original-height=\"756\" > <div class=\"gallery-group images-1\" style=\"width: 529px; height: 756px;\" data-original-width=\"529\" data-original-height=\"756\" > <div class=\"tiled-gallery-item tiled-gallery-item-large\" itemprop=\"associatedMedia\" itemscope itemtype=\"http:\/\/schema.org\/ImageObject\"> <a href=\"https:\/\/opistobranquis.info\/ca\/guia\/nudibranchia\/doridina\/doridoidei\/doridoidea\/peltodoris-atromaculata\/peltodoris-atromaculata-02\/\" border=\"0\" itemprop=\"url\"> <meta itemprop=\"width\" content=\"525\"> <meta itemprop=\"height\" content=\"752\"> <img decoding=\"async\" class=\"\" data-attachment-id=\"4743\" data-orig-file=\"https:\/\/opistobranquis.info\/wp-content\/uploads\/2012\/12\/peltodoris-atromaculata-02.jpg\" data-orig-size=\"342,490\" data-comments-opened=\"\" data-image-title=\"Peltodoris atromaculata @ Costa Brava, Spain by Enric Madrenas\" data-image-description=\"&lt;p&gt;Peltodoris atromaculata @ Costa Brava, Spain by Enric Madrenas&lt;\/p&gt; \" data-medium-file=\"https:\/\/i0.wp.com\/opistobranquis.info\/wp-content\/uploads\/2012\/12\/peltodoris-atromaculata-02.jpg?fit=209%2C300&#038;ssl=1\" data-large-file=\"https:\/\/i0.wp.com\/opistobranquis.info\/wp-content\/uploads\/2012\/12\/peltodoris-atromaculata-02.jpg?fit=342%2C490&#038;ssl=1\" src=\"https:\/\/i0.wp.com\/opistobranquis.info\/wp-content\/uploads\/2012\/12\/peltodoris-atromaculata-02.jpg?w=525&#038;h=752&#038;ssl=1\" srcset=\"https:\/\/i0.wp.com\/opistobranquis.info\/wp-content\/uploads\/2012\/12\/peltodoris-atromaculata-02.jpg?w=342&amp;ssl=1 342w, https:\/\/i0.wp.com\/opistobranquis.info\/wp-content\/uploads\/2012\/12\/peltodoris-atromaculata-02.jpg?resize=209%2C300&amp;ssl=1 209w\" width=\"525\" height=\"752\" loading=\"lazy\" data-original-width=\"525\" data-original-height=\"752\" itemprop=\"http:\/\/schema.org\/image\" title=\"Peltodoris atromaculata @ Costa Brava, Spain by Enric Madrenas\" alt=\"Peltodoris atromaculata @ Costa Brava, Spain by Enric Madrenas\" style=\"width: 525px; height: 752px;\" \/> <\/a> <div class=\"tiled-gallery-caption\" itemprop=\"caption description\"> Peltodoris atromaculata @ Costa Brava, Spain by Enric Madrenas <\/div> <\/div> <\/div> <!-- close group --> <div class=\"gallery-group images-3\" style=\"width: 371px; height: 756px;\" data-original-width=\"371\" data-original-height=\"756\" > <div class=\"tiled-gallery-item tiled-gallery-item-large\" itemprop=\"associatedMedia\" itemscope itemtype=\"http:\/\/schema.org\/ImageObject\"> <a href=\"https:\/\/opistobranquis.info\/ca\/guia\/nudibranchia\/doridina\/doridoidei\/doridoidea\/peltodoris-atromaculata\/peltodoris-atromaculata-04\/\" border=\"0\" itemprop=\"url\"> <meta itemprop=\"width\" content=\"367\"> <meta itemprop=\"height\" content=\"248\"> <img decoding=\"async\" class=\"\" data-attachment-id=\"4744\" data-orig-file=\"https:\/\/opistobranquis.info\/wp-content\/uploads\/2012\/12\/peltodoris-atromaculata-04.jpg\" data-orig-size=\"650,439\" data-comments-opened=\"\" data-image-title=\"Peltodoris atromaculata @ Costa Brava, Spain by Enric Madrenas\" data-image-description=\"&lt;p&gt;Peltodoris atromaculata @ Costa Brava, Spain by Enric Madrenas&lt;\/p&gt; \" data-medium-file=\"https:\/\/i0.wp.com\/opistobranquis.info\/wp-content\/uploads\/2012\/12\/peltodoris-atromaculata-04.jpg?fit=300%2C202&#038;ssl=1\" data-large-file=\"https:\/\/i0.wp.com\/opistobranquis.info\/wp-content\/uploads\/2012\/12\/peltodoris-atromaculata-04.jpg?fit=650%2C439&#038;ssl=1\" src=\"https:\/\/i0.wp.com\/opistobranquis.info\/wp-content\/uploads\/2012\/12\/peltodoris-atromaculata-04.jpg?w=367&#038;h=248&#038;ssl=1\" srcset=\"https:\/\/i0.wp.com\/opistobranquis.info\/wp-content\/uploads\/2012\/12\/peltodoris-atromaculata-04.jpg?w=650&amp;ssl=1 650w, https:\/\/i0.wp.com\/opistobranquis.info\/wp-content\/uploads\/2012\/12\/peltodoris-atromaculata-04.jpg?resize=300%2C202&amp;ssl=1 300w\" width=\"367\" height=\"248\" loading=\"lazy\" data-original-width=\"367\" data-original-height=\"248\" itemprop=\"http:\/\/schema.org\/image\" title=\"Peltodoris atromaculata @ Costa Brava, Spain by Enric Madrenas\" alt=\"Peltodoris atromaculata @ Costa Brava, Spain by Enric Madrenas\" style=\"width: 367px; height: 248px;\" \/> <\/a> <div class=\"tiled-gallery-caption\" itemprop=\"caption description\"> Peltodoris atromaculata @ Costa Brava, Spain by Enric Madrenas <\/div> <\/div> <div class=\"tiled-gallery-item tiled-gallery-item-large\" itemprop=\"associatedMedia\" itemscope itemtype=\"http:\/\/schema.org\/ImageObject\"> <a href=\"https:\/\/opistobranquis.info\/ca\/guia\/nudibranchia\/doridina\/doridoidei\/doridoidea\/peltodoris-atromaculata\/peltodoris-atromaculata-06\/\" border=\"0\" itemprop=\"url\"> <meta itemprop=\"width\" content=\"367\"> <meta itemprop=\"height\" content=\"248\"> <img decoding=\"async\" class=\"\" data-attachment-id=\"4745\" data-orig-file=\"https:\/\/opistobranquis.info\/wp-content\/uploads\/2012\/12\/peltodoris-atromaculata-06.jpg\" data-orig-size=\"650,439\" data-comments-opened=\"\" data-image-title=\"Peltodoris atromaculata on Haliclona fulva @ Costa Brava, Spain by Enric Madrenas\" data-image-description=\"&lt;p&gt;Peltodoris atromaculata on Haliclona fulva @ Costa Brava, Spain by Enric Madrenas&lt;\/p&gt; \" data-medium-file=\"https:\/\/i0.wp.com\/opistobranquis.info\/wp-content\/uploads\/2012\/12\/peltodoris-atromaculata-06.jpg?fit=300%2C202&#038;ssl=1\" data-large-file=\"https:\/\/i0.wp.com\/opistobranquis.info\/wp-content\/uploads\/2012\/12\/peltodoris-atromaculata-06.jpg?fit=650%2C439&#038;ssl=1\" src=\"https:\/\/i0.wp.com\/opistobranquis.info\/wp-content\/uploads\/2012\/12\/peltodoris-atromaculata-06.jpg?w=367&#038;h=248&#038;ssl=1\" srcset=\"https:\/\/i0.wp.com\/opistobranquis.info\/wp-content\/uploads\/2012\/12\/peltodoris-atromaculata-06.jpg?w=650&amp;ssl=1 650w, https:\/\/i0.wp.com\/opistobranquis.info\/wp-content\/uploads\/2012\/12\/peltodoris-atromaculata-06.jpg?resize=300%2C202&amp;ssl=1 300w\" width=\"367\" height=\"248\" loading=\"lazy\" data-original-width=\"367\" data-original-height=\"248\" itemprop=\"http:\/\/schema.org\/image\" title=\"Peltodoris atromaculata on Haliclona fulva @ Costa Brava, Spain by Enric Madrenas\" alt=\"Peltodoris atromaculata on Haliclona fulva @ Costa Brava, Spain by Enric Madrenas\" style=\"width: 367px; height: 248px;\" \/> <\/a> <div class=\"tiled-gallery-caption\" itemprop=\"caption description\"> Peltodoris atromaculata on Haliclona fulva @ Costa Brava, Spain by Enric Madrenas <\/div> <\/div> <div class=\"tiled-gallery-item tiled-gallery-item-large\" itemprop=\"associatedMedia\" itemscope itemtype=\"http:\/\/schema.org\/ImageObject\"> <a href=\"https:\/\/opistobranquis.info\/ca\/guia\/nudibranchia\/doridina\/doridoidei\/doridoidea\/peltodoris-atromaculata\/peltodoris-atromaculata-08\/\" border=\"0\" itemprop=\"url\"> <meta itemprop=\"width\" content=\"367\"> <meta itemprop=\"height\" content=\"248\"> <img decoding=\"async\" class=\"\" data-attachment-id=\"4746\" data-orig-file=\"https:\/\/opistobranquis.info\/wp-content\/uploads\/2012\/12\/peltodoris-atromaculata-08.jpg\" data-orig-size=\"650,439\" data-comments-opened=\"\" data-image-title=\"Peltodoris atromaculata @ Costa Brava, Spain by Enric Madrenas\" data-image-description=\"&lt;p&gt;Peltodoris atromaculata @ Costa Brava, Spain by Enric Madrenas&lt;\/p&gt; \" data-medium-file=\"https:\/\/i0.wp.com\/opistobranquis.info\/wp-content\/uploads\/2012\/12\/peltodoris-atromaculata-08.jpg?fit=300%2C202&#038;ssl=1\" data-large-file=\"https:\/\/i0.wp.com\/opistobranquis.info\/wp-content\/uploads\/2012\/12\/peltodoris-atromaculata-08.jpg?fit=650%2C439&#038;ssl=1\" src=\"https:\/\/i0.wp.com\/opistobranquis.info\/wp-content\/uploads\/2012\/12\/peltodoris-atromaculata-08.jpg?w=367&#038;h=248&#038;ssl=1\" srcset=\"https:\/\/i0.wp.com\/opistobranquis.info\/wp-content\/uploads\/2012\/12\/peltodoris-atromaculata-08.jpg?w=650&amp;ssl=1 650w, https:\/\/i0.wp.com\/opistobranquis.info\/wp-content\/uploads\/2012\/12\/peltodoris-atromaculata-08.jpg?resize=300%2C202&amp;ssl=1 300w\" width=\"367\" height=\"248\" loading=\"lazy\" data-original-width=\"367\" data-original-height=\"248\" itemprop=\"http:\/\/schema.org\/image\" title=\"Peltodoris atromaculata @ Costa Brava, Spain by Enric Madrenas\" alt=\"Peltodoris atromaculata @ Costa Brava, Spain by Enric Madrenas\" style=\"width: 367px; height: 248px;\" \/> <\/a> <div class=\"tiled-gallery-caption\" itemprop=\"caption description\"> Peltodoris atromaculata @ Costa Brava, Spain by Enric Madrenas <\/div> <\/div> <\/div> <!-- close group --> <\/div> <!-- close row --> <div class=\"gallery-row\" style=\"width: 900px; height: 248px;\" data-original-width=\"900\" data-original-height=\"248\" > <div class=\"gallery-group images-1\" style=\"width: 366px; height: 248px;\" data-original-width=\"366\" data-original-height=\"248\" > <div class=\"tiled-gallery-item tiled-gallery-item-large\" itemprop=\"associatedMedia\" itemscope itemtype=\"http:\/\/schema.org\/ImageObject\"> <a href=\"https:\/\/opistobranquis.info\/ca\/guia\/nudibranchia\/doridina\/doridoidei\/doridoidea\/peltodoris-atromaculata\/peltodoris-atromaculata-10\/\" border=\"0\" itemprop=\"url\"> <meta itemprop=\"width\" content=\"362\"> <meta itemprop=\"height\" content=\"244\"> <img decoding=\"async\" class=\"\" data-attachment-id=\"4747\" data-orig-file=\"https:\/\/opistobranquis.info\/wp-content\/uploads\/2012\/12\/peltodoris-atromaculata-10.jpg\" data-orig-size=\"650,439\" data-comments-opened=\"\" data-image-title=\"Peltodoris atromaculata @ Costa Brava, Spain by Enric Madrenas\" data-image-description=\"&lt;p&gt;Peltodoris atromaculata @ Costa Brava, Spain by Enric Madrenas&lt;\/p&gt; \" data-medium-file=\"https:\/\/i0.wp.com\/opistobranquis.info\/wp-content\/uploads\/2012\/12\/peltodoris-atromaculata-10.jpg?fit=300%2C202&#038;ssl=1\" data-large-file=\"https:\/\/i0.wp.com\/opistobranquis.info\/wp-content\/uploads\/2012\/12\/peltodoris-atromaculata-10.jpg?fit=650%2C439&#038;ssl=1\" src=\"https:\/\/i0.wp.com\/opistobranquis.info\/wp-content\/uploads\/2012\/12\/peltodoris-atromaculata-10.jpg?w=362&#038;h=244&#038;ssl=1\" srcset=\"https:\/\/i0.wp.com\/opistobranquis.info\/wp-content\/uploads\/2012\/12\/peltodoris-atromaculata-10.jpg?w=650&amp;ssl=1 650w, https:\/\/i0.wp.com\/opistobranquis.info\/wp-content\/uploads\/2012\/12\/peltodoris-atromaculata-10.jpg?resize=300%2C202&amp;ssl=1 300w\" width=\"362\" height=\"244\" loading=\"lazy\" data-original-width=\"362\" data-original-height=\"244\" itemprop=\"http:\/\/schema.org\/image\" title=\"Peltodoris atromaculata @ Costa Brava, Spain by Enric Madrenas\" alt=\"Peltodoris atromaculata @ Costa Brava, Spain by Enric Madrenas\" style=\"width: 362px; height: 244px;\" \/> <\/a> <div class=\"tiled-gallery-caption\" itemprop=\"caption description\"> Peltodoris atromaculata @ Costa Brava, Spain by Enric Madrenas <\/div> <\/div> <\/div> <!-- close group --> <div class=\"gallery-group images-1\" style=\"width: 169px; height: 248px;\" data-original-width=\"169\" data-original-height=\"248\" > <div class=\"tiled-gallery-item tiled-gallery-item-small\" itemprop=\"associatedMedia\" itemscope itemtype=\"http:\/\/schema.org\/ImageObject\"> <a href=\"https:\/\/opistobranquis.info\/ca\/guia\/nudibranchia\/doridina\/doridoidei\/doridoidea\/peltodoris-atromaculata\/peltodoris-atromaculata-16\/\" border=\"0\" itemprop=\"url\"> <meta itemprop=\"width\" content=\"165\"> <meta itemprop=\"height\" content=\"244\"> <img decoding=\"async\" class=\"\" data-attachment-id=\"4748\" data-orig-file=\"https:\/\/opistobranquis.info\/wp-content\/uploads\/2012\/12\/peltodoris-atromaculata-16.jpg\" data-orig-size=\"331,490\" data-comments-opened=\"\" data-image-title=\"Peltodoris atromaculata @ Costa Brava, Spain by Enric Madrenas\" data-image-description=\"&lt;p&gt;Peltodoris atromaculata @ Costa Brava, Spain by Enric Madrenas&lt;\/p&gt; \" data-medium-file=\"https:\/\/i0.wp.com\/opistobranquis.info\/wp-content\/uploads\/2012\/12\/peltodoris-atromaculata-16.jpg?fit=202%2C300&#038;ssl=1\" data-large-file=\"https:\/\/i0.wp.com\/opistobranquis.info\/wp-content\/uploads\/2012\/12\/peltodoris-atromaculata-16.jpg?fit=331%2C490&#038;ssl=1\" src=\"https:\/\/i0.wp.com\/opistobranquis.info\/wp-content\/uploads\/2012\/12\/peltodoris-atromaculata-16.jpg?w=165&#038;h=244&#038;ssl=1\" srcset=\"https:\/\/i0.wp.com\/opistobranquis.info\/wp-content\/uploads\/2012\/12\/peltodoris-atromaculata-16.jpg?w=331&amp;ssl=1 331w, https:\/\/i0.wp.com\/opistobranquis.info\/wp-content\/uploads\/2012\/12\/peltodoris-atromaculata-16.jpg?resize=202%2C300&amp;ssl=1 202w\" width=\"165\" height=\"244\" loading=\"lazy\" data-original-width=\"165\" data-original-height=\"244\" itemprop=\"http:\/\/schema.org\/image\" title=\"Peltodoris atromaculata @ Costa Brava, Spain by Enric Madrenas\" alt=\"Peltodoris atromaculata @ Costa Brava, Spain by Enric Madrenas\" style=\"width: 165px; height: 244px;\" \/> <\/a> <div class=\"tiled-gallery-caption\" itemprop=\"caption description\"> Peltodoris atromaculata @ Costa Brava, Spain by Enric Madrenas <\/div> <\/div> <\/div> <!-- close group --> <div class=\"gallery-group images-1\" style=\"width: 365px; height: 248px;\" data-original-width=\"365\" data-original-height=\"248\" > <div class=\"tiled-gallery-item tiled-gallery-item-large\" itemprop=\"associatedMedia\" itemscope itemtype=\"http:\/\/schema.org\/ImageObject\"> <a href=\"https:\/\/opistobranquis.info\/ca\/guia\/nudibranchia\/doridina\/doridoidei\/doridoidea\/peltodoris-atromaculata\/peltodoris-atromaculata-17\/\" border=\"0\" itemprop=\"url\"> <meta itemprop=\"width\" content=\"361\"> <meta itemprop=\"height\" content=\"244\"> <img decoding=\"async\" class=\"\" data-attachment-id=\"4749\" data-orig-file=\"https:\/\/opistobranquis.info\/wp-content\/uploads\/2012\/12\/peltodoris-atromaculata-17.jpg\" data-orig-size=\"650,439\" data-comments-opened=\"\" data-image-title=\"Peltodoris atromaculata @ Costa Brava, Spain by Enric Madrenas\" data-image-description=\"&lt;p&gt;Peltodoris atromaculata @ Costa Brava, Spain by Enric Madrenas&lt;\/p&gt; \" data-medium-file=\"https:\/\/i0.wp.com\/opistobranquis.info\/wp-content\/uploads\/2012\/12\/peltodoris-atromaculata-17.jpg?fit=300%2C202&#038;ssl=1\" data-large-file=\"https:\/\/i0.wp.com\/opistobranquis.info\/wp-content\/uploads\/2012\/12\/peltodoris-atromaculata-17.jpg?fit=650%2C439&#038;ssl=1\" src=\"https:\/\/i0.wp.com\/opistobranquis.info\/wp-content\/uploads\/2012\/12\/peltodoris-atromaculata-17.jpg?w=361&#038;h=244&#038;ssl=1\" srcset=\"https:\/\/i0.wp.com\/opistobranquis.info\/wp-content\/uploads\/2012\/12\/peltodoris-atromaculata-17.jpg?w=650&amp;ssl=1 650w, https:\/\/i0.wp.com\/opistobranquis.info\/wp-content\/uploads\/2012\/12\/peltodoris-atromaculata-17.jpg?resize=300%2C202&amp;ssl=1 300w\" width=\"361\" height=\"244\" loading=\"lazy\" data-original-width=\"361\" data-original-height=\"244\" itemprop=\"http:\/\/schema.org\/image\" title=\"Peltodoris atromaculata @ Costa Brava, Spain by Enric Madrenas\" alt=\"Peltodoris atromaculata @ Costa Brava, Spain by Enric Madrenas\" style=\"width: 361px; height: 244px;\" \/> <\/a> <div class=\"tiled-gallery-caption\" itemprop=\"caption description\"> Peltodoris atromaculata @ Costa Brava, Spain by Enric Madrenas <\/div> <\/div> <\/div> <!-- close group --> <\/div> <!-- close row --> <div class=\"gallery-row\" style=\"width: 900px; height: 413px;\" data-original-width=\"900\" data-original-height=\"413\" > <div class=\"gallery-group images-1\" style=\"width: 610px; height: 413px;\" data-original-width=\"610\" data-original-height=\"413\" > <div class=\"tiled-gallery-item tiled-gallery-item-large\" itemprop=\"associatedMedia\" itemscope itemtype=\"http:\/\/schema.org\/ImageObject\"> <a href=\"https:\/\/opistobranquis.info\/ca\/guia\/nudibranchia\/doridina\/doridoidei\/doridoidea\/peltodoris-atromaculata\/peltodoris-atromaculata-19\/\" border=\"0\" itemprop=\"url\"> <meta itemprop=\"width\" content=\"606\"> <meta itemprop=\"height\" content=\"409\"> <img decoding=\"async\" class=\"\" data-attachment-id=\"4750\" data-orig-file=\"https:\/\/opistobranquis.info\/wp-content\/uploads\/2012\/12\/peltodoris-atromaculata-19.jpg\" data-orig-size=\"650,439\" data-comments-opened=\"\" data-image-title=\"Peltodoris atromaculata @ Costa Brava, Spain by Enric Madrenas\" data-image-description=\"&lt;p&gt;Peltodoris atromaculata @ Costa Brava, Spain by Enric Madrenas&lt;\/p&gt; \" data-medium-file=\"https:\/\/i0.wp.com\/opistobranquis.info\/wp-content\/uploads\/2012\/12\/peltodoris-atromaculata-19.jpg?fit=300%2C202&#038;ssl=1\" data-large-file=\"https:\/\/i0.wp.com\/opistobranquis.info\/wp-content\/uploads\/2012\/12\/peltodoris-atromaculata-19.jpg?fit=650%2C439&#038;ssl=1\" src=\"https:\/\/i0.wp.com\/opistobranquis.info\/wp-content\/uploads\/2012\/12\/peltodoris-atromaculata-19.jpg?w=606&#038;h=409&#038;ssl=1\" srcset=\"https:\/\/i0.wp.com\/opistobranquis.info\/wp-content\/uploads\/2012\/12\/peltodoris-atromaculata-19.jpg?w=650&amp;ssl=1 650w, https:\/\/i0.wp.com\/opistobranquis.info\/wp-content\/uploads\/2012\/12\/peltodoris-atromaculata-19.jpg?resize=300%2C202&amp;ssl=1 300w\" width=\"606\" height=\"409\" loading=\"lazy\" data-original-width=\"606\" data-original-height=\"409\" itemprop=\"http:\/\/schema.org\/image\" title=\"Peltodoris atromaculata @ Costa Brava, Spain by Enric Madrenas\" alt=\"Peltodoris atromaculata @ Costa Brava, Spain by Enric Madrenas\" style=\"width: 606px; height: 409px;\" \/> <\/a> <div class=\"tiled-gallery-caption\" itemprop=\"caption description\"> Peltodoris atromaculata @ Costa Brava, Spain by Enric Madrenas <\/div> <\/div> <\/div> <!-- close group --> <div class=\"gallery-group images-2\" style=\"width: 290px; height: 413px;\" data-original-width=\"290\" data-original-height=\"413\" > <div class=\"tiled-gallery-item tiled-gallery-item-large\" itemprop=\"associatedMedia\" itemscope itemtype=\"http:\/\/schema.org\/ImageObject\"> <a href=\"https:\/\/opistobranquis.info\/ca\/guia\/nudibranchia\/doridina\/doridoidei\/doridoidea\/peltodoris-atromaculata\/peltodoris-atromaculata-24\/\" border=\"0\" itemprop=\"url\"> <meta itemprop=\"width\" content=\"286\"> <meta itemprop=\"height\" content=\"189\"> <img decoding=\"async\" class=\"\" data-attachment-id=\"4751\" data-orig-file=\"https:\/\/opistobranquis.info\/wp-content\/uploads\/2012\/12\/peltodoris-atromaculata-24.jpg\" data-orig-size=\"650,431\" data-comments-opened=\"\" data-image-title=\"Peltodoris atromaculata @ Costa Brava, Spain by Enric Madrenas\" data-image-description=\"&lt;p&gt;Peltodoris atromaculata @ Costa Brava, Spain by Enric Madrenas&lt;\/p&gt; \" data-medium-file=\"https:\/\/i0.wp.com\/opistobranquis.info\/wp-content\/uploads\/2012\/12\/peltodoris-atromaculata-24.jpg?fit=300%2C198&#038;ssl=1\" data-large-file=\"https:\/\/i0.wp.com\/opistobranquis.info\/wp-content\/uploads\/2012\/12\/peltodoris-atromaculata-24.jpg?fit=650%2C431&#038;ssl=1\" src=\"https:\/\/i0.wp.com\/opistobranquis.info\/wp-content\/uploads\/2012\/12\/peltodoris-atromaculata-24.jpg?w=286&#038;h=189&#038;ssl=1\" srcset=\"https:\/\/i0.wp.com\/opistobranquis.info\/wp-content\/uploads\/2012\/12\/peltodoris-atromaculata-24.jpg?w=650&amp;ssl=1 650w, https:\/\/i0.wp.com\/opistobranquis.info\/wp-content\/uploads\/2012\/12\/peltodoris-atromaculata-24.jpg?resize=300%2C198&amp;ssl=1 300w\" width=\"286\" height=\"189\" loading=\"lazy\" data-original-width=\"286\" data-original-height=\"189\" itemprop=\"http:\/\/schema.org\/image\" title=\"Peltodoris atromaculata @ Costa Brava, Spain by Enric Madrenas\" alt=\"Peltodoris atromaculata @ Costa Brava, Spain by Enric Madrenas\" style=\"width: 286px; height: 189px;\" \/> <\/a> <div class=\"tiled-gallery-caption\" itemprop=\"caption description\"> Peltodoris atromaculata @ Costa Brava, Spain by Enric Madrenas <\/div> <\/div> <div class=\"tiled-gallery-item tiled-gallery-item-large\" itemprop=\"associatedMedia\" itemscope itemtype=\"http:\/\/schema.org\/ImageObject\"> <a href=\"https:\/\/opistobranquis.info\/ca\/guia\/nudibranchia\/doridina\/doridoidei\/doridoidea\/peltodoris-atromaculata\/peltodoris-atromaculata-38\/\" border=\"0\" itemprop=\"url\"> <meta itemprop=\"width\" content=\"286\"> <meta itemprop=\"height\" content=\"216\"> <img decoding=\"async\" class=\"\" data-attachment-id=\"4753\" data-orig-file=\"https:\/\/opistobranquis.info\/wp-content\/uploads\/2012\/12\/peltodoris-atromaculata-38.jpg\" data-orig-size=\"649,490\" data-comments-opened=\"\" data-image-title=\"Peltodoris atromaculata @ Costa Brava, Spain by Enric Madrenas\" data-image-description=\"&lt;p&gt;Peltodoris atromaculata @ Costa Brava, Spain by Enric Madrenas&lt;\/p&gt; \" data-medium-file=\"https:\/\/i0.wp.com\/opistobranquis.info\/wp-content\/uploads\/2012\/12\/peltodoris-atromaculata-38.jpg?fit=300%2C226&#038;ssl=1\" data-large-file=\"https:\/\/i0.wp.com\/opistobranquis.info\/wp-content\/uploads\/2012\/12\/peltodoris-atromaculata-38.jpg?fit=649%2C490&#038;ssl=1\" src=\"https:\/\/i0.wp.com\/opistobranquis.info\/wp-content\/uploads\/2012\/12\/peltodoris-atromaculata-38.jpg?w=286&#038;h=216&#038;ssl=1\" srcset=\"https:\/\/i0.wp.com\/opistobranquis.info\/wp-content\/uploads\/2012\/12\/peltodoris-atromaculata-38.jpg?w=649&amp;ssl=1 649w, https:\/\/i0.wp.com\/opistobranquis.info\/wp-content\/uploads\/2012\/12\/peltodoris-atromaculata-38.jpg?resize=300%2C226&amp;ssl=1 300w\" width=\"286\" height=\"216\" loading=\"lazy\" data-original-width=\"286\" data-original-height=\"216\" itemprop=\"http:\/\/schema.org\/image\" title=\"Peltodoris atromaculata @ Costa Brava, Spain by Enric Madrenas\" alt=\"Peltodoris atromaculata @ Costa Brava, Spain by Enric Madrenas\" style=\"width: 286px; height: 216px;\" \/> <\/a> <div class=\"tiled-gallery-caption\" itemprop=\"caption description\"> Peltodoris atromaculata @ Costa Brava, Spain by Enric Madrenas <\/div> <\/div> <\/div> <!-- close group --> <\/div> <!-- close row --> <div class=\"gallery-row\" style=\"width: 900px; height: 417px;\" data-original-width=\"900\" data-original-height=\"417\" > <div class=\"gallery-group images-1\" style=\"width: 617px; height: 417px;\" data-original-width=\"617\" data-original-height=\"417\" > <div class=\"tiled-gallery-item tiled-gallery-item-large\" itemprop=\"associatedMedia\" itemscope itemtype=\"http:\/\/schema.org\/ImageObject\"> <a href=\"https:\/\/opistobranquis.info\/ca\/guia\/nudibranchia\/doridina\/doridoidei\/doridoidea\/peltodoris-atromaculata\/peltodoris-atromaculata-44\/\" border=\"0\" itemprop=\"url\"> <meta itemprop=\"width\" content=\"613\"> <meta itemprop=\"height\" content=\"413\"> <img decoding=\"async\" class=\"\" data-attachment-id=\"4754\" data-orig-file=\"https:\/\/opistobranquis.info\/wp-content\/uploads\/2012\/12\/peltodoris-atromaculata-44.jpg\" data-orig-size=\"650,438\" data-comments-opened=\"\" data-image-title=\"Peltodoris atromaculata @ Costa Brava, Spain by Enric Madrenas\" data-image-description=\"&lt;p&gt;Peltodoris atromaculata @ Costa Brava, Spain by Enric Madrenas&lt;\/p&gt; \" data-medium-file=\"https:\/\/i0.wp.com\/opistobranquis.info\/wp-content\/uploads\/2012\/12\/peltodoris-atromaculata-44.jpg?fit=300%2C202&#038;ssl=1\" data-large-file=\"https:\/\/i0.wp.com\/opistobranquis.info\/wp-content\/uploads\/2012\/12\/peltodoris-atromaculata-44.jpg?fit=650%2C438&#038;ssl=1\" src=\"https:\/\/i0.wp.com\/opistobranquis.info\/wp-content\/uploads\/2012\/12\/peltodoris-atromaculata-44.jpg?w=613&#038;h=413&#038;ssl=1\" srcset=\"https:\/\/i0.wp.com\/opistobranquis.info\/wp-content\/uploads\/2012\/12\/peltodoris-atromaculata-44.jpg?w=650&amp;ssl=1 650w, https:\/\/i0.wp.com\/opistobranquis.info\/wp-content\/uploads\/2012\/12\/peltodoris-atromaculata-44.jpg?resize=300%2C202&amp;ssl=1 300w\" width=\"613\" height=\"413\" loading=\"lazy\" data-original-width=\"613\" data-original-height=\"413\" itemprop=\"http:\/\/schema.org\/image\" title=\"Peltodoris atromaculata @ Costa Brava, Spain by Enric Madrenas\" alt=\"Peltodoris atromaculata @ Costa Brava, Spain by Enric Madrenas\" style=\"width: 613px; height: 413px;\" \/> <\/a> <div class=\"tiled-gallery-caption\" itemprop=\"caption description\"> Peltodoris atromaculata @ Costa Brava, Spain by Enric Madrenas <\/div> <\/div> <\/div> <!-- close group --> <div class=\"gallery-group images-1\" style=\"width: 283px; height: 417px;\" data-original-width=\"283\" data-original-height=\"417\" > <div class=\"tiled-gallery-item tiled-gallery-item-large\" itemprop=\"associatedMedia\" itemscope itemtype=\"http:\/\/schema.org\/ImageObject\"> <a href=\"https:\/\/opistobranquis.info\/ca\/guia\/nudibranchia\/doridina\/doridoidei\/doridoidea\/peltodoris-atromaculata\/peltodoris-atromaculata-51\/\" border=\"0\" itemprop=\"url\"> <meta itemprop=\"width\" content=\"279\"> <meta itemprop=\"height\" content=\"413\"> <img decoding=\"async\" class=\"\" data-attachment-id=\"4755\" data-orig-file=\"https:\/\/opistobranquis.info\/wp-content\/uploads\/2012\/12\/peltodoris-atromaculata-51.jpg\" data-orig-size=\"331,490\" data-comments-opened=\"\" data-image-title=\"Peltodoris atromaculata @ Costa Brava, Spain by Enric Madrenas\" data-image-description=\"&lt;p&gt;Peltodoris atromaculata @ Costa Brava, Spain by Enric Madrenas&lt;\/p&gt; \" data-medium-file=\"https:\/\/i0.wp.com\/opistobranquis.info\/wp-content\/uploads\/2012\/12\/peltodoris-atromaculata-51.jpg?fit=202%2C300&#038;ssl=1\" data-large-file=\"https:\/\/i0.wp.com\/opistobranquis.info\/wp-content\/uploads\/2012\/12\/peltodoris-atromaculata-51.jpg?fit=331%2C490&#038;ssl=1\" src=\"https:\/\/i0.wp.com\/opistobranquis.info\/wp-content\/uploads\/2012\/12\/peltodoris-atromaculata-51.jpg?w=279&#038;h=413&#038;ssl=1\" srcset=\"https:\/\/i0.wp.com\/opistobranquis.info\/wp-content\/uploads\/2012\/12\/peltodoris-atromaculata-51.jpg?w=331&amp;ssl=1 331w, https:\/\/i0.wp.com\/opistobranquis.info\/wp-content\/uploads\/2012\/12\/peltodoris-atromaculata-51.jpg?resize=202%2C300&amp;ssl=1 202w\" width=\"279\" height=\"413\" loading=\"lazy\" data-original-width=\"279\" data-original-height=\"413\" itemprop=\"http:\/\/schema.org\/image\" title=\"Peltodoris atromaculata @ Costa Brava, Spain by Enric Madrenas\" alt=\"Peltodoris atromaculata @ Costa Brava, Spain by Enric Madrenas\" style=\"width: 279px; height: 413px;\" \/> <\/a> <div class=\"tiled-gallery-caption\" itemprop=\"caption description\"> Peltodoris atromaculata @ Costa Brava, Spain by Enric Madrenas <\/div> <\/div> <\/div> <!-- close group --> <\/div> <!-- close row --> <div class=\"gallery-row\" style=\"width: 900px; height: 522px;\" data-original-width=\"900\" data-original-height=\"522\" > <div class=\"gallery-group images-2\" style=\"width: 347px; height: 522px;\" data-original-width=\"347\" data-original-height=\"522\" > <div class=\"tiled-gallery-item tiled-gallery-item-large\" itemprop=\"associatedMedia\" itemscope itemtype=\"http:\/\/schema.org\/ImageObject\"> <a href=\"https:\/\/opistobranquis.info\/ca\/guia\/nudibranchia\/doridina\/doridoidei\/doridoidea\/peltodoris-atromaculata\/olympus-digital-camera-52\/\" border=\"0\" itemprop=\"url\"> <meta itemprop=\"width\" content=\"343\"> <meta itemprop=\"height\" content=\"257\"> <img decoding=\"async\" class=\"\" data-attachment-id=\"17956\" data-orig-file=\"https:\/\/opistobranquis.info\/wp-content\/uploads\/2015\/02\/MA2.jpg\" data-orig-size=\"800,600\" data-comments-opened=\"\" data-image-title=\"Peltodoris atromaculata with spawn @ Tarifa by Manuel Mart\u00ednez Chac\u00f3n\" data-image-description=\"&lt;p&gt;Peltodoris atromaculata with spawn @ Tarifa by Manuel Mart\u00ednez Chac\u00f3n&lt;\/p&gt; \" data-medium-file=\"https:\/\/i0.wp.com\/opistobranquis.info\/wp-content\/uploads\/2015\/02\/MA2.jpg?fit=300%2C225&#038;ssl=1\" data-large-file=\"https:\/\/i0.wp.com\/opistobranquis.info\/wp-content\/uploads\/2015\/02\/MA2.jpg?fit=800%2C600&#038;ssl=1\" src=\"https:\/\/i0.wp.com\/opistobranquis.info\/wp-content\/uploads\/2015\/02\/MA2.jpg?w=343&#038;h=257&#038;ssl=1\" srcset=\"https:\/\/i0.wp.com\/opistobranquis.info\/wp-content\/uploads\/2015\/02\/MA2.jpg?w=800&amp;ssl=1 800w, https:\/\/i0.wp.com\/opistobranquis.info\/wp-content\/uploads\/2015\/02\/MA2.jpg?resize=150%2C113&amp;ssl=1 150w, https:\/\/i0.wp.com\/opistobranquis.info\/wp-content\/uploads\/2015\/02\/MA2.jpg?resize=300%2C225&amp;ssl=1 300w\" width=\"343\" height=\"257\" loading=\"lazy\" data-original-width=\"343\" data-original-height=\"257\" itemprop=\"http:\/\/schema.org\/image\" title=\"Peltodoris atromaculata with spawn @ Tarifa by Manuel Mart\u00ednez Chac\u00f3n\" alt=\"Peltodoris atromaculata with spawn @ Tarifa by Manuel Mart\u00ednez Chac\u00f3n\" style=\"width: 343px; height: 257px;\" \/> <\/a> <div class=\"tiled-gallery-caption\" itemprop=\"caption description\"> Peltodoris atromaculata with spawn @ Tarifa by Manuel Mart\u00ednez Chac\u00f3n <\/div> <\/div> <div class=\"tiled-gallery-item tiled-gallery-item-large\" itemprop=\"associatedMedia\" itemscope itemtype=\"http:\/\/schema.org\/ImageObject\"> <a href=\"https:\/\/opistobranquis.info\/ca\/guia\/nudibranchia\/doridina\/doridoidei\/doridoidea\/peltodoris-atromaculata\/peltodoris-atromaculata-tarifa-by-manuel-martinez-chacon\/\" border=\"0\" itemprop=\"url\"> <meta itemprop=\"width\" content=\"343\"> <meta itemprop=\"height\" content=\"257\"> <img decoding=\"async\" class=\"\" data-attachment-id=\"17975\" data-orig-file=\"https:\/\/opistobranquis.info\/wp-content\/uploads\/2012\/05\/Peltodoris-atromaculata-@-Tarifa-by-Manuel-Mart\u00ednez-Chac\u00f3n.jpg\" data-orig-size=\"720,540\" data-comments-opened=\"\" data-image-title=\"Peltodoris atromaculata with strange spots @ Tarifa by Manuel Mart\u00ednez Chac\u00f3n\" data-image-description=\"&lt;p&gt;Peltodoris atromaculata with strange spots @ Tarifa by Manuel Mart\u00ednez Chac\u00f3n&lt;\/p&gt; \" data-medium-file=\"https:\/\/i0.wp.com\/opistobranquis.info\/wp-content\/uploads\/2012\/05\/Peltodoris-atromaculata-%40-Tarifa-by-Manuel-Mart%C3%ADnez-Chac%C3%B3n.jpg?fit=300%2C225&#038;ssl=1\" data-large-file=\"https:\/\/i0.wp.com\/opistobranquis.info\/wp-content\/uploads\/2012\/05\/Peltodoris-atromaculata-%40-Tarifa-by-Manuel-Mart%C3%ADnez-Chac%C3%B3n.jpg?fit=720%2C540&#038;ssl=1\" src=\"https:\/\/i0.wp.com\/opistobranquis.info\/wp-content\/uploads\/2012\/05\/Peltodoris-atromaculata-%40-Tarifa-by-Manuel-Mart%C3%ADnez-Chac%C3%B3n.jpg?w=343&#038;h=257&#038;ssl=1\" width=\"343\" height=\"257\" loading=\"lazy\" data-original-width=\"343\" data-original-height=\"257\" itemprop=\"http:\/\/schema.org\/image\" title=\"Peltodoris atromaculata with strange spots @ Tarifa by Manuel Mart\u00ednez Chac\u00f3n\" alt=\"Peltodoris atromaculata with strange spots @ Tarifa by Manuel Mart\u00ednez Chac\u00f3n\" style=\"width: 343px; height: 257px;\" \/> <\/a> <div class=\"tiled-gallery-caption\" itemprop=\"caption description\"> Peltodoris atromaculata with strange spots @ Tarifa by Manuel Mart\u00ednez Chac\u00f3n <\/div> <\/div> <\/div> <!-- close group --> <div class=\"gallery-group images-1\" style=\"width: 553px; height: 522px;\" data-original-width=\"553\" data-original-height=\"522\" > <div class=\"tiled-gallery-item tiled-gallery-item-large\" itemprop=\"associatedMedia\" itemscope itemtype=\"http:\/\/schema.org\/ImageObject\"> <a href=\"https:\/\/opistobranquis.info\/ca\/guia\/nudibranchia\/doridina\/doridoidei\/doridoidea\/peltodoris-atromaculata\/peltodoris-atromaculata-with-anomaly-mallorca-27-10-2013-by-lenka-juskanicova-img_0877-001a\/\" border=\"0\" itemprop=\"url\"> <meta itemprop=\"width\" content=\"549\"> <meta itemprop=\"height\" content=\"518\"> <img decoding=\"async\" class=\"\" data-attachment-id=\"18889\" data-orig-file=\"https:\/\/opistobranquis.info\/wp-content\/uploads\/2012\/05\/Peltodoris-atromaculata-with-anomaly-@-Mallorca-27-10-2013-by-Lenka-Juskani\u010dov\u00e1-IMG_0877-001A.jpg\" data-orig-size=\"1004,947\" data-comments-opened=\"\" data-image-title=\"Peltodoris atromaculata with anomaly (detail) @ Mallorca 27-10-2013 by Lenka Juskani\u010dov\u00e1\" data-image-description=\"&lt;p&gt;Peltodoris atromaculata with anomaly (detail) @ Mallorca 27-10-2013 by Lenka Juskani\u010dov\u00e1&lt;\/p&gt; \" data-medium-file=\"https:\/\/i0.wp.com\/opistobranquis.info\/wp-content\/uploads\/2012\/05\/Peltodoris-atromaculata-with-anomaly-%40-Mallorca-27-10-2013-by-Lenka-Juskani%C4%8Dov%C3%A1-IMG_0877-001A.jpg?fit=300%2C283&#038;ssl=1\" data-large-file=\"https:\/\/i0.wp.com\/opistobranquis.info\/wp-content\/uploads\/2012\/05\/Peltodoris-atromaculata-with-anomaly-%40-Mallorca-27-10-2013-by-Lenka-Juskani%C4%8Dov%C3%A1-IMG_0877-001A.jpg?fit=900%2C849&#038;ssl=1\" src=\"https:\/\/i0.wp.com\/opistobranquis.info\/wp-content\/uploads\/2012\/05\/Peltodoris-atromaculata-with-anomaly-%40-Mallorca-27-10-2013-by-Lenka-Juskani%C4%8Dov%C3%A1-IMG_0877-001A.jpg?w=549&#038;h=518&#038;ssl=1\" width=\"549\" height=\"518\" loading=\"lazy\" data-original-width=\"549\" data-original-height=\"518\" itemprop=\"http:\/\/schema.org\/image\" title=\"Peltodoris atromaculata with anomaly (detail) @ Mallorca 27-10-2013 by Lenka Juskani\u010dov\u00e1\" alt=\"Peltodoris atromaculata with anomaly (detail) @ Mallorca 27-10-2013 by Lenka Juskani\u010dov\u00e1\" style=\"width: 549px; height: 518px;\" \/> <\/a> <div class=\"tiled-gallery-caption\" itemprop=\"caption description\"> Peltodoris atromaculata with anomaly (detail) @ Mallorca 27-10-2013 by Lenka Juskani\u010dov\u00e1 <\/div> <\/div> <\/div> <!-- close group --> <\/div> <!-- close row --> <div class=\"gallery-row\" style=\"width: 900px; height: 379px;\" data-original-width=\"900\" data-original-height=\"379\" > <div class=\"gallery-group images-1\" style=\"width: 396px; height: 379px;\" data-original-width=\"396\" data-original-height=\"379\" > <div class=\"tiled-gallery-item tiled-gallery-item-large\" itemprop=\"associatedMedia\" itemscope itemtype=\"http:\/\/schema.org\/ImageObject\"> <a href=\"https:\/\/opistobranquis.info\/ca\/guia\/nudibranchia\/doridina\/doridoidei\/doridoidea\/peltodoris-atromaculata\/peltodoris-atromaculata-with-anomaly-mallorca-27-10-2013-by-lenka-juskanicova-img_0882-001\/\" border=\"0\" itemprop=\"url\"> <meta itemprop=\"width\" content=\"392\"> <meta itemprop=\"height\" content=\"375\"> <img decoding=\"async\" class=\"\" data-attachment-id=\"18890\" data-orig-file=\"https:\/\/opistobranquis.info\/wp-content\/uploads\/2012\/05\/Peltodoris-atromaculata-with-anomaly-@-Mallorca-27-10-2013-by-Lenka-Juskani\u010dov\u00e1-IMG_0882-001.jpg\" data-orig-size=\"880,840\" data-comments-opened=\"\" data-image-title=\"Peltodoris atromaculata with anomaly @ Mallorca 27-10-2013 by Lenka Juskani\u010dov\u00e1\" data-image-description=\"&lt;p&gt;Peltodoris atromaculata with anomaly @ Mallorca 27-10-2013 by Lenka Juskani\u010dov\u00e1&lt;\/p&gt; \" data-medium-file=\"https:\/\/i0.wp.com\/opistobranquis.info\/wp-content\/uploads\/2012\/05\/Peltodoris-atromaculata-with-anomaly-%40-Mallorca-27-10-2013-by-Lenka-Juskani%C4%8Dov%C3%A1-IMG_0882-001.jpg?fit=300%2C286&#038;ssl=1\" data-large-file=\"https:\/\/i0.wp.com\/opistobranquis.info\/wp-content\/uploads\/2012\/05\/Peltodoris-atromaculata-with-anomaly-%40-Mallorca-27-10-2013-by-Lenka-Juskani%C4%8Dov%C3%A1-IMG_0882-001.jpg?fit=880%2C840&#038;ssl=1\" src=\"https:\/\/i0.wp.com\/opistobranquis.info\/wp-content\/uploads\/2012\/05\/Peltodoris-atromaculata-with-anomaly-%40-Mallorca-27-10-2013-by-Lenka-Juskani%C4%8Dov%C3%A1-IMG_0882-001.jpg?w=392&#038;h=375&#038;ssl=1\" width=\"392\" height=\"375\" loading=\"lazy\" data-original-width=\"392\" data-original-height=\"375\" itemprop=\"http:\/\/schema.org\/image\" title=\"Peltodoris atromaculata with anomaly @ Mallorca 27-10-2013 by Lenka Juskani\u010dov\u00e1\" alt=\"Peltodoris atromaculata with anomaly @ Mallorca 27-10-2013 by Lenka Juskani\u010dov\u00e1\" style=\"width: 392px; height: 375px;\" \/> <\/a> <div class=\"tiled-gallery-caption\" itemprop=\"caption description\"> Peltodoris atromaculata with anomaly @ Mallorca 27-10-2013 by Lenka Juskani\u010dov\u00e1 <\/div> <\/div> <\/div> <!-- close group --> <div class=\"gallery-group images-1\" style=\"width: 504px; height: 379px;\" data-original-width=\"504\" data-original-height=\"379\" > <div class=\"tiled-gallery-item tiled-gallery-item-large\" itemprop=\"associatedMedia\" itemscope itemtype=\"http:\/\/schema.org\/ImageObject\"> <a href=\"https:\/\/opistobranquis.info\/ca\/guia\/nudibranchia\/doridina\/doridoidei\/doridoidea\/peltodoris-atromaculata\/olympus-digital-camera-195\/\" border=\"0\" itemprop=\"url\"> <meta itemprop=\"width\" content=\"500\"> <meta itemprop=\"height\" content=\"375\"> <img decoding=\"async\" class=\"\" data-attachment-id=\"24303\" data-orig-file=\"https:\/\/opistobranquis.info\/wp-content\/uploads\/2017\/12\/Peltodoris-atromaculata-@-La-Herradura-Granada-Spain-9-04-2017-by-Stefan-Verheyen.jpg\" data-orig-size=\"1024,768\" data-comments-opened=\"\" data-image-title=\"Peltodoris atromaculata @ La Herradura, Granada, Spain 9-04-2017 by Stefan Verheyen\" data-image-description=\"&lt;p&gt;Peltodoris atromaculata @ La Herradura, Granada, Spain 9-04-2017 by Stefan Verheyen&lt;\/p&gt; \" data-medium-file=\"https:\/\/i0.wp.com\/opistobranquis.info\/wp-content\/uploads\/2017\/12\/Peltodoris-atromaculata-%40-La-Herradura-Granada-Spain-9-04-2017-by-Stefan-Verheyen.jpg?fit=300%2C225&#038;ssl=1\" data-large-file=\"https:\/\/i0.wp.com\/opistobranquis.info\/wp-content\/uploads\/2017\/12\/Peltodoris-atromaculata-%40-La-Herradura-Granada-Spain-9-04-2017-by-Stefan-Verheyen.jpg?fit=900%2C675&#038;ssl=1\" src=\"https:\/\/i0.wp.com\/opistobranquis.info\/wp-content\/uploads\/2017\/12\/Peltodoris-atromaculata-%40-La-Herradura-Granada-Spain-9-04-2017-by-Stefan-Verheyen.jpg?w=500&#038;h=375&#038;ssl=1\" width=\"500\" height=\"375\" loading=\"lazy\" data-original-width=\"500\" data-original-height=\"375\" itemprop=\"http:\/\/schema.org\/image\" title=\"Peltodoris atromaculata @ La Herradura, Granada, Spain 9-04-2017 by Stefan Verheyen\" alt=\"Peltodoris atromaculata @ La Herradura, Granada, Spain 9-04-2017 by Stefan Verheyen\" style=\"width: 500px; height: 375px;\" \/> <\/a> <div class=\"tiled-gallery-caption\" itemprop=\"caption description\"> Peltodoris atromaculata @ La Herradura, Granada, Spain 9-04-2017 by Stefan Verheyen <\/div> <\/div> <\/div> <!-- close group --> <\/div> <!-- close row --> <div class=\"gallery-row\" style=\"width: 900px; height: 443px;\" data-original-width=\"900\" data-original-height=\"443\" > <div class=\"gallery-group images-1\" style=\"width: 589px; height: 443px;\" data-original-width=\"589\" data-original-height=\"443\" > <div class=\"tiled-gallery-item tiled-gallery-item-large\" itemprop=\"associatedMedia\" itemscope itemtype=\"http:\/\/schema.org\/ImageObject\"> <a href=\"https:\/\/opistobranquis.info\/ca\/guia\/nudibranchia\/doridina\/doridoidei\/doridoidea\/peltodoris-atromaculata\/peltodoris-atromaculata-lescala-spain-by-eli-franco-valero\/\" border=\"0\" itemprop=\"url\"> <meta itemprop=\"width\" content=\"585\"> <meta itemprop=\"height\" content=\"439\"> <img decoding=\"async\" class=\"\" data-attachment-id=\"32480\" data-orig-file=\"https:\/\/opistobranquis.info\/wp-content\/uploads\/2021\/06\/Peltodoris-atromaculata-@-LEscala-Spain-by-Eli-Franco-Valero.jpg\" data-orig-size=\"1080,810\" data-comments-opened=\"\" data-image-title=\"Peltodoris atromaculata @ L&amp;#8217;Escala, Spain by Eli Franco Valero\" data-image-description=\"&lt;p&gt;Peltodoris atromaculata @ L\u2019Escala, Spain by Eli Franco Valero&lt;\/p&gt; \" data-medium-file=\"https:\/\/i0.wp.com\/opistobranquis.info\/wp-content\/uploads\/2021\/06\/Peltodoris-atromaculata-%40-LEscala-Spain-by-Eli-Franco-Valero.jpg?fit=300%2C225&#038;ssl=1\" data-large-file=\"https:\/\/i0.wp.com\/opistobranquis.info\/wp-content\/uploads\/2021\/06\/Peltodoris-atromaculata-%40-LEscala-Spain-by-Eli-Franco-Valero.jpg?fit=900%2C675&#038;ssl=1\" src=\"https:\/\/i0.wp.com\/opistobranquis.info\/wp-content\/uploads\/2021\/06\/Peltodoris-atromaculata-%40-LEscala-Spain-by-Eli-Franco-Valero.jpg?w=585&#038;h=439&#038;ssl=1\" width=\"585\" height=\"439\" loading=\"lazy\" data-original-width=\"585\" data-original-height=\"439\" itemprop=\"http:\/\/schema.org\/image\" title=\"Peltodoris atromaculata @ L&#039;Escala, Spain by Eli Franco Valero\" alt=\"Peltodoris atromaculata @ L\u2019Escala, Spain by Eli Franco Valero\" style=\"width: 585px; height: 439px;\" \/> <\/a> <div class=\"tiled-gallery-caption\" itemprop=\"caption description\"> Peltodoris atromaculata @ L\u2019Escala, Spain by Eli Franco Valero <\/div> <\/div> <\/div> <!-- close group --> <div class=\"gallery-group images-2\" style=\"width: 311px; height: 443px;\" data-original-width=\"311\" data-original-height=\"443\" > <div class=\"tiled-gallery-item tiled-gallery-item-large\" itemprop=\"associatedMedia\" itemscope itemtype=\"http:\/\/schema.org\/ImageObject\"> <a href=\"https:\/\/opistobranquis.info\/ca\/guia\/nudibranchia\/doridina\/doridoidei\/doridoidea\/peltodoris-atromaculata\/peltodoris-atromaculata-with-egg-spawn-france-by-sylvain-le-bris\/\" border=\"0\" itemprop=\"url\"> <meta itemprop=\"width\" content=\"307\"> <meta itemprop=\"height\" content=\"230\"> <img decoding=\"async\" class=\"\" data-attachment-id=\"32532\" data-orig-file=\"https:\/\/opistobranquis.info\/wp-content\/uploads\/2021\/06\/Peltodoris-atromaculata-with-egg-spawn-@-France-by-Sylvain-Le-Bris.jpg\" data-orig-size=\"1600,1200\" data-comments-opened=\"\" data-image-title=\"Peltodoris atromaculata with egg-spawn @ France by Sylvain Le Bris\" data-image-description=\"&lt;p&gt;Peltodoris atromaculata with egg-spawn @ France by Sylvain Le Bris&lt;\/p&gt; \" data-medium-file=\"https:\/\/i0.wp.com\/opistobranquis.info\/wp-content\/uploads\/2021\/06\/Peltodoris-atromaculata-with-egg-spawn-%40-France-by-Sylvain-Le-Bris.jpg?fit=300%2C225&#038;ssl=1\" data-large-file=\"https:\/\/i0.wp.com\/opistobranquis.info\/wp-content\/uploads\/2021\/06\/Peltodoris-atromaculata-with-egg-spawn-%40-France-by-Sylvain-Le-Bris.jpg?fit=900%2C675&#038;ssl=1\" src=\"https:\/\/i0.wp.com\/opistobranquis.info\/wp-content\/uploads\/2021\/06\/Peltodoris-atromaculata-with-egg-spawn-%40-France-by-Sylvain-Le-Bris.jpg?w=307&#038;h=230&#038;ssl=1\" width=\"307\" height=\"230\" loading=\"lazy\" data-original-width=\"307\" data-original-height=\"230\" itemprop=\"http:\/\/schema.org\/image\" title=\"Peltodoris atromaculata with egg-spawn @ France by Sylvain Le Bris\" alt=\"Peltodoris atromaculata with egg-spawn @ France by Sylvain Le Bris\" style=\"width: 307px; height: 230px;\" \/> <\/a> <div class=\"tiled-gallery-caption\" itemprop=\"caption description\"> Peltodoris atromaculata with egg-spawn @ France by Sylvain Le Bris <\/div> <\/div> <div class=\"tiled-gallery-item tiled-gallery-item-large\" itemprop=\"associatedMedia\" itemscope itemtype=\"http:\/\/schema.org\/ImageObject\"> <a href=\"https:\/\/opistobranquis.info\/ca\/guia\/nudibranchia\/doridina\/doridoidei\/doridoidea\/peltodoris-atromaculata\/peltodoris-atromaculata-by-miquel-pontes-_mpg0738\/\" border=\"0\" itemprop=\"url\"> <meta itemprop=\"width\" content=\"307\"> <meta itemprop=\"height\" content=\"205\"> <img decoding=\"async\" class=\"\" data-attachment-id=\"36683\" data-orig-file=\"https:\/\/opistobranquis.info\/wp-content\/uploads\/2023\/01\/Peltodoris-atromaculata-by-Miquel-Pontes-_MPG0738.jpg\" data-orig-size=\"1200,800\" data-comments-opened=\"\" data-image-title=\"Peltodoris atromaculata @ Costa Brava, Spain by Miquel Pontes\" data-image-description=\"&lt;p&gt;Peltodoris atromaculata @ Costa Brava, Spain by Miquel Pontes&lt;\/p&gt; \" data-medium-file=\"https:\/\/i0.wp.com\/opistobranquis.info\/wp-content\/uploads\/2023\/01\/Peltodoris-atromaculata-by-Miquel-Pontes-_MPG0738.jpg?fit=300%2C200&#038;ssl=1\" data-large-file=\"https:\/\/i0.wp.com\/opistobranquis.info\/wp-content\/uploads\/2023\/01\/Peltodoris-atromaculata-by-Miquel-Pontes-_MPG0738.jpg?fit=900%2C600&#038;ssl=1\" src=\"https:\/\/i0.wp.com\/opistobranquis.info\/wp-content\/uploads\/2023\/01\/Peltodoris-atromaculata-by-Miquel-Pontes-_MPG0738.jpg?w=307&#038;h=205&#038;ssl=1\" srcset=\"https:\/\/i0.wp.com\/opistobranquis.info\/wp-content\/uploads\/2023\/01\/Peltodoris-atromaculata-by-Miquel-Pontes-_MPG0738.jpg?w=1200&amp;ssl=1 1200w, https:\/\/i0.wp.com\/opistobranquis.info\/wp-content\/uploads\/2023\/01\/Peltodoris-atromaculata-by-Miquel-Pontes-_MPG0738.jpg?resize=300%2C200&amp;ssl=1 300w, https:\/\/i0.wp.com\/opistobranquis.info\/wp-content\/uploads\/2023\/01\/Peltodoris-atromaculata-by-Miquel-Pontes-_MPG0738.jpg?resize=1024%2C683&amp;ssl=1 1024w, https:\/\/i0.wp.com\/opistobranquis.info\/wp-content\/uploads\/2023\/01\/Peltodoris-atromaculata-by-Miquel-Pontes-_MPG0738.jpg?resize=150%2C100&amp;ssl=1 150w\" width=\"307\" height=\"205\" loading=\"lazy\" data-original-width=\"307\" data-original-height=\"205\" itemprop=\"http:\/\/schema.org\/image\" title=\"Peltodoris atromaculata @ Costa Brava, Spain by Miquel Pontes\" alt=\"Peltodoris atromaculata @ Costa Brava, Spain by Miquel Pontes\" style=\"width: 307px; height: 205px;\" \/> <\/a> <div class=\"tiled-gallery-caption\" itemprop=\"caption description\"> Peltodoris atromaculata @ Costa Brava, Spain by Miquel Pontes <\/div> <\/div> <\/div> <!-- close group --> <\/div> <!-- close row --> <div class=\"gallery-row\" style=\"width: 900px; height: 201px;\" data-original-width=\"900\" data-original-height=\"201\" > <div class=\"gallery-group images-1\" style=\"width: 300px; height: 201px;\" data-original-width=\"300\" data-original-height=\"201\" > <div class=\"tiled-gallery-item tiled-gallery-item-large\" itemprop=\"associatedMedia\" itemscope itemtype=\"http:\/\/schema.org\/ImageObject\"> <a href=\"https:\/\/opistobranquis.info\/ca\/guia\/nudibranchia\/doridina\/doridoidei\/doridoidea\/peltodoris-atromaculata\/peltodoris-atromaculata-by-miquel-pontes-mpg_3006\/\" border=\"0\" itemprop=\"url\"> <meta itemprop=\"width\" content=\"296\"> <meta itemprop=\"height\" content=\"197\"> <img decoding=\"async\" class=\"\" data-attachment-id=\"36684\" data-orig-file=\"https:\/\/opistobranquis.info\/wp-content\/uploads\/2023\/01\/Peltodoris-atromaculata-by-Miquel-Pontes-MPG_3006.jpg\" data-orig-size=\"1200,800\" data-comments-opened=\"\" data-image-title=\"Peltodoris atromaculata @ Costa Brava, Spain by Miquel Pontes\" data-image-description=\"&lt;p&gt;Peltodoris atromaculata @ Costa Brava, Spain by Miquel Pontes&lt;\/p&gt; \" data-medium-file=\"https:\/\/i0.wp.com\/opistobranquis.info\/wp-content\/uploads\/2023\/01\/Peltodoris-atromaculata-by-Miquel-Pontes-MPG_3006.jpg?fit=300%2C200&#038;ssl=1\" data-large-file=\"https:\/\/i0.wp.com\/opistobranquis.info\/wp-content\/uploads\/2023\/01\/Peltodoris-atromaculata-by-Miquel-Pontes-MPG_3006.jpg?fit=900%2C600&#038;ssl=1\" src=\"https:\/\/i0.wp.com\/opistobranquis.info\/wp-content\/uploads\/2023\/01\/Peltodoris-atromaculata-by-Miquel-Pontes-MPG_3006.jpg?w=296&#038;h=197&#038;ssl=1\" srcset=\"https:\/\/i0.wp.com\/opistobranquis.info\/wp-content\/uploads\/2023\/01\/Peltodoris-atromaculata-by-Miquel-Pontes-MPG_3006.jpg?w=1200&amp;ssl=1 1200w, https:\/\/i0.wp.com\/opistobranquis.info\/wp-content\/uploads\/2023\/01\/Peltodoris-atromaculata-by-Miquel-Pontes-MPG_3006.jpg?resize=300%2C200&amp;ssl=1 300w, https:\/\/i0.wp.com\/opistobranquis.info\/wp-content\/uploads\/2023\/01\/Peltodoris-atromaculata-by-Miquel-Pontes-MPG_3006.jpg?resize=1024%2C683&amp;ssl=1 1024w, https:\/\/i0.wp.com\/opistobranquis.info\/wp-content\/uploads\/2023\/01\/Peltodoris-atromaculata-by-Miquel-Pontes-MPG_3006.jpg?resize=150%2C100&amp;ssl=1 150w\" width=\"296\" height=\"197\" loading=\"lazy\" data-original-width=\"296\" data-original-height=\"197\" itemprop=\"http:\/\/schema.org\/image\" title=\"Peltodoris atromaculata @ Costa Brava, Spain by Miquel Pontes\" alt=\"Peltodoris atromaculata @ Costa Brava, Spain by Miquel Pontes\" style=\"width: 296px; height: 197px;\" \/> <\/a> <div class=\"tiled-gallery-caption\" itemprop=\"caption description\"> Peltodoris atromaculata @ Costa Brava, Spain by Miquel Pontes <\/div> <\/div> <\/div> <!-- close group --> <div class=\"gallery-group images-1\" style=\"width: 300px; height: 201px;\" data-original-width=\"300\" data-original-height=\"201\" > <div class=\"tiled-gallery-item tiled-gallery-item-large\" itemprop=\"associatedMedia\" itemscope itemtype=\"http:\/\/schema.org\/ImageObject\"> <a href=\"https:\/\/opistobranquis.info\/ca\/guia\/nudibranchia\/doridina\/doridoidei\/doridoidea\/peltodoris-atromaculata\/peltodoris-atromaculata-by-miquel-pontes-mpg_3489\/\" border=\"0\" itemprop=\"url\"> <meta itemprop=\"width\" content=\"296\"> <meta itemprop=\"height\" content=\"197\"> <img decoding=\"async\" class=\"\" data-attachment-id=\"36685\" data-orig-file=\"https:\/\/opistobranquis.info\/wp-content\/uploads\/2023\/01\/Peltodoris-atromaculata-by-Miquel-Pontes-MPG_3489.jpg\" data-orig-size=\"1200,800\" data-comments-opened=\"\" data-image-title=\"Peltodoris atromaculata on Haliclona fulva @ Costa Brava, Spain by Miquel Pontes\" data-image-description=\"&lt;p&gt;Peltodoris atromaculata on Haliclona fulva @ Costa Brava, Spain by Miquel Pontes&lt;\/p&gt; \" data-medium-file=\"https:\/\/i0.wp.com\/opistobranquis.info\/wp-content\/uploads\/2023\/01\/Peltodoris-atromaculata-by-Miquel-Pontes-MPG_3489.jpg?fit=300%2C200&#038;ssl=1\" data-large-file=\"https:\/\/i0.wp.com\/opistobranquis.info\/wp-content\/uploads\/2023\/01\/Peltodoris-atromaculata-by-Miquel-Pontes-MPG_3489.jpg?fit=900%2C600&#038;ssl=1\" src=\"https:\/\/i0.wp.com\/opistobranquis.info\/wp-content\/uploads\/2023\/01\/Peltodoris-atromaculata-by-Miquel-Pontes-MPG_3489.jpg?w=296&#038;h=197&#038;ssl=1\" srcset=\"https:\/\/i0.wp.com\/opistobranquis.info\/wp-content\/uploads\/2023\/01\/Peltodoris-atromaculata-by-Miquel-Pontes-MPG_3489.jpg?w=1200&amp;ssl=1 1200w, https:\/\/i0.wp.com\/opistobranquis.info\/wp-content\/uploads\/2023\/01\/Peltodoris-atromaculata-by-Miquel-Pontes-MPG_3489.jpg?resize=300%2C200&amp;ssl=1 300w, https:\/\/i0.wp.com\/opistobranquis.info\/wp-content\/uploads\/2023\/01\/Peltodoris-atromaculata-by-Miquel-Pontes-MPG_3489.jpg?resize=1024%2C683&amp;ssl=1 1024w, https:\/\/i0.wp.com\/opistobranquis.info\/wp-content\/uploads\/2023\/01\/Peltodoris-atromaculata-by-Miquel-Pontes-MPG_3489.jpg?resize=150%2C100&amp;ssl=1 150w\" width=\"296\" height=\"197\" loading=\"lazy\" data-original-width=\"296\" data-original-height=\"197\" itemprop=\"http:\/\/schema.org\/image\" title=\"Peltodoris atromaculata on Haliclona fulva @ Costa Brava, Spain by Miquel Pontes\" alt=\"Peltodoris atromaculata on Haliclona fulva @ Costa Brava, Spain by Miquel Pontes\" style=\"width: 296px; height: 197px;\" \/> <\/a> <div class=\"tiled-gallery-caption\" itemprop=\"caption description\"> Peltodoris atromaculata on Haliclona fulva @ Costa Brava, Spain by Miquel Pontes <\/div> <\/div> <\/div> <!-- close group --> <div class=\"gallery-group images-1\" style=\"width: 300px; height: 201px;\" data-original-width=\"300\" data-original-height=\"201\" > <div class=\"tiled-gallery-item tiled-gallery-item-large\" itemprop=\"associatedMedia\" itemscope itemtype=\"http:\/\/schema.org\/ImageObject\"> <a href=\"https:\/\/opistobranquis.info\/ca\/guia\/nudibranchia\/doridina\/doridoidei\/doridoidea\/peltodoris-atromaculata\/olympus-digital-camera-304\/\" border=\"0\" itemprop=\"url\"> <meta itemprop=\"width\" content=\"296\"> <meta itemprop=\"height\" content=\"197\"> <img decoding=\"async\" class=\"\" data-attachment-id=\"36686\" data-orig-file=\"https:\/\/opistobranquis.info\/wp-content\/uploads\/2023\/01\/Peltodoris-atromaculata-by-Manuel-Ballesteros-P6066841-bis.jpg\" data-orig-size=\"1200,800\" data-comments-opened=\"\" data-image-title=\"Peltodoris atromaculata @ Costa Brava, Spain by Manuel Ballesteros\" data-image-description=\"&lt;p&gt;Peltodoris atromaculata @ Costa Brava, Spain by Manuel Ballesteros&lt;\/p&gt; \" data-medium-file=\"https:\/\/i0.wp.com\/opistobranquis.info\/wp-content\/uploads\/2023\/01\/Peltodoris-atromaculata-by-Manuel-Ballesteros-P6066841-bis.jpg?fit=300%2C200&#038;ssl=1\" data-large-file=\"https:\/\/i0.wp.com\/opistobranquis.info\/wp-content\/uploads\/2023\/01\/Peltodoris-atromaculata-by-Manuel-Ballesteros-P6066841-bis.jpg?fit=900%2C600&#038;ssl=1\" src=\"https:\/\/i0.wp.com\/opistobranquis.info\/wp-content\/uploads\/2023\/01\/Peltodoris-atromaculata-by-Manuel-Ballesteros-P6066841-bis.jpg?w=296&#038;h=197&#038;ssl=1\" srcset=\"https:\/\/i0.wp.com\/opistobranquis.info\/wp-content\/uploads\/2023\/01\/Peltodoris-atromaculata-by-Manuel-Ballesteros-P6066841-bis.jpg?w=1200&amp;ssl=1 1200w, https:\/\/i0.wp.com\/opistobranquis.info\/wp-content\/uploads\/2023\/01\/Peltodoris-atromaculata-by-Manuel-Ballesteros-P6066841-bis.jpg?resize=300%2C200&amp;ssl=1 300w, https:\/\/i0.wp.com\/opistobranquis.info\/wp-content\/uploads\/2023\/01\/Peltodoris-atromaculata-by-Manuel-Ballesteros-P6066841-bis.jpg?resize=1024%2C683&amp;ssl=1 1024w, https:\/\/i0.wp.com\/opistobranquis.info\/wp-content\/uploads\/2023\/01\/Peltodoris-atromaculata-by-Manuel-Ballesteros-P6066841-bis.jpg?resize=150%2C100&amp;ssl=1 150w\" width=\"296\" height=\"197\" loading=\"lazy\" data-original-width=\"296\" data-original-height=\"197\" itemprop=\"http:\/\/schema.org\/image\" title=\"Peltodoris atromaculata @ Costa Brava, Spain by Manuel Ballesteros\" alt=\"Peltodoris atromaculata @ Costa Brava, Spain by Manuel Ballesteros\" style=\"width: 296px; height: 197px;\" \/> <\/a> <div class=\"tiled-gallery-caption\" itemprop=\"caption description\"> Peltodoris atromaculata @ Costa Brava, Spain by Manuel Ballesteros <\/div> <\/div> <\/div> <!-- close group --> <\/div> <!-- close row --> <\/div><\/p>\n<p><p><strong>Bibliografia<\/strong><\/p><ul><div id=\"zotpress-418b2be93a78f841ef822eb671c7ecc5\" class=\"zp-Zotpress zp-Zotpress-Bib wp-block-group\">\n\n\t\t<span class=\"ZP_API_USER_ID ZP_ATTR\">1246567<\/span>\n\t\t<span class=\"ZP_ITEM_KEY ZP_ATTR\"><\/span>\n\t\t<span class=\"ZP_COLLECTION_ID ZP_ATTR\"><\/span>\n\t\t<span class=\"ZP_TAG_ID ZP_ATTR\">Peltodoris atromaculata<\/span>\n\t\t<span class=\"ZP_AUTHOR ZP_ATTR\"><\/span>\n\t\t<span class=\"ZP_YEAR ZP_ATTR\"><\/span>\n        <span class=\"ZP_ITEMTYPE ZP_ATTR\"><\/span>\n\t\t<span class=\"ZP_INCLUSIVE ZP_ATTR\">1<\/span>\n\t\t<span class=\"ZP_STYLE ZP_ATTR\">eunomia-revista-en-cultura-de-la-legalidad<\/span>\n\t\t<span class=\"ZP_LIMIT ZP_ATTR\">50<\/span>\n\t\t<span class=\"ZP_SORTBY ZP_ATTR\">creator<\/span>\n\t\t<span class=\"ZP_ORDER ZP_ATTR\">asc<\/span>\n\t\t<span class=\"ZP_TITLE ZP_ATTR\"><\/span>\n\t\t<span class=\"ZP_SHOWIMAGE ZP_ATTR\"><\/span>\n\t\t<span class=\"ZP_SHOWTAGS ZP_ATTR\"><\/span>\n\t\t<span class=\"ZP_DOWNLOADABLE ZP_ATTR\"><\/span>\n\t\t<span class=\"ZP_NOTES ZP_ATTR\"><\/span>\n\t\t<span class=\"ZP_ABSTRACT ZP_ATTR\"><\/span>\n\t\t<span class=\"ZP_CITEABLE ZP_ATTR\"><\/span>\n\t\t<span class=\"ZP_TARGET ZP_ATTR\">1<\/span>\n\t\t<span class=\"ZP_URLWRAP ZP_ATTR\"><\/span>\n\t\t<span class=\"ZP_FORCENUM ZP_ATTR\"><\/span>\n        <span class=\"ZP_HIGHLIGHT ZP_ATTR\"><\/span>\n        <span class=\"ZP_POSTID ZP_ATTR\">486<\/span>\n\t\t<span class=\"ZOTPRESS_PLUGIN_URL ZP_ATTR\">https:\/\/opistobranquis.info\/wp-content\/plugins\/zotpress\/<\/span>\n\n\t\t<div class=\"zp-List loading\">\n\t\t\t<div class=\"zp-SEO-Content\">\n\n\t\t\t<\/div><!-- .zp-zp-SEO-Content -->\n\t\t<\/div><!-- .zp-List -->\n\t<\/div><!--.zp-Zotpress-->\n\n<p><\/p>Bibliografia basada en els treballs de <b>Steve Long, 2006<\/b>. <a target=_blank href=https:\/\/opistobranquis.info\/wp-content\/uploads\/2016\/06\/Long-S.-2006-Bibliography-of-Opisthobranchia-1554-2000.pdf>Bibliography of Opisthobranchia 1554-2000<\/a> i <b>Gary McDonald, 2009<\/b>. <a href=http:\/\/escholarship.org\/uc\/item\/8115h0wz>Bibliographia Nudibranchia<\/a>, amb actualitzacions posteriors procedents d\u00b4altres fonts.<p><\/p><\/ul><p><\/p><p><strong>M\u00e9s informaci\u00f3<\/strong><\/p><span style=\"font-size:10pt\"><ul><ul class=\"blogroll-links\"><li><a href=\"http:\/\/www.asturnatura.com\/especie\/peltodoris-atromaculata.html\">AsturNatura<\/a><\/li><li><a href=\"http:\/\/www.biodiversitylibrary.org\/name\/Peltodoris%20atromaculata\">Biodiversity Heritage Library<\/a><\/li><li><a href=\"http:\/\/www.biologiamarina.org\/wp\/doride-vacchetta\/\">BiologiaMarina.org<\/a><\/li><li><a href=\"http:\/\/www.cibsub.com\/bioespecie_es-peltodoris_atromaculata-27832\">CIB - Club Immersio Biologia<\/a><\/li><li><a href=\"http:\/\/doris.ffessm.fr\/fiche2.asp?fiche_numero=169\">DORIS<\/a><\/li><li><a href=\"https:\/\/litoraldegranada.ugr.es\/el-litoral\/el-litoral-sumergido\/fauna\/moluscos\/gasteropodos\/opistobranquios\/orden-nudibranchia\/doridaceos\/doridoideos\/peltodoris-atromaculata\/\">El Litoral de Granada<\/a><\/li><li><a href=\"https:\/\/www.flickr.com\/search\/?text=Peltodoris%20atromaculata\">Flickr pictures<\/a><\/li><li><a href=\"http:\/\/www.opistobranquis.org\/ca\/guia\/103\">GROC<\/a><\/li><li><a href=\"http:\/\/www.irmng.org\/aphia.php?p=taxlist&#038;tName=Peltodoris%20atromaculata\">Interim Register of Marine and Nonmarine Genera<\/a><\/li><li><a href=\"https:\/\/isramar.ocean.org.il\/isramarbio\/TaxonInfo.aspx?AphiaID=509315\">ISRAMAR<\/a><\/li><li><a href=\"http:\/\/marenostrum.org\/vidamarina\/animalia\/invertebrados\/moluscos\/gasteropodos\/opistobranquios\/datromaculata\/index.htm\">M@re Nostrum<\/a><\/li><li><a href=\"http:\/\/www.ncbi.nlm.nih.gov\/Taxonomy\/Browser\/wwwtax.cgi?mode=Undef&#038;name=Peltodoris%20atromaculata&#038;lvl=0&#038;srchmode=1\">NCBI GenBank<\/a><\/li><li><a href=\"http:\/\/iobis.org\/mapper\/?taxon=Peltodoris%20atromaculata\">OBIS - Search by Taxon<\/a><\/li><li><a href=\"http:\/\/slugsite.us\/bow\/wirtz\/wirtz20.htm\">The SlugSite<\/a><\/li><li><a href=\"http:\/\/slugsite.us\/bow\/wirtz98\/p_4_2.htm\">The SlugSite<\/a><\/li><li><a href=\"http:\/\/www.marinespecies.org\/aphia.php?p=taxdetails&#038;id=509315\">World Register of Marine Species<\/a><\/li><\/ul><\/ul><\/span><p><strong>Citeu aquest article com: <\/strong><\/p><div style=\"display: block; background: #444444; padding: 10px 30px 10px 10px; border-radius: 5px; line-height: 18px;\"><p class=\"citacio\"><b>Ballesteros, M., Madrenas, E. &#38; Pontes, M.<\/b> (2025) <em>\"Peltodoris atromaculata\"<\/em> a <em>OPK-Opistobranquis<\/em>. Publicat: 16\/05\/2012. Accedit: 03\/09\/2026. Disponible a (<a href=https:\/\/opistobranquis.info\/ca\/?p=486>https:\/\/opistobranquis.info\/ca\/?p=486<\/a>)<\/p><p><\/p><\/div><p><\/p><\/p>","protected":false},"excerpt":{"rendered":"<p>Peltodoris atromaculata\u00a0(Bergh, 1880) Sin\u00f2nims Discodoris atromaculata (Bergh, 1880) Descripci\u00f3 Aquesta esp\u00e8cie \u00e9s de gran talla ja que pot mesurar fins a 12 cm de longitud. El cos \u00e9s molt aplanat i de contorn arrodonit o ovalat quan l&#8217;animal est\u00e0 en rep\u00f2s. \u00c9s inconfusible pel disseny crom\u00e0tic del cos: color de fons del dors blanc amb taques arrodonides de diverses mides de color marr\u00f3 fosc, quasi negre. Aquestes taques tendeixen a\u2026<\/p>\n<p class=\"continue-reading-button\"> <a class=\"continue-reading-link\" href=\"https:\/\/opistobranquis.info\/ca\/guia\/nudibranchia\/doridina\/doridoidei\/doridoidea\/peltodoris-atromaculata\/\">Continua llegint<i class=\"crycon-right-dir\"><\/i><\/a><\/p>\n","protected":false},"author":291,"featured_media":4752,"parent":26109,"menu_order":6770,"comment_status":"closed","ping_status":"closed","template":"","meta":{"footnotes":""},"class_list":["post-486","page","type-page","status-publish","has-post-thumbnail","hentry"],"jetpack_sharing_enabled":true,"_links":{"self":[{"href":"https:\/\/opistobranquis.info\/ca\/wp-json\/wp\/v2\/pages\/486","targetHints":{"allow":["GET"]}}],"collection":[{"href":"https:\/\/opistobranquis.info\/ca\/wp-json\/wp\/v2\/pages"}],"about":[{"href":"https:\/\/opistobranquis.info\/ca\/wp-json\/wp\/v2\/types\/page"}],"author":[{"embeddable":true,"href":"https:\/\/opistobranquis.info\/ca\/wp-json\/wp\/v2\/users\/291"}],"replies":[{"embeddable":true,"href":"https:\/\/opistobranquis.info\/ca\/wp-json\/wp\/v2\/comments?post=486"}],"version-history":[{"count":8,"href":"https:\/\/opistobranquis.info\/ca\/wp-json\/wp\/v2\/pages\/486\/revisions"}],"predecessor-version":[{"id":39887,"href":"https:\/\/opistobranquis.info\/ca\/wp-json\/wp\/v2\/pages\/486\/revisions\/39887"}],"up":[{"embeddable":true,"href":"https:\/\/opistobranquis.info\/ca\/wp-json\/wp\/v2\/pages\/26109"}],"wp:featuredmedia":[{"embeddable":true,"href":"https:\/\/opistobranquis.info\/ca\/wp-json\/wp\/v2\/media\/4752"}],"wp:attachment":[{"href":"https:\/\/opistobranquis.info\/ca\/wp-json\/wp\/v2\/media?parent=486"}],"curies":[{"name":"wp","href":"https:\/\/api.w.org\/{rel}","templated":true}]}}