{"id":488,"date":"2012-05-16T19:11:08","date_gmt":"2012-05-16T17:11:08","guid":{"rendered":"https:\/\/opistobranquis.info\/discodoris-maculosadiscodoris-maculosadiscodoris-maculosa"},"modified":"2025-03-06T12:42:30","modified_gmt":"2025-03-06T11:42:30","slug":"tayuva-maculosa","status":"publish","type":"page","link":"https:\/\/opistobranquis.info\/ca\/guia\/nudibranchia\/doridina\/doridoidei\/doridoidea\/tayuva-maculosa\/","title":{"rendered":"Tayuva maculosa"},"content":{"rendered":"<p><\/p>\n<h3><i>Tayuva maculosa <\/i>(Bergh, 1884)<\/h3>\n<p><span style=\"font-size:10pt;\" class=\"aligncenter\"><div id=\"featured-img-id\"><img data-recalc-dims=\"1\" decoding=\"async\" src=\"https:\/\/i0.wp.com\/opistobranquis.info\/wp-content\/uploads\/2022\/10\/Tayuva-lilacina-163.jpg?w=900&#038;ssl=1\" alt=\"Tayuva maculosa @ Costa Brava by Enric Madrenas\" \/><\/div><center><em>Tayuva maculosa @ Costa Brava<\/em> per Enric Madrenas<\/center><\/span><p><\/p><div class=\"opk-worms\"><h3>Informaci\u00f3 taxon\u00f2mica WoRMS<\/h3><div class=\"opk-success\">Nom acceptat actual: <strong><em>Tayuva maculosa<\/em> (Bergh, 1884)<\/strong><\/div><h4>Classificaci\u00f3 actual<\/h4><table class=\"widefat striped\"><tr><th>Superdomain<\/th><td><a target=\"_blank\" href=\"https:\/\/www.marinespecies.org\/aphia.php?p=taxdetails&id=1\">Biota<\/a><\/td><\/tr><tr><th>Kingdom<\/th><td><a target=\"_blank\" href=\"https:\/\/www.marinespecies.org\/aphia.php?p=taxdetails&id=2\">Animalia<\/a><\/td><\/tr><tr><th>Phylum<\/th><td><a target=\"_blank\" href=\"https:\/\/www.marinespecies.org\/aphia.php?p=taxdetails&id=51\">Mollusca<\/a><\/td><\/tr><tr><th>Class<\/th><td><a target=\"_blank\" href=\"https:\/\/www.marinespecies.org\/aphia.php?p=taxdetails&id=101\">Gastropoda<\/a><\/td><\/tr><tr><th>Subclass<\/th><td><a target=\"_blank\" href=\"https:\/\/www.marinespecies.org\/aphia.php?p=taxdetails&id=14712\">Heterobranchia<\/a><\/td><\/tr><tr><th>Infraclass<\/th><td><a target=\"_blank\" href=\"https:\/\/www.marinespecies.org\/aphia.php?p=taxdetails&id=1057247\">Euthyneura<\/a><\/td><\/tr><tr><th>Subterclass<\/th><td><a target=\"_blank\" href=\"https:\/\/www.marinespecies.org\/aphia.php?p=taxdetails&id=1057249\">Ringipleura<\/a><\/td><\/tr><tr><th>Superorder<\/th><td><a target=\"_blank\" href=\"https:\/\/www.marinespecies.org\/aphia.php?p=taxdetails&id=411966\">Nudipleura<\/a><\/td><\/tr><tr><th>Order<\/th><td><a target=\"_blank\" href=\"https:\/\/www.marinespecies.org\/aphia.php?p=taxdetails&id=1762\">Nudibranchia<\/a><\/td><\/tr><tr><th>Suborder<\/th><td><a target=\"_blank\" href=\"https:\/\/www.marinespecies.org\/aphia.php?p=taxdetails&id=1829294\">Doridida<\/a><\/td><\/tr><tr><th>Infraorder<\/th><td><a target=\"_blank\" href=\"https:\/\/www.marinespecies.org\/aphia.php?p=taxdetails&id=246038\">Doridoidei<\/a><\/td><\/tr><tr><th>Superfamily<\/th><td><a target=\"_blank\" href=\"https:\/\/www.marinespecies.org\/aphia.php?p=taxdetails&id=173\">Doridoidea<\/a><\/td><\/tr><tr><th>Family<\/th><td><a target=\"_blank\" href=\"https:\/\/www.marinespecies.org\/aphia.php?p=taxdetails&id=1761\">Discodorididae<\/a><\/td><\/tr><tr><th>Genus<\/th><td><a target=\"_blank\" href=\"https:\/\/www.marinespecies.org\/aphia.php?p=taxdetails&id=574698\"><em>Tayuva<\/em><\/a><\/td><\/tr><tr><th>Species<\/th><td><a target=\"_blank\" href=\"https:\/\/www.marinespecies.org\/aphia.php?p=taxdetails&id=1791534\"><em>Tayuva maculosa<\/em> (Bergh, 1884)<\/a><\/td><\/tr><\/table><p class=\"footer\">Classificaci\u00f3 proporcionada pel World Register of Marine Species (WoRMS). [<a target=\"_blank\" href=\"https:\/\/www.marinespecies.org\/aphia.php?p=taxdetails&id=1791534\">1791534<\/a>]<\/p><\/div><strong>Nota taxon\u00f2mica<\/strong>: La revisi\u00f3 recent i profunda dels Discodor\u00eddids efectuada per Dayrat (2010), basada en car\u00e0cters morfol\u00f2gics i d&#8217;anatomia interna, va posar en evid\u00e8ncia l&#8217;exist\u00e8ncia d&#8217;esp\u00e8cies sin\u00f2nimes, procedents dels diferents mars del m\u00f3n, i va reduir el nombre d&#8217;esp\u00e8cies v\u00e0lides dins de la fam\u00edlia Discodorididae. Tal va ser el cas de <em>Discodoris maculosa<\/em>, una esp\u00e8cie mediterr\u00e0nia ben coneguda i que va ser inclosa a l&#8217;esp\u00e8cie <em>Tayuva lilacina<\/em>, una esp\u00e8cie de molt \u00e0mplia distribuci\u00f3 circumtropical i present en mars temperats com el Mediterrani. No obstant aix\u00f2, es donava la circumst\u00e0ncia que davant de nous estudis de filog\u00e8nia molecular es descobr\u00eds que <em>Tayuva lilacina<\/em> fos m\u00e9s aviat un complex d&#8217;esp\u00e8cies diferents emmascarades amb una morfologia molt similar. Aquest punt ha estat demostrat pel treball recent de Fern\u00e1ndez-Vilert et al (2025) en qu\u00e8, despr\u00e9s d&#8217;analitzar gen\u00e8ticament diversos exemplars de <em>Tayuva<\/em> procedents de diferents punts del m\u00f3n, van descobrir quatre grups diferents, proposant la transfer\u00e8ncia dels exemplars mediterranis, que es corresponen amb <em>Discodoris maculosa<\/em> Bergh, 1884 a la nova combinaci\u00f3 <em>Tayuva maculosa<\/em>, i els exemplars de l&#8217;Atl\u00e0ntic nord-oriental, que es corresponen amb <em>Discodoris confusa<\/em> Ballesteros, Llera and Ortea, 1985 ressusciten com la nova combinaci\u00f3 <em>Tayuva confusa<\/em>. Fern\u00e1ndez-Vilert et al (2025) comenten tamb\u00e9 que el g\u00e8nere <em>Peltodoris<\/em> forma un clade molt proper a <em>Tayuva<\/em>, documentant diversos casos de sinon\u00edmies pr\u00e8vies d&#8217;esp\u00e8cies inicialment classificades com a <em>Peltodoris<\/em>, per la qual cosa proposen obtenir m\u00e9s informaci\u00f3 gen\u00f2mica per estudiar aquests grups i la seva possible sinon\u00edmia.<\/p>\n<p><strong>Sin\u00f2nims<\/strong><\/p>\n<ul>\n<li><em>Discodoris maculosa<\/em> Bergh, 1884<\/li>\n<li><em>Diaulula hummelincki<\/em> (Ev. Marcus &amp; Er. Marcus, 1963)<\/li>\n<li><em>Discodoris hummelincki<\/em> (Ev. Marcus &amp; Er. Marcus, 1963)<\/li>\n<li><em>Discodoris ketos gila<\/em> (Er. Marcus &amp; Ev. Marcus, 1970)<\/li>\n<li><em>Peltodoris hummelincki<\/em> Ev. Marcus &amp; Er. Marcus, 1963<\/li>\n<li><em>Tayuva ketos gila<\/em> Er. Marcus &amp; Ev. Marcus, 1970<\/li>\n<\/ul>\n<p><b>Descripci\u00f3<\/b><br \/>\nEs tracta d&#8217;un doridaci de grand\u00e0ria mitjana a gran els exemplars mediterranis de la qual poden arribar als 60 mm de longitud. El cos \u00e9s molt aplanat i de textura cori\u00e0cia. La coloraci\u00f3 general del dors \u00e9s marr\u00f3-grisenca amb abundants taques arrodonides marr\u00f3-verdoses de diferents grand\u00e0ries. Tot el dors est\u00e0 adornat amb nombrosos i petits tubercles c\u00f2nics col\u00b7locats molt atape\u00efdament. En alguns exemplars pot veure&#8217;s una esp\u00e8cie de l\u00ednia blanca discont\u00ednua migdorsal que va des de la zona branquial fins a la zona interrinof\u00f2rica, constitu\u00efda aquesta per l&#8217;alineaci\u00f3 de tubercles blancs. Tot el dors de l&#8217;animal, inclosos els tubercles, t\u00e9 una abundant espiculaci\u00f3 interna. Els rin\u00f2fors s\u00f3n lleugerament groguencs, les laminetes marrons i l&#8217;\u00e0pex t\u00e9 forma de ma\u00e7a; la beina rinof\u00f2rica posseeix de 12 a 14 petits tubercles en el seu marge superior. Hi ha 6 fulles branquials tripinnades blanc-groguenques que envolten a la papil\u00b7la anal; la beina branquial \u00e9s poc elevada i t\u00e9 la vora superior lobulat. La cara inferior del mantell i els flancs del cos tenen abundants taques de color marr\u00f3-vermell\u00f3s de diferents grand\u00e0ries. El peu \u00e9s bastant ampli, de color blanquin\u00f3s per\u00f2 amb nombroses taques i puntuacions marr\u00f3-vermell\u00f3s. La boca disposa de dos palps orals curts de color blanc.<\/p>\n<p><b>Biologia<\/b><br \/>\nAquesta esp\u00e8cie es sol localitzar a escassa profunditat sota pedres, des de tolls de marea fins a diversos metres de profunditat. En aquest h\u00e0bitat, per la seva coloraci\u00f3 i aspecte aplanat, els animals poden confondre&#8217;s i passar desapercebuts com a esponges incrustants, de les quals poden alimentar-se com succeeix amb altres discodor\u00eddids. La posta \u00e9s una espiral blanquinosa d&#8217;uns 20 mm de di\u00e0metre i amb ous d&#8217;unes 90 micres.<\/p>\n<p><strong>Etimologia<\/strong><\/p>\n<ul>\n<li><em>Maculosa.<\/em> Del llati &#8220;maculosa&#8221;, puntejat, amb taques.<\/li>\n<\/ul>\n<p><strong>Distribuci\u00f3<\/strong><br \/>\nEls \u00faltims treballs gen\u00e8tics sobre aquesta esp\u00e8cie (Fern\u00e1ndez-Vilert et al., 2025) assignen el nom de <em>Tayuva maculosa<\/em> als exemplars mediterranis d&#8217;aquesta esp\u00e8cie, per la qual cosa, a la pen\u00ednsula Ib\u00e8rica s&#8217;ha citada a l&#8217;estret de Gibraltar, a la costa mediterr\u00e0nia andalusa, a la costa llevantina i a Catalunya. A la costa catalana s&#8217;ha observat al nord de la Costa Brava (Sant Antoni i Es Caials a Cadaqu\u00e9s i Cap Falco a Roses), entre d&#8217;altres llocs. Els esp\u00e8cimens citats a l&#8217;Atl\u00e0ntic nord-oriental, concretament els de la costa cant\u00e0brica i les illes Can\u00e0ries, actualment es classificarien com a <em>Tayuva confusa<\/em>. <div id=\"flxmap-6a99b93ead2a9\" class='flxmap-container' data-flxmap='flxmap_6a99b93ead2a9' style=\"width:100%;height:400px;\"><\/div>\n<script data-noptimize=\"1\">\n\/* <![CDATA[ *\/\n(function(w, fn) {\n if (w.addEventListener) w.addEventListener(\"DOMContentLoaded\", fn, false);\n else if (w.attachEvent) w.attachEvent(\"onload\", fn);\n})(window, function() {\n var f = new FlexibleMap();\n f.panControl = true;\n f.mapTypeId = \"satellite\";\n f.setlocale(\"ca-ES\");\n f.kmlcache = \"5 minutes\";\n f.showKML(\"flxmap-6a99b93ead2a9\", \"https:\/\/opistobranquis.info\/wp-content\/uploads\/kms\/488.kmz\");\n window.flxmap_6a99b93ead2a9 = f;\n});\n\/* ]]> *\/\n<\/script>\n<div style=\"width:100%;text-align:center;margin:12px 0 4px 0;\">\n  <div style=\"font-size:8pt;margin-bottom:6px;\">Cites georeferenciades conegudes de l'esp\u00e8cie: <em>Tayuva maculosa<\/em><\/div>\n  <table style=\"margin:0 auto;border-collapse:collapse;font-size:8pt;\">\n    <tr><td colspan=\"2\" style=\"text-align:left;padding-bottom:4px;\"><strong>Fonts:<\/strong><\/td><\/tr>\n    <tr>\n      <td style=\"vertical-align:top;padding-right:40px;\">\n        <table style=\"border-collapse:collapse;\">\n<tr><td style='padding:1px 6px 1px 0;vertical-align:middle'><img data-recalc-dims=\"1\" src=\"https:\/\/i0.wp.com\/opistobranquis.info\/wp-content\/uploads\/kms\/wht-circle-lv.png?w=900&#038;ssl=1\" style='display:block'><\/td><td style='padding:1px 0;vertical-align:middle;white-space:nowrap'>OBIS<\/td><\/tr><tr><td style='padding:1px 6px 1px 0;vertical-align:middle'><img data-recalc-dims=\"1\" src=\"https:\/\/i0.wp.com\/opistobranquis.info\/wp-content\/uploads\/kms\/ylw-circle-lv.png?w=900&#038;ssl=1\" style='display:block'><\/td><td style='padding:1px 0;vertical-align:middle;white-space:nowrap'>GROC 2010-2011<\/td><\/tr><tr><td style='padding:1px 6px 1px 0;vertical-align:middle'><img data-recalc-dims=\"1\" src=\"https:\/\/i0.wp.com\/opistobranquis.info\/wp-content\/uploads\/kms\/grn-circle-lv.png?w=900&#038;ssl=1\" style='display:block'><\/td><td style='padding:1px 0;vertical-align:middle;white-space:nowrap'>Enric Madrenas<\/td><\/tr><tr><td style='padding:1px 6px 1px 0;vertical-align:middle'><img data-recalc-dims=\"1\" src=\"https:\/\/i0.wp.com\/opistobranquis.info\/wp-content\/uploads\/kms\/orange-circle-lv.png?w=900&#038;ssl=1\" style='display:block'><\/td><td style='padding:1px 0;vertical-align:middle;white-space:nowrap'>Jo\u00e3o Pedro Silva<\/td><\/tr><tr><td style='padding:1px 6px 1px 0;vertical-align:middle'><img data-recalc-dims=\"1\" src=\"https:\/\/i0.wp.com\/opistobranquis.info\/wp-content\/uploads\/kms\/pink-circle-lv.png?w=900&#038;ssl=1\" style='display:block'><\/td><td style='padding:1px 0;vertical-align:middle;white-space:nowrap'>Bernard Picton<\/td><\/tr><tr><td style='padding:1px 6px 1px 0;vertical-align:middle'><img data-recalc-dims=\"1\" src=\"https:\/\/i0.wp.com\/opistobranquis.info\/wp-content\/uploads\/kms\/blk-circle-lv.png?w=900&#038;ssl=1\" style='display:block'><\/td><td style='padding:1px 0;vertical-align:middle;white-space:nowrap'>GBIF<\/td><\/tr>        <\/table>\n      <\/td>\n      <td style=\"vertical-align:top;\">\n        <table style=\"border-collapse:collapse;\">\n<tr><td style='padding:1px 6px 1px 0;vertical-align:middle'><img data-recalc-dims=\"1\" src=\"https:\/\/i0.wp.com\/opistobranquis.info\/wp-content\/uploads\/kms\/purple-circle-lv.png?w=900&#038;ssl=1\" style='display:block'><\/td><td style='padding:1px 0;vertical-align:middle;white-space:nowrap'>OPK<\/td><\/tr><tr><td style='padding:1px 6px 1px 0;vertical-align:middle'><img data-recalc-dims=\"1\" src=\"https:\/\/i0.wp.com\/opistobranquis.info\/wp-content\/uploads\/kms\/red-circle-lv.png?w=900&#038;ssl=1\" style='display:block'><\/td><td style='padding:1px 0;vertical-align:middle;white-space:nowrap'>VIMAR<\/td><\/tr><tr><td style='padding:1px 6px 1px 0;vertical-align:middle'><img data-recalc-dims=\"1\" src=\"https:\/\/i0.wp.com\/opistobranquis.info\/wp-content\/uploads\/kms\/blu-circle-lv.png?w=900&#038;ssl=1\" style='display:block'><\/td><td style='padding:1px 0;vertical-align:middle;white-space:nowrap'>Manuel Ballesteros<\/td><\/tr><tr><td style='padding:1px 6px 1px 0;vertical-align:middle'><img data-recalc-dims=\"1\" src=\"https:\/\/i0.wp.com\/opistobranquis.info\/wp-content\/uploads\/kms\/cyan-circle-lv.png?w=900&#038;ssl=1\" style='display:block'><\/td><td style='padding:1px 0;vertical-align:middle;white-space:nowrap'>M@re Nostrum<\/td><\/tr><tr><td style='padding:1px 6px 1px 0;vertical-align:middle'><img data-recalc-dims=\"1\" src=\"https:\/\/i0.wp.com\/opistobranquis.info\/wp-content\/uploads\/kms\/grey-circle-lv.png?w=900&#038;ssl=1\" style='display:block'><\/td><td style='padding:1px 0;vertical-align:middle;white-space:nowrap'>Altres fonts<\/td><\/tr><tr><td style='padding:1px 6px 1px 0;vertical-align:middle'><img data-recalc-dims=\"1\" src=\"https:\/\/i0.wp.com\/opistobranquis.info\/wp-content\/uploads\/kms\/marreg.png?w=900&#038;ssl=1\" style='display:block'><\/td><td style='padding:1px 0;vertical-align:middle;white-space:nowrap'>Marine Regions<\/td><\/tr>        <\/table>\n      <\/td>\n    <\/tr>\n  <\/table>\n<\/div>\n<\/p>\n<p><strong>Error:<\/strong> Chart.js no est\u00e1 disponible.<\/p>\n<p><strong>Altres fotos<\/strong><br \/>\n<div class=\"tiled-gallery type-rectangular tiled-gallery-unresized\" data-original-width=\"900\" data-carousel-extra='{&quot;blog_id&quot;:1,&quot;permalink&quot;:&quot;https:\\\/\\\/opistobranquis.info\\\/ca\\\/guia\\\/nudibranchia\\\/doridina\\\/doridoidei\\\/doridoidea\\\/tayuva-maculosa\\\/&quot;,&quot;likes_blog_id&quot;:44192421}' itemscope itemtype=\"http:\/\/schema.org\/ImageGallery\" > <div class=\"gallery-row\" style=\"width: 900px; height: 421px;\" data-original-width=\"900\" data-original-height=\"421\" > <div class=\"gallery-group images-1\" style=\"width: 622px; height: 421px;\" data-original-width=\"622\" data-original-height=\"421\" > <div class=\"tiled-gallery-item tiled-gallery-item-large\" itemprop=\"associatedMedia\" itemscope itemtype=\"http:\/\/schema.org\/ImageObject\"> <a href=\"https:\/\/opistobranquis.info\/ca\/guia\/nudibranchia\/doridina\/doridoidei\/doridoidea\/tayuva-maculosa\/discodoris-maculosa-00\/\" border=\"0\" itemprop=\"url\"> <meta itemprop=\"width\" content=\"618\"> <meta itemprop=\"height\" content=\"417\"> <img decoding=\"async\" class=\"\" data-attachment-id=\"4348\" data-orig-file=\"https:\/\/opistobranquis.info\/wp-content\/uploads\/2012\/12\/discodoris-maculosa-00.jpg\" data-orig-size=\"650,439\" data-comments-opened=\"\" data-image-title=\"Tayuva maculosa @ Costa Brava by Enric Madrenas\" data-image-description=\"&lt;p&gt;Tayuva maculosa @ Costa Brava by Enric Madrenas&lt;\/p&gt; \" data-medium-file=\"https:\/\/i0.wp.com\/opistobranquis.info\/wp-content\/uploads\/2012\/12\/discodoris-maculosa-00.jpg?fit=300%2C202&#038;ssl=1\" data-large-file=\"https:\/\/i0.wp.com\/opistobranquis.info\/wp-content\/uploads\/2012\/12\/discodoris-maculosa-00.jpg?fit=650%2C439&#038;ssl=1\" src=\"https:\/\/i0.wp.com\/opistobranquis.info\/wp-content\/uploads\/2012\/12\/discodoris-maculosa-00.jpg?w=618&#038;h=417&#038;ssl=1\" srcset=\"https:\/\/i0.wp.com\/opistobranquis.info\/wp-content\/uploads\/2012\/12\/discodoris-maculosa-00.jpg?w=650&amp;ssl=1 650w, https:\/\/i0.wp.com\/opistobranquis.info\/wp-content\/uploads\/2012\/12\/discodoris-maculosa-00.jpg?resize=300%2C202&amp;ssl=1 300w\" width=\"618\" height=\"417\" loading=\"lazy\" data-original-width=\"618\" data-original-height=\"417\" itemprop=\"http:\/\/schema.org\/image\" title=\"Tayuva maculosa @ Costa Brava by Enric Madrenas\" alt=\"Tayuva maculosa @ Costa Brava by Enric Madrenas\" style=\"width: 618px; height: 417px;\" \/> <\/a> <div class=\"tiled-gallery-caption\" itemprop=\"caption description\"> Tayuva maculosa @ Costa Brava by Enric Madrenas <\/div> <\/div> <\/div> <!-- close group --> <div class=\"gallery-group images-2\" style=\"width: 278px; height: 421px;\" data-original-width=\"278\" data-original-height=\"421\" > <div class=\"tiled-gallery-item tiled-gallery-item-large\" itemprop=\"associatedMedia\" itemscope itemtype=\"http:\/\/schema.org\/ImageObject\"> <a href=\"https:\/\/opistobranquis.info\/ca\/guia\/nudibranchia\/doridina\/doridoidei\/doridoidea\/tayuva-maculosa\/discodoris-maculosa-01\/\" border=\"0\" itemprop=\"url\"> <meta itemprop=\"width\" content=\"274\"> <meta itemprop=\"height\" content=\"207\"> <img decoding=\"async\" class=\"\" data-attachment-id=\"4349\" data-orig-file=\"https:\/\/opistobranquis.info\/wp-content\/uploads\/2012\/12\/discodoris-maculosa-01.jpg\" data-orig-size=\"649,490\" data-comments-opened=\"\" data-image-title=\"Tayuva maculosa @ Costa Brava by Enric Madrenas\" data-image-description=\"&lt;p&gt;Tayuva maculosa @ Costa Brava by Enric Madrenas&lt;\/p&gt; \" data-medium-file=\"https:\/\/i0.wp.com\/opistobranquis.info\/wp-content\/uploads\/2012\/12\/discodoris-maculosa-01.jpg?fit=300%2C226&#038;ssl=1\" data-large-file=\"https:\/\/i0.wp.com\/opistobranquis.info\/wp-content\/uploads\/2012\/12\/discodoris-maculosa-01.jpg?fit=649%2C490&#038;ssl=1\" src=\"https:\/\/i0.wp.com\/opistobranquis.info\/wp-content\/uploads\/2012\/12\/discodoris-maculosa-01.jpg?w=274&#038;h=207&#038;ssl=1\" srcset=\"https:\/\/i0.wp.com\/opistobranquis.info\/wp-content\/uploads\/2012\/12\/discodoris-maculosa-01.jpg?w=649&amp;ssl=1 649w, https:\/\/i0.wp.com\/opistobranquis.info\/wp-content\/uploads\/2012\/12\/discodoris-maculosa-01.jpg?resize=300%2C226&amp;ssl=1 300w\" width=\"274\" height=\"207\" loading=\"lazy\" data-original-width=\"274\" data-original-height=\"207\" itemprop=\"http:\/\/schema.org\/image\" title=\"Tayuva maculosa @ Costa Brava by Enric Madrenas\" alt=\"Tayuva maculosa @ Costa Brava by Enric Madrenas\" style=\"width: 274px; height: 207px;\" \/> <\/a> <div class=\"tiled-gallery-caption\" itemprop=\"caption description\"> Tayuva maculosa @ Costa Brava by Enric Madrenas <\/div> <\/div> <div class=\"tiled-gallery-item tiled-gallery-item-large\" itemprop=\"associatedMedia\" itemscope itemtype=\"http:\/\/schema.org\/ImageObject\"> <a href=\"https:\/\/opistobranquis.info\/ca\/guia\/nudibranchia\/doridina\/doridoidei\/doridoidea\/tayuva-maculosa\/discodoris-maculosa-04\/\" border=\"0\" itemprop=\"url\"> <meta itemprop=\"width\" content=\"274\"> <meta itemprop=\"height\" content=\"206\"> <img decoding=\"async\" class=\"\" data-attachment-id=\"4350\" data-orig-file=\"https:\/\/opistobranquis.info\/wp-content\/uploads\/2012\/12\/discodoris-maculosa-04.jpg\" data-orig-size=\"649,490\" data-comments-opened=\"\" data-image-title=\"Tayuva maculosa @ Costa Brava by Enric Madrenas\" data-image-description=\"&lt;p&gt;Tayuva maculosa @ Costa Brava by Enric Madrenas&lt;\/p&gt; \" data-medium-file=\"https:\/\/i0.wp.com\/opistobranquis.info\/wp-content\/uploads\/2012\/12\/discodoris-maculosa-04.jpg?fit=300%2C226&#038;ssl=1\" data-large-file=\"https:\/\/i0.wp.com\/opistobranquis.info\/wp-content\/uploads\/2012\/12\/discodoris-maculosa-04.jpg?fit=649%2C490&#038;ssl=1\" src=\"https:\/\/i0.wp.com\/opistobranquis.info\/wp-content\/uploads\/2012\/12\/discodoris-maculosa-04.jpg?w=274&#038;h=206&#038;ssl=1\" srcset=\"https:\/\/i0.wp.com\/opistobranquis.info\/wp-content\/uploads\/2012\/12\/discodoris-maculosa-04.jpg?w=649&amp;ssl=1 649w, https:\/\/i0.wp.com\/opistobranquis.info\/wp-content\/uploads\/2012\/12\/discodoris-maculosa-04.jpg?resize=300%2C226&amp;ssl=1 300w\" width=\"274\" height=\"206\" loading=\"lazy\" data-original-width=\"274\" data-original-height=\"206\" itemprop=\"http:\/\/schema.org\/image\" title=\"Tayuva maculosa @ Costa Brava by Enric Madrenas\" alt=\"Tayuva maculosa @ Costa Brava by Enric Madrenas\" style=\"width: 274px; height: 206px;\" \/> <\/a> <div class=\"tiled-gallery-caption\" itemprop=\"caption description\"> Tayuva maculosa @ Costa Brava by Enric Madrenas <\/div> <\/div> <\/div> <!-- close group --> <\/div> <!-- close row --> <div class=\"gallery-row\" style=\"width: 900px; height: 742px;\" data-original-width=\"900\" data-original-height=\"742\" > <div class=\"gallery-group images-3\" style=\"width: 339px; height: 742px;\" data-original-width=\"339\" data-original-height=\"742\" > <div class=\"tiled-gallery-item tiled-gallery-item-large\" itemprop=\"associatedMedia\" itemscope itemtype=\"http:\/\/schema.org\/ImageObject\"> <a href=\"https:\/\/opistobranquis.info\/ca\/guia\/nudibranchia\/doridina\/doridoidei\/doridoidea\/tayuva-maculosa\/konica-minolta-digital-camera-3\/\" border=\"0\" itemprop=\"url\"> <meta itemprop=\"width\" content=\"335\"> <meta itemprop=\"height\" content=\"224\"> <img decoding=\"async\" class=\"\" data-attachment-id=\"4351\" data-orig-file=\"https:\/\/opistobranquis.info\/wp-content\/uploads\/2012\/12\/discodoris-maculosa-pict0083.jpg\" data-orig-size=\"808,540\" data-comments-opened=\"\" data-image-title=\"Tayuva maculosa @ Costa Brava by Enric Madrenas\" data-image-description=\"&lt;p&gt;Tayuva maculosa @ Costa Brava by Enric Madrenas&lt;\/p&gt; \" data-medium-file=\"https:\/\/i0.wp.com\/opistobranquis.info\/wp-content\/uploads\/2012\/12\/discodoris-maculosa-pict0083.jpg?fit=300%2C200&#038;ssl=1\" data-large-file=\"https:\/\/i0.wp.com\/opistobranquis.info\/wp-content\/uploads\/2012\/12\/discodoris-maculosa-pict0083.jpg?fit=808%2C540&#038;ssl=1\" src=\"https:\/\/i0.wp.com\/opistobranquis.info\/wp-content\/uploads\/2012\/12\/discodoris-maculosa-pict0083.jpg?w=335&#038;h=224&#038;ssl=1\" srcset=\"https:\/\/i0.wp.com\/opistobranquis.info\/wp-content\/uploads\/2012\/12\/discodoris-maculosa-pict0083.jpg?w=808&amp;ssl=1 808w, https:\/\/i0.wp.com\/opistobranquis.info\/wp-content\/uploads\/2012\/12\/discodoris-maculosa-pict0083.jpg?resize=300%2C200&amp;ssl=1 300w\" width=\"335\" height=\"224\" loading=\"lazy\" data-original-width=\"335\" data-original-height=\"224\" itemprop=\"http:\/\/schema.org\/image\" title=\"Tayuva maculosa @ Costa Brava by Enric Madrenas\" alt=\"Tayuva maculosa @ Costa Brava by Enric Madrenas\" style=\"width: 335px; height: 224px;\" \/> <\/a> <div class=\"tiled-gallery-caption\" itemprop=\"caption description\"> Tayuva maculosa @ Costa Brava by Enric Madrenas <\/div> <\/div> <div class=\"tiled-gallery-item tiled-gallery-item-large\" itemprop=\"associatedMedia\" itemscope itemtype=\"http:\/\/schema.org\/ImageObject\"> <a href=\"https:\/\/opistobranquis.info\/ca\/guia\/nudibranchia\/doridina\/doridoidei\/doridoidea\/tayuva-maculosa\/jorunna-tomentosa-01\/\" border=\"0\" itemprop=\"url\"> <meta itemprop=\"width\" content=\"335\"> <meta itemprop=\"height\" content=\"253\"> <img decoding=\"async\" class=\"\" data-attachment-id=\"4657\" data-orig-file=\"https:\/\/opistobranquis.info\/wp-content\/uploads\/2012\/12\/jorunna-tomentosa-01.jpg\" data-orig-size=\"649,490\" data-comments-opened=\"\" data-image-title=\"Tayuva maculosa @ Costa Brava by Enric Madrenas\" data-image-description=\"&lt;p&gt;Tayuva maculosa @ Costa Brava by Enric Madrenas&lt;\/p&gt; \" data-medium-file=\"https:\/\/i0.wp.com\/opistobranquis.info\/wp-content\/uploads\/2012\/12\/jorunna-tomentosa-01.jpg?fit=300%2C226&#038;ssl=1\" data-large-file=\"https:\/\/i0.wp.com\/opistobranquis.info\/wp-content\/uploads\/2012\/12\/jorunna-tomentosa-01.jpg?fit=649%2C490&#038;ssl=1\" src=\"https:\/\/i0.wp.com\/opistobranquis.info\/wp-content\/uploads\/2012\/12\/jorunna-tomentosa-01.jpg?w=335&#038;h=253&#038;ssl=1\" srcset=\"https:\/\/i0.wp.com\/opistobranquis.info\/wp-content\/uploads\/2012\/12\/jorunna-tomentosa-01.jpg?w=649&amp;ssl=1 649w, https:\/\/i0.wp.com\/opistobranquis.info\/wp-content\/uploads\/2012\/12\/jorunna-tomentosa-01.jpg?resize=300%2C226&amp;ssl=1 300w\" width=\"335\" height=\"253\" loading=\"lazy\" data-original-width=\"335\" data-original-height=\"253\" itemprop=\"http:\/\/schema.org\/image\" title=\"Tayuva maculosa @ Costa Brava by Enric Madrenas\" alt=\"Tayuva maculosa @ Costa Brava by Enric Madrenas\" style=\"width: 335px; height: 253px;\" \/> <\/a> <div class=\"tiled-gallery-caption\" itemprop=\"caption description\"> Tayuva maculosa @ Costa Brava by Enric Madrenas <\/div> <\/div> <div class=\"tiled-gallery-item tiled-gallery-item-large\" itemprop=\"associatedMedia\" itemscope itemtype=\"http:\/\/schema.org\/ImageObject\"> <a href=\"https:\/\/opistobranquis.info\/ca\/guia\/nudibranchia\/doridina\/doridoidei\/doridoidea\/tayuva-maculosa\/jorunna-tomentosa-02\/\" border=\"0\" itemprop=\"url\"> <meta itemprop=\"width\" content=\"335\"> <meta itemprop=\"height\" content=\"253\"> <img decoding=\"async\" class=\"\" data-attachment-id=\"4658\" data-orig-file=\"https:\/\/opistobranquis.info\/wp-content\/uploads\/2012\/12\/jorunna-tomentosa-02.jpg\" data-orig-size=\"649,490\" data-comments-opened=\"\" data-image-title=\"Tayuva maculosa @ Costa Brava by Enric Madrenas\" data-image-description=\"&lt;p&gt;Tayuva maculosa @ Costa Brava by Enric Madrenas&lt;\/p&gt; \" data-medium-file=\"https:\/\/i0.wp.com\/opistobranquis.info\/wp-content\/uploads\/2012\/12\/jorunna-tomentosa-02.jpg?fit=300%2C226&#038;ssl=1\" data-large-file=\"https:\/\/i0.wp.com\/opistobranquis.info\/wp-content\/uploads\/2012\/12\/jorunna-tomentosa-02.jpg?fit=649%2C490&#038;ssl=1\" src=\"https:\/\/i0.wp.com\/opistobranquis.info\/wp-content\/uploads\/2012\/12\/jorunna-tomentosa-02.jpg?w=335&#038;h=253&#038;ssl=1\" srcset=\"https:\/\/i0.wp.com\/opistobranquis.info\/wp-content\/uploads\/2012\/12\/jorunna-tomentosa-02.jpg?w=649&amp;ssl=1 649w, https:\/\/i0.wp.com\/opistobranquis.info\/wp-content\/uploads\/2012\/12\/jorunna-tomentosa-02.jpg?resize=300%2C226&amp;ssl=1 300w\" width=\"335\" height=\"253\" loading=\"lazy\" data-original-width=\"335\" data-original-height=\"253\" itemprop=\"http:\/\/schema.org\/image\" title=\"Tayuva maculosa @ Costa Brava by Enric Madrenas\" alt=\"Tayuva maculosa @ Costa Brava by Enric Madrenas\" style=\"width: 335px; height: 253px;\" \/> <\/a> <div class=\"tiled-gallery-caption\" itemprop=\"caption description\"> Tayuva maculosa @ Costa Brava by Enric Madrenas <\/div> <\/div> <\/div> <!-- close group --> <div class=\"gallery-group images-1\" style=\"width: 561px; height: 742px;\" data-original-width=\"561\" data-original-height=\"742\" > <div class=\"tiled-gallery-item tiled-gallery-item-large\" itemprop=\"associatedMedia\" itemscope itemtype=\"http:\/\/schema.org\/ImageObject\"> <a href=\"https:\/\/opistobranquis.info\/ca\/guia\/nudibranchia\/doridina\/doridoidei\/doridoidea\/tayuva-maculosa\/jorunna-tomentosa-04\/\" border=\"0\" itemprop=\"url\"> <meta itemprop=\"width\" content=\"557\"> <meta itemprop=\"height\" content=\"738\"> <img decoding=\"async\" class=\"\" data-attachment-id=\"4659\" data-orig-file=\"https:\/\/opistobranquis.info\/wp-content\/uploads\/2012\/12\/jorunna-tomentosa-04.jpg\" data-orig-size=\"370,490\" data-comments-opened=\"\" data-image-title=\"Tayuva maculosa @ Costa Brava by Enric Madrenas\" data-image-description=\"&lt;p&gt;Tayuva maculosa @ Costa Brava by Enric Madrenas&lt;\/p&gt; \" data-medium-file=\"https:\/\/i0.wp.com\/opistobranquis.info\/wp-content\/uploads\/2012\/12\/jorunna-tomentosa-04.jpg?fit=226%2C300&#038;ssl=1\" data-large-file=\"https:\/\/i0.wp.com\/opistobranquis.info\/wp-content\/uploads\/2012\/12\/jorunna-tomentosa-04.jpg?fit=370%2C490&#038;ssl=1\" src=\"https:\/\/i0.wp.com\/opistobranquis.info\/wp-content\/uploads\/2012\/12\/jorunna-tomentosa-04.jpg?w=557&#038;h=738&#038;ssl=1\" srcset=\"https:\/\/i0.wp.com\/opistobranquis.info\/wp-content\/uploads\/2012\/12\/jorunna-tomentosa-04.jpg?w=370&amp;ssl=1 370w, https:\/\/i0.wp.com\/opistobranquis.info\/wp-content\/uploads\/2012\/12\/jorunna-tomentosa-04.jpg?resize=226%2C300&amp;ssl=1 226w\" width=\"557\" height=\"738\" loading=\"lazy\" data-original-width=\"557\" data-original-height=\"738\" itemprop=\"http:\/\/schema.org\/image\" title=\"Tayuva maculosa @ Costa Brava by Enric Madrenas\" alt=\"Tayuva maculosa @ Costa Brava by Enric Madrenas\" style=\"width: 557px; height: 738px;\" \/> <\/a> <div class=\"tiled-gallery-caption\" itemprop=\"caption description\"> Tayuva maculosa @ Costa Brava by Enric Madrenas <\/div> <\/div> <\/div> <!-- close group --> <\/div> <!-- close row --> <div class=\"gallery-row\" style=\"width: 900px; height: 403px;\" data-original-width=\"900\" data-original-height=\"403\" > <div class=\"gallery-group images-2\" style=\"width: 297px; height: 403px;\" data-original-width=\"297\" data-original-height=\"403\" > <div class=\"tiled-gallery-item tiled-gallery-item-large\" itemprop=\"associatedMedia\" itemscope itemtype=\"http:\/\/schema.org\/ImageObject\"> <a href=\"https:\/\/opistobranquis.info\/ca\/guia\/nudibranchia\/doridina\/doridoidei\/doridoidea\/tayuva-maculosa\/jorunna-tomentosa-09\/\" border=\"0\" itemprop=\"url\"> <meta itemprop=\"width\" content=\"293\"> <meta itemprop=\"height\" content=\"198\"> <img decoding=\"async\" class=\"\" data-attachment-id=\"4661\" data-orig-file=\"https:\/\/opistobranquis.info\/wp-content\/uploads\/2012\/12\/jorunna-tomentosa-09.jpg\" data-orig-size=\"650,438\" data-comments-opened=\"\" data-image-title=\"Tayuva maculosa @ Costa Brava by Enric Madrenas\" data-image-description=\"&lt;p&gt;Tayuva maculosa @ Costa Brava by Enric Madrenas&lt;\/p&gt; \" data-medium-file=\"https:\/\/i0.wp.com\/opistobranquis.info\/wp-content\/uploads\/2012\/12\/jorunna-tomentosa-09.jpg?fit=300%2C202&#038;ssl=1\" data-large-file=\"https:\/\/i0.wp.com\/opistobranquis.info\/wp-content\/uploads\/2012\/12\/jorunna-tomentosa-09.jpg?fit=650%2C438&#038;ssl=1\" src=\"https:\/\/i0.wp.com\/opistobranquis.info\/wp-content\/uploads\/2012\/12\/jorunna-tomentosa-09.jpg?w=293&#038;h=198&#038;ssl=1\" srcset=\"https:\/\/i0.wp.com\/opistobranquis.info\/wp-content\/uploads\/2012\/12\/jorunna-tomentosa-09.jpg?w=650&amp;ssl=1 650w, https:\/\/i0.wp.com\/opistobranquis.info\/wp-content\/uploads\/2012\/12\/jorunna-tomentosa-09.jpg?resize=300%2C202&amp;ssl=1 300w\" width=\"293\" height=\"198\" loading=\"lazy\" data-original-width=\"293\" data-original-height=\"198\" itemprop=\"http:\/\/schema.org\/image\" title=\"Tayuva maculosa @ Costa Brava by Enric Madrenas\" alt=\"Tayuva maculosa @ Costa Brava by Enric Madrenas\" style=\"width: 293px; height: 198px;\" \/> <\/a> <div class=\"tiled-gallery-caption\" itemprop=\"caption description\"> Tayuva maculosa @ Costa Brava by Enric Madrenas <\/div> <\/div> <div class=\"tiled-gallery-item tiled-gallery-item-large\" itemprop=\"associatedMedia\" itemscope itemtype=\"http:\/\/schema.org\/ImageObject\"> <a href=\"https:\/\/opistobranquis.info\/ca\/guia\/nudibranchia\/doridina\/doridoidei\/doridoidea\/tayuva-maculosa\/jorunna-tomentosa-12\/\" border=\"0\" itemprop=\"url\"> <meta itemprop=\"width\" content=\"293\"> <meta itemprop=\"height\" content=\"197\"> <img decoding=\"async\" class=\"\" data-attachment-id=\"4662\" data-orig-file=\"https:\/\/opistobranquis.info\/wp-content\/uploads\/2012\/12\/jorunna-tomentosa-12.jpg\" data-orig-size=\"650,438\" data-comments-opened=\"\" data-image-title=\"Tayuva maculosa @ Costa Brava by Enric Madrenas\" data-image-description=\"&lt;p&gt;Tayuva maculosa @ Costa Brava by Enric Madrenas&lt;\/p&gt; \" data-medium-file=\"https:\/\/i0.wp.com\/opistobranquis.info\/wp-content\/uploads\/2012\/12\/jorunna-tomentosa-12.jpg?fit=300%2C202&#038;ssl=1\" data-large-file=\"https:\/\/i0.wp.com\/opistobranquis.info\/wp-content\/uploads\/2012\/12\/jorunna-tomentosa-12.jpg?fit=650%2C438&#038;ssl=1\" src=\"https:\/\/i0.wp.com\/opistobranquis.info\/wp-content\/uploads\/2012\/12\/jorunna-tomentosa-12.jpg?w=293&#038;h=197&#038;ssl=1\" srcset=\"https:\/\/i0.wp.com\/opistobranquis.info\/wp-content\/uploads\/2012\/12\/jorunna-tomentosa-12.jpg?w=650&amp;ssl=1 650w, https:\/\/i0.wp.com\/opistobranquis.info\/wp-content\/uploads\/2012\/12\/jorunna-tomentosa-12.jpg?resize=300%2C202&amp;ssl=1 300w\" width=\"293\" height=\"197\" loading=\"lazy\" data-original-width=\"293\" data-original-height=\"197\" itemprop=\"http:\/\/schema.org\/image\" title=\"Tayuva maculosa @ Costa Brava by Enric Madrenas\" alt=\"Tayuva maculosa @ Costa Brava by Enric Madrenas\" style=\"width: 293px; height: 197px;\" \/> <\/a> <div class=\"tiled-gallery-caption\" itemprop=\"caption description\"> Tayuva maculosa @ Costa Brava by Enric Madrenas <\/div> <\/div> <\/div> <!-- close group --> <div class=\"gallery-group images-1\" style=\"width: 603px; height: 403px;\" data-original-width=\"603\" data-original-height=\"403\" > <div class=\"tiled-gallery-item tiled-gallery-item-large\" itemprop=\"associatedMedia\" itemscope itemtype=\"http:\/\/schema.org\/ImageObject\"> <a href=\"https:\/\/opistobranquis.info\/ca\/guia\/nudibranchia\/doridina\/doridoidei\/doridoidea\/tayuva-maculosa\/10003390_10203566169183236_472318312_n\/\" border=\"0\" itemprop=\"url\"> <meta itemprop=\"width\" content=\"599\"> <meta itemprop=\"height\" content=\"399\"> <img decoding=\"async\" class=\"\" data-attachment-id=\"11921\" data-orig-file=\"https:\/\/opistobranquis.info\/wp-content\/uploads\/2012\/05\/10003390_10203566169183236_472318312_n.jpg\" data-orig-size=\"800,533\" data-comments-opened=\"\" data-image-title=\"Tayuva maculosa @ Costa Brava, Spain by Miquel Pontes\" data-image-description=\"&lt;p&gt;Tayuva maculosa @ Costa Brava, Spain by Miquel Pontes&lt;\/p&gt; \" data-medium-file=\"https:\/\/i0.wp.com\/opistobranquis.info\/wp-content\/uploads\/2012\/05\/10003390_10203566169183236_472318312_n.jpg?fit=300%2C199&#038;ssl=1\" data-large-file=\"https:\/\/i0.wp.com\/opistobranquis.info\/wp-content\/uploads\/2012\/05\/10003390_10203566169183236_472318312_n.jpg?fit=800%2C533&#038;ssl=1\" src=\"https:\/\/i0.wp.com\/opistobranquis.info\/wp-content\/uploads\/2012\/05\/10003390_10203566169183236_472318312_n.jpg?w=599&#038;h=399&#038;ssl=1\" srcset=\"https:\/\/i0.wp.com\/opistobranquis.info\/wp-content\/uploads\/2012\/05\/10003390_10203566169183236_472318312_n.jpg?w=800&amp;ssl=1 800w, https:\/\/i0.wp.com\/opistobranquis.info\/wp-content\/uploads\/2012\/05\/10003390_10203566169183236_472318312_n.jpg?resize=150%2C99&amp;ssl=1 150w, https:\/\/i0.wp.com\/opistobranquis.info\/wp-content\/uploads\/2012\/05\/10003390_10203566169183236_472318312_n.jpg?resize=300%2C199&amp;ssl=1 300w\" width=\"599\" height=\"399\" loading=\"lazy\" data-original-width=\"599\" data-original-height=\"399\" itemprop=\"http:\/\/schema.org\/image\" title=\"Tayuva maculosa @ Costa Brava, Spain by Miquel Pontes\" alt=\"Tayuva maculosa @ Costa Brava, Spain by Miquel Pontes\" style=\"width: 599px; height: 399px;\" \/> <\/a> <div class=\"tiled-gallery-caption\" itemprop=\"caption description\"> Tayuva maculosa @ Costa Brava, Spain by Miquel Pontes <\/div> <\/div> <\/div> <!-- close group --> <\/div> <!-- close row --> <div class=\"gallery-row\" style=\"width: 900px; height: 301px;\" data-original-width=\"900\" data-original-height=\"301\" > <div class=\"gallery-group images-1\" style=\"width: 450px; height: 301px;\" data-original-width=\"450\" data-original-height=\"301\" > <div class=\"tiled-gallery-item tiled-gallery-item-large\" itemprop=\"associatedMedia\" itemscope itemtype=\"http:\/\/schema.org\/ImageObject\"> <a href=\"https:\/\/opistobranquis.info\/ca\/guia\/nudibranchia\/doridina\/doridoidei\/doridoidea\/tayuva-maculosa\/1920628_10203566169223237_2060091169_n\/\" border=\"0\" itemprop=\"url\"> <meta itemprop=\"width\" content=\"446\"> <meta itemprop=\"height\" content=\"297\"> <img decoding=\"async\" class=\"\" data-attachment-id=\"11922\" data-orig-file=\"https:\/\/opistobranquis.info\/wp-content\/uploads\/2012\/05\/1920628_10203566169223237_2060091169_n.jpg\" data-orig-size=\"800,533\" data-comments-opened=\"\" data-image-title=\"Tayuva maculosa @ Costa Brava, Spain by Miquel Pontes\" data-image-description=\"&lt;p&gt;Tayuva maculosa @ Costa Brava, Spain by Miquel Pontes&lt;\/p&gt; \" data-medium-file=\"https:\/\/i0.wp.com\/opistobranquis.info\/wp-content\/uploads\/2012\/05\/1920628_10203566169223237_2060091169_n.jpg?fit=300%2C199&#038;ssl=1\" data-large-file=\"https:\/\/i0.wp.com\/opistobranquis.info\/wp-content\/uploads\/2012\/05\/1920628_10203566169223237_2060091169_n.jpg?fit=800%2C533&#038;ssl=1\" src=\"https:\/\/i0.wp.com\/opistobranquis.info\/wp-content\/uploads\/2012\/05\/1920628_10203566169223237_2060091169_n.jpg?w=446&#038;h=297&#038;ssl=1\" srcset=\"https:\/\/i0.wp.com\/opistobranquis.info\/wp-content\/uploads\/2012\/05\/1920628_10203566169223237_2060091169_n.jpg?w=800&amp;ssl=1 800w, https:\/\/i0.wp.com\/opistobranquis.info\/wp-content\/uploads\/2012\/05\/1920628_10203566169223237_2060091169_n.jpg?resize=150%2C99&amp;ssl=1 150w, https:\/\/i0.wp.com\/opistobranquis.info\/wp-content\/uploads\/2012\/05\/1920628_10203566169223237_2060091169_n.jpg?resize=300%2C199&amp;ssl=1 300w\" width=\"446\" height=\"297\" loading=\"lazy\" data-original-width=\"446\" data-original-height=\"297\" itemprop=\"http:\/\/schema.org\/image\" title=\"Tayuva maculosa @ Costa Brava, Spain by Miquel Pontes\" alt=\"Tayuva maculosa @ Costa Brava, Spain by Miquel Pontes\" style=\"width: 446px; height: 297px;\" \/> <\/a> <div class=\"tiled-gallery-caption\" itemprop=\"caption description\"> Tayuva maculosa @ Costa Brava, Spain by Miquel Pontes <\/div> <\/div> <\/div> <!-- close group --> <div class=\"gallery-group images-1\" style=\"width: 450px; height: 301px;\" data-original-width=\"450\" data-original-height=\"301\" > <div class=\"tiled-gallery-item tiled-gallery-item-large\" itemprop=\"associatedMedia\" itemscope itemtype=\"http:\/\/schema.org\/ImageObject\"> <a href=\"https:\/\/opistobranquis.info\/ca\/guia\/nudibranchia\/doridina\/doridoidei\/doridoidea\/tayuva-maculosa\/10151410_10203566169143235_509199641_n\/\" border=\"0\" itemprop=\"url\"> <meta itemprop=\"width\" content=\"446\"> <meta itemprop=\"height\" content=\"297\"> <img decoding=\"async\" class=\"\" data-attachment-id=\"11923\" data-orig-file=\"https:\/\/opistobranquis.info\/wp-content\/uploads\/2012\/05\/10151410_10203566169143235_509199641_n.jpg\" data-orig-size=\"800,533\" data-comments-opened=\"\" data-image-title=\"Tayuva maculosa @ Costa Brava, Spain by Miquel Pontes\" data-image-description=\"&lt;p&gt;Tayuva maculosa @ Costa Brava, Spain by Miquel Pontes&lt;\/p&gt; \" data-medium-file=\"https:\/\/i0.wp.com\/opistobranquis.info\/wp-content\/uploads\/2012\/05\/10151410_10203566169143235_509199641_n.jpg?fit=300%2C199&#038;ssl=1\" data-large-file=\"https:\/\/i0.wp.com\/opistobranquis.info\/wp-content\/uploads\/2012\/05\/10151410_10203566169143235_509199641_n.jpg?fit=800%2C533&#038;ssl=1\" src=\"https:\/\/i0.wp.com\/opistobranquis.info\/wp-content\/uploads\/2012\/05\/10151410_10203566169143235_509199641_n.jpg?w=446&#038;h=297&#038;ssl=1\" srcset=\"https:\/\/i0.wp.com\/opistobranquis.info\/wp-content\/uploads\/2012\/05\/10151410_10203566169143235_509199641_n.jpg?w=800&amp;ssl=1 800w, https:\/\/i0.wp.com\/opistobranquis.info\/wp-content\/uploads\/2012\/05\/10151410_10203566169143235_509199641_n.jpg?resize=150%2C99&amp;ssl=1 150w, https:\/\/i0.wp.com\/opistobranquis.info\/wp-content\/uploads\/2012\/05\/10151410_10203566169143235_509199641_n.jpg?resize=300%2C199&amp;ssl=1 300w\" width=\"446\" height=\"297\" loading=\"lazy\" data-original-width=\"446\" data-original-height=\"297\" itemprop=\"http:\/\/schema.org\/image\" title=\"Tayuva maculosa @ Costa Brava, Spain by Miquel Pontes\" alt=\"Tayuva maculosa @ Costa Brava, Spain by Miquel Pontes\" style=\"width: 446px; height: 297px;\" \/> <\/a> <div class=\"tiled-gallery-caption\" itemprop=\"caption description\"> Tayuva maculosa @ Costa Brava, Spain by Miquel Pontes <\/div> <\/div> <\/div> <!-- close group --> <\/div> <!-- close row --> <div class=\"gallery-row\" style=\"width: 900px; height: 429px;\" data-original-width=\"900\" data-original-height=\"429\" > <div class=\"gallery-group images-1\" style=\"width: 581px; height: 429px;\" data-original-width=\"581\" data-original-height=\"429\" > <div class=\"tiled-gallery-item tiled-gallery-item-large\" itemprop=\"associatedMedia\" itemscope itemtype=\"http:\/\/schema.org\/ImageObject\"> <a href=\"https:\/\/opistobranquis.info\/ca\/guia\/nudibranchia\/doridina\/doridoidei\/doridoidea\/tayuva-maculosa\/olympus-digital-camera-24\/\" border=\"0\" itemprop=\"url\"> <meta itemprop=\"width\" content=\"577\"> <meta itemprop=\"height\" content=\"425\"> <img decoding=\"async\" class=\"\" data-attachment-id=\"12488\" data-orig-file=\"https:\/\/opistobranquis.info\/wp-content\/uploads\/2012\/05\/Tayuva-lilacina-Discodoris-maculosa-P6060024.jpg\" data-orig-size=\"2315,1703\" data-comments-opened=\"\" data-image-title=\"Tayuva maculosa by Manuel Ballesteros\" data-image-description=\"&lt;p&gt;Tayuva maculosa by Manuel Ballesteros&lt;\/p&gt; \" data-medium-file=\"https:\/\/i0.wp.com\/opistobranquis.info\/wp-content\/uploads\/2012\/05\/Tayuva-lilacina-Discodoris-maculosa-P6060024.jpg?fit=300%2C220&#038;ssl=1\" data-large-file=\"https:\/\/i0.wp.com\/opistobranquis.info\/wp-content\/uploads\/2012\/05\/Tayuva-lilacina-Discodoris-maculosa-P6060024.jpg?fit=900%2C662&#038;ssl=1\" src=\"https:\/\/i0.wp.com\/opistobranquis.info\/wp-content\/uploads\/2012\/05\/Tayuva-lilacina-Discodoris-maculosa-P6060024.jpg?w=577&#038;h=425&#038;ssl=1\" srcset=\"https:\/\/i0.wp.com\/opistobranquis.info\/wp-content\/uploads\/2012\/05\/Tayuva-lilacina-Discodoris-maculosa-P6060024.jpg?w=2315&amp;ssl=1 2315w, https:\/\/i0.wp.com\/opistobranquis.info\/wp-content\/uploads\/2012\/05\/Tayuva-lilacina-Discodoris-maculosa-P6060024.jpg?resize=150%2C110&amp;ssl=1 150w, https:\/\/i0.wp.com\/opistobranquis.info\/wp-content\/uploads\/2012\/05\/Tayuva-lilacina-Discodoris-maculosa-P6060024.jpg?resize=300%2C220&amp;ssl=1 300w, https:\/\/i0.wp.com\/opistobranquis.info\/wp-content\/uploads\/2012\/05\/Tayuva-lilacina-Discodoris-maculosa-P6060024.jpg?resize=1024%2C753&amp;ssl=1 1024w, https:\/\/i0.wp.com\/opistobranquis.info\/wp-content\/uploads\/2012\/05\/Tayuva-lilacina-Discodoris-maculosa-P6060024.jpg?w=1800&amp;ssl=1 1800w\" width=\"577\" height=\"425\" loading=\"lazy\" data-original-width=\"577\" data-original-height=\"425\" itemprop=\"http:\/\/schema.org\/image\" title=\"Tayuva maculosa by Manuel Ballesteros\" alt=\"Tayuva maculosa by Manuel Ballesteros\" style=\"width: 577px; height: 425px;\" \/> <\/a> <div class=\"tiled-gallery-caption\" itemprop=\"caption description\"> Tayuva maculosa by Manuel Ballesteros <\/div> <\/div> <\/div> <!-- close group --> <div class=\"gallery-group images-2\" style=\"width: 319px; height: 429px;\" data-original-width=\"319\" data-original-height=\"429\" > <div class=\"tiled-gallery-item tiled-gallery-item-large\" itemprop=\"associatedMedia\" itemscope itemtype=\"http:\/\/schema.org\/ImageObject\"> <a href=\"https:\/\/opistobranquis.info\/ca\/guia\/nudibranchia\/doridina\/doridoidei\/doridoidea\/tayuva-maculosa\/tayuva-lilacina-25\/\" border=\"0\" itemprop=\"url\"> <meta itemprop=\"width\" content=\"315\"> <meta itemprop=\"height\" content=\"211\"> <img decoding=\"async\" class=\"\" data-attachment-id=\"27425\" data-orig-file=\"https:\/\/opistobranquis.info\/wp-content\/uploads\/2018\/10\/Tayuva-lilacina-25.jpg\" data-orig-size=\"808,542\" data-comments-opened=\"\" data-image-title=\"Tayuva maculosa @ Costa Brava by Enric Madrenas\" data-image-description=\"&lt;p&gt;Tayuva maculosa @ Costa Brava by Enric Madrenas&lt;\/p&gt; \" data-medium-file=\"https:\/\/i0.wp.com\/opistobranquis.info\/wp-content\/uploads\/2018\/10\/Tayuva-lilacina-25.jpg?fit=300%2C201&#038;ssl=1\" data-large-file=\"https:\/\/i0.wp.com\/opistobranquis.info\/wp-content\/uploads\/2018\/10\/Tayuva-lilacina-25.jpg?fit=808%2C542&#038;ssl=1\" src=\"https:\/\/i0.wp.com\/opistobranquis.info\/wp-content\/uploads\/2018\/10\/Tayuva-lilacina-25.jpg?w=315&#038;h=211&#038;ssl=1\" srcset=\"https:\/\/i0.wp.com\/opistobranquis.info\/wp-content\/uploads\/2018\/10\/Tayuva-lilacina-25.jpg?w=808&amp;ssl=1 808w, https:\/\/i0.wp.com\/opistobranquis.info\/wp-content\/uploads\/2018\/10\/Tayuva-lilacina-25.jpg?resize=150%2C101&amp;ssl=1 150w, https:\/\/i0.wp.com\/opistobranquis.info\/wp-content\/uploads\/2018\/10\/Tayuva-lilacina-25.jpg?resize=300%2C201&amp;ssl=1 300w\" width=\"315\" height=\"211\" loading=\"lazy\" data-original-width=\"315\" data-original-height=\"211\" itemprop=\"http:\/\/schema.org\/image\" title=\"Tayuva maculosa @ Costa Brava by Enric Madrenas\" alt=\"Tayuva maculosa @ Costa Brava by Enric Madrenas\" style=\"width: 315px; height: 211px;\" \/> <\/a> <div class=\"tiled-gallery-caption\" itemprop=\"caption description\"> Tayuva maculosa @ Costa Brava by Enric Madrenas <\/div> <\/div> <div class=\"tiled-gallery-item tiled-gallery-item-large\" itemprop=\"associatedMedia\" itemscope itemtype=\"http:\/\/schema.org\/ImageObject\"> <a href=\"https:\/\/opistobranquis.info\/ca\/guia\/nudibranchia\/doridina\/doridoidei\/doridoidea\/tayuva-maculosa\/tayuva-lilacina-sicily-italy-by-lara-orselli-5\/\" border=\"0\" itemprop=\"url\"> <meta itemprop=\"width\" content=\"315\"> <meta itemprop=\"height\" content=\"210\"> <img decoding=\"async\" class=\"\" data-attachment-id=\"30834\" data-orig-file=\"https:\/\/opistobranquis.info\/wp-content\/uploads\/2020\/11\/Tayuva-lilacina-@-Sicily-Italy-by-Lara-Orselli-5.jpg\" data-orig-size=\"1280,853\" data-comments-opened=\"\" data-image-title=\"Tayuva maculosa @ Sicily, Italy by Lara Orselli\" data-image-description=\"&lt;p&gt;Tayuva maculosa @ Sicily, Italy by Lara Orselli&lt;\/p&gt; \" data-medium-file=\"https:\/\/i0.wp.com\/opistobranquis.info\/wp-content\/uploads\/2020\/11\/Tayuva-lilacina-%40-Sicily-Italy-by-Lara-Orselli-5.jpg?fit=300%2C200&#038;ssl=1\" data-large-file=\"https:\/\/i0.wp.com\/opistobranquis.info\/wp-content\/uploads\/2020\/11\/Tayuva-lilacina-%40-Sicily-Italy-by-Lara-Orselli-5.jpg?fit=900%2C599&#038;ssl=1\" src=\"https:\/\/i0.wp.com\/opistobranquis.info\/wp-content\/uploads\/2020\/11\/Tayuva-lilacina-%40-Sicily-Italy-by-Lara-Orselli-5.jpg?w=315&#038;h=210&#038;ssl=1\" width=\"315\" height=\"210\" loading=\"lazy\" data-original-width=\"315\" data-original-height=\"210\" itemprop=\"http:\/\/schema.org\/image\" title=\"Tayuva maculosa @ Sicily, Italy by Lara Orselli\" alt=\"Tayuva maculosa @ Sicily, Italy by Lara Orselli\" style=\"width: 315px; height: 210px;\" \/> <\/a> <div class=\"tiled-gallery-caption\" itemprop=\"caption description\"> Tayuva maculosa @ Sicily, Italy by Lara Orselli <\/div> <\/div> <\/div> <!-- close group --> <\/div> <!-- close row --> <div class=\"gallery-row\" style=\"width: 900px; height: 301px;\" data-original-width=\"900\" data-original-height=\"301\" > <div class=\"gallery-group images-1\" style=\"width: 450px; height: 301px;\" data-original-width=\"450\" data-original-height=\"301\" > <div class=\"tiled-gallery-item tiled-gallery-item-large\" itemprop=\"associatedMedia\" itemscope itemtype=\"http:\/\/schema.org\/ImageObject\"> <a href=\"https:\/\/opistobranquis.info\/ca\/guia\/nudibranchia\/doridina\/doridoidei\/doridoidea\/tayuva-maculosa\/tayuva-lilacina-sicily-italy-by-lara-orselli-6\/\" border=\"0\" itemprop=\"url\"> <meta itemprop=\"width\" content=\"446\"> <meta itemprop=\"height\" content=\"297\"> <img decoding=\"async\" class=\"\" data-attachment-id=\"30835\" data-orig-file=\"https:\/\/opistobranquis.info\/wp-content\/uploads\/2020\/11\/Tayuva-lilacina-@-Sicily-Italy-by-Lara-Orselli-6.jpg\" data-orig-size=\"1280,854\" data-comments-opened=\"\" data-image-title=\"Tayuva maculosa @ Sicily, Italy by Lara Orselli\" data-image-description=\"&lt;p&gt;Tayuva maculosa @ Sicily, Italy by Lara Orselli&lt;\/p&gt; \" data-medium-file=\"https:\/\/i0.wp.com\/opistobranquis.info\/wp-content\/uploads\/2020\/11\/Tayuva-lilacina-%40-Sicily-Italy-by-Lara-Orselli-6.jpg?fit=300%2C200&#038;ssl=1\" data-large-file=\"https:\/\/i0.wp.com\/opistobranquis.info\/wp-content\/uploads\/2020\/11\/Tayuva-lilacina-%40-Sicily-Italy-by-Lara-Orselli-6.jpg?fit=900%2C600&#038;ssl=1\" src=\"https:\/\/i0.wp.com\/opistobranquis.info\/wp-content\/uploads\/2020\/11\/Tayuva-lilacina-%40-Sicily-Italy-by-Lara-Orselli-6.jpg?w=446&#038;h=297&#038;ssl=1\" width=\"446\" height=\"297\" loading=\"lazy\" data-original-width=\"446\" data-original-height=\"297\" itemprop=\"http:\/\/schema.org\/image\" title=\"Tayuva maculosa @ Sicily, Italy by Lara Orselli\" alt=\"Tayuva maculosa @ Sicily, Italy by Lara Orselli\" style=\"width: 446px; height: 297px;\" \/> <\/a> <div class=\"tiled-gallery-caption\" itemprop=\"caption description\"> Tayuva maculosa @ Sicily, Italy by Lara Orselli <\/div> <\/div> <\/div> <!-- close group --> <div class=\"gallery-group images-1\" style=\"width: 450px; height: 301px;\" data-original-width=\"450\" data-original-height=\"301\" > <div class=\"tiled-gallery-item tiled-gallery-item-large\" itemprop=\"associatedMedia\" itemscope itemtype=\"http:\/\/schema.org\/ImageObject\"> <a href=\"https:\/\/opistobranquis.info\/ca\/guia\/nudibranchia\/doridina\/doridoidei\/doridoidea\/tayuva-maculosa\/tayuva-lilacina-by-miquel-pontes-mpg_7127\/\" border=\"0\" itemprop=\"url\"> <meta itemprop=\"width\" content=\"446\"> <meta itemprop=\"height\" content=\"297\"> <img decoding=\"async\" class=\"\" data-attachment-id=\"36707\" data-orig-file=\"https:\/\/opistobranquis.info\/wp-content\/uploads\/2023\/01\/Tayuva-lilacina-by-Miquel-Pontes-MPG_7127.jpg\" data-orig-size=\"1200,800\" data-comments-opened=\"\" data-image-title=\"Tayuva maculosa @ Costa Brava, Spain by Miquel Pontes\" data-image-description=\"&lt;p&gt;Tayuva maculosa @ Costa Brava, Spain by Miquel Pontes&lt;\/p&gt; \" data-medium-file=\"https:\/\/i0.wp.com\/opistobranquis.info\/wp-content\/uploads\/2023\/01\/Tayuva-lilacina-by-Miquel-Pontes-MPG_7127.jpg?fit=300%2C200&#038;ssl=1\" data-large-file=\"https:\/\/i0.wp.com\/opistobranquis.info\/wp-content\/uploads\/2023\/01\/Tayuva-lilacina-by-Miquel-Pontes-MPG_7127.jpg?fit=900%2C600&#038;ssl=1\" src=\"https:\/\/i0.wp.com\/opistobranquis.info\/wp-content\/uploads\/2023\/01\/Tayuva-lilacina-by-Miquel-Pontes-MPG_7127.jpg?w=446&#038;h=297&#038;ssl=1\" srcset=\"https:\/\/i0.wp.com\/opistobranquis.info\/wp-content\/uploads\/2023\/01\/Tayuva-lilacina-by-Miquel-Pontes-MPG_7127.jpg?w=1200&amp;ssl=1 1200w, https:\/\/i0.wp.com\/opistobranquis.info\/wp-content\/uploads\/2023\/01\/Tayuva-lilacina-by-Miquel-Pontes-MPG_7127.jpg?resize=300%2C200&amp;ssl=1 300w, https:\/\/i0.wp.com\/opistobranquis.info\/wp-content\/uploads\/2023\/01\/Tayuva-lilacina-by-Miquel-Pontes-MPG_7127.jpg?resize=1024%2C683&amp;ssl=1 1024w, https:\/\/i0.wp.com\/opistobranquis.info\/wp-content\/uploads\/2023\/01\/Tayuva-lilacina-by-Miquel-Pontes-MPG_7127.jpg?resize=150%2C100&amp;ssl=1 150w\" width=\"446\" height=\"297\" loading=\"lazy\" data-original-width=\"446\" data-original-height=\"297\" itemprop=\"http:\/\/schema.org\/image\" title=\"Tayuva maculosa @ Costa Brava, Spain by Miquel Pontes\" alt=\"Tayuva maculosa @ Costa Brava, Spain by Miquel Pontes\" style=\"width: 446px; height: 297px;\" \/> <\/a> <div class=\"tiled-gallery-caption\" itemprop=\"caption description\"> Tayuva maculosa @ Costa Brava, Spain by Miquel Pontes <\/div> <\/div> <\/div> <!-- close group --> <\/div> <!-- close row --> <div class=\"gallery-row\" style=\"width: 900px; height: 509px;\" data-original-width=\"900\" data-original-height=\"509\" > <div class=\"gallery-group images-1\" style=\"width: 900px; height: 509px;\" data-original-width=\"900\" data-original-height=\"509\" > <div class=\"tiled-gallery-item tiled-gallery-item-large\" itemprop=\"associatedMedia\" itemscope itemtype=\"http:\/\/schema.org\/ImageObject\"> <a href=\"https:\/\/opistobranquis.info\/ca\/guia\/nudibranchia\/doridina\/doridoidei\/doridoidea\/tayuva-maculosa\/olympus-digital-camera-309\/\" border=\"0\" itemprop=\"url\"> <meta itemprop=\"width\" content=\"896\"> <meta itemprop=\"height\" content=\"505\"> <img decoding=\"async\" class=\"\" data-attachment-id=\"36708\" data-orig-file=\"https:\/\/opistobranquis.info\/wp-content\/uploads\/2023\/01\/Tayuva-lilacina-by-Manuel-Ballesteros-P6050204.jpg\" data-orig-size=\"1200,677\" data-comments-opened=\"\" data-image-title=\"Tayuva maculosa @ Costa Brava, Spain by Manuel Ballesteros\" data-image-description=\"&lt;p&gt;Tayuva maculosa @ Costa Brava, Spain by Manuel Ballesteros&lt;\/p&gt; \" data-medium-file=\"https:\/\/i0.wp.com\/opistobranquis.info\/wp-content\/uploads\/2023\/01\/Tayuva-lilacina-by-Manuel-Ballesteros-P6050204.jpg?fit=300%2C169&#038;ssl=1\" data-large-file=\"https:\/\/i0.wp.com\/opistobranquis.info\/wp-content\/uploads\/2023\/01\/Tayuva-lilacina-by-Manuel-Ballesteros-P6050204.jpg?fit=900%2C508&#038;ssl=1\" src=\"https:\/\/i0.wp.com\/opistobranquis.info\/wp-content\/uploads\/2023\/01\/Tayuva-lilacina-by-Manuel-Ballesteros-P6050204.jpg?w=896&#038;h=505&#038;ssl=1\" srcset=\"https:\/\/i0.wp.com\/opistobranquis.info\/wp-content\/uploads\/2023\/01\/Tayuva-lilacina-by-Manuel-Ballesteros-P6050204.jpg?w=1200&amp;ssl=1 1200w, https:\/\/i0.wp.com\/opistobranquis.info\/wp-content\/uploads\/2023\/01\/Tayuva-lilacina-by-Manuel-Ballesteros-P6050204.jpg?resize=300%2C169&amp;ssl=1 300w, https:\/\/i0.wp.com\/opistobranquis.info\/wp-content\/uploads\/2023\/01\/Tayuva-lilacina-by-Manuel-Ballesteros-P6050204.jpg?resize=1024%2C578&amp;ssl=1 1024w, https:\/\/i0.wp.com\/opistobranquis.info\/wp-content\/uploads\/2023\/01\/Tayuva-lilacina-by-Manuel-Ballesteros-P6050204.jpg?resize=150%2C85&amp;ssl=1 150w\" width=\"896\" height=\"505\" loading=\"lazy\" data-original-width=\"896\" data-original-height=\"505\" itemprop=\"http:\/\/schema.org\/image\" title=\"Tayuva maculosa @ Costa Brava, Spain by Manuel Ballesteros\" alt=\"Tayuva maculosa @ Costa Brava, Spain by Manuel Ballesteros\" style=\"width: 896px; height: 505px;\" \/> <\/a> <div class=\"tiled-gallery-caption\" itemprop=\"caption description\"> Tayuva maculosa @ Costa Brava, Spain by Manuel Ballesteros <\/div> <\/div> <\/div> <!-- close group --> <\/div> <!-- close row --> <\/div><\/p>\n<p><p><strong>Bibliografia<\/strong><\/p><ul><div id=\"zotpress-d55d6efc44a1600b7cc3361649035ed3\" class=\"zp-Zotpress zp-Zotpress-Bib wp-block-group\">\n\n\t\t<span class=\"ZP_API_USER_ID ZP_ATTR\">1246567<\/span>\n\t\t<span class=\"ZP_ITEM_KEY ZP_ATTR\"><\/span>\n\t\t<span class=\"ZP_COLLECTION_ID ZP_ATTR\"><\/span>\n\t\t<span class=\"ZP_TAG_ID ZP_ATTR\">Tayuva maculosa<\/span>\n\t\t<span class=\"ZP_AUTHOR ZP_ATTR\"><\/span>\n\t\t<span class=\"ZP_YEAR ZP_ATTR\"><\/span>\n        <span class=\"ZP_ITEMTYPE ZP_ATTR\"><\/span>\n\t\t<span class=\"ZP_INCLUSIVE ZP_ATTR\">1<\/span>\n\t\t<span class=\"ZP_STYLE ZP_ATTR\">eunomia-revista-en-cultura-de-la-legalidad<\/span>\n\t\t<span class=\"ZP_LIMIT ZP_ATTR\">50<\/span>\n\t\t<span class=\"ZP_SORTBY ZP_ATTR\">creator<\/span>\n\t\t<span class=\"ZP_ORDER ZP_ATTR\">asc<\/span>\n\t\t<span class=\"ZP_TITLE ZP_ATTR\"><\/span>\n\t\t<span class=\"ZP_SHOWIMAGE ZP_ATTR\"><\/span>\n\t\t<span class=\"ZP_SHOWTAGS ZP_ATTR\"><\/span>\n\t\t<span class=\"ZP_DOWNLOADABLE ZP_ATTR\"><\/span>\n\t\t<span class=\"ZP_NOTES ZP_ATTR\"><\/span>\n\t\t<span class=\"ZP_ABSTRACT ZP_ATTR\"><\/span>\n\t\t<span class=\"ZP_CITEABLE ZP_ATTR\"><\/span>\n\t\t<span class=\"ZP_TARGET ZP_ATTR\">1<\/span>\n\t\t<span class=\"ZP_URLWRAP ZP_ATTR\"><\/span>\n\t\t<span class=\"ZP_FORCENUM ZP_ATTR\"><\/span>\n        <span class=\"ZP_HIGHLIGHT ZP_ATTR\"><\/span>\n        <span class=\"ZP_POSTID ZP_ATTR\">488<\/span>\n\t\t<span class=\"ZOTPRESS_PLUGIN_URL ZP_ATTR\">https:\/\/opistobranquis.info\/wp-content\/plugins\/zotpress\/<\/span>\n\n\t\t<div class=\"zp-List loading\">\n\t\t\t<div class=\"zp-SEO-Content\">\n\n\t\t\t<\/div><!-- .zp-zp-SEO-Content -->\n\t\t<\/div><!-- .zp-List -->\n\t<\/div><!--.zp-Zotpress-->\n\n<p><\/p>Bibliografia basada en els treballs de <b>Steve Long, 2006<\/b>. <a target=_blank href=https:\/\/opistobranquis.info\/wp-content\/uploads\/2016\/06\/Long-S.-2006-Bibliography-of-Opisthobranchia-1554-2000.pdf>Bibliography of Opisthobranchia 1554-2000<\/a> i <b>Gary McDonald, 2009<\/b>. <a href=http:\/\/escholarship.org\/uc\/item\/8115h0wz>Bibliographia Nudibranchia<\/a>, amb actualitzacions posteriors procedents d\u00b4altres fonts.<p><\/p><\/ul><p><\/p><p><strong>M\u00e9s informaci\u00f3<\/strong><\/p><span style=\"font-size:10pt\"><ul><ul class=\"blogroll-links\"><li><a href=\"http:\/\/www.biodiversitylibrary.org\/name\/Tayuva%20lilacina\">Biodiversity Heritage Library<\/a><\/li><li><a href=\"http:\/\/www.biologiamarina.org\/discodoride-macchiato\/\">BiologiaMarina.org<\/a><\/li><li><a href=\"http:\/\/www.ciesm.org\/atlas\/Discodorislilacina.html\">CIESM Atlas of Exotic Species in the Mediterranean<\/a><\/li><li><a href=\"https:\/\/litoraldegranada.ugr.es\/el-litoral\/el-litoral-sumergido\/fauna\/moluscos\/gasteropodos\/opistobranquios\/orden-nudibranchia\/doridaceos\/doridoideos\/tayuva-maculosa\/\">El Litoral de Granada<\/a><\/li><li><a href=\"https:\/\/www.flickr.com\/search\/?text=Tayuva%20lilacina\">Flickr pictures<\/a><\/li><li><a href=\"http:\/\/www.irmng.org\/aphia.php?p=taxlist&#038;tName=Tayuva%20lilacina\">Interim Register of Marine and Nonmarine Genera<\/a><\/li><li><a href=\"https:\/\/web.archive.org\/web\/20250116074557\/http:\/\/medslugs.de\/E\/Med\/Tayuva_lilacina.htm\">MedSlugs (Med)<\/a><\/li><li><a href=\"http:\/\/www.ncbi.nlm.nih.gov\/Taxonomy\/Browser\/wwwtax.cgi?mode=Undef&#038;name=Tayuva%20lilacina&#038;lvl=0&#038;srchmode=1\">NCBI GenBank<\/a><\/li><li><a href=\"http:\/\/iobis.org\/mapper\/?taxon=Tayuva%20lilacina\">OBIS - Search by Taxon<\/a><\/li><li><a href=\"http:\/\/www.seaslugforum.net\/showall\/disclila\">Sea Slug Forum<\/a><\/li><li><a href=\"http:\/\/www.seaslugsofhawaii.com\/species\/Discodoris-lilacina-a.html\">Sea Slugs of Hawaii<\/a><\/li><li><a href=\"http:\/\/slugsite.us\/bow2007\/nudwk695.htm\">The SlugSite<\/a><\/li><li><a href=\"http:\/\/www.vibrantsea.net\/lilacina6_anilao32.htm\">Vibrant Sea<\/a><\/li><li><a href=\"https:\/\/marinespecies.org\/aphia.php?p=taxdetails&#038;id=1791534\">World Register of Marine Species<\/a><\/li><\/ul><\/ul><\/span><p><strong>Citeu aquest article com: <\/strong><\/p><div style=\"display: block; background: #444444; padding: 10px 30px 10px 10px; border-radius: 5px; line-height: 18px;\"><p class=\"citacio\"><b>Pontes, Miquel<\/b> (2025) <em>\"Tayuva maculosa\"<\/em> a <em>OPK-Opistobranquis<\/em>. Publicat: 16\/05\/2012. Accedit: 03\/09\/2026. Disponible a (<a href=https:\/\/opistobranquis.info\/ca\/?p=488>https:\/\/opistobranquis.info\/ca\/?p=488<\/a>)<\/p><p><\/p><\/div><p><\/p><\/p>","protected":false},"excerpt":{"rendered":"<p>Tayuva maculosa (Bergh, 1884) Nota taxon\u00f2mica: La revisi\u00f3 recent i profunda dels Discodor\u00eddids efectuada per Dayrat (2010), basada en car\u00e0cters morfol\u00f2gics i d&#8217;anatomia interna, va posar en evid\u00e8ncia l&#8217;exist\u00e8ncia d&#8217;esp\u00e8cies sin\u00f2nimes, procedents dels diferents mars del m\u00f3n, i va reduir el nombre d&#8217;esp\u00e8cies v\u00e0lides dins de la fam\u00edlia Discodorididae. Tal va ser el cas de Discodoris maculosa, una esp\u00e8cie mediterr\u00e0nia ben coneguda i que va ser inclosa a l&#8217;esp\u00e8cie Tayuva\u2026<\/p>\n<p class=\"continue-reading-button\"> <a class=\"continue-reading-link\" href=\"https:\/\/opistobranquis.info\/ca\/guia\/nudibranchia\/doridina\/doridoidei\/doridoidea\/tayuva-maculosa\/\">Continua llegint<i class=\"crycon-right-dir\"><\/i><\/a><\/p>\n","protected":false},"author":5,"featured_media":35092,"parent":26109,"menu_order":6886,"comment_status":"closed","ping_status":"closed","template":"","meta":{"footnotes":""},"class_list":["post-488","page","type-page","status-publish","has-post-thumbnail","hentry"],"jetpack_sharing_enabled":true,"_links":{"self":[{"href":"https:\/\/opistobranquis.info\/ca\/wp-json\/wp\/v2\/pages\/488","targetHints":{"allow":["GET"]}}],"collection":[{"href":"https:\/\/opistobranquis.info\/ca\/wp-json\/wp\/v2\/pages"}],"about":[{"href":"https:\/\/opistobranquis.info\/ca\/wp-json\/wp\/v2\/types\/page"}],"author":[{"embeddable":true,"href":"https:\/\/opistobranquis.info\/ca\/wp-json\/wp\/v2\/users\/5"}],"replies":[{"embeddable":true,"href":"https:\/\/opistobranquis.info\/ca\/wp-json\/wp\/v2\/comments?post=488"}],"version-history":[{"count":9,"href":"https:\/\/opistobranquis.info\/ca\/wp-json\/wp\/v2\/pages\/488\/revisions"}],"predecessor-version":[{"id":46115,"href":"https:\/\/opistobranquis.info\/ca\/wp-json\/wp\/v2\/pages\/488\/revisions\/46115"}],"up":[{"embeddable":true,"href":"https:\/\/opistobranquis.info\/ca\/wp-json\/wp\/v2\/pages\/26109"}],"wp:featuredmedia":[{"embeddable":true,"href":"https:\/\/opistobranquis.info\/ca\/wp-json\/wp\/v2\/media\/35092"}],"wp:attachment":[{"href":"https:\/\/opistobranquis.info\/ca\/wp-json\/wp\/v2\/media?parent=488"}],"curies":[{"name":"wp","href":"https:\/\/api.w.org\/{rel}","templated":true}]}}