{"id":490,"date":"2012-05-16T19:11:41","date_gmt":"2012-05-16T17:11:41","guid":{"rendered":"https:\/\/opistobranquis.info\/discodoris-rosidiscodoris-rosidiscodoris-rosi"},"modified":"2025-03-09T10:43:52","modified_gmt":"2025-03-09T09:43:52","slug":"gargamella-rosi","status":"publish","type":"page","link":"https:\/\/opistobranquis.info\/ca\/guia\/nudibranchia\/doridina\/doridoidei\/doridoidea\/gargamella-rosi\/","title":{"rendered":"Gargamella rosi"},"content":{"rendered":"<p><\/p>\n<h3><em>Gargamella rosi <\/em>(Ortea, 1979)<\/h3>\n<p><span style=\"font-size:10pt;\" class=\"aligncenter\"><div id=\"featured-img-id\"><img data-recalc-dims=\"1\" decoding=\"async\" src=\"https:\/\/i0.wp.com\/opistobranquis.info\/wp-content\/uploads\/2012\/05\/Rostanga-rosi-%40-Costa-Brava-by-Enric-Madrenas-05.jpg?w=900&#038;ssl=1\" alt=\"Discodoris rosi @ Costa Brava 2-05-2015 by Enric Madrenas\" \/><\/div><center><em>Discodoris rosi @ Costa Brava 2-05-2015<\/em> per Enric Madrenas<\/center><\/span><p><\/p><div class=\"opk-worms\"><h3>Informaci\u00f3 taxon\u00f2mica WoRMS<\/h3><div class=\"opk-success\">Nom acceptat actual: <strong><em>Gargamella rosi<\/em> (Ortea, 1979)<\/strong><\/div><h4>Classificaci\u00f3 actual<\/h4><table class=\"widefat striped\"><tr><th>Superdomain<\/th><td><a target=\"_blank\" href=\"https:\/\/www.marinespecies.org\/aphia.php?p=taxdetails&id=1\">Biota<\/a><\/td><\/tr><tr><th>Kingdom<\/th><td><a target=\"_blank\" href=\"https:\/\/www.marinespecies.org\/aphia.php?p=taxdetails&id=2\">Animalia<\/a><\/td><\/tr><tr><th>Phylum<\/th><td><a target=\"_blank\" href=\"https:\/\/www.marinespecies.org\/aphia.php?p=taxdetails&id=51\">Mollusca<\/a><\/td><\/tr><tr><th>Class<\/th><td><a target=\"_blank\" href=\"https:\/\/www.marinespecies.org\/aphia.php?p=taxdetails&id=101\">Gastropoda<\/a><\/td><\/tr><tr><th>Subclass<\/th><td><a target=\"_blank\" href=\"https:\/\/www.marinespecies.org\/aphia.php?p=taxdetails&id=14712\">Heterobranchia<\/a><\/td><\/tr><tr><th>Infraclass<\/th><td><a target=\"_blank\" href=\"https:\/\/www.marinespecies.org\/aphia.php?p=taxdetails&id=1057247\">Euthyneura<\/a><\/td><\/tr><tr><th>Subterclass<\/th><td><a target=\"_blank\" href=\"https:\/\/www.marinespecies.org\/aphia.php?p=taxdetails&id=1057249\">Ringipleura<\/a><\/td><\/tr><tr><th>Superorder<\/th><td><a target=\"_blank\" href=\"https:\/\/www.marinespecies.org\/aphia.php?p=taxdetails&id=411966\">Nudipleura<\/a><\/td><\/tr><tr><th>Order<\/th><td><a target=\"_blank\" href=\"https:\/\/www.marinespecies.org\/aphia.php?p=taxdetails&id=1762\">Nudibranchia<\/a><\/td><\/tr><tr><th>Suborder<\/th><td><a target=\"_blank\" href=\"https:\/\/www.marinespecies.org\/aphia.php?p=taxdetails&id=1829294\">Doridida<\/a><\/td><\/tr><tr><th>Infraorder<\/th><td><a target=\"_blank\" href=\"https:\/\/www.marinespecies.org\/aphia.php?p=taxdetails&id=246038\">Doridoidei<\/a><\/td><\/tr><tr><th>Superfamily<\/th><td><a target=\"_blank\" href=\"https:\/\/www.marinespecies.org\/aphia.php?p=taxdetails&id=173\">Doridoidea<\/a><\/td><\/tr><tr><th>Family<\/th><td><a target=\"_blank\" href=\"https:\/\/www.marinespecies.org\/aphia.php?p=taxdetails&id=1761\">Discodorididae<\/a><\/td><\/tr><tr><th>Genus<\/th><td><a target=\"_blank\" href=\"https:\/\/www.marinespecies.org\/aphia.php?p=taxdetails&id=456331\"><em>Gargamella<\/em><\/a><\/td><\/tr><tr><th>Species<\/th><td><a target=\"_blank\" href=\"https:\/\/www.marinespecies.org\/aphia.php?p=taxdetails&id=1791544\"><em>Gargamella rosi<\/em> (Ortea, 1979)<\/a><\/td><\/tr><\/table><p class=\"footer\">Classificaci\u00f3 proporcionada pel World Register of Marine Species (WoRMS). [<a target=\"_blank\" href=\"https:\/\/www.marinespecies.org\/aphia.php?p=taxdetails&id=1791544\">1791544<\/a>]<\/p><\/div><strong data-start=\"0\" data-end=\"20\" data-is-only-node=\"\">Nota taxon\u00f2mica:<\/strong>\u00a0Fern\u00e1ndez-Vilert et al. (2024) van dur a terme una s\u00e8rie d\u2019an\u00e0lisis gen\u00e8tics sobre una \u00e0mplia mostra de llimacs de mar de la fam\u00edlia\u00a0<em data-start=\"145\" data-end=\"161\">Discodorididae<\/em> i, entre molts altres resultats novedosos i interessants, van observar que <em data-start=\"238\" data-end=\"255\">Discodoris rosi<\/em> Ortea, 1979, del nord-oest i nord-est d\u2019Espanya, s\u2019agrupava gen\u00e8ticament amb <em data-start=\"318\" data-end=\"341\">Carminodoris boucheti<\/em>\u00a0Ortea, 1979, del nord-est d\u2019Espanya. Estudis morfol\u00f2gics previs ja havien proposat la inclusi\u00f3 de\u00a0<em data-start=\"440\" data-end=\"457\">Discodoris rosi<\/em>\u00a0en el g\u00e8nere\u00a0<em data-start=\"471\" data-end=\"481\">Rostanga<\/em>, a causa de la pres\u00e8ncia de dents radulars laterals allargades i estilitzades, un car\u00e0cter tradicionalment utilitzat per recon\u00e8ixer esp\u00e8cies de\u00a0<em data-start=\"626\" data-end=\"636\">Rostanga<\/em>\u00a0(Rudman &amp; Avern 1989, Dayrat &amp; Gosliner 2005, Dayrat 2011). A m\u00e9s, com altres esp\u00e8cies del g\u00e8nere\u00a0<em data-start=\"735\" data-end=\"745\">Rostanga<\/em>,\u00a0<em data-start=\"747\" data-end=\"764\">Discodoris rosi<\/em>\u00a0i\u00a0<em data-start=\"767\" data-end=\"790\">Carminodoris boucheti<\/em>\u00a0presenten tubercles cariofilideus, una estructura absent en el g\u00e8nere\u00a0<em data-start=\"852\" data-end=\"864\">Discodoris<\/em>\u00a0(Ortea et al. 2014). No obstant aix\u00f2, la cut\u00edcula labial \u00e9s llisa en\u00a0<em data-start=\"934\" data-end=\"951\">Discodoris rosi<\/em>, mentre que en els g\u00e8neres\u00a0<em data-start=\"977\" data-end=\"987\">Rostanga<\/em>\u00a0i\u00a0<em data-start=\"993\" data-end=\"1005\">Discodoris<\/em>\u00a0est\u00e0 armada amb elements mandibulars (Ortea et al. 2014), excepte en\u00a0<em data-start=\"1075\" data-end=\"1094\">Rostanga elandsia<\/em>, que t\u00e9 una mand\u00edbula llisa i sense aquests elements (Garovoy et al. 2001). Per aquest motiu, alguns autors van mantenir\u00a0<em data-start=\"1216\" data-end=\"1233\">Discodoris rosi<\/em>\u00a0en el g\u00e8nere\u00a0<em data-start=\"1237\" data-end=\"1249\">Discodoris<\/em>, a l\u2019espera d\u2019una major clarificaci\u00f3 (S\u00e1nchez-Tocino 2003, Cervera et al. 2004). At\u00e8s que tant\u00a0<em data-start=\"1345\" data-end=\"1362\">Discodoris rosi<\/em>\u00a0com\u00a0<em data-start=\"1367\" data-end=\"1390\">Carminodoris boucheti<\/em>\u00a0tamb\u00e9 s\u2019agrupen amb l\u2019esp\u00e8cie tipus\u00a0<em data-start=\"1427\" data-end=\"1450\">Gargamella immaculata<\/em>, i considerant que\u00a0<em data-start=\"1470\" data-end=\"1493\">Carminodoris boucheti<\/em>\u00a0i\u00a0<em data-start=\"1496\" data-end=\"1508\">Gargamella<\/em>\u00a0presenten una cut\u00edcula labial llisa (Perrone &amp; Doneddu 1996, Ortea et al. 2006), com s\u2019ha esmentat anteriorment per a\u00a0<em data-start=\"1627\" data-end=\"1644\">Discodoris rosi<\/em>\u00a0i\u00a0<em data-start=\"1647\" data-end=\"1666\">Rostanga elandsia<\/em>, Fern\u00e1ndez-Vilert et al. (2024) han transferit aquestes esp\u00e8cies al g\u00e8nere\u00a0<em data-start=\"1742\" data-end=\"1754\">Gargamella<\/em>, establint les noves combinacions\u00a0<em data-start=\"1789\" data-end=\"1810\">Gargamella boucheti<\/em>,\u00a0<em data-start=\"1812\" data-end=\"1833\">Gargamella elandsia<\/em>\u00a0i\u00a0<em data-start=\"1836\" data-end=\"1853\">Gargamella rosi<\/em>.<\/p>\n<p><strong>Sin\u00f2nims<\/strong><\/p>\n<ul>\n<li><em>Rostanga\u00a0rosi<\/em>\u00a0 Ortea, 1979<\/li>\n<li><em>Discodoris rosi<\/em> (Ortea, 1979)<\/li>\n<\/ul>\n<p><strong>Descripci\u00f3<br \/>\n<\/strong>Els exemplars d&#8217;aquesta esp\u00e8cie solen mesurar entre 20 i 25 mm de longitud i tenen el cos de contorn ovalat. La seva coloraci\u00f3 \u00e9s ataronjada o vermell-ataronjada uniforme podent haver tamb\u00e9 algunes taques petites acolorides de color blanc. A banda del color, el m\u00e9s caracter\u00edstic de l&#8217;esp\u00e8cie s\u00f3n les fines l\u00ednies blanques que delimiten \u00e0rees circulars, ovalades o allargades. En alguns exemplars aquestes l\u00ednies blanques s\u00f3n molt poc visibles. Tot el dors est\u00e0 cobert de petits tubercles cariofilideus, ben espaiats i amb esp\u00edcules poc sortints. Alguns d&#8217;aquests tubercles tenen pigment blanc en la seva base i la seva uni\u00f3 \u00e9s la que origina les taques blanques del dors. Els rin\u00f2fors tenen la base alaminar groguenca i transparent mentre que la porci\u00f3 laminar \u00e9s vermell-ataronjada i t\u00e9 al voltant de 15 laminetes. A la base alaminar es poden veure esp\u00edcules per transpar\u00e8ncia. La beina rinof\u00f2rica \u00e9s una mica elevada i posseeix una vintena de petits tubercles a la vora superior. La br\u00e0nquia est\u00e0 formada per 6 o 7 fulles branquials de color vermell o ataronjat que es mantenen dretes quan l&#8217;animal est\u00e0 en rep\u00f2s o passejant. En els fulls branquials es poden veure esp\u00edcules per transpar\u00e8ncia. El raquis de les fulles branquials \u00e9s m\u00e9s ample a la base. El marge superior de la beina branquial t\u00e9 tubercles iguals als de la beina rinof\u00f2rica. El peu \u00e9s del mateix color que el cos, \u00e9s solcat i enfonsat anteriorment i arrodonit per darrere. La boca t\u00e9 un parell de palps orals.<\/p>\n<p><strong>Biologia<br \/>\n<\/strong>Aquesta esp\u00e8cie sol localitzar-se sota pedres o entre algues des de la zona intermareal o l&#8217;infralitoral fins a uns 15 m de profunditat. S&#8217;ha citat que en les costes de Portugal s&#8217;alimenta de l&#8217;esponja <i>Clathria gradalis<\/i>. La posta est\u00e0 formada per una cinta transparent i estreta amb ous de color taronja tancats dins d&#8217;una c\u00e0psula semitransparent.<\/p>\n<p><strong>Etimologia<\/strong><\/p>\n<ul>\n<li><em>Gargamella<\/em>. El nom assignat per Bergh probablement es refereix a la geganta Gargamelle, mare de Gargant\u00faa a la hist\u00f2ria de F. Rabelais del segle XVI \u201cLa vida de Gargant\u00faa i de Pantagruel\u201d.<\/li>\n<li><i>Rosi<\/i>. Dedicada al Dr. Joandom\u00e8nec Ros, professor del Departament d&#8217;Ecolog\u00eda de la Universitat de Barcelona i qui va reprendre l&#8217;estudi dels opistobranquis ib\u00e8ricos a partir del 1973.<\/li>\n<\/ul>\n<p><strong>Distribuci\u00f3<br \/>\n<\/strong>Aquesta esp\u00e8cie de recent descripci\u00f3 es distribueix per les costes atl\u00e0ntiques europees i a la Mediterr\u00e0nia occidental. A la Pen\u00ednsula Ib\u00e8rica ha estat citada a la costa cant\u00e0brica, a Gal\u00edcia, a Portugal, a les costes andaluses i a Catalunya. A les costes catalanes ha estat localitzada a Tossa de Mar i Begur, entre altres indrets. <div id=\"flxmap-6a99be7c45a9e\" class='flxmap-container' data-flxmap='flxmap_6a99be7c45a9e' style=\"width:100%;height:400px;\"><\/div>\n<script data-noptimize=\"1\">\n\/* <![CDATA[ *\/\n(function(w, fn) {\n if (w.addEventListener) w.addEventListener(\"DOMContentLoaded\", fn, false);\n else if (w.attachEvent) w.attachEvent(\"onload\", fn);\n})(window, function() {\n var f = new FlexibleMap();\n f.panControl = true;\n f.mapTypeId = \"satellite\";\n f.setlocale(\"ca-ES\");\n f.kmlcache = \"5 minutes\";\n f.showKML(\"flxmap-6a99be7c45a9e\", \"https:\/\/opistobranquis.info\/wp-content\/uploads\/kms\/490.kmz\");\n window.flxmap_6a99be7c45a9e = f;\n});\n\/* ]]> *\/\n<\/script>\n<div style=\"width:100%;text-align:center;margin:12px 0 4px 0;\">\n  <div style=\"font-size:8pt;margin-bottom:6px;\">Cites georeferenciades conegudes de l'esp\u00e8cie: <em>Gargamella rosi<\/em><\/div>\n  <table style=\"margin:0 auto;border-collapse:collapse;font-size:8pt;\">\n    <tr><td colspan=\"2\" style=\"text-align:left;padding-bottom:4px;\"><strong>Fonts:<\/strong><\/td><\/tr>\n    <tr>\n      <td style=\"vertical-align:top;padding-right:40px;\">\n        <table style=\"border-collapse:collapse;\">\n<tr><td style='padding:1px 6px 1px 0;vertical-align:middle'><img data-recalc-dims=\"1\" src=\"https:\/\/i0.wp.com\/opistobranquis.info\/wp-content\/uploads\/kms\/wht-circle-lv.png?w=900&#038;ssl=1\" style='display:block'><\/td><td style='padding:1px 0;vertical-align:middle;white-space:nowrap'>OBIS<\/td><\/tr><tr><td style='padding:1px 6px 1px 0;vertical-align:middle'><img data-recalc-dims=\"1\" src=\"https:\/\/i0.wp.com\/opistobranquis.info\/wp-content\/uploads\/kms\/ylw-circle-lv.png?w=900&#038;ssl=1\" style='display:block'><\/td><td style='padding:1px 0;vertical-align:middle;white-space:nowrap'>GROC 2010-2011<\/td><\/tr><tr><td style='padding:1px 6px 1px 0;vertical-align:middle'><img data-recalc-dims=\"1\" src=\"https:\/\/i0.wp.com\/opistobranquis.info\/wp-content\/uploads\/kms\/grn-circle-lv.png?w=900&#038;ssl=1\" style='display:block'><\/td><td style='padding:1px 0;vertical-align:middle;white-space:nowrap'>Enric Madrenas<\/td><\/tr><tr><td style='padding:1px 6px 1px 0;vertical-align:middle'><img data-recalc-dims=\"1\" src=\"https:\/\/i0.wp.com\/opistobranquis.info\/wp-content\/uploads\/kms\/orange-circle-lv.png?w=900&#038;ssl=1\" style='display:block'><\/td><td style='padding:1px 0;vertical-align:middle;white-space:nowrap'>Jo\u00e3o Pedro Silva<\/td><\/tr><tr><td style='padding:1px 6px 1px 0;vertical-align:middle'><img data-recalc-dims=\"1\" src=\"https:\/\/i0.wp.com\/opistobranquis.info\/wp-content\/uploads\/kms\/pink-circle-lv.png?w=900&#038;ssl=1\" style='display:block'><\/td><td style='padding:1px 0;vertical-align:middle;white-space:nowrap'>Bernard Picton<\/td><\/tr><tr><td style='padding:1px 6px 1px 0;vertical-align:middle'><img data-recalc-dims=\"1\" src=\"https:\/\/i0.wp.com\/opistobranquis.info\/wp-content\/uploads\/kms\/blk-circle-lv.png?w=900&#038;ssl=1\" style='display:block'><\/td><td style='padding:1px 0;vertical-align:middle;white-space:nowrap'>GBIF<\/td><\/tr>        <\/table>\n      <\/td>\n      <td style=\"vertical-align:top;\">\n        <table style=\"border-collapse:collapse;\">\n<tr><td style='padding:1px 6px 1px 0;vertical-align:middle'><img data-recalc-dims=\"1\" src=\"https:\/\/i0.wp.com\/opistobranquis.info\/wp-content\/uploads\/kms\/purple-circle-lv.png?w=900&#038;ssl=1\" style='display:block'><\/td><td style='padding:1px 0;vertical-align:middle;white-space:nowrap'>OPK<\/td><\/tr><tr><td style='padding:1px 6px 1px 0;vertical-align:middle'><img data-recalc-dims=\"1\" src=\"https:\/\/i0.wp.com\/opistobranquis.info\/wp-content\/uploads\/kms\/red-circle-lv.png?w=900&#038;ssl=1\" style='display:block'><\/td><td style='padding:1px 0;vertical-align:middle;white-space:nowrap'>VIMAR<\/td><\/tr><tr><td style='padding:1px 6px 1px 0;vertical-align:middle'><img data-recalc-dims=\"1\" src=\"https:\/\/i0.wp.com\/opistobranquis.info\/wp-content\/uploads\/kms\/blu-circle-lv.png?w=900&#038;ssl=1\" style='display:block'><\/td><td style='padding:1px 0;vertical-align:middle;white-space:nowrap'>Manuel Ballesteros<\/td><\/tr><tr><td style='padding:1px 6px 1px 0;vertical-align:middle'><img data-recalc-dims=\"1\" src=\"https:\/\/i0.wp.com\/opistobranquis.info\/wp-content\/uploads\/kms\/cyan-circle-lv.png?w=900&#038;ssl=1\" style='display:block'><\/td><td style='padding:1px 0;vertical-align:middle;white-space:nowrap'>M@re Nostrum<\/td><\/tr><tr><td style='padding:1px 6px 1px 0;vertical-align:middle'><img data-recalc-dims=\"1\" src=\"https:\/\/i0.wp.com\/opistobranquis.info\/wp-content\/uploads\/kms\/grey-circle-lv.png?w=900&#038;ssl=1\" style='display:block'><\/td><td style='padding:1px 0;vertical-align:middle;white-space:nowrap'>Altres fonts<\/td><\/tr><tr><td style='padding:1px 6px 1px 0;vertical-align:middle'><img data-recalc-dims=\"1\" src=\"https:\/\/i0.wp.com\/opistobranquis.info\/wp-content\/uploads\/kms\/marreg.png?w=900&#038;ssl=1\" style='display:block'><\/td><td style='padding:1px 0;vertical-align:middle;white-space:nowrap'>Marine Regions<\/td><\/tr>        <\/table>\n      <\/td>\n    <\/tr>\n  <\/table>\n<\/div>\n<\/p>\n<p><strong>Error:<\/strong> Chart.js no est\u00e1 disponible.<\/p>\n<p><strong>Altres fotos<br \/>\n<\/strong><div class=\"tiled-gallery type-rectangular tiled-gallery-unresized\" data-original-width=\"900\" data-carousel-extra='{&quot;blog_id&quot;:1,&quot;permalink&quot;:&quot;https:\\\/\\\/opistobranquis.info\\\/ca\\\/guia\\\/nudibranchia\\\/doridina\\\/doridoidei\\\/doridoidea\\\/gargamella-rosi\\\/&quot;,&quot;likes_blog_id&quot;:44192421}' itemscope itemtype=\"http:\/\/schema.org\/ImageGallery\" > <div class=\"gallery-row\" style=\"width: 900px; height: 437px;\" data-original-width=\"900\" data-original-height=\"437\" > <div class=\"gallery-group images-1\" style=\"width: 595px; height: 437px;\" data-original-width=\"595\" data-original-height=\"437\" > <div class=\"tiled-gallery-item tiled-gallery-item-large\" itemprop=\"associatedMedia\" itemscope itemtype=\"http:\/\/schema.org\/ImageObject\"> <a href=\"https:\/\/opistobranquis.info\/ca\/guia\/nudibranchia\/doridina\/doridoidei\/doridoidea\/gargamella-rosi\/discodoris-rossi-00\/\" border=\"0\" itemprop=\"url\"> <meta itemprop=\"width\" content=\"591\"> <meta itemprop=\"height\" content=\"433\"> <img decoding=\"async\" class=\"\" data-attachment-id=\"4352\" data-orig-file=\"https:\/\/opistobranquis.info\/wp-content\/uploads\/2012\/12\/discodoris-rossi-00.jpg\" data-orig-size=\"650,476\" data-comments-opened=\"\" data-image-title=\"Discodoris rosi by Enric Madrenas\" data-image-description=\"&lt;p&gt;Discodoris rosi by Enric Madrenas&lt;\/p&gt; \" data-medium-file=\"https:\/\/i0.wp.com\/opistobranquis.info\/wp-content\/uploads\/2012\/12\/discodoris-rossi-00.jpg?fit=300%2C219&#038;ssl=1\" data-large-file=\"https:\/\/i0.wp.com\/opistobranquis.info\/wp-content\/uploads\/2012\/12\/discodoris-rossi-00.jpg?fit=650%2C476&#038;ssl=1\" src=\"https:\/\/i0.wp.com\/opistobranquis.info\/wp-content\/uploads\/2012\/12\/discodoris-rossi-00.jpg?w=591&#038;h=433&#038;ssl=1\" srcset=\"https:\/\/i0.wp.com\/opistobranquis.info\/wp-content\/uploads\/2012\/12\/discodoris-rossi-00.jpg?w=650&amp;ssl=1 650w, https:\/\/i0.wp.com\/opistobranquis.info\/wp-content\/uploads\/2012\/12\/discodoris-rossi-00.jpg?resize=300%2C219&amp;ssl=1 300w\" width=\"591\" height=\"433\" loading=\"lazy\" data-original-width=\"591\" data-original-height=\"433\" itemprop=\"http:\/\/schema.org\/image\" title=\"Discodoris rosi by Enric Madrenas\" alt=\"Discodoris rosi by Enric Madrenas\" style=\"width: 591px; height: 433px;\" \/> <\/a> <div class=\"tiled-gallery-caption\" itemprop=\"caption description\"> Discodoris rosi by Enric Madrenas <\/div> <\/div> <\/div> <!-- close group --> <div class=\"gallery-group images-2\" style=\"width: 305px; height: 437px;\" data-original-width=\"305\" data-original-height=\"437\" > <div class=\"tiled-gallery-item tiled-gallery-item-large\" itemprop=\"associatedMedia\" itemscope itemtype=\"http:\/\/schema.org\/ImageObject\"> <a href=\"https:\/\/opistobranquis.info\/ca\/guia\/nudibranchia\/doridina\/doridoidei\/doridoidea\/gargamella-rosi\/discodoris-rossi-01\/\" border=\"0\" itemprop=\"url\"> <meta itemprop=\"width\" content=\"301\"> <meta itemprop=\"height\" content=\"228\"> <img decoding=\"async\" class=\"\" data-attachment-id=\"4353\" data-orig-file=\"https:\/\/opistobranquis.info\/wp-content\/uploads\/2012\/12\/discodoris-rossi-01.jpg\" data-orig-size=\"649,490\" data-comments-opened=\"\" data-image-title=\"Discodoris rosi by Enric Madrenas\" data-image-description=\"&lt;p&gt;Discodoris rosi by Enric Madrenas&lt;\/p&gt; \" data-medium-file=\"https:\/\/i0.wp.com\/opistobranquis.info\/wp-content\/uploads\/2012\/12\/discodoris-rossi-01.jpg?fit=300%2C226&#038;ssl=1\" data-large-file=\"https:\/\/i0.wp.com\/opistobranquis.info\/wp-content\/uploads\/2012\/12\/discodoris-rossi-01.jpg?fit=649%2C490&#038;ssl=1\" src=\"https:\/\/i0.wp.com\/opistobranquis.info\/wp-content\/uploads\/2012\/12\/discodoris-rossi-01.jpg?w=301&#038;h=228&#038;ssl=1\" srcset=\"https:\/\/i0.wp.com\/opistobranquis.info\/wp-content\/uploads\/2012\/12\/discodoris-rossi-01.jpg?w=649&amp;ssl=1 649w, https:\/\/i0.wp.com\/opistobranquis.info\/wp-content\/uploads\/2012\/12\/discodoris-rossi-01.jpg?resize=300%2C226&amp;ssl=1 300w\" width=\"301\" height=\"228\" loading=\"lazy\" data-original-width=\"301\" data-original-height=\"228\" itemprop=\"http:\/\/schema.org\/image\" title=\"Discodoris rosi by Enric Madrenas\" alt=\"Discodoris rosi by Enric Madrenas\" style=\"width: 301px; height: 228px;\" \/> <\/a> <div class=\"tiled-gallery-caption\" itemprop=\"caption description\"> Discodoris rosi by Enric Madrenas <\/div> <\/div> <div class=\"tiled-gallery-item tiled-gallery-item-large\" itemprop=\"associatedMedia\" itemscope itemtype=\"http:\/\/schema.org\/ImageObject\"> <a href=\"https:\/\/opistobranquis.info\/ca\/guia\/nudibranchia\/doridina\/doridoidei\/doridoidea\/gargamella-rosi\/_mg_0033\/\" border=\"0\" itemprop=\"url\"> <meta itemprop=\"width\" content=\"301\"> <meta itemprop=\"height\" content=\"201\"> <img decoding=\"async\" class=\"\" data-attachment-id=\"10848\" data-orig-file=\"https:\/\/opistobranquis.info\/wp-content\/uploads\/2013\/10\/MG_0033.jpg\" data-orig-size=\"700,467\" data-comments-opened=\"\" data-image-title=\"DIscodoris rosi by Luis \u00c1ngel D\u00edaz\" data-image-description=\"&lt;p&gt;DIscodoris rosi by Luis \u00c1ngel D\u00edaz&lt;\/p&gt; \" data-medium-file=\"https:\/\/i0.wp.com\/opistobranquis.info\/wp-content\/uploads\/2013\/10\/MG_0033.jpg?fit=300%2C200&#038;ssl=1\" data-large-file=\"https:\/\/i0.wp.com\/opistobranquis.info\/wp-content\/uploads\/2013\/10\/MG_0033.jpg?fit=700%2C467&#038;ssl=1\" src=\"https:\/\/i0.wp.com\/opistobranquis.info\/wp-content\/uploads\/2013\/10\/MG_0033.jpg?w=301&#038;h=201&#038;ssl=1\" srcset=\"https:\/\/i0.wp.com\/opistobranquis.info\/wp-content\/uploads\/2013\/10\/MG_0033.jpg?w=700&amp;ssl=1 700w, https:\/\/i0.wp.com\/opistobranquis.info\/wp-content\/uploads\/2013\/10\/MG_0033.jpg?resize=150%2C100&amp;ssl=1 150w, https:\/\/i0.wp.com\/opistobranquis.info\/wp-content\/uploads\/2013\/10\/MG_0033.jpg?resize=300%2C200&amp;ssl=1 300w\" width=\"301\" height=\"201\" loading=\"lazy\" data-original-width=\"301\" data-original-height=\"201\" itemprop=\"http:\/\/schema.org\/image\" title=\"DIscodoris rosi by Luis \u00c1ngel D\u00edaz\" alt=\"DIscodoris rosi by Luis \u00c1ngel D\u00edaz\" style=\"width: 301px; height: 201px;\" \/> <\/a> <div class=\"tiled-gallery-caption\" itemprop=\"caption description\"> DIscodoris rosi by Luis \u00c1ngel D\u00edaz <\/div> <\/div> <\/div> <!-- close group --> <\/div> <!-- close row --> <div class=\"gallery-row\" style=\"width: 900px; height: 410px;\" data-original-width=\"900\" data-original-height=\"410\" > <div class=\"gallery-group images-2\" style=\"width: 286px; height: 410px;\" data-original-width=\"286\" data-original-height=\"410\" > <div class=\"tiled-gallery-item tiled-gallery-item-large\" itemprop=\"associatedMedia\" itemscope itemtype=\"http:\/\/schema.org\/ImageObject\"> <a href=\"https:\/\/opistobranquis.info\/ca\/guia\/nudibranchia\/doridina\/doridoidei\/doridoidea\/gargamella-rosi\/rostanga_rosi_06\/\" border=\"0\" itemprop=\"url\"> <meta itemprop=\"width\" content=\"282\"> <meta itemprop=\"height\" content=\"191\"> <img decoding=\"async\" class=\"\" data-attachment-id=\"11361\" data-orig-file=\"https:\/\/opistobranquis.info\/wp-content\/uploads\/2013\/10\/Rostanga_rosi_06.jpg\" data-orig-size=\"610,414\" data-comments-opened=\"\" data-image-title=\"Discodoris rosi by Luis S\u00e1nchez Tocino\" data-image-description=\"&lt;p&gt;Discodoris rosi by Luis S\u00e1nchez Tocino&lt;\/p&gt; \" data-medium-file=\"https:\/\/i0.wp.com\/opistobranquis.info\/wp-content\/uploads\/2013\/10\/Rostanga_rosi_06.jpg?fit=300%2C203&#038;ssl=1\" data-large-file=\"https:\/\/i0.wp.com\/opistobranquis.info\/wp-content\/uploads\/2013\/10\/Rostanga_rosi_06.jpg?fit=610%2C414&#038;ssl=1\" src=\"https:\/\/i0.wp.com\/opistobranquis.info\/wp-content\/uploads\/2013\/10\/Rostanga_rosi_06.jpg?w=282&#038;h=191&#038;ssl=1\" srcset=\"https:\/\/i0.wp.com\/opistobranquis.info\/wp-content\/uploads\/2013\/10\/Rostanga_rosi_06.jpg?w=610&amp;ssl=1 610w, https:\/\/i0.wp.com\/opistobranquis.info\/wp-content\/uploads\/2013\/10\/Rostanga_rosi_06.jpg?resize=150%2C101&amp;ssl=1 150w, https:\/\/i0.wp.com\/opistobranquis.info\/wp-content\/uploads\/2013\/10\/Rostanga_rosi_06.jpg?resize=300%2C203&amp;ssl=1 300w\" width=\"282\" height=\"191\" loading=\"lazy\" data-original-width=\"282\" data-original-height=\"191\" itemprop=\"http:\/\/schema.org\/image\" title=\"Discodoris rosi by Luis S\u00e1nchez Tocino\" alt=\"Discodoris rosi by Luis S\u00e1nchez Tocino\" style=\"width: 282px; height: 191px;\" \/> <\/a> <div class=\"tiled-gallery-caption\" itemprop=\"caption description\"> Discodoris rosi by Luis S\u00e1nchez Tocino <\/div> <\/div> <div class=\"tiled-gallery-item tiled-gallery-item-large\" itemprop=\"associatedMedia\" itemscope itemtype=\"http:\/\/schema.org\/ImageObject\"> <a href=\"https:\/\/opistobranquis.info\/ca\/guia\/nudibranchia\/doridina\/doridoidei\/doridoidea\/gargamella-rosi\/rostanga-rosi-copula-carlosfdezcid\/\" border=\"0\" itemprop=\"url\"> <meta itemprop=\"width\" content=\"282\"> <meta itemprop=\"height\" content=\"211\"> <img decoding=\"async\" class=\"\" data-attachment-id=\"13934\" data-orig-file=\"https:\/\/opistobranquis.info\/wp-content\/uploads\/2014\/09\/Rostanga-rosi-copula.CARLOSFDEZCID.jpg\" data-orig-size=\"850,636\" data-comments-opened=\"\" data-image-title=\"Discodoris rosi (Atlantic) en c\u00f3pula, by Carlos Fern\u00e1ndez-Cid\" data-image-description=\"&lt;p&gt;Discodoris rosi (Atlantic) en c\u00f3pula, by Carlos Fern\u00e1ndez-Cid&lt;\/p&gt; \" data-medium-file=\"https:\/\/i0.wp.com\/opistobranquis.info\/wp-content\/uploads\/2014\/09\/Rostanga-rosi-copula.CARLOSFDEZCID.jpg?fit=300%2C224&#038;ssl=1\" data-large-file=\"https:\/\/i0.wp.com\/opistobranquis.info\/wp-content\/uploads\/2014\/09\/Rostanga-rosi-copula.CARLOSFDEZCID.jpg?fit=850%2C636&#038;ssl=1\" src=\"https:\/\/i0.wp.com\/opistobranquis.info\/wp-content\/uploads\/2014\/09\/Rostanga-rosi-copula.CARLOSFDEZCID.jpg?w=282&#038;h=211&#038;ssl=1\" srcset=\"https:\/\/i0.wp.com\/opistobranquis.info\/wp-content\/uploads\/2014\/09\/Rostanga-rosi-copula.CARLOSFDEZCID.jpg?w=850&amp;ssl=1 850w, https:\/\/i0.wp.com\/opistobranquis.info\/wp-content\/uploads\/2014\/09\/Rostanga-rosi-copula.CARLOSFDEZCID.jpg?resize=150%2C112&amp;ssl=1 150w, https:\/\/i0.wp.com\/opistobranquis.info\/wp-content\/uploads\/2014\/09\/Rostanga-rosi-copula.CARLOSFDEZCID.jpg?resize=300%2C224&amp;ssl=1 300w\" width=\"282\" height=\"211\" loading=\"lazy\" data-original-width=\"282\" data-original-height=\"211\" itemprop=\"http:\/\/schema.org\/image\" title=\"Discodoris rosi (Atlantic) en c\u00f3pula, by Carlos Fern\u00e1ndez-Cid\" alt=\"Discodoris rosi (Atlantic) en c\u00f3pula, by Carlos Fern\u00e1ndez-Cid\" style=\"width: 282px; height: 211px;\" \/> <\/a> <div class=\"tiled-gallery-caption\" itemprop=\"caption description\"> Discodoris rosi (Atlantic) en c\u00f3pula, by Carlos Fern\u00e1ndez-Cid <\/div> <\/div> <\/div> <!-- close group --> <div class=\"gallery-group images-1\" style=\"width: 614px; height: 410px;\" data-original-width=\"614\" data-original-height=\"410\" > <div class=\"tiled-gallery-item tiled-gallery-item-large\" itemprop=\"associatedMedia\" itemscope itemtype=\"http:\/\/schema.org\/ImageObject\"> <a href=\"https:\/\/opistobranquis.info\/ca\/guia\/nudibranchia\/doridina\/doridoidei\/doridoidea\/gargamella-rosi\/rostanga-rosi-portugal-by-joao-pedro-silva\/\" border=\"0\" itemprop=\"url\"> <meta itemprop=\"width\" content=\"610\"> <meta itemprop=\"height\" content=\"406\"> <img decoding=\"async\" class=\"\" data-attachment-id=\"17305\" data-orig-file=\"https:\/\/opistobranquis.info\/wp-content\/uploads\/2014\/12\/Rostanga-rosi-Portugal-by-Jo\u00e3o-Pedro-Silva.jpg\" data-orig-size=\"800,533\" data-comments-opened=\"\" data-image-title=\"DIscodoris rosi (Portugal) by Jo\u00e3o Pedro Silva\" data-image-description=\"&lt;p&gt;DIscodoris rosi (Portugal) by Jo\u00e3o Pedro Silva&lt;\/p&gt; \" data-medium-file=\"https:\/\/i0.wp.com\/opistobranquis.info\/wp-content\/uploads\/2014\/12\/Rostanga-rosi-Portugal-by-Jo%C3%A3o-Pedro-Silva.jpg?fit=300%2C200&#038;ssl=1\" data-large-file=\"https:\/\/i0.wp.com\/opistobranquis.info\/wp-content\/uploads\/2014\/12\/Rostanga-rosi-Portugal-by-Jo%C3%A3o-Pedro-Silva.jpg?fit=800%2C533&#038;ssl=1\" src=\"https:\/\/i0.wp.com\/opistobranquis.info\/wp-content\/uploads\/2014\/12\/Rostanga-rosi-Portugal-by-Jo%C3%A3o-Pedro-Silva.jpg?w=610&#038;h=406&#038;ssl=1\" width=\"610\" height=\"406\" loading=\"lazy\" data-original-width=\"610\" data-original-height=\"406\" itemprop=\"http:\/\/schema.org\/image\" title=\"DIscodoris rosi (Portugal) by Jo\u00e3o Pedro Silva\" alt=\"DIscodoris rosi (Portugal) by Jo\u00e3o Pedro Silva\" style=\"width: 610px; height: 406px;\" \/> <\/a> <div class=\"tiled-gallery-caption\" itemprop=\"caption description\"> DIscodoris rosi (Portugal) by Jo\u00e3o Pedro Silva <\/div> <\/div> <\/div> <!-- close group --> <\/div> <!-- close row --> <div class=\"gallery-row\" style=\"width: 900px; height: 302px;\" data-original-width=\"900\" data-original-height=\"302\" > <div class=\"gallery-group images-1\" style=\"width: 449px; height: 302px;\" data-original-width=\"449\" data-original-height=\"302\" > <div class=\"tiled-gallery-item tiled-gallery-item-large\" itemprop=\"associatedMedia\" itemscope itemtype=\"http:\/\/schema.org\/ImageObject\"> <a href=\"https:\/\/opistobranquis.info\/ca\/guia\/nudibranchia\/doridina\/doridoidei\/doridoidea\/gargamella-rosi\/rostanga-rosi-costa-brava-by-enric-madrenas-04\/\" border=\"0\" itemprop=\"url\"> <meta itemprop=\"width\" content=\"445\"> <meta itemprop=\"height\" content=\"298\"> <img decoding=\"async\" class=\"\" data-attachment-id=\"19456\" data-orig-file=\"https:\/\/opistobranquis.info\/wp-content\/uploads\/2012\/05\/Rostanga-rosi-@-Costa-Brava-by-Enric-Madrenas-04.jpg\" data-orig-size=\"806,539\" data-comments-opened=\"\" data-image-title=\"Discodoris rosi @ Costa Brava 2-05-2015 by Enric Madrenas\" data-image-description=\"&lt;p&gt;Discodoris rosi @ Costa Brava 2-05-2015 by Enric Madrenas&lt;\/p&gt; \" data-medium-file=\"https:\/\/i0.wp.com\/opistobranquis.info\/wp-content\/uploads\/2012\/05\/Rostanga-rosi-%40-Costa-Brava-by-Enric-Madrenas-04.jpg?fit=300%2C201&#038;ssl=1\" data-large-file=\"https:\/\/i0.wp.com\/opistobranquis.info\/wp-content\/uploads\/2012\/05\/Rostanga-rosi-%40-Costa-Brava-by-Enric-Madrenas-04.jpg?fit=806%2C539&#038;ssl=1\" src=\"https:\/\/i0.wp.com\/opistobranquis.info\/wp-content\/uploads\/2012\/05\/Rostanga-rosi-%40-Costa-Brava-by-Enric-Madrenas-04.jpg?w=445&#038;h=298&#038;ssl=1\" width=\"445\" height=\"298\" loading=\"lazy\" data-original-width=\"445\" data-original-height=\"298\" itemprop=\"http:\/\/schema.org\/image\" title=\"Discodoris rosi @ Costa Brava 2-05-2015 by Enric Madrenas\" alt=\"Discodoris rosi @ Costa Brava 2-05-2015 by Enric Madrenas\" style=\"width: 445px; height: 298px;\" \/> <\/a> <div class=\"tiled-gallery-caption\" itemprop=\"caption description\"> Discodoris rosi @ Costa Brava 2-05-2015 by Enric Madrenas <\/div> <\/div> <\/div> <!-- close group --> <div class=\"gallery-group images-1\" style=\"width: 451px; height: 302px;\" data-original-width=\"451\" data-original-height=\"302\" > <div class=\"tiled-gallery-item tiled-gallery-item-large\" itemprop=\"associatedMedia\" itemscope itemtype=\"http:\/\/schema.org\/ImageObject\"> <a href=\"https:\/\/opistobranquis.info\/ca\/guia\/nudibranchia\/doridina\/doridoidei\/doridoidea\/gargamella-rosi\/rostanga-rosi-costa-brava-by-enric-madrenas-02\/\" border=\"0\" itemprop=\"url\"> <meta itemprop=\"width\" content=\"447\"> <meta itemprop=\"height\" content=\"298\"> <img decoding=\"async\" class=\"\" data-attachment-id=\"19458\" data-orig-file=\"https:\/\/opistobranquis.info\/wp-content\/uploads\/2012\/05\/Rostanga-rosi-@-Costa-Brava-by-Enric-Madrenas-02.jpg\" data-orig-size=\"806,537\" data-comments-opened=\"\" data-image-title=\"Discodoris rosi @ Costa Brava 2-05-2015 by Enric Madrenas\" data-image-description=\"&lt;p&gt;Discodoris rosi @ Costa Brava 2-05-2015 by Enric Madrenas&lt;\/p&gt; \" data-medium-file=\"https:\/\/i0.wp.com\/opistobranquis.info\/wp-content\/uploads\/2012\/05\/Rostanga-rosi-%40-Costa-Brava-by-Enric-Madrenas-02.jpg?fit=300%2C200&#038;ssl=1\" data-large-file=\"https:\/\/i0.wp.com\/opistobranquis.info\/wp-content\/uploads\/2012\/05\/Rostanga-rosi-%40-Costa-Brava-by-Enric-Madrenas-02.jpg?fit=806%2C537&#038;ssl=1\" src=\"https:\/\/i0.wp.com\/opistobranquis.info\/wp-content\/uploads\/2012\/05\/Rostanga-rosi-%40-Costa-Brava-by-Enric-Madrenas-02.jpg?w=447&#038;h=298&#038;ssl=1\" width=\"447\" height=\"298\" loading=\"lazy\" data-original-width=\"447\" data-original-height=\"298\" itemprop=\"http:\/\/schema.org\/image\" title=\"Discodoris rosi @ Costa Brava 2-05-2015 by Enric Madrenas\" alt=\"Discodoris rosi @ Costa Brava 2-05-2015 by Enric Madrenas\" style=\"width: 447px; height: 298px;\" \/> <\/a> <div class=\"tiled-gallery-caption\" itemprop=\"caption description\"> Discodoris rosi @ Costa Brava 2-05-2015 by Enric Madrenas <\/div> <\/div> <\/div> <!-- close group --> <\/div> <!-- close row --> <div class=\"gallery-row\" style=\"width: 900px; height: 303px;\" data-original-width=\"900\" data-original-height=\"303\" > <div class=\"gallery-group images-1\" style=\"width: 453px; height: 303px;\" data-original-width=\"453\" data-original-height=\"303\" > <div class=\"tiled-gallery-item tiled-gallery-item-large\" itemprop=\"associatedMedia\" itemscope itemtype=\"http:\/\/schema.org\/ImageObject\"> <a href=\"https:\/\/opistobranquis.info\/ca\/guia\/nudibranchia\/doridina\/doridoidei\/doridoidea\/gargamella-rosi\/rostanga-rosi-costa-brava-by-enric-madrenas-03\/\" border=\"0\" itemprop=\"url\"> <meta itemprop=\"width\" content=\"449\"> <meta itemprop=\"height\" content=\"299\"> <img decoding=\"async\" class=\"\" data-attachment-id=\"19459\" data-orig-file=\"https:\/\/opistobranquis.info\/wp-content\/uploads\/2012\/05\/Rostanga-rosi-@-Costa-Brava-by-Enric-Madrenas-03.jpg\" data-orig-size=\"806,537\" data-comments-opened=\"\" data-image-title=\"Discodoris rosi @ Costa Brava 2-05-2015 by Enric Madrenas\" data-image-description=\"&lt;p&gt;Discodoris rosi @ Costa Brava 2-05-2015 by Enric Madrenas&lt;\/p&gt; \" data-medium-file=\"https:\/\/i0.wp.com\/opistobranquis.info\/wp-content\/uploads\/2012\/05\/Rostanga-rosi-%40-Costa-Brava-by-Enric-Madrenas-03.jpg?fit=300%2C200&#038;ssl=1\" data-large-file=\"https:\/\/i0.wp.com\/opistobranquis.info\/wp-content\/uploads\/2012\/05\/Rostanga-rosi-%40-Costa-Brava-by-Enric-Madrenas-03.jpg?fit=806%2C537&#038;ssl=1\" src=\"https:\/\/i0.wp.com\/opistobranquis.info\/wp-content\/uploads\/2012\/05\/Rostanga-rosi-%40-Costa-Brava-by-Enric-Madrenas-03.jpg?w=449&#038;h=299&#038;ssl=1\" width=\"449\" height=\"299\" loading=\"lazy\" data-original-width=\"449\" data-original-height=\"299\" itemprop=\"http:\/\/schema.org\/image\" title=\"Discodoris rosi @ Costa Brava 2-05-2015 by Enric Madrenas\" alt=\"Discodoris rosi @ Costa Brava 2-05-2015 by Enric Madrenas\" style=\"width: 449px; height: 299px;\" \/> <\/a> <div class=\"tiled-gallery-caption\" itemprop=\"caption description\"> Discodoris rosi @ Costa Brava 2-05-2015 by Enric Madrenas <\/div> <\/div> <\/div> <!-- close group --> <div class=\"gallery-group images-1\" style=\"width: 447px; height: 303px;\" data-original-width=\"447\" data-original-height=\"303\" > <div class=\"tiled-gallery-item tiled-gallery-item-large\" itemprop=\"associatedMedia\" itemscope itemtype=\"http:\/\/schema.org\/ImageObject\"> <a href=\"https:\/\/opistobranquis.info\/ca\/guia\/nudibranchia\/doridina\/doridoidei\/doridoidea\/gargamella-rosi\/rostanga-rosi-playa-chica-lanzarote-by-sue-chamberlain\/\" border=\"0\" itemprop=\"url\"> <meta itemprop=\"width\" content=\"443\"> <meta itemprop=\"height\" content=\"299\"> <img decoding=\"async\" class=\"\" data-attachment-id=\"19661\" data-orig-file=\"https:\/\/opistobranquis.info\/wp-content\/uploads\/2015\/05\/Rostanga-rosi-@-Playa-Chica-Lanzarote-by-Sue-Chamberlain.jpg\" data-orig-size=\"1696,1146\" data-comments-opened=\"\" data-image-title=\"Discodoris rosi @ Playa Chica, Lanzarote by Sue Chamberlain\" data-image-description=\"&lt;p&gt;Discodoris rosi @ Playa Chica, Lanzarote by Sue Chamberlain&lt;\/p&gt; \" data-medium-file=\"https:\/\/i0.wp.com\/opistobranquis.info\/wp-content\/uploads\/2015\/05\/Rostanga-rosi-%40-Playa-Chica-Lanzarote-by-Sue-Chamberlain.jpg?fit=300%2C203&#038;ssl=1\" data-large-file=\"https:\/\/i0.wp.com\/opistobranquis.info\/wp-content\/uploads\/2015\/05\/Rostanga-rosi-%40-Playa-Chica-Lanzarote-by-Sue-Chamberlain.jpg?fit=900%2C608&#038;ssl=1\" src=\"https:\/\/i0.wp.com\/opistobranquis.info\/wp-content\/uploads\/2015\/05\/Rostanga-rosi-%40-Playa-Chica-Lanzarote-by-Sue-Chamberlain.jpg?w=443&#038;h=299&#038;ssl=1\" width=\"443\" height=\"299\" loading=\"lazy\" data-original-width=\"443\" data-original-height=\"299\" itemprop=\"http:\/\/schema.org\/image\" title=\"Discodoris rosi @ Playa Chica, Lanzarote by Sue Chamberlain\" alt=\"Discodoris rosi @ Playa Chica, Lanzarote by Sue Chamberlain\" style=\"width: 443px; height: 299px;\" \/> <\/a> <div class=\"tiled-gallery-caption\" itemprop=\"caption description\"> Discodoris rosi @ Playa Chica, Lanzarote by Sue Chamberlain <\/div> <\/div> <\/div> <!-- close group --> <\/div> <!-- close row --> <div class=\"gallery-row\" style=\"width: 900px; height: 419px;\" data-original-width=\"900\" data-original-height=\"419\" > <div class=\"gallery-group images-1\" style=\"width: 625px; height: 419px;\" data-original-width=\"625\" data-original-height=\"419\" > <div class=\"tiled-gallery-item tiled-gallery-item-large\" itemprop=\"associatedMedia\" itemscope itemtype=\"http:\/\/schema.org\/ImageObject\"> <a href=\"https:\/\/opistobranquis.info\/ca\/guia\/nudibranchia\/doridina\/doridoidei\/doridoidea\/gargamella-rosi\/discodoris-rosi-19\/\" border=\"0\" itemprop=\"url\"> <meta itemprop=\"width\" content=\"621\"> <meta itemprop=\"height\" content=\"415\"> <img decoding=\"async\" class=\"\" data-attachment-id=\"23498\" data-orig-file=\"https:\/\/opistobranquis.info\/wp-content\/uploads\/2017\/07\/Discodoris-rosi-19.jpg\" data-orig-size=\"806,539\" data-comments-opened=\"\" data-image-title=\"Discodoris rosi by Enric Madrenas\" data-image-description=\"&lt;p&gt;Discodoris rosi by Enric Madrenas&lt;\/p&gt; \" data-medium-file=\"https:\/\/i0.wp.com\/opistobranquis.info\/wp-content\/uploads\/2017\/07\/Discodoris-rosi-19.jpg?fit=300%2C201&#038;ssl=1\" data-large-file=\"https:\/\/i0.wp.com\/opistobranquis.info\/wp-content\/uploads\/2017\/07\/Discodoris-rosi-19.jpg?fit=806%2C539&#038;ssl=1\" src=\"https:\/\/i0.wp.com\/opistobranquis.info\/wp-content\/uploads\/2017\/07\/Discodoris-rosi-19.jpg?w=621&#038;h=415&#038;ssl=1\" srcset=\"https:\/\/i0.wp.com\/opistobranquis.info\/wp-content\/uploads\/2017\/07\/Discodoris-rosi-19.jpg?w=806&amp;ssl=1 806w, https:\/\/i0.wp.com\/opistobranquis.info\/wp-content\/uploads\/2017\/07\/Discodoris-rosi-19.jpg?resize=150%2C100&amp;ssl=1 150w, https:\/\/i0.wp.com\/opistobranquis.info\/wp-content\/uploads\/2017\/07\/Discodoris-rosi-19.jpg?resize=300%2C201&amp;ssl=1 300w\" width=\"621\" height=\"415\" loading=\"lazy\" data-original-width=\"621\" data-original-height=\"415\" itemprop=\"http:\/\/schema.org\/image\" title=\"Discodoris rosi by Enric Madrenas\" alt=\"Discodoris rosi by Enric Madrenas\" style=\"width: 621px; height: 415px;\" \/> <\/a> <div class=\"tiled-gallery-caption\" itemprop=\"caption description\"> Discodoris rosi by Enric Madrenas <\/div> <\/div> <\/div> <!-- close group --> <div class=\"gallery-group images-2\" style=\"width: 275px; height: 419px;\" data-original-width=\"275\" data-original-height=\"419\" > <div class=\"tiled-gallery-item tiled-gallery-item-large\" itemprop=\"associatedMedia\" itemscope itemtype=\"http:\/\/schema.org\/ImageObject\"> <a href=\"https:\/\/opistobranquis.info\/ca\/guia\/nudibranchia\/doridina\/doridoidei\/doridoidea\/gargamella-rosi\/discodoris-rosi-by-miquel-pontes-mpg_1448\/\" border=\"0\" itemprop=\"url\"> <meta itemprop=\"width\" content=\"271\"> <meta itemprop=\"height\" content=\"181\"> <img decoding=\"async\" class=\"\" data-attachment-id=\"36464\" data-orig-file=\"https:\/\/opistobranquis.info\/wp-content\/uploads\/2023\/01\/Discodoris-rosi-by-Miquel-Pontes-MPG_1448.jpg\" data-orig-size=\"1200,800\" data-comments-opened=\"\" data-image-title=\"Discodoris rosi @ Tossa de Mar (Spain) by Miquel Pontes\" data-image-description=\"&lt;p&gt;Discodoris rosi @ Tossa de Mar (Spain) by Miquel Pontes&lt;\/p&gt; \" data-medium-file=\"https:\/\/i0.wp.com\/opistobranquis.info\/wp-content\/uploads\/2023\/01\/Discodoris-rosi-by-Miquel-Pontes-MPG_1448.jpg?fit=300%2C200&#038;ssl=1\" data-large-file=\"https:\/\/i0.wp.com\/opistobranquis.info\/wp-content\/uploads\/2023\/01\/Discodoris-rosi-by-Miquel-Pontes-MPG_1448.jpg?fit=900%2C600&#038;ssl=1\" src=\"https:\/\/i0.wp.com\/opistobranquis.info\/wp-content\/uploads\/2023\/01\/Discodoris-rosi-by-Miquel-Pontes-MPG_1448.jpg?w=271&#038;h=181&#038;ssl=1\" srcset=\"https:\/\/i0.wp.com\/opistobranquis.info\/wp-content\/uploads\/2023\/01\/Discodoris-rosi-by-Miquel-Pontes-MPG_1448.jpg?w=1200&amp;ssl=1 1200w, https:\/\/i0.wp.com\/opistobranquis.info\/wp-content\/uploads\/2023\/01\/Discodoris-rosi-by-Miquel-Pontes-MPG_1448.jpg?resize=300%2C200&amp;ssl=1 300w, https:\/\/i0.wp.com\/opistobranquis.info\/wp-content\/uploads\/2023\/01\/Discodoris-rosi-by-Miquel-Pontes-MPG_1448.jpg?resize=1024%2C683&amp;ssl=1 1024w, https:\/\/i0.wp.com\/opistobranquis.info\/wp-content\/uploads\/2023\/01\/Discodoris-rosi-by-Miquel-Pontes-MPG_1448.jpg?resize=150%2C100&amp;ssl=1 150w\" width=\"271\" height=\"181\" loading=\"lazy\" data-original-width=\"271\" data-original-height=\"181\" itemprop=\"http:\/\/schema.org\/image\" title=\"Discodoris rosi @ Tossa de Mar (Spain) by Miquel Pontes\" alt=\"Discodoris rosi @ Tossa de Mar (Spain) by Miquel Pontes\" style=\"width: 271px; height: 181px;\" \/> <\/a> <div class=\"tiled-gallery-caption\" itemprop=\"caption description\"> Discodoris rosi @ Tossa de Mar (Spain) by Miquel Pontes <\/div> <\/div> <div class=\"tiled-gallery-item tiled-gallery-item-large\" itemprop=\"associatedMedia\" itemscope itemtype=\"http:\/\/schema.org\/ImageObject\"> <a href=\"https:\/\/opistobranquis.info\/ca\/guia\/nudibranchia\/doridina\/doridoidei\/doridoidea\/gargamella-rosi\/gargamella-rosi-by-j-ortea\/\" border=\"0\" itemprop=\"url\"> <meta itemprop=\"width\" content=\"271\"> <meta itemprop=\"height\" content=\"230\"> <img decoding=\"async\" class=\"\" data-attachment-id=\"46194\" data-orig-file=\"https:\/\/opistobranquis.info\/wp-content\/uploads\/2025\/03\/Gargamella-rosi-by-J.-Ortea.jpg\" data-orig-size=\"1070,908\" data-comments-opened=\"\" data-image-title=\"Gargamella rosi by J. Ortea\" data-image-description=\"&lt;p&gt;Gargamella rosi by J. Ortea&lt;\/p&gt; \" data-medium-file=\"https:\/\/i0.wp.com\/opistobranquis.info\/wp-content\/uploads\/2025\/03\/Gargamella-rosi-by-J.-Ortea.jpg?fit=300%2C255&#038;ssl=1\" data-large-file=\"https:\/\/i0.wp.com\/opistobranquis.info\/wp-content\/uploads\/2025\/03\/Gargamella-rosi-by-J.-Ortea.jpg?fit=900%2C764&#038;ssl=1\" src=\"https:\/\/i0.wp.com\/opistobranquis.info\/wp-content\/uploads\/2025\/03\/Gargamella-rosi-by-J.-Ortea.jpg?w=271&#038;h=230&#038;ssl=1\" srcset=\"https:\/\/i0.wp.com\/opistobranquis.info\/wp-content\/uploads\/2025\/03\/Gargamella-rosi-by-J.-Ortea.jpg?w=1070&amp;ssl=1 1070w, https:\/\/i0.wp.com\/opistobranquis.info\/wp-content\/uploads\/2025\/03\/Gargamella-rosi-by-J.-Ortea.jpg?resize=300%2C255&amp;ssl=1 300w, https:\/\/i0.wp.com\/opistobranquis.info\/wp-content\/uploads\/2025\/03\/Gargamella-rosi-by-J.-Ortea.jpg?resize=1024%2C869&amp;ssl=1 1024w, https:\/\/i0.wp.com\/opistobranquis.info\/wp-content\/uploads\/2025\/03\/Gargamella-rosi-by-J.-Ortea.jpg?resize=150%2C127&amp;ssl=1 150w\" width=\"271\" height=\"230\" loading=\"lazy\" data-original-width=\"271\" data-original-height=\"230\" itemprop=\"http:\/\/schema.org\/image\" title=\"Gargamella rosi by J. Ortea\" alt=\"Gargamella rosi by J. Ortea\" style=\"width: 271px; height: 230px;\" \/> <\/a> <div class=\"tiled-gallery-caption\" itemprop=\"caption description\"> Gargamella rosi by J. Ortea <\/div> <\/div> <\/div> <!-- close group --> <\/div> <!-- close row --> <\/div><\/p>\n<p><p><strong>Bibliografia<\/strong><\/p><ul><div id=\"zotpress-00b2847d080d0def75a4847ff2000a27\" class=\"zp-Zotpress zp-Zotpress-Bib wp-block-group\">\n\n\t\t<span class=\"ZP_API_USER_ID ZP_ATTR\">1246567<\/span>\n\t\t<span class=\"ZP_ITEM_KEY ZP_ATTR\"><\/span>\n\t\t<span class=\"ZP_COLLECTION_ID ZP_ATTR\"><\/span>\n\t\t<span class=\"ZP_TAG_ID ZP_ATTR\">Gargamella rosi<\/span>\n\t\t<span class=\"ZP_AUTHOR ZP_ATTR\"><\/span>\n\t\t<span class=\"ZP_YEAR ZP_ATTR\"><\/span>\n        <span class=\"ZP_ITEMTYPE ZP_ATTR\"><\/span>\n\t\t<span class=\"ZP_INCLUSIVE ZP_ATTR\">1<\/span>\n\t\t<span class=\"ZP_STYLE ZP_ATTR\">eunomia-revista-en-cultura-de-la-legalidad<\/span>\n\t\t<span class=\"ZP_LIMIT ZP_ATTR\">50<\/span>\n\t\t<span class=\"ZP_SORTBY ZP_ATTR\">creator<\/span>\n\t\t<span class=\"ZP_ORDER ZP_ATTR\">asc<\/span>\n\t\t<span class=\"ZP_TITLE ZP_ATTR\"><\/span>\n\t\t<span class=\"ZP_SHOWIMAGE ZP_ATTR\"><\/span>\n\t\t<span class=\"ZP_SHOWTAGS ZP_ATTR\"><\/span>\n\t\t<span class=\"ZP_DOWNLOADABLE ZP_ATTR\"><\/span>\n\t\t<span class=\"ZP_NOTES ZP_ATTR\"><\/span>\n\t\t<span class=\"ZP_ABSTRACT ZP_ATTR\"><\/span>\n\t\t<span class=\"ZP_CITEABLE ZP_ATTR\"><\/span>\n\t\t<span class=\"ZP_TARGET ZP_ATTR\">1<\/span>\n\t\t<span class=\"ZP_URLWRAP ZP_ATTR\"><\/span>\n\t\t<span class=\"ZP_FORCENUM ZP_ATTR\"><\/span>\n        <span class=\"ZP_HIGHLIGHT ZP_ATTR\"><\/span>\n        <span class=\"ZP_POSTID ZP_ATTR\">490<\/span>\n\t\t<span class=\"ZOTPRESS_PLUGIN_URL ZP_ATTR\">https:\/\/opistobranquis.info\/wp-content\/plugins\/zotpress\/<\/span>\n\n\t\t<div class=\"zp-List loading\">\n\t\t\t<div class=\"zp-SEO-Content\">\n\n\t\t\t<\/div><!-- .zp-zp-SEO-Content -->\n\t\t<\/div><!-- .zp-List -->\n\t<\/div><!--.zp-Zotpress-->\n\n<p><\/p>Bibliografia basada en els treballs de <b>Steve Long, 2006<\/b>. <a target=_blank href=https:\/\/opistobranquis.info\/wp-content\/uploads\/2016\/06\/Long-S.-2006-Bibliography-of-Opisthobranchia-1554-2000.pdf>Bibliography of Opisthobranchia 1554-2000<\/a> i <b>Gary McDonald, 2009<\/b>. <a href=http:\/\/escholarship.org\/uc\/item\/8115h0wz>Bibliographia Nudibranchia<\/a>, amb actualitzacions posteriors procedents d\u00b4altres fonts.<p><\/p><\/ul><p><\/p><p><strong>M\u00e9s informaci\u00f3<\/strong><\/p><span style=\"font-size:10pt\"><ul><ul class=\"blogroll-links\"><li><a href=\"http:\/\/www.asturnatura.com\/especie\/discodoris-rosi.html\">AsturNatura<\/a><\/li><li><a href=\"http:\/\/www.biodiversitylibrary.org\/name\/Discodoris%20rosi\">Biodiversity Heritage Library<\/a><\/li><li><a href=\"http:\/\/www.biologiamarina.org\/discodoride-rosi\/\">BiologiaMarina.org<\/a><\/li><li><a href=\"http:\/\/www.cibsub.com\/bioespecie_es-discodoris_rosi-28180\">CIB - Club Immersio Biologia<\/a><\/li><li><a href=\"http:\/\/doris.ffessm.fr\/fiche2.asp?fiche_numero=650\">DORIS<\/a><\/li><li><a href=\"https:\/\/litoraldegranada.ugr.es\/el-litoral\/el-litoral-sumergido\/fauna\/moluscos\/gasteropodos\/opistobranquios\/orden-nudibranchia\/doridaceos\/doridoideos\/gargamella-rosi\/\">El Litoral de Granada<\/a><\/li><li><a href=\"https:\/\/www.flickr.com\/search\/?text=Discodoris%20rosi\">Flickr pictures<\/a><\/li><li><a href=\"http:\/\/www.opistobranquis.org\/ca\/guia\/83\">GROC<\/a><\/li><li><a href=\"http:\/\/www.irmng.org\/aphia.php?p=taxlist&#038;tName=Discodoris%20rosi\">Interim Register of Marine and Nonmarine Genera<\/a><\/li><li><a href=\"http:\/\/www.ncbi.nlm.nih.gov\/Taxonomy\/Browser\/wwwtax.cgi?mode=Undef&#038;name=Rostanga%20rosi&#038;lvl=0&#038;srchmode=1\">NCBI GenBank<\/a><\/li><li><a href=\"http:\/\/iobis.org\/mapper\/?taxon=Discodoris%20rosi\">OBIS - Search by Taxon<\/a><\/li><li><a href=\"http:\/\/www.seaslugforum.net\/showall\/discrosi\">Sea Slug Forum<\/a><\/li><li><a href=\"https:\/\/www.marinespecies.org\/aphia.php?p=taxdetails&#038;id=1791544\">World Register of Marine Species<\/a><\/li><\/ul><\/ul><\/span><p><strong>Citeu aquest article com: <\/strong><\/p><div style=\"display: block; background: #444444; padding: 10px 30px 10px 10px; border-radius: 5px; line-height: 18px;\"><p class=\"citacio\"><b>Pontes, Miquel<\/b> (2025) <em>\"Gargamella rosi\"<\/em> a <em>OPK-Opistobranquis<\/em>. Publicat: 16\/05\/2012. Accedit: 03\/09\/2026. Disponible a (<a href=https:\/\/opistobranquis.info\/ca\/?p=490>https:\/\/opistobranquis.info\/ca\/?p=490<\/a>)<\/p><p><\/p><\/div><p><\/p><\/p>","protected":false},"excerpt":{"rendered":"<p>Gargamella rosi (Ortea, 1979) Nota taxon\u00f2mica:\u00a0Fern\u00e1ndez-Vilert et al. (2024) van dur a terme una s\u00e8rie d\u2019an\u00e0lisis gen\u00e8tics sobre una \u00e0mplia mostra de llimacs de mar de la fam\u00edlia\u00a0Discodorididae i, entre molts altres resultats novedosos i interessants, van observar que Discodoris rosi Ortea, 1979, del nord-oest i nord-est d\u2019Espanya, s\u2019agrupava gen\u00e8ticament amb Carminodoris boucheti\u00a0Ortea, 1979, del nord-est d\u2019Espanya. Estudis morfol\u00f2gics previs ja havien proposat la inclusi\u00f3 de\u00a0Discodoris rosi\u00a0en el g\u00e8nere\u00a0Rostanga, a\u2026<\/p>\n<p class=\"continue-reading-button\"> <a class=\"continue-reading-link\" href=\"https:\/\/opistobranquis.info\/ca\/guia\/nudibranchia\/doridina\/doridoidei\/doridoidea\/gargamella-rosi\/\">Continua llegint<i class=\"crycon-right-dir\"><\/i><\/a><\/p>\n","protected":false},"author":5,"featured_media":19457,"parent":26109,"menu_order":6600,"comment_status":"closed","ping_status":"closed","template":"","meta":{"footnotes":""},"class_list":["post-490","page","type-page","status-publish","has-post-thumbnail","hentry"],"jetpack_sharing_enabled":true,"_links":{"self":[{"href":"https:\/\/opistobranquis.info\/ca\/wp-json\/wp\/v2\/pages\/490","targetHints":{"allow":["GET"]}}],"collection":[{"href":"https:\/\/opistobranquis.info\/ca\/wp-json\/wp\/v2\/pages"}],"about":[{"href":"https:\/\/opistobranquis.info\/ca\/wp-json\/wp\/v2\/types\/page"}],"author":[{"embeddable":true,"href":"https:\/\/opistobranquis.info\/ca\/wp-json\/wp\/v2\/users\/5"}],"replies":[{"embeddable":true,"href":"https:\/\/opistobranquis.info\/ca\/wp-json\/wp\/v2\/comments?post=490"}],"version-history":[{"count":7,"href":"https:\/\/opistobranquis.info\/ca\/wp-json\/wp\/v2\/pages\/490\/revisions"}],"predecessor-version":[{"id":46190,"href":"https:\/\/opistobranquis.info\/ca\/wp-json\/wp\/v2\/pages\/490\/revisions\/46190"}],"up":[{"embeddable":true,"href":"https:\/\/opistobranquis.info\/ca\/wp-json\/wp\/v2\/pages\/26109"}],"wp:featuredmedia":[{"embeddable":true,"href":"https:\/\/opistobranquis.info\/ca\/wp-json\/wp\/v2\/media\/19457"}],"wp:attachment":[{"href":"https:\/\/opistobranquis.info\/ca\/wp-json\/wp\/v2\/media?parent=490"}],"curies":[{"name":"wp","href":"https:\/\/api.w.org\/{rel}","templated":true}]}}