{"id":509,"date":"2012-05-16T19:16:52","date_gmt":"2012-05-16T17:16:52","guid":{"rendered":"https:\/\/opistobranquis.info\/platydoris-argoplatydoris-argoplatydoris-argo"},"modified":"2022-12-27T23:03:00","modified_gmt":"2022-12-27T22:03:00","slug":"platydoris-argo","status":"publish","type":"page","link":"https:\/\/opistobranquis.info\/ca\/guia\/nudibranchia\/doridina\/doridoidei\/doridoidea\/platydoris-argo\/","title":{"rendered":"Platydoris argo"},"content":{"rendered":"<p><\/p>\n<h3><em>Platydoris argo <\/em>(Linn\u00e9, 1767)<\/h3>\n<p><span style=\"font-size:10pt;\" class=\"aligncenter\"><div id=\"featured-img-id\"><img data-recalc-dims=\"1\" decoding=\"async\" src=\"https:\/\/i0.wp.com\/opistobranquis.info\/wp-content\/uploads\/2012\/12\/platydoris-argo-02.jpg?w=900&#038;ssl=1\" alt=\"Platydoris argo @ Costa Brava, Spain by Enric Madrenas\" \/><\/div><center><em>Platydoris argo @ Costa Brava, Spain<\/em> per Enric Madrenas<\/center><\/span><p><\/p><div class=\"opk-worms\"><h3>Informaci\u00f3 taxon\u00f2mica WoRMS<\/h3><div class=\"opk-success\">Nom acceptat actual: <strong><em>Platydoris argo<\/em> (Linnaeus, 1767)<\/strong><\/div><h4>Classificaci\u00f3 actual<\/h4><table class=\"widefat striped\"><tr><th>Superdomain<\/th><td><a target=\"_blank\" href=\"https:\/\/www.marinespecies.org\/aphia.php?p=taxdetails&id=1\">Biota<\/a><\/td><\/tr><tr><th>Kingdom<\/th><td><a target=\"_blank\" href=\"https:\/\/www.marinespecies.org\/aphia.php?p=taxdetails&id=2\">Animalia<\/a><\/td><\/tr><tr><th>Phylum<\/th><td><a target=\"_blank\" href=\"https:\/\/www.marinespecies.org\/aphia.php?p=taxdetails&id=51\">Mollusca<\/a><\/td><\/tr><tr><th>Class<\/th><td><a target=\"_blank\" href=\"https:\/\/www.marinespecies.org\/aphia.php?p=taxdetails&id=101\">Gastropoda<\/a><\/td><\/tr><tr><th>Subclass<\/th><td><a target=\"_blank\" href=\"https:\/\/www.marinespecies.org\/aphia.php?p=taxdetails&id=14712\">Heterobranchia<\/a><\/td><\/tr><tr><th>Infraclass<\/th><td><a target=\"_blank\" href=\"https:\/\/www.marinespecies.org\/aphia.php?p=taxdetails&id=1057247\">Euthyneura<\/a><\/td><\/tr><tr><th>Subterclass<\/th><td><a target=\"_blank\" href=\"https:\/\/www.marinespecies.org\/aphia.php?p=taxdetails&id=1057249\">Ringipleura<\/a><\/td><\/tr><tr><th>Superorder<\/th><td><a target=\"_blank\" href=\"https:\/\/www.marinespecies.org\/aphia.php?p=taxdetails&id=411966\">Nudipleura<\/a><\/td><\/tr><tr><th>Order<\/th><td><a target=\"_blank\" href=\"https:\/\/www.marinespecies.org\/aphia.php?p=taxdetails&id=1762\">Nudibranchia<\/a><\/td><\/tr><tr><th>Suborder<\/th><td><a target=\"_blank\" href=\"https:\/\/www.marinespecies.org\/aphia.php?p=taxdetails&id=1829294\">Doridida<\/a><\/td><\/tr><tr><th>Infraorder<\/th><td><a target=\"_blank\" href=\"https:\/\/www.marinespecies.org\/aphia.php?p=taxdetails&id=246038\">Doridoidei<\/a><\/td><\/tr><tr><th>Superfamily<\/th><td><a target=\"_blank\" href=\"https:\/\/www.marinespecies.org\/aphia.php?p=taxdetails&id=173\">Doridoidea<\/a><\/td><\/tr><tr><th>Family<\/th><td><a target=\"_blank\" href=\"https:\/\/www.marinespecies.org\/aphia.php?p=taxdetails&id=1761\">Discodorididae<\/a><\/td><\/tr><tr><th>Genus<\/th><td><a target=\"_blank\" href=\"https:\/\/www.marinespecies.org\/aphia.php?p=taxdetails&id=138358\"><em>Platydoris<\/em><\/a><\/td><\/tr><tr><th>Species<\/th><td><a target=\"_blank\" href=\"https:\/\/www.marinespecies.org\/aphia.php?p=taxdetails&id=140792\"><em>Platydoris argo<\/em> (Linnaeus, 1767)<\/a><\/td><\/tr><\/table><p class=\"footer\">Classificaci\u00f3 proporcionada pel World Register of Marine Species (WoRMS). [<a target=\"_blank\" href=\"https:\/\/www.marinespecies.org\/aphia.php?p=taxdetails&id=140792\">140792<\/a>]<\/p><\/div><strong>Sin\u00f2nims<\/strong><\/p>\n<ul>\n<li><span id=\"aphia_ct_tu_748456\"><strong><i>Doris argo<\/i> Linnaeus, 1767\u00a0(original)<\/strong><\/span><\/li>\n<li><span id=\"aphia_ct_tu_748464\"><i>Doris canariensis<\/i> d&#8217;Orbigny, 1839<\/span><\/li>\n<li><span id=\"aphia_ct_tu_748477\"><i>Doris infravalvata<\/i> Abraham, 1877<\/span><\/li>\n<li><span id=\"aphia_ct_tu_748507\"><i>Doris subtumida<\/i> Abraham, 1877\u00a0<\/span><\/li>\n<li><span id=\"aphia_ct_tu_140793\"><i>Platydoris dura<\/i> Pruvot-Fol, 1951<\/span><\/li>\n<li><span id=\"aphia_ct_tu_140795\"><i>Platydoris philippi<\/i> Bergh, 1877<\/span><\/li>\n<\/ul>\n<p><strong>Descripci\u00f3<\/strong><br \/>\nEls majors exemplars d&#8217;aquesta esp\u00e8cie poden arribar a uns 10 cm de longitud. El cos \u00e9s molt pla (al que fa refer\u00e8ncia el nom del g\u00e8nere) i de consist\u00e8ncia cori\u00e0cia. El color del dors \u00e9s marr\u00f3-vermell\u00f3s gaireb\u00e9 uniforme, podent haver algunes petites puntuacions blanques disseminades pel mantell formant taques m\u00e9s o menys definides i de vegades dibuixant dues o tres taques a cada costat del dors. Aquest \u00e9s molt ampli i cobreix totalment el peu, del que la vora \u00e9s una mica fistonada. A la lupa binocular es pot observar que tot el dors est\u00e0 prove\u00eft de petites protuber\u00e0ncies c\u00f2niques i que \u00e9s espiculat. Els rin\u00f2fors s\u00f3n una mica m\u00e9s foscos que el dors, tenen unes 15-20 laminetes i es poden retreure completament dins del cos si l&#8217;animal \u00e9s molestat; la beina rinof\u00f2rica est\u00e0 lleugerament elevada. La br\u00e0nquia est\u00e0 formada per 6 fulles branquials de tipus tripinnat i son m\u00e9s fosques que el dors a causa de petites taques marrons, la punta de les fulles branquials sol ser de color blanc a causa de puntuacions d&#8217;aquest color. La br\u00e0nquia es pot retreure completament dins del cos i llavors s&#8217;aprecia l&#8217;orifici branquial amb 6 l\u00f2buls i en disposici\u00f3 transversal al cos. Ventralment el mantell \u00e9s de color groguenc i presenta nombroses taques marrons, m\u00e9s petites les situades externament i m\u00e9s grans les que es troben prop del peu. Aquest \u00e9s ataronjat i bastant estret, t\u00e9 la seva vora anterior solcada i enfonsada. Les parets laterals del peu tamb\u00e9 tenen taques marrons. La boca est\u00e0 flanquejada per un parell de palps orals digitiformes curts.<\/p>\n<p><strong>Biologia<\/strong><br \/>\nAquesta esp\u00e8cie de gran doridaci es pot localitzar sota pedres o en parets rocalloses amb abund\u00e0ncia d&#8217;algues, esponges i briozous, des de pocs metres de profunditat. Alguns exemplars poden ser capturats a m\u00e9s profunditat en caladors d&#8217;arrossegament comercial i es troben entre el material de rebuig de les pesqueries. A causa de la seva coloraci\u00f3, molts exemplars, especialment els que viuen en parets rocalloses, s\u00f3n perfectament cr\u00edptics amb el substrat i dif\u00edcils de localitzar. Pot alimentar-se d&#8217;esponges com <i>Crambe crambe<\/i>, sobre o prop de la qual se&#8217;l pot veure en immersi\u00f3, encara que tamb\u00e9 pot menjar, en fons coral\u00b7l\u00edgens, briozous del g\u00e8nere <i>Sertella<\/i>. Altres indiquen err\u00f2niament que s&#8217;alimenta d&#8217;algues. La posta est\u00e0 formada per una cinta de color groc d&#8217;uns 10 mm d&#8217;al\u00e7ada, fistonada i enrotllada en una espiral de diverses voltes, que pot tenir 3-4 cm de di\u00e0metre.<\/p>\n<p><strong>Etimologia<\/strong><\/p>\n<ul>\n<li><em>Plat\u00fds<\/em>. Paraula grega que significa &#8220;ample&#8221;.<\/li>\n<li><em>Doris<\/em>. Nimfa marina de la mitologia grega<\/li>\n<li><em>Argo <\/em>. Aquest nom espec\u00edfic fa refer\u00e8ncia a les taques blanques d&#8217;aquesta esp\u00e8cie, que son comparades amb ulls. Una de les llegendes mitol\u00f2giques explica que Argos era un pr\u00edncep d&#8217;Argos o de l&#8217;Arg\u00f2lida. Tenia cent ulls dels quales sempre en tenia oberts cinquanta.<\/li>\n<\/ul>\n<p><strong>Distribuci\u00f3<\/strong><br \/>\nAquesta esp\u00e8cie es coneix des de fa gaireb\u00e9 tres segles ja que va ser descrita per Linn\u00e9 amb el g\u00e8nere <i>Doris<\/i> el 1767. Des de llavors s&#8217;ha vist que t\u00e9 una distribuci\u00f3 geogr\u00e0fica for\u00e7a limitada, ja que fins al moment se la coneix nom\u00e9s de la Mediterr\u00e0nia (conques oriental i occidental), Cap Verd, Can\u00e0ries, Madeira, A\u00e7ores i al voltant de la Pen\u00ednsula Ib\u00e8rica, on se l&#8217;ha citat sense interrupci\u00f3 des de les costes portugueses fins a les catalanes. Tamb\u00e9 est\u00e0 present a les illes Balears. A Catalunya s&#8217;ha citat a Cala Sant Antoni i Es Caials (Cadaqu\u00e9s), l&#8217;Escala, a les illes Medes, Begur, Palam\u00f3s, Tossa de Mar, Cala Sant Francesc (Blanes) i al port de Tarragona, entre altres localitats. <div id=\"flxmap-6a9a2a2b37a2a\" class='flxmap-container' data-flxmap='flxmap_6a9a2a2b37a2a' style=\"width:100%;height:400px;\"><\/div>\n<script data-noptimize=\"1\">\n\/* <![CDATA[ *\/\n(function(w, fn) {\n if (w.addEventListener) w.addEventListener(\"DOMContentLoaded\", fn, false);\n else if (w.attachEvent) w.attachEvent(\"onload\", fn);\n})(window, function() {\n var f = new FlexibleMap();\n f.panControl = true;\n f.mapTypeId = \"satellite\";\n f.setlocale(\"ca-ES\");\n f.kmlcache = \"5 minutes\";\n f.showKML(\"flxmap-6a9a2a2b37a2a\", \"https:\/\/opistobranquis.info\/wp-content\/uploads\/kms\/509.kmz\");\n window.flxmap_6a9a2a2b37a2a = f;\n});\n\/* ]]> *\/\n<\/script>\n<div style=\"width:100%;text-align:center;margin:12px 0 4px 0;\">\n  <div style=\"font-size:8pt;margin-bottom:6px;\">Cites georeferenciades conegudes de l'esp\u00e8cie: <em>Platydoris argo<\/em><\/div>\n  <table style=\"margin:0 auto;border-collapse:collapse;font-size:8pt;\">\n    <tr><td colspan=\"2\" style=\"text-align:left;padding-bottom:4px;\"><strong>Fonts:<\/strong><\/td><\/tr>\n    <tr>\n      <td style=\"vertical-align:top;padding-right:40px;\">\n        <table style=\"border-collapse:collapse;\">\n<tr><td style='padding:1px 6px 1px 0;vertical-align:middle'><img data-recalc-dims=\"1\" src=\"https:\/\/i0.wp.com\/opistobranquis.info\/wp-content\/uploads\/kms\/wht-circle-lv.png?w=900&#038;ssl=1\" style='display:block'><\/td><td style='padding:1px 0;vertical-align:middle;white-space:nowrap'>OBIS<\/td><\/tr><tr><td style='padding:1px 6px 1px 0;vertical-align:middle'><img data-recalc-dims=\"1\" src=\"https:\/\/i0.wp.com\/opistobranquis.info\/wp-content\/uploads\/kms\/ylw-circle-lv.png?w=900&#038;ssl=1\" style='display:block'><\/td><td style='padding:1px 0;vertical-align:middle;white-space:nowrap'>GROC 2010-2011<\/td><\/tr><tr><td style='padding:1px 6px 1px 0;vertical-align:middle'><img data-recalc-dims=\"1\" src=\"https:\/\/i0.wp.com\/opistobranquis.info\/wp-content\/uploads\/kms\/grn-circle-lv.png?w=900&#038;ssl=1\" style='display:block'><\/td><td style='padding:1px 0;vertical-align:middle;white-space:nowrap'>Enric Madrenas<\/td><\/tr><tr><td style='padding:1px 6px 1px 0;vertical-align:middle'><img data-recalc-dims=\"1\" src=\"https:\/\/i0.wp.com\/opistobranquis.info\/wp-content\/uploads\/kms\/orange-circle-lv.png?w=900&#038;ssl=1\" style='display:block'><\/td><td style='padding:1px 0;vertical-align:middle;white-space:nowrap'>Jo\u00e3o Pedro Silva<\/td><\/tr><tr><td style='padding:1px 6px 1px 0;vertical-align:middle'><img data-recalc-dims=\"1\" src=\"https:\/\/i0.wp.com\/opistobranquis.info\/wp-content\/uploads\/kms\/pink-circle-lv.png?w=900&#038;ssl=1\" style='display:block'><\/td><td style='padding:1px 0;vertical-align:middle;white-space:nowrap'>Bernard Picton<\/td><\/tr><tr><td style='padding:1px 6px 1px 0;vertical-align:middle'><img data-recalc-dims=\"1\" src=\"https:\/\/i0.wp.com\/opistobranquis.info\/wp-content\/uploads\/kms\/blk-circle-lv.png?w=900&#038;ssl=1\" style='display:block'><\/td><td style='padding:1px 0;vertical-align:middle;white-space:nowrap'>GBIF<\/td><\/tr>        <\/table>\n      <\/td>\n      <td style=\"vertical-align:top;\">\n        <table style=\"border-collapse:collapse;\">\n<tr><td style='padding:1px 6px 1px 0;vertical-align:middle'><img data-recalc-dims=\"1\" src=\"https:\/\/i0.wp.com\/opistobranquis.info\/wp-content\/uploads\/kms\/purple-circle-lv.png?w=900&#038;ssl=1\" style='display:block'><\/td><td style='padding:1px 0;vertical-align:middle;white-space:nowrap'>OPK<\/td><\/tr><tr><td style='padding:1px 6px 1px 0;vertical-align:middle'><img data-recalc-dims=\"1\" src=\"https:\/\/i0.wp.com\/opistobranquis.info\/wp-content\/uploads\/kms\/red-circle-lv.png?w=900&#038;ssl=1\" style='display:block'><\/td><td style='padding:1px 0;vertical-align:middle;white-space:nowrap'>VIMAR<\/td><\/tr><tr><td style='padding:1px 6px 1px 0;vertical-align:middle'><img data-recalc-dims=\"1\" src=\"https:\/\/i0.wp.com\/opistobranquis.info\/wp-content\/uploads\/kms\/blu-circle-lv.png?w=900&#038;ssl=1\" style='display:block'><\/td><td style='padding:1px 0;vertical-align:middle;white-space:nowrap'>Manuel Ballesteros<\/td><\/tr><tr><td style='padding:1px 6px 1px 0;vertical-align:middle'><img data-recalc-dims=\"1\" src=\"https:\/\/i0.wp.com\/opistobranquis.info\/wp-content\/uploads\/kms\/cyan-circle-lv.png?w=900&#038;ssl=1\" style='display:block'><\/td><td style='padding:1px 0;vertical-align:middle;white-space:nowrap'>M@re Nostrum<\/td><\/tr><tr><td style='padding:1px 6px 1px 0;vertical-align:middle'><img data-recalc-dims=\"1\" src=\"https:\/\/i0.wp.com\/opistobranquis.info\/wp-content\/uploads\/kms\/grey-circle-lv.png?w=900&#038;ssl=1\" style='display:block'><\/td><td style='padding:1px 0;vertical-align:middle;white-space:nowrap'>Altres fonts<\/td><\/tr><tr><td style='padding:1px 6px 1px 0;vertical-align:middle'><img data-recalc-dims=\"1\" src=\"https:\/\/i0.wp.com\/opistobranquis.info\/wp-content\/uploads\/kms\/marreg.png?w=900&#038;ssl=1\" style='display:block'><\/td><td style='padding:1px 0;vertical-align:middle;white-space:nowrap'>Marine Regions<\/td><\/tr>        <\/table>\n      <\/td>\n    <\/tr>\n  <\/table>\n<\/div>\n<\/p>\n<p><strong>Error:<\/strong> Chart.js no est\u00e1 disponible.<\/p>\n<p><strong>Videos<\/strong><\/p>\n<p><iframe loading=\"lazy\" title=\"Platydoris argo - Doris Argo\" width=\"900\" height=\"506\" src=\"https:\/\/www.youtube.com\/embed\/VW03oaSQnWg?feature=oembed\" frameborder=\"0\" allow=\"accelerometer; autoplay; clipboard-write; encrypted-media; gyroscope; picture-in-picture\" allowfullscreen><\/iframe><\/p>\n<p><iframe loading=\"lazy\" src=\"https:\/\/player.vimeo.com\/video\/784334106?h=cb9e36e270&amp;dnt=1&amp;app_id=122963\" width=\"900\" height=\"506\" frameborder=\"0\" allow=\"autoplay; fullscreen; picture-in-picture\" allowfullscreen><\/iframe><\/p>\n<p><iframe loading=\"lazy\" src=\"https:\/\/player.vimeo.com\/video\/784334100?h=153fa24e3a&amp;dnt=1&amp;app_id=122963\" width=\"900\" height=\"506\" frameborder=\"0\" allow=\"autoplay; fullscreen; picture-in-picture\" allowfullscreen><\/iframe><\/p>\n<p><iframe loading=\"lazy\" src=\"https:\/\/player.vimeo.com\/video\/784334123?h=6e125edd64&amp;dnt=1&amp;app_id=122963\" width=\"900\" height=\"506\" frameborder=\"0\" allow=\"autoplay; fullscreen; picture-in-picture\" allowfullscreen><\/iframe><\/p>\n<p>&nbsp;<\/p>\n<p><strong>Altres fotos<\/strong><br \/>\n<div class=\"tiled-gallery type-rectangular tiled-gallery-unresized\" data-original-width=\"900\" data-carousel-extra='{&quot;blog_id&quot;:1,&quot;permalink&quot;:&quot;https:\\\/\\\/opistobranquis.info\\\/ca\\\/guia\\\/nudibranchia\\\/doridina\\\/doridoidei\\\/doridoidea\\\/platydoris-argo\\\/&quot;,&quot;likes_blog_id&quot;:44192421}' itemscope itemtype=\"http:\/\/schema.org\/ImageGallery\" > <div class=\"gallery-row\" style=\"width: 900px; height: 772px;\" data-original-width=\"900\" data-original-height=\"772\" > <div class=\"gallery-group images-1\" style=\"width: 524px; height: 772px;\" data-original-width=\"524\" data-original-height=\"772\" > <div class=\"tiled-gallery-item tiled-gallery-item-large\" itemprop=\"associatedMedia\" itemscope itemtype=\"http:\/\/schema.org\/ImageObject\"> <a href=\"https:\/\/opistobranquis.info\/ca\/guia\/nudibranchia\/doridina\/doridoidei\/doridoidea\/platydoris-argo\/platydoris-argo-00\/\" border=\"0\" itemprop=\"url\"> <meta itemprop=\"width\" content=\"520\"> <meta itemprop=\"height\" content=\"768\"> <img decoding=\"async\" class=\"\" data-attachment-id=\"4802\" data-orig-file=\"https:\/\/opistobranquis.info\/wp-content\/uploads\/2012\/12\/platydoris-argo-00.jpg\" data-orig-size=\"329,486\" data-comments-opened=\"\" data-image-title=\"Platydoris argo @ Costa Brava, Spain by Enric Madrenas\" data-image-description=\"&lt;p&gt;Platydoris argo @ Costa Brava, Spain by Enric Madrenas&lt;\/p&gt; \" data-medium-file=\"https:\/\/i0.wp.com\/opistobranquis.info\/wp-content\/uploads\/2012\/12\/platydoris-argo-00.jpg?fit=203%2C300&#038;ssl=1\" data-large-file=\"https:\/\/i0.wp.com\/opistobranquis.info\/wp-content\/uploads\/2012\/12\/platydoris-argo-00.jpg?fit=329%2C486&#038;ssl=1\" src=\"https:\/\/i0.wp.com\/opistobranquis.info\/wp-content\/uploads\/2012\/12\/platydoris-argo-00.jpg?w=520&#038;h=768&#038;ssl=1\" srcset=\"https:\/\/i0.wp.com\/opistobranquis.info\/wp-content\/uploads\/2012\/12\/platydoris-argo-00.jpg?w=329&amp;ssl=1 329w, https:\/\/i0.wp.com\/opistobranquis.info\/wp-content\/uploads\/2012\/12\/platydoris-argo-00.jpg?resize=203%2C300&amp;ssl=1 203w\" width=\"520\" height=\"768\" loading=\"lazy\" data-original-width=\"520\" data-original-height=\"768\" itemprop=\"http:\/\/schema.org\/image\" title=\"Platydoris argo @ Costa Brava, Spain by Enric Madrenas\" alt=\"Platydoris argo @ Costa Brava, Spain by Enric Madrenas\" style=\"width: 520px; height: 768px;\" \/> <\/a> <div class=\"tiled-gallery-caption\" itemprop=\"caption description\"> Platydoris argo @ Costa Brava, Spain by Enric Madrenas <\/div> <\/div> <\/div> <!-- close group --> <div class=\"gallery-group images-3\" style=\"width: 376px; height: 772px;\" data-original-width=\"376\" data-original-height=\"772\" > <div class=\"tiled-gallery-item tiled-gallery-item-large\" itemprop=\"associatedMedia\" itemscope itemtype=\"http:\/\/schema.org\/ImageObject\"> <a href=\"https:\/\/opistobranquis.info\/ca\/guia\/nudibranchia\/doridina\/doridoidei\/doridoidea\/platydoris-argo\/platydoris-argo-2\/\" border=\"0\" itemprop=\"url\"> <meta itemprop=\"width\" content=\"372\"> <meta itemprop=\"height\" content=\"260\"> <img decoding=\"async\" class=\"\" data-attachment-id=\"4804\" data-orig-file=\"https:\/\/opistobranquis.info\/wp-content\/uploads\/2012\/12\/platydoris-argo-2.jpg\" data-orig-size=\"646,450\" data-comments-opened=\"\" data-image-title=\"Platydoris argo @ Costa Brava, Spain by Enric Madrenas\" data-image-description=\"&lt;p&gt;Platydoris argo @ Costa Brava, Spain by Enric Madrenas&lt;\/p&gt; \" data-medium-file=\"https:\/\/i0.wp.com\/opistobranquis.info\/wp-content\/uploads\/2012\/12\/platydoris-argo-2.jpg?fit=300%2C208&#038;ssl=1\" data-large-file=\"https:\/\/i0.wp.com\/opistobranquis.info\/wp-content\/uploads\/2012\/12\/platydoris-argo-2.jpg?fit=646%2C450&#038;ssl=1\" src=\"https:\/\/i0.wp.com\/opistobranquis.info\/wp-content\/uploads\/2012\/12\/platydoris-argo-2.jpg?w=372&#038;h=260&#038;ssl=1\" width=\"372\" height=\"260\" loading=\"lazy\" data-original-width=\"372\" data-original-height=\"260\" itemprop=\"http:\/\/schema.org\/image\" title=\"Platydoris argo @ Costa Brava, Spain by Enric Madrenas\" alt=\"Platydoris argo @ Costa Brava, Spain by Enric Madrenas\" style=\"width: 372px; height: 260px;\" \/> <\/a> <div class=\"tiled-gallery-caption\" itemprop=\"caption description\"> Platydoris argo @ Costa Brava, Spain by Enric Madrenas <\/div> <\/div> <div class=\"tiled-gallery-item tiled-gallery-item-large\" itemprop=\"associatedMedia\" itemscope itemtype=\"http:\/\/schema.org\/ImageObject\"> <a href=\"https:\/\/opistobranquis.info\/ca\/guia\/nudibranchia\/doridina\/doridoidei\/doridoidea\/platydoris-argo\/platydoris-argo-03\/\" border=\"0\" itemprop=\"url\"> <meta itemprop=\"width\" content=\"372\"> <meta itemprop=\"height\" content=\"250\"> <img decoding=\"async\" class=\"\" data-attachment-id=\"4805\" data-orig-file=\"https:\/\/opistobranquis.info\/wp-content\/uploads\/2012\/12\/platydoris-argo-03.jpg\" data-orig-size=\"646,434\" data-comments-opened=\"\" data-image-title=\"Platydoris argo @ Costa Brava, Spain by Enric Madrenas\" data-image-description=\"&lt;p&gt;Platydoris argo @ Costa Brava, Spain by Enric Madrenas&lt;\/p&gt; \" data-medium-file=\"https:\/\/i0.wp.com\/opistobranquis.info\/wp-content\/uploads\/2012\/12\/platydoris-argo-03.jpg?fit=300%2C201&#038;ssl=1\" data-large-file=\"https:\/\/i0.wp.com\/opistobranquis.info\/wp-content\/uploads\/2012\/12\/platydoris-argo-03.jpg?fit=646%2C434&#038;ssl=1\" src=\"https:\/\/i0.wp.com\/opistobranquis.info\/wp-content\/uploads\/2012\/12\/platydoris-argo-03.jpg?w=372&#038;h=250&#038;ssl=1\" srcset=\"https:\/\/i0.wp.com\/opistobranquis.info\/wp-content\/uploads\/2012\/12\/platydoris-argo-03.jpg?w=646&amp;ssl=1 646w, https:\/\/i0.wp.com\/opistobranquis.info\/wp-content\/uploads\/2012\/12\/platydoris-argo-03.jpg?resize=300%2C201&amp;ssl=1 300w\" width=\"372\" height=\"250\" loading=\"lazy\" data-original-width=\"372\" data-original-height=\"250\" itemprop=\"http:\/\/schema.org\/image\" title=\"Platydoris argo @ Costa Brava, Spain by Enric Madrenas\" alt=\"Platydoris argo @ Costa Brava, Spain by Enric Madrenas\" style=\"width: 372px; height: 250px;\" \/> <\/a> <div class=\"tiled-gallery-caption\" itemprop=\"caption description\"> Platydoris argo @ Costa Brava, Spain by Enric Madrenas <\/div> <\/div> <div class=\"tiled-gallery-item tiled-gallery-item-large\" itemprop=\"associatedMedia\" itemscope itemtype=\"http:\/\/schema.org\/ImageObject\"> <a href=\"https:\/\/opistobranquis.info\/ca\/guia\/nudibranchia\/doridina\/doridoidei\/doridoidea\/platydoris-argo\/platydoris-argo-07\/\" border=\"0\" itemprop=\"url\"> <meta itemprop=\"width\" content=\"372\"> <meta itemprop=\"height\" content=\"250\"> <img decoding=\"async\" class=\"\" data-attachment-id=\"4806\" data-orig-file=\"https:\/\/opistobranquis.info\/wp-content\/uploads\/2012\/12\/platydoris-argo-07.jpg\" data-orig-size=\"646,434\" data-comments-opened=\"\" data-image-title=\"Platydoris argo @ Costa Brava, Spain by Enric Madrenas\" data-image-description=\"&lt;p&gt;Platydoris argo @ Costa Brava, Spain by Enric Madrenas&lt;\/p&gt; \" data-medium-file=\"https:\/\/i0.wp.com\/opistobranquis.info\/wp-content\/uploads\/2012\/12\/platydoris-argo-07.jpg?fit=300%2C201&#038;ssl=1\" data-large-file=\"https:\/\/i0.wp.com\/opistobranquis.info\/wp-content\/uploads\/2012\/12\/platydoris-argo-07.jpg?fit=646%2C434&#038;ssl=1\" src=\"https:\/\/i0.wp.com\/opistobranquis.info\/wp-content\/uploads\/2012\/12\/platydoris-argo-07.jpg?w=372&#038;h=250&#038;ssl=1\" srcset=\"https:\/\/i0.wp.com\/opistobranquis.info\/wp-content\/uploads\/2012\/12\/platydoris-argo-07.jpg?w=646&amp;ssl=1 646w, https:\/\/i0.wp.com\/opistobranquis.info\/wp-content\/uploads\/2012\/12\/platydoris-argo-07.jpg?resize=300%2C201&amp;ssl=1 300w\" width=\"372\" height=\"250\" loading=\"lazy\" data-original-width=\"372\" data-original-height=\"250\" itemprop=\"http:\/\/schema.org\/image\" title=\"Platydoris argo @ Costa Brava, Spain by Enric Madrenas\" alt=\"Platydoris argo @ Costa Brava, Spain by Enric Madrenas\" style=\"width: 372px; height: 250px;\" \/> <\/a> <div class=\"tiled-gallery-caption\" itemprop=\"caption description\"> Platydoris argo @ Costa Brava, Spain by Enric Madrenas <\/div> <\/div> <\/div> <!-- close group --> <\/div> <!-- close row --> <div class=\"gallery-row\" style=\"width: 900px; height: 694px;\" data-original-width=\"900\" data-original-height=\"694\" > <div class=\"gallery-group images-3\" style=\"width: 336px; height: 694px;\" data-original-width=\"336\" data-original-height=\"694\" > <div class=\"tiled-gallery-item tiled-gallery-item-large\" itemprop=\"associatedMedia\" itemscope itemtype=\"http:\/\/schema.org\/ImageObject\"> <a href=\"https:\/\/opistobranquis.info\/ca\/guia\/nudibranchia\/doridina\/doridoidei\/doridoidea\/platydoris-argo\/platydoris-argo-08\/\" border=\"0\" itemprop=\"url\"> <meta itemprop=\"width\" content=\"332\"> <meta itemprop=\"height\" content=\"222\"> <img decoding=\"async\" class=\"\" data-attachment-id=\"4807\" data-orig-file=\"https:\/\/opistobranquis.info\/wp-content\/uploads\/2012\/12\/platydoris-argo-08.jpg\" data-orig-size=\"646,432\" data-comments-opened=\"\" data-image-title=\"Platydoris argo with egg spawn @ Costa Brava, Spain by Enric Madrenas\" data-image-description=\"&lt;p&gt;Platydoris argo with egg spawn @ Costa Brava, Spain by Enric Madrenas&lt;\/p&gt; \" data-medium-file=\"https:\/\/i0.wp.com\/opistobranquis.info\/wp-content\/uploads\/2012\/12\/platydoris-argo-08.jpg?fit=300%2C200&#038;ssl=1\" data-large-file=\"https:\/\/i0.wp.com\/opistobranquis.info\/wp-content\/uploads\/2012\/12\/platydoris-argo-08.jpg?fit=646%2C432&#038;ssl=1\" src=\"https:\/\/i0.wp.com\/opistobranquis.info\/wp-content\/uploads\/2012\/12\/platydoris-argo-08.jpg?w=332&#038;h=222&#038;ssl=1\" srcset=\"https:\/\/i0.wp.com\/opistobranquis.info\/wp-content\/uploads\/2012\/12\/platydoris-argo-08.jpg?w=646&amp;ssl=1 646w, https:\/\/i0.wp.com\/opistobranquis.info\/wp-content\/uploads\/2012\/12\/platydoris-argo-08.jpg?resize=300%2C200&amp;ssl=1 300w\" width=\"332\" height=\"222\" loading=\"lazy\" data-original-width=\"332\" data-original-height=\"222\" itemprop=\"http:\/\/schema.org\/image\" title=\"Platydoris argo with egg spawn @ Costa Brava, Spain by Enric Madrenas\" alt=\"Platydoris argo with egg spawn @ Costa Brava, Spain by Enric Madrenas\" style=\"width: 332px; height: 222px;\" \/> <\/a> <div class=\"tiled-gallery-caption\" itemprop=\"caption description\"> Platydoris argo with egg spawn @ Costa Brava, Spain by Enric Madrenas <\/div> <\/div> <div class=\"tiled-gallery-item tiled-gallery-item-large\" itemprop=\"associatedMedia\" itemscope itemtype=\"http:\/\/schema.org\/ImageObject\"> <a href=\"https:\/\/opistobranquis.info\/ca\/guia\/nudibranchia\/doridina\/doridoidei\/doridoidea\/platydoris-argo\/img_0114\/\" border=\"0\" itemprop=\"url\"> <meta itemprop=\"width\" content=\"332\"> <meta itemprop=\"height\" content=\"239\"> <img decoding=\"async\" class=\"\" data-attachment-id=\"19523\" data-orig-file=\"https:\/\/opistobranquis.info\/wp-content\/uploads\/2015\/05\/IMG_0114.jpg\" data-orig-size=\"800,575\" data-comments-opened=\"\" data-image-title=\"Platydoris argo (rhinophore detail) @ Mallorca by Lenka Juskani\u010dov\u00e1\" data-image-description=\"&lt;p&gt;Platydoris argo (rhinophore detail) @ Mallorca by Lenka Juskani\u010dov\u00e1&lt;\/p&gt; \" data-medium-file=\"https:\/\/i0.wp.com\/opistobranquis.info\/wp-content\/uploads\/2015\/05\/IMG_0114.jpg?fit=300%2C216&#038;ssl=1\" data-large-file=\"https:\/\/i0.wp.com\/opistobranquis.info\/wp-content\/uploads\/2015\/05\/IMG_0114.jpg?fit=800%2C575&#038;ssl=1\" src=\"https:\/\/i0.wp.com\/opistobranquis.info\/wp-content\/uploads\/2015\/05\/IMG_0114.jpg?w=332&#038;h=239&#038;ssl=1\" srcset=\"https:\/\/i0.wp.com\/opistobranquis.info\/wp-content\/uploads\/2015\/05\/IMG_0114.jpg?w=800&amp;ssl=1 800w, https:\/\/i0.wp.com\/opistobranquis.info\/wp-content\/uploads\/2015\/05\/IMG_0114.jpg?resize=150%2C108&amp;ssl=1 150w, https:\/\/i0.wp.com\/opistobranquis.info\/wp-content\/uploads\/2015\/05\/IMG_0114.jpg?resize=300%2C216&amp;ssl=1 300w\" width=\"332\" height=\"239\" loading=\"lazy\" data-original-width=\"332\" data-original-height=\"239\" itemprop=\"http:\/\/schema.org\/image\" title=\"Platydoris argo (rhinophore detail) @ Mallorca by Lenka Juskani\u010dov\u00e1\" alt=\"Platydoris argo (rhinophore detail) @ Mallorca by Lenka Juskani\u010dov\u00e1\" style=\"width: 332px; height: 239px;\" \/> <\/a> <div class=\"tiled-gallery-caption\" itemprop=\"caption description\"> Platydoris argo (rhinophore detail) @ Mallorca by Lenka Juskani\u010dov\u00e1 <\/div> <\/div> <div class=\"tiled-gallery-item tiled-gallery-item-large\" itemprop=\"associatedMedia\" itemscope itemtype=\"http:\/\/schema.org\/ImageObject\"> <a href=\"https:\/\/opistobranquis.info\/ca\/guia\/nudibranchia\/doridina\/doridoidei\/doridoidea\/platydoris-argo\/platydoris-argo-sicily-italy-by-lara-orselli-1\/\" border=\"0\" itemprop=\"url\"> <meta itemprop=\"width\" content=\"332\"> <meta itemprop=\"height\" content=\"221\"> <img decoding=\"async\" class=\"\" data-attachment-id=\"30826\" data-orig-file=\"https:\/\/opistobranquis.info\/wp-content\/uploads\/2020\/11\/Platydoris-argo-@-Sicily-Italy-by-Lara-Orselli-1.jpg\" data-orig-size=\"1280,853\" data-comments-opened=\"\" data-image-title=\"Platydoris argo @ Sicily, Italy by Lara Orselli\" data-image-description=\"&lt;p&gt;Platydoris argo @ Sicily, Italy by Lara Orselli&lt;\/p&gt; \" data-medium-file=\"https:\/\/i0.wp.com\/opistobranquis.info\/wp-content\/uploads\/2020\/11\/Platydoris-argo-%40-Sicily-Italy-by-Lara-Orselli-1.jpg?fit=300%2C200&#038;ssl=1\" data-large-file=\"https:\/\/i0.wp.com\/opistobranquis.info\/wp-content\/uploads\/2020\/11\/Platydoris-argo-%40-Sicily-Italy-by-Lara-Orselli-1.jpg?fit=900%2C599&#038;ssl=1\" src=\"https:\/\/i0.wp.com\/opistobranquis.info\/wp-content\/uploads\/2020\/11\/Platydoris-argo-%40-Sicily-Italy-by-Lara-Orselli-1.jpg?w=332&#038;h=221&#038;ssl=1\" width=\"332\" height=\"221\" loading=\"lazy\" data-original-width=\"332\" data-original-height=\"221\" itemprop=\"http:\/\/schema.org\/image\" title=\"Platydoris argo @ Sicily, Italy by Lara Orselli\" alt=\"Platydoris argo @ Sicily, Italy by Lara Orselli\" style=\"width: 332px; height: 221px;\" \/> <\/a> <div class=\"tiled-gallery-caption\" itemprop=\"caption description\"> Platydoris argo @ Sicily, Italy by Lara Orselli <\/div> <\/div> <\/div> <!-- close group --> <div class=\"gallery-group images-1\" style=\"width: 564px; height: 694px;\" data-original-width=\"564\" data-original-height=\"694\" > <div class=\"tiled-gallery-item tiled-gallery-item-large\" itemprop=\"associatedMedia\" itemscope itemtype=\"http:\/\/schema.org\/ImageObject\"> <a href=\"https:\/\/opistobranquis.info\/ca\/guia\/nudibranchia\/doridina\/doridoidei\/doridoidea\/platydoris-argo\/platydoris-argo-with-egg-spawn-eivissa-spain-by-joan-pereyra\/\" border=\"0\" itemprop=\"url\"> <meta itemprop=\"width\" content=\"560\"> <meta itemprop=\"height\" content=\"690\"> <img decoding=\"async\" class=\"\" data-attachment-id=\"31603\" data-orig-file=\"https:\/\/opistobranquis.info\/wp-content\/uploads\/2021\/02\/Platydoris-argo-with-egg-spawn-@-Eivissa-Spain-by-Joan-Pereyra.jpg\" data-orig-size=\"1038,1280\" data-comments-opened=\"\" data-image-title=\"Platydoris argo with egg spawn @ Eivissa, Spain by Joan Pereyra\" data-image-description=\"&lt;p&gt;Platydoris argo with egg spawn @ Eivissa, Spain by Joan Pereyra&lt;\/p&gt; \" data-medium-file=\"https:\/\/i0.wp.com\/opistobranquis.info\/wp-content\/uploads\/2021\/02\/Platydoris-argo-with-egg-spawn-%40-Eivissa-Spain-by-Joan-Pereyra.jpg?fit=243%2C300&#038;ssl=1\" data-large-file=\"https:\/\/i0.wp.com\/opistobranquis.info\/wp-content\/uploads\/2021\/02\/Platydoris-argo-with-egg-spawn-%40-Eivissa-Spain-by-Joan-Pereyra.jpg?fit=830%2C1024&#038;ssl=1\" src=\"https:\/\/i0.wp.com\/opistobranquis.info\/wp-content\/uploads\/2021\/02\/Platydoris-argo-with-egg-spawn-%40-Eivissa-Spain-by-Joan-Pereyra.jpg?w=560&#038;h=690&#038;ssl=1\" width=\"560\" height=\"690\" loading=\"lazy\" data-original-width=\"560\" data-original-height=\"690\" itemprop=\"http:\/\/schema.org\/image\" title=\"Platydoris argo with egg spawn @ Eivissa, Spain by Joan Pereyra\" alt=\"Platydoris argo with egg spawn @ Eivissa, Spain by Joan Pereyra\" style=\"width: 560px; height: 690px;\" \/> <\/a> <div class=\"tiled-gallery-caption\" itemprop=\"caption description\"> Platydoris argo with egg spawn @ Eivissa, Spain by Joan Pereyra <\/div> <\/div> <\/div> <!-- close group --> <\/div> <!-- close row --> <div class=\"gallery-row\" style=\"width: 900px; height: 391px;\" data-original-width=\"900\" data-original-height=\"391\" > <div class=\"gallery-group images-1\" style=\"width: 584px; height: 391px;\" data-original-width=\"584\" data-original-height=\"391\" > <div class=\"tiled-gallery-item tiled-gallery-item-large\" itemprop=\"associatedMedia\" itemscope itemtype=\"http:\/\/schema.org\/ImageObject\"> <a href=\"https:\/\/opistobranquis.info\/ca\/guia\/nudibranchia\/doridina\/doridoidei\/doridoidea\/platydoris-argo\/platydoris-argo-france-by-pascal-girard\/\" border=\"0\" itemprop=\"url\"> <meta itemprop=\"width\" content=\"580\"> <meta itemprop=\"height\" content=\"387\"> <img decoding=\"async\" class=\"\" data-attachment-id=\"32696\" data-orig-file=\"https:\/\/opistobranquis.info\/wp-content\/uploads\/2021\/08\/Platydoris-argo-@-France-by-Pascal-Girard.jpg\" data-orig-size=\"1080,720\" data-comments-opened=\"\" data-image-title=\"Platydoris argo @ France by Pascal Girard\" data-image-description=\"&lt;p&gt;Platydoris argo @ France by Pascal Girard&lt;\/p&gt; \" data-medium-file=\"https:\/\/i0.wp.com\/opistobranquis.info\/wp-content\/uploads\/2021\/08\/Platydoris-argo-%40-France-by-Pascal-Girard.jpg?fit=300%2C200&#038;ssl=1\" data-large-file=\"https:\/\/i0.wp.com\/opistobranquis.info\/wp-content\/uploads\/2021\/08\/Platydoris-argo-%40-France-by-Pascal-Girard.jpg?fit=900%2C600&#038;ssl=1\" src=\"https:\/\/i0.wp.com\/opistobranquis.info\/wp-content\/uploads\/2021\/08\/Platydoris-argo-%40-France-by-Pascal-Girard.jpg?w=580&#038;h=387&#038;ssl=1\" width=\"580\" height=\"387\" loading=\"lazy\" data-original-width=\"580\" data-original-height=\"387\" itemprop=\"http:\/\/schema.org\/image\" title=\"Platydoris argo @ France by Pascal Girard\" alt=\"Platydoris argo @ France by Pascal Girard\" style=\"width: 580px; height: 387px;\" \/> <\/a> <div class=\"tiled-gallery-caption\" itemprop=\"caption description\"> Platydoris argo @ France by Pascal Girard <\/div> <\/div> <\/div> <!-- close group --> <div class=\"gallery-group images-2\" style=\"width: 316px; height: 391px;\" data-original-width=\"316\" data-original-height=\"391\" > <div class=\"tiled-gallery-item tiled-gallery-item-large\" itemprop=\"associatedMedia\" itemscope itemtype=\"http:\/\/schema.org\/ImageObject\"> <a href=\"https:\/\/opistobranquis.info\/ca\/guia\/nudibranchia\/doridina\/doridoidei\/doridoidea\/platydoris-argo\/platydoris-argo-france-by-pascal-girard-2\/\" border=\"0\" itemprop=\"url\"> <meta itemprop=\"width\" content=\"312\"> <meta itemprop=\"height\" content=\"175\"> <img decoding=\"async\" class=\"\" data-attachment-id=\"36189\" data-orig-file=\"https:\/\/opistobranquis.info\/wp-content\/uploads\/2022\/12\/Platydoris-argo-@-France-by-Pascal-Girard.jpg\" data-orig-size=\"1280,720\" data-comments-opened=\"\" data-image-title=\"Platydoris argo trailing behaviour @ France by Pascal Girard\" data-image-description=\"&lt;p&gt;Platydoris argo trailing behaviour @ France by Pascal Girard&lt;\/p&gt; \" data-medium-file=\"https:\/\/i0.wp.com\/opistobranquis.info\/wp-content\/uploads\/2022\/12\/Platydoris-argo-%40-France-by-Pascal-Girard.jpg?fit=300%2C169&#038;ssl=1\" data-large-file=\"https:\/\/i0.wp.com\/opistobranquis.info\/wp-content\/uploads\/2022\/12\/Platydoris-argo-%40-France-by-Pascal-Girard.jpg?fit=900%2C506&#038;ssl=1\" src=\"https:\/\/i0.wp.com\/opistobranquis.info\/wp-content\/uploads\/2022\/12\/Platydoris-argo-%40-France-by-Pascal-Girard.jpg?w=312&#038;h=175&#038;ssl=1\" width=\"312\" height=\"175\" loading=\"lazy\" data-original-width=\"312\" data-original-height=\"175\" itemprop=\"http:\/\/schema.org\/image\" title=\"Platydoris argo trailing behaviour @ France by Pascal Girard\" alt=\"Platydoris argo trailing behaviour @ France by Pascal Girard\" style=\"width: 312px; height: 175px;\" \/> <\/a> <div class=\"tiled-gallery-caption\" itemprop=\"caption description\"> Platydoris argo trailing behaviour @ France by Pascal Girard <\/div> <\/div> <div class=\"tiled-gallery-item tiled-gallery-item-large\" itemprop=\"associatedMedia\" itemscope itemtype=\"http:\/\/schema.org\/ImageObject\"> <a href=\"https:\/\/opistobranquis.info\/ca\/guia\/nudibranchia\/doridina\/doridoidei\/doridoidea\/platydoris-argo\/platydoris-argo-in-trailing-behaviour-eivissa-by-joan-pereyra\/\" border=\"0\" itemprop=\"url\"> <meta itemprop=\"width\" content=\"312\"> <meta itemprop=\"height\" content=\"208\"> <img decoding=\"async\" class=\"\" data-attachment-id=\"36410\" data-orig-file=\"https:\/\/opistobranquis.info\/wp-content\/uploads\/2023\/01\/Platydoris-argo-in-trailing-behaviour-@-Eivissa-by-Joan-Pereyra.jpg\" data-orig-size=\"875,583\" data-comments-opened=\"\" data-image-title=\"Platydoris argo in trailing behaviour @ Eivissa by Joan Pereyra\" data-image-description=\"&lt;p&gt;Platydoris argo in trailing behaviour @ Eivissa by Joan Pereyra&lt;\/p&gt; \" data-medium-file=\"https:\/\/i0.wp.com\/opistobranquis.info\/wp-content\/uploads\/2023\/01\/Platydoris-argo-in-trailing-behaviour-%40-Eivissa-by-Joan-Pereyra.jpg?fit=300%2C200&#038;ssl=1\" data-large-file=\"https:\/\/i0.wp.com\/opistobranquis.info\/wp-content\/uploads\/2023\/01\/Platydoris-argo-in-trailing-behaviour-%40-Eivissa-by-Joan-Pereyra.jpg?fit=875%2C583&#038;ssl=1\" src=\"https:\/\/i0.wp.com\/opistobranquis.info\/wp-content\/uploads\/2023\/01\/Platydoris-argo-in-trailing-behaviour-%40-Eivissa-by-Joan-Pereyra.jpg?w=312&#038;h=208&#038;ssl=1\" width=\"312\" height=\"208\" loading=\"lazy\" data-original-width=\"312\" data-original-height=\"208\" itemprop=\"http:\/\/schema.org\/image\" title=\"Platydoris argo in trailing behaviour @ Eivissa by Joan Pereyra\" alt=\"Platydoris argo in trailing behaviour @ Eivissa by Joan Pereyra\" style=\"width: 312px; height: 208px;\" \/> <\/a> <div class=\"tiled-gallery-caption\" itemprop=\"caption description\"> Platydoris argo in trailing behaviour @ Eivissa by Joan Pereyra <\/div> <\/div> <\/div> <!-- close group --> <\/div> <!-- close row --> <div class=\"gallery-row\" style=\"width: 900px; height: 151px;\" data-original-width=\"900\" data-original-height=\"151\" > <div class=\"gallery-group images-1\" style=\"width: 225px; height: 151px;\" data-original-width=\"225\" data-original-height=\"151\" > <div class=\"tiled-gallery-item tiled-gallery-item-small\" itemprop=\"associatedMedia\" itemscope itemtype=\"http:\/\/schema.org\/ImageObject\"> <a href=\"https:\/\/opistobranquis.info\/ca\/guia\/nudibranchia\/doridina\/doridoidei\/doridoidea\/platydoris-argo\/platydoris-argo-by-miquel-pontes-_mpg3907\/\" border=\"0\" itemprop=\"url\"> <meta itemprop=\"width\" content=\"221\"> <meta itemprop=\"height\" content=\"147\"> <img decoding=\"async\" class=\"\" data-attachment-id=\"36690\" data-orig-file=\"https:\/\/opistobranquis.info\/wp-content\/uploads\/2023\/01\/Platydoris-argo-by-Miquel-Pontes-_MPG3907.jpg\" data-orig-size=\"1200,800\" data-comments-opened=\"\" data-image-title=\"Platydoris argo @ Costa Brava, Spain by Miquel Pontes\" data-image-description=\"&lt;p&gt;Platydoris argo @ Costa Brava, Spain by Miquel Pontes&lt;\/p&gt; \" data-medium-file=\"https:\/\/i0.wp.com\/opistobranquis.info\/wp-content\/uploads\/2023\/01\/Platydoris-argo-by-Miquel-Pontes-_MPG3907.jpg?fit=300%2C200&#038;ssl=1\" data-large-file=\"https:\/\/i0.wp.com\/opistobranquis.info\/wp-content\/uploads\/2023\/01\/Platydoris-argo-by-Miquel-Pontes-_MPG3907.jpg?fit=900%2C600&#038;ssl=1\" src=\"https:\/\/i0.wp.com\/opistobranquis.info\/wp-content\/uploads\/2023\/01\/Platydoris-argo-by-Miquel-Pontes-_MPG3907.jpg?w=221&#038;h=147&#038;ssl=1\" srcset=\"https:\/\/i0.wp.com\/opistobranquis.info\/wp-content\/uploads\/2023\/01\/Platydoris-argo-by-Miquel-Pontes-_MPG3907.jpg?w=1200&amp;ssl=1 1200w, https:\/\/i0.wp.com\/opistobranquis.info\/wp-content\/uploads\/2023\/01\/Platydoris-argo-by-Miquel-Pontes-_MPG3907.jpg?resize=300%2C200&amp;ssl=1 300w, https:\/\/i0.wp.com\/opistobranquis.info\/wp-content\/uploads\/2023\/01\/Platydoris-argo-by-Miquel-Pontes-_MPG3907.jpg?resize=1024%2C683&amp;ssl=1 1024w, https:\/\/i0.wp.com\/opistobranquis.info\/wp-content\/uploads\/2023\/01\/Platydoris-argo-by-Miquel-Pontes-_MPG3907.jpg?resize=150%2C100&amp;ssl=1 150w\" width=\"221\" height=\"147\" loading=\"lazy\" data-original-width=\"221\" data-original-height=\"147\" itemprop=\"http:\/\/schema.org\/image\" title=\"Platydoris argo @ Costa Brava, Spain by Miquel Pontes\" alt=\"Platydoris argo @ Costa Brava, Spain by Miquel Pontes\" style=\"width: 221px; height: 147px;\" \/> <\/a> <div class=\"tiled-gallery-caption\" itemprop=\"caption description\"> Platydoris argo @ Costa Brava, Spain by Miquel Pontes <\/div> <\/div> <\/div> <!-- close group --> <div class=\"gallery-group images-1\" style=\"width: 225px; height: 151px;\" data-original-width=\"225\" data-original-height=\"151\" > <div class=\"tiled-gallery-item tiled-gallery-item-small\" itemprop=\"associatedMedia\" itemscope itemtype=\"http:\/\/schema.org\/ImageObject\"> <a href=\"https:\/\/opistobranquis.info\/ca\/guia\/nudibranchia\/doridina\/doridoidei\/doridoidea\/platydoris-argo\/platydoris-argo-by-miquel-pontes-mpg_2098\/\" border=\"0\" itemprop=\"url\"> <meta itemprop=\"width\" content=\"221\"> <meta itemprop=\"height\" content=\"147\"> <img decoding=\"async\" class=\"\" data-attachment-id=\"36691\" data-orig-file=\"https:\/\/opistobranquis.info\/wp-content\/uploads\/2023\/01\/Platydoris-argo-by-Miquel-Pontes-MPG_2098.jpg\" data-orig-size=\"1200,797\" data-comments-opened=\"\" data-image-title=\"Platydoris argo @ Costa Brava, Spain by Miquel Pontes\" data-image-description=\"&lt;p&gt;Platydoris argo @ Costa Brava, Spain by Miquel Pontes&lt;\/p&gt; \" data-medium-file=\"https:\/\/i0.wp.com\/opistobranquis.info\/wp-content\/uploads\/2023\/01\/Platydoris-argo-by-Miquel-Pontes-MPG_2098.jpg?fit=300%2C199&#038;ssl=1\" data-large-file=\"https:\/\/i0.wp.com\/opistobranquis.info\/wp-content\/uploads\/2023\/01\/Platydoris-argo-by-Miquel-Pontes-MPG_2098.jpg?fit=900%2C598&#038;ssl=1\" src=\"https:\/\/i0.wp.com\/opistobranquis.info\/wp-content\/uploads\/2023\/01\/Platydoris-argo-by-Miquel-Pontes-MPG_2098.jpg?w=221&#038;h=147&#038;ssl=1\" srcset=\"https:\/\/i0.wp.com\/opistobranquis.info\/wp-content\/uploads\/2023\/01\/Platydoris-argo-by-Miquel-Pontes-MPG_2098.jpg?w=1200&amp;ssl=1 1200w, https:\/\/i0.wp.com\/opistobranquis.info\/wp-content\/uploads\/2023\/01\/Platydoris-argo-by-Miquel-Pontes-MPG_2098.jpg?resize=300%2C199&amp;ssl=1 300w, https:\/\/i0.wp.com\/opistobranquis.info\/wp-content\/uploads\/2023\/01\/Platydoris-argo-by-Miquel-Pontes-MPG_2098.jpg?resize=1024%2C680&amp;ssl=1 1024w, https:\/\/i0.wp.com\/opistobranquis.info\/wp-content\/uploads\/2023\/01\/Platydoris-argo-by-Miquel-Pontes-MPG_2098.jpg?resize=150%2C100&amp;ssl=1 150w\" width=\"221\" height=\"147\" loading=\"lazy\" data-original-width=\"221\" data-original-height=\"147\" itemprop=\"http:\/\/schema.org\/image\" title=\"Platydoris argo @ Costa Brava, Spain by Miquel Pontes\" alt=\"Platydoris argo @ Costa Brava, Spain by Miquel Pontes\" style=\"width: 221px; height: 147px;\" \/> <\/a> <div class=\"tiled-gallery-caption\" itemprop=\"caption description\"> Platydoris argo @ Costa Brava, Spain by Miquel Pontes <\/div> <\/div> <\/div> <!-- close group --> <div class=\"gallery-group images-1\" style=\"width: 225px; height: 151px;\" data-original-width=\"225\" data-original-height=\"151\" > <div class=\"tiled-gallery-item tiled-gallery-item-small\" itemprop=\"associatedMedia\" itemscope itemtype=\"http:\/\/schema.org\/ImageObject\"> <a href=\"https:\/\/opistobranquis.info\/ca\/guia\/nudibranchia\/doridina\/doridoidei\/doridoidea\/platydoris-argo\/platydoris-argo-by-miquel-pontes-mpg_6152\/\" border=\"0\" itemprop=\"url\"> <meta itemprop=\"width\" content=\"221\"> <meta itemprop=\"height\" content=\"147\"> <img decoding=\"async\" class=\"\" data-attachment-id=\"36692\" data-orig-file=\"https:\/\/opistobranquis.info\/wp-content\/uploads\/2023\/01\/Platydoris-argo-by-Miquel-Pontes-MPG_6152.jpg\" data-orig-size=\"1200,797\" data-comments-opened=\"\" data-image-title=\"Platydoris argo in trailing behavior @ Costa Brava, Spain by Miquel Pontes\" data-image-description=\"&lt;p&gt;Platydoris argo in trailing behavior @ Costa Brava, Spain by Miquel Pontes&lt;\/p&gt; \" data-medium-file=\"https:\/\/i0.wp.com\/opistobranquis.info\/wp-content\/uploads\/2023\/01\/Platydoris-argo-by-Miquel-Pontes-MPG_6152.jpg?fit=300%2C199&#038;ssl=1\" data-large-file=\"https:\/\/i0.wp.com\/opistobranquis.info\/wp-content\/uploads\/2023\/01\/Platydoris-argo-by-Miquel-Pontes-MPG_6152.jpg?fit=900%2C598&#038;ssl=1\" src=\"https:\/\/i0.wp.com\/opistobranquis.info\/wp-content\/uploads\/2023\/01\/Platydoris-argo-by-Miquel-Pontes-MPG_6152.jpg?w=221&#038;h=147&#038;ssl=1\" srcset=\"https:\/\/i0.wp.com\/opistobranquis.info\/wp-content\/uploads\/2023\/01\/Platydoris-argo-by-Miquel-Pontes-MPG_6152.jpg?w=1200&amp;ssl=1 1200w, https:\/\/i0.wp.com\/opistobranquis.info\/wp-content\/uploads\/2023\/01\/Platydoris-argo-by-Miquel-Pontes-MPG_6152.jpg?resize=300%2C199&amp;ssl=1 300w, https:\/\/i0.wp.com\/opistobranquis.info\/wp-content\/uploads\/2023\/01\/Platydoris-argo-by-Miquel-Pontes-MPG_6152.jpg?resize=1024%2C680&amp;ssl=1 1024w, https:\/\/i0.wp.com\/opistobranquis.info\/wp-content\/uploads\/2023\/01\/Platydoris-argo-by-Miquel-Pontes-MPG_6152.jpg?resize=150%2C100&amp;ssl=1 150w\" width=\"221\" height=\"147\" loading=\"lazy\" data-original-width=\"221\" data-original-height=\"147\" itemprop=\"http:\/\/schema.org\/image\" title=\"Platydoris argo in trailing behavior @ Costa Brava, Spain by Miquel Pontes\" alt=\"Platydoris argo in trailing behavior @ Costa Brava, Spain by Miquel Pontes\" style=\"width: 221px; height: 147px;\" \/> <\/a> <div class=\"tiled-gallery-caption\" itemprop=\"caption description\"> Platydoris argo in trailing behavior @ Costa Brava, Spain by Miquel Pontes <\/div> <\/div> <\/div> <!-- close group --> <div class=\"gallery-group images-1\" style=\"width: 225px; height: 151px;\" data-original-width=\"225\" data-original-height=\"151\" > <div class=\"tiled-gallery-item tiled-gallery-item-small\" itemprop=\"associatedMedia\" itemscope itemtype=\"http:\/\/schema.org\/ImageObject\"> <a href=\"https:\/\/opistobranquis.info\/ca\/guia\/nudibranchia\/doridina\/doridoidei\/doridoidea\/platydoris-argo\/olympus-digital-camera-305\/\" border=\"0\" itemprop=\"url\"> <meta itemprop=\"width\" content=\"221\"> <meta itemprop=\"height\" content=\"147\"> <img decoding=\"async\" class=\"\" data-attachment-id=\"36693\" data-orig-file=\"https:\/\/opistobranquis.info\/wp-content\/uploads\/2023\/01\/Platydoris-argo-by-Manuel-Ballesteros-P6066842-bis.jpg\" data-orig-size=\"1200,800\" data-comments-opened=\"\" data-image-title=\"Platydoris argo @ Costa Brava, Spain by Manuel Ballesteros\" data-image-description=\"&lt;p&gt;Platydoris argo @ Costa Brava, Spain by Manuel Ballesteros&lt;\/p&gt; \" data-medium-file=\"https:\/\/i0.wp.com\/opistobranquis.info\/wp-content\/uploads\/2023\/01\/Platydoris-argo-by-Manuel-Ballesteros-P6066842-bis.jpg?fit=300%2C200&#038;ssl=1\" data-large-file=\"https:\/\/i0.wp.com\/opistobranquis.info\/wp-content\/uploads\/2023\/01\/Platydoris-argo-by-Manuel-Ballesteros-P6066842-bis.jpg?fit=900%2C600&#038;ssl=1\" src=\"https:\/\/i0.wp.com\/opistobranquis.info\/wp-content\/uploads\/2023\/01\/Platydoris-argo-by-Manuel-Ballesteros-P6066842-bis.jpg?w=221&#038;h=147&#038;ssl=1\" srcset=\"https:\/\/i0.wp.com\/opistobranquis.info\/wp-content\/uploads\/2023\/01\/Platydoris-argo-by-Manuel-Ballesteros-P6066842-bis.jpg?w=1200&amp;ssl=1 1200w, https:\/\/i0.wp.com\/opistobranquis.info\/wp-content\/uploads\/2023\/01\/Platydoris-argo-by-Manuel-Ballesteros-P6066842-bis.jpg?resize=300%2C200&amp;ssl=1 300w, https:\/\/i0.wp.com\/opistobranquis.info\/wp-content\/uploads\/2023\/01\/Platydoris-argo-by-Manuel-Ballesteros-P6066842-bis.jpg?resize=1024%2C683&amp;ssl=1 1024w, https:\/\/i0.wp.com\/opistobranquis.info\/wp-content\/uploads\/2023\/01\/Platydoris-argo-by-Manuel-Ballesteros-P6066842-bis.jpg?resize=150%2C100&amp;ssl=1 150w\" width=\"221\" height=\"147\" loading=\"lazy\" data-original-width=\"221\" data-original-height=\"147\" itemprop=\"http:\/\/schema.org\/image\" title=\"Platydoris argo @ Costa Brava, Spain by Manuel Ballesteros\" alt=\"Platydoris argo @ Costa Brava, Spain by Manuel Ballesteros\" style=\"width: 221px; height: 147px;\" \/> <\/a> <div class=\"tiled-gallery-caption\" itemprop=\"caption description\"> Platydoris argo @ Costa Brava, Spain by Manuel Ballesteros <\/div> <\/div> <\/div> <!-- close group --> <\/div> <!-- close row --> <\/div><\/p>\n<p><p><strong>Bibliografia<\/strong><\/p><ul><div id=\"zotpress-b593738597041beb9d6e6ae7f490cc5a\" class=\"zp-Zotpress zp-Zotpress-Bib wp-block-group\">\n\n\t\t<span class=\"ZP_API_USER_ID ZP_ATTR\">1246567<\/span>\n\t\t<span class=\"ZP_ITEM_KEY ZP_ATTR\"><\/span>\n\t\t<span class=\"ZP_COLLECTION_ID ZP_ATTR\"><\/span>\n\t\t<span class=\"ZP_TAG_ID ZP_ATTR\">Platydoris argo<\/span>\n\t\t<span class=\"ZP_AUTHOR ZP_ATTR\"><\/span>\n\t\t<span class=\"ZP_YEAR ZP_ATTR\"><\/span>\n        <span class=\"ZP_ITEMTYPE ZP_ATTR\"><\/span>\n\t\t<span class=\"ZP_INCLUSIVE ZP_ATTR\">1<\/span>\n\t\t<span class=\"ZP_STYLE ZP_ATTR\">eunomia-revista-en-cultura-de-la-legalidad<\/span>\n\t\t<span class=\"ZP_LIMIT ZP_ATTR\">50<\/span>\n\t\t<span class=\"ZP_SORTBY ZP_ATTR\">creator<\/span>\n\t\t<span class=\"ZP_ORDER ZP_ATTR\">asc<\/span>\n\t\t<span class=\"ZP_TITLE ZP_ATTR\"><\/span>\n\t\t<span class=\"ZP_SHOWIMAGE ZP_ATTR\"><\/span>\n\t\t<span class=\"ZP_SHOWTAGS ZP_ATTR\"><\/span>\n\t\t<span class=\"ZP_DOWNLOADABLE ZP_ATTR\"><\/span>\n\t\t<span class=\"ZP_NOTES ZP_ATTR\"><\/span>\n\t\t<span class=\"ZP_ABSTRACT ZP_ATTR\"><\/span>\n\t\t<span class=\"ZP_CITEABLE ZP_ATTR\"><\/span>\n\t\t<span class=\"ZP_TARGET ZP_ATTR\">1<\/span>\n\t\t<span class=\"ZP_URLWRAP ZP_ATTR\"><\/span>\n\t\t<span class=\"ZP_FORCENUM ZP_ATTR\"><\/span>\n        <span class=\"ZP_HIGHLIGHT ZP_ATTR\"><\/span>\n        <span class=\"ZP_POSTID ZP_ATTR\">509<\/span>\n\t\t<span class=\"ZOTPRESS_PLUGIN_URL ZP_ATTR\">https:\/\/opistobranquis.info\/wp-content\/plugins\/zotpress\/<\/span>\n\n\t\t<div class=\"zp-List loading\">\n\t\t\t<div class=\"zp-SEO-Content\">\n\n\t\t\t<\/div><!-- .zp-zp-SEO-Content -->\n\t\t<\/div><!-- .zp-List -->\n\t<\/div><!--.zp-Zotpress-->\n\n<p><\/p>Bibliografia basada en els treballs de <b>Steve Long, 2006<\/b>. <a target=_blank href=https:\/\/opistobranquis.info\/wp-content\/uploads\/2016\/06\/Long-S.-2006-Bibliography-of-Opisthobranchia-1554-2000.pdf>Bibliography of Opisthobranchia 1554-2000<\/a> i <b>Gary McDonald, 2009<\/b>. <a href=http:\/\/escholarship.org\/uc\/item\/8115h0wz>Bibliographia Nudibranchia<\/a>, amb actualitzacions posteriors procedents d\u00b4altres fonts.<p><\/p><\/ul><p><\/p><p><strong>M\u00e9s informaci\u00f3<\/strong><\/p><span style=\"font-size:10pt\"><ul><ul class=\"blogroll-links\"><li><a href=\"http:\/\/www.biodiversitylibrary.org\/name\/Platydoris%20argo\">Biodiversity Heritage Library<\/a><\/li><li><a href=\"http:\/\/www.biologiamarina.org\/wp\/doride-argo\/\">BiologiaMarina.org<\/a><\/li><li><a href=\"http:\/\/www.cibsub.com\/bioespecie_es-platydoris_argo-27833\">CIB - Club Immersio Biologia<\/a><\/li><li><a href=\"http:\/\/doris.ffessm.fr\/fiche2.asp?fiche_numero=635\">DORIS<\/a><\/li><li><a href=\"https:\/\/litoraldegranada.ugr.es\/el-litoral\/el-litoral-sumergido\/fauna\/moluscos\/gasteropodos\/opistobranquios\/orden-nudibranchia\/doridaceos\/doridoideos\/platydoris-argo\/\">El Litoral de Granada<\/a><\/li><li><a href=\"https:\/\/www.flickr.com\/search\/?text=Platydoris%20argo\">Flickr pictures<\/a><\/li><li><a href=\"http:\/\/www.opistobranquis.org\/ca\/guia\/105\">GROC<\/a><\/li><li><a href=\"http:\/\/www.irmng.org\/aphia.php?p=taxlist&#038;tName=Platydoris%20argo\">Interim Register of Marine and Nonmarine Genera<\/a><\/li><li><a href=\"http:\/\/marenostrum.org\/vidamarina\/animalia\/invertebrados\/moluscos\/gasteropodos\/opistobranquios\/pargo\/index.htm\">M@re Nostrum<\/a><\/li><li><a href=\"https:\/\/web.archive.org\/web\/20250116074557\/http:\/\/medslugs.de\/E\/Med\/Platydoris_argo\/Selection.htm\">MedSlugs (Med)<\/a><\/li><li><a href=\"http:\/\/www.ncbi.nlm.nih.gov\/Taxonomy\/Browser\/wwwtax.cgi?mode=Undef&#038;name=Platydoris%20argo&#038;lvl=0&#038;srchmode=1\">NCBI GenBank<\/a><\/li><li><a href=\"http:\/\/iobis.org\/mapper\/?taxon=Platydoris%20argo\">OBIS - Search by Taxon<\/a><\/li><li><a href=\"http:\/\/www.seaslugforum.net\/showall\/platargo\">Sea Slug Forum<\/a><\/li><li><a href=\"http:\/\/slugsite.us\/bow\/wirtz98\/p_4_5.htm\">The SlugSite<\/a><\/li><li><a href=\"http:\/\/slugsite.us\/bow\/wirtz\/wirtz19.htm\">The SlugSite<\/a><\/li><li><a href=\"http:\/\/www.marinespecies.org\/aphia.php?p=taxdetails&#038;id=140792\">World Register of Marine Species<\/a><\/li><\/ul><\/ul><\/span><p><strong>Citeu aquest article com: <\/strong><\/p><div style=\"display: block; background: #444444; padding: 10px 30px 10px 10px; border-radius: 5px; line-height: 18px;\"><p class=\"citacio\"><b>Ballesteros, M., Madrenas, E. &#38; Pontes, M.<\/b> (2025) <em>\"Platydoris argo\"<\/em> a <em>OPK-Opistobranquis<\/em>. Publicat: 16\/05\/2012. Accedit: 04\/09\/2026. Disponible a (<a href=https:\/\/opistobranquis.info\/ca\/?p=509>https:\/\/opistobranquis.info\/ca\/?p=509<\/a>)<\/p><p><\/p><\/div><p><\/p><\/p>","protected":false},"excerpt":{"rendered":"<p>Platydoris argo (Linn\u00e9, 1767) Sin\u00f2nims Doris argo Linnaeus, 1767\u00a0(original) Doris canariensis d&#8217;Orbigny, 1839 Doris infravalvata Abraham, 1877 Doris subtumida Abraham, 1877\u00a0 Platydoris dura Pruvot-Fol, 1951 Platydoris philippi Bergh, 1877 Descripci\u00f3 Els majors exemplars d&#8217;aquesta esp\u00e8cie poden arribar a uns 10 cm de longitud. El cos \u00e9s molt pla (al que fa refer\u00e8ncia el nom del g\u00e8nere) i de consist\u00e8ncia cori\u00e0cia. El color del dors \u00e9s marr\u00f3-vermell\u00f3s gaireb\u00e9 uniforme, podent haver\u2026<\/p>\n<p class=\"continue-reading-button\"> <a class=\"continue-reading-link\" href=\"https:\/\/opistobranquis.info\/ca\/guia\/nudibranchia\/doridina\/doridoidei\/doridoidea\/platydoris-argo\/\">Continua llegint<i class=\"crycon-right-dir\"><\/i><\/a><\/p>\n","protected":false},"author":291,"featured_media":4803,"parent":26109,"menu_order":35,"comment_status":"closed","ping_status":"closed","template":"","meta":{"footnotes":""},"class_list":["post-509","page","type-page","status-publish","has-post-thumbnail","hentry"],"jetpack_sharing_enabled":true,"_links":{"self":[{"href":"https:\/\/opistobranquis.info\/ca\/wp-json\/wp\/v2\/pages\/509","targetHints":{"allow":["GET"]}}],"collection":[{"href":"https:\/\/opistobranquis.info\/ca\/wp-json\/wp\/v2\/pages"}],"about":[{"href":"https:\/\/opistobranquis.info\/ca\/wp-json\/wp\/v2\/types\/page"}],"author":[{"embeddable":true,"href":"https:\/\/opistobranquis.info\/ca\/wp-json\/wp\/v2\/users\/291"}],"replies":[{"embeddable":true,"href":"https:\/\/opistobranquis.info\/ca\/wp-json\/wp\/v2\/comments?post=509"}],"version-history":[{"count":6,"href":"https:\/\/opistobranquis.info\/ca\/wp-json\/wp\/v2\/pages\/509\/revisions"}],"predecessor-version":[{"id":35986,"href":"https:\/\/opistobranquis.info\/ca\/wp-json\/wp\/v2\/pages\/509\/revisions\/35986"}],"up":[{"embeddable":true,"href":"https:\/\/opistobranquis.info\/ca\/wp-json\/wp\/v2\/pages\/26109"}],"wp:featuredmedia":[{"embeddable":true,"href":"https:\/\/opistobranquis.info\/ca\/wp-json\/wp\/v2\/media\/4803"}],"wp:attachment":[{"href":"https:\/\/opistobranquis.info\/ca\/wp-json\/wp\/v2\/media?parent=509"}],"curies":[{"name":"wp","href":"https:\/\/api.w.org\/{rel}","templated":true}]}}