{"id":511,"date":"2012-05-16T19:17:29","date_gmt":"2012-05-16T17:17:29","guid":{"rendered":"https:\/\/opistobranquis.info\/phyllidia-flavaphyllidia-flavaphyllidia-flava"},"modified":"2021-04-24T19:06:39","modified_gmt":"2021-04-24T17:06:39","slug":"phyllidia-flava","status":"publish","type":"page","link":"https:\/\/opistobranquis.info\/ca\/guia\/nudibranchia\/doridina\/doridoidei\/phyllidioidea\/phyllidia-flava\/","title":{"rendered":"Phyllidia flava"},"content":{"rendered":"<p><\/p>\n<h3><em>Phyllidia flava <\/em>Aradas, 1847<\/h3>\n<p><span style=\"font-size:10pt;\" class=\"aligncenter\"><div id=\"featured-img-id\"><img data-recalc-dims=\"1\" decoding=\"async\" src=\"https:\/\/i0.wp.com\/opistobranquis.info\/wp-content\/uploads\/2012\/12\/phyllidia-flava-01-cut.jpg?w=900&#038;ssl=1\" alt=\"Phyllidia flava by Enric Madrenas\" \/><\/div><center><em>Phyllidia flava<\/em> per Enric Madrenas<\/center><\/span><p><\/p><div class=\"opk-worms\"><h3>Informaci\u00f3 taxon\u00f2mica WoRMS<\/h3><div class=\"opk-success\">Nom acceptat actual: <strong><em>Phyllidia flava<\/em> Aradas, 1847<\/strong><\/div><h4>Classificaci\u00f3 actual<\/h4><table class=\"widefat striped\"><tr><th>Superdomain<\/th><td><a target=\"_blank\" href=\"https:\/\/www.marinespecies.org\/aphia.php?p=taxdetails&id=1\">Biota<\/a><\/td><\/tr><tr><th>Kingdom<\/th><td><a target=\"_blank\" href=\"https:\/\/www.marinespecies.org\/aphia.php?p=taxdetails&id=2\">Animalia<\/a><\/td><\/tr><tr><th>Phylum<\/th><td><a target=\"_blank\" href=\"https:\/\/www.marinespecies.org\/aphia.php?p=taxdetails&id=51\">Mollusca<\/a><\/td><\/tr><tr><th>Class<\/th><td><a target=\"_blank\" href=\"https:\/\/www.marinespecies.org\/aphia.php?p=taxdetails&id=101\">Gastropoda<\/a><\/td><\/tr><tr><th>Subclass<\/th><td><a target=\"_blank\" href=\"https:\/\/www.marinespecies.org\/aphia.php?p=taxdetails&id=14712\">Heterobranchia<\/a><\/td><\/tr><tr><th>Infraclass<\/th><td><a target=\"_blank\" href=\"https:\/\/www.marinespecies.org\/aphia.php?p=taxdetails&id=1057247\">Euthyneura<\/a><\/td><\/tr><tr><th>Subterclass<\/th><td><a target=\"_blank\" href=\"https:\/\/www.marinespecies.org\/aphia.php?p=taxdetails&id=1057249\">Ringipleura<\/a><\/td><\/tr><tr><th>Superorder<\/th><td><a target=\"_blank\" href=\"https:\/\/www.marinespecies.org\/aphia.php?p=taxdetails&id=411966\">Nudipleura<\/a><\/td><\/tr><tr><th>Order<\/th><td><a target=\"_blank\" href=\"https:\/\/www.marinespecies.org\/aphia.php?p=taxdetails&id=1762\">Nudibranchia<\/a><\/td><\/tr><tr><th>Suborder<\/th><td><a target=\"_blank\" href=\"https:\/\/www.marinespecies.org\/aphia.php?p=taxdetails&id=1829294\">Doridida<\/a><\/td><\/tr><tr><th>Infraorder<\/th><td><a target=\"_blank\" href=\"https:\/\/www.marinespecies.org\/aphia.php?p=taxdetails&id=246038\">Doridoidei<\/a><\/td><\/tr><tr><th>Superfamily<\/th><td><a target=\"_blank\" href=\"https:\/\/www.marinespecies.org\/aphia.php?p=taxdetails&id=412563\">Phyllidioidea<\/a><\/td><\/tr><tr><th>Family<\/th><td><a target=\"_blank\" href=\"https:\/\/www.marinespecies.org\/aphia.php?p=taxdetails&id=23093\">Phyllidiidae<\/a><\/td><\/tr><tr><th>Genus<\/th><td><a target=\"_blank\" href=\"https:\/\/www.marinespecies.org\/aphia.php?p=taxdetails&id=138347\"><em>Phyllidia<\/em><\/a><\/td><\/tr><tr><th>Species<\/th><td><a target=\"_blank\" href=\"https:\/\/www.marinespecies.org\/aphia.php?p=taxdetails&id=140774\"><em>Phyllidia flava<\/em> Aradas, 1847<\/a><\/td><\/tr><\/table><p class=\"footer\">Classificaci\u00f3 proporcionada pel World Register of Marine Species (WoRMS). [<a target=\"_blank\" href=\"https:\/\/www.marinespecies.org\/aphia.php?p=taxdetails&id=140774\">140774<\/a>]<\/p><\/div><strong>Sin\u00f2nims<\/strong><\/p>\n<ul>\n<li><span id=\"aphia_ct_tu_536621\"><i>Phyllidia aurata<\/i> Pruvot-Fol, 1952<\/span><\/li>\n<li><span id=\"aphia_ct_tu_749848\"><i>Phyllidia depressa<\/i> Aradas, 1847<\/span><\/li>\n<li><span id=\"aphia_ct_tu_536619\"><i>Phyllidia papillosa<\/i> Aradas, 1847<\/span><\/li>\n<li><span id=\"aphia_ct_tu_536622\"><i>Phyllidia pulitzeri<\/i> Pruvot-Fol, 1962<\/span><\/li>\n<li><span id=\"aphia_ct_tu_536620\"><i>Phyllidia rolandiae<\/i> Pruvot-Fol, 1951<\/span><\/li>\n<\/ul>\n<p><strong>Descripci\u00f3<br \/>\n<\/strong>Els exemplars d&#8217;aquesta interessant esp\u00e8cie mesuren al voltant de 20-30 mm de longitud. Es tracta d&#8217;una esp\u00e8cie inconfusible per la seva coloraci\u00f3 groc llimona i pels tubercles del dors que s\u00f3n de dos tipus: uns m\u00e9s grans, blancs i arrodonits i altres m\u00e9s petits, c\u00f2nics i de color com el cos i m\u00e9s abundants a la zona posterior del dors. Es coneixen tamb\u00e9 exemplars albins. Els rin\u00f2fors s\u00f3n completament retr\u00e0ctils, petits, de color marr\u00f3 ataronjat i tenen unes 10-13 laminetes. La beina rinof\u00f2rica disposa de dos petits tubercles. No hi ha fulles branquials al voltant de la papil\u00b7la anal, que est\u00e0 en posici\u00f3 posterior en el mantell i est\u00e0 envoltada de 4 petits tubercles c\u00f2nics. Les fulles branquials es troben a la cara inferior del mantell, entre aquest i les parets laterals del peu, a banda i banda del cos. Les fulles branquials s\u00f3n nombroses, petites i triangulars, alternant-se una mica m\u00e9s petita amb una altra una mica m\u00e9s gran. S\u00f3n de color groc com el cos. Per sota del mantell es poden apreciar de 10-15 gl\u00e0ndules MDF&#8217;s de color blanc. El peu \u00e9s de color ataronjat suau, estret, amb la part anterior arrodonida i la posterior afilada. La boca disposa d&#8217;un parell de palps labials triangulars, amples i de color groc.<\/p>\n<p><strong>Biologia<br \/>\n<\/strong>Es tracta d&#8217;una esp\u00e8cie poc freq\u00fcent a la Mediterr\u00e0nia occidental, ocasionalment abundant en determinats llocs i anys, generalment per sota dels 20 metres de fond\u00e0ria, on sol trobar-se en fons coral\u00b7l\u00edgens sobre esponges com <em>Axinella cannabina<\/em>, <em>A. polypoides<\/em> i <em>Acanthella acuta<\/em>. S&#8217;ha comprovat que s&#8217;alimenta d&#8217;aquesta \u00faltima. Els exemplars de <em>P. flava<\/em> fan una olor molt caracter\u00edstica i, quan s\u00f3n molestats, segreguen una subst\u00e0ncia blanquinosa de missi\u00f3 antidepredant i d&#8217;estructura sesquiterpeno\u00efde (W\u00e4gele et al. 2006). La posta \u00e9s una cinta relativament ample enrotllada en espiral i amb ous de color ataronjat disposada de forma plana sobre el substrat.<\/p>\n<p><strong>Etimologia<\/strong><\/p>\n<ul>\n<li><em>Phyllidia. <\/em>Del Grec<em>\u00a0<\/em>&#8220;Phyllon&#8221;, fulla\u00a0+ &#8220;e\u00eedos&#8221;, amb aspecte de, amb forma de.<\/li>\n<li><em>Flava<\/em>. Del Llat\u00ed &#8220;flavus&#8221;, groc, daurat.<\/li>\n<\/ul>\n<p><strong>Distribuci\u00f3<br \/>\n<\/strong>Inicialment es creia end\u00e8mica de la Mediterr\u00e0nia, per\u00f2 tamb\u00e9 s\u2019ha citat a les A\u00e7ores (Hart &amp; Wirtz, 2013), Madeira (Wirtz, 2016), les Illes Can\u00e0ries (Casa\u00f1as et al. 1996; Ortea et al., 2001) i Cap Verde (Wirtz, 2009). A la pen\u00ednsula Ib\u00e8rica nom\u00e9s s\u2019ha citat a la costa catalana, les Illes Balears (Cervera et al., 2004) i a Granada (Luis S\u00e1nchez Tocino, com. pers.). <div id=\"flxmap-6a9a784cc62b0\" class='flxmap-container' data-flxmap='flxmap_6a9a784cc62b0' style=\"width:100%;height:400px;\"><\/div>\n<script data-noptimize=\"1\">\n\/* <![CDATA[ *\/\n(function(w, fn) {\n if (w.addEventListener) w.addEventListener(\"DOMContentLoaded\", fn, false);\n else if (w.attachEvent) w.attachEvent(\"onload\", fn);\n})(window, function() {\n var f = new FlexibleMap();\n f.panControl = true;\n f.mapTypeId = \"satellite\";\n f.setlocale(\"ca-ES\");\n f.kmlcache = \"5 minutes\";\n f.showKML(\"flxmap-6a9a784cc62b0\", \"https:\/\/opistobranquis.info\/wp-content\/uploads\/kms\/511.kmz\");\n window.flxmap_6a9a784cc62b0 = f;\n});\n\/* ]]> *\/\n<\/script>\n<div style=\"width:100%;text-align:center;margin:12px 0 4px 0;\">\n  <div style=\"font-size:8pt;margin-bottom:6px;\">Cites georeferenciades conegudes de l'esp\u00e8cie: <em>Phyllidia flava<\/em><\/div>\n  <table style=\"margin:0 auto;border-collapse:collapse;font-size:8pt;\">\n    <tr><td colspan=\"2\" style=\"text-align:left;padding-bottom:4px;\"><strong>Fonts:<\/strong><\/td><\/tr>\n    <tr>\n      <td style=\"vertical-align:top;padding-right:40px;\">\n        <table style=\"border-collapse:collapse;\">\n<tr><td style='padding:1px 6px 1px 0;vertical-align:middle'><img data-recalc-dims=\"1\" src=\"https:\/\/i0.wp.com\/opistobranquis.info\/wp-content\/uploads\/kms\/wht-circle-lv.png?w=900&#038;ssl=1\" style='display:block'><\/td><td style='padding:1px 0;vertical-align:middle;white-space:nowrap'>OBIS<\/td><\/tr><tr><td style='padding:1px 6px 1px 0;vertical-align:middle'><img data-recalc-dims=\"1\" src=\"https:\/\/i0.wp.com\/opistobranquis.info\/wp-content\/uploads\/kms\/ylw-circle-lv.png?w=900&#038;ssl=1\" style='display:block'><\/td><td style='padding:1px 0;vertical-align:middle;white-space:nowrap'>GROC 2010-2011<\/td><\/tr><tr><td style='padding:1px 6px 1px 0;vertical-align:middle'><img data-recalc-dims=\"1\" src=\"https:\/\/i0.wp.com\/opistobranquis.info\/wp-content\/uploads\/kms\/grn-circle-lv.png?w=900&#038;ssl=1\" style='display:block'><\/td><td style='padding:1px 0;vertical-align:middle;white-space:nowrap'>Enric Madrenas<\/td><\/tr><tr><td style='padding:1px 6px 1px 0;vertical-align:middle'><img data-recalc-dims=\"1\" src=\"https:\/\/i0.wp.com\/opistobranquis.info\/wp-content\/uploads\/kms\/orange-circle-lv.png?w=900&#038;ssl=1\" style='display:block'><\/td><td style='padding:1px 0;vertical-align:middle;white-space:nowrap'>Jo\u00e3o Pedro Silva<\/td><\/tr><tr><td style='padding:1px 6px 1px 0;vertical-align:middle'><img data-recalc-dims=\"1\" src=\"https:\/\/i0.wp.com\/opistobranquis.info\/wp-content\/uploads\/kms\/pink-circle-lv.png?w=900&#038;ssl=1\" style='display:block'><\/td><td style='padding:1px 0;vertical-align:middle;white-space:nowrap'>Bernard Picton<\/td><\/tr><tr><td style='padding:1px 6px 1px 0;vertical-align:middle'><img data-recalc-dims=\"1\" src=\"https:\/\/i0.wp.com\/opistobranquis.info\/wp-content\/uploads\/kms\/blk-circle-lv.png?w=900&#038;ssl=1\" style='display:block'><\/td><td style='padding:1px 0;vertical-align:middle;white-space:nowrap'>GBIF<\/td><\/tr>        <\/table>\n      <\/td>\n      <td style=\"vertical-align:top;\">\n        <table style=\"border-collapse:collapse;\">\n<tr><td style='padding:1px 6px 1px 0;vertical-align:middle'><img data-recalc-dims=\"1\" src=\"https:\/\/i0.wp.com\/opistobranquis.info\/wp-content\/uploads\/kms\/purple-circle-lv.png?w=900&#038;ssl=1\" style='display:block'><\/td><td style='padding:1px 0;vertical-align:middle;white-space:nowrap'>OPK<\/td><\/tr><tr><td style='padding:1px 6px 1px 0;vertical-align:middle'><img data-recalc-dims=\"1\" src=\"https:\/\/i0.wp.com\/opistobranquis.info\/wp-content\/uploads\/kms\/red-circle-lv.png?w=900&#038;ssl=1\" style='display:block'><\/td><td style='padding:1px 0;vertical-align:middle;white-space:nowrap'>VIMAR<\/td><\/tr><tr><td style='padding:1px 6px 1px 0;vertical-align:middle'><img data-recalc-dims=\"1\" src=\"https:\/\/i0.wp.com\/opistobranquis.info\/wp-content\/uploads\/kms\/blu-circle-lv.png?w=900&#038;ssl=1\" style='display:block'><\/td><td style='padding:1px 0;vertical-align:middle;white-space:nowrap'>Manuel Ballesteros<\/td><\/tr><tr><td style='padding:1px 6px 1px 0;vertical-align:middle'><img data-recalc-dims=\"1\" src=\"https:\/\/i0.wp.com\/opistobranquis.info\/wp-content\/uploads\/kms\/cyan-circle-lv.png?w=900&#038;ssl=1\" style='display:block'><\/td><td style='padding:1px 0;vertical-align:middle;white-space:nowrap'>M@re Nostrum<\/td><\/tr><tr><td style='padding:1px 6px 1px 0;vertical-align:middle'><img data-recalc-dims=\"1\" src=\"https:\/\/i0.wp.com\/opistobranquis.info\/wp-content\/uploads\/kms\/grey-circle-lv.png?w=900&#038;ssl=1\" style='display:block'><\/td><td style='padding:1px 0;vertical-align:middle;white-space:nowrap'>Altres fonts<\/td><\/tr><tr><td style='padding:1px 6px 1px 0;vertical-align:middle'><img data-recalc-dims=\"1\" src=\"https:\/\/i0.wp.com\/opistobranquis.info\/wp-content\/uploads\/kms\/marreg.png?w=900&#038;ssl=1\" style='display:block'><\/td><td style='padding:1px 0;vertical-align:middle;white-space:nowrap'>Marine Regions<\/td><\/tr>        <\/table>\n      <\/td>\n    <\/tr>\n  <\/table>\n<\/div>\n<\/p>\n<p><strong>Error:<\/strong> Chart.js no est\u00e1 disponible.<\/p>\n<p><strong>Altres fotos<\/strong><br \/>\n<div class=\"tiled-gallery type-rectangular tiled-gallery-unresized\" data-original-width=\"900\" data-carousel-extra='{&quot;blog_id&quot;:1,&quot;permalink&quot;:&quot;https:\\\/\\\/opistobranquis.info\\\/ca\\\/guia\\\/nudibranchia\\\/doridina\\\/doridoidei\\\/phyllidioidea\\\/phyllidia-flava\\\/&quot;,&quot;likes_blog_id&quot;:44192421}' itemscope itemtype=\"http:\/\/schema.org\/ImageGallery\" > <div class=\"gallery-row\" style=\"width: 900px; height: 649px;\" data-original-width=\"900\" data-original-height=\"649\" > <div class=\"gallery-group images-1\" style=\"width: 461px; height: 649px;\" data-original-width=\"461\" data-original-height=\"649\" > <div class=\"tiled-gallery-item tiled-gallery-item-large\" itemprop=\"associatedMedia\" itemscope itemtype=\"http:\/\/schema.org\/ImageObject\"> <a href=\"https:\/\/opistobranquis.info\/ca\/guia\/nudibranchia\/doridina\/doridoidei\/phyllidioidea\/phyllidia-flava\/phyllidia-flava-00\/\" border=\"0\" itemprop=\"url\"> <meta itemprop=\"width\" content=\"457\"> <meta itemprop=\"height\" content=\"645\"> <img decoding=\"async\" class=\"\" data-attachment-id=\"4774\" data-orig-file=\"https:\/\/opistobranquis.info\/wp-content\/uploads\/2012\/12\/phyllidia-flava-00.jpg\" data-orig-size=\"347,490\" data-comments-opened=\"\" data-image-title=\"Phyllidia flava by Enric Madrenas\" data-image-description=\"&lt;p&gt;Phyllidia flava by Enric Madrenas&lt;\/p&gt; \" data-medium-file=\"https:\/\/i0.wp.com\/opistobranquis.info\/wp-content\/uploads\/2012\/12\/phyllidia-flava-00.jpg?fit=212%2C300&#038;ssl=1\" data-large-file=\"https:\/\/i0.wp.com\/opistobranquis.info\/wp-content\/uploads\/2012\/12\/phyllidia-flava-00.jpg?fit=347%2C490&#038;ssl=1\" src=\"https:\/\/i0.wp.com\/opistobranquis.info\/wp-content\/uploads\/2012\/12\/phyllidia-flava-00.jpg?w=457&#038;h=645&#038;ssl=1\" srcset=\"https:\/\/i0.wp.com\/opistobranquis.info\/wp-content\/uploads\/2012\/12\/phyllidia-flava-00.jpg?w=347&amp;ssl=1 347w, https:\/\/i0.wp.com\/opistobranquis.info\/wp-content\/uploads\/2012\/12\/phyllidia-flava-00.jpg?resize=212%2C300&amp;ssl=1 212w\" width=\"457\" height=\"645\" loading=\"lazy\" data-original-width=\"457\" data-original-height=\"645\" itemprop=\"http:\/\/schema.org\/image\" title=\"Phyllidia flava by Enric Madrenas\" alt=\"Phyllidia flava by Enric Madrenas\" style=\"width: 457px; height: 645px;\" \/> <\/a> <div class=\"tiled-gallery-caption\" itemprop=\"caption description\"> Phyllidia flava by Enric Madrenas <\/div> <\/div> <\/div> <!-- close group --> <div class=\"gallery-group images-1\" style=\"width: 439px; height: 649px;\" data-original-width=\"439\" data-original-height=\"649\" > <div class=\"tiled-gallery-item tiled-gallery-item-large\" itemprop=\"associatedMedia\" itemscope itemtype=\"http:\/\/schema.org\/ImageObject\"> <a href=\"https:\/\/opistobranquis.info\/ca\/guia\/nudibranchia\/doridina\/doridoidei\/phyllidioidea\/phyllidia-flava\/phyllidia-flava-02\/\" border=\"0\" itemprop=\"url\"> <meta itemprop=\"width\" content=\"435\"> <meta itemprop=\"height\" content=\"645\"> <img decoding=\"async\" class=\"\" data-attachment-id=\"4776\" data-orig-file=\"https:\/\/opistobranquis.info\/wp-content\/uploads\/2012\/12\/phyllidia-flava-02.jpg\" data-orig-size=\"331,490\" data-comments-opened=\"\" data-image-title=\"Phyllidia flava by Enric Madrenas\" data-image-description=\"&lt;p&gt;Phyllidia flava by Enric Madrenas&lt;\/p&gt; \" data-medium-file=\"https:\/\/i0.wp.com\/opistobranquis.info\/wp-content\/uploads\/2012\/12\/phyllidia-flava-02.jpg?fit=202%2C300&#038;ssl=1\" data-large-file=\"https:\/\/i0.wp.com\/opistobranquis.info\/wp-content\/uploads\/2012\/12\/phyllidia-flava-02.jpg?fit=331%2C490&#038;ssl=1\" src=\"https:\/\/i0.wp.com\/opistobranquis.info\/wp-content\/uploads\/2012\/12\/phyllidia-flava-02.jpg?w=435&#038;h=645&#038;ssl=1\" srcset=\"https:\/\/i0.wp.com\/opistobranquis.info\/wp-content\/uploads\/2012\/12\/phyllidia-flava-02.jpg?w=331&amp;ssl=1 331w, https:\/\/i0.wp.com\/opistobranquis.info\/wp-content\/uploads\/2012\/12\/phyllidia-flava-02.jpg?resize=202%2C300&amp;ssl=1 202w\" width=\"435\" height=\"645\" loading=\"lazy\" data-original-width=\"435\" data-original-height=\"645\" itemprop=\"http:\/\/schema.org\/image\" title=\"Phyllidia flava by Enric Madrenas\" alt=\"Phyllidia flava by Enric Madrenas\" style=\"width: 435px; height: 645px;\" \/> <\/a> <div class=\"tiled-gallery-caption\" itemprop=\"caption description\"> Phyllidia flava by Enric Madrenas <\/div> <\/div> <\/div> <!-- close group --> <\/div> <!-- close row --> <div class=\"gallery-row\" style=\"width: 900px; height: 417px;\" data-original-width=\"900\" data-original-height=\"417\" > <div class=\"gallery-group images-1\" style=\"width: 617px; height: 417px;\" data-original-width=\"617\" data-original-height=\"417\" > <div class=\"tiled-gallery-item tiled-gallery-item-large\" itemprop=\"associatedMedia\" itemscope itemtype=\"http:\/\/schema.org\/ImageObject\"> <a href=\"https:\/\/opistobranquis.info\/ca\/guia\/nudibranchia\/doridina\/doridoidei\/phyllidioidea\/phyllidia-flava\/phyllidia-flava-04\/\" border=\"0\" itemprop=\"url\"> <meta itemprop=\"width\" content=\"613\"> <meta itemprop=\"height\" content=\"413\"> <img decoding=\"async\" class=\"\" data-attachment-id=\"4777\" data-orig-file=\"https:\/\/opistobranquis.info\/wp-content\/uploads\/2012\/12\/phyllidia-flava-04.jpg\" data-orig-size=\"650,438\" data-comments-opened=\"\" data-image-title=\"Phyllidia flava by Enric Madrenas\" data-image-description=\"&lt;p&gt;Phyllidia flava by Enric Madrenas&lt;\/p&gt; \" data-medium-file=\"https:\/\/i0.wp.com\/opistobranquis.info\/wp-content\/uploads\/2012\/12\/phyllidia-flava-04.jpg?fit=300%2C202&#038;ssl=1\" data-large-file=\"https:\/\/i0.wp.com\/opistobranquis.info\/wp-content\/uploads\/2012\/12\/phyllidia-flava-04.jpg?fit=650%2C438&#038;ssl=1\" src=\"https:\/\/i0.wp.com\/opistobranquis.info\/wp-content\/uploads\/2012\/12\/phyllidia-flava-04.jpg?w=613&#038;h=413&#038;ssl=1\" srcset=\"https:\/\/i0.wp.com\/opistobranquis.info\/wp-content\/uploads\/2012\/12\/phyllidia-flava-04.jpg?w=650&amp;ssl=1 650w, https:\/\/i0.wp.com\/opistobranquis.info\/wp-content\/uploads\/2012\/12\/phyllidia-flava-04.jpg?resize=300%2C202&amp;ssl=1 300w\" width=\"613\" height=\"413\" loading=\"lazy\" data-original-width=\"613\" data-original-height=\"413\" itemprop=\"http:\/\/schema.org\/image\" title=\"Phyllidia flava by Enric Madrenas\" alt=\"Phyllidia flava by Enric Madrenas\" style=\"width: 613px; height: 413px;\" \/> <\/a> <div class=\"tiled-gallery-caption\" itemprop=\"caption description\"> Phyllidia flava by Enric Madrenas <\/div> <\/div> <\/div> <!-- close group --> <div class=\"gallery-group images-1\" style=\"width: 283px; height: 417px;\" data-original-width=\"283\" data-original-height=\"417\" > <div class=\"tiled-gallery-item tiled-gallery-item-large\" itemprop=\"associatedMedia\" itemscope itemtype=\"http:\/\/schema.org\/ImageObject\"> <a href=\"https:\/\/opistobranquis.info\/ca\/guia\/nudibranchia\/doridina\/doridoidei\/phyllidioidea\/phyllidia-flava\/phyllidia-flava-07\/\" border=\"0\" itemprop=\"url\"> <meta itemprop=\"width\" content=\"279\"> <meta itemprop=\"height\" content=\"413\"> <img decoding=\"async\" class=\"\" data-attachment-id=\"4778\" data-orig-file=\"https:\/\/opistobranquis.info\/wp-content\/uploads\/2012\/12\/phyllidia-flava-07.jpg\" data-orig-size=\"331,490\" data-comments-opened=\"\" data-image-title=\"Phyllidia flava by Enric Madrenas\" data-image-description=\"&lt;p&gt;Phyllidia flava by Enric Madrenas&lt;\/p&gt; \" data-medium-file=\"https:\/\/i0.wp.com\/opistobranquis.info\/wp-content\/uploads\/2012\/12\/phyllidia-flava-07.jpg?fit=202%2C300&#038;ssl=1\" data-large-file=\"https:\/\/i0.wp.com\/opistobranquis.info\/wp-content\/uploads\/2012\/12\/phyllidia-flava-07.jpg?fit=331%2C490&#038;ssl=1\" src=\"https:\/\/i0.wp.com\/opistobranquis.info\/wp-content\/uploads\/2012\/12\/phyllidia-flava-07.jpg?w=279&#038;h=413&#038;ssl=1\" srcset=\"https:\/\/i0.wp.com\/opistobranquis.info\/wp-content\/uploads\/2012\/12\/phyllidia-flava-07.jpg?w=331&amp;ssl=1 331w, https:\/\/i0.wp.com\/opistobranquis.info\/wp-content\/uploads\/2012\/12\/phyllidia-flava-07.jpg?resize=202%2C300&amp;ssl=1 202w\" width=\"279\" height=\"413\" loading=\"lazy\" data-original-width=\"279\" data-original-height=\"413\" itemprop=\"http:\/\/schema.org\/image\" title=\"Phyllidia flava by Enric Madrenas\" alt=\"Phyllidia flava by Enric Madrenas\" style=\"width: 279px; height: 413px;\" \/> <\/a> <div class=\"tiled-gallery-caption\" itemprop=\"caption description\"> Phyllidia flava by Enric Madrenas <\/div> <\/div> <\/div> <!-- close group --> <\/div> <!-- close row --> <div class=\"gallery-row\" style=\"width: 900px; height: 436px;\" data-original-width=\"900\" data-original-height=\"436\" > <div class=\"gallery-group images-1\" style=\"width: 575px; height: 436px;\" data-original-width=\"575\" data-original-height=\"436\" > <div class=\"tiled-gallery-item tiled-gallery-item-large\" itemprop=\"associatedMedia\" itemscope itemtype=\"http:\/\/schema.org\/ImageObject\"> <a href=\"https:\/\/opistobranquis.info\/ca\/guia\/nudibranchia\/doridina\/doridoidei\/phyllidioidea\/phyllidia-flava\/olympus-digital-camera-13\/\" border=\"0\" itemprop=\"url\"> <meta itemprop=\"width\" content=\"571\"> <meta itemprop=\"height\" content=\"432\"> <img decoding=\"async\" class=\"\" data-attachment-id=\"4779\" data-orig-file=\"https:\/\/opistobranquis.info\/wp-content\/uploads\/2012\/12\/phyllidia-flava-p7040788.jpg\" data-orig-size=\"645,488\" data-comments-opened=\"\" data-image-title=\"Phyllidia flava by Enric Madrenas\" data-image-description=\"&lt;p&gt;Phyllidia flava by Enric Madrenas&lt;\/p&gt; \" data-medium-file=\"https:\/\/i0.wp.com\/opistobranquis.info\/wp-content\/uploads\/2012\/12\/phyllidia-flava-p7040788.jpg?fit=300%2C226&#038;ssl=1\" data-large-file=\"https:\/\/i0.wp.com\/opistobranquis.info\/wp-content\/uploads\/2012\/12\/phyllidia-flava-p7040788.jpg?fit=645%2C488&#038;ssl=1\" src=\"https:\/\/i0.wp.com\/opistobranquis.info\/wp-content\/uploads\/2012\/12\/phyllidia-flava-p7040788.jpg?w=571&#038;h=432&#038;ssl=1\" srcset=\"https:\/\/i0.wp.com\/opistobranquis.info\/wp-content\/uploads\/2012\/12\/phyllidia-flava-p7040788.jpg?w=645&amp;ssl=1 645w, https:\/\/i0.wp.com\/opistobranquis.info\/wp-content\/uploads\/2012\/12\/phyllidia-flava-p7040788.jpg?resize=300%2C226&amp;ssl=1 300w\" width=\"571\" height=\"432\" loading=\"lazy\" data-original-width=\"571\" data-original-height=\"432\" itemprop=\"http:\/\/schema.org\/image\" title=\"Phyllidia flava by Enric Madrenas\" alt=\"Phyllidia flava by Enric Madrenas\" style=\"width: 571px; height: 432px;\" \/> <\/a> <div class=\"tiled-gallery-caption\" itemprop=\"caption description\"> Phyllidia flava by Enric Madrenas <\/div> <\/div> <\/div> <!-- close group --> <div class=\"gallery-group images-2\" style=\"width: 325px; height: 436px;\" data-original-width=\"325\" data-original-height=\"436\" > <div class=\"tiled-gallery-item tiled-gallery-item-large\" itemprop=\"associatedMedia\" itemscope itemtype=\"http:\/\/schema.org\/ImageObject\"> <a href=\"https:\/\/opistobranquis.info\/ca\/guia\/nudibranchia\/doridina\/doridoidei\/phyllidioidea\/phyllidia-flava\/phyllidia_flava-cala-margarida-26m-11-06-2017-by-jordi-regas\/\" border=\"0\" itemprop=\"url\"> <meta itemprop=\"width\" content=\"321\"> <meta itemprop=\"height\" content=\"214\"> <img decoding=\"async\" class=\"\" data-attachment-id=\"23475\" data-orig-file=\"https:\/\/opistobranquis.info\/wp-content\/uploads\/2012\/05\/Phyllidia_flava-@-Cala-Margarida-26m-11-06-2017-by-Jordi-Reg\u00e0s.jpg\" data-orig-size=\"800,534\" data-comments-opened=\"\" data-image-title=\"Phyllidia flava @ Cala Margarida 26m 11-06-2017 by Jordi Reg\u00e0s\" data-image-description=\"&lt;p&gt;Phyllidia flava @ Cala Margarida 26m 11-06-2017 by Jordi Reg\u00e0s&lt;\/p&gt; \" data-medium-file=\"https:\/\/i0.wp.com\/opistobranquis.info\/wp-content\/uploads\/2012\/05\/Phyllidia_flava-%40-Cala-Margarida-26m-11-06-2017-by-Jordi-Reg%C3%A0s.jpg?fit=300%2C200&#038;ssl=1\" data-large-file=\"https:\/\/i0.wp.com\/opistobranquis.info\/wp-content\/uploads\/2012\/05\/Phyllidia_flava-%40-Cala-Margarida-26m-11-06-2017-by-Jordi-Reg%C3%A0s.jpg?fit=800%2C534&#038;ssl=1\" src=\"https:\/\/i0.wp.com\/opistobranquis.info\/wp-content\/uploads\/2012\/05\/Phyllidia_flava-%40-Cala-Margarida-26m-11-06-2017-by-Jordi-Reg%C3%A0s.jpg?w=321&#038;h=214&#038;ssl=1\" width=\"321\" height=\"214\" loading=\"lazy\" data-original-width=\"321\" data-original-height=\"214\" itemprop=\"http:\/\/schema.org\/image\" title=\"Phyllidia flava @ Cala Margarida 26m 11-06-2017 by Jordi Reg\u00e0s\" alt=\"Phyllidia flava @ Cala Margarida 26m 11-06-2017 by Jordi Reg\u00e0s\" style=\"width: 321px; height: 214px;\" \/> <\/a> <div class=\"tiled-gallery-caption\" itemprop=\"caption description\"> Phyllidia flava @ Cala Margarida 26m 11-06-2017 by Jordi Reg\u00e0s <\/div> <\/div> <div class=\"tiled-gallery-item tiled-gallery-item-large\" itemprop=\"associatedMedia\" itemscope itemtype=\"http:\/\/schema.org\/ImageObject\"> <a href=\"https:\/\/opistobranquis.info\/ca\/guia\/nudibranchia\/doridina\/doridoidei\/phyllidioidea\/phyllidia-flava\/phyllidia-flava-sicily-italy-by-lara-orselli-3\/\" border=\"0\" itemprop=\"url\"> <meta itemprop=\"width\" content=\"321\"> <meta itemprop=\"height\" content=\"214\"> <img decoding=\"async\" class=\"\" data-attachment-id=\"30825\" data-orig-file=\"https:\/\/opistobranquis.info\/wp-content\/uploads\/2020\/11\/Phyllidia-flava-@-Sicily-Italy-by-Lara-Orselli-3.jpg\" data-orig-size=\"1219,813\" data-comments-opened=\"\" data-image-title=\"Phyllidia flava @ Sicily, Italy by Lara Orselli\" data-image-description=\"&lt;p&gt;Phyllidia flava @ Sicily, Italy by Lara Orselli&lt;\/p&gt; \" data-medium-file=\"https:\/\/i0.wp.com\/opistobranquis.info\/wp-content\/uploads\/2020\/11\/Phyllidia-flava-%40-Sicily-Italy-by-Lara-Orselli-3.jpg?fit=300%2C200&#038;ssl=1\" data-large-file=\"https:\/\/i0.wp.com\/opistobranquis.info\/wp-content\/uploads\/2020\/11\/Phyllidia-flava-%40-Sicily-Italy-by-Lara-Orselli-3.jpg?fit=900%2C600&#038;ssl=1\" src=\"https:\/\/i0.wp.com\/opistobranquis.info\/wp-content\/uploads\/2020\/11\/Phyllidia-flava-%40-Sicily-Italy-by-Lara-Orselli-3.jpg?w=321&#038;h=214&#038;ssl=1\" width=\"321\" height=\"214\" loading=\"lazy\" data-original-width=\"321\" data-original-height=\"214\" itemprop=\"http:\/\/schema.org\/image\" title=\"Phyllidia flava @ Sicily, Italy by Lara Orselli\" alt=\"Phyllidia flava @ Sicily, Italy by Lara Orselli\" style=\"width: 321px; height: 214px;\" \/> <\/a> <div class=\"tiled-gallery-caption\" itemprop=\"caption description\"> Phyllidia flava @ Sicily, Italy by Lara Orselli <\/div> <\/div> <\/div> <!-- close group --> <\/div> <!-- close row --> <div class=\"gallery-row\" style=\"width: 900px; height: 201px;\" data-original-width=\"900\" data-original-height=\"201\" > <div class=\"gallery-group images-1\" style=\"width: 300px; height: 201px;\" data-original-width=\"300\" data-original-height=\"201\" > <div class=\"tiled-gallery-item tiled-gallery-item-large\" itemprop=\"associatedMedia\" itemscope itemtype=\"http:\/\/schema.org\/ImageObject\"> <a href=\"https:\/\/opistobranquis.info\/ca\/guia\/nudibranchia\/doridina\/doridoidei\/phyllidioidea\/phyllidia-flava\/phyllidia-flava-by-miquel-pontes-dsc_9802\/\" border=\"0\" itemprop=\"url\"> <meta itemprop=\"width\" content=\"296\"> <meta itemprop=\"height\" content=\"197\"> <img decoding=\"async\" class=\"\" data-attachment-id=\"32172\" data-orig-file=\"https:\/\/opistobranquis.info\/wp-content\/uploads\/2021\/04\/Phyllidia-flava-by-Miquel-Pontes-DSC_9802.jpg\" data-orig-size=\"1280,853\" data-comments-opened=\"\" data-image-title=\"Phyllidia flava with spawn @ Es Caials (Cadaqu\u00e9s) by Miquel Pontes\" data-image-description=\"&lt;p&gt;Phyllidia flava with spawn @ Es Caials (Cadaqu\u00e9s) by Miquel Pontes&lt;\/p&gt; \" data-medium-file=\"https:\/\/i0.wp.com\/opistobranquis.info\/wp-content\/uploads\/2021\/04\/Phyllidia-flava-by-Miquel-Pontes-DSC_9802.jpg?fit=300%2C200&#038;ssl=1\" data-large-file=\"https:\/\/i0.wp.com\/opistobranquis.info\/wp-content\/uploads\/2021\/04\/Phyllidia-flava-by-Miquel-Pontes-DSC_9802.jpg?fit=900%2C599&#038;ssl=1\" src=\"https:\/\/i0.wp.com\/opistobranquis.info\/wp-content\/uploads\/2021\/04\/Phyllidia-flava-by-Miquel-Pontes-DSC_9802.jpg?w=296&#038;h=197&#038;ssl=1\" srcset=\"https:\/\/i0.wp.com\/opistobranquis.info\/wp-content\/uploads\/2021\/04\/Phyllidia-flava-by-Miquel-Pontes-DSC_9802.jpg?w=1280&amp;ssl=1 1280w, https:\/\/i0.wp.com\/opistobranquis.info\/wp-content\/uploads\/2021\/04\/Phyllidia-flava-by-Miquel-Pontes-DSC_9802.jpg?resize=300%2C200&amp;ssl=1 300w, https:\/\/i0.wp.com\/opistobranquis.info\/wp-content\/uploads\/2021\/04\/Phyllidia-flava-by-Miquel-Pontes-DSC_9802.jpg?resize=1024%2C682&amp;ssl=1 1024w, https:\/\/i0.wp.com\/opistobranquis.info\/wp-content\/uploads\/2021\/04\/Phyllidia-flava-by-Miquel-Pontes-DSC_9802.jpg?resize=150%2C100&amp;ssl=1 150w\" width=\"296\" height=\"197\" loading=\"lazy\" data-original-width=\"296\" data-original-height=\"197\" itemprop=\"http:\/\/schema.org\/image\" title=\"Phyllidia flava with spawn @ Es Caials (Cadaqu\u00e9s) by Miquel Pontes\" alt=\"Phyllidia flava with spawn @ Es Caials (Cadaqu\u00e9s) by Miquel Pontes\" style=\"width: 296px; height: 197px;\" \/> <\/a> <div class=\"tiled-gallery-caption\" itemprop=\"caption description\"> Phyllidia flava with spawn @ Es Caials (Cadaqu\u00e9s) by Miquel Pontes <\/div> <\/div> <\/div> <!-- close group --> <div class=\"gallery-group images-1\" style=\"width: 300px; height: 201px;\" data-original-width=\"300\" data-original-height=\"201\" > <div class=\"tiled-gallery-item tiled-gallery-item-large\" itemprop=\"associatedMedia\" itemscope itemtype=\"http:\/\/schema.org\/ImageObject\"> <a href=\"https:\/\/opistobranquis.info\/ca\/guia\/nudibranchia\/doridina\/doridoidei\/phyllidioidea\/phyllidia-flava\/phyllidia-flava-by-miquel-pontes-mpg_3553\/\" border=\"0\" itemprop=\"url\"> <meta itemprop=\"width\" content=\"296\"> <meta itemprop=\"height\" content=\"197\"> <img decoding=\"async\" class=\"\" data-attachment-id=\"32173\" data-orig-file=\"https:\/\/opistobranquis.info\/wp-content\/uploads\/2021\/04\/Phyllidia-flava-by-Miquel-Pontes-MPG_3553.jpg\" data-orig-size=\"1280,853\" data-comments-opened=\"\" data-image-title=\"Phyllidia flava on Acanthella acuta by Miquel Pontes\" data-image-description=\"&lt;p&gt;Phyllidia flava on Acanthella acuta by Miquel Pontes&lt;\/p&gt; \" data-medium-file=\"https:\/\/i0.wp.com\/opistobranquis.info\/wp-content\/uploads\/2021\/04\/Phyllidia-flava-by-Miquel-Pontes-MPG_3553.jpg?fit=300%2C200&#038;ssl=1\" data-large-file=\"https:\/\/i0.wp.com\/opistobranquis.info\/wp-content\/uploads\/2021\/04\/Phyllidia-flava-by-Miquel-Pontes-MPG_3553.jpg?fit=900%2C599&#038;ssl=1\" src=\"https:\/\/i0.wp.com\/opistobranquis.info\/wp-content\/uploads\/2021\/04\/Phyllidia-flava-by-Miquel-Pontes-MPG_3553.jpg?w=296&#038;h=197&#038;ssl=1\" srcset=\"https:\/\/i0.wp.com\/opistobranquis.info\/wp-content\/uploads\/2021\/04\/Phyllidia-flava-by-Miquel-Pontes-MPG_3553.jpg?w=1280&amp;ssl=1 1280w, https:\/\/i0.wp.com\/opistobranquis.info\/wp-content\/uploads\/2021\/04\/Phyllidia-flava-by-Miquel-Pontes-MPG_3553.jpg?resize=300%2C200&amp;ssl=1 300w, https:\/\/i0.wp.com\/opistobranquis.info\/wp-content\/uploads\/2021\/04\/Phyllidia-flava-by-Miquel-Pontes-MPG_3553.jpg?resize=1024%2C682&amp;ssl=1 1024w, https:\/\/i0.wp.com\/opistobranquis.info\/wp-content\/uploads\/2021\/04\/Phyllidia-flava-by-Miquel-Pontes-MPG_3553.jpg?resize=150%2C100&amp;ssl=1 150w\" width=\"296\" height=\"197\" loading=\"lazy\" data-original-width=\"296\" data-original-height=\"197\" itemprop=\"http:\/\/schema.org\/image\" title=\"Phyllidia flava on Acanthella acuta by Miquel Pontes\" alt=\"Phyllidia flava on Acanthella acuta by Miquel Pontes\" style=\"width: 296px; height: 197px;\" \/> <\/a> <div class=\"tiled-gallery-caption\" itemprop=\"caption description\"> Phyllidia flava on Acanthella acuta by Miquel Pontes <\/div> <\/div> <\/div> <!-- close group --> <div class=\"gallery-group images-1\" style=\"width: 300px; height: 201px;\" data-original-width=\"300\" data-original-height=\"201\" > <div class=\"tiled-gallery-item tiled-gallery-item-large\" itemprop=\"associatedMedia\" itemscope itemtype=\"http:\/\/schema.org\/ImageObject\"> <a href=\"https:\/\/opistobranquis.info\/ca\/guia\/nudibranchia\/doridina\/doridoidei\/phyllidioidea\/phyllidia-flava\/phyllidia-flava-by-miquel-pontes-mpg_3554\/\" border=\"0\" itemprop=\"url\"> <meta itemprop=\"width\" content=\"296\"> <meta itemprop=\"height\" content=\"197\"> <img decoding=\"async\" class=\"\" data-attachment-id=\"32174\" data-orig-file=\"https:\/\/opistobranquis.info\/wp-content\/uploads\/2021\/04\/Phyllidia-flava-by-Miquel-Pontes-MPG_3554.jpg\" data-orig-size=\"1280,853\" data-comments-opened=\"\" data-image-title=\"Phyllidia flava on Acanthella acuta by Miquel Pontes\" data-image-description=\"&lt;p&gt;Phyllidia flava on Acanthella acuta by Miquel Pontes&lt;\/p&gt; \" data-medium-file=\"https:\/\/i0.wp.com\/opistobranquis.info\/wp-content\/uploads\/2021\/04\/Phyllidia-flava-by-Miquel-Pontes-MPG_3554.jpg?fit=300%2C200&#038;ssl=1\" data-large-file=\"https:\/\/i0.wp.com\/opistobranquis.info\/wp-content\/uploads\/2021\/04\/Phyllidia-flava-by-Miquel-Pontes-MPG_3554.jpg?fit=900%2C599&#038;ssl=1\" src=\"https:\/\/i0.wp.com\/opistobranquis.info\/wp-content\/uploads\/2021\/04\/Phyllidia-flava-by-Miquel-Pontes-MPG_3554.jpg?w=296&#038;h=197&#038;ssl=1\" srcset=\"https:\/\/i0.wp.com\/opistobranquis.info\/wp-content\/uploads\/2021\/04\/Phyllidia-flava-by-Miquel-Pontes-MPG_3554.jpg?w=1280&amp;ssl=1 1280w, https:\/\/i0.wp.com\/opistobranquis.info\/wp-content\/uploads\/2021\/04\/Phyllidia-flava-by-Miquel-Pontes-MPG_3554.jpg?resize=300%2C200&amp;ssl=1 300w, https:\/\/i0.wp.com\/opistobranquis.info\/wp-content\/uploads\/2021\/04\/Phyllidia-flava-by-Miquel-Pontes-MPG_3554.jpg?resize=1024%2C682&amp;ssl=1 1024w, https:\/\/i0.wp.com\/opistobranquis.info\/wp-content\/uploads\/2021\/04\/Phyllidia-flava-by-Miquel-Pontes-MPG_3554.jpg?resize=150%2C100&amp;ssl=1 150w\" width=\"296\" height=\"197\" loading=\"lazy\" data-original-width=\"296\" data-original-height=\"197\" itemprop=\"http:\/\/schema.org\/image\" title=\"Phyllidia flava on Acanthella acuta by Miquel Pontes\" alt=\"Phyllidia flava on Acanthella acuta by Miquel Pontes\" style=\"width: 296px; height: 197px;\" \/> <\/a> <div class=\"tiled-gallery-caption\" itemprop=\"caption description\"> Phyllidia flava on Acanthella acuta by Miquel Pontes <\/div> <\/div> <\/div> <!-- close group --> <\/div> <!-- close row --> <div class=\"gallery-row\" style=\"width: 900px; height: 276px;\" data-original-width=\"900\" data-original-height=\"276\" > <div class=\"gallery-group images-1\" style=\"width: 412px; height: 276px;\" data-original-width=\"412\" data-original-height=\"276\" > <div class=\"tiled-gallery-item tiled-gallery-item-large\" itemprop=\"associatedMedia\" itemscope itemtype=\"http:\/\/schema.org\/ImageObject\"> <a href=\"https:\/\/opistobranquis.info\/ca\/guia\/nudibranchia\/doridina\/doridoidei\/phyllidioidea\/phyllidia-flava\/phyllidia-flava-by-miquel-pontes-mpg_3574\/\" border=\"0\" itemprop=\"url\"> <meta itemprop=\"width\" content=\"408\"> <meta itemprop=\"height\" content=\"272\"> <img decoding=\"async\" class=\"\" data-attachment-id=\"32175\" data-orig-file=\"https:\/\/opistobranquis.info\/wp-content\/uploads\/2021\/04\/Phyllidia-flava-by-Miquel-Pontes-MPG_3574.jpg\" data-orig-size=\"1280,853\" data-comments-opened=\"\" data-image-title=\"Phyllidia flava by Miquel Pontes\" data-image-description=\"&lt;p&gt;Phyllidia flava by Miquel Pontes&lt;\/p&gt; \" data-medium-file=\"https:\/\/i0.wp.com\/opistobranquis.info\/wp-content\/uploads\/2021\/04\/Phyllidia-flava-by-Miquel-Pontes-MPG_3574.jpg?fit=300%2C200&#038;ssl=1\" data-large-file=\"https:\/\/i0.wp.com\/opistobranquis.info\/wp-content\/uploads\/2021\/04\/Phyllidia-flava-by-Miquel-Pontes-MPG_3574.jpg?fit=900%2C599&#038;ssl=1\" src=\"https:\/\/i0.wp.com\/opistobranquis.info\/wp-content\/uploads\/2021\/04\/Phyllidia-flava-by-Miquel-Pontes-MPG_3574.jpg?w=408&#038;h=272&#038;ssl=1\" srcset=\"https:\/\/i0.wp.com\/opistobranquis.info\/wp-content\/uploads\/2021\/04\/Phyllidia-flava-by-Miquel-Pontes-MPG_3574.jpg?w=1280&amp;ssl=1 1280w, https:\/\/i0.wp.com\/opistobranquis.info\/wp-content\/uploads\/2021\/04\/Phyllidia-flava-by-Miquel-Pontes-MPG_3574.jpg?resize=300%2C200&amp;ssl=1 300w, https:\/\/i0.wp.com\/opistobranquis.info\/wp-content\/uploads\/2021\/04\/Phyllidia-flava-by-Miquel-Pontes-MPG_3574.jpg?resize=1024%2C682&amp;ssl=1 1024w, https:\/\/i0.wp.com\/opistobranquis.info\/wp-content\/uploads\/2021\/04\/Phyllidia-flava-by-Miquel-Pontes-MPG_3574.jpg?resize=150%2C100&amp;ssl=1 150w\" width=\"408\" height=\"272\" loading=\"lazy\" data-original-width=\"408\" data-original-height=\"272\" itemprop=\"http:\/\/schema.org\/image\" title=\"Phyllidia flava by Miquel Pontes\" alt=\"Phyllidia flava by Miquel Pontes\" style=\"width: 408px; height: 272px;\" \/> <\/a> <div class=\"tiled-gallery-caption\" itemprop=\"caption description\"> Phyllidia flava by Miquel Pontes <\/div> <\/div> <\/div> <!-- close group --> <div class=\"gallery-group images-1\" style=\"width: 488px; height: 276px;\" data-original-width=\"488\" data-original-height=\"276\" > <div class=\"tiled-gallery-item tiled-gallery-item-large\" itemprop=\"associatedMedia\" itemscope itemtype=\"http:\/\/schema.org\/ImageObject\"> <a href=\"https:\/\/opistobranquis.info\/ca\/guia\/nudibranchia\/doridina\/doridoidei\/phyllidioidea\/phyllidia-flava\/phyllidia-flava-mating-france-by-pascal-girard\/\" border=\"0\" itemprop=\"url\"> <meta itemprop=\"width\" content=\"484\"> <meta itemprop=\"height\" content=\"272\"> <img decoding=\"async\" class=\"\" data-attachment-id=\"36183\" data-orig-file=\"https:\/\/opistobranquis.info\/wp-content\/uploads\/2022\/12\/Phyllidia-flava-mating-@-France-by-Pascal-Girard.jpg\" data-orig-size=\"1280,720\" data-comments-opened=\"\" data-image-title=\"Phyllidia flava mating @ France by Pascal Girard\" data-image-description=\"&lt;p&gt;Phyllidia flava mating @ France by Pascal Girard&lt;\/p&gt; \" data-medium-file=\"https:\/\/i0.wp.com\/opistobranquis.info\/wp-content\/uploads\/2022\/12\/Phyllidia-flava-mating-%40-France-by-Pascal-Girard.jpg?fit=300%2C169&#038;ssl=1\" data-large-file=\"https:\/\/i0.wp.com\/opistobranquis.info\/wp-content\/uploads\/2022\/12\/Phyllidia-flava-mating-%40-France-by-Pascal-Girard.jpg?fit=900%2C506&#038;ssl=1\" src=\"https:\/\/i0.wp.com\/opistobranquis.info\/wp-content\/uploads\/2022\/12\/Phyllidia-flava-mating-%40-France-by-Pascal-Girard.jpg?w=484&#038;h=272&#038;ssl=1\" width=\"484\" height=\"272\" loading=\"lazy\" data-original-width=\"484\" data-original-height=\"272\" itemprop=\"http:\/\/schema.org\/image\" title=\"Phyllidia flava mating @ France by Pascal Girard\" alt=\"Phyllidia flava mating @ France by Pascal Girard\" style=\"width: 484px; height: 272px;\" \/> <\/a> <div class=\"tiled-gallery-caption\" itemprop=\"caption description\"> Phyllidia flava mating @ France by Pascal Girard <\/div> <\/div> <\/div> <!-- close group --> <\/div> <!-- close row --> <\/div><\/p>\n<p><p><strong>Bibliografia<\/strong><\/p><ul><div id=\"zotpress-89ff3a271a0032388971f042605b68a6\" class=\"zp-Zotpress zp-Zotpress-Bib wp-block-group\">\n\n\t\t<span class=\"ZP_API_USER_ID ZP_ATTR\">1246567<\/span>\n\t\t<span class=\"ZP_ITEM_KEY ZP_ATTR\"><\/span>\n\t\t<span class=\"ZP_COLLECTION_ID ZP_ATTR\"><\/span>\n\t\t<span class=\"ZP_TAG_ID ZP_ATTR\">Phyllidia flava<\/span>\n\t\t<span class=\"ZP_AUTHOR ZP_ATTR\"><\/span>\n\t\t<span class=\"ZP_YEAR ZP_ATTR\"><\/span>\n        <span class=\"ZP_ITEMTYPE ZP_ATTR\"><\/span>\n\t\t<span class=\"ZP_INCLUSIVE ZP_ATTR\">1<\/span>\n\t\t<span class=\"ZP_STYLE ZP_ATTR\">eunomia-revista-en-cultura-de-la-legalidad<\/span>\n\t\t<span class=\"ZP_LIMIT ZP_ATTR\">50<\/span>\n\t\t<span class=\"ZP_SORTBY ZP_ATTR\">creator<\/span>\n\t\t<span class=\"ZP_ORDER ZP_ATTR\">asc<\/span>\n\t\t<span class=\"ZP_TITLE ZP_ATTR\"><\/span>\n\t\t<span class=\"ZP_SHOWIMAGE ZP_ATTR\"><\/span>\n\t\t<span class=\"ZP_SHOWTAGS ZP_ATTR\"><\/span>\n\t\t<span class=\"ZP_DOWNLOADABLE ZP_ATTR\"><\/span>\n\t\t<span class=\"ZP_NOTES ZP_ATTR\"><\/span>\n\t\t<span class=\"ZP_ABSTRACT ZP_ATTR\"><\/span>\n\t\t<span class=\"ZP_CITEABLE ZP_ATTR\"><\/span>\n\t\t<span class=\"ZP_TARGET ZP_ATTR\">1<\/span>\n\t\t<span class=\"ZP_URLWRAP ZP_ATTR\"><\/span>\n\t\t<span class=\"ZP_FORCENUM ZP_ATTR\"><\/span>\n        <span class=\"ZP_HIGHLIGHT ZP_ATTR\"><\/span>\n        <span class=\"ZP_POSTID ZP_ATTR\">511<\/span>\n\t\t<span class=\"ZOTPRESS_PLUGIN_URL ZP_ATTR\">https:\/\/opistobranquis.info\/wp-content\/plugins\/zotpress\/<\/span>\n\n\t\t<div class=\"zp-List loading\">\n\t\t\t<div class=\"zp-SEO-Content\">\n\n\t\t\t<\/div><!-- .zp-zp-SEO-Content -->\n\t\t<\/div><!-- .zp-List -->\n\t<\/div><!--.zp-Zotpress-->\n\n<p><\/p>Bibliografia basada en els treballs de <b>Steve Long, 2006<\/b>. <a target=_blank href=https:\/\/opistobranquis.info\/wp-content\/uploads\/2016\/06\/Long-S.-2006-Bibliography-of-Opisthobranchia-1554-2000.pdf>Bibliography of Opisthobranchia 1554-2000<\/a> i <b>Gary McDonald, 2009<\/b>. <a href=http:\/\/escholarship.org\/uc\/item\/8115h0wz>Bibliographia Nudibranchia<\/a>, amb actualitzacions posteriors procedents d\u00b4altres fonts.<p><\/p><\/ul><p><\/p><p><strong>M\u00e9s informaci\u00f3<\/strong><\/p><span style=\"font-size:10pt\"><ul><ul class=\"blogroll-links\"><li><a href=\"http:\/\/www.biodiversitylibrary.org\/name\/Phyllidia%20flava\">Biodiversity Heritage Library<\/a><\/li><li><a href=\"http:\/\/www.biologiamarina.org\/fillidia-gialla\/\">BiologiaMarina.org<\/a><\/li><li><a href=\"http:\/\/www.cibsub.cat\/bioespecie_es-phyllidia_flava-28150\">CIB - Club Immersio Biologia<\/a><\/li><li><a href=\"http:\/\/doris.ffessm.fr\/fiche2.asp?fiche_numero=305\">DORIS<\/a><\/li><li><a href=\"https:\/\/www.flickr.com\/search\/?text=Phyllidia%20flava\">Flickr pictures<\/a><\/li><li><a href=\"http:\/\/www.opistobranquis.org\/ca\/guia\/104\">GROC<\/a><\/li><li><a href=\"http:\/\/www.irmng.org\/aphia.php?p=taxlist&#038;tName=Phyllidia%20flava\">Interim Register of Marine and Nonmarine Genera<\/a><\/li><li><a href=\"http:\/\/marenostrum.org\/vidamarina\/animalia\/invertebrados\/moluscos\/gasteropodos\/opistobranquios\/phyllidia\/index.htm\">M@re Nostrum<\/a><\/li><li><a href=\"https:\/\/web.archive.org\/web\/20250116074557\/http:\/\/medslugs.de\/E\/Atl-E\/Phyllidia_flava.htm\">MedSlugs (Atl.E)<\/a><\/li><li><a href=\"http:\/\/www.ncbi.nlm.nih.gov\/Taxonomy\/Browser\/wwwtax.cgi?mode=Undef&#038;name=Phyllidia%20flava&#038;lvl=0&#038;srchmode=1\">NCBI GenBank<\/a><\/li><li><a href=\"http:\/\/iobis.org\/mapper\/?taxon=Phyllidia%20flava\">OBIS - Search by Taxon<\/a><\/li><li><a href=\"http:\/\/www.seaslugforum.net\/showall\/phylflav\">Sea Slug Forum<\/a><\/li><li><a href=\"http:\/\/www.marinespecies.org\/aphia.php?p=taxdetails&#038;id=140774\">World Register of Marine Species<\/a><\/li><\/ul><\/ul><\/span><p><strong>Citeu aquest article com: <\/strong><\/p><div style=\"display: block; background: #444444; padding: 10px 30px 10px 10px; border-radius: 5px; line-height: 18px;\"><p class=\"citacio\"><b>Pontes, Miquel, Manuel Ballesteros, Enric Madrenas<\/b> (2025) <em>\"Phyllidia flava\"<\/em> a <em>OPK-Opistobranquis<\/em>. Publicat: 16\/05\/2012. Accedit: 04\/09\/2026. Disponible a (<a href=https:\/\/opistobranquis.info\/ca\/?p=511>https:\/\/opistobranquis.info\/ca\/?p=511<\/a>)<\/p><p><\/p><\/div><p><\/p><\/p>","protected":false},"excerpt":{"rendered":"<p>Phyllidia flava Aradas, 1847 Sin\u00f2nims Phyllidia aurata Pruvot-Fol, 1952 Phyllidia depressa Aradas, 1847 Phyllidia papillosa Aradas, 1847 Phyllidia pulitzeri Pruvot-Fol, 1962 Phyllidia rolandiae Pruvot-Fol, 1951 Descripci\u00f3 Els exemplars d&#8217;aquesta interessant esp\u00e8cie mesuren al voltant de 20-30 mm de longitud. Es tracta d&#8217;una esp\u00e8cie inconfusible per la seva coloraci\u00f3 groc llimona i pels tubercles del dors que s\u00f3n de dos tipus: uns m\u00e9s grans, blancs i arrodonits i altres m\u00e9s petits,\u2026<\/p>\n<p class=\"continue-reading-button\"> <a class=\"continue-reading-link\" href=\"https:\/\/opistobranquis.info\/ca\/guia\/nudibranchia\/doridina\/doridoidei\/phyllidioidea\/phyllidia-flava\/\">Continua llegint<i class=\"crycon-right-dir\"><\/i><\/a><\/p>\n","protected":false},"author":423,"featured_media":4775,"parent":26112,"menu_order":6720,"comment_status":"closed","ping_status":"closed","template":"","meta":{"footnotes":""},"class_list":["post-511","page","type-page","status-publish","has-post-thumbnail","hentry"],"jetpack_sharing_enabled":true,"_links":{"self":[{"href":"https:\/\/opistobranquis.info\/ca\/wp-json\/wp\/v2\/pages\/511","targetHints":{"allow":["GET"]}}],"collection":[{"href":"https:\/\/opistobranquis.info\/ca\/wp-json\/wp\/v2\/pages"}],"about":[{"href":"https:\/\/opistobranquis.info\/ca\/wp-json\/wp\/v2\/types\/page"}],"author":[{"embeddable":true,"href":"https:\/\/opistobranquis.info\/ca\/wp-json\/wp\/v2\/users\/423"}],"replies":[{"embeddable":true,"href":"https:\/\/opistobranquis.info\/ca\/wp-json\/wp\/v2\/comments?post=511"}],"version-history":[{"count":5,"href":"https:\/\/opistobranquis.info\/ca\/wp-json\/wp\/v2\/pages\/511\/revisions"}],"predecessor-version":[{"id":32186,"href":"https:\/\/opistobranquis.info\/ca\/wp-json\/wp\/v2\/pages\/511\/revisions\/32186"}],"up":[{"embeddable":true,"href":"https:\/\/opistobranquis.info\/ca\/wp-json\/wp\/v2\/pages\/26112"}],"wp:featuredmedia":[{"embeddable":true,"href":"https:\/\/opistobranquis.info\/ca\/wp-json\/wp\/v2\/media\/4775"}],"wp:attachment":[{"href":"https:\/\/opistobranquis.info\/ca\/wp-json\/wp\/v2\/media?parent=511"}],"curies":[{"name":"wp","href":"https:\/\/api.w.org\/{rel}","templated":true}]}}