{"id":533,"date":"2012-05-16T19:36:51","date_gmt":"2012-05-16T17:36:51","guid":{"rendered":"https:\/\/opistobranquis.info\/felimare-pictafelimare-pictafelimare-picta"},"modified":"2024-07-21T18:17:38","modified_gmt":"2024-07-21T16:17:38","slug":"felimare-picta","status":"publish","type":"page","link":"https:\/\/opistobranquis.info\/ca\/guia\/nudibranchia\/doridina\/doridoidei\/doridoidea\/felimare-picta\/","title":{"rendered":"Felimare picta"},"content":{"rendered":"<p><\/p>\n<h3><em>Felimare picta<\/em> (Schultz in Philippi, 1836)<\/h3>\n<p><span style=\"font-size:10pt;\" class=\"aligncenter\"><div id=\"featured-img-id\"><img data-recalc-dims=\"1\" decoding=\"async\" src=\"https:\/\/i0.wp.com\/opistobranquis.info\/wp-content\/uploads\/2018\/09\/Felimare-picta-79.jpg?w=900&#038;ssl=1\" alt=\"Felimare picta@Costa Brava, by Enric Madrenas\" \/><\/div><center><em>Felimare picta @ Costa Brava<\/em> per Enric Madrenas<\/center><\/span><p><\/p><div class=\"opk-worms\"><h3>Informaci\u00f3 taxon\u00f2mica WoRMS<\/h3><div class=\"opk-success\">Nom acceptat actual: <strong><em>Felimare picta<\/em> (R. A. Philippi, 1836)<\/strong><\/div><h4>Classificaci\u00f3 actual<\/h4><table class=\"widefat striped\"><tr><th>Superdomain<\/th><td><a target=\"_blank\" href=\"https:\/\/www.marinespecies.org\/aphia.php?p=taxdetails&id=1\">Biota<\/a><\/td><\/tr><tr><th>Kingdom<\/th><td><a target=\"_blank\" href=\"https:\/\/www.marinespecies.org\/aphia.php?p=taxdetails&id=2\">Animalia<\/a><\/td><\/tr><tr><th>Phylum<\/th><td><a target=\"_blank\" href=\"https:\/\/www.marinespecies.org\/aphia.php?p=taxdetails&id=51\">Mollusca<\/a><\/td><\/tr><tr><th>Class<\/th><td><a target=\"_blank\" href=\"https:\/\/www.marinespecies.org\/aphia.php?p=taxdetails&id=101\">Gastropoda<\/a><\/td><\/tr><tr><th>Subclass<\/th><td><a target=\"_blank\" href=\"https:\/\/www.marinespecies.org\/aphia.php?p=taxdetails&id=14712\">Heterobranchia<\/a><\/td><\/tr><tr><th>Infraclass<\/th><td><a target=\"_blank\" href=\"https:\/\/www.marinespecies.org\/aphia.php?p=taxdetails&id=1057247\">Euthyneura<\/a><\/td><\/tr><tr><th>Subterclass<\/th><td><a target=\"_blank\" href=\"https:\/\/www.marinespecies.org\/aphia.php?p=taxdetails&id=1057249\">Ringipleura<\/a><\/td><\/tr><tr><th>Superorder<\/th><td><a target=\"_blank\" href=\"https:\/\/www.marinespecies.org\/aphia.php?p=taxdetails&id=411966\">Nudipleura<\/a><\/td><\/tr><tr><th>Order<\/th><td><a target=\"_blank\" href=\"https:\/\/www.marinespecies.org\/aphia.php?p=taxdetails&id=1762\">Nudibranchia<\/a><\/td><\/tr><tr><th>Suborder<\/th><td><a target=\"_blank\" href=\"https:\/\/www.marinespecies.org\/aphia.php?p=taxdetails&id=1829294\">Doridida<\/a><\/td><\/tr><tr><th>Infraorder<\/th><td><a target=\"_blank\" href=\"https:\/\/www.marinespecies.org\/aphia.php?p=taxdetails&id=246038\">Doridoidei<\/a><\/td><\/tr><tr><th>Superfamily<\/th><td><a target=\"_blank\" href=\"https:\/\/www.marinespecies.org\/aphia.php?p=taxdetails&id=1370609\">Chromodoridoidea<\/a><\/td><\/tr><tr><th>Family<\/th><td><a target=\"_blank\" href=\"https:\/\/www.marinespecies.org\/aphia.php?p=taxdetails&id=23003\">Chromodorididae<\/a><\/td><\/tr><tr><th>Subfamily<\/th><td><a target=\"_blank\" href=\"https:\/\/www.marinespecies.org\/aphia.php?p=taxdetails&id=549835\">Miamirinae<\/a><\/td><\/tr><tr><th>Genus<\/th><td><a target=\"_blank\" href=\"https:\/\/www.marinespecies.org\/aphia.php?p=taxdetails&id=558624\"><em>Felimare<\/em><\/a><\/td><\/tr><tr><th>Species<\/th><td><a target=\"_blank\" href=\"https:\/\/www.marinespecies.org\/aphia.php?p=taxdetails&id=597522\"><em>Felimare picta<\/em> (R. A. Philippi, 1836)<\/a><\/td><\/tr><\/table><p class=\"footer\">Classificaci\u00f3 proporcionada pel World Register of Marine Species (WoRMS). [<a target=\"_blank\" href=\"https:\/\/www.marinespecies.org\/aphia.php?p=taxdetails&id=597522\">597522<\/a>]<\/p><\/div><p><strong>Nota taxon\u00f2mica: <\/strong>Les esp\u00e8cies europees atl\u00e0ntiques i mediterr\u00e0nies dels g\u00e8neres <em>Hypselodoris<\/em> i <em>Chromodoris<\/em>, despr\u00e9s de l\u00b4an\u00e0lisi molecular dels Chromodorididae de Johnson &amp; Gosliner (2012, <a href=\"http:\/\/www.plosone.org\/article\/fetchObject.action?uri=info%3Adoi%2F10.1371%2Fjournal.pone.0033479&amp;representation=PDF\">Traditional Taxonomic groupings mask evolutionary history: A molecular Phylogeny and new classification of the chromodorid nudibranchs<\/a>. PLoS ONE 7 (4): 33479) s\u00b4han incl\u00f2s en els g\u00e8neres <em>Felimare<\/em> Ev. Marcus &amp; Er. Marcus, 1967 (les esp\u00e8cies d\u00b4<em>Hypselodoris<\/em>) i <em>Felimida<\/em> Ev. Marcus, 1971 (les esp\u00e8cies del g\u00e8nere <em>Chromodoris<\/em>).<\/p><strong>Sin\u00f2nims<\/strong><\/p>\n<ul>\n<li><span id=\"aphia_ct_tu_563985\"><i>Chromodoris cantrainii<\/i> Bergh, 1879<\/span><\/li>\n<li><span id=\"aphia_ct_tu_563990\"><i>Chromodoris elegans<\/i> (Cantraine, 1835)<\/span><\/li>\n<li><span id=\"aphia_ct_tu_563993\"><i>Chromodoris valenciennesi<\/i> (Cantraine, 1841)<\/span><\/li>\n<li><span id=\"aphia_ct_tu_563984\"><i>Doris calcarae<\/i> V\u00e9rany, 1846<\/span><\/li>\n<li><span id=\"aphia_ct_tu_563971\"><i>Doris elegans<\/i> Cantraine, 1835<\/span><\/li>\n<li><span id=\"aphia_ct_tu_748483\"><i>Doris lutescens<\/i> Delle Chiaje in Verany, 1846<\/span><\/li>\n<li><span id=\"aphia_ct_tu_563983\"><i>Doris nardi<\/i> V\u00e9rany, 1846<\/span><\/li>\n<li><span id=\"aphia_ct_tu_748484\"><i>Doris nardii<\/i> V\u00e9rany, 1846<\/span><\/li>\n<li><span id=\"aphia_ct_tu_563967\"><strong><i>Doris picta<\/i> Schultz in Philippi, 1836 (original)<\/strong><\/span><\/li>\n<li><span id=\"aphia_ct_tu_563981\"><i>Doris scacchi<\/i> Delle Chiaje, 1830<\/span><\/li>\n<li><span id=\"aphia_ct_tu_563982\"><i>Doris valenciennesi<\/i> Cantraine, 1841<\/span><\/li>\n<li><span id=\"aphia_ct_tu_563986\"><i>Glossodoris edenticulata<\/i> White, 1952<\/span><\/li>\n<li><span id=\"aphia_ct_tu_563988\"><i>Glossodoris picta<\/i> (Schultz in Philippi, 1836)<\/span><\/li>\n<li><span id=\"aphia_ct_tu_563994\"><i>Glossodoris valenciennesi<\/i> (Cantraine, 1841)<\/span><\/li>\n<li><span id=\"aphia_ct_tu_563992\"><i>Glossodoris webbi<\/i> (d&#8217;Orbigny, 1839)<\/span><\/li>\n<li><span id=\"aphia_ct_tu_563989\"><i>Goniodoris elegans<\/i> (Cantraine, 1835)<\/span><\/li>\n<li><span id=\"aphia_ct_tu_760535\"><i>Hypselodoris edenticulata<\/i> (White, 1952)<\/span><\/li>\n<li><span id=\"aphia_ct_tu_563991\"><i>Hypselodoris elegans<\/i> (Cantraine, 1835)<\/span><\/li>\n<li><span id=\"aphia_ct_tu_139154\"><i>Hypselodoris picta<\/i> (Schultz in Philippi, 1836)<\/span><\/li>\n<li><span id=\"aphia_ct_tu_531104\"><i>Hypselodoris picta picta<\/i> (Schultz in Philippi, 1836)<\/span><\/li>\n<li><span id=\"aphia_ct_tu_561862\"><i>Hypselodoris picta webbi<\/i> (d&#8217;Orbigny, 1839)<\/span><\/li>\n<li><span id=\"aphia_ct_tu_563995\"><i>Hypselodoris valenciennesi<\/i> (Cantraine, 1841)<\/span><\/li>\n<li><span id=\"aphia_ct_tu_156137\"><i>Hypselodoris webbi<\/i> (d&#8217;Orbigny, 1839)<\/span><\/li>\n<li><span id=\"aphia_ct_tu_563980\"><i>Polycera webbi<\/i> d&#8217;Orbigny, 1839<\/span><\/li>\n<\/ul>\n<p><strong>Descripci\u00f3<br \/>\n<\/strong>Es tracta de l&#8217;esp\u00e8cie m\u00e9s gran dels cromodor\u00eddids europeus ja que pot arribar a m\u00e9s de 12 cm de longitud, encara que hi ha cites d&#8217;animals d&#8217;uns 20 cm. El cos \u00e9s molt allargat, alt, amb el mantell estret i sobrepassant molt poc el peu pels costats. A l&#8217;al\u00e7ada del cap, el mantell s&#8217;eixampla lleugerament formant una mena d&#8217;incipient vel cef\u00e0lic. La coloraci\u00f3 de fons del cos \u00e9s blanquinosa o lleugerament blavosa per\u00f2 aquest color apareixen nombroses taques allargades o puntuacions de color groc que poden variar en nombre i disposici\u00f3 segons els diferents exemplars. Les taques grogues tamb\u00e9 es troben presents en els costats del cos. Aquesta \u00e9s la t\u00edpica coloraci\u00f3 dels exemplars &#8220;clars&#8221; ja que amb menys freq\u00fc\u00e8ncia es poden trobar exemplars &#8220;blaus&#8221; en qu\u00e8 la coloraci\u00f3 de fons \u00e9s d&#8217;aquest color i les taques grogues menys nombroses. Els rin\u00f2fors no s\u00f3n molt grans i tenen el mateix color que el cos, excepte l&#8217;\u00e0pex que \u00e9s blav\u00f3s. Les l\u00e0mines es presenten en els dos ter\u00e7os superiors de cada rin\u00f2for, la base \u00e9s llisa i la beina rinof\u00f2rica \u00e9s poc elevada i la seva vora superior \u00e9s llisa i de color groc. La br\u00e0nquia est\u00e0 constitu\u00efda per 10-12 fulles de color verd-groguenc o lleugerament blavoses segons els exemplars, que es mantenen bastant juntes quan estan esteses. Les fulles branquials s\u00f3n relativament estretes i tenen fines l\u00e0mines a banda i banda del raquis. La beina branquial \u00e9s for\u00e7a elevada, de vora llisa i disposa tamb\u00e9 de taques i puntuacions grogues. Freq\u00fcentment les l\u00ednies grogues del dors conflueixen cap a la vora superior de la beina branquial. El peu \u00e9s blanquin\u00f3s o lleugerament blav\u00f3s, per davant la boca presenta dos petits tentacles orals amb l&#8217;extrem blav\u00f3s. La cua \u00e9s robusta i tamb\u00e9 t\u00e9 taques grogues, el seu extrem sol ser blav\u00f3s.<\/p>\n<p><strong>Biologia<br \/>\n<\/strong>Aquesta esp\u00e8cie \u00e9s relativament freq\u00fcent d&#8217;observar en parets rocoses amb abundants algues, esponges i altres invertebrats, principalment en zones poc il\u00b7luminades, des del infralitoral superior fins a uns 50 m de fond\u00e0ria al Mediterrani. La seva dieta es compon d&#8217;esponges com <em>Dysidea fragilis, Ircinia fasciculata<\/em> i <em>Pleraplysilla spinifera<\/em> (McDonald &amp; Nybakken, 2001). La posta est\u00e0 constitu\u00efda per una cinta espiral d&#8217;uns 6 mm d&#8217;alt amb ous taronja d&#8217;unes 170 micres de di\u00e0metre (Ortea, et al. 1996). Per gaireb\u00e9 tota la vora del mantell, per\u00f2 principalment a l&#8217;al\u00e7ada dels rin\u00f2fors i als costats i per darrere de la br\u00e0nquia hi ha nombroses gl\u00e0ndules blanquinoses (formacions d\u00e8rmiques del mantell o MDF) que contenen una subst\u00e0ncia, la longifolina, que en ser expulsada a l&#8217;exterior per l&#8217;animal quan \u00e9s molestat, t\u00e9 una forta acci\u00f3 antidepredant i \u00e9s per tant d&#8217;acci\u00f3 defensiva.<\/p>\n<p><strong>Etimologia<\/strong><\/p>\n<ul>\n<li><em>Picta<\/em>. Del Llat\u00ed <em>Pictus <\/em>que significa &#8220;pintat&#8221;.<\/li>\n<\/ul>\n<p><strong>Distribuci\u00f3<br \/>\n<\/strong><em>F. picta<\/em>\u00a0ha estat citada\u00a0tant a la costa atl\u00e0ntica occidental (Florida, Golf de M\u00e8xic) com a l&#8217;Atl\u00e0ntic oriental, des d&#8217;Angola fins a Cap Verd, Can\u00e0ries, Madeira i A\u00e7ores, la Pen\u00ednsula Ib\u00e8rica i tota la Mediterr\u00e0nia. A la Pen\u00ednsula Ib\u00e8rica \u00e9s coneguda de totes les seves zones costaneres, tant atl\u00e0ntiques com mediterr\u00e0nies (Cervera et al. 2004), i tamb\u00e9 a les Balears. A les costes catalanes ha estat observada en nombroses localitats de la Costa Brava i tamb\u00e9 al litoral de Tarragona (Folch, 2013). En la majoria dels registres anteriors a 1990 l&#8217;esp\u00e8cie ha estat citada sota els noms de <em>valenciennesi, elegans<\/em> o <em>webbi.<\/em> <div id=\"flxmap-6a99be784f1d8\" class='flxmap-container' data-flxmap='flxmap_6a99be784f1d8' style=\"width:100%;height:400px;\"><\/div>\n<script data-noptimize=\"1\">\n\/* <![CDATA[ *\/\n(function(w, fn) {\n if (w.addEventListener) w.addEventListener(\"DOMContentLoaded\", fn, false);\n else if (w.attachEvent) w.attachEvent(\"onload\", fn);\n})(window, function() {\n var f = new FlexibleMap();\n f.panControl = true;\n f.mapTypeId = \"satellite\";\n f.setlocale(\"ca-ES\");\n f.kmlcache = \"5 minutes\";\n f.showKML(\"flxmap-6a99be784f1d8\", \"https:\/\/opistobranquis.info\/wp-content\/uploads\/kms\/533.kmz\");\n window.flxmap_6a99be784f1d8 = f;\n});\n\/* ]]> *\/\n<\/script>\n<div style=\"width:100%;text-align:center;margin:12px 0 4px 0;\">\n  <div style=\"font-size:8pt;margin-bottom:6px;\">Cites georeferenciades conegudes de l'esp\u00e8cie: <em>Felimare picta<\/em><\/div>\n  <table style=\"margin:0 auto;border-collapse:collapse;font-size:8pt;\">\n    <tr><td colspan=\"2\" style=\"text-align:left;padding-bottom:4px;\"><strong>Fonts:<\/strong><\/td><\/tr>\n    <tr>\n      <td style=\"vertical-align:top;padding-right:40px;\">\n        <table style=\"border-collapse:collapse;\">\n<tr><td style='padding:1px 6px 1px 0;vertical-align:middle'><img data-recalc-dims=\"1\" src=\"https:\/\/i0.wp.com\/opistobranquis.info\/wp-content\/uploads\/kms\/wht-circle-lv.png?w=900&#038;ssl=1\" style='display:block'><\/td><td style='padding:1px 0;vertical-align:middle;white-space:nowrap'>OBIS<\/td><\/tr><tr><td style='padding:1px 6px 1px 0;vertical-align:middle'><img data-recalc-dims=\"1\" src=\"https:\/\/i0.wp.com\/opistobranquis.info\/wp-content\/uploads\/kms\/ylw-circle-lv.png?w=900&#038;ssl=1\" style='display:block'><\/td><td style='padding:1px 0;vertical-align:middle;white-space:nowrap'>GROC 2010-2011<\/td><\/tr><tr><td style='padding:1px 6px 1px 0;vertical-align:middle'><img data-recalc-dims=\"1\" src=\"https:\/\/i0.wp.com\/opistobranquis.info\/wp-content\/uploads\/kms\/grn-circle-lv.png?w=900&#038;ssl=1\" style='display:block'><\/td><td style='padding:1px 0;vertical-align:middle;white-space:nowrap'>Enric Madrenas<\/td><\/tr><tr><td style='padding:1px 6px 1px 0;vertical-align:middle'><img data-recalc-dims=\"1\" src=\"https:\/\/i0.wp.com\/opistobranquis.info\/wp-content\/uploads\/kms\/orange-circle-lv.png?w=900&#038;ssl=1\" style='display:block'><\/td><td style='padding:1px 0;vertical-align:middle;white-space:nowrap'>Jo\u00e3o Pedro Silva<\/td><\/tr><tr><td style='padding:1px 6px 1px 0;vertical-align:middle'><img data-recalc-dims=\"1\" src=\"https:\/\/i0.wp.com\/opistobranquis.info\/wp-content\/uploads\/kms\/pink-circle-lv.png?w=900&#038;ssl=1\" style='display:block'><\/td><td style='padding:1px 0;vertical-align:middle;white-space:nowrap'>Bernard Picton<\/td><\/tr><tr><td style='padding:1px 6px 1px 0;vertical-align:middle'><img data-recalc-dims=\"1\" src=\"https:\/\/i0.wp.com\/opistobranquis.info\/wp-content\/uploads\/kms\/blk-circle-lv.png?w=900&#038;ssl=1\" style='display:block'><\/td><td style='padding:1px 0;vertical-align:middle;white-space:nowrap'>GBIF<\/td><\/tr>        <\/table>\n      <\/td>\n      <td style=\"vertical-align:top;\">\n        <table style=\"border-collapse:collapse;\">\n<tr><td style='padding:1px 6px 1px 0;vertical-align:middle'><img data-recalc-dims=\"1\" src=\"https:\/\/i0.wp.com\/opistobranquis.info\/wp-content\/uploads\/kms\/purple-circle-lv.png?w=900&#038;ssl=1\" style='display:block'><\/td><td style='padding:1px 0;vertical-align:middle;white-space:nowrap'>OPK<\/td><\/tr><tr><td style='padding:1px 6px 1px 0;vertical-align:middle'><img data-recalc-dims=\"1\" src=\"https:\/\/i0.wp.com\/opistobranquis.info\/wp-content\/uploads\/kms\/red-circle-lv.png?w=900&#038;ssl=1\" style='display:block'><\/td><td style='padding:1px 0;vertical-align:middle;white-space:nowrap'>VIMAR<\/td><\/tr><tr><td style='padding:1px 6px 1px 0;vertical-align:middle'><img data-recalc-dims=\"1\" src=\"https:\/\/i0.wp.com\/opistobranquis.info\/wp-content\/uploads\/kms\/blu-circle-lv.png?w=900&#038;ssl=1\" style='display:block'><\/td><td style='padding:1px 0;vertical-align:middle;white-space:nowrap'>Manuel Ballesteros<\/td><\/tr><tr><td style='padding:1px 6px 1px 0;vertical-align:middle'><img data-recalc-dims=\"1\" src=\"https:\/\/i0.wp.com\/opistobranquis.info\/wp-content\/uploads\/kms\/cyan-circle-lv.png?w=900&#038;ssl=1\" style='display:block'><\/td><td style='padding:1px 0;vertical-align:middle;white-space:nowrap'>M@re Nostrum<\/td><\/tr><tr><td style='padding:1px 6px 1px 0;vertical-align:middle'><img data-recalc-dims=\"1\" src=\"https:\/\/i0.wp.com\/opistobranquis.info\/wp-content\/uploads\/kms\/grey-circle-lv.png?w=900&#038;ssl=1\" style='display:block'><\/td><td style='padding:1px 0;vertical-align:middle;white-space:nowrap'>Altres fonts<\/td><\/tr><tr><td style='padding:1px 6px 1px 0;vertical-align:middle'><img data-recalc-dims=\"1\" src=\"https:\/\/i0.wp.com\/opistobranquis.info\/wp-content\/uploads\/kms\/marreg.png?w=900&#038;ssl=1\" style='display:block'><\/td><td style='padding:1px 0;vertical-align:middle;white-space:nowrap'>Marine Regions<\/td><\/tr>        <\/table>\n      <\/td>\n    <\/tr>\n  <\/table>\n<\/div>\n<\/p>\n<p><strong>Error:<\/strong> Chart.js no est\u00e1 disponible.<\/p>\n<p><strong>Videos<\/strong><\/p>\n<p><iframe loading=\"lazy\" src=\"https:\/\/player.vimeo.com\/video\/406783020?dnt=1&amp;app_id=122963\" width=\"900\" height=\"506\" frameborder=\"0\" allow=\"autoplay; fullscreen; picture-in-picture; clipboard-write\"><\/iframe><\/p>\n<p><iframe loading=\"lazy\" src=\"https:\/\/player.vimeo.com\/video\/784333237?dnt=1&amp;app_id=122963\" width=\"900\" height=\"506\" frameborder=\"0\" allow=\"autoplay; fullscreen; picture-in-picture; clipboard-write\"><\/iframe><\/p>\n<p><iframe loading=\"lazy\" src=\"https:\/\/player.vimeo.com\/video\/784333220?dnt=1&amp;app_id=122963\" width=\"900\" height=\"506\" frameborder=\"0\" allow=\"autoplay; fullscreen; picture-in-picture; clipboard-write\"><\/iframe><\/p>\n<p><iframe loading=\"lazy\" title=\"Doris ge\u0301ante - Felimare picta - Carry-Le-Rouet - www.loeilduplongeur.com\" width=\"900\" height=\"506\" src=\"https:\/\/www.youtube.com\/embed\/VDWDPvc-MlQ?feature=oembed\" frameborder=\"0\" allow=\"accelerometer; autoplay; clipboard-write; encrypted-media; gyroscope; picture-in-picture; web-share\" referrerpolicy=\"strict-origin-when-cross-origin\" allowfullscreen><\/iframe><\/p>\n<p>&nbsp;<\/p>\n<p><strong>Altres fotos<\/strong><br \/>\n<div class=\"tiled-gallery type-rectangular tiled-gallery-unresized\" data-original-width=\"900\" data-carousel-extra='{&quot;blog_id&quot;:1,&quot;permalink&quot;:&quot;https:\\\/\\\/opistobranquis.info\\\/ca\\\/guia\\\/nudibranchia\\\/doridina\\\/doridoidei\\\/doridoidea\\\/felimare-picta\\\/&quot;,&quot;likes_blog_id&quot;:44192421}' itemscope itemtype=\"http:\/\/schema.org\/ImageGallery\" > <div class=\"gallery-row\" style=\"width: 900px; height: 407px;\" data-original-width=\"900\" data-original-height=\"407\" > <div class=\"gallery-group images-1\" style=\"width: 599px; height: 407px;\" data-original-width=\"599\" data-original-height=\"407\" > <div class=\"tiled-gallery-item tiled-gallery-item-large\" itemprop=\"associatedMedia\" itemscope itemtype=\"http:\/\/schema.org\/ImageObject\"> <a href=\"https:\/\/opistobranquis.info\/ca\/guia\/nudibranchia\/doridina\/doridoidei\/doridoidea\/felimare-picta\/hypselodoris-picta-00\/\" border=\"0\" itemprop=\"url\"> <meta itemprop=\"width\" content=\"595\"> <meta itemprop=\"height\" content=\"403\"> <img decoding=\"async\" class=\"\" data-attachment-id=\"4610\" data-orig-file=\"https:\/\/opistobranquis.info\/wp-content\/uploads\/2012\/12\/hypselodoris-picta-00.jpg\" data-orig-size=\"650,440\" data-comments-opened=\"\" data-image-title=\"Felimare picta\" data-image-description=\"&lt;p&gt;Felimare picta&lt;\/p&gt; \" data-medium-file=\"https:\/\/i0.wp.com\/opistobranquis.info\/wp-content\/uploads\/2012\/12\/hypselodoris-picta-00.jpg?fit=300%2C203&#038;ssl=1\" data-large-file=\"https:\/\/i0.wp.com\/opistobranquis.info\/wp-content\/uploads\/2012\/12\/hypselodoris-picta-00.jpg?fit=650%2C440&#038;ssl=1\" src=\"https:\/\/i0.wp.com\/opistobranquis.info\/wp-content\/uploads\/2012\/12\/hypselodoris-picta-00.jpg?w=595&#038;h=403&#038;ssl=1\" srcset=\"https:\/\/i0.wp.com\/opistobranquis.info\/wp-content\/uploads\/2012\/12\/hypselodoris-picta-00.jpg?w=650&amp;ssl=1 650w, https:\/\/i0.wp.com\/opistobranquis.info\/wp-content\/uploads\/2012\/12\/hypselodoris-picta-00.jpg?resize=300%2C203&amp;ssl=1 300w\" width=\"595\" height=\"403\" loading=\"lazy\" data-original-width=\"595\" data-original-height=\"403\" itemprop=\"http:\/\/schema.org\/image\" title=\"Felimare picta\" alt=\"Felimare picta\" style=\"width: 595px; height: 403px;\" \/> <\/a> <div class=\"tiled-gallery-caption\" itemprop=\"caption description\"> Felimare picta <\/div> <\/div> <\/div> <!-- close group --> <div class=\"gallery-group images-2\" style=\"width: 301px; height: 407px;\" data-original-width=\"301\" data-original-height=\"407\" > <div class=\"tiled-gallery-item tiled-gallery-item-large\" itemprop=\"associatedMedia\" itemscope itemtype=\"http:\/\/schema.org\/ImageObject\"> <a href=\"https:\/\/opistobranquis.info\/ca\/guia\/nudibranchia\/doridina\/doridoidei\/doridoidea\/felimare-picta\/hypselodoris-picta-02\/\" border=\"0\" itemprop=\"url\"> <meta itemprop=\"width\" content=\"297\"> <meta itemprop=\"height\" content=\"201\"> <img decoding=\"async\" class=\"\" data-attachment-id=\"4611\" data-orig-file=\"https:\/\/opistobranquis.info\/wp-content\/uploads\/2012\/12\/hypselodoris-picta-02.jpg\" data-orig-size=\"650,439\" data-comments-opened=\"\" data-image-title=\"Felimare picta\" data-image-description=\"&lt;p&gt;Felimare picta&lt;\/p&gt; \" data-medium-file=\"https:\/\/i0.wp.com\/opistobranquis.info\/wp-content\/uploads\/2012\/12\/hypselodoris-picta-02.jpg?fit=300%2C202&#038;ssl=1\" data-large-file=\"https:\/\/i0.wp.com\/opistobranquis.info\/wp-content\/uploads\/2012\/12\/hypselodoris-picta-02.jpg?fit=650%2C439&#038;ssl=1\" src=\"https:\/\/i0.wp.com\/opistobranquis.info\/wp-content\/uploads\/2012\/12\/hypselodoris-picta-02.jpg?w=297&#038;h=201&#038;ssl=1\" srcset=\"https:\/\/i0.wp.com\/opistobranquis.info\/wp-content\/uploads\/2012\/12\/hypselodoris-picta-02.jpg?w=650&amp;ssl=1 650w, https:\/\/i0.wp.com\/opistobranquis.info\/wp-content\/uploads\/2012\/12\/hypselodoris-picta-02.jpg?resize=300%2C202&amp;ssl=1 300w\" width=\"297\" height=\"201\" loading=\"lazy\" data-original-width=\"297\" data-original-height=\"201\" itemprop=\"http:\/\/schema.org\/image\" title=\"Felimare picta\" alt=\"Felimare picta\" style=\"width: 297px; height: 201px;\" \/> <\/a> <div class=\"tiled-gallery-caption\" itemprop=\"caption description\"> Felimare picta <\/div> <\/div> <div class=\"tiled-gallery-item tiled-gallery-item-large\" itemprop=\"associatedMedia\" itemscope itemtype=\"http:\/\/schema.org\/ImageObject\"> <a href=\"https:\/\/opistobranquis.info\/ca\/guia\/nudibranchia\/doridina\/doridoidei\/doridoidea\/felimare-picta\/hypselodoris-picta-03\/\" border=\"0\" itemprop=\"url\"> <meta itemprop=\"width\" content=\"297\"> <meta itemprop=\"height\" content=\"198\"> <img decoding=\"async\" class=\"\" data-attachment-id=\"4612\" data-orig-file=\"https:\/\/opistobranquis.info\/wp-content\/uploads\/2012\/12\/hypselodoris-picta-03.jpg\" data-orig-size=\"650,432\" data-comments-opened=\"\" data-image-title=\"Felimare picta\" data-image-description=\"&lt;p&gt;Felimare picta&lt;\/p&gt; \" data-medium-file=\"https:\/\/i0.wp.com\/opistobranquis.info\/wp-content\/uploads\/2012\/12\/hypselodoris-picta-03.jpg?fit=300%2C199&#038;ssl=1\" data-large-file=\"https:\/\/i0.wp.com\/opistobranquis.info\/wp-content\/uploads\/2012\/12\/hypselodoris-picta-03.jpg?fit=650%2C432&#038;ssl=1\" src=\"https:\/\/i0.wp.com\/opistobranquis.info\/wp-content\/uploads\/2012\/12\/hypselodoris-picta-03.jpg?w=297&#038;h=198&#038;ssl=1\" srcset=\"https:\/\/i0.wp.com\/opistobranquis.info\/wp-content\/uploads\/2012\/12\/hypselodoris-picta-03.jpg?w=650&amp;ssl=1 650w, https:\/\/i0.wp.com\/opistobranquis.info\/wp-content\/uploads\/2012\/12\/hypselodoris-picta-03.jpg?resize=300%2C199&amp;ssl=1 300w\" width=\"297\" height=\"198\" loading=\"lazy\" data-original-width=\"297\" data-original-height=\"198\" itemprop=\"http:\/\/schema.org\/image\" title=\"Felimare picta\" alt=\"Felimare picta\" style=\"width: 297px; height: 198px;\" \/> <\/a> <div class=\"tiled-gallery-caption\" itemprop=\"caption description\"> Felimare picta <\/div> <\/div> <\/div> <!-- close group --> <\/div> <!-- close row --> <div class=\"gallery-row\" style=\"width: 900px; height: 420px;\" data-original-width=\"900\" data-original-height=\"420\" > <div class=\"gallery-group images-2\" style=\"width: 306px; height: 420px;\" data-original-width=\"306\" data-original-height=\"420\" > <div class=\"tiled-gallery-item tiled-gallery-item-large\" itemprop=\"associatedMedia\" itemscope itemtype=\"http:\/\/schema.org\/ImageObject\"> <a href=\"https:\/\/opistobranquis.info\/ca\/guia\/nudibranchia\/doridina\/doridoidei\/doridoidea\/felimare-picta\/hypselodoris-picta-04\/\" border=\"0\" itemprop=\"url\"> <meta itemprop=\"width\" content=\"302\"> <meta itemprop=\"height\" content=\"208\"> <img decoding=\"async\" class=\"\" data-attachment-id=\"4613\" data-orig-file=\"https:\/\/opistobranquis.info\/wp-content\/uploads\/2012\/12\/hypselodoris-picta-04.jpg\" data-orig-size=\"650,449\" data-comments-opened=\"\" data-image-title=\"Felimare picta\" data-image-description=\"&lt;p&gt;Felimare picta&lt;\/p&gt; \" data-medium-file=\"https:\/\/i0.wp.com\/opistobranquis.info\/wp-content\/uploads\/2012\/12\/hypselodoris-picta-04.jpg?fit=300%2C207&#038;ssl=1\" data-large-file=\"https:\/\/i0.wp.com\/opistobranquis.info\/wp-content\/uploads\/2012\/12\/hypselodoris-picta-04.jpg?fit=650%2C449&#038;ssl=1\" src=\"https:\/\/i0.wp.com\/opistobranquis.info\/wp-content\/uploads\/2012\/12\/hypselodoris-picta-04.jpg?w=302&#038;h=208&#038;ssl=1\" srcset=\"https:\/\/i0.wp.com\/opistobranquis.info\/wp-content\/uploads\/2012\/12\/hypselodoris-picta-04.jpg?w=650&amp;ssl=1 650w, https:\/\/i0.wp.com\/opistobranquis.info\/wp-content\/uploads\/2012\/12\/hypselodoris-picta-04.jpg?resize=300%2C207&amp;ssl=1 300w\" width=\"302\" height=\"208\" loading=\"lazy\" data-original-width=\"302\" data-original-height=\"208\" itemprop=\"http:\/\/schema.org\/image\" title=\"Felimare picta\" alt=\"Felimare picta\" style=\"width: 302px; height: 208px;\" \/> <\/a> <div class=\"tiled-gallery-caption\" itemprop=\"caption description\"> Felimare picta <\/div> <\/div> <div class=\"tiled-gallery-item tiled-gallery-item-large\" itemprop=\"associatedMedia\" itemscope itemtype=\"http:\/\/schema.org\/ImageObject\"> <a href=\"https:\/\/opistobranquis.info\/ca\/guia\/nudibranchia\/doridina\/doridoidei\/doridoidea\/felimare-picta\/hypselodoris-picta-06\/\" border=\"0\" itemprop=\"url\"> <meta itemprop=\"width\" content=\"302\"> <meta itemprop=\"height\" content=\"204\"> <img decoding=\"async\" class=\"\" data-attachment-id=\"4614\" data-orig-file=\"https:\/\/opistobranquis.info\/wp-content\/uploads\/2012\/12\/hypselodoris-picta-06.jpg\" data-orig-size=\"650,440\" data-comments-opened=\"\" data-image-title=\"Felimare picta\" data-image-description=\"&lt;p&gt;Felimare picta&lt;\/p&gt; \" data-medium-file=\"https:\/\/i0.wp.com\/opistobranquis.info\/wp-content\/uploads\/2012\/12\/hypselodoris-picta-06.jpg?fit=300%2C203&#038;ssl=1\" data-large-file=\"https:\/\/i0.wp.com\/opistobranquis.info\/wp-content\/uploads\/2012\/12\/hypselodoris-picta-06.jpg?fit=650%2C440&#038;ssl=1\" src=\"https:\/\/i0.wp.com\/opistobranquis.info\/wp-content\/uploads\/2012\/12\/hypselodoris-picta-06.jpg?w=302&#038;h=204&#038;ssl=1\" srcset=\"https:\/\/i0.wp.com\/opistobranquis.info\/wp-content\/uploads\/2012\/12\/hypselodoris-picta-06.jpg?w=650&amp;ssl=1 650w, https:\/\/i0.wp.com\/opistobranquis.info\/wp-content\/uploads\/2012\/12\/hypselodoris-picta-06.jpg?resize=300%2C203&amp;ssl=1 300w\" width=\"302\" height=\"204\" loading=\"lazy\" data-original-width=\"302\" data-original-height=\"204\" itemprop=\"http:\/\/schema.org\/image\" title=\"Felimare picta\" alt=\"Felimare picta\" style=\"width: 302px; height: 204px;\" \/> <\/a> <div class=\"tiled-gallery-caption\" itemprop=\"caption description\"> Felimare picta <\/div> <\/div> <\/div> <!-- close group --> <div class=\"gallery-group images-1\" style=\"width: 285px; height: 420px;\" data-original-width=\"285\" data-original-height=\"420\" > <div class=\"tiled-gallery-item tiled-gallery-item-large\" itemprop=\"associatedMedia\" itemscope itemtype=\"http:\/\/schema.org\/ImageObject\"> <a href=\"https:\/\/opistobranquis.info\/ca\/guia\/nudibranchia\/doridina\/doridoidei\/doridoidea\/felimare-picta\/hypselodoris-picta-09\/\" border=\"0\" itemprop=\"url\"> <meta itemprop=\"width\" content=\"281\"> <meta itemprop=\"height\" content=\"416\"> <img decoding=\"async\" class=\"\" data-attachment-id=\"4615\" data-orig-file=\"https:\/\/opistobranquis.info\/wp-content\/uploads\/2012\/12\/hypselodoris-picta-09.jpg\" data-orig-size=\"331,490\" data-comments-opened=\"\" data-image-title=\"Felimare picta\" data-image-description=\"&lt;p&gt;Felimare picta&lt;\/p&gt; \" data-medium-file=\"https:\/\/i0.wp.com\/opistobranquis.info\/wp-content\/uploads\/2012\/12\/hypselodoris-picta-09.jpg?fit=202%2C300&#038;ssl=1\" data-large-file=\"https:\/\/i0.wp.com\/opistobranquis.info\/wp-content\/uploads\/2012\/12\/hypselodoris-picta-09.jpg?fit=331%2C490&#038;ssl=1\" src=\"https:\/\/i0.wp.com\/opistobranquis.info\/wp-content\/uploads\/2012\/12\/hypselodoris-picta-09.jpg?w=281&#038;h=416&#038;ssl=1\" srcset=\"https:\/\/i0.wp.com\/opistobranquis.info\/wp-content\/uploads\/2012\/12\/hypselodoris-picta-09.jpg?w=331&amp;ssl=1 331w, https:\/\/i0.wp.com\/opistobranquis.info\/wp-content\/uploads\/2012\/12\/hypselodoris-picta-09.jpg?resize=202%2C300&amp;ssl=1 202w\" width=\"281\" height=\"416\" loading=\"lazy\" data-original-width=\"281\" data-original-height=\"416\" itemprop=\"http:\/\/schema.org\/image\" title=\"Felimare picta\" alt=\"Felimare picta\" style=\"width: 281px; height: 416px;\" \/> <\/a> <div class=\"tiled-gallery-caption\" itemprop=\"caption description\"> Felimare picta <\/div> <\/div> <\/div> <!-- close group --> <div class=\"gallery-group images-2\" style=\"width: 309px; height: 420px;\" data-original-width=\"309\" data-original-height=\"420\" > <div class=\"tiled-gallery-item tiled-gallery-item-large\" itemprop=\"associatedMedia\" itemscope itemtype=\"http:\/\/schema.org\/ImageObject\"> <a href=\"https:\/\/opistobranquis.info\/ca\/guia\/nudibranchia\/doridina\/doridoidei\/doridoidea\/felimare-picta\/hypselodoris-picta-10\/\" border=\"0\" itemprop=\"url\"> <meta itemprop=\"width\" content=\"305\"> <meta itemprop=\"height\" content=\"206\"> <img decoding=\"async\" class=\"\" data-attachment-id=\"4616\" data-orig-file=\"https:\/\/opistobranquis.info\/wp-content\/uploads\/2012\/12\/hypselodoris-picta-10.jpg\" data-orig-size=\"650,439\" data-comments-opened=\"\" data-image-title=\"Felimare picta\" data-image-description=\"&lt;p&gt;Felimare picta&lt;\/p&gt; \" data-medium-file=\"https:\/\/i0.wp.com\/opistobranquis.info\/wp-content\/uploads\/2012\/12\/hypselodoris-picta-10.jpg?fit=300%2C202&#038;ssl=1\" data-large-file=\"https:\/\/i0.wp.com\/opistobranquis.info\/wp-content\/uploads\/2012\/12\/hypselodoris-picta-10.jpg?fit=650%2C439&#038;ssl=1\" src=\"https:\/\/i0.wp.com\/opistobranquis.info\/wp-content\/uploads\/2012\/12\/hypselodoris-picta-10.jpg?w=305&#038;h=206&#038;ssl=1\" srcset=\"https:\/\/i0.wp.com\/opistobranquis.info\/wp-content\/uploads\/2012\/12\/hypselodoris-picta-10.jpg?w=650&amp;ssl=1 650w, https:\/\/i0.wp.com\/opistobranquis.info\/wp-content\/uploads\/2012\/12\/hypselodoris-picta-10.jpg?resize=300%2C202&amp;ssl=1 300w\" width=\"305\" height=\"206\" loading=\"lazy\" data-original-width=\"305\" data-original-height=\"206\" itemprop=\"http:\/\/schema.org\/image\" title=\"Felimare picta\" alt=\"Felimare picta\" style=\"width: 305px; height: 206px;\" \/> <\/a> <div class=\"tiled-gallery-caption\" itemprop=\"caption description\"> Felimare picta <\/div> <\/div> <div class=\"tiled-gallery-item tiled-gallery-item-large\" itemprop=\"associatedMedia\" itemscope itemtype=\"http:\/\/schema.org\/ImageObject\"> <a href=\"https:\/\/opistobranquis.info\/ca\/guia\/nudibranchia\/doridina\/doridoidei\/doridoidea\/felimare-picta\/hypselodoris-picta-18-juvenil\/\" border=\"0\" itemprop=\"url\"> <meta itemprop=\"width\" content=\"305\"> <meta itemprop=\"height\" content=\"206\"> <img decoding=\"async\" class=\"\" data-attachment-id=\"4617\" data-orig-file=\"https:\/\/opistobranquis.info\/wp-content\/uploads\/2012\/12\/hypselodoris-picta-18-juvenil.jpg\" data-orig-size=\"650,439\" data-comments-opened=\"\" data-image-title=\"Felimare picta juvenil\" data-image-description=\"&lt;p&gt;Felimare picta juvenil&lt;\/p&gt; \" data-medium-file=\"https:\/\/i0.wp.com\/opistobranquis.info\/wp-content\/uploads\/2012\/12\/hypselodoris-picta-18-juvenil.jpg?fit=300%2C202&#038;ssl=1\" data-large-file=\"https:\/\/i0.wp.com\/opistobranquis.info\/wp-content\/uploads\/2012\/12\/hypselodoris-picta-18-juvenil.jpg?fit=650%2C439&#038;ssl=1\" src=\"https:\/\/i0.wp.com\/opistobranquis.info\/wp-content\/uploads\/2012\/12\/hypselodoris-picta-18-juvenil.jpg?w=305&#038;h=206&#038;ssl=1\" srcset=\"https:\/\/i0.wp.com\/opistobranquis.info\/wp-content\/uploads\/2012\/12\/hypselodoris-picta-18-juvenil.jpg?w=650&amp;ssl=1 650w, https:\/\/i0.wp.com\/opistobranquis.info\/wp-content\/uploads\/2012\/12\/hypselodoris-picta-18-juvenil.jpg?resize=300%2C202&amp;ssl=1 300w\" width=\"305\" height=\"206\" loading=\"lazy\" data-original-width=\"305\" data-original-height=\"206\" itemprop=\"http:\/\/schema.org\/image\" title=\"Felimare picta juvenil\" alt=\"Felimare picta juvenil\" style=\"width: 305px; height: 206px;\" \/> <\/a> <div class=\"tiled-gallery-caption\" itemprop=\"caption description\"> Felimare picta juvenil <\/div> <\/div> <\/div> <!-- close group --> <\/div> <!-- close row --> <div class=\"gallery-row\" style=\"width: 900px; height: 405px;\" data-original-width=\"900\" data-original-height=\"405\" > <div class=\"gallery-group images-2\" style=\"width: 299px; height: 405px;\" data-original-width=\"299\" data-original-height=\"405\" > <div class=\"tiled-gallery-item tiled-gallery-item-large\" itemprop=\"associatedMedia\" itemscope itemtype=\"http:\/\/schema.org\/ImageObject\"> <a href=\"https:\/\/opistobranquis.info\/ca\/guia\/nudibranchia\/doridina\/doridoidei\/doridoidea\/felimare-picta\/hypselodoris-picta-19\/\" border=\"0\" itemprop=\"url\"> <meta itemprop=\"width\" content=\"295\"> <meta itemprop=\"height\" content=\"199\"> <img decoding=\"async\" class=\"\" data-attachment-id=\"4618\" data-orig-file=\"https:\/\/opistobranquis.info\/wp-content\/uploads\/2012\/12\/hypselodoris-picta-19.jpg\" data-orig-size=\"650,437\" data-comments-opened=\"\" data-image-title=\"Felimare picta\" data-image-description=\"&lt;p&gt;Felimare picta&lt;\/p&gt; \" data-medium-file=\"https:\/\/i0.wp.com\/opistobranquis.info\/wp-content\/uploads\/2012\/12\/hypselodoris-picta-19.jpg?fit=300%2C201&#038;ssl=1\" data-large-file=\"https:\/\/i0.wp.com\/opistobranquis.info\/wp-content\/uploads\/2012\/12\/hypselodoris-picta-19.jpg?fit=650%2C437&#038;ssl=1\" src=\"https:\/\/i0.wp.com\/opistobranquis.info\/wp-content\/uploads\/2012\/12\/hypselodoris-picta-19.jpg?w=295&#038;h=199&#038;ssl=1\" srcset=\"https:\/\/i0.wp.com\/opistobranquis.info\/wp-content\/uploads\/2012\/12\/hypselodoris-picta-19.jpg?w=650&amp;ssl=1 650w, https:\/\/i0.wp.com\/opistobranquis.info\/wp-content\/uploads\/2012\/12\/hypselodoris-picta-19.jpg?resize=300%2C201&amp;ssl=1 300w\" width=\"295\" height=\"199\" loading=\"lazy\" data-original-width=\"295\" data-original-height=\"199\" itemprop=\"http:\/\/schema.org\/image\" title=\"Felimare picta\" alt=\"Felimare picta\" style=\"width: 295px; height: 199px;\" \/> <\/a> <div class=\"tiled-gallery-caption\" itemprop=\"caption description\"> Felimare picta <\/div> <\/div> <div class=\"tiled-gallery-item tiled-gallery-item-large\" itemprop=\"associatedMedia\" itemscope itemtype=\"http:\/\/schema.org\/ImageObject\"> <a href=\"https:\/\/opistobranquis.info\/ca\/guia\/nudibranchia\/doridina\/doridoidei\/doridoidea\/felimare-picta\/hypselodoris-picta-24\/\" border=\"0\" itemprop=\"url\"> <meta itemprop=\"width\" content=\"295\"> <meta itemprop=\"height\" content=\"198\"> <img decoding=\"async\" class=\"\" data-attachment-id=\"4619\" data-orig-file=\"https:\/\/opistobranquis.info\/wp-content\/uploads\/2012\/12\/hypselodoris-picta-24.jpg\" data-orig-size=\"650,437\" data-comments-opened=\"\" data-image-title=\"Felimare picta\" data-image-description=\"&lt;p&gt;Felimare picta&lt;\/p&gt; \" data-medium-file=\"https:\/\/i0.wp.com\/opistobranquis.info\/wp-content\/uploads\/2012\/12\/hypselodoris-picta-24.jpg?fit=300%2C201&#038;ssl=1\" data-large-file=\"https:\/\/i0.wp.com\/opistobranquis.info\/wp-content\/uploads\/2012\/12\/hypselodoris-picta-24.jpg?fit=650%2C437&#038;ssl=1\" src=\"https:\/\/i0.wp.com\/opistobranquis.info\/wp-content\/uploads\/2012\/12\/hypselodoris-picta-24.jpg?w=295&#038;h=198&#038;ssl=1\" srcset=\"https:\/\/i0.wp.com\/opistobranquis.info\/wp-content\/uploads\/2012\/12\/hypselodoris-picta-24.jpg?w=650&amp;ssl=1 650w, https:\/\/i0.wp.com\/opistobranquis.info\/wp-content\/uploads\/2012\/12\/hypselodoris-picta-24.jpg?resize=300%2C201&amp;ssl=1 300w\" width=\"295\" height=\"198\" loading=\"lazy\" data-original-width=\"295\" data-original-height=\"198\" itemprop=\"http:\/\/schema.org\/image\" title=\"Felimare picta\" alt=\"Felimare picta\" style=\"width: 295px; height: 198px;\" \/> <\/a> <div class=\"tiled-gallery-caption\" itemprop=\"caption description\"> Felimare picta <\/div> <\/div> <\/div> <!-- close group --> <div class=\"gallery-group images-1\" style=\"width: 601px; height: 405px;\" data-original-width=\"601\" data-original-height=\"405\" > <div class=\"tiled-gallery-item tiled-gallery-item-large\" itemprop=\"associatedMedia\" itemscope itemtype=\"http:\/\/schema.org\/ImageObject\"> <a href=\"https:\/\/opistobranquis.info\/ca\/guia\/nudibranchia\/doridina\/doridoidei\/doridoidea\/felimare-picta\/hypselodoris-picta-28\/\" border=\"0\" itemprop=\"url\"> <meta itemprop=\"width\" content=\"597\"> <meta itemprop=\"height\" content=\"401\"> <img decoding=\"async\" class=\"\" data-attachment-id=\"4620\" data-orig-file=\"https:\/\/opistobranquis.info\/wp-content\/uploads\/2012\/12\/hypselodoris-picta-28.jpg\" data-orig-size=\"650,436\" data-comments-opened=\"\" data-image-title=\"Felimare picta\" data-image-description=\"&lt;p&gt;Felimare picta&lt;\/p&gt; \" data-medium-file=\"https:\/\/i0.wp.com\/opistobranquis.info\/wp-content\/uploads\/2012\/12\/hypselodoris-picta-28.jpg?fit=300%2C201&#038;ssl=1\" data-large-file=\"https:\/\/i0.wp.com\/opistobranquis.info\/wp-content\/uploads\/2012\/12\/hypselodoris-picta-28.jpg?fit=650%2C436&#038;ssl=1\" src=\"https:\/\/i0.wp.com\/opistobranquis.info\/wp-content\/uploads\/2012\/12\/hypselodoris-picta-28.jpg?w=597&#038;h=401&#038;ssl=1\" srcset=\"https:\/\/i0.wp.com\/opistobranquis.info\/wp-content\/uploads\/2012\/12\/hypselodoris-picta-28.jpg?w=650&amp;ssl=1 650w, https:\/\/i0.wp.com\/opistobranquis.info\/wp-content\/uploads\/2012\/12\/hypselodoris-picta-28.jpg?resize=300%2C201&amp;ssl=1 300w\" width=\"597\" height=\"401\" loading=\"lazy\" data-original-width=\"597\" data-original-height=\"401\" itemprop=\"http:\/\/schema.org\/image\" title=\"Felimare picta\" alt=\"Felimare picta\" style=\"width: 597px; height: 401px;\" \/> <\/a> <\/div> <\/div> <!-- close group --> <\/div> <!-- close row --> <div class=\"gallery-row\" style=\"width: 900px; height: 304px;\" data-original-width=\"900\" data-original-height=\"304\" > <div class=\"gallery-group images-1\" style=\"width: 446px; height: 304px;\" data-original-width=\"446\" data-original-height=\"304\" > <div class=\"tiled-gallery-item tiled-gallery-item-large\" itemprop=\"associatedMedia\" itemscope itemtype=\"http:\/\/schema.org\/ImageObject\"> <a href=\"https:\/\/opistobranquis.info\/ca\/guia\/nudibranchia\/doridina\/doridoidei\/doridoidea\/felimare-picta\/olympus-digital-camera-8\/\" border=\"0\" itemprop=\"url\"> <meta itemprop=\"width\" content=\"442\"> <meta itemprop=\"height\" content=\"300\"> <img decoding=\"async\" class=\"\" data-attachment-id=\"4622\" data-orig-file=\"https:\/\/opistobranquis.info\/wp-content\/uploads\/2012\/12\/hypselodoris-picta-liberando-longifolina-p5230076.jpg\" data-orig-size=\"808,549\" data-comments-opened=\"\" data-image-title=\"Felimare picta expelling defensive substances by Manuel Ballesteros\" data-image-description=\"&lt;p&gt;Felimare picta expelling defensive substances by Manuel Ballesteros&lt;\/p&gt; \" data-medium-file=\"https:\/\/i0.wp.com\/opistobranquis.info\/wp-content\/uploads\/2012\/12\/hypselodoris-picta-liberando-longifolina-p5230076.jpg?fit=300%2C203&#038;ssl=1\" data-large-file=\"https:\/\/i0.wp.com\/opistobranquis.info\/wp-content\/uploads\/2012\/12\/hypselodoris-picta-liberando-longifolina-p5230076.jpg?fit=808%2C549&#038;ssl=1\" src=\"https:\/\/i0.wp.com\/opistobranquis.info\/wp-content\/uploads\/2012\/12\/hypselodoris-picta-liberando-longifolina-p5230076.jpg?w=442&#038;h=300&#038;ssl=1\" srcset=\"https:\/\/i0.wp.com\/opistobranquis.info\/wp-content\/uploads\/2012\/12\/hypselodoris-picta-liberando-longifolina-p5230076.jpg?w=808&amp;ssl=1 808w, https:\/\/i0.wp.com\/opistobranquis.info\/wp-content\/uploads\/2012\/12\/hypselodoris-picta-liberando-longifolina-p5230076.jpg?resize=300%2C203&amp;ssl=1 300w\" width=\"442\" height=\"300\" loading=\"lazy\" data-original-width=\"442\" data-original-height=\"300\" itemprop=\"http:\/\/schema.org\/image\" title=\"Felimare picta expelling defensive substances by Manuel Ballesteros\" alt=\"Felimare picta expelling defensive substances by Manuel Ballesteros\" style=\"width: 442px; height: 300px;\" \/> <\/a> <div class=\"tiled-gallery-caption\" itemprop=\"caption description\"> Felimare picta expelling defensive substances by Manuel Ballesteros <\/div> <\/div> <\/div> <!-- close group --> <div class=\"gallery-group images-1\" style=\"width: 454px; height: 304px;\" data-original-width=\"454\" data-original-height=\"304\" > <div class=\"tiled-gallery-item tiled-gallery-item-large\" itemprop=\"associatedMedia\" itemscope itemtype=\"http:\/\/schema.org\/ImageObject\"> <a href=\"https:\/\/opistobranquis.info\/ca\/guia\/nudibranchia\/doridina\/doridoidei\/doridoidea\/felimare-picta\/felimare-picta-portugal-by-joao-pedro-silva\/\" border=\"0\" itemprop=\"url\"> <meta itemprop=\"width\" content=\"450\"> <meta itemprop=\"height\" content=\"300\"> <img decoding=\"async\" class=\"\" data-attachment-id=\"15946\" data-orig-file=\"https:\/\/opistobranquis.info\/wp-content\/uploads\/2014\/10\/Felimare-picta-Portugal-by-Joao-Pedro-Silva.jpg\" data-orig-size=\"800,533\" data-comments-opened=\"\" data-image-title=\"Felimare picta (Portugal) by Joao Pedro Silva\" data-image-description=\"&lt;p&gt;Felimare picta (Portugal) by Joao Pedro Silva&lt;\/p&gt; \" data-medium-file=\"https:\/\/i0.wp.com\/opistobranquis.info\/wp-content\/uploads\/2014\/10\/Felimare-picta-Portugal-by-Joao-Pedro-Silva.jpg?fit=300%2C199&#038;ssl=1\" data-large-file=\"https:\/\/i0.wp.com\/opistobranquis.info\/wp-content\/uploads\/2014\/10\/Felimare-picta-Portugal-by-Joao-Pedro-Silva.jpg?fit=800%2C533&#038;ssl=1\" src=\"https:\/\/i0.wp.com\/opistobranquis.info\/wp-content\/uploads\/2014\/10\/Felimare-picta-Portugal-by-Joao-Pedro-Silva.jpg?w=450&#038;h=300&#038;ssl=1\" srcset=\"https:\/\/i0.wp.com\/opistobranquis.info\/wp-content\/uploads\/2014\/10\/Felimare-picta-Portugal-by-Joao-Pedro-Silva.jpg?w=800&amp;ssl=1 800w, https:\/\/i0.wp.com\/opistobranquis.info\/wp-content\/uploads\/2014\/10\/Felimare-picta-Portugal-by-Joao-Pedro-Silva.jpg?resize=150%2C99&amp;ssl=1 150w, https:\/\/i0.wp.com\/opistobranquis.info\/wp-content\/uploads\/2014\/10\/Felimare-picta-Portugal-by-Joao-Pedro-Silva.jpg?resize=300%2C199&amp;ssl=1 300w\" width=\"450\" height=\"300\" loading=\"lazy\" data-original-width=\"450\" data-original-height=\"300\" itemprop=\"http:\/\/schema.org\/image\" title=\"Felimare picta (Portugal) by Joao Pedro Silva\" alt=\"Felimare picta (Portugal) by Joao Pedro Silva\" style=\"width: 450px; height: 300px;\" \/> <\/a> <div class=\"tiled-gallery-caption\" itemprop=\"caption description\"> Felimare picta (Portugal) by Joao Pedro Silva <\/div> <\/div> <\/div> <!-- close group --> <\/div> <!-- close row --> <div class=\"gallery-row\" style=\"width: 900px; height: 426px;\" data-original-width=\"900\" data-original-height=\"426\" > <div class=\"gallery-group images-1\" style=\"width: 637px; height: 426px;\" data-original-width=\"637\" data-original-height=\"426\" > <div class=\"tiled-gallery-item tiled-gallery-item-large\" itemprop=\"associatedMedia\" itemscope itemtype=\"http:\/\/schema.org\/ImageObject\"> <a href=\"https:\/\/opistobranquis.info\/ca\/guia\/nudibranchia\/doridina\/doridoidei\/doridoidea\/felimare-picta\/felimare-picta-azorica-portugal-by-joao-pedro-silva\/\" border=\"0\" itemprop=\"url\"> <meta itemprop=\"width\" content=\"633\"> <meta itemprop=\"height\" content=\"422\"> <img decoding=\"async\" class=\"\" data-attachment-id=\"15947\" data-orig-file=\"https:\/\/opistobranquis.info\/wp-content\/uploads\/2014\/10\/Felimare-picta-azorica-Portugal-by-Joao-Pedro-Silva.jpg\" data-orig-size=\"800,533\" data-comments-opened=\"\" data-image-title=\"Felimare picta azorica (Portugal) by Joao Pedro Silva\" data-image-description=\"&lt;p&gt;Felimare picta azorica (Portugal) by Joao Pedro Silva&lt;\/p&gt; \" data-medium-file=\"https:\/\/i0.wp.com\/opistobranquis.info\/wp-content\/uploads\/2014\/10\/Felimare-picta-azorica-Portugal-by-Joao-Pedro-Silva.jpg?fit=300%2C199&#038;ssl=1\" data-large-file=\"https:\/\/i0.wp.com\/opistobranquis.info\/wp-content\/uploads\/2014\/10\/Felimare-picta-azorica-Portugal-by-Joao-Pedro-Silva.jpg?fit=800%2C533&#038;ssl=1\" src=\"https:\/\/i0.wp.com\/opistobranquis.info\/wp-content\/uploads\/2014\/10\/Felimare-picta-azorica-Portugal-by-Joao-Pedro-Silva.jpg?w=633&#038;h=422&#038;ssl=1\" srcset=\"https:\/\/i0.wp.com\/opistobranquis.info\/wp-content\/uploads\/2014\/10\/Felimare-picta-azorica-Portugal-by-Joao-Pedro-Silva.jpg?w=800&amp;ssl=1 800w, https:\/\/i0.wp.com\/opistobranquis.info\/wp-content\/uploads\/2014\/10\/Felimare-picta-azorica-Portugal-by-Joao-Pedro-Silva.jpg?resize=150%2C99&amp;ssl=1 150w, https:\/\/i0.wp.com\/opistobranquis.info\/wp-content\/uploads\/2014\/10\/Felimare-picta-azorica-Portugal-by-Joao-Pedro-Silva.jpg?resize=300%2C199&amp;ssl=1 300w\" width=\"633\" height=\"422\" loading=\"lazy\" data-original-width=\"633\" data-original-height=\"422\" itemprop=\"http:\/\/schema.org\/image\" title=\"Felimare picta azorica (Portugal) by Joao Pedro Silva\" alt=\"Felimare picta azorica (Portugal) by Joao Pedro Silva\" style=\"width: 633px; height: 422px;\" \/> <\/a> <div class=\"tiled-gallery-caption\" itemprop=\"caption description\"> Felimare picta azorica (Portugal) by Joao Pedro Silva <\/div> <\/div> <\/div> <!-- close group --> <div class=\"gallery-group images-2\" style=\"width: 263px; height: 426px;\" data-original-width=\"263\" data-original-height=\"426\" > <div class=\"tiled-gallery-item tiled-gallery-item-large\" itemprop=\"associatedMedia\" itemscope itemtype=\"http:\/\/schema.org\/ImageObject\"> <a href=\"https:\/\/opistobranquis.info\/ca\/guia\/nudibranchia\/doridina\/doridoidei\/doridoidea\/felimare-picta\/radula-de-felimare-picta-by-luis-sanchez-tocino\/\" border=\"0\" itemprop=\"url\"> <meta itemprop=\"width\" content=\"259\"> <meta itemprop=\"height\" content=\"254\"> <img decoding=\"async\" class=\"\" data-attachment-id=\"17027\" data-orig-file=\"https:\/\/opistobranquis.info\/wp-content\/uploads\/2014\/12\/Radula-de-Felimare-picta-by-Luis-S\u00e1nchez-Tocino.png\" data-orig-size=\"588,576\" data-comments-opened=\"\" data-image-title=\"Radula de Felimare picta by Luis S\u00e1nchez-Tocino\" data-image-description=\"&lt;p&gt;Radula de Felimare picta by Luis S\u00e1nchez-Tocino&lt;\/p&gt; \" data-medium-file=\"https:\/\/i0.wp.com\/opistobranquis.info\/wp-content\/uploads\/2014\/12\/Radula-de-Felimare-picta-by-Luis-S%C3%A1nchez-Tocino.png?fit=300%2C293&#038;ssl=1\" data-large-file=\"https:\/\/i0.wp.com\/opistobranquis.info\/wp-content\/uploads\/2014\/12\/Radula-de-Felimare-picta-by-Luis-S%C3%A1nchez-Tocino.png?fit=588%2C576&#038;ssl=1\" src=\"https:\/\/i0.wp.com\/opistobranquis.info\/wp-content\/uploads\/2014\/12\/Radula-de-Felimare-picta-by-Luis-S%C3%A1nchez-Tocino.png?w=259&#038;h=254&#038;ssl=1\" width=\"259\" height=\"254\" loading=\"lazy\" data-original-width=\"259\" data-original-height=\"254\" itemprop=\"http:\/\/schema.org\/image\" title=\"Radula de Felimare picta by Luis S\u00e1nchez-Tocino\" alt=\"Radula de Felimare picta by Luis S\u00e1nchez-Tocino\" style=\"width: 259px; height: 254px;\" \/> <\/a> <div class=\"tiled-gallery-caption\" itemprop=\"caption description\"> Radula de Felimare picta by Luis S\u00e1nchez-Tocino <\/div> <\/div> <div class=\"tiled-gallery-item tiled-gallery-item-large\" itemprop=\"associatedMedia\" itemscope itemtype=\"http:\/\/schema.org\/ImageObject\"> <a href=\"https:\/\/opistobranquis.info\/ca\/guia\/nudibranchia\/doridina\/doridoidei\/doridoidea\/felimare-picta\/olympus-digital-camera-41\/\" border=\"0\" itemprop=\"url\"> <meta itemprop=\"width\" content=\"259\"> <meta itemprop=\"height\" content=\"164\"> <img decoding=\"async\" class=\"\" data-attachment-id=\"17639\" data-orig-file=\"https:\/\/opistobranquis.info\/wp-content\/uploads\/2012\/05\/Felimare-picta-Atlantic-form-@-Canary-Islands-28m-by-Manuel-Mart\u00ednez-Chac\u00f3n.jpg\" data-orig-size=\"800,507\" data-comments-opened=\"\" data-image-title=\"Felimare picta (Atlantic form) @ Canary Islands, 28m, by Manuel Mart\u00ednez Chac\u00f3n\" data-image-description=\"&lt;p&gt;Felimare picta (Atlantic form) @ Canary Islands, 28m, by Manuel Mart\u00ednez Chac\u00f3n&lt;\/p&gt; \" data-medium-file=\"https:\/\/i0.wp.com\/opistobranquis.info\/wp-content\/uploads\/2012\/05\/Felimare-picta-Atlantic-form-%40-Canary-Islands-28m-by-Manuel-Mart%C3%ADnez-Chac%C3%B3n.jpg?fit=300%2C190&#038;ssl=1\" data-large-file=\"https:\/\/i0.wp.com\/opistobranquis.info\/wp-content\/uploads\/2012\/05\/Felimare-picta-Atlantic-form-%40-Canary-Islands-28m-by-Manuel-Mart%C3%ADnez-Chac%C3%B3n.jpg?fit=800%2C507&#038;ssl=1\" src=\"https:\/\/i0.wp.com\/opistobranquis.info\/wp-content\/uploads\/2012\/05\/Felimare-picta-Atlantic-form-%40-Canary-Islands-28m-by-Manuel-Mart%C3%ADnez-Chac%C3%B3n.jpg?w=259&#038;h=164&#038;ssl=1\" width=\"259\" height=\"164\" loading=\"lazy\" data-original-width=\"259\" data-original-height=\"164\" itemprop=\"http:\/\/schema.org\/image\" title=\"Felimare picta (Atlantic form) @ Canary Islands, 28m, by Manuel Mart\u00ednez Chac\u00f3n\" alt=\"Felimare picta (Atlantic form) @ Canary Islands, 28m, by Manuel Mart\u00ednez Chac\u00f3n\" style=\"width: 259px; height: 164px;\" \/> <\/a> <div class=\"tiled-gallery-caption\" itemprop=\"caption description\"> Felimare picta (Atlantic form) @ Canary Islands, 28m, by Manuel Mart\u00ednez Chac\u00f3n <\/div> <\/div> <\/div> <!-- close group --> <\/div> <!-- close row --> <div class=\"gallery-row\" style=\"width: 900px; height: 271px;\" data-original-width=\"900\" data-original-height=\"271\" > <div class=\"gallery-group images-1\" style=\"width: 319px; height: 271px;\" data-original-width=\"319\" data-original-height=\"271\" > <div class=\"tiled-gallery-item tiled-gallery-item-large\" itemprop=\"associatedMedia\" itemscope itemtype=\"http:\/\/schema.org\/ImageObject\"> <a href=\"https:\/\/opistobranquis.info\/ca\/guia\/nudibranchia\/doridina\/doridoidei\/doridoidea\/felimare-picta\/olympus-digital-camera-51\/\" border=\"0\" itemprop=\"url\"> <meta itemprop=\"width\" content=\"315\"> <meta itemprop=\"height\" content=\"267\"> <img decoding=\"async\" class=\"\" data-attachment-id=\"17955\" data-orig-file=\"https:\/\/opistobranquis.info\/wp-content\/uploads\/2015\/02\/se2.jpg\" data-orig-size=\"800,679\" data-comments-opened=\"\" data-image-title=\"Felimare picta (copula) @ Tarifa by Manuel Mart\u00ednez Chac\u00f3n\" data-image-description=\"&lt;p&gt;Felimare picta (copula) @ Tarifa by Manuel Mart\u00ednez Chac\u00f3n&lt;\/p&gt; \" data-medium-file=\"https:\/\/i0.wp.com\/opistobranquis.info\/wp-content\/uploads\/2015\/02\/se2.jpg?fit=300%2C255&#038;ssl=1\" data-large-file=\"https:\/\/i0.wp.com\/opistobranquis.info\/wp-content\/uploads\/2015\/02\/se2.jpg?fit=800%2C679&#038;ssl=1\" src=\"https:\/\/i0.wp.com\/opistobranquis.info\/wp-content\/uploads\/2015\/02\/se2.jpg?w=315&#038;h=267&#038;ssl=1\" srcset=\"https:\/\/i0.wp.com\/opistobranquis.info\/wp-content\/uploads\/2015\/02\/se2.jpg?w=800&amp;ssl=1 800w, https:\/\/i0.wp.com\/opistobranquis.info\/wp-content\/uploads\/2015\/02\/se2.jpg?resize=150%2C127&amp;ssl=1 150w, https:\/\/i0.wp.com\/opistobranquis.info\/wp-content\/uploads\/2015\/02\/se2.jpg?resize=300%2C255&amp;ssl=1 300w\" width=\"315\" height=\"267\" loading=\"lazy\" data-original-width=\"315\" data-original-height=\"267\" itemprop=\"http:\/\/schema.org\/image\" title=\"Felimare picta (copula) @ Tarifa by Manuel Mart\u00ednez Chac\u00f3n\" alt=\"Felimare picta (copula) @ Tarifa by Manuel Mart\u00ednez Chac\u00f3n\" style=\"width: 315px; height: 267px;\" \/> <\/a> <div class=\"tiled-gallery-caption\" itemprop=\"caption description\"> Felimare picta (copula) @ Tarifa by Manuel Mart\u00ednez Chac\u00f3n <\/div> <\/div> <\/div> <!-- close group --> <div class=\"gallery-group images-1\" style=\"width: 183px; height: 271px;\" data-original-width=\"183\" data-original-height=\"271\" > <div class=\"tiled-gallery-item tiled-gallery-item-small\" itemprop=\"associatedMedia\" itemscope itemtype=\"http:\/\/schema.org\/ImageObject\"> <a href=\"https:\/\/opistobranquis.info\/ca\/guia\/nudibranchia\/doridina\/doridoidei\/doridoidea\/felimare-picta\/felimare-picta-mouth-detail-los-berengueles-granada-by-sergio-lopez-granadasubmarina-com\/\" border=\"0\" itemprop=\"url\"> <meta itemprop=\"width\" content=\"179\"> <meta itemprop=\"height\" content=\"267\"> <img decoding=\"async\" class=\"\" data-attachment-id=\"18626\" data-orig-file=\"https:\/\/opistobranquis.info\/wp-content\/uploads\/2015\/03\/Felimare-picta-mouth-detail-@-Los-Berengueles-Granada-by-Sergio-L\u00f3pez-GranadaSubmarina.com_.jpg\" data-orig-size=\"482,720\" data-comments-opened=\"\" data-image-title=\"Felimare picta mouth detail @ Los Berengueles, Granada by Sergio L\u00f3pez (GranadaSubmarina.com)\" data-image-description=\"&lt;p&gt;Felimare picta mouth detail @ Los Berengueles, Granada by Sergio L\u00f3pez (GranadaSubmarina.com)&lt;\/p&gt; \" data-medium-file=\"https:\/\/i0.wp.com\/opistobranquis.info\/wp-content\/uploads\/2015\/03\/Felimare-picta-mouth-detail-%40-Los-Berengueles-Granada-by-Sergio-L%C3%B3pez-GranadaSubmarina.com_.jpg?fit=201%2C300&#038;ssl=1\" data-large-file=\"https:\/\/i0.wp.com\/opistobranquis.info\/wp-content\/uploads\/2015\/03\/Felimare-picta-mouth-detail-%40-Los-Berengueles-Granada-by-Sergio-L%C3%B3pez-GranadaSubmarina.com_.jpg?fit=482%2C720&#038;ssl=1\" src=\"https:\/\/i0.wp.com\/opistobranquis.info\/wp-content\/uploads\/2015\/03\/Felimare-picta-mouth-detail-%40-Los-Berengueles-Granada-by-Sergio-L%C3%B3pez-GranadaSubmarina.com_.jpg?w=179&#038;h=267&#038;ssl=1\" width=\"179\" height=\"267\" loading=\"lazy\" data-original-width=\"179\" data-original-height=\"267\" itemprop=\"http:\/\/schema.org\/image\" title=\"Felimare picta mouth detail @ Los Berengueles, Granada by Sergio L\u00f3pez (GranadaSubmarina.com)\" alt=\"Felimare picta mouth detail @ Los Berengueles, Granada by Sergio L\u00f3pez (GranadaSubmarina.com)\" style=\"width: 179px; height: 267px;\" \/> <\/a> <div class=\"tiled-gallery-caption\" itemprop=\"caption description\"> Felimare picta mouth detail @ Los Berengueles, Granada by Sergio L\u00f3pez (GranadaSubmarina.com) <\/div> <\/div> <\/div> <!-- close group --> <div class=\"gallery-group images-1\" style=\"width: 190px; height: 271px;\" data-original-width=\"190\" data-original-height=\"271\" > <div class=\"tiled-gallery-item tiled-gallery-item-small\" itemprop=\"associatedMedia\" itemscope itemtype=\"http:\/\/schema.org\/ImageObject\"> <a href=\"https:\/\/opistobranquis.info\/ca\/guia\/nudibranchia\/doridina\/doridoidei\/doridoidea\/felimare-picta\/felimare-picta-mallorca-by-lenka-juskanicova-img_0519\/\" border=\"0\" itemprop=\"url\"> <meta itemprop=\"width\" content=\"186\"> <meta itemprop=\"height\" content=\"267\"> <img decoding=\"async\" class=\"\" data-attachment-id=\"18901\" data-orig-file=\"https:\/\/opistobranquis.info\/wp-content\/uploads\/2012\/05\/Felimare-picta-@-Mallorca-by-Lenka-Juskani\u010dov\u00e1-IMG_0519-e1428500028128.jpg\" data-orig-size=\"557,800\" data-comments-opened=\"\" data-image-title=\"Felimare picta @ Mallorca by Lenka Juskani\u010dov\u00e1\" data-image-description=\"&lt;p&gt;Felimare picta @ Mallorca by Lenka Juskani\u010dov\u00e1&lt;\/p&gt; \" data-medium-file=\"https:\/\/i0.wp.com\/opistobranquis.info\/wp-content\/uploads\/2012\/05\/Felimare-picta-%40-Mallorca-by-Lenka-Juskani%C4%8Dov%C3%A1-IMG_0519-e1428500028128.jpg?fit=209%2C300&#038;ssl=1\" data-large-file=\"https:\/\/i0.wp.com\/opistobranquis.info\/wp-content\/uploads\/2012\/05\/Felimare-picta-%40-Mallorca-by-Lenka-Juskani%C4%8Dov%C3%A1-IMG_0519-e1428500028128.jpg?fit=713%2C1024&#038;ssl=1\" src=\"https:\/\/i0.wp.com\/opistobranquis.info\/wp-content\/uploads\/2012\/05\/Felimare-picta-%40-Mallorca-by-Lenka-Juskani%C4%8Dov%C3%A1-IMG_0519-e1428500028128.jpg?w=186&#038;h=267&#038;ssl=1\" width=\"186\" height=\"267\" loading=\"lazy\" data-original-width=\"186\" data-original-height=\"267\" itemprop=\"http:\/\/schema.org\/image\" title=\"Felimare picta @ Mallorca by Lenka Juskani\u010dov\u00e1\" alt=\"Felimare picta @ Mallorca by Lenka Juskani\u010dov\u00e1\" style=\"width: 186px; height: 267px;\" \/> <\/a> <div class=\"tiled-gallery-caption\" itemprop=\"caption description\"> Felimare picta @ Mallorca by Lenka Juskani\u010dov\u00e1 <\/div> <\/div> <\/div> <!-- close group --> <div class=\"gallery-group images-1\" style=\"width: 208px; height: 271px;\" data-original-width=\"208\" data-original-height=\"271\" > <div class=\"tiled-gallery-item tiled-gallery-item-small\" itemprop=\"associatedMedia\" itemscope itemtype=\"http:\/\/schema.org\/ImageObject\"> <a href=\"https:\/\/opistobranquis.info\/ca\/guia\/nudibranchia\/doridina\/doridoidei\/doridoidea\/felimare-picta\/felimare-picta-juvenile-mallorca-by-lenka-juskanicova-img_0194\/\" border=\"0\" itemprop=\"url\"> <meta itemprop=\"width\" content=\"204\"> <meta itemprop=\"height\" content=\"267\"> <img decoding=\"async\" class=\"\" data-attachment-id=\"18903\" data-orig-file=\"https:\/\/opistobranquis.info\/wp-content\/uploads\/2012\/05\/Felimare-picta-juvenile-@-Mallorca-by-Lenka-Juskani\u010dov\u00e1-IMG_0194-e1428499970973.jpg\" data-orig-size=\"609,800\" data-comments-opened=\"\" data-image-title=\"Felimare picta juvenile @ Mallorca by Lenka Juskani\u010dov\u00e1\" data-image-description=\"&lt;p&gt;Felimare picta juvenile @ Mallorca by Lenka Juskani\u010dov\u00e1&lt;\/p&gt; \" data-medium-file=\"https:\/\/i0.wp.com\/opistobranquis.info\/wp-content\/uploads\/2012\/05\/Felimare-picta-juvenile-%40-Mallorca-by-Lenka-Juskani%C4%8Dov%C3%A1-IMG_0194-e1428499970973.jpg?fit=228%2C300&#038;ssl=1\" data-large-file=\"https:\/\/i0.wp.com\/opistobranquis.info\/wp-content\/uploads\/2012\/05\/Felimare-picta-juvenile-%40-Mallorca-by-Lenka-Juskani%C4%8Dov%C3%A1-IMG_0194-e1428499970973.jpg?fit=780%2C1024&#038;ssl=1\" src=\"https:\/\/i0.wp.com\/opistobranquis.info\/wp-content\/uploads\/2012\/05\/Felimare-picta-juvenile-%40-Mallorca-by-Lenka-Juskani%C4%8Dov%C3%A1-IMG_0194-e1428499970973.jpg?w=204&#038;h=267&#038;ssl=1\" width=\"204\" height=\"267\" loading=\"lazy\" data-original-width=\"204\" data-original-height=\"267\" itemprop=\"http:\/\/schema.org\/image\" title=\"Felimare picta juvenile @ Mallorca by Lenka Juskani\u010dov\u00e1\" alt=\"Felimare picta juvenile @ Mallorca by Lenka Juskani\u010dov\u00e1\" style=\"width: 204px; height: 267px;\" \/> <\/a> <div class=\"tiled-gallery-caption\" itemprop=\"caption description\"> Felimare picta juvenile @ Mallorca by Lenka Juskani\u010dov\u00e1 <\/div> <\/div> <\/div> <!-- close group --> <\/div> <!-- close row --> <div class=\"gallery-row\" style=\"width: 900px; height: 439px;\" data-original-width=\"900\" data-original-height=\"439\" > <div class=\"gallery-group images-2\" style=\"width: 291px; height: 439px;\" data-original-width=\"291\" data-original-height=\"439\" > <div class=\"tiled-gallery-item tiled-gallery-item-large\" itemprop=\"associatedMedia\" itemscope itemtype=\"http:\/\/schema.org\/ImageObject\"> <a href=\"https:\/\/opistobranquis.info\/ca\/guia\/nudibranchia\/doridina\/doridoidei\/doridoidea\/felimare-picta\/felimare-picta-playa-chica-lanzarote-spain-by-david-thompson\/\" border=\"0\" itemprop=\"url\"> <meta itemprop=\"width\" content=\"287\"> <meta itemprop=\"height\" content=\"216\"> <img decoding=\"async\" class=\"\" data-attachment-id=\"19699\" data-orig-file=\"https:\/\/opistobranquis.info\/wp-content\/uploads\/2012\/05\/Felimare-picta-@-Playa-Chica-Lanzarote-Spain-by-David-Thompson.jpg\" data-orig-size=\"794,596\" data-comments-opened=\"\" data-image-title=\"Double gilled Felimare picta @ Playa Chica, Lanzarote, Spain by David Thompson\" data-image-description=\"&lt;p&gt;Double gilled Felimare picta @ Playa Chica, Lanzarote, Spain by David Thompson&lt;\/p&gt; \" data-medium-file=\"https:\/\/i0.wp.com\/opistobranquis.info\/wp-content\/uploads\/2012\/05\/Felimare-picta-%40-Playa-Chica-Lanzarote-Spain-by-David-Thompson.jpg?fit=300%2C225&#038;ssl=1\" data-large-file=\"https:\/\/i0.wp.com\/opistobranquis.info\/wp-content\/uploads\/2012\/05\/Felimare-picta-%40-Playa-Chica-Lanzarote-Spain-by-David-Thompson.jpg?fit=794%2C596&#038;ssl=1\" src=\"https:\/\/i0.wp.com\/opistobranquis.info\/wp-content\/uploads\/2012\/05\/Felimare-picta-%40-Playa-Chica-Lanzarote-Spain-by-David-Thompson.jpg?w=287&#038;h=216&#038;ssl=1\" width=\"287\" height=\"216\" loading=\"lazy\" data-original-width=\"287\" data-original-height=\"216\" itemprop=\"http:\/\/schema.org\/image\" title=\"Double gilled Felimare picta @ Playa Chica, Lanzarote, Spain by David Thompson\" alt=\"Double gilled Felimare picta @ Playa Chica, Lanzarote, Spain by David Thompson\" style=\"width: 287px; height: 216px;\" \/> <\/a> <div class=\"tiled-gallery-caption\" itemprop=\"caption description\"> Double gilled Felimare picta @ Playa Chica, Lanzarote, Spain by David Thompson <\/div> <\/div> <div class=\"tiled-gallery-item tiled-gallery-item-large\" itemprop=\"associatedMedia\" itemscope itemtype=\"http:\/\/schema.org\/ImageObject\"> <a href=\"https:\/\/opistobranquis.info\/ca\/guia\/nudibranchia\/doridina\/doridoidei\/doridoidea\/felimare-picta\/felimare-picta-playa-chica-lanzarote-spain-by-david-thompson-2\/\" border=\"0\" itemprop=\"url\"> <meta itemprop=\"width\" content=\"287\"> <meta itemprop=\"height\" content=\"215\"> <img decoding=\"async\" class=\"\" data-attachment-id=\"19700\" data-orig-file=\"https:\/\/opistobranquis.info\/wp-content\/uploads\/2012\/05\/Felimare-picta-@-Playa-Chica-Lanzarote-Spain-by-David-Thompson-2.jpg\" data-orig-size=\"794,596\" data-comments-opened=\"\" data-image-title=\"Double gilled Felimare picta @ Playa Chica, Lanzarote, Spain by David Thompson\" data-image-description=\"&lt;p&gt;Double gilled Felimare picta @ Playa Chica, Lanzarote, Spain by David Thompson&lt;\/p&gt; \" data-medium-file=\"https:\/\/i0.wp.com\/opistobranquis.info\/wp-content\/uploads\/2012\/05\/Felimare-picta-%40-Playa-Chica-Lanzarote-Spain-by-David-Thompson-2.jpg?fit=300%2C225&#038;ssl=1\" data-large-file=\"https:\/\/i0.wp.com\/opistobranquis.info\/wp-content\/uploads\/2012\/05\/Felimare-picta-%40-Playa-Chica-Lanzarote-Spain-by-David-Thompson-2.jpg?fit=794%2C596&#038;ssl=1\" src=\"https:\/\/i0.wp.com\/opistobranquis.info\/wp-content\/uploads\/2012\/05\/Felimare-picta-%40-Playa-Chica-Lanzarote-Spain-by-David-Thompson-2.jpg?w=287&#038;h=215&#038;ssl=1\" width=\"287\" height=\"215\" loading=\"lazy\" data-original-width=\"287\" data-original-height=\"215\" itemprop=\"http:\/\/schema.org\/image\" title=\"Double gilled Felimare picta @ Playa Chica, Lanzarote, Spain by David Thompson\" alt=\"Double gilled Felimare picta @ Playa Chica, Lanzarote, Spain by David Thompson\" style=\"width: 287px; height: 215px;\" \/> <\/a> <div class=\"tiled-gallery-caption\" itemprop=\"caption description\"> Double gilled Felimare picta @ Playa Chica, Lanzarote, Spain by David Thompson <\/div> <\/div> <\/div> <!-- close group --> <div class=\"gallery-group images-1\" style=\"width: 609px; height: 439px;\" data-original-width=\"609\" data-original-height=\"439\" > <div class=\"tiled-gallery-item tiled-gallery-item-large\" itemprop=\"associatedMedia\" itemscope itemtype=\"http:\/\/schema.org\/ImageObject\"> <a href=\"https:\/\/opistobranquis.info\/ca\/guia\/nudibranchia\/doridina\/doridoidei\/doridoidea\/felimare-picta\/felimare-picta-juv-front-limanakia-greece-5-09-2012by-ariane-dimitris\/\" border=\"0\" itemprop=\"url\"> <meta itemprop=\"width\" content=\"605\"> <meta itemprop=\"height\" content=\"435\"> <img decoding=\"async\" class=\"\" data-attachment-id=\"21835\" data-orig-file=\"https:\/\/opistobranquis.info\/wp-content\/uploads\/2012\/05\/Felimare-picta-juv-front-@-Limanakia-Greece-5-09-2012by-Ariane-Dimitris-e1463391083817.jpg\" data-orig-size=\"615,442\" data-comments-opened=\"\" data-image-title=\"Felimare picta (juvenile) @ Limanakia, Greece 5-09-2012 by Ariane Dimitris\" data-image-description=\"&lt;p&gt;Felimare picta (juvenile) @ Limanakia, Greece 5-09-2012 by Ariane Dimitris&lt;\/p&gt; \" data-medium-file=\"https:\/\/i0.wp.com\/opistobranquis.info\/wp-content\/uploads\/2012\/05\/Felimare-picta-juv-front-%40-Limanakia-Greece-5-09-2012by-Ariane-Dimitris-e1463391083817.jpg?fit=300%2C216&#038;ssl=1\" data-large-file=\"https:\/\/i0.wp.com\/opistobranquis.info\/wp-content\/uploads\/2012\/05\/Felimare-picta-juv-front-%40-Limanakia-Greece-5-09-2012by-Ariane-Dimitris-e1463391083817.jpg?fit=615%2C442&#038;ssl=1\" src=\"https:\/\/i0.wp.com\/opistobranquis.info\/wp-content\/uploads\/2012\/05\/Felimare-picta-juv-front-%40-Limanakia-Greece-5-09-2012by-Ariane-Dimitris-e1463391083817.jpg?w=605&#038;h=435&#038;ssl=1\" width=\"605\" height=\"435\" loading=\"lazy\" data-original-width=\"605\" data-original-height=\"435\" itemprop=\"http:\/\/schema.org\/image\" title=\"Felimare picta (juvenile) @ Limanakia, Greece 5-09-2012 by Ariane Dimitris\" alt=\"Felimare picta (juvenile) @ Limanakia, Greece 5-09-2012 by Ariane Dimitris\" style=\"width: 605px; height: 435px;\" \/> <\/a> <div class=\"tiled-gallery-caption\" itemprop=\"caption description\"> Felimare picta (juvenile) @ Limanakia, Greece 5-09-2012 by Ariane Dimitris <\/div> <\/div> <\/div> <!-- close group --> <\/div> <!-- close row --> <div class=\"gallery-row\" style=\"width: 900px; height: 331px;\" data-original-width=\"900\" data-original-height=\"331\" > <div class=\"gallery-group images-1\" style=\"width: 459px; height: 331px;\" data-original-width=\"459\" data-original-height=\"331\" > <div class=\"tiled-gallery-item tiled-gallery-item-large\" itemprop=\"associatedMedia\" itemscope itemtype=\"http:\/\/schema.org\/ImageObject\"> <a href=\"https:\/\/opistobranquis.info\/ca\/guia\/nudibranchia\/doridina\/doridoidei\/doridoidea\/felimare-picta\/felimare-picta-juv-limanakia-greece-5-09-2012by-ariane-dimitris\/\" border=\"0\" itemprop=\"url\"> <meta itemprop=\"width\" content=\"455\"> <meta itemprop=\"height\" content=\"327\"> <img decoding=\"async\" class=\"\" data-attachment-id=\"21836\" data-orig-file=\"https:\/\/opistobranquis.info\/wp-content\/uploads\/2012\/05\/Felimare-picta-juv-@-Limanakia-Greece-5-09-2012by-Ariane-Dimitris.jpg\" data-orig-size=\"960,690\" data-comments-opened=\"\" data-image-title=\"Felimare picta (juvenile) @ Limanakia, Greece 5-09-2012 by Ariane Dimitris\" data-image-description=\"&lt;p&gt;Felimare picta (juvenile) @ Limanakia, Greece 5-09-2012 by Ariane Dimitris&lt;\/p&gt; \" data-medium-file=\"https:\/\/i0.wp.com\/opistobranquis.info\/wp-content\/uploads\/2012\/05\/Felimare-picta-juv-%40-Limanakia-Greece-5-09-2012by-Ariane-Dimitris.jpg?fit=300%2C216&#038;ssl=1\" data-large-file=\"https:\/\/i0.wp.com\/opistobranquis.info\/wp-content\/uploads\/2012\/05\/Felimare-picta-juv-%40-Limanakia-Greece-5-09-2012by-Ariane-Dimitris.jpg?fit=900%2C647&#038;ssl=1\" src=\"https:\/\/i0.wp.com\/opistobranquis.info\/wp-content\/uploads\/2012\/05\/Felimare-picta-juv-%40-Limanakia-Greece-5-09-2012by-Ariane-Dimitris.jpg?w=455&#038;h=327&#038;ssl=1\" width=\"455\" height=\"327\" loading=\"lazy\" data-original-width=\"455\" data-original-height=\"327\" itemprop=\"http:\/\/schema.org\/image\" title=\"Felimare picta (juvenile) @ Limanakia, Greece 5-09-2012 by Ariane Dimitris\" alt=\"Felimare picta (juvenile) @ Limanakia, Greece 5-09-2012 by Ariane Dimitris\" style=\"width: 455px; height: 327px;\" \/> <\/a> <div class=\"tiled-gallery-caption\" itemprop=\"caption description\"> Felimare picta (juvenile) @ Limanakia, Greece 5-09-2012 by Ariane Dimitris <\/div> <\/div> <\/div> <!-- close group --> <div class=\"gallery-group images-1\" style=\"width: 441px; height: 331px;\" data-original-width=\"441\" data-original-height=\"331\" > <div class=\"tiled-gallery-item tiled-gallery-item-large\" itemprop=\"associatedMedia\" itemscope itemtype=\"http:\/\/schema.org\/ImageObject\"> <a href=\"https:\/\/opistobranquis.info\/ca\/guia\/nudibranchia\/doridina\/doridoidei\/doridoidea\/felimare-picta\/felimare-picta-felimare-tricolor-albufeira-portugal-7-05-2016-by-stefan-verhayen\/\" border=\"0\" itemprop=\"url\"> <meta itemprop=\"width\" content=\"437\"> <meta itemprop=\"height\" content=\"327\"> <img decoding=\"async\" class=\"\" data-attachment-id=\"23428\" data-orig-file=\"https:\/\/opistobranquis.info\/wp-content\/uploads\/2017\/03\/Felimare-picta-Felimare-tricolor-@-Albufeira-Portugal-7-05-2016-by-Stefan-Verhayen.jpg\" data-orig-size=\"960,720\" data-comments-opened=\"\" data-image-title=\"Felimare picta &amp;#038; Felimare tricolor @ Albufeira, Portugal 7-05-2016 by Stefan Verheyen\" data-image-description=\"&lt;p&gt;Felimare picta &amp;#038; Felimare tricolor @ Albufeira, Portugal 7-05-2016 by Stefan Verheyen&lt;\/p&gt; \" data-medium-file=\"https:\/\/i0.wp.com\/opistobranquis.info\/wp-content\/uploads\/2017\/03\/Felimare-picta-Felimare-tricolor-%40-Albufeira-Portugal-7-05-2016-by-Stefan-Verhayen.jpg?fit=300%2C225&#038;ssl=1\" data-large-file=\"https:\/\/i0.wp.com\/opistobranquis.info\/wp-content\/uploads\/2017\/03\/Felimare-picta-Felimare-tricolor-%40-Albufeira-Portugal-7-05-2016-by-Stefan-Verhayen.jpg?fit=900%2C675&#038;ssl=1\" src=\"https:\/\/i0.wp.com\/opistobranquis.info\/wp-content\/uploads\/2017\/03\/Felimare-picta-Felimare-tricolor-%40-Albufeira-Portugal-7-05-2016-by-Stefan-Verhayen.jpg?w=437&#038;h=327&#038;ssl=1\" width=\"437\" height=\"327\" loading=\"lazy\" data-original-width=\"437\" data-original-height=\"327\" itemprop=\"http:\/\/schema.org\/image\" title=\"Felimare picta &amp; Felimare tricolor @ Albufeira, Portugal 7-05-2016 by Stefan Verheyen\" alt=\"Felimare picta &amp; Felimare tricolor @ Albufeira, Portugal 7-05-2016 by Stefan Verhayen\" style=\"width: 437px; height: 327px;\" \/> <\/a> <div class=\"tiled-gallery-caption\" itemprop=\"caption description\"> Felimare picta &#038; Felimare tricolor @ Albufeira, Portugal 7-05-2016 by Stefan Verheyen <\/div> <\/div> <\/div> <!-- close group --> <\/div> <!-- close row --> <div class=\"gallery-row\" style=\"width: 900px; height: 443px;\" data-original-width=\"900\" data-original-height=\"443\" > <div class=\"gallery-group images-1\" style=\"width: 589px; height: 443px;\" data-original-width=\"589\" data-original-height=\"443\" > <div class=\"tiled-gallery-item tiled-gallery-item-large\" itemprop=\"associatedMedia\" itemscope itemtype=\"http:\/\/schema.org\/ImageObject\"> <a href=\"https:\/\/opistobranquis.info\/ca\/guia\/nudibranchia\/doridina\/doridoidei\/doridoidea\/felimare-picta\/olympus-digital-camera-158\/\" border=\"0\" itemprop=\"url\"> <meta itemprop=\"width\" content=\"585\"> <meta itemprop=\"height\" content=\"439\"> <img decoding=\"async\" class=\"\" data-attachment-id=\"24264\" data-orig-file=\"https:\/\/opistobranquis.info\/wp-content\/uploads\/2017\/12\/Felimare-picta-@-La-Herradura-Granada-Spain-3-04-2017-by-Stefan-Verheyen-2.jpg\" data-orig-size=\"1024,768\" data-comments-opened=\"\" data-image-title=\"Felimare picta @ La Herradura, Granada, Spain 3-04-2017 by Stefan Verheyen\" data-image-description=\"&lt;p&gt;Felimare picta @ La Herradura, Granada, Spain 3-04-2017 by Stefan Verheyen&lt;\/p&gt; \" data-medium-file=\"https:\/\/i0.wp.com\/opistobranquis.info\/wp-content\/uploads\/2017\/12\/Felimare-picta-%40-La-Herradura-Granada-Spain-3-04-2017-by-Stefan-Verheyen-2.jpg?fit=300%2C225&#038;ssl=1\" data-large-file=\"https:\/\/i0.wp.com\/opistobranquis.info\/wp-content\/uploads\/2017\/12\/Felimare-picta-%40-La-Herradura-Granada-Spain-3-04-2017-by-Stefan-Verheyen-2.jpg?fit=900%2C675&#038;ssl=1\" src=\"https:\/\/i0.wp.com\/opistobranquis.info\/wp-content\/uploads\/2017\/12\/Felimare-picta-%40-La-Herradura-Granada-Spain-3-04-2017-by-Stefan-Verheyen-2.jpg?w=585&#038;h=439&#038;ssl=1\" width=\"585\" height=\"439\" loading=\"lazy\" data-original-width=\"585\" data-original-height=\"439\" itemprop=\"http:\/\/schema.org\/image\" title=\"Felimare picta @ La Herradura, Granada, Spain 3-04-2017 by Stefan Verheyen\" alt=\"Felimare picta @ La Herradura, Granada, Spain 3-04-2017 by Stefan Verheyen\" style=\"width: 585px; height: 439px;\" \/> <\/a> <div class=\"tiled-gallery-caption\" itemprop=\"caption description\"> Felimare picta @ La Herradura, Granada, Spain 3-04-2017 by Stefan Verheyen <\/div> <\/div> <\/div> <!-- close group --> <div class=\"gallery-group images-2\" style=\"width: 311px; height: 443px;\" data-original-width=\"311\" data-original-height=\"443\" > <div class=\"tiled-gallery-item tiled-gallery-item-large\" itemprop=\"associatedMedia\" itemscope itemtype=\"http:\/\/schema.org\/ImageObject\"> <a href=\"https:\/\/opistobranquis.info\/ca\/guia\/nudibranchia\/doridina\/doridoidei\/doridoidea\/felimare-picta\/olympus-digital-camera-159\/\" border=\"0\" itemprop=\"url\"> <meta itemprop=\"width\" content=\"307\"> <meta itemprop=\"height\" content=\"230\"> <img decoding=\"async\" class=\"\" data-attachment-id=\"24265\" data-orig-file=\"https:\/\/opistobranquis.info\/wp-content\/uploads\/2017\/12\/Felimare-picta-by-Stefan-Verheyen-2.jpg\" data-orig-size=\"1024,768\" data-comments-opened=\"\" data-image-title=\"Felimare picta by Stefan Verheyen\" data-image-description=\"&lt;p&gt;Felimare picta by Stefan Verheyen&lt;\/p&gt; \" data-medium-file=\"https:\/\/i0.wp.com\/opistobranquis.info\/wp-content\/uploads\/2017\/12\/Felimare-picta-by-Stefan-Verheyen-2.jpg?fit=300%2C225&#038;ssl=1\" data-large-file=\"https:\/\/i0.wp.com\/opistobranquis.info\/wp-content\/uploads\/2017\/12\/Felimare-picta-by-Stefan-Verheyen-2.jpg?fit=900%2C675&#038;ssl=1\" src=\"https:\/\/i0.wp.com\/opistobranquis.info\/wp-content\/uploads\/2017\/12\/Felimare-picta-by-Stefan-Verheyen-2.jpg?w=307&#038;h=230&#038;ssl=1\" srcset=\"https:\/\/i0.wp.com\/opistobranquis.info\/wp-content\/uploads\/2017\/12\/Felimare-picta-by-Stefan-Verheyen-2.jpg?w=1024&amp;ssl=1 1024w, https:\/\/i0.wp.com\/opistobranquis.info\/wp-content\/uploads\/2017\/12\/Felimare-picta-by-Stefan-Verheyen-2.jpg?resize=150%2C113&amp;ssl=1 150w, https:\/\/i0.wp.com\/opistobranquis.info\/wp-content\/uploads\/2017\/12\/Felimare-picta-by-Stefan-Verheyen-2.jpg?resize=300%2C225&amp;ssl=1 300w\" width=\"307\" height=\"230\" loading=\"lazy\" data-original-width=\"307\" data-original-height=\"230\" itemprop=\"http:\/\/schema.org\/image\" title=\"Felimare picta by Stefan Verheyen\" alt=\"Felimare picta by Stefan Verheyen\" style=\"width: 307px; height: 230px;\" \/> <\/a> <div class=\"tiled-gallery-caption\" itemprop=\"caption description\"> Felimare picta by Stefan Verheyen <\/div> <\/div> <div class=\"tiled-gallery-item tiled-gallery-item-large\" itemprop=\"associatedMedia\" itemscope itemtype=\"http:\/\/schema.org\/ImageObject\"> <a href=\"https:\/\/opistobranquis.info\/ca\/guia\/nudibranchia\/doridina\/doridoidei\/doridoidea\/felimare-picta\/mpg_6042-felimare-picta\/\" border=\"0\" itemprop=\"url\"> <meta itemprop=\"width\" content=\"307\"> <meta itemprop=\"height\" content=\"205\"> <img decoding=\"async\" class=\"\" data-attachment-id=\"24833\" data-orig-file=\"https:\/\/opistobranquis.info\/wp-content\/uploads\/2018\/02\/MPG_6042-Felimare-picta.jpg\" data-orig-size=\"1024,683\" data-comments-opened=\"\" data-image-title=\"Felimare picta @ Es Caials, Cadaqu\u00e9s (Spain) 21\/11\/2015 by Miquel Pontes\" data-image-description=\"&lt;p&gt;Felimare picta @ Es Caials, Cadaqu\u00e9s (Spain) 21\/11\/2015 by Miquel Pontes&lt;\/p&gt; \" data-medium-file=\"https:\/\/i0.wp.com\/opistobranquis.info\/wp-content\/uploads\/2018\/02\/MPG_6042-Felimare-picta.jpg?fit=300%2C200&#038;ssl=1\" data-large-file=\"https:\/\/i0.wp.com\/opistobranquis.info\/wp-content\/uploads\/2018\/02\/MPG_6042-Felimare-picta.jpg?fit=900%2C600&#038;ssl=1\" src=\"https:\/\/i0.wp.com\/opistobranquis.info\/wp-content\/uploads\/2018\/02\/MPG_6042-Felimare-picta.jpg?w=307&#038;h=205&#038;ssl=1\" srcset=\"https:\/\/i0.wp.com\/opistobranquis.info\/wp-content\/uploads\/2018\/02\/MPG_6042-Felimare-picta.jpg?w=1024&amp;ssl=1 1024w, https:\/\/i0.wp.com\/opistobranquis.info\/wp-content\/uploads\/2018\/02\/MPG_6042-Felimare-picta.jpg?resize=150%2C100&amp;ssl=1 150w, https:\/\/i0.wp.com\/opistobranquis.info\/wp-content\/uploads\/2018\/02\/MPG_6042-Felimare-picta.jpg?resize=300%2C200&amp;ssl=1 300w\" width=\"307\" height=\"205\" loading=\"lazy\" data-original-width=\"307\" data-original-height=\"205\" itemprop=\"http:\/\/schema.org\/image\" title=\"Felimare picta @ Es Caials, Cadaqu\u00e9s (Spain) 21\/11\/2015 by Miquel Pontes\" alt=\"Felimare picta @ Es Caials, Cadaqu\u00e9s (Spain) 21\/11\/2015 by Miquel Pontes\" style=\"width: 307px; height: 205px;\" \/> <\/a> <div class=\"tiled-gallery-caption\" itemprop=\"caption description\"> Felimare picta @ Es Caials, Cadaqu\u00e9s (Spain) 21\/11\/2015 <\/div> <\/div> <\/div> <!-- close group --> <\/div> <!-- close row --> <div class=\"gallery-row\" style=\"width: 900px; height: 276px;\" data-original-width=\"900\" data-original-height=\"276\" > <div class=\"gallery-group images-1\" style=\"width: 488px; height: 276px;\" data-original-width=\"488\" data-original-height=\"276\" > <div class=\"tiled-gallery-item tiled-gallery-item-large\" itemprop=\"associatedMedia\" itemscope itemtype=\"http:\/\/schema.org\/ImageObject\"> <a href=\"https:\/\/opistobranquis.info\/ca\/guia\/nudibranchia\/doridina\/doridoidei\/doridoidea\/felimare-picta\/olympus-digital-camera-243\/\" border=\"0\" itemprop=\"url\"> <meta itemprop=\"width\" content=\"484\"> <meta itemprop=\"height\" content=\"272\"> <img decoding=\"async\" class=\"\" data-attachment-id=\"28114\" data-orig-file=\"https:\/\/opistobranquis.info\/wp-content\/uploads\/2019\/02\/Felimare-picta-@-Ullastre-3-Llafranc-Spain-16-02-2019-by-Sara-Fuertes.jpg\" data-orig-size=\"1280,720\" data-comments-opened=\"\" data-image-title=\"Felimare picta @ Ullastre 3, Llafranc, Spain 16-02-2019 by Sara Fuertes\" data-image-description=\"&lt;p&gt;Felimare picta @ Ullastre 3, Llafranc, Spain 16-02-2019 by Sara Fuertes&lt;\/p&gt; \" data-medium-file=\"https:\/\/i0.wp.com\/opistobranquis.info\/wp-content\/uploads\/2019\/02\/Felimare-picta-%40-Ullastre-3-Llafranc-Spain-16-02-2019-by-Sara-Fuertes.jpg?fit=300%2C169&#038;ssl=1\" data-large-file=\"https:\/\/i0.wp.com\/opistobranquis.info\/wp-content\/uploads\/2019\/02\/Felimare-picta-%40-Ullastre-3-Llafranc-Spain-16-02-2019-by-Sara-Fuertes.jpg?fit=900%2C506&#038;ssl=1\" src=\"https:\/\/i0.wp.com\/opistobranquis.info\/wp-content\/uploads\/2019\/02\/Felimare-picta-%40-Ullastre-3-Llafranc-Spain-16-02-2019-by-Sara-Fuertes.jpg?w=484&#038;h=272&#038;ssl=1\" width=\"484\" height=\"272\" loading=\"lazy\" data-original-width=\"484\" data-original-height=\"272\" itemprop=\"http:\/\/schema.org\/image\" title=\"Felimare picta @ Ullastre 3, Llafranc, Spain 16-02-2019 by Sara Fuertes\" alt=\"Felimare picta @ Ullastre 3, Llafranc, Spain 16-02-2019 by Sara Fuertes\" style=\"width: 484px; height: 272px;\" \/> <\/a> <div class=\"tiled-gallery-caption\" itemprop=\"caption description\"> Felimare picta @ Ullastre 3, Llafranc, Spain 16-02-2019 by Sara Fuertes <\/div> <\/div> <\/div> <!-- close group --> <div class=\"gallery-group images-1\" style=\"width: 412px; height: 276px;\" data-original-width=\"412\" data-original-height=\"276\" > <div class=\"tiled-gallery-item tiled-gallery-item-large\" itemprop=\"associatedMedia\" itemscope itemtype=\"http:\/\/schema.org\/ImageObject\"> <a href=\"https:\/\/opistobranquis.info\/ca\/guia\/nudibranchia\/doridina\/doridoidei\/doridoidea\/felimare-picta\/felimare-picta-sicily-italy-by-lara-orselli-31\/\" border=\"0\" itemprop=\"url\"> <meta itemprop=\"width\" content=\"408\"> <meta itemprop=\"height\" content=\"272\"> <img decoding=\"async\" class=\"\" data-attachment-id=\"30815\" data-orig-file=\"https:\/\/opistobranquis.info\/wp-content\/uploads\/2020\/11\/Felimare-picta-@-Sicily-Italy-by-Lara-Orselli-31.jpg\" data-orig-size=\"1280,854\" data-comments-opened=\"\" data-image-title=\"Felimare picta @ Sicily, Italy by Lara Orselli\" data-image-description=\"&lt;p&gt;Felimare picta @ Sicily, Italy by Lara Orselli&lt;\/p&gt; \" data-medium-file=\"https:\/\/i0.wp.com\/opistobranquis.info\/wp-content\/uploads\/2020\/11\/Felimare-picta-%40-Sicily-Italy-by-Lara-Orselli-31.jpg?fit=300%2C200&#038;ssl=1\" data-large-file=\"https:\/\/i0.wp.com\/opistobranquis.info\/wp-content\/uploads\/2020\/11\/Felimare-picta-%40-Sicily-Italy-by-Lara-Orselli-31.jpg?fit=900%2C600&#038;ssl=1\" src=\"https:\/\/i0.wp.com\/opistobranquis.info\/wp-content\/uploads\/2020\/11\/Felimare-picta-%40-Sicily-Italy-by-Lara-Orselli-31.jpg?w=408&#038;h=272&#038;ssl=1\" width=\"408\" height=\"272\" loading=\"lazy\" data-original-width=\"408\" data-original-height=\"272\" itemprop=\"http:\/\/schema.org\/image\" title=\"Felimare picta @ Sicily, Italy by Lara Orselli\" alt=\"Felimare picta @ Sicily, Italy by Lara Orselli\" style=\"width: 408px; height: 272px;\" \/> <\/a> <div class=\"tiled-gallery-caption\" itemprop=\"caption description\"> Felimare picta @ Sicily, Italy by Lara Orselli <\/div> <\/div> <\/div> <!-- close group --> <\/div> <!-- close row --> <div class=\"gallery-row\" style=\"width: 900px; height: 468px;\" data-original-width=\"900\" data-original-height=\"468\" > <div class=\"gallery-group images-2\" style=\"width: 278px; height: 468px;\" data-original-width=\"278\" data-original-height=\"468\" > <div class=\"tiled-gallery-item tiled-gallery-item-large\" itemprop=\"associatedMedia\" itemscope itemtype=\"http:\/\/schema.org\/ImageObject\"> <a href=\"https:\/\/opistobranquis.info\/ca\/guia\/nudibranchia\/doridina\/doridoidei\/doridoidea\/felimare-picta\/felimare-picta-juvenile-etang-de-thau-france-by-pascal-girard-1628697343252\/\" border=\"0\" itemprop=\"url\"> <meta itemprop=\"width\" content=\"274\"> <meta itemprop=\"height\" content=\"255\"> <img decoding=\"async\" class=\"\" data-attachment-id=\"32776\" data-orig-file=\"https:\/\/opistobranquis.info\/wp-content\/uploads\/2021\/08\/Felimare-picta-juvenile-@-Etang-de-Thau-France-by-Pascal-Girard-1628697343252.jpg\" data-orig-size=\"1080,1004\" data-comments-opened=\"\" data-image-title=\"Felimare picta juvenile @ Etang de Thau, France by Pascal Girard\" data-image-description=\"&lt;p&gt;Felimare picta juvenile @ Etang de Thau, France by Pascal Girard&lt;\/p&gt; \" data-medium-file=\"https:\/\/i0.wp.com\/opistobranquis.info\/wp-content\/uploads\/2021\/08\/Felimare-picta-juvenile-%40-Etang-de-Thau-France-by-Pascal-Girard-1628697343252.jpg?fit=300%2C279&#038;ssl=1\" data-large-file=\"https:\/\/i0.wp.com\/opistobranquis.info\/wp-content\/uploads\/2021\/08\/Felimare-picta-juvenile-%40-Etang-de-Thau-France-by-Pascal-Girard-1628697343252.jpg?fit=900%2C837&#038;ssl=1\" src=\"https:\/\/i0.wp.com\/opistobranquis.info\/wp-content\/uploads\/2021\/08\/Felimare-picta-juvenile-%40-Etang-de-Thau-France-by-Pascal-Girard-1628697343252.jpg?w=274&#038;h=255&#038;ssl=1\" width=\"274\" height=\"255\" loading=\"lazy\" data-original-width=\"274\" data-original-height=\"255\" itemprop=\"http:\/\/schema.org\/image\" title=\"Felimare picta juvenile @ Etang de Thau, France by Pascal Girard\" alt=\"Felimare picta juvenile @ Etang de Thau, France by Pascal Girard\" style=\"width: 274px; height: 255px;\" \/> <\/a> <div class=\"tiled-gallery-caption\" itemprop=\"caption description\"> Felimare picta juvenile @ Etang de Thau, France by Pascal Girard <\/div> <\/div> <div class=\"tiled-gallery-item tiled-gallery-item-large\" itemprop=\"associatedMedia\" itemscope itemtype=\"http:\/\/schema.org\/ImageObject\"> <a href=\"https:\/\/opistobranquis.info\/ca\/guia\/nudibranchia\/doridina\/doridoidei\/doridoidea\/felimare-picta\/felimare-picta-france-by-pascal-girard\/\" border=\"0\" itemprop=\"url\"> <meta itemprop=\"width\" content=\"274\"> <meta itemprop=\"height\" content=\"205\"> <img decoding=\"async\" class=\"\" data-attachment-id=\"36123\" data-orig-file=\"https:\/\/opistobranquis.info\/wp-content\/uploads\/2022\/12\/Felimare-picta-@-France-by-Pascal-Girard.jpg\" data-orig-size=\"1280,960\" data-comments-opened=\"\" data-image-title=\"Felimare picta @ France by Pascal Girard\" data-image-description=\"&lt;p&gt;Felimare picta @ France by Pascal Girard&lt;\/p&gt; \" data-medium-file=\"https:\/\/i0.wp.com\/opistobranquis.info\/wp-content\/uploads\/2022\/12\/Felimare-picta-%40-France-by-Pascal-Girard.jpg?fit=300%2C225&#038;ssl=1\" data-large-file=\"https:\/\/i0.wp.com\/opistobranquis.info\/wp-content\/uploads\/2022\/12\/Felimare-picta-%40-France-by-Pascal-Girard.jpg?fit=900%2C675&#038;ssl=1\" src=\"https:\/\/i0.wp.com\/opistobranquis.info\/wp-content\/uploads\/2022\/12\/Felimare-picta-%40-France-by-Pascal-Girard.jpg?w=274&#038;h=205&#038;ssl=1\" width=\"274\" height=\"205\" loading=\"lazy\" data-original-width=\"274\" data-original-height=\"205\" itemprop=\"http:\/\/schema.org\/image\" title=\"Felimare picta @ France by Pascal Girard\" alt=\"Felimare picta @ France by Pascal Girard\" style=\"width: 274px; height: 205px;\" \/> <\/a> <div class=\"tiled-gallery-caption\" itemprop=\"caption description\"> Felimare picta @ France by Pascal Girard <\/div> <\/div> <\/div> <!-- close group --> <div class=\"gallery-group images-1\" style=\"width: 622px; height: 468px;\" data-original-width=\"622\" data-original-height=\"468\" > <div class=\"tiled-gallery-item tiled-gallery-item-large\" itemprop=\"associatedMedia\" itemscope itemtype=\"http:\/\/schema.org\/ImageObject\"> <a href=\"https:\/\/opistobranquis.info\/ca\/guia\/nudibranchia\/doridina\/doridoidei\/doridoidea\/felimare-picta\/felimare-picta-gills-france-by-pascal-girard\/\" border=\"0\" itemprop=\"url\"> <meta itemprop=\"width\" content=\"618\"> <meta itemprop=\"height\" content=\"464\"> <img decoding=\"async\" class=\"\" data-attachment-id=\"36124\" data-orig-file=\"https:\/\/opistobranquis.info\/wp-content\/uploads\/2022\/12\/Felimare-picta-gills-@-France-by-Pascal-Girard.jpg\" data-orig-size=\"1280,960\" data-comments-opened=\"\" data-image-title=\"Felimare picta gills detail @ France by Pascal Girard\" data-image-description=\"&lt;p&gt;Felimare picta gills detail @ France by Pascal Girard&lt;\/p&gt; \" data-medium-file=\"https:\/\/i0.wp.com\/opistobranquis.info\/wp-content\/uploads\/2022\/12\/Felimare-picta-gills-%40-France-by-Pascal-Girard.jpg?fit=300%2C225&#038;ssl=1\" data-large-file=\"https:\/\/i0.wp.com\/opistobranquis.info\/wp-content\/uploads\/2022\/12\/Felimare-picta-gills-%40-France-by-Pascal-Girard.jpg?fit=900%2C675&#038;ssl=1\" src=\"https:\/\/i0.wp.com\/opistobranquis.info\/wp-content\/uploads\/2022\/12\/Felimare-picta-gills-%40-France-by-Pascal-Girard.jpg?w=618&#038;h=464&#038;ssl=1\" width=\"618\" height=\"464\" loading=\"lazy\" data-original-width=\"618\" data-original-height=\"464\" itemprop=\"http:\/\/schema.org\/image\" title=\"Felimare picta gills detail @ France by Pascal Girard\" alt=\"Felimare picta gills detail @ France by Pascal Girard\" style=\"width: 618px; height: 464px;\" \/> <\/a> <div class=\"tiled-gallery-caption\" itemprop=\"caption description\"> Felimare picta gills detail @ France by Pascal Girard <\/div> <\/div> <\/div> <!-- close group --> <\/div> <!-- close row --> <div class=\"gallery-row\" style=\"width: 900px; height: 319px;\" data-original-width=\"900\" data-original-height=\"319\" > <div class=\"gallery-group images-1\" style=\"width: 424px; height: 319px;\" data-original-width=\"424\" data-original-height=\"319\" > <div class=\"tiled-gallery-item tiled-gallery-item-large\" itemprop=\"associatedMedia\" itemscope itemtype=\"http:\/\/schema.org\/ImageObject\"> <a href=\"https:\/\/opistobranquis.info\/ca\/guia\/nudibranchia\/doridina\/doridoidei\/doridoidea\/felimare-picta\/olympus-digital-camera-290\/\" border=\"0\" itemprop=\"url\"> <meta itemprop=\"width\" content=\"420\"> <meta itemprop=\"height\" content=\"315\"> <img decoding=\"async\" class=\"\" data-attachment-id=\"36617\" data-orig-file=\"https:\/\/opistobranquis.info\/wp-content\/uploads\/2023\/01\/Felimare-picta-by-Manuel-Ballesteros-P6117297.jpg\" data-orig-size=\"1200,900\" data-comments-opened=\"\" data-image-title=\"Felimare picta @ Costa Brava, Spain by Manuel Ballesteros\" data-image-description=\"&lt;p&gt;Felimare picta @ Costa Brava, Spain by Manuel Ballesteros&lt;\/p&gt; \" data-medium-file=\"https:\/\/i0.wp.com\/opistobranquis.info\/wp-content\/uploads\/2023\/01\/Felimare-picta-by-Manuel-Ballesteros-P6117297.jpg?fit=300%2C225&#038;ssl=1\" data-large-file=\"https:\/\/i0.wp.com\/opistobranquis.info\/wp-content\/uploads\/2023\/01\/Felimare-picta-by-Manuel-Ballesteros-P6117297.jpg?fit=900%2C675&#038;ssl=1\" src=\"https:\/\/i0.wp.com\/opistobranquis.info\/wp-content\/uploads\/2023\/01\/Felimare-picta-by-Manuel-Ballesteros-P6117297.jpg?w=420&#038;h=315&#038;ssl=1\" srcset=\"https:\/\/i0.wp.com\/opistobranquis.info\/wp-content\/uploads\/2023\/01\/Felimare-picta-by-Manuel-Ballesteros-P6117297.jpg?w=1200&amp;ssl=1 1200w, https:\/\/i0.wp.com\/opistobranquis.info\/wp-content\/uploads\/2023\/01\/Felimare-picta-by-Manuel-Ballesteros-P6117297.jpg?resize=300%2C225&amp;ssl=1 300w, https:\/\/i0.wp.com\/opistobranquis.info\/wp-content\/uploads\/2023\/01\/Felimare-picta-by-Manuel-Ballesteros-P6117297.jpg?resize=1024%2C768&amp;ssl=1 1024w, https:\/\/i0.wp.com\/opistobranquis.info\/wp-content\/uploads\/2023\/01\/Felimare-picta-by-Manuel-Ballesteros-P6117297.jpg?resize=150%2C113&amp;ssl=1 150w\" width=\"420\" height=\"315\" loading=\"lazy\" data-original-width=\"420\" data-original-height=\"315\" itemprop=\"http:\/\/schema.org\/image\" title=\"Felimare picta @ Costa Brava, Spain by Manuel Ballesteros\" alt=\"Felimare picta @ Costa Brava, Spain by Manuel Ballesteros\" style=\"width: 420px; height: 315px;\" \/> <\/a> <div class=\"tiled-gallery-caption\" itemprop=\"caption description\"> Felimare picta @ Costa Brava, Spain by Manuel Ballesteros <\/div> <\/div> <\/div> <!-- close group --> <div class=\"gallery-group images-1\" style=\"width: 476px; height: 319px;\" data-original-width=\"476\" data-original-height=\"319\" > <div class=\"tiled-gallery-item tiled-gallery-item-large\" itemprop=\"associatedMedia\" itemscope itemtype=\"http:\/\/schema.org\/ImageObject\"> <a href=\"https:\/\/opistobranquis.info\/ca\/guia\/nudibranchia\/doridina\/doridoidei\/doridoidea\/felimare-picta\/olympus-digital-camera-291\/\" border=\"0\" itemprop=\"url\"> <meta itemprop=\"width\" content=\"472\"> <meta itemprop=\"height\" content=\"315\"> <img decoding=\"async\" class=\"\" data-attachment-id=\"36618\" data-orig-file=\"https:\/\/opistobranquis.info\/wp-content\/uploads\/2023\/01\/Felimare-picta-by-Manuel-Ballesteros-P8270048.jpg\" data-orig-size=\"1200,800\" data-comments-opened=\"\" data-image-title=\"Felimare picta @ Costa Brava, Spain by Manuel Ballesteros\" data-image-description=\"&lt;p&gt;Felimare picta @ Costa Brava, Spain by Manuel Ballesteros&lt;\/p&gt; \" data-medium-file=\"https:\/\/i0.wp.com\/opistobranquis.info\/wp-content\/uploads\/2023\/01\/Felimare-picta-by-Manuel-Ballesteros-P8270048.jpg?fit=300%2C200&#038;ssl=1\" data-large-file=\"https:\/\/i0.wp.com\/opistobranquis.info\/wp-content\/uploads\/2023\/01\/Felimare-picta-by-Manuel-Ballesteros-P8270048.jpg?fit=900%2C600&#038;ssl=1\" src=\"https:\/\/i0.wp.com\/opistobranquis.info\/wp-content\/uploads\/2023\/01\/Felimare-picta-by-Manuel-Ballesteros-P8270048.jpg?w=472&#038;h=315&#038;ssl=1\" srcset=\"https:\/\/i0.wp.com\/opistobranquis.info\/wp-content\/uploads\/2023\/01\/Felimare-picta-by-Manuel-Ballesteros-P8270048.jpg?w=1200&amp;ssl=1 1200w, https:\/\/i0.wp.com\/opistobranquis.info\/wp-content\/uploads\/2023\/01\/Felimare-picta-by-Manuel-Ballesteros-P8270048.jpg?resize=300%2C200&amp;ssl=1 300w, https:\/\/i0.wp.com\/opistobranquis.info\/wp-content\/uploads\/2023\/01\/Felimare-picta-by-Manuel-Ballesteros-P8270048.jpg?resize=1024%2C683&amp;ssl=1 1024w, https:\/\/i0.wp.com\/opistobranquis.info\/wp-content\/uploads\/2023\/01\/Felimare-picta-by-Manuel-Ballesteros-P8270048.jpg?resize=150%2C100&amp;ssl=1 150w\" width=\"472\" height=\"315\" loading=\"lazy\" data-original-width=\"472\" data-original-height=\"315\" itemprop=\"http:\/\/schema.org\/image\" title=\"Felimare picta @ Costa Brava, Spain by Manuel Ballesteros\" alt=\"Felimare picta @ Costa Brava, Spain by Manuel Ballesteros\" style=\"width: 472px; height: 315px;\" \/> <\/a> <div class=\"tiled-gallery-caption\" itemprop=\"caption description\"> Felimare picta @ Costa Brava, Spain by Manuel Ballesteros <\/div> <\/div> <\/div> <!-- close group --> <\/div> <!-- close row --> <div class=\"gallery-row\" style=\"width: 900px; height: 402px;\" data-original-width=\"900\" data-original-height=\"402\" > <div class=\"gallery-group images-1\" style=\"width: 601px; height: 402px;\" data-original-width=\"601\" data-original-height=\"402\" > <div class=\"tiled-gallery-item tiled-gallery-item-large\" itemprop=\"associatedMedia\" itemscope itemtype=\"http:\/\/schema.org\/ImageObject\"> <a href=\"https:\/\/opistobranquis.info\/ca\/guia\/nudibranchia\/doridina\/doridoidei\/doridoidea\/felimare-picta\/olympus-digital-camera-292\/\" border=\"0\" itemprop=\"url\"> <meta itemprop=\"width\" content=\"597\"> <meta itemprop=\"height\" content=\"398\"> <img decoding=\"async\" class=\"\" data-attachment-id=\"36619\" data-orig-file=\"https:\/\/opistobranquis.info\/wp-content\/uploads\/2023\/01\/Felimare-picta-by-Manuel-Ballesteros-P8270052.jpg\" data-orig-size=\"1200,800\" data-comments-opened=\"\" data-image-title=\"Felimare picta @ Costa Brava, Spain by Manuel Ballesteros\" data-image-description=\"&lt;p&gt;Felimare picta @ Costa Brava, Spain by Manuel Ballesteros&lt;\/p&gt; \" data-medium-file=\"https:\/\/i0.wp.com\/opistobranquis.info\/wp-content\/uploads\/2023\/01\/Felimare-picta-by-Manuel-Ballesteros-P8270052.jpg?fit=300%2C200&#038;ssl=1\" data-large-file=\"https:\/\/i0.wp.com\/opistobranquis.info\/wp-content\/uploads\/2023\/01\/Felimare-picta-by-Manuel-Ballesteros-P8270052.jpg?fit=900%2C600&#038;ssl=1\" src=\"https:\/\/i0.wp.com\/opistobranquis.info\/wp-content\/uploads\/2023\/01\/Felimare-picta-by-Manuel-Ballesteros-P8270052.jpg?w=597&#038;h=398&#038;ssl=1\" srcset=\"https:\/\/i0.wp.com\/opistobranquis.info\/wp-content\/uploads\/2023\/01\/Felimare-picta-by-Manuel-Ballesteros-P8270052.jpg?w=1200&amp;ssl=1 1200w, https:\/\/i0.wp.com\/opistobranquis.info\/wp-content\/uploads\/2023\/01\/Felimare-picta-by-Manuel-Ballesteros-P8270052.jpg?resize=300%2C200&amp;ssl=1 300w, https:\/\/i0.wp.com\/opistobranquis.info\/wp-content\/uploads\/2023\/01\/Felimare-picta-by-Manuel-Ballesteros-P8270052.jpg?resize=1024%2C683&amp;ssl=1 1024w, https:\/\/i0.wp.com\/opistobranquis.info\/wp-content\/uploads\/2023\/01\/Felimare-picta-by-Manuel-Ballesteros-P8270052.jpg?resize=150%2C100&amp;ssl=1 150w\" width=\"597\" height=\"398\" loading=\"lazy\" data-original-width=\"597\" data-original-height=\"398\" itemprop=\"http:\/\/schema.org\/image\" title=\"Felimare picta @ Costa Brava, Spain by Manuel Ballesteros\" alt=\"Felimare picta @ Costa Brava, Spain by Manuel Ballesteros\" style=\"width: 597px; height: 398px;\" \/> <\/a> <div class=\"tiled-gallery-caption\" itemprop=\"caption description\"> Felimare picta @ Costa Brava, Spain by Manuel Ballesteros <\/div> <\/div> <\/div> <!-- close group --> <div class=\"gallery-group images-2\" style=\"width: 299px; height: 402px;\" data-original-width=\"299\" data-original-height=\"402\" > <div class=\"tiled-gallery-item tiled-gallery-item-large\" itemprop=\"associatedMedia\" itemscope itemtype=\"http:\/\/schema.org\/ImageObject\"> <a href=\"https:\/\/opistobranquis.info\/ca\/guia\/nudibranchia\/doridina\/doridoidei\/doridoidea\/felimare-picta\/olympus-digital-camera-293\/\" border=\"0\" itemprop=\"url\"> <meta itemprop=\"width\" content=\"295\"> <meta itemprop=\"height\" content=\"197\"> <img decoding=\"async\" class=\"\" data-attachment-id=\"36620\" data-orig-file=\"https:\/\/opistobranquis.info\/wp-content\/uploads\/2023\/01\/Felimare-picta-by-Manuel-Ballesteros-P9217909.jpg\" data-orig-size=\"1200,800\" data-comments-opened=\"\" data-image-title=\"Felimare picta @ Costa Brava, Spain by Manuel Ballesteros\" data-image-description=\"&lt;p&gt;Felimare picta @ Costa Brava, Spain by Manuel Ballesteros&lt;\/p&gt; \" data-medium-file=\"https:\/\/i0.wp.com\/opistobranquis.info\/wp-content\/uploads\/2023\/01\/Felimare-picta-by-Manuel-Ballesteros-P9217909.jpg?fit=300%2C200&#038;ssl=1\" data-large-file=\"https:\/\/i0.wp.com\/opistobranquis.info\/wp-content\/uploads\/2023\/01\/Felimare-picta-by-Manuel-Ballesteros-P9217909.jpg?fit=900%2C600&#038;ssl=1\" src=\"https:\/\/i0.wp.com\/opistobranquis.info\/wp-content\/uploads\/2023\/01\/Felimare-picta-by-Manuel-Ballesteros-P9217909.jpg?w=295&#038;h=197&#038;ssl=1\" srcset=\"https:\/\/i0.wp.com\/opistobranquis.info\/wp-content\/uploads\/2023\/01\/Felimare-picta-by-Manuel-Ballesteros-P9217909.jpg?w=1200&amp;ssl=1 1200w, https:\/\/i0.wp.com\/opistobranquis.info\/wp-content\/uploads\/2023\/01\/Felimare-picta-by-Manuel-Ballesteros-P9217909.jpg?resize=300%2C200&amp;ssl=1 300w, https:\/\/i0.wp.com\/opistobranquis.info\/wp-content\/uploads\/2023\/01\/Felimare-picta-by-Manuel-Ballesteros-P9217909.jpg?resize=1024%2C683&amp;ssl=1 1024w, https:\/\/i0.wp.com\/opistobranquis.info\/wp-content\/uploads\/2023\/01\/Felimare-picta-by-Manuel-Ballesteros-P9217909.jpg?resize=150%2C100&amp;ssl=1 150w\" width=\"295\" height=\"197\" loading=\"lazy\" data-original-width=\"295\" data-original-height=\"197\" itemprop=\"http:\/\/schema.org\/image\" title=\"Felimare picta @ Costa Brava, Spain by Manuel Ballesteros\" alt=\"Felimare picta @ Costa Brava, Spain by Manuel Ballesteros\" style=\"width: 295px; height: 197px;\" \/> <\/a> <div class=\"tiled-gallery-caption\" itemprop=\"caption description\"> Felimare picta @ Costa Brava, Spain by Manuel Ballesteros <\/div> <\/div> <div class=\"tiled-gallery-item tiled-gallery-item-large\" itemprop=\"associatedMedia\" itemscope itemtype=\"http:\/\/schema.org\/ImageObject\"> <a href=\"https:\/\/opistobranquis.info\/ca\/guia\/nudibranchia\/doridina\/doridoidei\/doridoidea\/felimare-picta\/felimare-picta-by-manuel-ballesteros-img177\/\" border=\"0\" itemprop=\"url\"> <meta itemprop=\"width\" content=\"295\"> <meta itemprop=\"height\" content=\"197\"> <img decoding=\"async\" class=\"\" data-attachment-id=\"36621\" data-orig-file=\"https:\/\/opistobranquis.info\/wp-content\/uploads\/2023\/01\/Felimare-picta-by-Manuel-Ballesteros-img177.jpg\" data-orig-size=\"1200,801\" data-comments-opened=\"\" data-image-title=\"Felimare picta @ Costa Brava, Spain by Manuel Ballesteros\" data-image-description=\"&lt;p&gt;Felimare picta @ Costa Brava, Spain by Manuel Ballesteros&lt;\/p&gt; \" data-medium-file=\"https:\/\/i0.wp.com\/opistobranquis.info\/wp-content\/uploads\/2023\/01\/Felimare-picta-by-Manuel-Ballesteros-img177.jpg?fit=300%2C200&#038;ssl=1\" data-large-file=\"https:\/\/i0.wp.com\/opistobranquis.info\/wp-content\/uploads\/2023\/01\/Felimare-picta-by-Manuel-Ballesteros-img177.jpg?fit=900%2C601&#038;ssl=1\" src=\"https:\/\/i0.wp.com\/opistobranquis.info\/wp-content\/uploads\/2023\/01\/Felimare-picta-by-Manuel-Ballesteros-img177.jpg?w=295&#038;h=197&#038;ssl=1\" srcset=\"https:\/\/i0.wp.com\/opistobranquis.info\/wp-content\/uploads\/2023\/01\/Felimare-picta-by-Manuel-Ballesteros-img177.jpg?w=1200&amp;ssl=1 1200w, https:\/\/i0.wp.com\/opistobranquis.info\/wp-content\/uploads\/2023\/01\/Felimare-picta-by-Manuel-Ballesteros-img177.jpg?resize=300%2C200&amp;ssl=1 300w, https:\/\/i0.wp.com\/opistobranquis.info\/wp-content\/uploads\/2023\/01\/Felimare-picta-by-Manuel-Ballesteros-img177.jpg?resize=1024%2C684&amp;ssl=1 1024w, https:\/\/i0.wp.com\/opistobranquis.info\/wp-content\/uploads\/2023\/01\/Felimare-picta-by-Manuel-Ballesteros-img177.jpg?resize=150%2C100&amp;ssl=1 150w\" width=\"295\" height=\"197\" loading=\"lazy\" data-original-width=\"295\" data-original-height=\"197\" itemprop=\"http:\/\/schema.org\/image\" title=\"Felimare picta @ Costa Brava, Spain by Manuel Ballesteros\" alt=\"Felimare picta @ Costa Brava, Spain by Manuel Ballesteros\" style=\"width: 295px; height: 197px;\" \/> <\/a> <div class=\"tiled-gallery-caption\" itemprop=\"caption description\"> Felimare picta @ Costa Brava, Spain by Manuel Ballesteros <\/div> <\/div> <\/div> <!-- close group --> <\/div> <!-- close row --> <div class=\"gallery-row\" style=\"width: 900px; height: 201px;\" data-original-width=\"900\" data-original-height=\"201\" > <div class=\"gallery-group images-1\" style=\"width: 300px; height: 201px;\" data-original-width=\"300\" data-original-height=\"201\" > <div class=\"tiled-gallery-item tiled-gallery-item-large\" itemprop=\"associatedMedia\" itemscope itemtype=\"http:\/\/schema.org\/ImageObject\"> <a href=\"https:\/\/opistobranquis.info\/ca\/guia\/nudibranchia\/doridina\/doridoidei\/doridoidea\/felimare-picta\/felimare-picta-by-miquel-pontes-mpg_0127\/\" border=\"0\" itemprop=\"url\"> <meta itemprop=\"width\" content=\"296\"> <meta itemprop=\"height\" content=\"197\"> <img decoding=\"async\" class=\"\" data-attachment-id=\"36622\" data-orig-file=\"https:\/\/opistobranquis.info\/wp-content\/uploads\/2023\/01\/Felimare-picta-by-Miquel-Pontes-MPG_0127.jpg\" data-orig-size=\"1200,800\" data-comments-opened=\"\" data-image-title=\"Felimare picta @ Costa Brava, Spain by Miquel Pontes\" data-image-description=\"&lt;p&gt;Felimare picta @ Costa Brava, Spain by Miquel Pontes&lt;\/p&gt; \" data-medium-file=\"https:\/\/i0.wp.com\/opistobranquis.info\/wp-content\/uploads\/2023\/01\/Felimare-picta-by-Miquel-Pontes-MPG_0127.jpg?fit=300%2C200&#038;ssl=1\" data-large-file=\"https:\/\/i0.wp.com\/opistobranquis.info\/wp-content\/uploads\/2023\/01\/Felimare-picta-by-Miquel-Pontes-MPG_0127.jpg?fit=900%2C600&#038;ssl=1\" src=\"https:\/\/i0.wp.com\/opistobranquis.info\/wp-content\/uploads\/2023\/01\/Felimare-picta-by-Miquel-Pontes-MPG_0127.jpg?w=296&#038;h=197&#038;ssl=1\" srcset=\"https:\/\/i0.wp.com\/opistobranquis.info\/wp-content\/uploads\/2023\/01\/Felimare-picta-by-Miquel-Pontes-MPG_0127.jpg?w=1200&amp;ssl=1 1200w, https:\/\/i0.wp.com\/opistobranquis.info\/wp-content\/uploads\/2023\/01\/Felimare-picta-by-Miquel-Pontes-MPG_0127.jpg?resize=300%2C200&amp;ssl=1 300w, https:\/\/i0.wp.com\/opistobranquis.info\/wp-content\/uploads\/2023\/01\/Felimare-picta-by-Miquel-Pontes-MPG_0127.jpg?resize=1024%2C683&amp;ssl=1 1024w, https:\/\/i0.wp.com\/opistobranquis.info\/wp-content\/uploads\/2023\/01\/Felimare-picta-by-Miquel-Pontes-MPG_0127.jpg?resize=150%2C100&amp;ssl=1 150w\" width=\"296\" height=\"197\" loading=\"lazy\" data-original-width=\"296\" data-original-height=\"197\" itemprop=\"http:\/\/schema.org\/image\" title=\"Felimare picta @ Costa Brava, Spain by Miquel Pontes\" alt=\"Felimare picta @ Costa Brava, Spain by Miquel Pontes\" style=\"width: 296px; height: 197px;\" \/> <\/a> <div class=\"tiled-gallery-caption\" itemprop=\"caption description\"> Felimare picta @ Costa Brava, Spain by Miquel Pontes <\/div> <\/div> <\/div> <!-- close group --> <div class=\"gallery-group images-1\" style=\"width: 300px; height: 201px;\" data-original-width=\"300\" data-original-height=\"201\" > <div class=\"tiled-gallery-item tiled-gallery-item-large\" itemprop=\"associatedMedia\" itemscope itemtype=\"http:\/\/schema.org\/ImageObject\"> <a href=\"https:\/\/opistobranquis.info\/ca\/guia\/nudibranchia\/doridina\/doridoidei\/doridoidea\/felimare-picta\/felimare-picta-by-miquel-pontes-dsc_8732\/\" border=\"0\" itemprop=\"url\"> <meta itemprop=\"width\" content=\"296\"> <meta itemprop=\"height\" content=\"197\"> <img decoding=\"async\" class=\"\" data-attachment-id=\"36623\" data-orig-file=\"https:\/\/opistobranquis.info\/wp-content\/uploads\/2023\/01\/Felimare-picta-by-Miquel-Pontes-DSC_8732.jpg\" data-orig-size=\"1200,798\" data-comments-opened=\"\" data-image-title=\"Felimare picta @ Costa Brava, Spain by Miquel Pontes\" data-image-description=\"&lt;p&gt;Felimare picta @ Costa Brava, Spain by Miquel Pontes&lt;\/p&gt; \" data-medium-file=\"https:\/\/i0.wp.com\/opistobranquis.info\/wp-content\/uploads\/2023\/01\/Felimare-picta-by-Miquel-Pontes-DSC_8732.jpg?fit=300%2C200&#038;ssl=1\" data-large-file=\"https:\/\/i0.wp.com\/opistobranquis.info\/wp-content\/uploads\/2023\/01\/Felimare-picta-by-Miquel-Pontes-DSC_8732.jpg?fit=900%2C599&#038;ssl=1\" src=\"https:\/\/i0.wp.com\/opistobranquis.info\/wp-content\/uploads\/2023\/01\/Felimare-picta-by-Miquel-Pontes-DSC_8732.jpg?w=296&#038;h=197&#038;ssl=1\" srcset=\"https:\/\/i0.wp.com\/opistobranquis.info\/wp-content\/uploads\/2023\/01\/Felimare-picta-by-Miquel-Pontes-DSC_8732.jpg?w=1200&amp;ssl=1 1200w, https:\/\/i0.wp.com\/opistobranquis.info\/wp-content\/uploads\/2023\/01\/Felimare-picta-by-Miquel-Pontes-DSC_8732.jpg?resize=300%2C200&amp;ssl=1 300w, https:\/\/i0.wp.com\/opistobranquis.info\/wp-content\/uploads\/2023\/01\/Felimare-picta-by-Miquel-Pontes-DSC_8732.jpg?resize=1024%2C681&amp;ssl=1 1024w, https:\/\/i0.wp.com\/opistobranquis.info\/wp-content\/uploads\/2023\/01\/Felimare-picta-by-Miquel-Pontes-DSC_8732.jpg?resize=150%2C100&amp;ssl=1 150w\" width=\"296\" height=\"197\" loading=\"lazy\" data-original-width=\"296\" data-original-height=\"197\" itemprop=\"http:\/\/schema.org\/image\" title=\"Felimare picta @ Costa Brava, Spain by Miquel Pontes\" alt=\"Felimare picta @ Costa Brava, Spain by Miquel Pontes\" style=\"width: 296px; height: 197px;\" \/> <\/a> <div class=\"tiled-gallery-caption\" itemprop=\"caption description\"> Felimare picta @ Costa Brava, Spain by Miquel Pontes <\/div> <\/div> <\/div> <!-- close group --> <div class=\"gallery-group images-1\" style=\"width: 300px; height: 201px;\" data-original-width=\"300\" data-original-height=\"201\" > <div class=\"tiled-gallery-item tiled-gallery-item-large\" itemprop=\"associatedMedia\" itemscope itemtype=\"http:\/\/schema.org\/ImageObject\"> <a href=\"https:\/\/opistobranquis.info\/ca\/guia\/nudibranchia\/doridina\/doridoidei\/doridoidea\/felimare-picta\/mpg_6112-felimare-picta\/\" border=\"0\" itemprop=\"url\"> <meta itemprop=\"width\" content=\"296\"> <meta itemprop=\"height\" content=\"197\"> <img decoding=\"async\" class=\"\" data-attachment-id=\"36670\" data-orig-file=\"https:\/\/opistobranquis.info\/wp-content\/uploads\/2023\/01\/MPG_6112-Felimare-picta.jpg\" data-orig-size=\"1200,800\" data-comments-opened=\"\" data-image-title=\"Felimare picta @ Costa Brava, Spain by Miquel Pontes\" data-image-description=\"&lt;p&gt;Felimare picta @ Costa Brava, Spain by Miquel Pontes&lt;\/p&gt; \" data-medium-file=\"https:\/\/i0.wp.com\/opistobranquis.info\/wp-content\/uploads\/2023\/01\/MPG_6112-Felimare-picta.jpg?fit=300%2C200&#038;ssl=1\" data-large-file=\"https:\/\/i0.wp.com\/opistobranquis.info\/wp-content\/uploads\/2023\/01\/MPG_6112-Felimare-picta.jpg?fit=900%2C600&#038;ssl=1\" src=\"https:\/\/i0.wp.com\/opistobranquis.info\/wp-content\/uploads\/2023\/01\/MPG_6112-Felimare-picta.jpg?w=296&#038;h=197&#038;ssl=1\" srcset=\"https:\/\/i0.wp.com\/opistobranquis.info\/wp-content\/uploads\/2023\/01\/MPG_6112-Felimare-picta.jpg?w=1200&amp;ssl=1 1200w, https:\/\/i0.wp.com\/opistobranquis.info\/wp-content\/uploads\/2023\/01\/MPG_6112-Felimare-picta.jpg?resize=300%2C200&amp;ssl=1 300w, https:\/\/i0.wp.com\/opistobranquis.info\/wp-content\/uploads\/2023\/01\/MPG_6112-Felimare-picta.jpg?resize=1024%2C683&amp;ssl=1 1024w, https:\/\/i0.wp.com\/opistobranquis.info\/wp-content\/uploads\/2023\/01\/MPG_6112-Felimare-picta.jpg?resize=150%2C100&amp;ssl=1 150w\" width=\"296\" height=\"197\" loading=\"lazy\" data-original-width=\"296\" data-original-height=\"197\" itemprop=\"http:\/\/schema.org\/image\" title=\"Felimare picta @ Costa Brava, Spain by Miquel Pontes\" alt=\"Felimare picta @ Costa Brava, Spain by Miquel Pontes\" style=\"width: 296px; height: 197px;\" \/> <\/a> <div class=\"tiled-gallery-caption\" itemprop=\"caption description\"> Felimare picta @ Costa Brava, Spain by Miquel Pontes <\/div> <\/div> <\/div> <!-- close group --> <\/div> <!-- close row --> <div class=\"gallery-row\" style=\"width: 900px; height: 151px;\" data-original-width=\"900\" data-original-height=\"151\" > <div class=\"gallery-group images-1\" style=\"width: 226px; height: 151px;\" data-original-width=\"226\" data-original-height=\"151\" > <div class=\"tiled-gallery-item tiled-gallery-item-small\" itemprop=\"associatedMedia\" itemscope itemtype=\"http:\/\/schema.org\/ImageObject\"> <a href=\"https:\/\/opistobranquis.info\/ca\/guia\/nudibranchia\/doridina\/doridoidei\/doridoidea\/felimare-picta\/mpg_8498\/\" border=\"0\" itemprop=\"url\"> <meta itemprop=\"width\" content=\"222\"> <meta itemprop=\"height\" content=\"147\"> <img decoding=\"async\" class=\"\" data-attachment-id=\"36671\" data-orig-file=\"https:\/\/opistobranquis.info\/wp-content\/uploads\/2023\/01\/MPG_8498.jpg\" data-orig-size=\"1200,797\" data-comments-opened=\"\" data-image-title=\"Felimare picta @ Costa Brava, Spain by Miquel Pontes\" data-image-description=\"&lt;p&gt;Felimare picta @ Costa Brava, Spain by Miquel Pontes&lt;\/p&gt; \" data-medium-file=\"https:\/\/i0.wp.com\/opistobranquis.info\/wp-content\/uploads\/2023\/01\/MPG_8498.jpg?fit=300%2C199&#038;ssl=1\" data-large-file=\"https:\/\/i0.wp.com\/opistobranquis.info\/wp-content\/uploads\/2023\/01\/MPG_8498.jpg?fit=900%2C598&#038;ssl=1\" src=\"https:\/\/i0.wp.com\/opistobranquis.info\/wp-content\/uploads\/2023\/01\/MPG_8498.jpg?w=222&#038;h=147&#038;ssl=1\" srcset=\"https:\/\/i0.wp.com\/opistobranquis.info\/wp-content\/uploads\/2023\/01\/MPG_8498.jpg?w=1200&amp;ssl=1 1200w, https:\/\/i0.wp.com\/opistobranquis.info\/wp-content\/uploads\/2023\/01\/MPG_8498.jpg?resize=300%2C199&amp;ssl=1 300w, https:\/\/i0.wp.com\/opistobranquis.info\/wp-content\/uploads\/2023\/01\/MPG_8498.jpg?resize=1024%2C680&amp;ssl=1 1024w, https:\/\/i0.wp.com\/opistobranquis.info\/wp-content\/uploads\/2023\/01\/MPG_8498.jpg?resize=150%2C100&amp;ssl=1 150w\" width=\"222\" height=\"147\" loading=\"lazy\" data-original-width=\"222\" data-original-height=\"147\" itemprop=\"http:\/\/schema.org\/image\" title=\"Felimare picta @ Costa Brava, Spain by Miquel Pontes\" alt=\"Felimare picta @ Costa Brava, Spain by Miquel Pontes\" style=\"width: 222px; height: 147px;\" \/> <\/a> <div class=\"tiled-gallery-caption\" itemprop=\"caption description\"> Felimare picta @ Costa Brava, Spain by Miquel Pontes <\/div> <\/div> <\/div> <!-- close group --> <div class=\"gallery-group images-1\" style=\"width: 226px; height: 151px;\" data-original-width=\"226\" data-original-height=\"151\" > <div class=\"tiled-gallery-item tiled-gallery-item-small\" itemprop=\"associatedMedia\" itemscope itemtype=\"http:\/\/schema.org\/ImageObject\"> <a href=\"https:\/\/opistobranquis.info\/ca\/guia\/nudibranchia\/doridina\/doridoidei\/doridoidea\/felimare-picta\/mpg_5737\/\" border=\"0\" itemprop=\"url\"> <meta itemprop=\"width\" content=\"222\"> <meta itemprop=\"height\" content=\"147\"> <img decoding=\"async\" class=\"\" data-attachment-id=\"36672\" data-orig-file=\"https:\/\/opistobranquis.info\/wp-content\/uploads\/2023\/01\/MPG_5737.jpg\" data-orig-size=\"1200,797\" data-comments-opened=\"\" data-image-title=\"Felimare picta @ Costa Brava, Spain by Miquel Pontes\" data-image-description=\"&lt;p&gt;Felimare picta @ Costa Brava, Spain by Miquel Pontes&lt;\/p&gt; \" data-medium-file=\"https:\/\/i0.wp.com\/opistobranquis.info\/wp-content\/uploads\/2023\/01\/MPG_5737.jpg?fit=300%2C199&#038;ssl=1\" data-large-file=\"https:\/\/i0.wp.com\/opistobranquis.info\/wp-content\/uploads\/2023\/01\/MPG_5737.jpg?fit=900%2C598&#038;ssl=1\" src=\"https:\/\/i0.wp.com\/opistobranquis.info\/wp-content\/uploads\/2023\/01\/MPG_5737.jpg?w=222&#038;h=147&#038;ssl=1\" srcset=\"https:\/\/i0.wp.com\/opistobranquis.info\/wp-content\/uploads\/2023\/01\/MPG_5737.jpg?w=1200&amp;ssl=1 1200w, https:\/\/i0.wp.com\/opistobranquis.info\/wp-content\/uploads\/2023\/01\/MPG_5737.jpg?resize=300%2C199&amp;ssl=1 300w, https:\/\/i0.wp.com\/opistobranquis.info\/wp-content\/uploads\/2023\/01\/MPG_5737.jpg?resize=1024%2C680&amp;ssl=1 1024w, https:\/\/i0.wp.com\/opistobranquis.info\/wp-content\/uploads\/2023\/01\/MPG_5737.jpg?resize=150%2C100&amp;ssl=1 150w\" width=\"222\" height=\"147\" loading=\"lazy\" data-original-width=\"222\" data-original-height=\"147\" itemprop=\"http:\/\/schema.org\/image\" title=\"Felimare picta @ Costa Brava, Spain by Miquel Pontes\" alt=\"Felimare picta @ Costa Brava, Spain by Miquel Pontes\" style=\"width: 222px; height: 147px;\" \/> <\/a> <div class=\"tiled-gallery-caption\" itemprop=\"caption description\"> Felimare picta @ Costa Brava, Spain by Miquel Pontes <\/div> <\/div> <\/div> <!-- close group --> <div class=\"gallery-group images-1\" style=\"width: 225px; height: 151px;\" data-original-width=\"225\" data-original-height=\"151\" > <div class=\"tiled-gallery-item tiled-gallery-item-small\" itemprop=\"associatedMedia\" itemscope itemtype=\"http:\/\/schema.org\/ImageObject\"> <a href=\"https:\/\/opistobranquis.info\/ca\/guia\/nudibranchia\/doridina\/doridoidei\/doridoidea\/felimare-picta\/olympus-digital-camera-300\/\" border=\"0\" itemprop=\"url\"> <meta itemprop=\"width\" content=\"221\"> <meta itemprop=\"height\" content=\"147\"> <img decoding=\"async\" class=\"\" data-attachment-id=\"36673\" data-orig-file=\"https:\/\/opistobranquis.info\/wp-content\/uploads\/2023\/01\/P4080106.jpg\" data-orig-size=\"1200,800\" data-comments-opened=\"\" data-image-title=\"Felimare picta @ Costa Brava, Spain by Miquel Pontes\" data-image-description=\"&lt;p&gt;Felimare picta @ Costa Brava, Spain by Miquel Pontes&lt;\/p&gt; \" data-medium-file=\"https:\/\/i0.wp.com\/opistobranquis.info\/wp-content\/uploads\/2023\/01\/P4080106.jpg?fit=300%2C200&#038;ssl=1\" data-large-file=\"https:\/\/i0.wp.com\/opistobranquis.info\/wp-content\/uploads\/2023\/01\/P4080106.jpg?fit=900%2C600&#038;ssl=1\" src=\"https:\/\/i0.wp.com\/opistobranquis.info\/wp-content\/uploads\/2023\/01\/P4080106.jpg?w=221&#038;h=147&#038;ssl=1\" srcset=\"https:\/\/i0.wp.com\/opistobranquis.info\/wp-content\/uploads\/2023\/01\/P4080106.jpg?w=1200&amp;ssl=1 1200w, https:\/\/i0.wp.com\/opistobranquis.info\/wp-content\/uploads\/2023\/01\/P4080106.jpg?resize=300%2C200&amp;ssl=1 300w, https:\/\/i0.wp.com\/opistobranquis.info\/wp-content\/uploads\/2023\/01\/P4080106.jpg?resize=1024%2C683&amp;ssl=1 1024w, https:\/\/i0.wp.com\/opistobranquis.info\/wp-content\/uploads\/2023\/01\/P4080106.jpg?resize=150%2C100&amp;ssl=1 150w\" width=\"221\" height=\"147\" loading=\"lazy\" data-original-width=\"221\" data-original-height=\"147\" itemprop=\"http:\/\/schema.org\/image\" title=\"Felimare picta @ Costa Brava, Spain by Miquel Pontes\" alt=\"Felimare picta @ Costa Brava, Spain by Miquel Pontes\" style=\"width: 221px; height: 147px;\" \/> <\/a> <div class=\"tiled-gallery-caption\" itemprop=\"caption description\"> Felimare picta @ Costa Brava, Spain by Miquel Pontes <\/div> <\/div> <\/div> <!-- close group --> <div class=\"gallery-group images-1\" style=\"width: 223px; height: 151px;\" data-original-width=\"223\" data-original-height=\"151\" > <div class=\"tiled-gallery-item tiled-gallery-item-small\" itemprop=\"associatedMedia\" itemscope itemtype=\"http:\/\/schema.org\/ImageObject\"> <a href=\"https:\/\/opistobranquis.info\/ca\/guia\/nudibranchia\/doridina\/doridoidei\/doridoidea\/felimare-picta\/felimare-picta-125-juvenil\/\" border=\"0\" itemprop=\"url\"> <meta itemprop=\"width\" content=\"219\"> <meta itemprop=\"height\" content=\"147\"> <img decoding=\"async\" class=\"\" data-attachment-id=\"44611\" data-orig-file=\"https:\/\/opistobranquis.info\/wp-content\/uploads\/2024\/07\/Felimare-picta-125-juvenil.jpg\" data-orig-size=\"810,543\" data-comments-opened=\"\" data-image-title=\"Felimare picta @ Costa Brava by Enric Madrenas\" data-image-description=\"&lt;p&gt;Felimare picta @ Costa Brava by Enric Madrenas&lt;\/p&gt; \" data-medium-file=\"https:\/\/i0.wp.com\/opistobranquis.info\/wp-content\/uploads\/2024\/07\/Felimare-picta-125-juvenil.jpg?fit=300%2C201&#038;ssl=1\" data-large-file=\"https:\/\/i0.wp.com\/opistobranquis.info\/wp-content\/uploads\/2024\/07\/Felimare-picta-125-juvenil.jpg?fit=810%2C543&#038;ssl=1\" src=\"https:\/\/i0.wp.com\/opistobranquis.info\/wp-content\/uploads\/2024\/07\/Felimare-picta-125-juvenil.jpg?w=219&#038;h=147&#038;ssl=1\" srcset=\"https:\/\/i0.wp.com\/opistobranquis.info\/wp-content\/uploads\/2024\/07\/Felimare-picta-125-juvenil.jpg?w=810&amp;ssl=1 810w, https:\/\/i0.wp.com\/opistobranquis.info\/wp-content\/uploads\/2024\/07\/Felimare-picta-125-juvenil.jpg?resize=300%2C201&amp;ssl=1 300w, https:\/\/i0.wp.com\/opistobranquis.info\/wp-content\/uploads\/2024\/07\/Felimare-picta-125-juvenil.jpg?resize=150%2C101&amp;ssl=1 150w\" width=\"219\" height=\"147\" loading=\"lazy\" data-original-width=\"219\" data-original-height=\"147\" itemprop=\"http:\/\/schema.org\/image\" title=\"Felimare picta @ Costa Brava by Enric Madrenas\" alt=\"Felimare picta @ Costa Brava by Enric Madrenas\" style=\"width: 219px; height: 147px;\" \/> <\/a> <div class=\"tiled-gallery-caption\" itemprop=\"caption description\"> Felimare picta @ Costa Brava by Enric Madrenas <\/div> <\/div> <\/div> <!-- close group --> <\/div> <!-- close row --> <\/div><\/p>\n<p><p><strong>Bibliografia<\/strong><\/p><ul><div id=\"zotpress-ec91803eebd31891f5afb24ada769a22\" class=\"zp-Zotpress zp-Zotpress-Bib wp-block-group\">\n\n\t\t<span class=\"ZP_API_USER_ID ZP_ATTR\">1246567<\/span>\n\t\t<span class=\"ZP_ITEM_KEY ZP_ATTR\"><\/span>\n\t\t<span class=\"ZP_COLLECTION_ID ZP_ATTR\"><\/span>\n\t\t<span class=\"ZP_TAG_ID ZP_ATTR\">Felimare picta<\/span>\n\t\t<span class=\"ZP_AUTHOR ZP_ATTR\"><\/span>\n\t\t<span class=\"ZP_YEAR ZP_ATTR\"><\/span>\n        <span class=\"ZP_ITEMTYPE ZP_ATTR\"><\/span>\n\t\t<span class=\"ZP_INCLUSIVE ZP_ATTR\">1<\/span>\n\t\t<span class=\"ZP_STYLE ZP_ATTR\">eunomia-revista-en-cultura-de-la-legalidad<\/span>\n\t\t<span class=\"ZP_LIMIT ZP_ATTR\">50<\/span>\n\t\t<span class=\"ZP_SORTBY ZP_ATTR\">creator<\/span>\n\t\t<span class=\"ZP_ORDER ZP_ATTR\">asc<\/span>\n\t\t<span class=\"ZP_TITLE ZP_ATTR\"><\/span>\n\t\t<span class=\"ZP_SHOWIMAGE ZP_ATTR\"><\/span>\n\t\t<span class=\"ZP_SHOWTAGS ZP_ATTR\"><\/span>\n\t\t<span class=\"ZP_DOWNLOADABLE ZP_ATTR\"><\/span>\n\t\t<span class=\"ZP_NOTES ZP_ATTR\"><\/span>\n\t\t<span class=\"ZP_ABSTRACT ZP_ATTR\"><\/span>\n\t\t<span class=\"ZP_CITEABLE ZP_ATTR\"><\/span>\n\t\t<span class=\"ZP_TARGET ZP_ATTR\">1<\/span>\n\t\t<span class=\"ZP_URLWRAP ZP_ATTR\"><\/span>\n\t\t<span class=\"ZP_FORCENUM ZP_ATTR\"><\/span>\n        <span class=\"ZP_HIGHLIGHT ZP_ATTR\"><\/span>\n        <span class=\"ZP_POSTID ZP_ATTR\">533<\/span>\n\t\t<span class=\"ZOTPRESS_PLUGIN_URL ZP_ATTR\">https:\/\/opistobranquis.info\/wp-content\/plugins\/zotpress\/<\/span>\n\n\t\t<div class=\"zp-List loading\">\n\t\t\t<div class=\"zp-SEO-Content\">\n\n\t\t\t<\/div><!-- .zp-zp-SEO-Content -->\n\t\t<\/div><!-- .zp-List -->\n\t<\/div><!--.zp-Zotpress-->\n\n<p><\/p>Bibliografia basada en els treballs de <b>Steve Long, 2006<\/b>. <a target=_blank href=https:\/\/opistobranquis.info\/wp-content\/uploads\/2016\/06\/Long-S.-2006-Bibliography-of-Opisthobranchia-1554-2000.pdf>Bibliography of Opisthobranchia 1554-2000<\/a> i <b>Gary McDonald, 2009<\/b>. <a href=http:\/\/escholarship.org\/uc\/item\/8115h0wz>Bibliographia Nudibranchia<\/a>, amb actualitzacions posteriors procedents d\u00b4altres fonts.<p><\/p><\/ul><p><\/p><p><strong>M\u00e9s informaci\u00f3<\/strong><\/p><span style=\"font-size:10pt\"><ul><ul class=\"blogroll-links\"><li><a href=\"http:\/\/www.asturnatura.com\/especie\/hypselodoris-picta.html\">AsturNatura<\/a><\/li><li><a href=\"http:\/\/www.biodiversitylibrary.org\/name\/Hypselodoris%20picta\">Biodiversity Heritage Library<\/a><\/li><li><a href=\"http:\/\/www.biologiamarina.org\/wp\/doride-dipinto\/\">BiologiaMarina.org<\/a><\/li><li><a href=\"http:\/\/www.cibsub.com\/bioespecie_es-felimare_picta-27908\">CIB - Club Immersio Biologia<\/a><\/li><li><a href=\"http:\/\/doris.ffessm.fr\/fiche2.asp?fiche_numero=69\">DORIS<\/a><\/li><li><a href=\"https:\/\/litoraldegranada.ugr.es\/el-litoral\/el-litoral-sumergido\/fauna\/moluscos\/gasteropodos\/opistobranquios\/orden-nudibranchia\/doridaceos\/doridoideos\/felimare-picta\/\">El Litoral de Granada<\/a><\/li><li><a href=\"https:\/\/www.flickr.com\/search\/?text=Felimare%20picta\">Flickr pictures<\/a><\/li><li><a href=\"http:\/\/digilander.iol.it\/netofotosub\/Pagine\/hypse02.htm\">Gianni Neto<\/a><\/li><li><a href=\"http:\/\/www.opistobranquis.org\/ca\/guia\/92\">GROC<\/a><\/li><li><a href=\"http:\/\/www.irmng.org\/aphia.php?p=taxlist&#038;tName=Felimare%20picta\">Interim Register of Marine and Nonmarine Genera<\/a><\/li><li><a href=\"http:\/\/marenostrum.org\/vidamarina\/animalia\/invertebrados\/moluscos\/gasteropodos\/opistobranquios\/hpicta\/index.htm\">M@re Nostrum<\/a><\/li><li><a href=\"https:\/\/web.archive.org\/web\/20250116074557\/http:\/\/medslugs.de\/E\/Atl-W\/Felimare_picta\/Selection.htm\">MedSlugs (Atl.W)<\/a><\/li><li><a href=\"https:\/\/web.archive.org\/web\/20250116074557\/http:\/\/medslugs.de\/E\/Med\/Felimare_picta\/Selection.htm\">MedSlugs (Med)<\/a><\/li><li><a href=\"http:\/\/www.ncbi.nlm.nih.gov\/Taxonomy\/Browser\/wwwtax.cgi?mode=Undef&#038;name=Felimare%20picta&#038;lvl=0&#038;srchmode=1\">NCBI GenBank<\/a><\/li><li><a href=\"http:\/\/iobis.org\/mapper\/?taxon=Felimare%20picta\">OBIS - Search by Taxon<\/a><\/li><li><a href=\"http:\/\/www.seaslugforum.net\/showall\/hypspict\">Sea Slug Forum<\/a><\/li><li><a href=\"http:\/\/slugsite.us\/bow2007\/nudwk765.htm\">The SlugSite<\/a><\/li><li><a href=\"http:\/\/slugsite.us\/bow\/nudwk477.htm\">The SlugSite<\/a><\/li><li><a href=\"http:\/\/www.marinespecies.org\/aphia.php?p=taxdetails&#038;id=597522\">World Register of Marine Species<\/a><\/li><\/ul><\/ul><\/span><p><strong>Citeu aquest article com: <\/strong><\/p><div style=\"display: block; background: #444444; padding: 10px 30px 10px 10px; border-radius: 5px; line-height: 18px;\"><p class=\"citacio\"><b>Ballesteros, M., Madrenas, E. &#38; Pontes, M.<\/b> (2025) <em>\"Felimare picta\"<\/em> a <em>OPK-Opistobranquis<\/em>. Publicat: 16\/05\/2012. Accedit: 03\/09\/2026. Disponible a (<a href=https:\/\/opistobranquis.info\/ca\/?p=533>https:\/\/opistobranquis.info\/ca\/?p=533<\/a>)<\/p><p><\/p><\/div><p><\/p><\/p>","protected":false},"excerpt":{"rendered":"<p>Felimare picta (Schultz in Philippi, 1836) Sin\u00f2nims Chromodoris cantrainii Bergh, 1879 Chromodoris elegans (Cantraine, 1835) Chromodoris valenciennesi (Cantraine, 1841) Doris calcarae V\u00e9rany, 1846 Doris elegans Cantraine, 1835 Doris lutescens Delle Chiaje in Verany, 1846 Doris nardi V\u00e9rany, 1846 Doris nardii V\u00e9rany, 1846 Doris picta Schultz in Philippi, 1836 (original) Doris scacchi Delle Chiaje, 1830 Doris valenciennesi Cantraine, 1841 Glossodoris edenticulata White, 1952 Glossodoris picta (Schultz in Philippi, 1836) Glossodoris valenciennesi\u2026<\/p>\n<p class=\"continue-reading-button\"> <a class=\"continue-reading-link\" href=\"https:\/\/opistobranquis.info\/ca\/guia\/nudibranchia\/doridina\/doridoidei\/doridoidea\/felimare-picta\/\">Continua llegint<i class=\"crycon-right-dir\"><\/i><\/a><\/p>\n","protected":false},"author":291,"featured_media":27379,"parent":26109,"menu_order":6473,"comment_status":"closed","ping_status":"closed","template":"","meta":{"footnotes":""},"class_list":["post-533","page","type-page","status-publish","has-post-thumbnail","hentry"],"jetpack_sharing_enabled":true,"_links":{"self":[{"href":"https:\/\/opistobranquis.info\/ca\/wp-json\/wp\/v2\/pages\/533","targetHints":{"allow":["GET"]}}],"collection":[{"href":"https:\/\/opistobranquis.info\/ca\/wp-json\/wp\/v2\/pages"}],"about":[{"href":"https:\/\/opistobranquis.info\/ca\/wp-json\/wp\/v2\/types\/page"}],"author":[{"embeddable":true,"href":"https:\/\/opistobranquis.info\/ca\/wp-json\/wp\/v2\/users\/291"}],"replies":[{"embeddable":true,"href":"https:\/\/opistobranquis.info\/ca\/wp-json\/wp\/v2\/comments?post=533"}],"version-history":[{"count":7,"href":"https:\/\/opistobranquis.info\/ca\/wp-json\/wp\/v2\/pages\/533\/revisions"}],"predecessor-version":[{"id":44612,"href":"https:\/\/opistobranquis.info\/ca\/wp-json\/wp\/v2\/pages\/533\/revisions\/44612"}],"up":[{"embeddable":true,"href":"https:\/\/opistobranquis.info\/ca\/wp-json\/wp\/v2\/pages\/26109"}],"wp:featuredmedia":[{"embeddable":true,"href":"https:\/\/opistobranquis.info\/ca\/wp-json\/wp\/v2\/media\/27379"}],"wp:attachment":[{"href":"https:\/\/opistobranquis.info\/ca\/wp-json\/wp\/v2\/media?parent=533"}],"curies":[{"name":"wp","href":"https:\/\/api.w.org\/{rel}","templated":true}]}}