{"id":552,"date":"2012-05-16T20:01:11","date_gmt":"2012-05-16T18:01:11","guid":{"rendered":"https:\/\/opistobranquis.info\/armina-neapolitanaarmina-neapolitanaarmina-neapolitana"},"modified":"2019-08-13T21:11:00","modified_gmt":"2019-08-13T19:11:00","slug":"armina-neapolitana","status":"publish","type":"page","link":"https:\/\/opistobranquis.info\/ca\/guia\/nudibranchia\/cladobranchia\/arminoidea\/armina-neapolitana\/","title":{"rendered":"Armina neapolitana"},"content":{"rendered":"<p><\/p>\n<h3><em>Armina neapolitana<\/em> (delle Chiaje, 1824)<\/h3>\n<p><span style=\"font-size:10pt;\" class=\"aligncenter\"><div id=\"featured-img-id\"><img data-recalc-dims=\"1\" decoding=\"async\" src=\"https:\/\/i0.wp.com\/opistobranquis.info\/wp-content\/uploads\/2012\/12\/armina-neapolitana-001.jpg?w=900&#038;ssl=1\" alt=\"\" \/><\/div><center><em><\/em> per Enric Madrenas<\/center><\/span><p><\/p><div class=\"opk-worms\"><h3>Informaci\u00f3 taxon\u00f2mica WoRMS<\/h3><div class=\"opk-success\">Nom acceptat actual: <strong><em>Armina neapolitana<\/em> (Delle Chiaje, 1824)<\/strong><\/div><h4>Classificaci\u00f3 actual<\/h4><table class=\"widefat striped\"><tr><th>Superdomain<\/th><td><a target=\"_blank\" href=\"https:\/\/www.marinespecies.org\/aphia.php?p=taxdetails&id=1\">Biota<\/a><\/td><\/tr><tr><th>Kingdom<\/th><td><a target=\"_blank\" href=\"https:\/\/www.marinespecies.org\/aphia.php?p=taxdetails&id=2\">Animalia<\/a><\/td><\/tr><tr><th>Phylum<\/th><td><a target=\"_blank\" href=\"https:\/\/www.marinespecies.org\/aphia.php?p=taxdetails&id=51\">Mollusca<\/a><\/td><\/tr><tr><th>Class<\/th><td><a target=\"_blank\" href=\"https:\/\/www.marinespecies.org\/aphia.php?p=taxdetails&id=101\">Gastropoda<\/a><\/td><\/tr><tr><th>Subclass<\/th><td><a target=\"_blank\" href=\"https:\/\/www.marinespecies.org\/aphia.php?p=taxdetails&id=14712\">Heterobranchia<\/a><\/td><\/tr><tr><th>Infraclass<\/th><td><a target=\"_blank\" href=\"https:\/\/www.marinespecies.org\/aphia.php?p=taxdetails&id=1057247\">Euthyneura<\/a><\/td><\/tr><tr><th>Subterclass<\/th><td><a target=\"_blank\" href=\"https:\/\/www.marinespecies.org\/aphia.php?p=taxdetails&id=1057249\">Ringipleura<\/a><\/td><\/tr><tr><th>Superorder<\/th><td><a target=\"_blank\" href=\"https:\/\/www.marinespecies.org\/aphia.php?p=taxdetails&id=411966\">Nudipleura<\/a><\/td><\/tr><tr><th>Order<\/th><td><a target=\"_blank\" href=\"https:\/\/www.marinespecies.org\/aphia.php?p=taxdetails&id=1762\">Nudibranchia<\/a><\/td><\/tr><tr><th>Suborder<\/th><td><a target=\"_blank\" href=\"https:\/\/www.marinespecies.org\/aphia.php?p=taxdetails&id=827889\">Cladobranchia<\/a><\/td><\/tr><tr><th>Superfamily<\/th><td><a target=\"_blank\" href=\"https:\/\/www.marinespecies.org\/aphia.php?p=taxdetails&id=1763\">Arminoidea<\/a><\/td><\/tr><tr><th>Family<\/th><td><a target=\"_blank\" href=\"https:\/\/www.marinespecies.org\/aphia.php?p=taxdetails&id=2087\">Arminidae<\/a><\/td><\/tr><tr><th>Genus<\/th><td><a target=\"_blank\" href=\"https:\/\/www.marinespecies.org\/aphia.php?p=taxdetails&id=137677\"><em>Armina<\/em><\/a><\/td><\/tr><tr><th>Species<\/th><td><a target=\"_blank\" href=\"https:\/\/www.marinespecies.org\/aphia.php?p=taxdetails&id=138806\"><em>Armina neapolitana<\/em> (Delle Chiaje, 1824)<\/a><\/td><\/tr><\/table><p class=\"footer\">Classificaci\u00f3 proporcionada pel World Register of Marine Species (WoRMS). [<a target=\"_blank\" href=\"https:\/\/www.marinespecies.org\/aphia.php?p=taxdetails&id=138806\">138806<\/a>]<\/p><\/div><strong>Sin\u00f2nims<\/strong><\/p>\n<ul>\n<li><strong><em>Pleurophyllidia neapolitana<\/em> Delle Chiaje, 1824 (original)<\/strong><\/li>\n<li><em>Pleurophyllidia vasconica<\/em> Cu\u00e9not, 1914<\/li>\n<\/ul>\n<p><strong>Descripci\u00f3<\/strong><br \/>\nEls exemplars son de mida mitjana, entre uns 20 i 30 mm de longitud. La coloraci\u00f3 general dorsal \u00e9s de color crema clar destacant una l\u00ednia blanca central que va des de just la part posterior dels rin\u00f2fors fins la cua. El marge del mantell \u00e9s blanquin\u00f3s. Dors recorregut per unes 10 estries longitudinals poc marcades a cada banda de la l\u00ednia dorsal. Alguna d&#8217;aquestes estries, m\u00e9s gruixudes, estan pigmentades de blanc. El mantell anterior presenta quelcom de pigment fosc (blau fosc). Hi ha una caracter\u00edstica franja transversal blanquinosa que es creua amb la longitudinal en la zona mitja del dors; just darrera d&#8217;aquesta franja transversal hi ha pres\u00e8ncia de pigment blau fosc en alguna de les estries dorsals. La cua del mantell \u00e9s afilada, est\u00e0 lleugerament aixecada i t\u00e9 pigment blau fosc. Els rin\u00f2fors son de color groguenc amb lleugera pres\u00e8ncia de pigment blau fosc en la part anterior i t\u00e9 laminetes longitudinals. Sota el mantell hi ha unes l\u00e0mines branquials apretades, les anteriors disposades en sentit longitudinal i les posteriors, m\u00e9s nombroses, en sentit obliquo al cos. El peu \u00e9s ample i sobresurt lleugerament a ambd\u00f3s costats del mantell, \u00e9s de color blanquin\u00f3s per\u00f2 les v\u00edsceres li atorguen tons groc crema en el centre del peu. Pel davant el peu desenvolupa dos l\u00f2buls arrodonits que s\u2019observen tamb\u00e9 en la vista dorsal. Els marges del peu son blanquinosos i en la resta del peu hi ha quelcom de pigment blau fosc molt dispers.<\/p>\n<p><strong>Biologia<\/strong><br \/>\nAquesta esp\u00e8cie de nudibranqui viu en fons fangosos i detr\u00edtics amb restes de closques de mol\u00b7luscs on abunden els pennatulacis, dels que es pot alimentar. Donada la redu\u00efda mida i la seva capacitat per enterrar-se en el sediment per cercar l\u2019aliment \u00e9s una dif\u00edcil de localitzar en el fons mar\u00ed ra\u00f3 per la qual \u00e9s considerada relativament rara. Quan els animals es desplacen els rin\u00f2fors es mantenen molt al\u00e7ats. Es coneixen molt poques dades de la seva biologia i dels seus h\u00e0bits alimentaris.<\/p>\n<p><strong>Etimologia<\/strong><\/p>\n<ul>\n<li><em>Armina<\/em>. Nom propi femen\u00ed germ\u00e0nic que significa \u201csoldat\u201d o \u201cguerrera\u201d.<\/li>\n<li><em>Neapolitana<\/em>, referent a N\u00e0pols [Napoli] (Italia)<\/li>\n<\/ul>\n<p><strong>Distribuci\u00f3<\/strong><br \/>\nSon escasses les cites\u00a0d&#8217;aquesta\u00a0esp\u00e8cie que es coneguda tan en el Mediterrani (N\u00e0pols, Banyuls) com a l\u2019Atl\u00e0ntic. En la Pen\u00ednsula\u00a0Ib\u00e8rica\u00a0sols ha estat registrada en el litoral portugu\u00e8s i a Catalunya, en caladors\u00a0d&#8217;arrossegament\u00a0de Blanes, i recentment ha estat localitzada a les Illes Medes (Medallot, 38 m. de fond\u00e0ria)<br \/>\n<div id=\"flxmap-6a999a9f81c19\" class='flxmap-container' data-flxmap='flxmap_6a999a9f81c19' style=\"width:100%;height:400px;\"><\/div>\n<script data-noptimize=\"1\">\n\/* <![CDATA[ *\/\n(function(w, fn) {\n if (w.addEventListener) w.addEventListener(\"DOMContentLoaded\", fn, false);\n else if (w.attachEvent) w.attachEvent(\"onload\", fn);\n})(window, function() {\n var f = new FlexibleMap();\n f.panControl = true;\n f.mapTypeId = \"satellite\";\n f.setlocale(\"ca-ES\");\n f.kmlcache = \"5 minutes\";\n f.showKML(\"flxmap-6a999a9f81c19\", \"https:\/\/opistobranquis.info\/wp-content\/uploads\/kms\/552.kmz\");\n window.flxmap_6a999a9f81c19 = f;\n});\n\/* ]]> *\/\n<\/script>\n<div style=\"width:100%;text-align:center;margin:12px 0 4px 0;\">\n  <div style=\"font-size:8pt;margin-bottom:6px;\">Cites georeferenciades conegudes de l'esp\u00e8cie: <em>Armina neapolitana<\/em><\/div>\n  <table style=\"margin:0 auto;border-collapse:collapse;font-size:8pt;\">\n    <tr><td colspan=\"2\" style=\"text-align:left;padding-bottom:4px;\"><strong>Fonts:<\/strong><\/td><\/tr>\n    <tr>\n      <td style=\"vertical-align:top;padding-right:40px;\">\n        <table style=\"border-collapse:collapse;\">\n<tr><td style='padding:1px 6px 1px 0;vertical-align:middle'><img data-recalc-dims=\"1\" src=\"https:\/\/i0.wp.com\/opistobranquis.info\/wp-content\/uploads\/kms\/wht-circle-lv.png?w=900&#038;ssl=1\" style='display:block'><\/td><td style='padding:1px 0;vertical-align:middle;white-space:nowrap'>OBIS<\/td><\/tr><tr><td style='padding:1px 6px 1px 0;vertical-align:middle'><img data-recalc-dims=\"1\" src=\"https:\/\/i0.wp.com\/opistobranquis.info\/wp-content\/uploads\/kms\/ylw-circle-lv.png?w=900&#038;ssl=1\" style='display:block'><\/td><td style='padding:1px 0;vertical-align:middle;white-space:nowrap'>GROC 2010-2011<\/td><\/tr><tr><td style='padding:1px 6px 1px 0;vertical-align:middle'><img data-recalc-dims=\"1\" src=\"https:\/\/i0.wp.com\/opistobranquis.info\/wp-content\/uploads\/kms\/grn-circle-lv.png?w=900&#038;ssl=1\" style='display:block'><\/td><td style='padding:1px 0;vertical-align:middle;white-space:nowrap'>Enric Madrenas<\/td><\/tr><tr><td style='padding:1px 6px 1px 0;vertical-align:middle'><img data-recalc-dims=\"1\" src=\"https:\/\/i0.wp.com\/opistobranquis.info\/wp-content\/uploads\/kms\/orange-circle-lv.png?w=900&#038;ssl=1\" style='display:block'><\/td><td style='padding:1px 0;vertical-align:middle;white-space:nowrap'>Jo\u00e3o Pedro Silva<\/td><\/tr><tr><td style='padding:1px 6px 1px 0;vertical-align:middle'><img data-recalc-dims=\"1\" src=\"https:\/\/i0.wp.com\/opistobranquis.info\/wp-content\/uploads\/kms\/pink-circle-lv.png?w=900&#038;ssl=1\" style='display:block'><\/td><td style='padding:1px 0;vertical-align:middle;white-space:nowrap'>Bernard Picton<\/td><\/tr><tr><td style='padding:1px 6px 1px 0;vertical-align:middle'><img data-recalc-dims=\"1\" src=\"https:\/\/i0.wp.com\/opistobranquis.info\/wp-content\/uploads\/kms\/blk-circle-lv.png?w=900&#038;ssl=1\" style='display:block'><\/td><td style='padding:1px 0;vertical-align:middle;white-space:nowrap'>GBIF<\/td><\/tr>        <\/table>\n      <\/td>\n      <td style=\"vertical-align:top;\">\n        <table style=\"border-collapse:collapse;\">\n<tr><td style='padding:1px 6px 1px 0;vertical-align:middle'><img data-recalc-dims=\"1\" src=\"https:\/\/i0.wp.com\/opistobranquis.info\/wp-content\/uploads\/kms\/purple-circle-lv.png?w=900&#038;ssl=1\" style='display:block'><\/td><td style='padding:1px 0;vertical-align:middle;white-space:nowrap'>OPK<\/td><\/tr><tr><td style='padding:1px 6px 1px 0;vertical-align:middle'><img data-recalc-dims=\"1\" src=\"https:\/\/i0.wp.com\/opistobranquis.info\/wp-content\/uploads\/kms\/red-circle-lv.png?w=900&#038;ssl=1\" style='display:block'><\/td><td style='padding:1px 0;vertical-align:middle;white-space:nowrap'>VIMAR<\/td><\/tr><tr><td style='padding:1px 6px 1px 0;vertical-align:middle'><img data-recalc-dims=\"1\" src=\"https:\/\/i0.wp.com\/opistobranquis.info\/wp-content\/uploads\/kms\/blu-circle-lv.png?w=900&#038;ssl=1\" style='display:block'><\/td><td style='padding:1px 0;vertical-align:middle;white-space:nowrap'>Manuel Ballesteros<\/td><\/tr><tr><td style='padding:1px 6px 1px 0;vertical-align:middle'><img data-recalc-dims=\"1\" src=\"https:\/\/i0.wp.com\/opistobranquis.info\/wp-content\/uploads\/kms\/cyan-circle-lv.png?w=900&#038;ssl=1\" style='display:block'><\/td><td style='padding:1px 0;vertical-align:middle;white-space:nowrap'>M@re Nostrum<\/td><\/tr><tr><td style='padding:1px 6px 1px 0;vertical-align:middle'><img data-recalc-dims=\"1\" src=\"https:\/\/i0.wp.com\/opistobranquis.info\/wp-content\/uploads\/kms\/grey-circle-lv.png?w=900&#038;ssl=1\" style='display:block'><\/td><td style='padding:1px 0;vertical-align:middle;white-space:nowrap'>Altres fonts<\/td><\/tr><tr><td style='padding:1px 6px 1px 0;vertical-align:middle'><img data-recalc-dims=\"1\" src=\"https:\/\/i0.wp.com\/opistobranquis.info\/wp-content\/uploads\/kms\/marreg.png?w=900&#038;ssl=1\" style='display:block'><\/td><td style='padding:1px 0;vertical-align:middle;white-space:nowrap'>Marine Regions<\/td><\/tr>        <\/table>\n      <\/td>\n    <\/tr>\n  <\/table>\n<\/div>\n<\/p>\n<p><strong>Error:<\/strong> Chart.js no est\u00e1 disponible.<\/p>\n<p><strong>Altres fotos<\/strong><br \/>\n<div class=\"tiled-gallery type-rectangular tiled-gallery-unresized\" data-original-width=\"900\" data-carousel-extra='{&quot;blog_id&quot;:1,&quot;permalink&quot;:&quot;https:\\\/\\\/opistobranquis.info\\\/ca\\\/guia\\\/nudibranchia\\\/cladobranchia\\\/arminoidea\\\/armina-neapolitana\\\/&quot;,&quot;likes_blog_id&quot;:44192421}' itemscope itemtype=\"http:\/\/schema.org\/ImageGallery\" > <div class=\"gallery-row\" style=\"width: 900px; height: 208px;\" data-original-width=\"900\" data-original-height=\"208\" > <div class=\"gallery-group images-1\" style=\"width: 307px; height: 208px;\" data-original-width=\"307\" data-original-height=\"208\" > <div class=\"tiled-gallery-item tiled-gallery-item-large\" itemprop=\"associatedMedia\" itemscope itemtype=\"http:\/\/schema.org\/ImageObject\"> <a href=\"https:\/\/opistobranquis.info\/ca\/guia\/nudibranchia\/cladobranchia\/arminoidea\/armina-neapolitana\/armina-neapolitana-00\/\" border=\"0\" itemprop=\"url\"> <meta itemprop=\"width\" content=\"303\"> <meta itemprop=\"height\" content=\"204\"> <img decoding=\"async\" class=\"\" data-attachment-id=\"4121\" data-orig-file=\"https:\/\/opistobranquis.info\/wp-content\/uploads\/2012\/12\/armina-neapolitana-00.jpg\" data-orig-size=\"650,438\" data-comments-opened=\"\" data-image-title=\"Armina neapolitana\" data-image-description=\"&lt;p&gt;Armina neapolitana&lt;\/p&gt; \" data-medium-file=\"https:\/\/i0.wp.com\/opistobranquis.info\/wp-content\/uploads\/2012\/12\/armina-neapolitana-00.jpg?fit=300%2C202&#038;ssl=1\" data-large-file=\"https:\/\/i0.wp.com\/opistobranquis.info\/wp-content\/uploads\/2012\/12\/armina-neapolitana-00.jpg?fit=650%2C438&#038;ssl=1\" src=\"https:\/\/i0.wp.com\/opistobranquis.info\/wp-content\/uploads\/2012\/12\/armina-neapolitana-00.jpg?w=303&#038;h=204&#038;ssl=1\" srcset=\"https:\/\/i0.wp.com\/opistobranquis.info\/wp-content\/uploads\/2012\/12\/armina-neapolitana-00.jpg?w=650&amp;ssl=1 650w, https:\/\/i0.wp.com\/opistobranquis.info\/wp-content\/uploads\/2012\/12\/armina-neapolitana-00.jpg?resize=300%2C202&amp;ssl=1 300w\" width=\"303\" height=\"204\" loading=\"lazy\" data-original-width=\"303\" data-original-height=\"204\" itemprop=\"http:\/\/schema.org\/image\" title=\"Armina neapolitana\" alt=\"Armina neapolitana\" style=\"width: 303px; height: 204px;\" \/> <\/a> <div class=\"tiled-gallery-caption\" itemprop=\"caption description\"> Armina neapolitana <\/div> <\/div> <\/div> <!-- close group --> <div class=\"gallery-group images-1\" style=\"width: 309px; height: 208px;\" data-original-width=\"309\" data-original-height=\"208\" > <div class=\"tiled-gallery-item tiled-gallery-item-large\" itemprop=\"associatedMedia\" itemscope itemtype=\"http:\/\/schema.org\/ImageObject\"> <a href=\"https:\/\/opistobranquis.info\/ca\/guia\/nudibranchia\/cladobranchia\/arminoidea\/armina-neapolitana\/armina-neapolitana-01\/\" border=\"0\" itemprop=\"url\"> <meta itemprop=\"width\" content=\"305\"> <meta itemprop=\"height\" content=\"204\"> <img decoding=\"async\" class=\"\" data-attachment-id=\"4123\" data-orig-file=\"https:\/\/opistobranquis.info\/wp-content\/uploads\/2012\/12\/armina-neapolitana-01.jpg\" data-orig-size=\"650,436\" data-comments-opened=\"\" data-image-title=\"armina-neapolitana-01\" data-image-description=\"\" data-medium-file=\"https:\/\/i0.wp.com\/opistobranquis.info\/wp-content\/uploads\/2012\/12\/armina-neapolitana-01.jpg?fit=300%2C201&#038;ssl=1\" data-large-file=\"https:\/\/i0.wp.com\/opistobranquis.info\/wp-content\/uploads\/2012\/12\/armina-neapolitana-01.jpg?fit=650%2C436&#038;ssl=1\" src=\"https:\/\/i0.wp.com\/opistobranquis.info\/wp-content\/uploads\/2012\/12\/armina-neapolitana-01.jpg?w=305&#038;h=204&#038;ssl=1\" srcset=\"https:\/\/i0.wp.com\/opistobranquis.info\/wp-content\/uploads\/2012\/12\/armina-neapolitana-01.jpg?w=650&amp;ssl=1 650w, https:\/\/i0.wp.com\/opistobranquis.info\/wp-content\/uploads\/2012\/12\/armina-neapolitana-01.jpg?resize=300%2C201&amp;ssl=1 300w\" width=\"305\" height=\"204\" loading=\"lazy\" data-original-width=\"305\" data-original-height=\"204\" itemprop=\"http:\/\/schema.org\/image\" title=\"armina-neapolitana-01\" alt=\"armina-neapolitana-01\" style=\"width: 305px; height: 204px;\" \/> <\/a> <\/div> <\/div> <!-- close group --> <div class=\"gallery-group images-1\" style=\"width: 142px; height: 208px;\" data-original-width=\"142\" data-original-height=\"208\" > <div class=\"tiled-gallery-item tiled-gallery-item-small\" itemprop=\"associatedMedia\" itemscope itemtype=\"http:\/\/schema.org\/ImageObject\"> <a href=\"https:\/\/opistobranquis.info\/ca\/guia\/nudibranchia\/cladobranchia\/arminoidea\/armina-neapolitana\/armina-neapolitana-02\/\" border=\"0\" itemprop=\"url\"> <meta itemprop=\"width\" content=\"138\"> <meta itemprop=\"height\" content=\"204\"> <img decoding=\"async\" class=\"\" data-attachment-id=\"4124\" data-orig-file=\"https:\/\/opistobranquis.info\/wp-content\/uploads\/2012\/12\/armina-neapolitana-02.jpg\" data-orig-size=\"331,490\" data-comments-opened=\"\" data-image-title=\"armina-neapolitana-02\" data-image-description=\"\" data-medium-file=\"https:\/\/i0.wp.com\/opistobranquis.info\/wp-content\/uploads\/2012\/12\/armina-neapolitana-02.jpg?fit=202%2C300&#038;ssl=1\" data-large-file=\"https:\/\/i0.wp.com\/opistobranquis.info\/wp-content\/uploads\/2012\/12\/armina-neapolitana-02.jpg?fit=331%2C490&#038;ssl=1\" src=\"https:\/\/i0.wp.com\/opistobranquis.info\/wp-content\/uploads\/2012\/12\/armina-neapolitana-02.jpg?w=138&#038;h=204&#038;ssl=1\" srcset=\"https:\/\/i0.wp.com\/opistobranquis.info\/wp-content\/uploads\/2012\/12\/armina-neapolitana-02.jpg?w=331&amp;ssl=1 331w, https:\/\/i0.wp.com\/opistobranquis.info\/wp-content\/uploads\/2012\/12\/armina-neapolitana-02.jpg?resize=202%2C300&amp;ssl=1 202w\" width=\"138\" height=\"204\" loading=\"lazy\" data-original-width=\"138\" data-original-height=\"204\" itemprop=\"http:\/\/schema.org\/image\" title=\"armina-neapolitana-02\" alt=\"armina-neapolitana-02\" style=\"width: 138px; height: 204px;\" \/> <\/a> <\/div> <\/div> <!-- close group --> <div class=\"gallery-group images-1\" style=\"width: 142px; height: 208px;\" data-original-width=\"142\" data-original-height=\"208\" > <div class=\"tiled-gallery-item tiled-gallery-item-small\" itemprop=\"associatedMedia\" itemscope itemtype=\"http:\/\/schema.org\/ImageObject\"> <a href=\"https:\/\/opistobranquis.info\/ca\/guia\/nudibranchia\/cladobranchia\/arminoidea\/armina-neapolitana\/armina-neapolitana-03\/\" border=\"0\" itemprop=\"url\"> <meta itemprop=\"width\" content=\"138\"> <meta itemprop=\"height\" content=\"204\"> <img decoding=\"async\" class=\"\" data-attachment-id=\"4125\" data-orig-file=\"https:\/\/opistobranquis.info\/wp-content\/uploads\/2012\/12\/armina-neapolitana-03.jpg\" data-orig-size=\"331,490\" data-comments-opened=\"\" data-image-title=\"armina-neapolitana-03\" data-image-description=\"\" data-medium-file=\"https:\/\/i0.wp.com\/opistobranquis.info\/wp-content\/uploads\/2012\/12\/armina-neapolitana-03.jpg?fit=202%2C300&#038;ssl=1\" data-large-file=\"https:\/\/i0.wp.com\/opistobranquis.info\/wp-content\/uploads\/2012\/12\/armina-neapolitana-03.jpg?fit=331%2C490&#038;ssl=1\" src=\"https:\/\/i0.wp.com\/opistobranquis.info\/wp-content\/uploads\/2012\/12\/armina-neapolitana-03.jpg?w=138&#038;h=204&#038;ssl=1\" srcset=\"https:\/\/i0.wp.com\/opistobranquis.info\/wp-content\/uploads\/2012\/12\/armina-neapolitana-03.jpg?w=331&amp;ssl=1 331w, https:\/\/i0.wp.com\/opistobranquis.info\/wp-content\/uploads\/2012\/12\/armina-neapolitana-03.jpg?resize=202%2C300&amp;ssl=1 202w\" width=\"138\" height=\"204\" loading=\"lazy\" data-original-width=\"138\" data-original-height=\"204\" itemprop=\"http:\/\/schema.org\/image\" title=\"armina-neapolitana-03\" alt=\"armina-neapolitana-03\" style=\"width: 138px; height: 204px;\" \/> <\/a> <\/div> <\/div> <!-- close group --> <\/div> <!-- close row --> <\/div><br \/>\n<p><strong>Bibliografia<\/strong><\/p><ul><div id=\"zotpress-f1c7afd536286db236a50053d6e1ab4a\" class=\"zp-Zotpress zp-Zotpress-Bib wp-block-group\">\n\n\t\t<span class=\"ZP_API_USER_ID ZP_ATTR\">1246567<\/span>\n\t\t<span class=\"ZP_ITEM_KEY ZP_ATTR\"><\/span>\n\t\t<span class=\"ZP_COLLECTION_ID ZP_ATTR\"><\/span>\n\t\t<span class=\"ZP_TAG_ID ZP_ATTR\">Armina neapolitana<\/span>\n\t\t<span class=\"ZP_AUTHOR ZP_ATTR\"><\/span>\n\t\t<span class=\"ZP_YEAR ZP_ATTR\"><\/span>\n        <span class=\"ZP_ITEMTYPE ZP_ATTR\"><\/span>\n\t\t<span class=\"ZP_INCLUSIVE ZP_ATTR\">1<\/span>\n\t\t<span class=\"ZP_STYLE ZP_ATTR\">eunomia-revista-en-cultura-de-la-legalidad<\/span>\n\t\t<span class=\"ZP_LIMIT ZP_ATTR\">50<\/span>\n\t\t<span class=\"ZP_SORTBY ZP_ATTR\">creator<\/span>\n\t\t<span class=\"ZP_ORDER ZP_ATTR\">asc<\/span>\n\t\t<span class=\"ZP_TITLE ZP_ATTR\"><\/span>\n\t\t<span class=\"ZP_SHOWIMAGE ZP_ATTR\"><\/span>\n\t\t<span class=\"ZP_SHOWTAGS ZP_ATTR\"><\/span>\n\t\t<span class=\"ZP_DOWNLOADABLE ZP_ATTR\"><\/span>\n\t\t<span class=\"ZP_NOTES ZP_ATTR\"><\/span>\n\t\t<span class=\"ZP_ABSTRACT ZP_ATTR\"><\/span>\n\t\t<span class=\"ZP_CITEABLE ZP_ATTR\"><\/span>\n\t\t<span class=\"ZP_TARGET ZP_ATTR\">1<\/span>\n\t\t<span class=\"ZP_URLWRAP ZP_ATTR\"><\/span>\n\t\t<span class=\"ZP_FORCENUM ZP_ATTR\"><\/span>\n        <span class=\"ZP_HIGHLIGHT ZP_ATTR\"><\/span>\n        <span class=\"ZP_POSTID ZP_ATTR\">552<\/span>\n\t\t<span class=\"ZOTPRESS_PLUGIN_URL ZP_ATTR\">https:\/\/opistobranquis.info\/wp-content\/plugins\/zotpress\/<\/span>\n\n\t\t<div class=\"zp-List loading\">\n\t\t\t<div class=\"zp-SEO-Content\">\n\n\t\t\t<\/div><!-- .zp-zp-SEO-Content -->\n\t\t<\/div><!-- .zp-List -->\n\t<\/div><!--.zp-Zotpress-->\n\n<p><\/p>Bibliografia basada en els treballs de <b>Steve Long, 2006<\/b>. <a target=_blank href=https:\/\/opistobranquis.info\/wp-content\/uploads\/2016\/06\/Long-S.-2006-Bibliography-of-Opisthobranchia-1554-2000.pdf>Bibliography of Opisthobranchia 1554-2000<\/a> i <b>Gary McDonald, 2009<\/b>. <a href=http:\/\/escholarship.org\/uc\/item\/8115h0wz>Bibliographia Nudibranchia<\/a>, amb actualitzacions posteriors procedents d\u00b4altres fonts.<p><\/p><\/ul><p><\/p><p><strong>M\u00e9s informaci\u00f3<\/strong><\/p><span style=\"font-size:10pt\"><ul><ul class=\"blogroll-links\"><li><a href=\"http:\/\/www.biodiversitylibrary.org\/name\/Armina%20neapolitana\">Biodiversity Heritage Library<\/a><\/li><li><a href=\"https:\/\/www.flickr.com\/search\/?text=Armina%20neapolitana\">Flickr pictures<\/a><\/li><li><a href=\"http:\/\/www.opistobranquis.org\/ca\/guia\/55\">GROC<\/a><\/li><li><a href=\"http:\/\/www.irmng.org\/aphia.php?p=taxlist&#038;tName=Armina%20neapolitana\">Interim Register of Marine and Nonmarine Genera<\/a><\/li><li><a href=\"http:\/\/www.ncbi.nlm.nih.gov\/Taxonomy\/Browser\/wwwtax.cgi?mode=Undef&#038;name=Armina%20neapolitana&#038;lvl=0&#038;srchmode=1\">NCBI GenBank<\/a><\/li><li><a href=\"http:\/\/iobis.org\/mapper\/?taxon=Armina%20neapolitana\">OBIS - Search by Taxon<\/a><\/li><li><a href=\"http:\/\/www.marinespecies.org\/aphia.php?p=taxdetails&#038;id=138806\">World Register of Marine Species<\/a><\/li><\/ul><\/ul><\/span><p><strong>Citeu aquest article com: <\/strong><\/p><div style=\"display: block; background: #444444; padding: 10px 30px 10px 10px; border-radius: 5px; line-height: 18px;\"><p class=\"citacio\"><b>Ballesteros, M., Madrenas, E. &#38; Pontes, M.<\/b> (2025) <em>\"Armina neapolitana\"<\/em> a <em>OPK-Opistobranquis<\/em>. Publicat: 16\/05\/2012. Accedit: 03\/09\/2026. Disponible a (<a href=https:\/\/opistobranquis.info\/ca\/?p=552>https:\/\/opistobranquis.info\/ca\/?p=552<\/a>)<\/p><p><\/p><\/div><p><\/p><\/p>","protected":false},"excerpt":{"rendered":"<p>Armina neapolitana (delle Chiaje, 1824) Sin\u00f2nims Pleurophyllidia neapolitana Delle Chiaje, 1824 (original) Pleurophyllidia vasconica Cu\u00e9not, 1914 Descripci\u00f3 Els exemplars son de mida mitjana, entre uns 20 i 30 mm de longitud. La coloraci\u00f3 general dorsal \u00e9s de color crema clar destacant una l\u00ednia blanca central que va des de just la part posterior dels rin\u00f2fors fins la cua. El marge del mantell \u00e9s blanquin\u00f3s. Dors recorregut per unes 10 estries\u2026<\/p>\n<p class=\"continue-reading-button\"> <a class=\"continue-reading-link\" href=\"https:\/\/opistobranquis.info\/ca\/guia\/nudibranchia\/cladobranchia\/arminoidea\/armina-neapolitana\/\">Continua llegint<i class=\"crycon-right-dir\"><\/i><\/a><\/p>\n","protected":false},"author":291,"featured_media":4122,"parent":454,"menu_order":7110,"comment_status":"closed","ping_status":"closed","template":"","meta":{"footnotes":""},"class_list":["post-552","page","type-page","status-publish","has-post-thumbnail","hentry"],"jetpack_sharing_enabled":true,"_links":{"self":[{"href":"https:\/\/opistobranquis.info\/ca\/wp-json\/wp\/v2\/pages\/552","targetHints":{"allow":["GET"]}}],"collection":[{"href":"https:\/\/opistobranquis.info\/ca\/wp-json\/wp\/v2\/pages"}],"about":[{"href":"https:\/\/opistobranquis.info\/ca\/wp-json\/wp\/v2\/types\/page"}],"author":[{"embeddable":true,"href":"https:\/\/opistobranquis.info\/ca\/wp-json\/wp\/v2\/users\/291"}],"replies":[{"embeddable":true,"href":"https:\/\/opistobranquis.info\/ca\/wp-json\/wp\/v2\/comments?post=552"}],"version-history":[{"count":2,"href":"https:\/\/opistobranquis.info\/ca\/wp-json\/wp\/v2\/pages\/552\/revisions"}],"predecessor-version":[{"id":28923,"href":"https:\/\/opistobranquis.info\/ca\/wp-json\/wp\/v2\/pages\/552\/revisions\/28923"}],"up":[{"embeddable":true,"href":"https:\/\/opistobranquis.info\/ca\/wp-json\/wp\/v2\/pages\/454"}],"wp:featuredmedia":[{"embeddable":true,"href":"https:\/\/opistobranquis.info\/ca\/wp-json\/wp\/v2\/media\/4122"}],"wp:attachment":[{"href":"https:\/\/opistobranquis.info\/ca\/wp-json\/wp\/v2\/media?parent=552"}],"curies":[{"name":"wp","href":"https:\/\/api.w.org\/{rel}","templated":true}]}}