{"id":568,"date":"2012-05-16T20:15:32","date_gmt":"2012-05-16T18:15:32","guid":{"rendered":"https:\/\/opistobranquis.info\/berghia-coerulescensberghia-coerulescensberghia-coerulescens"},"modified":"2022-12-27T11:08:46","modified_gmt":"2022-12-27T10:08:46","slug":"berghia-coerulescens","status":"publish","type":"page","link":"https:\/\/opistobranquis.info\/ca\/guia\/nudibranchia\/cladobranchia\/aeolidioidea\/berghia-coerulescens\/","title":{"rendered":"Berghia coerulescens"},"content":{"rendered":"<p><\/p>\n<h3><em>Berghia coerulescens<\/em> (Laurillard, 1832)<\/h3>\n<p><span style=\"font-size:10pt;\" class=\"aligncenter\"><div id=\"featured-img-id\"><img data-recalc-dims=\"1\" decoding=\"async\" src=\"https:\/\/i0.wp.com\/opistobranquis.info\/wp-content\/uploads\/2012\/12\/berghia-coerulescens-21.jpg?w=900&#038;ssl=1\" alt=\"Berghia coerulescens by Enric Madrenas\" \/><\/div><center><em>Berghia coerulescens<\/em> per Enric Madrenas<\/center><\/span><p><\/p><div class=\"opk-worms\"><h3>Informaci\u00f3 taxon\u00f2mica WoRMS<\/h3><div class=\"opk-success\">Nom acceptat actual: <strong><em>Berghia coerulescens<\/em> (Laurillard, 1832)<\/strong><\/div><h4>Classificaci\u00f3 actual<\/h4><table class=\"widefat striped\"><tr><th>Superdomain<\/th><td><a target=\"_blank\" href=\"https:\/\/www.marinespecies.org\/aphia.php?p=taxdetails&id=1\">Biota<\/a><\/td><\/tr><tr><th>Kingdom<\/th><td><a target=\"_blank\" href=\"https:\/\/www.marinespecies.org\/aphia.php?p=taxdetails&id=2\">Animalia<\/a><\/td><\/tr><tr><th>Phylum<\/th><td><a target=\"_blank\" href=\"https:\/\/www.marinespecies.org\/aphia.php?p=taxdetails&id=51\">Mollusca<\/a><\/td><\/tr><tr><th>Class<\/th><td><a target=\"_blank\" href=\"https:\/\/www.marinespecies.org\/aphia.php?p=taxdetails&id=101\">Gastropoda<\/a><\/td><\/tr><tr><th>Subclass<\/th><td><a target=\"_blank\" href=\"https:\/\/www.marinespecies.org\/aphia.php?p=taxdetails&id=14712\">Heterobranchia<\/a><\/td><\/tr><tr><th>Infraclass<\/th><td><a target=\"_blank\" href=\"https:\/\/www.marinespecies.org\/aphia.php?p=taxdetails&id=1057247\">Euthyneura<\/a><\/td><\/tr><tr><th>Subterclass<\/th><td><a target=\"_blank\" href=\"https:\/\/www.marinespecies.org\/aphia.php?p=taxdetails&id=1057249\">Ringipleura<\/a><\/td><\/tr><tr><th>Superorder<\/th><td><a target=\"_blank\" href=\"https:\/\/www.marinespecies.org\/aphia.php?p=taxdetails&id=411966\">Nudipleura<\/a><\/td><\/tr><tr><th>Order<\/th><td><a target=\"_blank\" href=\"https:\/\/www.marinespecies.org\/aphia.php?p=taxdetails&id=1762\">Nudibranchia<\/a><\/td><\/tr><tr><th>Suborder<\/th><td><a target=\"_blank\" href=\"https:\/\/www.marinespecies.org\/aphia.php?p=taxdetails&id=827889\">Cladobranchia<\/a><\/td><\/tr><tr><th>Superfamily<\/th><td><a target=\"_blank\" href=\"https:\/\/www.marinespecies.org\/aphia.php?p=taxdetails&id=189\">Aeolidioidea<\/a><\/td><\/tr><tr><th>Family<\/th><td><a target=\"_blank\" href=\"https:\/\/www.marinespecies.org\/aphia.php?p=taxdetails&id=192\">Aeolidiidae<\/a><\/td><\/tr><tr><th>Genus<\/th><td><a target=\"_blank\" href=\"https:\/\/www.marinespecies.org\/aphia.php?p=taxdetails&id=137633\"><em>Berghia<\/em><\/a><\/td><\/tr><tr><th>Species<\/th><td><a target=\"_blank\" href=\"https:\/\/www.marinespecies.org\/aphia.php?p=taxdetails&id=196603\"><em>Berghia coerulescens<\/em> (Laurillard, 1832)<\/a><\/td><\/tr><\/table><p class=\"footer\">Classificaci\u00f3 proporcionada pel World Register of Marine Species (WoRMS). [<a target=\"_blank\" href=\"https:\/\/www.marinespecies.org\/aphia.php?p=taxdetails&id=196603\">196603<\/a>]<\/p><\/div><strong>Sin\u00f2nims<\/strong><\/p>\n<ul>\n<li><em>Berghia modesta<\/em> Trinchese, 1882<\/li>\n<li><em>Eolidia coerulescens<\/em> Laurillard, 1832 (original)<\/li>\n<li><em>Eolidia souleyeti<\/em> V\u00e9rany, 1853<\/li>\n<li><em>Eolis peregrina<\/em> Delle Chiaje, 1841<\/li>\n<li><em>Spurilla caerulescens<\/em> (Laurillard, 1830)<\/li>\n<\/ul>\n<p><b>Descripci\u00f3<\/b><br \/>\nAquesta esp\u00e8cie pot amidar m\u00e9s de 40 mm de longitud. El cos \u00e9s blanquin\u00f3s i lleugerament transl\u00facid, amb el dors tenyit de marr\u00f3-vermell\u00f3s o rosat molt suau, una mica m\u00e9s fosc entre els primers grups de cerata i en algunes zones tons blavosos. En el cap s&#8217;aprecien dues taques allargades de color taronja. Els palps orals, lleugerament blavosos i semitransparents en la base s\u00f3n opacs i de color taronja en l&#8217;extrem. Els rin\u00f2fors s\u00f3n llisos i transl\u00facids en la base i amb curtes berrugues arrodonides de color taronja en la resta; l&#8217;\u00e0pex \u00e9s blanc. Els cerata estan agrupats en 8-10 grups a cada banda del cos i es disposen m\u00e9s o menys homog\u00e8niament sobre el dors. Els cerata s\u00f3n allargats, estrets i en el seu interior la gl\u00e0ndula digestiva \u00e9s de color marr\u00f3 per\u00f2 est\u00e0 emmascarada per la pigmentaci\u00f3 blavosa de la superf\u00edcie dels cerata, en les que el seu extrem apical \u00e9s de color taronja. El peu \u00e9s ample i d\u2019un to rosat suau i en la seva porci\u00f3 anterior es diferencien un parell de palps propodials fins i triangulars.<\/p>\n<p><b>Biologia<\/b><br \/>\nAquesta esp\u00e8cie pot trobar-se sota pedres a poca profunditat o b\u00e9 en parets rocoses infralitorals amb abund\u00e0ncia de hidraris i altres invertebrats. S&#8217;ha citat que es pot alimentar de les anemones <i>Aiptasia mutabilis<\/i> i <i>Sagartia sp<\/i>. La posta est\u00e0 formada per una cinta blanca i transl\u00facida enrotllada en espiral d&#8217;uns 25 mm de di\u00e0metre amb ous d&#8217;unes 125 micres de di\u00e0metre.<\/p>\n<p><strong>Etimologia<\/strong><\/p>\n<ul>\n<li><em>Berghia<\/em>. En honor del metge i malac\u00f2leg dan\u00e9s Dr. Rudolph Bergh, (1824-1909).<\/li>\n<li><em>Coerulescens<\/em>. De color blau.<\/li>\n<\/ul>\n<p><strong>Distribuci\u00f3<\/strong><br \/>\n<i>B.coerulescens<\/i> \u00e9s present al llarg de les costes europees atl\u00e0ntiques i del Mediterrani occidental, incloent l&#8217;Adri\u00e0tic. A la Pen\u00ednsula Ib\u00e8rica s&#8217;ha trobat a la cornisa cant\u00e0brica, a les costes de Portugal, a la zona de l&#8217;Estret de Gibraltar i a totes les costes mediterr\u00e0nies. A Catalunya ha estat citada en diferents localitats de la Costa Brava com Cadaqu\u00e9s, L&#8217;Escala, Palam\u00f3s, Lloret i Tossa de Mar.<br \/>\nLa pres\u00e8ncia del g\u00e8nere <em>Berghia<\/em> Trinchese, 1877 a l&#8217;Atl\u00e0ntic occidental ha estat objecte tradicional de discussi\u00f3 en cercles malacol\u00f2gics. Les esp\u00e8cies atl\u00e0ntiques van ser assignades pels primers autors a les esp\u00e8cies europees <em>Berghia coerulescens<\/em> (Laurillard, 1830) i <em>Berghia verrucicornis<\/em> (A. Costa, 1864), per la qual cosa les considerava esp\u00e8cies amfiatl\u00e0ntiques. Amb tot, diversos autors ja sospitaven de l&#8217;exist\u00e8ncia a l&#8217;Atl\u00e0ntic occidental d&#8217;esp\u00e8cies de <em>Berghia<\/em> diferents (Edmunds, 1968; Garc\u00eda-G\u00f3mez &amp; Thompson, 1990; Muniain &amp; Ortea, 1999), per\u00f2 la manca d&#8217;exemplars de l&#8217;Atl\u00e0ntic occidental per el seu estudi va impedir aclarir la taxonomia del g\u00e8nere fins al treball de Dom\u00ednguez et al. (2008).<br \/>\n<div id=\"flxmap-6a9b60bdd29a9\" class='flxmap-container' data-flxmap='flxmap_6a9b60bdd29a9' style=\"width:100%;height:400px;\"><\/div>\n<script data-noptimize=\"1\">\n\/* <![CDATA[ *\/\n(function(w, fn) {\n if (w.addEventListener) w.addEventListener(\"DOMContentLoaded\", fn, false);\n else if (w.attachEvent) w.attachEvent(\"onload\", fn);\n})(window, function() {\n var f = new FlexibleMap();\n f.panControl = true;\n f.mapTypeId = \"satellite\";\n f.setlocale(\"ca-ES\");\n f.kmlcache = \"5 minutes\";\n f.showKML(\"flxmap-6a9b60bdd29a9\", \"https:\/\/opistobranquis.info\/wp-content\/uploads\/kms\/568.kmz\");\n window.flxmap_6a9b60bdd29a9 = f;\n});\n\/* ]]> *\/\n<\/script>\n<div style=\"width:100%;text-align:center;margin:12px 0 4px 0;\">\n  <div style=\"font-size:8pt;margin-bottom:6px;\">Cites georeferenciades conegudes de l'esp\u00e8cie: <em>Berghia coerulescens<\/em><\/div>\n  <table style=\"margin:0 auto;border-collapse:collapse;font-size:8pt;\">\n    <tr><td colspan=\"2\" style=\"text-align:left;padding-bottom:4px;\"><strong>Fonts:<\/strong><\/td><\/tr>\n    <tr>\n      <td style=\"vertical-align:top;padding-right:40px;\">\n        <table style=\"border-collapse:collapse;\">\n<tr><td style='padding:1px 6px 1px 0;vertical-align:middle'><img data-recalc-dims=\"1\" src=\"https:\/\/i0.wp.com\/opistobranquis.info\/wp-content\/uploads\/kms\/wht-circle-lv.png?w=900&#038;ssl=1\" style='display:block'><\/td><td style='padding:1px 0;vertical-align:middle;white-space:nowrap'>OBIS<\/td><\/tr><tr><td style='padding:1px 6px 1px 0;vertical-align:middle'><img data-recalc-dims=\"1\" src=\"https:\/\/i0.wp.com\/opistobranquis.info\/wp-content\/uploads\/kms\/ylw-circle-lv.png?w=900&#038;ssl=1\" style='display:block'><\/td><td style='padding:1px 0;vertical-align:middle;white-space:nowrap'>GROC 2010-2011<\/td><\/tr><tr><td style='padding:1px 6px 1px 0;vertical-align:middle'><img data-recalc-dims=\"1\" src=\"https:\/\/i0.wp.com\/opistobranquis.info\/wp-content\/uploads\/kms\/grn-circle-lv.png?w=900&#038;ssl=1\" style='display:block'><\/td><td style='padding:1px 0;vertical-align:middle;white-space:nowrap'>Enric Madrenas<\/td><\/tr><tr><td style='padding:1px 6px 1px 0;vertical-align:middle'><img data-recalc-dims=\"1\" src=\"https:\/\/i0.wp.com\/opistobranquis.info\/wp-content\/uploads\/kms\/orange-circle-lv.png?w=900&#038;ssl=1\" style='display:block'><\/td><td style='padding:1px 0;vertical-align:middle;white-space:nowrap'>Jo\u00e3o Pedro Silva<\/td><\/tr><tr><td style='padding:1px 6px 1px 0;vertical-align:middle'><img data-recalc-dims=\"1\" src=\"https:\/\/i0.wp.com\/opistobranquis.info\/wp-content\/uploads\/kms\/pink-circle-lv.png?w=900&#038;ssl=1\" style='display:block'><\/td><td style='padding:1px 0;vertical-align:middle;white-space:nowrap'>Bernard Picton<\/td><\/tr><tr><td style='padding:1px 6px 1px 0;vertical-align:middle'><img data-recalc-dims=\"1\" src=\"https:\/\/i0.wp.com\/opistobranquis.info\/wp-content\/uploads\/kms\/blk-circle-lv.png?w=900&#038;ssl=1\" style='display:block'><\/td><td style='padding:1px 0;vertical-align:middle;white-space:nowrap'>GBIF<\/td><\/tr>        <\/table>\n      <\/td>\n      <td style=\"vertical-align:top;\">\n        <table style=\"border-collapse:collapse;\">\n<tr><td style='padding:1px 6px 1px 0;vertical-align:middle'><img data-recalc-dims=\"1\" src=\"https:\/\/i0.wp.com\/opistobranquis.info\/wp-content\/uploads\/kms\/purple-circle-lv.png?w=900&#038;ssl=1\" style='display:block'><\/td><td style='padding:1px 0;vertical-align:middle;white-space:nowrap'>OPK<\/td><\/tr><tr><td style='padding:1px 6px 1px 0;vertical-align:middle'><img data-recalc-dims=\"1\" src=\"https:\/\/i0.wp.com\/opistobranquis.info\/wp-content\/uploads\/kms\/red-circle-lv.png?w=900&#038;ssl=1\" style='display:block'><\/td><td style='padding:1px 0;vertical-align:middle;white-space:nowrap'>VIMAR<\/td><\/tr><tr><td style='padding:1px 6px 1px 0;vertical-align:middle'><img data-recalc-dims=\"1\" src=\"https:\/\/i0.wp.com\/opistobranquis.info\/wp-content\/uploads\/kms\/blu-circle-lv.png?w=900&#038;ssl=1\" style='display:block'><\/td><td style='padding:1px 0;vertical-align:middle;white-space:nowrap'>Manuel Ballesteros<\/td><\/tr><tr><td style='padding:1px 6px 1px 0;vertical-align:middle'><img data-recalc-dims=\"1\" src=\"https:\/\/i0.wp.com\/opistobranquis.info\/wp-content\/uploads\/kms\/cyan-circle-lv.png?w=900&#038;ssl=1\" style='display:block'><\/td><td style='padding:1px 0;vertical-align:middle;white-space:nowrap'>M@re Nostrum<\/td><\/tr><tr><td style='padding:1px 6px 1px 0;vertical-align:middle'><img data-recalc-dims=\"1\" src=\"https:\/\/i0.wp.com\/opistobranquis.info\/wp-content\/uploads\/kms\/grey-circle-lv.png?w=900&#038;ssl=1\" style='display:block'><\/td><td style='padding:1px 0;vertical-align:middle;white-space:nowrap'>Altres fonts<\/td><\/tr><tr><td style='padding:1px 6px 1px 0;vertical-align:middle'><img data-recalc-dims=\"1\" src=\"https:\/\/i0.wp.com\/opistobranquis.info\/wp-content\/uploads\/kms\/marreg.png?w=900&#038;ssl=1\" style='display:block'><\/td><td style='padding:1px 0;vertical-align:middle;white-space:nowrap'>Marine Regions<\/td><\/tr>        <\/table>\n      <\/td>\n    <\/tr>\n  <\/table>\n<\/div>\n<\/p>\n<p><strong>Esp\u00e8cies semblants<br \/>\n<\/strong><a href=\"https:\/\/opistobranquis.info\/guia\/nudibranchia\/cladobranchia\/fionoidea\/trinchesia-caerulea\/\"><em>Trinchesia caerulea<\/em><\/a>, t\u00e9 els rin\u00f2fors fins i llisos, mentre que a <em>B.coerulescens<\/em> son gruixuts i amb berrugues de color taronja.<\/p>\n<p><strong>Error:<\/strong> Chart.js no est\u00e1 disponible.<\/p>\n<p><strong>Videos<\/strong><\/p>\n<p><iframe loading=\"lazy\" title=\"Berghia azure\u0301e - Berghia coerulescens - www.loeilduplongeur.com\" width=\"900\" height=\"506\" src=\"https:\/\/www.youtube.com\/embed\/P3GHBEwSg2c?feature=oembed\" frameborder=\"0\" allow=\"accelerometer; autoplay; clipboard-write; encrypted-media; gyroscope; picture-in-picture\" allowfullscreen><\/iframe><\/p>\n<p><iframe loading=\"lazy\" src=\"https:\/\/player.vimeo.com\/video\/784331195?h=6eb55f9b77&amp;dnt=1&amp;app_id=122963\" width=\"900\" height=\"506\" frameborder=\"0\" allow=\"autoplay; fullscreen; picture-in-picture\" allowfullscreen><\/iframe><\/p>\n<p><iframe loading=\"lazy\" src=\"https:\/\/player.vimeo.com\/video\/784331152?h=cb12a165d2&amp;dnt=1&amp;app_id=122963\" width=\"900\" height=\"506\" frameborder=\"0\" allow=\"autoplay; fullscreen; picture-in-picture\" allowfullscreen><\/iframe><\/p>\n<p><iframe loading=\"lazy\" src=\"https:\/\/player.vimeo.com\/video\/784331172?h=50cd6b3fe2&amp;dnt=1&amp;app_id=122963\" width=\"900\" height=\"506\" frameborder=\"0\" allow=\"autoplay; fullscreen; picture-in-picture\" allowfullscreen><\/iframe><\/p>\n<p>&nbsp;<\/p>\n<p><strong>Altres fotos<\/strong><br \/>\n<div class=\"tiled-gallery type-rectangular tiled-gallery-unresized\" data-original-width=\"900\" data-carousel-extra='{&quot;blog_id&quot;:1,&quot;permalink&quot;:&quot;https:\\\/\\\/opistobranquis.info\\\/ca\\\/guia\\\/nudibranchia\\\/cladobranchia\\\/aeolidioidea\\\/berghia-coerulescens\\\/&quot;,&quot;likes_blog_id&quot;:44192421}' itemscope itemtype=\"http:\/\/schema.org\/ImageGallery\" > <div class=\"gallery-row\" style=\"width: 900px; height: 607px;\" data-original-width=\"900\" data-original-height=\"607\" > <div class=\"gallery-group images-1\" style=\"width: 595px; height: 607px;\" data-original-width=\"595\" data-original-height=\"607\" > <div class=\"tiled-gallery-item tiled-gallery-item-large\" itemprop=\"associatedMedia\" itemscope itemtype=\"http:\/\/schema.org\/ImageObject\"> <a href=\"https:\/\/opistobranquis.info\/ca\/guia\/nudibranchia\/cladobranchia\/aeolidioidea\/berghia-coerulescens\/berghia-coerulescens-2\/\" border=\"0\" itemprop=\"url\"> <meta itemprop=\"width\" content=\"591\"> <meta itemprop=\"height\" content=\"603\"> <img decoding=\"async\" class=\"\" data-attachment-id=\"4129\" data-orig-file=\"https:\/\/opistobranquis.info\/wp-content\/uploads\/2012\/12\/berghia-coerulescens.jpg\" data-orig-size=\"708,722\" data-comments-opened=\"\" data-image-title=\"Radula of Berghia coerulescens\" data-image-description=\"&lt;p&gt;Radula of Berghia coerulescens&lt;\/p&gt; \" data-medium-file=\"https:\/\/i0.wp.com\/opistobranquis.info\/wp-content\/uploads\/2012\/12\/berghia-coerulescens.jpg?fit=294%2C300&#038;ssl=1\" data-large-file=\"https:\/\/i0.wp.com\/opistobranquis.info\/wp-content\/uploads\/2012\/12\/berghia-coerulescens.jpg?fit=708%2C722&#038;ssl=1\" src=\"https:\/\/i0.wp.com\/opistobranquis.info\/wp-content\/uploads\/2012\/12\/berghia-coerulescens.jpg?w=591&#038;h=603&#038;ssl=1\" srcset=\"https:\/\/i0.wp.com\/opistobranquis.info\/wp-content\/uploads\/2012\/12\/berghia-coerulescens.jpg?w=708&amp;ssl=1 708w, https:\/\/i0.wp.com\/opistobranquis.info\/wp-content\/uploads\/2012\/12\/berghia-coerulescens.jpg?resize=294%2C300&amp;ssl=1 294w\" width=\"591\" height=\"603\" loading=\"lazy\" data-original-width=\"591\" data-original-height=\"603\" itemprop=\"http:\/\/schema.org\/image\" title=\"Radula of Berghia coerulescens\" alt=\"Radula of Berghia coerulescens\" style=\"width: 591px; height: 603px;\" \/> <\/a> <div class=\"tiled-gallery-caption\" itemprop=\"caption description\"> Radula of Berghia coerulescens <\/div> <\/div> <\/div> <!-- close group --> <div class=\"gallery-group images-3\" style=\"width: 305px; height: 607px;\" data-original-width=\"305\" data-original-height=\"607\" > <div class=\"tiled-gallery-item tiled-gallery-item-large\" itemprop=\"associatedMedia\" itemscope itemtype=\"http:\/\/schema.org\/ImageObject\"> <a href=\"https:\/\/opistobranquis.info\/ca\/guia\/nudibranchia\/cladobranchia\/aeolidioidea\/berghia-coerulescens\/berghia-coerulescens-00\/\" border=\"0\" itemprop=\"url\"> <meta itemprop=\"width\" content=\"301\"> <meta itemprop=\"height\" content=\"189\"> <img decoding=\"async\" class=\"\" data-attachment-id=\"4130\" data-orig-file=\"https:\/\/opistobranquis.info\/wp-content\/uploads\/2012\/12\/berghia-coerulescens-00.jpg\" data-orig-size=\"650,409\" data-comments-opened=\"\" data-image-title=\"Berghia coerulescens by Enric Madrenas\" data-image-description=\"&lt;p&gt;Berghia coerulescens by Enric Madrenas&lt;\/p&gt; \" data-medium-file=\"https:\/\/i0.wp.com\/opistobranquis.info\/wp-content\/uploads\/2012\/12\/berghia-coerulescens-00.jpg?fit=300%2C188&#038;ssl=1\" data-large-file=\"https:\/\/i0.wp.com\/opistobranquis.info\/wp-content\/uploads\/2012\/12\/berghia-coerulescens-00.jpg?fit=650%2C409&#038;ssl=1\" src=\"https:\/\/i0.wp.com\/opistobranquis.info\/wp-content\/uploads\/2012\/12\/berghia-coerulescens-00.jpg?w=301&#038;h=189&#038;ssl=1\" srcset=\"https:\/\/i0.wp.com\/opistobranquis.info\/wp-content\/uploads\/2012\/12\/berghia-coerulescens-00.jpg?w=650&amp;ssl=1 650w, https:\/\/i0.wp.com\/opistobranquis.info\/wp-content\/uploads\/2012\/12\/berghia-coerulescens-00.jpg?resize=300%2C188&amp;ssl=1 300w\" width=\"301\" height=\"189\" loading=\"lazy\" data-original-width=\"301\" data-original-height=\"189\" itemprop=\"http:\/\/schema.org\/image\" title=\"Berghia coerulescens by Enric Madrenas\" alt=\"Berghia coerulescens by Enric Madrenas\" style=\"width: 301px; height: 189px;\" \/> <\/a> <div class=\"tiled-gallery-caption\" itemprop=\"caption description\"> Berghia coerulescens by Enric Madrenas <\/div> <\/div> <div class=\"tiled-gallery-item tiled-gallery-item-large\" itemprop=\"associatedMedia\" itemscope itemtype=\"http:\/\/schema.org\/ImageObject\"> <a href=\"https:\/\/opistobranquis.info\/ca\/guia\/nudibranchia\/cladobranchia\/aeolidioidea\/berghia-coerulescens\/berghia-coerulescens-05\/\" border=\"0\" itemprop=\"url\"> <meta itemprop=\"width\" content=\"301\"> <meta itemprop=\"height\" content=\"203\"> <img decoding=\"async\" class=\"\" data-attachment-id=\"4131\" data-orig-file=\"https:\/\/opistobranquis.info\/wp-content\/uploads\/2012\/12\/berghia-coerulescens-05.jpg\" data-orig-size=\"650,439\" data-comments-opened=\"\" data-image-title=\"Berghia coerulescens by Enric Madrenas\" data-image-description=\"&lt;p&gt;Berghia coerulescens by Enric Madrenas&lt;\/p&gt; \" data-medium-file=\"https:\/\/i0.wp.com\/opistobranquis.info\/wp-content\/uploads\/2012\/12\/berghia-coerulescens-05.jpg?fit=300%2C202&#038;ssl=1\" data-large-file=\"https:\/\/i0.wp.com\/opistobranquis.info\/wp-content\/uploads\/2012\/12\/berghia-coerulescens-05.jpg?fit=650%2C439&#038;ssl=1\" src=\"https:\/\/i0.wp.com\/opistobranquis.info\/wp-content\/uploads\/2012\/12\/berghia-coerulescens-05.jpg?w=301&#038;h=203&#038;ssl=1\" srcset=\"https:\/\/i0.wp.com\/opistobranquis.info\/wp-content\/uploads\/2012\/12\/berghia-coerulescens-05.jpg?w=650&amp;ssl=1 650w, https:\/\/i0.wp.com\/opistobranquis.info\/wp-content\/uploads\/2012\/12\/berghia-coerulescens-05.jpg?resize=300%2C202&amp;ssl=1 300w\" width=\"301\" height=\"203\" loading=\"lazy\" data-original-width=\"301\" data-original-height=\"203\" itemprop=\"http:\/\/schema.org\/image\" title=\"Berghia coerulescens by Enric Madrenas\" alt=\"Berghia coerulescens by Enric Madrenas\" style=\"width: 301px; height: 203px;\" \/> <\/a> <div class=\"tiled-gallery-caption\" itemprop=\"caption description\"> Berghia coerulescens by Enric Madrenas <\/div> <\/div> <div class=\"tiled-gallery-item tiled-gallery-item-large\" itemprop=\"associatedMedia\" itemscope itemtype=\"http:\/\/schema.org\/ImageObject\"> <a href=\"https:\/\/opistobranquis.info\/ca\/guia\/nudibranchia\/cladobranchia\/aeolidioidea\/berghia-coerulescens\/berghia-coerulescens-07\/\" border=\"0\" itemprop=\"url\"> <meta itemprop=\"width\" content=\"301\"> <meta itemprop=\"height\" content=\"203\"> <img decoding=\"async\" class=\"\" data-attachment-id=\"4132\" data-orig-file=\"https:\/\/opistobranquis.info\/wp-content\/uploads\/2012\/12\/berghia-coerulescens-07.jpg\" data-orig-size=\"650,439\" data-comments-opened=\"\" data-image-title=\"Berghia coerulescens by Enric Madrenas\" data-image-description=\"&lt;p&gt;Berghia coerulescens by Enric Madrenas&lt;\/p&gt; \" data-medium-file=\"https:\/\/i0.wp.com\/opistobranquis.info\/wp-content\/uploads\/2012\/12\/berghia-coerulescens-07.jpg?fit=300%2C202&#038;ssl=1\" data-large-file=\"https:\/\/i0.wp.com\/opistobranquis.info\/wp-content\/uploads\/2012\/12\/berghia-coerulescens-07.jpg?fit=650%2C439&#038;ssl=1\" src=\"https:\/\/i0.wp.com\/opistobranquis.info\/wp-content\/uploads\/2012\/12\/berghia-coerulescens-07.jpg?w=301&#038;h=203&#038;ssl=1\" srcset=\"https:\/\/i0.wp.com\/opistobranquis.info\/wp-content\/uploads\/2012\/12\/berghia-coerulescens-07.jpg?w=650&amp;ssl=1 650w, https:\/\/i0.wp.com\/opistobranquis.info\/wp-content\/uploads\/2012\/12\/berghia-coerulescens-07.jpg?resize=300%2C202&amp;ssl=1 300w\" width=\"301\" height=\"203\" loading=\"lazy\" data-original-width=\"301\" data-original-height=\"203\" itemprop=\"http:\/\/schema.org\/image\" title=\"Berghia coerulescens by Enric Madrenas\" alt=\"Berghia coerulescens by Enric Madrenas\" style=\"width: 301px; height: 203px;\" \/> <\/a> <div class=\"tiled-gallery-caption\" itemprop=\"caption description\"> Berghia coerulescens by Enric Madrenas <\/div> <\/div> <\/div> <!-- close group --> <\/div> <!-- close row --> <div class=\"gallery-row\" style=\"width: 900px; height: 417px;\" data-original-width=\"900\" data-original-height=\"417\" > <div class=\"gallery-group images-1\" style=\"width: 617px; height: 417px;\" data-original-width=\"617\" data-original-height=\"417\" > <div class=\"tiled-gallery-item tiled-gallery-item-large\" itemprop=\"associatedMedia\" itemscope itemtype=\"http:\/\/schema.org\/ImageObject\"> <a href=\"https:\/\/opistobranquis.info\/ca\/guia\/nudibranchia\/cladobranchia\/aeolidioidea\/berghia-coerulescens\/berghia-coerulescens-09\/\" border=\"0\" itemprop=\"url\"> <meta itemprop=\"width\" content=\"613\"> <meta itemprop=\"height\" content=\"413\"> <img decoding=\"async\" class=\"\" data-attachment-id=\"4133\" data-orig-file=\"https:\/\/opistobranquis.info\/wp-content\/uploads\/2012\/12\/berghia-coerulescens-09.jpg\" data-orig-size=\"650,438\" data-comments-opened=\"\" data-image-title=\"Berghia coerulescens by Enric Madrenas\" data-image-description=\"&lt;p&gt;Berghia coerulescens by Enric Madrenas&lt;\/p&gt; \" data-medium-file=\"https:\/\/i0.wp.com\/opistobranquis.info\/wp-content\/uploads\/2012\/12\/berghia-coerulescens-09.jpg?fit=300%2C202&#038;ssl=1\" data-large-file=\"https:\/\/i0.wp.com\/opistobranquis.info\/wp-content\/uploads\/2012\/12\/berghia-coerulescens-09.jpg?fit=650%2C438&#038;ssl=1\" src=\"https:\/\/i0.wp.com\/opistobranquis.info\/wp-content\/uploads\/2012\/12\/berghia-coerulescens-09.jpg?w=613&#038;h=413&#038;ssl=1\" srcset=\"https:\/\/i0.wp.com\/opistobranquis.info\/wp-content\/uploads\/2012\/12\/berghia-coerulescens-09.jpg?w=650&amp;ssl=1 650w, https:\/\/i0.wp.com\/opistobranquis.info\/wp-content\/uploads\/2012\/12\/berghia-coerulescens-09.jpg?resize=300%2C202&amp;ssl=1 300w\" width=\"613\" height=\"413\" loading=\"lazy\" data-original-width=\"613\" data-original-height=\"413\" itemprop=\"http:\/\/schema.org\/image\" title=\"Berghia coerulescens by Enric Madrenas\" alt=\"Berghia coerulescens by Enric Madrenas\" style=\"width: 613px; height: 413px;\" \/> <\/a> <div class=\"tiled-gallery-caption\" itemprop=\"caption description\"> Berghia coerulescens by Enric Madrenas <\/div> <\/div> <\/div> <!-- close group --> <div class=\"gallery-group images-1\" style=\"width: 283px; height: 417px;\" data-original-width=\"283\" data-original-height=\"417\" > <div class=\"tiled-gallery-item tiled-gallery-item-large\" itemprop=\"associatedMedia\" itemscope itemtype=\"http:\/\/schema.org\/ImageObject\"> <a href=\"https:\/\/opistobranquis.info\/ca\/guia\/nudibranchia\/cladobranchia\/aeolidioidea\/berghia-coerulescens\/berghia-coerulescens-14\/\" border=\"0\" itemprop=\"url\"> <meta itemprop=\"width\" content=\"279\"> <meta itemprop=\"height\" content=\"413\"> <img decoding=\"async\" class=\"\" data-attachment-id=\"4134\" data-orig-file=\"https:\/\/opistobranquis.info\/wp-content\/uploads\/2012\/12\/berghia-coerulescens-14.jpg\" data-orig-size=\"331,490\" data-comments-opened=\"\" data-image-title=\"Berghia coerulescens by Enric Madrenas\" data-image-description=\"&lt;p&gt;Berghia coerulescens by Enric Madrenas&lt;\/p&gt; \" data-medium-file=\"https:\/\/i0.wp.com\/opistobranquis.info\/wp-content\/uploads\/2012\/12\/berghia-coerulescens-14.jpg?fit=202%2C300&#038;ssl=1\" data-large-file=\"https:\/\/i0.wp.com\/opistobranquis.info\/wp-content\/uploads\/2012\/12\/berghia-coerulescens-14.jpg?fit=331%2C490&#038;ssl=1\" src=\"https:\/\/i0.wp.com\/opistobranquis.info\/wp-content\/uploads\/2012\/12\/berghia-coerulescens-14.jpg?w=279&#038;h=413&#038;ssl=1\" srcset=\"https:\/\/i0.wp.com\/opistobranquis.info\/wp-content\/uploads\/2012\/12\/berghia-coerulescens-14.jpg?w=331&amp;ssl=1 331w, https:\/\/i0.wp.com\/opistobranquis.info\/wp-content\/uploads\/2012\/12\/berghia-coerulescens-14.jpg?resize=202%2C300&amp;ssl=1 202w\" width=\"279\" height=\"413\" loading=\"lazy\" data-original-width=\"279\" data-original-height=\"413\" itemprop=\"http:\/\/schema.org\/image\" title=\"Berghia coerulescens by Enric Madrenas\" alt=\"Berghia coerulescens by Enric Madrenas\" style=\"width: 279px; height: 413px;\" \/> <\/a> <div class=\"tiled-gallery-caption\" itemprop=\"caption description\"> Berghia coerulescens by Enric Madrenas <\/div> <\/div> <\/div> <!-- close group --> <\/div> <!-- close row --> <div class=\"gallery-row\" style=\"width: 900px; height: 783px;\" data-original-width=\"900\" data-original-height=\"783\" > <div class=\"gallery-group images-3\" style=\"width: 370px; height: 783px;\" data-original-width=\"370\" data-original-height=\"783\" > <div class=\"tiled-gallery-item tiled-gallery-item-large\" itemprop=\"associatedMedia\" itemscope itemtype=\"http:\/\/schema.org\/ImageObject\"> <a href=\"https:\/\/opistobranquis.info\/ca\/guia\/nudibranchia\/cladobranchia\/aeolidioidea\/berghia-coerulescens\/berghia-coerulescens-15\/\" border=\"0\" itemprop=\"url\"> <meta itemprop=\"width\" content=\"366\"> <meta itemprop=\"height\" content=\"247\"> <img decoding=\"async\" class=\"\" data-attachment-id=\"4135\" data-orig-file=\"https:\/\/opistobranquis.info\/wp-content\/uploads\/2012\/12\/berghia-coerulescens-15.jpg\" data-orig-size=\"650,439\" data-comments-opened=\"\" data-image-title=\"Berghia coerulescens by Enric Madrenas\" data-image-description=\"&lt;p&gt;Berghia coerulescens by Enric Madrenas&lt;\/p&gt; \" data-medium-file=\"https:\/\/i0.wp.com\/opistobranquis.info\/wp-content\/uploads\/2012\/12\/berghia-coerulescens-15.jpg?fit=300%2C202&#038;ssl=1\" data-large-file=\"https:\/\/i0.wp.com\/opistobranquis.info\/wp-content\/uploads\/2012\/12\/berghia-coerulescens-15.jpg?fit=650%2C439&#038;ssl=1\" src=\"https:\/\/i0.wp.com\/opistobranquis.info\/wp-content\/uploads\/2012\/12\/berghia-coerulescens-15.jpg?w=366&#038;h=247&#038;ssl=1\" srcset=\"https:\/\/i0.wp.com\/opistobranquis.info\/wp-content\/uploads\/2012\/12\/berghia-coerulescens-15.jpg?w=650&amp;ssl=1 650w, https:\/\/i0.wp.com\/opistobranquis.info\/wp-content\/uploads\/2012\/12\/berghia-coerulescens-15.jpg?resize=300%2C202&amp;ssl=1 300w\" width=\"366\" height=\"247\" loading=\"lazy\" data-original-width=\"366\" data-original-height=\"247\" itemprop=\"http:\/\/schema.org\/image\" title=\"Berghia coerulescens by Enric Madrenas\" alt=\"Berghia coerulescens by Enric Madrenas\" style=\"width: 366px; height: 247px;\" \/> <\/a> <div class=\"tiled-gallery-caption\" itemprop=\"caption description\"> Berghia coerulescens by Enric Madrenas <\/div> <\/div> <div class=\"tiled-gallery-item tiled-gallery-item-large\" itemprop=\"associatedMedia\" itemscope itemtype=\"http:\/\/schema.org\/ImageObject\"> <a href=\"https:\/\/opistobranquis.info\/ca\/guia\/nudibranchia\/cladobranchia\/aeolidioidea\/berghia-coerulescens\/berghia-coerulescens-17\/\" border=\"0\" itemprop=\"url\"> <meta itemprop=\"width\" content=\"366\"> <meta itemprop=\"height\" content=\"247\"> <img decoding=\"async\" class=\"\" data-attachment-id=\"4136\" data-orig-file=\"https:\/\/opistobranquis.info\/wp-content\/uploads\/2012\/12\/berghia-coerulescens-17.jpg\" data-orig-size=\"650,439\" data-comments-opened=\"\" data-image-title=\"Berghia coerulescens by Enric Madrenas\" data-image-description=\"&lt;p&gt;Berghia coerulescens by Enric Madrenas&lt;\/p&gt; \" data-medium-file=\"https:\/\/i0.wp.com\/opistobranquis.info\/wp-content\/uploads\/2012\/12\/berghia-coerulescens-17.jpg?fit=300%2C202&#038;ssl=1\" data-large-file=\"https:\/\/i0.wp.com\/opistobranquis.info\/wp-content\/uploads\/2012\/12\/berghia-coerulescens-17.jpg?fit=650%2C439&#038;ssl=1\" src=\"https:\/\/i0.wp.com\/opistobranquis.info\/wp-content\/uploads\/2012\/12\/berghia-coerulescens-17.jpg?w=366&#038;h=247&#038;ssl=1\" srcset=\"https:\/\/i0.wp.com\/opistobranquis.info\/wp-content\/uploads\/2012\/12\/berghia-coerulescens-17.jpg?w=650&amp;ssl=1 650w, https:\/\/i0.wp.com\/opistobranquis.info\/wp-content\/uploads\/2012\/12\/berghia-coerulescens-17.jpg?resize=300%2C202&amp;ssl=1 300w\" width=\"366\" height=\"247\" loading=\"lazy\" data-original-width=\"366\" data-original-height=\"247\" itemprop=\"http:\/\/schema.org\/image\" title=\"Berghia coerulescens by Enric Madrenas\" alt=\"Berghia coerulescens by Enric Madrenas\" style=\"width: 366px; height: 247px;\" \/> <\/a> <div class=\"tiled-gallery-caption\" itemprop=\"caption description\"> Berghia coerulescens by Enric Madrenas <\/div> <\/div> <div class=\"tiled-gallery-item tiled-gallery-item-large\" itemprop=\"associatedMedia\" itemscope itemtype=\"http:\/\/schema.org\/ImageObject\"> <a href=\"https:\/\/opistobranquis.info\/ca\/guia\/nudibranchia\/cladobranchia\/aeolidioidea\/berghia-coerulescens\/berghia-coerulescens-29\/\" border=\"0\" itemprop=\"url\"> <meta itemprop=\"width\" content=\"366\"> <meta itemprop=\"height\" content=\"277\"> <img decoding=\"async\" class=\"\" data-attachment-id=\"4138\" data-orig-file=\"https:\/\/opistobranquis.info\/wp-content\/uploads\/2012\/12\/berghia-coerulescens-29.jpg\" data-orig-size=\"649,490\" data-comments-opened=\"\" data-image-title=\"Berghia coerulescens by Enric Madrenas\" data-image-description=\"&lt;p&gt;Berghia coerulescens by Enric Madrenas&lt;\/p&gt; \" data-medium-file=\"https:\/\/i0.wp.com\/opistobranquis.info\/wp-content\/uploads\/2012\/12\/berghia-coerulescens-29.jpg?fit=300%2C226&#038;ssl=1\" data-large-file=\"https:\/\/i0.wp.com\/opistobranquis.info\/wp-content\/uploads\/2012\/12\/berghia-coerulescens-29.jpg?fit=649%2C490&#038;ssl=1\" src=\"https:\/\/i0.wp.com\/opistobranquis.info\/wp-content\/uploads\/2012\/12\/berghia-coerulescens-29.jpg?w=366&#038;h=277&#038;ssl=1\" srcset=\"https:\/\/i0.wp.com\/opistobranquis.info\/wp-content\/uploads\/2012\/12\/berghia-coerulescens-29.jpg?w=649&amp;ssl=1 649w, https:\/\/i0.wp.com\/opistobranquis.info\/wp-content\/uploads\/2012\/12\/berghia-coerulescens-29.jpg?resize=300%2C226&amp;ssl=1 300w\" width=\"366\" height=\"277\" loading=\"lazy\" data-original-width=\"366\" data-original-height=\"277\" itemprop=\"http:\/\/schema.org\/image\" title=\"Berghia coerulescens by Enric Madrenas\" alt=\"Berghia coerulescens by Enric Madrenas\" style=\"width: 366px; height: 277px;\" \/> <\/a> <div class=\"tiled-gallery-caption\" itemprop=\"caption description\"> Berghia coerulescens by Enric Madrenas <\/div> <\/div> <\/div> <!-- close group --> <div class=\"gallery-group images-1\" style=\"width: 530px; height: 783px;\" data-original-width=\"530\" data-original-height=\"783\" > <div class=\"tiled-gallery-item tiled-gallery-item-large\" itemprop=\"associatedMedia\" itemscope itemtype=\"http:\/\/schema.org\/ImageObject\"> <a href=\"https:\/\/opistobranquis.info\/ca\/guia\/nudibranchia\/cladobranchia\/aeolidioidea\/berghia-coerulescens\/berghia-coerulescens-140\/\" border=\"0\" itemprop=\"url\"> <meta itemprop=\"width\" content=\"526\"> <meta itemprop=\"height\" content=\"779\"> <img decoding=\"async\" class=\"\" data-attachment-id=\"4139\" data-orig-file=\"https:\/\/opistobranquis.info\/wp-content\/uploads\/2012\/12\/berghia-coerulescens-140.jpg\" data-orig-size=\"331,490\" data-comments-opened=\"\" data-image-title=\"Berghia coerulescens by Enric Madrenas\" data-image-description=\"&lt;p&gt;Berghia coerulescens by Enric Madrenas&lt;\/p&gt; \" data-medium-file=\"https:\/\/i0.wp.com\/opistobranquis.info\/wp-content\/uploads\/2012\/12\/berghia-coerulescens-140.jpg?fit=202%2C300&#038;ssl=1\" data-large-file=\"https:\/\/i0.wp.com\/opistobranquis.info\/wp-content\/uploads\/2012\/12\/berghia-coerulescens-140.jpg?fit=331%2C490&#038;ssl=1\" src=\"https:\/\/i0.wp.com\/opistobranquis.info\/wp-content\/uploads\/2012\/12\/berghia-coerulescens-140.jpg?w=526&#038;h=779&#038;ssl=1\" srcset=\"https:\/\/i0.wp.com\/opistobranquis.info\/wp-content\/uploads\/2012\/12\/berghia-coerulescens-140.jpg?w=331&amp;ssl=1 331w, https:\/\/i0.wp.com\/opistobranquis.info\/wp-content\/uploads\/2012\/12\/berghia-coerulescens-140.jpg?resize=202%2C300&amp;ssl=1 202w\" width=\"526\" height=\"779\" loading=\"lazy\" data-original-width=\"526\" data-original-height=\"779\" itemprop=\"http:\/\/schema.org\/image\" title=\"Berghia coerulescens by Enric Madrenas\" alt=\"Berghia coerulescens by Enric Madrenas\" style=\"width: 526px; height: 779px;\" \/> <\/a> <div class=\"tiled-gallery-caption\" itemprop=\"caption description\"> Berghia coerulescens by Enric Madrenas <\/div> <\/div> <\/div> <!-- close group --> <\/div> <!-- close row --> <div class=\"gallery-row\" style=\"width: 900px; height: 403px;\" data-original-width=\"900\" data-original-height=\"403\" > <div class=\"gallery-group images-1\" style=\"width: 600px; height: 403px;\" data-original-width=\"600\" data-original-height=\"403\" > <div class=\"tiled-gallery-item tiled-gallery-item-large\" itemprop=\"associatedMedia\" itemscope itemtype=\"http:\/\/schema.org\/ImageObject\"> <a href=\"https:\/\/opistobranquis.info\/ca\/guia\/nudibranchia\/cladobranchia\/aeolidioidea\/berghia-coerulescens\/image178-aeolidiella-alderi\/\" border=\"0\" itemprop=\"url\"> <meta itemprop=\"width\" content=\"596\"> <meta itemprop=\"height\" content=\"399\"> <img decoding=\"async\" class=\"\" data-attachment-id=\"21128\" data-orig-file=\"https:\/\/opistobranquis.info\/wp-content\/uploads\/2012\/05\/Image178-Aeolidiella-alderi.jpg\" data-orig-size=\"808,541\" data-comments-opened=\"\" data-image-title=\"Berghia coerulescens by Jos\u00e9 Carlos Garc\u00eda G\u00f3mez\" data-image-description=\"&lt;p&gt;Berghia coerulescens by Jos\u00e9 Carlos Garc\u00eda G\u00f3mez&lt;\/p&gt; \" data-medium-file=\"https:\/\/i0.wp.com\/opistobranquis.info\/wp-content\/uploads\/2012\/05\/Image178-Aeolidiella-alderi.jpg?fit=300%2C201&#038;ssl=1\" data-large-file=\"https:\/\/i0.wp.com\/opistobranquis.info\/wp-content\/uploads\/2012\/05\/Image178-Aeolidiella-alderi.jpg?fit=808%2C541&#038;ssl=1\" src=\"https:\/\/i0.wp.com\/opistobranquis.info\/wp-content\/uploads\/2012\/05\/Image178-Aeolidiella-alderi.jpg?w=596&#038;h=399&#038;ssl=1\" srcset=\"https:\/\/i0.wp.com\/opistobranquis.info\/wp-content\/uploads\/2012\/05\/Image178-Aeolidiella-alderi.jpg?w=808&amp;ssl=1 808w, https:\/\/i0.wp.com\/opistobranquis.info\/wp-content\/uploads\/2012\/05\/Image178-Aeolidiella-alderi.jpg?resize=150%2C100&amp;ssl=1 150w, https:\/\/i0.wp.com\/opistobranquis.info\/wp-content\/uploads\/2012\/05\/Image178-Aeolidiella-alderi.jpg?resize=300%2C201&amp;ssl=1 300w, https:\/\/i0.wp.com\/opistobranquis.info\/wp-content\/uploads\/2012\/05\/Image178-Aeolidiella-alderi.jpg?resize=768%2C514&amp;ssl=1 768w\" width=\"596\" height=\"399\" loading=\"lazy\" data-original-width=\"596\" data-original-height=\"399\" itemprop=\"http:\/\/schema.org\/image\" title=\"Berghia coerulescens by Jos\u00e9 Carlos Garc\u00eda G\u00f3mez\" alt=\"Berghia coerulescens by Jos\u00e9 Carlos Garc\u00eda G\u00f3mez\" style=\"width: 596px; height: 399px;\" \/> <\/a> <div class=\"tiled-gallery-caption\" itemprop=\"caption description\"> Berghia coerulescens by Jos\u00e9 Carlos Garc\u00eda G\u00f3mez <\/div> <\/div> <\/div> <!-- close group --> <div class=\"gallery-group images-2\" style=\"width: 300px; height: 403px;\" data-original-width=\"300\" data-original-height=\"403\" > <div class=\"tiled-gallery-item tiled-gallery-item-large\" itemprop=\"associatedMedia\" itemscope itemtype=\"http:\/\/schema.org\/ImageObject\"> <a href=\"https:\/\/opistobranquis.info\/ca\/guia\/nudibranchia\/cladobranchia\/aeolidioidea\/berghia-coerulescens\/berghia-coerulescens-pes-de-galo-sesimbra-portugal-8-05-2011-by-joao-pedro-silva\/\" border=\"0\" itemprop=\"url\"> <meta itemprop=\"width\" content=\"296\"> <meta itemprop=\"height\" content=\"197\"> <img decoding=\"async\" class=\"\" data-attachment-id=\"23450\" data-orig-file=\"https:\/\/opistobranquis.info\/wp-content\/uploads\/2012\/05\/Berghia-coerulescens-@-P\u00e9s-de-Galo-Sesimbra-Portugal-8-05-2011-by-Jo\u00e3o-Pedro-Silva.jpg\" data-orig-size=\"800,533\" data-comments-opened=\"\" data-image-title=\"Berghia coerulescens @ P\u00e9s de Galo, Sesimbra, Portugal 8-05-2011 by Jo\u00e3o Pedro Silva\" data-image-description=\"&lt;p&gt;Berghia coerulescens @ P\u00e9s de Galo, Sesimbra, Portugal 8-05-2011 by Jo\u00e3o Pedro Silva&lt;\/p&gt; \" data-medium-file=\"https:\/\/i0.wp.com\/opistobranquis.info\/wp-content\/uploads\/2012\/05\/Berghia-coerulescens-%40-P%C3%A9s-de-Galo-Sesimbra-Portugal-8-05-2011-by-Jo%C3%A3o-Pedro-Silva.jpg?fit=300%2C200&#038;ssl=1\" data-large-file=\"https:\/\/i0.wp.com\/opistobranquis.info\/wp-content\/uploads\/2012\/05\/Berghia-coerulescens-%40-P%C3%A9s-de-Galo-Sesimbra-Portugal-8-05-2011-by-Jo%C3%A3o-Pedro-Silva.jpg?fit=800%2C533&#038;ssl=1\" src=\"https:\/\/i0.wp.com\/opistobranquis.info\/wp-content\/uploads\/2012\/05\/Berghia-coerulescens-%40-P%C3%A9s-de-Galo-Sesimbra-Portugal-8-05-2011-by-Jo%C3%A3o-Pedro-Silva.jpg?w=296&#038;h=197&#038;ssl=1\" width=\"296\" height=\"197\" loading=\"lazy\" data-original-width=\"296\" data-original-height=\"197\" itemprop=\"http:\/\/schema.org\/image\" title=\"Berghia coerulescens @ P\u00e9s de Galo, Sesimbra, Portugal 8-05-2011 by Jo\u00e3o Pedro Silva\" alt=\"Berghia coerulescens @ P\u00e9s de Galo, Sesimbra, Portugal 8-05-2011 by Jo\u00e3o Pedro Silva\" style=\"width: 296px; height: 197px;\" \/> <\/a> <div class=\"tiled-gallery-caption\" itemprop=\"caption description\"> Berghia coerulescens @ P\u00e9s de Galo, Sesimbra, Portugal 8-05-2011 by Jo\u00e3o Pedro Silva <\/div> <\/div> <div class=\"tiled-gallery-item tiled-gallery-item-large\" itemprop=\"associatedMedia\" itemscope itemtype=\"http:\/\/schema.org\/ImageObject\"> <a href=\"https:\/\/opistobranquis.info\/ca\/guia\/nudibranchia\/cladobranchia\/aeolidioidea\/berghia-coerulescens\/mpg_8648-berghia-coerulescens\/\" border=\"0\" itemprop=\"url\"> <meta itemprop=\"width\" content=\"296\"> <meta itemprop=\"height\" content=\"198\"> <img decoding=\"async\" class=\"\" data-attachment-id=\"24207\" data-orig-file=\"https:\/\/opistobranquis.info\/wp-content\/uploads\/2017\/12\/MPG_8648-Berghia-coerulescens-e1514113856387.jpg\" data-orig-size=\"1024,683\" data-comments-opened=\"\" data-image-title=\"Berghia coerulescens by Miquel Pontes\" data-image-description=\"&lt;p&gt;Berghia coerulescens by Miquel Pontes&lt;\/p&gt; \" data-medium-file=\"https:\/\/i0.wp.com\/opistobranquis.info\/wp-content\/uploads\/2017\/12\/MPG_8648-Berghia-coerulescens-e1514113856387.jpg?fit=300%2C200&#038;ssl=1\" data-large-file=\"https:\/\/i0.wp.com\/opistobranquis.info\/wp-content\/uploads\/2017\/12\/MPG_8648-Berghia-coerulescens-e1514113856387.jpg?fit=900%2C600&#038;ssl=1\" src=\"https:\/\/i0.wp.com\/opistobranquis.info\/wp-content\/uploads\/2017\/12\/MPG_8648-Berghia-coerulescens-e1514113856387.jpg?w=296&#038;h=198&#038;ssl=1\" width=\"296\" height=\"198\" loading=\"lazy\" data-original-width=\"296\" data-original-height=\"198\" itemprop=\"http:\/\/schema.org\/image\" title=\"Berghia coerulescens by Miquel Pontes\" alt=\"Berghia coerulescens by Miquel Pontes\" style=\"width: 296px; height: 198px;\" \/> <\/a> <div class=\"tiled-gallery-caption\" itemprop=\"caption description\"> Berghia coerulescens by Miquel Pontes <\/div> <\/div> <\/div> <!-- close group --> <\/div> <!-- close row --> <div class=\"gallery-row\" style=\"width: 900px; height: 170px;\" data-original-width=\"900\" data-original-height=\"170\" > <div class=\"gallery-group images-1\" style=\"width: 253px; height: 170px;\" data-original-width=\"253\" data-original-height=\"170\" > <div class=\"tiled-gallery-item tiled-gallery-item-small\" itemprop=\"associatedMedia\" itemscope itemtype=\"http:\/\/schema.org\/ImageObject\"> <a href=\"https:\/\/opistobranquis.info\/ca\/guia\/nudibranchia\/cladobranchia\/aeolidioidea\/berghia-coerulescens\/berghia-coerulescens-by-miquel-pontes-mpg_8394\/\" border=\"0\" itemprop=\"url\"> <meta itemprop=\"width\" content=\"249\"> <meta itemprop=\"height\" content=\"166\"> <img decoding=\"async\" class=\"\" data-attachment-id=\"30946\" data-orig-file=\"https:\/\/opistobranquis.info\/wp-content\/uploads\/2020\/12\/Berghia-coerulescens-by-Miquel-Pontes-MPG_8394.jpg\" data-orig-size=\"1280,853\" data-comments-opened=\"\" data-image-title=\"Berghia coerulescens by Miquel Pontes\" data-image-description=\"&lt;p&gt;Berghia coerulescens by Miquel Pontes&lt;\/p&gt; \" data-medium-file=\"https:\/\/i0.wp.com\/opistobranquis.info\/wp-content\/uploads\/2020\/12\/Berghia-coerulescens-by-Miquel-Pontes-MPG_8394.jpg?fit=300%2C200&#038;ssl=1\" data-large-file=\"https:\/\/i0.wp.com\/opistobranquis.info\/wp-content\/uploads\/2020\/12\/Berghia-coerulescens-by-Miquel-Pontes-MPG_8394.jpg?fit=900%2C599&#038;ssl=1\" src=\"https:\/\/i0.wp.com\/opistobranquis.info\/wp-content\/uploads\/2020\/12\/Berghia-coerulescens-by-Miquel-Pontes-MPG_8394.jpg?w=249&#038;h=166&#038;ssl=1\" srcset=\"https:\/\/i0.wp.com\/opistobranquis.info\/wp-content\/uploads\/2020\/12\/Berghia-coerulescens-by-Miquel-Pontes-MPG_8394.jpg?w=1280&amp;ssl=1 1280w, https:\/\/i0.wp.com\/opistobranquis.info\/wp-content\/uploads\/2020\/12\/Berghia-coerulescens-by-Miquel-Pontes-MPG_8394.jpg?resize=300%2C200&amp;ssl=1 300w, https:\/\/i0.wp.com\/opistobranquis.info\/wp-content\/uploads\/2020\/12\/Berghia-coerulescens-by-Miquel-Pontes-MPG_8394.jpg?resize=1024%2C682&amp;ssl=1 1024w, https:\/\/i0.wp.com\/opistobranquis.info\/wp-content\/uploads\/2020\/12\/Berghia-coerulescens-by-Miquel-Pontes-MPG_8394.jpg?resize=150%2C100&amp;ssl=1 150w\" width=\"249\" height=\"166\" loading=\"lazy\" data-original-width=\"249\" data-original-height=\"166\" itemprop=\"http:\/\/schema.org\/image\" title=\"Berghia coerulescens by Miquel Pontes\" alt=\"Berghia coerulescens by Miquel Pontes\" style=\"width: 249px; height: 166px;\" \/> <\/a> <div class=\"tiled-gallery-caption\" itemprop=\"caption description\"> Berghia coerulescens by Miquel Pontes <\/div> <\/div> <\/div> <!-- close group --> <div class=\"gallery-group images-1\" style=\"width: 170px; height: 170px;\" data-original-width=\"170\" data-original-height=\"170\" > <div class=\"tiled-gallery-item tiled-gallery-item-small\" itemprop=\"associatedMedia\" itemscope itemtype=\"http:\/\/schema.org\/ImageObject\"> <a href=\"https:\/\/opistobranquis.info\/ca\/guia\/nudibranchia\/cladobranchia\/aeolidioidea\/berghia-coerulescens\/berghia-coerulescens-2-eivissa-spain-by-joan-pereyra\/\" border=\"0\" itemprop=\"url\"> <meta itemprop=\"width\" content=\"166\"> <meta itemprop=\"height\" content=\"166\"> <img decoding=\"async\" class=\"\" data-attachment-id=\"31597\" data-orig-file=\"https:\/\/opistobranquis.info\/wp-content\/uploads\/2021\/02\/Berghia-coerulescens-2-@-Eivissa-Spain-by-Joan-Pereyra.jpg\" data-orig-size=\"1000,1000\" data-comments-opened=\"\" data-image-title=\"Berghia coerulescens @ Eivissa, Spain by Joan Pereyra\" data-image-description=\"&lt;p&gt;Berghia coerulescens @ Eivissa, Spain by Joan Pereyra&lt;\/p&gt; \" data-medium-file=\"https:\/\/i0.wp.com\/opistobranquis.info\/wp-content\/uploads\/2021\/02\/Berghia-coerulescens-2-%40-Eivissa-Spain-by-Joan-Pereyra.jpg?fit=300%2C300&#038;ssl=1\" data-large-file=\"https:\/\/i0.wp.com\/opistobranquis.info\/wp-content\/uploads\/2021\/02\/Berghia-coerulescens-2-%40-Eivissa-Spain-by-Joan-Pereyra.jpg?fit=900%2C900&#038;ssl=1\" src=\"https:\/\/i0.wp.com\/opistobranquis.info\/wp-content\/uploads\/2021\/02\/Berghia-coerulescens-2-%40-Eivissa-Spain-by-Joan-Pereyra.jpg?w=166&#038;h=166&#038;crop=1&#038;ssl=1\" width=\"166\" height=\"166\" loading=\"lazy\" data-original-width=\"166\" data-original-height=\"166\" itemprop=\"http:\/\/schema.org\/image\" title=\"Berghia coerulescens @ Eivissa, Spain by Joan Pereyra\" alt=\"Berghia coerulescens @ Eivissa, Spain by Joan Pereyra\" style=\"width: 166px; height: 166px;\" \/> <\/a> <div class=\"tiled-gallery-caption\" itemprop=\"caption description\"> Berghia coerulescens @ Eivissa, Spain by Joan Pereyra <\/div> <\/div> <\/div> <!-- close group --> <div class=\"gallery-group images-1\" style=\"width: 225px; height: 170px;\" data-original-width=\"225\" data-original-height=\"170\" > <div class=\"tiled-gallery-item tiled-gallery-item-small\" itemprop=\"associatedMedia\" itemscope itemtype=\"http:\/\/schema.org\/ImageObject\"> <a href=\"https:\/\/opistobranquis.info\/ca\/guia\/nudibranchia\/cladobranchia\/aeolidioidea\/berghia-coerulescens\/berghia-coerulescens-france-by-pascal-girard\/\" border=\"0\" itemprop=\"url\"> <meta itemprop=\"width\" content=\"221\"> <meta itemprop=\"height\" content=\"166\"> <img decoding=\"async\" class=\"\" data-attachment-id=\"36056\" data-orig-file=\"https:\/\/opistobranquis.info\/wp-content\/uploads\/2022\/12\/Berghia-coerulescens-@-France-by-Pascal-Girard.jpg\" data-orig-size=\"1280,960\" data-comments-opened=\"\" data-image-title=\"Berghia coerulescens @ France by Pascal Girard\" data-image-description=\"&lt;p&gt;Berghia coerulescens @ France by Pascal Girard&lt;\/p&gt; \" data-medium-file=\"https:\/\/i0.wp.com\/opistobranquis.info\/wp-content\/uploads\/2022\/12\/Berghia-coerulescens-%40-France-by-Pascal-Girard.jpg?fit=300%2C225&#038;ssl=1\" data-large-file=\"https:\/\/i0.wp.com\/opistobranquis.info\/wp-content\/uploads\/2022\/12\/Berghia-coerulescens-%40-France-by-Pascal-Girard.jpg?fit=900%2C675&#038;ssl=1\" src=\"https:\/\/i0.wp.com\/opistobranquis.info\/wp-content\/uploads\/2022\/12\/Berghia-coerulescens-%40-France-by-Pascal-Girard.jpg?w=221&#038;h=166&#038;ssl=1\" width=\"221\" height=\"166\" loading=\"lazy\" data-original-width=\"221\" data-original-height=\"166\" itemprop=\"http:\/\/schema.org\/image\" title=\"Berghia coerulescens @ France by Pascal Girard\" alt=\"Berghia coerulescens @ France by Pascal Girard\" style=\"width: 221px; height: 166px;\" \/> <\/a> <div class=\"tiled-gallery-caption\" itemprop=\"caption description\"> Berghia coerulescens @ France by Pascal Girard <\/div> <\/div> <\/div> <!-- close group --> <div class=\"gallery-group images-1\" style=\"width: 252px; height: 170px;\" data-original-width=\"252\" data-original-height=\"170\" > <div class=\"tiled-gallery-item tiled-gallery-item-small\" itemprop=\"associatedMedia\" itemscope itemtype=\"http:\/\/schema.org\/ImageObject\"> <a href=\"https:\/\/opistobranquis.info\/ca\/guia\/nudibranchia\/cladobranchia\/aeolidioidea\/berghia-coerulescens\/berghia-coerulescens-by-miquel-pontes-mpg_2468\/\" border=\"0\" itemprop=\"url\"> <meta itemprop=\"width\" content=\"248\"> <meta itemprop=\"height\" content=\"166\"> <img decoding=\"async\" class=\"\" data-attachment-id=\"36430\" data-orig-file=\"https:\/\/opistobranquis.info\/wp-content\/uploads\/2023\/01\/Berghia-coerulescens-by-Miquel-Pontes-MPG_2468.jpg\" data-orig-size=\"1200,800\" data-comments-opened=\"\" data-image-title=\"Berghia coerulescens @ Costa Brava by Miquel Pontes\" data-image-description=\"&lt;p&gt;Berghia coerulescens @ Costa Brava by Miquel Pontes&lt;\/p&gt; \" data-medium-file=\"https:\/\/i0.wp.com\/opistobranquis.info\/wp-content\/uploads\/2023\/01\/Berghia-coerulescens-by-Miquel-Pontes-MPG_2468.jpg?fit=300%2C200&#038;ssl=1\" data-large-file=\"https:\/\/i0.wp.com\/opistobranquis.info\/wp-content\/uploads\/2023\/01\/Berghia-coerulescens-by-Miquel-Pontes-MPG_2468.jpg?fit=900%2C600&#038;ssl=1\" src=\"https:\/\/i0.wp.com\/opistobranquis.info\/wp-content\/uploads\/2023\/01\/Berghia-coerulescens-by-Miquel-Pontes-MPG_2468.jpg?w=248&#038;h=166&#038;ssl=1\" srcset=\"https:\/\/i0.wp.com\/opistobranquis.info\/wp-content\/uploads\/2023\/01\/Berghia-coerulescens-by-Miquel-Pontes-MPG_2468.jpg?w=1200&amp;ssl=1 1200w, https:\/\/i0.wp.com\/opistobranquis.info\/wp-content\/uploads\/2023\/01\/Berghia-coerulescens-by-Miquel-Pontes-MPG_2468.jpg?resize=300%2C200&amp;ssl=1 300w, https:\/\/i0.wp.com\/opistobranquis.info\/wp-content\/uploads\/2023\/01\/Berghia-coerulescens-by-Miquel-Pontes-MPG_2468.jpg?resize=1024%2C683&amp;ssl=1 1024w, https:\/\/i0.wp.com\/opistobranquis.info\/wp-content\/uploads\/2023\/01\/Berghia-coerulescens-by-Miquel-Pontes-MPG_2468.jpg?resize=150%2C100&amp;ssl=1 150w\" width=\"248\" height=\"166\" loading=\"lazy\" data-original-width=\"248\" data-original-height=\"166\" itemprop=\"http:\/\/schema.org\/image\" title=\"Berghia coerulescens @ Costa Brava by Miquel Pontes\" alt=\"Berghia coerulescens @ Costa Brava by Miquel Pontes\" style=\"width: 248px; height: 166px;\" \/> <\/a> <div class=\"tiled-gallery-caption\" itemprop=\"caption description\"> Berghia coerulescens @ Costa Brava by Miquel Pontes <\/div> <\/div> <\/div> <!-- close group --> <\/div> <!-- close row --> <\/div><\/p>\n<p><p><strong>Bibliografia<\/strong><\/p><ul><div id=\"zotpress-5f6185f16280c35afa4c42e4dbea69f3\" class=\"zp-Zotpress zp-Zotpress-Bib wp-block-group\">\n\n\t\t<span class=\"ZP_API_USER_ID ZP_ATTR\">1246567<\/span>\n\t\t<span class=\"ZP_ITEM_KEY ZP_ATTR\"><\/span>\n\t\t<span class=\"ZP_COLLECTION_ID ZP_ATTR\"><\/span>\n\t\t<span class=\"ZP_TAG_ID ZP_ATTR\">Berghia coerulescens<\/span>\n\t\t<span class=\"ZP_AUTHOR ZP_ATTR\"><\/span>\n\t\t<span class=\"ZP_YEAR ZP_ATTR\"><\/span>\n        <span class=\"ZP_ITEMTYPE ZP_ATTR\"><\/span>\n\t\t<span class=\"ZP_INCLUSIVE ZP_ATTR\">1<\/span>\n\t\t<span class=\"ZP_STYLE ZP_ATTR\">eunomia-revista-en-cultura-de-la-legalidad<\/span>\n\t\t<span class=\"ZP_LIMIT ZP_ATTR\">50<\/span>\n\t\t<span class=\"ZP_SORTBY ZP_ATTR\">creator<\/span>\n\t\t<span class=\"ZP_ORDER ZP_ATTR\">asc<\/span>\n\t\t<span class=\"ZP_TITLE ZP_ATTR\"><\/span>\n\t\t<span class=\"ZP_SHOWIMAGE ZP_ATTR\"><\/span>\n\t\t<span class=\"ZP_SHOWTAGS ZP_ATTR\"><\/span>\n\t\t<span class=\"ZP_DOWNLOADABLE ZP_ATTR\"><\/span>\n\t\t<span class=\"ZP_NOTES ZP_ATTR\"><\/span>\n\t\t<span class=\"ZP_ABSTRACT ZP_ATTR\"><\/span>\n\t\t<span class=\"ZP_CITEABLE ZP_ATTR\"><\/span>\n\t\t<span class=\"ZP_TARGET ZP_ATTR\">1<\/span>\n\t\t<span class=\"ZP_URLWRAP ZP_ATTR\"><\/span>\n\t\t<span class=\"ZP_FORCENUM ZP_ATTR\"><\/span>\n        <span class=\"ZP_HIGHLIGHT ZP_ATTR\"><\/span>\n        <span class=\"ZP_POSTID ZP_ATTR\">568<\/span>\n\t\t<span class=\"ZOTPRESS_PLUGIN_URL ZP_ATTR\">https:\/\/opistobranquis.info\/wp-content\/plugins\/zotpress\/<\/span>\n\n\t\t<div class=\"zp-List loading\">\n\t\t\t<div class=\"zp-SEO-Content\">\n\n\t\t\t<\/div><!-- .zp-zp-SEO-Content -->\n\t\t<\/div><!-- .zp-List -->\n\t<\/div><!--.zp-Zotpress-->\n\n<p><\/p>Bibliografia basada en els treballs de <b>Steve Long, 2006<\/b>. <a target=_blank href=https:\/\/opistobranquis.info\/wp-content\/uploads\/2016\/06\/Long-S.-2006-Bibliography-of-Opisthobranchia-1554-2000.pdf>Bibliography of Opisthobranchia 1554-2000<\/a> i <b>Gary McDonald, 2009<\/b>. <a href=http:\/\/escholarship.org\/uc\/item\/8115h0wz>Bibliographia Nudibranchia<\/a>, amb actualitzacions posteriors procedents d\u00b4altres fonts.<p><\/p><\/ul><p><\/p><p><strong>M\u00e9s informaci\u00f3<\/strong><\/p><span style=\"font-size:10pt\"><ul><ul class=\"blogroll-links\"><li><a href=\"http:\/\/www.asturnatura.com\/especie\/berghia-coerulescens.html\">AsturNatura<\/a><\/li><li><a href=\"http:\/\/www.biodiversitylibrary.org\/name\/Berghia%20coerulescens\">Biodiversity Heritage Library<\/a><\/li><li><a href=\"http:\/\/www.biologiamarina.org\/wp\/berghia-azzurra\/\">BiologiaMarina.org<\/a><\/li><li><a href=\"http:\/\/www.cibsub.com\/bioespecie_es-berghia_coerulescens-27789\">CIB - Club Immersio Biologia<\/a><\/li><li><a href=\"http:\/\/doris.ffessm.fr\/fiche2.asp?fiche_numero=688\">DORIS<\/a><\/li><li><a href=\"https:\/\/litoraldegranada.ugr.es\/el-litoral\/el-litoral-sumergido\/fauna\/moluscos\/gasteropodos\/opistobranquios\/orden-nudibranchia\/aeolidioideos\/berghia-coerulescens\/\">El Litoral de Granada<\/a><\/li><li><a href=\"http:\/\/nature22.com\/estran22\/mollusques\/gasteropodesbis\/gasteropodes5.html\">Estran 22 - Faune et flore de la zone de balancement des mar\u00e9es en C\u00f4tes d&#039;Armor<\/a><\/li><li><a href=\"https:\/\/www.flickr.com\/search\/?text=Berghia%20coerulescens\">Flickr pictures<\/a><\/li><li><a href=\"http:\/\/www.opistobranquis.org\/ca\/guia\/25\">GROC<\/a><\/li><li><a href=\"http:\/\/www.irmng.org\/aphia.php?p=taxlist&#038;tName=Berghia%20coerulescens\">Interim Register of Marine and Nonmarine Genera<\/a><\/li><li><a href=\"http:\/\/marenostrum.org\/vidamarina\/animalia\/invertebrados\/moluscos\/gasteropodos\/opistobranquios\/bcoerulescens\/index.htm\">M@re Nostrum<\/a><\/li><li><a href=\"http:\/\/www.ncbi.nlm.nih.gov\/Taxonomy\/Browser\/wwwtax.cgi?mode=Undef&#038;name=Berghia%20coerulescens&#038;lvl=0&#038;srchmode=1\">NCBI GenBank<\/a><\/li><li><a href=\"http:\/\/iobis.org\/mapper\/?taxon=Berghia%20coerulescens\">OBIS - Search by Taxon<\/a><\/li><li><a href=\"http:\/\/www.seaslugforum.net\/showall\/bergcoer\">Sea Slug Forum<\/a><\/li><li><a href=\"http:\/\/www.marinespecies.org\/aphia.php?p=taxdetails&#038;id=196603\">World Register of Marine Species<\/a><\/li><\/ul><\/ul><\/span><p><strong>Citeu aquest article com: <\/strong><\/p><div style=\"display: block; background: #444444; padding: 10px 30px 10px 10px; border-radius: 5px; line-height: 18px;\"><p class=\"citacio\"><b>Ballesteros, M., Madrenas, E. &#38; Pontes, M.<\/b> (2025) <em>\"Berghia coerulescens\"<\/em> a <em>OPK-Opistobranquis<\/em>. Publicat: 16\/05\/2012. Accedit: 05\/09\/2026. Disponible a (<a href=https:\/\/opistobranquis.info\/ca\/?p=568>https:\/\/opistobranquis.info\/ca\/?p=568<\/a>)<\/p><p><\/p><\/div><p><\/p><\/p>","protected":false},"excerpt":{"rendered":"<p>Berghia coerulescens (Laurillard, 1832) Sin\u00f2nims Berghia modesta Trinchese, 1882 Eolidia coerulescens Laurillard, 1832 (original) Eolidia souleyeti V\u00e9rany, 1853 Eolis peregrina Delle Chiaje, 1841 Spurilla caerulescens (Laurillard, 1830) Descripci\u00f3 Aquesta esp\u00e8cie pot amidar m\u00e9s de 40 mm de longitud. El cos \u00e9s blanquin\u00f3s i lleugerament transl\u00facid, amb el dors tenyit de marr\u00f3-vermell\u00f3s o rosat molt suau, una mica m\u00e9s fosc entre els primers grups de cerata i en algunes zones tons\u2026<\/p>\n<p class=\"continue-reading-button\"> <a class=\"continue-reading-link\" href=\"https:\/\/opistobranquis.info\/ca\/guia\/nudibranchia\/cladobranchia\/aeolidioidea\/berghia-coerulescens\/\">Continua llegint<i class=\"crycon-right-dir\"><\/i><\/a><\/p>\n","protected":false},"author":291,"featured_media":4137,"parent":456,"menu_order":8159,"comment_status":"closed","ping_status":"closed","template":"","meta":{"footnotes":""},"class_list":["post-568","page","type-page","status-publish","has-post-thumbnail","hentry"],"jetpack_sharing_enabled":true,"_links":{"self":[{"href":"https:\/\/opistobranquis.info\/ca\/wp-json\/wp\/v2\/pages\/568","targetHints":{"allow":["GET"]}}],"collection":[{"href":"https:\/\/opistobranquis.info\/ca\/wp-json\/wp\/v2\/pages"}],"about":[{"href":"https:\/\/opistobranquis.info\/ca\/wp-json\/wp\/v2\/types\/page"}],"author":[{"embeddable":true,"href":"https:\/\/opistobranquis.info\/ca\/wp-json\/wp\/v2\/users\/291"}],"replies":[{"embeddable":true,"href":"https:\/\/opistobranquis.info\/ca\/wp-json\/wp\/v2\/comments?post=568"}],"version-history":[{"count":10,"href":"https:\/\/opistobranquis.info\/ca\/wp-json\/wp\/v2\/pages\/568\/revisions"}],"predecessor-version":[{"id":35870,"href":"https:\/\/opistobranquis.info\/ca\/wp-json\/wp\/v2\/pages\/568\/revisions\/35870"}],"up":[{"embeddable":true,"href":"https:\/\/opistobranquis.info\/ca\/wp-json\/wp\/v2\/pages\/456"}],"wp:featuredmedia":[{"embeddable":true,"href":"https:\/\/opistobranquis.info\/ca\/wp-json\/wp\/v2\/media\/4137"}],"wp:attachment":[{"href":"https:\/\/opistobranquis.info\/ca\/wp-json\/wp\/v2\/media?parent=568"}],"curies":[{"name":"wp","href":"https:\/\/api.w.org\/{rel}","templated":true}]}}