{"id":577,"date":"2012-05-16T20:18:32","date_gmt":"2012-05-16T18:18:32","guid":{"rendered":"https:\/\/opistobranquis.info\/calma-glaucoidescalma-glaucoidescalma-glaucoides"},"modified":"2024-02-25T09:27:55","modified_gmt":"2024-02-25T08:27:55","slug":"calma-glaucoides","status":"publish","type":"page","link":"https:\/\/opistobranquis.info\/ca\/guia\/nudibranchia\/cladobranchia\/fionoidea\/calma-glaucoides\/","title":{"rendered":"Calma glaucoides"},"content":{"rendered":"<p><\/p>\n<h3><em>Calma glaucoides<\/em> (Alder &amp; Hancock, 1854 )<\/h3>\n<p><span style=\"font-size:10pt;\" class=\"aligncenter\"><div id=\"featured-img-id\"><img data-recalc-dims=\"1\" decoding=\"async\" src=\"https:\/\/i0.wp.com\/opistobranquis.info\/wp-content\/uploads\/2012\/12\/calma-glaucoides-00.jpg?w=900&#038;ssl=1\" alt=\"Calma glaucoides by Enric Madrenas\" \/><\/div><center><em>Calma glaucoides<\/em> per Enric Madrenas<\/center><\/span><p><\/p><div class=\"opk-worms\"><h3>Informaci\u00f3 taxon\u00f2mica WoRMS<\/h3><div class=\"opk-success\">Nom acceptat actual: <strong><em>Calma glaucoides<\/em> (Alder &amp; Hancock, 1854)<\/strong><\/div><h4>Classificaci\u00f3 actual<\/h4><table class=\"widefat striped\"><tr><th>Superdomain<\/th><td><a target=\"_blank\" href=\"https:\/\/www.marinespecies.org\/aphia.php?p=taxdetails&id=1\">Biota<\/a><\/td><\/tr><tr><th>Kingdom<\/th><td><a target=\"_blank\" href=\"https:\/\/www.marinespecies.org\/aphia.php?p=taxdetails&id=2\">Animalia<\/a><\/td><\/tr><tr><th>Phylum<\/th><td><a target=\"_blank\" href=\"https:\/\/www.marinespecies.org\/aphia.php?p=taxdetails&id=51\">Mollusca<\/a><\/td><\/tr><tr><th>Class<\/th><td><a target=\"_blank\" href=\"https:\/\/www.marinespecies.org\/aphia.php?p=taxdetails&id=101\">Gastropoda<\/a><\/td><\/tr><tr><th>Subclass<\/th><td><a target=\"_blank\" href=\"https:\/\/www.marinespecies.org\/aphia.php?p=taxdetails&id=14712\">Heterobranchia<\/a><\/td><\/tr><tr><th>Infraclass<\/th><td><a target=\"_blank\" href=\"https:\/\/www.marinespecies.org\/aphia.php?p=taxdetails&id=1057247\">Euthyneura<\/a><\/td><\/tr><tr><th>Subterclass<\/th><td><a target=\"_blank\" href=\"https:\/\/www.marinespecies.org\/aphia.php?p=taxdetails&id=1057249\">Ringipleura<\/a><\/td><\/tr><tr><th>Superorder<\/th><td><a target=\"_blank\" href=\"https:\/\/www.marinespecies.org\/aphia.php?p=taxdetails&id=411966\">Nudipleura<\/a><\/td><\/tr><tr><th>Order<\/th><td><a target=\"_blank\" href=\"https:\/\/www.marinespecies.org\/aphia.php?p=taxdetails&id=1762\">Nudibranchia<\/a><\/td><\/tr><tr><th>Suborder<\/th><td><a target=\"_blank\" href=\"https:\/\/www.marinespecies.org\/aphia.php?p=taxdetails&id=827889\">Cladobranchia<\/a><\/td><\/tr><tr><th>Superfamily<\/th><td><a target=\"_blank\" href=\"https:\/\/www.marinespecies.org\/aphia.php?p=taxdetails&id=412646\">Fionoidea<\/a><\/td><\/tr><tr><th>Family<\/th><td><a target=\"_blank\" href=\"https:\/\/www.marinespecies.org\/aphia.php?p=taxdetails&id=22996\">Calmidae<\/a><\/td><\/tr><tr><th>Genus<\/th><td><a target=\"_blank\" href=\"https:\/\/www.marinespecies.org\/aphia.php?p=taxdetails&id=137720\"><em>Calma<\/em><\/a><\/td><\/tr><tr><th>Species<\/th><td><a target=\"_blank\" href=\"https:\/\/www.marinespecies.org\/aphia.php?p=taxdetails&id=138960\"><em>Calma glaucoides<\/em> (Alder &amp; Hancock, 1854)<\/a><\/td><\/tr><\/table><p class=\"footer\">Classificaci\u00f3 proporcionada pel World Register of Marine Species (WoRMS). [<a target=\"_blank\" href=\"https:\/\/www.marinespecies.org\/aphia.php?p=taxdetails&id=138960\">138960<\/a>]<\/p><\/div><p><strong>Nota taxon\u00f2mica<\/strong>: Les an\u00e0lisis filogen\u00e8tiques realitzades per Cella et al. (2016) van revelar que la fam\u00edlia Tergipedidae tradicional \u00e9s polifil\u00e9tica i pertany a un clade monofil\u00e8tic m\u00e9s gran que inclou membres de les fam\u00edlies tradicionals Eubranchidae, Fionidae i Calmidae; aquest va ser un resultat inesperat, ja que la validesa d\u00b4aquests taxons i la seva distinci\u00f3 dels Tergipedidae mai havia estat q\u00fcestionada abans. Es proposa unir les fam\u00edlies Tergipedidae, Eubranchidae, Calmidae i Fionidae sota el nom de Fionidae. Aquesta decisi\u00f3 ha estat reinterpretada i completada en el treball de Korshunova et al. (2017) perqu\u00e8 obviava aspectes morfol\u00f2gics i moleculars evidents.<\/p>Fins fa molt pocs anys l&#8217;\u00fanica esp\u00e8cie coneguda del g\u00e8nere <em>Calma<\/em> a nivell mundial era <em>C. glaucoides<\/em>, descrita com <em>Eolis glaucoides<\/em> per Alder &amp; Hancock el 1854. Una altra esp\u00e8cie del mateix g\u00e8nere, <em>C. gobioophaga,<\/em> va ser descrita recentment gr\u00e0cies a exemplars capturats a les costes de Portugal (Calado &amp; Urgorri, 2002). L&#8217;estudi dels exemplars de les costes portugueses ha perm\u00e8s diferenciar en el g\u00e8nere <em>Calma<\/em> dues esp\u00e8cies simp\u00e0triques que coexisteixen en la mateixa \u00e0rea de distribuci\u00f3 i viuen al mateix h\u00e0bitat: <em>C. glaucoides<\/em> i <em>C. gobioophaga<\/em>.<br \/>\nCalado &amp; Urgorri (2002) indiquen les principals difer\u00e8ncies entre les dues esp\u00e8cies, entre les quals destaquen els tentacles propodials m\u00e9s llargs en <em>C. gobioophaga;<\/em>\u00a0els ulls m\u00e9s grans i situats immediatament darrere de la base dels rin\u00f2fors en <em>C. gobioophaga<\/em>, m\u00e9s petits i situats m\u00e9s enrere de la base dels rin\u00f2fors en <em>C. glaucoides<\/em>; rony\u00f3 situat entre el segon i l&#8217;\u00faltim grup de cerates en <em>C. gobioophaga<\/em> i entre el segon i cinqu\u00e8 o sis\u00e8 grup de cerates en <em>C. glaucoides<\/em>; mida una mica m\u00e9s petita dels ous en <em>C. gobioophaga<\/em>; alimentaci\u00f3 a base d&#8217;ous de <em>Gobius niger<\/em> en <em>C. gobioophaga<\/em> i ous de <em>Lepadogaster lepadogaster<\/em>, <em>L. purpurea<\/em>, <em>L. candollei<\/em>, <em>Parablennius gattorugine<\/em> o <em>P. pilicornis<\/em> en <em>C. glaucoides<\/em>. Molt recentment Prki\u0107 et al. (2014) han realitzat un estudi molecular (gens COI i 16S) d&#8217;exemplars croats de diferents localitats de <em>C. glaucoides<\/em> i de <em>C. gobioophaga<\/em> que confirmen la separaci\u00f3 de les dues esp\u00e8cies.<\/p>\n<p><strong>Sin\u00f2nims<\/strong><\/p>\n<ul>\n<li><i>Eolis albicans<\/i>\u00a0Friele &amp; Hansen, 1876<\/li>\n<li><strong><i>Eolis glaucoides<\/i>\u00a0Alder &amp; Hancock, 1854\u00a0(original)<\/strong><\/li>\n<li><i>Forestia mirabilis<\/i>\u00a0Trinchese, 1881<\/li>\n<\/ul>\n<p><strong>Descripci\u00f3<br \/>\n<\/strong>Els animals d&#8217;aquesta esp\u00e8cie mesuren entre 10 i 15 mm de longitud. El color general del cos \u00e9s blanc-groguenc transl\u00facid, deixant entreveure els \u00f2rgans interns, encara que tamb\u00e9 pot ser groc fosc, lil\u00f3s o marron\u00f3s depenent de la seva alimentaci\u00f3. El cap \u00e9s bastant curt, com tamb\u00e9 els palps orals i els rin\u00f2fors. Els rin\u00f2fors s\u00f3n llisos i semitransparents i, com els palps orals, tenen l&#8217;extrem opac a causa d&#8217;una pigmentaci\u00f3 blanquinosa o groguenca. Els ulls s\u00f3n molt petits i es troben just darrere de la base dels rin\u00f2fors. Hi ha de 7 a 10 grups de cerata ben separats entre ells i que comencen molt a prop dels rin\u00f2fors. Els cerata s\u00f3n semitransparents, for\u00e7a llargs, fins i acabats en punta. Hi ha 3-4 cerates a cada grup. Dins de cada cerata, la gl\u00e0ndula digestiva t\u00e9 forma d&#8217;un conducte prim de color groguenc o crema. En els exemplars m\u00e9s grans pot haver-hi una fina puntuaci\u00f3 blavosa en els cerates que fa opaca a la seva superf\u00edcie i emmascara la gl\u00e0ndula digestiva; l&#8217;\u00e0pex apuntat dels cerata \u00e9s de color groguenc. Els cerata d&#8217;un mateix grup semblen sortir d&#8217;una base comuna. En la majoria dels exemplars es poden observar -per transpar\u00e8ncia- a cada costat del dors les unitats gonadals en forma d&#8217;estructures blanquinoses de contorn lobulat i situades entre les zones d&#8217;inserci\u00f3 de cada grup de cerata. El peu \u00e9s ample i forma per davant dos tentacles propodials curts i apuntats. La cua \u00e9s curta i sol estar coberta pels cerata m\u00e9s posteriors.<\/p>\n<p><strong>Biologia<br \/>\n<\/strong>Els animals d&#8217;aquesta esp\u00e8cie solen trobar-se sota pedres des de molt poca profunditat. Freq\u00fcentment els animals expandeixen lateralment les seves cerata de forma que semblen els tentacles d&#8217;una anemone. S&#8217;alimenta d&#8217;ous de peixos com <em>Lepadogaster lepadogaster<\/em>, <em>L. purpurea<\/em>, <em>L. candollei<\/em>, <em>Parablennius gattorugine<\/em> o <em>P. pilicornis<\/em>. La posta \u00e9s un cord\u00f3 sinu\u00f3s, fi i disposat molt irregularment amb ous de color blanc que es troben dins de c\u00e0psules d&#8217;unes 138 micres de di\u00e0metre (Calado &amp; Urgorri, 2002).<\/p>\n<p><strong>Etimologia<\/strong><\/p>\n<ul>\n<li><em style=\"background-color: transparent;\">Glaucoides<\/em><span style=\"background-color: transparent;\">. Deriva del Llat\u00ed &#8220;glaucus&#8221;, blanc. Significa &#8220;blanquin\u00f3s&#8221;.<\/span><\/li>\n<\/ul>\n<p><strong>Distribuci\u00f3<br \/>\n<\/strong>Degut a que fins l&#8217;any 2002 no es va descriure l&#8217;esp\u00e8cie simp\u00e0trica <em>C. gobioophaga<\/em>, amb la qual es pot confondre f\u00e0cilment, possiblement fins a aquesta data les cites de <em>C. glaucoides<\/em> en moltes zones geogr\u00e0fiques incloguin tamb\u00e9 exemplars de <em>C. gobioophaga<\/em>. <em>C. glaucoides<\/em> \u00e9s una esp\u00e8cie que s&#8217;ha localitzat en aig\u00fces europees, tant atl\u00e0ntiques com mediterr\u00e0nies, des de Noruega, les Illes Brit\u00e0niques, les costes atl\u00e0ntiques i mediterr\u00e0nies franceses, Tenerife (Illes Can\u00e0ries) i Golf de N\u00e0pols (Prki\u0107 et al. 2014). A la Pen\u00ednsula Ib\u00e8rica s&#8217;ha trobat amb seguretat a Gal\u00edcia i Portugal (Calado &amp; Urgorri, 2002), a les costes andaluses i a Catalunya, on ha estat citada a Cadaqu\u00e9s, Begur, Calella de Palafrugell, Palam\u00f3s, Sant Feliu de Gu\u00edxols i a l&#8217;Ametlla de Mar. <div id=\"flxmap-6a9a5dd0c738e\" class='flxmap-container' data-flxmap='flxmap_6a9a5dd0c738e' style=\"width:100%;height:400px;\"><\/div>\n<script data-noptimize=\"1\">\n\/* <![CDATA[ *\/\n(function(w, fn) {\n if (w.addEventListener) w.addEventListener(\"DOMContentLoaded\", fn, false);\n else if (w.attachEvent) w.attachEvent(\"onload\", fn);\n})(window, function() {\n var f = new FlexibleMap();\n f.panControl = true;\n f.mapTypeId = \"satellite\";\n f.setlocale(\"ca-ES\");\n f.kmlcache = \"5 minutes\";\n f.showKML(\"flxmap-6a9a5dd0c738e\", \"https:\/\/opistobranquis.info\/wp-content\/uploads\/kms\/577.kmz\");\n window.flxmap_6a9a5dd0c738e = f;\n});\n\/* ]]> *\/\n<\/script>\n<div style=\"width:100%;text-align:center;margin:12px 0 4px 0;\">\n  <div style=\"font-size:8pt;margin-bottom:6px;\">Cites georeferenciades conegudes de l'esp\u00e8cie: <em>Calma glaucoides<\/em><\/div>\n  <table style=\"margin:0 auto;border-collapse:collapse;font-size:8pt;\">\n    <tr><td colspan=\"2\" style=\"text-align:left;padding-bottom:4px;\"><strong>Fonts:<\/strong><\/td><\/tr>\n    <tr>\n      <td style=\"vertical-align:top;padding-right:40px;\">\n        <table style=\"border-collapse:collapse;\">\n<tr><td style='padding:1px 6px 1px 0;vertical-align:middle'><img data-recalc-dims=\"1\" src=\"https:\/\/i0.wp.com\/opistobranquis.info\/wp-content\/uploads\/kms\/wht-circle-lv.png?w=900&#038;ssl=1\" style='display:block'><\/td><td style='padding:1px 0;vertical-align:middle;white-space:nowrap'>OBIS<\/td><\/tr><tr><td style='padding:1px 6px 1px 0;vertical-align:middle'><img data-recalc-dims=\"1\" src=\"https:\/\/i0.wp.com\/opistobranquis.info\/wp-content\/uploads\/kms\/ylw-circle-lv.png?w=900&#038;ssl=1\" style='display:block'><\/td><td style='padding:1px 0;vertical-align:middle;white-space:nowrap'>GROC 2010-2011<\/td><\/tr><tr><td style='padding:1px 6px 1px 0;vertical-align:middle'><img data-recalc-dims=\"1\" src=\"https:\/\/i0.wp.com\/opistobranquis.info\/wp-content\/uploads\/kms\/grn-circle-lv.png?w=900&#038;ssl=1\" style='display:block'><\/td><td style='padding:1px 0;vertical-align:middle;white-space:nowrap'>Enric Madrenas<\/td><\/tr><tr><td style='padding:1px 6px 1px 0;vertical-align:middle'><img data-recalc-dims=\"1\" src=\"https:\/\/i0.wp.com\/opistobranquis.info\/wp-content\/uploads\/kms\/orange-circle-lv.png?w=900&#038;ssl=1\" style='display:block'><\/td><td style='padding:1px 0;vertical-align:middle;white-space:nowrap'>Jo\u00e3o Pedro Silva<\/td><\/tr><tr><td style='padding:1px 6px 1px 0;vertical-align:middle'><img data-recalc-dims=\"1\" src=\"https:\/\/i0.wp.com\/opistobranquis.info\/wp-content\/uploads\/kms\/pink-circle-lv.png?w=900&#038;ssl=1\" style='display:block'><\/td><td style='padding:1px 0;vertical-align:middle;white-space:nowrap'>Bernard Picton<\/td><\/tr><tr><td style='padding:1px 6px 1px 0;vertical-align:middle'><img data-recalc-dims=\"1\" src=\"https:\/\/i0.wp.com\/opistobranquis.info\/wp-content\/uploads\/kms\/blk-circle-lv.png?w=900&#038;ssl=1\" style='display:block'><\/td><td style='padding:1px 0;vertical-align:middle;white-space:nowrap'>GBIF<\/td><\/tr>        <\/table>\n      <\/td>\n      <td style=\"vertical-align:top;\">\n        <table style=\"border-collapse:collapse;\">\n<tr><td style='padding:1px 6px 1px 0;vertical-align:middle'><img data-recalc-dims=\"1\" src=\"https:\/\/i0.wp.com\/opistobranquis.info\/wp-content\/uploads\/kms\/purple-circle-lv.png?w=900&#038;ssl=1\" style='display:block'><\/td><td style='padding:1px 0;vertical-align:middle;white-space:nowrap'>OPK<\/td><\/tr><tr><td style='padding:1px 6px 1px 0;vertical-align:middle'><img data-recalc-dims=\"1\" src=\"https:\/\/i0.wp.com\/opistobranquis.info\/wp-content\/uploads\/kms\/red-circle-lv.png?w=900&#038;ssl=1\" style='display:block'><\/td><td style='padding:1px 0;vertical-align:middle;white-space:nowrap'>VIMAR<\/td><\/tr><tr><td style='padding:1px 6px 1px 0;vertical-align:middle'><img data-recalc-dims=\"1\" src=\"https:\/\/i0.wp.com\/opistobranquis.info\/wp-content\/uploads\/kms\/blu-circle-lv.png?w=900&#038;ssl=1\" style='display:block'><\/td><td style='padding:1px 0;vertical-align:middle;white-space:nowrap'>Manuel Ballesteros<\/td><\/tr><tr><td style='padding:1px 6px 1px 0;vertical-align:middle'><img data-recalc-dims=\"1\" src=\"https:\/\/i0.wp.com\/opistobranquis.info\/wp-content\/uploads\/kms\/cyan-circle-lv.png?w=900&#038;ssl=1\" style='display:block'><\/td><td style='padding:1px 0;vertical-align:middle;white-space:nowrap'>M@re Nostrum<\/td><\/tr><tr><td style='padding:1px 6px 1px 0;vertical-align:middle'><img data-recalc-dims=\"1\" src=\"https:\/\/i0.wp.com\/opistobranquis.info\/wp-content\/uploads\/kms\/grey-circle-lv.png?w=900&#038;ssl=1\" style='display:block'><\/td><td style='padding:1px 0;vertical-align:middle;white-space:nowrap'>Altres fonts<\/td><\/tr><tr><td style='padding:1px 6px 1px 0;vertical-align:middle'><img data-recalc-dims=\"1\" src=\"https:\/\/i0.wp.com\/opistobranquis.info\/wp-content\/uploads\/kms\/marreg.png?w=900&#038;ssl=1\" style='display:block'><\/td><td style='padding:1px 0;vertical-align:middle;white-space:nowrap'>Marine Regions<\/td><\/tr>        <\/table>\n      <\/td>\n    <\/tr>\n  <\/table>\n<\/div>\n<\/p>\n<p><strong>Esp\u00e8cies semblants<br \/>\n<\/strong><a href=\"https:\/\/opistobranquis.info\/guia\/nudibranchia\/cladobranchia\/fionoidea\/calma-gobioophaga\/\"><em>Calma gobioophaga<\/em><\/a>, amb tentacles propodials m\u00e9s llargs, ulls m\u00e9s grans i situats immediatament darrere de la base dels rin\u00f2fors, gl\u00e0ndula digestiva m\u00e9s llarga, ous m\u00e9s petits i s\u2019alimenta d\u2019ous de peixos del g\u00e8nere <em>Gobius<\/em>.<\/p>\n<p><strong>Error:<\/strong> Chart.js no est\u00e1 disponible.<\/p>\n<p><strong>Videos<\/strong><\/p>\n<p><iframe loading=\"lazy\" src=\"https:\/\/player.vimeo.com\/video\/406775468?dnt=1&amp;app_id=122963\" width=\"900\" height=\"506\" frameborder=\"0\" allow=\"autoplay; fullscreen; picture-in-picture\"><\/iframe><\/p>\n<p>&nbsp;<\/p>\n<p><strong>Altres fotos<br \/>\n<\/strong><div class=\"tiled-gallery type-rectangular tiled-gallery-unresized\" data-original-width=\"900\" data-carousel-extra='{&quot;blog_id&quot;:1,&quot;permalink&quot;:&quot;https:\\\/\\\/opistobranquis.info\\\/ca\\\/guia\\\/nudibranchia\\\/cladobranchia\\\/fionoidea\\\/calma-glaucoides\\\/&quot;,&quot;likes_blog_id&quot;:44192421}' itemscope itemtype=\"http:\/\/schema.org\/ImageGallery\" > <div class=\"gallery-row\" style=\"width: 900px; height: 769px;\" data-original-width=\"900\" data-original-height=\"769\" > <div class=\"gallery-group images-1\" style=\"width: 524px; height: 769px;\" data-original-width=\"524\" data-original-height=\"769\" > <div class=\"tiled-gallery-item tiled-gallery-item-large\" itemprop=\"associatedMedia\" itemscope itemtype=\"http:\/\/schema.org\/ImageObject\"> <a href=\"https:\/\/opistobranquis.info\/ca\/guia\/nudibranchia\/cladobranchia\/fionoidea\/calma-glaucoides\/calma-glaucoides-02\/\" border=\"0\" itemprop=\"url\"> <meta itemprop=\"width\" content=\"520\"> <meta itemprop=\"height\" content=\"765\"> <img decoding=\"async\" class=\"\" data-attachment-id=\"4186\" data-orig-file=\"https:\/\/opistobranquis.info\/wp-content\/uploads\/2012\/12\/calma-glaucoides-02.jpg\" data-orig-size=\"337,496\" data-comments-opened=\"\" data-image-title=\"Calma glaucoides by Enric Madrenas\" data-image-description=\"&lt;p&gt;Calma glaucoides by Enric Madrenas&lt;\/p&gt; \" data-medium-file=\"https:\/\/i0.wp.com\/opistobranquis.info\/wp-content\/uploads\/2012\/12\/calma-glaucoides-02.jpg?fit=203%2C300&#038;ssl=1\" data-large-file=\"https:\/\/i0.wp.com\/opistobranquis.info\/wp-content\/uploads\/2012\/12\/calma-glaucoides-02.jpg?fit=337%2C496&#038;ssl=1\" src=\"https:\/\/i0.wp.com\/opistobranquis.info\/wp-content\/uploads\/2012\/12\/calma-glaucoides-02.jpg?w=520&#038;h=765&#038;ssl=1\" srcset=\"https:\/\/i0.wp.com\/opistobranquis.info\/wp-content\/uploads\/2012\/12\/calma-glaucoides-02.jpg?w=337&amp;ssl=1 337w, https:\/\/i0.wp.com\/opistobranquis.info\/wp-content\/uploads\/2012\/12\/calma-glaucoides-02.jpg?resize=203%2C300&amp;ssl=1 203w\" width=\"520\" height=\"765\" loading=\"lazy\" data-original-width=\"520\" data-original-height=\"765\" itemprop=\"http:\/\/schema.org\/image\" title=\"Calma glaucoides by Enric Madrenas\" alt=\"Calma glaucoides by Enric Madrenas\" style=\"width: 520px; height: 765px;\" \/> <\/a> <div class=\"tiled-gallery-caption\" itemprop=\"caption description\"> Calma glaucoides by Enric Madrenas <\/div> <\/div> <\/div> <!-- close group --> <div class=\"gallery-group images-3\" style=\"width: 376px; height: 769px;\" data-original-width=\"376\" data-original-height=\"769\" > <div class=\"tiled-gallery-item tiled-gallery-item-large\" itemprop=\"associatedMedia\" itemscope itemtype=\"http:\/\/schema.org\/ImageObject\"> <a href=\"https:\/\/opistobranquis.info\/ca\/guia\/nudibranchia\/cladobranchia\/fionoidea\/calma-glaucoides\/calma-glaucoides-03\/\" border=\"0\" itemprop=\"url\"> <meta itemprop=\"width\" content=\"372\"> <meta itemprop=\"height\" content=\"253\"> <img decoding=\"async\" class=\"\" data-attachment-id=\"4187\" data-orig-file=\"https:\/\/opistobranquis.info\/wp-content\/uploads\/2012\/12\/calma-glaucoides-03.jpg\" data-orig-size=\"656,445\" data-comments-opened=\"\" data-image-title=\"Calma glaucoides by Enric Madrenas\" data-image-description=\"&lt;p&gt;Calma glaucoides by Enric Madrenas&lt;\/p&gt; \" data-medium-file=\"https:\/\/i0.wp.com\/opistobranquis.info\/wp-content\/uploads\/2012\/12\/calma-glaucoides-03.jpg?fit=300%2C203&#038;ssl=1\" data-large-file=\"https:\/\/i0.wp.com\/opistobranquis.info\/wp-content\/uploads\/2012\/12\/calma-glaucoides-03.jpg?fit=656%2C445&#038;ssl=1\" src=\"https:\/\/i0.wp.com\/opistobranquis.info\/wp-content\/uploads\/2012\/12\/calma-glaucoides-03.jpg?w=372&#038;h=253&#038;ssl=1\" srcset=\"https:\/\/i0.wp.com\/opistobranquis.info\/wp-content\/uploads\/2012\/12\/calma-glaucoides-03.jpg?w=656&amp;ssl=1 656w, https:\/\/i0.wp.com\/opistobranquis.info\/wp-content\/uploads\/2012\/12\/calma-glaucoides-03.jpg?resize=300%2C203&amp;ssl=1 300w\" width=\"372\" height=\"253\" loading=\"lazy\" data-original-width=\"372\" data-original-height=\"253\" itemprop=\"http:\/\/schema.org\/image\" title=\"Calma glaucoides by Enric Madrenas\" alt=\"Calma glaucoides by Enric Madrenas\" style=\"width: 372px; height: 253px;\" \/> <\/a> <div class=\"tiled-gallery-caption\" itemprop=\"caption description\"> Calma glaucoides by Enric Madrenas <\/div> <\/div> <div class=\"tiled-gallery-item tiled-gallery-item-large\" itemprop=\"associatedMedia\" itemscope itemtype=\"http:\/\/schema.org\/ImageObject\"> <a href=\"https:\/\/opistobranquis.info\/ca\/guia\/nudibranchia\/cladobranchia\/fionoidea\/calma-glaucoides\/calma-glaucoides-06\/\" border=\"0\" itemprop=\"url\"> <meta itemprop=\"width\" content=\"372\"> <meta itemprop=\"height\" content=\"252\"> <img decoding=\"async\" class=\"\" data-attachment-id=\"4188\" data-orig-file=\"https:\/\/opistobranquis.info\/wp-content\/uploads\/2012\/12\/calma-glaucoides-06.jpg\" data-orig-size=\"656,445\" data-comments-opened=\"\" data-image-title=\"Calma glaucoides by Enric Madrenas\" data-image-description=\"&lt;p&gt;Calma glaucoides by Enric Madrenas&lt;\/p&gt; \" data-medium-file=\"https:\/\/i0.wp.com\/opistobranquis.info\/wp-content\/uploads\/2012\/12\/calma-glaucoides-06.jpg?fit=300%2C203&#038;ssl=1\" data-large-file=\"https:\/\/i0.wp.com\/opistobranquis.info\/wp-content\/uploads\/2012\/12\/calma-glaucoides-06.jpg?fit=656%2C445&#038;ssl=1\" src=\"https:\/\/i0.wp.com\/opistobranquis.info\/wp-content\/uploads\/2012\/12\/calma-glaucoides-06.jpg?w=372&#038;h=252&#038;ssl=1\" srcset=\"https:\/\/i0.wp.com\/opistobranquis.info\/wp-content\/uploads\/2012\/12\/calma-glaucoides-06.jpg?w=656&amp;ssl=1 656w, https:\/\/i0.wp.com\/opistobranquis.info\/wp-content\/uploads\/2012\/12\/calma-glaucoides-06.jpg?resize=300%2C203&amp;ssl=1 300w\" width=\"372\" height=\"252\" loading=\"lazy\" data-original-width=\"372\" data-original-height=\"252\" itemprop=\"http:\/\/schema.org\/image\" title=\"Calma glaucoides by Enric Madrenas\" alt=\"Calma glaucoides by Enric Madrenas\" style=\"width: 372px; height: 252px;\" \/> <\/a> <div class=\"tiled-gallery-caption\" itemprop=\"caption description\"> Calma glaucoides by Enric Madrenas <\/div> <\/div> <div class=\"tiled-gallery-item tiled-gallery-item-large\" itemprop=\"associatedMedia\" itemscope itemtype=\"http:\/\/schema.org\/ImageObject\"> <a href=\"https:\/\/opistobranquis.info\/ca\/guia\/nudibranchia\/cladobranchia\/fionoidea\/calma-glaucoides\/calma-glaucoides-08\/\" border=\"0\" itemprop=\"url\"> <meta itemprop=\"width\" content=\"372\"> <meta itemprop=\"height\" content=\"252\"> <img decoding=\"async\" class=\"\" data-attachment-id=\"4189\" data-orig-file=\"https:\/\/opistobranquis.info\/wp-content\/uploads\/2012\/12\/calma-glaucoides-08.jpg\" data-orig-size=\"656,445\" data-comments-opened=\"\" data-image-title=\"Calma glaucoides by Enric Madrenas\" data-image-description=\"&lt;p&gt;Calma glaucoides by Enric Madrenas&lt;\/p&gt; \" data-medium-file=\"https:\/\/i0.wp.com\/opistobranquis.info\/wp-content\/uploads\/2012\/12\/calma-glaucoides-08.jpg?fit=300%2C203&#038;ssl=1\" data-large-file=\"https:\/\/i0.wp.com\/opistobranquis.info\/wp-content\/uploads\/2012\/12\/calma-glaucoides-08.jpg?fit=656%2C445&#038;ssl=1\" src=\"https:\/\/i0.wp.com\/opistobranquis.info\/wp-content\/uploads\/2012\/12\/calma-glaucoides-08.jpg?w=372&#038;h=252&#038;ssl=1\" srcset=\"https:\/\/i0.wp.com\/opistobranquis.info\/wp-content\/uploads\/2012\/12\/calma-glaucoides-08.jpg?w=656&amp;ssl=1 656w, https:\/\/i0.wp.com\/opistobranquis.info\/wp-content\/uploads\/2012\/12\/calma-glaucoides-08.jpg?resize=300%2C203&amp;ssl=1 300w\" width=\"372\" height=\"252\" loading=\"lazy\" data-original-width=\"372\" data-original-height=\"252\" itemprop=\"http:\/\/schema.org\/image\" title=\"Calma glaucoides by Enric Madrenas\" alt=\"Calma glaucoides by Enric Madrenas\" style=\"width: 372px; height: 252px;\" \/> <\/a> <div class=\"tiled-gallery-caption\" itemprop=\"caption description\"> Calma glaucoides by Enric Madrenas <\/div> <\/div> <\/div> <!-- close group --> <\/div> <!-- close row --> <div class=\"gallery-row\" style=\"width: 900px; height: 426px;\" data-original-width=\"900\" data-original-height=\"426\" > <div class=\"gallery-group images-2\" style=\"width: 312px; height: 426px;\" data-original-width=\"312\" data-original-height=\"426\" > <div class=\"tiled-gallery-item tiled-gallery-item-large\" itemprop=\"associatedMedia\" itemscope itemtype=\"http:\/\/schema.org\/ImageObject\"> <a href=\"https:\/\/opistobranquis.info\/ca\/guia\/nudibranchia\/cladobranchia\/fionoidea\/calma-glaucoides\/calma-glaucoides-10\/\" border=\"0\" itemprop=\"url\"> <meta itemprop=\"width\" content=\"308\"> <meta itemprop=\"height\" content=\"209\"> <img decoding=\"async\" class=\"\" data-attachment-id=\"4190\" data-orig-file=\"https:\/\/opistobranquis.info\/wp-content\/uploads\/2012\/12\/calma-glaucoides-10.jpg\" data-orig-size=\"656,445\" data-comments-opened=\"\" data-image-title=\"Calma glaucoides by Enric Madrenas\" data-image-description=\"&lt;p&gt;Calma glaucoides by Enric Madrenas&lt;\/p&gt; \" data-medium-file=\"https:\/\/i0.wp.com\/opistobranquis.info\/wp-content\/uploads\/2012\/12\/calma-glaucoides-10.jpg?fit=300%2C203&#038;ssl=1\" data-large-file=\"https:\/\/i0.wp.com\/opistobranquis.info\/wp-content\/uploads\/2012\/12\/calma-glaucoides-10.jpg?fit=656%2C445&#038;ssl=1\" src=\"https:\/\/i0.wp.com\/opistobranquis.info\/wp-content\/uploads\/2012\/12\/calma-glaucoides-10.jpg?w=308&#038;h=209&#038;ssl=1\" srcset=\"https:\/\/i0.wp.com\/opistobranquis.info\/wp-content\/uploads\/2012\/12\/calma-glaucoides-10.jpg?w=656&amp;ssl=1 656w, https:\/\/i0.wp.com\/opistobranquis.info\/wp-content\/uploads\/2012\/12\/calma-glaucoides-10.jpg?resize=300%2C203&amp;ssl=1 300w\" width=\"308\" height=\"209\" loading=\"lazy\" data-original-width=\"308\" data-original-height=\"209\" itemprop=\"http:\/\/schema.org\/image\" title=\"Calma glaucoides by Enric Madrenas\" alt=\"Calma glaucoides by Enric Madrenas\" style=\"width: 308px; height: 209px;\" \/> <\/a> <div class=\"tiled-gallery-caption\" itemprop=\"caption description\"> Calma glaucoides by Enric Madrenas <\/div> <\/div> <div class=\"tiled-gallery-item tiled-gallery-item-large\" itemprop=\"associatedMedia\" itemscope itemtype=\"http:\/\/schema.org\/ImageObject\"> <a href=\"https:\/\/opistobranquis.info\/ca\/guia\/nudibranchia\/cladobranchia\/fionoidea\/calma-glaucoides\/calma-glaucoides-15\/\" border=\"0\" itemprop=\"url\"> <meta itemprop=\"width\" content=\"308\"> <meta itemprop=\"height\" content=\"209\"> <img decoding=\"async\" class=\"\" data-attachment-id=\"4191\" data-orig-file=\"https:\/\/opistobranquis.info\/wp-content\/uploads\/2012\/12\/calma-glaucoides-15.jpg\" data-orig-size=\"656,445\" data-comments-opened=\"\" data-image-title=\"Calma glaucoides by Enric Madrenas\" data-image-description=\"&lt;p&gt;Calma glaucoides by Enric Madrenas&lt;\/p&gt; \" data-medium-file=\"https:\/\/i0.wp.com\/opistobranquis.info\/wp-content\/uploads\/2012\/12\/calma-glaucoides-15.jpg?fit=300%2C203&#038;ssl=1\" data-large-file=\"https:\/\/i0.wp.com\/opistobranquis.info\/wp-content\/uploads\/2012\/12\/calma-glaucoides-15.jpg?fit=656%2C445&#038;ssl=1\" src=\"https:\/\/i0.wp.com\/opistobranquis.info\/wp-content\/uploads\/2012\/12\/calma-glaucoides-15.jpg?w=308&#038;h=209&#038;ssl=1\" srcset=\"https:\/\/i0.wp.com\/opistobranquis.info\/wp-content\/uploads\/2012\/12\/calma-glaucoides-15.jpg?w=656&amp;ssl=1 656w, https:\/\/i0.wp.com\/opistobranquis.info\/wp-content\/uploads\/2012\/12\/calma-glaucoides-15.jpg?resize=300%2C203&amp;ssl=1 300w\" width=\"308\" height=\"209\" loading=\"lazy\" data-original-width=\"308\" data-original-height=\"209\" itemprop=\"http:\/\/schema.org\/image\" title=\"Calma glaucoides by Enric Madrenas\" alt=\"Calma glaucoides by Enric Madrenas\" style=\"width: 308px; height: 209px;\" \/> <\/a> <div class=\"tiled-gallery-caption\" itemprop=\"caption description\"> Calma glaucoides by Enric Madrenas <\/div> <\/div> <\/div> <!-- close group --> <div class=\"gallery-group images-1\" style=\"width: 291px; height: 426px;\" data-original-width=\"291\" data-original-height=\"426\" > <div class=\"tiled-gallery-item tiled-gallery-item-large\" itemprop=\"associatedMedia\" itemscope itemtype=\"http:\/\/schema.org\/ImageObject\"> <a href=\"https:\/\/opistobranquis.info\/ca\/guia\/nudibranchia\/cladobranchia\/fionoidea\/calma-glaucoides\/calma-glaucoides-31\/\" border=\"0\" itemprop=\"url\"> <meta itemprop=\"width\" content=\"287\"> <meta itemprop=\"height\" content=\"422\"> <img decoding=\"async\" class=\"\" data-attachment-id=\"4192\" data-orig-file=\"https:\/\/opistobranquis.info\/wp-content\/uploads\/2012\/12\/calma-glaucoides-31.jpg\" data-orig-size=\"337,496\" data-comments-opened=\"\" data-image-title=\"Calma glaucoides by Enric Madrenas\" data-image-description=\"&lt;p&gt;Calma glaucoides by Enric Madrenas&lt;\/p&gt; \" data-medium-file=\"https:\/\/i0.wp.com\/opistobranquis.info\/wp-content\/uploads\/2012\/12\/calma-glaucoides-31.jpg?fit=203%2C300&#038;ssl=1\" data-large-file=\"https:\/\/i0.wp.com\/opistobranquis.info\/wp-content\/uploads\/2012\/12\/calma-glaucoides-31.jpg?fit=337%2C496&#038;ssl=1\" src=\"https:\/\/i0.wp.com\/opistobranquis.info\/wp-content\/uploads\/2012\/12\/calma-glaucoides-31.jpg?w=287&#038;h=422&#038;ssl=1\" width=\"287\" height=\"422\" loading=\"lazy\" data-original-width=\"287\" data-original-height=\"422\" itemprop=\"http:\/\/schema.org\/image\" title=\"Calma glaucoides by Enric Madrenas\" alt=\"Calma glaucoides by Enric Madrenas\" style=\"width: 287px; height: 422px;\" \/> <\/a> <div class=\"tiled-gallery-caption\" itemprop=\"caption description\"> Calma glaucoides by Enric Madrenas <\/div> <\/div> <\/div> <!-- close group --> <div class=\"gallery-group images-2\" style=\"width: 297px; height: 426px;\" data-original-width=\"297\" data-original-height=\"426\" > <div class=\"tiled-gallery-item tiled-gallery-item-large\" itemprop=\"associatedMedia\" itemscope itemtype=\"http:\/\/schema.org\/ImageObject\"> <a href=\"https:\/\/opistobranquis.info\/ca\/guia\/nudibranchia\/cladobranchia\/fionoidea\/calma-glaucoides\/calma-glaucoides-34\/\" border=\"0\" itemprop=\"url\"> <meta itemprop=\"width\" content=\"293\"> <meta itemprop=\"height\" content=\"222\"> <img decoding=\"async\" class=\"\" data-attachment-id=\"4193\" data-orig-file=\"https:\/\/opistobranquis.info\/wp-content\/uploads\/2012\/12\/calma-glaucoides-34.jpg\" data-orig-size=\"655,496\" data-comments-opened=\"\" data-image-title=\"Calma glaucoides by Enric Madrenas\" data-image-description=\"&lt;p&gt;Calma glaucoides by Enric Madrenas&lt;\/p&gt; \" data-medium-file=\"https:\/\/i0.wp.com\/opistobranquis.info\/wp-content\/uploads\/2012\/12\/calma-glaucoides-34.jpg?fit=300%2C227&#038;ssl=1\" data-large-file=\"https:\/\/i0.wp.com\/opistobranquis.info\/wp-content\/uploads\/2012\/12\/calma-glaucoides-34.jpg?fit=655%2C496&#038;ssl=1\" src=\"https:\/\/i0.wp.com\/opistobranquis.info\/wp-content\/uploads\/2012\/12\/calma-glaucoides-34.jpg?w=293&#038;h=222&#038;ssl=1\" srcset=\"https:\/\/i0.wp.com\/opistobranquis.info\/wp-content\/uploads\/2012\/12\/calma-glaucoides-34.jpg?w=655&amp;ssl=1 655w, https:\/\/i0.wp.com\/opistobranquis.info\/wp-content\/uploads\/2012\/12\/calma-glaucoides-34.jpg?resize=300%2C227&amp;ssl=1 300w\" width=\"293\" height=\"222\" loading=\"lazy\" data-original-width=\"293\" data-original-height=\"222\" itemprop=\"http:\/\/schema.org\/image\" title=\"Calma glaucoides by Enric Madrenas\" alt=\"Calma glaucoides by Enric Madrenas\" style=\"width: 293px; height: 222px;\" \/> <\/a> <div class=\"tiled-gallery-caption\" itemprop=\"caption description\"> Calma glaucoides by Enric Madrenas <\/div> <\/div> <div class=\"tiled-gallery-item tiled-gallery-item-large\" itemprop=\"associatedMedia\" itemscope itemtype=\"http:\/\/schema.org\/ImageObject\"> <a href=\"https:\/\/opistobranquis.info\/ca\/guia\/nudibranchia\/cladobranchia\/fionoidea\/calma-glaucoides\/mpg_8575-calma-glaucoides\/\" border=\"0\" itemprop=\"url\"> <meta itemprop=\"width\" content=\"293\"> <meta itemprop=\"height\" content=\"196\"> <img decoding=\"async\" class=\"\" data-attachment-id=\"24220\" data-orig-file=\"https:\/\/opistobranquis.info\/wp-content\/uploads\/2017\/12\/MPG_8575-Calma-glaucoides.jpg\" data-orig-size=\"1024,683\" data-comments-opened=\"\" data-image-title=\"Calma glaucoides @ Costa Brava (Spain) by Miquel Pontes\" data-image-description=\"&lt;p&gt;Calma glaucoides @ Costa Brava (Spain) by Miquel Pontes&lt;\/p&gt; \" data-medium-file=\"https:\/\/i0.wp.com\/opistobranquis.info\/wp-content\/uploads\/2017\/12\/MPG_8575-Calma-glaucoides.jpg?fit=300%2C200&#038;ssl=1\" data-large-file=\"https:\/\/i0.wp.com\/opistobranquis.info\/wp-content\/uploads\/2017\/12\/MPG_8575-Calma-glaucoides.jpg?fit=900%2C600&#038;ssl=1\" src=\"https:\/\/i0.wp.com\/opistobranquis.info\/wp-content\/uploads\/2017\/12\/MPG_8575-Calma-glaucoides.jpg?w=293&#038;h=196&#038;ssl=1\" srcset=\"https:\/\/i0.wp.com\/opistobranquis.info\/wp-content\/uploads\/2017\/12\/MPG_8575-Calma-glaucoides.jpg?w=1024&amp;ssl=1 1024w, https:\/\/i0.wp.com\/opistobranquis.info\/wp-content\/uploads\/2017\/12\/MPG_8575-Calma-glaucoides.jpg?resize=150%2C100&amp;ssl=1 150w, https:\/\/i0.wp.com\/opistobranquis.info\/wp-content\/uploads\/2017\/12\/MPG_8575-Calma-glaucoides.jpg?resize=300%2C200&amp;ssl=1 300w\" width=\"293\" height=\"196\" loading=\"lazy\" data-original-width=\"293\" data-original-height=\"196\" itemprop=\"http:\/\/schema.org\/image\" title=\"Calma glaucoides @ Costa Brava (Spain) by Miquel Pontes\" alt=\"Calma glaucoides @ Costa Brava (Spain) by Miquel Pontes\" style=\"width: 293px; height: 196px;\" \/> <\/a> <div class=\"tiled-gallery-caption\" itemprop=\"caption description\"> Calma glaucoides @ Costa Brava (Spain) by Miquel Pontes <\/div> <\/div> <\/div> <!-- close group --> <\/div> <!-- close row --> <div class=\"gallery-row\" style=\"width: 900px; height: 401px;\" data-original-width=\"900\" data-original-height=\"401\" > <div class=\"gallery-group images-1\" style=\"width: 600px; height: 401px;\" data-original-width=\"600\" data-original-height=\"401\" > <div class=\"tiled-gallery-item tiled-gallery-item-large\" itemprop=\"associatedMedia\" itemscope itemtype=\"http:\/\/schema.org\/ImageObject\"> <a href=\"https:\/\/opistobranquis.info\/ca\/guia\/nudibranchia\/cladobranchia\/fionoidea\/calma-glaucoides\/mpg_8601-calma-glaucoides\/\" border=\"0\" itemprop=\"url\"> <meta itemprop=\"width\" content=\"596\"> <meta itemprop=\"height\" content=\"397\"> <img decoding=\"async\" class=\"\" data-attachment-id=\"24221\" data-orig-file=\"https:\/\/opistobranquis.info\/wp-content\/uploads\/2017\/12\/MPG_8601-Calma-glaucoides.jpg\" data-orig-size=\"1024,683\" data-comments-opened=\"\" data-image-title=\"Calma glaucoides @ Costa Brava (Spain) by Miquel Pontes\" data-image-description=\"&lt;p&gt;Calma glaucoides @ Costa Brava (Spain) by Miquel Pontes&lt;\/p&gt; \" data-medium-file=\"https:\/\/i0.wp.com\/opistobranquis.info\/wp-content\/uploads\/2017\/12\/MPG_8601-Calma-glaucoides.jpg?fit=300%2C200&#038;ssl=1\" data-large-file=\"https:\/\/i0.wp.com\/opistobranquis.info\/wp-content\/uploads\/2017\/12\/MPG_8601-Calma-glaucoides.jpg?fit=900%2C600&#038;ssl=1\" src=\"https:\/\/i0.wp.com\/opistobranquis.info\/wp-content\/uploads\/2017\/12\/MPG_8601-Calma-glaucoides.jpg?w=596&#038;h=397&#038;ssl=1\" srcset=\"https:\/\/i0.wp.com\/opistobranquis.info\/wp-content\/uploads\/2017\/12\/MPG_8601-Calma-glaucoides.jpg?w=1024&amp;ssl=1 1024w, https:\/\/i0.wp.com\/opistobranquis.info\/wp-content\/uploads\/2017\/12\/MPG_8601-Calma-glaucoides.jpg?resize=150%2C100&amp;ssl=1 150w, https:\/\/i0.wp.com\/opistobranquis.info\/wp-content\/uploads\/2017\/12\/MPG_8601-Calma-glaucoides.jpg?resize=300%2C200&amp;ssl=1 300w\" width=\"596\" height=\"397\" loading=\"lazy\" data-original-width=\"596\" data-original-height=\"397\" itemprop=\"http:\/\/schema.org\/image\" title=\"Calma glaucoides @ Costa Brava (Spain) by Miquel Pontes\" alt=\"Calma glaucoides @ Costa Brava (Spain) by Miquel Pontes\" style=\"width: 596px; height: 397px;\" \/> <\/a> <div class=\"tiled-gallery-caption\" itemprop=\"caption description\"> Calma glaucoides @ Costa Brava (Spain) by Miquel Pontes <\/div> <\/div> <\/div> <!-- close group --> <div class=\"gallery-group images-2\" style=\"width: 300px; height: 401px;\" data-original-width=\"300\" data-original-height=\"401\" > <div class=\"tiled-gallery-item tiled-gallery-item-large\" itemprop=\"associatedMedia\" itemscope itemtype=\"http:\/\/schema.org\/ImageObject\"> <a href=\"https:\/\/opistobranquis.info\/ca\/guia\/nudibranchia\/cladobranchia\/fionoidea\/calma-glaucoides\/calma-glaucoides-by-miquel-pontes-mpg_8620\/\" border=\"0\" itemprop=\"url\"> <meta itemprop=\"width\" content=\"296\"> <meta itemprop=\"height\" content=\"197\"> <img decoding=\"async\" class=\"\" data-attachment-id=\"31099\" data-orig-file=\"https:\/\/opistobranquis.info\/wp-content\/uploads\/2020\/12\/Calma-glaucoides-by-Miquel-Pontes-MPG_8620.jpg\" data-orig-size=\"1280,850\" data-comments-opened=\"\" data-image-title=\"Calma glaucoides by Miquel Pontes\" data-image-description=\"&lt;p&gt;Calma glaucoides by Miquel Pontes&lt;\/p&gt; \" data-medium-file=\"https:\/\/i0.wp.com\/opistobranquis.info\/wp-content\/uploads\/2020\/12\/Calma-glaucoides-by-Miquel-Pontes-MPG_8620.jpg?fit=300%2C199&#038;ssl=1\" data-large-file=\"https:\/\/i0.wp.com\/opistobranquis.info\/wp-content\/uploads\/2020\/12\/Calma-glaucoides-by-Miquel-Pontes-MPG_8620.jpg?fit=900%2C598&#038;ssl=1\" src=\"https:\/\/i0.wp.com\/opistobranquis.info\/wp-content\/uploads\/2020\/12\/Calma-glaucoides-by-Miquel-Pontes-MPG_8620.jpg?w=296&#038;h=197&#038;ssl=1\" srcset=\"https:\/\/i0.wp.com\/opistobranquis.info\/wp-content\/uploads\/2020\/12\/Calma-glaucoides-by-Miquel-Pontes-MPG_8620.jpg?w=1280&amp;ssl=1 1280w, https:\/\/i0.wp.com\/opistobranquis.info\/wp-content\/uploads\/2020\/12\/Calma-glaucoides-by-Miquel-Pontes-MPG_8620.jpg?resize=300%2C199&amp;ssl=1 300w, https:\/\/i0.wp.com\/opistobranquis.info\/wp-content\/uploads\/2020\/12\/Calma-glaucoides-by-Miquel-Pontes-MPG_8620.jpg?resize=1024%2C680&amp;ssl=1 1024w, https:\/\/i0.wp.com\/opistobranquis.info\/wp-content\/uploads\/2020\/12\/Calma-glaucoides-by-Miquel-Pontes-MPG_8620.jpg?resize=150%2C100&amp;ssl=1 150w\" width=\"296\" height=\"197\" loading=\"lazy\" data-original-width=\"296\" data-original-height=\"197\" itemprop=\"http:\/\/schema.org\/image\" title=\"Calma glaucoides by Miquel Pontes\" alt=\"Calma glaucoides by Miquel Pontes\" style=\"width: 296px; height: 197px;\" \/> <\/a> <div class=\"tiled-gallery-caption\" itemprop=\"caption description\"> Calma glaucoides by Miquel Pontes <\/div> <\/div> <div class=\"tiled-gallery-item tiled-gallery-item-large\" itemprop=\"associatedMedia\" itemscope itemtype=\"http:\/\/schema.org\/ImageObject\"> <a href=\"https:\/\/opistobranquis.info\/ca\/guia\/nudibranchia\/cladobranchia\/fionoidea\/calma-glaucoides\/calma-glaucoides-by-miquel-pontes-mpg_8666\/\" border=\"0\" itemprop=\"url\"> <meta itemprop=\"width\" content=\"296\"> <meta itemprop=\"height\" content=\"196\"> <img decoding=\"async\" class=\"\" data-attachment-id=\"31100\" data-orig-file=\"https:\/\/opistobranquis.info\/wp-content\/uploads\/2020\/12\/Calma-glaucoides-by-Miquel-Pontes-MPG_8666.jpg\" data-orig-size=\"1280,850\" data-comments-opened=\"\" data-image-title=\"Calma glaucoides by Miquel Pontes\" data-image-description=\"&lt;p&gt;Calma glaucoides by Miquel Pontes&lt;\/p&gt; \" data-medium-file=\"https:\/\/i0.wp.com\/opistobranquis.info\/wp-content\/uploads\/2020\/12\/Calma-glaucoides-by-Miquel-Pontes-MPG_8666.jpg?fit=300%2C199&#038;ssl=1\" data-large-file=\"https:\/\/i0.wp.com\/opistobranquis.info\/wp-content\/uploads\/2020\/12\/Calma-glaucoides-by-Miquel-Pontes-MPG_8666.jpg?fit=900%2C598&#038;ssl=1\" src=\"https:\/\/i0.wp.com\/opistobranquis.info\/wp-content\/uploads\/2020\/12\/Calma-glaucoides-by-Miquel-Pontes-MPG_8666.jpg?w=296&#038;h=196&#038;ssl=1\" srcset=\"https:\/\/i0.wp.com\/opistobranquis.info\/wp-content\/uploads\/2020\/12\/Calma-glaucoides-by-Miquel-Pontes-MPG_8666.jpg?w=1280&amp;ssl=1 1280w, https:\/\/i0.wp.com\/opistobranquis.info\/wp-content\/uploads\/2020\/12\/Calma-glaucoides-by-Miquel-Pontes-MPG_8666.jpg?resize=300%2C199&amp;ssl=1 300w, https:\/\/i0.wp.com\/opistobranquis.info\/wp-content\/uploads\/2020\/12\/Calma-glaucoides-by-Miquel-Pontes-MPG_8666.jpg?resize=1024%2C680&amp;ssl=1 1024w, https:\/\/i0.wp.com\/opistobranquis.info\/wp-content\/uploads\/2020\/12\/Calma-glaucoides-by-Miquel-Pontes-MPG_8666.jpg?resize=150%2C100&amp;ssl=1 150w\" width=\"296\" height=\"196\" loading=\"lazy\" data-original-width=\"296\" data-original-height=\"196\" itemprop=\"http:\/\/schema.org\/image\" title=\"Calma glaucoides by Miquel Pontes\" alt=\"Calma glaucoides by Miquel Pontes\" style=\"width: 296px; height: 196px;\" \/> <\/a> <div class=\"tiled-gallery-caption\" itemprop=\"caption description\"> Calma glaucoides by Miquel Pontes <\/div> <\/div> <\/div> <!-- close group --> <\/div> <!-- close row --> <div class=\"gallery-row\" style=\"width: 900px; height: 201px;\" data-original-width=\"900\" data-original-height=\"201\" > <div class=\"gallery-group images-1\" style=\"width: 300px; height: 201px;\" data-original-width=\"300\" data-original-height=\"201\" > <div class=\"tiled-gallery-item tiled-gallery-item-large\" itemprop=\"associatedMedia\" itemscope itemtype=\"http:\/\/schema.org\/ImageObject\"> <a href=\"https:\/\/opistobranquis.info\/ca\/guia\/nudibranchia\/cladobranchia\/fionoidea\/calma-glaucoides\/calma-glaucoides-by-miquel-pontes-mpg_8667\/\" border=\"0\" itemprop=\"url\"> <meta itemprop=\"width\" content=\"296\"> <meta itemprop=\"height\" content=\"197\"> <img decoding=\"async\" class=\"\" data-attachment-id=\"31101\" data-orig-file=\"https:\/\/opistobranquis.info\/wp-content\/uploads\/2020\/12\/Calma-glaucoides-by-Miquel-Pontes-MPG_8667.jpg\" data-orig-size=\"1280,850\" data-comments-opened=\"\" data-image-title=\"Calma glaucoides by Miquel Pontes\" data-image-description=\"&lt;p&gt;Calma glaucoides by Miquel Pontes&lt;\/p&gt; \" data-medium-file=\"https:\/\/i0.wp.com\/opistobranquis.info\/wp-content\/uploads\/2020\/12\/Calma-glaucoides-by-Miquel-Pontes-MPG_8667.jpg?fit=300%2C199&#038;ssl=1\" data-large-file=\"https:\/\/i0.wp.com\/opistobranquis.info\/wp-content\/uploads\/2020\/12\/Calma-glaucoides-by-Miquel-Pontes-MPG_8667.jpg?fit=900%2C598&#038;ssl=1\" src=\"https:\/\/i0.wp.com\/opistobranquis.info\/wp-content\/uploads\/2020\/12\/Calma-glaucoides-by-Miquel-Pontes-MPG_8667.jpg?w=296&#038;h=197&#038;ssl=1\" srcset=\"https:\/\/i0.wp.com\/opistobranquis.info\/wp-content\/uploads\/2020\/12\/Calma-glaucoides-by-Miquel-Pontes-MPG_8667.jpg?w=1280&amp;ssl=1 1280w, https:\/\/i0.wp.com\/opistobranquis.info\/wp-content\/uploads\/2020\/12\/Calma-glaucoides-by-Miquel-Pontes-MPG_8667.jpg?resize=300%2C199&amp;ssl=1 300w, https:\/\/i0.wp.com\/opistobranquis.info\/wp-content\/uploads\/2020\/12\/Calma-glaucoides-by-Miquel-Pontes-MPG_8667.jpg?resize=1024%2C680&amp;ssl=1 1024w, https:\/\/i0.wp.com\/opistobranquis.info\/wp-content\/uploads\/2020\/12\/Calma-glaucoides-by-Miquel-Pontes-MPG_8667.jpg?resize=150%2C100&amp;ssl=1 150w\" width=\"296\" height=\"197\" loading=\"lazy\" data-original-width=\"296\" data-original-height=\"197\" itemprop=\"http:\/\/schema.org\/image\" title=\"Calma glaucoides by Miquel Pontes\" alt=\"Calma glaucoides by Miquel Pontes\" style=\"width: 296px; height: 197px;\" \/> <\/a> <div class=\"tiled-gallery-caption\" itemprop=\"caption description\"> Calma glaucoides by Miquel Pontes <\/div> <\/div> <\/div> <!-- close group --> <div class=\"gallery-group images-1\" style=\"width: 300px; height: 201px;\" data-original-width=\"300\" data-original-height=\"201\" > <div class=\"tiled-gallery-item tiled-gallery-item-large\" itemprop=\"associatedMedia\" itemscope itemtype=\"http:\/\/schema.org\/ImageObject\"> <a href=\"https:\/\/opistobranquis.info\/ca\/guia\/nudibranchia\/cladobranchia\/fionoidea\/calma-glaucoides\/calma-glaucoides-by-miquel-pontes-mpg_8669\/\" border=\"0\" itemprop=\"url\"> <meta itemprop=\"width\" content=\"296\"> <meta itemprop=\"height\" content=\"197\"> <img decoding=\"async\" class=\"\" data-attachment-id=\"31102\" data-orig-file=\"https:\/\/opistobranquis.info\/wp-content\/uploads\/2020\/12\/Calma-glaucoides-by-Miquel-Pontes-MPG_8669.jpg\" data-orig-size=\"1280,850\" data-comments-opened=\"\" data-image-title=\"Calma glaucoides by Miquel Pontes\" data-image-description=\"&lt;p&gt;Calma glaucoides by Miquel Pontes&lt;\/p&gt; \" data-medium-file=\"https:\/\/i0.wp.com\/opistobranquis.info\/wp-content\/uploads\/2020\/12\/Calma-glaucoides-by-Miquel-Pontes-MPG_8669.jpg?fit=300%2C199&#038;ssl=1\" data-large-file=\"https:\/\/i0.wp.com\/opistobranquis.info\/wp-content\/uploads\/2020\/12\/Calma-glaucoides-by-Miquel-Pontes-MPG_8669.jpg?fit=900%2C598&#038;ssl=1\" src=\"https:\/\/i0.wp.com\/opistobranquis.info\/wp-content\/uploads\/2020\/12\/Calma-glaucoides-by-Miquel-Pontes-MPG_8669.jpg?w=296&#038;h=197&#038;ssl=1\" srcset=\"https:\/\/i0.wp.com\/opistobranquis.info\/wp-content\/uploads\/2020\/12\/Calma-glaucoides-by-Miquel-Pontes-MPG_8669.jpg?w=1280&amp;ssl=1 1280w, https:\/\/i0.wp.com\/opistobranquis.info\/wp-content\/uploads\/2020\/12\/Calma-glaucoides-by-Miquel-Pontes-MPG_8669.jpg?resize=300%2C199&amp;ssl=1 300w, https:\/\/i0.wp.com\/opistobranquis.info\/wp-content\/uploads\/2020\/12\/Calma-glaucoides-by-Miquel-Pontes-MPG_8669.jpg?resize=1024%2C680&amp;ssl=1 1024w, https:\/\/i0.wp.com\/opistobranquis.info\/wp-content\/uploads\/2020\/12\/Calma-glaucoides-by-Miquel-Pontes-MPG_8669.jpg?resize=150%2C100&amp;ssl=1 150w\" width=\"296\" height=\"197\" loading=\"lazy\" data-original-width=\"296\" data-original-height=\"197\" itemprop=\"http:\/\/schema.org\/image\" title=\"Calma glaucoides by Miquel Pontes\" alt=\"Calma glaucoides by Miquel Pontes\" style=\"width: 296px; height: 197px;\" \/> <\/a> <div class=\"tiled-gallery-caption\" itemprop=\"caption description\"> Calma glaucoides by Miquel Pontes <\/div> <\/div> <\/div> <!-- close group --> <div class=\"gallery-group images-1\" style=\"width: 300px; height: 201px;\" data-original-width=\"300\" data-original-height=\"201\" > <div class=\"tiled-gallery-item tiled-gallery-item-large\" itemprop=\"associatedMedia\" itemscope itemtype=\"http:\/\/schema.org\/ImageObject\"> <a href=\"https:\/\/opistobranquis.info\/ca\/guia\/nudibranchia\/cladobranchia\/fionoidea\/calma-glaucoides\/calma-glaucoides-by-miquel-pontes-mpg_8604\/\" border=\"0\" itemprop=\"url\"> <meta itemprop=\"width\" content=\"296\"> <meta itemprop=\"height\" content=\"197\"> <img decoding=\"async\" class=\"\" data-attachment-id=\"31103\" data-orig-file=\"https:\/\/opistobranquis.info\/wp-content\/uploads\/2020\/12\/Calma-glaucoides-by-Miquel-Pontes-MPG_8604.jpg\" data-orig-size=\"1280,850\" data-comments-opened=\"\" data-image-title=\"Calma glaucoides by Miquel Pontes\" data-image-description=\"&lt;p&gt;Calma glaucoides by Miquel Pontes&lt;\/p&gt; \" data-medium-file=\"https:\/\/i0.wp.com\/opistobranquis.info\/wp-content\/uploads\/2020\/12\/Calma-glaucoides-by-Miquel-Pontes-MPG_8604.jpg?fit=300%2C199&#038;ssl=1\" data-large-file=\"https:\/\/i0.wp.com\/opistobranquis.info\/wp-content\/uploads\/2020\/12\/Calma-glaucoides-by-Miquel-Pontes-MPG_8604.jpg?fit=900%2C598&#038;ssl=1\" src=\"https:\/\/i0.wp.com\/opistobranquis.info\/wp-content\/uploads\/2020\/12\/Calma-glaucoides-by-Miquel-Pontes-MPG_8604.jpg?w=296&#038;h=197&#038;ssl=1\" srcset=\"https:\/\/i0.wp.com\/opistobranquis.info\/wp-content\/uploads\/2020\/12\/Calma-glaucoides-by-Miquel-Pontes-MPG_8604.jpg?w=1280&amp;ssl=1 1280w, https:\/\/i0.wp.com\/opistobranquis.info\/wp-content\/uploads\/2020\/12\/Calma-glaucoides-by-Miquel-Pontes-MPG_8604.jpg?resize=300%2C199&amp;ssl=1 300w, https:\/\/i0.wp.com\/opistobranquis.info\/wp-content\/uploads\/2020\/12\/Calma-glaucoides-by-Miquel-Pontes-MPG_8604.jpg?resize=1024%2C680&amp;ssl=1 1024w, https:\/\/i0.wp.com\/opistobranquis.info\/wp-content\/uploads\/2020\/12\/Calma-glaucoides-by-Miquel-Pontes-MPG_8604.jpg?resize=150%2C100&amp;ssl=1 150w\" width=\"296\" height=\"197\" loading=\"lazy\" data-original-width=\"296\" data-original-height=\"197\" itemprop=\"http:\/\/schema.org\/image\" title=\"Calma glaucoides by Miquel Pontes\" alt=\"Calma glaucoides by Miquel Pontes\" style=\"width: 296px; height: 197px;\" \/> <\/a> <div class=\"tiled-gallery-caption\" itemprop=\"caption description\"> Calma glaucoides by Miquel Pontes <\/div> <\/div> <\/div> <!-- close group --> <\/div> <!-- close row --> <div class=\"gallery-row\" style=\"width: 900px; height: 402px;\" data-original-width=\"900\" data-original-height=\"402\" > <div class=\"gallery-group images-2\" style=\"width: 299px; height: 402px;\" data-original-width=\"299\" data-original-height=\"402\" > <div class=\"tiled-gallery-item tiled-gallery-item-large\" itemprop=\"associatedMedia\" itemscope itemtype=\"http:\/\/schema.org\/ImageObject\"> <a href=\"https:\/\/opistobranquis.info\/ca\/guia\/nudibranchia\/cladobranchia\/fionoidea\/calma-glaucoides\/calma-glaucoides-by-miquel-pontes-mpg_8605\/\" border=\"0\" itemprop=\"url\"> <meta itemprop=\"width\" content=\"295\"> <meta itemprop=\"height\" content=\"196\"> <img decoding=\"async\" class=\"\" data-attachment-id=\"31104\" data-orig-file=\"https:\/\/opistobranquis.info\/wp-content\/uploads\/2020\/12\/Calma-glaucoides-by-Miquel-Pontes-MPG_8605.jpg\" data-orig-size=\"1280,850\" data-comments-opened=\"\" data-image-title=\"Calma glaucoides by Miquel Pontes\" data-image-description=\"&lt;p&gt;Calma glaucoides by Miquel Pontes&lt;\/p&gt; \" data-medium-file=\"https:\/\/i0.wp.com\/opistobranquis.info\/wp-content\/uploads\/2020\/12\/Calma-glaucoides-by-Miquel-Pontes-MPG_8605.jpg?fit=300%2C199&#038;ssl=1\" data-large-file=\"https:\/\/i0.wp.com\/opistobranquis.info\/wp-content\/uploads\/2020\/12\/Calma-glaucoides-by-Miquel-Pontes-MPG_8605.jpg?fit=900%2C598&#038;ssl=1\" src=\"https:\/\/i0.wp.com\/opistobranquis.info\/wp-content\/uploads\/2020\/12\/Calma-glaucoides-by-Miquel-Pontes-MPG_8605.jpg?w=295&#038;h=196&#038;ssl=1\" srcset=\"https:\/\/i0.wp.com\/opistobranquis.info\/wp-content\/uploads\/2020\/12\/Calma-glaucoides-by-Miquel-Pontes-MPG_8605.jpg?w=1280&amp;ssl=1 1280w, https:\/\/i0.wp.com\/opistobranquis.info\/wp-content\/uploads\/2020\/12\/Calma-glaucoides-by-Miquel-Pontes-MPG_8605.jpg?resize=300%2C199&amp;ssl=1 300w, https:\/\/i0.wp.com\/opistobranquis.info\/wp-content\/uploads\/2020\/12\/Calma-glaucoides-by-Miquel-Pontes-MPG_8605.jpg?resize=1024%2C680&amp;ssl=1 1024w, https:\/\/i0.wp.com\/opistobranquis.info\/wp-content\/uploads\/2020\/12\/Calma-glaucoides-by-Miquel-Pontes-MPG_8605.jpg?resize=150%2C100&amp;ssl=1 150w\" width=\"295\" height=\"196\" loading=\"lazy\" data-original-width=\"295\" data-original-height=\"196\" itemprop=\"http:\/\/schema.org\/image\" title=\"Calma glaucoides by Miquel Pontes\" alt=\"Calma glaucoides by Miquel Pontes\" style=\"width: 295px; height: 196px;\" \/> <\/a> <div class=\"tiled-gallery-caption\" itemprop=\"caption description\"> Calma glaucoides by Miquel Pontes <\/div> <\/div> <div class=\"tiled-gallery-item tiled-gallery-item-large\" itemprop=\"associatedMedia\" itemscope itemtype=\"http:\/\/schema.org\/ImageObject\"> <a href=\"https:\/\/opistobranquis.info\/ca\/guia\/nudibranchia\/cladobranchia\/fionoidea\/calma-glaucoides\/calma-glaucoides-99\/\" border=\"0\" itemprop=\"url\"> <meta itemprop=\"width\" content=\"295\"> <meta itemprop=\"height\" content=\"198\"> <img decoding=\"async\" class=\"\" data-attachment-id=\"33882\" data-orig-file=\"https:\/\/opistobranquis.info\/wp-content\/uploads\/2022\/02\/Calma-glaucoides-99.jpg\" data-orig-size=\"1034,693\" data-comments-opened=\"\" data-image-title=\"Calma glaucoides @ Aiguafreda by Enric Madrenas\" data-image-description=\"&lt;p&gt;Calma glaucoides @ Aiguafreda by Enric Madrenas&lt;\/p&gt; \" data-medium-file=\"https:\/\/i0.wp.com\/opistobranquis.info\/wp-content\/uploads\/2022\/02\/Calma-glaucoides-99.jpg?fit=300%2C201&#038;ssl=1\" data-large-file=\"https:\/\/i0.wp.com\/opistobranquis.info\/wp-content\/uploads\/2022\/02\/Calma-glaucoides-99.jpg?fit=900%2C603&#038;ssl=1\" src=\"https:\/\/i0.wp.com\/opistobranquis.info\/wp-content\/uploads\/2022\/02\/Calma-glaucoides-99.jpg?w=295&#038;h=198&#038;ssl=1\" srcset=\"https:\/\/i0.wp.com\/opistobranquis.info\/wp-content\/uploads\/2022\/02\/Calma-glaucoides-99.jpg?w=1034&amp;ssl=1 1034w, https:\/\/i0.wp.com\/opistobranquis.info\/wp-content\/uploads\/2022\/02\/Calma-glaucoides-99.jpg?resize=300%2C201&amp;ssl=1 300w, https:\/\/i0.wp.com\/opistobranquis.info\/wp-content\/uploads\/2022\/02\/Calma-glaucoides-99.jpg?resize=1024%2C686&amp;ssl=1 1024w, https:\/\/i0.wp.com\/opistobranquis.info\/wp-content\/uploads\/2022\/02\/Calma-glaucoides-99.jpg?resize=150%2C101&amp;ssl=1 150w\" width=\"295\" height=\"198\" loading=\"lazy\" data-original-width=\"295\" data-original-height=\"198\" itemprop=\"http:\/\/schema.org\/image\" title=\"Calma glaucoides @ Aiguafreda by Enric Madrenas\" alt=\"Calma glaucoides @ Aiguafreda by Enric Madrenas\" style=\"width: 295px; height: 198px;\" \/> <\/a> <div class=\"tiled-gallery-caption\" itemprop=\"caption description\"> Calma glaucoides @ Aiguafreda by Enric Madrenas <\/div> <\/div> <\/div> <!-- close group --> <div class=\"gallery-group images-1\" style=\"width: 601px; height: 402px;\" data-original-width=\"601\" data-original-height=\"402\" > <div class=\"tiled-gallery-item tiled-gallery-item-large\" itemprop=\"associatedMedia\" itemscope itemtype=\"http:\/\/schema.org\/ImageObject\"> <a href=\"https:\/\/opistobranquis.info\/ca\/guia\/nudibranchia\/cladobranchia\/fionoidea\/calma-glaucoides\/konica-minolta-digital-camera-15\/\" border=\"0\" itemprop=\"url\"> <meta itemprop=\"width\" content=\"597\"> <meta itemprop=\"height\" content=\"398\"> <img decoding=\"async\" class=\"\" data-attachment-id=\"36437\" data-orig-file=\"https:\/\/opistobranquis.info\/wp-content\/uploads\/2023\/01\/Calma-glaucoides-by-Manuel-Ballesteros-PICT4717-bis.jpg\" data-orig-size=\"1200,801\" data-comments-opened=\"\" data-image-title=\"Calma glaucoides @ Costa Brava (Spain) by Manuel Ballesteros\" data-image-description=\"&lt;p&gt;Calma glaucoides @ Costa Brava (Spain) by Manuel Ballesteros&lt;\/p&gt; \" data-medium-file=\"https:\/\/i0.wp.com\/opistobranquis.info\/wp-content\/uploads\/2023\/01\/Calma-glaucoides-by-Manuel-Ballesteros-PICT4717-bis.jpg?fit=300%2C200&#038;ssl=1\" data-large-file=\"https:\/\/i0.wp.com\/opistobranquis.info\/wp-content\/uploads\/2023\/01\/Calma-glaucoides-by-Manuel-Ballesteros-PICT4717-bis.jpg?fit=900%2C601&#038;ssl=1\" src=\"https:\/\/i0.wp.com\/opistobranquis.info\/wp-content\/uploads\/2023\/01\/Calma-glaucoides-by-Manuel-Ballesteros-PICT4717-bis.jpg?w=597&#038;h=398&#038;ssl=1\" srcset=\"https:\/\/i0.wp.com\/opistobranquis.info\/wp-content\/uploads\/2023\/01\/Calma-glaucoides-by-Manuel-Ballesteros-PICT4717-bis.jpg?w=1200&amp;ssl=1 1200w, https:\/\/i0.wp.com\/opistobranquis.info\/wp-content\/uploads\/2023\/01\/Calma-glaucoides-by-Manuel-Ballesteros-PICT4717-bis.jpg?resize=300%2C200&amp;ssl=1 300w, https:\/\/i0.wp.com\/opistobranquis.info\/wp-content\/uploads\/2023\/01\/Calma-glaucoides-by-Manuel-Ballesteros-PICT4717-bis.jpg?resize=1024%2C684&amp;ssl=1 1024w, https:\/\/i0.wp.com\/opistobranquis.info\/wp-content\/uploads\/2023\/01\/Calma-glaucoides-by-Manuel-Ballesteros-PICT4717-bis.jpg?resize=150%2C100&amp;ssl=1 150w\" width=\"597\" height=\"398\" loading=\"lazy\" data-original-width=\"597\" data-original-height=\"398\" itemprop=\"http:\/\/schema.org\/image\" title=\"Calma glaucoides @ Costa Brava (Spain) by Manuel Ballesteros\" alt=\"Calma glaucoides @ Costa Brava (Spain) by Manuel Ballesteros\" style=\"width: 597px; height: 398px;\" \/> <\/a> <div class=\"tiled-gallery-caption\" itemprop=\"caption description\"> Calma glaucoides @ Costa Brava (Spain) by Manuel Ballesteros <\/div> <\/div> <\/div> <!-- close group --> <\/div> <!-- close row --> <div class=\"gallery-row\" style=\"width: 900px; height: 303px;\" data-original-width=\"900\" data-original-height=\"303\" > <div class=\"gallery-group images-1\" style=\"width: 450px; height: 303px;\" data-original-width=\"450\" data-original-height=\"303\" > <div class=\"tiled-gallery-item tiled-gallery-item-large\" itemprop=\"associatedMedia\" itemscope itemtype=\"http:\/\/schema.org\/ImageObject\"> <a href=\"https:\/\/opistobranquis.info\/ca\/guia\/nudibranchia\/cladobranchia\/fionoidea\/calma-glaucoides\/calma-glaucoides-106\/\" border=\"0\" itemprop=\"url\"> <meta itemprop=\"width\" content=\"446\"> <meta itemprop=\"height\" content=\"299\"> <img decoding=\"async\" class=\"\" data-attachment-id=\"43138\" data-orig-file=\"https:\/\/opistobranquis.info\/wp-content\/uploads\/2024\/02\/Calma-glaucoides-106.jpg\" data-orig-size=\"810,543\" data-comments-opened=\"\" data-image-title=\"Calma glaucoides by Enric Madrenas\" data-image-description=\"&lt;p&gt;Calma glaucoides by Enric Madrenas&lt;\/p&gt; \" data-medium-file=\"https:\/\/i0.wp.com\/opistobranquis.info\/wp-content\/uploads\/2024\/02\/Calma-glaucoides-106.jpg?fit=300%2C201&#038;ssl=1\" data-large-file=\"https:\/\/i0.wp.com\/opistobranquis.info\/wp-content\/uploads\/2024\/02\/Calma-glaucoides-106.jpg?fit=810%2C543&#038;ssl=1\" src=\"https:\/\/i0.wp.com\/opistobranquis.info\/wp-content\/uploads\/2024\/02\/Calma-glaucoides-106.jpg?w=446&#038;h=299&#038;ssl=1\" srcset=\"https:\/\/i0.wp.com\/opistobranquis.info\/wp-content\/uploads\/2024\/02\/Calma-glaucoides-106.jpg?w=810&amp;ssl=1 810w, https:\/\/i0.wp.com\/opistobranquis.info\/wp-content\/uploads\/2024\/02\/Calma-glaucoides-106.jpg?resize=300%2C201&amp;ssl=1 300w, https:\/\/i0.wp.com\/opistobranquis.info\/wp-content\/uploads\/2024\/02\/Calma-glaucoides-106.jpg?resize=150%2C101&amp;ssl=1 150w\" width=\"446\" height=\"299\" loading=\"lazy\" data-original-width=\"446\" data-original-height=\"299\" itemprop=\"http:\/\/schema.org\/image\" title=\"Calma glaucoides by Enric Madrenas\" alt=\"Calma glaucoides by Enric Madrenas\" style=\"width: 446px; height: 299px;\" \/> <\/a> <div class=\"tiled-gallery-caption\" itemprop=\"caption description\"> Calma glaucoides by Enric Madrenas <\/div> <\/div> <\/div> <!-- close group --> <div class=\"gallery-group images-1\" style=\"width: 450px; height: 303px;\" data-original-width=\"450\" data-original-height=\"303\" > <div class=\"tiled-gallery-item tiled-gallery-item-large\" itemprop=\"associatedMedia\" itemscope itemtype=\"http:\/\/schema.org\/ImageObject\"> <a href=\"https:\/\/opistobranquis.info\/ca\/guia\/nudibranchia\/cladobranchia\/fionoidea\/calma-glaucoides\/calma-glaucoides-108\/\" border=\"0\" itemprop=\"url\"> <meta itemprop=\"width\" content=\"446\"> <meta itemprop=\"height\" content=\"299\"> <img decoding=\"async\" class=\"\" data-attachment-id=\"43139\" data-orig-file=\"https:\/\/opistobranquis.info\/wp-content\/uploads\/2024\/02\/Calma-glaucoides-108.jpg\" data-orig-size=\"810,543\" data-comments-opened=\"\" data-image-title=\"Calma glaucoides by Enric Madrenas\" data-image-description=\"&lt;p&gt;Calma glaucoides by Enric Madrenas&lt;\/p&gt; \" data-medium-file=\"https:\/\/i0.wp.com\/opistobranquis.info\/wp-content\/uploads\/2024\/02\/Calma-glaucoides-108.jpg?fit=300%2C201&#038;ssl=1\" data-large-file=\"https:\/\/i0.wp.com\/opistobranquis.info\/wp-content\/uploads\/2024\/02\/Calma-glaucoides-108.jpg?fit=810%2C543&#038;ssl=1\" src=\"https:\/\/i0.wp.com\/opistobranquis.info\/wp-content\/uploads\/2024\/02\/Calma-glaucoides-108.jpg?w=446&#038;h=299&#038;ssl=1\" srcset=\"https:\/\/i0.wp.com\/opistobranquis.info\/wp-content\/uploads\/2024\/02\/Calma-glaucoides-108.jpg?w=810&amp;ssl=1 810w, https:\/\/i0.wp.com\/opistobranquis.info\/wp-content\/uploads\/2024\/02\/Calma-glaucoides-108.jpg?resize=300%2C201&amp;ssl=1 300w, https:\/\/i0.wp.com\/opistobranquis.info\/wp-content\/uploads\/2024\/02\/Calma-glaucoides-108.jpg?resize=150%2C101&amp;ssl=1 150w\" width=\"446\" height=\"299\" loading=\"lazy\" data-original-width=\"446\" data-original-height=\"299\" itemprop=\"http:\/\/schema.org\/image\" title=\"Calma glaucoides by Enric Madrenas\" alt=\"Calma glaucoides by Enric Madrenas\" style=\"width: 446px; height: 299px;\" \/> <\/a> <div class=\"tiled-gallery-caption\" itemprop=\"caption description\"> Calma glaucoides by Enric Madrenas <\/div> <\/div> <\/div> <!-- close group --> <\/div> <!-- close row --> <\/div><\/p>\n<p><p><strong>Bibliografia<\/strong><\/p><ul><div id=\"zotpress-9915c18d9dfc6b01d9a49a4342ece08b\" class=\"zp-Zotpress zp-Zotpress-Bib wp-block-group\">\n\n\t\t<span class=\"ZP_API_USER_ID ZP_ATTR\">1246567<\/span>\n\t\t<span class=\"ZP_ITEM_KEY ZP_ATTR\"><\/span>\n\t\t<span class=\"ZP_COLLECTION_ID ZP_ATTR\"><\/span>\n\t\t<span class=\"ZP_TAG_ID ZP_ATTR\">Calma glaucoides<\/span>\n\t\t<span class=\"ZP_AUTHOR ZP_ATTR\"><\/span>\n\t\t<span class=\"ZP_YEAR ZP_ATTR\"><\/span>\n        <span class=\"ZP_ITEMTYPE ZP_ATTR\"><\/span>\n\t\t<span class=\"ZP_INCLUSIVE ZP_ATTR\">1<\/span>\n\t\t<span class=\"ZP_STYLE ZP_ATTR\">eunomia-revista-en-cultura-de-la-legalidad<\/span>\n\t\t<span class=\"ZP_LIMIT ZP_ATTR\">50<\/span>\n\t\t<span class=\"ZP_SORTBY ZP_ATTR\">creator<\/span>\n\t\t<span class=\"ZP_ORDER ZP_ATTR\">asc<\/span>\n\t\t<span class=\"ZP_TITLE ZP_ATTR\"><\/span>\n\t\t<span class=\"ZP_SHOWIMAGE ZP_ATTR\"><\/span>\n\t\t<span class=\"ZP_SHOWTAGS ZP_ATTR\"><\/span>\n\t\t<span class=\"ZP_DOWNLOADABLE ZP_ATTR\"><\/span>\n\t\t<span class=\"ZP_NOTES ZP_ATTR\"><\/span>\n\t\t<span class=\"ZP_ABSTRACT ZP_ATTR\"><\/span>\n\t\t<span class=\"ZP_CITEABLE ZP_ATTR\"><\/span>\n\t\t<span class=\"ZP_TARGET ZP_ATTR\">1<\/span>\n\t\t<span class=\"ZP_URLWRAP ZP_ATTR\"><\/span>\n\t\t<span class=\"ZP_FORCENUM ZP_ATTR\"><\/span>\n        <span class=\"ZP_HIGHLIGHT ZP_ATTR\"><\/span>\n        <span class=\"ZP_POSTID ZP_ATTR\">577<\/span>\n\t\t<span class=\"ZOTPRESS_PLUGIN_URL ZP_ATTR\">https:\/\/opistobranquis.info\/wp-content\/plugins\/zotpress\/<\/span>\n\n\t\t<div class=\"zp-List loading\">\n\t\t\t<div class=\"zp-SEO-Content\">\n\n\t\t\t<\/div><!-- .zp-zp-SEO-Content -->\n\t\t<\/div><!-- .zp-List -->\n\t<\/div><!--.zp-Zotpress-->\n\n<p><\/p>Bibliografia basada en els treballs de <b>Steve Long, 2006<\/b>. <a target=_blank href=https:\/\/opistobranquis.info\/wp-content\/uploads\/2016\/06\/Long-S.-2006-Bibliography-of-Opisthobranchia-1554-2000.pdf>Bibliography of Opisthobranchia 1554-2000<\/a> i <b>Gary McDonald, 2009<\/b>. <a href=http:\/\/escholarship.org\/uc\/item\/8115h0wz>Bibliographia Nudibranchia<\/a>, amb actualitzacions posteriors procedents d\u00b4altres fonts.<p><\/p><\/ul><p><\/p><p><strong>M\u00e9s informaci\u00f3<\/strong><\/p><span style=\"font-size:10pt\"><ul><ul class=\"blogroll-links\"><li><a href=\"http:\/\/www.asturnatura.com\/especie\/calma-glaucoides.html\">AsturNatura<\/a><\/li><li><a href=\"http:\/\/www.biodiversitylibrary.org\/name\/Calma%20glaucoides\">Biodiversity Heritage Library<\/a><\/li><li><a href=\"http:\/\/www.biologiamarina.org\/calma\/\">BiologiaMarina.org<\/a><\/li><li><a href=\"http:\/\/www.cibsub.com\/bioespecie_es-calma_glaucoides-28146\">CIB - Club Immersio Biologia<\/a><\/li><li><a href=\"https:\/\/litoraldegranada.ugr.es\/el-litoral\/el-litoral-sumergido\/fauna\/moluscos\/gasteropodos\/opistobranquios\/orden-nudibranchia\/fionoidea\/calma-glaucoides\/\">El Litoral de Granada<\/a><\/li><li><a href=\"http:\/\/www.habitas.org.uk\/marinelife\/species.asp?item=W14910#\">Encyclopedia of Marine Life of Britain and Ireland<\/a><\/li><li><a href=\"https:\/\/www.flickr.com\/search\/?text=Calma%20glaucoides\">Flickr pictures<\/a><\/li><li><a href=\"http:\/\/www.opistobranquis.org\/ca\/guia\/27\">GROC<\/a><\/li><li><a href=\"http:\/\/www.irmng.org\/aphia.php?p=taxlist&#038;tName=Calma%20glaucoides\">Interim Register of Marine and Nonmarine Genera<\/a><\/li><li><a href=\"http:\/\/www.ncbi.nlm.nih.gov\/Taxonomy\/Browser\/wwwtax.cgi?mode=Undef&#038;name=Calma%20glaucoides&#038;lvl=0&#038;srchmode=1\">NCBI GenBank<\/a><\/li><li><a href=\"http:\/\/iobis.org\/mapper\/?taxon=Calma%20glaucoides\">OBIS - Search by Taxon<\/a><\/li><li><a href=\"http:\/\/www.seaslugforum.net\/showall\/calmglau\">Sea Slug Forum<\/a><\/li><li><a href=\"http:\/\/www.marinespecies.org\/aphia.php?p=taxdetails&#038;id=138960\">World Register of Marine Species<\/a><\/li><\/ul><\/ul><\/span><p><strong>Citeu aquest article com: <\/strong><\/p><div style=\"display: block; background: #444444; padding: 10px 30px 10px 10px; border-radius: 5px; line-height: 18px;\"><p class=\"citacio\"><b>Ballesteros, M., Madrenas, E. &#38; Pontes, M.<\/b> (2025) <em>\"Calma glaucoides\"<\/em> a <em>OPK-Opistobranquis<\/em>. Publicat: 16\/05\/2012. Accedit: 04\/09\/2026. Disponible a (<a href=https:\/\/opistobranquis.info\/ca\/?p=577>https:\/\/opistobranquis.info\/ca\/?p=577<\/a>)<\/p><p><\/p><\/div><p><\/p><\/p>","protected":false},"excerpt":{"rendered":"<p>Calma glaucoides (Alder &amp; Hancock, 1854 ) Fins fa molt pocs anys l&#8217;\u00fanica esp\u00e8cie coneguda del g\u00e8nere Calma a nivell mundial era C. glaucoides, descrita com Eolis glaucoides per Alder &amp; Hancock el 1854. Una altra esp\u00e8cie del mateix g\u00e8nere, C. gobioophaga, va ser descrita recentment gr\u00e0cies a exemplars capturats a les costes de Portugal (Calado &amp; Urgorri, 2002). L&#8217;estudi dels exemplars de les costes portugueses ha perm\u00e8s diferenciar en\u2026<\/p>\n<p class=\"continue-reading-button\"> <a class=\"continue-reading-link\" href=\"https:\/\/opistobranquis.info\/ca\/guia\/nudibranchia\/cladobranchia\/fionoidea\/calma-glaucoides\/\">Continua llegint<i class=\"crycon-right-dir\"><\/i><\/a><\/p>\n","protected":false},"author":291,"featured_media":4185,"parent":25630,"menu_order":8201,"comment_status":"closed","ping_status":"closed","template":"","meta":{"footnotes":""},"class_list":["post-577","page","type-page","status-publish","has-post-thumbnail","hentry"],"jetpack_sharing_enabled":true,"_links":{"self":[{"href":"https:\/\/opistobranquis.info\/ca\/wp-json\/wp\/v2\/pages\/577","targetHints":{"allow":["GET"]}}],"collection":[{"href":"https:\/\/opistobranquis.info\/ca\/wp-json\/wp\/v2\/pages"}],"about":[{"href":"https:\/\/opistobranquis.info\/ca\/wp-json\/wp\/v2\/types\/page"}],"author":[{"embeddable":true,"href":"https:\/\/opistobranquis.info\/ca\/wp-json\/wp\/v2\/users\/291"}],"replies":[{"embeddable":true,"href":"https:\/\/opistobranquis.info\/ca\/wp-json\/wp\/v2\/comments?post=577"}],"version-history":[{"count":13,"href":"https:\/\/opistobranquis.info\/ca\/wp-json\/wp\/v2\/pages\/577\/revisions"}],"predecessor-version":[{"id":43140,"href":"https:\/\/opistobranquis.info\/ca\/wp-json\/wp\/v2\/pages\/577\/revisions\/43140"}],"up":[{"embeddable":true,"href":"https:\/\/opistobranquis.info\/ca\/wp-json\/wp\/v2\/pages\/25630"}],"wp:featuredmedia":[{"embeddable":true,"href":"https:\/\/opistobranquis.info\/ca\/wp-json\/wp\/v2\/media\/4185"}],"wp:attachment":[{"href":"https:\/\/opistobranquis.info\/ca\/wp-json\/wp\/v2\/media?parent=577"}],"curies":[{"name":"wp","href":"https:\/\/api.w.org\/{rel}","templated":true}]}}