{"id":579,"date":"2012-05-16T20:19:10","date_gmt":"2012-05-16T18:19:10","guid":{"rendered":"https:\/\/opistobranquis.info\/eubranchus-exiguuseubranchus-exiguuseubranchus-exiguus"},"modified":"2021-01-16T10:32:27","modified_gmt":"2021-01-16T09:32:27","slug":"eubranchus-exiguus","status":"publish","type":"page","link":"https:\/\/opistobranquis.info\/ca\/guia\/nudibranchia\/cladobranchia\/fionoidea\/eubranchus-exiguus\/","title":{"rendered":"Eubranchus exiguus"},"content":{"rendered":"<p><\/p>\n<h3><em>Eubranchus exiguus<\/em> (Alder &amp; Hancock, 1849)<\/h3>\n<p><span style=\"font-size:10pt;\" class=\"aligncenter\"><div id=\"featured-img-id\"><img data-recalc-dims=\"1\" decoding=\"async\" src=\"https:\/\/i0.wp.com\/opistobranquis.info\/wp-content\/uploads\/2012\/05\/Eubranchus-exiguus-Photograph-%C2%A9Bernard-Picton.jpg?w=900&#038;ssl=1\" alt=\"Eubranchus exiguus\" \/><\/div><center><em>Eubranchus exiguus<\/em> per Bernard Picton<\/center><\/span><p><\/p><div class=\"opk-worms\"><h3>Informaci\u00f3 taxon\u00f2mica WoRMS<\/h3><div class=\"opk-alert\">El nom consultat Eubranchus exiguus no est\u00e0 actualment acceptat (superseded combination).<br>Nom acceptat actual: <strong><em>Nudibranchus exiguus<\/em> (Alder &amp; Hancock, 1848)<\/strong><\/div><h4>Classificaci\u00f3 actual<\/h4><table class=\"widefat striped\"><tr><th>Superdomain<\/th><td><a target=\"_blank\" href=\"https:\/\/www.marinespecies.org\/aphia.php?p=taxdetails&id=1\">Biota<\/a><\/td><\/tr><tr><th>Kingdom<\/th><td><a target=\"_blank\" href=\"https:\/\/www.marinespecies.org\/aphia.php?p=taxdetails&id=2\">Animalia<\/a><\/td><\/tr><tr><th>Phylum<\/th><td><a target=\"_blank\" href=\"https:\/\/www.marinespecies.org\/aphia.php?p=taxdetails&id=51\">Mollusca<\/a><\/td><\/tr><tr><th>Class<\/th><td><a target=\"_blank\" href=\"https:\/\/www.marinespecies.org\/aphia.php?p=taxdetails&id=101\">Gastropoda<\/a><\/td><\/tr><tr><th>Subclass<\/th><td><a target=\"_blank\" href=\"https:\/\/www.marinespecies.org\/aphia.php?p=taxdetails&id=14712\">Heterobranchia<\/a><\/td><\/tr><tr><th>Infraclass<\/th><td><a target=\"_blank\" href=\"https:\/\/www.marinespecies.org\/aphia.php?p=taxdetails&id=1057247\">Euthyneura<\/a><\/td><\/tr><tr><th>Subterclass<\/th><td><a target=\"_blank\" href=\"https:\/\/www.marinespecies.org\/aphia.php?p=taxdetails&id=1057249\">Ringipleura<\/a><\/td><\/tr><tr><th>Superorder<\/th><td><a target=\"_blank\" href=\"https:\/\/www.marinespecies.org\/aphia.php?p=taxdetails&id=411966\">Nudipleura<\/a><\/td><\/tr><tr><th>Order<\/th><td><a target=\"_blank\" href=\"https:\/\/www.marinespecies.org\/aphia.php?p=taxdetails&id=1762\">Nudibranchia<\/a><\/td><\/tr><tr><th>Suborder<\/th><td><a target=\"_blank\" href=\"https:\/\/www.marinespecies.org\/aphia.php?p=taxdetails&id=827889\">Cladobranchia<\/a><\/td><\/tr><tr><th>Superfamily<\/th><td><a target=\"_blank\" href=\"https:\/\/www.marinespecies.org\/aphia.php?p=taxdetails&id=412646\">Fionoidea<\/a><\/td><\/tr><tr><th>Family<\/th><td><a target=\"_blank\" href=\"https:\/\/www.marinespecies.org\/aphia.php?p=taxdetails&id=193\">Eubranchidae<\/a><\/td><\/tr><tr><th>Genus<\/th><td><a target=\"_blank\" href=\"https:\/\/www.marinespecies.org\/aphia.php?p=taxdetails&id=575810\"><em>Nudibranchus<\/em><\/a><\/td><\/tr><tr><th>Species<\/th><td><a target=\"_blank\" href=\"https:\/\/www.marinespecies.org\/aphia.php?p=taxdetails&id=827532\"><em>Nudibranchus exiguus<\/em> (Alder &amp; Hancock, 1848)<\/a><\/td><\/tr><\/table><p class=\"footer\">Classificaci\u00f3 proporcionada pel World Register of Marine Species (WoRMS). [<a target=\"_blank\" href=\"https:\/\/www.marinespecies.org\/aphia.php?p=taxdetails&id=827532\">827532<\/a>]<\/p><\/div><p><strong>Nota taxon\u00f2mica<\/strong>: Les an\u00e0lisis filogen\u00e8tiques realitzades per Cella et al. (2016) van revelar que la fam\u00edlia Tergipedidae tradicional \u00e9s polifil\u00e9tica i pertany a un clade monofil\u00e8tic m\u00e9s gran que inclou membres de les fam\u00edlies tradicionals Eubranchidae, Fionidae i Calmidae; aquest va ser un resultat inesperat, ja que la validesa d\u00b4aquests taxons i la seva distinci\u00f3 dels Tergipedidae mai havia estat q\u00fcestionada abans. Es proposa unir les fam\u00edlies Tergipedidae, Eubranchidae, Calmidae i Fionidae sota el nom de Fionidae. Aquesta decisi\u00f3 ha estat reinterpretada i completada en el treball de Korshunova et al. (2017) perqu\u00e8 obviava aspectes morfol\u00f2gics i moleculars evidents.<\/p><strong>Sin\u00f2nims<\/strong><\/p>\n<ul>\n<li><span id=\"aphia_ct_tu_730397\"><i>Aeolis exigua<\/i> (Alder &amp; Hancock, 1848)<\/span><\/li>\n<li><span id=\"aphia_ct_tu_153482\"><strong><i>Eolis exigua<\/i> Alder &amp; Hancock, 1848 (original)<\/strong><\/span><\/li>\n<li><span id=\"aphia_ct_tu_730396\"><i>Galvina exigua<\/i> (Alder &amp; Hancock, 1848)<\/span><\/li>\n<li><span id=\"aphia_ct_tu_153377\"><i>Tergipes fustifer<\/i> Lov\u00e9n, 1846<\/span><\/li>\n<\/ul>\n<p><strong>Descripci\u00f3<\/strong><br \/>\nEl nom espec\u00edfic d&#8217;aquesta esp\u00e8cie fa refer\u00e8ncia a la seva mida petita, que no sol sobrepassar els 6 mm de longitud. El cos t\u00e9 una coloraci\u00f3 blanquinosa, una mica groguenca, que est\u00e0 emmascarada per les nombroses taques verdoses de mida variada que hi ha al dors i als costats del cos, entre les bases dels cerates, on s\u00f3n una mica m\u00e9s fosques. Aquestes taques tamb\u00e9 poden estar situades al dors del cap en els exemplars m\u00e9s grans. La zona card\u00edaca est\u00e0 situada al dors entre el segon o tercer grup de cerates, segons la mida de l&#8217;animal, i immediatament just darrere i una mica a la dreta es troba l&#8217;orifici anal. Els palps orals s\u00f3n curts i del mateix color que el cos, podent tenir tamb\u00e9 algunes taques verdoses. Els rin\u00f2fors s\u00f3n llisos i semitransparents i tenen algunes taques blanquinoses, que tamb\u00e9 solen presentar-se entre les bases d&#8217;aquests ap\u00e8ndixs. L&#8217;extrem dels rin\u00f2fors pot tenir un anell subapical de to marr\u00f3-verd\u00f3s. Sol haver de 6 a 7 grups de cerates a ambd\u00f3s costats del dors, encara que generalment nom\u00e9s els dos primers grups tenen m\u00e9s d&#8217;un cerata cadascun, els altres nom\u00e9s tenen un cerata. Els cerates tenen capacitat per a contreure&#8217;s, adquirint una forma m\u00e9s o menys globosa, i per estirar-se, podent-se observar llavors que presenten dues dilatacions, una al centre del cerata de major volum i una altra subapical, m\u00e9s petita. Els cerata s\u00f3n semitransparents i tenen taques verdoses, de vegades alineades conc\u00e8ntricament, s&#8217;observa tamb\u00e9 un anell subapical de color marr\u00f3 clar. La gl\u00e0ndula digestiva dins dels cerata \u00e9s de color marr\u00f3 clar i sol estar eixamplada a l&#8217;altura de la dilataci\u00f3 major del cera. El peu est\u00e0 una mica eixamplat a la seva zona anterior, formant un parell de curts i arrodonits palps propodiales.<\/p>\n<p><strong>Biologia<\/strong><br \/>\n<i>E. exiguus<\/i> \u00e9s un eolidaci que sol viure sobre diferents esp\u00e8cies d&#8217;algues (<i>Codium spp<\/i>) que tenen col\u00f2nies d&#8217;hidrozous com a epibionts. Per la seva mida petita i el seu mimetisme, els exemplars de <i>E.exiguus<\/i> solen passar desapercebuts sobre l&#8217;alga. S&#8217;han citat com a substrat d&#8217;aquesta esp\u00e8cie nombroses esp\u00e8cies d&#8217;hidrozous com <i>Abietinaria abietina, Bougainvillia ramosa, Cordyophora lacustrus, Coryne sp., Eudendrium sp., Halecium halecinum, Hydrallmania falcata, Kirchenpaueria pinnata <\/i>, diverses esp\u00e8cies de <i>Laomedea<\/i> i de <i>Obelia, Plumularia Catharina<\/i> i <i>Tubularia indivisa<\/i>. Tamb\u00e9 s&#8217;ha observat aquesta esp\u00e8cie sobre closques de <i>Mytilus galloprovincialis<\/i> amb hidrozous epibionts del g\u00e8nere <i>Obelia<\/i> i sobre de fulles de <em>Posidonia oceanica<\/em>. Es suggereix que s&#8217;alimenta principalment de p\u00f2lips de <i>Obelia<\/i> (Schmekel&amp;Portmann, 1982). La posta d&#8217;aquest petit <i>Eubranchus<\/i> t\u00e9 aspecte reniforme i mesura 1.5 mm. Els ous s\u00f3n blancs, tenen una mida d&#8217;unes 90 micres i estan col\u00b7locats molt atape\u00efdament dins de la matriu org\u00e0nica de la posta.<\/p>\n<p><strong>Etimologia<\/strong><\/p>\n<ul>\n<li>&#8220;Eu&#8221; paraula grega que significa &#8220;bo&#8221;, per\u00f2 tamb\u00e9 &#8220;original&#8221; o &#8220;primitiu&#8221;. &#8220;Branchus&#8221; deriva de &#8220;branchos&#8221;, br\u00e0nquies o ganyes.<\/li>\n<li>&#8220;Exiguus&#8221; de la paraula llatina per &#8220;insignificant&#8221;, &#8220;insuficient&#8221;.<\/li>\n<\/ul>\n<p><strong>Distribuci\u00f3<\/strong><br \/>\nAquesta esp\u00e8cie es distribueix per totes les costes europees, des de Noruega fins al Mar Mediterrani. Hi ha cites dubtoses de l&#8217;esp\u00e8cie a Groenl\u00e0ndia i a la costa atl\u00e0ntica dels Estats Units que caldria comprovar. A la Pen\u00ednsula Ib\u00e8rica ha estat observada al Cant\u00e0bric, Gal\u00edcia, Portugal, zona de l&#8217;Estret de Gibraltar i a les costes catalanes. A Catalunya s&#8217;ha citat a Llafranc, Tossa de Mar, Blanes, Sitges i al port de Tarragona. <div id=\"flxmap-6a99a32dc799b\" class='flxmap-container' data-flxmap='flxmap_6a99a32dc799b' style=\"width:100%;height:400px;\"><\/div>\n<script data-noptimize=\"1\">\n\/* <![CDATA[ *\/\n(function(w, fn) {\n if (w.addEventListener) w.addEventListener(\"DOMContentLoaded\", fn, false);\n else if (w.attachEvent) w.attachEvent(\"onload\", fn);\n})(window, function() {\n var f = new FlexibleMap();\n f.panControl = true;\n f.mapTypeId = \"satellite\";\n f.setlocale(\"ca-ES\");\n f.kmlcache = \"5 minutes\";\n f.showKML(\"flxmap-6a99a32dc799b\", \"https:\/\/opistobranquis.info\/wp-content\/uploads\/kms\/579.kmz\");\n window.flxmap_6a99a32dc799b = f;\n});\n\/* ]]> *\/\n<\/script>\n<div style=\"width:100%;text-align:center;margin:12px 0 4px 0;\">\n  <div style=\"font-size:8pt;margin-bottom:6px;\">Cites georeferenciades conegudes de l'esp\u00e8cie: <em>Eubranchus exiguus<\/em><\/div>\n  <table style=\"margin:0 auto;border-collapse:collapse;font-size:8pt;\">\n    <tr><td colspan=\"2\" style=\"text-align:left;padding-bottom:4px;\"><strong>Fonts:<\/strong><\/td><\/tr>\n    <tr>\n      <td style=\"vertical-align:top;padding-right:40px;\">\n        <table style=\"border-collapse:collapse;\">\n<tr><td style='padding:1px 6px 1px 0;vertical-align:middle'><img data-recalc-dims=\"1\" src=\"https:\/\/i0.wp.com\/opistobranquis.info\/wp-content\/uploads\/kms\/wht-circle-lv.png?w=900&#038;ssl=1\" style='display:block'><\/td><td style='padding:1px 0;vertical-align:middle;white-space:nowrap'>OBIS<\/td><\/tr><tr><td style='padding:1px 6px 1px 0;vertical-align:middle'><img data-recalc-dims=\"1\" src=\"https:\/\/i0.wp.com\/opistobranquis.info\/wp-content\/uploads\/kms\/ylw-circle-lv.png?w=900&#038;ssl=1\" style='display:block'><\/td><td style='padding:1px 0;vertical-align:middle;white-space:nowrap'>GROC 2010-2011<\/td><\/tr><tr><td style='padding:1px 6px 1px 0;vertical-align:middle'><img data-recalc-dims=\"1\" src=\"https:\/\/i0.wp.com\/opistobranquis.info\/wp-content\/uploads\/kms\/grn-circle-lv.png?w=900&#038;ssl=1\" style='display:block'><\/td><td style='padding:1px 0;vertical-align:middle;white-space:nowrap'>Enric Madrenas<\/td><\/tr><tr><td style='padding:1px 6px 1px 0;vertical-align:middle'><img data-recalc-dims=\"1\" src=\"https:\/\/i0.wp.com\/opistobranquis.info\/wp-content\/uploads\/kms\/orange-circle-lv.png?w=900&#038;ssl=1\" style='display:block'><\/td><td style='padding:1px 0;vertical-align:middle;white-space:nowrap'>Jo\u00e3o Pedro Silva<\/td><\/tr><tr><td style='padding:1px 6px 1px 0;vertical-align:middle'><img data-recalc-dims=\"1\" src=\"https:\/\/i0.wp.com\/opistobranquis.info\/wp-content\/uploads\/kms\/pink-circle-lv.png?w=900&#038;ssl=1\" style='display:block'><\/td><td style='padding:1px 0;vertical-align:middle;white-space:nowrap'>Bernard Picton<\/td><\/tr><tr><td style='padding:1px 6px 1px 0;vertical-align:middle'><img data-recalc-dims=\"1\" src=\"https:\/\/i0.wp.com\/opistobranquis.info\/wp-content\/uploads\/kms\/blk-circle-lv.png?w=900&#038;ssl=1\" style='display:block'><\/td><td style='padding:1px 0;vertical-align:middle;white-space:nowrap'>GBIF<\/td><\/tr>        <\/table>\n      <\/td>\n      <td style=\"vertical-align:top;\">\n        <table style=\"border-collapse:collapse;\">\n<tr><td style='padding:1px 6px 1px 0;vertical-align:middle'><img data-recalc-dims=\"1\" src=\"https:\/\/i0.wp.com\/opistobranquis.info\/wp-content\/uploads\/kms\/purple-circle-lv.png?w=900&#038;ssl=1\" style='display:block'><\/td><td style='padding:1px 0;vertical-align:middle;white-space:nowrap'>OPK<\/td><\/tr><tr><td style='padding:1px 6px 1px 0;vertical-align:middle'><img data-recalc-dims=\"1\" src=\"https:\/\/i0.wp.com\/opistobranquis.info\/wp-content\/uploads\/kms\/red-circle-lv.png?w=900&#038;ssl=1\" style='display:block'><\/td><td style='padding:1px 0;vertical-align:middle;white-space:nowrap'>VIMAR<\/td><\/tr><tr><td style='padding:1px 6px 1px 0;vertical-align:middle'><img data-recalc-dims=\"1\" src=\"https:\/\/i0.wp.com\/opistobranquis.info\/wp-content\/uploads\/kms\/blu-circle-lv.png?w=900&#038;ssl=1\" style='display:block'><\/td><td style='padding:1px 0;vertical-align:middle;white-space:nowrap'>Manuel Ballesteros<\/td><\/tr><tr><td style='padding:1px 6px 1px 0;vertical-align:middle'><img data-recalc-dims=\"1\" src=\"https:\/\/i0.wp.com\/opistobranquis.info\/wp-content\/uploads\/kms\/cyan-circle-lv.png?w=900&#038;ssl=1\" style='display:block'><\/td><td style='padding:1px 0;vertical-align:middle;white-space:nowrap'>M@re Nostrum<\/td><\/tr><tr><td style='padding:1px 6px 1px 0;vertical-align:middle'><img data-recalc-dims=\"1\" src=\"https:\/\/i0.wp.com\/opistobranquis.info\/wp-content\/uploads\/kms\/grey-circle-lv.png?w=900&#038;ssl=1\" style='display:block'><\/td><td style='padding:1px 0;vertical-align:middle;white-space:nowrap'>Altres fonts<\/td><\/tr><tr><td style='padding:1px 6px 1px 0;vertical-align:middle'><img data-recalc-dims=\"1\" src=\"https:\/\/i0.wp.com\/opistobranquis.info\/wp-content\/uploads\/kms\/marreg.png?w=900&#038;ssl=1\" style='display:block'><\/td><td style='padding:1px 0;vertical-align:middle;white-space:nowrap'>Marine Regions<\/td><\/tr>        <\/table>\n      <\/td>\n    <\/tr>\n  <\/table>\n<\/div>\n<\/p>\n<p><strong>Esp\u00e8cies semblants<br \/>\n<\/strong><a href=\"https:\/\/opistobranquis.info\/guia\/nudibranchia\/cladobranchia\/fionoidea\/eubranchus-capellinii\/\"><em>Eubranchus capellinii<\/em><\/a>, amb una taca trapezo\u00efdal darrere els rin\u00f2fors.<\/p>\n<p><strong>Error:<\/strong> Chart.js no est\u00e1 disponible.<\/p>\n<p><strong>Altres fotos<\/strong><br \/>\n<div class=\"tiled-gallery type-rectangular tiled-gallery-unresized\" data-original-width=\"900\" data-carousel-extra='{&quot;blog_id&quot;:1,&quot;permalink&quot;:&quot;https:\\\/\\\/opistobranquis.info\\\/ca\\\/guia\\\/nudibranchia\\\/cladobranchia\\\/fionoidea\\\/eubranchus-exiguus\\\/&quot;,&quot;likes_blog_id&quot;:44192421}' itemscope itemtype=\"http:\/\/schema.org\/ImageGallery\" > <div class=\"gallery-row\" style=\"width: 900px; height: 418px;\" data-original-width=\"900\" data-original-height=\"418\" > <div class=\"gallery-group images-1\" style=\"width: 616px; height: 418px;\" data-original-width=\"616\" data-original-height=\"418\" > <div class=\"tiled-gallery-item tiled-gallery-item-large\" itemprop=\"associatedMedia\" itemscope itemtype=\"http:\/\/schema.org\/ImageObject\"> <a href=\"https:\/\/opistobranquis.info\/ca\/guia\/nudibranchia\/cladobranchia\/fionoidea\/eubranchus-exiguus\/eubranchus-exiguus-04\/\" border=\"0\" itemprop=\"url\"> <meta itemprop=\"width\" content=\"612\"> <meta itemprop=\"height\" content=\"414\"> <img decoding=\"async\" class=\"\" data-attachment-id=\"4461\" data-orig-file=\"https:\/\/opistobranquis.info\/wp-content\/uploads\/2012\/12\/eubranchus-exiguus-04-e1380196971433.jpg\" data-orig-size=\"614,415\" data-comments-opened=\"\" data-image-title=\"eubranchus-exiguus-04\" data-image-description=\"\" data-medium-file=\"https:\/\/i0.wp.com\/opistobranquis.info\/wp-content\/uploads\/2012\/12\/eubranchus-exiguus-04-e1380196971433.jpg?fit=300%2C202&#038;ssl=1\" data-large-file=\"https:\/\/i0.wp.com\/opistobranquis.info\/wp-content\/uploads\/2012\/12\/eubranchus-exiguus-04-e1380196971433.jpg?fit=614%2C415&#038;ssl=1\" src=\"https:\/\/i0.wp.com\/opistobranquis.info\/wp-content\/uploads\/2012\/12\/eubranchus-exiguus-04-e1380196971433.jpg?w=612&#038;h=414&#038;ssl=1\" srcset=\"https:\/\/i0.wp.com\/opistobranquis.info\/wp-content\/uploads\/2012\/12\/eubranchus-exiguus-04-e1380196971433.jpg?w=614&amp;ssl=1 614w, https:\/\/i0.wp.com\/opistobranquis.info\/wp-content\/uploads\/2012\/12\/eubranchus-exiguus-04-e1380196971433.jpg?resize=150%2C101&amp;ssl=1 150w, https:\/\/i0.wp.com\/opistobranquis.info\/wp-content\/uploads\/2012\/12\/eubranchus-exiguus-04-e1380196971433.jpg?resize=300%2C202&amp;ssl=1 300w\" width=\"612\" height=\"414\" loading=\"lazy\" data-original-width=\"612\" data-original-height=\"414\" itemprop=\"http:\/\/schema.org\/image\" title=\"eubranchus-exiguus-04\" alt=\"eubranchus-exiguus-04\" style=\"width: 612px; height: 414px;\" \/> <\/a> <\/div> <\/div> <!-- close group --> <div class=\"gallery-group images-1\" style=\"width: 284px; height: 418px;\" data-original-width=\"284\" data-original-height=\"418\" > <div class=\"tiled-gallery-item tiled-gallery-item-large\" itemprop=\"associatedMedia\" itemscope itemtype=\"http:\/\/schema.org\/ImageObject\"> <a href=\"https:\/\/opistobranquis.info\/ca\/guia\/nudibranchia\/cladobranchia\/fionoidea\/eubranchus-exiguus\/eubranchus-exiguus-07\/\" border=\"0\" itemprop=\"url\"> <meta itemprop=\"width\" content=\"280\"> <meta itemprop=\"height\" content=\"414\"> <img decoding=\"async\" class=\"\" data-attachment-id=\"4462\" data-orig-file=\"https:\/\/opistobranquis.info\/wp-content\/uploads\/2012\/12\/eubranchus-exiguus-07.jpg\" data-orig-size=\"415,614\" data-comments-opened=\"\" data-image-title=\"eubranchus-exiguus-07\" data-image-description=\"\" data-medium-file=\"https:\/\/i0.wp.com\/opistobranquis.info\/wp-content\/uploads\/2012\/12\/eubranchus-exiguus-07.jpg?fit=202%2C300&#038;ssl=1\" data-large-file=\"https:\/\/i0.wp.com\/opistobranquis.info\/wp-content\/uploads\/2012\/12\/eubranchus-exiguus-07.jpg?fit=415%2C614&#038;ssl=1\" src=\"https:\/\/i0.wp.com\/opistobranquis.info\/wp-content\/uploads\/2012\/12\/eubranchus-exiguus-07.jpg?w=280&#038;h=414&#038;ssl=1\" srcset=\"https:\/\/i0.wp.com\/opistobranquis.info\/wp-content\/uploads\/2012\/12\/eubranchus-exiguus-07.jpg?w=415&amp;ssl=1 415w, https:\/\/i0.wp.com\/opistobranquis.info\/wp-content\/uploads\/2012\/12\/eubranchus-exiguus-07.jpg?resize=202%2C300&amp;ssl=1 202w\" width=\"280\" height=\"414\" loading=\"lazy\" data-original-width=\"280\" data-original-height=\"414\" itemprop=\"http:\/\/schema.org\/image\" title=\"eubranchus-exiguus-07\" alt=\"eubranchus-exiguus-07\" style=\"width: 280px; height: 414px;\" \/> <\/a> <\/div> <\/div> <!-- close group --> <\/div> <!-- close row --> <div class=\"gallery-row\" style=\"width: 900px; height: 819px;\" data-original-width=\"900\" data-original-height=\"819\" > <div class=\"gallery-group images-1\" style=\"width: 555px; height: 819px;\" data-original-width=\"555\" data-original-height=\"819\" > <div class=\"tiled-gallery-item tiled-gallery-item-large\" itemprop=\"associatedMedia\" itemscope itemtype=\"http:\/\/schema.org\/ImageObject\"> <a href=\"https:\/\/opistobranquis.info\/ca\/guia\/nudibranchia\/cladobranchia\/fionoidea\/eubranchus-exiguus\/eubranchus-exiguus-11\/\" border=\"0\" itemprop=\"url\"> <meta itemprop=\"width\" content=\"551\"> <meta itemprop=\"height\" content=\"815\"> <img decoding=\"async\" class=\"\" data-attachment-id=\"4463\" data-orig-file=\"https:\/\/opistobranquis.info\/wp-content\/uploads\/2012\/12\/eubranchus-exiguus-11.jpg\" data-orig-size=\"415,614\" data-comments-opened=\"\" data-image-title=\"eubranchus-exiguus-11\" data-image-description=\"\" data-medium-file=\"https:\/\/i0.wp.com\/opistobranquis.info\/wp-content\/uploads\/2012\/12\/eubranchus-exiguus-11.jpg?fit=202%2C300&#038;ssl=1\" data-large-file=\"https:\/\/i0.wp.com\/opistobranquis.info\/wp-content\/uploads\/2012\/12\/eubranchus-exiguus-11.jpg?fit=415%2C614&#038;ssl=1\" src=\"https:\/\/i0.wp.com\/opistobranquis.info\/wp-content\/uploads\/2012\/12\/eubranchus-exiguus-11.jpg?w=551&#038;h=815&#038;ssl=1\" srcset=\"https:\/\/i0.wp.com\/opistobranquis.info\/wp-content\/uploads\/2012\/12\/eubranchus-exiguus-11.jpg?w=415&amp;ssl=1 415w, https:\/\/i0.wp.com\/opistobranquis.info\/wp-content\/uploads\/2012\/12\/eubranchus-exiguus-11.jpg?resize=202%2C300&amp;ssl=1 202w\" width=\"551\" height=\"815\" loading=\"lazy\" data-original-width=\"551\" data-original-height=\"815\" itemprop=\"http:\/\/schema.org\/image\" title=\"eubranchus-exiguus-11\" alt=\"eubranchus-exiguus-11\" style=\"width: 551px; height: 815px;\" \/> <\/a> <\/div> <\/div> <!-- close group --> <div class=\"gallery-group images-3\" style=\"width: 345px; height: 819px;\" data-original-width=\"345\" data-original-height=\"819\" > <div class=\"tiled-gallery-item tiled-gallery-item-large\" itemprop=\"associatedMedia\" itemscope itemtype=\"http:\/\/schema.org\/ImageObject\"> <a href=\"https:\/\/opistobranquis.info\/ca\/guia\/nudibranchia\/cladobranchia\/fionoidea\/eubranchus-exiguus\/eubranchus-exiguus-5mm-sgeir-mhor-skye-scotland-in-12-m-by-jim-anderson\/\" border=\"0\" itemprop=\"url\"> <meta itemprop=\"width\" content=\"341\"> <meta itemprop=\"height\" content=\"256\"> <img decoding=\"async\" class=\"\" data-attachment-id=\"18894\" data-orig-file=\"https:\/\/opistobranquis.info\/wp-content\/uploads\/2012\/05\/Eubranchus-exiguus-5mm-@-Sgeir-Mhor-Skye-Scotland-in-12-m-by-Jim-Anderson-e1428481885289.jpg\" data-orig-size=\"800,600\" data-comments-opened=\"\" data-image-title=\"Eubranchus exiguus 5mm @ Sgeir Mhor, Skye, Scotland in 12 m by Jim Anderson\" data-image-description=\"&lt;p&gt;Eubranchus exiguus 5mm @ Sgeir Mhor, Skye, Scotland in 12 m by Jim Anderson&lt;\/p&gt; \" data-medium-file=\"https:\/\/i0.wp.com\/opistobranquis.info\/wp-content\/uploads\/2012\/05\/Eubranchus-exiguus-5mm-%40-Sgeir-Mhor-Skye-Scotland-in-12-m-by-Jim-Anderson-e1428481885289.jpg?fit=300%2C225&#038;ssl=1\" data-large-file=\"https:\/\/i0.wp.com\/opistobranquis.info\/wp-content\/uploads\/2012\/05\/Eubranchus-exiguus-5mm-%40-Sgeir-Mhor-Skye-Scotland-in-12-m-by-Jim-Anderson-e1428481885289.jpg?fit=900%2C675&#038;ssl=1\" src=\"https:\/\/i0.wp.com\/opistobranquis.info\/wp-content\/uploads\/2012\/05\/Eubranchus-exiguus-5mm-%40-Sgeir-Mhor-Skye-Scotland-in-12-m-by-Jim-Anderson-e1428481885289.jpg?w=341&#038;h=256&#038;ssl=1\" width=\"341\" height=\"256\" loading=\"lazy\" data-original-width=\"341\" data-original-height=\"256\" itemprop=\"http:\/\/schema.org\/image\" title=\"Eubranchus exiguus 5mm @ Sgeir Mhor, Skye, Scotland in 12 m by Jim Anderson\" alt=\"Eubranchus exiguus 5mm @ Sgeir Mhor, Skye, Scotland in 12 m by Jim Anderson\" style=\"width: 341px; height: 256px;\" \/> <\/a> <div class=\"tiled-gallery-caption\" itemprop=\"caption description\"> Eubranchus exiguus 5mm @ Sgeir Mhor, Skye, Scotland in 12 m by Jim Anderson <\/div> <\/div> <div class=\"tiled-gallery-item tiled-gallery-item-large\" itemprop=\"associatedMedia\" itemscope itemtype=\"http:\/\/schema.org\/ImageObject\"> <a href=\"https:\/\/opistobranquis.info\/ca\/guia\/nudibranchia\/cladobranchia\/fionoidea\/eubranchus-exiguus\/eubranchus-exiguus-thau-france-by-pascal-girard-1612725421503\/\" border=\"0\" itemprop=\"url\"> <meta itemprop=\"width\" content=\"341\"> <meta itemprop=\"height\" content=\"295\"> <img decoding=\"async\" class=\"\" data-attachment-id=\"31566\" data-orig-file=\"https:\/\/opistobranquis.info\/wp-content\/uploads\/2021\/02\/Eubranchus-exiguus-@-Thau-France-by-Pascal-Girard-1612725421503.jpg\" data-orig-size=\"1024,884\" data-comments-opened=\"\" data-image-title=\"Eubranchus exiguus @ Thau, France by Pascal Girard\" data-image-description=\"&lt;p&gt;Eubranchus exiguus @ Thau, France by Pascal Girard&lt;\/p&gt; \" data-medium-file=\"https:\/\/i0.wp.com\/opistobranquis.info\/wp-content\/uploads\/2021\/02\/Eubranchus-exiguus-%40-Thau-France-by-Pascal-Girard-1612725421503.jpg?fit=300%2C259&#038;ssl=1\" data-large-file=\"https:\/\/i0.wp.com\/opistobranquis.info\/wp-content\/uploads\/2021\/02\/Eubranchus-exiguus-%40-Thau-France-by-Pascal-Girard-1612725421503.jpg?fit=900%2C777&#038;ssl=1\" src=\"https:\/\/i0.wp.com\/opistobranquis.info\/wp-content\/uploads\/2021\/02\/Eubranchus-exiguus-%40-Thau-France-by-Pascal-Girard-1612725421503.jpg?w=341&#038;h=295&#038;ssl=1\" width=\"341\" height=\"295\" loading=\"lazy\" data-original-width=\"341\" data-original-height=\"295\" itemprop=\"http:\/\/schema.org\/image\" title=\"Eubranchus exiguus @ Thau, France by Pascal Girard\" alt=\"Eubranchus exiguus @ Thau, France by Pascal Girard\" style=\"width: 341px; height: 295px;\" \/> <\/a> <div class=\"tiled-gallery-caption\" itemprop=\"caption description\"> Eubranchus exiguus @ Thau, France by Pascal Girard <\/div> <\/div> <div class=\"tiled-gallery-item tiled-gallery-item-large\" itemprop=\"associatedMedia\" itemscope itemtype=\"http:\/\/schema.org\/ImageObject\"> <a href=\"https:\/\/opistobranquis.info\/ca\/guia\/nudibranchia\/cladobranchia\/fionoidea\/eubranchus-exiguus\/eubranchus-exiguus-ponton-de-la-bordelaise-bassin-de-thau-by-pascal-girard\/\" border=\"0\" itemprop=\"url\"> <meta itemprop=\"width\" content=\"341\"> <meta itemprop=\"height\" content=\"256\"> <img decoding=\"async\" class=\"\" data-attachment-id=\"31590\" data-orig-file=\"https:\/\/opistobranquis.info\/wp-content\/uploads\/2021\/02\/Eubranchus-exiguus-@-Ponton-De-La-Bordelaise-Bassin-De-Thau-by-Pascal-Girard.jpg\" data-orig-size=\"2048,1536\" data-comments-opened=\"\" data-image-title=\"Eubranchus exiguus @ Ponton De La Bordelaise, Bassin De Thau by Pascal Girard\" data-image-description=\"&lt;p&gt;Eubranchus exiguus @ Ponton De La Bordelaise, Bassin De Thau by Pascal Girard&lt;\/p&gt; \" data-medium-file=\"https:\/\/i0.wp.com\/opistobranquis.info\/wp-content\/uploads\/2021\/02\/Eubranchus-exiguus-%40-Ponton-De-La-Bordelaise-Bassin-De-Thau-by-Pascal-Girard.jpg?fit=300%2C225&#038;ssl=1\" data-large-file=\"https:\/\/i0.wp.com\/opistobranquis.info\/wp-content\/uploads\/2021\/02\/Eubranchus-exiguus-%40-Ponton-De-La-Bordelaise-Bassin-De-Thau-by-Pascal-Girard.jpg?fit=900%2C675&#038;ssl=1\" src=\"https:\/\/i0.wp.com\/opistobranquis.info\/wp-content\/uploads\/2021\/02\/Eubranchus-exiguus-%40-Ponton-De-La-Bordelaise-Bassin-De-Thau-by-Pascal-Girard.jpg?w=341&#038;h=256&#038;ssl=1\" width=\"341\" height=\"256\" loading=\"lazy\" data-original-width=\"341\" data-original-height=\"256\" itemprop=\"http:\/\/schema.org\/image\" title=\"Eubranchus exiguus @ Ponton De La Bordelaise, Bassin De Thau by Pascal Girard\" alt=\"Eubranchus exiguus @ Ponton De La Bordelaise, Bassin De Thau by Pascal Girard\" style=\"width: 341px; height: 256px;\" \/> <\/a> <div class=\"tiled-gallery-caption\" itemprop=\"caption description\"> Eubranchus exiguus @ Ponton De La Bordelaise, Bassin De Thau by Pascal Girard <\/div> <\/div> <\/div> <!-- close group --> <\/div> <!-- close row --> <div class=\"gallery-row\" style=\"width: 900px; height: 451px;\" data-original-width=\"900\" data-original-height=\"451\" > <div class=\"gallery-group images-1\" style=\"width: 600px; height: 451px;\" data-original-width=\"600\" data-original-height=\"451\" > <div class=\"tiled-gallery-item tiled-gallery-item-large\" itemprop=\"associatedMedia\" itemscope itemtype=\"http:\/\/schema.org\/ImageObject\"> <a href=\"https:\/\/opistobranquis.info\/ca\/guia\/nudibranchia\/cladobranchia\/fionoidea\/eubranchus-exiguus\/eubranchus-exiguus-france-by-pascal-girard-2\/\" border=\"0\" itemprop=\"url\"> <meta itemprop=\"width\" content=\"596\"> <meta itemprop=\"height\" content=\"447\"> <img decoding=\"async\" class=\"\" data-attachment-id=\"36103\" data-orig-file=\"https:\/\/opistobranquis.info\/wp-content\/uploads\/2022\/12\/Eubranchus-exiguus-@-France-by-Pascal-Girard-2.jpg\" data-orig-size=\"1280,960\" data-comments-opened=\"\" data-image-title=\"Eubranchus exiguus @ France by Pascal Girard\" data-image-description=\"&lt;p&gt;Eubranchus exiguus @ France by Pascal Girard&lt;\/p&gt; \" data-medium-file=\"https:\/\/i0.wp.com\/opistobranquis.info\/wp-content\/uploads\/2022\/12\/Eubranchus-exiguus-%40-France-by-Pascal-Girard-2.jpg?fit=300%2C225&#038;ssl=1\" data-large-file=\"https:\/\/i0.wp.com\/opistobranquis.info\/wp-content\/uploads\/2022\/12\/Eubranchus-exiguus-%40-France-by-Pascal-Girard-2.jpg?fit=900%2C675&#038;ssl=1\" src=\"https:\/\/i0.wp.com\/opistobranquis.info\/wp-content\/uploads\/2022\/12\/Eubranchus-exiguus-%40-France-by-Pascal-Girard-2.jpg?w=596&#038;h=447&#038;ssl=1\" width=\"596\" height=\"447\" loading=\"lazy\" data-original-width=\"596\" data-original-height=\"447\" itemprop=\"http:\/\/schema.org\/image\" title=\"Eubranchus exiguus @ France by Pascal Girard\" alt=\"Eubranchus exiguus @ France by Pascal Girard\" style=\"width: 596px; height: 447px;\" \/> <\/a> <div class=\"tiled-gallery-caption\" itemprop=\"caption description\"> Eubranchus exiguus @ France by Pascal Girard <\/div> <\/div> <\/div> <!-- close group --> <div class=\"gallery-group images-2\" style=\"width: 300px; height: 451px;\" data-original-width=\"300\" data-original-height=\"451\" > <div class=\"tiled-gallery-item tiled-gallery-item-large\" itemprop=\"associatedMedia\" itemscope itemtype=\"http:\/\/schema.org\/ImageObject\"> <a href=\"https:\/\/opistobranquis.info\/ca\/guia\/nudibranchia\/cladobranchia\/fionoidea\/eubranchus-exiguus\/eubranchus-exiguus-france-by-pascal-girard-3\/\" border=\"0\" itemprop=\"url\"> <meta itemprop=\"width\" content=\"296\"> <meta itemprop=\"height\" content=\"222\"> <img decoding=\"async\" class=\"\" data-attachment-id=\"36104\" data-orig-file=\"https:\/\/opistobranquis.info\/wp-content\/uploads\/2022\/12\/Eubranchus-exiguus-@-France-by-Pascal-Girard-3.jpg\" data-orig-size=\"1280,960\" data-comments-opened=\"\" data-image-title=\"Eubranchus exiguus @ France by Pascal Girard\" data-image-description=\"&lt;p&gt;Eubranchus exiguus @ France by Pascal Girard&lt;\/p&gt; \" data-medium-file=\"https:\/\/i0.wp.com\/opistobranquis.info\/wp-content\/uploads\/2022\/12\/Eubranchus-exiguus-%40-France-by-Pascal-Girard-3.jpg?fit=300%2C225&#038;ssl=1\" data-large-file=\"https:\/\/i0.wp.com\/opistobranquis.info\/wp-content\/uploads\/2022\/12\/Eubranchus-exiguus-%40-France-by-Pascal-Girard-3.jpg?fit=900%2C675&#038;ssl=1\" src=\"https:\/\/i0.wp.com\/opistobranquis.info\/wp-content\/uploads\/2022\/12\/Eubranchus-exiguus-%40-France-by-Pascal-Girard-3.jpg?w=296&#038;h=222&#038;ssl=1\" width=\"296\" height=\"222\" loading=\"lazy\" data-original-width=\"296\" data-original-height=\"222\" itemprop=\"http:\/\/schema.org\/image\" title=\"Eubranchus exiguus @ France by Pascal Girard\" alt=\"Eubranchus exiguus @ France by Pascal Girard\" style=\"width: 296px; height: 222px;\" \/> <\/a> <div class=\"tiled-gallery-caption\" itemprop=\"caption description\"> Eubranchus exiguus @ France by Pascal Girard <\/div> <\/div> <div class=\"tiled-gallery-item tiled-gallery-item-large\" itemprop=\"associatedMedia\" itemscope itemtype=\"http:\/\/schema.org\/ImageObject\"> <a href=\"https:\/\/opistobranquis.info\/ca\/guia\/nudibranchia\/cladobranchia\/fionoidea\/eubranchus-exiguus\/eubranchus-exiguus-france-by-pascal-girard-4\/\" border=\"0\" itemprop=\"url\"> <meta itemprop=\"width\" content=\"296\"> <meta itemprop=\"height\" content=\"221\"> <img decoding=\"async\" class=\"\" data-attachment-id=\"36105\" data-orig-file=\"https:\/\/opistobranquis.info\/wp-content\/uploads\/2022\/12\/Eubranchus-exiguus-@-France-by-Pascal-Girard-4.jpg\" data-orig-size=\"1280,960\" data-comments-opened=\"\" data-image-title=\"Eubranchus exiguus @ France by Pascal Girard\" data-image-description=\"&lt;p&gt;Eubranchus exiguus @ France by Pascal Girard&lt;\/p&gt; \" data-medium-file=\"https:\/\/i0.wp.com\/opistobranquis.info\/wp-content\/uploads\/2022\/12\/Eubranchus-exiguus-%40-France-by-Pascal-Girard-4.jpg?fit=300%2C225&#038;ssl=1\" data-large-file=\"https:\/\/i0.wp.com\/opistobranquis.info\/wp-content\/uploads\/2022\/12\/Eubranchus-exiguus-%40-France-by-Pascal-Girard-4.jpg?fit=900%2C675&#038;ssl=1\" src=\"https:\/\/i0.wp.com\/opistobranquis.info\/wp-content\/uploads\/2022\/12\/Eubranchus-exiguus-%40-France-by-Pascal-Girard-4.jpg?w=296&#038;h=221&#038;ssl=1\" width=\"296\" height=\"221\" loading=\"lazy\" data-original-width=\"296\" data-original-height=\"221\" itemprop=\"http:\/\/schema.org\/image\" title=\"Eubranchus exiguus @ France by Pascal Girard\" alt=\"Eubranchus exiguus @ France by Pascal Girard\" style=\"width: 296px; height: 221px;\" \/> <\/a> <div class=\"tiled-gallery-caption\" itemprop=\"caption description\"> Eubranchus exiguus @ France by Pascal Girard <\/div> <\/div> <\/div> <!-- close group --> <\/div> <!-- close row --> <div class=\"gallery-row\" style=\"width: 900px; height: 676px;\" data-original-width=\"900\" data-original-height=\"676\" > <div class=\"gallery-group images-1\" style=\"width: 900px; height: 676px;\" data-original-width=\"900\" data-original-height=\"676\" > <div class=\"tiled-gallery-item tiled-gallery-item-large\" itemprop=\"associatedMedia\" itemscope itemtype=\"http:\/\/schema.org\/ImageObject\"> <a href=\"https:\/\/opistobranquis.info\/ca\/guia\/nudibranchia\/cladobranchia\/fionoidea\/eubranchus-exiguus\/eubranchus-exiguus-france-by-pascal-girard\/\" border=\"0\" itemprop=\"url\"> <meta itemprop=\"width\" content=\"896\"> <meta itemprop=\"height\" content=\"672\"> <img decoding=\"async\" class=\"\" data-attachment-id=\"36106\" data-orig-file=\"https:\/\/opistobranquis.info\/wp-content\/uploads\/2022\/12\/Eubranchus-exiguus-@-France-by-Pascal-Girard.jpg\" data-orig-size=\"1280,960\" data-comments-opened=\"\" data-image-title=\"Eubranchus exiguus @ France by Pascal Girard\" data-image-description=\"&lt;p&gt;Eubranchus exiguus @ France by Pascal Girard&lt;\/p&gt; \" data-medium-file=\"https:\/\/i0.wp.com\/opistobranquis.info\/wp-content\/uploads\/2022\/12\/Eubranchus-exiguus-%40-France-by-Pascal-Girard.jpg?fit=300%2C225&#038;ssl=1\" data-large-file=\"https:\/\/i0.wp.com\/opistobranquis.info\/wp-content\/uploads\/2022\/12\/Eubranchus-exiguus-%40-France-by-Pascal-Girard.jpg?fit=900%2C675&#038;ssl=1\" src=\"https:\/\/i0.wp.com\/opistobranquis.info\/wp-content\/uploads\/2022\/12\/Eubranchus-exiguus-%40-France-by-Pascal-Girard.jpg?w=896&#038;h=672&#038;ssl=1\" width=\"896\" height=\"672\" loading=\"lazy\" data-original-width=\"896\" data-original-height=\"672\" itemprop=\"http:\/\/schema.org\/image\" title=\"Eubranchus exiguus @ France by Pascal Girard\" alt=\"Eubranchus exiguus @ France by Pascal Girard\" style=\"width: 896px; height: 672px;\" \/> <\/a> <div class=\"tiled-gallery-caption\" itemprop=\"caption description\"> Eubranchus exiguus @ France by Pascal Girard <\/div> <\/div> <\/div> <!-- close group --> <\/div> <!-- close row --> <\/div><\/p>\n<p><p><strong>Bibliografia<\/strong><\/p><ul><div id=\"zotpress-802c06c7b6942e0e429e555e7883af5d\" class=\"zp-Zotpress zp-Zotpress-Bib wp-block-group\">\n\n\t\t<span class=\"ZP_API_USER_ID ZP_ATTR\">1246567<\/span>\n\t\t<span class=\"ZP_ITEM_KEY ZP_ATTR\"><\/span>\n\t\t<span class=\"ZP_COLLECTION_ID ZP_ATTR\"><\/span>\n\t\t<span class=\"ZP_TAG_ID ZP_ATTR\">Eubranchus exiguus<\/span>\n\t\t<span class=\"ZP_AUTHOR ZP_ATTR\"><\/span>\n\t\t<span class=\"ZP_YEAR ZP_ATTR\"><\/span>\n        <span class=\"ZP_ITEMTYPE ZP_ATTR\"><\/span>\n\t\t<span class=\"ZP_INCLUSIVE ZP_ATTR\">1<\/span>\n\t\t<span class=\"ZP_STYLE ZP_ATTR\">eunomia-revista-en-cultura-de-la-legalidad<\/span>\n\t\t<span class=\"ZP_LIMIT ZP_ATTR\">50<\/span>\n\t\t<span class=\"ZP_SORTBY ZP_ATTR\">creator<\/span>\n\t\t<span class=\"ZP_ORDER ZP_ATTR\">asc<\/span>\n\t\t<span class=\"ZP_TITLE ZP_ATTR\"><\/span>\n\t\t<span class=\"ZP_SHOWIMAGE ZP_ATTR\"><\/span>\n\t\t<span class=\"ZP_SHOWTAGS ZP_ATTR\"><\/span>\n\t\t<span class=\"ZP_DOWNLOADABLE ZP_ATTR\"><\/span>\n\t\t<span class=\"ZP_NOTES ZP_ATTR\"><\/span>\n\t\t<span class=\"ZP_ABSTRACT ZP_ATTR\"><\/span>\n\t\t<span class=\"ZP_CITEABLE ZP_ATTR\"><\/span>\n\t\t<span class=\"ZP_TARGET ZP_ATTR\">1<\/span>\n\t\t<span class=\"ZP_URLWRAP ZP_ATTR\"><\/span>\n\t\t<span class=\"ZP_FORCENUM ZP_ATTR\"><\/span>\n        <span class=\"ZP_HIGHLIGHT ZP_ATTR\"><\/span>\n        <span class=\"ZP_POSTID ZP_ATTR\">579<\/span>\n\t\t<span class=\"ZOTPRESS_PLUGIN_URL ZP_ATTR\">https:\/\/opistobranquis.info\/wp-content\/plugins\/zotpress\/<\/span>\n\n\t\t<div class=\"zp-List loading\">\n\t\t\t<div class=\"zp-SEO-Content\">\n\n\t\t\t<\/div><!-- .zp-zp-SEO-Content -->\n\t\t<\/div><!-- .zp-List -->\n\t<\/div><!--.zp-Zotpress-->\n\n<p><\/p>Bibliografia basada en els treballs de <b>Steve Long, 2006<\/b>. <a target=_blank href=https:\/\/opistobranquis.info\/wp-content\/uploads\/2016\/06\/Long-S.-2006-Bibliography-of-Opisthobranchia-1554-2000.pdf>Bibliography of Opisthobranchia 1554-2000<\/a> i <b>Gary McDonald, 2009<\/b>. <a href=http:\/\/escholarship.org\/uc\/item\/8115h0wz>Bibliographia Nudibranchia<\/a>, amb actualitzacions posteriors procedents d\u00b4altres fonts.<p><\/p><\/ul><p><\/p><p><strong>M\u00e9s informaci\u00f3<\/strong><\/p><span style=\"font-size:10pt\"><ul><ul class=\"blogroll-links\"><li><a href=\"http:\/\/www.asturnatura.com\/especie\/eubranchus-exiguus.html\">AsturNatura<\/a><\/li><li><a href=\"http:\/\/www.biodiversitylibrary.org\/name\/Eubranchus%20exiguus\">Biodiversity Heritage Library<\/a><\/li><li><a href=\"https:\/\/litoraldegranada.ugr.es\/el-litoral\/el-litoral-sumergido\/fauna\/moluscos\/gasteropodos\/opistobranquios\/orden-nudibranchia\/fionoidea\/eubranchus-exiguus\/\">El Litoral de Granada<\/a><\/li><li><a href=\"http:\/\/www.habitas.org.uk\/marinelife\/species.asp?item=W15120#\">Encyclopedia of Marine Life of Britain and Ireland<\/a><\/li><li><a href=\"http:\/\/nature22.com\/estran22\/mollusques\/gasteropodesbis\/gasteropodes5.html\">Estran 22 - Faune et flore de la zone de balancement des mar\u00e9es en C\u00f4tes d&#039;Armor<\/a><\/li><li><a href=\"https:\/\/www.flickr.com\/photos\/56388191@N08\/sets\/72177720302151856\/\">European Sea Slugs by Morddyn<\/a><\/li><li><a href=\"https:\/\/www.flickr.com\/search\/?text=Eubranchus%20exiguus\">Flickr pictures<\/a><\/li><li><a href=\"http:\/\/www.opistobranquis.org\/ca\/guia\/39\">GROC<\/a><\/li><li><a href=\"http:\/\/www.irmng.org\/aphia.php?p=taxlist&#038;tName=Eubranchus%20exiguus\">Interim Register of Marine and Nonmarine Genera<\/a><\/li><li><a href=\"https:\/\/www.seawater.no\/fauna\/mollusca\/Heterobranchia.html\">Marine Flora and Fauna of Norway<\/a><\/li><li><a href=\"http:\/\/www.ncbi.nlm.nih.gov\/Taxonomy\/Browser\/wwwtax.cgi?mode=Undef&#038;name=Eubranchus%20exiguus&#038;lvl=0&#038;srchmode=1\">NCBI GenBank<\/a><\/li><li><a href=\"http:\/\/iobis.org\/mapper\/?taxon=Eubranchus%20exiguus\">OBIS - Search by Taxon<\/a><\/li><li><a href=\"http:\/\/www.nudibranch.org\/Scottish%20Nudibranchs\/eubranchus-exiguus.html\">Scottish Nudibranchs<\/a><\/li><li><a href=\"http:\/\/www.seaslugforum.net\/showall\/eubrexig\">Sea Slug Forum<\/a><\/li><li><a href=\"http:\/\/www.conchsoc.net\/spaccount\/Eubranchus-exiguus\">The Conchological Society of Great Britain and Ireland<\/a><\/li><li><a href=\"http:\/\/www.marinespecies.org\/aphia.php?p=taxdetails&#038;id=139765\">World Register of Marine Species<\/a><\/li><\/ul><\/ul><\/span><p><strong>Citeu aquest article com: <\/strong><\/p><div style=\"display: block; background: #444444; padding: 10px 30px 10px 10px; border-radius: 5px; line-height: 18px;\"><p class=\"citacio\"><b>Ballesteros, M., Madrenas, E. &#38; Pontes, M.<\/b> (2025) <em>\"Eubranchus exiguus\"<\/em> a <em>OPK-Opistobranquis<\/em>. Publicat: 16\/05\/2012. Accedit: 03\/09\/2026. Disponible a (<a href=https:\/\/opistobranquis.info\/ca\/?p=579>https:\/\/opistobranquis.info\/ca\/?p=579<\/a>)<\/p><p><\/p><\/div><p><\/p><\/p>","protected":false},"excerpt":{"rendered":"<p>Eubranchus exiguus (Alder &amp; Hancock, 1849) Sin\u00f2nims Aeolis exigua (Alder &amp; Hancock, 1848) Eolis exigua Alder &amp; Hancock, 1848 (original) Galvina exigua (Alder &amp; Hancock, 1848) Tergipes fustifer Lov\u00e9n, 1846 Descripci\u00f3 El nom espec\u00edfic d&#8217;aquesta esp\u00e8cie fa refer\u00e8ncia a la seva mida petita, que no sol sobrepassar els 6 mm de longitud. El cos t\u00e9 una coloraci\u00f3 blanquinosa, una mica groguenca, que est\u00e0 emmascarada per les nombroses taques verdoses de\u2026<\/p>\n<p class=\"continue-reading-button\"> <a class=\"continue-reading-link\" href=\"https:\/\/opistobranquis.info\/ca\/guia\/nudibranchia\/cladobranchia\/fionoidea\/eubranchus-exiguus\/\">Continua llegint<i class=\"crycon-right-dir\"><\/i><\/a><\/p>\n","protected":false},"author":291,"featured_media":16212,"parent":25630,"menu_order":8387,"comment_status":"closed","ping_status":"closed","template":"","meta":{"footnotes":""},"class_list":["post-579","page","type-page","status-publish","has-post-thumbnail","hentry"],"jetpack_sharing_enabled":true,"_links":{"self":[{"href":"https:\/\/opistobranquis.info\/ca\/wp-json\/wp\/v2\/pages\/579","targetHints":{"allow":["GET"]}}],"collection":[{"href":"https:\/\/opistobranquis.info\/ca\/wp-json\/wp\/v2\/pages"}],"about":[{"href":"https:\/\/opistobranquis.info\/ca\/wp-json\/wp\/v2\/types\/page"}],"author":[{"embeddable":true,"href":"https:\/\/opistobranquis.info\/ca\/wp-json\/wp\/v2\/users\/291"}],"replies":[{"embeddable":true,"href":"https:\/\/opistobranquis.info\/ca\/wp-json\/wp\/v2\/comments?post=579"}],"version-history":[{"count":4,"href":"https:\/\/opistobranquis.info\/ca\/wp-json\/wp\/v2\/pages\/579\/revisions"}],"predecessor-version":[{"id":31381,"href":"https:\/\/opistobranquis.info\/ca\/wp-json\/wp\/v2\/pages\/579\/revisions\/31381"}],"up":[{"embeddable":true,"href":"https:\/\/opistobranquis.info\/ca\/wp-json\/wp\/v2\/pages\/25630"}],"wp:featuredmedia":[{"embeddable":true,"href":"https:\/\/opistobranquis.info\/ca\/wp-json\/wp\/v2\/media\/16212"}],"wp:attachment":[{"href":"https:\/\/opistobranquis.info\/ca\/wp-json\/wp\/v2\/media?parent=579"}],"curies":[{"name":"wp","href":"https:\/\/api.w.org\/{rel}","templated":true}]}}