{"id":593,"date":"2012-05-17T07:37:45","date_gmt":"2012-05-17T05:37:45","guid":{"rendered":"https:\/\/opistobranquis.info\/calmella-cavolinicalmella-cavolinicalmella-cavolini"},"modified":"2025-06-12T09:22:06","modified_gmt":"2025-06-12T07:22:06","slug":"calmella-cavolini","status":"publish","type":"page","link":"https:\/\/opistobranquis.info\/ca\/guia\/nudibranchia\/cladobranchia\/aeolidioidea\/flabellinidae\/calmella-cavolini\/","title":{"rendered":"Calmella cavolini"},"content":{"rendered":"<p><\/p>\n<h3><em>Calmella cavolini<\/em> (Verany, 1846)<\/h3>\n<p><span style=\"font-size:10pt;\" class=\"aligncenter\"><div id=\"featured-img-id\"><img data-recalc-dims=\"1\" decoding=\"async\" src=\"https:\/\/i0.wp.com\/opistobranquis.info\/wp-content\/uploads\/2012\/12\/calmella-cavolinii-13.jpg?w=900&#038;ssl=1\" alt=\"Calmella cavolini by Enric Madrenas\" \/><\/div><center><em>Calmella cavolini<\/em> per Enric Madrenas<\/center><\/span><p><\/p><div class=\"opk-worms\"><h3>Informaci\u00f3 taxon\u00f2mica WoRMS<\/h3><div class=\"opk-alert\">El nom consultat Calmella cavolini no est\u00e0 actualment acceptat (superseded combination).<br>Nom acceptat actual: <strong><em>Flabellina cavolini<\/em> (V\u00e9rany, 1846)<\/strong><\/div><h4>Classificaci\u00f3 actual<\/h4><table class=\"widefat striped\"><tr><th>Superdomain<\/th><td><a target=\"_blank\" href=\"https:\/\/www.marinespecies.org\/aphia.php?p=taxdetails&id=1\">Biota<\/a><\/td><\/tr><tr><th>Kingdom<\/th><td><a target=\"_blank\" href=\"https:\/\/www.marinespecies.org\/aphia.php?p=taxdetails&id=2\">Animalia<\/a><\/td><\/tr><tr><th>Phylum<\/th><td><a target=\"_blank\" href=\"https:\/\/www.marinespecies.org\/aphia.php?p=taxdetails&id=51\">Mollusca<\/a><\/td><\/tr><tr><th>Class<\/th><td><a target=\"_blank\" href=\"https:\/\/www.marinespecies.org\/aphia.php?p=taxdetails&id=101\">Gastropoda<\/a><\/td><\/tr><tr><th>Subclass<\/th><td><a target=\"_blank\" href=\"https:\/\/www.marinespecies.org\/aphia.php?p=taxdetails&id=14712\">Heterobranchia<\/a><\/td><\/tr><tr><th>Infraclass<\/th><td><a target=\"_blank\" href=\"https:\/\/www.marinespecies.org\/aphia.php?p=taxdetails&id=1057247\">Euthyneura<\/a><\/td><\/tr><tr><th>Subterclass<\/th><td><a target=\"_blank\" href=\"https:\/\/www.marinespecies.org\/aphia.php?p=taxdetails&id=1057249\">Ringipleura<\/a><\/td><\/tr><tr><th>Superorder<\/th><td><a target=\"_blank\" href=\"https:\/\/www.marinespecies.org\/aphia.php?p=taxdetails&id=411966\">Nudipleura<\/a><\/td><\/tr><tr><th>Order<\/th><td><a target=\"_blank\" href=\"https:\/\/www.marinespecies.org\/aphia.php?p=taxdetails&id=1762\">Nudibranchia<\/a><\/td><\/tr><tr><th>Suborder<\/th><td><a target=\"_blank\" href=\"https:\/\/www.marinespecies.org\/aphia.php?p=taxdetails&id=827889\">Cladobranchia<\/a><\/td><\/tr><tr><th>Superfamily<\/th><td><a target=\"_blank\" href=\"https:\/\/www.marinespecies.org\/aphia.php?p=taxdetails&id=412646\">Fionoidea<\/a><\/td><\/tr><tr><th>Family<\/th><td><a target=\"_blank\" href=\"https:\/\/www.marinespecies.org\/aphia.php?p=taxdetails&id=190\">Flabellinidae<\/a><\/td><\/tr><tr><th>Genus<\/th><td><a target=\"_blank\" href=\"https:\/\/www.marinespecies.org\/aphia.php?p=taxdetails&id=138019\"><em>Flabellina<\/em><\/a><\/td><\/tr><tr><th>Species<\/th><td><a target=\"_blank\" href=\"https:\/\/www.marinespecies.org\/aphia.php?p=taxdetails&id=1044187\"><em>Flabellina cavolini<\/em> (V\u00e9rany, 1846)<\/a><\/td><\/tr><\/table><p class=\"footer\">Classificaci\u00f3 proporcionada pel World Register of Marine Species (WoRMS). [<a target=\"_blank\" href=\"https:\/\/www.marinespecies.org\/aphia.php?p=taxdetails&id=1044187\">1044187<\/a>]<\/p><\/div><p><strong>Nota taxon\u00f2mica<\/strong>: La classificaci\u00f3 dels Flabellinidae semblava for\u00e7a estable fins que el 2017 van apar\u00e8ixer una s\u00e8rie de treballs (Furfaro et al. 2017; Korshunova et al. 2017) que pretenien aclarir l\u00b4estatus de la fam\u00edlia Flabellinidae. L\u00b4objectiu principal del treball de Furfaro et al. era caracteritzar molecularment les esp\u00e8cies mediterr\u00e0nies mentre que el treball de Korshunova et al. pretenia aprofundir en les relacions filogen\u00e8tiques entre diversos membres de la fam\u00edlia Flabellinidae i les altres fam\u00edlies dels aeolidacis.<br>Tots dos treballs es basaven en la combinaci\u00f3 de t\u00e8cniques moleculars i morfol\u00f2giques i, de fet, no ofereixen resultats molt diferents, per\u00f2 s\u00ed difereixen en la mida i proced\u00e8ncia de les mostres estudiades i, sobretot, en la interpretaci\u00f3 d\u00b4aquests resultats. Despr\u00e9s de l\u00b4aparici\u00f3 del treball de Furfaro et al., moltes esp\u00e8cies Mediterr\u00e0nies dels g\u00e8neres <i>Calmella<\/i>, <i>Flabellina<\/i> i <i>Piseinotecus<\/i> es van agrupar sota el g\u00e8nere com\u00fa <i>Flabellina<\/i>, per\u00f2 van tenir determinats problemes amb algunes esp\u00e8cies que no encaixaven b\u00e9 amb la classificaci\u00f3 proposada (per exemple <i>Flabellina babai<\/i>), van descobrir que les poblacions mediterr\u00e0nia i atl\u00e0ntica de <i>Flabellina ischitana<\/i> corresponen a dues esp\u00e8cies cr\u00edptiques diferents, i van constatar els problemes del grup cr\u00edptic <i>Calmella cavolini<\/i> \/ <i>Flabellina confusa<\/i> \/ <i>Piseinotecus gaditanus<\/i> per la qual cosa van indicar la necessitat de fer nous estudis per aclarir el seu estatus.<br>Curiosament aquests estudis s\u00b4estaven duent a terme pr\u00e0cticament en paral\u00b7lel pel grup de Korshunova et al. per\u00f2 sobre una mostra d\u00b4esp\u00e8cies molt m\u00e9s \u00e0mplia i que comprenia exemplars de l\u00b4\u00c0rtic, Atl\u00e0ntic nord, oce\u00e0 Pac\u00edfic i \u00cdndic. Aquest segon treball confirma la polifilia de la fam\u00edlia Flabellinidae, per\u00f2 la seva forma d\u00b4interpretar els resultats representa una veritable revoluci\u00f3 per a la taxonomia dels aeolidacis, especialment per a la fam\u00edlia Flabellinidae.<br>Tots dos treballs observen que hi ha dos clades (grups) ben diferenciats de Flabellinidae: el de <i>Coryphella pedata<\/i> i similars, amb cerata que surten directament del dors, i el de <i>Flabellina affinis<\/i> i similars, que tenen els cerata de cada grup pedunculats. Encara que Furfaro et al. consideren a les esp\u00e8cies de tots dos clades pertanyents al g\u00e8nere <i>Flabellina<\/i> dins de la fam\u00edlia Flabellinidae, Korshunova et al. difer\u00e8ncia dues fam\u00edlies: Coryphellidae i Flabellinidae sensu stricto, creant a m\u00e9s multitud de g\u00e8neres diferents en aquestes fam\u00edlies per incloure a les esp\u00e8cies que estudien. La seva proposta taxon\u00f2mica, curiosament, d\u00f3na resposta als problemes trobats per Furfaro et al.<br>En certa manera tots dos treballs es complementen, si b\u00e9 en el treball de Korshunova et al. s\u00b4evidencia la manca d\u00b4estudis sobre les esp\u00e8cies de flabellinids tropicals i del sud d\u00b4Am\u00e8rica i \u00c0frica, de manera que encara no s\u00b4ha dit l\u00b4\u00faltima paraula. La proposta de creaci\u00f3 de nous g\u00e8neres per reunir petits grups d\u00b4esp\u00e8cies, en comptes de g\u00e8neres multiespec\u00edfics, sembla ser la tend\u00e8ncia en alguns dels treballs filogen\u00e8tics dels \u00faltims anys. Es pot consultar una discussi\u00f3 detallada d\u00b4aquesta apassionant controv\u00e8rsia a (<a href=\"https:\/\/opistobranquis.info\/ca\/flabellinidae\/\">https:\/\/opistobranquis.info\/ca\/flabellinidae\/<\/a>).<\/p>Furfaro et al. (2021) revisen de nou l\u2019adscripci\u00f3 de les esp\u00e8cies del g\u00e8nere <em>Calmella<\/em> i conclouen que pertanyen al g\u00e8nere <em>Flabellina<\/em>, demostrant que el patr\u00f3 crom\u00e0tic entre <em>Flabellina cavolini<\/em> i <em>Flabellina gaditana<\/em> no \u00e9s un car\u00e0cter diagn\u00f2stic v\u00e0lid i que nom\u00e9s es poden distingir molecularment. Karmeinski et al (2021) retornen aquesta esp\u00e8cie al g\u00e8nere <em>Calmella<\/em>.<\/p>\n<p><strong>Sin\u00f2nims<\/strong><\/p>\n<ul>\n<li><i style=\"background-color: transparent;\">Aeolis digitata<\/i><span style=\"background-color: transparent;\">\u00a0Costa A., 1866<\/span><\/li>\n<li><strong style=\"background-color: transparent;\"><i>Eolidia cavolini<\/i>\u00a0V\u00e9rany, 1846\u00a0(original)<\/strong><\/li>\n<li><i style=\"background-color: transparent;\">Jojenia rubrobranchiata<\/i><span style=\"background-color: transparent;\">\u00a0Aradas, 1847<\/span><\/li>\n<li><em>Flabellina cavolini <\/em>(Verany, 1846)<\/li>\n<\/ul>\n<p><b>Descripci\u00f3<br \/>\n<\/b>Es tracta d&#8217;una esp\u00e8cie d\u2019eolidaci petita ja que els exemplars rarament superen els 10 mm de longitud. Cos estret, allargat i de color blanc opac, de vegades lleugerament irisat de blau molt suau. Els tentacles orals i els rin\u00f2fors s\u00f3n llargs i fins, de gaireb\u00e9 igual longitud, i de color blanquin\u00f3s\u00a0 per\u00f2 alguns exemplars freq\u00fcentment tenen l&#8217;extrem lleugerament pigmentat de taronja. Els rin\u00f2fors s\u00f3n llisos en tota la seva longitud. En el dors del cap i davant dels rin\u00f2fors es poden veure dues taques de color violaci que es deuen a les mand\u00edbules, vistes per transpar\u00e8ncia. Poden haver \u00a0fins a 7 grups de cerata a cada costat del cos. Els cerata de cada grup surten d&#8217;un mateix peduncle del dors que pot estar aix\u00ed mateix bifurcat o trifurcat, caracter\u00edstica que \u00a0\u00e9s mant\u00e9 tamb\u00e9 en d&#8217;altres esp\u00e8cies de la fam\u00edlia <i>Flabellinidae<\/i>. Els cerata s\u00f3n semitransparents i es pot observar dins d&#8217;ells la gl\u00e0ndula digestiva de color taronja o vermell, estan la part superior m\u00e9s pigmentada. L&#8217;\u00e0pex dels cerata \u00e9s blanc, apreciant-se en el seu interior el cnidosac. El peu \u00e9s semitransparent i presenta en la seva zona anterior d&#8217;un parell de curts palps propodials. La cua \u00e9s llarga i molt estreta.<\/p>\n<p><b>Biologia<br \/>\n<\/b>Aquesta esp\u00e8cie \u00e9s bastant freq\u00fcent durant tot l&#8217;any a escassa profunditat, en parets rocoses poc il\u00b7luminades i amb abund\u00e0ncia d&#8217;algues esci\u00f2files, esponges i hidrozous. Es \u00a0sol trobar associada a hidraris com <i>Halecium pusillum<\/i> i <i>Eudendrium racemosum<\/i>, dels quals podria alimentar-se. Tamb\u00e9 s&#8217;ha localitzat sobre la gorg\u00f2nia <i>Paramuricea clavata<\/i>. La posta \u00e9s en forma d&#8217;una banda espiral estreta amb ous rosats d&#8217;unes 100 micres de di\u00e0metre<\/p>\n<p><strong>Etimologia<\/strong><\/p>\n<ul>\n<li><i>Calmella <\/i>petita <i>Calma.<\/i><\/li>\n<li><em>Cavolini<\/em>. En honor de Filippo Cavolini (1756-1810), un ric mercader i un dels primers zo\u00f2legs marins. Entre 1785 i 1792 va publicar alguns articles sobre p\u00f2lips, peixos i crustacis. Va constru\u00efr un laboratori especial a la seva villa de Posillipo. El 1813 es va publicar a t\u00edtol p\u00f2stum la seva obra &#8220;Abhandlungen \u00fcber die Pflanzenthiere des Mittelmeeres&#8221;.<\/li>\n<\/ul>\n<p><strong>Distribuci\u00f3<br \/>\n<\/strong>Fins al moment es tracta d&#8217;una esp\u00e8cie estrictament mediterr\u00e0nia que s&#8217;ha trobat principalment en la conca occidental. Observacions recents l&#8217;han citat en aig\u00fces turques. En la Pen\u00ednsula Ib\u00e8rica ha estat observada en les costes mediterr\u00e0nies d&#8217;Andalusia, en les costes llevantines, a Catalunya i en les Balears. Les localitats catalanes on s&#8217;ha observat s\u00f3n: Cadaqu\u00e9s, L&#8217;Escala, L&#8217;Estartit, Begur, Palamos, Tossa de Mar, Lloret de Mar, Blanes, Badalona, Barcelona, Cubelles i Salou. <div id=\"flxmap-6a9b9892394d6\" class='flxmap-container' data-flxmap='flxmap_6a9b9892394d6' style=\"width:100%;height:400px;\"><\/div>\n<script data-noptimize=\"1\">\n\/* <![CDATA[ *\/\n(function(w, fn) {\n if (w.addEventListener) w.addEventListener(\"DOMContentLoaded\", fn, false);\n else if (w.attachEvent) w.attachEvent(\"onload\", fn);\n})(window, function() {\n var f = new FlexibleMap();\n f.panControl = true;\n f.mapTypeId = \"satellite\";\n f.setlocale(\"ca-ES\");\n f.kmlcache = \"5 minutes\";\n f.showKML(\"flxmap-6a9b9892394d6\", \"https:\/\/opistobranquis.info\/wp-content\/uploads\/kms\/593.kmz\");\n window.flxmap_6a9b9892394d6 = f;\n});\n\/* ]]> *\/\n<\/script>\n<div style=\"width:100%;text-align:center;margin:12px 0 4px 0;\">\n  <div style=\"font-size:8pt;margin-bottom:6px;\">Cites georeferenciades conegudes de l'esp\u00e8cie: <em>Calmella cavolini<\/em><\/div>\n  <table style=\"margin:0 auto;border-collapse:collapse;font-size:8pt;\">\n    <tr><td colspan=\"2\" style=\"text-align:left;padding-bottom:4px;\"><strong>Fonts:<\/strong><\/td><\/tr>\n    <tr>\n      <td style=\"vertical-align:top;padding-right:40px;\">\n        <table style=\"border-collapse:collapse;\">\n<tr><td style='padding:1px 6px 1px 0;vertical-align:middle'><img data-recalc-dims=\"1\" src=\"https:\/\/i0.wp.com\/opistobranquis.info\/wp-content\/uploads\/kms\/wht-circle-lv.png?w=900&#038;ssl=1\" style='display:block'><\/td><td style='padding:1px 0;vertical-align:middle;white-space:nowrap'>OBIS<\/td><\/tr><tr><td style='padding:1px 6px 1px 0;vertical-align:middle'><img data-recalc-dims=\"1\" src=\"https:\/\/i0.wp.com\/opistobranquis.info\/wp-content\/uploads\/kms\/ylw-circle-lv.png?w=900&#038;ssl=1\" style='display:block'><\/td><td style='padding:1px 0;vertical-align:middle;white-space:nowrap'>GROC 2010-2011<\/td><\/tr><tr><td style='padding:1px 6px 1px 0;vertical-align:middle'><img data-recalc-dims=\"1\" src=\"https:\/\/i0.wp.com\/opistobranquis.info\/wp-content\/uploads\/kms\/grn-circle-lv.png?w=900&#038;ssl=1\" style='display:block'><\/td><td style='padding:1px 0;vertical-align:middle;white-space:nowrap'>Enric Madrenas<\/td><\/tr><tr><td style='padding:1px 6px 1px 0;vertical-align:middle'><img data-recalc-dims=\"1\" src=\"https:\/\/i0.wp.com\/opistobranquis.info\/wp-content\/uploads\/kms\/orange-circle-lv.png?w=900&#038;ssl=1\" style='display:block'><\/td><td style='padding:1px 0;vertical-align:middle;white-space:nowrap'>Jo\u00e3o Pedro Silva<\/td><\/tr><tr><td style='padding:1px 6px 1px 0;vertical-align:middle'><img data-recalc-dims=\"1\" src=\"https:\/\/i0.wp.com\/opistobranquis.info\/wp-content\/uploads\/kms\/pink-circle-lv.png?w=900&#038;ssl=1\" style='display:block'><\/td><td style='padding:1px 0;vertical-align:middle;white-space:nowrap'>Bernard Picton<\/td><\/tr><tr><td style='padding:1px 6px 1px 0;vertical-align:middle'><img data-recalc-dims=\"1\" src=\"https:\/\/i0.wp.com\/opistobranquis.info\/wp-content\/uploads\/kms\/blk-circle-lv.png?w=900&#038;ssl=1\" style='display:block'><\/td><td style='padding:1px 0;vertical-align:middle;white-space:nowrap'>GBIF<\/td><\/tr>        <\/table>\n      <\/td>\n      <td style=\"vertical-align:top;\">\n        <table style=\"border-collapse:collapse;\">\n<tr><td style='padding:1px 6px 1px 0;vertical-align:middle'><img data-recalc-dims=\"1\" src=\"https:\/\/i0.wp.com\/opistobranquis.info\/wp-content\/uploads\/kms\/purple-circle-lv.png?w=900&#038;ssl=1\" style='display:block'><\/td><td style='padding:1px 0;vertical-align:middle;white-space:nowrap'>OPK<\/td><\/tr><tr><td style='padding:1px 6px 1px 0;vertical-align:middle'><img data-recalc-dims=\"1\" src=\"https:\/\/i0.wp.com\/opistobranquis.info\/wp-content\/uploads\/kms\/red-circle-lv.png?w=900&#038;ssl=1\" style='display:block'><\/td><td style='padding:1px 0;vertical-align:middle;white-space:nowrap'>VIMAR<\/td><\/tr><tr><td style='padding:1px 6px 1px 0;vertical-align:middle'><img data-recalc-dims=\"1\" src=\"https:\/\/i0.wp.com\/opistobranquis.info\/wp-content\/uploads\/kms\/blu-circle-lv.png?w=900&#038;ssl=1\" style='display:block'><\/td><td style='padding:1px 0;vertical-align:middle;white-space:nowrap'>Manuel Ballesteros<\/td><\/tr><tr><td style='padding:1px 6px 1px 0;vertical-align:middle'><img data-recalc-dims=\"1\" src=\"https:\/\/i0.wp.com\/opistobranquis.info\/wp-content\/uploads\/kms\/cyan-circle-lv.png?w=900&#038;ssl=1\" style='display:block'><\/td><td style='padding:1px 0;vertical-align:middle;white-space:nowrap'>M@re Nostrum<\/td><\/tr><tr><td style='padding:1px 6px 1px 0;vertical-align:middle'><img data-recalc-dims=\"1\" src=\"https:\/\/i0.wp.com\/opistobranquis.info\/wp-content\/uploads\/kms\/grey-circle-lv.png?w=900&#038;ssl=1\" style='display:block'><\/td><td style='padding:1px 0;vertical-align:middle;white-space:nowrap'>Altres fonts<\/td><\/tr><tr><td style='padding:1px 6px 1px 0;vertical-align:middle'><img data-recalc-dims=\"1\" src=\"https:\/\/i0.wp.com\/opistobranquis.info\/wp-content\/uploads\/kms\/marreg.png?w=900&#038;ssl=1\" style='display:block'><\/td><td style='padding:1px 0;vertical-align:middle;white-space:nowrap'>Marine Regions<\/td><\/tr>        <\/table>\n      <\/td>\n    <\/tr>\n  <\/table>\n<\/div>\n<\/p>\n<p><strong>Esp\u00e8cies semblants<br \/>\n<\/strong><em>Calmella gaditana<\/em>, molt semblant. Nom\u00e9s es poden distingir per an\u00e0lisis moleculars.<\/p>\n<p><strong>Error:<\/strong> Chart.js no est\u00e1 disponible.<\/p>\n<p><strong>Videos<\/strong><\/p>\n<p><iframe loading=\"lazy\" src=\"https:\/\/player.vimeo.com\/video\/784334493?h=30aebd46bf&amp;dnt=1&amp;app_id=122963\" width=\"900\" height=\"506\" frameborder=\"0\" allow=\"autoplay; fullscreen; picture-in-picture\" allowfullscreen><\/iframe><\/p>\n<p><iframe loading=\"lazy\" src=\"https:\/\/player.vimeo.com\/video\/784334484?h=a64a50fb10&amp;dnt=1&amp;app_id=122963\" width=\"900\" height=\"506\" frameborder=\"0\" allow=\"autoplay; fullscreen; picture-in-picture\" allowfullscreen><\/iframe><\/p>\n<p>&nbsp;<\/p>\n<p><strong>Altres fotos<br \/>\n<\/strong><div class=\"tiled-gallery type-rectangular tiled-gallery-unresized\" data-original-width=\"900\" data-carousel-extra='{&quot;blog_id&quot;:1,&quot;permalink&quot;:&quot;https:\\\/\\\/opistobranquis.info\\\/ca\\\/guia\\\/nudibranchia\\\/cladobranchia\\\/aeolidioidea\\\/flabellinidae\\\/calmella-cavolini\\\/&quot;,&quot;likes_blog_id&quot;:44192421}' itemscope itemtype=\"http:\/\/schema.org\/ImageGallery\" > <div class=\"gallery-row\" style=\"width: 900px; height: 445px;\" data-original-width=\"900\" data-original-height=\"445\" > <div class=\"gallery-group images-2\" style=\"width: 269px; height: 445px;\" data-original-width=\"269\" data-original-height=\"445\" > <div class=\"tiled-gallery-item tiled-gallery-item-large\" itemprop=\"associatedMedia\" itemscope itemtype=\"http:\/\/schema.org\/ImageObject\"> <a href=\"https:\/\/opistobranquis.info\/ca\/guia\/nudibranchia\/cladobranchia\/aeolidioidea\/flabellinidae\/calmella-cavolini\/calmella-cavolinii-2\/\" border=\"0\" itemprop=\"url\"> <meta itemprop=\"width\" content=\"265\"> <meta itemprop=\"height\" content=\"258\"> <img decoding=\"async\" class=\"\" data-attachment-id=\"4194\" data-orig-file=\"https:\/\/opistobranquis.info\/wp-content\/uploads\/2012\/12\/calmella-cavolinii.jpg\" data-orig-size=\"740,721\" data-comments-opened=\"\" data-image-title=\"Calmella cavolini radula\" data-image-description=\"&lt;p&gt;Calmella cavolini radula&lt;\/p&gt; \" data-medium-file=\"https:\/\/i0.wp.com\/opistobranquis.info\/wp-content\/uploads\/2012\/12\/calmella-cavolinii.jpg?fit=300%2C292&#038;ssl=1\" data-large-file=\"https:\/\/i0.wp.com\/opistobranquis.info\/wp-content\/uploads\/2012\/12\/calmella-cavolinii.jpg?fit=740%2C721&#038;ssl=1\" src=\"https:\/\/i0.wp.com\/opistobranquis.info\/wp-content\/uploads\/2012\/12\/calmella-cavolinii.jpg?w=265&#038;h=258&#038;ssl=1\" srcset=\"https:\/\/i0.wp.com\/opistobranquis.info\/wp-content\/uploads\/2012\/12\/calmella-cavolinii.jpg?w=740&amp;ssl=1 740w, https:\/\/i0.wp.com\/opistobranquis.info\/wp-content\/uploads\/2012\/12\/calmella-cavolinii.jpg?resize=300%2C292&amp;ssl=1 300w\" width=\"265\" height=\"258\" loading=\"lazy\" data-original-width=\"265\" data-original-height=\"258\" itemprop=\"http:\/\/schema.org\/image\" title=\"Calmella cavolini radula\" alt=\"Calmella cavolini radula\" style=\"width: 265px; height: 258px;\" \/> <\/a> <div class=\"tiled-gallery-caption\" itemprop=\"caption description\"> Calmella cavolini radula <\/div> <\/div> <div class=\"tiled-gallery-item tiled-gallery-item-large\" itemprop=\"associatedMedia\" itemscope itemtype=\"http:\/\/schema.org\/ImageObject\"> <a href=\"https:\/\/opistobranquis.info\/ca\/guia\/nudibranchia\/cladobranchia\/aeolidioidea\/flabellinidae\/calmella-cavolini\/calmella-cavolinii-00\/\" border=\"0\" itemprop=\"url\"> <meta itemprop=\"width\" content=\"265\"> <meta itemprop=\"height\" content=\"179\"> <img decoding=\"async\" class=\"\" data-attachment-id=\"4195\" data-orig-file=\"https:\/\/opistobranquis.info\/wp-content\/uploads\/2012\/12\/calmella-cavolinii-00.jpg\" data-orig-size=\"814,550\" data-comments-opened=\"\" data-image-title=\"Calmella cavolini by Enric Madrenas\" data-image-description=\"&lt;p&gt;Calmella cavolini by Enric Madrenas&lt;\/p&gt; \" data-medium-file=\"https:\/\/i0.wp.com\/opistobranquis.info\/wp-content\/uploads\/2012\/12\/calmella-cavolinii-00.jpg?fit=300%2C202&#038;ssl=1\" data-large-file=\"https:\/\/i0.wp.com\/opistobranquis.info\/wp-content\/uploads\/2012\/12\/calmella-cavolinii-00.jpg?fit=814%2C550&#038;ssl=1\" src=\"https:\/\/i0.wp.com\/opistobranquis.info\/wp-content\/uploads\/2012\/12\/calmella-cavolinii-00.jpg?w=265&#038;h=179&#038;ssl=1\" srcset=\"https:\/\/i0.wp.com\/opistobranquis.info\/wp-content\/uploads\/2012\/12\/calmella-cavolinii-00.jpg?w=814&amp;ssl=1 814w, https:\/\/i0.wp.com\/opistobranquis.info\/wp-content\/uploads\/2012\/12\/calmella-cavolinii-00.jpg?resize=300%2C202&amp;ssl=1 300w\" width=\"265\" height=\"179\" loading=\"lazy\" data-original-width=\"265\" data-original-height=\"179\" itemprop=\"http:\/\/schema.org\/image\" title=\"Calmella cavolini by Enric Madrenas\" alt=\"Calmella cavolini by Enric Madrenas\" style=\"width: 265px; height: 179px;\" \/> <\/a> <div class=\"tiled-gallery-caption\" itemprop=\"caption description\"> Calmella cavolini by Enric Madrenas <\/div> <\/div> <\/div> <!-- close group --> <div class=\"gallery-group images-1\" style=\"width: 303px; height: 445px;\" data-original-width=\"303\" data-original-height=\"445\" > <div class=\"tiled-gallery-item tiled-gallery-item-large\" itemprop=\"associatedMedia\" itemscope itemtype=\"http:\/\/schema.org\/ImageObject\"> <a href=\"https:\/\/opistobranquis.info\/ca\/guia\/nudibranchia\/cladobranchia\/aeolidioidea\/flabellinidae\/calmella-cavolini\/calmella-cavolinii-04\/\" border=\"0\" itemprop=\"url\"> <meta itemprop=\"width\" content=\"299\"> <meta itemprop=\"height\" content=\"441\"> <img decoding=\"async\" class=\"\" data-attachment-id=\"4196\" data-orig-file=\"https:\/\/opistobranquis.info\/wp-content\/uploads\/2012\/12\/calmella-cavolinii-04.jpg\" data-orig-size=\"416,614\" data-comments-opened=\"\" data-image-title=\"Calmella cavolini by Enric Madrenas\" data-image-description=\"&lt;p&gt;Calmella cavolini by Enric Madrenas&lt;\/p&gt; \" data-medium-file=\"https:\/\/i0.wp.com\/opistobranquis.info\/wp-content\/uploads\/2012\/12\/calmella-cavolinii-04.jpg?fit=203%2C300&#038;ssl=1\" data-large-file=\"https:\/\/i0.wp.com\/opistobranquis.info\/wp-content\/uploads\/2012\/12\/calmella-cavolinii-04.jpg?fit=416%2C614&#038;ssl=1\" src=\"https:\/\/i0.wp.com\/opistobranquis.info\/wp-content\/uploads\/2012\/12\/calmella-cavolinii-04.jpg?w=299&#038;h=441&#038;ssl=1\" srcset=\"https:\/\/i0.wp.com\/opistobranquis.info\/wp-content\/uploads\/2012\/12\/calmella-cavolinii-04.jpg?w=416&amp;ssl=1 416w, https:\/\/i0.wp.com\/opistobranquis.info\/wp-content\/uploads\/2012\/12\/calmella-cavolinii-04.jpg?resize=203%2C300&amp;ssl=1 203w\" width=\"299\" height=\"441\" loading=\"lazy\" data-original-width=\"299\" data-original-height=\"441\" itemprop=\"http:\/\/schema.org\/image\" title=\"Calmella cavolini by Enric Madrenas\" alt=\"Calmella cavolini by Enric Madrenas\" style=\"width: 299px; height: 441px;\" \/> <\/a> <div class=\"tiled-gallery-caption\" itemprop=\"caption description\"> Calmella cavolini by Enric Madrenas <\/div> <\/div> <\/div> <!-- close group --> <div class=\"gallery-group images-2\" style=\"width: 328px; height: 445px;\" data-original-width=\"328\" data-original-height=\"445\" > <div class=\"tiled-gallery-item tiled-gallery-item-large\" itemprop=\"associatedMedia\" itemscope itemtype=\"http:\/\/schema.org\/ImageObject\"> <a href=\"https:\/\/opistobranquis.info\/ca\/guia\/nudibranchia\/cladobranchia\/aeolidioidea\/flabellinidae\/calmella-cavolini\/calmella-cavolinii-06\/\" border=\"0\" itemprop=\"url\"> <meta itemprop=\"width\" content=\"324\"> <meta itemprop=\"height\" content=\"219\"> <img decoding=\"async\" class=\"\" data-attachment-id=\"4197\" data-orig-file=\"https:\/\/opistobranquis.info\/wp-content\/uploads\/2012\/12\/calmella-cavolinii-06.jpg\" data-orig-size=\"814,550\" data-comments-opened=\"\" data-image-title=\"Calmella cavolini by Enric Madrenas\" data-image-description=\"&lt;p&gt;Calmella cavolini by Enric Madrenas&lt;\/p&gt; \" data-medium-file=\"https:\/\/i0.wp.com\/opistobranquis.info\/wp-content\/uploads\/2012\/12\/calmella-cavolinii-06.jpg?fit=300%2C202&#038;ssl=1\" data-large-file=\"https:\/\/i0.wp.com\/opistobranquis.info\/wp-content\/uploads\/2012\/12\/calmella-cavolinii-06.jpg?fit=814%2C550&#038;ssl=1\" src=\"https:\/\/i0.wp.com\/opistobranquis.info\/wp-content\/uploads\/2012\/12\/calmella-cavolinii-06.jpg?w=324&#038;h=219&#038;ssl=1\" srcset=\"https:\/\/i0.wp.com\/opistobranquis.info\/wp-content\/uploads\/2012\/12\/calmella-cavolinii-06.jpg?w=814&amp;ssl=1 814w, https:\/\/i0.wp.com\/opistobranquis.info\/wp-content\/uploads\/2012\/12\/calmella-cavolinii-06.jpg?resize=300%2C202&amp;ssl=1 300w\" width=\"324\" height=\"219\" loading=\"lazy\" data-original-width=\"324\" data-original-height=\"219\" itemprop=\"http:\/\/schema.org\/image\" title=\"Calmella cavolini by Enric Madrenas\" alt=\"Calmella cavolini by Enric Madrenas\" style=\"width: 324px; height: 219px;\" \/> <\/a> <div class=\"tiled-gallery-caption\" itemprop=\"caption description\"> Calmella cavolini by Enric Madrenas <\/div> <\/div> <div class=\"tiled-gallery-item tiled-gallery-item-large\" itemprop=\"associatedMedia\" itemscope itemtype=\"http:\/\/schema.org\/ImageObject\"> <a href=\"https:\/\/opistobranquis.info\/ca\/guia\/nudibranchia\/cladobranchia\/aeolidioidea\/flabellinidae\/calmella-cavolini\/calmella-cavolinii-07\/\" border=\"0\" itemprop=\"url\"> <meta itemprop=\"width\" content=\"324\"> <meta itemprop=\"height\" content=\"218\"> <img decoding=\"async\" class=\"\" data-attachment-id=\"4198\" data-orig-file=\"https:\/\/opistobranquis.info\/wp-content\/uploads\/2012\/12\/calmella-cavolinii-07.jpg\" data-orig-size=\"814,550\" data-comments-opened=\"\" data-image-title=\"Calmella cavolini by Enric Madrenas\" data-image-description=\"&lt;p&gt;Calmella cavolini by Enric Madrenas&lt;\/p&gt; \" data-medium-file=\"https:\/\/i0.wp.com\/opistobranquis.info\/wp-content\/uploads\/2012\/12\/calmella-cavolinii-07.jpg?fit=300%2C202&#038;ssl=1\" data-large-file=\"https:\/\/i0.wp.com\/opistobranquis.info\/wp-content\/uploads\/2012\/12\/calmella-cavolinii-07.jpg?fit=814%2C550&#038;ssl=1\" src=\"https:\/\/i0.wp.com\/opistobranquis.info\/wp-content\/uploads\/2012\/12\/calmella-cavolinii-07.jpg?w=324&#038;h=218&#038;ssl=1\" srcset=\"https:\/\/i0.wp.com\/opistobranquis.info\/wp-content\/uploads\/2012\/12\/calmella-cavolinii-07.jpg?w=814&amp;ssl=1 814w, https:\/\/i0.wp.com\/opistobranquis.info\/wp-content\/uploads\/2012\/12\/calmella-cavolinii-07.jpg?resize=300%2C202&amp;ssl=1 300w\" width=\"324\" height=\"218\" loading=\"lazy\" data-original-width=\"324\" data-original-height=\"218\" itemprop=\"http:\/\/schema.org\/image\" title=\"Calmella cavolini by Enric Madrenas\" alt=\"Calmella cavolini by Enric Madrenas\" style=\"width: 324px; height: 218px;\" \/> <\/a> <div class=\"tiled-gallery-caption\" itemprop=\"caption description\"> Calmella cavolini by Enric Madrenas <\/div> <\/div> <\/div> <!-- close group --> <\/div> <!-- close row --> <div class=\"gallery-row\" style=\"width: 900px; height: 664px;\" data-original-width=\"900\" data-original-height=\"664\" > <div class=\"gallery-group images-1\" style=\"width: 450px; height: 664px;\" data-original-width=\"450\" data-original-height=\"664\" > <div class=\"tiled-gallery-item tiled-gallery-item-large\" itemprop=\"associatedMedia\" itemscope itemtype=\"http:\/\/schema.org\/ImageObject\"> <a href=\"https:\/\/opistobranquis.info\/ca\/guia\/nudibranchia\/cladobranchia\/aeolidioidea\/flabellinidae\/calmella-cavolini\/calmella-cavolinii-10\/\" border=\"0\" itemprop=\"url\"> <meta itemprop=\"width\" content=\"446\"> <meta itemprop=\"height\" content=\"660\"> <img decoding=\"async\" class=\"\" data-attachment-id=\"4199\" data-orig-file=\"https:\/\/opistobranquis.info\/wp-content\/uploads\/2012\/12\/calmella-cavolinii-10.jpg\" data-orig-size=\"415,614\" data-comments-opened=\"\" data-image-title=\"Calmella cavolini by Enric Madrenas\" data-image-description=\"&lt;p&gt;Calmella cavolini by Enric Madrenas&lt;\/p&gt; \" data-medium-file=\"https:\/\/i0.wp.com\/opistobranquis.info\/wp-content\/uploads\/2012\/12\/calmella-cavolinii-10.jpg?fit=202%2C300&#038;ssl=1\" data-large-file=\"https:\/\/i0.wp.com\/opistobranquis.info\/wp-content\/uploads\/2012\/12\/calmella-cavolinii-10.jpg?fit=415%2C614&#038;ssl=1\" src=\"https:\/\/i0.wp.com\/opistobranquis.info\/wp-content\/uploads\/2012\/12\/calmella-cavolinii-10.jpg?w=446&#038;h=660&#038;ssl=1\" srcset=\"https:\/\/i0.wp.com\/opistobranquis.info\/wp-content\/uploads\/2012\/12\/calmella-cavolinii-10.jpg?w=415&amp;ssl=1 415w, https:\/\/i0.wp.com\/opistobranquis.info\/wp-content\/uploads\/2012\/12\/calmella-cavolinii-10.jpg?resize=202%2C300&amp;ssl=1 202w\" width=\"446\" height=\"660\" loading=\"lazy\" data-original-width=\"446\" data-original-height=\"660\" itemprop=\"http:\/\/schema.org\/image\" title=\"Calmella cavolini by Enric Madrenas\" alt=\"Calmella cavolini by Enric Madrenas\" style=\"width: 446px; height: 660px;\" \/> <\/a> <div class=\"tiled-gallery-caption\" itemprop=\"caption description\"> Calmella cavolini by Enric Madrenas <\/div> <\/div> <\/div> <!-- close group --> <div class=\"gallery-group images-1\" style=\"width: 450px; height: 664px;\" data-original-width=\"450\" data-original-height=\"664\" > <div class=\"tiled-gallery-item tiled-gallery-item-large\" itemprop=\"associatedMedia\" itemscope itemtype=\"http:\/\/schema.org\/ImageObject\"> <a href=\"https:\/\/opistobranquis.info\/ca\/guia\/nudibranchia\/cladobranchia\/aeolidioidea\/flabellinidae\/calmella-cavolini\/calmella-cavolinii-11\/\" border=\"0\" itemprop=\"url\"> <meta itemprop=\"width\" content=\"446\"> <meta itemprop=\"height\" content=\"660\"> <img decoding=\"async\" class=\"\" data-attachment-id=\"4200\" data-orig-file=\"https:\/\/opistobranquis.info\/wp-content\/uploads\/2012\/12\/calmella-cavolinii-11.jpg\" data-orig-size=\"415,614\" data-comments-opened=\"\" data-image-title=\"Calmella cavolini by Enric Madrenas\" data-image-description=\"&lt;p&gt;Calmella cavolini by Enric Madrenas&lt;\/p&gt; \" data-medium-file=\"https:\/\/i0.wp.com\/opistobranquis.info\/wp-content\/uploads\/2012\/12\/calmella-cavolinii-11.jpg?fit=202%2C300&#038;ssl=1\" data-large-file=\"https:\/\/i0.wp.com\/opistobranquis.info\/wp-content\/uploads\/2012\/12\/calmella-cavolinii-11.jpg?fit=415%2C614&#038;ssl=1\" src=\"https:\/\/i0.wp.com\/opistobranquis.info\/wp-content\/uploads\/2012\/12\/calmella-cavolinii-11.jpg?w=446&#038;h=660&#038;ssl=1\" srcset=\"https:\/\/i0.wp.com\/opistobranquis.info\/wp-content\/uploads\/2012\/12\/calmella-cavolinii-11.jpg?w=415&amp;ssl=1 415w, https:\/\/i0.wp.com\/opistobranquis.info\/wp-content\/uploads\/2012\/12\/calmella-cavolinii-11.jpg?resize=202%2C300&amp;ssl=1 202w\" width=\"446\" height=\"660\" loading=\"lazy\" data-original-width=\"446\" data-original-height=\"660\" itemprop=\"http:\/\/schema.org\/image\" title=\"Calmella cavolini by Enric Madrenas\" alt=\"Calmella cavolini by Enric Madrenas\" style=\"width: 446px; height: 660px;\" \/> <\/a> <div class=\"tiled-gallery-caption\" itemprop=\"caption description\"> Calmella cavolini by Enric Madrenas <\/div> <\/div> <\/div> <!-- close group --> <\/div> <!-- close row --> <div class=\"gallery-row\" style=\"width: 900px; height: 437px;\" data-original-width=\"900\" data-original-height=\"437\" > <div class=\"gallery-group images-1\" style=\"width: 577px; height: 437px;\" data-original-width=\"577\" data-original-height=\"437\" > <div class=\"tiled-gallery-item tiled-gallery-item-large\" itemprop=\"associatedMedia\" itemscope itemtype=\"http:\/\/schema.org\/ImageObject\"> <a href=\"https:\/\/opistobranquis.info\/ca\/guia\/nudibranchia\/cladobranchia\/aeolidioidea\/flabellinidae\/calmella-cavolini\/calmella-cavolinii-17\/\" border=\"0\" itemprop=\"url\"> <meta itemprop=\"width\" content=\"573\"> <meta itemprop=\"height\" content=\"433\"> <img decoding=\"async\" class=\"\" data-attachment-id=\"4202\" data-orig-file=\"https:\/\/opistobranquis.info\/wp-content\/uploads\/2012\/12\/calmella-cavolinii-17.jpg\" data-orig-size=\"812,614\" data-comments-opened=\"\" data-image-title=\"Calmella cavolini by Enric Madrenas\" data-image-description=\"&lt;p&gt;Calmella cavolini by Enric Madrenas&lt;\/p&gt; \" data-medium-file=\"https:\/\/i0.wp.com\/opistobranquis.info\/wp-content\/uploads\/2012\/12\/calmella-cavolinii-17.jpg?fit=300%2C226&#038;ssl=1\" data-large-file=\"https:\/\/i0.wp.com\/opistobranquis.info\/wp-content\/uploads\/2012\/12\/calmella-cavolinii-17.jpg?fit=812%2C614&#038;ssl=1\" src=\"https:\/\/i0.wp.com\/opistobranquis.info\/wp-content\/uploads\/2012\/12\/calmella-cavolinii-17.jpg?w=573&#038;h=433&#038;ssl=1\" srcset=\"https:\/\/i0.wp.com\/opistobranquis.info\/wp-content\/uploads\/2012\/12\/calmella-cavolinii-17.jpg?w=812&amp;ssl=1 812w, https:\/\/i0.wp.com\/opistobranquis.info\/wp-content\/uploads\/2012\/12\/calmella-cavolinii-17.jpg?resize=300%2C226&amp;ssl=1 300w\" width=\"573\" height=\"433\" loading=\"lazy\" data-original-width=\"573\" data-original-height=\"433\" itemprop=\"http:\/\/schema.org\/image\" title=\"Calmella cavolini by Enric Madrenas\" alt=\"Calmella cavolini by Enric Madrenas\" style=\"width: 573px; height: 433px;\" \/> <\/a> <div class=\"tiled-gallery-caption\" itemprop=\"caption description\"> Calmella cavolini by Enric Madrenas <\/div> <\/div> <\/div> <!-- close group --> <div class=\"gallery-group images-2\" style=\"width: 323px; height: 437px;\" data-original-width=\"323\" data-original-height=\"437\" > <div class=\"tiled-gallery-item tiled-gallery-item-large\" itemprop=\"associatedMedia\" itemscope itemtype=\"http:\/\/schema.org\/ImageObject\"> <a href=\"https:\/\/opistobranquis.info\/ca\/guia\/nudibranchia\/cladobranchia\/aeolidioidea\/flabellinidae\/calmella-cavolini\/calmella-cavolinii-19\/\" border=\"0\" itemprop=\"url\"> <meta itemprop=\"width\" content=\"319\"> <meta itemprop=\"height\" content=\"215\"> <img decoding=\"async\" class=\"\" data-attachment-id=\"4203\" data-orig-file=\"https:\/\/opistobranquis.info\/wp-content\/uploads\/2012\/12\/calmella-cavolinii-19.jpg\" data-orig-size=\"814,548\" data-comments-opened=\"\" data-image-title=\"Calmella cavolini by Enric Madrenas\" data-image-description=\"&lt;p&gt;Calmella cavolini by Enric Madrenas&lt;\/p&gt; \" data-medium-file=\"https:\/\/i0.wp.com\/opistobranquis.info\/wp-content\/uploads\/2012\/12\/calmella-cavolinii-19.jpg?fit=300%2C201&#038;ssl=1\" data-large-file=\"https:\/\/i0.wp.com\/opistobranquis.info\/wp-content\/uploads\/2012\/12\/calmella-cavolinii-19.jpg?fit=814%2C548&#038;ssl=1\" src=\"https:\/\/i0.wp.com\/opistobranquis.info\/wp-content\/uploads\/2012\/12\/calmella-cavolinii-19.jpg?w=319&#038;h=215&#038;ssl=1\" srcset=\"https:\/\/i0.wp.com\/opistobranquis.info\/wp-content\/uploads\/2012\/12\/calmella-cavolinii-19.jpg?w=814&amp;ssl=1 814w, https:\/\/i0.wp.com\/opistobranquis.info\/wp-content\/uploads\/2012\/12\/calmella-cavolinii-19.jpg?resize=300%2C201&amp;ssl=1 300w\" width=\"319\" height=\"215\" loading=\"lazy\" data-original-width=\"319\" data-original-height=\"215\" itemprop=\"http:\/\/schema.org\/image\" title=\"Calmella cavolini by Enric Madrenas\" alt=\"Calmella cavolini by Enric Madrenas\" style=\"width: 319px; height: 215px;\" \/> <\/a> <div class=\"tiled-gallery-caption\" itemprop=\"caption description\"> Calmella cavolini by Enric Madrenas <\/div> <\/div> <div class=\"tiled-gallery-item tiled-gallery-item-large\" itemprop=\"associatedMedia\" itemscope itemtype=\"http:\/\/schema.org\/ImageObject\"> <a href=\"https:\/\/opistobranquis.info\/ca\/guia\/nudibranchia\/cladobranchia\/aeolidioidea\/flabellinidae\/calmella-cavolini\/calmella-cavolinii-20\/\" border=\"0\" itemprop=\"url\"> <meta itemprop=\"width\" content=\"319\"> <meta itemprop=\"height\" content=\"214\"> <img decoding=\"async\" class=\"\" data-attachment-id=\"4204\" data-orig-file=\"https:\/\/opistobranquis.info\/wp-content\/uploads\/2012\/12\/calmella-cavolinii-20.jpg\" data-orig-size=\"814,548\" data-comments-opened=\"\" data-image-title=\"Calmella cavolini by Enric Madrenas\" data-image-description=\"&lt;p&gt;Calmella cavolini by Enric Madrenas&lt;\/p&gt; \" data-medium-file=\"https:\/\/i0.wp.com\/opistobranquis.info\/wp-content\/uploads\/2012\/12\/calmella-cavolinii-20.jpg?fit=300%2C201&#038;ssl=1\" data-large-file=\"https:\/\/i0.wp.com\/opistobranquis.info\/wp-content\/uploads\/2012\/12\/calmella-cavolinii-20.jpg?fit=814%2C548&#038;ssl=1\" src=\"https:\/\/i0.wp.com\/opistobranquis.info\/wp-content\/uploads\/2012\/12\/calmella-cavolinii-20.jpg?w=319&#038;h=214&#038;ssl=1\" srcset=\"https:\/\/i0.wp.com\/opistobranquis.info\/wp-content\/uploads\/2012\/12\/calmella-cavolinii-20.jpg?w=814&amp;ssl=1 814w, https:\/\/i0.wp.com\/opistobranquis.info\/wp-content\/uploads\/2012\/12\/calmella-cavolinii-20.jpg?resize=300%2C201&amp;ssl=1 300w\" width=\"319\" height=\"214\" loading=\"lazy\" data-original-width=\"319\" data-original-height=\"214\" itemprop=\"http:\/\/schema.org\/image\" title=\"Calmella cavolini by Enric Madrenas\" alt=\"Calmella cavolini by Enric Madrenas\" style=\"width: 319px; height: 214px;\" \/> <\/a> <div class=\"tiled-gallery-caption\" itemprop=\"caption description\"> Calmella cavolini by Enric Madrenas <\/div> <\/div> <\/div> <!-- close group --> <\/div> <!-- close row --> <div class=\"gallery-row\" style=\"width: 900px; height: 446px;\" data-original-width=\"900\" data-original-height=\"446\" > <div class=\"gallery-group images-2\" style=\"width: 234px; height: 446px;\" data-original-width=\"234\" data-original-height=\"446\" > <div class=\"tiled-gallery-item tiled-gallery-item-small\" itemprop=\"associatedMedia\" itemscope itemtype=\"http:\/\/schema.org\/ImageObject\"> <a href=\"https:\/\/opistobranquis.info\/ca\/guia\/nudibranchia\/cladobranchia\/aeolidioidea\/flabellinidae\/calmella-cavolini\/img_0215m\/\" border=\"0\" itemprop=\"url\"> <meta itemprop=\"width\" content=\"230\"> <meta itemprop=\"height\" content=\"229\"> <img decoding=\"async\" class=\"\" data-attachment-id=\"19538\" data-orig-file=\"https:\/\/opistobranquis.info\/wp-content\/uploads\/2015\/05\/IMG_0215M.jpg\" data-orig-size=\"601,600\" data-comments-opened=\"\" data-image-title=\"Calmella cavolini @ Mallorca by Lenka Juskani\u010dov\u00e1\" data-image-description=\"&lt;p&gt;Calmella cavolini @ Mallorca by Lenka Juskani\u010dov\u00e1&lt;\/p&gt; \" data-medium-file=\"https:\/\/i0.wp.com\/opistobranquis.info\/wp-content\/uploads\/2015\/05\/IMG_0215M.jpg?fit=300%2C300&#038;ssl=1\" data-large-file=\"https:\/\/i0.wp.com\/opistobranquis.info\/wp-content\/uploads\/2015\/05\/IMG_0215M.jpg?fit=601%2C600&#038;ssl=1\" src=\"https:\/\/i0.wp.com\/opistobranquis.info\/wp-content\/uploads\/2015\/05\/IMG_0215M.jpg?w=230&#038;h=229&#038;ssl=1\" srcset=\"https:\/\/i0.wp.com\/opistobranquis.info\/wp-content\/uploads\/2015\/05\/IMG_0215M.jpg?w=601&amp;ssl=1 601w, https:\/\/i0.wp.com\/opistobranquis.info\/wp-content\/uploads\/2015\/05\/IMG_0215M.jpg?resize=150%2C150&amp;ssl=1 150w, https:\/\/i0.wp.com\/opistobranquis.info\/wp-content\/uploads\/2015\/05\/IMG_0215M.jpg?resize=300%2C300&amp;ssl=1 300w\" width=\"230\" height=\"229\" loading=\"lazy\" data-original-width=\"230\" data-original-height=\"229\" itemprop=\"http:\/\/schema.org\/image\" title=\"Calmella cavolini @ Mallorca by Lenka Juskani\u010dov\u00e1\" alt=\"Calmella cavolini @ Mallorca by Lenka Juskani\u010dov\u00e1\" style=\"width: 230px; height: 229px;\" \/> <\/a> <div class=\"tiled-gallery-caption\" itemprop=\"caption description\"> Calmella cavolini @ Mallorca by Lenka Juskani\u010dov\u00e1 <\/div> <\/div> <div class=\"tiled-gallery-item tiled-gallery-item-small\" itemprop=\"associatedMedia\" itemscope itemtype=\"http:\/\/schema.org\/ImageObject\"> <a href=\"https:\/\/opistobranquis.info\/ca\/guia\/nudibranchia\/cladobranchia\/aeolidioidea\/flabellinidae\/calmella-cavolini\/img_0871\/\" border=\"0\" itemprop=\"url\"> <meta itemprop=\"width\" content=\"230\"> <meta itemprop=\"height\" content=\"209\"> <img decoding=\"async\" class=\"\" data-attachment-id=\"19569\" data-orig-file=\"https:\/\/opistobranquis.info\/wp-content\/uploads\/2015\/05\/IMG_0871.jpg\" data-orig-size=\"660,600\" data-comments-opened=\"\" data-image-title=\"Calmella cavolini @ Mallorca by Lenka Juskani\u010dov\u00e1\" data-image-description=\"&lt;p&gt;Calmella cavolini @ Mallorca by Lenka Juskani\u010dov\u00e1&lt;\/p&gt; \" data-medium-file=\"https:\/\/i0.wp.com\/opistobranquis.info\/wp-content\/uploads\/2015\/05\/IMG_0871.jpg?fit=300%2C273&#038;ssl=1\" data-large-file=\"https:\/\/i0.wp.com\/opistobranquis.info\/wp-content\/uploads\/2015\/05\/IMG_0871.jpg?fit=660%2C600&#038;ssl=1\" src=\"https:\/\/i0.wp.com\/opistobranquis.info\/wp-content\/uploads\/2015\/05\/IMG_0871.jpg?w=230&#038;h=209&#038;ssl=1\" srcset=\"https:\/\/i0.wp.com\/opistobranquis.info\/wp-content\/uploads\/2015\/05\/IMG_0871.jpg?w=660&amp;ssl=1 660w, https:\/\/i0.wp.com\/opistobranquis.info\/wp-content\/uploads\/2015\/05\/IMG_0871.jpg?resize=150%2C136&amp;ssl=1 150w, https:\/\/i0.wp.com\/opistobranquis.info\/wp-content\/uploads\/2015\/05\/IMG_0871.jpg?resize=300%2C273&amp;ssl=1 300w\" width=\"230\" height=\"209\" loading=\"lazy\" data-original-width=\"230\" data-original-height=\"209\" itemprop=\"http:\/\/schema.org\/image\" title=\"Calmella cavolini @ Mallorca by Lenka Juskani\u010dov\u00e1\" alt=\"Calmella cavolini @ Mallorca by Lenka Juskani\u010dov\u00e1\" style=\"width: 230px; height: 209px;\" \/> <\/a> <div class=\"tiled-gallery-caption\" itemprop=\"caption description\"> Calmella cavolini @ Mallorca by Lenka Juskani\u010dov\u00e1 <\/div> <\/div> <\/div> <!-- close group --> <div class=\"gallery-group images-1\" style=\"width: 666px; height: 446px;\" data-original-width=\"666\" data-original-height=\"446\" > <div class=\"tiled-gallery-item tiled-gallery-item-large\" itemprop=\"associatedMedia\" itemscope itemtype=\"http:\/\/schema.org\/ImageObject\"> <a href=\"https:\/\/opistobranquis.info\/ca\/guia\/nudibranchia\/cladobranchia\/aeolidioidea\/flabellinidae\/calmella-cavolini\/calmella-cavolini-by-miquel-pontes-mpg_0703\/\" border=\"0\" itemprop=\"url\"> <meta itemprop=\"width\" content=\"662\"> <meta itemprop=\"height\" content=\"442\"> <img decoding=\"async\" class=\"\" data-attachment-id=\"31156\" data-orig-file=\"https:\/\/opistobranquis.info\/wp-content\/uploads\/2020\/12\/Calmella-cavolini-by-Miquel-Pontes-MPG_0703.jpg\" data-orig-size=\"1280,854\" data-comments-opened=\"\" data-image-title=\"Calmella cavolinii by Miquel Pontes\" data-image-description=\"&lt;p&gt;Calmella cavolinii by Miquel Pontes&lt;\/p&gt; \" data-medium-file=\"https:\/\/i0.wp.com\/opistobranquis.info\/wp-content\/uploads\/2020\/12\/Calmella-cavolini-by-Miquel-Pontes-MPG_0703.jpg?fit=300%2C200&#038;ssl=1\" data-large-file=\"https:\/\/i0.wp.com\/opistobranquis.info\/wp-content\/uploads\/2020\/12\/Calmella-cavolini-by-Miquel-Pontes-MPG_0703.jpg?fit=900%2C600&#038;ssl=1\" src=\"https:\/\/i0.wp.com\/opistobranquis.info\/wp-content\/uploads\/2020\/12\/Calmella-cavolini-by-Miquel-Pontes-MPG_0703.jpg?w=662&#038;h=442&#038;ssl=1\" srcset=\"https:\/\/i0.wp.com\/opistobranquis.info\/wp-content\/uploads\/2020\/12\/Calmella-cavolini-by-Miquel-Pontes-MPG_0703.jpg?w=1280&amp;ssl=1 1280w, https:\/\/i0.wp.com\/opistobranquis.info\/wp-content\/uploads\/2020\/12\/Calmella-cavolini-by-Miquel-Pontes-MPG_0703.jpg?resize=300%2C200&amp;ssl=1 300w, https:\/\/i0.wp.com\/opistobranquis.info\/wp-content\/uploads\/2020\/12\/Calmella-cavolini-by-Miquel-Pontes-MPG_0703.jpg?resize=1024%2C683&amp;ssl=1 1024w, https:\/\/i0.wp.com\/opistobranquis.info\/wp-content\/uploads\/2020\/12\/Calmella-cavolini-by-Miquel-Pontes-MPG_0703.jpg?resize=150%2C100&amp;ssl=1 150w\" width=\"662\" height=\"442\" loading=\"lazy\" data-original-width=\"662\" data-original-height=\"442\" itemprop=\"http:\/\/schema.org\/image\" title=\"Calmella cavolinii by Miquel Pontes\" alt=\"Calmella cavolinii by Miquel Pontes\" style=\"width: 662px; height: 442px;\" \/> <\/a> <div class=\"tiled-gallery-caption\" itemprop=\"caption description\"> Calmella cavolinii by Miquel Pontes <\/div> <\/div> <\/div> <!-- close group --> <\/div> <!-- close row --> <div class=\"gallery-row\" style=\"width: 900px; height: 301px;\" data-original-width=\"900\" data-original-height=\"301\" > <div class=\"gallery-group images-1\" style=\"width: 450px; height: 301px;\" data-original-width=\"450\" data-original-height=\"301\" > <div class=\"tiled-gallery-item tiled-gallery-item-large\" itemprop=\"associatedMedia\" itemscope itemtype=\"http:\/\/schema.org\/ImageObject\"> <a href=\"https:\/\/opistobranquis.info\/ca\/guia\/nudibranchia\/cladobranchia\/aeolidioidea\/flabellinidae\/calmella-cavolini\/calmella-cavolinii-by-miquel-pontes-dsc_5115\/\" border=\"0\" itemprop=\"url\"> <meta itemprop=\"width\" content=\"446\"> <meta itemprop=\"height\" content=\"297\"> <img decoding=\"async\" class=\"\" data-attachment-id=\"31157\" data-orig-file=\"https:\/\/opistobranquis.info\/wp-content\/uploads\/2020\/12\/Calmella-cavolinii-by-Miquel-Pontes-DSC_5115.jpg\" data-orig-size=\"1280,854\" data-comments-opened=\"\" data-image-title=\"Calmella cavolini by Miquel Pontes\" data-image-description=\"&lt;p&gt;Calmella cavolini by Miquel Pontes&lt;\/p&gt; \" data-medium-file=\"https:\/\/i0.wp.com\/opistobranquis.info\/wp-content\/uploads\/2020\/12\/Calmella-cavolinii-by-Miquel-Pontes-DSC_5115.jpg?fit=300%2C200&#038;ssl=1\" data-large-file=\"https:\/\/i0.wp.com\/opistobranquis.info\/wp-content\/uploads\/2020\/12\/Calmella-cavolinii-by-Miquel-Pontes-DSC_5115.jpg?fit=900%2C600&#038;ssl=1\" src=\"https:\/\/i0.wp.com\/opistobranquis.info\/wp-content\/uploads\/2020\/12\/Calmella-cavolinii-by-Miquel-Pontes-DSC_5115.jpg?w=446&#038;h=297&#038;ssl=1\" srcset=\"https:\/\/i0.wp.com\/opistobranquis.info\/wp-content\/uploads\/2020\/12\/Calmella-cavolinii-by-Miquel-Pontes-DSC_5115.jpg?w=1280&amp;ssl=1 1280w, https:\/\/i0.wp.com\/opistobranquis.info\/wp-content\/uploads\/2020\/12\/Calmella-cavolinii-by-Miquel-Pontes-DSC_5115.jpg?resize=300%2C200&amp;ssl=1 300w, https:\/\/i0.wp.com\/opistobranquis.info\/wp-content\/uploads\/2020\/12\/Calmella-cavolinii-by-Miquel-Pontes-DSC_5115.jpg?resize=1024%2C683&amp;ssl=1 1024w, https:\/\/i0.wp.com\/opistobranquis.info\/wp-content\/uploads\/2020\/12\/Calmella-cavolinii-by-Miquel-Pontes-DSC_5115.jpg?resize=150%2C100&amp;ssl=1 150w\" width=\"446\" height=\"297\" loading=\"lazy\" data-original-width=\"446\" data-original-height=\"297\" itemprop=\"http:\/\/schema.org\/image\" title=\"Calmella cavolini by Miquel Pontes\" alt=\"Calmella cavolini by Miquel Pontes\" style=\"width: 446px; height: 297px;\" \/> <\/a> <div class=\"tiled-gallery-caption\" itemprop=\"caption description\"> Calmella cavolini by Miquel Pontes <\/div> <\/div> <\/div> <!-- close group --> <div class=\"gallery-group images-1\" style=\"width: 450px; height: 301px;\" data-original-width=\"450\" data-original-height=\"301\" > <div class=\"tiled-gallery-item tiled-gallery-item-large\" itemprop=\"associatedMedia\" itemscope itemtype=\"http:\/\/schema.org\/ImageObject\"> <a href=\"https:\/\/opistobranquis.info\/ca\/guia\/nudibranchia\/cladobranchia\/aeolidioidea\/flabellinidae\/calmella-cavolini\/calmella-cavolinii-by-miquel-pontes-mpg_1634\/\" border=\"0\" itemprop=\"url\"> <meta itemprop=\"width\" content=\"446\"> <meta itemprop=\"height\" content=\"297\"> <img decoding=\"async\" class=\"\" data-attachment-id=\"31158\" data-orig-file=\"https:\/\/opistobranquis.info\/wp-content\/uploads\/2020\/12\/Calmella-cavolinii-by-Miquel-Pontes-MPG_1634.jpg\" data-orig-size=\"1280,853\" data-comments-opened=\"\" data-image-title=\"Calmella cavolini by Miquel Pontes\" data-image-description=\"&lt;p&gt;Calmella cavolini by Miquel Pontes&lt;\/p&gt; \" data-medium-file=\"https:\/\/i0.wp.com\/opistobranquis.info\/wp-content\/uploads\/2020\/12\/Calmella-cavolinii-by-Miquel-Pontes-MPG_1634.jpg?fit=300%2C200&#038;ssl=1\" data-large-file=\"https:\/\/i0.wp.com\/opistobranquis.info\/wp-content\/uploads\/2020\/12\/Calmella-cavolinii-by-Miquel-Pontes-MPG_1634.jpg?fit=900%2C599&#038;ssl=1\" src=\"https:\/\/i0.wp.com\/opistobranquis.info\/wp-content\/uploads\/2020\/12\/Calmella-cavolinii-by-Miquel-Pontes-MPG_1634.jpg?w=446&#038;h=297&#038;ssl=1\" srcset=\"https:\/\/i0.wp.com\/opistobranquis.info\/wp-content\/uploads\/2020\/12\/Calmella-cavolinii-by-Miquel-Pontes-MPG_1634.jpg?w=1280&amp;ssl=1 1280w, https:\/\/i0.wp.com\/opistobranquis.info\/wp-content\/uploads\/2020\/12\/Calmella-cavolinii-by-Miquel-Pontes-MPG_1634.jpg?resize=300%2C200&amp;ssl=1 300w, https:\/\/i0.wp.com\/opistobranquis.info\/wp-content\/uploads\/2020\/12\/Calmella-cavolinii-by-Miquel-Pontes-MPG_1634.jpg?resize=1024%2C682&amp;ssl=1 1024w, https:\/\/i0.wp.com\/opistobranquis.info\/wp-content\/uploads\/2020\/12\/Calmella-cavolinii-by-Miquel-Pontes-MPG_1634.jpg?resize=150%2C100&amp;ssl=1 150w\" width=\"446\" height=\"297\" loading=\"lazy\" data-original-width=\"446\" data-original-height=\"297\" itemprop=\"http:\/\/schema.org\/image\" title=\"Calmella cavolini by Miquel Pontes\" alt=\"Calmella cavolini by Miquel Pontes\" style=\"width: 446px; height: 297px;\" \/> <\/a> <div class=\"tiled-gallery-caption\" itemprop=\"caption description\"> Calmella cavolini by Miquel Pontes <\/div> <\/div> <\/div> <!-- close group --> <\/div> <!-- close row --> <div class=\"gallery-row\" style=\"width: 900px; height: 386px;\" data-original-width=\"900\" data-original-height=\"386\" > <div class=\"gallery-group images-1\" style=\"width: 514px; height: 386px;\" data-original-width=\"514\" data-original-height=\"386\" > <div class=\"tiled-gallery-item tiled-gallery-item-large\" itemprop=\"associatedMedia\" itemscope itemtype=\"http:\/\/schema.org\/ImageObject\"> <a href=\"https:\/\/opistobranquis.info\/ca\/guia\/nudibranchia\/cladobranchia\/aeolidioidea\/flabellinidae\/calmella-cavolini\/flabellina-cavolini-france-by-pascal-girard\/\" border=\"0\" itemprop=\"url\"> <meta itemprop=\"width\" content=\"510\"> <meta itemprop=\"height\" content=\"382\"> <img decoding=\"async\" class=\"\" data-attachment-id=\"36141\" data-orig-file=\"https:\/\/opistobranquis.info\/wp-content\/uploads\/2022\/12\/Flabellina-cavolini-@-France-by-Pascal-Girard.jpg\" data-orig-size=\"1280,960\" data-comments-opened=\"\" data-image-title=\"Calmella cavolini @ France by Pascal Girard\" data-image-description=\"&lt;p&gt;Calmella cavolini @ France by Pascal Girard&lt;\/p&gt; \" data-medium-file=\"https:\/\/i0.wp.com\/opistobranquis.info\/wp-content\/uploads\/2022\/12\/Flabellina-cavolini-%40-France-by-Pascal-Girard.jpg?fit=300%2C225&#038;ssl=1\" data-large-file=\"https:\/\/i0.wp.com\/opistobranquis.info\/wp-content\/uploads\/2022\/12\/Flabellina-cavolini-%40-France-by-Pascal-Girard.jpg?fit=900%2C675&#038;ssl=1\" src=\"https:\/\/i0.wp.com\/opistobranquis.info\/wp-content\/uploads\/2022\/12\/Flabellina-cavolini-%40-France-by-Pascal-Girard.jpg?w=510&#038;h=382&#038;ssl=1\" width=\"510\" height=\"382\" loading=\"lazy\" data-original-width=\"510\" data-original-height=\"382\" itemprop=\"http:\/\/schema.org\/image\" title=\"Calmella cavolini @ France by Pascal Girard\" alt=\"Calmella cavolini @ France by Pascal Girard\" style=\"width: 510px; height: 382px;\" \/> <\/a> <div class=\"tiled-gallery-caption\" itemprop=\"caption description\"> Calmella cavolini @ France by Pascal Girard <\/div> <\/div> <\/div> <!-- close group --> <div class=\"gallery-group images-1\" style=\"width: 386px; height: 386px;\" data-original-width=\"386\" data-original-height=\"386\" > <div class=\"tiled-gallery-item tiled-gallery-item-large\" itemprop=\"associatedMedia\" itemscope itemtype=\"http:\/\/schema.org\/ImageObject\"> <a href=\"https:\/\/opistobranquis.info\/ca\/guia\/nudibranchia\/cladobranchia\/aeolidioidea\/flabellinidae\/calmella-cavolini\/calmella-cavolinii-granada-por-luis-sanchez-tocino\/\" border=\"0\" itemprop=\"url\"> <meta itemprop=\"width\" content=\"382\"> <meta itemprop=\"height\" content=\"382\"> <img decoding=\"async\" class=\"\" data-attachment-id=\"36848\" data-orig-file=\"https:\/\/opistobranquis.info\/wp-content\/uploads\/2023\/01\/Calmella-cavolinii-@-Granada-por-Luis-Sanchez-Tocino.jpg\" data-orig-size=\"1000,1000\" data-comments-opened=\"\" data-image-title=\"Calmella cavolini @ Granada por Luis S\u00e1nchez Tocino\" data-image-description=\"&lt;p&gt;Calmella cavolini @ Granada por Luis S\u00e1nchez Tocino&lt;\/p&gt; \" data-medium-file=\"https:\/\/i0.wp.com\/opistobranquis.info\/wp-content\/uploads\/2023\/01\/Calmella-cavolinii-%40-Granada-por-Luis-Sanchez-Tocino.jpg?fit=300%2C300&#038;ssl=1\" data-large-file=\"https:\/\/i0.wp.com\/opistobranquis.info\/wp-content\/uploads\/2023\/01\/Calmella-cavolinii-%40-Granada-por-Luis-Sanchez-Tocino.jpg?fit=900%2C900&#038;ssl=1\" src=\"https:\/\/i0.wp.com\/opistobranquis.info\/wp-content\/uploads\/2023\/01\/Calmella-cavolinii-%40-Granada-por-Luis-Sanchez-Tocino.jpg?w=382&#038;h=382&#038;crop=1&#038;ssl=1\" width=\"382\" height=\"382\" loading=\"lazy\" data-original-width=\"382\" data-original-height=\"382\" itemprop=\"http:\/\/schema.org\/image\" title=\"Calmella cavolini @ Granada por Luis S\u00e1nchez Tocino\" alt=\"Calmella cavolini @ Granada por Luis S\u00e1nchez Tocino\" style=\"width: 382px; height: 382px;\" \/> <\/a> <div class=\"tiled-gallery-caption\" itemprop=\"caption description\"> Calmella cavolini @ Granada por Luis S\u00e1nchez Tocino <\/div> <\/div> <\/div> <!-- close group --> <\/div> <!-- close row --> <div class=\"gallery-row\" style=\"width: 900px; height: 900px;\" data-original-width=\"900\" data-original-height=\"900\" > <div class=\"gallery-group images-1\" style=\"width: 900px; height: 900px;\" data-original-width=\"900\" data-original-height=\"900\" > <div class=\"tiled-gallery-item tiled-gallery-item-large\" itemprop=\"associatedMedia\" itemscope itemtype=\"http:\/\/schema.org\/ImageObject\"> <a href=\"https:\/\/opistobranquis.info\/ca\/guia\/nudibranchia\/cladobranchia\/aeolidioidea\/flabellinidae\/calmella-cavolini\/calmella-cavolinii-2-granada-por-luis-sanchez-tocino\/\" border=\"0\" itemprop=\"url\"> <meta itemprop=\"width\" content=\"896\"> <meta itemprop=\"height\" content=\"896\"> <img decoding=\"async\" class=\"\" data-attachment-id=\"36849\" data-orig-file=\"https:\/\/opistobranquis.info\/wp-content\/uploads\/2023\/01\/Calmella-cavolinii-2-@-Granada-por-Luis-Sanchez-Tocino.jpg\" data-orig-size=\"1440,1440\" data-comments-opened=\"\" data-image-title=\"Calmella cavolini @ Granada por Luis S\u00e1nchez Tocino\" data-image-description=\"&lt;p&gt;Calmella cavolini @ Granada por Luis S\u00e1nchez Tocino&lt;\/p&gt; \" data-medium-file=\"https:\/\/i0.wp.com\/opistobranquis.info\/wp-content\/uploads\/2023\/01\/Calmella-cavolinii-2-%40-Granada-por-Luis-Sanchez-Tocino.jpg?fit=300%2C300&#038;ssl=1\" data-large-file=\"https:\/\/i0.wp.com\/opistobranquis.info\/wp-content\/uploads\/2023\/01\/Calmella-cavolinii-2-%40-Granada-por-Luis-Sanchez-Tocino.jpg?fit=900%2C900&#038;ssl=1\" src=\"https:\/\/i0.wp.com\/opistobranquis.info\/wp-content\/uploads\/2023\/01\/Calmella-cavolinii-2-%40-Granada-por-Luis-Sanchez-Tocino.jpg?w=896&#038;h=896&#038;crop=1&#038;ssl=1\" width=\"896\" height=\"896\" loading=\"lazy\" data-original-width=\"896\" data-original-height=\"896\" itemprop=\"http:\/\/schema.org\/image\" title=\"Calmella cavolini @ Granada por Luis S\u00e1nchez Tocino\" alt=\"Calmella cavolini @ Granada por Luis S\u00e1nchez Tocino\" style=\"width: 896px; height: 896px;\" \/> <\/a> <div class=\"tiled-gallery-caption\" itemprop=\"caption description\"> Calmella cavolini @ Granada por Luis S\u00e1nchez Tocino <\/div> <\/div> <\/div> <!-- close group --> <\/div> <!-- close row --> <\/div><\/p>\n<p><p><strong>Bibliografia<\/strong><\/p><ul><div id=\"zotpress-d53345f24b02997ed2962f394a3a363c\" class=\"zp-Zotpress zp-Zotpress-Bib wp-block-group\">\n\n\t\t<span class=\"ZP_API_USER_ID ZP_ATTR\">1246567<\/span>\n\t\t<span class=\"ZP_ITEM_KEY ZP_ATTR\"><\/span>\n\t\t<span class=\"ZP_COLLECTION_ID ZP_ATTR\"><\/span>\n\t\t<span class=\"ZP_TAG_ID ZP_ATTR\">Calmella cavolini<\/span>\n\t\t<span class=\"ZP_AUTHOR ZP_ATTR\"><\/span>\n\t\t<span class=\"ZP_YEAR ZP_ATTR\"><\/span>\n        <span class=\"ZP_ITEMTYPE ZP_ATTR\"><\/span>\n\t\t<span class=\"ZP_INCLUSIVE ZP_ATTR\">1<\/span>\n\t\t<span class=\"ZP_STYLE ZP_ATTR\">eunomia-revista-en-cultura-de-la-legalidad<\/span>\n\t\t<span class=\"ZP_LIMIT ZP_ATTR\">50<\/span>\n\t\t<span class=\"ZP_SORTBY ZP_ATTR\">creator<\/span>\n\t\t<span class=\"ZP_ORDER ZP_ATTR\">asc<\/span>\n\t\t<span class=\"ZP_TITLE ZP_ATTR\"><\/span>\n\t\t<span class=\"ZP_SHOWIMAGE ZP_ATTR\"><\/span>\n\t\t<span class=\"ZP_SHOWTAGS ZP_ATTR\"><\/span>\n\t\t<span class=\"ZP_DOWNLOADABLE ZP_ATTR\"><\/span>\n\t\t<span class=\"ZP_NOTES ZP_ATTR\"><\/span>\n\t\t<span class=\"ZP_ABSTRACT ZP_ATTR\"><\/span>\n\t\t<span class=\"ZP_CITEABLE ZP_ATTR\"><\/span>\n\t\t<span class=\"ZP_TARGET ZP_ATTR\">1<\/span>\n\t\t<span class=\"ZP_URLWRAP ZP_ATTR\"><\/span>\n\t\t<span class=\"ZP_FORCENUM ZP_ATTR\"><\/span>\n        <span class=\"ZP_HIGHLIGHT ZP_ATTR\"><\/span>\n        <span class=\"ZP_POSTID ZP_ATTR\">593<\/span>\n\t\t<span class=\"ZOTPRESS_PLUGIN_URL ZP_ATTR\">https:\/\/opistobranquis.info\/wp-content\/plugins\/zotpress\/<\/span>\n\n\t\t<div class=\"zp-List loading\">\n\t\t\t<div class=\"zp-SEO-Content\">\n\n\t\t\t<\/div><!-- .zp-zp-SEO-Content -->\n\t\t<\/div><!-- .zp-List -->\n\t<\/div><!--.zp-Zotpress-->\n\n<p><\/p>Bibliografia basada en els treballs de <b>Steve Long, 2006<\/b>. <a target=_blank href=https:\/\/opistobranquis.info\/wp-content\/uploads\/2016\/06\/Long-S.-2006-Bibliography-of-Opisthobranchia-1554-2000.pdf>Bibliography of Opisthobranchia 1554-2000<\/a> i <b>Gary McDonald, 2009<\/b>. <a href=http:\/\/escholarship.org\/uc\/item\/8115h0wz>Bibliographia Nudibranchia<\/a>, amb actualitzacions posteriors procedents d\u00b4altres fonts.<p><\/p><\/ul><p><\/p><p><strong>M\u00e9s informaci\u00f3<\/strong><\/p><span style=\"font-size:10pt\"><ul><ul class=\"blogroll-links\"><li><a href=\"http:\/\/www.biodiversitylibrary.org\/name\/Flabellina%20cavolini\">Biodiversity Heritage Library<\/a><\/li><li><a href=\"http:\/\/www.biologiamarina.org\/wp\/calmella\/\">BiologiaMarina.org<\/a><\/li><li><a href=\"http:\/\/www.cibsub.cat\/bioespecie_es-calmella_cavolinii-27550\">CIB - Club Immersio Biologia<\/a><\/li><li><a href=\"http:\/\/doris.ffessm.fr\/fiche2.asp?fiche_numero=1462\">DORIS<\/a><\/li><li><a href=\"https:\/\/litoraldegranada.ugr.es\/el-litoral\/el-litoral-sumergido\/fauna\/moluscos\/gasteropodos\/opistobranquios\/orden-nudibranchia\/fionoidea\/calmella-cavolini\/\">El Litoral de Granada<\/a><\/li><li><a href=\"https:\/\/www.flickr.com\/search\/?text=Flabellina%20cavolini\">Flickr pictures<\/a><\/li><li><a href=\"http:\/\/www.opistobranquis.org\/ca\/guia\/28\">GROC<\/a><\/li><li><a href=\"http:\/\/www.irmng.org\/aphia.php?p=taxlist&#038;tName=Flabellina%20cavolini\">Interim Register of Marine and Nonmarine Genera<\/a><\/li><li><a href=\"http:\/\/marenostrum.org\/vidamarina\/animalia\/invertebrados\/moluscos\/gasteropodos\/opistobranquios\/ccalvolinii\/index.htm\">M@re Nostrum<\/a><\/li><li><a href=\"http:\/\/www.ncbi.nlm.nih.gov\/Taxonomy\/Browser\/wwwtax.cgi?mode=Undef&#038;name=Flabellina%20cavolini&#038;lvl=0&#038;srchmode=1\">NCBI GenBank<\/a><\/li><li><a href=\"http:\/\/iobis.org\/mapper\/?taxon=Flabellina%20cavolini\">OBIS - Search by Taxon<\/a><\/li><li><a href=\"http:\/\/www.seaslugforum.net\/showall\/calmcavo\">Sea Slug Forum<\/a><\/li><li><a href=\"http:\/\/www.marinespecies.org\/aphia.php?p=taxdetails&#038;id=1044187\">World Register of Marine Species<\/a><\/li><\/ul><\/ul><\/span><p><strong>Citeu aquest article com: <\/strong><\/p><div style=\"display: block; background: #444444; padding: 10px 30px 10px 10px; border-radius: 5px; line-height: 18px;\"><p class=\"citacio\"><b>Ballesteros, M., Madrenas, E. &#38; Pontes, M.<\/b> (2025) <em>\"Calmella cavolini\"<\/em> a <em>OPK-Opistobranquis<\/em>. Publicat: 17\/05\/2012. Accedit: 05\/09\/2026. Disponible a (<a href=https:\/\/opistobranquis.info\/ca\/?p=593>https:\/\/opistobranquis.info\/ca\/?p=593<\/a>)<\/p><p><\/p><\/div><p><\/p><\/p>","protected":false},"excerpt":{"rendered":"<p>Calmella cavolini (Verany, 1846) Furfaro et al. (2021) revisen de nou l\u2019adscripci\u00f3 de les esp\u00e8cies del g\u00e8nere Calmella i conclouen que pertanyen al g\u00e8nere Flabellina, demostrant que el patr\u00f3 crom\u00e0tic entre Flabellina cavolini i Flabellina gaditana no \u00e9s un car\u00e0cter diagn\u00f2stic v\u00e0lid i que nom\u00e9s es poden distingir molecularment. Karmeinski et al (2021) retornen aquesta esp\u00e8cie al g\u00e8nere Calmella. Sin\u00f2nims Aeolis digitata\u00a0Costa A., 1866 Eolidia cavolini\u00a0V\u00e9rany, 1846\u00a0(original) Jojenia rubrobranchiata\u00a0Aradas, 1847\u2026<\/p>\n<p class=\"continue-reading-button\"> <a class=\"continue-reading-link\" href=\"https:\/\/opistobranquis.info\/ca\/guia\/nudibranchia\/cladobranchia\/aeolidioidea\/flabellinidae\/calmella-cavolini\/\">Continua llegint<i class=\"crycon-right-dir\"><\/i><\/a><\/p>\n","protected":false},"author":291,"featured_media":4201,"parent":46869,"menu_order":0,"comment_status":"closed","ping_status":"closed","template":"","meta":{"footnotes":""},"class_list":["post-593","page","type-page","status-publish","has-post-thumbnail","hentry"],"jetpack_sharing_enabled":true,"_links":{"self":[{"href":"https:\/\/opistobranquis.info\/ca\/wp-json\/wp\/v2\/pages\/593","targetHints":{"allow":["GET"]}}],"collection":[{"href":"https:\/\/opistobranquis.info\/ca\/wp-json\/wp\/v2\/pages"}],"about":[{"href":"https:\/\/opistobranquis.info\/ca\/wp-json\/wp\/v2\/types\/page"}],"author":[{"embeddable":true,"href":"https:\/\/opistobranquis.info\/ca\/wp-json\/wp\/v2\/users\/291"}],"replies":[{"embeddable":true,"href":"https:\/\/opistobranquis.info\/ca\/wp-json\/wp\/v2\/comments?post=593"}],"version-history":[{"count":13,"href":"https:\/\/opistobranquis.info\/ca\/wp-json\/wp\/v2\/pages\/593\/revisions"}],"predecessor-version":[{"id":37745,"href":"https:\/\/opistobranquis.info\/ca\/wp-json\/wp\/v2\/pages\/593\/revisions\/37745"}],"up":[{"embeddable":true,"href":"https:\/\/opistobranquis.info\/ca\/wp-json\/wp\/v2\/pages\/46869"}],"wp:featuredmedia":[{"embeddable":true,"href":"https:\/\/opistobranquis.info\/ca\/wp-json\/wp\/v2\/media\/4201"}],"wp:attachment":[{"href":"https:\/\/opistobranquis.info\/ca\/wp-json\/wp\/v2\/media?parent=593"}],"curies":[{"name":"wp","href":"https:\/\/api.w.org\/{rel}","templated":true}]}}