{"id":597,"date":"2012-05-17T07:38:55","date_gmt":"2012-05-17T05:38:55","guid":{"rendered":"https:\/\/opistobranquis.info\/flabellina-affinisflabellina-affinisflabellina-affinis"},"modified":"2025-06-12T09:20:40","modified_gmt":"2025-06-12T07:20:40","slug":"flabellina-affinis","status":"publish","type":"page","link":"https:\/\/opistobranquis.info\/ca\/guia\/nudibranchia\/cladobranchia\/aeolidioidea\/flabellinidae\/flabellina-affinis\/","title":{"rendered":"Flabellina affinis"},"content":{"rendered":"<p><\/p>\n<h3><em>Flabellina affinis<\/em> (Gmelin, 1791)<\/h3>\n<p><span style=\"font-size:10pt;\" class=\"aligncenter\"><div id=\"featured-img-id\"><img data-recalc-dims=\"1\" decoding=\"async\" src=\"https:\/\/i0.wp.com\/opistobranquis.info\/wp-content\/uploads\/2012\/12\/flabellina-affinis-041.jpg?w=900&#038;ssl=1\" alt=\"Flabellina affinis by Enric Madrenas\" \/><\/div><center><em>Flabellina affinis<\/em> per Enric Madrenas<\/center><\/span><p><\/p><div class=\"opk-worms\"><h3>Informaci\u00f3 taxon\u00f2mica WoRMS<\/h3><div class=\"opk-success\">Nom acceptat actual: <strong><em>Flabellina affinis<\/em> (Gmelin, 1791)<\/strong><\/div><h4>Classificaci\u00f3 actual<\/h4><table class=\"widefat striped\"><tr><th>Superdomain<\/th><td><a target=\"_blank\" href=\"https:\/\/www.marinespecies.org\/aphia.php?p=taxdetails&id=1\">Biota<\/a><\/td><\/tr><tr><th>Kingdom<\/th><td><a target=\"_blank\" href=\"https:\/\/www.marinespecies.org\/aphia.php?p=taxdetails&id=2\">Animalia<\/a><\/td><\/tr><tr><th>Phylum<\/th><td><a target=\"_blank\" href=\"https:\/\/www.marinespecies.org\/aphia.php?p=taxdetails&id=51\">Mollusca<\/a><\/td><\/tr><tr><th>Class<\/th><td><a target=\"_blank\" href=\"https:\/\/www.marinespecies.org\/aphia.php?p=taxdetails&id=101\">Gastropoda<\/a><\/td><\/tr><tr><th>Subclass<\/th><td><a target=\"_blank\" href=\"https:\/\/www.marinespecies.org\/aphia.php?p=taxdetails&id=14712\">Heterobranchia<\/a><\/td><\/tr><tr><th>Infraclass<\/th><td><a target=\"_blank\" href=\"https:\/\/www.marinespecies.org\/aphia.php?p=taxdetails&id=1057247\">Euthyneura<\/a><\/td><\/tr><tr><th>Subterclass<\/th><td><a target=\"_blank\" href=\"https:\/\/www.marinespecies.org\/aphia.php?p=taxdetails&id=1057249\">Ringipleura<\/a><\/td><\/tr><tr><th>Superorder<\/th><td><a target=\"_blank\" href=\"https:\/\/www.marinespecies.org\/aphia.php?p=taxdetails&id=411966\">Nudipleura<\/a><\/td><\/tr><tr><th>Order<\/th><td><a target=\"_blank\" href=\"https:\/\/www.marinespecies.org\/aphia.php?p=taxdetails&id=1762\">Nudibranchia<\/a><\/td><\/tr><tr><th>Suborder<\/th><td><a target=\"_blank\" href=\"https:\/\/www.marinespecies.org\/aphia.php?p=taxdetails&id=827889\">Cladobranchia<\/a><\/td><\/tr><tr><th>Superfamily<\/th><td><a target=\"_blank\" href=\"https:\/\/www.marinespecies.org\/aphia.php?p=taxdetails&id=412646\">Fionoidea<\/a><\/td><\/tr><tr><th>Family<\/th><td><a target=\"_blank\" href=\"https:\/\/www.marinespecies.org\/aphia.php?p=taxdetails&id=190\">Flabellinidae<\/a><\/td><\/tr><tr><th>Genus<\/th><td><a target=\"_blank\" href=\"https:\/\/www.marinespecies.org\/aphia.php?p=taxdetails&id=138019\"><em>Flabellina<\/em><\/a><\/td><\/tr><tr><th>Species<\/th><td><a target=\"_blank\" href=\"https:\/\/www.marinespecies.org\/aphia.php?p=taxdetails&id=139988\"><em>Flabellina affinis<\/em> (Gmelin, 1791)<\/a><\/td><\/tr><\/table><p class=\"footer\">Classificaci\u00f3 proporcionada pel World Register of Marine Species (WoRMS). [<a target=\"_blank\" href=\"https:\/\/www.marinespecies.org\/aphia.php?p=taxdetails&id=139988\">139988<\/a>]<\/p><\/div><p><strong>Nota taxon\u00f2mica<\/strong>: La classificaci\u00f3 dels Flabellinidae semblava for\u00e7a estable fins que el 2017 van apar\u00e8ixer una s\u00e8rie de treballs (Furfaro et al. 2017; Korshunova et al. 2017) que pretenien aclarir l\u00b4estatus de la fam\u00edlia Flabellinidae. L\u00b4objectiu principal del treball de Furfaro et al. era caracteritzar molecularment les esp\u00e8cies mediterr\u00e0nies mentre que el treball de Korshunova et al. pretenia aprofundir en les relacions filogen\u00e8tiques entre diversos membres de la fam\u00edlia Flabellinidae i les altres fam\u00edlies dels aeolidacis.<br>Tots dos treballs es basaven en la combinaci\u00f3 de t\u00e8cniques moleculars i morfol\u00f2giques i, de fet, no ofereixen resultats molt diferents, per\u00f2 s\u00ed difereixen en la mida i proced\u00e8ncia de les mostres estudiades i, sobretot, en la interpretaci\u00f3 d\u00b4aquests resultats. Despr\u00e9s de l\u00b4aparici\u00f3 del treball de Furfaro et al., moltes esp\u00e8cies Mediterr\u00e0nies dels g\u00e8neres <i>Calmella<\/i>, <i>Flabellina<\/i> i <i>Piseinotecus<\/i> es van agrupar sota el g\u00e8nere com\u00fa <i>Flabellina<\/i>, per\u00f2 van tenir determinats problemes amb algunes esp\u00e8cies que no encaixaven b\u00e9 amb la classificaci\u00f3 proposada (per exemple <i>Flabellina babai<\/i>), van descobrir que les poblacions mediterr\u00e0nia i atl\u00e0ntica de <i>Flabellina ischitana<\/i> corresponen a dues esp\u00e8cies cr\u00edptiques diferents, i van constatar els problemes del grup cr\u00edptic <i>Calmella cavolini<\/i> \/ <i>Flabellina confusa<\/i> \/ <i>Piseinotecus gaditanus<\/i> per la qual cosa van indicar la necessitat de fer nous estudis per aclarir el seu estatus.<br>Curiosament aquests estudis s\u00b4estaven duent a terme pr\u00e0cticament en paral\u00b7lel pel grup de Korshunova et al. per\u00f2 sobre una mostra d\u00b4esp\u00e8cies molt m\u00e9s \u00e0mplia i que comprenia exemplars de l\u00b4\u00c0rtic, Atl\u00e0ntic nord, oce\u00e0 Pac\u00edfic i \u00cdndic. Aquest segon treball confirma la polifilia de la fam\u00edlia Flabellinidae, per\u00f2 la seva forma d\u00b4interpretar els resultats representa una veritable revoluci\u00f3 per a la taxonomia dels aeolidacis, especialment per a la fam\u00edlia Flabellinidae.<br>Tots dos treballs observen que hi ha dos clades (grups) ben diferenciats de Flabellinidae: el de <i>Coryphella pedata<\/i> i similars, amb cerata que surten directament del dors, i el de <i>Flabellina affinis<\/i> i similars, que tenen els cerata de cada grup pedunculats. Encara que Furfaro et al. consideren a les esp\u00e8cies de tots dos clades pertanyents al g\u00e8nere <i>Flabellina<\/i> dins de la fam\u00edlia Flabellinidae, Korshunova et al. difer\u00e8ncia dues fam\u00edlies: Coryphellidae i Flabellinidae sensu stricto, creant a m\u00e9s multitud de g\u00e8neres diferents en aquestes fam\u00edlies per incloure a les esp\u00e8cies que estudien. La seva proposta taxon\u00f2mica, curiosament, d\u00f3na resposta als problemes trobats per Furfaro et al.<br>En certa manera tots dos treballs es complementen, si b\u00e9 en el treball de Korshunova et al. s\u00b4evidencia la manca d\u00b4estudis sobre les esp\u00e8cies de flabellinids tropicals i del sud d\u00b4Am\u00e8rica i \u00c0frica, de manera que encara no s\u00b4ha dit l\u00b4\u00faltima paraula. La proposta de creaci\u00f3 de nous g\u00e8neres per reunir petits grups d\u00b4esp\u00e8cies, en comptes de g\u00e8neres multiespec\u00edfics, sembla ser la tend\u00e8ncia en alguns dels treballs filogen\u00e8tics dels \u00faltims anys. Es pot consultar una discussi\u00f3 detallada d\u00b4aquesta apassionant controv\u00e8rsia a (<a href=\"https:\/\/opistobranquis.info\/ca\/flabellinidae\/\">https:\/\/opistobranquis.info\/ca\/flabellinidae\/<\/a>).<\/p><strong>Sin\u00f2nims<\/strong><\/p>\n<ul>\n<li><span id=\"aphia_ct_tu_597699\"><strong><i>Doris affinis<\/i> Gmelin, 1791 (original)<\/strong><\/span><\/li>\n<li><span id=\"aphia_ct_tu_748585\"><i>Eolidia flabellina<\/i> V\u00e9rany, 1846<\/span><\/li>\n<\/ul>\n<p><b>Descripci\u00f3<\/b><br \/>\n\u00c9s una esp\u00e8cie que pot aconseguir fins a 50 mm de longitud. El cos \u00e9s transl\u00facid i de coloraci\u00f3 general rosa-violaci, una mica m\u00e9s clar el peu. Palps orals i propodials tamb\u00e9 del color violaci. Els rin\u00f2fors s\u00f3n fins, anellats i del mateix color que el cos. L&#8217;\u00e0pex dels palps orals i dels rin\u00f2fors sol ser blanquinosos. Els cerata s\u00f3n llargs i estrets amb la punta afilada, semitransparents, de color violeta suau excepte el ter\u00e7 superior que \u00e9s una mica m\u00e9s fosc; l&#8217;\u00e0pex sol ser blanquin\u00f3s. Dins dels cerata el diverticle de la gl\u00e0ndula digestiva \u00e9s un fi cord\u00f3 de color marr\u00f3-vermell\u00f3s. Els cerata estan reunits en 7-8 grups a cada costat del cos; Els cerata de cada grup surten d&#8217;uns ap\u00e8ndixs gruixuts laterals del cos que tanmateix es subdivideixen en 2-3 ap\u00e8ndixs m\u00e9s petits, disposant cadascun d&#8217;aquests de 3-4 cerata. Aquests ap\u00e8ndixs dels que\u00a0 surten els cerata s\u00f3n de color rosat, podent-se distingir en ells en alguns exemplars unes petites taques de color violeta m\u00e9s fosc. Els orificis genitals es troben sota el primer grup de cerata de la dreta. El peu \u00e9s estret i semitransparent.<\/p>\n<p><b>Biologia<\/b><br \/>\n\u00c9s un dels nudibranquis m\u00e9s vistosos, abundant i f\u00e0cil d&#8217;identificar en les costes europees. Com la majoria dels nudibranquis eolid\u00e0cis , s&#8217;alimenta de hidrozous, en aquest cas de l\u2019atecat del g\u00e8nere <i>Eudendrium (E. ramosum, E. racemosum),<\/i> sobre col\u00f2nies arborescents les quals sol localitzar-se, freq\u00fcentment compartint substrat i aliment amb un altre eolid\u00e0ci molt freq\u00fcent, <i>Cratena peregrina<\/i>. Generalment es troba entre 5 i 20 m. de profunditat. <i>F. affinis<\/i> sol dipositar la posta sobre el mateix hidrari; aquesta t\u00e9 forma de cord\u00f3 ondulat de color rosat disposat quelcom desordenadament; l&#8217;ampl\u00e0ria del cord\u00f3 \u00e9s d&#8217;uns 0.5 mm i dins d&#8217;ell, els ous, d&#8217;unes 90 micres, estan col\u00b7locats de forma molt atape\u00efda entre si. No \u00e9s rar trobar exemplars parasitats amb cop\u00e8podes, les postes dels quals, en forma de cord\u00f3 blanc, s\u00f3n molt aparents en el dors del nudibranqui i entre els cerata.<\/p>\n<p><strong>Etimologia<\/strong><\/p>\n<ul>\n<li><em>Flabellina <\/em>deriva del llat\u00ed <em>Flabellum<\/em>, que significa &#8220;ventall&#8221;.<\/li>\n<li><em>Affinis<\/em>, es tradueix per &#8220;af\u00ed, similar&#8221;.<\/li>\n<\/ul>\n<p><strong>Distribuci\u00f3<\/strong><br \/>\nEs tracta d&#8217;un dels opistobranquis m\u00e9s freq\u00fcents i de m\u00e9s \u00e0mplia distribuci\u00f3 que es troben en aig\u00fces europees. En la Pen\u00ednsula Ib\u00e8rica ha estat citada en totes les seves costes excepte en la cornisa cant\u00e0brica i a Gal\u00edcia. Citada tamb\u00e9 a Balears i Can\u00e0ries. A Catalunya es presenta en totes les costes rocalloses, sempre on es trobi la seva esp\u00e8cie aliment. <div id=\"flxmap-6a99e37168f60\" class='flxmap-container' data-flxmap='flxmap_6a99e37168f60' style=\"width:100%;height:400px;\"><\/div>\n<script data-noptimize=\"1\">\n\/* <![CDATA[ *\/\n(function(w, fn) {\n if (w.addEventListener) w.addEventListener(\"DOMContentLoaded\", fn, false);\n else if (w.attachEvent) w.attachEvent(\"onload\", fn);\n})(window, function() {\n var f = new FlexibleMap();\n f.panControl = true;\n f.mapTypeId = \"satellite\";\n f.setlocale(\"ca-ES\");\n f.kmlcache = \"5 minutes\";\n f.showKML(\"flxmap-6a99e37168f60\", \"https:\/\/opistobranquis.info\/wp-content\/uploads\/kms\/597.kmz\");\n window.flxmap_6a99e37168f60 = f;\n});\n\/* ]]> *\/\n<\/script>\n<div style=\"width:100%;text-align:center;margin:12px 0 4px 0;\">\n  <div style=\"font-size:8pt;margin-bottom:6px;\">Cites georeferenciades conegudes de l'esp\u00e8cie: <em>Flabellina affinis<\/em><\/div>\n  <table style=\"margin:0 auto;border-collapse:collapse;font-size:8pt;\">\n    <tr><td colspan=\"2\" style=\"text-align:left;padding-bottom:4px;\"><strong>Fonts:<\/strong><\/td><\/tr>\n    <tr>\n      <td style=\"vertical-align:top;padding-right:40px;\">\n        <table style=\"border-collapse:collapse;\">\n<tr><td style='padding:1px 6px 1px 0;vertical-align:middle'><img data-recalc-dims=\"1\" src=\"https:\/\/i0.wp.com\/opistobranquis.info\/wp-content\/uploads\/kms\/wht-circle-lv.png?w=900&#038;ssl=1\" style='display:block'><\/td><td style='padding:1px 0;vertical-align:middle;white-space:nowrap'>OBIS<\/td><\/tr><tr><td style='padding:1px 6px 1px 0;vertical-align:middle'><img data-recalc-dims=\"1\" src=\"https:\/\/i0.wp.com\/opistobranquis.info\/wp-content\/uploads\/kms\/ylw-circle-lv.png?w=900&#038;ssl=1\" style='display:block'><\/td><td style='padding:1px 0;vertical-align:middle;white-space:nowrap'>GROC 2010-2011<\/td><\/tr><tr><td style='padding:1px 6px 1px 0;vertical-align:middle'><img data-recalc-dims=\"1\" src=\"https:\/\/i0.wp.com\/opistobranquis.info\/wp-content\/uploads\/kms\/grn-circle-lv.png?w=900&#038;ssl=1\" style='display:block'><\/td><td style='padding:1px 0;vertical-align:middle;white-space:nowrap'>Enric Madrenas<\/td><\/tr><tr><td style='padding:1px 6px 1px 0;vertical-align:middle'><img data-recalc-dims=\"1\" src=\"https:\/\/i0.wp.com\/opistobranquis.info\/wp-content\/uploads\/kms\/orange-circle-lv.png?w=900&#038;ssl=1\" style='display:block'><\/td><td style='padding:1px 0;vertical-align:middle;white-space:nowrap'>Jo\u00e3o Pedro Silva<\/td><\/tr><tr><td style='padding:1px 6px 1px 0;vertical-align:middle'><img data-recalc-dims=\"1\" src=\"https:\/\/i0.wp.com\/opistobranquis.info\/wp-content\/uploads\/kms\/pink-circle-lv.png?w=900&#038;ssl=1\" style='display:block'><\/td><td style='padding:1px 0;vertical-align:middle;white-space:nowrap'>Bernard Picton<\/td><\/tr><tr><td style='padding:1px 6px 1px 0;vertical-align:middle'><img data-recalc-dims=\"1\" src=\"https:\/\/i0.wp.com\/opistobranquis.info\/wp-content\/uploads\/kms\/blk-circle-lv.png?w=900&#038;ssl=1\" style='display:block'><\/td><td style='padding:1px 0;vertical-align:middle;white-space:nowrap'>GBIF<\/td><\/tr>        <\/table>\n      <\/td>\n      <td style=\"vertical-align:top;\">\n        <table style=\"border-collapse:collapse;\">\n<tr><td style='padding:1px 6px 1px 0;vertical-align:middle'><img data-recalc-dims=\"1\" src=\"https:\/\/i0.wp.com\/opistobranquis.info\/wp-content\/uploads\/kms\/purple-circle-lv.png?w=900&#038;ssl=1\" style='display:block'><\/td><td style='padding:1px 0;vertical-align:middle;white-space:nowrap'>OPK<\/td><\/tr><tr><td style='padding:1px 6px 1px 0;vertical-align:middle'><img data-recalc-dims=\"1\" src=\"https:\/\/i0.wp.com\/opistobranquis.info\/wp-content\/uploads\/kms\/red-circle-lv.png?w=900&#038;ssl=1\" style='display:block'><\/td><td style='padding:1px 0;vertical-align:middle;white-space:nowrap'>VIMAR<\/td><\/tr><tr><td style='padding:1px 6px 1px 0;vertical-align:middle'><img data-recalc-dims=\"1\" src=\"https:\/\/i0.wp.com\/opistobranquis.info\/wp-content\/uploads\/kms\/blu-circle-lv.png?w=900&#038;ssl=1\" style='display:block'><\/td><td style='padding:1px 0;vertical-align:middle;white-space:nowrap'>Manuel Ballesteros<\/td><\/tr><tr><td style='padding:1px 6px 1px 0;vertical-align:middle'><img data-recalc-dims=\"1\" src=\"https:\/\/i0.wp.com\/opistobranquis.info\/wp-content\/uploads\/kms\/cyan-circle-lv.png?w=900&#038;ssl=1\" style='display:block'><\/td><td style='padding:1px 0;vertical-align:middle;white-space:nowrap'>M@re Nostrum<\/td><\/tr><tr><td style='padding:1px 6px 1px 0;vertical-align:middle'><img data-recalc-dims=\"1\" src=\"https:\/\/i0.wp.com\/opistobranquis.info\/wp-content\/uploads\/kms\/grey-circle-lv.png?w=900&#038;ssl=1\" style='display:block'><\/td><td style='padding:1px 0;vertical-align:middle;white-space:nowrap'>Altres fonts<\/td><\/tr><tr><td style='padding:1px 6px 1px 0;vertical-align:middle'><img data-recalc-dims=\"1\" src=\"https:\/\/i0.wp.com\/opistobranquis.info\/wp-content\/uploads\/kms\/marreg.png?w=900&#038;ssl=1\" style='display:block'><\/td><td style='padding:1px 0;vertical-align:middle;white-space:nowrap'>Marine Regions<\/td><\/tr>        <\/table>\n      <\/td>\n    <\/tr>\n  <\/table>\n<\/div>\n<\/p>\n<p><strong>Esp\u00e8cies semblants<br \/>\n<\/strong><a href=\"https:\/\/opistobranquis.info\/guia\/nudibranchia\/cladobranchia\/fionoidea\/paraflabellina-ischitana\/\"><em>Paraflabellina ischitana<\/em><\/a> \u00e9s molt semblant per\u00f2 els cerata no tenen els extrems violeta. <a href=\"https:\/\/opistobranquis.info\/guia\/nudibranchia\/cladobranchia\/fionoidea\/edmundsella-pedata\/\"><em>Edmundsella pedata<\/em><\/a> t\u00e9 rin\u00f2fors llisos i els cerata surten directament del cos i sense els extrems violeta.<\/p>\n<p><strong>Error:<\/strong> Chart.js no est\u00e1 disponible.<\/p>\n<p><strong>Videos<\/strong><\/p>\n<p><iframe loading=\"lazy\" src=\"https:\/\/player.vimeo.com\/video\/784334472?dnt=1&amp;app_id=122963\" width=\"900\" height=\"506\" frameborder=\"0\" allow=\"autoplay; fullscreen; picture-in-picture; clipboard-write\"><\/iframe><\/p>\n<p><iframe loading=\"lazy\" src=\"https:\/\/player.vimeo.com\/video\/784334461?dnt=1&amp;app_id=122963\" width=\"900\" height=\"506\" frameborder=\"0\" allow=\"autoplay; fullscreen; picture-in-picture; clipboard-write\"><\/iframe><\/p>\n<p><iframe loading=\"lazy\" title=\"Flabelline mauve - flabellina affinis - Carnon (France)\" width=\"900\" height=\"506\" src=\"https:\/\/www.youtube.com\/embed\/CM52Sj1vzxc?feature=oembed\" frameborder=\"0\" allow=\"accelerometer; autoplay; clipboard-write; encrypted-media; gyroscope; picture-in-picture; web-share\" referrerpolicy=\"strict-origin-when-cross-origin\" allowfullscreen><\/iframe><\/p>\n<p>&nbsp;<\/p>\n<p><strong>Altres fotos<\/strong><br \/>\n<div class=\"tiled-gallery type-rectangular tiled-gallery-unresized\" data-original-width=\"900\" data-carousel-extra='{&quot;blog_id&quot;:1,&quot;permalink&quot;:&quot;https:\\\/\\\/opistobranquis.info\\\/ca\\\/guia\\\/nudibranchia\\\/cladobranchia\\\/aeolidioidea\\\/flabellinidae\\\/flabellina-affinis\\\/&quot;,&quot;likes_blog_id&quot;:44192421}' itemscope itemtype=\"http:\/\/schema.org\/ImageGallery\" > <div class=\"gallery-row\" style=\"width: 900px; height: 387px;\" data-original-width=\"900\" data-original-height=\"387\" > <div class=\"gallery-group images-1\" style=\"width: 263px; height: 387px;\" data-original-width=\"263\" data-original-height=\"387\" > <div class=\"tiled-gallery-item tiled-gallery-item-large\" itemprop=\"associatedMedia\" itemscope itemtype=\"http:\/\/schema.org\/ImageObject\"> <a href=\"https:\/\/opistobranquis.info\/ca\/guia\/nudibranchia\/cladobranchia\/aeolidioidea\/flabellinidae\/flabellina-affinis\/flabellina-affinis-001\/\" border=\"0\" itemprop=\"url\"> <meta itemprop=\"width\" content=\"259\"> <meta itemprop=\"height\" content=\"383\"> <img decoding=\"async\" class=\"\" data-attachment-id=\"4527\" data-orig-file=\"https:\/\/opistobranquis.info\/wp-content\/uploads\/2012\/12\/flabellina-affinis-001.jpg\" data-orig-size=\"415,614\" data-comments-opened=\"\" data-image-title=\"Flabellina affinis by Enric Madrenas\" data-image-description=\"&lt;p&gt;Flabellina affinis by Enric Madrenas&lt;\/p&gt; \" data-medium-file=\"https:\/\/i0.wp.com\/opistobranquis.info\/wp-content\/uploads\/2012\/12\/flabellina-affinis-001.jpg?fit=202%2C300&#038;ssl=1\" data-large-file=\"https:\/\/i0.wp.com\/opistobranquis.info\/wp-content\/uploads\/2012\/12\/flabellina-affinis-001.jpg?fit=415%2C614&#038;ssl=1\" src=\"https:\/\/i0.wp.com\/opistobranquis.info\/wp-content\/uploads\/2012\/12\/flabellina-affinis-001.jpg?w=259&#038;h=383&#038;ssl=1\" srcset=\"https:\/\/i0.wp.com\/opistobranquis.info\/wp-content\/uploads\/2012\/12\/flabellina-affinis-001.jpg?w=415&amp;ssl=1 415w, https:\/\/i0.wp.com\/opistobranquis.info\/wp-content\/uploads\/2012\/12\/flabellina-affinis-001.jpg?resize=202%2C300&amp;ssl=1 202w\" width=\"259\" height=\"383\" loading=\"lazy\" data-original-width=\"259\" data-original-height=\"383\" itemprop=\"http:\/\/schema.org\/image\" title=\"Flabellina affinis by Enric Madrenas\" alt=\"Flabellina affinis by Enric Madrenas\" style=\"width: 259px; height: 383px;\" \/> <\/a> <div class=\"tiled-gallery-caption\" itemprop=\"caption description\"> Flabellina affinis by Enric Madrenas <\/div> <\/div> <\/div> <!-- close group --> <div class=\"gallery-group images-1\" style=\"width: 374px; height: 387px;\" data-original-width=\"374\" data-original-height=\"387\" > <div class=\"tiled-gallery-item tiled-gallery-item-large\" itemprop=\"associatedMedia\" itemscope itemtype=\"http:\/\/schema.org\/ImageObject\"> <a href=\"https:\/\/opistobranquis.info\/ca\/guia\/nudibranchia\/cladobranchia\/aeolidioidea\/flabellinidae\/flabellina-affinis\/flabellina-affinis5\/\" border=\"0\" itemprop=\"url\"> <meta itemprop=\"width\" content=\"370\"> <meta itemprop=\"height\" content=\"383\"> <img decoding=\"async\" class=\"\" data-attachment-id=\"4528\" data-orig-file=\"https:\/\/opistobranquis.info\/wp-content\/uploads\/2012\/12\/flabellina-affinis5.jpg\" data-orig-size=\"280,290\" data-comments-opened=\"\" data-image-title=\"Flabellina affinis\" data-image-description=\"&lt;p&gt;Flabellina affinis&lt;\/p&gt; \" data-medium-file=\"https:\/\/i0.wp.com\/opistobranquis.info\/wp-content\/uploads\/2012\/12\/flabellina-affinis5.jpg?fit=280%2C290&#038;ssl=1\" data-large-file=\"https:\/\/i0.wp.com\/opistobranquis.info\/wp-content\/uploads\/2012\/12\/flabellina-affinis5.jpg?fit=280%2C290&#038;ssl=1\" src=\"https:\/\/i0.wp.com\/opistobranquis.info\/wp-content\/uploads\/2012\/12\/flabellina-affinis5.jpg?w=370&#038;h=383&#038;ssl=1\" width=\"370\" height=\"383\" loading=\"lazy\" data-original-width=\"370\" data-original-height=\"383\" itemprop=\"http:\/\/schema.org\/image\" title=\"Flabellina affinis\" alt=\"Flabellina affinis\" style=\"width: 370px; height: 383px;\" \/> <\/a> <div class=\"tiled-gallery-caption\" itemprop=\"caption description\"> Flabellina affinis <\/div> <\/div> <\/div> <!-- close group --> <div class=\"gallery-group images-1\" style=\"width: 263px; height: 387px;\" data-original-width=\"263\" data-original-height=\"387\" > <div class=\"tiled-gallery-item tiled-gallery-item-large\" itemprop=\"associatedMedia\" itemscope itemtype=\"http:\/\/schema.org\/ImageObject\"> <a href=\"https:\/\/opistobranquis.info\/ca\/guia\/nudibranchia\/cladobranchia\/aeolidioidea\/flabellinidae\/flabellina-affinis\/flabellina-affinis-09-cc3b2pula1\/\" border=\"0\" itemprop=\"url\"> <meta itemprop=\"width\" content=\"259\"> <meta itemprop=\"height\" content=\"383\"> <img decoding=\"async\" class=\"\" data-attachment-id=\"4529\" data-orig-file=\"https:\/\/opistobranquis.info\/wp-content\/uploads\/2012\/12\/flabellina-affinis-09-cc3b2pula1.jpg\" data-orig-size=\"416,614\" data-comments-opened=\"\" data-image-title=\"Flabellina affinis by Enric Madrenas\" data-image-description=\"&lt;p&gt;Flabellina affinis by Enric Madrenas&lt;\/p&gt; \" data-medium-file=\"https:\/\/i0.wp.com\/opistobranquis.info\/wp-content\/uploads\/2012\/12\/flabellina-affinis-09-cc3b2pula1.jpg?fit=203%2C300&#038;ssl=1\" data-large-file=\"https:\/\/i0.wp.com\/opistobranquis.info\/wp-content\/uploads\/2012\/12\/flabellina-affinis-09-cc3b2pula1.jpg?fit=416%2C614&#038;ssl=1\" src=\"https:\/\/i0.wp.com\/opistobranquis.info\/wp-content\/uploads\/2012\/12\/flabellina-affinis-09-cc3b2pula1.jpg?w=259&#038;h=383&#038;ssl=1\" srcset=\"https:\/\/i0.wp.com\/opistobranquis.info\/wp-content\/uploads\/2012\/12\/flabellina-affinis-09-cc3b2pula1.jpg?w=416&amp;ssl=1 416w, https:\/\/i0.wp.com\/opistobranquis.info\/wp-content\/uploads\/2012\/12\/flabellina-affinis-09-cc3b2pula1.jpg?resize=203%2C300&amp;ssl=1 203w\" width=\"259\" height=\"383\" loading=\"lazy\" data-original-width=\"259\" data-original-height=\"383\" itemprop=\"http:\/\/schema.org\/image\" title=\"Flabellina affinis by Enric Madrenas\" alt=\"Flabellina affinis by Enric Madrenas\" style=\"width: 259px; height: 383px;\" \/> <\/a> <div class=\"tiled-gallery-caption\" itemprop=\"caption description\"> Flabellina affinis by Enric Madrenas <\/div> <\/div> <\/div> <!-- close group --> <\/div> <!-- close row --> <div class=\"gallery-row\" style=\"width: 900px; height: 418px;\" data-original-width=\"900\" data-original-height=\"418\" > <div class=\"gallery-group images-1\" style=\"width: 615px; height: 418px;\" data-original-width=\"615\" data-original-height=\"418\" > <div class=\"tiled-gallery-item tiled-gallery-item-large\" itemprop=\"associatedMedia\" itemscope itemtype=\"http:\/\/schema.org\/ImageObject\"> <a href=\"https:\/\/opistobranquis.info\/ca\/guia\/nudibranchia\/cladobranchia\/aeolidioidea\/flabellinidae\/flabellina-affinis\/flabellina-affinis-011\/\" border=\"0\" itemprop=\"url\"> <meta itemprop=\"width\" content=\"611\"> <meta itemprop=\"height\" content=\"414\"> <img decoding=\"async\" class=\"\" data-attachment-id=\"4530\" data-orig-file=\"https:\/\/opistobranquis.info\/wp-content\/uploads\/2012\/12\/flabellina-affinis-011.jpg\" data-orig-size=\"814,552\" data-comments-opened=\"\" data-image-title=\"Flabellina affinis by Enric Madrenas\" data-image-description=\"&lt;p&gt;Flabellina affinis by Enric Madrenas&lt;\/p&gt; \" data-medium-file=\"https:\/\/i0.wp.com\/opistobranquis.info\/wp-content\/uploads\/2012\/12\/flabellina-affinis-011.jpg?fit=300%2C203&#038;ssl=1\" data-large-file=\"https:\/\/i0.wp.com\/opistobranquis.info\/wp-content\/uploads\/2012\/12\/flabellina-affinis-011.jpg?fit=814%2C552&#038;ssl=1\" src=\"https:\/\/i0.wp.com\/opistobranquis.info\/wp-content\/uploads\/2012\/12\/flabellina-affinis-011.jpg?w=611&#038;h=414&#038;ssl=1\" srcset=\"https:\/\/i0.wp.com\/opistobranquis.info\/wp-content\/uploads\/2012\/12\/flabellina-affinis-011.jpg?w=814&amp;ssl=1 814w, https:\/\/i0.wp.com\/opistobranquis.info\/wp-content\/uploads\/2012\/12\/flabellina-affinis-011.jpg?resize=300%2C203&amp;ssl=1 300w\" width=\"611\" height=\"414\" loading=\"lazy\" data-original-width=\"611\" data-original-height=\"414\" itemprop=\"http:\/\/schema.org\/image\" title=\"Flabellina affinis by Enric Madrenas\" alt=\"Flabellina affinis by Enric Madrenas\" style=\"width: 611px; height: 414px;\" \/> <\/a> <div class=\"tiled-gallery-caption\" itemprop=\"caption description\"> Flabellina affinis by Enric Madrenas <\/div> <\/div> <\/div> <!-- close group --> <div class=\"gallery-group images-1\" style=\"width: 285px; height: 418px;\" data-original-width=\"285\" data-original-height=\"418\" > <div class=\"tiled-gallery-item tiled-gallery-item-large\" itemprop=\"associatedMedia\" itemscope itemtype=\"http:\/\/schema.org\/ImageObject\"> <a href=\"https:\/\/opistobranquis.info\/ca\/guia\/nudibranchia\/cladobranchia\/aeolidioidea\/flabellinidae\/flabellina-affinis\/flabellina-affinis-031\/\" border=\"0\" itemprop=\"url\"> <meta itemprop=\"width\" content=\"281\"> <meta itemprop=\"height\" content=\"414\"> <img decoding=\"async\" class=\"\" data-attachment-id=\"4531\" data-orig-file=\"https:\/\/opistobranquis.info\/wp-content\/uploads\/2012\/12\/flabellina-affinis-031.jpg\" data-orig-size=\"416,614\" data-comments-opened=\"\" data-image-title=\"Flabellina affinis by Enric Madrenas\" data-image-description=\"&lt;p&gt;Flabellina affinis by Enric Madrenas&lt;\/p&gt; \" data-medium-file=\"https:\/\/i0.wp.com\/opistobranquis.info\/wp-content\/uploads\/2012\/12\/flabellina-affinis-031.jpg?fit=203%2C300&#038;ssl=1\" data-large-file=\"https:\/\/i0.wp.com\/opistobranquis.info\/wp-content\/uploads\/2012\/12\/flabellina-affinis-031.jpg?fit=416%2C614&#038;ssl=1\" src=\"https:\/\/i0.wp.com\/opistobranquis.info\/wp-content\/uploads\/2012\/12\/flabellina-affinis-031.jpg?w=281&#038;h=414&#038;ssl=1\" srcset=\"https:\/\/i0.wp.com\/opistobranquis.info\/wp-content\/uploads\/2012\/12\/flabellina-affinis-031.jpg?w=416&amp;ssl=1 416w, https:\/\/i0.wp.com\/opistobranquis.info\/wp-content\/uploads\/2012\/12\/flabellina-affinis-031.jpg?resize=203%2C300&amp;ssl=1 203w\" width=\"281\" height=\"414\" loading=\"lazy\" data-original-width=\"281\" data-original-height=\"414\" itemprop=\"http:\/\/schema.org\/image\" title=\"Flabellina affinis by Enric Madrenas\" alt=\"Flabellina affinis by Enric Madrenas\" style=\"width: 281px; height: 414px;\" \/> <\/a> <div class=\"tiled-gallery-caption\" itemprop=\"caption description\"> Flabellina affinis by Enric Madrenas <\/div> <\/div> <\/div> <!-- close group --> <\/div> <!-- close row --> <div class=\"gallery-row\" style=\"width: 900px; height: 420px;\" data-original-width=\"900\" data-original-height=\"420\" > <div class=\"gallery-group images-2\" style=\"width: 309px; height: 420px;\" data-original-width=\"309\" data-original-height=\"420\" > <div class=\"tiled-gallery-item tiled-gallery-item-large\" itemprop=\"associatedMedia\" itemscope itemtype=\"http:\/\/schema.org\/ImageObject\"> <a href=\"https:\/\/opistobranquis.info\/ca\/guia\/nudibranchia\/cladobranchia\/aeolidioidea\/flabellinidae\/flabellina-affinis\/flabellina-affinis-43\/\" border=\"0\" itemprop=\"url\"> <meta itemprop=\"width\" content=\"305\"> <meta itemprop=\"height\" content=\"206\"> <img decoding=\"async\" class=\"\" data-attachment-id=\"4533\" data-orig-file=\"https:\/\/opistobranquis.info\/wp-content\/uploads\/2012\/12\/flabellina-affinis-43.jpg\" data-orig-size=\"814,549\" data-comments-opened=\"\" data-image-title=\"Flabellina affinis by Enric Madrenas\" data-image-description=\"&lt;p&gt;Flabellina affinis by Enric Madrenas&lt;\/p&gt; \" data-medium-file=\"https:\/\/i0.wp.com\/opistobranquis.info\/wp-content\/uploads\/2012\/12\/flabellina-affinis-43.jpg?fit=300%2C202&#038;ssl=1\" data-large-file=\"https:\/\/i0.wp.com\/opistobranquis.info\/wp-content\/uploads\/2012\/12\/flabellina-affinis-43.jpg?fit=814%2C549&#038;ssl=1\" src=\"https:\/\/i0.wp.com\/opistobranquis.info\/wp-content\/uploads\/2012\/12\/flabellina-affinis-43.jpg?w=305&#038;h=206&#038;ssl=1\" srcset=\"https:\/\/i0.wp.com\/opistobranquis.info\/wp-content\/uploads\/2012\/12\/flabellina-affinis-43.jpg?w=814&amp;ssl=1 814w, https:\/\/i0.wp.com\/opistobranquis.info\/wp-content\/uploads\/2012\/12\/flabellina-affinis-43.jpg?resize=300%2C202&amp;ssl=1 300w\" width=\"305\" height=\"206\" loading=\"lazy\" data-original-width=\"305\" data-original-height=\"206\" itemprop=\"http:\/\/schema.org\/image\" title=\"Flabellina affinis by Enric Madrenas\" alt=\"Flabellina affinis by Enric Madrenas\" style=\"width: 305px; height: 206px;\" \/> <\/a> <div class=\"tiled-gallery-caption\" itemprop=\"caption description\"> Flabellina affinis by Enric Madrenas <\/div> <\/div> <div class=\"tiled-gallery-item tiled-gallery-item-large\" itemprop=\"associatedMedia\" itemscope itemtype=\"http:\/\/schema.org\/ImageObject\"> <a href=\"https:\/\/opistobranquis.info\/ca\/guia\/nudibranchia\/cladobranchia\/aeolidioidea\/flabellinidae\/flabellina-affinis\/flabellina-affinis-071\/\" border=\"0\" itemprop=\"url\"> <meta itemprop=\"width\" content=\"305\"> <meta itemprop=\"height\" content=\"206\"> <img decoding=\"async\" class=\"\" data-attachment-id=\"4534\" data-orig-file=\"https:\/\/opistobranquis.info\/wp-content\/uploads\/2012\/12\/flabellina-affinis-071.jpg\" data-orig-size=\"814,550\" data-comments-opened=\"\" data-image-title=\"Flabellina affinis by Enric Madrenas\" data-image-description=\"&lt;p&gt;Flabellina affinis by Enric Madrenas&lt;\/p&gt; \" data-medium-file=\"https:\/\/i0.wp.com\/opistobranquis.info\/wp-content\/uploads\/2012\/12\/flabellina-affinis-071.jpg?fit=300%2C202&#038;ssl=1\" data-large-file=\"https:\/\/i0.wp.com\/opistobranquis.info\/wp-content\/uploads\/2012\/12\/flabellina-affinis-071.jpg?fit=814%2C550&#038;ssl=1\" src=\"https:\/\/i0.wp.com\/opistobranquis.info\/wp-content\/uploads\/2012\/12\/flabellina-affinis-071.jpg?w=305&#038;h=206&#038;ssl=1\" srcset=\"https:\/\/i0.wp.com\/opistobranquis.info\/wp-content\/uploads\/2012\/12\/flabellina-affinis-071.jpg?w=814&amp;ssl=1 814w, https:\/\/i0.wp.com\/opistobranquis.info\/wp-content\/uploads\/2012\/12\/flabellina-affinis-071.jpg?resize=300%2C202&amp;ssl=1 300w\" width=\"305\" height=\"206\" loading=\"lazy\" data-original-width=\"305\" data-original-height=\"206\" itemprop=\"http:\/\/schema.org\/image\" title=\"Flabellina affinis by Enric Madrenas\" alt=\"Flabellina affinis by Enric Madrenas\" style=\"width: 305px; height: 206px;\" \/> <\/a> <div class=\"tiled-gallery-caption\" itemprop=\"caption description\"> Flabellina affinis by Enric Madrenas <\/div> <\/div> <\/div> <!-- close group --> <div class=\"gallery-group images-1\" style=\"width: 286px; height: 420px;\" data-original-width=\"286\" data-original-height=\"420\" > <div class=\"tiled-gallery-item tiled-gallery-item-large\" itemprop=\"associatedMedia\" itemscope itemtype=\"http:\/\/schema.org\/ImageObject\"> <a href=\"https:\/\/opistobranquis.info\/ca\/guia\/nudibranchia\/cladobranchia\/aeolidioidea\/flabellinidae\/flabellina-affinis\/flabellina-affinis-081\/\" border=\"0\" itemprop=\"url\"> <meta itemprop=\"width\" content=\"282\"> <meta itemprop=\"height\" content=\"416\"> <img decoding=\"async\" class=\"\" data-attachment-id=\"4535\" data-orig-file=\"https:\/\/opistobranquis.info\/wp-content\/uploads\/2012\/12\/flabellina-affinis-081.jpg\" data-orig-size=\"416,614\" data-comments-opened=\"\" data-image-title=\"Flabellina affinis by Enric Madrenas\" data-image-description=\"&lt;p&gt;Flabellina affinis by Enric Madrenas&lt;\/p&gt; \" data-medium-file=\"https:\/\/i0.wp.com\/opistobranquis.info\/wp-content\/uploads\/2012\/12\/flabellina-affinis-081.jpg?fit=203%2C300&#038;ssl=1\" data-large-file=\"https:\/\/i0.wp.com\/opistobranquis.info\/wp-content\/uploads\/2012\/12\/flabellina-affinis-081.jpg?fit=416%2C614&#038;ssl=1\" src=\"https:\/\/i0.wp.com\/opistobranquis.info\/wp-content\/uploads\/2012\/12\/flabellina-affinis-081.jpg?w=282&#038;h=416&#038;ssl=1\" srcset=\"https:\/\/i0.wp.com\/opistobranquis.info\/wp-content\/uploads\/2012\/12\/flabellina-affinis-081.jpg?w=416&amp;ssl=1 416w, https:\/\/i0.wp.com\/opistobranquis.info\/wp-content\/uploads\/2012\/12\/flabellina-affinis-081.jpg?resize=203%2C300&amp;ssl=1 203w\" width=\"282\" height=\"416\" loading=\"lazy\" data-original-width=\"282\" data-original-height=\"416\" itemprop=\"http:\/\/schema.org\/image\" title=\"Flabellina affinis by Enric Madrenas\" alt=\"Flabellina affinis by Enric Madrenas\" style=\"width: 282px; height: 416px;\" \/> <\/a> <div class=\"tiled-gallery-caption\" itemprop=\"caption description\"> Flabellina affinis by Enric Madrenas <\/div> <\/div> <\/div> <!-- close group --> <div class=\"gallery-group images-2\" style=\"width: 305px; height: 420px;\" data-original-width=\"305\" data-original-height=\"420\" > <div class=\"tiled-gallery-item tiled-gallery-item-large\" itemprop=\"associatedMedia\" itemscope itemtype=\"http:\/\/schema.org\/ImageObject\"> <a href=\"https:\/\/opistobranquis.info\/ca\/guia\/nudibranchia\/cladobranchia\/aeolidioidea\/flabellinidae\/flabellina-affinis\/flabellina-affinis-181\/\" border=\"0\" itemprop=\"url\"> <meta itemprop=\"width\" content=\"301\"> <meta itemprop=\"height\" content=\"210\"> <img decoding=\"async\" class=\"\" data-attachment-id=\"4536\" data-orig-file=\"https:\/\/opistobranquis.info\/wp-content\/uploads\/2012\/12\/flabellina-affinis-181.jpg\" data-orig-size=\"814,568\" data-comments-opened=\"\" data-image-title=\"Flabellina affinis by Enric Madrenas\" data-image-description=\"&lt;p&gt;Flabellina affinis by Enric Madrenas&lt;\/p&gt; \" data-medium-file=\"https:\/\/i0.wp.com\/opistobranquis.info\/wp-content\/uploads\/2012\/12\/flabellina-affinis-181.jpg?fit=300%2C209&#038;ssl=1\" data-large-file=\"https:\/\/i0.wp.com\/opistobranquis.info\/wp-content\/uploads\/2012\/12\/flabellina-affinis-181.jpg?fit=814%2C568&#038;ssl=1\" src=\"https:\/\/i0.wp.com\/opistobranquis.info\/wp-content\/uploads\/2012\/12\/flabellina-affinis-181.jpg?w=301&#038;h=210&#038;ssl=1\" srcset=\"https:\/\/i0.wp.com\/opistobranquis.info\/wp-content\/uploads\/2012\/12\/flabellina-affinis-181.jpg?w=814&amp;ssl=1 814w, https:\/\/i0.wp.com\/opistobranquis.info\/wp-content\/uploads\/2012\/12\/flabellina-affinis-181.jpg?resize=300%2C209&amp;ssl=1 300w\" width=\"301\" height=\"210\" loading=\"lazy\" data-original-width=\"301\" data-original-height=\"210\" itemprop=\"http:\/\/schema.org\/image\" title=\"Flabellina affinis by Enric Madrenas\" alt=\"Flabellina affinis by Enric Madrenas\" style=\"width: 301px; height: 210px;\" \/> <\/a> <div class=\"tiled-gallery-caption\" itemprop=\"caption description\"> Flabellina affinis by Enric Madrenas <\/div> <\/div> <div class=\"tiled-gallery-item tiled-gallery-item-large\" itemprop=\"associatedMedia\" itemscope itemtype=\"http:\/\/schema.org\/ImageObject\"> <a href=\"https:\/\/opistobranquis.info\/ca\/guia\/nudibranchia\/cladobranchia\/aeolidioidea\/flabellinidae\/flabellina-affinis\/flabellina-affinis-251\/\" border=\"0\" itemprop=\"url\"> <meta itemprop=\"width\" content=\"301\"> <meta itemprop=\"height\" content=\"202\"> <img decoding=\"async\" class=\"\" data-attachment-id=\"4537\" data-orig-file=\"https:\/\/opistobranquis.info\/wp-content\/uploads\/2012\/12\/flabellina-affinis-251.jpg\" data-orig-size=\"814,549\" data-comments-opened=\"\" data-image-title=\"Flabellina affinis by Enric Madrenas\" data-image-description=\"&lt;p&gt;Flabellina affinis by Enric Madrenas&lt;\/p&gt; \" data-medium-file=\"https:\/\/i0.wp.com\/opistobranquis.info\/wp-content\/uploads\/2012\/12\/flabellina-affinis-251.jpg?fit=300%2C202&#038;ssl=1\" data-large-file=\"https:\/\/i0.wp.com\/opistobranquis.info\/wp-content\/uploads\/2012\/12\/flabellina-affinis-251.jpg?fit=814%2C549&#038;ssl=1\" src=\"https:\/\/i0.wp.com\/opistobranquis.info\/wp-content\/uploads\/2012\/12\/flabellina-affinis-251.jpg?w=301&#038;h=202&#038;ssl=1\" srcset=\"https:\/\/i0.wp.com\/opistobranquis.info\/wp-content\/uploads\/2012\/12\/flabellina-affinis-251.jpg?w=814&amp;ssl=1 814w, https:\/\/i0.wp.com\/opistobranquis.info\/wp-content\/uploads\/2012\/12\/flabellina-affinis-251.jpg?resize=300%2C202&amp;ssl=1 300w\" width=\"301\" height=\"202\" loading=\"lazy\" data-original-width=\"301\" data-original-height=\"202\" itemprop=\"http:\/\/schema.org\/image\" title=\"Flabellina affinis by Enric Madrenas\" alt=\"Flabellina affinis by Enric Madrenas\" style=\"width: 301px; height: 202px;\" \/> <\/a> <div class=\"tiled-gallery-caption\" itemprop=\"caption description\"> Flabellina affinis by Enric Madrenas <\/div> <\/div> <\/div> <!-- close group --> <\/div> <!-- close row --> <div class=\"gallery-row\" style=\"width: 900px; height: 414px;\" data-original-width=\"900\" data-original-height=\"414\" > <div class=\"gallery-group images-1\" style=\"width: 611px; height: 414px;\" data-original-width=\"611\" data-original-height=\"414\" > <div class=\"tiled-gallery-item tiled-gallery-item-large\" itemprop=\"associatedMedia\" itemscope itemtype=\"http:\/\/schema.org\/ImageObject\"> <a href=\"https:\/\/opistobranquis.info\/ca\/guia\/nudibranchia\/cladobranchia\/aeolidioidea\/flabellinidae\/flabellina-affinis\/flabellina-affinis-391\/\" border=\"0\" itemprop=\"url\"> <meta itemprop=\"width\" content=\"607\"> <meta itemprop=\"height\" content=\"410\"> <img decoding=\"async\" class=\"\" data-attachment-id=\"4538\" data-orig-file=\"https:\/\/opistobranquis.info\/wp-content\/uploads\/2012\/12\/flabellina-affinis-391.jpg\" data-orig-size=\"814,549\" data-comments-opened=\"\" data-image-title=\"Flabellina affinis by Enric Madrenas\" data-image-description=\"&lt;p&gt;Flabellina affinis by Enric Madrenas&lt;\/p&gt; \" data-medium-file=\"https:\/\/i0.wp.com\/opistobranquis.info\/wp-content\/uploads\/2012\/12\/flabellina-affinis-391.jpg?fit=300%2C202&#038;ssl=1\" data-large-file=\"https:\/\/i0.wp.com\/opistobranquis.info\/wp-content\/uploads\/2012\/12\/flabellina-affinis-391.jpg?fit=814%2C549&#038;ssl=1\" src=\"https:\/\/i0.wp.com\/opistobranquis.info\/wp-content\/uploads\/2012\/12\/flabellina-affinis-391.jpg?w=607&#038;h=410&#038;ssl=1\" srcset=\"https:\/\/i0.wp.com\/opistobranquis.info\/wp-content\/uploads\/2012\/12\/flabellina-affinis-391.jpg?w=814&amp;ssl=1 814w, https:\/\/i0.wp.com\/opistobranquis.info\/wp-content\/uploads\/2012\/12\/flabellina-affinis-391.jpg?resize=300%2C202&amp;ssl=1 300w\" width=\"607\" height=\"410\" loading=\"lazy\" data-original-width=\"607\" data-original-height=\"410\" itemprop=\"http:\/\/schema.org\/image\" title=\"Flabellina affinis by Enric Madrenas\" alt=\"Flabellina affinis by Enric Madrenas\" style=\"width: 607px; height: 410px;\" \/> <\/a> <div class=\"tiled-gallery-caption\" itemprop=\"caption description\"> Flabellina affinis <\/div> <\/div> <\/div> <!-- close group --> <div class=\"gallery-group images-2\" style=\"width: 289px; height: 414px;\" data-original-width=\"289\" data-original-height=\"414\" > <div class=\"tiled-gallery-item tiled-gallery-item-large\" itemprop=\"associatedMedia\" itemscope itemtype=\"http:\/\/schema.org\/ImageObject\"> <a href=\"https:\/\/opistobranquis.info\/ca\/guia\/nudibranchia\/cladobranchia\/aeolidioidea\/flabellinidae\/flabellina-affinis\/flabellina-affinis-cratena-peregrina-001\/\" border=\"0\" itemprop=\"url\"> <meta itemprop=\"width\" content=\"285\"> <meta itemprop=\"height\" content=\"192\"> <img decoding=\"async\" class=\"\" data-attachment-id=\"4539\" data-orig-file=\"https:\/\/opistobranquis.info\/wp-content\/uploads\/2012\/12\/flabellina-affinis-cratena-peregrina-001.jpg\" data-orig-size=\"814,550\" data-comments-opened=\"\" data-image-title=\"Flabellina affinis and Cratena peregrina by Enric Madrenas\" data-image-description=\"&lt;p&gt;Flabellina affinis and Cratena peregrina by Enric Madrenas&lt;\/p&gt; \" data-medium-file=\"https:\/\/i0.wp.com\/opistobranquis.info\/wp-content\/uploads\/2012\/12\/flabellina-affinis-cratena-peregrina-001.jpg?fit=300%2C202&#038;ssl=1\" data-large-file=\"https:\/\/i0.wp.com\/opistobranquis.info\/wp-content\/uploads\/2012\/12\/flabellina-affinis-cratena-peregrina-001.jpg?fit=814%2C550&#038;ssl=1\" src=\"https:\/\/i0.wp.com\/opistobranquis.info\/wp-content\/uploads\/2012\/12\/flabellina-affinis-cratena-peregrina-001.jpg?w=285&#038;h=192&#038;ssl=1\" srcset=\"https:\/\/i0.wp.com\/opistobranquis.info\/wp-content\/uploads\/2012\/12\/flabellina-affinis-cratena-peregrina-001.jpg?w=814&amp;ssl=1 814w, https:\/\/i0.wp.com\/opistobranquis.info\/wp-content\/uploads\/2012\/12\/flabellina-affinis-cratena-peregrina-001.jpg?resize=300%2C202&amp;ssl=1 300w\" width=\"285\" height=\"192\" loading=\"lazy\" data-original-width=\"285\" data-original-height=\"192\" itemprop=\"http:\/\/schema.org\/image\" title=\"Flabellina affinis and Cratena peregrina by Enric Madrenas\" alt=\"Flabellina affinis and Cratena peregrina by Enric Madrenas\" style=\"width: 285px; height: 192px;\" \/> <\/a> <div class=\"tiled-gallery-caption\" itemprop=\"caption description\"> Flabellina affinis and Cratena peregrina by Enric Madrenas <\/div> <\/div> <div class=\"tiled-gallery-item tiled-gallery-item-large\" itemprop=\"associatedMedia\" itemscope itemtype=\"http:\/\/schema.org\/ImageObject\"> <a href=\"https:\/\/opistobranquis.info\/ca\/guia\/nudibranchia\/cladobranchia\/aeolidioidea\/flabellinidae\/flabellina-affinis\/olympus-digital-camera-163\/\" border=\"0\" itemprop=\"url\"> <meta itemprop=\"width\" content=\"285\"> <meta itemprop=\"height\" content=\"214\"> <img decoding=\"async\" class=\"\" data-attachment-id=\"24269\" data-orig-file=\"https:\/\/opistobranquis.info\/wp-content\/uploads\/2017\/12\/Flabellina-affinis-@-La-Herradura-Granada-Spain-3-04-2017-by-Stefan-Verheyen-1.jpg\" data-orig-size=\"1024,768\" data-comments-opened=\"\" data-image-title=\"Flabellina affinis @ La Herradura, Granada, Spain 3-04-2017 by Stefan Verheyen\" data-image-description=\"&lt;p&gt;Flabellina affinis @ La Herradura, Granada, Spain 3-04-2017 by Stefan Verheyen&lt;\/p&gt; \" data-medium-file=\"https:\/\/i0.wp.com\/opistobranquis.info\/wp-content\/uploads\/2017\/12\/Flabellina-affinis-%40-La-Herradura-Granada-Spain-3-04-2017-by-Stefan-Verheyen-1.jpg?fit=300%2C225&#038;ssl=1\" data-large-file=\"https:\/\/i0.wp.com\/opistobranquis.info\/wp-content\/uploads\/2017\/12\/Flabellina-affinis-%40-La-Herradura-Granada-Spain-3-04-2017-by-Stefan-Verheyen-1.jpg?fit=900%2C675&#038;ssl=1\" src=\"https:\/\/i0.wp.com\/opistobranquis.info\/wp-content\/uploads\/2017\/12\/Flabellina-affinis-%40-La-Herradura-Granada-Spain-3-04-2017-by-Stefan-Verheyen-1.jpg?w=285&#038;h=214&#038;ssl=1\" width=\"285\" height=\"214\" loading=\"lazy\" data-original-width=\"285\" data-original-height=\"214\" itemprop=\"http:\/\/schema.org\/image\" title=\"Flabellina affinis @ La Herradura, Granada, Spain 3-04-2017 by Stefan Verheyen\" alt=\"Flabellina affinis @ La Herradura, Granada, Spain 3-04-2017 by Stefan Verheyen\" style=\"width: 285px; height: 214px;\" \/> <\/a> <div class=\"tiled-gallery-caption\" itemprop=\"caption description\"> Flabellina affinis @ La Herradura, Granada, Spain 3-04-2017 by Stefan Verheyen <\/div> <\/div> <\/div> <!-- close group --> <\/div> <!-- close row --> <div class=\"gallery-row\" style=\"width: 900px; height: 226px;\" data-original-width=\"900\" data-original-height=\"226\" > <div class=\"gallery-group images-1\" style=\"width: 300px; height: 226px;\" data-original-width=\"300\" data-original-height=\"226\" > <div class=\"tiled-gallery-item tiled-gallery-item-large\" itemprop=\"associatedMedia\" itemscope itemtype=\"http:\/\/schema.org\/ImageObject\"> <a href=\"https:\/\/opistobranquis.info\/ca\/guia\/nudibranchia\/cladobranchia\/aeolidioidea\/flabellinidae\/flabellina-affinis\/olympus-digital-camera-164\/\" border=\"0\" itemprop=\"url\"> <meta itemprop=\"width\" content=\"296\"> <meta itemprop=\"height\" content=\"222\"> <img decoding=\"async\" class=\"\" data-attachment-id=\"24270\" data-orig-file=\"https:\/\/opistobranquis.info\/wp-content\/uploads\/2017\/12\/Flabellina-affinis-@-La-Herradura-Granada-Spain-3-04-2017-by-Stefan-Verheyen-2.jpg\" data-orig-size=\"1024,768\" data-comments-opened=\"\" data-image-title=\"Flabellina affinis @ La Herradura, Granada, Spain 3-04-2017 by Stefan Verheyen\" data-image-description=\"&lt;p&gt;Flabellina affinis @ La Herradura, Granada, Spain 3-04-2017 by Stefan Verheyen&lt;\/p&gt; \" data-medium-file=\"https:\/\/i0.wp.com\/opistobranquis.info\/wp-content\/uploads\/2017\/12\/Flabellina-affinis-%40-La-Herradura-Granada-Spain-3-04-2017-by-Stefan-Verheyen-2.jpg?fit=300%2C225&#038;ssl=1\" data-large-file=\"https:\/\/i0.wp.com\/opistobranquis.info\/wp-content\/uploads\/2017\/12\/Flabellina-affinis-%40-La-Herradura-Granada-Spain-3-04-2017-by-Stefan-Verheyen-2.jpg?fit=900%2C675&#038;ssl=1\" src=\"https:\/\/i0.wp.com\/opistobranquis.info\/wp-content\/uploads\/2017\/12\/Flabellina-affinis-%40-La-Herradura-Granada-Spain-3-04-2017-by-Stefan-Verheyen-2.jpg?w=296&#038;h=222&#038;ssl=1\" width=\"296\" height=\"222\" loading=\"lazy\" data-original-width=\"296\" data-original-height=\"222\" itemprop=\"http:\/\/schema.org\/image\" title=\"Flabellina affinis @ La Herradura, Granada, Spain 3-04-2017 by Stefan Verheyen\" alt=\"Flabellina affinis @ La Herradura, Granada, Spain 3-04-2017 by Stefan Verheyen\" style=\"width: 296px; height: 222px;\" \/> <\/a> <div class=\"tiled-gallery-caption\" itemprop=\"caption description\"> Flabellina affinis @ La Herradura, Granada, Spain 3-04-2017 by Stefan Verheyen <\/div> <\/div> <\/div> <!-- close group --> <div class=\"gallery-group images-1\" style=\"width: 300px; height: 226px;\" data-original-width=\"300\" data-original-height=\"226\" > <div class=\"tiled-gallery-item tiled-gallery-item-large\" itemprop=\"associatedMedia\" itemscope itemtype=\"http:\/\/schema.org\/ImageObject\"> <a href=\"https:\/\/opistobranquis.info\/ca\/guia\/nudibranchia\/cladobranchia\/aeolidioidea\/flabellinidae\/flabellina-affinis\/olympus-digital-camera-165\/\" border=\"0\" itemprop=\"url\"> <meta itemprop=\"width\" content=\"296\"> <meta itemprop=\"height\" content=\"222\"> <img decoding=\"async\" class=\"\" data-attachment-id=\"24271\" data-orig-file=\"https:\/\/opistobranquis.info\/wp-content\/uploads\/2017\/12\/Flabellina-affinis-@-La-Herradura-Granada-Spain-9-04-2017-by-Stefan-Verheyen.jpg\" data-orig-size=\"1024,768\" data-comments-opened=\"\" data-image-title=\"Flabellina affinis @ La Herradura, Granada, Spain 9-04-2017 by Stefan Verheyen\" data-image-description=\"&lt;p&gt;Flabellina affinis @ La Herradura, Granada, Spain 9-04-2017 by Stefan Verheyen&lt;\/p&gt; \" data-medium-file=\"https:\/\/i0.wp.com\/opistobranquis.info\/wp-content\/uploads\/2017\/12\/Flabellina-affinis-%40-La-Herradura-Granada-Spain-9-04-2017-by-Stefan-Verheyen.jpg?fit=300%2C225&#038;ssl=1\" data-large-file=\"https:\/\/i0.wp.com\/opistobranquis.info\/wp-content\/uploads\/2017\/12\/Flabellina-affinis-%40-La-Herradura-Granada-Spain-9-04-2017-by-Stefan-Verheyen.jpg?fit=900%2C675&#038;ssl=1\" src=\"https:\/\/i0.wp.com\/opistobranquis.info\/wp-content\/uploads\/2017\/12\/Flabellina-affinis-%40-La-Herradura-Granada-Spain-9-04-2017-by-Stefan-Verheyen.jpg?w=296&#038;h=222&#038;ssl=1\" width=\"296\" height=\"222\" loading=\"lazy\" data-original-width=\"296\" data-original-height=\"222\" itemprop=\"http:\/\/schema.org\/image\" title=\"Flabellina affinis @ La Herradura, Granada, Spain 9-04-2017 by Stefan Verheyen\" alt=\"Flabellina affinis @ La Herradura, Granada, Spain 9-04-2017 by Stefan Verheyen\" style=\"width: 296px; height: 222px;\" \/> <\/a> <div class=\"tiled-gallery-caption\" itemprop=\"caption description\"> Flabellina affinis @ La Herradura, Granada, Spain 9-04-2017 by Stefan Verheyen <\/div> <\/div> <\/div> <!-- close group --> <div class=\"gallery-group images-1\" style=\"width: 300px; height: 226px;\" data-original-width=\"300\" data-original-height=\"226\" > <div class=\"tiled-gallery-item tiled-gallery-item-large\" itemprop=\"associatedMedia\" itemscope itemtype=\"http:\/\/schema.org\/ImageObject\"> <a href=\"https:\/\/opistobranquis.info\/ca\/guia\/nudibranchia\/cladobranchia\/aeolidioidea\/flabellinidae\/flabellina-affinis\/olympus-digital-camera-166\/\" border=\"0\" itemprop=\"url\"> <meta itemprop=\"width\" content=\"296\"> <meta itemprop=\"height\" content=\"222\"> <img decoding=\"async\" class=\"\" data-attachment-id=\"24272\" data-orig-file=\"https:\/\/opistobranquis.info\/wp-content\/uploads\/2017\/12\/Flabellina-affinis-with-parasite-copepods-@-La-Herradura-Granada-Spain-11-04-2017-by-Stefan-Verheyen.jpg\" data-orig-size=\"1024,768\" data-comments-opened=\"\" data-image-title=\"Flabellina affinis with parasite copepods @ La Herradura, Granada, Spain 11-04-2017 by Stefan Verheyen\" data-image-description=\"&lt;p&gt;Flabellina affinis with parasite copepods @ La Herradura, Granada, Spain 11-04-2017 by Stefan Verheyen&lt;\/p&gt; \" data-medium-file=\"https:\/\/i0.wp.com\/opistobranquis.info\/wp-content\/uploads\/2017\/12\/Flabellina-affinis-with-parasite-copepods-%40-La-Herradura-Granada-Spain-11-04-2017-by-Stefan-Verheyen.jpg?fit=300%2C225&#038;ssl=1\" data-large-file=\"https:\/\/i0.wp.com\/opistobranquis.info\/wp-content\/uploads\/2017\/12\/Flabellina-affinis-with-parasite-copepods-%40-La-Herradura-Granada-Spain-11-04-2017-by-Stefan-Verheyen.jpg?fit=900%2C675&#038;ssl=1\" src=\"https:\/\/i0.wp.com\/opistobranquis.info\/wp-content\/uploads\/2017\/12\/Flabellina-affinis-with-parasite-copepods-%40-La-Herradura-Granada-Spain-11-04-2017-by-Stefan-Verheyen.jpg?w=296&#038;h=222&#038;ssl=1\" width=\"296\" height=\"222\" loading=\"lazy\" data-original-width=\"296\" data-original-height=\"222\" itemprop=\"http:\/\/schema.org\/image\" title=\"Flabellina affinis with parasite copepods @ La Herradura, Granada, Spain 11-04-2017 by Stefan Verheyen\" alt=\"Flabellina affinis with parasite copepods @ La Herradura, Granada, Spain 11-04-2017 by Stefan Verheyen\" style=\"width: 296px; height: 222px;\" \/> <\/a> <div class=\"tiled-gallery-caption\" itemprop=\"caption description\"> Flabellina affinis with parasite copepods @ La Herradura, Granada, Spain 11-04-2017 by Stefan Verheyen <\/div> <\/div> <\/div> <!-- close group --> <\/div> <!-- close row --> <div class=\"gallery-row\" style=\"width: 900px; height: 402px;\" data-original-width=\"900\" data-original-height=\"402\" > <div class=\"gallery-group images-2\" style=\"width: 299px; height: 402px;\" data-original-width=\"299\" data-original-height=\"402\" > <div class=\"tiled-gallery-item tiled-gallery-item-large\" itemprop=\"associatedMedia\" itemscope itemtype=\"http:\/\/schema.org\/ImageObject\"> <a href=\"https:\/\/opistobranquis.info\/ca\/guia\/nudibranchia\/cladobranchia\/aeolidioidea\/flabellinidae\/flabellina-affinis\/flabellina-affinis-sicily-italy-by-lara-orselli-7\/\" border=\"0\" itemprop=\"url\"> <meta itemprop=\"width\" content=\"295\"> <meta itemprop=\"height\" content=\"197\"> <img decoding=\"async\" class=\"\" data-attachment-id=\"30821\" data-orig-file=\"https:\/\/opistobranquis.info\/wp-content\/uploads\/2020\/11\/Flabellina-affinis-@-Sicily-Italy-by-Lara-Orselli-7.jpg\" data-orig-size=\"1280,853\" data-comments-opened=\"\" data-image-title=\"Flabellina affinis @ Sicily, Italy by Lara Orselli\" data-image-description=\"&lt;p&gt;Flabellina affinis @ Sicily, Italy by Lara Orselli&lt;\/p&gt; \" data-medium-file=\"https:\/\/i0.wp.com\/opistobranquis.info\/wp-content\/uploads\/2020\/11\/Flabellina-affinis-%40-Sicily-Italy-by-Lara-Orselli-7.jpg?fit=300%2C200&#038;ssl=1\" data-large-file=\"https:\/\/i0.wp.com\/opistobranquis.info\/wp-content\/uploads\/2020\/11\/Flabellina-affinis-%40-Sicily-Italy-by-Lara-Orselli-7.jpg?fit=900%2C599&#038;ssl=1\" src=\"https:\/\/i0.wp.com\/opistobranquis.info\/wp-content\/uploads\/2020\/11\/Flabellina-affinis-%40-Sicily-Italy-by-Lara-Orselli-7.jpg?w=295&#038;h=197&#038;ssl=1\" width=\"295\" height=\"197\" loading=\"lazy\" data-original-width=\"295\" data-original-height=\"197\" itemprop=\"http:\/\/schema.org\/image\" title=\"Flabellina affinis @ Sicily, Italy by Lara Orselli\" alt=\"Flabellina affinis @ Sicily, Italy by Lara Orselli\" style=\"width: 295px; height: 197px;\" \/> <\/a> <div class=\"tiled-gallery-caption\" itemprop=\"caption description\"> Flabellina affinis @ Sicily, Italy by Lara Orselli <\/div> <\/div> <div class=\"tiled-gallery-item tiled-gallery-item-large\" itemprop=\"associatedMedia\" itemscope itemtype=\"http:\/\/schema.org\/ImageObject\"> <a href=\"https:\/\/opistobranquis.info\/ca\/guia\/nudibranchia\/cladobranchia\/aeolidioidea\/flabellinidae\/flabellina-affinis\/flabellina-affinis-sicily-italy-by-lara-orselli-8\/\" border=\"0\" itemprop=\"url\"> <meta itemprop=\"width\" content=\"295\"> <meta itemprop=\"height\" content=\"197\"> <img decoding=\"async\" class=\"\" data-attachment-id=\"30822\" data-orig-file=\"https:\/\/opistobranquis.info\/wp-content\/uploads\/2020\/11\/flabellina-affinis-@-Sicily-Italy-by-Lara-Orselli-8.jpg\" data-orig-size=\"1280,854\" data-comments-opened=\"\" data-image-title=\"Flabellina affinis @ Sicily, Italy by Lara Orselli\" data-image-description=\"&lt;p&gt;Flabellina affinis @ Sicily, Italy by Lara Orselli&lt;\/p&gt; \" data-medium-file=\"https:\/\/i0.wp.com\/opistobranquis.info\/wp-content\/uploads\/2020\/11\/flabellina-affinis-%40-Sicily-Italy-by-Lara-Orselli-8.jpg?fit=300%2C200&#038;ssl=1\" data-large-file=\"https:\/\/i0.wp.com\/opistobranquis.info\/wp-content\/uploads\/2020\/11\/flabellina-affinis-%40-Sicily-Italy-by-Lara-Orselli-8.jpg?fit=900%2C600&#038;ssl=1\" src=\"https:\/\/i0.wp.com\/opistobranquis.info\/wp-content\/uploads\/2020\/11\/flabellina-affinis-%40-Sicily-Italy-by-Lara-Orselli-8.jpg?w=295&#038;h=197&#038;ssl=1\" width=\"295\" height=\"197\" loading=\"lazy\" data-original-width=\"295\" data-original-height=\"197\" itemprop=\"http:\/\/schema.org\/image\" title=\"Flabellina affinis @ Sicily, Italy by Lara Orselli\" alt=\"Flabellina affinis @ Sicily, Italy by Lara Orselli\" style=\"width: 295px; height: 197px;\" \/> <\/a> <div class=\"tiled-gallery-caption\" itemprop=\"caption description\"> Flabellina affinis @ Sicily, Italy by Lara Orselli <\/div> <\/div> <\/div> <!-- close group --> <div class=\"gallery-group images-1\" style=\"width: 601px; height: 402px;\" data-original-width=\"601\" data-original-height=\"402\" > <div class=\"tiled-gallery-item tiled-gallery-item-large\" itemprop=\"associatedMedia\" itemscope itemtype=\"http:\/\/schema.org\/ImageObject\"> <a href=\"https:\/\/opistobranquis.info\/ca\/guia\/nudibranchia\/cladobranchia\/aeolidioidea\/flabellinidae\/flabellina-affinis\/flabellina-affinis-by-miquel-pontes-dsc_2102\/\" border=\"0\" itemprop=\"url\"> <meta itemprop=\"width\" content=\"597\"> <meta itemprop=\"height\" content=\"398\"> <img decoding=\"async\" class=\"\" data-attachment-id=\"31194\" data-orig-file=\"https:\/\/opistobranquis.info\/wp-content\/uploads\/2021\/01\/Flabellina-affinis-by-Miquel-Pontes-DSC_2102.jpg\" data-orig-size=\"1280,854\" data-comments-opened=\"\" data-image-title=\"Flabellina affinis by Miquel Pontes\" data-image-description=\"&lt;p&gt;Flabellina affinis by Miquel Pontes&lt;\/p&gt; \" data-medium-file=\"https:\/\/i0.wp.com\/opistobranquis.info\/wp-content\/uploads\/2021\/01\/Flabellina-affinis-by-Miquel-Pontes-DSC_2102.jpg?fit=300%2C200&#038;ssl=1\" data-large-file=\"https:\/\/i0.wp.com\/opistobranquis.info\/wp-content\/uploads\/2021\/01\/Flabellina-affinis-by-Miquel-Pontes-DSC_2102.jpg?fit=900%2C600&#038;ssl=1\" src=\"https:\/\/i0.wp.com\/opistobranquis.info\/wp-content\/uploads\/2021\/01\/Flabellina-affinis-by-Miquel-Pontes-DSC_2102.jpg?w=597&#038;h=398&#038;ssl=1\" srcset=\"https:\/\/i0.wp.com\/opistobranquis.info\/wp-content\/uploads\/2021\/01\/Flabellina-affinis-by-Miquel-Pontes-DSC_2102.jpg?w=1280&amp;ssl=1 1280w, https:\/\/i0.wp.com\/opistobranquis.info\/wp-content\/uploads\/2021\/01\/Flabellina-affinis-by-Miquel-Pontes-DSC_2102.jpg?resize=300%2C200&amp;ssl=1 300w, https:\/\/i0.wp.com\/opistobranquis.info\/wp-content\/uploads\/2021\/01\/Flabellina-affinis-by-Miquel-Pontes-DSC_2102.jpg?resize=1024%2C683&amp;ssl=1 1024w, https:\/\/i0.wp.com\/opistobranquis.info\/wp-content\/uploads\/2021\/01\/Flabellina-affinis-by-Miquel-Pontes-DSC_2102.jpg?resize=150%2C100&amp;ssl=1 150w\" width=\"597\" height=\"398\" loading=\"lazy\" data-original-width=\"597\" data-original-height=\"398\" itemprop=\"http:\/\/schema.org\/image\" title=\"Flabellina affinis by Miquel Pontes\" alt=\"Flabellina affinis by Miquel Pontes\" style=\"width: 597px; height: 398px;\" \/> <\/a> <div class=\"tiled-gallery-caption\" itemprop=\"caption description\"> Flabellina affinis by Miquel Pontes <\/div> <\/div> <\/div> <!-- close group --> <\/div> <!-- close row --> <div class=\"gallery-row\" style=\"width: 900px; height: 302px;\" data-original-width=\"900\" data-original-height=\"302\" > <div class=\"gallery-group images-1\" style=\"width: 450px; height: 302px;\" data-original-width=\"450\" data-original-height=\"302\" > <div class=\"tiled-gallery-item tiled-gallery-item-large\" itemprop=\"associatedMedia\" itemscope itemtype=\"http:\/\/schema.org\/ImageObject\"> <a href=\"https:\/\/opistobranquis.info\/ca\/guia\/nudibranchia\/cladobranchia\/aeolidioidea\/flabellinidae\/flabellina-affinis\/flabellina-affinis-by-miquel-pontes-mpg_1056\/\" border=\"0\" itemprop=\"url\"> <meta itemprop=\"width\" content=\"446\"> <meta itemprop=\"height\" content=\"298\"> <img decoding=\"async\" class=\"\" data-attachment-id=\"31195\" data-orig-file=\"https:\/\/opistobranquis.info\/wp-content\/uploads\/2021\/01\/Flabellina-affinis-by-Miquel-Pontes-MPG_1056.jpg\" data-orig-size=\"1280,854\" data-comments-opened=\"\" data-image-title=\"Flabellina affinis by Miquel Pontes\" data-image-description=\"&lt;p&gt;Flabellina affinis by Miquel Pontes&lt;\/p&gt; \" data-medium-file=\"https:\/\/i0.wp.com\/opistobranquis.info\/wp-content\/uploads\/2021\/01\/Flabellina-affinis-by-Miquel-Pontes-MPG_1056.jpg?fit=300%2C200&#038;ssl=1\" data-large-file=\"https:\/\/i0.wp.com\/opistobranquis.info\/wp-content\/uploads\/2021\/01\/Flabellina-affinis-by-Miquel-Pontes-MPG_1056.jpg?fit=900%2C600&#038;ssl=1\" src=\"https:\/\/i0.wp.com\/opistobranquis.info\/wp-content\/uploads\/2021\/01\/Flabellina-affinis-by-Miquel-Pontes-MPG_1056.jpg?w=446&#038;h=298&#038;ssl=1\" srcset=\"https:\/\/i0.wp.com\/opistobranquis.info\/wp-content\/uploads\/2021\/01\/Flabellina-affinis-by-Miquel-Pontes-MPG_1056.jpg?w=1280&amp;ssl=1 1280w, https:\/\/i0.wp.com\/opistobranquis.info\/wp-content\/uploads\/2021\/01\/Flabellina-affinis-by-Miquel-Pontes-MPG_1056.jpg?resize=300%2C200&amp;ssl=1 300w, https:\/\/i0.wp.com\/opistobranquis.info\/wp-content\/uploads\/2021\/01\/Flabellina-affinis-by-Miquel-Pontes-MPG_1056.jpg?resize=1024%2C683&amp;ssl=1 1024w, https:\/\/i0.wp.com\/opistobranquis.info\/wp-content\/uploads\/2021\/01\/Flabellina-affinis-by-Miquel-Pontes-MPG_1056.jpg?resize=150%2C100&amp;ssl=1 150w\" width=\"446\" height=\"298\" loading=\"lazy\" data-original-width=\"446\" data-original-height=\"298\" itemprop=\"http:\/\/schema.org\/image\" title=\"Flabellina affinis by Miquel Pontes\" alt=\"Flabellina affinis by Miquel Pontes\" style=\"width: 446px; height: 298px;\" \/> <\/a> <div class=\"tiled-gallery-caption\" itemprop=\"caption description\"> Flabellina affinis by Miquel Pontes <\/div> <\/div> <\/div> <!-- close group --> <div class=\"gallery-group images-1\" style=\"width: 450px; height: 302px;\" data-original-width=\"450\" data-original-height=\"302\" > <div class=\"tiled-gallery-item tiled-gallery-item-large\" itemprop=\"associatedMedia\" itemscope itemtype=\"http:\/\/schema.org\/ImageObject\"> <a href=\"https:\/\/opistobranquis.info\/ca\/guia\/nudibranchia\/cladobranchia\/aeolidioidea\/flabellinidae\/flabellina-affinis\/flabellina-affinis-by-miquel-pontes-mpg_5985\/\" border=\"0\" itemprop=\"url\"> <meta itemprop=\"width\" content=\"446\"> <meta itemprop=\"height\" content=\"298\"> <img decoding=\"async\" class=\"\" data-attachment-id=\"31196\" data-orig-file=\"https:\/\/opistobranquis.info\/wp-content\/uploads\/2021\/01\/Flabellina-affinis-by-Miquel-Pontes-MPG_5985.jpg\" data-orig-size=\"1280,854\" data-comments-opened=\"\" data-image-title=\"Flabellina affinis by Miquel Pontes\" data-image-description=\"&lt;p&gt;Flabellina affinis by Miquel Pontes&lt;\/p&gt; \" data-medium-file=\"https:\/\/i0.wp.com\/opistobranquis.info\/wp-content\/uploads\/2021\/01\/Flabellina-affinis-by-Miquel-Pontes-MPG_5985.jpg?fit=300%2C200&#038;ssl=1\" data-large-file=\"https:\/\/i0.wp.com\/opistobranquis.info\/wp-content\/uploads\/2021\/01\/Flabellina-affinis-by-Miquel-Pontes-MPG_5985.jpg?fit=900%2C600&#038;ssl=1\" src=\"https:\/\/i0.wp.com\/opistobranquis.info\/wp-content\/uploads\/2021\/01\/Flabellina-affinis-by-Miquel-Pontes-MPG_5985.jpg?w=446&#038;h=298&#038;ssl=1\" srcset=\"https:\/\/i0.wp.com\/opistobranquis.info\/wp-content\/uploads\/2021\/01\/Flabellina-affinis-by-Miquel-Pontes-MPG_5985.jpg?w=1280&amp;ssl=1 1280w, https:\/\/i0.wp.com\/opistobranquis.info\/wp-content\/uploads\/2021\/01\/Flabellina-affinis-by-Miquel-Pontes-MPG_5985.jpg?resize=300%2C200&amp;ssl=1 300w, https:\/\/i0.wp.com\/opistobranquis.info\/wp-content\/uploads\/2021\/01\/Flabellina-affinis-by-Miquel-Pontes-MPG_5985.jpg?resize=1024%2C683&amp;ssl=1 1024w, https:\/\/i0.wp.com\/opistobranquis.info\/wp-content\/uploads\/2021\/01\/Flabellina-affinis-by-Miquel-Pontes-MPG_5985.jpg?resize=150%2C100&amp;ssl=1 150w\" width=\"446\" height=\"298\" loading=\"lazy\" data-original-width=\"446\" data-original-height=\"298\" itemprop=\"http:\/\/schema.org\/image\" title=\"Flabellina affinis by Miquel Pontes\" alt=\"Flabellina affinis by Miquel Pontes\" style=\"width: 446px; height: 298px;\" \/> <\/a> <div class=\"tiled-gallery-caption\" itemprop=\"caption description\"> Flabellina affinis by Miquel Pontes <\/div> <\/div> <\/div> <!-- close group --> <\/div> <!-- close row --> <div class=\"gallery-row\" style=\"width: 900px; height: 319px;\" data-original-width=\"900\" data-original-height=\"319\" > <div class=\"gallery-group images-1\" style=\"width: 424px; height: 319px;\" data-original-width=\"424\" data-original-height=\"319\" > <div class=\"tiled-gallery-item tiled-gallery-item-large\" itemprop=\"associatedMedia\" itemscope itemtype=\"http:\/\/schema.org\/ImageObject\"> <a href=\"https:\/\/opistobranquis.info\/ca\/guia\/nudibranchia\/cladobranchia\/aeolidioidea\/flabellinidae\/flabellina-affinis\/flabellina-affinis-by-nani-diez-img_20210103_102559_970\/\" border=\"0\" itemprop=\"url\"> <meta itemprop=\"width\" content=\"420\"> <meta itemprop=\"height\" content=\"315\"> <img decoding=\"async\" class=\"\" data-attachment-id=\"31954\" data-orig-file=\"https:\/\/opistobranquis.info\/wp-content\/uploads\/2021\/03\/Flabellina-affinis-by-Nani-Diez-IMG_20210103_102559_970.jpg\" data-orig-size=\"1280,960\" data-comments-opened=\"\" data-image-title=\"Flabellina affinis by Nani D\u00edez\" data-image-description=\"&lt;p&gt;Flabellina affinis by Nani D\u00edez&lt;\/p&gt; \" data-medium-file=\"https:\/\/i0.wp.com\/opistobranquis.info\/wp-content\/uploads\/2021\/03\/Flabellina-affinis-by-Nani-Diez-IMG_20210103_102559_970.jpg?fit=300%2C225&#038;ssl=1\" data-large-file=\"https:\/\/i0.wp.com\/opistobranquis.info\/wp-content\/uploads\/2021\/03\/Flabellina-affinis-by-Nani-Diez-IMG_20210103_102559_970.jpg?fit=900%2C675&#038;ssl=1\" src=\"https:\/\/i0.wp.com\/opistobranquis.info\/wp-content\/uploads\/2021\/03\/Flabellina-affinis-by-Nani-Diez-IMG_20210103_102559_970.jpg?w=420&#038;h=315&#038;ssl=1\" srcset=\"https:\/\/i0.wp.com\/opistobranquis.info\/wp-content\/uploads\/2021\/03\/Flabellina-affinis-by-Nani-Diez-IMG_20210103_102559_970.jpg?w=1280&amp;ssl=1 1280w, https:\/\/i0.wp.com\/opistobranquis.info\/wp-content\/uploads\/2021\/03\/Flabellina-affinis-by-Nani-Diez-IMG_20210103_102559_970.jpg?resize=300%2C225&amp;ssl=1 300w, https:\/\/i0.wp.com\/opistobranquis.info\/wp-content\/uploads\/2021\/03\/Flabellina-affinis-by-Nani-Diez-IMG_20210103_102559_970.jpg?resize=1024%2C768&amp;ssl=1 1024w, https:\/\/i0.wp.com\/opistobranquis.info\/wp-content\/uploads\/2021\/03\/Flabellina-affinis-by-Nani-Diez-IMG_20210103_102559_970.jpg?resize=150%2C113&amp;ssl=1 150w\" width=\"420\" height=\"315\" loading=\"lazy\" data-original-width=\"420\" data-original-height=\"315\" itemprop=\"http:\/\/schema.org\/image\" title=\"Flabellina affinis by Nani D\u00edez\" alt=\"Flabellina affinis by Nani D\u00edez\" style=\"width: 420px; height: 315px;\" \/> <\/a> <div class=\"tiled-gallery-caption\" itemprop=\"caption description\"> Flabellina affinis by Nani D\u00edez <\/div> <\/div> <\/div> <!-- close group --> <div class=\"gallery-group images-1\" style=\"width: 476px; height: 319px;\" data-original-width=\"476\" data-original-height=\"319\" > <div class=\"tiled-gallery-item tiled-gallery-item-large\" itemprop=\"associatedMedia\" itemscope itemtype=\"http:\/\/schema.org\/ImageObject\"> <a href=\"https:\/\/opistobranquis.info\/ca\/guia\/nudibranchia\/cladobranchia\/aeolidioidea\/flabellinidae\/flabellina-affinis\/flabellina-affinis-cala-montgo-lescala-by-nani-diez-bosch\/\" border=\"0\" itemprop=\"url\"> <meta itemprop=\"width\" content=\"472\"> <meta itemprop=\"height\" content=\"315\"> <img decoding=\"async\" class=\"\" data-attachment-id=\"32403\" data-orig-file=\"https:\/\/opistobranquis.info\/wp-content\/uploads\/2021\/06\/Flabellina-affinis-@-Cala-Montgo-LEscala-by-Nani-Diez-Bosch.jpg\" data-orig-size=\"1080,720\" data-comments-opened=\"\" data-image-title=\"Flabellina affinis @ Cala Montg\u00f3, L&amp;#8217;Escala by Nani D\u00edez Bosch\" data-image-description=\"&lt;p&gt;Flabellina affinis @ Cala Montg\u00f3, L&amp;#8217;Escala by Nani D\u00edez Bosch&lt;\/p&gt; \" data-medium-file=\"https:\/\/i0.wp.com\/opistobranquis.info\/wp-content\/uploads\/2021\/06\/Flabellina-affinis-%40-Cala-Montgo-LEscala-by-Nani-Diez-Bosch.jpg?fit=300%2C200&#038;ssl=1\" data-large-file=\"https:\/\/i0.wp.com\/opistobranquis.info\/wp-content\/uploads\/2021\/06\/Flabellina-affinis-%40-Cala-Montgo-LEscala-by-Nani-Diez-Bosch.jpg?fit=900%2C600&#038;ssl=1\" src=\"https:\/\/i0.wp.com\/opistobranquis.info\/wp-content\/uploads\/2021\/06\/Flabellina-affinis-%40-Cala-Montgo-LEscala-by-Nani-Diez-Bosch.jpg?w=472&#038;h=315&#038;ssl=1\" width=\"472\" height=\"315\" loading=\"lazy\" data-original-width=\"472\" data-original-height=\"315\" itemprop=\"http:\/\/schema.org\/image\" title=\"Flabellina affinis @ Cala Montg\u00f3, L&#039;Escala by Nani D\u00edez Bosch\" alt=\"Flabellina affinis @ Cala Montg\u00f3, L&#039;Escala by Nani D\u00edez Bosch\" style=\"width: 472px; height: 315px;\" \/> <\/a> <div class=\"tiled-gallery-caption\" itemprop=\"caption description\"> Flabellina affinis @ Cala Montg\u00f3, L&#8217;Escala by Nani D\u00edez Bosch <\/div> <\/div> <\/div> <!-- close group --> <\/div> <!-- close row --> <div class=\"gallery-row\" style=\"width: 900px; height: 1124px;\" data-original-width=\"900\" data-original-height=\"1124\" > <div class=\"gallery-group images-1\" style=\"width: 900px; height: 1124px;\" data-original-width=\"900\" data-original-height=\"1124\" > <div class=\"tiled-gallery-item tiled-gallery-item-large\" itemprop=\"associatedMedia\" itemscope itemtype=\"http:\/\/schema.org\/ImageObject\"> <a href=\"https:\/\/opistobranquis.info\/ca\/guia\/nudibranchia\/cladobranchia\/aeolidioidea\/flabellinidae\/flabellina-affinis\/flabellina-affinis-lescala-spain-by-eli-franco-valero\/\" border=\"0\" itemprop=\"url\"> <meta itemprop=\"width\" content=\"896\"> <meta itemprop=\"height\" content=\"1120\"> <img decoding=\"async\" class=\"\" data-attachment-id=\"32478\" data-orig-file=\"https:\/\/opistobranquis.info\/wp-content\/uploads\/2021\/06\/Flabellina-affinis-@-LEscala-Spain-by-Eli-Franco-Valero.jpg\" data-orig-size=\"1080,1350\" data-comments-opened=\"\" data-image-title=\"Flabellina affinis @ L&amp;#8217;Escala, Spain by Eli Franco Valero\" data-image-description=\"&lt;p&gt;Flabellina affinis @ L\u2019Escala, Spain by Eli Franco Valero&lt;\/p&gt; \" data-medium-file=\"https:\/\/i0.wp.com\/opistobranquis.info\/wp-content\/uploads\/2021\/06\/Flabellina-affinis-%40-LEscala-Spain-by-Eli-Franco-Valero.jpg?fit=240%2C300&#038;ssl=1\" data-large-file=\"https:\/\/i0.wp.com\/opistobranquis.info\/wp-content\/uploads\/2021\/06\/Flabellina-affinis-%40-LEscala-Spain-by-Eli-Franco-Valero.jpg?fit=819%2C1024&#038;ssl=1\" src=\"https:\/\/i0.wp.com\/opistobranquis.info\/wp-content\/uploads\/2021\/06\/Flabellina-affinis-%40-LEscala-Spain-by-Eli-Franco-Valero.jpg?w=896&#038;h=1120&#038;ssl=1\" width=\"896\" height=\"1120\" loading=\"lazy\" data-original-width=\"896\" data-original-height=\"1120\" itemprop=\"http:\/\/schema.org\/image\" title=\"Flabellina affinis @ L&#039;Escala, Spain by Eli Franco Valero\" alt=\"Flabellina affinis @ L\u2019Escala, Spain by Eli Franco Valero\" style=\"width: 896px; height: 1120px;\" \/> <\/a> <div class=\"tiled-gallery-caption\" itemprop=\"caption description\"> Flabellina affinis @ L\u2019Escala, Spain by Eli Franco Valero <\/div> <\/div> <\/div> <!-- close group --> <\/div> <!-- close row --> <\/div><\/p>\n<p><p><strong>Bibliografia<\/strong><\/p><ul><div id=\"zotpress-229c5e7a939080dff2f33914eea62443\" class=\"zp-Zotpress zp-Zotpress-Bib wp-block-group\">\n\n\t\t<span class=\"ZP_API_USER_ID ZP_ATTR\">1246567<\/span>\n\t\t<span class=\"ZP_ITEM_KEY ZP_ATTR\"><\/span>\n\t\t<span class=\"ZP_COLLECTION_ID ZP_ATTR\"><\/span>\n\t\t<span class=\"ZP_TAG_ID ZP_ATTR\">Flabellina affinis<\/span>\n\t\t<span class=\"ZP_AUTHOR ZP_ATTR\"><\/span>\n\t\t<span class=\"ZP_YEAR ZP_ATTR\"><\/span>\n        <span class=\"ZP_ITEMTYPE ZP_ATTR\"><\/span>\n\t\t<span class=\"ZP_INCLUSIVE ZP_ATTR\">1<\/span>\n\t\t<span class=\"ZP_STYLE ZP_ATTR\">eunomia-revista-en-cultura-de-la-legalidad<\/span>\n\t\t<span class=\"ZP_LIMIT ZP_ATTR\">50<\/span>\n\t\t<span class=\"ZP_SORTBY ZP_ATTR\">creator<\/span>\n\t\t<span class=\"ZP_ORDER ZP_ATTR\">asc<\/span>\n\t\t<span class=\"ZP_TITLE ZP_ATTR\"><\/span>\n\t\t<span class=\"ZP_SHOWIMAGE ZP_ATTR\"><\/span>\n\t\t<span class=\"ZP_SHOWTAGS ZP_ATTR\"><\/span>\n\t\t<span class=\"ZP_DOWNLOADABLE ZP_ATTR\"><\/span>\n\t\t<span class=\"ZP_NOTES ZP_ATTR\"><\/span>\n\t\t<span class=\"ZP_ABSTRACT ZP_ATTR\"><\/span>\n\t\t<span class=\"ZP_CITEABLE ZP_ATTR\"><\/span>\n\t\t<span class=\"ZP_TARGET ZP_ATTR\">1<\/span>\n\t\t<span class=\"ZP_URLWRAP ZP_ATTR\"><\/span>\n\t\t<span class=\"ZP_FORCENUM ZP_ATTR\"><\/span>\n        <span class=\"ZP_HIGHLIGHT ZP_ATTR\"><\/span>\n        <span class=\"ZP_POSTID ZP_ATTR\">597<\/span>\n\t\t<span class=\"ZOTPRESS_PLUGIN_URL ZP_ATTR\">https:\/\/opistobranquis.info\/wp-content\/plugins\/zotpress\/<\/span>\n\n\t\t<div class=\"zp-List loading\">\n\t\t\t<div class=\"zp-SEO-Content\">\n\n\t\t\t<\/div><!-- .zp-zp-SEO-Content -->\n\t\t<\/div><!-- .zp-List -->\n\t<\/div><!--.zp-Zotpress-->\n\n<p><\/p>Bibliografia basada en els treballs de <b>Steve Long, 2006<\/b>. <a target=_blank href=https:\/\/opistobranquis.info\/wp-content\/uploads\/2016\/06\/Long-S.-2006-Bibliography-of-Opisthobranchia-1554-2000.pdf>Bibliography of Opisthobranchia 1554-2000<\/a> i <b>Gary McDonald, 2009<\/b>. <a href=http:\/\/escholarship.org\/uc\/item\/8115h0wz>Bibliographia Nudibranchia<\/a>, amb actualitzacions posteriors procedents d\u00b4altres fonts.<p><\/p><\/ul><p><\/p><p><strong>M\u00e9s informaci\u00f3<\/strong><\/p><span style=\"font-size:10pt\"><ul><ul class=\"blogroll-links\"><li><a href=\"http:\/\/www.biodiversitylibrary.org\/name\/Flabellina%20affinis\">Biodiversity Heritage Library<\/a><\/li><li><a href=\"http:\/\/www.biologiamarina.org\/flabellina-lilla\/\">BiologiaMarina.org<\/a><\/li><li><a href=\"http:\/\/www.cibsub.com\/bioespecie_es-flabellina_affinis-27818\">CIB - Club Immersio Biologia<\/a><\/li><li><a href=\"http:\/\/doris.ffessm.fr\/fiche2.asp?fiche_numero=257\">DORIS<\/a><\/li><li><a href=\"https:\/\/litoraldegranada.ugr.es\/el-litoral\/el-litoral-sumergido\/fauna\/moluscos\/gasteropodos\/opistobranquios\/orden-nudibranchia\/fionoidea\/flabellina-affinis\/\">El Litoral de Granada<\/a><\/li><li><a href=\"https:\/\/www.flickr.com\/search\/?text=Flabellina%20affinis\">Flickr pictures<\/a><\/li><li><a href=\"http:\/\/www.opistobranquis.org\/ca\/guia\/46\">GROC<\/a><\/li><li><a href=\"http:\/\/www.irmng.org\/aphia.php?p=taxlist&#038;tName=Flabellina%20affinis\">Interim Register of Marine and Nonmarine Genera<\/a><\/li><li><a href=\"http:\/\/marenostrum.org\/vidamarina\/animalia\/invertebrados\/moluscos\/gasteropodos\/opistobranquios\/faffinis\/index.htm\">M@re Nostrum<\/a><\/li><li><a href=\"http:\/\/www.ncbi.nlm.nih.gov\/Taxonomy\/Browser\/wwwtax.cgi?mode=Undef&#038;name=Flabellina%20affinis&#038;lvl=0&#038;srchmode=1\">NCBI GenBank<\/a><\/li><li><a href=\"http:\/\/iobis.org\/mapper\/?taxon=Flabellina%20affinis\">OBIS - Search by Taxon<\/a><\/li><li><a href=\"http:\/\/www.seaslugforum.net\/showall\/flabaffi\">Sea Slug Forum<\/a><\/li><li><a href=\"http:\/\/slugsite.us\/bow2007\/nudwk571.htm\">The SlugSite<\/a><\/li><li><a href=\"http:\/\/www.marinespecies.org\/aphia.php?p=taxdetails&#038;id=139988\">World Register of Marine Species<\/a><\/li><\/ul><\/ul><\/span><p><strong>Citeu aquest article com: <\/strong><\/p><div style=\"display: block; background: #444444; padding: 10px 30px 10px 10px; border-radius: 5px; line-height: 18px;\"><p class=\"citacio\"><b>Ballesteros, M., Madrenas, E. &#38; Pontes, M.<\/b> (2025) <em>\"Flabellina affinis\"<\/em> a <em>OPK-Opistobranquis<\/em>. Publicat: 17\/05\/2012. Accedit: 03\/09\/2026. Disponible a (<a href=https:\/\/opistobranquis.info\/ca\/?p=597>https:\/\/opistobranquis.info\/ca\/?p=597<\/a>)<\/p><p><\/p><\/div><p><\/p><\/p>","protected":false},"excerpt":{"rendered":"<p>Flabellina affinis (Gmelin, 1791) Sin\u00f2nims Doris affinis Gmelin, 1791 (original) Eolidia flabellina V\u00e9rany, 1846 Descripci\u00f3 \u00c9s una esp\u00e8cie que pot aconseguir fins a 50 mm de longitud. El cos \u00e9s transl\u00facid i de coloraci\u00f3 general rosa-violaci, una mica m\u00e9s clar el peu. Palps orals i propodials tamb\u00e9 del color violaci. Els rin\u00f2fors s\u00f3n fins, anellats i del mateix color que el cos. L&#8217;\u00e0pex dels palps orals i dels rin\u00f2fors sol\u2026<\/p>\n<p class=\"continue-reading-button\"> <a class=\"continue-reading-link\" href=\"https:\/\/opistobranquis.info\/ca\/guia\/nudibranchia\/cladobranchia\/aeolidioidea\/flabellinidae\/flabellina-affinis\/\">Continua llegint<i class=\"crycon-right-dir\"><\/i><\/a><\/p>\n","protected":false},"author":291,"featured_media":4532,"parent":46869,"menu_order":13,"comment_status":"closed","ping_status":"closed","template":"","meta":{"footnotes":""},"class_list":["post-597","page","type-page","status-publish","has-post-thumbnail","hentry"],"jetpack_sharing_enabled":true,"_links":{"self":[{"href":"https:\/\/opistobranquis.info\/ca\/wp-json\/wp\/v2\/pages\/597","targetHints":{"allow":["GET"]}}],"collection":[{"href":"https:\/\/opistobranquis.info\/ca\/wp-json\/wp\/v2\/pages"}],"about":[{"href":"https:\/\/opistobranquis.info\/ca\/wp-json\/wp\/v2\/types\/page"}],"author":[{"embeddable":true,"href":"https:\/\/opistobranquis.info\/ca\/wp-json\/wp\/v2\/users\/291"}],"replies":[{"embeddable":true,"href":"https:\/\/opistobranquis.info\/ca\/wp-json\/wp\/v2\/comments?post=597"}],"version-history":[{"count":9,"href":"https:\/\/opistobranquis.info\/ca\/wp-json\/wp\/v2\/pages\/597\/revisions"}],"predecessor-version":[{"id":45652,"href":"https:\/\/opistobranquis.info\/ca\/wp-json\/wp\/v2\/pages\/597\/revisions\/45652"}],"up":[{"embeddable":true,"href":"https:\/\/opistobranquis.info\/ca\/wp-json\/wp\/v2\/pages\/46869"}],"wp:featuredmedia":[{"embeddable":true,"href":"https:\/\/opistobranquis.info\/ca\/wp-json\/wp\/v2\/media\/4532"}],"wp:attachment":[{"href":"https:\/\/opistobranquis.info\/ca\/wp-json\/wp\/v2\/media?parent=597"}],"curies":[{"name":"wp","href":"https:\/\/api.w.org\/{rel}","templated":true}]}}