{"id":599,"date":"2012-05-17T07:39:21","date_gmt":"2012-05-17T05:39:21","guid":{"rendered":"https:\/\/opistobranquis.info\/flabellina-pedataflabellina-pedataflabellina-pedata"},"modified":"2025-06-12T09:23:33","modified_gmt":"2025-06-12T07:23:33","slug":"edmundsella-pedata","status":"publish","type":"page","link":"https:\/\/opistobranquis.info\/ca\/guia\/nudibranchia\/cladobranchia\/aeolidioidea\/flabellinidae\/edmundsella-pedata\/","title":{"rendered":"Edmundsella pedata"},"content":{"rendered":"<p><\/p>\n<h3><em><i>Edmundsella<\/i>\u00a0pedata<\/em> (Montagu, 1816)<\/h3>\n<p><span style=\"font-size:10pt;\" class=\"aligncenter\"><div id=\"featured-img-id\"><img data-recalc-dims=\"1\" decoding=\"async\" src=\"https:\/\/i0.wp.com\/opistobranquis.info\/wp-content\/uploads\/2012\/12\/flabellina-pedata-00.jpg?w=900&#038;ssl=1\" alt=\"Edmundsella pedata by Enric Madrenas\" \/><\/div><center><em>Edmundsella pedata<\/em> per Enric Madrenas<\/center><\/span><p><\/p><div class=\"opk-worms\"><h3>Informaci\u00f3 taxon\u00f2mica WoRMS<\/h3><div class=\"opk-success\">Nom acceptat actual: <strong><em>Edmundsella pedata<\/em> (Montagu, 1816)<\/strong><\/div><h4>Classificaci\u00f3 actual<\/h4><table class=\"widefat striped\"><tr><th>Superdomain<\/th><td><a target=\"_blank\" href=\"https:\/\/www.marinespecies.org\/aphia.php?p=taxdetails&id=1\">Biota<\/a><\/td><\/tr><tr><th>Kingdom<\/th><td><a target=\"_blank\" href=\"https:\/\/www.marinespecies.org\/aphia.php?p=taxdetails&id=2\">Animalia<\/a><\/td><\/tr><tr><th>Phylum<\/th><td><a target=\"_blank\" href=\"https:\/\/www.marinespecies.org\/aphia.php?p=taxdetails&id=51\">Mollusca<\/a><\/td><\/tr><tr><th>Class<\/th><td><a target=\"_blank\" href=\"https:\/\/www.marinespecies.org\/aphia.php?p=taxdetails&id=101\">Gastropoda<\/a><\/td><\/tr><tr><th>Subclass<\/th><td><a target=\"_blank\" href=\"https:\/\/www.marinespecies.org\/aphia.php?p=taxdetails&id=14712\">Heterobranchia<\/a><\/td><\/tr><tr><th>Infraclass<\/th><td><a target=\"_blank\" href=\"https:\/\/www.marinespecies.org\/aphia.php?p=taxdetails&id=1057247\">Euthyneura<\/a><\/td><\/tr><tr><th>Subterclass<\/th><td><a target=\"_blank\" href=\"https:\/\/www.marinespecies.org\/aphia.php?p=taxdetails&id=1057249\">Ringipleura<\/a><\/td><\/tr><tr><th>Superorder<\/th><td><a target=\"_blank\" href=\"https:\/\/www.marinespecies.org\/aphia.php?p=taxdetails&id=411966\">Nudipleura<\/a><\/td><\/tr><tr><th>Order<\/th><td><a target=\"_blank\" href=\"https:\/\/www.marinespecies.org\/aphia.php?p=taxdetails&id=1762\">Nudibranchia<\/a><\/td><\/tr><tr><th>Suborder<\/th><td><a target=\"_blank\" href=\"https:\/\/www.marinespecies.org\/aphia.php?p=taxdetails&id=827889\">Cladobranchia<\/a><\/td><\/tr><tr><th>Superfamily<\/th><td><a target=\"_blank\" href=\"https:\/\/www.marinespecies.org\/aphia.php?p=taxdetails&id=412646\">Fionoidea<\/a><\/td><\/tr><tr><th>Family<\/th><td><a target=\"_blank\" href=\"https:\/\/www.marinespecies.org\/aphia.php?p=taxdetails&id=190\">Flabellinidae<\/a><\/td><\/tr><tr><th>Genus<\/th><td><a target=\"_blank\" href=\"https:\/\/www.marinespecies.org\/aphia.php?p=taxdetails&id=1047600\"><em>Edmundsella<\/em><\/a><\/td><\/tr><tr><th>Species<\/th><td><a target=\"_blank\" href=\"https:\/\/www.marinespecies.org\/aphia.php?p=taxdetails&id=1047602\"><em>Edmundsella pedata<\/em> (Montagu, 1816)<\/a><\/td><\/tr><\/table><p class=\"footer\">Classificaci\u00f3 proporcionada pel World Register of Marine Species (WoRMS). [<a target=\"_blank\" href=\"https:\/\/www.marinespecies.org\/aphia.php?p=taxdetails&id=1047602\">1047602<\/a>]<\/p><\/div><p><strong>Nota taxon\u00f2mica<\/strong>: La classificaci\u00f3 dels Flabellinidae semblava for\u00e7a estable fins que el 2017 van apar\u00e8ixer una s\u00e8rie de treballs (Furfaro et al. 2017; Korshunova et al. 2017) que pretenien aclarir l\u00b4estatus de la fam\u00edlia Flabellinidae. L\u00b4objectiu principal del treball de Furfaro et al. era caracteritzar molecularment les esp\u00e8cies mediterr\u00e0nies mentre que el treball de Korshunova et al. pretenia aprofundir en les relacions filogen\u00e8tiques entre diversos membres de la fam\u00edlia Flabellinidae i les altres fam\u00edlies dels aeolidacis.<br>Tots dos treballs es basaven en la combinaci\u00f3 de t\u00e8cniques moleculars i morfol\u00f2giques i, de fet, no ofereixen resultats molt diferents, per\u00f2 s\u00ed difereixen en la mida i proced\u00e8ncia de les mostres estudiades i, sobretot, en la interpretaci\u00f3 d\u00b4aquests resultats. Despr\u00e9s de l\u00b4aparici\u00f3 del treball de Furfaro et al., moltes esp\u00e8cies Mediterr\u00e0nies dels g\u00e8neres <i>Calmella<\/i>, <i>Flabellina<\/i> i <i>Piseinotecus<\/i> es van agrupar sota el g\u00e8nere com\u00fa <i>Flabellina<\/i>, per\u00f2 van tenir determinats problemes amb algunes esp\u00e8cies que no encaixaven b\u00e9 amb la classificaci\u00f3 proposada (per exemple <i>Flabellina babai<\/i>), van descobrir que les poblacions mediterr\u00e0nia i atl\u00e0ntica de <i>Flabellina ischitana<\/i> corresponen a dues esp\u00e8cies cr\u00edptiques diferents, i van constatar els problemes del grup cr\u00edptic <i>Calmella cavolini<\/i> \/ <i>Flabellina confusa<\/i> \/ <i>Piseinotecus gaditanus<\/i> per la qual cosa van indicar la necessitat de fer nous estudis per aclarir el seu estatus.<br>Curiosament aquests estudis s\u00b4estaven duent a terme pr\u00e0cticament en paral\u00b7lel pel grup de Korshunova et al. per\u00f2 sobre una mostra d\u00b4esp\u00e8cies molt m\u00e9s \u00e0mplia i que comprenia exemplars de l\u00b4\u00c0rtic, Atl\u00e0ntic nord, oce\u00e0 Pac\u00edfic i \u00cdndic. Aquest segon treball confirma la polifilia de la fam\u00edlia Flabellinidae, per\u00f2 la seva forma d\u00b4interpretar els resultats representa una veritable revoluci\u00f3 per a la taxonomia dels aeolidacis, especialment per a la fam\u00edlia Flabellinidae.<br>Tots dos treballs observen que hi ha dos clades (grups) ben diferenciats de Flabellinidae: el de <i>Coryphella pedata<\/i> i similars, amb cerata que surten directament del dors, i el de <i>Flabellina affinis<\/i> i similars, que tenen els cerata de cada grup pedunculats. Encara que Furfaro et al. consideren a les esp\u00e8cies de tots dos clades pertanyents al g\u00e8nere <i>Flabellina<\/i> dins de la fam\u00edlia Flabellinidae, Korshunova et al. difer\u00e8ncia dues fam\u00edlies: Coryphellidae i Flabellinidae sensu stricto, creant a m\u00e9s multitud de g\u00e8neres diferents en aquestes fam\u00edlies per incloure a les esp\u00e8cies que estudien. La seva proposta taxon\u00f2mica, curiosament, d\u00f3na resposta als problemes trobats per Furfaro et al.<br>En certa manera tots dos treballs es complementen, si b\u00e9 en el treball de Korshunova et al. s\u00b4evidencia la manca d\u00b4estudis sobre les esp\u00e8cies de flabellinids tropicals i del sud d\u00b4Am\u00e8rica i \u00c0frica, de manera que encara no s\u00b4ha dit l\u00b4\u00faltima paraula. La proposta de creaci\u00f3 de nous g\u00e8neres per reunir petits grups d\u00b4esp\u00e8cies, en comptes de g\u00e8neres multiespec\u00edfics, sembla ser la tend\u00e8ncia en alguns dels treballs filogen\u00e8tics dels \u00faltims anys. Es pot consultar una discussi\u00f3 detallada d\u00b4aquesta apassionant controv\u00e8rsia a (<a href=\"https:\/\/opistobranquis.info\/ca\/flabellinidae\/\">https:\/\/opistobranquis.info\/ca\/flabellinidae\/<\/a>).<\/p><strong>Sin\u00f2nims<\/strong><\/p>\n<ul>\n<li><span id=\"aphia_ct_tu_146859\"><i>Coryphella pedata<\/i> (Montagu, 1816)<\/span><\/li>\n<li><span id=\"aphia_ct_tu_748490\"><i>Doris pedata<\/i> Montagu, 1816<\/span><\/li>\n<li><span id=\"aphia_ct_tu_748620\"><i>Eolis landsburgi<\/i> Alder &amp; Hancock, 1846<\/span><\/li>\n<li><em>Coryphella landsburgii<\/em> (Alder &amp; Hancock, 1846)<\/li>\n<li><em>Flabellina pedata<\/em> (Montagu, 1816)<\/li>\n<\/ul>\n<p><strong>Descripci\u00f3<\/strong><br \/>\nAquest eolidaci acostuma a mesurar entre 10 i 15 mm de llarg, tot i que s&#8217;han reportat exemplars de fins a 40 mm. El cos \u00e9s for\u00e7a transparent i t\u00e9 un color general entre rosa i porpra, tamb\u00e9 al cap, els rin\u00f2fors, els palps orals i palps propodials. Els rin\u00f2fors s\u00f3n llisos, sense l\u00e0mines i tenen una punta blanca iridescent. Els ulls es troben a la base dels rin\u00f2fors. Els palps orals tenen la mateixa longitud que els rin\u00f2fors i tamb\u00e9 tenen una punta blanca iridescent. Els cerata s&#8217;agrupen en 6-7 grups a cada costat del dors i creixen directament del cos de l&#8217;animal, formant grups de 2 o 3 cerata cadascun. La gl\u00e0ndula digestiva dels cerata \u00e9s de color marr\u00f3 clar, marr\u00f3 fosc, taronja o vermell segons els exemplars. L&#8217;obertura genital es troba per sota del primer grup de cerata al costat dret del cos. El peu \u00e9s transparent.<\/p>\n<p><strong>Biologia<br \/>\n<\/strong>Aquest eolidaci viu sobre hidraris en parets verticals fosques i poc profundes. S&#8217;ha citat sobre diversos g\u00e8neres d&#8217;hidroides i que presumiblement menja com el sertularid <em>Abietinaria<\/em>, el plumul\u00e0rid <em>Aglaophenia<\/em> o l&#8217;atecat <em>Eudendrium<\/em>, sobre el qual sol fer la posta.<\/p>\n<p><strong>Etimologia<\/strong><\/p>\n<ul>\n<li><em>Edmunsella<\/em>, en honor de Malcolm Edmunds, un distingit taxonomista angl\u00e8s especialitzat en llimacs marins, tristment traspassat el gener de 2017.<\/li>\n<li><em>Pedata<\/em>, en refer\u00e8ncia als cerata, units per la base com una m\u00e0.<\/li>\n<\/ul>\n<p><strong>Distribuci\u00f3<br \/>\n<\/strong><span style=\"font-family: Ubuntu;\">Aquest \u00e9s un dels nudibranquis m\u00e9s comuns a les aig\u00fces europees. Aquesta esp\u00e8cie d&#8217;eolidaci es distribueix per les costes continentals atl\u00e0ntiques europees des de Noruega fins a la Pen\u00ednsula Ib\u00e8rica, incloses les illes Brit\u00e0niques, les A\u00e7ores i les illes Can\u00e0ries. Tamb\u00e9 molt est\u00e8s a la Mediterr\u00e0nia, on es pot trobar tant a la conca oriental com a la occidental. A la Pen\u00ednsula Ib\u00e8rica s&#8217;ha registrat a tot el litoral, inclosa la costa catalana. <\/span><div id=\"flxmap-6a99affec4e39\" class='flxmap-container' data-flxmap='flxmap_6a99affec4e39' style=\"width:100%;height:400px;\"><\/div>\n<script data-noptimize=\"1\">\n\/* <![CDATA[ *\/\n(function(w, fn) {\n if (w.addEventListener) w.addEventListener(\"DOMContentLoaded\", fn, false);\n else if (w.attachEvent) w.attachEvent(\"onload\", fn);\n})(window, function() {\n var f = new FlexibleMap();\n f.panControl = true;\n f.mapTypeId = \"satellite\";\n f.setlocale(\"ca-ES\");\n f.kmlcache = \"5 minutes\";\n f.showKML(\"flxmap-6a99affec4e39\", \"https:\/\/opistobranquis.info\/wp-content\/uploads\/kms\/599.kmz\");\n window.flxmap_6a99affec4e39 = f;\n});\n\/* ]]> *\/\n<\/script>\n<div style=\"width:100%;text-align:center;margin:12px 0 4px 0;\">\n  <div style=\"font-size:8pt;margin-bottom:6px;\">Cites georeferenciades conegudes de l'esp\u00e8cie: <em>Edmundsella pedata<\/em><\/div>\n  <table style=\"margin:0 auto;border-collapse:collapse;font-size:8pt;\">\n    <tr><td colspan=\"2\" style=\"text-align:left;padding-bottom:4px;\"><strong>Fonts:<\/strong><\/td><\/tr>\n    <tr>\n      <td style=\"vertical-align:top;padding-right:40px;\">\n        <table style=\"border-collapse:collapse;\">\n<tr><td style='padding:1px 6px 1px 0;vertical-align:middle'><img data-recalc-dims=\"1\" src=\"https:\/\/i0.wp.com\/opistobranquis.info\/wp-content\/uploads\/kms\/wht-circle-lv.png?w=900&#038;ssl=1\" style='display:block'><\/td><td style='padding:1px 0;vertical-align:middle;white-space:nowrap'>OBIS<\/td><\/tr><tr><td style='padding:1px 6px 1px 0;vertical-align:middle'><img data-recalc-dims=\"1\" src=\"https:\/\/i0.wp.com\/opistobranquis.info\/wp-content\/uploads\/kms\/ylw-circle-lv.png?w=900&#038;ssl=1\" style='display:block'><\/td><td style='padding:1px 0;vertical-align:middle;white-space:nowrap'>GROC 2010-2011<\/td><\/tr><tr><td style='padding:1px 6px 1px 0;vertical-align:middle'><img data-recalc-dims=\"1\" src=\"https:\/\/i0.wp.com\/opistobranquis.info\/wp-content\/uploads\/kms\/grn-circle-lv.png?w=900&#038;ssl=1\" style='display:block'><\/td><td style='padding:1px 0;vertical-align:middle;white-space:nowrap'>Enric Madrenas<\/td><\/tr><tr><td style='padding:1px 6px 1px 0;vertical-align:middle'><img data-recalc-dims=\"1\" src=\"https:\/\/i0.wp.com\/opistobranquis.info\/wp-content\/uploads\/kms\/orange-circle-lv.png?w=900&#038;ssl=1\" style='display:block'><\/td><td style='padding:1px 0;vertical-align:middle;white-space:nowrap'>Jo\u00e3o Pedro Silva<\/td><\/tr><tr><td style='padding:1px 6px 1px 0;vertical-align:middle'><img data-recalc-dims=\"1\" src=\"https:\/\/i0.wp.com\/opistobranquis.info\/wp-content\/uploads\/kms\/pink-circle-lv.png?w=900&#038;ssl=1\" style='display:block'><\/td><td style='padding:1px 0;vertical-align:middle;white-space:nowrap'>Bernard Picton<\/td><\/tr><tr><td style='padding:1px 6px 1px 0;vertical-align:middle'><img data-recalc-dims=\"1\" src=\"https:\/\/i0.wp.com\/opistobranquis.info\/wp-content\/uploads\/kms\/blk-circle-lv.png?w=900&#038;ssl=1\" style='display:block'><\/td><td style='padding:1px 0;vertical-align:middle;white-space:nowrap'>GBIF<\/td><\/tr>        <\/table>\n      <\/td>\n      <td style=\"vertical-align:top;\">\n        <table style=\"border-collapse:collapse;\">\n<tr><td style='padding:1px 6px 1px 0;vertical-align:middle'><img data-recalc-dims=\"1\" src=\"https:\/\/i0.wp.com\/opistobranquis.info\/wp-content\/uploads\/kms\/purple-circle-lv.png?w=900&#038;ssl=1\" style='display:block'><\/td><td style='padding:1px 0;vertical-align:middle;white-space:nowrap'>OPK<\/td><\/tr><tr><td style='padding:1px 6px 1px 0;vertical-align:middle'><img data-recalc-dims=\"1\" src=\"https:\/\/i0.wp.com\/opistobranquis.info\/wp-content\/uploads\/kms\/red-circle-lv.png?w=900&#038;ssl=1\" style='display:block'><\/td><td style='padding:1px 0;vertical-align:middle;white-space:nowrap'>VIMAR<\/td><\/tr><tr><td style='padding:1px 6px 1px 0;vertical-align:middle'><img data-recalc-dims=\"1\" src=\"https:\/\/i0.wp.com\/opistobranquis.info\/wp-content\/uploads\/kms\/blu-circle-lv.png?w=900&#038;ssl=1\" style='display:block'><\/td><td style='padding:1px 0;vertical-align:middle;white-space:nowrap'>Manuel Ballesteros<\/td><\/tr><tr><td style='padding:1px 6px 1px 0;vertical-align:middle'><img data-recalc-dims=\"1\" src=\"https:\/\/i0.wp.com\/opistobranquis.info\/wp-content\/uploads\/kms\/cyan-circle-lv.png?w=900&#038;ssl=1\" style='display:block'><\/td><td style='padding:1px 0;vertical-align:middle;white-space:nowrap'>M@re Nostrum<\/td><\/tr><tr><td style='padding:1px 6px 1px 0;vertical-align:middle'><img data-recalc-dims=\"1\" src=\"https:\/\/i0.wp.com\/opistobranquis.info\/wp-content\/uploads\/kms\/grey-circle-lv.png?w=900&#038;ssl=1\" style='display:block'><\/td><td style='padding:1px 0;vertical-align:middle;white-space:nowrap'>Altres fonts<\/td><\/tr><tr><td style='padding:1px 6px 1px 0;vertical-align:middle'><img data-recalc-dims=\"1\" src=\"https:\/\/i0.wp.com\/opistobranquis.info\/wp-content\/uploads\/kms\/marreg.png?w=900&#038;ssl=1\" style='display:block'><\/td><td style='padding:1px 0;vertical-align:middle;white-space:nowrap'>Marine Regions<\/td><\/tr>        <\/table>\n      <\/td>\n    <\/tr>\n  <\/table>\n<\/div>\n<\/p>\n<p><strong>Esp\u00e8cies similars<br \/>\n<\/strong><a href=\"https:\/\/opistobranquis.info\/guia\/nudibranchia\/cladobranchia\/fionoidea\/flabellina-affinis\/\"><em>Flabellina affinis<\/em><\/a> i\u00a0<a href=\"https:\/\/opistobranquis.info\/guia\/nudibranchia\/cladobranchia\/fionoidea\/paraflabellina-ischitana\/\"><em>Paraflabellina ischitana<\/em><\/a> tenen rin\u00f2fors anellats i les cerata creixen de peduncles dorsals. <a href=\"https:\/\/opistobranquis.info\/guia\/nudibranchia\/cladobranchia\/aeolidioidea\/piseinotecus-soussi\/\"><em>Piseinotecus soussi<\/em><\/a>, gaireb\u00e9 id\u00e8ntica, per\u00f2 amb punts blancs als cerata.<\/p>\n<p><strong>Error:<\/strong> Chart.js no est\u00e1 disponible.<\/p>\n<p><strong>Videos<\/strong><\/p>\n<p><iframe loading=\"lazy\" title=\"Coryphelle - Edmundsella pedata - www.loeilduplongeur.com\" width=\"900\" height=\"506\" src=\"https:\/\/www.youtube.com\/embed\/XE_jpvZ2T6I?feature=oembed\" frameborder=\"0\" allow=\"accelerometer; autoplay; clipboard-write; encrypted-media; gyroscope; picture-in-picture; web-share\" referrerpolicy=\"strict-origin-when-cross-origin\" allowfullscreen><\/iframe><\/p>\n<p><iframe loading=\"lazy\" title=\"Coryphelle mauve - Edmundsella pedata 3 - Palavas (France)\" width=\"900\" height=\"506\" src=\"https:\/\/www.youtube.com\/embed\/FcLlofx1wiM?feature=oembed\" frameborder=\"0\" allow=\"accelerometer; autoplay; clipboard-write; encrypted-media; gyroscope; picture-in-picture; web-share\" referrerpolicy=\"strict-origin-when-cross-origin\" allowfullscreen><\/iframe><\/p>\n<p><iframe loading=\"lazy\" src=\"https:\/\/player.vimeo.com\/video\/784332606?dnt=1&amp;app_id=122963\" width=\"900\" height=\"506\" frameborder=\"0\" allow=\"autoplay; fullscreen; picture-in-picture; clipboard-write; encrypted-media\"><\/iframe><\/p>\n<p><iframe loading=\"lazy\" src=\"https:\/\/player.vimeo.com\/video\/784332594?dnt=1&amp;app_id=122963\" width=\"900\" height=\"506\" frameborder=\"0\" allow=\"autoplay; fullscreen; picture-in-picture; clipboard-write; encrypted-media\"><\/iframe><\/p>\n<p>&nbsp;<\/p>\n<p><strong>Altres fotos<br \/>\n<\/strong><div class=\"tiled-gallery type-rectangular tiled-gallery-unresized\" data-original-width=\"900\" data-carousel-extra='{&quot;blog_id&quot;:1,&quot;permalink&quot;:&quot;https:\\\/\\\/opistobranquis.info\\\/ca\\\/guia\\\/nudibranchia\\\/cladobranchia\\\/aeolidioidea\\\/flabellinidae\\\/edmundsella-pedata\\\/&quot;,&quot;likes_blog_id&quot;:44192421}' itemscope itemtype=\"http:\/\/schema.org\/ImageGallery\" > <div class=\"gallery-row\" style=\"width: 900px; height: 258px;\" data-original-width=\"900\" data-original-height=\"258\" > <div class=\"gallery-group images-1\" style=\"width: 372px; height: 258px;\" data-original-width=\"372\" data-original-height=\"258\" > <div class=\"tiled-gallery-item tiled-gallery-item-large\" itemprop=\"associatedMedia\" itemscope itemtype=\"http:\/\/schema.org\/ImageObject\"> <a href=\"https:\/\/opistobranquis.info\/ca\/guia\/nudibranchia\/cladobranchia\/aeolidioidea\/flabellinidae\/edmundsella-pedata\/flabellina-pedata-1\/\" border=\"0\" itemprop=\"url\"> <meta itemprop=\"width\" content=\"368\"> <meta itemprop=\"height\" content=\"254\"> <img decoding=\"async\" class=\"\" data-attachment-id=\"4562\" data-orig-file=\"https:\/\/opistobranquis.info\/wp-content\/uploads\/2012\/12\/flabellina-pedata-1.jpg\" data-orig-size=\"814,563\" data-comments-opened=\"\" data-image-title=\"Edmundsella pedata by Enric Madrenas\" data-image-description=\"&lt;p&gt;Edmundsella pedata by Enric Madrenas&lt;\/p&gt; \" data-medium-file=\"https:\/\/i0.wp.com\/opistobranquis.info\/wp-content\/uploads\/2012\/12\/flabellina-pedata-1.jpg?fit=300%2C207&#038;ssl=1\" data-large-file=\"https:\/\/i0.wp.com\/opistobranquis.info\/wp-content\/uploads\/2012\/12\/flabellina-pedata-1.jpg?fit=814%2C563&#038;ssl=1\" src=\"https:\/\/i0.wp.com\/opistobranquis.info\/wp-content\/uploads\/2012\/12\/flabellina-pedata-1.jpg?w=368&#038;h=254&#038;ssl=1\" srcset=\"https:\/\/i0.wp.com\/opistobranquis.info\/wp-content\/uploads\/2012\/12\/flabellina-pedata-1.jpg?w=814&amp;ssl=1 814w, https:\/\/i0.wp.com\/opistobranquis.info\/wp-content\/uploads\/2012\/12\/flabellina-pedata-1.jpg?resize=300%2C207&amp;ssl=1 300w\" width=\"368\" height=\"254\" loading=\"lazy\" data-original-width=\"368\" data-original-height=\"254\" itemprop=\"http:\/\/schema.org\/image\" title=\"Edmundsella pedata by Enric Madrenas\" alt=\"Edmundsella pedata by Enric Madrenas\" style=\"width: 368px; height: 254px;\" \/> <\/a> <div class=\"tiled-gallery-caption\" itemprop=\"caption description\"> Edmundsella pedata by Enric Madrenas <\/div> <\/div> <\/div> <!-- close group --> <div class=\"gallery-group images-1\" style=\"width: 176px; height: 258px;\" data-original-width=\"176\" data-original-height=\"258\" > <div class=\"tiled-gallery-item tiled-gallery-item-small\" itemprop=\"associatedMedia\" itemscope itemtype=\"http:\/\/schema.org\/ImageObject\"> <a href=\"https:\/\/opistobranquis.info\/ca\/guia\/nudibranchia\/cladobranchia\/aeolidioidea\/flabellinidae\/edmundsella-pedata\/flabellina-pedata-08\/\" border=\"0\" itemprop=\"url\"> <meta itemprop=\"width\" content=\"172\"> <meta itemprop=\"height\" content=\"254\"> <img decoding=\"async\" class=\"\" data-attachment-id=\"4563\" data-orig-file=\"https:\/\/opistobranquis.info\/wp-content\/uploads\/2012\/12\/flabellina-pedata-08.jpg\" data-orig-size=\"416,614\" data-comments-opened=\"\" data-image-title=\"Edmundsella pedata by Enric Madrenas\" data-image-description=\"&lt;p&gt;Edmundsella pedata by Enric Madrenas&lt;\/p&gt; \" data-medium-file=\"https:\/\/i0.wp.com\/opistobranquis.info\/wp-content\/uploads\/2012\/12\/flabellina-pedata-08.jpg?fit=203%2C300&#038;ssl=1\" data-large-file=\"https:\/\/i0.wp.com\/opistobranquis.info\/wp-content\/uploads\/2012\/12\/flabellina-pedata-08.jpg?fit=416%2C614&#038;ssl=1\" src=\"https:\/\/i0.wp.com\/opistobranquis.info\/wp-content\/uploads\/2012\/12\/flabellina-pedata-08.jpg?w=172&#038;h=254&#038;ssl=1\" srcset=\"https:\/\/i0.wp.com\/opistobranquis.info\/wp-content\/uploads\/2012\/12\/flabellina-pedata-08.jpg?w=416&amp;ssl=1 416w, https:\/\/i0.wp.com\/opistobranquis.info\/wp-content\/uploads\/2012\/12\/flabellina-pedata-08.jpg?resize=203%2C300&amp;ssl=1 203w\" width=\"172\" height=\"254\" loading=\"lazy\" data-original-width=\"172\" data-original-height=\"254\" itemprop=\"http:\/\/schema.org\/image\" title=\"Edmundsella pedata by Enric Madrenas\" alt=\"Edmundsella pedata by Enric Madrenas\" style=\"width: 172px; height: 254px;\" \/> <\/a> <div class=\"tiled-gallery-caption\" itemprop=\"caption description\"> Edmundsella pedata by Enric Madrenas <\/div> <\/div> <\/div> <!-- close group --> <div class=\"gallery-group images-1\" style=\"width: 176px; height: 258px;\" data-original-width=\"176\" data-original-height=\"258\" > <div class=\"tiled-gallery-item tiled-gallery-item-small\" itemprop=\"associatedMedia\" itemscope itemtype=\"http:\/\/schema.org\/ImageObject\"> <a href=\"https:\/\/opistobranquis.info\/ca\/guia\/nudibranchia\/cladobranchia\/aeolidioidea\/flabellinidae\/edmundsella-pedata\/flabellina-pedata-14\/\" border=\"0\" itemprop=\"url\"> <meta itemprop=\"width\" content=\"172\"> <meta itemprop=\"height\" content=\"254\"> <img decoding=\"async\" class=\"\" data-attachment-id=\"4564\" data-orig-file=\"https:\/\/opistobranquis.info\/wp-content\/uploads\/2012\/12\/flabellina-pedata-14.jpg\" data-orig-size=\"416,614\" data-comments-opened=\"\" data-image-title=\"Edmundsella pedata by Enric Madrenas\" data-image-description=\"&lt;p&gt;Edmundsella pedata by Enric Madrenas&lt;\/p&gt; \" data-medium-file=\"https:\/\/i0.wp.com\/opistobranquis.info\/wp-content\/uploads\/2012\/12\/flabellina-pedata-14.jpg?fit=203%2C300&#038;ssl=1\" data-large-file=\"https:\/\/i0.wp.com\/opistobranquis.info\/wp-content\/uploads\/2012\/12\/flabellina-pedata-14.jpg?fit=416%2C614&#038;ssl=1\" src=\"https:\/\/i0.wp.com\/opistobranquis.info\/wp-content\/uploads\/2012\/12\/flabellina-pedata-14.jpg?w=172&#038;h=254&#038;ssl=1\" srcset=\"https:\/\/i0.wp.com\/opistobranquis.info\/wp-content\/uploads\/2012\/12\/flabellina-pedata-14.jpg?w=416&amp;ssl=1 416w, https:\/\/i0.wp.com\/opistobranquis.info\/wp-content\/uploads\/2012\/12\/flabellina-pedata-14.jpg?resize=203%2C300&amp;ssl=1 203w\" width=\"172\" height=\"254\" loading=\"lazy\" data-original-width=\"172\" data-original-height=\"254\" itemprop=\"http:\/\/schema.org\/image\" title=\"Edmundsella pedata by Enric Madrenas\" alt=\"Edmundsella pedata by Enric Madrenas\" style=\"width: 172px; height: 254px;\" \/> <\/a> <div class=\"tiled-gallery-caption\" itemprop=\"caption description\"> Edmundsella pedata by Enric Madrenas <\/div> <\/div> <\/div> <!-- close group --> <div class=\"gallery-group images-1\" style=\"width: 176px; height: 258px;\" data-original-width=\"176\" data-original-height=\"258\" > <div class=\"tiled-gallery-item tiled-gallery-item-small\" itemprop=\"associatedMedia\" itemscope itemtype=\"http:\/\/schema.org\/ImageObject\"> <a href=\"https:\/\/opistobranquis.info\/ca\/guia\/nudibranchia\/cladobranchia\/aeolidioidea\/flabellinidae\/edmundsella-pedata\/flabellina-pedata-24\/\" border=\"0\" itemprop=\"url\"> <meta itemprop=\"width\" content=\"172\"> <meta itemprop=\"height\" content=\"254\"> <img decoding=\"async\" class=\"\" data-attachment-id=\"4565\" data-orig-file=\"https:\/\/opistobranquis.info\/wp-content\/uploads\/2012\/12\/flabellina-pedata-24.jpg\" data-orig-size=\"415,614\" data-comments-opened=\"\" data-image-title=\"Edmundsella pedata by Enric Madrenas\" data-image-description=\"&lt;p&gt;Edmundsella pedata by Enric Madrenas&lt;\/p&gt; \" data-medium-file=\"https:\/\/i0.wp.com\/opistobranquis.info\/wp-content\/uploads\/2012\/12\/flabellina-pedata-24.jpg?fit=202%2C300&#038;ssl=1\" data-large-file=\"https:\/\/i0.wp.com\/opistobranquis.info\/wp-content\/uploads\/2012\/12\/flabellina-pedata-24.jpg?fit=415%2C614&#038;ssl=1\" src=\"https:\/\/i0.wp.com\/opistobranquis.info\/wp-content\/uploads\/2012\/12\/flabellina-pedata-24.jpg?w=172&#038;h=254&#038;ssl=1\" srcset=\"https:\/\/i0.wp.com\/opistobranquis.info\/wp-content\/uploads\/2012\/12\/flabellina-pedata-24.jpg?w=415&amp;ssl=1 415w, https:\/\/i0.wp.com\/opistobranquis.info\/wp-content\/uploads\/2012\/12\/flabellina-pedata-24.jpg?resize=202%2C300&amp;ssl=1 202w\" width=\"172\" height=\"254\" loading=\"lazy\" data-original-width=\"172\" data-original-height=\"254\" itemprop=\"http:\/\/schema.org\/image\" title=\"Edmundsella pedata by Enric Madrenas\" alt=\"Edmundsella pedata by Enric Madrenas\" style=\"width: 172px; height: 254px;\" \/> <\/a> <div class=\"tiled-gallery-caption\" itemprop=\"caption description\"> Edmundsella pedata by Enric Madrenas <\/div> <\/div> <\/div> <!-- close group --> <\/div> <!-- close row --> <div class=\"gallery-row\" style=\"width: 900px; height: 816px;\" data-original-width=\"900\" data-original-height=\"816\" > <div class=\"gallery-group images-1\" style=\"width: 553px; height: 816px;\" data-original-width=\"553\" data-original-height=\"816\" > <div class=\"tiled-gallery-item tiled-gallery-item-large\" itemprop=\"associatedMedia\" itemscope itemtype=\"http:\/\/schema.org\/ImageObject\"> <a href=\"https:\/\/opistobranquis.info\/ca\/guia\/nudibranchia\/cladobranchia\/aeolidioidea\/flabellinidae\/edmundsella-pedata\/flabellina-pedata-27\/\" border=\"0\" itemprop=\"url\"> <meta itemprop=\"width\" content=\"549\"> <meta itemprop=\"height\" content=\"812\"> <img decoding=\"async\" class=\"\" data-attachment-id=\"4566\" data-orig-file=\"https:\/\/opistobranquis.info\/wp-content\/uploads\/2012\/12\/flabellina-pedata-27.jpg\" data-orig-size=\"415,614\" data-comments-opened=\"\" data-image-title=\"Edmundsella pedata by Enric Madrenas\" data-image-description=\"&lt;p&gt;Edmundsella pedata by Enric Madrenas&lt;\/p&gt; \" data-medium-file=\"https:\/\/i0.wp.com\/opistobranquis.info\/wp-content\/uploads\/2012\/12\/flabellina-pedata-27.jpg?fit=202%2C300&#038;ssl=1\" data-large-file=\"https:\/\/i0.wp.com\/opistobranquis.info\/wp-content\/uploads\/2012\/12\/flabellina-pedata-27.jpg?fit=415%2C614&#038;ssl=1\" src=\"https:\/\/i0.wp.com\/opistobranquis.info\/wp-content\/uploads\/2012\/12\/flabellina-pedata-27.jpg?w=549&#038;h=812&#038;ssl=1\" srcset=\"https:\/\/i0.wp.com\/opistobranquis.info\/wp-content\/uploads\/2012\/12\/flabellina-pedata-27.jpg?w=415&amp;ssl=1 415w, https:\/\/i0.wp.com\/opistobranquis.info\/wp-content\/uploads\/2012\/12\/flabellina-pedata-27.jpg?resize=202%2C300&amp;ssl=1 202w\" width=\"549\" height=\"812\" loading=\"lazy\" data-original-width=\"549\" data-original-height=\"812\" itemprop=\"http:\/\/schema.org\/image\" title=\"Edmundsella pedata by Enric Madrenas\" alt=\"Edmundsella pedata by Enric Madrenas\" style=\"width: 549px; height: 812px;\" \/> <\/a> <div class=\"tiled-gallery-caption\" itemprop=\"caption description\"> Edmundsella pedata by Enric Madrenas <\/div> <\/div> <\/div> <!-- close group --> <div class=\"gallery-group images-3\" style=\"width: 347px; height: 816px;\" data-original-width=\"347\" data-original-height=\"816\" > <div class=\"tiled-gallery-item tiled-gallery-item-large\" itemprop=\"associatedMedia\" itemscope itemtype=\"http:\/\/schema.org\/ImageObject\"> <a href=\"https:\/\/opistobranquis.info\/ca\/guia\/nudibranchia\/cladobranchia\/aeolidioidea\/flabellinidae\/edmundsella-pedata\/flabellina-pedata-29\/\" border=\"0\" itemprop=\"url\"> <meta itemprop=\"width\" content=\"343\"> <meta itemprop=\"height\" content=\"260\"> <img decoding=\"async\" class=\"\" data-attachment-id=\"4567\" data-orig-file=\"https:\/\/opistobranquis.info\/wp-content\/uploads\/2012\/12\/flabellina-pedata-29.jpg\" data-orig-size=\"812,614\" data-comments-opened=\"\" data-image-title=\"Edmundsella pedata by Enric Madrenas\" data-image-description=\"&lt;p&gt;Edmundsella pedata by Enric Madrenas&lt;\/p&gt; \" data-medium-file=\"https:\/\/i0.wp.com\/opistobranquis.info\/wp-content\/uploads\/2012\/12\/flabellina-pedata-29.jpg?fit=300%2C226&#038;ssl=1\" data-large-file=\"https:\/\/i0.wp.com\/opistobranquis.info\/wp-content\/uploads\/2012\/12\/flabellina-pedata-29.jpg?fit=812%2C614&#038;ssl=1\" src=\"https:\/\/i0.wp.com\/opistobranquis.info\/wp-content\/uploads\/2012\/12\/flabellina-pedata-29.jpg?w=343&#038;h=260&#038;ssl=1\" srcset=\"https:\/\/i0.wp.com\/opistobranquis.info\/wp-content\/uploads\/2012\/12\/flabellina-pedata-29.jpg?w=812&amp;ssl=1 812w, https:\/\/i0.wp.com\/opistobranquis.info\/wp-content\/uploads\/2012\/12\/flabellina-pedata-29.jpg?resize=300%2C226&amp;ssl=1 300w\" width=\"343\" height=\"260\" loading=\"lazy\" data-original-width=\"343\" data-original-height=\"260\" itemprop=\"http:\/\/schema.org\/image\" title=\"Edmundsella pedata by Enric Madrenas\" alt=\"Edmundsella pedata by Enric Madrenas\" style=\"width: 343px; height: 260px;\" \/> <\/a> <div class=\"tiled-gallery-caption\" itemprop=\"caption description\"> Edmundsella pedata by Enric Madrenas <\/div> <\/div> <div class=\"tiled-gallery-item tiled-gallery-item-large\" itemprop=\"associatedMedia\" itemscope itemtype=\"http:\/\/schema.org\/ImageObject\"> <a href=\"https:\/\/opistobranquis.info\/ca\/guia\/nudibranchia\/cladobranchia\/aeolidioidea\/flabellinidae\/edmundsella-pedata\/flabellina-pedata-33-deformacions\/\" border=\"0\" itemprop=\"url\"> <meta itemprop=\"width\" content=\"343\"> <meta itemprop=\"height\" content=\"260\"> <img decoding=\"async\" class=\"\" data-attachment-id=\"4568\" data-orig-file=\"https:\/\/opistobranquis.info\/wp-content\/uploads\/2012\/12\/flabellina-pedata-33-deformacions.jpg\" data-orig-size=\"812,614\" data-comments-opened=\"\" data-image-title=\"Edmundsella pedata by Enric Madrenas\" data-image-description=\"&lt;p&gt;Edmundsella pedata by Enric Madrenas&lt;\/p&gt; \" data-medium-file=\"https:\/\/i0.wp.com\/opistobranquis.info\/wp-content\/uploads\/2012\/12\/flabellina-pedata-33-deformacions.jpg?fit=300%2C226&#038;ssl=1\" data-large-file=\"https:\/\/i0.wp.com\/opistobranquis.info\/wp-content\/uploads\/2012\/12\/flabellina-pedata-33-deformacions.jpg?fit=812%2C614&#038;ssl=1\" src=\"https:\/\/i0.wp.com\/opistobranquis.info\/wp-content\/uploads\/2012\/12\/flabellina-pedata-33-deformacions.jpg?w=343&#038;h=260&#038;ssl=1\" srcset=\"https:\/\/i0.wp.com\/opistobranquis.info\/wp-content\/uploads\/2012\/12\/flabellina-pedata-33-deformacions.jpg?w=812&amp;ssl=1 812w, https:\/\/i0.wp.com\/opistobranquis.info\/wp-content\/uploads\/2012\/12\/flabellina-pedata-33-deformacions.jpg?resize=300%2C226&amp;ssl=1 300w\" width=\"343\" height=\"260\" loading=\"lazy\" data-original-width=\"343\" data-original-height=\"260\" itemprop=\"http:\/\/schema.org\/image\" title=\"Edmundsella pedata by Enric Madrenas\" alt=\"Edmundsella pedata by Enric Madrenas\" style=\"width: 343px; height: 260px;\" \/> <\/a> <div class=\"tiled-gallery-caption\" itemprop=\"caption description\"> Edmundsella pedata by Enric Madrenas <\/div> <\/div> <div class=\"tiled-gallery-item tiled-gallery-item-large\" itemprop=\"associatedMedia\" itemscope itemtype=\"http:\/\/schema.org\/ImageObject\"> <a href=\"https:\/\/opistobranquis.info\/ca\/guia\/nudibranchia\/cladobranchia\/aeolidioidea\/flabellinidae\/edmundsella-pedata\/flabellina-pedata-taliarte-gran-canaria-in-3-m-2-09-2016-by-jose-juan-calderin-penate\/\" border=\"0\" itemprop=\"url\"> <meta itemprop=\"width\" content=\"343\"> <meta itemprop=\"height\" content=\"284\"> <img decoding=\"async\" class=\"\" data-attachment-id=\"22338\" data-orig-file=\"https:\/\/opistobranquis.info\/wp-content\/uploads\/2012\/05\/Flabellina-pedata-@-Taliarte-Gran-Canaria-in-3-m-2-09-2016-by-Jose-Juan-Calder\u00edn-Pe\u00f1ate.jpg\" data-orig-size=\"480,397\" data-comments-opened=\"\" data-image-title=\"Flabellina pedata @ Taliarte, Gran Canaria in 3 m 2-09-2016 by Jose Juan Calder\u00edn Pe\u00f1ate\" data-image-description=\"&lt;p&gt;Flabellina pedata @ Taliarte, Gran Canaria in 3 m 2-09-2016 by Jose Juan Calder\u00edn Pe\u00f1ate&lt;\/p&gt; \" data-medium-file=\"https:\/\/i0.wp.com\/opistobranquis.info\/wp-content\/uploads\/2012\/05\/Flabellina-pedata-%40-Taliarte-Gran-Canaria-in-3-m-2-09-2016-by-Jose-Juan-Calder%C3%ADn-Pe%C3%B1ate.jpg?fit=300%2C248&#038;ssl=1\" data-large-file=\"https:\/\/i0.wp.com\/opistobranquis.info\/wp-content\/uploads\/2012\/05\/Flabellina-pedata-%40-Taliarte-Gran-Canaria-in-3-m-2-09-2016-by-Jose-Juan-Calder%C3%ADn-Pe%C3%B1ate.jpg?fit=480%2C397&#038;ssl=1\" src=\"https:\/\/i0.wp.com\/opistobranquis.info\/wp-content\/uploads\/2012\/05\/Flabellina-pedata-%40-Taliarte-Gran-Canaria-in-3-m-2-09-2016-by-Jose-Juan-Calder%C3%ADn-Pe%C3%B1ate.jpg?w=343&#038;h=284&#038;ssl=1\" width=\"343\" height=\"284\" loading=\"lazy\" data-original-width=\"343\" data-original-height=\"284\" itemprop=\"http:\/\/schema.org\/image\" title=\"Flabellina pedata @ Taliarte, Gran Canaria in 3 m 2-09-2016 by Jose Juan Calder\u00edn Pe\u00f1ate\" alt=\"Flabellina pedata @ Taliarte, Gran Canaria in 3 m 2-09-2016 by Jose Juan Calder\u00edn Pe\u00f1ate\" style=\"width: 343px; height: 284px;\" \/> <\/a> <div class=\"tiled-gallery-caption\" itemprop=\"caption description\"> Flabellina pedata @ Taliarte, Gran Canaria in 3 m 2-09-2016 by Jose Juan Calder\u00edn Pe\u00f1ate <\/div> <\/div> <\/div> <!-- close group --> <\/div> <!-- close row --> <div class=\"gallery-row\" style=\"width: 900px; height: 434px;\" data-original-width=\"900\" data-original-height=\"434\" > <div class=\"gallery-group images-1\" style=\"width: 577px; height: 434px;\" data-original-width=\"577\" data-original-height=\"434\" > <div class=\"tiled-gallery-item tiled-gallery-item-large\" itemprop=\"associatedMedia\" itemscope itemtype=\"http:\/\/schema.org\/ImageObject\"> <a href=\"https:\/\/opistobranquis.info\/ca\/guia\/nudibranchia\/cladobranchia\/aeolidioidea\/flabellinidae\/edmundsella-pedata\/olympus-digital-camera-172\/\" border=\"0\" itemprop=\"url\"> <meta itemprop=\"width\" content=\"573\"> <meta itemprop=\"height\" content=\"430\"> <img decoding=\"async\" class=\"\" data-attachment-id=\"24278\" data-orig-file=\"https:\/\/opistobranquis.info\/wp-content\/uploads\/2017\/12\/Flabellina-pedata-@-La-Herradura-Granada-Spain-3-04-2017-by-Stefan-Verheyen-2.jpg\" data-orig-size=\"1024,768\" data-comments-opened=\"\" data-image-title=\"Edmundsella pedata @ La Herradura, Granada, Spain 3-04-2017 by Stefan Verheyen\" data-image-description=\"&lt;p&gt;Edmundsella pedata @ La Herradura, Granada, Spain 3-04-2017 by Stefan Verheyen&lt;\/p&gt; \" data-medium-file=\"https:\/\/i0.wp.com\/opistobranquis.info\/wp-content\/uploads\/2017\/12\/Flabellina-pedata-%40-La-Herradura-Granada-Spain-3-04-2017-by-Stefan-Verheyen-2.jpg?fit=300%2C225&#038;ssl=1\" data-large-file=\"https:\/\/i0.wp.com\/opistobranquis.info\/wp-content\/uploads\/2017\/12\/Flabellina-pedata-%40-La-Herradura-Granada-Spain-3-04-2017-by-Stefan-Verheyen-2.jpg?fit=900%2C675&#038;ssl=1\" src=\"https:\/\/i0.wp.com\/opistobranquis.info\/wp-content\/uploads\/2017\/12\/Flabellina-pedata-%40-La-Herradura-Granada-Spain-3-04-2017-by-Stefan-Verheyen-2.jpg?w=573&#038;h=430&#038;ssl=1\" width=\"573\" height=\"430\" loading=\"lazy\" data-original-width=\"573\" data-original-height=\"430\" itemprop=\"http:\/\/schema.org\/image\" title=\"Edmundsella pedata @ La Herradura, Granada, Spain 3-04-2017 by Stefan Verheyen\" alt=\"Edmundsella pedata @ La Herradura, Granada, Spain 3-04-2017 by Stefan Verheyen\" style=\"width: 573px; height: 430px;\" \/> <\/a> <div class=\"tiled-gallery-caption\" itemprop=\"caption description\"> Edmundsella pedata @ La Herradura, Granada, Spain 3-04-2017 by Stefan Verheyen <\/div> <\/div> <\/div> <!-- close group --> <div class=\"gallery-group images-2\" style=\"width: 323px; height: 434px;\" data-original-width=\"323\" data-original-height=\"434\" > <div class=\"tiled-gallery-item tiled-gallery-item-large\" itemprop=\"associatedMedia\" itemscope itemtype=\"http:\/\/schema.org\/ImageObject\"> <a href=\"https:\/\/opistobranquis.info\/ca\/guia\/nudibranchia\/cladobranchia\/aeolidioidea\/flabellinidae\/edmundsella-pedata\/edmundsella-pedata-by-miquel-pontes-dsc_2505\/\" border=\"0\" itemprop=\"url\"> <meta itemprop=\"width\" content=\"319\"> <meta itemprop=\"height\" content=\"213\"> <img decoding=\"async\" class=\"\" data-attachment-id=\"31176\" data-orig-file=\"https:\/\/opistobranquis.info\/wp-content\/uploads\/2020\/12\/Edmundsella-pedata-by-Miquel-Pontes-DSC_2505.jpg\" data-orig-size=\"1280,854\" data-comments-opened=\"\" data-image-title=\"Edmundsella pedata by Miquel Pontes\" data-image-description=\"&lt;p&gt;Edmundsella pedata by Miquel Pontes&lt;\/p&gt; \" data-medium-file=\"https:\/\/i0.wp.com\/opistobranquis.info\/wp-content\/uploads\/2020\/12\/Edmundsella-pedata-by-Miquel-Pontes-DSC_2505.jpg?fit=300%2C200&#038;ssl=1\" data-large-file=\"https:\/\/i0.wp.com\/opistobranquis.info\/wp-content\/uploads\/2020\/12\/Edmundsella-pedata-by-Miquel-Pontes-DSC_2505.jpg?fit=900%2C600&#038;ssl=1\" src=\"https:\/\/i0.wp.com\/opistobranquis.info\/wp-content\/uploads\/2020\/12\/Edmundsella-pedata-by-Miquel-Pontes-DSC_2505.jpg?w=319&#038;h=213&#038;ssl=1\" srcset=\"https:\/\/i0.wp.com\/opistobranquis.info\/wp-content\/uploads\/2020\/12\/Edmundsella-pedata-by-Miquel-Pontes-DSC_2505.jpg?w=1280&amp;ssl=1 1280w, https:\/\/i0.wp.com\/opistobranquis.info\/wp-content\/uploads\/2020\/12\/Edmundsella-pedata-by-Miquel-Pontes-DSC_2505.jpg?resize=300%2C200&amp;ssl=1 300w, https:\/\/i0.wp.com\/opistobranquis.info\/wp-content\/uploads\/2020\/12\/Edmundsella-pedata-by-Miquel-Pontes-DSC_2505.jpg?resize=1024%2C683&amp;ssl=1 1024w, https:\/\/i0.wp.com\/opistobranquis.info\/wp-content\/uploads\/2020\/12\/Edmundsella-pedata-by-Miquel-Pontes-DSC_2505.jpg?resize=150%2C100&amp;ssl=1 150w\" width=\"319\" height=\"213\" loading=\"lazy\" data-original-width=\"319\" data-original-height=\"213\" itemprop=\"http:\/\/schema.org\/image\" title=\"Edmundsella pedata by Miquel Pontes\" alt=\"Edmundsella pedata by Miquel Pontes\" style=\"width: 319px; height: 213px;\" \/> <\/a> <div class=\"tiled-gallery-caption\" itemprop=\"caption description\"> Edmundsella pedata by Miquel Pontes <\/div> <\/div> <div class=\"tiled-gallery-item tiled-gallery-item-large\" itemprop=\"associatedMedia\" itemscope itemtype=\"http:\/\/schema.org\/ImageObject\"> <a href=\"https:\/\/opistobranquis.info\/ca\/guia\/nudibranchia\/cladobranchia\/aeolidioidea\/flabellinidae\/edmundsella-pedata\/edmundsella-pedata-by-miquel-pontes-mpg_1906\/\" border=\"0\" itemprop=\"url\"> <meta itemprop=\"width\" content=\"319\"> <meta itemprop=\"height\" content=\"213\"> <img decoding=\"async\" class=\"\" data-attachment-id=\"31177\" data-orig-file=\"https:\/\/opistobranquis.info\/wp-content\/uploads\/2020\/12\/Edmundsella-pedata-by-Miquel-Pontes-MPG_1906.jpg\" data-orig-size=\"1280,854\" data-comments-opened=\"\" data-image-title=\"Edmundsella pedata by Miquel Pontes\" data-image-description=\"&lt;p&gt;Edmundsella pedata by Miquel Pontes&lt;\/p&gt; \" data-medium-file=\"https:\/\/i0.wp.com\/opistobranquis.info\/wp-content\/uploads\/2020\/12\/Edmundsella-pedata-by-Miquel-Pontes-MPG_1906.jpg?fit=300%2C200&#038;ssl=1\" data-large-file=\"https:\/\/i0.wp.com\/opistobranquis.info\/wp-content\/uploads\/2020\/12\/Edmundsella-pedata-by-Miquel-Pontes-MPG_1906.jpg?fit=900%2C600&#038;ssl=1\" src=\"https:\/\/i0.wp.com\/opistobranquis.info\/wp-content\/uploads\/2020\/12\/Edmundsella-pedata-by-Miquel-Pontes-MPG_1906.jpg?w=319&#038;h=213&#038;ssl=1\" srcset=\"https:\/\/i0.wp.com\/opistobranquis.info\/wp-content\/uploads\/2020\/12\/Edmundsella-pedata-by-Miquel-Pontes-MPG_1906.jpg?w=1280&amp;ssl=1 1280w, https:\/\/i0.wp.com\/opistobranquis.info\/wp-content\/uploads\/2020\/12\/Edmundsella-pedata-by-Miquel-Pontes-MPG_1906.jpg?resize=300%2C200&amp;ssl=1 300w, https:\/\/i0.wp.com\/opistobranquis.info\/wp-content\/uploads\/2020\/12\/Edmundsella-pedata-by-Miquel-Pontes-MPG_1906.jpg?resize=1024%2C683&amp;ssl=1 1024w, https:\/\/i0.wp.com\/opistobranquis.info\/wp-content\/uploads\/2020\/12\/Edmundsella-pedata-by-Miquel-Pontes-MPG_1906.jpg?resize=150%2C100&amp;ssl=1 150w\" width=\"319\" height=\"213\" loading=\"lazy\" data-original-width=\"319\" data-original-height=\"213\" itemprop=\"http:\/\/schema.org\/image\" title=\"Edmundsella pedata by Miquel Pontes\" alt=\"Edmundsella pedata by Miquel Pontes\" style=\"width: 319px; height: 213px;\" \/> <\/a> <div class=\"tiled-gallery-caption\" itemprop=\"caption description\"> Edmundsella pedata by Miquel Pontes <\/div> <\/div> <\/div> <!-- close group --> <\/div> <!-- close row --> <div class=\"gallery-row\" style=\"width: 900px; height: 490px;\" data-original-width=\"900\" data-original-height=\"490\" > <div class=\"gallery-group images-2\" style=\"width: 294px; height: 490px;\" data-original-width=\"294\" data-original-height=\"490\" > <div class=\"tiled-gallery-item tiled-gallery-item-large\" itemprop=\"associatedMedia\" itemscope itemtype=\"http:\/\/schema.org\/ImageObject\"> <a href=\"https:\/\/opistobranquis.info\/ca\/guia\/nudibranchia\/cladobranchia\/aeolidioidea\/flabellinidae\/edmundsella-pedata\/edmundsella-pedata-by-miquel-pontes-mpg_4812\/\" border=\"0\" itemprop=\"url\"> <meta itemprop=\"width\" content=\"290\"> <meta itemprop=\"height\" content=\"192\"> <img decoding=\"async\" class=\"\" data-attachment-id=\"31178\" data-orig-file=\"https:\/\/opistobranquis.info\/wp-content\/uploads\/2020\/12\/Edmundsella-pedata-by-Miquel-Pontes-MPG_4812.jpg\" data-orig-size=\"1280,850\" data-comments-opened=\"\" data-image-title=\"Edmundsella pedata by Miquel Pontes\" data-image-description=\"&lt;p&gt;Edmundsella pedata by Miquel Pontes&lt;\/p&gt; \" data-medium-file=\"https:\/\/i0.wp.com\/opistobranquis.info\/wp-content\/uploads\/2020\/12\/Edmundsella-pedata-by-Miquel-Pontes-MPG_4812.jpg?fit=300%2C199&#038;ssl=1\" data-large-file=\"https:\/\/i0.wp.com\/opistobranquis.info\/wp-content\/uploads\/2020\/12\/Edmundsella-pedata-by-Miquel-Pontes-MPG_4812.jpg?fit=900%2C598&#038;ssl=1\" src=\"https:\/\/i0.wp.com\/opistobranquis.info\/wp-content\/uploads\/2020\/12\/Edmundsella-pedata-by-Miquel-Pontes-MPG_4812.jpg?w=290&#038;h=192&#038;ssl=1\" srcset=\"https:\/\/i0.wp.com\/opistobranquis.info\/wp-content\/uploads\/2020\/12\/Edmundsella-pedata-by-Miquel-Pontes-MPG_4812.jpg?w=1280&amp;ssl=1 1280w, https:\/\/i0.wp.com\/opistobranquis.info\/wp-content\/uploads\/2020\/12\/Edmundsella-pedata-by-Miquel-Pontes-MPG_4812.jpg?resize=300%2C199&amp;ssl=1 300w, https:\/\/i0.wp.com\/opistobranquis.info\/wp-content\/uploads\/2020\/12\/Edmundsella-pedata-by-Miquel-Pontes-MPG_4812.jpg?resize=1024%2C680&amp;ssl=1 1024w, https:\/\/i0.wp.com\/opistobranquis.info\/wp-content\/uploads\/2020\/12\/Edmundsella-pedata-by-Miquel-Pontes-MPG_4812.jpg?resize=150%2C100&amp;ssl=1 150w\" width=\"290\" height=\"192\" loading=\"lazy\" data-original-width=\"290\" data-original-height=\"192\" itemprop=\"http:\/\/schema.org\/image\" title=\"Edmundsella pedata by Miquel Pontes\" alt=\"Edmundsella pedata by Miquel Pontes\" style=\"width: 290px; height: 192px;\" \/> <\/a> <div class=\"tiled-gallery-caption\" itemprop=\"caption description\"> Edmundsella pedata by Miquel Pontes <\/div> <\/div> <div class=\"tiled-gallery-item tiled-gallery-item-large\" itemprop=\"associatedMedia\" itemscope itemtype=\"http:\/\/schema.org\/ImageObject\"> <a href=\"https:\/\/opistobranquis.info\/ca\/guia\/nudibranchia\/cladobranchia\/aeolidioidea\/flabellinidae\/edmundsella-pedata\/edmundsella-pedata-by-nani-diez-img_20201228_165708_109\/\" border=\"0\" itemprop=\"url\"> <meta itemprop=\"width\" content=\"290\"> <meta itemprop=\"height\" content=\"290\"> <img decoding=\"async\" class=\"\" data-attachment-id=\"31947\" data-orig-file=\"https:\/\/opistobranquis.info\/wp-content\/uploads\/2021\/03\/Edmundsella-pedata-by-Nani-Diez-IMG_20201228_165708_109.jpg\" data-orig-size=\"1144,1144\" data-comments-opened=\"\" data-image-title=\"Edmundsella pedata by Nani D\u00edez\" data-image-description=\"&lt;p&gt;Edmundsella pedata by Nani D\u00edez&lt;\/p&gt; \" data-medium-file=\"https:\/\/i0.wp.com\/opistobranquis.info\/wp-content\/uploads\/2021\/03\/Edmundsella-pedata-by-Nani-Diez-IMG_20201228_165708_109.jpg?fit=300%2C300&#038;ssl=1\" data-large-file=\"https:\/\/i0.wp.com\/opistobranquis.info\/wp-content\/uploads\/2021\/03\/Edmundsella-pedata-by-Nani-Diez-IMG_20201228_165708_109.jpg?fit=900%2C900&#038;ssl=1\" src=\"https:\/\/i0.wp.com\/opistobranquis.info\/wp-content\/uploads\/2021\/03\/Edmundsella-pedata-by-Nani-Diez-IMG_20201228_165708_109.jpg?w=290&#038;h=290&#038;crop=1&#038;ssl=1\" srcset=\"https:\/\/i0.wp.com\/opistobranquis.info\/wp-content\/uploads\/2021\/03\/Edmundsella-pedata-by-Nani-Diez-IMG_20201228_165708_109.jpg?w=1144&amp;ssl=1 1144w, https:\/\/i0.wp.com\/opistobranquis.info\/wp-content\/uploads\/2021\/03\/Edmundsella-pedata-by-Nani-Diez-IMG_20201228_165708_109.jpg?resize=300%2C300&amp;ssl=1 300w, https:\/\/i0.wp.com\/opistobranquis.info\/wp-content\/uploads\/2021\/03\/Edmundsella-pedata-by-Nani-Diez-IMG_20201228_165708_109.jpg?resize=1024%2C1024&amp;ssl=1 1024w, https:\/\/i0.wp.com\/opistobranquis.info\/wp-content\/uploads\/2021\/03\/Edmundsella-pedata-by-Nani-Diez-IMG_20201228_165708_109.jpg?resize=150%2C150&amp;ssl=1 150w\" width=\"290\" height=\"290\" loading=\"lazy\" data-original-width=\"290\" data-original-height=\"290\" itemprop=\"http:\/\/schema.org\/image\" title=\"Edmundsella pedata by Nani D\u00edez\" alt=\"Edmundsella pedata by Nani D\u00edez\" style=\"width: 290px; height: 290px;\" \/> <\/a> <div class=\"tiled-gallery-caption\" itemprop=\"caption description\"> Edmundsella pedata by Nani D\u00edez <\/div> <\/div> <\/div> <!-- close group --> <div class=\"gallery-group images-1\" style=\"width: 606px; height: 490px;\" data-original-width=\"606\" data-original-height=\"490\" > <div class=\"tiled-gallery-item tiled-gallery-item-large\" itemprop=\"associatedMedia\" itemscope itemtype=\"http:\/\/schema.org\/ImageObject\"> <a href=\"https:\/\/opistobranquis.info\/ca\/guia\/nudibranchia\/cladobranchia\/aeolidioidea\/flabellinidae\/edmundsella-pedata\/edmundsella-pedata-lescala-spain-by-eli-franco-valero\/\" border=\"0\" itemprop=\"url\"> <meta itemprop=\"width\" content=\"602\"> <meta itemprop=\"height\" content=\"486\"> <img decoding=\"async\" class=\"\" data-attachment-id=\"32471\" data-orig-file=\"https:\/\/opistobranquis.info\/wp-content\/uploads\/2021\/06\/Edmundsella-pedata-@-LEscala-Spain-by-Eli-Franco-Valero.jpg\" data-orig-size=\"1080,872\" data-comments-opened=\"\" data-image-title=\"Edmundsella pedata @ L&amp;#8217;Escala, Spain by Eli Franco Valero\" data-image-description=\"&lt;p&gt;Edmundsella pedata @ L&amp;#8217;Escala, Spain by Eli Franco Valero&lt;\/p&gt; \" data-medium-file=\"https:\/\/i0.wp.com\/opistobranquis.info\/wp-content\/uploads\/2021\/06\/Edmundsella-pedata-%40-LEscala-Spain-by-Eli-Franco-Valero.jpg?fit=300%2C242&#038;ssl=1\" data-large-file=\"https:\/\/i0.wp.com\/opistobranquis.info\/wp-content\/uploads\/2021\/06\/Edmundsella-pedata-%40-LEscala-Spain-by-Eli-Franco-Valero.jpg?fit=900%2C727&#038;ssl=1\" src=\"https:\/\/i0.wp.com\/opistobranquis.info\/wp-content\/uploads\/2021\/06\/Edmundsella-pedata-%40-LEscala-Spain-by-Eli-Franco-Valero.jpg?w=602&#038;h=486&#038;ssl=1\" width=\"602\" height=\"486\" loading=\"lazy\" data-original-width=\"602\" data-original-height=\"486\" itemprop=\"http:\/\/schema.org\/image\" title=\"Edmundsella pedata @ L&#039;Escala, Spain by Eli Franco Valero\" alt=\"Edmundsella pedata @ L&#039;Escala, Spain by Eli Franco Valero\" style=\"width: 602px; height: 486px;\" \/> <\/a> <div class=\"tiled-gallery-caption\" itemprop=\"caption description\"> Edmundsella pedata @ L&#8217;Escala, Spain by Eli Franco Valero <\/div> <\/div> <\/div> <!-- close group --> <\/div> <!-- close row --> <div class=\"gallery-row\" style=\"width: 900px; height: 318px;\" data-original-width=\"900\" data-original-height=\"318\" > <div class=\"gallery-group images-1\" style=\"width: 423px; height: 318px;\" data-original-width=\"423\" data-original-height=\"318\" > <div class=\"tiled-gallery-item tiled-gallery-item-large\" itemprop=\"associatedMedia\" itemscope itemtype=\"http:\/\/schema.org\/ImageObject\"> <a href=\"https:\/\/opistobranquis.info\/ca\/guia\/nudibranchia\/cladobranchia\/aeolidioidea\/flabellinidae\/edmundsella-pedata\/edmundsella-pedata-france-by-pascal-girard\/\" border=\"0\" itemprop=\"url\"> <meta itemprop=\"width\" content=\"419\"> <meta itemprop=\"height\" content=\"314\"> <img decoding=\"async\" class=\"\" data-attachment-id=\"36096\" data-orig-file=\"https:\/\/opistobranquis.info\/wp-content\/uploads\/2022\/12\/Edmundsella-pedata-@-France-by-Pascal-Girard.jpg\" data-orig-size=\"1280,960\" data-comments-opened=\"\" data-image-title=\"Edmundsella pedata @ France by Pascal Girard\" data-image-description=\"&lt;p&gt;Edmundsella pedata @ France by Pascal Girard&lt;\/p&gt; \" data-medium-file=\"https:\/\/i0.wp.com\/opistobranquis.info\/wp-content\/uploads\/2022\/12\/Edmundsella-pedata-%40-France-by-Pascal-Girard.jpg?fit=300%2C225&#038;ssl=1\" data-large-file=\"https:\/\/i0.wp.com\/opistobranquis.info\/wp-content\/uploads\/2022\/12\/Edmundsella-pedata-%40-France-by-Pascal-Girard.jpg?fit=900%2C675&#038;ssl=1\" src=\"https:\/\/i0.wp.com\/opistobranquis.info\/wp-content\/uploads\/2022\/12\/Edmundsella-pedata-%40-France-by-Pascal-Girard.jpg?w=419&#038;h=314&#038;ssl=1\" width=\"419\" height=\"314\" loading=\"lazy\" data-original-width=\"419\" data-original-height=\"314\" itemprop=\"http:\/\/schema.org\/image\" title=\"Edmundsella pedata @ France by Pascal Girard\" alt=\"Edmundsella pedata @ France by Pascal Girard\" style=\"width: 419px; height: 314px;\" \/> <\/a> <div class=\"tiled-gallery-caption\" itemprop=\"caption description\"> Edmundsella pedata @ France by Pascal Girard <\/div> <\/div> <\/div> <!-- close group --> <div class=\"gallery-group images-1\" style=\"width: 477px; height: 318px;\" data-original-width=\"477\" data-original-height=\"318\" > <div class=\"tiled-gallery-item tiled-gallery-item-large\" itemprop=\"associatedMedia\" itemscope itemtype=\"http:\/\/schema.org\/ImageObject\"> <a href=\"https:\/\/opistobranquis.info\/ca\/guia\/nudibranchia\/cladobranchia\/aeolidioidea\/flabellinidae\/edmundsella-pedata\/edmundsella-pedata-by-miquel-pontes-mpg_4812-2\/\" border=\"0\" itemprop=\"url\"> <meta itemprop=\"width\" content=\"473\"> <meta itemprop=\"height\" content=\"314\"> <img decoding=\"async\" class=\"\" data-attachment-id=\"36597\" data-orig-file=\"https:\/\/opistobranquis.info\/wp-content\/uploads\/2023\/01\/Edmundsella-pedata-by-Miquel-Pontes-MPG_4812.jpg\" data-orig-size=\"1200,797\" data-comments-opened=\"\" data-image-title=\"Edmundsella pedata @ Costa Brava, Spain by Miquel Pontes\" data-image-description=\"&lt;p&gt;Edmundsella pedata @ Costa Brava, Spain by Miquel Pontes&lt;\/p&gt; \" data-medium-file=\"https:\/\/i0.wp.com\/opistobranquis.info\/wp-content\/uploads\/2023\/01\/Edmundsella-pedata-by-Miquel-Pontes-MPG_4812.jpg?fit=300%2C199&#038;ssl=1\" data-large-file=\"https:\/\/i0.wp.com\/opistobranquis.info\/wp-content\/uploads\/2023\/01\/Edmundsella-pedata-by-Miquel-Pontes-MPG_4812.jpg?fit=900%2C598&#038;ssl=1\" src=\"https:\/\/i0.wp.com\/opistobranquis.info\/wp-content\/uploads\/2023\/01\/Edmundsella-pedata-by-Miquel-Pontes-MPG_4812.jpg?w=473&#038;h=314&#038;ssl=1\" srcset=\"https:\/\/i0.wp.com\/opistobranquis.info\/wp-content\/uploads\/2023\/01\/Edmundsella-pedata-by-Miquel-Pontes-MPG_4812.jpg?w=1200&amp;ssl=1 1200w, https:\/\/i0.wp.com\/opistobranquis.info\/wp-content\/uploads\/2023\/01\/Edmundsella-pedata-by-Miquel-Pontes-MPG_4812.jpg?resize=300%2C199&amp;ssl=1 300w, https:\/\/i0.wp.com\/opistobranquis.info\/wp-content\/uploads\/2023\/01\/Edmundsella-pedata-by-Miquel-Pontes-MPG_4812.jpg?resize=1024%2C680&amp;ssl=1 1024w, https:\/\/i0.wp.com\/opistobranquis.info\/wp-content\/uploads\/2023\/01\/Edmundsella-pedata-by-Miquel-Pontes-MPG_4812.jpg?resize=150%2C100&amp;ssl=1 150w\" width=\"473\" height=\"314\" loading=\"lazy\" data-original-width=\"473\" data-original-height=\"314\" itemprop=\"http:\/\/schema.org\/image\" title=\"Edmundsella pedata @ Costa Brava, Spain by Miquel Pontes\" alt=\"Edmundsella pedata @ Costa Brava, Spain by Miquel Pontes\" style=\"width: 473px; height: 314px;\" \/> <\/a> <div class=\"tiled-gallery-caption\" itemprop=\"caption description\"> Edmundsella pedata @ Costa Brava, Spain by Miquel Pontes <\/div> <\/div> <\/div> <!-- close group --> <\/div> <!-- close row --> <\/div><\/p>\n<p><p><strong>Bibliografia<\/strong><\/p><ul><div id=\"zotpress-7e08540707d3bd0a3298948f21db8102\" class=\"zp-Zotpress zp-Zotpress-Bib wp-block-group\">\n\n\t\t<span class=\"ZP_API_USER_ID ZP_ATTR\">1246567<\/span>\n\t\t<span class=\"ZP_ITEM_KEY ZP_ATTR\"><\/span>\n\t\t<span class=\"ZP_COLLECTION_ID ZP_ATTR\"><\/span>\n\t\t<span class=\"ZP_TAG_ID ZP_ATTR\">Edmundsella pedata<\/span>\n\t\t<span class=\"ZP_AUTHOR ZP_ATTR\"><\/span>\n\t\t<span class=\"ZP_YEAR ZP_ATTR\"><\/span>\n        <span class=\"ZP_ITEMTYPE ZP_ATTR\"><\/span>\n\t\t<span class=\"ZP_INCLUSIVE ZP_ATTR\">1<\/span>\n\t\t<span class=\"ZP_STYLE ZP_ATTR\">eunomia-revista-en-cultura-de-la-legalidad<\/span>\n\t\t<span class=\"ZP_LIMIT ZP_ATTR\">50<\/span>\n\t\t<span class=\"ZP_SORTBY ZP_ATTR\">creator<\/span>\n\t\t<span class=\"ZP_ORDER ZP_ATTR\">asc<\/span>\n\t\t<span class=\"ZP_TITLE ZP_ATTR\"><\/span>\n\t\t<span class=\"ZP_SHOWIMAGE ZP_ATTR\"><\/span>\n\t\t<span class=\"ZP_SHOWTAGS ZP_ATTR\"><\/span>\n\t\t<span class=\"ZP_DOWNLOADABLE ZP_ATTR\"><\/span>\n\t\t<span class=\"ZP_NOTES ZP_ATTR\"><\/span>\n\t\t<span class=\"ZP_ABSTRACT ZP_ATTR\"><\/span>\n\t\t<span class=\"ZP_CITEABLE ZP_ATTR\"><\/span>\n\t\t<span class=\"ZP_TARGET ZP_ATTR\">1<\/span>\n\t\t<span class=\"ZP_URLWRAP ZP_ATTR\"><\/span>\n\t\t<span class=\"ZP_FORCENUM ZP_ATTR\"><\/span>\n        <span class=\"ZP_HIGHLIGHT ZP_ATTR\"><\/span>\n        <span class=\"ZP_POSTID ZP_ATTR\">599<\/span>\n\t\t<span class=\"ZOTPRESS_PLUGIN_URL ZP_ATTR\">https:\/\/opistobranquis.info\/wp-content\/plugins\/zotpress\/<\/span>\n\n\t\t<div class=\"zp-List loading\">\n\t\t\t<div class=\"zp-SEO-Content\">\n\n\t\t\t<\/div><!-- .zp-zp-SEO-Content -->\n\t\t<\/div><!-- .zp-List -->\n\t<\/div><!--.zp-Zotpress-->\n\n<p><\/p>Bibliografia basada en els treballs de <b>Steve Long, 2006<\/b>. <a target=_blank href=https:\/\/opistobranquis.info\/wp-content\/uploads\/2016\/06\/Long-S.-2006-Bibliography-of-Opisthobranchia-1554-2000.pdf>Bibliography of Opisthobranchia 1554-2000<\/a> i <b>Gary McDonald, 2009<\/b>. <a href=http:\/\/escholarship.org\/uc\/item\/8115h0wz>Bibliographia Nudibranchia<\/a>, amb actualitzacions posteriors procedents d\u00b4altres fonts.<p><\/p><\/ul><p><\/p><p><strong>M\u00e9s informaci\u00f3<\/strong><\/p><span style=\"font-size:10pt\"><ul><ul class=\"blogroll-links\"><li><a href=\"http:\/\/www.asturnatura.com\/especie\/flabellina-pedata.html\">AsturNatura<\/a><\/li><li><a href=\"http:\/\/www.biodiversitylibrary.org\/name\/Flabellina%20pedata\">Biodiversity Heritage Library<\/a><\/li><li><a href=\"http:\/\/www.biologiamarina.org\/flabellina-pedata\/\">BiologiaMarina.org<\/a><\/li><li><a href=\"http:\/\/www.cibsub.com\/bioespecie_es-flabellina_pedata-28172\">CIB - Club Immersio Biologia<\/a><\/li><li><a href=\"http:\/\/doris.ffessm.fr\/fiche2.asp?fiche_numero=153\">DORIS<\/a><\/li><li><a href=\"https:\/\/litoraldegranada.ugr.es\/el-litoral\/el-litoral-sumergido\/fauna\/moluscos\/gasteropodos\/opistobranquios\/orden-nudibranchia\/fionoidea\/edmunsella-pedata\/\">El Litoral de Granada<\/a><\/li><li><a href=\"http:\/\/www.habitas.org.uk\/marinelife\/species.asp?item=W14600#\">Encyclopedia of Marine Life of Britain and Ireland<\/a><\/li><li><a href=\"http:\/\/nature22.com\/estran22\/mollusques\/gasteropodesbis\/gasteropodes5.html\">Estran 22 - Faune et flore de la zone de balancement des mar\u00e9es en C\u00f4tes d&#039;Armor<\/a><\/li><li><a href=\"https:\/\/www.flickr.com\/photos\/56388191@N08\/sets\/72177720300711778\/\">European Sea Slugs by Morddyn<\/a><\/li><li><a href=\"https:\/\/www.flickr.com\/search\/?text=Edmundsella%20pedata\">Flickr pictures<\/a><\/li><li><a href=\"http:\/\/www.opistobranquis.org\/ca\/guia\/50\">GROC<\/a><\/li><li><a href=\"http:\/\/www.irmng.org\/aphia.php?p=taxlist&#038;tName=Edmundsella%20pedata\">Interim Register of Marine and Nonmarine Genera<\/a><\/li><li><a href=\"http:\/\/marenostrum.org\/vidamarina\/animalia\/invertebrados\/moluscos\/gasteropodos\/opistobranquios\/fpedata\/index.htm\">M@re Nostrum<\/a><\/li><li><a href=\"http:\/\/www.ncbi.nlm.nih.gov\/Taxonomy\/Browser\/wwwtax.cgi?mode=Undef&#038;name=Flabellina%20pedata&#038;lvl=0&#038;srchmode=1\">NCBI GenBank<\/a><\/li><li><a href=\"http:\/\/iobis.org\/mapper\/?taxon=Flabellina%20pedata\">OBIS - Search by Taxon<\/a><\/li><li><a href=\"http:\/\/www.nudibranch.org\/Scottish%20Nudibranchs\/edmundsella-pedata.html\">Scottish Nudibranchs<\/a><\/li><li><a href=\"http:\/\/www.seaslugforum.net\/showall\/flabpeda\">Sea Slug Forum<\/a><\/li><li><a href=\"http:\/\/www.conchsoc.net\/spaccount\/Flabellina-pedata\">The Conchological Society of Great Britain and Ireland<\/a><\/li><li><a href=\"http:\/\/slugsite.us\/bow\/wirtz98\/p_2_7.htm\">The SlugSite<\/a><\/li><li><a href=\"http:\/\/www.marinespecies.org\/aphia.php?p=taxdetails&#038;id=139993\">World Register of Marine Species<\/a><\/li><\/ul><\/ul><\/span><p><strong>Citeu aquest article com: <\/strong><\/p><div style=\"display: block; background: #444444; padding: 10px 30px 10px 10px; border-radius: 5px; line-height: 18px;\"><p class=\"citacio\"><b>Ballesteros, M., Madrenas, E. &#38; Pontes, M.<\/b> (2025) <em>\"Edmundsella pedata\"<\/em> a <em>OPK-Opistobranquis<\/em>. Publicat: 17\/05\/2012. Accedit: 03\/09\/2026. Disponible a (<a href=https:\/\/opistobranquis.info\/ca\/?p=599>https:\/\/opistobranquis.info\/ca\/?p=599<\/a>)<\/p><p><\/p><\/div><p><\/p><\/p>","protected":false},"excerpt":{"rendered":"<p>Edmundsella\u00a0pedata (Montagu, 1816) Sin\u00f2nims Coryphella pedata (Montagu, 1816) Doris pedata Montagu, 1816 Eolis landsburgi Alder &amp; Hancock, 1846 Coryphella landsburgii (Alder &amp; Hancock, 1846) Flabellina pedata (Montagu, 1816) Descripci\u00f3 Aquest eolidaci acostuma a mesurar entre 10 i 15 mm de llarg, tot i que s&#8217;han reportat exemplars de fins a 40 mm. El cos \u00e9s for\u00e7a transparent i t\u00e9 un color general entre rosa i porpra, tamb\u00e9 al cap, els\u2026<\/p>\n<p class=\"continue-reading-button\"> <a class=\"continue-reading-link\" href=\"https:\/\/opistobranquis.info\/ca\/guia\/nudibranchia\/cladobranchia\/aeolidioidea\/flabellinidae\/edmundsella-pedata\/\">Continua llegint<i class=\"crycon-right-dir\"><\/i><\/a><\/p>\n","protected":false},"author":291,"featured_media":4561,"parent":46869,"menu_order":4,"comment_status":"closed","ping_status":"closed","template":"","meta":{"footnotes":""},"class_list":["post-599","page","type-page","status-publish","has-post-thumbnail","hentry"],"jetpack_sharing_enabled":true,"_links":{"self":[{"href":"https:\/\/opistobranquis.info\/ca\/wp-json\/wp\/v2\/pages\/599","targetHints":{"allow":["GET"]}}],"collection":[{"href":"https:\/\/opistobranquis.info\/ca\/wp-json\/wp\/v2\/pages"}],"about":[{"href":"https:\/\/opistobranquis.info\/ca\/wp-json\/wp\/v2\/types\/page"}],"author":[{"embeddable":true,"href":"https:\/\/opistobranquis.info\/ca\/wp-json\/wp\/v2\/users\/291"}],"replies":[{"embeddable":true,"href":"https:\/\/opistobranquis.info\/ca\/wp-json\/wp\/v2\/comments?post=599"}],"version-history":[{"count":9,"href":"https:\/\/opistobranquis.info\/ca\/wp-json\/wp\/v2\/pages\/599\/revisions"}],"predecessor-version":[{"id":46858,"href":"https:\/\/opistobranquis.info\/ca\/wp-json\/wp\/v2\/pages\/599\/revisions\/46858"}],"up":[{"embeddable":true,"href":"https:\/\/opistobranquis.info\/ca\/wp-json\/wp\/v2\/pages\/46869"}],"wp:featuredmedia":[{"embeddable":true,"href":"https:\/\/opistobranquis.info\/ca\/wp-json\/wp\/v2\/media\/4561"}],"wp:attachment":[{"href":"https:\/\/opistobranquis.info\/ca\/wp-json\/wp\/v2\/media?parent=599"}],"curies":[{"name":"wp","href":"https:\/\/api.w.org\/{rel}","templated":true}]}}