{"id":603,"date":"2012-05-17T07:40:23","date_gmt":"2012-05-17T05:40:23","guid":{"rendered":"https:\/\/opistobranquis.info\/flabellina-lineataflabellina-lineataflabellina-lineata"},"modified":"2020-12-12T10:43:33","modified_gmt":"2020-12-12T09:43:33","slug":"fjordia-lineata","status":"publish","type":"page","link":"https:\/\/opistobranquis.info\/ca\/guia\/nudibranchia\/cladobranchia\/fionoidea\/fjordia-lineata\/","title":{"rendered":"Fjordia lineata"},"content":{"rendered":"<p><\/p>\n<h3><em>Fjordia lineata<\/em> (Lov\u00e9n, 1846)<\/h3>\n<p><span style=\"font-size:10pt;\" class=\"aligncenter\"><div id=\"featured-img-id\"><img data-recalc-dims=\"1\" decoding=\"async\" src=\"https:\/\/i0.wp.com\/opistobranquis.info\/wp-content\/uploads\/2012\/12\/flabellina-lineata-08.jpg?w=900&#038;ssl=1\" alt=\"Fjordia lineata by Enric Madrenas\" \/><\/div><center><em>Fjordia lineata<\/em> per Enric Madrenas<\/center><\/span><p><\/p><div class=\"opk-worms\"><h3>Informaci\u00f3 taxon\u00f2mica WoRMS<\/h3><div class=\"opk-alert\">El nom consultat Fjordia lineata no est\u00e0 actualment acceptat (superseded combination).<br>Nom acceptat actual: <strong><em>Coryphella lineata<\/em> (Lov\u00e9n, 1846)<\/strong><\/div><h4>Classificaci\u00f3 actual<\/h4><table class=\"widefat striped\"><tr><th>Superdomain<\/th><td><a target=\"_blank\" href=\"https:\/\/www.marinespecies.org\/aphia.php?p=taxdetails&id=1\">Biota<\/a><\/td><\/tr><tr><th>Kingdom<\/th><td><a target=\"_blank\" href=\"https:\/\/www.marinespecies.org\/aphia.php?p=taxdetails&id=2\">Animalia<\/a><\/td><\/tr><tr><th>Phylum<\/th><td><a target=\"_blank\" href=\"https:\/\/www.marinespecies.org\/aphia.php?p=taxdetails&id=51\">Mollusca<\/a><\/td><\/tr><tr><th>Class<\/th><td><a target=\"_blank\" href=\"https:\/\/www.marinespecies.org\/aphia.php?p=taxdetails&id=101\">Gastropoda<\/a><\/td><\/tr><tr><th>Subclass<\/th><td><a target=\"_blank\" href=\"https:\/\/www.marinespecies.org\/aphia.php?p=taxdetails&id=14712\">Heterobranchia<\/a><\/td><\/tr><tr><th>Infraclass<\/th><td><a target=\"_blank\" href=\"https:\/\/www.marinespecies.org\/aphia.php?p=taxdetails&id=1057247\">Euthyneura<\/a><\/td><\/tr><tr><th>Subterclass<\/th><td><a target=\"_blank\" href=\"https:\/\/www.marinespecies.org\/aphia.php?p=taxdetails&id=1057249\">Ringipleura<\/a><\/td><\/tr><tr><th>Superorder<\/th><td><a target=\"_blank\" href=\"https:\/\/www.marinespecies.org\/aphia.php?p=taxdetails&id=411966\">Nudipleura<\/a><\/td><\/tr><tr><th>Order<\/th><td><a target=\"_blank\" href=\"https:\/\/www.marinespecies.org\/aphia.php?p=taxdetails&id=1762\">Nudibranchia<\/a><\/td><\/tr><tr><th>Suborder<\/th><td><a target=\"_blank\" href=\"https:\/\/www.marinespecies.org\/aphia.php?p=taxdetails&id=827889\">Cladobranchia<\/a><\/td><\/tr><tr><th>Superfamily<\/th><td><a target=\"_blank\" href=\"https:\/\/www.marinespecies.org\/aphia.php?p=taxdetails&id=412646\">Fionoidea<\/a><\/td><\/tr><tr><th>Family<\/th><td><a target=\"_blank\" href=\"https:\/\/www.marinespecies.org\/aphia.php?p=taxdetails&id=190\">Flabellinidae<\/a><\/td><\/tr><tr><th>Genus<\/th><td><a target=\"_blank\" href=\"https:\/\/www.marinespecies.org\/aphia.php?p=taxdetails&id=138018\"><em>Coryphella<\/em><\/a><\/td><\/tr><tr><th>Species<\/th><td><a target=\"_blank\" href=\"https:\/\/www.marinespecies.org\/aphia.php?p=taxdetails&id=139982\"><em>Coryphella lineata<\/em> (Lov\u00e9n, 1846)<\/a><\/td><\/tr><\/table><p class=\"footer\">Classificaci\u00f3 proporcionada pel World Register of Marine Species (WoRMS). [<a target=\"_blank\" href=\"https:\/\/www.marinespecies.org\/aphia.php?p=taxdetails&id=139982\">139982<\/a>]<\/p><\/div><p><strong>Nota taxon\u00f2mica<\/strong>: La classificaci\u00f3 dels Flabellinidae semblava for\u00e7a estable fins que el 2017 van apar\u00e8ixer una s\u00e8rie de treballs (Furfaro et al. 2017; Korshunova et al. 2017) que pretenien aclarir l\u00b4estatus de la fam\u00edlia Flabellinidae. L\u00b4objectiu principal del treball de Furfaro et al. era caracteritzar molecularment les esp\u00e8cies mediterr\u00e0nies mentre que el treball de Korshunova et al. pretenia aprofundir en les relacions filogen\u00e8tiques entre diversos membres de la fam\u00edlia Flabellinidae i les altres fam\u00edlies dels aeolidacis.<br>Tots dos treballs es basaven en la combinaci\u00f3 de t\u00e8cniques moleculars i morfol\u00f2giques i, de fet, no ofereixen resultats molt diferents, per\u00f2 s\u00ed difereixen en la mida i proced\u00e8ncia de les mostres estudiades i, sobretot, en la interpretaci\u00f3 d\u00b4aquests resultats. Despr\u00e9s de l\u00b4aparici\u00f3 del treball de Furfaro et al., moltes esp\u00e8cies Mediterr\u00e0nies dels g\u00e8neres <i>Calmella<\/i>, <i>Flabellina<\/i> i <i>Piseinotecus<\/i> es van agrupar sota el g\u00e8nere com\u00fa <i>Flabellina<\/i>, per\u00f2 van tenir determinats problemes amb algunes esp\u00e8cies que no encaixaven b\u00e9 amb la classificaci\u00f3 proposada (per exemple <i>Flabellina babai<\/i>), van descobrir que les poblacions mediterr\u00e0nia i atl\u00e0ntica de <i>Flabellina ischitana<\/i> corresponen a dues esp\u00e8cies cr\u00edptiques diferents, i van constatar els problemes del grup cr\u00edptic <i>Calmella cavolini<\/i> \/ <i>Flabellina confusa<\/i> \/ <i>Piseinotecus gaditanus<\/i> per la qual cosa van indicar la necessitat de fer nous estudis per aclarir el seu estatus.<br>Curiosament aquests estudis s\u00b4estaven duent a terme pr\u00e0cticament en paral\u00b7lel pel grup de Korshunova et al. per\u00f2 sobre una mostra d\u00b4esp\u00e8cies molt m\u00e9s \u00e0mplia i que comprenia exemplars de l\u00b4\u00c0rtic, Atl\u00e0ntic nord, oce\u00e0 Pac\u00edfic i \u00cdndic. Aquest segon treball confirma la polifilia de la fam\u00edlia Flabellinidae, per\u00f2 la seva forma d\u00b4interpretar els resultats representa una veritable revoluci\u00f3 per a la taxonomia dels aeolidacis, especialment per a la fam\u00edlia Flabellinidae.<br>Tots dos treballs observen que hi ha dos clades (grups) ben diferenciats de Flabellinidae: el de <i>Coryphella pedata<\/i> i similars, amb cerata que surten directament del dors, i el de <i>Flabellina affinis<\/i> i similars, que tenen els cerata de cada grup pedunculats. Encara que Furfaro et al. consideren a les esp\u00e8cies de tots dos clades pertanyents al g\u00e8nere <i>Flabellina<\/i> dins de la fam\u00edlia Flabellinidae, Korshunova et al. difer\u00e8ncia dues fam\u00edlies: Coryphellidae i Flabellinidae sensu stricto, creant a m\u00e9s multitud de g\u00e8neres diferents en aquestes fam\u00edlies per incloure a les esp\u00e8cies que estudien. La seva proposta taxon\u00f2mica, curiosament, d\u00f3na resposta als problemes trobats per Furfaro et al.<br>En certa manera tots dos treballs es complementen, si b\u00e9 en el treball de Korshunova et al. s\u00b4evidencia la manca d\u00b4estudis sobre les esp\u00e8cies de flabellinids tropicals i del sud d\u00b4Am\u00e8rica i \u00c0frica, de manera que encara no s\u00b4ha dit l\u00b4\u00faltima paraula. La proposta de creaci\u00f3 de nous g\u00e8neres per reunir petits grups d\u00b4esp\u00e8cies, en comptes de g\u00e8neres multiespec\u00edfics, sembla ser la tend\u00e8ncia en alguns dels treballs filogen\u00e8tics dels \u00faltims anys. Es pot consultar una discussi\u00f3 detallada d\u00b4aquesta apassionant controv\u00e8rsia a (<a href=\"https:\/\/opistobranquis.info\/ca\/flabellinidae\/\">https:\/\/opistobranquis.info\/ca\/flabellinidae\/<\/a>).<\/p><strong>Sin\u00f2nims<\/strong><\/p>\n<ul>\n<li><span id=\"aphia_ct_tu_153493\"><i>Aeolis argenteolineata<\/i> Costa A., 1866<\/span><\/li>\n<li><span id=\"aphia_ct_tu_747543\"><i>Aeolis lineata<\/i> Lov\u00e9n, 1846<\/span><\/li>\n<li><span id=\"aphia_ct_tu_139982\"><i>Coryphella lineata<\/i> (Lov\u00e9n, 1846)<\/span><\/li>\n<li><em>Flabellina lineata<\/em> (Lov\u00e9n, 1846)<\/li>\n<\/ul>\n<p><strong>Descripci\u00f3<\/strong><br \/>\nEls esp\u00e8cimens mediterranis d&#8217;aquesta esp\u00e8cie generalment mesuren entre 15 i 30 mm de longitud, encara que en el nord d&#8217;Europa s&#8217;ha citat exemplars que arriben als 50 mm de longitud total. El cos \u00e9s blanquin\u00f3s i semitransparent, de manera que \u00e9s possible veure les v\u00edsceres de color crema a trav\u00e9s del tegument. El nom espec\u00edfic es refereix a les l\u00ednies blanques fines i opaques que recorren el dors i els costats del cos; la l\u00ednia dorsal recorre la part superior del cos des de l&#8217;\u00faltima cerata fins al cap, passant entre les bases dels rin\u00f2fors i despr\u00e9s avan\u00e7ant cap a la part posterior dels tentacles orals. Les l\u00ednies laterals apareixen just a sota de la inserci\u00f3 dels grups de cerata i es troben a la cua. Els palps orals i els rin\u00f2fors tenen aproximadament la mateixa longitud i tamb\u00e9 s\u00f3n blanquinosos i semitransparents; al llarg del costat dorsal dels rin\u00f2fors s&#8217;observa una l\u00ednia blanca prima i opaca. La punta dels rin\u00f2fors \u00e9s de color blanc opac. Els ulls s\u00f3n molt visibles i es troben a la part posterior de la base dels rin\u00f2fors. Els cerata apareixen formant de 5 a 8 grups, depenent de la mida dels esp\u00e8cimens. Els dos primers grups tenen dues files de cerata mentre que la resta dels grups nom\u00e9s en tenen una. Els cerata s\u00f3n llargs, prims, semitransparents i acabats en punta. Les \u00e0rees anterior i posterior dels cerata tenen una l\u00ednia blanca opaca, de vegades discont\u00ednua; la gl\u00e0ndula digestiva dins de la cerata pot ser taronja, vermella o marr\u00f3. Els cnidosacs s\u00f3n blanquinosos i es localitzen a la punta dels cerata, en aquesta esp\u00e8cie tenen una l\u00ednia o taques blanques opaques recobrint-los. El peu \u00e9s ample i semitransparent i a la seva zona anterior t\u00e9 dos palps propodials triangulars ben desenvolupats.<\/p>\n<p><strong>Biologia<\/strong><br \/>\n<i>F.lineata<\/i> \u00e9s una esp\u00e8cie molt activa que sol viure en parets rocalloses poc il\u00b7luminades amb abund\u00e0ncia d&#8217;hidrozous, dels quals s&#8217;alimenta. La seva dieta s\u00f3n diferents esp\u00e8cies com <i>Tubularia indivisa<\/i>, <i>Sarsia eximia<\/i>, <i>Hydallmania falcata<\/i> i <i>Sertularia argentea<\/i> en aig\u00fces atl\u00e0ntiques europees, mentre que a la Mediterr\u00e0nia sembla que menja p\u00f2lips del g\u00e8nere <i>Eudrendrium<\/i>, com altres membres de la fam\u00edlia. Les postes s\u00f3n dipositades a sobre de les mateixes col\u00f2nies d&#8217;hidrozous que constitueixen la seva dieta i es componen de cordons enrotllats en forma d&#8217;espiral plana amb ous blanquinosos o lleugerament rosats d&#8217;unes 75 micres de di\u00e0metre (Schmekel &amp; Portmann, 1982).<\/p>\n<p><strong>Etimologia<\/strong><\/p>\n<ul>\n<li><em>Fjordia,<\/em> derivat del Norueg &#8220;fjord&#8221; perqu\u00e8 la localitat tipus de <em>Fjordia lineata<\/em>\u00a0\u00e9s Oslofjord, i tamb\u00e9 \u00e9s molt com\u00fa a Gulen, a l&#8217;entrada del Sognefjord, de on provenen molts dels exemplars estudiats per Korshunova et al. (2017).<\/li>\n<li><em>Lineata<\/em>. En refer\u00e8ncia a les fines l\u00ednies blanques opaques que hi ha al dors i costats del cos.<\/li>\n<\/ul>\n<p><strong>Distribuci\u00f3<\/strong><br \/>\nAquesta esp\u00e8cie es distribueix des del nord d&#8217;Europa (Noruega, dins del Cercle Polar \u00c0rtic), Mar del Nord, costes atl\u00e0ntiques franceses i de la Pen\u00ednsula Ib\u00e8rica fins al Mar Mediterrani. A la Pen\u00ednsula Ib\u00e8rica ha estat citada a les costes portugueses, la zona l&#8217;Estret de Gibraltar, les costes llevantines, Catalunya i Balears. A les costes catalanes ha estat observada, entre altres localitats, a Llan\u00e7\u00e0, l&#8217;Escala, L&#8217;Estartit, Begur i Tossa de Mar. <div id=\"flxmap-6a9ad1628193b\" class='flxmap-container' data-flxmap='flxmap_6a9ad1628193b' style=\"width:100%;height:400px;\"><\/div>\n<script data-noptimize=\"1\">\n\/* <![CDATA[ *\/\n(function(w, fn) {\n if (w.addEventListener) w.addEventListener(\"DOMContentLoaded\", fn, false);\n else if (w.attachEvent) w.attachEvent(\"onload\", fn);\n})(window, function() {\n var f = new FlexibleMap();\n f.panControl = true;\n f.mapTypeId = \"satellite\";\n f.setlocale(\"ca-ES\");\n f.kmlcache = \"5 minutes\";\n f.showKML(\"flxmap-6a9ad1628193b\", \"https:\/\/opistobranquis.info\/wp-content\/uploads\/kms\/603.kmz\");\n window.flxmap_6a9ad1628193b = f;\n});\n\/* ]]> *\/\n<\/script>\n<div style=\"width:100%;text-align:center;margin:12px 0 4px 0;\">\n  <div style=\"font-size:8pt;margin-bottom:6px;\">Cites georeferenciades conegudes de l'esp\u00e8cie: <em>Fjordia lineata<\/em><\/div>\n  <table style=\"margin:0 auto;border-collapse:collapse;font-size:8pt;\">\n    <tr><td colspan=\"2\" style=\"text-align:left;padding-bottom:4px;\"><strong>Fonts:<\/strong><\/td><\/tr>\n    <tr>\n      <td style=\"vertical-align:top;padding-right:40px;\">\n        <table style=\"border-collapse:collapse;\">\n<tr><td style='padding:1px 6px 1px 0;vertical-align:middle'><img data-recalc-dims=\"1\" src=\"https:\/\/i0.wp.com\/opistobranquis.info\/wp-content\/uploads\/kms\/wht-circle-lv.png?w=900&#038;ssl=1\" style='display:block'><\/td><td style='padding:1px 0;vertical-align:middle;white-space:nowrap'>OBIS<\/td><\/tr><tr><td style='padding:1px 6px 1px 0;vertical-align:middle'><img data-recalc-dims=\"1\" src=\"https:\/\/i0.wp.com\/opistobranquis.info\/wp-content\/uploads\/kms\/ylw-circle-lv.png?w=900&#038;ssl=1\" style='display:block'><\/td><td style='padding:1px 0;vertical-align:middle;white-space:nowrap'>GROC 2010-2011<\/td><\/tr><tr><td style='padding:1px 6px 1px 0;vertical-align:middle'><img data-recalc-dims=\"1\" src=\"https:\/\/i0.wp.com\/opistobranquis.info\/wp-content\/uploads\/kms\/grn-circle-lv.png?w=900&#038;ssl=1\" style='display:block'><\/td><td style='padding:1px 0;vertical-align:middle;white-space:nowrap'>Enric Madrenas<\/td><\/tr><tr><td style='padding:1px 6px 1px 0;vertical-align:middle'><img data-recalc-dims=\"1\" src=\"https:\/\/i0.wp.com\/opistobranquis.info\/wp-content\/uploads\/kms\/orange-circle-lv.png?w=900&#038;ssl=1\" style='display:block'><\/td><td style='padding:1px 0;vertical-align:middle;white-space:nowrap'>Jo\u00e3o Pedro Silva<\/td><\/tr><tr><td style='padding:1px 6px 1px 0;vertical-align:middle'><img data-recalc-dims=\"1\" src=\"https:\/\/i0.wp.com\/opistobranquis.info\/wp-content\/uploads\/kms\/pink-circle-lv.png?w=900&#038;ssl=1\" style='display:block'><\/td><td style='padding:1px 0;vertical-align:middle;white-space:nowrap'>Bernard Picton<\/td><\/tr><tr><td style='padding:1px 6px 1px 0;vertical-align:middle'><img data-recalc-dims=\"1\" src=\"https:\/\/i0.wp.com\/opistobranquis.info\/wp-content\/uploads\/kms\/blk-circle-lv.png?w=900&#038;ssl=1\" style='display:block'><\/td><td style='padding:1px 0;vertical-align:middle;white-space:nowrap'>GBIF<\/td><\/tr>        <\/table>\n      <\/td>\n      <td style=\"vertical-align:top;\">\n        <table style=\"border-collapse:collapse;\">\n<tr><td style='padding:1px 6px 1px 0;vertical-align:middle'><img data-recalc-dims=\"1\" src=\"https:\/\/i0.wp.com\/opistobranquis.info\/wp-content\/uploads\/kms\/purple-circle-lv.png?w=900&#038;ssl=1\" style='display:block'><\/td><td style='padding:1px 0;vertical-align:middle;white-space:nowrap'>OPK<\/td><\/tr><tr><td style='padding:1px 6px 1px 0;vertical-align:middle'><img data-recalc-dims=\"1\" src=\"https:\/\/i0.wp.com\/opistobranquis.info\/wp-content\/uploads\/kms\/red-circle-lv.png?w=900&#038;ssl=1\" style='display:block'><\/td><td style='padding:1px 0;vertical-align:middle;white-space:nowrap'>VIMAR<\/td><\/tr><tr><td style='padding:1px 6px 1px 0;vertical-align:middle'><img data-recalc-dims=\"1\" src=\"https:\/\/i0.wp.com\/opistobranquis.info\/wp-content\/uploads\/kms\/blu-circle-lv.png?w=900&#038;ssl=1\" style='display:block'><\/td><td style='padding:1px 0;vertical-align:middle;white-space:nowrap'>Manuel Ballesteros<\/td><\/tr><tr><td style='padding:1px 6px 1px 0;vertical-align:middle'><img data-recalc-dims=\"1\" src=\"https:\/\/i0.wp.com\/opistobranquis.info\/wp-content\/uploads\/kms\/cyan-circle-lv.png?w=900&#038;ssl=1\" style='display:block'><\/td><td style='padding:1px 0;vertical-align:middle;white-space:nowrap'>M@re Nostrum<\/td><\/tr><tr><td style='padding:1px 6px 1px 0;vertical-align:middle'><img data-recalc-dims=\"1\" src=\"https:\/\/i0.wp.com\/opistobranquis.info\/wp-content\/uploads\/kms\/grey-circle-lv.png?w=900&#038;ssl=1\" style='display:block'><\/td><td style='padding:1px 0;vertical-align:middle;white-space:nowrap'>Altres fonts<\/td><\/tr><tr><td style='padding:1px 6px 1px 0;vertical-align:middle'><img data-recalc-dims=\"1\" src=\"https:\/\/i0.wp.com\/opistobranquis.info\/wp-content\/uploads\/kms\/marreg.png?w=900&#038;ssl=1\" style='display:block'><\/td><td style='padding:1px 0;vertical-align:middle;white-space:nowrap'>Marine Regions<\/td><\/tr>        <\/table>\n      <\/td>\n    <\/tr>\n  <\/table>\n<\/div>\n<\/p>\n<p><strong>Esp\u00e8cies semblants<br \/>\n<\/strong><a href=\"https:\/\/opistobranquis.info\/guia\/nudibranchia\/cladobranchia\/aeolidioidea\/dondice-banyulensis\/\"><em>Dondice banyulensis<\/em><\/a>, cos m\u00e9s gran i ataronjat. Rin\u00f2fors anellats, m\u00e9s curts que els palps orals. Cerata amb puntes taronja intens, sense l\u00ednia blanca.<\/p>\n<p><strong>Error:<\/strong> Chart.js no est\u00e1 disponible.<\/p>\n<p><strong>V\u00eddeo<\/strong><\/p>\n<p><iframe loading=\"lazy\" src=\"https:\/\/player.vimeo.com\/video\/406862447?dnt=1&amp;app_id=122963\" width=\"900\" height=\"506\" frameborder=\"0\" allow=\"autoplay; fullscreen\" allowfullscreen><\/iframe><\/p>\n<p style=\"text-align: center;\"><em>Fjordia lineata<\/em> @ Anglesey, Wales, UK per Allan Rowat<br \/>\nObserveu el batec del cor<\/p>\n<p>&nbsp;<\/p>\n<p><strong>Altres fotos<\/strong><br \/>\n<div class=\"tiled-gallery type-rectangular tiled-gallery-unresized\" data-original-width=\"900\" data-carousel-extra='{&quot;blog_id&quot;:1,&quot;permalink&quot;:&quot;https:\\\/\\\/opistobranquis.info\\\/ca\\\/guia\\\/nudibranchia\\\/cladobranchia\\\/fionoidea\\\/fjordia-lineata\\\/&quot;,&quot;likes_blog_id&quot;:44192421}' itemscope itemtype=\"http:\/\/schema.org\/ImageGallery\" > <div class=\"gallery-row\" style=\"width: 900px; height: 396px;\" data-original-width=\"900\" data-original-height=\"396\" > <div class=\"gallery-group images-1\" style=\"width: 608px; height: 396px;\" data-original-width=\"608\" data-original-height=\"396\" > <div class=\"tiled-gallery-item tiled-gallery-item-large\" itemprop=\"associatedMedia\" itemscope itemtype=\"http:\/\/schema.org\/ImageObject\"> <a href=\"https:\/\/opistobranquis.info\/ca\/guia\/nudibranchia\/cladobranchia\/fionoidea\/fjordia-lineata\/flabellina-lineata-00\/\" border=\"0\" itemprop=\"url\"> <meta itemprop=\"width\" content=\"604\"> <meta itemprop=\"height\" content=\"392\"> <img decoding=\"async\" class=\"\" data-attachment-id=\"4556\" data-orig-file=\"https:\/\/opistobranquis.info\/wp-content\/uploads\/2012\/12\/flabellina-lineata-00.jpg\" data-orig-size=\"814,528\" data-comments-opened=\"\" data-image-title=\"Fjordia lineata by Enric Madrenas\" data-image-description=\"&lt;p&gt;Fjordia lineata by Enric Madrenas&lt;\/p&gt; \" data-medium-file=\"https:\/\/i0.wp.com\/opistobranquis.info\/wp-content\/uploads\/2012\/12\/flabellina-lineata-00.jpg?fit=300%2C194&#038;ssl=1\" data-large-file=\"https:\/\/i0.wp.com\/opistobranquis.info\/wp-content\/uploads\/2012\/12\/flabellina-lineata-00.jpg?fit=814%2C528&#038;ssl=1\" src=\"https:\/\/i0.wp.com\/opistobranquis.info\/wp-content\/uploads\/2012\/12\/flabellina-lineata-00.jpg?w=604&#038;h=392&#038;ssl=1\" srcset=\"https:\/\/i0.wp.com\/opistobranquis.info\/wp-content\/uploads\/2012\/12\/flabellina-lineata-00.jpg?w=814&amp;ssl=1 814w, https:\/\/i0.wp.com\/opistobranquis.info\/wp-content\/uploads\/2012\/12\/flabellina-lineata-00.jpg?resize=300%2C194&amp;ssl=1 300w\" width=\"604\" height=\"392\" loading=\"lazy\" data-original-width=\"604\" data-original-height=\"392\" itemprop=\"http:\/\/schema.org\/image\" title=\"Fjordia lineata by Enric Madrenas\" alt=\"Fjordia lineata by Enric Madrenas\" style=\"width: 604px; height: 392px;\" \/> <\/a> <div class=\"tiled-gallery-caption\" itemprop=\"caption description\"> Fjordia lineata by Enric Madrenas <\/div> <\/div> <\/div> <!-- close group --> <div class=\"gallery-group images-2\" style=\"width: 292px; height: 396px;\" data-original-width=\"292\" data-original-height=\"396\" > <div class=\"tiled-gallery-item tiled-gallery-item-large\" itemprop=\"associatedMedia\" itemscope itemtype=\"http:\/\/schema.org\/ImageObject\"> <a href=\"https:\/\/opistobranquis.info\/ca\/guia\/nudibranchia\/cladobranchia\/fionoidea\/fjordia-lineata\/flabellina-lineata-02\/\" border=\"0\" itemprop=\"url\"> <meta itemprop=\"width\" content=\"288\"> <meta itemprop=\"height\" content=\"194\"> <img decoding=\"async\" class=\"\" data-attachment-id=\"4557\" data-orig-file=\"https:\/\/opistobranquis.info\/wp-content\/uploads\/2012\/12\/flabellina-lineata-02.jpg\" data-orig-size=\"814,549\" data-comments-opened=\"\" data-image-title=\"Fjordia lineata by Enric Madrenas\" data-image-description=\"&lt;p&gt;Fjordia lineata by Enric Madrenas&lt;\/p&gt; \" data-medium-file=\"https:\/\/i0.wp.com\/opistobranquis.info\/wp-content\/uploads\/2012\/12\/flabellina-lineata-02.jpg?fit=300%2C202&#038;ssl=1\" data-large-file=\"https:\/\/i0.wp.com\/opistobranquis.info\/wp-content\/uploads\/2012\/12\/flabellina-lineata-02.jpg?fit=814%2C549&#038;ssl=1\" src=\"https:\/\/i0.wp.com\/opistobranquis.info\/wp-content\/uploads\/2012\/12\/flabellina-lineata-02.jpg?w=288&#038;h=194&#038;ssl=1\" srcset=\"https:\/\/i0.wp.com\/opistobranquis.info\/wp-content\/uploads\/2012\/12\/flabellina-lineata-02.jpg?w=814&amp;ssl=1 814w, https:\/\/i0.wp.com\/opistobranquis.info\/wp-content\/uploads\/2012\/12\/flabellina-lineata-02.jpg?resize=300%2C202&amp;ssl=1 300w\" width=\"288\" height=\"194\" loading=\"lazy\" data-original-width=\"288\" data-original-height=\"194\" itemprop=\"http:\/\/schema.org\/image\" title=\"Fjordia lineata by Enric Madrenas\" alt=\"Fjordia lineata by Enric Madrenas\" style=\"width: 288px; height: 194px;\" \/> <\/a> <div class=\"tiled-gallery-caption\" itemprop=\"caption description\"> Fjordia lineata by Enric Madrenas <\/div> <\/div> <div class=\"tiled-gallery-item tiled-gallery-item-large\" itemprop=\"associatedMedia\" itemscope itemtype=\"http:\/\/schema.org\/ImageObject\"> <a href=\"https:\/\/opistobranquis.info\/ca\/guia\/nudibranchia\/cladobranchia\/fionoidea\/fjordia-lineata\/flabellina-lineata-04\/\" border=\"0\" itemprop=\"url\"> <meta itemprop=\"width\" content=\"288\"> <meta itemprop=\"height\" content=\"194\"> <img decoding=\"async\" class=\"\" data-attachment-id=\"4558\" data-orig-file=\"https:\/\/opistobranquis.info\/wp-content\/uploads\/2012\/12\/flabellina-lineata-04.jpg\" data-orig-size=\"814,549\" data-comments-opened=\"\" data-image-title=\"Fjordia lineata by Enric Madrenas\" data-image-description=\"&lt;p&gt;Fjordia lineata by Enric Madrenas&lt;\/p&gt; \" data-medium-file=\"https:\/\/i0.wp.com\/opistobranquis.info\/wp-content\/uploads\/2012\/12\/flabellina-lineata-04.jpg?fit=300%2C202&#038;ssl=1\" data-large-file=\"https:\/\/i0.wp.com\/opistobranquis.info\/wp-content\/uploads\/2012\/12\/flabellina-lineata-04.jpg?fit=814%2C549&#038;ssl=1\" src=\"https:\/\/i0.wp.com\/opistobranquis.info\/wp-content\/uploads\/2012\/12\/flabellina-lineata-04.jpg?w=288&#038;h=194&#038;ssl=1\" srcset=\"https:\/\/i0.wp.com\/opistobranquis.info\/wp-content\/uploads\/2012\/12\/flabellina-lineata-04.jpg?w=814&amp;ssl=1 814w, https:\/\/i0.wp.com\/opistobranquis.info\/wp-content\/uploads\/2012\/12\/flabellina-lineata-04.jpg?resize=300%2C202&amp;ssl=1 300w\" width=\"288\" height=\"194\" loading=\"lazy\" data-original-width=\"288\" data-original-height=\"194\" itemprop=\"http:\/\/schema.org\/image\" title=\"Fjordia lineata by Enric Madrenas\" alt=\"Fjordia lineata by Enric Madrenas\" style=\"width: 288px; height: 194px;\" \/> <\/a> <div class=\"tiled-gallery-caption\" itemprop=\"caption description\"> Fjordia lineata by Enric Madrenas <\/div> <\/div> <\/div> <!-- close group --> <\/div> <!-- close row --> <div class=\"gallery-row\" style=\"width: 900px; height: 403px;\" data-original-width=\"900\" data-original-height=\"403\" > <div class=\"gallery-group images-2\" style=\"width: 298px; height: 403px;\" data-original-width=\"298\" data-original-height=\"403\" > <div class=\"tiled-gallery-item tiled-gallery-item-large\" itemprop=\"associatedMedia\" itemscope itemtype=\"http:\/\/schema.org\/ImageObject\"> <a href=\"https:\/\/opistobranquis.info\/ca\/guia\/nudibranchia\/cladobranchia\/fionoidea\/fjordia-lineata\/flabellina-lineata-06\/\" border=\"0\" itemprop=\"url\"> <meta itemprop=\"width\" content=\"294\"> <meta itemprop=\"height\" content=\"199\"> <img decoding=\"async\" class=\"\" data-attachment-id=\"4559\" data-orig-file=\"https:\/\/opistobranquis.info\/wp-content\/uploads\/2012\/12\/flabellina-lineata-06.jpg\" data-orig-size=\"814,549\" data-comments-opened=\"\" data-image-title=\"Fjordia lineata by Enric Madrenas\" data-image-description=\"&lt;p&gt;Fjordia lineata by Enric Madrenas&lt;\/p&gt; \" data-medium-file=\"https:\/\/i0.wp.com\/opistobranquis.info\/wp-content\/uploads\/2012\/12\/flabellina-lineata-06.jpg?fit=300%2C202&#038;ssl=1\" data-large-file=\"https:\/\/i0.wp.com\/opistobranquis.info\/wp-content\/uploads\/2012\/12\/flabellina-lineata-06.jpg?fit=814%2C549&#038;ssl=1\" src=\"https:\/\/i0.wp.com\/opistobranquis.info\/wp-content\/uploads\/2012\/12\/flabellina-lineata-06.jpg?w=294&#038;h=199&#038;ssl=1\" srcset=\"https:\/\/i0.wp.com\/opistobranquis.info\/wp-content\/uploads\/2012\/12\/flabellina-lineata-06.jpg?w=814&amp;ssl=1 814w, https:\/\/i0.wp.com\/opistobranquis.info\/wp-content\/uploads\/2012\/12\/flabellina-lineata-06.jpg?resize=300%2C202&amp;ssl=1 300w\" width=\"294\" height=\"199\" loading=\"lazy\" data-original-width=\"294\" data-original-height=\"199\" itemprop=\"http:\/\/schema.org\/image\" title=\"Fjordia lineata by Enric Madrenas\" alt=\"Fjordia lineata by Enric Madrenas\" style=\"width: 294px; height: 199px;\" \/> <\/a> <div class=\"tiled-gallery-caption\" itemprop=\"caption description\"> Fjordia lineata by Enric Madrenas <\/div> <\/div> <div class=\"tiled-gallery-item tiled-gallery-item-large\" itemprop=\"associatedMedia\" itemscope itemtype=\"http:\/\/schema.org\/ImageObject\"> <a href=\"https:\/\/opistobranquis.info\/ca\/guia\/nudibranchia\/cladobranchia\/fionoidea\/fjordia-lineata\/mpg_5796-f-lineata\/\" border=\"0\" itemprop=\"url\"> <meta itemprop=\"width\" content=\"294\"> <meta itemprop=\"height\" content=\"196\"> <img decoding=\"async\" class=\"\" data-attachment-id=\"11938\" data-orig-file=\"https:\/\/opistobranquis.info\/wp-content\/uploads\/2012\/05\/MPG_5796-F.lineata.jpg\" data-orig-size=\"1024,683\" data-comments-opened=\"\" data-image-title=\"Fjordia lineata @ Costa Brava, Spain by Miquel Pontes\" data-image-description=\"&lt;p&gt;Fjordia lineata @ Costa Brava, Spain by Miquel Pontes&lt;\/p&gt; \" data-medium-file=\"https:\/\/i0.wp.com\/opistobranquis.info\/wp-content\/uploads\/2012\/05\/MPG_5796-F.lineata.jpg?fit=300%2C200&#038;ssl=1\" data-large-file=\"https:\/\/i0.wp.com\/opistobranquis.info\/wp-content\/uploads\/2012\/05\/MPG_5796-F.lineata.jpg?fit=900%2C600&#038;ssl=1\" src=\"https:\/\/i0.wp.com\/opistobranquis.info\/wp-content\/uploads\/2012\/05\/MPG_5796-F.lineata.jpg?w=294&#038;h=196&#038;ssl=1\" srcset=\"https:\/\/i0.wp.com\/opistobranquis.info\/wp-content\/uploads\/2012\/05\/MPG_5796-F.lineata.jpg?w=1024&amp;ssl=1 1024w, https:\/\/i0.wp.com\/opistobranquis.info\/wp-content\/uploads\/2012\/05\/MPG_5796-F.lineata.jpg?resize=150%2C100&amp;ssl=1 150w, https:\/\/i0.wp.com\/opistobranquis.info\/wp-content\/uploads\/2012\/05\/MPG_5796-F.lineata.jpg?resize=300%2C200&amp;ssl=1 300w\" width=\"294\" height=\"196\" loading=\"lazy\" data-original-width=\"294\" data-original-height=\"196\" itemprop=\"http:\/\/schema.org\/image\" title=\"Fjordia lineata @ Costa Brava, Spain by Miquel Pontes\" alt=\"Fjordia lineata @ Costa Brava, Spain by Miquel Pontes\" style=\"width: 294px; height: 196px;\" \/> <\/a> <div class=\"tiled-gallery-caption\" itemprop=\"caption description\"> Fjordia lineata @ Costa Brava, Spain by Miquel Pontes <\/div> <\/div> <\/div> <!-- close group --> <div class=\"gallery-group images-1\" style=\"width: 602px; height: 403px;\" data-original-width=\"602\" data-original-height=\"403\" > <div class=\"tiled-gallery-item tiled-gallery-item-large\" itemprop=\"associatedMedia\" itemscope itemtype=\"http:\/\/schema.org\/ImageObject\"> <a href=\"https:\/\/opistobranquis.info\/ca\/guia\/nudibranchia\/cladobranchia\/fionoidea\/fjordia-lineata\/fjordia-lineata-illa-de-fitor-begur-spain-23-02-2008-by-miquel-pontes-dsc_5047\/\" border=\"0\" itemprop=\"url\"> <meta itemprop=\"width\" content=\"598\"> <meta itemprop=\"height\" content=\"399\"> <img decoding=\"async\" class=\"\" data-attachment-id=\"24436\" data-orig-file=\"https:\/\/opistobranquis.info\/wp-content\/uploads\/2017\/12\/Fjordia-lineata-@-Illa-de-Fitor-Begur-Spain-23-02-2008-by-Miquel-Pontes-DSC_5047.jpg\" data-orig-size=\"1024,683\" data-comments-opened=\"\" data-image-title=\"Fjordia lineata @ Illa de Fitor (Begur, Spain) 23-02-2008 by Miquel Pontes\" data-image-description=\"&lt;p&gt;Fjordia lineata @ Illa de Fitor (Begur, Spain) 23-02-2008 by Miquel Pontes&lt;\/p&gt; \" data-medium-file=\"https:\/\/i0.wp.com\/opistobranquis.info\/wp-content\/uploads\/2017\/12\/Fjordia-lineata-%40-Illa-de-Fitor-Begur-Spain-23-02-2008-by-Miquel-Pontes-DSC_5047.jpg?fit=300%2C200&#038;ssl=1\" data-large-file=\"https:\/\/i0.wp.com\/opistobranquis.info\/wp-content\/uploads\/2017\/12\/Fjordia-lineata-%40-Illa-de-Fitor-Begur-Spain-23-02-2008-by-Miquel-Pontes-DSC_5047.jpg?fit=900%2C600&#038;ssl=1\" src=\"https:\/\/i0.wp.com\/opistobranquis.info\/wp-content\/uploads\/2017\/12\/Fjordia-lineata-%40-Illa-de-Fitor-Begur-Spain-23-02-2008-by-Miquel-Pontes-DSC_5047.jpg?w=598&#038;h=399&#038;ssl=1\" width=\"598\" height=\"399\" loading=\"lazy\" data-original-width=\"598\" data-original-height=\"399\" itemprop=\"http:\/\/schema.org\/image\" title=\"Fjordia lineata @ Illa de Fitor (Begur, Spain) 23-02-2008 by Miquel Pontes\" alt=\"Fjordia lineata @ Illa de Fitor (Begur, Spain) 23-02-2008 by Miquel Pontes\" style=\"width: 598px; height: 399px;\" \/> <\/a> <div class=\"tiled-gallery-caption\" itemprop=\"caption description\"> Fjordia lineata @ Illa de Fitor (Begur, Spain) 23-02-2008 by Miquel Pontes <\/div> <\/div> <\/div> <!-- close group --> <\/div> <!-- close row --> <div class=\"gallery-row\" style=\"width: 900px; height: 276px;\" data-original-width=\"900\" data-original-height=\"276\" > <div class=\"gallery-group images-1\" style=\"width: 487px; height: 276px;\" data-original-width=\"487\" data-original-height=\"276\" > <div class=\"tiled-gallery-item tiled-gallery-item-large\" itemprop=\"associatedMedia\" itemscope itemtype=\"http:\/\/schema.org\/ImageObject\"> <a href=\"https:\/\/opistobranquis.info\/ca\/guia\/nudibranchia\/cladobranchia\/fionoidea\/fjordia-lineata\/fjordia-lineata-40-anglesey-wales-uk-by-allan-rowat_dvd-original\/\" border=\"0\" itemprop=\"url\"> <meta itemprop=\"width\" content=\"483\"> <meta itemprop=\"height\" content=\"272\"> <img decoding=\"async\" class=\"\" data-attachment-id=\"28461\" data-orig-file=\"https:\/\/opistobranquis.info\/wp-content\/uploads\/2019\/05\/fjordia-lineata-40-anglesey-wales-uk-by-allan-rowat_dvd.original.jpg\" data-orig-size=\"640,360\" data-comments-opened=\"\" data-image-title=\"Fjordia lineata @ Anglesey, Wales, UK by Allan Rowat\" data-image-description=\"&lt;p&gt;Fjordia lineata @ Anglesey, Wales, UK by Allan Rowat&lt;\/p&gt; \" data-medium-file=\"https:\/\/i0.wp.com\/opistobranquis.info\/wp-content\/uploads\/2019\/05\/fjordia-lineata-40-anglesey-wales-uk-by-allan-rowat_dvd.original.jpg?fit=300%2C169&#038;ssl=1\" data-large-file=\"https:\/\/i0.wp.com\/opistobranquis.info\/wp-content\/uploads\/2019\/05\/fjordia-lineata-40-anglesey-wales-uk-by-allan-rowat_dvd.original.jpg?fit=640%2C360&#038;ssl=1\" src=\"https:\/\/i0.wp.com\/opistobranquis.info\/wp-content\/uploads\/2019\/05\/fjordia-lineata-40-anglesey-wales-uk-by-allan-rowat_dvd.original.jpg?w=483&#038;h=272&#038;ssl=1\" srcset=\"https:\/\/i0.wp.com\/opistobranquis.info\/wp-content\/uploads\/2019\/05\/fjordia-lineata-40-anglesey-wales-uk-by-allan-rowat_dvd.original.jpg?w=640&amp;ssl=1 640w, https:\/\/i0.wp.com\/opistobranquis.info\/wp-content\/uploads\/2019\/05\/fjordia-lineata-40-anglesey-wales-uk-by-allan-rowat_dvd.original.jpg?resize=150%2C84&amp;ssl=1 150w, https:\/\/i0.wp.com\/opistobranquis.info\/wp-content\/uploads\/2019\/05\/fjordia-lineata-40-anglesey-wales-uk-by-allan-rowat_dvd.original.jpg?resize=300%2C169&amp;ssl=1 300w\" width=\"483\" height=\"272\" loading=\"lazy\" data-original-width=\"483\" data-original-height=\"272\" itemprop=\"http:\/\/schema.org\/image\" title=\"Fjordia lineata @ Anglesey, Wales, UK by Allan Rowat\" alt=\"Fjordia lineata @ Anglesey, Wales, UK by Allan Rowat\" style=\"width: 483px; height: 272px;\" \/> <\/a> <div class=\"tiled-gallery-caption\" itemprop=\"caption description\"> Fjordia lineata @ Anglesey, Wales, UK by Allan Rowat <\/div> <\/div> <\/div> <!-- close group --> <div class=\"gallery-group images-1\" style=\"width: 413px; height: 276px;\" data-original-width=\"413\" data-original-height=\"276\" > <div class=\"tiled-gallery-item tiled-gallery-item-large\" itemprop=\"associatedMedia\" itemscope itemtype=\"http:\/\/schema.org\/ImageObject\"> <a href=\"https:\/\/opistobranquis.info\/ca\/guia\/nudibranchia\/cladobranchia\/fionoidea\/fjordia-lineata\/fjordia-lineata-by-miquel-pontes-mpg_6539\/\" border=\"0\" itemprop=\"url\"> <meta itemprop=\"width\" content=\"409\"> <meta itemprop=\"height\" content=\"272\"> <img decoding=\"async\" class=\"\" data-attachment-id=\"31111\" data-orig-file=\"https:\/\/opistobranquis.info\/wp-content\/uploads\/2020\/12\/Fjordia-lineata-by-Miquel-Pontes-MPG_6539.jpg\" data-orig-size=\"1280,850\" data-comments-opened=\"\" data-image-title=\"Fjordia lineata @ Costa Brava, Spain by Miquel Pontes\" data-image-description=\"&lt;p&gt;Fjordia lineata @ Costa Brava, Spain by Miquel Pontes&lt;\/p&gt; \" data-medium-file=\"https:\/\/i0.wp.com\/opistobranquis.info\/wp-content\/uploads\/2020\/12\/Fjordia-lineata-by-Miquel-Pontes-MPG_6539.jpg?fit=300%2C199&#038;ssl=1\" data-large-file=\"https:\/\/i0.wp.com\/opistobranquis.info\/wp-content\/uploads\/2020\/12\/Fjordia-lineata-by-Miquel-Pontes-MPG_6539.jpg?fit=900%2C598&#038;ssl=1\" src=\"https:\/\/i0.wp.com\/opistobranquis.info\/wp-content\/uploads\/2020\/12\/Fjordia-lineata-by-Miquel-Pontes-MPG_6539.jpg?w=409&#038;h=272&#038;ssl=1\" srcset=\"https:\/\/i0.wp.com\/opistobranquis.info\/wp-content\/uploads\/2020\/12\/Fjordia-lineata-by-Miquel-Pontes-MPG_6539.jpg?w=1280&amp;ssl=1 1280w, https:\/\/i0.wp.com\/opistobranquis.info\/wp-content\/uploads\/2020\/12\/Fjordia-lineata-by-Miquel-Pontes-MPG_6539.jpg?resize=300%2C199&amp;ssl=1 300w, https:\/\/i0.wp.com\/opistobranquis.info\/wp-content\/uploads\/2020\/12\/Fjordia-lineata-by-Miquel-Pontes-MPG_6539.jpg?resize=1024%2C680&amp;ssl=1 1024w, https:\/\/i0.wp.com\/opistobranquis.info\/wp-content\/uploads\/2020\/12\/Fjordia-lineata-by-Miquel-Pontes-MPG_6539.jpg?resize=150%2C100&amp;ssl=1 150w\" width=\"409\" height=\"272\" loading=\"lazy\" data-original-width=\"409\" data-original-height=\"272\" itemprop=\"http:\/\/schema.org\/image\" title=\"Fjordia lineata @ Costa Brava, Spain by Miquel Pontes\" alt=\"Fjordia lineata @ Costa Brava, Spain by Miquel Pontes\" style=\"width: 409px; height: 272px;\" \/> <\/a> <div class=\"tiled-gallery-caption\" itemprop=\"caption description\"> Fjordia lineata @ Costa Brava, Spain by Miquel Pontes <\/div> <\/div> <\/div> <!-- close group --> <\/div> <!-- close row --> <\/div><\/p>\n<p><p><strong>Bibliografia<\/strong><\/p><ul><div id=\"zotpress-26621c5e9785814c6f0686deacf4abc8\" class=\"zp-Zotpress zp-Zotpress-Bib wp-block-group\">\n\n\t\t<span class=\"ZP_API_USER_ID ZP_ATTR\">1246567<\/span>\n\t\t<span class=\"ZP_ITEM_KEY ZP_ATTR\"><\/span>\n\t\t<span class=\"ZP_COLLECTION_ID ZP_ATTR\"><\/span>\n\t\t<span class=\"ZP_TAG_ID ZP_ATTR\">Fjordia lineata<\/span>\n\t\t<span class=\"ZP_AUTHOR ZP_ATTR\"><\/span>\n\t\t<span class=\"ZP_YEAR ZP_ATTR\"><\/span>\n        <span class=\"ZP_ITEMTYPE ZP_ATTR\"><\/span>\n\t\t<span class=\"ZP_INCLUSIVE ZP_ATTR\">1<\/span>\n\t\t<span class=\"ZP_STYLE ZP_ATTR\">eunomia-revista-en-cultura-de-la-legalidad<\/span>\n\t\t<span class=\"ZP_LIMIT ZP_ATTR\">50<\/span>\n\t\t<span class=\"ZP_SORTBY ZP_ATTR\">creator<\/span>\n\t\t<span class=\"ZP_ORDER ZP_ATTR\">asc<\/span>\n\t\t<span class=\"ZP_TITLE ZP_ATTR\"><\/span>\n\t\t<span class=\"ZP_SHOWIMAGE ZP_ATTR\"><\/span>\n\t\t<span class=\"ZP_SHOWTAGS ZP_ATTR\"><\/span>\n\t\t<span class=\"ZP_DOWNLOADABLE ZP_ATTR\"><\/span>\n\t\t<span class=\"ZP_NOTES ZP_ATTR\"><\/span>\n\t\t<span class=\"ZP_ABSTRACT ZP_ATTR\"><\/span>\n\t\t<span class=\"ZP_CITEABLE ZP_ATTR\"><\/span>\n\t\t<span class=\"ZP_TARGET ZP_ATTR\">1<\/span>\n\t\t<span class=\"ZP_URLWRAP ZP_ATTR\"><\/span>\n\t\t<span class=\"ZP_FORCENUM ZP_ATTR\"><\/span>\n        <span class=\"ZP_HIGHLIGHT ZP_ATTR\"><\/span>\n        <span class=\"ZP_POSTID ZP_ATTR\">603<\/span>\n\t\t<span class=\"ZOTPRESS_PLUGIN_URL ZP_ATTR\">https:\/\/opistobranquis.info\/wp-content\/plugins\/zotpress\/<\/span>\n\n\t\t<div class=\"zp-List loading\">\n\t\t\t<div class=\"zp-SEO-Content\">\n\n\t\t\t<\/div><!-- .zp-zp-SEO-Content -->\n\t\t<\/div><!-- .zp-List -->\n\t<\/div><!--.zp-Zotpress-->\n\n<p><\/p>Bibliografia basada en els treballs de <b>Steve Long, 2006<\/b>. <a target=_blank href=https:\/\/opistobranquis.info\/wp-content\/uploads\/2016\/06\/Long-S.-2006-Bibliography-of-Opisthobranchia-1554-2000.pdf>Bibliography of Opisthobranchia 1554-2000<\/a> i <b>Gary McDonald, 2009<\/b>. <a href=http:\/\/escholarship.org\/uc\/item\/8115h0wz>Bibliographia Nudibranchia<\/a>, amb actualitzacions posteriors procedents d\u00b4altres fonts.<p><\/p><\/ul><p><\/p><p><strong>M\u00e9s informaci\u00f3<\/strong><\/p><span style=\"font-size:10pt\"><ul><ul class=\"blogroll-links\"><li><a href=\"http:\/\/www.biodiversitylibrary.org\/name\/Flabellina%20lineata\">Biodiversity Heritage Library<\/a><\/li><li><a href=\"http:\/\/www.biologiamarina.org\/flabellina-lineata\/\">BiologiaMarina.org<\/a><\/li><li><a href=\"http:\/\/www.cibsub.com\/bioespecie_es-flabellina_lineata-28184\">CIB - Club Immersio Biologia<\/a><\/li><li><a href=\"http:\/\/doris.ffessm.fr\/fiche2.asp?fiche_numero=1880\">DORIS<\/a><\/li><li><a href=\"http:\/\/www.habitas.org.uk\/marinelife\/species.asp?item=W14520#\">Encyclopedia of Marine Life of Britain and Ireland<\/a><\/li><li><a href=\"https:\/\/www.flickr.com\/search\/?text=Fjordia%20lineata\">Flickr pictures<\/a><\/li><li><a href=\"http:\/\/www.opistobranquis.org\/ca\/guia\/49\">GROC<\/a><\/li><li><a href=\"http:\/\/www.irmng.org\/aphia.php?p=taxlist&#038;tName=Fjordia%20lineata\">Interim Register of Marine and Nonmarine Genera<\/a><\/li><li><a href=\"http:\/\/www.ncbi.nlm.nih.gov\/Taxonomy\/Browser\/wwwtax.cgi?mode=Undef&#038;name=Flabellina%20lineata&#038;lvl=0&#038;srchmode=1\">NCBI GenBank<\/a><\/li><li><a href=\"http:\/\/iobis.org\/mapper\/?taxon=Flabellina%20lineata\">OBIS - Search by Taxon<\/a><\/li><li><a href=\"http:\/\/www.nudibranch.org\/Scottish%20Nudibranchs\/fjordia-lineata.html\">Scottish Nudibranchs<\/a><\/li><li><a href=\"http:\/\/www.seaslugforum.net\/showall\/flabline\">Sea Slug Forum<\/a><\/li><li><a href=\"http:\/\/www.conchsoc.net\/spaccount\/Coryphella-lineata\">The Conchological Society of Great Britain and Ireland<\/a><\/li><li><a href=\"http:\/\/www.marinespecies.org\/aphia.php?p=taxdetails&#038;id=181249\">World Register of Marine Species<\/a><\/li><\/ul><\/ul><\/span><p><strong>Citeu aquest article com: <\/strong><\/p><div style=\"display: block; background: #444444; padding: 10px 30px 10px 10px; border-radius: 5px; line-height: 18px;\"><p class=\"citacio\"><b>Ballesteros, M., Madrenas, E. &#38; Pontes, M.<\/b> (2025) <em>\"Fjordia lineata\"<\/em> a <em>OPK-Opistobranquis<\/em>. Publicat: 17\/05\/2012. Accedit: 04\/09\/2026. Disponible a (<a href=https:\/\/opistobranquis.info\/ca\/?p=603>https:\/\/opistobranquis.info\/ca\/?p=603<\/a>)<\/p><p><\/p><\/div><p><\/p><\/p>","protected":false},"excerpt":{"rendered":"<p>Fjordia lineata (Lov\u00e9n, 1846) Sin\u00f2nims Aeolis argenteolineata Costa A., 1866 Aeolis lineata Lov\u00e9n, 1846 Coryphella lineata (Lov\u00e9n, 1846) Flabellina lineata (Lov\u00e9n, 1846) Descripci\u00f3 Els esp\u00e8cimens mediterranis d&#8217;aquesta esp\u00e8cie generalment mesuren entre 15 i 30 mm de longitud, encara que en el nord d&#8217;Europa s&#8217;ha citat exemplars que arriben als 50 mm de longitud total. El cos \u00e9s blanquin\u00f3s i semitransparent, de manera que \u00e9s possible veure les v\u00edsceres de color\u2026<\/p>\n<p class=\"continue-reading-button\"> <a class=\"continue-reading-link\" href=\"https:\/\/opistobranquis.info\/ca\/guia\/nudibranchia\/cladobranchia\/fionoidea\/fjordia-lineata\/\">Continua llegint<i class=\"crycon-right-dir\"><\/i><\/a><\/p>\n","protected":false},"author":291,"featured_media":4560,"parent":25630,"menu_order":8414,"comment_status":"closed","ping_status":"closed","template":"","meta":{"footnotes":""},"class_list":["post-603","page","type-page","status-publish","has-post-thumbnail","hentry"],"jetpack_sharing_enabled":true,"_links":{"self":[{"href":"https:\/\/opistobranquis.info\/ca\/wp-json\/wp\/v2\/pages\/603","targetHints":{"allow":["GET"]}}],"collection":[{"href":"https:\/\/opistobranquis.info\/ca\/wp-json\/wp\/v2\/pages"}],"about":[{"href":"https:\/\/opistobranquis.info\/ca\/wp-json\/wp\/v2\/types\/page"}],"author":[{"embeddable":true,"href":"https:\/\/opistobranquis.info\/ca\/wp-json\/wp\/v2\/users\/291"}],"replies":[{"embeddable":true,"href":"https:\/\/opistobranquis.info\/ca\/wp-json\/wp\/v2\/comments?post=603"}],"version-history":[{"count":7,"href":"https:\/\/opistobranquis.info\/ca\/wp-json\/wp\/v2\/pages\/603\/revisions"}],"predecessor-version":[{"id":31112,"href":"https:\/\/opistobranquis.info\/ca\/wp-json\/wp\/v2\/pages\/603\/revisions\/31112"}],"up":[{"embeddable":true,"href":"https:\/\/opistobranquis.info\/ca\/wp-json\/wp\/v2\/pages\/25630"}],"wp:featuredmedia":[{"embeddable":true,"href":"https:\/\/opistobranquis.info\/ca\/wp-json\/wp\/v2\/media\/4560"}],"wp:attachment":[{"href":"https:\/\/opistobranquis.info\/ca\/wp-json\/wp\/v2\/media?parent=603"}],"curies":[{"name":"wp","href":"https:\/\/api.w.org\/{rel}","templated":true}]}}